{"id":168749,"date":"2026-09-05T14:02:40","date_gmt":"2026-09-05T14:02:40","guid":{"rendered":"https:\/\/iwell-guard.com\/?page_id=168749"},"modified":"2026-09-05T14:18:27","modified_gmt":"2026-09-05T14:18:27","slug":"nergal","status":"publish","type":"page","link":"https:\/\/iwell-guard.com\/is\/nergal\/","title":{"rendered":"Nergal"},"content":{"rendered":"\t\t<div data-elementor-type=\"wp-page\" data-elementor-id=\"168749\" class=\"elementor elementor-168749 elementor-1962 elementor-bc-flex-widget\" data-elementor-post-type=\"page\">\n\t\t\t\t<div class=\"elementor-element elementor-element-10fdade e-flex e-con-boxed e-con e-parent\" data-id=\"10fdade\" data-element_type=\"container\" data-e-type=\"container\" data-settings=\"{&quot;background_background&quot;:&quot;classic&quot;}\">\n\t\t\t\t\t<div class=\"e-con-inner\">\n\t\t<div class=\"elementor-element elementor-element-herohlft0 e-flex e-con-boxed e-con e-child\" data-id=\"herohlft0\" data-element_type=\"container\" data-e-type=\"container\">\n\t\t\t\t\t<div class=\"e-con-inner\">\n\t\t<div class=\"elementor-element elementor-element-c3ceb64 e-con-full e-flex e-con e-child\" data-id=\"c3ceb64\" data-element_type=\"container\" data-e-type=\"container\">\n\t\t\t\t<div class=\"elementor-element elementor-element-96ae5e1 elementor-widget elementor-widget-heading\" data-id=\"96ae5e1\" data-element_type=\"widget\" data-e-type=\"widget\" data-widget_type=\"heading.default\">\n\t\t\t\t\t<h1 class=\"elementor-heading-title elementor-size-default\">Nergal, gu\u00f0 \u00far hef\u00f0 Mes\u00f3p\u00f3tam\u00edu<\/h1>\t\t\t\t<\/div>\n\t\t\t\t<div class=\"elementor-element elementor-element-e45238a elementor-widget elementor-widget-text-editor\" data-id=\"e45238a\" data-element_type=\"widget\" data-e-type=\"widget\" data-widget_type=\"text-editor.default\">\n\t\t\t\t\t\t\t\t\t<p>Nergal er gu\u00f0 \u00far hef\u00f0 Mes\u00f3p\u00f3tam\u00edu.<\/p><p><strong>Str\u00ed\u00f0sgu\u00f0, pl\u00e1gusendir, samstj\u00f3rnandi undirheimanna.<\/strong> Nergal er hr\u00e6\u00f0ilegur tv\u00edgu\u00f0 Mes\u00f3p\u00f3tam\u00edu, a\u00f0 ofan andlit str\u00ed\u00f0s og fars\u00f3ttar, a\u00f0 ne\u00f0an hi\u00f0 dimma vald yfir Irkalla vi\u00f0 hli\u00f0 Ereshkigal.<\/p><p>Hann byrjar sem s\u00f3larkennd, villt vera, en me\u00f0 hj\u00f3nabandi s\u00ednu vi\u00f0 drottningu undirheimanna ver\u00f0ur hann a\u00f0 \u00f3gnvekjandi en nau\u00f0synlegum hluta af hinni kosm\u00edsku skipan. \u00dear sem Nergal br\u00fdst fram fylgja pl\u00e1ga, str\u00ed\u00f0 og kall hinna dau\u00f0u.<\/p><p>Nergal er sem str\u00ed\u00f0sgu\u00f0 samt\u00edmis undirheimastj\u00f3ri vi\u00f0 hli\u00f0 Ereshkigal. Sem str\u00ed\u00f0sgu\u00f0 og undirheimastj\u00f3ri vi\u00f0 hli\u00f0 Ereshkigal telst Nergal me\u00f0al hinna \u00f3ttalegustu go\u00f0a \u00ed Mes\u00f3p\u00f3tam\u00edu.<\/p>\t\t\t\t\t\t\t\t<\/div>\n\t\t\t\t<\/div>\n\t\t<div class=\"elementor-element elementor-element-klsbdg01 e-con-full e-flex e-con e-parent\" data-id=\"klsbdg01\" data-element_type=\"container\" data-e-type=\"container\">\n\t\t\t\t<div class=\"elementor-element elementor-element-klshtm01 elementor-widget elementor-widget-html\" data-id=\"klshtm01\" data-element_type=\"widget\" data-e-type=\"widget\" data-widget_type=\"html.default\">\n\t\t\t\t\t<div class=\"iwg-pill-row\"><span class=\"iwg-klasse-badge\" tabindex=\"0\" data-tooltip=\"Gu\u00f0 \/ Gy\u00f0ja: Pers\u00f3nuger\u00f0 h\u00e6sta vald \u00ed go\u00f0aheimi menningar, me\u00f0 sk\u00fdrum verksvi\u00f0um, n\u00e1tt\u00faru\u00f6fl, \u00f6rl\u00f6g, str\u00ed\u00f0, frj\u00f3semi. D\u00fdrku\u00f0 me\u00f0 helgisi\u00f0um, f\u00f3rnum og hofastofnunum.\">Gu\u00f0<\/span><a href=\"https:\/\/iwell-guard.com\/is\/?page_id=168583\" class=\"iwg-kultur-badge\" tabindex=\"0\" data-tooltip=\"Vagga skjalfestrar tr\u00faarbrag\u00f0a, S\u00famer, Akkad, Bab\u00fdlon, Ass\u00fdr\u00eda (u.\u00fe.b. 3500 f.Kr. til 330 f.Kr.).\">Mes\u00f3p\u00f3tam\u00eda<\/a><a href=\"https:\/\/iwell-guard.com\/is\/?page_id=168709\" class=\"iwg-tradition-badge\" tabindex=\"0\" data-tooltip=\"Gu\u00f0ir undirheima og dau\u00f0ans, herrar handanheimsins, d\u00f3marar s\u00e1lna, s\u00e1larfylgjur.\">Dau\u00f0agu\u00f0d\u00f3mur<\/a><\/div>\t\t\t\t<\/div>\n\t\t\t\t<\/div>\n\t\t<div class=\"elementor-element elementor-element-3f74855 e-con-full e-flex e-con e-child\" data-id=\"3f74855\" data-element_type=\"container\" data-e-type=\"container\">\n\t\t\t\t<div class=\"elementor-element elementor-element-1c30362 elementor-toc--minimized-on-tablet elementor-widget elementor-widget-table-of-contents\" data-id=\"1c30362\" data-element_type=\"widget\" data-e-type=\"widget\" data-settings=\"{&quot;exclude_headings_by_selector&quot;:[],&quot;no_headings_message&quot;:&quot;Engar undirfyrirsagnir fundust \\u00e1 \\u00feessari s\\u00ed\\u00f0u.&quot;,&quot;headings_by_tags&quot;:[&quot;h2&quot;,&quot;h3&quot;],&quot;marker_view&quot;:&quot;bullets&quot;,&quot;minimize_box&quot;:&quot;yes&quot;,&quot;icon&quot;:{&quot;value&quot;:&quot;fas fa-circle&quot;,&quot;library&quot;:&quot;fa-solid&quot;,&quot;rendered_tag&quot;:&quot;&lt;svg class=\\&quot;e-font-icon-svg e-fas-circle\\&quot; viewBox=\\&quot;0 0 512 512\\&quot; xmlns=\\&quot;http:\\\/\\\/www.w3.org\\\/2000\\\/svg\\&quot;&gt;&lt;path d=\\&quot;M256 8C119 8 8 119 8 256s111 248 248 248 248-111 248-248S393 8 256 8z\\&quot;&gt;&lt;\\\/path&gt;&lt;\\\/svg&gt;&quot;},&quot;minimized_on&quot;:&quot;tablet&quot;,&quot;hierarchical_view&quot;:&quot;yes&quot;,&quot;min_height&quot;:{&quot;unit&quot;:&quot;px&quot;,&quot;size&quot;:&quot;&quot;,&quot;sizes&quot;:[]},&quot;min_height_tablet&quot;:{&quot;unit&quot;:&quot;px&quot;,&quot;size&quot;:&quot;&quot;,&quot;sizes&quot;:[]},&quot;min_height_mobile&quot;:{&quot;unit&quot;:&quot;px&quot;,&quot;size&quot;:&quot;&quot;,&quot;sizes&quot;:[]}}\" data-widget_type=\"table-of-contents.default\">\n\t\t\t\t\t\t\t\t\t<div class=\"elementor-toc__header\">\n\t\t\t\t\t\t<h2 class=\"elementor-toc__header-title\">\n\t\t\t\tEfnisyfirlit\t\t\t<\/h2>\n\t\t\t\t\t\t\t\t\t\t<div class=\"elementor-toc__toggle-button elementor-toc__toggle-button--expand\" role=\"button\" tabindex=\"0\" aria-controls=\"elementor-toc__1c30362\" aria-expanded=\"true\" aria-label=\"Open table of contents\"><svg aria-hidden=\"true\" class=\"e-font-icon-svg e-fas-chevron-down\" viewBox=\"0 0 448 512\" xmlns=\"http:\/\/www.w3.org\/2000\/svg\"><path d=\"M207.029 381.476L12.686 187.132c-9.373-9.373-9.373-24.569 0-33.941l22.667-22.667c9.357-9.357 24.522-9.375 33.901-.04L224 284.505l154.745-154.021c9.379-9.335 24.544-9.317 33.901.04l22.667 22.667c9.373 9.373 9.373 24.569 0 33.941L240.971 381.476c-9.373 9.372-24.569 9.372-33.942 0z\"><\/path><\/svg><\/div>\n\t\t\t\t<div class=\"elementor-toc__toggle-button elementor-toc__toggle-button--collapse\" role=\"button\" tabindex=\"0\" aria-controls=\"elementor-toc__1c30362\" aria-expanded=\"true\" aria-label=\"Close table of contents\"><svg aria-hidden=\"true\" class=\"e-font-icon-svg e-fas-chevron-up\" viewBox=\"0 0 448 512\" xmlns=\"http:\/\/www.w3.org\/2000\/svg\"><path d=\"M240.971 130.524l194.343 194.343c9.373 9.373 9.373 24.569 0 33.941l-22.667 22.667c-9.357 9.357-24.522 9.375-33.901.04L224 227.495 69.255 381.516c-9.379 9.335-24.544 9.317-33.901-.04l-22.667-22.667c-9.373-9.373-9.373-24.569 0-33.941L207.03 130.525c9.372-9.373 24.568-9.373 33.941-.001z\"><\/path><\/svg><\/div>\n\t\t\t\t\t<\/div>\n\t\t\t\t<div id=\"elementor-toc__1c30362\" class=\"elementor-toc__body\">\n\t\t\t<div class=\"elementor-toc__spinner-container\">\n\t\t\t\t<svg class=\"elementor-toc__spinner eicon-animation-spin e-font-icon-svg e-eicon-loading\" aria-hidden=\"true\" viewBox=\"0 0 1000 1000\" xmlns=\"http:\/\/www.w3.org\/2000\/svg\"><path d=\"M500 975V858C696 858 858 696 858 500S696 142 500 142 142 304 142 500H25C25 237 238 25 500 25S975 237 975 500 763 975 500 975Z\"><\/path><\/svg>\t\t\t<\/div>\n\t\t<\/div>\n\t\t\t\t\t\t<\/div>\n\t\t\t\t<\/div>\n\t\t\t\t\t<\/div>\n\t\t\t\t<\/div>\n\t\t<div class=\"elementor-element elementor-element-herorght0 e-con-full e-flex e-con e-child\" data-id=\"herorght0\" data-element_type=\"container\" data-e-type=\"container\">\n\t\t\t\t<div class=\"elementor-element elementor-element-heroimg00 iwg-hero-image elementor-widget elementor-widget-image\" data-id=\"heroimg00\" data-element_type=\"widget\" data-e-type=\"widget\" data-widget_type=\"image.default\">\n\t\t\t\t\t\t\t\t\t\t\t\t\t\t\t<img fetchpriority=\"high\" decoding=\"async\" width=\"683\" height=\"1024\" src=\"https:\/\/iwell-guard.com\/wp-content\/uploads\/2026\/04\/goetter_mesopotamien_nergal-683x1024.webp\" class=\"attachment-large size-large wp-image-170966\" alt=\"Nergal - Gu\u00f0 \u00far mes\u00f3p\u00f3tam\u00edskri hef\u00f0, s\u00f6gulega myndr\u00e6nt\" srcset=\"https:\/\/iwell-guard.com\/wp-content\/uploads\/2026\/04\/goetter_mesopotamien_nergal-683x1024.webp 683w, https:\/\/iwell-guard.com\/wp-content\/uploads\/2026\/04\/goetter_mesopotamien_nergal-200x300.webp 200w, https:\/\/iwell-guard.com\/wp-content\/uploads\/2026\/04\/goetter_mesopotamien_nergal-768x1152.webp 768w, https:\/\/iwell-guard.com\/wp-content\/uploads\/2026\/04\/goetter_mesopotamien_nergal.webp 1024w\" sizes=\"(max-width: 683px) 100vw, 683px\" \/>\t\t\t\t\t\t\t\t\t\t\t\t\t\t\t<\/div>\n\t\t\t\t<\/div>\n\t\t\t\t\t<\/div>\n\t\t\t\t<\/div>\n\t\t<div class=\"elementor-element elementor-element-32917199 e-flex e-con-boxed e-con e-parent\" data-id=\"32917199\" data-element_type=\"container\" data-e-type=\"container\">\n\t\t\t\t\t<div class=\"e-con-inner\">\n\t\t<div class=\"elementor-element elementor-element-26e916cb e-flex e-con-boxed e-con e-child\" data-id=\"26e916cb\" data-element_type=\"container\" data-e-type=\"container\">\n\t\t\t\t\t<div class=\"e-con-inner\">\n\t\t<div class=\"elementor-element elementor-element-253a40d4 e-flex e-con-boxed e-con e-child\" data-id=\"253a40d4\" data-element_type=\"container\" data-e-type=\"container\">\n\t\t\t\t\t<div class=\"e-con-inner\">\n\t\t\t\t<div class=\"elementor-element elementor-element-1200c304 elementor-widget elementor-widget-heading\" data-id=\"1200c304\" data-element_type=\"widget\" data-e-type=\"widget\" data-widget_type=\"heading.default\">\n\t\t\t\t\t<h2 class=\"elementor-heading-title elementor-size-default\">Nergal<\/h2>\t\t\t\t<\/div>\n\t\t\t\t\t<\/div>\n\t\t\t\t<\/div>\n\t\t<div class=\"elementor-element elementor-element-159dcf9a e-flex e-con-boxed e-con e-child\" data-id=\"159dcf9a\" data-element_type=\"container\" data-e-type=\"container\">\n\t\t\t\t\t<div class=\"e-con-inner\">\n\t\t\t\t<div class=\"elementor-element elementor-element-48cee66f elementor-widget elementor-widget-heading\" data-id=\"48cee66f\" data-element_type=\"widget\" data-e-type=\"widget\" data-widget_type=\"heading.default\">\n\t\t\t\t\t<h2 class=\"elementor-heading-title elementor-size-default\">Skj\u00f3tt yfirlit: Nergal<\/h2>\t\t\t\t<\/div>\n\t\t\t\t<div class=\"elementor-element elementor-element-3f50d82c elementor-widget elementor-widget-text-editor\" data-id=\"3f50d82c\" data-element_type=\"widget\" data-e-type=\"widget\" data-widget_type=\"text-editor.default\">\n\t\t\t\t\t\t\t\t\t<p><strong>Tegund:<\/strong> A\u00f0al mes\u00f3p\u00f3tam\u00edskur gu\u00f0d\u00f3mur, pl\u00e1gu-, str\u00ed\u00f0s- og undirheimagu\u00f0<br><span class=\"iwg-fachbegriff\" data-tooltip=\"Heild gu\u00f0a tr\u00faarbrag\u00f0a e\u00f0a menningar.\" tabindex=\"0\">Go\u00f0aheimur<\/span>: S\u00famer, Akkad, Bab\u00fdlon (til sta\u00f0ar samfellt)<br>Hlutverk: Pl\u00e1ga og sj\u00fakd\u00f3mar, str\u00ed\u00f0, undirheimastj\u00f3rn (eiginma\u00f0ur Ereshkigal)<br>A\u00f0alt\u00e1kn: Lj\u00f3nsh\u00f6fu\u00f0kylfa, tv\u00f6falt sver\u00f0, sj\u00f6 pl\u00e1gudem\u00f3nar sem fylgdarli\u00f0<br>A\u00f0al helgista\u00f0ir: Kuthu (a\u00f0al helgista\u00f0ur), Bab\u00fdlon, Ur<br>Stjarnfr\u00e6\u00f0ileg tenging: Mars (Salbatanu)<\/p>\t\t\t\t\t\t\t\t<\/div>\n\t\t\t\t\t<\/div>\n\t\t\t\t<\/div>\n\t\t\t\t\t<\/div>\n\t\t\t\t<\/div>\n\t\t\t\t\t<\/div>\n\t\t\t\t<\/div>\n\t\t<div class=\"elementor-element elementor-element-18613602 e-flex e-con-boxed e-con e-parent\" data-id=\"18613602\" data-element_type=\"container\" data-e-type=\"container\">\n\t\t\t\t\t<div class=\"e-con-inner\">\n\t\t\t\t<div class=\"elementor-element elementor-element-262b8a9f elementor-widget elementor-widget-heading\" data-id=\"262b8a9f\" data-element_type=\"widget\" data-e-type=\"widget\" data-widget_type=\"heading.default\">\n\t\t\t\t\t<h2 class=\"elementor-heading-title elementor-size-default\">Samhengi<\/h2>\t\t\t\t<\/div>\n\t\t<div class=\"elementor-element elementor-element-46dcb7d e-con-full e-flex e-con e-child\" data-id=\"46dcb7d\" data-element_type=\"container\" data-e-type=\"container\">\n\t\t<div class=\"elementor-element elementor-element-61d3ab3 e-flex e-con-boxed e-con e-child\" data-id=\"61d3ab3\" data-element_type=\"container\" data-e-type=\"container\">\n\t\t\t\t\t<div class=\"e-con-inner\">\n\t\t\t\t<div class=\"elementor-element elementor-element-117c166 elementor-widget elementor-widget-heading\" data-id=\"117c166\" data-element_type=\"widget\" data-e-type=\"widget\" data-widget_type=\"heading.default\">\n\t\t\t\t\t<h3 class=\"elementor-heading-title elementor-size-default\">T\u00edmabil textanna<\/h3>\t\t\t\t<\/div>\n\t\t\t\t<div class=\"elementor-element elementor-element-73997a0 elementor-widget elementor-widget-text-editor\" data-id=\"73997a0\" data-element_type=\"widget\" data-e-type=\"widget\" data-widget_type=\"text-editor.default\">\n\t\t\t\t\t\t\t\t\t<p>Nergal er skjalfestur allt fr\u00e1 fornakkad\u00edskum t\u00edma (3. \u00e1r\u00fe\u00fasund f.Kr.). Meginsaga hans, <span class=\"iwg-fachbegriff\" data-tooltip=\"Hef\u00f0bundin fr\u00e1s\u00f6gn um gu\u00f0i, uppruna og skipan heimsins.\" tabindex=\"0\">go\u00f0saga<\/span>, hj\u00f3naband hans vi\u00f0 undirheimadrottninguna <em>Ereshkigal<\/em>, er s\u00f6g\u00f0 \u00ed <em>Nergal og Ereshkigal<\/em>-kvi\u00f0unni (mi\u00f0ass\u00fdrsk ger\u00f0, um 14. \u00f6ld f.Kr.). \u00c1 fornbab\u00fdlonska t\u00edmanum er hann \u00fatf\u00e6r\u00f0ur frekar me\u00f0 str\u00ed\u00f0s\u00fe\u00e1ttum; \u00ed n\u00fdbab\u00fdlonska r\u00edkinu er hann einnig verndari konungd\u00e6misins.<\/p>\t\t\t\t\t\t\t\t<\/div>\n\t\t\t\t\t<\/div>\n\t\t\t\t<\/div>\n\t\t<div class=\"elementor-element elementor-element-d47b156 e-flex e-con-boxed e-con e-child\" data-id=\"d47b156\" data-element_type=\"container\" data-e-type=\"container\">\n\t\t\t\t\t<div class=\"e-con-inner\">\n\t\t\t\t<div class=\"elementor-element elementor-element-ff38c2b elementor-widget elementor-widget-heading\" data-id=\"ff38c2b\" data-element_type=\"widget\" data-e-type=\"widget\" data-widget_type=\"heading.default\">\n\t\t\t\t\t<h3 class=\"elementor-heading-title elementor-size-default\">\u00datbrei\u00f0slusv\u00e6\u00f0i<\/h3>\t\t\t\t<\/div>\n\t\t\t\t<div class=\"elementor-element elementor-element-4e49fcc elementor-widget elementor-widget-text-editor\" data-id=\"4e49fcc\" data-element_type=\"widget\" data-e-type=\"widget\" data-widget_type=\"text-editor.default\">\n\t\t\t\t\t\t\t\t\t<p>A\u00f0al helgista\u00f0ur var <strong>Kuthu<\/strong> (n\u00fa Tell Ibrahim, nor\u00f0ur af Bab\u00fdlon), &bdquo;borg Nergals&ldquo;, inngangur a\u00f0 undirheimum samkv\u00e6mt bab\u00fdlonskri tr\u00fa. Auk \u00feess Bab\u00fdlon (<span class=\"iwg-fachbegriff\" data-tooltip=\"Bygging sem er tileinku\u00f0 d\u00fdrkun einnar e\u00f0a fleiri gu\u00f0d\u00f3ma.\" tabindex=\"0\">hof<\/span> \u00ed Esagila-samst\u00e6\u00f0unni), Ur, S\u00fasa (elam\u00edsk), Mari. \u00cd bibl\u00edulegri hef\u00f0 er hann nefndur <em>Nergal<\/em> (2. Konungab\u00f3k 17,30), \u00ed lista gu\u00f0a sem ass\u00fdrskir landfl\u00f3ttamenn fluttu me\u00f0 s\u00e9r til Samar\u00edu.<\/p>\t\t\t\t\t\t\t\t<\/div>\n\t\t\t\t\t<\/div>\n\t\t\t\t<\/div>\n\t\t\t\t<\/div>\n\t\t<div class=\"elementor-element elementor-element-db03c39 e-con-full e-flex e-con e-child\" data-id=\"db03c39\" data-element_type=\"container\" data-e-type=\"container\">\n\t\t<div class=\"elementor-element elementor-element-229a87b e-flex e-con-boxed e-con e-child\" data-id=\"229a87b\" data-element_type=\"container\" data-e-type=\"container\">\n\t\t\t\t\t<div class=\"e-con-inner\">\n\t\t\t\t<div class=\"elementor-element elementor-element-1f471fc elementor-widget elementor-widget-heading\" data-id=\"1f471fc\" data-element_type=\"widget\" data-e-type=\"widget\" data-widget_type=\"heading.default\">\n\t\t\t\t\t<h3 class=\"elementor-heading-title elementor-size-default\">Heimildasta\u00f0a<\/h3>\t\t\t\t<\/div>\n\t\t\t\t<div class=\"elementor-element elementor-element-36b1201 elementor-widget elementor-widget-text-editor\" data-id=\"36b1201\" data-element_type=\"widget\" data-e-type=\"widget\" data-widget_type=\"text-editor.default\">\n\t\t\t\t\t\t\t\t\t<p>Meginheimildir: <em>Nergal og Ereshkigal<\/em>-kvi\u00f0an (mi\u00f0ass\u00fdrsk og s\u00ed\u00f0bab\u00fdlonsk ger\u00f0), <em>Erra-kvi\u00f0an<\/em> (Nergal sem Erra\/pl\u00e1gusendir), \u00fdmsir galdratextar (<em>Maqlu<\/em>, <em>Shurpu<\/em>), \u00e1letranir fr\u00e1 Kuthu og Bab\u00fdlon. Fr\u00e6\u00f0irit: Lambert, <em>Babylonian Wisdom Literature<\/em>; Cagni, <em>L&#8217;epopea di Erra<\/em> (sta\u00f0al\u00fatg\u00e1fa); Bott\u00e9ro, <em>La plus vieille religion<\/em>.<\/p>\t\t\t\t\t\t\t\t<\/div>\n\t\t\t\t\t<\/div>\n\t\t\t\t<\/div>\n\t\t\t\t<\/div>\n\t\t\t\t\t<\/div>\n\t\t\t\t<\/div>\n\t\t<div class=\"elementor-element elementor-element-3ae0637c e-flex e-con-boxed e-con e-parent\" data-id=\"3ae0637c\" data-element_type=\"container\" data-e-type=\"container\">\n\t\t\t\t\t<div class=\"e-con-inner\">\n\t\t\t\t<div class=\"elementor-element elementor-element-31d07739 elementor-widget elementor-widget-heading\" data-id=\"31d07739\" data-element_type=\"widget\" data-e-type=\"widget\" data-widget_type=\"heading.default\">\n\t\t\t\t\t<h2 class=\"elementor-heading-title elementor-size-default\">Nafn og afbrig\u00f0i<\/h2>\t\t\t\t<\/div>\n\t\t<div class=\"elementor-element elementor-element-b7642947 e-con-full e-flex e-con e-child\" data-id=\"b7642947\" data-element_type=\"container\" data-e-type=\"container\">\n\t\t\t\t<div class=\"elementor-element elementor-element-a086266 elementor-widget elementor-widget-text-editor\" data-id=\"a086266\" data-element_type=\"widget\" data-e-type=\"widget\" data-widget_type=\"text-editor.default\">\n\t\t\t\t\t\t\t\t\t<p>Nergal er s\u00fdndur \u00ed tveimur myndum: a\u00f0 ofan sem v\u00f6\u00f0vast\u00e6ltur, skeggja\u00f0ur str\u00ed\u00f0sma\u00f0ur me\u00f0 hj\u00e1lm, spj\u00f3t og vopn, umkringdur eldi e\u00f0a pl\u00e1gut\u00e1knum. A\u00f0 ne\u00f0an, \u00ed Irkalla, sitjur hann \u00ed drungalegu h\u00e1s\u00e6ti vi\u00f0 hli\u00f0 Ereshkigal.<\/p><p>Skjaldard\u00fdr hans er lj\u00f3ni\u00f0 e\u00f0a blendings-dj\u00f6fulleg vera. Litur hans er rau\u00f0ur, litur str\u00ed\u00f0s og sj\u00fakd\u00f3ma. <em>Namtar<\/em> (pl\u00e1gu-<span class=\"iwg-fachbegriff\" data-tooltip=\"Andleg vera sem eignu\u00f0 er ska\u00f0leg e\u00f0a tv\u00edbent \u00e1hrif.\" tabindex=\"0\">dem\u00f3n<\/span>) fylgir honum, eins og fars\u00f3ttarandar sem merkja lei\u00f0 hans.<\/p>\t\t\t\t\t\t\t\t<\/div>\n\t\t\t\t<\/div>\n\t\t\t\t\t<\/div>\n\t\t\t\t<\/div>\n\t\t<div class=\"elementor-element elementor-element-709a44a8 e-flex e-con-boxed e-con e-parent\" data-id=\"709a44a8\" data-element_type=\"container\" data-e-type=\"container\">\n\t\t\t\t\t<div class=\"e-con-inner\">\n\t\t\t\t<div class=\"elementor-element elementor-element-2f585873 elementor-widget elementor-widget-heading\" data-id=\"2f585873\" data-element_type=\"widget\" data-e-type=\"widget\" data-widget_type=\"heading.default\">\n\t\t\t\t\t<h2 class=\"elementor-heading-title elementor-size-default\">Einkenni<\/h2>\t\t\t\t<\/div>\n\t\t<div class=\"elementor-element elementor-element-70621c12 e-con-full e-flex e-con e-child\" data-id=\"70621c12\" data-element_type=\"container\" data-e-type=\"container\">\n\t\t\t\t<div class=\"elementor-element elementor-element-4296eb49 elementor-widget elementor-widget-text-editor\" data-id=\"4296eb49\" data-element_type=\"widget\" data-e-type=\"widget\" data-widget_type=\"text-editor.default\">\n\t\t\t\t\t\t\t\t\t<p>Nergal st\u00fdrir jafnv\u00e6ginu milli l\u00edfs og dau\u00f0a me\u00f0 str\u00ed\u00f0i og fars\u00f3tt. \u00cd sj\u00fakd\u00f3mstilfellum var hann \u00e1kalla\u00f0ur, ekki til l\u00e6kninga, heldur til a\u00f0 bl\u00ed\u00f0ka hann \u00feannig a\u00f0 hann t\u00e6ki pl\u00e1gu til baka. \u00cd str\u00ed\u00f0i b\u00e1\u00f0u str\u00ed\u00f0smenn hann um sigurkraft, en \u00f3ttu\u00f0ust jafnframt \u00f3\u00fatreiknanleik hans.<\/p><p>Meginh\u00e1t\u00ed\u00f0 hans var \u00ed Kutha, \u00fear sem prestar f\u00e6r\u00f0u <span class=\"iwg-fachbegriff\" data-tooltip=\"Gj\u00f6f til gu\u00f0d\u00f3ms til a\u00f0 tj\u00e1 \u00feakkl\u00e6ti, b\u00f3n e\u00f0a d\u00fdrkun.\" tabindex=\"0\">f\u00f3rnir<\/span> til a\u00f0 milda rei\u00f0i hans. Me\u00f0 hj\u00f3nabandi s\u00ednu vi\u00f0 Ereshkigal ver\u00f0ur Nergal einnig tryggjandi skipulags \u00ed undirheimunum, hann er ekki einungis ey\u00f0andi, heldur nau\u00f0synlegt afl \u00ed kosm\u00edskri ger\u00f0.<\/p><h3>\u00c1s\u00fdnd og t\u00e1knm\u00e1l<\/h3><p><em>Nergal<\/em> er s\u00fdndur sem v\u00f6\u00f0vast\u00e6ltur ma\u00f0ur me\u00f0 lj\u00f3nsmakka e\u00f0a lj\u00f3nsandlit, oft umkringdur eldi. H\u00fa\u00f0 hans getur veri\u00f0 rau\u00f0 e\u00f0a d\u00f6kkbr\u00fan, og hann ber vopn, sver\u00f0, \u00f6xi e\u00f0a boga, sem s\u00fdna str\u00ed\u00f0se\u00f0li hans.<\/p><p>Slanga vindur sig oft um l\u00edkama hans e\u00f0a handlegg. H\u00f6fu\u00f0 hans getur veri\u00f0 tv\u00edandlitt, me\u00f0 eitt andlit til yfirbor\u00f0sins (str\u00ed\u00f0sgu\u00f0) og anna\u00f0 til undirheimanna (undirheimakonungur). Lj\u00f3ni\u00f0 og spor\u00f0drekinn eru helgid\u00fdr hans. Eldur og bl\u00f3\u00f0 eru t\u00e1knlitir hans.<\/p>\t\t\t\t\t\t\t\t<\/div>\n\t\t\t\t<\/div>\n\t\t\t\t\t<\/div>\n\t\t\t\t<\/div>\n\t\t<div class=\"elementor-element elementor-element-44e71476 e-flex e-con-boxed e-con e-parent\" data-id=\"44e71476\" data-element_type=\"container\" data-e-type=\"container\">\n\t\t\t\t\t<div class=\"e-con-inner\">\n\t\t\t\t<div class=\"elementor-element elementor-element-3c1fc3f0 elementor-widget elementor-widget-heading\" data-id=\"3c1fc3f0\" data-element_type=\"widget\" data-e-type=\"widget\" data-widget_type=\"heading.default\">\n\t\t\t\t\t<h2 class=\"elementor-heading-title elementor-size-default\">Kynningarbla\u00f0: Nergal<\/h2>\t\t\t\t<\/div>\n\t\t<div class=\"elementor-element elementor-element-84f33b8e e-con-full e-flex e-con e-child\" data-id=\"84f33b8e\" data-element_type=\"container\" data-e-type=\"container\">\n\t\t\t\t<div class=\"elementor-element elementor-element-hqkdc67p elementor-widget elementor-widget-text-editor\" data-id=\"hqkdc67p\" data-element_type=\"widget\" data-e-type=\"widget\" data-widget_type=\"text-editor.default\">\n\t\t\t\t\t\t\t\t\t<p>Mikilv\u00e6gustu \u00fe\u00e6ttir Nergals \u00ed hnotskurn. Eftirfarandi svi\u00f0 draga saman uppruna, hlutverk, \u00e1s\u00fdnd, d\u00fdrkun, t\u00e1kn og hli\u00f0st\u00e6\u00f0ur.<\/p>\t\t\t\t\t\t\t\t<\/div>\n\t\t\t\t<\/div>\n\t\t<div class=\"elementor-element elementor-element-pemmx7c5 e-con-full e-flex e-con e-child\" data-id=\"pemmx7c5\" data-element_type=\"container\" data-e-type=\"container\">\n\t\t<div class=\"elementor-element elementor-element-pemmx7c1 e-con-full e-flex e-con e-child\" data-id=\"pemmx7c1\" data-element_type=\"container\" data-e-type=\"container\">\n\t\t<div class=\"elementor-element elementor-element-qh9oavvu iwg-steckbrief-card e-flex e-con-boxed e-con e-child\" data-id=\"qh9oavvu\" data-element_type=\"container\" data-e-type=\"container\">\n\t\t\t\t\t<div class=\"e-con-inner\">\n\t\t\t\t<div class=\"elementor-element elementor-element-awzx8k2k elementor-widget elementor-widget-heading\" data-id=\"awzx8k2k\" data-element_type=\"widget\" data-e-type=\"widget\" data-widget_type=\"heading.default\">\n\t\t\t\t\t<div class=\"elementor-heading-title elementor-size-default\">Menningarsamhengi<\/div>\t\t\t\t<\/div>\n\t\t\t\t<div class=\"elementor-element elementor-element-x6rowhv0 elementor-widget elementor-widget-text-editor\" data-id=\"x6rowhv0\" data-element_type=\"widget\" data-e-type=\"widget\" data-widget_type=\"text-editor.default\">\n\t\t\t\t\t\t\t\t\t<p>Nergal er sonur Enlils og Ninlil, br\u00f3\u00f0ir Ninurta. \u00cd megins\u00f6gunni, <span class=\"iwg-fachbegriff\" data-tooltip=\"Hef\u00f0bundin fr\u00e1s\u00f6gn um gu\u00f0i, uppruna og skipan heimsins.\" tabindex=\"0\">go\u00f0s\u00f6gunni<\/span>, <em>Nergal og Ereshkigal<\/em>, fer\u00f0ast hann til undirheimanna; eftir margar \u00e1t\u00f6k og s\u00e1ttami\u00f0lanir ver\u00f0ur hann eiginma\u00f0ur undirheimadrottningarinnar og deilir me\u00f0 henni v\u00f6ldunum, en a\u00f0eins h\u00e1lft \u00e1ri\u00f0 (\u00e1rst\u00ed\u00f0abundinn \u00fe\u00e1ttur: \u00e1 me\u00f0an sumarhitinn r\u00edkir, \u00feegar pl\u00e1gan geisar).<\/p><p>\u00cd <em>Erra<\/em>-kvi\u00f0unni bregst hann vi\u00f0 af eigin frumkv\u00e6\u00f0i sem \u00f3heft pl\u00e1gum\u00f6gn.<\/p>\t\t\t\t\t\t\t\t<\/div>\n\t\t\t\t\t<\/div>\n\t\t\t\t<\/div>\n\t\t<div class=\"elementor-element elementor-element-8e3o4kxs iwg-steckbrief-card e-flex e-con-boxed e-con e-child\" data-id=\"8e3o4kxs\" data-element_type=\"container\" data-e-type=\"container\">\n\t\t\t\t\t<div class=\"e-con-inner\">\n\t\t\t\t<div class=\"elementor-element elementor-element-08rkdgov elementor-widget elementor-widget-heading\" data-id=\"08rkdgov\" data-element_type=\"widget\" data-e-type=\"widget\" data-widget_type=\"heading.default\">\n\t\t\t\t\t<div class=\"elementor-heading-title elementor-size-default\">Markh\u00f3pur Nergals<\/div>\t\t\t\t<\/div>\n\t\t\t\t<div class=\"elementor-element elementor-element-uwjelx8s elementor-widget elementor-widget-text-editor\" data-id=\"uwjelx8s\" data-element_type=\"widget\" data-e-type=\"widget\" data-widget_type=\"text-editor.default\">\n\t\t\t\t\t\t\t\t\t<p>Pl\u00e1gusendir og pl\u00e1guvarnargu\u00f0 (tv\u00f6falt hlutverk eins og Apollon og Sekhmet). Verndari sumarhita-hitas\u00f3ttar (akkad\u00edska <em>idisha<\/em>). Gu\u00f0 str\u00ed\u00f0s og bardaga. Sem Mars-tenging einnig stjarnfr\u00e6\u00f0ilega mikilv\u00e6gur, stjarna hans (Mars) er \u00ed bab\u00fdlonskum fyrirbo\u00f0atextum t\u00falku\u00f0 sem \u00f3g\u00e6fuvaldandi. Verndargu\u00f0 konungd\u00e6misins \u00ed bab\u00fdlonsk-ass\u00fdrskri hef\u00f0.<\/p>\t\t\t\t\t\t\t\t<\/div>\n\t\t\t\t\t<\/div>\n\t\t\t\t<\/div>\n\t\t<div class=\"elementor-element elementor-element-jm2n74ec iwg-steckbrief-card e-flex e-con-boxed e-con e-child\" data-id=\"jm2n74ec\" data-element_type=\"container\" data-e-type=\"container\">\n\t\t\t\t\t<div class=\"e-con-inner\">\n\t\t\t\t<div class=\"elementor-element elementor-element-8vufse4c elementor-widget elementor-widget-heading\" data-id=\"8vufse4c\" data-element_type=\"widget\" data-e-type=\"widget\" data-widget_type=\"heading.default\">\n\t\t\t\t\t<div class=\"elementor-heading-title elementor-size-default\">Form<\/div>\t\t\t\t<\/div>\n\t\t\t\t<div class=\"elementor-element elementor-element-mwb9u015 elementor-widget elementor-widget-text-editor\" data-id=\"mwb9u015\" data-element_type=\"widget\" data-e-type=\"widget\" data-widget_type=\"text-editor.default\">\n\t\t\t\t\t\t\t\t\t<p>Mannger\u00f0ur sem str\u00ed\u00f0sma\u00f0ur me\u00f0 h\u00e1a kr\u00fanu-h\u00f6fu\u00f0fat og langan skikkjukl\u00e6\u00f0na\u00f0. Einkennandi: <em>lj\u00f3nsh\u00f6fu\u00f0kylfa<\/em> og tv\u00f6falt sver\u00f0. Oft \u00ed fylgd <em>Sebitti<\/em>, sj\u00f6 pl\u00e1gudem\u00f3na. \u00c1 sumum innsiglum \u00ed lj\u00f3nsformi e\u00f0a sem manns-lj\u00f3ns-<span class=\"iwg-fachbegriff\" data-tooltip=\"Vera sem sameinar einkenni \u00fdmissa l\u00edfvera.\" tabindex=\"0\">samsett vera<\/span>. H\u00fa\u00f0litur rau\u00f0ur e\u00f0a d\u00f6kkrau\u00f0ur (pl\u00e1gu-hiti, Mars-stjarna). \u00c1 n\u00fdbab\u00fdlonskum t\u00edma einnig s\u00fdndur me\u00f0 nautavagni.<\/p>\t\t\t\t\t\t\t\t<\/div>\n\t\t\t\t\t<\/div>\n\t\t\t\t<\/div>\n\t\t\t\t<\/div>\n\t\t<div class=\"elementor-element elementor-element-pemmx7c2 e-con-full e-flex e-con e-child\" data-id=\"pemmx7c2\" data-element_type=\"container\" data-e-type=\"container\">\n\t\t<div class=\"elementor-element elementor-element-37ss2yr6 iwg-steckbrief-card e-flex e-con-boxed e-con e-child\" data-id=\"37ss2yr6\" data-element_type=\"container\" data-e-type=\"container\">\n\t\t\t\t\t<div class=\"e-con-inner\">\n\t\t\t\t<div class=\"elementor-element elementor-element-3v0wp3wx elementor-widget elementor-widget-heading\" data-id=\"3v0wp3wx\" data-element_type=\"widget\" data-e-type=\"widget\" data-widget_type=\"heading.default\">\n\t\t\t\t\t<div class=\"elementor-heading-title elementor-size-default\">Hlutverk<\/div>\t\t\t\t<\/div>\n\t\t\t\t<div class=\"elementor-element elementor-element-w3247g2m elementor-widget elementor-widget-text-editor\" data-id=\"w3247g2m\" data-element_type=\"widget\" data-e-type=\"widget\" data-widget_type=\"text-editor.default\">\n\t\t\t\t\t\t\t\t\t<p><strong>Verkunarsvi\u00f0:<\/strong> Nergal var \u00e1kalla\u00f0ur \u00e1 pl\u00e1gut\u00edmum og fyrir orrustur, sumarh\u00e1t\u00ed\u00f0 hans f\u00e9ll saman vi\u00f0 \u00e1rlegu pl\u00e1gut\u00edmabili\u00f0. Konungar reistu minnisvar\u00f0a fyrir orrustur. \u00cd s\u00e6ringarath\u00f6fnum var hann b\u00e6\u00f0i \u00e1kalla\u00f0ur og hr\u00e6ddur (tv\u00f6falt hlutverk). Kuthu var p\u00edlagr\u00edmasta\u00f0ur fyrir dau\u00f0a- og l\u00e6kningarathafnir. \u00cd pers\u00f3nulegri <span class=\"iwg-fachbegriff\" data-tooltip=\"Heildarsafn tr\u00faarlegra tilbei\u00f0sluathafna fyrir gu\u00f0 e\u00f0a heilaga veru.\" tabindex=\"0\">tilbei\u00f0slu<\/span> einnig vernd gegn gl\u00e6pam\u00f6nnum og r\u00e6ningjum.<\/p>\t\t\t\t\t\t\t\t<\/div>\n\t\t\t\t\t<\/div>\n\t\t\t\t<\/div>\n\t\t<div class=\"elementor-element elementor-element-0qpjal9w iwg-steckbrief-card e-flex e-con-boxed e-con e-child\" data-id=\"0qpjal9w\" data-element_type=\"container\" data-e-type=\"container\">\n\t\t\t\t\t<div class=\"e-con-inner\">\n\t\t\t\t<div class=\"elementor-element elementor-element-6ndoih0o elementor-widget elementor-widget-heading\" data-id=\"6ndoih0o\" data-element_type=\"widget\" data-e-type=\"widget\" data-widget_type=\"heading.default\">\n\t\t\t\t\t<div class=\"elementor-heading-title elementor-size-default\">Verndargripir<\/div>\t\t\t\t<\/div>\n\t\t\t\t<div class=\"elementor-element elementor-element-6684tyh9 elementor-widget elementor-widget-text-editor\" data-id=\"6684tyh9\" data-element_type=\"widget\" data-e-type=\"widget\" data-widget_type=\"text-editor.default\">\n\t\t\t\t\t\t\t\t\t<p>Lj\u00f3nsh\u00f6fu\u00f0kylfa, tv\u00f6falt sver\u00f0, h\u00e1tt k\u00f3r\u00f3nu, sj\u00f6 fylgidem\u00f3nar (Sebitti), lj\u00f3ns-<span class=\"iwg-fachbegriff\" data-tooltip=\"Vera sem sameinar einkenni \u00fdmissa l\u00edfvera.\" tabindex=\"0\">samsett vera<\/span>, rau\u00f0 stjarna (Mars), mi\u00f0sumarshiti. Pl\u00f6ntur: beiskur mel\u00f3na, krist\u00feyrnispl\u00f6ntur. Heil\u00f6g tala: 7 (Sebitti).<\/p>\t\t\t\t\t\t\t\t<\/div>\n\t\t\t\t\t<\/div>\n\t\t\t\t<\/div>\n\t\t<div class=\"elementor-element elementor-element-3lfi7x32 iwg-steckbrief-card e-flex e-con-boxed e-con e-child\" data-id=\"3lfi7x32\" data-element_type=\"container\" data-e-type=\"container\">\n\t\t\t\t\t<div class=\"e-con-inner\">\n\t\t\t\t<div class=\"elementor-element elementor-element-0kg99ga1 elementor-widget elementor-widget-heading\" data-id=\"0kg99ga1\" data-element_type=\"widget\" data-e-type=\"widget\" data-widget_type=\"heading.default\">\n\t\t\t\t\t<div class=\"elementor-heading-title elementor-size-default\">Hli\u00f0st\u00e6\u00f0ur Nergals<\/div>\t\t\t\t<\/div>\n\t\t\t\t<div class=\"elementor-element elementor-element-n0fum6kp elementor-widget elementor-widget-text-editor\" data-id=\"n0fum6kp\" data-element_type=\"widget\" data-e-type=\"widget\" data-widget_type=\"text-editor.default\">\n\t\t\t\t\t\t\t\t\t<p><em>Erra<\/em> (akkad\u00edsk, s\u00f6mu pl\u00e1gubera-\u00fe\u00e6ttir, eigi\u00f0 kv\u00e6\u00f0i), <em>Resheph<\/em> (F\u00f6nik\u00eda\/Ugarit, pl\u00e1ga og str\u00ed\u00f0), <em>Apollon<\/em> (Grikkland, tv\u00f6faldur pl\u00e1gubera- og l\u00e6knis\u00fe\u00e1ttur), <em>Mars<\/em> (R\u00f3m, stjarnfr\u00e6\u00f0ilega og herna\u00f0arlega tengdur), <em>Sekmet<\/em> (Egyptaland, pl\u00e1gubera og l\u00e6knir), <em>Indra<\/em> (hind\u00faasi\u00f0ur, str\u00ed\u00f0 og heimsorrusta), <em>T\u00fdr<\/em> (germanskur, str\u00ed\u00f0sgu\u00f0).<\/p>\t\t\t\t\t\t\t\t<\/div>\n\t\t\t\t\t<\/div>\n\t\t\t\t<\/div>\n\t\t\t\t<\/div>\n\t\t\t\t<\/div>\n\t\t\t\t\t<\/div>\n\t\t\t\t<\/div>\n\t\t<div class=\"elementor-element elementor-element-7533bc7a e-flex e-con-boxed e-con e-parent\" data-id=\"7533bc7a\" data-element_type=\"container\" data-e-type=\"container\">\n\t\t\t\t\t<div class=\"e-con-inner\">\n\t\t\t\t<div class=\"elementor-element elementor-element-2447d18d elementor-widget elementor-widget-heading\" data-id=\"2447d18d\" data-element_type=\"widget\" data-e-type=\"widget\" data-widget_type=\"heading.default\">\n\t\t\t\t\t<h2 class=\"elementor-heading-title elementor-size-default\">Verndarr\u00e1\u00f0 \u00ed framkv\u00e6md<\/h2>\t\t\t\t<\/div>\n\t\t<div class=\"elementor-element elementor-element-d5d0260c e-con-full e-flex e-con e-child\" data-id=\"d5d0260c\" data-element_type=\"container\" data-e-type=\"container\">\n\t\t\t\t<div class=\"elementor-element elementor-element-341be2ac elementor-widget elementor-widget-text-editor\" data-id=\"341be2ac\" data-element_type=\"widget\" data-e-type=\"widget\" data-widget_type=\"text-editor.default\">\n\t\t\t\t\t\t\t\t\t<div><h3>F\u00e6landi athafnir gegn Nergal<\/h3><p>Ey\u00f0ingarm\u00e1ttur Nergals (pl\u00e1ga, mannfall \u00ed str\u00ed\u00f0i, d\u00f3mur undirheima) var \u00ed mes\u00f3p\u00f3tam\u00edskri <span class=\"iwg-fachbegriff\" data-tooltip=\"Heildarsafn tr\u00faarlegra tilbei\u00f0sluathafna fyrir gu\u00f0 e\u00f0a heilaga veru.\" tabindex=\"0\">tilbei\u00f0slu<\/span> haldinn \u00ed skefjum, s\u00e9rstaklega \u00ed <span class=\"iwg-fachbegriff\" data-tooltip=\"Bygging sem er \u00e6tlu\u00f0 til tilbei\u00f0slu einum e\u00f0a fleiri gu\u00f0um.\" tabindex=\"0\">hofinu<\/span> E-meslam \u00ed Kuthu, me\u00f0 reglulegum m\u00e1na\u00f0arlegum <span class=\"iwg-fachbegriff\" data-tooltip=\"Gj\u00f6f til gu\u00f0s til a\u00f0 tj\u00e1 \u00feakkl\u00e6ti, b\u00f3n e\u00f0a tilbei\u00f0slu.\" tabindex=\"0\">f\u00f3rnum<\/span>, bj\u00f3r, sau\u00f0f\u00e9, reykelsi Erin (sedrusvi\u00f0ur). \u0160urpu- og Maql\u00fb-s\u00e6ringarr\u00f6\u00f0in (Lambert, <em>Babylonian Wisdom Literature<\/em>) sta\u00f0festa hreinsunareldsathafnir gegn Nergal-v\u00f6ldum sj\u00fakd\u00f3mi: sj\u00faklingurinn var smur\u00f0ur me\u00f0 h\u00f6rol\u00edu, leirmynd (Nergal-bin) brennd.<\/p><h3>S\u00e6ringarform\u00falur<\/h3><p><span class=\"iwg-fachbegriff\" data-tooltip=\"B\u00e6narleg e\u00f0a s\u00e6randi \u00e1varp til gu\u00f0s e\u00f0a m\u00e1ttar.\" tabindex=\"0\">\u00c1kalli\u00f0<\/span> \u201eNergal pi-im-\u0161u-bal-li-ta\u201c (Nergal, l\u00e1ttu or\u00f0i\u00f0 sn\u00faast vi\u00f0!) finnst \u00ed akkad\u00edsku Anti-Witchcraft-r\u00f6\u00f0inni (Maql\u00fb VII, 32-46). \u00cd akkad\u00edska Erra-kv\u00e6\u00f0inu (spj\u00f6ld I, 100-150) \u00e1kallar gu\u00f0a\u00feingi\u00f0 Nergal sj\u00e1lfan til sj\u00e1lfstj\u00f3rnar. Hofs\u00f6ngurinn \u201eE-meslam \u0161u\u02bfgar-ra\u201c var kve\u00f0inn \u00e1 n\u00fdju tungli til a\u00f0 milda virkni hans.<\/p><h3>Verndargripir og verndart\u00e1kn<\/h3><p>F\u00e6landi leirmyndir me\u00f0 lj\u00f3nsh\u00f6f\u00f0i (d\u00fdr Nergals) voru grafnar vi\u00f0 dyra\u00fer\u00f6skulda (sbr. Wiggermann, <em>Mesopotamian Protective Spirits<\/em>). Innsigliss\u00edvalningar s\u00fdna \u201eNergal-<span class=\"iwg-fachbegriff\" data-tooltip=\"T\u00e1kn sem stendur fyrir hugmynd e\u00f0a merkingu.\" tabindex=\"0\">t\u00e1kni\u00f0<\/span>\u201c, tv\u00f6faldan lj\u00f3nsstandara og hnappsprota; akkad\u00edskir pl\u00e1gu-varnarsteinar fr\u00e1 Ur (3. \u00e1r\u00fe\u00fasund f.Kr., n\u00fa \u00ed British Museum) bera \u00e1letranir sem \u00e1kalla Nergal um vernd.<\/p><\/div>\t\t\t\t\t\t\t\t<\/div>\n\t\t\t\t<\/div>\n\t\t\t\t\t<\/div>\n\t\t\t\t<\/div>\n\t\t<div class=\"elementor-element elementor-element-5a584676 e-flex e-con-boxed e-con e-parent\" data-id=\"5a584676\" data-element_type=\"container\" data-e-type=\"container\">\n\t\t\t\t\t<div class=\"e-con-inner\">\n\t\t\t\t<div class=\"elementor-element elementor-element-6d0757bf elementor-widget elementor-widget-heading\" data-id=\"6d0757bf\" data-element_type=\"widget\" data-e-type=\"widget\" data-widget_type=\"heading.default\">\n\t\t\t\t\t<h2 class=\"elementor-heading-title elementor-size-default\">Nergal, hli\u00f0st\u00e6\u00f0ur \u00ed \u00f6\u00f0rum menningarheimum<\/h2>\t\t\t\t<\/div>\n\t\t<div class=\"elementor-element elementor-element-60563f68 e-con-full e-flex e-con e-child\" data-id=\"60563f68\" data-element_type=\"container\" data-e-type=\"container\">\n\t\t\t\t<div class=\"elementor-element elementor-element-5a93fdd6 elementor-widget elementor-widget-text-editor\" data-id=\"5a93fdd6\" data-element_type=\"widget\" data-e-type=\"widget\" data-widget_type=\"text-editor.default\">\n\t\t\t\t\t\t\t\t\t<p>Nergal l\u00edkist Ares (Grikkland) \u00ed str\u00ed\u00f0s\u00fe\u00e6tti s\u00ednum, deilir me\u00f0 Hades e\u00f0a Pl\u00fat\u00f3 yfirr\u00e1\u00f0um yfir undirheimum. Me\u00f0 Apollon tengir hann s\u00f3lkennd, blossandi villimennska.<\/p><p>\u00cd indverskum menningarheimum m\u00e6tti sj\u00e1 hli\u00f0st\u00e6\u00f0ur vi\u00f0 Rudra e\u00f0a Yama, villta gu\u00f0i sem vi\u00f0halda reglu me\u00f0 ey\u00f0ingu. Tv\u00f6falt hlutverk hans sem ey\u00f0andi \u00e1 yfirbor\u00f0i og drottnari \u00ed undirheimum gerir hann a\u00f0 einni s\u00e1lfr\u00e6\u00f0ilega fl\u00f3knustu gu\u00f0veru fornaldar.<\/p>\t\t\t\t\t\t\t\t<\/div>\n\t\t\t\t<\/div>\n\t\t\t\t\t<\/div>\n\t\t\t\t<\/div>\n\t\t<div class=\"elementor-element elementor-element-cpb75b108 e-flex e-con-boxed e-con e-parent\" data-id=\"cpb75b108\" data-element_type=\"container\" data-e-type=\"container\">\n\t\t\t\t\t<div class=\"e-con-inner\">\n\t\t\t\t<div class=\"elementor-element elementor-element-cp53527b5 elementor-widget elementor-widget-heading\" data-id=\"cp53527b5\" data-element_type=\"widget\" data-e-type=\"widget\" data-widget_type=\"heading.default\">\n\t\t\t\t\t<h2 class=\"elementor-heading-title elementor-size-default\">Nergal sem herra undirheima<\/h2>\t\t\t\t<\/div>\n\t\t<div class=\"elementor-element elementor-element-cp314942d e-con-full e-flex e-con e-child\" data-id=\"cp314942d\" data-element_type=\"container\" data-e-type=\"container\">\n\t\t\t\t<div class=\"elementor-element elementor-element-cp086173b elementor-widget elementor-widget-text-editor\" data-id=\"cp086173b\" data-element_type=\"widget\" data-e-type=\"widget\" data-widget_type=\"text-editor.default\">\n\t\t\t\t\t\t\t\t\t<p>Nergal er ein af mikilv\u00e6gustu go\u00f0m\u00f6gnum \u00ed mes\u00f3p\u00f3tam\u00edskri go\u00f0afr\u00e6\u00f0i og var lengi n\u00e1i\u00f0 tengdur undirheimunum. Helsta helgista\u00f0ur hans var borgin Kutha \u00ed su\u00f0urhluta Mes\u00f3p\u00f3tam\u00edu, \u00fear sem hann var borgargu\u00f0. <span class=\"iwg-fachbegriff\" data-tooltip=\"Bygging sem er tileinku\u00f0 tilbei\u00f0slu einnar e\u00f0a fleiri gu\u00f0a.\" tabindex=\"0\">Hofi\u00f0<\/span> \u00ed Kutha bar heiti\u00f0 E-meslam, og Nergal var oft \u00e1kalla\u00f0ur me\u00f0 vi\u00f0urnefni sem v\u00edsa\u00f0i til \u00feessa <span class=\"iwg-fachbegriff\" data-tooltip=\"Bygging sem er tileinku\u00f0 tilbei\u00f0slu einnar e\u00f0a fleiri gu\u00f0a.\" tabindex=\"0\">hofs<\/span>.<\/p><p>Mikilv\u00e6gasta go\u00f0sagnalega heimildin um yfirr\u00e1\u00f0 Nergals yfir undirheimunum er <span class=\"iwg-fachbegriff\" data-tooltip=\"Hef\u00f0bundin fr\u00e1s\u00f6gn um gu\u00f0i, uppruna og skipulag heimsins.\" tabindex=\"0\">go\u00f0sagan<\/span> um Nergal og Ereshkigal, sem var\u00f0veist hefur \u00ed nokkrum ger\u00f0um, \u00fear \u00e1 me\u00f0al styttri ger\u00f0 fr\u00e1 Amarna og lengri ger\u00f0 fr\u00e1 s\u00ed\u00f0ari t\u00edma.<\/p><p><span class=\"iwg-fachbegriff\" data-tooltip=\"Hef\u00f0bundin fr\u00e1s\u00f6gn um gu\u00f0i, uppruna og skipulag heimsins.\" tabindex=\"0\">Go\u00f0sagan<\/span> segir hvernig Nergal st\u00edgur ni\u00f0ur \u00ed undirheimana, r\u00edki gy\u00f0junnar Ereshkigal. Eftir fl\u00e6kjur sem eru mismunandi eftir ger\u00f0um s\u00f6gunnar ver\u00f0ur Nergal eiginma\u00f0ur Ereshkigal og \u00fear me\u00f0 me\u00f0stj\u00f3rnandi e\u00f0a stj\u00f3rnandi undirheimanna.<\/p><p>\u00deessi saga sk\u00fdrir hvernig Nergal, sem upphaflega haf\u00f0i einnig a\u00f0ra \u00fe\u00e6tti, var\u00f0 varanlega tengdur r\u00edki hinna dau\u00f0u. Fr\u00e6\u00f0imenn hafa deilt um hvort Nergal hafi fr\u00e1 upphafi veri\u00f0 undirheimagu\u00f0 e\u00f0a hvort \u00feetta hlutverk hafi fyrst fest sig \u00ed sessi me\u00f0 t\u00edmanum \u00ed <span class=\"iwg-fachbegriff\" data-tooltip=\"Mi\u00f0lun \u00feekkingar og fr\u00e1sagna milli kynsl\u00f3\u00f0a.\" tabindex=\"0\">munnlegri og rita\u00f0ri geymd<\/span>.<\/p><p>Athyglisvert er a\u00f0 Nergal var, \u00fer\u00e1tt fyrir tengsl s\u00edn vi\u00f0 dau\u00f0ann, ekki einfaldlega skelfingargu\u00f0. Hann naut reglulegrar <span class=\"iwg-fachbegriff\" data-tooltip=\"Heildarsafn tr\u00faarlegra tilbei\u00f0sluathafna fyrir gu\u00f0 e\u00f0a heilaga v\u00e6tti.\" tabindex=\"0\">d\u00fdrkunar<\/span>, var \u00e1kalla\u00f0ur og st\u00f3\u00f0 \u00ed f\u00f6stum tengslum vi\u00f0 a\u00f0ra gu\u00f0i. Mes\u00f3p\u00f3tam\u00edsk tr\u00faarbr\u00f6g\u00f0 ger\u00f0u ekki strangan greinarmun \u00e1 tilbe\u00f0num og \u00f3gnvekjandi m\u00e1ttarv\u00f6ldum. \u00deeir sem vilja kanna sj\u00e1lfa drottningu undirheimanna n\u00e1nar finna hj\u00e1 <a href=\"https:\/\/iwell-guard.com\/is\/?page_id=168756\">Ereshkigal<\/a> hina hli\u00f0 <span class=\"iwg-fachbegriff\" data-tooltip=\"Hef\u00f0bundin fr\u00e1s\u00f6gn um gu\u00f0i, uppruna og skipulag heimsins.\" tabindex=\"0\">go\u00f0sagnarins<\/span>.<\/p>\t\t\t\t\t\t\t\t<\/div>\n\t\t\t\t<\/div>\n\t\t\t\t\t<\/div>\n\t\t\t\t<\/div>\n\t\t<div class=\"elementor-element elementor-element-cp23c6516 e-flex e-con-boxed e-con e-parent\" data-id=\"cp23c6516\" data-element_type=\"container\" data-e-type=\"container\">\n\t\t\t\t\t<div class=\"e-con-inner\">\n\t\t\t\t<div class=\"elementor-element elementor-element-cp2d79aec elementor-widget elementor-widget-heading\" data-id=\"cp2d79aec\" data-element_type=\"widget\" data-e-type=\"widget\" data-widget_type=\"heading.default\">\n\t\t\t\t\t<h2 class=\"elementor-heading-title elementor-size-default\">Nergal sem str\u00ed\u00f0s- og pl\u00e1gu\u00adgu\u00f0<\/h2>\t\t\t\t<\/div>\n\t\t<div class=\"elementor-element elementor-element-cpa91f230 e-con-full e-flex e-con e-child\" data-id=\"cpa91f230\" data-element_type=\"container\" data-e-type=\"container\">\n\t\t\t\t<div class=\"elementor-element elementor-element-cp95d778c elementor-widget elementor-widget-text-editor\" data-id=\"cp95d778c\" data-element_type=\"widget\" data-e-type=\"widget\" data-widget_type=\"text-editor.default\">\n\t\t\t\t\t\t\t\t\t<p>Auk hlutverks s\u00edns sem stj\u00f3rnandi undirheimanna haf\u00f0i Nergal anna\u00f0 hlutverk, n\u00e1i\u00f0 tengt hinu fyrra: hann var gu\u00f0 ofbeldisfulls dau\u00f0a, str\u00ed\u00f0s, pl\u00e1gu og ey\u00f0andi sumarhita. \u00deessir \u00fe\u00e6ttir tengjast r\u00f6kr\u00e9tt, \u00fev\u00ed allir valda fj\u00f6ldadau\u00f0a og dau\u00f0inn lei\u00f0ir inn \u00ed r\u00edki Nergals.<\/p><p>\u00cd s\u00e1lmum og sei\u00f0um kemur Nergal fram sem \u00f3gnvekjandi m\u00e1ttur er sendir pest og hita. Mes\u00f3p\u00f3tam\u00edsk hugmyndafr\u00e6\u00f0i tengdi tilteknar sj\u00fakd\u00f3ma vi\u00f0 verk gu\u00f0anna, og Nergal var einn \u00feeirra gu\u00f0a sem fars\u00f3ttir voru eigna\u00f0ar.<\/p><p>\u00c1 sama t\u00edma var h\u00e6gt a\u00f0 \u00e1kalla hann til a\u00f0 afst\u00fdra \u00feessum s\u00f6mu h\u00e6ttum, sem er d\u00e6migert mynstur \u00ed mes\u00f3p\u00f3tam\u00edskri tr\u00fa: sami m\u00e1ttur sem veldur \u00f3g\u00e6fu getur einnig haldi\u00f0 henni fr\u00e1.<\/p><p>Sem str\u00ed\u00f0sgu\u00f0 var Nergal \u00e1kalla\u00f0ur af konungum sem settu herfer\u00f0ir s\u00ednar undir hans vernd. Konungs\u00e1letranir nefna hann me\u00f0al \u00feeirra gu\u00f0a sem veita h\u00f6f\u00f0ingjanum sigur og bugum fjendur hans. \u00cd \u00feessu hlutverki st\u00f3\u00f0 hann a\u00f0 hluta til vi\u00f0 hli\u00f0 e\u00f0a \u00ed samkeppni vi\u00f0 a\u00f0ra str\u00ed\u00f0sgu\u00f0i \u00e1 bor\u00f0 vi\u00f0 Ninurta, sem hann deildi einkennum me\u00f0 \u00ed nokkrum textum.<\/p><p>\u00c1 himingeiranum var Nergal samsama\u00f0ur reikistj\u00f6rnunni Mars, en rau\u00f0leitur litur hennar var \u00ed mes\u00f3p\u00f3tam\u00edskri t\u00falkun tengdur bl\u00f3\u00f0i, str\u00ed\u00f0i og \u00f3g\u00e6fu.<\/p><p>\u00deessi sams\u00f6mun var svo f\u00f6st \u00ed sessi a\u00f0 h\u00fan haf\u00f0i \u00e1hrif, \u00ed gegnum gr\u00edsk-r\u00f3mverska mi\u00f0lun, allt fram \u00ed s\u00ed\u00f0ari stj\u00f6rnusp\u00e1traditionir. Fr\u00e6\u00f0imenn telja Mars-tengingu Nergals gott d\u00e6mi um hvernig mes\u00f3p\u00f3tam\u00edsk himinathugun t\u00f3k upp og kerfisbundi go\u00f0sagnalegt efni.<\/p>\t\t\t\t\t\t\t\t<\/div>\n\t\t\t\t<\/div>\n\t\t\t\t\t<\/div>\n\t\t\t\t<\/div>\n\t\t<div class=\"elementor-element elementor-element-cpc32216d e-flex e-con-boxed e-con e-parent\" data-id=\"cpc32216d\" data-element_type=\"container\" data-e-type=\"container\">\n\t\t\t\t\t<div class=\"e-con-inner\">\n\t\t\t\t<div class=\"elementor-element elementor-element-cpee082c7 elementor-widget elementor-widget-heading\" data-id=\"cpee082c7\" data-element_type=\"widget\" data-e-type=\"widget\" data-widget_type=\"heading.default\">\n\t\t\t\t\t<h2 class=\"elementor-heading-title elementor-size-default\">T\u00e1knmyndir og \u00e1\u00fereifanlegar minjar<\/h2>\t\t\t\t<\/div>\n\t\t<div class=\"elementor-element elementor-element-cp592a0ef e-con-full e-flex e-con e-child\" data-id=\"cp592a0ef\" data-element_type=\"container\" data-e-type=\"container\">\n\t\t\t\t<div class=\"elementor-element elementor-element-cp728b57d elementor-widget elementor-widget-text-editor\" data-id=\"cp728b57d\" data-element_type=\"widget\" data-e-type=\"widget\" data-widget_type=\"text-editor.default\">\n\t\t\t\t\t\t\t\t\t<p>Myndr\u00e6n framsetning Nergals er ekki alltaf \u00f3tv\u00edr\u00e6\u00f0, \u00fev\u00ed a\u00f0 go\u00f0amyndlist Mes\u00f3p\u00f3tam\u00edu byggist oft frekar \u00e1 t\u00e1knum en einstaklingsbundnum andlitsdr\u00e1ttum. \u00cd fr\u00e6\u00f0unum er Nergal einkum greindur \u00fat fr\u00e1 \u00e1kve\u00f0num t\u00e1knum og fylgid\u00fdrum.<\/p><p>Einkennandi t\u00e1kn Nergals er kylfa e\u00f0a bug\u00f0\u00f3ttur stafur, stundum skreyttur me\u00f0 tveimur lj\u00f3nsh\u00f6f\u00f0um. Lj\u00f3ni\u00f0 er eitt af mikilv\u00e6gustu t\u00e1knad\u00fdrum hans og undirstrikar ofbeldisfullt, r\u00e1nd\u00fdrslegt e\u00f0li hans. \u00c1 innsiglum og l\u00e1gmyndum birtist hann stundum sem vopnu\u00f0, gangandi <span class=\"iwg-fachbegriff\" data-tooltip=\"Vera sem d\u00fdrku\u00f0 er sem gu\u00f0leg innan tr\u00faarbrag\u00f0a.\" tabindex=\"0\">gu\u00f0svera<\/span>.<\/p><p>S\u00e9rstaka st\u00f6\u00f0u hefur fr\u00e6g leirstytta sem oft, \u00fe\u00f3 ekki \u00e1n \u00e1greinings, er tengd vi\u00f0 umhverfi Nergals: hin svokalla\u00f0a Burney-<span class=\"iwg-fachbegriff\" data-tooltip=\"Mynd sem er unnin upphleypt \u00fat fr\u00e1 fleti.\" tabindex=\"0\">l\u00e1gmynd<\/span> e\u00f0a Drottning n\u00e6turinnar, fornbab\u00fdlonsk terrakottatafla sem s\u00fdnir v\u00e6ngja\u00f0a gy\u00f0ju me\u00f0 fuglaf\u00e6tur milli tveggja lj\u00f3na og tveggja ugla.<\/p><p>T\u00falkun \u00feessarar myndar er umdeild \u00ed fr\u00e6\u00f0unum, me\u00f0al annars hafa veri\u00f0 nefndar Ereshkigal og Ishtar. Hva\u00f0 sem \u00fev\u00ed l\u00ed\u00f0ur v\u00edsar <span class=\"iwg-fachbegriff\" data-tooltip=\"Mynd sem er unnin upphleypt \u00fat fr\u00e1 fleti.\" tabindex=\"0\">l\u00e1gmyndin<\/span> til t\u00e1knheims undirheima og n\u00e6turvalds, sem Nergal tilheyrir einnig.<\/p><p>\u00c1 efnislegum vettvangi er <span class=\"iwg-fachbegriff\" data-tooltip=\"Heild tr\u00faarlegra d\u00fdrkunarathafna helga\u00f0ra gu\u00f0i e\u00f0a heilagri veru.\" tabindex=\"0\">d\u00fdrkun<\/span> Nergals sta\u00f0fest me\u00f0 musteris\u00e1letrunum, v\u00edgslugj\u00f6fum, s\u00e6ringartextum og konungs\u00e1letrunum fr\u00e1 m\u00f6rgum \u00f6ldum. L\u00f6ng saga musteris hans \u00ed Kutha og \u00fatbrei\u00f0sla nafns hans \u00ed mannan\u00f6fnum s\u00fdna a\u00f0 Nergal var ekki einhver gu\u00f0fr\u00e6\u00f0ileg ja\u00f0arvera, heldur <span class=\"iwg-fachbegriff\" data-tooltip=\"Vera sem d\u00fdrku\u00f0 er sem gu\u00f0leg innan tr\u00faarbrag\u00f0a.\" tabindex=\"0\">gu\u00f0svera<\/span> sem var hluti af daglegu l\u00edfi og talin r\u00e1\u00f0a yfir l\u00edfi og dau\u00f0a.<\/p>\t\t\t\t\t\t\t\t<\/div>\n\t\t\t\t<\/div>\n\t\t\t\t\t<\/div>\n\t\t\t\t<\/div>\n\t\t<div class=\"elementor-element elementor-element-cp3f3c96f e-flex e-con-boxed e-con e-parent\" data-id=\"cp3f3c96f\" data-element_type=\"container\" data-e-type=\"container\">\n\t\t\t\t\t<div class=\"e-con-inner\">\n\t\t\t\t<div class=\"elementor-element elementor-element-cpf6a3842 elementor-widget elementor-widget-heading\" data-id=\"cpf6a3842\" data-element_type=\"widget\" data-e-type=\"widget\" data-widget_type=\"heading.default\">\n\t\t\t\t\t<h2 class=\"elementor-heading-title elementor-size-default\">Nergal \u00ed bibl\u00edulegri hef\u00f0 og ranns\u00f3knars\u00f6gu<\/h2>\t\t\t\t<\/div>\n\t\t<div class=\"elementor-element elementor-element-cp7cbb0dc e-con-full e-flex e-con e-child\" data-id=\"cp7cbb0dc\" data-element_type=\"container\" data-e-type=\"container\">\n\t\t\t\t<div class=\"elementor-element elementor-element-cp92b609a elementor-widget elementor-widget-text-editor\" data-id=\"cp92b609a\" data-element_type=\"widget\" data-e-type=\"widget\" data-widget_type=\"text-editor.default\">\n\t\t\t\t\t\t\t\t\t<p>Nergal komst alla lei\u00f0 inn \u00ed hebresku bibl\u00eduna. \u00cd \u00f6\u00f0ru Konungab\u00f3kinni segir \u00ed sambandi vi\u00f0 \u00fej\u00f3\u00f0irnar sem flutt voru til Samar\u00edu eftir fall nor\u00f0urr\u00edkisins, a\u00f0 f\u00f3lki\u00f0 fr\u00e1 K\u00fatu hafi haft Nergal me\u00f0 s\u00e9r sem gu\u00f0 sinn og haldi\u00f0 \u00e1fram a\u00f0 tilbi\u00f0ja hann.<\/p><p>\u00deessi stutta athugasemd er tr\u00faars\u00f6gulega uppl\u00fdsandi, \u00fev\u00ed h\u00fan s\u00fdnir hvernig gu\u00f0inn h\u00e9lst n\u00e1tengdur borg sinni og hvernig s\u00e9rtr\u00faarh\u00f3par fluttust me\u00f0 f\u00f3lkinu.<\/p><p>\u00cd n\u00fat\u00edmaranns\u00f3knum hefur Nergal veri\u00f0 rannsaka\u00f0ur fr\u00e1 \u00fev\u00ed fleygr\u00fanir voru r\u00e1\u00f0nar \u00e1 19. \u00f6ld. Fyrri Ass\u00fdr\u00edufr\u00e6\u00f0ingar flokku\u00f0u hann hratt sem undirheimagu\u00f0 og Mars-<span class=\"iwg-fachbegriff\" data-tooltip=\"Vera sem er tilbe\u00f0in sem gu\u00f0leg innan tr\u00faarbrag\u00f0a.\" tabindex=\"0\">gu\u00f0veru<\/span>.<\/p><p>N\u00fdrri ranns\u00f3knir hafa f\u00ednp\u00fassa\u00f0 myndina og leggja \u00e1herslu \u00e1 margbreytileika verunnar. Ekki er unnt a\u00f0 einskor\u00f0a Nergal vi\u00f0 eitt hlutverk, heldur sameinar hann undirheima, str\u00ed\u00f0, pl\u00e1gu og s\u00f3larhita \u00ed samfellda mynd.<\/p><p>Umr\u00e6ddur punktur er samband Nergals vi\u00f0 a\u00f0ra gu\u00f0i, sem hann er \u00ed heimildunum a\u00f0 hluta samsama\u00f0ur e\u00f0a tengdur vi\u00f0, til d\u00e6mis Erra, gu\u00f0 pl\u00e1gu og ey\u00f0ingar, sem eigi\u00f0 b\u00f3kmenntaverk, Erra-kvi\u00f0an, er tileinka\u00f0.<\/p><p>Hvort Erra og Nergal voru upphaflega a\u00f0skildir e\u00f0a tv\u00f6 n\u00f6fn sama m\u00e1ttar, er ekki fullkomlega \u00fatklj\u00e1\u00f0 \u00ed ranns\u00f3knum.<\/p><p>Tr\u00faars\u00f6gulegt v\u00e6gi Nergals felst \u00ed \u00fev\u00ed a\u00f0 \u00ed honum ver\u00f0ur hin mes\u00f3p\u00f3tam\u00edska hugmynd \u00e1\u00fereifanleg, s\u00fa a\u00f0 dau\u00f0i, ofbeldi og n\u00e1tt\u00faru\u00f6fl standi ekki utan hinnar gu\u00f0legu skipanar, heldur s\u00e9u \u00ed umsj\u00e1 nafngreinanlegrar, \u00e1kallanlegrar <span class=\"iwg-fachbegriff\" data-tooltip=\"Vera sem er tilbe\u00f0in sem gu\u00f0leg innan tr\u00faarbrag\u00f0a.\" tabindex=\"0\">gu\u00f0veru<\/span>.<\/p>\t\t\t\t\t\t\t\t<\/div>\n\t\t\t\t<\/div>\n\t\t\t\t\t<\/div>\n\t\t\t\t<\/div>\n\t\t<div class=\"elementor-element elementor-element-36dd7469 e-flex e-con-boxed e-con e-parent\" data-id=\"36dd7469\" data-element_type=\"container\" data-e-type=\"container\">\n\t\t\t\t\t<div class=\"e-con-inner\">\n\t\t\t\t<div class=\"elementor-element elementor-element-13760ab4 elementor-widget elementor-widget-heading\" data-id=\"13760ab4\" data-element_type=\"widget\" data-e-type=\"widget\" data-widget_type=\"heading.default\">\n\t\t\t\t\t<h2 class=\"elementor-heading-title elementor-size-default\">\u00cdtarefni og tenglar<\/h2>\t\t\t\t<\/div>\n\t\t<div class=\"elementor-element elementor-element-28c87796 e-con-full e-flex e-con e-child\" data-id=\"28c87796\" data-element_type=\"container\" data-e-type=\"container\">\n\t\t\t\t<div class=\"elementor-element elementor-element-5d6538df elementor-widget elementor-widget-text-editor\" data-id=\"5d6538df\" data-element_type=\"widget\" data-e-type=\"widget\" data-widget_type=\"text-editor.default\">\n\t\t\t\t\t\t\t\t\t<ul><li><a href=\"https:\/\/iwell-guard.com\/is\/?page_id=168756\">Ereshkigal, eiginkona \u00ed undirheimum<\/a><\/li><li><a href=\"https:\/\/iwell-guard.com\/is\/?page_id=168583\">Mes\u00f3p\u00f3tam\u00eda, yfirlit yfir go\u00f0aheim<\/a><\/li><li><a href=\"https:\/\/iwell-guard.com\/is\/?page_id=168709\">D\u00e1nargu\u00f0ir, undirflokkur<\/a><\/li><li><a href=\"https:\/\/iwell-guard.com\/is\/?page_id=168679\">Gu\u00f0ir, yfirlit yfir flokka<\/a><\/li><\/ul>\t\t\t\t\t\t\t\t<\/div>\n\t\t\t\t<\/div>\n\t\t\t\t\t<\/div>\n\t\t\t\t<\/div>\n\t\t<div class=\"elementor-element elementor-element-grl4kl40 e-flex e-con-boxed e-con e-parent\" data-id=\"grl4kl40\" data-element_type=\"container\" data-e-type=\"container\">\n\t\t\t\t\t<div class=\"e-con-inner\">\n\t\t\t\t<div class=\"elementor-element elementor-element-bzsbfrmh elementor-widget elementor-widget-heading\" data-id=\"bzsbfrmh\" data-element_type=\"widget\" data-e-type=\"widget\" data-widget_type=\"heading.default\">\n\t\t\t\t\t<h2 class=\"elementor-heading-title elementor-size-default\">Heimildir og fr\u00e6\u00f0irit<\/h2>\t\t\t\t<\/div>\n\t\t<div class=\"elementor-element elementor-element-2c13224a e-con-full e-flex e-con e-child\" data-id=\"2c13224a\" data-element_type=\"container\" data-e-type=\"container\">\n\t\t\t\t<div class=\"elementor-element elementor-element-0eymh9ub elementor-widget elementor-widget-text-editor\" data-id=\"0eymh9ub\" data-element_type=\"widget\" data-e-type=\"widget\" data-widget_type=\"text-editor.default\">\n\t\t\t\t\t\t\t\t\t<footer class=\"iwg-literatur\" data-nosnippet=\"true\"><ul><li><span data-nosnippet>Cagni, Luigi: <em>L&rsquo;epopea di Erra<\/em>. R\u00f3m 1969 (sta\u00f0al\u00fatg\u00e1fa).<\/span><\/li><li><span data-nosnippet>Lambert, Wilfred G.: <em>Babylonian Wisdom Literature<\/em>. Oxford 1960.<\/span><\/li><li>Walde, Christine (ritstj.): <em>Der Neue Pauly<\/em> (uppslagsor\u00f0i\u00f0 &bdquo;Nergal&ldquo;).<\/li><\/ul><\/footer>\n<p class=\"iwg-bib-more\"><span data-nosnippet>Fleiri sta\u00f0alrit \u00ed <a href=\"https:\/\/iwell-guard.com\/is\/?page_id=168730\">heimildaskr\u00e1nni<\/a>.<\/span><\/p>\t\t\t\t\t\t\t\t<\/div>\n\t\t\t\t<\/div>\n\t\t\t\t\t<\/div>\n\t\t\t\t<\/div>\n\t\t\t\t<\/div>\n\t\t","protected":false},"excerpt":{"rendered":"","protected":false},"author":3,"featured_media":1736,"parent":0,"menu_order":0,"comment_status":"closed","ping_status":"closed","template":"elementor_header_footer","meta":{"_yoast_wpseo_focuskw":"Nergal","_yoast_wpseo_title":"Nergal \u2013 Str\u00ed\u00f0sgu\u00f0 og undirheimastj\u00f3ri \u00ed Mes\u00f3p\u00f3tam\u00edu","_yoast_wpseo_metadesc":"Nergal, str\u00ed\u00f0sgu\u00f0 og undirheimastj\u00f3ri Mes\u00f3p\u00f3tam\u00edu. Hof \u00ed Kutha, hj\u00f3naband me\u00f0 Ereshkigal, samstj\u00f3rnandi yfir Irkalla og skipulagi dau\u00f0ans.","_yoast_wpseo_meta-robots-noindex":"","_yoast_wpseo_canonical":"","_angie_page":false,"gefaehrdungsstufe":"4","wesen_kultur":"mesopotamien","wesen_klasse":"goetter","footnotes":""},"categories":[],"class_list":["post-168749","page","type-page","status-publish","has-post-thumbnail","hentry"],"yoast_head":"<!-- This site is optimized with the Yoast SEO Premium plugin v27.7 (Yoast SEO v28.3) - https:\/\/yoast.com\/product\/yoast-seo-premium-wordpress\/ -->\n<title>Nergal \u2013 Str\u00ed\u00f0sgu\u00f0 og undirheimastj\u00f3ri \u00ed Mes\u00f3p\u00f3tam\u00edu<\/title>\n<meta name=\"description\" content=\"Nergal, str\u00ed\u00f0sgu\u00f0 og undirheimastj\u00f3ri Mes\u00f3p\u00f3tam\u00edu. Hof \u00ed Kutha, hj\u00f3naband me\u00f0 Ereshkigal, samstj\u00f3rnandi yfir Irkalla og skipulagi dau\u00f0ans.\" \/>\n<meta name=\"robots\" content=\"index, follow, max-snippet:-1, max-image-preview:large, max-video-preview:-1\" \/>\n<link rel=\"canonical\" href=\"https:\/\/iwell-guard.com\/is\/nergal\/\" \/>\n<meta property=\"og:locale\" content=\"is_IS\" \/>\n<meta property=\"og:type\" content=\"article\" \/>\n<meta property=\"og:title\" content=\"Nergal\" \/>\n<meta property=\"og:description\" content=\"Nergal, str\u00ed\u00f0sgu\u00f0 og undirheimastj\u00f3ri Mes\u00f3p\u00f3tam\u00edu. Hof \u00ed Kutha, hj\u00f3naband me\u00f0 Ereshkigal, samstj\u00f3rnandi yfir Irkalla og skipulagi dau\u00f0ans.\" \/>\n<meta property=\"og:url\" content=\"https:\/\/iwell-guard.com\/is\/nergal\/\" \/>\n<meta property=\"og:site_name\" content=\"iWell Guard\" \/>\n<meta property=\"article:modified_time\" content=\"2026-09-05T14:18:27+00:00\" \/>\n<meta property=\"og:image\" content=\"https:\/\/iwell-guard.com\/wp-content\/uploads\/2026\/04\/goetter_mesopotamien_nergal.webp\" \/>\n\t<meta property=\"og:image:width\" content=\"1024\" \/>\n\t<meta property=\"og:image:height\" content=\"1536\" \/>\n\t<meta property=\"og:image:type\" content=\"image\/webp\" \/>\n<meta name=\"twitter:card\" content=\"summary_large_image\" \/>\n<script type=\"application\/ld+json\" class=\"yoast-schema-graph\">{\"@context\":\"https:\\\/\\\/schema.org\",\"@graph\":[{\"@type\":\"WebPage\",\"@id\":\"https:\\\/\\\/iwell-guard.com\\\/is\\\/nergal\\\/\",\"url\":\"https:\\\/\\\/iwell-guard.com\\\/is\\\/nergal\\\/\",\"name\":\"Nergal \u2013 Str\u00ed\u00f0sgu\u00f0 og undirheimastj\u00f3ri \u00ed Mes\u00f3p\u00f3tam\u00edu\",\"isPartOf\":{\"@id\":\"https:\\\/\\\/iwell-guard.com\\\/is\\\/#website\"},\"primaryImageOfPage\":{\"@id\":\"https:\\\/\\\/iwell-guard.com\\\/is\\\/nergal\\\/#primaryimage\"},\"image\":{\"@id\":\"https:\\\/\\\/iwell-guard.com\\\/is\\\/nergal\\\/#primaryimage\"},\"thumbnailUrl\":\"https:\\\/\\\/iwell-guard.com\\\/wp-content\\\/uploads\\\/2026\\\/04\\\/goetter_mesopotamien_nergal.webp\",\"datePublished\":\"2026-09-05T14:02:40+00:00\",\"dateModified\":\"2026-09-05T14:18:27+00:00\",\"description\":\"Nergal, str\u00ed\u00f0sgu\u00f0 og undirheimastj\u00f3ri Mes\u00f3p\u00f3tam\u00edu. Hof \u00ed Kutha, hj\u00f3naband me\u00f0 Ereshkigal, samstj\u00f3rnandi yfir Irkalla og skipulagi dau\u00f0ans.\",\"breadcrumb\":{\"@id\":\"https:\\\/\\\/iwell-guard.com\\\/is\\\/nergal\\\/#breadcrumb\"},\"inLanguage\":\"is\",\"potentialAction\":[{\"@type\":\"ReadAction\",\"target\":[\"https:\\\/\\\/iwell-guard.com\\\/is\\\/nergal\\\/\"]}]},{\"@type\":\"ImageObject\",\"inLanguage\":\"is\",\"@id\":\"https:\\\/\\\/iwell-guard.com\\\/is\\\/nergal\\\/#primaryimage\",\"url\":\"https:\\\/\\\/iwell-guard.com\\\/wp-content\\\/uploads\\\/2026\\\/04\\\/goetter_mesopotamien_nergal.webp\",\"contentUrl\":\"https:\\\/\\\/iwell-guard.com\\\/wp-content\\\/uploads\\\/2026\\\/04\\\/goetter_mesopotamien_nergal.webp\",\"width\":1024,\"height\":1536,\"caption\":\"Gu\u00f0ir \u00far mes\u00f3p\u00f3tam\u00edskri hef\u00f0.\"},{\"@type\":\"BreadcrumbList\",\"@id\":\"https:\\\/\\\/iwell-guard.com\\\/is\\\/nergal\\\/#breadcrumb\",\"itemListElement\":[{\"@type\":\"ListItem\",\"position\":1,\"name\":\"Start\",\"item\":\"https:\\\/\\\/iwell-guard.com\\\/is\\\/?page_id=168580\"},{\"@type\":\"ListItem\",\"position\":2,\"name\":\"Nergal\"}]},{\"@type\":\"WebSite\",\"@id\":\"https:\\\/\\\/iwell-guard.com\\\/is\\\/#website\",\"url\":\"https:\\\/\\\/iwell-guard.com\\\/is\\\/\",\"name\":\"iWell Guard\",\"description\":\"Schutz vor dunklen Einfl\u00fcssen\",\"publisher\":{\"@id\":\"https:\\\/\\\/iwell-guard.com\\\/is\\\/#organization\"},\"potentialAction\":[{\"@type\":\"SearchAction\",\"target\":{\"@type\":\"EntryPoint\",\"urlTemplate\":\"https:\\\/\\\/iwell-guard.com\\\/is\\\/?s={search_term_string}\"},\"query-input\":{\"@type\":\"PropertyValueSpecification\",\"valueRequired\":true,\"valueName\":\"search_term_string\"}}],\"inLanguage\":\"is\"},{\"@type\":\"Organization\",\"@id\":\"https:\\\/\\\/iwell-guard.com\\\/is\\\/#organization\",\"name\":\"Ittermann electronic GmbH\",\"url\":\"https:\\\/\\\/iwell-guard.com\\\/is\\\/\",\"logo\":{\"@type\":\"ImageObject\",\"inLanguage\":\"is\",\"@id\":\"https:\\\/\\\/iwell-guard.com\\\/is\\\/#\\\/schema\\\/logo\\\/image\\\/\",\"url\":\"https:\\\/\\\/iwell-guard.com\\\/wp-content\\\/uploads\\\/2026\\\/05\\\/Ittermann-Logo-1182x237-1.png\",\"contentUrl\":\"https:\\\/\\\/iwell-guard.com\\\/wp-content\\\/uploads\\\/2026\\\/05\\\/Ittermann-Logo-1182x237-1.png\",\"width\":1182,\"height\":237,\"caption\":\"Ittermann electronic GmbH\"},\"image\":{\"@id\":\"https:\\\/\\\/iwell-guard.com\\\/is\\\/#\\\/schema\\\/logo\\\/image\\\/\"},\"sameAs\":[\"https:\\\/\\\/pantip.com\\\/profile\\\/9367242\",\"https:\\\/\\\/micro.blog\\\/iwellguard\",\"https:\\\/\\\/www.diggerslist.com\\\/iwellguard\\\/about\",\"https:\\\/\\\/skitterphoto.com\\\/photographers\\\/2870314\\\/iwell-guard\",\"https:\\\/\\\/iwellguard.wordpress.com\\\/2026\\\/06\\\/06\\\/iwell-guard\\\/\",\"https:\\\/\\\/hub.docker.com\\\/u\\\/iwellguard\",\"https:\\\/\\\/www.pinterest.com\\\/iwellguard\\\/\",\"https:\\\/\\\/bit.ly\\\/m\\\/iwellguard\",\"https:\\\/\\\/entre-vos-mains.alsace.eu\\\/profiles\\\/iwellguard\\\/activity\",\"https:\\\/\\\/gravatar.com\\\/reallybeded8fd34\",\"https:\\\/\\\/naijamatta.com\\\/iwellguard\",\"https:\\\/\\\/www.goodreads.com\\\/iwellguard\",\"https:\\\/\\\/profile.hatena.ne.jp\\\/iwellguard\\\/\",\"https:\\\/\\\/experiment.com\\\/users\\\/iwellguard\",\"https:\\\/\\\/wakelet.com\\\/@iWellGuard82270\",\"https:\\\/\\\/www.chordie.com\\\/forum\\\/profile.php?id=2555664\",\"https:\\\/\\\/www.instapaper.com\\\/p\\\/17757966\",\"https:\\\/\\\/www.mapleprimes.com\\\/users\\\/iwellguard\",\"https:\\\/\\\/businesslistingplus.com\\\/profile\\\/iwell-guard\\\/\",\"https:\\\/\\\/telegra.ph\\\/iWell-Guard-06-06\",\"https:\\\/\\\/pbase.com\\\/iwellguard\\\/iwellguard\",\"https:\\\/\\\/b.hatena.ne.jp\\\/iwellguard\\\/20260607#bookmark-4788405196491818882\",\"https:\\\/\\\/fliphtml5.com\\\/home\\\/iwellguard\",\"https:\\\/\\\/anyflip.com\\\/homepage\\\/cmiwl#About\",\"https:\\\/\\\/transfur.com\\\/Users\\\/iwellguard\",\"http:\\\/\\\/delphi.larsbo.org\\\/user\\\/iwellguard\",\"https:\\\/\\\/jobs.lajobsportal.org\\\/profiles\\\/8380803-iwell-guard\",\"https:\\\/\\\/md.chaosdorf.de\\\/s\\\/jfbe5SBdJD\",\"https:\\\/\\\/www.lingvolive.com\\\/en-us\\\/profile\\\/9ecaeaca-ce11-4e51-9e71-01d55e2bff36\\\/translations\",\"https:\\\/\\\/www.fitday.com\\\/fitness\\\/forums\\\/members\\\/iwellguard.html\",\"https:\\\/\\\/www.mymeetbook.com\\\/iwellguard\",\"https:\\\/\\\/pxhere.com\\\/en\\\/photographer-me\\\/5040798\",\"https:\\\/\\\/disqus.com\\\/by\\\/iwellguard\\\/about\\\/\",\"https:\\\/\\\/pastelink.net\\\/hjwciqwq\",\"https:\\\/\\\/pubhtml5.com\\\/homepage\\\/scjhn\\\/\",\"https:\\\/\\\/www.bitchute.com\\\/channel\\\/2O2eOKzNqujT\",\"https:\\\/\\\/audiomack.com\\\/iwellguard\"]},{\"@type\":\"Article\",\"@id\":\"https:\\\/\\\/iwell-guard.com\\\/is\\\/nergal\\\/#article\",\"isPartOf\":{\"@id\":\"https:\\\/\\\/iwell-guard.com\\\/is\\\/nergal\\\/\"},\"author\":{\"name\":\"Ralf Ittermann\",\"@id\":\"https:\\\/\\\/iwell-guard.com\\\/is\\\/#\\\/schema\\\/person\\\/ee2a27f1cac3406c7c6fb5820cb7349f\"},\"headline\":\"Nergal\",\"datePublished\":\"2026-09-05T14:02:40+00:00\",\"dateModified\":\"2026-09-05T14:18:27+00:00\",\"mainEntityOfPage\":{\"@id\":\"https:\\\/\\\/iwell-guard.com\\\/is\\\/nergal\\\/\"},\"publisher\":{\"@id\":\"https:\\\/\\\/iwell-guard.com\\\/is\\\/#organization\"},\"image\":{\"@id\":\"https:\\\/\\\/iwell-guard.com\\\/is\\\/nergal\\\/#primaryimage\"},\"thumbnailUrl\":\"https:\\\/\\\/iwell-guard.com\\\/wp-content\\\/uploads\\\/2026\\\/04\\\/goetter_mesopotamien_nergal.webp\",\"inLanguage\":\"is\",\"description\":\"Nergal, str\u00ed\u00f0sgu\u00f0 og undirheimastj\u00f3ri Mes\u00f3p\u00f3tam\u00edu. Hof \u00ed Kutha, hj\u00f3naband me\u00f0 Ereshkigal, samstj\u00f3rnandi yfir Irkalla og skipulagi dau\u00f0ans.\"}]}<\/script>\n<!-- \/ Yoast SEO Premium plugin. -->","yoast_head_json":{"title":"Nergal \u2013 Str\u00ed\u00f0sgu\u00f0 og undirheimastj\u00f3ri \u00ed Mes\u00f3p\u00f3tam\u00edu","description":"Nergal, str\u00ed\u00f0sgu\u00f0 og undirheimastj\u00f3ri Mes\u00f3p\u00f3tam\u00edu. Hof \u00ed Kutha, hj\u00f3naband me\u00f0 Ereshkigal, samstj\u00f3rnandi yfir Irkalla og skipulagi dau\u00f0ans.","robots":{"index":"index","follow":"follow","max-snippet":"max-snippet:-1","max-image-preview":"max-image-preview:large","max-video-preview":"max-video-preview:-1"},"canonical":"https:\/\/iwell-guard.com\/is\/nergal\/","og_locale":"is_IS","og_type":"article","og_title":"Nergal","og_description":"Nergal, str\u00ed\u00f0sgu\u00f0 og undirheimastj\u00f3ri Mes\u00f3p\u00f3tam\u00edu. Hof \u00ed Kutha, hj\u00f3naband me\u00f0 Ereshkigal, samstj\u00f3rnandi yfir Irkalla og skipulagi dau\u00f0ans.","og_url":"https:\/\/iwell-guard.com\/is\/nergal\/","og_site_name":"iWell Guard","article_modified_time":"2026-09-05T14:18:27+00:00","og_image":[{"width":1024,"height":1536,"url":"https:\/\/iwell-guard.com\/wp-content\/uploads\/2026\/04\/goetter_mesopotamien_nergal.webp","type":"image\/webp"}],"twitter_card":"summary_large_image","schema":{"@context":"https:\/\/schema.org","@graph":[{"@type":"Article","@id":"https:\/\/iwell-guard.com\/is\/nergal\/#article","isPartOf":{"@id":"https:\/\/iwell-guard.com\/is\/nergal\/"},"author":{"name":"Ralf Ittermann","@id":"https:\/\/iwell-guard.com\/is\/#\/schema\/person\/ee2a27f1cac3406c7c6fb5820cb7349f"},"headline":"Nergal","datePublished":"2026-09-05T14:02:40+00:00","dateModified":"2026-09-05T14:18:27+00:00","mainEntityOfPage":{"@id":"https:\/\/iwell-guard.com\/is\/nergal\/"},"publisher":{"@id":"https:\/\/iwell-guard.com\/is\/#organization"},"image":{"@id":"https:\/\/iwell-guard.com\/is\/nergal\/#primaryimage"},"thumbnailUrl":"https:\/\/iwell-guard.com\/wp-content\/uploads\/2026\/04\/goetter_mesopotamien_nergal.webp","inLanguage":"is","description":"Nergal, str\u00ed\u00f0sgu\u00f0 og undirheimastj\u00f3ri Mes\u00f3p\u00f3tam\u00edu. Hof \u00ed Kutha, hj\u00f3naband me\u00f0 Ereshkigal, samstj\u00f3rnandi yfir Irkalla og skipulagi dau\u00f0ans."},{"@type":"WebPage","@id":"https:\/\/iwell-guard.com\/is\/nergal\/","url":"https:\/\/iwell-guard.com\/is\/nergal\/","name":"Nergal \u2013 Str\u00ed\u00f0sgu\u00f0 og undirheimastj\u00f3ri \u00ed Mes\u00f3p\u00f3tam\u00edu","isPartOf":{"@id":"https:\/\/iwell-guard.com\/is\/#website"},"primaryImageOfPage":{"@id":"https:\/\/iwell-guard.com\/is\/nergal\/#primaryimage"},"image":{"@id":"https:\/\/iwell-guard.com\/is\/nergal\/#primaryimage"},"thumbnailUrl":"https:\/\/iwell-guard.com\/wp-content\/uploads\/2026\/04\/goetter_mesopotamien_nergal.webp","datePublished":"2026-09-05T14:02:40+00:00","dateModified":"2026-09-05T14:18:27+00:00","description":"Nergal, str\u00ed\u00f0sgu\u00f0 og undirheimastj\u00f3ri Mes\u00f3p\u00f3tam\u00edu. Hof \u00ed Kutha, hj\u00f3naband me\u00f0 Ereshkigal, samstj\u00f3rnandi yfir Irkalla og skipulagi dau\u00f0ans.","breadcrumb":{"@id":"https:\/\/iwell-guard.com\/is\/nergal\/#breadcrumb"},"inLanguage":"is","potentialAction":[{"@type":"ReadAction","target":["https:\/\/iwell-guard.com\/is\/nergal\/"]}]},{"@type":"ImageObject","inLanguage":"is","@id":"https:\/\/iwell-guard.com\/is\/nergal\/#primaryimage","url":"https:\/\/iwell-guard.com\/wp-content\/uploads\/2026\/04\/goetter_mesopotamien_nergal.webp","contentUrl":"https:\/\/iwell-guard.com\/wp-content\/uploads\/2026\/04\/goetter_mesopotamien_nergal.webp","width":1024,"height":1536,"caption":"Gu\u00f0ir \u00far mes\u00f3p\u00f3tam\u00edskri hef\u00f0."},{"@type":"BreadcrumbList","@id":"https:\/\/iwell-guard.com\/is\/nergal\/#breadcrumb","itemListElement":[{"@type":"ListItem","position":1,"name":"Start","item":"https:\/\/iwell-guard.com\/is\/?page_id=168580"},{"@type":"ListItem","position":2,"name":"Nergal"}]},{"@type":"WebSite","@id":"https:\/\/iwell-guard.com\/is\/#website","url":"https:\/\/iwell-guard.com\/is\/","name":"iWell Guard","description":"Schutz vor dunklen Einfl\u00fcssen","publisher":{"@id":"https:\/\/iwell-guard.com\/is\/#organization"},"potentialAction":[{"@type":"SearchAction","target":{"@type":"EntryPoint","urlTemplate":"https:\/\/iwell-guard.com\/is\/?s={search_term_string}"},"query-input":{"@type":"PropertyValueSpecification","valueRequired":true,"valueName":"search_term_string"}}],"inLanguage":"is"},{"@type":"Organization","@id":"https:\/\/iwell-guard.com\/is\/#organization","name":"Ittermann electronic GmbH","url":"https:\/\/iwell-guard.com\/is\/","logo":{"@type":"ImageObject","inLanguage":"is","@id":"https:\/\/iwell-guard.com\/is\/#\/schema\/logo\/image\/","url":"https:\/\/iwell-guard.com\/wp-content\/uploads\/2026\/05\/Ittermann-Logo-1182x237-1.png","contentUrl":"https:\/\/iwell-guard.com\/wp-content\/uploads\/2026\/05\/Ittermann-Logo-1182x237-1.png","width":1182,"height":237,"caption":"Ittermann electronic GmbH"},"image":{"@id":"https:\/\/iwell-guard.com\/is\/#\/schema\/logo\/image\/"},"sameAs":["https:\/\/pantip.com\/profile\/9367242","https:\/\/micro.blog\/iwellguard","https:\/\/www.diggerslist.com\/iwellguard\/about","https:\/\/skitterphoto.com\/photographers\/2870314\/iwell-guard","https:\/\/iwellguard.wordpress.com\/2026\/06\/06\/iwell-guard\/","https:\/\/hub.docker.com\/u\/iwellguard","https:\/\/www.pinterest.com\/iwellguard\/","https:\/\/bit.ly\/m\/iwellguard","https:\/\/entre-vos-mains.alsace.eu\/profiles\/iwellguard\/activity","https:\/\/gravatar.com\/reallybeded8fd34","https:\/\/naijamatta.com\/iwellguard","https:\/\/www.goodreads.com\/iwellguard","https:\/\/profile.hatena.ne.jp\/iwellguard\/","https:\/\/experiment.com\/users\/iwellguard","https:\/\/wakelet.com\/@iWellGuard82270","https:\/\/www.chordie.com\/forum\/profile.php?id=2555664","https:\/\/www.instapaper.com\/p\/17757966","https:\/\/www.mapleprimes.com\/users\/iwellguard","https:\/\/businesslistingplus.com\/profile\/iwell-guard\/","https:\/\/telegra.ph\/iWell-Guard-06-06","https:\/\/pbase.com\/iwellguard\/iwellguard","https:\/\/b.hatena.ne.jp\/iwellguard\/20260607#bookmark-4788405196491818882","https:\/\/fliphtml5.com\/home\/iwellguard","https:\/\/anyflip.com\/homepage\/cmiwl#About","https:\/\/transfur.com\/Users\/iwellguard","http:\/\/delphi.larsbo.org\/user\/iwellguard","https:\/\/jobs.lajobsportal.org\/profiles\/8380803-iwell-guard","https:\/\/md.chaosdorf.de\/s\/jfbe5SBdJD","https:\/\/www.lingvolive.com\/en-us\/profile\/9ecaeaca-ce11-4e51-9e71-01d55e2bff36\/translations","https:\/\/www.fitday.com\/fitness\/forums\/members\/iwellguard.html","https:\/\/www.mymeetbook.com\/iwellguard","https:\/\/pxhere.com\/en\/photographer-me\/5040798","https:\/\/disqus.com\/by\/iwellguard\/about\/","https:\/\/pastelink.net\/hjwciqwq","https:\/\/pubhtml5.com\/homepage\/scjhn\/","https:\/\/www.bitchute.com\/channel\/2O2eOKzNqujT","https:\/\/audiomack.com\/iwellguard"]},{"@type":"Person","@id":"https:\/\/iwell-guard.com\/is\/#\/schema\/person\/ee2a27f1cac3406c7c6fb5820cb7349f","name":"Ralf Ittermann","image":{"@type":"ImageObject","inLanguage":"is","@id":"https:\/\/secure.gravatar.com\/avatar\/073c0153e350a5005b68eb752b445fea71f6b24a26da9449ad7e155e6b446c9d?s=96&d=mm&r=g","url":"https:\/\/secure.gravatar.com\/avatar\/073c0153e350a5005b68eb752b445fea71f6b24a26da9449ad7e155e6b446c9d?s=96&d=mm&r=g","contentUrl":"https:\/\/secure.gravatar.com\/avatar\/073c0153e350a5005b68eb752b445fea71f6b24a26da9449ad7e155e6b446c9d?s=96&d=mm&r=g","caption":"Ralf Ittermann"},"givenName":"Ralf","familyName":"Ittermann","jobTitle":"Gesch\u00e4ftsf\u00fchrer und redaktioneller Verantwortlicher","url":"https:\/\/iwell-guard.com\/is\/author\/claude\/","description":"Ralf Ittermann ist Gesch\u00e4ftsf\u00fchrer der Ittermann electronic GmbH und redaktioneller Verantwortlicher des iWell-Guard-Lexikons. Er verbindet langj\u00e4hrige Erfahrung in der Pr\u00e4zisionsfertigung mit medialer Praxis und religionsgeschichtlicher Quellenarbeit.","worksFor":{"@type":"Organization","name":"Ittermann electronic GmbH","url":"https:\/\/ittermann.de\/","address":{"@type":"PostalAddress","streetAddress":"K\u00f6hlergasse 16-18","postalCode":"99842","addressLocality":"Ruhla","addressCountry":"DE"}},"knowsAbout":["Religionsgeschichte","Mythologie","Mediale Praxis","Energetische Diagnostik","Schutzpraxis","Volksglauben","Westliche Esoterik"]},{"@type":"Article","@id":"https:\/\/iwell-guard.com\/is\/nergal\/#article","isPartOf":{"@id":"https:\/\/iwell-guard.com\/is\/nergal\/"},"author":{"name":"Ralf Ittermann","@id":"https:\/\/iwell-guard.com\/is\/#\/schema\/person\/ee2a27f1cac3406c7c6fb5820cb7349f"},"headline":"Nergal","datePublished":"2026-09-05T14:02:40+00:00","dateModified":"2026-09-05T14:18:27+00:00","mainEntityOfPage":{"@id":"https:\/\/iwell-guard.com\/is\/nergal\/"},"publisher":{"@id":"https:\/\/iwell-guard.com\/is\/#organization"},"image":{"@id":"https:\/\/iwell-guard.com\/is\/nergal\/#primaryimage"},"thumbnailUrl":"https:\/\/iwell-guard.com\/wp-content\/uploads\/2026\/04\/goetter_mesopotamien_nergal.webp","inLanguage":"is","description":"Nergal, str\u00ed\u00f0sgu\u00f0 og undirheimastj\u00f3ri Mes\u00f3p\u00f3tam\u00edu. Hof \u00ed Kutha, hj\u00f3naband me\u00f0 Ereshkigal, samstj\u00f3rnandi yfir Irkalla og skipulagi dau\u00f0ans."}]}},"_links":{"self":[{"href":"https:\/\/iwell-guard.com\/is\/wp-json\/wp\/v2\/pages\/168749","targetHints":{"allow":["GET"]}}],"collection":[{"href":"https:\/\/iwell-guard.com\/is\/wp-json\/wp\/v2\/pages"}],"about":[{"href":"https:\/\/iwell-guard.com\/is\/wp-json\/wp\/v2\/types\/page"}],"author":[{"embeddable":true,"href":"https:\/\/iwell-guard.com\/is\/wp-json\/wp\/v2\/users\/3"}],"replies":[{"embeddable":true,"href":"https:\/\/iwell-guard.com\/is\/wp-json\/wp\/v2\/comments?post=168749"}],"version-history":[{"count":0,"href":"https:\/\/iwell-guard.com\/is\/wp-json\/wp\/v2\/pages\/168749\/revisions"}],"wp:featuredmedia":[{"embeddable":true,"href":"https:\/\/iwell-guard.com\/is\/wp-json\/wp\/v2\/media\/1736"}],"wp:attachment":[{"href":"https:\/\/iwell-guard.com\/is\/wp-json\/wp\/v2\/media?parent=168749"}],"wp:term":[{"taxonomy":"category","embeddable":true,"href":"https:\/\/iwell-guard.com\/is\/wp-json\/wp\/v2\/categories?post=168749"}],"curies":[{"name":"wp","href":"https:\/\/api.w.org\/{rel}","templated":true}]}}