{"id":168748,"date":"2026-09-05T14:02:39","date_gmt":"2026-09-05T14:02:39","guid":{"rendered":"https:\/\/iwell-guard.com\/?page_id=168748"},"modified":"2026-09-05T14:18:26","modified_gmt":"2026-09-05T14:18:26","slug":"astralverur","status":"publish","type":"page","link":"https:\/\/iwell-guard.com\/is\/astralverur\/","title":{"rendered":"Stj\u00f6rnuverur"},"content":{"rendered":"\t\t<div data-elementor-type=\"wp-page\" data-elementor-id=\"168748\" class=\"elementor elementor-168748 elementor-1960 elementor-bc-flex-widget\" data-elementor-post-type=\"page\">\n\t\t\t\t<div class=\"elementor-element elementor-element-am-astral-hero e-flex e-con-boxed e-con e-parent\" data-id=\"am-astral-hero\" data-element_type=\"container\" data-e-type=\"container\" data-settings=\"{&quot;background_background&quot;:&quot;classic&quot;}\">\n\t\t\t\t\t<div class=\"e-con-inner\">\n\t\t<div class=\"elementor-element elementor-element-am-astral-herohl e-flex e-con-boxed e-con e-child\" data-id=\"am-astral-herohl\" data-element_type=\"container\" data-e-type=\"container\">\n\t\t\t\t\t<div class=\"e-con-inner\">\n\t\t<div class=\"elementor-element elementor-element-am-astral-c3ceb6 e-con-full e-flex e-con e-child\" data-id=\"am-astral-c3ceb6\" data-element_type=\"container\" data-e-type=\"container\">\n\t\t\t\t<div class=\"elementor-element elementor-element-am-astral-96ae5e elementor-widget elementor-widget-heading\" data-id=\"am-astral-96ae5e\" data-element_type=\"widget\" data-e-type=\"widget\" data-widget_type=\"heading.default\">\n\t\t\t\t\t<h1 class=\"elementor-heading-title elementor-size-default\">Astralverur, f\u00ednger\u00f0ar verundir og lj\u00f3sl\u00edkamar<\/h1>\t\t\t\t<\/div>\n\t\t\t\t<div class=\"elementor-element elementor-element-am-astral-e45238 elementor-widget elementor-widget-text-editor\" data-id=\"am-astral-e45238\" data-element_type=\"widget\" data-e-type=\"widget\" data-widget_type=\"text-editor.default\">\n\t\t\t\t\t\t\t\t\t<p class=\"iwg-lead\">Astralverur er samheiti yfir <strong>f\u00ednger\u00f0ar verundir<\/strong> og <strong>lj\u00f3sl\u00edkama<\/strong> sem \u00ed gu\u00f0spekilegri og antr\u00f3p\u00f3s\u00f3f\u00edskri hef\u00f0 eru sta\u00f0settar \u00e1 milli hins gr\u00f3fefnislega heims og hins gu\u00f0lega uppruna.<\/p>\n<p>Astralverur eru <strong>yfirn\u00e1tt\u00farulegar verur utan hins efnislega heims<\/strong> sem samkv\u00e6mt dulspekilegri hef\u00f0 byggja f\u00ednger\u00f0 svi\u00f0.<\/p><p>Astralverur eru verundir sem \u00ed frumspekilegum heimsmyndum eru sta\u00f0settar \u00e1 astralsvi\u00f0inu e\u00f0a \u00e1 millisvi\u00f0um, sj\u00e1lfst\u00e6\u00f0ar vitundarform milli hins efnislega og andlega svi\u00f0s me\u00f0 eigin athafnagetu.<\/p><p>Hugmyndafr\u00e6\u00f0ilega eiga \u00fe\u00e6r r\u00e6tur \u00ed gu\u00f0spekilegum, antr\u00f3p\u00f3s\u00f3f\u00edskum og sp\u00edrit\u00edskum kerfum 19. og 20. aldar, auk eldri sjaman\u00edskra hugmynda um andadvala. Tilvist \u00feeirra er umdeild \u00fat fr\u00e1 v\u00edsindalegu sj\u00f3narhorni en tr\u00faars\u00f6gulega vel skjalfest og skipul\u00f6g\u00f0. \u00deessi hugmynd kom fram samhli\u00f0a \u00ed gu\u00f0spekilegum og dulspekilegum hreyfingum s\u00ed\u00f0la \u00e1 19. \u00f6ld.<\/p>\t\t\t\t\t\t\t\t<\/div>\n\t\t\t\t<\/div>\n\t\t<div class=\"elementor-element elementor-element-am-astral-klsbdg e-con-full e-flex e-con e-parent\" data-id=\"am-astral-klsbdg\" data-element_type=\"container\" data-e-type=\"container\">\n\t\t\t\t<div class=\"elementor-element elementor-element-am-astral-klshtm elementor-widget elementor-widget-html\" data-id=\"am-astral-klshtm\" data-element_type=\"widget\" data-e-type=\"widget\" data-widget_type=\"html.default\">\n\t\t\t\t\t<div class=\"iwg-pill-row\"><span class=\"iwg-klasse-badge\" tabindex=\"0\" data-tooltip=\"Yfirlit yfir flokk: Mi\u00f0l\u00e6gur s\u00ed\u00f0a um v\u00e6ttaflokk (helverur, n\u00e1ttv\u00e6ttir o.fl.), skipul\u00f6g\u00f0 eftir virkni, \u00fevert \u00e1 menningarheima.\">Flokkayfirlit<\/span><span class=\"iwg-kultur-badge\" tabindex=\"0\" data-tooltip=\"Fyrirb\u00e6ri sem gengur \u00fevert \u00e1 menningarheima, sta\u00f0fest \u00ed m\u00f6rgum menningarheimum me\u00f0 \u00e1\u00feekkri byggingu.\">\u00devert \u00e1 menningarheima<\/span><\/div>\t\t\t\t<\/div>\n\t\t\t\t<\/div>\n\t\t<div class=\"elementor-element elementor-element-am-astral-3f7485 e-con-full e-flex e-con e-child\" data-id=\"am-astral-3f7485\" data-element_type=\"container\" data-e-type=\"container\">\n\t\t\t\t<div class=\"elementor-element elementor-element-am-astral-1c3036 elementor-toc--minimized-on-tablet elementor-widget elementor-widget-table-of-contents\" data-id=\"am-astral-1c3036\" data-element_type=\"widget\" data-e-type=\"widget\" data-settings=\"{&quot;exclude_headings_by_selector&quot;:[],&quot;no_headings_message&quot;:&quot;Engar undirfyrirsagnir fundust \\u00e1 \\u00feessari s\\u00ed\\u00f0u.&quot;,&quot;headings_by_tags&quot;:[&quot;h2&quot;,&quot;h3&quot;],&quot;marker_view&quot;:&quot;bullets&quot;,&quot;minimize_box&quot;:&quot;yes&quot;,&quot;icon&quot;:{&quot;value&quot;:&quot;fas fa-circle&quot;,&quot;library&quot;:&quot;fa-solid&quot;,&quot;rendered_tag&quot;:&quot;&lt;svg class=\\&quot;e-font-icon-svg e-fas-circle\\&quot; viewBox=\\&quot;0 0 512 512\\&quot; xmlns=\\&quot;http:\\\/\\\/www.w3.org\\\/2000\\\/svg\\&quot;&gt;&lt;path d=\\&quot;M256 8C119 8 8 119 8 256s111 248 248 248 248-111 248-248S393 8 256 8z\\&quot;&gt;&lt;\\\/path&gt;&lt;\\\/svg&gt;&quot;},&quot;minimized_on&quot;:&quot;tablet&quot;,&quot;hierarchical_view&quot;:&quot;yes&quot;,&quot;min_height&quot;:{&quot;unit&quot;:&quot;px&quot;,&quot;size&quot;:&quot;&quot;,&quot;sizes&quot;:[]},&quot;min_height_tablet&quot;:{&quot;unit&quot;:&quot;px&quot;,&quot;size&quot;:&quot;&quot;,&quot;sizes&quot;:[]},&quot;min_height_mobile&quot;:{&quot;unit&quot;:&quot;px&quot;,&quot;size&quot;:&quot;&quot;,&quot;sizes&quot;:[]}}\" data-widget_type=\"table-of-contents.default\">\n\t\t\t\t\t\t\t\t\t<div class=\"elementor-toc__header\">\n\t\t\t\t\t\t<h2 class=\"elementor-toc__header-title\">\n\t\t\t\tEfnisyfirlit\t\t\t<\/h2>\n\t\t\t\t\t\t\t\t\t\t<div class=\"elementor-toc__toggle-button elementor-toc__toggle-button--expand\" role=\"button\" tabindex=\"0\" aria-controls=\"elementor-toc__am-astral-1c3036\" aria-expanded=\"true\" aria-label=\"Open table of contents\"><svg aria-hidden=\"true\" class=\"e-font-icon-svg e-fas-chevron-down\" viewBox=\"0 0 448 512\" xmlns=\"http:\/\/www.w3.org\/2000\/svg\"><path d=\"M207.029 381.476L12.686 187.132c-9.373-9.373-9.373-24.569 0-33.941l22.667-22.667c9.357-9.357 24.522-9.375 33.901-.04L224 284.505l154.745-154.021c9.379-9.335 24.544-9.317 33.901.04l22.667 22.667c9.373 9.373 9.373 24.569 0 33.941L240.971 381.476c-9.373 9.372-24.569 9.372-33.942 0z\"><\/path><\/svg><\/div>\n\t\t\t\t<div class=\"elementor-toc__toggle-button elementor-toc__toggle-button--collapse\" role=\"button\" tabindex=\"0\" aria-controls=\"elementor-toc__am-astral-1c3036\" aria-expanded=\"true\" aria-label=\"Close table of contents\"><svg aria-hidden=\"true\" class=\"e-font-icon-svg e-fas-chevron-up\" viewBox=\"0 0 448 512\" xmlns=\"http:\/\/www.w3.org\/2000\/svg\"><path d=\"M240.971 130.524l194.343 194.343c9.373 9.373 9.373 24.569 0 33.941l-22.667 22.667c-9.357 9.357-24.522 9.375-33.901.04L224 227.495 69.255 381.516c-9.379 9.335-24.544 9.317-33.901-.04l-22.667-22.667c-9.373-9.373-9.373-24.569 0-33.941L207.03 130.525c9.372-9.373 24.568-9.373 33.941-.001z\"><\/path><\/svg><\/div>\n\t\t\t\t\t<\/div>\n\t\t\t\t<div id=\"elementor-toc__am-astral-1c3036\" class=\"elementor-toc__body\">\n\t\t\t<div class=\"elementor-toc__spinner-container\">\n\t\t\t\t<svg class=\"elementor-toc__spinner eicon-animation-spin e-font-icon-svg e-eicon-loading\" aria-hidden=\"true\" viewBox=\"0 0 1000 1000\" xmlns=\"http:\/\/www.w3.org\/2000\/svg\"><path d=\"M500 975V858C696 858 858 696 858 500S696 142 500 142 142 304 142 500H25C25 237 238 25 500 25S975 237 975 500 763 975 500 975Z\"><\/path><\/svg>\t\t\t<\/div>\n\t\t<\/div>\n\t\t\t\t\t\t<\/div>\n\t\t\t\t<\/div>\n\t\t\t\t\t<\/div>\n\t\t\t\t<\/div>\n\t\t<div class=\"elementor-element elementor-element-am-astral-herorg e-flex e-con-boxed e-con e-child\" data-id=\"am-astral-herorg\" data-element_type=\"container\" data-e-type=\"container\">\n\t\t\t\t\t<div class=\"e-con-inner\">\n\t\t\t\t<div class=\"elementor-element elementor-element-am-astral-heroim iwg-hero-image elementor-widget elementor-widget-image\" data-id=\"am-astral-heroim\" data-element_type=\"widget\" data-e-type=\"widget\" data-widget_type=\"image.default\">\n\t\t\t\t\t\t\t\t\t\t\t\t\t\t\t<img fetchpriority=\"high\" decoding=\"async\" width=\"683\" height=\"1024\" src=\"https:\/\/iwell-guard.com\/wp-content\/uploads\/2026\/05\/lichtwesen_astralwesen-683x1024.webp\" class=\"attachment-large size-large wp-image-170881\" alt=\"Stjarnverur \u2014 verur handan hins efnislega heims\" srcset=\"https:\/\/iwell-guard.com\/wp-content\/uploads\/2026\/05\/lichtwesen_astralwesen-683x1024.webp 683w, https:\/\/iwell-guard.com\/wp-content\/uploads\/2026\/05\/lichtwesen_astralwesen-200x300.webp 200w, https:\/\/iwell-guard.com\/wp-content\/uploads\/2026\/05\/lichtwesen_astralwesen-768x1152.webp 768w, https:\/\/iwell-guard.com\/wp-content\/uploads\/2026\/05\/lichtwesen_astralwesen.webp 1024w\" sizes=\"(max-width: 683px) 100vw, 683px\" \/>\t\t\t\t\t\t\t\t\t\t\t\t\t\t\t<\/div>\n\t\t\t\t\t<\/div>\n\t\t\t\t<\/div>\n\t\t\t\t\t<\/div>\n\t\t\t\t<\/div>\n\t\t<div class=\"elementor-element elementor-element-wmd-s1 e-con-boxed e-flex e-con e-parent\" data-id=\"wmd-s1\" data-element_type=\"container\" data-e-type=\"container\">\n\t\t\t\t\t<div class=\"e-con-inner\">\n\t\t\t\t<div class=\"elementor-element elementor-element-wmd-h1 elementor-widget elementor-widget-heading\" data-id=\"wmd-h1\" data-element_type=\"widget\" data-e-type=\"widget\" id=\"wmd-h1\" data-widget_type=\"heading.default\">\n\t\t\t\t\t<h2 class=\"elementor-heading-title elementor-size-default\">Hugtak og afm\u00f6rkun<\/h2>\t\t\t\t<\/div>\n\t\t<div class=\"elementor-element elementor-element-am-wmdt1-bw e-flex e-con-boxed e-con e-child\" data-id=\"am-wmdt1-bw\" data-element_type=\"container\" data-e-type=\"container\" data-settings=\"{&quot;background_background&quot;:&quot;classic&quot;}\">\n\t\t\t\t\t<div class=\"e-con-inner\">\n\t\t\t\t<div class=\"elementor-element elementor-element-wmd-t1 elementor-widget elementor-widget-text-editor\" data-id=\"wmd-t1\" data-element_type=\"widget\" data-e-type=\"widget\" data-widget_type=\"text-editor.default\">\n\t\t\t\t\t\t\t\t\t<p>Astralverur eru <strong>f\u00ednger\u00f0ar verundir<\/strong> \u00ed kerfum sem gera r\u00e1\u00f0 fyrir margskiptri <span class=\"iwg-fachbegriff\" data-tooltip=\"Hugmynd um uppbyggingu og skipulag heimsins innan tiltekinnar menningar.\" tabindex=\"0\">heimsmynd<\/span> (kosm\u00f3l\u00f3g\u00edu). \u00de\u00e6r eru fr\u00e1brug\u00f0nar \u00f6ndum a\u00f0 \u00fev\u00ed leyti a\u00f0 andar eru a\u00f0 jafna\u00f0i framli\u00f0nir menn, me\u00f0an astralverur eru me\u00f0f\u00e6ddar verundir f\u00ednger\u00f0ra svi\u00f0a.<\/p><p>A\u00f0greining fr\u00e1 lj\u00f3sverum: Lj\u00f3sverur eru oft undirflokkur og leggja \u00e1herslu \u00e1 lj\u00f3mandi e\u00f0a andlega frams\u00e6kna e\u00f0li. Astralverur er v\u00ed\u00f0t\u00e6kara og hlutlausara hugtak.<\/p><p>A\u00f0greining fr\u00e1 dj\u00f6flum: Dj\u00f6flar eru oft skilgreindir sem h\u00e6ttulegir e\u00f0a af l\u00e1gri t\u00ed\u00f0ni. Astralverur eru \u00ed gu\u00f0spekilegum kerfum oft skildar sem frams\u00e6knar e\u00f0a hj\u00e1lpsamar.<\/p><p>Mikilv\u00e6gt atri\u00f0i: Astralverur eru ekki l\u00edkamlega sta\u00f0festanlegar, \u00fe\u00e6r eru frumspekilegar forsendur. \u201eRaunveruleiki&#8220; \u00feeirra er heimsfr\u00e6\u00f0ilegur, ekki v\u00edsindalega m\u00e6lanlegur.<\/p><p>Astralverur eru mi\u00f0l\u00e6gt <span class=\"iwg-fachbegriff\" data-tooltip=\"Endurteki\u00f0 efnislegt stef \u00ed list e\u00f0a fr\u00e1s\u00f6gn.\" tabindex=\"0\">stef<\/span> \u00ed n\u00fat\u00edma <span class=\"iwg-fachbegriff\" data-tooltip=\"Samheiti fyrir kenningar sem gera kr\u00f6fu um duli\u00f0 vitneskju sem a\u00f0eins innv\u00edg\u00f0ir hafa a\u00f0gang a\u00f0.\" tabindex=\"0\">dulspeki<\/span>.<\/p>\t\t\t\t\t\t\t\t<\/div>\n\t\t\t\t\t<\/div>\n\t\t\t\t<\/div>\n\t\t\t\t\t<\/div>\n\t\t\t\t<\/div>\n\t\t<div class=\"elementor-element elementor-element-wmd-s2 e-con-boxed e-flex e-con e-parent\" data-id=\"wmd-s2\" data-element_type=\"container\" data-e-type=\"container\">\n\t\t\t\t\t<div class=\"e-con-inner\">\n\t\t\t\t<div class=\"elementor-element elementor-element-wmd-h2 elementor-widget elementor-widget-heading\" data-id=\"wmd-h2\" data-element_type=\"widget\" data-e-type=\"widget\" id=\"wmd-h2\" data-widget_type=\"heading.default\">\n\t\t\t\t\t<h2 class=\"elementor-heading-title elementor-size-default\">Menningars\u00f6guleg d\u00e6mi<\/h2>\t\t\t\t<\/div>\n\t\t<div class=\"elementor-element elementor-element-am-wmdt2-bw e-flex e-con-boxed e-con e-child\" data-id=\"am-wmdt2-bw\" data-element_type=\"container\" data-e-type=\"container\" data-settings=\"{&quot;background_background&quot;:&quot;classic&quot;}\">\n\t\t\t\t\t<div class=\"e-con-inner\">\n\t\t\t\t<div class=\"elementor-element elementor-element-wmd-t2 elementor-widget elementor-widget-text-editor\" data-id=\"wmd-t2\" data-element_type=\"widget\" data-e-type=\"widget\" data-widget_type=\"text-editor.default\">\n\t\t\t\t\t\t\t\t\t<p><strong><span class=\"iwg-fachbegriff\" tabindex=\"0\" data-tooltip=\"Es\u00f3ter\u00edsk kenning, stofnu\u00f0 1875 af Helena Petrovna Blavatsky; samruni austurlenskrar visku, sp\u00edritisma og vestr\u00e6nnar dulspeki.\">Gu\u00f0speki<\/span> (<span class=\"iwg-fachbegriff\" tabindex=\"0\" data-tooltip=\"R\u00fassnesk-bandar\u00edsk dulspekingskona (1831\u20131891); annar af stofnendum Gu\u00f0spekif\u00e9lagsins.\">Helena Blavatsky<\/span>, 19. \u00f6ld)<\/strong>: Blavatsky setti fram stigveldi f\u00ednger\u00f0ra tilverusvi\u00f0a, stj\u00f6rnusvi\u00f0s, hugsvi\u00f0s, orsakasvi\u00f0s (\u00e1 sanskr\u00edt: Kama-Loka, Rupa-Loka o.s.frv.). Stj\u00f6rnuv\u00e6ttir eru \u00edb\u00faar \u00feessara svi\u00f0a, devar, fylgjendur, framli\u00f0nir meistarar. \u00deeir eru raunverulegir en \u00f3s\u00fdnilegir, vitund \u00e1n l\u00edkamlegs l\u00edkama.<\/p><p><span class=\"iwg-fachbegriff\" tabindex=\"0\" data-tooltip=\"Grein gu\u00f0spekinnar sem Rudolf Steiner \u00fer\u00f3a\u00f0i fr\u00e1 1912, me\u00f0 \u00e1herslu \u00e1 uppeldisfr\u00e6\u00f0i, l\u00e6knisfr\u00e6\u00f0i og kristsfr\u00e6\u00f0i.\">Antr\u00f3p\u00f3s\u00f3f\u00eda<\/span> (<span class=\"iwg-fachbegriff\" tabindex=\"0\" data-tooltip=\"Austurr\u00edskur dulspekingur (1861\u20131925); stofnandi antr\u00f3p\u00f3s\u00f3f\u00edu og Waldorf-uppeldisfr\u00e6\u00f0i.\">Rudolf Steiner<\/span>, 20. \u00f6ld): Steiner breytti og gagnr\u00fdndi Blavatsky, en \u00fer\u00f3a\u00f0i svipa\u00f0 stigveldiskerfi. Englafr\u00e6\u00f0i hans er sk\u00fdr, erkienglar, archangeloi, exousiai eru geimvitundir sem stj\u00f3rna e\u00f0a lei\u00f0beina.<\/p><p>Gu\u00f0spekilegar stj\u00f6rnufer\u00f0ir: Gu\u00f0spekin kenndi a\u00f0 stj\u00f6rnul\u00edkami mannsins geti stigi\u00f0 \u00fat \u00far hinum l\u00edkamlega (stj\u00f6rnuvarp), h\u00e6fileiki sem \u00fej\u00e1lfun \u00feroskar. Stj\u00f6rnusvi\u00f0in eru \u00feannig upplifanleg, ekki bara hugtakslega.<\/p><p>Vestr\u00e6nar hef\u00f0ir <span class=\"iwg-fachbegriff\" data-tooltip=\"I\u00f0kun sem fjallar um dulda krafta og a\u00f0fer\u00f0ir utan vi\u00f0urkenndra v\u00edsinda.\" tabindex=\"0\">dulspeki<\/span>: Golden Dawn, Hermetic Order og tengdir sk\u00f3lar festu stj\u00f6rnuv\u00e6ttir \u00ed kenningum s\u00ednum, sef\u00edr\u00f3t <span class=\"iwg-fachbegriff\" tabindex=\"0\" data-tooltip=\"Gy\u00f0ingleg leynd fr\u00e6\u00f0i me\u00f0 h\u00f6fu\u00f0ritunum Sefer Yetzira, S\u00f3har og l\u00far\u00ed\u00f6nsku sk\u00f3lanum; kenning um sef\u00edr\u00f3t, fj\u00f3rstafanafni\u00f0 og tikk\u00fan.\">kabbala<\/span> hafa stj\u00f6rnufr\u00e6\u00f0ilegar samsvaranir og verndarv\u00e6ttir.<\/p><p>Hind\u00faskir devar: Indverskar hef\u00f0ir hafa lengi haft kerfi f\u00ednger\u00f0ra gu\u00f0d\u00f3ma, devar eru gu\u00f0leg v\u00e6ttir \u00f3l\u00edkamlegra svi\u00f0a. \u00dea\u00f0 er eldra en <span class=\"iwg-fachbegriff\" tabindex=\"0\" data-tooltip=\"Es\u00f3ter\u00edsk kenning, stofnu\u00f0 1875 af Helena Petrovna Blavatsky; samruni austurlenskrar visku, sp\u00edritisma og dulspeki.\">gu\u00f0speki<\/span>, en gu\u00f0spekin tengdi \u00fea\u00f0 vi\u00f0 vestr\u00e6na <span class=\"iwg-fachbegriff\" data-tooltip=\"I\u00f0kun sem fjallar um dulda krafta og a\u00f0fer\u00f0ir utan vi\u00f0urkenndra v\u00edsinda.\" tabindex=\"0\">dulspeki<\/span>.<\/p><p>N\u00fat\u00edma andlegar hreyfingar: N\u00fdaldarhyggja, n\u00fat\u00edma sjamanismi, <span class=\"iwg-fachbegriff\" tabindex=\"0\" data-tooltip=\"Mi\u00f0lun bo\u00f0skapar fr\u00e1 \u00f3l\u00edkamnu\u00f0um v\u00e6ttum \u00ed gegnum mannlegan mi\u00f0il; \u00fatbreidd \u00ed n\u00fdaldarhef\u00f0inni fr\u00e1 1970.\">skilabo\u00f0ami\u00f0lun (channeling)<\/span>-hreyfingar starfa me\u00f0 skilning \u00e1 stj\u00f6rnuv\u00e6ttum. \u201eLei\u00f0s\u00f6guandar\u201c, \u201eupphafnir meistarar\u201c, \u201elj\u00f3sverur\u201c eru n\u00fat\u00edma stj\u00f6rnuv\u00e6ttir.<\/p><div><h3>Gu\u00f0spekilegt stj\u00f6rnusvi\u00f0: Leadbeater og f\u00ednger\u00f0u heimarnir<\/h3><p>N\u00fat\u00edma skilningur \u00e1 <em>stj\u00f6rnuv\u00e6ttum<\/em> stafar fyrst og fremst fr\u00e1 Gu\u00f0spekif\u00e9laginu (stofna\u00f0 1875 af Helena Petrovna Blavatsky). Charles Webster Leadbeater, fremstur gu\u00f0spekinga, l\u00fdsti \u00ed verkum eins og <em>The Inner Life<\/em> (1917) \u00f3s\u00fdnilegu <em>stj\u00f6rnusvi\u00f0i<\/em>, f\u00ednger\u00f0um raunveruleika samhli\u00f0a \u00feeim l\u00edkamlega. \u00deetta svi\u00f0 byggja mannlegir stj\u00f6rnul\u00edkamar (\u00f3me\u00f0vita\u00f0ar varpanir sofandi f\u00f3lks), framli\u00f0nir og \u00f3mennskar v\u00e6ttir.<\/p><p>L\u00fdsingar Leadbeaters, n\u00e1kv\u00e6mlega kortlag\u00f0ar me\u00f0 stigveldum, litum og hlutverkum, hafa m\u00f3ta\u00f0 vestr\u00e6na hugmynd um stj\u00f6rnusvi\u00f0i\u00f0 allt til dagsins \u00ed dag. Hann bendir \u00e1 a\u00f0 a\u00f0eins \u00fej\u00e1lfu\u00f0 vitundarf\u00e6rni geti skynja\u00f0 \u00feessar v\u00e6ttir og varar vi\u00f0 h\u00e6ttum (sn\u00edkjulegum l\u00e6gri v\u00e6ttum). \u00deessi gu\u00f0spekilega <span class=\"iwg-fachbegriff\" data-tooltip=\"Hugmynd um uppbyggingu og skipan heimsins innan tiltekinnar menningar.\" tabindex=\"0\">heimsfr\u00e6\u00f0i<\/span> er ekki bibl\u00eduleg heldur samruni indversks tantrisma, b\u00fadd\u00edskrar heimsfr\u00e6\u00f0i og vestr\u00e6nnar <span class=\"iwg-fachbegriff\" data-tooltip=\"I\u00f0kun sem fjallar um dulda krafta og a\u00f0fer\u00f0ir utan vi\u00f0urkenndra v\u00edsinda.\" tabindex=\"0\">dulspeki<\/span>.<\/p><\/div>\t\t\t\t\t\t\t\t<\/div>\n\t\t\t\t\t<\/div>\n\t\t\t\t<\/div>\n\t\t\t\t\t<\/div>\n\t\t\t\t<\/div>\n\t\t<div class=\"elementor-element elementor-element-wmd-s3 e-con-boxed e-flex e-con e-parent\" data-id=\"wmd-s3\" data-element_type=\"container\" data-e-type=\"container\">\n\t\t\t\t\t<div class=\"e-con-inner\">\n\t\t\t\t<div class=\"elementor-element elementor-element-wmd-h3 elementor-widget elementor-widget-heading\" data-id=\"wmd-h3\" data-element_type=\"widget\" data-e-type=\"widget\" id=\"wmd-h3\" data-widget_type=\"heading.default\">\n\t\t\t\t\t<h2 class=\"elementor-heading-title elementor-size-default\">Heimildasta\u00f0a<\/h2>\t\t\t\t<\/div>\n\t\t<div class=\"elementor-element elementor-element-am-wmdt3-bw e-flex e-con-boxed e-con e-child\" data-id=\"am-wmdt3-bw\" data-element_type=\"container\" data-e-type=\"container\" data-settings=\"{&quot;background_background&quot;:&quot;classic&quot;}\">\n\t\t\t\t\t<div class=\"e-con-inner\">\n\t\t\t\t<div class=\"elementor-element elementor-element-wmd-t3 elementor-widget elementor-widget-text-editor\" data-id=\"wmd-t3\" data-element_type=\"widget\" data-e-type=\"widget\" data-widget_type=\"text-editor.default\">\n\t\t\t\t\t\t\t\t\t<p>Gu\u00f0spekilegt: Blavatsky (The Secret Doctrine, Isis Unveiled), Annie Besant, Charles Leadbeater (The Astral Plane). Antr\u00f3p\u00f3s\u00f3f\u00edskt: Rudolf Steiner (Gesammeltes Werk, s\u00e9rstaklega um stigveldi og engla). <span class=\"iwg-fachbegriff\" data-tooltip=\"I\u00f0kun sem fjallar um dulda krafta og a\u00f0fer\u00f0ir utan vi\u00f0urkenndra v\u00edsinda.\" tabindex=\"0\">Dulspeki<\/span>: Golden Dawn Teachings, Hermetic Texts. Hind\u00fa\u00edskt: <span class=\"iwg-fachbegriff\" tabindex=\"0\" data-tooltip=\"Safn heimspekitexta \u00ed lok v\u00e9da-hef\u00f0arinnar (um 800\u2013500 f.Kr.); grundv\u00f6llur vedanta-heimspekinnar.\">Upanishad-ritin<\/span>, vedanta-heimspeki, <span class=\"iwg-fachbegriff\" tabindex=\"0\" data-tooltip=\"Tr\u00faarleg-rit\u00faal hef\u00f0 \u00ed hind\u00faisma og b\u00faddisma me\u00f0 kenningu um orkup\u00f3lun.\">tantra<\/span>-textar. N\u00fat\u00edma: n\u00fdaldarrit, <span class=\"iwg-fachbegriff\" tabindex=\"0\" data-tooltip=\"Mi\u00f0lun bo\u00f0skapar fr\u00e1 \u00f3l\u00edkamnu\u00f0um v\u00e6ttum \u00ed gegnum mannlegan mi\u00f0il.\">skilabo\u00f0ami\u00f0lunar (channeling)<\/span>-textar, n\u00fat\u00edma andleg fr\u00e6\u00f0irit.<\/p><div><h3>N\u00fdaldar-skilabo\u00f0ami\u00f0lun og geimveruskrif: Pleja\u00f0urinn og skri\u00f0d\u00fdraverur<\/h3><p>Me\u00f0 hipp\u00edahreyfingu 1960 \u00e1ratugarins upplif\u00f0i stj\u00f6rnusvi\u00f0skenningin endurn\u00fdjun. N\u00fdaldarmi\u00f0lar f\u00f3ru a\u00f0 stunda skilabo\u00f0ami\u00f0lun (channeling), \u00fea\u00f0 er a\u00f0 taka \u00e1 m\u00f3ti skilabo\u00f0um fr\u00e1 handanheimsv\u00e6ttum.<\/p><p>Ein \u00e1berandi fr\u00e1sagnarl\u00edna sn\u00fdr a\u00f0 <em>Pleja\u00f0unum<\/em>, stj\u00f6rnukerfi 400 lj\u00f3s\u00e1r \u00ed burtu: Mi\u00f0lar eins og Barbara Marciniak (<em>Bringers of the Dawn<\/em>, 1992) segjast taka \u00e1 m\u00f3ti skilabo\u00f0um fr\u00e1 pleja\u00f0\u00edskum v\u00e6ttum sem starfa sem fram\u00fer\u00f3a\u00f0ir lei\u00f0s\u00f6guandar.<\/p><p>Samhli\u00f0a \u00feessu var\u00f0 til skri\u00f0d\u00fdravera-kenningin (ger\u00f0 vins\u00e6l af David Icke fr\u00e1 t\u00edunda \u00e1ratug 20. aldar), sem segir a\u00f0 skri\u00f0d\u00fdrakynstofn stj\u00f3rni j\u00f6r\u00f0inni. \u00deessar fr\u00e1sagnir eru ekki v\u00edsindalegar en menningarlega \u00e1hrifamiklar: \u00fe\u00e6r bj\u00f3\u00f0a upp \u00e1 a\u00f0ra \u00fatsk\u00fdringu \u00e1 valda\u00f3j\u00f6fnu\u00f0i og sta\u00f0setja mi\u00f0lana sem sannleikssegjendur. \u00deessi umr\u00e6\u00f0a um stj\u00f6rnuv\u00e6ttir s\u00fdnir a\u00f0 n\u00fat\u00edma vestr\u00e6n tr\u00faarvitund hefur samlaga\u00f0 hi\u00f0 geimverufr\u00e6\u00f0ilega.<\/p><\/div>\t\t\t\t\t\t\t\t<\/div>\n\t\t\t\t\t<\/div>\n\t\t\t\t<\/div>\n\t\t\t\t\t<\/div>\n\t\t\t\t<\/div>\n\t\t<div class=\"elementor-element elementor-element-wmd-s4 e-con-boxed e-flex e-con e-parent\" data-id=\"wmd-s4\" data-element_type=\"container\" data-e-type=\"container\">\n\t\t\t\t\t<div class=\"e-con-inner\">\n\t\t\t\t<div class=\"elementor-element elementor-element-wmd-h4 elementor-widget elementor-widget-heading\" data-id=\"wmd-h4\" data-element_type=\"widget\" data-e-type=\"widget\" id=\"wmd-h4\" data-widget_type=\"heading.default\">\n\t\t\t\t\t<h2 class=\"elementor-heading-title elementor-size-default\">Merking \u00ed dag \/ Tengdar verur<\/h2>\t\t\t\t<\/div>\n\t\t<div class=\"elementor-element elementor-element-am-wmdt4-bw e-flex e-con-boxed e-con e-child\" data-id=\"am-wmdt4-bw\" data-element_type=\"container\" data-e-type=\"container\" data-settings=\"{&quot;background_background&quot;:&quot;classic&quot;}\">\n\t\t\t\t\t<div class=\"e-con-inner\">\n\t\t\t\t<div class=\"elementor-element elementor-element-wmd-t4 elementor-widget elementor-widget-text-editor\" data-id=\"wmd-t4\" data-element_type=\"widget\" data-e-type=\"widget\" data-widget_type=\"text-editor.default\">\n\t\t\t\t\t\t\t\t\t<p>Stj\u00f6rnuverur (astralverur) eru \u00e1fram mi\u00f0l\u00e6gar \u00ed n\u00fat\u00edma n\u00fdaldarhyggju, andatr\u00fa og dulspekilegum h\u00f3pum. \u00de\u00e6r bj\u00f3\u00f0a upp \u00e1 <span class=\"iwg-fachbegriff\" data-tooltip=\"Hugmynd um uppbyggingu og skipulag heimsins innan tiltekinnar menningar.\" tabindex=\"0\">heimsfr\u00e6\u00f0i<\/span> \u00fear sem me\u00f0vitund og t\u00f6frandi \u00e1hrif eru m\u00f6guleg \u00e1 m\u00f6rgum svi\u00f0um. S\u00e1lfr\u00e6\u00f0ilega m\u00e1 skilja stj\u00f6rnuverur sem frummyndir e\u00f0a v\u00f6rpun undirme\u00f0vitundar, \u00e1n \u00feess a\u00f0 \u00fe\u00f6rf s\u00e9 \u00e1 frumspekilegri t\u00falkun. \u00cd menningarheimum me\u00f0 langa hef\u00f0 fyrir f\u00ednger\u00f0ri <span class=\"iwg-fachbegriff\" data-tooltip=\"Hugmynd um uppbyggingu og skipulag heimsins innan tiltekinnar menningar.\" tabindex=\"0\">heimsfr\u00e6\u00f0i<\/span> (hind\u00faisma, ta\u00f3isma) lifa hugt\u00f6k \u00e1\u00feekk stj\u00f6rnuverum \u00e1fram sem heimspekileg hugsun.<\/p><p>Skyldar i\u00f0kanir: <a href=\"https:\/\/iwell-guard.com\/is\/?page_id=168678\">lj\u00f3sverur<\/a> (\u00e6\u00f0ra settar), <a href=\"https:\/\/iwell-guard.com\/is\/?page_id=168867\">englafr\u00e6\u00f0i<\/a> (ef s\u00e9rst\u00f6k s\u00ed\u00f0a er til), huglei\u00f0sla \u00e1 f\u00ednger\u00f0um svi\u00f0um, stj\u00f6rnuvarp (astralvarp).<\/p><div><h3>Snertireynsla og UFO-tr\u00faarhyggja<\/h3><p>Stj\u00f6rnuverur renna saman vi\u00f0 UFO-or\u00f0r\u00e6\u00f0u \u00ed d\u00e6gurmenningu. F\u00f3lk sem telur sig hafa upplifa\u00f0 snertingu vi\u00f0 geimverur (mannr\u00e1n, samskipti, l\u00edkamlega fundi) t\u00falkar \u00feessa reynslu oft sem fyrirb\u00e6ri \u00e1 stj\u00f6rnusvi\u00f0inu, \u00fev\u00ed m\u00f6rkin milli hins efnislega og hins f\u00ednger\u00f0a eru gropin \u00ed hugsun um stj\u00f6rnuverur.<\/p><p>UFO-tr\u00faarhreyfingar \u00e1 bor\u00f0 vi\u00f0 <em>Raelian Movement<\/em> (stofnu\u00f0 1974) e\u00f0a eldri <em>Flying-Saucer-Cults<\/em> n\u00fdta <span class=\"iwg-fachbegriff\" data-tooltip=\"Hugmynd um uppbyggingu og skipulag heimsins innan tiltekinnar menningar.\" tabindex=\"0\">heimsfr\u00e6\u00f0i<\/span> stj\u00f6rnuvera til a\u00f0 skilja geimverur sem frelsara-l\u00edkar verur. S\u00e1lfr\u00e6\u00f0ilega m\u00e1 t\u00falka upplifanir af stj\u00f6rnuverum sem \u00f3me\u00f0vita\u00f0a v\u00f6rpun (s\u00e1lfr\u00e6\u00f0ingar tala um d\u00e1lei\u00f0sluofskynjanir og svefnl\u00f6munardrauma). Menningarlega s\u00e9\u00f0 eru stj\u00f6rnuverur einkenni n\u00fat\u00edma vestr\u00e6nnar me\u00f0vitundar sem leitar eftir sambandi vi\u00f0 hi\u00f0 Anna\u00f0.<\/p><\/div>\t\t\t\t\t\t\t\t<\/div>\n\t\t\t\t\t<\/div>\n\t\t\t\t<\/div>\n\t\t\t\t\t<\/div>\n\t\t\t\t<\/div>\n\t\t<div class=\"elementor-element elementor-element-sub-mem-astralwesen e-con-boxed e-flex e-con e-parent\" data-id=\"sub-mem-astralwesen\" data-element_type=\"container\" data-e-type=\"container\">\n\t\t\t\t\t<div class=\"e-con-inner\">\n\t\t\t\t<div class=\"elementor-element elementor-element-sub-mem-h-astralwesen elementor-widget elementor-widget-heading\" data-id=\"sub-mem-h-astralwesen\" data-element_type=\"widget\" data-e-type=\"widget\" id=\"sub-mem-h-astralwesen\" data-widget_type=\"heading.default\">\n\t\t\t\t\t<h2 class=\"elementor-heading-title elementor-size-default\">V\u00e6ttir \u00ed \u00feessum flokki<\/h2>\t\t\t\t<\/div>\n\t\t<div class=\"elementor-element elementor-element-am-inner-0001 e-con-full e-flex e-con e-child\" data-id=\"am-inner-0001\" data-element_type=\"container\" data-e-type=\"container\">\n\t\t\t\t<div class=\"elementor-element elementor-element-sub-mem-t-astralwesen elementor-widget elementor-widget-text-editor\" data-id=\"sub-mem-t-astralwesen\" data-element_type=\"widget\" data-e-type=\"widget\" data-widget_type=\"text-editor.default\">\n\t\t\t\t\t\t\t\t\t<div class=\"iwg-wesen-grid\"><a class=\"iwg-wesen-card\" href=\"https:\/\/iwell-guard.com\/is\/archontar\/\" aria-label=\"Arkontar\"><div class=\"iwg-wesen-card-imgwrap\"><img decoding=\"async\" src=\"https:\/\/iwell-guard.com\/wp-content\/uploads\/2026\/04\/daemonen_new-age_archonten-200x300.webp\" alt=\"Arkontar\" loading=\"lazy\"><\/div><div class=\"iwg-wesen-card-body\"><div class=\"iwg-wesen-card-name\">Arkontar<\/div><div class=\"iwg-wesen-card-arrow\">\u2192 \u00c1 v\u00e6ttina<\/div><\/div><\/a><a class=\"iwg-wesen-card\" href=\"https:\/\/iwell-guard.com\/is\/archontar\/\" aria-label=\"Arkontar\"><div class=\"iwg-wesen-card-imgwrap\"><img decoding=\"async\" src=\"https:\/\/iwell-guard.com\/wp-content\/uploads\/2026\/04\/daemonen_new-age_archonten-200x300.webp\" alt=\"Arkontar\" loading=\"lazy\"><\/div><div class=\"iwg-wesen-card-body\"><div class=\"iwg-wesen-card-name\">Arkontar<\/div><div class=\"iwg-wesen-card-arrow\">\u2192 \u00c1 v\u00e6ttina<\/div><\/div><\/a><a class=\"iwg-wesen-card\" href=\"https:\/\/iwell-guard.com\/is\/aufstigsmeistarar\/\" aria-label=\"Aufstiegsmeister (samheiti)\"><div class=\"iwg-wesen-card-imgwrap\"><img decoding=\"async\" src=\"https:\/\/iwell-guard.com\/wp-content\/uploads\/2026\/04\/lichtwesen_aufstiegsmeister-200x300.webp\" alt=\"Aufstiegsmeister (samheiti)\" loading=\"lazy\"><\/div><div class=\"iwg-wesen-card-body\"><div class=\"iwg-wesen-card-name\">Aufstiegsmeister (samheiti)<\/div><div class=\"iwg-wesen-card-arrow\">\u2192 \u00c1 v\u00e6ttina<\/div><\/div><\/a><a class=\"iwg-wesen-card\" href=\"https:\/\/iwell-guard.com\/is\/erkiengillinn-gabriel\/\" aria-label=\"Erkiengillinn Gabr\u00edel\"><div class=\"iwg-wesen-card-imgwrap\"><img decoding=\"async\" src=\"https:\/\/iwell-guard.com\/wp-content\/uploads\/2026\/04\/lichtwesen_erzengel-gabriel-200x300.webp\" alt=\"Erkiengillinn Gabr\u00edel\" loading=\"lazy\"><\/div><div class=\"iwg-wesen-card-body\"><div class=\"iwg-wesen-card-name\">Erkiengillinn Gabr\u00edel<\/div><div class=\"iwg-wesen-card-arrow\">\u2192 \u00c1 v\u00e6ttina<\/div><\/div><\/a><a class=\"iwg-wesen-card\" href=\"https:\/\/iwell-guard.com\/is\/erkiengillinn-mikael\/\" aria-label=\"Erkiengillinn Mikael\"><div class=\"iwg-wesen-card-imgwrap\"><img decoding=\"async\" src=\"https:\/\/iwell-guard.com\/wp-content\/uploads\/2026\/04\/lichtwesen_erzengel-michael-200x300.webp\" alt=\"Erkiengillinn Mikael\" loading=\"lazy\"><\/div><div class=\"iwg-wesen-card-body\"><div class=\"iwg-wesen-card-name\">Erkiengillinn Mikael<\/div><div class=\"iwg-wesen-card-arrow\">\u2192 \u00c1 v\u00e6ttina<\/div><\/div><\/a><a class=\"iwg-wesen-card\" href=\"https:\/\/iwell-guard.com\/is\/erkiengill-raphael\/\" aria-label=\"Erkiengillinn Raphael\"><div class=\"iwg-wesen-card-imgwrap\"><img decoding=\"async\" src=\"https:\/\/iwell-guard.com\/wp-content\/uploads\/2026\/04\/lichtwesen_erzengel-raphael-200x300.webp\" alt=\"Erkiengillinn Raphael\" loading=\"lazy\"><\/div><div class=\"iwg-wesen-card-body\"><div class=\"iwg-wesen-card-name\">Erkiengillinn Raphael<\/div><div class=\"iwg-wesen-card-arrow\">\u2192 \u00c1 v\u00e6ttina<\/div><\/div><\/a><a class=\"iwg-wesen-card\" href=\"https:\/\/iwell-guard.com\/is\/erkiengillinn-uriel\/\" aria-label=\"Erkiengillinn \u00dar\u00edel\"><div class=\"iwg-wesen-card-imgwrap\"><img decoding=\"async\" src=\"https:\/\/iwell-guard.com\/wp-content\/uploads\/2026\/04\/lichtwesen_erzengel-uriel-200x300.webp\" alt=\"Erkiengillinn \u00dar\u00edel\" loading=\"lazy\"><\/div><div class=\"iwg-wesen-card-body\"><div class=\"iwg-wesen-card-name\">Erkiengillinn \u00dar\u00edel<\/div><div class=\"iwg-wesen-card-arrow\">\u2192 \u00c1 v\u00e6ttina<\/div><\/div><\/a><a class=\"iwg-wesen-card\" href=\"https:\/\/iwell-guard.com\/is\/grair\/\" aria-label=\"Gr\u00e1ir\"><div class=\"iwg-wesen-card-imgwrap\"><img decoding=\"async\" src=\"https:\/\/iwell-guard.com\/wp-content\/uploads\/2026\/04\/daemonen_new-age_graue-200x300.webp\" alt=\"Gr\u00e1ir\" loading=\"lazy\"><\/div><div class=\"iwg-wesen-card-body\"><div class=\"iwg-wesen-card-name\">Gr\u00e1ir<\/div><div class=\"iwg-wesen-card-arrow\">\u2192 \u00c1 v\u00e6ttina<\/div><\/div><\/a><a class=\"iwg-wesen-card\" href=\"https:\/\/iwell-guard.com\/is\/kuthumi\/\" aria-label=\"Kuthumi\"><div class=\"iwg-wesen-card-imgwrap\"><img decoding=\"async\" src=\"https:\/\/iwell-guard.com\/wp-content\/uploads\/2026\/04\/lichtwesen_kuthumi-200x300.webp\" alt=\"Kuthumi\" loading=\"lazy\"><\/div><div class=\"iwg-wesen-card-body\"><div class=\"iwg-wesen-card-name\">Kuthumi<\/div><div class=\"iwg-wesen-card-arrow\">\u2192 \u00c1 v\u00e6ttina<\/div><\/div><\/a><a class=\"iwg-wesen-card\" href=\"https:\/\/iwell-guard.com\/is\/ljoskross\/\" aria-label=\"Lj\u00f3skross\"><div class=\"iwg-wesen-card-imgwrap\"><img decoding=\"async\" src=\"https:\/\/iwell-guard.com\/wp-content\/uploads\/2026\/04\/lichtwesen_lichtkreuz-200x300.webp\" alt=\"Lj\u00f3skross\" loading=\"lazy\"><\/div><div class=\"iwg-wesen-card-body\"><div class=\"iwg-wesen-card-name\">Lj\u00f3skross<\/div><div class=\"iwg-wesen-card-arrow\">\u2192 \u00c1 v\u00e6ttina<\/div><\/div><\/a><a class=\"iwg-wesen-card\" href=\"https:\/\/iwell-guard.com\/is\/metatron\/\" aria-label=\"Metatron\"><div class=\"iwg-wesen-card-imgwrap\"><img decoding=\"async\" src=\"https:\/\/iwell-guard.com\/wp-content\/uploads\/2026\/04\/lichtwesen_metatron-200x300.webp\" alt=\"Metatron\" loading=\"lazy\"><\/div><div class=\"iwg-wesen-card-body\"><div class=\"iwg-wesen-card-name\">Metatron<\/div><div class=\"iwg-wesen-card-arrow\">\u2192 \u00c1 v\u00e6ttina<\/div><\/div><\/a><a class=\"iwg-wesen-card\" href=\"https:\/\/iwell-guard.com\/is\/reptiloidar\/\" aria-label=\"Reptilo\u00ed\u00f0ar\"><div class=\"iwg-wesen-card-imgwrap\"><img decoding=\"async\" src=\"https:\/\/iwell-guard.com\/wp-content\/uploads\/2026\/04\/daemonen_new-age_reptiloiden-200x300.webp\" alt=\"Reptilo\u00ed\u00f0ar\" loading=\"lazy\"><\/div><div class=\"iwg-wesen-card-body\"><div class=\"iwg-wesen-card-name\">Reptilo\u00ed\u00f0ar<\/div><div class=\"iwg-wesen-card-arrow\">\u2192 \u00c1 v\u00e6ttina<\/div><\/div><\/a><a class=\"iwg-wesen-card\" href=\"https:\/\/iwell-guard.com\/is\/saint-germain\/\" aria-label=\"Saint Germain\"><div class=\"iwg-wesen-card-imgwrap\"><img decoding=\"async\" src=\"https:\/\/iwell-guard.com\/wp-content\/uploads\/2026\/04\/lichtwesen_saint-germain-200x300.webp\" alt=\"Saint Germain\" loading=\"lazy\"><\/div><div class=\"iwg-wesen-card-body\"><div class=\"iwg-wesen-card-name\">Saint Germain<\/div><div class=\"iwg-wesen-card-arrow\">\u2192 \u00c1 v\u00e6ttina<\/div><\/div><\/a><a class=\"iwg-wesen-card\" href=\"https:\/\/iwell-guard.com\/is\/violetta-flamme\/\" aria-label=\"Violette Flamme\"><div class=\"iwg-wesen-card-imgwrap\"><img decoding=\"async\" src=\"https:\/\/iwell-guard.com\/wp-content\/uploads\/2026\/04\/lichtwesen_violette-flamme-200x300.webp\" alt=\"Violette Flamme\" loading=\"lazy\"><\/div><div class=\"iwg-wesen-card-body\"><div class=\"iwg-wesen-card-name\">Violette Flamme<\/div><div class=\"iwg-wesen-card-arrow\">\u2192 \u00c1 v\u00e6ttina<\/div><\/div><\/a><\/div>\t\t\t\t\t\t\t\t<\/div>\n\t\t\t\t<\/div>\n\t\t\t\t\t<\/div>\n\t\t\t\t<\/div>\n\t\t\t\t<\/div>\n\t\t","protected":false},"excerpt":{"rendered":"","protected":false},"author":3,"featured_media":2316,"parent":0,"menu_order":0,"comment_status":"closed","ping_status":"closed","template":"elementor_header_footer","meta":{"_yoast_wpseo_focuskw":"astralverur","_yoast_wpseo_title":"Astralverur \u2013 f\u00ednger\u00f0ar verur dulspekinnar","_yoast_wpseo_metadesc":"Samheiti fyrir verur af f\u00ednger\u00f0um tilverusvi\u00f0um utan hins gr\u00f3fefnislega heims: stjarnl\u00edkami (astralleib), Devachan, gu\u00f0spekilegar stigveldi, New Age-kenningar.","_yoast_wpseo_meta-robots-noindex":"","_yoast_wpseo_canonical":"","_angie_page":false,"gefaehrdungsstufe":"","wesen_kultur":"","wesen_klasse":"","footnotes":""},"categories":[],"class_list":["post-168748","page","type-page","status-publish","has-post-thumbnail","hentry"],"yoast_head":"<!-- This site is optimized with the Yoast SEO Premium plugin v27.7 (Yoast SEO v28.3) - https:\/\/yoast.com\/product\/yoast-seo-premium-wordpress\/ -->\n<title>Astralverur \u2013 f\u00ednger\u00f0ar verur dulspekinnar<\/title>\n<meta name=\"description\" content=\"Samheiti fyrir verur af f\u00ednger\u00f0um tilverusvi\u00f0um utan hins gr\u00f3fefnislega heims: stjarnl\u00edkami (astralleib), Devachan, gu\u00f0spekilegar stigveldi, New Age-kenningar.\" \/>\n<meta name=\"robots\" content=\"index, follow, max-snippet:-1, max-image-preview:large, max-video-preview:-1\" \/>\n<link rel=\"canonical\" href=\"https:\/\/iwell-guard.com\/is\/astralverur\/\" \/>\n<meta property=\"og:locale\" content=\"is_IS\" \/>\n<meta property=\"og:type\" content=\"article\" \/>\n<meta property=\"og:title\" content=\"Stj\u00f6rnuverur\" \/>\n<meta property=\"og:description\" content=\"Samheiti fyrir verur af f\u00ednger\u00f0um tilverusvi\u00f0um utan hins gr\u00f3fefnislega heims: stjarnl\u00edkami (astralleib), Devachan, gu\u00f0spekilegar stigveldi, New Age-kenningar.\" \/>\n<meta property=\"og:url\" content=\"https:\/\/iwell-guard.com\/is\/astralverur\/\" \/>\n<meta property=\"og:site_name\" content=\"iWell Guard\" \/>\n<meta property=\"article:modified_time\" content=\"2026-09-05T14:18:26+00:00\" \/>\n<meta property=\"og:image\" content=\"https:\/\/iwell-guard.com\/wp-content\/uploads\/2026\/05\/lichtwesen_astralwesen.webp\" \/>\n\t<meta property=\"og:image:width\" content=\"1024\" \/>\n\t<meta property=\"og:image:height\" content=\"1536\" \/>\n\t<meta property=\"og:image:type\" content=\"image\/webp\" \/>\n<meta name=\"twitter:card\" content=\"summary_large_image\" \/>\n<script type=\"application\/ld+json\" class=\"yoast-schema-graph\">{\"@context\":\"https:\\\/\\\/schema.org\",\"@graph\":[{\"@type\":\"WebPage\",\"@id\":\"https:\\\/\\\/iwell-guard.com\\\/is\\\/astralverur\\\/\",\"url\":\"https:\\\/\\\/iwell-guard.com\\\/is\\\/astralverur\\\/\",\"name\":\"Astralverur \u2013 f\u00ednger\u00f0ar verur dulspekinnar\",\"isPartOf\":{\"@id\":\"https:\\\/\\\/iwell-guard.com\\\/is\\\/#website\"},\"primaryImageOfPage\":{\"@id\":\"https:\\\/\\\/iwell-guard.com\\\/is\\\/astralverur\\\/#primaryimage\"},\"image\":{\"@id\":\"https:\\\/\\\/iwell-guard.com\\\/is\\\/astralverur\\\/#primaryimage\"},\"thumbnailUrl\":\"https:\\\/\\\/iwell-guard.com\\\/wp-content\\\/uploads\\\/2026\\\/05\\\/lichtwesen_astralwesen.webp\",\"datePublished\":\"2026-09-05T14:02:39+00:00\",\"dateModified\":\"2026-09-05T14:18:26+00:00\",\"description\":\"Samheiti fyrir verur af f\u00ednger\u00f0um tilverusvi\u00f0um utan hins gr\u00f3fefnislega heims: stjarnl\u00edkami (astralleib), Devachan, gu\u00f0spekilegar stigveldi, New Age-kenningar.\",\"breadcrumb\":{\"@id\":\"https:\\\/\\\/iwell-guard.com\\\/is\\\/astralverur\\\/#breadcrumb\"},\"inLanguage\":\"is\",\"potentialAction\":[{\"@type\":\"ReadAction\",\"target\":[\"https:\\\/\\\/iwell-guard.com\\\/is\\\/astralverur\\\/\"]}]},{\"@type\":\"ImageObject\",\"inLanguage\":\"is\",\"@id\":\"https:\\\/\\\/iwell-guard.com\\\/is\\\/astralverur\\\/#primaryimage\",\"url\":\"https:\\\/\\\/iwell-guard.com\\\/wp-content\\\/uploads\\\/2026\\\/05\\\/lichtwesen_astralwesen.webp\",\"contentUrl\":\"https:\\\/\\\/iwell-guard.com\\\/wp-content\\\/uploads\\\/2026\\\/05\\\/lichtwesen_astralwesen.webp\",\"width\":1024,\"height\":1536,\"caption\":\"Stjarnverur \u2014 verur handan hins efnislega heims\"},{\"@type\":\"BreadcrumbList\",\"@id\":\"https:\\\/\\\/iwell-guard.com\\\/is\\\/astralverur\\\/#breadcrumb\",\"itemListElement\":[{\"@type\":\"ListItem\",\"position\":1,\"name\":\"Start\",\"item\":\"https:\\\/\\\/iwell-guard.com\\\/is\\\/?page_id=168580\"},{\"@type\":\"ListItem\",\"position\":2,\"name\":\"Stj\u00f6rnuverur\"}]},{\"@type\":\"WebSite\",\"@id\":\"https:\\\/\\\/iwell-guard.com\\\/is\\\/#website\",\"url\":\"https:\\\/\\\/iwell-guard.com\\\/is\\\/\",\"name\":\"iWell Guard\",\"description\":\"Schutz vor dunklen Einfl\u00fcssen\",\"publisher\":{\"@id\":\"https:\\\/\\\/iwell-guard.com\\\/is\\\/#organization\"},\"potentialAction\":[{\"@type\":\"SearchAction\",\"target\":{\"@type\":\"EntryPoint\",\"urlTemplate\":\"https:\\\/\\\/iwell-guard.com\\\/is\\\/?s={search_term_string}\"},\"query-input\":{\"@type\":\"PropertyValueSpecification\",\"valueRequired\":true,\"valueName\":\"search_term_string\"}}],\"inLanguage\":\"is\"},{\"@type\":\"Organization\",\"@id\":\"https:\\\/\\\/iwell-guard.com\\\/is\\\/#organization\",\"name\":\"Ittermann electronic GmbH\",\"url\":\"https:\\\/\\\/iwell-guard.com\\\/is\\\/\",\"logo\":{\"@type\":\"ImageObject\",\"inLanguage\":\"is\",\"@id\":\"https:\\\/\\\/iwell-guard.com\\\/is\\\/#\\\/schema\\\/logo\\\/image\\\/\",\"url\":\"https:\\\/\\\/iwell-guard.com\\\/wp-content\\\/uploads\\\/2026\\\/05\\\/Ittermann-Logo-1182x237-1.png\",\"contentUrl\":\"https:\\\/\\\/iwell-guard.com\\\/wp-content\\\/uploads\\\/2026\\\/05\\\/Ittermann-Logo-1182x237-1.png\",\"width\":1182,\"height\":237,\"caption\":\"Ittermann electronic GmbH\"},\"image\":{\"@id\":\"https:\\\/\\\/iwell-guard.com\\\/is\\\/#\\\/schema\\\/logo\\\/image\\\/\"},\"sameAs\":[\"https:\\\/\\\/pantip.com\\\/profile\\\/9367242\",\"https:\\\/\\\/micro.blog\\\/iwellguard\",\"https:\\\/\\\/www.diggerslist.com\\\/iwellguard\\\/about\",\"https:\\\/\\\/skitterphoto.com\\\/photographers\\\/2870314\\\/iwell-guard\",\"https:\\\/\\\/iwellguard.wordpress.com\\\/2026\\\/06\\\/06\\\/iwell-guard\\\/\",\"https:\\\/\\\/hub.docker.com\\\/u\\\/iwellguard\",\"https:\\\/\\\/www.pinterest.com\\\/iwellguard\\\/\",\"https:\\\/\\\/bit.ly\\\/m\\\/iwellguard\",\"https:\\\/\\\/entre-vos-mains.alsace.eu\\\/profiles\\\/iwellguard\\\/activity\",\"https:\\\/\\\/gravatar.com\\\/reallybeded8fd34\",\"https:\\\/\\\/naijamatta.com\\\/iwellguard\",\"https:\\\/\\\/www.goodreads.com\\\/iwellguard\",\"https:\\\/\\\/profile.hatena.ne.jp\\\/iwellguard\\\/\",\"https:\\\/\\\/experiment.com\\\/users\\\/iwellguard\",\"https:\\\/\\\/wakelet.com\\\/@iWellGuard82270\",\"https:\\\/\\\/www.chordie.com\\\/forum\\\/profile.php?id=2555664\",\"https:\\\/\\\/www.instapaper.com\\\/p\\\/17757966\",\"https:\\\/\\\/www.mapleprimes.com\\\/users\\\/iwellguard\",\"https:\\\/\\\/businesslistingplus.com\\\/profile\\\/iwell-guard\\\/\",\"https:\\\/\\\/telegra.ph\\\/iWell-Guard-06-06\",\"https:\\\/\\\/pbase.com\\\/iwellguard\\\/iwellguard\",\"https:\\\/\\\/b.hatena.ne.jp\\\/iwellguard\\\/20260607#bookmark-4788405196491818882\",\"https:\\\/\\\/fliphtml5.com\\\/home\\\/iwellguard\",\"https:\\\/\\\/anyflip.com\\\/homepage\\\/cmiwl#About\",\"https:\\\/\\\/transfur.com\\\/Users\\\/iwellguard\",\"http:\\\/\\\/delphi.larsbo.org\\\/user\\\/iwellguard\",\"https:\\\/\\\/jobs.lajobsportal.org\\\/profiles\\\/8380803-iwell-guard\",\"https:\\\/\\\/md.chaosdorf.de\\\/s\\\/jfbe5SBdJD\",\"https:\\\/\\\/www.lingvolive.com\\\/en-us\\\/profile\\\/9ecaeaca-ce11-4e51-9e71-01d55e2bff36\\\/translations\",\"https:\\\/\\\/www.fitday.com\\\/fitness\\\/forums\\\/members\\\/iwellguard.html\",\"https:\\\/\\\/www.mymeetbook.com\\\/iwellguard\",\"https:\\\/\\\/pxhere.com\\\/en\\\/photographer-me\\\/5040798\",\"https:\\\/\\\/disqus.com\\\/by\\\/iwellguard\\\/about\\\/\",\"https:\\\/\\\/pastelink.net\\\/hjwciqwq\",\"https:\\\/\\\/pubhtml5.com\\\/homepage\\\/scjhn\\\/\",\"https:\\\/\\\/www.bitchute.com\\\/channel\\\/2O2eOKzNqujT\",\"https:\\\/\\\/audiomack.com\\\/iwellguard\"]}]}<\/script>\n<!-- \/ Yoast SEO Premium plugin. -->","yoast_head_json":{"title":"Astralverur \u2013 f\u00ednger\u00f0ar verur dulspekinnar","description":"Samheiti fyrir verur af f\u00ednger\u00f0um tilverusvi\u00f0um utan hins gr\u00f3fefnislega heims: stjarnl\u00edkami (astralleib), Devachan, gu\u00f0spekilegar stigveldi, New Age-kenningar.","robots":{"index":"index","follow":"follow","max-snippet":"max-snippet:-1","max-image-preview":"max-image-preview:large","max-video-preview":"max-video-preview:-1"},"canonical":"https:\/\/iwell-guard.com\/is\/astralverur\/","og_locale":"is_IS","og_type":"article","og_title":"Stj\u00f6rnuverur","og_description":"Samheiti fyrir verur af f\u00ednger\u00f0um tilverusvi\u00f0um utan hins gr\u00f3fefnislega heims: stjarnl\u00edkami (astralleib), Devachan, gu\u00f0spekilegar stigveldi, New Age-kenningar.","og_url":"https:\/\/iwell-guard.com\/is\/astralverur\/","og_site_name":"iWell Guard","article_modified_time":"2026-09-05T14:18:26+00:00","og_image":[{"width":1024,"height":1536,"url":"https:\/\/iwell-guard.com\/wp-content\/uploads\/2026\/05\/lichtwesen_astralwesen.webp","type":"image\/webp"}],"twitter_card":"summary_large_image","schema":{"@context":"https:\/\/schema.org","@graph":[{"@type":"WebPage","@id":"https:\/\/iwell-guard.com\/is\/astralverur\/","url":"https:\/\/iwell-guard.com\/is\/astralverur\/","name":"Astralverur \u2013 f\u00ednger\u00f0ar verur dulspekinnar","isPartOf":{"@id":"https:\/\/iwell-guard.com\/is\/#website"},"primaryImageOfPage":{"@id":"https:\/\/iwell-guard.com\/is\/astralverur\/#primaryimage"},"image":{"@id":"https:\/\/iwell-guard.com\/is\/astralverur\/#primaryimage"},"thumbnailUrl":"https:\/\/iwell-guard.com\/wp-content\/uploads\/2026\/05\/lichtwesen_astralwesen.webp","datePublished":"2026-09-05T14:02:39+00:00","dateModified":"2026-09-05T14:18:26+00:00","description":"Samheiti fyrir verur af f\u00ednger\u00f0um tilverusvi\u00f0um utan hins gr\u00f3fefnislega heims: stjarnl\u00edkami (astralleib), Devachan, gu\u00f0spekilegar stigveldi, New Age-kenningar.","breadcrumb":{"@id":"https:\/\/iwell-guard.com\/is\/astralverur\/#breadcrumb"},"inLanguage":"is","potentialAction":[{"@type":"ReadAction","target":["https:\/\/iwell-guard.com\/is\/astralverur\/"]}]},{"@type":"ImageObject","inLanguage":"is","@id":"https:\/\/iwell-guard.com\/is\/astralverur\/#primaryimage","url":"https:\/\/iwell-guard.com\/wp-content\/uploads\/2026\/05\/lichtwesen_astralwesen.webp","contentUrl":"https:\/\/iwell-guard.com\/wp-content\/uploads\/2026\/05\/lichtwesen_astralwesen.webp","width":1024,"height":1536,"caption":"Stjarnverur \u2014 verur handan hins efnislega heims"},{"@type":"BreadcrumbList","@id":"https:\/\/iwell-guard.com\/is\/astralverur\/#breadcrumb","itemListElement":[{"@type":"ListItem","position":1,"name":"Start","item":"https:\/\/iwell-guard.com\/is\/?page_id=168580"},{"@type":"ListItem","position":2,"name":"Stj\u00f6rnuverur"}]},{"@type":"WebSite","@id":"https:\/\/iwell-guard.com\/is\/#website","url":"https:\/\/iwell-guard.com\/is\/","name":"iWell Guard","description":"Schutz vor dunklen Einfl\u00fcssen","publisher":{"@id":"https:\/\/iwell-guard.com\/is\/#organization"},"potentialAction":[{"@type":"SearchAction","target":{"@type":"EntryPoint","urlTemplate":"https:\/\/iwell-guard.com\/is\/?s={search_term_string}"},"query-input":{"@type":"PropertyValueSpecification","valueRequired":true,"valueName":"search_term_string"}}],"inLanguage":"is"},{"@type":"Organization","@id":"https:\/\/iwell-guard.com\/is\/#organization","name":"Ittermann electronic GmbH","url":"https:\/\/iwell-guard.com\/is\/","logo":{"@type":"ImageObject","inLanguage":"is","@id":"https:\/\/iwell-guard.com\/is\/#\/schema\/logo\/image\/","url":"https:\/\/iwell-guard.com\/wp-content\/uploads\/2026\/05\/Ittermann-Logo-1182x237-1.png","contentUrl":"https:\/\/iwell-guard.com\/wp-content\/uploads\/2026\/05\/Ittermann-Logo-1182x237-1.png","width":1182,"height":237,"caption":"Ittermann electronic GmbH"},"image":{"@id":"https:\/\/iwell-guard.com\/is\/#\/schema\/logo\/image\/"},"sameAs":["https:\/\/pantip.com\/profile\/9367242","https:\/\/micro.blog\/iwellguard","https:\/\/www.diggerslist.com\/iwellguard\/about","https:\/\/skitterphoto.com\/photographers\/2870314\/iwell-guard","https:\/\/iwellguard.wordpress.com\/2026\/06\/06\/iwell-guard\/","https:\/\/hub.docker.com\/u\/iwellguard","https:\/\/www.pinterest.com\/iwellguard\/","https:\/\/bit.ly\/m\/iwellguard","https:\/\/entre-vos-mains.alsace.eu\/profiles\/iwellguard\/activity","https:\/\/gravatar.com\/reallybeded8fd34","https:\/\/naijamatta.com\/iwellguard","https:\/\/www.goodreads.com\/iwellguard","https:\/\/profile.hatena.ne.jp\/iwellguard\/","https:\/\/experiment.com\/users\/iwellguard","https:\/\/wakelet.com\/@iWellGuard82270","https:\/\/www.chordie.com\/forum\/profile.php?id=2555664","https:\/\/www.instapaper.com\/p\/17757966","https:\/\/www.mapleprimes.com\/users\/iwellguard","https:\/\/businesslistingplus.com\/profile\/iwell-guard\/","https:\/\/telegra.ph\/iWell-Guard-06-06","https:\/\/pbase.com\/iwellguard\/iwellguard","https:\/\/b.hatena.ne.jp\/iwellguard\/20260607#bookmark-4788405196491818882","https:\/\/fliphtml5.com\/home\/iwellguard","https:\/\/anyflip.com\/homepage\/cmiwl#About","https:\/\/transfur.com\/Users\/iwellguard","http:\/\/delphi.larsbo.org\/user\/iwellguard","https:\/\/jobs.lajobsportal.org\/profiles\/8380803-iwell-guard","https:\/\/md.chaosdorf.de\/s\/jfbe5SBdJD","https:\/\/www.lingvolive.com\/en-us\/profile\/9ecaeaca-ce11-4e51-9e71-01d55e2bff36\/translations","https:\/\/www.fitday.com\/fitness\/forums\/members\/iwellguard.html","https:\/\/www.mymeetbook.com\/iwellguard","https:\/\/pxhere.com\/en\/photographer-me\/5040798","https:\/\/disqus.com\/by\/iwellguard\/about\/","https:\/\/pastelink.net\/hjwciqwq","https:\/\/pubhtml5.com\/homepage\/scjhn\/","https:\/\/www.bitchute.com\/channel\/2O2eOKzNqujT","https:\/\/audiomack.com\/iwellguard"]}]}},"_links":{"self":[{"href":"https:\/\/iwell-guard.com\/is\/wp-json\/wp\/v2\/pages\/168748","targetHints":{"allow":["GET"]}}],"collection":[{"href":"https:\/\/iwell-guard.com\/is\/wp-json\/wp\/v2\/pages"}],"about":[{"href":"https:\/\/iwell-guard.com\/is\/wp-json\/wp\/v2\/types\/page"}],"author":[{"embeddable":true,"href":"https:\/\/iwell-guard.com\/is\/wp-json\/wp\/v2\/users\/3"}],"replies":[{"embeddable":true,"href":"https:\/\/iwell-guard.com\/is\/wp-json\/wp\/v2\/comments?post=168748"}],"version-history":[{"count":0,"href":"https:\/\/iwell-guard.com\/is\/wp-json\/wp\/v2\/pages\/168748\/revisions"}],"wp:featuredmedia":[{"embeddable":true,"href":"https:\/\/iwell-guard.com\/is\/wp-json\/wp\/v2\/media\/2316"}],"wp:attachment":[{"href":"https:\/\/iwell-guard.com\/is\/wp-json\/wp\/v2\/media?parent=168748"}],"wp:term":[{"taxonomy":"category","embeddable":true,"href":"https:\/\/iwell-guard.com\/is\/wp-json\/wp\/v2\/categories?post=168748"}],"curies":[{"name":"wp","href":"https:\/\/api.w.org\/{rel}","templated":true}]}}