{"id":168740,"date":"2026-09-05T14:02:36","date_gmt":"2026-09-05T14:02:36","guid":{"rendered":"https:\/\/iwell-guard.com\/?page_id=168740"},"modified":"2026-09-05T14:18:13","modified_gmt":"2026-09-05T14:18:13","slug":"akall-djofullegra-vera","status":"publish","type":"page","link":"https:\/\/iwell-guard.com\/is\/akall-djofullegra-vera\/","title":{"rendered":"\u00c1kall dj\u00f6fullegra vera"},"content":{"rendered":"\t\t<div data-elementor-type=\"wp-page\" data-elementor-id=\"168740\" class=\"elementor elementor-168740 elementor-1944 elementor-bc-flex-widget\" data-elementor-post-type=\"page\">\n\t\t\t\t<div class=\"elementor-element elementor-element-am-anrufu-hero e-flex e-con-boxed e-con e-parent\" data-id=\"am-anrufu-hero\" data-element_type=\"container\" data-e-type=\"container\" data-settings=\"{&quot;background_background&quot;:&quot;classic&quot;}\">\n\t\t\t\t\t<div class=\"e-con-inner\">\n\t\t<div class=\"elementor-element elementor-element-am-anrufu-herohl e-flex e-con-boxed e-con e-child\" data-id=\"am-anrufu-herohl\" data-element_type=\"container\" data-e-type=\"container\">\n\t\t\t\t\t<div class=\"e-con-inner\">\n\t\t<div class=\"elementor-element elementor-element-am-anrufu-c3ceb6 e-con-full e-flex e-con e-child\" data-id=\"am-anrufu-c3ceb6\" data-element_type=\"container\" data-e-type=\"container\">\n\t\t\t\t<div class=\"elementor-element elementor-element-am-anrufu-96ae5e elementor-widget elementor-widget-heading\" data-id=\"am-anrufu-96ae5e\" data-element_type=\"widget\" data-e-type=\"widget\" data-widget_type=\"heading.default\">\n\t\t\t\t\t<h1 class=\"elementor-heading-title elementor-size-default\">\u00c1kall dj\u00f6fullegra vera<\/h1>\t\t\t\t<\/div>\n\t\t\t\t<div class=\"elementor-element elementor-element-am-anrufu-e45238 elementor-widget elementor-widget-text-editor\" data-id=\"am-anrufu-e45238\" data-element_type=\"widget\" data-e-type=\"widget\" data-widget_type=\"text-editor.default\">\n\t\t\t\t\t\t\t\t\t<p><span class=\"iwg-fachbegriff\" data-tooltip=\"\u00c1varp til gu\u00f0s e\u00f0a m\u00e1ttar, hvort sem er \u00ed b\u00e6narformi e\u00f0a me\u00f0 \u00e1\u00ferengjandi h\u00e6tti.\" tabindex=\"0\">\u00c1kall<\/span> dj\u00f6fullegra vera er kult- og t\u00f6frai\u00f0kun sem sn\u00fdst um <span class=\"iwg-fachbegriff\" data-tooltip=\"Tungum\u00e1lalegt helgisi\u00f0aform sem \u00e6tla\u00f0 er a\u00f0 kalla fram e\u00f0a binda m\u00e1tt.\" tabindex=\"0\">s\u00e6ringar<\/span>, bindingu e\u00f0a samninga vi\u00f0 yfirn\u00e1tt\u00farulega verur, eins og skjalfest er \u00ed s\u00famerskum galdrat\u00f6flum, \u00ed hinni gy\u00f0inglegu Sepher Razim og \u00ed evr\u00f3pskum Golden Dawn-grimoires. I\u00f0kunin sameinar helgisi\u00f0aform\u00falur, t\u00e1knr\u00e6na landafr\u00e6\u00f0i, kynst\u00fdringu og s\u00e1lfr\u00e6\u00f0ilega innlei\u00f0ingu.<\/p><p>Hlutverk hennar spannar allt fr\u00e1 l\u00e6kningu og ska\u00f0at\u00f6frum til dulspekilegrar <a class=\"iwg-fachbegriff\" href=\"https:\/\/iwell-guard.com\/is\/?page_id=168891\" tabindex=\"0\" data-tooltip=\"Tr\u00faarleg og heimspekileg hreyfing fr\u00e1 s\u00ed\u00f0forn\u00f6ld; frelsun me\u00f0 dulinni \u00feekkingu, tv\u00edhyggjuleg heimsmynd, dem\u00ed\u00fargos gagnvart h\u00e6sta gu\u00f0i.\" style=\"color:inherit;text-decoration:none\">gn\u00f3sis<\/a> og heimsfr\u00e6\u00f0ilegrar inns\u00fdnar \u00ed hin dulspekilegu kerfi. \u00deetta fer fram me\u00f0 helgisi\u00f0areglum, virkum t\u00e1knum og s\u00e1lfr\u00e6\u00f0ilegum a\u00f0fer\u00f0um \u00ed \u00fdmsum dulspekihef\u00f0um.<\/p>\t\t\t\t\t\t\t\t<\/div>\n\t\t\t\t<\/div>\n\t\t<div class=\"elementor-element elementor-element-am-anrufu-klsbdg e-con-full e-flex e-con e-parent\" data-id=\"am-anrufu-klsbdg\" data-element_type=\"container\" data-e-type=\"container\">\n\t\t\t\t<div class=\"elementor-element elementor-element-am-anrufu-klshtm elementor-widget elementor-widget-html\" data-id=\"am-anrufu-klshtm\" data-element_type=\"widget\" data-e-type=\"widget\" data-widget_type=\"html.default\">\n\t\t\t\t\t<div class=\"iwg-pill-row\"><span class=\"iwg-klasse-badge\" tabindex=\"0\" data-tooltip=\"A\u00f0fer\u00f0: Helgisi\u00f0abundin, dulm\u00f6gnu\u00f0 e\u00f0a andleg ath\u00f6fn me\u00f0 skilgreint markmi\u00f0, verndun, ska\u00f0a, \u00e1star\u00e1hrif, samband vi\u00f0 verur e\u00f0a heimsorku. Tr\u00faars\u00f6gulega skjalfest allt fr\u00e1 brons\u00f6ld.\">A\u00f0fer\u00f0<\/span><span class=\"iwg-kultur-badge\" tabindex=\"0\" data-tooltip=\"Fyrirb\u00e6ri sem gengur \u00fevert \u00e1 menningarheima, sta\u00f0fest \u00ed m\u00f6rgum menningarheimum me\u00f0 \u00e1\u00feekkri ger\u00f0.\">\u00devert \u00e1 menningarheima<\/span><\/div>\t\t\t\t<\/div>\n\t\t\t\t<\/div>\n\t\t<div class=\"elementor-element elementor-element-am-anrufu-3f7485 e-con-full e-flex e-con e-child\" data-id=\"am-anrufu-3f7485\" data-element_type=\"container\" data-e-type=\"container\">\n\t\t\t\t<div class=\"elementor-element elementor-element-am-anrufu-1c3036 elementor-toc--minimized-on-tablet elementor-widget elementor-widget-table-of-contents\" data-id=\"am-anrufu-1c3036\" data-element_type=\"widget\" data-e-type=\"widget\" data-settings=\"{&quot;exclude_headings_by_selector&quot;:[],&quot;no_headings_message&quot;:&quot;Engar undirfyrirsagnir fundust \\u00e1 \\u00feessari s\\u00ed\\u00f0u.&quot;,&quot;headings_by_tags&quot;:[&quot;h2&quot;,&quot;h3&quot;],&quot;marker_view&quot;:&quot;bullets&quot;,&quot;minimize_box&quot;:&quot;yes&quot;,&quot;icon&quot;:{&quot;value&quot;:&quot;fas fa-circle&quot;,&quot;library&quot;:&quot;fa-solid&quot;,&quot;rendered_tag&quot;:&quot;&lt;svg class=\\&quot;e-font-icon-svg e-fas-circle\\&quot; viewBox=\\&quot;0 0 512 512\\&quot; xmlns=\\&quot;http:\\\/\\\/www.w3.org\\\/2000\\\/svg\\&quot;&gt;&lt;path d=\\&quot;M256 8C119 8 8 119 8 256s111 248 248 248 248-111 248-248S393 8 256 8z\\&quot;&gt;&lt;\\\/path&gt;&lt;\\\/svg&gt;&quot;},&quot;minimized_on&quot;:&quot;tablet&quot;,&quot;hierarchical_view&quot;:&quot;yes&quot;,&quot;min_height&quot;:{&quot;unit&quot;:&quot;px&quot;,&quot;size&quot;:&quot;&quot;,&quot;sizes&quot;:[]},&quot;min_height_tablet&quot;:{&quot;unit&quot;:&quot;px&quot;,&quot;size&quot;:&quot;&quot;,&quot;sizes&quot;:[]},&quot;min_height_mobile&quot;:{&quot;unit&quot;:&quot;px&quot;,&quot;size&quot;:&quot;&quot;,&quot;sizes&quot;:[]}}\" data-widget_type=\"table-of-contents.default\">\n\t\t\t\t\t\t\t\t\t<div class=\"elementor-toc__header\">\n\t\t\t\t\t\t<h2 class=\"elementor-toc__header-title\">\n\t\t\t\tEfnisyfirlit\t\t\t<\/h2>\n\t\t\t\t\t\t\t\t\t\t<div class=\"elementor-toc__toggle-button elementor-toc__toggle-button--expand\" role=\"button\" tabindex=\"0\" aria-controls=\"elementor-toc__am-anrufu-1c3036\" aria-expanded=\"true\" aria-label=\"Open table of contents\"><svg aria-hidden=\"true\" class=\"e-font-icon-svg e-fas-chevron-down\" viewBox=\"0 0 448 512\" xmlns=\"http:\/\/www.w3.org\/2000\/svg\"><path d=\"M207.029 381.476L12.686 187.132c-9.373-9.373-9.373-24.569 0-33.941l22.667-22.667c9.357-9.357 24.522-9.375 33.901-.04L224 284.505l154.745-154.021c9.379-9.335 24.544-9.317 33.901.04l22.667 22.667c9.373 9.373 9.373 24.569 0 33.941L240.971 381.476c-9.373 9.372-24.569 9.372-33.942 0z\"><\/path><\/svg><\/div>\n\t\t\t\t<div class=\"elementor-toc__toggle-button elementor-toc__toggle-button--collapse\" role=\"button\" tabindex=\"0\" aria-controls=\"elementor-toc__am-anrufu-1c3036\" aria-expanded=\"true\" aria-label=\"Close table of contents\"><svg aria-hidden=\"true\" class=\"e-font-icon-svg e-fas-chevron-up\" viewBox=\"0 0 448 512\" xmlns=\"http:\/\/www.w3.org\/2000\/svg\"><path d=\"M240.971 130.524l194.343 194.343c9.373 9.373 9.373 24.569 0 33.941l-22.667 22.667c-9.357 9.357-24.522 9.375-33.901.04L224 227.495 69.255 381.516c-9.379 9.335-24.544 9.317-33.901-.04l-22.667-22.667c-9.373-9.373-9.373-24.569 0-33.941L207.03 130.525c9.372-9.373 24.568-9.373 33.941-.001z\"><\/path><\/svg><\/div>\n\t\t\t\t\t<\/div>\n\t\t\t\t<div id=\"elementor-toc__am-anrufu-1c3036\" class=\"elementor-toc__body\">\n\t\t\t<div class=\"elementor-toc__spinner-container\">\n\t\t\t\t<svg class=\"elementor-toc__spinner eicon-animation-spin e-font-icon-svg e-eicon-loading\" aria-hidden=\"true\" viewBox=\"0 0 1000 1000\" xmlns=\"http:\/\/www.w3.org\/2000\/svg\"><path d=\"M500 975V858C696 858 858 696 858 500S696 142 500 142 142 304 142 500H25C25 237 238 25 500 25S975 237 975 500 763 975 500 975Z\"><\/path><\/svg>\t\t\t<\/div>\n\t\t<\/div>\n\t\t\t\t\t\t<\/div>\n\t\t\t\t<\/div>\n\t\t\t\t\t<\/div>\n\t\t\t\t<\/div>\n\t\t<div class=\"elementor-element elementor-element-am-anrufu-herorg e-flex e-con-boxed e-con e-child\" data-id=\"am-anrufu-herorg\" data-element_type=\"container\" data-e-type=\"container\">\n\t\t\t\t\t<div class=\"e-con-inner\">\n\t\t\t\t<div class=\"elementor-element elementor-element-am-anrufu-heroim iwg-hero-image elementor-widget elementor-widget-image\" data-id=\"am-anrufu-heroim\" data-element_type=\"widget\" data-e-type=\"widget\" data-widget_type=\"image.default\">\n\t\t\t\t\t\t\t\t\t\t\t\t\t\t\t<img fetchpriority=\"high\" decoding=\"async\" width=\"683\" height=\"1024\" src=\"https:\/\/iwell-guard.com\/wp-content\/uploads\/2026\/05\/praktiken_anrufung-683x1024.webp\" class=\"attachment-large size-large wp-image-170889\" alt=\"\u00c1kall dj\u00f6fullegra vera\" srcset=\"https:\/\/iwell-guard.com\/wp-content\/uploads\/2026\/05\/praktiken_anrufung-683x1024.webp 683w, https:\/\/iwell-guard.com\/wp-content\/uploads\/2026\/05\/praktiken_anrufung-200x300.webp 200w, https:\/\/iwell-guard.com\/wp-content\/uploads\/2026\/05\/praktiken_anrufung-768x1152.webp 768w, https:\/\/iwell-guard.com\/wp-content\/uploads\/2026\/05\/praktiken_anrufung.webp 1024w\" sizes=\"(max-width: 683px) 100vw, 683px\" \/>\t\t\t\t\t\t\t\t\t\t\t\t\t\t\t<\/div>\n\t\t\t\t\t<\/div>\n\t\t\t\t<\/div>\n\t\t\t\t\t<\/div>\n\t\t\t\t<\/div>\n\t\t<div class=\"elementor-element elementor-element-wmd-s1 e-con-boxed e-flex e-con e-parent\" data-id=\"wmd-s1\" data-element_type=\"container\" data-e-type=\"container\">\n\t\t\t\t\t<div class=\"e-con-inner\">\n\t\t\t\t<div class=\"elementor-element elementor-element-wmd-h1 elementor-widget elementor-widget-heading\" data-id=\"wmd-h1\" data-element_type=\"widget\" data-e-type=\"widget\" id=\"wmd-h1\" data-widget_type=\"heading.default\">\n\t\t\t\t\t<h2 class=\"elementor-heading-title elementor-size-default\">Skj\u00f3t yfirs\u00fdn (skilgreiningarlisti)<\/h2>\t\t\t\t<\/div>\n\t\t<div class=\"elementor-element elementor-element-am-wmdt1-bw e-flex e-con-boxed e-con e-child\" data-id=\"am-wmdt1-bw\" data-element_type=\"container\" data-e-type=\"container\" data-settings=\"{&quot;background_background&quot;:&quot;classic&quot;}\">\n\t\t\t\t\t<div class=\"e-con-inner\">\n\t\t\t\t<div class=\"elementor-element elementor-element-wmd-t1 elementor-widget elementor-widget-text-editor\" data-id=\"wmd-t1\" data-element_type=\"widget\" data-e-type=\"widget\" data-widget_type=\"text-editor.default\">\n\t\t\t\t\t\t\t\t\t<p><strong>Tegund:<\/strong> T\u00f6frai\u00f0kun. Flokkur: <span class=\"iwg-fachbegriff\" data-tooltip=\"\u00c1varp til gu\u00f0s e\u00f0a m\u00e1ttar, hvort sem er \u00ed b\u00e6narformi e\u00f0a me\u00f0 \u00e1\u00ferengjandi h\u00e6tti.\" tabindex=\"0\">\u00c1kall<\/span>. \u00datbrei\u00f0sla: Vestr\u00e6n <span class=\"iwg-fachbegriff\" data-tooltip=\"I\u00f0kun sem leitast vi\u00f0 a\u00f0 hafa \u00e1hrif \u00e1 gang m\u00e1la me\u00f0 s\u00e9rst\u00f6kum ath\u00f6fnum e\u00f0a form\u00falum.\" tabindex=\"0\">galdur<\/span>, grimoire-hef\u00f0ir (mi\u00f0aldir til n\u00fat\u00edma). Meginatri\u00f0i: <span class=\"iwg-fachbegriff\" data-tooltip=\"Skipul\u00f6g\u00f0 r\u00f6\u00f0 t\u00e1knr\u00e6nna athafna me\u00f0 tr\u00faarlegri e\u00f0a menningarlegri merkingu.\" tabindex=\"0\">helgisi\u00f0ur<\/span>-uppbygging, verndarhringir, bindingarform\u00falur, dj\u00f6flan\u00f6fn, valdssta\u00f0festing. Tengdir undirflokkar: i\u00f0kun, <span class=\"iwg-fachbegriff\" data-tooltip=\"I\u00f0kun sem leitast vi\u00f0 a\u00f0 hafa \u00e1hrif \u00e1 gang m\u00e1la me\u00f0 s\u00e9rst\u00f6kum ath\u00f6fnum e\u00f0a form\u00falum.\" tabindex=\"0\">galdur<\/span>, dj\u00f6flafr\u00e6\u00f0i, <span class=\"iwg-fachbegriff\" data-tooltip=\"Tungum\u00e1lalegt helgisi\u00f0aform sem \u00e6tla\u00f0 er a\u00f0 kalla fram e\u00f0a binda m\u00e1tt.\" tabindex=\"0\">s\u00e6ringar<\/span><\/p><p><span class=\"iwg-fachbegriff\" data-tooltip=\"\u00c1varp til gu\u00f0s e\u00f0a m\u00e1ttar, hvort sem er \u00ed b\u00e6narformi e\u00f0a me\u00f0 \u00e1\u00ferengjandi h\u00e6tti.\" tabindex=\"0\">\u00c1kall<\/span> dj\u00f6fullegra vera fylgir str\u00f6ngum <span class=\"iwg-fachbegriff\" data-tooltip=\"Fastm\u00f3tu\u00f0, endurtekin tr\u00faarleg ath\u00f6fn.\" tabindex=\"0\">rit\u00faal<\/span>-reglum og verndarhringsreglum.<\/p>\t\t\t\t\t\t\t\t<\/div>\n\t\t\t\t\t<\/div>\n\t\t\t\t<\/div>\n\t\t\t\t\t<\/div>\n\t\t\t\t<\/div>\n\t\t<div class=\"elementor-element elementor-element-wmd-s2 e-con-boxed e-flex e-con e-parent\" data-id=\"wmd-s2\" data-element_type=\"container\" data-e-type=\"container\">\n\t\t\t\t\t<div class=\"e-con-inner\">\n\t\t\t\t<div class=\"elementor-element elementor-element-wmd-h2 elementor-widget elementor-widget-heading\" data-id=\"wmd-h2\" data-element_type=\"widget\" data-e-type=\"widget\" id=\"wmd-h2\" data-widget_type=\"heading.default\">\n\t\t\t\t\t<h2 class=\"elementor-heading-title elementor-size-default\">Hugtak og afm\u00f6rkun<\/h2>\t\t\t\t<\/div>\n\t\t<div class=\"elementor-element elementor-element-am-wmdt2-bw e-flex e-con-boxed e-con e-child\" data-id=\"am-wmdt2-bw\" data-element_type=\"container\" data-e-type=\"container\" data-settings=\"{&quot;background_background&quot;:&quot;classic&quot;}\">\n\t\t\t\t\t<div class=\"e-con-inner\">\n\t\t\t\t<div class=\"elementor-element elementor-element-wmd-t2 elementor-widget elementor-widget-text-editor\" data-id=\"wmd-t2\" data-element_type=\"widget\" data-e-type=\"widget\" data-widget_type=\"text-editor.default\">\n\t\t\t\t\t\t\t\t\t<p><span class=\"iwg-fachbegriff\" data-tooltip=\"B\u00e6nar- e\u00f0a s\u00e6ringarleg \u00e1v\u00f6rpun \u00e1 gu\u00f0i e\u00f0a \u00e6\u00f0ri m\u00e1tt.\" tabindex=\"0\">\u00c1kall<\/span> er fr\u00e1brug\u00f0i\u00f0 einfaldri b\u00e6n \u00fear sem \u00fea\u00f0 felur \u00ed s\u00e9r \u00fevingun, ekki bei\u00f0ni. \u00dea\u00f0 er l\u00edka fr\u00e1brug\u00f0i\u00f0 <span class=\"iwg-fachbegriff\" data-tooltip=\"M\u00e1lleg ath\u00f6fn sem \u00e1 a\u00f0 kalla fram e\u00f0a binda m\u00e1tt.\" tabindex=\"0\">s\u00e6ringu<\/span> (<span class=\"iwg-fachbegriff\" data-tooltip=\"Skipul\u00f6g\u00f0 r\u00f6\u00f0 t\u00e1knr\u00e6nna athafna me\u00f0 tr\u00faarlega e\u00f0a menningarlega merkingu.\" tabindex=\"0\">helgisi\u00f0i<\/span> til a\u00f0 framkalla birtingu) a\u00f0 \u00fev\u00ed leyti a\u00f0 \u00e6tlunin er stj\u00f3rn. Prestur bi\u00f0ur til Gu\u00f0s, en galdrama\u00f0ur kallar \u00e1 <span class=\"iwg-fachbegriff\" data-tooltip=\"Andleg vera sem talin er valda ska\u00f0legum e\u00f0a tv\u00edr\u00e6\u00f0um \u00e1hrifum.\" tabindex=\"0\">dj\u00f6ful<\/span> og v\u00e6ntir hl\u00fd\u00f0ni.<\/p><p><span class=\"iwg-fachbegriff\" data-tooltip=\"B\u00e6nar- e\u00f0a s\u00e6ringarleg \u00e1v\u00f6rpun \u00e1 gu\u00f0i e\u00f0a \u00e6\u00f0ri m\u00e1tt.\" tabindex=\"0\">\u00c1kall<\/span> beinist einnig s\u00e9rstaklega a\u00f0 dj\u00f6fullegum e\u00f0a tv\u00edr\u00e6\u00f0um verum, ekki er kalla\u00f0 \u00e1 \u00e6\u00f0stu gu\u00f0i heldur l\u00e6gra setta veru. Uppbyggingin er nau\u00f0synleg: \u00e1n verndarhrings, \u00e1n bindingarform\u00falu, \u00e1n helgisi\u00f0alegs valds er <span class=\"iwg-fachbegriff\" data-tooltip=\"B\u00e6nar- e\u00f0a s\u00e6ringarleg \u00e1v\u00f6rpun \u00e1 gu\u00f0i e\u00f0a \u00e6\u00f0ri m\u00e1tt.\" tabindex=\"0\">\u00e1kall<\/span> h\u00e6ttulegt, \u00fev\u00ed galdrama\u00f0urinn \u00e1 \u00e1 h\u00e6ttu a\u00f0 veran sem hann kallar \u00e1 taki yfir stj\u00f3rnina.<\/p><div><h3><span class=\"iwg-fachbegriff\" data-tooltip=\"T\u00edmabil gr\u00edskrar og r\u00f3mverskrar menningar, um \u00fea\u00f0 bil 800 f.Kr. til 600 e.Kr.\" tabindex=\"0\">Forn\u00f6ld<\/span>: Gu\u00f0fr\u00e6\u00f0i Iamblikosar og listin a\u00f0 <span class=\"iwg-fachbegriff\" data-tooltip=\"B\u00e6nar- e\u00f0a s\u00e6ringarleg \u00e1v\u00f6rpun \u00e1 gu\u00f0i e\u00f0a \u00e6\u00f0ri m\u00e1tt.\" tabindex=\"0\">\u00e1kalla<\/span> gu\u00f0i<\/h3><p>N\u00fdplat\u00f3nski heimspekingurinn <span class=\"iwg-fachbegriff\" tabindex=\"0\" data-tooltip=\"S\u00ed\u00f0fornaldar n\u00fdplat\u00f3nisti (245\u2013325 e.Kr.); h\u00f6fu\u00f0verk De mysteriis; upphafsma\u00f0ur kerfisbundinnar gu\u00f0fr\u00e6\u00f0i (theurg\u00edu).\">Iamblikos<\/span> (um 245\u2013325 e.Kr.) er talinn upphafsma\u00f0ur kerfisbundinnar <em>\u00fee\u00farg\u00edu<\/em> (gu\u00f0sverks), sem er \u00ed grundvallaratri\u00f0um fr\u00e1brug\u00f0in <span class=\"iwg-fachbegriff\" data-tooltip=\"I\u00f0kanir sem me\u00f0 s\u00e9rst\u00f6kum ath\u00f6fnum e\u00f0a form\u00falum reyna a\u00f0 hafa \u00e1hrif \u00e1 gang hlutanna.\" tabindex=\"0\">galdri<\/span> (dj\u00f6fullegri \u00e1hrifamyndun).<\/p><p>Iamblikos heldur \u00fev\u00ed fram \u00ed riti s\u00ednu <em>De mysteriis<\/em> (Um leyndard\u00f3mana) a\u00f0 vel undirb\u00fainn \u00fee\u00fargisti geti me\u00f0 b\u00e6num, s\u00f6ngvum og helgisi\u00f0at\u00e1knum (innsiglum, n\u00f6fnum, heilagri r\u00famfr\u00e6\u00f0i) tengst gu\u00f0unum, komist n\u00e6r \u00feeim e\u00f0a beint t\u00f6frakrafti \u00ed gegnum sig.<\/p><p>Gu\u00f0unum er ekki skipa\u00f0 fyrir (\u00fea\u00f0 v\u00e6ri <span class=\"iwg-fachbegriff\" data-tooltip=\"I\u00f0kanir sem me\u00f0 s\u00e9rst\u00f6kum ath\u00f6fnum e\u00f0a form\u00falum reyna a\u00f0 hafa \u00e1hrif \u00e1 gang hlutanna.\" tabindex=\"0\">galdur<\/span>), heldur kemur ma\u00f0urinn s\u00e9r \u00ed hlj\u00f3mgrunn vi\u00f0 \u00fe\u00e1. \u00deessi a\u00f0greining hefur m\u00f3ta\u00f0 allar vestr\u00e6nar dulspekilegar \u00e1kallshef\u00f0ir fram \u00e1 \u00feennan dag. Verk Iamblikosar s\u00fdnir a\u00f0 <span class=\"iwg-fachbegriff\" data-tooltip=\"B\u00e6nar- e\u00f0a s\u00e6ringarleg \u00e1v\u00f6rpun \u00e1 gu\u00f0i e\u00f0a \u00e6\u00f0ri m\u00e1tt.\" tabindex=\"0\">\u00e1kall<\/span> er vitsmunaleg og andleg i\u00f0ja, ekki einber viljagaldur.<\/p><\/div>\t\t\t\t\t\t\t\t<\/div>\n\t\t\t\t\t<\/div>\n\t\t\t\t<\/div>\n\t\t\t\t\t<\/div>\n\t\t\t\t<\/div>\n\t\t<div class=\"elementor-element elementor-element-wmd-s3 e-con-boxed e-flex e-con e-parent\" data-id=\"wmd-s3\" data-element_type=\"container\" data-e-type=\"container\">\n\t\t\t\t\t<div class=\"e-con-inner\">\n\t\t\t\t<div class=\"elementor-element elementor-element-wmd-h3 elementor-widget elementor-widget-heading\" data-id=\"wmd-h3\" data-element_type=\"widget\" data-e-type=\"widget\" id=\"wmd-h3\" data-widget_type=\"heading.default\">\n\t\t\t\t\t<h2 class=\"elementor-heading-title elementor-size-default\">Menningars\u00f6guleg d\u00e6mi<\/h2>\t\t\t\t<\/div>\n\t\t<div class=\"elementor-element elementor-element-am-wmdt3-bw e-flex e-con-boxed e-con e-child\" data-id=\"am-wmdt3-bw\" data-element_type=\"container\" data-e-type=\"container\" data-settings=\"{&quot;background_background&quot;:&quot;classic&quot;}\">\n\t\t\t\t\t<div class=\"e-con-inner\">\n\t\t\t\t<div class=\"elementor-element elementor-element-wmd-t3 elementor-widget elementor-widget-text-editor\" data-id=\"wmd-t3\" data-element_type=\"widget\" data-e-type=\"widget\" data-widget_type=\"text-editor.default\">\n\t\t\t\t\t\t\t\t\t<p>Hin <em>Lesser Key of Solomon<\/em> (einnig \u00feekkt sem <em>Goetia<\/em>) er hi\u00f0 s\u00edgilda vestr\u00e6na \u00e1kallsrit (m\u00f6gulega or\u00f0i\u00f0 til \u00e1 15.\/16. \u00f6ld). Hver hinna 72 dj\u00f6fla hefur nafn, t\u00e1kn, klukkustund \u00fear sem hann svarar, og markmi\u00f0 (visku, au\u00f0\u00e6fi, \u00e1st, ey\u00f0ileggingu). S\u00e1 sem i\u00f0kar rit\u00faali\u00f0 dregur verndarhringi, nefnir <span class=\"iwg-fachbegriff\" data-tooltip=\"Andleg vera sem eignu\u00f0 er ska\u00f0leg e\u00f0a tv\u00edbent \u00e1hrif.\" tabindex=\"0\">dj\u00f6fulinn<\/span>-n\u00f6fn \u00ed hebreskum e\u00f0a latneskum form\u00falum, og krefst hl\u00fd\u00f0ni.<\/p><p><em>Picatrix<\/em> (arab\u00edsk, 10. \u00f6ld, \u00fe\u00fddd \u00e1 lat\u00ednu \u00e1 12. \u00f6ld) er stj\u00f6rnuspekilegt \u00e1kallsrit me\u00f0 \u00e1kallsa\u00f0fer\u00f0um fyrir pl\u00e1netuanda og vitsmunaverur. <em>Heptameron<\/em> (mi\u00f0aldir) l\u00fdsir \u00e1k\u00f6llu\u00f0um eftir vikudegi og klukkustund, me\u00f0 englum og dj\u00f6flum.<\/p><p><em>Three Books of Occult Philosophy<\/em> eftir Agrippa (16. \u00f6ld) setur fram kerfisbundna \u00e1kalls-<span class=\"iwg-fachbegriff\" data-tooltip=\"Hin v\u00edsindalega kenning um Gu\u00f0 og tr\u00fa tiltekinna tr\u00faarbrag\u00f0a.\" tabindex=\"0\">gu\u00f0fr\u00e6\u00f0i<\/span> me\u00f0 stj\u00f6rnuspekilegum samsv\u00f6runum. \u00cd n\u00fat\u00edma i\u00f0ku\u00f0um galdri (kaosgaldri, Golden Dawn, wicca) hafa \u00e1kallsa\u00f0fer\u00f0ir veri\u00f0 a\u00f0laga\u00f0ar, en grunnbyggingin (vernd, nafn, vald, brottv\u00edsun) er \u00e1fram mi\u00f0l\u00e6g.<\/p><div><h3>Gy\u00f0ingleg-galdurleg hef\u00f0 heilagra nafna<\/h3><p>\u00cd gy\u00f0inglegri <span class=\"iwg-fachbegriff\" tabindex=\"0\" data-tooltip=\"Tr\u00faarstefna sem leggur \u00e1herslu \u00e1 beina Gu\u00f0sreynslu; mi\u00f0l\u00e6g \u00ed gy\u00f0inglegri, kristinni og \u00edslamskri hef\u00f0.\">dulhyggju<\/span>, einkum \u00ed <span class=\"iwg-fachbegriff\" tabindex=\"0\" data-tooltip=\"Gy\u00f0ingleg dulhyggja me\u00f0 h\u00f6fu\u00f0ritunum Sefer Yetzira, Sohar og l\u00far\u00ed\u00f6nsku sk\u00f3lanum; kenning um sef\u00edr\u00f3t, fj\u00f3rstafanafni\u00f0 og tikkun.\">kabbala<\/span> og Sefer Yetzira-hef\u00f0inni (fyrsta \u00e1r\u00fe\u00fasundi\u00f0 e.Kr.), er <span class=\"iwg-fachbegriff\" data-tooltip=\"\u00dea\u00f0 a\u00f0 \u00e1varpa e\u00f0a s\u00e6ra fram gu\u00f0 e\u00f0a m\u00e1tt me\u00f0 b\u00e6n e\u00f0a s\u00e6ringu.\" tabindex=\"0\">\u00e1kall<\/span> fyrst og fremst i\u00f0kun heilagra nafna. N\u00f6fn Gu\u00f0s (<span class=\"iwg-fachbegriff\" tabindex=\"0\" data-tooltip=\"Hinir fj\u00f3rir hebresku stafir Gu\u00f0snafnsins JHVH, nota\u00f0ir \u00ed gy\u00f0inglegri dulhyggju me\u00f0 t\u00f6fra- og m\u00f6ntrukenndum h\u00e6tti.\">fj\u00f3rstafanafni\u00f0<\/span> JHVH, 72-nafna hef\u00f0in <span class=\"iwg-fachbegriff\" tabindex=\"0\" data-tooltip=\"\u00cd kabbala hi\u00f0 72 stafa Gu\u00f0snafn, dregi\u00f0 af 2. M\u00f3seb\u00f3k 14,19\u201321; grundv\u00f6llur eigin 72-engla stigveldis.\">Schemhamphorasch<\/span>) eru ekki talin einber or\u00f0 heldur m\u00e1ttarr\u00e1sir: s\u00e1 sem ber fram heilagt nafn r\u00e9tt st\u00fdrir gu\u00f0legri orku.<\/p><p>T\u00f6fra\u00e1letranir \u00e1 <span class=\"iwg-fachbegriff\" data-tooltip=\"Hlutur borinn \u00e1 l\u00edkamanum sem eignu\u00f0 er verndandi, \u00f3lukku afst\u00fdrandi \u00e1hrif.\" tabindex=\"0\">verndargrip<\/span>, <span class=\"iwg-fachbegriff\" data-tooltip=\"\u00c1varp um heill og vernd, oft \u00ed f\u00f6stu m\u00e1lfari.\" tabindex=\"0\">blessun<\/span> og verndarme\u00f0\u00f6l nota \u00feessi n\u00f6fn. Magg\u00eddinn fr\u00e1 Mesritsch og a\u00f0rir has\u00edd\u00edskir meistarar leggja \u00e1herslu \u00e1 a\u00f0 \u00e1kall heilagra nafna \u00e1n innri hreinsunar s\u00e9 \u00e1hrifalaust e\u00f0a jafnvel h\u00e6ttulegt. \u00deessi hef\u00f0 leggur \u00e1herslu \u00e1 \u00edhugun og \u00e1setning fremur en upplestur einan s\u00e9r.<\/p><\/div>\t\t\t\t\t\t\t\t<\/div>\n\t\t\t\t\t<\/div>\n\t\t\t\t<\/div>\n\t\t\t\t\t<\/div>\n\t\t\t\t<\/div>\n\t\t<div class=\"elementor-element elementor-element-wmd-s4 e-con-boxed e-flex e-con e-parent\" data-id=\"wmd-s4\" data-element_type=\"container\" data-e-type=\"container\">\n\t\t\t\t\t<div class=\"e-con-inner\">\n\t\t\t\t<div class=\"elementor-element elementor-element-wmd-h4 elementor-widget elementor-widget-heading\" data-id=\"wmd-h4\" data-element_type=\"widget\" data-e-type=\"widget\" id=\"wmd-h4\" data-widget_type=\"heading.default\">\n\t\t\t\t\t<h2 class=\"elementor-heading-title elementor-size-default\">Heimildasta\u00f0a<\/h2>\t\t\t\t<\/div>\n\t\t<div class=\"elementor-element elementor-element-am-wmdt4-bw e-flex e-con-boxed e-con e-child\" data-id=\"am-wmdt4-bw\" data-element_type=\"container\" data-e-type=\"container\" data-settings=\"{&quot;background_background&quot;:&quot;classic&quot;}\">\n\t\t\t\t\t<div class=\"e-con-inner\">\n\t\t\t\t<div class=\"elementor-element elementor-element-wmd-t4 elementor-widget elementor-widget-text-editor\" data-id=\"wmd-t4\" data-element_type=\"widget\" data-e-type=\"widget\" data-widget_type=\"text-editor.default\">\n\t\t\t\t\t\t\t\t\t<p>\u00c1kallsrit eru skjalfest fr\u00e1 mi\u00f0\u00f6ldum. <em>Goetia<\/em> er var\u00f0veitt \u00ed nokkrum mi\u00f0aldahandritum, var gefin \u00fat og ger\u00f0 vins\u00e6l \u00e1 19. \u00f6ld af S.L. MacGregor <span class=\"iwg-fachbegriff\" tabindex=\"0\" data-tooltip=\"Samuel Liddell MacGregor Mathers (1854\u20131918); me\u00f0stofnandi Golden Dawn, \u00fe\u00fd\u00f0andi Goetia.\">Mathers<\/span>. Fr\u00e6\u00f0ilegar ranns\u00f3knir (<span class=\"iwg-fachbegriff\" tabindex=\"0\" data-tooltip=\"Breskur sagnfr\u00e6\u00f0ingur (f. 1969); helstu verk Grimoires (2009) og Paranormal (2009).\">Owen Davies<\/span>, Richard Kieckhefer, Nicola Bown) hafa kanna\u00f0 hef\u00f0ir \u00e1kallsrita og s\u00f6gulegt samhengi \u00feeirra. N\u00fat\u00edma i\u00f0kendur galdurs skr\u00e1setja eigin \u00e1kallsreynslu \u00ed b\u00f3kum og netspjall\u00fer\u00e1\u00f0um.<\/p><div><h3>Almenn bygging \u00e1kalls: undirb\u00faningur, \u00e1kall, binding<\/h3><p>B\u00e6\u00f0i <span class=\"iwg-fachbegriff\" data-tooltip=\"T\u00edmabil gr\u00edskrar og r\u00f3mverskrar menningar, um 800 f.Kr. til 600 e.Kr.\" tabindex=\"0\">forn\u00f6ld<\/span>&#8211;<a class=\"iwg-fachbegriff\" href=\"https:\/\/iwell-guard.com\/is\/?page_id=168887\" tabindex=\"0\" data-tooltip=\"\u00c6\u00f0ri helgisi\u00f0amagn til tengingar vi\u00f0 gu\u00f0i e\u00f0a \u00e6\u00f0ri anda; hj\u00e1 n\u00fdplatonistum (Jamblikos) andst\u00e6\u00f0a hinnar l\u00e6gri goet\u00edu.\" style=\"color:inherit;text-decoration:none\">gu\u00f0fr\u00e6\u00f0igaldur<\/a> og mi\u00f0aldahef\u00f0ir \u00e1kallsrita deila \u00fer\u00edskiptri byggingu. Undirb\u00faningurinn (fasta, hreinsun, hringdr\u00e1ttur, innri einbeiting a\u00f0 verunni) gerir \u00feann sem \u00e1kallar ver\u00f0ugan. Sj\u00e1lft <span class=\"iwg-fachbegriff\" data-tooltip=\"\u00dea\u00f0 a\u00f0 \u00e1varpa e\u00f0a s\u00e6ra fram gu\u00f0 e\u00f0a m\u00e1tt me\u00f0 b\u00e6n e\u00f0a s\u00e6ringu.\" tabindex=\"0\">\u00e1kalli\u00f0<\/span> (upplestur nafna, s\u00e1lma, teikning <a class=\"iwg-fachbegriff\" href=\"https:\/\/iwell-guard.com\/is\/?page_id=168878\" tabindex=\"0\" data-tooltip=\"T\u00f6framerki sem \u00fe\u00e9ttir anda e\u00f0a \u00e1setning \u00ed myndr\u00e6nu formi; mi\u00f0l\u00e6gt \u00ed Goetia, Spare-hef\u00f0inni og kaosgaldri.\" style=\"color:inherit;text-decoration:none\">innsiglis<\/a>, reykelsisbrennsla) la\u00f0ar a\u00f0 s\u00e9r athygli verunnar. Bindingin (bann e\u00f0a skipun, \u00feakkl\u00e6ti, lok <span class=\"iwg-fachbegriff\" data-tooltip=\"F\u00f6st, endurtekin tr\u00faarleg ath\u00f6fn.\" tabindex=\"0\">helgisi\u00f0ar<\/span>) tryggir samskiptin.<\/p><p>\u00deessi \u00fer\u00edskipta bygging finnst \u00ed egypskum musteriss\u00e1lmum, rabb\u00ednskum s\u00e6ringartextum, austurkirkjulega-galdursbundnum i\u00f0kunum og n\u00fat\u00edma wicca. H\u00fan vir\u00f0ist ekki vera menningarlegt fyrirb\u00e6ri heldur s\u00e1lfr\u00e6\u00f0ilegt mynstur: undirb\u00faningur skapar athygli, \u00e1kall skipuleggur samskipti, binding festir reynsluna \u00ed j\u00f6r\u00f0u.<\/p><\/div>\t\t\t\t\t\t\t\t<\/div>\n\t\t\t\t\t<\/div>\n\t\t\t\t<\/div>\n\t\t\t\t\t<\/div>\n\t\t\t\t<\/div>\n\t\t<div class=\"elementor-element elementor-element-wmd-s5 e-con-boxed e-flex e-con e-parent\" data-id=\"wmd-s5\" data-element_type=\"container\" data-e-type=\"container\">\n\t\t\t\t\t<div class=\"e-con-inner\">\n\t\t\t\t<div class=\"elementor-element elementor-element-wmd-h5 elementor-widget elementor-widget-heading\" data-id=\"wmd-h5\" data-element_type=\"widget\" data-e-type=\"widget\" id=\"wmd-h5\" data-widget_type=\"heading.default\">\n\t\t\t\t\t<h2 class=\"elementor-heading-title elementor-size-default\">Merking \u00ed dag \/ Tengdar verur<\/h2>\t\t\t\t<\/div>\n\t\t<div class=\"elementor-element elementor-element-am-wmdt5-bw e-flex e-con-boxed e-con e-child\" data-id=\"am-wmdt5-bw\" data-element_type=\"container\" data-e-type=\"container\" data-settings=\"{&quot;background_background&quot;:&quot;classic&quot;}\">\n\t\t\t\t\t<div class=\"e-con-inner\">\n\t\t\t\t<div class=\"elementor-element elementor-element-wmd-t5 elementor-widget elementor-widget-text-editor\" data-id=\"wmd-t5\" data-element_type=\"widget\" data-e-type=\"widget\" data-widget_type=\"text-editor.default\">\n\t\t\t\t\t\t\t\t\t<footer class=\"iwg-literatur\"><p>\u00c1kallanir eru algengar \u00ed n\u00fat\u00edma i\u00f0ku\u00f0um galdri. Netsamf\u00e9l\u00f6g um dulspeki r\u00e6\u00f0a \u00f6ryggi \u00e1kallana, \u00e1rangurshlutfall og villuvalda. Hugmyndin um dj\u00f6fullega bindingu er s\u00e1lfr\u00e6\u00f0ilega heillandi: ma\u00f0ur leitast vi\u00f0 a\u00f0 n\u00e1 stj\u00f3rn \u00e1 \u00f6flugum yfirn\u00e1tt\u00farulegum kr\u00f6ftum.<\/p><p>Hvort <span class=\"iwg-fachbegriff\" data-tooltip=\"\u00c1varp til gu\u00f0s e\u00f0a m\u00e1ttarvalds me\u00f0 b\u00e6n e\u00f0a \u00e1k\u00f6llun.\" tabindex=\"0\">\u00e1kallan<\/span> hafi raunveruleg \u00e1hrif er tr\u00faarlega (fyrir \u00fe\u00e1 sem tr\u00faa) umdeilt; s\u00e1lfr\u00e6\u00f0ilega getur h\u00fan veri\u00f0 me\u00f0fer\u00f0arleg e\u00f0a ni\u00f0urbrj\u00f3tandi, allt eftir v\u00e6ntingum og s\u00e1lr\u00e6nu jafnv\u00e6gi. Ranns\u00f3knir \u00e1 yfirn\u00e1tt\u00farulegum fyrirb\u00e6rum hafa ekki fundi\u00f0 neinar reynslus\u00f6nnur fyrir \u00e1rangursr\u00edkri <span class=\"iwg-fachbegriff\" data-tooltip=\"\u00c1varp til gu\u00f0s e\u00f0a m\u00e1ttarvalds me\u00f0 b\u00e6n e\u00f0a \u00e1k\u00f6llun.\" tabindex=\"0\">\u00e1kallan<\/span>. Tengdar i\u00f0kanir eru <span class=\"iwg-fachbegriff\" data-tooltip=\"Munnleg ath\u00f6fn sem \u00e6tla\u00f0 er a\u00f0 kalla fram e\u00f0a binda m\u00e1tt.\" tabindex=\"0\">s\u00e6ring<\/span>, b\u00f6nnunarathafnir og stj\u00f6rnuspeglu\u00f0 <span class=\"iwg-fachbegriff\" data-tooltip=\"I\u00f0kanir sem reyna a\u00f0 hafa \u00e1hrif \u00e1 atbur\u00f0ar\u00e1s me\u00f0 s\u00e9rst\u00f6kum ath\u00f6fnum e\u00f0a form\u00falum.\" tabindex=\"0\">galdur<\/span>.<\/p><h3>Tr\u00faars\u00f6guleg d\u00fdpt<\/h3><p>\u00c1kallanai\u00f0kun er ein elsta og \u00fer\u00e1l\u00e1tasta form tr\u00faarlegrar athafnar \u00fevert \u00e1 menningarheima. Mes\u00f3p\u00f3tam\u00edsku s\u00e6ringart\u00f6flurnar (<span class=\"iwg-fachbegriff\" tabindex=\"0\" data-tooltip=\"Akkad\u00edsk s\u00e6ringarsyrpa fr\u00e1 1. \u00e1r\u00fe\u00fasundi f.Kr.; \u00edtarlegasta var\u00f0veitta mes\u00f3p\u00f3tam\u00edska safn andgaldraathafna.\">Maqlu<\/span>, \u0160urpu), egypskir p\u00fdram\u00eddatextar, gr\u00edsk galdrapapp\u00edrsrit (PGM hj\u00e1 Preisendanz), gy\u00f0ingd\u00f3mstextarnir Hekhalot og mi\u00f0aldahandb\u00e6kur galdramanna (gr\u00edmoire) mynda \u00f6ll \u00e1berandi \u00e1kallanas\u00f6fn.<\/p><p>Fr\u00e6\u00f0imenn sj\u00e1 \u00ed \u00feessari st\u00f6\u00f0ugleika b\u00e6\u00f0i menningarlega dreifingu og hagn\u00fdta samleitni; <span class=\"iwg-fachbegriff\" data-tooltip=\"\u00c1varp til gu\u00f0s e\u00f0a m\u00e1ttarvalds me\u00f0 b\u00e6n e\u00f0a \u00e1k\u00f6llun.\" tabindex=\"0\">\u00e1kallan<\/span> \u00fej\u00f3nar svipu\u00f0um s\u00e1lr\u00e6num og f\u00e9lagslegum hlutverkum \u00ed m\u00f6rgum tr\u00faarbr\u00f6g\u00f0um.<\/p><h3>Skref \u00ed a\u00f0fer\u00f0afr\u00e6\u00f0i<\/h3><p>Tr\u00faarbrag\u00f0afr\u00e6\u00f0in greinir venjulega \u00ferj\u00fa stig <span class=\"iwg-fachbegriff\" data-tooltip=\"\u00c1varp til gu\u00f0s e\u00f0a m\u00e1ttarvalds me\u00f0 b\u00e6n e\u00f0a \u00e1k\u00f6llun.\" tabindex=\"0\">\u00e1kallanar<\/span>: fyrst einfalda b\u00e6nina (orare), \u00ed \u00f6\u00f0ru lagi skipulag\u00f0a <span class=\"iwg-fachbegriff\" data-tooltip=\"\u00c1varp til gu\u00f0s e\u00f0a m\u00e1ttarvalds me\u00f0 b\u00e6n e\u00f0a \u00e1k\u00f6llun.\" tabindex=\"0\">\u00e1kallan<\/span> me\u00f0 f\u00f6stum form\u00falum (invocatio), og \u00ed \u00feri\u00f0ja lagi bindandi <span class=\"iwg-fachbegriff\" data-tooltip=\"Munnleg ath\u00f6fn sem \u00e6tla\u00f0 er a\u00f0 kalla fram e\u00f0a binda m\u00e1tt.\" tabindex=\"0\">s\u00e6ringu<\/span> me\u00f0 valdsmannlegum or\u00f0atilt\u00e6kjum (adiuratio).<\/p><p>Goetia-hef\u00f0in heyrir til \u00feri\u00f0ja stigsins; engla-galdur Hekhalot-textanna til annars stigs; kristin-ka\u00fe\u00f3lsk d\u00fdrlinga\u00e1kallan til fyrsta stigs. \u00deessi stigskipting er mikilv\u00e6g \u00ed a\u00f0fer\u00f0afr\u00e6\u00f0ilegu tilliti, \u00fev\u00ed h\u00fan s\u00fdnir hva\u00f0a gu\u00f0fr\u00e6\u00f0ilega sj\u00e1lfsst\u00f6\u00f0u i\u00f0kandinn tekur s\u00e9r, allt fr\u00e1 au\u00f0mj\u00fakum b\u00e6namanni til valdsmannlegs s\u00e6ringarmanns.<\/p><h3>Hagn\u00fdt \u00e1h\u00e6tta<\/h3><p>Fr\u00e1 tr\u00faars\u00f6gulegu og tr\u00faars\u00e1lfr\u00e6\u00f0ilegu sj\u00f3narhorni er \u00e1kallanai\u00f0kun ekki l\u00e9ttv\u00e6gt m\u00e1l. Eldri hef\u00f0in geymir sk\u00fdrar vi\u00f0varanir um misheppna\u00f0ar \u00e1kallanir: i\u00f0kandinn getur misst stj\u00f3rnina, veri\u00f0 tekinn yfir af verunni sem k\u00f6llu\u00f0 var fram, e\u00f0a falli\u00f0 \u00ed sundurleitt (dissociative) \u00e1stand.<\/p><p>\u00cd n\u00fat\u00edmasamhengi l\u00fdsa svefn- og tr\u00faars\u00e1lfr\u00e6\u00f0i svipu\u00f0um fyrirb\u00e6rum undir hugt\u00f6kunum <span class=\"iwg-fachbegriff\" tabindex=\"0\" data-tooltip=\"Breytt vitundar\u00e1stand me\u00f0 \u00ferengdri athygli; framkalla\u00f0 af \u00e1setningi \u00ed sjaman\u00edskri og mi\u00f0ilslegri i\u00f0kun.\">trans<\/span>-sundurleitni, andsetningu og sj\u00e1lfsupplausn. Vi\u00f0 fj\u00f6llum um i\u00f0kunina sem tr\u00faars\u00f6gulegt fyrirb\u00e6ri; ekki er \u00e6tlunin a\u00f0 gefa notkunarr\u00e1\u00f0leggingar. S\u00e1 sem hyggst stunda \u00e1kallanir \u00e6tti a\u00f0 vera me\u00f0vita\u00f0ur um gu\u00f0fr\u00e6\u00f0ilegar, s\u00e1lfr\u00e6\u00f0ilegar og f\u00e9lagslegar forsendur sl\u00edks.<\/p><h3>Tengdar greinar<\/h3><p>Efnislega tengdar eru <a href=\"https:\/\/iwell-guard.com\/is\/?page_id=168869\">Goetia<\/a> sem mikilv\u00e6gasta vestr\u00e6na \u00e1kallanahef\u00f0in, <a href=\"https:\/\/iwell-guard.com\/is\/?page_id=168867\">englasamskipti<\/a> sem j\u00e1kv\u00e6tt merkt systuri\u00f0kun, <a href=\"https:\/\/iwell-guard.com\/is\/?page_id=168737\">nekromans<\/a> sem s\u00e9rstakt form fyrir hina l\u00e1tnu, og <a href=\"https:\/\/iwell-guard.com\/is\/?page_id=168866\">glundro\u00f0agaldur<\/a> sem a\u00f0fer\u00f0afr\u00e6\u00f0ilega \u00edhuga\u00f0 n\u00fat\u00edmaafbrig\u00f0i. \u00deeir sem vilja vinna me\u00f0 fornu hef\u00f0inni finna sta\u00f0al\u00fatg\u00e1fur undir <a href=\"https:\/\/iwell-guard.com\/is\/?page_id=168730\">Heimildir<\/a>.<\/p><div data-nosnippet=\"true\" class=\"iwg-litliste\"><p><strong>Sta\u00f0alrit (samanbur\u00f0ar-<span class=\"iwg-fachbegriff\" data-tooltip=\"Fr\u00e6\u00f0igreinin sem rannsakar tr\u00faarbr\u00f6g\u00f0 \u00e1 samanbur\u00f0arh\u00e1tt og \u00e1n tr\u00faarlegrar afst\u00f6\u00f0u.\" tabindex=\"0\">tr\u00faarbrag\u00f0afr\u00e6\u00f0i<\/span>):<\/strong><\/p><ul><li><span data-nosnippet><strong>Hanegraaff, Wouter J. (Ed.)<\/strong>: <em>Dictionary of <span class=\"iwg-fachbegriff\" data-tooltip=\"Tr\u00faarhreyfing fr\u00e1 s\u00ed\u00f0forn\u00f6ld sem kenndi hj\u00e1lpr\u00e6\u00f0i me\u00f0 s\u00e9rstakri vitneskju.\" tabindex=\"0\">gnosis<\/span> and Western Esotericism. Brill, Leiden 2005.<\/em><\/span><\/li><li><span data-nosnippet><strong>Smith, Jonathan Z.<\/strong>: <em>Map Is Not Territory. Studies in the History of Religions. Brill, Leiden 1978.<\/em><\/span><\/li><\/ul><\/div><\/footer>\n<p class=\"iwg-bib-more\"><span data-nosnippet>Fleiri sta\u00f0alrit \u00ed <a href=\"https:\/\/iwell-guard.com\/is\/?page_id=168730\">heimildaskr\u00e1nni<\/a>.<\/span><\/p>\t\t\t\t\t\t\t\t<\/div>\n\t\t\t\t\t<\/div>\n\t\t\t\t<\/div>\n\t\t\t\t\t<\/div>\n\t\t\t\t<\/div>\n\t\t<div class=\"elementor-element elementor-element-iwgcb-anrufung-sec e-flex e-con-boxed e-con e-parent\" data-id=\"iwgcb-anrufung-sec\" data-element_type=\"container\" data-e-type=\"container\" id=\"iwg-cb-anrufung\">\n\t\t\t\t\t<div class=\"e-con-inner\">\n\t\t<div class=\"elementor-element elementor-element-iwgcb-anrufung-inner e-flex e-con-boxed e-con e-parent\" data-id=\"iwgcb-anrufung-inner\" data-element_type=\"container\" data-e-type=\"container\" data-settings=\"{&quot;background_background&quot;:&quot;classic&quot;}\">\n\t\t\t\t\t<div class=\"e-con-inner\">\n\t\t\t\t<div class=\"elementor-element elementor-element-iwgcb-anrufung-h elementor-widget elementor-widget-heading\" data-id=\"iwgcb-anrufung-h\" data-element_type=\"widget\" data-e-type=\"widget\" data-widget_type=\"heading.default\">\n\t\t\t\t\t<h2 class=\"elementor-heading-title elementor-size-default\">iWell Guard og verndarhef\u00f0ir<\/h2>\t\t\t\t<\/div>\n\t\t\t\t<div class=\"elementor-element elementor-element-iwgcb-anrufung-t elementor-widget elementor-widget-text-editor\" data-id=\"iwgcb-anrufung-t\" data-element_type=\"widget\" data-e-type=\"widget\" data-widget_type=\"text-editor.default\">\n\t\t\t\t\t\t\t\t\t<div data-nosnippet=\"true\"><p>\u00cd \u00f6llum \u00feeim menningarheimum sem hafa veri\u00f0 skr\u00e1\u00f0ir m\u00e1 finna verndargripi sem f\u00f3lk bar \u00e1 s\u00e9r, allt fr\u00e1 <a href=\"https:\/\/iwell-guard.com\/is\/?page_id=168584\">Pazuzu<\/a>-verndargripum \u00ed Mes\u00f3p\u00f3tam\u00edu til <a href=\"https:\/\/iwell-guard.com\/is\/?page_id=168899\">Hamsa<\/a> vi\u00f0 Mi\u00f0jar\u00f0arhafi\u00f0, <a href=\"https:\/\/iwell-guard.com\/is\/?page_id=168900\">Mezuzah<\/a> \u00e1 dyrast\u00f6fum j\u00fa\u00f0ad\u00f3ms og kristilegra verndarmedal\u00eda. iWell Guard s\u00e6kir \u00ed \u00feessa hef\u00f0 me\u00f0 n\u00fat\u00edmalegri efnis\u00fatf\u00e6rslu, framleiddur \u00ed \u00de\u00fdskalandi, 41 lag, alv\u00f6ru gull, plat\u00edna, silfur. 30 daga skilar\u00e9ttur.<\/p><\/div>\t\t\t\t\t\t\t\t<\/div>\n\t\t\t\t<div class=\"elementor-element elementor-element-iwgcb-anrufung-b iwg-cb-button iwg-cb-cta-2026-05-13 elementor-widget elementor-widget-jet-button\" data-id=\"iwgcb-anrufung-b\" data-element_type=\"widget\" data-e-type=\"widget\" data-widget_type=\"jet-button.default\">\n\t\t\t\t<div class=\"elementor-widget-container\">\n\t\t\t\t\t<div class=\"elementor-jet-button jet-elements\"><div class=\"jet-button__container\"><a class=\"jet-button__instance jet-button__instance--icon-left hover-effect-1\" href=\"\/ueber-iwell-guard\/?utm_source=iwell-guard.com&amp;utm_medium=info-box&amp;utm_campaign=hub-tradition\"><div class=\"jet-button__plane jet-button__plane-normal\"><\/div><div class=\"jet-button__plane jet-button__plane-hover\"><\/div><div class=\"jet-button__state jet-button__state-normal\"><span class=\"jet-button__label\">Meira um iWell Guard<\/span><\/div><div class=\"jet-button__state jet-button__state-hover\"><span class=\"jet-button__label\">Meira um iWell Guard<\/span><\/div><\/a><\/div><\/div><style>.elementor-element.elementor-element-iwgcb-anrufung-b .jet-button__instance{width:320px;height:56px;}.elementor-element.elementor-element-iwgcb-anrufung-b .jet-button__state-normal .jet-button__label{text-align:center;margin:0px 0px 0px 0px;color:#1a1b20;font-family:Montserrat,sans-serif;font-size:13px;font-weight:400;letter-spacing:4px;line-height:1.714em;text-transform:uppercase;}.elementor-element.elementor-element-iwgcb-anrufung-b .jet-button__state-hover .jet-button__label{text-align:center;margin:0px 0px 0px 0px;color:#FECC76;font-family:Montserrat,sans-serif;font-size:13px;font-weight:400;letter-spacing:4px;line-height:1.714em;text-transform:uppercase;}.elementor-element.elementor-element-iwgcb-anrufung-b .jet-button__plane-normal{background-color:#FECC76;border-style:solid;border-color:#C99540;border-width:2px 2px 2px 2px;}.elementor-element.elementor-element-iwgcb-anrufung-b .jet-button__plane-hover{background-color:rgba(0,0,0,0.55);border-style:solid;border-color:#FECC76;border-width:2px 2px 2px 2px;}<\/style>\t\t\t\t<\/div>\n\t\t\t\t<\/div>\n\t\t\t\t<div class=\"elementor-element elementor-element-iwgcb-anrufung-d elementor-widget elementor-widget-text-editor\" data-id=\"iwgcb-anrufung-d\" data-element_type=\"widget\" data-e-type=\"widget\" data-widget_type=\"text-editor.default\">\n\t\t\t\t\t\t\t\t\t<div data-nosnippet=\"true\"><p style=\"text-align:center;font-size:13px;opacity:0.7;margin-top:14px\" data-nosnippet=\"true\">Pers\u00f3nuleg reynsla getur veri\u00f0 mismunandi. Ekki l\u00e6kningat\u00e6ki. Engin lofor\u00f0 um l\u00e6kningu.<\/p><\/div>\t\t\t\t\t\t\t\t<\/div>\n\t\t\t\t\t<\/div>\n\t\t\t\t<\/div>\n\t\t\t\t\t<\/div>\n\t\t\t\t<\/div>\n\t\t\t\t<\/div>\n\t\t","protected":false},"excerpt":{"rendered":"","protected":false},"author":3,"featured_media":2308,"parent":0,"menu_order":0,"comment_status":"closed","ping_status":"closed","template":"elementor_header_footer","meta":{"_yoast_wpseo_focuskw":"\u00c1kall","_yoast_wpseo_title":"\u00c1kall dj\u00f6fullegra vera \u2013 Goetia","_yoast_wpseo_metadesc":"\u00c1kall er framkv\u00e6md \u00feess a\u00f0 kalla fram yfirn\u00e1tt\u00farulegar verur me\u00f0 grimoire og helgisi\u00f0um. L\u00e6r\u00f0u um Goetia og t\u00f6frastj\u00f3rnun.","_yoast_wpseo_meta-robots-noindex":"","_yoast_wpseo_canonical":"","_angie_page":false,"gefaehrdungsstufe":"","wesen_kultur":"","wesen_klasse":"","footnotes":""},"categories":[],"class_list":["post-168740","page","type-page","status-publish","has-post-thumbnail","hentry"],"yoast_head":"<!-- This site is optimized with the Yoast SEO Premium plugin v27.7 (Yoast SEO v28.3) - https:\/\/yoast.com\/product\/yoast-seo-premium-wordpress\/ -->\n<title>\u00c1kall dj\u00f6fullegra vera \u2013 Goetia<\/title>\n<meta name=\"description\" content=\"\u00c1kall er framkv\u00e6md \u00feess a\u00f0 kalla fram yfirn\u00e1tt\u00farulegar verur me\u00f0 grimoire og helgisi\u00f0um. L\u00e6r\u00f0u um Goetia og t\u00f6frastj\u00f3rnun.\" \/>\n<meta name=\"robots\" content=\"index, follow, max-snippet:-1, max-image-preview:large, max-video-preview:-1\" \/>\n<link rel=\"canonical\" href=\"https:\/\/iwell-guard.com\/is\/akall-djofullegra-vera\/\" \/>\n<meta property=\"og:locale\" content=\"is_IS\" \/>\n<meta property=\"og:type\" content=\"article\" \/>\n<meta property=\"og:title\" content=\"\u00c1kall dj\u00f6fullegra vera\" \/>\n<meta property=\"og:description\" content=\"\u00c1kall er framkv\u00e6md \u00feess a\u00f0 kalla fram yfirn\u00e1tt\u00farulegar verur me\u00f0 grimoire og helgisi\u00f0um. L\u00e6r\u00f0u um Goetia og t\u00f6frastj\u00f3rnun.\" \/>\n<meta property=\"og:url\" content=\"https:\/\/iwell-guard.com\/is\/akall-djofullegra-vera\/\" \/>\n<meta property=\"og:site_name\" content=\"iWell Guard\" \/>\n<meta property=\"article:modified_time\" content=\"2026-09-05T14:18:13+00:00\" \/>\n<meta property=\"og:image\" content=\"https:\/\/iwell-guard.com\/wp-content\/uploads\/2026\/05\/praktiken_anrufung.webp\" \/>\n\t<meta property=\"og:image:width\" content=\"1024\" \/>\n\t<meta property=\"og:image:height\" content=\"1536\" \/>\n\t<meta property=\"og:image:type\" content=\"image\/webp\" \/>\n<meta name=\"twitter:card\" content=\"summary_large_image\" \/>\n<script type=\"application\/ld+json\" class=\"yoast-schema-graph\">{\"@context\":\"https:\\\/\\\/schema.org\",\"@graph\":[{\"@type\":\"WebPage\",\"@id\":\"https:\\\/\\\/iwell-guard.com\\\/is\\\/akall-djofullegra-vera\\\/\",\"url\":\"https:\\\/\\\/iwell-guard.com\\\/is\\\/akall-djofullegra-vera\\\/\",\"name\":\"\u00c1kall dj\u00f6fullegra vera \u2013 Goetia\",\"isPartOf\":{\"@id\":\"https:\\\/\\\/iwell-guard.com\\\/is\\\/#website\"},\"primaryImageOfPage\":{\"@id\":\"https:\\\/\\\/iwell-guard.com\\\/is\\\/akall-djofullegra-vera\\\/#primaryimage\"},\"image\":{\"@id\":\"https:\\\/\\\/iwell-guard.com\\\/is\\\/akall-djofullegra-vera\\\/#primaryimage\"},\"thumbnailUrl\":\"https:\\\/\\\/iwell-guard.com\\\/wp-content\\\/uploads\\\/2026\\\/05\\\/praktiken_anrufung.webp\",\"datePublished\":\"2026-09-05T14:02:36+00:00\",\"dateModified\":\"2026-09-05T14:18:13+00:00\",\"description\":\"\u00c1kall er framkv\u00e6md \u00feess a\u00f0 kalla fram yfirn\u00e1tt\u00farulegar verur me\u00f0 grimoire og helgisi\u00f0um. L\u00e6r\u00f0u um Goetia og t\u00f6frastj\u00f3rnun.\",\"breadcrumb\":{\"@id\":\"https:\\\/\\\/iwell-guard.com\\\/is\\\/akall-djofullegra-vera\\\/#breadcrumb\"},\"inLanguage\":\"is\",\"potentialAction\":[{\"@type\":\"ReadAction\",\"target\":[\"https:\\\/\\\/iwell-guard.com\\\/is\\\/akall-djofullegra-vera\\\/\"]}]},{\"@type\":\"ImageObject\",\"inLanguage\":\"is\",\"@id\":\"https:\\\/\\\/iwell-guard.com\\\/is\\\/akall-djofullegra-vera\\\/#primaryimage\",\"url\":\"https:\\\/\\\/iwell-guard.com\\\/wp-content\\\/uploads\\\/2026\\\/05\\\/praktiken_anrufung.webp\",\"contentUrl\":\"https:\\\/\\\/iwell-guard.com\\\/wp-content\\\/uploads\\\/2026\\\/05\\\/praktiken_anrufung.webp\",\"width\":1024,\"height\":1536,\"caption\":\"\u00c1kall dj\u00f6fullegra vera\"},{\"@type\":\"BreadcrumbList\",\"@id\":\"https:\\\/\\\/iwell-guard.com\\\/is\\\/akall-djofullegra-vera\\\/#breadcrumb\",\"itemListElement\":[{\"@type\":\"ListItem\",\"position\":1,\"name\":\"Start\",\"item\":\"https:\\\/\\\/iwell-guard.com\\\/is\\\/?page_id=168580\"},{\"@type\":\"ListItem\",\"position\":2,\"name\":\"\u00c1kall dj\u00f6fullegra vera\"}]},{\"@type\":\"WebSite\",\"@id\":\"https:\\\/\\\/iwell-guard.com\\\/is\\\/#website\",\"url\":\"https:\\\/\\\/iwell-guard.com\\\/is\\\/\",\"name\":\"iWell Guard\",\"description\":\"Schutz vor dunklen Einfl\u00fcssen\",\"publisher\":{\"@id\":\"https:\\\/\\\/iwell-guard.com\\\/is\\\/#organization\"},\"potentialAction\":[{\"@type\":\"SearchAction\",\"target\":{\"@type\":\"EntryPoint\",\"urlTemplate\":\"https:\\\/\\\/iwell-guard.com\\\/is\\\/?s={search_term_string}\"},\"query-input\":{\"@type\":\"PropertyValueSpecification\",\"valueRequired\":true,\"valueName\":\"search_term_string\"}}],\"inLanguage\":\"is\"},{\"@type\":\"Organization\",\"@id\":\"https:\\\/\\\/iwell-guard.com\\\/is\\\/#organization\",\"name\":\"Ittermann electronic GmbH\",\"url\":\"https:\\\/\\\/iwell-guard.com\\\/is\\\/\",\"logo\":{\"@type\":\"ImageObject\",\"inLanguage\":\"is\",\"@id\":\"https:\\\/\\\/iwell-guard.com\\\/is\\\/#\\\/schema\\\/logo\\\/image\\\/\",\"url\":\"https:\\\/\\\/iwell-guard.com\\\/wp-content\\\/uploads\\\/2026\\\/05\\\/Ittermann-Logo-1182x237-1.png\",\"contentUrl\":\"https:\\\/\\\/iwell-guard.com\\\/wp-content\\\/uploads\\\/2026\\\/05\\\/Ittermann-Logo-1182x237-1.png\",\"width\":1182,\"height\":237,\"caption\":\"Ittermann electronic GmbH\"},\"image\":{\"@id\":\"https:\\\/\\\/iwell-guard.com\\\/is\\\/#\\\/schema\\\/logo\\\/image\\\/\"},\"sameAs\":[\"https:\\\/\\\/pantip.com\\\/profile\\\/9367242\",\"https:\\\/\\\/micro.blog\\\/iwellguard\",\"https:\\\/\\\/www.diggerslist.com\\\/iwellguard\\\/about\",\"https:\\\/\\\/skitterphoto.com\\\/photographers\\\/2870314\\\/iwell-guard\",\"https:\\\/\\\/iwellguard.wordpress.com\\\/2026\\\/06\\\/06\\\/iwell-guard\\\/\",\"https:\\\/\\\/hub.docker.com\\\/u\\\/iwellguard\",\"https:\\\/\\\/www.pinterest.com\\\/iwellguard\\\/\",\"https:\\\/\\\/bit.ly\\\/m\\\/iwellguard\",\"https:\\\/\\\/entre-vos-mains.alsace.eu\\\/profiles\\\/iwellguard\\\/activity\",\"https:\\\/\\\/gravatar.com\\\/reallybeded8fd34\",\"https:\\\/\\\/naijamatta.com\\\/iwellguard\",\"https:\\\/\\\/www.goodreads.com\\\/iwellguard\",\"https:\\\/\\\/profile.hatena.ne.jp\\\/iwellguard\\\/\",\"https:\\\/\\\/experiment.com\\\/users\\\/iwellguard\",\"https:\\\/\\\/wakelet.com\\\/@iWellGuard82270\",\"https:\\\/\\\/www.chordie.com\\\/forum\\\/profile.php?id=2555664\",\"https:\\\/\\\/www.instapaper.com\\\/p\\\/17757966\",\"https:\\\/\\\/www.mapleprimes.com\\\/users\\\/iwellguard\",\"https:\\\/\\\/businesslistingplus.com\\\/profile\\\/iwell-guard\\\/\",\"https:\\\/\\\/telegra.ph\\\/iWell-Guard-06-06\",\"https:\\\/\\\/pbase.com\\\/iwellguard\\\/iwellguard\",\"https:\\\/\\\/b.hatena.ne.jp\\\/iwellguard\\\/20260607#bookmark-4788405196491818882\",\"https:\\\/\\\/fliphtml5.com\\\/home\\\/iwellguard\",\"https:\\\/\\\/anyflip.com\\\/homepage\\\/cmiwl#About\",\"https:\\\/\\\/transfur.com\\\/Users\\\/iwellguard\",\"http:\\\/\\\/delphi.larsbo.org\\\/user\\\/iwellguard\",\"https:\\\/\\\/jobs.lajobsportal.org\\\/profiles\\\/8380803-iwell-guard\",\"https:\\\/\\\/md.chaosdorf.de\\\/s\\\/jfbe5SBdJD\",\"https:\\\/\\\/www.lingvolive.com\\\/en-us\\\/profile\\\/9ecaeaca-ce11-4e51-9e71-01d55e2bff36\\\/translations\",\"https:\\\/\\\/www.fitday.com\\\/fitness\\\/forums\\\/members\\\/iwellguard.html\",\"https:\\\/\\\/www.mymeetbook.com\\\/iwellguard\",\"https:\\\/\\\/pxhere.com\\\/en\\\/photographer-me\\\/5040798\",\"https:\\\/\\\/disqus.com\\\/by\\\/iwellguard\\\/about\\\/\",\"https:\\\/\\\/pastelink.net\\\/hjwciqwq\",\"https:\\\/\\\/pubhtml5.com\\\/homepage\\\/scjhn\\\/\",\"https:\\\/\\\/www.bitchute.com\\\/channel\\\/2O2eOKzNqujT\",\"https:\\\/\\\/audiomack.com\\\/iwellguard\"]}]}<\/script>\n<!-- \/ Yoast SEO Premium plugin. -->","yoast_head_json":{"title":"\u00c1kall dj\u00f6fullegra vera \u2013 Goetia","description":"\u00c1kall er framkv\u00e6md \u00feess a\u00f0 kalla fram yfirn\u00e1tt\u00farulegar verur me\u00f0 grimoire og helgisi\u00f0um. L\u00e6r\u00f0u um Goetia og t\u00f6frastj\u00f3rnun.","robots":{"index":"index","follow":"follow","max-snippet":"max-snippet:-1","max-image-preview":"max-image-preview:large","max-video-preview":"max-video-preview:-1"},"canonical":"https:\/\/iwell-guard.com\/is\/akall-djofullegra-vera\/","og_locale":"is_IS","og_type":"article","og_title":"\u00c1kall dj\u00f6fullegra vera","og_description":"\u00c1kall er framkv\u00e6md \u00feess a\u00f0 kalla fram yfirn\u00e1tt\u00farulegar verur me\u00f0 grimoire og helgisi\u00f0um. L\u00e6r\u00f0u um Goetia og t\u00f6frastj\u00f3rnun.","og_url":"https:\/\/iwell-guard.com\/is\/akall-djofullegra-vera\/","og_site_name":"iWell Guard","article_modified_time":"2026-09-05T14:18:13+00:00","og_image":[{"width":1024,"height":1536,"url":"https:\/\/iwell-guard.com\/wp-content\/uploads\/2026\/05\/praktiken_anrufung.webp","type":"image\/webp"}],"twitter_card":"summary_large_image","schema":{"@context":"https:\/\/schema.org","@graph":[{"@type":"WebPage","@id":"https:\/\/iwell-guard.com\/is\/akall-djofullegra-vera\/","url":"https:\/\/iwell-guard.com\/is\/akall-djofullegra-vera\/","name":"\u00c1kall dj\u00f6fullegra vera \u2013 Goetia","isPartOf":{"@id":"https:\/\/iwell-guard.com\/is\/#website"},"primaryImageOfPage":{"@id":"https:\/\/iwell-guard.com\/is\/akall-djofullegra-vera\/#primaryimage"},"image":{"@id":"https:\/\/iwell-guard.com\/is\/akall-djofullegra-vera\/#primaryimage"},"thumbnailUrl":"https:\/\/iwell-guard.com\/wp-content\/uploads\/2026\/05\/praktiken_anrufung.webp","datePublished":"2026-09-05T14:02:36+00:00","dateModified":"2026-09-05T14:18:13+00:00","description":"\u00c1kall er framkv\u00e6md \u00feess a\u00f0 kalla fram yfirn\u00e1tt\u00farulegar verur me\u00f0 grimoire og helgisi\u00f0um. L\u00e6r\u00f0u um Goetia og t\u00f6frastj\u00f3rnun.","breadcrumb":{"@id":"https:\/\/iwell-guard.com\/is\/akall-djofullegra-vera\/#breadcrumb"},"inLanguage":"is","potentialAction":[{"@type":"ReadAction","target":["https:\/\/iwell-guard.com\/is\/akall-djofullegra-vera\/"]}]},{"@type":"ImageObject","inLanguage":"is","@id":"https:\/\/iwell-guard.com\/is\/akall-djofullegra-vera\/#primaryimage","url":"https:\/\/iwell-guard.com\/wp-content\/uploads\/2026\/05\/praktiken_anrufung.webp","contentUrl":"https:\/\/iwell-guard.com\/wp-content\/uploads\/2026\/05\/praktiken_anrufung.webp","width":1024,"height":1536,"caption":"\u00c1kall dj\u00f6fullegra vera"},{"@type":"BreadcrumbList","@id":"https:\/\/iwell-guard.com\/is\/akall-djofullegra-vera\/#breadcrumb","itemListElement":[{"@type":"ListItem","position":1,"name":"Start","item":"https:\/\/iwell-guard.com\/is\/?page_id=168580"},{"@type":"ListItem","position":2,"name":"\u00c1kall dj\u00f6fullegra vera"}]},{"@type":"WebSite","@id":"https:\/\/iwell-guard.com\/is\/#website","url":"https:\/\/iwell-guard.com\/is\/","name":"iWell Guard","description":"Schutz vor dunklen Einfl\u00fcssen","publisher":{"@id":"https:\/\/iwell-guard.com\/is\/#organization"},"potentialAction":[{"@type":"SearchAction","target":{"@type":"EntryPoint","urlTemplate":"https:\/\/iwell-guard.com\/is\/?s={search_term_string}"},"query-input":{"@type":"PropertyValueSpecification","valueRequired":true,"valueName":"search_term_string"}}],"inLanguage":"is"},{"@type":"Organization","@id":"https:\/\/iwell-guard.com\/is\/#organization","name":"Ittermann electronic GmbH","url":"https:\/\/iwell-guard.com\/is\/","logo":{"@type":"ImageObject","inLanguage":"is","@id":"https:\/\/iwell-guard.com\/is\/#\/schema\/logo\/image\/","url":"https:\/\/iwell-guard.com\/wp-content\/uploads\/2026\/05\/Ittermann-Logo-1182x237-1.png","contentUrl":"https:\/\/iwell-guard.com\/wp-content\/uploads\/2026\/05\/Ittermann-Logo-1182x237-1.png","width":1182,"height":237,"caption":"Ittermann electronic GmbH"},"image":{"@id":"https:\/\/iwell-guard.com\/is\/#\/schema\/logo\/image\/"},"sameAs":["https:\/\/pantip.com\/profile\/9367242","https:\/\/micro.blog\/iwellguard","https:\/\/www.diggerslist.com\/iwellguard\/about","https:\/\/skitterphoto.com\/photographers\/2870314\/iwell-guard","https:\/\/iwellguard.wordpress.com\/2026\/06\/06\/iwell-guard\/","https:\/\/hub.docker.com\/u\/iwellguard","https:\/\/www.pinterest.com\/iwellguard\/","https:\/\/bit.ly\/m\/iwellguard","https:\/\/entre-vos-mains.alsace.eu\/profiles\/iwellguard\/activity","https:\/\/gravatar.com\/reallybeded8fd34","https:\/\/naijamatta.com\/iwellguard","https:\/\/www.goodreads.com\/iwellguard","https:\/\/profile.hatena.ne.jp\/iwellguard\/","https:\/\/experiment.com\/users\/iwellguard","https:\/\/wakelet.com\/@iWellGuard82270","https:\/\/www.chordie.com\/forum\/profile.php?id=2555664","https:\/\/www.instapaper.com\/p\/17757966","https:\/\/www.mapleprimes.com\/users\/iwellguard","https:\/\/businesslistingplus.com\/profile\/iwell-guard\/","https:\/\/telegra.ph\/iWell-Guard-06-06","https:\/\/pbase.com\/iwellguard\/iwellguard","https:\/\/b.hatena.ne.jp\/iwellguard\/20260607#bookmark-4788405196491818882","https:\/\/fliphtml5.com\/home\/iwellguard","https:\/\/anyflip.com\/homepage\/cmiwl#About","https:\/\/transfur.com\/Users\/iwellguard","http:\/\/delphi.larsbo.org\/user\/iwellguard","https:\/\/jobs.lajobsportal.org\/profiles\/8380803-iwell-guard","https:\/\/md.chaosdorf.de\/s\/jfbe5SBdJD","https:\/\/www.lingvolive.com\/en-us\/profile\/9ecaeaca-ce11-4e51-9e71-01d55e2bff36\/translations","https:\/\/www.fitday.com\/fitness\/forums\/members\/iwellguard.html","https:\/\/www.mymeetbook.com\/iwellguard","https:\/\/pxhere.com\/en\/photographer-me\/5040798","https:\/\/disqus.com\/by\/iwellguard\/about\/","https:\/\/pastelink.net\/hjwciqwq","https:\/\/pubhtml5.com\/homepage\/scjhn\/","https:\/\/www.bitchute.com\/channel\/2O2eOKzNqujT","https:\/\/audiomack.com\/iwellguard"]}]}},"_links":{"self":[{"href":"https:\/\/iwell-guard.com\/is\/wp-json\/wp\/v2\/pages\/168740","targetHints":{"allow":["GET"]}}],"collection":[{"href":"https:\/\/iwell-guard.com\/is\/wp-json\/wp\/v2\/pages"}],"about":[{"href":"https:\/\/iwell-guard.com\/is\/wp-json\/wp\/v2\/types\/page"}],"author":[{"embeddable":true,"href":"https:\/\/iwell-guard.com\/is\/wp-json\/wp\/v2\/users\/3"}],"replies":[{"embeddable":true,"href":"https:\/\/iwell-guard.com\/is\/wp-json\/wp\/v2\/comments?post=168740"}],"version-history":[{"count":0,"href":"https:\/\/iwell-guard.com\/is\/wp-json\/wp\/v2\/pages\/168740\/revisions"}],"wp:featuredmedia":[{"embeddable":true,"href":"https:\/\/iwell-guard.com\/is\/wp-json\/wp\/v2\/media\/2308"}],"wp:attachment":[{"href":"https:\/\/iwell-guard.com\/is\/wp-json\/wp\/v2\/media?parent=168740"}],"wp:term":[{"taxonomy":"category","embeddable":true,"href":"https:\/\/iwell-guard.com\/is\/wp-json\/wp\/v2\/categories?post=168740"}],"curies":[{"name":"wp","href":"https:\/\/api.w.org\/{rel}","templated":true}]}}