{"id":168737,"date":"2026-09-05T14:02:34","date_gmt":"2026-09-05T14:02:34","guid":{"rendered":"https:\/\/iwell-guard.com\/?page_id=168737"},"modified":"2026-09-05T14:18:09","modified_gmt":"2026-09-05T14:18:09","slug":"nekromantia","status":"publish","type":"page","link":"https:\/\/iwell-guard.com\/is\/nekromantia\/","title":{"rendered":"N\u00e1hv\u00edslun (Nekr\u00f3mant\u00eda)"},"content":{"rendered":"\t\t<div data-elementor-type=\"wp-page\" data-elementor-id=\"168737\" class=\"elementor elementor-168737 elementor-1938 elementor-bc-flex-widget\" data-elementor-post-type=\"page\">\n\t\t\t\t<div class=\"elementor-element elementor-element-am-nekrom-hero e-flex e-con-boxed e-con e-parent\" data-id=\"am-nekrom-hero\" data-element_type=\"container\" data-e-type=\"container\" data-settings=\"{&quot;background_background&quot;:&quot;classic&quot;}\">\n\t\t\t\t\t<div class=\"e-con-inner\">\n\t\t<div class=\"elementor-element elementor-element-am-nekrom-herohl e-flex e-con-boxed e-con e-child\" data-id=\"am-nekrom-herohl\" data-element_type=\"container\" data-e-type=\"container\">\n\t\t\t\t\t<div class=\"e-con-inner\">\n\t\t<div class=\"elementor-element elementor-element-am-nekrom-c3ceb6 e-con-full e-flex e-con e-child\" data-id=\"am-nekrom-c3ceb6\" data-element_type=\"container\" data-e-type=\"container\">\n\t\t\t\t<div class=\"elementor-element elementor-element-am-nekrom-96ae5e elementor-widget elementor-widget-heading\" data-id=\"am-nekrom-96ae5e\" data-element_type=\"widget\" data-e-type=\"widget\" data-widget_type=\"heading.default\">\n\t\t\t\t\t<h1 class=\"elementor-heading-title elementor-size-default\">Nekr\u00f3mant\u00eda, t\u00f6frai\u00f0kun<\/h1>\t\t\t\t<\/div>\n\t\t\t\t<div class=\"elementor-element elementor-element-am-nekrom-e45238 elementor-widget elementor-widget-text-editor\" data-id=\"am-nekrom-e45238\" data-element_type=\"widget\" data-e-type=\"widget\" data-widget_type=\"text-editor.default\">\n\t\t\t\t\t\t\t\t\t<p>\u00deetta <strong>yfirlit<\/strong> fjallar um nekr\u00f3mant\u00edskar athafnir fr\u00e1 <span class=\"iwg-fachbegriff\" data-tooltip=\"T\u00edmabil gr\u00edskrar og r\u00f3mverskrar menningar, um 800 f.Kr. til 600 e.Kr.\" tabindex=\"0\">forn\u00f6ld<\/span>, mi\u00f0\u00f6ldum og hef\u00f0um utan Evr\u00f3pu.<\/p><p>Nekr\u00f3mant\u00eda er s\u00fa sp\u00e1- e\u00f0a t\u00f6fralist a\u00f0 hafa samskipti vi\u00f0 hina framli\u00f0nu e\u00f0a kalla fram dau\u00f0a, sta\u00f0fest allt fr\u00e1 fleygr\u00fanamenningu Mes\u00f3p\u00f3tam\u00edu, gr\u00edskum nekyia-ath\u00f6fnum og evr\u00f3pskum gr\u00f6fum me\u00f0 f\u00f3rnargj\u00f6fum. Rita\u00f0ar heimildir spanna allt fr\u00e1 M\u00f3seb\u00f3kum til Odysseifskvi\u00f0u H\u00f3mers, frumkristinnar t\u00falkunar \u00e1 \u00f6ndum og \u00edslamskra greftrunarhef\u00f0a.<\/p><p>I\u00f0kunin sameinar <span class=\"iwg-fachbegriff\" data-tooltip=\"Samheiti yfir athafnir sem mi\u00f0a a\u00f0 \u00fev\u00ed a\u00f0 leita eftir gu\u00f0legum vilja.\" tabindex=\"0\">v\u00e9fr\u00e9tt<\/span>, upprisu hinna framli\u00f0nu og heimsfr\u00e6\u00f0ilegt gat milli heims lifandi manna og heims hinna dau\u00f0u. \u00deessi i\u00f0kun krefst \u00feekkingar \u00e1 ath\u00f6fnum, v\u00e9fr\u00e9ttarlist og andlegri h\u00e6fni galdramannsins e\u00f0a prestsins.<\/p>\t\t\t\t\t\t\t\t<\/div>\n\t\t\t\t<\/div>\n\t\t<div class=\"elementor-element elementor-element-am-nekrom-klsbdg e-con-full e-flex e-con e-parent\" data-id=\"am-nekrom-klsbdg\" data-element_type=\"container\" data-e-type=\"container\">\n\t\t\t\t<div class=\"elementor-element elementor-element-am-nekrom-klshtm elementor-widget elementor-widget-html\" data-id=\"am-nekrom-klshtm\" data-element_type=\"widget\" data-e-type=\"widget\" data-widget_type=\"html.default\">\n\t\t\t\t\t<div class=\"iwg-pill-row\"><span class=\"iwg-klasse-badge\" tabindex=\"0\" data-tooltip=\"A\u00f0fer\u00f0: Helgisi\u00f0abundin, dulm\u00f6gnu\u00f0 e\u00f0a andleg ath\u00f6fn me\u00f0 skilgreint markmi\u00f0, verndun, ska\u00f0a, \u00e1star\u00e1hrif, samband vi\u00f0 verur e\u00f0a heimsorku. Tr\u00faars\u00f6gulega skjalfest allt fr\u00e1 brons\u00f6ld.\">A\u00f0fer\u00f0<\/span><span class=\"iwg-kultur-badge\" tabindex=\"0\" data-tooltip=\"Fyrirb\u00e6ri sem gengur \u00fevert \u00e1 menningarheima, sta\u00f0fest \u00ed m\u00f6rgum menningarheimum me\u00f0 \u00e1\u00feekkri ger\u00f0.\">\u00devert \u00e1 menningarheima<\/span><\/div>\t\t\t\t<\/div>\n\t\t\t\t<\/div>\n\t\t<div class=\"elementor-element elementor-element-am-nekrom-3f7485 e-con-full e-flex e-con e-child\" data-id=\"am-nekrom-3f7485\" data-element_type=\"container\" data-e-type=\"container\">\n\t\t\t\t<div class=\"elementor-element elementor-element-am-nekrom-1c3036 elementor-toc--minimized-on-tablet elementor-widget elementor-widget-table-of-contents\" data-id=\"am-nekrom-1c3036\" data-element_type=\"widget\" data-e-type=\"widget\" data-settings=\"{&quot;exclude_headings_by_selector&quot;:[],&quot;no_headings_message&quot;:&quot;Engar undirfyrirsagnir fundust \\u00e1 \\u00feessari s\\u00ed\\u00f0u.&quot;,&quot;headings_by_tags&quot;:[&quot;h2&quot;,&quot;h3&quot;],&quot;marker_view&quot;:&quot;bullets&quot;,&quot;minimize_box&quot;:&quot;yes&quot;,&quot;icon&quot;:{&quot;value&quot;:&quot;fas fa-circle&quot;,&quot;library&quot;:&quot;fa-solid&quot;,&quot;rendered_tag&quot;:&quot;&lt;svg class=\\&quot;e-font-icon-svg e-fas-circle\\&quot; viewBox=\\&quot;0 0 512 512\\&quot; xmlns=\\&quot;http:\\\/\\\/www.w3.org\\\/2000\\\/svg\\&quot;&gt;&lt;path d=\\&quot;M256 8C119 8 8 119 8 256s111 248 248 248 248-111 248-248S393 8 256 8z\\&quot;&gt;&lt;\\\/path&gt;&lt;\\\/svg&gt;&quot;},&quot;minimized_on&quot;:&quot;tablet&quot;,&quot;hierarchical_view&quot;:&quot;yes&quot;,&quot;min_height&quot;:{&quot;unit&quot;:&quot;px&quot;,&quot;size&quot;:&quot;&quot;,&quot;sizes&quot;:[]},&quot;min_height_tablet&quot;:{&quot;unit&quot;:&quot;px&quot;,&quot;size&quot;:&quot;&quot;,&quot;sizes&quot;:[]},&quot;min_height_mobile&quot;:{&quot;unit&quot;:&quot;px&quot;,&quot;size&quot;:&quot;&quot;,&quot;sizes&quot;:[]}}\" data-widget_type=\"table-of-contents.default\">\n\t\t\t\t\t\t\t\t\t<div class=\"elementor-toc__header\">\n\t\t\t\t\t\t<h2 class=\"elementor-toc__header-title\">\n\t\t\t\tEfnisyfirlit\t\t\t<\/h2>\n\t\t\t\t\t\t\t\t\t\t<div class=\"elementor-toc__toggle-button elementor-toc__toggle-button--expand\" role=\"button\" tabindex=\"0\" aria-controls=\"elementor-toc__am-nekrom-1c3036\" aria-expanded=\"true\" aria-label=\"Open table of contents\"><svg aria-hidden=\"true\" class=\"e-font-icon-svg e-fas-chevron-down\" viewBox=\"0 0 448 512\" xmlns=\"http:\/\/www.w3.org\/2000\/svg\"><path d=\"M207.029 381.476L12.686 187.132c-9.373-9.373-9.373-24.569 0-33.941l22.667-22.667c9.357-9.357 24.522-9.375 33.901-.04L224 284.505l154.745-154.021c9.379-9.335 24.544-9.317 33.901.04l22.667 22.667c9.373 9.373 9.373 24.569 0 33.941L240.971 381.476c-9.373 9.372-24.569 9.372-33.942 0z\"><\/path><\/svg><\/div>\n\t\t\t\t<div class=\"elementor-toc__toggle-button elementor-toc__toggle-button--collapse\" role=\"button\" tabindex=\"0\" aria-controls=\"elementor-toc__am-nekrom-1c3036\" aria-expanded=\"true\" aria-label=\"Close table of contents\"><svg aria-hidden=\"true\" class=\"e-font-icon-svg e-fas-chevron-up\" viewBox=\"0 0 448 512\" xmlns=\"http:\/\/www.w3.org\/2000\/svg\"><path d=\"M240.971 130.524l194.343 194.343c9.373 9.373 9.373 24.569 0 33.941l-22.667 22.667c-9.357 9.357-24.522 9.375-33.901.04L224 227.495 69.255 381.516c-9.379 9.335-24.544 9.317-33.901-.04l-22.667-22.667c-9.373-9.373-9.373-24.569 0-33.941L207.03 130.525c9.372-9.373 24.568-9.373 33.941-.001z\"><\/path><\/svg><\/div>\n\t\t\t\t\t<\/div>\n\t\t\t\t<div id=\"elementor-toc__am-nekrom-1c3036\" class=\"elementor-toc__body\">\n\t\t\t<div class=\"elementor-toc__spinner-container\">\n\t\t\t\t<svg class=\"elementor-toc__spinner eicon-animation-spin e-font-icon-svg e-eicon-loading\" aria-hidden=\"true\" viewBox=\"0 0 1000 1000\" xmlns=\"http:\/\/www.w3.org\/2000\/svg\"><path d=\"M500 975V858C696 858 858 696 858 500S696 142 500 142 142 304 142 500H25C25 237 238 25 500 25S975 237 975 500 763 975 500 975Z\"><\/path><\/svg>\t\t\t<\/div>\n\t\t<\/div>\n\t\t\t\t\t\t<\/div>\n\t\t\t\t<\/div>\n\t\t\t\t\t<\/div>\n\t\t\t\t<\/div>\n\t\t<div class=\"elementor-element elementor-element-am-nekrom-herorg e-flex e-con-boxed e-con e-child\" data-id=\"am-nekrom-herorg\" data-element_type=\"container\" data-e-type=\"container\">\n\t\t\t\t\t<div class=\"e-con-inner\">\n\t\t\t\t<div class=\"elementor-element elementor-element-am-nekrom-heroim iwg-hero-image elementor-widget elementor-widget-image\" data-id=\"am-nekrom-heroim\" data-element_type=\"widget\" data-e-type=\"widget\" data-widget_type=\"image.default\">\n\t\t\t\t\t\t\t\t\t\t\t\t\t\t\t<img fetchpriority=\"high\" decoding=\"async\" width=\"683\" height=\"1024\" src=\"https:\/\/iwell-guard.com\/wp-content\/uploads\/2026\/05\/praktiken_nekromantie-683x1024.webp\" class=\"attachment-large size-large wp-image-170891\" alt=\"S\u00e6ringar (nekr\u00f3mant\u00eda) \u2014 kalla fram anda hinna l\u00e1tnu\" srcset=\"https:\/\/iwell-guard.com\/wp-content\/uploads\/2026\/05\/praktiken_nekromantie-683x1024.webp 683w, https:\/\/iwell-guard.com\/wp-content\/uploads\/2026\/05\/praktiken_nekromantie-200x300.webp 200w, https:\/\/iwell-guard.com\/wp-content\/uploads\/2026\/05\/praktiken_nekromantie-768x1152.webp 768w, https:\/\/iwell-guard.com\/wp-content\/uploads\/2026\/05\/praktiken_nekromantie.webp 1024w\" sizes=\"(max-width: 683px) 100vw, 683px\" \/>\t\t\t\t\t\t\t\t\t\t\t\t\t\t\t<\/div>\n\t\t\t\t\t<\/div>\n\t\t\t\t<\/div>\n\t\t\t\t\t<\/div>\n\t\t\t\t<\/div>\n\t\t<div class=\"elementor-element elementor-element-wmd-s1 e-con-boxed e-flex e-con e-parent\" data-id=\"wmd-s1\" data-element_type=\"container\" data-e-type=\"container\">\n\t\t\t\t\t<div class=\"e-con-inner\">\n\t\t\t\t<div class=\"elementor-element elementor-element-wmd-h1 elementor-widget elementor-widget-heading\" data-id=\"wmd-h1\" data-element_type=\"widget\" data-e-type=\"widget\" id=\"wmd-h1\" data-widget_type=\"heading.default\">\n\t\t\t\t\t<h2 class=\"elementor-heading-title elementor-size-default\">Hugtak og afm\u00f6rkun<\/h2>\t\t\t\t<\/div>\n\t\t<div class=\"elementor-element elementor-element-am-wmdt1-bw e-flex e-con-boxed e-con e-child\" data-id=\"am-wmdt1-bw\" data-element_type=\"container\" data-e-type=\"container\" data-settings=\"{&quot;background_background&quot;:&quot;classic&quot;}\">\n\t\t\t\t\t<div class=\"e-con-inner\">\n\t\t\t\t<div class=\"elementor-element elementor-element-wmd-t1 elementor-widget elementor-widget-text-editor\" data-id=\"wmd-t1\" data-element_type=\"widget\" data-e-type=\"widget\" data-widget_type=\"text-editor.default\">\n\t\t\t\t\t\t\t\t\t<p>Nekr\u00f3mant\u00eda er ekki einfaldlega <a class=\"iwg-fachbegriff\" href=\"https:\/\/iwell-guard.com\/is\/?page_id=168892\" tabindex=\"0\" data-tooltip=\"Tr\u00faarleg-mi\u00f0ilsleg hreyfing sem var\u00f0 til \u00ed Bandar\u00edkjunum \u00e1 1850 \u00e1ratugnum, kerfisbundin af Allan Kardec; byggir \u00e1 samskiptum vi\u00f0 anda.\" style=\"color:inherit;text-decoration:none\">sp\u00edritisma<\/a> e\u00f0a andafund, \u00fe\u00f3tt \u00feessar athafnir s\u00e9u skyldar. <a class=\"iwg-fachbegriff\" href=\"https:\/\/iwell-guard.com\/is\/?page_id=168892\" tabindex=\"0\" data-tooltip=\"Tr\u00faarleg-mi\u00f0ilsleg hreyfing sem var\u00f0 til \u00ed Bandar\u00edkjunum \u00e1 1850 \u00e1ratugnum, kerfisbundin af Allan Kardec.\" style=\"color:inherit;text-decoration:none\">Sp\u00edritismi<\/a> er hlutlaus og byggist \u00e1 samskiptum, en nekr\u00f3mant\u00eda er <strong>virk og skuldbindandi<\/strong>. Nekr\u00f3mantinn skipar hinum dau\u00f0a fyrir, ekki \u00f6fugt.<\/p><p>Annar munur er s\u00e1 a\u00f0 nekr\u00f3mant\u00eda v\u00edsar oft til ofbeldisfullra e\u00f0a \u00f3hreinra framli\u00f0inna (tekinna af l\u00edfi, drukkna\u00f0ra, fallinna \u00ed str\u00ed\u00f0i), ekki \u00e1sts\u00e6lla forfe\u00f0ra. E\u00f0li hins framli\u00f0na hefur \u00e1hrif \u00e1 t\u00f6framagni\u00f0.<\/p><p>A\u00f0greining fr\u00e1 <span class=\"iwg-fachbegriff\" data-tooltip=\"D\u00fdrkun framli\u00f0inna fj\u00f6lskyldume\u00f0lima sem \u00e1framhaldandi verndarm\u00e1tta.\" tabindex=\"0\">forfe\u00f0rad\u00fdrkun<\/span>: <span class=\"iwg-fachbegriff\" data-tooltip=\"D\u00fdrkun framli\u00f0inna fj\u00f6lskyldume\u00f0lima sem \u00e1framhaldandi verndarm\u00e1tta.\" tabindex=\"0\">Forfe\u00f0rad\u00fdrkun<\/span> er tr\u00faarleg og vir\u00f0ingarfull, nekr\u00f3mant\u00eda er t\u00f6frami\u00f0u\u00f0 og stj\u00f3rnandi, stundum jafnvel fjandsamleg.<\/p><div><p>Heiti\u00f0 <em>nekr\u00f3mant\u00eda<\/em> er dregi\u00f0 af gr\u00edsku or\u00f0unum <em>nekromante\u00eda<\/em> (af <em>nekr\u00f3s<\/em>, hinn d\u00e1ni, og <em>mante\u00eda<\/em>, <span class=\"iwg-fachbegriff\" data-tooltip=\"A\u00f0 t\u00falka t\u00e1kn til a\u00f0 greina hi\u00f0 hulda e\u00f0a komandi.\" tabindex=\"0\">sp\u00e1d\u00f3mslist<\/span>). Kjarni i\u00f0kunarins er tilraunin til a\u00f0 f\u00e1 uppl\u00fdsingar um \u00fea\u00f0 li\u00f0na, samt\u00edmann e\u00f0a framt\u00ed\u00f0ina me\u00f0 <span class=\"iwg-fachbegriff\" data-tooltip=\"B\u00e6nleg e\u00f0a \u00e1kallandi \u00e1varpsath\u00f6fn til gu\u00f0s e\u00f0a m\u00e1ttar.\" tabindex=\"0\">\u00e1kalli<\/span> hinna framli\u00f0nu.<\/p><p>Fr\u00e1 tr\u00faarbrag\u00f0as\u00f6gulegu sj\u00f3narhorni er nekr\u00f3mant\u00eda ekki uppfinning kristinnar frumn\u00fdaldar heldur i\u00f0kun me\u00f0 langa fors\u00f6gu \u00ed h\u00e1menningarlegum tr\u00faarbr\u00f6g\u00f0um Mi\u00f0jar\u00f0arhafssv\u00e6\u00f0isins.<\/p><p>Nekr\u00f3mant\u00eda er \u00ed \u00e1kve\u00f0inni spennu vi\u00f0 stofnanabundin tr\u00faarform: Hin gy\u00f0inglega <span class=\"iwg-fachbegriff\" data-tooltip=\"Fimm M\u00f3seb\u00e6kurnar, grundvallarritsafn Gy\u00f0ingd\u00f3msins.\" tabindex=\"0\">Torah<\/span> bannar hana sk\u00fdrlega (3. M\u00f3seb\u00f3k 19,31; 5. M\u00f3seb\u00f3k 18,11), kristna hef\u00f0in tekur banni\u00f0 upp, og \u00edsl\u00f6msk shar\u00eda hefur einnig \u00f3tv\u00edr\u00e6\u00f0 banns-\u00e1kv\u00e6\u00f0i.<\/p><p>\u00der\u00e1tt fyrir \u00feessi b\u00f6nn er nekr\u00f3mant\u00eda sta\u00f0fest b\u00e6\u00f0i \u00ed i\u00f0kun og b\u00f3kmenntum \u00ed \u00f6llum \u00feremur tr\u00faarsv\u00e6\u00f0unum me\u00f0 samfelldum h\u00e6tti, sem s\u00fdnir vel misr\u00e6mi\u00f0 milli reglu og framkv\u00e6mdar \u00ed tr\u00faarbrag\u00f0as\u00f6gunni.<\/p><\/div>\t\t\t\t\t\t\t\t<\/div>\n\t\t\t\t\t<\/div>\n\t\t\t\t<\/div>\n\t\t\t\t\t<\/div>\n\t\t\t\t<\/div>\n\t\t<div class=\"elementor-element elementor-element-wmd-s2 e-con-boxed e-flex e-con e-parent\" data-id=\"wmd-s2\" data-element_type=\"container\" data-e-type=\"container\">\n\t\t\t\t\t<div class=\"e-con-inner\">\n\t\t\t\t<div class=\"elementor-element elementor-element-wmd-h2 elementor-widget elementor-widget-heading\" data-id=\"wmd-h2\" data-element_type=\"widget\" data-e-type=\"widget\" id=\"wmd-h2\" data-widget_type=\"heading.default\">\n\t\t\t\t\t<h2 class=\"elementor-heading-title elementor-size-default\">Menningars\u00f6guleg d\u00e6mi<\/h2>\t\t\t\t<\/div>\n\t\t<div class=\"elementor-element elementor-element-am-wmdt2-bw e-flex e-con-boxed e-con e-child\" data-id=\"am-wmdt2-bw\" data-element_type=\"container\" data-e-type=\"container\" data-settings=\"{&quot;background_background&quot;:&quot;classic&quot;}\">\n\t\t\t\t\t<div class=\"e-con-inner\">\n\t\t\t\t<div class=\"elementor-element elementor-element-wmd-t2 elementor-widget elementor-widget-text-editor\" data-id=\"wmd-t2\" data-element_type=\"widget\" data-e-type=\"widget\" data-widget_type=\"text-editor.default\">\n\t\t\t\t\t\t\t\t\t<p><strong><span class=\"iwg-fachbegriff\" data-tooltip=\"T\u00edmabil gr\u00edskrar og r\u00f3mverskrar menningar, um \u00fea\u00f0 bil 800 f.Kr. til 600 e.Kr.\" tabindex=\"0\">Forn\u00f6ld<\/span>: gr\u00edsk s\u00e1lnam\u00f6gnun<\/strong>: H\u00f3mer l\u00fdsir \u00ed \u00d3dysseifskvi\u00f0u <span class=\"iwg-fachbegriff\" data-tooltip=\"Tr\u00faarleg ath\u00f6fn \u00fear sem reynt er a\u00f0 kalla fram e\u00f0a binda m\u00e1tt me\u00f0 or\u00f0um.\" tabindex=\"0\">s\u00e6ringu<\/span> \u00d3dysseifs \u00e1 Teires\u00edasi, klass\u00edskt d\u00e6mi. Hekata er \u00e1k\u00f6llu\u00f0 sem gy\u00f0ja s\u00e1lnam\u00f6gnunar \u00ed fornum pap\u00fdrusum. Gr\u00edsk s\u00e1lnam\u00f6gnunarhof st\u00f3\u00f0u oft \u00e1 dimmum st\u00f6\u00f0um, <span class=\"iwg-fachbegriff\" data-tooltip=\"Sta\u00f0ur e\u00f0a stofnun \u00fear sem leita\u00f0 er gu\u00f0legrar \u00farlausnar.\" tabindex=\"0\">v\u00e9fr\u00e9tta<\/span> hinna d\u00e1nu, eins og Nekromanteia vi\u00f0 \u00e1nna Akker\u00f3n.<\/p><p>Bibl\u00eduleg S\u00e1l-fr\u00e1s\u00f6gn: \u00cd fyrri Sam\u00faelsb\u00f3k kallar S\u00e1l konungur \u00e1 v\u00f6lvuna \u00ed Endor til a\u00f0 s\u00e6ra fram hinn l\u00e1tna sp\u00e1mann Sam\u00fael, s\u00f6gulegt d\u00e6mi um brot \u00e1 banni og gu\u00f0lega ford\u00e6mingu. \u00deessi fr\u00e1s\u00f6gn er notu\u00f0 \u00ed kristinni <span class=\"iwg-fachbegriff\" data-tooltip=\"V\u00edsindaleg fr\u00e6\u00f0i um Gu\u00f0 og tr\u00fa tiltekinnar tr\u00faarbrag\u00f0a.\" tabindex=\"0\">gu\u00f0fr\u00e6\u00f0i<\/span> sem s\u00f6nnun gegn s\u00e1lnam\u00f6gnun.<\/p><p>Kristin Goetia: <em>Lemegeton<\/em> e\u00f0a <em>Lesser Key of Solomon<\/em> er evr\u00f3psk galdrab\u00f3k (handb\u00f3k \u00ed t\u00f6frum) me\u00f0 \u00edtarlegum s\u00e1lnam\u00f6gnunara\u00f0fer\u00f0um. H\u00fan blandar saman hebreskum, plat\u00f3nskum og dj\u00f6flafr\u00e6\u00f0ilegum \u00fe\u00e1ttum. I\u00f0kandinn \u00e1 a\u00f0 s\u00e6ra fram dj\u00f6fla og hina d\u00e1nu til <span class=\"iwg-fachbegriff\" data-tooltip=\"A\u00f0 lesa \u00far t\u00e1knum til a\u00f0 skynja hi\u00f0 hulda e\u00f0a komandi.\" tabindex=\"0\">sp\u00e1d\u00f3ms<\/span> e\u00f0a til a\u00f0 \u00f6\u00f0last t\u00f6fram\u00e1tt.<\/p><p>Mi\u00f0aldaleg evr\u00f3psk s\u00e1lnam\u00f6gnun: Galdrahandb\u00e6kur l\u00fdsa i\u00f0kun \u00fear sem hinir d\u00e1nu eru \u00e1kalla\u00f0ir vi\u00f0 grafir s\u00ednar, form\u00falur skrifa\u00f0ar \u00e1 skinn eru nota\u00f0ar og l\u00edkamshlutar (bein, hold) hins l\u00e1tna eru t\u00f6frat\u00f3l.<\/p><p>Afr\u00edskar og afr\u00f3-kar\u00edbskar hef\u00f0ir: Hoodoo og V\u00fad\u00fa fela \u00ed s\u00e9r \u00f6flugt forfe\u00f0ra- og d\u00e1narstarf, ekki sem s\u00e1lnam\u00f6gnun \u00ed vestr\u00e6num skilningi heldur sem samskipti og skuldbindingu. Uppvakningager\u00f0 (zombification) er tegund s\u00e1lnam\u00f6gnunar.<\/p><div><h3><span class=\"iwg-fachbegriff\" data-tooltip=\"T\u00edmabil gr\u00edskrar og r\u00f3mverskrar menningar, um \u00fea\u00f0 bil 800 f.Kr. til 600 e.Kr.\" tabindex=\"0\">Fornaldar<\/span>l\u00f6g<\/h3><p>Elstu var\u00f0veittu heimildir um s\u00e1lnam\u00f6gnun vi\u00f0 Mi\u00f0jar\u00f0arhafi\u00f0 eru \u00far mes\u00f3p\u00f3tam\u00edskri hef\u00f0 (akkad\u00edskir s\u00e6ringatextar til <span class=\"iwg-fachbegriff\" data-tooltip=\"Bi\u00f0jandi e\u00f0a s\u00e6randi \u00e1varp til gu\u00f0s e\u00f0a m\u00e1ttar.\" tabindex=\"0\">\u00e1kalls<\/span> hinna d\u00e1nu, skjalfestir af Tzvi Abusch og Daniel Schwemer \u00ed <em>Corpus of Mesopotamian Anti-Witchcraft Rituals<\/em>).<\/p><p>Gr\u00edska hef\u00f0in \u00feekkir <em>Nekyia<\/em>&#8211;<span class=\"iwg-fachbegriff\" data-tooltip=\"Endurteki\u00f0 efnisatri\u00f0i \u00ed list e\u00f0a fr\u00e1s\u00f6gn.\" tabindex=\"0\">stefi\u00f0<\/span> \u00e1berandi: \u00cd \u00d3dysseifskvi\u00f0u (XI. b\u00f3k) \u00e1kallar \u00d3dysseifur skugga hinna d\u00e1nu vi\u00f0 inngang undirheimanna til a\u00f0 spyrja Tires\u00edas. <span class=\"iwg-fachbegriff\" data-tooltip=\"Endurteki\u00f0 efnisatri\u00f0i \u00ed list e\u00f0a fr\u00e1s\u00f6gn.\" tabindex=\"0\">Stefi\u00f0<\/span> berst yfir til r\u00f3mverskrar hef\u00f0ar hj\u00e1 Virgli (<em>Eneasarkvi\u00f0u<\/em> VI), \u00fear sem Eneas heims\u00e6kir f\u00f6\u00f0ur sinn Anchises \u00ed undirheimum.<\/p><p>Gr\u00edsk-r\u00f3mversk i\u00f0kun var stofnanav\u00e6dd \u00e1 v\u00e9fr\u00e9ttarst\u00f6\u00f0um og d\u00e1narhelgist\u00f6\u00f0um (Nekromanteion \u00ed Ef\u00fdru, grafi\u00f0 upp af Sotirios Dakaris); tr\u00faarbrag\u00f0asagan flokkar hana undir hi\u00f0 st\u00e6rra svi\u00f0 d\u00e1nard\u00fdrkunar og hetjud\u00fdrkunar. Pl\u00fatarkos greinir fr\u00e1 Nekromanteia og hnignun \u00feeirra \u00e1 keisarat\u00edmanum \u00ed <em>De defectu oraculorum<\/em>.<\/p><h3>Bibl\u00eduleg og rabb\u00ednsk hef\u00f0<\/h3><p>Fr\u00e6gasta bibl\u00edulega fr\u00e1s\u00f6gnin um s\u00e1lnam\u00f6gnun er v\u00f6lvan \u00ed Endor (1. Sam\u00faelsb\u00f3k 28), sem s\u00e6rir fram hinn l\u00e1tna sp\u00e1mann Sam\u00fael fyrir S\u00e1l konung.<\/p><p>\u00deessi fr\u00e1s\u00f6gn hefur veri\u00f0 \u00edtarlega sk\u00fdr\u00f0 gu\u00f0fr\u00e6\u00f0ilega, allt fr\u00e1 rabb\u00ednskri hef\u00f0 (<span class=\"iwg-fachbegriff\" tabindex=\"0\" data-tooltip=\"Meginrit rabb\u00ednsks gy\u00f0ingd\u00f3ms, \u00ed bab\u00fdlonskri og jer\u00fasalemskri ger\u00f0; hefur a\u00f0 geyma Mishna og Gemara.\">Talm\u00fad<\/span> Bavl\u00ed, Berakhot 12b) til <span class=\"iwg-fachbegriff\" tabindex=\"0\" data-tooltip=\"\u00c1g\u00fast\u00ednus fr\u00e1 Hippo (354\u2013430); kristinn kirkjufa\u00f0ir, a\u00f0alverk Confessiones og De civitate Dei.\">\u00c1g\u00fast\u00ednusar<\/span> (<em>De cura pro mortuis gerenda<\/em>, um 421\/22), sem r\u00e6\u00f0ir hvort um raunverulega birtingu Sam\u00faels e\u00f0a dj\u00f6fullega blekkingu hafi veri\u00f0 a\u00f0 r\u00e6\u00f0a.<\/p><p>\u00deessi spurning m\u00f3tar kristna s\u00e1lnam\u00f6gnunar-<span class=\"iwg-fachbegriff\" data-tooltip=\"V\u00edsindaleg fr\u00e6\u00f0i um Gu\u00f0 og tr\u00fa tiltekinnar tr\u00faarbrag\u00f0a.\" tabindex=\"0\">gu\u00f0fr\u00e6\u00f0i<\/span> allt fram \u00e1 17. \u00f6ld.<\/p><\/div>\t\t\t\t\t\t\t\t<\/div>\n\t\t\t\t\t<\/div>\n\t\t\t\t<\/div>\n\t\t\t\t\t<\/div>\n\t\t\t\t<\/div>\n\t\t<div class=\"elementor-element elementor-element-wmd-s3 e-con-boxed e-flex e-con e-parent\" data-id=\"wmd-s3\" data-element_type=\"container\" data-e-type=\"container\">\n\t\t\t\t\t<div class=\"e-con-inner\">\n\t\t\t\t<div class=\"elementor-element elementor-element-wmd-h3 elementor-widget elementor-widget-heading\" data-id=\"wmd-h3\" data-element_type=\"widget\" data-e-type=\"widget\" id=\"wmd-h3\" data-widget_type=\"heading.default\">\n\t\t\t\t\t<h2 class=\"elementor-heading-title elementor-size-default\">Heimildasta\u00f0a<\/h2>\t\t\t\t<\/div>\n\t\t<div class=\"elementor-element elementor-element-am-wmdt3-bw e-flex e-con-boxed e-con e-child\" data-id=\"am-wmdt3-bw\" data-element_type=\"container\" data-e-type=\"container\" data-settings=\"{&quot;background_background&quot;:&quot;classic&quot;}\">\n\t\t\t\t\t<div class=\"e-con-inner\">\n\t\t\t\t<div class=\"elementor-element elementor-element-wmd-t3 elementor-widget elementor-widget-text-editor\" data-id=\"wmd-t3\" data-element_type=\"widget\" data-e-type=\"widget\" data-widget_type=\"text-editor.default\">\n\t\t\t\t\t\t\t\t\t<div><h3>Mi\u00f0alda- og \u00e1rn\u00fdaldarhef\u00f0<\/h3><p><span data-nosnippet>\u00c1 mi\u00f0\u00f6ldum myndast s\u00e9rst\u00f6k hef\u00f0 helgisi\u00f0abundinnar ni\u00f0urgangssei\u00f0ar, einkum \u00ed klerklegu undirheimunum (svok\u00f6llu\u00f0 <em>klerkleg n\u00edgr\u00f3mant\u00eda<\/em>, sem Richard Kieckhefer ger\u00f0i \u00edtarleg skil \u00ed <em>Forbidden Rites<\/em>, 1997). Meginheimildir eru <em>Liber Iuratus<\/em>, <em>Liber Razielis<\/em> og Munchen-n\u00edgr\u00f3mant\u00edutextinn (<em>Codex Latinus Monacensis 849<\/em>, u.\u00fe.b. 1450).<\/span><\/p><p>\u00deessir textar tengja saman <span class=\"iwg-fachbegriff\" data-tooltip=\"\u00dea\u00f0 a\u00f0 \u00e1varpa e\u00f0a s\u00e6ra gu\u00f0 e\u00f0a m\u00e1tt me\u00f0 b\u00e6n e\u00f0a \u00e1kalli.\" tabindex=\"0\">\u00e1kall<\/span> hinna d\u00e1nu, <span class=\"iwg-fachbegriff\" data-tooltip=\"\u00cd eingy\u00f0istr\u00faarbr\u00f6g\u00f0unum himneskur sendibo\u00f0i Gu\u00f0s.\" tabindex=\"0\">engla<\/span>&#8211;<span class=\"iwg-fachbegriff\" data-tooltip=\"\u00dea\u00f0 a\u00f0 \u00e1varpa e\u00f0a s\u00e6ra gu\u00f0 e\u00f0a m\u00e1tt me\u00f0 b\u00e6n e\u00f0a \u00e1kalli.\" tabindex=\"0\">\u00e1kall<\/span> og gojet\u00edu \u00ed a\u00f0fer\u00f0afr\u00e6\u00f0ilegri samtvinnun sem s\u00ed\u00f0ar er a\u00f0 hluta sundurgreind aftur \u00ed <em>Lemegeton<\/em>. Ka\u00fe\u00f3lska ranns\u00f3knarr\u00e9tturinn bar\u00f0ist skipulega gegn \u00feessari hef\u00f0 fr\u00e1 13. \u00f6ld \u00e1n \u00feess a\u00f0 uppr\u00e6ta hana.<\/p><p>S\u00e9rstakt lag myndar svok\u00f6llu\u00f0 <em>\u00feeurg\u00eda<\/em>, sem \u00ed hef\u00f0 s\u00ed\u00f0fornaldar <span class=\"iwg-fachbegriff\" tabindex=\"0\" data-tooltip=\"Heimspekihef\u00f0 s\u00ed\u00f0fornaldar (Pl\u00f3t\u00ednos, Jamblikkos, Pr\u00f3klos) me\u00f0 kenningu um hi\u00f0 Eina og stigskipta \u00fatf\u00e6rslu; \u00feeurg\u00edsk a\u00f0 e\u00f0li.\">n\u00fdplatonisma<\/span> (<span class=\"iwg-fachbegriff\" tabindex=\"0\" data-tooltip=\"N\u00fdplatonisti s\u00ed\u00f0fornaldar (245\u2013325 e.Kr.); h\u00f6fu\u00f0rit De mysteriis; frumkv\u00f6\u00f0ull kerfisbundinnar \u00feeurg\u00edu.\">Jamblikkos<\/span>, Pr\u00f3klos) var a\u00f0greind fr\u00e1 gojet\u00edu sem l\u00f6gm\u00e6t a\u00f0fer\u00f0 til andlegrar upphafningar, en var \u00ed kristinni deilurit oft sams\u00f6mu\u00f0 ni\u00f0urgangssei\u00f0. \u00deessi sams\u00f6mun er tr\u00faars\u00f6guleg villa, en hefur engu a\u00f0 s\u00ed\u00f0ur fest sig \u00ed sessi \u00ed gu\u00f0fr\u00e6\u00f0i nornar\u00e9ttarhaldanna.<\/p><\/div>\t\t\t\t\t\t\t\t<\/div>\n\t\t\t\t\t<\/div>\n\t\t\t\t<\/div>\n\t\t\t\t\t<\/div>\n\t\t\t\t<\/div>\n\t\t<div class=\"elementor-element elementor-element-wmd-s4 e-con-boxed e-flex e-con e-parent\" data-id=\"wmd-s4\" data-element_type=\"container\" data-e-type=\"container\">\n\t\t\t\t\t<div class=\"e-con-inner\">\n\t\t\t\t<div class=\"elementor-element elementor-element-wmd-h4 elementor-widget elementor-widget-heading\" data-id=\"wmd-h4\" data-element_type=\"widget\" data-e-type=\"widget\" id=\"wmd-h4\" data-widget_type=\"heading.default\">\n\t\t\t\t\t<h2 class=\"elementor-heading-title elementor-size-default\">Merking \u00ed dag \/ Tengdar verur<\/h2>\t\t\t\t<\/div>\n\t\t<div class=\"elementor-element elementor-element-am-wmdt4-bw e-flex e-con-boxed e-con e-child\" data-id=\"am-wmdt4-bw\" data-element_type=\"container\" data-e-type=\"container\" data-settings=\"{&quot;background_background&quot;:&quot;classic&quot;}\">\n\t\t\t\t\t<div class=\"e-con-inner\">\n\t\t\t\t<div class=\"elementor-element elementor-element-wmd-t4 elementor-widget elementor-widget-text-editor\" data-id=\"wmd-t4\" data-element_type=\"widget\" data-e-type=\"widget\" data-widget_type=\"text-editor.default\">\n\t\t\t\t\t\t\t\t\t<footer class=\"iwg-literatur\"><p>\u00cd n\u00fat\u00edma t\u00f6frasamf\u00e9l\u00f6gum er nekr\u00f3mans (l\u00edkfj\u00f6lkynngi) enn til sta\u00f0ar, \u00ed <span class=\"iwg-fachbegriff\" tabindex=\"0\" data-tooltip=\"Bresk stefna fr\u00e1 seint \u00e1 \u00e1ttunda \u00e1ratug 20. aldar, stofnu\u00f0 af Peter Carroll og Ray Sherwin; a\u00f0fer\u00f0afr\u00e6\u00f0ilega r\u00f3tt\u00e6k, \u00e1n fastrar go\u00f0afr\u00e6\u00f0i.\">glundro\u00f0agaldri (Chaosmagie)<\/span>, low-<span class=\"iwg-fachbegriff\" data-tooltip=\"Athafnir sem reyna a\u00f0 hafa \u00e1hrif \u00e1 framvindu hlutanna me\u00f0 s\u00e9rst\u00f6kum gj\u00f6r\u00f0um e\u00f0a form\u00falum.\" tabindex=\"0\">galdri<\/span>, LARP-hlutverkaleikjum og gotneskri undirmenningu. Andatr\u00faarhreyfingar 19. aldar (s\u00e1larfundir, bor\u00f0hreyfingar) eru samb\u00e6rileg fyrirb\u00e6ri. \u00cd s\u00e1lfr\u00e6\u00f0ilegum skilningi er nekr\u00f3mans oft t\u00falku\u00f0 sem \u00farvinnsla sorgar e\u00f0a \u00e1falls, l\u00f6ngunin til a\u00f0 tala vi\u00f0 hina l\u00e1tnu er algild, en t\u00f6frafr\u00e6\u00f0ileg t\u00falkun hennar er menningarform utan um \u00fe\u00e1 l\u00f6ngun.<\/p><p>Tengd i\u00f0kun: <a href=\"https:\/\/iwell-guard.com\/is\/?page_id=168738\">bl\u00f3\u00f0galdur<\/a> (oft tengdur nekr\u00f3mans), <a href=\"https:\/\/iwell-guard.com\/is\/?page_id=168740\">\u00e1kall<\/a> (<span class=\"iwg-fachbegriff\" data-tooltip=\"Munnleg ath\u00f6fn sem \u00e1 a\u00f0 kalla fram e\u00f0a binda m\u00e1tt.\" tabindex=\"0\">s\u00e6ring<\/span>), <a href=\"https:\/\/iwell-guard.com\/is\/?page_id=168854\">uppvakningur (zombi)<\/a> (nekr\u00f3mant\u00edsk stj\u00f3rnun).<\/p><h3><span class=\"iwg-fachbegriff\" data-tooltip=\"T\u00edmabil gr\u00edskrar og r\u00f3mverskrar menningar, um 800 f.Kr. til 600 e.Kr.\" tabindex=\"0\">Forn\u00f6ldin<\/span> vi\u00f0 Mi\u00f0jar\u00f0arhaf<\/h3><p><span class=\"iwg-fachbegriff\" data-tooltip=\"T\u00edmabil gr\u00edskrar og r\u00f3mverskrar menningar, um 800 f.Kr. til 600 e.Kr.\" tabindex=\"0\">Forn<\/span> nekr\u00f3mans er ein best skjalfesta t\u00f6frai\u00f0kun Mi\u00f0jar\u00f0arhafssv\u00e6\u00f0isins. H\u00f3mer l\u00fdsir \u00ed Odysseifskvi\u00f0u (11. b\u00f3k) samtali \u00d3dysseifs vi\u00f0 hina l\u00e1tnu \u00e1 ja\u00f0ri undirheimanna, a\u00f0fer\u00f0afr\u00e6\u00f0ilega n\u00e1kv\u00e6mt me\u00f0 d\u00fdraf\u00f3rn, bl\u00f3\u00f0f\u00f3rn og h\u00e1t\u00ed\u00f0legri <span class=\"iwg-fachbegriff\" data-tooltip=\"B\u00e6narleg e\u00f0a \u00e1kallandi \u00e1varp til gu\u00f0s e\u00f0a m\u00e1ttar.\" tabindex=\"0\">\u00e1kalli<\/span>. \u00cd Gamla testamentinu segir \u00ed 1. Sam\u00faelsb\u00f3k 28 fr\u00e1 konunni \u00ed End\u00f3r sem kallar fram hinn l\u00e1tna Sam\u00fael fyrir S\u00e1l.<\/p><p>B\u00e1\u00f0ir textarnir s\u00fdna a\u00f0 i\u00f0kunin var \u00feekkt og vi\u00f0urkennd \u00e1 8. 6. \u00f6ld f.Kr., en var samt\u00edmis metin gu\u00f0fr\u00e6\u00f0ilega tv\u00edbent, S\u00e1l er d\u00e6mdur \u00ed Gamla testamentinu fyrir i\u00f0kunina, en \u00d3dysseifur f\u00e6r fars\u00e6la sv\u00f6run.<\/p><h3>Hellen\u00edsk-r\u00f3mversk hef\u00f0<\/h3><p>\u00cd hinum hellen\u00edska og r\u00f3mverska heimi ver\u00f0ur nekr\u00f3mans-i\u00f0kunin fagmannlegri. L\u00fak\u00edan l\u00fdsir \u00ed samr\u00e6\u00f0um s\u00ednum nekr\u00f3m\u00f6ntum sem svindlurum; Ap\u00faleius \u00ed \u201eUmmyndununum&#8220; l\u00fdsir \u00feeim sem tr\u00faver\u00f0ugum galdram\u00f6nnum.<\/p><p>Gr\u00edsku t\u00f6frapap\u00fdrusarnir (Karl Preisendanz, Papyri Graecae Magicae) hafa a\u00f0 geyma fj\u00f6lda nekr\u00f3mans-\u00e1kalla me\u00f0 n\u00e1kv\u00e6mum lei\u00f0beiningum. \u00cd r\u00f3mverskum samhengi eru til s\u00e9rstakir sta\u00f0ir, Nekromanteion \u00ed Ef\u00fdru \u00ed Ep\u00edrus, Avernus-hellirinn \u00ed Cumae, sem s\u00f3ttir voru til a\u00f0 r\u00e1\u00f0f\u00e6ra sig vi\u00f0 hina l\u00e1tnu.<\/p><h3>Mi\u00f0aldir og <span class=\"iwg-fachbegriff\" data-tooltip=\"T\u00edmabil um \u00fea\u00f0 bil fr\u00e1 15. til 18. \u00f6ld.\" tabindex=\"0\">\u00e1rn\u00fd\u00f6ld<\/span><\/h3><p>\u00c1 kristnum mi\u00f0\u00f6ldum var nekr\u00f3mans kerfisbundi\u00f0 b\u00f6nnu\u00f0 og elt af <span class=\"iwg-fachbegriff\" tabindex=\"0\" data-tooltip=\"Ofs\u00f3knir \u00e1 f\u00f3lki \u00e1 \u00e1rn\u00fd\u00f6ld s\u00f6ku\u00f0 um s\u00e1ttm\u00e1la vi\u00f0 dj\u00f6fulinn; 1450\u20131750.\">nornavei\u00f0um<\/span>. Mi\u00f0aldahandrit um nekr\u00f3mans (t.d. Picatrix-hef\u00f0in, M\u00fcnchen-handb\u00f3k um dj\u00f6flagaldur, Kieckhefer \u201eForbidden Rites&#8220; 1997) s\u00fdna \u00fe\u00f3 a\u00f0 i\u00f0kunin h\u00e9lt \u00e1fram \u00fer\u00e1tt fyrir banni\u00f0, s\u00e9rstaklega \u00ed klerklegum hringjum sem h\u00f6f\u00f0u b\u00f3kmennta a\u00f0gang a\u00f0 latneskum heimildum.<\/p><p>\u00c1 \u00feessu t\u00edmabili f\u00e6rist nekr\u00f3mans fr\u00e1 sj\u00e1lfst\u00e6\u00f0ri i\u00f0kun yfir \u00ed hi\u00f0 brei\u00f0ara svi\u00f0 goet\u00edu og h\u00e1\u00e6\u00f0ra galdurs mi\u00f0alda.<\/p><h3>N\u00fat\u00edmai\u00f0kun<\/h3><p>\u00cd n\u00fat\u00edma hulduv\u00edsindaumhverfi er nekr\u00f3mans sem sj\u00e1lfst\u00e6\u00f0 i\u00f0kun or\u00f0in f\u00e1g\u00e6t, en lifir \u00e1fram \u00ed <a class=\"iwg-fachbegriff\" href=\"https:\/\/iwell-guard.com\/is\/?page_id=168892\" tabindex=\"0\" data-tooltip=\"L\u00e6rd\u00f3mur og i\u00f0kun samskipta vi\u00f0 hina l\u00e1tnu \u00ed gegnum mi\u00f0la; var\u00f0 til 1848 \u00ed Hydesville\/Bandar\u00edkjunum, sett \u00ed kerfi af Allan Kardec.\" style=\"color:inherit;text-decoration:none\">sp\u00edritisma<\/a> (19. \u00f6ld) og \u00ed n\u00fat\u00edma mi\u00f0lai\u00f0kun.<\/p><p><span data-nosnippet><a class=\"iwg-fachbegriff\" href=\"https:\/\/iwell-guard.com\/is\/?page_id=168892\" tabindex=\"0\" data-tooltip=\"L\u00e6rd\u00f3mur og i\u00f0kun samskipta vi\u00f0 hina l\u00e1tnu \u00ed gegnum mi\u00f0la; var\u00f0 til 1848 \u00ed Hydesville\/Bandar\u00edkjunum, sett \u00ed kerfi af Allan Kardec.\" style=\"color:inherit;text-decoration:none\">Sp\u00edritismi<\/a> er a\u00f0fer\u00f0afr\u00e6\u00f0ilega n\u00e1inn hinni fornu nekr\u00f3mans, h\u00e9r sn\u00fdst allt um samtal vi\u00f0 hina l\u00e1tnu \u00ed gegnum mi\u00f0il me\u00f0 s\u00e9rstakan h\u00e6fileika. V\u00edsindalegar ranns\u00f3knir telja sp\u00edritismann vera n\u00fat\u00edma veraldarv\u00e6dda arftaka fornu nekr\u00f3mans-hef\u00f0arinnar (Bret Carroll, \u201eSpiritualism in Antebellum America&#8220;, 1997).<\/span><\/p><h3>Tengdar greinar<\/h3><p>\u00c1 iWell-Guard-or\u00f0ab\u00f3kinni, tengt efni: <a href=\"https:\/\/iwell-guard.com\/is\/?page_id=168740\">\u00e1kall<\/a> sem yfirhugtak, <a href=\"https:\/\/iwell-guard.com\/is\/?page_id=168869\">goet\u00eda<\/a> sem tengd h\u00e1t\u00ed\u00f0leg hef\u00f0, <a href=\"https:\/\/iwell-guard.com\/is\/?page_id=168699\">draugar hinna d\u00e1nu<\/a> sem yfirlit yfir flokka veruleikanna sem nekr\u00f3mans vinnur me\u00f0, og einstakar verur eins og <a href=\"https:\/\/iwell-guard.com\/is\/?page_id=168585\">Edimmu<\/a>, Hekate og Karon (Charon) sem tr\u00faarhistor\u00edskt mikilv\u00e6gar pers\u00f3nur hins forna d\u00e1narheims.<\/p><div data-nosnippet=\"true\" class=\"iwg-litliste\"><p><strong>Sta\u00f0al-heimildaritsverk (samanbur\u00f0ar<span class=\"iwg-fachbegriff\" data-tooltip=\"V\u00edsindin sem rannsaka tr\u00faarbr\u00f6g\u00f0 \u00e1 samanbur\u00f0argrundvelli \u00e1n tr\u00faarlegrar bindingar.\" tabindex=\"0\">tr\u00faarbrag\u00f0afr\u00e6\u00f0i<\/span>):<\/strong><\/p><\/div><\/footer><div><h3>Afsta\u00f0a iWell Guard til nekr\u00f3mans<\/h3><p>\u00c1 iWell Guard er nekr\u00f3mans skjalfest sem s\u00f6guleg i\u00f0kun sem au\u00f0velt er a\u00f0 a\u00f0greina, \u00e1n \u00feess a\u00f0 h\u00fan s\u00e9 m\u00e6lt me\u00f0 til i\u00f0kunar. H\u00fan fellur undir anna\u00f0 lag verndarsvi\u00f0s iWell Guard (sj\u00e1 <a href=\"https:\/\/iwell-guard.com\/is\/?page_id=168874\">yfirlit yfir virkni verndarmantrunnar<\/a>): tilraunir til a\u00f0 st\u00fdra svartagaldursorku, \u00fear \u00e1 me\u00f0al nekr\u00f3mant\u00edskum a\u00f0fer\u00f0um, a\u00f0 bera hl\u00edfina eru hafna\u00f0ar af verndarskj\u00f6ldnum.<\/p><p>S\u00e1 sem stundar nekr\u00f3mans sj\u00e1lfur fellur undir \u00e1kv\u00e6\u00f0i\u00f0 um sj\u00e1lfsnotanda \u00ed mantrunni (10. li\u00f0), sem beinir sl\u00edkri orku aftur til hins sj\u00e1lfa.<\/p><p>Tr\u00faarhistor\u00edsk skjalfesting hefur eigi\u00f0 fr\u00e6\u00f0ilegt gildi, \u00f3h\u00e1\u00f0 hagn\u00fdtri r\u00e1\u00f0leggingu. S\u00e1 sem vill skilja hi\u00f0 dj\u00fapa s\u00f6guleg samhengi nekr\u00f3mans-hef\u00f0arinnar finnur \u00ed greinum um einstakar pers\u00f3nur (Konan \u00ed End\u00f3r, Apollonios fr\u00e1 T\u00fdana, Edward Kelley) n\u00e1kv\u00e6mar s\u00e9rt\u00e6kar l\u00fdsingar me\u00f0 heimildum, stigveldi og s\u00f6gulegri fors\u00f6gu.<\/p><\/div>\n<p class=\"iwg-bib-more\"><span data-nosnippet>Fleiri sta\u00f0alrit \u00ed <a href=\"https:\/\/iwell-guard.com\/is\/?page_id=168730\">heimildaskr\u00e1nni<\/a>.<\/span><\/p>\t\t\t\t\t\t\t\t<\/div>\n\t\t\t\t\t<\/div>\n\t\t\t\t<\/div>\n\t\t\t\t\t<\/div>\n\t\t\t\t<\/div>\n\t\t<div class=\"elementor-element elementor-element-iwgcb-nekroman-sec e-flex e-con-boxed e-con e-parent\" data-id=\"iwgcb-nekroman-sec\" data-element_type=\"container\" data-e-type=\"container\" id=\"iwg-cb-nekromantie\">\n\t\t\t\t\t<div class=\"e-con-inner\">\n\t\t<div class=\"elementor-element elementor-element-iwgcb-nekroman-inner e-flex e-con-boxed e-con e-parent\" data-id=\"iwgcb-nekroman-inner\" data-element_type=\"container\" data-e-type=\"container\" data-settings=\"{&quot;background_background&quot;:&quot;classic&quot;}\">\n\t\t\t\t\t<div class=\"e-con-inner\">\n\t\t\t\t<div class=\"elementor-element elementor-element-iwgcb-nekroman-h elementor-widget elementor-widget-heading\" data-id=\"iwgcb-nekroman-h\" data-element_type=\"widget\" data-e-type=\"widget\" data-widget_type=\"heading.default\">\n\t\t\t\t\t<h2 class=\"elementor-heading-title elementor-size-default\">iWell Guard og verndarhef\u00f0ir<\/h2>\t\t\t\t<\/div>\n\t\t\t\t<div class=\"elementor-element elementor-element-iwgcb-nekroman-t elementor-widget elementor-widget-text-editor\" data-id=\"iwgcb-nekroman-t\" data-element_type=\"widget\" data-e-type=\"widget\" data-widget_type=\"text-editor.default\">\n\t\t\t\t\t\t\t\t\t<div data-nosnippet=\"true\"><p>\u00cd \u00f6llum \u00feeim menningarheimum sem hafa veri\u00f0 skr\u00e1\u00f0ir m\u00e1 finna verndargripi sem f\u00f3lk bar \u00e1 s\u00e9r, allt fr\u00e1 <a href=\"https:\/\/iwell-guard.com\/is\/?page_id=168584\">Pazuzu<\/a>-verndargripum \u00ed Mes\u00f3p\u00f3tam\u00edu til <a href=\"https:\/\/iwell-guard.com\/is\/?page_id=168899\">Hamsa<\/a> vi\u00f0 Mi\u00f0jar\u00f0arhafi\u00f0, <a href=\"https:\/\/iwell-guard.com\/is\/?page_id=168900\">Mezuzah<\/a> \u00e1 dyrast\u00f6fum j\u00fa\u00f0ad\u00f3ms og kristilegra verndarmedal\u00eda. iWell Guard s\u00e6kir \u00ed \u00feessa hef\u00f0 me\u00f0 n\u00fat\u00edmalegri efnis\u00fatf\u00e6rslu, framleiddur \u00ed \u00de\u00fdskalandi, 41 lag, alv\u00f6ru gull, plat\u00edna, silfur. 30 daga skilar\u00e9ttur.<\/p><\/div>\t\t\t\t\t\t\t\t<\/div>\n\t\t\t\t<div class=\"elementor-element elementor-element-iwgcb-nekroman-b iwg-cb-button iwg-cb-cta-2026-05-13 elementor-widget elementor-widget-jet-button\" data-id=\"iwgcb-nekroman-b\" data-element_type=\"widget\" data-e-type=\"widget\" data-widget_type=\"jet-button.default\">\n\t\t\t\t<div class=\"elementor-widget-container\">\n\t\t\t\t\t<div class=\"elementor-jet-button jet-elements\"><div class=\"jet-button__container\"><a class=\"jet-button__instance jet-button__instance--icon-left hover-effect-1\" href=\"\/ueber-iwell-guard\/?utm_source=iwell-guard.com&amp;utm_medium=info-box&amp;utm_campaign=hub-tradition\"><div class=\"jet-button__plane jet-button__plane-normal\"><\/div><div class=\"jet-button__plane jet-button__plane-hover\"><\/div><div class=\"jet-button__state jet-button__state-normal\"><span class=\"jet-button__label\">Meira um iWell Guard<\/span><\/div><div class=\"jet-button__state jet-button__state-hover\"><span class=\"jet-button__label\">Meira um iWell Guard<\/span><\/div><\/a><\/div><\/div><style>.elementor-element.elementor-element-iwgcb-nekroman-b .jet-button__instance{width:320px;height:56px;}.elementor-element.elementor-element-iwgcb-nekroman-b .jet-button__state-normal .jet-button__label{text-align:center;margin:0px 0px 0px 0px;color:#1a1b20;font-family:Montserrat,sans-serif;font-size:13px;font-weight:400;letter-spacing:4px;line-height:1.714em;text-transform:uppercase;}.elementor-element.elementor-element-iwgcb-nekroman-b .jet-button__state-hover .jet-button__label{text-align:center;margin:0px 0px 0px 0px;color:#FECC76;font-family:Montserrat,sans-serif;font-size:13px;font-weight:400;letter-spacing:4px;line-height:1.714em;text-transform:uppercase;}.elementor-element.elementor-element-iwgcb-nekroman-b .jet-button__plane-normal{background-color:#FECC76;border-style:solid;border-color:#C99540;border-width:2px 2px 2px 2px;}.elementor-element.elementor-element-iwgcb-nekroman-b .jet-button__plane-hover{background-color:rgba(0,0,0,0.55);border-style:solid;border-color:#FECC76;border-width:2px 2px 2px 2px;}<\/style>\t\t\t\t<\/div>\n\t\t\t\t<\/div>\n\t\t\t\t<div class=\"elementor-element elementor-element-iwgcb-nekroman-d elementor-widget elementor-widget-text-editor\" data-id=\"iwgcb-nekroman-d\" data-element_type=\"widget\" data-e-type=\"widget\" data-widget_type=\"text-editor.default\">\n\t\t\t\t\t\t\t\t\t<div data-nosnippet=\"true\"><p style=\"text-align:center;font-size:13px;opacity:0.7;margin-top:14px\" data-nosnippet=\"true\">Pers\u00f3nuleg reynsla getur veri\u00f0 mismunandi. Ekki l\u00e6kningat\u00e6ki. Engin lofor\u00f0 um l\u00e6kningu.<\/p><\/div>\t\t\t\t\t\t\t\t<\/div>\n\t\t\t\t\t<\/div>\n\t\t\t\t<\/div>\n\t\t\t\t\t<\/div>\n\t\t\t\t<\/div>\n\t\t\t\t<\/div>\n\t\t","protected":false},"excerpt":{"rendered":"","protected":false},"author":3,"featured_media":2306,"parent":0,"menu_order":0,"comment_status":"closed","ping_status":"closed","template":"elementor_header_footer","meta":{"_yoast_wpseo_focuskw":"nekromantia","_yoast_wpseo_title":"Nekr\u00f3mant\u00eda \u2013 \u00e1kall hinna framli\u00f0nu","_yoast_wpseo_metadesc":"\u00c1kall hinna framli\u00f0nu til a\u00f0 sp\u00e1 fyrir um e\u00f0a hafa \u00e1hrif \u00e1 samt\u00edmann. Fr\u00e1 Mes\u00f3p\u00f3tam\u00edu til s\u00ed\u00f0fornaldar, kristnum mi\u00f0\u00f6ldum, hj\u00e1 S\u00e1l og \u00d3dysseifi.","_yoast_wpseo_meta-robots-noindex":"","_yoast_wpseo_canonical":"","_angie_page":false,"gefaehrdungsstufe":"","wesen_kultur":"","wesen_klasse":"","footnotes":""},"categories":[],"class_list":["post-168737","page","type-page","status-publish","has-post-thumbnail","hentry"],"yoast_head":"<!-- This site is optimized with the Yoast SEO Premium plugin v27.7 (Yoast SEO v28.3) - https:\/\/yoast.com\/product\/yoast-seo-premium-wordpress\/ -->\n<title>Nekr\u00f3mant\u00eda \u2013 \u00e1kall hinna framli\u00f0nu<\/title>\n<meta name=\"description\" content=\"\u00c1kall hinna framli\u00f0nu til a\u00f0 sp\u00e1 fyrir um e\u00f0a hafa \u00e1hrif \u00e1 samt\u00edmann. Fr\u00e1 Mes\u00f3p\u00f3tam\u00edu til s\u00ed\u00f0fornaldar, kristnum mi\u00f0\u00f6ldum, hj\u00e1 S\u00e1l og \u00d3dysseifi.\" \/>\n<meta name=\"robots\" content=\"index, follow, max-snippet:-1, max-image-preview:large, max-video-preview:-1\" \/>\n<link rel=\"canonical\" href=\"https:\/\/iwell-guard.com\/is\/nekromantia\/\" \/>\n<meta property=\"og:locale\" content=\"is_IS\" \/>\n<meta property=\"og:type\" content=\"article\" \/>\n<meta property=\"og:title\" content=\"N\u00e1hv\u00edslun (Nekr\u00f3mant\u00eda)\" \/>\n<meta property=\"og:description\" content=\"\u00c1kall hinna framli\u00f0nu til a\u00f0 sp\u00e1 fyrir um e\u00f0a hafa \u00e1hrif \u00e1 samt\u00edmann. Fr\u00e1 Mes\u00f3p\u00f3tam\u00edu til s\u00ed\u00f0fornaldar, kristnum mi\u00f0\u00f6ldum, hj\u00e1 S\u00e1l og \u00d3dysseifi.\" \/>\n<meta property=\"og:url\" content=\"https:\/\/iwell-guard.com\/is\/nekromantia\/\" \/>\n<meta property=\"og:site_name\" content=\"iWell Guard\" \/>\n<meta property=\"article:modified_time\" content=\"2026-09-05T14:18:09+00:00\" \/>\n<meta property=\"og:image\" content=\"https:\/\/iwell-guard.com\/wp-content\/uploads\/2026\/05\/praktiken_nekromantie.webp\" \/>\n\t<meta property=\"og:image:width\" content=\"1024\" \/>\n\t<meta property=\"og:image:height\" content=\"1536\" \/>\n\t<meta property=\"og:image:type\" content=\"image\/webp\" \/>\n<meta name=\"twitter:card\" content=\"summary_large_image\" \/>\n<script type=\"application\/ld+json\" class=\"yoast-schema-graph\">{\"@context\":\"https:\\\/\\\/schema.org\",\"@graph\":[{\"@type\":\"WebPage\",\"@id\":\"https:\\\/\\\/iwell-guard.com\\\/is\\\/nekromantia\\\/\",\"url\":\"https:\\\/\\\/iwell-guard.com\\\/is\\\/nekromantia\\\/\",\"name\":\"Nekr\u00f3mant\u00eda \u2013 \u00e1kall hinna framli\u00f0nu\",\"isPartOf\":{\"@id\":\"https:\\\/\\\/iwell-guard.com\\\/is\\\/#website\"},\"primaryImageOfPage\":{\"@id\":\"https:\\\/\\\/iwell-guard.com\\\/is\\\/nekromantia\\\/#primaryimage\"},\"image\":{\"@id\":\"https:\\\/\\\/iwell-guard.com\\\/is\\\/nekromantia\\\/#primaryimage\"},\"thumbnailUrl\":\"https:\\\/\\\/iwell-guard.com\\\/wp-content\\\/uploads\\\/2026\\\/05\\\/praktiken_nekromantie.webp\",\"datePublished\":\"2026-09-05T14:02:34+00:00\",\"dateModified\":\"2026-09-05T14:18:09+00:00\",\"description\":\"\u00c1kall hinna framli\u00f0nu til a\u00f0 sp\u00e1 fyrir um e\u00f0a hafa \u00e1hrif \u00e1 samt\u00edmann. Fr\u00e1 Mes\u00f3p\u00f3tam\u00edu til s\u00ed\u00f0fornaldar, kristnum mi\u00f0\u00f6ldum, hj\u00e1 S\u00e1l og \u00d3dysseifi.\",\"breadcrumb\":{\"@id\":\"https:\\\/\\\/iwell-guard.com\\\/is\\\/nekromantia\\\/#breadcrumb\"},\"inLanguage\":\"is\",\"potentialAction\":[{\"@type\":\"ReadAction\",\"target\":[\"https:\\\/\\\/iwell-guard.com\\\/is\\\/nekromantia\\\/\"]}]},{\"@type\":\"ImageObject\",\"inLanguage\":\"is\",\"@id\":\"https:\\\/\\\/iwell-guard.com\\\/is\\\/nekromantia\\\/#primaryimage\",\"url\":\"https:\\\/\\\/iwell-guard.com\\\/wp-content\\\/uploads\\\/2026\\\/05\\\/praktiken_nekromantie.webp\",\"contentUrl\":\"https:\\\/\\\/iwell-guard.com\\\/wp-content\\\/uploads\\\/2026\\\/05\\\/praktiken_nekromantie.webp\",\"width\":1024,\"height\":1536,\"caption\":\"S\u00e6ringar (nekr\u00f3mant\u00eda) \u2014 kalla fram anda hinna l\u00e1tnu\"},{\"@type\":\"BreadcrumbList\",\"@id\":\"https:\\\/\\\/iwell-guard.com\\\/is\\\/nekromantia\\\/#breadcrumb\",\"itemListElement\":[{\"@type\":\"ListItem\",\"position\":1,\"name\":\"Start\",\"item\":\"https:\\\/\\\/iwell-guard.com\\\/is\\\/?page_id=168580\"},{\"@type\":\"ListItem\",\"position\":2,\"name\":\"N\u00e1hv\u00edslun (Nekr\u00f3mant\u00eda)\"}]},{\"@type\":\"WebSite\",\"@id\":\"https:\\\/\\\/iwell-guard.com\\\/is\\\/#website\",\"url\":\"https:\\\/\\\/iwell-guard.com\\\/is\\\/\",\"name\":\"iWell Guard\",\"description\":\"Schutz vor dunklen Einfl\u00fcssen\",\"publisher\":{\"@id\":\"https:\\\/\\\/iwell-guard.com\\\/is\\\/#organization\"},\"potentialAction\":[{\"@type\":\"SearchAction\",\"target\":{\"@type\":\"EntryPoint\",\"urlTemplate\":\"https:\\\/\\\/iwell-guard.com\\\/is\\\/?s={search_term_string}\"},\"query-input\":{\"@type\":\"PropertyValueSpecification\",\"valueRequired\":true,\"valueName\":\"search_term_string\"}}],\"inLanguage\":\"is\"},{\"@type\":\"Organization\",\"@id\":\"https:\\\/\\\/iwell-guard.com\\\/is\\\/#organization\",\"name\":\"Ittermann electronic GmbH\",\"url\":\"https:\\\/\\\/iwell-guard.com\\\/is\\\/\",\"logo\":{\"@type\":\"ImageObject\",\"inLanguage\":\"is\",\"@id\":\"https:\\\/\\\/iwell-guard.com\\\/is\\\/#\\\/schema\\\/logo\\\/image\\\/\",\"url\":\"https:\\\/\\\/iwell-guard.com\\\/wp-content\\\/uploads\\\/2026\\\/05\\\/Ittermann-Logo-1182x237-1.png\",\"contentUrl\":\"https:\\\/\\\/iwell-guard.com\\\/wp-content\\\/uploads\\\/2026\\\/05\\\/Ittermann-Logo-1182x237-1.png\",\"width\":1182,\"height\":237,\"caption\":\"Ittermann electronic GmbH\"},\"image\":{\"@id\":\"https:\\\/\\\/iwell-guard.com\\\/is\\\/#\\\/schema\\\/logo\\\/image\\\/\"},\"sameAs\":[\"https:\\\/\\\/pantip.com\\\/profile\\\/9367242\",\"https:\\\/\\\/micro.blog\\\/iwellguard\",\"https:\\\/\\\/www.diggerslist.com\\\/iwellguard\\\/about\",\"https:\\\/\\\/skitterphoto.com\\\/photographers\\\/2870314\\\/iwell-guard\",\"https:\\\/\\\/iwellguard.wordpress.com\\\/2026\\\/06\\\/06\\\/iwell-guard\\\/\",\"https:\\\/\\\/hub.docker.com\\\/u\\\/iwellguard\",\"https:\\\/\\\/www.pinterest.com\\\/iwellguard\\\/\",\"https:\\\/\\\/bit.ly\\\/m\\\/iwellguard\",\"https:\\\/\\\/entre-vos-mains.alsace.eu\\\/profiles\\\/iwellguard\\\/activity\",\"https:\\\/\\\/gravatar.com\\\/reallybeded8fd34\",\"https:\\\/\\\/naijamatta.com\\\/iwellguard\",\"https:\\\/\\\/www.goodreads.com\\\/iwellguard\",\"https:\\\/\\\/profile.hatena.ne.jp\\\/iwellguard\\\/\",\"https:\\\/\\\/experiment.com\\\/users\\\/iwellguard\",\"https:\\\/\\\/wakelet.com\\\/@iWellGuard82270\",\"https:\\\/\\\/www.chordie.com\\\/forum\\\/profile.php?id=2555664\",\"https:\\\/\\\/www.instapaper.com\\\/p\\\/17757966\",\"https:\\\/\\\/www.mapleprimes.com\\\/users\\\/iwellguard\",\"https:\\\/\\\/businesslistingplus.com\\\/profile\\\/iwell-guard\\\/\",\"https:\\\/\\\/telegra.ph\\\/iWell-Guard-06-06\",\"https:\\\/\\\/pbase.com\\\/iwellguard\\\/iwellguard\",\"https:\\\/\\\/b.hatena.ne.jp\\\/iwellguard\\\/20260607#bookmark-4788405196491818882\",\"https:\\\/\\\/fliphtml5.com\\\/home\\\/iwellguard\",\"https:\\\/\\\/anyflip.com\\\/homepage\\\/cmiwl#About\",\"https:\\\/\\\/transfur.com\\\/Users\\\/iwellguard\",\"http:\\\/\\\/delphi.larsbo.org\\\/user\\\/iwellguard\",\"https:\\\/\\\/jobs.lajobsportal.org\\\/profiles\\\/8380803-iwell-guard\",\"https:\\\/\\\/md.chaosdorf.de\\\/s\\\/jfbe5SBdJD\",\"https:\\\/\\\/www.lingvolive.com\\\/en-us\\\/profile\\\/9ecaeaca-ce11-4e51-9e71-01d55e2bff36\\\/translations\",\"https:\\\/\\\/www.fitday.com\\\/fitness\\\/forums\\\/members\\\/iwellguard.html\",\"https:\\\/\\\/www.mymeetbook.com\\\/iwellguard\",\"https:\\\/\\\/pxhere.com\\\/en\\\/photographer-me\\\/5040798\",\"https:\\\/\\\/disqus.com\\\/by\\\/iwellguard\\\/about\\\/\",\"https:\\\/\\\/pastelink.net\\\/hjwciqwq\",\"https:\\\/\\\/pubhtml5.com\\\/homepage\\\/scjhn\\\/\",\"https:\\\/\\\/www.bitchute.com\\\/channel\\\/2O2eOKzNqujT\",\"https:\\\/\\\/audiomack.com\\\/iwellguard\"]}]}<\/script>\n<!-- \/ Yoast SEO Premium plugin. -->","yoast_head_json":{"title":"Nekr\u00f3mant\u00eda \u2013 \u00e1kall hinna framli\u00f0nu","description":"\u00c1kall hinna framli\u00f0nu til a\u00f0 sp\u00e1 fyrir um e\u00f0a hafa \u00e1hrif \u00e1 samt\u00edmann. Fr\u00e1 Mes\u00f3p\u00f3tam\u00edu til s\u00ed\u00f0fornaldar, kristnum mi\u00f0\u00f6ldum, hj\u00e1 S\u00e1l og \u00d3dysseifi.","robots":{"index":"index","follow":"follow","max-snippet":"max-snippet:-1","max-image-preview":"max-image-preview:large","max-video-preview":"max-video-preview:-1"},"canonical":"https:\/\/iwell-guard.com\/is\/nekromantia\/","og_locale":"is_IS","og_type":"article","og_title":"N\u00e1hv\u00edslun (Nekr\u00f3mant\u00eda)","og_description":"\u00c1kall hinna framli\u00f0nu til a\u00f0 sp\u00e1 fyrir um e\u00f0a hafa \u00e1hrif \u00e1 samt\u00edmann. Fr\u00e1 Mes\u00f3p\u00f3tam\u00edu til s\u00ed\u00f0fornaldar, kristnum mi\u00f0\u00f6ldum, hj\u00e1 S\u00e1l og \u00d3dysseifi.","og_url":"https:\/\/iwell-guard.com\/is\/nekromantia\/","og_site_name":"iWell Guard","article_modified_time":"2026-09-05T14:18:09+00:00","og_image":[{"width":1024,"height":1536,"url":"https:\/\/iwell-guard.com\/wp-content\/uploads\/2026\/05\/praktiken_nekromantie.webp","type":"image\/webp"}],"twitter_card":"summary_large_image","schema":{"@context":"https:\/\/schema.org","@graph":[{"@type":"WebPage","@id":"https:\/\/iwell-guard.com\/is\/nekromantia\/","url":"https:\/\/iwell-guard.com\/is\/nekromantia\/","name":"Nekr\u00f3mant\u00eda \u2013 \u00e1kall hinna framli\u00f0nu","isPartOf":{"@id":"https:\/\/iwell-guard.com\/is\/#website"},"primaryImageOfPage":{"@id":"https:\/\/iwell-guard.com\/is\/nekromantia\/#primaryimage"},"image":{"@id":"https:\/\/iwell-guard.com\/is\/nekromantia\/#primaryimage"},"thumbnailUrl":"https:\/\/iwell-guard.com\/wp-content\/uploads\/2026\/05\/praktiken_nekromantie.webp","datePublished":"2026-09-05T14:02:34+00:00","dateModified":"2026-09-05T14:18:09+00:00","description":"\u00c1kall hinna framli\u00f0nu til a\u00f0 sp\u00e1 fyrir um e\u00f0a hafa \u00e1hrif \u00e1 samt\u00edmann. Fr\u00e1 Mes\u00f3p\u00f3tam\u00edu til s\u00ed\u00f0fornaldar, kristnum mi\u00f0\u00f6ldum, hj\u00e1 S\u00e1l og \u00d3dysseifi.","breadcrumb":{"@id":"https:\/\/iwell-guard.com\/is\/nekromantia\/#breadcrumb"},"inLanguage":"is","potentialAction":[{"@type":"ReadAction","target":["https:\/\/iwell-guard.com\/is\/nekromantia\/"]}]},{"@type":"ImageObject","inLanguage":"is","@id":"https:\/\/iwell-guard.com\/is\/nekromantia\/#primaryimage","url":"https:\/\/iwell-guard.com\/wp-content\/uploads\/2026\/05\/praktiken_nekromantie.webp","contentUrl":"https:\/\/iwell-guard.com\/wp-content\/uploads\/2026\/05\/praktiken_nekromantie.webp","width":1024,"height":1536,"caption":"S\u00e6ringar (nekr\u00f3mant\u00eda) \u2014 kalla fram anda hinna l\u00e1tnu"},{"@type":"BreadcrumbList","@id":"https:\/\/iwell-guard.com\/is\/nekromantia\/#breadcrumb","itemListElement":[{"@type":"ListItem","position":1,"name":"Start","item":"https:\/\/iwell-guard.com\/is\/?page_id=168580"},{"@type":"ListItem","position":2,"name":"N\u00e1hv\u00edslun (Nekr\u00f3mant\u00eda)"}]},{"@type":"WebSite","@id":"https:\/\/iwell-guard.com\/is\/#website","url":"https:\/\/iwell-guard.com\/is\/","name":"iWell Guard","description":"Schutz vor dunklen Einfl\u00fcssen","publisher":{"@id":"https:\/\/iwell-guard.com\/is\/#organization"},"potentialAction":[{"@type":"SearchAction","target":{"@type":"EntryPoint","urlTemplate":"https:\/\/iwell-guard.com\/is\/?s={search_term_string}"},"query-input":{"@type":"PropertyValueSpecification","valueRequired":true,"valueName":"search_term_string"}}],"inLanguage":"is"},{"@type":"Organization","@id":"https:\/\/iwell-guard.com\/is\/#organization","name":"Ittermann electronic GmbH","url":"https:\/\/iwell-guard.com\/is\/","logo":{"@type":"ImageObject","inLanguage":"is","@id":"https:\/\/iwell-guard.com\/is\/#\/schema\/logo\/image\/","url":"https:\/\/iwell-guard.com\/wp-content\/uploads\/2026\/05\/Ittermann-Logo-1182x237-1.png","contentUrl":"https:\/\/iwell-guard.com\/wp-content\/uploads\/2026\/05\/Ittermann-Logo-1182x237-1.png","width":1182,"height":237,"caption":"Ittermann electronic GmbH"},"image":{"@id":"https:\/\/iwell-guard.com\/is\/#\/schema\/logo\/image\/"},"sameAs":["https:\/\/pantip.com\/profile\/9367242","https:\/\/micro.blog\/iwellguard","https:\/\/www.diggerslist.com\/iwellguard\/about","https:\/\/skitterphoto.com\/photographers\/2870314\/iwell-guard","https:\/\/iwellguard.wordpress.com\/2026\/06\/06\/iwell-guard\/","https:\/\/hub.docker.com\/u\/iwellguard","https:\/\/www.pinterest.com\/iwellguard\/","https:\/\/bit.ly\/m\/iwellguard","https:\/\/entre-vos-mains.alsace.eu\/profiles\/iwellguard\/activity","https:\/\/gravatar.com\/reallybeded8fd34","https:\/\/naijamatta.com\/iwellguard","https:\/\/www.goodreads.com\/iwellguard","https:\/\/profile.hatena.ne.jp\/iwellguard\/","https:\/\/experiment.com\/users\/iwellguard","https:\/\/wakelet.com\/@iWellGuard82270","https:\/\/www.chordie.com\/forum\/profile.php?id=2555664","https:\/\/www.instapaper.com\/p\/17757966","https:\/\/www.mapleprimes.com\/users\/iwellguard","https:\/\/businesslistingplus.com\/profile\/iwell-guard\/","https:\/\/telegra.ph\/iWell-Guard-06-06","https:\/\/pbase.com\/iwellguard\/iwellguard","https:\/\/b.hatena.ne.jp\/iwellguard\/20260607#bookmark-4788405196491818882","https:\/\/fliphtml5.com\/home\/iwellguard","https:\/\/anyflip.com\/homepage\/cmiwl#About","https:\/\/transfur.com\/Users\/iwellguard","http:\/\/delphi.larsbo.org\/user\/iwellguard","https:\/\/jobs.lajobsportal.org\/profiles\/8380803-iwell-guard","https:\/\/md.chaosdorf.de\/s\/jfbe5SBdJD","https:\/\/www.lingvolive.com\/en-us\/profile\/9ecaeaca-ce11-4e51-9e71-01d55e2bff36\/translations","https:\/\/www.fitday.com\/fitness\/forums\/members\/iwellguard.html","https:\/\/www.mymeetbook.com\/iwellguard","https:\/\/pxhere.com\/en\/photographer-me\/5040798","https:\/\/disqus.com\/by\/iwellguard\/about\/","https:\/\/pastelink.net\/hjwciqwq","https:\/\/pubhtml5.com\/homepage\/scjhn\/","https:\/\/www.bitchute.com\/channel\/2O2eOKzNqujT","https:\/\/audiomack.com\/iwellguard"]}]}},"_links":{"self":[{"href":"https:\/\/iwell-guard.com\/is\/wp-json\/wp\/v2\/pages\/168737","targetHints":{"allow":["GET"]}}],"collection":[{"href":"https:\/\/iwell-guard.com\/is\/wp-json\/wp\/v2\/pages"}],"about":[{"href":"https:\/\/iwell-guard.com\/is\/wp-json\/wp\/v2\/types\/page"}],"author":[{"embeddable":true,"href":"https:\/\/iwell-guard.com\/is\/wp-json\/wp\/v2\/users\/3"}],"replies":[{"embeddable":true,"href":"https:\/\/iwell-guard.com\/is\/wp-json\/wp\/v2\/comments?post=168737"}],"version-history":[{"count":0,"href":"https:\/\/iwell-guard.com\/is\/wp-json\/wp\/v2\/pages\/168737\/revisions"}],"wp:featuredmedia":[{"embeddable":true,"href":"https:\/\/iwell-guard.com\/is\/wp-json\/wp\/v2\/media\/2306"}],"wp:attachment":[{"href":"https:\/\/iwell-guard.com\/is\/wp-json\/wp\/v2\/media?parent=168737"}],"wp:term":[{"taxonomy":"category","embeddable":true,"href":"https:\/\/iwell-guard.com\/is\/wp-json\/wp\/v2\/categories?post=168737"}],"curies":[{"name":"wp","href":"https:\/\/api.w.org\/{rel}","templated":true}]}}