{"id":168732,"date":"2026-09-05T14:02:32","date_gmt":"2026-09-05T14:02:32","guid":{"rendered":"https:\/\/iwell-guard.com\/?page_id=168732"},"modified":"2026-09-05T14:17:59","modified_gmt":"2026-09-05T14:17:59","slug":"faq","status":"publish","type":"page","link":"https:\/\/iwell-guard.com\/is\/faq\/","title":{"rendered":"Algengar spurningar"},"content":{"rendered":"<!--email_off-->\t\t<div data-elementor-type=\"wp-page\" data-elementor-id=\"168732\" class=\"elementor elementor-168732 elementor-1928 elementor-bc-flex-widget\" data-elementor-post-type=\"page\">\n\t\t\t\t<div class=\"elementor-element elementor-element-herof247ab2 e-flex e-con-boxed e-con e-parent\" data-id=\"herof247ab2\" data-element_type=\"container\" data-e-type=\"container\">\n\t\t\t\t\t<div class=\"e-con-inner\">\n\t\t\t\t<div class=\"elementor-element elementor-element-heroimgf13a601 iwg-hero-image elementor-widget elementor-widget-image\" data-id=\"heroimgf13a601\" data-element_type=\"widget\" data-e-type=\"widget\" data-widget_type=\"image.default\">\n\t\t\t\t\t\t\t\t\t\t\t\t\t\t\t<img fetchpriority=\"high\" decoding=\"async\" width=\"683\" height=\"1024\" src=\"https:\/\/iwell-guard.com\/wp-content\/uploads\/2026\/05\/service_faq-683x1024.webp\" class=\"attachment-large size-large wp-image-170626\" alt=\"Faq - myndskreyting\" srcset=\"https:\/\/iwell-guard.com\/wp-content\/uploads\/2026\/05\/service_faq-683x1024.webp 683w, https:\/\/iwell-guard.com\/wp-content\/uploads\/2026\/05\/service_faq-200x300.webp 200w, https:\/\/iwell-guard.com\/wp-content\/uploads\/2026\/05\/service_faq-768x1152.webp 768w, https:\/\/iwell-guard.com\/wp-content\/uploads\/2026\/05\/service_faq.webp 1024w\" sizes=\"(max-width: 683px) 100vw, 683px\" \/>\t\t\t\t\t\t\t\t\t\t\t\t\t\t\t<\/div>\n\t\t\t\t\t<\/div>\n\t\t\t\t<\/div>\n\t\t<div class=\"elementor-element elementor-element-x-h1-1928 e-con-boxed e-flex e-con e-parent\" data-id=\"x-h1-1928\" data-element_type=\"container\" data-e-type=\"container\">\n\t\t\t\t\t<div class=\"e-con-inner\">\n\t\t\t\t<div class=\"elementor-element elementor-element-x-h1w-1928 elementor-widget elementor-widget-heading\" data-id=\"x-h1w-1928\" data-element_type=\"widget\" data-e-type=\"widget\" data-widget_type=\"heading.default\">\n\t\t\t\t\t<h1 class=\"elementor-heading-title elementor-size-default\">Algengar spurningar, iWell Guard og verndara\u00f0fer\u00f0ir<\/h1>\t\t\t\t<\/div>\n\t\t\t\t\t<\/div>\n\t\t\t\t<\/div>\n\t\t<div class=\"elementor-element elementor-element-restoreh-faq e-con-boxed e-flex e-con e-parent\" data-id=\"restoreh-faq\" data-element_type=\"container\" data-e-type=\"container\">\n\t\t\t\t\t<div class=\"e-con-inner\">\n\t\t\t\t<div class=\"elementor-element elementor-element-restorei-faq elementor-widget elementor-widget-image\" data-id=\"restorei-faq\" data-element_type=\"widget\" data-e-type=\"widget\" data-widget_type=\"image.default\">\n\t\t\t\t\t\t\t\t\t\t\t\t\t\t\t<img decoding=\"async\" width=\"800\" height=\"441\" src=\"https:\/\/iwell-guard.com\/wp-content\/uploads\/2026\/05\/Lichtwesen-1200x661-Hintergrund-sym-1024x564.webp\" class=\"attachment-large size-large wp-image-170909\" alt=\"Bakgrunnsfl\u00eds fyrir lj\u00f3svera-s\u00ed\u00f0ur, 1200x661 sem fl\u00eds\" srcset=\"https:\/\/iwell-guard.com\/wp-content\/uploads\/2026\/05\/Lichtwesen-1200x661-Hintergrund-sym-1024x564.webp 1024w, https:\/\/iwell-guard.com\/wp-content\/uploads\/2026\/05\/Lichtwesen-1200x661-Hintergrund-sym-300x165.webp 300w, https:\/\/iwell-guard.com\/wp-content\/uploads\/2026\/05\/Lichtwesen-1200x661-Hintergrund-sym-768x423.webp 768w, https:\/\/iwell-guard.com\/wp-content\/uploads\/2026\/05\/Lichtwesen-1200x661-Hintergrund-sym.webp 1200w\" sizes=\"(max-width: 800px) 100vw, 800px\" \/>\t\t\t\t\t\t\t\t\t\t\t\t\t\t\t<\/div>\n\t\t\t\t\t<\/div>\n\t\t\t\t<\/div>\n\t\t<div class=\"elementor-element elementor-element-klaerung1777529192 e-con-boxed e-flex e-con e-parent\" data-id=\"klaerung1777529192\" data-element_type=\"container\" data-e-type=\"container\" data-settings=\"{&quot;background_background&quot;:&quot;classic&quot;}\">\n\t\t\t\t\t<div class=\"e-con-inner\">\n\t\t\t\t<div class=\"elementor-element elementor-element-klar1777529192 elementor-widget elementor-widget-text-editor\" data-id=\"klar1777529192\" data-element_type=\"widget\" data-e-type=\"widget\" data-widget_type=\"text-editor.default\">\n\t\t\t\t\t\t\t\t\t\n<p><em>\u00c1 \u00feessari s\u00ed\u00f0u sv\u00f6rum vi\u00f0 <strong>algengustu spurningunum<\/strong> um iWell Guard, flokka\u00f0 eftir a\u00f0fer\u00f0afr\u00e6\u00f0i, notkun og p\u00f6ntun. Hvert <strong>svar<\/strong> er tengt vi\u00f0 n\u00e1kv\u00e6mari heimild \u00ed a\u00f0fer\u00f0afr\u00e6\u00f0ihlutanum.<\/em><\/p>\t\t\t\t\t\t\t\t<\/div>\n\t\t\t\t\t<\/div>\n\t\t\t\t<\/div>\n\t\t<div class=\"elementor-element elementor-element-clstrsec1777543137 e-con-boxed e-flex e-con e-parent\" data-id=\"clstrsec1777543137\" data-element_type=\"container\" data-e-type=\"container\">\n\t\t\t\t\t<div class=\"e-con-inner\">\n\t\t\t\t<div class=\"elementor-element elementor-element-h21777543137 elementor-widget elementor-widget-heading\" data-id=\"h21777543137\" data-element_type=\"widget\" data-e-type=\"widget\" data-widget_type=\"heading.default\">\n\t\t\t\t\t<h2 class=\"elementor-heading-title elementor-size-default\">Algengar spurningar, flokka\u00f0ar eftir efni<\/h2>\t\t\t\t<\/div>\n\t\t\t\t<div class=\"elementor-element elementor-element-txt1777543137 elementor-widget elementor-widget-text-editor\" data-id=\"txt1777543137\" data-element_type=\"widget\" data-e-type=\"widget\" data-widget_type=\"text-editor.default\">\n\t\t\t\t\t\t\t\t\t\n<p>\u00c1 \u00feessari s\u00ed\u00f0u sv\u00f6rum vi\u00f0 algengustu spurningunum um iWell Guard, flokka\u00f0 \u00ed \u00ferj\u00fa efnissvi\u00f0: a\u00f0fer\u00f0afr\u00e6\u00f0i, notkun, p\u00f6ntun.<\/p><p>Hvert svar er tengt vi\u00f0 n\u00e1kv\u00e6mari heimild \u00ed <a href=\"https:\/\/iwell-guard.com\/is\/?page_id=168680\">a\u00f0fer\u00f0afr\u00e6\u00f0ihlutanum<\/a> e\u00f0a <a href=\"https:\/\/iwell-guard.com\/is\/?page_id=168874\">sta\u00f0festingarm\u00f6ntrunni<\/a>, svo \u00fe\u00e9r er velkomi\u00f0 a\u00f0 kafa d\u00fdpra ef \u00fe\u00e9r \u00fe\u00f3knast.<\/p><p>Ef <strong>spurning<\/strong> \u00fe\u00edn er ekki svara\u00f0 h\u00e9r, sendi\u00f0 okkur skilabo\u00f0 \u00ed gegnum <a href=\"https:\/\/iwell-guard.com\/is\/?page_id=168731\">tengili\u00f0aformi\u00f0<\/a>.<\/p>\t\t\t\t\t\t\t\t<\/div>\n\t\t\t\t\t<\/div>\n\t\t\t\t<\/div>\n\t\t<div class=\"elementor-element elementor-element-x404b-s0 e-con-boxed e-flex e-con e-parent\" data-id=\"x404b-s0\" data-element_type=\"container\" data-e-type=\"container\">\n\t\t\t\t\t<div class=\"e-con-inner\">\n\t\t\t\t<div class=\"elementor-element elementor-element-x404b-h0 elementor-widget elementor-widget-heading\" data-id=\"x404b-h0\" data-element_type=\"widget\" data-e-type=\"widget\" data-widget_type=\"heading.default\">\n\t\t\t\t\t<h2 class=\"elementor-heading-title elementor-size-default\">Algengar spurningar<\/h2>\t\t\t\t<\/div>\n\t\t<div class=\"elementor-element elementor-element-x404b-s0-bw e-flex e-con-boxed e-con e-parent\" data-id=\"x404b-s0-bw\" data-element_type=\"container\" data-e-type=\"container\" data-settings=\"{&quot;background_background&quot;:&quot;classic&quot;}\">\n\t\t\t\t\t<div class=\"e-con-inner\">\n\t\t\t\t<div class=\"elementor-element elementor-element-x404b-t0 elementor-widget elementor-widget-text-editor\" data-id=\"x404b-t0\" data-element_type=\"widget\" data-e-type=\"widget\" data-widget_type=\"text-editor.default\">\n\t\t\t\t\t\t\t\t\t<p>Algengar spurningar um iWell Guard, verndara\u00f0fer\u00f0ir, a\u00f0fer\u00f0afr\u00e6\u00f0i og afgrei\u00f0slu pantana. \u00deessi FAQ-samantekt svarar \u00feeim efnum sem oftast berast okkur, allt fr\u00e1 spurningum um bakgrunn verkefnisins til hagn\u00fdtra spurninga um notkun, fr\u00e1 \u00e1rei\u00f0anleika heimilda til a\u00f0fer\u00f0afr\u00e6\u00f0ilegs grundvallar a\u00f0 mi\u00f0lunarvinnu okkar.<\/p><p>Ef spurning \u00fe\u00edn er ekki svara\u00f0 h\u00e9r, sendi\u00f0 okkur skilabo\u00f0 \u00ed gegnum <a href=\"https:\/\/iwell-guard.com\/is\/?page_id=168731\">tengili\u00f0aformi\u00f0<\/a>. Vi\u00f0 b\u00e6tum oft endurteknum spurningum inn \u00e1 \u00feennan lista, svo lesendur sem koma s\u00ed\u00f0ar finni svari\u00f0 beint.<\/p>\t\t\t\t\t\t\t\t<\/div>\n\t\t\t\t\t<\/div>\n\t\t\t\t<\/div>\n\t\t\t\t\t<\/div>\n\t\t\t\t<\/div>\n\t\t<div class=\"elementor-element elementor-element-add-faq-s0 e-con-boxed e-flex e-con e-parent\" data-id=\"add-faq-s0\" data-element_type=\"container\" data-e-type=\"container\">\n\t\t\t\t\t<div class=\"e-con-inner\">\n\t\t\t\t<div class=\"elementor-element elementor-element-add-faq-h0 elementor-widget elementor-widget-heading\" data-id=\"add-faq-h0\" data-element_type=\"widget\" data-e-type=\"widget\" data-widget_type=\"heading.default\">\n\t\t\t\t\t<h2 class=\"elementor-heading-title elementor-size-default\">Hver stendur \u00e1 bak vi\u00f0 iWell Guard?<\/h2>\t\t\t\t<\/div>\n\t\t<div class=\"elementor-element elementor-element-add-faq-s0-bw e-flex e-con-boxed e-con e-parent\" data-id=\"add-faq-s0-bw\" data-element_type=\"container\" data-e-type=\"container\" data-settings=\"{&quot;background_background&quot;:&quot;classic&quot;}\">\n\t\t\t\t\t<div class=\"e-con-inner\">\n\t\t\t\t<div class=\"elementor-element elementor-element-add-faq-t0 elementor-widget elementor-widget-text-editor\" data-id=\"add-faq-t0\" data-element_type=\"widget\" data-e-type=\"widget\" data-widget_type=\"text-editor.default\">\n\t\t\t\t\t\t\t\t\t<p>iWell Guard er verkefni \u00e1 vegum <strong>Ittermann electronic GmbH<\/strong> me\u00f0 a\u00f0setur \u00ed 99842 Ruhla, Th\u00fcringen.<\/p><p>Vi\u00f0 sameinum tv\u00f6 starfssvi\u00f0: annars vegar s\u00f6lu \u00e1 iWell Guard-verndarhengi \u00ed gegnum verslunina \u00e1 ittermann.de, og hins vegar \u00feessa efnisr\u00edku vefs\u00ed\u00f0u sem \u00fe\u00e9r er \u00e1, umfangsmiki\u00f0 safn um verur \u00far <span class=\"iwg-fachbegriff\" data-tooltip=\"Heildarsafn arfleiddra go\u00f0sagna innan tiltekinnar menningar.\" tabindex=\"0\">go\u00f0afr\u00e6\u00f0i<\/span>, tr\u00faarbr\u00f6g\u00f0um og \u00fej\u00f3\u00f0tr\u00fa, \u00e1samt a\u00f0fer\u00f0afr\u00e6\u00f0ilegum greinum um mi\u00f0lun, orkugreiningu og f\u00ednorku-vinnu.<\/p><p>\u00c1 bak vi\u00f0 verkefni\u00f0 standa Ralf Ittermann sem stofnandi og framkv\u00e6mdastj\u00f3ri fyrirt\u00e6kisins, auk h\u00f3ps mi\u00f0la, tr\u00faarbrag\u00f0afr\u00e6\u00f0inga og pr\u00f3farkalesara sem semja, yfirfara og b\u00e6ta greinarnar st\u00f6\u00f0ugt. \u00c1byrg\u00f0 \u00e1 ritstj\u00f3rnarefninu liggur hj\u00e1 Ittermann electronic GmbH.<\/p>\t\t\t\t\t\t\t\t<\/div>\n\t\t\t\t\t<\/div>\n\t\t\t\t<\/div>\n\t\t\t\t\t<\/div>\n\t\t\t\t<\/div>\n\t\t<div class=\"elementor-element elementor-element-add-faq-s1 e-con-boxed e-flex e-con e-parent\" data-id=\"add-faq-s1\" data-element_type=\"container\" data-e-type=\"container\">\n\t\t\t\t\t<div class=\"e-con-inner\">\n\t\t\t\t<div class=\"elementor-element elementor-element-add-faq-h1 elementor-widget elementor-widget-heading\" data-id=\"add-faq-h1\" data-element_type=\"widget\" data-e-type=\"widget\" data-widget_type=\"heading.default\">\n\t\t\t\t\t<h2 class=\"elementor-heading-title elementor-size-default\">Hvernig er iWell Guard framleiddur?<\/h2>\t\t\t\t<\/div>\n\t\t<div class=\"elementor-element elementor-element-add-faq-s1-bw e-flex e-con-boxed e-con e-parent\" data-id=\"add-faq-s1-bw\" data-element_type=\"container\" data-e-type=\"container\" data-settings=\"{&quot;background_background&quot;:&quot;classic&quot;}\">\n\t\t\t\t\t<div class=\"e-con-inner\">\n\t\t\t\t<div class=\"elementor-element elementor-element-add-faq-t1 elementor-widget elementor-widget-text-editor\" data-id=\"add-faq-t1\" data-element_type=\"widget\" data-e-type=\"widget\" data-widget_type=\"text-editor.default\">\n\t\t\t\t\t\t\t\t\t<p>N\u00e1nari uppl\u00fdsingar um efnis- og v\u00f6ruval m\u00e1 finna \u00e1 v\u00f6rus\u00ed\u00f0unni <a href=\"https:\/\/iwell-guard.com\/is\/?page_id=168681\">Um iWell Guard<\/a>. \u00cd stuttu m\u00e1li: hengi\u00f0 er gert \u00far s\u00e9rstakri m\u00e1lmbl\u00f6ndu sem vi\u00f0 framlei\u00f0um sj\u00e1lf, me\u00f0 \u00e1kve\u00f0num formum og m\u00e1lum sem vi\u00f0 h\u00f6fum \u00fer\u00f3a\u00f0 \u00e1 grundvelli \u00e1ralangrar reynslu \u00ed rafeindaframlei\u00f0slu.<\/p><p>Einst\u00f6k framlei\u00f0sluskref, val \u00e1 m\u00e1lmbl\u00f6ndu, vinnsla, lokaeftirlit, eru skjalf\u00e6r\u00f0 og hluti af g\u00e6\u00f0aeftirliti okkar.<\/p><p>Vi\u00f0 gerum ekki hlutl\u00e6gar n\u00e1tt\u00faruv\u00edsindalegar fullyr\u00f0ingar um verkunarm\u00e1tt. \u00dea\u00f0 sem vi\u00f0 getum sagt fr\u00e1 eru upplifanir \u00far mi\u00f0lunarvinnu og fr\u00e1 notendum, safna\u00f0 saman undir <a href=\"https:\/\/iwell-guard.com\/is\/?page_id=168682\">Upplifanir<\/a>, sem vi\u00f0 merkjum sk\u00fdrt sem pers\u00f3nulega skynjun.<\/p>\t\t\t\t\t\t\t\t<\/div>\n\t\t\t\t\t<\/div>\n\t\t\t\t<\/div>\n\t\t\t\t\t<\/div>\n\t\t\t\t<\/div>\n\t\t<div class=\"elementor-element elementor-element-add-faq-s2 e-con-boxed e-flex e-con e-parent\" data-id=\"add-faq-s2\" data-element_type=\"container\" data-e-type=\"container\">\n\t\t\t\t\t<div class=\"e-con-inner\">\n\t\t\t\t<div class=\"elementor-element elementor-element-add-faq-h2 elementor-widget elementor-widget-heading\" data-id=\"add-faq-h2\" data-element_type=\"widget\" data-e-type=\"widget\" data-widget_type=\"heading.default\">\n\t\t\t\t\t<h2 class=\"elementor-heading-title elementor-size-default\">Hvernig get \u00e9g haft samband?<\/h2>\t\t\t\t<\/div>\n\t\t<div class=\"elementor-element elementor-element-add-faq-s2-bw e-flex e-con-boxed e-con e-parent\" data-id=\"add-faq-s2-bw\" data-element_type=\"container\" data-e-type=\"container\" data-settings=\"{&quot;background_background&quot;:&quot;classic&quot;}\">\n\t\t\t\t\t<div class=\"e-con-inner\">\n\t\t\t\t<div class=\"elementor-element elementor-element-add-faq-t2 elementor-widget elementor-widget-text-editor\" data-id=\"add-faq-t2\" data-element_type=\"widget\" data-e-type=\"widget\" data-widget_type=\"text-editor.default\">\n\t\t\t\t\t\t\t\t\t<p>Me\u00f0 t\u00f6lvup\u00f3sti \u00e1 <a href=\"mailto:info@ittermann.de\">info@ittermann.de<\/a> e\u00f0a \u00ed gegnum formi\u00f0 \u00e1 <a href=\"https:\/\/iwell-guard.com\/is\/?page_id=168731\">tengili\u00f0as\u00ed\u00f0unni<\/a>. S\u00edman\u00famer okkar er a\u00f0gengilegt \u00e1 \u00feeim afgrei\u00f0slut\u00edmum sem tilgreindir eru \u00ed <a href=\"https:\/\/iwell-guard.com\/is\/?page_id=168722\">uppl\u00fdsingum um \u00fatgefanda<\/a>. Vegna spurninga um pantanir, hafi\u00f0 beint samband vi\u00f0 verslunina \u00e1 <a href=\"https:\/\/ittermann.de\" rel=\"nofollow\">ittermann.de<\/a>.<\/p>\t\t\t\t\t\t\t\t<\/div>\n\t\t\t\t\t<\/div>\n\t\t\t\t<\/div>\n\t\t\t\t\t<\/div>\n\t\t\t\t<\/div>\n\t\t<div class=\"elementor-element elementor-element-add-faq-s3 e-con-boxed e-flex e-con e-parent\" data-id=\"add-faq-s3\" data-element_type=\"container\" data-e-type=\"container\">\n\t\t\t\t\t<div class=\"e-con-inner\">\n\t\t\t\t<div class=\"elementor-element elementor-element-add-faq-h3 elementor-widget elementor-widget-heading\" data-id=\"add-faq-h3\" data-element_type=\"widget\" data-e-type=\"widget\" data-widget_type=\"heading.default\">\n\t\t\t\t\t<h2 class=\"elementor-heading-title elementor-size-default\">Hversu \u00e1rei\u00f0anlegar eru heimildirnar?<\/h2>\t\t\t\t<\/div>\n\t\t<div class=\"elementor-element elementor-element-add-faq-s3-bw e-flex e-con-boxed e-con e-parent\" data-id=\"add-faq-s3-bw\" data-element_type=\"container\" data-e-type=\"container\" data-settings=\"{&quot;background_background&quot;:&quot;classic&quot;}\">\n\t\t\t\t\t<div class=\"e-con-inner\">\n\t\t\t\t<div class=\"elementor-element elementor-element-add-faq-t3 elementor-widget elementor-widget-text-editor\" data-id=\"add-faq-t3\" data-element_type=\"widget\" data-e-type=\"widget\" data-widget_type=\"text-editor.default\">\n\t\t\t\t\t\t\t\t\t<footer class=\"iwg-literatur\" data-nosnippet=\"true\"><p>Vi\u00f0 gerum sk\u00fdran greinarmun \u00e1 tr\u00faarfr\u00e6\u00f0ilega-s\u00f6gulegum heimildum, mi\u00f0ilsl\u00e6gum athugunum og ni\u00f0urst\u00f6\u00f0um \u00far vi\u00f0t\u00f6kus\u00f6gu. S\u00ed\u00f0an um <a href=\"https:\/\/iwell-guard.com\/is\/?page_id=168680\">A\u00f0fer\u00f0afr\u00e6\u00f0i<\/a> og s\u00ed\u00f0an um <a href=\"https:\/\/iwell-guard.com\/is\/?page_id=168725\">mi\u00f0ilsl\u00e6gar uppl\u00fdsingar<\/a> l\u00fdsa heimildarstigveldi okkar \u00ed sm\u00e1atri\u00f0um. \u00cd hverri fullyr\u00f0ingu \u00ed grein um verund \u00e1 a\u00f0 vera lj\u00f3st hvort h\u00fan byggist \u00e1 frumtexta, fr\u00e6\u00f0iritum e\u00f0a mi\u00f0ilsl\u00e6gri skynjun.<\/p><h3>\u00dearf \u00e9g a\u00f0 uppfylla einhver s\u00e9rst\u00f6k skilyr\u00f0i til a\u00f0 bera iWell Guard?<\/h3><p>Nei. Hengi\u00f0 er bori\u00f0 eins og venjulegt skartgripahengi. \u00dea\u00f0 eru engin v\u00edgsluskilyr\u00f0i, engin undirb\u00fanings-<span class=\"iwg-fachbegriff\" data-tooltip=\"Skipul\u00f6g\u00f0 r\u00f6\u00f0 t\u00e1kngj\u00f6rninga me\u00f0 tr\u00faarlega e\u00f0a menningarlega merkingu.\" tabindex=\"0\">ath\u00f6fn<\/span>, engin andleg forkr\u00f6fa. S\u00e1 sem vill vinna me\u00f0 \u00fea\u00f0 getur gert \u00fea\u00f0; s\u00e1 sem ber \u00fea\u00f0 sem skartgrip sl\u00edtur \u00fev\u00ed ekki. Reynslus\u00f6gurnar sem eru skjalfestar \u00e1 s\u00ed\u00f0unni v\u00edsa til einfaldrar notkunar \u00e1n frekari formlegrar athafnar.<\/p><h3>Geta b\u00f6rn einnig bori\u00f0 iWell Guard?<\/h3><p>Af \u00f6ryggis\u00e1st\u00e6\u00f0um r\u00e1\u00f0leggjum vi\u00f0 ekki iWell Guard fyrir b\u00f6rn undir \u00feriggja \u00e1ra, of l\u00edti\u00f0, of au\u00f0velt a\u00f0 kyngja. Fyrir eldri b\u00f6rn og ungmenni eru engar takmarkanir.<\/p><p>Foreldrar sem kaupa iWell Guard fyrir barn sitt \u00e6ttu a\u00f0 r\u00e6\u00f0a vi\u00f0 barni\u00f0 hva\u00f0 \u00fea\u00f0 \u00fe\u00fd\u00f0ir a\u00f0 bera sl\u00edkt hengi og leyfa barninu a\u00f0 velja hvort \u00fea\u00f0 vill \u00fea\u00f0.<\/p><h3>Hvernig hreinsa \u00e9g hengi\u00f0?<\/h3><p>Me\u00f0 volgu vatni og mj\u00fakum kl\u00fati. Engin sterk hreinsiefni, engin ultrahlj\u00f3\u00f0shreinsun. Vi\u00f0 meiri \u00f3hreinindi m\u00e1 nota milt upp\u00fevottal\u00f6g, skola vel og \u00feurrka me\u00f0 mj\u00fakum kl\u00fati. Orkul\u00e6gar \u201ehreinsunar&#8220;-a\u00f0fer\u00f0ir (saltvatnsba\u00f0, fullt tungl-hle\u00f0sla, reykhreinsun) eru ekki nau\u00f0synlegar; s\u00e1 sem stundar \u00fe\u00e6r af eigin hef\u00f0 m\u00e1 nota \u00fe\u00e6r, \u00fe\u00e6r ska\u00f0a ekki efni\u00f0.<\/p><h3>Get \u00e9g gefi\u00f0 iWell Guard a\u00f0 gj\u00f6f?<\/h3><p>J\u00e1. Hengi\u00f0 er ekki pers\u00f3nugert, ekki hla\u00f0i\u00f0 orku og ekki bundi\u00f0 \u00e1kve\u00f0num einstaklingi. \u00dea\u00f0 m\u00e1 gefa, framselja e\u00f0a arflei\u00f0a. Vi\u00f0 gj\u00f6f er fallegt a\u00f0 fylgja stutt l\u00fdsing \u00e1 bakgrunni \u00feess, gjarnan m\u00e1 v\u00edsa \u00e1 s\u00ed\u00f0una <a href=\"https:\/\/iwell-guard.com\/is\/?page_id=168681\">Um iWell Guard<\/a>, \u00fear er allt mikilv\u00e6gt um uppbyggingu og notkun.<\/p><h3>Hva\u00f0a st\u00e6r\u00f0ir eru til?<\/h3><p>Sem stendur bj\u00f3\u00f0um vi\u00f0 iWell Guard \u00ed einni sta\u00f0la\u00f0ri st\u00e6r\u00f0. Ef \u00f3ska\u00f0 er getum vi\u00f0 kanna\u00f0 hvort minni e\u00f0a st\u00e6rri \u00fatg\u00e1fa s\u00e9 m\u00f6guleg vegna s\u00e9rstakra \u00f3ska; \u00feetta er \u00fe\u00f3 ekki hluti af f\u00f6stu \u00farvali. Sendi\u00f0 okkur l\u00ednu \u00ed gegnum <a href=\"https:\/\/iwell-guard.com\/is\/?page_id=168731\">tengili\u00f0aformi\u00f0<\/a>.<\/p><h3>Hvernig er vefs\u00ed\u00f0an bygg\u00f0 upp?<\/h3><p>Vefs\u00ed\u00f0an skiptist \u00ed nokkur meginsv\u00e6\u00f0i: <a href=\"https:\/\/iwell-guard.com\/is\/?page_id=168727\">Verundir<\/a> sem stafr\u00f3fs- og flokksr\u00f6\u00f0u\u00f0 yfirs\u00fdn allra fjalla\u00f0ra vera; <a href=\"https:\/\/iwell-guard.com\/is\/?page_id=168728\">Menningarheimar<\/a> sem landfr\u00e6\u00f0ilega-s\u00f6guleg r\u00f6\u00f0un; <a href=\"https:\/\/iwell-guard.com\/is\/?page_id=168680\">A\u00f0fer\u00f0afr\u00e6\u00f0i<\/a> me\u00f0 s\u00ed\u00f0um um kosm\u00edska uppl\u00fdsingasvi\u00f0i\u00f0, mi\u00f0ilsl\u00e6gar uppl\u00fdsingar og pr\u00f3fun; <a href=\"https:\/\/iwell-guard.com\/is\/?page_id=168682\">Reynslus\u00f6gur<\/a>; <a href=\"https:\/\/iwell-guard.com\/is\/?page_id=168729\">Or\u00f0asafn<\/a> og <a href=\"https:\/\/iwell-guard.com\/is\/?page_id=168730\">Heimildir<\/a> sem uppflettit\u00f3l.<\/p><p>Einstakar greinar um verundir fylgja samr\u00e6mdri uppbyggingu: Sta\u00f0setning, nafn og tilbrig\u00f0i, l\u00fdsing, uppl\u00fdsingakort, framkv\u00e6md, hli\u00f0st\u00e6\u00f0ur, heimildir. \u00deessi uppbygging gerir samanbur\u00f0 milli vera \u00far mismunandi menningarheimum au\u00f0veldari.<\/p><h3>Eru verundirnar raunverulegar?<\/h3><p>Svari\u00f0 fer eftir \u00fev\u00ed hva\u00f0 \u00fe\u00fa \u00e1tt vi\u00f0 me\u00f0 \u201eraunverulegt&#8220;. S\u00f6gulega raunverulegir eru textarnir sem l\u00fdsa \u00feeim, Ovidius, Hesiodos, <span class=\"iwg-fachbegriff\" data-tooltip=\"Meginrit rabb\u00ednskrar j\u00fadatr\u00faar me\u00f0 \u00fatlistun \u00e1 tr\u00faarlegri hef\u00f0.\" tabindex=\"0\">Talm\u00fadinn<\/span>, akkad\u00edskar galdrat\u00f6flur, mi\u00f0aldahandrit.<\/p><p>Raunveruleg er einnig hin \u00f3slitna menningarlega \u00e1hrif margra \u00feessara vera fram til n\u00fat\u00edmans (Lilith \u00ed fem\u00edn\u00edskri <span class=\"iwg-fachbegriff\" data-tooltip=\"V\u00edsindaleg fr\u00e6\u00f0i um Gu\u00f0 og tr\u00fa \u00e1 tiltekinni tr\u00faarbr\u00f6g\u00f0um.\" tabindex=\"0\">gu\u00f0fr\u00e6\u00f0i<\/span>, Pazuzu \u00ed hryllingsb\u00f3kmenntum, Yokai \u00ed japanskri d\u00e6gurmenningu). Hvort \u00e1 bak vi\u00f0 l\u00fdsingarnar liggi verufr\u00e6\u00f0ilega sj\u00e1lfst\u00e6\u00f0ur raunveruleiki er umfj\u00f6llunarefni tr\u00faarfr\u00e6\u00f0ilegrar umr\u00e6\u00f0u sem vi\u00f0 h\u00f6ldum opinni \u00e1 s\u00ed\u00f0unni \u00e1n \u00feess a\u00f0 gera kr\u00f6fu um endanlegt svar.<\/p><h3>Hversu langt er verundasafni\u00f0 komi\u00f0?<\/h3><p>Vefs\u00ed\u00f0an telur n\u00fa um 300 \u00fatf\u00e6r\u00f0ar greinar \u00far 18 menningarheimum, fr\u00e1 egypskum og mes\u00f3p\u00f3tam\u00edskum yfir gr\u00edsk-r\u00f3mverska, gy\u00f0inglega, kristna, \u00edslamska, hind\u00fa\u00edska, b\u00fadd\u00edska, t\u00edbetska, austuras\u00edska, slavneska, germanska, keltneska, vodou-tengda til Kyrrahafssv\u00e6\u00f0a.<\/p><p>Safni\u00f0 er \u00ed st\u00f6\u00f0ugri uppbyggingu; ey\u00f0ur fyllum vi\u00f0 markvisst eftir \u00e1bendingum lesenda, st\u00f6\u00f0u fr\u00e6\u00f0ilegrar umr\u00e6\u00f0u og \u00fe\u00f6rf fyrir tilv\u00edsanir. Fullan lista allra fjalla\u00f0ra vera m\u00e1 finna \u00ed yfirlitinu <a href=\"https:\/\/iwell-guard.com\/is\/?page_id=168727\">Verundir<\/a>; s\u00e1 sem vill bera saman eftir menningarheimum finnur \u00fea\u00f0 \u00ed <a href=\"https:\/\/iwell-guard.com\/is\/?page_id=168728\">Menningarheimum<\/a>.<\/p><h3>Get \u00e9g nota\u00f0 efni \u00ed ritger\u00f0 e\u00f0a b\u00f3karverkefni?<\/h3><p>Fyrir einkalestur og \u00f3vi\u00f0skiptalegar tilvitnanir \u00ed fr\u00e6\u00f0ilegum verkefnum er \u00fea\u00f0 velkomi\u00f0, me\u00f0 r\u00e9ttri tilv\u00edsun (vefsl\u00f3\u00f0 og dagsetning sko\u00f0unar). Fyrir lengri afritun, \u00fe\u00fd\u00f0ingar e\u00f0a vi\u00f0skiptalega notkun, b\u00f3ka\u00fatg\u00e1fu, kvikmyndaverkefni, kennsluefni, bi\u00f0jum vi\u00f0 um stutta fyrirspurn \u00ed gegnum <a href=\"https:\/\/iwell-guard.com\/is\/?page_id=168731\">tengili\u00f0aformi\u00f0<\/a>; vi\u00f0 sk\u00fdrum leyfism\u00e1lin \u00fe\u00e1 s\u00e9rstaklega.<\/p><p>Efni undir opnu leyfi merkjum vi\u00f0 s\u00e9rstaklega; \u00e1n sk\u00fdrrar merkingar gildir einfaldur h\u00f6fundarr\u00e9ttur Ittermann electronic GmbH.<\/p><\/footer>\t\t\t\t\t\t\t\t<\/div>\n\t\t\t\t\t<\/div>\n\t\t\t\t<\/div>\n\t\t\t\t\t<\/div>\n\t\t\t\t<\/div>\n\t\t\t\t<section class=\"elementor-section elementor-top-section elementor-element elementor-element-faqschema1 elementor-section-boxed elementor-section-height-default elementor-section-height-default\" data-id=\"faqschema1\" data-element_type=\"section\" data-e-type=\"section\" id=\"faq-schema-jsonld\">\n\t\t\t\t\t\t<div class=\"elementor-container elementor-column-gap-default\">\n\t\t\t\t\t<div class=\"elementor-column elementor-col-100 elementor-top-column elementor-element elementor-element-col_faqs\" data-id=\"col_faqs\" data-element_type=\"column\" data-e-type=\"column\">\n\t\t\t<div class=\"elementor-widget-wrap elementor-element-populated\">\n\t\t\t\t\t\t<div class=\"elementor-element elementor-element-wid_faqs elementor-widget elementor-widget-html\" data-id=\"wid_faqs\" data-element_type=\"widget\" data-e-type=\"widget\" id=\"faq-schema\" data-widget_type=\"html.default\">\n\t\t\t\t\t<script type=\"application\/ld+json\">{\"@context\": \"https:\/\/schema.org\", \"@type\": \"FAQPage\", \"mainEntity\": [{\"@type\": \"Question\", \"name\": \"Hver stendur \u00e1 bak vi\u00f0 iWell Guard?\", \"acceptedAnswer\": {\"@type\": \"Answer\", \"text\": \"iWell Guard er verkefni \u00e1 vegum Ittermann electronic GmbH, me\u00f0 a\u00f0setur \u00ed 99842 Ruhla, Th\u00fcringen. Vi\u00f0 sameinum tv\u00f6 starfssvi\u00f0: annars vegar s\u00f6lu iWell-Guard-hengisins \u00ed gegnum verslunina \u00e1 ittermann.de, og hins vegar efnislegu vefs\u00ed\u00f0una sem \u00fe\u00fa er \u00e1 n\u00fana, umfangsmiki\u00f0 safn um verundir \u00far go\u00f0afr\u00e6\u00f0i, tr\u00faarbr\u00f6g\u00f0um og \u00fej\u00f3\u00f0tr\u00fa, me\u00f0 vi\u00f0b\u00f3tarefni um a\u00f0fer\u00f0afr\u00e6\u00f0i, mi\u00f0ilslega greiningu og f\u00ednger\u00f0a i\u00f0kun. \u00c1 bak vi\u00f0 verkefni\u00f0 standa Ralf Ittermann sem stofnandi og framkv\u00e6mdastj\u00f3ri fyrirt\u00e6kisins, auk h\u00f3ps mi\u00f0ilslega vinnandi i\u00f0kenda, tr\u00faarbrag\u00f0afr\u00e6\u00f0inga og ritstj\u00f3ra sem semja, yfirfara og b\u00e6ta einstakar greinar st\u00f6\u00f0ugt. \u00c1byrg\u00f0 \u00e1 ritstj\u00f3rnarefninu ber Ittermann electronic GmbH.\"}}, {\"@type\": \"Question\", \"name\": \"Hvernig er iWell Guard framleiddur?\", \"acceptedAnswer\": {\"@type\": \"Answer\", \"text\": \"N\u00e1kv\u00e6mar uppl\u00fdsingar um efnis- og v\u00f6ruval finni\u00f0 \u00fe\u00e9r \u00e1 v\u00f6rus\u00ed\u00f0unni Um iWell Guard . \u00cd stuttu m\u00e1li: Hengi\u00f0 er unni\u00f0 \u00far s\u00e9rstakri m\u00e1lmbl\u00f6ndu sem vi\u00f0 framlei\u00f0um sj\u00e1lf, me\u00f0 \u00e1kve\u00f0nu formi og m\u00e1lum sem vi\u00f0 h\u00f6fum \u00fer\u00f3a\u00f0 \u00e1 grundvelli \u00e1ralangrar reynslu \u00ed rafeindaframlei\u00f0slu. Einst\u00f6k skref, vali\u00f0 \u00e1 m\u00e1lmbl\u00f6ndu, vinnsla, lokaeftirlit, eru skjalfest og hluti af g\u00e6\u00f0aeftirliti okkar. Vi\u00f0 setjum ekki fram hlutl\u00e6gar n\u00e1tt\u00faruv\u00edsindalegar fullyr\u00f0ingar um virkni. \u00dea\u00f0 sem vi\u00f0 getum sagt fr\u00e1 eru reynslus\u00f6gur \u00far mi\u00f0ilsstarfi og fr\u00e1 notendum, sem eru skr\u00e1\u00f0ar undir Reynslus\u00f6gur og sem vi\u00f0 merkjum sk\u00fdrt sem pers\u00f3nulega upplifun.\"}}, {\"@type\": \"Question\", \"name\": \"Hvernig get \u00e9g haft samband?\", \"acceptedAnswer\": {\"@type\": \"Answer\", \"text\": \"Me\u00f0 t\u00f6lvup\u00f3sti \u00e1 info@ittermann.de e\u00f0a \u00ed gegnum ey\u00f0ubla\u00f0i\u00f0 \u00e1 Tengili\u00f0as\u00ed\u00f0unni . \u00cd s\u00edma n\u00e1um vi\u00f0 \u00ed okkur \u00e1 \u00feeim opnunart\u00edmum sem tilgreindir eru \u00ed \u00c1byrg\u00f0aryfirl\u00fdsingunni (Impressum). Vegna spurninga um pantanir, vinsamlegast hafi\u00f0 beint samband vi\u00f0 verslunina \u00e1 ittermann.de .\"}}, {\"@type\": \"Question\", \"name\": \"Hversu \u00e1rei\u00f0anlegar eru heimildirnar?\", \"acceptedAnswer\": {\"@type\": \"Answer\", \"text\": \"Vi\u00f0 greinum sk\u00fdrt milli tr\u00faarbrag\u00f0afr\u00e6\u00f0ilegra og s\u00f6guleg heimilda, athugana sem ger\u00f0ar eru me\u00f0 mi\u00f0ilsa\u00f0fer\u00f0um, og ni\u00f0ursta\u00f0na um m\u00f3tt\u00f6kus\u00f6gu. S\u00ed\u00f0an A\u00f0fer\u00f0afr\u00e6\u00f0i og s\u00ed\u00f0an um mi\u00f0ilsuppl\u00fdsingar l\u00fdsa heimildar\u00f6\u00f0un okkar \u00ed sm\u00e1atri\u00f0um. \u00cd hverri fullyr\u00f0ingu \u00ed umfj\u00f6llun um veru \u00e1 a\u00f0 vera lj\u00f3st hvort h\u00fan byggist \u00e1 frumtexta, aukaheimildum e\u00f0a mi\u00f0ilsskynjun.\"}}, {\"@type\": \"Question\", \"name\": \"\u00dearf \u00e9g a\u00f0 uppfylla einhver s\u00e9rst\u00f6k skilyr\u00f0i til a\u00f0 bera iWell Guard?\", \"acceptedAnswer\": {\"@type\": \"Answer\", \"text\": \"Nei. Hengi\u00f0 er bori\u00f0 eins og venjulegt skartgripahengi. Engin v\u00edgsluskilyr\u00f0i eru til sta\u00f0ar, ekkert undirb\u00faningsath\u00f6fn, engin andleg fyrirfram-h\u00e6fni. \u00deeir sem vilja vinna me\u00f0 \u00fea\u00f0 geta gert \u00fea\u00f0; \u00feeir sem bera \u00fea\u00f0 sem skartgrip nota \u00fea\u00f0 ekki upp. Reynslan af virkni sem skr\u00e1\u00f0 er \u00ed reynslus\u00f6gunum tengist einf\u00f6ldu \u00fev\u00ed a\u00f0 bera hengi\u00f0 \u00e1n frekari s\u00e9rt\u00e6krar i\u00f0kunar.\"}}, {\"@type\": \"Question\", \"name\": \"Geta b\u00f6rn einnig bori\u00f0 iWell Guard?\", \"acceptedAnswer\": {\"@type\": \"Answer\", \"text\": \"Af \u00f6ryggis\u00e1st\u00e6\u00f0um r\u00e1\u00f0leggjum vi\u00f0 ekki iWell Guard fyrir b\u00f6rn undir \u00feriggja \u00e1ra aldri, of l\u00edti\u00f0, of au\u00f0velt a\u00f0 kyngja. Fyrir eldri b\u00f6rn og unglinga eru engar takmarkanir. Foreldrar sem kaupa iWell Guard fyrir barn sitt \u00e6ttu a\u00f0 r\u00e6\u00f0a saman vi\u00f0 barni\u00f0 um hva\u00f0 \u00fea\u00f0 \u00fe\u00fd\u00f0ir a\u00f0 bera sl\u00edkt hengi, og l\u00e1ta barni\u00f0 sj\u00e1lft velja hvort \u00fea\u00f0 vill \u00fea\u00f0.\"}}, {\"@type\": \"Question\", \"name\": \"Hvernig \u00fer\u00edfi \u00e9g hengi\u00f0?\", \"acceptedAnswer\": {\"@type\": \"Answer\", \"text\": \"Me\u00f0 volgu vatni og mj\u00fakum kl\u00fat. Engin sterk hreinsiefni, engin ultrahlj\u00f3\u00f0shreinsun. Ef meiri \u00f3hreinindi eru til sta\u00f0ar, noti\u00f0 milt upp\u00fevottal\u00f6g, skoli\u00f0 vel og \u00feurrki\u00f0 me\u00f0 mj\u00fakum kl\u00fat. Orkulegar \\\"hreinsunar\\\"-a\u00f0fer\u00f0ir (saltvatnsba\u00f0, fyllingar undir fullu tungli, reykingar) eru ekki nau\u00f0synlegar; \u00feeir sem stunda \u00fe\u00e6r samkv\u00e6mt eigin hef\u00f0 geta nota\u00f0 \u00fe\u00e6r, \u00fe\u00e6r ska\u00f0a ekki efni\u00f0.\"}}, {\"@type\": \"Question\", \"name\": \"Get \u00e9g gefi\u00f0 iWell Guard a\u00f0 gj\u00f6f?\", \"acceptedAnswer\": {\"@type\": \"Answer\", \"text\": \"J\u00e1. Hengi\u00f0 er ekki pers\u00f3nugert, ekki \u201ehla\u00f0i\u00f0\u201c og ekki bundi\u00f0 tiltekinni manneskju. \u00dea\u00f0 m\u00e1 gefa, framselja e\u00f0a arflei\u00f0a. Ef \u00fea\u00f0 er gj\u00f6f er fallegt a\u00f0 fylgja stuttri l\u00fdsingu \u00e1 bakgrunninum, gjarnan m\u00e1 v\u00edsa \u00ed s\u00ed\u00f0una Um iWell Guard , \u00fear er allt mikilv\u00e6gt um uppbyggingu og notkun teki\u00f0 saman.\"}}, {\"@type\": \"Question\", \"name\": \"Hva\u00f0a st\u00e6r\u00f0ir eru til?\", \"acceptedAnswer\": {\"@type\": \"Answer\", \"text\": \"Sem stendur bj\u00f3\u00f0um vi\u00f0 iWell Guard \u00ed einni sta\u00f0la\u00f0ri st\u00e6r\u00f0. Ef bei\u00f0ni kemur um s\u00e9rstakar \u00f3skir getum vi\u00f0 athuga\u00f0 hvort minni e\u00f0a st\u00e6rri \u00fatg\u00e1fa s\u00e9 m\u00f6guleg; \u00fea\u00f0 er \u00fe\u00f3 ekki hluti af hef\u00f0bundnu frambo\u00f0i okkar. Sendi\u00f0 okkur gjarnan l\u00ednu \u00ed gegnum Tengili\u00f0aey\u00f0ubla\u00f0i\u00f0 .\"}}, {\"@type\": \"Question\", \"name\": \"Hvernig er vefs\u00ed\u00f0an uppbygg\u00f0?\", \"acceptedAnswer\": {\"@type\": \"Answer\", \"text\": \"Vefs\u00ed\u00f0an skiptist \u00ed nokkra megin hluta: Verur sem er stafr\u00f3fsr\u00f6\u00f0u\u00f0 og flokku\u00f0 yfirlit yfir allar \u00fe\u00e6r pers\u00f3nur sem fjalla\u00f0 er um; Menningarheimar sem er landfr\u00e6\u00f0ilega-s\u00f6guleg r\u00f6\u00f0un; A\u00f0fer\u00f0afr\u00e6\u00f0i me\u00f0 s\u00ed\u00f0um um hi\u00f0 kosm\u00edska uppl\u00fdsingasvi\u00f0, mi\u00f0la\u00f0ar uppl\u00fdsingar og pr\u00f3fun; Reynslus\u00f6gur ; Or\u00f0asafn og Heimildaskr\u00e1 sem uppflettit\u00f3l. Hver umfj\u00f6llun um veru fylgir s\u00f6mu uppbyggingu: sta\u00f0setning, nafn og tilbrig\u00f0i, l\u00fdsing, uppl\u00fdsingaskr\u00e1, i\u00f0kun, hli\u00f0st\u00e6\u00f0ur, heimildir. \u00deessi uppbygging gerir samanbur\u00f0 milli vera \u00far mismunandi menningarheimum au\u00f0veldari.\"}}, {\"@type\": \"Question\", \"name\": \"Eru verurnar raunverulegar?\", \"acceptedAnswer\": {\"@type\": \"Answer\", \"text\": \"Svari\u00f0 fer eftir \u00fev\u00ed hva\u00f0 \u00fe\u00fa \u00e1tt vi\u00f0 me\u00f0 \\\"raunverulegt\\\". S\u00f6gulega raunverulegir eru textarnir \u00fear sem \u00feeim er l\u00fdst, Ovid, Hes\u00ed\u00f3dos, Talm\u00fad, akkad\u00edskar galdra\u00e1letranir, mi\u00f0aldahandrit. Raunveruleg er l\u00edka hin \u00f3slitna menningarlega \u00e1hrif margra \u00feessara vera fram \u00e1 okkar daga (Lilith \u00ed fem\u00edn\u00edskri gu\u00f0fr\u00e6\u00f0i, Pazuzu \u00ed hryllingsb\u00f3kmenntum, Yokai \u00ed japanskri poppmenningu). Hvort \u00e1 bak vi\u00f0 l\u00fdsingarnar liggi sj\u00e1lfst\u00e6\u00f0ur tilverufr\u00e6\u00f0ilegur raunveruleiki er umr\u00e6\u00f0uefni innan tr\u00faarbrag\u00f0aspeki sem vi\u00f0 h\u00f6ldum opi\u00f0 \u00e1 vefs\u00ed\u00f0unni, \u00e1n \u00feess a\u00f0 gera kr\u00f6fu um lokasvar.\"}}, {\"@type\": \"Question\", \"name\": \"Hversu langt er komi\u00f0 a\u00f0 byggja upp verusafni\u00f0?\", \"acceptedAnswer\": {\"@type\": \"Answer\", \"text\": \"Vefs\u00ed\u00f0an hefur n\u00fa um 300 fullb\u00fana greinar fr\u00e1 18 menningarheimum, fr\u00e1 egypt\u00edskum og mes\u00f3p\u00f3tam\u00edskum, gr\u00edsk-r\u00f3mverskum, j\u00f3\u00f0um, kristnum, \u00edsl\u00f6mskum, hind\u00fa\u00edskum, b\u00faddiskum, t\u00edbetskum, austuras\u00edskum, slavneskum, germ\u00f6nskum, keltneskum, v\u00fad\u00fa-tengdum til Kyrrahafssv\u00e6\u00f0a. Safni\u00f0 er \u00ed st\u00f6\u00f0ugri \u00fer\u00f3un; vi\u00f0 fyllum \u00ed ey\u00f0ur markvisst eftir \u00e1bendingum lesenda, st\u00f6\u00f0u v\u00edsindalegrar umr\u00e6\u00f0u og \u00fe\u00f6rf fyrir krosstilv\u00edsanir. Fullan lista yfir allar verur sem fjalla\u00f0 er um m\u00e1 finna \u00ed yfirlitinu Verur ; \u00feeir sem vilja bera saman eftir menningarheimum finna \u00fea\u00f0 \u00ed Menningarheimar .\"}}, {\"@type\": \"Question\", \"name\": \"Get \u00e9g nota\u00f0 efni fyrir ritger\u00f0 e\u00f0a b\u00f3kaverkefni?\", \"acceptedAnswer\": {\"@type\": \"Answer\", \"text\": \"Fyrir einkalestur og ekki-vi\u00f0skiptalegar tilvitnanir \u00ed fr\u00e6\u00f0ilegum verkefnum, j\u00e1 gjarnan, me\u00f0 r\u00e9ttri heimildatilv\u00edsun (vefsl\u00f3\u00f0 og dagsetning sko\u00f0unar). Fyrir lengri afritun, \u00fe\u00fd\u00f0ingar e\u00f0a vi\u00f0skiptalega notkun, b\u00f3ka\u00fatg\u00e1fu, kvikmyndaverkefni, kennsluefni, bi\u00f0jum vi\u00f0 um stutta fyrirspurn \u00ed gegnum Tengili\u00f0aey\u00f0ubla\u00f0i\u00f0 ; vi\u00f0 semjum \u00fe\u00e1 um leyfi hvert tilvik. Efni undir opnu leyfi merkjum vi\u00f0 s\u00e9rstaklega; \u00e1n sk\u00fdrrar merkingar gildir venjulegur h\u00f6fundarr\u00e9ttur Ittermann electronic GmbH.\"}}]}<\/script>\t\t\t\t<\/div>\n\t\t\t\t\t<\/div>\n\t\t<\/div>\n\t\t\t\t\t<\/div>\n\t\t<\/section>\n\t\t\t\t<\/div>\n\t\t<!--\/email_off-->","protected":false},"excerpt":{"rendered":"","protected":false},"author":3,"featured_media":3413,"parent":0,"menu_order":0,"comment_status":"closed","ping_status":"closed","template":"elementor_header_footer","meta":{"_yoast_wpseo_focuskw":"FAQ iWell Guard","_yoast_wpseo_title":"FAQ \u2013 Algengar spurningar um iWell Guard og a\u00f0fer\u00f0afr\u00e6\u00f0i","_yoast_wpseo_metadesc":"Sv\u00f6r vi\u00f0 algengum spurningum um iWell Guard: bakgrunn, verndara\u00f0fer\u00f0ir, a\u00f0fer\u00f0afr\u00e6\u00f0i, pantanir. Skipulagt eftir efnisflokkum me\u00f0 frekari tenglum.","_yoast_wpseo_meta-robots-noindex":"","_yoast_wpseo_canonical":"","_angie_page":false,"gefaehrdungsstufe":"","wesen_kultur":"","wesen_klasse":"","footnotes":""},"categories":[],"class_list":["post-168732","page","type-page","status-publish","has-post-thumbnail","hentry"],"yoast_head":"<!-- This site is optimized with the Yoast SEO Premium plugin v27.7 (Yoast SEO v28.3) - https:\/\/yoast.com\/product\/yoast-seo-premium-wordpress\/ -->\n<title>FAQ \u2013 Algengar spurningar um iWell Guard og a\u00f0fer\u00f0afr\u00e6\u00f0i<\/title>\n<meta name=\"description\" content=\"Sv\u00f6r vi\u00f0 algengum spurningum um iWell Guard: bakgrunn, verndara\u00f0fer\u00f0ir, a\u00f0fer\u00f0afr\u00e6\u00f0i, pantanir. Skipulagt eftir efnisflokkum me\u00f0 frekari tenglum.\" \/>\n<meta name=\"robots\" content=\"index, follow, max-snippet:-1, max-image-preview:large, max-video-preview:-1\" \/>\n<link rel=\"canonical\" href=\"https:\/\/iwell-guard.com\/is\/faq\/\" \/>\n<meta property=\"og:locale\" content=\"is_IS\" \/>\n<meta property=\"og:type\" content=\"article\" \/>\n<meta property=\"og:title\" content=\"Algengar spurningar\" \/>\n<meta property=\"og:description\" content=\"Sv\u00f6r vi\u00f0 algengum spurningum um iWell Guard: bakgrunn, verndara\u00f0fer\u00f0ir, a\u00f0fer\u00f0afr\u00e6\u00f0i, pantanir. Skipulagt eftir efnisflokkum me\u00f0 frekari tenglum.\" \/>\n<meta property=\"og:url\" content=\"https:\/\/iwell-guard.com\/is\/faq\/\" \/>\n<meta property=\"og:site_name\" content=\"iWell Guard\" \/>\n<meta property=\"article:modified_time\" content=\"2026-09-05T14:17:59+00:00\" \/>\n<meta property=\"og:image\" content=\"https:\/\/iwell-guard.com\/wp-content\/uploads\/2026\/05\/service_faq.webp\" \/>\n\t<meta property=\"og:image:width\" content=\"1024\" \/>\n\t<meta property=\"og:image:height\" content=\"1536\" \/>\n\t<meta property=\"og:image:type\" content=\"image\/webp\" \/>\n<meta name=\"twitter:card\" content=\"summary_large_image\" \/>\n<script type=\"application\/ld+json\" class=\"yoast-schema-graph\">{\"@context\":\"https:\\\/\\\/schema.org\",\"@graph\":[{\"@type\":\"WebPage\",\"@id\":\"https:\\\/\\\/iwell-guard.com\\\/is\\\/faq\\\/\",\"url\":\"https:\\\/\\\/iwell-guard.com\\\/is\\\/faq\\\/\",\"name\":\"FAQ \u2013 Algengar spurningar um iWell Guard og a\u00f0fer\u00f0afr\u00e6\u00f0i\",\"isPartOf\":{\"@id\":\"https:\\\/\\\/iwell-guard.com\\\/is\\\/#website\"},\"primaryImageOfPage\":{\"@id\":\"https:\\\/\\\/iwell-guard.com\\\/is\\\/faq\\\/#primaryimage\"},\"image\":{\"@id\":\"https:\\\/\\\/iwell-guard.com\\\/is\\\/faq\\\/#primaryimage\"},\"thumbnailUrl\":\"https:\\\/\\\/iwell-guard.com\\\/wp-content\\\/uploads\\\/2026\\\/05\\\/service_faq.webp\",\"datePublished\":\"2026-09-05T14:02:32+00:00\",\"dateModified\":\"2026-09-05T14:17:59+00:00\",\"description\":\"Sv\u00f6r vi\u00f0 algengum spurningum um iWell Guard: bakgrunn, verndara\u00f0fer\u00f0ir, a\u00f0fer\u00f0afr\u00e6\u00f0i, pantanir. Skipulagt eftir efnisflokkum me\u00f0 frekari tenglum.\",\"breadcrumb\":{\"@id\":\"https:\\\/\\\/iwell-guard.com\\\/is\\\/faq\\\/#breadcrumb\"},\"inLanguage\":\"is\",\"potentialAction\":[{\"@type\":\"ReadAction\",\"target\":[\"https:\\\/\\\/iwell-guard.com\\\/is\\\/faq\\\/\"]}]},{\"@type\":\"ImageObject\",\"inLanguage\":\"is\",\"@id\":\"https:\\\/\\\/iwell-guard.com\\\/is\\\/faq\\\/#primaryimage\",\"url\":\"https:\\\/\\\/iwell-guard.com\\\/wp-content\\\/uploads\\\/2026\\\/05\\\/service_faq.webp\",\"contentUrl\":\"https:\\\/\\\/iwell-guard.com\\\/wp-content\\\/uploads\\\/2026\\\/05\\\/service_faq.webp\",\"width\":1024,\"height\":1536,\"caption\":\"Myndskreytt framsetning.\"},{\"@type\":\"BreadcrumbList\",\"@id\":\"https:\\\/\\\/iwell-guard.com\\\/is\\\/faq\\\/#breadcrumb\",\"itemListElement\":[{\"@type\":\"ListItem\",\"position\":1,\"name\":\"Start\",\"item\":\"https:\\\/\\\/iwell-guard.com\\\/is\\\/?page_id=168580\"},{\"@type\":\"ListItem\",\"position\":2,\"name\":\"Algengar spurningar\"}]},{\"@type\":\"WebSite\",\"@id\":\"https:\\\/\\\/iwell-guard.com\\\/is\\\/#website\",\"url\":\"https:\\\/\\\/iwell-guard.com\\\/is\\\/\",\"name\":\"iWell Guard\",\"description\":\"Schutz vor dunklen Einfl\u00fcssen\",\"publisher\":{\"@id\":\"https:\\\/\\\/iwell-guard.com\\\/is\\\/#organization\"},\"potentialAction\":[{\"@type\":\"SearchAction\",\"target\":{\"@type\":\"EntryPoint\",\"urlTemplate\":\"https:\\\/\\\/iwell-guard.com\\\/is\\\/?s={search_term_string}\"},\"query-input\":{\"@type\":\"PropertyValueSpecification\",\"valueRequired\":true,\"valueName\":\"search_term_string\"}}],\"inLanguage\":\"is\"},{\"@type\":\"Organization\",\"@id\":\"https:\\\/\\\/iwell-guard.com\\\/is\\\/#organization\",\"name\":\"Ittermann electronic GmbH\",\"url\":\"https:\\\/\\\/iwell-guard.com\\\/is\\\/\",\"logo\":{\"@type\":\"ImageObject\",\"inLanguage\":\"is\",\"@id\":\"https:\\\/\\\/iwell-guard.com\\\/is\\\/#\\\/schema\\\/logo\\\/image\\\/\",\"url\":\"https:\\\/\\\/iwell-guard.com\\\/wp-content\\\/uploads\\\/2026\\\/05\\\/Ittermann-Logo-1182x237-1.png\",\"contentUrl\":\"https:\\\/\\\/iwell-guard.com\\\/wp-content\\\/uploads\\\/2026\\\/05\\\/Ittermann-Logo-1182x237-1.png\",\"width\":1182,\"height\":237,\"caption\":\"Ittermann electronic GmbH\"},\"image\":{\"@id\":\"https:\\\/\\\/iwell-guard.com\\\/is\\\/#\\\/schema\\\/logo\\\/image\\\/\"},\"sameAs\":[\"https:\\\/\\\/pantip.com\\\/profile\\\/9367242\",\"https:\\\/\\\/micro.blog\\\/iwellguard\",\"https:\\\/\\\/www.diggerslist.com\\\/iwellguard\\\/about\",\"https:\\\/\\\/skitterphoto.com\\\/photographers\\\/2870314\\\/iwell-guard\",\"https:\\\/\\\/iwellguard.wordpress.com\\\/2026\\\/06\\\/06\\\/iwell-guard\\\/\",\"https:\\\/\\\/hub.docker.com\\\/u\\\/iwellguard\",\"https:\\\/\\\/www.pinterest.com\\\/iwellguard\\\/\",\"https:\\\/\\\/bit.ly\\\/m\\\/iwellguard\",\"https:\\\/\\\/entre-vos-mains.alsace.eu\\\/profiles\\\/iwellguard\\\/activity\",\"https:\\\/\\\/gravatar.com\\\/reallybeded8fd34\",\"https:\\\/\\\/naijamatta.com\\\/iwellguard\",\"https:\\\/\\\/www.goodreads.com\\\/iwellguard\",\"https:\\\/\\\/profile.hatena.ne.jp\\\/iwellguard\\\/\",\"https:\\\/\\\/experiment.com\\\/users\\\/iwellguard\",\"https:\\\/\\\/wakelet.com\\\/@iWellGuard82270\",\"https:\\\/\\\/www.chordie.com\\\/forum\\\/profile.php?id=2555664\",\"https:\\\/\\\/www.instapaper.com\\\/p\\\/17757966\",\"https:\\\/\\\/www.mapleprimes.com\\\/users\\\/iwellguard\",\"https:\\\/\\\/businesslistingplus.com\\\/profile\\\/iwell-guard\\\/\",\"https:\\\/\\\/telegra.ph\\\/iWell-Guard-06-06\",\"https:\\\/\\\/pbase.com\\\/iwellguard\\\/iwellguard\",\"https:\\\/\\\/b.hatena.ne.jp\\\/iwellguard\\\/20260607#bookmark-4788405196491818882\",\"https:\\\/\\\/fliphtml5.com\\\/home\\\/iwellguard\",\"https:\\\/\\\/anyflip.com\\\/homepage\\\/cmiwl#About\",\"https:\\\/\\\/transfur.com\\\/Users\\\/iwellguard\",\"http:\\\/\\\/delphi.larsbo.org\\\/user\\\/iwellguard\",\"https:\\\/\\\/jobs.lajobsportal.org\\\/profiles\\\/8380803-iwell-guard\",\"https:\\\/\\\/md.chaosdorf.de\\\/s\\\/jfbe5SBdJD\",\"https:\\\/\\\/www.lingvolive.com\\\/en-us\\\/profile\\\/9ecaeaca-ce11-4e51-9e71-01d55e2bff36\\\/translations\",\"https:\\\/\\\/www.fitday.com\\\/fitness\\\/forums\\\/members\\\/iwellguard.html\",\"https:\\\/\\\/www.mymeetbook.com\\\/iwellguard\",\"https:\\\/\\\/pxhere.com\\\/en\\\/photographer-me\\\/5040798\",\"https:\\\/\\\/disqus.com\\\/by\\\/iwellguard\\\/about\\\/\",\"https:\\\/\\\/pastelink.net\\\/hjwciqwq\",\"https:\\\/\\\/pubhtml5.com\\\/homepage\\\/scjhn\\\/\",\"https:\\\/\\\/www.bitchute.com\\\/channel\\\/2O2eOKzNqujT\",\"https:\\\/\\\/audiomack.com\\\/iwellguard\"]}]}<\/script>\n<!-- \/ Yoast SEO Premium plugin. -->","yoast_head_json":{"title":"FAQ \u2013 Algengar spurningar um iWell Guard og a\u00f0fer\u00f0afr\u00e6\u00f0i","description":"Sv\u00f6r vi\u00f0 algengum spurningum um iWell Guard: bakgrunn, verndara\u00f0fer\u00f0ir, a\u00f0fer\u00f0afr\u00e6\u00f0i, pantanir. Skipulagt eftir efnisflokkum me\u00f0 frekari tenglum.","robots":{"index":"index","follow":"follow","max-snippet":"max-snippet:-1","max-image-preview":"max-image-preview:large","max-video-preview":"max-video-preview:-1"},"canonical":"https:\/\/iwell-guard.com\/is\/faq\/","og_locale":"is_IS","og_type":"article","og_title":"Algengar spurningar","og_description":"Sv\u00f6r vi\u00f0 algengum spurningum um iWell Guard: bakgrunn, verndara\u00f0fer\u00f0ir, a\u00f0fer\u00f0afr\u00e6\u00f0i, pantanir. Skipulagt eftir efnisflokkum me\u00f0 frekari tenglum.","og_url":"https:\/\/iwell-guard.com\/is\/faq\/","og_site_name":"iWell Guard","article_modified_time":"2026-09-05T14:17:59+00:00","og_image":[{"width":1024,"height":1536,"url":"https:\/\/iwell-guard.com\/wp-content\/uploads\/2026\/05\/service_faq.webp","type":"image\/webp"}],"twitter_card":"summary_large_image","schema":{"@context":"https:\/\/schema.org","@graph":[{"@type":"WebPage","@id":"https:\/\/iwell-guard.com\/is\/faq\/","url":"https:\/\/iwell-guard.com\/is\/faq\/","name":"FAQ \u2013 Algengar spurningar um iWell Guard og a\u00f0fer\u00f0afr\u00e6\u00f0i","isPartOf":{"@id":"https:\/\/iwell-guard.com\/is\/#website"},"primaryImageOfPage":{"@id":"https:\/\/iwell-guard.com\/is\/faq\/#primaryimage"},"image":{"@id":"https:\/\/iwell-guard.com\/is\/faq\/#primaryimage"},"thumbnailUrl":"https:\/\/iwell-guard.com\/wp-content\/uploads\/2026\/05\/service_faq.webp","datePublished":"2026-09-05T14:02:32+00:00","dateModified":"2026-09-05T14:17:59+00:00","description":"Sv\u00f6r vi\u00f0 algengum spurningum um iWell Guard: bakgrunn, verndara\u00f0fer\u00f0ir, a\u00f0fer\u00f0afr\u00e6\u00f0i, pantanir. Skipulagt eftir efnisflokkum me\u00f0 frekari tenglum.","breadcrumb":{"@id":"https:\/\/iwell-guard.com\/is\/faq\/#breadcrumb"},"inLanguage":"is","potentialAction":[{"@type":"ReadAction","target":["https:\/\/iwell-guard.com\/is\/faq\/"]}]},{"@type":"ImageObject","inLanguage":"is","@id":"https:\/\/iwell-guard.com\/is\/faq\/#primaryimage","url":"https:\/\/iwell-guard.com\/wp-content\/uploads\/2026\/05\/service_faq.webp","contentUrl":"https:\/\/iwell-guard.com\/wp-content\/uploads\/2026\/05\/service_faq.webp","width":1024,"height":1536,"caption":"Myndskreytt framsetning."},{"@type":"BreadcrumbList","@id":"https:\/\/iwell-guard.com\/is\/faq\/#breadcrumb","itemListElement":[{"@type":"ListItem","position":1,"name":"Start","item":"https:\/\/iwell-guard.com\/is\/?page_id=168580"},{"@type":"ListItem","position":2,"name":"Algengar spurningar"}]},{"@type":"WebSite","@id":"https:\/\/iwell-guard.com\/is\/#website","url":"https:\/\/iwell-guard.com\/is\/","name":"iWell Guard","description":"Schutz vor dunklen Einfl\u00fcssen","publisher":{"@id":"https:\/\/iwell-guard.com\/is\/#organization"},"potentialAction":[{"@type":"SearchAction","target":{"@type":"EntryPoint","urlTemplate":"https:\/\/iwell-guard.com\/is\/?s={search_term_string}"},"query-input":{"@type":"PropertyValueSpecification","valueRequired":true,"valueName":"search_term_string"}}],"inLanguage":"is"},{"@type":"Organization","@id":"https:\/\/iwell-guard.com\/is\/#organization","name":"Ittermann electronic GmbH","url":"https:\/\/iwell-guard.com\/is\/","logo":{"@type":"ImageObject","inLanguage":"is","@id":"https:\/\/iwell-guard.com\/is\/#\/schema\/logo\/image\/","url":"https:\/\/iwell-guard.com\/wp-content\/uploads\/2026\/05\/Ittermann-Logo-1182x237-1.png","contentUrl":"https:\/\/iwell-guard.com\/wp-content\/uploads\/2026\/05\/Ittermann-Logo-1182x237-1.png","width":1182,"height":237,"caption":"Ittermann electronic GmbH"},"image":{"@id":"https:\/\/iwell-guard.com\/is\/#\/schema\/logo\/image\/"},"sameAs":["https:\/\/pantip.com\/profile\/9367242","https:\/\/micro.blog\/iwellguard","https:\/\/www.diggerslist.com\/iwellguard\/about","https:\/\/skitterphoto.com\/photographers\/2870314\/iwell-guard","https:\/\/iwellguard.wordpress.com\/2026\/06\/06\/iwell-guard\/","https:\/\/hub.docker.com\/u\/iwellguard","https:\/\/www.pinterest.com\/iwellguard\/","https:\/\/bit.ly\/m\/iwellguard","https:\/\/entre-vos-mains.alsace.eu\/profiles\/iwellguard\/activity","https:\/\/gravatar.com\/reallybeded8fd34","https:\/\/naijamatta.com\/iwellguard","https:\/\/www.goodreads.com\/iwellguard","https:\/\/profile.hatena.ne.jp\/iwellguard\/","https:\/\/experiment.com\/users\/iwellguard","https:\/\/wakelet.com\/@iWellGuard82270","https:\/\/www.chordie.com\/forum\/profile.php?id=2555664","https:\/\/www.instapaper.com\/p\/17757966","https:\/\/www.mapleprimes.com\/users\/iwellguard","https:\/\/businesslistingplus.com\/profile\/iwell-guard\/","https:\/\/telegra.ph\/iWell-Guard-06-06","https:\/\/pbase.com\/iwellguard\/iwellguard","https:\/\/b.hatena.ne.jp\/iwellguard\/20260607#bookmark-4788405196491818882","https:\/\/fliphtml5.com\/home\/iwellguard","https:\/\/anyflip.com\/homepage\/cmiwl#About","https:\/\/transfur.com\/Users\/iwellguard","http:\/\/delphi.larsbo.org\/user\/iwellguard","https:\/\/jobs.lajobsportal.org\/profiles\/8380803-iwell-guard","https:\/\/md.chaosdorf.de\/s\/jfbe5SBdJD","https:\/\/www.lingvolive.com\/en-us\/profile\/9ecaeaca-ce11-4e51-9e71-01d55e2bff36\/translations","https:\/\/www.fitday.com\/fitness\/forums\/members\/iwellguard.html","https:\/\/www.mymeetbook.com\/iwellguard","https:\/\/pxhere.com\/en\/photographer-me\/5040798","https:\/\/disqus.com\/by\/iwellguard\/about\/","https:\/\/pastelink.net\/hjwciqwq","https:\/\/pubhtml5.com\/homepage\/scjhn\/","https:\/\/www.bitchute.com\/channel\/2O2eOKzNqujT","https:\/\/audiomack.com\/iwellguard"]}]}},"_links":{"self":[{"href":"https:\/\/iwell-guard.com\/is\/wp-json\/wp\/v2\/pages\/168732","targetHints":{"allow":["GET"]}}],"collection":[{"href":"https:\/\/iwell-guard.com\/is\/wp-json\/wp\/v2\/pages"}],"about":[{"href":"https:\/\/iwell-guard.com\/is\/wp-json\/wp\/v2\/types\/page"}],"author":[{"embeddable":true,"href":"https:\/\/iwell-guard.com\/is\/wp-json\/wp\/v2\/users\/3"}],"replies":[{"embeddable":true,"href":"https:\/\/iwell-guard.com\/is\/wp-json\/wp\/v2\/comments?post=168732"}],"version-history":[{"count":0,"href":"https:\/\/iwell-guard.com\/is\/wp-json\/wp\/v2\/pages\/168732\/revisions"}],"wp:featuredmedia":[{"embeddable":true,"href":"https:\/\/iwell-guard.com\/is\/wp-json\/wp\/v2\/media\/3413"}],"wp:attachment":[{"href":"https:\/\/iwell-guard.com\/is\/wp-json\/wp\/v2\/media?parent=168732"}],"wp:term":[{"taxonomy":"category","embeddable":true,"href":"https:\/\/iwell-guard.com\/is\/wp-json\/wp\/v2\/categories?post=168732"}],"curies":[{"name":"wp","href":"https:\/\/api.w.org\/{rel}","templated":true}]}}