{"id":168731,"date":"2026-09-05T14:02:32","date_gmt":"2026-09-05T14:02:32","guid":{"rendered":"https:\/\/iwell-guard.com\/?page_id=168731"},"modified":"2026-09-05T14:17:59","modified_gmt":"2026-09-05T14:17:59","slug":"samband","status":"publish","type":"page","link":"https:\/\/iwell-guard.com\/is\/samband\/","title":{"rendered":"Hafa samband"},"content":{"rendered":"<!--email_off-->\t\t<div data-elementor-type=\"wp-page\" data-elementor-id=\"168731\" class=\"elementor elementor-168731 elementor-1926 elementor-bc-flex-widget\" data-elementor-post-type=\"page\">\n\t\t\t\t<div class=\"elementor-element elementor-element-hero438657d e-flex e-con-boxed e-con e-parent\" data-id=\"hero438657d\" data-element_type=\"container\" data-e-type=\"container\">\n\t\t\t\t\t<div class=\"e-con-inner\">\n\t\t\t\t<div class=\"elementor-element elementor-element-heroimgf284674 iwg-hero-image elementor-widget elementor-widget-image\" data-id=\"heroimgf284674\" data-element_type=\"widget\" data-e-type=\"widget\" data-widget_type=\"image.default\">\n\t\t\t\t\t\t\t\t\t\t\t\t\t\t\t<img fetchpriority=\"high\" decoding=\"async\" width=\"683\" height=\"1024\" src=\"https:\/\/iwell-guard.com\/wp-content\/uploads\/2026\/05\/service_kontakt-683x1024.webp\" class=\"attachment-large size-large wp-image-170624\" alt=\"Samband - myndskreytt framsetning\" srcset=\"https:\/\/iwell-guard.com\/wp-content\/uploads\/2026\/05\/service_kontakt-683x1024.webp 683w, https:\/\/iwell-guard.com\/wp-content\/uploads\/2026\/05\/service_kontakt-200x300.webp 200w, https:\/\/iwell-guard.com\/wp-content\/uploads\/2026\/05\/service_kontakt-768x1152.webp 768w, https:\/\/iwell-guard.com\/wp-content\/uploads\/2026\/05\/service_kontakt.webp 1024w\" sizes=\"(max-width: 683px) 100vw, 683px\" \/>\t\t\t\t\t\t\t\t\t\t\t\t\t\t\t<\/div>\n\t\t\t\t\t<\/div>\n\t\t\t\t<\/div>\n\t\t<div class=\"elementor-element elementor-element-x-h1-1926 e-con-boxed e-flex e-con e-parent\" data-id=\"x-h1-1926\" data-element_type=\"container\" data-e-type=\"container\">\n\t\t\t\t\t<div class=\"e-con-inner\">\n\t\t\t\t<div class=\"elementor-element elementor-element-x-h1w-1926 elementor-widget elementor-widget-heading\" data-id=\"x-h1w-1926\" data-element_type=\"widget\" data-e-type=\"widget\" data-widget_type=\"heading.default\">\n\t\t\t\t\t<h1 class=\"elementor-heading-title elementor-size-default\">Samband, iWell Guard og Ittermann electronic<\/h1>\t\t\t\t<\/div>\n\t\t\t\t\t<\/div>\n\t\t\t\t<\/div>\n\t\t\t\t<section class=\"elementor-section elementor-top-section elementor-element elementor-element-sec-iwgcomp2-kontakt elementor-section-boxed elementor-section-height-default elementor-section-height-default\" data-id=\"sec-iwgcomp2-kontakt\" data-element_type=\"section\" data-e-type=\"section\">\n\t\t\t\t\t\t<div class=\"elementor-container elementor-column-gap-default\">\n\t\t\t\t\t<div class=\"elementor-column elementor-col-100 elementor-top-column elementor-element elementor-element-col-iwgcomp2-kontakt\" data-id=\"col-iwgcomp2-kontakt\" data-element_type=\"column\" data-e-type=\"column\">\n\t\t\t<div class=\"elementor-widget-wrap elementor-element-populated\">\n\t\t\t\t\t\t<div class=\"elementor-element elementor-element-iwgcomp2-kontakt elementor-widget elementor-widget-text-editor\" data-id=\"iwgcomp2-kontakt\" data-element_type=\"widget\" data-e-type=\"widget\" data-widget_type=\"text-editor.default\">\n\t\t\t\t\t\t\t\t\t<p>\u00deessi s\u00ed\u00f0a er beinn <strong>samskiptalei\u00f0<\/strong> vi\u00f0 teymi uppflettiritsins. Me\u00f0 \u00feessu formi berast fyrirspurnir um verndargripinn beint til teymis iWell Guard.<\/p>\t\t\t\t\t\t\t\t<\/div>\n\t\t\t\t\t<\/div>\n\t\t<\/div>\n\t\t\t\t\t<\/div>\n\t\t<\/section>\n\t\t<div class=\"elementor-element elementor-element-restoreh-kontakt e-con-boxed e-flex e-con e-parent\" data-id=\"restoreh-kontakt\" data-element_type=\"container\" data-e-type=\"container\">\n\t\t\t\t\t<div class=\"e-con-inner\">\n\t\t\t\t<div class=\"elementor-element elementor-element-restorei-kontakt elementor-widget elementor-widget-image\" data-id=\"restorei-kontakt\" data-element_type=\"widget\" data-e-type=\"widget\" data-widget_type=\"image.default\">\n\t\t\t\t\t\t\t\t\t\t\t\t\t\t\t<img decoding=\"async\" width=\"800\" height=\"441\" src=\"https:\/\/iwell-guard.com\/wp-content\/uploads\/2026\/05\/Lichtwesen-1200x661-Hintergrund-sym-1024x564.webp\" class=\"attachment-large size-large wp-image-170909\" alt=\"Bakgrunnsfl\u00eds fyrir lj\u00f3svera-s\u00ed\u00f0ur, 1200x661 sem fl\u00eds\" srcset=\"https:\/\/iwell-guard.com\/wp-content\/uploads\/2026\/05\/Lichtwesen-1200x661-Hintergrund-sym-1024x564.webp 1024w, https:\/\/iwell-guard.com\/wp-content\/uploads\/2026\/05\/Lichtwesen-1200x661-Hintergrund-sym-300x165.webp 300w, https:\/\/iwell-guard.com\/wp-content\/uploads\/2026\/05\/Lichtwesen-1200x661-Hintergrund-sym-768x423.webp 768w, https:\/\/iwell-guard.com\/wp-content\/uploads\/2026\/05\/Lichtwesen-1200x661-Hintergrund-sym.webp 1200w\" sizes=\"(max-width: 800px) 100vw, 800px\" \/>\t\t\t\t\t\t\t\t\t\t\t\t\t\t\t<\/div>\n\t\t\t\t\t<\/div>\n\t\t\t\t<\/div>\n\t\t<div class=\"elementor-element elementor-element-klaerung1777529189 e-con-boxed e-flex e-con e-parent\" data-id=\"klaerung1777529189\" data-element_type=\"container\" data-e-type=\"container\" data-settings=\"{&quot;background_background&quot;:&quot;classic&quot;}\">\n\t\t\t\t\t<div class=\"e-con-inner\">\n\t\t\t\t<div class=\"elementor-element elementor-element-klar1777529189 elementor-widget elementor-widget-text-editor\" data-id=\"klar1777529189\" data-element_type=\"widget\" data-e-type=\"widget\" data-widget_type=\"text-editor.default\">\n\t\t\t\t\t\t\t\t\t\n<p><em>\u00cd gegnum <strong>tengili\u00f0aformi\u00f0<\/strong> \u00e1 \u00feessari s\u00ed\u00f0u geti\u00f0 \u00fei\u00f0 haft samband vi\u00f0 okkur me\u00f0 efnislegar <em>fyrirspurnir<\/em>, spurningar um a\u00f0fer\u00f0afr\u00e6\u00f0i, um \u00e1kve\u00f0nar verur, um reynslus\u00f6gur e\u00f0a um pantanir. Fyrir hreinar t\u00e6knilegar fyrirspurnir (sendingar, skipti, kvartanir) v\u00edsum vi\u00f0 til verslunarins.<\/em><\/p><p>Fyrirspurnir um iWell Guard <strong>verndargripinn<\/strong>, um p\u00f6ntun, virkni og einstaklingsbundna notkun sv\u00f6rum vi\u00f0 gjarnan \u00ed gegnum tengili\u00f0aformi\u00f0 h\u00e9r fyrir ne\u00f0an e\u00f0a me\u00f0 t\u00f6lvup\u00f3sti.<\/p>\t\t\t\t\t\t\t\t<\/div>\n\t\t\t\t\t<\/div>\n\t\t\t\t<\/div>\n\t\t<div class=\"elementor-element elementor-element-clstrsec1777543132 e-con-boxed e-flex e-con e-parent\" data-id=\"clstrsec1777543132\" data-element_type=\"container\" data-e-type=\"container\">\n\t\t\t\t\t<div class=\"e-con-inner\">\n\t\t\t\t<div class=\"elementor-element elementor-element-h21777543132 elementor-widget elementor-widget-heading\" data-id=\"h21777543132\" data-element_type=\"widget\" data-e-type=\"widget\" data-widget_type=\"heading.default\">\n\t\t\t\t\t<h2 class=\"elementor-heading-title elementor-size-default\">Tengili\u00f0aform fyrir efnislegar fyrirspurnir<\/h2>\t\t\t\t<\/div>\n\t\t\t\t<div class=\"elementor-element elementor-element-txt1777543132 elementor-widget elementor-widget-text-editor\" data-id=\"txt1777543132\" data-element_type=\"widget\" data-e-type=\"widget\" data-widget_type=\"text-editor.default\">\n\t\t\t\t\t\t\t\t\t\n<p>\u00cd gegnum tengili\u00f0aformi\u00f0 \u00e1 \u00feessari s\u00ed\u00f0u geti\u00f0 \u00fei\u00f0 haft samband vi\u00f0 okkur me\u00f0 efnislegar fyrirspurnir, spurningar um a\u00f0fer\u00f0afr\u00e6\u00f0i, um \u00e1kve\u00f0nar verur \u00far uppflettiritinu, um reynslus\u00f6gur e\u00f0a um pantanir.<\/p><p>Fyrir hreinar t\u00e6knilegar fyrirspurnir (sendingar, kvartanir, skipti) er verslunin \u00e1 <a href=\"https:\/\/ittermann.de\">ittermann.de<\/a> r\u00e9ttur sta\u00f0ur til a\u00f0 leita til. Vi\u00f0 sv\u00f6rum a\u00f0 jafna\u00f0i innan tveggja virkra daga.<\/p>\t\t\t\t\t\t\t\t<\/div>\n\t\t\t\t\t<\/div>\n\t\t\t\t<\/div>\n\t\t<div class=\"elementor-element elementor-element-x404b-s0 e-con-boxed e-flex e-con e-parent\" data-id=\"x404b-s0\" data-element_type=\"container\" data-e-type=\"container\">\n\t\t\t\t\t<div class=\"e-con-inner\">\n\t\t\t\t<div class=\"elementor-element elementor-element-x404b-h0 elementor-widget elementor-widget-heading\" data-id=\"x404b-h0\" data-element_type=\"widget\" data-e-type=\"widget\" data-widget_type=\"heading.default\">\n\t\t\t\t\t<h2 class=\"elementor-heading-title elementor-size-default\">Hafa samband<\/h2>\t\t\t\t<\/div>\n\t\t<div class=\"elementor-element elementor-element-x404b-s0-bw e-flex e-con-boxed e-con e-parent\" data-id=\"x404b-s0-bw\" data-element_type=\"container\" data-e-type=\"container\" data-settings=\"{&quot;background_background&quot;:&quot;classic&quot;}\">\n\t\t\t\t\t<div class=\"e-con-inner\">\n\t\t\t\t<div class=\"elementor-element elementor-element-x404b-t0 elementor-widget elementor-widget-text-editor\" data-id=\"x404b-t0\" data-element_type=\"widget\" data-e-type=\"widget\" data-widget_type=\"text-editor.default\">\n\t\t\t\t\t\t\t\t\t<p>\u00dei\u00f0 n\u00e1i\u00f0 \u00ed okkur \u00ed gegnum tengili\u00f0aformi\u00f0 e\u00f0a me\u00f0 t\u00f6lvup\u00f3sti \u00e1 <a href=\"mailto:info@ittermann.de\">info@ittermann.de<\/a>. \u00c1 \u00feessari s\u00ed\u00f0u finni\u00f0 \u00fei\u00f0 hina opinberu samskiptalei\u00f0ir, p\u00f3stfang og uppl\u00fdsingar um \u00ed hva\u00f0a tilvikum hva\u00f0a samskiptalei\u00f0 er heppilegust.<\/p><p>iWell Guard er verkefni <strong>Ittermann electronic GmbH<\/strong> me\u00f0 a\u00f0setur \u00ed Ruhla, Th\u00fcringen. Vi\u00f0 sj\u00e1um b\u00e6\u00f0i um efnislegu vefs\u00ed\u00f0una me\u00f0 greinum um <span class=\"iwg-fachbegriff\" data-tooltip=\"Heild hinna var\u00f0veittu gu\u00f0asagna innan menningar.\" tabindex=\"0\">go\u00f0afr\u00e6\u00f0i<\/span>, a\u00f0fer\u00f0afr\u00e6\u00f0i og verndara\u00f0fer\u00f0ir, sem og s\u00f6lu iWell Guard verndargripsins \u00ed gegnum s\u00e9rstaka netverslun \u00e1 ittermann.de.<\/p>\t\t\t\t\t\t\t\t<\/div>\n\t\t\t\t\t<\/div>\n\t\t\t\t<\/div>\n\t\t\t\t\t<\/div>\n\t\t\t\t<\/div>\n\t\t<div class=\"elementor-element elementor-element-add-kontakt-s0 e-con-boxed e-flex e-con e-parent\" data-id=\"add-kontakt-s0\" data-element_type=\"container\" data-e-type=\"container\">\n\t\t\t\t\t<div class=\"e-con-inner\">\n\t\t\t\t<div class=\"elementor-element elementor-element-add-kontakt-h0 elementor-widget elementor-widget-heading\" data-id=\"add-kontakt-h0\" data-element_type=\"widget\" data-e-type=\"widget\" data-widget_type=\"heading.default\">\n\t\t\t\t\t<h2 class=\"elementor-heading-title elementor-size-default\">Heimilisfang<\/h2>\t\t\t\t<\/div>\n\t\t<div class=\"elementor-element elementor-element-add-kontakt-s0-bw e-flex e-con-boxed e-con e-parent\" data-id=\"add-kontakt-s0-bw\" data-element_type=\"container\" data-e-type=\"container\" data-settings=\"{&quot;background_background&quot;:&quot;classic&quot;}\">\n\t\t\t\t\t<div class=\"e-con-inner\">\n\t\t\t\t<div class=\"elementor-element elementor-element-add-kontakt-t0 elementor-widget elementor-widget-text-editor\" data-id=\"add-kontakt-t0\" data-element_type=\"widget\" data-e-type=\"widget\" data-widget_type=\"text-editor.default\">\n\t\t\t\t\t\t\t\t\t<p>Ittermann electronic GmbH<br>K\u00f6hlergasse 16-18<br>99842 Ruhla<br>\u00de\u00fdskaland<\/p><p>Skr\u00e1\u00f0 \u00ed fyrirt\u00e6kjaskr\u00e1 hj\u00e1 h\u00e9ra\u00f0sd\u00f3mi Jena. Skatt- og fyrirt\u00e6kjaskr\u00e1ningarn\u00famer finni\u00f0 \u00fei\u00f0 \u00ed <a href=\"https:\/\/iwell-guard.com\/is\/?page_id=168722\">uppl\u00fdsingum um \u00fatgefanda<\/a>. P\u00f3stfangi\u00f0 er hi\u00f0 opinbera fyrirt\u00e6kjaheimilisfang fyrir lagalega bindandi br\u00e9faskipti, afturk\u00f6llun samkv\u00e6mt <a href=\"https:\/\/iwell-guard.com\/is\/?page_id=168877\">lei\u00f0beiningum um afturk\u00f6llunarr\u00e9tt<\/a> og \u00f6ll \u00f6nnur formleg tilkynningaskipti.<\/p><p>Fyrir efnislegar fyrirspurnir, \u00e1bendingar fr\u00e1 ritstj\u00f3rn e\u00f0a lei\u00f0r\u00e9ttingar\u00f3skir var\u00f0andi efni vefs\u00ed\u00f0unnar eru rafr\u00e6nar samskiptalei\u00f0ir mun hra\u00f0ari. Br\u00e9fp\u00f3stur berst okkur me\u00f0 \u00f6ruggum h\u00e6tti, en \u00fe\u00e1 sv\u00f6rum vi\u00f0 jafnframt me\u00f0 t\u00f6lvup\u00f3sti e\u00f0a s\u00edma, vi\u00f0 h\u00f6ldum ekki \u00fati s\u00e9rst\u00f6ku svarp\u00f3stkerfi.<\/p>\t\t\t\t\t\t\t\t<\/div>\n\t\t\t\t\t<\/div>\n\t\t\t\t<\/div>\n\t\t\t\t\t<\/div>\n\t\t\t\t<\/div>\n\t\t<div class=\"elementor-element elementor-element-add-kontakt-s1 e-con-boxed e-flex e-con e-parent\" data-id=\"add-kontakt-s1\" data-element_type=\"container\" data-e-type=\"container\">\n\t\t\t\t\t<div class=\"e-con-inner\">\n\t\t\t\t<div class=\"elementor-element elementor-element-add-kontakt-h1 elementor-widget elementor-widget-heading\" data-id=\"add-kontakt-h1\" data-element_type=\"widget\" data-e-type=\"widget\" data-widget_type=\"heading.default\">\n\t\t\t\t\t<h2 class=\"elementor-heading-title elementor-size-default\">Samskiptalei\u00f0ir<\/h2>\t\t\t\t<\/div>\n\t\t<div class=\"elementor-element elementor-element-add-kontakt-s1-bw e-flex e-con-boxed e-con e-parent\" data-id=\"add-kontakt-s1-bw\" data-element_type=\"container\" data-e-type=\"container\" data-settings=\"{&quot;background_background&quot;:&quot;classic&quot;}\">\n\t\t\t\t\t<div class=\"e-con-inner\">\n\t\t\t\t<div class=\"elementor-element elementor-element-add-kontakt-t1 elementor-widget elementor-widget-text-editor\" data-id=\"add-kontakt-t1\" data-element_type=\"widget\" data-e-type=\"widget\" data-widget_type=\"text-editor.default\">\n\t\t\t\t\t\t\t\t\t<p><strong>T\u00f6lvup\u00f3stur:<\/strong> <a href=\"mailto:info@ittermann.de\">info@ittermann.de<\/a>, hra\u00f0asta lei\u00f0in fyrir allar fyrirspurnir. Sv\u00f6r berast venjulega innan 1\u20132 virkra daga, \u00e1 \u00e1lagst\u00edmum getur \u00fea\u00f0 teki\u00f0 upp \u00ed 5 virka daga.<\/p><p><em>S\u00edmi:<\/em> Afgrei\u00f0slut\u00edma og s\u00edman\u00famer finni\u00f0 \u00fei\u00f0 \u00ed <a href=\"https:\/\/iwell-guard.com\/is\/?page_id=168722\">uppl\u00fdsingum um \u00fatgefanda<\/a>. \u00cd s\u00edma erum vi\u00f0 a\u00f0gengileg s\u00e9rstaklega fyrir spurningar um pantanir og fyrir fyrstu efnislega \u00fatsk\u00fdringu \u00fear sem br\u00e9faskipti v\u00e6ru \u00f3\u00fearflega umfangsmikil.<\/p><p><em>Tengili\u00f0aform:<\/em> Beint \u00e1 \u00feessari s\u00ed\u00f0u. Kostur: \u00fei\u00f0 skilji\u00f0 eftir spurninguna ykkar \u00e1 skipul\u00f6g\u00f0u formi (erindi, \u00e6skileg samskiptalei\u00f0, hringingart\u00edmi), svo vi\u00f0 getum svara\u00f0 undirb\u00fain. \u00d3kostur: engin bein samr\u00e6\u00f0a eins og \u00ed t\u00f6lvup\u00f3sti e\u00f0a s\u00edma.<\/p>\t\t\t\t\t\t\t\t<\/div>\n\t\t\t\t\t<\/div>\n\t\t\t\t<\/div>\n\t\t\t\t\t<\/div>\n\t\t\t\t<\/div>\n\t\t<div class=\"elementor-element elementor-element-add-kontakt-s2 e-con-boxed e-flex e-con e-parent\" data-id=\"add-kontakt-s2\" data-element_type=\"container\" data-e-type=\"container\">\n\t\t\t\t\t<div class=\"e-con-inner\">\n\t\t\t\t<div class=\"elementor-element elementor-element-add-kontakt-h2 elementor-widget elementor-widget-heading\" data-id=\"add-kontakt-h2\" data-element_type=\"widget\" data-e-type=\"widget\" data-widget_type=\"heading.default\">\n\t\t\t\t\t<h2 class=\"elementor-heading-title elementor-size-default\">Ef spurningar vakna um iWell Guard<\/h2>\t\t\t\t<\/div>\n\t\t<div class=\"elementor-element elementor-element-add-kontakt-s2-bw e-flex e-con-boxed e-con e-parent\" data-id=\"add-kontakt-s2-bw\" data-element_type=\"container\" data-e-type=\"container\" data-settings=\"{&quot;background_background&quot;:&quot;classic&quot;}\">\n\t\t\t\t\t<div class=\"e-con-inner\">\n\t\t\t\t<div class=\"elementor-element elementor-element-add-kontakt-t2 elementor-widget elementor-widget-text-editor\" data-id=\"add-kontakt-t2\" data-element_type=\"widget\" data-e-type=\"widget\" data-widget_type=\"text-editor.default\">\n\t\t\t\t\t\t\t\t\t<footer class=\"iwg-literatur\"><p>Fyrir efnislegar spurningar m\u00e6lum vi\u00f0 me\u00f0 a\u00f0 nota netfangi\u00f0. Vi\u00f0 sv\u00f6rum yfirleitt innan 1\u20132 virkra daga, um helgar og \u00e1 h\u00e1t\u00ed\u00f0isd\u00f6gum getur \u00fea\u00f0 teki\u00f0 lengri t\u00edma. \u00deegar spurt er um <a href=\"https:\/\/iwell-guard.com\/is\/?page_id=168680\">a\u00f0fer\u00f0afr\u00e6\u00f0ina<\/a>, <a href=\"https:\/\/iwell-guard.com\/is\/?page_id=168726\">orkugreiningu<\/a> e\u00f0a einstakar greinar um verur, leggjum vi\u00f0 okkur fram um vanda\u00f0 og efnislega \u00edgrunda\u00f0 svar, sem getur \u00ed sumum tilvikum teki\u00f0 nokkra daga \u00ed undirb\u00faningi.<\/p><p>Fyrir spurningar um pantanir, sendingarst\u00f6\u00f0u og afgrei\u00f0slu skila, vinsamlegast hafi\u00f0 beint samband vi\u00f0 verslunina \u00e1 <a href=\"https:\/\/ittermann.de\" rel=\"nofollow\">ittermann.de<\/a>. \u00dear gilda <a href=\"https:\/\/iwell-guard.com\/is\/?page_id=168876\">vi\u00f0skiptaskilm\u00e1larnir<\/a> og 30 daga skilar\u00e9ttur sem l\u00fdst er \u00ed <a href=\"https:\/\/iwell-guard.com\/is\/?page_id=168877\">lei\u00f0beiningum um afturk\u00f6llun<\/a>.<\/p><h3>Hva\u00f0 vi\u00f0 getum ekki gert<\/h3><p>Vi\u00f0 gerum ekki fjarskyggnigreiningar. Vi\u00f0 h\u00f6fum ekki millig\u00f6ngu um mi\u00f0ilsr\u00e1\u00f0gj\u00f6f einstaklinga. Vi\u00f0 gefum ekki l\u00e6knisfr\u00e6\u00f0ilega, l\u00f6gfr\u00e6\u00f0ilega e\u00f0a fj\u00e1rm\u00e1lalega r\u00e1\u00f0gj\u00f6f. \u00cd br\u00e1\u00f0um tilvikum, hvort sem er heilsufarslegum e\u00f0a ge\u00f0r\u00e6num, vinsamlegast hafi\u00f0 beint samband vi\u00f0 vi\u00f0eigandi ney\u00f0ar\u00fej\u00f3nustu: l\u00e6knisfr\u00e6\u00f0ilegt ney\u00f0arn\u00famer 112, s\u00edma\u00fej\u00f3nusta um s\u00e1lg\u00e6slu 0800\/111 0 111 e\u00f0a 0800\/111 0 222.<\/p><h3>\u00c1bendingar, lei\u00f0r\u00e9ttingar, hr\u00f3s og gagnr\u00fdni<\/h3><p>Efnislegar lei\u00f0r\u00e9ttingar, rangar tilvitnanir, vantandi heimildir e\u00f0a sakleg mist\u00f6k \u00ed l\u00fdsingum \u00e1 einst\u00f6kum verum t\u00f6kum vi\u00f0 s\u00e9rstaklega fagnandi \u00e1 m\u00f3ti. Vefs\u00ed\u00f0a me\u00f0 um 300 greinum \u00far 18 menningarheimum getur aldrei veri\u00f0 fullkomlega villulaus, og vi\u00f0 erum \u00feakkl\u00e1t fyrir hvern \u00e1bendingap\u00f3st. Vinsamlegast gefi\u00f0 upp n\u00e1kv\u00e6ma vefsl\u00f3\u00f0 og sta\u00f0inn sem \u00fearf a\u00f0 lei\u00f0r\u00e9tta, \u00fea\u00f0 fl\u00fdtir vinnslunni verulega.<\/p><h3>Pers\u00f3nuvernd \u00ed tengslum vi\u00f0 samskiptaformi\u00f0<\/h3><p>\u00deegar \u00fe\u00fa notar samskiptaformi\u00f0 sendir \u00fe\u00fa okkur \u00fe\u00e6r uppl\u00fdsingar sem tilgreindar eru \u00ed forminu, venjulega nafn, netfang og textann um erindi \u00feitt.<\/p><p>\u00deessar uppl\u00fdsingar eru einungis nota\u00f0ar til a\u00f0 vinna \u00far fyrirspurn \u00feinni, \u00feeim er ekki deilt \u00ed marka\u00f0slegum tilgangi og \u00fe\u00e6r eru eytt eftir a\u00f0 samskiptum er loki\u00f0, \u00ed s\u00ed\u00f0asta lagi eftir \u00ferj\u00fa \u00e1r, nema lengri l\u00f6gbundinn var\u00f0veislut\u00edmi gildi. N\u00e1nari uppl\u00fdsingar um vinnslu gagna m\u00e1 finna \u00ed <a href=\"https:\/\/iwell-guard.com\/is\/?page_id=168723\">pers\u00f3nuverndarstefnu<\/a> okkar.<\/p><h3>Um Ittermann electronic GmbH<\/h3><p>Ittermann electronic GmbH hefur starfa\u00f0 \u00ed Ruhla \u00ed Th\u00fcringen \u00ed yfir tvo \u00e1ratugi. Meginstarfsemin felst \u00ed rafeindaframlei\u00f0slu og \u00fer\u00f3un s\u00e9rh\u00e6f\u00f0ra t\u00e6knilegra \u00edhluta. \u00dar \u00feessari framlei\u00f0sluhef\u00f0 er iWell-Guard-verndargripurinn einnig sprottinn, sem sameinar vanda\u00f0a efnisvali\u00f0 vi\u00f0 margra \u00e1ra reynslu \u00ed mi\u00f0ilsstarfi.<\/p><p>Framkv\u00e6mdastj\u00f3ri er <strong>Ralf Ittermann<\/strong>, sem ber \u00e1byrg\u00f0 \u00e1 faglegri stefnu iWell Guard-verkefnisins jafnt sem vi\u00f0skiptalegri \u00e1byrg\u00f0. Fyrir ritstj\u00f3rnarlegt eftirlit vefs\u00ed\u00f0unnar starfar l\u00edtill h\u00f3pur ritstj\u00f3ra, s\u00e9rfr\u00e6\u00f0inga \u00ed tr\u00faarbrag\u00f0a- og go\u00f0afr\u00e6\u00f0i og mi\u00f0la sem semja, endursko\u00f0a og b\u00e6ta greinar st\u00f6\u00f0ugt \u00fat fr\u00e1 \u00e1bendingum lesenda.<\/p><h3>Hvar \u00fe\u00fa finnur okkur einnig<\/h3><p>Sem stendur einbeitum vi\u00f0 samskiptum okkar a\u00f0 \u00feeim lei\u00f0um sem h\u00e6gt er a\u00f0 n\u00e1 til okkar me\u00f0 beinum h\u00e6tti (t\u00f6lvup\u00f3stur, s\u00edmi, p\u00f3stfang). Vi\u00f0 h\u00f6ldum ekki \u00fati markvissri vi\u00f0veru \u00e1 samf\u00e9lagsmi\u00f0lum, hin hra\u00f0a t\u00ed\u00f0ni samskipta \u00fear \u00e1 ekki vel saman vi\u00f0 \u00fe\u00e1 efnislegu vandvirkni sem vi\u00f0 viljum s\u00fdna \u00ed einst\u00f6kum textum.<\/p><p>\u00deeir sem vilja fylgjast me\u00f0 okkur geta gerst \u00e1skrifendur a\u00f0 RSS-streymi vefs\u00ed\u00f0unnar e\u00f0a liti\u00f0 vi\u00f0 \u00e1 fors\u00ed\u00f0unni af og til, \u00fear sem vi\u00f0 tilkynnum um n\u00fdjar greinar.<\/p><h3>Hvert hva\u00f0a fyrirspurn \u00e1 a\u00f0 fara, yfirlit<\/h3><p>Til \u00feess a\u00f0 fyrirspurn \u00fe\u00edn f\u00e1ist svara\u00f0 skj\u00f3tt, h\u00e9r er lei\u00f0arv\u00edsir: <em>Efnislegar spurningar<\/em> um \u00e1kve\u00f0na veru, a\u00f0fer\u00f0afr\u00e6\u00f0is\u00ed\u00f0u, upplifunars\u00f6gu e\u00f0a heimild sendast \u00ed gegnum samskiptaformi\u00f0 e\u00f0a me\u00f0 t\u00f6lvup\u00f3sti \u00e1 info@ittermann.de, vi\u00f0 sendum \u00fe\u00e6r \u00e1fram til \u00feess sem ber \u00e1byrg\u00f0 \u00e1 vi\u00f0komandi svi\u00f0i.<\/p><p><em>Spurningar um pantanir<\/em>, sendingarst\u00f6\u00f0u, kvartanir, endursendingar e\u00f0a s\u00e9rstakar st\u00e6r\u00f0ar\u00f3skir sendast beint til verslunarins hj\u00e1 ittermann.de, \u00fear liggja p\u00f6ntunarg\u00f6gnin og \u00fear er h\u00e6gt a\u00f0 vinna \u00far \u00feeim t\u00e6knilega. <em>Fj\u00f6lmi\u00f0lafyrirspurnir<\/em> og spurningar um vi\u00f0t\u00f6l, fyrirlestra e\u00f0a leyfism\u00e1l sendast einnig me\u00f0 t\u00f6lvup\u00f3sti; vi\u00f0 sv\u00f6rum yfirleitt innan viku og \u00f3skum eftir skilningi \u00e1 \u00fev\u00ed a\u00f0 ekki er unnt a\u00f0 taka vi\u00f0 \u00f6llum fyrirspurnum.<\/p><h3>Svart\u00edmi og hva\u00f0 gera skal vi\u00f0 lengri bi\u00f0<\/h3><p>Venjulegur svart\u00edmi okkar er einn til tveir virkir dagar. \u00c1 t\u00edmabilum me\u00f0 auknu fyrirspurnamagni, venjulega \u00ed kringum h\u00e1t\u00ed\u00f0isdaga, j\u00f3lin, \u00e1rslokin e\u00f0a eftir umfangsmiklar uppf\u00e6rslur \u00e1 vefs\u00ed\u00f0unni, getur \u00fea\u00f0 teki\u00f0 allt a\u00f0 fimm virka daga.<\/p><p>Hafi \u00fe\u00fa ekki fengi\u00f0 svar eftir sj\u00f6 virka daga, athuga\u00f0u vinsamlegast fyrst spams\u00eduna \u00fe\u00edna, m\u00f6rg af okkar br\u00e9fum eru af misg\u00e1ningi merkt sem augl\u00fdsingar. A\u00f0eins ef \u00fear er ekkert a\u00f0 finna, sendu okkur vinsamlegast stutta \u00e1minningu; vi\u00f0 kannum \u00fe\u00e1 m\u00e1li\u00f0 til a\u00f0 athuga hvort upprunalegi p\u00f3sturinn hafi ekki komist til skila vegna t\u00e6knilegs vandam\u00e1ls.<\/p><h3>Tr\u00fana\u00f0ur um fyrirspurn \u00fe\u00edna<\/h3><p>P\u00f3star sendir \u00e1 info@ittermann.de eru einungis lesnir af ritstj\u00f3rnarstarfsf\u00f3lki Ittermann electronic GmbH. Efni \u00far fyrirspurnum \u00fe\u00ednum er ekki birt opinberlega, hvorki nafnlaust n\u00e9 endursagt \u00ed grein e\u00f0a svari til \u00feri\u00f0ja a\u00f0ila, nema \u00fe\u00fa veitir okkur sk\u00fdrt leyfi til \u00feess.<\/p><p>Ef \u00fe\u00fa er \u00ed vafa um hvort fyrirspurn \u00fe\u00edn falli undir okkar starfssvi\u00f0, skrifa\u00f0u okkur endilega hvort sem er; \u00ed versta falli v\u00edsum vi\u00f0 \u00fe\u00e9r \u00e1 heppilegri a\u00f0ila.<\/p><\/footer>\t\t\t\t\t\t\t\t<\/div>\n\t\t\t\t\t<\/div>\n\t\t\t\t<\/div>\n\t\t\t\t\t<\/div>\n\t\t\t\t<\/div>\n\t\t\t\t<\/div>\n\t\t<!--\/email_off-->","protected":false},"excerpt":{"rendered":"","protected":false},"author":3,"featured_media":3415,"parent":0,"menu_order":0,"comment_status":"closed","ping_status":"closed","template":"elementor_header_footer","meta":{"_yoast_wpseo_focuskw":"Tengili\u00f0aey\u00f0ubla\u00f0","_yoast_wpseo_title":"Tengili\u00f0aform \u2013 fyrirspurnir um verndargripinn","_yoast_wpseo_metadesc":"Tengili\u00f0aform og t\u00f6lvup\u00f3stur fyrir fyrirspurnir um iWell Guard verndargripinn, efni um verur og \u00e1bendingar um lei\u00f0r\u00e9ttingar \u00e1 f\u00e6rslum \u00ed uppflettiritinu okkar.","_yoast_wpseo_meta-robots-noindex":"1","_yoast_wpseo_canonical":"","_angie_page":false,"gefaehrdungsstufe":"","wesen_kultur":"","wesen_klasse":"","footnotes":""},"categories":[],"class_list":["post-168731","page","type-page","status-publish","has-post-thumbnail","hentry"],"yoast_head":"<!-- This site is optimized with the Yoast SEO Premium plugin v27.7 (Yoast SEO v28.3) - https:\/\/yoast.com\/product\/yoast-seo-premium-wordpress\/ -->\n<title>Tengili\u00f0aform \u2013 fyrirspurnir um verndargripinn<\/title>\n<meta name=\"description\" content=\"Tengili\u00f0aform og t\u00f6lvup\u00f3stur fyrir fyrirspurnir um iWell Guard verndargripinn, efni um verur og \u00e1bendingar um lei\u00f0r\u00e9ttingar \u00e1 f\u00e6rslum \u00ed uppflettiritinu okkar.\" \/>\n<meta name=\"robots\" content=\"noindex, follow\" \/>\n<meta property=\"og:locale\" content=\"is_IS\" \/>\n<meta property=\"og:type\" content=\"article\" \/>\n<meta property=\"og:title\" content=\"Hafa samband\" \/>\n<meta property=\"og:description\" content=\"Tengili\u00f0aform og t\u00f6lvup\u00f3stur fyrir fyrirspurnir um iWell Guard verndargripinn, efni um verur og \u00e1bendingar um lei\u00f0r\u00e9ttingar \u00e1 f\u00e6rslum \u00ed uppflettiritinu okkar.\" \/>\n<meta property=\"og:url\" content=\"https:\/\/iwell-guard.com\/is\/samband\/\" \/>\n<meta property=\"og:site_name\" content=\"iWell Guard\" \/>\n<meta property=\"article:modified_time\" content=\"2026-09-05T14:17:59+00:00\" \/>\n<meta property=\"og:image\" content=\"https:\/\/iwell-guard.com\/wp-content\/uploads\/2026\/05\/service_kontakt.webp\" \/>\n\t<meta property=\"og:image:width\" content=\"1024\" \/>\n\t<meta property=\"og:image:height\" content=\"1536\" \/>\n\t<meta property=\"og:image:type\" content=\"image\/webp\" \/>\n<meta name=\"twitter:card\" content=\"summary_large_image\" \/>\n<script type=\"application\/ld+json\" class=\"yoast-schema-graph\">{\"@context\":\"https:\\\/\\\/schema.org\",\"@graph\":[{\"@type\":\"WebPage\",\"@id\":\"https:\\\/\\\/iwell-guard.com\\\/is\\\/samband\\\/\",\"url\":\"https:\\\/\\\/iwell-guard.com\\\/is\\\/samband\\\/\",\"name\":\"Tengili\u00f0aform \u2013 fyrirspurnir um verndargripinn\",\"isPartOf\":{\"@id\":\"https:\\\/\\\/iwell-guard.com\\\/is\\\/#website\"},\"primaryImageOfPage\":{\"@id\":\"https:\\\/\\\/iwell-guard.com\\\/is\\\/samband\\\/#primaryimage\"},\"image\":{\"@id\":\"https:\\\/\\\/iwell-guard.com\\\/is\\\/samband\\\/#primaryimage\"},\"thumbnailUrl\":\"https:\\\/\\\/iwell-guard.com\\\/wp-content\\\/uploads\\\/2026\\\/05\\\/service_kontakt.webp\",\"datePublished\":\"2026-09-05T14:02:32+00:00\",\"dateModified\":\"2026-09-05T14:17:59+00:00\",\"description\":\"Tengili\u00f0aform og t\u00f6lvup\u00f3stur fyrir fyrirspurnir um iWell Guard verndargripinn, efni um verur og \u00e1bendingar um lei\u00f0r\u00e9ttingar \u00e1 f\u00e6rslum \u00ed uppflettiritinu okkar.\",\"breadcrumb\":{\"@id\":\"https:\\\/\\\/iwell-guard.com\\\/is\\\/samband\\\/#breadcrumb\"},\"inLanguage\":\"is\",\"potentialAction\":[{\"@type\":\"ReadAction\",\"target\":[\"https:\\\/\\\/iwell-guard.com\\\/is\\\/samband\\\/\"]}]},{\"@type\":\"ImageObject\",\"inLanguage\":\"is\",\"@id\":\"https:\\\/\\\/iwell-guard.com\\\/is\\\/samband\\\/#primaryimage\",\"url\":\"https:\\\/\\\/iwell-guard.com\\\/wp-content\\\/uploads\\\/2026\\\/05\\\/service_kontakt.webp\",\"contentUrl\":\"https:\\\/\\\/iwell-guard.com\\\/wp-content\\\/uploads\\\/2026\\\/05\\\/service_kontakt.webp\",\"width\":1024,\"height\":1536,\"caption\":\"Myndskreytt framsetning.\"},{\"@type\":\"BreadcrumbList\",\"@id\":\"https:\\\/\\\/iwell-guard.com\\\/is\\\/samband\\\/#breadcrumb\",\"itemListElement\":[{\"@type\":\"ListItem\",\"position\":1,\"name\":\"Start\",\"item\":\"https:\\\/\\\/iwell-guard.com\\\/is\\\/?page_id=168580\"},{\"@type\":\"ListItem\",\"position\":2,\"name\":\"Hafa samband\"}]},{\"@type\":\"WebSite\",\"@id\":\"https:\\\/\\\/iwell-guard.com\\\/is\\\/#website\",\"url\":\"https:\\\/\\\/iwell-guard.com\\\/is\\\/\",\"name\":\"iWell Guard\",\"description\":\"Schutz vor dunklen Einfl\u00fcssen\",\"publisher\":{\"@id\":\"https:\\\/\\\/iwell-guard.com\\\/is\\\/#organization\"},\"potentialAction\":[{\"@type\":\"SearchAction\",\"target\":{\"@type\":\"EntryPoint\",\"urlTemplate\":\"https:\\\/\\\/iwell-guard.com\\\/is\\\/?s={search_term_string}\"},\"query-input\":{\"@type\":\"PropertyValueSpecification\",\"valueRequired\":true,\"valueName\":\"search_term_string\"}}],\"inLanguage\":\"is\"},{\"@type\":\"Organization\",\"@id\":\"https:\\\/\\\/iwell-guard.com\\\/is\\\/#organization\",\"name\":\"Ittermann electronic GmbH\",\"url\":\"https:\\\/\\\/iwell-guard.com\\\/is\\\/\",\"logo\":{\"@type\":\"ImageObject\",\"inLanguage\":\"is\",\"@id\":\"https:\\\/\\\/iwell-guard.com\\\/is\\\/#\\\/schema\\\/logo\\\/image\\\/\",\"url\":\"https:\\\/\\\/iwell-guard.com\\\/wp-content\\\/uploads\\\/2026\\\/05\\\/Ittermann-Logo-1182x237-1.png\",\"contentUrl\":\"https:\\\/\\\/iwell-guard.com\\\/wp-content\\\/uploads\\\/2026\\\/05\\\/Ittermann-Logo-1182x237-1.png\",\"width\":1182,\"height\":237,\"caption\":\"Ittermann electronic GmbH\"},\"image\":{\"@id\":\"https:\\\/\\\/iwell-guard.com\\\/is\\\/#\\\/schema\\\/logo\\\/image\\\/\"},\"sameAs\":[\"https:\\\/\\\/pantip.com\\\/profile\\\/9367242\",\"https:\\\/\\\/micro.blog\\\/iwellguard\",\"https:\\\/\\\/www.diggerslist.com\\\/iwellguard\\\/about\",\"https:\\\/\\\/skitterphoto.com\\\/photographers\\\/2870314\\\/iwell-guard\",\"https:\\\/\\\/iwellguard.wordpress.com\\\/2026\\\/06\\\/06\\\/iwell-guard\\\/\",\"https:\\\/\\\/hub.docker.com\\\/u\\\/iwellguard\",\"https:\\\/\\\/www.pinterest.com\\\/iwellguard\\\/\",\"https:\\\/\\\/bit.ly\\\/m\\\/iwellguard\",\"https:\\\/\\\/entre-vos-mains.alsace.eu\\\/profiles\\\/iwellguard\\\/activity\",\"https:\\\/\\\/gravatar.com\\\/reallybeded8fd34\",\"https:\\\/\\\/naijamatta.com\\\/iwellguard\",\"https:\\\/\\\/www.goodreads.com\\\/iwellguard\",\"https:\\\/\\\/profile.hatena.ne.jp\\\/iwellguard\\\/\",\"https:\\\/\\\/experiment.com\\\/users\\\/iwellguard\",\"https:\\\/\\\/wakelet.com\\\/@iWellGuard82270\",\"https:\\\/\\\/www.chordie.com\\\/forum\\\/profile.php?id=2555664\",\"https:\\\/\\\/www.instapaper.com\\\/p\\\/17757966\",\"https:\\\/\\\/www.mapleprimes.com\\\/users\\\/iwellguard\",\"https:\\\/\\\/businesslistingplus.com\\\/profile\\\/iwell-guard\\\/\",\"https:\\\/\\\/telegra.ph\\\/iWell-Guard-06-06\",\"https:\\\/\\\/pbase.com\\\/iwellguard\\\/iwellguard\",\"https:\\\/\\\/b.hatena.ne.jp\\\/iwellguard\\\/20260607#bookmark-4788405196491818882\",\"https:\\\/\\\/fliphtml5.com\\\/home\\\/iwellguard\",\"https:\\\/\\\/anyflip.com\\\/homepage\\\/cmiwl#About\",\"https:\\\/\\\/transfur.com\\\/Users\\\/iwellguard\",\"http:\\\/\\\/delphi.larsbo.org\\\/user\\\/iwellguard\",\"https:\\\/\\\/jobs.lajobsportal.org\\\/profiles\\\/8380803-iwell-guard\",\"https:\\\/\\\/md.chaosdorf.de\\\/s\\\/jfbe5SBdJD\",\"https:\\\/\\\/www.lingvolive.com\\\/en-us\\\/profile\\\/9ecaeaca-ce11-4e51-9e71-01d55e2bff36\\\/translations\",\"https:\\\/\\\/www.fitday.com\\\/fitness\\\/forums\\\/members\\\/iwellguard.html\",\"https:\\\/\\\/www.mymeetbook.com\\\/iwellguard\",\"https:\\\/\\\/pxhere.com\\\/en\\\/photographer-me\\\/5040798\",\"https:\\\/\\\/disqus.com\\\/by\\\/iwellguard\\\/about\\\/\",\"https:\\\/\\\/pastelink.net\\\/hjwciqwq\",\"https:\\\/\\\/pubhtml5.com\\\/homepage\\\/scjhn\\\/\",\"https:\\\/\\\/www.bitchute.com\\\/channel\\\/2O2eOKzNqujT\",\"https:\\\/\\\/audiomack.com\\\/iwellguard\"]}]}<\/script>\n<!-- \/ Yoast SEO Premium plugin. -->","yoast_head_json":{"title":"Tengili\u00f0aform \u2013 fyrirspurnir um verndargripinn","description":"Tengili\u00f0aform og t\u00f6lvup\u00f3stur fyrir fyrirspurnir um iWell Guard verndargripinn, efni um verur og \u00e1bendingar um lei\u00f0r\u00e9ttingar \u00e1 f\u00e6rslum \u00ed uppflettiritinu okkar.","robots":{"index":"noindex","follow":"follow"},"og_locale":"is_IS","og_type":"article","og_title":"Hafa samband","og_description":"Tengili\u00f0aform og t\u00f6lvup\u00f3stur fyrir fyrirspurnir um iWell Guard verndargripinn, efni um verur og \u00e1bendingar um lei\u00f0r\u00e9ttingar \u00e1 f\u00e6rslum \u00ed uppflettiritinu okkar.","og_url":"https:\/\/iwell-guard.com\/is\/samband\/","og_site_name":"iWell Guard","article_modified_time":"2026-09-05T14:17:59+00:00","og_image":[{"width":1024,"height":1536,"url":"https:\/\/iwell-guard.com\/wp-content\/uploads\/2026\/05\/service_kontakt.webp","type":"image\/webp"}],"twitter_card":"summary_large_image","schema":{"@context":"https:\/\/schema.org","@graph":[{"@type":"WebPage","@id":"https:\/\/iwell-guard.com\/is\/samband\/","url":"https:\/\/iwell-guard.com\/is\/samband\/","name":"Tengili\u00f0aform \u2013 fyrirspurnir um verndargripinn","isPartOf":{"@id":"https:\/\/iwell-guard.com\/is\/#website"},"primaryImageOfPage":{"@id":"https:\/\/iwell-guard.com\/is\/samband\/#primaryimage"},"image":{"@id":"https:\/\/iwell-guard.com\/is\/samband\/#primaryimage"},"thumbnailUrl":"https:\/\/iwell-guard.com\/wp-content\/uploads\/2026\/05\/service_kontakt.webp","datePublished":"2026-09-05T14:02:32+00:00","dateModified":"2026-09-05T14:17:59+00:00","description":"Tengili\u00f0aform og t\u00f6lvup\u00f3stur fyrir fyrirspurnir um iWell Guard verndargripinn, efni um verur og \u00e1bendingar um lei\u00f0r\u00e9ttingar \u00e1 f\u00e6rslum \u00ed uppflettiritinu okkar.","breadcrumb":{"@id":"https:\/\/iwell-guard.com\/is\/samband\/#breadcrumb"},"inLanguage":"is","potentialAction":[{"@type":"ReadAction","target":["https:\/\/iwell-guard.com\/is\/samband\/"]}]},{"@type":"ImageObject","inLanguage":"is","@id":"https:\/\/iwell-guard.com\/is\/samband\/#primaryimage","url":"https:\/\/iwell-guard.com\/wp-content\/uploads\/2026\/05\/service_kontakt.webp","contentUrl":"https:\/\/iwell-guard.com\/wp-content\/uploads\/2026\/05\/service_kontakt.webp","width":1024,"height":1536,"caption":"Myndskreytt framsetning."},{"@type":"BreadcrumbList","@id":"https:\/\/iwell-guard.com\/is\/samband\/#breadcrumb","itemListElement":[{"@type":"ListItem","position":1,"name":"Start","item":"https:\/\/iwell-guard.com\/is\/?page_id=168580"},{"@type":"ListItem","position":2,"name":"Hafa samband"}]},{"@type":"WebSite","@id":"https:\/\/iwell-guard.com\/is\/#website","url":"https:\/\/iwell-guard.com\/is\/","name":"iWell Guard","description":"Schutz vor dunklen Einfl\u00fcssen","publisher":{"@id":"https:\/\/iwell-guard.com\/is\/#organization"},"potentialAction":[{"@type":"SearchAction","target":{"@type":"EntryPoint","urlTemplate":"https:\/\/iwell-guard.com\/is\/?s={search_term_string}"},"query-input":{"@type":"PropertyValueSpecification","valueRequired":true,"valueName":"search_term_string"}}],"inLanguage":"is"},{"@type":"Organization","@id":"https:\/\/iwell-guard.com\/is\/#organization","name":"Ittermann electronic GmbH","url":"https:\/\/iwell-guard.com\/is\/","logo":{"@type":"ImageObject","inLanguage":"is","@id":"https:\/\/iwell-guard.com\/is\/#\/schema\/logo\/image\/","url":"https:\/\/iwell-guard.com\/wp-content\/uploads\/2026\/05\/Ittermann-Logo-1182x237-1.png","contentUrl":"https:\/\/iwell-guard.com\/wp-content\/uploads\/2026\/05\/Ittermann-Logo-1182x237-1.png","width":1182,"height":237,"caption":"Ittermann electronic GmbH"},"image":{"@id":"https:\/\/iwell-guard.com\/is\/#\/schema\/logo\/image\/"},"sameAs":["https:\/\/pantip.com\/profile\/9367242","https:\/\/micro.blog\/iwellguard","https:\/\/www.diggerslist.com\/iwellguard\/about","https:\/\/skitterphoto.com\/photographers\/2870314\/iwell-guard","https:\/\/iwellguard.wordpress.com\/2026\/06\/06\/iwell-guard\/","https:\/\/hub.docker.com\/u\/iwellguard","https:\/\/www.pinterest.com\/iwellguard\/","https:\/\/bit.ly\/m\/iwellguard","https:\/\/entre-vos-mains.alsace.eu\/profiles\/iwellguard\/activity","https:\/\/gravatar.com\/reallybeded8fd34","https:\/\/naijamatta.com\/iwellguard","https:\/\/www.goodreads.com\/iwellguard","https:\/\/profile.hatena.ne.jp\/iwellguard\/","https:\/\/experiment.com\/users\/iwellguard","https:\/\/wakelet.com\/@iWellGuard82270","https:\/\/www.chordie.com\/forum\/profile.php?id=2555664","https:\/\/www.instapaper.com\/p\/17757966","https:\/\/www.mapleprimes.com\/users\/iwellguard","https:\/\/businesslistingplus.com\/profile\/iwell-guard\/","https:\/\/telegra.ph\/iWell-Guard-06-06","https:\/\/pbase.com\/iwellguard\/iwellguard","https:\/\/b.hatena.ne.jp\/iwellguard\/20260607#bookmark-4788405196491818882","https:\/\/fliphtml5.com\/home\/iwellguard","https:\/\/anyflip.com\/homepage\/cmiwl#About","https:\/\/transfur.com\/Users\/iwellguard","http:\/\/delphi.larsbo.org\/user\/iwellguard","https:\/\/jobs.lajobsportal.org\/profiles\/8380803-iwell-guard","https:\/\/md.chaosdorf.de\/s\/jfbe5SBdJD","https:\/\/www.lingvolive.com\/en-us\/profile\/9ecaeaca-ce11-4e51-9e71-01d55e2bff36\/translations","https:\/\/www.fitday.com\/fitness\/forums\/members\/iwellguard.html","https:\/\/www.mymeetbook.com\/iwellguard","https:\/\/pxhere.com\/en\/photographer-me\/5040798","https:\/\/disqus.com\/by\/iwellguard\/about\/","https:\/\/pastelink.net\/hjwciqwq","https:\/\/pubhtml5.com\/homepage\/scjhn\/","https:\/\/www.bitchute.com\/channel\/2O2eOKzNqujT","https:\/\/audiomack.com\/iwellguard"]}]}},"_links":{"self":[{"href":"https:\/\/iwell-guard.com\/is\/wp-json\/wp\/v2\/pages\/168731","targetHints":{"allow":["GET"]}}],"collection":[{"href":"https:\/\/iwell-guard.com\/is\/wp-json\/wp\/v2\/pages"}],"about":[{"href":"https:\/\/iwell-guard.com\/is\/wp-json\/wp\/v2\/types\/page"}],"author":[{"embeddable":true,"href":"https:\/\/iwell-guard.com\/is\/wp-json\/wp\/v2\/users\/3"}],"replies":[{"embeddable":true,"href":"https:\/\/iwell-guard.com\/is\/wp-json\/wp\/v2\/comments?post=168731"}],"version-history":[{"count":0,"href":"https:\/\/iwell-guard.com\/is\/wp-json\/wp\/v2\/pages\/168731\/revisions"}],"wp:featuredmedia":[{"embeddable":true,"href":"https:\/\/iwell-guard.com\/is\/wp-json\/wp\/v2\/media\/3415"}],"wp:attachment":[{"href":"https:\/\/iwell-guard.com\/is\/wp-json\/wp\/v2\/media?parent=168731"}],"wp:term":[{"taxonomy":"category","embeddable":true,"href":"https:\/\/iwell-guard.com\/is\/wp-json\/wp\/v2\/categories?post=168731"}],"curies":[{"name":"wp","href":"https:\/\/api.w.org\/{rel}","templated":true}]}}