{"id":168729,"date":"2026-09-05T14:02:30","date_gmt":"2026-09-05T14:02:30","guid":{"rendered":"https:\/\/iwell-guard.com\/?page_id=168729"},"modified":"2026-09-05T14:17:55","modified_gmt":"2026-09-05T14:17:55","slug":"ordasafn","status":"publish","type":"page","link":"https:\/\/iwell-guard.com\/is\/ordasafn\/","title":{"rendered":"Or\u00f0asafn"},"content":{"rendered":"\t\t<div data-elementor-type=\"wp-page\" data-elementor-id=\"168729\" class=\"elementor elementor-168729 elementor-1922 elementor-bc-flex-widget\" data-elementor-post-type=\"page\">\n\t\t\t\t<div class=\"elementor-element elementor-element-heroff44d80 e-flex e-con-boxed e-con e-parent\" data-id=\"heroff44d80\" data-element_type=\"container\" data-e-type=\"container\">\n\t\t\t\t\t<div class=\"e-con-inner\">\n\t\t\t\t<div class=\"elementor-element elementor-element-heroimgea37f28 iwg-hero-image elementor-widget elementor-widget-image\" data-id=\"heroimgea37f28\" data-element_type=\"widget\" data-e-type=\"widget\" data-widget_type=\"image.default\">\n\t\t\t\t\t\t\t\t\t\t\t\t\t\t\t<img fetchpriority=\"high\" decoding=\"async\" width=\"683\" height=\"1024\" src=\"https:\/\/iwell-guard.com\/wp-content\/uploads\/2026\/05\/service_glossar-683x1024.webp\" class=\"attachment-large size-large wp-image-170625\" alt=\"Or\u00f0asafn - myndskreytt framsetning\" srcset=\"https:\/\/iwell-guard.com\/wp-content\/uploads\/2026\/05\/service_glossar-683x1024.webp 683w, https:\/\/iwell-guard.com\/wp-content\/uploads\/2026\/05\/service_glossar-200x300.webp 200w, https:\/\/iwell-guard.com\/wp-content\/uploads\/2026\/05\/service_glossar-768x1152.webp 768w, https:\/\/iwell-guard.com\/wp-content\/uploads\/2026\/05\/service_glossar.webp 1024w\" sizes=\"(max-width: 683px) 100vw, 683px\" \/>\t\t\t\t\t\t\t\t\t\t\t\t\t\t\t<\/div>\n\t\t\t\t\t<\/div>\n\t\t\t\t<\/div>\n\t\t<div class=\"elementor-element elementor-element-x-h1-1922 e-con-boxed e-flex e-con e-parent\" data-id=\"x-h1-1922\" data-element_type=\"container\" data-e-type=\"container\">\n\t\t\t\t\t<div class=\"e-con-inner\">\n\t\t\t\t<div class=\"elementor-element elementor-element-x-h1w-1922 elementor-widget elementor-widget-heading\" data-id=\"x-h1w-1922\" data-element_type=\"widget\" data-e-type=\"widget\" data-widget_type=\"heading.default\">\n\t\t\t\t\t<h1 class=\"elementor-heading-title elementor-size-default\">Or\u00f0asafn, hugt\u00f6k verueflokka \u00fatsk\u00fdr\u00f0<\/h1>\t\t\t\t<\/div>\n\t\t\t\t\t<\/div>\n\t\t\t\t<\/div>\n\t\t<div class=\"elementor-element elementor-element-restoreh-glossar e-con-boxed e-flex e-con e-parent\" data-id=\"restoreh-glossar\" data-element_type=\"container\" data-e-type=\"container\">\n\t\t\t\t\t<div class=\"e-con-inner\">\n\t\t\t\t<div class=\"elementor-element elementor-element-restorei-glossar elementor-widget elementor-widget-image\" data-id=\"restorei-glossar\" data-element_type=\"widget\" data-e-type=\"widget\" data-widget_type=\"image.default\">\n\t\t\t\t\t\t\t\t\t\t\t\t\t\t\t<img decoding=\"async\" width=\"800\" height=\"442\" src=\"https:\/\/iwell-guard.com\/wp-content\/uploads\/2026\/05\/Goetter-1200x661-Hintergrund-sym-1024x566.webp\" class=\"attachment-large size-large wp-image-170910\" alt=\"Bakgrunnsfl\u00eds fyrir gu\u00f0as\u00ed\u00f0ur, 1200x661 sem fl\u00eds\" srcset=\"https:\/\/iwell-guard.com\/wp-content\/uploads\/2026\/05\/Goetter-1200x661-Hintergrund-sym-1024x566.webp 1024w, https:\/\/iwell-guard.com\/wp-content\/uploads\/2026\/05\/Goetter-1200x661-Hintergrund-sym-300x166.webp 300w, https:\/\/iwell-guard.com\/wp-content\/uploads\/2026\/05\/Goetter-1200x661-Hintergrund-sym-768x424.webp 768w, https:\/\/iwell-guard.com\/wp-content\/uploads\/2026\/05\/Goetter-1200x661-Hintergrund-sym.webp 1196w\" sizes=\"(max-width: 800px) 100vw, 800px\" \/>\t\t\t\t\t\t\t\t\t\t\t\t\t\t\t<\/div>\n\t\t\t\t\t<\/div>\n\t\t\t\t<\/div>\n\t\t<div class=\"elementor-element elementor-element-x404b-s0 e-con-boxed e-flex e-con e-parent\" data-id=\"x404b-s0\" data-element_type=\"container\" data-e-type=\"container\">\n\t\t\t\t\t<div class=\"e-con-inner\">\n\t\t\t\t<div class=\"elementor-element elementor-element-x404b-h0 elementor-widget elementor-widget-heading\" data-id=\"x404b-h0\" data-element_type=\"widget\" data-e-type=\"widget\" data-widget_type=\"heading.default\">\n\t\t\t\t\t<h2 class=\"elementor-heading-title elementor-size-default\">Or\u00f0asafn<\/h2>\t\t\t\t<\/div>\n\t\t<div class=\"elementor-element elementor-element-x404b-s0-bw e-flex e-con-boxed e-con e-parent\" data-id=\"x404b-s0-bw\" data-element_type=\"container\" data-e-type=\"container\" data-settings=\"{&quot;background_background&quot;:&quot;classic&quot;}\">\n\t\t\t\t\t<div class=\"e-con-inner\">\n\t\t\t\t<div class=\"elementor-element elementor-element-x404b-t0 elementor-widget elementor-widget-text-editor\" data-id=\"x404b-t0\" data-element_type=\"widget\" data-e-type=\"widget\" data-widget_type=\"text-editor.default\">\n\t\t\t\t\t\t\t\t\t<p>Or\u00f0asafni\u00f0 tekur saman meginhugt\u00f6kin sem notu\u00f0 eru \u00e1 iWell Guard, verueflokka, undirflokka, a\u00f0fer\u00f0afr\u00e6\u00f0ileg hugt\u00f6k og mikilv\u00e6gustu hagn\u00fdtu hugt\u00f6kin \u00far <span class=\"iwg-fachbegriff\" data-tooltip=\"I\u00f0kanir sem leitast vi\u00f0 a\u00f0 hafa \u00e1hrif \u00e1 atbur\u00f0ar\u00e1s me\u00f0 s\u00e9rst\u00f6kum ath\u00f6fnum e\u00f0a form\u00falum.\" tabindex=\"0\">galdra<\/span>&#8211; og verndarhef\u00f0inni. \u00dev\u00ed er \u00e6tla\u00f0 a\u00f0 vera uppflettirit, ekki s\u00f6guleg hugtakasaga; \u00fear sem hugt\u00f6k hafa mismunandi merkingu \u00ed mismunandi hef\u00f0um er tilgreind s\u00fa merking sem gildir \u00e1 iWell Guard.<\/p><p>S\u00e1 sem rekst \u00e1 hugtak \u00ed \u00e1kve\u00f0inni grein og veit ekki hva\u00f0 \u00e1tt er vi\u00f0 finnur h\u00e9r stutta sk\u00fdringu me\u00f0 tilv\u00edsun \u00ed \u00edtarlegri umfj\u00f6llun. Hugt\u00f6kunum er skipt ni\u00f0ur \u00ed \u00ferj\u00fa svi\u00f0: <strong>verueflokka<\/strong>, <strong>undirflokka<\/strong> og <strong>i\u00f0kanir<\/strong>.<\/p><p>Or\u00f0asafni\u00f0 \u00fatsk\u00fdrir kjarnahugt\u00f6k verueflokkanna.<\/p><div><h3>A\u00f0fer\u00f0afr\u00e6\u00f0ileg sta\u00f0a or\u00f0asafnsins<\/h3><p>Or\u00f0asafni\u00f0 er \u00e1 iWell Guard ekki einf\u00f6ld hugtakaskr\u00e1 heldur a\u00f0fer\u00f0afr\u00e6\u00f0ilegt verkf\u00e6ri sem gerir m\u00f6gulega samanbur\u00f0arfr\u00e6\u00f0ilega flokkun \u00feeirra vera og i\u00f0kana sem skjalfestar eru. Hvert hugtak hefur sk\u00fdrt afmarka\u00f0 skilgreiningarhlutverk: \u00fea\u00f0 setur fram flokkunarramma sem einstakar undirs\u00ed\u00f0ur m\u00e1 sta\u00f0setja innan.<\/p><p>Hugtakamyndunin fylgir tveimur meginreglum: \u00ed fyrsta lagi tr\u00faarbrag\u00f0afr\u00e6\u00f0ilegri hef\u00f0 (Burkert fyrir gr\u00edsk tr\u00faarbr\u00f6g\u00f0, Bott\u00e9ro fyrir mes\u00f3p\u00f3tam\u00edsk, Schimmel fyrir \u00edsl\u00f6msk, Eliade fyrir samanbur\u00f0arhugt\u00f6k), \u00ed \u00f6\u00f0ru lagi flokkunarr\u00f6kfr\u00e6\u00f0i sem er s\u00e9rt\u00e6k fyrir iWell Guard (verueflokkar, hef\u00f0arpillur, verndar-<span class=\"iwg-fachbegriff\" data-tooltip=\"Heilagt or\u00f0 e\u00f0a form\u00fala sem endurtekin er \u00ed hind\u00faisma og b\u00faddisma.\" tabindex=\"0\">mantra<\/span>-l\u00f6g).<\/p><\/div>\t\t\t\t\t\t\t\t<\/div>\n\t\t\t\t\t<\/div>\n\t\t\t\t<\/div>\n\t\t\t\t\t<\/div>\n\t\t\t\t<\/div>\n\t\t<div class=\"elementor-element elementor-element-add-glossar-s0 e-con-boxed e-flex e-con e-parent\" data-id=\"add-glossar-s0\" data-element_type=\"container\" data-e-type=\"container\">\n\t\t\t\t\t<div class=\"e-con-inner\">\n\t\t\t\t<div class=\"elementor-element elementor-element-add-glossar-h0 elementor-widget elementor-widget-heading\" data-id=\"add-glossar-h0\" data-element_type=\"widget\" data-e-type=\"widget\" data-widget_type=\"heading.default\">\n\t\t\t\t\t<h2 class=\"elementor-heading-title elementor-size-default\">Verutegundir<\/h2>\t\t\t\t<\/div>\n\t\t<div class=\"elementor-element elementor-element-add-glossar-s0-bw e-flex e-con-boxed e-con e-parent\" data-id=\"add-glossar-s0-bw\" data-element_type=\"container\" data-e-type=\"container\" data-settings=\"{&quot;background_background&quot;:&quot;classic&quot;}\">\n\t\t\t\t\t<div class=\"e-con-inner\">\n\t\t\t\t<div class=\"elementor-element elementor-element-add-glossar-t0 elementor-widget elementor-widget-text-editor\" data-id=\"add-glossar-t0\" data-element_type=\"widget\" data-e-type=\"widget\" data-widget_type=\"text-editor.default\">\n\t\t\t\t\t\t\t\t\t<p><strong>Gu\u00f0 \/ gy\u00f0ja:<\/strong> Pers\u00f3nuger\u00f0 \u00e6\u00f0sta m\u00e1ttarvald \u00ed <span class=\"iwg-fachbegriff\" data-tooltip=\"Heild gu\u00f0a \u00ed tr\u00faarbr\u00f6g\u00f0um e\u00f0a menningu.\" tabindex=\"0\">go\u00f0afr\u00e6\u00f0inni (pantheon)<\/span> tiltekinnar menningar. Gu\u00f0ir hafa s\u00e9rnafn, sk\u00fdrt afmarka\u00f0 valdsvi\u00f0 (himin, str\u00ed\u00f0, dau\u00f0a, \u00e1st, sk\u00f6pun), f\u00f6st einkenni (d\u00fdr, pl\u00f6ntur, verkf\u00e6ri) og eru hluti af stigskiptri <span class=\"iwg-fachbegriff\" data-tooltip=\"Heild gu\u00f0a \u00ed tr\u00faarbr\u00f6g\u00f0um e\u00f0a menningu.\" tabindex=\"0\">go\u00f0askipan<\/span>.<\/p><p>\u00c1 iWell Guard er hugtaki\u00f0 gu\u00f0 fr\u00e1teki\u00f0 fyrir toppinn \u00ed vi\u00f0komandi tr\u00faarhef\u00f0; yfirn\u00e1tt\u00farulegar verur \u00e1 l\u00e6gra stigi eru flokka\u00f0ar sem dj\u00f6flar, andar e\u00f0a lj\u00f3sverur. Sj\u00e1 yfirlit <a href=\"https:\/\/iwell-guard.com\/is\/?page_id=168679\">Gu\u00f0ir<\/a>.<\/p><p><strong><span class=\"iwg-fachbegriff\" data-tooltip=\"Andleg vera sem eignu\u00f0 er ska\u00f0leg e\u00f0a tv\u00edr\u00e6\u00f0 \u00e1hrif.\" tabindex=\"0\">Dj\u00f6full\/d\u00e6m\u00f3n<\/span>:<\/strong> Yfirn\u00e1tt\u00faruleg vera undir gu\u00f0unum, \u00ed \u00ferengri tr\u00faars\u00f6gulegum skilningi ska\u00f0aleitandi. Hugtaki\u00f0 hefur fari\u00f0 \u00ed gegnum merkingarbreytingu: \u00ed gr\u00edska or\u00f0inu <em>daimonion<\/em> var \u00fea\u00f0 upphaflega tv\u00edr\u00e6tt e\u00f0a hlutlaust (jafnvel innri r\u00f6dd S\u00f3kratesar bar \u00feetta nafn), en \u00ed kristinni <span class=\"iwg-fachbegriff\" data-tooltip=\"V\u00edsindaleg fr\u00e6\u00f0igrein um Gu\u00f0 og tr\u00fa tiltekinna tr\u00faarbrag\u00f0a.\" tabindex=\"0\">gu\u00f0fr\u00e6\u00f0i<\/span> og \u00fev\u00ed sem af henni erf\u00f0ist f\u00e9kk \u00fea\u00f0 einv\u00f6r\u00f0ungu neikv\u00e6\u00f0a merkingu.<\/p><p>Vi\u00f0 notum hugtaki\u00f0 \u00ed n\u00fat\u00edmalegum, fr\u00e6\u00f0ilega vi\u00f0urkenndum skilningi, ska\u00f0aleitandi vera, og gerum merkingarbreytingar sk\u00fdrar \u00ed einst\u00f6kum umfj\u00f6llunum. Sj\u00e1 yfirlit <a href=\"https:\/\/iwell-guard.com\/is\/djoflar\/\">Dj\u00f6flar<\/a>.<\/p><p><strong><span class=\"iwg-fachbegriff\" data-tooltip=\"L\u00edkamslaus vera sem eignu\u00f0 er \u00e1hrif \u00ed heiminum.\" tabindex=\"0\">Andi<\/span>:<\/strong> Vera me\u00f0 tengsl vi\u00f0 hina l\u00e1tnu, n\u00e1tt\u00farusta\u00f0i e\u00f0a \u00fer\u00f6skuldsreynslu. Andar eru oft bundnir sta\u00f0 (lind, sk\u00f3gur, kirkjugar\u00f0ur) e\u00f0a t\u00edma (stundaandar). Flokkurinn n\u00e6r b\u00e6\u00f0i yfir birtingar hinna l\u00e1tnu (Yuurei, Edimmu, Preta) og n\u00e1tt\u00faru- og frumefnaverur (Rusalka, Kappa, Kobold). Sj\u00e1 yfirlit <a href=\"https:\/\/iwell-guard.com\/is\/?page_id=168677\">Andar<\/a>.<\/p><p><strong>Lj\u00f3svera:<\/strong> Andleg hj\u00e1lparvera \u00far vestr\u00e6nni <span class=\"iwg-fachbegriff\" data-tooltip=\"Samheiti yfir kenningar sem segjast fela \u00ed s\u00e9r \u00feekkingu sem a\u00f0eins innv\u00edg\u00f0ir hafa a\u00f0gang a\u00f0.\" tabindex=\"0\">dulspeki<\/span>, \u00fee\u00f3s\u00f3f\u00edu og New Age-hef\u00f0inni, erkiengla, uppstignar meistara, h\u00e1tt\u00ed\u00f0niverur. Flokkurinn er tr\u00faars\u00f6gulega ungur; eldri \u00fe\u00e6ttir (j\u00fade\u00f3-kristin-\u00edsl\u00f6msk erkiengla-skipan) eru fjalla\u00f0ir me\u00f0 fullum heimildagrunni, n\u00fdrri \u00fe\u00e6ttir (uppstignir meistarar) me\u00f0 sk\u00fdrri tilv\u00edsun \u00ed \u00fee\u00f3s\u00f3f\u00edskan\/n\u00fat\u00edmalegan uppruna. Sj\u00e1 yfirlit <a href=\"https:\/\/iwell-guard.com\/is\/?page_id=168678\">Lj\u00f3sverur<\/a>.<\/p><div><h3>N\u00e1nari skilgreiningar verueflokka<\/h3><p><strong>Uppstignir meistarar<\/strong>. Samheiti \u00ed \u00fee\u00f3s\u00f3f\u00edsk-amer\u00edskri lj\u00f3svinnuhef\u00f0 yfir yfirskilvitlegar kennaraverur sem voru \u00fatf\u00e6r\u00f0ar sem tr\u00faarlegur flokkur \u00e1 20. \u00f6ld af Helenu Petrovnu Blavatsky, Charles Webster Leadbeater, Guy Ballard og Elizabeth Clare Prophet.<\/p><p>Mikilv\u00e6gustu fulltr\u00faarnir eru Saint Germain, El Morya, Kuthumi, Sananda, Maitreya. S\u00f6gulega er flokkurinn ungur; hann tengir saman austurlenskar bodhisattva-hugmyndir og vestr\u00e6na engjafr\u00e6\u00f0i og hermet\u00edska gullger\u00f0arlist \u00ed eigin samsetningu.<\/p><p><strong>Erkienglar<\/strong>. \u00cd j\u00fade\u00f3-kristinni-\u00edsl\u00f6mskri hef\u00f0 h\u00e6sta st\u00e9tt <span class=\"iwg-fachbegriff\" data-tooltip=\"\u00cd abraham\u00edskum tr\u00faarbr\u00f6g\u00f0um himnesk sendivera Gu\u00f0s.\" tabindex=\"0\">engla<\/span> me\u00f0 eigi\u00f0 nafn. Hinir fj\u00f3rir kan\u00f3n\u00edsku eru M\u00edkael, Gabr\u00edel, Rafael, \u00dar\u00edel; \u00ed austurr\u00e9tttr\u00fana\u00f0ar- og kopt\u00edskri hef\u00f0 eru taldir sj\u00f6 erkienglar (auk \u00feess Selaf\u00edel, Jeg\u00fad\u00edel, Barak\u00edel).<\/p><p>\u00cd j\u00fad\u00edskri <span class=\"iwg-fachbegriff\" data-tooltip=\"Tr\u00faarstefna sem leggur \u00e1herslu \u00e1 beina upplifun af Gu\u00f0i.\" tabindex=\"0\">dulhyggju<\/span> kemur Metatron fram sem s\u00e9rst\u00f6k vera yfir erkiengla-flokknum. \u00cd helgig\u00f6ldrahef\u00f0inni eru erkienglarnir tengdir h\u00f6fu\u00f0\u00e1ttunum, samkv\u00e6mt Golden Dawn-hef\u00f0inni: M\u00edkael su\u00f0ur, Gabr\u00edel nor\u00f0ur, Rafael austur, \u00dar\u00edel vestur.<\/p><p><strong>Lwa og Orisha<\/strong>. Lwa eru <span class=\"iwg-fachbegriff\" data-tooltip=\"L\u00edkamslaus vera sem eignu\u00f0 er \u00e1hrif \u00ed heiminum.\" tabindex=\"0\">anda<\/span>verur ha\u00edt\u00edsku Vodou-hef\u00f0arins, skipt \u00ed go\u00f0aflokkana Rada (kaldar verur, af vestur-afr\u00edskum Fon-uppruna) og Petro (heitar verur, af kre\u00f3l-uppruna). Skyldar a\u00f0 byggingu eru Orisha-verur Yoruba-hef\u00f0arinnar \u00ed Vestur-Afr\u00edku og afr\u00f3-brasil\u00edsk \u00fatg\u00e1fa \u00feeirra sem Orix\u00e1 \u00ed Candombl\u00e9-hef\u00f0inni.<\/p><\/div>\t\t\t\t\t\t\t\t<\/div>\n\t\t\t\t\t<\/div>\n\t\t\t\t<\/div>\n\t\t\t\t\t<\/div>\n\t\t\t\t<\/div>\n\t\t<div class=\"elementor-element elementor-element-add-glossar-s1 e-con-boxed e-flex e-con e-parent\" data-id=\"add-glossar-s1\" data-element_type=\"container\" data-e-type=\"container\">\n\t\t\t\t\t<div class=\"e-con-inner\">\n\t\t\t\t<div class=\"elementor-element elementor-element-add-glossar-h1 elementor-widget elementor-widget-heading\" data-id=\"add-glossar-h1\" data-element_type=\"widget\" data-e-type=\"widget\" data-widget_type=\"heading.default\">\n\t\t\t\t\t<h2 class=\"elementor-heading-title elementor-size-default\">Undirflokkar (\u00farval)<\/h2>\t\t\t\t<\/div>\n\t\t<div class=\"elementor-element elementor-element-add-glossar-s1-bw e-flex e-con-boxed e-con e-parent\" data-id=\"add-glossar-s1-bw\" data-element_type=\"container\" data-e-type=\"container\" data-settings=\"{&quot;background_background&quot;:&quot;classic&quot;}\">\n\t\t\t\t\t<div class=\"e-con-inner\">\n\t\t\t\t<div class=\"elementor-element elementor-element-add-glossar-t1 elementor-widget elementor-widget-text-editor\" data-id=\"add-glossar-t1\" data-element_type=\"widget\" data-e-type=\"widget\" data-widget_type=\"text-editor.default\">\n\t\t\t\t\t\t\t\t\t<p>\u00c6\u00f0stu go\u00f0: \u00c6\u00f0stu gu\u00f0ir \u00ed go\u00f0afr\u00e6\u00f0i, Seifur \u00ed \u00f3lymp\u00edska kerfinu, \u00d3\u00f0inn \u00ed germanska kerfinu, An \u00ed s\u00famerska kerfinu, Re e\u00f0a Amun \u00ed egypska kerfinu. \u00c6\u00f0stu go\u00f0 eru a\u00f0 jafna\u00f0i fe\u00f0raveldistengd, tengd himni og \u00ferumum, og hafa oft sk\u00f6punar- e\u00f0a skipulagshlutverk.<\/p><p>Dau\u00f0agu\u00f0ir: Stj\u00f3rnendur undirheima, Hades, Osiris, Hel, Yama. Dau\u00f0agu\u00f0ir eru tr\u00faars\u00f6gulega s\u00e9rstaklega st\u00f6\u00f0ugir; margar menningarheimar greina \u00e1 milli dau\u00f0agu\u00f0s (me\u00f0 eigin konungd\u00f3mi \u00ed undirheimum) og dau\u00f0aanda (hinna l\u00e1tnu sj\u00e1lfra).<\/p><p>Verndargu\u00f0ir: Verndarar og haldverjar einstaklinga, sta\u00f0a og starfsgreina, Bes sem verndargu\u00f0 \u00feunga\u00f0ra kvenna \u00ed Egyptalandi, Tyche\/Fortuna sem verndargy\u00f0ja borgarinnar \u00e1 hellen\u00edska-r\u00f3mverska sv\u00e6\u00f0inu, Inari sem verndari hr\u00edsgrj\u00f3nab\u00e6nda \u00ed Japan.<\/p><p>Andst\u00e6\u00f0ugu\u00f0ir: \u00d3rei\u00f0u\u00f6fl og andst\u00e6\u00f0ingar, oft sem m\u00f3tv\u00e6gi vi\u00f0 \u00e6\u00f0stu go\u00f0in, Tiamat \u00ed bab\u00fdlonsku sk\u00f6punars\u00f6gunni, Ap\u00f3fis sem h\u00f6ggormsandst\u00e6\u00f0ingur Res, Loki \u00ed germ\u00f6nskri <span class=\"iwg-fachbegriff\" data-tooltip=\"Heildarsafn \u00feeirra gu\u00f0asagna sem var\u00f0veist hafa \u00far menningu.\" tabindex=\"0\">go\u00f0afr\u00e6\u00f0i<\/span>, Mara \u00ed b\u00fadd\u00edskum ritum.<\/p><p>Dau\u00f0aandar: Andar hinna l\u00e1tnu, Edimmu (mes\u00f3p\u00f3tam\u00edskt), Yuurei (japanskt), Preta (b\u00fadd\u00edskt), Banshee (\u00edrskt). \u00deessi flokkur er s\u00e9rlega vel skjalfestur \u00fevert \u00e1 menningarheima.<\/p><p>Vatnav\u00e6ttir, sk\u00f3garv\u00e6ttir, hamskiptingar: Sta\u00f0bundnar n\u00e1tt\u00faruv\u00e6ttir. Vatnav\u00e6ttir eru oft kvenkyns (Rusalka, nykur, Mami Wata) og tengjast lindum, \u00e1m e\u00f0a v\u00f6tnum. Sk\u00f3garv\u00e6ttir eru mi\u00f0l\u00e6gar \u00ed slavneskum og germ\u00f6nskum hef\u00f0um (Leshy, sk\u00f3garkonur); hamskiptingar eru s\u00e9rlega vel greindur flokkur \u00fat af fyrir sig \u00ed keltneskri, japanskri og k\u00ednverskri hef\u00f0.<\/p><p><span class=\"iwg-fachbegriff\" data-tooltip=\"Himneskur sendibo\u00f0i Gu\u00f0s \u00ed abraham\u00edskum tr\u00faarbr\u00f6g\u00f0um.\" tabindex=\"0\">Englar<\/span> og erkienglar: Sendibo\u00f0ar og stigveldisverur \u00ed gy\u00f0ing-kristinni-\u00edslamskri hef\u00f0; \u00e1 iWell Guard flokka\u00f0ir sem lj\u00f3sverur, me\u00f0 erkienglunum fj\u00f3rum M\u00edkael, Gabr\u00edel, Rafael, \u00dar\u00edel og Metatron sem lykilverum.<\/p><div><h3>Frekari undirflokkar<\/h3><p><strong>Goetia<\/strong>. Hef\u00f0 helgisi\u00f0abundinnar <span class=\"iwg-fachbegriff\" data-tooltip=\"B\u00e6narleg e\u00f0a \u00e1kallandi \u00e1varp til gu\u00f0s e\u00f0a m\u00e1ttarvalds.\" tabindex=\"0\">\u00e1kalls<\/span> til 72 dj\u00f6fla \u00far Lemegeton (Litla lykli Sal\u00f3mons). S\u00f6gulega evr\u00f3psk fr\u00e1 \u00e1rn\u00fd\u00f6ld, me\u00f0 r\u00e6tur \u00ed gy\u00f0inglegum ap\u00f3kr\u00fdfum, hellen\u00edska og arab\u00edska.<\/p><p><span data-nosnippet>Helstu \u00fatg\u00e1furnar eru Pseudomonarchia Daemonum (Weyer 1577), Discoverie of Witchcraft (Scot 1584), The Goetia (Mathers\/Crowley 1904) og The Lesser Key of Solomon (Peterson 2001). \u00cdtarleg umfj\u00f6llun er \u00e1 mi\u00f0s\u00ed\u00f0unni <a href=\"https:\/\/iwell-guard.com\/is\/?page_id=168869\">\/goetia\/<\/a>.<\/span><\/p><p><strong>Vodou<\/strong>. Ha\u00edt\u00edsk tr\u00faarleg samsu\u00f0a \u00far vestur-afr\u00edskum Fon- og Yoruba-hef\u00f0um me\u00f0 kre\u00f3l-kar\u00edb\u00edskum \u00fe\u00e1ttum, sem \u00fer\u00f3a\u00f0ist \u00ed \u00fer\u00e6lahaldi \u00e1rn\u00fdaldar. Skyldar hef\u00f0ir eru Santer\u00eda (K\u00faba), Candombl\u00e9 (Brasil\u00eda) og Lukum\u00ed (dreifb\u00fdlish\u00f3par).<\/p><p><span data-nosnippet>Mikilv\u00e6gasta fr\u00e6\u00f0ilega umfj\u00f6llunin er Maya Deren, <em>Divine Horsemen<\/em> (1953), Karen McCarthy Brown, <em>Mama Lola<\/em> (1991), Patrick Bellegarde-Smith, <em>Haiti and the Truth of Vodou<\/em> (2006). \u00cdtarleg umfj\u00f6llun er \u00e1 mi\u00f0s\u00ed\u00f0unni <a href=\"https:\/\/iwell-guard.com\/is\/?page_id=168865\">\/vodou\/<\/a>.<\/span><\/p><p><strong>Goetia \/ Lemegeton<\/strong>. Mikilv\u00e6gt: Lemegeton v\u00edsar til heildarverksins sem samanstendur af fimm b\u00f3kum (Goetia, Theurgia-Goetia, Ars Paulina, Ars Almadel, Ars Notoria); Goetia v\u00edsar \u00ed \u00ferengri skilningi einungis til fyrsta hlutans. \u00cd almennri m\u00f3tt\u00f6ku eru hugt\u00f6kin oft notu\u00f0 sem samheiti, sem er \u00f3n\u00e1kv\u00e6mt \u00fat fr\u00e1 tr\u00faars\u00f6gu.<\/p><p><strong>Schemhamphorasch<\/strong>. \u00cd gy\u00f0inglegri <span class=\"iwg-fachbegriff\" data-tooltip=\"Tr\u00faarstefna sem leggur \u00e1herslu \u00e1 beina gu\u00f0sreynslu.\" tabindex=\"0\">dulhyggju<\/span> 72 stafa nafn Gu\u00f0s, dregi\u00f0 af \u00feremur versum \u00ed 2. M\u00f3seb\u00f3k 14,19-21 (hvert vers 72 stafir). \u00cd mi\u00f0aldakabbala (Sefer Raziel HaMalakh, Sohar) er 72 englum \u00fathluta\u00f0 \u00feessum 72 versum, en \u00feeim er s\u00ed\u00f0an \u00ed helgisi\u00f0abundinni hef\u00f0 (Athanasius Kircher, Eliphas Levi, Golden Dawn) stillt upp sem verndarlagi gegn 72 Goetia-dj\u00f6flunum.<\/p><\/div>\t\t\t\t\t\t\t\t<\/div>\n\t\t\t\t\t<\/div>\n\t\t\t\t<\/div>\n\t\t\t\t\t<\/div>\n\t\t\t\t<\/div>\n\t\t<div class=\"elementor-element elementor-element-add-glossar-s2 e-con-boxed e-flex e-con e-parent\" data-id=\"add-glossar-s2\" data-element_type=\"container\" data-e-type=\"container\">\n\t\t\t\t\t<div class=\"e-con-inner\">\n\t\t\t\t<div class=\"elementor-element elementor-element-add-glossar-h2 elementor-widget elementor-widget-heading\" data-id=\"add-glossar-h2\" data-element_type=\"widget\" data-e-type=\"widget\" data-widget_type=\"heading.default\">\n\t\t\t\t\t<h2 class=\"elementor-heading-title elementor-size-default\">Athafnir (\u00farval)<\/h2>\t\t\t\t<\/div>\n\t\t<div class=\"elementor-element elementor-element-add-glossar-s2-bw e-flex e-con-boxed e-con e-parent\" data-id=\"add-glossar-s2-bw\" data-element_type=\"container\" data-e-type=\"container\" data-settings=\"{&quot;background_background&quot;:&quot;classic&quot;}\">\n\t\t\t\t\t<div class=\"e-con-inner\">\n\t\t\t\t<div class=\"elementor-element elementor-element-add-glossar-t2 elementor-widget elementor-widget-text-editor\" data-id=\"add-glossar-t2\" data-element_type=\"widget\" data-e-type=\"widget\" data-widget_type=\"text-editor.default\">\n\t\t\t\t\t\t\t\t\t<footer class=\"iwg-literatur\"><p>Goetia: <span class=\"iwg-fachbegriff\" data-tooltip=\"A\u00f0 \u00e1varpa me\u00f0 b\u00e6n e\u00f0a \u00e1k\u00f6llun go\u00f0veru e\u00f0a m\u00e1tt.\" tabindex=\"0\">\u00c1kall<\/span> \u00e1 72 dj\u00f6fla Sal\u00f3mons samkv\u00e6mt hinu snemmn\u00fat\u00edmalega galdrariti <em>Lemegeton<\/em>. Goetia er helgiathafna-galdrahef\u00f0 sem f\u00e9kk n\u00faverandi mynd s\u00edna \u00e1 16.\/17. \u00f6ld og byggir \u00e1 eldri gy\u00f0inglegum og arab\u00edskum fyrirmyndum. Sj\u00e1 n\u00e1nar <a href=\"https:\/\/iwell-guard.com\/is\/?page_id=168869\">Goetia<\/a>.<\/p><p><strong>S\u00e6ringar (nekr\u00f3mant\u00eda):<\/strong> <span class=\"iwg-fachbegriff\" data-tooltip=\"A\u00f0 \u00e1varpa me\u00f0 b\u00e6n e\u00f0a \u00e1k\u00f6llun go\u00f0veru e\u00f0a m\u00e1tt.\" tabindex=\"0\">\u00c1kall<\/span> hinna l\u00e1tnu \u00ed sp\u00e1d\u00f3ms- e\u00f0a yfirheyrslutilgangi. I\u00f0kunin er sta\u00f0fest \u00ed n\u00e1nast \u00f6llum fornum menningarheimum vi\u00f0 Mi\u00f0jar\u00f0arhaf (S\u00e1l og konan \u00ed Endor \u00ed 1. Sam\u00faelsb\u00f3k, samtal \u00d3dysseifs vi\u00f0 hina l\u00e1tnu \u00ed \u00d3dysseifskvi\u00f0u), gengur \u00ed gegnum umbreytingar \u00e1 mi\u00f0\u00f6ldum og er \u00e1 s\u00ed\u00f0ari \u00f6ldum flokku\u00f0 sem s\u00e9rst\u00f6k grein innan <span class=\"iwg-fachbegriff\" data-tooltip=\"I\u00f0kanir sem reyna a\u00f0 hafa \u00e1hrif \u00e1 framvindu m\u00e1la me\u00f0 s\u00e9rst\u00f6kum ath\u00f6fnum e\u00f0a form\u00falum.\" tabindex=\"0\">galdurs<\/span>.<\/p><p><strong>Ska\u00f0agaldur:<\/strong> Al\u00fe\u00fd\u00f0ugaldursi\u00f0kun sem mi\u00f0ar a\u00f0 \u00fev\u00ed a\u00f0 ska\u00f0a a\u00f0ra manneskju. Hugmyndirnar eru \u00e1\u00feekkar \u00ed n\u00e1nast \u00f6llum menningarheimum (b\u00f6lvanir, bindingar, ska\u00f0a\u00f3skir \u00ed gegnum t\u00e1knr\u00e6na i\u00f0kun); r\u00e9ttars\u00f6gulegt og f\u00e9lagss\u00f6gulegt mikilv\u00e6gi er s\u00e9rstaklega vel skr\u00e1\u00f0 \u00ed evr\u00f3pska nornavei\u00f0am\u00e1linu.<\/p><p><strong>\u00c1stargaldur:<\/strong> Al\u00fe\u00fd\u00f0ugaldursi\u00f0kun sem mi\u00f0ar a\u00f0 \u00fev\u00ed a\u00f0 f\u00e1 a\u00f0ra manneskju til a\u00f0 elska e\u00f0a sofa hj\u00e1 einhverjum. Einnig h\u00e9r eru i\u00f0kanir \u00e1\u00feekkar \u00fevert \u00e1 menningarheima (drykkir, bundnir hlutir, <span class=\"iwg-fachbegriff\" data-tooltip=\"A\u00f0 \u00e1varpa me\u00f0 b\u00e6n e\u00f0a \u00e1k\u00f6llun go\u00f0veru e\u00f0a m\u00e1tt.\" tabindex=\"0\">\u00e1kall<\/span>). Sj\u00e1 yfirlit <a href=\"https:\/\/iwell-guard.com\/is\/?page_id=168734\">\u00c1stargaldur<\/a>.<\/p><p><strong><a href=\"https:\/\/iwell-guard.com\/is\/?page_id=168888\">Svefnl\u00f6mun<\/a>:<\/strong> L\u00edfe\u00f0lisfr\u00e6\u00f0ilegt fyrirb\u00e6ri sem er \u00feekkt \u00fevert \u00e1 menningarheima og er \u00ed mi\u00f0ilslegri og al\u00fe\u00fd\u00f0utr\u00faarlegri t\u00falkun tengt birtingum incubus, succubus e\u00f0a martra\u00f0arv\u00e6tta (Mahr). Vi\u00f0 fj\u00f6llum um fyrirb\u00e6ri\u00f0 \u00ed einst\u00f6kum umfj\u00f6llunum me\u00f0 sk\u00fdrri tilv\u00edsun \u00ed svefnl\u00e6knisfr\u00e6\u00f0ilega sk\u00fdringu og s\u00f6gulega t\u00falkunarhef\u00f0. Sj\u00e1 <a href=\"https:\/\/iwell-guard.com\/is\/?page_id=168871\">Succubus<\/a>, <a href=\"https:\/\/iwell-guard.com\/is\/?page_id=168870\">Incubus<\/a>, Mahr (\u00ed <a href=\"https:\/\/iwell-guard.com\/is\/?page_id=168614\">Germ\u00f6nsk hef\u00f0<\/a>).<\/p><p><strong>Mi\u00f0ilsleg uppl\u00fdsing:<\/strong> \u00c1 iWell Guard er \u00feetta hugtak nota\u00f0 um skynjunarefni sem koma ekki fr\u00e1 s\u00f6gulegum heimildum heldur fr\u00e1 mi\u00f0lum sem starfa me\u00f0 mi\u00f0ilsg\u00e1fu. \u00deessar uppl\u00fdsingar eru \u00e1vallt merktar sk\u00fdrt sem sl\u00edkar og aldrei blanda\u00f0ar saman vi\u00f0 heimildasta\u00f0reyndir. Sj\u00e1 <a href=\"https:\/\/iwell-guard.com\/is\/?page_id=168725\">Mi\u00f0ilsleg uppl\u00fdsing<\/a>.<\/p><p><strong>Orkugreining:<\/strong> A\u00f0fer\u00f0afr\u00e6\u00f0ileg lei\u00f0 til mi\u00f0ilslegrar ranns\u00f3knar \u00e1 manneskju, sta\u00f0 e\u00f0a hlut. Vi\u00f0 l\u00fdsum a\u00f0fer\u00f0inni undir <a href=\"https:\/\/iwell-guard.com\/is\/?page_id=168726\">Pr\u00f3fun<\/a>; h\u00fan er ekki v\u00edsindalega sta\u00f0fest en er \u00fe\u00f3 vi\u00f0urkennt verkf\u00e6ri innan mi\u00f0ilslegrar i\u00f0kunar.<\/p><p>Verndargripur: Hlutur sem borinn er \u00e1 l\u00edkamanum til varnar gegn ska\u00f0legum \u00e1hrifum. iWell Guard tilheyrir \u00feessum flokki; \u00e1\u00feekkir hlutir m\u00e1 finna \u00ed fj\u00f6lm\u00f6rgum menningarheimum (Pazuzu-gripur gegn Lamashtu \u00ed Mes\u00f3p\u00f3tam\u00edu, augnverndargripir gegn illu auga vi\u00f0 Mi\u00f0jar\u00f0arhaf, mez\u00fasa \u00ed gy\u00f0inglegri hef\u00f0). Sj\u00e1 <a href=\"https:\/\/iwell-guard.com\/is\/?page_id=168681\">Um iWell Guard<\/a>.<\/p><p>Kosm\u00edskt uppl\u00fdsingasvi\u00f0: \u00c1 iWell Guard er \u00feetta hugtak nota\u00f0 um heild \u00feeirra mi\u00f0ilslegu tenginga sem h\u00e6gt er a\u00f0 skynja milli manneskja, sta\u00f0a og vera. Hugtaki\u00f0 \u00e1 ekki a\u00f0 skiljast \u00ed n\u00e1tt\u00faruv\u00edsindalegum e\u00f0a e\u00f0lisfr\u00e6\u00f0ilegum skilningi heldur sem a\u00f0fer\u00f0afr\u00e6\u00f0ilegur rammi til a\u00f0 flokka mi\u00f0ilslega skynjun. Sj\u00e1 <a href=\"https:\/\/iwell-guard.com\/is\/?page_id=168724\">Kosm\u00edskt uppl\u00fdsingasvi\u00f0<\/a>.<\/p><p data-nosnippet=\"true\">Verndari\u00f0kun: Samheiti yfir heild \u00feeirra athafna sem manneskja notar til a\u00f0 verjast ska\u00f0legum \u00e1hrifum, allt fr\u00e1 \u00fev\u00ed a\u00f0 bera verndargrip til a\u00f0 setja orkum\u00f6rk og \u00e1k\u00f6llunar verndandi vera. Vi\u00f0 fj\u00f6llum um verndari\u00f0kun \u00e1 a\u00f0fer\u00f0afr\u00e6\u00f0ilegan h\u00e1tt og \u00e1n l\u00e6kningalofor\u00f0a; reynslus\u00f6gurnar undir <a href=\"https:\/\/iwell-guard.com\/is\/?page_id=168682\">Reynslus\u00f6gur<\/a> s\u00fdna fj\u00f6lbreytni notkunar.<\/p><p><span class=\"iwg-fachbegriff\" data-tooltip=\"A\u00f0 \u00e1varpa me\u00f0 b\u00e6n e\u00f0a \u00e1k\u00f6llun go\u00f0veru e\u00f0a m\u00e1tt.\" tabindex=\"0\">\u00c1kall<\/span>: Helgiath\u00f6fn e\u00f0a huglei\u00f0slui\u00f0kun \u00fear sem veru er \u00e1varpa\u00f0 beint, hvort sem \u00fea\u00f0 er gu\u00f0, erkiengill, <span class=\"iwg-fachbegriff\" data-tooltip=\"Andleg vera sem talin er hafa ska\u00f0leg e\u00f0a tv\u00edr\u00e6\u00f0 \u00e1hrif.\" tabindex=\"0\">dj\u00f6full<\/span> e\u00f0a <span class=\"iwg-fachbegriff\" data-tooltip=\"L\u00edkamslaus vera sem talin er hafa \u00e1hrif \u00ed heiminum.\" tabindex=\"0\">andi<\/span>. \u00c1kall er lykil\u00fe\u00e1ttur \u00ed n\u00e1nast \u00f6llum tr\u00faarhef\u00f0um og helgiathafna-galdri. Vi\u00f0 l\u00fdsum \u00fev\u00ed \u00e1 fyrirb\u00e6rafr\u00e6\u00f0ilegan h\u00e1tt \u00e1n \u00feess a\u00f0 m\u00e6la me\u00f0 \u00fev\u00ed e\u00f0a d\u00e6ma \u00fea\u00f0; i\u00f0kunin er \u00e1 \u00e1byrg\u00f0 hvers og eins i\u00f0kanda.<\/p><p>Sta\u00f0h\u00e6fing (affirmation): \u00c1 iWell Guard er \u00feetta hugtak nota\u00f0 um m\u00e1lfarslega sj\u00e1lfsl\u00fdsingu innan verndari\u00f0kunar (t.d. \u201e\u00c9g er vernda\u00f0ur\/vernda\u00f0u\u00f0&#8220;, \u201e\u00c9g er borinn\/borin&#8220;). Hugtaki\u00f0 kemur \u00far n\u00fat\u00edma s\u00e1lfr\u00e6\u00f0i og er nota\u00f0 \u00ed mi\u00f0ilslegri i\u00f0kun sem verkf\u00e6ri til innri stefnum\u00f3tunar. Sj\u00e1 <a href=\"https:\/\/iwell-guard.com\/is\/?page_id=168874\">Sta\u00f0h\u00e6fingar<\/a>.<\/p><div data-nosnippet=\"true\" class=\"iwg-litliste\"><p><strong>Valin heimildaskr\u00e1 fyrir or\u00f0asafn:<\/strong><\/p><ul><li><span data-nosnippet><strong>Eliade, Mircea (Ed.)<\/strong>: <em>The Encyclopedia of Religion. Macmillan, New York 1987 (16 vols.).<\/em><\/span><\/li><\/ul><p style=\"font-size:0.9em;opacity:0.85\"><em>Athugasemd:<\/em> \u00deetta \u00farval er til lei\u00f0sagnar; \u00edtarlegri greinar fylgja eigin, ritst\u00fdr\u00f0um heimildalista.<\/p><\/div><\/footer>\n<h2 id=\"fachbegriffe-und-methoden\">Fagor\u00f0 og a\u00f0fer\u00f0ir<\/h2>\n<p>\u00deessi hluti b\u00e6tir vi\u00f0 flokkunaror\u00f0asafn vera a\u00f0fer\u00f0afr\u00e6\u00f0ilegum, tr\u00faars\u00f6gulegum og fagm\u00e1lslegum grunni sem \u00edtars\u00ed\u00f0ur vefsins byggja \u00e1. F\u00e6rslurnar eru flokka\u00f0ar eftir efnissvi\u00f0i. \u00deeir sem sj\u00e1 hugtak \u00ed texta \u00e1 \u00edtars\u00ed\u00f0u birt sem yfirlitsv\u00edsbendingu (tooltip) og vilja lesa meira finna h\u00e9r \u00edtarlegri f\u00e6rslu me\u00f0 tilv\u00edsunarritum og krossv\u00edsunum.<\/p>\n\n<h3 id=\"quellen-korpus\">Heimildasafn<\/h3>\n\n<p><strong>Lemegeton<\/strong>. Lemegeton, einnig kalla\u00f0 <em>Litli lykill Sal\u00f3mons<\/em>, er safnhandrit \u00far snemmn\u00fat\u00edmalegri helgiathafna-galdrahef\u00f0 fr\u00e1 17. \u00f6ld.<\/p><p>\u00dea\u00f0 samanstendur af fimm b\u00f3kum: <em>Goetia<\/em> (<span class=\"iwg-fachbegriff\" data-tooltip=\"A\u00f0 \u00e1varpa me\u00f0 b\u00e6n e\u00f0a \u00e1k\u00f6llun go\u00f0veru e\u00f0a m\u00e1tt.\" tabindex=\"0\">\u00e1kall<\/span> \u00e1 72 dj\u00f6fla), <em>Theurgia-Goetia<\/em> (<span class=\"iwg-fachbegriff\" data-tooltip=\"A\u00f0 \u00e1varpa me\u00f0 b\u00e6n e\u00f0a \u00e1k\u00f6llun go\u00f0veru e\u00f0a m\u00e1tt.\" tabindex=\"0\">\u00e1kall<\/span> \u00e1 millig\u00f6ngu-anda h\u00f6fu\u00f0\u00e1tta), <em>Ars Paulina<\/em> (<span class=\"iwg-fachbegriff\" data-tooltip=\"\u00cd abraham\u00edsku tr\u00faarbr\u00f6g\u00f0unum himneskur sendibo\u00f0i Gu\u00f0s.\" tabindex=\"0\">engla<\/span>&#8211;<span class=\"iwg-fachbegriff\" data-tooltip=\"I\u00f0kanir sem reyna a\u00f0 hafa \u00e1hrif \u00e1 framvindu m\u00e1la me\u00f0 s\u00e9rst\u00f6kum ath\u00f6fnum e\u00f0a form\u00falum.\" tabindex=\"0\">galdur<\/span> eftir pl\u00e1netut\u00edmum), <em>Ars Almadel<\/em> (<span class=\"iwg-fachbegriff\" data-tooltip=\"A\u00f0 \u00e1varpa me\u00f0 b\u00e6n e\u00f0a \u00e1k\u00f6llun go\u00f0veru e\u00f0a m\u00e1tt.\" tabindex=\"0\">\u00e1kall<\/span> vi\u00f0 vaxt\u00f6flu) og <em>Ars Notoria<\/em> (minnisi\u00f0kun, elsta lagi\u00f0 fr\u00e1 13. \u00f6ld).<\/p><p><span data-nosnippet>Sta\u00f0al\u00fatg\u00e1furnar eru Joseph Peterson, <em>The Lesser Key of Solomon<\/em> (Weiser, 2001), og Stephen Skinner \/ David Rankine, <em>The Goetia of Dr Rudd<\/em> (Golden Hoard Press, 2007). \u00cdtarleg umfj\u00f6llun um Goetia-hlutann er \u00e1 <a href=\"https:\/\/iwell-guard.com\/is\/?page_id=168869\">\/goetia\/<\/a>.<\/span><\/p>\n\n<p><span data-nosnippet><strong>Pseudomonarchia Daemonum<\/strong>. Vi\u00f0auki vi\u00f0 a\u00f0alverk Johanns Weyer, <em>De praestigiis daemonum<\/em> (Basel, 1577). Elsta kerfisbundna skr\u00e1in yfir andana 72 sem s\u00ed\u00f0ar rann inn \u00ed Lemegeton.<\/span><\/p><p><span data-nosnippet>Reginald Scot \u00fe\u00fdddi hana \u00e1 ensku \u00e1ri\u00f0 1584 \u00ed <em>Discoverie of Witchcraft<\/em>. Sagnfr\u00e6\u00f0iranns\u00f3knir (Owen Davies, <em>Grimoires<\/em>, Oxford 2009) telja skr\u00e1 Weyers vera tengili\u00f0inn milli mi\u00f0aldalegs klerkagaldurs og borgaralegs galdurs snemmn\u00fat\u00edmans.<\/span><\/p>\n\n<p><strong><a href=\"https:\/\/iwell-guard.com\/is\/?page_id=168889\">Malleus Maleficarum<\/a> (<a class=\"iwg-fachbegriff\" href=\"https:\/\/iwell-guard.com\/is\/?page_id=168889\" tabindex=\"0\" data-tooltip=\"Malleus Maleficarum (1486\/87) eftir Heinrich Kramer; kennslub\u00f3k \u00ed nornaofs\u00f3knum me\u00f0 um 28 \u00fatg\u00e1fum fram til 1669.\" style=\"color:inherit;text-decoration:none\">Nornahamarinn<\/a>)<\/strong>. Mikilv\u00e6gasta kennslub\u00f3k snemmn\u00fat\u00edmalegra nornaofs\u00f3kna, samin \u00e1ri\u00f0 1487 af Heinrich Kramer (Institoris) og Jakob Sprenger. \u00der\u00edr hlutar: fr\u00e6\u00f0ilegur grunnur galdrastarfsemi, hagn\u00fdtar lei\u00f0beiningar fyrir ranns\u00f3knarr\u00e9tt og refsi\u00e1kv\u00e6\u00f0i.<\/p><p>Sagnfr\u00e6\u00f0iranns\u00f3knir (Wolfgang Behringer, Brian Levack) hafa greint \u00edtarlega \u00e1hrif verksins \u00e1 ofs\u00f3knir \u00ed Mi\u00f0- og Austur-Evr\u00f3pu. Fyrir succubus-incubus-<span class=\"iwg-fachbegriff\" data-tooltip=\"V\u00edsindaleg kenning um Gu\u00f0 og tr\u00fa innan tr\u00faarbrag\u00f0a.\" tabindex=\"0\">gu\u00f0fr\u00e6\u00f0i<\/span> er \u00fea\u00f0 lykilheimild.<\/p>\n\n<p><strong>Sefer Yetzira<\/strong>. Stutt dulspekilegt rit \u00far gy\u00f0inglegri hef\u00f0, l\u00edklega sami\u00f0 milli 2. og 6. aldar e.Kr. Telst grundvallarrit <span class=\"iwg-fachbegriff\" data-tooltip=\"Straumur innan gy\u00f0inglegrar dulspeki me\u00f0 h\u00f6fu\u00f0verkum eins og Sefer Jezira og Z\u00f3har.\" tabindex=\"0\">kabbala<\/span> og kynnir kenninguna um 22 hebresku b\u00f3kstafina og 10 sef\u00edr\u00f3t. Ariel Bension, Aryeh Kaplan og Gershom Scholem hafa \u00fe\u00fdtt \u00fea\u00f0 og sk\u00fdrt \u00e1 n\u00fat\u00edmatungum\u00e1lum.<\/p>\n\n<p><strong>Apokr\u00fdfa J\u00f3hannesar<\/strong>. Gnost\u00edskt rit \u00far Nag Hammadi-safninu (Codex II,1, Codex III,1, Codex IV,1, Codex Berolinensis 8502). L\u00edklega sami\u00f0 \u00e1 2. \u00f6ld e.Kr. \u00cdtarlegasta l\u00fdsingin \u00e1 gnost\u00edskri archon-<span class=\"iwg-fachbegriff\" data-tooltip=\"V\u00edsindaleg kenning um Gu\u00f0 og tr\u00fa innan tr\u00faarbrag\u00f0a.\" tabindex=\"0\">gu\u00f0fr\u00e6\u00f0i<\/span> og Yaldabaoth-pers\u00f3nunni.<\/p><p><span data-nosnippet>\u00datg\u00e1fa: <em>Nag Hammadi Deutsch<\/em> (Schenke \/ Bethge \/ Kaiser, 2 bindi, de Gruyter, 2001, 2003). Umfj\u00f6llun um archon-kenninguna bygg\u00f0 \u00e1 \u00feessum texta er \u00e1 <a href=\"https:\/\/iwell-guard.com\/is\/?page_id=168696\">\/archonten\/<\/a>.<\/span><\/p>\n\n<p><span data-nosnippet><strong>Garuda Purana<\/strong>. Hind\u00fa\u00edsk purana fr\u00e1 8. 10. \u00f6ld. Telst lykilheimild um landfr\u00e6\u00f0i hinna l\u00e1tnu, Yamaduta og karm\u00edska helv\u00edtiskerfi\u00f0. Er lesin \u00ed hind\u00faiskum helgisi\u00f0um vi\u00f0 dau\u00f0aferli. Sta\u00f0al\u00fe\u00fd\u00f0ing: Ernest Wood \/ S. V. Subrahmanyam, <em>Garuda Purana<\/em> (Sacred Books of the Hindus, 1911).<\/span><\/p>\n\n<p><span data-nosnippet><strong>Atharvaveda<\/strong>. Fj\u00f3r\u00f0i veda, um 1000 f.Kr. Elsta kerfisbundna verndar- og s\u00e6ringasafn indverskrar hef\u00f0ar. Inniheldur verndar\u00feulur, l\u00e6kningaform\u00falur og helgisi\u00f0i gegn sj\u00fakd\u00f3msdj\u00f6flum. Maurice Bloomfield (<em>Hymns of the Atharva Veda<\/em>, 1897) og Klaus Mylius (<em>Geschichte der Literatur im alten Indien<\/em>, 1983) eru sta\u00f0altilv\u00edsanir.<\/span><\/p>\n\n<p><strong>Eyrbyggja saga<\/strong>. \u00cdslendingasaga fr\u00e1 13. \u00f6ld. Ein mikilv\u00e6gasta heimild um draugatr\u00fa me\u00f0 \u00edtarlegum l\u00fdsingum \u00e1 afturg\u00f6ngum. Sagan fjallar um fj\u00f6lskyldu\u00e1t\u00f6k \u00e1 Sn\u00e6fellsnesi \u00e1 10. \u00f6ld og l\u00fdsir m\u00f6rgum tilvikum afturgangna sem \u00fearf a\u00f0 binda enda \u00e1 me\u00f0 <span class=\"iwg-fachbegriff\" data-tooltip=\"Tilheyrandi f\u00f6stum tr\u00faarlegum athafnaferli.\" tabindex=\"0\">helgisi\u00f0abundnum<\/span> e\u00f0a l\u00f6gformlegum h\u00e6tti.<\/p>\n\n<p><span data-nosnippet><strong>Konjaku Monogatari<\/strong>. Japanskt sagnasafn fr\u00e1 12. \u00f6ld (1120, 1140). Yfir 1000 s\u00f6gur \u00far indversk-b\u00fadd\u00edskri, k\u00ednverskri og japanskri hef\u00f0. Lykilheimild fyrir snemma flokkun tengu, yuurei og yokai. Sta\u00f0al\u00fe\u00fd\u00f0ing \u00e1 \u00fe\u00fdsku eftir Klaus M\u00fcller (Iudicium, 2001).<\/span><\/p>\n\n<p><strong><span class=\"iwg-fachbegriff\" data-tooltip=\"A\u00f0alverk rabb\u00ednsks gy\u00f0ingd\u00f3ms me\u00f0 \u00fatlistun \u00e1 tr\u00faarlegri hef\u00f0.\" tabindex=\"0\">Talm\u00fad<\/span>, Mishna, Z\u00f3har<\/strong>. \u00derj\u00fa l\u00f6g gy\u00f0inglegrar hef\u00f0ar. <em>Mishna<\/em> (ritu\u00f0 um 200 e.Kr. af Jeh\u00fada ha-Nasi) er elsta k\u00f3\u00f0un munnlegrar <span class=\"iwg-fachbegriff\" data-tooltip=\"Fimm b\u00e6kur M\u00f3se, grundvallarritsafn gy\u00f0ingd\u00f3ms.\" tabindex=\"0\">T\u00f3ru<\/span>. <em><span class=\"iwg-fachbegriff\" data-tooltip=\"A\u00f0alverk rabb\u00ednsks gy\u00f0ingd\u00f3ms me\u00f0 \u00fatlistun \u00e1 tr\u00faarlegri hef\u00f0.\" tabindex=\"0\">Talm\u00fad<\/span><\/em>, \u00ed bab\u00fdlonskri og jer\u00fasalemskri \u00fatg\u00e1fu, b\u00e6tir vi\u00f0 gemara-\u00fatlistunum (4. 6. \u00f6ld).<\/p><p><em>Z\u00f3har<\/em> (13. \u00f6ld, Sp\u00e1nn, eigna\u00f0ur M\u00f3se de Le\u00f3n) er a\u00f0alverk gy\u00f0inglegrar dulspeki \u00e1 mi\u00f0\u00f6ldum.<\/p>\n\n<h3 id=\"schluesselbegriffe-fachsprache\">Lykilhugt\u00f6k fagm\u00e1ls<\/h3>\n\n<p><strong><a href=\"https:\/\/iwell-guard.com\/is\/?page_id=168887\">\u00dee\u00farg\u00eda<\/a><\/strong>. \u00c6\u00f0ri helgiathafna-galdrategund til tengingar vi\u00f0 gu\u00f0i e\u00f0a \u00e6\u00f0ri anda. Iamblichos a\u00f0greindi hana \u00ed <em>De mysteriis<\/em> (um 300 e.Kr.) fr\u00e1 l\u00e6gri <em>goetiu<\/em>. <a class=\"iwg-fachbegriff\" href=\"https:\/\/iwell-guard.com\/is\/?page_id=168887\" tabindex=\"0\" data-tooltip=\"\u00c6\u00f0ri helgiathafna-galdur til tengingar vi\u00f0 gu\u00f0i e\u00f0a \u00e6\u00f0ri anda; \u00ed n\u00fdplatonisma (Iamblichos) sem andst\u00e6\u00f0a l\u00e6gri goetiu.\" style=\"color:inherit;text-decoration:none\">\u00dee\u00farg\u00eda<\/a> byggir \u00e1 \u00e1kallsform\u00falum, helgunarhreinleika og kenningu um uppstigningarsvi\u00f0. Endurvakin \u00e1 endurreisnart\u00edmanum af Marsilio Ficino og \u00ed Gullinni d\u00f6gun 19. aldar.<\/p>\n\n<p><strong><a href=\"https:\/\/iwell-guard.com\/is\/?page_id=168878\">S\u00edgill<\/a><\/strong>. T\u00f6frat\u00e1kn sem myndr\u00e6nt \u00fe\u00e9ttir <span class=\"iwg-fachbegriff\" data-tooltip=\"L\u00edkamslaus vera sem talin er hafa \u00e1hrif \u00ed heiminum.\" tabindex=\"0\">anda<\/span>, \u00e1setning e\u00f0a orku.<\/p><p>Elsta heimild: gy\u00f0inglegar Hekhalot-b\u00f3kmenntir, s\u00ed\u00f0ar \u00fatf\u00e6r\u00f0ar \u00ed mi\u00f0aldalegum <span class=\"iwg-fachbegriff\" data-tooltip=\"\u00cd abraham\u00edsku tr\u00faarbr\u00f6g\u00f0unum himneskur sendibo\u00f0i Gu\u00f0s.\" tabindex=\"0\">engla<\/span>&#8211;<span class=\"iwg-fachbegriff\" data-tooltip=\"I\u00f0kanir sem reyna a\u00f0 hafa \u00e1hrif \u00e1 framvindu m\u00e1la me\u00f0 s\u00e9rst\u00f6kum ath\u00f6fnum e\u00f0a form\u00falum.\" tabindex=\"0\">galdri<\/span>. \u00cd Lemegeton-hef\u00f0inni ber hver hinna 72 anda sitt eigi\u00f0 <a class=\"iwg-fachbegriff\" href=\"https:\/\/iwell-guard.com\/is\/?page_id=168878\" tabindex=\"0\" data-tooltip=\"T\u00f6frat\u00e1kn sem myndr\u00e6nt \u00fe\u00e9ttir anda e\u00f0a \u00e1setning; mi\u00f0l\u00e6gt \u00ed Goetia, Spare-hef\u00f0 og glundro\u00f0agaldri.\" style=\"color:inherit;text-decoration:none\">s\u00edgill<\/a>; \u00ed glundro\u00f0agaldri (chaos-galdri) samkv\u00e6mt Spare og Carroll er s\u00edgill-a\u00f0fer\u00f0in notu\u00f0 sem me\u00f0vitu\u00f0 lei\u00f0 til a\u00f0 beina \u00f3skum.<\/p>\n\n<p><em>Schemhamphorasch<\/em>. \u00cd <span class=\"iwg-fachbegriff\" data-tooltip=\"Straumur innan gy\u00f0inglegrar dulspeki me\u00f0 h\u00f6fu\u00f0verkum eins og Sefer Jezira og Z\u00f3har.\" tabindex=\"0\">kabbala<\/span> er \u00feetta 72 stafa nafn Gu\u00f0s, dregi\u00f0 \u00far \u00feremur versum \u00ed 2. M\u00f3seb\u00f3k 14,19, 21 (hvert vers 72 stafir).<\/p><p>\u00cd gy\u00f0inglegri mi\u00f0aldadulspeki eru \u00feessum 72 versum tengdir 72 <span class=\"iwg-fachbegriff\" data-tooltip=\"\u00cd abraham\u00edsku tr\u00faarbr\u00f6g\u00f0unum himneskur sendibo\u00f0i Gu\u00f0s.\" tabindex=\"0\">englar<\/span> (Sefer Raziel HaMalakh), sem aftur eru settir gegn 72 goetia-dj\u00f6flum sem verndarlag. \u00deessi samsetning er s\u00f6gulega s\u00e9\u00f0 s\u00ed\u00f0ari t\u00edma samruni en er \u00fe\u00f3 r\u00f3tgr\u00f3in \u00ed lj\u00f3svinnu-hef\u00f0inni.<\/p>\n\n<p><strong>Tetragrammaton, sef\u00edr\u00f3t, klip\u00f3t<\/strong>. \u00derj\u00fa lykilhugt\u00f6k gy\u00f0inglegrar dulspeki. <em>Tetragrammaton<\/em> JHWH er hi\u00f0 heilaga fj\u00f6gurra stafa nafn Gu\u00f0s. Sef\u00edr\u00f3tin t\u00edu mynda kabbal\u00edska l\u00edfstr\u00e9\u00f0, fr\u00e1 Keter (k\u00f3r\u00f3na) til Malk\u00fat (konungsr\u00edki). <em>Klip\u00f3t<\/em> (skeljar) l\u00farj\u00f6nsku kabbala eru birtingarmyndir menga\u00f0rar orku sem \u00fearf a\u00f0 frelsa \u00ed tikkun-i\u00f0kuninni.<\/p>\n\n<p><strong>Ap\u00f3fat\u00edsk gu\u00f0fr\u00e6\u00f0i<\/strong>. Gu\u00f0fr\u00e6\u00f0ileg tj\u00e1ning sem l\u00fdsir Gu\u00f0i e\u00f0a hinu algilda einungis me\u00f0 neitun (\u201eGu\u00f0 er ekki fa\u00f0ir \u00ed mannlegum skilningi&#8220;). Klass\u00edskt d\u00e6mi er hj\u00e1 Pseud\u00f3-D\u00edon\u00fds\u00edosi Are\u00f3pag\u00edta (<em>De mystica theologia<\/em>), \u00ed \u00fe\u00fdskri dulspeki Meistara Eckharts og \u00ed gy\u00f0inglegri ap\u00f3fat\u00edk Ma\u00edm\u00f3n\u00eddesar. Hugtaki\u00f0 er mikilv\u00e6gt \u00ed tr\u00faarbrag\u00f0afyrirb\u00e6rafr\u00e6\u00f0i \u00fev\u00ed \u00fea\u00f0 l\u00fdsir heilli gu\u00f0fr\u00e6\u00f0ilegri a\u00f0fer\u00f0.<\/p>\n\n<p><strong><span class=\"iwg-fachbegriff\" data-tooltip=\"Samruni hugmynda e\u00f0a gu\u00f0a \u00far \u00f3l\u00edkum tr\u00faarhef\u00f0um.\" tabindex=\"0\">Samruni tr\u00faarhef\u00f0a (synkretismi)<\/span><\/strong>. Samruni \u00fe\u00e1tta \u00far \u00f3l\u00edkum tr\u00faarbr\u00f6g\u00f0um e\u00f0a d\u00fdrkunarhef\u00f0um \u00ed n\u00fdjar blanda\u00f0ar myndir. Klass\u00edsk d\u00e6mi: hin ha\u00edt\u00edska v\u00fad\u00fa-hef\u00f0 (lwa og ka\u00fe\u00f3lskir d\u00fdrlingar), Mar\u00eda-<span class=\"iwg-fachbegriff\" data-tooltip=\"Heild tr\u00faari\u00f0kunar sem beinist a\u00f0 gu\u00f0i e\u00f0a heilagri veru.\" tabindex=\"0\">d\u00fdrkun<\/span> \u00ed Su\u00f0ur-Amer\u00edku me\u00f0 astekska Tonantzin-laginu, japanska Shinbutsu-sh\u016bg\u014d hef\u00f0in me\u00f0 tv\u00f6falt b\u00fadd\u00edsku og shinto-lagi. Tr\u00faars\u00f6gulega hlutlaust hugtak, ekki a\u00f0 rugla saman vi\u00f0 eklektisisma.<\/p>\n\n<p><strong><a href=\"https:\/\/iwell-guard.com\/is\/?page_id=168888\">Svefnl\u00f6mun<\/a><\/strong>. Skynjunar\u00e1stand \u00fear sem me\u00f0vitund vaknar en l\u00edkaminn er enn lama\u00f0ur vegna REM-at\u00f3n\u00edu. Er s\u00f6gulega tengt succubus, incubus, Mahr, martra\u00f0arv\u00e6ttum (Alp) og \u201eg\u00f6mlu nornunni&#8220; (old-hag) fyrirb\u00e6rinu.<\/p><p>David Hufford skr\u00e1\u00f0i fyrirb\u00e6rafr\u00e6\u00f0ilegan st\u00f6\u00f0ugleika \u00fevert \u00e1 menningarheima \u00ed <em>The Terror that Comes in the Night<\/em> (1982); Owen Davies (<em>Paranormal<\/em>, 2009) hefur greint \u00fej\u00f3\u00f0fr\u00e6\u00f0ilegt samhengi fyrir enskum\u00e6landi sv\u00e6\u00f0i.<\/p>\n\n<p><strong>Aretal\u00f3g\u00eda<\/strong>. Fornt lofgj\u00f6r\u00f0arrit sem telur upp afrek og undur <span class=\"iwg-fachbegriff\" data-tooltip=\"Vera sem er d\u00fdrku\u00f0 sem gu\u00f0leg innan tr\u00faarbrag\u00f0a.\" tabindex=\"0\">gu\u00f0veru<\/span>. R\u00f3tgr\u00f3in \u00e1kallsform \u00ed hellen\u00edska t\u00f6frapapp\u00fdrusum. Hver aretal\u00f3g\u00eda gerir r\u00e1\u00f0 fyrir a\u00f0 s\u00e1 sem talar \u00feekki n\u00e1kv\u00e6mlega hlutverk <span class=\"iwg-fachbegriff\" data-tooltip=\"Vera sem er d\u00fdrku\u00f0 sem gu\u00f0leg innan tr\u00faarbrag\u00f0a.\" tabindex=\"0\">gu\u00f0verunnar<\/span>; h\u00fan er \u00fev\u00ed kennslutexti me\u00f0 helgisi\u00f0ahlutverki.<\/p>\n\n<p><span data-nosnippet><strong>Liminal fasi, \u00fer\u00f6skulds\u00e1stand<\/strong>. Hugtak \u00far mannfr\u00e6\u00f0i (Arnold van Gennep, <em>Les rites de passage<\/em>, 1909; Victor Turner, <em>The <span class=\"iwg-fachbegriff\" data-tooltip=\"Skipul\u00f6g\u00f0 r\u00f6\u00f0 t\u00e1knr\u00e6nna athafna me\u00f0 tr\u00faarlega e\u00f0a menningarlega merkingu.\" tabindex=\"0\">Ritual<\/span> Process<\/em>, 1969). V\u00edsar til \u00fer\u00f6skuldsfasans \u00e1 milli tveggja \u00e1standa, til d\u00e6mis milli l\u00edfs og dau\u00f0a, v\u00f6ku og draums, \u00e6sku og fullor\u00f0ins\u00e1ra. S\u00f6gulega mikilv\u00e6gt fyrir <span class=\"iwg-fachbegriff\" data-tooltip=\"Helgiath\u00f6fn \u00fear sem einhver er tekinn inn \u00ed n\u00fdja st\u00f6\u00f0u e\u00f0a samf\u00e9lag.\" tabindex=\"0\">innt\u00f6kuath\u00f6fn<\/span>, \u00fatf\u00f6r, sjamanadans.<\/span><\/p>\n\n<p><strong>Frelsunarfr\u00e6\u00f0i (s\u00f3ter\u00edolog\u00eda)<\/strong>. Kenning um lausn e\u00f0a frelsun s\u00e1larinnar. \u00cd kristinni hef\u00f0 hj\u00e1lpr\u00e6\u00f0i fyrir f\u00f3rn Krists; \u00ed b\u00fadd\u00edskri hef\u00f0 frelsun \u00far samsara me\u00f0 upplj\u00f3mun; \u00ed hind\u00fa\u00edskri hef\u00f0 moksa me\u00f0 \u00feekkingu (jnana), tilbei\u00f0slu (bhakti) e\u00f0a verkum (karma). Frelsunarfr\u00e6\u00f0ilegar fullyr\u00f0ingar setja fram grundvallarafst\u00f6\u00f0u til hins \u00e6\u00f0sta tilgangs tilverunnar.<\/p>\n\n<h3 id=\"personen-religionswissenschaft\">Pers\u00f3nur <span class=\"iwg-fachbegriff\" data-tooltip=\"V\u00edsindin sem rannsaka tr\u00faarbr\u00f6g\u00f0 samanbur\u00f0arlega og \u00e1n tr\u00faarskuldbindingar.\" tabindex=\"0\">tr\u00faarbrag\u00f0afr\u00e6\u00f0innar<\/span><\/h3>\n\n<p><strong>Mircea Eliade (1907, 1986)<\/strong>. R\u00famensk-bandar\u00edskur tr\u00faarbrag\u00f0afr\u00e6\u00f0ingur. A\u00f0alverk: <em><span class=\"iwg-fachbegriff\" data-tooltip=\"Tr\u00faarkerfi \u00fear sem s\u00e9rfr\u00e6\u00f0ingar hafa samskipti vi\u00f0 andaheim.\" tabindex=\"0\">Sjamanismi<\/span> og fornar lei\u00f0slut\u00e6kni<\/em> (1951), <em>Die Religionen und das Heilige<\/em> (1949), <em>Geschichte der religi\u00f6sen Ideen<\/em> (4 bindi, 1976, 1991). Eliade m\u00f3ta\u00f0i fyrirb\u00e6rafr\u00e6\u00f0ilega a\u00f0fer\u00f0afr\u00e6\u00f0i tr\u00faarbrag\u00f0a me\u00f0 lykilhugt\u00f6kum eins og hierofan\u00edu, axis mundi og illud tempus. N\u00fdlega hefur veri\u00f0 gagnr\u00fdnt vegna p\u00f3lit\u00edskrar fasistatengingar hans \u00e1 fj\u00f3r\u00f0a \u00e1ratug 20. aldar.<\/p>\n\n<p><span data-nosnippet><strong>Walter Burkert (1931, 2015)<\/strong>. \u00de\u00fdskur tr\u00faarbrag\u00f0afr\u00e6\u00f0ingur og fornm\u00e1lafr\u00e6\u00f0ingur. A\u00f0alverk: <em>Griechische Religion der archaischen und klassischen Epoche<\/em> (Kohlhammer, 1977), <em>Homo Necans<\/em> (1972), <em>Anthropologie des religi\u00f6sen Opfers<\/em> (1984). Sta\u00f0altilv\u00edsun fyrir <span class=\"iwg-fachbegriff\" data-tooltip=\"T\u00edmabil gr\u00edsk-r\u00f3mverskrar menningar, um 800 f.Kr. til 600 e.Kr.\" tabindex=\"0\">forna<\/span> <span class=\"iwg-fachbegriff\" data-tooltip=\"Heild \u00feeirra go\u00f0sagna sem var\u00f0veist hafa innan menningar.\" tabindex=\"0\">go\u00f0afr\u00e6\u00f0i<\/span> og tr\u00faarbr\u00f6g\u00f0 \u00e1 \u00fe\u00fdsku.<\/span><\/p>\n\n<p><span data-nosnippet><strong>Carl Gustav Jung (1875, 1961)<\/strong>. Svissneskur dj\u00faps\u00e1lfr\u00e6\u00f0ingur, stofnandi greiningars\u00e1lfr\u00e6\u00f0innar. A\u00f0alverk um frumger\u00f0ir (<em>\u00dcber die Archetypen des kollektiven Unbewussten<\/em>, 1934), skuggann (<em>Aion<\/em>, 1951), einstaklingsgervingu og samruna (synchronicity). \u00c1fram lykiltilv\u00edsun \u00ed fyrirb\u00e6rafr\u00e6\u00f0ilegri t\u00falkun drauma, s\u00fdna og mi\u00f0ilslegrar reynslu.<\/span><\/p>\n\n<p><span data-nosnippet><strong>Wouter Hanegraaff (f. 1961)<\/strong>. Hollenskur <span class=\"iwg-fachbegriff\" data-tooltip=\"Samheiti yfir kenningar sem lofa dulinni \u00feekkingu sem a\u00f0eins v\u00edg\u00f0ir hafa a\u00f0gang a\u00f0.\" tabindex=\"0\">dulspekifr\u00e6\u00f0ingur<\/span>, forst\u00f6\u00f0uma\u00f0ur kennarast\u00f3lsins \u201eHistory of Hermetic Philosophy and Related Currents&#8220; vi\u00f0 H\u00e1sk\u00f3lann \u00ed Amsterdam. A\u00f0alverk: <em>New Age Religion and Western Culture<\/em> (Brill, 1996), <em>Esotericism and the Academy<\/em> (Cambridge UP, 2012). Me\u00f0stofnandi ESSWE (European Society for the Study of Western Esotericism).<\/span><\/p>\n\n<p><span data-nosnippet><strong>Helena Petrovna Blavatsky (1831, 1891)<\/strong>. R\u00fassnesk-bandar\u00edsk dulspekikona, me\u00f0stofnandi Gu\u00f0spekif\u00e9lagsins (New York, 1875). A\u00f0alverk: <em>Isis Unveiled<\/em> (1877), <em>The Secret Doctrine<\/em> (1888). Stofnandi n\u00fat\u00edma gu\u00f0speki-dulspekilegrar sam\u00fe\u00e6ttingar \u00far austr\u00e6nni visku, <a class=\"iwg-fachbegriff\" href=\"https:\/\/iwell-guard.com\/is\/?page_id=168892\" tabindex=\"0\" data-tooltip=\"Kenning og i\u00f0kun samskipta vi\u00f0 hina l\u00e1tnu \u00ed gegnum mi\u00f0la; upphaflega fr\u00e1 1848 \u00ed Hydesville \u00ed Bandar\u00edkjunum, k\u00f3\u00f0u\u00f0 af Allan Kardec.\" style=\"color:inherit;text-decoration:none\">sp\u00edritisma<\/a> og vestr\u00e6num <span class=\"iwg-fachbegriff\" data-tooltip=\"\u00c1hugi \u00e1 duldum kr\u00f6ftum og i\u00f0kunum utan vi\u00f0urkenndra v\u00edsinda.\" tabindex=\"0\">dul\u00fa\u00f0arhyggju<\/span>.<\/span><\/p>\n\n<p><span data-nosnippet><strong>Aleister Crowley (1875, 1947)<\/strong>. Breskur galdrama\u00f0ur, rith\u00f6fundur og fjallg\u00f6nguma\u00f0ur. Stofnandi thelem\u00edsku hef\u00f0arinnar (<em>Liber AL vel Legis<\/em>, 1904) og \u00fatgefandi ensku Goetia-\u00fatg\u00e1funnar (1904, me\u00f0 Mathers). Mj\u00f6g umdeild pers\u00f3na innan vestr\u00e6nnar <span class=\"iwg-fachbegriff\" data-tooltip=\"Samheiti yfir kenningar sem lofa dulinni \u00feekkingu sem a\u00f0eins v\u00edg\u00f0ir hafa a\u00f0gang a\u00f0.\" tabindex=\"0\">dulspeki<\/span>, me\u00f0 umdeildan pers\u00f3nuleika og mikil \u00e1hrif \u00e1 seinni helgiathafna-galdrahef\u00f0.<\/span><\/p>\n\n<p><span data-nosnippet><strong>Jeffrey Burton Russell (f. 1934)<\/strong>. Bandar\u00edskur tr\u00faarbrag\u00f0asagnfr\u00e6\u00f0ingur. Fj\u00f6gurra binda ranns\u00f3kn \u00e1 s\u00f6gu dj\u00f6fulsins: <em>The Devil. Perceptions of Evil from Antiquity to Primitive Christianity<\/em> (1977), <em>Satan. The Early Christian Tradition<\/em> (1981), <em>Lucifer. The Devil in the Middle Ages<\/em> (1984), <em>Mephistopheles. The Devil in the Modern World<\/em> (1986). Grundvallarranns\u00f3kn \u00e1 kristinni dj\u00f6flafr\u00e6\u00f0i.<\/span><\/p>\n\n<p><span data-nosnippet><strong>Annemarie Schimmel (1922, 2003)<\/strong>. \u00de\u00fdskur \u00edslamfr\u00e6\u00f0ingur. A\u00f0alverk: <em>Mystische Dimensionen des Islam<\/em> (Diederichs, 1985, \u00fe\u00fdsk \u00fe\u00fd\u00f0ing \u00e1 <em>Mystical Dimensions of Islam<\/em>, 1975). Fremsti s\u00faf\u00ed-fr\u00e6\u00f0ingur \u00e1 \u00fe\u00fdskum\u00e6landi sv\u00e6\u00f0i, me\u00f0 langa kennsluferil \u00ed Bonn og Harvard.<\/span><\/p>\n\n<p><span data-nosnippet><strong>Yanagita Kunio (1875, 1962)<\/strong>. Japanskur \u00fej\u00f3\u00f0fr\u00e6\u00f0ingur, stofnandi n\u00fat\u00edma japanskrar \u00fej\u00f3\u00f0fr\u00e6\u00f0i (<em>minzokugaku<\/em>). A\u00f0alverk: <em>Tono Monogatari<\/em> (1910), safn \u00fej\u00f3\u00f0sagna \u00far Tono-h\u00e9ra\u00f0i. Flokkunarfr\u00e6\u00f0ingur yokai-hef\u00f0arinnar me\u00f0 sta\u00f0alverkum um sv\u00e6\u00f0isbundna dreifingu kappa, tengu, yuurei og annarra vera.<\/span><\/p>\n\n<p><span data-nosnippet><strong>Lafcadio Hearn (1850, 1904)<\/strong>. \u00cdrsk-bandar\u00edskur rith\u00f6fundur, b\u00fasettur \u00ed Japan fr\u00e1 1890. Safna\u00f0i og sk\u00e1lda\u00f0i japanskar draugas\u00f6gur \u00ed <em>Kwaidan: Stories and Studies of Strange Things<\/em> (1904). M\u00f3ta\u00f0i vi\u00f0varandi vestr\u00e6na s\u00fdn \u00e1 Yuki-Onna, yuurei og japanska draugafagurfr\u00e6\u00f0i.<\/span><\/p>\n\n<h3 id=\"esoterische-schulen\">Dulspekisk\u00f3lar og straumar<\/h3>\n\n<p><span data-nosnippet><strong>Gu\u00f0spekif\u00e9lagi\u00f0<\/strong>. Stofna\u00f0 1875 \u00ed New York af Helenu Petrovnu Blavatsky, Henry Steel Olcott og William Quan Judge. \u00derj\u00fa yfirl\u00fdst markmi\u00f0: a\u00f0 mynda kjarna alheimsbr\u00e6\u00f0ralags, rannsaka samanbur\u00f0artr\u00faarbr\u00f6g\u00f0 og heimspeki, og kanna \u00f3\u00fatsk\u00fdr\u00f0 n\u00e1tt\u00farul\u00f6gm\u00e1l og duldan mannlegan m\u00e1tt.<\/span><\/p><p>Enn starfandi me\u00f0 deildum um allan heim, st\u00e6rsta h\u00f6fu\u00f0st\u00f6\u00f0 \u00ed Adyar (Indlandi). Tr\u00faars\u00f6gulega mikilv\u00e6gt fyrir mi\u00f0lun austr\u00e6nnar viskuhef\u00f0ar til vesturlanda.<\/p>\n\n<p><span data-nosnippet><strong>Gullin d\u00f6gun (Hermetic Order of the Golden Dawn)<\/strong>. Leynif\u00e9lag stofna\u00f0 \u00ed London 1887\/88 af Samuel Liddell MacGregor Mathers, William Wynn Westcott og William Robert Woodman. Sam\u00fe\u00e6tti <span class=\"iwg-fachbegriff\" data-tooltip=\"Straumur innan gy\u00f0inglegrar dulspeki me\u00f0 h\u00f6fu\u00f0verkum eins og Sefer Jezira og Z\u00f3har.\" tabindex=\"0\">kabbala<\/span>, enok\u00edska <span class=\"iwg-fachbegriff\" data-tooltip=\"I\u00f0kanir sem reyna a\u00f0 hafa \u00e1hrif \u00e1 framvindu m\u00e1la me\u00f0 s\u00e9rst\u00f6kum ath\u00f6fnum e\u00f0a form\u00falum.\" tabindex=\"0\">galdur<\/span> John Dee, tarot, egypsk leyndard\u00f3msfr\u00e6\u00f0i og alkem\u00edu \u00ed fl\u00f3ki\u00f0 v\u00edgslukerfi.<\/span><\/p><p><span data-nosnippet>Me\u00f0al f\u00e9lagsmanna voru William Butler Yeats, Arthur Machen, Aleister Crowley og Dion Fortune. \u00der\u00e1tt fyrir snemma klofning (1900) er GD \u00e1hrifamesti helgiathafna-galdrask\u00f3li 20. aldar.<\/span><\/p>\n\n<p><span data-nosnippet><strong>Glundro\u00f0agaldur (chaos-galdur)<\/strong>. Breskur straumur fr\u00e1 seinni hluta \u00e1ttunda \u00e1ratugarins, stofna\u00f0ur af Peter Carroll og Ray Sherwin. Lykiltextar: Carroll, <em>Liber Null<\/em> (1978) og <em>Psychonaut<\/em> (1982).<\/span><\/p><p><span data-nosnippet>A\u00f0fer\u00f0afr\u00e6\u00f0ilega r\u00f3tt\u00e6kt fj\u00f6lhyggjuforma\u00f0: i\u00f0kendur skipta me\u00f0vita\u00f0 milli hugmyndakerfa og vinna me\u00f0 s\u00edgill, \u00fej\u00f3na (servitors), \u00e1kall og tr\u00faarskipti (belief shifting). Fyrirrennari er s\u00edgill-galdur Austin Osman Spare (1886, 1956). Samt\u00f6k: <em>Illuminates of Thanateros<\/em> (IOT, 1978).<\/span><\/p>\n\n<p><strong>Vajrayana og Mahayana<\/strong>. Tv\u00e6r af \u00feremur h\u00f6fu\u00f0greinum b\u00faddisma. <em>Mahayana<\/em> (Hi\u00f0 mikla farart\u00e6ki) var\u00f0 til fr\u00e1 1. \u00f6ld f.Kr. me\u00f0 bodhisattva-hugsj\u00f3ninni og \u00edtarlegri heimspekilegri hugsun (madhyamaka, yogacara).<\/p><p><em>Vajrayana<\/em> (Demantsfarart\u00e6ki\u00f0) er tantr\u00edsk \u00fatg\u00e1fa, a\u00f0allega heimav\u00f6n \u00ed T\u00edbet, me\u00f0 yidam-i\u00f0kun, <span class=\"iwg-fachbegriff\" data-tooltip=\"Heilagt or\u00f0 e\u00f0a form\u00fala sem endurtekin er \u00ed hind\u00faisma og b\u00faddisma.\" tabindex=\"0\">mantru<\/span>-t\u00e6kni og kenningu um fj\u00f3ra flokka tantra. Padmasambhava (8. \u00f6ld) telst s\u00e1 sem flutti vajrayana til T\u00edbet.<\/p>\n\n<p><strong>B\u00f6n<\/strong>. Fornar tr\u00faarhef\u00f0ir T\u00edbet fyrir b\u00faddisma. Notar flokkunina tsen, nyen, lu, d\u00fc sem stigveldi vera \u00ed hinum \u00f3mannlega heimi. \u00c1 7. 11. \u00f6ld var h\u00fan a\u00f0 hluta til yfirl\u00f6g\u00f0 af b\u00faddisma en a\u00f0 hluta til vi\u00f0haldi\u00f0 sem sj\u00e1lfst\u00e6\u00f0 hef\u00f0. \u00cd dag vi\u00f0urkennd sem stofnun undir heitinu \u201eYungdrung B\u00f6n&#8220; me\u00f0 eigin klausturkerfi.<\/p>\n\n<p><strong>S\u00fafismi<\/strong>. Dulspekilegur straumur innan \u00edslam. Byggir \u00e1 <em>dhikr<\/em> (Gu\u00f0s-minningu), <em>sama<\/em> (hlustunart\u00f3nlist) og lei\u00f0ar-kenningu um l\u00e6risvein undir <em>sheikh<\/em>. A\u00f0alverk: R\u00fam\u00ed (<em>Mathnawi<\/em>, 13. \u00f6ld), Ibn Arabi (<em>Al-Futuhat al-Makkiyya<\/em>, 13. \u00f6ld), al-Hallaj. Annemarie Schimmel opna\u00f0i hef\u00f0ina fyrir \u00fe\u00fdskum\u00e6landi sv\u00e6\u00f0i me\u00f0 afgerandi h\u00e6tti.<\/p>\n\n<p><strong><a href=\"https:\/\/iwell-guard.com\/is\/?page_id=168891\">Gn\u00f3st\u00edkin<\/a> og n\u00fdplatonismi<\/strong>. Tveir <span class=\"iwg-fachbegriff\" data-tooltip=\"Umbreytingat\u00edmabil milli fornaldar og mi\u00f0alda, um 3. til 7. \u00f6ld.\" tabindex=\"0\">s\u00ed\u00f0fornaldar<\/span> heimspekilegir og tr\u00faarlegir straumar, sem voru samt\u00edmis \u00e1 2. og 3. \u00f6ld e.Kr. og h\u00f6f\u00f0u \u00e1hrif hvor \u00e1 annan.<\/p><p><em><span class=\"iwg-fachbegriff\" data-tooltip=\"S\u00ed\u00f0fornaldar tr\u00faarstraumur sem kenndi frelsun me\u00f0 s\u00e9rstakri hj\u00e1lpr\u00e6\u00f0is\u00feekkingu.\" tabindex=\"0\">Gn\u00f3st\u00edkin<\/span><\/em> (einkum seth\u00edska og valent\u00ednska sk\u00f3linn) kennir tv\u00edhyggju <span class=\"iwg-fachbegriff\" data-tooltip=\"Hugmynd um uppbyggingu og skipulag heimsins innan menningar.\" tabindex=\"0\">heimsfr\u00e6\u00f0i<\/span> me\u00f0 l\u00e6gri archonum og frelsandi \u00feekkingu (<span class=\"iwg-fachbegriff\" data-tooltip=\"S\u00ed\u00f0fornaldar tr\u00faarstraumur sem kenndi frelsun me\u00f0 s\u00e9rstakri hj\u00e1lpr\u00e6\u00f0is\u00feekkingu.\" tabindex=\"0\">gn\u00f3sis<\/span>). <em>N\u00fdplatonismi<\/em> (Pl\u00f3t\u00ednos, Iamblichos, Pr\u00f3klos) kennir stigskipta \u00fatstreymi fr\u00e1 hinu Eina og fellir \u00fee\u00farg\u00edska i\u00f0kun inn sem uppstigningara\u00f0fer\u00f0.<\/p>\n\n<hr \/>\n\n<p class=\"iwg-bib-more\"><span data-nosnippet>Fleiri sta\u00f0alrit \u00ed <a href=\"https:\/\/iwell-guard.com\/is\/?page_id=168730\">heimildaskr\u00e1<\/a>.<\/span><\/p>\t\t\t\t\t\t\t\t<\/div>\n\t\t\t\t\t<\/div>\n\t\t\t\t<\/div>\n\t\t\t\t\t<\/div>\n\t\t\t\t<\/div>\n\t\t\t\t<\/div>\n\t\t","protected":false},"excerpt":{"rendered":"","protected":false},"author":3,"featured_media":3414,"parent":0,"menu_order":0,"comment_status":"closed","ping_status":"closed","template":"elementor_header_footer","meta":{"_yoast_wpseo_focuskw":"ordasafn","_yoast_wpseo_title":"Or\u00f0asafn \u2013 hugt\u00f6k verueflokka og i\u00f0kana","_yoast_wpseo_metadesc":"Or\u00f0asafn iWell Guard: verueflokkar, undirflokkar og t\u00f6frahef\u00f0ir \u00fatsk\u00fdr\u00f0ar \u00e1 einfaldan h\u00e1tt, fr\u00e1 Goetia til svefnl\u00f6munar, me\u00f0 tilv\u00edsunum.","_yoast_wpseo_meta-robots-noindex":"","_yoast_wpseo_canonical":"","_angie_page":false,"gefaehrdungsstufe":"","wesen_kultur":"","wesen_klasse":"","footnotes":""},"categories":[],"class_list":["post-168729","page","type-page","status-publish","has-post-thumbnail","hentry"],"yoast_head":"<!-- This site is optimized with the Yoast SEO Premium plugin v27.7 (Yoast SEO v28.3) - https:\/\/yoast.com\/product\/yoast-seo-premium-wordpress\/ -->\n<title>Or\u00f0asafn \u2013 hugt\u00f6k verueflokka og i\u00f0kana<\/title>\n<meta name=\"description\" content=\"Or\u00f0asafn iWell Guard: verueflokkar, undirflokkar og t\u00f6frahef\u00f0ir \u00fatsk\u00fdr\u00f0ar \u00e1 einfaldan h\u00e1tt, fr\u00e1 Goetia til svefnl\u00f6munar, me\u00f0 tilv\u00edsunum.\" \/>\n<meta name=\"robots\" content=\"index, follow, max-snippet:-1, max-image-preview:large, max-video-preview:-1\" \/>\n<link rel=\"canonical\" href=\"https:\/\/iwell-guard.com\/is\/ordasafn\/\" \/>\n<meta property=\"og:locale\" content=\"is_IS\" \/>\n<meta property=\"og:type\" content=\"article\" \/>\n<meta property=\"og:title\" content=\"Or\u00f0asafn\" \/>\n<meta property=\"og:description\" content=\"Or\u00f0asafn iWell Guard: verueflokkar, undirflokkar og t\u00f6frahef\u00f0ir \u00fatsk\u00fdr\u00f0ar \u00e1 einfaldan h\u00e1tt, fr\u00e1 Goetia til svefnl\u00f6munar, me\u00f0 tilv\u00edsunum.\" \/>\n<meta property=\"og:url\" content=\"https:\/\/iwell-guard.com\/is\/ordasafn\/\" \/>\n<meta property=\"og:site_name\" content=\"iWell Guard\" \/>\n<meta property=\"article:modified_time\" content=\"2026-09-05T14:17:55+00:00\" \/>\n<meta property=\"og:image\" content=\"https:\/\/iwell-guard.com\/wp-content\/uploads\/2026\/05\/service_glossar.webp\" \/>\n\t<meta property=\"og:image:width\" content=\"1024\" \/>\n\t<meta property=\"og:image:height\" content=\"1536\" \/>\n\t<meta property=\"og:image:type\" content=\"image\/webp\" \/>\n<meta name=\"twitter:card\" content=\"summary_large_image\" \/>\n<script type=\"application\/ld+json\" class=\"yoast-schema-graph\">{\"@context\":\"https:\\\/\\\/schema.org\",\"@graph\":[{\"@type\":\"WebPage\",\"@id\":\"https:\\\/\\\/iwell-guard.com\\\/is\\\/ordasafn\\\/\",\"url\":\"https:\\\/\\\/iwell-guard.com\\\/is\\\/ordasafn\\\/\",\"name\":\"Or\u00f0asafn \u2013 hugt\u00f6k verueflokka og i\u00f0kana\",\"isPartOf\":{\"@id\":\"https:\\\/\\\/iwell-guard.com\\\/is\\\/#website\"},\"primaryImageOfPage\":{\"@id\":\"https:\\\/\\\/iwell-guard.com\\\/is\\\/ordasafn\\\/#primaryimage\"},\"image\":{\"@id\":\"https:\\\/\\\/iwell-guard.com\\\/is\\\/ordasafn\\\/#primaryimage\"},\"thumbnailUrl\":\"https:\\\/\\\/iwell-guard.com\\\/wp-content\\\/uploads\\\/2026\\\/05\\\/service_glossar.webp\",\"datePublished\":\"2026-09-05T14:02:30+00:00\",\"dateModified\":\"2026-09-05T14:17:55+00:00\",\"description\":\"Or\u00f0asafn iWell Guard: verueflokkar, undirflokkar og t\u00f6frahef\u00f0ir \u00fatsk\u00fdr\u00f0ar \u00e1 einfaldan h\u00e1tt, fr\u00e1 Goetia til svefnl\u00f6munar, me\u00f0 tilv\u00edsunum.\",\"breadcrumb\":{\"@id\":\"https:\\\/\\\/iwell-guard.com\\\/is\\\/ordasafn\\\/#breadcrumb\"},\"inLanguage\":\"is\",\"potentialAction\":[{\"@type\":\"ReadAction\",\"target\":[\"https:\\\/\\\/iwell-guard.com\\\/is\\\/ordasafn\\\/\"]}]},{\"@type\":\"ImageObject\",\"inLanguage\":\"is\",\"@id\":\"https:\\\/\\\/iwell-guard.com\\\/is\\\/ordasafn\\\/#primaryimage\",\"url\":\"https:\\\/\\\/iwell-guard.com\\\/wp-content\\\/uploads\\\/2026\\\/05\\\/service_glossar.webp\",\"contentUrl\":\"https:\\\/\\\/iwell-guard.com\\\/wp-content\\\/uploads\\\/2026\\\/05\\\/service_glossar.webp\",\"width\":1024,\"height\":1536,\"caption\":\"Myndskreytt framsetning.\"},{\"@type\":\"BreadcrumbList\",\"@id\":\"https:\\\/\\\/iwell-guard.com\\\/is\\\/ordasafn\\\/#breadcrumb\",\"itemListElement\":[{\"@type\":\"ListItem\",\"position\":1,\"name\":\"Start\",\"item\":\"https:\\\/\\\/iwell-guard.com\\\/is\\\/?page_id=168580\"},{\"@type\":\"ListItem\",\"position\":2,\"name\":\"Or\u00f0asafn\"}]},{\"@type\":\"WebSite\",\"@id\":\"https:\\\/\\\/iwell-guard.com\\\/is\\\/#website\",\"url\":\"https:\\\/\\\/iwell-guard.com\\\/is\\\/\",\"name\":\"iWell Guard\",\"description\":\"Schutz vor dunklen Einfl\u00fcssen\",\"publisher\":{\"@id\":\"https:\\\/\\\/iwell-guard.com\\\/is\\\/#organization\"},\"potentialAction\":[{\"@type\":\"SearchAction\",\"target\":{\"@type\":\"EntryPoint\",\"urlTemplate\":\"https:\\\/\\\/iwell-guard.com\\\/is\\\/?s={search_term_string}\"},\"query-input\":{\"@type\":\"PropertyValueSpecification\",\"valueRequired\":true,\"valueName\":\"search_term_string\"}}],\"inLanguage\":\"is\"},{\"@type\":\"Organization\",\"@id\":\"https:\\\/\\\/iwell-guard.com\\\/is\\\/#organization\",\"name\":\"Ittermann electronic GmbH\",\"url\":\"https:\\\/\\\/iwell-guard.com\\\/is\\\/\",\"logo\":{\"@type\":\"ImageObject\",\"inLanguage\":\"is\",\"@id\":\"https:\\\/\\\/iwell-guard.com\\\/is\\\/#\\\/schema\\\/logo\\\/image\\\/\",\"url\":\"https:\\\/\\\/iwell-guard.com\\\/wp-content\\\/uploads\\\/2026\\\/05\\\/Ittermann-Logo-1182x237-1.png\",\"contentUrl\":\"https:\\\/\\\/iwell-guard.com\\\/wp-content\\\/uploads\\\/2026\\\/05\\\/Ittermann-Logo-1182x237-1.png\",\"width\":1182,\"height\":237,\"caption\":\"Ittermann electronic GmbH\"},\"image\":{\"@id\":\"https:\\\/\\\/iwell-guard.com\\\/is\\\/#\\\/schema\\\/logo\\\/image\\\/\"},\"sameAs\":[\"https:\\\/\\\/pantip.com\\\/profile\\\/9367242\",\"https:\\\/\\\/micro.blog\\\/iwellguard\",\"https:\\\/\\\/www.diggerslist.com\\\/iwellguard\\\/about\",\"https:\\\/\\\/skitterphoto.com\\\/photographers\\\/2870314\\\/iwell-guard\",\"https:\\\/\\\/iwellguard.wordpress.com\\\/2026\\\/06\\\/06\\\/iwell-guard\\\/\",\"https:\\\/\\\/hub.docker.com\\\/u\\\/iwellguard\",\"https:\\\/\\\/www.pinterest.com\\\/iwellguard\\\/\",\"https:\\\/\\\/bit.ly\\\/m\\\/iwellguard\",\"https:\\\/\\\/entre-vos-mains.alsace.eu\\\/profiles\\\/iwellguard\\\/activity\",\"https:\\\/\\\/gravatar.com\\\/reallybeded8fd34\",\"https:\\\/\\\/naijamatta.com\\\/iwellguard\",\"https:\\\/\\\/www.goodreads.com\\\/iwellguard\",\"https:\\\/\\\/profile.hatena.ne.jp\\\/iwellguard\\\/\",\"https:\\\/\\\/experiment.com\\\/users\\\/iwellguard\",\"https:\\\/\\\/wakelet.com\\\/@iWellGuard82270\",\"https:\\\/\\\/www.chordie.com\\\/forum\\\/profile.php?id=2555664\",\"https:\\\/\\\/www.instapaper.com\\\/p\\\/17757966\",\"https:\\\/\\\/www.mapleprimes.com\\\/users\\\/iwellguard\",\"https:\\\/\\\/businesslistingplus.com\\\/profile\\\/iwell-guard\\\/\",\"https:\\\/\\\/telegra.ph\\\/iWell-Guard-06-06\",\"https:\\\/\\\/pbase.com\\\/iwellguard\\\/iwellguard\",\"https:\\\/\\\/b.hatena.ne.jp\\\/iwellguard\\\/20260607#bookmark-4788405196491818882\",\"https:\\\/\\\/fliphtml5.com\\\/home\\\/iwellguard\",\"https:\\\/\\\/anyflip.com\\\/homepage\\\/cmiwl#About\",\"https:\\\/\\\/transfur.com\\\/Users\\\/iwellguard\",\"http:\\\/\\\/delphi.larsbo.org\\\/user\\\/iwellguard\",\"https:\\\/\\\/jobs.lajobsportal.org\\\/profiles\\\/8380803-iwell-guard\",\"https:\\\/\\\/md.chaosdorf.de\\\/s\\\/jfbe5SBdJD\",\"https:\\\/\\\/www.lingvolive.com\\\/en-us\\\/profile\\\/9ecaeaca-ce11-4e51-9e71-01d55e2bff36\\\/translations\",\"https:\\\/\\\/www.fitday.com\\\/fitness\\\/forums\\\/members\\\/iwellguard.html\",\"https:\\\/\\\/www.mymeetbook.com\\\/iwellguard\",\"https:\\\/\\\/pxhere.com\\\/en\\\/photographer-me\\\/5040798\",\"https:\\\/\\\/disqus.com\\\/by\\\/iwellguard\\\/about\\\/\",\"https:\\\/\\\/pastelink.net\\\/hjwciqwq\",\"https:\\\/\\\/pubhtml5.com\\\/homepage\\\/scjhn\\\/\",\"https:\\\/\\\/www.bitchute.com\\\/channel\\\/2O2eOKzNqujT\",\"https:\\\/\\\/audiomack.com\\\/iwellguard\"]}]}<\/script>\n<!-- \/ Yoast SEO Premium plugin. -->","yoast_head_json":{"title":"Or\u00f0asafn \u2013 hugt\u00f6k verueflokka og i\u00f0kana","description":"Or\u00f0asafn iWell Guard: verueflokkar, undirflokkar og t\u00f6frahef\u00f0ir \u00fatsk\u00fdr\u00f0ar \u00e1 einfaldan h\u00e1tt, fr\u00e1 Goetia til svefnl\u00f6munar, me\u00f0 tilv\u00edsunum.","robots":{"index":"index","follow":"follow","max-snippet":"max-snippet:-1","max-image-preview":"max-image-preview:large","max-video-preview":"max-video-preview:-1"},"canonical":"https:\/\/iwell-guard.com\/is\/ordasafn\/","og_locale":"is_IS","og_type":"article","og_title":"Or\u00f0asafn","og_description":"Or\u00f0asafn iWell Guard: verueflokkar, undirflokkar og t\u00f6frahef\u00f0ir \u00fatsk\u00fdr\u00f0ar \u00e1 einfaldan h\u00e1tt, fr\u00e1 Goetia til svefnl\u00f6munar, me\u00f0 tilv\u00edsunum.","og_url":"https:\/\/iwell-guard.com\/is\/ordasafn\/","og_site_name":"iWell Guard","article_modified_time":"2026-09-05T14:17:55+00:00","og_image":[{"width":1024,"height":1536,"url":"https:\/\/iwell-guard.com\/wp-content\/uploads\/2026\/05\/service_glossar.webp","type":"image\/webp"}],"twitter_card":"summary_large_image","schema":{"@context":"https:\/\/schema.org","@graph":[{"@type":"WebPage","@id":"https:\/\/iwell-guard.com\/is\/ordasafn\/","url":"https:\/\/iwell-guard.com\/is\/ordasafn\/","name":"Or\u00f0asafn \u2013 hugt\u00f6k verueflokka og i\u00f0kana","isPartOf":{"@id":"https:\/\/iwell-guard.com\/is\/#website"},"primaryImageOfPage":{"@id":"https:\/\/iwell-guard.com\/is\/ordasafn\/#primaryimage"},"image":{"@id":"https:\/\/iwell-guard.com\/is\/ordasafn\/#primaryimage"},"thumbnailUrl":"https:\/\/iwell-guard.com\/wp-content\/uploads\/2026\/05\/service_glossar.webp","datePublished":"2026-09-05T14:02:30+00:00","dateModified":"2026-09-05T14:17:55+00:00","description":"Or\u00f0asafn iWell Guard: verueflokkar, undirflokkar og t\u00f6frahef\u00f0ir \u00fatsk\u00fdr\u00f0ar \u00e1 einfaldan h\u00e1tt, fr\u00e1 Goetia til svefnl\u00f6munar, me\u00f0 tilv\u00edsunum.","breadcrumb":{"@id":"https:\/\/iwell-guard.com\/is\/ordasafn\/#breadcrumb"},"inLanguage":"is","potentialAction":[{"@type":"ReadAction","target":["https:\/\/iwell-guard.com\/is\/ordasafn\/"]}]},{"@type":"ImageObject","inLanguage":"is","@id":"https:\/\/iwell-guard.com\/is\/ordasafn\/#primaryimage","url":"https:\/\/iwell-guard.com\/wp-content\/uploads\/2026\/05\/service_glossar.webp","contentUrl":"https:\/\/iwell-guard.com\/wp-content\/uploads\/2026\/05\/service_glossar.webp","width":1024,"height":1536,"caption":"Myndskreytt framsetning."},{"@type":"BreadcrumbList","@id":"https:\/\/iwell-guard.com\/is\/ordasafn\/#breadcrumb","itemListElement":[{"@type":"ListItem","position":1,"name":"Start","item":"https:\/\/iwell-guard.com\/is\/?page_id=168580"},{"@type":"ListItem","position":2,"name":"Or\u00f0asafn"}]},{"@type":"WebSite","@id":"https:\/\/iwell-guard.com\/is\/#website","url":"https:\/\/iwell-guard.com\/is\/","name":"iWell Guard","description":"Schutz vor dunklen Einfl\u00fcssen","publisher":{"@id":"https:\/\/iwell-guard.com\/is\/#organization"},"potentialAction":[{"@type":"SearchAction","target":{"@type":"EntryPoint","urlTemplate":"https:\/\/iwell-guard.com\/is\/?s={search_term_string}"},"query-input":{"@type":"PropertyValueSpecification","valueRequired":true,"valueName":"search_term_string"}}],"inLanguage":"is"},{"@type":"Organization","@id":"https:\/\/iwell-guard.com\/is\/#organization","name":"Ittermann electronic GmbH","url":"https:\/\/iwell-guard.com\/is\/","logo":{"@type":"ImageObject","inLanguage":"is","@id":"https:\/\/iwell-guard.com\/is\/#\/schema\/logo\/image\/","url":"https:\/\/iwell-guard.com\/wp-content\/uploads\/2026\/05\/Ittermann-Logo-1182x237-1.png","contentUrl":"https:\/\/iwell-guard.com\/wp-content\/uploads\/2026\/05\/Ittermann-Logo-1182x237-1.png","width":1182,"height":237,"caption":"Ittermann electronic GmbH"},"image":{"@id":"https:\/\/iwell-guard.com\/is\/#\/schema\/logo\/image\/"},"sameAs":["https:\/\/pantip.com\/profile\/9367242","https:\/\/micro.blog\/iwellguard","https:\/\/www.diggerslist.com\/iwellguard\/about","https:\/\/skitterphoto.com\/photographers\/2870314\/iwell-guard","https:\/\/iwellguard.wordpress.com\/2026\/06\/06\/iwell-guard\/","https:\/\/hub.docker.com\/u\/iwellguard","https:\/\/www.pinterest.com\/iwellguard\/","https:\/\/bit.ly\/m\/iwellguard","https:\/\/entre-vos-mains.alsace.eu\/profiles\/iwellguard\/activity","https:\/\/gravatar.com\/reallybeded8fd34","https:\/\/naijamatta.com\/iwellguard","https:\/\/www.goodreads.com\/iwellguard","https:\/\/profile.hatena.ne.jp\/iwellguard\/","https:\/\/experiment.com\/users\/iwellguard","https:\/\/wakelet.com\/@iWellGuard82270","https:\/\/www.chordie.com\/forum\/profile.php?id=2555664","https:\/\/www.instapaper.com\/p\/17757966","https:\/\/www.mapleprimes.com\/users\/iwellguard","https:\/\/businesslistingplus.com\/profile\/iwell-guard\/","https:\/\/telegra.ph\/iWell-Guard-06-06","https:\/\/pbase.com\/iwellguard\/iwellguard","https:\/\/b.hatena.ne.jp\/iwellguard\/20260607#bookmark-4788405196491818882","https:\/\/fliphtml5.com\/home\/iwellguard","https:\/\/anyflip.com\/homepage\/cmiwl#About","https:\/\/transfur.com\/Users\/iwellguard","http:\/\/delphi.larsbo.org\/user\/iwellguard","https:\/\/jobs.lajobsportal.org\/profiles\/8380803-iwell-guard","https:\/\/md.chaosdorf.de\/s\/jfbe5SBdJD","https:\/\/www.lingvolive.com\/en-us\/profile\/9ecaeaca-ce11-4e51-9e71-01d55e2bff36\/translations","https:\/\/www.fitday.com\/fitness\/forums\/members\/iwellguard.html","https:\/\/www.mymeetbook.com\/iwellguard","https:\/\/pxhere.com\/en\/photographer-me\/5040798","https:\/\/disqus.com\/by\/iwellguard\/about\/","https:\/\/pastelink.net\/hjwciqwq","https:\/\/pubhtml5.com\/homepage\/scjhn\/","https:\/\/www.bitchute.com\/channel\/2O2eOKzNqujT","https:\/\/audiomack.com\/iwellguard"]}]}},"_links":{"self":[{"href":"https:\/\/iwell-guard.com\/is\/wp-json\/wp\/v2\/pages\/168729","targetHints":{"allow":["GET"]}}],"collection":[{"href":"https:\/\/iwell-guard.com\/is\/wp-json\/wp\/v2\/pages"}],"about":[{"href":"https:\/\/iwell-guard.com\/is\/wp-json\/wp\/v2\/types\/page"}],"author":[{"embeddable":true,"href":"https:\/\/iwell-guard.com\/is\/wp-json\/wp\/v2\/users\/3"}],"replies":[{"embeddable":true,"href":"https:\/\/iwell-guard.com\/is\/wp-json\/wp\/v2\/comments?post=168729"}],"version-history":[{"count":0,"href":"https:\/\/iwell-guard.com\/is\/wp-json\/wp\/v2\/pages\/168729\/revisions"}],"wp:featuredmedia":[{"embeddable":true,"href":"https:\/\/iwell-guard.com\/is\/wp-json\/wp\/v2\/media\/3414"}],"wp:attachment":[{"href":"https:\/\/iwell-guard.com\/is\/wp-json\/wp\/v2\/media?parent=168729"}],"wp:term":[{"taxonomy":"category","embeddable":true,"href":"https:\/\/iwell-guard.com\/is\/wp-json\/wp\/v2\/categories?post=168729"}],"curies":[{"name":"wp","href":"https:\/\/api.w.org\/{rel}","templated":true}]}}