{"id":168727,"date":"2026-09-05T14:02:29","date_gmt":"2026-09-05T14:02:29","guid":{"rendered":"https:\/\/iwell-guard.com\/?page_id=168727"},"modified":"2026-09-05T14:17:55","modified_gmt":"2026-09-05T14:17:55","slug":"verur-flokkayfirlit","status":"publish","type":"page","link":"https:\/\/iwell-guard.com\/is\/verur-flokkayfirlit\/","title":{"rendered":"Wesen \u2013 Klassen-Uebersicht"},"content":{"rendered":"\t\t<div data-elementor-type=\"wp-page\" data-elementor-id=\"168727\" class=\"elementor elementor-168727 elementor-1918 elementor-bc-flex-widget\" data-elementor-post-type=\"page\">\n\t\t\t\t<div class=\"elementor-element elementor-element-k-hero-rebuilt-wesen iwg-kultur-hero e-flex e-con-boxed e-con e-parent\" data-id=\"k-hero-rebuilt-wesen\" data-element_type=\"container\" data-e-type=\"container\">\n\t\t\t\t\t<div class=\"e-con-inner\">\n\t\t<div class=\"elementor-element elementor-element-khleft-wesen iwg-kultur-hero-left e-flex e-con-boxed e-con e-parent\" data-id=\"khleft-wesen\" data-element_type=\"container\" data-e-type=\"container\">\n\t\t\t\t\t<div class=\"e-con-inner\">\n\t\t\t\t<div class=\"elementor-element elementor-element-k-h1-wesen elementor-widget elementor-widget-heading\" data-id=\"k-h1-wesen\" data-element_type=\"widget\" data-e-type=\"widget\" data-widget_type=\"heading.default\">\n\t\t\t\t\t<h1 class=\"elementor-heading-title elementor-size-default\">Verur &#8211; yfirlit yfir fj\u00f3ra flokka um heim allan<\/h1>\t\t\t\t<\/div>\n\t\t<div class=\"elementor-element elementor-element-aj11-hero-lead-wesen e-con-full e-flex e-con e-parent\" data-id=\"aj11-hero-lead-wesen\" data-element_type=\"container\" data-e-type=\"container\">\n\t\t\t\t<div class=\"elementor-element elementor-element-k-lead-wesen elementor-widget elementor-widget-text-editor\" data-id=\"k-lead-wesen\" data-element_type=\"widget\" data-e-type=\"widget\" data-widget_type=\"text-editor.default\">\n\t\t\t\t\t\t\t\t\t<p><em>\u00c1 iWell Guard r\u00f6\u00f0um vi\u00f0 verum \u00far \u00fdmsum go\u00f0afr\u00e6\u00f0um \u00ed fj\u00f3ra <strong>meginflokka<\/strong>: gu\u00f0i, lj\u00f3sv\u00e6tti, anda og illv\u00e6tti.<\/em><\/p><p>\u00deetta yfirlit \u00fatsk\u00fdrir flokkunarkerfi\u00f0, hvers vegna vi\u00f0 skiptum eftir \u00feessu, hvar m\u00f6rkin eru flj\u00f3tandi og hvernig vi\u00f0 fj\u00f6llum um verur sem falla \u00ed fleiri en einn flokk.<\/p>\t\t\t\t\t\t\t\t<\/div>\n\t\t\t\t<\/div>\n\t\t<div class=\"elementor-element elementor-element-aj11-hero-toc-wesen e-con-full e-flex e-con e-parent\" data-id=\"aj11-hero-toc-wesen\" data-element_type=\"container\" data-e-type=\"container\">\n\t\t\t\t<div class=\"elementor-element elementor-element-k-toc-wesen elementor-widget elementor-widget-text-editor\" data-id=\"k-toc-wesen\" data-element_type=\"widget\" data-e-type=\"widget\" data-widget_type=\"text-editor.default\">\n\t\t\t\t\t\t\t\t\t<p><strong>Efni \u00feessarar s\u00ed\u00f0u:<\/strong><\/p><ul><li><a href=\"#x404-h0\">Verur, yfirlit yfir flokka<\/a><\/li><li><a href=\"#add-wesen-h0\">Fj\u00f3rir flokkar vera<\/a><\/li><\/ul>\t\t\t\t\t\t\t\t<\/div>\n\t\t\t\t<\/div>\n\t\t\t\t\t<\/div>\n\t\t\t\t<\/div>\n\t\t<div class=\"elementor-element elementor-element-khrght-wesen iwg-kultur-hero-right e-flex e-con-boxed e-con e-parent\" data-id=\"khrght-wesen\" data-element_type=\"container\" data-e-type=\"container\">\n\t\t\t\t\t<div class=\"e-con-inner\">\n\t\t\t\t<div class=\"elementor-element elementor-element-k-img-wesen elementor-widget elementor-widget-image\" data-id=\"k-img-wesen\" data-element_type=\"widget\" data-e-type=\"widget\" data-widget_type=\"image.default\">\n\t\t\t\t\t\t\t\t\t\t\t\t\t\t\t<img fetchpriority=\"high\" decoding=\"async\" width=\"683\" height=\"1024\" src=\"https:\/\/iwell-guard.com\/wp-content\/uploads\/2026\/05\/themen_wesensklassen-683x1024.webp\" class=\"attachment-large size-large wp-image-2283\" alt=\"Vier-Felder-Komposition: G\u00f6tter, Lichtwesen, Geister, D\u00e4monen\" srcset=\"https:\/\/iwell-guard.com\/wp-content\/uploads\/2026\/05\/themen_wesensklassen-683x1024.webp 683w, https:\/\/iwell-guard.com\/wp-content\/uploads\/2026\/05\/themen_wesensklassen-200x300.webp 200w, https:\/\/iwell-guard.com\/wp-content\/uploads\/2026\/05\/themen_wesensklassen-768x1152.webp 768w, https:\/\/iwell-guard.com\/wp-content\/uploads\/2026\/05\/themen_wesensklassen.webp 1024w\" sizes=\"(max-width: 683px) 100vw, 683px\" \/>\t\t\t\t\t\t\t\t\t\t\t\t\t\t\t<\/div>\n\t\t\t\t\t<\/div>\n\t\t\t\t<\/div>\n\t\t\t\t\t<\/div>\n\t\t\t\t<\/div>\n\t\t\t\t<section class=\"elementor-section elementor-top-section elementor-element elementor-element-sec-iwgcomp2-wesen elementor-section-boxed elementor-section-height-default elementor-section-height-default\" data-id=\"sec-iwgcomp2-wesen\" data-element_type=\"section\" data-e-type=\"section\">\n\t\t\t\t\t\t<div class=\"elementor-container elementor-column-gap-default\">\n\t\t\t\t\t<div class=\"elementor-column elementor-col-100 elementor-top-column elementor-element elementor-element-col-iwgcomp2-wesen\" data-id=\"col-iwgcomp2-wesen\" data-element_type=\"column\" data-e-type=\"column\">\n\t\t\t<div class=\"elementor-widget-wrap elementor-element-populated\">\n\t\t\t\t\t\t<div class=\"elementor-element elementor-element-iwgcomp2-wesen elementor-widget elementor-widget-text-editor\" data-id=\"iwgcomp2-wesen\" data-element_type=\"widget\" data-e-type=\"widget\" data-widget_type=\"text-editor.default\">\n\t\t\t\t\t\t\t\t\t<p><strong>Yfirlit yfir flokka<\/strong> allra tegunda vera \u00ed or\u00f0asafninu.<\/p>\t\t\t\t\t\t\t\t<\/div>\n\t\t\t\t\t<\/div>\n\t\t<\/div>\n\t\t\t\t\t<\/div>\n\t\t<\/section>\n\t\t<div class=\"elementor-element elementor-element-x404-s0 e-con-boxed e-flex e-con e-parent\" data-id=\"x404-s0\" data-element_type=\"container\" data-e-type=\"container\">\n\t\t\t\t\t<div class=\"e-con-inner\">\n\t\t\t\t<div class=\"elementor-element elementor-element-x404-h0 elementor-widget elementor-widget-heading\" data-id=\"x404-h0\" data-element_type=\"widget\" data-e-type=\"widget\" data-widget_type=\"heading.default\">\n\t\t\t\t\t<h2 class=\"elementor-heading-title elementor-size-default\">Verur, yfirlit yfir flokka<\/h2>\t\t\t\t<\/div>\n\t\t<div class=\"elementor-element elementor-element-aj11-inner-a55b05 e-con-full e-flex e-con e-parent\" data-id=\"aj11-inner-a55b05\" data-element_type=\"container\" data-e-type=\"container\">\n\t\t\t\t<div class=\"elementor-element elementor-element-x404-t0 elementor-widget elementor-widget-text-editor\" data-id=\"x404-t0\" data-element_type=\"widget\" data-e-type=\"widget\" data-widget_type=\"text-editor.default\">\n\t\t\t\t\t\t\t\t\t<p>Yfirlitss\u00ed\u00f0an fyrir fj\u00f3ra flokka vera, <strong>gu\u00f0i<\/strong>, <strong>illv\u00e6tti<\/strong>, <strong>anda<\/strong> og <strong>lj\u00f3sv\u00e6tti<\/strong>, tengir saman flokkas\u00ed\u00f0urnar, undirflokka \u00feeirra og allar einstakar umfj\u00f6llanir sem eru \u00ed or\u00f0asafni iWell Guard.<\/p><p>H\u00fan er inngangurinn a\u00f0 \u00f6llu vera-skr\u00e1nni og svarar \u00e1 sama t\u00edma \u00feeirri spurningu hvernig vi\u00f0 r\u00f6\u00f0um \u00feessu mj\u00f6g fj\u00f6lbreytta efni \u00far um \u00fea\u00f0 bil 18 menningarheimum me\u00f0 samr\u00e6mdum h\u00e6tti, \u00e1n \u00feess a\u00f0 sl\u00e9tta yfir menningarbundin s\u00e9rkenni.<\/p><p>Flokkunin fylgir einfaldri r\u00f6kfr\u00e6\u00f0i: Vi\u00f0 gerum greinarmun \u00e1 h\u00e6stu pers\u00f3nuger\u00f0u \u00f6flum tiltekins go\u00f0aheims (<a href=\"https:\/\/iwell-guard.com\/is\/?page_id=168679\">gu\u00f0ir<\/a>), ska\u00f0atengdum e\u00f0a tv\u00edr\u00e6\u00f0um verum ne\u00f0an gu\u00f0anna (<a href=\"https:\/\/iwell-guard.com\/is\/djoflar\/\">illv\u00e6tti<\/a>), verum bundnum \u00e1kve\u00f0num st\u00f6\u00f0um, hinum framli\u00f0num e\u00f0a n\u00e1tt\u00farulegum \u00fer\u00f6skuldum (<a href=\"https:\/\/iwell-guard.com\/is\/?page_id=168677\">andar<\/a>) og andlegum lei\u00f0s\u00f6guverum vestr\u00e6nnar <span class=\"iwg-fachbegriff\" data-tooltip=\"Samheiti fyrir kenningar sem gera kr\u00f6fu um dulda \u00feekkingu sem a\u00f0eins innv\u00edg\u00f0ir hafa a\u00f0gang a\u00f0.\" tabindex=\"0\">es\u00f3terisma<\/span> og hinnar n\u00fdju aldar (<a href=\"https:\/\/iwell-guard.com\/is\/?page_id=168678\">lj\u00f3sv\u00e6tti<\/a>).<\/p><p>\u00dear sem tiltekin pers\u00f3na \u00e1 heima \u00ed fleiri en einum flokki, til d\u00e6mis Lilith sem illv\u00e6tti, <span class=\"iwg-fachbegriff\" data-tooltip=\"L\u00edkamslaus vera sem talin er hafa \u00e1hrif \u00ed heiminum.\" tabindex=\"0\">andi<\/span> og \u00ed fem\u00edn\u00edskum skilningi sem gy\u00f0ja, er h\u00fan tengd \u00ed \u00f6llum vi\u00f0eigandi flokkum og \u00fatsk\u00fdr\u00f0 \u00ed hverju samhengi eftir \u00fev\u00ed.<\/p><p>\u00deetta yfirlit s\u00fdnir fj\u00f3ra flokka vera um heim allan.<\/p>\t\t\t\t\t\t\t\t<\/div>\n\t\t\t\t<\/div>\n\t\t\t\t\t<\/div>\n\t\t\t\t<\/div>\n\t\t<div class=\"elementor-element elementor-element-add-wesen-s0 e-con-boxed e-flex e-con e-parent\" data-id=\"add-wesen-s0\" data-element_type=\"container\" data-e-type=\"container\">\n\t\t\t\t\t<div class=\"e-con-inner\">\n\t\t\t\t<div class=\"elementor-element elementor-element-add-wesen-h0 elementor-widget elementor-widget-heading\" data-id=\"add-wesen-h0\" data-element_type=\"widget\" data-e-type=\"widget\" data-widget_type=\"heading.default\">\n\t\t\t\t\t<h2 class=\"elementor-heading-title elementor-size-default\">Fj\u00f3rir flokkar vera<\/h2>\t\t\t\t<\/div>\n\t\t<div class=\"elementor-element elementor-element-aj11-inner-286727 e-con-full e-flex e-con e-parent\" data-id=\"aj11-inner-286727\" data-element_type=\"container\" data-e-type=\"container\">\n\t\t\t\t<div class=\"elementor-element elementor-element-add-wesen-t0 elementor-widget elementor-widget-text-editor\" data-id=\"add-wesen-t0\" data-element_type=\"widget\" data-e-type=\"widget\" data-widget_type=\"text-editor.default\">\n\t\t\t\t\t\t\t\t\t<footer class=\"iwg-literatur\"><p>\u00c1 iWell Guard flokkum vi\u00f0 \u00fe\u00e6r v\u00e6ttir sem skr\u00e1\u00f0ar eru \u00ed fr\u00e6\u00f0asafninu \u00ed fj\u00f3ra meginflokka, sem eru tr\u00faarbrag\u00f0afr\u00e6\u00f0ilega traustir og gagnast einnig \u00ed hagn\u00fdtu mi\u00f0lunarstarfi. Hver flokkur hefur eigin yfirlitss\u00ed\u00f0u me\u00f0 samanbur\u00f0i menningarheima, einkennandi eiginleikum og stafr\u00f3fsr\u00f6\u00f0u\u00f0um lista yfir \u00f6ll einst\u00f6k verur.<\/p><h3><a href=\"https:\/\/iwell-guard.com\/is\/?page_id=168679\">Gu\u00f0ir<\/a><\/h3><p>\u00c6\u00f0stu pers\u00f3nuger\u00f0u m\u00e1ttarv\u00f6ld \u00ed go\u00f0aveldi (pantheon). \u00deeir bera n\u00f6fn, hafa skilgreind \u00e1byrg\u00f0arsvi\u00f0 (himin, str\u00ed\u00f0, \u00e1st, dau\u00f0a, sk\u00f6pun) og eru \u00ed stigveldis- e\u00f0a fr\u00e6ndsemistengslum vi\u00f0 hvern annan. Gu\u00f0ir eru \u00ed heimildum venjulega tengdir \u00e1kve\u00f0num eiginleikum, d\u00fdrum, t\u00e1kmyndum og <span class=\"iwg-fachbegriff\" data-tooltip=\"Heild tr\u00faarlegra d\u00fdrkunarathafna fyrir gu\u00f0 e\u00f0a heilaga v\u00e6tt.\" tabindex=\"0\">helgisi\u00f0ast\u00f6\u00f0um<\/span> (kult).<\/p><p>\u00c1 iWell Guard eru egypsku, mes\u00f3p\u00f3tam\u00edsku, gr\u00edsk-r\u00f3mversku, germ\u00f6nsku, keltnesku, slavnesku, hind\u00fa\u00edsku, b\u00fadd\u00edsku, jap\u00f6nsku og k\u00ednversku go\u00f0aveldin skr\u00e1\u00f0 \u00edtarlega; hi\u00f0 j\u00fad\u00f3-kristna-\u00edslamska hugtak er fjalla\u00f0 um \u00ed tengslum vi\u00f0 englar\u00f6\u00f0ina og hina eingy\u00f0islegu <span class=\"iwg-fachbegriff\" data-tooltip=\"V\u00edsindaleg fr\u00e6\u00f0i um gu\u00f0 og tr\u00fa tiltekinna tr\u00faarbrag\u00f0a.\" tabindex=\"0\">gu\u00f0fr\u00e6\u00f0i<\/span>.<\/p><h3><a href=\"https:\/\/iwell-guard.com\/is\/djoflar\/\">Dj\u00f6flar\/d\u00e6m\u00f3nar<\/a><\/h3><p>Yfirn\u00e1tt\u00farulegar ska\u00f0v\u00e6ttir e\u00f0a tv\u00edr\u00e6\u00f0ar milliv\u00e6ttir ne\u00f0ar \u00ed go\u00f0ahierark\u00edunni. \u00cd \u00fer\u00f6ngri merkingu v\u00edsar <span class=\"iwg-fachbegriff\" data-tooltip=\"Andleg v\u00e6tt sem talin er hafa ska\u00f0lega e\u00f0a tv\u00edr\u00e6\u00f0a \u00e1hrif.\" tabindex=\"0\">d\u00e6m\u00f3n<\/span> til ska\u00f0valdandi pers\u00f3na (Pazuzu, Lilith, Mara, Asmodeus); \u00ed v\u00ed\u00f0ari merkingu, t.d. \u00ed gr\u00edska hugtakinu <em>daimonion<\/em>, einnig tv\u00edr\u00e6\u00f0ar e\u00f0a hlutlausar milliv\u00e6ttir.<\/p><p>Vi\u00f0 tilgreinum merkingarafbrig\u00f0i\u00f0 \u00ed hverri einstakri umfj\u00f6llun og s\u00fdnum hvernig hugtaki\u00f0 d\u00e6m\u00f3n breytist milli tr\u00faarbrag\u00f0ahistor\u00edsks t\u00edmabila og menningarheima, allt fr\u00e1 akkad\u00edsku galdrasafninu, \u00ed gegnum Goet\u00edu og kristna dj\u00f6flafr\u00e6\u00f0i, til t\u00edbetskrar-b\u00fadd\u00edskrar hugmyndar um ska\u00f0valdandi Mara-v\u00e6ttir.<\/p><h3><a href=\"https:\/\/iwell-guard.com\/is\/?page_id=168677\">Andar<\/a><\/h3><p>V\u00e6ttir sem tengjast hinum framli\u00f0num, n\u00e1tt\u00farust\u00f6\u00f0um e\u00f0a \u00fer\u00f6skuldsreynslu. Andar eru oft tengdir \u00e1kve\u00f0num sta\u00f0 (uppspretta, sk\u00f3gur, \u00fer\u00f6skuldur, kirkjugar\u00f0ur) e\u00f0a t\u00edma (klukkustundaandar, \u00e1rst\u00ed\u00f0abundnar v\u00e6ttir).<\/p><p>\u00deeir fela \u00ed s\u00e9r b\u00e6\u00f0i anda framli\u00f0inna (Edimmu, Yuurei, Preta) og n\u00e1tt\u00faru- og frumefnaandav\u00e6ttir (Rusalka, Kappa, Kobold, Mahr). \u00deessi flokkur er s\u00e1 st\u00e6rsti \u00ed fr\u00e6\u00f0asafninu a\u00f0 fj\u00f6lda; yfirliti\u00f0 <a href=\"https:\/\/iwell-guard.com\/is\/?page_id=168677\">Andar<\/a> ra\u00f0ar v\u00e6ttunum eftir undirflokkum (vatnav\u00e6ttir, sk\u00f3garv\u00e6ttir, dau\u00f0aandar, gervibreytar).<\/p><h3><a href=\"https:\/\/iwell-guard.com\/is\/?page_id=168678\">Lj\u00f3sv\u00e6ttir<\/a><\/h3><p>Yngsti flokkurinn, sem er ekki til \u00ed hinu klass\u00edska tr\u00faarbrag\u00f0ahistor\u00edska efni, heldur sprettur \u00far vestr\u00e6nni <span class=\"iwg-fachbegriff\" data-tooltip=\"Samheiti fyrir kenningar sem gera kr\u00f6fu um leynda \u00feekkingu \u00e6tla\u00f0a a\u00f0eins innv\u00edg\u00f0um.\" tabindex=\"0\">es\u00f3ter\u00edk<\/span>, gu\u00f0speki, n\u00fdaldarhreyfingunni og hagn\u00fdtri n\u00fat\u00edma mi\u00f0lun.<\/p><p>Lj\u00f3sv\u00e6ttir eru erkierkiengar j\u00fad\u00f3-kristnu-\u00edslamsku hef\u00f0arinnar (M\u00edkael, Gabr\u00edel, Rafael, \u00dar\u00edel, Metatron), hinir uppstignu meistarar gu\u00f0spekif\u00e9lagsins og nokkrar s\u00e9rt\u00e6kar v\u00e6ttaform sem sj\u00e1st a\u00f0eins \u00ed hagn\u00fdtri mi\u00f0lun. Vi\u00f0 fj\u00f6llum um \u00feennan flokk me\u00f0 s\u00e9rstakri var\u00fa\u00f0: heimildir eru h\u00e9r a\u00f0 st\u00f3rum hluta afleiddar e\u00f0a n\u00fdlegar, og heimildagagnr\u00fdni er tekin fram me\u00f0 gagns\u00e6jum h\u00e6tti \u00ed hverri einstakri umfj\u00f6llun.<\/p><h3>R\u00f6\u00f0unarr\u00f6kfr\u00e6\u00f0i vi\u00f0 margfalda tilheyrslu<\/h3><p>Sumar pers\u00f3nur passa \u00ed fleiri en einn flokk: Lilith er \u00ed <span class=\"iwg-fachbegriff\" data-tooltip=\"A\u00f0alrit rabb\u00ednskra Gy\u00f0ingd\u00f3ms me\u00f0 \u00fatlegg \u00e1 tr\u00faarhef\u00f0.\" tabindex=\"0\">Talm\u00fad<\/span> d\u00e6m\u00f3n, \u00ed bab\u00fdlonskri \u00e1letrunarhef\u00f0 n\u00e6turska\u00f0valdandi andi, \u00ed n\u00fat\u00edma fem\u00edn\u00edskri <span class=\"iwg-fachbegriff\" data-tooltip=\"V\u00edsindaleg fr\u00e6\u00f0i um gu\u00f0 og tr\u00fa tiltekinna tr\u00faarbrag\u00f0a.\" tabindex=\"0\">gu\u00f0fr\u00e6\u00f0i<\/span> gy\u00f0ja sj\u00e1lfs\u00e1kv\u00f6r\u00f0unar. Erin\u00fdjurnar eru gr\u00edskar hefndargy\u00f0jur, en koma fram sem andaflokkur.<\/p><p>Pazuzu er b\u00e6\u00f0i <span class=\"iwg-fachbegriff\" data-tooltip=\"Andleg v\u00e6tt sem talin er hafa ska\u00f0lega e\u00f0a tv\u00edr\u00e6\u00f0a \u00e1hrif.\" tabindex=\"0\">d\u00e6m\u00f3n<\/span> og verndarandi gegn Lamashtu. \u00cd \u00f6llum \u00feessum tilvikum er v\u00e6ttin skr\u00e1\u00f0 \u00ed hverjum vi\u00f0eigandi flokki; \u00ed meginumfj\u00f6lluninni birtist \u00edtarleg umfj\u00f6llun, \u00ed \u00f6\u00f0rum flokkum tilv\u00edsun. \u00deannig ver\u00f0a engir blindir gangar fyrir lesandann, en s\u00f6guleg margbreytni er samt s\u00fdnileg.<\/p><h3>R\u00f6\u00f0un og leitarlei\u00f0ir<\/h3><p>S\u00e1 sem leitar a\u00f0 \u00e1kve\u00f0inni v\u00e6tt finnur hana flj\u00f3tast \u00ed stafr\u00f3fsr\u00f6\u00f0u\u00f0u skr\u00e1nni sem er \u00e1 vi\u00f0komandi flokkas\u00ed\u00f0u. S\u00e1 sem vill flokka eftir menningu fer \u00ed gegnum yfirliti\u00f0 <a href=\"https:\/\/iwell-guard.com\/is\/?page_id=168728\">Menningarheimar<\/a>; \u00fear eru allar v\u00e6ttir h\u00f3pa\u00f0ar eftir <span class=\"iwg-fachbegriff\" data-tooltip=\"Heild go\u00f0sagna tiltekinnar menningar.\" tabindex=\"0\">go\u00f0afr\u00e6\u00f0i<\/span>.<\/p><p>S\u00e1 sem hefur \u00e1huga \u00e1 a\u00f0fer\u00f0afr\u00e6\u00f0inni, \u00fe.e. hvernig vi\u00f0 meta heimildir og hva\u00f0a hagn\u00fdtar lei\u00f0beiningar vi\u00f0 gefum, finnur sv\u00f6rin undir <a href=\"https:\/\/iwell-guard.com\/is\/?page_id=168680\">A\u00f0fer\u00f0afr\u00e6\u00f0i<\/a>. Hugt\u00f6k og v\u00e6ttaflokkar eru \u00fatsk\u00fdr\u00f0 \u00ed stuttu m\u00e1li \u00ed <a href=\"https:\/\/iwell-guard.com\/is\/?page_id=168729\">Or\u00f0asafni<\/a>; frekari heimildaskr\u00e1 er \u00ed ritaskr\u00e1nni undir <a href=\"https:\/\/iwell-guard.com\/is\/?page_id=168730\">Heimildir<\/a>.<\/p><h3>Hversu margar v\u00e6ttir eru skr\u00e1\u00f0ar<\/h3><p>\u00cd n\u00faverandi safni vefs\u00ed\u00f0unnar eru um 300 einstakar umfjallanir, dreift \u00e1 18 menningarsv\u00e6\u00f0i. \u00deetta er ekki t\u00e6mandi skr\u00e1ning allra v\u00e6tta sem einhvern t\u00edma hafa veri\u00f0 l\u00fdst, sl\u00edkt v\u00e6ri einfaldlega ekki m\u00f6gulegt, \u00fev\u00ed margar \u00fej\u00f3\u00f0tr\u00faarpers\u00f3nur eru a\u00f0eins sta\u00f0bundnar \u00ed heimildum og ranns\u00f3knir finna st\u00f6\u00f0ugt n\u00fdjar sannanir.<\/p><p>En \u00feetta er verulega umfangsmeira safn en flest \u00f6nnur a\u00f0gengileg or\u00f0as\u00f6fn \u00e1 netinu og fjallar um kerfisbundinn h\u00e1tt um mikilv\u00e6gustu pers\u00f3nur hverrar <span class=\"iwg-fachbegriff\" data-tooltip=\"Heild go\u00f0sagna tiltekinnar menningar.\" tabindex=\"0\">go\u00f0afr\u00e6\u00f0i<\/span>. Ey\u00f0ur eru markvisst fylltar \u00feegar \u00fe\u00f6rf skapast, hvort sem \u00fea\u00f0 er \u00ed gegnum fyrirspurnir lesenda, n\u00fdrri heimildaritum e\u00f0a samanbur\u00f0i vi\u00f0 tengdar menningarheildir.<\/p><h3>Hva\u00f0 flokkun leggur til hagn\u00fdtt s\u00e9\u00f0<\/h3><p>Flokkun er hj\u00e1lpart\u00e6ki, ekki markmi\u00f0 \u00ed sj\u00e1lfu s\u00e9r. H\u00fan gerir kleift a\u00f0 finna r\u00e9ttar uppl\u00fdsingar hratt \u00ed 300 v\u00e6tta or\u00f0asafni: s\u00e1 sem leitar Pazuzu finnur hann undir D\u00e6m\u00f3num me\u00f0 tilv\u00edsun \u00ed verndara\u00f0ger\u00f0 hans; s\u00e1 sem leitar Kappa endar me\u00f0al Anda, ekki \u00ed \u00f3lj\u00f3sri \u201ejap\u00f6nsk <span class=\"iwg-fachbegriff\" data-tooltip=\"Heild go\u00f0sagna tiltekinnar menningar.\" tabindex=\"0\">go\u00f0afr\u00e6\u00f0i<\/span>\u201c-samantekt.<\/p><p>\u00c1 sama t\u00edma \u00fevingar flokkunin okkur til a\u00f0 rannsaka hverja pers\u00f3nu vandlega \u00ed heimildum, margar v\u00e6ttir eru rangflokka\u00f0ar \u00ed almennri uppt\u00f6ku vegna \u00feess a\u00f0 \u00e1lykta\u00f0 var \u00fat fr\u00e1 einni einstakri heimild. \u00c1 iWell Guard leggjum vi\u00f0 okkur fram um a\u00f0 byggja hverja flokkun \u00e1 v\u00ed\u00f0t\u00e6kum heimildagrunni og benda sk\u00fdrt \u00e1 merkingarbreytingar.<\/p><h3>Samband vi\u00f0 v\u00edsindalega tr\u00faarbrag\u00f0aflokkun<\/h3><p>V\u00edsindaranns\u00f3knir nota a\u00f0 mestu \u00ferengra hugtakapar: h\u00e6rri v\u00e6ttir (gu\u00f0ir, <span class=\"iwg-fachbegriff\" data-tooltip=\"\u00cd abraham\u00edskum tr\u00faarbr\u00f6g\u00f0um himneskt sendibo\u00f0av\u00e6tt gu\u00f0s.\" tabindex=\"0\">englar<\/span>) og l\u00e6gri v\u00e6ttir (d\u00e6m\u00f3nar, andar, n\u00fdmfur, genii). \u00deetta hugtakapar er hef\u00f0bundi\u00f0 \u00ed hinu klass\u00edska Pauly-uppflettiriti og \u00ed eldri tr\u00faarbrag\u00f0as\u00f6gu, en hefur \u00feann \u00f3kost a\u00f0 margar pers\u00f3nur, s\u00e9rstaklega tv\u00edr\u00e6\u00f0ar og \u00fe\u00e6r sem flytjast milli menningarheima, eru erfi\u00f0ar a\u00f0 flokka.<\/p><p>Okkar fj\u00f3rflokkar\u00f6kfr\u00e6\u00f0i me\u00f0 Lj\u00f3sv\u00e6ttum sem s\u00e9rstakan flokk tekur mi\u00f0 af n\u00fat\u00edma es\u00f3ter\u00edskri i\u00f0kun \u00e1n \u00feess a\u00f0 gefa upp tr\u00faarbrag\u00f0ahistor\u00edska n\u00e1kv\u00e6mni. S\u00e1 sem er kunnugur v\u00edsindalegum or\u00f0afor\u00f0a finnur vi\u00f0eigandi tilv\u00edsanir \u00ed hverri einstakri umfj\u00f6llun.<\/p><h3>Hva\u00f0 var ekki teki\u00f0 inn \u00ed fr\u00e6\u00f0asafni\u00f0<\/h3><p>Hreinar sagnapers\u00f3nur \u00e1n yfirn\u00e1tt\u00farulegs \u00fe\u00e1ttar (hetjur \u00e1n gu\u00f0afunkt\u00ed\u00f3nar, s\u00f6gulegar pers\u00f3nur \u00ed go\u00f0sagnab\u00faningi) eru ekki teknar inn \u00ed v\u00e6ttafr\u00e6\u00f0asafni\u00f0. S\u00f6mulei\u00f0is eru heilagir \u00ed \u00ferengri skilningi ekki teknir me\u00f0, kristnir d\u00fdrlingar v\u00e6ru s\u00e9rstakur flokkur sem er ekki fjalla\u00f0 um kerfisbundi\u00f0 h\u00e9r.<\/p><p>Hva\u00f0 var\u00f0ar blanda\u00f0ar pers\u00f3nur, v\u00e6ttir sem eru a\u00f0 hluta <span class=\"iwg-fachbegriff\" data-tooltip=\"Tilheyrandi hinu gu\u00f0d\u00f3mlega og \u00fear me\u00f0 undanskilin daglegri notkun.\" tabindex=\"0\">heilagar<\/span>-s\u00f6gulegar, a\u00f0 hluta go\u00f0sagnakenndar, eins og heilagur Georg \u00ed drekabar\u00e1ttunni e\u00f0a Mar\u00eda \u00ed \u00fej\u00f3\u00f0tr\u00faarlegum vitnisbur\u00f0um um birtingar, v\u00edsum vi\u00f0 til vi\u00f0eigandi s\u00e9rfr\u00e6\u00f0irits um s\u00f6gu.<\/p><div data-nosnippet=\"true\" class=\"iwg-litliste\"><p><strong>\u00darvalsritaskr\u00e1 um v\u00e6ttir:<\/strong><\/p><ul><li><span data-nosnippet><strong>Frazer, James George<\/strong>: <em>Der goldene Zweig. Das Geheimnis von Glauben und Sitten der V\u00f6lker. Rowohlt, Reinbek 1989.<\/em><\/span><\/li><li><span data-nosnippet><strong>Hanegraaff, Wouter J. (Ed.)<\/strong>: <em>Dictionary of <span class=\"iwg-fachbegriff\" data-tooltip=\"Tr\u00faarleg hreyfing \u00e1 s\u00ed\u00f0forn\u00f6ld sem kenndi hj\u00e1lpr\u00e6\u00f0i me\u00f0 s\u00e9rstakri hj\u00e1lpr\u00e6\u00f0is\u00feekkingu.\" tabindex=\"0\">gnosis<\/span> and Western Esotericism. Brill, Leiden 2005.<\/em><\/span><\/li><\/ul><p style=\"font-size:0.9em;opacity:0.85\"><em>Athugi\u00f0:<\/em> \u00deetta \u00farval er til lei\u00f0sagnar; einstakar greinar fylgja eigin, ritst\u00fdr\u00f0um heimildaskr\u00e1.<\/p><\/div><\/footer><p>V\u00e6ttirnar sem skr\u00e1\u00f0ar eru \u00ed iWell-Guard-fr\u00e6\u00f0asafninu skiptast \u00ed gr\u00f3fum dr\u00e1ttum \u00ed fj\u00f3ra virknilega meginflokka: gu\u00f0i sem upphaflega e\u00f0a skilgreiningarlega m\u00e1ttugar h\u00e1ar v\u00e6ttir me\u00f0 sv\u00e6\u00f0isbundinn <span class=\"iwg-fachbegriff\" data-tooltip=\"Heild tr\u00faarlegra d\u00fdrkunarathafna fyrir gu\u00f0 e\u00f0a heilaga v\u00e6tt.\" tabindex=\"0\">helgisi\u00f0ast\u00f6\u00f0u<\/span> (kult), d\u00e6m\u00f3na sem markvisst ska\u00f0legar e\u00f0a t\u00e6landi m\u00e1ttarv\u00f6ld, anda sem oft eru bundnir sta\u00f0, fj\u00f6lskyldu e\u00f0a framli\u00f0num sem milliv\u00e6ttir, og lj\u00f3sv\u00e6ttir sem hj\u00e1lpandi, verndandi e\u00f0a uppl\u00fdsandi birtingar (<span class=\"iwg-fachbegriff\" data-tooltip=\"\u00cd abraham\u00edskum tr\u00faarbr\u00f6g\u00f0um himneskt sendibo\u00f0av\u00e6tt gu\u00f0s.\" tabindex=\"0\">englar<\/span>, b\u00f3dh\u00edsattvar, uppstignumeistarar).<\/p><p>\u00deessi fj\u00f3rskipting er ekki algild, margar menningarheildir hafa millistig og bl\u00f6ndu\u00f0 form, svo sem indverska yaksha, japanska <span class=\"iwg-fachbegriff\" data-tooltip=\"\u00cd jap\u00f6nskum Shinto hinar d\u00fdrku\u00f0u andav\u00e6ttir og gu\u00f0legu m\u00e1ttarv\u00f6ld.\" tabindex=\"0\">kami<\/span> e\u00f0a mes\u00f3p\u00f3tam\u00edskar <span class=\"iwg-fachbegriff\" data-tooltip=\"Vitrar blanda\u00f0ar v\u00e6ttir mes\u00f3p\u00f3tam\u00edskrar hef\u00f0ar, nota\u00f0ar sem verndart\u00e1knmyndir \u00e1 byggingum.\" tabindex=\"0\">apkallu<\/span>.<\/p><p>V\u00edsindaleg tr\u00faarbrag\u00f0asaga for\u00f0ast \u00fev\u00ed dogmat\u00edska flokkun og l\u00fdsir v\u00e6ttum fyrst og fremst \u00fat fr\u00e1 virkni: Til hvers er v\u00e6ttin \u00e1k\u00f6llu\u00f0, \u00ed hva\u00f0a tr\u00faarathafnasamhengi kemur h\u00fan fram, hva\u00f0a menningars\u00f6gu hefur d\u00fdrkun hennar e\u00f0a b\u00f6nnun? (Sbr. Hans Kippenberg: Die Entdeckung der Religionsgeschichte, M\u00fcnchen 1997; Jan Assmann: Religion und kulturelles Ged\u00e4chtnis, M\u00fcnchen 2000.) \u00deessi virknilega s\u00fdn m\u00f3tar einnig uppbyggingu hverrar einstakrar skr\u00e1ningars\u00ed\u00f0u \u00ed fr\u00e6\u00f0asafninu.<\/p><p>Auk meginflokkunarins tilgreinir fr\u00e6\u00f0asafni\u00f0, \u00fear sem tr\u00faarbrag\u00f0ahistor\u00edsk \u00fe\u00fd\u00f0ing \u00e1 vi\u00f0, frekari undirflokka, t.d. h\u00e1gu\u00f0, sk\u00f6punargu\u00f0, dau\u00f0agu\u00f0, gr\u00f3\u00f0urgu\u00f0, verndargu\u00f0, glettinn (trickster), sendibo\u00f0i, vatnaandi, sk\u00f3garandi, h\u00fasandi, erkiengill, uppstignumeistari, dharmap\u0101la. \u00deessar svok\u00f6llu\u00f0u hef\u00f0arpillur (sj\u00e1 Pillakerfi) gera lesendum kleift a\u00f0 au\u00f0kenna flj\u00f3tt samb\u00e6rilegar v\u00e6ttir yfir menningarheima, t.d. bera saman alla h\u00e1gu\u00f0i heimstr\u00faarbrag\u00f0anna e\u00f0a alla dau\u00f0asendibo\u00f0a mismunandi go\u00f0aveldis.<\/p>\n<p class=\"iwg-bib-more\"><span data-nosnippet>Fleiri grundvallarrit \u00ed <a href=\"https:\/\/iwell-guard.com\/is\/?page_id=168730\">Heimildaskr\u00e1<\/a>.<\/span><\/p>\t\t\t\t\t\t\t\t<\/div>\n\t\t\t\t<\/div>\n\t\t\t\t\t<\/div>\n\t\t\t\t<\/div>\n\t\t<div class=\"elementor-element elementor-element-iwgcb-wesen-sec e-flex e-con-boxed e-con e-parent\" data-id=\"iwgcb-wesen-sec\" data-element_type=\"container\" data-e-type=\"container\" id=\"iwg-cb-wesen\">\n\t\t\t\t\t<div class=\"e-con-inner\">\n\t\t<div class=\"elementor-element elementor-element-iwgcb-wesen-inner e-flex e-con-boxed e-con e-parent\" data-id=\"iwgcb-wesen-inner\" data-element_type=\"container\" data-e-type=\"container\" data-settings=\"{&quot;background_background&quot;:&quot;classic&quot;}\">\n\t\t\t\t\t<div class=\"e-con-inner\">\n\t\t\t\t<div class=\"elementor-element elementor-element-iwgcb-wesen-h elementor-widget elementor-widget-heading\" data-id=\"iwgcb-wesen-h\" data-element_type=\"widget\" data-e-type=\"widget\" data-widget_type=\"heading.default\">\n\t\t\t\t\t<h2 class=\"elementor-heading-title elementor-size-default\">iWell Guard og verndarhef\u00f0ir<\/h2>\t\t\t\t<\/div>\n\t\t\t\t<div class=\"elementor-element elementor-element-iwgcb-wesen-t elementor-widget elementor-widget-text-editor\" data-id=\"iwgcb-wesen-t\" data-element_type=\"widget\" data-e-type=\"widget\" data-widget_type=\"text-editor.default\">\n\t\t\t\t\t\t\t\t\t<div data-nosnippet=\"true\"><p>\u00cd \u00f6llum \u00feeim menningarheimum sem hafa veri\u00f0 skr\u00e1\u00f0ir m\u00e1 finna verndargripi sem f\u00f3lk bar \u00e1 s\u00e9r, allt fr\u00e1 <a href=\"https:\/\/iwell-guard.com\/is\/?page_id=168584\">Pazuzu<\/a>-verndargripum \u00ed Mes\u00f3p\u00f3tam\u00edu til <a href=\"https:\/\/iwell-guard.com\/is\/?page_id=168899\">Hamsa<\/a> vi\u00f0 Mi\u00f0jar\u00f0arhafi\u00f0, <a href=\"https:\/\/iwell-guard.com\/is\/?page_id=168900\">Mezuzah<\/a> \u00e1 dyrast\u00f6fum j\u00fa\u00f0ad\u00f3ms og kristilegra verndarmedal\u00eda. iWell Guard s\u00e6kir \u00ed \u00feessa hef\u00f0 me\u00f0 n\u00fat\u00edmalegri efnis\u00fatf\u00e6rslu, framleiddur \u00ed \u00de\u00fdskalandi, 41 lag, alv\u00f6ru gull, plat\u00edna, silfur. 30 daga skilar\u00e9ttur.<\/p><\/div>\t\t\t\t\t\t\t\t<\/div>\n\t\t\t\t<div class=\"elementor-element elementor-element-iwgcb-wesen-b iwg-cb-button iwg-cb-cta-2026-05-13 elementor-widget elementor-widget-jet-button\" data-id=\"iwgcb-wesen-b\" data-element_type=\"widget\" data-e-type=\"widget\" data-widget_type=\"jet-button.default\">\n\t\t\t\t<div class=\"elementor-widget-container\">\n\t\t\t\t\t<div class=\"elementor-jet-button jet-elements\"><div class=\"jet-button__container\"><a class=\"jet-button__instance jet-button__instance--icon-left hover-effect-1\" href=\"\/ueber-iwell-guard\/?utm_source=iwell-guard.com&amp;utm_medium=info-box&amp;utm_campaign=hub-tradition\"><div class=\"jet-button__plane jet-button__plane-normal\"><\/div><div class=\"jet-button__plane jet-button__plane-hover\"><\/div><div class=\"jet-button__state jet-button__state-normal\"><span class=\"jet-button__label\">Meira um iWell Guard<\/span><\/div><div class=\"jet-button__state jet-button__state-hover\"><span class=\"jet-button__label\">Meira um iWell Guard<\/span><\/div><\/a><\/div><\/div><style>.elementor-element.elementor-element-iwgcb-wesen-b .jet-button__instance{width:320px;height:56px;}.elementor-element.elementor-element-iwgcb-wesen-b .jet-button__state-normal .jet-button__label{text-align:center;margin:0px 0px 0px 0px;color:#1a1b20;font-family:Montserrat,sans-serif;font-size:13px;font-weight:400;letter-spacing:4px;line-height:1.714em;text-transform:uppercase;}.elementor-element.elementor-element-iwgcb-wesen-b .jet-button__state-hover .jet-button__label{text-align:center;margin:0px 0px 0px 0px;color:#FECC76;font-family:Montserrat,sans-serif;font-size:13px;font-weight:400;letter-spacing:4px;line-height:1.714em;text-transform:uppercase;}.elementor-element.elementor-element-iwgcb-wesen-b .jet-button__plane-normal{background-color:#FECC76;border-style:solid;border-color:#C99540;border-width:2px 2px 2px 2px;}.elementor-element.elementor-element-iwgcb-wesen-b .jet-button__plane-hover{background-color:rgba(0,0,0,0.55);border-style:solid;border-color:#FECC76;border-width:2px 2px 2px 2px;}<\/style>\t\t\t\t<\/div>\n\t\t\t\t<\/div>\n\t\t\t\t<div class=\"elementor-element elementor-element-iwgcb-wesen-d elementor-widget elementor-widget-text-editor\" data-id=\"iwgcb-wesen-d\" data-element_type=\"widget\" data-e-type=\"widget\" data-widget_type=\"text-editor.default\">\n\t\t\t\t\t\t\t\t\t<div data-nosnippet=\"true\"><p style=\"text-align:center;font-size:13px;opacity:0.7;margin-top:14px\" data-nosnippet=\"true\">Pers\u00f3nuleg reynsla getur veri\u00f0 mismunandi. Ekki l\u00e6kningat\u00e6ki. Engin lofor\u00f0 um l\u00e6kningu.<\/p><\/div>\t\t\t\t\t\t\t\t<\/div>\n\t\t\t\t\t<\/div>\n\t\t\t\t<\/div>\n\t\t\t\t\t<\/div>\n\t\t\t\t<\/div>\n\t\t\t\t<\/div>\n\t\t","protected":false},"excerpt":{"rendered":"","protected":false},"author":3,"featured_media":2283,"parent":0,"menu_order":0,"comment_status":"closed","ping_status":"closed","template":"elementor_header_footer","meta":{"_yoast_wpseo_focuskw":"wesen","_yoast_wpseo_title":"Verur \u2013 Yfirlit yfir flokka \u2013 iWell Guard","_yoast_wpseo_metadesc":"Yfirlitss\u00ed\u00f0a fyrir fj\u00f3ra flokka vera: gu\u00f0i, illv\u00e6tti, anda, lj\u00f3sv\u00e6tti. Undirs\u00ed\u00f0ur og undirflokkar eru tengdir h\u00e9r.","_yoast_wpseo_meta-robots-noindex":"","_yoast_wpseo_canonical":"","_angie_page":false,"gefaehrdungsstufe":"","wesen_kultur":"","wesen_klasse":"","footnotes":""},"categories":[],"class_list":["post-168727","page","type-page","status-publish","has-post-thumbnail","hentry"],"yoast_head":"<!-- This site is optimized with the Yoast SEO Premium plugin v27.7 (Yoast SEO v28.3) - https:\/\/yoast.com\/product\/yoast-seo-premium-wordpress\/ -->\n<title>Verur \u2013 Yfirlit yfir flokka \u2013 iWell Guard<\/title>\n<meta name=\"description\" content=\"Yfirlitss\u00ed\u00f0a fyrir fj\u00f3ra flokka vera: gu\u00f0i, illv\u00e6tti, anda, lj\u00f3sv\u00e6tti. Undirs\u00ed\u00f0ur og undirflokkar eru tengdir h\u00e9r.\" \/>\n<meta name=\"robots\" content=\"index, follow, max-snippet:-1, max-image-preview:large, max-video-preview:-1\" \/>\n<link rel=\"canonical\" href=\"https:\/\/iwell-guard.com\/is\/verur-flokkayfirlit\/\" \/>\n<meta property=\"og:locale\" content=\"is_IS\" \/>\n<meta property=\"og:type\" content=\"article\" \/>\n<meta property=\"og:title\" content=\"Wesen \u2013 Klassen-Uebersicht\" \/>\n<meta property=\"og:description\" content=\"Yfirlitss\u00ed\u00f0a fyrir fj\u00f3ra flokka vera: gu\u00f0i, illv\u00e6tti, anda, lj\u00f3sv\u00e6tti. Undirs\u00ed\u00f0ur og undirflokkar eru tengdir h\u00e9r.\" \/>\n<meta property=\"og:url\" content=\"https:\/\/iwell-guard.com\/is\/verur-flokkayfirlit\/\" \/>\n<meta property=\"og:site_name\" content=\"iWell Guard\" \/>\n<meta property=\"article:modified_time\" content=\"2026-09-05T14:17:55+00:00\" \/>\n<meta property=\"og:image\" content=\"https:\/\/iwell-guard.com\/wp-content\/uploads\/2026\/05\/themen_wesensklassen.webp\" \/>\n\t<meta property=\"og:image:width\" content=\"1024\" \/>\n\t<meta property=\"og:image:height\" content=\"1536\" \/>\n\t<meta property=\"og:image:type\" content=\"image\/webp\" \/>\n<meta name=\"twitter:card\" content=\"summary_large_image\" \/>\n<script type=\"application\/ld+json\" class=\"yoast-schema-graph\">{\"@context\":\"https:\\\/\\\/schema.org\",\"@graph\":[{\"@type\":\"WebPage\",\"@id\":\"https:\\\/\\\/iwell-guard.com\\\/is\\\/verur-flokkayfirlit\\\/\",\"url\":\"https:\\\/\\\/iwell-guard.com\\\/is\\\/verur-flokkayfirlit\\\/\",\"name\":\"Verur \u2013 Yfirlit yfir flokka \u2013 iWell Guard\",\"isPartOf\":{\"@id\":\"https:\\\/\\\/iwell-guard.com\\\/is\\\/#website\"},\"primaryImageOfPage\":{\"@id\":\"https:\\\/\\\/iwell-guard.com\\\/is\\\/verur-flokkayfirlit\\\/#primaryimage\"},\"image\":{\"@id\":\"https:\\\/\\\/iwell-guard.com\\\/is\\\/verur-flokkayfirlit\\\/#primaryimage\"},\"thumbnailUrl\":\"https:\\\/\\\/iwell-guard.com\\\/wp-content\\\/uploads\\\/2026\\\/05\\\/themen_wesensklassen.webp\",\"datePublished\":\"2026-09-05T14:02:29+00:00\",\"dateModified\":\"2026-09-05T14:17:55+00:00\",\"description\":\"Yfirlitss\u00ed\u00f0a fyrir fj\u00f3ra flokka vera: gu\u00f0i, illv\u00e6tti, anda, lj\u00f3sv\u00e6tti. Undirs\u00ed\u00f0ur og undirflokkar eru tengdir h\u00e9r.\",\"breadcrumb\":{\"@id\":\"https:\\\/\\\/iwell-guard.com\\\/is\\\/verur-flokkayfirlit\\\/#breadcrumb\"},\"inLanguage\":\"is\",\"potentialAction\":[{\"@type\":\"ReadAction\",\"target\":[\"https:\\\/\\\/iwell-guard.com\\\/is\\\/verur-flokkayfirlit\\\/\"]}]},{\"@type\":\"ImageObject\",\"inLanguage\":\"is\",\"@id\":\"https:\\\/\\\/iwell-guard.com\\\/is\\\/verur-flokkayfirlit\\\/#primaryimage\",\"url\":\"https:\\\/\\\/iwell-guard.com\\\/wp-content\\\/uploads\\\/2026\\\/05\\\/themen_wesensklassen.webp\",\"contentUrl\":\"https:\\\/\\\/iwell-guard.com\\\/wp-content\\\/uploads\\\/2026\\\/05\\\/themen_wesensklassen.webp\",\"width\":1024,\"height\":1536,\"caption\":\"Fj\u00f3rreitasamsetning: gu\u00f0ir, lj\u00f3sv\u00e6ttir, andar, dj\u00f6flar\"},{\"@type\":\"BreadcrumbList\",\"@id\":\"https:\\\/\\\/iwell-guard.com\\\/is\\\/verur-flokkayfirlit\\\/#breadcrumb\",\"itemListElement\":[{\"@type\":\"ListItem\",\"position\":1,\"name\":\"Start\",\"item\":\"https:\\\/\\\/iwell-guard.com\\\/is\\\/?page_id=168580\"},{\"@type\":\"ListItem\",\"position\":2,\"name\":\"Wesen \u2013 Klassen-Uebersicht\"}]},{\"@type\":\"WebSite\",\"@id\":\"https:\\\/\\\/iwell-guard.com\\\/is\\\/#website\",\"url\":\"https:\\\/\\\/iwell-guard.com\\\/is\\\/\",\"name\":\"iWell Guard\",\"description\":\"Schutz vor dunklen Einfl\u00fcssen\",\"publisher\":{\"@id\":\"https:\\\/\\\/iwell-guard.com\\\/is\\\/#organization\"},\"potentialAction\":[{\"@type\":\"SearchAction\",\"target\":{\"@type\":\"EntryPoint\",\"urlTemplate\":\"https:\\\/\\\/iwell-guard.com\\\/is\\\/?s={search_term_string}\"},\"query-input\":{\"@type\":\"PropertyValueSpecification\",\"valueRequired\":true,\"valueName\":\"search_term_string\"}}],\"inLanguage\":\"is\"},{\"@type\":\"Organization\",\"@id\":\"https:\\\/\\\/iwell-guard.com\\\/is\\\/#organization\",\"name\":\"Ittermann electronic GmbH\",\"url\":\"https:\\\/\\\/iwell-guard.com\\\/is\\\/\",\"logo\":{\"@type\":\"ImageObject\",\"inLanguage\":\"is\",\"@id\":\"https:\\\/\\\/iwell-guard.com\\\/is\\\/#\\\/schema\\\/logo\\\/image\\\/\",\"url\":\"https:\\\/\\\/iwell-guard.com\\\/wp-content\\\/uploads\\\/2026\\\/05\\\/Ittermann-Logo-1182x237-1.png\",\"contentUrl\":\"https:\\\/\\\/iwell-guard.com\\\/wp-content\\\/uploads\\\/2026\\\/05\\\/Ittermann-Logo-1182x237-1.png\",\"width\":1182,\"height\":237,\"caption\":\"Ittermann electronic GmbH\"},\"image\":{\"@id\":\"https:\\\/\\\/iwell-guard.com\\\/is\\\/#\\\/schema\\\/logo\\\/image\\\/\"},\"sameAs\":[\"https:\\\/\\\/pantip.com\\\/profile\\\/9367242\",\"https:\\\/\\\/micro.blog\\\/iwellguard\",\"https:\\\/\\\/www.diggerslist.com\\\/iwellguard\\\/about\",\"https:\\\/\\\/skitterphoto.com\\\/photographers\\\/2870314\\\/iwell-guard\",\"https:\\\/\\\/iwellguard.wordpress.com\\\/2026\\\/06\\\/06\\\/iwell-guard\\\/\",\"https:\\\/\\\/hub.docker.com\\\/u\\\/iwellguard\",\"https:\\\/\\\/www.pinterest.com\\\/iwellguard\\\/\",\"https:\\\/\\\/bit.ly\\\/m\\\/iwellguard\",\"https:\\\/\\\/entre-vos-mains.alsace.eu\\\/profiles\\\/iwellguard\\\/activity\",\"https:\\\/\\\/gravatar.com\\\/reallybeded8fd34\",\"https:\\\/\\\/naijamatta.com\\\/iwellguard\",\"https:\\\/\\\/www.goodreads.com\\\/iwellguard\",\"https:\\\/\\\/profile.hatena.ne.jp\\\/iwellguard\\\/\",\"https:\\\/\\\/experiment.com\\\/users\\\/iwellguard\",\"https:\\\/\\\/wakelet.com\\\/@iWellGuard82270\",\"https:\\\/\\\/www.chordie.com\\\/forum\\\/profile.php?id=2555664\",\"https:\\\/\\\/www.instapaper.com\\\/p\\\/17757966\",\"https:\\\/\\\/www.mapleprimes.com\\\/users\\\/iwellguard\",\"https:\\\/\\\/businesslistingplus.com\\\/profile\\\/iwell-guard\\\/\",\"https:\\\/\\\/telegra.ph\\\/iWell-Guard-06-06\",\"https:\\\/\\\/pbase.com\\\/iwellguard\\\/iwellguard\",\"https:\\\/\\\/b.hatena.ne.jp\\\/iwellguard\\\/20260607#bookmark-4788405196491818882\",\"https:\\\/\\\/fliphtml5.com\\\/home\\\/iwellguard\",\"https:\\\/\\\/anyflip.com\\\/homepage\\\/cmiwl#About\",\"https:\\\/\\\/transfur.com\\\/Users\\\/iwellguard\",\"http:\\\/\\\/delphi.larsbo.org\\\/user\\\/iwellguard\",\"https:\\\/\\\/jobs.lajobsportal.org\\\/profiles\\\/8380803-iwell-guard\",\"https:\\\/\\\/md.chaosdorf.de\\\/s\\\/jfbe5SBdJD\",\"https:\\\/\\\/www.lingvolive.com\\\/en-us\\\/profile\\\/9ecaeaca-ce11-4e51-9e71-01d55e2bff36\\\/translations\",\"https:\\\/\\\/www.fitday.com\\\/fitness\\\/forums\\\/members\\\/iwellguard.html\",\"https:\\\/\\\/www.mymeetbook.com\\\/iwellguard\",\"https:\\\/\\\/pxhere.com\\\/en\\\/photographer-me\\\/5040798\",\"https:\\\/\\\/disqus.com\\\/by\\\/iwellguard\\\/about\\\/\",\"https:\\\/\\\/pastelink.net\\\/hjwciqwq\",\"https:\\\/\\\/pubhtml5.com\\\/homepage\\\/scjhn\\\/\",\"https:\\\/\\\/www.bitchute.com\\\/channel\\\/2O2eOKzNqujT\",\"https:\\\/\\\/audiomack.com\\\/iwellguard\"]}]}<\/script>\n<!-- \/ Yoast SEO Premium plugin. -->","yoast_head_json":{"title":"Verur \u2013 Yfirlit yfir flokka \u2013 iWell Guard","description":"Yfirlitss\u00ed\u00f0a fyrir fj\u00f3ra flokka vera: gu\u00f0i, illv\u00e6tti, anda, lj\u00f3sv\u00e6tti. Undirs\u00ed\u00f0ur og undirflokkar eru tengdir h\u00e9r.","robots":{"index":"index","follow":"follow","max-snippet":"max-snippet:-1","max-image-preview":"max-image-preview:large","max-video-preview":"max-video-preview:-1"},"canonical":"https:\/\/iwell-guard.com\/is\/verur-flokkayfirlit\/","og_locale":"is_IS","og_type":"article","og_title":"Wesen \u2013 Klassen-Uebersicht","og_description":"Yfirlitss\u00ed\u00f0a fyrir fj\u00f3ra flokka vera: gu\u00f0i, illv\u00e6tti, anda, lj\u00f3sv\u00e6tti. Undirs\u00ed\u00f0ur og undirflokkar eru tengdir h\u00e9r.","og_url":"https:\/\/iwell-guard.com\/is\/verur-flokkayfirlit\/","og_site_name":"iWell Guard","article_modified_time":"2026-09-05T14:17:55+00:00","og_image":[{"width":1024,"height":1536,"url":"https:\/\/iwell-guard.com\/wp-content\/uploads\/2026\/05\/themen_wesensklassen.webp","type":"image\/webp"}],"twitter_card":"summary_large_image","schema":{"@context":"https:\/\/schema.org","@graph":[{"@type":"WebPage","@id":"https:\/\/iwell-guard.com\/is\/verur-flokkayfirlit\/","url":"https:\/\/iwell-guard.com\/is\/verur-flokkayfirlit\/","name":"Verur \u2013 Yfirlit yfir flokka \u2013 iWell Guard","isPartOf":{"@id":"https:\/\/iwell-guard.com\/is\/#website"},"primaryImageOfPage":{"@id":"https:\/\/iwell-guard.com\/is\/verur-flokkayfirlit\/#primaryimage"},"image":{"@id":"https:\/\/iwell-guard.com\/is\/verur-flokkayfirlit\/#primaryimage"},"thumbnailUrl":"https:\/\/iwell-guard.com\/wp-content\/uploads\/2026\/05\/themen_wesensklassen.webp","datePublished":"2026-09-05T14:02:29+00:00","dateModified":"2026-09-05T14:17:55+00:00","description":"Yfirlitss\u00ed\u00f0a fyrir fj\u00f3ra flokka vera: gu\u00f0i, illv\u00e6tti, anda, lj\u00f3sv\u00e6tti. Undirs\u00ed\u00f0ur og undirflokkar eru tengdir h\u00e9r.","breadcrumb":{"@id":"https:\/\/iwell-guard.com\/is\/verur-flokkayfirlit\/#breadcrumb"},"inLanguage":"is","potentialAction":[{"@type":"ReadAction","target":["https:\/\/iwell-guard.com\/is\/verur-flokkayfirlit\/"]}]},{"@type":"ImageObject","inLanguage":"is","@id":"https:\/\/iwell-guard.com\/is\/verur-flokkayfirlit\/#primaryimage","url":"https:\/\/iwell-guard.com\/wp-content\/uploads\/2026\/05\/themen_wesensklassen.webp","contentUrl":"https:\/\/iwell-guard.com\/wp-content\/uploads\/2026\/05\/themen_wesensklassen.webp","width":1024,"height":1536,"caption":"Fj\u00f3rreitasamsetning: gu\u00f0ir, lj\u00f3sv\u00e6ttir, andar, dj\u00f6flar"},{"@type":"BreadcrumbList","@id":"https:\/\/iwell-guard.com\/is\/verur-flokkayfirlit\/#breadcrumb","itemListElement":[{"@type":"ListItem","position":1,"name":"Start","item":"https:\/\/iwell-guard.com\/is\/?page_id=168580"},{"@type":"ListItem","position":2,"name":"Wesen \u2013 Klassen-Uebersicht"}]},{"@type":"WebSite","@id":"https:\/\/iwell-guard.com\/is\/#website","url":"https:\/\/iwell-guard.com\/is\/","name":"iWell Guard","description":"Schutz vor dunklen Einfl\u00fcssen","publisher":{"@id":"https:\/\/iwell-guard.com\/is\/#organization"},"potentialAction":[{"@type":"SearchAction","target":{"@type":"EntryPoint","urlTemplate":"https:\/\/iwell-guard.com\/is\/?s={search_term_string}"},"query-input":{"@type":"PropertyValueSpecification","valueRequired":true,"valueName":"search_term_string"}}],"inLanguage":"is"},{"@type":"Organization","@id":"https:\/\/iwell-guard.com\/is\/#organization","name":"Ittermann electronic GmbH","url":"https:\/\/iwell-guard.com\/is\/","logo":{"@type":"ImageObject","inLanguage":"is","@id":"https:\/\/iwell-guard.com\/is\/#\/schema\/logo\/image\/","url":"https:\/\/iwell-guard.com\/wp-content\/uploads\/2026\/05\/Ittermann-Logo-1182x237-1.png","contentUrl":"https:\/\/iwell-guard.com\/wp-content\/uploads\/2026\/05\/Ittermann-Logo-1182x237-1.png","width":1182,"height":237,"caption":"Ittermann electronic GmbH"},"image":{"@id":"https:\/\/iwell-guard.com\/is\/#\/schema\/logo\/image\/"},"sameAs":["https:\/\/pantip.com\/profile\/9367242","https:\/\/micro.blog\/iwellguard","https:\/\/www.diggerslist.com\/iwellguard\/about","https:\/\/skitterphoto.com\/photographers\/2870314\/iwell-guard","https:\/\/iwellguard.wordpress.com\/2026\/06\/06\/iwell-guard\/","https:\/\/hub.docker.com\/u\/iwellguard","https:\/\/www.pinterest.com\/iwellguard\/","https:\/\/bit.ly\/m\/iwellguard","https:\/\/entre-vos-mains.alsace.eu\/profiles\/iwellguard\/activity","https:\/\/gravatar.com\/reallybeded8fd34","https:\/\/naijamatta.com\/iwellguard","https:\/\/www.goodreads.com\/iwellguard","https:\/\/profile.hatena.ne.jp\/iwellguard\/","https:\/\/experiment.com\/users\/iwellguard","https:\/\/wakelet.com\/@iWellGuard82270","https:\/\/www.chordie.com\/forum\/profile.php?id=2555664","https:\/\/www.instapaper.com\/p\/17757966","https:\/\/www.mapleprimes.com\/users\/iwellguard","https:\/\/businesslistingplus.com\/profile\/iwell-guard\/","https:\/\/telegra.ph\/iWell-Guard-06-06","https:\/\/pbase.com\/iwellguard\/iwellguard","https:\/\/b.hatena.ne.jp\/iwellguard\/20260607#bookmark-4788405196491818882","https:\/\/fliphtml5.com\/home\/iwellguard","https:\/\/anyflip.com\/homepage\/cmiwl#About","https:\/\/transfur.com\/Users\/iwellguard","http:\/\/delphi.larsbo.org\/user\/iwellguard","https:\/\/jobs.lajobsportal.org\/profiles\/8380803-iwell-guard","https:\/\/md.chaosdorf.de\/s\/jfbe5SBdJD","https:\/\/www.lingvolive.com\/en-us\/profile\/9ecaeaca-ce11-4e51-9e71-01d55e2bff36\/translations","https:\/\/www.fitday.com\/fitness\/forums\/members\/iwellguard.html","https:\/\/www.mymeetbook.com\/iwellguard","https:\/\/pxhere.com\/en\/photographer-me\/5040798","https:\/\/disqus.com\/by\/iwellguard\/about\/","https:\/\/pastelink.net\/hjwciqwq","https:\/\/pubhtml5.com\/homepage\/scjhn\/","https:\/\/www.bitchute.com\/channel\/2O2eOKzNqujT","https:\/\/audiomack.com\/iwellguard"]}]}},"_links":{"self":[{"href":"https:\/\/iwell-guard.com\/is\/wp-json\/wp\/v2\/pages\/168727","targetHints":{"allow":["GET"]}}],"collection":[{"href":"https:\/\/iwell-guard.com\/is\/wp-json\/wp\/v2\/pages"}],"about":[{"href":"https:\/\/iwell-guard.com\/is\/wp-json\/wp\/v2\/types\/page"}],"author":[{"embeddable":true,"href":"https:\/\/iwell-guard.com\/is\/wp-json\/wp\/v2\/users\/3"}],"replies":[{"embeddable":true,"href":"https:\/\/iwell-guard.com\/is\/wp-json\/wp\/v2\/comments?post=168727"}],"version-history":[{"count":0,"href":"https:\/\/iwell-guard.com\/is\/wp-json\/wp\/v2\/pages\/168727\/revisions"}],"wp:featuredmedia":[{"embeddable":true,"href":"https:\/\/iwell-guard.com\/is\/wp-json\/wp\/v2\/media\/2283"}],"wp:attachment":[{"href":"https:\/\/iwell-guard.com\/is\/wp-json\/wp\/v2\/media?parent=168727"}],"wp:term":[{"taxonomy":"category","embeddable":true,"href":"https:\/\/iwell-guard.com\/is\/wp-json\/wp\/v2\/categories?post=168727"}],"curies":[{"name":"wp","href":"https:\/\/api.w.org\/{rel}","templated":true}]}}