{"id":168723,"date":"2026-09-05T14:02:27","date_gmt":"2026-09-05T14:02:27","guid":{"rendered":"https:\/\/iwell-guard.com\/?page_id=168723"},"modified":"2026-09-05T14:17:46","modified_gmt":"2026-09-05T14:17:46","slug":"persoenuvernd","status":"publish","type":"page","link":"https:\/\/iwell-guard.com\/is\/persoenuvernd\/","title":{"rendered":"Pers\u00f3nuvernd"},"content":{"rendered":"\t\t<div data-elementor-type=\"wp-page\" data-elementor-id=\"168723\" class=\"elementor elementor-168723 elementor-1908 elementor-bc-flex-widget\" data-elementor-post-type=\"page\">\n\t\t\t\t<div class=\"elementor-element elementor-element-x-h1-1908 e-con-boxed e-flex e-con e-parent\" data-id=\"x-h1-1908\" data-element_type=\"container\" data-e-type=\"container\">\n\t\t\t\t\t<div class=\"e-con-inner\">\n\t\t\t\t<div class=\"elementor-element elementor-element-x-h1w-1908 elementor-widget elementor-widget-heading\" data-id=\"x-h1w-1908\" data-element_type=\"widget\" data-e-type=\"widget\" data-widget_type=\"heading.default\">\n\t\t\t\t\t<h1 class=\"elementor-heading-title elementor-size-default\">Pers\u00f3nuvernd, l\u00f6gbundnar uppl\u00fdsingar samkv\u00e6mt GDPR<\/h1>\t\t\t\t<\/div>\n\t\t\t\t\t<\/div>\n\t\t\t\t<\/div>\n\t\t\t\t<section class=\"elementor-section elementor-top-section elementor-element elementor-element-sec-iwgcomp2-datenschutz elementor-section-boxed elementor-section-height-default elementor-section-height-default\" data-id=\"sec-iwgcomp2-datenschutz\" data-element_type=\"section\" data-e-type=\"section\">\n\t\t\t\t\t\t<div class=\"elementor-container elementor-column-gap-default\">\n\t\t\t\t\t<div class=\"elementor-column elementor-col-100 elementor-top-column elementor-element elementor-element-col-iwgcomp2-datenschutz\" data-id=\"col-iwgcomp2-datenschutz\" data-element_type=\"column\" data-e-type=\"column\">\n\t\t\t<div class=\"elementor-widget-wrap elementor-element-populated\">\n\t\t\t\t\t\t<div class=\"elementor-element elementor-element-iwgcomp2-datenschutz elementor-widget elementor-widget-text-editor\" data-id=\"iwgcomp2-datenschutz\" data-element_type=\"widget\" data-e-type=\"widget\" data-widget_type=\"text-editor.default\">\n\t\t\t\t\t\t\t\t\t<p><strong>Pers\u00f3nuverndar<\/strong>\u00e1kv\u00e6\u00f0i samkv\u00e6mt GDPR fr\u00e1 Ittermann electronic GmbH.<\/p>\t\t\t\t\t\t\t\t<\/div>\n\t\t\t\t\t<\/div>\n\t\t<\/div>\n\t\t\t\t\t<\/div>\n\t\t<\/section>\n\t\t<div class=\"elementor-element elementor-element-restoreh-datenschutz e-con-boxed e-flex e-con e-parent\" data-id=\"restoreh-datenschutz\" data-element_type=\"container\" data-e-type=\"container\">\n\t\t\t\t\t<div class=\"e-con-inner\">\n\t\t\t\t<div class=\"elementor-element elementor-element-restorei-datenschutz elementor-widget elementor-widget-image\" data-id=\"restorei-datenschutz\" data-element_type=\"widget\" data-e-type=\"widget\" data-widget_type=\"image.default\">\n\t\t\t\t\t\t\t\t\t\t\t\t\t\t\t<img fetchpriority=\"high\" decoding=\"async\" width=\"800\" height=\"441\" src=\"https:\/\/iwell-guard.com\/wp-content\/uploads\/2026\/05\/Praktiken-1200x661-Hintergrund-sym-1024x564.webp\" class=\"attachment-large size-large wp-image-170908\" alt=\"Bakgrunnsfl\u00eds fyrir Framkv\u00e6mda-s\u00ed\u00f0ur, 1200x661 sem fl\u00eds\" srcset=\"https:\/\/iwell-guard.com\/wp-content\/uploads\/2026\/05\/Praktiken-1200x661-Hintergrund-sym-1024x564.webp 1024w, https:\/\/iwell-guard.com\/wp-content\/uploads\/2026\/05\/Praktiken-1200x661-Hintergrund-sym-300x165.webp 300w, https:\/\/iwell-guard.com\/wp-content\/uploads\/2026\/05\/Praktiken-1200x661-Hintergrund-sym-768x423.webp 768w, https:\/\/iwell-guard.com\/wp-content\/uploads\/2026\/05\/Praktiken-1200x661-Hintergrund-sym.webp 1200w\" sizes=\"(max-width: 800px) 100vw, 800px\" \/>\t\t\t\t\t\t\t\t\t\t\t\t\t\t\t<\/div>\n\t\t\t\t\t<\/div>\n\t\t\t\t<\/div>\n\t\t<div class=\"elementor-element elementor-element-ds-s0 e-con-boxed e-flex e-con e-parent\" data-id=\"ds-s0\" data-element_type=\"container\" data-e-type=\"container\">\n\t\t\t\t\t<div class=\"e-con-inner\">\n\t\t\t\t<div class=\"elementor-element elementor-element-ds-h0 elementor-widget elementor-widget-heading\" data-id=\"ds-h0\" data-element_type=\"widget\" data-e-type=\"widget\" data-widget_type=\"heading.default\">\n\t\t\t\t\t<h2 class=\"elementor-heading-title elementor-size-default\">Almennar uppl\u00fdsingar og l\u00f6gbundnar uppl\u00fdsingar<\/h2>\t\t\t\t<\/div>\n\t\t<div class=\"elementor-element elementor-element-ds-s0-bw e-flex e-con-boxed e-con e-parent\" data-id=\"ds-s0-bw\" data-element_type=\"container\" data-e-type=\"container\" data-settings=\"{&quot;background_background&quot;:&quot;classic&quot;}\">\n\t\t\t\t\t<div class=\"e-con-inner\">\n\t\t\t\t<div class=\"elementor-element elementor-element-ds-t0 elementor-widget elementor-widget-text-editor\" data-id=\"ds-t0\" data-element_type=\"widget\" data-e-type=\"widget\" data-widget_type=\"text-editor.default\">\n\t\t\t\t\t\t\t\t\t<p><strong>\u00c1byrg\u00f0ara\u00f0ili<\/strong><\/p><p>\u00c1byrg\u00f0ara\u00f0ili vinnslu pers\u00f3nuuppl\u00fdsinga \u00e1 \u00feessari vefs\u00ed\u00f0u er:<\/p><p>Ittermann electronic GmbH<br>Ralf Ittermann<br>K\u00f6hlergasse 16, 18<br>99842 Ruhla<\/p><p>\u00c1byrg\u00f0ara\u00f0ili \u00e1kve\u00f0ur einn e\u00f0a \u00ed samstarfi vi\u00f0 a\u00f0ra um tilgang og a\u00f0fer\u00f0ir vi\u00f0 vinnslu pers\u00f3nuuppl\u00fdsinga (t.d. n\u00f6fn, tengili\u00f0auppl\u00fdsingar o.\u00fe.h.).<\/p><p><strong>Afturk\u00f6llun sam\u00feykkis \u00fe\u00edns fyrir vinnslu gagna<\/strong><\/p><p>A\u00f0eins me\u00f0 sk\u00fdru sam\u00feykki \u00fe\u00ednu er heimilt a\u00f0 vinna \u00e1kve\u00f0nar gagnavinnslua\u00f0ger\u00f0ir. \u00de\u00fa getur afturkalla\u00f0 sam\u00feykki sem \u00feegar hefur veri\u00f0 veitt hven\u00e6r sem er. \u00d3formleg tilkynning me\u00f0 t\u00f6lvup\u00f3sti er n\u00e6gjanleg fyrir afturk\u00f6llun. L\u00f6gm\u00e6ti gagnavinnslu sem \u00e1tti s\u00e9r sta\u00f0 fram a\u00f0 afturk\u00f6lluninni hefur ekki \u00e1hrif \u00e1 afturk\u00f6llunina.<\/p><p><strong>R\u00e9ttur til a\u00f0 leggja fram kv\u00f6rtun hj\u00e1 vi\u00f0komandi eftirlitsyfirvaldi<\/strong><\/p><p>Sem einstaklingur sem g\u00f6gn eru unnin um hefur \u00fe\u00fa, komi til brots \u00e1 pers\u00f3nuverndarl\u00f6gum, r\u00e9tt til a\u00f0 leggja fram kv\u00f6rtun hj\u00e1 vi\u00f0komandi eftirlitsyfirvaldi. \u00c1byrgt eftirlitsyfirvald \u00ed pers\u00f3nuverndarm\u00e1lum er pers\u00f3nuverndarfulltr\u00fai \u00feess sambandslands \u00fear sem fyrirt\u00e6ki okkar er skr\u00e1\u00f0. Eftirfarandi tengill veitir tengili\u00f0auppl\u00fdsingar: <a href=\"https:\/\/www.bfdi.bund.de\" rel=\"noopener\" target=\"_blank\">https:\/\/www.bfdi.bund.de<\/a>.<\/p><p><strong>R\u00e9ttur til gagnaflutnings<\/strong><\/p><p>\u00de\u00fa hefur r\u00e9tt til a\u00f0 f\u00e1 afhent g\u00f6gn sem vi\u00f0 vinnum me\u00f0 sj\u00e1lfvirkum h\u00e6tti \u00e1 grundvelli sam\u00feykkis \u00fe\u00edns e\u00f0a til a\u00f0 efna samning, hvort sem \u00fea\u00f0 er til \u00fe\u00edn e\u00f0a til \u00feri\u00f0ja a\u00f0ila. G\u00f6gnin eru afhent \u00e1 v\u00e9lr\u00e6nu, lesanlegu formi. Ef \u00fe\u00fa \u00f3skar eftir beinum flutningi gagnanna til annars \u00e1byrg\u00f0ara\u00f0ila ver\u00f0ur \u00fea\u00f0 gert a\u00f0 \u00fev\u00ed leyti sem t\u00e6knilega m\u00f6gulegt er.<\/p><p><strong>R\u00e9ttur til uppl\u00fdsinga, lei\u00f0r\u00e9ttingar, hindrunar, ey\u00f0ingar<\/strong><\/p><p>\u00de\u00fa hefur \u00e1vallt, innan ramma gildandi laga, r\u00e9tt \u00e1 endurgjaldslausum uppl\u00fdsingum um vistu\u00f0 pers\u00f3nuuppl\u00fdsingar \u00fe\u00edn, uppruna gagnanna, vi\u00f0takendur \u00feeirra og tilgang vinnslunnar, og eftir atvikum r\u00e9tt til lei\u00f0r\u00e9ttingar, hindrunar e\u00f0a ey\u00f0ingar \u00feessara gagna.<\/p><p>\u00cd \u00feessu sambandi, sem og var\u00f0andi a\u00f0rar spurningar um pers\u00f3nuuppl\u00fdsingar, getur \u00fe\u00fa hven\u00e6r sem er haft samband vi\u00f0 okkur \u00ed gegnum tengili\u00f0auppl\u00fdsingarnar sem fram koma \u00ed eigendauppl\u00fdsingum (Impressum).<\/p>\t\t\t\t\t\t\t\t<\/div>\n\t\t\t\t\t<\/div>\n\t\t\t\t<\/div>\n\t\t\t\t\t<\/div>\n\t\t\t\t<\/div>\n\t\t<div class=\"elementor-element elementor-element-ds-s1 e-con-boxed e-flex e-con e-parent\" data-id=\"ds-s1\" data-element_type=\"container\" data-e-type=\"container\">\n\t\t\t\t\t<div class=\"e-con-inner\">\n\t\t\t\t<div class=\"elementor-element elementor-element-ds-h1 elementor-widget elementor-widget-heading\" data-id=\"ds-h1\" data-element_type=\"widget\" data-e-type=\"widget\" data-widget_type=\"heading.default\">\n\t\t\t\t\t<h2 class=\"elementor-heading-title elementor-size-default\">SSL- e\u00f0a TLS-dulk\u00f3\u00f0un<\/h2>\t\t\t\t<\/div>\n\t\t<div class=\"elementor-element elementor-element-ds-s1-bw e-flex e-con-boxed e-con e-parent\" data-id=\"ds-s1-bw\" data-element_type=\"container\" data-e-type=\"container\" data-settings=\"{&quot;background_background&quot;:&quot;classic&quot;}\">\n\t\t\t\t\t<div class=\"e-con-inner\">\n\t\t\t\t<div class=\"elementor-element elementor-element-ds-t1 elementor-widget elementor-widget-text-editor\" data-id=\"ds-t1\" data-element_type=\"widget\" data-e-type=\"widget\" data-widget_type=\"text-editor.default\">\n\t\t\t\t\t\t\t\t\t<p>Af \u00f6ryggis\u00e1st\u00e6\u00f0um og til a\u00f0 vernda flutning tr\u00fana\u00f0argagna sem \u00fe\u00fa sendir okkur sem rekstrara\u00f0ila s\u00ed\u00f0unnar, notar vefs\u00ed\u00f0a okkar SSL- e\u00f0a TLS-dulk\u00f3\u00f0un. \u00deannig geta g\u00f6gn sem \u00fe\u00fa sendir \u00ed gegnum \u00feessa vefs\u00ed\u00f0u ekki veri\u00f0 lesin af \u00feri\u00f0ja a\u00f0ila. \u00de\u00fa getur s\u00e9\u00f0 dulk\u00f3\u00f0a\u00f0a tengingu \u00e1 \\&bdquo;https:\/\/\\&ldquo;-sl\u00f3\u00f0inni \u00ed vafra \u00fe\u00ednum og \u00e1 hengil\u00e1sart\u00e1kninu \u00ed vafrastikunni.<\/p>\t\t\t\t\t\t\t\t<\/div>\n\t\t\t\t\t<\/div>\n\t\t\t\t<\/div>\n\t\t\t\t\t<\/div>\n\t\t\t\t<\/div>\n\t\t<div class=\"elementor-element elementor-element-ds-s2 e-con-boxed e-flex e-con e-parent\" data-id=\"ds-s2\" data-element_type=\"container\" data-e-type=\"container\">\n\t\t\t\t\t<div class=\"e-con-inner\">\n\t\t\t\t<div class=\"elementor-element elementor-element-ds-h2 elementor-widget elementor-widget-heading\" data-id=\"ds-h2\" data-element_type=\"widget\" data-e-type=\"widget\" data-widget_type=\"heading.default\">\n\t\t\t\t\t<h2 class=\"elementor-heading-title elementor-size-default\">Skr\u00e1ningarskr\u00e1r net\u00fej\u00f3ns<\/h2>\t\t\t\t<\/div>\n\t\t<div class=\"elementor-element elementor-element-ds-s2-bw e-flex e-con-boxed e-con e-parent\" data-id=\"ds-s2-bw\" data-element_type=\"container\" data-e-type=\"container\" data-settings=\"{&quot;background_background&quot;:&quot;classic&quot;}\">\n\t\t\t\t\t<div class=\"e-con-inner\">\n\t\t\t\t<div class=\"elementor-element elementor-element-ds-t2 elementor-widget elementor-widget-text-editor\" data-id=\"ds-t2\" data-element_type=\"widget\" data-e-type=\"widget\" data-widget_type=\"text-editor.default\">\n\t\t\t\t\t\t\t\t\t<p>\u00cd skr\u00e1ningarskr\u00e1m net\u00fej\u00f3ns safnar og vistar \u00fej\u00f3nustuveitandi vefs\u00ed\u00f0unnar sj\u00e1lfkrafa uppl\u00fdsingar sem vafri \u00feinn sendir okkur sj\u00e1lfvirkt. \u00deetta eru:<\/p><ul><li>Sko\u00f0u\u00f0 s\u00ed\u00f0a \u00e1 l\u00e9ni okkar<\/li><li>Dagsetning og t\u00edmi fyrirspurnar til net\u00fej\u00f3ns<\/li><li>Tegund og \u00fatg\u00e1fa vafra<\/li><li>St\u00fdrikerfi sem nota\u00f0 er<\/li><li>Tilv\u00edsunarsl\u00f3\u00f0 (Referrer URL)<\/li><li>H\u00fdsingarnafn t\u00f6lvunnar sem tengist<\/li><li>IP-t\u00f6lu<\/li><\/ul><p>\u00deessum g\u00f6gnum er ekki blanda\u00f0 saman vi\u00f0 a\u00f0rar gagnauppsprettur. Grundv\u00f6llur gagnavinnslunnar er 6. gr. 1. mgr. b-li\u00f0ur GDPR, sem heimilar vinnslu gagna til a\u00f0 efna samning e\u00f0a framkv\u00e6ma a\u00f0ger\u00f0ir \u00e1\u00f0ur en samningur er ger\u00f0ur.<\/p>\t\t\t\t\t\t\t\t<\/div>\n\t\t\t\t\t<\/div>\n\t\t\t\t<\/div>\n\t\t\t\t\t<\/div>\n\t\t\t\t<\/div>\n\t\t<div class=\"elementor-element elementor-element-ds-s3 e-con-boxed e-flex e-con e-parent\" data-id=\"ds-s3\" data-element_type=\"container\" data-e-type=\"container\">\n\t\t\t\t\t<div class=\"e-con-inner\">\n\t\t\t\t<div class=\"elementor-element elementor-element-ds-h3 elementor-widget elementor-widget-heading\" data-id=\"ds-h3\" data-element_type=\"widget\" data-e-type=\"widget\" data-widget_type=\"heading.default\">\n\t\t\t\t\t<h2 class=\"elementor-heading-title elementor-size-default\">Tengili\u00f0aey\u00f0ubla\u00f0<\/h2>\t\t\t\t<\/div>\n\t\t<div class=\"elementor-element elementor-element-ds-s3-bw e-flex e-con-boxed e-con e-parent\" data-id=\"ds-s3-bw\" data-element_type=\"container\" data-e-type=\"container\" data-settings=\"{&quot;background_background&quot;:&quot;classic&quot;}\">\n\t\t\t\t\t<div class=\"e-con-inner\">\n\t\t\t\t<div class=\"elementor-element elementor-element-ds-t3 elementor-widget elementor-widget-text-editor\" data-id=\"ds-t3\" data-element_type=\"widget\" data-e-type=\"widget\" data-widget_type=\"text-editor.default\">\n\t\t\t\t\t\t\t\t\t<p>G\u00f6gn sem send eru \u00ed gegnum tengili\u00f0aey\u00f0ubla\u00f0i\u00f0 eru vistu\u00f0, \u00fear \u00e1 me\u00f0al tengili\u00f0auppl\u00fdsingar \u00fe\u00ednar, til a\u00f0 geta unni\u00f0 \u00far fyrirspurn \u00feinni e\u00f0a til a\u00f0 vera tilb\u00fain fyrir frekari spurningar. \u00deessum g\u00f6gnum er ekki deilt me\u00f0 \u00feri\u00f0ja a\u00f0ila \u00e1n sam\u00feykkis \u00fe\u00edns.<\/p><p>Vinnsla gagna sem slegin eru inn \u00ed tengili\u00f0aey\u00f0ubla\u00f0i\u00f0 byggist eing\u00f6ngu \u00e1 sam\u00feykki \u00fe\u00ednu (6. gr. 1. mgr. a-li\u00f0ur GDPR). \u00de\u00fa getur afturkalla\u00f0 sam\u00feykki sem \u00feegar hefur veri\u00f0 veitt hven\u00e6r sem er. \u00d3formleg tilkynning me\u00f0 t\u00f6lvup\u00f3sti er n\u00e6gjanleg fyrir afturk\u00f6llun. L\u00f6gm\u00e6ti gagnavinnslu sem \u00e1tti s\u00e9r sta\u00f0 fram a\u00f0 afturk\u00f6lluninni hefur ekki \u00e1hrif \u00e1 afturk\u00f6llunina.<\/p><p>G\u00f6gn sem send eru \u00ed gegnum tengili\u00f0aey\u00f0ubla\u00f0i\u00f0 eru vistu\u00f0 hj\u00e1 okkur \u00fear til \u00fe\u00fa \u00f3skar eftir ey\u00f0ingu, afturkallar sam\u00feykki \u00feitt fyrir vistun e\u00f0a \u00fe\u00f6rf fyrir vistun gagnanna er ekki lengur til sta\u00f0ar. L\u00f6gbundin \u00e1kv\u00e6\u00f0i, s\u00e9rstaklega var\u00f0andi var\u00f0veislut\u00edma, hafa ekki \u00e1hrif \u00e1 \u00feetta.<\/p>\t\t\t\t\t\t\t\t<\/div>\n\t\t\t\t\t<\/div>\n\t\t\t\t<\/div>\n\t\t\t\t\t<\/div>\n\t\t\t\t<\/div>\n\t\t<div class=\"elementor-element elementor-element-ds-s4 e-con-boxed e-flex e-con e-parent\" data-id=\"ds-s4\" data-element_type=\"container\" data-e-type=\"container\">\n\t\t\t\t\t<div class=\"e-con-inner\">\n\t\t\t\t<div class=\"elementor-element elementor-element-ds-h4 elementor-widget elementor-widget-heading\" data-id=\"ds-h4\" data-element_type=\"widget\" data-e-type=\"widget\" data-widget_type=\"heading.default\">\n\t\t\t\t\t<h2 class=\"elementor-heading-title elementor-size-default\">\u00c1skrift a\u00f0 athugasemdum<\/h2>\t\t\t\t<\/div>\n\t\t<div class=\"elementor-element elementor-element-ds-s4-bw e-flex e-con-boxed e-con e-parent\" data-id=\"ds-s4-bw\" data-element_type=\"container\" data-e-type=\"container\" data-settings=\"{&quot;background_background&quot;:&quot;classic&quot;}\">\n\t\t\t\t\t<div class=\"e-con-inner\">\n\t\t\t\t<div class=\"elementor-element elementor-element-ds-t4 elementor-widget elementor-widget-text-editor\" data-id=\"ds-t4\" data-element_type=\"widget\" data-e-type=\"widget\" data-widget_type=\"text-editor.default\">\n\t\t\t\t\t\t\t\t\t<p>\u00de\u00fa getur, sem notandi vefs\u00ed\u00f0u okkar, gerst \u00e1skrifandi a\u00f0 athugasemdum eftir a\u00f0 hafa skr\u00e1\u00f0 \u00feig inn. Me\u00f0 sta\u00f0festingart\u00f6lvup\u00f3sti k\u00f6nnum vi\u00f0 hvort \u00fe\u00fa s\u00e9 eigandi tilgreinds netfangs. \u00de\u00fa getur sagt upp \u00e1skriftinni a\u00f0 athugasemdum hven\u00e6r sem er \u00ed gegnum tengil sem fylgir \u00e1skriftarp\u00f3stinum.<\/p><p>G\u00f6gn sem slegin eru inn til a\u00f0 setja upp \u00e1skriftina er eytt vi\u00f0 upps\u00f6gn. Hafi \u00feessi g\u00f6gn veri\u00f0 send til okkar \u00ed \u00f6\u00f0rum tilgangi og \u00e1 \u00f6\u00f0rum vettvangi, halda \u00feau \u00e1fram a\u00f0 vera vistu\u00f0 hj\u00e1 okkur.<\/p>\t\t\t\t\t\t\t\t<\/div>\n\t\t\t\t\t<\/div>\n\t\t\t\t<\/div>\n\t\t\t\t\t<\/div>\n\t\t\t\t<\/div>\n\t\t<div class=\"elementor-element elementor-element-ds-s5 e-con-boxed e-flex e-con e-parent\" data-id=\"ds-s5\" data-element_type=\"container\" data-e-type=\"container\">\n\t\t\t\t\t<div class=\"e-con-inner\">\n\t\t\t\t<div class=\"elementor-element elementor-element-ds-h5 elementor-widget elementor-widget-heading\" data-id=\"ds-h5\" data-element_type=\"widget\" data-e-type=\"widget\" data-widget_type=\"heading.default\">\n\t\t\t\t\t<h2 class=\"elementor-heading-title elementor-size-default\">Fr\u00e9ttabr\u00e9fsg\u00f6gn<\/h2>\t\t\t\t<\/div>\n\t\t<div class=\"elementor-element elementor-element-ds-s5-bw e-flex e-con-boxed e-con e-parent\" data-id=\"ds-s5-bw\" data-element_type=\"container\" data-e-type=\"container\" data-settings=\"{&quot;background_background&quot;:&quot;classic&quot;}\">\n\t\t\t\t\t<div class=\"e-con-inner\">\n\t\t\t\t<div class=\"elementor-element elementor-element-ds-t5 elementor-widget elementor-widget-text-editor\" data-id=\"ds-t5\" data-element_type=\"widget\" data-e-type=\"widget\" data-widget_type=\"text-editor.default\">\n\t\t\t\t\t\t\t\t\t<p>Til a\u00f0 senda \u00fe\u00e9r fr\u00e9ttabr\u00e9f okkar \u00feurfum vi\u00f0 netfang \u00feitt. Sta\u00f0festing \u00e1 tilgreindu netfangi er nau\u00f0synleg og sam\u00feykki fyrir m\u00f3tt\u00f6ku fr\u00e9ttabr\u00e9fsins er \u00e1skili\u00f0. Frekari g\u00f6gn eru ekki skr\u00e1\u00f0 e\u00f0a eru valfrj\u00e1ls. G\u00f6gnin eru einungis notu\u00f0 til a\u00f0 senda fr\u00e9ttabr\u00e9fi\u00f0.<\/p><p>G\u00f6gn sem slegin eru inn vi\u00f0 skr\u00e1ningu \u00ed fr\u00e9ttabr\u00e9f eru einungis unnin \u00e1 grundvelli sam\u00feykkis \u00fe\u00edns (6. gr. 1. mgr. a-li\u00f0ur GDPR). \u00de\u00fa getur afturkalla\u00f0 sam\u00feykki sem \u00feegar hefur veri\u00f0 veitt hven\u00e6r sem er.<\/p><p>\u00d3formleg tilkynning me\u00f0 t\u00f6lvup\u00f3sti er n\u00e6gjanleg fyrir afturk\u00f6llun, e\u00f0a \u00fe\u00fa getur sagt upp \u00e1skriftinni me\u00f0 \u00fev\u00ed a\u00f0 nota \\&bdquo;afskr\u00e1\\&ldquo;-tengilinn \u00ed fr\u00e9ttabr\u00e9finu. L\u00f6gm\u00e6ti gagnavinnslu sem \u00e1tti s\u00e9r sta\u00f0 fram a\u00f0 afturk\u00f6lluninni hefur ekki \u00e1hrif \u00e1 afturk\u00f6llunina.<\/p><p>G\u00f6gn sem slegin eru inn til a\u00f0 setja upp \u00e1skriftina er eytt vi\u00f0 upps\u00f6gn. Hafi \u00feessi g\u00f6gn veri\u00f0 send til okkar \u00ed \u00f6\u00f0rum tilgangi og \u00e1 \u00f6\u00f0rum vettvangi, halda \u00feau \u00e1fram a\u00f0 vera vistu\u00f0 hj\u00e1 okkur.<\/p>\t\t\t\t\t\t\t\t<\/div>\n\t\t\t\t\t<\/div>\n\t\t\t\t<\/div>\n\t\t\t\t\t<\/div>\n\t\t\t\t<\/div>\n\t\t<div class=\"elementor-element elementor-element-ds-s6 e-con-boxed e-flex e-con e-parent\" data-id=\"ds-s6\" data-element_type=\"container\" data-e-type=\"container\">\n\t\t\t\t\t<div class=\"e-con-inner\">\n\t\t\t\t<div class=\"elementor-element elementor-element-ds-h6 elementor-widget elementor-widget-heading\" data-id=\"ds-h6\" data-element_type=\"widget\" data-e-type=\"widget\" data-widget_type=\"heading.default\">\n\t\t\t\t\t<h2 class=\"elementor-heading-title elementor-size-default\">YouTube<\/h2>\t\t\t\t<\/div>\n\t\t<div class=\"elementor-element elementor-element-ds-s6-bw e-flex e-con-boxed e-con e-parent\" data-id=\"ds-s6-bw\" data-element_type=\"container\" data-e-type=\"container\" data-settings=\"{&quot;background_background&quot;:&quot;classic&quot;}\">\n\t\t\t\t\t<div class=\"e-con-inner\">\n\t\t\t\t<div class=\"elementor-element elementor-element-ds-t6 elementor-widget elementor-widget-text-editor\" data-id=\"ds-t6\" data-element_type=\"widget\" data-e-type=\"widget\" data-widget_type=\"text-editor.default\">\n\t\t\t\t\t\t\t\t\t<p>Fyrir innfellingu og birtingu myndbandsefnis notar vefs\u00ed\u00f0an okkar vi\u00f0b\u00e6tur (plugin) fr\u00e1 YouTube. \u00dej\u00f3nustuveitandi \u00feessarar myndbandsg\u00e1ttar er YouTube, LLC, 901 Cherry Ave. San Bruno, CA 94066, Bandar\u00edkjunum.<\/p><p>\u00deegar s\u00ed\u00f0a me\u00f0 innfelldri YouTube-vi\u00f0b\u00f3t er s\u00f3tt myndast tenging vi\u00f0 net\u00fej\u00f3na YouTube. \u00deannig f\u00e6r YouTube uppl\u00fdsingar um hva\u00f0a s\u00ed\u00f0ur hj\u00e1 okkur \u00fe\u00fa hefur sko\u00f0a\u00f0.<\/p><p>YouTube getur tengt vafraheg\u00f0un \u00fe\u00edna beint vi\u00f0 pers\u00f3nulegan a\u00f0gang \u00feinn, ef \u00fe\u00fa ert innskr\u00e1\u00f0(ur) \u00e1 YouTube-reikning \u00feinn. Me\u00f0 \u00fev\u00ed a\u00f0 skr\u00e1 \u00feig \u00fat \u00e1\u00f0ur hefur \u00fe\u00fa m\u00f6guleika \u00e1 a\u00f0 koma \u00ed veg fyrir \u00feetta.<\/p><p>Notkun \u00e1 YouTube fer fram \u00ed \u00feeim tilgangi a\u00f0 birta efni okkar \u00e1 a\u00f0la\u00f0andi h\u00e1tt \u00e1 netinu. \u00deetta telst l\u00f6gm\u00e6t hagsmunag\u00e6sla \u00ed skilningi 6. gr. 1. mgr. f-li\u00f0ar GDPR.<\/p><p>N\u00e1nari uppl\u00fdsingar um vinnslu notendagagna m\u00e1 finna \u00ed pers\u00f3nuverndarstefnu YouTube \u00e1: <a href=\"https:\/\/www.google.de\/intl\/de\/policies\/privacy\" rel=\"noopener\" target=\"_blank\">https:\/\/www.google.de\/intl\/de\/policies\/privacy<\/a>.<\/p>\t\t\t\t\t\t\t\t<\/div>\n\t\t\t\t\t<\/div>\n\t\t\t\t<\/div>\n\t\t\t\t\t<\/div>\n\t\t\t\t<\/div>\n\t\t<div class=\"elementor-element elementor-element-ds-s7 e-con-boxed e-flex e-con e-parent\" data-id=\"ds-s7\" data-element_type=\"container\" data-e-type=\"container\">\n\t\t\t\t\t<div class=\"e-con-inner\">\n\t\t\t\t<div class=\"elementor-element elementor-element-ds-h7 elementor-widget elementor-widget-heading\" data-id=\"ds-h7\" data-element_type=\"widget\" data-e-type=\"widget\" data-widget_type=\"heading.default\">\n\t\t\t\t\t<h2 class=\"elementor-heading-title elementor-size-default\">Vimeo<\/h2>\t\t\t\t<\/div>\n\t\t<div class=\"elementor-element elementor-element-ds-s7-bw e-flex e-con-boxed e-con e-parent\" data-id=\"ds-s7-bw\" data-element_type=\"container\" data-e-type=\"container\" data-settings=\"{&quot;background_background&quot;:&quot;classic&quot;}\">\n\t\t\t\t\t<div class=\"e-con-inner\">\n\t\t\t\t<div class=\"elementor-element elementor-element-ds-t7 elementor-widget elementor-widget-text-editor\" data-id=\"ds-t7\" data-element_type=\"widget\" data-e-type=\"widget\" data-widget_type=\"text-editor.default\">\n\t\t\t\t\t\t\t\t\t<p>Fyrir innfellingu og birtingu myndbandsefnis notar vefs\u00ed\u00f0an okkar vi\u00f0b\u00e6tur (plugin) fr\u00e1 Vimeo. \u00dej\u00f3nustuveitandi \u00feessarar myndbandsg\u00e1ttar er Vimeo Inc. 555 West 18th Street, New York, New York 10011, Bandar\u00edkjunum.<\/p><p>\u00deegar s\u00ed\u00f0a me\u00f0 innfelldri Vimeo-vi\u00f0b\u00f3t er s\u00f3tt myndast tenging vi\u00f0 net\u00fej\u00f3na Vimeo. \u00deannig f\u00e6r Vimeo uppl\u00fdsingar um hva\u00f0a s\u00ed\u00f0ur hj\u00e1 okkur \u00fe\u00fa hefur sko\u00f0a\u00f0.<\/p><p>Vimeo f\u00e6r IP-t\u00f6lu \u00fe\u00edna, jafnvel \u00fe\u00f3tt \u00fe\u00fa s\u00e9rt ekki skr\u00e1\u00f0(ur) inn \u00e1 myndbandsg\u00e1ttina e\u00f0a hafir ekki a\u00f0gang \u00fear. Uppl\u00fdsingarnar sem Vimeo safnar eru sendar til net\u00fej\u00f3na myndbandsg\u00e1ttarins \u00ed Bandar\u00edkjunum.<\/p><p>Vimeo getur tengt vafraheg\u00f0un \u00fe\u00edna beint vi\u00f0 pers\u00f3nulegan a\u00f0gang \u00feinn. Me\u00f0 \u00fev\u00ed a\u00f0 skr\u00e1 \u00feig \u00fat \u00e1\u00f0ur hefur \u00fe\u00fa m\u00f6guleika \u00e1 a\u00f0 koma \u00ed veg fyrir \u00feetta.<\/p><p>N\u00e1nari uppl\u00fdsingar um vinnslu notendagagna m\u00e1 finna \u00ed pers\u00f3nuverndarstefnu Vimeo \u00e1: <a href=\"https:\/\/vimeo.com\/privacy\" rel=\"noopener\" target=\"_blank\">https:\/\/vimeo.com\/privacy<\/a>.<\/p>\t\t\t\t\t\t\t\t<\/div>\n\t\t\t\t\t<\/div>\n\t\t\t\t<\/div>\n\t\t\t\t\t<\/div>\n\t\t\t\t<\/div>\n\t\t<div class=\"elementor-element elementor-element-ds-s8 e-con-boxed e-flex e-con e-parent\" data-id=\"ds-s8\" data-element_type=\"container\" data-e-type=\"container\">\n\t\t\t\t\t<div class=\"e-con-inner\">\n\t\t\t\t<div class=\"elementor-element elementor-element-ds-h8 elementor-widget elementor-widget-heading\" data-id=\"ds-h8\" data-element_type=\"widget\" data-e-type=\"widget\" data-widget_type=\"heading.default\">\n\t\t\t\t\t<h2 class=\"elementor-heading-title elementor-size-default\">Vefk\u00f6kur (Cookies)<\/h2>\t\t\t\t<\/div>\n\t\t<div class=\"elementor-element elementor-element-ds-s8-bw e-flex e-con-boxed e-con e-parent\" data-id=\"ds-s8-bw\" data-element_type=\"container\" data-e-type=\"container\" data-settings=\"{&quot;background_background&quot;:&quot;classic&quot;}\">\n\t\t\t\t\t<div class=\"e-con-inner\">\n\t\t\t\t<div class=\"elementor-element elementor-element-ds-t8 elementor-widget elementor-widget-text-editor\" data-id=\"ds-t8\" data-element_type=\"widget\" data-e-type=\"widget\" data-widget_type=\"text-editor.default\">\n\t\t\t\t\t\t\t\t\t<p>Vefs\u00ed\u00f0an okkar notar vefk\u00f6kur (cookies). \u00deetta eru litlar textaskr\u00e1r sem vafrinn \u00feinn vistar \u00e1 t\u00e6kinu \u00fe\u00ednu. Vefk\u00f6kur hj\u00e1lpa okkur a\u00f0 gera \u00fej\u00f3nustu okkar notendav\u00e6nni, skilvirkari og \u00f6ruggari.<\/p><p>Sumar vefk\u00f6kur eru \\&bdquo;lotuk\u00f6kur (session-cookies).\\&ldquo; Sl\u00edkar vefk\u00f6kur ey\u00f0ast sj\u00e1lfkrafa \u00feegar vafralotu \u00feinni l\u00fdkur. A\u00f0rar vefk\u00f6kur eru \u00e1fram vista\u00f0ar \u00e1 t\u00e6kinu \u00fe\u00ednu \u00fear til \u00fe\u00fa ey\u00f0ir \u00feeim sj\u00e1lf(ur). Sl\u00edkar vefk\u00f6kur hj\u00e1lpa okkur a\u00f0 \u00feekkja \u00feig aftur \u00feegar \u00fe\u00fa kemur \u00e1 vefs\u00ed\u00f0una okkar.<\/p><p>Me\u00f0 n\u00fdjum vafra getur \u00fe\u00fa fylgst me\u00f0, takmarka\u00f0 e\u00f0a komi\u00f0 \u00ed veg fyrir vistun vefkaka. Margir vafrar eru stilltir \u00feannig a\u00f0 vefk\u00f6kum er eytt sj\u00e1lfkrafa \u00feegar forritinu er loka\u00f0. \u00d3virkjun vefkaka getur haft \u00ed f\u00f6r me\u00f0 s\u00e9r skerta virkni vefs\u00ed\u00f0unnar okkar.<\/p><p>Vistun vefkaka sem eru nau\u00f0synlegar til a\u00f0 framkv\u00e6ma rafr\u00e6n samskipti e\u00f0a til a\u00f0 veita \u00e1kve\u00f0na virkni sem \u00fe\u00fa \u00f3skar eftir (t.&nbsp;d. innkaupak\u00f6rfu) fer fram \u00e1 grundvelli 6. gr. 1. mgr. f-li\u00f0ar GDPR. Sem rekstrara\u00f0ili \u00feessarar vefs\u00ed\u00f0u h\u00f6fum vi\u00f0 l\u00f6gm\u00e6ta hagsmuni af vistun vefkaka til a\u00f0 tryggja t\u00e6knilega villulausa og snur\u00f0ulausa framkv\u00e6md \u00fej\u00f3nustu okkar.<\/p><p>Ef a\u00f0rar vefk\u00f6kur eru vista\u00f0ar (t.&nbsp;d. fyrir greiningara\u00f0ger\u00f0ir), er fjalla\u00f0 um \u00fe\u00e6r s\u00e9rstaklega \u00ed \u00feessari pers\u00f3nuverndarstefnu.<\/p>\t\t\t\t\t\t\t\t<\/div>\n\t\t\t\t\t<\/div>\n\t\t\t\t<\/div>\n\t\t\t\t\t<\/div>\n\t\t\t\t<\/div>\n\t\t<div class=\"elementor-element elementor-element-ds-s9 e-con-boxed e-flex e-con e-parent\" data-id=\"ds-s9\" data-element_type=\"container\" data-e-type=\"container\">\n\t\t\t\t\t<div class=\"e-con-inner\">\n\t\t\t\t<div class=\"elementor-element elementor-element-ds-h9 elementor-widget elementor-widget-heading\" data-id=\"ds-h9\" data-element_type=\"widget\" data-e-type=\"widget\" data-widget_type=\"heading.default\">\n\t\t\t\t\t<h2 class=\"elementor-heading-title elementor-size-default\">Google Analytics<\/h2>\t\t\t\t<\/div>\n\t\t<div class=\"elementor-element elementor-element-ds-s9-bw e-flex e-con-boxed e-con e-parent\" data-id=\"ds-s9-bw\" data-element_type=\"container\" data-e-type=\"container\" data-settings=\"{&quot;background_background&quot;:&quot;classic&quot;}\">\n\t\t\t\t\t<div class=\"e-con-inner\">\n\t\t\t\t<div class=\"elementor-element elementor-element-ds-t9 elementor-widget elementor-widget-text-editor\" data-id=\"ds-t9\" data-element_type=\"widget\" data-e-type=\"widget\" data-widget_type=\"text-editor.default\">\n\t\t\t\t\t\t\t\t\t<p>Vefs\u00ed\u00f0an okkar notar a\u00f0ger\u00f0ir vefgreiningar\u00fej\u00f3nustunnar Google Analytics. \u00dej\u00f3nustuveitandi vefgreiningar\u00fej\u00f3nustunnar er Google Inc., 1600 Amphitheatre Parkway, Mountain View, CA 94043, Bandar\u00edkin.<\/p><p>Google Analytics notar \u201evafrak\u00f6kur\u201c (cookies). \u00deetta eru litlar textaskr\u00e1r sem vafri \u00feinn vistar \u00e1 t\u00e6ki \u00fe\u00ednu og gera greiningu \u00e1 notkun vefs\u00ed\u00f0unnar m\u00f6gulega. Uppl\u00fdsingar um notkun \u00fe\u00edna \u00e1 vefs\u00ed\u00f0unni okkar, sem myndast me\u00f0 vafrak\u00f6kum, eru sendar til og vista\u00f0ar \u00e1 net\u00fej\u00f3ni Google. Net\u00fej\u00f3nninn er \u00ed flestum tilvikum sta\u00f0settur \u00ed Bandar\u00edkjunum.<\/p><p>Notkun Google Analytics vafrakaka byggist \u00e1 grein 6, 1. mgr., li\u00f0 f \u00ed GDPR (pers\u00f3nuverndarregluger\u00f0inni). Sem rekstrara\u00f0ili \u00feessarar vefs\u00ed\u00f0u h\u00f6fum vi\u00f0 l\u00f6gm\u00e6ta hagsmuni af a\u00f0 greina notendaheg\u00f0un til a\u00f0 b\u00e6ta vef\u00fej\u00f3nustu okkar og eftir atvikum augl\u00fdsingar.<\/p><p><strong>Nafnleynd IP-t\u00f6lu<\/strong><\/p><p>Vi\u00f0 notum Google Analytics \u00e1samt a\u00f0ger\u00f0inni til nafnleyndar IP-t\u00f6lu. H\u00fan tryggir a\u00f0 Google sker\u00f0ir IP-t\u00f6lu \u00fe\u00edna innan a\u00f0ildarr\u00edkja Evr\u00f3pusambandsins e\u00f0a annarra samningsr\u00edkja Evr\u00f3pska efnahagssv\u00e6\u00f0isins \u00e1\u00f0ur en h\u00fan er send til Bandar\u00edkjanna.<\/p><p>\u00cd undantekningartilvikum getur Google sent alla IP-t\u00f6luna til net\u00fej\u00f3ns \u00ed Bandar\u00edkjunum og skori\u00f0 hana ni\u00f0ur \u00fear.<\/p><p>\u00cd okkar umbo\u00f0i mun Google nota \u00feessar uppl\u00fdsingar til a\u00f0 greina notkun \u00fe\u00edna \u00e1 vefs\u00ed\u00f0unni, taka saman sk\u00fdrslur um virkni vefs\u00ed\u00f0unnar og veita okkur a\u00f0ra \u00fej\u00f3nustu tengda notkun vefs\u00ed\u00f0unnar og netnotkun. IP-talan sem Google Analytics sendir er ekki sameinu\u00f0 \u00f6\u00f0rum g\u00f6gnum Google.<\/p><p><strong>Vafravi\u00f0b\u00f3t<\/strong><\/p><p>\u00de\u00fa getur komi\u00f0 \u00ed veg fyrir a\u00f0 vafrinn \u00feinn vista vafrak\u00f6kur. \u00deetta getur \u00fe\u00f3 takmarka\u00f0 virkni einstakra hluta vefs\u00ed\u00f0unnar okkar. \u00de\u00fa getur einnig komi\u00f0 \u00ed veg fyrir a\u00f0 g\u00f6gn um notkun \u00fe\u00edna \u00e1 vefs\u00ed\u00f0unni, \u00fear \u00e1 me\u00f0al IP-tala \u00fe\u00edn, s\u00e9u skr\u00e1\u00f0 og a\u00f0 Google vinni \u00far \u00feeim. \u00deetta er m\u00f6gulegt me\u00f0 \u00fev\u00ed a\u00f0 hla\u00f0a ni\u00f0ur og setja upp vafravi\u00f0b\u00f3tina sem finna m\u00e1 \u00e1 eftirfarandi hlekk: <a href=\"https:\/\/tools.google.com\/dlpage\/gaoptout?hl=de\" rel=\"noopener\" target=\"_blank\">https:\/\/tools.google.com\/dlpage\/gaoptout?hl=de<\/a>.<\/p><p><strong>Andm\u00e6li vi\u00f0 gagnas\u00f6fnun<\/strong><\/p><p>\u00de\u00fa getur komi\u00f0 \u00ed veg fyrir a\u00f0 Google Analytics safni g\u00f6gnum um \u00feig me\u00f0 \u00fev\u00ed a\u00f0 smella \u00e1 eftirfarandi hlekk. \u00de\u00e1 er vistu\u00f0 af\u00fe\u00f6kkunar-vafrakaka (opt-out cookie) sem kemur \u00ed veg fyrir s\u00f6fnun gagna \u00feinna vi\u00f0 framt\u00ed\u00f0arheims\u00f3knir \u00e1 vefs\u00ed\u00f0una okkar: Sl\u00f6kkva \u00e1 Google Analytics.<\/p><p>Frekari uppl\u00fdsingar um me\u00f0fer\u00f0 notendagagna hj\u00e1 Google Analytics m\u00e1 finna \u00ed pers\u00f3nuverndarstefnu Google: <a href=\"https:\/\/support.google.com\/analytics\/answer\/6004245?hl=de\" rel=\"noopener\" target=\"_blank\">https:\/\/support.google.com\/analytics\/answer\/6004245?hl=de<\/a>.<\/p><p><strong>Vinnslusamningur<\/strong><\/p><p>Til a\u00f0 uppfylla l\u00f6gbundnar kr\u00f6fur um pers\u00f3nuvernd a\u00f0 fullu hefum vi\u00f0 gert samning vi\u00f0 Google um vinnslu pers\u00f3nuuppl\u00fdsinga (vinnslusamning).<\/p><p><strong>L\u00fd\u00f0fr\u00e6\u00f0ilegir eiginleikar \u00ed Google Analytics<\/strong><\/p><p>Vefs\u00ed\u00f0an okkar notar eiginleikann \u201el\u00fd\u00f0fr\u00e6\u00f0ilegir eiginleikar\u201c \u00ed Google Analytics. Me\u00f0 honum er unnt a\u00f0 taka saman sk\u00fdrslur sem gefa uppl\u00fdsingar um aldur, kyn og \u00e1hugam\u00e1l gesta s\u00ed\u00f0unnar. \u00deessi g\u00f6gn koma fr\u00e1 hagsmunatengdum augl\u00fdsingum Google og fr\u00e1 gestag\u00f6gnum \u00feri\u00f0ju a\u00f0ila.<\/p><p>Ekki er m\u00f6gulegt a\u00f0 rekja g\u00f6gnin til \u00e1kve\u00f0ins einstaklings. \u00de\u00fa getur sl\u00f6kkt \u00e1 \u00feessum eiginleika hven\u00e6r sem er. \u00dea\u00f0 er m\u00f6gulegt \u00ed gegnum stillingar augl\u00fdsinga \u00e1 Google-reikningnum \u00fe\u00ednum e\u00f0a me\u00f0 \u00fev\u00ed a\u00f0 banna almennt s\u00f6fnun gagna \u00feinna me\u00f0 Google Analytics, eins og l\u00fdst er \u00ed kaflanum \u201eAndm\u00e6li vi\u00f0 gagnas\u00f6fnun\u201c.<\/p>\t\t\t\t\t\t\t\t<\/div>\n\t\t\t\t\t<\/div>\n\t\t\t\t<\/div>\n\t\t\t\t\t<\/div>\n\t\t\t\t<\/div>\n\t\t<div class=\"elementor-element elementor-element-ds-s10 e-con-boxed e-flex e-con e-parent\" data-id=\"ds-s10\" data-element_type=\"container\" data-e-type=\"container\">\n\t\t\t\t\t<div class=\"e-con-inner\">\n\t\t\t\t<div class=\"elementor-element elementor-element-ds-h10 elementor-widget elementor-widget-heading\" data-id=\"ds-h10\" data-element_type=\"widget\" data-e-type=\"widget\" data-widget_type=\"heading.default\">\n\t\t\t\t\t<h2 class=\"elementor-heading-title elementor-size-default\">Google AdWords og Google Conversion-Tracking<\/h2>\t\t\t\t<\/div>\n\t\t<div class=\"elementor-element elementor-element-ds-s10-bw e-flex e-con-boxed e-con e-parent\" data-id=\"ds-s10-bw\" data-element_type=\"container\" data-e-type=\"container\" data-settings=\"{&quot;background_background&quot;:&quot;classic&quot;}\">\n\t\t\t\t\t<div class=\"e-con-inner\">\n\t\t\t\t<div class=\"elementor-element elementor-element-ds-t10 elementor-widget elementor-widget-text-editor\" data-id=\"ds-t10\" data-element_type=\"widget\" data-e-type=\"widget\" data-widget_type=\"text-editor.default\">\n\t\t\t\t\t\t\t\t\t<p>Vefs\u00ed\u00f0an okkar notar Google AdWords. \u00dej\u00f3nustuveitandi er Google Inc., 1600 Amphitheatre Parkway, Mountain View, CA 94043, Bandar\u00edkin.<\/p><p>AdWords er augl\u00fdsingakerfi \u00e1 netinu. Innan \u00feessa augl\u00fdsingakerfis vinnum vi\u00f0 me\u00f0 Conversion-Tracking (umbreytingarrakningu). Eftir a\u00f0 smellt er \u00e1 augl\u00fdsingu sem Google birtir er vistu\u00f0 vafrakaka fyrir Conversion-Tracking. Vafrak\u00f6kur eru litlar textaskr\u00e1r sem vafri \u00feinn vistar \u00e1 t\u00e6ki \u00fe\u00ednu.<\/p><p>Google AdWords vafrak\u00f6kur gilda ekki lengur en 30 daga og eru ekki nota\u00f0ar til a\u00f0 bera kennsl \u00e1 notendur pers\u00f3nulega. Me\u00f0 hj\u00e1lp vafrak\u00f6kunnar geta Google og vi\u00f0 s\u00e9\u00f0 a\u00f0 \u00fe\u00fa hafi smellt \u00e1 augl\u00fdsingu og veri\u00f0 v\u00edsa\u00f0 \u00e1fram \u00e1 vefs\u00ed\u00f0u okkar.<\/p><p>Hver Google AdWords-vi\u00f0skiptavinur f\u00e6r a\u00f0ra vafrak\u00f6ku. Vafrak\u00f6kurnar m\u00e1 ekki rekja \u00e1 milli vefs\u00ed\u00f0na AdWords-vi\u00f0skiptavina. Me\u00f0 Conversion-vafrak\u00f6kum eru ger\u00f0ar t\u00f6lfr\u00e6\u00f0isk\u00fdrslur um umbreytingar fyrir AdWords-vi\u00f0skiptavini sem nota Conversion-Tracking. AdWords-vi\u00f0skiptavinir f\u00e1 a\u00f0 vita hversu margir notendur smelltu \u00e1 augl\u00fdsingu \u00feeirra og var v\u00edsa\u00f0 \u00e1fram \u00e1 s\u00ed\u00f0ur me\u00f0 Conversion-Tracking merki.<\/p><p>AdWords-vi\u00f0skiptavinir f\u00e1 \u00fe\u00f3 engar uppl\u00fdsingar sem gera m\u00f6gulegt a\u00f0 bera kennsl \u00e1 notendur pers\u00f3nulega. Vilt \u00fe\u00fa ekki taka \u00fe\u00e1tt \u00ed rakningunni getur\u00f0u andm\u00e6lt notkuninni. \u00de\u00e1 er h\u00e6gt a\u00f0 sl\u00f6kkva \u00e1 Conversion-vafrak\u00f6kunni \u00ed notendastillingum vafrans. \u00deannig ver\u00f0ur \u00fe\u00fa ekki tekin\/n me\u00f0 \u00ed Conversion-Tracking t\u00f6lfr\u00e6\u00f0ina.<\/p><p>Vistun \u201eConversion-vafrakaka\u201c byggist \u00e1 grein 6, 1. mgr., li\u00f0 f \u00ed GDPR. Vi\u00f0 sem rekstrara\u00f0ili vefs\u00ed\u00f0unnar h\u00f6fum l\u00f6gm\u00e6ta hagsmuni af a\u00f0 greina notendaheg\u00f0un til a\u00f0 b\u00e6ta vef\u00fej\u00f3nustu okkar og augl\u00fdsingar.<\/p><p>Frekari uppl\u00fdsingar um Google AdWords og Google Conversion-Tracking m\u00e1 finna \u00ed pers\u00f3nuverndarstefnu Google: <a href=\"https:\/\/www.google.de\/policies\/privacy\/\" rel=\"noopener\" target=\"_blank\">https:\/\/www.google.de\/policies\/privacy\/<\/a>.<\/p><p>Me\u00f0 n\u00fdt\u00edskulegum vafra getur\u00f0u fylgst me\u00f0, takmarka\u00f0 e\u00f0a komi\u00f0 \u00ed veg fyrir a\u00f0 vafrak\u00f6kur s\u00e9u vista\u00f0ar. A\u00f0 sl\u00f6kkva \u00e1 vafrak\u00f6kum getur haft \u00ed f\u00f6r me\u00f0 s\u00e9r skerta virkni vefs\u00ed\u00f0unnar okkar.<\/p>\t\t\t\t\t\t\t\t<\/div>\n\t\t\t\t\t<\/div>\n\t\t\t\t<\/div>\n\t\t\t\t\t<\/div>\n\t\t\t\t<\/div>\n\t\t<div class=\"elementor-element elementor-element-ds-s11 e-con-boxed e-flex e-con e-parent\" data-id=\"ds-s11\" data-element_type=\"container\" data-e-type=\"container\">\n\t\t\t\t\t<div class=\"e-con-inner\">\n\t\t\t\t<div class=\"elementor-element elementor-element-ds-h11 elementor-widget elementor-widget-heading\" data-id=\"ds-h11\" data-element_type=\"widget\" data-e-type=\"widget\" data-widget_type=\"heading.default\">\n\t\t\t\t\t<h2 class=\"elementor-heading-title elementor-size-default\">Google Web Fonts<\/h2>\t\t\t\t<\/div>\n\t\t<div class=\"elementor-element elementor-element-ds-s11-bw e-flex e-con-boxed e-con e-parent\" data-id=\"ds-s11-bw\" data-element_type=\"container\" data-e-type=\"container\" data-settings=\"{&quot;background_background&quot;:&quot;classic&quot;}\">\n\t\t\t\t\t<div class=\"e-con-inner\">\n\t\t\t\t<div class=\"elementor-element elementor-element-ds-t11 elementor-widget elementor-widget-text-editor\" data-id=\"ds-t11\" data-element_type=\"widget\" data-e-type=\"widget\" data-widget_type=\"text-editor.default\">\n\t\t\t\t\t\t\t\t\t<p>Vefs\u00ed\u00f0an okkar notar vefleturger\u00f0ir (Web Fonts) fr\u00e1 Google. \u00dej\u00f3nustuveitandi er Google Inc., 1600 Amphitheatre Parkway, Mountain View, CA 94043, Bandar\u00edkjunum.<\/p><p>Me\u00f0 notkun \u00feessara vefleturger\u00f0a er m\u00f6gulegt a\u00f0 birta y\u00f0ur vefs\u00ed\u00f0una me\u00f0 \u00feeirri framsetningu sem vi\u00f0 kj\u00f3sum, \u00f3h\u00e1\u00f0 \u00fev\u00ed hva\u00f0a leturger\u00f0ir eru sta\u00f0bundi\u00f0 til sta\u00f0ar hj\u00e1 y\u00f0ur. \u00deetta gerist me\u00f0 \u00fev\u00ed a\u00f0 leturger\u00f0irnar eru s\u00f3ttar fr\u00e1 net\u00fej\u00f3ni Google \u00ed Bandar\u00edkjunum, sem felur \u00ed s\u00e9r mi\u00f0lun gagna y\u00f0ar til Google.<\/p><p>Um er a\u00f0 r\u00e6\u00f0a IP-t\u00f6lu y\u00f0ar og hva\u00f0a s\u00ed\u00f0u hj\u00e1 okkur \u00fe\u00e9r hafi\u00f0 sko\u00f0a\u00f0. Notkun Google Web Fonts byggist \u00e1 grundvelli 6. gr. 1. mgr. f-li\u00f0ar GDPR. Sem umsj\u00f3nara\u00f0ilar \u00feessarar vefs\u00ed\u00f0u h\u00f6fum vi\u00f0 l\u00f6gm\u00e6ta hagsmuni af bestu m\u00f6gulegu framsetningu og flutningi vefs\u00ed\u00f0unnar.<\/p><p>Fyrirt\u00e6ki\u00f0 Google er votta\u00f0 samkv\u00e6mt bandar\u00edsk-evr\u00f3pska gagnaverndarsamkomulaginu \\&bdquo;Privacy Shield\\&ldquo;. \u00deessu gagnaverndarsamkomulagi er \u00e6tla\u00f0 a\u00f0 tryggja a\u00f0 fari\u00f0 s\u00e9 eftir \u00fev\u00ed gagnaverndarstigi sem gildir innan ESB.<\/p><p>N\u00e1nari uppl\u00fdsingar um Google Web Fonts m\u00e1 finna h\u00e9r: <a href=\"https:\/\/www.google.com\/fonts#AboutPlace:about\" rel=\"noopener\" target=\"_blank\">https:\/\/www.google.com\/fonts#AboutPlace:about<\/a> og frekari uppl\u00fdsingar \u00ed pers\u00f3nuverndarstefnu Google: <a href=\"https:\/\/policies.google.com\/privacy\/partners?hl=de\" rel=\"noopener\" target=\"_blank\">https:\/\/policies.google.com\/privacy\/partners?hl=de<\/a>.<\/p>\t\t\t\t\t\t\t\t<\/div>\n\t\t\t\t\t<\/div>\n\t\t\t\t<\/div>\n\t\t\t\t\t<\/div>\n\t\t\t\t<\/div>\n\t\t<div class=\"elementor-element elementor-element-ds-s12 e-con-boxed e-flex e-con e-parent\" data-id=\"ds-s12\" data-element_type=\"container\" data-e-type=\"container\">\n\t\t\t\t\t<div class=\"e-con-inner\">\n\t\t\t\t<div class=\"elementor-element elementor-element-ds-h12 elementor-widget elementor-widget-heading\" data-id=\"ds-h12\" data-element_type=\"widget\" data-e-type=\"widget\" data-widget_type=\"heading.default\">\n\t\t\t\t\t<h2 class=\"elementor-heading-title elementor-size-default\">Heimild<\/h2>\t\t\t\t<\/div>\n\t\t<div class=\"elementor-element elementor-element-ds-s12-bw e-flex e-con-boxed e-con e-parent\" data-id=\"ds-s12-bw\" data-element_type=\"container\" data-e-type=\"container\" data-settings=\"{&quot;background_background&quot;:&quot;classic&quot;}\">\n\t\t\t\t\t<div class=\"e-con-inner\">\n\t\t\t\t<div class=\"elementor-element elementor-element-ds-t12 elementor-widget elementor-widget-text-editor\" data-id=\"ds-t12\" data-element_type=\"widget\" data-e-type=\"widget\" data-widget_type=\"text-editor.default\">\n\t\t\t\t\t\t\t\t\t<p>Heimild til \u00feessa sta\u00f0ar: Gagnaverndarstillir fr\u00e1 mein-datenschutzbeauftragter.de.<\/p>\t\t\t\t\t\t\t\t<\/div>\n\t\t\t\t\t<\/div>\n\t\t\t\t<\/div>\n\t\t\t\t\t<\/div>\n\t\t\t\t<\/div>\n\t\t<div class=\"elementor-element elementor-element-ds-s13 e-con-boxed e-flex e-con e-parent\" data-id=\"ds-s13\" data-element_type=\"container\" data-e-type=\"container\">\n\t\t\t\t\t<div class=\"e-con-inner\">\n\t\t\t\t<div class=\"elementor-element elementor-element-ds-h13 elementor-widget elementor-widget-heading\" data-id=\"ds-h13\" data-element_type=\"widget\" data-e-type=\"widget\" data-widget_type=\"heading.default\">\n\t\t\t\t\t<h2 class=\"elementor-heading-title elementor-size-default\">Facebook<\/h2>\t\t\t\t<\/div>\n\t\t<div class=\"elementor-element elementor-element-ds-s13-bw e-flex e-con-boxed e-con e-parent\" data-id=\"ds-s13-bw\" data-element_type=\"container\" data-e-type=\"container\" data-settings=\"{&quot;background_background&quot;:&quot;classic&quot;}\">\n\t\t\t\t\t<div class=\"e-con-inner\">\n\t\t\t\t<div class=\"elementor-element elementor-element-ds-t13 elementor-widget elementor-widget-text-editor\" data-id=\"ds-t13\" data-element_type=\"widget\" data-e-type=\"widget\" data-widget_type=\"text-editor.default\">\n\t\t\t\t\t\t\t\t\t<p>Um t\u00edma vorum vi\u00f0 b\u00fain a\u00f0 fjarl\u00e6gja Facebook alfari\u00f0, \u00fev\u00ed ritsko\u00f0unin var\u00f0 \u00f3b\u00e6rileg. N\u00fa vir\u00f0ist fyrirt\u00e6ki\u00f0 aftur sn\u00faast meira \u00e1 hli\u00f0 notenda, \u00feess vegna gefum vi\u00f0 \u00fev\u00ed annan s\u00e9ns:<\/p><p>\u00c1 vefs\u00ed\u00f0u okkar notum vi\u00f0 hi\u00f0 svokalla\u00f0a \\&bdquo;Facebook-pixla\\&ldquo; fr\u00e1 Meta Platforms Ireland Ltd. (Facebook Ireland Ltd.), 4 Grand Canal Square, Grand Canal Harbour, Dublin 2, \u00cdrlandi.<\/p><p>\u00deetta er nota\u00f0 til a\u00f0 rekja heg\u00f0un notenda \u00feegar \u00feeir hafa veri\u00f0 leiddir \u00e1 vefs\u00ed\u00f0u okkar me\u00f0 \u00fev\u00ed a\u00f0 smella \u00e1 Facebook-augl\u00fdsingu. \u00deannig getum vi\u00f0 m\u00e6lt \u00e1rangur Facebook-augl\u00fdsinga \u00ed t\u00f6lfr\u00e6\u00f0i- og marka\u00f0sranns\u00f3knarskyni og b\u00e6tt framt\u00ed\u00f0ar augl\u00fdsingaa\u00f0ger\u00f0ir.<\/p><p>G\u00f6gnin sem safnast eru nafnlaus fyrir okkur og gera ekki m\u00f6gulegt a\u00f0 draga \u00e1lyktanir um au\u00f0kenni einstakra einstaklinga. \u00de\u00f3 geymir og vinnur Facebook g\u00f6gnin \u00feannig a\u00f0 unnt er a\u00f0 tengja \u00feau vi\u00f0 vi\u00f0komandi notandaa\u00f0gang, og Facebook getur n\u00fdtt g\u00f6gnin samkv\u00e6mt eigin gagnanotkunarstefnu \u00ed eigin augl\u00fdsingatilgangi.<\/p><p>Lagagrundv\u00f6llur notkunarinnar er \u00ed reglu sam\u00feykki y\u00f0ar samkv\u00e6mt 6. gr. 1. mgr. a-li\u00f0ar GDPR e\u00f0a l\u00f6gm\u00e6tir hagsmunir okkar samkv\u00e6mt 6. gr. 1. mgr. f-li\u00f0ar GDPR.<\/p>\t\t\t\t\t\t\t\t<\/div>\n\t\t\t\t\t<\/div>\n\t\t\t\t<\/div>\n\t\t\t\t\t<\/div>\n\t\t\t\t<\/div>\n\t\t<div class=\"elementor-element elementor-element-iwgkw-add-datenschutz e-flex e-con-boxed e-con e-parent\" data-id=\"iwgkw-add-datenschutz\" data-element_type=\"container\" data-e-type=\"container\">\n\t\t\t\t\t<div class=\"e-con-inner\">\n\t\t\t\t<div class=\"elementor-element elementor-element-iwgkw-add-datenschutz-t elementor-widget elementor-widget-text-editor\" data-id=\"iwgkw-add-datenschutz-t\" data-element_type=\"widget\" data-e-type=\"widget\" data-widget_type=\"text-editor.default\">\n\t\t\t\t\t\t\t\t\t<p>Eftirfarandi uppl\u00fdsingar eru l\u00f6gbundnar uppl\u00fdsingar samkv\u00e6mt 13. og 14. grein pers\u00f3nuverndarregluger\u00f0arinnar (GDPR). \u00de\u00e6r uppl\u00fdsa um vinnslu pers\u00f3nuuppl\u00fdsinga vi\u00f0 heims\u00f3kn \u00e1 \u00feessa vefs\u00ed\u00f0u, um \u00e1byrg\u00f0ara\u00f0ila, tilgang, lagagrundv\u00f6ll og r\u00e9ttindi hinna skr\u00e1\u00f0u einstaklinga. Framsetningin takmarkast vi\u00f0 l\u00f6gbundnar uppl\u00fdsingar og kemur ekki \u00ed sta\u00f0 l\u00f6gfr\u00e6\u00f0ilegrar r\u00e1\u00f0gjafar \u00ed einst\u00f6kum tilvikum.<\/p>\t\t\t\t\t\t\t\t<\/div>\n\t\t\t\t\t<\/div>\n\t\t\t\t<\/div>\n\t\t\t\t<\/div>\n\t\t","protected":false},"excerpt":{"rendered":"","protected":false},"author":3,"featured_media":2259,"parent":0,"menu_order":0,"comment_status":"closed","ping_status":"closed","template":"elementor_header_footer","meta":{"_yoast_wpseo_focuskw":"","_yoast_wpseo_title":"Pers\u00f3nuverndarstefna \u2013 iWell Guard","_yoast_wpseo_metadesc":"Pers\u00f3nuverndarstefna Ittermann electronic GmbH fyrir iWell Guard: l\u00f6gbundnar uppl\u00fdsingar, vefk\u00f6kur, greiningart\u00f3l, tengd \u00fej\u00f3nustur.","_yoast_wpseo_meta-robots-noindex":"1","_yoast_wpseo_canonical":"","_angie_page":false,"gefaehrdungsstufe":"","wesen_kultur":"","wesen_klasse":"","footnotes":""},"categories":[],"class_list":["post-168723","page","type-page","status-publish","has-post-thumbnail","hentry"],"yoast_head":"<!-- This site is optimized with the Yoast SEO Premium plugin v27.7 (Yoast SEO v28.3) - https:\/\/yoast.com\/product\/yoast-seo-premium-wordpress\/ -->\n<title>Pers\u00f3nuverndarstefna \u2013 iWell Guard<\/title>\n<meta name=\"description\" content=\"Pers\u00f3nuverndarstefna Ittermann electronic GmbH fyrir iWell Guard: l\u00f6gbundnar uppl\u00fdsingar, vefk\u00f6kur, greiningart\u00f3l, tengd \u00fej\u00f3nustur.\" \/>\n<meta name=\"robots\" content=\"noindex, follow\" \/>\n<meta property=\"og:locale\" content=\"is_IS\" \/>\n<meta property=\"og:type\" content=\"article\" \/>\n<meta property=\"og:title\" content=\"Pers\u00f3nuvernd\" \/>\n<meta property=\"og:description\" content=\"Pers\u00f3nuverndarstefna Ittermann electronic GmbH fyrir iWell Guard: l\u00f6gbundnar uppl\u00fdsingar, vefk\u00f6kur, greiningart\u00f3l, tengd \u00fej\u00f3nustur.\" \/>\n<meta property=\"og:url\" content=\"https:\/\/iwell-guard.com\/is\/persoenuvernd\/\" \/>\n<meta property=\"og:site_name\" content=\"iWell Guard\" \/>\n<meta property=\"article:modified_time\" content=\"2026-09-05T14:17:46+00:00\" \/>\n<meta property=\"og:image\" content=\"https:\/\/iwell-guard.com\/wp-content\/uploads\/2026\/05\/Lava-1200x661-Hintergrund-sym.webp\" \/>\n\t<meta property=\"og:image:width\" content=\"1200\" \/>\n\t<meta property=\"og:image:height\" content=\"661\" \/>\n\t<meta property=\"og:image:type\" content=\"image\/webp\" \/>\n<meta name=\"twitter:card\" content=\"summary_large_image\" \/>\n<script type=\"application\/ld+json\" class=\"yoast-schema-graph\">{\"@context\":\"https:\\\/\\\/schema.org\",\"@graph\":[{\"@type\":\"WebPage\",\"@id\":\"https:\\\/\\\/iwell-guard.com\\\/is\\\/persoenuvernd\\\/\",\"url\":\"https:\\\/\\\/iwell-guard.com\\\/is\\\/persoenuvernd\\\/\",\"name\":\"Pers\u00f3nuverndarstefna \u2013 iWell Guard\",\"isPartOf\":{\"@id\":\"https:\\\/\\\/iwell-guard.com\\\/is\\\/#website\"},\"primaryImageOfPage\":{\"@id\":\"https:\\\/\\\/iwell-guard.com\\\/is\\\/persoenuvernd\\\/#primaryimage\"},\"image\":{\"@id\":\"https:\\\/\\\/iwell-guard.com\\\/is\\\/persoenuvernd\\\/#primaryimage\"},\"thumbnailUrl\":\"https:\\\/\\\/iwell-guard.com\\\/wp-content\\\/uploads\\\/2026\\\/05\\\/Lava-1200x661-Hintergrund-sym.webp\",\"datePublished\":\"2026-09-05T14:02:27+00:00\",\"dateModified\":\"2026-09-05T14:17:46+00:00\",\"description\":\"Pers\u00f3nuverndarstefna Ittermann electronic GmbH fyrir iWell Guard: l\u00f6gbundnar uppl\u00fdsingar, vefk\u00f6kur, greiningart\u00f3l, tengd \u00fej\u00f3nustur.\",\"breadcrumb\":{\"@id\":\"https:\\\/\\\/iwell-guard.com\\\/is\\\/persoenuvernd\\\/#breadcrumb\"},\"inLanguage\":\"is\",\"potentialAction\":[{\"@type\":\"ReadAction\",\"target\":[\"https:\\\/\\\/iwell-guard.com\\\/is\\\/persoenuvernd\\\/\"]}]},{\"@type\":\"ImageObject\",\"inLanguage\":\"is\",\"@id\":\"https:\\\/\\\/iwell-guard.com\\\/is\\\/persoenuvernd\\\/#primaryimage\",\"url\":\"https:\\\/\\\/iwell-guard.com\\\/wp-content\\\/uploads\\\/2026\\\/05\\\/Lava-1200x661-Hintergrund-sym.webp\",\"contentUrl\":\"https:\\\/\\\/iwell-guard.com\\\/wp-content\\\/uploads\\\/2026\\\/05\\\/Lava-1200x661-Hintergrund-sym.webp\",\"width\":1200,\"height\":661,\"caption\":\"iWell Guard verndargripur, svart kolefnistrefja-fl\u00eds me\u00f0 gullitu\u00f0um \u00e1herslum\"},{\"@type\":\"BreadcrumbList\",\"@id\":\"https:\\\/\\\/iwell-guard.com\\\/is\\\/persoenuvernd\\\/#breadcrumb\",\"itemListElement\":[{\"@type\":\"ListItem\",\"position\":1,\"name\":\"Start\",\"item\":\"https:\\\/\\\/iwell-guard.com\\\/is\\\/?page_id=168580\"},{\"@type\":\"ListItem\",\"position\":2,\"name\":\"Pers\u00f3nuvernd\"}]},{\"@type\":\"WebSite\",\"@id\":\"https:\\\/\\\/iwell-guard.com\\\/is\\\/#website\",\"url\":\"https:\\\/\\\/iwell-guard.com\\\/is\\\/\",\"name\":\"iWell Guard\",\"description\":\"Schutz vor dunklen Einfl\u00fcssen\",\"publisher\":{\"@id\":\"https:\\\/\\\/iwell-guard.com\\\/is\\\/#organization\"},\"potentialAction\":[{\"@type\":\"SearchAction\",\"target\":{\"@type\":\"EntryPoint\",\"urlTemplate\":\"https:\\\/\\\/iwell-guard.com\\\/is\\\/?s={search_term_string}\"},\"query-input\":{\"@type\":\"PropertyValueSpecification\",\"valueRequired\":true,\"valueName\":\"search_term_string\"}}],\"inLanguage\":\"is\"},{\"@type\":\"Organization\",\"@id\":\"https:\\\/\\\/iwell-guard.com\\\/is\\\/#organization\",\"name\":\"Ittermann electronic GmbH\",\"url\":\"https:\\\/\\\/iwell-guard.com\\\/is\\\/\",\"logo\":{\"@type\":\"ImageObject\",\"inLanguage\":\"is\",\"@id\":\"https:\\\/\\\/iwell-guard.com\\\/is\\\/#\\\/schema\\\/logo\\\/image\\\/\",\"url\":\"https:\\\/\\\/iwell-guard.com\\\/wp-content\\\/uploads\\\/2026\\\/05\\\/Ittermann-Logo-1182x237-1.png\",\"contentUrl\":\"https:\\\/\\\/iwell-guard.com\\\/wp-content\\\/uploads\\\/2026\\\/05\\\/Ittermann-Logo-1182x237-1.png\",\"width\":1182,\"height\":237,\"caption\":\"Ittermann electronic GmbH\"},\"image\":{\"@id\":\"https:\\\/\\\/iwell-guard.com\\\/is\\\/#\\\/schema\\\/logo\\\/image\\\/\"},\"sameAs\":[\"https:\\\/\\\/pantip.com\\\/profile\\\/9367242\",\"https:\\\/\\\/micro.blog\\\/iwellguard\",\"https:\\\/\\\/www.diggerslist.com\\\/iwellguard\\\/about\",\"https:\\\/\\\/skitterphoto.com\\\/photographers\\\/2870314\\\/iwell-guard\",\"https:\\\/\\\/iwellguard.wordpress.com\\\/2026\\\/06\\\/06\\\/iwell-guard\\\/\",\"https:\\\/\\\/hub.docker.com\\\/u\\\/iwellguard\",\"https:\\\/\\\/www.pinterest.com\\\/iwellguard\\\/\",\"https:\\\/\\\/bit.ly\\\/m\\\/iwellguard\",\"https:\\\/\\\/entre-vos-mains.alsace.eu\\\/profiles\\\/iwellguard\\\/activity\",\"https:\\\/\\\/gravatar.com\\\/reallybeded8fd34\",\"https:\\\/\\\/naijamatta.com\\\/iwellguard\",\"https:\\\/\\\/www.goodreads.com\\\/iwellguard\",\"https:\\\/\\\/profile.hatena.ne.jp\\\/iwellguard\\\/\",\"https:\\\/\\\/experiment.com\\\/users\\\/iwellguard\",\"https:\\\/\\\/wakelet.com\\\/@iWellGuard82270\",\"https:\\\/\\\/www.chordie.com\\\/forum\\\/profile.php?id=2555664\",\"https:\\\/\\\/www.instapaper.com\\\/p\\\/17757966\",\"https:\\\/\\\/www.mapleprimes.com\\\/users\\\/iwellguard\",\"https:\\\/\\\/businesslistingplus.com\\\/profile\\\/iwell-guard\\\/\",\"https:\\\/\\\/telegra.ph\\\/iWell-Guard-06-06\",\"https:\\\/\\\/pbase.com\\\/iwellguard\\\/iwellguard\",\"https:\\\/\\\/b.hatena.ne.jp\\\/iwellguard\\\/20260607#bookmark-4788405196491818882\",\"https:\\\/\\\/fliphtml5.com\\\/home\\\/iwellguard\",\"https:\\\/\\\/anyflip.com\\\/homepage\\\/cmiwl#About\",\"https:\\\/\\\/transfur.com\\\/Users\\\/iwellguard\",\"http:\\\/\\\/delphi.larsbo.org\\\/user\\\/iwellguard\",\"https:\\\/\\\/jobs.lajobsportal.org\\\/profiles\\\/8380803-iwell-guard\",\"https:\\\/\\\/md.chaosdorf.de\\\/s\\\/jfbe5SBdJD\",\"https:\\\/\\\/www.lingvolive.com\\\/en-us\\\/profile\\\/9ecaeaca-ce11-4e51-9e71-01d55e2bff36\\\/translations\",\"https:\\\/\\\/www.fitday.com\\\/fitness\\\/forums\\\/members\\\/iwellguard.html\",\"https:\\\/\\\/www.mymeetbook.com\\\/iwellguard\",\"https:\\\/\\\/pxhere.com\\\/en\\\/photographer-me\\\/5040798\",\"https:\\\/\\\/disqus.com\\\/by\\\/iwellguard\\\/about\\\/\",\"https:\\\/\\\/pastelink.net\\\/hjwciqwq\",\"https:\\\/\\\/pubhtml5.com\\\/homepage\\\/scjhn\\\/\",\"https:\\\/\\\/www.bitchute.com\\\/channel\\\/2O2eOKzNqujT\",\"https:\\\/\\\/audiomack.com\\\/iwellguard\"]}]}<\/script>\n<!-- \/ Yoast SEO Premium plugin. -->","yoast_head_json":{"title":"Pers\u00f3nuverndarstefna \u2013 iWell Guard","description":"Pers\u00f3nuverndarstefna Ittermann electronic GmbH fyrir iWell Guard: l\u00f6gbundnar uppl\u00fdsingar, vefk\u00f6kur, greiningart\u00f3l, tengd \u00fej\u00f3nustur.","robots":{"index":"noindex","follow":"follow"},"og_locale":"is_IS","og_type":"article","og_title":"Pers\u00f3nuvernd","og_description":"Pers\u00f3nuverndarstefna Ittermann electronic GmbH fyrir iWell Guard: l\u00f6gbundnar uppl\u00fdsingar, vefk\u00f6kur, greiningart\u00f3l, tengd \u00fej\u00f3nustur.","og_url":"https:\/\/iwell-guard.com\/is\/persoenuvernd\/","og_site_name":"iWell Guard","article_modified_time":"2026-09-05T14:17:46+00:00","og_image":[{"width":1200,"height":661,"url":"https:\/\/iwell-guard.com\/wp-content\/uploads\/2026\/05\/Lava-1200x661-Hintergrund-sym.webp","type":"image\/webp"}],"twitter_card":"summary_large_image","schema":{"@context":"https:\/\/schema.org","@graph":[{"@type":"WebPage","@id":"https:\/\/iwell-guard.com\/is\/persoenuvernd\/","url":"https:\/\/iwell-guard.com\/is\/persoenuvernd\/","name":"Pers\u00f3nuverndarstefna \u2013 iWell Guard","isPartOf":{"@id":"https:\/\/iwell-guard.com\/is\/#website"},"primaryImageOfPage":{"@id":"https:\/\/iwell-guard.com\/is\/persoenuvernd\/#primaryimage"},"image":{"@id":"https:\/\/iwell-guard.com\/is\/persoenuvernd\/#primaryimage"},"thumbnailUrl":"https:\/\/iwell-guard.com\/wp-content\/uploads\/2026\/05\/Lava-1200x661-Hintergrund-sym.webp","datePublished":"2026-09-05T14:02:27+00:00","dateModified":"2026-09-05T14:17:46+00:00","description":"Pers\u00f3nuverndarstefna Ittermann electronic GmbH fyrir iWell Guard: l\u00f6gbundnar uppl\u00fdsingar, vefk\u00f6kur, greiningart\u00f3l, tengd \u00fej\u00f3nustur.","breadcrumb":{"@id":"https:\/\/iwell-guard.com\/is\/persoenuvernd\/#breadcrumb"},"inLanguage":"is","potentialAction":[{"@type":"ReadAction","target":["https:\/\/iwell-guard.com\/is\/persoenuvernd\/"]}]},{"@type":"ImageObject","inLanguage":"is","@id":"https:\/\/iwell-guard.com\/is\/persoenuvernd\/#primaryimage","url":"https:\/\/iwell-guard.com\/wp-content\/uploads\/2026\/05\/Lava-1200x661-Hintergrund-sym.webp","contentUrl":"https:\/\/iwell-guard.com\/wp-content\/uploads\/2026\/05\/Lava-1200x661-Hintergrund-sym.webp","width":1200,"height":661,"caption":"iWell Guard verndargripur, svart kolefnistrefja-fl\u00eds me\u00f0 gullitu\u00f0um \u00e1herslum"},{"@type":"BreadcrumbList","@id":"https:\/\/iwell-guard.com\/is\/persoenuvernd\/#breadcrumb","itemListElement":[{"@type":"ListItem","position":1,"name":"Start","item":"https:\/\/iwell-guard.com\/is\/?page_id=168580"},{"@type":"ListItem","position":2,"name":"Pers\u00f3nuvernd"}]},{"@type":"WebSite","@id":"https:\/\/iwell-guard.com\/is\/#website","url":"https:\/\/iwell-guard.com\/is\/","name":"iWell Guard","description":"Schutz vor dunklen Einfl\u00fcssen","publisher":{"@id":"https:\/\/iwell-guard.com\/is\/#organization"},"potentialAction":[{"@type":"SearchAction","target":{"@type":"EntryPoint","urlTemplate":"https:\/\/iwell-guard.com\/is\/?s={search_term_string}"},"query-input":{"@type":"PropertyValueSpecification","valueRequired":true,"valueName":"search_term_string"}}],"inLanguage":"is"},{"@type":"Organization","@id":"https:\/\/iwell-guard.com\/is\/#organization","name":"Ittermann electronic GmbH","url":"https:\/\/iwell-guard.com\/is\/","logo":{"@type":"ImageObject","inLanguage":"is","@id":"https:\/\/iwell-guard.com\/is\/#\/schema\/logo\/image\/","url":"https:\/\/iwell-guard.com\/wp-content\/uploads\/2026\/05\/Ittermann-Logo-1182x237-1.png","contentUrl":"https:\/\/iwell-guard.com\/wp-content\/uploads\/2026\/05\/Ittermann-Logo-1182x237-1.png","width":1182,"height":237,"caption":"Ittermann electronic GmbH"},"image":{"@id":"https:\/\/iwell-guard.com\/is\/#\/schema\/logo\/image\/"},"sameAs":["https:\/\/pantip.com\/profile\/9367242","https:\/\/micro.blog\/iwellguard","https:\/\/www.diggerslist.com\/iwellguard\/about","https:\/\/skitterphoto.com\/photographers\/2870314\/iwell-guard","https:\/\/iwellguard.wordpress.com\/2026\/06\/06\/iwell-guard\/","https:\/\/hub.docker.com\/u\/iwellguard","https:\/\/www.pinterest.com\/iwellguard\/","https:\/\/bit.ly\/m\/iwellguard","https:\/\/entre-vos-mains.alsace.eu\/profiles\/iwellguard\/activity","https:\/\/gravatar.com\/reallybeded8fd34","https:\/\/naijamatta.com\/iwellguard","https:\/\/www.goodreads.com\/iwellguard","https:\/\/profile.hatena.ne.jp\/iwellguard\/","https:\/\/experiment.com\/users\/iwellguard","https:\/\/wakelet.com\/@iWellGuard82270","https:\/\/www.chordie.com\/forum\/profile.php?id=2555664","https:\/\/www.instapaper.com\/p\/17757966","https:\/\/www.mapleprimes.com\/users\/iwellguard","https:\/\/businesslistingplus.com\/profile\/iwell-guard\/","https:\/\/telegra.ph\/iWell-Guard-06-06","https:\/\/pbase.com\/iwellguard\/iwellguard","https:\/\/b.hatena.ne.jp\/iwellguard\/20260607#bookmark-4788405196491818882","https:\/\/fliphtml5.com\/home\/iwellguard","https:\/\/anyflip.com\/homepage\/cmiwl#About","https:\/\/transfur.com\/Users\/iwellguard","http:\/\/delphi.larsbo.org\/user\/iwellguard","https:\/\/jobs.lajobsportal.org\/profiles\/8380803-iwell-guard","https:\/\/md.chaosdorf.de\/s\/jfbe5SBdJD","https:\/\/www.lingvolive.com\/en-us\/profile\/9ecaeaca-ce11-4e51-9e71-01d55e2bff36\/translations","https:\/\/www.fitday.com\/fitness\/forums\/members\/iwellguard.html","https:\/\/www.mymeetbook.com\/iwellguard","https:\/\/pxhere.com\/en\/photographer-me\/5040798","https:\/\/disqus.com\/by\/iwellguard\/about\/","https:\/\/pastelink.net\/hjwciqwq","https:\/\/pubhtml5.com\/homepage\/scjhn\/","https:\/\/www.bitchute.com\/channel\/2O2eOKzNqujT","https:\/\/audiomack.com\/iwellguard"]}]}},"_links":{"self":[{"href":"https:\/\/iwell-guard.com\/is\/wp-json\/wp\/v2\/pages\/168723","targetHints":{"allow":["GET"]}}],"collection":[{"href":"https:\/\/iwell-guard.com\/is\/wp-json\/wp\/v2\/pages"}],"about":[{"href":"https:\/\/iwell-guard.com\/is\/wp-json\/wp\/v2\/types\/page"}],"author":[{"embeddable":true,"href":"https:\/\/iwell-guard.com\/is\/wp-json\/wp\/v2\/users\/3"}],"replies":[{"embeddable":true,"href":"https:\/\/iwell-guard.com\/is\/wp-json\/wp\/v2\/comments?post=168723"}],"version-history":[{"count":0,"href":"https:\/\/iwell-guard.com\/is\/wp-json\/wp\/v2\/pages\/168723\/revisions"}],"wp:featuredmedia":[{"embeddable":true,"href":"https:\/\/iwell-guard.com\/is\/wp-json\/wp\/v2\/media\/2259"}],"wp:attachment":[{"href":"https:\/\/iwell-guard.com\/is\/wp-json\/wp\/v2\/media?parent=168723"}],"wp:term":[{"taxonomy":"category","embeddable":true,"href":"https:\/\/iwell-guard.com\/is\/wp-json\/wp\/v2\/categories?post=168723"}],"curies":[{"name":"wp","href":"https:\/\/api.w.org\/{rel}","templated":true}]}}