{"id":168721,"date":"2026-09-05T14:02:26","date_gmt":"2026-09-05T14:02:26","guid":{"rendered":"https:\/\/iwell-guard.com\/?page_id=168721"},"modified":"2026-09-05T14:17:46","modified_gmt":"2026-09-05T14:17:46","slug":"charon","status":"publish","type":"page","link":"https:\/\/iwell-guard.com\/is\/charon\/","title":{"rendered":"Charon"},"content":{"rendered":"\t\t<div data-elementor-type=\"wp-page\" data-elementor-id=\"168721\" class=\"elementor elementor-168721 elementor-1892 elementor-bc-flex-widget\" data-elementor-post-type=\"page\">\n\t\t\t\t<div class=\"elementor-element elementor-element-10fdade e-flex e-con-boxed e-con e-parent\" data-id=\"10fdade\" data-element_type=\"container\" data-e-type=\"container\" data-settings=\"{&quot;background_background&quot;:&quot;classic&quot;}\">\n\t\t\t\t\t<div class=\"e-con-inner\">\n\t\t<div class=\"elementor-element elementor-element-herohlft0 e-flex e-con-boxed e-con e-child\" data-id=\"herohlft0\" data-element_type=\"container\" data-e-type=\"container\">\n\t\t\t\t\t<div class=\"e-con-inner\">\n\t\t<div class=\"elementor-element elementor-element-c3ceb64 e-con-full e-flex e-con e-child\" data-id=\"c3ceb64\" data-element_type=\"container\" data-e-type=\"container\">\n\t\t\t\t<div class=\"elementor-element elementor-element-96ae5e1 elementor-widget elementor-widget-heading\" data-id=\"96ae5e1\" data-element_type=\"widget\" data-e-type=\"widget\" data-widget_type=\"heading.default\">\n\t\t\t\t\t<h1 class=\"elementor-heading-title elementor-size-default\">Charon, gu\u00f0 \u00ed gr\u00edskri hef\u00f0<\/h1>\t\t\t\t<\/div>\n\t\t\t\t<div class=\"elementor-element elementor-element-e45238a elementor-widget elementor-widget-text-editor\" data-id=\"e45238a\" data-element_type=\"widget\" data-e-type=\"widget\" data-widget_type=\"text-editor.default\">\n\t\t\t\t\t\t\t\t\t<p>Charon er gu\u00f0 \u00ed gr\u00edskri hef\u00f0.<\/p><p>Ferjuma\u00f0ur undirheimanna, v\u00f6r\u00f0ur s\u00ed\u00f0ustu \u00fer\u00f6skuldarins milli l\u00edfs og dau\u00f0a. Charon ferjar s\u00e1lir hinna l\u00e1tnu yfir \u00e1rnar <em>Styx<\/em> og <em>Acheron<\/em> inn \u00ed r\u00edki Hadesar, skylda, ekki valkostur, og skylda sem ekki ver\u00f0ur uppfyllt \u00e1n obolus-gjaldsins.<\/p><p>Hann er ekki dau\u00f0inn sj\u00e1lfur, heldur trygging fyrir \u00f3afturkr\u00e6fni hans: s\u00e1 sem einu sinni er kominn \u00ed b\u00e1t Charons kemst ekki til baka.<\/p>\t\t\t\t\t\t\t\t<\/div>\n\t\t\t\t<\/div>\n\t\t<div class=\"elementor-element elementor-element-klsbdg01 e-con-full e-flex e-con e-parent\" data-id=\"klsbdg01\" data-element_type=\"container\" data-e-type=\"container\">\n\t\t\t\t<div class=\"elementor-element elementor-element-klshtm01 elementor-widget elementor-widget-html\" data-id=\"klshtm01\" data-element_type=\"widget\" data-e-type=\"widget\" data-widget_type=\"html.default\">\n\t\t\t\t\t<div class=\"iwg-pill-row\"><span class=\"iwg-klasse-badge\" tabindex=\"0\" data-tooltip=\"Gu\u00f0\/gy\u00f0ja: Pers\u00f3nugerving h\u00e6sta valds \u00ed go\u00f0aver\u00f6ld menningar, me\u00f0 sk\u00fdra \u00e1byrg\u00f0ar\u00fe\u00e6tti eins og n\u00e1tt\u00faru\u00f6fl, \u00f6rl\u00f6g, str\u00ed\u00f0 og frj\u00f3semi. D\u00fdrku\u00f0 me\u00f0 helgisi\u00f0um, f\u00f3rnum og musterisstofnunum.\">Gu\u00f0<\/span><a href=\"https:\/\/iwell-guard.com\/is\/?page_id=168594\" class=\"iwg-kultur-badge\" tabindex=\"0\" data-tooltip=\"Tr\u00faarbr\u00f6g\u00f0 og go\u00f0afr\u00e6\u00f0i Grikklands hins forna, fr\u00e1 m\u00fdkenskum t\u00edma til s\u00ed\u00f0fornaldar.\">Grikkland<\/a><a href=\"https:\/\/iwell-guard.com\/is\/?page_id=168709\" class=\"iwg-tradition-badge\" tabindex=\"0\" data-tooltip=\"Gu\u00f0ir undirheima og dau\u00f0ans, herrar hins framli\u00f0na, d\u00f3marar hinna d\u00e1nu, lei\u00f0s\u00f6gumenn s\u00e1lna.\">D\u00e1nargu\u00f0<\/a><\/div>\t\t\t\t<\/div>\n\t\t\t\t<\/div>\n\t\t<div class=\"elementor-element elementor-element-3f74855 e-con-full e-flex e-con e-child\" data-id=\"3f74855\" data-element_type=\"container\" data-e-type=\"container\">\n\t\t\t\t<div class=\"elementor-element elementor-element-1c30362 elementor-toc--minimized-on-tablet elementor-widget elementor-widget-table-of-contents\" data-id=\"1c30362\" data-element_type=\"widget\" data-e-type=\"widget\" data-settings=\"{&quot;exclude_headings_by_selector&quot;:[],&quot;no_headings_message&quot;:&quot;Engar undirfyrirsagnir fundust \\u00e1 \\u00feessari s\\u00ed\\u00f0u.&quot;,&quot;headings_by_tags&quot;:[&quot;h2&quot;,&quot;h3&quot;],&quot;marker_view&quot;:&quot;bullets&quot;,&quot;minimize_box&quot;:&quot;yes&quot;,&quot;icon&quot;:{&quot;value&quot;:&quot;fas fa-circle&quot;,&quot;library&quot;:&quot;fa-solid&quot;,&quot;rendered_tag&quot;:&quot;&lt;svg class=\\&quot;e-font-icon-svg e-fas-circle\\&quot; viewBox=\\&quot;0 0 512 512\\&quot; xmlns=\\&quot;http:\\\/\\\/www.w3.org\\\/2000\\\/svg\\&quot;&gt;&lt;path d=\\&quot;M256 8C119 8 8 119 8 256s111 248 248 248 248-111 248-248S393 8 256 8z\\&quot;&gt;&lt;\\\/path&gt;&lt;\\\/svg&gt;&quot;},&quot;minimized_on&quot;:&quot;tablet&quot;,&quot;hierarchical_view&quot;:&quot;yes&quot;,&quot;min_height&quot;:{&quot;unit&quot;:&quot;px&quot;,&quot;size&quot;:&quot;&quot;,&quot;sizes&quot;:[]},&quot;min_height_tablet&quot;:{&quot;unit&quot;:&quot;px&quot;,&quot;size&quot;:&quot;&quot;,&quot;sizes&quot;:[]},&quot;min_height_mobile&quot;:{&quot;unit&quot;:&quot;px&quot;,&quot;size&quot;:&quot;&quot;,&quot;sizes&quot;:[]}}\" data-widget_type=\"table-of-contents.default\">\n\t\t\t\t\t\t\t\t\t<div class=\"elementor-toc__header\">\n\t\t\t\t\t\t<h2 class=\"elementor-toc__header-title\">\n\t\t\t\tEfnisyfirlit\t\t\t<\/h2>\n\t\t\t\t\t\t\t\t\t\t<div class=\"elementor-toc__toggle-button elementor-toc__toggle-button--expand\" role=\"button\" tabindex=\"0\" aria-controls=\"elementor-toc__1c30362\" aria-expanded=\"true\" aria-label=\"Open table of contents\"><svg aria-hidden=\"true\" class=\"e-font-icon-svg e-fas-chevron-down\" viewBox=\"0 0 448 512\" xmlns=\"http:\/\/www.w3.org\/2000\/svg\"><path d=\"M207.029 381.476L12.686 187.132c-9.373-9.373-9.373-24.569 0-33.941l22.667-22.667c9.357-9.357 24.522-9.375 33.901-.04L224 284.505l154.745-154.021c9.379-9.335 24.544-9.317 33.901.04l22.667 22.667c9.373 9.373 9.373 24.569 0 33.941L240.971 381.476c-9.373 9.372-24.569 9.372-33.942 0z\"><\/path><\/svg><\/div>\n\t\t\t\t<div class=\"elementor-toc__toggle-button elementor-toc__toggle-button--collapse\" role=\"button\" tabindex=\"0\" aria-controls=\"elementor-toc__1c30362\" aria-expanded=\"true\" aria-label=\"Close table of contents\"><svg aria-hidden=\"true\" class=\"e-font-icon-svg e-fas-chevron-up\" viewBox=\"0 0 448 512\" xmlns=\"http:\/\/www.w3.org\/2000\/svg\"><path d=\"M240.971 130.524l194.343 194.343c9.373 9.373 9.373 24.569 0 33.941l-22.667 22.667c-9.357 9.357-24.522 9.375-33.901.04L224 227.495 69.255 381.516c-9.379 9.335-24.544 9.317-33.901-.04l-22.667-22.667c-9.373-9.373-9.373-24.569 0-33.941L207.03 130.525c9.372-9.373 24.568-9.373 33.941-.001z\"><\/path><\/svg><\/div>\n\t\t\t\t\t<\/div>\n\t\t\t\t<div id=\"elementor-toc__1c30362\" class=\"elementor-toc__body\">\n\t\t\t<div class=\"elementor-toc__spinner-container\">\n\t\t\t\t<svg class=\"elementor-toc__spinner eicon-animation-spin e-font-icon-svg e-eicon-loading\" aria-hidden=\"true\" viewBox=\"0 0 1000 1000\" xmlns=\"http:\/\/www.w3.org\/2000\/svg\"><path d=\"M500 975V858C696 858 858 696 858 500S696 142 500 142 142 304 142 500H25C25 237 238 25 500 25S975 237 975 500 763 975 500 975Z\"><\/path><\/svg>\t\t\t<\/div>\n\t\t<\/div>\n\t\t\t\t\t\t<\/div>\n\t\t\t\t<\/div>\n\t\t\t\t\t<\/div>\n\t\t\t\t<\/div>\n\t\t<div class=\"elementor-element elementor-element-herorght0 e-con-full e-flex e-con e-child\" data-id=\"herorght0\" data-element_type=\"container\" data-e-type=\"container\">\n\t\t\t\t<div class=\"elementor-element elementor-element-heroimg00 iwg-hero-image elementor-widget elementor-widget-image\" data-id=\"heroimg00\" data-element_type=\"widget\" data-e-type=\"widget\" data-widget_type=\"image.default\">\n\t\t\t\t\t\t\t\t\t\t\t\t\t\t\t<img fetchpriority=\"high\" decoding=\"async\" width=\"683\" height=\"1024\" src=\"https:\/\/iwell-guard.com\/wp-content\/uploads\/2026\/04\/goetter_griechenland_charon-683x1024.webp\" class=\"attachment-large size-large wp-image-171120\" alt=\"Karon - Gu\u00f0ir \u00far gr\u00edskri hef\u00f0, s\u00f6gulega myndl\u00fdsandi\" srcset=\"https:\/\/iwell-guard.com\/wp-content\/uploads\/2026\/04\/goetter_griechenland_charon-683x1024.webp 683w, https:\/\/iwell-guard.com\/wp-content\/uploads\/2026\/04\/goetter_griechenland_charon-200x300.webp 200w, https:\/\/iwell-guard.com\/wp-content\/uploads\/2026\/04\/goetter_griechenland_charon-768x1152.webp 768w, https:\/\/iwell-guard.com\/wp-content\/uploads\/2026\/04\/goetter_griechenland_charon.webp 1024w\" sizes=\"(max-width: 683px) 100vw, 683px\" \/>\t\t\t\t\t\t\t\t\t\t\t\t\t\t\t<\/div>\n\t\t\t\t<\/div>\n\t\t\t\t\t<\/div>\n\t\t\t\t<\/div>\n\t\t<div class=\"elementor-element elementor-element-32917199 e-flex e-con-boxed e-con e-parent\" data-id=\"32917199\" data-element_type=\"container\" data-e-type=\"container\">\n\t\t\t\t\t<div class=\"e-con-inner\">\n\t\t<div class=\"elementor-element elementor-element-26e916cb e-flex e-con-boxed e-con e-child\" data-id=\"26e916cb\" data-element_type=\"container\" data-e-type=\"container\">\n\t\t\t\t\t<div class=\"e-con-inner\">\n\t\t<div class=\"elementor-element elementor-element-253a40d4 e-flex e-con-boxed e-con e-child\" data-id=\"253a40d4\" data-element_type=\"container\" data-e-type=\"container\">\n\t\t\t\t\t<div class=\"e-con-inner\">\n\t\t\t\t<div class=\"elementor-element elementor-element-1200c304 elementor-widget elementor-widget-heading\" data-id=\"1200c304\" data-element_type=\"widget\" data-e-type=\"widget\" data-widget_type=\"heading.default\">\n\t\t\t\t\t<h2 class=\"elementor-heading-title elementor-size-default\">Charon<\/h2>\t\t\t\t<\/div>\n\t\t\t\t\t<\/div>\n\t\t\t\t<\/div>\n\t\t<div class=\"elementor-element elementor-element-159dcf9a e-flex e-con-boxed e-con e-child\" data-id=\"159dcf9a\" data-element_type=\"container\" data-e-type=\"container\">\n\t\t\t\t\t<div class=\"e-con-inner\">\n\t\t\t\t<div class=\"elementor-element elementor-element-48cee66f elementor-widget elementor-widget-heading\" data-id=\"48cee66f\" data-element_type=\"widget\" data-e-type=\"widget\" data-widget_type=\"heading.default\">\n\t\t\t\t\t<h2 class=\"elementor-heading-title elementor-size-default\">\u00cd hnotskurn: Charon<\/h2>\t\t\t\t<\/div>\n\t\t\t\t<div class=\"elementor-element elementor-element-3f50d82c elementor-widget elementor-widget-text-editor\" data-id=\"3f50d82c\" data-element_type=\"widget\" data-e-type=\"widget\" data-widget_type=\"text-editor.default\">\n\t\t\t\t\t\t\t\t\t<p><strong>Tegund:<\/strong> Gr\u00edsk go\u00f0sagnavera, ferjuma\u00f0ur hinna dau\u00f0u<br><span class=\"iwg-fachbegriff\" data-tooltip=\"Heild gu\u00f0a innan tr\u00faarbrag\u00f0a e\u00f0a menningar.\" tabindex=\"0\">Pantheon<\/span>: Grikkland (undirheimar), teki\u00f0 upp af R\u00f3mverjum<br>Hlutverk: Ferjar hina l\u00e1tnu yfir Acheron-\/Styx-flj\u00f3ti\u00f0 inn \u00ed r\u00edki Hadesar<br>Meginkennist\u00e1kn: \u00c1r e\u00f0a st\u00f6ng, slitin ferja, magur v\u00f6xtur<br>Meginmusterissta\u00f0ir: engin eigin <span class=\"iwg-fachbegriff\" data-tooltip=\"Bygging sem er helgu\u00f0 d\u00fdrkun einnar e\u00f0a fleiri gu\u00f0a.\" tabindex=\"0\">musteri<\/span>; til sta\u00f0ar \u00ed greftrunarsi\u00f0um (Charons-peningur)<br>\u00datbrei\u00f0sla: Vasam\u00e1lverk, sark\u00f3faga-l\u00e1gmyndir, samr\u00e6\u00f0ur L\u00fak\u00edanosar<\/p>\t\t\t\t\t\t\t\t<\/div>\n\t\t\t\t\t<\/div>\n\t\t\t\t<\/div>\n\t\t\t\t\t<\/div>\n\t\t\t\t<\/div>\n\t\t\t\t\t<\/div>\n\t\t\t\t<\/div>\n\t\t<div class=\"elementor-element elementor-element-18613602 e-flex e-con-boxed e-con e-parent\" data-id=\"18613602\" data-element_type=\"container\" data-e-type=\"container\">\n\t\t\t\t\t<div class=\"e-con-inner\">\n\t\t\t\t<div class=\"elementor-element elementor-element-262b8a9f elementor-widget elementor-widget-heading\" data-id=\"262b8a9f\" data-element_type=\"widget\" data-e-type=\"widget\" data-widget_type=\"heading.default\">\n\t\t\t\t\t<h2 class=\"elementor-heading-title elementor-size-default\">S\u00f6guleg sta\u00f0setning<\/h2>\t\t\t\t<\/div>\n\t\t<div class=\"elementor-element elementor-element-46dcb7d e-con-full e-flex e-con e-child\" data-id=\"46dcb7d\" data-element_type=\"container\" data-e-type=\"container\">\n\t\t<div class=\"elementor-element elementor-element-61d3ab3 e-flex e-con-boxed e-con e-child\" data-id=\"61d3ab3\" data-element_type=\"container\" data-e-type=\"container\">\n\t\t\t\t\t<div class=\"e-con-inner\">\n\t\t\t\t<div class=\"elementor-element elementor-element-117c166 elementor-widget elementor-widget-heading\" data-id=\"117c166\" data-element_type=\"widget\" data-e-type=\"widget\" data-widget_type=\"heading.default\">\n\t\t\t\t\t<h3 class=\"elementor-heading-title elementor-size-default\">T\u00edmabil textanna<\/h3>\t\t\t\t<\/div>\n\t\t\t\t<div class=\"elementor-element elementor-element-73997a0 elementor-widget elementor-widget-text-editor\" data-id=\"73997a0\" data-element_type=\"widget\" data-e-type=\"widget\" data-widget_type=\"text-editor.default\">\n\t\t\t\t\t\t\t\t\t<p>Charon er \u00feekktur b\u00e6\u00f0i \u00ed ritu\u00f0um heimildum (allt fr\u00e1 6. \u00f6ld f.Kr. \u00ed hes\u00edod\u00ed\u00f6nskum ritum) og \u00ed myndlist (\u00e1 att\u00edskum v\u00f6sum). Bl\u00f3mat\u00edmi myndlistarhef\u00f0ar: 5. \u00f6ld f.Kr. (klass\u00edsk att\u00edsk vasam\u00e1lun).<\/p><p>\u00c1 r\u00f3mverskum t\u00edma er hann l\u00fdst \u00e1 <span class=\"iwg-fachbegriff\" tabindex=\"0\" data-tooltip=\"Tilheyrir \u00e1kve\u00f0nu helgu\u00f0u heimildasafni tr\u00faarbrag\u00f0a; ekki-vi\u00f0urkenndir textar kallast ap\u00f3kr\u00fdfa.\">kan\u00f3n\u00edskan<\/span> h\u00e1tt af Virgil \u00ed 6. b\u00f3k <em>Eneasarkvi\u00f0u<\/em>. Samr\u00e6\u00f0ur L\u00fak\u00edanosar vi\u00f0 hina dau\u00f0u (2. \u00f6ld e.Kr.) gera hann a\u00f0 \u00feekktustu undirheimapers\u00f3nunni me\u00f0al almennings. \u00cd b\u00fdsanskri kristni lifir hann \u00e1fram sem <em>Charos<\/em> (pers\u00f3nugerving dau\u00f0ans).<\/p>\t\t\t\t\t\t\t\t<\/div>\n\t\t\t\t\t<\/div>\n\t\t\t\t<\/div>\n\t\t<div class=\"elementor-element elementor-element-d47b156 e-flex e-con-boxed e-con e-child\" data-id=\"d47b156\" data-element_type=\"container\" data-e-type=\"container\">\n\t\t\t\t\t<div class=\"e-con-inner\">\n\t\t\t\t<div class=\"elementor-element elementor-element-ff38c2b elementor-widget elementor-widget-heading\" data-id=\"ff38c2b\" data-element_type=\"widget\" data-e-type=\"widget\" data-widget_type=\"heading.default\">\n\t\t\t\t\t<h3 class=\"elementor-heading-title elementor-size-default\">\u00datbrei\u00f0slusv\u00e6\u00f0i<\/h3>\t\t\t\t<\/div>\n\t\t\t\t<div class=\"elementor-element elementor-element-4e49fcc elementor-widget elementor-widget-text-editor\" data-id=\"4e49fcc\" data-element_type=\"widget\" data-e-type=\"widget\" data-widget_type=\"text-editor.default\">\n\t\t\t\t\t\t\t\t\t<p>Charon hefur enga eigin musterissta\u00f0i, hann er go\u00f0sagna- og si\u00f0venjupers\u00f3na. \u00datbrei\u00f0sla hans kemur \u00fe\u00f3 fram \u00ed v\u00ed\u00f0t\u00e6kum r\u00f3mverskum og gr\u00edskum greftrunarsi\u00f0um: <em>Charons-peningnum<\/em> (mynt sem l\u00f6g\u00f0 var \u00ed munn e\u00f0a \u00e1 auga hins l\u00e1tna til a\u00f0 grei\u00f0a ferjugjaldi\u00f0).<\/p><p>\u00de\u00fasundir sl\u00edkra mynta hafa fundist \u00ed fornleifauppgr\u00f6ftum. \u00cd n\u00fdgr\u00edskri \u00fej\u00f3\u00f0tr\u00fa (Charos) er hann til sta\u00f0ar allt til dagsins \u00ed dag.<\/p>\t\t\t\t\t\t\t\t<\/div>\n\t\t\t\t\t<\/div>\n\t\t\t\t<\/div>\n\t\t\t\t<\/div>\n\t\t<div class=\"elementor-element elementor-element-db03c39 e-con-full e-flex e-con e-child\" data-id=\"db03c39\" data-element_type=\"container\" data-e-type=\"container\">\n\t\t<div class=\"elementor-element elementor-element-229a87b e-flex e-con-boxed e-con e-child\" data-id=\"229a87b\" data-element_type=\"container\" data-e-type=\"container\">\n\t\t\t\t\t<div class=\"e-con-inner\">\n\t\t\t\t<div class=\"elementor-element elementor-element-1f471fc elementor-widget elementor-widget-heading\" data-id=\"1f471fc\" data-element_type=\"widget\" data-e-type=\"widget\" data-widget_type=\"heading.default\">\n\t\t\t\t\t<h3 class=\"elementor-heading-title elementor-size-default\">Heimildasta\u00f0a<\/h3>\t\t\t\t<\/div>\n\t\t\t\t<div class=\"elementor-element elementor-element-36b1201 elementor-widget elementor-widget-text-editor\" data-id=\"36b1201\" data-element_type=\"widget\" data-e-type=\"widget\" data-widget_type=\"text-editor.default\">\n\t\t\t\t\t\t\t\t\t<p>Meginheimildir: Hes\u00edodos (brotakennt), \u00c6sk\u00fdlos (<em>Sj\u00f6 \u00e1 m\u00f3ti \u00deebu<\/em>), Arist\u00f3fanes (<em>Froskarnir<\/em>, lj\u00f3\u00f0l\u00ednur 180 o.\u00e1fr., gamans\u00f6m Charon-atri\u00f0i), Virgil <em>Eneasarkvi\u00f0a<\/em> VI 295\u2013330, L\u00fak\u00edanos <em>Samr\u00e6\u00f0ur hinna dau\u00f0u<\/em>. Fr\u00e6\u00f0irit: Sourvinou-Inwood, <em>\u201eReading&#8220; Greek Death<\/em>; Garland, <em>The Greek Way of Death<\/em>; Dietrich, <em>Tradition in Greek Religion<\/em>; Stevens, <em>Charon&#8217;s Obol and Other Coins in Ancient Funerary Practice<\/em>.<\/p>\t\t\t\t\t\t\t\t<\/div>\n\t\t\t\t\t<\/div>\n\t\t\t\t<\/div>\n\t\t\t\t<\/div>\n\t\t\t\t\t<\/div>\n\t\t\t\t<\/div>\n\t\t<div class=\"elementor-element elementor-element-3ae0637c e-flex e-con-boxed e-con e-parent\" data-id=\"3ae0637c\" data-element_type=\"container\" data-e-type=\"container\">\n\t\t\t\t\t<div class=\"e-con-inner\">\n\t\t\t\t<div class=\"elementor-element elementor-element-31d07739 elementor-widget elementor-widget-heading\" data-id=\"31d07739\" data-element_type=\"widget\" data-e-type=\"widget\" data-widget_type=\"heading.default\">\n\t\t\t\t\t<h2 class=\"elementor-heading-title elementor-size-default\">Nafn og heiti<\/h2>\t\t\t\t<\/div>\n\t\t<div class=\"elementor-element elementor-element-b7642947 e-con-full e-flex e-con e-child\" data-id=\"b7642947\" data-element_type=\"container\" data-e-type=\"container\">\n\t\t\t\t<div class=\"elementor-element elementor-element-a086266 elementor-widget elementor-widget-text-editor\" data-id=\"a086266\" data-element_type=\"widget\" data-e-type=\"widget\" data-widget_type=\"text-editor.default\">\n\t\t\t\t\t\t\t\t\t<p><strong>Gr\u00edskt:<\/strong> \u03a7\u03ac\u03c1\u03c9\u03bd (Charon). Or\u00f0sifjar eru umdeildar, hugsanlegar r\u00e6tur \u00far *gher- (\u201ea\u00f0 glitra, brenna&#8220; e\u00f0a \u201egulgr\u00e1r litur&#8220;), tengsl vi\u00f0 Charis (n\u00e1\u00f0) er hafna\u00f0 af flestum textafr\u00e6\u00f0ingum. R\u00f3mversk hli\u00f0st\u00e6\u00f0a: Charon (teki\u00f0 \u00f3breytt upp \u00far gr\u00edsku).<\/p><p>Etr\u00faskt: <em>Charun<\/em>, me\u00f0 mun \u00e1r\u00e1sargjarnari pers\u00f3nuleika, vopna\u00f0ur sn\u00e1k og hamri, s\u00ed\u00f0ur ferjuma\u00f0ur en v\u00f6r\u00f0ur\/refsari. Tengdar verur: Hermes Psychopompos (s\u00e1larlei\u00f0s\u00f6guma\u00f0ur allt a\u00f0 undirheimum, en ekki ferjuma\u00f0urinn sj\u00e1lfur); Thanatos (pers\u00f3nugerving dau\u00f0ans, br\u00f3\u00f0ir Hypnos).<\/p>\t\t\t\t\t\t\t\t<\/div>\n\t\t\t\t<\/div>\n\t\t\t\t\t<\/div>\n\t\t\t\t<\/div>\n\t\t<div class=\"elementor-element elementor-element-709a44a8 e-flex e-con-boxed e-con e-parent\" data-id=\"709a44a8\" data-element_type=\"container\" data-e-type=\"container\">\n\t\t\t\t\t<div class=\"e-con-inner\">\n\t\t\t\t<div class=\"elementor-element elementor-element-2f585873 elementor-widget elementor-widget-heading\" data-id=\"2f585873\" data-element_type=\"widget\" data-e-type=\"widget\" data-widget_type=\"heading.default\">\n\t\t\t\t\t<h2 class=\"elementor-heading-title elementor-size-default\">Einkenni<\/h2>\t\t\t\t<\/div>\n\t\t<div class=\"elementor-element elementor-element-70621c12 e-con-full e-flex e-con e-child\" data-id=\"70621c12\" data-element_type=\"container\" data-e-type=\"container\">\n\t\t\t\t<div class=\"elementor-element elementor-element-4296eb49 elementor-widget elementor-widget-text-editor\" data-id=\"4296eb49\" data-element_type=\"widget\" data-e-type=\"widget\" data-widget_type=\"text-editor.default\">\n\t\t\t\t\t\t\t\t\t<h3>\u00datlit<\/h3><p>Charon er s\u00fdndur sem gamall, m\u00f6gur ma\u00f0ur, me\u00f0 \u00fafi\u00f0 skegg og har\u00f0an, \u00f3mildan svip. Hann kl\u00e6\u00f0ist d\u00f6kkri, f\u00f6lri skikkju e\u00f0a rifnum k\u00edt\u00f3n, oft me\u00f0 hettu. Kennist\u00e1kn hans eru einf\u00f6ld og hagn\u00fdt: l\u00f6ng b\u00e1tsst\u00f6ng (e\u00f0a \u00e1r) \u00far vi\u00f0i, \u00f6\u00f0ru hverju einnig stafur l\u00edkt og ferjumannsstafur.<\/p><p>B\u00e1turinn sj\u00e1lfur er \u00fer\u00f6ngur og f\u00e1brotinn, sm\u00ed\u00f0a\u00f0ur \u00far bor\u00f0um, \u00e1n segla, a\u00f0eins \u00e1r e\u00f0a st\u00f6ng \u00e1kvar\u00f0a f\u00f6r hans. \u00c1 vasam\u00e1lverkum sest Charon oft mass\u00edfur \u00ed b\u00e1tinn, far\u00feegarnir bognir e\u00f0a standandi.<\/p><h3>Vera og verkan<\/h3><p>\u00d3l\u00edkt hinum r\u00e9ttl\u00e1ta en fjarl\u00e6ga Hadesi er Charon \u00ed beinustu snertingu vi\u00f0 fylgd hinna dau\u00f0u. Hann semur ekki, regla hans er einf\u00f6ld: obolus e\u00f0a ekki. S\u00e1 sem kemur \u00e1n myntar villist um \u00ed hundra\u00f0 \u00e1r vi\u00f0 str\u00f6ndina l\u00edfsmegin, \u00ed fylgd Thanatos (dau\u00f0ans) e\u00f0a Hermesar, en f\u00e6r ekki ferju.<\/p><p>\u00d3\u00feolinm\u00e6\u00f0i hans er l\u00f6ngu or\u00f0in \u00fej\u00f3\u00f0sagnakennd; \u00ed \u201eFroskunum&#8220; eftir Arist\u00f3fanes er hann skopger\u00f0ur sem ge\u00f0vondur \u00f6ldungur sem telur obolus-myntir \u00e1kaft. \u00der\u00e1tt fyrir \u00fea\u00f0 fylgir hann str\u00f6ngum reglum, hann getur ekki teki\u00f0 hina lifandi me\u00f0 s\u00e9r, og jafnvel gu\u00f0inn Hermes ver\u00f0ur a\u00f0 semja vi\u00f0 hann.<\/p><h3>\u00datlit og t\u00e1knmynd<\/h3><p>Charon er venjulega s\u00fdndur sem grimmur, aldra\u00f0ur ma\u00f0ur me\u00f0 \u00fafi\u00f0 h\u00e1r og skegg, oft me\u00f0 v\u00e6ngja\u00f0a sk\u00f3 (l\u00edkt og Hermes). Hann ber \u00e1r e\u00f0a st\u00f6ng sem hann st\u00fdrir b\u00e1t s\u00ednum me\u00f0 yfir Styx. Kl\u00e6\u00f0na\u00f0ur hans er slitinn og \u00f3hreinn, ekki hinn gl\u00e6silegi b\u00faningur \u00d3lympsgu\u00f0anna.<\/p><p>Styx-flj\u00f3ti\u00f0 sj\u00e1lft er kennist\u00e1kn hans, flj\u00f3t undirheimanna. \u00c1 vasam\u00e1lverkum er hann oft s\u00fdndur samhli\u00f0a Hermes Psychopompos (s\u00e1larlei\u00f0s\u00f6gumanninum), \u00ed beinni samkeppni e\u00f0a samvinnu um s\u00e1lirnar. Litur hans var d\u00f6kkur, augnar\u00e1\u00f0 hans \u00e1vallt fram \u00e1 vi\u00f0, \u00ed \u00e1tt a\u00f0 n\u00e6stu byr\u00f0i.<\/p>\t\t\t\t\t\t\t\t<\/div>\n\t\t\t\t<\/div>\n\t\t\t\t\t<\/div>\n\t\t\t\t<\/div>\n\t\t<div class=\"elementor-element elementor-element-44e71476 e-flex e-con-boxed e-con e-parent\" data-id=\"44e71476\" data-element_type=\"container\" data-e-type=\"container\">\n\t\t\t\t\t<div class=\"e-con-inner\">\n\t\t\t\t<div class=\"elementor-element elementor-element-3c1fc3f0 elementor-widget elementor-widget-heading\" data-id=\"3c1fc3f0\" data-element_type=\"widget\" data-e-type=\"widget\" data-widget_type=\"heading.default\">\n\t\t\t\t\t<h2 class=\"elementor-heading-title elementor-size-default\">Skyndil\u00fdsing: Charon<\/h2>\t\t\t\t<\/div>\n\t\t<div class=\"elementor-element elementor-element-84f33b8e e-con-full e-flex e-con e-child\" data-id=\"84f33b8e\" data-element_type=\"container\" data-e-type=\"container\">\n\t\t\t\t<div class=\"elementor-element elementor-element-hqkdc67p elementor-widget elementor-widget-text-editor\" data-id=\"hqkdc67p\" data-element_type=\"widget\" data-e-type=\"widget\" data-widget_type=\"text-editor.default\">\n\t\t\t\t\t\t\t\t\t<p>Mikilv\u00e6gustu \u00fe\u00e6ttir Charons \u00ed hnotskurn. Eftirfarandi reitir taka saman uppruna, hlutverk, \u00fatlit, tilvist, t\u00e1kn og hli\u00f0st\u00e6\u00f0ur.<\/p>\t\t\t\t\t\t\t\t<\/div>\n\t\t\t\t<\/div>\n\t\t<div class=\"elementor-element elementor-element-pemmx7c5 e-con-full e-flex e-con e-child\" data-id=\"pemmx7c5\" data-element_type=\"container\" data-e-type=\"container\">\n\t\t<div class=\"elementor-element elementor-element-pemmx7c1 e-con-full e-flex e-con e-child\" data-id=\"pemmx7c1\" data-element_type=\"container\" data-e-type=\"container\">\n\t\t<div class=\"elementor-element elementor-element-qh9oavvu iwg-steckbrief-card e-flex e-con-boxed e-con e-child\" data-id=\"qh9oavvu\" data-element_type=\"container\" data-e-type=\"container\">\n\t\t\t\t\t<div class=\"e-con-inner\">\n\t\t\t\t<div class=\"elementor-element elementor-element-awzx8k2k elementor-widget elementor-widget-heading\" data-id=\"awzx8k2k\" data-element_type=\"widget\" data-e-type=\"widget\" data-widget_type=\"heading.default\">\n\t\t\t\t\t<div class=\"elementor-heading-title elementor-size-default\">Hef\u00f0<\/div>\t\t\t\t<\/div>\n\t\t\t\t<div class=\"elementor-element elementor-element-x6rowhv0 elementor-widget elementor-widget-text-editor\" data-id=\"x6rowhv0\" data-element_type=\"widget\" data-e-type=\"widget\" data-widget_type=\"text-editor.default\">\n\t\t\t\t\t\t\t\t\t<p>Charon er sonur Nyx (n\u00f3ttarinnar) og Erebos (myrkurs undirheimanna), einn af frumdaimonunum. Br\u00f3\u00f0ir Thanatos (dau\u00f0ans), Hypnos (svefns) og Eris (deilna). Tilheyrir kynsl\u00f3\u00f0 fyrir-\u00f3lympskra \u00f6rlagavera.<\/p><p>Verksvi\u00f0 hans er sk\u00fdrt afmarka\u00f0: hann hefur a\u00f0eins \u00fea\u00f0 verkefni a\u00f0 ferja yfir Acheron- e\u00f0a Styx-flj\u00f3ti\u00f0. Fyrir hina dau\u00f0u sem ekki hafa hloti\u00f0 greftrun er hann \u00f3a\u00f0gengilegur (atri\u00f0i\u00f0 um Palinurus \u00ed Eneasarkvi\u00f0u).<\/p>\t\t\t\t\t\t\t\t<\/div>\n\t\t\t\t\t<\/div>\n\t\t\t\t<\/div>\n\t\t<div class=\"elementor-element elementor-element-8e3o4kxs iwg-steckbrief-card e-flex e-con-boxed e-con e-child\" data-id=\"8e3o4kxs\" data-element_type=\"container\" data-e-type=\"container\">\n\t\t\t\t\t<div class=\"e-con-inner\">\n\t\t\t\t<div class=\"elementor-element elementor-element-08rkdgov elementor-widget elementor-widget-heading\" data-id=\"08rkdgov\" data-element_type=\"widget\" data-e-type=\"widget\" data-widget_type=\"heading.default\">\n\t\t\t\t\t<div class=\"elementor-heading-title elementor-size-default\">Hlutverk Charons<\/div>\t\t\t\t<\/div>\n\t\t\t\t<div class=\"elementor-element elementor-element-uwjelx8s elementor-widget elementor-widget-text-editor\" data-id=\"uwjelx8s\" data-element_type=\"widget\" data-e-type=\"widget\" data-widget_type=\"text-editor.default\">\n\t\t\t\t\t\t\t\t\t<p>Hreint ferjumannshlutverk. Hann tekur vi\u00f0 hinum l\u00e1tnu sem hafa hloti\u00f0 r\u00e9ttm\u00e6ta greftrun og bera ferjumyntina (<em>obol<\/em>) \u00e1 tungunni, og ferjar \u00fe\u00e1 yfir \u00e1 handanver\u00f0a str\u00f6nd Acheron e\u00f0a Styx.<\/p><p>\u00deeir sem hafa ekki obol e\u00f0a d\u00f3u \u00e1n greftrunar ver\u00f0a a\u00f0 b\u00ed\u00f0a 100 \u00e1r \u00e1 str\u00f6ndinni l\u00edfsmegin. Hann er ekki d\u00f3mari og ekki lei\u00f0s\u00f6guma\u00f0ur, hann er hreinn flutningsemb\u00e6ttisma\u00f0ur. A\u00f0 e\u00f0lisfari ge\u00f0vondur og \u00f3spillanlegur.<\/p>\t\t\t\t\t\t\t\t<\/div>\n\t\t\t\t\t<\/div>\n\t\t\t\t<\/div>\n\t\t<div class=\"elementor-element elementor-element-jm2n74ec iwg-steckbrief-card e-flex e-con-boxed e-con e-child\" data-id=\"jm2n74ec\" data-element_type=\"container\" data-e-type=\"container\">\n\t\t\t\t\t<div class=\"e-con-inner\">\n\t\t\t\t<div class=\"elementor-element elementor-element-8vufse4c elementor-widget elementor-widget-heading\" data-id=\"8vufse4c\" data-element_type=\"widget\" data-e-type=\"widget\" data-widget_type=\"heading.default\">\n\t\t\t\t\t<div class=\"elementor-heading-title elementor-size-default\">\u00datlit Charons<\/div>\t\t\t\t<\/div>\n\t\t\t\t<div class=\"elementor-element elementor-element-mwb9u015 elementor-widget elementor-widget-text-editor\" data-id=\"mwb9u015\" data-element_type=\"widget\" data-e-type=\"widget\" data-widget_type=\"text-editor.default\">\n\t\t\t\t\t\t\t\t\t<p>Gr\u00f6nn, skeggja\u00f0ur \u00f6ldungur me\u00f0 \u00f3hreyf\u00f0an, alvarlegan svip. Meira dj\u00f6fullegur en gu\u00f0legur. <em>\u00c1r<\/em> e\u00f0a l\u00f6ng <em>st\u00f6ng<\/em> \u00ed hendi, sem hann notar til a\u00f0 st\u00fdra ferjunni \u00e1fram.<\/p><p>Kl\u00e6\u00f0ist einf\u00f6ldu, stuttu kl\u00e6\u00f0i um mitti\u00f0, oft me\u00f0 keilulaga topph\u00fafu (<em>pilos<\/em>). Ferjan er einfaldur, flatbotna\u00f0ur b\u00e1tur. \u00cd vasam\u00e1lverkum er hann oft s\u00fdndur \u00e1samt Hermes Psychopompos, sem afhendir honum hina d\u00e1nu.<\/p>\t\t\t\t\t\t\t\t<\/div>\n\t\t\t\t\t<\/div>\n\t\t\t\t<\/div>\n\t\t\t\t<\/div>\n\t\t<div class=\"elementor-element elementor-element-pemmx7c2 e-con-full e-flex e-con e-child\" data-id=\"pemmx7c2\" data-element_type=\"container\" data-e-type=\"container\">\n\t\t<div class=\"elementor-element elementor-element-37ss2yr6 iwg-steckbrief-card e-flex e-con-boxed e-con e-child\" data-id=\"37ss2yr6\" data-element_type=\"container\" data-e-type=\"container\">\n\t\t\t\t\t<div class=\"e-con-inner\">\n\t\t\t\t<div class=\"elementor-element elementor-element-3v0wp3wx elementor-widget elementor-widget-heading\" data-id=\"3v0wp3wx\" data-element_type=\"widget\" data-e-type=\"widget\" data-widget_type=\"heading.default\">\n\t\t\t\t\t<h2 class=\"elementor-heading-title elementor-size-default\">D\u00fdrkun Karons (Charon)<\/h2>\t\t\t\t<\/div>\n\t\t\t\t<div class=\"elementor-element elementor-element-w3247g2m elementor-widget elementor-widget-text-editor\" data-id=\"w3247g2m\" data-element_type=\"widget\" data-e-type=\"widget\" data-widget_type=\"text-editor.default\">\n\t\t\t\t\t\t\t\t\t<p><strong>Wirkungsbereich:<\/strong> Karon hefur engan <span class=\"iwg-fachbegriff\" data-tooltip=\"Heild tr\u00faarlegra tilbei\u00f0sluathafna fyrir gu\u00f0 e\u00f0a heilaga vera.\" tabindex=\"0\">kult<\/span>, en hann er vi\u00f0takandi mikilv\u00e6gustu greftrunarsi\u00f0ar: myntar Karons (<em>obol<\/em>, \u00e1 lat\u00ednu <em>obolus<\/em>).<\/p><p>\u00de\u00fasundir sl\u00edkra mynta hafa fundist \u00ed gr\u00edskum, hellen\u00edskum og r\u00f3mverskum gr\u00f6fum, fr\u00e1 6. \u00f6ld f.Kr. til 4. aldar e.Kr. \u00c1 sumum sv\u00e6\u00f0um var hinn l\u00e1tni grafinn me\u00f0 tveimur myntum (eina fyrir auga\u00f0, eina fyrir munninn). \u00cd n\u00fdgr\u00edskri \u00fej\u00f3\u00f0tr\u00fa lifir hann \u00e1fram sem <em>Charos<\/em> allt til dagsins \u00ed dag.<\/p>\t\t\t\t\t\t\t\t<\/div>\n\t\t\t\t\t<\/div>\n\t\t\t\t<\/div>\n\t\t<div class=\"elementor-element elementor-element-0qpjal9w iwg-steckbrief-card e-flex e-con-boxed e-con e-child\" data-id=\"0qpjal9w\" data-element_type=\"container\" data-e-type=\"container\">\n\t\t\t\t\t<div class=\"e-con-inner\">\n\t\t\t\t<div class=\"elementor-element elementor-element-6ndoih0o elementor-widget elementor-widget-heading\" data-id=\"6ndoih0o\" data-element_type=\"widget\" data-e-type=\"widget\" data-widget_type=\"heading.default\">\n\t\t\t\t\t<h2 class=\"elementor-heading-title elementor-size-default\">T\u00e1kn Karons<\/h2>\t\t\t\t<\/div>\n\t\t\t\t<div class=\"elementor-element elementor-element-6684tyh9 elementor-widget elementor-widget-text-editor\" data-id=\"6684tyh9\" data-element_type=\"widget\" data-e-type=\"widget\" data-widget_type=\"text-editor.default\">\n\t\t\t\t\t\t\t\t\t<p>\u00c1r, st\u00f6ng, ferja, mynt (obol), kl\u00e6\u00f0i um mitti, keilulaga topph\u00fafa (pilos), skeggja\u00f0 \u00f6ldungsandlit. Heil\u00f6g v\u00f6tn: Akkeron, Styx (\u00ed sumum hef\u00f0um einnig Lete og Kok\u00fdtos). Heilagar pl\u00f6ntur: asf\u00f3delos (bl\u00f3m undirheimaengjanna). Heilag tala: 1 obol sem gjald.<\/p>\t\t\t\t\t\t\t\t<\/div>\n\t\t\t\t\t<\/div>\n\t\t\t\t<\/div>\n\t\t<div class=\"elementor-element elementor-element-3lfi7x32 iwg-steckbrief-card e-flex e-con-boxed e-con e-child\" data-id=\"3lfi7x32\" data-element_type=\"container\" data-e-type=\"container\">\n\t\t\t\t\t<div class=\"e-con-inner\">\n\t\t\t\t<div class=\"elementor-element elementor-element-0kg99ga1 elementor-widget elementor-widget-heading\" data-id=\"0kg99ga1\" data-element_type=\"widget\" data-e-type=\"widget\" data-widget_type=\"heading.default\">\n\t\t\t\t\t<div class=\"elementor-heading-title elementor-size-default\">Tengdar verur<\/div>\t\t\t\t<\/div>\n\t\t\t\t<div class=\"elementor-element elementor-element-n0fum6kp elementor-widget elementor-widget-text-editor\" data-id=\"n0fum6kp\" data-element_type=\"widget\" data-e-type=\"widget\" data-widget_type=\"text-editor.default\">\n\t\t\t\t\t\t\t\t\t<p><em>Charos\/Karon<\/em> (n\u00fdgr\u00edsk hef\u00f0, pers\u00f3nugerving dau\u00f0ans), <em>An\u00fabis<\/em> (Egyptaland, fylgd hinna d\u00e1nu), <em>Hermes Psychopompos<\/em> (Grikkland, fylgd hinna d\u00e1nu, afhendir Karoni), <em>Yama<\/em> (hind\u00faasi\u00f0ur, d\u00f3mari og fyrsti fylgdarma\u00f0ur hinna d\u00e1nu), <em>Mictlantecuhtli<\/em> (aztekst, \u00e6\u00f0sti herra undirheimsins Mictlan), <em>Hel<\/em> (germanskt). S\u00e9rt\u00e6kt ferjumanns-<span class=\"iwg-fachbegriff\" data-tooltip=\"Endurteki\u00f0 innihaldslegt atri\u00f0i \u00ed list e\u00f0a fr\u00e1s\u00f6gn.\" tabindex=\"0\">minni<\/span> kemur einnig fram \u00ed: <em>Sucellos<\/em> (kelt\u00edskt, me\u00f0 hamar vi\u00f0 Akkeron-l\u00edkt yfirfer\u00f0arsta\u00f0), enn meiri l\u00edkindi hj\u00e1 <em>Yama<\/em> (\u00ed t\u00edbetskum <span class=\"iwg-fachbegriff\" tabindex=\"0\" data-tooltip=\"\u00cd t\u00edbetskum b\u00faddisma millistigs\u00e1stand milli tveggja tilvista; Bardo Th\u00f6dol l\u00fdsir t\u00edmabilinu eftir dau\u00f0ann.\">bardo<\/span>-hugmyndum).<\/p>\t\t\t\t\t\t\t\t<\/div>\n\t\t\t\t\t<\/div>\n\t\t\t\t<\/div>\n\t\t\t\t<\/div>\n\t\t\t\t<\/div>\n\t\t\t\t\t<\/div>\n\t\t\t\t<\/div>\n\t\t<div class=\"elementor-element elementor-element-7533bc7a e-flex e-con-boxed e-con e-parent\" data-id=\"7533bc7a\" data-element_type=\"container\" data-e-type=\"container\">\n\t\t\t\t\t<div class=\"e-con-inner\">\n\t\t\t\t<div class=\"elementor-element elementor-element-2447d18d elementor-widget elementor-widget-heading\" data-id=\"2447d18d\" data-element_type=\"widget\" data-e-type=\"widget\" data-widget_type=\"heading.default\">\n\t\t\t\t\t<h2 class=\"elementor-heading-title elementor-size-default\">D\u00fdrkun \u00ed daglegu l\u00edfi<\/h2>\t\t\t\t<\/div>\n\t\t<div class=\"elementor-element elementor-element-d5d0260c e-con-full e-flex e-con e-child\" data-id=\"d5d0260c\" data-element_type=\"container\" data-e-type=\"container\">\n\t\t\t\t<div class=\"elementor-element elementor-element-341be2ac elementor-widget elementor-widget-text-editor\" data-id=\"341be2ac\" data-element_type=\"widget\" data-e-type=\"widget\" data-widget_type=\"text-editor.default\">\n\t\t\t\t\t\t\t\t\t<p>N\u00e6rvera Karons var alsr\u00e1\u00f0andi \u00ed gr\u00edsk-r\u00f3mverskri greftrunarmenningu, en ekki \u00ed gegnum <span class=\"iwg-fachbegriff\" data-tooltip=\"Bygging sem er tileinku\u00f0 tilbei\u00f0slu einnar e\u00f0a fleiri gu\u00f0vera.\" tabindex=\"0\">hof<\/span> e\u00f0a st\u00f3rar h\u00e1t\u00ed\u00f0ir, heldur \u00ed gegnum daglegar greftrunarvenjur.<\/p><p>Obolus-si\u00f0urinn var mi\u00f0l\u00e6gur: vi\u00f0 greftrun f\u00e9kk hinn l\u00e1tni mynt (oftast l\u00edtinn danakes e\u00f0a obolus) lag\u00f0a \u00e1 munninn, undir tunguna e\u00f0a \u00e1 augun. \u00deetta var ekki t\u00f6frakennd grei\u00f0sla, heldur l\u00f6gfr\u00e6\u00f0ilegt fyrirkomulag, \u00e1n myntarinnar gat Karon ekki flutt s\u00e1lina \u00e1 l\u00f6gm\u00e6tan h\u00e1tt og var\u00f0 a\u00f0 hafna henni.<\/p><p>\u00deeir sem \u00e1ttu enga fj\u00f6lskyldu e\u00f0a voru of f\u00e1t\u00e6kir til a\u00f0 grei\u00f0a obolusinn \u00e1ttu \u00e1 h\u00e6ttu a\u00f0 r\u00e1fa um \u00ed hundra\u00f0 \u00e1r. \u00deetta leiddi til opinberra greftrunarsj\u00f3\u00f0a (s\u00e9rstaklega \u00ed A\u00feenu), svo a\u00f0 hinir hei\u00f0urslausu v\u00e6ru ekki \u00fatiloka\u00f0ir fr\u00e1 handanheiminum.<\/p><p>\u00c1 v\u00f6sum (s\u00e9rstaklega lekythoi, d\u00e1naroffursv\u00f6sum) var Karon s\u00fdndur til a\u00f0 myndgera fer\u00f0ina sj\u00e1lfa. Syrgjendur settu \u00feessa vasa \u00ed gr\u00f6fina e\u00f0a \u00e1 reglulegum minningarm\u00e1lt\u00ed\u00f0um (perideipna). N\u00e6rvera Karons t\u00e1kna\u00f0i a\u00f0 hinir d\u00e1nu v\u00e6ru ekki t\u00fdndir, heldur \u00e1 v\u00edsri lei\u00f0 yfir \u00ed handanheiminn.<\/p>\t\t\t\t\t\t\t\t<\/div>\n\t\t\t\t<\/div>\n\t\t\t\t\t<\/div>\n\t\t\t\t<\/div>\n\t\t<div class=\"elementor-element elementor-element-5a584676 e-flex e-con-boxed e-con e-parent\" data-id=\"5a584676\" data-element_type=\"container\" data-e-type=\"container\">\n\t\t\t\t\t<div class=\"e-con-inner\">\n\t\t\t\t<div class=\"elementor-element elementor-element-6d0757bf elementor-widget elementor-widget-heading\" data-id=\"6d0757bf\" data-element_type=\"widget\" data-e-type=\"widget\" data-widget_type=\"heading.default\">\n\t\t\t\t\t<h2 class=\"elementor-heading-title elementor-size-default\">Karon, hli\u00f0st\u00e6\u00f0ur \u00ed \u00f6\u00f0rum menningarheimum<\/h2>\t\t\t\t<\/div>\n\t\t<div class=\"elementor-element elementor-element-60563f68 e-con-full e-flex e-con e-child\" data-id=\"60563f68\" data-element_type=\"container\" data-e-type=\"container\">\n\t\t\t\t<div class=\"elementor-element elementor-element-5a93fdd6 elementor-widget elementor-widget-text-editor\" data-id=\"5a93fdd6\" data-element_type=\"widget\" data-e-type=\"widget\" data-widget_type=\"text-editor.default\">\n\t\t\t\t\t\t\t\t\t<p><strong>R\u00f3mversk hef\u00f0:<\/strong> Karon er tekinn upp \u00f3breyttur. R\u00f3mverskir greftrunarsi\u00f0ir (Lemuria, Parentalia) fylgja s\u00f6mu obolus-reglunni. Virgill festir Karon r\u00e6kilega \u00ed latneskum b\u00f3kmenntum og gerir hann a\u00f0 <span class=\"iwg-fachbegriff\" data-tooltip=\"T\u00e1kn sem stendur fyrir \u00e1kve\u00f0na hugmynd e\u00f0a merkingu.\" tabindex=\"0\">t\u00e1kni<\/span> hinna v\u00e6g\u00f0arlausu skila milli \u00feessa heims og hins.<\/p><h3>Etr\u00fask\u00edsk hef\u00f0<\/h3><em>Charun<\/em> er \u00e1r\u00e1sargjarnari, oft s\u00fdndur me\u00f0 kl\u00f3ra, sn\u00e1k og hamar, minna ferjuma\u00f0ur en var\u00f0ma\u00f0ur og hegnandi. Etr\u00fask\u00edsk sark\u00f3fagsl\u00e1gmyndir s\u00fdna hann oft \u00ed senum um afhendingu s\u00e1lna, oft \u00ed f\u00e9lagsskap annarra undirheimadj\u00f6fla. Etr\u00fask t\u00falkun haf\u00f0i \u00e1hrif \u00e1 s\u00ed\u00f0ari r\u00f3mverska hugmynd um undirheimana.<p><strong>Mes\u00f3p\u00f3tam\u00edsk hef\u00f0:<\/strong> An-na, akkad\u00edski ferjuma\u00f0ur undirheimanna, hefur svipa\u00f0a virkni. Efni\u00f0 er \u00fe\u00f3 f\u00e1t\u00e6klega var\u00f0veitt og engin bein s\u00f6guleg \u00e1hrif eru sta\u00f0fest. Virknilega s\u00e9\u00f0 er \u00feetta hi\u00f0 sama: flj\u00f3t skilur r\u00edkin a\u00f0, ferjuma\u00f0ur g\u00e6tir landam\u00e6ranna.<\/p><p><strong>Egypsk hef\u00f0:<\/strong> Egypskur flutningur hinna d\u00e1nu var grundvallar\u00f3l\u00edkur: s\u00e1lin var flutt me\u00f0 s\u00f3larb\u00e1tnum, ekki einf\u00f6ldum b\u00e1ti. An\u00fabis sem fylgdarma\u00f0ur s\u00e1lna er l\u00edkari Hermesi Psychopompos. S\u00ed\u00f0ari gr\u00edsk-egypsk samruni (t.d. \u00ed gr\u00edsk-r\u00f3mverskri Egyptalandi) s\u00fdnir \u00fe\u00f3 bl\u00f6ndun: Karon var \u00fe\u00e1 skilinn sem jafngildi An\u00fabis.<\/p><p><strong>Germ\u00f6nsk hef\u00f0:<\/strong> Hel, h\u00fasfreyja undirheimanna, flytur hina d\u00e1nu, en \u00e1n sj\u00e1lfst\u00e6\u00f0s ferjumanns. Efni\u00f0 er f\u00e1t\u00e6klegt; Karon-l\u00edkar pers\u00f3nur eru ekki greinilega sta\u00f0festar \u00ed norr\u00e6nni <span class=\"iwg-fachbegriff\" data-tooltip=\"\u00c1framsend \u00feekking og fr\u00e1sagnir milli kynsl\u00f3\u00f0a.\" tabindex=\"0\">munnm\u00e6lahef\u00f0<\/span>.<\/p><p><strong>Sjaman\u00edskar og as\u00edskar hef\u00f0ir:<\/strong> Margar menningarheimar hafa flj\u00f3ta-ferjumenn e\u00f0a grafir sem gegna svipu\u00f0u hlutverki landam\u00e6ra (jap\u00f6nsk <span class=\"iwg-fachbegriff\" data-tooltip=\"Heild go\u00f0sagna sem var\u00f0veitt hafa veri\u00f0 \u00ed \u00e1kve\u00f0inni menningu.\" tabindex=\"0\">go\u00f0afr\u00e6\u00f0i<\/span>, ta\u00f3\u00edsk undirheimaarkitekt\u00far). Bein tengsl eru vangaveltur, en <span class=\"iwg-fachbegriff\" data-tooltip=\"Endurteki\u00f0 innihaldslegt atri\u00f0i \u00ed list e\u00f0a fr\u00e1s\u00f6gn.\" tabindex=\"0\">minni\u00f0<\/span> \u201elandam\u00e6ri = flj\u00f3t, ferjuma\u00f0ur = var\u00f0ma\u00f0ur reglna&#8220; er algilt.<\/p>\t\t\t\t\t\t\t\t<\/div>\n\t\t\t\t<\/div>\n\t\t\t\t\t<\/div>\n\t\t\t\t<\/div>\n\t\t<div class=\"elementor-element elementor-element-cp9bb9e41 e-flex e-con-boxed e-con e-parent\" data-id=\"cp9bb9e41\" data-element_type=\"container\" data-e-type=\"container\">\n\t\t\t\t\t<div class=\"e-con-inner\">\n\t\t\t\t<div class=\"elementor-element elementor-element-cp1d46d0b elementor-widget elementor-widget-heading\" data-id=\"cp1d46d0b\" data-element_type=\"widget\" data-e-type=\"widget\" data-widget_type=\"heading.default\">\n\t\t\t\t\t<h2 class=\"elementor-heading-title elementor-size-default\">Obolusinn: mynt \u00ed munni hinna d\u00e1nu<\/h2>\t\t\t\t<\/div>\n\t\t<div class=\"elementor-element elementor-element-cpbb217de e-con-full e-flex e-con e-child\" data-id=\"cpbb217de\" data-element_type=\"container\" data-e-type=\"container\">\n\t\t\t\t<div class=\"elementor-element elementor-element-cpb9aa08b elementor-widget elementor-widget-text-editor\" data-id=\"cpb9aa08b\" data-element_type=\"widget\" data-e-type=\"widget\" data-widget_type=\"text-editor.default\">\n\t\t\t\t\t\t\t\t\t<p>Ein af \u00feekktustu greftrunarsi\u00f0um hins forna heims tengist Karon (Charon), s\u00e1 a\u00f0 leggja mynt \u00ed gr\u00f6fina sem ferjugjald.<\/p><p>Rita\u00f0ar heimildir, fr\u00e1 gamanleik Arist\u00f3fanesar <em>Froskarnir<\/em> til L\u00fak\u00edanosar, tala um <em>naulon<\/em> e\u00f0a <em>danak\u0113<\/em>, f\u00e9\u00f0 sem Karon kraf\u00f0ist fyrir yfirfer\u00f0ina yfir undirheimaflj\u00f3tin. S\u00e1 sem ekki gat greitt var\u00f0, samkv\u00e6mt tr\u00fanni, a\u00f0 dvelja \u00e1 bakkanum.<\/p><p>Fornleifafr\u00e6\u00f0ilegar v\u00edsbendingar eru \u00fe\u00f3 margbrotnari en vins\u00e6l hugmyndin um \u201emyntina undir tungunni&#8220; gefur til kynna. Myntir \u00ed gr\u00f6fum finnast \u00ed hinum gr\u00edska heimi fr\u00e1 klass\u00edskum t\u00edma, en langt fr\u00e1 \u00fev\u00ed alls sta\u00f0ar. \u00de\u00e6r liggja \u00fdmist \u00ed munni, \u00ed hendi e\u00f0a \u00e1 v\u00ed\u00f0 og dreif \u00ed gr\u00f6finni.<\/p><p>\u00cd sumum sv\u00e6\u00f0um og t\u00edmabilum er si\u00f0urinn algengur, \u00ed \u00f6\u00f0rum n\u00e6r \u00f3\u00feekktur. Ranns\u00f3knir, me\u00f0al annars verk Susan Stevens, hafa s\u00fdnt a\u00f0 of \u00fer\u00f6ngt er a\u00f0 t\u00falka hverja einustu mynt sem grei\u00f0slu til Karons. Myntir g\u00e1tu l\u00edka borist \u00ed gr\u00f6fina sem ver\u00f0m\u00e6ti, verndart\u00e1kn e\u00f0a af \u00f6\u00f0rum \u00e1st\u00e6\u00f0um.<\/p><p>Tengslin standa \u00fe\u00f3 enn. B\u00f3kmenntaarfleif\u00f0in og hluti fornleifafundanna sty\u00f0ja hvort anna\u00f0. Si\u00f0urinn breiddist nokku\u00f0 \u00fat \u00e1 r\u00f3mverskum t\u00edma og haf\u00f0i \u00e1hrif fram \u00e1 <span class=\"iwg-fachbegriff\" data-tooltip=\"Umbrotaskei\u00f0 milli fornaldar og mi\u00f0alda, um 3. til 7. \u00f6ld.\" tabindex=\"0\">s\u00ed\u00f0forn\u00f6ld<\/span>.<\/p><p>Fyrir tr\u00faarbrag\u00f0as\u00f6gu er \u00feetta l\u00e6rd\u00f3msr\u00edkt: \u00fea\u00f0 s\u00fdnir hvernig s\u00f6g\u00f0 hugmynd og efnisleg i\u00f0kun styrkja hvor a\u00f0ra \u00e1n \u00feess a\u00f0 i\u00f0kunin fylgi fr\u00e1s\u00f6gninni a\u00f0 fullu og einsleitt. Gj\u00e1in milli <span class=\"iwg-fachbegriff\" data-tooltip=\"Munnm\u00e6lasaga um gu\u00f0i, uppruna og skipulag heimsins.\" tabindex=\"0\">go\u00f0sagnar<\/span> og fundargagna er h\u00e9r sj\u00e1lf ranns\u00f3knarefni.<\/p>\t\t\t\t\t\t\t\t<\/div>\n\t\t\t\t<\/div>\n\t\t\t\t\t<\/div>\n\t\t\t\t<\/div>\n\t\t<div class=\"elementor-element elementor-element-cp6c42b5a e-flex e-con-boxed e-con e-parent\" data-id=\"cp6c42b5a\" data-element_type=\"container\" data-e-type=\"container\">\n\t\t\t\t\t<div class=\"e-con-inner\">\n\t\t\t\t<div class=\"elementor-element elementor-element-cp7c17871 elementor-widget elementor-widget-heading\" data-id=\"cp7c17871\" data-element_type=\"widget\" data-e-type=\"widget\" data-widget_type=\"heading.default\">\n\t\t\t\t\t<h2 class=\"elementor-heading-title elementor-size-default\">Myndlist: fr\u00e1 hrj\u00fafum \u00f6ldungi til v\u00e6ngja\u00f0s dj\u00f6fuls<\/h2>\t\t\t\t<\/div>\n\t\t<div class=\"elementor-element elementor-element-cp480c280 e-con-full e-flex e-con e-child\" data-id=\"cp480c280\" data-element_type=\"container\" data-e-type=\"container\">\n\t\t\t\t<div class=\"elementor-element elementor-element-cpa5d097e elementor-widget elementor-widget-text-editor\" data-id=\"cpa5d097e\" data-element_type=\"widget\" data-e-type=\"widget\" data-widget_type=\"text-editor.default\">\n\t\t\t\t\t\t\t\t\t<p>\u00c1s\u00fdnd Karons breyttist verulega \u00ed t\u00edmans r\u00e1s \u00e1 <span class=\"iwg-fachbegriff\" data-tooltip=\"T\u00edmabil gr\u00edskrar og r\u00f3mverskrar menningar, um 800 f.Kr. til 600 e.Kr.\" tabindex=\"0\">forn\u00f6ld<\/span>. \u00c1 gr\u00edskri vasam\u00e1lun 5. og 4. aldar fyrir Krist, s\u00e9rstaklega \u00e1 hv\u00edtgrunnu\u00f0um <em>lekythos<\/em>-v\u00f6sum, birtist hann sem skeggja\u00f0ur, oft f\u00e1t\u00e6klega kl\u00e6ddur ferjuma\u00f0ur me\u00f0 \u00e1r e\u00f0a staf, sem b\u00ed\u00f0ur \u00ed litlum b\u00e1t vi\u00f0 sefbakkann.<\/p><p>Hann er \u00f6nugur en ekki eiginlega \u00f3gnvekjandi, l\u00edkist meira \u00ferj\u00f3skum handverksmanni handan grafar.<\/p><p>Etr\u00far\u00edsk hef\u00f0 mynda\u00f0i \u00far \u00feessu allt a\u00f0ra mynd. Etr\u00far\u00edski dau\u00f0adj\u00f6fullinn <em>Charun<\/em>, en nafn hans er skylt gr\u00edska nafninu Karon, birtist \u00e1 veggm\u00e1lverkum \u00ed etr\u00far\u00edskum gr\u00f6fum og \u00e1 \u00f6sku\u00f6skjum sem \u00f3gnandi vera me\u00f0 st\u00f3ra hamar, sums sta\u00f0ar me\u00f0 d\u00fdraeyrum, bl\u00e1rri e\u00f0a f\u00f6lri h\u00fa\u00f0 og h\u00f6ggormum.<\/p><p>Hann er ekki einfaldur ferjuma\u00f0ur heldur ofsafenginn f\u00f6runautur hinna dau\u00f0u.<\/p><p>\u00c1 r\u00f3mverska keisarat\u00edmanum sameinu\u00f0ust b\u00e1\u00f0ar hef\u00f0irnar. Hugmyndin um v\u00e6ngja\u00f0an e\u00f0a dj\u00f6fullegan dau\u00f0aandi, oft kalla\u00f0ur <em>Charun<\/em>, lif\u00f0i \u00e1fram \u00e1 \u00cdtal\u00edu, me\u00f0an b\u00f3kmenntamenningin \u00feekkti hinn virgil\u00edska Karon.<\/p><p>Virgill l\u00fdsir honum \u00ed sj\u00f6tta b\u00f3k <em>Eneasarkvi\u00f0u<\/em> sem <em>terribili squalore<\/em>, af hr\u00e6\u00f0ilegum s\u00f3\u00f0a, me\u00f0 eldheitum augum og \u00f3raku\u00f0u skeggi, \u00f6ldungi af h\u00f6r\u00f0um, hrj\u00fafum aldri.<\/p><p>\u00deessi l\u00fdsing var\u00f0 hin r\u00e1\u00f0andi mynd \u00ed Evr\u00f3pu mi\u00f0alda og n\u00fdaldar. Dante ger\u00f0i Karon \u00ed \u00feri\u00f0ja s\u00f6ng <em>Inferno<\/em> a\u00f0 fyrsta ver\u00f0inum sem syndararnir m\u00e6ta. \u00deannig m\u00e1 rekja umbreytinguna fr\u00e1 \u00fe\u00f6glum vasaferjumanni til dj\u00f6fullegs \u00f6ldungs yfir n\u00e6rri tv\u00f6 \u00e1r\u00fe\u00fasund.<\/p>\t\t\t\t\t\t\t\t<\/div>\n\t\t\t\t<\/div>\n\t\t\t\t\t<\/div>\n\t\t\t\t<\/div>\n\t\t<div class=\"elementor-element elementor-element-cped5c2f9 e-flex e-con-boxed e-con e-parent\" data-id=\"cped5c2f9\" data-element_type=\"container\" data-e-type=\"container\">\n\t\t\t\t\t<div class=\"e-con-inner\">\n\t\t\t\t<div class=\"elementor-element elementor-element-cp563ebea elementor-widget elementor-widget-heading\" data-id=\"cp563ebea\" data-element_type=\"widget\" data-e-type=\"widget\" data-widget_type=\"heading.default\">\n\t\t\t\t\t<h2 class=\"elementor-heading-title elementor-size-default\">Sta\u00f0a Karons \u00ed landafr\u00e6\u00f0i undirheimanna<\/h2>\t\t\t\t<\/div>\n\t\t<div class=\"elementor-element elementor-element-cp9e2a023 e-con-full e-flex e-con e-child\" data-id=\"cp9e2a023\" data-element_type=\"container\" data-e-type=\"container\">\n\t\t\t\t<div class=\"elementor-element elementor-element-cp7c69dbe elementor-widget elementor-widget-text-editor\" data-id=\"cp7c69dbe\" data-element_type=\"widget\" data-e-type=\"widget\" data-widget_type=\"text-editor.default\">\n\t\t\t\t\t\t\t\t\t<p>Karon er ekki h\u00f6f\u00f0ingi r\u00edkis hinna dau\u00f0u, heldur emb\u00e6ttisma\u00f0ur \u00ed st\u00e6rra kerfi. Yfir honum stendur Hades, gu\u00f0 undirheimanna, sem \u00e1 r\u00edki\u00f0.<\/p><p>Verksvi\u00f0 Karons er landfr\u00e6\u00f0ilega afmarka\u00f0: hann flytur s\u00e1lirnar yfir vatni\u00f0 sem skilur heim hinna lifandi fr\u00e1 heimi hinna dau\u00f0u. Heimildirnar nefna, allt eftir samhengi, Akeron, Styx e\u00f0a K\u00f3k\u00fdtos sem flj\u00f3ti\u00f0 sem hann siglir.<\/p><p>Handan vatnsins l\u00fdkur hlutverki hans. \u00dear vaktar \u00fer\u00edh\u00f6f\u00f0a hundurinn <a href=\"https:\/\/iwell-guard.com\/is\/?page_id=169031\">Kerberos<\/a> hli\u00f0i\u00f0, og innar d\u00e6ma d\u00f3marar hinna dau\u00f0u, Minos, Rhadamanthys og Aiakos, um framhaldi\u00f0 fyrir s\u00e1lina. Karon d\u00e6mir ekki, hann velur ekki, hann flytur.<\/p><p>Eina skilyr\u00f0i hans er formlegs e\u00f0lis: hinn dau\u00f0i \u00fearf a\u00f0 vera grafinn me\u00f0 r\u00e9ttum h\u00e6tti og geta framv\u00edsa\u00f0 ferjugjaldinu. \u00d3grafnar e\u00f0a f\u00e9lausar s\u00e1lir v\u00edsar hann fr\u00e1, sem l\u00fdst er \u00e1 \u00e1hrifamikinn h\u00e1tt \u00ed <em>Eneasarkvi\u00f0u<\/em>, \u00fear sem skuggarnir \u00ferengjast vi\u00f0 bakkann og a\u00f0eins \u00feeir sem grafnir hafa veri\u00f0 f\u00e1 a\u00f0 fara yfir.<\/p><p>\u00deetta afmarka\u00f0a hlutverk hefur tr\u00faarbrag\u00f0as\u00f6gulega merkingu. Karon t\u00e1knar \u00fer\u00f6skuldinn sem sl\u00edkan, sj\u00e1lfa yfirf\u00e6rsluna, sem heyrir hvorki alveg til heims hinna lifandi n\u00e9 heims hinna dau\u00f0u.<\/p><p>A\u00f0 s\u00e9rst\u00f6k vera sj\u00e1i um \u00feetta eina skref s\u00fdnir hversu n\u00e1kv\u00e6mlega gr\u00edska hugmyndaheimurinn skipti dau\u00f0anum \u00ed \u00e1fanga. Dau\u00f0inn var ekki augnablik heldur lei\u00f0 me\u00f0 \u00e1f\u00f6ngum, og Karon g\u00e6tti hins mikilv\u00e6gasta \u00feeirra, vatnsl\u00ednunnar milli h\u00e9r og handan.<\/p>\t\t\t\t\t\t\t\t<\/div>\n\t\t\t\t<\/div>\n\t\t\t\t\t<\/div>\n\t\t\t\t<\/div>\n\t\t<div class=\"elementor-element elementor-element-36dd7469 e-flex e-con-boxed e-con e-parent\" data-id=\"36dd7469\" data-element_type=\"container\" data-e-type=\"container\">\n\t\t\t\t\t<div class=\"e-con-inner\">\n\t\t\t\t<div class=\"elementor-element elementor-element-13760ab4 elementor-widget elementor-widget-heading\" data-id=\"13760ab4\" data-element_type=\"widget\" data-e-type=\"widget\" data-widget_type=\"heading.default\">\n\t\t\t\t\t<h2 class=\"elementor-heading-title elementor-size-default\">\u00cdtarefni og tenglar<\/h2>\t\t\t\t<\/div>\n\t\t<div class=\"elementor-element elementor-element-28c87796 e-con-full e-flex e-con e-child\" data-id=\"28c87796\" data-element_type=\"container\" data-e-type=\"container\">\n\t\t\t\t<div class=\"elementor-element elementor-element-5d6538df elementor-widget elementor-widget-text-editor\" data-id=\"5d6538df\" data-element_type=\"widget\" data-e-type=\"widget\" data-widget_type=\"text-editor.default\">\n\t\t\t\t\t\t\t\t\t<ul><li><a href=\"https:\/\/iwell-guard.com\/is\/?page_id=168716\">Hades, h\u00f6f\u00f0ingi r\u00edkis hinna dau\u00f0u, sem Karon ferjar til<\/a><\/li><li><a href=\"https:\/\/iwell-guard.com\/is\/?page_id=168750\">Persef\u00f3na, drottning undirheimanna<\/a><\/li><li><a href=\"https:\/\/iwell-guard.com\/is\/?page_id=168784\">Hermes Psychopompos, afhendir hina dau\u00f0u til Karons<\/a><\/li><li><a href=\"https:\/\/iwell-guard.com\/is\/?page_id=168717\">Anubis, egypskur fylgdarma\u00f0ur hinna dau\u00f0u<\/a><\/li><li><a href=\"https:\/\/iwell-guard.com\/is\/?page_id=168594\">Grikkland, yfirlit yfir go\u00f0aheim<\/a><\/li><li><a href=\"https:\/\/iwell-guard.com\/is\/?page_id=168709\">Dau\u00f0agu\u00f0ir, undirflokkur<\/a><\/li><\/ul>\t\t\t\t\t\t\t\t<\/div>\n\t\t\t\t<\/div>\n\t\t\t\t\t<\/div>\n\t\t\t\t<\/div>\n\t\t<div class=\"elementor-element elementor-element-grl4kl40 e-flex e-con-boxed e-con e-parent\" data-id=\"grl4kl40\" data-element_type=\"container\" data-e-type=\"container\">\n\t\t\t\t\t<div class=\"e-con-inner\">\n\t\t\t\t<div class=\"elementor-element elementor-element-bzsbfrmh elementor-widget elementor-widget-heading\" data-id=\"bzsbfrmh\" data-element_type=\"widget\" data-e-type=\"widget\" data-widget_type=\"heading.default\">\n\t\t\t\t\t<h2 class=\"elementor-heading-title elementor-size-default\">Heimildir (\u00farval)<\/h2>\t\t\t\t<\/div>\n\t\t<div class=\"elementor-element elementor-element-2c13224a e-con-full e-flex e-con e-child\" data-id=\"2c13224a\" data-element_type=\"container\" data-e-type=\"container\">\n\t\t\t\t<div class=\"elementor-element elementor-element-0eymh9ub elementor-widget elementor-widget-text-editor\" data-id=\"0eymh9ub\" data-element_type=\"widget\" data-e-type=\"widget\" data-widget_type=\"text-editor.default\">\n\t\t\t\t\t\t\t\t\t<footer class=\"iwg-literatur\" data-nosnippet=\"true\"><ul><li><span data-nosnippet>Sourvinou-Inwood, Christiane: <em>&#8222;Reading&#8220; Greek Death. To the End of the Classical Period<\/em>. Oxford 1995.<\/span><\/li><li><span data-nosnippet>Garland, Robert: <em>The Greek Way of Death<\/em>. London 1985.<\/span><\/li><li><span data-nosnippet>Stevens, Susan T.: <em>Charon&rsquo;s Obol and Other Coins in Ancient Funerary Practice<\/em>. \u00cd: <em>Ph\u00f6nix<\/em> 45 (1991).<\/span><\/li><li>Virgill: <em>Eneasarkvi\u00f0a<\/em>, VI. b\u00f3k.<\/li><li>Arist\u00f3fanes: <em>Froskarnir<\/em>.<\/li><li>Walde, Christine (ritstj.): <em>Der Neue Pauly<\/em> (uppslagsor\u00f0i\u00f0 \u201eCharon&#8220;).<\/li><\/ul><\/footer>\t\t\t\t\t\t\t\t<\/div>\n\t\t\t\t<\/div>\n\t\t\t\t\t<\/div>\n\t\t\t\t<\/div>\n\t\t\t\t<\/div>\n\t\t","protected":false},"excerpt":{"rendered":"","protected":false},"author":3,"featured_media":1580,"parent":0,"menu_order":0,"comment_status":"closed","ping_status":"closed","template":"elementor_header_footer","meta":{"_yoast_wpseo_focuskw":"Charon","_yoast_wpseo_title":"Charon \u2013 ferjuma\u00f0ur undirheimanna","_yoast_wpseo_metadesc":"Charon: obolus-gjaldi\u00f0, uppruni hans, \u00fatlit og hlutverk \u00ed fylgd hinna dau\u00f0u. Yfirlit yfir hli\u00f0st\u00e6\u00f0ur \u00ed \u00f6\u00f0rum menningarheimum.","_yoast_wpseo_meta-robots-noindex":"","_yoast_wpseo_canonical":"","_angie_page":false,"gefaehrdungsstufe":"2","wesen_kultur":"griechenland","wesen_klasse":"goetter","footnotes":""},"categories":[],"class_list":["post-168721","page","type-page","status-publish","has-post-thumbnail","hentry"],"yoast_head":"<!-- This site is optimized with the Yoast SEO Premium plugin v27.7 (Yoast SEO v28.3) - https:\/\/yoast.com\/product\/yoast-seo-premium-wordpress\/ -->\n<title>Charon \u2013 ferjuma\u00f0ur undirheimanna<\/title>\n<meta name=\"description\" content=\"Charon: obolus-gjaldi\u00f0, uppruni hans, \u00fatlit og hlutverk \u00ed fylgd hinna dau\u00f0u. Yfirlit yfir hli\u00f0st\u00e6\u00f0ur \u00ed \u00f6\u00f0rum menningarheimum.\" \/>\n<meta name=\"robots\" content=\"index, follow, max-snippet:-1, max-image-preview:large, max-video-preview:-1\" \/>\n<link rel=\"canonical\" href=\"https:\/\/iwell-guard.com\/is\/charon\/\" \/>\n<meta property=\"og:locale\" content=\"is_IS\" \/>\n<meta property=\"og:type\" content=\"article\" \/>\n<meta property=\"og:title\" content=\"Charon\" \/>\n<meta property=\"og:description\" content=\"Charon: obolus-gjaldi\u00f0, uppruni hans, \u00fatlit og hlutverk \u00ed fylgd hinna dau\u00f0u. Yfirlit yfir hli\u00f0st\u00e6\u00f0ur \u00ed \u00f6\u00f0rum menningarheimum.\" \/>\n<meta property=\"og:url\" content=\"https:\/\/iwell-guard.com\/is\/charon\/\" \/>\n<meta property=\"og:site_name\" content=\"iWell Guard\" \/>\n<meta property=\"article:modified_time\" content=\"2026-09-05T14:17:46+00:00\" \/>\n<meta property=\"og:image\" content=\"https:\/\/iwell-guard.com\/wp-content\/uploads\/2026\/04\/goetter_griechenland_charon.webp\" \/>\n\t<meta property=\"og:image:width\" content=\"1024\" \/>\n\t<meta property=\"og:image:height\" content=\"1536\" \/>\n\t<meta property=\"og:image:type\" content=\"image\/webp\" \/>\n<meta name=\"twitter:card\" content=\"summary_large_image\" \/>\n<script type=\"application\/ld+json\" class=\"yoast-schema-graph\">{\"@context\":\"https:\\\/\\\/schema.org\",\"@graph\":[{\"@type\":\"WebPage\",\"@id\":\"https:\\\/\\\/iwell-guard.com\\\/is\\\/charon\\\/\",\"url\":\"https:\\\/\\\/iwell-guard.com\\\/is\\\/charon\\\/\",\"name\":\"Charon \u2013 ferjuma\u00f0ur undirheimanna\",\"isPartOf\":{\"@id\":\"https:\\\/\\\/iwell-guard.com\\\/is\\\/#website\"},\"primaryImageOfPage\":{\"@id\":\"https:\\\/\\\/iwell-guard.com\\\/is\\\/charon\\\/#primaryimage\"},\"image\":{\"@id\":\"https:\\\/\\\/iwell-guard.com\\\/is\\\/charon\\\/#primaryimage\"},\"thumbnailUrl\":\"https:\\\/\\\/iwell-guard.com\\\/wp-content\\\/uploads\\\/2026\\\/04\\\/goetter_griechenland_charon.webp\",\"datePublished\":\"2026-09-05T14:02:26+00:00\",\"dateModified\":\"2026-09-05T14:17:46+00:00\",\"description\":\"Charon: obolus-gjaldi\u00f0, uppruni hans, \u00fatlit og hlutverk \u00ed fylgd hinna dau\u00f0u. Yfirlit yfir hli\u00f0st\u00e6\u00f0ur \u00ed \u00f6\u00f0rum menningarheimum.\",\"breadcrumb\":{\"@id\":\"https:\\\/\\\/iwell-guard.com\\\/is\\\/charon\\\/#breadcrumb\"},\"inLanguage\":\"is\",\"potentialAction\":[{\"@type\":\"ReadAction\",\"target\":[\"https:\\\/\\\/iwell-guard.com\\\/is\\\/charon\\\/\"]}]},{\"@type\":\"ImageObject\",\"inLanguage\":\"is\",\"@id\":\"https:\\\/\\\/iwell-guard.com\\\/is\\\/charon\\\/#primaryimage\",\"url\":\"https:\\\/\\\/iwell-guard.com\\\/wp-content\\\/uploads\\\/2026\\\/04\\\/goetter_griechenland_charon.webp\",\"contentUrl\":\"https:\\\/\\\/iwell-guard.com\\\/wp-content\\\/uploads\\\/2026\\\/04\\\/goetter_griechenland_charon.webp\",\"width\":1024,\"height\":1536,\"caption\":\"Gu\u00f0ir \u00far gr\u00edskri hef\u00f0.\"},{\"@type\":\"BreadcrumbList\",\"@id\":\"https:\\\/\\\/iwell-guard.com\\\/is\\\/charon\\\/#breadcrumb\",\"itemListElement\":[{\"@type\":\"ListItem\",\"position\":1,\"name\":\"Start\",\"item\":\"https:\\\/\\\/iwell-guard.com\\\/is\\\/?page_id=168580\"},{\"@type\":\"ListItem\",\"position\":2,\"name\":\"Charon\"}]},{\"@type\":\"WebSite\",\"@id\":\"https:\\\/\\\/iwell-guard.com\\\/is\\\/#website\",\"url\":\"https:\\\/\\\/iwell-guard.com\\\/is\\\/\",\"name\":\"iWell Guard\",\"description\":\"Schutz vor dunklen Einfl\u00fcssen\",\"publisher\":{\"@id\":\"https:\\\/\\\/iwell-guard.com\\\/is\\\/#organization\"},\"potentialAction\":[{\"@type\":\"SearchAction\",\"target\":{\"@type\":\"EntryPoint\",\"urlTemplate\":\"https:\\\/\\\/iwell-guard.com\\\/is\\\/?s={search_term_string}\"},\"query-input\":{\"@type\":\"PropertyValueSpecification\",\"valueRequired\":true,\"valueName\":\"search_term_string\"}}],\"inLanguage\":\"is\"},{\"@type\":\"Organization\",\"@id\":\"https:\\\/\\\/iwell-guard.com\\\/is\\\/#organization\",\"name\":\"Ittermann electronic GmbH\",\"url\":\"https:\\\/\\\/iwell-guard.com\\\/is\\\/\",\"logo\":{\"@type\":\"ImageObject\",\"inLanguage\":\"is\",\"@id\":\"https:\\\/\\\/iwell-guard.com\\\/is\\\/#\\\/schema\\\/logo\\\/image\\\/\",\"url\":\"https:\\\/\\\/iwell-guard.com\\\/wp-content\\\/uploads\\\/2026\\\/05\\\/Ittermann-Logo-1182x237-1.png\",\"contentUrl\":\"https:\\\/\\\/iwell-guard.com\\\/wp-content\\\/uploads\\\/2026\\\/05\\\/Ittermann-Logo-1182x237-1.png\",\"width\":1182,\"height\":237,\"caption\":\"Ittermann electronic GmbH\"},\"image\":{\"@id\":\"https:\\\/\\\/iwell-guard.com\\\/is\\\/#\\\/schema\\\/logo\\\/image\\\/\"},\"sameAs\":[\"https:\\\/\\\/pantip.com\\\/profile\\\/9367242\",\"https:\\\/\\\/micro.blog\\\/iwellguard\",\"https:\\\/\\\/www.diggerslist.com\\\/iwellguard\\\/about\",\"https:\\\/\\\/skitterphoto.com\\\/photographers\\\/2870314\\\/iwell-guard\",\"https:\\\/\\\/iwellguard.wordpress.com\\\/2026\\\/06\\\/06\\\/iwell-guard\\\/\",\"https:\\\/\\\/hub.docker.com\\\/u\\\/iwellguard\",\"https:\\\/\\\/www.pinterest.com\\\/iwellguard\\\/\",\"https:\\\/\\\/bit.ly\\\/m\\\/iwellguard\",\"https:\\\/\\\/entre-vos-mains.alsace.eu\\\/profiles\\\/iwellguard\\\/activity\",\"https:\\\/\\\/gravatar.com\\\/reallybeded8fd34\",\"https:\\\/\\\/naijamatta.com\\\/iwellguard\",\"https:\\\/\\\/www.goodreads.com\\\/iwellguard\",\"https:\\\/\\\/profile.hatena.ne.jp\\\/iwellguard\\\/\",\"https:\\\/\\\/experiment.com\\\/users\\\/iwellguard\",\"https:\\\/\\\/wakelet.com\\\/@iWellGuard82270\",\"https:\\\/\\\/www.chordie.com\\\/forum\\\/profile.php?id=2555664\",\"https:\\\/\\\/www.instapaper.com\\\/p\\\/17757966\",\"https:\\\/\\\/www.mapleprimes.com\\\/users\\\/iwellguard\",\"https:\\\/\\\/businesslistingplus.com\\\/profile\\\/iwell-guard\\\/\",\"https:\\\/\\\/telegra.ph\\\/iWell-Guard-06-06\",\"https:\\\/\\\/pbase.com\\\/iwellguard\\\/iwellguard\",\"https:\\\/\\\/b.hatena.ne.jp\\\/iwellguard\\\/20260607#bookmark-4788405196491818882\",\"https:\\\/\\\/fliphtml5.com\\\/home\\\/iwellguard\",\"https:\\\/\\\/anyflip.com\\\/homepage\\\/cmiwl#About\",\"https:\\\/\\\/transfur.com\\\/Users\\\/iwellguard\",\"http:\\\/\\\/delphi.larsbo.org\\\/user\\\/iwellguard\",\"https:\\\/\\\/jobs.lajobsportal.org\\\/profiles\\\/8380803-iwell-guard\",\"https:\\\/\\\/md.chaosdorf.de\\\/s\\\/jfbe5SBdJD\",\"https:\\\/\\\/www.lingvolive.com\\\/en-us\\\/profile\\\/9ecaeaca-ce11-4e51-9e71-01d55e2bff36\\\/translations\",\"https:\\\/\\\/www.fitday.com\\\/fitness\\\/forums\\\/members\\\/iwellguard.html\",\"https:\\\/\\\/www.mymeetbook.com\\\/iwellguard\",\"https:\\\/\\\/pxhere.com\\\/en\\\/photographer-me\\\/5040798\",\"https:\\\/\\\/disqus.com\\\/by\\\/iwellguard\\\/about\\\/\",\"https:\\\/\\\/pastelink.net\\\/hjwciqwq\",\"https:\\\/\\\/pubhtml5.com\\\/homepage\\\/scjhn\\\/\",\"https:\\\/\\\/www.bitchute.com\\\/channel\\\/2O2eOKzNqujT\",\"https:\\\/\\\/audiomack.com\\\/iwellguard\"]},{\"@type\":\"Article\",\"@id\":\"https:\\\/\\\/iwell-guard.com\\\/is\\\/charon\\\/#article\",\"isPartOf\":{\"@id\":\"https:\\\/\\\/iwell-guard.com\\\/is\\\/charon\\\/\"},\"author\":{\"name\":\"Ralf Ittermann\",\"@id\":\"https:\\\/\\\/iwell-guard.com\\\/is\\\/#\\\/schema\\\/person\\\/ee2a27f1cac3406c7c6fb5820cb7349f\"},\"headline\":\"Charon\",\"datePublished\":\"2026-09-05T14:02:26+00:00\",\"dateModified\":\"2026-09-05T14:17:46+00:00\",\"mainEntityOfPage\":{\"@id\":\"https:\\\/\\\/iwell-guard.com\\\/is\\\/charon\\\/\"},\"publisher\":{\"@id\":\"https:\\\/\\\/iwell-guard.com\\\/is\\\/#organization\"},\"image\":{\"@id\":\"https:\\\/\\\/iwell-guard.com\\\/is\\\/charon\\\/#primaryimage\"},\"thumbnailUrl\":\"https:\\\/\\\/iwell-guard.com\\\/wp-content\\\/uploads\\\/2026\\\/04\\\/goetter_griechenland_charon.webp\",\"inLanguage\":\"is\",\"description\":\"Charon: obolus-gjaldi\u00f0, uppruni hans, \u00fatlit og hlutverk \u00ed fylgd hinna dau\u00f0u. Yfirlit yfir hli\u00f0st\u00e6\u00f0ur \u00ed \u00f6\u00f0rum menningarheimum.\"}]}<\/script>\n<!-- \/ Yoast SEO Premium plugin. -->","yoast_head_json":{"title":"Charon \u2013 ferjuma\u00f0ur undirheimanna","description":"Charon: obolus-gjaldi\u00f0, uppruni hans, \u00fatlit og hlutverk \u00ed fylgd hinna dau\u00f0u. Yfirlit yfir hli\u00f0st\u00e6\u00f0ur \u00ed \u00f6\u00f0rum menningarheimum.","robots":{"index":"index","follow":"follow","max-snippet":"max-snippet:-1","max-image-preview":"max-image-preview:large","max-video-preview":"max-video-preview:-1"},"canonical":"https:\/\/iwell-guard.com\/is\/charon\/","og_locale":"is_IS","og_type":"article","og_title":"Charon","og_description":"Charon: obolus-gjaldi\u00f0, uppruni hans, \u00fatlit og hlutverk \u00ed fylgd hinna dau\u00f0u. Yfirlit yfir hli\u00f0st\u00e6\u00f0ur \u00ed \u00f6\u00f0rum menningarheimum.","og_url":"https:\/\/iwell-guard.com\/is\/charon\/","og_site_name":"iWell Guard","article_modified_time":"2026-09-05T14:17:46+00:00","og_image":[{"width":1024,"height":1536,"url":"https:\/\/iwell-guard.com\/wp-content\/uploads\/2026\/04\/goetter_griechenland_charon.webp","type":"image\/webp"}],"twitter_card":"summary_large_image","schema":{"@context":"https:\/\/schema.org","@graph":[{"@type":"Article","@id":"https:\/\/iwell-guard.com\/is\/charon\/#article","isPartOf":{"@id":"https:\/\/iwell-guard.com\/is\/charon\/"},"author":{"name":"Ralf Ittermann","@id":"https:\/\/iwell-guard.com\/is\/#\/schema\/person\/ee2a27f1cac3406c7c6fb5820cb7349f"},"headline":"Charon","datePublished":"2026-09-05T14:02:26+00:00","dateModified":"2026-09-05T14:17:46+00:00","mainEntityOfPage":{"@id":"https:\/\/iwell-guard.com\/is\/charon\/"},"publisher":{"@id":"https:\/\/iwell-guard.com\/is\/#organization"},"image":{"@id":"https:\/\/iwell-guard.com\/is\/charon\/#primaryimage"},"thumbnailUrl":"https:\/\/iwell-guard.com\/wp-content\/uploads\/2026\/04\/goetter_griechenland_charon.webp","inLanguage":"is","description":"Charon: obolus-gjaldi\u00f0, uppruni hans, \u00fatlit og hlutverk \u00ed fylgd hinna dau\u00f0u. Yfirlit yfir hli\u00f0st\u00e6\u00f0ur \u00ed \u00f6\u00f0rum menningarheimum."},{"@type":"WebPage","@id":"https:\/\/iwell-guard.com\/is\/charon\/","url":"https:\/\/iwell-guard.com\/is\/charon\/","name":"Charon \u2013 ferjuma\u00f0ur undirheimanna","isPartOf":{"@id":"https:\/\/iwell-guard.com\/is\/#website"},"primaryImageOfPage":{"@id":"https:\/\/iwell-guard.com\/is\/charon\/#primaryimage"},"image":{"@id":"https:\/\/iwell-guard.com\/is\/charon\/#primaryimage"},"thumbnailUrl":"https:\/\/iwell-guard.com\/wp-content\/uploads\/2026\/04\/goetter_griechenland_charon.webp","datePublished":"2026-09-05T14:02:26+00:00","dateModified":"2026-09-05T14:17:46+00:00","description":"Charon: obolus-gjaldi\u00f0, uppruni hans, \u00fatlit og hlutverk \u00ed fylgd hinna dau\u00f0u. Yfirlit yfir hli\u00f0st\u00e6\u00f0ur \u00ed \u00f6\u00f0rum menningarheimum.","breadcrumb":{"@id":"https:\/\/iwell-guard.com\/is\/charon\/#breadcrumb"},"inLanguage":"is","potentialAction":[{"@type":"ReadAction","target":["https:\/\/iwell-guard.com\/is\/charon\/"]}]},{"@type":"ImageObject","inLanguage":"is","@id":"https:\/\/iwell-guard.com\/is\/charon\/#primaryimage","url":"https:\/\/iwell-guard.com\/wp-content\/uploads\/2026\/04\/goetter_griechenland_charon.webp","contentUrl":"https:\/\/iwell-guard.com\/wp-content\/uploads\/2026\/04\/goetter_griechenland_charon.webp","width":1024,"height":1536,"caption":"Gu\u00f0ir \u00far gr\u00edskri hef\u00f0."},{"@type":"BreadcrumbList","@id":"https:\/\/iwell-guard.com\/is\/charon\/#breadcrumb","itemListElement":[{"@type":"ListItem","position":1,"name":"Start","item":"https:\/\/iwell-guard.com\/is\/?page_id=168580"},{"@type":"ListItem","position":2,"name":"Charon"}]},{"@type":"WebSite","@id":"https:\/\/iwell-guard.com\/is\/#website","url":"https:\/\/iwell-guard.com\/is\/","name":"iWell Guard","description":"Schutz vor dunklen Einfl\u00fcssen","publisher":{"@id":"https:\/\/iwell-guard.com\/is\/#organization"},"potentialAction":[{"@type":"SearchAction","target":{"@type":"EntryPoint","urlTemplate":"https:\/\/iwell-guard.com\/is\/?s={search_term_string}"},"query-input":{"@type":"PropertyValueSpecification","valueRequired":true,"valueName":"search_term_string"}}],"inLanguage":"is"},{"@type":"Organization","@id":"https:\/\/iwell-guard.com\/is\/#organization","name":"Ittermann electronic GmbH","url":"https:\/\/iwell-guard.com\/is\/","logo":{"@type":"ImageObject","inLanguage":"is","@id":"https:\/\/iwell-guard.com\/is\/#\/schema\/logo\/image\/","url":"https:\/\/iwell-guard.com\/wp-content\/uploads\/2026\/05\/Ittermann-Logo-1182x237-1.png","contentUrl":"https:\/\/iwell-guard.com\/wp-content\/uploads\/2026\/05\/Ittermann-Logo-1182x237-1.png","width":1182,"height":237,"caption":"Ittermann electronic GmbH"},"image":{"@id":"https:\/\/iwell-guard.com\/is\/#\/schema\/logo\/image\/"},"sameAs":["https:\/\/pantip.com\/profile\/9367242","https:\/\/micro.blog\/iwellguard","https:\/\/www.diggerslist.com\/iwellguard\/about","https:\/\/skitterphoto.com\/photographers\/2870314\/iwell-guard","https:\/\/iwellguard.wordpress.com\/2026\/06\/06\/iwell-guard\/","https:\/\/hub.docker.com\/u\/iwellguard","https:\/\/www.pinterest.com\/iwellguard\/","https:\/\/bit.ly\/m\/iwellguard","https:\/\/entre-vos-mains.alsace.eu\/profiles\/iwellguard\/activity","https:\/\/gravatar.com\/reallybeded8fd34","https:\/\/naijamatta.com\/iwellguard","https:\/\/www.goodreads.com\/iwellguard","https:\/\/profile.hatena.ne.jp\/iwellguard\/","https:\/\/experiment.com\/users\/iwellguard","https:\/\/wakelet.com\/@iWellGuard82270","https:\/\/www.chordie.com\/forum\/profile.php?id=2555664","https:\/\/www.instapaper.com\/p\/17757966","https:\/\/www.mapleprimes.com\/users\/iwellguard","https:\/\/businesslistingplus.com\/profile\/iwell-guard\/","https:\/\/telegra.ph\/iWell-Guard-06-06","https:\/\/pbase.com\/iwellguard\/iwellguard","https:\/\/b.hatena.ne.jp\/iwellguard\/20260607#bookmark-4788405196491818882","https:\/\/fliphtml5.com\/home\/iwellguard","https:\/\/anyflip.com\/homepage\/cmiwl#About","https:\/\/transfur.com\/Users\/iwellguard","http:\/\/delphi.larsbo.org\/user\/iwellguard","https:\/\/jobs.lajobsportal.org\/profiles\/8380803-iwell-guard","https:\/\/md.chaosdorf.de\/s\/jfbe5SBdJD","https:\/\/www.lingvolive.com\/en-us\/profile\/9ecaeaca-ce11-4e51-9e71-01d55e2bff36\/translations","https:\/\/www.fitday.com\/fitness\/forums\/members\/iwellguard.html","https:\/\/www.mymeetbook.com\/iwellguard","https:\/\/pxhere.com\/en\/photographer-me\/5040798","https:\/\/disqus.com\/by\/iwellguard\/about\/","https:\/\/pastelink.net\/hjwciqwq","https:\/\/pubhtml5.com\/homepage\/scjhn\/","https:\/\/www.bitchute.com\/channel\/2O2eOKzNqujT","https:\/\/audiomack.com\/iwellguard"]},{"@type":"Person","@id":"https:\/\/iwell-guard.com\/is\/#\/schema\/person\/ee2a27f1cac3406c7c6fb5820cb7349f","name":"Ralf Ittermann","image":{"@type":"ImageObject","inLanguage":"is","@id":"https:\/\/secure.gravatar.com\/avatar\/073c0153e350a5005b68eb752b445fea71f6b24a26da9449ad7e155e6b446c9d?s=96&d=mm&r=g","url":"https:\/\/secure.gravatar.com\/avatar\/073c0153e350a5005b68eb752b445fea71f6b24a26da9449ad7e155e6b446c9d?s=96&d=mm&r=g","contentUrl":"https:\/\/secure.gravatar.com\/avatar\/073c0153e350a5005b68eb752b445fea71f6b24a26da9449ad7e155e6b446c9d?s=96&d=mm&r=g","caption":"Ralf Ittermann"},"givenName":"Ralf","familyName":"Ittermann","jobTitle":"Gesch\u00e4ftsf\u00fchrer und redaktioneller Verantwortlicher","url":"https:\/\/iwell-guard.com\/is\/author\/claude\/","description":"Ralf Ittermann ist Gesch\u00e4ftsf\u00fchrer der Ittermann electronic GmbH und redaktioneller Verantwortlicher des iWell-Guard-Lexikons. Er verbindet langj\u00e4hrige Erfahrung in der Pr\u00e4zisionsfertigung mit medialer Praxis und religionsgeschichtlicher Quellenarbeit.","worksFor":{"@type":"Organization","name":"Ittermann electronic GmbH","url":"https:\/\/ittermann.de\/","address":{"@type":"PostalAddress","streetAddress":"K\u00f6hlergasse 16-18","postalCode":"99842","addressLocality":"Ruhla","addressCountry":"DE"}},"knowsAbout":["Religionsgeschichte","Mythologie","Mediale Praxis","Energetische Diagnostik","Schutzpraxis","Volksglauben","Westliche Esoterik"]},{"@type":"Article","@id":"https:\/\/iwell-guard.com\/is\/charon\/#article","isPartOf":{"@id":"https:\/\/iwell-guard.com\/is\/charon\/"},"author":{"name":"Ralf Ittermann","@id":"https:\/\/iwell-guard.com\/is\/#\/schema\/person\/ee2a27f1cac3406c7c6fb5820cb7349f"},"headline":"Charon","datePublished":"2026-09-05T14:02:26+00:00","dateModified":"2026-09-05T14:17:46+00:00","mainEntityOfPage":{"@id":"https:\/\/iwell-guard.com\/is\/charon\/"},"publisher":{"@id":"https:\/\/iwell-guard.com\/is\/#organization"},"image":{"@id":"https:\/\/iwell-guard.com\/is\/charon\/#primaryimage"},"thumbnailUrl":"https:\/\/iwell-guard.com\/wp-content\/uploads\/2026\/04\/goetter_griechenland_charon.webp","inLanguage":"is","description":"Charon: obolus-gjaldi\u00f0, uppruni hans, \u00fatlit og hlutverk \u00ed fylgd hinna dau\u00f0u. Yfirlit yfir hli\u00f0st\u00e6\u00f0ur \u00ed \u00f6\u00f0rum menningarheimum."}]}},"_links":{"self":[{"href":"https:\/\/iwell-guard.com\/is\/wp-json\/wp\/v2\/pages\/168721","targetHints":{"allow":["GET"]}}],"collection":[{"href":"https:\/\/iwell-guard.com\/is\/wp-json\/wp\/v2\/pages"}],"about":[{"href":"https:\/\/iwell-guard.com\/is\/wp-json\/wp\/v2\/types\/page"}],"author":[{"embeddable":true,"href":"https:\/\/iwell-guard.com\/is\/wp-json\/wp\/v2\/users\/3"}],"replies":[{"embeddable":true,"href":"https:\/\/iwell-guard.com\/is\/wp-json\/wp\/v2\/comments?post=168721"}],"version-history":[{"count":0,"href":"https:\/\/iwell-guard.com\/is\/wp-json\/wp\/v2\/pages\/168721\/revisions"}],"wp:featuredmedia":[{"embeddable":true,"href":"https:\/\/iwell-guard.com\/is\/wp-json\/wp\/v2\/media\/1580"}],"wp:attachment":[{"href":"https:\/\/iwell-guard.com\/is\/wp-json\/wp\/v2\/media?parent=168721"}],"wp:term":[{"taxonomy":"category","embeddable":true,"href":"https:\/\/iwell-guard.com\/is\/wp-json\/wp\/v2\/categories?post=168721"}],"curies":[{"name":"wp","href":"https:\/\/api.w.org\/{rel}","templated":true}]}}