{"id":168719,"date":"2026-09-05T14:02:26","date_gmt":"2026-09-05T14:02:26","guid":{"rendered":"https:\/\/iwell-guard.com\/?page_id=168719"},"modified":"2026-09-05T14:17:41","modified_gmt":"2026-09-05T14:17:41","slug":"hel","status":"publish","type":"page","link":"https:\/\/iwell-guard.com\/is\/hel\/","title":{"rendered":"Hel"},"content":{"rendered":"\t\t<div data-elementor-type=\"wp-page\" data-elementor-id=\"168719\" class=\"elementor elementor-168719 elementor-1890 elementor-bc-flex-widget\" data-elementor-post-type=\"page\">\n\t\t\t\t<div class=\"elementor-element elementor-element-10fdade e-flex e-con-boxed e-con e-parent\" data-id=\"10fdade\" data-element_type=\"container\" data-e-type=\"container\" data-settings=\"{&quot;background_background&quot;:&quot;classic&quot;}\">\n\t\t\t\t\t<div class=\"e-con-inner\">\n\t\t<div class=\"elementor-element elementor-element-herohlft0 e-flex e-con-boxed e-con e-child\" data-id=\"herohlft0\" data-element_type=\"container\" data-e-type=\"container\">\n\t\t\t\t\t<div class=\"e-con-inner\">\n\t\t<div class=\"elementor-element elementor-element-c3ceb64 e-con-full e-flex e-con e-child\" data-id=\"c3ceb64\" data-element_type=\"container\" data-e-type=\"container\">\n\t\t\t\t<div class=\"elementor-element elementor-element-96ae5e1 elementor-widget elementor-widget-heading\" data-id=\"96ae5e1\" data-element_type=\"widget\" data-e-type=\"widget\" data-widget_type=\"heading.default\">\n\t\t\t\t\t<h1 class=\"elementor-heading-title elementor-size-default\">Hel, gy\u00f0ja germanskrar hef\u00f0ar<\/h1>\t\t\t\t<\/div>\n\t\t\t\t<div class=\"elementor-element elementor-element-e45238a elementor-widget elementor-widget-text-editor\" data-id=\"e45238a\" data-element_type=\"widget\" data-e-type=\"widget\" data-widget_type=\"text-editor.default\">\n\t\t\t\t\t\t\t\t\t<p>Hel er gy\u00f0ja germanskrar hef\u00f0ar.<\/p><p>H\u00fasfreyja d\u00e1narheima, d\u00f3ttir Loka og tr\u00f6llkonunnar Angrbo\u00f0u, systir Fenris\u00falfs og Mi\u00f0gar\u00f0sormsins J\u00f6rmungandar. Hel tekur \u00e1 m\u00f3ti s\u00e1lum allra \u00feeirra sem ekki f\u00e9llu \u00ed bardaga, \u00feeirra sem ekki komast til Valhallar e\u00f0a F\u00f3lkvangs.<\/p><p>R\u00edki hennar, <em>Helheimur<\/em>, er ekki sta\u00f0ur kvala heldur hlutlaus d\u00e1narheimur fyrir \u00fe\u00e1 sem d\u00f3u af sj\u00fakd\u00f3mi, elli e\u00f0a \u00f6\u00f0rum venjulegum dau\u00f0daga. H\u00fan er l\u00fdst sem h\u00e1lf lifandi og h\u00e1lf rotnu\u00f0, <span class=\"iwg-fachbegriff\" data-tooltip=\"T\u00e1kn sem stendur fyrir hugmynd e\u00f0a merkingu.\" tabindex=\"0\">t\u00e1kn<\/span> fyrir m\u00e6rin milli l\u00edfs og dau\u00f0a.<\/p><p>Hel er gy\u00f0ja hinna dau\u00f0u \u00ed germanskri hef\u00f0 og d\u00f3ttir Loka.<\/p>\t\t\t\t\t\t\t\t<\/div>\n\t\t\t\t<\/div>\n\t\t<div class=\"elementor-element elementor-element-klsbdg01 e-con-full e-flex e-con e-parent\" data-id=\"klsbdg01\" data-element_type=\"container\" data-e-type=\"container\">\n\t\t\t\t<div class=\"elementor-element elementor-element-klshtm01 elementor-widget elementor-widget-html\" data-id=\"klshtm01\" data-element_type=\"widget\" data-e-type=\"widget\" data-widget_type=\"html.default\">\n\t\t\t\t\t<div class=\"iwg-pill-row\"><span class=\"iwg-klasse-badge\" tabindex=\"0\" data-tooltip=\"Gu\u00f0 \/ gy\u00f0ja: Pers\u00f3nuger\u00f0ur h\u00e6sta m\u00e1ttur \u00ed go\u00f0aveldi menningar, me\u00f0 sk\u00fdrum valdsvi\u00f0um, n\u00e1tt\u00faru\u00f6flum, \u00f6rl\u00f6gum, str\u00ed\u00f0i, frj\u00f3semi. D\u00fdrku\u00f0 me\u00f0 helgisi\u00f0um, f\u00f3rnum og musterisstofnunum.\">Gy\u00f0ja<\/span><a href=\"https:\/\/iwell-guard.com\/is\/?page_id=168614\" class=\"iwg-kultur-badge\" tabindex=\"0\" data-tooltip=\"Fornkristinn heimur gu\u00f0a og anda \u00ed Nor\u00f0ur- og Mi\u00f0-Evr\u00f3pu.\">Germanskt<\/a><a href=\"https:\/\/iwell-guard.com\/is\/?page_id=168709\" class=\"iwg-tradition-badge\" tabindex=\"0\" data-tooltip=\"Gu\u00f0ir undirheima og dau\u00f0ans, stj\u00f3rnendur handanheima, d\u00f3marar hinna dau\u00f0u, lei\u00f0s\u00f6gumenn s\u00e1lna.\">Gy\u00f0ja hinna dau\u00f0u<\/a><\/div>\t\t\t\t<\/div>\n\t\t\t\t<\/div>\n\t\t<div class=\"elementor-element elementor-element-3f74855 e-con-full e-flex e-con e-child\" data-id=\"3f74855\" data-element_type=\"container\" data-e-type=\"container\">\n\t\t\t\t<div class=\"elementor-element elementor-element-1c30362 elementor-toc--minimized-on-tablet elementor-widget elementor-widget-table-of-contents\" data-id=\"1c30362\" data-element_type=\"widget\" data-e-type=\"widget\" data-settings=\"{&quot;exclude_headings_by_selector&quot;:[],&quot;no_headings_message&quot;:&quot;Engar undirfyrirsagnir fundust \\u00e1 \\u00feessari s\\u00ed\\u00f0u.&quot;,&quot;headings_by_tags&quot;:[&quot;h2&quot;,&quot;h3&quot;],&quot;marker_view&quot;:&quot;bullets&quot;,&quot;minimize_box&quot;:&quot;yes&quot;,&quot;icon&quot;:{&quot;value&quot;:&quot;fas fa-circle&quot;,&quot;library&quot;:&quot;fa-solid&quot;,&quot;rendered_tag&quot;:&quot;&lt;svg class=\\&quot;e-font-icon-svg e-fas-circle\\&quot; viewBox=\\&quot;0 0 512 512\\&quot; xmlns=\\&quot;http:\\\/\\\/www.w3.org\\\/2000\\\/svg\\&quot;&gt;&lt;path d=\\&quot;M256 8C119 8 8 119 8 256s111 248 248 248 248-111 248-248S393 8 256 8z\\&quot;&gt;&lt;\\\/path&gt;&lt;\\\/svg&gt;&quot;},&quot;minimized_on&quot;:&quot;tablet&quot;,&quot;hierarchical_view&quot;:&quot;yes&quot;,&quot;min_height&quot;:{&quot;unit&quot;:&quot;px&quot;,&quot;size&quot;:&quot;&quot;,&quot;sizes&quot;:[]},&quot;min_height_tablet&quot;:{&quot;unit&quot;:&quot;px&quot;,&quot;size&quot;:&quot;&quot;,&quot;sizes&quot;:[]},&quot;min_height_mobile&quot;:{&quot;unit&quot;:&quot;px&quot;,&quot;size&quot;:&quot;&quot;,&quot;sizes&quot;:[]}}\" data-widget_type=\"table-of-contents.default\">\n\t\t\t\t\t\t\t\t\t<div class=\"elementor-toc__header\">\n\t\t\t\t\t\t<h2 class=\"elementor-toc__header-title\">\n\t\t\t\tEfnisyfirlit\t\t\t<\/h2>\n\t\t\t\t\t\t\t\t\t\t<div class=\"elementor-toc__toggle-button elementor-toc__toggle-button--expand\" role=\"button\" tabindex=\"0\" aria-controls=\"elementor-toc__1c30362\" aria-expanded=\"true\" aria-label=\"Open table of contents\"><svg aria-hidden=\"true\" class=\"e-font-icon-svg e-fas-chevron-down\" viewBox=\"0 0 448 512\" xmlns=\"http:\/\/www.w3.org\/2000\/svg\"><path d=\"M207.029 381.476L12.686 187.132c-9.373-9.373-9.373-24.569 0-33.941l22.667-22.667c9.357-9.357 24.522-9.375 33.901-.04L224 284.505l154.745-154.021c9.379-9.335 24.544-9.317 33.901.04l22.667 22.667c9.373 9.373 9.373 24.569 0 33.941L240.971 381.476c-9.373 9.372-24.569 9.372-33.942 0z\"><\/path><\/svg><\/div>\n\t\t\t\t<div class=\"elementor-toc__toggle-button elementor-toc__toggle-button--collapse\" role=\"button\" tabindex=\"0\" aria-controls=\"elementor-toc__1c30362\" aria-expanded=\"true\" aria-label=\"Close table of contents\"><svg aria-hidden=\"true\" class=\"e-font-icon-svg e-fas-chevron-up\" viewBox=\"0 0 448 512\" xmlns=\"http:\/\/www.w3.org\/2000\/svg\"><path d=\"M240.971 130.524l194.343 194.343c9.373 9.373 9.373 24.569 0 33.941l-22.667 22.667c-9.357 9.357-24.522 9.375-33.901.04L224 227.495 69.255 381.516c-9.379 9.335-24.544 9.317-33.901-.04l-22.667-22.667c-9.373-9.373-9.373-24.569 0-33.941L207.03 130.525c9.372-9.373 24.568-9.373 33.941-.001z\"><\/path><\/svg><\/div>\n\t\t\t\t\t<\/div>\n\t\t\t\t<div id=\"elementor-toc__1c30362\" class=\"elementor-toc__body\">\n\t\t\t<div class=\"elementor-toc__spinner-container\">\n\t\t\t\t<svg class=\"elementor-toc__spinner eicon-animation-spin e-font-icon-svg e-eicon-loading\" aria-hidden=\"true\" viewBox=\"0 0 1000 1000\" xmlns=\"http:\/\/www.w3.org\/2000\/svg\"><path d=\"M500 975V858C696 858 858 696 858 500S696 142 500 142 142 304 142 500H25C25 237 238 25 500 25S975 237 975 500 763 975 500 975Z\"><\/path><\/svg>\t\t\t<\/div>\n\t\t<\/div>\n\t\t\t\t\t\t<\/div>\n\t\t\t\t<\/div>\n\t\t\t\t\t<\/div>\n\t\t\t\t<\/div>\n\t\t<div class=\"elementor-element elementor-element-herorght0 e-con-full e-flex e-con e-child\" data-id=\"herorght0\" data-element_type=\"container\" data-e-type=\"container\">\n\t\t\t\t<div class=\"elementor-element elementor-element-heroimg00 iwg-hero-image elementor-widget elementor-widget-image\" data-id=\"heroimg00\" data-element_type=\"widget\" data-e-type=\"widget\" data-widget_type=\"image.default\">\n\t\t\t\t\t\t\t\t\t\t\t\t\t\t\t<img fetchpriority=\"high\" decoding=\"async\" width=\"683\" height=\"1024\" src=\"https:\/\/iwell-guard.com\/wp-content\/uploads\/2026\/04\/goetter_germanisch_hel-683x1024.webp\" class=\"attachment-large size-large wp-image-170981\" alt=\"Hel \u2013 gu\u00f0 \u00far germanskri hef\u00f0, s\u00f6guleg myndskreyting\" srcset=\"https:\/\/iwell-guard.com\/wp-content\/uploads\/2026\/04\/goetter_germanisch_hel-683x1024.webp 683w, https:\/\/iwell-guard.com\/wp-content\/uploads\/2026\/04\/goetter_germanisch_hel-200x300.webp 200w, https:\/\/iwell-guard.com\/wp-content\/uploads\/2026\/04\/goetter_germanisch_hel-768x1152.webp 768w, https:\/\/iwell-guard.com\/wp-content\/uploads\/2026\/04\/goetter_germanisch_hel.webp 1024w\" sizes=\"(max-width: 683px) 100vw, 683px\" \/>\t\t\t\t\t\t\t\t\t\t\t\t\t\t\t<\/div>\n\t\t\t\t<\/div>\n\t\t\t\t\t<\/div>\n\t\t\t\t<\/div>\n\t\t<div class=\"elementor-element elementor-element-32917199 e-flex e-con-boxed e-con e-parent\" data-id=\"32917199\" data-element_type=\"container\" data-e-type=\"container\">\n\t\t\t\t\t<div class=\"e-con-inner\">\n\t\t<div class=\"elementor-element elementor-element-26e916cb e-flex e-con-boxed e-con e-child\" data-id=\"26e916cb\" data-element_type=\"container\" data-e-type=\"container\">\n\t\t\t\t\t<div class=\"e-con-inner\">\n\t\t<div class=\"elementor-element elementor-element-253a40d4 e-flex e-con-boxed e-con e-child\" data-id=\"253a40d4\" data-element_type=\"container\" data-e-type=\"container\">\n\t\t\t\t\t<div class=\"e-con-inner\">\n\t\t\t\t<div class=\"elementor-element elementor-element-1200c304 elementor-widget elementor-widget-heading\" data-id=\"1200c304\" data-element_type=\"widget\" data-e-type=\"widget\" data-widget_type=\"heading.default\">\n\t\t\t\t\t<h2 class=\"elementor-heading-title elementor-size-default\">Hel<\/h2>\t\t\t\t<\/div>\n\t\t\t\t\t<\/div>\n\t\t\t\t<\/div>\n\t\t<div class=\"elementor-element elementor-element-159dcf9a e-flex e-con-boxed e-con e-child\" data-id=\"159dcf9a\" data-element_type=\"container\" data-e-type=\"container\">\n\t\t\t\t\t<div class=\"e-con-inner\">\n\t\t\t\t<div class=\"elementor-element elementor-element-48cee66f elementor-widget elementor-widget-heading\" data-id=\"48cee66f\" data-element_type=\"widget\" data-e-type=\"widget\" data-widget_type=\"heading.default\">\n\t\t\t\t\t<h2 class=\"elementor-heading-title elementor-size-default\">Yfirlit: Hel<\/h2>\t\t\t\t<\/div>\n\t\t\t\t<div class=\"elementor-element elementor-element-3f50d82c elementor-widget elementor-widget-text-editor\" data-id=\"3f50d82c\" data-element_type=\"widget\" data-e-type=\"widget\" data-widget_type=\"text-editor.default\">\n\t\t\t\t\t\t\t\t\t<p><strong>Tegund:<\/strong> Gy\u00f0ja hinna dau\u00f0u, h\u00fasfreyja undirheima<br><span class=\"iwg-fachbegriff\" data-tooltip=\"\u00d6ll gu\u00f0aver\u00f6ld tr\u00faarbrag\u00f0a e\u00f0a menningar.\" tabindex=\"0\">Go\u00f0aveldi<\/span>: Germanskt (norr\u00e6nt)<br>Hlutverk: H\u00fasfreyja d\u00e1narheimsins Helheims, tekur \u00e1 m\u00f3ti hinum dau\u00f0u, g\u00e6tir m\u00e6rinnar milli l\u00edfs og dau\u00f0a<br>A\u00f0aleinkenni: Klofi\u00f0 andlit (lifandi og rotna\u00f0), svartur skikkja, hundurinn Garmur, br\u00fain Gjallarbr\u00fa<br>B\u00fasta\u00f0ur: Helheimur (d\u00e1narheimur), h\u00f6llin \u00c9lj\u00fa\u00f0nir, flj\u00f3ti\u00f0 Gj\u00f6ll<br>Germ\u00f6nsk samsv\u00f6run: (engin, sj\u00e1lfst\u00e6\u00f0 \u00ed norr\u00e6nni <span class=\"iwg-fachbegriff\" data-tooltip=\"Allar arfleiddar go\u00f0sagnir menningar.\" tabindex=\"0\">go\u00f0afr\u00e6\u00f0i<\/span>)<\/p>\t\t\t\t\t\t\t\t<\/div>\n\t\t\t\t\t<\/div>\n\t\t\t\t<\/div>\n\t\t\t\t\t<\/div>\n\t\t\t\t<\/div>\n\t\t\t\t\t<\/div>\n\t\t\t\t<\/div>\n\t\t<div class=\"elementor-element elementor-element-18613602 e-flex e-con-boxed e-con e-parent\" data-id=\"18613602\" data-element_type=\"container\" data-e-type=\"container\">\n\t\t\t\t\t<div class=\"e-con-inner\">\n\t\t\t\t<div class=\"elementor-element elementor-element-262b8a9f elementor-widget elementor-widget-heading\" data-id=\"262b8a9f\" data-element_type=\"widget\" data-e-type=\"widget\" data-widget_type=\"heading.default\">\n\t\t\t\t\t<h2 class=\"elementor-heading-title elementor-size-default\">S\u00f6guleg sta\u00f0setning<\/h2>\t\t\t\t<\/div>\n\t\t<div class=\"elementor-element elementor-element-46dcb7d e-con-full e-flex e-con e-child\" data-id=\"46dcb7d\" data-element_type=\"container\" data-e-type=\"container\">\n\t\t<div class=\"elementor-element elementor-element-61d3ab3 e-flex e-con-boxed e-con e-child\" data-id=\"61d3ab3\" data-element_type=\"container\" data-e-type=\"container\">\n\t\t\t\t\t<div class=\"e-con-inner\">\n\t\t\t\t<div class=\"elementor-element elementor-element-117c166 elementor-widget elementor-widget-heading\" data-id=\"117c166\" data-element_type=\"widget\" data-e-type=\"widget\" data-widget_type=\"heading.default\">\n\t\t\t\t\t<h3 class=\"elementor-heading-title elementor-size-default\">T\u00edmabil textanna<\/h3>\t\t\t\t<\/div>\n\t\t\t\t<div class=\"elementor-element elementor-element-73997a0 elementor-widget elementor-widget-text-editor\" data-id=\"73997a0\" data-element_type=\"widget\" data-e-type=\"widget\" data-widget_type=\"text-editor.default\">\n\t\t\t\t\t\t\t\t\t<p><span class=\"iwg-fachbegriff\" data-tooltip=\"\u00c1framhaldandi flutningur \u00feekkingar og sagna milli kynsl\u00f3\u00f0a.\" tabindex=\"0\">Munnm\u00e6lahef\u00f0in<\/span> um Hel \u00e1 r\u00e6tur \u00ed ritheimildum h\u00e1mi\u00f0alda, en sprettur \u00far eldri munnlegri hef\u00f0 v\u00edkingaaldar og \u00fej\u00f3\u00f0flutningat\u00edmans. Snorra-Edda (elstu handrit fr\u00e1 13. \u00f6ld) og Eddukv\u00e6\u00f0in (skrifu\u00f0 ni\u00f0ur um 1270, en bygg\u00f0 \u00e1 kv\u00e6\u00f0um fr\u00e1 9.-11. \u00f6ld) eru helstu heimildirnar.<\/p><p><em>Gesta Danorum<\/em> Saxa m\u00e1lspaka (um 1200) gefur kristilega m\u00f3ta\u00f0ar hli\u00f0st\u00e6\u00f0ar fr\u00e1sagnir. Fundir \u00far <span class=\"iwg-fachbegriff\" data-tooltip=\"L\u00edtill helgur sta\u00f0ur til var\u00f0veislu e\u00f0a tilbei\u00f0slu.\" tabindex=\"0\">helgireitum<\/span> og gr\u00f6fum fr\u00e1 6.-10. \u00f6ld benda til a\u00f0 Hel hafi ekki gegnt mi\u00f0l\u00e6gu hlutverki \u00ed d\u00fdrkun, en var \u00fe\u00f3 fastm\u00f3tu\u00f0 \u00ed hugmyndum um endalok heimsins.<\/p>\t\t\t\t\t\t\t\t<\/div>\n\t\t\t\t\t<\/div>\n\t\t\t\t<\/div>\n\t\t<div class=\"elementor-element elementor-element-d47b156 e-flex e-con-boxed e-con e-child\" data-id=\"d47b156\" data-element_type=\"container\" data-e-type=\"container\">\n\t\t\t\t\t<div class=\"e-con-inner\">\n\t\t\t\t<div class=\"elementor-element elementor-element-ff38c2b elementor-widget elementor-widget-heading\" data-id=\"ff38c2b\" data-element_type=\"widget\" data-e-type=\"widget\" data-widget_type=\"heading.default\">\n\t\t\t\t\t<h3 class=\"elementor-heading-title elementor-size-default\">\u00datbrei\u00f0slusv\u00e6\u00f0i<\/h3>\t\t\t\t<\/div>\n\t\t\t\t<div class=\"elementor-element elementor-element-4e49fcc elementor-widget elementor-widget-text-editor\" data-id=\"4e49fcc\" data-element_type=\"widget\" data-e-type=\"widget\" data-widget_type=\"text-editor.default\">\n\t\t\t\t\t\t\t\t\t<p>Hel var hugtak \u00ed skandinav\u00edskri og germanskri <span class=\"iwg-fachbegriff\" data-tooltip=\"Allar arfleiddar go\u00f0sagnir menningar.\" tabindex=\"0\">go\u00f0afr\u00e6\u00f0i<\/span>, \u00fatbreitt \u00ed Skandinav\u00edu (Danm\u00f6rku, Noregi, Sv\u00ed\u00fej\u00f3\u00f0), \u00e1 \u00cdslandi og \u00e1 sv\u00e6\u00f0um undir d\u00f6nsk-norskri stj\u00f3rn. Eddu-<span class=\"iwg-fachbegriff\" data-tooltip=\"\u00c1framhaldandi flutningur \u00feekkingar og sagna milli kynsl\u00f3\u00f0a.\" tabindex=\"0\">munnm\u00e6lahef\u00f0in<\/span> er \u00edslensk og skandinav\u00edsk.<\/p><p>M\u00e1lfr\u00e6\u00f0ilegar aflei\u00f0ur nafnsins (enska &#8222;Hell&#8220; fyrir kristnu helv\u00edti) s\u00fdna a\u00f0 nafni\u00f0 lif\u00f0i einnig \u00ed ensk-saxneskum landn\u00e1mssv\u00e6\u00f0um. Me\u00f0 kristnit\u00f6ku (fr\u00e1 \u00e1rinu 1000 e.Kr.) var Hel og Helheimur endurt\u00falku\u00f0 sem fyrirmynd hinnar kristnu hugmyndar um helv\u00edti.<\/p>\t\t\t\t\t\t\t\t<\/div>\n\t\t\t\t\t<\/div>\n\t\t\t\t<\/div>\n\t\t\t\t<\/div>\n\t\t<div class=\"elementor-element elementor-element-db03c39 e-con-full e-flex e-con e-child\" data-id=\"db03c39\" data-element_type=\"container\" data-e-type=\"container\">\n\t\t<div class=\"elementor-element elementor-element-229a87b e-flex e-con-boxed e-con e-child\" data-id=\"229a87b\" data-element_type=\"container\" data-e-type=\"container\">\n\t\t\t\t\t<div class=\"e-con-inner\">\n\t\t\t\t<div class=\"elementor-element elementor-element-1f471fc elementor-widget elementor-widget-heading\" data-id=\"1f471fc\" data-element_type=\"widget\" data-e-type=\"widget\" data-widget_type=\"heading.default\">\n\t\t\t\t\t<h3 class=\"elementor-heading-title elementor-size-default\">Heimildasta\u00f0a<\/h3>\t\t\t\t<\/div>\n\t\t\t\t<div class=\"elementor-element elementor-element-36b1201 elementor-widget elementor-widget-text-editor\" data-id=\"36b1201\" data-element_type=\"widget\" data-e-type=\"widget\" data-widget_type=\"text-editor.default\">\n\t\t\t\t\t\t\t\t\t<p>Helstu heimildirnar eru Snorra-Edda, s\u00e9rstaklega Gylfaginning (kaflar 34 og 49), Eddukv\u00e6\u00f0in (s\u00e9rstaklega <em>V\u00f6lusp\u00e1<\/em> og <em>Vaf\u00fer\u00fa\u00f0nism\u00e1l<\/em>), og <em>Gesta Danorum<\/em> Saxa m\u00e1lspaka. Pr\u00f3saform\u00e1li Eddukv\u00e6\u00f0anna og pr\u00f3sainnlei\u00f0ingarnir gefa \u00e6ttfr\u00e6\u00f0ilegt samhengi.<\/p><p>Go\u00f0sagnaminnst &#8222;Baldrs draumar&#8220; l\u00fdsir \u00e1byrg\u00f0 Hels \u00e1 dau\u00f0a Baldurs. Fornleifafundir \u00far gr\u00f6fum, r\u00fanasteinar og sk\u00e1ldakve\u00f0skapur b\u00e6ta vi\u00f0 myndina, en eru f\u00e1or\u00f0ir um Hel sem s\u00e9rstaka pers\u00f3nu.<\/p>\t\t\t\t\t\t\t\t<\/div>\n\t\t\t\t\t<\/div>\n\t\t\t\t<\/div>\n\t\t\t\t<\/div>\n\t\t\t\t\t<\/div>\n\t\t\t\t<\/div>\n\t\t<div class=\"elementor-element elementor-element-3ae0637c e-flex e-con-boxed e-con e-parent\" data-id=\"3ae0637c\" data-element_type=\"container\" data-e-type=\"container\">\n\t\t\t\t\t<div class=\"e-con-inner\">\n\t\t\t\t<div class=\"elementor-element elementor-element-31d07739 elementor-widget elementor-widget-heading\" data-id=\"31d07739\" data-element_type=\"widget\" data-e-type=\"widget\" data-widget_type=\"heading.default\">\n\t\t\t\t\t<h2 class=\"elementor-heading-title elementor-size-default\">Nafn<\/h2>\t\t\t\t<\/div>\n\t\t<div class=\"elementor-element elementor-element-b7642947 e-con-full e-flex e-con e-child\" data-id=\"b7642947\" data-element_type=\"container\" data-e-type=\"container\">\n\t\t\t\t<div class=\"elementor-element elementor-element-a086266 elementor-widget elementor-widget-text-editor\" data-id=\"a086266\" data-element_type=\"widget\" data-e-type=\"widget\" data-widget_type=\"text-editor.default\">\n\t\t\t\t\t\t\t\t\t<p><strong>Norr\u00e6na:<\/strong> Hel (nefnifall: Hel, eignarfall: Heljar), kvenkyns vera, merkir &#8222;s\u00fa sem hylur&#8220; e\u00f0a &#8222;hin hj\u00fapandi&#8220; (skylt or\u00f0inu <em>hylja<\/em>, \u201ehylja&#8220;, \u201efela&#8220;). Kenniheiti: Engin sj\u00e1lfst\u00e6\u00f0 kenniheiti eru var\u00f0veitt, en fornnorr\u00e6nar b\u00f3kmenntir v\u00edsa til hennar sem &#8222;h\u00fasfreyju d\u00e1narheimsins&#8220; (<em>Drottning hins dau\u00f0a r\u00edkis<\/em>).<\/p><p>Kristileg vi\u00f0taka: \u00c1 mi\u00f0\u00f6ldum var\u00f0 nafni\u00f0 Hel bein fyrirmynd hinnar kristnu hugmyndar um &#8222;helv\u00edti&#8220; (enska &#8222;Hell&#8220;, mi\u00f0h\u00e1\u00fe\u00fdska &#8222;H\u00f6lle&#8220;), s\u00e9rstaklega hj\u00e1 \u00edslenskum og skandinav\u00edskum kristnum m\u00f6nnum sem ger\u00f0u hei\u00f0na undirheiminn a\u00f0 alleg\u00f3r\u00edu.<\/p><p>Germanskir \u00e6ttingjar: Skandinav\u00edsk-germanskt, engin bein nafnaskyldleiki vi\u00f0 a\u00f0rar menningar. Fj\u00f6lskylda: D\u00f3ttir gu\u00f0sins Loka og tr\u00f6llkonunnar Angrbo\u00f0u. Systir Fenris\u00falfs (<em>Fenrir<\/em>) og Mi\u00f0gar\u00f0sormsins (<em>J\u00f6rmungandur<\/em>). Sem h\u00fasfreyja Helheims hefur h\u00fan \u00fej\u00f3nana Ganglata og Gangl\u00f6t.<\/p>\t\t\t\t\t\t\t\t<\/div>\n\t\t\t\t<\/div>\n\t\t\t\t\t<\/div>\n\t\t\t\t<\/div>\n\t\t<div class=\"elementor-element elementor-element-709a44a8 e-flex e-con-boxed e-con e-parent\" data-id=\"709a44a8\" data-element_type=\"container\" data-e-type=\"container\">\n\t\t\t\t\t<div class=\"e-con-inner\">\n\t\t\t\t<div class=\"elementor-element elementor-element-2f585873 elementor-widget elementor-widget-heading\" data-id=\"2f585873\" data-element_type=\"widget\" data-e-type=\"widget\" data-widget_type=\"heading.default\">\n\t\t\t\t\t<h2 class=\"elementor-heading-title elementor-size-default\">L\u00fdsing<\/h2>\t\t\t\t<\/div>\n\t\t<div class=\"elementor-element elementor-element-70621c12 e-con-full e-flex e-con e-child\" data-id=\"70621c12\" data-element_type=\"container\" data-e-type=\"container\">\n\t\t\t\t<div class=\"elementor-element elementor-element-4296eb49 elementor-widget elementor-widget-text-editor\" data-id=\"4296eb49\" data-element_type=\"widget\" data-e-type=\"widget\" data-widget_type=\"text-editor.default\">\n\t\t\t\t\t\t\t\t\t<p><strong>\u00c1s\u00fdnd<\/strong><\/p><p>\u00cd fornnorr\u00e6num heimildum er Hel l\u00fdst sem h\u00e1lf-h\u00e1lf: \u00f6nnur hli\u00f0 l\u00edkamans er lj\u00f3s, lifandi og me\u00f0 bl\u00f3mstrandi h\u00f6rund, hin hli\u00f0in d\u00f6kkbl\u00e1 til sv\u00f6rt eins og l\u00edk. \u00deessi t\u00e1knr\u00e6na l\u00fdsing s\u00fdnir st\u00f6\u00f0u hennar \u00e1 m\u00e6runum milli l\u00edfs og dau\u00f0a. H\u00fan kl\u00e6\u00f0ist sv\u00f6rtum e\u00f0a d\u00f6kkgr\u00e6num kl\u00e6\u00f0um.<\/p><p>Andlit hennar, h\u00e1lf-fagurt og h\u00e1lf-rotna\u00f0, s\u00fdnir hvorki illsku n\u00e9 miskunn, a\u00f0eins \u00f3umfl\u00fdjanlegt e\u00f0li dau\u00f0leikans. H\u00fan sest \u00ed h\u00e1s\u00e6ti \u00ed h\u00f6ll sinni <em>\u00c9lj\u00fa\u00f0nir<\/em> (regnbleyta e\u00f0a h\u00fas v\u00e6tu, sta\u00f0ur eljunar).<\/p><p><strong>E\u00f0li og hlutverk<\/strong><\/p><p>Hel er ekki ill \u00ed kristilegum skilningi, heldur hlutlaus, kosm\u00edskt afl. H\u00fan stj\u00f3rnar d\u00e1narheiminum \u00e1n \u00e1str\u00ed\u00f0u. \u00deeir sem koma til hennar dvelja \u00fear, nema gu\u00f0irnir e\u00f0a a\u00f0rir reyni a\u00f0 f\u00e1 endurkomu (sem gerist mj\u00f6g sjaldan, a\u00f0eins reynt vi\u00f0 Baldur).<\/p><p>H\u00fan tekur \u00e1 m\u00f3ti \u00f6llum sem d\u00f3u ekki \u00ed bardaga: konum, b\u00f6rnum, \u00f6ldru\u00f0um, sj\u00fakum. \u00deannig er r\u00edki hennar gj\u00f6r\u00f3l\u00edkt Valh\u00f6ll (fyrir fallna bardagamenn) og F\u00f3lkvangi (hj\u00e1 gy\u00f0junni Freyju). \u00d3l\u00edkt Hades er Hel ekki s\u00fdnd sem d\u00f3mari sem metur ver\u00f0leika, heldur sem stj\u00f3rnandi \u00f3umfl\u00fdjanlegs sta\u00f0reynda.<\/p>\t\t\t\t\t\t\t\t<\/div>\n\t\t\t\t<\/div>\n\t\t\t\t\t<\/div>\n\t\t\t\t<\/div>\n\t\t<div class=\"elementor-element elementor-element-44e71476 e-flex e-con-boxed e-con e-parent\" data-id=\"44e71476\" data-element_type=\"container\" data-e-type=\"container\">\n\t\t\t\t\t<div class=\"e-con-inner\">\n\t\t\t\t<div class=\"elementor-element elementor-element-3c1fc3f0 elementor-widget elementor-widget-heading\" data-id=\"3c1fc3f0\" data-element_type=\"widget\" data-e-type=\"widget\" data-widget_type=\"heading.default\">\n\t\t\t\t\t<h2 class=\"elementor-heading-title elementor-size-default\">Kynningarbla\u00f0: Hel<\/h2>\t\t\t\t<\/div>\n\t\t<div class=\"elementor-element elementor-element-84f33b8e e-con-full e-flex e-con e-child\" data-id=\"84f33b8e\" data-element_type=\"container\" data-e-type=\"container\">\n\t\t\t\t<div class=\"elementor-element elementor-element-hqkdc67p elementor-widget elementor-widget-text-editor\" data-id=\"hqkdc67p\" data-element_type=\"widget\" data-e-type=\"widget\" data-widget_type=\"text-editor.default\">\n\t\t\t\t\t\t\t\t\t<p>Mikilv\u00e6gustu einkenni Hel \u00ed hnotskurn. Taflan tekur saman uppruna, hlutverk, \u00e1sj\u00f3nu, d\u00fdrkun, t\u00e1kn og hli\u00f0st\u00e6\u00f0ur.<\/p>\t\t\t\t\t\t\t\t<\/div>\n\t\t\t\t<\/div>\n\t\t<div class=\"elementor-element elementor-element-pemmx7c5 e-con-full e-flex e-con e-child\" data-id=\"pemmx7c5\" data-element_type=\"container\" data-e-type=\"container\">\n\t\t<div class=\"elementor-element elementor-element-pemmx7c1 e-con-full e-flex e-con e-child\" data-id=\"pemmx7c1\" data-element_type=\"container\" data-e-type=\"container\">\n\t\t<div class=\"elementor-element elementor-element-qh9oavvu iwg-steckbrief-card e-flex e-con-boxed e-con e-child\" data-id=\"qh9oavvu\" data-element_type=\"container\" data-e-type=\"container\">\n\t\t\t\t\t<div class=\"e-con-inner\">\n\t\t\t\t<div class=\"elementor-element elementor-element-awzx8k2k elementor-widget elementor-widget-heading\" data-id=\"awzx8k2k\" data-element_type=\"widget\" data-e-type=\"widget\" data-widget_type=\"heading.default\">\n\t\t\t\t\t<div class=\"elementor-heading-title elementor-size-default\">Menningarsamhengi<\/div>\t\t\t\t<\/div>\n\t\t\t\t<div class=\"elementor-element elementor-element-x6rowhv0 elementor-widget elementor-widget-text-editor\" data-id=\"x6rowhv0\" data-element_type=\"widget\" data-e-type=\"widget\" data-widget_type=\"text-editor.default\">\n\t\t\t\t\t\t\t\t\t<p>D\u00f3ttir gu\u00f0sins Loka og j\u00f6tunsins Angrbo\u00f0u (Angrboda), \u00e1 fornnorr\u00e6nu Angrbodhe. Loki er ekki sj\u00e1lfur gu\u00f0 \u00ed eiginlegri merkingu, heldur j\u00f6tunn sem hr\u00e6rist innan bandalags \u00c1sanna.<\/p><p>Angrbo\u00f0a er fjallaj\u00f6tunn, m\u00f3\u00f0ir Loka (\u00ed sumum \u00fatg\u00e1fum kona F\u00e1fnis drekans); \u00e6ttart\u00f6lur segja a\u00f0 Loki hafi veri\u00f0 d\u00f3mari myrkursins. Systkini Hel eru Fenris\u00falfurinn og Mi\u00f0gar\u00f0sormurinn.<\/p>\t\t\t\t\t\t\t\t<\/div>\n\t\t\t\t\t<\/div>\n\t\t\t\t<\/div>\n\t\t<div class=\"elementor-element elementor-element-8e3o4kxs iwg-steckbrief-card e-flex e-con-boxed e-con e-child\" data-id=\"8e3o4kxs\" data-element_type=\"container\" data-e-type=\"container\">\n\t\t\t\t\t<div class=\"e-con-inner\">\n\t\t\t\t<div class=\"elementor-element elementor-element-08rkdgov elementor-widget elementor-widget-heading\" data-id=\"08rkdgov\" data-element_type=\"widget\" data-e-type=\"widget\" data-widget_type=\"heading.default\">\n\t\t\t\t\t<div class=\"elementor-heading-title elementor-size-default\">Hlutverk Hel<\/div>\t\t\t\t<\/div>\n\t\t\t\t<div class=\"elementor-element elementor-element-uwjelx8s elementor-widget elementor-widget-text-editor\" data-id=\"uwjelx8s\" data-element_type=\"widget\" data-e-type=\"widget\" data-widget_type=\"text-editor.default\">\n\t\t\t\t\t\t\t\t\t<p>H\u00fasfreyja d\u00e1narheimsins Helheim. H\u00fan tekur \u00e1 m\u00f3ti og hefur umsj\u00f3n me\u00f0 s\u00e1lum \u00feeirra sem f\u00e9llu ekki \u00ed bardaga. H\u00fan er ekki d\u00f3mari, heldur umsj\u00f3narma\u00f0ur hinnar kosm\u00edsku reglu. H\u00fan var\u00f0veitir landam\u00e6ri Helheims og heimilar enga afturkomu, nema gu\u00f0irnir e\u00f0a \u00f6nnur \u00f6fl leyfi \u00fea\u00f0 s\u00e9rstaklega.<\/p>\t\t\t\t\t\t\t\t<\/div>\n\t\t\t\t\t<\/div>\n\t\t\t\t<\/div>\n\t\t<div class=\"elementor-element elementor-element-jm2n74ec iwg-steckbrief-card e-flex e-con-boxed e-con e-child\" data-id=\"jm2n74ec\" data-element_type=\"container\" data-e-type=\"container\">\n\t\t\t\t\t<div class=\"e-con-inner\">\n\t\t\t\t<div class=\"elementor-element elementor-element-8vufse4c elementor-widget elementor-widget-heading\" data-id=\"8vufse4c\" data-element_type=\"widget\" data-e-type=\"widget\" data-widget_type=\"heading.default\">\n\t\t\t\t\t<div class=\"elementor-heading-title elementor-size-default\">\u00c1s\u00fdnd<\/div>\t\t\t\t<\/div>\n\t\t\t\t<div class=\"elementor-element elementor-element-mwb9u015 elementor-widget elementor-widget-text-editor\" data-id=\"mwb9u015\" data-element_type=\"widget\" data-e-type=\"widget\" data-widget_type=\"text-editor.default\">\n\t\t\t\t\t\t\t\t\t<p>H\u00e1lf lifandi, h\u00e1lf rotnu\u00f0. Ein hli\u00f0 l\u00edkamans er bl\u00f3mleg og bleikleit, \u00f6nnur er bl\u00e1sv\u00f6rt og b\u00f3lgin, l\u00edkt fleisk l\u00f6ngu eftir dau\u00f0ann. Svartir e\u00f0a d\u00f6kkgr\u00e6nir kl\u00e6\u00f0na\u00f0ur. Augu \u00e1n hl\u00fdju, en einnig \u00e1n illsku, \u00f3endanlega hlutlaus. H\u00fan ber oft k\u00f3r\u00f3nu e\u00f0a skartgrip \u00far beinum.<\/p>\t\t\t\t\t\t\t\t<\/div>\n\t\t\t\t\t<\/div>\n\t\t\t\t<\/div>\n\t\t\t\t<\/div>\n\t\t<div class=\"elementor-element elementor-element-pemmx7c2 e-con-full e-flex e-con e-child\" data-id=\"pemmx7c2\" data-element_type=\"container\" data-e-type=\"container\">\n\t\t<div class=\"elementor-element elementor-element-37ss2yr6 iwg-steckbrief-card e-flex e-con-boxed e-con e-child\" data-id=\"37ss2yr6\" data-element_type=\"container\" data-e-type=\"container\">\n\t\t\t\t\t<div class=\"e-con-inner\">\n\t\t\t\t<div class=\"elementor-element elementor-element-3v0wp3wx elementor-widget elementor-widget-heading\" data-id=\"3v0wp3wx\" data-element_type=\"widget\" data-e-type=\"widget\" data-widget_type=\"heading.default\">\n\t\t\t\t\t<h2 class=\"elementor-heading-title elementor-size-default\">D\u00fdrkun Hel<\/h2>\t\t\t\t<\/div>\n\t\t\t\t<div class=\"elementor-element elementor-element-w3247g2m elementor-widget elementor-widget-text-editor\" data-id=\"w3247g2m\" data-element_type=\"widget\" data-e-type=\"widget\" data-widget_type=\"text-editor.default\">\n\t\t\t\t\t\t\t\t\t<p>Hel var ekki vins\u00e6l <span class=\"iwg-fachbegriff\" data-tooltip=\"\u00d6ll tr\u00faarleg d\u00fdrkunarath\u00f6fn tileinku\u00f0 gu\u00f0i e\u00f0a heilagri veru.\" tabindex=\"0\">d\u00fdrkun<\/span>&#8211;<span class=\"iwg-fachbegriff\" data-tooltip=\"Vera sem er tilbe\u00f0in sem gu\u00f0leg innan tr\u00faarbrag\u00f0a.\" tabindex=\"0\">gy\u00f0ja<\/span> \u00ed \u00feeim skilningi a\u00f0 hafa hof e\u00f0a reglulegar h\u00e1t\u00ed\u00f0ir. H\u00fan var \u00fe\u00f3 \u00e1k\u00f6llu\u00f0 \u00ed greftrunarsi\u00f0um og nefnd \u00ed s\u00f6gum og ei\u00f0um.<\/p><p>Vi\u00f0 dau\u00f0afyrirbo\u00f0a e\u00f0a sorg g\u00e1tu konur og prestkonur be\u00f0i\u00f0 til Hel um fri\u00f0samlega inng\u00f6ngu \u00ed d\u00e1narheimana. \u00cd sk\u00e1ldskap var Hel notu\u00f0 myndr\u00e6nt fyrir dau\u00f0askelfingu og fort\u00ed\u00f0. Engar s\u00e9rstakar f\u00f3rnargjafir eru var\u00f0veittar.<\/p>\t\t\t\t\t\t\t\t<\/div>\n\t\t\t\t\t<\/div>\n\t\t\t\t<\/div>\n\t\t<div class=\"elementor-element elementor-element-0qpjal9w iwg-steckbrief-card e-flex e-con-boxed e-con e-child\" data-id=\"0qpjal9w\" data-element_type=\"container\" data-e-type=\"container\">\n\t\t\t\t\t<div class=\"e-con-inner\">\n\t\t\t\t<div class=\"elementor-element elementor-element-6ndoih0o elementor-widget elementor-widget-heading\" data-id=\"6ndoih0o\" data-element_type=\"widget\" data-e-type=\"widget\" data-widget_type=\"heading.default\">\n\t\t\t\t\t<h2 class=\"elementor-heading-title elementor-size-default\">T\u00e1kn Hel<\/h2>\t\t\t\t<\/div>\n\t\t\t\t<div class=\"elementor-element elementor-element-6684tyh9 elementor-widget elementor-widget-text-editor\" data-id=\"6684tyh9\" data-element_type=\"widget\" data-e-type=\"widget\" data-widget_type=\"text-editor.default\">\n\t\t\t\t\t\t\t\t\t<p>Andlit skipt til h\u00e1lfs, svartur kl\u00e6\u00f0na\u00f0ur, hundurinn Garmur (v\u00f6r\u00f0ur Helheims), br\u00fain <em>Gjallarbr\u00fa<\/em> (br\u00fa yfir flj\u00f3ti\u00f0 <em>Gj\u00f6ll<\/em>), h\u00f6llin <em>\u00c9lj\u00fa\u00f0nir<\/em>, bor\u00f0i\u00f0 <em>Hungurh\u00f3r\u00f0<\/em> (hungurnau\u00f0), skei\u00f0in <em>Sult<\/em> (slj\u00f3leiki).<\/p>\t\t\t\t\t\t\t\t<\/div>\n\t\t\t\t\t<\/div>\n\t\t\t\t<\/div>\n\t\t<div class=\"elementor-element elementor-element-3lfi7x32 iwg-steckbrief-card e-flex e-con-boxed e-con e-child\" data-id=\"3lfi7x32\" data-element_type=\"container\" data-e-type=\"container\">\n\t\t\t\t\t<div class=\"e-con-inner\">\n\t\t\t\t<div class=\"elementor-element elementor-element-0kg99ga1 elementor-widget elementor-widget-heading\" data-id=\"0kg99ga1\" data-element_type=\"widget\" data-e-type=\"widget\" data-widget_type=\"heading.default\">\n\t\t\t\t\t<div class=\"elementor-heading-title elementor-size-default\">Hli\u00f0st\u00e6\u00f0ur<\/div>\t\t\t\t<\/div>\n\t\t\t\t<div class=\"elementor-element elementor-element-n0fum6kp elementor-widget elementor-widget-text-editor\" data-id=\"n0fum6kp\" data-element_type=\"widget\" data-e-type=\"widget\" data-widget_type=\"text-editor.default\">\n\t\t\t\t\t\t\t\t\t<p>Hades (Grikkland, svipa\u00f0 hlutverkaskipting en karlkyns), Ereshkigal (Mes\u00f3p\u00f3tam\u00eda, l\u00edka kvenkyns h\u00fasfreyja undirheima), Yamaraja (hind\u00faismi, hlutlaus umsj\u00f3n d\u00e1narheimsins), Persef\u00f3na (Grikkland, tv\u00edr\u00e6\u00f0 birting l\u00edfs og dau\u00f0a), Hekate (Grikkland, hlutverk \u00e1 \u00fer\u00f6skuldi), Mictecacihuatl (aztekar, h\u00fasfreyja d\u00e1narheimsins, kvenkyns).<\/p>\t\t\t\t\t\t\t\t<\/div>\n\t\t\t\t\t<\/div>\n\t\t\t\t<\/div>\n\t\t\t\t<\/div>\n\t\t\t\t<\/div>\n\t\t\t\t\t<\/div>\n\t\t\t\t<\/div>\n\t\t<div class=\"elementor-element elementor-element-7533bc7a e-flex e-con-boxed e-con e-parent\" data-id=\"7533bc7a\" data-element_type=\"container\" data-e-type=\"container\">\n\t\t\t\t\t<div class=\"e-con-inner\">\n\t\t\t\t<div class=\"elementor-element elementor-element-2447d18d elementor-widget elementor-widget-heading\" data-id=\"2447d18d\" data-element_type=\"widget\" data-e-type=\"widget\" data-widget_type=\"heading.default\">\n\t\t\t\t\t<h2 class=\"elementor-heading-title elementor-size-default\">Go\u00f0s\u00f6gulegar hlutverk og s\u00f6gur<\/h2>\t\t\t\t<\/div>\n\t\t<div class=\"elementor-element elementor-element-d5d0260c e-con-full e-flex e-con e-child\" data-id=\"d5d0260c\" data-element_type=\"container\" data-e-type=\"container\">\n\t\t\t\t<div class=\"elementor-element elementor-element-341be2ac elementor-widget elementor-widget-text-editor\" data-id=\"341be2ac\" data-element_type=\"widget\" data-e-type=\"widget\" data-widget_type=\"text-editor.default\">\n\t\t\t\t\t\t\t\t\t<p><strong>Brottn\u00e1m Baldurs og lofor\u00f0 Hel<\/strong><\/p><p>\u00deekktasta sagan \u00fear sem Hel kemur vi\u00f0 s\u00f6gu er dau\u00f0i Baldurs, hins fegursta allra gu\u00f0a. Loki sv\u00edkur hinn blinda gu\u00f0 H\u00f6\u00f0 til a\u00f0 kasta mistilteinsgrein \u00e1 Baldur, eina efni\u00f0 sem gat s\u00e6rt hann (\u00fev\u00ed \u00f6ll \u00f6nnur verur og hlutir h\u00f6f\u00f0u heiti\u00f0 a\u00f0 mei\u00f0a hann ekki).<\/p><p>Baldur deyr og fellur \u00ed r\u00edki Hel. Gu\u00f0irnir senda Herm\u00f3\u00f0, sendibo\u00f0a \u00d3\u00f0ins, ni\u00f0ur \u00e1 Sleipni (\u00e1ttf\u00e6tta hesti \u00d3\u00f0ins) til a\u00f0 bi\u00f0ja Hel um a\u00f0 l\u00e1ta Baldur fara.<\/p><p>Hel lofar: Baldur megi sn\u00faa aftur, ef allar lifandi verur gr\u00e1ta hann. N\u00e6r allt gr\u00e6tur, gu\u00f0ir, menn, d\u00fdr, steinar. A\u00f0eins gamla j\u00f6tunkonan <em>\u00de\u00f6kk<\/em> (e\u00f0a Loki \u00ed dulargervi) neitar a\u00f0 gr\u00e1ta.<\/p><p>\u00deess vegna heldur Hel Baldri hj\u00e1 s\u00e9r. \u00deessi <span class=\"iwg-fachbegriff\" data-tooltip=\"Var\u00f0veitt fr\u00e1s\u00f6gn um gu\u00f0i, uppruna og skipulag heimsins.\" tabindex=\"0\">go\u00f0saga<\/span> s\u00fdnir Hel sem \u00f3beygjanlega og \u00f3s\u00e1ttf\u00fasa: m\u00e1ttur hennar yfir dau\u00f0anum er meiri en m\u00e1ttur gu\u00f0anna sj\u00e1lfra.<\/p><p><strong>Hel \u00ed V\u00f6lusp\u00e1 (Ragnar\u00f6k)<\/strong><\/p><p>\u00cd hinni heimsslitakenndu s\u00fdn <em>V\u00f6lusp\u00e1<\/em> kemur Hel fram \u00e1 s\u00ed\u00f0ustu d\u00f6gum, \u00feegar reglan hrynur. H\u00f6llin \u00c9lj\u00fa\u00f0nir leysist upp, hinir dau\u00f0u streyma til Ragnaraka. H\u00fan er ekki sj\u00e1lf l\u00fdst sem str\u00ed\u00f0skona, heldur sem kraftur sem fl\u00e6\u00f0ir me\u00f0 ringulrei\u00f0inni.<\/p>\t\t\t\t\t\t\t\t<\/div>\n\t\t\t\t<\/div>\n\t\t\t\t\t<\/div>\n\t\t\t\t<\/div>\n\t\t<div class=\"elementor-element elementor-element-5a584676 e-flex e-con-boxed e-con e-parent\" data-id=\"5a584676\" data-element_type=\"container\" data-e-type=\"container\">\n\t\t\t\t\t<div class=\"e-con-inner\">\n\t\t\t\t<div class=\"elementor-element elementor-element-6d0757bf elementor-widget elementor-widget-heading\" data-id=\"6d0757bf\" data-element_type=\"widget\" data-e-type=\"widget\" data-widget_type=\"heading.default\">\n\t\t\t\t\t<h2 class=\"elementor-heading-title elementor-size-default\">Hel, hli\u00f0st\u00e6\u00f0ur \u00ed \u00f6\u00f0rum menningarheimum<\/h2>\t\t\t\t<\/div>\n\t\t<div class=\"elementor-element elementor-element-60563f68 e-con-full e-flex e-con e-child\" data-id=\"60563f68\" data-element_type=\"container\" data-e-type=\"container\">\n\t\t\t\t<div class=\"elementor-element elementor-element-5a93fdd6 elementor-widget elementor-widget-text-editor\" data-id=\"5a93fdd6\" data-element_type=\"widget\" data-e-type=\"widget\" data-widget_type=\"text-editor.default\">\n\t\t\t\t\t\t\t\t\t<p><strong>Gr\u00edsk hef\u00f0:<\/strong> Hades (karlkyns h\u00f6f\u00f0ingi undirheima) deilir me\u00f0 Hel hlutverki umsj\u00f3narmanns og hlutlauss afls. \u00d3l\u00edkt Hel hefur Hades hins vegar si\u00f0fer\u00f0islega d\u00f3ma og stigskiptingu (Refsinornirnir, Elys\u00edon \u00e1 m\u00f3ti Tartaros). Helheimur hefur enga sl\u00edka a\u00f0greiningu, hann er fyrir alla dau\u00f0a \u00e1n s\u00e1lud\u00f3ms.<\/p><p><strong>Mes\u00f3p\u00f3tam\u00edsk hef\u00f0:<\/strong> Ereshkigal (h\u00fasfreyja undirheimsins Irkalla, kvenkyns eins og Hel) s\u00fdnir svipa\u00f0a hlutleysni. Sagan af ni\u00f0urg\u00f6ngu Inn\u00f6nu til Ereshkigal hefur byggingarlegar hli\u00f0st\u00e6\u00f0ur vi\u00f0 Baldurss\u00f6guna: m\u00e1ttug vera er flutt ni\u00f0ur til kvenkyns h\u00fasfreyju undirheima og sn\u00fdr (a\u00f0 hluta) aftur, en skilyr\u00f0in eru \u00f3v\u00e6gin.<\/p><p><strong>Egypsk hef\u00f0:<\/strong> \u00d3s\u00edris er frekar r\u00e9ttl\u00e1tur d\u00f3mari en einf\u00f6ld umsj\u00f3narkona; An\u00fabis er frekar fylgdarma\u00f0ur. Hel sameinar b\u00e6\u00f0i hlutverk, \u00e1n si\u00f0fer\u00f0is-lagalegrar hli\u00f0ar.<\/p><p><strong>Hind\u00fa\u00edsk hef\u00f0:<\/strong> Yamaraja (h\u00f6f\u00f0ingi d\u00e1narheimsins Yamaloka) deilir me\u00f0 Hel hlutleysi og \u00f3hj\u00e1kv\u00e6mileika. \u00d3l\u00edkt Hel er Yamaraja hins vegar ekki sta\u00f0bundinn, heldur heims\u00e6kir reglulega heiminn.<\/p><p><strong>Keltnesk hef\u00f0:<\/strong> Banshee og a\u00f0rar handanverur eru frekar bandamenn en h\u00f6f\u00f0ingjar. Gwydion og keltneska undirheimsr\u00edki\u00f0 Annwn eru minna pers\u00f3nuger\u00f0 en hin \u00e1\u00fereifanlega gestalt Hel.<\/p>\t\t\t\t\t\t\t\t<\/div>\n\t\t\t\t<\/div>\n\t\t\t\t\t<\/div>\n\t\t\t\t<\/div>\n\t\t<div class=\"elementor-element elementor-element-x7christ e-flex e-con-boxed e-con e-parent\" data-id=\"x7christ\" data-element_type=\"container\" data-e-type=\"container\">\n\t\t\t\t\t<div class=\"e-con-inner\">\n\t\t\t\t<div class=\"elementor-element elementor-element-xh7chris elementor-widget elementor-widget-heading\" data-id=\"xh7chris\" data-element_type=\"widget\" data-e-type=\"widget\" data-widget_type=\"heading.default\">\n\t\t\t\t\t<h2 class=\"elementor-heading-title elementor-size-default\">Kristin t\u00falkun og or\u00f0sifjar<\/h2>\t\t\t\t<\/div>\n\t\t<div class=\"elementor-element elementor-element-xc7chris e-flex e-con-boxed e-con e-parent\" data-id=\"xc7chris\" data-element_type=\"container\" data-e-type=\"container\">\n\t\t\t\t\t<div class=\"e-con-inner\">\n\t\t<div class=\"elementor-element elementor-element-bw-xt7chris-3ec7bf9 e-flex e-con-boxed e-con e-parent\" data-id=\"bw-xt7chris-3ec7bf9\" data-element_type=\"container\" data-e-type=\"container\" data-settings=\"{&quot;background_background&quot;:&quot;classic&quot;}\">\n\t\t\t\t\t<div class=\"e-con-inner\">\n\t\t\t\t<div class=\"elementor-element elementor-element-xt7chris elementor-widget elementor-widget-text-editor\" data-id=\"xt7chris\" data-element_type=\"widget\" data-e-type=\"widget\" data-widget_type=\"text-editor.default\">\n\t\t\t\t\t\t\t\t\t<p>Me\u00f0 kristnit\u00f6ku Skandinav\u00edu og \u00de\u00fdskalands (fr\u00e1 um 1000 e.Kr.) var\u00f0 hei\u00f0in Hel og r\u00edki hennar Helheimur a\u00f0 myndhverfingu fyrir kristna helv\u00edti. \u00cdslenskir pr\u00e9dikunartextar og predikanir fr\u00e1 12.-14. \u00f6ld tala um &#8222;Helheim&#8220; sem helv\u00edti, um sendibo\u00f0a e\u00f0a dj\u00f6fla Hel sem helv\u00edtis-str\u00ed\u00f0smenn.<\/p><p>Fornnorr\u00e6na nafni\u00f0 Hel (hin hl\u00fd\u00f0andi, hin hj\u00fapandi) var endurt\u00falka\u00f0 sem enska or\u00f0i\u00f0 &#8222;Hell&#8220; og mi\u00f0h\u00e1\u00fe\u00fdska or\u00f0i\u00f0 &#8222;H\u00f6lle&#8220;, or\u00f0sifjafr\u00e6\u00f0ilegu tengslin eru umdeild, en hin merkingarlega samsv\u00f6run er sta\u00f0fest \u00ed heimildum. Nafni\u00f0 Hel gekk \u00fev\u00ed \u00ed gegnum breytingu \u00far kosm\u00edsku afli \u00ed t\u00e1kn ford\u00e6mingar.<\/p>\t\t\t\t\t\t\t\t<\/div>\n\t\t\t\t\t<\/div>\n\t\t\t\t<\/div>\n\t\t\t\t\t<\/div>\n\t\t\t\t<\/div>\n\t\t\t\t\t<\/div>\n\t\t\t\t<\/div>\n\t\t<div class=\"elementor-element elementor-element-cp0b073d2 e-flex e-con-boxed e-con e-parent\" data-id=\"cp0b073d2\" data-element_type=\"container\" data-e-type=\"container\">\n\t\t\t\t\t<div class=\"e-con-inner\">\n\t\t\t\t<div class=\"elementor-element elementor-element-cpf67e00b elementor-widget elementor-widget-heading\" data-id=\"cpf67e00b\" data-element_type=\"widget\" data-e-type=\"widget\" data-widget_type=\"heading.default\">\n\t\t\t\t\t<h2 class=\"elementor-heading-title elementor-size-default\">Heimildasta\u00f0an: Snorri Sturluson og vandi kerfisbindingar<\/h2>\t\t\t\t<\/div>\n\t\t<div class=\"elementor-element elementor-element-cp0693fe8 e-con-full e-flex e-con e-child\" data-id=\"cp0693fe8\" data-element_type=\"container\" data-e-type=\"container\">\n\t\t\t\t<div class=\"elementor-element elementor-element-cp416dfe3 elementor-widget elementor-widget-text-editor\" data-id=\"cp416dfe3\" data-element_type=\"widget\" data-e-type=\"widget\" data-widget_type=\"text-editor.default\">\n\t\t\t\t\t\t\t\t\t<p>N\u00e6r allt sem tali\u00f0 er heildst\u00e6\u00f0 mynd af d\u00e1nargy\u00f0junni Hel er runni\u00f0 af einni heimild: <em>Snorra-Eddu<\/em>, verki \u00edslenska fr\u00e6\u00f0imannsins og stj\u00f3rnm\u00e1lamannsins Snorra Sturlusonar, sami\u00f0 \u00e1 fyrri hluta \u00ferett\u00e1ndu aldar.<\/p><p>\u00cd <em>Gylfaginningu<\/em> l\u00fdsir Snorri Hel sem d\u00f3ttur Loka og j\u00f6tunkonunnar Angrbo\u00f0u, systur Fenris\u00falfs og Mi\u00f0gar\u00f0sormsins, h\u00e1lfa svarta og h\u00e1lfa me\u00f0 venjulegum h\u00fa\u00f0lit, og hann segir fr\u00e1 \u00fev\u00ed hvernig \u00d3\u00f0inn varpa\u00f0i henni ni\u00f0ur \u00ed undirheima og gaf henni vald yfir \u00f6llum sem deyja af sj\u00fakd\u00f3mi og elli.<\/p><p>\u00deessa heildst\u00e6\u00f0u framsetningu \u00fearf a\u00f0 lesa me\u00f0 var\u00fa\u00f0. Snorri skrifa\u00f0i meira en tveimur \u00f6ldum eftir kristnit\u00f6ku \u00e1 \u00cdslandi. Hann var kristinn l\u00e6rd\u00f3msma\u00f0ur sem vildi skipuleggja, \u00fatsk\u00fdra og m\u00f3ta hi\u00f0 hei\u00f0na efni \u00e1 b\u00f3kmenntalegan h\u00e1tt.<\/p><p>Fr\u00e6\u00f0imenn hafa lengi r\u00e6tt hversu miki\u00f0 af Hel Snorra megi rekja til fornrar <span class=\"iwg-fachbegriff\" data-tooltip=\"Mi\u00f0lun \u00feekkingar og sagna milli kynsl\u00f3\u00f0a.\" tabindex=\"0\">munnm\u00e6lahef\u00f0ar<\/span> og hversu miki\u00f0 s\u00e9 hans eigin kerfisbinding, m\u00f6gulega undir \u00e1hrifum kristinnar helv\u00edtishugmyndar sem \u00feegar bj\u00f3 \u00ed hinu fornnorr\u00e6na or\u00f0i <em>hel<\/em>.<\/p><p>Eldri heimildir, kv\u00e6\u00f0i <em>Eddukv\u00e6\u00f0a<\/em> og dr\u00f3ttkv\u00e6\u00f0in, \u00feekkja or\u00f0i\u00f0 <em>hel<\/em> svo sannarlega, en oftast frekar sem sta\u00f0arheiti fyrir r\u00edki hinna dau\u00f0u en sem \u00fatf\u00e6r\u00f0a gy\u00f0juveru. Or\u00f0asambandi\u00f0 \u201ea\u00f0 fara til Helju&#8220; merkir upphaflega einfaldlega \u201ea\u00f0 deyja&#8220;.<\/p><p>Hvort pers\u00f3nuger\u00f0 h\u00fasfreyja st\u00f3\u00f0 \u00fearna \u00e1 bak vi\u00f0 sta\u00f0inn fr\u00e1 upphafi, e\u00f0a hvort pers\u00f3nugervingin var s\u00ed\u00f0ar b\u00e6tt vi\u00f0, er ekki unnt a\u00f0 \u00e1kvar\u00f0a me\u00f0 vissu. \u00deegar r\u00e6tt er um Hel er \u00e1vallt r\u00e9tt a\u00f0 nefna \u00feessa \u00f3vissu um heimildirnar.<\/p>\t\t\t\t\t\t\t\t<\/div>\n\t\t\t\t<\/div>\n\t\t\t\t\t<\/div>\n\t\t\t\t<\/div>\n\t\t<div class=\"elementor-element elementor-element-cpf6b53aa e-flex e-con-boxed e-con e-parent\" data-id=\"cpf6b53aa\" data-element_type=\"container\" data-e-type=\"container\">\n\t\t\t\t\t<div class=\"e-con-inner\">\n\t\t\t\t<div class=\"elementor-element elementor-element-cpc38a2ff elementor-widget elementor-widget-heading\" data-id=\"cpc38a2ff\" data-element_type=\"widget\" data-e-type=\"widget\" data-widget_type=\"heading.default\">\n\t\t\t\t\t<h2 class=\"elementor-heading-title elementor-size-default\">Dau\u00f0i Baldurs og skilyr\u00f0i Hel<\/h2>\t\t\t\t<\/div>\n\t\t<div class=\"elementor-element elementor-element-cpe54e75f e-con-full e-flex e-con e-child\" data-id=\"cpe54e75f\" data-element_type=\"container\" data-e-type=\"container\">\n\t\t\t\t<div class=\"elementor-element elementor-element-cp9254066 elementor-widget elementor-widget-text-editor\" data-id=\"cp9254066\" data-element_type=\"widget\" data-e-type=\"widget\" data-widget_type=\"text-editor.default\">\n\t\t\t\t\t\t\t\t\t<p>Die wichtigste Erz\u00e4hlung, in der Hel als handelnde Figur auftritt, ist der <span class=\"iwg-fachbegriff\" data-tooltip=\"Sagnfr\u00e6\u00f0ileg fr\u00e1s\u00f6gn um gu\u00f0i, uppruna og skipan heimsins.\" tabindex=\"0\">go\u00f0s\u00f6gn<\/span> um dau\u00f0a gu\u00f0sins Baldrs, sem var\u00f0veitt er \u00ed <em>Gylfaginningu<\/em> Snorra.<\/p><p>Baldri, hinum fagra og vins\u00e6la syni \u00d3\u00f0ins, er r\u00e1\u00f0inn bani me\u00f0 br\u00f6g\u00f0um Loka: Hinn blindi gu\u00f0 H\u00f6\u00f0ur varpar, leiddur af Loka, mistilteinsgrein \u00e1 hann, en \u00fea\u00f0 var eina hluturinn sem Baldur haf\u00f0i ekki fengi\u00f0 svarinn ei\u00f0 um a\u00f0 hl\u00edfa honum.<\/p><p>Baldur deyr og fer ni\u00f0ur \u00ed r\u00edki Helar.<\/p><p>Gu\u00f0irnir vilja s\u00e6kja hann aftur. Sendibo\u00f0inn Herm\u00f3\u00f0ur r\u00ed\u00f0ur \u00e1 hesti \u00d3\u00f0ins, Sleipni, \u00ed n\u00edu n\u00e6tur gegnum dimma dali a\u00f0 hli\u00f0i heims Helar. \u00dear finnur hann Baldur sitjandi \u00ed hei\u00f0urss\u00e6ti og bi\u00f0ur Hel um a\u00f0 l\u00e1ta hann lausan.<\/p><p>Hel setur skilyr\u00f0i: Ef sannarlega allir hlutir \u00ed heiminum, lifandi og dau\u00f0ir, gr\u00e1ti Baldur, skuli honum leyft a\u00f0 sn\u00faa aftur; gr\u00e1ti \u00fe\u00f3 ekki nema einn, ver\u00f0i hann \u00e1fram hj\u00e1 henni.<\/p><p>Gu\u00f0irnir senda sendibo\u00f0a um allan heiminn, og allt gr\u00e6tur, menn, d\u00fdr, steinar og tr\u00e9. A\u00f0eins ein tr\u00f6llkona a\u00f0 nafni \u00de\u00f6kk, sem sagan grunar a\u00f0 s\u00e9 Loki \u00ed dulargervi, neitar. \u00dear me\u00f0 ver\u00f0ur Baldur \u00e1fram \u00ed r\u00edki Helar til enda heimsins.<\/p><p>\u00cd \u00feessum \u00fe\u00e6tti kemur e\u00f0li Helar \u00ed lj\u00f3s. H\u00fan er hvorki grimm n\u00e9 sviks\u00f6m, h\u00fan semur, h\u00fan heldur skilyr\u00f0i s\u00edn, h\u00fan kemur fram vi\u00f0 Baldur af vir\u00f0ingu. En h\u00fan l\u00e6tur ekkert af hendi \u00e1n endurgjalds, og skilyr\u00f0i hennar er \u00feannig sett a\u00f0 ein einasta m\u00f3tsta\u00f0a n\u00e6gir til a\u00f0 l\u00e1ta \u00fea\u00f0 mistakast.<\/p><p>Hel birtir hi\u00f0 \u00f3umsemjanlega e\u00f0li dau\u00f0ans \u00ed mynd samningavi\u00f0r\u00e6\u00f0na sem n\u00e6stum takast. Fr\u00e1s\u00f6gnin tilheyrir jafnframt hinum st\u00f3ra boga norr\u00e6nnar <span class=\"iwg-fachbegriff\" data-tooltip=\"Heildarsafn var\u00f0veittra go\u00f0sagna innan menningar.\" tabindex=\"0\">go\u00f0afr\u00e6\u00f0i<\/span>, \u00fev\u00ed dau\u00f0i Baldurs telst fyrsta merki \u00feess a\u00f0 <a href=\"https:\/\/iwell-guard.com\/is\/?page_id=169042\">Ragnar\u00f6k<\/a> n\u00e1lgist.<\/p>\t\t\t\t\t\t\t\t<\/div>\n\t\t\t\t<\/div>\n\t\t\t\t\t<\/div>\n\t\t\t\t<\/div>\n\t\t<div class=\"elementor-element elementor-element-cp3ad9077 e-flex e-con-boxed e-con e-parent\" data-id=\"cp3ad9077\" data-element_type=\"container\" data-e-type=\"container\">\n\t\t\t\t\t<div class=\"e-con-inner\">\n\t\t\t\t<div class=\"elementor-element elementor-element-cp023632b elementor-widget elementor-widget-heading\" data-id=\"cp023632b\" data-element_type=\"widget\" data-e-type=\"widget\" data-widget_type=\"heading.default\">\n\t\t\t\t\t<h2 class=\"elementor-heading-title elementor-size-default\">Or\u00f0sifjar og merking \u00feess a\u00f0 hylja<\/h2>\t\t\t\t<\/div>\n\t\t<div class=\"elementor-element elementor-element-cp80f1a99 e-con-full e-flex e-con e-child\" data-id=\"cp80f1a99\" data-element_type=\"container\" data-e-type=\"container\">\n\t\t\t\t<div class=\"elementor-element elementor-element-cpfa52f44 elementor-widget elementor-widget-text-editor\" data-id=\"cpfa52f44\" data-element_type=\"widget\" data-e-type=\"widget\" data-widget_type=\"text-editor.default\">\n\t\t\t\t\t\t\t\t\t<p>Nafni\u00f0 <em>Hel<\/em> tilheyrir germ\u00f6nskum r\u00f3t sem merkir \u201ea\u00f0 hylja&#8220;, \u201ea\u00f0 byrgja&#8220;, \u201ea\u00f0 fela&#8220;. Sama r\u00f3t er \u00ed or\u00f0um um \u00fea\u00f0 sem er huli\u00f0 og hylst; \u00ed \u00fe\u00fdsku eru or\u00f0in \u201ehehlen&#8220; og \u201everhehlen&#8220; af s\u00f6mu r\u00f3t, s\u00f6mulei\u00f0is \u201eH\u00f6hle&#8220; (hellissk\u00fati).<\/p><p>Hel er \u00feannig upphaflega \u201ehin hj\u00fapandi&#8220; e\u00f0a \u201ehi\u00f0 hulda&#8220;, og r\u00edki hinna dau\u00f0u, sem ber nafn hennar, er hinn hulda, byrg\u00f0a sta\u00f0ur sem hinir d\u00e1nu fara til.<\/p><p>\u00deessi or\u00f0sifjafr\u00e6\u00f0i er tr\u00faars\u00f6gulega uppl\u00fdsandi, \u00fev\u00ed h\u00fan s\u00fdnir a\u00f0 nafni\u00f0 t\u00e1knar \u00ed grunninn sta\u00f0 og \u00e1stand, ekki pers\u00f3nu. A\u00f0 hylja, a\u00f0 vera undir j\u00f6r\u00f0u, a\u00f0 vera hulinn augum er kjarninn. Pers\u00f3nugervingin sem gy\u00f0jan Hel v\u00e6ri \u00fe\u00e1 anna\u00f0 skref: hinn hulda sta\u00f0ur f\u00e6r h\u00fasfreyju sem ber nafn hans.<\/p><p>Fr\u00e1 fornnorr\u00e6na or\u00f0inu <em>hel<\/em> hefur or\u00f0i\u00f0 borist inn \u00ed kristinn hugmyndaheim. \u00deegar germanskar tungur ur\u00f0u kristnar var e\u00f0lilegt a\u00f0 l\u00e1ta fyrirliggjandi or\u00f0 fyrir r\u00edki hinna dau\u00f0u n\u00e1 yfir kristinn kvalarsta\u00f0. \u00deannig var\u00f0 \u00far germanska or\u00f0inu <em>hel<\/em> \u00fe\u00fdska or\u00f0i\u00f0 \u201eH\u00f6lle&#8220; og enska or\u00f0i\u00f0 <em>hell<\/em>. \u00deessi yfirf\u00e6rsla hefur \u00fe\u00f3 skekkt upphaflegu hugmyndina.<\/p><p>Fornnorr\u00e6na Hel er ekki sta\u00f0ur kvalar og h\u00f6rmungar. \u00dear dvelja \u00feeir sem deyja af sj\u00fakd\u00f3mi og elli, \u00f3l\u00edkt \u00feeim sem falla \u00ed bardaga og koma til Valhallar.<\/p><p>Hin si\u00f0fer\u00f0ilega skipting \u00ed g\u00f3\u00f0an sta\u00f0 og kvalasta\u00f0, sem kristna or\u00f0i\u00f0 hefur \u00ed f\u00f6r me\u00f0 s\u00e9r, var upphaflegu Hel-hugtakinu framandi. H\u00e9r er ein af \u00fer\u00e1l\u00e1tustu misskilningum norr\u00e6nnar <span class=\"iwg-fachbegriff\" data-tooltip=\"Heild var\u00f0veittra go\u00f0sagna um gu\u00f0i innan menningarheims.\" tabindex=\"0\">go\u00f0afr\u00e6\u00f0i<\/span>.<\/p>\t\t\t\t\t\t\t\t<\/div>\n\t\t\t\t<\/div>\n\t\t\t\t\t<\/div>\n\t\t\t\t<\/div>\n\t\t<div class=\"elementor-element elementor-element-cpfa40877 e-flex e-con-boxed e-con e-parent\" data-id=\"cpfa40877\" data-element_type=\"container\" data-e-type=\"container\">\n\t\t\t\t\t<div class=\"e-con-inner\">\n\t\t\t\t<div class=\"elementor-element elementor-element-cp10ba399 elementor-widget elementor-widget-heading\" data-id=\"cp10ba399\" data-element_type=\"widget\" data-e-type=\"widget\" data-widget_type=\"heading.default\">\n\t\t\t\t\t<h2 class=\"elementor-heading-title elementor-size-default\">R\u00edki Hel \u00ed landafr\u00e6\u00f0i heimsins handan \u00feessa<\/h2>\t\t\t\t<\/div>\n\t\t<div class=\"elementor-element elementor-element-cp13c57a0 e-con-full e-flex e-con e-child\" data-id=\"cp13c57a0\" data-element_type=\"container\" data-e-type=\"container\">\n\t\t\t\t<div class=\"elementor-element elementor-element-cp2eea4bc elementor-widget elementor-widget-text-editor\" data-id=\"cp2eea4bc\" data-element_type=\"widget\" data-e-type=\"widget\" data-widget_type=\"text-editor.default\">\n\t\t\t\t\t\t\t\t\t<p>R\u00edki Helar er hluti af fl\u00f3knu handanheims-landfr\u00e6\u00f0i sem hinar fornnorr\u00e6nu heimildir, s\u00e9rstaklega Snorri, setja fram. \u00dea\u00f0 liggur \u00ed nor\u00f0ri og fyrir ne\u00f0an, og til \u00feess er komist eftir langri, dimmri lei\u00f0 sem Herm\u00f3\u00f0r fer \u00ed Baldr-<span class=\"iwg-fachbegriff\" data-tooltip=\"Hef\u00f0bundin fr\u00e1s\u00f6gn um gu\u00f0i, uppruna og skipan heimsins.\" tabindex=\"0\">go\u00f0s\u00f6gninni<\/span>.<\/p><p>Br\u00fa yfir \u00e1na Gj\u00f6ll, varin af v\u00f6r\u00f0inni M\u00f3\u00f0gu\u00f0r, liggur yfir; hli\u00f0 lokar r\u00edkinu af. Snorri gefur b\u00fasta\u00f0 Helar og \u00e1h\u00f6ldum hennar d\u00f6kk, l\u00fdsandi n\u00f6fn sem v\u00edsa til hungurs, sj\u00fakd\u00f3ma og hr\u00f6rnunar.<\/p><p>Sta\u00f0a \u00feessa r\u00edkis \u00ed heildarkerfinu er ekki fullkomlega samr\u00e6mislaust var\u00f0veitt. Auk Helar nefna heimildirnir Valh\u00f6ll, h\u00f6ll \u00feeirra sem falli\u00f0 hafa \u00ed bardaga, og r\u00edki gy\u00f0junnar Freyju, sem einnig tekur \u00e1 m\u00f3ti hluta hinna dau\u00f0u.<\/p><p>Hvernig \u00feessi svi\u00f0 tengjast innbyr\u00f0is og eftir hva\u00f0a vi\u00f0mi\u00f0um hinn dau\u00f0i kemst \u00e1 einn sta\u00f0 e\u00f0a annan, er ekki sk\u00fdrt me\u00f0 kerfisbundnum h\u00e6tti \u00ed heimildunum. S\u00fa hugmynd a\u00f0 d\u00e1narors\u00f6k r\u00e1\u00f0i \u00f6rl\u00f6gum \u00ed handanheiminum er algengust, en h\u00fan tekur ekki til allra vitnisbur\u00f0a.<\/p><p>Vi\u00f0 \u00feetta b\u00e6tist sta\u00f0urinn N\u00e1str\u00f6nd, \u201el\u00edkfjaran\u201c, sem <em>V\u00f6lusp\u00e1<\/em> l\u00fdsir, h\u00f6ll ofin \u00far h\u00f6ggormum, \u00fear sem ei\u00f0rofar og mor\u00f0ingjar l\u00ed\u00f0a. Hvort \u00feessi kvalasta\u00f0ur tilheyri r\u00edki Helar e\u00f0a s\u00e9 eigi\u00f0 svi\u00f0 er umr\u00e6\u00f0uefni \u00ed fr\u00e6\u00f0unum; sumir sj\u00e1 \u00fear \u00feegar merki um kristin \u00e1hrif.<\/p><p>Fornnorr\u00e6n handanheimshugmynd er \u00feannig ekkert loka\u00f0 kerfi, heldur samsafn mynda fr\u00e1 \u00f3l\u00edkum t\u00edmum og sv\u00e6\u00f0um, sem mi\u00f0aldasafnendur samr\u00e6mdu a\u00f0eins a\u00f0 hluta. R\u00edki Helar er \u00fear st\u00e6rsta og almennasta svi\u00f0i\u00f0, sta\u00f0ur hinnar venjulegu, \u00f3spennandi dau\u00f0a.<\/p>\t\t\t\t\t\t\t\t<\/div>\n\t\t\t\t<\/div>\n\t\t\t\t\t<\/div>\n\t\t\t\t<\/div>\n\t\t<div class=\"elementor-element elementor-element-36dd7469 e-flex e-con-boxed e-con e-parent\" data-id=\"36dd7469\" data-element_type=\"container\" data-e-type=\"container\">\n\t\t\t\t\t<div class=\"e-con-inner\">\n\t\t\t\t<div class=\"elementor-element elementor-element-13760ab4 elementor-widget elementor-widget-heading\" data-id=\"13760ab4\" data-element_type=\"widget\" data-e-type=\"widget\" data-widget_type=\"heading.default\">\n\t\t\t\t\t<h2 class=\"elementor-heading-title elementor-size-default\">\u00cdtarefni og tenglar<\/h2>\t\t\t\t<\/div>\n\t\t<div class=\"elementor-element elementor-element-28c87796 e-con-full e-flex e-con e-child\" data-id=\"28c87796\" data-element_type=\"container\" data-e-type=\"container\">\n\t\t\t\t<\/div>\n\t\t\t\t\t<\/div>\n\t\t\t\t<\/div>\n\t\t<div class=\"elementor-element elementor-element-grl4kl40 e-flex e-con-boxed e-con e-parent\" data-id=\"grl4kl40\" data-element_type=\"container\" data-e-type=\"container\">\n\t\t\t\t\t<div class=\"e-con-inner\">\n\t\t\t\t<div class=\"elementor-element elementor-element-bzsbfrmh elementor-widget elementor-widget-heading\" data-id=\"bzsbfrmh\" data-element_type=\"widget\" data-e-type=\"widget\" data-widget_type=\"heading.default\">\n\t\t\t\t\t<h2 class=\"elementor-heading-title elementor-size-default\">Heimildir (\u00farval)<\/h2>\t\t\t\t<\/div>\n\t\t<div class=\"elementor-element elementor-element-2c13224a e-con-full e-flex e-con e-child\" data-id=\"2c13224a\" data-element_type=\"container\" data-e-type=\"container\">\n\t\t\t\t<div class=\"elementor-element elementor-element-0eymh9ub elementor-widget elementor-widget-text-editor\" data-id=\"0eymh9ub\" data-element_type=\"widget\" data-e-type=\"widget\" data-widget_type=\"text-editor.default\">\n\t\t\t\t\t\t\t\t\t<footer class=\"iwg-literatur\" data-nosnippet=\"true\"><ul><li><span data-nosnippet>Sturluson, Snorri: <em>Die Snorra-Edda<\/em> (Gylfaginning, Kap. 34 og 49). \u00dcbers. v. Felix Niedner. Diederichs, 1912 (margar endur\u00fatg\u00e1fur).<\/span><\/li><li><span data-nosnippet><em>Die Lieder-Edda<\/em> (Voluspa, Vafthrudnismal, Baldrs draumar). \u00dcbers. v. Felix Niedner. Diederichs, 1912.<\/span><\/li><li><span data-nosnippet>Saxo Grammaticus: <em>Gesta Danorum<\/em> (Books 1-9). Transl. Peter Fisher. Brewer, 1979.<\/span><\/li><li><span data-nosnippet>Turville-Petre, E.O.G.: <em>Myth and Religion of the North: The Religion of Ancient Scandinavia<\/em>. Greenwood Press, 1975.<\/span><\/li><li><span data-nosnippet>Simek, Rudolf: <em>W\u00f6rterbuch der Klassischen Altnordischen <span class=\"iwg-fachbegriff\" data-tooltip=\"Heild var\u00f0veittra go\u00f0sagnafr\u00e1sagna \u00ed einni menningu.\" tabindex=\"0\">Mythologie<\/span><\/em>. Kr\u00f6ner, 1984 (uppflettior\u00f0 \u201eHel\u201c).<\/span><\/li><li><span data-nosnippet>MacLeod, Mindy and Mees, Bernard: <em>Runic Amulets and Magic Objects<\/em>. Boydell Press, 2006.<\/span><\/li><li>Schrader, Lutz und Geuenich, Dieter (Hg.): <em>Reallexikon der Germanischen Altertumskunde<\/em>, Bd. 14 (uppflettior\u00f0 \u201eUndirheimar\u201c).<\/li><\/ul><\/footer>\t\t\t\t\t\t\t\t<\/div>\n\t\t\t\t<\/div>\n\t\t\t\t\t<\/div>\n\t\t\t\t<\/div>\n\t\t\t\t<\/div>\n\t\t","protected":false},"excerpt":{"rendered":"","protected":false},"author":3,"featured_media":1721,"parent":0,"menu_order":0,"comment_status":"closed","ping_status":"closed","template":"elementor_header_footer","meta":{"_yoast_wpseo_focuskw":"Hel","_yoast_wpseo_title":"Hel \u2013 h\u00fasfreyja undirheima, gy\u00f0ja hinna dau\u00f0u \u00ed germanskri go\u00f0afr\u00e6\u00f0i","_yoast_wpseo_metadesc":"Hel: H\u00e1lf lifandi, h\u00e1lf rotnu\u00f0. Harmur Baldurs, go\u00f0sagnir, kristnitaka og germ\u00f6nsk eskat\u00f3l\u00f3g\u00eda sko\u00f0u\u00f0 \u00e1 n\u00fdjan leik.","_yoast_wpseo_meta-robots-noindex":"","_yoast_wpseo_canonical":"","_angie_page":false,"gefaehrdungsstufe":"3","wesen_kultur":"germanisch","wesen_klasse":"goetter","footnotes":""},"categories":[],"class_list":["post-168719","page","type-page","status-publish","has-post-thumbnail","hentry"],"yoast_head":"<!-- This site is optimized with the Yoast SEO Premium plugin v27.7 (Yoast SEO v28.3) - https:\/\/yoast.com\/product\/yoast-seo-premium-wordpress\/ -->\n<title>Hel \u2013 h\u00fasfreyja undirheima, gy\u00f0ja hinna dau\u00f0u \u00ed germanskri go\u00f0afr\u00e6\u00f0i<\/title>\n<meta name=\"description\" content=\"Hel: H\u00e1lf lifandi, h\u00e1lf rotnu\u00f0. Harmur Baldurs, go\u00f0sagnir, kristnitaka og germ\u00f6nsk eskat\u00f3l\u00f3g\u00eda sko\u00f0u\u00f0 \u00e1 n\u00fdjan leik.\" \/>\n<meta name=\"robots\" content=\"index, follow, max-snippet:-1, max-image-preview:large, max-video-preview:-1\" \/>\n<link rel=\"canonical\" href=\"https:\/\/iwell-guard.com\/is\/hel\/\" \/>\n<meta property=\"og:locale\" content=\"is_IS\" \/>\n<meta property=\"og:type\" content=\"article\" \/>\n<meta property=\"og:title\" content=\"Hel\" \/>\n<meta property=\"og:description\" content=\"Hel: H\u00e1lf lifandi, h\u00e1lf rotnu\u00f0. Harmur Baldurs, go\u00f0sagnir, kristnitaka og germ\u00f6nsk eskat\u00f3l\u00f3g\u00eda sko\u00f0u\u00f0 \u00e1 n\u00fdjan leik.\" \/>\n<meta property=\"og:url\" content=\"https:\/\/iwell-guard.com\/is\/hel\/\" \/>\n<meta property=\"og:site_name\" content=\"iWell Guard\" \/>\n<meta property=\"article:modified_time\" content=\"2026-09-05T14:17:41+00:00\" \/>\n<meta property=\"og:image\" content=\"https:\/\/iwell-guard.com\/wp-content\/uploads\/2026\/04\/goetter_germanisch_hel.webp\" \/>\n\t<meta property=\"og:image:width\" content=\"1024\" \/>\n\t<meta property=\"og:image:height\" content=\"1536\" \/>\n\t<meta property=\"og:image:type\" content=\"image\/webp\" \/>\n<meta name=\"twitter:card\" content=\"summary_large_image\" \/>\n<script type=\"application\/ld+json\" class=\"yoast-schema-graph\">{\"@context\":\"https:\\\/\\\/schema.org\",\"@graph\":[{\"@type\":\"WebPage\",\"@id\":\"https:\\\/\\\/iwell-guard.com\\\/is\\\/hel\\\/\",\"url\":\"https:\\\/\\\/iwell-guard.com\\\/is\\\/hel\\\/\",\"name\":\"Hel \u2013 h\u00fasfreyja undirheima, gy\u00f0ja hinna dau\u00f0u \u00ed germanskri go\u00f0afr\u00e6\u00f0i\",\"isPartOf\":{\"@id\":\"https:\\\/\\\/iwell-guard.com\\\/is\\\/#website\"},\"primaryImageOfPage\":{\"@id\":\"https:\\\/\\\/iwell-guard.com\\\/is\\\/hel\\\/#primaryimage\"},\"image\":{\"@id\":\"https:\\\/\\\/iwell-guard.com\\\/is\\\/hel\\\/#primaryimage\"},\"thumbnailUrl\":\"https:\\\/\\\/iwell-guard.com\\\/wp-content\\\/uploads\\\/2026\\\/04\\\/goetter_germanisch_hel.webp\",\"datePublished\":\"2026-09-05T14:02:26+00:00\",\"dateModified\":\"2026-09-05T14:17:41+00:00\",\"description\":\"Hel: H\u00e1lf lifandi, h\u00e1lf rotnu\u00f0. Harmur Baldurs, go\u00f0sagnir, kristnitaka og germ\u00f6nsk eskat\u00f3l\u00f3g\u00eda sko\u00f0u\u00f0 \u00e1 n\u00fdjan leik.\",\"breadcrumb\":{\"@id\":\"https:\\\/\\\/iwell-guard.com\\\/is\\\/hel\\\/#breadcrumb\"},\"inLanguage\":\"is\",\"potentialAction\":[{\"@type\":\"ReadAction\",\"target\":[\"https:\\\/\\\/iwell-guard.com\\\/is\\\/hel\\\/\"]}]},{\"@type\":\"ImageObject\",\"inLanguage\":\"is\",\"@id\":\"https:\\\/\\\/iwell-guard.com\\\/is\\\/hel\\\/#primaryimage\",\"url\":\"https:\\\/\\\/iwell-guard.com\\\/wp-content\\\/uploads\\\/2026\\\/04\\\/goetter_germanisch_hel.webp\",\"contentUrl\":\"https:\\\/\\\/iwell-guard.com\\\/wp-content\\\/uploads\\\/2026\\\/04\\\/goetter_germanisch_hel.webp\",\"width\":1024,\"height\":1536,\"caption\":\"Gu\u00f0ir \u00far germanskri hef\u00f0.\"},{\"@type\":\"BreadcrumbList\",\"@id\":\"https:\\\/\\\/iwell-guard.com\\\/is\\\/hel\\\/#breadcrumb\",\"itemListElement\":[{\"@type\":\"ListItem\",\"position\":1,\"name\":\"Start\",\"item\":\"https:\\\/\\\/iwell-guard.com\\\/is\\\/?page_id=168580\"},{\"@type\":\"ListItem\",\"position\":2,\"name\":\"Hel\"}]},{\"@type\":\"WebSite\",\"@id\":\"https:\\\/\\\/iwell-guard.com\\\/is\\\/#website\",\"url\":\"https:\\\/\\\/iwell-guard.com\\\/is\\\/\",\"name\":\"iWell Guard\",\"description\":\"Schutz vor dunklen Einfl\u00fcssen\",\"publisher\":{\"@id\":\"https:\\\/\\\/iwell-guard.com\\\/is\\\/#organization\"},\"potentialAction\":[{\"@type\":\"SearchAction\",\"target\":{\"@type\":\"EntryPoint\",\"urlTemplate\":\"https:\\\/\\\/iwell-guard.com\\\/is\\\/?s={search_term_string}\"},\"query-input\":{\"@type\":\"PropertyValueSpecification\",\"valueRequired\":true,\"valueName\":\"search_term_string\"}}],\"inLanguage\":\"is\"},{\"@type\":\"Organization\",\"@id\":\"https:\\\/\\\/iwell-guard.com\\\/is\\\/#organization\",\"name\":\"Ittermann electronic GmbH\",\"url\":\"https:\\\/\\\/iwell-guard.com\\\/is\\\/\",\"logo\":{\"@type\":\"ImageObject\",\"inLanguage\":\"is\",\"@id\":\"https:\\\/\\\/iwell-guard.com\\\/is\\\/#\\\/schema\\\/logo\\\/image\\\/\",\"url\":\"https:\\\/\\\/iwell-guard.com\\\/wp-content\\\/uploads\\\/2026\\\/05\\\/Ittermann-Logo-1182x237-1.png\",\"contentUrl\":\"https:\\\/\\\/iwell-guard.com\\\/wp-content\\\/uploads\\\/2026\\\/05\\\/Ittermann-Logo-1182x237-1.png\",\"width\":1182,\"height\":237,\"caption\":\"Ittermann electronic GmbH\"},\"image\":{\"@id\":\"https:\\\/\\\/iwell-guard.com\\\/is\\\/#\\\/schema\\\/logo\\\/image\\\/\"},\"sameAs\":[\"https:\\\/\\\/pantip.com\\\/profile\\\/9367242\",\"https:\\\/\\\/micro.blog\\\/iwellguard\",\"https:\\\/\\\/www.diggerslist.com\\\/iwellguard\\\/about\",\"https:\\\/\\\/skitterphoto.com\\\/photographers\\\/2870314\\\/iwell-guard\",\"https:\\\/\\\/iwellguard.wordpress.com\\\/2026\\\/06\\\/06\\\/iwell-guard\\\/\",\"https:\\\/\\\/hub.docker.com\\\/u\\\/iwellguard\",\"https:\\\/\\\/www.pinterest.com\\\/iwellguard\\\/\",\"https:\\\/\\\/bit.ly\\\/m\\\/iwellguard\",\"https:\\\/\\\/entre-vos-mains.alsace.eu\\\/profiles\\\/iwellguard\\\/activity\",\"https:\\\/\\\/gravatar.com\\\/reallybeded8fd34\",\"https:\\\/\\\/naijamatta.com\\\/iwellguard\",\"https:\\\/\\\/www.goodreads.com\\\/iwellguard\",\"https:\\\/\\\/profile.hatena.ne.jp\\\/iwellguard\\\/\",\"https:\\\/\\\/experiment.com\\\/users\\\/iwellguard\",\"https:\\\/\\\/wakelet.com\\\/@iWellGuard82270\",\"https:\\\/\\\/www.chordie.com\\\/forum\\\/profile.php?id=2555664\",\"https:\\\/\\\/www.instapaper.com\\\/p\\\/17757966\",\"https:\\\/\\\/www.mapleprimes.com\\\/users\\\/iwellguard\",\"https:\\\/\\\/businesslistingplus.com\\\/profile\\\/iwell-guard\\\/\",\"https:\\\/\\\/telegra.ph\\\/iWell-Guard-06-06\",\"https:\\\/\\\/pbase.com\\\/iwellguard\\\/iwellguard\",\"https:\\\/\\\/b.hatena.ne.jp\\\/iwellguard\\\/20260607#bookmark-4788405196491818882\",\"https:\\\/\\\/fliphtml5.com\\\/home\\\/iwellguard\",\"https:\\\/\\\/anyflip.com\\\/homepage\\\/cmiwl#About\",\"https:\\\/\\\/transfur.com\\\/Users\\\/iwellguard\",\"http:\\\/\\\/delphi.larsbo.org\\\/user\\\/iwellguard\",\"https:\\\/\\\/jobs.lajobsportal.org\\\/profiles\\\/8380803-iwell-guard\",\"https:\\\/\\\/md.chaosdorf.de\\\/s\\\/jfbe5SBdJD\",\"https:\\\/\\\/www.lingvolive.com\\\/en-us\\\/profile\\\/9ecaeaca-ce11-4e51-9e71-01d55e2bff36\\\/translations\",\"https:\\\/\\\/www.fitday.com\\\/fitness\\\/forums\\\/members\\\/iwellguard.html\",\"https:\\\/\\\/www.mymeetbook.com\\\/iwellguard\",\"https:\\\/\\\/pxhere.com\\\/en\\\/photographer-me\\\/5040798\",\"https:\\\/\\\/disqus.com\\\/by\\\/iwellguard\\\/about\\\/\",\"https:\\\/\\\/pastelink.net\\\/hjwciqwq\",\"https:\\\/\\\/pubhtml5.com\\\/homepage\\\/scjhn\\\/\",\"https:\\\/\\\/www.bitchute.com\\\/channel\\\/2O2eOKzNqujT\",\"https:\\\/\\\/audiomack.com\\\/iwellguard\"]},{\"@type\":\"Article\",\"@id\":\"https:\\\/\\\/iwell-guard.com\\\/is\\\/hel\\\/#article\",\"isPartOf\":{\"@id\":\"https:\\\/\\\/iwell-guard.com\\\/is\\\/hel\\\/\"},\"author\":{\"name\":\"Ralf Ittermann\",\"@id\":\"https:\\\/\\\/iwell-guard.com\\\/is\\\/#\\\/schema\\\/person\\\/ee2a27f1cac3406c7c6fb5820cb7349f\"},\"headline\":\"Hel\",\"datePublished\":\"2026-09-05T14:02:26+00:00\",\"dateModified\":\"2026-09-05T14:17:41+00:00\",\"mainEntityOfPage\":{\"@id\":\"https:\\\/\\\/iwell-guard.com\\\/is\\\/hel\\\/\"},\"publisher\":{\"@id\":\"https:\\\/\\\/iwell-guard.com\\\/is\\\/#organization\"},\"image\":{\"@id\":\"https:\\\/\\\/iwell-guard.com\\\/is\\\/hel\\\/#primaryimage\"},\"thumbnailUrl\":\"https:\\\/\\\/iwell-guard.com\\\/wp-content\\\/uploads\\\/2026\\\/04\\\/goetter_germanisch_hel.webp\",\"inLanguage\":\"is\",\"description\":\"Hel: H\u00e1lf lifandi, h\u00e1lf rotnu\u00f0. Harmur Baldurs, go\u00f0sagnir, kristnitaka og germ\u00f6nsk eskat\u00f3l\u00f3g\u00eda sko\u00f0u\u00f0 \u00e1 n\u00fdjan leik.\"}]}<\/script>\n<!-- \/ Yoast SEO Premium plugin. -->","yoast_head_json":{"title":"Hel \u2013 h\u00fasfreyja undirheima, gy\u00f0ja hinna dau\u00f0u \u00ed germanskri go\u00f0afr\u00e6\u00f0i","description":"Hel: H\u00e1lf lifandi, h\u00e1lf rotnu\u00f0. Harmur Baldurs, go\u00f0sagnir, kristnitaka og germ\u00f6nsk eskat\u00f3l\u00f3g\u00eda sko\u00f0u\u00f0 \u00e1 n\u00fdjan leik.","robots":{"index":"index","follow":"follow","max-snippet":"max-snippet:-1","max-image-preview":"max-image-preview:large","max-video-preview":"max-video-preview:-1"},"canonical":"https:\/\/iwell-guard.com\/is\/hel\/","og_locale":"is_IS","og_type":"article","og_title":"Hel","og_description":"Hel: H\u00e1lf lifandi, h\u00e1lf rotnu\u00f0. Harmur Baldurs, go\u00f0sagnir, kristnitaka og germ\u00f6nsk eskat\u00f3l\u00f3g\u00eda sko\u00f0u\u00f0 \u00e1 n\u00fdjan leik.","og_url":"https:\/\/iwell-guard.com\/is\/hel\/","og_site_name":"iWell Guard","article_modified_time":"2026-09-05T14:17:41+00:00","og_image":[{"width":1024,"height":1536,"url":"https:\/\/iwell-guard.com\/wp-content\/uploads\/2026\/04\/goetter_germanisch_hel.webp","type":"image\/webp"}],"twitter_card":"summary_large_image","schema":{"@context":"https:\/\/schema.org","@graph":[{"@type":"Article","@id":"https:\/\/iwell-guard.com\/is\/hel\/#article","isPartOf":{"@id":"https:\/\/iwell-guard.com\/is\/hel\/"},"author":{"name":"Ralf Ittermann","@id":"https:\/\/iwell-guard.com\/is\/#\/schema\/person\/ee2a27f1cac3406c7c6fb5820cb7349f"},"headline":"Hel","datePublished":"2026-09-05T14:02:26+00:00","dateModified":"2026-09-05T14:17:41+00:00","mainEntityOfPage":{"@id":"https:\/\/iwell-guard.com\/is\/hel\/"},"publisher":{"@id":"https:\/\/iwell-guard.com\/is\/#organization"},"image":{"@id":"https:\/\/iwell-guard.com\/is\/hel\/#primaryimage"},"thumbnailUrl":"https:\/\/iwell-guard.com\/wp-content\/uploads\/2026\/04\/goetter_germanisch_hel.webp","inLanguage":"is","description":"Hel: H\u00e1lf lifandi, h\u00e1lf rotnu\u00f0. Harmur Baldurs, go\u00f0sagnir, kristnitaka og germ\u00f6nsk eskat\u00f3l\u00f3g\u00eda sko\u00f0u\u00f0 \u00e1 n\u00fdjan leik."},{"@type":"WebPage","@id":"https:\/\/iwell-guard.com\/is\/hel\/","url":"https:\/\/iwell-guard.com\/is\/hel\/","name":"Hel \u2013 h\u00fasfreyja undirheima, gy\u00f0ja hinna dau\u00f0u \u00ed germanskri go\u00f0afr\u00e6\u00f0i","isPartOf":{"@id":"https:\/\/iwell-guard.com\/is\/#website"},"primaryImageOfPage":{"@id":"https:\/\/iwell-guard.com\/is\/hel\/#primaryimage"},"image":{"@id":"https:\/\/iwell-guard.com\/is\/hel\/#primaryimage"},"thumbnailUrl":"https:\/\/iwell-guard.com\/wp-content\/uploads\/2026\/04\/goetter_germanisch_hel.webp","datePublished":"2026-09-05T14:02:26+00:00","dateModified":"2026-09-05T14:17:41+00:00","description":"Hel: H\u00e1lf lifandi, h\u00e1lf rotnu\u00f0. Harmur Baldurs, go\u00f0sagnir, kristnitaka og germ\u00f6nsk eskat\u00f3l\u00f3g\u00eda sko\u00f0u\u00f0 \u00e1 n\u00fdjan leik.","breadcrumb":{"@id":"https:\/\/iwell-guard.com\/is\/hel\/#breadcrumb"},"inLanguage":"is","potentialAction":[{"@type":"ReadAction","target":["https:\/\/iwell-guard.com\/is\/hel\/"]}]},{"@type":"ImageObject","inLanguage":"is","@id":"https:\/\/iwell-guard.com\/is\/hel\/#primaryimage","url":"https:\/\/iwell-guard.com\/wp-content\/uploads\/2026\/04\/goetter_germanisch_hel.webp","contentUrl":"https:\/\/iwell-guard.com\/wp-content\/uploads\/2026\/04\/goetter_germanisch_hel.webp","width":1024,"height":1536,"caption":"Gu\u00f0ir \u00far germanskri hef\u00f0."},{"@type":"BreadcrumbList","@id":"https:\/\/iwell-guard.com\/is\/hel\/#breadcrumb","itemListElement":[{"@type":"ListItem","position":1,"name":"Start","item":"https:\/\/iwell-guard.com\/is\/?page_id=168580"},{"@type":"ListItem","position":2,"name":"Hel"}]},{"@type":"WebSite","@id":"https:\/\/iwell-guard.com\/is\/#website","url":"https:\/\/iwell-guard.com\/is\/","name":"iWell Guard","description":"Schutz vor dunklen Einfl\u00fcssen","publisher":{"@id":"https:\/\/iwell-guard.com\/is\/#organization"},"potentialAction":[{"@type":"SearchAction","target":{"@type":"EntryPoint","urlTemplate":"https:\/\/iwell-guard.com\/is\/?s={search_term_string}"},"query-input":{"@type":"PropertyValueSpecification","valueRequired":true,"valueName":"search_term_string"}}],"inLanguage":"is"},{"@type":"Organization","@id":"https:\/\/iwell-guard.com\/is\/#organization","name":"Ittermann electronic GmbH","url":"https:\/\/iwell-guard.com\/is\/","logo":{"@type":"ImageObject","inLanguage":"is","@id":"https:\/\/iwell-guard.com\/is\/#\/schema\/logo\/image\/","url":"https:\/\/iwell-guard.com\/wp-content\/uploads\/2026\/05\/Ittermann-Logo-1182x237-1.png","contentUrl":"https:\/\/iwell-guard.com\/wp-content\/uploads\/2026\/05\/Ittermann-Logo-1182x237-1.png","width":1182,"height":237,"caption":"Ittermann electronic GmbH"},"image":{"@id":"https:\/\/iwell-guard.com\/is\/#\/schema\/logo\/image\/"},"sameAs":["https:\/\/pantip.com\/profile\/9367242","https:\/\/micro.blog\/iwellguard","https:\/\/www.diggerslist.com\/iwellguard\/about","https:\/\/skitterphoto.com\/photographers\/2870314\/iwell-guard","https:\/\/iwellguard.wordpress.com\/2026\/06\/06\/iwell-guard\/","https:\/\/hub.docker.com\/u\/iwellguard","https:\/\/www.pinterest.com\/iwellguard\/","https:\/\/bit.ly\/m\/iwellguard","https:\/\/entre-vos-mains.alsace.eu\/profiles\/iwellguard\/activity","https:\/\/gravatar.com\/reallybeded8fd34","https:\/\/naijamatta.com\/iwellguard","https:\/\/www.goodreads.com\/iwellguard","https:\/\/profile.hatena.ne.jp\/iwellguard\/","https:\/\/experiment.com\/users\/iwellguard","https:\/\/wakelet.com\/@iWellGuard82270","https:\/\/www.chordie.com\/forum\/profile.php?id=2555664","https:\/\/www.instapaper.com\/p\/17757966","https:\/\/www.mapleprimes.com\/users\/iwellguard","https:\/\/businesslistingplus.com\/profile\/iwell-guard\/","https:\/\/telegra.ph\/iWell-Guard-06-06","https:\/\/pbase.com\/iwellguard\/iwellguard","https:\/\/b.hatena.ne.jp\/iwellguard\/20260607#bookmark-4788405196491818882","https:\/\/fliphtml5.com\/home\/iwellguard","https:\/\/anyflip.com\/homepage\/cmiwl#About","https:\/\/transfur.com\/Users\/iwellguard","http:\/\/delphi.larsbo.org\/user\/iwellguard","https:\/\/jobs.lajobsportal.org\/profiles\/8380803-iwell-guard","https:\/\/md.chaosdorf.de\/s\/jfbe5SBdJD","https:\/\/www.lingvolive.com\/en-us\/profile\/9ecaeaca-ce11-4e51-9e71-01d55e2bff36\/translations","https:\/\/www.fitday.com\/fitness\/forums\/members\/iwellguard.html","https:\/\/www.mymeetbook.com\/iwellguard","https:\/\/pxhere.com\/en\/photographer-me\/5040798","https:\/\/disqus.com\/by\/iwellguard\/about\/","https:\/\/pastelink.net\/hjwciqwq","https:\/\/pubhtml5.com\/homepage\/scjhn\/","https:\/\/www.bitchute.com\/channel\/2O2eOKzNqujT","https:\/\/audiomack.com\/iwellguard"]},{"@type":"Person","@id":"https:\/\/iwell-guard.com\/is\/#\/schema\/person\/ee2a27f1cac3406c7c6fb5820cb7349f","name":"Ralf Ittermann","image":{"@type":"ImageObject","inLanguage":"is","@id":"https:\/\/secure.gravatar.com\/avatar\/073c0153e350a5005b68eb752b445fea71f6b24a26da9449ad7e155e6b446c9d?s=96&d=mm&r=g","url":"https:\/\/secure.gravatar.com\/avatar\/073c0153e350a5005b68eb752b445fea71f6b24a26da9449ad7e155e6b446c9d?s=96&d=mm&r=g","contentUrl":"https:\/\/secure.gravatar.com\/avatar\/073c0153e350a5005b68eb752b445fea71f6b24a26da9449ad7e155e6b446c9d?s=96&d=mm&r=g","caption":"Ralf Ittermann"},"givenName":"Ralf","familyName":"Ittermann","jobTitle":"Gesch\u00e4ftsf\u00fchrer und redaktioneller Verantwortlicher","url":"https:\/\/iwell-guard.com\/is\/author\/claude\/","description":"Ralf Ittermann ist Gesch\u00e4ftsf\u00fchrer der Ittermann electronic GmbH und redaktioneller Verantwortlicher des iWell-Guard-Lexikons. Er verbindet langj\u00e4hrige Erfahrung in der Pr\u00e4zisionsfertigung mit medialer Praxis und religionsgeschichtlicher Quellenarbeit.","worksFor":{"@type":"Organization","name":"Ittermann electronic GmbH","url":"https:\/\/ittermann.de\/","address":{"@type":"PostalAddress","streetAddress":"K\u00f6hlergasse 16-18","postalCode":"99842","addressLocality":"Ruhla","addressCountry":"DE"}},"knowsAbout":["Religionsgeschichte","Mythologie","Mediale Praxis","Energetische Diagnostik","Schutzpraxis","Volksglauben","Westliche Esoterik"]},{"@type":"Article","@id":"https:\/\/iwell-guard.com\/is\/hel\/#article","isPartOf":{"@id":"https:\/\/iwell-guard.com\/is\/hel\/"},"author":{"name":"Ralf Ittermann","@id":"https:\/\/iwell-guard.com\/is\/#\/schema\/person\/ee2a27f1cac3406c7c6fb5820cb7349f"},"headline":"Hel","datePublished":"2026-09-05T14:02:26+00:00","dateModified":"2026-09-05T14:17:41+00:00","mainEntityOfPage":{"@id":"https:\/\/iwell-guard.com\/is\/hel\/"},"publisher":{"@id":"https:\/\/iwell-guard.com\/is\/#organization"},"image":{"@id":"https:\/\/iwell-guard.com\/is\/hel\/#primaryimage"},"thumbnailUrl":"https:\/\/iwell-guard.com\/wp-content\/uploads\/2026\/04\/goetter_germanisch_hel.webp","inLanguage":"is","description":"Hel: H\u00e1lf lifandi, h\u00e1lf rotnu\u00f0. Harmur Baldurs, go\u00f0sagnir, kristnitaka og germ\u00f6nsk eskat\u00f3l\u00f3g\u00eda sko\u00f0u\u00f0 \u00e1 n\u00fdjan leik."}]}},"_links":{"self":[{"href":"https:\/\/iwell-guard.com\/is\/wp-json\/wp\/v2\/pages\/168719","targetHints":{"allow":["GET"]}}],"collection":[{"href":"https:\/\/iwell-guard.com\/is\/wp-json\/wp\/v2\/pages"}],"about":[{"href":"https:\/\/iwell-guard.com\/is\/wp-json\/wp\/v2\/types\/page"}],"author":[{"embeddable":true,"href":"https:\/\/iwell-guard.com\/is\/wp-json\/wp\/v2\/users\/3"}],"replies":[{"embeddable":true,"href":"https:\/\/iwell-guard.com\/is\/wp-json\/wp\/v2\/comments?post=168719"}],"version-history":[{"count":0,"href":"https:\/\/iwell-guard.com\/is\/wp-json\/wp\/v2\/pages\/168719\/revisions"}],"wp:featuredmedia":[{"embeddable":true,"href":"https:\/\/iwell-guard.com\/is\/wp-json\/wp\/v2\/media\/1721"}],"wp:attachment":[{"href":"https:\/\/iwell-guard.com\/is\/wp-json\/wp\/v2\/media?parent=168719"}],"wp:term":[{"taxonomy":"category","embeddable":true,"href":"https:\/\/iwell-guard.com\/is\/wp-json\/wp\/v2\/categories?post=168719"}],"curies":[{"name":"wp","href":"https:\/\/api.w.org\/{rel}","templated":true}]}}