{"id":168715,"date":"2026-09-05T14:02:23","date_gmt":"2026-09-05T14:02:23","guid":{"rendered":"https:\/\/iwell-guard.com\/?page_id=168715"},"modified":"2026-09-05T14:17:36","modified_gmt":"2026-09-05T14:17:36","slug":"marduk","status":"publish","type":"page","link":"https:\/\/iwell-guard.com\/is\/marduk\/","title":{"rendered":"Marduk"},"content":{"rendered":"\t\t<div data-elementor-type=\"wp-page\" data-elementor-id=\"168715\" class=\"elementor elementor-168715 elementor-1880 elementor-bc-flex-widget\" data-elementor-post-type=\"page\">\n\t\t\t\t<div class=\"elementor-element elementor-element-10fdade e-flex e-con-boxed e-con e-parent\" data-id=\"10fdade\" data-element_type=\"container\" data-e-type=\"container\" data-settings=\"{&quot;background_background&quot;:&quot;classic&quot;}\">\n\t\t\t\t\t<div class=\"e-con-inner\">\n\t\t<div class=\"elementor-element elementor-element-herohlft0 e-flex e-con-boxed e-con e-child\" data-id=\"herohlft0\" data-element_type=\"container\" data-e-type=\"container\">\n\t\t\t\t\t<div class=\"e-con-inner\">\n\t\t<div class=\"elementor-element elementor-element-c3ceb64 e-con-full e-flex e-con e-child\" data-id=\"c3ceb64\" data-element_type=\"container\" data-e-type=\"container\">\n\t\t\t\t<div class=\"elementor-element elementor-element-96ae5e1 elementor-widget elementor-widget-heading\" data-id=\"96ae5e1\" data-element_type=\"widget\" data-e-type=\"widget\" data-widget_type=\"heading.default\">\n\t\t\t\t\t<h1 class=\"elementor-heading-title elementor-size-default\">Marduk, gu\u00f0 mes\u00f3p\u00f3tam\u00edskrar hef\u00f0ar<\/h1>\t\t\t\t<\/div>\n\t\t\t\t<div class=\"elementor-element elementor-element-e45238a elementor-widget elementor-widget-text-editor\" data-id=\"e45238a\" data-element_type=\"widget\" data-e-type=\"widget\" data-widget_type=\"text-editor.default\">\n\t\t\t\t\t\t\t\t\t<p>A\u00f0algu\u00f0 Bab\u00fdlons og r\u00edkisgu\u00f0 bab\u00fdlonska go\u00f0aheimsins, sem h\u00f3fst sem sta\u00f0bundinn borgargu\u00f0 og hlaut \u00e1 endanum st\u00f6\u00f0u \u00e6\u00f0sta gu\u00f0lega valdsins. Marduk er \u00ed mi\u00f0ju mes\u00f3p\u00f3tam\u00edsku go\u00f0aheimsins sem sigurvegari \u00ed bar\u00e1ttunni gegn \u00f3rei\u00f0unni og skapari hinnar skipulegu veraldar.<\/p><p>Uppgangur hans fr\u00e1 borgargu\u00f0i Bab\u00fdlons til \u00e6\u00f0sta gu\u00f0s Bab\u00fdlons endurspeglar hina p\u00f3lit\u00edsku \u00fat\u00feenslu Bab\u00fdlons undir Hamm\u00farab\u00ed og er b\u00f3kmenntalega sta\u00f0festur \u00ed En\u00fama Elish, bab\u00fdlonska sk\u00f6punarkv\u00e6\u00f0inu.<\/p><p>Marduk er talinn tamningarma\u00f0ur \u00f3rei\u00f0unnar \u00ed mes\u00f3p\u00f3tam\u00edskri <span class=\"iwg-fachbegriff\" data-tooltip=\"Heildarsafn hef\u00f0bundinna go\u00f0sagna innan menningarheims.\" tabindex=\"0\">go\u00f0afr\u00e6\u00f0i<\/span>.<\/p>\t\t\t\t\t\t\t\t<\/div>\n\t\t\t\t<\/div>\n\t\t<div class=\"elementor-element elementor-element-klsbdg01 e-con-full e-flex e-con e-parent\" data-id=\"klsbdg01\" data-element_type=\"container\" data-e-type=\"container\">\n\t\t\t\t<div class=\"elementor-element elementor-element-klshtm01 elementor-widget elementor-widget-html\" data-id=\"klshtm01\" data-element_type=\"widget\" data-e-type=\"widget\" data-widget_type=\"html.default\">\n\t\t\t\t\t<div class=\"iwg-pill-row\"><span class=\"iwg-klasse-badge\" tabindex=\"0\" data-tooltip=\"Gu\u00f0 \/ gy\u00f0ja: Pers\u00f3nuger\u00f0 \u00e6\u00f0sta m\u00e1ttarvald \u00ed go\u00f0afr\u00e6\u00f0i menningar, me\u00f0 sk\u00fdrum \u00e1hrifasvi\u00f0um, n\u00e1tt\u00faru\u00f6fl, \u00f6rl\u00f6g, str\u00ed\u00f0, frj\u00f3semi. Tilbe\u00f0in me\u00f0 d\u00fdrkun, f\u00f3rnum og hofastofnunum.\">Gu\u00f0<\/span><a href=\"https:\/\/iwell-guard.com\/is\/?page_id=168583\" class=\"iwg-kultur-badge\" tabindex=\"0\" data-tooltip=\"Vagga hinnar skjalfestu tr\u00faarbrag\u00f0a, S\u00famer, Akkad, Bab\u00fdlon, Ass\u00fdr\u00eda (u.\u00fe.b. 3500 f.Kr. til 330 f.Kr.).\">Mes\u00f3p\u00f3tam\u00eda<\/a><a href=\"https:\/\/iwell-guard.com\/is\/?page_id=168707\" class=\"iwg-tradition-badge\" tabindex=\"0\" data-tooltip=\"\u00c6\u00f0stu gu\u00f0ir \u00ed go\u00f0afr\u00e6\u00f0i, kosm\u00edskt yfirvald, sk\u00f6punar- e\u00f0a stj\u00f3rnendae\u00f0li.\">\u00c6\u00f0ri gu\u00f0d\u00f3mur<\/a><\/div>\t\t\t\t<\/div>\n\t\t\t\t<\/div>\n\t\t<div class=\"elementor-element elementor-element-3f74855 e-con-full e-flex e-con e-child\" data-id=\"3f74855\" data-element_type=\"container\" data-e-type=\"container\">\n\t\t\t\t<div class=\"elementor-element elementor-element-1c30362 elementor-toc--minimized-on-tablet elementor-widget elementor-widget-table-of-contents\" data-id=\"1c30362\" data-element_type=\"widget\" data-e-type=\"widget\" data-settings=\"{&quot;exclude_headings_by_selector&quot;:[],&quot;no_headings_message&quot;:&quot;Engar undirfyrirsagnir fundust \\u00e1 \\u00feessari s\\u00ed\\u00f0u.&quot;,&quot;headings_by_tags&quot;:[&quot;h2&quot;,&quot;h3&quot;],&quot;marker_view&quot;:&quot;bullets&quot;,&quot;minimize_box&quot;:&quot;yes&quot;,&quot;icon&quot;:{&quot;value&quot;:&quot;fas fa-circle&quot;,&quot;library&quot;:&quot;fa-solid&quot;,&quot;rendered_tag&quot;:&quot;&lt;svg class=\\&quot;e-font-icon-svg e-fas-circle\\&quot; viewBox=\\&quot;0 0 512 512\\&quot; xmlns=\\&quot;http:\\\/\\\/www.w3.org\\\/2000\\\/svg\\&quot;&gt;&lt;path d=\\&quot;M256 8C119 8 8 119 8 256s111 248 248 248 248-111 248-248S393 8 256 8z\\&quot;&gt;&lt;\\\/path&gt;&lt;\\\/svg&gt;&quot;},&quot;minimized_on&quot;:&quot;tablet&quot;,&quot;hierarchical_view&quot;:&quot;yes&quot;,&quot;min_height&quot;:{&quot;unit&quot;:&quot;px&quot;,&quot;size&quot;:&quot;&quot;,&quot;sizes&quot;:[]},&quot;min_height_tablet&quot;:{&quot;unit&quot;:&quot;px&quot;,&quot;size&quot;:&quot;&quot;,&quot;sizes&quot;:[]},&quot;min_height_mobile&quot;:{&quot;unit&quot;:&quot;px&quot;,&quot;size&quot;:&quot;&quot;,&quot;sizes&quot;:[]}}\" data-widget_type=\"table-of-contents.default\">\n\t\t\t\t\t\t\t\t\t<div class=\"elementor-toc__header\">\n\t\t\t\t\t\t<h2 class=\"elementor-toc__header-title\">\n\t\t\t\tEfnisyfirlit\t\t\t<\/h2>\n\t\t\t\t\t\t\t\t\t\t<div class=\"elementor-toc__toggle-button elementor-toc__toggle-button--expand\" role=\"button\" tabindex=\"0\" aria-controls=\"elementor-toc__1c30362\" aria-expanded=\"true\" aria-label=\"Open table of contents\"><svg aria-hidden=\"true\" class=\"e-font-icon-svg e-fas-chevron-down\" viewBox=\"0 0 448 512\" xmlns=\"http:\/\/www.w3.org\/2000\/svg\"><path d=\"M207.029 381.476L12.686 187.132c-9.373-9.373-9.373-24.569 0-33.941l22.667-22.667c9.357-9.357 24.522-9.375 33.901-.04L224 284.505l154.745-154.021c9.379-9.335 24.544-9.317 33.901.04l22.667 22.667c9.373 9.373 9.373 24.569 0 33.941L240.971 381.476c-9.373 9.372-24.569 9.372-33.942 0z\"><\/path><\/svg><\/div>\n\t\t\t\t<div class=\"elementor-toc__toggle-button elementor-toc__toggle-button--collapse\" role=\"button\" tabindex=\"0\" aria-controls=\"elementor-toc__1c30362\" aria-expanded=\"true\" aria-label=\"Close table of contents\"><svg aria-hidden=\"true\" class=\"e-font-icon-svg e-fas-chevron-up\" viewBox=\"0 0 448 512\" xmlns=\"http:\/\/www.w3.org\/2000\/svg\"><path d=\"M240.971 130.524l194.343 194.343c9.373 9.373 9.373 24.569 0 33.941l-22.667 22.667c-9.357 9.357-24.522 9.375-33.901.04L224 227.495 69.255 381.516c-9.379 9.335-24.544 9.317-33.901-.04l-22.667-22.667c-9.373-9.373-9.373-24.569 0-33.941L207.03 130.525c9.372-9.373 24.568-9.373 33.941-.001z\"><\/path><\/svg><\/div>\n\t\t\t\t\t<\/div>\n\t\t\t\t<div id=\"elementor-toc__1c30362\" class=\"elementor-toc__body\">\n\t\t\t<div class=\"elementor-toc__spinner-container\">\n\t\t\t\t<svg class=\"elementor-toc__spinner eicon-animation-spin e-font-icon-svg e-eicon-loading\" aria-hidden=\"true\" viewBox=\"0 0 1000 1000\" xmlns=\"http:\/\/www.w3.org\/2000\/svg\"><path d=\"M500 975V858C696 858 858 696 858 500S696 142 500 142 142 304 142 500H25C25 237 238 25 500 25S975 237 975 500 763 975 500 975Z\"><\/path><\/svg>\t\t\t<\/div>\n\t\t<\/div>\n\t\t\t\t\t\t<\/div>\n\t\t\t\t<\/div>\n\t\t\t\t\t<\/div>\n\t\t\t\t<\/div>\n\t\t<div class=\"elementor-element elementor-element-herorght0 e-con-full e-flex e-con e-child\" data-id=\"herorght0\" data-element_type=\"container\" data-e-type=\"container\">\n\t\t\t\t<div class=\"elementor-element elementor-element-heroimg00 iwg-hero-image elementor-widget elementor-widget-image\" data-id=\"heroimg00\" data-element_type=\"widget\" data-e-type=\"widget\" data-widget_type=\"image.default\">\n\t\t\t\t\t\t\t\t\t\t\t\t\t\t\t<img fetchpriority=\"high\" decoding=\"async\" width=\"683\" height=\"1024\" src=\"https:\/\/iwell-guard.com\/wp-content\/uploads\/2026\/04\/goetter_mesopotamien_marduk-683x1024.webp\" class=\"attachment-large size-large wp-image-171066\" alt=\"Marduk - gu\u00f0ir \u00far mes\u00f3p\u00f3tam\u00edskri hef\u00f0, s\u00f6guleg-myndr\u00e6n framsetning\" srcset=\"https:\/\/iwell-guard.com\/wp-content\/uploads\/2026\/04\/goetter_mesopotamien_marduk-683x1024.webp 683w, https:\/\/iwell-guard.com\/wp-content\/uploads\/2026\/04\/goetter_mesopotamien_marduk-200x300.webp 200w, https:\/\/iwell-guard.com\/wp-content\/uploads\/2026\/04\/goetter_mesopotamien_marduk-768x1152.webp 768w, https:\/\/iwell-guard.com\/wp-content\/uploads\/2026\/04\/goetter_mesopotamien_marduk.webp 1024w\" sizes=\"(max-width: 683px) 100vw, 683px\" \/>\t\t\t\t\t\t\t\t\t\t\t\t\t\t\t<\/div>\n\t\t\t\t<\/div>\n\t\t\t\t\t<\/div>\n\t\t\t\t<\/div>\n\t\t<div class=\"elementor-element elementor-element-32917199 e-flex e-con-boxed e-con e-parent\" data-id=\"32917199\" data-element_type=\"container\" data-e-type=\"container\">\n\t\t\t\t\t<div class=\"e-con-inner\">\n\t\t<div class=\"elementor-element elementor-element-26e916cb e-flex e-con-boxed e-con e-child\" data-id=\"26e916cb\" data-element_type=\"container\" data-e-type=\"container\">\n\t\t\t\t\t<div class=\"e-con-inner\">\n\t\t<div class=\"elementor-element elementor-element-253a40d4 e-flex e-con-boxed e-con e-child\" data-id=\"253a40d4\" data-element_type=\"container\" data-e-type=\"container\">\n\t\t\t\t\t<div class=\"e-con-inner\">\n\t\t\t\t<div class=\"elementor-element elementor-element-1200c304 elementor-widget elementor-widget-heading\" data-id=\"1200c304\" data-element_type=\"widget\" data-e-type=\"widget\" data-widget_type=\"heading.default\">\n\t\t\t\t\t<h2 class=\"elementor-heading-title elementor-size-default\">Marduk<\/h2>\t\t\t\t<\/div>\n\t\t\t\t\t<\/div>\n\t\t\t\t<\/div>\n\t\t<div class=\"elementor-element elementor-element-159dcf9a e-flex e-con-boxed e-con e-child\" data-id=\"159dcf9a\" data-element_type=\"container\" data-e-type=\"container\">\n\t\t\t\t\t<div class=\"e-con-inner\">\n\t\t\t\t<div class=\"elementor-element elementor-element-48cee66f elementor-widget elementor-widget-heading\" data-id=\"48cee66f\" data-element_type=\"widget\" data-e-type=\"widget\" data-widget_type=\"heading.default\">\n\t\t\t\t\t<h2 class=\"elementor-heading-title elementor-size-default\">Stutt yfirlit: Marduk<\/h2>\t\t\t\t<\/div>\n\t\t\t\t<div class=\"elementor-element elementor-element-3f50d82c elementor-widget elementor-widget-text-editor\" data-id=\"3f50d82c\" data-element_type=\"widget\" data-e-type=\"widget\" data-widget_type=\"text-editor.default\">\n\t\t\t\t\t\t\t\t\t<p><strong>Tegund:<\/strong> A\u00f0algu\u00f0 Mes\u00f3p\u00f3tam\u00edu, r\u00edkisgu\u00f0 Bab\u00fdlons<br><span class=\"iwg-fachbegriff\" data-tooltip=\"Heildarsafn gu\u00f0a innan tr\u00faarbrag\u00f0a e\u00f0a menningarheims.\" tabindex=\"0\">Go\u00f0aheimur<\/span>: Bab\u00fdlon (a\u00f0algu\u00f0 bab\u00fdlonska go\u00f0aheimsins), Ass\u00far (sem aukahlutverk sem Bel)<br>Hlutverk: sk\u00f6pun, konungd\u00f3mur, stormar, r\u00e9ttl\u00e6ti, efnahagur<br>A\u00f0aleinkenni: v\u00e6ngja\u00f0ur dreki (Mushhushshu), sk\u00f3fla (marru), h\u00e1r h\u00f6fu\u00f0b\u00fana\u00f0ur<br>A\u00f0al d\u00fdrkunarsta\u00f0ir: Bab\u00fdlon (Esagila-<span class=\"iwg-fachbegriff\" data-tooltip=\"Bygging sem er notu\u00f0 til d\u00fdrkunar \u00e1 einni e\u00f0a fleiri gu\u00f0um.\" tabindex=\"0\">hofinu<\/span> me\u00f0 Etemenanki-z\u00edkk\u00faratnum), Borsippa (sonurinn Nabu)<br>Stjarnfr\u00e6\u00f0ileg samsv\u00f6run: J\u00fap\u00edter (Salbatu)<\/p>\t\t\t\t\t\t\t\t<\/div>\n\t\t\t\t\t<\/div>\n\t\t\t\t<\/div>\n\t\t\t\t\t<\/div>\n\t\t\t\t<\/div>\n\t\t\t\t\t<\/div>\n\t\t\t\t<\/div>\n\t\t<div class=\"elementor-element elementor-element-18613602 e-flex e-con-boxed e-con e-parent\" data-id=\"18613602\" data-element_type=\"container\" data-e-type=\"container\">\n\t\t\t\t\t<div class=\"e-con-inner\">\n\t\t\t\t<div class=\"elementor-element elementor-element-262b8a9f elementor-widget elementor-widget-heading\" data-id=\"262b8a9f\" data-element_type=\"widget\" data-e-type=\"widget\" data-widget_type=\"heading.default\">\n\t\t\t\t\t<h2 class=\"elementor-heading-title elementor-size-default\">Samhengi<\/h2>\t\t\t\t<\/div>\n\t\t<div class=\"elementor-element elementor-element-46dcb7d e-con-full e-flex e-con e-child\" data-id=\"46dcb7d\" data-element_type=\"container\" data-e-type=\"container\">\n\t\t<div class=\"elementor-element elementor-element-61d3ab3 e-flex e-con-boxed e-con e-child\" data-id=\"61d3ab3\" data-element_type=\"container\" data-e-type=\"container\">\n\t\t\t\t\t<div class=\"e-con-inner\">\n\t\t\t\t<div class=\"elementor-element elementor-element-117c166 elementor-widget elementor-widget-heading\" data-id=\"117c166\" data-element_type=\"widget\" data-e-type=\"widget\" data-widget_type=\"heading.default\">\n\t\t\t\t\t<div class=\"elementor-heading-title elementor-size-default\">T\u00edmabil textanna<\/div>\t\t\t\t<\/div>\n\t\t\t\t<div class=\"elementor-element elementor-element-73997a0 elementor-widget elementor-widget-text-editor\" data-id=\"73997a0\" data-element_type=\"widget\" data-e-type=\"widget\" data-widget_type=\"text-editor.default\">\n\t\t\t\t\t\t\t\t\t<p>Marduk er sta\u00f0festur allt fr\u00e1 fornbab\u00fdlonska t\u00edmanum (upphaf 2. \u00e1r\u00fe\u00fasunds f.Kr.) sem sta\u00f0bundinn borgargu\u00f0 Bab\u00fdlons. A\u00f0aluppgangur hans til r\u00edkisgu\u00f0s var\u00f0 undir Hamm\u00farab\u00ed (u.\u00fe.b. 1750 f.Kr.). \u00cd n\u00fdbab\u00fdlonska r\u00edkinu (Nabopolassar, Neb\u00fakadnesar II.) var hann or\u00f0inn algj\u00f6r a\u00f0algu\u00f0.<\/p><p><em>En\u00fama Elish<\/em> (sk\u00f6punarkv\u00e6\u00f0i\u00f0, 12. \u00f6ld f.Kr.) sta\u00f0festir Marduk sem skapara veraldarins \u00far \u00f3rei\u00f0udrekanum T\u00edamat. <span class=\"iwg-fachbegriff\" data-tooltip=\"Bygging sem er notu\u00f0 til d\u00fdrkunar \u00e1 einni e\u00f0a fleiri gu\u00f0um.\" tabindex=\"0\">Hofsamst\u00e6\u00f0an<\/span> hans <em>Esagila<\/em> me\u00f0 z\u00edkk\u00faratinum <em>Etemenanki<\/em> (\u201eBabelsturninn\u201c) var eitt af undrum <span class=\"iwg-fachbegriff\" data-tooltip=\"T\u00edmabil gr\u00edsk-r\u00f3mverskrar menningar, um \u00fea\u00f0 bil 800 f.Kr. til 600 e.Kr.\" tabindex=\"0\">fornaldarins<\/span>.<\/p>\t\t\t\t\t\t\t\t<\/div>\n\t\t\t\t\t<\/div>\n\t\t\t\t<\/div>\n\t\t<div class=\"elementor-element elementor-element-d47b156 e-flex e-con-boxed e-con e-child\" data-id=\"d47b156\" data-element_type=\"container\" data-e-type=\"container\">\n\t\t\t\t\t<div class=\"e-con-inner\">\n\t\t\t\t<div class=\"elementor-element elementor-element-ff38c2b elementor-widget elementor-widget-heading\" data-id=\"ff38c2b\" data-element_type=\"widget\" data-e-type=\"widget\" data-widget_type=\"heading.default\">\n\t\t\t\t\t<div class=\"elementor-heading-title elementor-size-default\">\u00datbrei\u00f0slusv\u00e6\u00f0i<\/div>\t\t\t\t<\/div>\n\t\t\t\t<div class=\"elementor-element elementor-element-4e49fcc elementor-widget elementor-widget-text-editor\" data-id=\"4e49fcc\" data-element_type=\"widget\" data-e-type=\"widget\" data-widget_type=\"text-editor.default\">\n\t\t\t\t\t\t\t\t\t<p>A\u00f0al d\u00fdrkunarsta\u00f0ur var <strong>Bab\u00fdlon<\/strong> me\u00f0 <em>Esagila<\/em>&#8211;<span class=\"iwg-fachbegriff\" data-tooltip=\"Bygging sem er notu\u00f0 til d\u00fdrkunar \u00e1 einni e\u00f0a fleiri gu\u00f0um.\" tabindex=\"0\">hofinu<\/span> og z\u00edkk\u00faratinum <em>Etemenanki<\/em>. Auk \u00feess Borsippa (<span class=\"iwg-fachbegriff\" data-tooltip=\"Bygging sem er notu\u00f0 til d\u00fdrkunar \u00e1 einni e\u00f0a fleiri gu\u00f0um.\" tabindex=\"0\">hof<\/span> sonarins Nabu), Sippar, N\u00edn\u00edve (aukahlutverk).<\/p><p>\u00c1rlega <em>Akitu<\/em>&#8211;<span class=\"iwg-fachbegriff\" data-tooltip=\"H\u00e1t\u00ed\u00f0leg tr\u00faarleg ganga.\" tabindex=\"0\">skr\u00fa\u00f0gangan<\/span> (n\u00fd\u00e1rsh\u00e1tt\u00ed\u00f0in, \u00ed m\u00e1nu\u00f0inum N\u00edsan) var st\u00e6rsta bab\u00fdlonska \u00fej\u00f3\u00f0h\u00e1t\u00ed\u00f0in. Marduk var fluttur \u00ed h\u00e1t\u00ed\u00f0legri <span class=\"iwg-fachbegriff\" data-tooltip=\"H\u00e1t\u00ed\u00f0leg tr\u00faarleg ganga.\" tabindex=\"0\">skr\u00fa\u00f0g\u00f6ngu<\/span> um borgina og konungurinn endurn\u00fdja\u00f0i umbo\u00f0 sitt. \u00c1 t\u00edmum Akemen\u00edda og Selevk\u00edda hnigna\u00f0i d\u00fdrkunin; \u00e1 1. \u00f6ld e.Kr. logna\u00f0ist <span class=\"iwg-fachbegriff\" data-tooltip=\"Heildarsafn tr\u00faarlegra d\u00fdrkunarathafna fyrir gu\u00f0 e\u00f0a heilaga v\u00e6tti.\" tabindex=\"0\">d\u00fdrkunin<\/span> alveg \u00fat.<\/p>\t\t\t\t\t\t\t\t<\/div>\n\t\t\t\t\t<\/div>\n\t\t\t\t<\/div>\n\t\t\t\t<\/div>\n\t\t<div class=\"elementor-element elementor-element-db03c39 e-con-full e-flex e-con e-child\" data-id=\"db03c39\" data-element_type=\"container\" data-e-type=\"container\">\n\t\t<div class=\"elementor-element elementor-element-229a87b e-flex e-con-boxed e-con e-child\" data-id=\"229a87b\" data-element_type=\"container\" data-e-type=\"container\">\n\t\t\t\t\t<div class=\"e-con-inner\">\n\t\t\t\t<div class=\"elementor-element elementor-element-1f471fc elementor-widget elementor-widget-heading\" data-id=\"1f471fc\" data-element_type=\"widget\" data-e-type=\"widget\" data-widget_type=\"heading.default\">\n\t\t\t\t\t<div class=\"elementor-heading-title elementor-size-default\">Heimildasta\u00f0a<\/div>\t\t\t\t<\/div>\n\t\t\t\t<div class=\"elementor-element elementor-element-36b1201 elementor-widget elementor-widget-text-editor\" data-id=\"36b1201\" data-element_type=\"widget\" data-e-type=\"widget\" data-widget_type=\"text-editor.default\">\n\t\t\t\t\t\t\t\t\t<p>Meginheimildir: <em>En\u00fama Elish<\/em> (sk\u00f6punarkv\u00e6\u00f0i\u00f0, 7 spjaldt\u00f6flur), <em>Hamm\u00farab\u00ed-<span class=\"iwg-fachbegriff\" data-tooltip=\"Uppstandandi steinn e\u00f0a vi\u00f0arplata me\u00f0 \u00e1letrun e\u00f0a myndum.\" tabindex=\"0\">stelan<\/span><\/em> (valdaframsal til Marduk), <em>Erra<\/em>-kv\u00e6\u00f0i\u00f0, n\u00fdbab\u00fdlonskar konungs\u00e1letranir (Nabopolassar, Neb\u00fakadnesar II., Nab\u00f3n\u00eddus). Aukaheimildir: Lambert, <em>Babylonian Creation Myths<\/em>; Sommerfeld, <em>Der Aufstieg Marduks<\/em>; Bott\u00e9ro, <em>La plus vieille religion<\/em>; Black\/Green, <em>Gods, Demons and Symbols<\/em>.<\/p>\t\t\t\t\t\t\t\t<\/div>\n\t\t\t\t\t<\/div>\n\t\t\t\t<\/div>\n\t\t\t\t<\/div>\n\t\t\t\t\t<\/div>\n\t\t\t\t<\/div>\n\t\t<div class=\"elementor-element elementor-element-3ae0637c e-flex e-con-boxed e-con e-parent\" data-id=\"3ae0637c\" data-element_type=\"container\" data-e-type=\"container\">\n\t\t\t\t\t<div class=\"e-con-inner\">\n\t\t\t\t<div class=\"elementor-element elementor-element-31d07739 elementor-widget elementor-widget-heading\" data-id=\"31d07739\" data-element_type=\"widget\" data-e-type=\"widget\" data-widget_type=\"heading.default\">\n\t\t\t\t\t<h2 class=\"elementor-heading-title elementor-size-default\">Nafn og heiti<\/h2>\t\t\t\t<\/div>\n\t\t<div class=\"elementor-element elementor-element-b7642947 e-con-full e-flex e-con e-child\" data-id=\"b7642947\" data-element_type=\"container\" data-e-type=\"container\">\n\t\t\t\t<div class=\"elementor-element elementor-element-a086266 elementor-widget elementor-widget-text-editor\" data-id=\"a086266\" data-element_type=\"widget\" data-e-type=\"widget\" data-widget_type=\"text-editor.default\">\n\t\t\t\t\t\t\t\t\t<p><strong>Akkad\u00edska:<\/strong> Marduk (MAR.DUK \u00ed fleygr\u00fanum), hugsanlegur uppruni: \u201ek\u00e1lfur \u00datu\u201c e\u00f0a \u201esonur lj\u00f3ssins\u201c, en or\u00f0sifjafr\u00e6\u00f0in er umdeild. Vi\u00f0urnefni: <em>Bel<\/em> (\u201eherra\u201c, s\u00ed\u00f0ari t\u00edma sta\u00f0alheiti, s\u00e9rstaklega \u00e1 hellen\u00edsku t\u00edmabilinu), <em>Merodach<\/em> (gr\u00edsk umritun), <em>Lugal-dimmer-ankia<\/em> (s\u00famersk samsv\u00f6run: \u201ekonungur gu\u00f0a landsins\u201c).<\/p><p>Gu\u00f0fr\u00e6\u00f0ilegu 50 n\u00f6fnin: \u00cd En\u00fama Elish er Marduk gefin 50 n\u00f6fn, hvert eitt yfirtaka \u00e1 hlutverkum annarra bab\u00fdlonskra gu\u00f0a, <span class=\"iwg-fachbegriff\" data-tooltip=\"T\u00e1kn sem stendur fyrir hugmynd e\u00f0a merkingu.\" tabindex=\"0\">t\u00e1kn<\/span> um yfirbur\u00f0i hans. Bibl\u00eduleg endurt\u00falkun: \u201eBel\u201c \u00ed Jerem\u00eda og Dan\u00edel; \u201eMerodach\u201c sem skur\u00f0go\u00f0sheiti \u00ed hellen\u00edskum heimildum.<\/p>\t\t\t\t\t\t\t\t<\/div>\n\t\t\t\t<\/div>\n\t\t\t\t\t<\/div>\n\t\t\t\t<\/div>\n\t\t<div class=\"elementor-element elementor-element-709a44a8 e-flex e-con-boxed e-con e-parent\" data-id=\"709a44a8\" data-element_type=\"container\" data-e-type=\"container\">\n\t\t\t\t\t<div class=\"e-con-inner\">\n\t\t\t\t<div class=\"elementor-element elementor-element-2f585873 elementor-widget elementor-widget-heading\" data-id=\"2f585873\" data-element_type=\"widget\" data-e-type=\"widget\" data-widget_type=\"heading.default\">\n\t\t\t\t\t<h2 class=\"elementor-heading-title elementor-size-default\">L\u00fdsing<\/h2>\t\t\t\t<\/div>\n\t\t<div class=\"elementor-element elementor-element-70621c12 e-con-full e-flex e-con e-child\" data-id=\"70621c12\" data-element_type=\"container\" data-e-type=\"container\">\n\t\t\t\t<div class=\"elementor-element elementor-element-4296eb49 elementor-widget elementor-widget-text-editor\" data-id=\"4296eb49\" data-element_type=\"widget\" data-e-type=\"widget\" data-widget_type=\"text-editor.default\">\n\t\t\t\t\t\t\t\t\t<p><strong>\u00datlit<\/strong><\/p><p>Marduk er venjulega s\u00fdndur sem fullvaxinn, skeggja\u00f0ur ma\u00f0ur, sitjandi \u00ed h\u00e1s\u00e6ti e\u00f0a gangandi, \u00ed konunglegum kl\u00e6\u00f0um. Hornak\u00f3r\u00f3nan (<em>agus<\/em>) er t\u00e1kn um gu\u00f0d\u00f3mleika hans. Lj\u00f3skransi umlykur h\u00f6fu\u00f0 hans.<\/p><p>\u00cd h\u00f6ndunum heldur hann \u00e1 spa\u00f0anum <em>Marru<\/em>, sk\u00f6punar- og skipulagst\u00e6ki, e\u00f0a veldissprota. Mushhushshu-drekinn (einnig kalla\u00f0ur Sirrush), sj\u00f6h\u00f6f\u00f0a \u00f3argard\u00fdr me\u00f0 framf\u00e6tur lj\u00f3ns og afturf\u00e6tur endur, \u00fej\u00f3nar honum sem rei\u00f0skj\u00f3ti e\u00f0a verndarandi.<\/p><p><strong>E\u00f0li og verk<\/strong><\/p><p>Marduk er ekki frumskapari heldur s\u00e1 sem skapar skipulag \u00far ringulrei\u00f0. \u00cd Enuma Elish berst hann vi\u00f0 frumgy\u00f0juna Tiamat, sigrar hana og skapar himin og j\u00f6r\u00f0 \u00far l\u00edkama hennar. \u00deannig festir hann \u00ed sessi \u00fe\u00e1 heimss\u00fdn sem byggist \u00e1 skipulagi kosm\u00f3sins.<\/p><p>Hann er verndari r\u00e9ttl\u00e6tis, d\u00f3mari gu\u00f0anna og verndari mannlegrar reglu. Sem borgargu\u00f0 Bab\u00fdlonar m\u00f3ta\u00f0i hann opinbert <span class=\"iwg-fachbegriff\" data-tooltip=\"Regluleg atbur\u00f0ar\u00e1s t\u00e1kngj\u00f6r\u00f0ra athafna me\u00f0 tr\u00faarlega e\u00f0a menningarlega merkingu.\" tabindex=\"0\">helgisi\u00f0i<\/span>, s\u00e9rstaklega Akitu-n\u00fd\u00e1rsh\u00e1t\u00ed\u00f0ina, \u00fear sem yfirbur\u00f0ir hans voru endursta\u00f0festir \u00e1rlega.<\/p><p><strong>\u00datlit og t\u00e1knm\u00e1l<\/strong><\/p><p><em>Marduk<\/em> er s\u00fdndur sem m\u00e1ttugur, skeggja\u00f0ur ma\u00f0ur me\u00f0 h\u00e1a k\u00f3r\u00f3nu (<em>Marru<\/em>) og kl\u00e6\u00f0um sem s\u00fdna konunglegt vald hans. Hann ber gullinn veldissprota og er oft umlukinn gylltum e\u00f0a silfru\u00f0um lj\u00f3ma.<\/p><p>Vi\u00f0 hli\u00f0 s\u00e9r ber hann logandi sver\u00f0 e\u00f0a \u00f6nnur str\u00ed\u00f0svopn. \u00cd skapandi mynd er hann oft s\u00fdndur me\u00f0 einhvers konar skapandi lj\u00f3si e\u00f0a orku. Heilagt d\u00fdr hans er drekinn <em>Tiamat<\/em> (e\u00f0a fimmh\u00f6f\u00f0a drekinn <em>Ushum<\/em>), <span class=\"iwg-fachbegriff\" data-tooltip=\"T\u00e1kn sem stendur fyrir \u00e1kve\u00f0na hugmynd e\u00f0a merkingu.\" tabindex=\"0\">t\u00e1kn<\/span> yfirr\u00e1\u00f0a hans yfir ka\u00f3t\u00edskum kr\u00f6ftum.<\/p>\t\t\t\t\t\t\t\t<\/div>\n\t\t\t\t<\/div>\n\t\t\t\t\t<\/div>\n\t\t\t\t<\/div>\n\t\t<div class=\"elementor-element elementor-element-44e71476 e-flex e-con-boxed e-con e-parent\" data-id=\"44e71476\" data-element_type=\"container\" data-e-type=\"container\">\n\t\t\t\t\t<div class=\"e-con-inner\">\n\t\t\t\t<div class=\"elementor-element elementor-element-3c1fc3f0 elementor-widget elementor-widget-heading\" data-id=\"3c1fc3f0\" data-element_type=\"widget\" data-e-type=\"widget\" data-widget_type=\"heading.default\">\n\t\t\t\t\t<h2 class=\"elementor-heading-title elementor-size-default\">Yfirlit: Marduk<\/h2>\t\t\t\t<\/div>\n\t\t<div class=\"elementor-element elementor-element-84f33b8e e-con-full e-flex e-con e-child\" data-id=\"84f33b8e\" data-element_type=\"container\" data-e-type=\"container\">\n\t\t\t\t<div class=\"elementor-element elementor-element-hqkdc67p elementor-widget elementor-widget-text-editor\" data-id=\"hqkdc67p\" data-element_type=\"widget\" data-e-type=\"widget\" data-widget_type=\"text-editor.default\">\n\t\t\t\t\t\t\t\t\t<p>Mikilv\u00e6gustu \u00fe\u00e6ttir Marduks \u00ed hnotskurn. Eftirfarandi svi\u00f0 draga saman uppruna, hlutverk, \u00fatlit, tilbei\u00f0slu, t\u00e1kn og hli\u00f0st\u00e6\u00f0ur.<\/p>\t\t\t\t\t\t\t\t<\/div>\n\t\t\t\t<\/div>\n\t\t<div class=\"elementor-element elementor-element-pemmx7c5 e-con-full e-flex e-con e-child\" data-id=\"pemmx7c5\" data-element_type=\"container\" data-e-type=\"container\">\n\t\t<div class=\"elementor-element elementor-element-pemmx7c1 e-con-full e-flex e-con e-child\" data-id=\"pemmx7c1\" data-element_type=\"container\" data-e-type=\"container\">\n\t\t<div class=\"elementor-element elementor-element-qh9oavvu iwg-steckbrief-card e-flex e-con-boxed e-con e-child\" data-id=\"qh9oavvu\" data-element_type=\"container\" data-e-type=\"container\">\n\t\t\t\t\t<div class=\"e-con-inner\">\n\t\t\t\t<div class=\"elementor-element elementor-element-awzx8k2k elementor-widget elementor-widget-heading\" data-id=\"awzx8k2k\" data-element_type=\"widget\" data-e-type=\"widget\" data-widget_type=\"heading.default\">\n\t\t\t\t\t<div class=\"elementor-heading-title elementor-size-default\">Hef\u00f0<\/div>\t\t\t\t<\/div>\n\t\t\t\t<div class=\"elementor-element elementor-element-x6rowhv0 elementor-widget elementor-widget-text-editor\" data-id=\"x6rowhv0\" data-element_type=\"widget\" data-e-type=\"widget\" data-widget_type=\"text-editor.default\">\n\t\t\t\t\t\t\t\t\t<p>Marduk er sonur <em>Ea<\/em> (Enki, vatnagu\u00f0s) og <em>Damkina<\/em>. \u00cd <em>Enuma Elish<\/em> er hann hetja yngri kynsl\u00f3\u00f0ar gu\u00f0anna, sem berst vi\u00f0 frumgy\u00f0juna <em>Tiamat<\/em> (ringulrei\u00f0ar-dreka) og sigrar hana; \u00far l\u00edkama hennar skapar hann himin og j\u00f6r\u00f0.<\/p><p>Fa\u00f0ir <em>Nabu<\/em> (gu\u00f0s skriftar), eiginma\u00f0ur <em>Sarpanitu<\/em>. \u00c1 vegfer\u00f0 sinni til a\u00f0 ver\u00f0a r\u00edkisgu\u00f0 f\u00e6r hann <em>50 n\u00f6fnin<\/em>, sem eigna honum hlutverk allra annarra gu\u00f0a (gu\u00f0fr\u00e6\u00f0ileg sam\u00fej\u00f6ppun).<\/p>\t\t\t\t\t\t\t\t<\/div>\n\t\t\t\t\t<\/div>\n\t\t\t\t<\/div>\n\t\t<div class=\"elementor-element elementor-element-8e3o4kxs iwg-steckbrief-card e-flex e-con-boxed e-con e-child\" data-id=\"8e3o4kxs\" data-element_type=\"container\" data-e-type=\"container\">\n\t\t\t\t\t<div class=\"e-con-inner\">\n\t\t\t\t<div class=\"elementor-element elementor-element-08rkdgov elementor-widget elementor-widget-heading\" data-id=\"08rkdgov\" data-element_type=\"widget\" data-e-type=\"widget\" data-widget_type=\"heading.default\">\n\t\t\t\t\t<div class=\"elementor-heading-title elementor-size-default\">Hlutverk Marduks<\/div>\t\t\t\t<\/div>\n\t\t\t\t<div class=\"elementor-element elementor-element-uwjelx8s elementor-widget elementor-widget-text-editor\" data-id=\"uwjelx8s\" data-element_type=\"widget\" data-e-type=\"widget\" data-widget_type=\"text-editor.default\">\n\t\t\t\t\t\t\t\t\t<p>R\u00edkisgu\u00f0 Bab\u00fdlonar, s\u00e9rhver konungur f\u00e9kk vald sitt \u00far hendi Marduks. Skapari heimsins (\u00ed Enuma Elish), \u00e1byrg\u00f0arma\u00f0ur kosm\u00edsks skipulags. Verndari efnahags og velfer\u00f0ar Bab\u00fdlonar. Storm- og ve\u00f0urgu\u00f0 (\u00ed eldra sta\u00f0bundnu hlutverki s\u00ednu). \u00cd pers\u00f3nulegum <span class=\"iwg-fachbegriff\" data-tooltip=\"Heild tr\u00faarlegra tilbei\u00f0sluathafna gagnvart gu\u00f0i e\u00f0a heilagri veru.\" tabindex=\"0\">helgid\u00f3mi<\/span> var hann einnig <span class=\"iwg-fachbegriff\" data-tooltip=\"\u00dea\u00f0 a\u00f0 \u00e1varpa e\u00f0a \u00e1heita gu\u00f0 e\u00f0a m\u00e1tt me\u00f0 b\u00e6n.\" tabindex=\"0\">\u00e1kalla\u00f0ur<\/span> til verndar gegn sj\u00fakd\u00f3mum, gl\u00e6pum og dj\u00f6fullegri \u00e1reitni; stjarna hans (J\u00fap\u00edter) \u00fe\u00f3tti fyrirbo\u00f0i heilla.<\/p>\t\t\t\t\t\t\t\t<\/div>\n\t\t\t\t\t<\/div>\n\t\t\t\t<\/div>\n\t\t<div class=\"elementor-element elementor-element-jm2n74ec iwg-steckbrief-card e-flex e-con-boxed e-con e-child\" data-id=\"jm2n74ec\" data-element_type=\"container\" data-e-type=\"container\">\n\t\t\t\t\t<div class=\"e-con-inner\">\n\t\t\t\t<div class=\"elementor-element elementor-element-8vufse4c elementor-widget elementor-widget-heading\" data-id=\"8vufse4c\" data-element_type=\"widget\" data-e-type=\"widget\" data-widget_type=\"heading.default\">\n\t\t\t\t\t<div class=\"elementor-heading-title elementor-size-default\">Framsetning<\/div>\t\t\t\t<\/div>\n\t\t\t\t<div class=\"elementor-element elementor-element-mwb9u015 elementor-widget elementor-widget-text-editor\" data-id=\"mwb9u015\" data-element_type=\"widget\" data-e-type=\"widget\" data-widget_type=\"text-editor.default\">\n\t\t\t\t\t\t\t\t\t<p>Mannlegur, skeggja\u00f0ur og me\u00f0 h\u00e1an hattl\u00edkan h\u00f6fu\u00f0b\u00fana\u00f0 (d\u00edadem) og s\u00ed\u00f0an, marglaga skikkju. Einkennandi eiginleikar: <em>Sk\u00f3fla<\/em> (marru, t\u00e1kn hans, upphaflega b\u00f3ndaverkf\u00e6ri, s\u00ed\u00f0ar <span class=\"iwg-fachbegriff\" data-tooltip=\"T\u00e1kn sem stendur fyrir hugmynd e\u00f0a merkingu.\" tabindex=\"0\">t\u00e1kn<\/span> skaparans), bogi, \u00f6rvar, sver\u00f0. Fylgid\u00fdr: <em>Mu\u0161\u1e2bu\u0161\u0161u<\/em>-drekinn (blanda af h\u00f6ggormi, lj\u00f3ni og fugli, <span class=\"iwg-fachbegriff\" data-tooltip=\"Vera sem sameinar einkenni \u00f3l\u00edkra l\u00edfvera.\" tabindex=\"0\">blendingsvera<\/span>), fr\u00e6gasta t\u00e1kn Marduks, sem sj\u00e1 m\u00e1 \u00e1 Ishtar-hli\u00f0i Bab\u00fdlonar. \u00c1 n\u00fdbab\u00fdlonskum l\u00e1gmyndum er hann oft s\u00fdndur standandi me\u00f0 sk\u00f3flu \u00ed hendi.<\/p>\t\t\t\t\t\t\t\t<\/div>\n\t\t\t\t\t<\/div>\n\t\t\t\t<\/div>\n\t\t\t\t<\/div>\n\t\t<div class=\"elementor-element elementor-element-pemmx7c2 e-con-full e-flex e-con e-child\" data-id=\"pemmx7c2\" data-element_type=\"container\" data-e-type=\"container\">\n\t\t<div class=\"elementor-element elementor-element-37ss2yr6 iwg-steckbrief-card e-flex e-con-boxed e-con e-child\" data-id=\"37ss2yr6\" data-element_type=\"container\" data-e-type=\"container\">\n\t\t\t\t\t<div class=\"e-con-inner\">\n\t\t\t\t<div class=\"elementor-element elementor-element-3v0wp3wx elementor-widget elementor-widget-heading\" data-id=\"3v0wp3wx\" data-element_type=\"widget\" data-e-type=\"widget\" data-widget_type=\"heading.default\">\n\t\t\t\t\t<h2 class=\"elementor-heading-title elementor-size-default\">Tilbei\u00f0sla Marduks<\/h2>\t\t\t\t<\/div>\n\t\t\t\t<div class=\"elementor-element elementor-element-w3247g2m elementor-widget elementor-widget-text-editor\" data-id=\"w3247g2m\" data-element_type=\"widget\" data-e-type=\"widget\" data-widget_type=\"text-editor.default\">\n\t\t\t\t\t\t\t\t\t<p><strong>Verksvi\u00f0:<\/strong> Marduk var, sem h\u00f6fu\u00f0gu\u00f0 Bab\u00fdlonar, \u00e1kalla\u00f0ur \u00e1 \u00f6llum svi\u00f0um, fr\u00e1 sta\u00f0festingu konungd\u00f3ms til \u00e1rlegrar Akitu-<span class=\"iwg-fachbegriff\" data-tooltip=\"H\u00e1t\u00ed\u00f0leg tr\u00faarleg skr\u00fa\u00f0ganga.\" tabindex=\"0\">skr\u00fa\u00f0g\u00f6ngu<\/span> og pers\u00f3nulegrar verndar. Esagila var p\u00edlagr\u00edmasta\u00f0ur f\u00f3lks \u00far \u00f6llu r\u00edkinu.<\/p><p>Konungurinn f\u00e9kk sta\u00f0festingu s\u00edna \u00ed \u00e1rlegum Akitu-<span class=\"iwg-fachbegriff\" data-tooltip=\"Regluleg atbur\u00f0ar\u00e1s t\u00e1kngj\u00f6r\u00f0ra athafna me\u00f0 tr\u00faarlega e\u00f0a menningarlega merkingu.\" tabindex=\"0\">helgisi\u00f0i<\/span>: \u00e6\u00f0sti presturinn l\u00e6g\u00f0i hann fyrst, en Marduk skipa\u00f0i hann s\u00ed\u00f0an aftur \u00ed emb\u00e6tti. Mikilv\u00e6gustu pers\u00f3nulegu athafnirnir voru b\u00e6nir \u00ed sj\u00fakd\u00f3mum og verndarb\u00e6nir \u00ed pers\u00f3nulegum kreppum.<\/p>\t\t\t\t\t\t\t\t<\/div>\n\t\t\t\t\t<\/div>\n\t\t\t\t<\/div>\n\t\t<div class=\"elementor-element elementor-element-0qpjal9w iwg-steckbrief-card e-flex e-con-boxed e-con e-child\" data-id=\"0qpjal9w\" data-element_type=\"container\" data-e-type=\"container\">\n\t\t\t\t\t<div class=\"e-con-inner\">\n\t\t\t\t<div class=\"elementor-element elementor-element-6ndoih0o elementor-widget elementor-widget-heading\" data-id=\"6ndoih0o\" data-element_type=\"widget\" data-e-type=\"widget\" data-widget_type=\"heading.default\">\n\t\t\t\t\t<h2 class=\"elementor-heading-title elementor-size-default\">T\u00e1kn Marduks<\/h2>\t\t\t\t<\/div>\n\t\t\t\t<div class=\"elementor-element elementor-element-6684tyh9 elementor-widget elementor-widget-text-editor\" data-id=\"6684tyh9\" data-element_type=\"widget\" data-e-type=\"widget\" data-widget_type=\"text-editor.default\">\n\t\t\t\t\t\t\t\t\t<p>Spa\u00f0i (marru), h\u00e1r h\u00f6fu\u00f0b\u00fana\u00f0ur, bogi, \u00f6rvar, sver\u00f0, Mushhushshu-drekinn (fylgid\u00fdr), Esagila-<span class=\"iwg-fachbegriff\" data-tooltip=\"Bygging sem er notu\u00f0 til tilbei\u00f0slu einnar e\u00f0a fleiri gu\u00f0a.\" tabindex=\"0\">hof<\/span>, Etemenanki-z\u00edkk\u00faratinn, v\u00e6ngja\u00f0ur s\u00f3lardiskur (\u00ed sumum hef\u00f0um). Heil\u00f6g planta: tamar\u00edsk. Heil\u00f6g stjarna: J\u00fap\u00edter. Heilagt tala: 50 (Marduk-n\u00f6fnin).<\/p>\t\t\t\t\t\t\t\t<\/div>\n\t\t\t\t\t<\/div>\n\t\t\t\t<\/div>\n\t\t<div class=\"elementor-element elementor-element-3lfi7x32 iwg-steckbrief-card e-flex e-con-boxed e-con e-child\" data-id=\"3lfi7x32\" data-element_type=\"container\" data-e-type=\"container\">\n\t\t\t\t\t<div class=\"e-con-inner\">\n\t\t\t\t<div class=\"elementor-element elementor-element-0kg99ga1 elementor-widget elementor-widget-heading\" data-id=\"0kg99ga1\" data-element_type=\"widget\" data-e-type=\"widget\" data-widget_type=\"heading.default\">\n\t\t\t\t\t<div class=\"elementor-heading-title elementor-size-default\">Samb\u00e6rilegt<\/div>\t\t\t\t<\/div>\n\t\t\t\t<div class=\"elementor-element elementor-element-n0fum6kp elementor-widget elementor-widget-text-editor\" data-id=\"n0fum6kp\" data-element_type=\"widget\" data-e-type=\"widget\" data-widget_type=\"text-editor.default\">\n\t\t\t\t\t\t\t\t\t<p><em>Bel<\/em> (ass\u00fdr\u00edsk \u00e1varpsheiti, \u00fe\u00fd\u00f0ir einfaldlega \u201eherra\u201c), <em>Ashur<\/em> (Ass\u00fdr\u00eda, ass\u00fdr\u00edsk hli\u00f0st\u00e6\u00f0a sem r\u00edkisgu\u00f0), <em>Anu<\/em> (Mes\u00f3p\u00f3tam\u00eda, eldri fa\u00f0ir gu\u00f0aveldisins), <em>Iuppiter Optimus Maximus<\/em> (R\u00f3m, stjarnfr\u00e6\u00f0ilega tengdur J\u00fap\u00edter), <em>Seifur<\/em> (Grikkland, hli\u00f0st\u00e6\u00f0a r\u00edkis- og \u00ferumugu\u00f0s), <em>Indra<\/em> (hind\u00faasi\u00f0ur, konungur gu\u00f0anna me\u00f0 \u00ferumu og eldingu), <em>\u00de\u00f3r<\/em> (germanskt, a\u00f0 hluta), <em>Hadad\/Adad<\/em> (Mes\u00f3p\u00f3tam\u00eda, ve\u00f0urgu\u00f0s-\u00fe\u00e1ttur).<\/p>\t\t\t\t\t\t\t\t<\/div>\n\t\t\t\t\t<\/div>\n\t\t\t\t<\/div>\n\t\t\t\t<\/div>\n\t\t\t\t<\/div>\n\t\t\t\t\t<\/div>\n\t\t\t\t<\/div>\n\t\t<div class=\"elementor-element elementor-element-7533bc7a e-flex e-con-boxed e-con e-parent\" data-id=\"7533bc7a\" data-element_type=\"container\" data-e-type=\"container\">\n\t\t\t\t\t<div class=\"e-con-inner\">\n\t\t\t\t<div class=\"elementor-element elementor-element-2447d18d elementor-widget elementor-widget-heading\" data-id=\"2447d18d\" data-element_type=\"widget\" data-e-type=\"widget\" data-widget_type=\"heading.default\">\n\t\t\t\t\t<h2 class=\"elementor-heading-title elementor-size-default\">D\u00fdrkun \u00ed daglegu l\u00edfi<\/h2>\t\t\t\t<\/div>\n\t\t<div class=\"elementor-element elementor-element-d5d0260c e-con-full e-flex e-con e-child\" data-id=\"d5d0260c\" data-element_type=\"container\" data-e-type=\"container\">\n\t\t\t\t<div class=\"elementor-element elementor-element-341be2ac elementor-widget elementor-widget-text-editor\" data-id=\"341be2ac\" data-element_type=\"widget\" data-e-type=\"widget\" data-widget_type=\"text-editor.default\">\n\t\t\t\t\t\t\t\t\t<p>Marduk var fyrst og fremst gu\u00f0 r\u00edkisd\u00fdrkunar, ekki <span class=\"iwg-fachbegriff\" data-tooltip=\"Vera sem tilbe\u00f0in er sem gu\u00f0leg innan tr\u00faarbrag\u00f0a.\" tabindex=\"0\">gu\u00f0d\u00f3mur<\/span> pers\u00f3nulegrar hj\u00e1lpr\u00e6\u00f0is e\u00f0a launhelga. \u00c1 opinberum vettvangi var d\u00fdrkun hans \u00e1berandi: konungs\u00e1letranir v\u00edsu\u00f0u til <span class=\"iwg-fachbegriff\" data-tooltip=\"\u00d3sk um heill og verndun, oft \u00ed fastri m\u00e1lsformger\u00f0.\" tabindex=\"0\">blessunar<\/span> Marduks, samningar voru ger\u00f0ir undir eftirliti Marduks, og ei\u00f0sform\u00falur nefndu hann sem v\u00f6rslumann.<\/p><p>\u00c1 heimilinu spila\u00f0i Marduk minna mi\u00f0l\u00e6gt hlutverk. Pers\u00f3nuleg <span class=\"iwg-fachbegriff\" data-tooltip=\"Lifu\u00f0 tr\u00faarleg afsta\u00f0a og i\u00f0kun einstaklings.\" tabindex=\"0\">tr\u00far\u00e6kni<\/span> beindist frekar a\u00f0 verndar\u00f6ndum, gy\u00f0junni Ishtar e\u00f0a l\u00e6knisgu\u00f0inum Gula.<\/p><p>\u00de\u00f3 b\u00e1ru margir Bab\u00fdlon\u00edumenn n\u00f6fn sem innih\u00e9ldu \u201eMarduk&#8220; (t.d. Merodach-Baladan: \u201eMarduk hefur gefi\u00f0 son&#8220;), sem var vitnisbur\u00f0ur um tr\u00faarlega saml\u00f6gun Marduks \u00ed daglegri hugsun. \u00c1 Akitu-h\u00e1t\u00ed\u00f0inni, n\u00fd\u00e1rsh\u00e1t\u00ed\u00f0inni, f\u00f6gnu\u00f0u borgin og landi\u00f0 endurn\u00fdjun heimsyfirr\u00e1\u00f0a Marduks; \u00fe\u00e1tttaka \u00ed <span class=\"iwg-fachbegriff\" data-tooltip=\"H\u00e1t\u00ed\u00f0leg tr\u00faarleg skr\u00fa\u00f0ganga.\" tabindex=\"0\">skr\u00fa\u00f0g\u00f6ngunni<\/span> var skylda hvers Bab\u00fdlon\u00edumanns.<\/p>\t\t\t\t\t\t\t\t<\/div>\n\t\t\t\t<\/div>\n\t\t\t\t\t<\/div>\n\t\t\t\t<\/div>\n\t\t<div class=\"elementor-element elementor-element-5a584676 e-flex e-con-boxed e-con e-parent\" data-id=\"5a584676\" data-element_type=\"container\" data-e-type=\"container\">\n\t\t\t\t\t<div class=\"e-con-inner\">\n\t\t\t\t<div class=\"elementor-element elementor-element-6d0757bf elementor-widget elementor-widget-heading\" data-id=\"6d0757bf\" data-element_type=\"widget\" data-e-type=\"widget\" data-widget_type=\"heading.default\">\n\t\t\t\t\t<h2 class=\"elementor-heading-title elementor-size-default\">Marduk, hli\u00f0st\u00e6\u00f0ur \u00ed \u00f6\u00f0rum menningarheimum<\/h2>\t\t\t\t<\/div>\n\t\t<div class=\"elementor-element elementor-element-60563f68 e-con-full e-flex e-con e-child\" data-id=\"60563f68\" data-element_type=\"container\" data-e-type=\"container\">\n\t\t\t\t<div class=\"elementor-element elementor-element-5a93fdd6 elementor-widget elementor-widget-text-editor\" data-id=\"5a93fdd6\" data-element_type=\"widget\" data-e-type=\"widget\" data-widget_type=\"text-editor.default\">\n\t\t\t\t\t\t\t\t\t<p><strong>Gr\u00edsk hef\u00f0:<\/strong> Seifur sem \u00e6\u00f0sti gu\u00f0 og drottnari yfir himni og reglu. Hvorugur er upprunalegur skapari heldur skipuleggjari \u00f3rei\u00f0unnar eftir bar\u00e1ttu vi\u00f0 t\u00edtana. \u00derumufleygs-hlutverki\u00f0 er sterkara hj\u00e1 Seifi, en \u00fe\u00e1tturinn um kosm\u00edska r\u00e9ttarreglu er sameiginlegur b\u00e1\u00f0um.<\/p><p><strong>Veda- og hind\u00faahef\u00f0:<\/strong> Indra sem \u00ferumugu\u00f0 og lei\u00f0togi devanna. <span class=\"iwg-fachbegriff\" data-tooltip=\"Endurteki\u00f0 innihaldsstef \u00ed list e\u00f0a fr\u00e1s\u00f6gn.\" tabindex=\"0\">Stefi\u00f0<\/span> um drekabar\u00e1ttuna (Indra gegn Vritra) er grundvallar hli\u00f0st\u00e6\u00f0ur <span class=\"iwg-fachbegriff\" data-tooltip=\"Yfirf\u00e6r\u00f0 fr\u00e1s\u00f6gn um gu\u00f0i, uppruna og reglu heimsins.\" tabindex=\"0\">go\u00f0sagnar<\/span>-\u00fe\u00e1ttur. Indra ber einnig \u00ferumufleyg (Vajra) og er v\u00f6rsluma\u00f0ur kosm\u00edskrar reglu (Rta).<\/p><p><strong>Egypsk hef\u00f0:<\/strong> Ra sem s\u00f3lgu\u00f0 og verndari Maat (heimsreglunnar). \u00dear sem Marduk hemur \u00f3rei\u00f0una me\u00f0 fr\u00e1s\u00f6gn af bar\u00e1ttu vi\u00f0 \u00f3vin, gerist \u00fea\u00f0 hj\u00e1 Ra \u00ed hringlaga n\u00e6tursiglingunni (bardaga gegn sl\u00f6ngunni Apophis). Gu\u00f0fr\u00e6\u00f0ilegt mynstri\u00f0, skapandi gu\u00f0d\u00f3mur sem skipuleggjari, er svipa\u00f0.<\/p><p><strong>Het\u00edska hef\u00f0:<\/strong> Teshub sem ve\u00f0urgu\u00f0 og \u00e6\u00f0sti gu\u00f0, kunnur \u00far Kumarbi-<span class=\"iwg-fachbegriff\" data-tooltip=\"Yfirf\u00e6r\u00f0 fr\u00e1s\u00f6gn um gu\u00f0i, uppruna og reglu heimsins.\" tabindex=\"0\">go\u00f0s\u00f6gninni<\/span>, deilir drekabar\u00e1ttu-<span class=\"iwg-fachbegriff\" data-tooltip=\"Endurteki\u00f0 innihaldsstef \u00ed list e\u00f0a fr\u00e1s\u00f6gn.\" tabindex=\"0\">stefinu<\/span> me\u00f0 Marduk. Bar\u00e1tta Teshubs gegn sl\u00f6ngunni Illuyanka er hli\u00f0st\u00e6\u00f0a vi\u00f0 Tiamat-<span class=\"iwg-fachbegriff\" data-tooltip=\"Yfirf\u00e6r\u00f0 fr\u00e1s\u00f6gn um gu\u00f0i, uppruna og reglu heimsins.\" tabindex=\"0\">go\u00f0s\u00f6gnina<\/span>.<\/p>\t\t\t\t\t\t\t\t<\/div>\n\t\t\t\t<\/div>\n\t\t\t\t\t<\/div>\n\t\t\t\t<\/div>\n\t\t<div class=\"elementor-element elementor-element-cp6874574 e-flex e-con-boxed e-con e-parent\" data-id=\"cp6874574\" data-element_type=\"container\" data-e-type=\"container\">\n\t\t\t\t\t<div class=\"e-con-inner\">\n\t\t\t\t<div class=\"elementor-element elementor-element-cpb3658ca elementor-widget elementor-widget-heading\" data-id=\"cpb3658ca\" data-element_type=\"widget\" data-e-type=\"widget\" data-widget_type=\"heading.default\">\n\t\t\t\t\t<h2 class=\"elementor-heading-title elementor-size-default\">Enuma Elish: bab\u00fdlonska sk\u00f6punarkvi\u00f0an<\/h2>\t\t\t\t<\/div>\n\t\t<div class=\"elementor-element elementor-element-cp3f37203 e-con-full e-flex e-con e-child\" data-id=\"cp3f37203\" data-element_type=\"container\" data-e-type=\"container\">\n\t\t\t\t<div class=\"elementor-element elementor-element-cpa527e77 elementor-widget elementor-widget-text-editor\" data-id=\"cpa527e77\" data-element_type=\"widget\" data-e-type=\"widget\" data-widget_type=\"text-editor.default\">\n\t\t\t\t\t\t\t\t\t<p>Mikilv\u00e6gasta heimildin fyrir st\u00f6\u00f0u Marduks er bab\u00fdlonska sk\u00f6punarkvi\u00f0an, sem kallast <em>Enuma Elish<\/em> (&#8222;\u00deegar \u00e1 h\u00e6\u00f0&#8220;) eftir upphafsor\u00f0um s\u00ednum. H\u00fan er var\u00f0veitt \u00e1 sj\u00f6 leirt\u00f6flum, sem koma a\u00f0allega \u00far b\u00f3kasafni ass\u00fdr\u00edska konungsins Assurbanipal \u00ed Nineve, en var\u00f0veita eldra efni.<\/p><p>Deilt er um n\u00e1kv\u00e6man ritunart\u00edma; margt bendir til a\u00f0 h\u00fan hafi veri\u00f0 samin \u00e1 \u00f6\u00f0ru \u00e1r\u00fe\u00fasundi fyrir okkar t\u00edmatal, hugsanlega \u00e1 fornbab\u00fdlonskum e\u00f0a mi\u00f0bab\u00fdlonskum t\u00edma.<\/p><p>Kvi\u00f0an l\u00fdsir \u00fev\u00ed hvernig gu\u00f0irnir spretta fram \u00far frumv\u00f6tnunum, sem <a href=\"https:\/\/iwell-guard.com\/is\/?page_id=168806\">Tiamat<\/a> og Apsu birtast \u00ed. \u00deegar Tiamat l\u00fdsir str\u00ed\u00f0i \u00e1 yngri gu\u00f0ina og teflir fram her \u00f3gna, \u00feorir engum hinna eldri gu\u00f0a a\u00f0 ganga \u00e1 m\u00f3ti henni. Marduk l\u00fdsir sig rei\u00f0ub\u00fainn en krefst \u00e6\u00f0sta konungsd\u00f3ms me\u00f0al gu\u00f0anna \u00ed sta\u00f0inn.<\/p><p>Gu\u00f0a\u00feingi\u00f0 veitir honum \u00feessa st\u00f6\u00f0u. Marduk sigrar Tiamat \u00ed einv\u00edgi, kl\u00fdfur l\u00edkama hennar og myndar \u00far helmingunum himin og j\u00f6r\u00f0. \u00dar bl\u00f3\u00f0i Kingu, herforingja andst\u00e6\u00f0ingsins, er ma\u00f0urinn skapa\u00f0ur til a\u00f0 \u00fej\u00f3na gu\u00f0unum. A\u00f0 lokum reisa gu\u00f0irnir Marduk borgina Bab\u00fdlon me\u00f0 <span class=\"iwg-fachbegriff\" data-tooltip=\"Bygging sem \u00fej\u00f3nar tilbei\u00f0slu einnar e\u00f0a fleiri gu\u00f0d\u00f3ma.\" tabindex=\"0\">hofinu<\/span> Esagila.<\/p><p><em>Enuma Elish<\/em> er \u00feannig s\u00ed\u00f0ur hlutlaus sk\u00f6punarfr\u00e1s\u00f6gn en gu\u00f0fr\u00e6\u00f0ileg r\u00e9ttl\u00e6ting fyrir forgangi Bab\u00fdlonar og Marduks. H\u00fan \u00fatsk\u00fdrir hvers vegna heimurinn er svona skipa\u00f0ur og hvers vegna Bab\u00fdlon eigi a\u00f0 vera mi\u00f0ja hans.<\/p><p>Sj\u00f6unda taflan samanstendur a\u00f0 mestu af upptalningu fimmt\u00edu nafna Marduks, \u00fear sem honum eru eigna\u00f0ar hlutverk annarra gu\u00f0a.<\/p>\t\t\t\t\t\t\t\t<\/div>\n\t\t\t\t<\/div>\n\t\t\t\t\t<\/div>\n\t\t\t\t<\/div>\n\t\t<div class=\"elementor-element elementor-element-cpab7c6b1 e-flex e-con-boxed e-con e-parent\" data-id=\"cpab7c6b1\" data-element_type=\"container\" data-e-type=\"container\">\n\t\t\t\t\t<div class=\"e-con-inner\">\n\t\t\t\t<div class=\"elementor-element elementor-element-cp922795f elementor-widget elementor-widget-heading\" data-id=\"cp922795f\" data-element_type=\"widget\" data-e-type=\"widget\" data-widget_type=\"heading.default\">\n\t\t\t\t\t<h2 class=\"elementor-heading-title elementor-size-default\">Esagila og Etemenanki: musteri Marduks og Babelsturninn<\/h2>\t\t\t\t<\/div>\n\t\t<div class=\"elementor-element elementor-element-cpf75bb56 e-con-full e-flex e-con e-child\" data-id=\"cpf75bb56\" data-element_type=\"container\" data-e-type=\"container\">\n\t\t\t\t<div class=\"elementor-element elementor-element-cpd1621ff elementor-widget elementor-widget-text-editor\" data-id=\"cpd1621ff\" data-element_type=\"widget\" data-e-type=\"widget\" data-widget_type=\"text-editor.default\">\n\t\t\t\t\t\t\t\t\t<p><span class=\"iwg-fachbegriff\" data-tooltip=\"Heild tr\u00faarlegra d\u00fdrkunarathafna fyrir gu\u00f0 e\u00f0a heilaga veru.\" tabindex=\"0\">D\u00fdrkun<\/span> Marduks var landfr\u00e6\u00f0ilega bundin vi\u00f0 Bab\u00fdlon. H\u00f6fu\u00f0hof hans h\u00e9t <em>Esagila<\/em>, \u201eh\u00fasi\u00f0 sem tind sinn hefur h\u00e1tt\u201c. Vi\u00f0 hli\u00f0 hans st\u00f3\u00f0 stigap\u00fdram\u00eddinn <em>Etemenanki<\/em>, \u201eh\u00fas grunns himins og jar\u00f0ar\u201c, s\u00edkkurat sem talin var tengja hin \u00fdmsu tilverustig.<\/p><p><em>Etemenanki<\/em> er af fr\u00e6\u00f0im\u00f6nnum talin l\u00edkleg raunveruleg fyrirmynd hinnar bibl\u00edulegu fr\u00e1sagnar um Babelsturninn.<\/p><p>Fornleifafundir eru mj\u00f6g skemmdir vegna ni\u00f0urrifs \u00e1 <span class=\"iwg-fachbegriff\" data-tooltip=\"T\u00edmabil gr\u00edskrar og r\u00f3mverskrar menningar, u.\u00fe.b. 800 f.Kr. til 600 e.Kr.\" tabindex=\"0\">forn\u00f6ld<\/span> og n\u00fdrri inngripa, en <span class=\"iwg-fachbegriff\" data-tooltip=\"T\u00edmabil gr\u00edskrar og r\u00f3mverskrar menningar, u.\u00fe.b. 800 f.Kr. til 600 e.Kr.\" tabindex=\"0\">fornar<\/span> l\u00fdsingar, me\u00f0al annars hj\u00e1 Her\u00f3d\u00f3tosi, og fleygr\u00fanatextar gera nokkurn veginn endurger\u00f0 m\u00f6gulega. Bab\u00fdlonski konungurinn Neb\u00fakadnesar II l\u00e9t st\u00e6kka mannvirki\u00f0 verulega \u00e1 6. \u00f6ld fyrir okkar t\u00edmatal.<\/p><p>\u00cd Esagila st\u00f3\u00f0 <span class=\"iwg-fachbegriff\" data-tooltip=\"Myndr\u00e6n framsetning gu\u00f0s sem d\u00fdrku\u00f0 er \u00ed hofi e\u00f0a helgid\u00f3mi.\" tabindex=\"0\">d\u00fdrkunarmynd<\/span> Marduks. \u00deessi mynd var svo n\u00e1i\u00f0 tengd sj\u00e1lfsmynd borgarinnar a\u00f0 brottn\u00e1m hennar af fjendum, me\u00f0al annars Hitt\u00edtum og s\u00ed\u00f0ar Ass\u00fdringum, var tali\u00f0 \u00fej\u00f3\u00f0ar\u00f3g\u00e6fa; endurheimt hennar var sigur.<\/p><p>Styttan var ekki einungis mynd heldur talin raunveruleg n\u00e6rvera gu\u00f0sins, sem var hirt um, kl\u00e6dd og gefi\u00f0 a\u00f0 \u00e9ta.<\/p><p>Bab\u00fdlon haf\u00f0i jafnframt <em>Skr\u00fa\u00f0g\u00f6nguveginn<\/em>, sem l\u00e1 gegnum hi\u00f0 fr\u00e6ga Ishtar-hli\u00f0, kl\u00e6tt glerju\u00f0um t\u00edgulsteinum og d\u00fdramyndum. Um \u00feennan veg f\u00f3r <span class=\"iwg-fachbegriff\" data-tooltip=\"H\u00e1t\u00ed\u00f0leg tr\u00faarleg skr\u00fa\u00f0ganga.\" tabindex=\"0\">skr\u00fa\u00f0g\u00f6ngu<\/span> gu\u00f0amyndanna \u00e1 n\u00fd\u00e1rsh\u00e1t\u00ed\u00f0inni. Hin st\u00f3rfenglega byggingarlist Bab\u00fdlonar var \u00feannig svi\u00f0 og umgj\u00f6r\u00f0 d\u00fdrkunar Marduks, ekki einungis bakgrunnur.<\/p>\t\t\t\t\t\t\t\t<\/div>\n\t\t\t\t<\/div>\n\t\t\t\t\t<\/div>\n\t\t\t\t<\/div>\n\t\t<div class=\"elementor-element elementor-element-cp3ede43e e-flex e-con-boxed e-con e-parent\" data-id=\"cp3ede43e\" data-element_type=\"container\" data-e-type=\"container\">\n\t\t\t\t\t<div class=\"e-con-inner\">\n\t\t\t\t<div class=\"elementor-element elementor-element-cp0a5ee8a elementor-widget elementor-widget-heading\" data-id=\"cp0a5ee8a\" data-element_type=\"widget\" data-e-type=\"widget\" data-widget_type=\"heading.default\">\n\t\t\t\t\t<h2 class=\"elementor-heading-title elementor-size-default\">N\u00fd\u00e1rsh\u00e1t\u00ed\u00f0in Ak\u00edt\u00fa: Ath\u00f6fn, konungd\u00f3mur og endurn\u00fdjun heimsskipulags<\/h2>\t\t\t\t<\/div>\n\t\t<div class=\"elementor-element elementor-element-cp7a1665f e-con-full e-flex e-con e-child\" data-id=\"cp7a1665f\" data-element_type=\"container\" data-e-type=\"container\">\n\t\t\t\t<div class=\"elementor-element elementor-element-cp33d71f1 elementor-widget elementor-widget-text-editor\" data-id=\"cp33d71f1\" data-element_type=\"widget\" data-e-type=\"widget\" data-widget_type=\"text-editor.default\">\n\t\t\t\t\t\t\t\t\t<p>Mikilv\u00e6gasta h\u00e1t\u00ed\u00f0ar\u00f6\u00f0 d\u00fdrkunar Marduks var <em>Ak\u00edt\u00fa<\/em>-h\u00e1t\u00ed\u00f0in, bab\u00fdlonska n\u00fd\u00e1rsh\u00e1t\u00ed\u00f0in sem haldin var \u00e1 vorin \u00ed um \u00fea\u00f0 bil ellefu daga. Fr\u00e1 s\u00ed\u00f0ari t\u00edmum eru var\u00f0veittir athafnartextar sem l\u00fdsa dagskr\u00e1 einstakra daga, \u00fe\u00f3tt glopp\u00f3ttir s\u00e9u.<\/p><p>Me\u00f0al var\u00f0veittra \u00fe\u00e1tta er upplestur <em>En\u00fama el\u00ed\u0161<\/em> fyrir <span class=\"iwg-fachbegriff\" data-tooltip=\"Myndr\u00e6n framsetning gu\u00f0s sem d\u00fdrku\u00f0 er \u00ed hofi e\u00f0a helgid\u00f3mi.\" tabindex=\"0\">d\u00fdrkunarmynd<\/span> Marduks. \u00deannig var sigur gu\u00f0sins yfir \u00f3gnarskaosinu ger\u00f0ur liturg\u00edsk n\u00e1l\u00e6gur: h\u00e1t\u00ed\u00f0in endurt\u00f3k og trygg\u00f0i heimsskipulagi\u00f0. \u00deekkt er einnig atri\u00f0i \u00fear sem konungurinn \u00fearf a\u00f0 ganga fram fyrir <span class=\"iwg-fachbegriff\" data-tooltip=\"Myndr\u00e6n framsetning gu\u00f0s sem d\u00fdrku\u00f0 er \u00ed hofi e\u00f0a helgid\u00f3mi.\" tabindex=\"0\">d\u00fdrkunarmyndina<\/span>.<\/p><p>\u00c6\u00f0stipresturinn tekur af honum konunglegar valdat\u00e1knir, sl\u00e6r hann \u00ed andliti\u00f0 og l\u00e6tur hann fullvissa um a\u00f0 hann hafi ekki gert \u00f3r\u00e9tt. Fyrst \u00fe\u00e1 f\u00e6r hann t\u00e1knin til baka. \u00deessi <span class=\"iwg-fachbegriff\" data-tooltip=\"Skipul\u00f6g\u00f0 r\u00f6\u00f0 t\u00e1knger\u00f0ra athafna me\u00f0 tr\u00faarlega e\u00f0a menningarlega merkingu.\" tabindex=\"0\">ath\u00f6fn<\/span> tengdi hi\u00f0 jar\u00f0neska konungd\u00e6mi Marduki og setti \u00fea\u00f0 undir gu\u00f0legt eftirlit.<\/p><p>Annar \u00fe\u00e1ttur var hin mikla <span class=\"iwg-fachbegriff\" data-tooltip=\"H\u00e1t\u00ed\u00f0leg tr\u00faarleg skr\u00fa\u00f0ganga.\" tabindex=\"0\">skr\u00fa\u00f0ganga<\/span>, \u00fear sem gu\u00f0amyndir \u00far hofum \u00fdmissa borga voru fluttar til Bab\u00fdlonar og \u00ed h\u00e1t\u00ed\u00f0arh\u00fas utan borgarinnar. \u00dear me\u00f0 s\u00fdndi h\u00e1t\u00ed\u00f0in fram \u00e1 forgangsst\u00f6\u00f0u Marduks og Bab\u00fdlonar gagnvart \u00f6\u00f0rum d\u00fdrkunarst\u00f6\u00f0um Mes\u00f3p\u00f3tam\u00edu.<\/p><p>Eldri fr\u00e6\u00f0imenn, undir \u00e1hrifum hinnar svok\u00f6llu\u00f0u go\u00f0s\u00f6gu-og-<span class=\"iwg-fachbegriff\" data-tooltip=\"Skipul\u00f6g\u00f0 r\u00f6\u00f0 t\u00e1knger\u00f0ra athafna me\u00f0 tr\u00faarlega e\u00f0a menningarlega merkingu.\" tabindex=\"0\">ath\u00f6fn<\/span>-sk\u00f3lans, hafa gjarnan s\u00e9\u00f0 \u00ed <em>Ak\u00edt\u00fa<\/em>-h\u00e1t\u00ed\u00f0inni drama um dau\u00f0a og upprisu gu\u00f0s. \u00deessi t\u00falkun er n\u00fa talin ofmetin og illa r\u00f6kstudd. N\u00fat\u00edma t\u00falkun leggur \u00e1herslu \u00e1 a\u00f0 h\u00e1t\u00ed\u00f0in sta\u00f0festi \u00ed senn skipulag heimsins, st\u00f6\u00f0u Bab\u00fdlonar og l\u00f6gm\u00e6ti konungsins.<\/p>\t\t\t\t\t\t\t\t<\/div>\n\t\t\t\t<\/div>\n\t\t\t\t\t<\/div>\n\t\t\t\t<\/div>\n\t\t<div class=\"elementor-element elementor-element-cpe942edb e-flex e-con-boxed e-con e-parent\" data-id=\"cpe942edb\" data-element_type=\"container\" data-e-type=\"container\">\n\t\t\t\t\t<div class=\"e-con-inner\">\n\t\t\t\t<div class=\"elementor-element elementor-element-cpc69cf80 elementor-widget elementor-widget-heading\" data-id=\"cpc69cf80\" data-element_type=\"widget\" data-e-type=\"widget\" data-widget_type=\"heading.default\">\n\t\t\t\t\t<h2 class=\"elementor-heading-title elementor-size-default\">Fr\u00e1 borgargu\u00f0i til r\u00edkisgu\u00f0s: S\u00f6gulegt uppgangur Marduks<\/h2>\t\t\t\t<\/div>\n\t\t<div class=\"elementor-element elementor-element-cp779b35e e-con-full e-flex e-con e-child\" data-id=\"cp779b35e\" data-element_type=\"container\" data-e-type=\"container\">\n\t\t\t\t<div class=\"elementor-element elementor-element-cp6af0f46 elementor-widget elementor-widget-text-editor\" data-id=\"cp6af0f46\" data-element_type=\"widget\" data-e-type=\"widget\" data-widget_type=\"text-editor.default\">\n\t\t\t\t\t\t\t\t\t<p>Marduk var upphaflega engin mikilv\u00e6g <span class=\"iwg-fachbegriff\" data-tooltip=\"Vera sem d\u00fdrku\u00f0 er sem gu\u00f0leg innan tr\u00faarbrag\u00f0a.\" tabindex=\"0\">gu\u00f0d\u00f3mur<\/span>. \u00cd elstu heimildum kemur hann fram sem sta\u00f0bundinn borgargu\u00f0 Bab\u00fdlonar, borgar sem var l\u00edtilv\u00e6g \u00e1 frumr\u00edkjat\u00edmanum. Uppgangur hans er n\u00e1i\u00f0 tengdur p\u00f3lit\u00edskum uppgangi Bab\u00fdlonar.<\/p><p>Afgerandi hvatinn kom me\u00f0 valdat\u00ed\u00f0 Hamm\u00farab\u00eds \u00e1 18. \u00f6ld fyrir okkar t\u00edmatal, \u00feegar Bab\u00fdlon var\u00f0 yfirr\u00e1\u00f0andi vald \u00ed Mes\u00f3p\u00f3tam\u00edu. Einnig eftir \u00fea\u00f0 h\u00e9lt \u00fer\u00f3unin \u00e1fram.<\/p><p>Gu\u00f0fr\u00e6\u00f0ilega var Marduk sm\u00e1m saman b\u00fainn eiginleikum sem \u00e1\u00f0ur tilheyr\u00f0u \u00f6\u00f0rum gu\u00f0um, fyrst og fremst hinum forna s\u00famerska konungi gu\u00f0anna <a href=\"https:\/\/iwell-guard.com\/is\/?page_id=169034\">Enl\u00edl<\/a> og viskugu\u00f0num <a href=\"https:\/\/iwell-guard.com\/is\/?page_id=168755\">Ea<\/a>, sem kemur fram sem fa\u00f0ir Marduks \u00ed kvi\u00f0unni.<\/p><p>Nafnalisti sj\u00f6undu t\u00f6flu <em>En\u00fama el\u00ed\u0161<\/em> er gu\u00f0fr\u00e6\u00f0ilegt t\u00e6ki \u00feessarar yfirf\u00e6rslu: me\u00f0 \u00fev\u00ed a\u00f0 Marduk hl\u00fdtur n\u00f6fn og \u00fear me\u00f0 einkenni annarra gu\u00f0a, ver\u00f0ur hann summa allrar gu\u00f0as\u00fa\u00f0arinnar. Sumir fr\u00e6\u00f0imenn tala um tilhneigingu til eingu\u00f0ad\u00fdrkunar, \u00e1n \u00feess a\u00f0 Bab\u00fdlon hafi n\u00e1\u00f0 <span class=\"iwg-fachbegriff\" data-tooltip=\"Tr\u00fain \u00e1 einn einan gu\u00f0.\" tabindex=\"0\">eingy\u00f0istr\u00fa<\/span>.<\/p><p>Auknefni Marduks var oft einfaldlega <em>Bel<\/em>, \u201eherra\u201c titill sem kemur einnig fram \u00ed hebresku bibl\u00edunni sem <em>Bel<\/em>, me\u00f0al annars hj\u00e1 sp\u00e1m\u00f6nnunum Jerem\u00eda og Jesaja, sem gera gys a\u00f0 bab\u00fdlonska gu\u00f0inum.<\/p><p>Sonur hans var skrifaragu\u00f0inn <a href=\"https:\/\/iwell-guard.com\/is\/?page_id=168808\">Nab\u00fa<\/a> fr\u00e1 Borsippa, en uppgangur hans fylgdi uppgangi Marduks. Hinar s\u00f6gulegu sta\u00f0reyndir s\u00fdna \u00feannig hversu n\u00e1i\u00f0 <span class=\"iwg-fachbegriff\" data-tooltip=\"Fr\u00e6\u00f0ileg kenning um gu\u00f0 og tr\u00fa tiltekinna tr\u00faarbrag\u00f0a.\" tabindex=\"0\">gu\u00f0fr\u00e6\u00f0i<\/span> og valdap\u00f3lit\u00edk voru samofin \u00ed Mes\u00f3p\u00f3tam\u00edu.<\/p>\t\t\t\t\t\t\t\t<\/div>\n\t\t\t\t<\/div>\n\t\t\t\t\t<\/div>\n\t\t\t\t<\/div>\n\t\t<div class=\"elementor-element elementor-element-36dd7469 e-flex e-con-boxed e-con e-parent\" data-id=\"36dd7469\" data-element_type=\"container\" data-e-type=\"container\">\n\t\t\t\t\t<div class=\"e-con-inner\">\n\t\t\t\t<div class=\"elementor-element elementor-element-13760ab4 elementor-widget elementor-widget-heading\" data-id=\"13760ab4\" data-element_type=\"widget\" data-e-type=\"widget\" data-widget_type=\"heading.default\">\n\t\t\t\t\t<h2 class=\"elementor-heading-title elementor-size-default\">\u00cdtarefni og tenglar<\/h2>\t\t\t\t<\/div>\n\t\t<div class=\"elementor-element elementor-element-28c87796 e-con-full e-flex e-con e-child\" data-id=\"28c87796\" data-element_type=\"container\" data-e-type=\"container\">\n\t\t\t\t<div class=\"elementor-element elementor-element-5d6538df elementor-widget elementor-widget-text-editor\" data-id=\"5d6538df\" data-element_type=\"widget\" data-e-type=\"widget\" data-widget_type=\"text-editor.default\">\n\t\t\t\t\t\t\t\t\t<ul><li><a href=\"https:\/\/iwell-guard.com\/is\/?page_id=168755\">Ea\/Enki, fa\u00f0ir<\/a><\/li><li><a href=\"https:\/\/iwell-guard.com\/is\/?page_id=168808\">Nab\u00fa, sonur<\/a><\/li><li><a href=\"https:\/\/iwell-guard.com\/is\/?page_id=168806\">T\u00edamat, sigra\u00f0ur \u00f3gnargo\u00f0d\u00f3mur<\/a><\/li><li><a href=\"https:\/\/iwell-guard.com\/is\/?page_id=168711\">An\u00fa, eldri fa\u00f0ir gu\u00f0as\u00fa\u00f0arinnar<\/a><\/li><li><a href=\"https:\/\/iwell-guard.com\/is\/?page_id=168583\">Mes\u00f3p\u00f3tam\u00eda, yfirlit gu\u00f0as\u00fa\u00f0ar<\/a><\/li><li><a href=\"https:\/\/iwell-guard.com\/is\/?page_id=168707\">\u00c6\u00f0ri gu\u00f0ir, undirflokkur<\/a><\/li><li><a href=\"https:\/\/iwell-guard.com\/is\/?page_id=168679\">Gu\u00f0ir, yfirlit flokka<\/a><\/li><\/ul>\t\t\t\t\t\t\t\t<\/div>\n\t\t\t\t<\/div>\n\t\t\t\t\t<\/div>\n\t\t\t\t<\/div>\n\t\t<div class=\"elementor-element elementor-element-grl4kl40 e-flex e-con-boxed e-con e-parent\" data-id=\"grl4kl40\" data-element_type=\"container\" data-e-type=\"container\">\n\t\t\t\t\t<div class=\"e-con-inner\">\n\t\t\t\t<div class=\"elementor-element elementor-element-bzsbfrmh elementor-widget elementor-widget-heading\" data-id=\"bzsbfrmh\" data-element_type=\"widget\" data-e-type=\"widget\" data-widget_type=\"heading.default\">\n\t\t\t\t\t<h2 class=\"elementor-heading-title elementor-size-default\">Heimildir (\u00farval)<\/h2>\t\t\t\t<\/div>\n\t\t<div class=\"elementor-element elementor-element-2c13224a e-con-full e-flex e-con e-child\" data-id=\"2c13224a\" data-element_type=\"container\" data-e-type=\"container\">\n\t\t\t\t<div class=\"elementor-element elementor-element-0eymh9ub elementor-widget elementor-widget-text-editor\" data-id=\"0eymh9ub\" data-element_type=\"widget\" data-e-type=\"widget\" data-widget_type=\"text-editor.default\">\n\t\t\t\t\t\t\t\t\t<footer class=\"iwg-literatur\" data-nosnippet=\"true\"><ul><li><span data-nosnippet>Lambert, Wilfred G.: <em>Babylonian Creation Myths<\/em>. Winona Lake 2013.<\/span><\/li><li><span data-nosnippet>Sommerfeld, Walter: <em>Der Aufstieg Marduks. Die Stellung Marduks in der babylonischen Religion des zweiten Jahrtausends v. Chr.<\/em>. Neukirchen-Vluyn 1982.<\/span><\/li><li>Walde, Christine (Hg.): <em>Der Neue Pauly<\/em> (uppsl\u00e1ttaror\u00f0 &bdquo;Marduk&ldquo;).<\/li><\/ul><\/footer>\n<p class=\"iwg-bib-more\"><span data-nosnippet>Fleiri grunnrit \u00ed <a href=\"https:\/\/iwell-guard.com\/is\/?page_id=168730\">heimildaskr\u00e1nni<\/a>.<\/span><\/p>\t\t\t\t\t\t\t\t<\/div>\n\t\t\t\t<\/div>\n\t\t\t\t\t<\/div>\n\t\t\t\t<\/div>\n\t\t\t\t<section class=\"elementor-section elementor-top-section elementor-element elementor-element-wv-marduk-faq-9f83f8 elementor-section-boxed elementor-section-height-default elementor-section-height-default\" data-id=\"wv-marduk-faq-9f83f8\" data-element_type=\"section\" data-e-type=\"section\">\n\t\t\t\t\t\t<div class=\"elementor-container elementor-column-gap-default\">\n\t\t\t\t\t<div class=\"elementor-column elementor-col-100 elementor-top-column elementor-element elementor-element-wv-marduk-faq-col-1313dd\" data-id=\"wv-marduk-faq-col-1313dd\" data-element_type=\"column\" data-e-type=\"column\">\n\t\t\t<div class=\"elementor-widget-wrap elementor-element-populated\">\n\t\t\t\t\t\t<div class=\"elementor-element elementor-element-wv-marduk-h elementor-widget elementor-widget-heading\" data-id=\"wv-marduk-h\" data-element_type=\"widget\" data-e-type=\"widget\" data-widget_type=\"heading.default\">\n\t\t\t\t\t<h2 class=\"elementor-heading-title elementor-size-default\">Algengar spurningar um Marduk<\/h2>\t\t\t\t<\/div>\n\t\t\t\t<div class=\"elementor-element elementor-element-wv-marduk-t elementor-widget elementor-widget-text-editor\" data-id=\"wv-marduk-t\" data-element_type=\"widget\" data-e-type=\"widget\" data-widget_type=\"text-editor.default\">\n\t\t\t\t\t\t\t\t\t\n<details class=\"iwg-faq-item\">\n  <summary><strong>Hver var gu\u00f0inn Marduk?<\/strong><\/summary>\n  <p>Marduk var h\u00f6fu\u00f0gu\u00f0 bab\u00fdlonska go\u00f0aheimsins og er talinn skapari heimsins samkv\u00e6mt bab\u00fdlonskri heimsmynd. Enuma Elish, bab\u00fdlonska sk\u00f6punargo\u00f0s\u00f6gnin, segir hvernig Marduk sigrar frumsj\u00e1vardrekann Tiamat og myndar himin og j\u00f6r\u00f0 \u00far l\u00edkama hennar. Marduk t\u00f3k \u00e1 eftirakkad\u00edsku t\u00edmabili yfir hlutverk s\u00famerska gu\u00f0sins Enlil.<\/p>\n<\/details>\n\n<details class=\"iwg-faq-item\">\n  <summary><strong>Hva\u00f0 er Marduk-h\u00e1t\u00ed\u00f0in?<\/strong><\/summary>\n  <p>Mikilv\u00e6gasta h\u00e1t\u00ed\u00f0 Marduks var Akitu, bab\u00fdlonska n\u00fdj\u00e1rsh\u00e1t\u00ed\u00f0in \u00e1 vorin. \u00de\u00e1 var sk\u00f6punargo\u00f0s\u00f6gnin Enuma Elish flutt opinberlega, styttu Marduks var borin \u00far Esagila-<span class=\"iwg-fachbegriff\" data-tooltip=\"Bygging sem er notu\u00f0 til a\u00f0 tilbi\u00f0ja eina e\u00f0a fleiri gu\u00f0ir.\" tabindex=\"0\">hofinu<\/span> \u00ed <span class=\"iwg-fachbegriff\" data-tooltip=\"H\u00e1t\u00ed\u00f0leg tr\u00faarleg skr\u00fa\u00f0ganga.\" tabindex=\"0\">skr\u00fa\u00f0g\u00f6ngu<\/span> um Bab\u00fdlon og konungurinn var sta\u00f0festur a\u00f0 n\u00fdju \u00ed emb\u00e6tti s\u00ednu. Akitu marka\u00f0i skiptingu bab\u00fdlonska \u00e1rsins.<\/p>\n<\/details>\t\t\t\t\t\t\t\t<\/div>\n\t\t\t\t<div class=\"elementor-element elementor-element-wv-marduk-s elementor-widget elementor-widget-html\" data-id=\"wv-marduk-s\" data-element_type=\"widget\" data-e-type=\"widget\" data-widget_type=\"html.default\">\n\t\t\t\t\t<script type=\"application\/ld+json\">{\"@context\": \"https:\/\/schema.org\", \"@type\": \"FAQPage\", \"mainEntity\": [{\"@type\": \"Question\", \"name\": \"Hver var gu\u00f0inn Marduk?\", \"acceptedAnswer\": {\"@type\": \"Answer\", \"text\": \"Marduk var h\u00f6fu\u00f0gu\u00f0 bab\u00fdlonska go\u00f0aheimsins og er talinn skapari heimsins samkv\u00e6mt bab\u00fdlonskri heimsmynd. Enuma Elish, bab\u00fdlonska sk\u00f6punargo\u00f0s\u00f6gnin, segir hvernig Marduk sigrar frumsj\u00e1vardrekann Tiamat og myndar himin og j\u00f6r\u00f0 \u00far l\u00edkama hennar. Marduk t\u00f3k \u00e1 eftirakkad\u00edsku t\u00edmabili yfir hlutverk s\u00famerska gu\u00f0sins Enlil.\"}}, {\"@type\": \"Question\", \"name\": \"Hva\u00f0 er Marduk-h\u00e1t\u00ed\u00f0in?\", \"acceptedAnswer\": {\"@type\": \"Answer\", \"text\": \"Mikilv\u00e6gasta h\u00e1t\u00ed\u00f0 Marduks var Akitu, bab\u00fdlonska n\u00fdj\u00e1rsh\u00e1t\u00ed\u00f0in \u00e1 vorin. \u00de\u00e1 var sk\u00f6punargo\u00f0s\u00f6gnin Enuma Elish flutt opinberlega, styttu Marduks var borin \u00far Esagila-hofinu \u00ed skr\u00fa\u00f0g\u00f6ngu um Bab\u00fdlon og konungurinn var sta\u00f0festur a\u00f0 n\u00fdju \u00ed emb\u00e6tti s\u00ednu. Akitu marka\u00f0i skiptingu bab\u00fdlonska \u00e1rsins.\"}}]}<\/script>\t\t\t\t<\/div>\n\t\t\t\t\t<\/div>\n\t\t<\/div>\n\t\t\t\t\t<\/div>\n\t\t<\/section>\n\t\t\t\t<\/div>\n\t\t","protected":false},"excerpt":{"rendered":"","protected":false},"author":3,"featured_media":1635,"parent":0,"menu_order":0,"comment_status":"closed","ping_status":"closed","template":"elementor_header_footer","meta":{"_yoast_wpseo_focuskw":"Marduk","_yoast_wpseo_title":"Marduk \u2013 r\u00edkisgu\u00f0 Bab\u00fdlons og tamningarma\u00f0ur \u00f3rei\u00f0unnar","_yoast_wpseo_metadesc":"Uppgangur fr\u00e1 borgargu\u00f0i til r\u00edkisgu\u00f0s, sigur \u00e1 T\u00edamat, Esagil-hofi\u00f0, Akitu-h\u00e1t\u00ed\u00f0in, 50 n\u00f6fnin, Mushhushshu-drekinn.","_yoast_wpseo_meta-robots-noindex":"","_yoast_wpseo_canonical":"","_angie_page":false,"gefaehrdungsstufe":"3","wesen_kultur":"mesopotamien","wesen_klasse":"goetter","footnotes":""},"categories":[],"class_list":["post-168715","page","type-page","status-publish","has-post-thumbnail","hentry"],"yoast_head":"<!-- This site is optimized with the Yoast SEO Premium plugin v27.7 (Yoast SEO v28.3) - https:\/\/yoast.com\/product\/yoast-seo-premium-wordpress\/ -->\n<title>Marduk \u2013 r\u00edkisgu\u00f0 Bab\u00fdlons og tamningarma\u00f0ur \u00f3rei\u00f0unnar<\/title>\n<meta name=\"description\" content=\"Uppgangur fr\u00e1 borgargu\u00f0i til r\u00edkisgu\u00f0s, sigur \u00e1 T\u00edamat, Esagil-hofi\u00f0, Akitu-h\u00e1t\u00ed\u00f0in, 50 n\u00f6fnin, Mushhushshu-drekinn.\" \/>\n<meta name=\"robots\" content=\"index, follow, max-snippet:-1, max-image-preview:large, max-video-preview:-1\" \/>\n<link rel=\"canonical\" href=\"https:\/\/iwell-guard.com\/is\/marduk\/\" \/>\n<meta property=\"og:locale\" content=\"is_IS\" \/>\n<meta property=\"og:type\" content=\"article\" \/>\n<meta property=\"og:title\" content=\"Marduk\" \/>\n<meta property=\"og:description\" content=\"Uppgangur fr\u00e1 borgargu\u00f0i til r\u00edkisgu\u00f0s, sigur \u00e1 T\u00edamat, Esagil-hofi\u00f0, Akitu-h\u00e1t\u00ed\u00f0in, 50 n\u00f6fnin, Mushhushshu-drekinn.\" \/>\n<meta property=\"og:url\" content=\"https:\/\/iwell-guard.com\/is\/marduk\/\" \/>\n<meta property=\"og:site_name\" content=\"iWell Guard\" \/>\n<meta property=\"article:modified_time\" content=\"2026-09-05T14:17:36+00:00\" \/>\n<meta property=\"og:image\" content=\"https:\/\/iwell-guard.com\/wp-content\/uploads\/2026\/04\/goetter_mesopotamien_marduk.webp\" \/>\n\t<meta property=\"og:image:width\" content=\"1024\" \/>\n\t<meta property=\"og:image:height\" content=\"1536\" \/>\n\t<meta property=\"og:image:type\" content=\"image\/webp\" \/>\n<meta name=\"twitter:card\" content=\"summary_large_image\" \/>\n<script type=\"application\/ld+json\" class=\"yoast-schema-graph\">{\"@context\":\"https:\\\/\\\/schema.org\",\"@graph\":[{\"@type\":\"WebPage\",\"@id\":\"https:\\\/\\\/iwell-guard.com\\\/is\\\/marduk\\\/\",\"url\":\"https:\\\/\\\/iwell-guard.com\\\/is\\\/marduk\\\/\",\"name\":\"Marduk \u2013 r\u00edkisgu\u00f0 Bab\u00fdlons og tamningarma\u00f0ur \u00f3rei\u00f0unnar\",\"isPartOf\":{\"@id\":\"https:\\\/\\\/iwell-guard.com\\\/is\\\/#website\"},\"primaryImageOfPage\":{\"@id\":\"https:\\\/\\\/iwell-guard.com\\\/is\\\/marduk\\\/#primaryimage\"},\"image\":{\"@id\":\"https:\\\/\\\/iwell-guard.com\\\/is\\\/marduk\\\/#primaryimage\"},\"thumbnailUrl\":\"https:\\\/\\\/iwell-guard.com\\\/wp-content\\\/uploads\\\/2026\\\/04\\\/goetter_mesopotamien_marduk.webp\",\"datePublished\":\"2026-09-05T14:02:23+00:00\",\"dateModified\":\"2026-09-05T14:17:36+00:00\",\"description\":\"Uppgangur fr\u00e1 borgargu\u00f0i til r\u00edkisgu\u00f0s, sigur \u00e1 T\u00edamat, Esagil-hofi\u00f0, Akitu-h\u00e1t\u00ed\u00f0in, 50 n\u00f6fnin, Mushhushshu-drekinn.\",\"breadcrumb\":{\"@id\":\"https:\\\/\\\/iwell-guard.com\\\/is\\\/marduk\\\/#breadcrumb\"},\"inLanguage\":\"is\",\"potentialAction\":[{\"@type\":\"ReadAction\",\"target\":[\"https:\\\/\\\/iwell-guard.com\\\/is\\\/marduk\\\/\"]}]},{\"@type\":\"ImageObject\",\"inLanguage\":\"is\",\"@id\":\"https:\\\/\\\/iwell-guard.com\\\/is\\\/marduk\\\/#primaryimage\",\"url\":\"https:\\\/\\\/iwell-guard.com\\\/wp-content\\\/uploads\\\/2026\\\/04\\\/goetter_mesopotamien_marduk.webp\",\"contentUrl\":\"https:\\\/\\\/iwell-guard.com\\\/wp-content\\\/uploads\\\/2026\\\/04\\\/goetter_mesopotamien_marduk.webp\",\"width\":1024,\"height\":1536,\"caption\":\"Gu\u00f0ir \u00far mes\u00f3p\u00f3tam\u00edskri hef\u00f0.\"},{\"@type\":\"BreadcrumbList\",\"@id\":\"https:\\\/\\\/iwell-guard.com\\\/is\\\/marduk\\\/#breadcrumb\",\"itemListElement\":[{\"@type\":\"ListItem\",\"position\":1,\"name\":\"Start\",\"item\":\"https:\\\/\\\/iwell-guard.com\\\/is\\\/?page_id=168580\"},{\"@type\":\"ListItem\",\"position\":2,\"name\":\"Marduk\"}]},{\"@type\":\"WebSite\",\"@id\":\"https:\\\/\\\/iwell-guard.com\\\/is\\\/#website\",\"url\":\"https:\\\/\\\/iwell-guard.com\\\/is\\\/\",\"name\":\"iWell Guard\",\"description\":\"Schutz vor dunklen Einfl\u00fcssen\",\"publisher\":{\"@id\":\"https:\\\/\\\/iwell-guard.com\\\/is\\\/#organization\"},\"potentialAction\":[{\"@type\":\"SearchAction\",\"target\":{\"@type\":\"EntryPoint\",\"urlTemplate\":\"https:\\\/\\\/iwell-guard.com\\\/is\\\/?s={search_term_string}\"},\"query-input\":{\"@type\":\"PropertyValueSpecification\",\"valueRequired\":true,\"valueName\":\"search_term_string\"}}],\"inLanguage\":\"is\"},{\"@type\":\"Organization\",\"@id\":\"https:\\\/\\\/iwell-guard.com\\\/is\\\/#organization\",\"name\":\"Ittermann electronic GmbH\",\"url\":\"https:\\\/\\\/iwell-guard.com\\\/is\\\/\",\"logo\":{\"@type\":\"ImageObject\",\"inLanguage\":\"is\",\"@id\":\"https:\\\/\\\/iwell-guard.com\\\/is\\\/#\\\/schema\\\/logo\\\/image\\\/\",\"url\":\"https:\\\/\\\/iwell-guard.com\\\/wp-content\\\/uploads\\\/2026\\\/05\\\/Ittermann-Logo-1182x237-1.png\",\"contentUrl\":\"https:\\\/\\\/iwell-guard.com\\\/wp-content\\\/uploads\\\/2026\\\/05\\\/Ittermann-Logo-1182x237-1.png\",\"width\":1182,\"height\":237,\"caption\":\"Ittermann electronic GmbH\"},\"image\":{\"@id\":\"https:\\\/\\\/iwell-guard.com\\\/is\\\/#\\\/schema\\\/logo\\\/image\\\/\"},\"sameAs\":[\"https:\\\/\\\/pantip.com\\\/profile\\\/9367242\",\"https:\\\/\\\/micro.blog\\\/iwellguard\",\"https:\\\/\\\/www.diggerslist.com\\\/iwellguard\\\/about\",\"https:\\\/\\\/skitterphoto.com\\\/photographers\\\/2870314\\\/iwell-guard\",\"https:\\\/\\\/iwellguard.wordpress.com\\\/2026\\\/06\\\/06\\\/iwell-guard\\\/\",\"https:\\\/\\\/hub.docker.com\\\/u\\\/iwellguard\",\"https:\\\/\\\/www.pinterest.com\\\/iwellguard\\\/\",\"https:\\\/\\\/bit.ly\\\/m\\\/iwellguard\",\"https:\\\/\\\/entre-vos-mains.alsace.eu\\\/profiles\\\/iwellguard\\\/activity\",\"https:\\\/\\\/gravatar.com\\\/reallybeded8fd34\",\"https:\\\/\\\/naijamatta.com\\\/iwellguard\",\"https:\\\/\\\/www.goodreads.com\\\/iwellguard\",\"https:\\\/\\\/profile.hatena.ne.jp\\\/iwellguard\\\/\",\"https:\\\/\\\/experiment.com\\\/users\\\/iwellguard\",\"https:\\\/\\\/wakelet.com\\\/@iWellGuard82270\",\"https:\\\/\\\/www.chordie.com\\\/forum\\\/profile.php?id=2555664\",\"https:\\\/\\\/www.instapaper.com\\\/p\\\/17757966\",\"https:\\\/\\\/www.mapleprimes.com\\\/users\\\/iwellguard\",\"https:\\\/\\\/businesslistingplus.com\\\/profile\\\/iwell-guard\\\/\",\"https:\\\/\\\/telegra.ph\\\/iWell-Guard-06-06\",\"https:\\\/\\\/pbase.com\\\/iwellguard\\\/iwellguard\",\"https:\\\/\\\/b.hatena.ne.jp\\\/iwellguard\\\/20260607#bookmark-4788405196491818882\",\"https:\\\/\\\/fliphtml5.com\\\/home\\\/iwellguard\",\"https:\\\/\\\/anyflip.com\\\/homepage\\\/cmiwl#About\",\"https:\\\/\\\/transfur.com\\\/Users\\\/iwellguard\",\"http:\\\/\\\/delphi.larsbo.org\\\/user\\\/iwellguard\",\"https:\\\/\\\/jobs.lajobsportal.org\\\/profiles\\\/8380803-iwell-guard\",\"https:\\\/\\\/md.chaosdorf.de\\\/s\\\/jfbe5SBdJD\",\"https:\\\/\\\/www.lingvolive.com\\\/en-us\\\/profile\\\/9ecaeaca-ce11-4e51-9e71-01d55e2bff36\\\/translations\",\"https:\\\/\\\/www.fitday.com\\\/fitness\\\/forums\\\/members\\\/iwellguard.html\",\"https:\\\/\\\/www.mymeetbook.com\\\/iwellguard\",\"https:\\\/\\\/pxhere.com\\\/en\\\/photographer-me\\\/5040798\",\"https:\\\/\\\/disqus.com\\\/by\\\/iwellguard\\\/about\\\/\",\"https:\\\/\\\/pastelink.net\\\/hjwciqwq\",\"https:\\\/\\\/pubhtml5.com\\\/homepage\\\/scjhn\\\/\",\"https:\\\/\\\/www.bitchute.com\\\/channel\\\/2O2eOKzNqujT\",\"https:\\\/\\\/audiomack.com\\\/iwellguard\"]},{\"@type\":\"Article\",\"@id\":\"https:\\\/\\\/iwell-guard.com\\\/is\\\/marduk\\\/#article\",\"isPartOf\":{\"@id\":\"https:\\\/\\\/iwell-guard.com\\\/is\\\/marduk\\\/\"},\"author\":{\"name\":\"Ralf Ittermann\",\"@id\":\"https:\\\/\\\/iwell-guard.com\\\/is\\\/#\\\/schema\\\/person\\\/ee2a27f1cac3406c7c6fb5820cb7349f\"},\"headline\":\"Marduk\",\"datePublished\":\"2026-09-05T14:02:23+00:00\",\"dateModified\":\"2026-09-05T14:17:36+00:00\",\"mainEntityOfPage\":{\"@id\":\"https:\\\/\\\/iwell-guard.com\\\/is\\\/marduk\\\/\"},\"publisher\":{\"@id\":\"https:\\\/\\\/iwell-guard.com\\\/is\\\/#organization\"},\"image\":{\"@id\":\"https:\\\/\\\/iwell-guard.com\\\/is\\\/marduk\\\/#primaryimage\"},\"thumbnailUrl\":\"https:\\\/\\\/iwell-guard.com\\\/wp-content\\\/uploads\\\/2026\\\/04\\\/goetter_mesopotamien_marduk.webp\",\"inLanguage\":\"is\",\"description\":\"Uppgangur fr\u00e1 borgargu\u00f0i til r\u00edkisgu\u00f0s, sigur \u00e1 T\u00edamat, Esagil-hofi\u00f0, Akitu-h\u00e1t\u00ed\u00f0in, 50 n\u00f6fnin, Mushhushshu-drekinn.\"}]}<\/script>\n<!-- \/ Yoast SEO Premium plugin. -->","yoast_head_json":{"title":"Marduk \u2013 r\u00edkisgu\u00f0 Bab\u00fdlons og tamningarma\u00f0ur \u00f3rei\u00f0unnar","description":"Uppgangur fr\u00e1 borgargu\u00f0i til r\u00edkisgu\u00f0s, sigur \u00e1 T\u00edamat, Esagil-hofi\u00f0, Akitu-h\u00e1t\u00ed\u00f0in, 50 n\u00f6fnin, Mushhushshu-drekinn.","robots":{"index":"index","follow":"follow","max-snippet":"max-snippet:-1","max-image-preview":"max-image-preview:large","max-video-preview":"max-video-preview:-1"},"canonical":"https:\/\/iwell-guard.com\/is\/marduk\/","og_locale":"is_IS","og_type":"article","og_title":"Marduk","og_description":"Uppgangur fr\u00e1 borgargu\u00f0i til r\u00edkisgu\u00f0s, sigur \u00e1 T\u00edamat, Esagil-hofi\u00f0, Akitu-h\u00e1t\u00ed\u00f0in, 50 n\u00f6fnin, Mushhushshu-drekinn.","og_url":"https:\/\/iwell-guard.com\/is\/marduk\/","og_site_name":"iWell Guard","article_modified_time":"2026-09-05T14:17:36+00:00","og_image":[{"width":1024,"height":1536,"url":"https:\/\/iwell-guard.com\/wp-content\/uploads\/2026\/04\/goetter_mesopotamien_marduk.webp","type":"image\/webp"}],"twitter_card":"summary_large_image","schema":{"@context":"https:\/\/schema.org","@graph":[{"@type":"Article","@id":"https:\/\/iwell-guard.com\/is\/marduk\/#article","isPartOf":{"@id":"https:\/\/iwell-guard.com\/is\/marduk\/"},"author":{"name":"Ralf Ittermann","@id":"https:\/\/iwell-guard.com\/is\/#\/schema\/person\/ee2a27f1cac3406c7c6fb5820cb7349f"},"headline":"Marduk","datePublished":"2026-09-05T14:02:23+00:00","dateModified":"2026-09-05T14:17:36+00:00","mainEntityOfPage":{"@id":"https:\/\/iwell-guard.com\/is\/marduk\/"},"publisher":{"@id":"https:\/\/iwell-guard.com\/is\/#organization"},"image":{"@id":"https:\/\/iwell-guard.com\/is\/marduk\/#primaryimage"},"thumbnailUrl":"https:\/\/iwell-guard.com\/wp-content\/uploads\/2026\/04\/goetter_mesopotamien_marduk.webp","inLanguage":"is","description":"Uppgangur fr\u00e1 borgargu\u00f0i til r\u00edkisgu\u00f0s, sigur \u00e1 T\u00edamat, Esagil-hofi\u00f0, Akitu-h\u00e1t\u00ed\u00f0in, 50 n\u00f6fnin, Mushhushshu-drekinn."},{"@type":"WebPage","@id":"https:\/\/iwell-guard.com\/is\/marduk\/","url":"https:\/\/iwell-guard.com\/is\/marduk\/","name":"Marduk \u2013 r\u00edkisgu\u00f0 Bab\u00fdlons og tamningarma\u00f0ur \u00f3rei\u00f0unnar","isPartOf":{"@id":"https:\/\/iwell-guard.com\/is\/#website"},"primaryImageOfPage":{"@id":"https:\/\/iwell-guard.com\/is\/marduk\/#primaryimage"},"image":{"@id":"https:\/\/iwell-guard.com\/is\/marduk\/#primaryimage"},"thumbnailUrl":"https:\/\/iwell-guard.com\/wp-content\/uploads\/2026\/04\/goetter_mesopotamien_marduk.webp","datePublished":"2026-09-05T14:02:23+00:00","dateModified":"2026-09-05T14:17:36+00:00","description":"Uppgangur fr\u00e1 borgargu\u00f0i til r\u00edkisgu\u00f0s, sigur \u00e1 T\u00edamat, Esagil-hofi\u00f0, Akitu-h\u00e1t\u00ed\u00f0in, 50 n\u00f6fnin, Mushhushshu-drekinn.","breadcrumb":{"@id":"https:\/\/iwell-guard.com\/is\/marduk\/#breadcrumb"},"inLanguage":"is","potentialAction":[{"@type":"ReadAction","target":["https:\/\/iwell-guard.com\/is\/marduk\/"]}]},{"@type":"ImageObject","inLanguage":"is","@id":"https:\/\/iwell-guard.com\/is\/marduk\/#primaryimage","url":"https:\/\/iwell-guard.com\/wp-content\/uploads\/2026\/04\/goetter_mesopotamien_marduk.webp","contentUrl":"https:\/\/iwell-guard.com\/wp-content\/uploads\/2026\/04\/goetter_mesopotamien_marduk.webp","width":1024,"height":1536,"caption":"Gu\u00f0ir \u00far mes\u00f3p\u00f3tam\u00edskri hef\u00f0."},{"@type":"BreadcrumbList","@id":"https:\/\/iwell-guard.com\/is\/marduk\/#breadcrumb","itemListElement":[{"@type":"ListItem","position":1,"name":"Start","item":"https:\/\/iwell-guard.com\/is\/?page_id=168580"},{"@type":"ListItem","position":2,"name":"Marduk"}]},{"@type":"WebSite","@id":"https:\/\/iwell-guard.com\/is\/#website","url":"https:\/\/iwell-guard.com\/is\/","name":"iWell Guard","description":"Schutz vor dunklen Einfl\u00fcssen","publisher":{"@id":"https:\/\/iwell-guard.com\/is\/#organization"},"potentialAction":[{"@type":"SearchAction","target":{"@type":"EntryPoint","urlTemplate":"https:\/\/iwell-guard.com\/is\/?s={search_term_string}"},"query-input":{"@type":"PropertyValueSpecification","valueRequired":true,"valueName":"search_term_string"}}],"inLanguage":"is"},{"@type":"Organization","@id":"https:\/\/iwell-guard.com\/is\/#organization","name":"Ittermann electronic GmbH","url":"https:\/\/iwell-guard.com\/is\/","logo":{"@type":"ImageObject","inLanguage":"is","@id":"https:\/\/iwell-guard.com\/is\/#\/schema\/logo\/image\/","url":"https:\/\/iwell-guard.com\/wp-content\/uploads\/2026\/05\/Ittermann-Logo-1182x237-1.png","contentUrl":"https:\/\/iwell-guard.com\/wp-content\/uploads\/2026\/05\/Ittermann-Logo-1182x237-1.png","width":1182,"height":237,"caption":"Ittermann electronic GmbH"},"image":{"@id":"https:\/\/iwell-guard.com\/is\/#\/schema\/logo\/image\/"},"sameAs":["https:\/\/pantip.com\/profile\/9367242","https:\/\/micro.blog\/iwellguard","https:\/\/www.diggerslist.com\/iwellguard\/about","https:\/\/skitterphoto.com\/photographers\/2870314\/iwell-guard","https:\/\/iwellguard.wordpress.com\/2026\/06\/06\/iwell-guard\/","https:\/\/hub.docker.com\/u\/iwellguard","https:\/\/www.pinterest.com\/iwellguard\/","https:\/\/bit.ly\/m\/iwellguard","https:\/\/entre-vos-mains.alsace.eu\/profiles\/iwellguard\/activity","https:\/\/gravatar.com\/reallybeded8fd34","https:\/\/naijamatta.com\/iwellguard","https:\/\/www.goodreads.com\/iwellguard","https:\/\/profile.hatena.ne.jp\/iwellguard\/","https:\/\/experiment.com\/users\/iwellguard","https:\/\/wakelet.com\/@iWellGuard82270","https:\/\/www.chordie.com\/forum\/profile.php?id=2555664","https:\/\/www.instapaper.com\/p\/17757966","https:\/\/www.mapleprimes.com\/users\/iwellguard","https:\/\/businesslistingplus.com\/profile\/iwell-guard\/","https:\/\/telegra.ph\/iWell-Guard-06-06","https:\/\/pbase.com\/iwellguard\/iwellguard","https:\/\/b.hatena.ne.jp\/iwellguard\/20260607#bookmark-4788405196491818882","https:\/\/fliphtml5.com\/home\/iwellguard","https:\/\/anyflip.com\/homepage\/cmiwl#About","https:\/\/transfur.com\/Users\/iwellguard","http:\/\/delphi.larsbo.org\/user\/iwellguard","https:\/\/jobs.lajobsportal.org\/profiles\/8380803-iwell-guard","https:\/\/md.chaosdorf.de\/s\/jfbe5SBdJD","https:\/\/www.lingvolive.com\/en-us\/profile\/9ecaeaca-ce11-4e51-9e71-01d55e2bff36\/translations","https:\/\/www.fitday.com\/fitness\/forums\/members\/iwellguard.html","https:\/\/www.mymeetbook.com\/iwellguard","https:\/\/pxhere.com\/en\/photographer-me\/5040798","https:\/\/disqus.com\/by\/iwellguard\/about\/","https:\/\/pastelink.net\/hjwciqwq","https:\/\/pubhtml5.com\/homepage\/scjhn\/","https:\/\/www.bitchute.com\/channel\/2O2eOKzNqujT","https:\/\/audiomack.com\/iwellguard"]},{"@type":"Person","@id":"https:\/\/iwell-guard.com\/is\/#\/schema\/person\/ee2a27f1cac3406c7c6fb5820cb7349f","name":"Ralf Ittermann","image":{"@type":"ImageObject","inLanguage":"is","@id":"https:\/\/secure.gravatar.com\/avatar\/073c0153e350a5005b68eb752b445fea71f6b24a26da9449ad7e155e6b446c9d?s=96&d=mm&r=g","url":"https:\/\/secure.gravatar.com\/avatar\/073c0153e350a5005b68eb752b445fea71f6b24a26da9449ad7e155e6b446c9d?s=96&d=mm&r=g","contentUrl":"https:\/\/secure.gravatar.com\/avatar\/073c0153e350a5005b68eb752b445fea71f6b24a26da9449ad7e155e6b446c9d?s=96&d=mm&r=g","caption":"Ralf Ittermann"},"givenName":"Ralf","familyName":"Ittermann","jobTitle":"Gesch\u00e4ftsf\u00fchrer und redaktioneller Verantwortlicher","url":"https:\/\/iwell-guard.com\/is\/author\/claude\/","description":"Ralf Ittermann ist Gesch\u00e4ftsf\u00fchrer der Ittermann electronic GmbH und redaktioneller Verantwortlicher des iWell-Guard-Lexikons. Er verbindet langj\u00e4hrige Erfahrung in der Pr\u00e4zisionsfertigung mit medialer Praxis und religionsgeschichtlicher Quellenarbeit.","worksFor":{"@type":"Organization","name":"Ittermann electronic GmbH","url":"https:\/\/ittermann.de\/","address":{"@type":"PostalAddress","streetAddress":"K\u00f6hlergasse 16-18","postalCode":"99842","addressLocality":"Ruhla","addressCountry":"DE"}},"knowsAbout":["Religionsgeschichte","Mythologie","Mediale Praxis","Energetische Diagnostik","Schutzpraxis","Volksglauben","Westliche Esoterik"]},{"@type":"Article","@id":"https:\/\/iwell-guard.com\/is\/marduk\/#article","isPartOf":{"@id":"https:\/\/iwell-guard.com\/is\/marduk\/"},"author":{"name":"Ralf Ittermann","@id":"https:\/\/iwell-guard.com\/is\/#\/schema\/person\/ee2a27f1cac3406c7c6fb5820cb7349f"},"headline":"Marduk","datePublished":"2026-09-05T14:02:23+00:00","dateModified":"2026-09-05T14:17:36+00:00","mainEntityOfPage":{"@id":"https:\/\/iwell-guard.com\/is\/marduk\/"},"publisher":{"@id":"https:\/\/iwell-guard.com\/is\/#organization"},"image":{"@id":"https:\/\/iwell-guard.com\/is\/marduk\/#primaryimage"},"thumbnailUrl":"https:\/\/iwell-guard.com\/wp-content\/uploads\/2026\/04\/goetter_mesopotamien_marduk.webp","inLanguage":"is","description":"Uppgangur fr\u00e1 borgargu\u00f0i til r\u00edkisgu\u00f0s, sigur \u00e1 T\u00edamat, Esagil-hofi\u00f0, Akitu-h\u00e1t\u00ed\u00f0in, 50 n\u00f6fnin, Mushhushshu-drekinn."}]}},"_links":{"self":[{"href":"https:\/\/iwell-guard.com\/is\/wp-json\/wp\/v2\/pages\/168715","targetHints":{"allow":["GET"]}}],"collection":[{"href":"https:\/\/iwell-guard.com\/is\/wp-json\/wp\/v2\/pages"}],"about":[{"href":"https:\/\/iwell-guard.com\/is\/wp-json\/wp\/v2\/types\/page"}],"author":[{"embeddable":true,"href":"https:\/\/iwell-guard.com\/is\/wp-json\/wp\/v2\/users\/3"}],"replies":[{"embeddable":true,"href":"https:\/\/iwell-guard.com\/is\/wp-json\/wp\/v2\/comments?post=168715"}],"version-history":[{"count":0,"href":"https:\/\/iwell-guard.com\/is\/wp-json\/wp\/v2\/pages\/168715\/revisions"}],"wp:featuredmedia":[{"embeddable":true,"href":"https:\/\/iwell-guard.com\/is\/wp-json\/wp\/v2\/media\/1635"}],"wp:attachment":[{"href":"https:\/\/iwell-guard.com\/is\/wp-json\/wp\/v2\/media?parent=168715"}],"wp:term":[{"taxonomy":"category","embeddable":true,"href":"https:\/\/iwell-guard.com\/is\/wp-json\/wp\/v2\/categories?post=168715"}],"curies":[{"name":"wp","href":"https:\/\/api.w.org\/{rel}","templated":true}]}}