{"id":168713,"date":"2026-09-05T14:02:23","date_gmt":"2026-09-05T14:02:23","guid":{"rendered":"https:\/\/iwell-guard.com\/?page_id=168713"},"modified":"2026-09-05T14:17:32","modified_gmt":"2026-09-05T14:17:32","slug":"odin","status":"publish","type":"page","link":"https:\/\/iwell-guard.com\/is\/odin\/","title":{"rendered":"\u00d3\u00f0inn"},"content":{"rendered":"\t\t<div data-elementor-type=\"wp-page\" data-elementor-id=\"168713\" class=\"elementor elementor-168713 elementor-1876 elementor-bc-flex-widget\" data-elementor-post-type=\"page\">\n\t\t\t\t<div class=\"elementor-element elementor-element-10fdade e-flex e-con-boxed e-con e-parent\" data-id=\"10fdade\" data-element_type=\"container\" data-e-type=\"container\" data-settings=\"{&quot;background_background&quot;:&quot;classic&quot;}\">\n\t\t\t\t\t<div class=\"e-con-inner\">\n\t\t<div class=\"elementor-element elementor-element-herohlft0 e-flex e-con-boxed e-con e-child\" data-id=\"herohlft0\" data-element_type=\"container\" data-e-type=\"container\">\n\t\t\t\t\t<div class=\"e-con-inner\">\n\t\t<div class=\"elementor-element elementor-element-c3ceb64 e-con-full e-flex e-con e-child\" data-id=\"c3ceb64\" data-element_type=\"container\" data-e-type=\"container\">\n\t\t\t\t<div class=\"elementor-element elementor-element-96ae5e1 elementor-widget elementor-widget-heading\" data-id=\"96ae5e1\" data-element_type=\"widget\" data-e-type=\"widget\" data-widget_type=\"heading.default\">\n\t\t\t\t\t<h1 class=\"elementor-heading-title elementor-size-default\">\u00d3\u00f0inn, gu\u00f0 germ\u00f6nsku hef\u00f0arins<\/h1>\t\t\t\t<\/div>\n\t\t\t\t<div class=\"elementor-element elementor-element-e45238a elementor-widget elementor-widget-text-editor\" data-id=\"e45238a\" data-element_type=\"widget\" data-e-type=\"widget\" data-widget_type=\"text-editor.default\">\n\t\t\t\t\t\t\t\t\t<p>\u00c6\u00f0sti gu\u00f0 germ\u00f6nsku go\u00f0afr\u00e6\u00f0innar, Alf\u00f6\u00f0ur, stj\u00f3rnandi lei\u00f0slu, sk\u00e1ldskapar og visku. \u00d3\u00f0inn er \u00ed mi\u00f0ju nor\u00f0ur-germ\u00f6nskrar <span class=\"iwg-fachbegriff\" data-tooltip=\"Heildarsafn \u00feeirra sagna um gu\u00f0i sem var\u00f0veitt hafa veri\u00f0 \u00ed tiltekinni menningu.\" tabindex=\"0\">go\u00f0afr\u00e6\u00f0i<\/span> sem \u00e6\u00f0sti stj\u00f3rnandi gu\u00f0a og manna.<\/p><p>\u00d3l\u00edkt flestum ind\u00f3evr\u00f3pskum \u00e6\u00f0stu gu\u00f0um er \u00d3\u00f0inn ekki fyrst og fremst ve\u00f0urgu\u00f0 e\u00f0a herstj\u00f3rnandi, heldur <span class=\"iwg-fachbegriff\" data-tooltip=\"Tr\u00faarlegur s\u00e9rfr\u00e6\u00f0ingur sem sag\u00f0ur er mi\u00f0la milli manna og andaheims.\" tabindex=\"0\">sjamani<\/span>, sei\u00f0skratti og sk\u00e1ld, sem hefur afla\u00f0 s\u00e9r v\u00edsku \u00e1 \u00f6llum kostna\u00f0i og gegns\u00fdrir heiminn frekar en a\u00f0 skipa honum reglu.<\/p>\t\t\t\t\t\t\t\t<\/div>\n\t\t\t\t<\/div>\n\t\t<div class=\"elementor-element elementor-element-klsbdg01 e-con-full e-flex e-con e-parent\" data-id=\"klsbdg01\" data-element_type=\"container\" data-e-type=\"container\">\n\t\t\t\t<div class=\"elementor-element elementor-element-klshtm01 elementor-widget elementor-widget-html\" data-id=\"klshtm01\" data-element_type=\"widget\" data-e-type=\"widget\" data-widget_type=\"html.default\">\n\t\t\t\t\t<div class=\"iwg-pill-row\"><span class=\"iwg-klasse-badge\" tabindex=\"0\" data-tooltip=\"Gu\u00f0 \/ gy\u00f0ja: Pers\u00f3nuger\u00f0 \u00e6\u00f0sta vald \u00ed go\u00f0aver\u00f6ld menningarheims, me\u00f0 sk\u00fdrum \u00e1byrg\u00f0arsvi\u00f0um, n\u00e1tt\u00faru\u00f6flum, \u00f6rl\u00f6gum, str\u00ed\u00f0i, frj\u00f3semi. D\u00fdrku\u00f0 me\u00f0 \u00e1tr\u00fana\u00f0i, f\u00f3rnum og hofastofnunum.\">Gu\u00f0<\/span><a href=\"https:\/\/iwell-guard.com\/is\/?page_id=168614\" class=\"iwg-kultur-badge\" tabindex=\"0\" data-tooltip=\"Forkristinn go\u00f0a- og andaheimur Nor\u00f0ur- og Mi\u00f0-Evr\u00f3pu.\">Germanskt<\/a><a href=\"https:\/\/iwell-guard.com\/is\/?page_id=168707\" class=\"iwg-tradition-badge\" tabindex=\"0\" data-tooltip=\"\u00c6\u00f0stu gu\u00f0ir \u00ed go\u00f0aver\u00f6ld, alheimslegt yfirr\u00e1\u00f0, skapara- e\u00f0a stj\u00f3rnandae\u00f0li.\">\u00c6\u00f0stigu\u00f0<\/a><\/div>\t\t\t\t<\/div>\n\t\t\t\t<\/div>\n\t\t<div class=\"elementor-element elementor-element-3f74855 e-con-full e-flex e-con e-child\" data-id=\"3f74855\" data-element_type=\"container\" data-e-type=\"container\">\n\t\t\t\t<div class=\"elementor-element elementor-element-1c30362 elementor-toc--minimized-on-tablet elementor-widget elementor-widget-table-of-contents\" data-id=\"1c30362\" data-element_type=\"widget\" data-e-type=\"widget\" data-settings=\"{&quot;exclude_headings_by_selector&quot;:[],&quot;no_headings_message&quot;:&quot;Engar undirfyrirsagnir fundust \\u00e1 \\u00feessari s\\u00ed\\u00f0u.&quot;,&quot;headings_by_tags&quot;:[&quot;h2&quot;,&quot;h3&quot;],&quot;marker_view&quot;:&quot;bullets&quot;,&quot;minimize_box&quot;:&quot;yes&quot;,&quot;icon&quot;:{&quot;value&quot;:&quot;fas fa-circle&quot;,&quot;library&quot;:&quot;fa-solid&quot;,&quot;rendered_tag&quot;:&quot;&lt;svg class=\\&quot;e-font-icon-svg e-fas-circle\\&quot; viewBox=\\&quot;0 0 512 512\\&quot; xmlns=\\&quot;http:\\\/\\\/www.w3.org\\\/2000\\\/svg\\&quot;&gt;&lt;path d=\\&quot;M256 8C119 8 8 119 8 256s111 248 248 248 248-111 248-248S393 8 256 8z\\&quot;&gt;&lt;\\\/path&gt;&lt;\\\/svg&gt;&quot;},&quot;minimized_on&quot;:&quot;tablet&quot;,&quot;hierarchical_view&quot;:&quot;yes&quot;,&quot;min_height&quot;:{&quot;unit&quot;:&quot;px&quot;,&quot;size&quot;:&quot;&quot;,&quot;sizes&quot;:[]},&quot;min_height_tablet&quot;:{&quot;unit&quot;:&quot;px&quot;,&quot;size&quot;:&quot;&quot;,&quot;sizes&quot;:[]},&quot;min_height_mobile&quot;:{&quot;unit&quot;:&quot;px&quot;,&quot;size&quot;:&quot;&quot;,&quot;sizes&quot;:[]}}\" data-widget_type=\"table-of-contents.default\">\n\t\t\t\t\t\t\t\t\t<div class=\"elementor-toc__header\">\n\t\t\t\t\t\t<h2 class=\"elementor-toc__header-title\">\n\t\t\t\tEfnisyfirlit\t\t\t<\/h2>\n\t\t\t\t\t\t\t\t\t\t<div class=\"elementor-toc__toggle-button elementor-toc__toggle-button--expand\" role=\"button\" tabindex=\"0\" aria-controls=\"elementor-toc__1c30362\" aria-expanded=\"true\" aria-label=\"Open table of contents\"><svg aria-hidden=\"true\" class=\"e-font-icon-svg e-fas-chevron-down\" viewBox=\"0 0 448 512\" xmlns=\"http:\/\/www.w3.org\/2000\/svg\"><path d=\"M207.029 381.476L12.686 187.132c-9.373-9.373-9.373-24.569 0-33.941l22.667-22.667c9.357-9.357 24.522-9.375 33.901-.04L224 284.505l154.745-154.021c9.379-9.335 24.544-9.317 33.901.04l22.667 22.667c9.373 9.373 9.373 24.569 0 33.941L240.971 381.476c-9.373 9.372-24.569 9.372-33.942 0z\"><\/path><\/svg><\/div>\n\t\t\t\t<div class=\"elementor-toc__toggle-button elementor-toc__toggle-button--collapse\" role=\"button\" tabindex=\"0\" aria-controls=\"elementor-toc__1c30362\" aria-expanded=\"true\" aria-label=\"Close table of contents\"><svg aria-hidden=\"true\" class=\"e-font-icon-svg e-fas-chevron-up\" viewBox=\"0 0 448 512\" xmlns=\"http:\/\/www.w3.org\/2000\/svg\"><path d=\"M240.971 130.524l194.343 194.343c9.373 9.373 9.373 24.569 0 33.941l-22.667 22.667c-9.357 9.357-24.522 9.375-33.901.04L224 227.495 69.255 381.516c-9.379 9.335-24.544 9.317-33.901-.04l-22.667-22.667c-9.373-9.373-9.373-24.569 0-33.941L207.03 130.525c9.372-9.373 24.568-9.373 33.941-.001z\"><\/path><\/svg><\/div>\n\t\t\t\t\t<\/div>\n\t\t\t\t<div id=\"elementor-toc__1c30362\" class=\"elementor-toc__body\">\n\t\t\t<div class=\"elementor-toc__spinner-container\">\n\t\t\t\t<svg class=\"elementor-toc__spinner eicon-animation-spin e-font-icon-svg e-eicon-loading\" aria-hidden=\"true\" viewBox=\"0 0 1000 1000\" xmlns=\"http:\/\/www.w3.org\/2000\/svg\"><path d=\"M500 975V858C696 858 858 696 858 500S696 142 500 142 142 304 142 500H25C25 237 238 25 500 25S975 237 975 500 763 975 500 975Z\"><\/path><\/svg>\t\t\t<\/div>\n\t\t<\/div>\n\t\t\t\t\t\t<\/div>\n\t\t\t\t<\/div>\n\t\t\t\t\t<\/div>\n\t\t\t\t<\/div>\n\t\t<div class=\"elementor-element elementor-element-herorght0 e-con-full e-flex e-con e-child\" data-id=\"herorght0\" data-element_type=\"container\" data-e-type=\"container\">\n\t\t\t\t<div class=\"elementor-element elementor-element-heroimg00 iwg-hero-image elementor-widget elementor-widget-image\" data-id=\"heroimg00\" data-element_type=\"widget\" data-e-type=\"widget\" data-widget_type=\"image.default\">\n\t\t\t\t\t\t\t\t\t\t\t\t\t\t\t<img fetchpriority=\"high\" decoding=\"async\" width=\"683\" height=\"1024\" src=\"https:\/\/iwell-guard.com\/wp-content\/uploads\/2026\/04\/goetter_germanisch_odin-683x1024.webp\" class=\"attachment-large size-large wp-image-170979\" alt=\"\u00d3\u00f0inn - gu\u00f0 \u00far germ\u00f6nskri hef\u00f0, s\u00f6guleg myndskreyting\" srcset=\"https:\/\/iwell-guard.com\/wp-content\/uploads\/2026\/04\/goetter_germanisch_odin-683x1024.webp 683w, https:\/\/iwell-guard.com\/wp-content\/uploads\/2026\/04\/goetter_germanisch_odin-200x300.webp 200w, https:\/\/iwell-guard.com\/wp-content\/uploads\/2026\/04\/goetter_germanisch_odin-768x1152.webp 768w, https:\/\/iwell-guard.com\/wp-content\/uploads\/2026\/04\/goetter_germanisch_odin.webp 1024w\" sizes=\"(max-width: 683px) 100vw, 683px\" \/>\t\t\t\t\t\t\t\t\t\t\t\t\t\t\t<\/div>\n\t\t\t\t<\/div>\n\t\t\t\t\t<\/div>\n\t\t\t\t<\/div>\n\t\t<div class=\"elementor-element elementor-element-32917199 e-flex e-con-boxed e-con e-parent\" data-id=\"32917199\" data-element_type=\"container\" data-e-type=\"container\">\n\t\t\t\t\t<div class=\"e-con-inner\">\n\t\t<div class=\"elementor-element elementor-element-26e916cb e-flex e-con-boxed e-con e-child\" data-id=\"26e916cb\" data-element_type=\"container\" data-e-type=\"container\">\n\t\t\t\t\t<div class=\"e-con-inner\">\n\t\t<div class=\"elementor-element elementor-element-253a40d4 e-flex e-con-boxed e-con e-child\" data-id=\"253a40d4\" data-element_type=\"container\" data-e-type=\"container\">\n\t\t\t\t\t<div class=\"e-con-inner\">\n\t\t\t\t<div class=\"elementor-element elementor-element-1200c304 elementor-widget elementor-widget-heading\" data-id=\"1200c304\" data-element_type=\"widget\" data-e-type=\"widget\" data-widget_type=\"heading.default\">\n\t\t\t\t\t<h2 class=\"elementor-heading-title elementor-size-default\">\u00d3\u00f0inn<\/h2>\t\t\t\t<\/div>\n\t\t\t\t\t<\/div>\n\t\t\t\t<\/div>\n\t\t<div class=\"elementor-element elementor-element-159dcf9a e-flex e-con-boxed e-con e-child\" data-id=\"159dcf9a\" data-element_type=\"container\" data-e-type=\"container\">\n\t\t\t\t\t<div class=\"e-con-inner\">\n\t\t\t\t<div class=\"elementor-element elementor-element-48cee66f elementor-widget elementor-widget-heading\" data-id=\"48cee66f\" data-element_type=\"widget\" data-e-type=\"widget\" data-widget_type=\"heading.default\">\n\t\t\t\t\t<h2 class=\"elementor-heading-title elementor-size-default\">\u00cd hnotskurn: \u00d3\u00f0inn<\/h2>\t\t\t\t<\/div>\n\t\t\t\t<div class=\"elementor-element elementor-element-3f50d82c elementor-widget elementor-widget-text-editor\" data-id=\"3f50d82c\" data-element_type=\"widget\" data-e-type=\"widget\" data-widget_type=\"text-editor.default\">\n\t\t\t\t\t\t\t\t\t<p><strong>Ger\u00f0:<\/strong> \u00c6\u00f0stigu\u00f0, gu\u00f0 lei\u00f0slu, visku og sk\u00e1ldskapar<br><span class=\"iwg-fachbegriff\" data-tooltip=\"Heildarsafn gu\u00f0a \u00ed tr\u00faarbr\u00f6g\u00f0um e\u00f0a menningu.\" tabindex=\"0\">Go\u00f0aver\u00f6ld<\/span>: Germ\u00f6nsk (\u00c1sgar\u00f0ur)<br>Hlutverk: Verndari lei\u00f0slu og <span class=\"iwg-fachbegriff\" data-tooltip=\"I\u00f0kanir sem \u00e6tla\u00f0 er a\u00f0 hafa \u00e1hrif \u00e1 gang hlutanna me\u00f0 s\u00e9rst\u00f6kum ath\u00f6fnum e\u00f0a form\u00falum.\" tabindex=\"0\">galdurs<\/span>, fa\u00f0ir herna\u00f0arh\u00e6fni og sk\u00e1ldlistar, s\u00e1larlei\u00f0s\u00f6guma\u00f0ur (\u00fe\u00e1ttur dau\u00f0agu\u00f0s)<br>A\u00f0alt\u00e1kn: Spj\u00f3ti\u00f0 Gungnir, hrafnarnir Huginn og Muninn, \u00falfarnir Geri og Freki, hesturinn Sleipnir<br>A\u00f0al\u00e1tr\u00fana\u00f0arsta\u00f0ir: Uppsalir (Sv\u00ed\u00fej\u00f3\u00f0), Lejre (Danm\u00f6rk)<br>R\u00f3mverskt hli\u00f0st\u00e6\u00f0a: Mercurius (interpretatio romana, Tacitus)<\/p>\t\t\t\t\t\t\t\t<\/div>\n\t\t\t\t\t<\/div>\n\t\t\t\t<\/div>\n\t\t\t\t\t<\/div>\n\t\t\t\t<\/div>\n\t\t\t\t\t<\/div>\n\t\t\t\t<\/div>\n\t\t<div class=\"elementor-element elementor-element-18613602 e-flex e-con-boxed e-con e-parent\" data-id=\"18613602\" data-element_type=\"container\" data-e-type=\"container\">\n\t\t\t\t\t<div class=\"e-con-inner\">\n\t\t\t\t<div class=\"elementor-element elementor-element-262b8a9f elementor-widget elementor-widget-heading\" data-id=\"262b8a9f\" data-element_type=\"widget\" data-e-type=\"widget\" data-widget_type=\"heading.default\">\n\t\t\t\t\t<h2 class=\"elementor-heading-title elementor-size-default\">S\u00f6guleg sta\u00f0setning<\/h2>\t\t\t\t<\/div>\n\t\t<div class=\"elementor-element elementor-element-46dcb7d e-con-full e-flex e-con e-child\" data-id=\"46dcb7d\" data-element_type=\"container\" data-e-type=\"container\">\n\t\t<div class=\"elementor-element elementor-element-61d3ab3 e-flex e-con-boxed e-con e-child\" data-id=\"61d3ab3\" data-element_type=\"container\" data-e-type=\"container\">\n\t\t\t\t\t<div class=\"e-con-inner\">\n\t\t\t\t<div class=\"elementor-element elementor-element-117c166 elementor-widget elementor-widget-heading\" data-id=\"117c166\" data-element_type=\"widget\" data-e-type=\"widget\" data-widget_type=\"heading.default\">\n\t\t\t\t\t<div class=\"elementor-heading-title elementor-size-default\">T\u00edmabil textanna<\/div>\t\t\t\t<\/div>\n\t\t\t\t<div class=\"elementor-element elementor-element-73997a0 elementor-widget elementor-widget-text-editor\" data-id=\"73997a0\" data-element_type=\"widget\" data-e-type=\"widget\" data-widget_type=\"text-editor.default\">\n\t\t\t\t\t\t\t\t\t<p><span class=\"iwg-fachbegriff\" data-tooltip=\"Mi\u00f0lun \u00feekkingar og sagna milli kynsl\u00f3\u00f0a.\" tabindex=\"0\">Munnm\u00e6lahef\u00f0in<\/span> um \u00d3\u00f0inn n\u00e6r fr\u00e1 a\u00f0 mestu tapa\u00f0ri forkristinni munnlegri geymd, gegnum Eddu-s\u00f6fnin fr\u00e1 13. \u00f6ld, Prosa-Eddu <span class=\"iwg-fachbegriff\" tabindex=\"0\" data-tooltip=\"\u00cdslenskur fr\u00e6\u00f0ima\u00f0ur (1179\u20131241); h\u00f6fundur Prosa-Eddu og Heimskringlu.\">Snorra Sturlusonar<\/span> og Lj\u00f3\u00f0aeddu (8.\u201313. \u00f6ld), allt til athugana r\u00f3mverskra og s\u00ed\u00f0ari mi\u00f0aldah\u00f6funda.<\/p><p>Eddutextarnir eru skr\u00e1ningar sem byggjast \u00e1 eldri, munnlega var\u00f0veittum sk\u00e1ldakve\u00f0skap. Samfellt skriflegt <span class=\"iwg-fachbegriff\" data-tooltip=\"Mi\u00f0lun \u00feekkingar og sagna milli kynsl\u00f3\u00f0a.\" tabindex=\"0\">munnm\u00e6lafl\u00e6\u00f0i<\/span> eins og \u00ed tilfelli Seifs er ekki til; \u00ed sta\u00f0inn h\u00f6fum vi\u00f0 brotakenndar heimildir: German\u00edu Tacitusar (um 98 e.Kr.), sk\u00e1ldabrot, Saxo Grammaticus (12. \u00f6ld) og Eddu-s\u00f6fnin.<\/p>\t\t\t\t\t\t\t\t<\/div>\n\t\t\t\t\t<\/div>\n\t\t\t\t<\/div>\n\t\t<div class=\"elementor-element elementor-element-d47b156 e-flex e-con-boxed e-con e-child\" data-id=\"d47b156\" data-element_type=\"container\" data-e-type=\"container\">\n\t\t\t\t\t<div class=\"e-con-inner\">\n\t\t\t\t<div class=\"elementor-element elementor-element-ff38c2b elementor-widget elementor-widget-heading\" data-id=\"ff38c2b\" data-element_type=\"widget\" data-e-type=\"widget\" data-widget_type=\"heading.default\">\n\t\t\t\t\t<div class=\"elementor-heading-title elementor-size-default\">\u00datbrei\u00f0slusv\u00e6\u00f0i<\/div>\t\t\t\t<\/div>\n\t\t\t\t<div class=\"elementor-element elementor-element-4e49fcc elementor-widget elementor-widget-text-editor\" data-id=\"4e49fcc\" data-element_type=\"widget\" data-e-type=\"widget\" data-widget_type=\"text-editor.default\">\n\t\t\t\t\t\t\t\t\t<p>D\u00fdrka\u00f0ur um allt germansk-norr\u00e6nt sv\u00e6\u00f0i: Skandinav\u00edu (Noreg, Sv\u00ed\u00fej\u00f3\u00f0, Danm\u00f6rku), danskar og norskar eyjar, engilsaxneska England (\u00fear sem Woden\/Wodan er nafngjafi or\u00f0sins Wednesday) og su\u00f0ur-germ\u00f6nsk sv\u00e6\u00f0i (fornh\u00e1\u00fe\u00fdska Wodan\/Wuodan). Umfang \u00fatbrei\u00f0slusv\u00e6\u00f0isins s\u00e9st \u00ed fj\u00f6lda \u00e6ttb\u00e1lkanafna me\u00f0 Woden-or\u00f0sifjum og \u00ed n\u00f6fnum vikudaga og m\u00e1na\u00f0a (Wodanstag\/mi\u00f0vikudagur, fornnorr\u00e6na \u00d3\u00f0insdagr).<\/p>\t\t\t\t\t\t\t\t<\/div>\n\t\t\t\t\t<\/div>\n\t\t\t\t<\/div>\n\t\t\t\t<\/div>\n\t\t<div class=\"elementor-element elementor-element-db03c39 e-con-full e-flex e-con e-child\" data-id=\"db03c39\" data-element_type=\"container\" data-e-type=\"container\">\n\t\t<div class=\"elementor-element elementor-element-229a87b e-flex e-con-boxed e-con e-child\" data-id=\"229a87b\" data-element_type=\"container\" data-e-type=\"container\">\n\t\t\t\t\t<div class=\"e-con-inner\">\n\t\t\t\t<div class=\"elementor-element elementor-element-1f471fc elementor-widget elementor-widget-heading\" data-id=\"1f471fc\" data-element_type=\"widget\" data-e-type=\"widget\" data-widget_type=\"heading.default\">\n\t\t\t\t\t<div class=\"elementor-heading-title elementor-size-default\">Heimildasta\u00f0a<\/div>\t\t\t\t<\/div>\n\t\t\t\t<div class=\"elementor-element elementor-element-36b1201 elementor-widget elementor-widget-text-editor\" data-id=\"36b1201\" data-element_type=\"widget\" data-e-type=\"widget\" data-widget_type=\"text-editor.default\">\n\t\t\t\t\t\t\t\t\t<p>Kjarninn er Eddu-s\u00f6fnin: Lj\u00f3\u00f0aeddan (V\u00f6lusp\u00e1, H\u00e1vam\u00e1l, Vaf\u00fer\u00fa\u00f0nism\u00e1l) og Prosa-Edda Snorra Sturlusonar (Gylfaginning, Sk\u00e1ldskaparm\u00e1l). \u00dear vi\u00f0 b\u00e6tast sk\u00e1ldabrot hj\u00e1 s\u00ed\u00f0ari h\u00f6fundum, stutt umtal Tacitusar um Mercurius me\u00f0 sams\u00f6mun vi\u00f0 Woden, Gesta Danorum Saxo Grammaticus, a\u00f0rar heimildir auk fornleifafunda (f\u00f3rnam\u00fdrar, \u00e1letranir, heitgjafir).<\/p><p>T\u00edmar\u00f6\u00f0in er vandkv\u00e6\u00f0um bundin: Eddu-skr\u00e1ningarnar eru fr\u00e1 13. \u00f6ld en l\u00fdsa munnm\u00e6lum fr\u00e1 forkristinni <span class=\"iwg-fachbegriff\" data-tooltip=\"Fors\u00f6gulegt t\u00edmabil eftir brons\u00f6ld, einkennt af j\u00e1rnvinnslu.\" tabindex=\"0\">j\u00e1rn\u00f6ld<\/span>.<\/p>\t\t\t\t\t\t\t\t<\/div>\n\t\t\t\t\t<\/div>\n\t\t\t\t<\/div>\n\t\t\t\t<\/div>\n\t\t\t\t\t<\/div>\n\t\t\t\t<\/div>\n\t\t<div class=\"elementor-element elementor-element-3ae0637c e-flex e-con-boxed e-con e-parent\" data-id=\"3ae0637c\" data-element_type=\"container\" data-e-type=\"container\">\n\t\t\t\t\t<div class=\"e-con-inner\">\n\t\t\t\t<div class=\"elementor-element elementor-element-31d07739 elementor-widget elementor-widget-heading\" data-id=\"31d07739\" data-element_type=\"widget\" data-e-type=\"widget\" data-widget_type=\"heading.default\">\n\t\t\t\t\t<h2 class=\"elementor-heading-title elementor-size-default\">Nafn<\/h2>\t\t\t\t<\/div>\n\t\t<div class=\"elementor-element elementor-element-b7642947 e-con-full e-flex e-con e-child\" data-id=\"b7642947\" data-element_type=\"container\" data-e-type=\"container\">\n\t\t\t\t<div class=\"elementor-element elementor-element-a086266 elementor-widget elementor-widget-text-editor\" data-id=\"a086266\" data-element_type=\"widget\" data-e-type=\"widget\" data-widget_type=\"text-editor.default\">\n\t\t\t\t\t\t\t\t\t<p><strong>Fornnorr\u00e6na:<\/strong> \u00d3\u00f0inn (nefnifall), eignarfall \u00d3\u00f0ins, or\u00f0sifjar umdeildar, m\u00f6gulegar r\u00e6tur: frumgermanska *Wo\u00f0anaz (\u201ehinn \u00e6\u00f0islegi&#8220;, af *wod- \u201elei\u00f0sla, \u00e6\u00f0i, kve\u00f0skapur&#8220;) e\u00f0a tengsl vi\u00f0 fornnorr\u00e6nt <em>\u00f3\u00f0r<\/em> (<span class=\"iwg-fachbegriff\" data-tooltip=\"L\u00edkamslaus vera sem s\u00f6g\u00f0 er hafa \u00e1hrif \u00ed heiminum.\" tabindex=\"0\">andi<\/span>, sk\u00e1ldskapur, lei\u00f0sla). Fornh\u00e1\u00fe\u00fdska: Wodan, Wuodan, Wuotan, Wuothan. Fornsaxneska: Wuodan. Fornenska: Woden, Wodan, nafngjafi mi\u00f0vikudagsins (Wednesday = \u201eWodens Day&#8220;, hli\u00f0st\u00e6tt Mardi\/Mercredi \u00ed r\u00f3m\u00f6nskum m\u00e1lum af r\u00f3mverska Mercurius).<\/p><p>L\u00e1g\u00fe\u00fdska\/platt\u00fe\u00fdska: Wodan, Odin. R\u00f3mverskt hli\u00f0st\u00e6\u00f0a: Mercurius (interpretatio romana hj\u00e1 Tacitus, \u00fer\u00e1tt fyrir menningarlega framandlega sams\u00f6mun). Vikudagsnafni\u00f0 mi\u00f0vikudagur v\u00edsar til r\u00f3mverskrar sams\u00f6munar (Wodan = Mercurius), ekki beint til hlutverka Mercuriusar. Kenningarn\u00f6fn og titlar: Alf\u00f6\u00f0ur, herra sk\u00e1ldanna, Spj\u00f3t-\u00d3\u00f0inn, Hangagu\u00f0 (Hangi, vegna sj\u00e1lfsf\u00f3rnar \u00e1 Yggdrasil), hinn eineyg\u00f0i, Hrafnagu\u00f0 (Hrafn-\u00d3\u00f0inn), Fer\u00f0alangurinn.<\/p>\t\t\t\t\t\t\t\t<\/div>\n\t\t\t\t<\/div>\n\t\t\t\t\t<\/div>\n\t\t\t\t<\/div>\n\t\t<div class=\"elementor-element elementor-element-709a44a8 e-flex e-con-boxed e-con e-parent\" data-id=\"709a44a8\" data-element_type=\"container\" data-e-type=\"container\">\n\t\t\t\t\t<div class=\"e-con-inner\">\n\t\t\t\t<div class=\"elementor-element elementor-element-2f585873 elementor-widget elementor-widget-heading\" data-id=\"2f585873\" data-element_type=\"widget\" data-e-type=\"widget\" data-widget_type=\"heading.default\">\n\t\t\t\t\t<h2 class=\"elementor-heading-title elementor-size-default\">L\u00fdsing<\/h2>\t\t\t\t<\/div>\n\t\t<div class=\"elementor-element elementor-element-70621c12 e-con-full e-flex e-con e-child\" data-id=\"70621c12\" data-element_type=\"container\" data-e-type=\"container\">\n\t\t\t\t<div class=\"elementor-element elementor-element-4296eb49 elementor-widget elementor-widget-text-editor\" data-id=\"4296eb49\" data-element_type=\"widget\" data-e-type=\"widget\" data-widget_type=\"text-editor.default\">\n\t\t\t\t\t\t\t\t\t<p><strong>\u00c1s\u00fdnd<\/strong><\/p><p>\u00d3\u00f0inn er \u00ed b\u00f3kmenntum og myndr\u00e6nni <span class=\"iwg-fachbegriff\" data-tooltip=\"Mi\u00f0lun \u00feekkingar og fr\u00e1sagna milli kynsl\u00f3\u00f0a.\" tabindex=\"0\">arfleif\u00f0<\/span> s\u00fdndur sem eineyg\u00f0ur \u00f6ldungur me\u00f0 langt skegg. Hann kl\u00e6\u00f0ist v\u00ed\u00f0um, flj\u00f3tandi bl\u00e1um e\u00f0a gr\u00e1um kufli og brei\u00f0ja\u00f0ra hatti (Huengljaef e\u00f0a Huengljaefr), sem felur augnleysi\u00f0 og andlit hans a\u00f0 hluta.<\/p><p>Hann rei\u00f0 \u00e1ttf\u00e6ttum hestinum Sleipni (fornnorr\u00e6na <em>sleipnir<\/em> \u201ehinn skrei\u00f0andi&#8220;), sem er hra\u00f0ari en \u00f6ll \u00f6nnur d\u00fdr og fer einnig milli heima.<\/p><p>Vi\u00f0 hli\u00f0 hans bar hann spj\u00f3ti\u00f0 Gungni (fornnorr\u00e6na <em>gungnir<\/em> \u201ehinn sveiflandi&#8220;), sem missir aldrei marks. Tveir hrafnar, Huginn og Muninn (fornnorr\u00e6na <em>huginn<\/em> \u201ehugur&#8220; og <em>muninn<\/em> \u201eminni&#8220;), sitja \u00e1 her\u00f0um hans og flj\u00faga daglega um hina N\u00edu heima til a\u00f0 segja honum allt sem gerist.<\/p><p>Tveir \u00falfar, Geri og Freki (fornnorr\u00e6na <em>geri<\/em> \u201ehinn gr\u00e1\u00f0ugi&#8220; og <em>freki<\/em> \u201ehinn \u00e1gengi&#8220;), eru fylgdarmenn hans, en \u00d3\u00f0inn sj\u00e1lfur bor\u00f0ar sjaldan og lifir a\u00f0allega \u00e1 v\u00edni (e\u00f0li \u00c1sanna).<\/p><p><strong>E\u00f0li og verk<\/strong><\/p><p>\u00d3\u00f0inn er umbreytandinn og breytir heimsins, ekki skapari hans. Hann er gu\u00f0 \u00e1stands, str\u00ed\u00f0s\u00e6\u00f0is (<em>berserksgangs<\/em>), sjaman\u00edskrar <span class=\"iwg-fachbegriff\" tabindex=\"0\" data-tooltip=\"Breytt vitundar\u00e1stand me\u00f0 \u00ferengdri athygli; framkalla\u00f0 af \u00e1setningi \u00ed sjaman\u00edskri og mi\u00f0ils\u00e1stundun.\">transs<\/span> og sk\u00e1ldskapar.<\/p><p>Einkenni hans er sj\u00e1lfsf\u00f3rnin: Hann hengdi sj\u00e1lfan sig \u00ed n\u00edu n\u00e6tur \u00ed heimstr\u00e9nu Yggdrasil, gegnumstunginn af spj\u00f3ti, til a\u00f0 n\u00e1 r\u00fanunum, hinu fornu rita- og galdrakerfi.<\/p><p>Hann f\u00f3rna\u00f0i h\u00e6gra auga s\u00ednu \u00ed M\u00edmisbrunn til a\u00f0 f\u00e1 a\u00f0 drekka sopa af visku hans.<\/p><p>Valdsvi\u00f0 hans n\u00e6r yfir sk\u00e1ldskap, str\u00ed\u00f0 (sem \u00e1stand bardagagle\u00f0i fremur en skipulagt yfirr\u00e1\u00f0 eins og hj\u00e1 Seifi), dau\u00f0a og <span class=\"iwg-fachbegriff\" data-tooltip=\"Athafnir sem reyna a\u00f0 hafa \u00e1hrif \u00e1 gang hlutanna me\u00f0 s\u00e9rst\u00f6kum verkum e\u00f0a form\u00falum.\" tabindex=\"0\">galdur<\/span>. \u00d3l\u00edkt \u00de\u00f3r (\u00ferumugu\u00f0i, skipulagsgu\u00f0i b\u00e6nda) e\u00f0a T\u00fd (l\u00f6ggu\u00f0i ei\u00f0t\u00f6kunnar) t\u00e1knar \u00d3\u00f0inn yfirstig hins venjulega: hi\u00f0 yfirn\u00e1tt\u00farlega, <span class=\"iwg-fachbegriff\" data-tooltip=\"Tr\u00faarlegur s\u00e9rfr\u00e6\u00f0ingur sem talinn er mi\u00f0la milli manna og andaheims.\" tabindex=\"0\">sjaman<\/span>, <span class=\"iwg-fachbegriff\" data-tooltip=\"Athafnir sem reyna a\u00f0 hafa \u00e1hrif \u00e1 gang hlutanna me\u00f0 s\u00e9rst\u00f6kum verkum e\u00f0a form\u00falum.\" tabindex=\"0\">galdur<\/span>.<\/p>\t\t\t\t\t\t\t\t<\/div>\n\t\t\t\t<\/div>\n\t\t\t\t\t<\/div>\n\t\t\t\t<\/div>\n\t\t<div class=\"elementor-element elementor-element-44e71476 e-flex e-con-boxed e-con e-parent\" data-id=\"44e71476\" data-element_type=\"container\" data-e-type=\"container\">\n\t\t\t\t\t<div class=\"e-con-inner\">\n\t\t\t\t<div class=\"elementor-element elementor-element-3c1fc3f0 elementor-widget elementor-widget-heading\" data-id=\"3c1fc3f0\" data-element_type=\"widget\" data-e-type=\"widget\" data-widget_type=\"heading.default\">\n\t\t\t\t\t<h2 class=\"elementor-heading-title elementor-size-default\">Skyndil\u00fdsing: \u00d3\u00f0inn<\/h2>\t\t\t\t<\/div>\n\t\t<div class=\"elementor-element elementor-element-84f33b8e e-con-full e-flex e-con e-child\" data-id=\"84f33b8e\" data-element_type=\"container\" data-e-type=\"container\">\n\t\t\t\t<div class=\"elementor-element elementor-element-hqkdc67p elementor-widget elementor-widget-text-editor\" data-id=\"hqkdc67p\" data-element_type=\"widget\" data-e-type=\"widget\" data-widget_type=\"text-editor.default\">\n\t\t\t\t\t\t\t\t\t<p>Mikilv\u00e6gustu \u00fe\u00e6ttir \u00d3\u00f0ins \u00ed hnotskurn. Taflan dregur saman uppruna, hlutverk, \u00e1s\u00fdnd, tilbei\u00f0slu, t\u00e1kn og hli\u00f0st\u00e6\u00f0ur.<\/p>\t\t\t\t\t\t\t\t<\/div>\n\t\t\t\t<\/div>\n\t\t<div class=\"elementor-element elementor-element-pemmx7c5 e-con-full e-flex e-con e-child\" data-id=\"pemmx7c5\" data-element_type=\"container\" data-e-type=\"container\">\n\t\t<div class=\"elementor-element elementor-element-pemmx7c1 e-con-full e-flex e-con e-child\" data-id=\"pemmx7c1\" data-element_type=\"container\" data-e-type=\"container\">\n\t\t<div class=\"elementor-element elementor-element-qh9oavvu iwg-steckbrief-card e-flex e-con-boxed e-con e-child\" data-id=\"qh9oavvu\" data-element_type=\"container\" data-e-type=\"container\">\n\t\t\t\t\t<div class=\"e-con-inner\">\n\t\t\t\t<div class=\"elementor-element elementor-element-awzx8k2k elementor-widget elementor-widget-heading\" data-id=\"awzx8k2k\" data-element_type=\"widget\" data-e-type=\"widget\" data-widget_type=\"heading.default\">\n\t\t\t\t\t<div class=\"elementor-heading-title elementor-size-default\">Uppruni<\/div>\t\t\t\t<\/div>\n\t\t\t\t<div class=\"elementor-element elementor-element-x6rowhv0 elementor-widget elementor-widget-text-editor\" data-id=\"x6rowhv0\" data-element_type=\"widget\" data-e-type=\"widget\" data-widget_type=\"text-editor.default\">\n\t\t\t\t\t\t\t\t\t<p>Sonur j\u00f6tunsins Bors og j\u00f6tunkonunnar Bestlu. Br\u00f3\u00f0ir Vilja og V\u00e9s. Eftir sk\u00f6pun heimsins \u00far l\u00edki j\u00f6tunsins \u00ddmis stofna\u00f0i hann me\u00f0 br\u00e6\u00f0rum s\u00ednum r\u00edki\u00f0 \u00c1sgar\u00f0, kom \u00e1 skipulagi hinna N\u00edu heima og \u00e1kvar\u00f0a\u00f0i \u00f6rl\u00f6g og gang hlutanna.<\/p><p>Uppruni hans er tv\u00edblendinn: b\u00e6\u00f0i gu\u00f0 og j\u00f6tunn \u00ed senn, sem undirstrikar e\u00f0li hans sem yfirstigsveru.<\/p>\t\t\t\t\t\t\t\t<\/div>\n\t\t\t\t\t<\/div>\n\t\t\t\t<\/div>\n\t\t<div class=\"elementor-element elementor-element-8e3o4kxs iwg-steckbrief-card e-flex e-con-boxed e-con e-child\" data-id=\"8e3o4kxs\" data-element_type=\"container\" data-e-type=\"container\">\n\t\t\t\t\t<div class=\"e-con-inner\">\n\t\t\t\t<div class=\"elementor-element elementor-element-08rkdgov elementor-widget elementor-widget-heading\" data-id=\"08rkdgov\" data-element_type=\"widget\" data-e-type=\"widget\" data-widget_type=\"heading.default\">\n\t\t\t\t\t<div class=\"elementor-heading-title elementor-size-default\">Hlutverk \u00d3\u00f0ins<\/div>\t\t\t\t<\/div>\n\t\t\t\t<div class=\"elementor-element elementor-element-uwjelx8s elementor-widget elementor-widget-text-editor\" data-id=\"uwjelx8s\" data-element_type=\"widget\" data-e-type=\"widget\" data-widget_type=\"text-editor.default\">\n\t\t\t\t\t\t\t\t\t<p>Herra \u00e1stands, sk\u00e1ldskapar og <span class=\"iwg-fachbegriff\" data-tooltip=\"Athafnir sem reyna a\u00f0 hafa \u00e1hrif \u00e1 gang hlutanna me\u00f0 s\u00e9rst\u00f6kum verkum e\u00f0a form\u00falum.\" tabindex=\"0\">galdurs<\/span>. Gu\u00f0 str\u00ed\u00f0sins \u00ed \u00e1standsformi \u00feess, ekki skipulagsformi. S\u00e1larfylgja og herra orrustunnar og hinna fallnu, sem hann s\u00e6kir til Valhallar. Frumfa\u00f0ir sk\u00e1lda og meistari r\u00fana. \u00d3l\u00edkt \u00f6\u00f0rum h\u00f6fu\u00f0gu\u00f0um er hann fyrst og fremst breytandi og yfirstigari fremur en skipulagsvaldur.<\/p>\t\t\t\t\t\t\t\t<\/div>\n\t\t\t\t\t<\/div>\n\t\t\t\t<\/div>\n\t\t<div class=\"elementor-element elementor-element-jm2n74ec iwg-steckbrief-card e-flex e-con-boxed e-con e-child\" data-id=\"jm2n74ec\" data-element_type=\"container\" data-e-type=\"container\">\n\t\t\t\t\t<div class=\"e-con-inner\">\n\t\t\t\t<div class=\"elementor-element elementor-element-8vufse4c elementor-widget elementor-widget-heading\" data-id=\"8vufse4c\" data-element_type=\"widget\" data-e-type=\"widget\" data-widget_type=\"heading.default\">\n\t\t\t\t\t<div class=\"elementor-heading-title elementor-size-default\">Form<\/div>\t\t\t\t<\/div>\n\t\t\t\t<div class=\"elementor-element elementor-element-mwb9u015 elementor-widget elementor-widget-text-editor\" data-id=\"mwb9u015\" data-element_type=\"widget\" data-e-type=\"widget\" data-widget_type=\"text-editor.default\">\n\t\t\t\t\t\t\t\t\t<p>Eineyg\u00f0ur \u00f6ldungur me\u00f0 langt skegg, v\u00ed\u00f0ur bl\u00e1r e\u00f0a gr\u00e1r kufl, brei\u00f0ja\u00f0ra hattur. R\u00ed\u00f0ur Sleipni (\u00e1ttf\u00e6ttum hesti). Ber Gungni (galdraspj\u00f3t). Huginn og Muninn (hrafnar hugsunar og minnis) \u00e1 her\u00f0um. Tveir \u00falfar, Geri og Freki, sem fylgdarmenn.<\/p>\t\t\t\t\t\t\t\t<\/div>\n\t\t\t\t\t<\/div>\n\t\t\t\t<\/div>\n\t\t\t\t<\/div>\n\t\t<div class=\"elementor-element elementor-element-pemmx7c2 e-con-full e-flex e-con e-child\" data-id=\"pemmx7c2\" data-element_type=\"container\" data-e-type=\"container\">\n\t\t<div class=\"elementor-element elementor-element-37ss2yr6 iwg-steckbrief-card e-flex e-con-boxed e-con e-child\" data-id=\"37ss2yr6\" data-element_type=\"container\" data-e-type=\"container\">\n\t\t\t\t\t<div class=\"e-con-inner\">\n\t\t\t\t<div class=\"elementor-element elementor-element-3v0wp3wx elementor-widget elementor-widget-heading\" data-id=\"3v0wp3wx\" data-element_type=\"widget\" data-e-type=\"widget\" data-widget_type=\"heading.default\">\n\t\t\t\t\t<h2 class=\"elementor-heading-title elementor-size-default\">Tilbei\u00f0sla \u00d3\u00f0ins<\/h2>\t\t\t\t<\/div>\n\t\t\t\t<div class=\"elementor-element elementor-element-w3247g2m elementor-widget elementor-widget-text-editor\" data-id=\"w3247g2m\" data-element_type=\"widget\" data-e-type=\"widget\" data-widget_type=\"text-editor.default\">\n\t\t\t\t\t\t\t\t\t<p>Helstu tilbei\u00f0slusta\u00f0ir: Uppsalir (Sv\u00ed\u00fej\u00f3\u00f0, undir Frey og Freyju), Lejre (Danm\u00f6rk, a\u00f0setur danskra konungs\u00e6tta). \u00d3\u00f0inn var fyrst og fremst tilbe\u00f0inn af str\u00ed\u00f0sm\u00f6nnum, sk\u00e1ldum og listam\u00f6nnum, s\u00ed\u00f0ur af b\u00e6ndum og handverksm\u00f6nnum (sem tilb\u00e1\u00f0u \u00de\u00f3r frekar).<\/p><p>Ei\u00f0t\u00f6kur, s\u00e9rstaklega str\u00ed\u00f0sei\u00f0ir og sk\u00e1ldaei\u00f0ir, voru ger\u00f0ar \u00ed nafni \u00d3\u00f0ins. Manndr\u00e1p (hengingar) tengdust <span class=\"iwg-fachbegriff\" data-tooltip=\"Heild tr\u00faarlegra tilbei\u00f0sluathafna fyrir gu\u00f0 e\u00f0a heilaga veru.\" tabindex=\"0\">\u00d3\u00f0ins-\u00e1tr\u00fana\u00f0i<\/span>, fangar voru f\u00f3rna\u00f0ir me\u00f0 hengingu til a\u00f0 f\u00e1 <span class=\"iwg-fachbegriff\" data-tooltip=\"\u00d3sk um heill og verndun, oft \u00ed fastri m\u00e1lform\u00falu.\" tabindex=\"0\">blessun<\/span> \u00d3\u00f0ins. Svokalla\u00f0ar f\u00f3rnarm\u00fdrar (t.d. \u00ed Danm\u00f6rku og Nor\u00f0ur-\u00de\u00fdskalandi) s\u00fdna merki sl\u00edkra athafna.<\/p>\t\t\t\t\t\t\t\t<\/div>\n\t\t\t\t\t<\/div>\n\t\t\t\t<\/div>\n\t\t<div class=\"elementor-element elementor-element-0qpjal9w iwg-steckbrief-card e-flex e-con-boxed e-con e-child\" data-id=\"0qpjal9w\" data-element_type=\"container\" data-e-type=\"container\">\n\t\t\t\t\t<div class=\"e-con-inner\">\n\t\t\t\t<div class=\"elementor-element elementor-element-6ndoih0o elementor-widget elementor-widget-heading\" data-id=\"6ndoih0o\" data-element_type=\"widget\" data-e-type=\"widget\" data-widget_type=\"heading.default\">\n\t\t\t\t\t<h2 class=\"elementor-heading-title elementor-size-default\">T\u00e1kn \u00d3\u00f0ins<\/h2>\t\t\t\t<\/div>\n\t\t\t\t<div class=\"elementor-element elementor-element-6684tyh9 elementor-widget elementor-widget-text-editor\" data-id=\"6684tyh9\" data-element_type=\"widget\" data-e-type=\"widget\" data-widget_type=\"text-editor.default\">\n\t\t\t\t\t\t\t\t\t<p>Spj\u00f3ti\u00f0 Gungnir (sem missir aldrei marks), hrafnarnir Huginn og Muninn (hugur og minni), \u00falfarnir Geri og Freki, \u00e1ttf\u00e6tti hesturinn Sleipnir, r\u00fanir (s\u00e9rstaklega Wunjo, Ansuz, Dagaz), g\u00e1lginn (vegna sj\u00e1lfsf\u00f3rnarinnar), auga\u00f0 (vegna f\u00f3rnarinnar \u00ed M\u00edmisbrunn).<\/p>\t\t\t\t\t\t\t\t<\/div>\n\t\t\t\t\t<\/div>\n\t\t\t\t<\/div>\n\t\t<div class=\"elementor-element elementor-element-3lfi7x32 iwg-steckbrief-card e-flex e-con-boxed e-con e-child\" data-id=\"3lfi7x32\" data-element_type=\"container\" data-e-type=\"container\">\n\t\t\t\t\t<div class=\"e-con-inner\">\n\t\t\t\t<div class=\"elementor-element elementor-element-0kg99ga1 elementor-widget elementor-widget-heading\" data-id=\"0kg99ga1\" data-element_type=\"widget\" data-e-type=\"widget\" data-widget_type=\"heading.default\">\n\t\t\t\t\t<div class=\"elementor-heading-title elementor-size-default\">Samb\u00e6rilegt<\/div>\t\t\t\t<\/div>\n\t\t\t\t<div class=\"elementor-element elementor-element-n0fum6kp elementor-widget elementor-widget-text-editor\" data-id=\"n0fum6kp\" data-element_type=\"widget\" data-e-type=\"widget\" data-widget_type=\"text-editor.default\">\n\t\t\t\t\t\t\t\t\t<p>Merc\u00far\u00edus (R\u00f3m, Interpretatio Romana), Veles (slavneskt, galdrama\u00f0ur og s\u00e1larfylgja), Hermes (Grikkland, s\u00e1larfylgja og galdrama\u00f0ur, hlutverkslega), T\u00fdr (germanskt, upphaflega h\u00f6fu\u00f0gu\u00f0, s\u00ed\u00f0ar leystur af h\u00f3lmi af \u00d3\u00f0ni), Loki (germanskt, yfirstigandi, galdrama\u00f0ur, en andst\u00e6\u00f0ingur), sjaman\u00edskir h\u00f6fu\u00f0gu\u00f0ir \u00ed finnsk-\u00fagr\u00edskum og s\u00edber\u00edskum menningarheimum.<\/p><p>Tengslin vi\u00f0 r\u00f3mverskar og slavneskar verur undirstrika a\u00f0 \u00d3\u00f0inn er \u00ed reynd nokkurs konar allsherjar norr\u00e6n \u00fatf\u00e6rsla af ind\u00f3evr\u00f3pskri yfirstigsveru, ekki skipulagsformger\u00f0inni (Seifur, J\u00fap\u00edter, Dyaus Pitar, Per\u00fan).<\/p>\t\t\t\t\t\t\t\t<\/div>\n\t\t\t\t\t<\/div>\n\t\t\t\t<\/div>\n\t\t\t\t<\/div>\n\t\t\t\t<\/div>\n\t\t\t\t\t<\/div>\n\t\t\t\t<\/div>\n\t\t<div class=\"elementor-element elementor-element-7533bc7a e-flex e-con-boxed e-con e-parent\" data-id=\"7533bc7a\" data-element_type=\"container\" data-e-type=\"container\">\n\t\t\t\t\t<div class=\"e-con-inner\">\n\t\t\t\t<div class=\"elementor-element elementor-element-2447d18d elementor-widget elementor-widget-heading\" data-id=\"2447d18d\" data-element_type=\"widget\" data-e-type=\"widget\" data-widget_type=\"heading.default\">\n\t\t\t\t\t<h2 class=\"elementor-heading-title elementor-size-default\">D\u00fdrkun \u00ed daglegu l\u00edfi<\/h2>\t\t\t\t<\/div>\n\t\t<div class=\"elementor-element elementor-element-d5d0260c e-con-full e-flex e-con e-child\" data-id=\"d5d0260c\" data-element_type=\"container\" data-e-type=\"container\">\n\t\t\t\t<div class=\"elementor-element elementor-element-341be2ac elementor-widget elementor-widget-text-editor\" data-id=\"341be2ac\" data-element_type=\"widget\" data-e-type=\"widget\" data-widget_type=\"text-editor.default\">\n\t\t\t\t\t\t\t\t\t<p>\u00d3\u00f0inn var ekki gu\u00f0 almennings e\u00f0a heimilisfri\u00f0ar, hann var gu\u00f0 str\u00ed\u00f0smanna, sk\u00e1lda og sei\u00f0manna. \u00cd daglegu l\u00edfi kom lotning hans s\u00ed\u00f0ur fram \u00ed fj\u00f6lskyldu-<span class=\"iwg-fachbegriff\" data-tooltip=\"Gj\u00f6f til go\u00f0magns til a\u00f0 tj\u00e1 \u00feakkl\u00e6ti, b\u00f3n e\u00f0a lotningu.\" tabindex=\"0\">f\u00f3rn<\/span> heldur \u00ed ei\u00f0form\u00falum str\u00ed\u00f0s- og hei\u00f0ursei\u00f0a, \u00ed \u00e1kalli sk\u00e1lda fyrir kve\u00f0skap og \u00ed i\u00f0kun v\u00edmu-\u00f6rvunar, hvort sem h\u00fan var str\u00ed\u00f0sleg e\u00f0a tr\u00faarleg.<\/p><p>Str\u00ed\u00f0sm\u00f6nnum, s\u00e9rstaklega lei\u00f0togum og \u00farvalsherm\u00f6nnum (berserkjum), var \u00d3\u00f0inn talinn verndargu\u00f0. Hann breiddi \u00fat <em>berserksgang<\/em>, \u00e1stand hamslauss str\u00ed\u00f0slegrar v\u00edmu \u00fear sem str\u00ed\u00f0sma\u00f0urinn yfirvann allan s\u00e1rsauka og dau\u00f0sangist.<\/p><p>Lotning hans var \u00feannig hagn\u00fdt og h\u00e6ttuleg, yfirst\u00edganleg og valdveitandi, \u00f3l\u00edkt hinni huggandi h\u00fasd\u00fdrkun um Hest\u00edu\/Vestu. Vi\u00f0 mikilv\u00e6gar \u00e1kvar\u00f0anir, s\u00e9rstaklega fyrir str\u00ed\u00f0, sj\u00f3fer\u00f0ir e\u00f0a galdraathafnir, voru f\u00f3rnargjafir til \u00d3\u00f0ins algengar, oft \u00ed tengslum vi\u00f0 \u00de\u00f3r (verndara) e\u00f0a T\u00fd (var\u00f0veitanda ei\u00f0a).<\/p><p>Listamenn og sk\u00e1ld, \u00fea\u00f0 er h\u00e1ttsettir kv\u00e6\u00f0amenn og t\u00f3nlistarmenn, tilb\u00e1\u00f0u \u00d3\u00f0inn s\u00f6mulei\u00f0is sem verndargu\u00f0 sinn. Sk\u00e1ldaei\u00f0urinn var ein tegund \u00d3\u00f0ins-lotningar: Sk\u00e1ldi\u00f0 s\u00f3r a\u00f0 nota kve\u00f0skaparmj\u00f6\u00f0inn (sem \u00d3\u00f0inn haf\u00f0i sj\u00e1lfur r\u00e6nt \u00far h\u00f6ll j\u00f6tuns) og \u00feannig opinbera sannleikann me\u00f0 listfengi.<\/p>\t\t\t\t\t\t\t\t<\/div>\n\t\t\t\t<\/div>\n\t\t\t\t\t<\/div>\n\t\t\t\t<\/div>\n\t\t<div class=\"elementor-element elementor-element-5a584676 e-flex e-con-boxed e-con e-parent\" data-id=\"5a584676\" data-element_type=\"container\" data-e-type=\"container\">\n\t\t\t\t\t<div class=\"e-con-inner\">\n\t\t\t\t<div class=\"elementor-element elementor-element-6d0757bf elementor-widget elementor-widget-heading\" data-id=\"6d0757bf\" data-element_type=\"widget\" data-e-type=\"widget\" data-widget_type=\"heading.default\">\n\t\t\t\t\t<h2 class=\"elementor-heading-title elementor-size-default\">\u00d3\u00f0inn, samsvarandi verur \u00ed \u00f6\u00f0rum menningarheimum<\/h2>\t\t\t\t<\/div>\n\t\t<div class=\"elementor-element elementor-element-60563f68 e-con-full e-flex e-con e-child\" data-id=\"60563f68\" data-element_type=\"container\" data-e-type=\"container\">\n\t\t\t\t<div class=\"elementor-element elementor-element-5a93fdd6 elementor-widget elementor-widget-text-editor\" data-id=\"5a93fdd6\" data-element_type=\"widget\" data-e-type=\"widget\" data-widget_type=\"text-editor.default\">\n\t\t\t\t\t\t\t\t\t<p><strong>R\u00f3mversk hef\u00f0<\/strong><\/p><p>Merc\u00far\u00edus, minna vegna hlutverkal\u00edkinda (Hermes\/Merc\u00far\u00edus eru fyrst og fremst sendibo\u00f0agu\u00f0ir) heldur vegna r\u00f3mverskrar hef\u00f0ar, <em>interpretatio romana<\/em>. Tacitus jafnar \u00d3\u00f0in (Wodan) vi\u00f0 Merc\u00far\u00edus, l\u00edklega vegna sameiginlegs hlutverks sem fer\u00f0agu\u00f0 og vegna m\u00e1lnotkunar (Merc\u00far\u00edus er gu\u00f0 verslunar og r\u00e6\u00f0u, \u00d3\u00f0inn gu\u00f0 sk\u00e1lda og r\u00fana).<\/p><p>\u00deessi samsv\u00f6run er menningarlega yfirbor\u00f0skennd og s\u00fdnir minna sanna hlutverkatengingu heldur en r\u00f3mverska hugmyndask\u00e1k tr\u00fabl\u00f6ndunar.<\/p><p><strong>Ved\u00edsk og hind\u00fa\u00edsk hef\u00f0:<\/strong> Engin bein samsv\u00f6run finnst \u00ed ved\u00edsku <span class=\"iwg-fachbegriff\" data-tooltip=\"Heild gu\u00f0anna \u00ed \u00e1kve\u00f0num tr\u00faarbr\u00f6g\u00f0um e\u00f0a menningu.\" tabindex=\"0\">go\u00f0aveldinu<\/span>. Hugmyndin um h\u00e1gu\u00f0 sem \u00e1vinnur s\u00e9r visku me\u00f0 sj\u00e1lfsf\u00f3rn minnir hins vegar \u00e1 sjaman\u00edsk minni \u00ed ind\u00f3evr\u00f3pskum tr\u00faarbr\u00f6g\u00f0um. M\u00f6guleg hlutverkasamsv\u00f6run vi\u00f0 Rudra\/Shiva (yfirst\u00edganlegur gu\u00f0, sei\u00f0ma\u00f0ur, hamslaus) er \u00e1giskun.<\/p><p><strong>Slavnesk hef\u00f0<\/strong><\/p><p>Veles (Volos), gu\u00f0 <span class=\"iwg-fachbegriff\" data-tooltip=\"I\u00f0kun sem \u00e1 a\u00f0 hafa \u00e1hrif \u00e1 framvindu hluta me\u00f0 s\u00e9rst\u00f6kum ath\u00f6fnum e\u00f0a form\u00falum.\" tabindex=\"0\">galdurs<\/span>, undirheima, hjar\u00f0a og velmegunar, deilir me\u00f0 \u00d3\u00f0ni yfirst\u00edganlegu e\u00f0li og hlutverki s\u00e1larlei\u00f0s\u00f6gumanns. B\u00e1\u00f0ir eru sei\u00f0gu\u00f0ir, ekki skipulagsgu\u00f0ir. Veles er hins vegar fyrst og fremst tengdur undirheimum og hinum d\u00e1nu, \u00d3\u00f0inn hamslausri v\u00edmu og kve\u00f0skap.<\/p><p><strong>Germ\u00f6nsk samsv\u00f6run:<\/strong> T\u00fdr (Tiu, Ziu), upphaflega ind\u00f3evr\u00f3pskur h\u00e1gu\u00f0 (skyldur Seifi, J\u00fap\u00edter, Dyaus Pita gegnum r\u00f3tina *dyeus).<\/p><p>T\u00fdr var \u00ed gegnum frumgermanska s\u00f6gu \u201eleystur af h\u00f3lmi&#8220; e\u00f0a \u201eskipt \u00fat&#8220; af \u00d3\u00f0ni sem h\u00e1gu\u00f0i, en h\u00e9lt hlutverkum ei\u00f0agu\u00f0s og laganna verndara. \u00deessi umskipti eru menningars\u00f6gulega mikilv\u00e6g og s\u00fdna hvernig ver\u00f0m\u00e6tabreytingar samf\u00e9lags koma fram \u00ed <span class=\"iwg-fachbegriff\" data-tooltip=\"Vera sem er tilbe\u00f0in sem go\u00f0m\u00f6gnu\u00f0 innan tr\u00faarbrag\u00f0a.\" tabindex=\"0\">go\u00f0magni<\/span> \u00feess.<\/p>\t\t\t\t\t\t\t\t<\/div>\n\t\t\t\t<\/div>\n\t\t\t\t\t<\/div>\n\t\t\t\t<\/div>\n\t\t<div class=\"elementor-element elementor-element-x7-das-m e-flex e-con-boxed e-con e-parent\" data-id=\"x7-das-m\" data-element_type=\"container\" data-e-type=\"container\">\n\t\t\t\t\t<div class=\"e-con-inner\">\n\t\t\t\t<div class=\"elementor-element elementor-element-xh7-das- elementor-widget elementor-widget-heading\" data-id=\"xh7-das-\" data-element_type=\"widget\" data-e-type=\"widget\" data-widget_type=\"heading.default\">\n\t\t\t\t\t<h2 class=\"elementor-heading-title elementor-size-default\">Minni\u00f0 um sj\u00e1lfsf\u00f3rnina<\/h2>\t\t\t\t<\/div>\n\t\t<div class=\"elementor-element elementor-element-xc7-das- e-flex e-con-boxed e-con e-parent\" data-id=\"xc7-das-\" data-element_type=\"container\" data-e-type=\"container\">\n\t\t\t\t\t<div class=\"e-con-inner\">\n\t\t<div class=\"elementor-element elementor-element-bw-xt7-das--ef9d65c e-flex e-con-boxed e-con e-parent\" data-id=\"bw-xt7-das--ef9d65c\" data-element_type=\"container\" data-e-type=\"container\" data-settings=\"{&quot;background_background&quot;:&quot;classic&quot;}\">\n\t\t\t\t\t<div class=\"e-con-inner\">\n\t\t\t\t<div class=\"elementor-element elementor-element-xt7-das- elementor-widget elementor-widget-text-editor\" data-id=\"xt7-das-\" data-element_type=\"widget\" data-e-type=\"widget\" data-widget_type=\"text-editor.default\">\n\t\t\t\t\t\t\t\t\t<p>Einkennandi eiginleiki \u00d3\u00f0ins er vilji hans til a\u00f0 f\u00f3rna sj\u00e1lfum s\u00e9r til a\u00f0 n\u00e1 visku og valdi. Samkv\u00e6mt Eddu h\u00e9kk hann n\u00edu n\u00e6tur \u00e1 heimstr\u00e9nu Yggdrasil, stunginn eigin spj\u00f3ti, \u00e1n f\u00e6\u00f0u og drykkjar, \u00fear til r\u00fanirnar birtust honum.<\/p><p>Hann f\u00f3rna\u00f0i einnig h\u00e6gra auga s\u00ednu \u00ed brunn j\u00f6tunsins M\u00edmis til a\u00f0 f\u00e1 a\u00f0 drekka af brunnvatninu sem veitir visku. \u00deetta <span class=\"iwg-fachbegriff\" data-tooltip=\"Endurteki\u00f0 efnislegt atri\u00f0i \u00ed list e\u00f0a fr\u00e1s\u00f6gn.\" tabindex=\"0\">minni<\/span> a\u00f0greinir \u00d3\u00f0in grundvallarlega fr\u00e1 \u00f6\u00f0rum ind\u00f3evr\u00f3pskum h\u00e1gu\u00f0um: Me\u00f0an Seifur, J\u00fap\u00edter e\u00f0a Per\u00fan n\u00e1 valdi me\u00f0 sigri e\u00f0a skipulagi, \u00e1vinnur \u00d3\u00f0inn s\u00e9r \u00fea\u00f0 me\u00f0 afneitun og yfirstigi.<\/p>\t\t\t\t\t\t\t\t<\/div>\n\t\t\t\t\t<\/div>\n\t\t\t\t<\/div>\n\t\t\t\t\t<\/div>\n\t\t\t\t<\/div>\n\t\t\t\t\t<\/div>\n\t\t\t\t<\/div>\n\t\t<div class=\"elementor-element elementor-element-cp66d3771 e-flex e-con-boxed e-con e-parent\" data-id=\"cp66d3771\" data-element_type=\"container\" data-e-type=\"container\">\n\t\t\t\t\t<div class=\"e-con-inner\">\n\t\t\t\t<div class=\"elementor-element elementor-element-cp1c1b0e7 elementor-widget elementor-widget-heading\" data-id=\"cp1c1b0e7\" data-element_type=\"widget\" data-e-type=\"widget\" data-widget_type=\"heading.default\">\n\t\t\t\t\t<h2 class=\"elementor-heading-title elementor-size-default\">\u00d6flun r\u00fananna: sj\u00e1lfsf\u00f3rn \u00d3\u00f0ins \u00e1 heimstr\u00e9nu<\/h2>\t\t\t\t<\/div>\n\t\t<div class=\"elementor-element elementor-element-cp86df3fd e-con-full e-flex e-con e-child\" data-id=\"cp86df3fd\" data-element_type=\"container\" data-e-type=\"container\">\n\t\t\t\t<div class=\"elementor-element elementor-element-cp74cd0ec elementor-widget elementor-widget-text-editor\" data-id=\"cp74cd0ec\" data-element_type=\"widget\" data-e-type=\"widget\" data-widget_type=\"text-editor.default\">\n\t\t\t\t\t\t\t\t\t<p>Einn af \u00feekktustu atbur\u00f0um \u00ed <span class=\"iwg-fachbegriff\" data-tooltip=\"Hef\u00f0bundin fr\u00e1s\u00f6gn um gu\u00f0i, uppruna og skipulag heimsins.\" tabindex=\"0\">go\u00f0s\u00f6gu<\/span> \u00d3\u00f0ins er sj\u00e1lfsf\u00f3rn hans til a\u00f0 n\u00e1 r\u00fanunum, s\u00f6g\u00f0 \u00ed v\u00edsum 138 til 145 \u00ed eddukv\u00e6\u00f0inu <em>H\u00e1vam\u00e1l<\/em>. \u00d3\u00f0inn segir \u00fear sj\u00e1lfur fr\u00e1 \u00fev\u00ed a\u00f0 hann hafi hangi\u00f0 n\u00edu n\u00e6tur \u00e1 hinum vindbl\u00e1sna tr\u00e9, s\u00e6ri sj\u00e1lfan sig me\u00f0 spj\u00f3ti, <span class=\"iwg-fachbegriff\" data-tooltip=\"V\u00edgt me\u00f0 helgiath\u00f6fn og \u00fear me\u00f0 teki\u00f0 \u00far hinu hversdagslega.\" tabindex=\"0\">helga\u00f0ur<\/span> sj\u00e1lfum s\u00e9r, gefinn sj\u00e1lfum s\u00e9r.<\/p><p>Tr\u00e9\u00f0 er a\u00f0 \u00f6llum l\u00edkindum heimsaskurinn <em>Yggdrasill<\/em>, sem nafni\u00f0 sj\u00e1lft m\u00e1 t\u00falka sem hest \u00d3\u00f0ins, \u00fear sem g\u00e1lginn er \u00ed sk\u00e1ldskap talinn hestur hins hangna.<\/p><p>\u00c1n brau\u00f0s og \u00e1n mja\u00f0ar horf\u00f0i \u00d3\u00f0inn ni\u00f0ur, greip \u00e6pandi r\u00fanirnar og f\u00e9ll aftur. \u00cd sama samhengi segir hann fr\u00e1 \u00fev\u00ed hvernig hann f\u00e9kk fr\u00e1 m\u00f3\u00f0urfr\u00e6nda s\u00ednum B\u00f6l\u00feorni n\u00edu magna\u00f0a galdras\u00f6ngva og drykk af hinum d\u00fdrm\u00e6ta mj\u00f6\u00f0.<\/p><p><span class=\"iwg-fachbegriff\" data-tooltip=\"V\u00edsindagreinin sem rannsakar tr\u00faarbr\u00f6g\u00f0 samanbur\u00f0arlega og \u00e1n tr\u00faarlegrar skuldbindingar.\" tabindex=\"0\">Tr\u00faarbrag\u00f0afr\u00e6\u00f0i<\/span> hefur r\u00e6tt \u00feennan kafla \u00edtarlega. Sumir fr\u00e6\u00f0imenn sj\u00e1 \u00fear fornt v\u00edgsluferli, samb\u00e6rilegt sjaman\u00edskum i\u00f0kunum, \u00fear sem leitandinn gengur \u00ed gegnum t\u00e1knr\u00e6nan dau\u00f0a til a\u00f0 n\u00e1 fram hulinni \u00feekkingu.<\/p><p>A\u00f0rir leggja \u00e1herslu \u00e1 b\u00f3kmenntalegt e\u00f0li textans og vara vi\u00f0 of skj\u00f3tum sjaman\u00edskum t\u00falkunum. \u00d3umdeilt er a\u00f0 atbur\u00f0urinn dregur upp mynd af \u00d3\u00f0ni sem gu\u00f0i \u00feekkingar sem \u00e1unnin er me\u00f0 \u00fej\u00e1ningu, tilb\u00fainn a\u00f0 f\u00f3rna sj\u00e1lfum s\u00e9r til a\u00f0 n\u00e1 valdi yfir tungum\u00e1li, g\u00f6ldrum og huldum samhengum.<\/p>\t\t\t\t\t\t\t\t<\/div>\n\t\t\t\t<\/div>\n\t\t\t\t\t<\/div>\n\t\t\t\t<\/div>\n\t\t<div class=\"elementor-element elementor-element-cp703b002 e-flex e-con-boxed e-con e-parent\" data-id=\"cp703b002\" data-element_type=\"container\" data-e-type=\"container\">\n\t\t\t\t\t<div class=\"e-con-inner\">\n\t\t\t\t<div class=\"elementor-element elementor-element-cpa7efda7 elementor-widget elementor-widget-heading\" data-id=\"cpa7efda7\" data-element_type=\"widget\" data-e-type=\"widget\" data-widget_type=\"heading.default\">\n\t\t\t\t\t<h2 class=\"elementor-heading-title elementor-size-default\">Kve\u00f0skaparmj\u00f6\u00f0urinn: \u00d3\u00f0inn sem r\u00e6ningi innbl\u00e1sturs<\/h2>\t\t\t\t<\/div>\n\t\t<div class=\"elementor-element elementor-element-cp211561c e-con-full e-flex e-con e-child\" data-id=\"cp211561c\" data-element_type=\"container\" data-e-type=\"container\">\n\t\t\t\t<div class=\"elementor-element elementor-element-cpcdafa62 elementor-widget elementor-widget-text-editor\" data-id=\"cpcdafa62\" data-element_type=\"widget\" data-e-type=\"widget\" data-widget_type=\"text-editor.default\">\n\t\t\t\t\t\t\t\t\t<p>\u00cdtarlegustu fr\u00e1s\u00f6gnina um uppruna sk\u00e1ldskaparins var\u00f0veitir Snorri Sturluson \u00ed <em>Sk\u00e1ldskaparm\u00e1l<\/em>, \u00f6\u00f0rum hluta <em>Eddu<\/em> hans. H\u00fan hefst me\u00f0 verunni Kvasir, sem var\u00f0 til \u00far munnvatni \u00e1sanna og vananna eftir s\u00e1ttir \u00feeirra og gat svara\u00f0 \u00f6llum spurningum.<\/p><p>Tveir dvergar dr\u00e1pu Kvasir og bl\u00f6ndu\u00f0u bl\u00f3\u00f0i hans vi\u00f0 hunang \u00ed mj\u00f6\u00f0 sem veitti hverjum \u00feeim sem drakk hann sk\u00e1ldskaparg\u00e1fu og visku.<\/p><p>Eftir margar millilendingar komst \u00feessi mj\u00f6\u00f0ur \u00ed eigu j\u00f6tunsins Suttungs, sem l\u00e9t d\u00f3ttur s\u00edna Gunnl\u00f6\u00f0 g\u00e6ta hans \u00ed fjallinu Hnitbj\u00f6rg. \u00d3\u00f0inn (Odin) lag\u00f0i af sta\u00f0 undir dulnefninu B\u00f6lverk til a\u00f0 n\u00e1 mj\u00f6\u00f0num.<\/p><p>Me\u00f0 hj\u00e1lp nafarsins Rata bora\u00f0i hann sig \u00ed gegnum bergi\u00f0, breytti s\u00e9r \u00ed sn\u00e1k, skrei\u00f0 \u00ed gegn og dvaldi \u00ferj\u00e1r n\u00e6tur me\u00f0 Gunnl\u00f6\u00f0, sem veitti honum \u00ed sta\u00f0inn \u00ferj\u00e1 sopa. \u00cd \u00feremur teygum t\u00e6mdi \u00d3\u00f0inn alla \u00ferj\u00e1 \u00edl\u00e1tin, breytti s\u00e9r \u00ed \u00f6rn og fl\u00fa\u00f0i til \u00c1sgar\u00f0s, \u00fear sem hann sp\u00fdtti mj\u00f6\u00f0num \u00ed ker.<\/p><p>\u00deessi fr\u00e1s\u00f6gn \u00fatsk\u00fdrir jafnframt hvers vegna sk\u00e1ldskapur \u00e1 fornnorr\u00e6nu getur veri\u00f0 kalla\u00f0ur herfang \u00d3\u00f0ins e\u00f0a bl\u00f3\u00f0 Kvasis. Fr\u00e6\u00f0imenn hafa vaki\u00f0 athygli \u00e1 formfr\u00e6\u00f0ilegum l\u00edkindum vi\u00f0 indverska soma-<span class=\"iwg-fachbegriff\" data-tooltip=\"Var\u00f0veitt fr\u00e1s\u00f6gn um gu\u00f0i, uppruna og skipan heimsins.\" tabindex=\"0\">go\u00f0s\u00f6guna<\/span>, \u00fear sem gu\u00f0legum v\u00edmudrykk er einnig r\u00e6nt og \u00f6rn ver\u00f0ur bur\u00f0ard\u00fdr hans.<\/p><p>Hvort h\u00e9r s\u00e9 um sameiginlega ind\u00f3evr\u00f3pska arfleif\u00f0 a\u00f0 r\u00e6\u00f0a er \u00e1fram umdeilt, en hli\u00f0st\u00e6\u00f0an er n\u00f3gu \u00e1berandi til a\u00f0 vera \u00edtreka\u00f0 tekin til umfj\u00f6llunar \u00ed samanbur\u00f0ar<span class=\"iwg-fachbegriff\" data-tooltip=\"Heild var\u00f0veittra go\u00f0sagna innan menningarheims.\" tabindex=\"0\">go\u00f0afr\u00e6\u00f0i<\/span>.<\/p>\t\t\t\t\t\t\t\t<\/div>\n\t\t\t\t<\/div>\n\t\t\t\t\t<\/div>\n\t\t\t\t<\/div>\n\t\t<div class=\"elementor-element elementor-element-cpc1b803d e-flex e-con-boxed e-con e-parent\" data-id=\"cpc1b803d\" data-element_type=\"container\" data-e-type=\"container\">\n\t\t\t\t\t<div class=\"e-con-inner\">\n\t\t\t\t<div class=\"elementor-element elementor-element-cp8ba8373 elementor-widget elementor-widget-heading\" data-id=\"cp8ba8373\" data-element_type=\"widget\" data-e-type=\"widget\" data-widget_type=\"heading.default\">\n\t\t\t\t\t<h2 class=\"elementor-heading-title elementor-size-default\">Wodan \u00ed meginlandsheimildum og langa skeggi\u00f0<\/h2>\t\t\t\t<\/div>\n\t\t<div class=\"elementor-element elementor-element-cp4bf60af e-con-full e-flex e-con e-child\" data-id=\"cp4bf60af\" data-element_type=\"container\" data-e-type=\"container\">\n\t\t\t\t<div class=\"elementor-element elementor-element-cp2f05d1a elementor-widget elementor-widget-text-editor\" data-id=\"cp2f05d1a\" data-element_type=\"widget\" data-e-type=\"widget\" data-widget_type=\"text-editor.default\">\n\t\t\t\t\t\t\t\t\t<p>\u00d3\u00f0inn er \u00feekktur \u00far \u00edslenskum heimildum h\u00e1mi\u00f0alda og einnig undir meginlandsgermanska nafninu Wodan e\u00f0a Woden \u00far talsvert eldri vitnisbur\u00f0um.<\/p><p>R\u00f3mverski sagnaritarinn Tacitus nefnir \u00ed <em>Germania<\/em> um \u00e1ri\u00f0 98 e.Kr. gu\u00f0 sem Germanar d\u00fdrku\u00f0u \u00e6\u00f0st allra og sem hann jafnar vi\u00f0 Merc\u00far\u00edus, en fr\u00e6\u00f0imenn tengja \u00fea\u00f0 a\u00f0 mestu vi\u00f0 Wodan.<\/p><p>Fr\u00e1 8. \u00f6ld stafar <em>Annar Merseburgar-galdurinn<\/em>, einn af f\u00e1um var\u00f0veittum hei\u00f0num textum \u00e1 fornh\u00e1\u00fe\u00fdsku, \u00fear sem Wodan l\u00e6knar tilf\u00e6r\u00f0an hestaf\u00f3t me\u00f0 s\u00e6ringu.<\/p><p>Langbar\u00f0\u00edski sagnaritarinn Paulus Diaconus var\u00f0veitir fr\u00e1s\u00f6gnina um hvernig Wodan gaf Langb\u00f6r\u00f0um nafn sitt, \u00feegar kona hans Frea l\u00e9t konur \u00e6ttb\u00e1lksins standa me\u00f0 h\u00e1r kembt yfir andliti\u00f0 \u00e1 \u00feeim sta\u00f0 \u00fear sem Wodan myndi l\u00edta vi\u00f0 v\u00f6knun, svo a\u00f0 hann \u00e1varpa\u00f0i \u00fe\u00e6r sem langskeggjur.<\/p><p>Nafni\u00f0 sj\u00e1lft, frumgermanskt um \u00fea\u00f0 bil <em>W\u014ddanaz<\/em>, tengist or\u00f0aflokki sem l\u00fdsir heift, ofsa og transi, gotneska <em>wods<\/em> merkir andsetinn. Adam fr\u00e1 Brimum or\u00f0a\u00f0i \u00e1 11. \u00f6ld hina fr\u00e6gu sk\u00fdringu <em>Wodan, id est furor<\/em>, Wodan, \u00fea\u00f0 er ofsi.<\/p><p>\u00deessi m\u00e1lfr\u00e6\u00f0ilega r\u00f3t s\u00fdnir a\u00f0 hinn transkenndi, ofsafengni \u00fe\u00e1ttur \u00d3\u00f0ins er ekki s\u00ed\u00f0b\u00fai\u00f0 b\u00f3kmenntalegt tilb\u00faningur, heldur dj\u00fapt r\u00f3tfestur \u00ed hugmyndinni um gu\u00f0inn. Enski vikudagurinn Wednesday og \u00fe\u00fdska Wuotanstag var\u00f0veita nafni\u00f0 allt til dagsins \u00ed dag.<\/p>\t\t\t\t\t\t\t\t<\/div>\n\t\t\t\t<\/div>\n\t\t\t\t\t<\/div>\n\t\t\t\t<\/div>\n\t\t<div class=\"elementor-element elementor-element-cp29ccd98 e-flex e-con-boxed e-con e-parent\" data-id=\"cp29ccd98\" data-element_type=\"container\" data-e-type=\"container\">\n\t\t\t\t\t<div class=\"e-con-inner\">\n\t\t\t\t<div class=\"elementor-element elementor-element-cpd5e457e elementor-widget elementor-widget-heading\" data-id=\"cpd5e457e\" data-element_type=\"widget\" data-e-type=\"widget\" data-widget_type=\"heading.default\">\n\t\t\t\t\t<h2 class=\"elementor-heading-title elementor-size-default\">\u00d3\u00f0inn og \u00d3\u00f0rei\u00f0in: framhaldsl\u00edf \u00ed \u00fej\u00f3\u00f0tr\u00fanni<\/h2>\t\t\t\t<\/div>\n\t\t<div class=\"elementor-element elementor-element-cp764bf7c e-con-full e-flex e-con e-child\" data-id=\"cp764bf7c\" data-element_type=\"container\" data-e-type=\"container\">\n\t\t\t\t<div class=\"elementor-element elementor-element-cp400c3a4 elementor-widget elementor-widget-text-editor\" data-id=\"cp400c3a4\" data-element_type=\"widget\" data-e-type=\"widget\" data-widget_type=\"text-editor.default\">\n\t\t\t\t\t\t\t\t\t<p>Eftir kristnit\u00f6ku h\u00e9lt \u00d3\u00f0inn \u00e1fram a\u00f0 lifa \u00ed \u00fej\u00f3\u00f0tr\u00fanni \u00ed sta\u00f0 \u00feess a\u00f0 hverfa me\u00f0 \u00f6llu, s\u00e9rstaklega \u00ed <span class=\"iwg-fachbegriff\" data-tooltip=\"Endurteki\u00f0 efnisatri\u00f0i \u00ed list e\u00f0a fr\u00e1s\u00f6gn.\" tabindex=\"0\">minninu<\/span> um \u00d3\u00f0rei\u00f0ina. \u00c1 v\u00ed\u00f0um sv\u00e6\u00f0um germanska m\u00e1lsv\u00e6\u00f0isins \u00feekkti \u00fej\u00f3\u00f0tr\u00fain n\u00e6turfer\u00f0 anda sem \u00e6ddi um loftin, s\u00e9rstaklega \u00e1 dimmasta \u00e1rst\u00edma, undir forystu dj\u00f6fullegrar veru.<\/p><p>\u00c1 Nor\u00f0url\u00f6ndum og hluta Nor\u00f0ur-\u00de\u00fdskalands var \u00feessi lei\u00f0togi \u00e1 sumum st\u00f6\u00f0um tengdur vi\u00f0 \u00d3\u00f0inn e\u00f0a nafn dregi\u00f0 af honum. Jacob Grimm safna\u00f0i \u00e1 19. \u00f6ld \u00ed riti s\u00ednu <em>Deutsche <span class=\"iwg-fachbegriff\" data-tooltip=\"Heild var\u00f0veittra go\u00f0sagna innan menningarheims.\" tabindex=\"0\">Mythologie<\/span><\/em> m\u00f6rgum sl\u00edkum vitnisbur\u00f0um og s\u00e1 \u00ed \u00feeim framhaldsl\u00edf hins hei\u00f0na stormgu\u00f0s.<\/p><p>N\u00fdrri ranns\u00f3knir eru varf\u00e6rnari: \u00d3\u00f0rei\u00f0in er fl\u00f3ki\u00f0 safn \u00fej\u00f3\u00f0tr\u00faarhugmynda sem margar mismunandi pers\u00f3nur runnu inn \u00ed, og ekki er h\u00e6gt a\u00f0 rekja hverja sv\u00e6\u00f0isbundna \u00fatg\u00e1fu beint til \u00d3\u00f0ins.<\/p><p>\u00der\u00e1tt fyrir \u00fea\u00f0 fellur <span class=\"iwg-fachbegriff\" data-tooltip=\"Endurteki\u00f0 efnisatri\u00f0i \u00ed list e\u00f0a fr\u00e1s\u00f6gn.\" tabindex=\"0\">minni\u00f0<\/span> vel a\u00f0 e\u00f0li \u00d3\u00f0ins. Hann er gu\u00f0 fallinna hermanna, lei\u00f0togi flokks hinna dau\u00f0u, sem r\u00ed\u00f0ur um loftin \u00e1 \u00e1ttf\u00e6tta hesti s\u00ednum Sleipni. Hinn transkenndi, stormasami \u00fe\u00e1ttur, sem er \u00feegar innbygg\u00f0ur \u00ed nafni\u00f0, f\u00e6r n\u00fdja mynd \u00ed hinni \u00f3lmu andaher eftir kristnit\u00f6ku.<\/p><p>\u00c1 r\u00f3mant\u00edska t\u00edmanum og s\u00ed\u00f0ar \u00ed <em>Niflungahring<\/em> Richards Wagner var\u00f0 \u00d3\u00f0inn, sem Wotan, a\u00f0 mi\u00f0l\u00e6gri menningarpers\u00f3nu, sem haf\u00f0i \u00e1hrif \u00e1 m\u00f3tt\u00f6ku hans allt til n\u00fat\u00edma fantas\u00edub\u00f3kmennta og d\u00e6gurmenningar og losa\u00f0i hann jafnframt oft fr\u00e1 hinni s\u00f6gulegu <span class=\"iwg-fachbegriff\" data-tooltip=\"Mi\u00f0lun \u00feekkingar og fr\u00e1sagna milli kynsl\u00f3\u00f0a.\" tabindex=\"0\">arfleif\u00f0<\/span>.<\/p>\t\t\t\t\t\t\t\t<\/div>\n\t\t\t\t<\/div>\n\t\t\t\t\t<\/div>\n\t\t\t\t<\/div>\n\t\t<div class=\"elementor-element elementor-element-cp428d162 e-flex e-con-boxed e-con e-parent\" data-id=\"cp428d162\" data-element_type=\"container\" data-e-type=\"container\">\n\t\t\t\t\t<div class=\"e-con-inner\">\n\t\t\t\t<div class=\"elementor-element elementor-element-cp668f4dd elementor-widget elementor-widget-heading\" data-id=\"cp668f4dd\" data-element_type=\"widget\" data-e-type=\"widget\" data-widget_type=\"heading.default\">\n\t\t\t\t\t<h2 class=\"elementor-heading-title elementor-size-default\">Hin m\u00f6rgu n\u00f6fn \u00d3\u00f0ins og merking \u00feeirra<\/h2>\t\t\t\t<\/div>\n\t\t<div class=\"elementor-element elementor-element-cpfd32b6c e-con-full e-flex e-con e-child\" data-id=\"cpfd32b6c\" data-element_type=\"container\" data-e-type=\"container\">\n\t\t\t\t<div class=\"elementor-element elementor-element-cp1dd3ee1 elementor-widget elementor-widget-text-editor\" data-id=\"cp1dd3ee1\" data-element_type=\"widget\" data-e-type=\"widget\" data-widget_type=\"text-editor.default\">\n\t\t\t\t\t\t\t\t\t<p>F\u00e1ir gu\u00f0ir \u00ed tr\u00faarbrag\u00f0as\u00f6gu heimsins bera jafn m\u00f6rg vi\u00f0urnefni og \u00d3\u00f0inn. Eddukv\u00e6\u00f0i\u00f0 <em>Gr\u00edmnism\u00e1l<\/em> og <em>Gylfaginning<\/em> Snorra greina fr\u00e1 yfir 150 mismunandi heitum, og sk\u00e1ldakve\u00f0skapurinn kann enn fleiri.<\/p><p>\u00deessi mikla nafnafj\u00f6ld er langt fr\u00e1 \u00fev\u00ed a\u00f0 vera einungis sk\u00e1ldlegt skraut. H\u00fan er tj\u00e1ning tr\u00faarlegrar hugmyndar: \u00d3\u00f0inn tekur \u00e1 sig \u00f3l\u00edkar myndir og hlutverk, og hvert nafn tilgreinir eitt hli\u00f0 \u00e1 e\u00f0li hans.<\/p><p>M\u00f6rg vi\u00f0urnefni v\u00edsa til \u00fatlits hans og dulargervi. <em>H\u00e1rbar\u00f0r<\/em> (Gr\u00e1tt skegg), <em>S\u00ed\u00f0h\u00f6ttr<\/em> (V\u00ed\u00f0brettur hattur), <em>Gr\u00edmnir<\/em> (Hinn dulb\u00fani) einkenna hann sem farandi, hj\u00fapa\u00f0an gu\u00f0 sem birtist eineyg\u00f0ur, \u00fev\u00ed hann gaf auga sitt fyrir sopa \u00far brunni M\u00edmis. \u00d6nnur n\u00f6fn snerta hlutverk hans: <em>Valf\u00f6\u00f0r<\/em> (Fa\u00f0ir hinna fallnu), <em>Sigf\u00f6\u00f0r<\/em> (Fa\u00f0ir sigursins), <em>Galdrsf\u00f6\u00f0r<\/em> (Fa\u00f0ir galdras\u00f6nva).<\/p><p>Enn \u00f6nnur tengjast tilteknum go\u00f0s\u00f6gum. <em>B\u00f6lverkr<\/em> (Illvirki) er dulnafni\u00f0 sem hann bar vi\u00f0 r\u00e1n sk\u00e1ldamja\u00f0arins, <em>B\u00e1leygr<\/em> (Logaaugi) v\u00edsar til augnar\u00e1\u00f0s hans. Ranns\u00f3knir t\u00falka \u00feessa nafnafj\u00f6lbreytni sem spegilmynd af e\u00f0li \u00d3\u00f0ins sem gu\u00f0s breytinga, hyggindavits og hulinnar vitneskju.<\/p><p>\u00d3l\u00edkt gu\u00f0i me\u00f0 sk\u00fdrt afmarka\u00f0 verksvi\u00f0 er \u00d3\u00f0inn erfitt a\u00f0 henda rei\u00f0ur \u00e1, og n\u00f6fnin eru \u00fea\u00f0 m\u00e1lfarslega t\u00e6ki sem forn norr\u00e6n <span class=\"iwg-fachbegriff\" data-tooltip=\"Mi\u00f0lun \u00feekkingar og fr\u00e1sagna milli kynsl\u00f3\u00f0a.\" tabindex=\"0\">munnm\u00e6lahef\u00f0<\/span> nota\u00f0i til a\u00f0 tj\u00e1 \u00feessa margbreytni. Fyrir sk\u00e1ldakve\u00f0skap voru \u00feau \u00e1 sama t\u00edma \u00f3t\u00e6mandi uppspretta kenninga.<\/p>\t\t\t\t\t\t\t\t<\/div>\n\t\t\t\t<\/div>\n\t\t\t\t\t<\/div>\n\t\t\t\t<\/div>\n\t\t<div class=\"elementor-element elementor-element-cp3ee0c81 e-flex e-con-boxed e-con e-parent\" data-id=\"cp3ee0c81\" data-element_type=\"container\" data-e-type=\"container\">\n\t\t\t\t\t<div class=\"e-con-inner\">\n\t\t\t\t<div class=\"elementor-element elementor-element-cp70bd54a elementor-widget elementor-widget-heading\" data-id=\"cp70bd54a\" data-element_type=\"widget\" data-e-type=\"widget\" data-widget_type=\"heading.default\">\n\t\t\t\t\t<h2 class=\"elementor-heading-title elementor-size-default\">\u00d3\u00f0inn \u00ed helgisi\u00f0um: Manneskjuf\u00f3rnir og spurningin um fornleifafr\u00e6\u00f0ilegar v\u00edsbendingar<\/h2>\t\t\t\t<\/div>\n\t\t<div class=\"elementor-element elementor-element-cpf07278d e-con-full e-flex e-con e-child\" data-id=\"cpf07278d\" data-element_type=\"container\" data-e-type=\"container\">\n\t\t\t\t<div class=\"elementor-element elementor-element-cp644e616 elementor-widget elementor-widget-text-editor\" data-id=\"cp644e616\" data-element_type=\"widget\" data-e-type=\"widget\" data-widget_type=\"text-editor.default\">\n\t\t\t\t\t\t\t\t\t<p>Rita\u00f0ar heimildir tengja \u00d3\u00f0in \u00edtreka\u00f0 vi\u00f0 mannf\u00f3rnir, einkum aft\u00f6ku me\u00f0 hengingu og spj\u00f3tlagi. \u00deessi tegund f\u00f3rnar endurspeglar sj\u00e1lfsf\u00f3rn hans sj\u00e1lfs \u00e1 tr\u00e9nu; s\u00e1 sem f\u00f3rna\u00f0 er deyr a\u00f0 vissu leyti dau\u00f0a gu\u00f0sins.<\/p><p>Adam fr\u00e1 Brimum l\u00fdsir \u00e1 11. \u00f6ld hinni miklu f\u00f3rnarh\u00e1t\u00ed\u00f0 vi\u00f0 <span class=\"iwg-fachbegriff\" data-tooltip=\"Bygging sem \u00fej\u00f3nar d\u00fdrkun einnar e\u00f0a fleiri gu\u00f0d\u00f3ma.\" tabindex=\"0\">hofi\u00f0<\/span> \u00ed Upps\u00f6lum, \u00fear sem menn og d\u00fdr voru s\u00f6g\u00f0 hafa veri\u00f0 hengd \u00ed heil\u00f6gum <span class=\"iwg-fachbegriff\" data-tooltip=\"Heilagur trj\u00e1lundur sem \u00fej\u00f3na\u00f0i sem helgista\u00f0ur.\" tabindex=\"0\">lundi<\/span>.<\/p><p>\u00cd rita\u00f0ri <span class=\"iwg-fachbegriff\" data-tooltip=\"Mi\u00f0lun \u00feekkingar og fr\u00e1sagna milli kynsl\u00f3\u00f0a.\" tabindex=\"0\">arfleif\u00f0<\/span> er a\u00f0 finna nokkrar fr\u00e1sagnir \u00fear sem konungar <span class=\"iwg-fachbegriff\" data-tooltip=\"Hafa veri\u00f0 gefnir hinu heilaga me\u00f0 tr\u00faarlegri ath\u00f6fn og \u00fear me\u00f0 teknir \u00far hinu hversdagslega.\" tabindex=\"0\">helga\u00f0ir<\/span> \u00d3\u00f0ni og f\u00f3rna\u00f0 me\u00f0 hengingu e\u00f0a spj\u00f3ti, me\u00f0al annars \u00ed <em>Ynglinga s\u00f6gu<\/em> og \u00f6\u00f0rum s\u00f6gum. Hversu \u00e1rei\u00f0anlega \u00feessar fr\u00e1sagnir endurspegla raunverulegan <span class=\"iwg-fachbegriff\" data-tooltip=\"Heildarsafn tr\u00faarlegra d\u00fdrkunarathafna fyrir gu\u00f0d\u00f3m e\u00f0a heilaga veru.\" tabindex=\"0\">\u00e1tr\u00fana\u00f0<\/span> er umdeilt, enda eru \u00fe\u00e6r rita\u00f0ar \u00e1 kristnum t\u00edma og fylgja stundum \u00e1r\u00f3\u00f0urstilgangi.<\/p><p><span class=\"iwg-fachbegriff\" data-tooltip=\"V\u00edsindi sem rannsaka fyrri menningarsamf\u00e9l\u00f6g \u00fat fr\u00e1 efnislegum fundum.\" tabindex=\"0\">Fornleifafr\u00e6\u00f0in<\/span> gefur fj\u00f6lbreyttari mynd. M\u00fdraliksfundir fr\u00e1 <span class=\"iwg-fachbegriff\" data-tooltip=\"Fors\u00f6guleg t\u00edmabil eftir brons\u00f6ld, einkennt af j\u00e1rnvinnslu.\" tabindex=\"0\">j\u00e1rn\u00f6ld<\/span>, til d\u00e6mis fr\u00e1 Nor\u00f0ur-\u00de\u00fdskalandi og Danm\u00f6rku, s\u00fdna merki um hengingu e\u00f0a kyrkingu og hafa sumir t\u00falka\u00f0 \u00fe\u00e1 sem <span class=\"iwg-fachbegriff\" data-tooltip=\"Gj\u00f6f til gu\u00f0d\u00f3ms til a\u00f0 tj\u00e1 \u00feakkl\u00e6ti, b\u00e6n e\u00f0a d\u00fdrkun.\" tabindex=\"0\">f\u00f3rnir<\/span>, en a\u00f0fer\u00f0afr\u00e6\u00f0ilega er ekki h\u00e6gt a\u00f0 tengja \u00fe\u00e6r \u00f3tv\u00edr\u00e6tt vi\u00f0 tiltekinn gu\u00f0.<\/p><p>Fundir vopna og spj\u00f3ta \u00ed m\u00fdrum og \u00e1 f\u00f3rnarst\u00f6\u00f0um samr\u00e6mast tengslum \u00d3\u00f0ins vi\u00f0 spj\u00f3ti\u00f0 Gungni og \u00feeim <span class=\"iwg-fachbegriff\" data-tooltip=\"\u00cdfer\u00f0 sem endurtekin er reglulega innan samf\u00e9lags.\" tabindex=\"0\">si\u00f0<\/span> a\u00f0 <span class=\"iwg-fachbegriff\" data-tooltip=\"Gefa hlut, sta\u00f0 e\u00f0a f\u00f3lk hinu heilaga me\u00f0 tr\u00faarlegri ath\u00f6fn.\" tabindex=\"0\">helga<\/span> gu\u00f0num \u00f3vinaherinn me\u00f0 spj\u00f3tkasti.<\/p><p>\u00c1 heildina liti\u00f0 sta\u00f0festa fornleifafundirnir a\u00f0 manns- og vopnaf\u00f3rnir \u00e1ttu s\u00e9r sta\u00f0 \u00e1 germ\u00f6nskum sv\u00e6\u00f0um, \u00e1n \u00feess a\u00f0 h\u00e6gt s\u00e9 a\u00f0 meta n\u00e1kv\u00e6mlega hlut \u00d3\u00f0ins \u00ed \u00feeim.<\/p><p>Fr\u00e6\u00f0imenn vinna h\u00e9r me\u00f0 l\u00edkindi, ekki fullvissu.<\/p>\t\t\t\t\t\t\t\t<\/div>\n\t\t\t\t<\/div>\n\t\t\t\t\t<\/div>\n\t\t\t\t<\/div>\n\t\t<div class=\"elementor-element elementor-element-36dd7469 e-flex e-con-boxed e-con e-parent\" data-id=\"36dd7469\" data-element_type=\"container\" data-e-type=\"container\">\n\t\t\t\t\t<div class=\"e-con-inner\">\n\t\t\t\t<div class=\"elementor-element elementor-element-13760ab4 elementor-widget elementor-widget-heading\" data-id=\"13760ab4\" data-element_type=\"widget\" data-e-type=\"widget\" data-widget_type=\"heading.default\">\n\t\t\t\t\t<h2 class=\"elementor-heading-title elementor-size-default\">\u00cdtarefni og tenglar<\/h2>\t\t\t\t<\/div>\n\t\t<div class=\"elementor-element elementor-element-28c87796 e-con-full e-flex e-con e-child\" data-id=\"28c87796\" data-element_type=\"container\" data-e-type=\"container\">\n\t\t\t\t<div class=\"elementor-element elementor-element-5d6538df elementor-widget elementor-widget-text-editor\" data-id=\"5d6538df\" data-element_type=\"widget\" data-e-type=\"widget\" data-widget_type=\"text-editor.default\">\n\t\t\t\t\t\t\t\t\t<ul><li><a href=\"https:\/\/iwell-guard.com\/is\/?page_id=169058\">T\u00fdr, germanskt<\/a><\/li><li><a href=\"https:\/\/iwell-guard.com\/is\/?page_id=168816\">\u00de\u00f3r, germanskt<\/a><\/li><li><a href=\"https:\/\/iwell-guard.com\/is\/?page_id=168814\">Freyja, germanskt<\/a><\/li><li><a href=\"https:\/\/iwell-guard.com\/is\/?page_id=169029\">Mercurius, R\u00f3m<\/a><\/li><li><a href=\"https:\/\/iwell-guard.com\/is\/?page_id=168763\">Veles, slavneskt<\/a><\/li><li><a href=\"https:\/\/iwell-guard.com\/is\/?page_id=168707\">\u00c6\u00f0ri gu\u00f0ir, undirflokkur<\/a><\/li><li><a href=\"https:\/\/iwell-guard.com\/is\/?page_id=168679\">Gu\u00f0ir, yfirlit flokka<\/a><\/li><\/ul>\t\t\t\t\t\t\t\t<\/div>\n\t\t\t\t<\/div>\n\t\t\t\t\t<\/div>\n\t\t\t\t<\/div>\n\t\t<div class=\"elementor-element elementor-element-grl4kl40 e-flex e-con-boxed e-con e-parent\" data-id=\"grl4kl40\" data-element_type=\"container\" data-e-type=\"container\">\n\t\t\t\t\t<div class=\"e-con-inner\">\n\t\t\t\t<div class=\"elementor-element elementor-element-bzsbfrmh elementor-widget elementor-widget-heading\" data-id=\"bzsbfrmh\" data-element_type=\"widget\" data-e-type=\"widget\" data-widget_type=\"heading.default\">\n\t\t\t\t\t<h2 class=\"elementor-heading-title elementor-size-default\">Fr\u00e6\u00f0irit<\/h2>\t\t\t\t<\/div>\n\t\t<div class=\"elementor-element elementor-element-2c13224a e-con-full e-flex e-con e-child\" data-id=\"2c13224a\" data-element_type=\"container\" data-e-type=\"container\">\n\t\t\t\t<div class=\"elementor-element elementor-element-0eymh9ub elementor-widget elementor-widget-text-editor\" data-id=\"0eymh9ub\" data-element_type=\"widget\" data-e-type=\"widget\" data-widget_type=\"text-editor.default\">\n\t\t\t\t\t\t\t\t\t<footer class=\"iwg-literatur\" data-nosnippet=\"true\"><ul><li><span data-nosnippet>Sturluson, Snorri: <em>Die Prosa-Edda. Gylfaginning, Skaeldskaparmal, Haettatal<\/em>. \u00dcbers. u. hrsg. v. Felix Niedner. 1923 (Nachdruck, dtsch.).<\/span><\/li><li><em>Die Lieder-Edda<\/em>. Altnordische Heldengedichte. \u00dcbers. u. hrsg. v. Felix Niedner. 1923 (Nachdruck, dtsch.).<\/li><li>Dum\u00e9zil, Georges: <em>Mythe et \u00e9pop\u00e9e<\/em>. Bd. 1, 3. Paris 1968, 1973 (Klassiker der indo-europ\u00e4ischen Vergleichung).<\/li><li><span data-nosnippet>Simek, Rudolf: <em>Lexikon der germanischen <span class=\"iwg-fachbegriff\" data-tooltip=\"Heild var\u00f0veittra fr\u00e1sagna um gu\u00f0ver\u00f6ld \u00ed tiltekinni menningu.\" tabindex=\"0\">Mythologie<\/span><\/em>. Stuttgart 1984 (Standardwerk).<\/span><\/li><li>Tacitus: <em>Germania<\/em>. Kap. 9 (r\u00f6mische Beobachtungen).<\/li><li>Saxo Grammaticus: <em>Gesta Danorum<\/em>. Buch I, IV (mittelalterliche Synchronisation).<\/li><li><span data-nosnippet>Ellis Davidson, Hilda R.: <em>The Road to Hel. A Study of the Conception of the Dead in Old Norse Literature<\/em>. Cambridge 1943 (Neudruck 2002).<\/span><\/li><li><span data-nosnippet>N\u00e4sstr\u00f6m, Britt-Mari: <em>Bl\u00f3tin. Kultpraktiker i det f\u00f6rkristen Norden<\/em>. Stockholm 2001.<\/span><\/li><\/ul><\/footer>\t\t\t\t\t\t\t\t<\/div>\n\t\t\t\t<\/div>\n\t\t\t\t\t<\/div>\n\t\t\t\t<\/div>\n\t\t\t\t<\/div>\n\t\t","protected":false},"excerpt":{"rendered":"","protected":false},"author":3,"featured_media":1723,"parent":0,"menu_order":0,"comment_status":"closed","ping_status":"closed","template":"elementor_header_footer","meta":{"_yoast_wpseo_focuskw":"\u00d3\u00f0inn","_yoast_wpseo_title":"\u00d3\u00f0inn \u2013 Alf\u00f6\u00f0ur, gu\u00f0 lei\u00f0slu og visku","_yoast_wpseo_metadesc":"\u00d3\u00f0inn: Alf\u00f6\u00f0ur, lei\u00f0sla, sk\u00e1ldskapur, r\u00fanir, Gungnir, Sleipnir og hli\u00f0st\u00e6\u00f0ur hans vi\u00f0 Mercurius, Veles og T\u00fd. Go\u00f0s\u00f6gn og \u00e1tr\u00fana\u00f0ur.","_yoast_wpseo_meta-robots-noindex":"","_yoast_wpseo_canonical":"","_angie_page":false,"gefaehrdungsstufe":"3","wesen_kultur":"germanisch","wesen_klasse":"goetter","footnotes":""},"categories":[],"class_list":["post-168713","page","type-page","status-publish","has-post-thumbnail","hentry"],"yoast_head":"<!-- This site is optimized with the Yoast SEO Premium plugin v27.7 (Yoast SEO v28.3) - https:\/\/yoast.com\/product\/yoast-seo-premium-wordpress\/ -->\n<title>\u00d3\u00f0inn \u2013 Alf\u00f6\u00f0ur, gu\u00f0 lei\u00f0slu og visku<\/title>\n<meta name=\"description\" content=\"\u00d3\u00f0inn: Alf\u00f6\u00f0ur, lei\u00f0sla, sk\u00e1ldskapur, r\u00fanir, Gungnir, Sleipnir og hli\u00f0st\u00e6\u00f0ur hans vi\u00f0 Mercurius, Veles og T\u00fd. Go\u00f0s\u00f6gn og \u00e1tr\u00fana\u00f0ur.\" \/>\n<meta name=\"robots\" content=\"index, follow, max-snippet:-1, max-image-preview:large, max-video-preview:-1\" \/>\n<link rel=\"canonical\" href=\"https:\/\/iwell-guard.com\/is\/odin\/\" \/>\n<meta property=\"og:locale\" content=\"is_IS\" \/>\n<meta property=\"og:type\" content=\"article\" \/>\n<meta property=\"og:title\" content=\"\u00d3\u00f0inn\" \/>\n<meta property=\"og:description\" content=\"\u00d3\u00f0inn: Alf\u00f6\u00f0ur, lei\u00f0sla, sk\u00e1ldskapur, r\u00fanir, Gungnir, Sleipnir og hli\u00f0st\u00e6\u00f0ur hans vi\u00f0 Mercurius, Veles og T\u00fd. Go\u00f0s\u00f6gn og \u00e1tr\u00fana\u00f0ur.\" \/>\n<meta property=\"og:url\" content=\"https:\/\/iwell-guard.com\/is\/odin\/\" \/>\n<meta property=\"og:site_name\" content=\"iWell Guard\" \/>\n<meta property=\"article:modified_time\" content=\"2026-09-05T14:17:32+00:00\" \/>\n<meta property=\"og:image\" content=\"https:\/\/iwell-guard.com\/wp-content\/uploads\/2026\/04\/goetter_germanisch_odin.webp\" \/>\n\t<meta property=\"og:image:width\" content=\"1024\" \/>\n\t<meta property=\"og:image:height\" content=\"1536\" \/>\n\t<meta property=\"og:image:type\" content=\"image\/webp\" \/>\n<meta name=\"twitter:card\" content=\"summary_large_image\" \/>\n<script type=\"application\/ld+json\" class=\"yoast-schema-graph\">{\"@context\":\"https:\\\/\\\/schema.org\",\"@graph\":[{\"@type\":\"WebPage\",\"@id\":\"https:\\\/\\\/iwell-guard.com\\\/is\\\/odin\\\/\",\"url\":\"https:\\\/\\\/iwell-guard.com\\\/is\\\/odin\\\/\",\"name\":\"\u00d3\u00f0inn \u2013 Alf\u00f6\u00f0ur, gu\u00f0 lei\u00f0slu og visku\",\"isPartOf\":{\"@id\":\"https:\\\/\\\/iwell-guard.com\\\/is\\\/#website\"},\"primaryImageOfPage\":{\"@id\":\"https:\\\/\\\/iwell-guard.com\\\/is\\\/odin\\\/#primaryimage\"},\"image\":{\"@id\":\"https:\\\/\\\/iwell-guard.com\\\/is\\\/odin\\\/#primaryimage\"},\"thumbnailUrl\":\"https:\\\/\\\/iwell-guard.com\\\/wp-content\\\/uploads\\\/2026\\\/04\\\/goetter_germanisch_odin.webp\",\"datePublished\":\"2026-09-05T14:02:23+00:00\",\"dateModified\":\"2026-09-05T14:17:32+00:00\",\"description\":\"\u00d3\u00f0inn: Alf\u00f6\u00f0ur, lei\u00f0sla, sk\u00e1ldskapur, r\u00fanir, Gungnir, Sleipnir og hli\u00f0st\u00e6\u00f0ur hans vi\u00f0 Mercurius, Veles og T\u00fd. Go\u00f0s\u00f6gn og \u00e1tr\u00fana\u00f0ur.\",\"breadcrumb\":{\"@id\":\"https:\\\/\\\/iwell-guard.com\\\/is\\\/odin\\\/#breadcrumb\"},\"inLanguage\":\"is\",\"potentialAction\":[{\"@type\":\"ReadAction\",\"target\":[\"https:\\\/\\\/iwell-guard.com\\\/is\\\/odin\\\/\"]}]},{\"@type\":\"ImageObject\",\"inLanguage\":\"is\",\"@id\":\"https:\\\/\\\/iwell-guard.com\\\/is\\\/odin\\\/#primaryimage\",\"url\":\"https:\\\/\\\/iwell-guard.com\\\/wp-content\\\/uploads\\\/2026\\\/04\\\/goetter_germanisch_odin.webp\",\"contentUrl\":\"https:\\\/\\\/iwell-guard.com\\\/wp-content\\\/uploads\\\/2026\\\/04\\\/goetter_germanisch_odin.webp\",\"width\":1024,\"height\":1536,\"caption\":\"Gu\u00f0ir \u00far germanskri hef\u00f0.\"},{\"@type\":\"BreadcrumbList\",\"@id\":\"https:\\\/\\\/iwell-guard.com\\\/is\\\/odin\\\/#breadcrumb\",\"itemListElement\":[{\"@type\":\"ListItem\",\"position\":1,\"name\":\"Start\",\"item\":\"https:\\\/\\\/iwell-guard.com\\\/is\\\/?page_id=168580\"},{\"@type\":\"ListItem\",\"position\":2,\"name\":\"\u00d3\u00f0inn\"}]},{\"@type\":\"WebSite\",\"@id\":\"https:\\\/\\\/iwell-guard.com\\\/is\\\/#website\",\"url\":\"https:\\\/\\\/iwell-guard.com\\\/is\\\/\",\"name\":\"iWell Guard\",\"description\":\"Schutz vor dunklen Einfl\u00fcssen\",\"publisher\":{\"@id\":\"https:\\\/\\\/iwell-guard.com\\\/is\\\/#organization\"},\"potentialAction\":[{\"@type\":\"SearchAction\",\"target\":{\"@type\":\"EntryPoint\",\"urlTemplate\":\"https:\\\/\\\/iwell-guard.com\\\/is\\\/?s={search_term_string}\"},\"query-input\":{\"@type\":\"PropertyValueSpecification\",\"valueRequired\":true,\"valueName\":\"search_term_string\"}}],\"inLanguage\":\"is\"},{\"@type\":\"Organization\",\"@id\":\"https:\\\/\\\/iwell-guard.com\\\/is\\\/#organization\",\"name\":\"Ittermann electronic GmbH\",\"url\":\"https:\\\/\\\/iwell-guard.com\\\/is\\\/\",\"logo\":{\"@type\":\"ImageObject\",\"inLanguage\":\"is\",\"@id\":\"https:\\\/\\\/iwell-guard.com\\\/is\\\/#\\\/schema\\\/logo\\\/image\\\/\",\"url\":\"https:\\\/\\\/iwell-guard.com\\\/wp-content\\\/uploads\\\/2026\\\/05\\\/Ittermann-Logo-1182x237-1.png\",\"contentUrl\":\"https:\\\/\\\/iwell-guard.com\\\/wp-content\\\/uploads\\\/2026\\\/05\\\/Ittermann-Logo-1182x237-1.png\",\"width\":1182,\"height\":237,\"caption\":\"Ittermann electronic GmbH\"},\"image\":{\"@id\":\"https:\\\/\\\/iwell-guard.com\\\/is\\\/#\\\/schema\\\/logo\\\/image\\\/\"},\"sameAs\":[\"https:\\\/\\\/pantip.com\\\/profile\\\/9367242\",\"https:\\\/\\\/micro.blog\\\/iwellguard\",\"https:\\\/\\\/www.diggerslist.com\\\/iwellguard\\\/about\",\"https:\\\/\\\/skitterphoto.com\\\/photographers\\\/2870314\\\/iwell-guard\",\"https:\\\/\\\/iwellguard.wordpress.com\\\/2026\\\/06\\\/06\\\/iwell-guard\\\/\",\"https:\\\/\\\/hub.docker.com\\\/u\\\/iwellguard\",\"https:\\\/\\\/www.pinterest.com\\\/iwellguard\\\/\",\"https:\\\/\\\/bit.ly\\\/m\\\/iwellguard\",\"https:\\\/\\\/entre-vos-mains.alsace.eu\\\/profiles\\\/iwellguard\\\/activity\",\"https:\\\/\\\/gravatar.com\\\/reallybeded8fd34\",\"https:\\\/\\\/naijamatta.com\\\/iwellguard\",\"https:\\\/\\\/www.goodreads.com\\\/iwellguard\",\"https:\\\/\\\/profile.hatena.ne.jp\\\/iwellguard\\\/\",\"https:\\\/\\\/experiment.com\\\/users\\\/iwellguard\",\"https:\\\/\\\/wakelet.com\\\/@iWellGuard82270\",\"https:\\\/\\\/www.chordie.com\\\/forum\\\/profile.php?id=2555664\",\"https:\\\/\\\/www.instapaper.com\\\/p\\\/17757966\",\"https:\\\/\\\/www.mapleprimes.com\\\/users\\\/iwellguard\",\"https:\\\/\\\/businesslistingplus.com\\\/profile\\\/iwell-guard\\\/\",\"https:\\\/\\\/telegra.ph\\\/iWell-Guard-06-06\",\"https:\\\/\\\/pbase.com\\\/iwellguard\\\/iwellguard\",\"https:\\\/\\\/b.hatena.ne.jp\\\/iwellguard\\\/20260607#bookmark-4788405196491818882\",\"https:\\\/\\\/fliphtml5.com\\\/home\\\/iwellguard\",\"https:\\\/\\\/anyflip.com\\\/homepage\\\/cmiwl#About\",\"https:\\\/\\\/transfur.com\\\/Users\\\/iwellguard\",\"http:\\\/\\\/delphi.larsbo.org\\\/user\\\/iwellguard\",\"https:\\\/\\\/jobs.lajobsportal.org\\\/profiles\\\/8380803-iwell-guard\",\"https:\\\/\\\/md.chaosdorf.de\\\/s\\\/jfbe5SBdJD\",\"https:\\\/\\\/www.lingvolive.com\\\/en-us\\\/profile\\\/9ecaeaca-ce11-4e51-9e71-01d55e2bff36\\\/translations\",\"https:\\\/\\\/www.fitday.com\\\/fitness\\\/forums\\\/members\\\/iwellguard.html\",\"https:\\\/\\\/www.mymeetbook.com\\\/iwellguard\",\"https:\\\/\\\/pxhere.com\\\/en\\\/photographer-me\\\/5040798\",\"https:\\\/\\\/disqus.com\\\/by\\\/iwellguard\\\/about\\\/\",\"https:\\\/\\\/pastelink.net\\\/hjwciqwq\",\"https:\\\/\\\/pubhtml5.com\\\/homepage\\\/scjhn\\\/\",\"https:\\\/\\\/www.bitchute.com\\\/channel\\\/2O2eOKzNqujT\",\"https:\\\/\\\/audiomack.com\\\/iwellguard\"]},{\"@type\":\"Article\",\"@id\":\"https:\\\/\\\/iwell-guard.com\\\/is\\\/odin\\\/#article\",\"isPartOf\":{\"@id\":\"https:\\\/\\\/iwell-guard.com\\\/is\\\/odin\\\/\"},\"author\":{\"name\":\"Ralf Ittermann\",\"@id\":\"https:\\\/\\\/iwell-guard.com\\\/is\\\/#\\\/schema\\\/person\\\/ee2a27f1cac3406c7c6fb5820cb7349f\"},\"headline\":\"\u00d3\u00f0inn\",\"datePublished\":\"2026-09-05T14:02:23+00:00\",\"dateModified\":\"2026-09-05T14:17:32+00:00\",\"mainEntityOfPage\":{\"@id\":\"https:\\\/\\\/iwell-guard.com\\\/is\\\/odin\\\/\"},\"publisher\":{\"@id\":\"https:\\\/\\\/iwell-guard.com\\\/is\\\/#organization\"},\"image\":{\"@id\":\"https:\\\/\\\/iwell-guard.com\\\/is\\\/odin\\\/#primaryimage\"},\"thumbnailUrl\":\"https:\\\/\\\/iwell-guard.com\\\/wp-content\\\/uploads\\\/2026\\\/04\\\/goetter_germanisch_odin.webp\",\"inLanguage\":\"is\",\"description\":\"\u00d3\u00f0inn: Alf\u00f6\u00f0ur, lei\u00f0sla, sk\u00e1ldskapur, r\u00fanir, Gungnir, Sleipnir og hli\u00f0st\u00e6\u00f0ur hans vi\u00f0 Mercurius, Veles og T\u00fd. Go\u00f0s\u00f6gn og \u00e1tr\u00fana\u00f0ur.\"}]}<\/script>\n<!-- \/ Yoast SEO Premium plugin. -->","yoast_head_json":{"title":"\u00d3\u00f0inn \u2013 Alf\u00f6\u00f0ur, gu\u00f0 lei\u00f0slu og visku","description":"\u00d3\u00f0inn: Alf\u00f6\u00f0ur, lei\u00f0sla, sk\u00e1ldskapur, r\u00fanir, Gungnir, Sleipnir og hli\u00f0st\u00e6\u00f0ur hans vi\u00f0 Mercurius, Veles og T\u00fd. Go\u00f0s\u00f6gn og \u00e1tr\u00fana\u00f0ur.","robots":{"index":"index","follow":"follow","max-snippet":"max-snippet:-1","max-image-preview":"max-image-preview:large","max-video-preview":"max-video-preview:-1"},"canonical":"https:\/\/iwell-guard.com\/is\/odin\/","og_locale":"is_IS","og_type":"article","og_title":"\u00d3\u00f0inn","og_description":"\u00d3\u00f0inn: Alf\u00f6\u00f0ur, lei\u00f0sla, sk\u00e1ldskapur, r\u00fanir, Gungnir, Sleipnir og hli\u00f0st\u00e6\u00f0ur hans vi\u00f0 Mercurius, Veles og T\u00fd. Go\u00f0s\u00f6gn og \u00e1tr\u00fana\u00f0ur.","og_url":"https:\/\/iwell-guard.com\/is\/odin\/","og_site_name":"iWell Guard","article_modified_time":"2026-09-05T14:17:32+00:00","og_image":[{"width":1024,"height":1536,"url":"https:\/\/iwell-guard.com\/wp-content\/uploads\/2026\/04\/goetter_germanisch_odin.webp","type":"image\/webp"}],"twitter_card":"summary_large_image","schema":{"@context":"https:\/\/schema.org","@graph":[{"@type":"Article","@id":"https:\/\/iwell-guard.com\/is\/odin\/#article","isPartOf":{"@id":"https:\/\/iwell-guard.com\/is\/odin\/"},"author":{"name":"Ralf Ittermann","@id":"https:\/\/iwell-guard.com\/is\/#\/schema\/person\/ee2a27f1cac3406c7c6fb5820cb7349f"},"headline":"\u00d3\u00f0inn","datePublished":"2026-09-05T14:02:23+00:00","dateModified":"2026-09-05T14:17:32+00:00","mainEntityOfPage":{"@id":"https:\/\/iwell-guard.com\/is\/odin\/"},"publisher":{"@id":"https:\/\/iwell-guard.com\/is\/#organization"},"image":{"@id":"https:\/\/iwell-guard.com\/is\/odin\/#primaryimage"},"thumbnailUrl":"https:\/\/iwell-guard.com\/wp-content\/uploads\/2026\/04\/goetter_germanisch_odin.webp","inLanguage":"is","description":"\u00d3\u00f0inn: Alf\u00f6\u00f0ur, lei\u00f0sla, sk\u00e1ldskapur, r\u00fanir, Gungnir, Sleipnir og hli\u00f0st\u00e6\u00f0ur hans vi\u00f0 Mercurius, Veles og T\u00fd. Go\u00f0s\u00f6gn og \u00e1tr\u00fana\u00f0ur."},{"@type":"WebPage","@id":"https:\/\/iwell-guard.com\/is\/odin\/","url":"https:\/\/iwell-guard.com\/is\/odin\/","name":"\u00d3\u00f0inn \u2013 Alf\u00f6\u00f0ur, gu\u00f0 lei\u00f0slu og visku","isPartOf":{"@id":"https:\/\/iwell-guard.com\/is\/#website"},"primaryImageOfPage":{"@id":"https:\/\/iwell-guard.com\/is\/odin\/#primaryimage"},"image":{"@id":"https:\/\/iwell-guard.com\/is\/odin\/#primaryimage"},"thumbnailUrl":"https:\/\/iwell-guard.com\/wp-content\/uploads\/2026\/04\/goetter_germanisch_odin.webp","datePublished":"2026-09-05T14:02:23+00:00","dateModified":"2026-09-05T14:17:32+00:00","description":"\u00d3\u00f0inn: Alf\u00f6\u00f0ur, lei\u00f0sla, sk\u00e1ldskapur, r\u00fanir, Gungnir, Sleipnir og hli\u00f0st\u00e6\u00f0ur hans vi\u00f0 Mercurius, Veles og T\u00fd. Go\u00f0s\u00f6gn og \u00e1tr\u00fana\u00f0ur.","breadcrumb":{"@id":"https:\/\/iwell-guard.com\/is\/odin\/#breadcrumb"},"inLanguage":"is","potentialAction":[{"@type":"ReadAction","target":["https:\/\/iwell-guard.com\/is\/odin\/"]}]},{"@type":"ImageObject","inLanguage":"is","@id":"https:\/\/iwell-guard.com\/is\/odin\/#primaryimage","url":"https:\/\/iwell-guard.com\/wp-content\/uploads\/2026\/04\/goetter_germanisch_odin.webp","contentUrl":"https:\/\/iwell-guard.com\/wp-content\/uploads\/2026\/04\/goetter_germanisch_odin.webp","width":1024,"height":1536,"caption":"Gu\u00f0ir \u00far germanskri hef\u00f0."},{"@type":"BreadcrumbList","@id":"https:\/\/iwell-guard.com\/is\/odin\/#breadcrumb","itemListElement":[{"@type":"ListItem","position":1,"name":"Start","item":"https:\/\/iwell-guard.com\/is\/?page_id=168580"},{"@type":"ListItem","position":2,"name":"\u00d3\u00f0inn"}]},{"@type":"WebSite","@id":"https:\/\/iwell-guard.com\/is\/#website","url":"https:\/\/iwell-guard.com\/is\/","name":"iWell Guard","description":"Schutz vor dunklen Einfl\u00fcssen","publisher":{"@id":"https:\/\/iwell-guard.com\/is\/#organization"},"potentialAction":[{"@type":"SearchAction","target":{"@type":"EntryPoint","urlTemplate":"https:\/\/iwell-guard.com\/is\/?s={search_term_string}"},"query-input":{"@type":"PropertyValueSpecification","valueRequired":true,"valueName":"search_term_string"}}],"inLanguage":"is"},{"@type":"Organization","@id":"https:\/\/iwell-guard.com\/is\/#organization","name":"Ittermann electronic GmbH","url":"https:\/\/iwell-guard.com\/is\/","logo":{"@type":"ImageObject","inLanguage":"is","@id":"https:\/\/iwell-guard.com\/is\/#\/schema\/logo\/image\/","url":"https:\/\/iwell-guard.com\/wp-content\/uploads\/2026\/05\/Ittermann-Logo-1182x237-1.png","contentUrl":"https:\/\/iwell-guard.com\/wp-content\/uploads\/2026\/05\/Ittermann-Logo-1182x237-1.png","width":1182,"height":237,"caption":"Ittermann electronic GmbH"},"image":{"@id":"https:\/\/iwell-guard.com\/is\/#\/schema\/logo\/image\/"},"sameAs":["https:\/\/pantip.com\/profile\/9367242","https:\/\/micro.blog\/iwellguard","https:\/\/www.diggerslist.com\/iwellguard\/about","https:\/\/skitterphoto.com\/photographers\/2870314\/iwell-guard","https:\/\/iwellguard.wordpress.com\/2026\/06\/06\/iwell-guard\/","https:\/\/hub.docker.com\/u\/iwellguard","https:\/\/www.pinterest.com\/iwellguard\/","https:\/\/bit.ly\/m\/iwellguard","https:\/\/entre-vos-mains.alsace.eu\/profiles\/iwellguard\/activity","https:\/\/gravatar.com\/reallybeded8fd34","https:\/\/naijamatta.com\/iwellguard","https:\/\/www.goodreads.com\/iwellguard","https:\/\/profile.hatena.ne.jp\/iwellguard\/","https:\/\/experiment.com\/users\/iwellguard","https:\/\/wakelet.com\/@iWellGuard82270","https:\/\/www.chordie.com\/forum\/profile.php?id=2555664","https:\/\/www.instapaper.com\/p\/17757966","https:\/\/www.mapleprimes.com\/users\/iwellguard","https:\/\/businesslistingplus.com\/profile\/iwell-guard\/","https:\/\/telegra.ph\/iWell-Guard-06-06","https:\/\/pbase.com\/iwellguard\/iwellguard","https:\/\/b.hatena.ne.jp\/iwellguard\/20260607#bookmark-4788405196491818882","https:\/\/fliphtml5.com\/home\/iwellguard","https:\/\/anyflip.com\/homepage\/cmiwl#About","https:\/\/transfur.com\/Users\/iwellguard","http:\/\/delphi.larsbo.org\/user\/iwellguard","https:\/\/jobs.lajobsportal.org\/profiles\/8380803-iwell-guard","https:\/\/md.chaosdorf.de\/s\/jfbe5SBdJD","https:\/\/www.lingvolive.com\/en-us\/profile\/9ecaeaca-ce11-4e51-9e71-01d55e2bff36\/translations","https:\/\/www.fitday.com\/fitness\/forums\/members\/iwellguard.html","https:\/\/www.mymeetbook.com\/iwellguard","https:\/\/pxhere.com\/en\/photographer-me\/5040798","https:\/\/disqus.com\/by\/iwellguard\/about\/","https:\/\/pastelink.net\/hjwciqwq","https:\/\/pubhtml5.com\/homepage\/scjhn\/","https:\/\/www.bitchute.com\/channel\/2O2eOKzNqujT","https:\/\/audiomack.com\/iwellguard"]},{"@type":"Person","@id":"https:\/\/iwell-guard.com\/is\/#\/schema\/person\/ee2a27f1cac3406c7c6fb5820cb7349f","name":"Ralf Ittermann","image":{"@type":"ImageObject","inLanguage":"is","@id":"https:\/\/secure.gravatar.com\/avatar\/073c0153e350a5005b68eb752b445fea71f6b24a26da9449ad7e155e6b446c9d?s=96&d=mm&r=g","url":"https:\/\/secure.gravatar.com\/avatar\/073c0153e350a5005b68eb752b445fea71f6b24a26da9449ad7e155e6b446c9d?s=96&d=mm&r=g","contentUrl":"https:\/\/secure.gravatar.com\/avatar\/073c0153e350a5005b68eb752b445fea71f6b24a26da9449ad7e155e6b446c9d?s=96&d=mm&r=g","caption":"Ralf Ittermann"},"givenName":"Ralf","familyName":"Ittermann","jobTitle":"Gesch\u00e4ftsf\u00fchrer und redaktioneller Verantwortlicher","url":"https:\/\/iwell-guard.com\/is\/author\/claude\/","description":"Ralf Ittermann ist Gesch\u00e4ftsf\u00fchrer der Ittermann electronic GmbH und redaktioneller Verantwortlicher des iWell-Guard-Lexikons. Er verbindet langj\u00e4hrige Erfahrung in der Pr\u00e4zisionsfertigung mit medialer Praxis und religionsgeschichtlicher Quellenarbeit.","worksFor":{"@type":"Organization","name":"Ittermann electronic GmbH","url":"https:\/\/ittermann.de\/","address":{"@type":"PostalAddress","streetAddress":"K\u00f6hlergasse 16-18","postalCode":"99842","addressLocality":"Ruhla","addressCountry":"DE"}},"knowsAbout":["Religionsgeschichte","Mythologie","Mediale Praxis","Energetische Diagnostik","Schutzpraxis","Volksglauben","Westliche Esoterik"]},{"@type":"Article","@id":"https:\/\/iwell-guard.com\/is\/odin\/#article","isPartOf":{"@id":"https:\/\/iwell-guard.com\/is\/odin\/"},"author":{"name":"Ralf Ittermann","@id":"https:\/\/iwell-guard.com\/is\/#\/schema\/person\/ee2a27f1cac3406c7c6fb5820cb7349f"},"headline":"\u00d3\u00f0inn","datePublished":"2026-09-05T14:02:23+00:00","dateModified":"2026-09-05T14:17:32+00:00","mainEntityOfPage":{"@id":"https:\/\/iwell-guard.com\/is\/odin\/"},"publisher":{"@id":"https:\/\/iwell-guard.com\/is\/#organization"},"image":{"@id":"https:\/\/iwell-guard.com\/is\/odin\/#primaryimage"},"thumbnailUrl":"https:\/\/iwell-guard.com\/wp-content\/uploads\/2026\/04\/goetter_germanisch_odin.webp","inLanguage":"is","description":"\u00d3\u00f0inn: Alf\u00f6\u00f0ur, lei\u00f0sla, sk\u00e1ldskapur, r\u00fanir, Gungnir, Sleipnir og hli\u00f0st\u00e6\u00f0ur hans vi\u00f0 Mercurius, Veles og T\u00fd. Go\u00f0s\u00f6gn og \u00e1tr\u00fana\u00f0ur."}]}},"_links":{"self":[{"href":"https:\/\/iwell-guard.com\/is\/wp-json\/wp\/v2\/pages\/168713","targetHints":{"allow":["GET"]}}],"collection":[{"href":"https:\/\/iwell-guard.com\/is\/wp-json\/wp\/v2\/pages"}],"about":[{"href":"https:\/\/iwell-guard.com\/is\/wp-json\/wp\/v2\/types\/page"}],"author":[{"embeddable":true,"href":"https:\/\/iwell-guard.com\/is\/wp-json\/wp\/v2\/users\/3"}],"replies":[{"embeddable":true,"href":"https:\/\/iwell-guard.com\/is\/wp-json\/wp\/v2\/comments?post=168713"}],"version-history":[{"count":0,"href":"https:\/\/iwell-guard.com\/is\/wp-json\/wp\/v2\/pages\/168713\/revisions"}],"wp:featuredmedia":[{"embeddable":true,"href":"https:\/\/iwell-guard.com\/is\/wp-json\/wp\/v2\/media\/1723"}],"wp:attachment":[{"href":"https:\/\/iwell-guard.com\/is\/wp-json\/wp\/v2\/media?parent=168713"}],"wp:term":[{"taxonomy":"category","embeddable":true,"href":"https:\/\/iwell-guard.com\/is\/wp-json\/wp\/v2\/categories?post=168713"}],"curies":[{"name":"wp","href":"https:\/\/api.w.org\/{rel}","templated":true}]}}