{"id":168711,"date":"2026-09-05T14:02:21","date_gmt":"2026-09-05T14:02:21","guid":{"rendered":"https:\/\/iwell-guard.com\/?page_id=168711"},"modified":"2026-09-05T14:17:28","modified_gmt":"2026-09-05T14:17:28","slug":"anu","status":"publish","type":"page","link":"https:\/\/iwell-guard.com\/is\/anu\/","title":{"rendered":"Anu"},"content":{"rendered":"\t\t<div data-elementor-type=\"wp-page\" data-elementor-id=\"168711\" class=\"elementor elementor-168711 elementor-1872 elementor-bc-flex-widget\" data-elementor-post-type=\"page\">\n\t\t\t\t<div class=\"elementor-element elementor-element-10fdade e-flex e-con-boxed e-con e-parent\" data-id=\"10fdade\" data-element_type=\"container\" data-e-type=\"container\" data-settings=\"{&quot;background_background&quot;:&quot;classic&quot;}\">\n\t\t\t\t\t<div class=\"e-con-inner\">\n\t\t<div class=\"elementor-element elementor-element-herohlft0 e-flex e-con-boxed e-con e-child\" data-id=\"herohlft0\" data-element_type=\"container\" data-e-type=\"container\">\n\t\t\t\t\t<div class=\"e-con-inner\">\n\t\t<div class=\"elementor-element elementor-element-c3ceb64 e-con-full e-flex e-con e-child\" data-id=\"c3ceb64\" data-element_type=\"container\" data-e-type=\"container\">\n\t\t\t\t<div class=\"elementor-element elementor-element-96ae5e1 elementor-widget elementor-widget-heading\" data-id=\"96ae5e1\" data-element_type=\"widget\" data-e-type=\"widget\" data-widget_type=\"heading.default\">\n\t\t\t\t\t<h1 class=\"elementor-heading-title elementor-size-default\">Anu, gu\u00f0 mes\u00f3p\u00f3tam\u00edskrar hef\u00f0ar<\/h1>\t\t\t\t<\/div>\n\t\t\t\t<div class=\"elementor-element elementor-element-e45238a elementor-widget elementor-widget-text-editor\" data-id=\"e45238a\" data-element_type=\"widget\" data-e-type=\"widget\" data-widget_type=\"text-editor.default\">\n\t\t\t\t\t\t\t\t\t<p><strong>\u00c6\u00f0sti gu\u00f0 Mes\u00f3p\u00f3tam\u00edu, himnagu\u00f0 og fa\u00f0ir allra gu\u00f0a.<\/strong><\/p>\t\t\t\t\t\t\t\t<\/div>\n\t\t\t\t<\/div>\n\t\t<div class=\"elementor-element elementor-element-klsbdg01 e-con-full e-flex e-con e-parent\" data-id=\"klsbdg01\" data-element_type=\"container\" data-e-type=\"container\">\n\t\t\t\t<div class=\"elementor-element elementor-element-klshtm01 elementor-widget elementor-widget-html\" data-id=\"klshtm01\" data-element_type=\"widget\" data-e-type=\"widget\" data-widget_type=\"html.default\">\n\t\t\t\t\t<div class=\"iwg-pill-row\"><span class=\"iwg-klasse-badge\" tabindex=\"0\" data-tooltip=\"Gu\u00f0 \/ gy\u00f0ja: Pers\u00f3nuger\u00f0 \u00e6\u00f0sta m\u00e1ttarvald \u00ed go\u00f0afr\u00e6\u00f0i menningar, me\u00f0 sk\u00fdrum \u00e1hrifasvi\u00f0um, n\u00e1tt\u00faru\u00f6fl, \u00f6rl\u00f6g, str\u00ed\u00f0, frj\u00f3semi. Tilbe\u00f0in me\u00f0 d\u00fdrkun, f\u00f3rnum og hofastofnunum.\">Gu\u00f0<\/span><a href=\"https:\/\/iwell-guard.com\/is\/?page_id=168583\" class=\"iwg-kultur-badge\" tabindex=\"0\" data-tooltip=\"Vagga hinnar skjalfestu tr\u00faarbrag\u00f0a, S\u00famer, Akkad, Bab\u00fdlon, Ass\u00fdr\u00eda (u.\u00fe.b. 3500 f.Kr. til 330 f.Kr.).\">Mes\u00f3p\u00f3tam\u00eda<\/a><a href=\"https:\/\/iwell-guard.com\/is\/?page_id=168707\" class=\"iwg-tradition-badge\" tabindex=\"0\" data-tooltip=\"\u00c6\u00f0stu gu\u00f0ir \u00ed go\u00f0afr\u00e6\u00f0i, kosm\u00edskt yfirvald, sk\u00f6punar- e\u00f0a stj\u00f3rnendae\u00f0li.\">\u00c6\u00f0ri gu\u00f0d\u00f3mur<\/a><\/div>\t\t\t\t<\/div>\n\t\t\t\t<\/div>\n\t\t<div class=\"elementor-element elementor-element-3f74855 e-con-full e-flex e-con e-child\" data-id=\"3f74855\" data-element_type=\"container\" data-e-type=\"container\">\n\t\t\t\t<div class=\"elementor-element elementor-element-1c30362 elementor-toc--minimized-on-tablet elementor-widget elementor-widget-table-of-contents\" data-id=\"1c30362\" data-element_type=\"widget\" data-e-type=\"widget\" data-settings=\"{&quot;exclude_headings_by_selector&quot;:[],&quot;no_headings_message&quot;:&quot;Engar undirfyrirsagnir fundust \\u00e1 \\u00feessari s\\u00ed\\u00f0u.&quot;,&quot;headings_by_tags&quot;:[&quot;h2&quot;,&quot;h3&quot;],&quot;marker_view&quot;:&quot;bullets&quot;,&quot;minimize_box&quot;:&quot;yes&quot;,&quot;icon&quot;:{&quot;value&quot;:&quot;fas fa-circle&quot;,&quot;library&quot;:&quot;fa-solid&quot;,&quot;rendered_tag&quot;:&quot;&lt;svg class=\\&quot;e-font-icon-svg e-fas-circle\\&quot; viewBox=\\&quot;0 0 512 512\\&quot; xmlns=\\&quot;http:\\\/\\\/www.w3.org\\\/2000\\\/svg\\&quot;&gt;&lt;path d=\\&quot;M256 8C119 8 8 119 8 256s111 248 248 248 248-111 248-248S393 8 256 8z\\&quot;&gt;&lt;\\\/path&gt;&lt;\\\/svg&gt;&quot;},&quot;minimized_on&quot;:&quot;tablet&quot;,&quot;hierarchical_view&quot;:&quot;yes&quot;,&quot;min_height&quot;:{&quot;unit&quot;:&quot;px&quot;,&quot;size&quot;:&quot;&quot;,&quot;sizes&quot;:[]},&quot;min_height_tablet&quot;:{&quot;unit&quot;:&quot;px&quot;,&quot;size&quot;:&quot;&quot;,&quot;sizes&quot;:[]},&quot;min_height_mobile&quot;:{&quot;unit&quot;:&quot;px&quot;,&quot;size&quot;:&quot;&quot;,&quot;sizes&quot;:[]}}\" data-widget_type=\"table-of-contents.default\">\n\t\t\t\t\t\t\t\t\t<div class=\"elementor-toc__header\">\n\t\t\t\t\t\t<h2 class=\"elementor-toc__header-title\">\n\t\t\t\tEfnisyfirlit\t\t\t<\/h2>\n\t\t\t\t\t\t\t\t\t\t<div class=\"elementor-toc__toggle-button elementor-toc__toggle-button--expand\" role=\"button\" tabindex=\"0\" aria-controls=\"elementor-toc__1c30362\" aria-expanded=\"true\" aria-label=\"Open table of contents\"><svg aria-hidden=\"true\" class=\"e-font-icon-svg e-fas-chevron-down\" viewBox=\"0 0 448 512\" xmlns=\"http:\/\/www.w3.org\/2000\/svg\"><path d=\"M207.029 381.476L12.686 187.132c-9.373-9.373-9.373-24.569 0-33.941l22.667-22.667c9.357-9.357 24.522-9.375 33.901-.04L224 284.505l154.745-154.021c9.379-9.335 24.544-9.317 33.901.04l22.667 22.667c9.373 9.373 9.373 24.569 0 33.941L240.971 381.476c-9.373 9.372-24.569 9.372-33.942 0z\"><\/path><\/svg><\/div>\n\t\t\t\t<div class=\"elementor-toc__toggle-button elementor-toc__toggle-button--collapse\" role=\"button\" tabindex=\"0\" aria-controls=\"elementor-toc__1c30362\" aria-expanded=\"true\" aria-label=\"Close table of contents\"><svg aria-hidden=\"true\" class=\"e-font-icon-svg e-fas-chevron-up\" viewBox=\"0 0 448 512\" xmlns=\"http:\/\/www.w3.org\/2000\/svg\"><path d=\"M240.971 130.524l194.343 194.343c9.373 9.373 9.373 24.569 0 33.941l-22.667 22.667c-9.357 9.357-24.522 9.375-33.901.04L224 227.495 69.255 381.516c-9.379 9.335-24.544 9.317-33.901-.04l-22.667-22.667c-9.373-9.373-9.373-24.569 0-33.941L207.03 130.525c9.372-9.373 24.568-9.373 33.941-.001z\"><\/path><\/svg><\/div>\n\t\t\t\t\t<\/div>\n\t\t\t\t<div id=\"elementor-toc__1c30362\" class=\"elementor-toc__body\">\n\t\t\t<div class=\"elementor-toc__spinner-container\">\n\t\t\t\t<svg class=\"elementor-toc__spinner eicon-animation-spin e-font-icon-svg e-eicon-loading\" aria-hidden=\"true\" viewBox=\"0 0 1000 1000\" xmlns=\"http:\/\/www.w3.org\/2000\/svg\"><path d=\"M500 975V858C696 858 858 696 858 500S696 142 500 142 142 304 142 500H25C25 237 238 25 500 25S975 237 975 500 763 975 500 975Z\"><\/path><\/svg>\t\t\t<\/div>\n\t\t<\/div>\n\t\t\t\t\t\t<\/div>\n\t\t\t\t<\/div>\n\t\t\t\t\t<\/div>\n\t\t\t\t<\/div>\n\t\t<div class=\"elementor-element elementor-element-herorght0 e-con-full e-flex e-con e-child\" data-id=\"herorght0\" data-element_type=\"container\" data-e-type=\"container\">\n\t\t\t\t<div class=\"elementor-element elementor-element-heroimg00 iwg-hero-image elementor-widget elementor-widget-image\" data-id=\"heroimg00\" data-element_type=\"widget\" data-e-type=\"widget\" data-widget_type=\"image.default\">\n\t\t\t\t\t\t\t\t\t\t\t\t\t\t\t<img fetchpriority=\"high\" decoding=\"async\" width=\"683\" height=\"1024\" src=\"https:\/\/iwell-guard.com\/wp-content\/uploads\/2026\/04\/goetter_mesopotamien_anu-683x1024.webp\" class=\"attachment-large size-large wp-image-170947\" alt=\"Anu - Gu\u00f0ir \u00far mes\u00f3p\u00f3tam\u00edskri hef\u00f0, s\u00f6guleg og myndl\u00fdsandi\" srcset=\"https:\/\/iwell-guard.com\/wp-content\/uploads\/2026\/04\/goetter_mesopotamien_anu-683x1024.webp 683w, https:\/\/iwell-guard.com\/wp-content\/uploads\/2026\/04\/goetter_mesopotamien_anu-200x300.webp 200w, https:\/\/iwell-guard.com\/wp-content\/uploads\/2026\/04\/goetter_mesopotamien_anu-768x1152.webp 768w, https:\/\/iwell-guard.com\/wp-content\/uploads\/2026\/04\/goetter_mesopotamien_anu.webp 1024w\" sizes=\"(max-width: 683px) 100vw, 683px\" \/>\t\t\t\t\t\t\t\t\t\t\t\t\t\t\t<\/div>\n\t\t\t\t<\/div>\n\t\t\t\t\t<\/div>\n\t\t\t\t<\/div>\n\t\t<div class=\"elementor-element elementor-element-32917199 e-flex e-con-boxed e-con e-parent\" data-id=\"32917199\" data-element_type=\"container\" data-e-type=\"container\">\n\t\t\t\t\t<div class=\"e-con-inner\">\n\t\t<div class=\"elementor-element elementor-element-26e916cb e-flex e-con-boxed e-con e-child\" data-id=\"26e916cb\" data-element_type=\"container\" data-e-type=\"container\">\n\t\t\t\t\t<div class=\"e-con-inner\">\n\t\t<div class=\"elementor-element elementor-element-253a40d4 e-flex e-con-boxed e-con e-child\" data-id=\"253a40d4\" data-element_type=\"container\" data-e-type=\"container\">\n\t\t\t\t\t<div class=\"e-con-inner\">\n\t\t\t\t<div class=\"elementor-element elementor-element-1200c304 elementor-widget elementor-widget-heading\" data-id=\"1200c304\" data-element_type=\"widget\" data-e-type=\"widget\" data-widget_type=\"heading.default\">\n\t\t\t\t\t<div class=\"elementor-heading-title elementor-size-default\">Anu<\/div>\t\t\t\t<\/div>\n\t\t\t\t\t<\/div>\n\t\t\t\t<\/div>\n\t\t<div class=\"elementor-element elementor-element-159dcf9a e-flex e-con-boxed e-con e-child\" data-id=\"159dcf9a\" data-element_type=\"container\" data-e-type=\"container\">\n\t\t\t\t\t<div class=\"e-con-inner\">\n\t\t\t\t<div class=\"elementor-element elementor-element-48cee66f elementor-widget elementor-widget-heading\" data-id=\"48cee66f\" data-element_type=\"widget\" data-e-type=\"widget\" data-widget_type=\"heading.default\">\n\t\t\t\t\t<div class=\"elementor-heading-title elementor-size-default\">\u00cd yfirliti: Anu<\/div>\t\t\t\t<\/div>\n\t\t\t\t<div class=\"elementor-element elementor-element-3f50d82c elementor-widget elementor-widget-text-editor\" data-id=\"3f50d82c\" data-element_type=\"widget\" data-e-type=\"widget\" data-widget_type=\"text-editor.default\">\n\t\t\t\t\t\t\t\t\t<p><strong>Tegund:<\/strong> \u00c6\u00f0ri gu\u00f0d\u00f3mur, himnagu\u00f0<br><span class=\"iwg-fachbegriff\" data-tooltip=\"Heild gu\u00f0anna \u00ed tr\u00faarbr\u00f6g\u00f0um e\u00f0a menningu.\" tabindex=\"0\">Go\u00f0heimur<\/span>: Mes\u00f3p\u00f3tam\u00eda (S\u00famer, Akkad, Bab\u00fdlon, Ass\u00fdr\u00eda)<br>Hlutverk: Skapari og trygging kosm\u00edskrar reglu, fa\u00f0ir gu\u00f0anna, verndari \u00e6\u00f0sta valds<br>Helstu einkenni: K\u00f3r\u00f3na me\u00f0 hornum, veldissproti, himinst\u00ederinn, \u00f6rn<br><span class=\"iwg-fachbegriff\" data-tooltip=\"Heilagur sta\u00f0ur tileinka\u00f0ur tilbei\u00f0slu gu\u00f0s.\" tabindex=\"0\">Heil\u00f6g<\/span> tilbei\u00f0slusta\u00f0ir: Anu-Enlil-heilagt sv\u00e6\u00f0i \u00ed Uruk (Eanna), Assur, Nippur<br>S\u00famerskt nafn: An<\/p>\t\t\t\t\t\t\t\t<\/div>\n\t\t\t\t\t<\/div>\n\t\t\t\t<\/div>\n\t\t\t\t\t<\/div>\n\t\t\t\t<\/div>\n\t\t\t\t\t<\/div>\n\t\t\t\t<\/div>\n\t\t<div class=\"elementor-element elementor-element-18613602 e-flex e-con-boxed e-con e-parent\" data-id=\"18613602\" data-element_type=\"container\" data-e-type=\"container\">\n\t\t\t\t\t<div class=\"e-con-inner\">\n\t\t\t\t<div class=\"elementor-element elementor-element-262b8a9f elementor-widget elementor-widget-heading\" data-id=\"262b8a9f\" data-element_type=\"widget\" data-e-type=\"widget\" data-widget_type=\"heading.default\">\n\t\t\t\t\t<h2 class=\"elementor-heading-title elementor-size-default\">Yfirlit<\/h2>\t\t\t\t<\/div>\n\t\t<div class=\"elementor-element elementor-element-46dcb7d e-con-full e-flex e-con e-child\" data-id=\"46dcb7d\" data-element_type=\"container\" data-e-type=\"container\">\n\t\t<div class=\"elementor-element elementor-element-61d3ab3 e-flex e-con-boxed e-con e-child\" data-id=\"61d3ab3\" data-element_type=\"container\" data-e-type=\"container\">\n\t\t\t\t\t<div class=\"e-con-inner\">\n\t\t\t\t<div class=\"elementor-element elementor-element-117c166 elementor-widget elementor-widget-heading\" data-id=\"117c166\" data-element_type=\"widget\" data-e-type=\"widget\" data-widget_type=\"heading.default\">\n\t\t\t\t\t<div class=\"elementor-heading-title elementor-size-default\">T\u00edmabil textanna<\/div>\t\t\t\t<\/div>\n\t\t\t\t<div class=\"elementor-element elementor-element-73997a0 elementor-widget elementor-widget-text-editor\" data-id=\"73997a0\" data-element_type=\"widget\" data-e-type=\"widget\" data-widget_type=\"text-editor.default\">\n\t\t\t\t\t\t\t\t\t<p><span class=\"iwg-fachbegriff\" data-tooltip=\"Mi\u00f0lun \u00feekkingar og sagna kynsl\u00f3\u00f0 eftir kynsl\u00f3\u00f0.\" tabindex=\"0\">Munnm\u00e6lahef\u00f0in<\/span> um Anu spannar fr\u00e1 elstu s\u00famersku konungat\u00f6lum og hofatextum (u.\u00fe.b. 3. \u00e1r\u00fe\u00fasund f.Kr.) yfir akkad\u00edska, bab\u00fdlonska og ass\u00fdr\u00edska t\u00edmabili\u00f0 allt fram \u00e1 s\u00ed\u00f0hellenska t\u00edma.<\/p><p>Enuma Elish (u.\u00fe.b. 1200 f.Kr.) s\u00fdnir Anu \u00fear sem vald hans er \u00feegar teki\u00f0 af Marduk. Leirt\u00f6flur fr\u00e1 Nippur og Uruk sanna b\u00e6nir og f\u00f3rnalista til Anu um margar aldir.<\/p><h3>Go\u00f0afr\u00e6\u00f0ileg sta\u00f0setning<\/h3><p><em>Anu<\/em>, himnagu\u00f0 mes\u00f3p\u00f3tam\u00edskra tr\u00faarbrag\u00f0a, er einn af elstu og \u00e6\u00f0stu gu\u00f0um s\u00famersk-bab\u00fdlonsku go\u00f0afr\u00e6\u00f0arinnar. Nafn hans \u00fe\u00fd\u00f0ir b\u00f3kstaflega \u201ehiminn\u201c og hann t\u00e1knar hi\u00f0 alheimslega, \u00e6\u00f0stu meginreglu alheimsins.<\/p><p><em>Anu<\/em> er fa\u00f0ir allra gu\u00f0a og konunga, og upphaflega mynda\u00f0ist heimurinn \u00far l\u00edkama hans. \u00de\u00f3tt hann s\u00e9 talinn \u00e6\u00f0sti gu\u00f0 er <em>Anu<\/em> \u00feversagnarkennt s\u00ed\u00f0ur virkur \u00ed go\u00f0s\u00f6gunum, \u00fev\u00ed vald hans er svo yfirskilvitlegt a\u00f0 hann l\u00e6tur \u00f6\u00f0rum gu\u00f0um eftir a\u00f0 sj\u00e1 um kosm\u00edsk m\u00e1lefni.<\/p>\t\t\t\t\t\t\t\t<\/div>\n\t\t\t\t\t<\/div>\n\t\t\t\t<\/div>\n\t\t<div class=\"elementor-element elementor-element-d47b156 e-flex e-con-boxed e-con e-child\" data-id=\"d47b156\" data-element_type=\"container\" data-e-type=\"container\">\n\t\t\t\t\t<div class=\"e-con-inner\">\n\t\t\t\t<div class=\"elementor-element elementor-element-ff38c2b elementor-widget elementor-widget-heading\" data-id=\"ff38c2b\" data-element_type=\"widget\" data-e-type=\"widget\" data-widget_type=\"heading.default\">\n\t\t\t\t\t<div class=\"elementor-heading-title elementor-size-default\">\u00datbrei\u00f0slusv\u00e6\u00f0i<\/div>\t\t\t\t<\/div>\n\t\t\t\t<div class=\"elementor-element elementor-element-4e49fcc elementor-widget elementor-widget-text-editor\" data-id=\"4e49fcc\" data-element_type=\"widget\" data-e-type=\"widget\" data-widget_type=\"text-editor.default\">\n\t\t\t\t\t\t\t\t\t<p>Tilbe\u00f0inn um alla Mes\u00f3p\u00f3tam\u00edu, fr\u00e1 S\u00famer og Akkad yfir Bab\u00fdlon til ass\u00fdr\u00edska r\u00edkisins. Anu-Enlil-<span class=\"iwg-fachbegriff\" data-tooltip=\"Bygging tileinku\u00f0 tilbei\u00f0slu einnar e\u00f0a fleiri gu\u00f0a.\" tabindex=\"0\">hofi\u00f0<\/span> \u00ed Uruk (Eanna) var eitt af mikilv\u00e6gustu helgist\u00f6\u00f0um Mes\u00f3p\u00f3tam\u00edu. \u00c1hrif hans n\u00e1\u00f0u allt til het\u00edt\u00edskra og elam\u00edskra ja\u00f0arsv\u00e6\u00f0a, \u00fear sem hann var vi\u00f0urkenndur sem \u00e6\u00f0sta kosm\u00edska m\u00e1ttarvaldi\u00f0.<\/p>\t\t\t\t\t\t\t\t<\/div>\n\t\t\t\t\t<\/div>\n\t\t\t\t<\/div>\n\t\t\t\t<\/div>\n\t\t<div class=\"elementor-element elementor-element-db03c39 e-con-full e-flex e-con e-child\" data-id=\"db03c39\" data-element_type=\"container\" data-e-type=\"container\">\n\t\t<div class=\"elementor-element elementor-element-229a87b e-flex e-con-boxed e-con e-child\" data-id=\"229a87b\" data-element_type=\"container\" data-e-type=\"container\">\n\t\t\t\t\t<div class=\"e-con-inner\">\n\t\t\t\t<div class=\"elementor-element elementor-element-1f471fc elementor-widget elementor-widget-heading\" data-id=\"1f471fc\" data-element_type=\"widget\" data-e-type=\"widget\" data-widget_type=\"heading.default\">\n\t\t\t\t\t<div class=\"elementor-heading-title elementor-size-default\">Heimildasta\u00f0a<\/div>\t\t\t\t<\/div>\n\t\t\t\t<div class=\"elementor-element elementor-element-36b1201 elementor-widget elementor-widget-text-editor\" data-id=\"36b1201\" data-element_type=\"widget\" data-e-type=\"widget\" data-widget_type=\"text-editor.default\">\n\t\t\t\t\t\t\t\t\t<p>Kjarni <span class=\"iwg-fachbegriff\" data-tooltip=\"Mi\u00f0lun \u00feekkingar og sagna kynsl\u00f3\u00f0 eftir kynsl\u00f3\u00f0.\" tabindex=\"0\">munnm\u00e6lahef\u00f0arinnar<\/span> eru kosm\u00f3l\u00f3g\u00edsku s\u00f6gulj\u00f3\u00f0in. Enuma Elish s\u00fdnir valdaflutning fr\u00e1 eldri himnagu\u00f0inum Anu til Marduk. Atrachasis-kvi\u00f0an og Gilgamesh-kvi\u00f0an nefna Anu sem skilyr\u00f0islaust \u00e6\u00f0sta valdi\u00f0. \u00dear vi\u00f0 b\u00e6tast \u00fe\u00fasundir leirtaflna \u00far hofas\u00f6fnum me\u00f0 s\u00e1lmum, galdraform\u00falum og samningum sem ger\u00f0ir voru undir vernd Anu.<\/p>\t\t\t\t\t\t\t\t<\/div>\n\t\t\t\t\t<\/div>\n\t\t\t\t<\/div>\n\t\t\t\t<\/div>\n\t\t\t\t\t<\/div>\n\t\t\t\t<\/div>\n\t\t<div class=\"elementor-element elementor-element-3ae0637c e-flex e-con-boxed e-con e-parent\" data-id=\"3ae0637c\" data-element_type=\"container\" data-e-type=\"container\">\n\t\t\t\t\t<div class=\"e-con-inner\">\n\t\t\t\t<div class=\"elementor-element elementor-element-31d07739 elementor-widget elementor-widget-heading\" data-id=\"31d07739\" data-element_type=\"widget\" data-e-type=\"widget\" data-widget_type=\"heading.default\">\n\t\t\t\t\t<h2 class=\"elementor-heading-title elementor-size-default\">Nafn og afbrig\u00f0i<\/h2>\t\t\t\t<\/div>\n\t\t<div class=\"elementor-element elementor-element-b7642947 e-con-full e-flex e-con e-child\" data-id=\"b7642947\" data-element_type=\"container\" data-e-type=\"container\">\n\t\t\t\t<div class=\"elementor-element elementor-element-a086266 elementor-widget elementor-widget-text-editor\" data-id=\"a086266\" data-element_type=\"widget\" data-e-type=\"widget\" data-widget_type=\"text-editor.default\">\n\t\t\t\t\t\t\t\t\t<p><strong>S\u00famerska:<\/strong> An (\ud808\udc2d), eitt af elstu gu\u00f0an\u00f6fnum \u00ed rita\u00f0ri hef\u00f0, tengt beint s\u00famerska or\u00f0inu fyrir \u201ehiminn\u201c. Akkad\u00edska: Anu, akkad\u00edsk mynd hins s\u00famerska An, r\u00edkjandi \u00ed Bab\u00fdlon\u00edu og Ass\u00fdr\u00edu.<\/p><p>Aukan\u00f6fn: <em>Anum<\/em> (lat\u00ednuformi \u00ed fornum heimildum), <em>Abu Ilani<\/em> (fa\u00f0ir gu\u00f0anna), <em>Kal-u-sa-ag<\/em> (s\u00e1 sem or\u00f0 hans er sannleikur), Herra himnanna. Hlutverk \u00ed \u00ferenningunni: Anu, Enlil og Ea, \u00fer\u00edr \u00e6\u00f0stu gu\u00f0ir Mes\u00f3p\u00f3tam\u00edu, me\u00f0 Anu \u00ed broddi fylkingar. R\u00f3mverskt hli\u00f0st\u00e6\u00f0a: Caelum (himininn pers\u00f3nuger\u00f0ur), ekki beint J\u00fap\u00edter eins og Seifur.<\/p>\t\t\t\t\t\t\t\t<\/div>\n\t\t\t\t<\/div>\n\t\t\t\t\t<\/div>\n\t\t\t\t<\/div>\n\t\t<div class=\"elementor-element elementor-element-709a44a8 e-flex e-con-boxed e-con e-parent\" data-id=\"709a44a8\" data-element_type=\"container\" data-e-type=\"container\">\n\t\t\t\t\t<div class=\"e-con-inner\">\n\t\t\t\t<div class=\"elementor-element elementor-element-2f585873 elementor-widget elementor-widget-heading\" data-id=\"2f585873\" data-element_type=\"widget\" data-e-type=\"widget\" data-widget_type=\"heading.default\">\n\t\t\t\t\t<h2 class=\"elementor-heading-title elementor-size-default\">Einkenni<\/h2>\t\t\t\t<\/div>\n\t\t<div class=\"elementor-element elementor-element-70621c12 e-con-full e-flex e-con e-child\" data-id=\"70621c12\" data-element_type=\"container\" data-e-type=\"container\">\n\t\t\t\t<div class=\"elementor-element elementor-element-4296eb49 elementor-widget elementor-widget-text-editor\" data-id=\"4296eb49\" data-element_type=\"widget\" data-e-type=\"widget\" data-widget_type=\"text-editor.default\">\n\t\t\t\t\t\t\t\t\t<p class=\"iwg-h3-demoted\"><strong>\u00c1s\u00fdnd<\/strong><\/p><p>Anu er sjaldan s\u00fdndur \u00e1 manns mynd \u00ed mes\u00f3p\u00f3tam\u00edskri list, \u00feess \u00ed sta\u00f0 t\u00e1kna hornakr\u00f3nan og himinninn sj\u00e1lfur hann. \u00deegar hann er s\u00fdndur l\u00edkamlega birtist hann sem tiginn, upphafinn ma\u00f0ur \u00ed h\u00e1s\u00e6ti, me\u00f0 veldissprota og staf \u00ed hendi.<\/p><p>Himinst\u00ederinn og \u00f6rninn eru hin helgu d\u00fdr hans. K\u00f3r\u00f3na hans hefur fj\u00f6gur e\u00f0a fleiri horn, t\u00e1kn \u00e6\u00f0stu gu\u00f0d\u00f3mleika \u00ed hinu mes\u00f3p\u00f3tam\u00edska helgimyndakerfi.<\/p><p class=\"iwg-h3-demoted\"><strong>E\u00f0li og \u00e1hrif<\/strong><\/p><p>Anu er ekki skapari heimsins \u00ed kristnum skilningi, heldur fulltr\u00fai kosm\u00edsku reglunnar og himnesku stigveldisins. Hann er yfirskilvitlegur, fjarri veraldlegum m\u00e1lefnum. \u00c1kvar\u00f0anir hans eru \u00f3breytanlegar og ekki \u00e1fr\u00fdjanlegar.<\/p><p>\u00cd kv\u00e6\u00f0unum er hann oft r\u00e1\u00f0f\u00e6r\u00f0ur, en sjaldan gr\u00edpur hann sj\u00e1lfur til a\u00f0ger\u00f0a, \u00fev\u00ed verkefni felur hann undirsettum gu\u00f0um svo sem Enlil (stormi og \u00f6rl\u00f6gum) e\u00f0a Marduk (reglu og konungd\u00f3mi). Fjarl\u00e6g\u00f0 hans er styrkur hans: Anu er \u00f3snortinn af \u00e1t\u00f6kum manna og gu\u00f0a sem sundra <span class=\"iwg-fachbegriff\" data-tooltip=\"Heild gu\u00f0anna \u00ed tr\u00faarbr\u00f6g\u00f0um e\u00f0a menningu.\" tabindex=\"0\">go\u00f0heiminum<\/span>.<\/p><h3>\u00c1s\u00fdnd og t\u00e1knm\u00e1l<\/h3><p><em>Anu<\/em> er sjaldan s\u00fdndur \u00e1 manns mynd, heldur oftar me\u00f0 t\u00e1knum eins og himinhvelfingunni e\u00f0a sk\u00ednandi stj\u00f6rnu. \u00deegar hann er pers\u00f3nuger\u00f0ur birtist hann sem upphafin karlmannsvera me\u00f0 k\u00f3r\u00f3nu \u00far stj\u00f6rnum e\u00f0a me\u00f0 himneskum einkennum.<\/p><p>A\u00f0al<span class=\"iwg-fachbegriff\" data-tooltip=\"Merki sem t\u00e1knar hugmynd e\u00f0a merkingu.\" tabindex=\"0\">t\u00e1kn<\/span> hans er himinhvelfingin sj\u00e1lf. Nauti\u00f0 er heilagt d\u00fdr hans, \u00fev\u00ed styrkur og st\u00f6\u00f0ugleiki nautsins endurspegla kosm\u00edska grundv\u00f6llinn. Litur <em>Anu<\/em> er dj\u00fapbl\u00e1r litur sk\u00fdja himins.<\/p>\t\t\t\t\t\t\t\t<\/div>\n\t\t\t\t<\/div>\n\t\t\t\t\t<\/div>\n\t\t\t\t<\/div>\n\t\t<div class=\"elementor-element elementor-element-44e71476 e-flex e-con-boxed e-con e-parent\" data-id=\"44e71476\" data-element_type=\"container\" data-e-type=\"container\">\n\t\t\t\t\t<div class=\"e-con-inner\">\n\t\t\t\t<div class=\"elementor-element elementor-element-3c1fc3f0 elementor-widget elementor-widget-heading\" data-id=\"3c1fc3f0\" data-element_type=\"widget\" data-e-type=\"widget\" data-widget_type=\"heading.default\">\n\t\t\t\t\t<div class=\"elementor-heading-title elementor-size-default\">Yfirlit: Anu<\/div>\t\t\t\t<\/div>\n\t\t<div class=\"elementor-element elementor-element-84f33b8e e-con-full e-flex e-con e-child\" data-id=\"84f33b8e\" data-element_type=\"container\" data-e-type=\"container\">\n\t\t\t\t<div class=\"elementor-element elementor-element-hqkdc67p elementor-widget elementor-widget-text-editor\" data-id=\"hqkdc67p\" data-element_type=\"widget\" data-e-type=\"widget\" data-widget_type=\"text-editor.default\">\n\t\t\t\t\t\t\t\t\t<p>Mikilv\u00e6gustu \u00fe\u00e6ttir Anu \u00ed hnotskurn. Taflan dregur saman uppruna, hlutverk, \u00e1s\u00fdnd, tilbei\u00f0slu, t\u00e1kn og hli\u00f0st\u00e6\u00f0ur.<\/p>\t\t\t\t\t\t\t\t<\/div>\n\t\t\t\t<\/div>\n\t\t<div class=\"elementor-element elementor-element-pemmx7c5 e-con-full e-flex e-con e-child\" data-id=\"pemmx7c5\" data-element_type=\"container\" data-e-type=\"container\">\n\t\t<div class=\"elementor-element elementor-element-pemmx7c1 e-con-full e-flex e-con e-child\" data-id=\"pemmx7c1\" data-element_type=\"container\" data-e-type=\"container\">\n\t\t<div class=\"elementor-element elementor-element-qh9oavvu iwg-steckbrief-card e-flex e-con-boxed e-con e-child\" data-id=\"qh9oavvu\" data-element_type=\"container\" data-e-type=\"container\">\n\t\t\t\t\t<div class=\"e-con-inner\">\n\t\t\t\t<div class=\"elementor-element elementor-element-awzx8k2k elementor-widget elementor-widget-heading\" data-id=\"awzx8k2k\" data-element_type=\"widget\" data-e-type=\"widget\" data-widget_type=\"heading.default\">\n\t\t\t\t\t<div class=\"elementor-heading-title elementor-size-default\">Uppruni Anu<\/div>\t\t\t\t<\/div>\n\t\t\t\t<div class=\"elementor-element elementor-element-x6rowhv0 elementor-widget elementor-widget-text-editor\" data-id=\"x6rowhv0\" data-element_type=\"widget\" data-e-type=\"widget\" data-widget_type=\"text-editor.default\">\n\t\t\t\t\t\t\t\t\t<p>Upphaf mes\u00f3p\u00f3tam\u00edsku heimsmyndarinnar, ekki getinn heldur sj\u00e1lfur himininn \u00ed frumtilvist. \u00dar honum e\u00f0a vi\u00f0 hli\u00f0 hans myndast Enlil (loft\/stormur), Ea\/Enki (vatn\/viska) og fleiri gu\u00f0ir. Gu\u00f0 allra gu\u00f0a, \u00e1n fyrirrennara.<\/p>\t\t\t\t\t\t\t\t<\/div>\n\t\t\t\t\t<\/div>\n\t\t\t\t<\/div>\n\t\t<div class=\"elementor-element elementor-element-8e3o4kxs iwg-steckbrief-card e-flex e-con-boxed e-con e-child\" data-id=\"8e3o4kxs\" data-element_type=\"container\" data-e-type=\"container\">\n\t\t\t\t\t<div class=\"e-con-inner\">\n\t\t\t\t<div class=\"elementor-element elementor-element-08rkdgov elementor-widget elementor-widget-heading\" data-id=\"08rkdgov\" data-element_type=\"widget\" data-e-type=\"widget\" data-widget_type=\"heading.default\">\n\t\t\t\t\t<div class=\"elementor-heading-title elementor-size-default\">Hlutverk Anu<\/div>\t\t\t\t<\/div>\n\t\t\t\t<div class=\"elementor-element elementor-element-uwjelx8s elementor-widget elementor-widget-text-editor\" data-id=\"uwjelx8s\" data-element_type=\"widget\" data-e-type=\"widget\" data-widget_type=\"text-editor.default\">\n\t\t\t\t\t\t\t\t\t<p>\u00c6\u00f0sta himneska yfirvaldi\u00f0 og verndari heimsskipulagsins. Fa\u00f0ir allra gu\u00f0a \u00ed lagalegum og stigveldislegum skilningi. Sam\u00feykki hans er nau\u00f0synlegt fyrir hverja meirih\u00e1ttar gu\u00f0lega ath\u00f6fn; or\u00f0 hans er \u00f3hagganlegt. \u00cd daglegu l\u00edfi er hann fjarl\u00e6gari, en vald hans er \u00e1kalla\u00f0 \u00ed samningum, ei\u00f0avottun og vi\u00f0 tilnefningu heims\u00e1ts refsinga.<\/p>\t\t\t\t\t\t\t\t<\/div>\n\t\t\t\t\t<\/div>\n\t\t\t\t<\/div>\n\t\t<div class=\"elementor-element elementor-element-jm2n74ec iwg-steckbrief-card e-flex e-con-boxed e-con e-child\" data-id=\"jm2n74ec\" data-element_type=\"container\" data-e-type=\"container\">\n\t\t\t\t\t<div class=\"e-con-inner\">\n\t\t\t\t<div class=\"elementor-element elementor-element-8vufse4c elementor-widget elementor-widget-heading\" data-id=\"8vufse4c\" data-element_type=\"widget\" data-e-type=\"widget\" data-widget_type=\"heading.default\">\n\t\t\t\t\t<div class=\"elementor-heading-title elementor-size-default\">Framsetning<\/div>\t\t\t\t<\/div>\n\t\t\t\t<div class=\"elementor-element elementor-element-mwb9u015 elementor-widget elementor-widget-text-editor\" data-id=\"mwb9u015\" data-element_type=\"widget\" data-e-type=\"widget\" data-widget_type=\"text-editor.default\">\n\t\t\t\t\t\t\t\t\t<p>R\u00e1\u00f0gjarn, r\u00f3legur ma\u00f0ur \u00e1 h\u00e1s\u00e6ti, e\u00f0a sem \u00edmynd himinsins sj\u00e1lfs. Hornak\u00f3r\u00f3na, veldissproti, bl\u00e1r e\u00f0a stj\u00f6rnupr\u00fdddur kl\u00e6\u00f0na\u00f0ur. Himintaurinn og \u00f6rn fylgja honum. Hann er sjaldnar s\u00fdndur me\u00f0 mannlegum svip en a\u00f0rir gu\u00f0ir, meira kosm\u00edsk m\u00e1ttarveran en pers\u00f3nuleiki.<\/p>\t\t\t\t\t\t\t\t<\/div>\n\t\t\t\t\t<\/div>\n\t\t\t\t<\/div>\n\t\t\t\t<\/div>\n\t\t<div class=\"elementor-element elementor-element-pemmx7c2 e-con-full e-flex e-con e-child\" data-id=\"pemmx7c2\" data-element_type=\"container\" data-e-type=\"container\">\n\t\t<div class=\"elementor-element elementor-element-37ss2yr6 iwg-steckbrief-card e-flex e-con-boxed e-con e-child\" data-id=\"37ss2yr6\" data-element_type=\"container\" data-e-type=\"container\">\n\t\t\t\t\t<div class=\"e-con-inner\">\n\t\t\t\t<div class=\"elementor-element elementor-element-3v0wp3wx elementor-widget elementor-widget-heading\" data-id=\"3v0wp3wx\" data-element_type=\"widget\" data-e-type=\"widget\" data-widget_type=\"heading.default\">\n\t\t\t\t\t<h2 class=\"elementor-heading-title elementor-size-default\">D\u00fdrkun Anu<\/h2>\t\t\t\t<\/div>\n\t\t\t\t<div class=\"elementor-element elementor-element-w3247g2m elementor-widget elementor-widget-text-editor\" data-id=\"w3247g2m\" data-element_type=\"widget\" data-e-type=\"widget\" data-widget_type=\"text-editor.default\">\n\t\t\t\t\t\t\t\t\t<p>Helstu d\u00fdrkunarsta\u00f0ir: Anu-Enlil-<span class=\"iwg-fachbegriff\" data-tooltip=\"Heilagur sta\u00f0ur sem er tileinka\u00f0ur d\u00fdrkun gu\u00f0s.\" tabindex=\"0\">helgid\u00f3murinn<\/span> \u00ed Uruk (Eanna), Assur, Nippur. Hann var ekki d\u00fdrka\u00f0ur fyrir pers\u00f3nuleg m\u00e1lefni, heldur fyrir st\u00f6\u00f0ugleika heimsins. <span class=\"iwg-fachbegriff\" data-tooltip=\"Gj\u00f6f til gu\u00f0s til a\u00f0 tj\u00e1 \u00feakkl\u00e6ti, b\u00e6n e\u00f0a lotningu.\" tabindex=\"0\">F\u00f3rnir<\/span> voru fyrst og fremst f\u00e6r\u00f0ar vi\u00f0 r\u00edkisathafnir og samningager\u00f0, \u00fear sem nafn hans var trygging fyrir bindandi gildi. H\u00e1t\u00ed\u00f0ir og skr\u00fa\u00f0g\u00f6ngur \u00e1 n\u00fd\u00e1rsh\u00e1t\u00ed\u00f0inni, \u00fear sem Anu og Enlil voru \u00e1kalla\u00f0ir h\u00e1t\u00ed\u00f0lega.<\/p>\t\t\t\t\t\t\t\t<\/div>\n\t\t\t\t\t<\/div>\n\t\t\t\t<\/div>\n\t\t<div class=\"elementor-element elementor-element-0qpjal9w iwg-steckbrief-card e-flex e-con-boxed e-con e-child\" data-id=\"0qpjal9w\" data-element_type=\"container\" data-e-type=\"container\">\n\t\t\t\t\t<div class=\"e-con-inner\">\n\t\t\t\t<div class=\"elementor-element elementor-element-6ndoih0o elementor-widget elementor-widget-heading\" data-id=\"6ndoih0o\" data-element_type=\"widget\" data-e-type=\"widget\" data-widget_type=\"heading.default\">\n\t\t\t\t\t<h2 class=\"elementor-heading-title elementor-size-default\">T\u00e1kn Anu<\/h2>\t\t\t\t<\/div>\n\t\t\t\t<div class=\"elementor-element elementor-element-6684tyh9 elementor-widget elementor-widget-text-editor\" data-id=\"6684tyh9\" data-element_type=\"widget\" data-e-type=\"widget\" data-widget_type=\"text-editor.default\">\n\t\t\t\t\t\t\t\t\t<p>Hornak\u00f3r\u00f3na (k\u00f3r\u00f3na me\u00f0 fj\u00f3rum e\u00f0a fleiri hornum), himintaurinn (s\u00ed\u00f0ar bardagi vi\u00f0 T\u00edamat \u00ed Enuma Elish), \u00f6rn, veldissproti, sproti reglunnar. Eterna-spjaldi\u00f0, hin himneska rittafla \u00fear sem \u00f6rl\u00f6gin eru skr\u00e1\u00f0.<\/p>\t\t\t\t\t\t\t\t<\/div>\n\t\t\t\t\t<\/div>\n\t\t\t\t<\/div>\n\t\t<div class=\"elementor-element elementor-element-3lfi7x32 iwg-steckbrief-card e-flex e-con-boxed e-con e-child\" data-id=\"3lfi7x32\" data-element_type=\"container\" data-e-type=\"container\">\n\t\t\t\t\t<div class=\"e-con-inner\">\n\t\t\t\t<div class=\"elementor-element elementor-element-0kg99ga1 elementor-widget elementor-widget-heading\" data-id=\"0kg99ga1\" data-element_type=\"widget\" data-e-type=\"widget\" data-widget_type=\"heading.default\">\n\t\t\t\t\t<div class=\"elementor-heading-title elementor-size-default\">Hli\u00f0st\u00e6\u00f0ur<\/div>\t\t\t\t<\/div>\n\t\t\t\t<div class=\"elementor-element elementor-element-n0fum6kp elementor-widget elementor-widget-text-editor\" data-id=\"n0fum6kp\" data-element_type=\"widget\" data-e-type=\"widget\" data-widget_type=\"text-editor.default\">\n\t\t\t\t\t\t\t\t\t<p>Seifur (Grikkland) sem hli\u00f0st\u00e6\u00f0a \u00e1 svi\u00f0i h\u00e1gu\u00f0d\u00f3ms. Dyaus Pita (v\u00e9da-Indland) sem hli\u00f0st\u00e6\u00f0a himnaf\u00f6\u00f0urins. El (Levant) sem forn\u00f6ldud\u00e6mi h\u00e1go\u00f0s. <span class=\"iwg-fachbegriff\" tabindex=\"0\" data-tooltip=\"\u00cd hind\u00faisma hi\u00f0 algera, formlausa, eiginleikalausa vera; \u00ed upanishadunum grundv\u00f6llur allra birtingarmynda.\">Brahman<\/span>\/Brahma (hind\u00faismi) sem upprunalega himnaf\u00f6\u00f0urregla. Tengri (tyrkneskt-mong\u00f3lskt) sem mi\u00f0as\u00edskur himingu\u00f0. F\u00e1 or\u00f0sifjafr\u00e6\u00f0ileg tengsl (Anu er ekki ind\u00f3evr\u00f3pskur), en oft samsvarandi \u00ed hlutverki.<\/p>\t\t\t\t\t\t\t\t<\/div>\n\t\t\t\t\t<\/div>\n\t\t\t\t<\/div>\n\t\t\t\t<\/div>\n\t\t\t\t<\/div>\n\t\t\t\t\t<\/div>\n\t\t\t\t<\/div>\n\t\t<div class=\"elementor-element elementor-element-7533bc7a e-flex e-con-boxed e-con e-parent\" data-id=\"7533bc7a\" data-element_type=\"container\" data-e-type=\"container\">\n\t\t\t\t\t<div class=\"e-con-inner\">\n\t\t\t\t<div class=\"elementor-element elementor-element-2447d18d elementor-widget elementor-widget-heading\" data-id=\"2447d18d\" data-element_type=\"widget\" data-e-type=\"widget\" data-widget_type=\"heading.default\">\n\t\t\t\t\t<h2 class=\"elementor-heading-title elementor-size-default\">D\u00fdrkun \u00ed daglegu l\u00edfi<\/h2>\t\t\t\t<\/div>\n\t\t<div class=\"elementor-element elementor-element-d5d0260c e-con-full e-flex e-con e-child\" data-id=\"d5d0260c\" data-element_type=\"container\" data-e-type=\"container\">\n\t\t\t\t<div class=\"elementor-element elementor-element-341be2ac elementor-widget elementor-widget-text-editor\" data-id=\"341be2ac\" data-element_type=\"widget\" data-e-type=\"widget\" data-widget_type=\"text-editor.default\">\n\t\t\t\t\t\t\t\t\t<p>Anu var \u00e1 s\u00e9rstakan h\u00e1tt gu\u00f0 opinbers l\u00edfs og r\u00e9ttar, ekki pers\u00f3nulegrar d\u00fdrkunar. Almenningur \u00e1kalla\u00f0i fremur Shamash (r\u00e9ttl\u00e6ti), Ishtar (\u00e1st og str\u00ed\u00f0) e\u00f0a sta\u00f0bundna verndargu\u00f0i. En \u00e1 \u00feremur svi\u00f0um var nafn Anu mi\u00f0l\u00e6gt:<\/p><p>\u00cd <strong>samningar\u00e9tti<\/strong> \u00e1kalla\u00f0i hver bab\u00fdlonskur e\u00f0a ass\u00fdr\u00edskur samningur Anu sem \u00e6\u00f0sta vottor\u00f0shafa. Nafn hans st\u00f3\u00f0 efst \u00e1 stein\u00e1letrunum; <span class=\"iwg-fachbegriff\" data-tooltip=\"M\u00e1lform\u00fala sem er \u00e6tla\u00f0 a\u00f0 valda \u00f3g\u00e6fu einstaklings e\u00f0a hlutar.\" tabindex=\"0\">b\u00f6lvun<\/span> hans vofa\u00f0i yfir \u00feeim sem sviku samninga.<\/p><p>\u00cd kosm\u00edsku <span class=\"iwg-fachbegriff\" data-tooltip=\"Skipul\u00f6g\u00f0 r\u00f6\u00f0 t\u00e1knger\u00f0ra athafna me\u00f0 tr\u00faarlegri e\u00f0a menningarlegri merkingu.\" tabindex=\"0\">helgisi\u00f0i<\/span> voru Anu og Enlil formlega \u00e1kalla\u00f0ir \u00e1 n\u00fd\u00e1rsh\u00e1t\u00ed\u00f0unum til a\u00f0 sta\u00f0festa heimsskipulagi\u00f0 fyrir komandi \u00e1r. Prestar sungu lofs\u00f6ngva um \u00f3breytanlegt vald hans.<\/p><p>\u00cd r\u00edkisf\u00f3rnum, vi\u00f0 herna\u00f0ara\u00f0ger\u00f0ir, kr\u00fdningar e\u00f0a hall\u00e6ri, f\u00f3rnu\u00f0u konungar til Anu til a\u00f0 tryggja stu\u00f0ning hans vi\u00f0 v\u00f6ld s\u00edn. \u00deetta snerist ekki um pers\u00f3nulega lausn, heldur um l\u00f6gm\u00e6ti r\u00edkisvaldsins.<\/p>\t\t\t\t\t\t\t\t<\/div>\n\t\t\t\t<\/div>\n\t\t\t\t\t<\/div>\n\t\t\t\t<\/div>\n\t\t<div class=\"elementor-element elementor-element-5a584676 e-flex e-con-boxed e-con e-parent\" data-id=\"5a584676\" data-element_type=\"container\" data-e-type=\"container\">\n\t\t\t\t\t<div class=\"e-con-inner\">\n\t\t\t\t<div class=\"elementor-element elementor-element-6d0757bf elementor-widget elementor-widget-heading\" data-id=\"6d0757bf\" data-element_type=\"widget\" data-e-type=\"widget\" data-widget_type=\"heading.default\">\n\t\t\t\t\t<h2 class=\"elementor-heading-title elementor-size-default\">Anu, hli\u00f0st\u00e6\u00f0ur \u00ed \u00f6\u00f0rum menningarheimum<\/h2>\t\t\t\t<\/div>\n\t\t<div class=\"elementor-element elementor-element-60563f68 e-con-full e-flex e-con e-child\" data-id=\"60563f68\" data-element_type=\"container\" data-e-type=\"container\">\n\t\t\t\t<div class=\"elementor-element elementor-element-5a93fdd6 elementor-widget elementor-widget-text-editor\" data-id=\"5a93fdd6\" data-element_type=\"widget\" data-e-type=\"widget\" data-widget_type=\"text-editor.default\">\n\t\t\t\t\t\t\t\t\t<p class=\"iwg-h3-demoted\"><strong>Gr\u00edsk hef\u00f0<\/strong><\/p><p>Seifur er samb\u00e6rilegur a\u00f0 hlutverki sem h\u00e1gu\u00f0 og verndari heimsskipulagsins. B\u00e1\u00f0ir eru fjarl\u00e6gir, tignarlegir himingu\u00f0ir me\u00f0 \u00f3sko\u00f0a\u00f0 vald. Seifur er \u00fe\u00f3 athafnasamari og pers\u00f3nulegri; Anu er kaldari og fjarl\u00e6gari.<\/p><p class=\"iwg-h3-demoted\"><strong>V\u00e9da- og hind\u00faahef\u00f0<\/strong><\/p><p>Dyaus Pita (\u201ehimnafa\u00f0irinn\u201c) og s\u00ed\u00f0ar Brahman gegna hlutverki upprunalegs h\u00e1gu\u00f0s. Eins og Anu er Dyaus s\u00ed\u00f0ar leystur af h\u00f3lmi af yngri og virkari Indra. Brahman og Brahma deila hlutverki Anu sem upphafsma\u00f0ur og kyrrt skipulagsreglan.<\/p><p class=\"iwg-h3-demoted\"><strong>Sem\u00edsk hef\u00f0 (Levant)<\/strong><\/p><p>El er \u00e6\u00f0sti gu\u00f0 \u00ed \u00fagar\u00edt\u00edskum og f\u00f6nik\u00edskum tr\u00faarbr\u00f6g\u00f0um, elsti, \u00fe\u00f6gnasti og fjarl\u00e6gasti <span class=\"iwg-fachbegriff\" data-tooltip=\"Vera sem er d\u00fdrku\u00f0 sem gu\u00f0leg innan tr\u00faarbrag\u00f0a.\" tabindex=\"0\">gu\u00f0d\u00f3murinn<\/span>, l\u00edkt og Anu. Baal tekur s\u00ed\u00f0ar vi\u00f0 virkari hlutverkum, eins og Marduk gerir gagnvart Anu.<\/p><p class=\"iwg-h3-demoted\"><strong>Mi\u00f0-as\u00edsk hef\u00f0<\/strong><\/p><p>Tengri (tyrkneskt-mong\u00f3lskt) er pers\u00f3nuger\u00f0ur himingu\u00f0 me\u00f0 svipa\u00f0a yfirskilvitlega st\u00f6\u00f0u. B\u00e1\u00f0ir eru kosm\u00edskir skipulagskraftar, taka sjaldan pers\u00f3nulega \u00fe\u00e1tt, en eru afdr\u00e1ttarlaust valdamiklir.<\/p>\t\t\t\t\t\t\t\t<\/div>\n\t\t\t\t<\/div>\n\t\t\t\t\t<\/div>\n\t\t\t\t<\/div>\n\t\t<div class=\"elementor-element elementor-element-cp05c169d e-flex e-con-boxed e-con e-parent\" data-id=\"cp05c169d\" data-element_type=\"container\" data-e-type=\"container\">\n\t\t\t\t\t<div class=\"e-con-inner\">\n\t\t\t\t<div class=\"elementor-element elementor-element-cpc587885 elementor-widget elementor-widget-heading\" data-id=\"cpc587885\" data-element_type=\"widget\" data-e-type=\"widget\" data-widget_type=\"heading.default\">\n\t\t\t\t\t<h2 class=\"elementor-heading-title elementor-size-default\">Anu \u00ed go\u00f0aveldinu og hugtaki\u00f0 um Anu-tign<\/h2>\t\t\t\t<\/div>\n\t\t<div class=\"elementor-element elementor-element-cp47caa74 e-con-full e-flex e-con e-child\" data-id=\"cp47caa74\" data-element_type=\"container\" data-e-type=\"container\">\n\t\t\t\t<div class=\"elementor-element elementor-element-cp44af576 elementor-widget elementor-widget-text-editor\" data-id=\"cp44af576\" data-element_type=\"widget\" data-e-type=\"widget\" data-widget_type=\"text-editor.default\">\n\t\t\t\t\t\t\t\t\t<p>Anu, \u00e1 s\u00famersku An, stendur \u00e1 toppi mes\u00f3p\u00f3tam\u00edska go\u00f0aheimsins. Nafn hans er einnig hi\u00f0 venjulega or\u00f0 fyrir himinn; gu\u00f0inn og himinhvelfingin sem hann t\u00e1knar eru tungum\u00e1lalega \u00f3a\u00f0skiljanleg. Anu er talinn fa\u00f0ir gu\u00f0anna og upphafsma\u00f0ur \u00e6\u00f0sta valds.<\/p><p>Einkennandi fyrir Anu er \u00fe\u00f3 a\u00f0 hann kemur sjaldan beint fram \u00ed go\u00f0s\u00f6gunum. Hann h\u00e1s\u00e6tir \u00ed efsta himni, og vald hans birtist fyrst og fremst \u00ed \u00fev\u00ed a\u00f0 hann veitir vald og sta\u00f0festir \u00e1kvar\u00f0anir.<\/p><p>Mes\u00f3p\u00f3tam\u00edsku textarnir kenna hugtaki\u00f0 Anu-tign, <em>anutu<\/em>, sem inntak \u00e6\u00f0sta konungsvalds sem m\u00e1 veita gu\u00f0i. \u00deegar annar gu\u00f0 r\u00eds til yfirr\u00e1\u00f0a, eins og Marduk \u00ed bab\u00fdlonska sk\u00f6punarkvi\u00f0unni <em>Enuma Elisch<\/em>, gerist \u00fea\u00f0 me\u00f0 \u00fev\u00ed a\u00f0 honum er veitt Anu-tignin.<\/p><p>\u00deessi sta\u00f0a gerir Anu a\u00f0 hv\u00edldri, nokku\u00f0 \u00f3virkri toppf\u00edg\u00faru. <span class=\"iwg-fachbegriff\" data-tooltip=\"V\u00edsindin sem rannsaka tr\u00faarbr\u00f6g\u00f0 samanbur\u00f0arlega og \u00e1n tr\u00faarlegrar bindingar.\" tabindex=\"0\">Tr\u00faarbrag\u00f0afr\u00e6\u00f0in<\/span> hefur bori\u00f0 hann saman vi\u00f0 ger\u00f0 <em>deus otiosus<\/em>, hins i\u00f0julausa gu\u00f0s, sem stendur a\u00f0 v\u00edsu efst en l\u00e6tur \u00f6\u00f0rum eftir hi\u00f0 eiginlega gang heimsins.<\/p><p>A\u00f0rir fr\u00e6\u00f0imenn benda \u00e1 a\u00f0 a\u00f0hald Anu s\u00e9 ekki merki um minnkandi v\u00e6gi, heldur tj\u00e1ning tignar sem stendur ofar beinum afskiptum. Vilji hans er talinn \u00f3hagganlegur, og \u00e1kvar\u00f0anir sem Anu hefur sta\u00f0fest eru endanlegar.<\/p>\t\t\t\t\t\t\t\t<\/div>\n\t\t\t\t<\/div>\n\t\t\t\t\t<\/div>\n\t\t\t\t<\/div>\n\t\t<div class=\"elementor-element elementor-element-cp7ff74ce e-flex e-con-boxed e-con e-parent\" data-id=\"cp7ff74ce\" data-element_type=\"container\" data-e-type=\"container\">\n\t\t\t\t\t<div class=\"e-con-inner\">\n\t\t\t\t<div class=\"elementor-element elementor-element-cp3ac5cd8 elementor-widget elementor-widget-heading\" data-id=\"cp3ac5cd8\" data-element_type=\"widget\" data-e-type=\"widget\" data-widget_type=\"heading.default\">\n\t\t\t\t\t<h2 class=\"elementor-heading-title elementor-size-default\">Uruk og hofi\u00f0 Eanna: d\u00fdrkunarmi\u00f0st\u00f6\u00f0 Anu<\/h2>\t\t\t\t<\/div>\n\t\t<div class=\"elementor-element elementor-element-cp80fbb97 e-con-full e-flex e-con e-child\" data-id=\"cp80fbb97\" data-element_type=\"container\" data-e-type=\"container\">\n\t\t\t\t<div class=\"elementor-element elementor-element-cp3e11cec elementor-widget elementor-widget-text-editor\" data-id=\"cp3e11cec\" data-element_type=\"widget\" data-e-type=\"widget\" data-widget_type=\"text-editor.default\">\n\t\t\t\t\t\t\t\t\t<p>Mikilv\u00e6gasta helgista\u00f0ur Anu var borgin Uruk \u00ed su\u00f0urhluta Mes\u00f3p\u00f3tam\u00edu, ein af elstu st\u00f3rborgum heims. \u00dear st\u00f3\u00f0 hofsv\u00e6\u00f0i\u00f0 <em>Eanna<\/em>, en nafni\u00f0 \u00fe\u00fd\u00f0ir h\u00fas himinsins. \u00deetta sv\u00e6\u00f0i deildi Anu me\u00f0 gy\u00f0junni In\u00f6nnu, e\u00f0a Ishtar.<\/p><p>Fornleifal\u00f6g Uruk n\u00e1 aftur til fj\u00f3r\u00f0a \u00e1r\u00fe\u00fasunds f.Kr., og Eanna-sv\u00e6\u00f0i\u00f0 er me\u00f0al \u00feeirra hofsv\u00e6\u00f0a \u00ed Mes\u00f3p\u00f3tam\u00edu sem hafa veri\u00f0 ranns\u00f6ku\u00f0 hva\u00f0 \u00edtarlegast.<\/p><p>Sambandi\u00f0 milli Anu og In\u00f6nnu \u00ed Uruk er tr\u00faars\u00f6gulega margbroti\u00f0: \u00cd sumum hef\u00f0um er Inanna talin d\u00f3ttir e\u00f0a d\u00f3tturd\u00f3ttir Anu, en \u00ed \u00f6\u00f0rum textum kemur h\u00fan fram sem eiginkona hans. <span class=\"iwg-fachbegriff\" data-tooltip=\"Mi\u00f0lun \u00feekkingar og sagna milli kynsl\u00f3\u00f0a.\" tabindex=\"0\">Sagnahef\u00f0in<\/span> er h\u00e9r, eins og oft \u00ed mes\u00f3p\u00f3tam\u00edska <span class=\"iwg-fachbegriff\" data-tooltip=\"Heild gu\u00f0a \u00ed tr\u00faarbr\u00f6g\u00f0um e\u00f0a menningu.\" tabindex=\"0\">go\u00f0aheiminum<\/span>, ekki samr\u00e6m.<\/p><p>\u00c1 s\u00ed\u00f0ari t\u00edmum, s\u00e9rstaklega \u00e1 hellen\u00edsku t\u00edmabilinu undir Seleuk\u00eddum, t\u00f3k Anu-<span class=\"iwg-fachbegriff\" data-tooltip=\"Heild tr\u00faari\u00f0kana og d\u00fdrkunar \u00e1 gu\u00f0i e\u00f0a heilagri veru.\" tabindex=\"0\">d\u00fdrkunin<\/span> \u00ed Uruk merkilegri endurn\u00fdjun. \u00c1 \u00feessum t\u00edma var reist <em>Bit Resch<\/em>, st\u00f3rt hofsv\u00e6\u00f0i sem var v\u00edgt Anu og eiginkonu hans Antu.<\/p><p>Fr\u00e1 \u00feessu s\u00ed\u00f0ara t\u00edmabili hafa var\u00f0veist n\u00e1kv\u00e6mir helgisi\u00f0atextar sem l\u00fdsa hofd\u00fdrkuninni, skr\u00fa\u00f0g\u00f6ngum og f\u00f3rnart\u00edmum. \u00deessir textar eru me\u00f0al ver\u00f0m\u00e6tustu vitnisbur\u00f0a um framkv\u00e6md bab\u00fdlonskrar hofd\u00fdrkunar yfirleitt og s\u00fdna a\u00f0 Anu var enn lifandi \u00ed d\u00fdrkun s\u00ed\u00f0ustu aldir fleygr\u00fanamenningarins.<\/p>\t\t\t\t\t\t\t\t<\/div>\n\t\t\t\t<\/div>\n\t\t\t\t\t<\/div>\n\t\t\t\t<\/div>\n\t\t<div class=\"elementor-element elementor-element-cp7b1010e e-flex e-con-boxed e-con e-parent\" data-id=\"cp7b1010e\" data-element_type=\"container\" data-e-type=\"container\">\n\t\t\t\t\t<div class=\"e-con-inner\">\n\t\t\t\t<div class=\"elementor-element elementor-element-cpc8b6994 elementor-widget elementor-widget-heading\" data-id=\"cpc8b6994\" data-element_type=\"widget\" data-e-type=\"widget\" data-widget_type=\"heading.default\">\n\t\t\t\t\t<h2 class=\"elementor-heading-title elementor-size-default\">Straff Anu: Himinnauti\u00f0 \u00ed Gilgamesh-kvi\u00f0unni<\/h2>\t\t\t\t<\/div>\n\t\t<div class=\"elementor-element elementor-element-cpbb332db e-con-full e-flex e-con e-child\" data-id=\"cpbb332db\" data-element_type=\"container\" data-e-type=\"container\">\n\t\t\t\t<div class=\"elementor-element elementor-element-cp6d5f9d1 elementor-widget elementor-widget-text-editor\" data-id=\"cp6d5f9d1\" data-element_type=\"widget\" data-e-type=\"widget\" data-widget_type=\"text-editor.default\">\n\t\t\t\t\t\t\t\t\t<p>Einn af f\u00e1um go\u00f0s\u00f6gnum \u00fear sem Anu gr\u00edpur virkur inn og me\u00f0 beinum aflei\u00f0ingum er a\u00f0 finna \u00ed <em>Gilgamesh-kvi\u00f0unni<\/em>. Eftir a\u00f0 hetjan Gilgamesh hafnar b\u00f3nor\u00f0i gy\u00f0junnar Ishtar og h\u00e6\u00f0ir hana a\u00f0 auki, leitar Ishtar til f\u00f6\u00f0ur s\u00edns Anu og krefst \u00feess a\u00f0 hann l\u00e1ti s\u00e9r \u00ed t\u00e9 himinnauti\u00f0 til a\u00f0 refsa Gilgamesh.<\/p><p>Anu hikar fyrst og bendir \u00e1 aflei\u00f0ingarnar: A\u00f0 sleppa himinnautinu myndi valda landinu sj\u00f6 \u00e1ra hungursney\u00f0. A\u00f0eins \u00feegar Ishtar h\u00f3tar a\u00f0 brj\u00f3ta upp hli\u00f0 undirheimanna og kalla hina dau\u00f0u upp, svo a\u00f0 \u00feeir g\u00e6tu neytt hinna lifandi, gefst Anu upp.<\/p><p>Himinnauti\u00f0 er l\u00e1ti\u00f0 s\u00edga ni\u00f0ur \u00e1 j\u00f6r\u00f0ina, veldur ey\u00f0ileggingu \u00ed Uruk og drepur fj\u00f6lda manna me\u00f0 fn\u00e6si s\u00ednu. Gilgamesh og f\u00e9lagi hans Enkidu felli nauti\u00f0 a\u00f0 lokum, en \u00fea\u00f0 reitir gu\u00f0ina svo til rei\u00f0i a\u00f0 \u00feeir \u00e1kve\u00f0a a\u00f0 Enkidu skuli deyja.<\/p><p>\u00deessi \u00fe\u00e1ttur er tr\u00faarfr\u00e6\u00f0ilega uppl\u00fdsandi \u00fev\u00ed hann s\u00fdnir hvernig vald Anu virkar. Hann hefur yfir a\u00f0 r\u00e1\u00f0a kosm\u00edsk t\u00e6ki gj\u00f6rey\u00f0ingarm\u00e1ttar, himinnauti\u00f0 er \u00edmynd \u00feurrka og ey\u00f0ingar.<\/p><p>En hann beitir \u00feeim ekki af eigin frumkv\u00e6\u00f0i, heldur vegna \u00e1eggjunar annarrar <span class=\"iwg-fachbegriff\" data-tooltip=\"Vera sem er d\u00fdrku\u00f0 sem gu\u00f0leg innan tr\u00faarbrag\u00f0a.\" tabindex=\"0\">gu\u00f0veru<\/span>. Anu er h\u00e9r einnig \u00feess konar valdhafi sem veitir vald, ekki s\u00e1 sem sj\u00e1lfur veitir h\u00f6gg. Stj\u00f6rnumerki\u00f0 Nauti\u00f0 var tengt himinnautinu, sem fellir \u00feennan \u00fe\u00e1tt einnig inn \u00ed bab\u00fdlonska stj\u00f6rnufr\u00e6\u00f0i.<\/p>\t\t\t\t\t\t\t\t<\/div>\n\t\t\t\t<\/div>\n\t\t\t\t\t<\/div>\n\t\t\t\t<\/div>\n\t\t<div class=\"elementor-element elementor-element-36dd7469 e-flex e-con-boxed e-con e-parent\" data-id=\"36dd7469\" data-element_type=\"container\" data-e-type=\"container\">\n\t\t\t\t\t<div class=\"e-con-inner\">\n\t\t\t\t<div class=\"elementor-element elementor-element-13760ab4 elementor-widget elementor-widget-heading\" data-id=\"13760ab4\" data-element_type=\"widget\" data-e-type=\"widget\" data-widget_type=\"heading.default\">\n\t\t\t\t\t<h2 class=\"elementor-heading-title elementor-size-default\">\u00cdtarefni og tenglar<\/h2>\t\t\t\t<\/div>\n\t\t<div class=\"elementor-element elementor-element-28c87796 e-con-full e-flex e-con e-child\" data-id=\"28c87796\" data-element_type=\"container\" data-e-type=\"container\">\n\t\t\t\t<div class=\"elementor-element elementor-element-5d6538df elementor-widget elementor-widget-text-editor\" data-id=\"5d6538df\" data-element_type=\"widget\" data-e-type=\"widget\" data-widget_type=\"text-editor.default\">\n\t\t\t\t\t\t\t\t\t<ul><li><a href=\"https:\/\/iwell-guard.com\/is\/?page_id=169034\">Enlil, Mes\u00f3p\u00f3tam\u00eda<\/a><\/li><li><a href=\"https:\/\/iwell-guard.com\/is\/?page_id=168715\">Marduk, Mes\u00f3p\u00f3tam\u00eda<\/a><\/li><li><a href=\"https:\/\/iwell-guard.com\/is\/?page_id=169081\">Ea, Mes\u00f3p\u00f3tam\u00eda<\/a><\/li><li><a href=\"https:\/\/iwell-guard.com\/is\/?page_id=168710\">Seifur, Grikkland<\/a><\/li><li>Brahman, hind\u00faasi\u00f0ur<\/li><li>Dyaus Pita, veda-tr\u00fa<\/li><li><a href=\"https:\/\/iwell-guard.com\/is\/?page_id=168707\">\u00c6\u00f0stu gu\u00f0ir, undirflokkur<\/a><\/li><li><a href=\"https:\/\/iwell-guard.com\/is\/?page_id=168679\">Gu\u00f0ir, yfirlit flokks<\/a><\/li><\/ul>\t\t\t\t\t\t\t\t<\/div>\n\t\t\t\t<\/div>\n\t\t\t\t\t<\/div>\n\t\t\t\t<\/div>\n\t\t<div class=\"elementor-element elementor-element-grl4kl40 e-flex e-con-boxed e-con e-parent\" data-id=\"grl4kl40\" data-element_type=\"container\" data-e-type=\"container\">\n\t\t\t\t\t<div class=\"e-con-inner\">\n\t\t\t\t<div class=\"elementor-element elementor-element-bzsbfrmh elementor-widget elementor-widget-heading\" data-id=\"bzsbfrmh\" data-element_type=\"widget\" data-e-type=\"widget\" data-widget_type=\"heading.default\">\n\t\t\t\t\t<h2 class=\"elementor-heading-title elementor-size-default\">Fr\u00e6\u00f0irit<\/h2>\t\t\t\t<\/div>\n\t\t<div class=\"elementor-element elementor-element-2c13224a e-con-full e-flex e-con e-child\" data-id=\"2c13224a\" data-element_type=\"container\" data-e-type=\"container\">\n\t\t\t\t<div class=\"elementor-element elementor-element-0eymh9ub elementor-widget elementor-widget-text-editor\" data-id=\"0eymh9ub\" data-element_type=\"widget\" data-e-type=\"widget\" data-widget_type=\"text-editor.default\">\n\t\t\t\t\t\t\t\t\t<footer class=\"iwg-literatur\" data-nosnippet=\"true\"><ul><li>Bott\u00e9ro, Jean: <em>Mesopotamia: Writing, Reasoning and the Gods<\/em> (Chicago: University of Chicago Press, 1992). Afgerandi greining \u00e1 Anu \u00ed mes\u00f3p\u00f3tam\u00edskri <span class=\"iwg-fachbegriff\" data-tooltip=\"V\u00edsindaleg fr\u00e6\u00f0i um gu\u00f0 og tr\u00fa innan tr\u00faarbrag\u00f0a.\" tabindex=\"0\">gu\u00f0fr\u00e6\u00f0i<\/span> og sk\u00f6punargo\u00f0s\u00f6gnum.<\/li><li>Jacobsen, Thorkild: <em>The Treasures of Darkness: A History of Mesopotamian Religion<\/em> (New Haven: Yale University Press, 1976). Klass\u00edsk tr\u00faars\u00f6gulega samantekt me\u00f0 \u00e1herslu \u00e1 gu\u00f0a\u00e6ttart\u00f6lur.<\/li><li>Wiggermann, Frans A. M.: <em>Mesopotamian Protective Spirits<\/em> (Groningen: Styx, 1992). Setur Anu \u00ed samhengi vi\u00f0 st\u00e6rra kerfi verndarv\u00e6tta.<\/li><li>Schwemer, Daniel: <em>Die Wettergottgestalten Mesopotamiens und Nordsyriens im Zeichen des Sturms<\/em> (Wiesbaden: Harrassowitz, 2001). Samanbur\u00f0argreining \u00e1 himnagu\u00f0um.<\/li><li>Labat, Ren\u00e9: <em>Les Religions du Proche Orient Asiatique<\/em> (Paris: Fayard, 1970). Umfangsmikil fr\u00f6nsk tr\u00faarsaga me\u00f0 myndl\u00fdsingum af Anu.<\/li><\/ul><\/footer>\t\t\t\t\t\t\t\t<\/div>\n\t\t\t\t<\/div>\n\t\t\t\t\t<\/div>\n\t\t\t\t<\/div>\n\t\t<div class=\"elementor-element elementor-element-35fff1c e-con-boxed e-flex e-con e-parent\" data-id=\"35fff1c\" data-element_type=\"container\" data-e-type=\"container\">\n\t\t\t\t\t<div class=\"e-con-inner\">\n\t\t\t\t<div class=\"elementor-element elementor-element-4500a86 elementor-widget elementor-widget-text-editor\" data-id=\"4500a86\" data-element_type=\"widget\" data-e-type=\"widget\" data-widget_type=\"text-editor.default\">\n\t\t\t\t\t\t\t\t\t\n<h2>Algengar spurningar um Anu<\/h2>\n<div class=\"iwg-faq-q\"><h3>Hver var Anu \u00ed mes\u00f3p\u00f3tam\u00edskri <span class=\"iwg-fachbegriff\" data-tooltip=\"Heildarsafn go\u00f0sagna sem var\u00f0veist hafa um menningarheim.\" tabindex=\"0\">go\u00f0afr\u00e6\u00f0i<\/span>?<\/h3><p>Anu (s\u00famerska An, akkad\u00edska Anu) er s\u00famersk-bab\u00fdlonskur himingo\u00f0, \u00e6\u00f0sti gu\u00f0 hins frumlega mes\u00f3p\u00f3tam\u00edska <span class=\"iwg-fachbegriff\" data-tooltip=\"Heildarsafn gu\u00f0a tr\u00faarbrag\u00f0a e\u00f0a menningarheims.\" tabindex=\"0\">pantheons<\/span> og afi n\u00e6r allra annarra gu\u00f0a. Nafn hans \u00fe\u00fd\u00f0ir einfaldlega himinn; \u00ed elsta lagi er hann hinn \u00f3s\u00fdnilegi, \u00f3hlutbundni himingo\u00f0 sem stj\u00f3rnar heiminum.<\/p><p>Me\u00f0 t\u00edmanum minnka\u00f0i virk \u00fe\u00fd\u00f0ing Anu, Enlil og s\u00ed\u00f0ar Marduk t\u00f3ku vi\u00f0 valdi hans. Anu h\u00e9lt \u00fe\u00f3 \u00e1fram a\u00f0 vera titilgu\u00f0, \u00f6ll konungleg vald- og vir\u00f0ingarveitingar \u00e1tti upphaflega r\u00e6tur a\u00f0 rekja til hans.<\/p><\/div>\n<div class=\"iwg-faq-q\"><h3>Hva\u00f0 er mes\u00f3p\u00f3tam\u00edska gu\u00f0a-\u00ferenningin?<\/h3><p>Efri mes\u00f3p\u00f3tam\u00edska gu\u00f0a-\u00ferenningin samanstendur af Anu (himinn), Enlil (j\u00f6r\u00f0, loft, vindur) og Enki\/Ea (ferskvatn, viska). \u00deessi \u00feriggja gu\u00f0a fl\u00e9tta mynda\u00f0i skipulag heimsins: Anu r\u00edkti yfir efra r\u00edkinu, Enlil hinu mi\u00f0l\u00e6ga (lofthj\u00fapi, j\u00f6r\u00f0), Enki ne\u00f0ra ferskvatnsr\u00edkinu.<\/p><p>\u00derenningin er fyrirmynd margra s\u00ed\u00f0ari \u00feriggja-gu\u00f0a-skema. \u00cd yngra bab\u00fdlonska pantheoninu var h\u00fan s\u00ed\u00f0ar b\u00e6tt me\u00f0 stj\u00f6rnu-\u00ferenningu: Sin (tungli\u00f0), \u0160ama\u0161 (s\u00f3lin) og Ishtar (Venus). Marduk erf\u00f0i s\u00ed\u00f0ar \u00ed reynd v\u00f6ld allra \u00feriggja efri gu\u00f0anna.<\/p><\/div>\n<script type=\"application\/ld+json\">{\"@context\":\"https:\/\/schema.org\",\"@type\":\"FAQPage\",\"mainEntity\":[{\"@type\":\"Question\",\"name\":\"Hver var Anu \u00ed mes\u00f3p\u00f3tam\u00edskri go\u00f0afr\u00e6\u00f0i?\",\"acceptedAnswer\":{\"@type\":\"Answer\",\"text\":\"Anu (s\u00famerska An, akkad\u00edska Anu) er s\u00famersk-bab\u00fdlonskur himingo\u00f0, \u00e6\u00f0sti gu\u00f0 hins frumlega mes\u00f3p\u00f3tam\u00edska pantheons og afi n\u00e6r allra annarra gu\u00f0a. Nafn hans \u00fe\u00fd\u00f0ir einfaldlega himinn; \u00ed elsta lagi er hann hinn \u00f3s\u00fdnilegi, \u00f3hlutbundni himingo\u00f0 sem stj\u00f3rnar heiminum.Me\u00f0 t\u00edmanum minnka\u00f0i virk \u00fe\u00fd\u00f0ing Anu, Enlil og s\u00ed\u00f0ar Marduk t\u00f3ku vi\u00f0 valdi hans. Anu h\u00e9lt \u00fe\u00f3 \u00e1fram a\u00f0 vera titilgu\u00f0, \u00f6ll konungleg vald- og vir\u00f0ingarveitingar \u00e1tti upphaflega r\u00e6tur a\u00f0 rekja til hans.\"}},{\"@type\":\"Question\",\"name\":\"Hva\u00f0 er mes\u00f3p\u00f3tam\u00edska gu\u00f0a-\u00ferenningin?\",\"acceptedAnswer\":{\"@type\":\"Answer\",\"text\":\"Efri mes\u00f3p\u00f3tam\u00edska gu\u00f0a-\u00ferenningin samanstendur af Anu (himinn), Enlil (j\u00f6r\u00f0, loft, vindur) og Enki\/Ea (ferskvatn, viska). \u00deessi \u00feriggja gu\u00f0a fl\u00e9tta mynda\u00f0i skipulag heimsins: Anu r\u00edkti yfir efra r\u00edkinu, Enlil hinu mi\u00f0l\u00e6ga (lofthj\u00fapi, j\u00f6r\u00f0), Enki ne\u00f0ra ferskvatnsr\u00edkinu.\u00derenningin er fyrirmynd margra s\u00ed\u00f0ari \u00feriggja-gu\u00f0a-skema. \u00cd yngra bab\u00fdlonska pantheoninu var h\u00fan s\u00ed\u00f0ar b\u00e6tt me\u00f0 stj\u00f6rnu-\u00ferenningu: Sin (tungli\u00f0), \u0160ama\u0161 (s\u00f3lin) og Ishtar (Venus). Marduk erf\u00f0i s\u00ed\u00f0ar \u00ed reynd v\u00f6ld allra \u00feriggja efri gu\u00f0anna.\"}}]}<\/script>\t\t\t\t\t\t\t\t<\/div>\n\t\t\t\t\t<\/div>\n\t\t\t\t<\/div>\n\t\t\t\t<\/div>\n\t\t","protected":false},"excerpt":{"rendered":"","protected":false},"author":3,"featured_media":1755,"parent":0,"menu_order":0,"comment_status":"closed","ping_status":"closed","template":"elementor_header_footer","meta":{"_yoast_wpseo_focuskw":"Anu","_yoast_wpseo_title":"Anu \u2013 himnagu\u00f0 mes\u00f3p\u00f3tam\u00edsku go\u00f0afr\u00e6\u00f0innar","_yoast_wpseo_metadesc":"Anu, himnagu\u00f0 mes\u00f3p\u00f3tam\u00edsku go\u00f0afr\u00e6\u00f0innar. S\u00famerska Anu, fa\u00f0ir gu\u00f0anna: Enuma Elish, Uruk, uppruni og tilbei\u00f0sla.","_yoast_wpseo_meta-robots-noindex":"","_yoast_wpseo_canonical":"","_angie_page":false,"gefaehrdungsstufe":"3","wesen_kultur":"mesopotamien","wesen_klasse":"goetter","footnotes":""},"categories":[],"class_list":["post-168711","page","type-page","status-publish","has-post-thumbnail","hentry"],"yoast_head":"<!-- This site is optimized with the Yoast SEO Premium plugin v27.7 (Yoast SEO v28.3) - https:\/\/yoast.com\/product\/yoast-seo-premium-wordpress\/ -->\n<title>Anu \u2013 himnagu\u00f0 mes\u00f3p\u00f3tam\u00edsku go\u00f0afr\u00e6\u00f0innar<\/title>\n<meta name=\"description\" content=\"Anu, himnagu\u00f0 mes\u00f3p\u00f3tam\u00edsku go\u00f0afr\u00e6\u00f0innar. S\u00famerska Anu, fa\u00f0ir gu\u00f0anna: Enuma Elish, Uruk, uppruni og tilbei\u00f0sla.\" \/>\n<meta name=\"robots\" content=\"index, follow, max-snippet:-1, max-image-preview:large, max-video-preview:-1\" \/>\n<link rel=\"canonical\" href=\"https:\/\/iwell-guard.com\/is\/anu\/\" \/>\n<meta property=\"og:locale\" content=\"is_IS\" \/>\n<meta property=\"og:type\" content=\"article\" \/>\n<meta property=\"og:title\" content=\"Anu\" \/>\n<meta property=\"og:description\" content=\"Anu, himnagu\u00f0 mes\u00f3p\u00f3tam\u00edsku go\u00f0afr\u00e6\u00f0innar. S\u00famerska Anu, fa\u00f0ir gu\u00f0anna: Enuma Elish, Uruk, uppruni og tilbei\u00f0sla.\" \/>\n<meta property=\"og:url\" content=\"https:\/\/iwell-guard.com\/is\/anu\/\" \/>\n<meta property=\"og:site_name\" content=\"iWell Guard\" \/>\n<meta property=\"article:modified_time\" content=\"2026-09-05T14:17:28+00:00\" \/>\n<meta property=\"og:image\" content=\"https:\/\/iwell-guard.com\/wp-content\/uploads\/2026\/04\/goetter_mesopotamien_anu.webp\" \/>\n\t<meta property=\"og:image:width\" content=\"1024\" \/>\n\t<meta property=\"og:image:height\" content=\"1536\" \/>\n\t<meta property=\"og:image:type\" content=\"image\/webp\" \/>\n<meta name=\"twitter:card\" content=\"summary_large_image\" \/>\n<script type=\"application\/ld+json\" class=\"yoast-schema-graph\">{\"@context\":\"https:\\\/\\\/schema.org\",\"@graph\":[{\"@type\":\"WebPage\",\"@id\":\"https:\\\/\\\/iwell-guard.com\\\/is\\\/anu\\\/\",\"url\":\"https:\\\/\\\/iwell-guard.com\\\/is\\\/anu\\\/\",\"name\":\"Anu \u2013 himnagu\u00f0 mes\u00f3p\u00f3tam\u00edsku go\u00f0afr\u00e6\u00f0innar\",\"isPartOf\":{\"@id\":\"https:\\\/\\\/iwell-guard.com\\\/is\\\/#website\"},\"primaryImageOfPage\":{\"@id\":\"https:\\\/\\\/iwell-guard.com\\\/is\\\/anu\\\/#primaryimage\"},\"image\":{\"@id\":\"https:\\\/\\\/iwell-guard.com\\\/is\\\/anu\\\/#primaryimage\"},\"thumbnailUrl\":\"https:\\\/\\\/iwell-guard.com\\\/wp-content\\\/uploads\\\/2026\\\/04\\\/goetter_mesopotamien_anu.webp\",\"datePublished\":\"2026-09-05T14:02:21+00:00\",\"dateModified\":\"2026-09-05T14:17:28+00:00\",\"description\":\"Anu, himnagu\u00f0 mes\u00f3p\u00f3tam\u00edsku go\u00f0afr\u00e6\u00f0innar. S\u00famerska Anu, fa\u00f0ir gu\u00f0anna: Enuma Elish, Uruk, uppruni og tilbei\u00f0sla.\",\"breadcrumb\":{\"@id\":\"https:\\\/\\\/iwell-guard.com\\\/is\\\/anu\\\/#breadcrumb\"},\"inLanguage\":\"is\",\"potentialAction\":[{\"@type\":\"ReadAction\",\"target\":[\"https:\\\/\\\/iwell-guard.com\\\/is\\\/anu\\\/\"]}]},{\"@type\":\"ImageObject\",\"inLanguage\":\"is\",\"@id\":\"https:\\\/\\\/iwell-guard.com\\\/is\\\/anu\\\/#primaryimage\",\"url\":\"https:\\\/\\\/iwell-guard.com\\\/wp-content\\\/uploads\\\/2026\\\/04\\\/goetter_mesopotamien_anu.webp\",\"contentUrl\":\"https:\\\/\\\/iwell-guard.com\\\/wp-content\\\/uploads\\\/2026\\\/04\\\/goetter_mesopotamien_anu.webp\",\"width\":1024,\"height\":1536,\"caption\":\"Gu\u00f0ir \u00far mes\u00f3p\u00f3tam\u00edskri hef\u00f0.\"},{\"@type\":\"BreadcrumbList\",\"@id\":\"https:\\\/\\\/iwell-guard.com\\\/is\\\/anu\\\/#breadcrumb\",\"itemListElement\":[{\"@type\":\"ListItem\",\"position\":1,\"name\":\"Start\",\"item\":\"https:\\\/\\\/iwell-guard.com\\\/is\\\/?page_id=168580\"},{\"@type\":\"ListItem\",\"position\":2,\"name\":\"Anu\"}]},{\"@type\":\"WebSite\",\"@id\":\"https:\\\/\\\/iwell-guard.com\\\/is\\\/#website\",\"url\":\"https:\\\/\\\/iwell-guard.com\\\/is\\\/\",\"name\":\"iWell Guard\",\"description\":\"Schutz vor dunklen Einfl\u00fcssen\",\"publisher\":{\"@id\":\"https:\\\/\\\/iwell-guard.com\\\/is\\\/#organization\"},\"potentialAction\":[{\"@type\":\"SearchAction\",\"target\":{\"@type\":\"EntryPoint\",\"urlTemplate\":\"https:\\\/\\\/iwell-guard.com\\\/is\\\/?s={search_term_string}\"},\"query-input\":{\"@type\":\"PropertyValueSpecification\",\"valueRequired\":true,\"valueName\":\"search_term_string\"}}],\"inLanguage\":\"is\"},{\"@type\":\"Organization\",\"@id\":\"https:\\\/\\\/iwell-guard.com\\\/is\\\/#organization\",\"name\":\"Ittermann electronic GmbH\",\"url\":\"https:\\\/\\\/iwell-guard.com\\\/is\\\/\",\"logo\":{\"@type\":\"ImageObject\",\"inLanguage\":\"is\",\"@id\":\"https:\\\/\\\/iwell-guard.com\\\/is\\\/#\\\/schema\\\/logo\\\/image\\\/\",\"url\":\"https:\\\/\\\/iwell-guard.com\\\/wp-content\\\/uploads\\\/2026\\\/05\\\/Ittermann-Logo-1182x237-1.png\",\"contentUrl\":\"https:\\\/\\\/iwell-guard.com\\\/wp-content\\\/uploads\\\/2026\\\/05\\\/Ittermann-Logo-1182x237-1.png\",\"width\":1182,\"height\":237,\"caption\":\"Ittermann electronic GmbH\"},\"image\":{\"@id\":\"https:\\\/\\\/iwell-guard.com\\\/is\\\/#\\\/schema\\\/logo\\\/image\\\/\"},\"sameAs\":[\"https:\\\/\\\/pantip.com\\\/profile\\\/9367242\",\"https:\\\/\\\/micro.blog\\\/iwellguard\",\"https:\\\/\\\/www.diggerslist.com\\\/iwellguard\\\/about\",\"https:\\\/\\\/skitterphoto.com\\\/photographers\\\/2870314\\\/iwell-guard\",\"https:\\\/\\\/iwellguard.wordpress.com\\\/2026\\\/06\\\/06\\\/iwell-guard\\\/\",\"https:\\\/\\\/hub.docker.com\\\/u\\\/iwellguard\",\"https:\\\/\\\/www.pinterest.com\\\/iwellguard\\\/\",\"https:\\\/\\\/bit.ly\\\/m\\\/iwellguard\",\"https:\\\/\\\/entre-vos-mains.alsace.eu\\\/profiles\\\/iwellguard\\\/activity\",\"https:\\\/\\\/gravatar.com\\\/reallybeded8fd34\",\"https:\\\/\\\/naijamatta.com\\\/iwellguard\",\"https:\\\/\\\/www.goodreads.com\\\/iwellguard\",\"https:\\\/\\\/profile.hatena.ne.jp\\\/iwellguard\\\/\",\"https:\\\/\\\/experiment.com\\\/users\\\/iwellguard\",\"https:\\\/\\\/wakelet.com\\\/@iWellGuard82270\",\"https:\\\/\\\/www.chordie.com\\\/forum\\\/profile.php?id=2555664\",\"https:\\\/\\\/www.instapaper.com\\\/p\\\/17757966\",\"https:\\\/\\\/www.mapleprimes.com\\\/users\\\/iwellguard\",\"https:\\\/\\\/businesslistingplus.com\\\/profile\\\/iwell-guard\\\/\",\"https:\\\/\\\/telegra.ph\\\/iWell-Guard-06-06\",\"https:\\\/\\\/pbase.com\\\/iwellguard\\\/iwellguard\",\"https:\\\/\\\/b.hatena.ne.jp\\\/iwellguard\\\/20260607#bookmark-4788405196491818882\",\"https:\\\/\\\/fliphtml5.com\\\/home\\\/iwellguard\",\"https:\\\/\\\/anyflip.com\\\/homepage\\\/cmiwl#About\",\"https:\\\/\\\/transfur.com\\\/Users\\\/iwellguard\",\"http:\\\/\\\/delphi.larsbo.org\\\/user\\\/iwellguard\",\"https:\\\/\\\/jobs.lajobsportal.org\\\/profiles\\\/8380803-iwell-guard\",\"https:\\\/\\\/md.chaosdorf.de\\\/s\\\/jfbe5SBdJD\",\"https:\\\/\\\/www.lingvolive.com\\\/en-us\\\/profile\\\/9ecaeaca-ce11-4e51-9e71-01d55e2bff36\\\/translations\",\"https:\\\/\\\/www.fitday.com\\\/fitness\\\/forums\\\/members\\\/iwellguard.html\",\"https:\\\/\\\/www.mymeetbook.com\\\/iwellguard\",\"https:\\\/\\\/pxhere.com\\\/en\\\/photographer-me\\\/5040798\",\"https:\\\/\\\/disqus.com\\\/by\\\/iwellguard\\\/about\\\/\",\"https:\\\/\\\/pastelink.net\\\/hjwciqwq\",\"https:\\\/\\\/pubhtml5.com\\\/homepage\\\/scjhn\\\/\",\"https:\\\/\\\/www.bitchute.com\\\/channel\\\/2O2eOKzNqujT\",\"https:\\\/\\\/audiomack.com\\\/iwellguard\"]},{\"@type\":\"Article\",\"@id\":\"https:\\\/\\\/iwell-guard.com\\\/is\\\/anu\\\/#article\",\"isPartOf\":{\"@id\":\"https:\\\/\\\/iwell-guard.com\\\/is\\\/anu\\\/\"},\"author\":{\"name\":\"Ralf Ittermann\",\"@id\":\"https:\\\/\\\/iwell-guard.com\\\/is\\\/#\\\/schema\\\/person\\\/ee2a27f1cac3406c7c6fb5820cb7349f\"},\"headline\":\"Anu\",\"datePublished\":\"2026-09-05T14:02:21+00:00\",\"dateModified\":\"2026-09-05T14:17:28+00:00\",\"mainEntityOfPage\":{\"@id\":\"https:\\\/\\\/iwell-guard.com\\\/is\\\/anu\\\/\"},\"publisher\":{\"@id\":\"https:\\\/\\\/iwell-guard.com\\\/is\\\/#organization\"},\"image\":{\"@id\":\"https:\\\/\\\/iwell-guard.com\\\/is\\\/anu\\\/#primaryimage\"},\"thumbnailUrl\":\"https:\\\/\\\/iwell-guard.com\\\/wp-content\\\/uploads\\\/2026\\\/04\\\/goetter_mesopotamien_anu.webp\",\"inLanguage\":\"is\",\"description\":\"Anu, himnagu\u00f0 mes\u00f3p\u00f3tam\u00edsku go\u00f0afr\u00e6\u00f0innar. S\u00famerska Anu, fa\u00f0ir gu\u00f0anna: Enuma Elish, Uruk, uppruni og tilbei\u00f0sla.\"}]}<\/script>\n<!-- \/ Yoast SEO Premium plugin. -->","yoast_head_json":{"title":"Anu \u2013 himnagu\u00f0 mes\u00f3p\u00f3tam\u00edsku go\u00f0afr\u00e6\u00f0innar","description":"Anu, himnagu\u00f0 mes\u00f3p\u00f3tam\u00edsku go\u00f0afr\u00e6\u00f0innar. S\u00famerska Anu, fa\u00f0ir gu\u00f0anna: Enuma Elish, Uruk, uppruni og tilbei\u00f0sla.","robots":{"index":"index","follow":"follow","max-snippet":"max-snippet:-1","max-image-preview":"max-image-preview:large","max-video-preview":"max-video-preview:-1"},"canonical":"https:\/\/iwell-guard.com\/is\/anu\/","og_locale":"is_IS","og_type":"article","og_title":"Anu","og_description":"Anu, himnagu\u00f0 mes\u00f3p\u00f3tam\u00edsku go\u00f0afr\u00e6\u00f0innar. S\u00famerska Anu, fa\u00f0ir gu\u00f0anna: Enuma Elish, Uruk, uppruni og tilbei\u00f0sla.","og_url":"https:\/\/iwell-guard.com\/is\/anu\/","og_site_name":"iWell Guard","article_modified_time":"2026-09-05T14:17:28+00:00","og_image":[{"width":1024,"height":1536,"url":"https:\/\/iwell-guard.com\/wp-content\/uploads\/2026\/04\/goetter_mesopotamien_anu.webp","type":"image\/webp"}],"twitter_card":"summary_large_image","schema":{"@context":"https:\/\/schema.org","@graph":[{"@type":"Article","@id":"https:\/\/iwell-guard.com\/is\/anu\/#article","isPartOf":{"@id":"https:\/\/iwell-guard.com\/is\/anu\/"},"author":{"name":"Ralf Ittermann","@id":"https:\/\/iwell-guard.com\/is\/#\/schema\/person\/ee2a27f1cac3406c7c6fb5820cb7349f"},"headline":"Anu","datePublished":"2026-09-05T14:02:21+00:00","dateModified":"2026-09-05T14:17:28+00:00","mainEntityOfPage":{"@id":"https:\/\/iwell-guard.com\/is\/anu\/"},"publisher":{"@id":"https:\/\/iwell-guard.com\/is\/#organization"},"image":{"@id":"https:\/\/iwell-guard.com\/is\/anu\/#primaryimage"},"thumbnailUrl":"https:\/\/iwell-guard.com\/wp-content\/uploads\/2026\/04\/goetter_mesopotamien_anu.webp","inLanguage":"is","description":"Anu, himnagu\u00f0 mes\u00f3p\u00f3tam\u00edsku go\u00f0afr\u00e6\u00f0innar. S\u00famerska Anu, fa\u00f0ir gu\u00f0anna: Enuma Elish, Uruk, uppruni og tilbei\u00f0sla."},{"@type":"WebPage","@id":"https:\/\/iwell-guard.com\/is\/anu\/","url":"https:\/\/iwell-guard.com\/is\/anu\/","name":"Anu \u2013 himnagu\u00f0 mes\u00f3p\u00f3tam\u00edsku go\u00f0afr\u00e6\u00f0innar","isPartOf":{"@id":"https:\/\/iwell-guard.com\/is\/#website"},"primaryImageOfPage":{"@id":"https:\/\/iwell-guard.com\/is\/anu\/#primaryimage"},"image":{"@id":"https:\/\/iwell-guard.com\/is\/anu\/#primaryimage"},"thumbnailUrl":"https:\/\/iwell-guard.com\/wp-content\/uploads\/2026\/04\/goetter_mesopotamien_anu.webp","datePublished":"2026-09-05T14:02:21+00:00","dateModified":"2026-09-05T14:17:28+00:00","description":"Anu, himnagu\u00f0 mes\u00f3p\u00f3tam\u00edsku go\u00f0afr\u00e6\u00f0innar. S\u00famerska Anu, fa\u00f0ir gu\u00f0anna: Enuma Elish, Uruk, uppruni og tilbei\u00f0sla.","breadcrumb":{"@id":"https:\/\/iwell-guard.com\/is\/anu\/#breadcrumb"},"inLanguage":"is","potentialAction":[{"@type":"ReadAction","target":["https:\/\/iwell-guard.com\/is\/anu\/"]}]},{"@type":"ImageObject","inLanguage":"is","@id":"https:\/\/iwell-guard.com\/is\/anu\/#primaryimage","url":"https:\/\/iwell-guard.com\/wp-content\/uploads\/2026\/04\/goetter_mesopotamien_anu.webp","contentUrl":"https:\/\/iwell-guard.com\/wp-content\/uploads\/2026\/04\/goetter_mesopotamien_anu.webp","width":1024,"height":1536,"caption":"Gu\u00f0ir \u00far mes\u00f3p\u00f3tam\u00edskri hef\u00f0."},{"@type":"BreadcrumbList","@id":"https:\/\/iwell-guard.com\/is\/anu\/#breadcrumb","itemListElement":[{"@type":"ListItem","position":1,"name":"Start","item":"https:\/\/iwell-guard.com\/is\/?page_id=168580"},{"@type":"ListItem","position":2,"name":"Anu"}]},{"@type":"WebSite","@id":"https:\/\/iwell-guard.com\/is\/#website","url":"https:\/\/iwell-guard.com\/is\/","name":"iWell Guard","description":"Schutz vor dunklen Einfl\u00fcssen","publisher":{"@id":"https:\/\/iwell-guard.com\/is\/#organization"},"potentialAction":[{"@type":"SearchAction","target":{"@type":"EntryPoint","urlTemplate":"https:\/\/iwell-guard.com\/is\/?s={search_term_string}"},"query-input":{"@type":"PropertyValueSpecification","valueRequired":true,"valueName":"search_term_string"}}],"inLanguage":"is"},{"@type":"Organization","@id":"https:\/\/iwell-guard.com\/is\/#organization","name":"Ittermann electronic GmbH","url":"https:\/\/iwell-guard.com\/is\/","logo":{"@type":"ImageObject","inLanguage":"is","@id":"https:\/\/iwell-guard.com\/is\/#\/schema\/logo\/image\/","url":"https:\/\/iwell-guard.com\/wp-content\/uploads\/2026\/05\/Ittermann-Logo-1182x237-1.png","contentUrl":"https:\/\/iwell-guard.com\/wp-content\/uploads\/2026\/05\/Ittermann-Logo-1182x237-1.png","width":1182,"height":237,"caption":"Ittermann electronic GmbH"},"image":{"@id":"https:\/\/iwell-guard.com\/is\/#\/schema\/logo\/image\/"},"sameAs":["https:\/\/pantip.com\/profile\/9367242","https:\/\/micro.blog\/iwellguard","https:\/\/www.diggerslist.com\/iwellguard\/about","https:\/\/skitterphoto.com\/photographers\/2870314\/iwell-guard","https:\/\/iwellguard.wordpress.com\/2026\/06\/06\/iwell-guard\/","https:\/\/hub.docker.com\/u\/iwellguard","https:\/\/www.pinterest.com\/iwellguard\/","https:\/\/bit.ly\/m\/iwellguard","https:\/\/entre-vos-mains.alsace.eu\/profiles\/iwellguard\/activity","https:\/\/gravatar.com\/reallybeded8fd34","https:\/\/naijamatta.com\/iwellguard","https:\/\/www.goodreads.com\/iwellguard","https:\/\/profile.hatena.ne.jp\/iwellguard\/","https:\/\/experiment.com\/users\/iwellguard","https:\/\/wakelet.com\/@iWellGuard82270","https:\/\/www.chordie.com\/forum\/profile.php?id=2555664","https:\/\/www.instapaper.com\/p\/17757966","https:\/\/www.mapleprimes.com\/users\/iwellguard","https:\/\/businesslistingplus.com\/profile\/iwell-guard\/","https:\/\/telegra.ph\/iWell-Guard-06-06","https:\/\/pbase.com\/iwellguard\/iwellguard","https:\/\/b.hatena.ne.jp\/iwellguard\/20260607#bookmark-4788405196491818882","https:\/\/fliphtml5.com\/home\/iwellguard","https:\/\/anyflip.com\/homepage\/cmiwl#About","https:\/\/transfur.com\/Users\/iwellguard","http:\/\/delphi.larsbo.org\/user\/iwellguard","https:\/\/jobs.lajobsportal.org\/profiles\/8380803-iwell-guard","https:\/\/md.chaosdorf.de\/s\/jfbe5SBdJD","https:\/\/www.lingvolive.com\/en-us\/profile\/9ecaeaca-ce11-4e51-9e71-01d55e2bff36\/translations","https:\/\/www.fitday.com\/fitness\/forums\/members\/iwellguard.html","https:\/\/www.mymeetbook.com\/iwellguard","https:\/\/pxhere.com\/en\/photographer-me\/5040798","https:\/\/disqus.com\/by\/iwellguard\/about\/","https:\/\/pastelink.net\/hjwciqwq","https:\/\/pubhtml5.com\/homepage\/scjhn\/","https:\/\/www.bitchute.com\/channel\/2O2eOKzNqujT","https:\/\/audiomack.com\/iwellguard"]},{"@type":"Person","@id":"https:\/\/iwell-guard.com\/is\/#\/schema\/person\/ee2a27f1cac3406c7c6fb5820cb7349f","name":"Ralf Ittermann","image":{"@type":"ImageObject","inLanguage":"is","@id":"https:\/\/secure.gravatar.com\/avatar\/073c0153e350a5005b68eb752b445fea71f6b24a26da9449ad7e155e6b446c9d?s=96&d=mm&r=g","url":"https:\/\/secure.gravatar.com\/avatar\/073c0153e350a5005b68eb752b445fea71f6b24a26da9449ad7e155e6b446c9d?s=96&d=mm&r=g","contentUrl":"https:\/\/secure.gravatar.com\/avatar\/073c0153e350a5005b68eb752b445fea71f6b24a26da9449ad7e155e6b446c9d?s=96&d=mm&r=g","caption":"Ralf Ittermann"},"givenName":"Ralf","familyName":"Ittermann","jobTitle":"Gesch\u00e4ftsf\u00fchrer und redaktioneller Verantwortlicher","url":"https:\/\/iwell-guard.com\/is\/author\/claude\/","description":"Ralf Ittermann ist Gesch\u00e4ftsf\u00fchrer der Ittermann electronic GmbH und redaktioneller Verantwortlicher des iWell-Guard-Lexikons. Er verbindet langj\u00e4hrige Erfahrung in der Pr\u00e4zisionsfertigung mit medialer Praxis und religionsgeschichtlicher Quellenarbeit.","worksFor":{"@type":"Organization","name":"Ittermann electronic GmbH","url":"https:\/\/ittermann.de\/","address":{"@type":"PostalAddress","streetAddress":"K\u00f6hlergasse 16-18","postalCode":"99842","addressLocality":"Ruhla","addressCountry":"DE"}},"knowsAbout":["Religionsgeschichte","Mythologie","Mediale Praxis","Energetische Diagnostik","Schutzpraxis","Volksglauben","Westliche Esoterik"]},{"@type":"Article","@id":"https:\/\/iwell-guard.com\/is\/anu\/#article","isPartOf":{"@id":"https:\/\/iwell-guard.com\/is\/anu\/"},"author":{"name":"Ralf Ittermann","@id":"https:\/\/iwell-guard.com\/is\/#\/schema\/person\/ee2a27f1cac3406c7c6fb5820cb7349f"},"headline":"Anu","datePublished":"2026-09-05T14:02:21+00:00","dateModified":"2026-09-05T14:17:28+00:00","mainEntityOfPage":{"@id":"https:\/\/iwell-guard.com\/is\/anu\/"},"publisher":{"@id":"https:\/\/iwell-guard.com\/is\/#organization"},"image":{"@id":"https:\/\/iwell-guard.com\/is\/anu\/#primaryimage"},"thumbnailUrl":"https:\/\/iwell-guard.com\/wp-content\/uploads\/2026\/04\/goetter_mesopotamien_anu.webp","inLanguage":"is","description":"Anu, himnagu\u00f0 mes\u00f3p\u00f3tam\u00edsku go\u00f0afr\u00e6\u00f0innar. S\u00famerska Anu, fa\u00f0ir gu\u00f0anna: Enuma Elish, Uruk, uppruni og tilbei\u00f0sla."}]}},"_links":{"self":[{"href":"https:\/\/iwell-guard.com\/is\/wp-json\/wp\/v2\/pages\/168711","targetHints":{"allow":["GET"]}}],"collection":[{"href":"https:\/\/iwell-guard.com\/is\/wp-json\/wp\/v2\/pages"}],"about":[{"href":"https:\/\/iwell-guard.com\/is\/wp-json\/wp\/v2\/types\/page"}],"author":[{"embeddable":true,"href":"https:\/\/iwell-guard.com\/is\/wp-json\/wp\/v2\/users\/3"}],"replies":[{"embeddable":true,"href":"https:\/\/iwell-guard.com\/is\/wp-json\/wp\/v2\/comments?post=168711"}],"version-history":[{"count":0,"href":"https:\/\/iwell-guard.com\/is\/wp-json\/wp\/v2\/pages\/168711\/revisions"}],"wp:featuredmedia":[{"embeddable":true,"href":"https:\/\/iwell-guard.com\/is\/wp-json\/wp\/v2\/media\/1755"}],"wp:attachment":[{"href":"https:\/\/iwell-guard.com\/is\/wp-json\/wp\/v2\/media?parent=168711"}],"wp:term":[{"taxonomy":"category","embeddable":true,"href":"https:\/\/iwell-guard.com\/is\/wp-json\/wp\/v2\/categories?post=168711"}],"curies":[{"name":"wp","href":"https:\/\/api.w.org\/{rel}","templated":true}]}}