{"id":168704,"date":"2026-09-05T14:02:18","date_gmt":"2026-09-05T14:02:18","guid":{"rendered":"https:\/\/iwell-guard.com\/?page_id=168704"},"modified":"2026-09-05T14:17:18","modified_gmt":"2026-09-05T14:17:18","slug":"hefndarandar","status":"publish","type":"page","link":"https:\/\/iwell-guard.com\/is\/hefndarandar\/","title":{"rendered":"Hefndarandar"},"content":{"rendered":"\t\t<div data-elementor-type=\"wp-page\" data-elementor-id=\"168704\" class=\"elementor elementor-168704 elementor-1817 elementor-bc-flex-widget\" data-elementor-post-type=\"page\">\n\t\t\t\t<div class=\"elementor-element elementor-element-10fdade e-flex e-con-boxed e-con e-parent\" data-id=\"10fdade\" data-element_type=\"container\" data-e-type=\"container\" data-settings=\"{&quot;background_background&quot;:&quot;classic&quot;}\">\n\t\t\t\t\t<div class=\"e-con-inner\">\n\t\t<div class=\"elementor-element elementor-element-herohlft0 e-flex e-con-boxed e-con e-child\" data-id=\"herohlft0\" data-element_type=\"container\" data-e-type=\"container\">\n\t\t\t\t\t<div class=\"e-con-inner\">\n\t\t<div class=\"elementor-element elementor-element-c3ceb64 e-con-full e-flex e-con e-child\" data-id=\"c3ceb64\" data-element_type=\"container\" data-e-type=\"container\">\n\t\t\t\t<div class=\"elementor-element elementor-element-96ae5e1 elementor-widget elementor-widget-heading\" data-id=\"96ae5e1\" data-element_type=\"widget\" data-e-type=\"widget\" data-widget_type=\"heading.default\">\n\t\t\t\t\t<h1 class=\"elementor-heading-title elementor-size-default\">Rachegeister, hefnd handan grafar<\/h1>\t\t\t\t<\/div>\n\t\t\t\t<div class=\"elementor-element elementor-element-e45238a elementor-widget elementor-widget-text-editor\" data-id=\"e45238a\" data-element_type=\"widget\" data-e-type=\"widget\" data-widget_type=\"text-editor.default\">\n\t\t\t\t\t\t\t\t\t<p>Andar sem s\u00e6kjast eftir hefnd fyrir \u00f3uppger\u00f0 brot. Erin\u00fdur, Kikimora, Onryo, alls sta\u00f0ar t\u00e1kna \u00feeir \u00f3uppger\u00f0a sekt yfir menningarheima.<\/p><p>Fr\u00e1 handan koma Rachegeister til a\u00f0 hefna fyrir li\u00f0i\u00f0 \u00f3r\u00e9ttl\u00e6ti.<\/p>\t\t\t\t\t\t\t\t<\/div>\n\t\t\t\t<\/div>\n\t\t<div class=\"elementor-element elementor-element-klsbdg01 e-con-full e-flex e-con e-parent\" data-id=\"klsbdg01\" data-element_type=\"container\" data-e-type=\"container\">\n\t\t\t\t<div class=\"elementor-element elementor-element-klshtm01 elementor-widget elementor-widget-html\" data-id=\"klshtm01\" data-element_type=\"widget\" data-e-type=\"widget\" data-widget_type=\"html.default\">\n\t\t\t\t\t<div class=\"iwg-pill-row\"><span class=\"iwg-klasse-badge\" tabindex=\"0\" data-tooltip=\"\u00deema-yfirlit: Mi\u00f0s\u00ed\u00f0a me\u00f0 samanbur\u00f0arsj\u00f3narhorni \u00e1 v\u00ed\u00f0t\u00e6ku hlutverki vera (h\u00e1gu\u00f0ir, dau\u00f0abo\u00f0ar, vatnaandar o.s.frv.), \u00fevert \u00e1 menningarheima.\">\u00deema-yfirlit<\/span><span class=\"iwg-kultur-badge\" tabindex=\"0\" data-tooltip=\"Fyrirb\u00e6ri sem gengur \u00fevert \u00e1 menningarheima, sta\u00f0fest \u00ed m\u00f6rgum menningum me\u00f0 svipu\u00f0um byggingum.\">\u00devert \u00e1 menningarheima<\/span><\/div>\t\t\t\t<\/div>\n\t\t\t\t<\/div>\n\t\t<div class=\"elementor-element elementor-element-3f74855 e-con-full e-flex e-con e-child\" data-id=\"3f74855\" data-element_type=\"container\" data-e-type=\"container\">\n\t\t\t\t<div class=\"elementor-element elementor-element-1c30362 elementor-toc--minimized-on-tablet elementor-widget elementor-widget-table-of-contents\" data-id=\"1c30362\" data-element_type=\"widget\" data-e-type=\"widget\" data-settings=\"{&quot;exclude_headings_by_selector&quot;:[],&quot;no_headings_message&quot;:&quot;Engar undirfyrirsagnir fundust \\u00e1 \\u00feessari s\\u00ed\\u00f0u.&quot;,&quot;headings_by_tags&quot;:[&quot;h2&quot;,&quot;h3&quot;],&quot;marker_view&quot;:&quot;bullets&quot;,&quot;minimize_box&quot;:&quot;yes&quot;,&quot;icon&quot;:{&quot;value&quot;:&quot;fas fa-circle&quot;,&quot;library&quot;:&quot;fa-solid&quot;,&quot;rendered_tag&quot;:&quot;&lt;svg class=\\&quot;e-font-icon-svg e-fas-circle\\&quot; viewBox=\\&quot;0 0 512 512\\&quot; xmlns=\\&quot;http:\\\/\\\/www.w3.org\\\/2000\\\/svg\\&quot;&gt;&lt;path d=\\&quot;M256 8C119 8 8 119 8 256s111 248 248 248 248-111 248-248S393 8 256 8z\\&quot;&gt;&lt;\\\/path&gt;&lt;\\\/svg&gt;&quot;},&quot;minimized_on&quot;:&quot;tablet&quot;,&quot;hierarchical_view&quot;:&quot;yes&quot;,&quot;min_height&quot;:{&quot;unit&quot;:&quot;px&quot;,&quot;size&quot;:&quot;&quot;,&quot;sizes&quot;:[]},&quot;min_height_tablet&quot;:{&quot;unit&quot;:&quot;px&quot;,&quot;size&quot;:&quot;&quot;,&quot;sizes&quot;:[]},&quot;min_height_mobile&quot;:{&quot;unit&quot;:&quot;px&quot;,&quot;size&quot;:&quot;&quot;,&quot;sizes&quot;:[]}}\" data-widget_type=\"table-of-contents.default\">\n\t\t\t\t\t\t\t\t\t<div class=\"elementor-toc__header\">\n\t\t\t\t\t\t<h2 class=\"elementor-toc__header-title\">\n\t\t\t\tEfnisyfirlit\t\t\t<\/h2>\n\t\t\t\t\t\t\t\t\t\t<div class=\"elementor-toc__toggle-button elementor-toc__toggle-button--expand\" role=\"button\" tabindex=\"0\" aria-controls=\"elementor-toc__1c30362\" aria-expanded=\"true\" aria-label=\"Open table of contents\"><svg aria-hidden=\"true\" class=\"e-font-icon-svg e-fas-chevron-down\" viewBox=\"0 0 448 512\" xmlns=\"http:\/\/www.w3.org\/2000\/svg\"><path d=\"M207.029 381.476L12.686 187.132c-9.373-9.373-9.373-24.569 0-33.941l22.667-22.667c9.357-9.357 24.522-9.375 33.901-.04L224 284.505l154.745-154.021c9.379-9.335 24.544-9.317 33.901.04l22.667 22.667c9.373 9.373 9.373 24.569 0 33.941L240.971 381.476c-9.373 9.372-24.569 9.372-33.942 0z\"><\/path><\/svg><\/div>\n\t\t\t\t<div class=\"elementor-toc__toggle-button elementor-toc__toggle-button--collapse\" role=\"button\" tabindex=\"0\" aria-controls=\"elementor-toc__1c30362\" aria-expanded=\"true\" aria-label=\"Close table of contents\"><svg aria-hidden=\"true\" class=\"e-font-icon-svg e-fas-chevron-up\" viewBox=\"0 0 448 512\" xmlns=\"http:\/\/www.w3.org\/2000\/svg\"><path d=\"M240.971 130.524l194.343 194.343c9.373 9.373 9.373 24.569 0 33.941l-22.667 22.667c-9.357 9.357-24.522 9.375-33.901.04L224 227.495 69.255 381.516c-9.379 9.335-24.544 9.317-33.901-.04l-22.667-22.667c-9.373-9.373-9.373-24.569 0-33.941L207.03 130.525c9.372-9.373 24.568-9.373 33.941-.001z\"><\/path><\/svg><\/div>\n\t\t\t\t\t<\/div>\n\t\t\t\t<div id=\"elementor-toc__1c30362\" class=\"elementor-toc__body\">\n\t\t\t<div class=\"elementor-toc__spinner-container\">\n\t\t\t\t<svg class=\"elementor-toc__spinner eicon-animation-spin e-font-icon-svg e-eicon-loading\" aria-hidden=\"true\" viewBox=\"0 0 1000 1000\" xmlns=\"http:\/\/www.w3.org\/2000\/svg\"><path d=\"M500 975V858C696 858 858 696 858 500S696 142 500 142 142 304 142 500H25C25 237 238 25 500 25S975 237 975 500 763 975 500 975Z\"><\/path><\/svg>\t\t\t<\/div>\n\t\t<\/div>\n\t\t\t\t\t\t<\/div>\n\t\t\t\t<\/div>\n\t\t\t\t\t<\/div>\n\t\t\t\t<\/div>\n\t\t<div class=\"elementor-element elementor-element-herorght0 e-con-full e-flex e-con e-child\" data-id=\"herorght0\" data-element_type=\"container\" data-e-type=\"container\">\n\t\t\t\t<div class=\"elementor-element elementor-element-heroimg00 iwg-hero-image elementor-widget elementor-widget-image\" data-id=\"heroimg00\" data-element_type=\"widget\" data-e-type=\"widget\" data-widget_type=\"image.default\">\n\t\t\t\t\t\t\t\t\t\t\t\t\t\t\t<img fetchpriority=\"high\" decoding=\"async\" width=\"683\" height=\"1024\" src=\"https:\/\/iwell-guard.com\/wp-content\/uploads\/2026\/04\/geister_sub_rachegeister-683x1024.webp\" class=\"attachment-large size-large wp-image-170924\" alt=\"Hefndarandar - \u00fevermenningarleg samantektarmynd af undirflokki anda\" srcset=\"https:\/\/iwell-guard.com\/wp-content\/uploads\/2026\/04\/geister_sub_rachegeister-683x1024.webp 683w, https:\/\/iwell-guard.com\/wp-content\/uploads\/2026\/04\/geister_sub_rachegeister-200x300.webp 200w, https:\/\/iwell-guard.com\/wp-content\/uploads\/2026\/04\/geister_sub_rachegeister-768x1152.webp 768w, https:\/\/iwell-guard.com\/wp-content\/uploads\/2026\/04\/geister_sub_rachegeister.webp 1024w\" sizes=\"(max-width: 683px) 100vw, 683px\" \/>\t\t\t\t\t\t\t\t\t\t\t\t\t\t\t<\/div>\n\t\t\t\t<\/div>\n\t\t\t\t\t<\/div>\n\t\t\t\t<\/div>\n\t\t<div class=\"elementor-element elementor-element-wmd-s1 e-con-boxed e-flex e-con e-parent\" data-id=\"wmd-s1\" data-element_type=\"container\" data-e-type=\"container\">\n\t\t\t\t\t<div class=\"e-con-inner\">\n\t\t\t\t<div class=\"elementor-element elementor-element-wmd-h1 elementor-widget elementor-widget-heading\" data-id=\"wmd-h1\" data-element_type=\"widget\" data-e-type=\"widget\" data-widget_type=\"heading.default\">\n\t\t\t\t\t<h2 class=\"elementor-heading-title elementor-size-default\">Skj\u00f3t yfirs\u00fdn (skilgreiningarlisti)<\/h2>\t\t\t\t<\/div>\n\t\t<div class=\"elementor-element elementor-element-wmd-s1-bw e-flex e-con-boxed e-con e-parent\" data-id=\"wmd-s1-bw\" data-element_type=\"container\" data-e-type=\"container\" data-settings=\"{&quot;background_background&quot;:&quot;classic&quot;}\">\n\t\t\t\t\t<div class=\"e-con-inner\">\n\t\t\t\t<div class=\"elementor-element elementor-element-wmd-t1 elementor-widget elementor-widget-text-editor\" data-id=\"wmd-t1\" data-element_type=\"widget\" data-e-type=\"widget\" data-widget_type=\"text-editor.default\">\n\t\t\t\t\t\t\t\t\t<p><strong>Tegund:<\/strong> <span class=\"iwg-fachbegriff\" data-tooltip=\"L\u00edkamslaus vera sem talin er hafa \u00e1hrif \u00ed heiminum.\" tabindex=\"0\">andi<\/span> \/ <span class=\"iwg-fachbegriff\" data-tooltip=\"Andleg vera sem talin er hafa ska\u00f0leg e\u00f0a tv\u00edr\u00e6\u00f0 \u00e1hrif.\" tabindex=\"0\">dj\u00f6full<\/span> Flokkur: Rachegeister \u00datbrei\u00f0sla: \u00devert \u00e1 menningarheima (<span class=\"iwg-fachbegriff\" data-tooltip=\"T\u00edmabil gr\u00edskrar og r\u00f3mverskrar menningar, um 800 f.Kr. til 600 e.Kr.\" tabindex=\"0\">forn\u00f6ld<\/span>, mi\u00f0aldir, n\u00fat\u00edma <span class=\"iwg-fachbegriff\" data-tooltip=\"Hin munnm\u00e6lda \u00fej\u00f3\u00f0menning me\u00f0 si\u00f0um, s\u00f6gum og s\u00f6ngvum.\" tabindex=\"0\">\u00fej\u00f3\u00f0tr\u00fa<\/span>) Megineinkenni: hefndar\u00e1setningur, tilfinningaleg \u00e1kef\u00f0, ofs\u00f3knarheg\u00f0un, oft kvenkyns e\u00f0a h\u00f3pbundinn Tengdir undirflokkar: framli\u00f0naandar, hefndarandar (s\u00e9rflokkur), reimleikar<\/p>\t\t\t\t\t\t\t\t<\/div>\n\t\t\t\t\t<\/div>\n\t\t\t\t<\/div>\n\t\t\t\t\t<\/div>\n\t\t\t\t<\/div>\n\t\t<div class=\"elementor-element elementor-element-wmd-s2 e-con-boxed e-flex e-con e-parent\" data-id=\"wmd-s2\" data-element_type=\"container\" data-e-type=\"container\">\n\t\t\t\t\t<div class=\"e-con-inner\">\n\t\t\t\t<div class=\"elementor-element elementor-element-wmd-h2 elementor-widget elementor-widget-heading\" data-id=\"wmd-h2\" data-element_type=\"widget\" data-e-type=\"widget\" data-widget_type=\"heading.default\">\n\t\t\t\t\t<h2 class=\"elementor-heading-title elementor-size-default\">Hugtak og afm\u00f6rkun<\/h2>\t\t\t\t<\/div>\n\t\t<div class=\"elementor-element elementor-element-wmd-s2-bw e-flex e-con-boxed e-con e-parent\" data-id=\"wmd-s2-bw\" data-element_type=\"container\" data-e-type=\"container\" data-settings=\"{&quot;background_background&quot;:&quot;classic&quot;}\">\n\t\t\t\t\t<div class=\"e-con-inner\">\n\t\t\t\t<div class=\"elementor-element elementor-element-wmd-t2 elementor-widget elementor-widget-text-editor\" data-id=\"wmd-t2\" data-element_type=\"widget\" data-e-type=\"widget\" data-widget_type=\"text-editor.default\">\n\t\t\t\t\t\t\t\t\t<p>Hefndarandar (Rachegeister) eru fr\u00e1brug\u00f0nir venjulegum framli\u00f0na\u00f6ndum a\u00f0 \u00fev\u00ed leyti a\u00f0 \u00feeir starfa me\u00f0 sk\u00fdrum hefndar\u00e1setningi. Me\u00f0an framli\u00f0inn andi getur veri\u00f0 r\u00e1\u00f0villtur e\u00f0a einfaldlega \u00f3f\u00e6r um a\u00f0 fara, s\u00e6kist hefndarandi markvisst eftir markmi\u00f0i s\u00ednu.<\/p><p>\u00cd klass\u00edskum skilningi eru hefndarandar oft sterkari og h\u00e6ttulegri, \u00feeir hafa m\u00e1tt til a\u00f0 valda slysum, sj\u00fakd\u00f3mum e\u00f0a jafnvel dau\u00f0a. \u00deeim er ekki h\u00e6gt a\u00f0 fri\u00f0a me\u00f0 einf\u00f6ldum sefjunarath\u00f6fnum; \u00fea\u00f0 \u00fearf raunverulegt r\u00e9ttl\u00e6ti e\u00f0a \u00e1kve\u00f0nari t\u00f6frabindingu.<\/p><div><h3>Gr\u00edskar Erin\u00fdur og r\u00f3mverskar Dirae: alheimslegir hefnendur<\/h3><p>\u00cd fornri gr\u00edskri tr\u00faarhef\u00f0 voru <em>Erin\u00fdurnar<\/em> (einnig kalla\u00f0ar Fur\u00edur) ekki dj\u00f6fullegar ge\u00f0\u00fe\u00f3ttav\u00e6tti, heldur alheimsleg r\u00e9ttl\u00e6tis\u00f6fl. \u00de\u00e6r ofs\u00f3ttu mor\u00f0ingja og \u00fe\u00e1 sem rufu <span class=\"iwg-fachbegriff\" data-tooltip=\"M\u00e1lform\u00fala sem \u00e6tla\u00f0 er a\u00f0 valda \u00f3l\u00e1ni fyrir pers\u00f3nu e\u00f0a hlut.\" tabindex=\"0\">b\u00f6lvun<\/span> um margar kynsl\u00f3\u00f0ir, ekki af illsku heldur af frumspekilegri nau\u00f0syn: Alheimurinn \u00feolir ekki tiltekna gl\u00e6pi, og Erin\u00fdurnar eru framkv\u00e6mdaarmur \u00feeirrar reglu.<\/p><p>\u00der\u00edleikur \u00c6sk\u00fdlosar <em>Oresteia<\/em> s\u00fdnir \u00feetta ferli: Orestes myr\u00f0ir m\u00f3\u00f0ur s\u00edna Klyt\u00e6mnestru til a\u00f0 hefna f\u00f6\u00f0ur sinn, en er ofs\u00f3ttur af Erin\u00fdunum; a\u00f0eins me\u00f0 \u00edhlutun A\u00feenu og m\u00e1lsme\u00f0fer\u00f0 fyrir d\u00f3mst\u00f3l eru \u00fe\u00e6r fri\u00f0a\u00f0ar og ver\u00f0a a\u00f0 verndarkrafti borgarinnar.<\/p><p>R\u00f3mversku <em>Dirae<\/em> (<span class=\"iwg-fachbegriff\" data-tooltip=\"M\u00e1lform\u00fala sem \u00e6tla\u00f0 er a\u00f0 valda \u00f3l\u00e1ni fyrir pers\u00f3nu e\u00f0a hlut.\" tabindex=\"0\">b\u00f6lvunar<\/span>-gy\u00f0jur) virku\u00f0u \u00e1 svipa\u00f0an h\u00e1tt. B\u00e1\u00f0ar hef\u00f0irnar s\u00fdna a\u00f0 hefndarandar eru ekki illir, heldur birtingarmynd karma e\u00f0a gu\u00f0legs jafnv\u00e6gis.<\/p><\/div>\t\t\t\t\t\t\t\t<\/div>\n\t\t\t\t\t<\/div>\n\t\t\t\t<\/div>\n\t\t\t\t\t<\/div>\n\t\t\t\t<\/div>\n\t\t<div class=\"elementor-element elementor-element-wmd-s3 e-con-boxed e-flex e-con e-parent\" data-id=\"wmd-s3\" data-element_type=\"container\" data-e-type=\"container\">\n\t\t\t\t\t<div class=\"e-con-inner\">\n\t\t\t\t<div class=\"elementor-element elementor-element-wmd-h3 elementor-widget elementor-widget-heading\" data-id=\"wmd-h3\" data-element_type=\"widget\" data-e-type=\"widget\" data-widget_type=\"heading.default\">\n\t\t\t\t\t<h2 class=\"elementor-heading-title elementor-size-default\">Menningars\u00f6guleg d\u00e6mi<\/h2>\t\t\t\t<\/div>\n\t\t<div class=\"elementor-element elementor-element-wmd-s3-bw e-flex e-con-boxed e-con e-parent\" data-id=\"wmd-s3-bw\" data-element_type=\"container\" data-e-type=\"container\" data-settings=\"{&quot;background_background&quot;:&quot;classic&quot;}\">\n\t\t\t\t\t<div class=\"e-con-inner\">\n\t\t\t\t<div class=\"elementor-element elementor-element-wmd-t3 elementor-widget elementor-widget-text-editor\" data-id=\"wmd-t3\" data-element_type=\"widget\" data-e-type=\"widget\" data-widget_type=\"text-editor.default\">\n\t\t\t\t\t\t\t\t\t<p>Fornu gr\u00edsku <em>Erin\u00fdurnar<\/em> (lat. <em>Furiae<\/em>) eru h\u00f3pbundnir hefndarandar me\u00f0 alheimslegt valdsvi\u00f0, \u00fe\u00e6r ofs\u00e6kja mor\u00f0ingja, s\u00e9rstaklega m\u00f3\u00f0urmor\u00f0ingja, \u00e1n miskunnar um margar kynsl\u00f3\u00f0ir. Harmleikurinn <em>Oresteia<\/em> s\u00fdnir Erin\u00fdurnar sem \u00f3v\u00e6gnar, h\u00e1v\u00e6rar og yfir\u00feyrmandi. \u00cd R\u00f3m til forna voru <em>Dirae<\/em> svipa\u00f0ir yfirn\u00e1tt\u00farulegir hefndarsendar.<\/p><p>\u00cd japanskri <span class=\"iwg-fachbegriff\" data-tooltip=\"Hin munnm\u00e6lda \u00fej\u00f3\u00f0menning me\u00f0 si\u00f0um, s\u00f6gum og s\u00f6ngvum.\" tabindex=\"0\">\u00fej\u00f3\u00f0tr\u00fa<\/span> birtist <em>Onryo<\/em> (hefndar-<span class=\"iwg-fachbegriff\" data-tooltip=\"L\u00edkamslaus vera sem talin er hafa \u00e1hrif \u00ed heiminum.\" tabindex=\"0\">andi<\/span>) sem allra \u00f6fgafyllsta myndin: dau\u00f0lega m\u00f3\u00f0gu\u00f0 kona sem eftir dau\u00f0a sinn ofs\u00e6kir kerfisbundi\u00f0 og me\u00f0 yfirn\u00e1tt\u00farulegum m\u00e6tti \u00fe\u00e1 sem ollu henni tj\u00f3ni, me\u00f0 sj\u00fakd\u00f3mum, ge\u00f0veiki, slysum. <em>Onryo<\/em>-s\u00f6gur eru gegnumgangandi \u00ed Kabuki-leikh\u00fasi og klass\u00edskum b\u00f3kmenntum.<\/p><p>\u00cd germ\u00f6nskum menningarheimi eru til fr\u00e1sagnir af framli\u00f0num \u00f6ndum sem hefna mor\u00f0s me\u00f0 \u00fev\u00ed a\u00f0 birtast endurteki\u00f0 fyrir d\u00f3mst\u00f3l og benda \u00e1 refsingu s\u00edna. \u00c1 mi\u00f0\u00f6ldum \u00ed Evr\u00f3pu fundust beinagrindur \u00ed m\u00farverki me\u00f0 \u201ehefndarb\u00f6lvunum&#8220;, mannvistarleifar sem t\u00f6frabinding. \u00c1 Ha\u00edt\u00ed og \u00ed Vodou-hef\u00f0inni geta <em>Zombi<\/em> e\u00f0a framkalla\u00f0ir andar veri\u00f0 nota\u00f0ir sem verkf\u00e6ri hefndar gegn \u00f3vinum.<\/p><div><h3>Austuras\u00edskar hef\u00f0arl\u00ednur: jap\u00f6nsk Onryo og k\u00f3resk Cheonyeo-gwishin<\/h3><p>\u00cd austuras\u00edskum b\u00faddisma og shinto komu fram svipu\u00f0 hugt\u00f6k. Jap\u00f6nsku <em>Onryo<\/em> (dj\u00f6fullegir hefndarandar) eru manneskjur sem d\u00f3u of ungar e\u00f0a me\u00f0 ofbeldi og t\u00f3ku rei\u00f0i s\u00edna me\u00f0 s\u00e9r.<\/p><p>Fr\u00e6gur Onryo er Sugawara no Michizane, fr\u00e6\u00f0ima\u00f0ur sem var ofs\u00f3ttur \u00e1n sakar og olli h\u00f6rmungum eftir dau\u00f0a sinn, \u00fear til <span class=\"iwg-fachbegriff\" data-tooltip=\"L\u00edtill helgur var\u00f0veislu- e\u00f0a b\u00e6nasta\u00f0ur.\" tabindex=\"0\">helgireitur<\/span> var reistur honum til uppreisnar \u00e6ru.<\/p><p>\u00c1 svipa\u00f0an h\u00e1tt er k\u00f3reska <em>Cheonyeo-gwishin<\/em>, <span class=\"iwg-fachbegriff\" data-tooltip=\"L\u00edkamslaus vera sem talin er hafa \u00e1hrif \u00ed heiminum.\" tabindex=\"0\">andi<\/span> ungrar konu sem l\u00e9st (s\u00e9rstaklega ef myrt), og hefnir s\u00edn og bringar \u00f3l\u00e1n. \u00deessa anda er ekki au\u00f0velt a\u00f0 reka burt; til a\u00f0 n\u00e1 fri\u00f0i \u00fearf vi\u00f0urkenningu \u00e1 \u00f3r\u00e9ttl\u00e6tinu sem \u00feeir ur\u00f0u fyrir og athafnir til sefjunar. \u00deessi framkv\u00e6md s\u00fdnir a\u00f0 hefndarandar, s\u00e9\u00f0 fr\u00e1 s\u00e1lfr\u00e6\u00f0ilegu sj\u00f3narhorni, birta \u00f3uppger\u00f0a \u00e1fallaorku.<\/p><\/div>\t\t\t\t\t\t\t\t<\/div>\n\t\t\t\t\t<\/div>\n\t\t\t\t<\/div>\n\t\t\t\t\t<\/div>\n\t\t\t\t<\/div>\n\t\t<div class=\"elementor-element elementor-element-wmd-s4 e-con-boxed e-flex e-con e-parent\" data-id=\"wmd-s4\" data-element_type=\"container\" data-e-type=\"container\">\n\t\t\t\t\t<div class=\"e-con-inner\">\n\t\t\t\t<div class=\"elementor-element elementor-element-wmd-h4 elementor-widget elementor-widget-heading\" data-id=\"wmd-h4\" data-element_type=\"widget\" data-e-type=\"widget\" data-widget_type=\"heading.default\">\n\t\t\t\t\t<h2 class=\"elementor-heading-title elementor-size-default\">Heimildasta\u00f0a<\/h2>\t\t\t\t<\/div>\n\t\t<div class=\"elementor-element elementor-element-wmd-s4-bw e-flex e-con-boxed e-con e-parent\" data-id=\"wmd-s4-bw\" data-element_type=\"container\" data-e-type=\"container\" data-settings=\"{&quot;background_background&quot;:&quot;classic&quot;}\">\n\t\t\t\t\t<div class=\"e-con-inner\">\n\t\t\t\t<div class=\"elementor-element elementor-element-wmd-t4 elementor-widget elementor-widget-text-editor\" data-id=\"wmd-t4\" data-element_type=\"widget\" data-e-type=\"widget\" data-widget_type=\"text-editor.default\">\n\t\t\t\t\t\t\t\t\t<p>Hefndargeistir eru skjalfestir \u00ed klass\u00edskum b\u00f3kmenntum (gr\u00edskum harmleikjum, r\u00f3mverskum b\u00f3kmenntum), \u00ed jap\u00f6nskum klass\u00edskum verkum, \u00ed mi\u00f0aldaann\u00e1lum og \u00ed \u00fej\u00f3\u00f0sagnas\u00f6fnum. \u00cd s\u00e1lfr\u00e6\u00f0ilegri t\u00falkun eru fr\u00e1sagnir af hefndargeistum oft sk\u00fdr\u00f0ar sem \u00fatv\u00f6rpun sektarkenndar e\u00f0a sem sameiginlegar r\u00e9ttl\u00e6tingar fyrir \u00f3g\u00e6fu (\u00feetta \u00feorp var b\u00f6lva\u00f0 vegna \u00feess a\u00f0 \u00fear var framinn mor\u00f0).<\/p><div><h3>Kosm\u00edsk hefnd gagnvart pers\u00f3nulegri hefnd: a\u00f0greining og si\u00f0fer\u00f0ilegar spurningar<\/h3><p>Hefndar<span class=\"iwg-fachbegriff\" data-tooltip=\"L\u00edkamslaus vera sem talin er hafa \u00e1hrif \u00ed heiminum.\" tabindex=\"0\">geisti<\/span> er \u00f3l\u00edkur venjulegum illum <span class=\"iwg-fachbegriff\" data-tooltip=\"Andleg vera sem talin er hafa ska\u00f0leg e\u00f0a tv\u00edr\u00e6\u00f0 \u00e1hrif.\" tabindex=\"0\">dj\u00f6fli<\/span> a\u00f0 \u00fev\u00ed leyti hva\u00f0 hann hefur fyrir stafni: <span class=\"iwg-fachbegriff\" data-tooltip=\"Andleg vera sem talin er hafa ska\u00f0leg e\u00f0a tv\u00edr\u00e6\u00f0 \u00e1hrif.\" tabindex=\"0\">Dj\u00f6full<\/span> er ni\u00f0urrifs\u00f6fl \u00e1n tilgangs, en hefndar<span class=\"iwg-fachbegriff\" data-tooltip=\"L\u00edkamslaus vera sem talin er hafa \u00e1hrif \u00ed heiminum.\" tabindex=\"0\">geisti<\/span> framkv\u00e6mir r\u00f6kfr\u00e6\u00f0i sektar.<\/p><p>\u00deetta vekur upp si\u00f0fer\u00f0ilegar spurningar: Er hefnd l\u00f6gm\u00e6tt r\u00e9ttl\u00e6ti e\u00f0a \u00e1framhald hringr\u00e1sar? Gr\u00edskir harmleikjask\u00e1ld voru b\u00f6ls\u00fdnir (<em>Oresteia<\/em> s\u00fdnir a\u00f0 a\u00f0eins gu\u00f0leg \u00edhlutun getur rofi\u00f0 hringr\u00e1s hefndar), me\u00f0an b\u00fadd\u00edskar hef\u00f0ir leggja \u00e1herslu \u00e1 mildi (jafnvel hefndar<span class=\"iwg-fachbegriff\" data-tooltip=\"L\u00edkamslaus vera sem talin er hafa \u00e1hrif \u00ed heiminum.\" tabindex=\"0\">geistinn<\/span> getur frelsast me\u00f0 <span class=\"iwg-fachbegriff\" data-tooltip=\"\u00cd indverskum tr\u00faarbr\u00f6g\u00f0um l\u00f6gm\u00e1li\u00f0 og hin r\u00e9tta breytni.\" tabindex=\"0\">dharma<\/span>-kenningu).<\/p><p>N\u00fat\u00edma s\u00e1lfr\u00e6\u00f0ileg hugsun t\u00falkar hefndargeistir sem \u00fatvarpa\u00f0a sektarkennd: <span class=\"iwg-fachbegriff\" data-tooltip=\"Gj\u00f6f til gu\u00f0s e\u00f0a heilagrar veru til a\u00f0 tj\u00e1 \u00feakkl\u00e6ti, b\u00f3n e\u00f0a lotningu.\" tabindex=\"0\">F\u00f3rnarlambi\u00f0<\/span> ver\u00f0ur a\u00f0 gerandanum, og hefndin er \u00edmynd \u00f3uppger\u00f0rar sektar.<\/p><p>\u00deessi endurt\u00falkun leggur \u00e1herslu \u00e1 heilun fram yfir hefnd. Sj\u00e1 einnig <a href=\"https:\/\/iwell-guard.com\/is\/?page_id=168600\">Erin\u00fdjur<\/a>.<\/p><\/div>\t\t\t\t\t\t\t\t<\/div>\n\t\t\t\t\t<\/div>\n\t\t\t\t<\/div>\n\t\t\t\t\t<\/div>\n\t\t\t\t<\/div>\n\t\t<div class=\"elementor-element elementor-element-wmd-s5 e-con-boxed e-flex e-con e-parent\" data-id=\"wmd-s5\" data-element_type=\"container\" data-e-type=\"container\">\n\t\t\t\t\t<div class=\"e-con-inner\">\n\t\t\t\t<div class=\"elementor-element elementor-element-wmd-h5 elementor-widget elementor-widget-heading\" data-id=\"wmd-h5\" data-element_type=\"widget\" data-e-type=\"widget\" data-widget_type=\"heading.default\">\n\t\t\t\t\t<h2 class=\"elementor-heading-title elementor-size-default\">Merking \u00ed dag \/ Tengdar verur<\/h2>\t\t\t\t<\/div>\n\t\t<div class=\"elementor-element elementor-element-wmd-s5-bw e-flex e-con-boxed e-con e-parent\" data-id=\"wmd-s5-bw\" data-element_type=\"container\" data-e-type=\"container\" data-settings=\"{&quot;background_background&quot;:&quot;classic&quot;}\">\n\t\t\t\t\t<div class=\"e-con-inner\">\n\t\t\t\t<div class=\"elementor-element elementor-element-wmd-t5 elementor-widget elementor-widget-text-editor\" data-id=\"wmd-t5\" data-element_type=\"widget\" data-e-type=\"widget\" data-widget_type=\"text-editor.default\">\n\t\t\t\t\t\t\t\t\t<p>Hefndargeistir eru r\u00edkjandi <span class=\"iwg-fachbegriff\" data-tooltip=\"Endurteki\u00f0 efnislegt stef \u00ed list e\u00f0a fr\u00e1s\u00f6gn.\" tabindex=\"0\">minni<\/span> \u00ed n\u00fat\u00edma hryllingsmyndum og b\u00f3kmenntum: go\u00f0s\u00f6gnin um \u201ehv\u00edtu konuna&#8220; e\u00f0a \u201ekonuna \u00ed hv\u00edtu&#8220; \u00e1 slysst\u00f6\u00f0um er oft fr\u00e1s\u00f6gn af hefndargeisti.<\/p><p>Yfirn\u00e1tt\u00faruranns\u00f3knir skjalfesta reglulega s\u00f6gur af f\u00f3lki sem upplifir \u00f3\u00fatsk\u00fdranleg slys e\u00f0a sj\u00fakd\u00f3ma eftir a\u00f0 hafa broti\u00f0 tab\u00fa e\u00f0a ska\u00f0a\u00f0 einhvern, n\u00fat\u00edma birtingarmynd tr\u00faarins \u00e1 hefndargeistir. <em>Poltergeist<\/em>-fyrirb\u00e6ri eru oft sk\u00fdr\u00f0 me\u00f0 \u00f3me\u00f0vitu\u00f0um hefndarhv\u00f6tum. N\u00e1skyldar verur eru <em>vofir hinna d\u00e1nu<\/em> (\u00e1n hefndar\u00e1setnings) og <em>dj\u00f6flar<\/em>, sem valda ska\u00f0a af yfirl\u00f6g\u00f0u r\u00e1\u00f0i en \u00e1n pers\u00f3nulegs \u00e1reitis.<\/p>\t\t\t\t\t\t\t\t<\/div>\n\t\t\t\t\t<\/div>\n\t\t\t\t<\/div>\n\t\t\t\t\t<\/div>\n\t\t\t\t<\/div>\n\t\t<div class=\"elementor-element elementor-element-85b2bbe e-con-boxed e-flex e-con e-parent\" data-id=\"85b2bbe\" data-element_type=\"container\" data-e-type=\"container\">\n\t\t\t\t\t<div class=\"e-con-inner\">\n\t\t\t\t<div class=\"elementor-element elementor-element-7e69c88 elementor-widget elementor-widget-heading\" data-id=\"7e69c88\" data-element_type=\"widget\" data-e-type=\"widget\" data-widget_type=\"heading.default\">\n\t\t\t\t\t<h2 class=\"elementor-heading-title elementor-size-default\">\u00cdtarefni<\/h2>\t\t\t\t<\/div>\n\t\t\t\t<div class=\"elementor-element elementor-element-91ceda9 elementor-widget elementor-widget-heading\" data-id=\"91ceda9\" data-element_type=\"widget\" data-e-type=\"widget\" data-widget_type=\"heading.default\">\n\t\t\t\t\t<h3 class=\"elementor-heading-title elementor-size-default\">Tegundafr\u00e6\u00f0i hefndarverksins<\/h3>\t\t\t\t<\/div>\n\t\t<div class=\"elementor-element elementor-element-bw-e7365a2-2ac5ed4 e-flex e-con-boxed e-con e-parent\" data-id=\"bw-e7365a2-2ac5ed4\" data-element_type=\"container\" data-e-type=\"container\" data-settings=\"{&quot;background_background&quot;:&quot;classic&quot;}\">\n\t\t\t\t\t<div class=\"e-con-inner\">\n\t\t\t\t<div class=\"elementor-element elementor-element-e7365a2 elementor-widget elementor-widget-text-editor\" data-id=\"e7365a2\" data-element_type=\"widget\" data-e-type=\"widget\" data-widget_type=\"text-editor.default\">\n\t\t\t\t\t\t\t\t\t<p>Hefndargeistir myndast s\u00e9rstakan flokk me\u00f0al hinna \u00f3v\u00e6ru framli\u00f0nu. \u00deeir eru \u00f3l\u00edkir venjulegum draugagangi vegna <em>markvissrar<\/em> \u00e1r\u00e1sargirni sinnar: verkanir \u00feeirra beinast a\u00f0 \u00e1kve\u00f0num einstaklingum e\u00f0a fj\u00f6lskyldum, oft yfir margar kynsl\u00f3\u00f0ir.<\/p><p>Klass\u00edsk d\u00e6mi eru gr\u00edsku Erin\u00fdjurnar, sem hefna bl\u00f3\u00f0gl\u00e6pa innan eigin \u00e6ttar, og jap\u00f6nsku Onry\u014d, oftast konur sem ur\u00f0u fyrir \u00f3r\u00e9tti \u00ed lifanda l\u00edfi og leita eftir dau\u00f0ann kerfisbundinnar hefndar.<\/p>\t\t\t\t\t\t\t\t<\/div>\n\t\t\t\t\t<\/div>\n\t\t\t\t<\/div>\n\t\t\t\t<div class=\"elementor-element elementor-element-bb1a88e elementor-widget elementor-widget-heading\" data-id=\"bb1a88e\" data-element_type=\"widget\" data-e-type=\"widget\" data-widget_type=\"heading.default\">\n\t\t\t\t\t<h3 class=\"elementor-heading-title elementor-size-default\">Go\u00f0sagnalegt og lagalegt hlutverk<\/h3>\t\t\t\t<\/div>\n\t\t<div class=\"elementor-element elementor-element-bw-951fcb7-bda394e e-flex e-con-boxed e-con e-parent\" data-id=\"bw-951fcb7-bda394e\" data-element_type=\"container\" data-e-type=\"container\" data-settings=\"{&quot;background_background&quot;:&quot;classic&quot;}\">\n\t\t\t\t\t<div class=\"e-con-inner\">\n\t\t\t\t<div class=\"elementor-element elementor-element-951fcb7 elementor-widget elementor-widget-text-editor\" data-id=\"951fcb7\" data-element_type=\"widget\" data-e-type=\"widget\" data-widget_type=\"text-editor.default\">\n\t\t\t\t\t\t\t\t\t<p>Hefndargeistir eru meira en fr\u00e1sagnarstef: \u00ed fortr\u00faarlegum samf\u00e9l\u00f6gum gegndu \u00feeir hlutverki tr\u00faarlega-lagalegs \u00farskur\u00f0ara\u00f0ila. \u00dear sem mannger\u00f0ur r\u00e9ttur br\u00e1st e\u00f0a verk og gerandi voru \u00f3a\u00f0gengileg, trygg\u00f0i tr\u00fain \u00e1 hefndargeistir a\u00f0 \u00f3r\u00e9ttur st\u00e6\u00f0i ekki \u00f3b\u00e6ttur.<\/p><p>Erin\u00fdjurnar veittu Orestes eftirf\u00f6r fyrir mor\u00f0i\u00f0 \u00e1 m\u00f3\u00f0ur sinni, \u00feanga\u00f0 til A\u00feena sk\u00f3p Areopagos, d\u00f3mst\u00f3l manna, sem stofnanalega sta\u00f0gengil.<\/p>\t\t\t\t\t\t\t\t<\/div>\n\t\t\t\t\t<\/div>\n\t\t\t\t<\/div>\n\t\t\t\t<div class=\"elementor-element elementor-element-1f558bd elementor-widget elementor-widget-heading\" data-id=\"1f558bd\" data-element_type=\"widget\" data-e-type=\"widget\" data-widget_type=\"heading.default\">\n\t\t\t\t\t<h3 class=\"elementor-heading-title elementor-size-default\">S\u00e1ttf\u00fdsi \u00ed sta\u00f0 varna<\/h3>\t\t\t\t<\/div>\n\t\t<div class=\"elementor-element elementor-element-bw-403a695-19ec034 e-flex e-con-boxed e-con e-parent\" data-id=\"bw-403a695-19ec034\" data-element_type=\"container\" data-e-type=\"container\" data-settings=\"{&quot;background_background&quot;:&quot;classic&quot;}\">\n\t\t\t\t\t<div class=\"e-con-inner\">\n\t\t\t\t<div class=\"elementor-element elementor-element-403a695 elementor-widget elementor-widget-text-editor\" data-id=\"403a695\" data-element_type=\"widget\" data-e-type=\"widget\" data-widget_type=\"text-editor.default\">\n\t\t\t\t\t\t\t\t\t<p>\u00dear sem hefndargeistum ver\u00f0ur sjaldan b\u00e6gt fr\u00e1 me\u00f0 einf\u00f6ldum varnara\u00f0ger\u00f0um, \u00fev\u00ed \u00feeir grundvallast \u00e1 \u00f3r\u00e9tti, sn\u00faast hef\u00f0bundnar athafnir um <em>s\u00e1tt<\/em> og <em>b\u00e6tur<\/em>. \u00cd jap\u00f6nskum Onry\u014d-<span class=\"iwg-fachbegriff\" data-tooltip=\"Heild tr\u00faarlegra d\u00fdrkunara\u00f0ger\u00f0a fyrir gu\u00f0 e\u00f0a heilaga veru.\" tabindex=\"0\">d\u00fdrkun<\/span> eru ey\u00f0ingar\u00f6fl fri\u00f0u\u00f0 me\u00f0 gu\u00f0gervingu og me\u00f0 \u00fev\u00ed a\u00f0 koma \u00e1 f\u00f3t eigin helgid\u00f3mi, Sugawara no Michizane var\u00f0 \u00feannig a\u00f0 Tenjin, <span class=\"iwg-fachbegriff\" data-tooltip=\"\u00cd jap\u00f6nskri sjint\u00f3tr\u00fa hinar d\u00fdrku\u00f0u andaverur og gu\u00f0legu m\u00e1ttarv\u00f6ld.\" tabindex=\"0\">kami<\/span> l\u00e6rd\u00f3ms.<\/p>\t\t\t\t\t\t\t\t<\/div>\n\t\t\t\t\t<\/div>\n\t\t\t\t<\/div>\n\t\t\t\t<div class=\"elementor-element elementor-element-66a63f6 elementor-widget elementor-widget-heading\" data-id=\"66a63f6\" data-element_type=\"widget\" data-e-type=\"widget\" data-widget_type=\"heading.default\">\n\t\t\t\t\t<h3 class=\"elementor-heading-title elementor-size-default\">N\u00fat\u00edmaleg t\u00falkun<\/h3>\t\t\t\t<\/div>\n\t\t<div class=\"elementor-element elementor-element-bw-78e4065-9e95297 e-flex e-con-boxed e-con e-parent\" data-id=\"bw-78e4065-9e95297\" data-element_type=\"container\" data-e-type=\"container\" data-settings=\"{&quot;background_background&quot;:&quot;classic&quot;}\">\n\t\t\t\t\t<div class=\"e-con-inner\">\n\t\t\t\t<div class=\"elementor-element elementor-element-78e4065 elementor-widget elementor-widget-text-editor\" data-id=\"78e4065\" data-element_type=\"widget\" data-e-type=\"widget\" data-widget_type=\"text-editor.default\">\n\t\t\t\t\t\t\t\t\t<footer class=\"iwg-literatur\"><p>S\u00e1lfr\u00e6\u00f0ilega m\u00e1 skilja hefndargeistir sem myndbirtingar \u00f3unninnar sektarkenndar \u00ed fj\u00f6lskyldum og samf\u00e9l\u00f6gum. Fr\u00e1s\u00f6gnin um <span class=\"iwg-fachbegriff\" data-tooltip=\"L\u00edkamslaus vera sem talin er hafa \u00e1hrif \u00ed heiminum.\" tabindex=\"0\">geistinn<\/span> krefst \u00feess af samf\u00e9laginu a\u00f0 \u00fea\u00f0 minnist og f\u00e1ist vi\u00f0 fort\u00ed\u00f0ina. \u00c1 iWell Guard fj\u00f6llum vi\u00f0 um hefndargeistir b\u00e6\u00f0i \u00e1 go\u00f0sagnalegan h\u00e1tt og \u00ed menningarlegu og s\u00e1lfr\u00e6\u00f0ilegu hlutverki \u00feeirra, og gerum \u00e1vallt sk\u00fdran greinarmun milli s\u00f6gulegra heimilda og \u00fej\u00f3\u00f0legrar t\u00falkunar.<\/p><div data-nosnippet=\"true\" class=\"iwg-litliste\"><p><strong>\u00darval heimilda um hefndargeistir:<\/strong><\/p><ul><li><span data-nosnippet><strong>Bremmer, Jan N.<\/strong>: <em>The Early Greek Concept of the Soul. Princeton University Press, Princeton 1983.<\/em><\/span><\/li><li><span data-nosnippet><strong>Burkert, Walter<\/strong>: <em>Griechische Religion der archaischen und klassischen Epoche. Kohlhammer, Stuttgart 1977.<\/em><\/span><\/li><\/ul><p style=\"font-size:0.9em;opacity:0.85\"><em>Athugasemd:<\/em> \u00deetta \u00farval er til lei\u00f0sagnar; n\u00e1kv\u00e6mari greinar fylgja eigin, samantekinni heimildaskr\u00e1.<\/p><\/div><\/footer>\n<p class=\"iwg-bib-more\"><span data-nosnippet>Fleiri grunnrit \u00ed <a href=\"https:\/\/iwell-guard.com\/is\/?page_id=168730\">heimildaskr\u00e1nni<\/a>.<\/span><\/p>\t\t\t\t\t\t\t\t<\/div>\n\t\t\t\t\t<\/div>\n\t\t\t\t<\/div>\n\t\t\t\t\t<\/div>\n\t\t\t\t<\/div>\n\t\t<div class=\"elementor-element elementor-element-iwgce-rach-sec e-flex e-con-boxed e-con e-parent\" data-id=\"iwgce-rach-sec\" data-element_type=\"container\" data-e-type=\"container\" id=\"iwg-ce-rachegeister\">\n\t\t\t\t\t<div class=\"e-con-inner\">\n\t\t<div class=\"elementor-element elementor-element-iwgce-rach-inner e-flex e-con-boxed e-con e-parent\" data-id=\"iwgce-rach-inner\" data-element_type=\"container\" data-e-type=\"container\" data-settings=\"{&quot;background_background&quot;:&quot;classic&quot;}\">\n\t\t\t\t\t<div class=\"e-con-inner\">\n\t\t\t\t<div class=\"elementor-element elementor-element-iwgce-rach-h iwg-ce-heading elementor-widget elementor-widget-heading\" data-id=\"iwgce-rach-h\" data-element_type=\"widget\" data-e-type=\"widget\" data-widget_type=\"heading.default\">\n\t\t\t\t\t<h2 class=\"elementor-heading-title elementor-size-default\">iWell Guard og verndarhef\u00f0ir<\/h2>\t\t\t\t<\/div>\n\t\t\t\t<div class=\"elementor-element elementor-element-iwgce-rach-t iwg-ce-intro elementor-widget elementor-widget-text-editor\" data-id=\"iwgce-rach-t\" data-element_type=\"widget\" data-e-type=\"widget\" data-widget_type=\"text-editor.default\">\n\t\t\t\t\t\t\t\t\t<p>Hefndargeistirnir sem h\u00e9r eru teknir saman eru tr\u00faarfr\u00e6\u00f0ilega l\u00fdstar verur \u00far \u00fdmsum menningarheimum.<\/p><div data-nosnippet=\"true\"><p>iWell Guard tengist \u00e1r\u00fe\u00fasunda gamalli hef\u00f0 berb\u00e6rra verndargripa, fr\u00e1 <a href=\"https:\/\/iwell-guard.com\/is\/?page_id=168584\">Pazuzu<\/a>-hengjum \u00ed Mes\u00f3p\u00f3tam\u00edu, gegnum <a href=\"https:\/\/iwell-guard.com\/is\/?page_id=168899\">Hamsa<\/a> og <a href=\"https:\/\/iwell-guard.com\/is\/?page_id=168901\">verndargripi gegn illu auga<\/a> vi\u00f0 Mi\u00f0jar\u00f0arhafi\u00f0, til <a href=\"https:\/\/iwell-guard.com\/is\/?page_id=168900\">Mezuzah<\/a> \u00e1 dyrast\u00f6fum j\u00fadenskra heimila og kristinna verndarmedal\u00edu.<\/p><\/div><div data-nosnippet=\"true\"><p>N\u00fat\u00edmaleg \u00fatg\u00e1fa af \u00feessu, framleidd \u00ed \u00de\u00fdskalandi, me\u00f0 sk\u00fdrt skjalfestri efnisuppbyggingu (41 lag, alv\u00f6ru gull, plat\u00edna, silfur). 30 daga skilar\u00e9ttur.<\/p><\/div>\t\t\t\t\t\t\t\t<\/div>\n\t\t\t\t<div class=\"elementor-element elementor-element-iwgce-rach-b iwg-ce-button iwg-ce-cta-2026-05-12 elementor-widget elementor-widget-jet-button\" data-id=\"iwgce-rach-b\" data-element_type=\"widget\" data-e-type=\"widget\" data-widget_type=\"jet-button.default\">\n\t\t\t\t<div class=\"elementor-widget-container\">\n\t\t\t\t\t<div class=\"elementor-jet-button jet-elements\"><div class=\"jet-button__container\"><a class=\"jet-button__instance jet-button__instance--icon-left hover-effect-1\" href=\"\/schutzanhaenger-iwell-guard-kaufen\/\"><div class=\"jet-button__plane jet-button__plane-normal\"><\/div><div class=\"jet-button__plane jet-button__plane-hover\"><\/div><div class=\"jet-button__state jet-button__state-normal\"><span class=\"jet-button__label\">Meira um iWell Guard<\/span><\/div><div class=\"jet-button__state jet-button__state-hover\"><span class=\"jet-button__label\">Meira um iWell Guard<\/span><\/div><\/a><\/div><\/div><style>.elementor-element.elementor-element-iwgce-rach-b .jet-button__instance{width:320px;height:56px;}.elementor-element.elementor-element-iwgce-rach-b .jet-button__state-normal .jet-button__label{text-align:center;margin:0px 0px 0px 0px;color:#1a1b20;font-family:Montserrat,sans-serif;font-size:13px;font-weight:400;letter-spacing:4px;line-height:1.714em;text-transform:uppercase;}.elementor-element.elementor-element-iwgce-rach-b .jet-button__state-hover .jet-button__label{text-align:center;margin:0px 0px 0px 0px;color:#FECC76;font-family:Montserrat,sans-serif;font-size:13px;font-weight:400;letter-spacing:4px;line-height:1.714em;text-transform:uppercase;}.elementor-element.elementor-element-iwgce-rach-b .jet-button__plane-normal{background-color:#FECC76;border-style:solid;border-color:#C99540;border-width:2px 2px 2px 2px;}.elementor-element.elementor-element-iwgce-rach-b .jet-button__plane-hover{background-color:rgba(0,0,0,0.55);border-style:solid;border-color:#FECC76;border-width:2px 2px 2px 2px;}<\/style>\t\t\t\t<\/div>\n\t\t\t\t<\/div>\n\t\t\t\t<div class=\"elementor-element elementor-element-iwgce-rach-d iwg-ce-disclaimer elementor-widget elementor-widget-text-editor\" data-id=\"iwgce-rach-d\" data-element_type=\"widget\" data-e-type=\"widget\" data-widget_type=\"text-editor.default\">\n\t\t\t\t\t\t\t\t\t<div data-nosnippet=\"true\"><p style=\"text-align:center;font-size:13px;opacity:0.7;margin-top:14px\" data-nosnippet=\"true\">Ekki l\u00e6kningat\u00e6ki. Engin lofor\u00f0 um l\u00e6kningu. Pers\u00f3nuleg upplifun getur veri\u00f0 mismunandi.<\/p><\/div>\t\t\t\t\t\t\t\t<\/div>\n\t\t\t\t\t<\/div>\n\t\t\t\t<\/div>\n\t\t\t\t\t<\/div>\n\t\t\t\t<\/div>\n\t\t\t\t<section class=\"elementor-section elementor-top-section elementor-element elementor-element-p3r-rachegeister-cl-eeef8e elementor-section-boxed elementor-section-height-default elementor-section-height-default\" data-id=\"p3r-rachegeister-cl-eeef8e\" data-element_type=\"section\" data-e-type=\"section\">\n\t\t\t\t\t\t<div class=\"elementor-container elementor-column-gap-default\">\n\t\t\t\t\t<div class=\"elementor-column elementor-col-100 elementor-top-column elementor-element elementor-element-p3r-rachegeister-col-66ba\" data-id=\"p3r-rachegeister-col-66ba\" data-element_type=\"column\" data-e-type=\"column\">\n\t\t\t<div class=\"elementor-widget-wrap elementor-element-populated\">\n\t\t\t\t\t\t<div class=\"elementor-element elementor-element-p3r-rachegeister-cl-h elementor-widget elementor-widget-heading\" data-id=\"p3r-rachegeister-cl-h\" data-element_type=\"widget\" data-e-type=\"widget\" data-widget_type=\"heading.default\">\n\t\t\t\t\t<h2 class=\"elementor-heading-title elementor-size-default\">Hefndargeistir \u00ed samanbur\u00f0i menningarheima<\/h2>\t\t\t\t<\/div>\n\t\t\t\t<div class=\"elementor-element elementor-element-p3r-rachegeister-cl-t elementor-widget elementor-widget-text-editor\" data-id=\"p3r-rachegeister-cl-t\" data-element_type=\"widget\" data-e-type=\"widget\" data-widget_type=\"text-editor.default\">\n\t\t\t\t\t\t\t\t\t\nHefndarandar eru yfirn\u00e1tt\u00farulegar v\u00e6ttir sem sn\u00faa aftur til hins jar\u00f0neska heims sem vi\u00f0br\u00f6g\u00f0 vi\u00f0 \u00f3uppger\u00f0um rangl\u00e6tisverkum e\u00f0a \u00f3leystum l\u00edfs\u00e1t\u00f6kum. \u00d3l\u00edkt hreinum vofum e\u00f0a draugum bera \u00feeir me\u00f0 s\u00e9r \u00e1kve\u00f0na \u00e1st\u00e6\u00f0u, svik, mor\u00f0, ei\u00f0rof, \u00f3uppger\u00f0a vans\u00e6md. \u00dea\u00f0 sem gengur \u00fevert \u00e1 menningarheima er \u00feetta: fyrst \u00feegar verki\u00f0 er b\u00e6tt fyrir e\u00f0a \u00feeirri vir\u00f0ingu sem skuldast er komi\u00f0 \u00e1 a\u00f0 n\u00fdju finna hefndarandar fri\u00f0.<\/p>\n<p>\u00deekktir hefndarandar \u00ed iWell-Guard-lex\u00edkoninu eru me\u00f0al annars: <a href=\"https:\/\/iwell-guard.com\/is\/?page_id=168600\">Er\u00edn\u00fdjur<\/a> (gr\u00edskar hefndargy\u00f0jur sem elta ei\u00f0rofa og bl\u00f3\u00f0sk\u00f6mm framara), <a href=\"https:\/\/iwell-guard.com\/is\/?page_id=168605\">Dirae<\/a> (r\u00f3mverska hli\u00f0st\u00e6\u00f0an), <a href=\"https:\/\/iwell-guard.com\/is\/?page_id=168599\">Kerar<\/a> (gr\u00edskar dau\u00f0a- og tort\u00edmingarv\u00e6ttir), <a href=\"https:\/\/iwell-guard.com\/is\/?page_id=168665\">Y\u016brei<\/a> (japanskir andar me\u00f0 \u00f3uppger\u00f0a heift), <a href=\"https:\/\/iwell-guard.com\/is\/?page_id=168632\">Banshee<\/a> (\u00edrskur harma- og dau\u00f0abo\u00f0i), <a href=\"https:\/\/iwell-guard.com\/is\/?page_id=168670\">Cheonyeo-gwishin<\/a> (k\u00f3reskir meyd\u00f3msandar), <a href=\"https:\/\/iwell-guard.com\/is\/?page_id=168631\">Mara<\/a> (germanskur martra\u00f0ar-<span class=\"iwg-fachbegriff\" data-tooltip=\"L\u00edkamslaus vera sem s\u00f6g\u00f0 er hafa \u00e1hrif \u00ed heiminum.\" tabindex=\"0\">andi<\/span>).<\/p><p>Meirihluti \u00feeirra er kvenkyns, sem v\u00edsar me\u00f0 byggingarlegum h\u00e6tti til st\u00f6\u00f0u kvenna \u00ed fe\u00f0raveldissamf\u00e9l\u00f6gum: oft fengu \u00fe\u00e6r r\u00f6dd og v\u00f6ld fyrst \u00ed dau\u00f0anum.<\/p>\t\t\t\t\t\t\t\t<\/div>\n\t\t\t\t\t<\/div>\n\t\t<\/div>\n\t\t\t\t\t<\/div>\n\t\t<\/section>\n\t\t\t\t<section class=\"elementor-section elementor-top-section elementor-element elementor-element-p3r-rachegeister-faq-0db874 elementor-section-boxed elementor-section-height-default elementor-section-height-default\" data-id=\"p3r-rachegeister-faq-0db874\" data-element_type=\"section\" data-e-type=\"section\">\n\t\t\t\t\t\t<div class=\"elementor-container elementor-column-gap-default\">\n\t\t\t\t\t<div class=\"elementor-column elementor-col-100 elementor-top-column elementor-element elementor-element-p3r-rachegeister-fcol-e1df\" data-id=\"p3r-rachegeister-fcol-e1df\" data-element_type=\"column\" data-e-type=\"column\">\n\t\t\t<div class=\"elementor-widget-wrap elementor-element-populated\">\n\t\t\t\t\t\t<div class=\"elementor-element elementor-element-p3r-rachegeister-faq-h elementor-widget elementor-widget-heading\" data-id=\"p3r-rachegeister-faq-h\" data-element_type=\"widget\" data-e-type=\"widget\" data-widget_type=\"heading.default\">\n\t\t\t\t\t<h2 class=\"elementor-heading-title elementor-size-default\">Algengar spurningar um hefndaranda \u00ed samanbur\u00f0i menningarheima<\/h2>\t\t\t\t<\/div>\n\t\t\t\t<div class=\"elementor-element elementor-element-p3r-rachegeister-faq-t elementor-widget elementor-widget-text-editor\" data-id=\"p3r-rachegeister-faq-t\" data-element_type=\"widget\" data-e-type=\"widget\" data-widget_type=\"text-editor.default\">\n\t\t\t\t\t\t\t\t\t\n<details class=\"iwg-faq-item\">\n  <summary><strong>Hva\u00f0 eru hefndarandar \u00ed <span class=\"iwg-fachbegriff\" data-tooltip=\"Heildarsafn arfsagna um gu\u00f0i \u00ed \u00e1kve\u00f0inni menningu.\" tabindex=\"0\">go\u00f0afr\u00e6\u00f0i<\/span>?<\/strong><\/summary>\n  <p>Hefndarandar eru yfirn\u00e1tt\u00farulegar v\u00e6ttir sem sn\u00faa aftur til hins jar\u00f0neska heims sem vi\u00f0br\u00f6g\u00f0 vi\u00f0 \u00f3uppger\u00f0um rangl\u00e6tisverkum. \u00d3l\u00edkt almennum vofum bera \u00feeir me\u00f0 s\u00e9r \u00e1kve\u00f0na \u00e1st\u00e6\u00f0u, svik, mor\u00f0, ei\u00f0rof, \u00f3uppger\u00f0a vans\u00e6md. \u00deeir finna ekki fri\u00f0 fyrr en verki\u00f0 er b\u00e6tt fyrir e\u00f0a vir\u00f0ingin sem skuldast er komi\u00f0 \u00e1 a\u00f0 n\u00fdju. \u00deekkt d\u00e6mi eru gr\u00edsku Er\u00edn\u00fdjurnar, jap\u00f6nsku Y\u016brei og \u00edrska Banshee.<\/p>\n<\/details>\n\n<details class=\"iwg-faq-item\">\n  <summary><strong>Hvers vegna eru hefndarandar oft kvenkyns?<\/strong><\/summary>\n  <p>Hin algenga kvenkynstenging hefur byggingarlegar r\u00e6tur: \u00ed fe\u00f0raveldissamf\u00e9l\u00f6gum fengu konur oft r\u00f6dd og v\u00f6ld fyrst eftir dau\u00f0ann. Er\u00edn\u00fdjurnar, Y\u016brei, Cheonyeo-gwishin e\u00f0a Banshee virka \u00feannig sem t\u00e1knr\u00e6nir b\u00f3tara\u00f0ilar fyrir rangl\u00e6ti sem konurnar ur\u00f0u fyrir \u00ed l\u00edfinu, af hendi eiginmanns, fj\u00f6lskyldu, nau\u00f0gara e\u00f0a samf\u00e9lagslegra vi\u00f0mi\u00f0a. \u00cd dau\u00f0anum ver\u00f0a \u00fe\u00e6r \u00f3umfl\u00fdjanlegar \u00e1k\u00e6rendur.<\/p>\n<\/details>\t\t\t\t\t\t\t\t<\/div>\n\t\t\t\t<div class=\"elementor-element elementor-element-p3r-rachegeister-faq-s elementor-widget elementor-widget-html\" data-id=\"p3r-rachegeister-faq-s\" data-element_type=\"widget\" data-e-type=\"widget\" data-widget_type=\"html.default\">\n\t\t\t\t\t<script type=\"application\/ld+json\">{\"@context\": \"https:\/\/schema.org\", \"@type\": \"FAQPage\", \"mainEntity\": [{\"@type\": \"Question\", \"name\": \"Hva\u00f0 eru hefndarandar \u00ed go\u00f0afr\u00e6\u00f0i?\", \"acceptedAnswer\": {\"@type\": \"Answer\", \"text\": \"Hefndarandar eru yfirn\u00e1tt\u00farulegar v\u00e6ttir sem sn\u00faa aftur til hins jar\u00f0neska heims sem vi\u00f0br\u00f6g\u00f0 vi\u00f0 \u00f3uppger\u00f0um rangl\u00e6tisverkum. \u00d3l\u00edkt almennum vofum bera \u00feeir me\u00f0 s\u00e9r \u00e1kve\u00f0na \u00e1st\u00e6\u00f0u \u2014 svik, mor\u00f0, ei\u00f0rof, \u00f3uppger\u00f0a vans\u00e6md. \u00deeir finna ekki fri\u00f0 fyrr en verki\u00f0 er b\u00e6tt fyrir e\u00f0a vir\u00f0ingin sem skuldast er komi\u00f0 \u00e1 a\u00f0 n\u00fdju. \u00deekkt d\u00e6mi eru gr\u00edsku Er\u00edn\u00fdjurnar, jap\u00f6nsku Y\u016brei og \u00edrska Banshee.\"}}, {\"@type\": \"Question\", \"name\": \"Hvers vegna eru hefndarandar oft kvenkyns?\", \"acceptedAnswer\": {\"@type\": \"Answer\", \"text\": \"Hin algenga kvenkynstenging hefur byggingarlegar r\u00e6tur: \u00ed fe\u00f0raveldissamf\u00e9l\u00f6gum fengu konur oft r\u00f6dd og v\u00f6ld fyrst eftir dau\u00f0ann. Er\u00edn\u00fdjurnar, Y\u016brei, Cheonyeo-gwishin e\u00f0a Banshee virka \u00feannig sem t\u00e1knr\u00e6nir b\u00f3tara\u00f0ilar fyrir rangl\u00e6ti sem konurnar ur\u00f0u fyrir \u00ed l\u00edfinu \u2014 af hendi eiginmanns, fj\u00f6lskyldu, nau\u00f0gara e\u00f0a samf\u00e9lagslegra vi\u00f0mi\u00f0a. \u00cd dau\u00f0anum ver\u00f0a \u00fe\u00e6r \u00f3umfl\u00fdjanlegar \u00e1k\u00e6rendur.\"}}]}<\/script>\t\t\t\t<\/div>\n\t\t\t\t\t<\/div>\n\t\t<\/div>\n\t\t\t\t\t<\/div>\n\t\t<\/section>\n\t\t\t\t<\/div>\n\t\t","protected":false},"excerpt":{"rendered":"","protected":false},"author":3,"featured_media":1845,"parent":0,"menu_order":0,"comment_status":"closed","ping_status":"closed","template":"elementor_header_footer","meta":{"_yoast_wpseo_focuskw":"Hefndarandar","_yoast_wpseo_title":"Rachegeister \u2013 Erin\u00fdur, Onryo og hefndarandar","_yoast_wpseo_metadesc":"Rachegeister ofs\u00e6kja mor\u00f0ingja s\u00edna. Fr\u00e6\u00f0ist um Erin\u00fdur, Onryo og a\u00f0ra hefndaranda \u00fevert \u00e1 menningarheima.","_yoast_wpseo_meta-robots-noindex":"","_yoast_wpseo_canonical":"","_angie_page":false,"gefaehrdungsstufe":"","wesen_kultur":"","wesen_klasse":"","footnotes":""},"categories":[],"class_list":["post-168704","page","type-page","status-publish","has-post-thumbnail","hentry"],"yoast_head":"<!-- This site is optimized with the Yoast SEO Premium plugin v27.7 (Yoast SEO v28.3) - https:\/\/yoast.com\/product\/yoast-seo-premium-wordpress\/ -->\n<title>Rachegeister \u2013 Erin\u00fdur, Onryo og hefndarandar<\/title>\n<meta name=\"description\" content=\"Rachegeister ofs\u00e6kja mor\u00f0ingja s\u00edna. Fr\u00e6\u00f0ist um Erin\u00fdur, Onryo og a\u00f0ra hefndaranda \u00fevert \u00e1 menningarheima.\" \/>\n<meta name=\"robots\" content=\"index, follow, max-snippet:-1, max-image-preview:large, max-video-preview:-1\" \/>\n<link rel=\"canonical\" href=\"https:\/\/iwell-guard.com\/is\/hefndarandar\/\" \/>\n<meta property=\"og:locale\" content=\"is_IS\" \/>\n<meta property=\"og:type\" content=\"article\" \/>\n<meta property=\"og:title\" content=\"Hefndarandar\" \/>\n<meta property=\"og:description\" content=\"Rachegeister ofs\u00e6kja mor\u00f0ingja s\u00edna. Fr\u00e6\u00f0ist um Erin\u00fdur, Onryo og a\u00f0ra hefndaranda \u00fevert \u00e1 menningarheima.\" \/>\n<meta property=\"og:url\" content=\"https:\/\/iwell-guard.com\/is\/hefndarandar\/\" \/>\n<meta property=\"og:site_name\" content=\"iWell Guard\" \/>\n<meta property=\"article:modified_time\" content=\"2026-09-05T14:17:18+00:00\" \/>\n<meta property=\"og:image\" content=\"https:\/\/iwell-guard.com\/wp-content\/uploads\/2026\/04\/geister_sub_rachegeister.webp\" \/>\n\t<meta property=\"og:image:width\" content=\"1024\" \/>\n\t<meta property=\"og:image:height\" content=\"1536\" \/>\n\t<meta property=\"og:image:type\" content=\"image\/webp\" \/>\n<meta name=\"twitter:card\" content=\"summary_large_image\" \/>\n<script type=\"application\/ld+json\" class=\"yoast-schema-graph\">{\"@context\":\"https:\\\/\\\/schema.org\",\"@graph\":[{\"@type\":\"WebPage\",\"@id\":\"https:\\\/\\\/iwell-guard.com\\\/is\\\/hefndarandar\\\/\",\"url\":\"https:\\\/\\\/iwell-guard.com\\\/is\\\/hefndarandar\\\/\",\"name\":\"Rachegeister \u2013 Erin\u00fdur, Onryo og hefndarandar\",\"isPartOf\":{\"@id\":\"https:\\\/\\\/iwell-guard.com\\\/is\\\/#website\"},\"primaryImageOfPage\":{\"@id\":\"https:\\\/\\\/iwell-guard.com\\\/is\\\/hefndarandar\\\/#primaryimage\"},\"image\":{\"@id\":\"https:\\\/\\\/iwell-guard.com\\\/is\\\/hefndarandar\\\/#primaryimage\"},\"thumbnailUrl\":\"https:\\\/\\\/iwell-guard.com\\\/wp-content\\\/uploads\\\/2026\\\/04\\\/geister_sub_rachegeister.webp\",\"datePublished\":\"2026-09-05T14:02:18+00:00\",\"dateModified\":\"2026-09-05T14:17:18+00:00\",\"description\":\"Rachegeister ofs\u00e6kja mor\u00f0ingja s\u00edna. Fr\u00e6\u00f0ist um Erin\u00fdur, Onryo og a\u00f0ra hefndaranda \u00fevert \u00e1 menningarheima.\",\"breadcrumb\":{\"@id\":\"https:\\\/\\\/iwell-guard.com\\\/is\\\/hefndarandar\\\/#breadcrumb\"},\"inLanguage\":\"is\",\"potentialAction\":[{\"@type\":\"ReadAction\",\"target\":[\"https:\\\/\\\/iwell-guard.com\\\/is\\\/hefndarandar\\\/\"]}]},{\"@type\":\"ImageObject\",\"inLanguage\":\"is\",\"@id\":\"https:\\\/\\\/iwell-guard.com\\\/is\\\/hefndarandar\\\/#primaryimage\",\"url\":\"https:\\\/\\\/iwell-guard.com\\\/wp-content\\\/uploads\\\/2026\\\/04\\\/geister_sub_rachegeister.webp\",\"contentUrl\":\"https:\\\/\\\/iwell-guard.com\\\/wp-content\\\/uploads\\\/2026\\\/04\\\/geister_sub_rachegeister.webp\",\"width\":1024,\"height\":1536,\"caption\":\"Andar \u00far undirhef\u00f0inni.\"},{\"@type\":\"BreadcrumbList\",\"@id\":\"https:\\\/\\\/iwell-guard.com\\\/is\\\/hefndarandar\\\/#breadcrumb\",\"itemListElement\":[{\"@type\":\"ListItem\",\"position\":1,\"name\":\"Start\",\"item\":\"https:\\\/\\\/iwell-guard.com\\\/is\\\/?page_id=168580\"},{\"@type\":\"ListItem\",\"position\":2,\"name\":\"Hefndarandar\"}]},{\"@type\":\"WebSite\",\"@id\":\"https:\\\/\\\/iwell-guard.com\\\/is\\\/#website\",\"url\":\"https:\\\/\\\/iwell-guard.com\\\/is\\\/\",\"name\":\"iWell Guard\",\"description\":\"Schutz vor dunklen Einfl\u00fcssen\",\"publisher\":{\"@id\":\"https:\\\/\\\/iwell-guard.com\\\/is\\\/#organization\"},\"potentialAction\":[{\"@type\":\"SearchAction\",\"target\":{\"@type\":\"EntryPoint\",\"urlTemplate\":\"https:\\\/\\\/iwell-guard.com\\\/is\\\/?s={search_term_string}\"},\"query-input\":{\"@type\":\"PropertyValueSpecification\",\"valueRequired\":true,\"valueName\":\"search_term_string\"}}],\"inLanguage\":\"is\"},{\"@type\":\"Organization\",\"@id\":\"https:\\\/\\\/iwell-guard.com\\\/is\\\/#organization\",\"name\":\"Ittermann electronic GmbH\",\"url\":\"https:\\\/\\\/iwell-guard.com\\\/is\\\/\",\"logo\":{\"@type\":\"ImageObject\",\"inLanguage\":\"is\",\"@id\":\"https:\\\/\\\/iwell-guard.com\\\/is\\\/#\\\/schema\\\/logo\\\/image\\\/\",\"url\":\"https:\\\/\\\/iwell-guard.com\\\/wp-content\\\/uploads\\\/2026\\\/05\\\/Ittermann-Logo-1182x237-1.png\",\"contentUrl\":\"https:\\\/\\\/iwell-guard.com\\\/wp-content\\\/uploads\\\/2026\\\/05\\\/Ittermann-Logo-1182x237-1.png\",\"width\":1182,\"height\":237,\"caption\":\"Ittermann electronic GmbH\"},\"image\":{\"@id\":\"https:\\\/\\\/iwell-guard.com\\\/is\\\/#\\\/schema\\\/logo\\\/image\\\/\"},\"sameAs\":[\"https:\\\/\\\/pantip.com\\\/profile\\\/9367242\",\"https:\\\/\\\/micro.blog\\\/iwellguard\",\"https:\\\/\\\/www.diggerslist.com\\\/iwellguard\\\/about\",\"https:\\\/\\\/skitterphoto.com\\\/photographers\\\/2870314\\\/iwell-guard\",\"https:\\\/\\\/iwellguard.wordpress.com\\\/2026\\\/06\\\/06\\\/iwell-guard\\\/\",\"https:\\\/\\\/hub.docker.com\\\/u\\\/iwellguard\",\"https:\\\/\\\/www.pinterest.com\\\/iwellguard\\\/\",\"https:\\\/\\\/bit.ly\\\/m\\\/iwellguard\",\"https:\\\/\\\/entre-vos-mains.alsace.eu\\\/profiles\\\/iwellguard\\\/activity\",\"https:\\\/\\\/gravatar.com\\\/reallybeded8fd34\",\"https:\\\/\\\/naijamatta.com\\\/iwellguard\",\"https:\\\/\\\/www.goodreads.com\\\/iwellguard\",\"https:\\\/\\\/profile.hatena.ne.jp\\\/iwellguard\\\/\",\"https:\\\/\\\/experiment.com\\\/users\\\/iwellguard\",\"https:\\\/\\\/wakelet.com\\\/@iWellGuard82270\",\"https:\\\/\\\/www.chordie.com\\\/forum\\\/profile.php?id=2555664\",\"https:\\\/\\\/www.instapaper.com\\\/p\\\/17757966\",\"https:\\\/\\\/www.mapleprimes.com\\\/users\\\/iwellguard\",\"https:\\\/\\\/businesslistingplus.com\\\/profile\\\/iwell-guard\\\/\",\"https:\\\/\\\/telegra.ph\\\/iWell-Guard-06-06\",\"https:\\\/\\\/pbase.com\\\/iwellguard\\\/iwellguard\",\"https:\\\/\\\/b.hatena.ne.jp\\\/iwellguard\\\/20260607#bookmark-4788405196491818882\",\"https:\\\/\\\/fliphtml5.com\\\/home\\\/iwellguard\",\"https:\\\/\\\/anyflip.com\\\/homepage\\\/cmiwl#About\",\"https:\\\/\\\/transfur.com\\\/Users\\\/iwellguard\",\"http:\\\/\\\/delphi.larsbo.org\\\/user\\\/iwellguard\",\"https:\\\/\\\/jobs.lajobsportal.org\\\/profiles\\\/8380803-iwell-guard\",\"https:\\\/\\\/md.chaosdorf.de\\\/s\\\/jfbe5SBdJD\",\"https:\\\/\\\/www.lingvolive.com\\\/en-us\\\/profile\\\/9ecaeaca-ce11-4e51-9e71-01d55e2bff36\\\/translations\",\"https:\\\/\\\/www.fitday.com\\\/fitness\\\/forums\\\/members\\\/iwellguard.html\",\"https:\\\/\\\/www.mymeetbook.com\\\/iwellguard\",\"https:\\\/\\\/pxhere.com\\\/en\\\/photographer-me\\\/5040798\",\"https:\\\/\\\/disqus.com\\\/by\\\/iwellguard\\\/about\\\/\",\"https:\\\/\\\/pastelink.net\\\/hjwciqwq\",\"https:\\\/\\\/pubhtml5.com\\\/homepage\\\/scjhn\\\/\",\"https:\\\/\\\/www.bitchute.com\\\/channel\\\/2O2eOKzNqujT\",\"https:\\\/\\\/audiomack.com\\\/iwellguard\"]}]}<\/script>\n<!-- \/ Yoast SEO Premium plugin. -->","yoast_head_json":{"title":"Rachegeister \u2013 Erin\u00fdur, Onryo og hefndarandar","description":"Rachegeister ofs\u00e6kja mor\u00f0ingja s\u00edna. Fr\u00e6\u00f0ist um Erin\u00fdur, Onryo og a\u00f0ra hefndaranda \u00fevert \u00e1 menningarheima.","robots":{"index":"index","follow":"follow","max-snippet":"max-snippet:-1","max-image-preview":"max-image-preview:large","max-video-preview":"max-video-preview:-1"},"canonical":"https:\/\/iwell-guard.com\/is\/hefndarandar\/","og_locale":"is_IS","og_type":"article","og_title":"Hefndarandar","og_description":"Rachegeister ofs\u00e6kja mor\u00f0ingja s\u00edna. Fr\u00e6\u00f0ist um Erin\u00fdur, Onryo og a\u00f0ra hefndaranda \u00fevert \u00e1 menningarheima.","og_url":"https:\/\/iwell-guard.com\/is\/hefndarandar\/","og_site_name":"iWell Guard","article_modified_time":"2026-09-05T14:17:18+00:00","og_image":[{"width":1024,"height":1536,"url":"https:\/\/iwell-guard.com\/wp-content\/uploads\/2026\/04\/geister_sub_rachegeister.webp","type":"image\/webp"}],"twitter_card":"summary_large_image","schema":{"@context":"https:\/\/schema.org","@graph":[{"@type":"WebPage","@id":"https:\/\/iwell-guard.com\/is\/hefndarandar\/","url":"https:\/\/iwell-guard.com\/is\/hefndarandar\/","name":"Rachegeister \u2013 Erin\u00fdur, Onryo og hefndarandar","isPartOf":{"@id":"https:\/\/iwell-guard.com\/is\/#website"},"primaryImageOfPage":{"@id":"https:\/\/iwell-guard.com\/is\/hefndarandar\/#primaryimage"},"image":{"@id":"https:\/\/iwell-guard.com\/is\/hefndarandar\/#primaryimage"},"thumbnailUrl":"https:\/\/iwell-guard.com\/wp-content\/uploads\/2026\/04\/geister_sub_rachegeister.webp","datePublished":"2026-09-05T14:02:18+00:00","dateModified":"2026-09-05T14:17:18+00:00","description":"Rachegeister ofs\u00e6kja mor\u00f0ingja s\u00edna. Fr\u00e6\u00f0ist um Erin\u00fdur, Onryo og a\u00f0ra hefndaranda \u00fevert \u00e1 menningarheima.","breadcrumb":{"@id":"https:\/\/iwell-guard.com\/is\/hefndarandar\/#breadcrumb"},"inLanguage":"is","potentialAction":[{"@type":"ReadAction","target":["https:\/\/iwell-guard.com\/is\/hefndarandar\/"]}]},{"@type":"ImageObject","inLanguage":"is","@id":"https:\/\/iwell-guard.com\/is\/hefndarandar\/#primaryimage","url":"https:\/\/iwell-guard.com\/wp-content\/uploads\/2026\/04\/geister_sub_rachegeister.webp","contentUrl":"https:\/\/iwell-guard.com\/wp-content\/uploads\/2026\/04\/geister_sub_rachegeister.webp","width":1024,"height":1536,"caption":"Andar \u00far undirhef\u00f0inni."},{"@type":"BreadcrumbList","@id":"https:\/\/iwell-guard.com\/is\/hefndarandar\/#breadcrumb","itemListElement":[{"@type":"ListItem","position":1,"name":"Start","item":"https:\/\/iwell-guard.com\/is\/?page_id=168580"},{"@type":"ListItem","position":2,"name":"Hefndarandar"}]},{"@type":"WebSite","@id":"https:\/\/iwell-guard.com\/is\/#website","url":"https:\/\/iwell-guard.com\/is\/","name":"iWell Guard","description":"Schutz vor dunklen Einfl\u00fcssen","publisher":{"@id":"https:\/\/iwell-guard.com\/is\/#organization"},"potentialAction":[{"@type":"SearchAction","target":{"@type":"EntryPoint","urlTemplate":"https:\/\/iwell-guard.com\/is\/?s={search_term_string}"},"query-input":{"@type":"PropertyValueSpecification","valueRequired":true,"valueName":"search_term_string"}}],"inLanguage":"is"},{"@type":"Organization","@id":"https:\/\/iwell-guard.com\/is\/#organization","name":"Ittermann electronic GmbH","url":"https:\/\/iwell-guard.com\/is\/","logo":{"@type":"ImageObject","inLanguage":"is","@id":"https:\/\/iwell-guard.com\/is\/#\/schema\/logo\/image\/","url":"https:\/\/iwell-guard.com\/wp-content\/uploads\/2026\/05\/Ittermann-Logo-1182x237-1.png","contentUrl":"https:\/\/iwell-guard.com\/wp-content\/uploads\/2026\/05\/Ittermann-Logo-1182x237-1.png","width":1182,"height":237,"caption":"Ittermann electronic GmbH"},"image":{"@id":"https:\/\/iwell-guard.com\/is\/#\/schema\/logo\/image\/"},"sameAs":["https:\/\/pantip.com\/profile\/9367242","https:\/\/micro.blog\/iwellguard","https:\/\/www.diggerslist.com\/iwellguard\/about","https:\/\/skitterphoto.com\/photographers\/2870314\/iwell-guard","https:\/\/iwellguard.wordpress.com\/2026\/06\/06\/iwell-guard\/","https:\/\/hub.docker.com\/u\/iwellguard","https:\/\/www.pinterest.com\/iwellguard\/","https:\/\/bit.ly\/m\/iwellguard","https:\/\/entre-vos-mains.alsace.eu\/profiles\/iwellguard\/activity","https:\/\/gravatar.com\/reallybeded8fd34","https:\/\/naijamatta.com\/iwellguard","https:\/\/www.goodreads.com\/iwellguard","https:\/\/profile.hatena.ne.jp\/iwellguard\/","https:\/\/experiment.com\/users\/iwellguard","https:\/\/wakelet.com\/@iWellGuard82270","https:\/\/www.chordie.com\/forum\/profile.php?id=2555664","https:\/\/www.instapaper.com\/p\/17757966","https:\/\/www.mapleprimes.com\/users\/iwellguard","https:\/\/businesslistingplus.com\/profile\/iwell-guard\/","https:\/\/telegra.ph\/iWell-Guard-06-06","https:\/\/pbase.com\/iwellguard\/iwellguard","https:\/\/b.hatena.ne.jp\/iwellguard\/20260607#bookmark-4788405196491818882","https:\/\/fliphtml5.com\/home\/iwellguard","https:\/\/anyflip.com\/homepage\/cmiwl#About","https:\/\/transfur.com\/Users\/iwellguard","http:\/\/delphi.larsbo.org\/user\/iwellguard","https:\/\/jobs.lajobsportal.org\/profiles\/8380803-iwell-guard","https:\/\/md.chaosdorf.de\/s\/jfbe5SBdJD","https:\/\/www.lingvolive.com\/en-us\/profile\/9ecaeaca-ce11-4e51-9e71-01d55e2bff36\/translations","https:\/\/www.fitday.com\/fitness\/forums\/members\/iwellguard.html","https:\/\/www.mymeetbook.com\/iwellguard","https:\/\/pxhere.com\/en\/photographer-me\/5040798","https:\/\/disqus.com\/by\/iwellguard\/about\/","https:\/\/pastelink.net\/hjwciqwq","https:\/\/pubhtml5.com\/homepage\/scjhn\/","https:\/\/www.bitchute.com\/channel\/2O2eOKzNqujT","https:\/\/audiomack.com\/iwellguard"]}]}},"_links":{"self":[{"href":"https:\/\/iwell-guard.com\/is\/wp-json\/wp\/v2\/pages\/168704","targetHints":{"allow":["GET"]}}],"collection":[{"href":"https:\/\/iwell-guard.com\/is\/wp-json\/wp\/v2\/pages"}],"about":[{"href":"https:\/\/iwell-guard.com\/is\/wp-json\/wp\/v2\/types\/page"}],"author":[{"embeddable":true,"href":"https:\/\/iwell-guard.com\/is\/wp-json\/wp\/v2\/users\/3"}],"replies":[{"embeddable":true,"href":"https:\/\/iwell-guard.com\/is\/wp-json\/wp\/v2\/comments?post=168704"}],"version-history":[{"count":0,"href":"https:\/\/iwell-guard.com\/is\/wp-json\/wp\/v2\/pages\/168704\/revisions"}],"wp:featuredmedia":[{"embeddable":true,"href":"https:\/\/iwell-guard.com\/is\/wp-json\/wp\/v2\/media\/1845"}],"wp:attachment":[{"href":"https:\/\/iwell-guard.com\/is\/wp-json\/wp\/v2\/media?parent=168704"}],"wp:term":[{"taxonomy":"category","embeddable":true,"href":"https:\/\/iwell-guard.com\/is\/wp-json\/wp\/v2\/categories?post=168704"}],"curies":[{"name":"wp","href":"https:\/\/api.w.org\/{rel}","templated":true}]}}