{"id":168690,"date":"2026-09-05T14:02:11","date_gmt":"2026-09-05T14:02:11","guid":{"rendered":"https:\/\/iwell-guard.com\/?page_id=168690"},"modified":"2026-09-05T14:16:57","modified_gmt":"2026-09-05T14:16:57","slug":"erkiengillinn-uriel","status":"publish","type":"page","link":"https:\/\/iwell-guard.com\/is\/erkiengillinn-uriel\/","title":{"rendered":"Erkiengillinn \u00dar\u00edel"},"content":{"rendered":"\t\t<div data-elementor-type=\"wp-page\" data-elementor-id=\"168690\" class=\"elementor elementor-168690 elementor-1803 elementor-bc-flex-widget\" data-elementor-post-type=\"page\">\n\t\t\t\t<div class=\"elementor-element elementor-element-10fdade e-flex e-con-boxed e-con e-parent\" data-id=\"10fdade\" data-element_type=\"container\" data-e-type=\"container\" data-settings=\"{&quot;background_background&quot;:&quot;classic&quot;}\">\n\t\t\t\t\t<div class=\"e-con-inner\">\n\t\t<div class=\"elementor-element elementor-element-herohlft0 e-flex e-con-boxed e-con e-child\" data-id=\"herohlft0\" data-element_type=\"container\" data-e-type=\"container\">\n\t\t\t\t\t<div class=\"e-con-inner\">\n\t\t<div class=\"elementor-element elementor-element-c3ceb64 e-con-full e-flex e-con e-child\" data-id=\"c3ceb64\" data-element_type=\"container\" data-e-type=\"container\">\n\t\t\t\t<div class=\"elementor-element elementor-element-96ae5e1 elementor-widget elementor-widget-heading\" data-id=\"96ae5e1\" data-element_type=\"widget\" data-e-type=\"widget\" data-widget_type=\"heading.default\">\n\t\t\t\t\t<h1 class=\"elementor-heading-title elementor-size-default\">Erkiengillinn \u00dar\u00edel, lj\u00f3svera<\/h1>\t\t\t\t<\/div>\n\t\t\t\t<div class=\"elementor-element elementor-element-e45238a elementor-widget elementor-widget-text-editor\" data-id=\"e45238a\" data-element_type=\"widget\" data-e-type=\"widget\" data-widget_type=\"text-editor.default\">\n\t\t\t\t\t\t\t\t\t<p><span class=\"iwg-fachbegriff\" data-tooltip=\"\u00cd hinum abraham\u00edsku tr\u00faarbr\u00f6g\u00f0um himnesk sendivera Gu\u00f0s.\" tabindex=\"0\">Engill<\/span> viskunnar og hins gu\u00f0lega lj\u00f3ss \u00ed j\u00fad\u00edsk-dulhyggjulegri og ap\u00f3kr\u00fdfri hef\u00f0.<\/p>\t\t\t\t\t\t\t\t<\/div>\n\t\t\t\t<\/div>\n\t\t<div class=\"elementor-element elementor-element-klsbdg01 e-con-full e-flex e-con e-parent\" data-id=\"klsbdg01\" data-element_type=\"container\" data-e-type=\"container\">\n\t\t\t\t<div class=\"elementor-element elementor-element-klshtm01 elementor-widget elementor-widget-html\" data-id=\"klshtm01\" data-element_type=\"widget\" data-e-type=\"widget\" data-widget_type=\"html.default\">\n\t\t\t\t\t<div class=\"iwg-pill-row\"><span class=\"iwg-klasse-badge\" tabindex=\"0\" data-tooltip=\"Lj\u00f3sverur: Uppl\u00fdstar, verndandi e\u00f0a fr\u00e6\u00f0andi verur, erkienglar, uppstigningarmeistarar, lj\u00f3sar n\u00e1tt\u00faruverur. \u00cd n\u00fdaldarlegum og eldri andlegum hef\u00f0um l\u00fdst sem hj\u00e1lpurum og l\u00e6rimeisturum.\">Lj\u00f3svera<\/span><a href=\"https:\/\/iwell-guard.com\/is\/?page_id=168596\" class=\"iwg-kultur-badge\" tabindex=\"0\" data-tooltip=\"J\u00fad\u00edsk tr\u00faarhef\u00f0 fr\u00e1 Tanak til kabbala og n\u00fdaldarlegrar myst\u00edkur.\">J\u00fadatr\u00fa<\/a><span class=\"iwg-tradition-badge\" tabindex=\"0\" data-tooltip=\"Erkiengill, \u00e6\u00f0sta englaflokk \u00ed j\u00fad\u00edskri, kristinni og \u00edslamskri hef\u00f0.\">Erkiengill<\/span><\/div>\t\t\t\t<\/div>\n\t\t\t\t<\/div>\n\t\t<div class=\"elementor-element elementor-element-3f74855 e-con-full e-flex e-con e-child\" data-id=\"3f74855\" data-element_type=\"container\" data-e-type=\"container\">\n\t\t\t\t<div class=\"elementor-element elementor-element-1c30362 elementor-toc--minimized-on-tablet elementor-widget elementor-widget-table-of-contents\" data-id=\"1c30362\" data-element_type=\"widget\" data-e-type=\"widget\" data-settings=\"{&quot;exclude_headings_by_selector&quot;:[],&quot;no_headings_message&quot;:&quot;Engar undirfyrirsagnir fundust \\u00e1 \\u00feessari s\\u00ed\\u00f0u.&quot;,&quot;headings_by_tags&quot;:[&quot;h2&quot;,&quot;h3&quot;],&quot;marker_view&quot;:&quot;bullets&quot;,&quot;minimize_box&quot;:&quot;yes&quot;,&quot;icon&quot;:{&quot;value&quot;:&quot;fas fa-circle&quot;,&quot;library&quot;:&quot;fa-solid&quot;,&quot;rendered_tag&quot;:&quot;&lt;svg class=\\&quot;e-font-icon-svg e-fas-circle\\&quot; viewBox=\\&quot;0 0 512 512\\&quot; xmlns=\\&quot;http:\\\/\\\/www.w3.org\\\/2000\\\/svg\\&quot;&gt;&lt;path d=\\&quot;M256 8C119 8 8 119 8 256s111 248 248 248 248-111 248-248S393 8 256 8z\\&quot;&gt;&lt;\\\/path&gt;&lt;\\\/svg&gt;&quot;},&quot;minimized_on&quot;:&quot;tablet&quot;,&quot;hierarchical_view&quot;:&quot;yes&quot;,&quot;min_height&quot;:{&quot;unit&quot;:&quot;px&quot;,&quot;size&quot;:&quot;&quot;,&quot;sizes&quot;:[]},&quot;min_height_tablet&quot;:{&quot;unit&quot;:&quot;px&quot;,&quot;size&quot;:&quot;&quot;,&quot;sizes&quot;:[]},&quot;min_height_mobile&quot;:{&quot;unit&quot;:&quot;px&quot;,&quot;size&quot;:&quot;&quot;,&quot;sizes&quot;:[]}}\" data-widget_type=\"table-of-contents.default\">\n\t\t\t\t\t\t\t\t\t<div class=\"elementor-toc__header\">\n\t\t\t\t\t\t<h2 class=\"elementor-toc__header-title\">\n\t\t\t\tEfnisyfirlit\t\t\t<\/h2>\n\t\t\t\t\t\t\t\t\t\t<div class=\"elementor-toc__toggle-button elementor-toc__toggle-button--expand\" role=\"button\" tabindex=\"0\" aria-controls=\"elementor-toc__1c30362\" aria-expanded=\"true\" aria-label=\"Open table of contents\"><svg aria-hidden=\"true\" class=\"e-font-icon-svg e-fas-chevron-down\" viewBox=\"0 0 448 512\" xmlns=\"http:\/\/www.w3.org\/2000\/svg\"><path d=\"M207.029 381.476L12.686 187.132c-9.373-9.373-9.373-24.569 0-33.941l22.667-22.667c9.357-9.357 24.522-9.375 33.901-.04L224 284.505l154.745-154.021c9.379-9.335 24.544-9.317 33.901.04l22.667 22.667c9.373 9.373 9.373 24.569 0 33.941L240.971 381.476c-9.373 9.372-24.569 9.372-33.942 0z\"><\/path><\/svg><\/div>\n\t\t\t\t<div class=\"elementor-toc__toggle-button elementor-toc__toggle-button--collapse\" role=\"button\" tabindex=\"0\" aria-controls=\"elementor-toc__1c30362\" aria-expanded=\"true\" aria-label=\"Close table of contents\"><svg aria-hidden=\"true\" class=\"e-font-icon-svg e-fas-chevron-up\" viewBox=\"0 0 448 512\" xmlns=\"http:\/\/www.w3.org\/2000\/svg\"><path d=\"M240.971 130.524l194.343 194.343c9.373 9.373 9.373 24.569 0 33.941l-22.667 22.667c-9.357 9.357-24.522 9.375-33.901.04L224 227.495 69.255 381.516c-9.379 9.335-24.544 9.317-33.901-.04l-22.667-22.667c-9.373-9.373-9.373-24.569 0-33.941L207.03 130.525c9.372-9.373 24.568-9.373 33.941-.001z\"><\/path><\/svg><\/div>\n\t\t\t\t\t<\/div>\n\t\t\t\t<div id=\"elementor-toc__1c30362\" class=\"elementor-toc__body\">\n\t\t\t<div class=\"elementor-toc__spinner-container\">\n\t\t\t\t<svg class=\"elementor-toc__spinner eicon-animation-spin e-font-icon-svg e-eicon-loading\" aria-hidden=\"true\" viewBox=\"0 0 1000 1000\" xmlns=\"http:\/\/www.w3.org\/2000\/svg\"><path d=\"M500 975V858C696 858 858 696 858 500S696 142 500 142 142 304 142 500H25C25 237 238 25 500 25S975 237 975 500 763 975 500 975Z\"><\/path><\/svg>\t\t\t<\/div>\n\t\t<\/div>\n\t\t\t\t\t\t<\/div>\n\t\t\t\t<\/div>\n\t\t\t\t\t<\/div>\n\t\t\t\t<\/div>\n\t\t<div class=\"elementor-element elementor-element-herorght0 e-con-full e-flex e-con e-child\" data-id=\"herorght0\" data-element_type=\"container\" data-e-type=\"container\">\n\t\t\t\t<div class=\"elementor-element elementor-element-heroimg00 iwg-hero-image elementor-widget elementor-widget-image\" data-id=\"heroimg00\" data-element_type=\"widget\" data-e-type=\"widget\" data-widget_type=\"image.default\">\n\t\t\t\t\t\t\t\t\t\t\t\t\t\t\t<img fetchpriority=\"high\" decoding=\"async\" width=\"683\" height=\"1024\" src=\"https:\/\/iwell-guard.com\/wp-content\/uploads\/2026\/04\/lichtwesen_erzengel-uriel-683x1024.webp\" class=\"attachment-large size-large wp-image-171077\" alt=\"Erkiengillinn \u00dar\u00edel - lj\u00f3smynd\/mynd af lj\u00f3sv\u00e6ttinum b\u00f6\u00f0u\u00f0 \u00ed lj\u00f3si\" srcset=\"https:\/\/iwell-guard.com\/wp-content\/uploads\/2026\/04\/lichtwesen_erzengel-uriel-683x1024.webp 683w, https:\/\/iwell-guard.com\/wp-content\/uploads\/2026\/04\/lichtwesen_erzengel-uriel-200x300.webp 200w, https:\/\/iwell-guard.com\/wp-content\/uploads\/2026\/04\/lichtwesen_erzengel-uriel-768x1152.webp 768w, https:\/\/iwell-guard.com\/wp-content\/uploads\/2026\/04\/lichtwesen_erzengel-uriel.webp 1024w\" sizes=\"(max-width: 683px) 100vw, 683px\" \/>\t\t\t\t\t\t\t\t\t\t\t\t\t\t\t<\/div>\n\t\t\t\t<\/div>\n\t\t\t\t\t<\/div>\n\t\t\t\t<\/div>\n\t\t<div class=\"elementor-element elementor-element-wmd-s1 e-con-boxed e-flex e-con e-parent\" data-id=\"wmd-s1\" data-element_type=\"container\" data-e-type=\"container\">\n\t\t\t\t\t<div class=\"e-con-inner\">\n\t\t\t\t<div class=\"elementor-element elementor-element-wmd-h1 elementor-widget elementor-widget-heading\" data-id=\"wmd-h1\" data-element_type=\"widget\" data-e-type=\"widget\" data-widget_type=\"heading.default\">\n\t\t\t\t\t<h2 class=\"elementor-heading-title elementor-size-default\">Skj\u00f3tt yfirlit: Erkiengillinn \u00dar\u00edel<\/h2>\t\t\t\t<\/div>\n\t\t<div class=\"elementor-element elementor-element-wmd-s1-bw e-flex e-con-boxed e-con e-parent\" data-id=\"wmd-s1-bw\" data-element_type=\"container\" data-e-type=\"container\" data-settings=\"{&quot;background_background&quot;:&quot;classic&quot;}\">\n\t\t\t\t\t<div class=\"e-con-inner\">\n\t\t\t\t<div class=\"elementor-element elementor-element-wmd-t1 elementor-widget elementor-widget-text-editor\" data-id=\"wmd-t1\" data-element_type=\"widget\" data-e-type=\"widget\" data-widget_type=\"text-editor.default\">\n\t\t\t\t\t\t\t\t\t<p><strong>Tegund:<\/strong> Erkiengill, eldsv\u00f6r\u00f0ur, vitur og sj\u00e1andi Hef\u00f0: J\u00fadatr\u00fa (Enoksb\u00f3k-ap\u00f3kalypsan, Sefer Hechalot), kristni (4. Esrab\u00f3k), vestr\u00e6n engla\u00adfr\u00e6\u00f0i Hlutverk: Viska, upplj\u00f3mun, a\u00f0 l\u00fdsa upp blekkingu, umbreytandi eldur A\u00f0alt\u00e1kn\/eiginleikar: Gullinn e\u00f0a rau\u00f0ur eldur, logasver\u00f0, viskubikar \u00datbrei\u00f0sla: S\u00e9rstaklega \u00ed ap\u00f3kr\u00fdfum textum, j\u00fad\u00edsk <span class=\"iwg-fachbegriff\" data-tooltip=\"Tr\u00faarstefna me\u00f0 \u00e1herslu \u00e1 beina gu\u00f0supplifun.\" tabindex=\"0\">dulhyggja<\/span>, vestr\u00e6nir es\u00f3ter\u00edskir sk\u00f3lar<\/p>\t\t\t\t\t\t\t\t<\/div>\n\t\t\t\t\t<\/div>\n\t\t\t\t<\/div>\n\t\t\t\t\t<\/div>\n\t\t\t\t<\/div>\n\t\t<div class=\"elementor-element elementor-element-wmd-s2 e-con-boxed e-flex e-con e-parent\" data-id=\"wmd-s2\" data-element_type=\"container\" data-e-type=\"container\">\n\t\t\t\t\t<div class=\"e-con-inner\">\n\t\t\t\t<div class=\"elementor-element elementor-element-wmd-h2 elementor-widget elementor-widget-heading\" data-id=\"wmd-h2\" data-element_type=\"widget\" data-e-type=\"widget\" data-widget_type=\"heading.default\">\n\t\t\t\t\t<h2 class=\"elementor-heading-title elementor-size-default\">Yfirlit<\/h2>\t\t\t\t<\/div>\n\t\t<div class=\"elementor-element elementor-element-wmd-s2-bw e-flex e-con-boxed e-con e-parent\" data-id=\"wmd-s2-bw\" data-element_type=\"container\" data-e-type=\"container\" data-settings=\"{&quot;background_background&quot;:&quot;classic&quot;}\">\n\t\t\t\t\t<div class=\"e-con-inner\">\n\t\t\t\t<div class=\"elementor-element elementor-element-wmd-t2 elementor-widget elementor-widget-text-editor\" data-id=\"wmd-t2\" data-element_type=\"widget\" data-e-type=\"widget\" data-widget_type=\"text-editor.default\">\n\t\t\t\t\t\t\t\t\t<h3>Hef\u00f0<\/h3><p>\u00dar\u00edel (<em>Uriyel<\/em>, \u201eGu\u00f0 er eldur minn\u201c e\u00f0a \u201eGu\u00f0 er lj\u00f3s mitt\u201c) kemur fram \u00ed ap\u00f3kr\u00fdfum ritum eins og Enoksb\u00f3k-ap\u00f3kalypsunni og 4. Esrab\u00f3k. \u00cd Enoksb\u00f3k-ap\u00f3kalypsunni er \u00dar\u00edel <span class=\"iwg-fachbegriff\" data-tooltip=\"\u00cd hinum abraham\u00edsku tr\u00faarbr\u00f6g\u00f0um himnesk sendivera Gu\u00f0s.\" tabindex=\"0\">engillinn<\/span> sem r\u00e6\u00f0ur yfir helv\u00edti og s\u00fdnir m\u00f6nnum vogarsk\u00e1lar r\u00e9ttl\u00e6tis Gu\u00f0s.<\/p><p>\u00cd kabbal\u00edskum kerfum er \u00dar\u00edel oft tengdur seph\u00edrunni Chokmah (viska) e\u00f0a Gevurah (kraftur\/strengd). Vestr\u00e6n engla\u00adfr\u00e6\u00f0i h\u00f3f \u00dar\u00edel til st\u00f6\u00f0u me\u00f0al fj\u00f6gurra \u00e6\u00f0stu erkiengla (\u00e1samt M\u00edkael, Gabr\u00edel og Rafael). Gu\u00f0spekilegir og es\u00f3ter\u00edskir sk\u00f3lar leggja \u00e1herslu \u00e1 hlutverk \u00dar\u00edels sem opnara \u00feri\u00f0ja augans og bo\u00f0bera upplj\u00f3munar.<\/p><h3>Heimildasta\u00f0a<\/h3><p>Ap\u00f3kr\u00fdfar heimildir: Enoksb\u00f3k (1. Enoksb\u00f3k), 4. Esrab\u00f3k, Pseudo-D\u00edon\u00fds\u00edos Areopag\u00edta (kristin engla\u00adfr\u00e6\u00f0i). <span class=\"iwg-fachbegriff\" data-tooltip=\"H\u00f6fu\u00f0rit rabb\u00ednskrar j\u00fadatr\u00faar me\u00f0 \u00fatleggingu \u00e1 tr\u00faarlegri hef\u00f0.\" tabindex=\"0\">Talm\u00fa\u00f0<\/span> og Sefer Hechalot nefna \u00dar\u00edel me\u00f0al erkiengla Merkabah-<span class=\"iwg-fachbegriff\" data-tooltip=\"Tr\u00faarstefna me\u00f0 \u00e1herslu \u00e1 beina gu\u00f0supplifun.\" tabindex=\"0\">dulhyggjunnar<\/span>. Kristin listahef\u00f0 s\u00fdndi \u00dar\u00edel s\u00ed\u00f0ur en M\u00edkael e\u00f0a Gabr\u00edel, en \u00fe\u00f3 au\u00f0kennanlegan me\u00f0 eldi e\u00f0a bikar.<\/p><p>N\u00fat\u00edma es\u00f3ter\u00edsk ritverk, s\u00e9rstaklega \u00ed vestr\u00e6nni andlegri hef\u00f0, hafa endurfundi\u00f0 \u00dar\u00edel sem erkiengil viskunnar og innri upplj\u00f3munar.<\/p><div><h3>Heimildasta\u00f0a utan bibl\u00edulegs kanons<\/h3><p>\u00dar\u00edel (\u00e1 hebresku <em>Uri&#8217;el<\/em>, \u201eGu\u00f0 er lj\u00f3s mitt\u201c) kemur ekki fram \u00ed m\u00f3tm\u00e6lendalegum e\u00f0a j\u00fad\u00edskum bibl\u00edukanoni, en \u00fe\u00f3 \u00ed ap\u00f3kalypt\u00edskum ritum millitestamentat\u00edmans. \u00cd 4. Esrab\u00f3k (ap\u00f3kr\u00fdfum) er hann <span class=\"iwg-fachbegriff\" data-tooltip=\"\u00cd hinum abraham\u00edsku tr\u00faarbr\u00f6g\u00f0um himnesk sendivera Gu\u00f0s.\" tabindex=\"0\">engillinn<\/span> sem opinberar Esra komandi atbur\u00f0i; \u00ed 1. Enoksb\u00f3k er hann einn af fj\u00f3rum e\u00f0a sj\u00f6 erkienglum og verndari himinhvolfsins og stjarnanna.<\/p><p>Austurlensk r\u00e9tttr\u00fana\u00f0ar- og kopt\u00edsk hef\u00f0 telja hann me\u00f0al fj\u00f6gurra e\u00f0a sj\u00f6 erkiengla; ka\u00fe\u00f3lsk hef\u00f0 \u00fatiloka\u00f0i hann \u00e1ri\u00f0 745 \u00e1 r\u00f3mverskri kirkju\u00feingi sem \u00f3kan\u00f3n\u00edskan, en hefur \u00fe\u00f3 aldrei alveg gefi\u00f0 hann upp \u00ed <span class=\"iwg-fachbegriff\" data-tooltip=\"Tr\u00faarl\u00edf sem lifa\u00f0 er \u00ed daglegu l\u00edfi, oft samhli\u00f0a hinni opinberu kenningu.\" tabindex=\"0\">al\u00fe\u00fd\u00f0utr\u00fa<\/span>.<\/p><\/div>\t\t\t\t\t\t\t\t<\/div>\n\t\t\t\t\t<\/div>\n\t\t\t\t<\/div>\n\t\t\t\t\t<\/div>\n\t\t\t\t<\/div>\n\t\t<div class=\"elementor-element elementor-element-wmd-s3 e-con-boxed e-flex e-con e-parent\" data-id=\"wmd-s3\" data-element_type=\"container\" data-e-type=\"container\">\n\t\t\t\t\t<div class=\"e-con-inner\">\n\t\t\t\t<div class=\"elementor-element elementor-element-wmd-h3 elementor-widget elementor-widget-heading\" data-id=\"wmd-h3\" data-element_type=\"widget\" data-e-type=\"widget\" data-widget_type=\"heading.default\">\n\t\t\t\t\t<h2 class=\"elementor-heading-title elementor-size-default\">\u00datlit og t\u00e1kn<\/h2>\t\t\t\t<\/div>\n\t\t<div class=\"elementor-element elementor-element-wmd-s3-bw e-flex e-con-boxed e-con e-parent\" data-id=\"wmd-s3-bw\" data-element_type=\"container\" data-e-type=\"container\" data-settings=\"{&quot;background_background&quot;:&quot;classic&quot;}\">\n\t\t\t\t\t<div class=\"e-con-inner\">\n\t\t\t\t<div class=\"elementor-element elementor-element-wmd-t3 elementor-widget elementor-widget-text-editor\" data-id=\"wmd-t3\" data-element_type=\"widget\" data-e-type=\"widget\" data-widget_type=\"text-editor.default\">\n\t\t\t\t\t\t\t\t\t<p>\u00dar\u00edel er s\u00fdndur sem sk\u00ednandi, \u00e1kafur lj\u00f3svera \u00ed gullnum e\u00f0a rau\u00f0gylltum kl\u00e6\u00f0um e\u00f0a logalj\u00f3si. Litur hans er sk\u00e6rt gull e\u00f0a gl\u00f3andi rau\u00f0gull, stundum samofinn hv\u00edtu, t\u00e6ru lj\u00f3si. Hann ber bikar (viskunnar) e\u00f0a logasver\u00f0.<\/p><p>Stundum er hann s\u00fdndur me\u00f0 b\u00f3k e\u00f0a skrift\u00f6flum, viskub\u00f3kinni. V\u00e6ngir \u00far gullnum loga umlykja hann. Orkulega verkar \u00dar\u00edel \u00e1kafur, gagntekur og sk\u00fdrandi, eins og bein s\u00f3larlj\u00f3s \u00e1 \u00feoku e\u00f0a alkem\u00edskur eldur. N\u00e6rvera hans brennir burt \u00fea\u00f0 sem ekki er sannleikur og opinberar \u00fea\u00f0 mikilv\u00e6ga.<\/p>\t\t\t\t\t\t\t\t<\/div>\n\t\t\t\t\t<\/div>\n\t\t\t\t<\/div>\n\t\t\t\t\t<\/div>\n\t\t\t\t<\/div>\n\t\t<div class=\"elementor-element elementor-element-wmd-s4 e-con-boxed e-flex e-con e-parent\" data-id=\"wmd-s4\" data-element_type=\"container\" data-e-type=\"container\">\n\t\t\t\t\t<div class=\"e-con-inner\">\n\t\t\t\t<div class=\"elementor-element elementor-element-wmd-h4 elementor-widget elementor-widget-heading\" data-id=\"wmd-h4\" data-element_type=\"widget\" data-e-type=\"widget\" data-widget_type=\"heading.default\">\n\t\t\t\t\t<h2 class=\"elementor-heading-title elementor-size-default\">Hlutverk og merking<\/h2>\t\t\t\t<\/div>\n\t\t<div class=\"elementor-element elementor-element-wmd-s4-bw e-flex e-con-boxed e-con e-parent\" data-id=\"wmd-s4-bw\" data-element_type=\"container\" data-e-type=\"container\" data-settings=\"{&quot;background_background&quot;:&quot;classic&quot;}\">\n\t\t\t\t\t<div class=\"e-con-inner\">\n\t\t\t\t<div class=\"elementor-element elementor-element-wmd-t4 elementor-widget elementor-widget-text-editor\" data-id=\"wmd-t4\" data-element_type=\"widget\" data-e-type=\"widget\" data-widget_type=\"text-editor.default\">\n\t\t\t\t\t\t\t\t\t<p>\u00dar\u00edel er <span class=\"iwg-fachbegriff\" data-tooltip=\"\u00cd hinum abraham\u00edsku tr\u00faarbr\u00f6g\u00f0um himnesk sendivera Gu\u00f0s.\" tabindex=\"0\">engillinn<\/span> upplj\u00f3munar og sannleika. \u00dear sem M\u00edkael berst me\u00f0 sver\u00f0i, Rafael l\u00e6knar og Gabr\u00edel bo\u00f0ar, s\u00fdnir \u00dar\u00edel sj\u00e1lfan sannleikann. Hann l\u00fdsir upp blekkingu, sj\u00e1lfsblekkingu og \u00f3me\u00f0vita\u00f0a heg\u00f0unarmynstur.<\/p><p>\u00dar\u00edel er t\u00e1kn hins innri elds vitundarinnar, ekki kalds vitsmuna heldur lifandi, umbreytandi visku sem brennur. \u00cd s\u00e1lfr\u00e6\u00f0ilegum skilningi holdgar \u00dar\u00edel h\u00e6stu vitund og getuna til a\u00f0 sj\u00e1 raunveruleikann eins og hann er. Gullin orka hans kveikir innri lj\u00f3sl\u00edkamann og virkjar \u00feri\u00f0ja auga\u00f0.<\/p><div><h3>Hlutverk og t\u00e1knm\u00e1l<\/h3><p>\u00cd j\u00fad\u00edskri englagaldrahef\u00f0 er \u00dar\u00edel <span class=\"iwg-fachbegriff\" data-tooltip=\"\u00cd hinum abraham\u00edsku tr\u00faarbr\u00f6g\u00f0um himnesk sendivera Gu\u00f0s.\" tabindex=\"0\">engillinn<\/span> su\u00f0ur\u00e1tta himinsins (\u00ed nokkrum sk\u00f3lum, \u00ed \u00f6\u00f0rum \u00f6fugt vi\u00f0 M\u00edkael), jar\u00f0arinnar og sf\u00e6runnar Malk\u00fat e\u00f0a Geburah. \u00cd n\u00fat\u00edma lj\u00f3svinnuhef\u00f0 er hann oft tengdur visku, andlegri sk\u00fdrleika og frumefninu j\u00f6r\u00f0.<\/p><p>\u00cd vestr\u00e6nni helgisi\u00f0agaldrahef\u00f0 Gyllta dagrenningarins er hann erkiengill nor\u00f0ursins og jar\u00f0arinnar. Myndhef\u00f0in s\u00fdnir hann oft me\u00f0 b\u00f3kfelli e\u00f0a b\u00f3k, sem bo\u00f0bera gu\u00f0legrar visku og skilningsupplj\u00f3munar.<\/p><\/div>\t\t\t\t\t\t\t\t<\/div>\n\t\t\t\t\t<\/div>\n\t\t\t\t<\/div>\n\t\t\t\t\t<\/div>\n\t\t\t\t<\/div>\n\t\t<div class=\"elementor-element elementor-element-wmd-s5 e-con-boxed e-flex e-con e-parent\" data-id=\"wmd-s5\" data-element_type=\"container\" data-e-type=\"container\">\n\t\t\t\t\t<div class=\"e-con-inner\">\n\t\t\t\t<div class=\"elementor-element elementor-element-wmd-h5 elementor-widget elementor-widget-heading\" data-id=\"wmd-h5\" data-element_type=\"widget\" data-e-type=\"widget\" data-widget_type=\"heading.default\">\n\t\t\t\t\t<h2 class=\"elementor-heading-title elementor-size-default\">Notkun \/ \u00e1kall \/ merking \u00ed samhengi iWell Guard<\/h2>\t\t\t\t<\/div>\n\t\t<div class=\"elementor-element elementor-element-wmd-s5-bw e-flex e-con-boxed e-con e-parent\" data-id=\"wmd-s5-bw\" data-element_type=\"container\" data-e-type=\"container\" data-settings=\"{&quot;background_background&quot;:&quot;classic&quot;}\">\n\t\t\t\t\t<div class=\"e-con-inner\">\n\t\t\t\t<div class=\"elementor-element elementor-element-wmd-t5 elementor-widget elementor-widget-text-editor\" data-id=\"wmd-t5\" data-element_type=\"widget\" data-e-type=\"widget\" data-widget_type=\"text-editor.default\">\n\t\t\t\t\t\t\t\t\t<p>\u00cd iWell Guard er \u00dar\u00edel \u00e1kalla\u00f0ur til a\u00f0 f\u00e1 dj\u00fapa visku og afhj\u00fapa blinda bletti. Ein a\u00f0fer\u00f0 er a\u00f0 kveikja \u00e1 gullnu e\u00f0a rau\u00f0u kerti og bi\u00f0ja \u00dar\u00edel um a\u00f0 opna augu hjartans.<\/p><p>Eldur \u00dar\u00edels er sj\u00f3nmynda\u00f0ur til a\u00f0 brenna upp g\u00f6mul, hindrandi mynstur og skapa r\u00fdmi fyrir n\u00fdja inns\u00fdn. \u00dar\u00edel hj\u00e1lpar s\u00e9rstaklega \u00feegar ma\u00f0ur er \u201efastur&#8220; e\u00f0a lama\u00f0ur af ringulrei\u00f0. Logi hans veitir sk\u00fdrleika \u00e1n s\u00e1rsauka, umbreytandi eldur sem byggir upp, ekki ey\u00f0ir. \u00dar\u00edel er v\u00f6r\u00f0ur hins d\u00fdpra sannleika iWell-Guard-svi\u00f0sins sj\u00e1lfs.<\/p><div><h3>Sta\u00f0a iWell Guard<\/h3><p>Eins og Rafael er \u00dar\u00edel ekki nefndur me\u00f0 nafni \u00ed iWell-Guard-<span class=\"iwg-fachbegriff\" data-tooltip=\"Heilagt or\u00f0 e\u00f0a form\u00fala sem er endurtekin \u00ed hind\u00faisma og b\u00faddisma.\" tabindex=\"0\">mantrunni<\/span>, en er samt sem \u00e1\u00f0ur innifalinn \u00f3beint sem einn af fj\u00f3rum vestr\u00e6num erkienglum lj\u00f3skrosshef\u00f0arinnar. \u00cd hinni \u00fatv\u00edkku\u00f0u verndarsj\u00f3nmyndun er hann \u00e1kalla\u00f0ur sem vestr\u00e6nt verndarafl (\u00ed Gullnu-d\u00f6gunar-samsv\u00f6runinni) e\u00f0a sem verndarveldi jar\u00f0lagsins. Fj\u00f6gur-erkiengla-samst\u00e6\u00f0an M\u00edkael-Gabr\u00edel-Rafael-\u00dar\u00edel myndar hinn hef\u00f0bundna helgisi\u00f0aform <span class=\"iwg-fachbegriff\" data-tooltip=\"B\u00e6narlegt e\u00f0a \u00e1kallandi \u00e1varp til gu\u00f0s e\u00f0a valds.\" tabindex=\"0\">\u00e1kallsins<\/span> til <span class=\"iwg-fachbegriff\" data-tooltip=\"\u00cd eingy\u00f0istr\u00faarbr\u00f6g\u00f0unum himnesk sendibo\u00f0avera Gu\u00f0s.\" tabindex=\"0\">engla<\/span> \u00ed vestr\u00e6nni <span class=\"iwg-fachbegriff\" data-tooltip=\"Samheiti yfir l\u00e6rd\u00f3ma sem eiga a\u00f0 hafa yfir a\u00f0 r\u00e1\u00f0a falinni \u00feekkingu sem a\u00f0eins innv\u00edg\u00f0ir hafa a\u00f0gang a\u00f0.\" tabindex=\"0\">es\u00f3ter\u00edk<\/span>.<\/p><\/div>\t\t\t\t\t\t\t\t<\/div>\n\t\t\t\t\t<\/div>\n\t\t\t\t<\/div>\n\t\t\t\t\t<\/div>\n\t\t\t\t<\/div>\n\t\t<div class=\"elementor-element elementor-element-wmd-s6 e-con-boxed e-flex e-con e-parent\" data-id=\"wmd-s6\" data-element_type=\"container\" data-e-type=\"container\">\n\t\t\t\t\t<div class=\"e-con-inner\">\n\t\t\t\t<div class=\"elementor-element elementor-element-wmd-h6 elementor-widget elementor-widget-heading\" data-id=\"wmd-h6\" data-element_type=\"widget\" data-e-type=\"widget\" data-widget_type=\"heading.default\">\n\t\t\t\t\t<h2 class=\"elementor-heading-title elementor-size-default\">Hli\u00f0st\u00e6\u00f0ur<\/h2>\t\t\t\t<\/div>\n\t\t<div class=\"elementor-element elementor-element-wmd-s6-bw e-flex e-con-boxed e-con e-parent\" data-id=\"wmd-s6-bw\" data-element_type=\"container\" data-e-type=\"container\" data-settings=\"{&quot;background_background&quot;:&quot;classic&quot;}\">\n\t\t\t\t\t<div class=\"e-con-inner\">\n\t\t\t\t<div class=\"elementor-element elementor-element-wmd-t6 elementor-widget elementor-widget-text-editor\" data-id=\"wmd-t6\" data-element_type=\"widget\" data-e-type=\"widget\" data-widget_type=\"text-editor.default\">\n\t\t\t\t\t\t\t\t\t<footer class=\"iwg-literatur\" data-nosnippet=\"true\"><p>\u00dar\u00edel m\u00e1 finna sem visku- og eldv\u00f6r\u00f0 \u00ed: <em>Agni<\/em> \u00ed hind\u00faisma (gu\u00f0 eldsins og \u00feekkingarins), <em>Pr\u00f3me\u00feeif<\/em> \u00far gr\u00edskri go\u00f0afr\u00e6\u00f0i (f\u00e6randa eldsins), <em>\u00d3\u00f0inn<\/em> \u00ed norr\u00e6nni hef\u00f0 (sj\u00e1anda og f\u00f3rnara fyrir visku), <em>Hefaistos<\/em> sem smi\u00f0 sannleikans, og <em>Bel<\/em> \u00ed bab\u00fdlonskri hef\u00f0 (skipara \u00f3rei\u00f0unnar me\u00f0 lj\u00f3si). Allir t\u00e1kna umbreytandi kraft eldsins og uppl\u00fdsinguna.<\/p><\/footer>\t\t\t\t\t\t\t\t<\/div>\n\t\t\t\t\t<\/div>\n\t\t\t\t<\/div>\n\t\t\t\t\t<\/div>\n\t\t\t\t<\/div>\n\t\t<div class=\"elementor-element elementor-element-cpe1ffd00 e-flex e-con-boxed e-con e-parent\" data-id=\"cpe1ffd00\" data-element_type=\"container\" data-e-type=\"container\">\n\t\t\t\t\t<div class=\"e-con-inner\">\n\t\t\t\t<div class=\"elementor-element elementor-element-cp49814f5 elementor-widget elementor-widget-heading\" data-id=\"cp49814f5\" data-element_type=\"widget\" data-e-type=\"widget\" data-widget_type=\"heading.default\">\n\t\t\t\t\t<h2 class=\"elementor-heading-title elementor-size-default\">\u00dar\u00edel \u00ed ap\u00f3kr\u00fdfum og gervin\u00f6fnu\u00f0um ritum<\/h2>\t\t\t\t<\/div>\n\t\t<div class=\"elementor-element elementor-element-cpce17619 e-con-full e-flex e-con e-child\" data-id=\"cpce17619\" data-element_type=\"container\" data-e-type=\"container\">\n\t\t\t\t<div class=\"elementor-element elementor-element-cp2a91b55 elementor-widget elementor-widget-text-editor\" data-id=\"cp2a91b55\" data-element_type=\"widget\" data-e-type=\"widget\" data-widget_type=\"text-editor.default\">\n\t\t\t\t\t\t\t\t\t<p>\u00d3l\u00edkt M\u00edkael og Gabr\u00edel er \u00dar\u00edel ekki nefndur me\u00f0 nafni \u00ed <span class=\"iwg-fachbegriff\" data-tooltip=\"Safn helgra rita tr\u00faarbrag\u00f0a sem vi\u00f0urkennt er sem bindandi.\" tabindex=\"0\">kan\u00f3nu<\/span> hebresku bibl\u00edunnar og N\u00fdja testamentisins. Mikilv\u00e6gi hans er n\u00e6r alfari\u00f0 s\u00f3tt \u00ed ap\u00f3kr\u00fdfar og gervin\u00f6fnu\u00f0 rit fornj\u00fa\u00f0ad\u00f3ms. Mikilv\u00e6gasta heimildin er e\u00fe\u00ed\u00f3pska Enoksb\u00f3kin, sem var\u00f0 til \u00ed m\u00f6rgum l\u00f6gum \u00e1 milli \u00feri\u00f0ju aldar fyrir Krist og fyrstu aldar eftir Krist.<\/p><p>\u00cd fyrstu Enoksb\u00f3kinni er \u00dar\u00edel me\u00f0al fj\u00f6gurra e\u00f0a sj\u00f6 erkiengla sem standa fyrir h\u00e1s\u00e6ti Gu\u00f0s. \u00dear birtist hann sem <span class=\"iwg-fachbegriff\" data-tooltip=\"\u00cd eingy\u00f0istr\u00faarbr\u00f6g\u00f0unum himnesk sendibo\u00f0avera Gu\u00f0s.\" tabindex=\"0\">engillinn<\/span> sem lei\u00f0ir Enok gegnum himingeimana og \u00fatsk\u00fdrir fyrir honum l\u00f6gm\u00e1l stjarnanna, gang s\u00f3lar og m\u00e1na, og skipan \u00e1rst\u00ed\u00f0anna.<\/p><p>\u00cd stj\u00f6rnufr\u00e6\u00f0ilegum k\u00f6flum Enoksb\u00f3karinnar er \u00dar\u00edel kennari almanaksins. \u00deessi tengsl vi\u00f0 lj\u00f3s, himinv\u00e9lfr\u00e6\u00f0i og \u00feekkingarmi\u00f0lun einkenna hann til framt\u00ed\u00f0ar.<\/p><p>Fj\u00f3r\u00f0a Esrab\u00f3k, j\u00fad\u00edsk heimsslitab\u00f3k fr\u00e1 seinni hluta fyrstu aldar, gefur \u00dar\u00edel anna\u00f0 einkennandi hlutverk. \u00dear er hann <span class=\"iwg-fachbegriff\" data-tooltip=\"\u00cd eingy\u00f0istr\u00faarbr\u00f6g\u00f0unum himnesk sendibo\u00f0avera Gu\u00f0s.\" tabindex=\"0\">engillinn<\/span> sem svarar sj\u00e1andanum Esra og fr\u00e6\u00f0ir hann um takm\u00f6rk mannlegrar skynsemi.<\/p><p>\u00dar\u00edel setur Esra fyrir \u00f3leysanlegar \u00ferautir til a\u00f0 s\u00fdna honum a\u00f0 ma\u00f0urinn getur ekki skili\u00f0 vegu Gu\u00f0s.<\/p><p>Ranns\u00f3knir benda \u00e1 a\u00f0 nafn \u00dar\u00edels, sem m\u00e1 t\u00falka sem lj\u00f3s Gu\u00f0s e\u00f0a eldur Gu\u00f0s, samsvarar vel \u00feessum hlutverkum.<\/p><p>\u00cd hinum \u00fdmsu englaskr\u00e1m gervin\u00f6fnu\u00f0ra rita er r\u00f6\u00f0 og jafnvel samsetning erkiengla-h\u00f3psins \u00e1 reiki. \u00dar\u00edel er ekki \u00ed \u00f6llum skr\u00e1num, sem s\u00fdnir a\u00f0 englastigveldi fornj\u00fa\u00f0ad\u00f3ms var ekkert fast kerfi.<\/p>\t\t\t\t\t\t\t\t<\/div>\n\t\t\t\t<\/div>\n\t\t\t\t\t<\/div>\n\t\t\t\t<\/div>\n\t\t<div class=\"elementor-element elementor-element-cpfb3ca31 e-flex e-con-boxed e-con e-parent\" data-id=\"cpfb3ca31\" data-element_type=\"container\" data-e-type=\"container\">\n\t\t\t\t\t<div class=\"e-con-inner\">\n\t\t\t\t<div class=\"elementor-element elementor-element-cp96f5c82 elementor-widget elementor-widget-heading\" data-id=\"cp96f5c82\" data-element_type=\"widget\" data-e-type=\"widget\" data-widget_type=\"heading.default\">\n\t\t\t\t\t<h2 class=\"elementor-heading-title elementor-size-default\">Deilur um st\u00f6\u00f0u \u00dar\u00edels \u00ed kristinni kirkju<\/h2>\t\t\t\t<\/div>\n\t\t<div class=\"elementor-element elementor-element-cp2e4fa33 e-con-full e-flex e-con e-child\" data-id=\"cp2e4fa33\" data-element_type=\"container\" data-e-type=\"container\">\n\t\t\t\t<div class=\"elementor-element elementor-element-cp1352892 elementor-widget elementor-widget-text-editor\" data-id=\"cp1352892\" data-element_type=\"widget\" data-e-type=\"widget\" data-widget_type=\"text-editor.default\">\n\t\t\t\t\t\t\t\t\t<p>D\u00fdrkun \u00dar\u00edels \u00ed kristinni hef\u00f0 var ekki samr\u00e6md. \u00c1 me\u00f0an M\u00edkael, Gabr\u00edel og Rafael g\u00e1tu stu\u00f0st vi\u00f0 bibl\u00edulegar heimildir, skorti \u00dar\u00edel \u00feennan kan\u00f3n\u00edska grundv\u00f6ll. \u00dea\u00f0 leiddi til kirkjulegra deilna um hva\u00f0a englan\u00f6fn m\u00e6tti yfirh\u00f6fu\u00f0 nefna \u00ed gu\u00f0s\u00fej\u00f3nustum.<\/p><p>R\u00f3mversk kirkju\u00feingssamkoma undir stj\u00f3rn p\u00e1fa Zakar\u00edasar \u00e1ri\u00f0 745 fjalla\u00f0i um d\u00fdrkun engla sem ekki eru nefndir \u00ed ritningunni. Sagnir greina fr\u00e1 \u00fev\u00ed a\u00f0 a\u00f0eins \u00feeir \u00fer\u00edr erkienglar sem sta\u00f0festir eru \u00ed Bibl\u00edunni hafi veri\u00f0 sam\u00feykktir sem leyfilegir.<\/p><p>\u00dar\u00edel og fleiri englan\u00f6fn sem gengu manna \u00e1 me\u00f0al \u00ed ap\u00f3kr\u00fdfum ritum voru hafna\u00f0, \u00fev\u00ed a\u00f0 samkv\u00e6mt mati samkundunnar g\u00e6tu a\u00f0 baki sumum \u00feessara nafna ekki sta\u00f0i\u00f0 eiginlegir <span class=\"iwg-fachbegriff\" data-tooltip=\"\u00cd abraham\u00edsku tr\u00faarbr\u00f6g\u00f0unum himneskt sendibo\u00f0avera Gu\u00f0s.\" tabindex=\"0\">englar<\/span> heldur m\u00f6gulega dj\u00f6flar. \u00deessi vark\u00e1rni einkenndi vestr\u00e6nu kirkjuna um langa hr\u00ed\u00f0.<\/p><p>\u00der\u00e1tt fyrir \u00feetta lif\u00f0i d\u00fdrkun \u00dar\u00edels \u00e1fram \u00ed \u00fdmsum greinum. \u00cd et\u00ed\u00f3p\u00edsk-or\u00fe\u00f3doxu kirkjunni, \u00fear sem <span class=\"iwg-fachbegriff\" data-tooltip=\"S\u00fa samlagning heilagra rita tr\u00faarbrag\u00f0a sem vi\u00f0urkennd er sem bindandi.\" tabindex=\"0\">kan\u00f3na<\/span> hennar tekur til Enoksb\u00f3kar, hefur \u00dar\u00edel fastan sess. Hans er einnig geti\u00f0 \u00ed kopt\u00edsku kirkjunni og \u00ed hluta austurkirkjulegrar hef\u00f0ar.<\/p><p>\u00cd vestr\u00e6nni <span class=\"iwg-fachbegriff\" data-tooltip=\"Tr\u00faarl\u00edf sem lifa\u00f0 er \u00ed daglegu l\u00edfi, oft samhli\u00f0a hinni opinberu kenningu.\" tabindex=\"0\">al\u00fe\u00fd\u00f0utr\u00fa<\/span> h\u00e9lst \u00dar\u00edel einnig lifandi, me\u00f0al annars \u00ed b\u00e6num og \u00ed <span class=\"iwg-fachbegriff\" data-tooltip=\"Fr\u00e6\u00f0igrein um myndefni og merkingu \u00feeirra.\" tabindex=\"0\">helgimyndafr\u00e6\u00f0i<\/span>, \u00e1n \u00feess a\u00f0 hann hafi fengi\u00f0 opinberan helgisi\u00f0alegan sess.<\/p><p>\u00cd angl\u00edkanska heiminum og \u00ed dulspekihef\u00f0 \u00e1rn\u00fdaldar f\u00e9kk \u00dar\u00edel aukna \u00fe\u00fd\u00f0ingu. John Dee, fr\u00e6\u00f0ima\u00f0urinn og r\u00e1\u00f0gjafi vi\u00f0 hir\u00f0 El\u00edsabetar I., nefndi \u00dar\u00edel sem einn af <span class=\"iwg-fachbegriff\" data-tooltip=\"\u00cd abraham\u00edsku tr\u00faarbr\u00f6g\u00f0unum himneskt sendibo\u00f0avera Gu\u00f0s.\" tabindex=\"0\">englunum<\/span> \u00ed s\u00fdnum s\u00ednum.<\/p><p>\u00deannig fluttist \u00dar\u00edel a\u00f0 hluta \u00far <span class=\"iwg-fachbegriff\" data-tooltip=\"Fr\u00e6\u00f0ileg kenning um Gu\u00f0 og tr\u00fa tiltekinna tr\u00faarbrag\u00f0a.\" tabindex=\"0\">gu\u00f0fr\u00e6\u00f0inni<\/span> yfir \u00ed <span class=\"iwg-fachbegriff\" data-tooltip=\"I\u00f0kanir sem reyna a\u00f0 hafa \u00e1hrif \u00e1 gang hlutanna me\u00f0 s\u00e9rst\u00f6kum ath\u00f6fnum e\u00f0a form\u00falum.\" tabindex=\"0\">galdur<\/span> og hermet\u00edskar ritsm\u00ed\u00f0ar. Tr\u00faarbrag\u00f0afr\u00e6\u00f0in s\u00e9r \u00ed \u00feessari \u00fer\u00f3un d\u00e6mi um hvernig vera sem ekki er fullkomlega vi\u00f0urkennd af kirkjunni getur lifa\u00f0 \u00e1fram, ekki s\u00edst \u00e1 ja\u00f0arsv\u00e6\u00f0um <span class=\"iwg-fachbegriff\" data-tooltip=\"S\u00fa tr\u00faarlega afsta\u00f0a og i\u00f0kun sem einstaklingur lifir eftir.\" tabindex=\"0\">tr\u00far\u00e6kni<\/span>.<\/p>\t\t\t\t\t\t\t\t<\/div>\n\t\t\t\t<\/div>\n\t\t\t\t\t<\/div>\n\t\t\t\t<\/div>\n\t\t<div class=\"elementor-element elementor-element-cp2808d57 e-flex e-con-boxed e-con e-parent\" data-id=\"cp2808d57\" data-element_type=\"container\" data-e-type=\"container\">\n\t\t\t\t\t<div class=\"e-con-inner\">\n\t\t\t\t<div class=\"elementor-element elementor-element-cp8f37d17 elementor-widget elementor-widget-heading\" data-id=\"cp8f37d17\" data-element_type=\"widget\" data-e-type=\"widget\" data-widget_type=\"heading.default\">\n\t\t\t\t\t<h2 class=\"elementor-heading-title elementor-size-default\">\u00dar\u00edel \u00ed myndlist, b\u00f3kmenntum og n\u00fat\u00edma dulspeki<\/h2>\t\t\t\t<\/div>\n\t\t<div class=\"elementor-element elementor-element-cp67cac81 e-con-full e-flex e-con e-child\" data-id=\"cp67cac81\" data-element_type=\"container\" data-e-type=\"container\">\n\t\t\t\t<div class=\"elementor-element elementor-element-cp93ac241 elementor-widget elementor-widget-text-editor\" data-id=\"cp93ac241\" data-element_type=\"widget\" data-e-type=\"widget\" data-widget_type=\"text-editor.default\">\n\t\t\t\t\t\t\t\t\t<p>\u00cd myndlist er erfitt a\u00f0 \u00feekkja \u00dar\u00edel me\u00f0 vissu, \u00fev\u00ed honum eru ekki eignu\u00f0 f\u00f6st einkenni. \u00dear sem hann kemur fram me\u00f0 nafni, ber hann oft loga, b\u00f3k e\u00f0a skrautrolla, sem v\u00edsar til hlutverka hans sem lj\u00f3s- og viskuengils.<\/p><p>\u00c1 stundum er honum eigna\u00f0 sver\u00f0, \u00fev\u00ed ein hef\u00f0 samsamar hann ker\u00fabnum sem, samkv\u00e6mt M\u00f3seb\u00f3k, g\u00e6tir innganginn a\u00f0 Edengar\u00f0inum. \u00deessi samsemd er \u00fe\u00f3 s\u00ed\u00f0ari t\u00falkun og sty\u00f0st ekki vi\u00f0 bibl\u00edutextann sj\u00e1lfan.<\/p><p>\u00cd b\u00f3kmenntum f\u00e9kk \u00dar\u00edel s\u00edna \u00e1hrifamestu mynd \u00ed gegnum lj\u00f3\u00f0verk Johns Miltons <em>Paradise Lost<\/em> fr\u00e1 1667. Milton gerir \u00dar\u00edel a\u00f0 stj\u00f3rnanda s\u00f3larins og a\u00f0 \u00fev\u00ed skarpasta auga himinsins, sem \u00fe\u00f3 er blekkt af Satan \u00feegar hann kemur til jar\u00f0ar dulb\u00fainn sem sakleysislegur <span class=\"iwg-fachbegriff\" data-tooltip=\"\u00cd abraham\u00edsku tr\u00faarbr\u00f6g\u00f0unum himneskt sendibo\u00f0avera Gu\u00f0s.\" tabindex=\"0\">engill<\/span>.<\/p><p>\u00dar\u00edel Miltons sameina\u00f0i hina eldri stjarnfr\u00e6\u00f0ilegu hef\u00f0 Enoksb\u00f3kar vi\u00f0 b\u00f3kmenntalega pers\u00f3nusk\u00f6pun sem haf\u00f0i mikil \u00e1hrif \u00e1 s\u00ed\u00f0ari myndir af honum.<\/p><p>\u00cd n\u00fat\u00edma <span class=\"iwg-fachbegriff\" data-tooltip=\"Samheiti fyrir kenningar sem gera kr\u00f6fu um dulda \u00feekkingu, a\u00f0gengilega a\u00f0eins innv\u00edg\u00f0um.\" tabindex=\"0\">dulspeki<\/span>, s\u00e9rstaklega \u00ed hef\u00f0 Hermetic Order of the Golden Dawn \u00e1 s\u00ed\u00f0ari hluta 19. aldar, var \u00dar\u00edel tengdur einni af fj\u00f3rum h\u00f6fu\u00f0\u00e1ttum og einu af fj\u00f3rum frumefnum, oftast nor\u00f0ri og j\u00f6r\u00f0inni.<\/p><p>\u00deessi kerfisbinding er n\u00fat\u00edmaleg sm\u00ed\u00f0 og hefur enga sto\u00f0 \u00ed fornum heimildum, \u00fear sem \u00dar\u00edel er \u00fevert \u00e1 m\u00f3ti tengdur lj\u00f3si og himni en ekki j\u00f6r\u00f0inni.<\/p><p>N\u00fat\u00edma englab\u00f3kmenntir og tr\u00faarleg sj\u00e1lfst\u00falkunarstraumar taka \u00dar\u00edel oft upp sem <span class=\"iwg-fachbegriff\" data-tooltip=\"\u00cd abraham\u00edsku tr\u00faarbr\u00f6g\u00f0unum himneskt sendibo\u00f0avera Gu\u00f0s.\" tabindex=\"0\">engil<\/span> viskunnar e\u00f0a innri upplj\u00f3munar.<\/p><p>Fr\u00e1 tr\u00faarbrag\u00f0afr\u00e6\u00f0ilegu sj\u00f3narhorni er vert a\u00f0 hafa \u00ed huga a\u00f0 \u00feessar eignanir eiga r\u00e6tur \u00ed n\u00fat\u00edmalegum \u00fe\u00f6rfum og fjarl\u00e6gjast hinar fornu heimildir umtalsvert. \u00deeir sem vilja bera saman englahugmyndir finna hj\u00e1 <a href=\"https:\/\/iwell-guard.com\/is\/?page_id=168687\">M\u00edkael<\/a> og <a href=\"https:\/\/iwell-guard.com\/is\/?page_id=168688\">erkienglinum Gabr\u00edel<\/a> \u00fe\u00e6r <span class=\"iwg-fachbegriff\" data-tooltip=\"Sem tilheyrir bindandi vi\u00f0urkenndu safni rita tr\u00faarbrag\u00f0a.\" tabindex=\"0\">kan\u00f3n\u00edskari<\/span> og betur sta\u00f0festar hli\u00f0st\u00e6\u00f0ur.<\/p>\t\t\t\t\t\t\t\t<\/div>\n\t\t\t\t<\/div>\n\t\t\t\t\t<\/div>\n\t\t\t\t<\/div>\n\t\t<div class=\"elementor-element elementor-element-cp4236cb0 e-flex e-con-boxed e-con e-parent\" data-id=\"cp4236cb0\" data-element_type=\"container\" data-e-type=\"container\">\n\t\t\t\t\t<div class=\"e-con-inner\">\n\t\t\t\t<div class=\"elementor-element elementor-element-cp921ef68 elementor-widget elementor-widget-heading\" data-id=\"cp921ef68\" data-element_type=\"widget\" data-e-type=\"widget\" data-widget_type=\"heading.default\">\n\t\t\t\t\t<h2 class=\"elementor-heading-title elementor-size-default\">Or\u00f0sifjar og merking nafnsins<\/h2>\t\t\t\t<\/div>\n\t\t<div class=\"elementor-element elementor-element-cp9ab3b06 e-con-full e-flex e-con e-child\" data-id=\"cp9ab3b06\" data-element_type=\"container\" data-e-type=\"container\">\n\t\t\t\t<div class=\"elementor-element elementor-element-cp008b2e9 elementor-widget elementor-widget-text-editor\" data-id=\"cp008b2e9\" data-element_type=\"widget\" data-e-type=\"widget\" data-widget_type=\"text-editor.default\">\n\t\t\t\t\t\t\t\t\t<p>Nafni\u00f0 \u00dar\u00edel er gu\u00f0fr\u00e6\u00f0ileg (\u00fee\u00f3for) myndun, \u00fea\u00f0 er a\u00f0 segja nafn sem inniheldur gu\u00f0s\u00fe\u00e1tt. \u00dea\u00f0 er samsett \u00far hebreska hlutanum fyrir lj\u00f3s e\u00f0a eld og hinni algengu endingu sem t\u00e1knar Gu\u00f0 og kemur einnig fram \u00ed n\u00f6fnum eins og M\u00edkael, Gabr\u00edel og Rafael. Venjuleg \u00fe\u00fd\u00f0ing er lj\u00f3s Gu\u00f0s e\u00f0a eldur Gu\u00f0s.<\/p><p>\u00deessi tv\u00edr\u00e6\u00f0ni milli lj\u00f3ss og elds er engin tilviljun heldur endurspeglar merkingarsvi\u00f0i\u00f0 sem liggur a\u00f0 baki hebreska or\u00f0inu, sem getur bori\u00f0 b\u00e1\u00f0ar merkingarnar. Fr\u00e6\u00f0imenn telja \u00feetta \u00e1st\u00e6\u00f0u \u00feess a\u00f0 \u00dar\u00edel birtist \u00ed heimildum b\u00e6\u00f0i sem lj\u00f3sberi og kennari himneskrar reglu og einnig stundum sem refsandi, eldlegur <span class=\"iwg-fachbegriff\" data-tooltip=\"\u00cd abraham\u00edsku tr\u00faarbr\u00f6g\u00f0unum himneskur sendibo\u00f0i Gu\u00f0s.\" tabindex=\"0\">engill<\/span>.<\/p><p>\u00cd hinum \u00fdmsu handritum og \u00fe\u00fd\u00f0ingum er rith\u00e1ttur nafnsins mj\u00f6g breytilegur. \u00c1 gr\u00edsku og lat\u00ednu koma fram myndir eins og <em>Ouriel<\/em>, \u00ed slavneskum Enoks-hef\u00f0um enn frekari afbrig\u00f0i.<\/p><p>\u00cd sumum englaskr\u00e1m er \u00dar\u00edel rugla\u00f0 saman vi\u00f0 a\u00f0ra engla e\u00f0a samsama\u00f0ur \u00feeim, til d\u00e6mis Fan\u00fael e\u00f0a Sar\u00edel. \u00deessi \u00f3vissa s\u00fdnir a\u00f0 n\u00f6fn hinna \u00f3vi\u00f0urkenndu (ekki-kan\u00f3n\u00edsku) <span class=\"iwg-fachbegriff\" data-tooltip=\"\u00cd abraham\u00edsku tr\u00faarbr\u00f6g\u00f0unum himneskur sendibo\u00f0i Gu\u00f0s.\" tabindex=\"0\">engla<\/span> voru ekki n\u00e1kv\u00e6mlega f\u00f6st heldur breyttust \u00ed <span class=\"iwg-fachbegriff\" data-tooltip=\"Mi\u00f0lun \u00feekkingar og fr\u00e1sagna kynsl\u00f3\u00f0 fram af kynsl\u00f3\u00f0.\" tabindex=\"0\">munnm\u00e6lahef\u00f0inni<\/span>.<\/p><p>Athyglisvert er a\u00f0 kabbal\u00edsk hef\u00f0 gy\u00f0ingd\u00f3ms \u00e1 mi\u00f0\u00f6ldum h\u00e9lt \u00dar\u00edel a\u00f0 hluta til \u00e1fram og veitti honum s\u00e6ti \u00ed fl\u00f3knum englakerfum s\u00ednum, \u00fe\u00f3 me\u00f0 sveiflukenndri st\u00f6\u00f0u. Fr\u00e6\u00f0ilegt mat er a\u00f0 nafni\u00f0 \u00dar\u00edel t\u00e1kni s\u00ed\u00f0ur afmarka\u00f0a pers\u00f3nu heldur fremur samsafn hlutverka sem hverfast um hugmyndina um gu\u00f0legt lj\u00f3s og himneska \u00feekkingu.<\/p>\t\t\t\t\t\t\t\t<\/div>\n\t\t\t\t<\/div>\n\t\t\t\t\t<\/div>\n\t\t\t\t<\/div>\n\t\t<div class=\"elementor-element elementor-element-b30cf3d e-con-boxed e-flex e-con e-parent\" data-id=\"b30cf3d\" data-element_type=\"container\" data-e-type=\"container\">\n\t\t\t\t\t<div class=\"e-con-inner\">\n\t\t\t\t<div class=\"elementor-element elementor-element-3992885 elementor-widget elementor-widget-text-editor\" data-id=\"3992885\" data-element_type=\"widget\" data-e-type=\"widget\" data-widget_type=\"text-editor.default\">\n\t\t\t\t\t\t\t\t\t\n<h2>Algengar spurningar um erkiengilinn \u00dar\u00edel<\/h2>\n<div class=\"iwg-faq-q\"><h3>Hver er erkiengillinn \u00dar\u00edel?<\/h3><p>\u00dar\u00edel (hebreska \u00d3ri-el, lj\u00f3s Gu\u00f0s e\u00f0a Gu\u00f0s lj\u00f3s) er einn af fj\u00f3rum (stundum sj\u00f6) erkienglum gy\u00f0ing-kristinnar hef\u00f0ar, \u00e1samt M\u00edkael, Gabr\u00edel og Rafael.<\/p><p>\u00d3l\u00edkt hinum \u00feremur er \u00dar\u00edel ekki nefndur me\u00f0 nafni \u00ed hebreska bibl\u00edukan\u00f3nnum; hann kemur fyrst fram \u00ed ap\u00f3kr\u00fdfu 4. Esrab\u00f3k og \u00ed e\u00fe\u00ed\u00f3p\u00edsku Enoksb\u00f3kinni. \u00cd r\u00e9tttr\u00fana\u00f0arhef\u00f0inni er hann einn af sj\u00f6 erkienglum, verndari lj\u00f3ss, visku, uppl\u00fdsingar og sp\u00e1d\u00f3mlegrar s\u00fdnar.<\/p><\/div>\n<div class=\"iwg-faq-q\"><h3>Hva\u00f0a t\u00e1kn og hli\u00f0ar eru eigna\u00f0ar \u00dar\u00edel?<\/h3><p>\u00cd vestr\u00e6nni <span class=\"iwg-fachbegriff\" data-tooltip=\"\u00cd abraham\u00edsku tr\u00faarbr\u00f6g\u00f0unum himneskur sendibo\u00f0i Gu\u00f0s.\" tabindex=\"0\">engla<\/span>&#8211;<span class=\"iwg-fachbegriff\" data-tooltip=\"Samheiti yfir kenningar sem gera tilkall til falinnar \u00feekkingar sem a\u00f0eins innv\u00edg\u00f0ir hafa a\u00f0gang a\u00f0.\" tabindex=\"0\">dulspeki<\/span> er \u00dar\u00edel erkiengill uppl\u00fdsingar og visku, oftast s\u00fdndur me\u00f0 loga e\u00f0a opinni b\u00f3k. Honum er eigna\u00f0 frumefni\u00f0 j\u00f6r\u00f0 (\u00ed \u00f6\u00f0rum hef\u00f0um eldur), liturinn gull e\u00f0a r\u00fab\u00ednrautt, og nor\u00f0ri\u00f0 sem h\u00f6fu\u00f0\u00e1tt.<\/p><p>\u00dar\u00edel er talinn verndari sp\u00e1d\u00f3mlegrar innbl\u00e1sturs, n\u00e1tt\u00faruv\u00edsinda og hagn\u00fdtrar visku. \u00cd gy\u00f0inglegri <span class=\"iwg-fachbegriff\" data-tooltip=\"Tr\u00faarleg stefna me\u00f0 \u00e1herslu \u00e1 beina reynslu af Gu\u00f0i.\" tabindex=\"0\">dulhyggju<\/span> er \u00dar\u00edel einn af fj\u00f3rum <span class=\"iwg-fachbegriff\" data-tooltip=\"\u00cd abraham\u00edsku tr\u00faarbr\u00f6g\u00f0unum himneskur sendibo\u00f0i Gu\u00f0s.\" tabindex=\"0\">englum<\/span> Shek\u00edna (gu\u00f0legrar n\u00e1l\u00e6g\u00f0ar) sem g\u00e6ta hins eil\u00edfa lj\u00f3ss.<\/p><\/div>\n<script type=\"application\/ld+json\">{\"@context\":\"https:\/\/schema.org\",\"@type\":\"FAQPage\",\"mainEntity\":[{\"@type\":\"Question\",\"name\":\"Hver er erkiengillinn \u00dar\u00edel?\",\"acceptedAnswer\":{\"@type\":\"Answer\",\"text\":\"\u00dar\u00edel (hebreska \u00d3ri-el, lj\u00f3s Gu\u00f0s e\u00f0a Gu\u00f0s lj\u00f3s) er einn af fj\u00f3rum (stundum sj\u00f6) erkienglum gy\u00f0ing-kristinnar hef\u00f0ar, \u00e1samt M\u00edkael, Gabr\u00edel og Rafael.\u00d3l\u00edkt hinum \u00feremur er \u00dar\u00edel ekki nefndur me\u00f0 nafni \u00ed hebreska bibl\u00edukan\u00f3nnum; hann kemur fyrst fram \u00ed ap\u00f3kr\u00fdfu 4. Esrab\u00f3k og \u00ed e\u00fe\u00ed\u00f3p\u00edsku Enoksb\u00f3kinni. \u00cd r\u00e9tttr\u00fana\u00f0arhef\u00f0inni er hann einn af sj\u00f6 erkienglum, verndari lj\u00f3ss, visku, uppl\u00fdsingar og sp\u00e1d\u00f3mlegrar s\u00fdnar.\"}},{\"@type\":\"Question\",\"name\":\"Hva\u00f0a t\u00e1kn og hli\u00f0ar eru eigna\u00f0ar \u00dar\u00edel?\",\"acceptedAnswer\":{\"@type\":\"Answer\",\"text\":\"\u00cd vestr\u00e6nni engla-dulspeki er \u00dar\u00edel erkiengill uppl\u00fdsingar og visku, oftast s\u00fdndur me\u00f0 loga e\u00f0a opinni b\u00f3k. Honum er eigna\u00f0 frumefni\u00f0 j\u00f6r\u00f0 (\u00ed \u00f6\u00f0rum hef\u00f0um eldur), liturinn gull e\u00f0a r\u00fab\u00ednrautt, og nor\u00f0ri\u00f0 sem h\u00f6fu\u00f0\u00e1tt.\u00dar\u00edel er talinn verndari sp\u00e1d\u00f3mlegrar innbl\u00e1sturs, n\u00e1tt\u00faruv\u00edsinda og hagn\u00fdtrar visku. \u00cd gy\u00f0inglegri dulhyggju er \u00dar\u00edel einn af fj\u00f3rum englum Shek\u00edna (gu\u00f0legrar n\u00e1l\u00e6g\u00f0ar) sem g\u00e6ta hins eil\u00edfa lj\u00f3ss.\"}}]}<\/script>\t\t\t\t\t\t\t\t<\/div>\n\t\t\t\t\t<\/div>\n\t\t\t\t<\/div>\n\t\t\t\t<\/div>\n\t\t","protected":false},"excerpt":{"rendered":"","protected":false},"author":3,"featured_media":1624,"parent":0,"menu_order":0,"comment_status":"closed","ping_status":"closed","template":"elementor_header_footer","meta":{"_yoast_wpseo_focuskw":"Erkiengillinn \u00dar\u00edel","_yoast_wpseo_title":"Eldur viskunnar og upplj\u00f3munar","_yoast_wpseo_metadesc":"Erkiengillinn \u00dar\u00edel opinberar dj\u00fapan sannleika og kveikir innri upplj\u00f3mun. Kynnist krafti hans \u00ed es\u00f3ter\u00edskri hef\u00f0","_yoast_wpseo_meta-robots-noindex":"","_yoast_wpseo_canonical":"","_angie_page":false,"gefaehrdungsstufe":"","wesen_kultur":"","wesen_klasse":"","footnotes":""},"categories":[],"class_list":["post-168690","page","type-page","status-publish","has-post-thumbnail","hentry"],"yoast_head":"<!-- This site is optimized with the Yoast SEO Premium plugin v27.7 (Yoast SEO v28.3) - https:\/\/yoast.com\/product\/yoast-seo-premium-wordpress\/ -->\n<title>Eldur viskunnar og upplj\u00f3munar<\/title>\n<meta name=\"description\" content=\"Erkiengillinn \u00dar\u00edel opinberar dj\u00fapan sannleika og kveikir innri upplj\u00f3mun. Kynnist krafti hans \u00ed es\u00f3ter\u00edskri hef\u00f0\" \/>\n<meta name=\"robots\" content=\"index, follow, max-snippet:-1, max-image-preview:large, max-video-preview:-1\" \/>\n<link rel=\"canonical\" href=\"https:\/\/iwell-guard.com\/is\/erkiengillinn-uriel\/\" \/>\n<meta property=\"og:locale\" content=\"is_IS\" \/>\n<meta property=\"og:type\" content=\"article\" \/>\n<meta property=\"og:title\" content=\"Erkiengillinn \u00dar\u00edel\" \/>\n<meta property=\"og:description\" content=\"Erkiengillinn \u00dar\u00edel opinberar dj\u00fapan sannleika og kveikir innri upplj\u00f3mun. Kynnist krafti hans \u00ed es\u00f3ter\u00edskri hef\u00f0\" \/>\n<meta property=\"og:url\" content=\"https:\/\/iwell-guard.com\/is\/erkiengillinn-uriel\/\" \/>\n<meta property=\"og:site_name\" content=\"iWell Guard\" \/>\n<meta property=\"article:modified_time\" content=\"2026-09-05T14:16:57+00:00\" \/>\n<meta property=\"og:image\" content=\"https:\/\/iwell-guard.com\/wp-content\/uploads\/2026\/04\/lichtwesen_erzengel-uriel.webp\" \/>\n\t<meta property=\"og:image:width\" content=\"1024\" \/>\n\t<meta property=\"og:image:height\" content=\"1536\" \/>\n\t<meta property=\"og:image:type\" content=\"image\/webp\" \/>\n<meta name=\"twitter:card\" content=\"summary_large_image\" \/>\n<script type=\"application\/ld+json\" class=\"yoast-schema-graph\">{\"@context\":\"https:\\\/\\\/schema.org\",\"@graph\":[{\"@type\":\"WebPage\",\"@id\":\"https:\\\/\\\/iwell-guard.com\\\/is\\\/erkiengillinn-uriel\\\/\",\"url\":\"https:\\\/\\\/iwell-guard.com\\\/is\\\/erkiengillinn-uriel\\\/\",\"name\":\"Eldur viskunnar og upplj\u00f3munar\",\"isPartOf\":{\"@id\":\"https:\\\/\\\/iwell-guard.com\\\/is\\\/#website\"},\"primaryImageOfPage\":{\"@id\":\"https:\\\/\\\/iwell-guard.com\\\/is\\\/erkiengillinn-uriel\\\/#primaryimage\"},\"image\":{\"@id\":\"https:\\\/\\\/iwell-guard.com\\\/is\\\/erkiengillinn-uriel\\\/#primaryimage\"},\"thumbnailUrl\":\"https:\\\/\\\/iwell-guard.com\\\/wp-content\\\/uploads\\\/2026\\\/04\\\/lichtwesen_erzengel-uriel.webp\",\"datePublished\":\"2026-09-05T14:02:11+00:00\",\"dateModified\":\"2026-09-05T14:16:57+00:00\",\"description\":\"Erkiengillinn \u00dar\u00edel opinberar dj\u00fapan sannleika og kveikir innri upplj\u00f3mun. Kynnist krafti hans \u00ed es\u00f3ter\u00edskri hef\u00f0\",\"breadcrumb\":{\"@id\":\"https:\\\/\\\/iwell-guard.com\\\/is\\\/erkiengillinn-uriel\\\/#breadcrumb\"},\"inLanguage\":\"is\",\"potentialAction\":[{\"@type\":\"ReadAction\",\"target\":[\"https:\\\/\\\/iwell-guard.com\\\/is\\\/erkiengillinn-uriel\\\/\"]}]},{\"@type\":\"ImageObject\",\"inLanguage\":\"is\",\"@id\":\"https:\\\/\\\/iwell-guard.com\\\/is\\\/erkiengillinn-uriel\\\/#primaryimage\",\"url\":\"https:\\\/\\\/iwell-guard.com\\\/wp-content\\\/uploads\\\/2026\\\/04\\\/lichtwesen_erzengel-uriel.webp\",\"contentUrl\":\"https:\\\/\\\/iwell-guard.com\\\/wp-content\\\/uploads\\\/2026\\\/04\\\/lichtwesen_erzengel-uriel.webp\",\"width\":1024,\"height\":1536,\"caption\":\"Lj\u00f3svera. Lj\u00f3sfl\u00e6\u00f0andi mynd.\"},{\"@type\":\"BreadcrumbList\",\"@id\":\"https:\\\/\\\/iwell-guard.com\\\/is\\\/erkiengillinn-uriel\\\/#breadcrumb\",\"itemListElement\":[{\"@type\":\"ListItem\",\"position\":1,\"name\":\"Start\",\"item\":\"https:\\\/\\\/iwell-guard.com\\\/is\\\/?page_id=168580\"},{\"@type\":\"ListItem\",\"position\":2,\"name\":\"Erkiengillinn \u00dar\u00edel\"}]},{\"@type\":\"WebSite\",\"@id\":\"https:\\\/\\\/iwell-guard.com\\\/is\\\/#website\",\"url\":\"https:\\\/\\\/iwell-guard.com\\\/is\\\/\",\"name\":\"iWell Guard\",\"description\":\"Schutz vor dunklen Einfl\u00fcssen\",\"publisher\":{\"@id\":\"https:\\\/\\\/iwell-guard.com\\\/is\\\/#organization\"},\"potentialAction\":[{\"@type\":\"SearchAction\",\"target\":{\"@type\":\"EntryPoint\",\"urlTemplate\":\"https:\\\/\\\/iwell-guard.com\\\/is\\\/?s={search_term_string}\"},\"query-input\":{\"@type\":\"PropertyValueSpecification\",\"valueRequired\":true,\"valueName\":\"search_term_string\"}}],\"inLanguage\":\"is\"},{\"@type\":\"Organization\",\"@id\":\"https:\\\/\\\/iwell-guard.com\\\/is\\\/#organization\",\"name\":\"Ittermann electronic GmbH\",\"url\":\"https:\\\/\\\/iwell-guard.com\\\/is\\\/\",\"logo\":{\"@type\":\"ImageObject\",\"inLanguage\":\"is\",\"@id\":\"https:\\\/\\\/iwell-guard.com\\\/is\\\/#\\\/schema\\\/logo\\\/image\\\/\",\"url\":\"https:\\\/\\\/iwell-guard.com\\\/wp-content\\\/uploads\\\/2026\\\/05\\\/Ittermann-Logo-1182x237-1.png\",\"contentUrl\":\"https:\\\/\\\/iwell-guard.com\\\/wp-content\\\/uploads\\\/2026\\\/05\\\/Ittermann-Logo-1182x237-1.png\",\"width\":1182,\"height\":237,\"caption\":\"Ittermann electronic GmbH\"},\"image\":{\"@id\":\"https:\\\/\\\/iwell-guard.com\\\/is\\\/#\\\/schema\\\/logo\\\/image\\\/\"},\"sameAs\":[\"https:\\\/\\\/pantip.com\\\/profile\\\/9367242\",\"https:\\\/\\\/micro.blog\\\/iwellguard\",\"https:\\\/\\\/www.diggerslist.com\\\/iwellguard\\\/about\",\"https:\\\/\\\/skitterphoto.com\\\/photographers\\\/2870314\\\/iwell-guard\",\"https:\\\/\\\/iwellguard.wordpress.com\\\/2026\\\/06\\\/06\\\/iwell-guard\\\/\",\"https:\\\/\\\/hub.docker.com\\\/u\\\/iwellguard\",\"https:\\\/\\\/www.pinterest.com\\\/iwellguard\\\/\",\"https:\\\/\\\/bit.ly\\\/m\\\/iwellguard\",\"https:\\\/\\\/entre-vos-mains.alsace.eu\\\/profiles\\\/iwellguard\\\/activity\",\"https:\\\/\\\/gravatar.com\\\/reallybeded8fd34\",\"https:\\\/\\\/naijamatta.com\\\/iwellguard\",\"https:\\\/\\\/www.goodreads.com\\\/iwellguard\",\"https:\\\/\\\/profile.hatena.ne.jp\\\/iwellguard\\\/\",\"https:\\\/\\\/experiment.com\\\/users\\\/iwellguard\",\"https:\\\/\\\/wakelet.com\\\/@iWellGuard82270\",\"https:\\\/\\\/www.chordie.com\\\/forum\\\/profile.php?id=2555664\",\"https:\\\/\\\/www.instapaper.com\\\/p\\\/17757966\",\"https:\\\/\\\/www.mapleprimes.com\\\/users\\\/iwellguard\",\"https:\\\/\\\/businesslistingplus.com\\\/profile\\\/iwell-guard\\\/\",\"https:\\\/\\\/telegra.ph\\\/iWell-Guard-06-06\",\"https:\\\/\\\/pbase.com\\\/iwellguard\\\/iwellguard\",\"https:\\\/\\\/b.hatena.ne.jp\\\/iwellguard\\\/20260607#bookmark-4788405196491818882\",\"https:\\\/\\\/fliphtml5.com\\\/home\\\/iwellguard\",\"https:\\\/\\\/anyflip.com\\\/homepage\\\/cmiwl#About\",\"https:\\\/\\\/transfur.com\\\/Users\\\/iwellguard\",\"http:\\\/\\\/delphi.larsbo.org\\\/user\\\/iwellguard\",\"https:\\\/\\\/jobs.lajobsportal.org\\\/profiles\\\/8380803-iwell-guard\",\"https:\\\/\\\/md.chaosdorf.de\\\/s\\\/jfbe5SBdJD\",\"https:\\\/\\\/www.lingvolive.com\\\/en-us\\\/profile\\\/9ecaeaca-ce11-4e51-9e71-01d55e2bff36\\\/translations\",\"https:\\\/\\\/www.fitday.com\\\/fitness\\\/forums\\\/members\\\/iwellguard.html\",\"https:\\\/\\\/www.mymeetbook.com\\\/iwellguard\",\"https:\\\/\\\/pxhere.com\\\/en\\\/photographer-me\\\/5040798\",\"https:\\\/\\\/disqus.com\\\/by\\\/iwellguard\\\/about\\\/\",\"https:\\\/\\\/pastelink.net\\\/hjwciqwq\",\"https:\\\/\\\/pubhtml5.com\\\/homepage\\\/scjhn\\\/\",\"https:\\\/\\\/www.bitchute.com\\\/channel\\\/2O2eOKzNqujT\",\"https:\\\/\\\/audiomack.com\\\/iwellguard\"]}]}<\/script>\n<!-- \/ Yoast SEO Premium plugin. -->","yoast_head_json":{"title":"Eldur viskunnar og upplj\u00f3munar","description":"Erkiengillinn \u00dar\u00edel opinberar dj\u00fapan sannleika og kveikir innri upplj\u00f3mun. Kynnist krafti hans \u00ed es\u00f3ter\u00edskri hef\u00f0","robots":{"index":"index","follow":"follow","max-snippet":"max-snippet:-1","max-image-preview":"max-image-preview:large","max-video-preview":"max-video-preview:-1"},"canonical":"https:\/\/iwell-guard.com\/is\/erkiengillinn-uriel\/","og_locale":"is_IS","og_type":"article","og_title":"Erkiengillinn \u00dar\u00edel","og_description":"Erkiengillinn \u00dar\u00edel opinberar dj\u00fapan sannleika og kveikir innri upplj\u00f3mun. Kynnist krafti hans \u00ed es\u00f3ter\u00edskri hef\u00f0","og_url":"https:\/\/iwell-guard.com\/is\/erkiengillinn-uriel\/","og_site_name":"iWell Guard","article_modified_time":"2026-09-05T14:16:57+00:00","og_image":[{"width":1024,"height":1536,"url":"https:\/\/iwell-guard.com\/wp-content\/uploads\/2026\/04\/lichtwesen_erzengel-uriel.webp","type":"image\/webp"}],"twitter_card":"summary_large_image","schema":{"@context":"https:\/\/schema.org","@graph":[{"@type":"WebPage","@id":"https:\/\/iwell-guard.com\/is\/erkiengillinn-uriel\/","url":"https:\/\/iwell-guard.com\/is\/erkiengillinn-uriel\/","name":"Eldur viskunnar og upplj\u00f3munar","isPartOf":{"@id":"https:\/\/iwell-guard.com\/is\/#website"},"primaryImageOfPage":{"@id":"https:\/\/iwell-guard.com\/is\/erkiengillinn-uriel\/#primaryimage"},"image":{"@id":"https:\/\/iwell-guard.com\/is\/erkiengillinn-uriel\/#primaryimage"},"thumbnailUrl":"https:\/\/iwell-guard.com\/wp-content\/uploads\/2026\/04\/lichtwesen_erzengel-uriel.webp","datePublished":"2026-09-05T14:02:11+00:00","dateModified":"2026-09-05T14:16:57+00:00","description":"Erkiengillinn \u00dar\u00edel opinberar dj\u00fapan sannleika og kveikir innri upplj\u00f3mun. Kynnist krafti hans \u00ed es\u00f3ter\u00edskri hef\u00f0","breadcrumb":{"@id":"https:\/\/iwell-guard.com\/is\/erkiengillinn-uriel\/#breadcrumb"},"inLanguage":"is","potentialAction":[{"@type":"ReadAction","target":["https:\/\/iwell-guard.com\/is\/erkiengillinn-uriel\/"]}]},{"@type":"ImageObject","inLanguage":"is","@id":"https:\/\/iwell-guard.com\/is\/erkiengillinn-uriel\/#primaryimage","url":"https:\/\/iwell-guard.com\/wp-content\/uploads\/2026\/04\/lichtwesen_erzengel-uriel.webp","contentUrl":"https:\/\/iwell-guard.com\/wp-content\/uploads\/2026\/04\/lichtwesen_erzengel-uriel.webp","width":1024,"height":1536,"caption":"Lj\u00f3svera. Lj\u00f3sfl\u00e6\u00f0andi mynd."},{"@type":"BreadcrumbList","@id":"https:\/\/iwell-guard.com\/is\/erkiengillinn-uriel\/#breadcrumb","itemListElement":[{"@type":"ListItem","position":1,"name":"Start","item":"https:\/\/iwell-guard.com\/is\/?page_id=168580"},{"@type":"ListItem","position":2,"name":"Erkiengillinn \u00dar\u00edel"}]},{"@type":"WebSite","@id":"https:\/\/iwell-guard.com\/is\/#website","url":"https:\/\/iwell-guard.com\/is\/","name":"iWell Guard","description":"Schutz vor dunklen Einfl\u00fcssen","publisher":{"@id":"https:\/\/iwell-guard.com\/is\/#organization"},"potentialAction":[{"@type":"SearchAction","target":{"@type":"EntryPoint","urlTemplate":"https:\/\/iwell-guard.com\/is\/?s={search_term_string}"},"query-input":{"@type":"PropertyValueSpecification","valueRequired":true,"valueName":"search_term_string"}}],"inLanguage":"is"},{"@type":"Organization","@id":"https:\/\/iwell-guard.com\/is\/#organization","name":"Ittermann electronic GmbH","url":"https:\/\/iwell-guard.com\/is\/","logo":{"@type":"ImageObject","inLanguage":"is","@id":"https:\/\/iwell-guard.com\/is\/#\/schema\/logo\/image\/","url":"https:\/\/iwell-guard.com\/wp-content\/uploads\/2026\/05\/Ittermann-Logo-1182x237-1.png","contentUrl":"https:\/\/iwell-guard.com\/wp-content\/uploads\/2026\/05\/Ittermann-Logo-1182x237-1.png","width":1182,"height":237,"caption":"Ittermann electronic GmbH"},"image":{"@id":"https:\/\/iwell-guard.com\/is\/#\/schema\/logo\/image\/"},"sameAs":["https:\/\/pantip.com\/profile\/9367242","https:\/\/micro.blog\/iwellguard","https:\/\/www.diggerslist.com\/iwellguard\/about","https:\/\/skitterphoto.com\/photographers\/2870314\/iwell-guard","https:\/\/iwellguard.wordpress.com\/2026\/06\/06\/iwell-guard\/","https:\/\/hub.docker.com\/u\/iwellguard","https:\/\/www.pinterest.com\/iwellguard\/","https:\/\/bit.ly\/m\/iwellguard","https:\/\/entre-vos-mains.alsace.eu\/profiles\/iwellguard\/activity","https:\/\/gravatar.com\/reallybeded8fd34","https:\/\/naijamatta.com\/iwellguard","https:\/\/www.goodreads.com\/iwellguard","https:\/\/profile.hatena.ne.jp\/iwellguard\/","https:\/\/experiment.com\/users\/iwellguard","https:\/\/wakelet.com\/@iWellGuard82270","https:\/\/www.chordie.com\/forum\/profile.php?id=2555664","https:\/\/www.instapaper.com\/p\/17757966","https:\/\/www.mapleprimes.com\/users\/iwellguard","https:\/\/businesslistingplus.com\/profile\/iwell-guard\/","https:\/\/telegra.ph\/iWell-Guard-06-06","https:\/\/pbase.com\/iwellguard\/iwellguard","https:\/\/b.hatena.ne.jp\/iwellguard\/20260607#bookmark-4788405196491818882","https:\/\/fliphtml5.com\/home\/iwellguard","https:\/\/anyflip.com\/homepage\/cmiwl#About","https:\/\/transfur.com\/Users\/iwellguard","http:\/\/delphi.larsbo.org\/user\/iwellguard","https:\/\/jobs.lajobsportal.org\/profiles\/8380803-iwell-guard","https:\/\/md.chaosdorf.de\/s\/jfbe5SBdJD","https:\/\/www.lingvolive.com\/en-us\/profile\/9ecaeaca-ce11-4e51-9e71-01d55e2bff36\/translations","https:\/\/www.fitday.com\/fitness\/forums\/members\/iwellguard.html","https:\/\/www.mymeetbook.com\/iwellguard","https:\/\/pxhere.com\/en\/photographer-me\/5040798","https:\/\/disqus.com\/by\/iwellguard\/about\/","https:\/\/pastelink.net\/hjwciqwq","https:\/\/pubhtml5.com\/homepage\/scjhn\/","https:\/\/www.bitchute.com\/channel\/2O2eOKzNqujT","https:\/\/audiomack.com\/iwellguard"]}]}},"_links":{"self":[{"href":"https:\/\/iwell-guard.com\/is\/wp-json\/wp\/v2\/pages\/168690","targetHints":{"allow":["GET"]}}],"collection":[{"href":"https:\/\/iwell-guard.com\/is\/wp-json\/wp\/v2\/pages"}],"about":[{"href":"https:\/\/iwell-guard.com\/is\/wp-json\/wp\/v2\/types\/page"}],"author":[{"embeddable":true,"href":"https:\/\/iwell-guard.com\/is\/wp-json\/wp\/v2\/users\/3"}],"replies":[{"embeddable":true,"href":"https:\/\/iwell-guard.com\/is\/wp-json\/wp\/v2\/comments?post=168690"}],"version-history":[{"count":0,"href":"https:\/\/iwell-guard.com\/is\/wp-json\/wp\/v2\/pages\/168690\/revisions"}],"wp:featuredmedia":[{"embeddable":true,"href":"https:\/\/iwell-guard.com\/is\/wp-json\/wp\/v2\/media\/1624"}],"wp:attachment":[{"href":"https:\/\/iwell-guard.com\/is\/wp-json\/wp\/v2\/media?parent=168690"}],"wp:term":[{"taxonomy":"category","embeddable":true,"href":"https:\/\/iwell-guard.com\/is\/wp-json\/wp\/v2\/categories?post=168690"}],"curies":[{"name":"wp","href":"https:\/\/api.w.org\/{rel}","templated":true}]}}