{"id":168689,"date":"2026-09-05T14:02:11","date_gmt":"2026-09-05T14:02:11","guid":{"rendered":"https:\/\/iwell-guard.com\/?page_id=168689"},"modified":"2026-09-05T14:16:56","modified_gmt":"2026-09-05T14:16:56","slug":"erkiengill-raphael","status":"publish","type":"page","link":"https:\/\/iwell-guard.com\/is\/erkiengill-raphael\/","title":{"rendered":"Erkiengillinn Raphael"},"content":{"rendered":"\t\t<div data-elementor-type=\"wp-page\" data-elementor-id=\"168689\" class=\"elementor elementor-168689 elementor-1802 elementor-bc-flex-widget\" data-elementor-post-type=\"page\">\n\t\t\t\t<div class=\"elementor-element elementor-element-10fdade e-flex e-con-boxed e-con e-parent\" data-id=\"10fdade\" data-element_type=\"container\" data-e-type=\"container\" data-settings=\"{&quot;background_background&quot;:&quot;classic&quot;}\">\n\t\t\t\t\t<div class=\"e-con-inner\">\n\t\t<div class=\"elementor-element elementor-element-herohlft0 e-flex e-con-boxed e-con e-child\" data-id=\"herohlft0\" data-element_type=\"container\" data-e-type=\"container\">\n\t\t\t\t\t<div class=\"e-con-inner\">\n\t\t<div class=\"elementor-element elementor-element-c3ceb64 e-con-full e-flex e-con e-child\" data-id=\"c3ceb64\" data-element_type=\"container\" data-e-type=\"container\">\n\t\t\t\t<div class=\"elementor-element elementor-element-96ae5e1 elementor-widget elementor-widget-heading\" data-id=\"96ae5e1\" data-element_type=\"widget\" data-e-type=\"widget\" data-widget_type=\"heading.default\">\n\t\t\t\t\t<h1 class=\"elementor-heading-title elementor-size-default\">Erkiengillinn Raphael, lj\u00f3svera<\/h1>\t\t\t\t<\/div>\n\t\t\t\t<div class=\"elementor-element elementor-element-e45238a elementor-widget elementor-widget-text-editor\" data-id=\"e45238a\" data-element_type=\"widget\" data-e-type=\"widget\" data-widget_type=\"text-editor.default\">\n\t\t\t\t\t\t\t\t\t<p>Heilaengill og verndard\u00fdrlingur fer\u00f0alanga \u00ed hef\u00f0 Gy\u00f0ingd\u00f3ms, kristni og \u00edslams. \u00deekktur \u00far Tob\u00edasarb\u00f3k.<\/p><p>\u00deessi s\u00ed\u00f0a fjallar um erkiengilinn Raphael sem hugtak lj\u00f3sveru.<\/p>\n<h2 id=\"dif-raphael\">S\u00e9reinkenni Raphaels: heilari og fylgdarma\u00f0ur fer\u00f0alanga<\/h2>\n<p>Meginfr\u00e1s\u00f6gnin um Raphael er \u00ed <strong>Tob\u00edasarb\u00f3k<\/strong> (Tob 3,17; 5,4-22; 12,15). \u00dear fylgir hann unga Tob\u00edasi \u00ed fer\u00f0 til Ekbatana, hj\u00e1lpar honum vi\u00f0 fiskvei\u00f0ar \u00ed T\u00edgrisflj\u00f3ti, gefur honum l\u00e6knandi <strong>gallme\u00f0al<\/strong> gegn <span class=\"iwg-fachbegriff\" data-tooltip=\"Andleg vera sem eignu\u00f0 er ska\u00f0leg e\u00f0a tv\u00edr\u00e6\u00f0 \u00e1hrif.\" tabindex=\"0\">dj\u00f6flinum<\/span> Asm\u00f3deusi og rekur hann a\u00f0 lokum burt. Nafn hans <em>r\u0101ph\u0101\u02be\u0113l<\/em> \u00fe\u00fd\u00f0ir \u201eGu\u00f0 l\u00e6knar\u201c.<\/p><p>\u00cd rabb\u00ednskum ritum er hann talinn einn af fj\u00f3rum erkienglum h\u00e1s\u00e6tisins, \u00ed kristinni <span class=\"iwg-fachbegriff\" data-tooltip=\"F\u00f6st skipan gu\u00f0s\u00fej\u00f3nustu tr\u00faf\u00e9lags.\" tabindex=\"0\">helgisi\u00f0ahef\u00f0<\/span> er hann <strong>verndard\u00fdrlingur fer\u00f0alanga, ap\u00f3tekara og heilara<\/strong>. T\u00e1knmyndir hans eru <strong>stafur og fiskur<\/strong>, h\u00e1t\u00ed\u00f0ardagur hans er 29. september.<\/p><p>\u00cd myndlist endurreisnart\u00edmans (Botticelli, Verrocchio) birtist hann sem ungur farandma\u00f0ur me\u00f0 Tob\u00edas s\u00e9r vi\u00f0 hli\u00f0. \u00deekktasta tr\u00faari\u00f0kun honum tengd er l\u00e6knandi <span class=\"iwg-fachbegriff\" data-tooltip=\"B\u00e6narleg e\u00f0a \u00e1kallandi \u00e1v\u00f6rpun til gu\u00f0s e\u00f0a m\u00e1ttar.\" tabindex=\"0\">\u00e1kall<\/span> \u00ed sj\u00fakd\u00f3mstilfellum.<\/p>\n\t\t\t\t\t\t\t\t<\/div>\n\t\t\t\t<\/div>\n\t\t<div class=\"elementor-element elementor-element-klsbdg01 e-con-full e-flex e-con e-parent\" data-id=\"klsbdg01\" data-element_type=\"container\" data-e-type=\"container\">\n\t\t\t\t<div class=\"elementor-element elementor-element-klshtm01 elementor-widget elementor-widget-html\" data-id=\"klshtm01\" data-element_type=\"widget\" data-e-type=\"widget\" data-widget_type=\"html.default\">\n\t\t\t\t\t<div class=\"iwg-pill-row\"><span class=\"iwg-klasse-badge\" tabindex=\"0\" data-tooltip=\"Lj\u00f3sverur: Uppl\u00fdstar, verndandi e\u00f0a fr\u00e6\u00f0andi verur, erkienglar, uppstigningarmeistarar, lj\u00f3sar n\u00e1tt\u00faruverur. \u00cd n\u00fdaldarlegum og eldri andlegum hef\u00f0um l\u00fdst sem hj\u00e1lpurum og l\u00e6rimeisturum.\">Lj\u00f3svera<\/span><a href=\"https:\/\/iwell-guard.com\/is\/?page_id=168596\" class=\"iwg-kultur-badge\" tabindex=\"0\" data-tooltip=\"J\u00fad\u00edsk tr\u00faarhef\u00f0 fr\u00e1 Tanak til kabbala og n\u00fdaldarlegrar myst\u00edkur.\">J\u00fadatr\u00fa<\/a><span class=\"iwg-tradition-badge\" tabindex=\"0\" data-tooltip=\"Erkiengill, \u00e6\u00f0sta englaflokk \u00ed j\u00fad\u00edskri, kristinni og \u00edslamskri hef\u00f0.\">Erkiengill<\/span><\/div>\t\t\t\t<\/div>\n\t\t\t\t<\/div>\n\t\t<div class=\"elementor-element elementor-element-3f74855 e-con-full e-flex e-con e-child\" data-id=\"3f74855\" data-element_type=\"container\" data-e-type=\"container\">\n\t\t\t\t<div class=\"elementor-element elementor-element-1c30362 elementor-toc--minimized-on-tablet elementor-widget elementor-widget-table-of-contents\" data-id=\"1c30362\" data-element_type=\"widget\" data-e-type=\"widget\" data-settings=\"{&quot;exclude_headings_by_selector&quot;:[],&quot;no_headings_message&quot;:&quot;Engar undirfyrirsagnir fundust \\u00e1 \\u00feessari s\\u00ed\\u00f0u.&quot;,&quot;headings_by_tags&quot;:[&quot;h2&quot;,&quot;h3&quot;],&quot;marker_view&quot;:&quot;bullets&quot;,&quot;minimize_box&quot;:&quot;yes&quot;,&quot;icon&quot;:{&quot;value&quot;:&quot;fas fa-circle&quot;,&quot;library&quot;:&quot;fa-solid&quot;,&quot;rendered_tag&quot;:&quot;&lt;svg class=\\&quot;e-font-icon-svg e-fas-circle\\&quot; viewBox=\\&quot;0 0 512 512\\&quot; xmlns=\\&quot;http:\\\/\\\/www.w3.org\\\/2000\\\/svg\\&quot;&gt;&lt;path d=\\&quot;M256 8C119 8 8 119 8 256s111 248 248 248 248-111 248-248S393 8 256 8z\\&quot;&gt;&lt;\\\/path&gt;&lt;\\\/svg&gt;&quot;},&quot;minimized_on&quot;:&quot;tablet&quot;,&quot;hierarchical_view&quot;:&quot;yes&quot;,&quot;min_height&quot;:{&quot;unit&quot;:&quot;px&quot;,&quot;size&quot;:&quot;&quot;,&quot;sizes&quot;:[]},&quot;min_height_tablet&quot;:{&quot;unit&quot;:&quot;px&quot;,&quot;size&quot;:&quot;&quot;,&quot;sizes&quot;:[]},&quot;min_height_mobile&quot;:{&quot;unit&quot;:&quot;px&quot;,&quot;size&quot;:&quot;&quot;,&quot;sizes&quot;:[]}}\" data-widget_type=\"table-of-contents.default\">\n\t\t\t\t\t\t\t\t\t<div class=\"elementor-toc__header\">\n\t\t\t\t\t\t<h2 class=\"elementor-toc__header-title\">\n\t\t\t\tEfnisyfirlit\t\t\t<\/h2>\n\t\t\t\t\t\t\t\t\t\t<div class=\"elementor-toc__toggle-button elementor-toc__toggle-button--expand\" role=\"button\" tabindex=\"0\" aria-controls=\"elementor-toc__1c30362\" aria-expanded=\"true\" aria-label=\"Open table of contents\"><svg aria-hidden=\"true\" class=\"e-font-icon-svg e-fas-chevron-down\" viewBox=\"0 0 448 512\" xmlns=\"http:\/\/www.w3.org\/2000\/svg\"><path d=\"M207.029 381.476L12.686 187.132c-9.373-9.373-9.373-24.569 0-33.941l22.667-22.667c9.357-9.357 24.522-9.375 33.901-.04L224 284.505l154.745-154.021c9.379-9.335 24.544-9.317 33.901.04l22.667 22.667c9.373 9.373 9.373 24.569 0 33.941L240.971 381.476c-9.373 9.372-24.569 9.372-33.942 0z\"><\/path><\/svg><\/div>\n\t\t\t\t<div class=\"elementor-toc__toggle-button elementor-toc__toggle-button--collapse\" role=\"button\" tabindex=\"0\" aria-controls=\"elementor-toc__1c30362\" aria-expanded=\"true\" aria-label=\"Close table of contents\"><svg aria-hidden=\"true\" class=\"e-font-icon-svg e-fas-chevron-up\" viewBox=\"0 0 448 512\" xmlns=\"http:\/\/www.w3.org\/2000\/svg\"><path d=\"M240.971 130.524l194.343 194.343c9.373 9.373 9.373 24.569 0 33.941l-22.667 22.667c-9.357 9.357-24.522 9.375-33.901.04L224 227.495 69.255 381.516c-9.379 9.335-24.544 9.317-33.901-.04l-22.667-22.667c-9.373-9.373-9.373-24.569 0-33.941L207.03 130.525c9.372-9.373 24.568-9.373 33.941-.001z\"><\/path><\/svg><\/div>\n\t\t\t\t\t<\/div>\n\t\t\t\t<div id=\"elementor-toc__1c30362\" class=\"elementor-toc__body\">\n\t\t\t<div class=\"elementor-toc__spinner-container\">\n\t\t\t\t<svg class=\"elementor-toc__spinner eicon-animation-spin e-font-icon-svg e-eicon-loading\" aria-hidden=\"true\" viewBox=\"0 0 1000 1000\" xmlns=\"http:\/\/www.w3.org\/2000\/svg\"><path d=\"M500 975V858C696 858 858 696 858 500S696 142 500 142 142 304 142 500H25C25 237 238 25 500 25S975 237 975 500 763 975 500 975Z\"><\/path><\/svg>\t\t\t<\/div>\n\t\t<\/div>\n\t\t\t\t\t\t<\/div>\n\t\t\t\t<\/div>\n\t\t\t\t\t<\/div>\n\t\t\t\t<\/div>\n\t\t<div class=\"elementor-element elementor-element-herorght0 e-con-full e-flex e-con e-child\" data-id=\"herorght0\" data-element_type=\"container\" data-e-type=\"container\">\n\t\t\t\t<div class=\"elementor-element elementor-element-heroimg00 iwg-hero-image elementor-widget elementor-widget-image\" data-id=\"heroimg00\" data-element_type=\"widget\" data-e-type=\"widget\" data-widget_type=\"image.default\">\n\t\t\t\t\t\t\t\t\t\t\t\t\t\t\t<img fetchpriority=\"high\" decoding=\"async\" width=\"683\" height=\"1024\" src=\"https:\/\/iwell-guard.com\/wp-content\/uploads\/2026\/04\/lichtwesen_erzengel-raphael-683x1024.webp\" class=\"attachment-large size-large wp-image-171078\" alt=\"Erkiengillinn Rafael - lj\u00f3sgegns\u00fdr\u00f0 myndskreyting af lj\u00f3sverunni\" srcset=\"https:\/\/iwell-guard.com\/wp-content\/uploads\/2026\/04\/lichtwesen_erzengel-raphael-683x1024.webp 683w, https:\/\/iwell-guard.com\/wp-content\/uploads\/2026\/04\/lichtwesen_erzengel-raphael-200x300.webp 200w, https:\/\/iwell-guard.com\/wp-content\/uploads\/2026\/04\/lichtwesen_erzengel-raphael-768x1152.webp 768w, https:\/\/iwell-guard.com\/wp-content\/uploads\/2026\/04\/lichtwesen_erzengel-raphael.webp 1024w\" sizes=\"(max-width: 683px) 100vw, 683px\" \/>\t\t\t\t\t\t\t\t\t\t\t\t\t\t\t<\/div>\n\t\t\t\t<\/div>\n\t\t\t\t\t<\/div>\n\t\t\t\t<\/div>\n\t\t<div class=\"elementor-element elementor-element-wmd-s1 e-con-boxed e-flex e-con e-parent\" data-id=\"wmd-s1\" data-element_type=\"container\" data-e-type=\"container\">\n\t\t\t\t\t<div class=\"e-con-inner\">\n\t\t\t\t<div class=\"elementor-element elementor-element-wmd-h1 elementor-widget elementor-widget-heading\" data-id=\"wmd-h1\" data-element_type=\"widget\" data-e-type=\"widget\" data-widget_type=\"heading.default\">\n\t\t\t\t\t<h2 class=\"elementor-heading-title elementor-size-default\">Skj\u00f3tt yfirlit: Erkiengillinn Raphael<\/h2>\t\t\t\t<\/div>\n\t\t<div class=\"elementor-element elementor-element-wmd-s1-bw e-flex e-con-boxed e-con e-parent\" data-id=\"wmd-s1-bw\" data-element_type=\"container\" data-e-type=\"container\" data-settings=\"{&quot;background_background&quot;:&quot;classic&quot;}\">\n\t\t\t\t\t<div class=\"e-con-inner\">\n\t\t\t\t<div class=\"elementor-element elementor-element-wmd-t1 elementor-widget elementor-widget-text-editor\" data-id=\"wmd-t1\" data-element_type=\"widget\" data-e-type=\"widget\" data-widget_type=\"text-editor.default\">\n\t\t\t\t\t\t\t\t\t<p><strong>Tegund:<\/strong> Erkiengill, heilari, fylgdarma\u00f0ur og lei\u00f0togi Hef\u00f0: Gy\u00f0ingd\u00f3mur (Tob\u00edasarb\u00f3k), kristni (englafr\u00e6\u00f0i), vestr\u00e6nar dulspekihef\u00f0ir Hlutverk: Heilun, bati, verndun \u00e1 fer\u00f0al\u00f6gum og andlegum vegfer\u00f0um Meginkennit\u00e1kn: Gr\u00e6nn og ja\u00f0gr\u00e6nn logi, stafur Asklep\u00edosar, kanna, l\u00e6knandi jurtir \u00datbrei\u00f0sla: Hef\u00f0 Gy\u00f0ingd\u00f3ms og kristni, dulspekilegar og sjaman\u00edskar heilunara\u00f0fer\u00f0ir<\/p>\t\t\t\t\t\t\t\t<\/div>\n\t\t\t\t\t<\/div>\n\t\t\t\t<\/div>\n\t\t\t\t\t<\/div>\n\t\t\t\t<\/div>\n\t\t<div class=\"elementor-element elementor-element-wmd-s2 e-con-boxed e-flex e-con e-parent\" data-id=\"wmd-s2\" data-element_type=\"container\" data-e-type=\"container\">\n\t\t\t\t\t<div class=\"e-con-inner\">\n\t\t\t\t<div class=\"elementor-element elementor-element-wmd-h2 elementor-widget elementor-widget-heading\" data-id=\"wmd-h2\" data-element_type=\"widget\" data-e-type=\"widget\" data-widget_type=\"heading.default\">\n\t\t\t\t\t<h2 class=\"elementor-heading-title elementor-size-default\">Yfirlit<\/h2>\t\t\t\t<\/div>\n\t\t<div class=\"elementor-element elementor-element-wmd-s2-bw e-flex e-con-boxed e-con e-parent\" data-id=\"wmd-s2-bw\" data-element_type=\"container\" data-e-type=\"container\" data-settings=\"{&quot;background_background&quot;:&quot;classic&quot;}\">\n\t\t\t\t\t<div class=\"e-con-inner\">\n\t\t\t\t<div class=\"elementor-element elementor-element-wmd-t2 elementor-widget elementor-widget-text-editor\" data-id=\"wmd-t2\" data-element_type=\"widget\" data-e-type=\"widget\" data-widget_type=\"text-editor.default\">\n\t\t\t\t\t\t\t\t\t<h3>Hef\u00f0<\/h3><p>Raphael (<em>Rephael<\/em>, \u201eGu\u00f0 l\u00e6knar\u201c) kemur fram \u00e1 \u00e1berandi h\u00e1tt \u00ed hinni ap\u00f3kr\u00fdfu Tob\u00edasarb\u00f3k, \u00fear sem hann l\u00e6knar hinn blinda Tob\u00edas og verndar hann \u00e1 h\u00e6ttulegu fer\u00f0alagi. Hann er einungis nefndur me\u00f0 nafni \u00ed yngri bibl\u00edulegum og ap\u00f3kr\u00fdfum textum, en er \u00fe\u00f3 vi\u00f0urkenndur erkiengill \u00ed hef\u00f0 Gy\u00f0ingd\u00f3ms og kristni.<\/p><p><span class=\"iwg-fachbegriff\" data-tooltip=\"Stefna \u00ed dulhyggju Gy\u00f0ingd\u00f3ms me\u00f0 meginritum eins og Sefer Jezira og Sohar.\" tabindex=\"0\">Kabbalinn<\/span> tengir Raphael vi\u00f0 sef\u00edr\u00fana Tiferet (s\u00f3l\/hjarta), sta\u00f0 heilunar og heildunar. Vestr\u00e6n englafr\u00e6\u00f0i d\u00fdrka\u00f0i Raphael sem heilara og lei\u00f0toga, s\u00e9rstaklega fer\u00f0alanga og leitenda. \u00cd gu\u00f0spekinni er Raphael tengdur s\u00f3larfl\u00e9ttusv\u00e6\u00f0inu og tilfinningalegri heilun.<\/p><h3>Heimildarsta\u00f0a<\/h3><p>Meginheimildin er Tob\u00edasarb\u00f3k (gamlatestamentleg, <span class=\"iwg-fachbegriff\" data-tooltip=\"Sem stendur utan hins vi\u00f0urkennda ritsafns.\" tabindex=\"0\">ap\u00f3kr\u00fdf<\/span>), kaflar 3-13. <span class=\"iwg-fachbegriff\" data-tooltip=\"Meginrit rabb\u00ednsks Gy\u00f0ingd\u00f3ms me\u00f0 \u00fatlistun tr\u00faarhef\u00f0ar.\" tabindex=\"0\">Talm\u00fa\u00f0urinn<\/span> og mi\u00f0aldakabbal\u00edsk rit \u00fatv\u00edkka hlutverk Raphaels. Kristin listahef\u00f0 s\u00fdndi Raphael oft me\u00f0 staf e\u00f0a l\u00e6knandi k\u00f6nnu. N\u00fat\u00edma dulspekirit leggja \u00e1herslu \u00e1 hlutverk Raphaels \u00ed heildr\u00e6nni heilun og andlegri fylgd. Sjaman\u00edskar og n\u00e1tt\u00farulegar heilunara\u00f0fer\u00f0ir tengja Raphael verndarv\u00e6tti l\u00e6knislistarinnar.<\/p><div><h3>Tob\u00edasarb\u00f3k sem meginheimild<\/h3><p>Erkiengillinn Raphael er eina erkiengilsmyndin sem \u00e1 s\u00e9r bibl\u00edulega meginheimild \u00ed eigin sj\u00e1lfst\u00e6\u00f0u fr\u00e1sagnarriti: hin deuter\u00f3kan\u00f3n\u00edska Tob\u00edasarb\u00f3k (talin fr\u00e1 3.-2. \u00f6ld f.Kr.). Raphael fylgir unga Tob\u00edasi \u00ed fer\u00f0 fr\u00e1 N\u00ednive til Ekbatana, verndar hann fyrir <span class=\"iwg-fachbegriff\" data-tooltip=\"Andleg vera sem eignu\u00f0 er ska\u00f0leg e\u00f0a tv\u00edr\u00e6\u00f0 \u00e1hrif.\" tabindex=\"0\">dj\u00f6flinum<\/span> Asm\u00f3deusi og l\u00e6knar a\u00f0 lokum hinn blinda f\u00f6\u00f0ur Tobit.<\/p><p>Nafni\u00f0 <em>Refa&#8217;el<\/em> \u00fe\u00fd\u00f0ir b\u00f3kstaflega <em>Gu\u00f0 l\u00e6knar<\/em>. \u00cd fyrstu Enoksb\u00f3k (20,3) er hann nefndur <em><span class=\"iwg-fachbegriff\" data-tooltip=\"\u00cd abraham\u00edsku tr\u00faarbr\u00f6g\u00f0unum himneskur sendibo\u00f0i Gu\u00f0s.\" tabindex=\"0\">engill<\/span> yfir \u00f6ndum mannanna<\/em>; \u00ed s\u00ed\u00f0ari rabb\u00ednskri og kristinni hef\u00f0 ver\u00f0ur hann erkiengill heilunar og fer\u00f0alanga.<\/p><p>\u00cd helgisi\u00f0ahef\u00f0inni er h\u00e1t\u00ed\u00f0ardagur hans 24. okt\u00f3ber, en fr\u00e1 1969 hefur hann veri\u00f0 haldinn \u00e1samt M\u00edkael og Gabr\u00edel \u00feann 29. september.<\/p><\/div>\t\t\t\t\t\t\t\t<\/div>\n\t\t\t\t\t<\/div>\n\t\t\t\t<\/div>\n\t\t\t\t\t<\/div>\n\t\t\t\t<\/div>\n\t\t<div class=\"elementor-element elementor-element-wmd-s3 e-con-boxed e-flex e-con e-parent\" data-id=\"wmd-s3\" data-element_type=\"container\" data-e-type=\"container\">\n\t\t\t\t\t<div class=\"e-con-inner\">\n\t\t\t\t<div class=\"elementor-element elementor-element-wmd-h3 elementor-widget elementor-widget-heading\" data-id=\"wmd-h3\" data-element_type=\"widget\" data-e-type=\"widget\" data-widget_type=\"heading.default\">\n\t\t\t\t\t<h2 class=\"elementor-heading-title elementor-size-default\">\u00datlit og t\u00e1kn<\/h2>\t\t\t\t<\/div>\n\t\t<div class=\"elementor-element elementor-element-wmd-s3-bw e-flex e-con-boxed e-con e-parent\" data-id=\"wmd-s3-bw\" data-element_type=\"container\" data-e-type=\"container\" data-settings=\"{&quot;background_background&quot;:&quot;classic&quot;}\">\n\t\t\t\t\t<div class=\"e-con-inner\">\n\t\t\t\t<div class=\"elementor-element elementor-element-wmd-t3 elementor-widget elementor-widget-text-editor\" data-id=\"wmd-t3\" data-element_type=\"widget\" data-e-type=\"widget\" data-widget_type=\"text-editor.default\">\n\t\t\t\t\t\t\t\t\t<p>Raphael er s\u00fdndur sem vel formu\u00f0, ung lj\u00f3svera \u00ed gr\u00e6nni e\u00f0a ja\u00f0gr\u00e6nni skikkju. Litur hans er dj\u00fapur smarag\u00f0gr\u00e6nn e\u00f0a mildur heilgr\u00e6nn til t\u00fark\u00edss, stundum ofinn gulli. Au\u00f0kenni hans eru p\u00edlagr\u00edmsstafurinn og lyfja\u00edl\u00e1ti\u00f0; auk \u00feess ber hann staf Asklep\u00edosar (h\u00f6ggorm vafinn um stafinn), l\u00e6knandi k\u00f6nnu e\u00f0a heilsuvatn.<\/p><p>V\u00e6ngir \u00far mildu gr\u00e6nu lj\u00f3si umlykja hann. \u00cd myndlist endurreisnart\u00edmans er hann oft s\u00fdndur sem ungur <span class=\"iwg-fachbegriff\" data-tooltip=\"\u00cd abraham\u00edsku tr\u00faarbr\u00f6g\u00f0unum himneskur sendibo\u00f0i Gu\u00f0s.\" tabindex=\"0\">engill<\/span> me\u00f0 fer\u00f0astaf og fylgdarmann. \u00cd orkulegum skilningi verkar Raphael hl\u00fdlega, r\u00f3andi og endurn\u00e6randi, l\u00edkt og angan af l\u00e6knandi jurtum e\u00f0a hl\u00fdtt, gr\u00e6nt lj\u00f3s \u00e1 s\u00e1r. N\u00e6rvera hans skapar traust og \u00f6ryggi.<\/p>\t\t\t\t\t\t\t\t<\/div>\n\t\t\t\t\t<\/div>\n\t\t\t\t<\/div>\n\t\t\t\t\t<\/div>\n\t\t\t\t<\/div>\n\t\t<div class=\"elementor-element elementor-element-wmd-s4 e-con-boxed e-flex e-con e-parent\" data-id=\"wmd-s4\" data-element_type=\"container\" data-e-type=\"container\">\n\t\t\t\t\t<div class=\"e-con-inner\">\n\t\t\t\t<div class=\"elementor-element elementor-element-wmd-h4 elementor-widget elementor-widget-heading\" data-id=\"wmd-h4\" data-element_type=\"widget\" data-e-type=\"widget\" data-widget_type=\"heading.default\">\n\t\t\t\t\t<h2 class=\"elementor-heading-title elementor-size-default\">Hlutverk og merking<\/h2>\t\t\t\t<\/div>\n\t\t<div class=\"elementor-element elementor-element-wmd-s4-bw e-flex e-con-boxed e-con e-parent\" data-id=\"wmd-s4-bw\" data-element_type=\"container\" data-e-type=\"container\" data-settings=\"{&quot;background_background&quot;:&quot;classic&quot;}\">\n\t\t\t\t\t<div class=\"e-con-inner\">\n\t\t\t\t<div class=\"elementor-element elementor-element-wmd-t4 elementor-widget elementor-widget-text-editor\" data-id=\"wmd-t4\" data-element_type=\"widget\" data-e-type=\"widget\" data-widget_type=\"text-editor.default\">\n\t\t\t\t\t\t\t\t\t<p>Rafael heilar \u00e1 \u00f6llum svi\u00f0um: l\u00edkamlega, tilfinningalega, hugr\u00e6nt og andlega. Hann er l\u00e6knir og lei\u00f0s\u00f6guma\u00f0ur \u00ed senn, og verndar leitandann \u00e1 h\u00e6ttulegum e\u00f0a \u00f3\u00feekktum lei\u00f0um. Rafael er t\u00e1knmynd innri visku sem veit hvernig \u00e1 a\u00f0 heila, og virkjar innri l\u00e6kninn.<\/p><p>\u00cd s\u00e1lfr\u00e6\u00f0ilegum skilningi birtir Rafael heilunarsj\u00e1lfi\u00f0 og getuna til endurn\u00fdjunar. Gr\u00e6nn kraftur hans opnar hjartaorkust\u00f6\u00f0ina og tengir vi\u00f0 n\u00e1tt\u00farugreind sem st\u00fdrir allri heilun.<\/p><div><h3>Heilunarhlutverk \u00ed <span class=\"iwg-fachbegriff\" data-tooltip=\"Samheiti yfir kenningar sem telja sig hafa a\u00f0gang a\u00f0 leyndum v\u00edsd\u00f3mi sem a\u00f0eins innv\u00edg\u00f0ir f\u00e1 a\u00f0 kynnast.\" tabindex=\"0\">dulspeki<\/span><\/h3><p>\u00cd gy\u00f0inglegri engladulspeki er Rafael <span class=\"iwg-fachbegriff\" data-tooltip=\"\u00cd abraham\u00edskum tr\u00faarbr\u00f6g\u00f0um himneskur sendibo\u00f0i Gu\u00f0s.\" tabindex=\"0\">engill<\/span> austurs og svi\u00f0sins Tiphereth (\u00ed sumum kabbala-sk\u00f3lum) e\u00f0a Hod (\u00ed \u00f6\u00f0rum). \u00cd hef\u00f0 helgigaldra Gullnu d\u00f6gunarinnar er hann h\u00f6fu\u00f0engill austurs og loftsins.<\/p><p>\u00cd n\u00fat\u00edma engladulspeki n\u00fdaldar (Doreen Virtue, Diana Cooper) er hann helsta \u00e1kallsf\u00edg\u00faran fyrir heilsufarsleg m\u00e1lefni, oft tengd gr\u00e6num lj\u00f3sgeisla. \u00deessi breytileiki \u00ed hlutverkaskiptingu er einkennandi fyrir tr\u00faarbrag\u00f0as\u00f6gu: skipting <span class=\"iwg-fachbegriff\" data-tooltip=\"\u00cd abraham\u00edskum tr\u00faarbr\u00f6g\u00f0um himneskur sendibo\u00f0i Gu\u00f0s.\" tabindex=\"0\">engla<\/span> \u00e1 fj\u00f3rar h\u00f6fu\u00f0\u00e1ttir er breytileg eftir hef\u00f0 og heimild.<\/p><\/div>\t\t\t\t\t\t\t\t<\/div>\n\t\t\t\t\t<\/div>\n\t\t\t\t<\/div>\n\t\t\t\t\t<\/div>\n\t\t\t\t<\/div>\n\t\t<div class=\"elementor-element elementor-element-wmd-s5 e-con-boxed e-flex e-con e-parent\" data-id=\"wmd-s5\" data-element_type=\"container\" data-e-type=\"container\">\n\t\t\t\t\t<div class=\"e-con-inner\">\n\t\t\t\t<div class=\"elementor-element elementor-element-wmd-h5 elementor-widget elementor-widget-heading\" data-id=\"wmd-h5\" data-element_type=\"widget\" data-e-type=\"widget\" data-widget_type=\"heading.default\">\n\t\t\t\t\t<h2 class=\"elementor-heading-title elementor-size-default\">Notkun \/ \u00e1kall \/ merking \u00ed samhengi iWell Guard<\/h2>\t\t\t\t<\/div>\n\t\t<div class=\"elementor-element elementor-element-wmd-s5-bw e-flex e-con-boxed e-con e-parent\" data-id=\"wmd-s5-bw\" data-element_type=\"container\" data-e-type=\"container\" data-settings=\"{&quot;background_background&quot;:&quot;classic&quot;}\">\n\t\t\t\t\t<div class=\"e-con-inner\">\n\t\t\t\t<div class=\"elementor-element elementor-element-wmd-t5 elementor-widget elementor-widget-text-editor\" data-id=\"wmd-t5\" data-element_type=\"widget\" data-e-type=\"widget\" data-widget_type=\"text-editor.default\">\n\t\t\t\t\t\t\t\t\t<p>\u00cd iWell Guard er Rafael \u00e1kalla\u00f0ur til a\u00f0 heila l\u00edkamleg og orkuleg s\u00e1r, og til a\u00f0 efla innri bata. Ein a\u00f0fer\u00f0 er a\u00f0 kveikja \u00e1 gr\u00e6nu kerti og bi\u00f0ja Rafael um a\u00f0 veita heilun \u00e1 \u00f6llum svi\u00f0um.<\/p><p>Gr\u00e6nn kraftur Rafaels er sj\u00f3nmynda\u00f0ur til a\u00f0 laga skemmda orkubyggingu og endurn\u00fdja verndarsvi\u00f0i\u00f0. Rafael er s\u00e9rstaklega mikilv\u00e6gur fyrir \u00fe\u00e1 sem upplifa \u00e1fall e\u00f0a orkuleg s\u00e1r. Kraftur hans l\u00e6gir s\u00e1rsauka \u00e1n \u00feess a\u00f0 b\u00e6la hann ni\u00f0ur, og lei\u00f0ir til sanns bata. Hann verndar einnig \u00e1 innri andlegum fer\u00f0um og umbreytingum.<\/p><div><h3>Sta\u00f0a \u00ed iWell Guard<\/h3><p>\u00cd verndarsvi\u00f0i iWell Guard er Rafael ekki nefndur berum or\u00f0um \u00ed neinni einstakri <span class=\"iwg-fachbegriff\" data-tooltip=\"Heilagt or\u00f0 e\u00f0a form\u00fala sem endurtekin er \u00ed hind\u00faisma og b\u00faddisma.\" tabindex=\"0\">mantru<\/span>-grein, en er \u00fe\u00f3 til sta\u00f0ar me\u00f0 \u00f3beinum h\u00e6tti sem einn af fj\u00f3rum h\u00f6fu\u00f0englum. Lj\u00f3skrossge\u00f3metr\u00edan og <span class=\"iwg-fachbegriff\" data-tooltip=\"\u00dea\u00f0 a\u00f0 \u00e1kalla e\u00f0a beina b\u00f3n til gu\u00f0d\u00f3ms e\u00f0a m\u00e1ttar.\" tabindex=\"0\">\u00e1kalli\u00f0<\/span> \u00e1 j\u00e1kv\u00e6\u00f0um verum (8. li\u00f0ur mantrunnar) fela Rafael \u00ed s\u00e9r sem hinn heilandi h\u00f6fu\u00f0engil.<\/p><p>\u00deeir sem vilja vinna virkt me\u00f0 Rafael \u00ed verndari\u00f0kun geta sam\u00fe\u00e6tt hann sem austr\u00e6nan verndarkraft \u00ed v\u00ed\u00f0t\u00e6kari lj\u00f3skross\u00e6fingu (M\u00edkael su\u00f0ur, Gabr\u00edel nor\u00f0ur, Rafael austur, \u00dar\u00edel vestur). \u00deessi fj\u00f6gurra-h\u00f6fu\u00f0engla-samsetning hefur veri\u00f0 vi\u00f0mi\u00f0 \u00ed vestr\u00e6num helgigaldri fr\u00e1 t\u00edmum Gullnu d\u00f6gunarinnar.<\/p><\/div>\t\t\t\t\t\t\t\t<\/div>\n\t\t\t\t\t<\/div>\n\t\t\t\t<\/div>\n\t\t\t\t\t<\/div>\n\t\t\t\t<\/div>\n\t\t<div class=\"elementor-element elementor-element-wmd-s6 e-con-boxed e-flex e-con e-parent\" data-id=\"wmd-s6\" data-element_type=\"container\" data-e-type=\"container\">\n\t\t\t\t\t<div class=\"e-con-inner\">\n\t\t\t\t<div class=\"elementor-element elementor-element-wmd-h6 elementor-widget elementor-widget-heading\" data-id=\"wmd-h6\" data-element_type=\"widget\" data-e-type=\"widget\" data-widget_type=\"heading.default\">\n\t\t\t\t\t<h2 class=\"elementor-heading-title elementor-size-default\">Hli\u00f0st\u00e6\u00f0ur<\/h2>\t\t\t\t<\/div>\n\t\t<div class=\"elementor-element elementor-element-wmd-s6-bw e-flex e-con-boxed e-con e-parent\" data-id=\"wmd-s6-bw\" data-element_type=\"container\" data-e-type=\"container\" data-settings=\"{&quot;background_background&quot;:&quot;classic&quot;}\">\n\t\t\t\t\t<div class=\"e-con-inner\">\n\t\t\t\t<div class=\"elementor-element elementor-element-wmd-t6 elementor-widget elementor-widget-text-editor\" data-id=\"wmd-t6\" data-element_type=\"widget\" data-e-type=\"widget\" data-widget_type=\"text-editor.default\">\n\t\t\t\t\t\t\t\t\t<footer class=\"iwg-literatur\" data-nosnippet=\"true\"><p>Rafael m\u00e1 finna sem heilandi frumger\u00f0 \u00ed: <em>Asklepios<\/em> \u00far gr\u00edskri <span class=\"iwg-fachbegriff\" data-tooltip=\"Heildarsafn go\u00f0sagna um gu\u00f0i \u00ed tiltekinni menningu.\" tabindex=\"0\">go\u00f0afr\u00e6\u00f0i<\/span> (gu\u00f0 l\u00e6knislistar), <em>Imhotep<\/em> \u00ed egypskri <span class=\"iwg-fachbegriff\" data-tooltip=\"Heildarsafn gu\u00f0a innan tr\u00faarbrag\u00f0a e\u00f0a menningar.\" tabindex=\"0\">go\u00f0aver\u00f6ld<\/span> (heilari og byggingameistari), <em>Dhanvantari<\/em> \u00ed hind\u00faisma (gu\u00f0 l\u00e6knislistar og lyfjafr\u00e6\u00f0i), og <em>White Buffalo Calf Woman<\/em> \u00ed frumbyggja-andlegri hef\u00f0 Nor\u00f0ur-Amer\u00edku (heilari og kennari). \u00d6ll birta \u00feau kraft endurn\u00fdjunar og \u00f6ruggrar lei\u00f0ar.<\/p><\/footer>\t\t\t\t\t\t\t\t<\/div>\n\t\t\t\t\t<\/div>\n\t\t\t\t<\/div>\n\t\t\t\t\t<\/div>\n\t\t\t\t<\/div>\n\t\t<div class=\"elementor-element elementor-element-cpa12c7f2 e-flex e-con-boxed e-con e-parent\" data-id=\"cpa12c7f2\" data-element_type=\"container\" data-e-type=\"container\">\n\t\t\t\t\t<div class=\"e-con-inner\">\n\t\t\t\t<div class=\"elementor-element elementor-element-cp707736a elementor-widget elementor-widget-heading\" data-id=\"cp707736a\" data-element_type=\"widget\" data-e-type=\"widget\" data-widget_type=\"heading.default\">\n\t\t\t\t\t<h2 class=\"elementor-heading-title elementor-size-default\">B\u00f3k T\u00f3b\u00edts: Rafael sem hulinn f\u00f6runautur<\/h2>\t\t\t\t<\/div>\n\t\t<div class=\"elementor-element elementor-element-cp0267557 e-con-full e-flex e-con e-child\" data-id=\"cp0267557\" data-element_type=\"container\" data-e-type=\"container\">\n\t\t\t\t<div class=\"elementor-element elementor-element-cp745d9b1 elementor-widget elementor-widget-text-editor\" data-id=\"cp745d9b1\" data-element_type=\"widget\" data-e-type=\"widget\" data-widget_type=\"text-editor.default\">\n\t\t\t\t\t\t\t\t\t<p>\u00cd bibl\u00edulegri <span class=\"iwg-fachbegriff\" data-tooltip=\"Mi\u00f0lun \u00feekkingar og fr\u00e1sagna kynsl\u00f3\u00f0 fram af kynsl\u00f3\u00f0.\" tabindex=\"0\">arfs\u00f6gn<\/span> er Raphael n\u00e1nast eing\u00f6ngu tengdur einni b\u00f3k, Tob\u00edtarb\u00f3k. \u00deessi b\u00f3k tilheyrir hinum bibl\u00edulega <span class=\"iwg-fachbegriff\" data-tooltip=\"S\u00fa safn heilagra rita sem er vi\u00f0urkennt sem bindandi innan tr\u00faarbrag\u00f0a.\" tabindex=\"0\">kan\u00f3nu<\/span> \u00ed ka\u00fe\u00f3lskri og r\u00e9tttr\u00fana\u00f0arhef\u00f0, en \u00ed gy\u00f0inglegri og m\u00f3tm\u00e6lendahef\u00f0 telst h\u00fan til ap\u00f3kr\u00fdfra e\u00f0a svokalla\u00f0ra deuterokan\u00f3n\u00edskra rita.<\/p><p>B\u00f3kin var\u00f0 l\u00edklega til \u00e1 \u00feri\u00f0ju e\u00f0a annarri \u00f6ld fyrir okkar t\u00edmatal og segir listilega ofna fj\u00f6lskyldus\u00f6gu.<\/p><p>\u00cd brennidepli standa hinn gu\u00f0r\u00e6kni, blindi Tob\u00edt og \u00e6ttingi hans Sara, sem <span class=\"iwg-fachbegriff\" data-tooltip=\"Andleg vera sem talin er valda ska\u00f0legum e\u00f0a tv\u00edr\u00e6\u00f0um \u00e1hrifum.\" tabindex=\"0\">dj\u00f6full<\/span> a\u00f0 nafni Asm\u00f3deus hrj\u00e1ir, en hann veldur \u00fev\u00ed a\u00f0 eiginmenn hennar deyja hver af \u00f6\u00f0rum \u00e1 br\u00fa\u00f0kaupsn\u00f3ttinni. Sonur Tob\u00edts, T\u00f3b\u00edas, leggur upp \u00ed fer\u00f0 til a\u00f0 innheimta f\u00e9 og f\u00e6r s\u00e9r fylgdarmann sem segist vera \u00e6ttingi.<\/p><p>\u00cd raun er \u00feessi fylgdarma\u00f0ur <span class=\"iwg-fachbegriff\" data-tooltip=\"\u00cd abraham\u00edskum tr\u00faarbr\u00f6g\u00f0um himneskur sendibo\u00f0i Gu\u00f0s.\" tabindex=\"0\">engillinn<\/span> Raphael, sem leynir sannu e\u00f0li s\u00ednu lengi vel. Hann lei\u00f0ir T\u00f3b\u00edas, hj\u00e1lpar honum a\u00f0 vei\u00f0a fisk sem innyfli hans ver\u00f0a a\u00f0 l\u00e6kningarlyfjum, gerir hj\u00f3nabandi\u00f0 vi\u00f0 S\u00f6ru m\u00f6gulegt og rekur <span class=\"iwg-fachbegriff\" data-tooltip=\"Andleg vera sem talin er valda ska\u00f0legum e\u00f0a tv\u00edr\u00e6\u00f0um \u00e1hrifum.\" tabindex=\"0\">dj\u00f6fulinn<\/span> \u00e1 brott. A\u00f0 lokum l\u00e6knar lyfi\u00f0 \u00far fisknum einnig augu Tob\u00edts.<\/p><p>Fyrst undir lokin gefur Raphael sig til kynna. Hann \u00fatsk\u00fdrir a\u00f0 hann s\u00e9 einn af <span class=\"iwg-fachbegriff\" data-tooltip=\"\u00cd abraham\u00edskum tr\u00faarbr\u00f6g\u00f0um himneskur sendibo\u00f0i Gu\u00f0s.\" tabindex=\"0\">englunum<\/span> sem standa frammi fyrir Gu\u00f0i, og hafi veri\u00f0 sendur til a\u00f0 bera b\u00e6nir hinna gu\u00f0r\u00e6knu fram fyrir Gu\u00f0.<\/p><p>\u00dear me\u00f0 er Raphael eini <span class=\"iwg-fachbegriff\" data-tooltip=\"\u00cd abraham\u00edskum tr\u00faarbr\u00f6g\u00f0um himneskur sendibo\u00f0i Gu\u00f0s.\" tabindex=\"0\">engillinn<\/span> sem birtist sem virk pers\u00f3na \u00ed samfelldum fr\u00e1sagnartexta hinnar bibl\u00edulegu <span class=\"iwg-fachbegriff\" data-tooltip=\"Mi\u00f0lun \u00feekkingar og fr\u00e1sagna kynsl\u00f3\u00f0 fram af kynsl\u00f3\u00f0.\" tabindex=\"0\">arfsagnar<\/span> yfir m\u00f6rgum k\u00f6flum. Tob\u00edtarb\u00f3k er \u00fev\u00ed afgerandi mikilv\u00e6g fyrir skilning \u00e1 \u00feessari veru.<\/p>\t\t\t\t\t\t\t\t<\/div>\n\t\t\t\t<\/div>\n\t\t\t\t\t<\/div>\n\t\t\t\t<\/div>\n\t\t<div class=\"elementor-element elementor-element-cpdd14eaa e-flex e-con-boxed e-con e-parent\" data-id=\"cpdd14eaa\" data-element_type=\"container\" data-e-type=\"container\">\n\t\t\t\t\t<div class=\"e-con-inner\">\n\t\t\t\t<div class=\"elementor-element elementor-element-cp680be57 elementor-widget elementor-widget-heading\" data-id=\"cp680be57\" data-element_type=\"widget\" data-e-type=\"widget\" data-widget_type=\"heading.default\">\n\t\t\t\t\t<h2 class=\"elementor-heading-title elementor-size-default\">Nafni\u00f0 sem \u00e1\u00e6tlun: Rafael, heilarinn<\/h2>\t\t\t\t<\/div>\n\t\t<div class=\"elementor-element elementor-element-cp662286e e-con-full e-flex e-con e-child\" data-id=\"cp662286e\" data-element_type=\"container\" data-e-type=\"container\">\n\t\t\t\t<div class=\"elementor-element elementor-element-cp1690ec5 elementor-widget elementor-widget-text-editor\" data-id=\"cp1690ec5\" data-element_type=\"widget\" data-e-type=\"widget\" data-widget_type=\"text-editor.default\">\n\t\t\t\t\t\t\t\t\t<p>Nafni\u00f0 Rafael er af hebreskum uppruna og felur \u00ed s\u00e9r or\u00f0stofninn fyrir a\u00f0 heila auk gu\u00f0s\u00fe\u00e1ttarins el. \u00dea\u00f0 m\u00e1 \u00fe\u00fd\u00f0a sem Gu\u00f0 heilar e\u00f0a Gu\u00f0 hefur heila\u00f0.<\/p><p>\u00cd T\u00f3b\u00edtsb\u00f3k er \u00feessi merking nafnsins engin tilviljun heldur er h\u00fan sta\u00f0fest \u00ed gegnum framvindu fr\u00e1sagnarins: Rafael er s\u00e1 sem me\u00f0 verkum s\u00ednum bindur enda \u00e1 b\u00e6\u00f0i \u00ferengingu S\u00f6ru af v\u00f6ldum <span class=\"iwg-fachbegriff\" data-tooltip=\"Andlegt vera sem eignu\u00f0 er ska\u00f0leg e\u00f0a tv\u00edr\u00e6\u00f0 \u00e1hrif.\" tabindex=\"0\">dj\u00f6fuls<\/span> og blindu T\u00f3b\u00edts.<\/p><p>S\u00ed\u00f0ari hef\u00f0 Gy\u00f0inga og kristinna manna hefur fest \u00feessa tengingu nafns og hlutverks \u00ed sessi. \u00cd textum Gy\u00f0inga fr\u00e1 t\u00edmanum eftir a\u00f0 hinar bibl\u00edulegu ritningar ur\u00f0u til, me\u00f0al annars \u00ed Enoksritunum, kemur Rafael fram me\u00f0al fremstu englanna og honum er \u00edtreka\u00f0 eignu\u00f0 \u00e1byrg\u00f0 \u00e1 heilun.<\/p><p>\u00cd kristinni <span class=\"iwg-fachbegriff\" data-tooltip=\"Mi\u00f0lun \u00feekkingar og fr\u00e1sagna milli kynsl\u00f3\u00f0a.\" tabindex=\"0\">hef\u00f0<\/span> var\u00f0 Rafael <span class=\"iwg-fachbegriff\" data-tooltip=\"\u00cd eingy\u00f0istr\u00faarbr\u00f6g\u00f0unum himneskur sendibo\u00f0i Gu\u00f0s.\" tabindex=\"0\">engill<\/span> heilunar, fer\u00f0alanga og samspils sj\u00fakd\u00f3ms og bata. \u00deessi hlutverkaskipting byggist alfari\u00f0 \u00e1 T\u00f3b\u00edtsb\u00f3k, \u00fear sem \u00f6ll \u00ferj\u00fa \u00feemuin, heilun, fer\u00f0alag og verndun \u00e1 lei\u00f0inni, eru \u00fe\u00e9ttofin saman.<\/p><p>Athyglisvert er a\u00f0 T\u00f3b\u00edtsb\u00f3k setur heilunina ekki fram sem galdraverk heldur setur hana \u00ed ramma <span class=\"iwg-fachbegriff\" data-tooltip=\"\u00dea\u00f0 a\u00f0 manneskja sn\u00fdr s\u00e9r \u00ed or\u00f0um a\u00f0 gu\u00f0legri veru.\" tabindex=\"0\">b\u00e6nar<\/span>, <span class=\"iwg-fachbegriff\" data-tooltip=\"S\u00fa tr\u00faarlega afsta\u00f0a og i\u00f0kun sem manneskja lifir eftir.\" tabindex=\"0\">gu\u00f0hr\u00e6\u00f0slu<\/span> og gu\u00f0legrar sendingar. Rafael starfar samkv\u00e6mt umbo\u00f0i og flytur, eins og hann segir sj\u00e1lfur, b\u00e6nirnar fram fyrir Gu\u00f0.<\/p><p>L\u00e6kningame\u00f0ulin \u00far fiskinum eru verkf\u00e6ri \u00ed hendi hans, ekki sj\u00e1lfst\u00e6\u00f0 t\u00f6frame\u00f0ul. <span class=\"iwg-fachbegriff\" data-tooltip=\"V\u00edsindin sem rannsaka tr\u00faarbr\u00f6g\u00f0 samanbur\u00f0arlega og \u00e1n tr\u00faarlegrar skuldbindingar.\" tabindex=\"0\">Tr\u00faarbrag\u00f0afr\u00e6\u00f0in<\/span> s\u00e9r \u00ed \u00feessu d\u00e6mi um hvernig \u00fej\u00f3\u00f0legar heilunarhugmyndir og gu\u00f0fr\u00e6\u00f0ileg umr\u00e6\u00f0a koma saman \u00ed einum texta.<\/p>\t\t\t\t\t\t\t\t<\/div>\n\t\t\t\t<\/div>\n\t\t\t\t\t<\/div>\n\t\t\t\t<\/div>\n\t\t<div class=\"elementor-element elementor-element-cp5269aa8 e-flex e-con-boxed e-con e-parent\" data-id=\"cp5269aa8\" data-element_type=\"container\" data-e-type=\"container\">\n\t\t\t\t\t<div class=\"e-con-inner\">\n\t\t\t\t<div class=\"elementor-element elementor-element-cp9e66ac7 elementor-widget elementor-widget-heading\" data-id=\"cp9e66ac7\" data-element_type=\"widget\" data-e-type=\"widget\" data-widget_type=\"heading.default\">\n\t\t\t\t\t<h2 class=\"elementor-heading-title elementor-size-default\">Rafael \u00ed list, verndard\u00fdrlingshaldi og \u00fej\u00f3\u00f0legri gu\u00f0r\u00e6kni<\/h2>\t\t\t\t<\/div>\n\t\t<div class=\"elementor-element elementor-element-cpaae636f e-con-full e-flex e-con e-child\" data-id=\"cpaae636f\" data-element_type=\"container\" data-e-type=\"container\">\n\t\t\t\t<div class=\"elementor-element elementor-element-cp3a706bf elementor-widget elementor-widget-text-editor\" data-id=\"cp3a706bf\" data-element_type=\"widget\" data-e-type=\"widget\" data-widget_type=\"text-editor.default\">\n\t\t\t\t\t\t\t\t\t<p>\u00dat fr\u00e1 fr\u00e1s\u00f6gninni \u00ed T\u00f3b\u00edtsb\u00f3k \u00fer\u00f3a\u00f0ist s\u00e9rstakt myndefni sem birtist oft, s\u00e9rstaklega \u00ed m\u00e1laralist endurreisnart\u00edmans og barokkt\u00edmans. Oftast er s\u00fdnt hvernig Rafael lei\u00f0ir hinn unga T\u00f3b\u00edas vi\u00f0 h\u00f6nd, oft me\u00f0 fiski og hundi sem textinn nefnir.<\/p><p>\u00deessar myndir, \u00feekktar \u00ed \u00edtalskri list sem T\u00f3b\u00edas og <span class=\"iwg-fachbegriff\" data-tooltip=\"\u00cd eingy\u00f0istr\u00faarbr\u00f6g\u00f0unum himneskur sendibo\u00f0i Gu\u00f0s.\" tabindex=\"0\">engillinn<\/span>, voru s\u00e9rlega vins\u00e6lar og voru sums sta\u00f0ar panta\u00f0ar sem verndarmyndir fyrir unga fer\u00f0alanga.<\/p><p>\u00cd ka\u00fe\u00f3lskri hef\u00f0 er Rafael talinn verndard\u00fdrlingur fer\u00f0alanga, sj\u00fakra og l\u00e6kna, auk lyfjafr\u00e6\u00f0inga og \u00e1 sumum sv\u00e6\u00f0um \u00fatflytjenda. \u00deessi verndarhlutverk lei\u00f0a r\u00f6kr\u00e9tt af hlutverki hans \u00ed T\u00f3b\u00edtsb\u00f3k. S\u00e9rstakur minningardagur tengdi hann \u00ed helgisi\u00f0um vi\u00f0 hina erkiengla sem nafngreindir eru, M\u00edkael og Gabr\u00edel.<\/p><p>\u00cd <span class=\"iwg-fachbegriff\" data-tooltip=\"Tr\u00faarl\u00edf sem lifa\u00f0 er \u00ed hversdagsl\u00edfinu, oft samhli\u00f0a hinni opinberu kenningu.\" tabindex=\"0\">\u00fej\u00f3\u00f0legri gu\u00f0r\u00e6kni<\/span> var Rafael lengi minna \u00e1berandi en M\u00edkael, sem haf\u00f0i sterka myndhef\u00f0 sem drekabani og s\u00e1larvegari, e\u00f0a Gabr\u00edel, sem var fastfestur \u00ed listinni me\u00f0 bo\u00f0uninni til Mar\u00edu.<\/p><p>\u00der\u00e1tt fyrir \u00fea\u00f0 hefur Rafael haldi\u00f0 fastri st\u00f6\u00f0u sinni vegna tengslanna vi\u00f0 heilun, verndun \u00e1 fer\u00f0al\u00f6gum og hinnar kunnuglegu fr\u00e1sagnar af T\u00f3b\u00edasi.<\/p><p>\u00cd n\u00fat\u00edmavi\u00f0t\u00f6kum kemur hann \u00f6\u00f0ru hverju fram \u00ed b\u00f3kmenntum og myndlist, en \u00e1herslan er \u00fe\u00f3 enn \u00e1 bibl\u00edufr\u00e1s\u00f6gnina sem hefur m\u00f3ta\u00f0 alla s\u00ed\u00f0ari mynd \u00feessarar veru. Innan englafr\u00e6\u00f0innar stendur Rafael vi\u00f0 hli\u00f0 <a href=\"https:\/\/iwell-guard.com\/is\/?page_id=168687\">M\u00edkaels<\/a> og <a href=\"https:\/\/iwell-guard.com\/is\/?page_id=168688\">Erkiengilsins Gabr\u00edels<\/a>.<\/p>\t\t\t\t\t\t\t\t<\/div>\n\t\t\t\t<\/div>\n\t\t\t\t\t<\/div>\n\t\t\t\t<\/div>\n\t\t<div class=\"elementor-element elementor-element-fc1748d e-con-boxed e-flex e-con e-parent\" data-id=\"fc1748d\" data-element_type=\"container\" data-e-type=\"container\">\n\t\t\t\t\t<div class=\"e-con-inner\">\n\t\t\t\t<div class=\"elementor-element elementor-element-255812c elementor-widget elementor-widget-text-editor\" data-id=\"255812c\" data-element_type=\"widget\" data-e-type=\"widget\" data-widget_type=\"text-editor.default\">\n\t\t\t\t\t\t\t\t\t\n<h2>Algengar spurningar um erkiengilinn Raphael<\/h2>\n<div class=\"iwg-faq-q\"><h3>Hver er erkiengillinn Raphael?<\/h3><p>Raphael (hebreska Rafa-el, Gu\u00f0 l\u00e6knar) er l\u00e6kningaerkiengill hinnar gy\u00f0ing-kristnu hef\u00f0ar. \u00cd deuter\u00f3kan\u00f3n\u00edsku T\u00f3b\u00edasarb\u00f3kinni fylgir hann unga T\u00f3b\u00edasi \u00e1 fer\u00f0alagi hans og l\u00e6knar blindan f\u00f6\u00f0ur hans. Raphael er talinn verndard\u00fdrlingur fer\u00f0amanna, lyfsala, l\u00e6kna, hj\u00fakrunarf\u00f3lks og <span class=\"iwg-fachbegriff\" data-tooltip=\"Manneskja sem fer \u00ed tr\u00faarlega hvatta fer\u00f0 til helgs sta\u00f0ar.\" tabindex=\"0\">p\u00edlagr\u00edma<\/span>. \u00cd kristinni englaskipan er hann einn af \u00feeim \u00feremur erkienglum sem nafngreindir eru.<\/p><\/div>\n<div class=\"iwg-faq-q\"><h3>Hver eru t\u00e1kn og samsvaranir Raphaels?<\/h3><p>Klass\u00edsk t\u00e1kn Raphaels eru p\u00edlagr\u00edmsstafurinn, fiskurinn (\u00far T\u00f3b\u00edasars\u00f6gunni), lyfjaglasi\u00f0 me\u00f0 l\u00e6kningajurtum og fer\u00f0am\u00f6ttullinn. \u00cd n\u00fat\u00edma dulspekilegri <span class=\"iwg-fachbegriff\" data-tooltip=\"\u00cd abraham\u00edskum tr\u00faarbr\u00f6g\u00f0um himneskur sendibo\u00f0i Gu\u00f0s.\" tabindex=\"0\">engla<\/span>-fr\u00e6\u00f0i er Raphael tengdur gr\u00e6num lit, loftfrumefninu, austrinu og l\u00e6kningageislanum. B\u00e6nir til Raphaels um l\u00e6kningu er a\u00f0 finna \u00ed m\u00f6rgum kristnum dulspekilegum b\u00e6nab\u00f3kum.<\/p><\/div>\n<script type=\"application\/ld+json\">{\"@context\":\"https:\/\/schema.org\",\"@type\":\"FAQPage\",\"mainEntity\":[{\"@type\":\"Question\",\"name\":\"Hver er erkiengillinn Raphael?\",\"acceptedAnswer\":{\"@type\":\"Answer\",\"text\":\"Raphael (hebreska Rafa-el, Gu\u00f0 l\u00e6knar) er l\u00e6kningaerkiengill hinnar gy\u00f0ing-kristnu hef\u00f0ar. \u00cd deuter\u00f3kan\u00f3n\u00edsku T\u00f3b\u00edasarb\u00f3kinni fylgir hann unga T\u00f3b\u00edasi \u00e1 fer\u00f0alagi hans og l\u00e6knar blindan f\u00f6\u00f0ur hans. Raphael er talinn verndard\u00fdrlingur fer\u00f0amanna, lyfsala, l\u00e6kna, hj\u00fakrunarf\u00f3lks og p\u00edlagr\u00edma. \u00cd kristinni englaskipan er hann einn af \u00feeim \u00feremur erkienglum sem nafngreindir eru.\"}},{\"@type\":\"Question\",\"name\":\"Hver eru t\u00e1kn og samsvaranir Raphaels?\",\"acceptedAnswer\":{\"@type\":\"Answer\",\"text\":\"Klass\u00edsk t\u00e1kn Raphaels eru p\u00edlagr\u00edmsstafurinn, fiskurinn (\u00far T\u00f3b\u00edasars\u00f6gunni), lyfjaglasi\u00f0 me\u00f0 l\u00e6kningajurtum og fer\u00f0am\u00f6ttullinn. \u00cd n\u00fat\u00edma dulspekilegri engla-fr\u00e6\u00f0i er Raphael tengdur gr\u00e6num lit, loftfrumefninu, austrinu og l\u00e6kningageislanum. B\u00e6nir til Raphaels um l\u00e6kningu er a\u00f0 finna \u00ed m\u00f6rgum kristnum dulspekilegum b\u00e6nab\u00f3kum.\"}}]}<\/script>\t\t\t\t\t\t\t\t<\/div>\n\t\t\t\t\t<\/div>\n\t\t\t\t<\/div>\n\t\t\t\t<\/div>\n\t\t","protected":false},"excerpt":{"rendered":"","protected":false},"author":3,"featured_media":1623,"parent":0,"menu_order":0,"comment_status":"closed","ping_status":"closed","template":"elementor_header_footer","meta":{"_yoast_wpseo_focuskw":"Heilun erkiengilsins Raphael","_yoast_wpseo_title":"Erkiengillinn Raphael - Heilaengill og verndard\u00fdrlingur fer\u00f0alanga","_yoast_wpseo_metadesc":"Erkiengillinn Raphael veitir heilun \u00e1 \u00f6llum svi\u00f0um og lei\u00f0ir leitendur \u00f6ruggum h\u00f6ndum. Kynnist mikilv\u00e6gi hans \u00ed dulspeki og iWell-Guard-heilunarhef\u00f0.","_yoast_wpseo_meta-robots-noindex":"","_yoast_wpseo_canonical":"","_angie_page":false,"gefaehrdungsstufe":"","wesen_kultur":"","wesen_klasse":"","footnotes":""},"categories":[],"class_list":["post-168689","page","type-page","status-publish","has-post-thumbnail","hentry"],"yoast_head":"<!-- This site is optimized with the Yoast SEO Premium plugin v27.7 (Yoast SEO v28.3) - https:\/\/yoast.com\/product\/yoast-seo-premium-wordpress\/ -->\n<title>Erkiengillinn Raphael - Heilaengill og verndard\u00fdrlingur fer\u00f0alanga<\/title>\n<meta name=\"description\" content=\"Erkiengillinn Raphael veitir heilun \u00e1 \u00f6llum svi\u00f0um og lei\u00f0ir leitendur \u00f6ruggum h\u00f6ndum. Kynnist mikilv\u00e6gi hans \u00ed dulspeki og iWell-Guard-heilunarhef\u00f0.\" \/>\n<meta name=\"robots\" content=\"index, follow, max-snippet:-1, max-image-preview:large, max-video-preview:-1\" \/>\n<link rel=\"canonical\" href=\"https:\/\/iwell-guard.com\/is\/erkiengill-raphael\/\" \/>\n<meta property=\"og:locale\" content=\"is_IS\" \/>\n<meta property=\"og:type\" content=\"article\" \/>\n<meta property=\"og:title\" content=\"Erkiengillinn Raphael\" \/>\n<meta property=\"og:description\" content=\"Erkiengillinn Raphael veitir heilun \u00e1 \u00f6llum svi\u00f0um og lei\u00f0ir leitendur \u00f6ruggum h\u00f6ndum. Kynnist mikilv\u00e6gi hans \u00ed dulspeki og iWell-Guard-heilunarhef\u00f0.\" \/>\n<meta property=\"og:url\" content=\"https:\/\/iwell-guard.com\/is\/erkiengill-raphael\/\" \/>\n<meta property=\"og:site_name\" content=\"iWell Guard\" \/>\n<meta property=\"article:modified_time\" content=\"2026-09-05T14:16:56+00:00\" \/>\n<meta property=\"og:image\" content=\"https:\/\/iwell-guard.com\/wp-content\/uploads\/2026\/04\/lichtwesen_erzengel-raphael.webp\" \/>\n\t<meta property=\"og:image:width\" content=\"1024\" \/>\n\t<meta property=\"og:image:height\" content=\"1536\" \/>\n\t<meta property=\"og:image:type\" content=\"image\/webp\" \/>\n<meta name=\"twitter:card\" content=\"summary_large_image\" \/>\n<script type=\"application\/ld+json\" class=\"yoast-schema-graph\">{\"@context\":\"https:\\\/\\\/schema.org\",\"@graph\":[{\"@type\":\"WebPage\",\"@id\":\"https:\\\/\\\/iwell-guard.com\\\/is\\\/erkiengill-raphael\\\/\",\"url\":\"https:\\\/\\\/iwell-guard.com\\\/is\\\/erkiengill-raphael\\\/\",\"name\":\"Erkiengillinn Raphael - Heilaengill og verndard\u00fdrlingur fer\u00f0alanga\",\"isPartOf\":{\"@id\":\"https:\\\/\\\/iwell-guard.com\\\/is\\\/#website\"},\"primaryImageOfPage\":{\"@id\":\"https:\\\/\\\/iwell-guard.com\\\/is\\\/erkiengill-raphael\\\/#primaryimage\"},\"image\":{\"@id\":\"https:\\\/\\\/iwell-guard.com\\\/is\\\/erkiengill-raphael\\\/#primaryimage\"},\"thumbnailUrl\":\"https:\\\/\\\/iwell-guard.com\\\/wp-content\\\/uploads\\\/2026\\\/04\\\/lichtwesen_erzengel-raphael.webp\",\"datePublished\":\"2026-09-05T14:02:11+00:00\",\"dateModified\":\"2026-09-05T14:16:56+00:00\",\"description\":\"Erkiengillinn Raphael veitir heilun \u00e1 \u00f6llum svi\u00f0um og lei\u00f0ir leitendur \u00f6ruggum h\u00f6ndum. Kynnist mikilv\u00e6gi hans \u00ed dulspeki og iWell-Guard-heilunarhef\u00f0.\",\"breadcrumb\":{\"@id\":\"https:\\\/\\\/iwell-guard.com\\\/is\\\/erkiengill-raphael\\\/#breadcrumb\"},\"inLanguage\":\"is\",\"potentialAction\":[{\"@type\":\"ReadAction\",\"target\":[\"https:\\\/\\\/iwell-guard.com\\\/is\\\/erkiengill-raphael\\\/\"]}]},{\"@type\":\"ImageObject\",\"inLanguage\":\"is\",\"@id\":\"https:\\\/\\\/iwell-guard.com\\\/is\\\/erkiengill-raphael\\\/#primaryimage\",\"url\":\"https:\\\/\\\/iwell-guard.com\\\/wp-content\\\/uploads\\\/2026\\\/04\\\/lichtwesen_erzengel-raphael.webp\",\"contentUrl\":\"https:\\\/\\\/iwell-guard.com\\\/wp-content\\\/uploads\\\/2026\\\/04\\\/lichtwesen_erzengel-raphael.webp\",\"width\":1024,\"height\":1536,\"caption\":\"Lj\u00f3svera. Lj\u00f3sfl\u00e6\u00f0andi mynd.\"},{\"@type\":\"BreadcrumbList\",\"@id\":\"https:\\\/\\\/iwell-guard.com\\\/is\\\/erkiengill-raphael\\\/#breadcrumb\",\"itemListElement\":[{\"@type\":\"ListItem\",\"position\":1,\"name\":\"Start\",\"item\":\"https:\\\/\\\/iwell-guard.com\\\/is\\\/?page_id=168580\"},{\"@type\":\"ListItem\",\"position\":2,\"name\":\"Erkiengillinn Raphael\"}]},{\"@type\":\"WebSite\",\"@id\":\"https:\\\/\\\/iwell-guard.com\\\/is\\\/#website\",\"url\":\"https:\\\/\\\/iwell-guard.com\\\/is\\\/\",\"name\":\"iWell Guard\",\"description\":\"Schutz vor dunklen Einfl\u00fcssen\",\"publisher\":{\"@id\":\"https:\\\/\\\/iwell-guard.com\\\/is\\\/#organization\"},\"potentialAction\":[{\"@type\":\"SearchAction\",\"target\":{\"@type\":\"EntryPoint\",\"urlTemplate\":\"https:\\\/\\\/iwell-guard.com\\\/is\\\/?s={search_term_string}\"},\"query-input\":{\"@type\":\"PropertyValueSpecification\",\"valueRequired\":true,\"valueName\":\"search_term_string\"}}],\"inLanguage\":\"is\"},{\"@type\":\"Organization\",\"@id\":\"https:\\\/\\\/iwell-guard.com\\\/is\\\/#organization\",\"name\":\"Ittermann electronic GmbH\",\"url\":\"https:\\\/\\\/iwell-guard.com\\\/is\\\/\",\"logo\":{\"@type\":\"ImageObject\",\"inLanguage\":\"is\",\"@id\":\"https:\\\/\\\/iwell-guard.com\\\/is\\\/#\\\/schema\\\/logo\\\/image\\\/\",\"url\":\"https:\\\/\\\/iwell-guard.com\\\/wp-content\\\/uploads\\\/2026\\\/05\\\/Ittermann-Logo-1182x237-1.png\",\"contentUrl\":\"https:\\\/\\\/iwell-guard.com\\\/wp-content\\\/uploads\\\/2026\\\/05\\\/Ittermann-Logo-1182x237-1.png\",\"width\":1182,\"height\":237,\"caption\":\"Ittermann electronic GmbH\"},\"image\":{\"@id\":\"https:\\\/\\\/iwell-guard.com\\\/is\\\/#\\\/schema\\\/logo\\\/image\\\/\"},\"sameAs\":[\"https:\\\/\\\/pantip.com\\\/profile\\\/9367242\",\"https:\\\/\\\/micro.blog\\\/iwellguard\",\"https:\\\/\\\/www.diggerslist.com\\\/iwellguard\\\/about\",\"https:\\\/\\\/skitterphoto.com\\\/photographers\\\/2870314\\\/iwell-guard\",\"https:\\\/\\\/iwellguard.wordpress.com\\\/2026\\\/06\\\/06\\\/iwell-guard\\\/\",\"https:\\\/\\\/hub.docker.com\\\/u\\\/iwellguard\",\"https:\\\/\\\/www.pinterest.com\\\/iwellguard\\\/\",\"https:\\\/\\\/bit.ly\\\/m\\\/iwellguard\",\"https:\\\/\\\/entre-vos-mains.alsace.eu\\\/profiles\\\/iwellguard\\\/activity\",\"https:\\\/\\\/gravatar.com\\\/reallybeded8fd34\",\"https:\\\/\\\/naijamatta.com\\\/iwellguard\",\"https:\\\/\\\/www.goodreads.com\\\/iwellguard\",\"https:\\\/\\\/profile.hatena.ne.jp\\\/iwellguard\\\/\",\"https:\\\/\\\/experiment.com\\\/users\\\/iwellguard\",\"https:\\\/\\\/wakelet.com\\\/@iWellGuard82270\",\"https:\\\/\\\/www.chordie.com\\\/forum\\\/profile.php?id=2555664\",\"https:\\\/\\\/www.instapaper.com\\\/p\\\/17757966\",\"https:\\\/\\\/www.mapleprimes.com\\\/users\\\/iwellguard\",\"https:\\\/\\\/businesslistingplus.com\\\/profile\\\/iwell-guard\\\/\",\"https:\\\/\\\/telegra.ph\\\/iWell-Guard-06-06\",\"https:\\\/\\\/pbase.com\\\/iwellguard\\\/iwellguard\",\"https:\\\/\\\/b.hatena.ne.jp\\\/iwellguard\\\/20260607#bookmark-4788405196491818882\",\"https:\\\/\\\/fliphtml5.com\\\/home\\\/iwellguard\",\"https:\\\/\\\/anyflip.com\\\/homepage\\\/cmiwl#About\",\"https:\\\/\\\/transfur.com\\\/Users\\\/iwellguard\",\"http:\\\/\\\/delphi.larsbo.org\\\/user\\\/iwellguard\",\"https:\\\/\\\/jobs.lajobsportal.org\\\/profiles\\\/8380803-iwell-guard\",\"https:\\\/\\\/md.chaosdorf.de\\\/s\\\/jfbe5SBdJD\",\"https:\\\/\\\/www.lingvolive.com\\\/en-us\\\/profile\\\/9ecaeaca-ce11-4e51-9e71-01d55e2bff36\\\/translations\",\"https:\\\/\\\/www.fitday.com\\\/fitness\\\/forums\\\/members\\\/iwellguard.html\",\"https:\\\/\\\/www.mymeetbook.com\\\/iwellguard\",\"https:\\\/\\\/pxhere.com\\\/en\\\/photographer-me\\\/5040798\",\"https:\\\/\\\/disqus.com\\\/by\\\/iwellguard\\\/about\\\/\",\"https:\\\/\\\/pastelink.net\\\/hjwciqwq\",\"https:\\\/\\\/pubhtml5.com\\\/homepage\\\/scjhn\\\/\",\"https:\\\/\\\/www.bitchute.com\\\/channel\\\/2O2eOKzNqujT\",\"https:\\\/\\\/audiomack.com\\\/iwellguard\"]}]}<\/script>\n<!-- \/ Yoast SEO Premium plugin. -->","yoast_head_json":{"title":"Erkiengillinn Raphael - Heilaengill og verndard\u00fdrlingur fer\u00f0alanga","description":"Erkiengillinn Raphael veitir heilun \u00e1 \u00f6llum svi\u00f0um og lei\u00f0ir leitendur \u00f6ruggum h\u00f6ndum. Kynnist mikilv\u00e6gi hans \u00ed dulspeki og iWell-Guard-heilunarhef\u00f0.","robots":{"index":"index","follow":"follow","max-snippet":"max-snippet:-1","max-image-preview":"max-image-preview:large","max-video-preview":"max-video-preview:-1"},"canonical":"https:\/\/iwell-guard.com\/is\/erkiengill-raphael\/","og_locale":"is_IS","og_type":"article","og_title":"Erkiengillinn Raphael","og_description":"Erkiengillinn Raphael veitir heilun \u00e1 \u00f6llum svi\u00f0um og lei\u00f0ir leitendur \u00f6ruggum h\u00f6ndum. Kynnist mikilv\u00e6gi hans \u00ed dulspeki og iWell-Guard-heilunarhef\u00f0.","og_url":"https:\/\/iwell-guard.com\/is\/erkiengill-raphael\/","og_site_name":"iWell Guard","article_modified_time":"2026-09-05T14:16:56+00:00","og_image":[{"width":1024,"height":1536,"url":"https:\/\/iwell-guard.com\/wp-content\/uploads\/2026\/04\/lichtwesen_erzengel-raphael.webp","type":"image\/webp"}],"twitter_card":"summary_large_image","schema":{"@context":"https:\/\/schema.org","@graph":[{"@type":"WebPage","@id":"https:\/\/iwell-guard.com\/is\/erkiengill-raphael\/","url":"https:\/\/iwell-guard.com\/is\/erkiengill-raphael\/","name":"Erkiengillinn Raphael - Heilaengill og verndard\u00fdrlingur fer\u00f0alanga","isPartOf":{"@id":"https:\/\/iwell-guard.com\/is\/#website"},"primaryImageOfPage":{"@id":"https:\/\/iwell-guard.com\/is\/erkiengill-raphael\/#primaryimage"},"image":{"@id":"https:\/\/iwell-guard.com\/is\/erkiengill-raphael\/#primaryimage"},"thumbnailUrl":"https:\/\/iwell-guard.com\/wp-content\/uploads\/2026\/04\/lichtwesen_erzengel-raphael.webp","datePublished":"2026-09-05T14:02:11+00:00","dateModified":"2026-09-05T14:16:56+00:00","description":"Erkiengillinn Raphael veitir heilun \u00e1 \u00f6llum svi\u00f0um og lei\u00f0ir leitendur \u00f6ruggum h\u00f6ndum. Kynnist mikilv\u00e6gi hans \u00ed dulspeki og iWell-Guard-heilunarhef\u00f0.","breadcrumb":{"@id":"https:\/\/iwell-guard.com\/is\/erkiengill-raphael\/#breadcrumb"},"inLanguage":"is","potentialAction":[{"@type":"ReadAction","target":["https:\/\/iwell-guard.com\/is\/erkiengill-raphael\/"]}]},{"@type":"ImageObject","inLanguage":"is","@id":"https:\/\/iwell-guard.com\/is\/erkiengill-raphael\/#primaryimage","url":"https:\/\/iwell-guard.com\/wp-content\/uploads\/2026\/04\/lichtwesen_erzengel-raphael.webp","contentUrl":"https:\/\/iwell-guard.com\/wp-content\/uploads\/2026\/04\/lichtwesen_erzengel-raphael.webp","width":1024,"height":1536,"caption":"Lj\u00f3svera. Lj\u00f3sfl\u00e6\u00f0andi mynd."},{"@type":"BreadcrumbList","@id":"https:\/\/iwell-guard.com\/is\/erkiengill-raphael\/#breadcrumb","itemListElement":[{"@type":"ListItem","position":1,"name":"Start","item":"https:\/\/iwell-guard.com\/is\/?page_id=168580"},{"@type":"ListItem","position":2,"name":"Erkiengillinn Raphael"}]},{"@type":"WebSite","@id":"https:\/\/iwell-guard.com\/is\/#website","url":"https:\/\/iwell-guard.com\/is\/","name":"iWell Guard","description":"Schutz vor dunklen Einfl\u00fcssen","publisher":{"@id":"https:\/\/iwell-guard.com\/is\/#organization"},"potentialAction":[{"@type":"SearchAction","target":{"@type":"EntryPoint","urlTemplate":"https:\/\/iwell-guard.com\/is\/?s={search_term_string}"},"query-input":{"@type":"PropertyValueSpecification","valueRequired":true,"valueName":"search_term_string"}}],"inLanguage":"is"},{"@type":"Organization","@id":"https:\/\/iwell-guard.com\/is\/#organization","name":"Ittermann electronic GmbH","url":"https:\/\/iwell-guard.com\/is\/","logo":{"@type":"ImageObject","inLanguage":"is","@id":"https:\/\/iwell-guard.com\/is\/#\/schema\/logo\/image\/","url":"https:\/\/iwell-guard.com\/wp-content\/uploads\/2026\/05\/Ittermann-Logo-1182x237-1.png","contentUrl":"https:\/\/iwell-guard.com\/wp-content\/uploads\/2026\/05\/Ittermann-Logo-1182x237-1.png","width":1182,"height":237,"caption":"Ittermann electronic GmbH"},"image":{"@id":"https:\/\/iwell-guard.com\/is\/#\/schema\/logo\/image\/"},"sameAs":["https:\/\/pantip.com\/profile\/9367242","https:\/\/micro.blog\/iwellguard","https:\/\/www.diggerslist.com\/iwellguard\/about","https:\/\/skitterphoto.com\/photographers\/2870314\/iwell-guard","https:\/\/iwellguard.wordpress.com\/2026\/06\/06\/iwell-guard\/","https:\/\/hub.docker.com\/u\/iwellguard","https:\/\/www.pinterest.com\/iwellguard\/","https:\/\/bit.ly\/m\/iwellguard","https:\/\/entre-vos-mains.alsace.eu\/profiles\/iwellguard\/activity","https:\/\/gravatar.com\/reallybeded8fd34","https:\/\/naijamatta.com\/iwellguard","https:\/\/www.goodreads.com\/iwellguard","https:\/\/profile.hatena.ne.jp\/iwellguard\/","https:\/\/experiment.com\/users\/iwellguard","https:\/\/wakelet.com\/@iWellGuard82270","https:\/\/www.chordie.com\/forum\/profile.php?id=2555664","https:\/\/www.instapaper.com\/p\/17757966","https:\/\/www.mapleprimes.com\/users\/iwellguard","https:\/\/businesslistingplus.com\/profile\/iwell-guard\/","https:\/\/telegra.ph\/iWell-Guard-06-06","https:\/\/pbase.com\/iwellguard\/iwellguard","https:\/\/b.hatena.ne.jp\/iwellguard\/20260607#bookmark-4788405196491818882","https:\/\/fliphtml5.com\/home\/iwellguard","https:\/\/anyflip.com\/homepage\/cmiwl#About","https:\/\/transfur.com\/Users\/iwellguard","http:\/\/delphi.larsbo.org\/user\/iwellguard","https:\/\/jobs.lajobsportal.org\/profiles\/8380803-iwell-guard","https:\/\/md.chaosdorf.de\/s\/jfbe5SBdJD","https:\/\/www.lingvolive.com\/en-us\/profile\/9ecaeaca-ce11-4e51-9e71-01d55e2bff36\/translations","https:\/\/www.fitday.com\/fitness\/forums\/members\/iwellguard.html","https:\/\/www.mymeetbook.com\/iwellguard","https:\/\/pxhere.com\/en\/photographer-me\/5040798","https:\/\/disqus.com\/by\/iwellguard\/about\/","https:\/\/pastelink.net\/hjwciqwq","https:\/\/pubhtml5.com\/homepage\/scjhn\/","https:\/\/www.bitchute.com\/channel\/2O2eOKzNqujT","https:\/\/audiomack.com\/iwellguard"]}]}},"_links":{"self":[{"href":"https:\/\/iwell-guard.com\/is\/wp-json\/wp\/v2\/pages\/168689","targetHints":{"allow":["GET"]}}],"collection":[{"href":"https:\/\/iwell-guard.com\/is\/wp-json\/wp\/v2\/pages"}],"about":[{"href":"https:\/\/iwell-guard.com\/is\/wp-json\/wp\/v2\/types\/page"}],"author":[{"embeddable":true,"href":"https:\/\/iwell-guard.com\/is\/wp-json\/wp\/v2\/users\/3"}],"replies":[{"embeddable":true,"href":"https:\/\/iwell-guard.com\/is\/wp-json\/wp\/v2\/comments?post=168689"}],"version-history":[{"count":0,"href":"https:\/\/iwell-guard.com\/is\/wp-json\/wp\/v2\/pages\/168689\/revisions"}],"wp:featuredmedia":[{"embeddable":true,"href":"https:\/\/iwell-guard.com\/is\/wp-json\/wp\/v2\/media\/1623"}],"wp:attachment":[{"href":"https:\/\/iwell-guard.com\/is\/wp-json\/wp\/v2\/media?parent=168689"}],"wp:term":[{"taxonomy":"category","embeddable":true,"href":"https:\/\/iwell-guard.com\/is\/wp-json\/wp\/v2\/categories?post=168689"}],"curies":[{"name":"wp","href":"https:\/\/api.w.org\/{rel}","templated":true}]}}