{"id":168688,"date":"2026-09-05T14:02:10","date_gmt":"2026-09-05T14:02:10","guid":{"rendered":"https:\/\/iwell-guard.com\/?page_id=168688"},"modified":"2026-09-05T14:16:56","modified_gmt":"2026-09-05T14:16:56","slug":"erkiengillinn-gabriel","status":"publish","type":"page","link":"https:\/\/iwell-guard.com\/is\/erkiengillinn-gabriel\/","title":{"rendered":"Erkiengillinn Gabr\u00edel"},"content":{"rendered":"\t\t<div data-elementor-type=\"wp-page\" data-elementor-id=\"168688\" class=\"elementor elementor-168688 elementor-1801 elementor-bc-flex-widget\" data-elementor-post-type=\"page\">\n\t\t\t\t<div class=\"elementor-element elementor-element-10fdade e-flex e-con-boxed e-con e-parent\" data-id=\"10fdade\" data-element_type=\"container\" data-e-type=\"container\" data-settings=\"{&quot;background_background&quot;:&quot;classic&quot;}\">\n\t\t\t\t\t<div class=\"e-con-inner\">\n\t\t<div class=\"elementor-element elementor-element-herohlft0 e-flex e-con-boxed e-con e-child\" data-id=\"herohlft0\" data-element_type=\"container\" data-e-type=\"container\">\n\t\t\t\t\t<div class=\"e-con-inner\">\n\t\t<div class=\"elementor-element elementor-element-c3ceb64 e-con-full e-flex e-con e-child\" data-id=\"c3ceb64\" data-element_type=\"container\" data-e-type=\"container\">\n\t\t\t\t<div class=\"elementor-element elementor-element-96ae5e1 elementor-widget elementor-widget-heading\" data-id=\"96ae5e1\" data-element_type=\"widget\" data-e-type=\"widget\" data-widget_type=\"heading.default\">\n\t\t\t\t\t<h1 class=\"elementor-heading-title elementor-size-default\">Erkiengillinn Gabr\u00edel, lj\u00f3svera<\/h1>\t\t\t\t<\/div>\n\t\t\t\t<div class=\"elementor-element elementor-element-e45238a elementor-widget elementor-widget-text-editor\" data-id=\"e45238a\" data-element_type=\"widget\" data-e-type=\"widget\" data-widget_type=\"text-editor.default\">\n\t\t\t\t\t\t\t\t\t<p>Sendibo\u00f0i Gu\u00f0s \u00ed hef\u00f0 Judaisma, kristni og \u00edslam. Bo\u00f0a\u00f0i Mar\u00edu f\u00e6\u00f0ingu Jes\u00fa og las M\u00fahame\u00f0 K\u00f3raninn.<\/p><p>\u00deessi s\u00ed\u00f0a sko\u00f0ar erkiengilinn Gabr\u00edel sem lj\u00f3sveru-hugmynd.<\/p>\n<h2 id=\"dif-gabriel\">S\u00e9rsta\u00f0a Gabr\u00edels: bo\u00f0unarsendibo\u00f0i<\/h2>\n<p>A\u00f0alatri\u00f0i\u00f0 hj\u00e1 Gabr\u00edel er <strong>bo\u00f0unin<\/strong> (L\u00fak 1,26-38). Hann birtist Mar\u00edu \u00ed Nasaret og bo\u00f0ar getna\u00f0 Jes\u00fa. \u00c1\u00f0ur haf\u00f0i hann bo\u00f0a\u00f0 Sakar\u00eda f\u00e6\u00f0ingu J\u00f3hannesar sk\u00edrara (L\u00fak 1,11-20). \u00cd Dan\u00edelsb\u00f3k (Dan 8,16; 9,21-27) \u00fatleggur Gabr\u00edel s\u00fdnina um fj\u00f6gur r\u00edki og sp\u00e1d\u00f3minn um sj\u00f6t\u00edu vikur. Nafn hans <em>gabri\u02be\u0113l<\/em> \u00fe\u00fd\u00f0ir \u201ema\u00f0ur Gu\u00f0s\u201c e\u00f0a \u201ehetja Gu\u00f0s\u201c.<\/p><p>\u00cd \u00edslam er hann kalla\u00f0ur <strong>Jibr\u012bl<\/strong> og er opinberunarengill K\u00f3ransins. \u00cd kristinni <span class=\"iwg-fachbegriff\" data-tooltip=\"Fastm\u00f3tu\u00f0 skipan gu\u00f0s\u00fej\u00f3nustu tr\u00faf\u00e9lags.\" tabindex=\"0\">helgisi\u00f0afr\u00e6\u00f0i<\/span> er hann talinn <strong>bo\u00f0beri fagna\u00f0arerindisins<\/strong>, b\u00e1s\u00fanuengill d\u00f3msdags og verndard\u00fdrlingur sendiherra, p\u00f3stmanna og fjarskipta. Einkenni hans eru <strong>lilja, b\u00f3kfell og b\u00e1s\u00fana<\/strong>, og h\u00e1t\u00ed\u00f0ardagur hans er 24. mars.<\/p>\n\t\t\t\t\t\t\t\t<\/div>\n\t\t\t\t<\/div>\n\t\t<div class=\"elementor-element elementor-element-klsbdg01 e-con-full e-flex e-con e-parent\" data-id=\"klsbdg01\" data-element_type=\"container\" data-e-type=\"container\">\n\t\t\t\t<div class=\"elementor-element elementor-element-klshtm01 elementor-widget elementor-widget-html\" data-id=\"klshtm01\" data-element_type=\"widget\" data-e-type=\"widget\" data-widget_type=\"html.default\">\n\t\t\t\t\t<div class=\"iwg-pill-row\"><span class=\"iwg-klasse-badge\" tabindex=\"0\" data-tooltip=\"Lj\u00f3sverur: Uppl\u00fdstar, verndandi e\u00f0a fr\u00e6\u00f0andi verur, erkienglar, uppstigningarmeistarar, lj\u00f3sar n\u00e1tt\u00faruverur. \u00cd n\u00fdaldarlegum og eldri andlegum hef\u00f0um l\u00fdst sem hj\u00e1lpurum og l\u00e6rimeisturum.\">Lj\u00f3svera<\/span><a href=\"https:\/\/iwell-guard.com\/is\/?page_id=168596\" class=\"iwg-kultur-badge\" tabindex=\"0\" data-tooltip=\"J\u00fad\u00edsk tr\u00faarhef\u00f0 fr\u00e1 Tanak til kabbala og n\u00fdaldarlegrar myst\u00edkur.\">J\u00fadatr\u00fa<\/a><span class=\"iwg-tradition-badge\" tabindex=\"0\" data-tooltip=\"Erkiengill, \u00e6\u00f0sta englaflokk \u00ed j\u00fad\u00edskri, kristinni og \u00edslamskri hef\u00f0.\">Erkiengill<\/span><\/div>\t\t\t\t<\/div>\n\t\t\t\t<\/div>\n\t\t<div class=\"elementor-element elementor-element-3f74855 e-con-full e-flex e-con e-child\" data-id=\"3f74855\" data-element_type=\"container\" data-e-type=\"container\">\n\t\t\t\t<div class=\"elementor-element elementor-element-1c30362 elementor-toc--minimized-on-tablet elementor-widget elementor-widget-table-of-contents\" data-id=\"1c30362\" data-element_type=\"widget\" data-e-type=\"widget\" data-settings=\"{&quot;exclude_headings_by_selector&quot;:[],&quot;no_headings_message&quot;:&quot;Engar undirfyrirsagnir fundust \\u00e1 \\u00feessari s\\u00ed\\u00f0u.&quot;,&quot;headings_by_tags&quot;:[&quot;h2&quot;,&quot;h3&quot;],&quot;marker_view&quot;:&quot;bullets&quot;,&quot;minimize_box&quot;:&quot;yes&quot;,&quot;icon&quot;:{&quot;value&quot;:&quot;fas fa-circle&quot;,&quot;library&quot;:&quot;fa-solid&quot;,&quot;rendered_tag&quot;:&quot;&lt;svg class=\\&quot;e-font-icon-svg e-fas-circle\\&quot; viewBox=\\&quot;0 0 512 512\\&quot; xmlns=\\&quot;http:\\\/\\\/www.w3.org\\\/2000\\\/svg\\&quot;&gt;&lt;path d=\\&quot;M256 8C119 8 8 119 8 256s111 248 248 248 248-111 248-248S393 8 256 8z\\&quot;&gt;&lt;\\\/path&gt;&lt;\\\/svg&gt;&quot;},&quot;minimized_on&quot;:&quot;tablet&quot;,&quot;hierarchical_view&quot;:&quot;yes&quot;,&quot;min_height&quot;:{&quot;unit&quot;:&quot;px&quot;,&quot;size&quot;:&quot;&quot;,&quot;sizes&quot;:[]},&quot;min_height_tablet&quot;:{&quot;unit&quot;:&quot;px&quot;,&quot;size&quot;:&quot;&quot;,&quot;sizes&quot;:[]},&quot;min_height_mobile&quot;:{&quot;unit&quot;:&quot;px&quot;,&quot;size&quot;:&quot;&quot;,&quot;sizes&quot;:[]}}\" data-widget_type=\"table-of-contents.default\">\n\t\t\t\t\t\t\t\t\t<div class=\"elementor-toc__header\">\n\t\t\t\t\t\t<h2 class=\"elementor-toc__header-title\">\n\t\t\t\tEfnisyfirlit\t\t\t<\/h2>\n\t\t\t\t\t\t\t\t\t\t<div class=\"elementor-toc__toggle-button elementor-toc__toggle-button--expand\" role=\"button\" tabindex=\"0\" aria-controls=\"elementor-toc__1c30362\" aria-expanded=\"true\" aria-label=\"Open table of contents\"><svg aria-hidden=\"true\" class=\"e-font-icon-svg e-fas-chevron-down\" viewBox=\"0 0 448 512\" xmlns=\"http:\/\/www.w3.org\/2000\/svg\"><path d=\"M207.029 381.476L12.686 187.132c-9.373-9.373-9.373-24.569 0-33.941l22.667-22.667c9.357-9.357 24.522-9.375 33.901-.04L224 284.505l154.745-154.021c9.379-9.335 24.544-9.317 33.901.04l22.667 22.667c9.373 9.373 9.373 24.569 0 33.941L240.971 381.476c-9.373 9.372-24.569 9.372-33.942 0z\"><\/path><\/svg><\/div>\n\t\t\t\t<div class=\"elementor-toc__toggle-button elementor-toc__toggle-button--collapse\" role=\"button\" tabindex=\"0\" aria-controls=\"elementor-toc__1c30362\" aria-expanded=\"true\" aria-label=\"Close table of contents\"><svg aria-hidden=\"true\" class=\"e-font-icon-svg e-fas-chevron-up\" viewBox=\"0 0 448 512\" xmlns=\"http:\/\/www.w3.org\/2000\/svg\"><path d=\"M240.971 130.524l194.343 194.343c9.373 9.373 9.373 24.569 0 33.941l-22.667 22.667c-9.357 9.357-24.522 9.375-33.901.04L224 227.495 69.255 381.516c-9.379 9.335-24.544 9.317-33.901-.04l-22.667-22.667c-9.373-9.373-9.373-24.569 0-33.941L207.03 130.525c9.372-9.373 24.568-9.373 33.941-.001z\"><\/path><\/svg><\/div>\n\t\t\t\t\t<\/div>\n\t\t\t\t<div id=\"elementor-toc__1c30362\" class=\"elementor-toc__body\">\n\t\t\t<div class=\"elementor-toc__spinner-container\">\n\t\t\t\t<svg class=\"elementor-toc__spinner eicon-animation-spin e-font-icon-svg e-eicon-loading\" aria-hidden=\"true\" viewBox=\"0 0 1000 1000\" xmlns=\"http:\/\/www.w3.org\/2000\/svg\"><path d=\"M500 975V858C696 858 858 696 858 500S696 142 500 142 142 304 142 500H25C25 237 238 25 500 25S975 237 975 500 763 975 500 975Z\"><\/path><\/svg>\t\t\t<\/div>\n\t\t<\/div>\n\t\t\t\t\t\t<\/div>\n\t\t\t\t<\/div>\n\t\t\t\t\t<\/div>\n\t\t\t\t<\/div>\n\t\t<div class=\"elementor-element elementor-element-herorght0 e-con-full e-flex e-con e-child\" data-id=\"herorght0\" data-element_type=\"container\" data-e-type=\"container\">\n\t\t\t\t<div class=\"elementor-element elementor-element-heroimg00 iwg-hero-image elementor-widget elementor-widget-image\" data-id=\"heroimg00\" data-element_type=\"widget\" data-e-type=\"widget\" data-widget_type=\"image.default\">\n\t\t\t\t\t\t\t\t\t\t\t\t\t\t\t<img fetchpriority=\"high\" decoding=\"async\" width=\"683\" height=\"1024\" src=\"https:\/\/iwell-guard.com\/wp-content\/uploads\/2026\/04\/lichtwesen_erzengel-gabriel-683x1024.webp\" class=\"attachment-large size-large wp-image-171080\" alt=\"Erkiengillinn Gabr\u00edel \u2013 lj\u00f3stirmynd af verunni sem gegns\u00fdr\u00f0 er lj\u00f3si\" srcset=\"https:\/\/iwell-guard.com\/wp-content\/uploads\/2026\/04\/lichtwesen_erzengel-gabriel-683x1024.webp 683w, https:\/\/iwell-guard.com\/wp-content\/uploads\/2026\/04\/lichtwesen_erzengel-gabriel-200x300.webp 200w, https:\/\/iwell-guard.com\/wp-content\/uploads\/2026\/04\/lichtwesen_erzengel-gabriel-768x1152.webp 768w, https:\/\/iwell-guard.com\/wp-content\/uploads\/2026\/04\/lichtwesen_erzengel-gabriel.webp 1024w\" sizes=\"(max-width: 683px) 100vw, 683px\" \/>\t\t\t\t\t\t\t\t\t\t\t\t\t\t\t<\/div>\n\t\t\t\t<\/div>\n\t\t\t\t\t<\/div>\n\t\t\t\t<\/div>\n\t\t<div class=\"elementor-element elementor-element-wmd-s1 e-con-boxed e-flex e-con e-parent\" data-id=\"wmd-s1\" data-element_type=\"container\" data-e-type=\"container\">\n\t\t\t\t\t<div class=\"e-con-inner\">\n\t\t\t\t<div class=\"elementor-element elementor-element-wmd-h1 elementor-widget elementor-widget-heading\" data-id=\"wmd-h1\" data-element_type=\"widget\" data-e-type=\"widget\" data-widget_type=\"heading.default\">\n\t\t\t\t\t<h2 class=\"elementor-heading-title elementor-size-default\">Flj\u00f3tlegt yfirlit: Erkiengillinn Gabr\u00edel<\/h2>\t\t\t\t<\/div>\n\t\t<div class=\"elementor-element elementor-element-wmd-s1-bw e-flex e-con-boxed e-con e-parent\" data-id=\"wmd-s1-bw\" data-element_type=\"container\" data-e-type=\"container\" data-settings=\"{&quot;background_background&quot;:&quot;classic&quot;}\">\n\t\t\t\t\t<div class=\"e-con-inner\">\n\t\t\t\t<div class=\"elementor-element elementor-element-wmd-t1 elementor-widget elementor-widget-text-editor\" data-id=\"wmd-t1\" data-element_type=\"widget\" data-e-type=\"widget\" data-widget_type=\"text-editor.default\">\n\t\t\t\t\t\t\t\t\t<p><strong>Tegund:<\/strong> Erkiengill, sendibo\u00f0i, flytjandi gu\u00f0legs bo\u00f0skaps. Hef\u00f0: Judaismi (<span class=\"iwg-fachbegriff\" data-tooltip=\"Meginrit rabb\u00ednskrar hef\u00f0ar \u00ed judaisma me\u00f0 \u00fatleggingu tr\u00faarlegra hef\u00f0a.\" tabindex=\"0\">Talm\u00fad<\/span>), kristni (bo\u00f0un Mar\u00edu), \u00edslam (K\u00f3ran, J\u00edbr\u00edl). Hlutverk: samskipti, bo\u00f0skapur, umbreyting, innri sk\u00fdrleiki. A\u00f0aleinkenni\/t\u00e1kn: hv\u00edt og silfurlitu\u00f0 logi, lilja, bjalla, stafur. \u00datbrei\u00f0sla: mi\u00f0l\u00e6gur \u00ed kristinni mar\u00edufr\u00e6\u00f0i, \u00ed \u00edslam sem J\u00edbr\u00edl, v\u00ed\u00f0a \u00feekktur \u00ed dulspekihef\u00f0um.<\/p>\t\t\t\t\t\t\t\t<\/div>\n\t\t\t\t\t<\/div>\n\t\t\t\t<\/div>\n\t\t\t\t\t<\/div>\n\t\t\t\t<\/div>\n\t\t<div class=\"elementor-element elementor-element-wmd-s2 e-con-boxed e-flex e-con e-parent\" data-id=\"wmd-s2\" data-element_type=\"container\" data-e-type=\"container\">\n\t\t\t\t\t<div class=\"e-con-inner\">\n\t\t\t\t<div class=\"elementor-element elementor-element-wmd-h2 elementor-widget elementor-widget-heading\" data-id=\"wmd-h2\" data-element_type=\"widget\" data-e-type=\"widget\" data-widget_type=\"heading.default\">\n\t\t\t\t\t<h2 class=\"elementor-heading-title elementor-size-default\">Yfirlit<\/h2>\t\t\t\t<\/div>\n\t\t<div class=\"elementor-element elementor-element-wmd-s2-bw e-flex e-con-boxed e-con e-parent\" data-id=\"wmd-s2-bw\" data-element_type=\"container\" data-e-type=\"container\" data-settings=\"{&quot;background_background&quot;:&quot;classic&quot;}\">\n\t\t\t\t\t<div class=\"e-con-inner\">\n\t\t\t\t<div class=\"elementor-element elementor-element-wmd-t2 elementor-widget elementor-widget-text-editor\" data-id=\"wmd-t2\" data-element_type=\"widget\" data-e-type=\"widget\" data-widget_type=\"text-editor.default\">\n\t\t\t\t\t\t\t\t\t<h3>Erf\u00f0ir og hef\u00f0<\/h3><p>Gabr\u00edel (<em>Gavriel<\/em>, \u201ekraftur Gu\u00f0s&#8220;) kemur fram \u00ed hebresku Bibl\u00edunni \u00ed Dan\u00edelsb\u00f3k 8:16 og 9:21. \u00cd kristni er hann \u00feekktastur sem <span class=\"iwg-fachbegriff\" data-tooltip=\"\u00cd abraham\u00edsku tr\u00faarbr\u00f6g\u00f0unum himneskur sendibo\u00f0i Gu\u00f0s.\" tabindex=\"0\">engillinn<\/span> sem bo\u00f0ar Mar\u00edu f\u00e6\u00f0ingu Jes\u00fa (L\u00fakasargu\u00f0spjall 1:26-38).<\/p><p>\u00cd \u00edslam er Gabr\u00edel (<em>Jibrail<\/em>) engillinn sem flutti sp\u00e1manninum M\u00fahame\u00f0 K\u00f3raninn. <span class=\"iwg-fachbegriff\" data-tooltip=\"Straumur innan gy\u00f0inglegrar dulhyggju me\u00f0 meginverkum eins og Sefer Jezira og S\u00f3har.\" tabindex=\"0\">Kabbalan<\/span> flokkar Gabr\u00edel undir sef\u00edrurnar Jod e\u00f0a Hod (skilning), sem er sta\u00f0ur samskipta. Vestr\u00e6n englad\u00f3msfr\u00e6\u00f0i (angelologia) d\u00fdrka\u00f0i Gabr\u00edel sem engil bo\u00f0unar, samskipta og andlegrar hreinsunar.<\/p><h3>Heimildasta\u00f0a<\/h3><p>Bibl\u00edutextar (Dan\u00edelsb\u00f3k, L\u00fakasargu\u00f0spjall, Opinberunarb\u00f3kin). <span class=\"iwg-fachbegriff\" data-tooltip=\"Meginverk rabb\u00ednskrar gy\u00f0ingd\u00f3ms me\u00f0 \u00fatlistun tr\u00faarlegrar arfleif\u00f0ar.\" tabindex=\"0\">Talm\u00fa\u00f0urinn<\/span> og <span class=\"iwg-fachbegriff\" data-tooltip=\"Straumur innan gy\u00f0inglegrar dulhyggju me\u00f0 meginverkum eins og Sefer Jezira og S\u00f3har.\" tabindex=\"0\">kabbalan<\/span> nefna Gabr\u00edel sem einn af fj\u00f3rum \u00e6\u00f0stu erkienglum \u00ed hebreskri englad\u00f3msfr\u00e6\u00f0i. K\u00f3raninn v\u00edsar til Jibrail og hlutverks hans.<\/p><p>Kristin listahef\u00f0 s\u00fdndi Gabr\u00edel me\u00f0 lilju e\u00f0a staf um aldir. N\u00fat\u00edma dulspekileg og andleg rit leggja \u00e1herslu \u00e1 hlutverk Gabr\u00edels sem innri r\u00e1\u00f0gjafa og sk\u00fdrleiksgjafa. S\u00e1lfr\u00e6\u00f0ilegar t\u00falkanir sj\u00e1 Gabr\u00edel sem holdgervingu inns\u00e6is og einl\u00e6gra, hugrakkra samskipta.<\/p><div><h3>Heimildasta\u00f0a \u00ed Tanak, N\u00fdja testamentinu og K\u00f3raninum<\/h3><p>Erkiengillinn Gabr\u00edel er, \u00e1samt M\u00edkael, eina englaveran \u00ed hebreska Tanak sem birtist me\u00f0 eigin nafni. Hann kemur fram \u00ed Dan\u00edelsb\u00f3k 8,16 og 9,21 sem t\u00falkandi s\u00fdna Dan\u00edels.<\/p><p>\u00cd L\u00fakasargu\u00f0spjalli er hann bo\u00f0unarengillinn, b\u00e6\u00f0i til Sakar\u00eda (L\u00fak 1,19) og til Mar\u00edu (L\u00fak 1,26, 38); \u00feessi tv\u00f6falda bo\u00f0un gerir hann a\u00f0 lykilsendibo\u00f0a N\u00fdja testamentisins.<\/p><p>\u00cd K\u00f3raninum heitir hann <em>Jibril<\/em> e\u00f0a <em>Jibra&#8217;il<\/em> og er s\u00e1 sem flytur opinberunina til M\u00fahame\u00f0s (s\u00fara 2,97; 16,102; 26,193). \u00deessi \u00feref\u00f6ld vitnisbur\u00f0ur \u00ed tr\u00faarbr\u00f6g\u00f0unum \u00feremur er einstakur \u00ed tr\u00faars\u00f6gulegu tilliti og setur Gabr\u00edel \u00ed s\u00e9rst\u00f6\u00f0u innan hins gy\u00f0inglega, kristna og \u00edslamska englaflokks.<\/p><\/div>\t\t\t\t\t\t\t\t<\/div>\n\t\t\t\t\t<\/div>\n\t\t\t\t<\/div>\n\t\t\t\t\t<\/div>\n\t\t\t\t<\/div>\n\t\t<div class=\"elementor-element elementor-element-wmd-s3 e-con-boxed e-flex e-con e-parent\" data-id=\"wmd-s3\" data-element_type=\"container\" data-e-type=\"container\">\n\t\t\t\t\t<div class=\"e-con-inner\">\n\t\t\t\t<div class=\"elementor-element elementor-element-wmd-h3 elementor-widget elementor-widget-heading\" data-id=\"wmd-h3\" data-element_type=\"widget\" data-e-type=\"widget\" data-widget_type=\"heading.default\">\n\t\t\t\t\t<h2 class=\"elementor-heading-title elementor-size-default\">\u00datlit og t\u00e1kn<\/h2>\t\t\t\t<\/div>\n\t\t<div class=\"elementor-element elementor-element-wmd-s3-bw e-flex e-con-boxed e-con e-parent\" data-id=\"wmd-s3-bw\" data-element_type=\"container\" data-e-type=\"container\" data-settings=\"{&quot;background_background&quot;:&quot;classic&quot;}\">\n\t\t\t\t\t<div class=\"e-con-inner\">\n\t\t\t\t<div class=\"elementor-element elementor-element-wmd-t3 elementor-widget elementor-widget-text-editor\" data-id=\"wmd-t3\" data-element_type=\"widget\" data-e-type=\"widget\" data-widget_type=\"text-editor.default\">\n\t\t\t\t\t\t\t\t\t<p>Gabr\u00edel er s\u00fdndur sem grannvaxin, tignarleg lj\u00f3svera \u00ed hv\u00edt-silfurlitu\u00f0um kl\u00e6\u00f0um e\u00f0a gagns\u00e6ju lj\u00f3sefni. Litur hans er hreinhv\u00edtur e\u00f0a f\u00edngert silfur, stundum ofinn me\u00f0 aquamar\u00edn e\u00f0a v\u00e6gum bl\u00e6. Hann ber staf, hv\u00edta lilju e\u00f0a gullna bj\u00f6llu. Liljan er hi\u00f0 klass\u00edska <span class=\"iwg-fachbegriff\" data-tooltip=\"T\u00e1kn sem stendur fyrir hugmynd e\u00f0a merkingu.\" tabindex=\"0\">t\u00e1kn<\/span> hreinleika og mar\u00edufr\u00e6\u00f0i.<\/p><p>Bjallan t\u00e1knar bo\u00f0un, hreinan t\u00f3n og sannleikann sem hlj\u00f3mar. V\u00e6ngir \u00far n\u00e1kv\u00e6mu, stefnuv\u00edsu lj\u00f3si umlykja hann. Orkulega verkar Gabr\u00edel kaldur, sk\u00fdr og gagntekur, l\u00edkt og hreinn kristalt\u00e6r t\u00f3nn e\u00f0a bj\u00f6lluhlj\u00f3mur. N\u00e6rvera hans kallar fram innri kyrr\u00f0 og vakandi m\u00f3tt\u00f6kuvilja.<\/p>\t\t\t\t\t\t\t\t<\/div>\n\t\t\t\t\t<\/div>\n\t\t\t\t<\/div>\n\t\t\t\t\t<\/div>\n\t\t\t\t<\/div>\n\t\t<div class=\"elementor-element elementor-element-wmd-s4 e-con-boxed e-flex e-con e-parent\" data-id=\"wmd-s4\" data-element_type=\"container\" data-e-type=\"container\">\n\t\t\t\t\t<div class=\"e-con-inner\">\n\t\t\t\t<div class=\"elementor-element elementor-element-wmd-h4 elementor-widget elementor-widget-heading\" data-id=\"wmd-h4\" data-element_type=\"widget\" data-e-type=\"widget\" data-widget_type=\"heading.default\">\n\t\t\t\t\t<h2 class=\"elementor-heading-title elementor-size-default\">Hlutverk og merking<\/h2>\t\t\t\t<\/div>\n\t\t<div class=\"elementor-element elementor-element-wmd-s4-bw e-flex e-con-boxed e-con e-parent\" data-id=\"wmd-s4-bw\" data-element_type=\"container\" data-e-type=\"container\" data-settings=\"{&quot;background_background&quot;:&quot;classic&quot;}\">\n\t\t\t\t\t<div class=\"e-con-inner\">\n\t\t\t\t<div class=\"elementor-element elementor-element-wmd-t4 elementor-widget elementor-widget-text-editor\" data-id=\"wmd-t4\" data-element_type=\"widget\" data-e-type=\"widget\" data-widget_type=\"text-editor.default\">\n\t\t\t\t\t\t\t\t\t<p>Gabr\u00edel er engill bo\u00f0skapar og innri sk\u00fdrleika. \u00dear sem M\u00edkael berst og verndar, flytur Gabr\u00edel skilabo\u00f0 og uppl\u00fdsingar. Hann stendur fyrir h\u00e6fileikann til a\u00f0 \u00fe\u00fd\u00f0a \u00e6\u00f0ri sannleika yfir \u00e1 skiljanlegt mannlegt m\u00e1l og vitund.<\/p><p>Hann er einnig t\u00e1kn n\u00fdrra upphafa, hver bo\u00f0skapur fr\u00e1 Gabr\u00edel markar upphaf n\u00fds skilningshrings og endurn\u00fdjunar. \u00cd s\u00e1lfr\u00e6\u00f0ilegu samhengi holdgerir Gabr\u00edel inns\u00e6isr\u00e1sina sem lyftir hinu \u00f3me\u00f0vita\u00f0a upp \u00ed vitund. Hv\u00edt-silfru\u00f0 orka hans hreinsar rugling og skapar innri sk\u00fdrleika, \u00e1n d\u00f3ms e\u00f0a \u00fevingunar.<\/p><div><h3>Hlutverk \u00ed englastigveldinu<\/h3><p>\u00cd kristinni hef\u00f0, allt fr\u00e1 Pseudo-D\u00ed\u00f3n\u00fds\u00edosi, er Gabr\u00edel bo\u00f0unarengillinn og tilheyrir \u00fear me\u00f0 k\u00f3r erkienglanna. \u00cd gy\u00f0inglegri engladulspeki er hann engill nor\u00f0urs, tunglsins og sef\u00edrunnar Jes\u00f3d \u00ed kabbal\u00edska l\u00edfsins tr\u00e9.<\/p><p>\u00cd \u00edslamskri hef\u00f0 er hann \u00e6\u00f0stur englanna og hefur s\u00e9rstaka n\u00e1l\u00e6g\u00f0 vi\u00f0 Gu\u00f0 (\u00ed Mi&#8217;raj-hef\u00f0inni fylgir hann M\u00fahame\u00f0 \u00e1 himnafer\u00f0 hans). \u00deessi marg\u00fe\u00e6tta sta\u00f0a gerir Gabr\u00edel a\u00f0 br\u00faarf\u00edg\u00faru milli abraham\u00edsku tr\u00faarbrag\u00f0anna \u00feriggja og helgisi\u00f0alegra \u00fatf\u00e6rslna \u00feeirra.<\/p><\/div>\t\t\t\t\t\t\t\t<\/div>\n\t\t\t\t\t<\/div>\n\t\t\t\t<\/div>\n\t\t\t\t\t<\/div>\n\t\t\t\t<\/div>\n\t\t<div class=\"elementor-element elementor-element-wmd-s5 e-con-boxed e-flex e-con e-parent\" data-id=\"wmd-s5\" data-element_type=\"container\" data-e-type=\"container\">\n\t\t\t\t\t<div class=\"e-con-inner\">\n\t\t\t\t<div class=\"elementor-element elementor-element-wmd-h5 elementor-widget elementor-widget-heading\" data-id=\"wmd-h5\" data-element_type=\"widget\" data-e-type=\"widget\" data-widget_type=\"heading.default\">\n\t\t\t\t\t<h2 class=\"elementor-heading-title elementor-size-default\">Notkun \/ \u00e1kall \/ merking \u00ed samhengi iWell Guard<\/h2>\t\t\t\t<\/div>\n\t\t<div class=\"elementor-element elementor-element-wmd-s5-bw e-flex e-con-boxed e-con e-parent\" data-id=\"wmd-s5-bw\" data-element_type=\"container\" data-e-type=\"container\" data-settings=\"{&quot;background_background&quot;:&quot;classic&quot;}\">\n\t\t\t\t\t<div class=\"e-con-inner\">\n\t\t\t\t<div class=\"elementor-element elementor-element-wmd-t5 elementor-widget elementor-widget-text-editor\" data-id=\"wmd-t5\" data-element_type=\"widget\" data-e-type=\"widget\" data-widget_type=\"text-editor.default\">\n\t\t\t\t\t\t\t\t\t<p>\u00cd iWell Guard er Gabr\u00edel \u00e1kalla\u00f0ur til a\u00f0 opna innri samskipti og taka \u00e1 m\u00f3ti \u00e6\u00f0ri lei\u00f0s\u00f6gn me\u00f0 sk\u00fdrum h\u00e6tti. Ein lei\u00f0 er a\u00f0 kveikja \u00e1 hv\u00edtu e\u00f0a silfurlitu\u00f0u kerti og bi\u00f0ja Gabr\u00edel um a\u00f0 sk\u00fdra og styrkja hina innri r\u00f6dd.<\/p><p>Kraftur Gabr\u00edels er nota\u00f0ur til a\u00f0 grei\u00f0a \u00far s\u00e1larlegri e\u00f0a hugr\u00e6nni ringulrei\u00f0, til a\u00f0 skilja drauma og skerpa inns\u00e6i. Gabr\u00edel hj\u00e1lpar einnig til vi\u00f0 a\u00f0 flytja orkubo\u00f0skap \u00e1 hreinni h\u00e1tt, \u00e1n r\u00f6skunar fr\u00e1 eg\u00f3i, \u00f3tta e\u00f0a utana\u00f0komandi truflun. Hv\u00edt-silfru\u00f0 loga hans hreinsar \u00f6ll samskiptalei\u00f0ir verndarsvi\u00f0sins.<\/p><div><h3>Gabr\u00edel \u00ed <span class=\"iwg-fachbegriff\" data-tooltip=\"Heilagt or\u00f0 e\u00f0a form\u00fala sem endurteki\u00f0 er \u00ed hind\u00faisma og b\u00faddisma.\" tabindex=\"0\">mantra<\/span>kerfi iWell Guard<\/h3><p>\u00cd verndar<span class=\"iwg-fachbegriff\" data-tooltip=\"Heilagt or\u00f0 e\u00f0a form\u00fala sem endurteki\u00f0 er \u00ed hind\u00faisma og b\u00faddisma.\" tabindex=\"0\">mantranu<\/span> er Gabr\u00edel \u00ed li\u00f0 3 (umbreyting \u00feegar or\u00f0inna \u00e1hrifa) s\u00e9rstaklega sta\u00f0settur sem verndari hins fj\u00f3lubl\u00e1 loga. \u00deegar orka svartgaldurs\u00e1r\u00e1sar getur ekki veri\u00f0 tekin upp af Gaiu, tekur Gabr\u00edel a\u00f0 s\u00e9r a\u00f0 flytja hana \u00ed lj\u00f3si\u00f0.<\/p><p>\u00deessi framsetning tengir saman hina gy\u00f0ing-kristnu-\u00edslamsku bo\u00f0unar- og mi\u00f0lunarhlutverk Gabr\u00edels vi\u00f0 gu\u00f0spekilega hef\u00f0 lj\u00f3svinnu um fj\u00f3lubl\u00e1a logann sem umbreytingarmi\u00f0il (sbr. <a href=\"https:\/\/iwell-guard.com\/is\/?page_id=168694\">\/violette-flamme\/<\/a>). \u00cdtarlegt yfirlit yfir hlutverk <span class=\"iwg-fachbegriff\" data-tooltip=\"Heilagt or\u00f0 e\u00f0a form\u00fala sem endurteki\u00f0 er \u00ed hind\u00faisma og b\u00faddisma.\" tabindex=\"0\">mantra<\/span>laganna er a\u00f0 finna undir <a href=\"https:\/\/iwell-guard.com\/is\/?page_id=168874\">Yfirlit yfir hlutverk verndarmantrans<\/a>.<\/p><\/div>\t\t\t\t\t\t\t\t<\/div>\n\t\t\t\t\t<\/div>\n\t\t\t\t<\/div>\n\t\t\t\t\t<\/div>\n\t\t\t\t<\/div>\n\t\t<div class=\"elementor-element elementor-element-wmd-s6 e-con-boxed e-flex e-con e-parent\" data-id=\"wmd-s6\" data-element_type=\"container\" data-e-type=\"container\">\n\t\t\t\t\t<div class=\"e-con-inner\">\n\t\t\t\t<div class=\"elementor-element elementor-element-wmd-h6 elementor-widget elementor-widget-heading\" data-id=\"wmd-h6\" data-element_type=\"widget\" data-e-type=\"widget\" data-widget_type=\"heading.default\">\n\t\t\t\t\t<h2 class=\"elementor-heading-title elementor-size-default\">Hli\u00f0st\u00e6\u00f0ur<\/h2>\t\t\t\t<\/div>\n\t\t<div class=\"elementor-element elementor-element-wmd-s6-bw e-flex e-con-boxed e-con e-parent\" data-id=\"wmd-s6-bw\" data-element_type=\"container\" data-e-type=\"container\" data-settings=\"{&quot;background_background&quot;:&quot;classic&quot;}\">\n\t\t\t\t\t<div class=\"e-con-inner\">\n\t\t\t\t<div class=\"elementor-element elementor-element-wmd-t6 elementor-widget elementor-widget-text-editor\" data-id=\"wmd-t6\" data-element_type=\"widget\" data-e-type=\"widget\" data-widget_type=\"text-editor.default\">\n\t\t\t\t\t\t\t\t\t<footer class=\"iwg-literatur\" data-nosnippet=\"true\"><p>Gabr\u00edel m\u00e1 finna sem sendibo\u00f0a-frumger\u00f0 \u00ed: <em>Hermes<\/em> \u00far gr\u00edskri <span class=\"iwg-fachbegriff\" data-tooltip=\"Heildarsafn hinna var\u00f0veittu gu\u00f0asagna \u00ed menningu.\" tabindex=\"0\">go\u00f0afr\u00e6\u00f0i<\/span> (sendibo\u00f0i gu\u00f0anna, herra landam\u00e6ra), <em>\u00deoth<\/em> \u00ed egypska <span class=\"iwg-fachbegriff\" data-tooltip=\"Heildarsafn gu\u00f0a tr\u00faarbrag\u00f0a e\u00f0a menningarheims.\" tabindex=\"0\">go\u00f0aheiminum<\/span> (skrifari sannleikans og viskunnar), <em>Saraswati<\/em> \u00ed hind\u00faisma (gy\u00f0ja viskunnar og m\u00e1lsins) og <em>Huitzilopochtli<\/em> sem aztek\u00edskur lei\u00f0togi og lei\u00f0arv\u00edsir. \u00d6ll birta \u00feau flutning \u00feekkingar og innri sk\u00fdrslu hugarins.<\/p><\/footer>\t\t\t\t\t\t\t\t<\/div>\n\t\t\t\t\t<\/div>\n\t\t\t\t<\/div>\n\t\t\t\t\t<\/div>\n\t\t\t\t<\/div>\n\t\t<div class=\"elementor-element elementor-element-cpd54045d e-flex e-con-boxed e-con e-parent\" data-id=\"cpd54045d\" data-element_type=\"container\" data-e-type=\"container\">\n\t\t\t\t\t<div class=\"e-con-inner\">\n\t\t\t\t<div class=\"elementor-element elementor-element-cp0ad00e5 elementor-widget elementor-widget-heading\" data-id=\"cp0ad00e5\" data-element_type=\"widget\" data-e-type=\"widget\" data-widget_type=\"heading.default\">\n\t\t\t\t\t<h2 class=\"elementor-heading-title elementor-size-default\">Gabr\u00edel \u00ed Dan\u00edelsb\u00f3k: hinn t\u00falkandi sendibo\u00f0i<\/h2>\t\t\t\t<\/div>\n\t\t<div class=\"elementor-element elementor-element-cpefd45ce e-con-full e-flex e-con e-child\" data-id=\"cpefd45ce\" data-element_type=\"container\" data-e-type=\"container\">\n\t\t\t\t<div class=\"elementor-element elementor-element-cp1fe54e7 elementor-widget elementor-widget-text-editor\" data-id=\"cp1fe54e7\" data-element_type=\"widget\" data-e-type=\"widget\" data-widget_type=\"text-editor.default\">\n\t\t\t\t\t\t\t\t\t<p>Elstu sk\u00fdru tilv\u00edsanirnar til Gabr\u00edels koma fram \u00ed Dan\u00edelsb\u00f3k Bibl\u00edunnar, sem n\u00faverandi fr\u00e6\u00f0imenn t\u00edmasetja a\u00f0 mestu \u00ed n\u00faverandi mynd \u00e1 a\u00f0ra \u00f6ld fyrir okkar t\u00edmatal. \u00dear kemur Gabr\u00edel fram tvisvar.<\/p><p>\u00cd \u00e1ttunda kaflanum birtist hann Dan\u00edel eftir a\u00f0 hann hefur s\u00e9\u00f0 dularfulla s\u00fdn af hr\u00fat og geithafri, og f\u00e6r \u00fea\u00f0 verkefni a\u00f0 \u00fatsk\u00fdra sp\u00e1manninum merkingu hennar. \u00cd n\u00edunda kaflanum kemur Gabr\u00edel aftur, me\u00f0an Dan\u00edel er a\u00f0 bi\u00f0jast fyrir, og \u00fatlistar fyrir honum <span class=\"iwg-fachbegriff\" data-tooltip=\"Sp\u00e1 um framt\u00ed\u00f0aratbur\u00f0i me\u00f0 tr\u00faarlegum e\u00f0a t\u00f6frandi h\u00e6tti.\" tabindex=\"0\">sp\u00e1d\u00f3m<\/span> um \u00e1kve\u00f0inn fj\u00f6lda t\u00edmabila.<\/p><p>Athyglisvert vi\u00f0 \u00feessa sta\u00f0i er a\u00f0 Gabr\u00edel kemur h\u00e9r fram sem t\u00falkunarengill. Hlutverk hans er ekki fyrst og fremst ath\u00f6fn, heldur \u00fatsk\u00fdring. Hann mi\u00f0lar milli hins himneska heims, \u00fea\u00f0an sem s\u00fdnin kemur, og hins mannlega sj\u00e1anda, sem getur ekki skili\u00f0 hana af eigin rammleik.<\/p><p>\u00dear me\u00f0 tilheyrir Gabr\u00edel hugmynd um engla sem \u00fer\u00f3a\u00f0ist \u00ed gy\u00f0inglegum b\u00f3kmenntum hellenska t\u00edmans: <span class=\"iwg-fachbegriff\" data-tooltip=\"\u00cd hinum abraham\u00edsku tr\u00faarbr\u00f6g\u00f0um himneskur sendibo\u00f0i Gu\u00f0s.\" tabindex=\"0\">englar<\/span> sem mi\u00f0larar \u00feekkingar og opinberunar, oft me\u00f0 eigi\u00f0 nafn og eigi\u00f0 verksvi\u00f0.<\/p><p>Dan\u00edelsb\u00f3k nefnir a\u00f0eins einn annan <span class=\"iwg-fachbegriff\" data-tooltip=\"\u00cd hinum abraham\u00edsku tr\u00faarbr\u00f6g\u00f0um himneskur sendibo\u00f0i Gu\u00f0s.\" tabindex=\"0\">engil<\/span> me\u00f0 nafni, M\u00edkael. \u00deessi sparsemi er athyglisver\u00f0, \u00fev\u00ed \u00ed samt\u00edmalegum b\u00f3kmenntum utan Bibl\u00edunnar, svo sem \u00ed Enoksritunum, koma fj\u00f6lmargir nafngreindir <span class=\"iwg-fachbegriff\" data-tooltip=\"\u00cd hinum abraham\u00edsku tr\u00faarbr\u00f6g\u00f0um himneskur sendibo\u00f0i Gu\u00f0s.\" tabindex=\"0\">englar<\/span> fram.<\/p><p>Fr\u00e6\u00f0imenn telja Dan\u00edelsb\u00f3k vera mikilv\u00e6gan tengipunkt: h\u00e9r er <span class=\"iwg-fachbegriff\" data-tooltip=\"\u00cd hinum abraham\u00edsku tr\u00faarbr\u00f6g\u00f0um himneskur sendibo\u00f0i Gu\u00f0s.\" tabindex=\"0\">engill<\/span> me\u00f0 nafn og hlutverk fastlega skr\u00e1\u00f0ur inn \u00ed bibl\u00edulegan texta, og \u00fea\u00f0an hefur \u00feessi vera \u00e1hrif \u00e1 s\u00ed\u00f0ari gy\u00f0inglega, kristna og \u00edslamska <span class=\"iwg-fachbegriff\" data-tooltip=\"Mi\u00f0lun \u00feekkingar og sagna milli kynsl\u00f3\u00f0a.\" tabindex=\"0\">arfs\u00f6gn<\/span>.<\/p>\t\t\t\t\t\t\t\t<\/div>\n\t\t\t\t<\/div>\n\t\t\t\t\t<\/div>\n\t\t\t\t<\/div>\n\t\t<div class=\"elementor-element elementor-element-cpeec6aa2 e-flex e-con-boxed e-con e-parent\" data-id=\"cpeec6aa2\" data-element_type=\"container\" data-e-type=\"container\">\n\t\t\t\t\t<div class=\"e-con-inner\">\n\t\t\t\t<div class=\"elementor-element elementor-element-cp18db91b elementor-widget elementor-widget-heading\" data-id=\"cp18db91b\" data-element_type=\"widget\" data-e-type=\"widget\" data-widget_type=\"heading.default\">\n\t\t\t\t\t<h2 class=\"elementor-heading-title elementor-size-default\">Bo\u00f0unin: Gabr\u00edel \u00ed L\u00fakasargu\u00f0spjalli<\/h2>\t\t\t\t<\/div>\n\t\t<div class=\"elementor-element elementor-element-cp4c3b499 e-con-full e-flex e-con e-child\" data-id=\"cp4c3b499\" data-element_type=\"container\" data-e-type=\"container\">\n\t\t\t\t<div class=\"elementor-element elementor-element-cpfa94aa4 elementor-widget elementor-widget-text-editor\" data-id=\"cpfa94aa4\" data-element_type=\"widget\" data-e-type=\"widget\" data-widget_type=\"text-editor.default\">\n\t\t\t\t\t\t\t\t\t<p>\u00cd N\u00fdja testamentinu kemur Gabr\u00edel a\u00f0eins fyrir \u00ed L\u00fakasargu\u00f0spjalli, \u00ed tveimur atri\u00f0um \u00ed fyrsta kaflanum sem eru n\u00e1i\u00f0 tengd. Fyrst kemur hann fram fyrir prestinn Sakar\u00eda \u00ed <span class=\"iwg-fachbegriff\" data-tooltip=\"Bygging sem er notu\u00f0 til a\u00f0 tilbi\u00f0ja eina e\u00f0a fleiri gu\u00f0ir.\" tabindex=\"0\">musterinu<\/span> og tilkynnir honum um f\u00e6\u00f0ingu sonar, hins s\u00ed\u00f0ar tilkomna J\u00f3hannesar sk\u00edrara.<\/p><p>\u00deegar Sakar\u00eda dregur \u00fea\u00f0 \u00ed efa ver\u00f0ur hann m\u00e1llaus \u00fear til bo\u00f0unin uppfyllist. Nokkrum versum s\u00ed\u00f0ar er Gabr\u00edel sendur til Mar\u00edu \u00ed Nasaret og tilkynnir henni um f\u00e6\u00f0ingu Jes\u00fa. \u00deessi seinni atbur\u00f0ur er \u00feekktur \u00ed kristinni hef\u00f0 sem bo\u00f0un Mar\u00edu.<\/p><p>L\u00fakas dregur upp mynd af Gabr\u00edel \u00ed n\u00e1kv\u00e6mlega \u00fev\u00ed hlutverki sem \u00e1\u00f0ur haf\u00f0i veri\u00f0 sett fram \u00ed Dan\u00edelsb\u00f3k: sem sendibo\u00f0i sem flytur og sk\u00fdrir gu\u00f0legan bo\u00f0skap. Hann kynnir sig s\u00e9rstaklega fyrir Sakar\u00eda me\u00f0 nafni og segir a\u00f0 hann standi frammi fyrir Gu\u00f0i.<\/p><p>Tengingin vi\u00f0 Dan\u00edelsb\u00f3k er einnig undirstriku\u00f0 me\u00f0 \u00fev\u00ed a\u00f0 L\u00fakas velur s\u00f6mu englaverufyrirb\u00e6ri og \u00fear birtist sem bo\u00f0bera opinberunar. Fyrir fyrstu lesendur mynda\u00f0ist \u00feannig samfella fr\u00e1 eldri sp\u00e1d\u00f3mslegri <span class=\"iwg-fachbegriff\" data-tooltip=\"A\u00f0 mi\u00f0la \u00feekkingu og s\u00f6gum \u00e1fram milli kynsl\u00f3\u00f0a.\" tabindex=\"0\">munnm\u00e6lahef\u00f0<\/span> til atbur\u00f0anna \u00ed kringum Jes\u00fa.<\/p><p>Bo\u00f0unaratri\u00f0i\u00f0 var\u00f0 eitt af mikilv\u00e6gustu myndefnum kristinnar listar. Fr\u00e1 <span class=\"iwg-fachbegriff\" data-tooltip=\"Umbreytingart\u00edmabil milli fornaldar og mi\u00f0alda, um \u00fea\u00f0 bil 3. til 7. \u00f6ld.\" tabindex=\"0\">s\u00ed\u00f0forn\u00f6ld<\/span> fram til n\u00fat\u00edmans hafa m\u00e1larar og myndh\u00f6ggvarar s\u00fdnt fund Gabr\u00edels og Mar\u00edu \u00edtreka\u00f0, oft me\u00f0 f\u00f6stum t\u00e1knum eins og liljunni sem t\u00e1kn hreinleika e\u00f0a skriftarbandi me\u00f0 kve\u00f0ju engilsins.<\/p><p>Kirkjuleg hef\u00f0 tengdi atbur\u00f0inn eigin h\u00e1t\u00ed\u00f0ardegi. Mikilv\u00e6gi Gabr\u00edels \u00ed vestr\u00e6nni menningu byggist a\u00f0 mestu \u00e1 \u00feessum f\u00e1u versum L\u00fakasargu\u00f0spjalls.<\/p>\t\t\t\t\t\t\t\t<\/div>\n\t\t\t\t<\/div>\n\t\t\t\t\t<\/div>\n\t\t\t\t<\/div>\n\t\t<div class=\"elementor-element elementor-element-cp72bc8c7 e-flex e-con-boxed e-con e-parent\" data-id=\"cp72bc8c7\" data-element_type=\"container\" data-e-type=\"container\">\n\t\t\t\t\t<div class=\"e-con-inner\">\n\t\t\t\t<div class=\"elementor-element elementor-element-cpe99660a elementor-widget elementor-widget-heading\" data-id=\"cpe99660a\" data-element_type=\"widget\" data-e-type=\"widget\" data-widget_type=\"heading.default\">\n\t\t\t\t\t<h2 class=\"elementor-heading-title elementor-size-default\">Jibril \u00ed \u00edslam: engill opinberunarins<\/h2>\t\t\t\t<\/div>\n\t\t<div class=\"elementor-element elementor-element-cp0914686 e-con-full e-flex e-con e-child\" data-id=\"cp0914686\" data-element_type=\"container\" data-e-type=\"container\">\n\t\t\t\t<div class=\"elementor-element elementor-element-cp816037d elementor-widget elementor-widget-text-editor\" data-id=\"cp816037d\" data-element_type=\"widget\" data-e-type=\"widget\" data-widget_type=\"text-editor.default\">\n\t\t\t\t\t\t\t\t\t<p>\u00cd \u00edslam ber Gabr\u00edel nafni\u00f0 Jibril og hefur mi\u00f0l\u00e6ga st\u00f6\u00f0u, \u00fev\u00ed hann er talinn <span class=\"iwg-fachbegriff\" data-tooltip=\"\u00cd abraham\u00edsku tr\u00faarbr\u00f6g\u00f0unum himneskur sendibo\u00f0i Gu\u00f0s.\" tabindex=\"0\">engillinn<\/span> sem K\u00f3raninn var flutt \u00ed gegnum til sp\u00e1mannsins M\u00fahame\u00f0s.<\/p><p>K\u00f3raninn nefnir Jibril sj\u00e1lfur me\u00f0 nafni og talar um hann sem \u00feann er flutti opinberunina inn \u00ed hjarta sp\u00e1mannsins. \u00cdslamsk <span class=\"iwg-fachbegriff\" data-tooltip=\"A\u00f0 mi\u00f0la \u00feekkingu og s\u00f6gum \u00e1fram milli kynsl\u00f3\u00f0a.\" tabindex=\"0\">munnm\u00e6lahef\u00f0<\/span> tengir Jibril einnig \u00f6\u00f0rum atbur\u00f0um, svo sem fyrstu opinberuninni \u00ed hellinum vi\u00f0 Mekka og hlutverki hans sem fylgdarmanns \u00ed himinreisu sp\u00e1mannsins.<\/p><p>\u00cd \u00edslamskri hef\u00f0 er Jibril talinn einn hinna \u00e6\u00f0stu <span class=\"iwg-fachbegriff\" data-tooltip=\"\u00cd abraham\u00edsku tr\u00faarbr\u00f6g\u00f0unum himneskur sendibo\u00f0i Gu\u00f0s.\" tabindex=\"0\">engla<\/span>, oft nefndur fyrstur. Hann kemur einnig fram \u00ed hef\u00f0ars\u00f6fnunum, had\u00ed\u00feunum, \u00ed mannlegri mynd, til d\u00e6mis \u00feegar hann heims\u00e6kir sp\u00e1manninn og f\u00e9laga hans \u00ed mannsmynd til a\u00f0 \u00fatsk\u00fdra grunnatri\u00f0i tr\u00faarins me\u00f0 spurningum.<\/p><p>\u00deessi hugmynd um <span class=\"iwg-fachbegriff\" data-tooltip=\"\u00cd abraham\u00edsku tr\u00faarbr\u00f6g\u00f0unum himneskur sendibo\u00f0i Gu\u00f0s.\" tabindex=\"0\">engil<\/span> sem mi\u00f0lar milli himneska og mannlega svi\u00f0sins og flytur \u00feekkingu er \u00ed greinilegu samhengi vi\u00f0 eldri myndir Gabr\u00edels \u00ed hebreskri og kristinni hef\u00f0.<\/p><p>\u00deannig er Gabr\u00edel ein af f\u00e1um verum sem gegna mikilv\u00e6gu hlutverki \u00ed \u00f6llum \u00feremur abraham\u00edsku tr\u00faarbr\u00f6g\u00f0unum, og alls sta\u00f0ar er meginhlutverk hans \u00fea\u00f0 sama: a\u00f0 mi\u00f0la gu\u00f0legri opinberun til mannkyns.<\/p><p><span class=\"iwg-fachbegriff\" data-tooltip=\"V\u00edsindagrein sem rannsakar tr\u00faarbr\u00f6g\u00f0 samanbur\u00f0arlega og \u00e1n tr\u00faarlegrar skuldbindingar.\" tabindex=\"0\">Tr\u00faarbrag\u00f0afr\u00e6\u00f0in<\/span> s\u00e9r \u00ed \u00feessu d\u00e6mi um hvernig vera er flutt yfir tr\u00faarleg landam\u00e6ri og l\u00f6gu\u00f0 a\u00f0 hverjum ramma \u00e1n \u00feess a\u00f0 kjarni hennar tapist. Tengdar verur innan englakenninga eru me\u00f0al annars <a href=\"https:\/\/iwell-guard.com\/is\/?page_id=168687\">M\u00edkael<\/a> og <a href=\"https:\/\/iwell-guard.com\/is\/?page_id=168689\">Rafael<\/a>.<\/p>\t\t\t\t\t\t\t\t<\/div>\n\t\t\t\t<\/div>\n\t\t\t\t\t<\/div>\n\t\t\t\t<\/div>\n\t\t<div class=\"elementor-element elementor-element-f7ebf52 e-con-boxed e-flex e-con e-parent\" data-id=\"f7ebf52\" data-element_type=\"container\" data-e-type=\"container\">\n\t\t\t\t\t<div class=\"e-con-inner\">\n\t\t\t\t<div class=\"elementor-element elementor-element-a417413 elementor-widget elementor-widget-text-editor\" data-id=\"a417413\" data-element_type=\"widget\" data-e-type=\"widget\" data-widget_type=\"text-editor.default\">\n\t\t\t\t\t\t\t\t\t\n<h2>Algengar spurningar um erkiengilinn Gabr\u00edel<\/h2>\n<div class=\"iwg-faq-q\"><h3>Hver er erkiengillinn Gabr\u00edel?<\/h3><p>Gabr\u00edel (hebreska Gavri-el, hetja Gu\u00f0s e\u00f0a Gu\u00f0 er styrkur minn) er sendibo\u00f0a-erkiengillinn \u00ed \u00feremur abraham\u00edsku tr\u00faarbr\u00f6g\u00f0unum. \u00cd Dan\u00edelsb\u00f3k \u00fatsk\u00fdrir hann s\u00fdnir, \u00ed L\u00fakasargu\u00f0spjalli tilkynnir hann Mar\u00edu um f\u00e6\u00f0ingu Jes\u00fa (Lk 1,26 o.\u00e1fr.).<\/p><p>\u00cd \u00edslam er Gabr\u00edel (arab\u00edska Jibril) <span class=\"iwg-fachbegriff\" data-tooltip=\"\u00cd abraham\u00edsku tr\u00faarbr\u00f6g\u00f0unum himneskur sendibo\u00f0i Gu\u00f0s.\" tabindex=\"0\">engillinn<\/span> sem opinberar K\u00f3raninn fyrir sp\u00e1manninum M\u00fahame\u00f0. H\u00e1t\u00ed\u00f0ardagur hans er 29. september.<\/p><\/div>\n<div class=\"iwg-faq-q\"><h3>Hva\u00f0 t\u00e1knar erkiengillinn Gabr\u00edel \u00ed <span class=\"iwg-fachbegriff\" data-tooltip=\"Samheiti yfir kenningar sem gera kr\u00f6fu um dulda \u00feekkingu sem a\u00f0eins innv\u00edg\u00f0ir hafa a\u00f0gang a\u00f0.\" tabindex=\"0\">dulspeki<\/span>?<\/h3><p>\u00cd vestr\u00e6nni <span class=\"iwg-fachbegriff\" data-tooltip=\"\u00cd abraham\u00edsku tr\u00faarbr\u00f6g\u00f0unum himneskur sendibo\u00f0i Gu\u00f0s.\" tabindex=\"0\">engla<\/span>&#8211;<span class=\"iwg-fachbegriff\" data-tooltip=\"Samheiti yfir kenningar sem gera kr\u00f6fu um dulda \u00feekkingu sem a\u00f0eins innv\u00edg\u00f0ir hafa a\u00f0gang a\u00f0.\" tabindex=\"0\">dulspeki<\/span> er Gabr\u00edel talinn erkiengill bo\u00f0skapa, drauma, hreinleika og samskipta. Hann er tengdur frumefninu vatni, hv\u00edtum e\u00f0a silfurlitu\u00f0um lit, tunglinu og vestur\u00e1tt. Klass\u00edsk t\u00e1kn: hv\u00edta liljan (Mar\u00edulilja \u00far bo\u00f0unaratri\u00f0inu), l\u00fa\u00f0urinn (fyrir d\u00f3msdaginn) og skriftarb\u00f3kin.<\/p><\/div>\n<script type=\"application\/ld+json\">{\"@context\":\"https:\/\/schema.org\",\"@type\":\"FAQPage\",\"mainEntity\":[{\"@type\":\"Question\",\"name\":\"Hver er erkiengillinn Gabr\u00edel?\",\"acceptedAnswer\":{\"@type\":\"Answer\",\"text\":\"Gabr\u00edel (hebreska Gavri-el, hetja Gu\u00f0s e\u00f0a Gu\u00f0 er styrkur minn) er sendibo\u00f0a-erkiengillinn \u00ed \u00feremur abraham\u00edsku tr\u00faarbr\u00f6g\u00f0unum. \u00cd Dan\u00edelsb\u00f3k \u00fatsk\u00fdrir hann s\u00fdnir, \u00ed L\u00fakasargu\u00f0spjalli tilkynnir hann Mar\u00edu um f\u00e6\u00f0ingu Jes\u00fa (Lk 1,26 o.\u00e1fr.).\u00cd \u00edslam er Gabr\u00edel (arab\u00edska Jibril) engillinn sem opinberar K\u00f3raninn fyrir sp\u00e1manninum M\u00fahame\u00f0. H\u00e1t\u00ed\u00f0ardagur hans er 29. september.\"}},{\"@type\":\"Question\",\"name\":\"Hva\u00f0 t\u00e1knar erkiengillinn Gabr\u00edel \u00ed dulspeki?\",\"acceptedAnswer\":{\"@type\":\"Answer\",\"text\":\"\u00cd vestr\u00e6nni engla-dulspeki er Gabr\u00edel talinn erkiengill bo\u00f0skapa, drauma, hreinleika og samskipta. Hann er tengdur frumefninu vatni, hv\u00edtum e\u00f0a silfurlitu\u00f0um lit, tunglinu og vestur\u00e1tt. Klass\u00edsk t\u00e1kn: hv\u00edta liljan (Mar\u00edulilja \u00far bo\u00f0unaratri\u00f0inu), l\u00fa\u00f0urinn (fyrir d\u00f3msdaginn) og skriftarb\u00f3kin.\"}}]}<\/script>\t\t\t\t\t\t\t\t<\/div>\n\t\t\t\t\t<\/div>\n\t\t\t\t<\/div>\n\t\t\t\t<\/div>\n\t\t","protected":false},"excerpt":{"rendered":"","protected":false},"author":3,"featured_media":1621,"parent":0,"menu_order":0,"comment_status":"closed","ping_status":"closed","template":"elementor_header_footer","meta":{"_yoast_wpseo_focuskw":"Erkiengillinn Gabr\u00edel \u2013 bo\u00f0un","_yoast_wpseo_title":"Erkiengillinn Gabr\u00edel \u2013 sendibo\u00f0i Gu\u00f0s \u00ed \u00feremur tr\u00faarhef\u00f0um","_yoast_wpseo_metadesc":"Erkiengillinn Gabr\u00edel flytur gu\u00f0leg bo\u00f0skilabo\u00f0 og innri sk\u00fdrleika. Kynnist merkingu hans \u00ed dulspekilegri hef\u00f0 og iWell Guard-i\u00f0kun.","_yoast_wpseo_meta-robots-noindex":"","_yoast_wpseo_canonical":"","_angie_page":false,"gefaehrdungsstufe":"","wesen_kultur":"","wesen_klasse":"","footnotes":""},"categories":[],"class_list":["post-168688","page","type-page","status-publish","has-post-thumbnail","hentry"],"yoast_head":"<!-- This site is optimized with the Yoast SEO Premium plugin v27.7 (Yoast SEO v28.3) - https:\/\/yoast.com\/product\/yoast-seo-premium-wordpress\/ -->\n<title>Erkiengillinn Gabr\u00edel \u2013 sendibo\u00f0i Gu\u00f0s \u00ed \u00feremur tr\u00faarhef\u00f0um<\/title>\n<meta name=\"description\" content=\"Erkiengillinn Gabr\u00edel flytur gu\u00f0leg bo\u00f0skilabo\u00f0 og innri sk\u00fdrleika. Kynnist merkingu hans \u00ed dulspekilegri hef\u00f0 og iWell Guard-i\u00f0kun.\" \/>\n<meta name=\"robots\" content=\"index, follow, max-snippet:-1, max-image-preview:large, max-video-preview:-1\" \/>\n<link rel=\"canonical\" href=\"https:\/\/iwell-guard.com\/is\/erkiengillinn-gabriel\/\" \/>\n<meta property=\"og:locale\" content=\"is_IS\" \/>\n<meta property=\"og:type\" content=\"article\" \/>\n<meta property=\"og:title\" content=\"Erkiengillinn Gabr\u00edel\" \/>\n<meta property=\"og:description\" content=\"Erkiengillinn Gabr\u00edel flytur gu\u00f0leg bo\u00f0skilabo\u00f0 og innri sk\u00fdrleika. Kynnist merkingu hans \u00ed dulspekilegri hef\u00f0 og iWell Guard-i\u00f0kun.\" \/>\n<meta property=\"og:url\" content=\"https:\/\/iwell-guard.com\/is\/erkiengillinn-gabriel\/\" \/>\n<meta property=\"og:site_name\" content=\"iWell Guard\" \/>\n<meta property=\"article:modified_time\" content=\"2026-09-05T14:16:56+00:00\" \/>\n<meta property=\"og:image\" content=\"https:\/\/iwell-guard.com\/wp-content\/uploads\/2026\/04\/lichtwesen_erzengel-gabriel.webp\" \/>\n\t<meta property=\"og:image:width\" content=\"1024\" \/>\n\t<meta property=\"og:image:height\" content=\"1536\" \/>\n\t<meta property=\"og:image:type\" content=\"image\/webp\" \/>\n<meta name=\"twitter:card\" content=\"summary_large_image\" \/>\n<script type=\"application\/ld+json\" class=\"yoast-schema-graph\">{\"@context\":\"https:\\\/\\\/schema.org\",\"@graph\":[{\"@type\":\"WebPage\",\"@id\":\"https:\\\/\\\/iwell-guard.com\\\/is\\\/erkiengillinn-gabriel\\\/\",\"url\":\"https:\\\/\\\/iwell-guard.com\\\/is\\\/erkiengillinn-gabriel\\\/\",\"name\":\"Erkiengillinn Gabr\u00edel \u2013 sendibo\u00f0i Gu\u00f0s \u00ed \u00feremur tr\u00faarhef\u00f0um\",\"isPartOf\":{\"@id\":\"https:\\\/\\\/iwell-guard.com\\\/is\\\/#website\"},\"primaryImageOfPage\":{\"@id\":\"https:\\\/\\\/iwell-guard.com\\\/is\\\/erkiengillinn-gabriel\\\/#primaryimage\"},\"image\":{\"@id\":\"https:\\\/\\\/iwell-guard.com\\\/is\\\/erkiengillinn-gabriel\\\/#primaryimage\"},\"thumbnailUrl\":\"https:\\\/\\\/iwell-guard.com\\\/wp-content\\\/uploads\\\/2026\\\/04\\\/lichtwesen_erzengel-gabriel.webp\",\"datePublished\":\"2026-09-05T14:02:10+00:00\",\"dateModified\":\"2026-09-05T14:16:56+00:00\",\"description\":\"Erkiengillinn Gabr\u00edel flytur gu\u00f0leg bo\u00f0skilabo\u00f0 og innri sk\u00fdrleika. Kynnist merkingu hans \u00ed dulspekilegri hef\u00f0 og iWell Guard-i\u00f0kun.\",\"breadcrumb\":{\"@id\":\"https:\\\/\\\/iwell-guard.com\\\/is\\\/erkiengillinn-gabriel\\\/#breadcrumb\"},\"inLanguage\":\"is\",\"potentialAction\":[{\"@type\":\"ReadAction\",\"target\":[\"https:\\\/\\\/iwell-guard.com\\\/is\\\/erkiengillinn-gabriel\\\/\"]}]},{\"@type\":\"ImageObject\",\"inLanguage\":\"is\",\"@id\":\"https:\\\/\\\/iwell-guard.com\\\/is\\\/erkiengillinn-gabriel\\\/#primaryimage\",\"url\":\"https:\\\/\\\/iwell-guard.com\\\/wp-content\\\/uploads\\\/2026\\\/04\\\/lichtwesen_erzengel-gabriel.webp\",\"contentUrl\":\"https:\\\/\\\/iwell-guard.com\\\/wp-content\\\/uploads\\\/2026\\\/04\\\/lichtwesen_erzengel-gabriel.webp\",\"width\":1024,\"height\":1536,\"caption\":\"Lj\u00f3svera. Lj\u00f3sfl\u00e6\u00f0andi mynd.\"},{\"@type\":\"BreadcrumbList\",\"@id\":\"https:\\\/\\\/iwell-guard.com\\\/is\\\/erkiengillinn-gabriel\\\/#breadcrumb\",\"itemListElement\":[{\"@type\":\"ListItem\",\"position\":1,\"name\":\"Start\",\"item\":\"https:\\\/\\\/iwell-guard.com\\\/is\\\/?page_id=168580\"},{\"@type\":\"ListItem\",\"position\":2,\"name\":\"Erkiengillinn Gabr\u00edel\"}]},{\"@type\":\"WebSite\",\"@id\":\"https:\\\/\\\/iwell-guard.com\\\/is\\\/#website\",\"url\":\"https:\\\/\\\/iwell-guard.com\\\/is\\\/\",\"name\":\"iWell Guard\",\"description\":\"Schutz vor dunklen Einfl\u00fcssen\",\"publisher\":{\"@id\":\"https:\\\/\\\/iwell-guard.com\\\/is\\\/#organization\"},\"potentialAction\":[{\"@type\":\"SearchAction\",\"target\":{\"@type\":\"EntryPoint\",\"urlTemplate\":\"https:\\\/\\\/iwell-guard.com\\\/is\\\/?s={search_term_string}\"},\"query-input\":{\"@type\":\"PropertyValueSpecification\",\"valueRequired\":true,\"valueName\":\"search_term_string\"}}],\"inLanguage\":\"is\"},{\"@type\":\"Organization\",\"@id\":\"https:\\\/\\\/iwell-guard.com\\\/is\\\/#organization\",\"name\":\"Ittermann electronic GmbH\",\"url\":\"https:\\\/\\\/iwell-guard.com\\\/is\\\/\",\"logo\":{\"@type\":\"ImageObject\",\"inLanguage\":\"is\",\"@id\":\"https:\\\/\\\/iwell-guard.com\\\/is\\\/#\\\/schema\\\/logo\\\/image\\\/\",\"url\":\"https:\\\/\\\/iwell-guard.com\\\/wp-content\\\/uploads\\\/2026\\\/05\\\/Ittermann-Logo-1182x237-1.png\",\"contentUrl\":\"https:\\\/\\\/iwell-guard.com\\\/wp-content\\\/uploads\\\/2026\\\/05\\\/Ittermann-Logo-1182x237-1.png\",\"width\":1182,\"height\":237,\"caption\":\"Ittermann electronic GmbH\"},\"image\":{\"@id\":\"https:\\\/\\\/iwell-guard.com\\\/is\\\/#\\\/schema\\\/logo\\\/image\\\/\"},\"sameAs\":[\"https:\\\/\\\/pantip.com\\\/profile\\\/9367242\",\"https:\\\/\\\/micro.blog\\\/iwellguard\",\"https:\\\/\\\/www.diggerslist.com\\\/iwellguard\\\/about\",\"https:\\\/\\\/skitterphoto.com\\\/photographers\\\/2870314\\\/iwell-guard\",\"https:\\\/\\\/iwellguard.wordpress.com\\\/2026\\\/06\\\/06\\\/iwell-guard\\\/\",\"https:\\\/\\\/hub.docker.com\\\/u\\\/iwellguard\",\"https:\\\/\\\/www.pinterest.com\\\/iwellguard\\\/\",\"https:\\\/\\\/bit.ly\\\/m\\\/iwellguard\",\"https:\\\/\\\/entre-vos-mains.alsace.eu\\\/profiles\\\/iwellguard\\\/activity\",\"https:\\\/\\\/gravatar.com\\\/reallybeded8fd34\",\"https:\\\/\\\/naijamatta.com\\\/iwellguard\",\"https:\\\/\\\/www.goodreads.com\\\/iwellguard\",\"https:\\\/\\\/profile.hatena.ne.jp\\\/iwellguard\\\/\",\"https:\\\/\\\/experiment.com\\\/users\\\/iwellguard\",\"https:\\\/\\\/wakelet.com\\\/@iWellGuard82270\",\"https:\\\/\\\/www.chordie.com\\\/forum\\\/profile.php?id=2555664\",\"https:\\\/\\\/www.instapaper.com\\\/p\\\/17757966\",\"https:\\\/\\\/www.mapleprimes.com\\\/users\\\/iwellguard\",\"https:\\\/\\\/businesslistingplus.com\\\/profile\\\/iwell-guard\\\/\",\"https:\\\/\\\/telegra.ph\\\/iWell-Guard-06-06\",\"https:\\\/\\\/pbase.com\\\/iwellguard\\\/iwellguard\",\"https:\\\/\\\/b.hatena.ne.jp\\\/iwellguard\\\/20260607#bookmark-4788405196491818882\",\"https:\\\/\\\/fliphtml5.com\\\/home\\\/iwellguard\",\"https:\\\/\\\/anyflip.com\\\/homepage\\\/cmiwl#About\",\"https:\\\/\\\/transfur.com\\\/Users\\\/iwellguard\",\"http:\\\/\\\/delphi.larsbo.org\\\/user\\\/iwellguard\",\"https:\\\/\\\/jobs.lajobsportal.org\\\/profiles\\\/8380803-iwell-guard\",\"https:\\\/\\\/md.chaosdorf.de\\\/s\\\/jfbe5SBdJD\",\"https:\\\/\\\/www.lingvolive.com\\\/en-us\\\/profile\\\/9ecaeaca-ce11-4e51-9e71-01d55e2bff36\\\/translations\",\"https:\\\/\\\/www.fitday.com\\\/fitness\\\/forums\\\/members\\\/iwellguard.html\",\"https:\\\/\\\/www.mymeetbook.com\\\/iwellguard\",\"https:\\\/\\\/pxhere.com\\\/en\\\/photographer-me\\\/5040798\",\"https:\\\/\\\/disqus.com\\\/by\\\/iwellguard\\\/about\\\/\",\"https:\\\/\\\/pastelink.net\\\/hjwciqwq\",\"https:\\\/\\\/pubhtml5.com\\\/homepage\\\/scjhn\\\/\",\"https:\\\/\\\/www.bitchute.com\\\/channel\\\/2O2eOKzNqujT\",\"https:\\\/\\\/audiomack.com\\\/iwellguard\"]}]}<\/script>\n<!-- \/ Yoast SEO Premium plugin. -->","yoast_head_json":{"title":"Erkiengillinn Gabr\u00edel \u2013 sendibo\u00f0i Gu\u00f0s \u00ed \u00feremur tr\u00faarhef\u00f0um","description":"Erkiengillinn Gabr\u00edel flytur gu\u00f0leg bo\u00f0skilabo\u00f0 og innri sk\u00fdrleika. Kynnist merkingu hans \u00ed dulspekilegri hef\u00f0 og iWell Guard-i\u00f0kun.","robots":{"index":"index","follow":"follow","max-snippet":"max-snippet:-1","max-image-preview":"max-image-preview:large","max-video-preview":"max-video-preview:-1"},"canonical":"https:\/\/iwell-guard.com\/is\/erkiengillinn-gabriel\/","og_locale":"is_IS","og_type":"article","og_title":"Erkiengillinn Gabr\u00edel","og_description":"Erkiengillinn Gabr\u00edel flytur gu\u00f0leg bo\u00f0skilabo\u00f0 og innri sk\u00fdrleika. Kynnist merkingu hans \u00ed dulspekilegri hef\u00f0 og iWell Guard-i\u00f0kun.","og_url":"https:\/\/iwell-guard.com\/is\/erkiengillinn-gabriel\/","og_site_name":"iWell Guard","article_modified_time":"2026-09-05T14:16:56+00:00","og_image":[{"width":1024,"height":1536,"url":"https:\/\/iwell-guard.com\/wp-content\/uploads\/2026\/04\/lichtwesen_erzengel-gabriel.webp","type":"image\/webp"}],"twitter_card":"summary_large_image","schema":{"@context":"https:\/\/schema.org","@graph":[{"@type":"WebPage","@id":"https:\/\/iwell-guard.com\/is\/erkiengillinn-gabriel\/","url":"https:\/\/iwell-guard.com\/is\/erkiengillinn-gabriel\/","name":"Erkiengillinn Gabr\u00edel \u2013 sendibo\u00f0i Gu\u00f0s \u00ed \u00feremur tr\u00faarhef\u00f0um","isPartOf":{"@id":"https:\/\/iwell-guard.com\/is\/#website"},"primaryImageOfPage":{"@id":"https:\/\/iwell-guard.com\/is\/erkiengillinn-gabriel\/#primaryimage"},"image":{"@id":"https:\/\/iwell-guard.com\/is\/erkiengillinn-gabriel\/#primaryimage"},"thumbnailUrl":"https:\/\/iwell-guard.com\/wp-content\/uploads\/2026\/04\/lichtwesen_erzengel-gabriel.webp","datePublished":"2026-09-05T14:02:10+00:00","dateModified":"2026-09-05T14:16:56+00:00","description":"Erkiengillinn Gabr\u00edel flytur gu\u00f0leg bo\u00f0skilabo\u00f0 og innri sk\u00fdrleika. Kynnist merkingu hans \u00ed dulspekilegri hef\u00f0 og iWell Guard-i\u00f0kun.","breadcrumb":{"@id":"https:\/\/iwell-guard.com\/is\/erkiengillinn-gabriel\/#breadcrumb"},"inLanguage":"is","potentialAction":[{"@type":"ReadAction","target":["https:\/\/iwell-guard.com\/is\/erkiengillinn-gabriel\/"]}]},{"@type":"ImageObject","inLanguage":"is","@id":"https:\/\/iwell-guard.com\/is\/erkiengillinn-gabriel\/#primaryimage","url":"https:\/\/iwell-guard.com\/wp-content\/uploads\/2026\/04\/lichtwesen_erzengel-gabriel.webp","contentUrl":"https:\/\/iwell-guard.com\/wp-content\/uploads\/2026\/04\/lichtwesen_erzengel-gabriel.webp","width":1024,"height":1536,"caption":"Lj\u00f3svera. Lj\u00f3sfl\u00e6\u00f0andi mynd."},{"@type":"BreadcrumbList","@id":"https:\/\/iwell-guard.com\/is\/erkiengillinn-gabriel\/#breadcrumb","itemListElement":[{"@type":"ListItem","position":1,"name":"Start","item":"https:\/\/iwell-guard.com\/is\/?page_id=168580"},{"@type":"ListItem","position":2,"name":"Erkiengillinn Gabr\u00edel"}]},{"@type":"WebSite","@id":"https:\/\/iwell-guard.com\/is\/#website","url":"https:\/\/iwell-guard.com\/is\/","name":"iWell Guard","description":"Schutz vor dunklen Einfl\u00fcssen","publisher":{"@id":"https:\/\/iwell-guard.com\/is\/#organization"},"potentialAction":[{"@type":"SearchAction","target":{"@type":"EntryPoint","urlTemplate":"https:\/\/iwell-guard.com\/is\/?s={search_term_string}"},"query-input":{"@type":"PropertyValueSpecification","valueRequired":true,"valueName":"search_term_string"}}],"inLanguage":"is"},{"@type":"Organization","@id":"https:\/\/iwell-guard.com\/is\/#organization","name":"Ittermann electronic GmbH","url":"https:\/\/iwell-guard.com\/is\/","logo":{"@type":"ImageObject","inLanguage":"is","@id":"https:\/\/iwell-guard.com\/is\/#\/schema\/logo\/image\/","url":"https:\/\/iwell-guard.com\/wp-content\/uploads\/2026\/05\/Ittermann-Logo-1182x237-1.png","contentUrl":"https:\/\/iwell-guard.com\/wp-content\/uploads\/2026\/05\/Ittermann-Logo-1182x237-1.png","width":1182,"height":237,"caption":"Ittermann electronic GmbH"},"image":{"@id":"https:\/\/iwell-guard.com\/is\/#\/schema\/logo\/image\/"},"sameAs":["https:\/\/pantip.com\/profile\/9367242","https:\/\/micro.blog\/iwellguard","https:\/\/www.diggerslist.com\/iwellguard\/about","https:\/\/skitterphoto.com\/photographers\/2870314\/iwell-guard","https:\/\/iwellguard.wordpress.com\/2026\/06\/06\/iwell-guard\/","https:\/\/hub.docker.com\/u\/iwellguard","https:\/\/www.pinterest.com\/iwellguard\/","https:\/\/bit.ly\/m\/iwellguard","https:\/\/entre-vos-mains.alsace.eu\/profiles\/iwellguard\/activity","https:\/\/gravatar.com\/reallybeded8fd34","https:\/\/naijamatta.com\/iwellguard","https:\/\/www.goodreads.com\/iwellguard","https:\/\/profile.hatena.ne.jp\/iwellguard\/","https:\/\/experiment.com\/users\/iwellguard","https:\/\/wakelet.com\/@iWellGuard82270","https:\/\/www.chordie.com\/forum\/profile.php?id=2555664","https:\/\/www.instapaper.com\/p\/17757966","https:\/\/www.mapleprimes.com\/users\/iwellguard","https:\/\/businesslistingplus.com\/profile\/iwell-guard\/","https:\/\/telegra.ph\/iWell-Guard-06-06","https:\/\/pbase.com\/iwellguard\/iwellguard","https:\/\/b.hatena.ne.jp\/iwellguard\/20260607#bookmark-4788405196491818882","https:\/\/fliphtml5.com\/home\/iwellguard","https:\/\/anyflip.com\/homepage\/cmiwl#About","https:\/\/transfur.com\/Users\/iwellguard","http:\/\/delphi.larsbo.org\/user\/iwellguard","https:\/\/jobs.lajobsportal.org\/profiles\/8380803-iwell-guard","https:\/\/md.chaosdorf.de\/s\/jfbe5SBdJD","https:\/\/www.lingvolive.com\/en-us\/profile\/9ecaeaca-ce11-4e51-9e71-01d55e2bff36\/translations","https:\/\/www.fitday.com\/fitness\/forums\/members\/iwellguard.html","https:\/\/www.mymeetbook.com\/iwellguard","https:\/\/pxhere.com\/en\/photographer-me\/5040798","https:\/\/disqus.com\/by\/iwellguard\/about\/","https:\/\/pastelink.net\/hjwciqwq","https:\/\/pubhtml5.com\/homepage\/scjhn\/","https:\/\/www.bitchute.com\/channel\/2O2eOKzNqujT","https:\/\/audiomack.com\/iwellguard"]}]}},"_links":{"self":[{"href":"https:\/\/iwell-guard.com\/is\/wp-json\/wp\/v2\/pages\/168688","targetHints":{"allow":["GET"]}}],"collection":[{"href":"https:\/\/iwell-guard.com\/is\/wp-json\/wp\/v2\/pages"}],"about":[{"href":"https:\/\/iwell-guard.com\/is\/wp-json\/wp\/v2\/types\/page"}],"author":[{"embeddable":true,"href":"https:\/\/iwell-guard.com\/is\/wp-json\/wp\/v2\/users\/3"}],"replies":[{"embeddable":true,"href":"https:\/\/iwell-guard.com\/is\/wp-json\/wp\/v2\/comments?post=168688"}],"version-history":[{"count":0,"href":"https:\/\/iwell-guard.com\/is\/wp-json\/wp\/v2\/pages\/168688\/revisions"}],"wp:featuredmedia":[{"embeddable":true,"href":"https:\/\/iwell-guard.com\/is\/wp-json\/wp\/v2\/media\/1621"}],"wp:attachment":[{"href":"https:\/\/iwell-guard.com\/is\/wp-json\/wp\/v2\/media?parent=168688"}],"wp:term":[{"taxonomy":"category","embeddable":true,"href":"https:\/\/iwell-guard.com\/is\/wp-json\/wp\/v2\/categories?post=168688"}],"curies":[{"name":"wp","href":"https:\/\/api.w.org\/{rel}","templated":true}]}}