{"id":168687,"date":"2026-09-05T14:02:10","date_gmt":"2026-09-05T14:02:10","guid":{"rendered":"https:\/\/iwell-guard.com\/?page_id=168687"},"modified":"2026-09-05T14:16:52","modified_gmt":"2026-09-05T14:16:52","slug":"erkiengillinn-mikael","status":"publish","type":"page","link":"https:\/\/iwell-guard.com\/is\/erkiengillinn-mikael\/","title":{"rendered":"Erkiengillinn Mikael"},"content":{"rendered":"\t\t<div data-elementor-type=\"wp-page\" data-elementor-id=\"168687\" class=\"elementor elementor-168687 elementor-1800 elementor-bc-flex-widget\" data-elementor-post-type=\"page\">\n\t\t\t\t<div class=\"elementor-element elementor-element-10fdade e-flex e-con-boxed e-con e-parent\" data-id=\"10fdade\" data-element_type=\"container\" data-e-type=\"container\" data-settings=\"{&quot;background_background&quot;:&quot;classic&quot;}\">\n\t\t\t\t\t<div class=\"e-con-inner\">\n\t\t<div class=\"elementor-element elementor-element-herohlft0 e-flex e-con-boxed e-con e-child\" data-id=\"herohlft0\" data-element_type=\"container\" data-e-type=\"container\">\n\t\t\t\t\t<div class=\"e-con-inner\">\n\t\t<div class=\"elementor-element elementor-element-c3ceb64 e-con-full e-flex e-con e-child\" data-id=\"c3ceb64\" data-element_type=\"container\" data-e-type=\"container\">\n\t\t\t\t<div class=\"elementor-element elementor-element-96ae5e1 elementor-widget elementor-widget-heading\" data-id=\"96ae5e1\" data-element_type=\"widget\" data-e-type=\"widget\" data-widget_type=\"heading.default\">\n\t\t\t\t\t<h1 class=\"elementor-heading-title elementor-size-default\">Erkiengillinn Mikael, lj\u00f3svera<\/h1>\t\t\t\t<\/div>\n\t\t\t\t<div class=\"elementor-element elementor-element-e45238a elementor-widget elementor-widget-text-editor\" data-id=\"e45238a\" data-element_type=\"widget\" data-e-type=\"widget\" data-widget_type=\"text-editor.default\">\n\t\t\t\t\t\t\t\t\t<p>Lei\u00f0togi himneskra herskara \u00ed j\u00fad\u00edsk-kristinni-\u00edslamskri hef\u00f0. Verndarheilagur, drekabani, f\u00f6runautur hinna dau\u00f0vona.<\/p><p>\u00deessi s\u00ed\u00f0a fjallar um Erkiengilinn Mikael sem lj\u00f3sveru-hugtak.<\/p>\t\t\t\t\t\t\t\t<\/div>\n\t\t\t\t<\/div>\n\t\t<div class=\"elementor-element elementor-element-klsbdg01 e-con-full e-flex e-con e-parent\" data-id=\"klsbdg01\" data-element_type=\"container\" data-e-type=\"container\">\n\t\t\t\t<div class=\"elementor-element elementor-element-klshtm01 elementor-widget elementor-widget-html\" data-id=\"klshtm01\" data-element_type=\"widget\" data-e-type=\"widget\" data-widget_type=\"html.default\">\n\t\t\t\t\t<div class=\"iwg-pill-row\"><span class=\"iwg-klasse-badge\" tabindex=\"0\" data-tooltip=\"Lj\u00f3sverur: Uppl\u00fdstar, verndandi e\u00f0a fr\u00e6\u00f0andi verur, erkienglar, uppstigningarmeistarar, lj\u00f3sar n\u00e1tt\u00faruverur. \u00cd n\u00fdaldarlegum og eldri andlegum hef\u00f0um l\u00fdst sem hj\u00e1lpurum og l\u00e6rimeisturum.\">Lj\u00f3svera<\/span><a href=\"https:\/\/iwell-guard.com\/is\/?page_id=168596\" class=\"iwg-kultur-badge\" tabindex=\"0\" data-tooltip=\"J\u00fad\u00edsk tr\u00faarhef\u00f0 fr\u00e1 Tanak til kabbala og n\u00fdaldarlegrar myst\u00edkur.\">J\u00fadatr\u00fa<\/a><span class=\"iwg-tradition-badge\" tabindex=\"0\" data-tooltip=\"Erkiengill, \u00e6\u00f0sta englaflokk \u00ed j\u00fad\u00edskri, kristinni og \u00edslamskri hef\u00f0.\">Erkiengill<\/span><\/div>\t\t\t\t<\/div>\n\t\t\t\t<\/div>\n\t\t<div class=\"elementor-element elementor-element-3f74855 e-con-full e-flex e-con e-child\" data-id=\"3f74855\" data-element_type=\"container\" data-e-type=\"container\">\n\t\t\t\t<div class=\"elementor-element elementor-element-1c30362 elementor-toc--minimized-on-tablet elementor-widget elementor-widget-table-of-contents\" data-id=\"1c30362\" data-element_type=\"widget\" data-e-type=\"widget\" data-settings=\"{&quot;exclude_headings_by_selector&quot;:[],&quot;no_headings_message&quot;:&quot;Engar undirfyrirsagnir fundust \\u00e1 \\u00feessari s\\u00ed\\u00f0u.&quot;,&quot;headings_by_tags&quot;:[&quot;h2&quot;,&quot;h3&quot;],&quot;marker_view&quot;:&quot;bullets&quot;,&quot;minimize_box&quot;:&quot;yes&quot;,&quot;icon&quot;:{&quot;value&quot;:&quot;fas fa-circle&quot;,&quot;library&quot;:&quot;fa-solid&quot;,&quot;rendered_tag&quot;:&quot;&lt;svg class=\\&quot;e-font-icon-svg e-fas-circle\\&quot; viewBox=\\&quot;0 0 512 512\\&quot; xmlns=\\&quot;http:\\\/\\\/www.w3.org\\\/2000\\\/svg\\&quot;&gt;&lt;path d=\\&quot;M256 8C119 8 8 119 8 256s111 248 248 248 248-111 248-248S393 8 256 8z\\&quot;&gt;&lt;\\\/path&gt;&lt;\\\/svg&gt;&quot;},&quot;minimized_on&quot;:&quot;tablet&quot;,&quot;hierarchical_view&quot;:&quot;yes&quot;,&quot;min_height&quot;:{&quot;unit&quot;:&quot;px&quot;,&quot;size&quot;:&quot;&quot;,&quot;sizes&quot;:[]},&quot;min_height_tablet&quot;:{&quot;unit&quot;:&quot;px&quot;,&quot;size&quot;:&quot;&quot;,&quot;sizes&quot;:[]},&quot;min_height_mobile&quot;:{&quot;unit&quot;:&quot;px&quot;,&quot;size&quot;:&quot;&quot;,&quot;sizes&quot;:[]}}\" data-widget_type=\"table-of-contents.default\">\n\t\t\t\t\t\t\t\t\t<div class=\"elementor-toc__header\">\n\t\t\t\t\t\t<h2 class=\"elementor-toc__header-title\">\n\t\t\t\tEfnisyfirlit\t\t\t<\/h2>\n\t\t\t\t\t\t\t\t\t\t<div class=\"elementor-toc__toggle-button elementor-toc__toggle-button--expand\" role=\"button\" tabindex=\"0\" aria-controls=\"elementor-toc__1c30362\" aria-expanded=\"true\" aria-label=\"Open table of contents\"><svg aria-hidden=\"true\" class=\"e-font-icon-svg e-fas-chevron-down\" viewBox=\"0 0 448 512\" xmlns=\"http:\/\/www.w3.org\/2000\/svg\"><path d=\"M207.029 381.476L12.686 187.132c-9.373-9.373-9.373-24.569 0-33.941l22.667-22.667c9.357-9.357 24.522-9.375 33.901-.04L224 284.505l154.745-154.021c9.379-9.335 24.544-9.317 33.901.04l22.667 22.667c9.373 9.373 9.373 24.569 0 33.941L240.971 381.476c-9.373 9.372-24.569 9.372-33.942 0z\"><\/path><\/svg><\/div>\n\t\t\t\t<div class=\"elementor-toc__toggle-button elementor-toc__toggle-button--collapse\" role=\"button\" tabindex=\"0\" aria-controls=\"elementor-toc__1c30362\" aria-expanded=\"true\" aria-label=\"Close table of contents\"><svg aria-hidden=\"true\" class=\"e-font-icon-svg e-fas-chevron-up\" viewBox=\"0 0 448 512\" xmlns=\"http:\/\/www.w3.org\/2000\/svg\"><path d=\"M240.971 130.524l194.343 194.343c9.373 9.373 9.373 24.569 0 33.941l-22.667 22.667c-9.357 9.357-24.522 9.375-33.901.04L224 227.495 69.255 381.516c-9.379 9.335-24.544 9.317-33.901-.04l-22.667-22.667c-9.373-9.373-9.373-24.569 0-33.941L207.03 130.525c9.372-9.373 24.568-9.373 33.941-.001z\"><\/path><\/svg><\/div>\n\t\t\t\t\t<\/div>\n\t\t\t\t<div id=\"elementor-toc__1c30362\" class=\"elementor-toc__body\">\n\t\t\t<div class=\"elementor-toc__spinner-container\">\n\t\t\t\t<svg class=\"elementor-toc__spinner eicon-animation-spin e-font-icon-svg e-eicon-loading\" aria-hidden=\"true\" viewBox=\"0 0 1000 1000\" xmlns=\"http:\/\/www.w3.org\/2000\/svg\"><path d=\"M500 975V858C696 858 858 696 858 500S696 142 500 142 142 304 142 500H25C25 237 238 25 500 25S975 237 975 500 763 975 500 975Z\"><\/path><\/svg>\t\t\t<\/div>\n\t\t<\/div>\n\t\t\t\t\t\t<\/div>\n\t\t\t\t<\/div>\n\t\t\t\t\t<\/div>\n\t\t\t\t<\/div>\n\t\t<div class=\"elementor-element elementor-element-herorght0 e-con-full e-flex e-con e-child\" data-id=\"herorght0\" data-element_type=\"container\" data-e-type=\"container\">\n\t\t\t\t<div class=\"elementor-element elementor-element-heroimg00 iwg-hero-image elementor-widget elementor-widget-image\" data-id=\"heroimg00\" data-element_type=\"widget\" data-e-type=\"widget\" data-widget_type=\"image.default\">\n\t\t\t\t\t\t\t\t\t\t\t\t\t\t\t<img fetchpriority=\"high\" decoding=\"async\" width=\"683\" height=\"1024\" src=\"https:\/\/iwell-guard.com\/wp-content\/uploads\/2026\/04\/lichtwesen_erzengel-michael-683x1024.webp\" class=\"attachment-large size-large wp-image-171079\" alt=\"Erkiengillinn M\u00edkael - lj\u00f3sfyllt myndskreyting af lj\u00f3sverunni\" srcset=\"https:\/\/iwell-guard.com\/wp-content\/uploads\/2026\/04\/lichtwesen_erzengel-michael-683x1024.webp 683w, https:\/\/iwell-guard.com\/wp-content\/uploads\/2026\/04\/lichtwesen_erzengel-michael-200x300.webp 200w, https:\/\/iwell-guard.com\/wp-content\/uploads\/2026\/04\/lichtwesen_erzengel-michael-768x1152.webp 768w, https:\/\/iwell-guard.com\/wp-content\/uploads\/2026\/04\/lichtwesen_erzengel-michael.webp 1024w\" sizes=\"(max-width: 683px) 100vw, 683px\" \/>\t\t\t\t\t\t\t\t\t\t\t\t\t\t\t<\/div>\n\t\t\t\t<\/div>\n\t\t\t\t\t<\/div>\n\t\t\t\t<\/div>\n\t\t<div class=\"elementor-element elementor-element-wmd-s1 e-con-boxed e-flex e-con e-parent\" data-id=\"wmd-s1\" data-element_type=\"container\" data-e-type=\"container\">\n\t\t\t\t\t<div class=\"e-con-inner\">\n\t\t\t\t<div class=\"elementor-element elementor-element-wmd-h1 elementor-widget elementor-widget-heading\" data-id=\"wmd-h1\" data-element_type=\"widget\" data-e-type=\"widget\" data-widget_type=\"heading.default\">\n\t\t\t\t\t<h2 class=\"elementor-heading-title elementor-size-default\">Sn\u00f6ggt yfirlit: Erkiengillinn Mikael<\/h2>\t\t\t\t<\/div>\n\t\t<div class=\"elementor-element elementor-element-wmd-s1-bw e-flex e-con-boxed e-con e-parent\" data-id=\"wmd-s1-bw\" data-element_type=\"container\" data-e-type=\"container\" data-settings=\"{&quot;background_background&quot;:&quot;classic&quot;}\">\n\t\t\t\t\t<div class=\"e-con-inner\">\n\t\t\t\t<div class=\"elementor-element elementor-element-wmd-t1 elementor-widget elementor-widget-text-editor\" data-id=\"wmd-t1\" data-element_type=\"widget\" data-e-type=\"widget\" data-widget_type=\"text-editor.default\">\n\t\t\t\t\t\t\t\t\t<p><strong>Ger\u00f0:<\/strong> Erkiengill, herforingi, sver\u00f0bandi Hef\u00f0: J\u00fadatr\u00fa (<span class=\"iwg-fachbegriff\" data-tooltip=\"H\u00f6fu\u00f0rit rabb\u00ednsks j\u00fadatr\u00faar me\u00f0 \u00fatlegging \u00e1 tr\u00faarlegri arfleif\u00f0.\" tabindex=\"0\">Talm\u00fa\u00f0<\/span>, <span class=\"iwg-fachbegriff\" data-tooltip=\"Stefna innan j\u00fad\u00edskrar myst\u00edkur me\u00f0 h\u00f6fu\u00f0ritum eins og Sefer Jezira og Sohar.\" tabindex=\"0\">Kabbala<\/span>), Kristni (N\u00fdja testamenti\u00f0, englafr\u00e6\u00f0i), \u00cdslam (K\u00f3raninn) Hlutverk: Vernd, andsta\u00f0a vi\u00f0 hi\u00f0 neikv\u00e6\u00f0a, framkv\u00e6md gu\u00f0legs r\u00e9ttl\u00e6tis A\u00f0alt\u00e1kn\/eiginleikar: Bl\u00e1r eldur, logasver\u00f0, brynja, sigurv\u00e6ngir \u00datbrei\u00f0sla: Um allan heim \u00ed tr\u00faarlegum og andlegum hef\u00f0um, verndarheilagur margra landa<\/p>\t\t\t\t\t\t\t\t<\/div>\n\t\t\t\t\t<\/div>\n\t\t\t\t<\/div>\n\t\t\t\t\t<\/div>\n\t\t\t\t<\/div>\n\t\t<div class=\"elementor-element elementor-element-wmd-s2 e-con-boxed e-flex e-con e-parent\" data-id=\"wmd-s2\" data-element_type=\"container\" data-e-type=\"container\">\n\t\t\t\t\t<div class=\"e-con-inner\">\n\t\t\t\t<div class=\"elementor-element elementor-element-wmd-h2 elementor-widget elementor-widget-heading\" data-id=\"wmd-h2\" data-element_type=\"widget\" data-e-type=\"widget\" data-widget_type=\"heading.default\">\n\t\t\t\t\t<h2 class=\"elementor-heading-title elementor-size-default\">Yfirlit<\/h2>\t\t\t\t<\/div>\n\t\t<div class=\"elementor-element elementor-element-wmd-s2-bw e-flex e-con-boxed e-con e-parent\" data-id=\"wmd-s2-bw\" data-element_type=\"container\" data-e-type=\"container\" data-settings=\"{&quot;background_background&quot;:&quot;classic&quot;}\">\n\t\t\t\t\t<div class=\"e-con-inner\">\n\t\t\t\t<div class=\"elementor-element elementor-element-wmd-t2 elementor-widget elementor-widget-text-editor\" data-id=\"wmd-t2\" data-element_type=\"widget\" data-e-type=\"widget\" data-widget_type=\"text-editor.default\">\n\t\t\t\t\t\t\t\t\t<h3>Hef\u00f0<\/h3><p>Erkiengillinn Mikael kemur fram \u00ed Dan\u00edelsb\u00f3k 10 og 12 \u00ed Gamla testamentinu sem talsma\u00f0ur \u00cdsraels\u00fej\u00f3\u00f0ar. \u00cd Enoksb\u00f3k er hann nefndur einn af fj\u00f3rum \u00e6\u00f0stu erkienglum. Kristnin d\u00fdrka\u00f0i hann sem lei\u00f0toga \u00ed bar\u00e1ttunni gegn Satan (Opinberunarb\u00f3kin 12,7-9).<\/p><p>\u00cd <span class=\"iwg-fachbegriff\" data-tooltip=\"Stefna innan j\u00fad\u00edskrar myst\u00edkur me\u00f0 h\u00f6fu\u00f0ritum eins og Sefer Jezira og Sohar.\" tabindex=\"0\">kabbala<\/span> er Mikael einn af erkienglum seph\u00edrunnar Chokmah (visku) e\u00f0a Gevurah (styrks), eftir kerfi. \u00cdslamska hef\u00f0in kennir hann sem Mikail, verndarherra og hj\u00e1lpara. Vestr\u00e6n englafr\u00e6\u00f0i felldi Mikael inn sem verndara gegn hinu neikv\u00e6\u00f0a og illum m\u00e1ttarv\u00f6ldum, sem birtingarmynd gu\u00f0legs vilja til reglu.<\/p><h3>Heimildarsta\u00f0a<\/h3><p>Bibl\u00edutextar eru elstu heimildirnar (gamlatestamentisb\u00e6kurnar Dan\u00edel, Enoks-ap\u00f3kr\u00fdfur, N\u00fdja testamenti\u00f0). Talm\u00fa\u00f0arrit og kabbal\u00edsk skrif \u00fatf\u00e6ra hlutverk hans (Sohar, Sefer Hechalot, Merkabah-<span class=\"iwg-fachbegriff\" data-tooltip=\"Tr\u00faarleg stefna me\u00f0 \u00e1herslu \u00e1 beina gu\u00f0supplifun.\" tabindex=\"0\">myst\u00edk<\/span>). Kristnar kirkjur v\u00edg\u00f0u Mikael fj\u00f6lm\u00f6rgum helgist\u00f6\u00f0um (Mont Saint-Michel, Mikaelskirkjur v\u00ed\u00f0s vegar um Evr\u00f3pu). N\u00fat\u00edma andleg b\u00f3kmennt, te\u00f3s\u00f3f\u00eda og n\u00fdaldarhreyfingar hafa gert d\u00fdrkun Mikaels veraldlega og s\u00e1lfr\u00e6\u00f0ilega, en leggja st\u00f6\u00f0ugt \u00e1herslu \u00e1 verndar- og m\u00e1ttarhlutverk hans.<\/p><div><h3>Bibl\u00edulegar og ap\u00f3kr\u00fdfar heimildir<\/h3><p>Erkiengillinn Mikael er eina engilsmyndin sem nefnd er me\u00f0 eigin nafni \u00ed hebreska Tanaki. Hann kemur fram \u00ed Dan\u00edelsb\u00f3k \u00e1 \u00feremur st\u00f6\u00f0um (Dan\u00edel 10,13.21 og 12,1) sem <em>einn af \u00e6\u00f0stu h\u00f6f\u00f0ingjum<\/em>, sem stendur me\u00f0 \u00cdsraels\u00fej\u00f3\u00f0 gegn persneskum og gr\u00edskum <span class=\"iwg-fachbegriff\" data-tooltip=\"\u00cd abraham\u00edsku tr\u00faarbr\u00f6g\u00f0unum himnesk sendibo\u00f0avera Gu\u00f0s.\" tabindex=\"0\">englah\u00f6f\u00f0ingjum<\/span>.<\/p><p>\u00cd ap\u00f3kr\u00fdfum b\u00f3kmenntum millitestamentanna (1. Enoksb\u00f3k, Testamenti t\u00f3lf patr\u00edarka, 2. Enoksb\u00f3k) er Mikael ger\u00f0ur a\u00f0 lei\u00f0toga fj\u00f6gurra e\u00f0a sj\u00f6 erkiengla.<\/p><p>\u00cd N\u00fdja testamentinu kemur hann fram \u00ed J\u00fadasarbr\u00e9fi 9 sem bar\u00e1ttuma\u00f0ur gegn Satan um l\u00edkama M\u00f3se og \u00ed Opinberunarb\u00f3kinni 12,7 sem lei\u00f0togi himneskra herskara \u00ed drekabar\u00e1ttunni, hinu mi\u00f0l\u00e6ga t\u00e1knmyndalagi s\u00ed\u00f0ari hef\u00f0ar.<\/p><h3>Helgisi\u00f0aleg og t\u00e1knmyndaleg hef\u00f0<\/h3><p>Mikaelsh\u00e1t\u00ed\u00f0in 29. september \u00e1 r\u00e6tur a\u00f0 rekja til <span class=\"iwg-fachbegriff\" data-tooltip=\"Tr\u00faarleg ath\u00f6fn \u00fear sem hlut, sta\u00f0 e\u00f0a manneskju er fali\u00f0 hinu tr\u00faarlega svi\u00f0i.\" tabindex=\"0\">v\u00edgslu<\/span> basil\u00edku helga\u00f0rar honum \u00e1 Via Salaria \u00ed R\u00f3m \u00e1 5. \u00f6ld og hefur s\u00ed\u00f0an veri\u00f0 fastur li\u00f0ur \u00ed helgidagatali ka\u00fe\u00f3lsku, r\u00e9tttr\u00fana\u00f0ar- og a\u00f0 hluta angl\u00edk\u00f6nsku kirkjunnar.<\/p><p>Mi\u00f0aldahelgista\u00f0urinn \u00e1 Mont-Saint-Michel \u00ed Normand\u00ed og hellirinn heilaga Mikaels \u00e1 Monte Sant&#8217;Angelo \u00ed P\u00fal\u00edu \u00e1 Su\u00f0ur-\u00cdtal\u00edu eru elstu vestr\u00e6nu p\u00edlagr\u00edmssta\u00f0irnir. Mikaelshelgista\u00f0irnir liggja \u00e1 l\u00ednu milli Skellig Michael \u00e1 \u00cdrlandi, Mont-Saint-Michel, Sacra di San Michele \u00ed Piemonte og Monte Sant&#8217;Angelo allt til Karmelfjalls og Stella Maris. \u00deeir myndir kunna ley-l\u00ednu evr\u00f3pskrar Mar\u00edu- og englad\u00fdrkunar \u00e1 p\u00edlagr\u00edmsg\u00f6ngum.<\/p><\/div>\t\t\t\t\t\t\t\t<\/div>\n\t\t\t\t\t<\/div>\n\t\t\t\t<\/div>\n\t\t\t\t\t<\/div>\n\t\t\t\t<\/div>\n\t\t<div class=\"elementor-element elementor-element-wmd-s3 e-con-boxed e-flex e-con e-parent\" data-id=\"wmd-s3\" data-element_type=\"container\" data-e-type=\"container\">\n\t\t\t\t\t<div class=\"e-con-inner\">\n\t\t\t\t<div class=\"elementor-element elementor-element-wmd-h3 elementor-widget elementor-widget-heading\" data-id=\"wmd-h3\" data-element_type=\"widget\" data-e-type=\"widget\" data-widget_type=\"heading.default\">\n\t\t\t\t\t<h2 class=\"elementor-heading-title elementor-size-default\">\u00datlit og t\u00e1kn<\/h2>\t\t\t\t<\/div>\n\t\t<div class=\"elementor-element elementor-element-wmd-s3-bw e-flex e-con-boxed e-con e-parent\" data-id=\"wmd-s3-bw\" data-element_type=\"container\" data-e-type=\"container\" data-settings=\"{&quot;background_background&quot;:&quot;classic&quot;}\">\n\t\t\t\t\t<div class=\"e-con-inner\">\n\t\t\t\t<div class=\"elementor-element elementor-element-wmd-t3 elementor-widget elementor-widget-text-editor\" data-id=\"wmd-t3\" data-element_type=\"widget\" data-e-type=\"widget\" data-widget_type=\"text-editor.default\">\n\t\t\t\t\t\t\t\t\t<p>Mikael er st\u00f6\u00f0ugt l\u00fdst sem sterk, kynhlutlaus lj\u00f3svera \u00ed herkl\u00e6\u00f0um e\u00f0a fl\u00e6\u00f0andi skikkju \u00far lj\u00f3sefni. Litur hans er rafbl\u00e1r e\u00f0a dj\u00fapsaf\u00edrbl\u00e1r, stundum fl\u00e6ktur hv\u00edtu. Hann ber logandi sver\u00f0 e\u00f0a lj\u00f3ssver\u00f0, stundum me\u00f0 skj\u00f6ld sem \u00e1 er nafn Gu\u00f0s (<em>JHVH<\/em> e\u00f0a n\u00fat\u00edmaleg t\u00e1kn).<\/p><p>V\u00e6ngir \u00far lj\u00f3sorku spretta fram \u00far her\u00f0um hans. Stundum er hann s\u00fdndur me\u00f0 f\u00e6ti \u00e1 Satan e\u00f0a dj\u00f6fullegri veru, undirokun hins illa undir kosm\u00edska reglu. \u00c1 orkusvi\u00f0inu er Mikael upplifa\u00f0ur sem sterkur, gagntekinn bl\u00e1r eldur sem hreinsar og gerir hlutina gagns\u00e6ja.<\/p>\t\t\t\t\t\t\t\t<\/div>\n\t\t\t\t\t<\/div>\n\t\t\t\t<\/div>\n\t\t\t\t\t<\/div>\n\t\t\t\t<\/div>\n\t\t<div class=\"elementor-element elementor-element-wmd-s4 e-con-boxed e-flex e-con e-parent\" data-id=\"wmd-s4\" data-element_type=\"container\" data-e-type=\"container\">\n\t\t\t\t\t<div class=\"e-con-inner\">\n\t\t\t\t<div class=\"elementor-element elementor-element-wmd-h4 elementor-widget elementor-widget-heading\" data-id=\"wmd-h4\" data-element_type=\"widget\" data-e-type=\"widget\" data-widget_type=\"heading.default\">\n\t\t\t\t\t<h2 class=\"elementor-heading-title elementor-size-default\">Hlutverk og merking<\/h2>\t\t\t\t<\/div>\n\t\t<div class=\"elementor-element elementor-element-wmd-s4-bw e-flex e-con-boxed e-con e-parent\" data-id=\"wmd-s4-bw\" data-element_type=\"container\" data-e-type=\"container\" data-settings=\"{&quot;background_background&quot;:&quot;classic&quot;}\">\n\t\t\t\t\t<div class=\"e-con-inner\">\n\t\t\t\t<div class=\"elementor-element elementor-element-wmd-t4 elementor-widget elementor-widget-text-editor\" data-id=\"wmd-t4\" data-element_type=\"widget\" data-e-type=\"widget\" data-widget_type=\"text-editor.default\">\n\t\t\t\t\t\t\t\t\t<p>Michael er verndarinn gegn \u00f6llu \u00fev\u00ed sem str\u00ed\u00f0ir gegn hinni gu\u00f0legu skipan. Hann er ekki \u00f3virkur, heldur virkur og verjandi: hann berst orrustur til a\u00f0 var\u00f0veita mannkyni\u00f0. \u00cd s\u00e1lfr\u00e6\u00f0ilegum t\u00falkunum er hann t\u00e1knmynd viljastyrks, hugrekkis og getunnar til a\u00f0 setja m\u00f6rk.<\/p><p>Hann er \u00edmynd \u00feeirrar meginreglu a\u00f0 neikv\u00e6\u00f0ni skuli ekki einfaldlega sam\u00feykkja, heldur megi og eigi a\u00f0 umbreyta henni me\u00f0 virkum h\u00e6tti. Bl\u00e1a orka hans er notu\u00f0 til a\u00f0 finna og styrkja veika bletti \u00ed skj\u00f3lsvi\u00f0inu. Michael s\u00fdnir a\u00f0 lj\u00f3s getur veri\u00f0 mildilegt og \u00e1 sama t\u00edma kraftmiki\u00f0 og skipulagt.<\/p><div><h3>Samanbur\u00f0ar tr\u00faarbrag\u00f0asaga<\/h3><p>Michael er, \u00fat fr\u00e1 hlutverki s\u00ednu, hluti af v\u00ed\u00f0t\u00e6kari hef\u00f0 bardagaf\u00edkinna verndar-<span class=\"iwg-fachbegriff\" data-tooltip=\"\u00cd abraham\u00edskum tr\u00faarbr\u00f6g\u00f0um himneskur sendibo\u00f0i Gu\u00f0s.\" tabindex=\"0\">engla<\/span> og drekabana. Skyldir a\u00f0 byggingu eru egypski H\u00f3rus me\u00f0 spj\u00f3ti\u00f0, gr\u00edski Apollon \u00ed bardaganum vi\u00f0 Python, persneski Mithra \u00ed bardaganum vi\u00f0 nauti\u00f0, norr\u00e6na \u00de\u00f3rs-hef\u00f0in gegn Mi\u00f0gar\u00f0sorminum og Vishvakarman \u00ed ved\u00edskri hef\u00f0.<\/p><p>Ranns\u00f3knir \u00ed tr\u00faarbrag\u00f0as\u00f6gu (Hans Schwarzenbach, Frederic Manns) lesa drekabardagalagi\u00f0 \u00ed Michaels-hef\u00f0inni sem yfirt\u00f6ku \u00far fornu Austurlanda-n\u00e6r combat-<span class=\"iwg-fachbegriff\" data-tooltip=\"Hef\u00f0bundin fr\u00e1s\u00f6gn um gu\u00f0i, uppruna og skipan heimsins.\" tabindex=\"0\">go\u00f0s\u00f6gninni<\/span> (Marduk gegn Tiamat, Baal gegn Yam), sem barst gegnum j\u00fad\u00edska heimsslitab\u00f3kmennt yfir \u00ed kristna engjafr\u00e6\u00f0i.<\/p><p>\u00cd skj\u00f3l-<span class=\"iwg-fachbegriff\" data-tooltip=\"Heilagt or\u00f0 e\u00f0a form\u00fala sem endurtekin er \u00ed hind\u00faisma og b\u00faddisma.\" tabindex=\"0\">mantrunni<\/span> er Michael til sta\u00f0ar \u00ed iWell Guard-hef\u00f0inni me\u00f0 \u00f3beinum h\u00e6tti, \u00fev\u00ed lj\u00f3skrossi\u00f0 og erkiengla-fj\u00f3rfaldan (Tetraktys) m\u00f3ta skj\u00f3lsvi\u00f0i\u00f0; hann er \u00e1varpa\u00f0ur berum or\u00f0um \u00ed hef\u00f0bundnum brottreksturssi\u00f0um Golden Dawn-hef\u00f0arins sem v\u00f6r\u00f0ur su\u00f0ur\u00e1tta.<\/p><\/div>\t\t\t\t\t\t\t\t<\/div>\n\t\t\t\t\t<\/div>\n\t\t\t\t<\/div>\n\t\t\t\t\t<\/div>\n\t\t\t\t<\/div>\n\t\t<div class=\"elementor-element elementor-element-wmd-s5 e-con-boxed e-flex e-con e-parent\" data-id=\"wmd-s5\" data-element_type=\"container\" data-e-type=\"container\">\n\t\t\t\t\t<div class=\"e-con-inner\">\n\t\t\t\t<div class=\"elementor-element elementor-element-wmd-h5 elementor-widget elementor-widget-heading\" data-id=\"wmd-h5\" data-element_type=\"widget\" data-e-type=\"widget\" data-widget_type=\"heading.default\">\n\t\t\t\t\t<h2 class=\"elementor-heading-title elementor-size-default\">Notkun \/ \u00e1kall \/ merking \u00ed samhengi iWell Guard<\/h2>\t\t\t\t<\/div>\n\t\t<div class=\"elementor-element elementor-element-wmd-s5-bw e-flex e-con-boxed e-con e-parent\" data-id=\"wmd-s5-bw\" data-element_type=\"container\" data-e-type=\"container\" data-settings=\"{&quot;background_background&quot;:&quot;classic&quot;}\">\n\t\t\t\t\t<div class=\"e-con-inner\">\n\t\t\t\t<div class=\"elementor-element elementor-element-wmd-t5 elementor-widget elementor-widget-text-editor\" data-id=\"wmd-t5\" data-element_type=\"widget\" data-e-type=\"widget\" data-widget_type=\"text-editor.default\">\n\t\t\t\t\t\t\t\t\t<p>\u00cd iWell Guard er Mikael \u00e1kalla\u00f0ur sem hinn virki verndari verndarsvi\u00f0sins. Bl\u00e1a loginn hans er sj\u00f3nmynda\u00f0ur til a\u00f0 verjast neikv\u00e6\u00f0um \u00e1hrifum, hreinsa s\u00e1lr\u00e6n tengsl og styrkja viljann. Algeng i\u00f0kun er a\u00f0 kveikja \u00e1 bl\u00e1rri kertu og bj\u00f3\u00f0a krafti Mikaels velkominn \u00ed huganum.<\/p><p>Sver\u00f0 hans er skili\u00f0 sem verkf\u00e6ri til a\u00f0 fjarl\u00e6gja orkulega \u201e\u00f3hreinindi&#8220;. Mikael er verndarinn sem segir: \u201eHinga\u00f0 og ekki lengra.&#8220; Kraftur hans er \u00f3missandi fyrir iWell Guard sem hi\u00f0 athafnasama, verjandi frumkraft vi\u00f0 hli\u00f0 hinna lj\u00f3sveranna og sem millili\u00f0ur milli himins og mannlegs vilja.<\/p><div><h3><span class=\"iwg-fachbegriff\" data-tooltip=\"Hin bi\u00f0jandi e\u00f0a \u00e1kallandi \u00e1varpssta\u00f0a manns til gu\u00f0d\u00f3ms e\u00f0a m\u00e1ttar.\" tabindex=\"0\">\u00c1kall<\/span> og verndari\u00f0kun<\/h3><p>Ka\u00fe\u00f3lska hef\u00f0in \u00feekkir <em><span class=\"iwg-fachbegriff\" data-tooltip=\"Hin tala\u00f0a \u00e1v\u00f6rpun mannsins til gu\u00f0d\u00f3ms.\" tabindex=\"0\">b\u00e6nina<\/span> til hins heilaga erkiengils Mikaels<\/em>, sem Leo XIII p\u00e1fi innleiddi \u00e1 19. \u00f6ld, sem verndarb\u00e6n gegn <em>illsku og \u00e1leitni dj\u00f6fulsins<\/em>; h\u00fan var fr\u00e1 1886 til 1965 fastur hluti af Leoninsku b\u00e6nunum eftir hverja hlj\u00f3\u00f0l\u00e1ta messu og hefur fr\u00e1 t\u00ed\u00f0 J\u00f3hannesar P\u00e1ls II veri\u00f0 heimilu\u00f0 \u00e1 n\u00fd.<\/p><p>\u00cd helgisi\u00f0abundinni galdrahef\u00f0 er Mikael erkiengill su\u00f0ursins og svi\u00f0sins Tiphereth (s\u00f3lar) \u00ed l\u00edfsins tr\u00e9 <span class=\"iwg-fachbegriff\" data-tooltip=\"Stefna innan gy\u00f0inglegrar dulspeki me\u00f0 h\u00f6fu\u00f0ritum eins og Sefer Jezira og S\u00f3har.\" tabindex=\"0\">kabbalans<\/span>. \u00cd samhengi iWell Guard er hann einn af fj\u00f3rum erkienglum, en verndarm\u00e1ttur \u00feeirra \u00ed <span class=\"iwg-fachbegriff\" data-tooltip=\"Heilagt atkv\u00e6\u00f0i e\u00f0a form\u00fala sem endurtekin er \u00ed hind\u00faisma og b\u00faddisma.\" tabindex=\"0\">m\u00f6ntru<\/span> er \u00f3beint virkja\u00f0ur \u00ed gegnum Gabr\u00edel-erkiengils\u00e1kv\u00e6\u00f0i\u00f0 (sj\u00e1 <a href=\"https:\/\/iwell-guard.com\/is\/?page_id=168874\">yfirlit yfir virkni<\/a>) og \u00ed gegnum lj\u00f3skrossr\u00famfr\u00e6\u00f0ina.<\/p><\/div>\t\t\t\t\t\t\t\t<\/div>\n\t\t\t\t\t<\/div>\n\t\t\t\t<\/div>\n\t\t\t\t\t<\/div>\n\t\t\t\t<\/div>\n\t\t<div class=\"elementor-element elementor-element-wmd-s6 e-con-boxed e-flex e-con e-parent\" data-id=\"wmd-s6\" data-element_type=\"container\" data-e-type=\"container\">\n\t\t\t\t\t<div class=\"e-con-inner\">\n\t\t\t\t<div class=\"elementor-element elementor-element-wmd-h6 elementor-widget elementor-widget-heading\" data-id=\"wmd-h6\" data-element_type=\"widget\" data-e-type=\"widget\" data-widget_type=\"heading.default\">\n\t\t\t\t\t<h2 class=\"elementor-heading-title elementor-size-default\">Hli\u00f0st\u00e6\u00f0ur<\/h2>\t\t\t\t<\/div>\n\t\t<div class=\"elementor-element elementor-element-wmd-s6-bw e-flex e-con-boxed e-con e-parent\" data-id=\"wmd-s6-bw\" data-element_type=\"container\" data-e-type=\"container\" data-settings=\"{&quot;background_background&quot;:&quot;classic&quot;}\">\n\t\t\t\t\t<div class=\"e-con-inner\">\n\t\t\t\t<div class=\"elementor-element elementor-element-wmd-t6 elementor-widget elementor-widget-text-editor\" data-id=\"wmd-t6\" data-element_type=\"widget\" data-e-type=\"widget\" data-widget_type=\"text-editor.default\">\n\t\t\t\t\t\t\t\t\t<footer class=\"iwg-literatur\" data-nosnippet=\"true\"><p>Michael m\u00e1 finna \u00ed \u00f6\u00f0rum menningarheimum sem bardagaf\u00edkinn himneskan hetju: <em>Indra<\/em> \u00ed hind\u00faisma (gu\u00f0 \u00ferumunnar og str\u00ed\u00f0smanna), <em>heilagur Georg<\/em> sem drekabani, <em>Mithras<\/em> sem sigrari myrkursins, bardagahli\u00f0ar Apollons og Mars sem str\u00ed\u00f0sgu\u00f0. \u00d6ll \u00feessi v\u00e6ttir eru \u00edmynd meginreglunnar um virka v\u00f6rn og sigur gegn glundro\u00f0a og ey\u00f0ingu.<\/p><\/footer>\t\t\t\t\t\t\t\t<\/div>\n\t\t\t\t\t<\/div>\n\t\t\t\t<\/div>\n\t\t\t\t\t<\/div>\n\t\t\t\t<\/div>\n\t\t<div class=\"elementor-element elementor-element-cpfa8ad9a e-flex e-con-boxed e-con e-parent\" data-id=\"cpfa8ad9a\" data-element_type=\"container\" data-e-type=\"container\">\n\t\t\t\t\t<div class=\"e-con-inner\">\n\t\t\t\t<div class=\"elementor-element elementor-element-cp02cc327 elementor-widget elementor-widget-heading\" data-id=\"cp02cc327\" data-element_type=\"widget\" data-e-type=\"widget\" data-widget_type=\"heading.default\">\n\t\t\t\t\t<h2 class=\"elementor-heading-title elementor-size-default\">Michael \u00ed bibl\u00edulegri og ap\u00f3kr\u00fdfri hef\u00f0<\/h2>\t\t\t\t<\/div>\n\t\t<div class=\"elementor-element elementor-element-cpe9d414f e-con-full e-flex e-con e-child\" data-id=\"cpe9d414f\" data-element_type=\"container\" data-e-type=\"container\">\n\t\t\t\t<div class=\"elementor-element elementor-element-cp3d116f4 elementor-widget elementor-widget-text-editor\" data-id=\"cp3d116f4\" data-element_type=\"widget\" data-e-type=\"widget\" data-widget_type=\"text-editor.default\">\n\t\t\t\t\t\t\t\t\t<p>Erkiengillinn Michael er nefndur \u00ed hebresku bibl\u00edunni a\u00f0eins \u00e1 f\u00e1um st\u00f6\u00f0um, \u00f6llum \u00ed Dan\u00edelsb\u00f3k. \u00dear birtist hann sem hinn mikli engladrottinn sem gengur til li\u00f0s vi\u00f0 \u00cdsraels\u00fej\u00f3\u00f0, og sem himneskur bardagama\u00f0ur \u00ed \u00e1t\u00f6kum endat\u00edmans. Nafn hans er spurning \u00ed formi j\u00e1tningar, \u00e1 hebresku <em>mi-ka-el<\/em>, Hver er sem Gu\u00f0.<\/p><p>\u00cd N\u00fdja testamentinu kemur Michael fram \u00e1 tveimur st\u00f6\u00f0um. Jakobsbr\u00e9fi\u00f0 nefnir deilu Michaels vi\u00f0 dj\u00f6fulinn um l\u00edk M\u00f3se, sem s\u00e6kir \u00ed ap\u00f3kr\u00fdfa M\u00f3se-<span class=\"iwg-fachbegriff\" data-tooltip=\"Mi\u00f0lun \u00feekkingar og fr\u00e1sagna kynsl\u00f3\u00f0 eftir kynsl\u00f3\u00f0.\" tabindex=\"0\">hef\u00f0<\/span>.<\/p><p>\u00cd Opinberunarb\u00f3k J\u00f3hannesar er \u00ed t\u00f3lfta kafla l\u00fdst bardaga Michaels og <span class=\"iwg-fachbegriff\" data-tooltip=\"\u00cd abraham\u00edskum tr\u00faarbr\u00f6g\u00f0um himneskur sendibo\u00f0i Gu\u00f0s.\" tabindex=\"0\">engla<\/span> hans gegn drekanum, sem er sigra\u00f0ur og hrakinn \u00far himninum. \u00deessi atbur\u00f0ar\u00e1s var\u00f0 r\u00e1\u00f0andi fyrir kristna hugmynd um Michael sem sigrara Satans.<\/p><p>Michaels-pers\u00f3nan f\u00e9kk r\u00edka \u00fatf\u00e6rslu \u00ed ap\u00f3kr\u00fdfum og pseudepigraf\u00edskum b\u00f3kmenntum forn-j\u00fadad\u00f3ms, me\u00f0al annars \u00ed e\u00fe\u00ed\u00f3p\u00edsku Enoksb\u00f3kinni, \u00fear sem Michael er einn af fj\u00f3rum e\u00f0a sj\u00f6 \u00e6\u00f0stu erkienglum.<\/p><p>Ranns\u00f3knir hafa leitt \u00ed lj\u00f3s a\u00f0 hugmyndin um nafngreinda erkiengla me\u00f0 sk\u00fdrt afm\u00f6rku\u00f0 hlutverk \u00fer\u00f3a\u00f0ist ekki fyrr en \u00e1 t\u00edmanum eftir herlei\u00f0inguna, hugsanlega undir \u00e1hrifum fr\u00e1 persneskum engilshugmyndum. Michael er \u00ed \u00feessari \u00fer\u00f3un fr\u00e1 upphafi fremsta pers\u00f3nan, hinn himneski verndard\u00fdrlingur Gu\u00f0s \u00fej\u00f3\u00f0ar.<\/p>\t\t\t\t\t\t\t\t<\/div>\n\t\t\t\t<\/div>\n\t\t\t\t\t<\/div>\n\t\t\t\t<\/div>\n\t\t<div class=\"elementor-element elementor-element-cp71a7cc0 e-flex e-con-boxed e-con e-parent\" data-id=\"cp71a7cc0\" data-element_type=\"container\" data-e-type=\"container\">\n\t\t\t\t\t<div class=\"e-con-inner\">\n\t\t\t\t<div class=\"elementor-element elementor-element-cpc283682 elementor-widget elementor-widget-heading\" data-id=\"cpc283682\" data-element_type=\"widget\" data-e-type=\"widget\" data-widget_type=\"heading.default\">\n\t\t\t\t\t<h2 class=\"elementor-heading-title elementor-size-default\">Michaelsd\u00fdrkunin: Helgista\u00f0ir fr\u00e1 Chonai til Monte Gargano<\/h2>\t\t\t\t<\/div>\n\t\t<div class=\"elementor-element elementor-element-cp3df1219 e-con-full e-flex e-con e-child\" data-id=\"cp3df1219\" data-element_type=\"container\" data-e-type=\"container\">\n\t\t\t\t<div class=\"elementor-element elementor-element-cp9cdec31 elementor-widget elementor-widget-text-editor\" data-id=\"cp9cdec31\" data-element_type=\"widget\" data-e-type=\"widget\" data-widget_type=\"text-editor.default\">\n\t\t\t\t\t\t\t\t\t<p><span class=\"iwg-fachbegriff\" data-tooltip=\"Heildarhugtak yfir alla tr\u00faarlega d\u00fdrkun \u00e1 gu\u00f0i e\u00f0a heilagri veru.\" tabindex=\"0\">D\u00fdrkun<\/span> erkiengilsins M\u00edkaels breiddist hratt \u00fat fr\u00e1 <span class=\"iwg-fachbegriff\" data-tooltip=\"Umbreytingart\u00edmabil milli fornaldar og mi\u00f0alda, um \u00fea\u00f0 bil 3. til 7. \u00f6ld.\" tabindex=\"0\">s\u00ed\u00f0forn\u00f6ld<\/span> og var n\u00e1i\u00f0 tengd \u00e1kve\u00f0num helgist\u00f6\u00f0um, oft hellum og fjallstindum. Ein af elstu mi\u00f0st\u00f6\u00f0vunum var \u00ed Chonai \u00ed Litlu-As\u00edu, hinu forna Kolossai, \u00fear sem birting M\u00edkaels vi\u00f0 lind var d\u00fdrku\u00f0.<\/p><p>\u00c1 Vesturl\u00f6ndum var\u00f0 <em>Monte Gargano<\/em> \u00e1 Ap\u00fal\u00edu mikilv\u00e6gasti helgista\u00f0ur M\u00edkaels. <span class=\"iwg-fachbegriff\" data-tooltip=\"Uppbyggileg fr\u00e1s\u00f6gn, oft um l\u00edf heilagra manna.\" tabindex=\"0\">Helgisaga<\/span> fr\u00e1 5. e\u00f0a 6. \u00f6ld greinir fr\u00e1 birtingum erkiengilsins \u00ed fjallshelli, sem \u00ed kj\u00f6lfari\u00f0 var\u00f0 d\u00fdrkunarsta\u00f0ur.<\/p><p>Fr\u00e1 Gargano breiddist hellisd\u00fdrkunin \u00fat um Evr\u00f3pu. Fr\u00e6gasta d\u00e6mi\u00f0 um \u00feessa hef\u00f0 er <em>Mont-Saint-Michel<\/em> \u00ed Normand\u00ed, en stofnun \u00feess \u00e1 8. \u00f6ld er sagt beinl\u00ednis bygg\u00f0 \u00e1 fyrirmyndinni fr\u00e1 Gargano.<\/p><p>\u00c1berandi er tengsl M\u00edkaels vi\u00f0 h\u00e6\u00f0ir. Fj\u00f6lmargar kapellur og kirkjur sem honum eru helga\u00f0ar standa \u00e1 fj\u00f6llum, h\u00e6\u00f0um e\u00f0a upph\u00e6kku\u00f0um st\u00f6\u00f0um, oft \u00e1 \u00e1berandi \u00fatsettum st\u00f6\u00f0um. <span class=\"iwg-fachbegriff\" data-tooltip=\"Fr\u00e6\u00f0igreinin sem rannsakar tr\u00faarbr\u00f6g\u00f0 samanbur\u00f0arlega og \u00e1n tr\u00faarlegrar skuldbindingar.\" tabindex=\"0\">Tr\u00faarbrag\u00f0afr\u00e6\u00f0i<\/span> \u00fatsk\u00fdrir \u00feetta a\u00f0 hluta me\u00f0 hlutverki M\u00edkaels sem himnesks str\u00ed\u00f0smanns og s\u00e1larlei\u00f0s\u00f6gumanns, a\u00f0 hluta me\u00f0 yfirt\u00f6ku \u00e1 eldri h\u00e6\u00f0ad\u00fdrkun.<\/p><p>\u00cd kristinni <span class=\"iwg-fachbegriff\" data-tooltip=\"Tr\u00faarl\u00edf sem lifa\u00f0 er \u00ed daglegu l\u00edfi, oft samhli\u00f0a hinni opinberu kenningu.\" tabindex=\"0\">al\u00fe\u00fd\u00f0utr\u00fa<\/span> var M\u00edkael auk \u00feess talinn fylgja s\u00e1lum yfir \u00ed handanheiminn og s\u00e1 sem vegur s\u00e1lirnar. \u00deetta hlutverk s\u00e1larvogarmannsins, sem \u00ed myndlist er s\u00fdnt me\u00f0 vog \u00ed hendi M\u00edkaels, hefur hli\u00f0st\u00e6\u00f0ur \u00ed eldri hugmyndum um handanheiminn, me\u00f0al annars \u00ed egypska dau\u00f0ad\u00f3minum.<\/p>\t\t\t\t\t\t\t\t<\/div>\n\t\t\t\t<\/div>\n\t\t\t\t\t<\/div>\n\t\t\t\t<\/div>\n\t\t<div class=\"elementor-element elementor-element-cpdbc74e1 e-flex e-con-boxed e-con e-parent\" data-id=\"cpdbc74e1\" data-element_type=\"container\" data-e-type=\"container\">\n\t\t\t\t\t<div class=\"e-con-inner\">\n\t\t\t\t<div class=\"elementor-element elementor-element-cpbd7d255 elementor-widget elementor-widget-heading\" data-id=\"cpbd7d255\" data-element_type=\"widget\" data-e-type=\"widget\" data-widget_type=\"heading.default\">\n\t\t\t\t\t<h2 class=\"elementor-heading-title elementor-size-default\">M\u00edkael \u00ed listinni: s\u00e1larvogarma\u00f0urinn og drekabaninn<\/h2>\t\t\t\t<\/div>\n\t\t<div class=\"elementor-element elementor-element-cpc905231 e-con-full e-flex e-con e-child\" data-id=\"cpc905231\" data-element_type=\"container\" data-e-type=\"container\">\n\t\t\t\t<div class=\"elementor-element elementor-element-cpf261812 elementor-widget elementor-widget-text-editor\" data-id=\"cpf261812\" data-element_type=\"widget\" data-e-type=\"widget\" data-widget_type=\"text-editor.default\">\n\t\t\t\t\t\t\t\t\t<p>\u00cd kristinni myndlist er M\u00edkael einn af \u00feeim englum sem oftast er s\u00fdndur, og <span class=\"iwg-fachbegriff\" data-tooltip=\"Fr\u00e6\u00f0in um myndefni og merkingu \u00feeirra.\" tabindex=\"0\">helgimyndafr\u00e6\u00f0i<\/span> hans er nokku\u00f0 fastm\u00f3tu\u00f0. Tv\u00e6r myndger\u00f0ir eru r\u00e1\u00f0andi.<\/p><p>Fyrri ger\u00f0in s\u00fdnir M\u00edkael sem drekabana e\u00f0a sigurvegara yfir dj\u00f6flinum, brynja\u00f0an, me\u00f0 spj\u00f3t e\u00f0a sver\u00f0, standandi yfir undiroku\u00f0um dreka e\u00f0a satan\u00edskri veru. \u00deessi ger\u00f0 er sprottin af senunni \u00far J\u00f3hannesargu\u00f0spjalli (Opinberunarb\u00f3kinni) og s\u00fdnir M\u00edkael sem himneskan str\u00ed\u00f0smann.<\/p><p>Seinni myndger\u00f0in s\u00fdnir M\u00edkael sem s\u00e1larvogarmann, <em>psychostasis<\/em>. Hann heldur \u00e1 vog, \u00fear sem s\u00e1lirnar e\u00f0a verk \u00feeirra eru veginn, me\u00f0an <span class=\"iwg-fachbegriff\" data-tooltip=\"Andleg vera sem eignu\u00f0 er ska\u00f0leg e\u00f0a tv\u00edr\u00e6\u00f0 \u00e1hrif.\" tabindex=\"0\">dj\u00f6full<\/span> reynir oft a\u00f0 \u00feyngja vogina \u00ed \u00e1tt til ford\u00e6mingar. \u00deessi myndger\u00f0 var einkum \u00fatbreidd \u00e1 mi\u00f0\u00f6ldum, me\u00f0al annars \u00ed myndum af d\u00f3msdegi \u00e1 kirkjuhli\u00f0um.<\/p><p>M\u00edkael er sem erkiengill oft s\u00fdndur me\u00f0 v\u00e6ngi, geislabaug og bl\u00f6ndu af hermannlegum og helgisi\u00f0abundnum kl\u00e6\u00f0na\u00f0i. B\u00fds\u00f6nsk list s\u00fdndi hann oft sem hir\u00f0mannlegan tignarmann, en vestr\u00e6n list \u00ed auknum m\u00e6li sem brynja\u00f0an riddara. Fr\u00e6g verk endurreisnart\u00edmans, me\u00f0al annars eftir Raffael og Guido Reni, m\u00f3tu\u00f0u myndina af ungum, f\u00f6grum og sigurs\u00e6lum engli.<\/p><p>\u00cd gegnum skjaldarmerkjafr\u00e6\u00f0i, verndard\u00fdrlingshlutverk fj\u00f6lda landa, borga og starfsst\u00e9tta, og fj\u00f6lda sta\u00f0arnafna er M\u00edkael \u00e1fram menningarlega s\u00fdnilegur. Fr\u00e6\u00f0imenn l\u00edta \u00e1 \u00feessa st\u00f6\u00f0ugu <span class=\"iwg-fachbegriff\" data-tooltip=\"Fr\u00e6\u00f0in um myndefni og merkingu \u00feeirra.\" tabindex=\"0\">helgimyndafr\u00e6\u00f0i<\/span> sem vitnisbur\u00f0 um hvernig upphaflega textal\u00edtil bibl\u00eduleg pers\u00f3na var\u00f0, \u00ed gegnum <span class=\"iwg-fachbegriff\" data-tooltip=\"Heildarhugtak yfir alla tr\u00faarlega d\u00fdrkun \u00e1 gu\u00f0i e\u00f0a heilagri veru.\" tabindex=\"0\">d\u00fdrkun<\/span>, <span class=\"iwg-fachbegriff\" data-tooltip=\"Uppbyggileg fr\u00e1s\u00f6gn, oft um l\u00edf heilagra manna.\" tabindex=\"0\">helgis\u00f6gu<\/span> og list, ein af \u00feekktustu pers\u00f3num kristninnar.<\/p>\t\t\t\t\t\t\t\t<\/div>\n\t\t\t\t<\/div>\n\t\t\t\t\t<\/div>\n\t\t\t\t<\/div>\n\t\t<div class=\"elementor-element elementor-element-0cb873e e-con-boxed e-flex e-con e-parent\" data-id=\"0cb873e\" data-element_type=\"container\" data-e-type=\"container\">\n\t\t\t\t\t<div class=\"e-con-inner\">\n\t\t\t\t<div class=\"elementor-element elementor-element-f6ec007 elementor-widget elementor-widget-text-editor\" data-id=\"f6ec007\" data-element_type=\"widget\" data-e-type=\"widget\" data-widget_type=\"text-editor.default\">\n\t\t\t\t\t\t\t\t\t\n<h2>Algengar spurningar um erkiengilinn M\u00edkael<\/h2>\n<div class=\"iwg-faq-q\"><h3>Hver er erkiengillinn M\u00edkael?<\/h3><p>M\u00edkael (\u00e1 hebresku M\u00ed-kha-el, Hver er sem Gu\u00f0?) er mikilv\u00e6gasti erkiengill hinnar j\u00fad\u00edsku, kristnu og \u00edsl\u00f6msku hef\u00f0ar. \u00cd Opinberunarb\u00f3k J\u00f3hannesar (Opinberunarb\u00f3kin 12) lei\u00f0ir hann himneska herli\u00f0i\u00f0 gegn drekanum Satan.<\/p><p>M\u00edkael er talinn verndari \u00cdsraels (Dan\u00edelsb\u00f3k), lei\u00f0togi himneskra herskara og verndard\u00fdrlingur hermanna, l\u00f6greglumanna og bankamanna. H\u00e1t\u00ed\u00f0ardagur hans er 29. september (Mikj\u00e1lsmessa).<\/p><\/div>\n<div class=\"iwg-faq-q\"><h3>Hvernig er erkiengillinn M\u00edkael \u00e1kalla\u00f0ur?<\/h3><p>Klass\u00edsk \u00e1kall eru Heilags-M\u00edkaels-verndarenglab\u00e6nin (fr\u00e1 p\u00e1fa Le\u00f3 XIII., 1886) og styttri b\u00e6nir fyrir erfi\u00f0 verkefni e\u00f0a \u00e1t\u00f6k. \u00cd n\u00fat\u00edma <span class=\"iwg-fachbegriff\" data-tooltip=\"\u00cd abraham\u00edskum tr\u00faarbr\u00f6g\u00f0um himnesk sendibo\u00f0avera Gu\u00f0s.\" tabindex=\"0\">engla<\/span>&#8211;<span class=\"iwg-fachbegriff\" data-tooltip=\"Samheiti yfir kenningar sem gera kr\u00f6fu um dulda \u00feekkingu sem a\u00f0eins innv\u00edg\u00f0ir hafa a\u00f0gang a\u00f0.\" tabindex=\"0\">dulspeki<\/span> er M\u00edkael oft s\u00fdnn me\u00f0 lj\u00f3ssver\u00f0i sem sker \u00ed gegnum neikv\u00e6\u00f0a orku. Klass\u00edsk t\u00e1kn: sver\u00f0i\u00f0, vogin (fyrir s\u00e1larvigtun \u00e1 d\u00f3msdegi), sigra\u00f0i drekinn vi\u00f0 f\u00e6tur hans.<\/p><\/div>\n<script type=\"application\/ld+json\">{\"@context\":\"https:\/\/schema.org\",\"@type\":\"FAQPage\",\"mainEntity\":[{\"@type\":\"Question\",\"name\":\"Hver er erkiengillinn M\u00edkael?\",\"acceptedAnswer\":{\"@type\":\"Answer\",\"text\":\"M\u00edkael (\u00e1 hebresku M\u00ed-kha-el, Hver er sem Gu\u00f0?) er mikilv\u00e6gasti erkiengill hinnar j\u00fad\u00edsku, kristnu og \u00edsl\u00f6msku hef\u00f0ar. \u00cd Opinberunarb\u00f3k J\u00f3hannesar (Opinberunarb\u00f3kin 12) lei\u00f0ir hann himneska herli\u00f0i\u00f0 gegn drekanum Satan. M\u00edkael er talinn verndari \u00cdsraels (Dan\u00edelsb\u00f3k), lei\u00f0togi himneskra herskara og verndard\u00fdrlingur hermanna, l\u00f6greglumanna og bankamanna. H\u00e1t\u00ed\u00f0ardagur hans er 29. september (Mikj\u00e1lsmessa).\"}},{\"@type\":\"Question\",\"name\":\"Hvernig er erkiengillinn M\u00edkael \u00e1kalla\u00f0ur?\",\"acceptedAnswer\":{\"@type\":\"Answer\",\"text\":\"Klass\u00edsk \u00e1kall eru Heilags-M\u00edkaels-verndarenglab\u00e6nin (fr\u00e1 p\u00e1fa Le\u00f3 XIII., 1886) og styttri b\u00e6nir fyrir erfi\u00f0 verkefni e\u00f0a \u00e1t\u00f6k. \u00cd n\u00fat\u00edma engla-dulspeki er M\u00edkael oft s\u00fdnn me\u00f0 lj\u00f3ssver\u00f0i sem sker \u00ed gegnum neikv\u00e6\u00f0a orku. Klass\u00edsk t\u00e1kn: sver\u00f0i\u00f0, vogin (fyrir s\u00e1larvigtun \u00e1 d\u00f3msdegi), sigra\u00f0i drekinn vi\u00f0 f\u00e6tur hans.\"}}]}<\/script>\t\t\t\t\t\t\t\t<\/div>\n\t\t\t\t\t<\/div>\n\t\t\t\t<\/div>\n\t\t\t\t<\/div>\n\t\t","protected":false},"excerpt":{"rendered":"","protected":false},"author":3,"featured_media":1622,"parent":0,"menu_order":0,"comment_status":"closed","ping_status":"closed","template":"elementor_header_footer","meta":{"_yoast_wpseo_focuskw":"Erkiengillinn Mikael","_yoast_wpseo_title":"Erkiengillinn Mikael - Lei\u00f0togi himneskra herskara","_yoast_wpseo_metadesc":"Erkiengillinn Mikael er m\u00e1ttugasti verndarengillinn \u00ed hinni j\u00fad\u00edsk-kristnu hef\u00f0. F\u00e1\u00f0u a\u00f0 vita meira um kraft hans \u00ed iWell-Guard-i\u00f0kuninni.","_yoast_wpseo_meta-robots-noindex":"","_yoast_wpseo_canonical":"","_angie_page":false,"gefaehrdungsstufe":"","wesen_kultur":"","wesen_klasse":"","footnotes":""},"categories":[],"class_list":["post-168687","page","type-page","status-publish","has-post-thumbnail","hentry"],"yoast_head":"<!-- This site is optimized with the Yoast SEO Premium plugin v27.7 (Yoast SEO v28.3) - https:\/\/yoast.com\/product\/yoast-seo-premium-wordpress\/ -->\n<title>Erkiengillinn Mikael - Lei\u00f0togi himneskra herskara<\/title>\n<meta name=\"description\" content=\"Erkiengillinn Mikael er m\u00e1ttugasti verndarengillinn \u00ed hinni j\u00fad\u00edsk-kristnu hef\u00f0. F\u00e1\u00f0u a\u00f0 vita meira um kraft hans \u00ed iWell-Guard-i\u00f0kuninni.\" \/>\n<meta name=\"robots\" content=\"index, follow, max-snippet:-1, max-image-preview:large, max-video-preview:-1\" \/>\n<link rel=\"canonical\" href=\"https:\/\/iwell-guard.com\/is\/erkiengillinn-mikael\/\" \/>\n<meta property=\"og:locale\" content=\"is_IS\" \/>\n<meta property=\"og:type\" content=\"article\" \/>\n<meta property=\"og:title\" content=\"Erkiengillinn Mikael\" \/>\n<meta property=\"og:description\" content=\"Erkiengillinn Mikael er m\u00e1ttugasti verndarengillinn \u00ed hinni j\u00fad\u00edsk-kristnu hef\u00f0. F\u00e1\u00f0u a\u00f0 vita meira um kraft hans \u00ed iWell-Guard-i\u00f0kuninni.\" \/>\n<meta property=\"og:url\" content=\"https:\/\/iwell-guard.com\/is\/erkiengillinn-mikael\/\" \/>\n<meta property=\"og:site_name\" content=\"iWell Guard\" \/>\n<meta property=\"article:modified_time\" content=\"2026-09-05T14:16:52+00:00\" \/>\n<meta property=\"og:image\" content=\"https:\/\/iwell-guard.com\/wp-content\/uploads\/2026\/04\/lichtwesen_erzengel-michael.webp\" \/>\n\t<meta property=\"og:image:width\" content=\"1024\" \/>\n\t<meta property=\"og:image:height\" content=\"1536\" \/>\n\t<meta property=\"og:image:type\" content=\"image\/webp\" \/>\n<meta name=\"twitter:card\" content=\"summary_large_image\" \/>\n<script type=\"application\/ld+json\" class=\"yoast-schema-graph\">{\"@context\":\"https:\\\/\\\/schema.org\",\"@graph\":[{\"@type\":\"WebPage\",\"@id\":\"https:\\\/\\\/iwell-guard.com\\\/is\\\/erkiengillinn-mikael\\\/\",\"url\":\"https:\\\/\\\/iwell-guard.com\\\/is\\\/erkiengillinn-mikael\\\/\",\"name\":\"Erkiengillinn Mikael - Lei\u00f0togi himneskra herskara\",\"isPartOf\":{\"@id\":\"https:\\\/\\\/iwell-guard.com\\\/is\\\/#website\"},\"primaryImageOfPage\":{\"@id\":\"https:\\\/\\\/iwell-guard.com\\\/is\\\/erkiengillinn-mikael\\\/#primaryimage\"},\"image\":{\"@id\":\"https:\\\/\\\/iwell-guard.com\\\/is\\\/erkiengillinn-mikael\\\/#primaryimage\"},\"thumbnailUrl\":\"https:\\\/\\\/iwell-guard.com\\\/wp-content\\\/uploads\\\/2026\\\/04\\\/lichtwesen_erzengel-michael.webp\",\"datePublished\":\"2026-09-05T14:02:10+00:00\",\"dateModified\":\"2026-09-05T14:16:52+00:00\",\"description\":\"Erkiengillinn Mikael er m\u00e1ttugasti verndarengillinn \u00ed hinni j\u00fad\u00edsk-kristnu hef\u00f0. F\u00e1\u00f0u a\u00f0 vita meira um kraft hans \u00ed iWell-Guard-i\u00f0kuninni.\",\"breadcrumb\":{\"@id\":\"https:\\\/\\\/iwell-guard.com\\\/is\\\/erkiengillinn-mikael\\\/#breadcrumb\"},\"inLanguage\":\"is\",\"potentialAction\":[{\"@type\":\"ReadAction\",\"target\":[\"https:\\\/\\\/iwell-guard.com\\\/is\\\/erkiengillinn-mikael\\\/\"]}]},{\"@type\":\"ImageObject\",\"inLanguage\":\"is\",\"@id\":\"https:\\\/\\\/iwell-guard.com\\\/is\\\/erkiengillinn-mikael\\\/#primaryimage\",\"url\":\"https:\\\/\\\/iwell-guard.com\\\/wp-content\\\/uploads\\\/2026\\\/04\\\/lichtwesen_erzengel-michael.webp\",\"contentUrl\":\"https:\\\/\\\/iwell-guard.com\\\/wp-content\\\/uploads\\\/2026\\\/04\\\/lichtwesen_erzengel-michael.webp\",\"width\":1024,\"height\":1536,\"caption\":\"Lj\u00f3svera. Lj\u00f3sfl\u00e6\u00f0andi mynd.\"},{\"@type\":\"BreadcrumbList\",\"@id\":\"https:\\\/\\\/iwell-guard.com\\\/is\\\/erkiengillinn-mikael\\\/#breadcrumb\",\"itemListElement\":[{\"@type\":\"ListItem\",\"position\":1,\"name\":\"Start\",\"item\":\"https:\\\/\\\/iwell-guard.com\\\/is\\\/?page_id=168580\"},{\"@type\":\"ListItem\",\"position\":2,\"name\":\"Erkiengillinn Mikael\"}]},{\"@type\":\"WebSite\",\"@id\":\"https:\\\/\\\/iwell-guard.com\\\/is\\\/#website\",\"url\":\"https:\\\/\\\/iwell-guard.com\\\/is\\\/\",\"name\":\"iWell Guard\",\"description\":\"Schutz vor dunklen Einfl\u00fcssen\",\"publisher\":{\"@id\":\"https:\\\/\\\/iwell-guard.com\\\/is\\\/#organization\"},\"potentialAction\":[{\"@type\":\"SearchAction\",\"target\":{\"@type\":\"EntryPoint\",\"urlTemplate\":\"https:\\\/\\\/iwell-guard.com\\\/is\\\/?s={search_term_string}\"},\"query-input\":{\"@type\":\"PropertyValueSpecification\",\"valueRequired\":true,\"valueName\":\"search_term_string\"}}],\"inLanguage\":\"is\"},{\"@type\":\"Organization\",\"@id\":\"https:\\\/\\\/iwell-guard.com\\\/is\\\/#organization\",\"name\":\"Ittermann electronic GmbH\",\"url\":\"https:\\\/\\\/iwell-guard.com\\\/is\\\/\",\"logo\":{\"@type\":\"ImageObject\",\"inLanguage\":\"is\",\"@id\":\"https:\\\/\\\/iwell-guard.com\\\/is\\\/#\\\/schema\\\/logo\\\/image\\\/\",\"url\":\"https:\\\/\\\/iwell-guard.com\\\/wp-content\\\/uploads\\\/2026\\\/05\\\/Ittermann-Logo-1182x237-1.png\",\"contentUrl\":\"https:\\\/\\\/iwell-guard.com\\\/wp-content\\\/uploads\\\/2026\\\/05\\\/Ittermann-Logo-1182x237-1.png\",\"width\":1182,\"height\":237,\"caption\":\"Ittermann electronic GmbH\"},\"image\":{\"@id\":\"https:\\\/\\\/iwell-guard.com\\\/is\\\/#\\\/schema\\\/logo\\\/image\\\/\"},\"sameAs\":[\"https:\\\/\\\/pantip.com\\\/profile\\\/9367242\",\"https:\\\/\\\/micro.blog\\\/iwellguard\",\"https:\\\/\\\/www.diggerslist.com\\\/iwellguard\\\/about\",\"https:\\\/\\\/skitterphoto.com\\\/photographers\\\/2870314\\\/iwell-guard\",\"https:\\\/\\\/iwellguard.wordpress.com\\\/2026\\\/06\\\/06\\\/iwell-guard\\\/\",\"https:\\\/\\\/hub.docker.com\\\/u\\\/iwellguard\",\"https:\\\/\\\/www.pinterest.com\\\/iwellguard\\\/\",\"https:\\\/\\\/bit.ly\\\/m\\\/iwellguard\",\"https:\\\/\\\/entre-vos-mains.alsace.eu\\\/profiles\\\/iwellguard\\\/activity\",\"https:\\\/\\\/gravatar.com\\\/reallybeded8fd34\",\"https:\\\/\\\/naijamatta.com\\\/iwellguard\",\"https:\\\/\\\/www.goodreads.com\\\/iwellguard\",\"https:\\\/\\\/profile.hatena.ne.jp\\\/iwellguard\\\/\",\"https:\\\/\\\/experiment.com\\\/users\\\/iwellguard\",\"https:\\\/\\\/wakelet.com\\\/@iWellGuard82270\",\"https:\\\/\\\/www.chordie.com\\\/forum\\\/profile.php?id=2555664\",\"https:\\\/\\\/www.instapaper.com\\\/p\\\/17757966\",\"https:\\\/\\\/www.mapleprimes.com\\\/users\\\/iwellguard\",\"https:\\\/\\\/businesslistingplus.com\\\/profile\\\/iwell-guard\\\/\",\"https:\\\/\\\/telegra.ph\\\/iWell-Guard-06-06\",\"https:\\\/\\\/pbase.com\\\/iwellguard\\\/iwellguard\",\"https:\\\/\\\/b.hatena.ne.jp\\\/iwellguard\\\/20260607#bookmark-4788405196491818882\",\"https:\\\/\\\/fliphtml5.com\\\/home\\\/iwellguard\",\"https:\\\/\\\/anyflip.com\\\/homepage\\\/cmiwl#About\",\"https:\\\/\\\/transfur.com\\\/Users\\\/iwellguard\",\"http:\\\/\\\/delphi.larsbo.org\\\/user\\\/iwellguard\",\"https:\\\/\\\/jobs.lajobsportal.org\\\/profiles\\\/8380803-iwell-guard\",\"https:\\\/\\\/md.chaosdorf.de\\\/s\\\/jfbe5SBdJD\",\"https:\\\/\\\/www.lingvolive.com\\\/en-us\\\/profile\\\/9ecaeaca-ce11-4e51-9e71-01d55e2bff36\\\/translations\",\"https:\\\/\\\/www.fitday.com\\\/fitness\\\/forums\\\/members\\\/iwellguard.html\",\"https:\\\/\\\/www.mymeetbook.com\\\/iwellguard\",\"https:\\\/\\\/pxhere.com\\\/en\\\/photographer-me\\\/5040798\",\"https:\\\/\\\/disqus.com\\\/by\\\/iwellguard\\\/about\\\/\",\"https:\\\/\\\/pastelink.net\\\/hjwciqwq\",\"https:\\\/\\\/pubhtml5.com\\\/homepage\\\/scjhn\\\/\",\"https:\\\/\\\/www.bitchute.com\\\/channel\\\/2O2eOKzNqujT\",\"https:\\\/\\\/audiomack.com\\\/iwellguard\"]}]}<\/script>\n<!-- \/ Yoast SEO Premium plugin. -->","yoast_head_json":{"title":"Erkiengillinn Mikael - Lei\u00f0togi himneskra herskara","description":"Erkiengillinn Mikael er m\u00e1ttugasti verndarengillinn \u00ed hinni j\u00fad\u00edsk-kristnu hef\u00f0. F\u00e1\u00f0u a\u00f0 vita meira um kraft hans \u00ed iWell-Guard-i\u00f0kuninni.","robots":{"index":"index","follow":"follow","max-snippet":"max-snippet:-1","max-image-preview":"max-image-preview:large","max-video-preview":"max-video-preview:-1"},"canonical":"https:\/\/iwell-guard.com\/is\/erkiengillinn-mikael\/","og_locale":"is_IS","og_type":"article","og_title":"Erkiengillinn Mikael","og_description":"Erkiengillinn Mikael er m\u00e1ttugasti verndarengillinn \u00ed hinni j\u00fad\u00edsk-kristnu hef\u00f0. F\u00e1\u00f0u a\u00f0 vita meira um kraft hans \u00ed iWell-Guard-i\u00f0kuninni.","og_url":"https:\/\/iwell-guard.com\/is\/erkiengillinn-mikael\/","og_site_name":"iWell Guard","article_modified_time":"2026-09-05T14:16:52+00:00","og_image":[{"width":1024,"height":1536,"url":"https:\/\/iwell-guard.com\/wp-content\/uploads\/2026\/04\/lichtwesen_erzengel-michael.webp","type":"image\/webp"}],"twitter_card":"summary_large_image","schema":{"@context":"https:\/\/schema.org","@graph":[{"@type":"WebPage","@id":"https:\/\/iwell-guard.com\/is\/erkiengillinn-mikael\/","url":"https:\/\/iwell-guard.com\/is\/erkiengillinn-mikael\/","name":"Erkiengillinn Mikael - Lei\u00f0togi himneskra herskara","isPartOf":{"@id":"https:\/\/iwell-guard.com\/is\/#website"},"primaryImageOfPage":{"@id":"https:\/\/iwell-guard.com\/is\/erkiengillinn-mikael\/#primaryimage"},"image":{"@id":"https:\/\/iwell-guard.com\/is\/erkiengillinn-mikael\/#primaryimage"},"thumbnailUrl":"https:\/\/iwell-guard.com\/wp-content\/uploads\/2026\/04\/lichtwesen_erzengel-michael.webp","datePublished":"2026-09-05T14:02:10+00:00","dateModified":"2026-09-05T14:16:52+00:00","description":"Erkiengillinn Mikael er m\u00e1ttugasti verndarengillinn \u00ed hinni j\u00fad\u00edsk-kristnu hef\u00f0. F\u00e1\u00f0u a\u00f0 vita meira um kraft hans \u00ed iWell-Guard-i\u00f0kuninni.","breadcrumb":{"@id":"https:\/\/iwell-guard.com\/is\/erkiengillinn-mikael\/#breadcrumb"},"inLanguage":"is","potentialAction":[{"@type":"ReadAction","target":["https:\/\/iwell-guard.com\/is\/erkiengillinn-mikael\/"]}]},{"@type":"ImageObject","inLanguage":"is","@id":"https:\/\/iwell-guard.com\/is\/erkiengillinn-mikael\/#primaryimage","url":"https:\/\/iwell-guard.com\/wp-content\/uploads\/2026\/04\/lichtwesen_erzengel-michael.webp","contentUrl":"https:\/\/iwell-guard.com\/wp-content\/uploads\/2026\/04\/lichtwesen_erzengel-michael.webp","width":1024,"height":1536,"caption":"Lj\u00f3svera. Lj\u00f3sfl\u00e6\u00f0andi mynd."},{"@type":"BreadcrumbList","@id":"https:\/\/iwell-guard.com\/is\/erkiengillinn-mikael\/#breadcrumb","itemListElement":[{"@type":"ListItem","position":1,"name":"Start","item":"https:\/\/iwell-guard.com\/is\/?page_id=168580"},{"@type":"ListItem","position":2,"name":"Erkiengillinn Mikael"}]},{"@type":"WebSite","@id":"https:\/\/iwell-guard.com\/is\/#website","url":"https:\/\/iwell-guard.com\/is\/","name":"iWell Guard","description":"Schutz vor dunklen Einfl\u00fcssen","publisher":{"@id":"https:\/\/iwell-guard.com\/is\/#organization"},"potentialAction":[{"@type":"SearchAction","target":{"@type":"EntryPoint","urlTemplate":"https:\/\/iwell-guard.com\/is\/?s={search_term_string}"},"query-input":{"@type":"PropertyValueSpecification","valueRequired":true,"valueName":"search_term_string"}}],"inLanguage":"is"},{"@type":"Organization","@id":"https:\/\/iwell-guard.com\/is\/#organization","name":"Ittermann electronic GmbH","url":"https:\/\/iwell-guard.com\/is\/","logo":{"@type":"ImageObject","inLanguage":"is","@id":"https:\/\/iwell-guard.com\/is\/#\/schema\/logo\/image\/","url":"https:\/\/iwell-guard.com\/wp-content\/uploads\/2026\/05\/Ittermann-Logo-1182x237-1.png","contentUrl":"https:\/\/iwell-guard.com\/wp-content\/uploads\/2026\/05\/Ittermann-Logo-1182x237-1.png","width":1182,"height":237,"caption":"Ittermann electronic GmbH"},"image":{"@id":"https:\/\/iwell-guard.com\/is\/#\/schema\/logo\/image\/"},"sameAs":["https:\/\/pantip.com\/profile\/9367242","https:\/\/micro.blog\/iwellguard","https:\/\/www.diggerslist.com\/iwellguard\/about","https:\/\/skitterphoto.com\/photographers\/2870314\/iwell-guard","https:\/\/iwellguard.wordpress.com\/2026\/06\/06\/iwell-guard\/","https:\/\/hub.docker.com\/u\/iwellguard","https:\/\/www.pinterest.com\/iwellguard\/","https:\/\/bit.ly\/m\/iwellguard","https:\/\/entre-vos-mains.alsace.eu\/profiles\/iwellguard\/activity","https:\/\/gravatar.com\/reallybeded8fd34","https:\/\/naijamatta.com\/iwellguard","https:\/\/www.goodreads.com\/iwellguard","https:\/\/profile.hatena.ne.jp\/iwellguard\/","https:\/\/experiment.com\/users\/iwellguard","https:\/\/wakelet.com\/@iWellGuard82270","https:\/\/www.chordie.com\/forum\/profile.php?id=2555664","https:\/\/www.instapaper.com\/p\/17757966","https:\/\/www.mapleprimes.com\/users\/iwellguard","https:\/\/businesslistingplus.com\/profile\/iwell-guard\/","https:\/\/telegra.ph\/iWell-Guard-06-06","https:\/\/pbase.com\/iwellguard\/iwellguard","https:\/\/b.hatena.ne.jp\/iwellguard\/20260607#bookmark-4788405196491818882","https:\/\/fliphtml5.com\/home\/iwellguard","https:\/\/anyflip.com\/homepage\/cmiwl#About","https:\/\/transfur.com\/Users\/iwellguard","http:\/\/delphi.larsbo.org\/user\/iwellguard","https:\/\/jobs.lajobsportal.org\/profiles\/8380803-iwell-guard","https:\/\/md.chaosdorf.de\/s\/jfbe5SBdJD","https:\/\/www.lingvolive.com\/en-us\/profile\/9ecaeaca-ce11-4e51-9e71-01d55e2bff36\/translations","https:\/\/www.fitday.com\/fitness\/forums\/members\/iwellguard.html","https:\/\/www.mymeetbook.com\/iwellguard","https:\/\/pxhere.com\/en\/photographer-me\/5040798","https:\/\/disqus.com\/by\/iwellguard\/about\/","https:\/\/pastelink.net\/hjwciqwq","https:\/\/pubhtml5.com\/homepage\/scjhn\/","https:\/\/www.bitchute.com\/channel\/2O2eOKzNqujT","https:\/\/audiomack.com\/iwellguard"]}]}},"_links":{"self":[{"href":"https:\/\/iwell-guard.com\/is\/wp-json\/wp\/v2\/pages\/168687","targetHints":{"allow":["GET"]}}],"collection":[{"href":"https:\/\/iwell-guard.com\/is\/wp-json\/wp\/v2\/pages"}],"about":[{"href":"https:\/\/iwell-guard.com\/is\/wp-json\/wp\/v2\/types\/page"}],"author":[{"embeddable":true,"href":"https:\/\/iwell-guard.com\/is\/wp-json\/wp\/v2\/users\/3"}],"replies":[{"embeddable":true,"href":"https:\/\/iwell-guard.com\/is\/wp-json\/wp\/v2\/comments?post=168687"}],"version-history":[{"count":0,"href":"https:\/\/iwell-guard.com\/is\/wp-json\/wp\/v2\/pages\/168687\/revisions"}],"wp:featuredmedia":[{"embeddable":true,"href":"https:\/\/iwell-guard.com\/is\/wp-json\/wp\/v2\/media\/1622"}],"wp:attachment":[{"href":"https:\/\/iwell-guard.com\/is\/wp-json\/wp\/v2\/media?parent=168687"}],"wp:term":[{"taxonomy":"category","embeddable":true,"href":"https:\/\/iwell-guard.com\/is\/wp-json\/wp\/v2\/categories?post=168687"}],"curies":[{"name":"wp","href":"https:\/\/api.w.org\/{rel}","templated":true}]}}