{"id":168686,"date":"2026-09-05T14:02:10","date_gmt":"2026-09-05T14:02:10","guid":{"rendered":"https:\/\/iwell-guard.com\/?page_id=168686"},"modified":"2026-09-05T14:16:51","modified_gmt":"2026-09-05T14:16:51","slug":"gaia","status":"publish","type":"page","link":"https:\/\/iwell-guard.com\/is\/gaia\/","title":{"rendered":"Gaia"},"content":{"rendered":"\t\t<div data-elementor-type=\"wp-page\" data-elementor-id=\"168686\" class=\"elementor elementor-168686 elementor-1799 elementor-bc-flex-widget\" data-elementor-post-type=\"page\">\n\t\t\t\t<div class=\"elementor-element elementor-element-10fdade e-flex e-con-boxed e-con e-parent\" data-id=\"10fdade\" data-element_type=\"container\" data-e-type=\"container\" data-settings=\"{&quot;background_background&quot;:&quot;classic&quot;}\">\n\t\t\t\t\t<div class=\"e-con-inner\">\n\t\t<div class=\"elementor-element elementor-element-herohlft0 e-flex e-con-boxed e-con e-child\" data-id=\"herohlft0\" data-element_type=\"container\" data-e-type=\"container\">\n\t\t\t\t\t<div class=\"e-con-inner\">\n\t\t<div class=\"elementor-element elementor-element-c3ceb64 e-con-full e-flex e-con e-child\" data-id=\"c3ceb64\" data-element_type=\"container\" data-e-type=\"container\">\n\t\t\t\t<div class=\"elementor-element elementor-element-96ae5e1 elementor-widget elementor-widget-heading\" data-id=\"96ae5e1\" data-element_type=\"widget\" data-e-type=\"widget\" data-widget_type=\"heading.default\">\n\t\t\t\t\t<h1 class=\"elementor-heading-title elementor-size-default\">Gaia, jar\u00f0m\u00f3\u00f0ir og pl\u00e1neturlegt lj\u00f3svera<\/h1>\t\t\t\t<\/div>\n\t\t\t\t<div class=\"elementor-element elementor-element-e45238a elementor-widget elementor-widget-text-editor\" data-id=\"e45238a\" data-element_type=\"widget\" data-e-type=\"widget\" data-widget_type=\"text-editor.default\">\n\t\t\t\t\t\t\t\t\t<p>Pers\u00f3nugerving jar\u00f0arinnar, frumgy\u00f0ja gr\u00edskrar <span class=\"iwg-fachbegriff\" data-tooltip=\"Heildarsafn hef\u00f0bundinna go\u00f0sagna um gu\u00f0i \u00ed tiltekinni menningu.\" tabindex=\"0\">go\u00f0afr\u00e6\u00f0i<\/span> og <strong>jar\u00f0m\u00f3\u00f0ir<\/strong>, \u00ed hinni n\u00fat\u00edmalegu hef\u00f0 um jar\u00f0ars\u00e1l skilin sem <strong>pl\u00e1neturlegt lj\u00f3svera<\/strong>.<\/p><p>\u00c1 \u00feessari s\u00ed\u00f0u er Gaia sett fram sem lj\u00f3sveru-hugtak.<\/p>\t\t\t\t\t\t\t\t<\/div>\n\t\t\t\t<\/div>\n\t\t<div class=\"elementor-element elementor-element-klsbdg01 e-con-full e-flex e-con e-parent\" data-id=\"klsbdg01\" data-element_type=\"container\" data-e-type=\"container\">\n\t\t\t\t<div class=\"elementor-element elementor-element-klshtm01 elementor-widget elementor-widget-html\" data-id=\"klshtm01\" data-element_type=\"widget\" data-e-type=\"widget\" data-widget_type=\"html.default\">\n\t\t\t\t\t<div class=\"iwg-pill-row\"><span class=\"iwg-klasse-badge\" tabindex=\"0\" data-tooltip=\"Lj\u00f3sverur: Uppl\u00fdstar, verndandi e\u00f0a kennandi verur, erkiengla, uppstigningarmeistarar, l\u00fdsandi n\u00e1tt\u00faruverur. \u00cd n\u00fat\u00edma- og eldri andlegum hef\u00f0um l\u00fdst sem hj\u00e1lpurum og kennurum.\">Lj\u00f3svera<\/span><a href=\"https:\/\/iwell-guard.com\/is\/?page_id=168698\" class=\"iwg-kultur-badge\" tabindex=\"0\" data-tooltip=\"N\u00fdaldarleg dulspekileg-andleg stefna fr\u00e1 19. \u00f6ld, gu\u00f0speki, n\u00fd\u00f6ld, n\u00fat\u00edma dulspeki.\">N\u00fd\u00f6ld<\/a><\/div>\t\t\t\t<\/div>\n\t\t\t\t<\/div>\n\t\t<div class=\"elementor-element elementor-element-3f74855 e-con-full e-flex e-con e-child\" data-id=\"3f74855\" data-element_type=\"container\" data-e-type=\"container\">\n\t\t\t\t<div class=\"elementor-element elementor-element-1c30362 elementor-toc--minimized-on-tablet elementor-widget elementor-widget-table-of-contents\" data-id=\"1c30362\" data-element_type=\"widget\" data-e-type=\"widget\" data-settings=\"{&quot;exclude_headings_by_selector&quot;:[],&quot;no_headings_message&quot;:&quot;Engar undirfyrirsagnir fundust \\u00e1 \\u00feessari s\\u00ed\\u00f0u.&quot;,&quot;headings_by_tags&quot;:[&quot;h2&quot;,&quot;h3&quot;],&quot;marker_view&quot;:&quot;bullets&quot;,&quot;minimize_box&quot;:&quot;yes&quot;,&quot;icon&quot;:{&quot;value&quot;:&quot;fas fa-circle&quot;,&quot;library&quot;:&quot;fa-solid&quot;,&quot;rendered_tag&quot;:&quot;&lt;svg class=\\&quot;e-font-icon-svg e-fas-circle\\&quot; viewBox=\\&quot;0 0 512 512\\&quot; xmlns=\\&quot;http:\\\/\\\/www.w3.org\\\/2000\\\/svg\\&quot;&gt;&lt;path d=\\&quot;M256 8C119 8 8 119 8 256s111 248 248 248 248-111 248-248S393 8 256 8z\\&quot;&gt;&lt;\\\/path&gt;&lt;\\\/svg&gt;&quot;},&quot;minimized_on&quot;:&quot;tablet&quot;,&quot;hierarchical_view&quot;:&quot;yes&quot;,&quot;min_height&quot;:{&quot;unit&quot;:&quot;px&quot;,&quot;size&quot;:&quot;&quot;,&quot;sizes&quot;:[]},&quot;min_height_tablet&quot;:{&quot;unit&quot;:&quot;px&quot;,&quot;size&quot;:&quot;&quot;,&quot;sizes&quot;:[]},&quot;min_height_mobile&quot;:{&quot;unit&quot;:&quot;px&quot;,&quot;size&quot;:&quot;&quot;,&quot;sizes&quot;:[]}}\" data-widget_type=\"table-of-contents.default\">\n\t\t\t\t\t\t\t\t\t<div class=\"elementor-toc__header\">\n\t\t\t\t\t\t<h2 class=\"elementor-toc__header-title\">\n\t\t\t\tEfnisyfirlit\t\t\t<\/h2>\n\t\t\t\t\t\t\t\t\t\t<div class=\"elementor-toc__toggle-button elementor-toc__toggle-button--expand\" role=\"button\" tabindex=\"0\" aria-controls=\"elementor-toc__1c30362\" aria-expanded=\"true\" aria-label=\"Open table of contents\"><svg aria-hidden=\"true\" class=\"e-font-icon-svg e-fas-chevron-down\" viewBox=\"0 0 448 512\" xmlns=\"http:\/\/www.w3.org\/2000\/svg\"><path d=\"M207.029 381.476L12.686 187.132c-9.373-9.373-9.373-24.569 0-33.941l22.667-22.667c9.357-9.357 24.522-9.375 33.901-.04L224 284.505l154.745-154.021c9.379-9.335 24.544-9.317 33.901.04l22.667 22.667c9.373 9.373 9.373 24.569 0 33.941L240.971 381.476c-9.373 9.372-24.569 9.372-33.942 0z\"><\/path><\/svg><\/div>\n\t\t\t\t<div class=\"elementor-toc__toggle-button elementor-toc__toggle-button--collapse\" role=\"button\" tabindex=\"0\" aria-controls=\"elementor-toc__1c30362\" aria-expanded=\"true\" aria-label=\"Close table of contents\"><svg aria-hidden=\"true\" class=\"e-font-icon-svg e-fas-chevron-up\" viewBox=\"0 0 448 512\" xmlns=\"http:\/\/www.w3.org\/2000\/svg\"><path d=\"M240.971 130.524l194.343 194.343c9.373 9.373 9.373 24.569 0 33.941l-22.667 22.667c-9.357 9.357-24.522 9.375-33.901.04L224 227.495 69.255 381.516c-9.379 9.335-24.544 9.317-33.901-.04l-22.667-22.667c-9.373-9.373-9.373-24.569 0-33.941L207.03 130.525c9.372-9.373 24.568-9.373 33.941-.001z\"><\/path><\/svg><\/div>\n\t\t\t\t\t<\/div>\n\t\t\t\t<div id=\"elementor-toc__1c30362\" class=\"elementor-toc__body\">\n\t\t\t<div class=\"elementor-toc__spinner-container\">\n\t\t\t\t<svg class=\"elementor-toc__spinner eicon-animation-spin e-font-icon-svg e-eicon-loading\" aria-hidden=\"true\" viewBox=\"0 0 1000 1000\" xmlns=\"http:\/\/www.w3.org\/2000\/svg\"><path d=\"M500 975V858C696 858 858 696 858 500S696 142 500 142 142 304 142 500H25C25 237 238 25 500 25S975 237 975 500 763 975 500 975Z\"><\/path><\/svg>\t\t\t<\/div>\n\t\t<\/div>\n\t\t\t\t\t\t<\/div>\n\t\t\t\t<\/div>\n\t\t\t\t\t<\/div>\n\t\t\t\t<\/div>\n\t\t<div class=\"elementor-element elementor-element-herorght0 e-con-full e-flex e-con e-child\" data-id=\"herorght0\" data-element_type=\"container\" data-e-type=\"container\">\n\t\t\t\t<div class=\"elementor-element elementor-element-heroimg00 iwg-hero-image elementor-widget elementor-widget-image\" data-id=\"heroimg00\" data-element_type=\"widget\" data-e-type=\"widget\" data-widget_type=\"image.default\">\n\t\t\t\t\t\t\t\t\t\t\t\t\t\t\t<img fetchpriority=\"high\" decoding=\"async\" width=\"683\" height=\"1024\" src=\"https:\/\/iwell-guard.com\/wp-content\/uploads\/2026\/04\/lichtwesen_gaia-683x1024.webp\" class=\"attachment-large size-large wp-image-171076\" alt=\"Gaia - lj\u00f3sfyllt mynd af lj\u00f3sveru\" srcset=\"https:\/\/iwell-guard.com\/wp-content\/uploads\/2026\/04\/lichtwesen_gaia-683x1024.webp 683w, https:\/\/iwell-guard.com\/wp-content\/uploads\/2026\/04\/lichtwesen_gaia-200x300.webp 200w, https:\/\/iwell-guard.com\/wp-content\/uploads\/2026\/04\/lichtwesen_gaia-768x1152.webp 768w, https:\/\/iwell-guard.com\/wp-content\/uploads\/2026\/04\/lichtwesen_gaia.webp 1024w\" sizes=\"(max-width: 683px) 100vw, 683px\" \/>\t\t\t\t\t\t\t\t\t\t\t\t\t\t\t<\/div>\n\t\t\t\t<\/div>\n\t\t\t\t\t<\/div>\n\t\t\t\t<\/div>\n\t\t<div class=\"elementor-element elementor-element-wmd-s1 e-con-boxed e-flex e-con e-parent\" data-id=\"wmd-s1\" data-element_type=\"container\" data-e-type=\"container\">\n\t\t\t\t\t<div class=\"e-con-inner\">\n\t\t\t\t<div class=\"elementor-element elementor-element-wmd-h1 elementor-widget elementor-widget-heading\" data-id=\"wmd-h1\" data-element_type=\"widget\" data-e-type=\"widget\" data-widget_type=\"heading.default\">\n\t\t\t\t\t<h2 class=\"elementor-heading-title elementor-size-default\">Skj\u00f3tt yfirlit: Gaia<\/h2>\t\t\t\t<\/div>\n\t\t<div class=\"elementor-element elementor-element-wmd-s1-bw e-flex e-con-boxed e-con e-parent\" data-id=\"wmd-s1-bw\" data-element_type=\"container\" data-e-type=\"container\" data-settings=\"{&quot;background_background&quot;:&quot;classic&quot;}\">\n\t\t\t\t\t<div class=\"e-con-inner\">\n\t\t\t\t<div class=\"elementor-element elementor-element-wmd-t1 elementor-widget elementor-widget-text-editor\" data-id=\"wmd-t1\" data-element_type=\"widget\" data-e-type=\"widget\" data-widget_type=\"text-editor.default\">\n\t\t\t\t\t\t\t\t\t<p><strong>Tegund:<\/strong> Frumleg pl\u00e1neturleg vitsmunavera, m\u00f3tu\u00f0 go\u00f0afr\u00e6\u00f0ilega og \u00ed n\u00fat\u00edma skilningi Hef\u00f0: Gr\u00edsk <span class=\"iwg-fachbegriff\" data-tooltip=\"Heildarsafn hef\u00f0bundinna go\u00f0sagna um gu\u00f0i \u00ed tiltekinni menningu.\" tabindex=\"0\">go\u00f0afr\u00e6\u00f0i<\/span> (Hes\u00edodos, Gu\u00f0afr\u00e6\u00f0in), James Lovelock (Gaia-tilg\u00e1tan), n\u00fat\u00edma <span class=\"iwg-fachbegriff\" data-tooltip=\"Samheiti yfir kenningar sem gera kr\u00f6fu um falda \u00feekkingu sem a\u00f0eins innv\u00edg\u00f0ir hafa a\u00f0gang a\u00f0.\" tabindex=\"0\">dulspeki<\/span> Hlutverk: Jar\u00f0arvitund, gjafi tell\u00far\u00edskrar verndarorku, stu\u00f0ningur og jar\u00f0tenging alls l\u00edfs A\u00f0aleinkenni\/t\u00e1kn: Gr\u00e6nir og br\u00fanir litir, jar\u00f0vegur, kristallar, pl\u00f6ntul\u00edf, j\u00f6r\u00f0in sj\u00e1lf \u00datbrei\u00f0sla: <span class=\"iwg-fachbegriff\" data-tooltip=\"T\u00edmabil gr\u00edskrar og r\u00f3mverskrar menningar, um 800 f.Kr. til 600 e.Kr.\" tabindex=\"0\">Forn\u00f6ld<\/span> <span class=\"iwg-fachbegriff\" data-tooltip=\"Heildarsafn hef\u00f0bundinna go\u00f0sagna um gu\u00f0i \u00ed tiltekinni menningu.\" tabindex=\"0\">go\u00f0afr\u00e6\u00f0i<\/span>, n\u00fat\u00edma Gaia-<span class=\"iwg-fachbegriff\" data-tooltip=\"V\u00edsindaleg fr\u00e6\u00f0igrein um gu\u00f0 og tr\u00fa innan tr\u00faarbrag\u00f0a.\" tabindex=\"0\">gu\u00f0fr\u00e6\u00f0i<\/span>, umhverfishreyfing, dulspekilegar og shaman\u00edskar i\u00f0kanir<\/p>\t\t\t\t\t\t\t\t<\/div>\n\t\t\t\t\t<\/div>\n\t\t\t\t<\/div>\n\t\t\t\t\t<\/div>\n\t\t\t\t<\/div>\n\t\t<div class=\"elementor-element elementor-element-wmd-s2 e-con-boxed e-flex e-con e-parent\" data-id=\"wmd-s2\" data-element_type=\"container\" data-e-type=\"container\">\n\t\t\t\t\t<div class=\"e-con-inner\">\n\t\t\t\t<div class=\"elementor-element elementor-element-wmd-h2 elementor-widget elementor-widget-heading\" data-id=\"wmd-h2\" data-element_type=\"widget\" data-e-type=\"widget\" data-widget_type=\"heading.default\">\n\t\t\t\t\t<h2 class=\"elementor-heading-title elementor-size-default\">Yfirlit<\/h2>\t\t\t\t<\/div>\n\t\t<div class=\"elementor-element elementor-element-wmd-s2-bw e-flex e-con-boxed e-con e-parent\" data-id=\"wmd-s2-bw\" data-element_type=\"container\" data-e-type=\"container\" data-settings=\"{&quot;background_background&quot;:&quot;classic&quot;}\">\n\t\t\t\t\t<div class=\"e-con-inner\">\n\t\t\t\t<div class=\"elementor-element elementor-element-wmd-t2 elementor-widget elementor-widget-text-editor\" data-id=\"wmd-t2\" data-element_type=\"widget\" data-e-type=\"widget\" data-widget_type=\"text-editor.default\">\n\t\t\t\t\t\t\t\t\t<h3>Hef\u00f0<\/h3><p>\u00cd Gu\u00f0afr\u00e6\u00f0i Hes\u00edodosar er Gaia (<em>G\u00e9<\/em>) hin titanska gy\u00f0ja jar\u00f0arinnar, sem kom fram \u00far Ginnungagapi og f\u00e6ddi alheiminn. H\u00fan er frumm\u00f3\u00f0irin, \u00far skauti hverrar allar jar\u00f0neskar og himneskar verur ur\u00f0u til.<\/p><p>\u00c1 20. \u00f6ld endurl\u00edfga\u00f0i breski efnafr\u00e6\u00f0ingurinn James Lovelock Gaia-tilg\u00e1tuna: a\u00f0 j\u00f6r\u00f0in sj\u00e1lf s\u00e9 sj\u00e1lfst\u00fdrandi, lifandi kerfi. Helena Petrovna Blavatsky og gu\u00f0spekingar sem fylgdu \u00ed kj\u00f6lfari\u00f0 sam\u00fe\u00e6ttu Gaia-hugmyndir sem \u201ejar\u00f0arreglu&#8220; \u00ed vestr\u00e6nar dulspekilegar heimspekikerfi. \u00cd n\u00fat\u00edmanum er Gaia oft skilin sem \u201eM\u00f3\u00f0ir J\u00f6r\u00f0&#8220;: ekki bara efni, heldur me\u00f0vitu\u00f0 undirsta\u00f0a alls l\u00edfr\u00e6ns l\u00edfs.<\/p><h3>Heimildasta\u00f0a<\/h3><p>Go\u00f0sagnalegar heimildir eru \u201eGu\u00f0afr\u00e6\u00f0i&#8220; Hes\u00edodosar (8. \u00f6ld f.Kr.) og \u201eMyndbreytingar&#8220; \u00d3v\u00edds. V\u00edsindalegar-n\u00fat\u00edmalegar heimildir koma \u00far Lovelocks \u201eGaia: A New Look at Life on Earth&#8220; (1979).<\/p><p>Gu\u00f0spekilegir textar \u00e1 bor\u00f0 vi\u00f0 \u201eThe Secret Doctrine&#8220; Blavatsky sam\u00fe\u00e6ttu jar\u00f0m\u00f3\u00f0ur-<span class=\"iwg-fachbegriff\" data-tooltip=\"Hef\u00f0bundin fr\u00e1s\u00f6gn um gu\u00f0i, uppruna og skipan heimsins.\" tabindex=\"0\">go\u00f0s\u00f6gn<\/span> \u00ed kosm\u00edskar stigveldi. N\u00fat\u00edma vistfr\u00e6\u00f0ileg og n\u00fdaldar-andleg ritverk fl\u00e9ttar <span class=\"iwg-fachbegriff\" data-tooltip=\"Heildarsafn hef\u00f0bundinna go\u00f0sagna um gu\u00f0i \u00ed tiltekinni menningu.\" tabindex=\"0\">go\u00f0afr\u00e6\u00f0i<\/span> saman vi\u00f0 umhverfisvitund. Gaia-tilg\u00e1tan er enn v\u00edsindalega umdeild, en sem myndl\u00edking og heimspekilegt hugtak er h\u00fan v\u00ed\u00f0a \u00fatbreidd.<\/p><div><h3>Tr\u00faars\u00f6gulegar l\u00f6g Gaia-hef\u00f0arins<\/h3><p><em>Gu\u00f0afr\u00e6\u00f0i<\/em> Hes\u00edodosar (vers 116, 138) gefur elstu kerfisbundnu framsetningu gr\u00edskrar Gaia-hugmyndar. \u00dar <em>Ginnungagapi<\/em> myndast Gaia sem \u00f6nnur st\u00e6r\u00f0 eftir frumgapi\u00f0; \u00far henni koma \u00daranos (himinn), Pontos (haf) og fj\u00f6llin, \u00e1n \u00feess a\u00f0 h\u00fan \u00feyrfti kynfer\u00f0islegan f\u00e9laga.<\/p><p>\u00deessi meyd\u00f3mslega sk\u00f6pun er tr\u00faars\u00f6gulega afgerandi, \u00fev\u00ed h\u00fan veitir Gaiu frumspekilega forgangsst\u00f6\u00f0u sem s\u00ed\u00f0ari \u00f3lymp\u00edsk pantheon me\u00f0 s\u00ednum pers\u00f3nulegu gu\u00f0um n\u00e1\u00f0u ekki aftur. H\u00f3merski hymninn til Gaiu (Hymnus XXX) og orf\u00edski hymninn 26 halda \u00e1fram \u00feessari hef\u00f0 og leggja \u00e1herslu \u00e1 m\u00f3\u00f0urhlutverk jar\u00f0arins fyrir allt sem lifir.<\/p><p>S\u00e9rstakt lag myndar delf\u00edska hef\u00f0in: P\u00fd\u00fe\u00f3-<span class=\"iwg-fachbegriff\" data-tooltip=\"Sta\u00f0ur e\u00f0a stofnun \u00fear sem leita\u00f0 er gu\u00f0legs svars.\" tabindex=\"0\">v\u00e9fr\u00e9tt<\/span> var upphaflega Gaia-<span class=\"iwg-fachbegriff\" data-tooltip=\"Sta\u00f0ur e\u00f0a stofnun \u00fear sem leita\u00f0 er gu\u00f0legs svars.\" tabindex=\"0\">v\u00e9fr\u00e9tt<\/span>, \u00e1\u00f0ur en Apollon t\u00f3k hana yfir, eins og \u00c6sk\u00fdlos greinir fr\u00e1 \u00ed upphafsr\u00e6\u00f0u <em>Evmen\u00edda<\/em> (vers 1, 8) og P\u00e1san\u00edas \u00ed <em>L\u00fdsingu Grikklands<\/em> (X,5,5, 6).<\/p><p>Umskiptin fr\u00e1 Gaiu \u00ed gegnum \u00deemis og Foibe til Apollons skjalfesta f\u00e6rslu fr\u00e1 m\u00f3\u00f0urveldisbundinni jar\u00f0tr\u00fa til fe\u00f0raveldisbundinnar himintr\u00faar, sem hefur veri\u00f0 r\u00e6dd \u00ed tr\u00faars\u00f6gulegum ranns\u00f3knum fr\u00e1 Johann Jakob Bachofen (<em>Das Mutterrecht<\/em>, 1861).<\/p><\/div>\t\t\t\t\t\t\t\t<\/div>\n\t\t\t\t\t<\/div>\n\t\t\t\t<\/div>\n\t\t\t\t\t<\/div>\n\t\t\t\t<\/div>\n\t\t<div class=\"elementor-element elementor-element-wmd-s3 e-con-boxed e-flex e-con e-parent\" data-id=\"wmd-s3\" data-element_type=\"container\" data-e-type=\"container\">\n\t\t\t\t\t<div class=\"e-con-inner\">\n\t\t\t\t<div class=\"elementor-element elementor-element-wmd-h3 elementor-widget elementor-widget-heading\" data-id=\"wmd-h3\" data-element_type=\"widget\" data-e-type=\"widget\" data-widget_type=\"heading.default\">\n\t\t\t\t\t<h2 class=\"elementor-heading-title elementor-size-default\">\u00datlit og t\u00e1kn<\/h2>\t\t\t\t<\/div>\n\t\t<div class=\"elementor-element elementor-element-wmd-s3-bw e-flex e-con-boxed e-con e-parent\" data-id=\"wmd-s3-bw\" data-element_type=\"container\" data-e-type=\"container\" data-settings=\"{&quot;background_background&quot;:&quot;classic&quot;}\">\n\t\t\t\t\t<div class=\"e-con-inner\">\n\t\t\t\t<div class=\"elementor-element elementor-element-wmd-t3 elementor-widget elementor-widget-text-editor\" data-id=\"wmd-t3\" data-element_type=\"widget\" data-e-type=\"widget\" data-widget_type=\"text-editor.default\">\n\t\t\t\t\t\t\t\t\t<p>\u00cd gr\u00edskum myndverkum birtist Gaia sem kvenkyns vera, oft dau\u00f0leg, samofin j\u00f6r\u00f0u og gr\u00f3\u00f0ri e\u00f0a haldandi \u00feeim. H\u00fan getur risi\u00f0 upp til h\u00e1lfs \u00far jar\u00f0veginum. \u00cd n\u00fat\u00edma dulspekilegu samhengi er Gaia sjaldnar s\u00fdnd sem gy\u00f0juf\u00edg\u00fara og oftar sem gr\u00e6nt og br\u00fant orkuv\u00edti sem umlykur jar\u00f0ark\u00faluna.<\/p><p>T\u00e1kn hennar eru kristallar, uppsprettur, \u00e6vaforn tr\u00e9, fj\u00f6ll og jar\u00f0vegurinn sj\u00e1lfur. Litir: gr\u00e6nt (l\u00edf, v\u00f6xtur), br\u00fant (j\u00f6r\u00f0, st\u00f6\u00f0ugleiki), dj\u00fapur rau\u00f0ur (kvikan, l\u00edfsorka dj\u00fapsins). Jar\u00f0ark\u00falan sem heildst\u00e6tt <span class=\"iwg-fachbegriff\" data-tooltip=\"Kringl\u00f3tt t\u00e1kn sem \u00ed hind\u00faisma og b\u00faddisma s\u00fdnir alheiminn.\" tabindex=\"0\">mandala<\/span> er \u00e6\u00f0sta <span class=\"iwg-fachbegriff\" data-tooltip=\"T\u00e1kn sem stendur fyrir hugmynd e\u00f0a merkingu.\" tabindex=\"0\">t\u00e1kn<\/span> n\u00e6rveru hennar.<\/p><div><h3>Samanbur\u00f0ur: hef\u00f0in um jar\u00f0m\u00f3\u00f0urina<\/h3><p>Jar\u00f0m\u00f3\u00f0urmyndin er s\u00f6guleg vel skjalfest langt umfram gr\u00edsku hef\u00f0ina. \u00cd r\u00f3mverskri tr\u00fa svarar til hennar Tellus e\u00f0a Terra Mater, sem \u00e1kalla\u00f0ar voru \u00ed Carmen Saeculare H\u00f3rat\u00edusar og \u00ed b\u00e6ndahef\u00f0 Suovetaurilia-<span class=\"iwg-fachbegriff\" data-tooltip=\"Gj\u00f6f til gu\u00f0s e\u00f0a gy\u00f0ju til a\u00f0 tj\u00e1 \u00feakkl\u00e6ti, b\u00f3n e\u00f0a d\u00fdrkun.\" tabindex=\"0\">f\u00f3rnarinnar<\/span>. Hind\u00faahef\u00f0in \u00feekkir Bhumi e\u00f0a Bhudevi sem jar\u00f0gy\u00f0ju, sem \u00ed <span class=\"iwg-fachbegriff\" tabindex=\"0\" data-tooltip=\"Elstu indversku ritin (u.\u00fe.b. 1500\u2013500 f.Kr.); Rigveda, Samaveda, Yajurveda og Atharvaveda.\">Vedunum<\/span> kemur fram sem fylgikona Vishnu.<\/p><p>\u00cd Andesfj\u00f6llum er Pachamama mi\u00f0l\u00e6g vi\u00f0mi\u00f0unarvera \u00ed tr\u00faarl\u00edfi frumbyggja fyrir og eftir landvinninga, me\u00f0 eigin rit\u00fa\u00f6lum (challa, despacho) til a\u00f0 hei\u00f0ra hana.<\/p><p>Astekahef\u00f0in \u00feekkir Tonantzin sem jar\u00f0m\u00f3\u00f0ur, sem eftir landvinninga Sp\u00e1nverja h\u00e9lt \u00e1fram \u00ed samruna vi\u00f0 d\u00fdrkun Mar\u00edu meyjar af Guadalupe. Afr\u00edska Akan-hef\u00f0in \u00feekkir Asase Yaa sem jar\u00f0gy\u00f0ju me\u00f0 eigin fri\u00f0ardag (fimmtudag), og norr\u00e6na hef\u00f0in nefnir J\u00f6r\u00f0, m\u00f3\u00f0ur \u00de\u00f3rs.<\/p><p>Marija Gimbutas h\u00e9lt \u00fev\u00ed fram \u00ed <em>The Goddesses and Gods of Old Europe<\/em> (1974) og <em>The Civilization of the Goddess<\/em> (1991) a\u00f0 tr\u00faarbr\u00f6g\u00f0 fornaldar- og n\u00fdsteinaldar hafi veri\u00f0 samfellt m\u00f3\u00f0urveldis- og jar\u00f0m\u00f3\u00f0urmi\u00f0u\u00f0, og a\u00f0 \u00feau hafi or\u00f0i\u00f0 fe\u00f0raveldisl\u00e6g fyrst me\u00f0 flutningi ind\u00f3evr\u00f3pskra \u00fej\u00f3\u00f0a.<\/p><p>\u00deessi kenning er umdeild innan <span class=\"iwg-fachbegriff\" data-tooltip=\"Fr\u00e6\u00f0igrein sem rannsakar fyrri menningarheima \u00fat fr\u00e1 efnislegum fundum.\" tabindex=\"0\">fornleifafr\u00e6\u00f0i<\/span> (Lynn Meskell, Cynthia Eller), en er enn \u00e1hrifamikil \u00ed fem\u00edn\u00edsk-andlegri m\u00f3tt\u00f6ku.<\/p><\/div>\t\t\t\t\t\t\t\t<\/div>\n\t\t\t\t\t<\/div>\n\t\t\t\t<\/div>\n\t\t\t\t\t<\/div>\n\t\t\t\t<\/div>\n\t\t<div class=\"elementor-element elementor-element-wmd-s4 e-con-boxed e-flex e-con e-parent\" data-id=\"wmd-s4\" data-element_type=\"container\" data-e-type=\"container\">\n\t\t\t\t\t<div class=\"e-con-inner\">\n\t\t\t\t<div class=\"elementor-element elementor-element-wmd-h4 elementor-widget elementor-widget-heading\" data-id=\"wmd-h4\" data-element_type=\"widget\" data-e-type=\"widget\" data-widget_type=\"heading.default\">\n\t\t\t\t\t<h2 class=\"elementor-heading-title elementor-size-default\">Hlutverk og merking<\/h2>\t\t\t\t<\/div>\n\t\t<div class=\"elementor-element elementor-element-wmd-s4-bw e-flex e-con-boxed e-con e-parent\" data-id=\"wmd-s4-bw\" data-element_type=\"container\" data-e-type=\"container\" data-settings=\"{&quot;background_background&quot;:&quot;classic&quot;}\">\n\t\t\t\t\t<div class=\"e-con-inner\">\n\t\t\t\t<div class=\"elementor-element elementor-element-wmd-t4 elementor-widget elementor-widget-text-editor\" data-id=\"wmd-t4\" data-element_type=\"widget\" data-e-type=\"widget\" data-widget_type=\"text-editor.default\">\n\t\t\t\t\t\t\t\t\t<p>Gaia er orkulindin sem ber alla jar\u00f0neska tilvist. H\u00fan er ekki blind efnisheild, heldur vitundarfullur grunnur sem skipuleggur sig sj\u00e1lfur og endurn\u00fdjar sig. \u00cd dulspekilegri hugsun er h\u00fan talin ein af hinum miklu heimsvitundum, en \u00e1kvar\u00f0anir hennar st\u00fdra jar\u00f0fr\u00e6\u00f0ilegum, ve\u00f0urfarslegum og l\u00edfe\u00f0lislegum ferlum.<\/p><p>H\u00fan virkar sem millig\u00f6ngukraftur milli alheimsorku og mannlegrar tilvistar. Gaia stendur fyrir heild, gagnkv\u00e6mt samband og \u00fe\u00e1 hugmynd a\u00f0 mannlegt l\u00edf s\u00e9 innfellt \u00ed lifandi, vi\u00f0kv\u00e6mt kerfi.<\/p><div><h3>Gaia-kenning Lovelocks og vistfr\u00e6\u00f0ileg m\u00f3ttaka<\/h3><p>James Lovelock setti fram, fr\u00e1 1972 og \u00fatf\u00e6r\u00f0a 1979 \u00ed <em>Gaia: A New Look at Life on Earth<\/em>, Gaia-tilg\u00e1tuna: j\u00f6r\u00f0in me\u00f0 l\u00edfhvolfi s\u00ednu hagar s\u00e9r eins og sj\u00e1lfst\u00fdrt kerfi sem heldur hitastigi, samsetningu lofthj\u00faps og saltinnihaldi hafsins innan \u00feeirra marka sem hagst\u00e6\u00f0 eru l\u00edfi.<\/p><p>Lynn Margulis lag\u00f0i til sem me\u00f0h\u00f6fundur tilg\u00e1tunnar \u00f6rverufr\u00e6\u00f0ilegan grundv\u00f6ll hennar. <em>Daisyworld<\/em>-l\u00edkani\u00f0 (Lovelock og Andrew Watson, 1983) s\u00fdnir st\u00e6r\u00f0fr\u00e6\u00f0ilega hvernig l\u00edfhvolf getur sj\u00e1lft komi\u00f0 \u00e1 hitajafnv\u00e6gi me\u00f0 sv\u00f6run endurskins (albedo), \u00e1n \u00feess a\u00f0 \u00fe\u00f6rf s\u00e9 \u00e1 neinni mi\u00f0l\u00e6gri stj\u00f3rn.<\/p><p>Gaia-tilg\u00e1tan hefur innan fr\u00e6\u00f0ilegra jar\u00f0kerfisranns\u00f3kna \u00fer\u00f3ast \u00e1fram yfir \u00ed hina v\u00ed\u00f0t\u00e6kari <em>Earth System Science<\/em>, \u00e1n \u00feess brag\u00f0s af tilgangshyggju sem fylgdi upphaflegri framsetningu.<\/p><p>Samhli\u00f0a \u00feessu hefur myndast andlega-dulspekileg m\u00f3ttaka \u00e1 Gaia, \u00fear sem l\u00edkani Lovelocks er blanda\u00f0 saman vi\u00f0 go\u00f0sagnalega Gaia-hef\u00f0ina. Sta\u00f0a iWell Guard v\u00edsar til \u00feessarar andlega-dulspekilegu Gaia-hugmyndar sem t\u00e1kn fyrir pl\u00e1netul\u00e6ga vitund, \u00e1n \u00feess a\u00f0 blanda henni saman vi\u00f0 n\u00e1tt\u00faruv\u00edsindalegt l\u00edkan Lovelocks.<\/p><\/div>\t\t\t\t\t\t\t\t<\/div>\n\t\t\t\t\t<\/div>\n\t\t\t\t<\/div>\n\t\t\t\t\t<\/div>\n\t\t\t\t<\/div>\n\t\t<div class=\"elementor-element elementor-element-wmd-s5 e-con-boxed e-flex e-con e-parent\" data-id=\"wmd-s5\" data-element_type=\"container\" data-e-type=\"container\">\n\t\t\t\t\t<div class=\"e-con-inner\">\n\t\t\t\t<div class=\"elementor-element elementor-element-wmd-h5 elementor-widget elementor-widget-heading\" data-id=\"wmd-h5\" data-element_type=\"widget\" data-e-type=\"widget\" data-widget_type=\"heading.default\">\n\t\t\t\t\t<h2 class=\"elementor-heading-title elementor-size-default\">Notkun \/ \u00e1kall \/ merking \u00ed samhengi iWell Guard<\/h2>\t\t\t\t<\/div>\n\t\t<div class=\"elementor-element elementor-element-wmd-s5-bw e-flex e-con-boxed e-con e-parent\" data-id=\"wmd-s5-bw\" data-element_type=\"container\" data-e-type=\"container\" data-settings=\"{&quot;background_background&quot;:&quot;classic&quot;}\">\n\t\t\t\t\t<div class=\"e-con-inner\">\n\t\t\t\t<div class=\"elementor-element elementor-element-wmd-t5 elementor-widget elementor-widget-text-editor\" data-id=\"wmd-t5\" data-element_type=\"widget\" data-e-type=\"widget\" data-widget_type=\"text-editor.default\">\n\t\t\t\t\t\t\t\t\t<p>\u00cd iWell Guard er Gaia virkju\u00f0 me\u00f0 jar\u00f0tengingu: a\u00f0 ganga berf\u00e6ttur, huglei\u00f0slu me\u00f0 \u00e1herslu \u00e1 j\u00f6r\u00f0ina undir \u00fe\u00e9r, \u00f6ndun ni\u00f0ur \u00ed dj\u00fapi\u00f0. Kraftur hennar er kalla\u00f0ur fram til a\u00f0 festa verndarsvi\u00f0i\u00f0 \u00ed hinum jar\u00f0bundnu (telluric) v\u00edddum.<\/p><p>H\u00fan er vi\u00f0b\u00f3t vi\u00f0 hina h\u00e1u lj\u00f3svera (erkiengla, Metatron) me\u00f0 nau\u00f0synlegu jar\u00f0tengingarreglunni. Ein iWell-Guard-i\u00f0kun tengir \u00feannig frumuppsprettuna gegnum efri lj\u00f3sverur allt ni\u00f0ur til jar\u00f0krafts Gaiu. \u00deetta jafnv\u00e6gi milli himins og jar\u00f0ar skapar st\u00f6\u00f0ugleika og verndar gegn r\u00f3tslitum og hugrofskenndum andlegum truflunum.<\/p><div><h3>Hlutverk \u00ed iWell-Guard-<span class=\"iwg-fachbegriff\" data-tooltip=\"Heilagt or\u00f0 e\u00f0a form\u00fala sem endurtekin er \u00ed hind\u00faisma og b\u00faddisma.\" tabindex=\"0\">mantra<\/span>-kerfinu<\/h3><p>\u00cd verndar-<span class=\"iwg-fachbegriff\" data-tooltip=\"Heilagt or\u00f0 e\u00f0a form\u00fala sem endurtekin er \u00ed hind\u00faisma og b\u00faddisma.\" tabindex=\"0\">mantranu<\/span> er Gaia bur\u00f0arberi orkubreytingarins. Uppbyggingin sem l\u00fdst er \u00ed li\u00f0 3 (sj\u00e1 <a href=\"https:\/\/iwell-guard.com\/is\/?page_id=168874\">yfirlit yfir virkni<\/a>) gerir r\u00e1\u00f0 fyrir a\u00f0 svartgaldurs\u00e1hrif, sem hafa n\u00e1\u00f0 til handhafans, s\u00e9u send fr\u00e1 frumuppsprettunni \u00e1fram til Gaiu.<\/p><p>\u00dear eru \u00feau ummyndu\u00f0 \u00ed ferli sem \u00e1 r\u00e6tur \u00ed tr\u00faars\u00f6gulegu hlutverki jar\u00f0m\u00f3\u00f0urinnar \u00far fornri hef\u00f0. Ef Gaia getur ekki teki\u00f0 \u00e1 m\u00f3ti tiltekinni orku tekur erkiengillinn Gabr\u00edel, v\u00f6r\u00f0ur hins fj\u00f3lubl\u00e1 loga, vi\u00f0 og flytur hana yfir \u00ed lj\u00f3si\u00f0.<\/p><p>\u00deessi tv\u00f6falda lei\u00f0 er ekki hluti af hef\u00f0bundnu rit\u00faalmag\u00edsku safni, heldur s\u00e9rst\u00f6k sm\u00ed\u00f0 innan iWell-Guard-hef\u00f0arins sem s\u00e6kir \u00ed lj\u00f3svinnuhef\u00f0ina (Saint-Germain-sk\u00f3lann, gu\u00f0spekilega og antr\u00f3p\u00f3s\u00f3f\u00edska fyrirrennara). Hlutverki\u00f0 samsvarar a\u00f0 byggingu til sjaman\u00edskri hugmynd um j\u00f6r\u00f0ina sem bur\u00f0arbera og ummyndara sj\u00fakd\u00f3msorku (Felicitas Goodman, Michael Harner) og hinni gnost\u00edsk-hermet\u00edsku hef\u00f0 jar\u00f0m\u00f3\u00f0urinnar sem vi\u00f0t\u00f6kulags.<\/p><p>\u00cd reynd vinna iWell-Guard-handhafar me\u00f0 Gaia-tengingunni me\u00f0 jar\u00f0tengingu, \u00fea\u00f0 er me\u00f0vita\u00f0ri tengingu f\u00f3ta vi\u00f0 j\u00f6r\u00f0ina, best barf\u00e6ttir \u00e1 \u00f3snortnu undirlagi. \u00deessi i\u00f0kun er ekki forsenda fyrir verkun <span class=\"iwg-fachbegriff\" tabindex=\"0\" data-tooltip=\"Endurtekin or\u00f0- e\u00f0a atkv\u00e6\u00f0aform\u00fala me\u00f0 ummyndandi verkun; mi\u00f0l\u00e6g \u00ed indverskum hef\u00f0um, a\u00f0l\u00f6gu\u00f0 \u00e1 Vesturl\u00f6ndum sem \u00e1kv\u00f6r\u00f0unari\u00f0kun (decree).\">mantrans<\/span>, en styrkir hana, \u00fev\u00ed h\u00fan opnar skynjunarlag handhafans fyrir ummyndandi hlutverki Gaiu.<\/p><\/div>\t\t\t\t\t\t\t\t<\/div>\n\t\t\t\t\t<\/div>\n\t\t\t\t<\/div>\n\t\t\t\t\t<\/div>\n\t\t\t\t<\/div>\n\t\t<div class=\"elementor-element elementor-element-wmd-s6 e-con-boxed e-flex e-con e-parent\" data-id=\"wmd-s6\" data-element_type=\"container\" data-e-type=\"container\">\n\t\t\t\t\t<div class=\"e-con-inner\">\n\t\t\t\t<div class=\"elementor-element elementor-element-wmd-h6 elementor-widget elementor-widget-heading\" data-id=\"wmd-h6\" data-element_type=\"widget\" data-e-type=\"widget\" data-widget_type=\"heading.default\">\n\t\t\t\t\t<h2 class=\"elementor-heading-title elementor-size-default\">Hli\u00f0st\u00e6\u00f0ur<\/h2>\t\t\t\t<\/div>\n\t\t<div class=\"elementor-element elementor-element-wmd-s6-bw e-flex e-con-boxed e-con e-parent\" data-id=\"wmd-s6-bw\" data-element_type=\"container\" data-e-type=\"container\" data-settings=\"{&quot;background_background&quot;:&quot;classic&quot;}\">\n\t\t\t\t\t<div class=\"e-con-inner\">\n\t\t\t\t<div class=\"elementor-element elementor-element-wmd-t6 elementor-widget elementor-widget-text-editor\" data-id=\"wmd-t6\" data-element_type=\"widget\" data-e-type=\"widget\" data-widget_type=\"text-editor.default\">\n\t\t\t\t\t\t\t\t\t<footer class=\"iwg-literatur\" data-nosnippet=\"true\"><p>Gaia \u00e1 s\u00e9r hli\u00f0st\u00e6\u00f0ur \u00ed samhli\u00f0a hugmyndum: hind\u00faago\u00f0inni <em>Prithvi<\/em> (j\u00f6r\u00f0in), m\u00f3\u00f0ur-jar\u00f0ar-<span class=\"iwg-fachbegriff\" data-tooltip=\"Heildarsafn go\u00f0sagna sem var\u00f0veitt hafa veri\u00f0 innan tiltekinnar menningar.\" tabindex=\"0\">go\u00f0afr\u00e6\u00f0i<\/span> margra frumbyggjamenningarheima, slavnesku gy\u00f0junni <em>Mati Zemlya<\/em>, keltnesku jar\u00f0m\u00f3\u00f0urinni, og n\u00fat\u00edmahugmyndum eins og kvenlegu meginreglunni \u00ed ta\u00f3isma (<em>Yin<\/em>). Allar \u00feessar hef\u00f0ir vi\u00f0urkenna j\u00f6r\u00f0ina ekki einungis sem au\u00f0lind, heldur sem vitandi, l\u00edfgefandi kraft.<\/p><\/footer>\t\t\t\t\t\t\t\t<\/div>\n\t\t\t\t\t<\/div>\n\t\t\t\t<\/div>\n\t\t\t\t\t<\/div>\n\t\t\t\t<\/div>\n\t\t<div class=\"elementor-element elementor-element-iwgcd-gaia-sec e-flex e-con-boxed e-con e-parent\" data-id=\"iwgcd-gaia-sec\" data-element_type=\"container\" data-e-type=\"container\" id=\"iwg-cd-gaia\">\n\t\t\t\t\t<div class=\"e-con-inner\">\n\t\t<div class=\"elementor-element elementor-element-iwgcd-gaia-inner e-flex e-con-boxed e-con e-parent\" data-id=\"iwgcd-gaia-inner\" data-element_type=\"container\" data-e-type=\"container\" data-settings=\"{&quot;background_background&quot;:&quot;classic&quot;}\">\n\t\t\t\t\t<div class=\"e-con-inner\">\n\t\t\t\t<div class=\"elementor-element elementor-element-iwgcd-gaia-h elementor-widget elementor-widget-heading\" data-id=\"iwgcd-gaia-h\" data-element_type=\"widget\" data-e-type=\"widget\" data-widget_type=\"heading.default\">\n\t\t\t\t\t<h2 class=\"elementor-heading-title elementor-size-default\">Tengingin \u00ed iWell Guard<\/h2>\t\t\t\t<\/div>\n\t\t\t\t<div class=\"elementor-element elementor-element-iwgcd-gaia-t elementor-widget elementor-widget-text-editor\" data-id=\"iwgcd-gaia-t\" data-element_type=\"widget\" data-e-type=\"widget\" data-widget_type=\"text-editor.default\">\n\t\t\t\t\t\t\t\t\t<p>\u00cd iWell Guard er Gaia l\u00fdst sem jar\u00f0tengingar-vi\u00f0mi\u00f0unarpunktur verndarsvi\u00f0sins. Orka, sem ummyndast \u00ed verndarsvi\u00f0inu, berst \u00ed gegnum frumuppsprettuna aftur til Gaiu. Virknistig 3 af Sj\u00f6 byggingareiningunum.<\/p>\t\t\t\t\t\t\t\t<\/div>\n\t\t\t\t<div class=\"elementor-element elementor-element-iwgcd-gaia-b iwg-cd-button iwg-cd-cta-2026-05-13 elementor-widget elementor-widget-jet-button\" data-id=\"iwgcd-gaia-b\" data-element_type=\"widget\" data-e-type=\"widget\" data-widget_type=\"jet-button.default\">\n\t\t\t\t<div class=\"elementor-widget-container\">\n\t\t\t\t\t<div class=\"elementor-jet-button jet-elements\"><div class=\"jet-button__container\"><a class=\"jet-button__instance jet-button__instance--icon-left hover-effect-1\" href=\"\/ueber-iwell-guard\/?utm_source=iwell-guard.com&amp;utm_medium=info-box&amp;utm_campaign=lichtwesen-kosmologie\"><div class=\"jet-button__plane jet-button__plane-normal\"><\/div><div class=\"jet-button__plane jet-button__plane-hover\"><\/div><div class=\"jet-button__state jet-button__state-normal\"><span class=\"jet-button__label\">Uppbygging og virkni<\/span><\/div><div class=\"jet-button__state jet-button__state-hover\"><span class=\"jet-button__label\">Uppbygging og virkni<\/span><\/div><\/a><\/div><\/div><style>.elementor-element.elementor-element-iwgcd-gaia-b .jet-button__instance{width:320px;height:56px;}.elementor-element.elementor-element-iwgcd-gaia-b .jet-button__state-normal .jet-button__label{text-align:center;margin:0px 0px 0px 0px;color:#1a1b20;font-family:Montserrat,sans-serif;font-size:13px;font-weight:400;letter-spacing:4px;line-height:1.714em;text-transform:uppercase;}.elementor-element.elementor-element-iwgcd-gaia-b .jet-button__state-hover .jet-button__label{text-align:center;margin:0px 0px 0px 0px;color:#FECC76;font-family:Montserrat,sans-serif;font-size:13px;font-weight:400;letter-spacing:4px;line-height:1.714em;text-transform:uppercase;}.elementor-element.elementor-element-iwgcd-gaia-b .jet-button__plane-normal{background-color:#FECC76;border-style:solid;border-color:#C99540;border-width:2px 2px 2px 2px;}.elementor-element.elementor-element-iwgcd-gaia-b .jet-button__plane-hover{background-color:rgba(0,0,0,0.55);border-style:solid;border-color:#FECC76;border-width:2px 2px 2px 2px;}<\/style>\t\t\t\t<\/div>\n\t\t\t\t<\/div>\n\t\t\t\t<div class=\"elementor-element elementor-element-iwgcd-gaia-d elementor-widget elementor-widget-text-editor\" data-id=\"iwgcd-gaia-d\" data-element_type=\"widget\" data-e-type=\"widget\" data-widget_type=\"text-editor.default\">\n\t\t\t\t\t\t\t\t\t<div data-nosnippet=\"true\"><p style=\"text-align:center;font-size:13px;opacity:0.7;margin-top:14px\" data-nosnippet=\"true\">Virkni er einungis l\u00fdst \u00e1 starfr\u00e6nan h\u00e1tt. Ekki l\u00e6kningat\u00e6ki. Engin lofor\u00f0 um heilun.<\/p><\/div>\t\t\t\t\t\t\t\t<\/div>\n\t\t\t\t\t<\/div>\n\t\t\t\t<\/div>\n\t\t\t\t\t<\/div>\n\t\t\t\t<\/div>\n\t\t<div class=\"elementor-element elementor-element-cpc8810c3 e-flex e-con-boxed e-con e-parent\" data-id=\"cpc8810c3\" data-element_type=\"container\" data-e-type=\"container\">\n\t\t\t\t\t<div class=\"e-con-inner\">\n\t\t\t\t<div class=\"elementor-element elementor-element-cp29d6048 elementor-widget elementor-widget-heading\" data-id=\"cp29d6048\" data-element_type=\"widget\" data-e-type=\"widget\" data-widget_type=\"heading.default\">\n\t\t\t\t\t<h2 class=\"elementor-heading-title elementor-size-default\">Gu\u00f0fr\u00e6\u00f0i Hes\u00ed\u00f3dosar: Gaia \u00ed upphafi gu\u00f0aheimsins<\/h2>\t\t\t\t<\/div>\n\t\t<div class=\"elementor-element elementor-element-cp8926802 e-con-full e-flex e-con e-child\" data-id=\"cp8926802\" data-element_type=\"container\" data-e-type=\"container\">\n\t\t\t\t<div class=\"elementor-element elementor-element-cp41a2b62 elementor-widget elementor-widget-text-editor\" data-id=\"cp41a2b62\" data-element_type=\"widget\" data-e-type=\"widget\" data-widget_type=\"text-editor.default\">\n\t\t\t\t\t\t\t\t\t<p>Mikilv\u00e6gasta heimildin um gr\u00edsku Gaiu er <em>Theogonia<\/em> sk\u00e1ldsins Hes\u00ed\u00f3dosar, sem tali\u00f0 er hafa or\u00f0i\u00f0 til um 700 f.Kr. H\u00fan l\u00fdsir tilur\u00f0 heimsins og gu\u00f0anna. Samkv\u00e6mt Hes\u00ed\u00f3dosi er \u00ed upphafi <em>Ginnungagap<\/em> (Chaos), hi\u00f0 gapandi t\u00f3m, og \u00fe\u00e1 kemur <em>Gaia<\/em>, j\u00f6r\u00f0in, fram sem brei\u00f0 og traust s\u00e6ti allra hluta.<\/p><p>Gaia f\u00e6\u00f0ir af sj\u00e1lfri s\u00e9r, \u00e1n f\u00e9laga, himininn <em>\u00daranos<\/em>, fj\u00f6llin og hafi\u00f0 <em>Pontos<\/em>. Me\u00f0 \u00daranosi eignast h\u00fan s\u00ed\u00f0an fj\u00f6lda afkomenda: t\u00f3lf T\u00edtana, hina eineyg\u00f0u K\u00fdkl\u00f3pa og hundra\u00f0-handa Hekatonkeirana. \u00deannig stendur Gaia \u00ed upphafi \u00feeirrar \u00e6ttarke\u00f0ju sem lei\u00f0ir til \u00d3lympsgu\u00f0anna.<\/p><p>Hj\u00e1 Hes\u00ed\u00f3dosi er Gaia \u00fe\u00f3 ekki bara \u00f3virk form\u00f3\u00f0ir. H\u00fan hefur afgerandi \u00e1hrif \u00e1 framvindu atbur\u00f0anna.<\/p><p>\u00deegar \u00daranos hatar b\u00f6rn s\u00edn og heldur \u00feeim f\u00f6stum inni \u00ed j\u00f6r\u00f0inni, sm\u00ed\u00f0ar Gaia \u00e1\u00e6tlun, gerir sig\u00f0 og hvetur son sinn, <a href=\"https:\/\/iwell-guard.com\/is\/?page_id=169032\">Kr\u00f3nos<\/a>, til a\u00f0 gelda f\u00f6\u00f0ur sinn. S\u00ed\u00f0ar, \u00feegar Kr\u00f3nos ver\u00f0ur sj\u00e1lfur har\u00f0stj\u00f3ri, hj\u00e1lpar Gaia til vi\u00f0 a\u00f0 fella hann.<\/p><p>Gaia Hes\u00ed\u00f3dosar er \u00feannig pers\u00f3na me\u00f0 tv\u00f6falt e\u00f0li: \u00ed senn st\u00f6\u00f0ugur grundv\u00f6llur heimsins og virkt, \u00e1\u00e6tlanagert vald sem kveikir og r\u00e6\u00f0ur \u00farslitum kynsl\u00f3\u00f0adeilna gu\u00f0anna. \u00deessi samsetning st\u00f6\u00f0ugleika og hyggindra gerir hana a\u00f0 einni s\u00e9rst\u00e6\u00f0ustu pers\u00f3nu gr\u00edskrar <span class=\"iwg-fachbegriff\" data-tooltip=\"Heildarsafn go\u00f0sagna sem var\u00f0veitt hafa veri\u00f0 innan tiltekinnar menningar.\" tabindex=\"0\">go\u00f0afr\u00e6\u00f0i<\/span>.<\/p>\t\t\t\t\t\t\t\t<\/div>\n\t\t\t\t<\/div>\n\t\t\t\t\t<\/div>\n\t\t\t\t<\/div>\n\t\t<div class=\"elementor-element elementor-element-cp6b191ac e-flex e-con-boxed e-con e-parent\" data-id=\"cp6b191ac\" data-element_type=\"container\" data-e-type=\"container\">\n\t\t\t\t\t<div class=\"e-con-inner\">\n\t\t\t\t<div class=\"elementor-element elementor-element-cpda774e5 elementor-widget elementor-widget-heading\" data-id=\"cpda774e5\" data-element_type=\"widget\" data-e-type=\"widget\" data-widget_type=\"heading.default\">\n\t\t\t\t\t<h2 class=\"elementor-heading-title elementor-size-default\">V\u00e9fr\u00e9tt og tr\u00faari\u00f0kun: Gaia \u00ed Delf\u00ed og \u00d3lymp\u00edu<\/h2>\t\t\t\t<\/div>\n\t\t<div class=\"elementor-element elementor-element-cp5a9c17e e-con-full e-flex e-con e-child\" data-id=\"cp5a9c17e\" data-element_type=\"container\" data-e-type=\"container\">\n\t\t\t\t<div class=\"elementor-element elementor-element-cpae7069c elementor-widget elementor-widget-text-editor\" data-id=\"cpae7069c\" data-element_type=\"widget\" data-e-type=\"widget\" data-widget_type=\"text-editor.default\">\n\t\t\t\t\t\t\t\t\t<p>\u00d3l\u00edkt sumum hreinlega b\u00f3kmenntalegum gu\u00f0um \u00e1tti Gaia s\u00e9r einnig <span class=\"iwg-fachbegriff\" data-tooltip=\"\u00d6ll tr\u00faarleg d\u00fdrkunarath\u00f6fn tileinku\u00f0 gu\u00f0i e\u00f0a heilagri veru.\" tabindex=\"0\">helgisi\u00f0ai\u00f0kun (kult)<\/span>, sem \u00fe\u00f3 var ekki eins \u00e1berandi og d\u00fdrkun \u00f3lympsgu\u00f0anna. <span class=\"iwg-fachbegriff\" data-tooltip=\"T\u00edmabil gr\u00edskrar og r\u00f3mverskrar menningar, u.\u00fe.b. 800 f.Kr. til 600 e.Kr.\" tabindex=\"0\">Forn\u00f6ld<\/span>arheimildir segja a\u00f0 hi\u00f0 fr\u00e6ga <span class=\"iwg-fachbegriff\" data-tooltip=\"Sta\u00f0ur e\u00f0a stofnun \u00fear sem leita\u00f0 er gu\u00f0legs svars.\" tabindex=\"0\">v\u00e9fr\u00e9tt (orakel)<\/span> \u00ed Delf\u00ed hafi upphaflega veri\u00f0 <span class=\"iwg-fachbegriff\" data-tooltip=\"V\u00edgt til hins heilaga me\u00f0 tr\u00faarlegri ath\u00f6fn og \u00feannig hafi\u00f0 yfir hi\u00f0 hversdagslega.\" tabindex=\"0\">v\u00edgt<\/span> Gaiu, \u00e1\u00f0ur en <a href=\"https:\/\/iwell-guard.com\/is\/?page_id=168786\">Appollon<\/a> t\u00f3k \u00fea\u00f0 yfir. Gr\u00edski fer\u00f0aritah\u00f6fundurinn P\u00e1san\u00edas greinir fr\u00e1 \u00feessari hef\u00f0 \u00e1 2. \u00f6ld e.Kr.<\/p><p>Sagnfr\u00e6\u00f0iranns\u00f3knir eru varf\u00e6rnar h\u00e9r. Hvort raunverulega hafi veri\u00f0 til Gaia-<span class=\"iwg-fachbegriff\" data-tooltip=\"\u00d6ll tr\u00faarleg d\u00fdrkunarath\u00f6fn tileinku\u00f0 gu\u00f0i e\u00f0a heilagri veru.\" tabindex=\"0\">helgisi\u00f0ai\u00f0kun<\/span> \u00ed Delf\u00ed fyrir t\u00edma Appollons, e\u00f0a hvort \u00feessi fr\u00e1s\u00f6gn s\u00e9 s\u00ed\u00f0ari t\u00edma sm\u00ed\u00f0 til a\u00f0 \u00fatsk\u00fdra umskiptin fr\u00e1 eldri til yngri skipan, ver\u00f0ur ekki fullyrt me\u00f0 vissu.<\/p><p>Sagan (<span class=\"iwg-fachbegriff\" data-tooltip=\"Hef\u00f0bundin fr\u00e1s\u00f6gn um gu\u00f0i, uppruna og skipan heimsins.\" tabindex=\"0\">go\u00f0s\u00f6gn<\/span>) um drekann Python, sem Appollon felldi \u00e1 v\u00e9fr\u00e9ttarsta\u00f0num, tilheyrir sama samhengi.<\/p><p>Altari og helgista\u00f0ir tileinka\u00f0ir Gaiu eru sta\u00f0festir \u00e1 m\u00f6rgum st\u00f6\u00f0um. \u00cd Olymp\u00edu var, samkv\u00e6mt P\u00e1san\u00edasi, <span class=\"iwg-fachbegriff\" data-tooltip=\"Upph\u00e6kka\u00f0ur sta\u00f0ur e\u00f0a bor\u00f0 fyrir f\u00f3rnir og tr\u00faarlegar athafnir.\" tabindex=\"0\">altari<\/span> og helgista\u00f0ur <em>Gaiu<\/em>, og \u00ed A\u00feenu var henni einnig <span class=\"iwg-fachbegriff\" data-tooltip=\"V\u00edgt til hins heilaga me\u00f0 tr\u00faarlegri ath\u00f6fn og \u00feannig hafi\u00f0 yfir hi\u00f0 hversdagslega.\" tabindex=\"0\">v\u00edgt<\/span> sv\u00e6\u00f0i. H\u00fan var d\u00fdrku\u00f0 undir vi\u00f0urnefnum eins og <em>Kourotrophos<\/em>, \u201ehin barnf\u00e6\u00f0andi&#8220;, sem undirstrikar hlutverk hennar sem n\u00e6randa alls l\u00edfs.<\/p><p>\u00cd ei\u00f0svinningum gegndi Gaia s\u00e9rst\u00f6ku hlutverki: S\u00e1 sem s\u00f3r h\u00e1t\u00ed\u00f0legan ei\u00f0 kalla\u00f0i oft \u00e1 j\u00f6r\u00f0 og himin sem vitni. J\u00f6r\u00f0in, sem ber allt og tekur allt aftur til s\u00edn, henta\u00f0i sem \u00e1byrg\u00f0ara\u00f0ili \u00f3brj\u00f3tanleika ei\u00f0sins.<\/p><p>Gaia-<span class=\"iwg-fachbegriff\" data-tooltip=\"\u00d6ll tr\u00faarleg d\u00fdrkunarath\u00f6fn tileinku\u00f0 gu\u00f0i e\u00f0a heilagri veru.\" tabindex=\"0\">helgisi\u00f0ai\u00f0kunin<\/span> var \u00fev\u00ed fremur dreif\u00f0 og forn en \u00e1berandi, bakgrunnsd\u00fdrkun sem hei\u00f0ra\u00f0i j\u00f6r\u00f0ina sem s\u00edst\u00e6\u00f0an grundv\u00f6ll l\u00edfsins.<\/p>\t\t\t\t\t\t\t\t<\/div>\n\t\t\t\t<\/div>\n\t\t\t\t\t<\/div>\n\t\t\t\t<\/div>\n\t\t<div class=\"elementor-element elementor-element-cp285c9ce e-flex e-con-boxed e-con e-parent\" data-id=\"cp285c9ce\" data-element_type=\"container\" data-e-type=\"container\">\n\t\t\t\t\t<div class=\"e-con-inner\">\n\t\t\t\t<div class=\"elementor-element elementor-element-cpc3eb29f elementor-widget elementor-widget-heading\" data-id=\"cpc3eb29f\" data-element_type=\"widget\" data-e-type=\"widget\" data-widget_type=\"heading.default\">\n\t\t\t\t\t<h2 class=\"elementor-heading-title elementor-size-default\">Fr\u00e1 jar\u00f0arm\u00f3\u00f0ur til Gaiu-kenningarinnar: n\u00fat\u00edmavi\u00f0t\u00f6kur<\/h2>\t\t\t\t<\/div>\n\t\t<div class=\"elementor-element elementor-element-cp31ee0dd e-con-full e-flex e-con e-child\" data-id=\"cp31ee0dd\" data-element_type=\"container\" data-e-type=\"container\">\n\t\t\t\t<div class=\"elementor-element elementor-element-cpff00ca3 elementor-widget elementor-widget-text-editor\" data-id=\"cpff00ca3\" data-element_type=\"widget\" data-e-type=\"widget\" data-widget_type=\"text-editor.default\">\n\t\t\t\t\t\t\t\t\t<p>Nafni\u00f0 Gaia hefur \u00e1 20. \u00f6ld \u00e1tt s\u00e9r \u00f3venjulegan annan feril, langt utan vi\u00f0 klass\u00edsk fr\u00e6\u00f0i. \u00c1 \u00e1ttunda \u00e1ratugnum \u00fer\u00f3a\u00f0i breski efnafr\u00e6\u00f0ingurinn James Lovelock, s\u00ed\u00f0ar \u00ed samstarfi vi\u00f0 \u00f6rverufr\u00e6\u00f0inginn Lynn Margulis, hina svok\u00f6llu\u00f0u <em>Gaiu-kenningu<\/em>. A\u00f0 till\u00f6gu rith\u00f6fundarins William Golding valdi Lovelock nafn gr\u00edsku jar\u00f0argy\u00f0junnar.<\/p><p>Gaiu-kenningin segir, \u00ed einfalda\u00f0ri mynd, a\u00f0 heildarsafn l\u00edfvera og umhverfis \u00feeirra myndi sj\u00e1lfst\u00fdrandi kerfi sem heldur \u00e1kve\u00f0num a\u00f0st\u00e6\u00f0um, svo sem hitastigi og samsetningu lofthj\u00fapsins, innan \u00feess svi\u00f0s sem er hagst\u00e6tt fyrir l\u00edf.<\/p><p>H\u00e9r er um n\u00e1tt\u00faruv\u00edsindalega kenningu a\u00f0 r\u00e6\u00f0a, oft umdeilda, ekki tr\u00faarlega fullyr\u00f0ingu. Gagnr\u00fdnendur hafa haldi\u00f0 \u00fev\u00ed fram a\u00f0 h\u00fan eigni j\u00f6r\u00f0inni me\u00f0 \u00f3r\u00e9ttm\u00e6tum h\u00e6tti eitthvers konar \u00e1setning.<\/p><p>\u00d3h\u00e1\u00f0 v\u00edsindalegri umr\u00e6\u00f0u var nafni\u00f0 teki\u00f0 upp \u00ed umhverfishreyfingunni og \u00ed andlegum stefnum. H\u00e9r runnu <span class=\"iwg-fachbegriff\" data-tooltip=\"T\u00edmabil gr\u00edskrar og r\u00f3mverskrar menningar, um 800 f.Kr. til 600 e.Kr.\" tabindex=\"0\">forn<\/span> jar\u00f0argy\u00f0jan og n\u00fat\u00edmahugmyndir um lifandi, verndar\u00feurfa j\u00f6r\u00f0 saman. \u00cd hluta n\u00fdhei\u00f0ni og umhverfisandlegheita er Gaia tilbe\u00f0in sem gy\u00f0ja.<\/p><p>V\u00edsindalega er mikilv\u00e6gt a\u00f0 greina \u00feessa n\u00fat\u00edma Gaiu fr\u00e1 \u00feeirri fornu. Gaia Hes\u00edodosar er pers\u00f3nugerving jar\u00f0ar \u00ed fornlegu kennslulj\u00f3\u00f0i, felld inn \u00ed fl\u00f3kna \u00e6ttart\u00f6lu og kynsl\u00f3\u00f0a\u00e1t\u00f6k gu\u00f0anna.<\/p><p>Gaia n\u00fat\u00edmans er a\u00f0 hluta v\u00edsindaleg saml\u00edking, a\u00f0 hluta n\u00fd tr\u00faarleg sm\u00ed\u00f0. A\u00f0eins nafni\u00f0 og sameiginleg grunnmynd jar\u00f0arins sem bera alls sem lifir tengja \u00feessar tv\u00e6r saman.<\/p>\t\t\t\t\t\t\t\t<\/div>\n\t\t\t\t<\/div>\n\t\t\t\t\t<\/div>\n\t\t\t\t<\/div>\n\t\t<div class=\"elementor-element elementor-element-cp31ad049 e-flex e-con-boxed e-con e-parent\" data-id=\"cp31ad049\" data-element_type=\"container\" data-e-type=\"container\">\n\t\t\t\t\t<div class=\"e-con-inner\">\n\t\t\t\t<div class=\"elementor-element elementor-element-cpb50379c elementor-widget elementor-widget-heading\" data-id=\"cpb50379c\" data-element_type=\"widget\" data-e-type=\"widget\" data-widget_type=\"heading.default\">\n\t\t\t\t\t<h2 class=\"elementor-heading-title elementor-size-default\">Samb\u00e6rileg jar\u00f0gu\u00f0m\u00f6gn \u00ed hinu forna Austurl\u00f6ndum og v\u00ed\u00f0ar<\/h2>\t\t\t\t<\/div>\n\t\t<div class=\"elementor-element elementor-element-cp069ebe6 e-con-full e-flex e-con e-child\" data-id=\"cp069ebe6\" data-element_type=\"container\" data-e-type=\"container\">\n\t\t\t\t<div class=\"elementor-element elementor-element-cpd6c09ae elementor-widget elementor-widget-text-editor\" data-id=\"cpd6c09ae\" data-element_type=\"widget\" data-e-type=\"widget\" data-widget_type=\"text-editor.default\">\n\t\t\t\t\t\t\t\t\t<p>Hugmyndin um jar\u00f0gu\u00f0m\u00f6gn er ekki gr\u00edsk. \u00cd m\u00f6rgum menningarheimum m\u00e1 finna <span class=\"iwg-fachbegriff\" data-tooltip=\"Vera sem er tilbe\u00f0in sem gu\u00f0leg innan tr\u00faarbrag\u00f0a.\" tabindex=\"0\">gu\u00f0d\u00f3m<\/span> e\u00f0a safn hugmynda sem l\u00fdsir j\u00f6r\u00f0inni sem n\u00e6randi og jafnframt vi\u00f0takandi m\u00e6tti. Samanbur\u00f0urinn hj\u00e1lpar til vi\u00f0 a\u00f0 skilja betur \u00fea\u00f0 s\u00e9rstaka vi\u00f0 gr\u00edsku Gaiu.<\/p><p>\u00cd mes\u00f3p\u00f3tam\u00edskri hef\u00f0 er til jar\u00f0gu\u00f0m\u00f6gnin <em>Ki<\/em>, sem talin er f\u00e9lagi himingu\u00f0sins An, en h\u00fan er ekki eins athafnas\u00f6m fr\u00e1sagnarpers\u00f3na og Gaia. \u00c1 hett\u00edtsku og hurr\u00edsku sv\u00e6\u00f0i eru jar\u00f0gu\u00f0m\u00f6gn einnig vottu\u00f0.<\/p><p>\u00cd r\u00f3mverskri tr\u00fa svarar til Gaiu gy\u00f0jan <em>Tellus<\/em> e\u00f0a <em>Terra Mater<\/em>, en <span class=\"iwg-fachbegriff\" data-tooltip=\"Heildarsafn tr\u00faarlegra tilbei\u00f0sluathafna gagnvart gu\u00f0d\u00f3mi e\u00f0a heilagri pers\u00f3nu.\" tabindex=\"0\">helgisi\u00f0ir<\/span> hennar tengdust frj\u00f3semi og akuryrkju; \u00e1 keisarat\u00edmanum var h\u00fan me\u00f0al annars fagna\u00f0 \u00ed hinni \u00feekktu l\u00e1gmyndarframsetningu \u00e1 Ara Pacis \u00ed R\u00f3m.<\/p><p>Athyglisvert er a\u00f0 gr\u00edska Gaia er ekki fyrst og fremst frj\u00f3semisgy\u00f0ja akuryrkjunnar, heldur heimsmyndarleg pers\u00f3na sem stendur alveg \u00ed upphafi heimssk\u00f6punarins og tekur virkan \u00fe\u00e1tt \u00ed valdabar\u00e1ttu gu\u00f0akynsl\u00f3\u00f0anna. \u00d6nnur jar\u00f0gu\u00f0m\u00f6gn eru fremur bundin landb\u00fana\u00f0ar\u00e1rinu.<\/p><p>Eldri <span class=\"iwg-fachbegriff\" data-tooltip=\"V\u00edsindin sem rannsaka tr\u00faarbr\u00f6g\u00f0 samanbur\u00f0arlega og \u00e1n tr\u00faarlegrar afst\u00f6\u00f0u.\" tabindex=\"0\">tr\u00faarbrag\u00f0afr\u00e6\u00f0i<\/span>, me\u00f0al annars s\u00fa stefna sem kennd er vi\u00f0 hugtaki\u00f0 \u201eHin miklu gy\u00f0ja&#8220;, hefur haft tilhneigingu til a\u00f0 draga allar \u00feessar pers\u00f3nur saman \u00ed eina frumforna m\u00f3\u00f0urgy\u00f0ju. \u00deessi kenning telst n\u00fa of v\u00ed\u00f0t\u00e6k og illa sta\u00f0fest.<\/p><p>Hin yfirvega\u00f0a s\u00fdn heldur \u00fev\u00ed fram a\u00f0 \u00f3l\u00edkir menningarheimar hafi \u00f3h\u00e1\u00f0 hver \u00f6\u00f0rum pers\u00f3nugert j\u00f6r\u00f0ina, hver me\u00f0 s\u00ednu s\u00e9rstaka svipm\u00f3ti. Gaia er ein af \u00feessum pers\u00f3num, m\u00f3tu\u00f0 af s\u00e9rst\u00f6ku formi gr\u00edskrar gu\u00f0sagnas\u00f6gu.<\/p>\t\t\t\t\t\t\t\t<\/div>\n\t\t\t\t<\/div>\n\t\t\t\t\t<\/div>\n\t\t\t\t<\/div>\n\t\t\t\t<section class=\"elementor-section elementor-top-section elementor-element elementor-element-wv-gaia-faq-56b6ed elementor-section-boxed elementor-section-height-default elementor-section-height-default\" data-id=\"wv-gaia-faq-56b6ed\" data-element_type=\"section\" data-e-type=\"section\">\n\t\t\t\t\t\t<div class=\"elementor-container elementor-column-gap-default\">\n\t\t\t\t\t<div class=\"elementor-column elementor-col-100 elementor-top-column elementor-element elementor-element-wv-gaia-faq-col-c01ac7\" data-id=\"wv-gaia-faq-col-c01ac7\" data-element_type=\"column\" data-e-type=\"column\">\n\t\t\t<div class=\"elementor-widget-wrap elementor-element-populated\">\n\t\t\t\t\t\t<div class=\"elementor-element elementor-element-wv-gaia-h elementor-widget elementor-widget-heading\" data-id=\"wv-gaia-h\" data-element_type=\"widget\" data-e-type=\"widget\" data-widget_type=\"heading.default\">\n\t\t\t\t\t<h2 class=\"elementor-heading-title elementor-size-default\">Algengar spurningar um Gaiu<\/h2>\t\t\t\t<\/div>\n\t\t\t\t<div class=\"elementor-element elementor-element-wv-gaia-t elementor-widget elementor-widget-text-editor\" data-id=\"wv-gaia-t\" data-element_type=\"widget\" data-e-type=\"widget\" data-widget_type=\"text-editor.default\">\n\t\t\t\t\t\t\t\t\t\n<details class=\"iwg-faq-item\">\n  <summary><strong>Hver er gy\u00f0jan Gaia?<\/strong><\/summary>\n  <p>Gaia er \u00ed gr\u00edskri <span class=\"iwg-fachbegriff\" data-tooltip=\"Heildarsafn go\u00f0sagna sem var\u00f0veist hafa innan tiltekinnar menningar.\" tabindex=\"0\">go\u00f0afr\u00e6\u00f0i<\/span> j\u00f6r\u00f0in sj\u00e1lf \u00ed pers\u00f3nuger\u00f0ri mynd og frumm\u00f3\u00f0ir allra gu\u00f0a. Sprottin \u00far Ginnungagapinu (Chaos) f\u00e6\u00f0ir h\u00fan af sj\u00e1lfri s\u00e9r \u00daranos (himininn), Pontos (hafi\u00f0) og Ourea (fj\u00f6llin). Me\u00f0 \u00daranosi eignast h\u00fan T\u00edtanana, K\u00fdkl\u00f3pana og Hekatoncheirana. Gaia er talin elsta lagi\u00f0 \u00ed gr\u00edska gu\u00f0aheiminum.<\/p>\n<\/details>\n\n<details class=\"iwg-faq-item\">\n  <summary><strong>Hva\u00f0a t\u00e1kn tengjast Gaiu?<\/strong><\/summary>\n  <p>Klass\u00edsk t\u00e1kn Gaiu eru \u00e1vextir og korn (frj\u00f3semi), h\u00f6ggormar (tengsl vi\u00f0 undirdj\u00fapin og jar\u00f0svi\u00f0i\u00f0), liggjandi m\u00f3\u00f0urmynd \u00ed fornri myndhef\u00f0, auk hnattarins (jar\u00f0ark\u00falunnar) \u00ed seinni t\u00edma myndlist. \u00cd n\u00fat\u00edma umhverfishreyfingunni var\u00f0 Gaia, me\u00f0 Gaiu-tilg\u00e1tu James Lovelock, pers\u00f3nugervingur hinnar lifandi jar\u00f0ar.<\/p>\n<\/details>\t\t\t\t\t\t\t\t<\/div>\n\t\t\t\t<div class=\"elementor-element elementor-element-wv-gaia-s elementor-widget elementor-widget-html\" data-id=\"wv-gaia-s\" data-element_type=\"widget\" data-e-type=\"widget\" data-widget_type=\"html.default\">\n\t\t\t\t\t<script type=\"application\/ld+json\">{\"@context\": \"https:\/\/schema.org\", \"@type\": \"FAQPage\", \"mainEntity\": [{\"@type\": \"Question\", \"name\": \"Hver er gy\u00f0jan Gaia?\", \"acceptedAnswer\": {\"@type\": \"Answer\", \"text\": \"Gaia er \u00ed gr\u00edskri go\u00f0afr\u00e6\u00f0i j\u00f6r\u00f0in sj\u00e1lf \u00ed pers\u00f3nuger\u00f0ri mynd og frumm\u00f3\u00f0ir allra gu\u00f0a. Sprottin \u00far Ginnungagapinu (Chaos) f\u00e6\u00f0ir h\u00fan af sj\u00e1lfri s\u00e9r \u00daranos (himininn), Pontos (hafi\u00f0) og Ourea (fj\u00f6llin). Me\u00f0 \u00daranosi eignast h\u00fan T\u00edtanana, K\u00fdkl\u00f3pana og Hekatoncheirana. Gaia er talin elsta lagi\u00f0 \u00ed gr\u00edska gu\u00f0aheiminum.\"}}, {\"@type\": \"Question\", \"name\": \"Hva\u00f0a t\u00e1kn tengjast Gaiu?\", \"acceptedAnswer\": {\"@type\": \"Answer\", \"text\": \"Klass\u00edsk t\u00e1kn Gaiu eru \u00e1vextir og korn (frj\u00f3semi), h\u00f6ggormar (tengsl vi\u00f0 undirdj\u00fapin og jar\u00f0svi\u00f0i\u00f0), liggjandi m\u00f3\u00f0urmynd \u00ed fornri myndhef\u00f0, auk hnattarins (jar\u00f0ark\u00falunnar) \u00ed seinni t\u00edma myndlist. \u00cd n\u00fat\u00edma umhverfishreyfingunni var\u00f0 Gaia, me\u00f0 Gaiu-tilg\u00e1tu James Lovelock, pers\u00f3nugervingur hinnar lifandi jar\u00f0ar.\"}}]}<\/script>\t\t\t\t<\/div>\n\t\t\t\t\t<\/div>\n\t\t<\/div>\n\t\t\t\t\t<\/div>\n\t\t<\/section>\n\t\t\t\t<\/div>\n\t\t","protected":false},"excerpt":{"rendered":"","protected":false},"author":3,"featured_media":1625,"parent":0,"menu_order":0,"comment_status":"closed","ping_status":"closed","template":"elementor_header_footer","meta":{"_yoast_wpseo_focuskw":"Gaia jar\u00f0gy\u00f0ja","_yoast_wpseo_title":"Gaia - Jar\u00f0m\u00f3\u00f0ir og pl\u00e1neturlegt lj\u00f3svera","_yoast_wpseo_metadesc":"Gaia, jar\u00f0m\u00f3\u00f0ir og pl\u00e1neturleg vitund. Fr\u00e1 fornri go\u00f0afr\u00e6\u00f0i til Gaia-tilg\u00e1tunnar. Merking \u00ed iWell-Guard-i\u00f0kuninni.","_yoast_wpseo_meta-robots-noindex":"","_yoast_wpseo_canonical":"","_angie_page":false,"gefaehrdungsstufe":"","wesen_kultur":"","wesen_klasse":"","footnotes":""},"categories":[],"class_list":["post-168686","page","type-page","status-publish","has-post-thumbnail","hentry"],"yoast_head":"<!-- This site is optimized with the Yoast SEO Premium plugin v27.7 (Yoast SEO v28.3) - https:\/\/yoast.com\/product\/yoast-seo-premium-wordpress\/ -->\n<title>Gaia - Jar\u00f0m\u00f3\u00f0ir og pl\u00e1neturlegt lj\u00f3svera<\/title>\n<meta name=\"description\" content=\"Gaia, jar\u00f0m\u00f3\u00f0ir og pl\u00e1neturleg vitund. Fr\u00e1 fornri go\u00f0afr\u00e6\u00f0i til Gaia-tilg\u00e1tunnar. Merking \u00ed iWell-Guard-i\u00f0kuninni.\" \/>\n<meta name=\"robots\" content=\"index, follow, max-snippet:-1, max-image-preview:large, max-video-preview:-1\" \/>\n<link rel=\"canonical\" href=\"https:\/\/iwell-guard.com\/is\/gaia\/\" \/>\n<meta property=\"og:locale\" content=\"is_IS\" \/>\n<meta property=\"og:type\" content=\"article\" \/>\n<meta property=\"og:title\" content=\"Gaia\" \/>\n<meta property=\"og:description\" content=\"Gaia, jar\u00f0m\u00f3\u00f0ir og pl\u00e1neturleg vitund. Fr\u00e1 fornri go\u00f0afr\u00e6\u00f0i til Gaia-tilg\u00e1tunnar. Merking \u00ed iWell-Guard-i\u00f0kuninni.\" \/>\n<meta property=\"og:url\" content=\"https:\/\/iwell-guard.com\/is\/gaia\/\" \/>\n<meta property=\"og:site_name\" content=\"iWell Guard\" \/>\n<meta property=\"article:modified_time\" content=\"2026-09-05T14:16:51+00:00\" \/>\n<meta property=\"og:image\" content=\"https:\/\/iwell-guard.com\/wp-content\/uploads\/2026\/04\/lichtwesen_gaia.webp\" \/>\n\t<meta property=\"og:image:width\" content=\"1024\" \/>\n\t<meta property=\"og:image:height\" content=\"1536\" \/>\n\t<meta property=\"og:image:type\" content=\"image\/webp\" \/>\n<meta name=\"twitter:card\" content=\"summary_large_image\" \/>\n<script type=\"application\/ld+json\" class=\"yoast-schema-graph\">{\"@context\":\"https:\\\/\\\/schema.org\",\"@graph\":[{\"@type\":\"WebPage\",\"@id\":\"https:\\\/\\\/iwell-guard.com\\\/is\\\/gaia\\\/\",\"url\":\"https:\\\/\\\/iwell-guard.com\\\/is\\\/gaia\\\/\",\"name\":\"Gaia - Jar\u00f0m\u00f3\u00f0ir og pl\u00e1neturlegt lj\u00f3svera\",\"isPartOf\":{\"@id\":\"https:\\\/\\\/iwell-guard.com\\\/is\\\/#website\"},\"primaryImageOfPage\":{\"@id\":\"https:\\\/\\\/iwell-guard.com\\\/is\\\/gaia\\\/#primaryimage\"},\"image\":{\"@id\":\"https:\\\/\\\/iwell-guard.com\\\/is\\\/gaia\\\/#primaryimage\"},\"thumbnailUrl\":\"https:\\\/\\\/iwell-guard.com\\\/wp-content\\\/uploads\\\/2026\\\/04\\\/lichtwesen_gaia.webp\",\"datePublished\":\"2026-09-05T14:02:10+00:00\",\"dateModified\":\"2026-09-05T14:16:51+00:00\",\"description\":\"Gaia, jar\u00f0m\u00f3\u00f0ir og pl\u00e1neturleg vitund. Fr\u00e1 fornri go\u00f0afr\u00e6\u00f0i til Gaia-tilg\u00e1tunnar. Merking \u00ed iWell-Guard-i\u00f0kuninni.\",\"breadcrumb\":{\"@id\":\"https:\\\/\\\/iwell-guard.com\\\/is\\\/gaia\\\/#breadcrumb\"},\"inLanguage\":\"is\",\"potentialAction\":[{\"@type\":\"ReadAction\",\"target\":[\"https:\\\/\\\/iwell-guard.com\\\/is\\\/gaia\\\/\"]}]},{\"@type\":\"ImageObject\",\"inLanguage\":\"is\",\"@id\":\"https:\\\/\\\/iwell-guard.com\\\/is\\\/gaia\\\/#primaryimage\",\"url\":\"https:\\\/\\\/iwell-guard.com\\\/wp-content\\\/uploads\\\/2026\\\/04\\\/lichtwesen_gaia.webp\",\"contentUrl\":\"https:\\\/\\\/iwell-guard.com\\\/wp-content\\\/uploads\\\/2026\\\/04\\\/lichtwesen_gaia.webp\",\"width\":1024,\"height\":1536,\"caption\":\"Lj\u00f3svera. Lj\u00f3sfl\u00e6\u00f0andi mynd.\"},{\"@type\":\"BreadcrumbList\",\"@id\":\"https:\\\/\\\/iwell-guard.com\\\/is\\\/gaia\\\/#breadcrumb\",\"itemListElement\":[{\"@type\":\"ListItem\",\"position\":1,\"name\":\"Start\",\"item\":\"https:\\\/\\\/iwell-guard.com\\\/is\\\/?page_id=168580\"},{\"@type\":\"ListItem\",\"position\":2,\"name\":\"Gaia\"}]},{\"@type\":\"WebSite\",\"@id\":\"https:\\\/\\\/iwell-guard.com\\\/is\\\/#website\",\"url\":\"https:\\\/\\\/iwell-guard.com\\\/is\\\/\",\"name\":\"iWell Guard\",\"description\":\"Schutz vor dunklen Einfl\u00fcssen\",\"publisher\":{\"@id\":\"https:\\\/\\\/iwell-guard.com\\\/is\\\/#organization\"},\"potentialAction\":[{\"@type\":\"SearchAction\",\"target\":{\"@type\":\"EntryPoint\",\"urlTemplate\":\"https:\\\/\\\/iwell-guard.com\\\/is\\\/?s={search_term_string}\"},\"query-input\":{\"@type\":\"PropertyValueSpecification\",\"valueRequired\":true,\"valueName\":\"search_term_string\"}}],\"inLanguage\":\"is\"},{\"@type\":\"Organization\",\"@id\":\"https:\\\/\\\/iwell-guard.com\\\/is\\\/#organization\",\"name\":\"Ittermann electronic GmbH\",\"url\":\"https:\\\/\\\/iwell-guard.com\\\/is\\\/\",\"logo\":{\"@type\":\"ImageObject\",\"inLanguage\":\"is\",\"@id\":\"https:\\\/\\\/iwell-guard.com\\\/is\\\/#\\\/schema\\\/logo\\\/image\\\/\",\"url\":\"https:\\\/\\\/iwell-guard.com\\\/wp-content\\\/uploads\\\/2026\\\/05\\\/Ittermann-Logo-1182x237-1.png\",\"contentUrl\":\"https:\\\/\\\/iwell-guard.com\\\/wp-content\\\/uploads\\\/2026\\\/05\\\/Ittermann-Logo-1182x237-1.png\",\"width\":1182,\"height\":237,\"caption\":\"Ittermann electronic GmbH\"},\"image\":{\"@id\":\"https:\\\/\\\/iwell-guard.com\\\/is\\\/#\\\/schema\\\/logo\\\/image\\\/\"},\"sameAs\":[\"https:\\\/\\\/pantip.com\\\/profile\\\/9367242\",\"https:\\\/\\\/micro.blog\\\/iwellguard\",\"https:\\\/\\\/www.diggerslist.com\\\/iwellguard\\\/about\",\"https:\\\/\\\/skitterphoto.com\\\/photographers\\\/2870314\\\/iwell-guard\",\"https:\\\/\\\/iwellguard.wordpress.com\\\/2026\\\/06\\\/06\\\/iwell-guard\\\/\",\"https:\\\/\\\/hub.docker.com\\\/u\\\/iwellguard\",\"https:\\\/\\\/www.pinterest.com\\\/iwellguard\\\/\",\"https:\\\/\\\/bit.ly\\\/m\\\/iwellguard\",\"https:\\\/\\\/entre-vos-mains.alsace.eu\\\/profiles\\\/iwellguard\\\/activity\",\"https:\\\/\\\/gravatar.com\\\/reallybeded8fd34\",\"https:\\\/\\\/naijamatta.com\\\/iwellguard\",\"https:\\\/\\\/www.goodreads.com\\\/iwellguard\",\"https:\\\/\\\/profile.hatena.ne.jp\\\/iwellguard\\\/\",\"https:\\\/\\\/experiment.com\\\/users\\\/iwellguard\",\"https:\\\/\\\/wakelet.com\\\/@iWellGuard82270\",\"https:\\\/\\\/www.chordie.com\\\/forum\\\/profile.php?id=2555664\",\"https:\\\/\\\/www.instapaper.com\\\/p\\\/17757966\",\"https:\\\/\\\/www.mapleprimes.com\\\/users\\\/iwellguard\",\"https:\\\/\\\/businesslistingplus.com\\\/profile\\\/iwell-guard\\\/\",\"https:\\\/\\\/telegra.ph\\\/iWell-Guard-06-06\",\"https:\\\/\\\/pbase.com\\\/iwellguard\\\/iwellguard\",\"https:\\\/\\\/b.hatena.ne.jp\\\/iwellguard\\\/20260607#bookmark-4788405196491818882\",\"https:\\\/\\\/fliphtml5.com\\\/home\\\/iwellguard\",\"https:\\\/\\\/anyflip.com\\\/homepage\\\/cmiwl#About\",\"https:\\\/\\\/transfur.com\\\/Users\\\/iwellguard\",\"http:\\\/\\\/delphi.larsbo.org\\\/user\\\/iwellguard\",\"https:\\\/\\\/jobs.lajobsportal.org\\\/profiles\\\/8380803-iwell-guard\",\"https:\\\/\\\/md.chaosdorf.de\\\/s\\\/jfbe5SBdJD\",\"https:\\\/\\\/www.lingvolive.com\\\/en-us\\\/profile\\\/9ecaeaca-ce11-4e51-9e71-01d55e2bff36\\\/translations\",\"https:\\\/\\\/www.fitday.com\\\/fitness\\\/forums\\\/members\\\/iwellguard.html\",\"https:\\\/\\\/www.mymeetbook.com\\\/iwellguard\",\"https:\\\/\\\/pxhere.com\\\/en\\\/photographer-me\\\/5040798\",\"https:\\\/\\\/disqus.com\\\/by\\\/iwellguard\\\/about\\\/\",\"https:\\\/\\\/pastelink.net\\\/hjwciqwq\",\"https:\\\/\\\/pubhtml5.com\\\/homepage\\\/scjhn\\\/\",\"https:\\\/\\\/www.bitchute.com\\\/channel\\\/2O2eOKzNqujT\",\"https:\\\/\\\/audiomack.com\\\/iwellguard\"]}]}<\/script>\n<!-- \/ Yoast SEO Premium plugin. -->","yoast_head_json":{"title":"Gaia - Jar\u00f0m\u00f3\u00f0ir og pl\u00e1neturlegt lj\u00f3svera","description":"Gaia, jar\u00f0m\u00f3\u00f0ir og pl\u00e1neturleg vitund. Fr\u00e1 fornri go\u00f0afr\u00e6\u00f0i til Gaia-tilg\u00e1tunnar. Merking \u00ed iWell-Guard-i\u00f0kuninni.","robots":{"index":"index","follow":"follow","max-snippet":"max-snippet:-1","max-image-preview":"max-image-preview:large","max-video-preview":"max-video-preview:-1"},"canonical":"https:\/\/iwell-guard.com\/is\/gaia\/","og_locale":"is_IS","og_type":"article","og_title":"Gaia","og_description":"Gaia, jar\u00f0m\u00f3\u00f0ir og pl\u00e1neturleg vitund. Fr\u00e1 fornri go\u00f0afr\u00e6\u00f0i til Gaia-tilg\u00e1tunnar. Merking \u00ed iWell-Guard-i\u00f0kuninni.","og_url":"https:\/\/iwell-guard.com\/is\/gaia\/","og_site_name":"iWell Guard","article_modified_time":"2026-09-05T14:16:51+00:00","og_image":[{"width":1024,"height":1536,"url":"https:\/\/iwell-guard.com\/wp-content\/uploads\/2026\/04\/lichtwesen_gaia.webp","type":"image\/webp"}],"twitter_card":"summary_large_image","schema":{"@context":"https:\/\/schema.org","@graph":[{"@type":"WebPage","@id":"https:\/\/iwell-guard.com\/is\/gaia\/","url":"https:\/\/iwell-guard.com\/is\/gaia\/","name":"Gaia - Jar\u00f0m\u00f3\u00f0ir og pl\u00e1neturlegt lj\u00f3svera","isPartOf":{"@id":"https:\/\/iwell-guard.com\/is\/#website"},"primaryImageOfPage":{"@id":"https:\/\/iwell-guard.com\/is\/gaia\/#primaryimage"},"image":{"@id":"https:\/\/iwell-guard.com\/is\/gaia\/#primaryimage"},"thumbnailUrl":"https:\/\/iwell-guard.com\/wp-content\/uploads\/2026\/04\/lichtwesen_gaia.webp","datePublished":"2026-09-05T14:02:10+00:00","dateModified":"2026-09-05T14:16:51+00:00","description":"Gaia, jar\u00f0m\u00f3\u00f0ir og pl\u00e1neturleg vitund. Fr\u00e1 fornri go\u00f0afr\u00e6\u00f0i til Gaia-tilg\u00e1tunnar. Merking \u00ed iWell-Guard-i\u00f0kuninni.","breadcrumb":{"@id":"https:\/\/iwell-guard.com\/is\/gaia\/#breadcrumb"},"inLanguage":"is","potentialAction":[{"@type":"ReadAction","target":["https:\/\/iwell-guard.com\/is\/gaia\/"]}]},{"@type":"ImageObject","inLanguage":"is","@id":"https:\/\/iwell-guard.com\/is\/gaia\/#primaryimage","url":"https:\/\/iwell-guard.com\/wp-content\/uploads\/2026\/04\/lichtwesen_gaia.webp","contentUrl":"https:\/\/iwell-guard.com\/wp-content\/uploads\/2026\/04\/lichtwesen_gaia.webp","width":1024,"height":1536,"caption":"Lj\u00f3svera. Lj\u00f3sfl\u00e6\u00f0andi mynd."},{"@type":"BreadcrumbList","@id":"https:\/\/iwell-guard.com\/is\/gaia\/#breadcrumb","itemListElement":[{"@type":"ListItem","position":1,"name":"Start","item":"https:\/\/iwell-guard.com\/is\/?page_id=168580"},{"@type":"ListItem","position":2,"name":"Gaia"}]},{"@type":"WebSite","@id":"https:\/\/iwell-guard.com\/is\/#website","url":"https:\/\/iwell-guard.com\/is\/","name":"iWell Guard","description":"Schutz vor dunklen Einfl\u00fcssen","publisher":{"@id":"https:\/\/iwell-guard.com\/is\/#organization"},"potentialAction":[{"@type":"SearchAction","target":{"@type":"EntryPoint","urlTemplate":"https:\/\/iwell-guard.com\/is\/?s={search_term_string}"},"query-input":{"@type":"PropertyValueSpecification","valueRequired":true,"valueName":"search_term_string"}}],"inLanguage":"is"},{"@type":"Organization","@id":"https:\/\/iwell-guard.com\/is\/#organization","name":"Ittermann electronic GmbH","url":"https:\/\/iwell-guard.com\/is\/","logo":{"@type":"ImageObject","inLanguage":"is","@id":"https:\/\/iwell-guard.com\/is\/#\/schema\/logo\/image\/","url":"https:\/\/iwell-guard.com\/wp-content\/uploads\/2026\/05\/Ittermann-Logo-1182x237-1.png","contentUrl":"https:\/\/iwell-guard.com\/wp-content\/uploads\/2026\/05\/Ittermann-Logo-1182x237-1.png","width":1182,"height":237,"caption":"Ittermann electronic GmbH"},"image":{"@id":"https:\/\/iwell-guard.com\/is\/#\/schema\/logo\/image\/"},"sameAs":["https:\/\/pantip.com\/profile\/9367242","https:\/\/micro.blog\/iwellguard","https:\/\/www.diggerslist.com\/iwellguard\/about","https:\/\/skitterphoto.com\/photographers\/2870314\/iwell-guard","https:\/\/iwellguard.wordpress.com\/2026\/06\/06\/iwell-guard\/","https:\/\/hub.docker.com\/u\/iwellguard","https:\/\/www.pinterest.com\/iwellguard\/","https:\/\/bit.ly\/m\/iwellguard","https:\/\/entre-vos-mains.alsace.eu\/profiles\/iwellguard\/activity","https:\/\/gravatar.com\/reallybeded8fd34","https:\/\/naijamatta.com\/iwellguard","https:\/\/www.goodreads.com\/iwellguard","https:\/\/profile.hatena.ne.jp\/iwellguard\/","https:\/\/experiment.com\/users\/iwellguard","https:\/\/wakelet.com\/@iWellGuard82270","https:\/\/www.chordie.com\/forum\/profile.php?id=2555664","https:\/\/www.instapaper.com\/p\/17757966","https:\/\/www.mapleprimes.com\/users\/iwellguard","https:\/\/businesslistingplus.com\/profile\/iwell-guard\/","https:\/\/telegra.ph\/iWell-Guard-06-06","https:\/\/pbase.com\/iwellguard\/iwellguard","https:\/\/b.hatena.ne.jp\/iwellguard\/20260607#bookmark-4788405196491818882","https:\/\/fliphtml5.com\/home\/iwellguard","https:\/\/anyflip.com\/homepage\/cmiwl#About","https:\/\/transfur.com\/Users\/iwellguard","http:\/\/delphi.larsbo.org\/user\/iwellguard","https:\/\/jobs.lajobsportal.org\/profiles\/8380803-iwell-guard","https:\/\/md.chaosdorf.de\/s\/jfbe5SBdJD","https:\/\/www.lingvolive.com\/en-us\/profile\/9ecaeaca-ce11-4e51-9e71-01d55e2bff36\/translations","https:\/\/www.fitday.com\/fitness\/forums\/members\/iwellguard.html","https:\/\/www.mymeetbook.com\/iwellguard","https:\/\/pxhere.com\/en\/photographer-me\/5040798","https:\/\/disqus.com\/by\/iwellguard\/about\/","https:\/\/pastelink.net\/hjwciqwq","https:\/\/pubhtml5.com\/homepage\/scjhn\/","https:\/\/www.bitchute.com\/channel\/2O2eOKzNqujT","https:\/\/audiomack.com\/iwellguard"]}]}},"_links":{"self":[{"href":"https:\/\/iwell-guard.com\/is\/wp-json\/wp\/v2\/pages\/168686","targetHints":{"allow":["GET"]}}],"collection":[{"href":"https:\/\/iwell-guard.com\/is\/wp-json\/wp\/v2\/pages"}],"about":[{"href":"https:\/\/iwell-guard.com\/is\/wp-json\/wp\/v2\/types\/page"}],"author":[{"embeddable":true,"href":"https:\/\/iwell-guard.com\/is\/wp-json\/wp\/v2\/users\/3"}],"replies":[{"embeddable":true,"href":"https:\/\/iwell-guard.com\/is\/wp-json\/wp\/v2\/comments?post=168686"}],"version-history":[{"count":0,"href":"https:\/\/iwell-guard.com\/is\/wp-json\/wp\/v2\/pages\/168686\/revisions"}],"wp:featuredmedia":[{"embeddable":true,"href":"https:\/\/iwell-guard.com\/is\/wp-json\/wp\/v2\/media\/1625"}],"wp:attachment":[{"href":"https:\/\/iwell-guard.com\/is\/wp-json\/wp\/v2\/media?parent=168686"}],"wp:term":[{"taxonomy":"category","embeddable":true,"href":"https:\/\/iwell-guard.com\/is\/wp-json\/wp\/v2\/categories?post=168686"}],"curies":[{"name":"wp","href":"https:\/\/api.w.org\/{rel}","templated":true}]}}