{"id":168685,"date":"2026-09-05T14:02:09","date_gmt":"2026-09-05T14:02:09","guid":{"rendered":"https:\/\/iwell-guard.com\/?page_id=168685"},"modified":"2026-09-05T14:16:51","modified_gmt":"2026-09-05T14:16:51","slug":"urquelle-uppspretta-allrar-tilveru","status":"publish","type":"page","link":"https:\/\/iwell-guard.com\/is\/urquelle-uppspretta-allrar-tilveru\/","title":{"rendered":"Urquelle \u2013 uppspretta allrar tilveru"},"content":{"rendered":"\t\t<div data-elementor-type=\"wp-page\" data-elementor-id=\"168685\" class=\"elementor elementor-168685 elementor-1798 elementor-bc-flex-widget\" data-elementor-post-type=\"page\">\n\t\t\t\t<div class=\"elementor-element elementor-element-heroc0e3f7c e-flex e-con-boxed e-con e-parent\" data-id=\"heroc0e3f7c\" data-element_type=\"container\" data-e-type=\"container\">\n\t\t\t\t\t<div class=\"e-con-inner\">\n\t\t\t\t<div class=\"elementor-element elementor-element-heroimg1aaa6be iwg-hero-image elementor-widget elementor-widget-image\" data-id=\"heroimg1aaa6be\" data-element_type=\"widget\" data-e-type=\"widget\" data-widget_type=\"image.default\">\n\t\t\t\t\t\t\t\t\t\t\t\t\t\t\t<img fetchpriority=\"high\" decoding=\"async\" width=\"683\" height=\"1024\" src=\"https:\/\/iwell-guard.com\/wp-content\/uploads\/2026\/04\/lichtwesen_urquelle-683x1024.webp\" class=\"attachment-large size-large wp-image-171071\" alt=\"Uppspretta - lj\u00f3sfyllt myndskreyting af lj\u00f3sverunni\" srcset=\"https:\/\/iwell-guard.com\/wp-content\/uploads\/2026\/04\/lichtwesen_urquelle-683x1024.webp 683w, https:\/\/iwell-guard.com\/wp-content\/uploads\/2026\/04\/lichtwesen_urquelle-200x300.webp 200w, https:\/\/iwell-guard.com\/wp-content\/uploads\/2026\/04\/lichtwesen_urquelle-768x1152.webp 768w, https:\/\/iwell-guard.com\/wp-content\/uploads\/2026\/04\/lichtwesen_urquelle.webp 1024w\" sizes=\"(max-width: 683px) 100vw, 683px\" \/>\t\t\t\t\t\t\t\t\t\t\t\t\t\t\t<\/div>\n\t\t\t\t\t<\/div>\n\t\t\t\t<\/div>\n\t\t<div class=\"elementor-element elementor-element-hero1777486897 e-con-boxed e-flex e-con e-parent\" data-id=\"hero1777486897\" data-element_type=\"container\" data-e-type=\"container\">\n\t\t\t\t\t<div class=\"e-con-inner\">\n\t\t\t\t<div class=\"elementor-element elementor-element-h11777486897 elementor-widget elementor-widget-heading\" data-id=\"h11777486897\" data-element_type=\"widget\" data-e-type=\"widget\" data-widget_type=\"heading.default\">\n\t\t\t\t\t<h1 class=\"elementor-heading-title elementor-size-default\">Urquelle, uppspretta allrar tilveru<\/h1>\t\t\t\t<\/div>\n\t\t\t\t\t<\/div>\n\t\t\t\t<\/div>\n\t\t<div class=\"elementor-element elementor-element-body1777486897 e-con-boxed e-flex e-con e-parent\" data-id=\"body1777486897\" data-element_type=\"container\" data-e-type=\"container\">\n\t\t\t\t\t<div class=\"e-con-inner\">\n\t\t<div class=\"elementor-element elementor-element-bw-txt17774-c3cafbe e-flex e-con-boxed e-con e-parent\" data-id=\"bw-txt17774-c3cafbe\" data-element_type=\"container\" data-e-type=\"container\" data-settings=\"{&quot;background_background&quot;:&quot;classic&quot;}\">\n\t\t\t\t\t<div class=\"e-con-inner\">\n\t\t\t\t<div class=\"elementor-element elementor-element-txt1777486897 elementor-widget elementor-widget-text-editor\" data-id=\"txt1777486897\" data-element_type=\"widget\" data-e-type=\"widget\" data-widget_type=\"text-editor.default\">\n\t\t\t\t\t\t\t\t\t<p>Frumuppsprettan er \u00ed m\u00f6rgum hef\u00f0um l\u00fdst sem <strong>upphafi alls sem er til<\/strong>, sem \u00f3deilanlegum grunni sem me\u00f0vitund, efni og form spretta \u00far.<\/p>\n\n<h2>Hugtak og tr\u00faarbrag\u00f0afr\u00e6\u00f0ilegur rammi<\/h2>\n<p>Hugtaki\u00f0 frumuppspretta t\u00e1knar \u00ed samanbur\u00f0ar<span class=\"iwg-fachbegriff\" data-tooltip=\"Fr\u00e6\u00f0igrein sem rannsakar tr\u00faarbr\u00f6g\u00f0 me\u00f0 samanbur\u00f0i og \u00e1n tr\u00faarlegrar afst\u00f6\u00f0u.\" tabindex=\"0\">tr\u00faarbrag\u00f0afr\u00e6\u00f0i<\/span> stef sem birtist \u00ed n\u00e1nast \u00f6llum \u00fer\u00f3u\u00f0um tr\u00faarlegum og heimspekilegum hef\u00f0um: hugmyndina um algeran, t\u00edmalausan, \u00f3greindan uppruna sem allur fj\u00f6lbreytileiki, allar verur og allar birtingarmyndir spretta \u00far.<\/p><p>H\u00fan er hvorki pers\u00f3na n\u00e9 hlutur, heldur uppbyggingarforsenda, hi\u00f0 r\u00f6kfr\u00e6\u00f0ilega og verufr\u00e6\u00f0ilega upphafspunktur sem liggur til grundvallar allri frekari umr\u00e6\u00f0u um heim, verur og me\u00f0vitund. Heitin eru mismunandi eftir hef\u00f0um, en hlutverki\u00f0 er samb\u00e6rilegt: h\u00fan markar m\u00f6rkin sem mannlegri hugsun tekst ekki a\u00f0 fara aftur fyrir \u00e1n \u00feess a\u00f0 leysast upp sj\u00e1lf.<\/p>\n<p>Einkennandi fyrir frumuppsprettuna \u00ed \u00f6llum hef\u00f0um er samsetning nokkurra eiginleika. H\u00fan er \u00f3\u00fatsk\u00fdranleg e\u00f0a a.m.k. a\u00f0eins skilgreinanleg me\u00f0 neikv\u00e6\u00f0um h\u00e6tti, flestar hef\u00f0ir n\u00e1lgast hana me\u00f0 einhvers konar <span class=\"iwg-fachbegriff\" tabindex=\"0\" data-tooltip=\"Gu\u00f0fr\u00e6\u00f0ilegt tal sem l\u00fdsir Gu\u00f0i e\u00f0a hinu algera a\u00f0eins me\u00f0 neitun (\u201aGu\u00f0 er ekki ...'), algengt \u00ed dulspeki og n\u00fdplat\u00f3nisma.\">ap\u00f3fat\u00edk<\/span>, \u00fea\u00f0 er a\u00f0 segja tal sem l\u00fdsir \u00fev\u00ed sem frumuppsprettan er ekki. H\u00fan er algerlega einn og \u00f3skiptur, \u00e1 undan allri a\u00f0greiningu, \u00e1 undan \u00f6llum andst\u00e6\u00f0um, \u00e1 undan vi\u00f0fangi og hlut.<\/p><p>Og h\u00fan er skapandi: \u00far henni spretta heimur, gu\u00f0ir, verur, t\u00edmi og r\u00fam, \u00e1n \u00feess a\u00f0 h\u00fan minnki vi\u00f0 \u00fea\u00f0 sj\u00e1lf. \u00deessi \u00ferj\u00fa einkenni koma fram jafnt \u00ed ved\u00edsku <span class=\"iwg-fachbegriff\" tabindex=\"0\" data-tooltip=\"Safn heimspekilegra texta undir lok ved\u00edskrar hef\u00f0ar (u.\u00fe.b. 800\u2013500 f.Kr.); grundv\u00f6llur vedanta-heimspekinnar.\">Upanishadanna<\/span> og \u00ed seinfornaldar<span class=\"iwg-fachbegriff\" tabindex=\"0\" data-tooltip=\"Seinfornaldarleg tr\u00faarhreyfing \u00e1 2.\u20133. \u00f6ld; kennir tv\u00edhyggju heimsmynd me\u00f0 l\u00e6gri erki\u00f6ndum og frelsandi \u00feekkingu.\" style=\"color:inherit;text-decoration:none\">gnost\u00edk<\/span>, \u00ed gy\u00f0inglegri <span class=\"iwg-fachbegriff\" tabindex=\"0\" data-tooltip=\"Gy\u00f0ingleg dulspeki me\u00f0 h\u00f6fu\u00f0verkum Sefer Yetzira, Sohar og l\u00far\u00ed\u00f6nsku sk\u00f3lanum; kenning um sef\u00edr\u00f3t, tetragrammaton og tikkun.\">kabbala<\/span> e\u00f0a \u00ed da\u00f3isma.<\/p>\n<h2>Frumuppsprettan \u00ed st\u00f3ru tr\u00faarbr\u00f6g\u00f0unum<\/h2>\n<p>\u00cd hind\u00faisma er frumuppsprettan \u00fatf\u00e6r\u00f0 sem <em>Brahman<\/em>, hi\u00f0 algera, eiginleikalausa, formlausa vera sem \u00ed Upanish\u00f6dunum er einungis n\u00e1lgast me\u00f0 neitun \u00ed or\u00f0unum <em>neti, neti<\/em> (\u201ehvorki \u00feetta n\u00e9 hitt&#8220;).<\/p><p>\u00dar <span class=\"iwg-fachbegriff\" tabindex=\"0\" data-tooltip=\"\u00cd hind\u00faisma hi\u00f0 algera, formlausa, eiginleikalausa vera; \u00ed Upanish\u00f6dunum grunnur allra fyrirb\u00e6ra.\">Brahman<\/span> sprettur \u00ed sumum sk\u00f6punargo\u00f0s\u00f6gnum <em>Hiranyagarbha<\/em>, \u201egullni kjarninn&#8220; e\u00f0a heimseggi\u00f0, \u00fear sem fj\u00f6lbreytileiki heimanna hv\u00edlir enn \u00f3mynda\u00f0ur. N\u00e1skylt er hugtaki\u00f0 um <em>Aum<\/em> sem frumhlj\u00f3\u00f0 sem er \u00e1 undan hinum birta heimi.<\/p>\n<p>\u00cd da\u00f3isma gegnir <em>Dao<\/em> svipu\u00f0u hlutverki. \u00deegar fyrsta vers <em>Dao De Jing<\/em> skilgreinir Dao ap\u00f3fat\u00edskt: \u201eDao sem h\u00e6gt er a\u00f0 tj\u00e1 \u00ed or\u00f0um er ekki hi\u00f0 eil\u00edfa Dao.&#8220; \u00dar hinu nafnlausa Dao spretta hi\u00f0 eina, hi\u00f0 tvennt og hi\u00f0 t\u00edu\u00fe\u00fasund, hef\u00f0bundin k\u00ednversk mynd fyrir hinn fulla heimsfj\u00f6lbreytileika.<\/p><p>\u00d3l\u00edkt indversku hef\u00f0inni er Dao hugsa\u00f0 sem meira ferli en verufr\u00e6\u00f0ileg pers\u00f3na; \u00fea\u00f0 er s\u00ed\u00f0ur vera en samfellt athafnaferli.<\/p>\n<p>\u00cd gy\u00f0inglegri <span class=\"iwg-fachbegriff\" tabindex=\"0\" data-tooltip=\"Gy\u00f0ingleg dulspeki me\u00f0 h\u00f6fu\u00f0verkum Sefer Yetzira, Sohar og l\u00far\u00ed\u00f6nsku sk\u00f3lanum.\">kabbala<\/span> er frumuppsprettan skilgreind sem <em>Ein Sof<\/em>, hi\u00f0 \u00f3endanlega, sem er handan allra sef\u00edr\u00f3ta. \u00dar Ein Sof sprettur, me\u00f0 ke\u00f0ju \u00fatstreymis, heimur sef\u00edr\u00f3tanna t\u00edu, sem eru b\u00e6\u00f0i t\u00falka\u00f0ir sem eiginleikar Gu\u00f0s og sem byggingareiningar sk\u00f6punarinnar.<\/p><p>Kabbal\u00edsk kenning um <span class=\"iwg-fachbegriff\" tabindex=\"0\" data-tooltip=\"\u00cd n\u00fdplat\u00f3nskri og kabbal\u00edskri gu\u00f0fr\u00e6\u00f0i, \u00fatstreymi l\u00e6gri verustiga \u00far hinu eina.\">\u00fatstreymi<\/span> (emanatio) breiddist s\u00ed\u00f0ar \u00fat \u00ed kristna <span class=\"iwg-fachbegriff\" tabindex=\"0\" data-tooltip=\"Tr\u00faarhreyfing sem leggur \u00e1herslu \u00e1 beina gu\u00f0sreynslu; mi\u00f0l\u00e6g \u00ed gy\u00f0inglegri, kristinni og \u00edslamskri hef\u00f0.\">dulspeki<\/span> (Eckhart, Cusanus) og endurreisnarheimspeki (Pico della Mirandola, Reuchlin) og m\u00f3tar enn \u00ed dag vestr\u00e6na umr\u00e6\u00f0u um gu\u00f0legan uppruna.<\/p>\n<h2>Fornaldarheimspeki og gnost\u00edk<\/h2>\n<p>S\u00fa \u00fatg\u00e1fa af frumuppsprettunni sem hefur haft mest \u00e1hrif \u00e1 evr\u00f3pska hugsun kemur \u00far <span class=\"iwg-fachbegriff\" tabindex=\"0\" data-tooltip=\"Seinfornaldarleg heimspekihef\u00f0 (Pl\u00f3t\u00ednos, Jambl\u00edkos, Pr\u00f3klos) me\u00f0 kenningu um hi\u00f0 eina og stiglaust \u00fatstreymi; \u00feeurg\u00edsk a\u00f0 e\u00f0li.\">n\u00fdplat\u00f3nisma<\/span>. <span class=\"iwg-fachbegriff\" tabindex=\"0\" data-tooltip=\"Seinfornaldarlegur heimspekingur (204\u2013270); h\u00f6fu\u00f0verk Enneadar; grundvallari n\u00fdplat\u00f3nisma me\u00f0 kenningu um hi\u00f0 eina.\">Pl\u00f3t\u00ednos<\/span> (3. \u00f6ld e.Kr.) skilgreinir <em>hi\u00f0 eina<\/em> (\u03c4\u03bf \u1f15\u03bd, <em>to hen<\/em>) sem handan veru, hugsunar og fj\u00f6lbreytileika.<\/p><p>\u00dar hinu eina streymir \u00ed \u00feriggja \u00ferepa stigveldi fyrst <em>Nous<\/em> (andinn), s\u00ed\u00f0an <em>Psyche<\/em> (heimss\u00e1lin), og loks hinn efnislegi heimur. Hreyfingin er ekki t\u00edmaleg heldur eil\u00edft ferli. \u00c1hrif Pl\u00f3t\u00ednosar n\u00e1 \u00ed gegnum \u00c1g\u00fast\u00ednus til kristinnar \u00ferenningarl\u00e6rd\u00f3ms, \u00ed gegnum Ibn Sina til \u00edslamskrar heimspeki og \u00ed gegnum Eckhart til \u00fe\u00fdskrar dulspeki.<\/p>\n<p>Gnost\u00edkin talar um <em>Bythos<\/em>, \u201ed\u00fdpi\u00f0&#8220; e\u00f0a hyld\u00fdpi\u00f0, sem frumuppsprettu hins gu\u00f0lega <em>Pleroma<\/em>, \u201efyllingarinnar&#8220;. \u00dar Bythos og f\u00e9laga hans <em>Sige<\/em> (\u00fe\u00f6gninni) ver\u00f0a \u00ed valent\u00edn\u00f6nsku kerfunum til \u00e6\u00f3nap\u00f6rin sem mynda Pleroma-i\u00f0.<\/p><p>\u00dea\u00f0 er ekki fyrr en me\u00f0 kreppu innan Pleroma-sins, oftast tengda pers\u00f3nu <a href=\"https:\/\/iwell-guard.com\/is\/?page_id=168895\">S\u00f3f\u00edu<\/a>, sem hinn efnislegi heimur ver\u00f0ur til, sem \u00ed <a class=\"iwg-fachbegriff\" href=\"https:\/\/iwell-guard.com\/is\/?page_id=168891\" tabindex=\"0\" data-tooltip=\"Seinfornaldarleg tr\u00faarleg-heimspekileg hreyfing; frelsun me\u00f0 falinni \u00feekkingu, tv\u00edhyggju heimsmynd, dem\u00ed\u00farg gegn \u00e6\u00f0sta gu\u00f0i.\" style=\"color:inherit;text-decoration:none\">gnost\u00edkinni<\/a> er t\u00falka\u00f0ur sem fall e\u00f0a misskilningur \u00e1 frumuppsprettunni. H\u00e9r sn\u00fdst hreyfing \u00fatstreymisins yfir \u00ed spennu milli glata\u00f0s og endurheimtanlegs heimalands.<\/p>\n<h2>Byggingarlegur samhlj\u00f3mur milli hef\u00f0a<\/h2>\n<p>S\u00e1 sem leggur nefnd hugt\u00f6k hli\u00f0 vi\u00f0 hli\u00f0 s\u00e9r undraver\u00f0an byggingarlegan samhlj\u00f3m, \u00e1n \u00feess a\u00f0 \u00fea\u00f0 \u00feurfi a\u00f0 afm\u00e1 s\u00f6gulegan og menningarlegan mismun. \u00cd \u00f6llum \u00fatg\u00e1funum er frumuppsprettan \u00e1 undan allri skilgreiningu, algerlega einn og \u00f3skiptur og skapandi.<\/p><p>\u00cd \u00f6llum \u00fatg\u00e1fum er tv\u00f6f\u00f6ld hreyfing til sta\u00f0ar: \u00fatstreymi fj\u00f6lbreytileikans \u00far hinu eina og m\u00f6guleg endurfer\u00f0, endurinngangur fj\u00f6lbreytileikans \u00ed upprunann.<\/p><p>Endurfer\u00f0in er \u00fatf\u00e6r\u00f0 me\u00f0 mismunandi h\u00e6tti \u00ed hinum \u00fdmsu hef\u00f0um, sem <em>moksha<\/em> \u00ed hind\u00fa\u00edsku samhengi, sem <em>devekut<\/em> \u00ed kabbala, sem <em>henosis<\/em> hj\u00e1 n\u00fdplat\u00f3nistum, sem <em>gnosis<\/em> \u00ed fornaldar<a class=\"iwg-fachbegriff\" href=\"https:\/\/iwell-guard.com\/is\/?page_id=168891\" tabindex=\"0\" data-tooltip=\"Seinfornaldarleg tr\u00faarleg-heimspekileg hreyfing; frelsun me\u00f0 falinni \u00feekkingu, tv\u00edhyggju heimsmynd, dem\u00ed\u00farg gegn \u00e6\u00f0sta gu\u00f0i.\" style=\"color:inherit;text-decoration:none\">gnost\u00edkinni<\/a>, sem huglei\u00f0slusameining \u00ed kristinni dulspeki.<\/p>\n<p>\u00deessi byggingarlegi samhlj\u00f3mur hefur \u00ed samanbur\u00f0ar tr\u00faarbrag\u00f0afr\u00e6\u00f0i 20. aldar, hj\u00e1 <span class=\"iwg-fachbegriff\" tabindex=\"0\" data-tooltip=\"R\u00famenskur tr\u00faarbrag\u00f0afr\u00e6\u00f0ingur (1907\u20131986); m\u00f3ta\u00f0i fyrirb\u00e6rafr\u00e6\u00f0ilega a\u00f0fer\u00f0 \u00ed tr\u00faarbrag\u00f0afr\u00e6\u00f0i.\">Mircea Eliade<\/span>, Henry Corbin, Frithjof Schuon og fleirum, leitt til tilg\u00e1tunnar um a\u00f0 til s\u00e9 eitthva\u00f0 \u00e1 bor\u00f0 vi\u00f0 philosophia perennis e\u00f0a \u201e\u00e6varandi heimspeki&#8220;: kjarna sem hefur veri\u00f0 uppg\u00f6tva\u00f0ur og \u00fatf\u00e6r\u00f0ur sj\u00e1lfst\u00e6tt \u00ed hinum st\u00f3ru huglei\u00f0sluhef\u00f0um.<\/p><p>Fr\u00e6\u00f0imenn eru \u00f3samm\u00e1la um hvort um s\u00e9 a\u00f0 r\u00e6\u00f0a raunverulega alheimsl\u00e6ga dj\u00fapbyggingu e\u00f0a v\u00f6rpun vestr\u00e6nna leitenda \u00e1 \u00f3l\u00edkar hef\u00f0ir. S\u00e1 sem les efni\u00f0 getur sj\u00e1lfur spurt spurningarinnar, ni\u00f0urst\u00f6\u00f0urnar liggja opnar fyrir.<\/p>\n<h2>\u00de\u00fd\u00f0ing fyrir verndara\u00f0ger\u00f0ir og hi\u00f0 kosm\u00edska uppl\u00fdsingasvi\u00f0<\/h2>\n<p>\u00cd samhengi iWell Guard er frumuppsprettan ekki gu\u00f0fr\u00e6\u00f0ileg tr\u00faarj\u00e1tning heldur vinnutilg\u00e1ta: Ef allar verur, gu\u00f0ir, dj\u00f6flar, andar og lj\u00f3sverur spretta \u00far sameiginlegri, \u00f3greindri uppsprettu, \u00fe\u00e1 er \u00ed meginatri\u00f0um h\u00e6gt a\u00f0 rekja orkulega \u00e1gengni fr\u00e1 framandi verum aftur til \u00feessa uppruna og leysa hana \u00fear upp.<\/p><p><a href=\"https:\/\/iwell-guard.com\/is\/?page_id=168680\">A\u00f0fer\u00f0afr\u00e6\u00f0in<\/a> notar \u00feessa hugsun sem byggingargrunn; <a href=\"https:\/\/iwell-guard.com\/is\/?page_id=168726\">mi\u00f0ilsleg athugun \u00ed hinu kosm\u00edska uppl\u00fdsingasvi\u00f0i<\/a> l\u00fdsir hinni hagn\u00fdtu a\u00f0fer\u00f0 sem beitt er \u00ed einst\u00f6kum tilvikum.<\/p>\n<p>Mikilv\u00e6gt er a\u00f0 greina \u00e1 milli: frumuppsprettan er engin verndargy\u00f0ja, engin vera sem h\u00e6gt v\u00e6ri a\u00f0 \u00e1varpa.<\/p><p>H\u00fan er forsendan fyrir \u00fev\u00ed a\u00f0 yfirh\u00f6fu\u00f0 s\u00e9 h\u00e6gt a\u00f0 tala um verur, verkun og vernd. \u00dear me\u00f0 er hugtaki\u00f0 \u00ed r\u00f6\u00f0 me\u00f0 \u00f6\u00f0rum grundvallarhugt\u00f6kum tr\u00faarbrag\u00f0afr\u00e6\u00f0innar \u00e1 bor\u00f0 vi\u00f0 <a href=\"https:\/\/iwell-guard.com\/is\/?page_id=168724\">kosm\u00edska uppl\u00fdsingasvi\u00f0i\u00f0<\/a>, <a href=\"https:\/\/iwell-guard.com\/is\/?page_id=168725\">mi\u00f0ilslega uppl\u00fdsingu<\/a> e\u00f0a <a href=\"https:\/\/iwell-guard.com\/is\/?page_id=168894\">eter<\/a>, hugt\u00f6kum sem skipuleggja reynsluheiminn \u00e1n \u00feess a\u00f0 vera sj\u00e1lf reynsluhlutir.<\/p>\n<h2>Frumbyggja- og shamanahef\u00f0ir<\/h2>\n<p>Einnig utan st\u00f3ru tr\u00faarbrag\u00f0anna m\u00e1 finna hugtaki\u00f0 um frumuppsprettu \u00ed m\u00f6rgum frumbyggja- og shamanahef\u00f0um, \u00fear oftast bundi\u00f0 \u00ed \u00e1kve\u00f0nar heimsfr\u00e6\u00f0ilegar fr\u00e1sagnir. \u00cd s\u00edber\u00edskum shamanaskum menningum er oft tala\u00f0 um \u201eheimseik&#8220; e\u00f0a \u201eheimstr\u00e9&#8220; sem \u00e1 r\u00e6tur \u00ed frumuppsprettu, \u00fear sem l\u00edfskraftur, s\u00e1lir og d\u00fdraandar spretta \u00far.<\/p><p>\u00cd frumbyggjahef\u00f0um Nor\u00f0ur-Amer\u00edku er algengt a\u00f0 tala um \u201eMikla anda&#8220; e\u00f0a \u201euppsprettu allra vera&#8220;, hj\u00e1 Lakota sem <em>Wakan Tanka<\/em>, hj\u00e1 Algonkin sem <em>Manitou<\/em>. Hvorugt hugtaki\u00f0 er h\u00e6gt a\u00f0 einfalda ni\u00f0ur \u00ed pers\u00f3nulegan gu\u00f0; \u00feau l\u00fdsa yfirgripsmiklu skipulagsafli og skapandi m\u00e6tti sem er virkur \u00ed \u00f6llu sem lifir.<\/p>\n<p>\u00cd afr\u00edskum hef\u00f0um finnast samb\u00e6rileg hugt\u00f6k. Hj\u00e1 Yoruba er til d\u00e6mis <em>Olodumare<\/em> e\u00f0a <em>Olorun<\/em> hinn algeri, fjarl\u00e6gi skapari gu\u00f0 sem l\u00e6tur hinn birta heim ver\u00f0a til fyrir tilstilli <em>Orisha<\/em>-anna, \u00feessi bygging var flutt me\u00f0 \u00ed \u00fatleg\u00f0ina sem grundv\u00f6llur <a href=\"https:\/\/iwell-guard.com\/is\/?page_id=168865\">Vodou<\/a> og Santer\u00eda, \u00fear sem loa e\u00f0a orisha \u00fej\u00f3na sem mi\u00f0larar milli frumuppsprettunnar og mannlegs reynsluheims.<\/p><p>Byggingarleg hli\u00f0st\u00e6\u00f0a vi\u00f0 n\u00fdplat\u00f3nska \u00fatstreymiske\u00f0ju er auglj\u00f3s, \u00fe\u00f3tt ekki s\u00e9 h\u00e6gt a\u00f0 sanna s\u00f6gulega \u00e1hrifamyndun, h\u00fan v\u00edsar til d\u00e6miger\u00f0rar st\u00f6\u00f0ugleika l\u00edkansins.<\/p>\n<h2>Tengd vi\u00f0fangsefni og frekari lesning<\/h2>\n<p>S\u00e1 sem vill kanna hugtaki\u00f0 frumuppspretta \u00edtarlega finnur \u00e1 iWell Guard nokkrar tengdar f\u00e6rslur. S\u00e9rs\u00ed\u00f0an <a href=\"https:\/\/iwell-guard.com\/is\/?page_id=168895\">S\u00f3f\u00eda<\/a> l\u00fdsir gnost\u00edsku pers\u00f3nunni sem kreppa hennar m\u00f3tar sambandi\u00f0 milli frumuppsprettunnar og hins birta heims.<\/p><p>F\u00e6rslan <a href=\"https:\/\/iwell-guard.com\/is\/?page_id=168894\">Eter<\/a> fjallar um fornaldar- og \u00e1rn\u00fdaldarhugtaki\u00f0 um f\u00ednefnislegan mi\u00f0il sem myndar br\u00fana milli frumuppsprettu og efnis. Flokkurinn <a href=\"https:\/\/iwell-guard.com\/is\/?page_id=168678\">Lj\u00f3sverur<\/a> safnar saman \u00feeim fyrirb\u00e6rum sem \u00ed m\u00f6rgum hef\u00f0um eru talin bein \u00fatgeislun frumuppsprettunnar, allt fr\u00e1 erkienglum gy\u00f0inglega-kristnu hef\u00f0arinnar til deva-anna \u00ed hinni indversku.<\/p>\n<p>Sem v\u00edsindaleg upphafslesning m\u00e1 m\u00e6la me\u00f0 fyrir hind\u00fa\u00edsku hef\u00f0ina \u00fe\u00fd\u00f0ingum Paul Deussen \u00e1 lykil-Upanish\u00f6dunum, fyrir da\u00f3isma ranns\u00f3knum Isabelle Robinet, fyrir kabbala sta\u00f0alverkum <span class=\"iwg-fachbegriff\" tabindex=\"0\" data-tooltip=\"\u00cdsraelskur tr\u00faarsagnfr\u00e6\u00f0ingur (1897\u20131982); grundvallari n\u00fat\u00edma kabbala-ranns\u00f3kna.\">Gershom Scholem<\/span>, fyrir <span class=\"iwg-fachbegriff\" tabindex=\"0\" data-tooltip=\"Seinfornaldarleg heimspekihef\u00f0 (Pl\u00f3t\u00ednos, Jambl\u00edkos, Pr\u00f3klos) me\u00f0 kenningu um hi\u00f0 eina og stiglaust \u00fatstreymi.\">n\u00fdplat\u00f3nisma<\/span> \u00fatg\u00e1fu Pl\u00f3t\u00ednosar og ranns\u00f3knum Pierre Hadot, fyrir gnost\u00edkina gagnr\u00fdnum \u00fatg\u00e1fum Nag Hammadi-ritanna og heildaryfirliti Kurt Rudolph.<\/p><p>Sk\u00fdrt \u00farval er a\u00f0 finna \u00ed <a href=\"https:\/\/iwell-guard.com\/is\/?page_id=168730\">heimildaryfirlitinu<\/a>.<\/p>\n<footer class=\"iwg-literatur\">\n<p><strong>Frumuppsprettan<\/strong> er mi\u00f0l\u00e6ga hugtaki\u00f0 \u00ed <a href=\"https:\/\/iwell-guard.com\/is\/?page_id=168874\">sta\u00f0festingarmantru<\/a> iWell Guard. H\u00fan er \u00e1v\u00f6rpu\u00f0 sem <strong>\u201eupphaf alls sem er til&#8220;<\/strong>, sem hin skapandi og skipulagandi v\u00eddd sem allur verkunarkraftur verndarsvi\u00f0sins kemur fr\u00e1.<\/p>\n<p>\u00c1 \u00feessari s\u00ed\u00f0u setjum vi\u00f0 hugtaki\u00f0 \u00ed samhengi: hva\u00f0an \u00fea\u00f0 kemur, \u00ed hva\u00f0a hef\u00f0um \u00fea\u00f0 birtist og hva\u00f0a hlutverki \u00fea\u00f0 gegnir \u00ed skilningi iWell Guard.<\/p>\n<hr \/>\n<h2 id=\"schnell\u00fcberblick\">Flj\u00f3tlegt yfirlit<\/h2>\n<table>\n<colgroup>\n<col style=\"width: 50%\" \/>\n<col style=\"width: 50%\" \/>\n<\/colgroup>\n<tbody>\n<tr class=\"odd\">\n<td><strong>Flokkur<\/strong><\/td>\n<td>\u00c6\u00f0sta skapandi v\u00eddd \/ uppsprettume\u00f0vitund<\/td>\n<\/tr>\n<tr class=\"even\">\n<td><strong>Hef\u00f0<\/strong><\/td>\n<td>N\u00fat\u00edma dulspekileg, dulspekilegar og perennial\u00edskar hreyfingar, tengsl vi\u00f0 Pl\u00f3t\u00ednos, gnost\u00edska dulspeki, advaita vedanta<\/td>\n<\/tr>\n<tr class=\"odd\">\n<td><strong>Hlutverk<\/strong><\/td>\n<td>Uppruni og markmi\u00f0 alls sem er til, skipulagandi kraftur, umbreytandi m\u00e1ttur<\/td>\n<\/tr>\n<tr class=\"even\">\n<td><strong>\u00c1kall \u00ed iWell-Guard-i\u00f0kun<\/strong><\/td>\n<td>Nefnd \u00e1tta sinnum \u00ed sta\u00f0festingarmantrunni; berinn stendur \u201e\u00ed tengslum vi\u00f0 og undir vernd frumuppsprettunnar&#8220;<\/td>\n<\/tr>\n<tr class=\"odd\">\n<td><strong>Tengd hugt\u00f6k<\/strong><\/td>\n<td><a href=\"https:\/\/iwell-guard.com\/is\/?page_id=168678\">Lj\u00f3sverur<\/a>, <a href=\"https:\/\/iwell-guard.com\/is\/?page_id=168686\">Gaia<\/a> (pl\u00e1netume\u00f0vitund), <a href=\"https:\/\/iwell-guard.com\/is\/?page_id=168688\">Erkiengill Gabr\u00edel<\/a> (v\u00f6r\u00f0ur fj\u00f3lubl\u00e1a loginn), <a href=\"https:\/\/iwell-guard.com\/is\/?page_id=168695\">Lj\u00f3skross<\/a><\/td>\n<\/tr>\n<\/tbody>\n<\/table>\n<hr \/>\n<h2 id=\"begriff-und-herkunft\">Hugtak og uppruni<\/h2>\n<p>Hugtaki\u00f0 \u201efrumuppspretta&#8220; sameinar tv\u00e6r hef\u00f0ir:<\/p>\n<ul>\n<li><strong>\u201eFrum-&#8222;<\/strong> sem forskeyti fyrir upprunaleika og upphaf (sbr. Urgrund hj\u00e1 Meister Eckhart, frumheimsme\u00f0vitund hj\u00e1 Jung).<\/li>\n<li>\u201eUppspretta&#8220; sem mynd fyrir st\u00f6\u00f0ugt streymandi, skapandi kraft sem allt sem er til sprettur \u00far.<\/li>\n<\/ul>\n<p>Tengd hugt\u00f6k \u00ed tr\u00faarlegum og heimspekilegum hef\u00f0um:<\/p>\n<ul>\n<li>N\u00fdplat\u00f3nismi, hi\u00f0 eina (\u03c4\u1f78 \u1f15\u03bd) sem yfirverandi uppspretta hj\u00e1 Pl\u00f3t\u00ednosi.<\/li>\n<li>Kristin dulspeki, gu\u00f0d\u00f3mur sem \u201eUrgrund&#8220; hj\u00e1 Meister Eckhart og Jakob B\u00f6hme.<\/li>\n<li>Advaita vedanta, Brahman sem me\u00f0vitundarlegur grunnur alls sem er til.<\/li>\n<li>Gnost\u00edsk hef\u00f0, hinn \u00f3\u00fatsk\u00fdranlegi \u201efa\u00f0ir&#8220; sem uppruni Pleroma-sins.<\/li>\n<li>N\u00fat\u00edma dulspeki, \u201eSource&#8220;, \u201euppsprettume\u00f0vitund&#8220;, \u201eAll-eitt&#8220; \u00ed New Age- og <span class=\"iwg-fachbegriff\" tabindex=\"0\" data-tooltip=\"Dulspekileg kenning stofnu\u00f0 1875 af Helenu Petrovnu Blavatsky; samruni austr\u00e6nnar visku, sp\u00edritisma og vestr\u00e6ns dulspekis.\">theos\u00f3f\u00edu<\/span>-textum.<\/li>\n<\/ul>\n<hr \/>\n<h2 id=\"funktion-im-iwell-guard-affirmations-mantra\">Hlutverk \u00ed sta\u00f0festingarmantru iWell Guard<\/h2>\n<p>\u00cd sta\u00f0festingarmantru iWell Guard gegnir frumuppsprettan \u00feremur hlutverkum:<\/p>\n<p>a) Skapandi uppruni, berinn stendur \u201e\u00ed tengslum vi\u00f0 og undir vernd frumuppsprettunnar, upphafs alls sem er til&#8220;. H\u00fan er uppsprettan sem allur verkunarkraftur hlutarins streymir \u00far.<\/p>\n<p>b) Umbreytandi v\u00eddd, \u00feegar til sta\u00f0ar s\u00e9u svartmag\u00edsk \u00e1hrif eru \u00feau \u00ed <span class=\"iwg-fachbegriff\" tabindex=\"0\" data-tooltip=\"Athafnalega endurtekin atkv\u00e6\u00f0is- e\u00f0a or\u00f0form\u00fala me\u00f0 umbreytandi verkun; mi\u00f0l\u00e6g \u00ed indverskum hef\u00f0um, a\u00f0l\u00f6gu\u00f0 \u00ed vestri sem \u201edecree\"-i\u00f0kun.\">mantrunni<\/span> afhent fr\u00e1 frumuppsprettunni til <a href=\"https:\/\/iwell-guard.com\/is\/?page_id=168686\">Gaiu<\/a> sem pl\u00e1netulega bera umbreytingarinnar. Ef m\u00f3ttaka er ekki m\u00f6guleg \u00fear, tekur <a href=\"https:\/\/iwell-guard.com\/is\/?page_id=168688\">erkiengillinn Gabr\u00edel<\/a> \u00ed hlutverki s\u00ednu sem v\u00f6r\u00f0ur fj\u00f3lubl\u00e1a logans vi\u00f0 flutningnum \u00ed lj\u00f3si\u00f0.<\/p>\n<p>c) \u00datr\u00fdmandi m\u00e1ttur. Tilraunir til a\u00f0 draga orku fr\u00e1 bera e\u00f0a taka hann yfir orkulega eru \u00ed <span class=\"iwg-fachbegriff\" tabindex=\"0\" data-tooltip=\"Athafnalega endurtekin atkv\u00e6\u00f0is- e\u00f0a or\u00f0form\u00fala me\u00f0 umbreytandi verkun; mi\u00f0l\u00e6g \u00ed indverskum hef\u00f0um.\">mantrunni<\/span> afhentar upphafi alls sem er til til upplausnar.<\/p>\n<p>Frumuppsprettan er \u00feannig virk-verkandi frekar en a\u00f0ger\u00f0alaus-fjarl\u00e6g, h\u00fan \u00fatr\u00fdmir, umbreytir, tengir og verndar.<\/p>\n<hr \/>\n<h2 id=\"abgrenzung\">Afm\u00f6rkun<\/h2>\n<p>Hva\u00f0 frumuppsprettan er ekki \u00ed okkar skilningi:<\/p>\n<ul>\n<li>H\u00fan er enginn gu\u00f0 \u00ed pers\u00f3nulegum skilningi, engin pers\u00f3na me\u00f0 \u00e6vis\u00f6gu, go\u00f0s\u00f6gn e\u00f0a sta\u00f0bundnum menningarlegum eiginleikum (\u00f3l\u00edkt <a href=\"https:\/\/iwell-guard.com\/is\/?page_id=168679\">gu\u00f0unum<\/a> \u00ed lex\u00edkoninu).<\/li>\n<li>H\u00fan er ekki s\u00fa sama og Gaia, Gaia er pl\u00e1netume\u00f0vitund jar\u00f0ar, frumuppsprettan er \u00e1 undan henni og yfir henni.<\/li>\n<li>H\u00fan er engin lj\u00f3svera \u00ed \u00ferengri skilningi, lj\u00f3sverur eru birtingarmyndir, frumuppsprettan er uppspretta \u00feessara birtingarmynda.<\/li>\n<li>H\u00fan er ekkert svartmag\u00edskt afl, h\u00fan stendur hornr\u00e9tt \u00e1 \u00f6ll p\u00f3lger\u00f0 \u00f6fl vegna \u00feess a\u00f0 h\u00fan er uppruni \u00feeirra.<\/li>\n<\/ul>\n<hr \/>\n<h2 id=\"praxis-im-iwell-guard-kontext\">I\u00f0kun \u00ed samhengi iWell Guard<\/h2>\n<p>S\u00e1 sem ber iWell Guard kallar me\u00f0 hverjum degi sem hann er borinn frumuppsprettuna sem verkandi m\u00e1tt inn \u00ed sitt eigi\u00f0 orkusvi\u00f0. \u00dea\u00f0 gerist \u00ed gegnum <a href=\"https:\/\/iwell-guard.com\/is\/?page_id=168873\">iWell t\u00e6knina<\/a> og verndarvirkni fl\u00f6gunnar, ekki me\u00f0 me\u00f0vitu\u00f0u \u00e1kalli berandans.<\/p>\n<p>S\u00e1 sem vill einnig vinna me\u00f0vita\u00f0 getur innra me\u00f0 s\u00e9r fylgt b\u00e6nasetningunni sem beint er til frumuppsprettunnar \u00ed mantrunni.<\/p><p>A\u00f0 virkni beinist h\u00fan a\u00f0 frumuppsprettunni sem upphafi alls sem er til og myndar me\u00f0vita\u00f0a m\u00f3tt\u00f6kuvilja berandans fyrir verndarvirkni hennar.<\/p><p><span>Af a\u00f0ger\u00f0alegum og lagalegum verndar\u00e1st\u00e6\u00f0um er or\u00f0alagi\u00f0 ekki tilgreint h\u00e9r; \u00ed hef\u00f0 helgigaldurs gildir leynd verndarform\u00fala sem grunnreglan vegna \u00feess a\u00f0 \u00feekkt or\u00f0alag veitir markvissum gagn\u00e1r\u00e1sum t\u00e6kif\u00e6ri.<\/span> \u00deessi virka b\u00e6n eflir verkun sta\u00f0festingarinnar, en er ekki nau\u00f0synleg vegna \u00feess a\u00f0 <a href=\"https:\/\/iwell-guard.com\/is\/?page_id=168873\">iWell t\u00e6knin<\/a> sendir verndarlagi\u00f0 hvort sem er sj\u00e1lfst\u00e6tt.<\/p>\n<hr \/>\n<h2 id=\"querverweise\">Krosstilv\u00edsanir<\/h2>\n<ul>\n<li>\u2192 <a href=\"https:\/\/iwell-guard.com\/is\/?page_id=168874\">\/affirmationen\/<\/a>, \u00f6ll sta\u00f0festingarmantran me\u00f0 \u00f6llum tilv\u00edsunum til frumuppsprettunnar<\/li>\n<li>\u2192 <a href=\"https:\/\/iwell-guard.com\/is\/?page_id=168686\">\/gaia\/<\/a>, umbreytandi v\u00eddd fyrir afleidda orku<\/li>\n<li>\u2192 <a href=\"https:\/\/iwell-guard.com\/is\/?page_id=168688\">Erkiengill Gabr\u00edel<\/a>, v\u00f6r\u00f0ur fj\u00f3lubl\u00e1a logans, umbreytingarlj\u00f3svera<\/li>\n<li>\u2192 <a href=\"https:\/\/iwell-guard.com\/is\/?page_id=168695\">\/lichtkreuz\/<\/a>, hi\u00f0 \u00e6\u00f0sta verndart\u00e1kn<\/li>\n<li>\u2192 <a href=\"https:\/\/iwell-guard.com\/is\/?page_id=168678\">\/lichtwesen\/<\/a>, yfirlit yfir lj\u00f3sveru-hugt\u00f6kin<\/li>\n<li>\u2192 <a href=\"https:\/\/iwell-guard.com\/is\/?page_id=168680\">\/methodik\/<\/a>, hvernig vi\u00f0 setjum hugt\u00f6k \u00e1 bor\u00f0 vi\u00f0 \u201efrumuppsprettu&#8220; \u00ed samhengi og fj\u00f6llum um mi\u00f0ilslegar uppl\u00fdsingar<\/li>\n<\/ul>\n<hr \/>\n<h2 id=\"literatur-auswahl\">Heimildir (\u00farval)<\/h2>\n<ul>\n<li>Plotin: Enneaden V (Buch 1, 9). \u00dcber das Eine. Verschiedene Ausgaben.<\/li>\n<li><span data-nosnippet>Meister Eckhart: Deutsche Predigten und Traktate. Diederichs, D\u00fcsseldorf 2007.<\/span><\/li>\n<li><span data-nosnippet>Jakob B\u00f6hme: Aurora oder die Morgenr\u00f6te im Aufgang. Insel-Verlag, 1992.<\/span><\/li>\n<li><span class=\"iwg-fachbegriff\" tabindex=\"0\" data-tooltip=\"Svissneskur dj\u00faps\u00e1lfr\u00e6\u00f0ingur (1875\u20131961); grundvallari greiningars\u00e1lfr\u00e6\u00f0innar.\">Carl Gustav Jung<\/span>: Aion. Beitr\u00e4ge zur Symbolik des Selbst. GW Bd. 9\/2.<\/li>\n<li><span data-nosnippet>Aldous Huxley: The Perennial Philosophy. Harper &amp; Brothers, 1945.<\/span><\/li>\n<\/ul>\n<hr \/>\n\n<h3>Frumuppspretta \u00ed tr\u00faars\u00f6gulegu lj\u00f3si<\/h3><p>Hugmyndin um endanlega kosm\u00edska uppsprettu sem allt sem er til sprettur \u00far, er s\u00f6gulega ekkert s\u00e9rkenni vestr\u00e6nnar dulspeki.<\/p><p>H\u00fan finnst \u00ed hind\u00faisma sem Brahman, \u00ed b\u00faddisma sem hi\u00f0 \u00e1byrg\u00f0arlausa (Asa\u1e43sk\u1e5bta), \u00ed gy\u00f0inglegri kabbala sem Ein-Sof, \u00ed <span class=\"iwg-fachbegriff\" tabindex=\"0\" data-tooltip=\"Dulspekileg hreyfing innan \u00edslam; vinnur me\u00f0 dhikr, sama og lei\u00f0arkenningu um l\u00e6risvein undir sheikh.\">s\u00fafisma<\/span> sem Wuj\u016bd, \u00ed kristinni dulspeki sem gu\u00f0sgrunnur (Eckhart) e\u00f0a sem hi\u00f0 ap\u00f3fat\u00edska (Pseudo-D\u00ed\u00f3n\u00fds\u00edos).<\/p><p>\u00d6ll \u00feessi hugt\u00f6k eiga sameiginlega grunnbyggingu: endanlegan, nafnlausan, upphafslausan bakgrunn sem hinn m\u00f3ta\u00f0i heimur sprettur \u00far og sem hann st\u00edgur einnig aftur inn \u00ed.<\/p><h3>Theos\u00f3f\u00edsk og n\u00fd andleg hef\u00f0<\/h3><p>\u00cd n\u00fat\u00edma vestr\u00e6nni dulspeki er \u00feetta hugtak teki\u00f0 upp \u00ed s\u00e9rstakri mynd fr\u00e1 lokum 19. aldar. Helena Petrovna Blavatsky l\u00fdsir \u00ed \u201eLeyndarkenningunni&#8220; (1888) \u201ehinu eil\u00edflega \u00f3fanganlega efni&#8220; sem uppruna allrar birtingar.<\/p><p>Antr\u00f3p\u00f3s\u00f3f\u00edsk hef\u00f0 Rudolf Steiner talar um \u201eandlegan heim&#8220; sem forsendu hins efnislega. \u00cd n\u00fat\u00edma New Age- og lj\u00f3sveru-hef\u00f0 er \u00feetta efni kalla\u00f0 \u201euppspretta&#8220;, \u201eskapara-me\u00f0vitund&#8220; e\u00f0a einmitt \u201efrumuppspretta&#8220;, hi\u00f0 s\u00e9rstaka m\u00e1lfarslega or\u00f0alag er breytilegt, en fyrirb\u00e6ri\u00f0 sem \u00e1tt er vi\u00f0 er samr\u00e6mt.<\/p><h3>Hagn\u00fdt \u00fe\u00fd\u00f0ing \u00ed a\u00f0fer\u00f0afr\u00e6\u00f0i iWell Guard<\/h3><p>\u00c1 iWell Guard er frumuppsprettan fr\u00e6\u00f0ilegur grunnur verndara\u00f0ger\u00f0anna \u00ed heild. Sta\u00f0festingin, verndarhlutur og mi\u00f0ilsleg i\u00f0kun starfa \u00ed \u00feeirri forsendu a\u00f0 hver einstaklingur standi \u00ed orkulegu tilv\u00edsunarsvi\u00f0i sem \u00e1 endanum s\u00e9 bori\u00f0 af frumuppsprettunni. Ekki er h\u00e6gt a\u00f0 tala um einangrun \u00ed \u00feessu l\u00edkani.<\/p><p>\u00deessi fr\u00e6\u00f0ilega forsenda er ekki sta\u00f0festanleg me\u00f0 n\u00e1tt\u00faruv\u00edsindalegum h\u00e6tti; h\u00fan er andlegs e\u00f0lis. Vi\u00f0 au\u00f0kennum hana sem sl\u00edka og l\u00e1tum einst\u00f6kum i\u00f0kanda eftir a\u00f0 taka afst\u00f6\u00f0u til forsendunnar.<\/p><h3>Tengdar f\u00e6rslur<\/h3><p>Innihaldslega tengdar eru <a href=\"https:\/\/iwell-guard.com\/is\/?page_id=168874\">sta\u00f0festingar<\/a>, <a href=\"https:\/\/iwell-guard.com\/is\/?page_id=168678\">lj\u00f3sveru<\/a>-mi\u00f0st\u00f6\u00f0in me\u00f0 n\u00fat\u00edma andlegu hj\u00e1lparpers\u00f3nunum, <a href=\"https:\/\/iwell-guard.com\/is\/?page_id=168694\">fj\u00f3lubl\u00e1i loginn<\/a> sem s\u00e9rstakt orkulegt i\u00f0kunarform, og <a href=\"https:\/\/iwell-guard.com\/is\/?page_id=168724\">kosm\u00edska uppl\u00fdsingasvi\u00f0i\u00f0<\/a> sem a\u00f0fer\u00f0afr\u00e6\u00f0ilegur rammi \u00fear sem frumuppsprettan starfar sem endanlegur tilv\u00edsunarpunktur.<\/p><div data-nosnippet=\"true\" class=\"iwg-litliste\"><\/div><\/footer><p>Hugmyndin um frumuppsprettu sem \u00f3deilanlegan grunn alls sem er til er me\u00f0al elstu tr\u00faarlegu-heimspekilegu hugtakanna yfirh\u00f6fu\u00f0. \u00cd fors\u00f3krat\u00edskum vangaveltum talar \u00deales um <em>arch\u00e9<\/em> (upphaf), Anax\u00edmandros um <em>apeiron<\/em> (hi\u00f0 \u00f3takmarka\u00f0a), b\u00e1\u00f0ir eiga vi\u00f0 \u00fea\u00f0 fyrsta prins\u00edpp sem allar \u00e1kve\u00f0nar birtingarmyndir spretta \u00far.<\/p><p>\u00cd hind\u00faisma samsvarar \u00feetta <em>Brahman<\/em> Upanishadanna, \u00ed da\u00f3isma <em>Dao<\/em> sem \u201em\u00f3\u00f0ur allra hluta&#8220; (Daodejing 1), \u00ed b\u00faddisma <em>Tathata<\/em> e\u00f0a <em>Dharmadhatu<\/em>.<\/p><p><span data-nosnippet>\u00cd gy\u00f0inglegri dulspeki kabbala er \u00fea\u00f0 <em>En Sof<\/em>, \u201ehi\u00f0 \u00f3endanlega&#8220; handan allra eiginleika (Gershom Scholem: Die j\u00fcdische Mystik in ihren Hauptstr\u00f6mungen, Frankfurt 1957). \u00cd kristnum n\u00fdplat\u00f3nisma, s\u00e9rstaklega hj\u00e1 Pl\u00f3t\u00ednosi og Pseudo-D\u00ed\u00f3n\u00fds\u00edosi Areopag\u00edta, er \u00fea\u00f0 hi\u00f0 yfirverandi eina sem \u00f6ll veruleiki streymir \u00far \u00ed stigveldi \u00fatstreymis.<\/span><\/p><p>Tr\u00faarheimspekilega mikilv\u00e6gur er munurinn milli frumuppsprettu sem <em>skapara<\/em> (teist\u00edsk hef\u00f0) og frumuppsprettu sem <em>grunns<\/em> (dulspekileg-samfelld hef\u00f0). \u00cd teist\u00edskum skilningi stendur uppsprettan andsp\u00e6nis hinu skapa\u00f0a; \u00ed dulspekilegum skilningi er allt skapa\u00f0 enn \u00ed uppsprettunni og \u00f3a\u00f0skiljanlega tengt henni.<\/p><p>B\u00e1\u00f0ir skilningarnir hafa s\u00edna eigin andlega i\u00f0kun: b\u00e6n og \u00e1kall \u00ed \u00f6\u00f0ru, huglei\u00f0slu og \u00feekkingu \u00ed hinu. Sta\u00f0festingarmantra iWell Guard vinnur me\u00f0vita\u00f0 me\u00f0 seinni h\u00e6ttinum: Frumuppsprettan er ger\u00f0 n\u00e1l\u00e6g sem alltaf-\u00feegar-n\u00e1l\u00e6gur innri grunnur, \u00ed sta\u00f0 \u00feess a\u00f0 vera \u00e1k\u00f6llu\u00f0 sem ytra afl.<\/p><p>\u00cd n\u00fat\u00edma heildr\u00e6num andlegum hreyfingum, til d\u00e6mis hj\u00e1 Ken Wilber e\u00f0a \u00ed verkum Sri Aurobindo, er frumuppsprettan l\u00fdst sem <strong>me\u00f0vitundar-uppruni<\/strong>, hinn \u201et\u00f3mi&#8220; grunnur sem engin mynd t\u00e6mir en \u00far sem hver mynd er m\u00f6guleg.<\/p><p>Fyrirb\u00e6rafr\u00e6\u00f0ilega er h\u00e6gt a\u00f0 n\u00e1lgast \u00feennan grunn a\u00f0eins sem forsendu reynslunnar, aldrei sem vi\u00f0fang hennar. I\u00f0kun margra huglei\u00f0sluhef\u00f0a felst \u00fear af lei\u00f0andi \u00ed a\u00f0 sleppa \u00f6llum hugt\u00f6kum um uppruna \u00ed sta\u00f0 \u00feess a\u00f0 leita a\u00f0 fjarl\u00e6gum uppruna, \u00ed trausti \u00feess a\u00f0 \u00fea\u00f0 sem eftir stendur s\u00e9 frumuppsprettan sj\u00e1lf.<\/p>\n<p class=\"iwg-bib-more\"><span data-nosnippet>Frekari sta\u00f0alverk \u00ed <a href=\"https:\/\/iwell-guard.com\/is\/?page_id=168730\">heimildaskr\u00e1nni<\/a>.<\/span><\/p>\t\t\t\t\t\t\t\t<\/div>\n\t\t\t\t\t<\/div>\n\t\t\t\t<\/div>\n\t\t\t\t\t<\/div>\n\t\t\t\t<\/div>\n\t\t<div class=\"elementor-element elementor-element-iwgcd-urquelle-sec e-flex e-con-boxed e-con e-parent\" data-id=\"iwgcd-urquelle-sec\" data-element_type=\"container\" data-e-type=\"container\" id=\"iwg-cd-urquelle\">\n\t\t\t\t\t<div class=\"e-con-inner\">\n\t\t<div class=\"elementor-element elementor-element-iwgcd-urquelle-inner e-flex e-con-boxed e-con e-parent\" data-id=\"iwgcd-urquelle-inner\" data-element_type=\"container\" data-e-type=\"container\" data-settings=\"{&quot;background_background&quot;:&quot;classic&quot;}\">\n\t\t\t\t\t<div class=\"e-con-inner\">\n\t\t\t\t<div class=\"elementor-element elementor-element-iwgcd-urquelle-h elementor-widget elementor-widget-heading\" data-id=\"iwgcd-urquelle-h\" data-element_type=\"widget\" data-e-type=\"widget\" data-widget_type=\"heading.default\">\n\t\t\t\t\t<h2 class=\"elementor-heading-title elementor-size-default\">Tengingin \u00ed iWell Guard<\/h2>\t\t\t\t<\/div>\n\t\t\t\t<div class=\"elementor-element elementor-element-iwgcd-urquelle-t elementor-widget elementor-widget-text-editor\" data-id=\"iwgcd-urquelle-t\" data-element_type=\"widget\" data-e-type=\"widget\" data-widget_type=\"text-editor.default\">\n\t\t\t\t\t\t\t\t\t<p>\u00cd iWell Guard er tengingin vi\u00f0 Frumuppsprettuna (Urquelle) l\u00fdst sem sj\u00e1lfst\u00e6tt starfssvi\u00f0 hl\u00edf\u00f0arsvi\u00f0sins (svi\u00f0 5 af sj\u00f6 byggingareiningum). Frumuppsprettan stendur \u00ed <span class=\"iwg-fachbegriff\" data-tooltip=\"Hugmynd um uppbyggingu og skipan heimsins innan tiltekinnar menningar.\" tabindex=\"0\">heimsmynd<\/span> v\u00f6rumerkisins fyrir uppruna alls sem er til og fyrir endurgj\u00f6f umbreyttrar orku.<\/p>\t\t\t\t\t\t\t\t<\/div>\n\t\t\t\t<div class=\"elementor-element elementor-element-iwgcd-urquelle-b iwg-cd-button iwg-cd-cta-2026-05-13 elementor-widget elementor-widget-jet-button\" data-id=\"iwgcd-urquelle-b\" data-element_type=\"widget\" data-e-type=\"widget\" data-widget_type=\"jet-button.default\">\n\t\t\t\t<div class=\"elementor-widget-container\">\n\t\t\t\t\t<div class=\"elementor-jet-button jet-elements\"><div class=\"jet-button__container\"><a class=\"jet-button__instance jet-button__instance--icon-left hover-effect-1\" href=\"\/ueber-iwell-guard\/?utm_source=iwell-guard.com&amp;utm_medium=info-box&amp;utm_campaign=lichtwesen-kosmologie\"><div class=\"jet-button__plane jet-button__plane-normal\"><\/div><div class=\"jet-button__plane jet-button__plane-hover\"><\/div><div class=\"jet-button__state jet-button__state-normal\"><span class=\"jet-button__label\">Uppbygging og virkni<\/span><\/div><div class=\"jet-button__state jet-button__state-hover\"><span class=\"jet-button__label\">Uppbygging og virkni<\/span><\/div><\/a><\/div><\/div><style>.elementor-element.elementor-element-iwgcd-urquelle-b .jet-button__instance{width:320px;height:56px;}.elementor-element.elementor-element-iwgcd-urquelle-b .jet-button__state-normal .jet-button__label{text-align:center;margin:0px 0px 0px 0px;color:#1a1b20;font-family:Montserrat,sans-serif;font-size:13px;font-weight:400;letter-spacing:4px;line-height:1.714em;text-transform:uppercase;}.elementor-element.elementor-element-iwgcd-urquelle-b .jet-button__state-hover .jet-button__label{text-align:center;margin:0px 0px 0px 0px;color:#FECC76;font-family:Montserrat,sans-serif;font-size:13px;font-weight:400;letter-spacing:4px;line-height:1.714em;text-transform:uppercase;}.elementor-element.elementor-element-iwgcd-urquelle-b .jet-button__plane-normal{background-color:#FECC76;border-style:solid;border-color:#C99540;border-width:2px 2px 2px 2px;}.elementor-element.elementor-element-iwgcd-urquelle-b .jet-button__plane-hover{background-color:rgba(0,0,0,0.55);border-style:solid;border-color:#FECC76;border-width:2px 2px 2px 2px;}<\/style>\t\t\t\t<\/div>\n\t\t\t\t<\/div>\n\t\t\t\t<div class=\"elementor-element elementor-element-iwgcd-urquelle-d elementor-widget elementor-widget-text-editor\" data-id=\"iwgcd-urquelle-d\" data-element_type=\"widget\" data-e-type=\"widget\" data-widget_type=\"text-editor.default\">\n\t\t\t\t\t\t\t\t\t<div data-nosnippet=\"true\"><p style=\"text-align:center;font-size:13px;opacity:0.7;margin-top:14px\" data-nosnippet=\"true\">Virkni er einungis l\u00fdst \u00e1 starfr\u00e6nan h\u00e1tt. Ekki l\u00e6kningat\u00e6ki. Engin lofor\u00f0 um heilun.<\/p><\/div>\t\t\t\t\t\t\t\t<\/div>\n\t\t\t\t\t<\/div>\n\t\t\t\t<\/div>\n\t\t\t\t\t<\/div>\n\t\t\t\t<\/div>\n\t\t\t\t<\/div>\n\t\t","protected":false},"excerpt":{"rendered":"","protected":false},"author":3,"featured_media":1630,"parent":0,"menu_order":0,"comment_status":"closed","ping_status":"closed","template":"elementor_header_footer","meta":{"_yoast_wpseo_focuskw":"Urquelle","_yoast_wpseo_title":"Urquelle \u2013 uppspretta allrar tilveru | iWell Guard","_yoast_wpseo_metadesc":"Urquelle: uppspretta allrar tilveru sem mi\u00f0l\u00e6gt hugtak \u00ed iWell-Guard-sta\u00f0festingar\u00feulunni. Tengsl vi\u00f0 lj\u00f3sverur, Gaiu og erkiengilinn Gabr\u00edel.","_yoast_wpseo_meta-robots-noindex":"","_yoast_wpseo_canonical":"","_angie_page":false,"gefaehrdungsstufe":"","wesen_kultur":"","wesen_klasse":"","footnotes":""},"categories":[],"class_list":["post-168685","page","type-page","status-publish","has-post-thumbnail","hentry"],"yoast_head":"<!-- This site is optimized with the Yoast SEO Premium plugin v27.7 (Yoast SEO v28.3) - https:\/\/yoast.com\/product\/yoast-seo-premium-wordpress\/ -->\n<title>Urquelle \u2013 uppspretta allrar tilveru | iWell Guard<\/title>\n<meta name=\"description\" content=\"Urquelle: uppspretta allrar tilveru sem mi\u00f0l\u00e6gt hugtak \u00ed iWell-Guard-sta\u00f0festingar\u00feulunni. Tengsl vi\u00f0 lj\u00f3sverur, Gaiu og erkiengilinn Gabr\u00edel.\" \/>\n<meta name=\"robots\" content=\"index, follow, max-snippet:-1, max-image-preview:large, max-video-preview:-1\" \/>\n<link rel=\"canonical\" href=\"https:\/\/iwell-guard.com\/is\/urquelle-uppspretta-allrar-tilveru\/\" \/>\n<meta property=\"og:locale\" content=\"is_IS\" \/>\n<meta property=\"og:type\" content=\"article\" \/>\n<meta property=\"og:title\" content=\"Urquelle \u2013 uppspretta allrar tilveru\" \/>\n<meta property=\"og:description\" content=\"Urquelle: uppspretta allrar tilveru sem mi\u00f0l\u00e6gt hugtak \u00ed iWell-Guard-sta\u00f0festingar\u00feulunni. Tengsl vi\u00f0 lj\u00f3sverur, Gaiu og erkiengilinn Gabr\u00edel.\" \/>\n<meta property=\"og:url\" content=\"https:\/\/iwell-guard.com\/is\/urquelle-uppspretta-allrar-tilveru\/\" \/>\n<meta property=\"og:site_name\" content=\"iWell Guard\" \/>\n<meta property=\"article:modified_time\" content=\"2026-09-05T14:16:51+00:00\" \/>\n<meta property=\"og:image\" content=\"https:\/\/iwell-guard.com\/wp-content\/uploads\/2026\/04\/lichtwesen_urquelle.webp\" \/>\n\t<meta property=\"og:image:width\" content=\"1024\" \/>\n\t<meta property=\"og:image:height\" content=\"1536\" \/>\n\t<meta property=\"og:image:type\" content=\"image\/webp\" \/>\n<meta name=\"twitter:card\" content=\"summary_large_image\" \/>\n<script type=\"application\/ld+json\" class=\"yoast-schema-graph\">{\"@context\":\"https:\\\/\\\/schema.org\",\"@graph\":[{\"@type\":\"WebPage\",\"@id\":\"https:\\\/\\\/iwell-guard.com\\\/is\\\/urquelle-uppspretta-allrar-tilveru\\\/\",\"url\":\"https:\\\/\\\/iwell-guard.com\\\/is\\\/urquelle-uppspretta-allrar-tilveru\\\/\",\"name\":\"Urquelle \u2013 uppspretta allrar tilveru | iWell Guard\",\"isPartOf\":{\"@id\":\"https:\\\/\\\/iwell-guard.com\\\/is\\\/#website\"},\"primaryImageOfPage\":{\"@id\":\"https:\\\/\\\/iwell-guard.com\\\/is\\\/urquelle-uppspretta-allrar-tilveru\\\/#primaryimage\"},\"image\":{\"@id\":\"https:\\\/\\\/iwell-guard.com\\\/is\\\/urquelle-uppspretta-allrar-tilveru\\\/#primaryimage\"},\"thumbnailUrl\":\"https:\\\/\\\/iwell-guard.com\\\/wp-content\\\/uploads\\\/2026\\\/04\\\/lichtwesen_urquelle.webp\",\"datePublished\":\"2026-09-05T14:02:09+00:00\",\"dateModified\":\"2026-09-05T14:16:51+00:00\",\"description\":\"Urquelle: uppspretta allrar tilveru sem mi\u00f0l\u00e6gt hugtak \u00ed iWell-Guard-sta\u00f0festingar\u00feulunni. Tengsl vi\u00f0 lj\u00f3sverur, Gaiu og erkiengilinn Gabr\u00edel.\",\"breadcrumb\":{\"@id\":\"https:\\\/\\\/iwell-guard.com\\\/is\\\/urquelle-uppspretta-allrar-tilveru\\\/#breadcrumb\"},\"inLanguage\":\"is\",\"potentialAction\":[{\"@type\":\"ReadAction\",\"target\":[\"https:\\\/\\\/iwell-guard.com\\\/is\\\/urquelle-uppspretta-allrar-tilveru\\\/\"]}]},{\"@type\":\"ImageObject\",\"inLanguage\":\"is\",\"@id\":\"https:\\\/\\\/iwell-guard.com\\\/is\\\/urquelle-uppspretta-allrar-tilveru\\\/#primaryimage\",\"url\":\"https:\\\/\\\/iwell-guard.com\\\/wp-content\\\/uploads\\\/2026\\\/04\\\/lichtwesen_urquelle.webp\",\"contentUrl\":\"https:\\\/\\\/iwell-guard.com\\\/wp-content\\\/uploads\\\/2026\\\/04\\\/lichtwesen_urquelle.webp\",\"width\":1024,\"height\":1536,\"caption\":\"Lj\u00f3svera. Lj\u00f3sfl\u00e6\u00f0andi mynd.\"},{\"@type\":\"BreadcrumbList\",\"@id\":\"https:\\\/\\\/iwell-guard.com\\\/is\\\/urquelle-uppspretta-allrar-tilveru\\\/#breadcrumb\",\"itemListElement\":[{\"@type\":\"ListItem\",\"position\":1,\"name\":\"Start\",\"item\":\"https:\\\/\\\/iwell-guard.com\\\/is\\\/?page_id=168580\"},{\"@type\":\"ListItem\",\"position\":2,\"name\":\"Urquelle \u2013 uppspretta allrar tilveru\"}]},{\"@type\":\"WebSite\",\"@id\":\"https:\\\/\\\/iwell-guard.com\\\/is\\\/#website\",\"url\":\"https:\\\/\\\/iwell-guard.com\\\/is\\\/\",\"name\":\"iWell Guard\",\"description\":\"Schutz vor dunklen Einfl\u00fcssen\",\"publisher\":{\"@id\":\"https:\\\/\\\/iwell-guard.com\\\/is\\\/#organization\"},\"potentialAction\":[{\"@type\":\"SearchAction\",\"target\":{\"@type\":\"EntryPoint\",\"urlTemplate\":\"https:\\\/\\\/iwell-guard.com\\\/is\\\/?s={search_term_string}\"},\"query-input\":{\"@type\":\"PropertyValueSpecification\",\"valueRequired\":true,\"valueName\":\"search_term_string\"}}],\"inLanguage\":\"is\"},{\"@type\":\"Organization\",\"@id\":\"https:\\\/\\\/iwell-guard.com\\\/is\\\/#organization\",\"name\":\"Ittermann electronic GmbH\",\"url\":\"https:\\\/\\\/iwell-guard.com\\\/is\\\/\",\"logo\":{\"@type\":\"ImageObject\",\"inLanguage\":\"is\",\"@id\":\"https:\\\/\\\/iwell-guard.com\\\/is\\\/#\\\/schema\\\/logo\\\/image\\\/\",\"url\":\"https:\\\/\\\/iwell-guard.com\\\/wp-content\\\/uploads\\\/2026\\\/05\\\/Ittermann-Logo-1182x237-1.png\",\"contentUrl\":\"https:\\\/\\\/iwell-guard.com\\\/wp-content\\\/uploads\\\/2026\\\/05\\\/Ittermann-Logo-1182x237-1.png\",\"width\":1182,\"height\":237,\"caption\":\"Ittermann electronic GmbH\"},\"image\":{\"@id\":\"https:\\\/\\\/iwell-guard.com\\\/is\\\/#\\\/schema\\\/logo\\\/image\\\/\"},\"sameAs\":[\"https:\\\/\\\/pantip.com\\\/profile\\\/9367242\",\"https:\\\/\\\/micro.blog\\\/iwellguard\",\"https:\\\/\\\/www.diggerslist.com\\\/iwellguard\\\/about\",\"https:\\\/\\\/skitterphoto.com\\\/photographers\\\/2870314\\\/iwell-guard\",\"https:\\\/\\\/iwellguard.wordpress.com\\\/2026\\\/06\\\/06\\\/iwell-guard\\\/\",\"https:\\\/\\\/hub.docker.com\\\/u\\\/iwellguard\",\"https:\\\/\\\/www.pinterest.com\\\/iwellguard\\\/\",\"https:\\\/\\\/bit.ly\\\/m\\\/iwellguard\",\"https:\\\/\\\/entre-vos-mains.alsace.eu\\\/profiles\\\/iwellguard\\\/activity\",\"https:\\\/\\\/gravatar.com\\\/reallybeded8fd34\",\"https:\\\/\\\/naijamatta.com\\\/iwellguard\",\"https:\\\/\\\/www.goodreads.com\\\/iwellguard\",\"https:\\\/\\\/profile.hatena.ne.jp\\\/iwellguard\\\/\",\"https:\\\/\\\/experiment.com\\\/users\\\/iwellguard\",\"https:\\\/\\\/wakelet.com\\\/@iWellGuard82270\",\"https:\\\/\\\/www.chordie.com\\\/forum\\\/profile.php?id=2555664\",\"https:\\\/\\\/www.instapaper.com\\\/p\\\/17757966\",\"https:\\\/\\\/www.mapleprimes.com\\\/users\\\/iwellguard\",\"https:\\\/\\\/businesslistingplus.com\\\/profile\\\/iwell-guard\\\/\",\"https:\\\/\\\/telegra.ph\\\/iWell-Guard-06-06\",\"https:\\\/\\\/pbase.com\\\/iwellguard\\\/iwellguard\",\"https:\\\/\\\/b.hatena.ne.jp\\\/iwellguard\\\/20260607#bookmark-4788405196491818882\",\"https:\\\/\\\/fliphtml5.com\\\/home\\\/iwellguard\",\"https:\\\/\\\/anyflip.com\\\/homepage\\\/cmiwl#About\",\"https:\\\/\\\/transfur.com\\\/Users\\\/iwellguard\",\"http:\\\/\\\/delphi.larsbo.org\\\/user\\\/iwellguard\",\"https:\\\/\\\/jobs.lajobsportal.org\\\/profiles\\\/8380803-iwell-guard\",\"https:\\\/\\\/md.chaosdorf.de\\\/s\\\/jfbe5SBdJD\",\"https:\\\/\\\/www.lingvolive.com\\\/en-us\\\/profile\\\/9ecaeaca-ce11-4e51-9e71-01d55e2bff36\\\/translations\",\"https:\\\/\\\/www.fitday.com\\\/fitness\\\/forums\\\/members\\\/iwellguard.html\",\"https:\\\/\\\/www.mymeetbook.com\\\/iwellguard\",\"https:\\\/\\\/pxhere.com\\\/en\\\/photographer-me\\\/5040798\",\"https:\\\/\\\/disqus.com\\\/by\\\/iwellguard\\\/about\\\/\",\"https:\\\/\\\/pastelink.net\\\/hjwciqwq\",\"https:\\\/\\\/pubhtml5.com\\\/homepage\\\/scjhn\\\/\",\"https:\\\/\\\/www.bitchute.com\\\/channel\\\/2O2eOKzNqujT\",\"https:\\\/\\\/audiomack.com\\\/iwellguard\"]}]}<\/script>\n<!-- \/ Yoast SEO Premium plugin. -->","yoast_head_json":{"title":"Urquelle \u2013 uppspretta allrar tilveru | iWell Guard","description":"Urquelle: uppspretta allrar tilveru sem mi\u00f0l\u00e6gt hugtak \u00ed iWell-Guard-sta\u00f0festingar\u00feulunni. Tengsl vi\u00f0 lj\u00f3sverur, Gaiu og erkiengilinn Gabr\u00edel.","robots":{"index":"index","follow":"follow","max-snippet":"max-snippet:-1","max-image-preview":"max-image-preview:large","max-video-preview":"max-video-preview:-1"},"canonical":"https:\/\/iwell-guard.com\/is\/urquelle-uppspretta-allrar-tilveru\/","og_locale":"is_IS","og_type":"article","og_title":"Urquelle \u2013 uppspretta allrar tilveru","og_description":"Urquelle: uppspretta allrar tilveru sem mi\u00f0l\u00e6gt hugtak \u00ed iWell-Guard-sta\u00f0festingar\u00feulunni. Tengsl vi\u00f0 lj\u00f3sverur, Gaiu og erkiengilinn Gabr\u00edel.","og_url":"https:\/\/iwell-guard.com\/is\/urquelle-uppspretta-allrar-tilveru\/","og_site_name":"iWell Guard","article_modified_time":"2026-09-05T14:16:51+00:00","og_image":[{"width":1024,"height":1536,"url":"https:\/\/iwell-guard.com\/wp-content\/uploads\/2026\/04\/lichtwesen_urquelle.webp","type":"image\/webp"}],"twitter_card":"summary_large_image","schema":{"@context":"https:\/\/schema.org","@graph":[{"@type":"WebPage","@id":"https:\/\/iwell-guard.com\/is\/urquelle-uppspretta-allrar-tilveru\/","url":"https:\/\/iwell-guard.com\/is\/urquelle-uppspretta-allrar-tilveru\/","name":"Urquelle \u2013 uppspretta allrar tilveru | iWell Guard","isPartOf":{"@id":"https:\/\/iwell-guard.com\/is\/#website"},"primaryImageOfPage":{"@id":"https:\/\/iwell-guard.com\/is\/urquelle-uppspretta-allrar-tilveru\/#primaryimage"},"image":{"@id":"https:\/\/iwell-guard.com\/is\/urquelle-uppspretta-allrar-tilveru\/#primaryimage"},"thumbnailUrl":"https:\/\/iwell-guard.com\/wp-content\/uploads\/2026\/04\/lichtwesen_urquelle.webp","datePublished":"2026-09-05T14:02:09+00:00","dateModified":"2026-09-05T14:16:51+00:00","description":"Urquelle: uppspretta allrar tilveru sem mi\u00f0l\u00e6gt hugtak \u00ed iWell-Guard-sta\u00f0festingar\u00feulunni. Tengsl vi\u00f0 lj\u00f3sverur, Gaiu og erkiengilinn Gabr\u00edel.","breadcrumb":{"@id":"https:\/\/iwell-guard.com\/is\/urquelle-uppspretta-allrar-tilveru\/#breadcrumb"},"inLanguage":"is","potentialAction":[{"@type":"ReadAction","target":["https:\/\/iwell-guard.com\/is\/urquelle-uppspretta-allrar-tilveru\/"]}]},{"@type":"ImageObject","inLanguage":"is","@id":"https:\/\/iwell-guard.com\/is\/urquelle-uppspretta-allrar-tilveru\/#primaryimage","url":"https:\/\/iwell-guard.com\/wp-content\/uploads\/2026\/04\/lichtwesen_urquelle.webp","contentUrl":"https:\/\/iwell-guard.com\/wp-content\/uploads\/2026\/04\/lichtwesen_urquelle.webp","width":1024,"height":1536,"caption":"Lj\u00f3svera. Lj\u00f3sfl\u00e6\u00f0andi mynd."},{"@type":"BreadcrumbList","@id":"https:\/\/iwell-guard.com\/is\/urquelle-uppspretta-allrar-tilveru\/#breadcrumb","itemListElement":[{"@type":"ListItem","position":1,"name":"Start","item":"https:\/\/iwell-guard.com\/is\/?page_id=168580"},{"@type":"ListItem","position":2,"name":"Urquelle \u2013 uppspretta allrar tilveru"}]},{"@type":"WebSite","@id":"https:\/\/iwell-guard.com\/is\/#website","url":"https:\/\/iwell-guard.com\/is\/","name":"iWell Guard","description":"Schutz vor dunklen Einfl\u00fcssen","publisher":{"@id":"https:\/\/iwell-guard.com\/is\/#organization"},"potentialAction":[{"@type":"SearchAction","target":{"@type":"EntryPoint","urlTemplate":"https:\/\/iwell-guard.com\/is\/?s={search_term_string}"},"query-input":{"@type":"PropertyValueSpecification","valueRequired":true,"valueName":"search_term_string"}}],"inLanguage":"is"},{"@type":"Organization","@id":"https:\/\/iwell-guard.com\/is\/#organization","name":"Ittermann electronic GmbH","url":"https:\/\/iwell-guard.com\/is\/","logo":{"@type":"ImageObject","inLanguage":"is","@id":"https:\/\/iwell-guard.com\/is\/#\/schema\/logo\/image\/","url":"https:\/\/iwell-guard.com\/wp-content\/uploads\/2026\/05\/Ittermann-Logo-1182x237-1.png","contentUrl":"https:\/\/iwell-guard.com\/wp-content\/uploads\/2026\/05\/Ittermann-Logo-1182x237-1.png","width":1182,"height":237,"caption":"Ittermann electronic GmbH"},"image":{"@id":"https:\/\/iwell-guard.com\/is\/#\/schema\/logo\/image\/"},"sameAs":["https:\/\/pantip.com\/profile\/9367242","https:\/\/micro.blog\/iwellguard","https:\/\/www.diggerslist.com\/iwellguard\/about","https:\/\/skitterphoto.com\/photographers\/2870314\/iwell-guard","https:\/\/iwellguard.wordpress.com\/2026\/06\/06\/iwell-guard\/","https:\/\/hub.docker.com\/u\/iwellguard","https:\/\/www.pinterest.com\/iwellguard\/","https:\/\/bit.ly\/m\/iwellguard","https:\/\/entre-vos-mains.alsace.eu\/profiles\/iwellguard\/activity","https:\/\/gravatar.com\/reallybeded8fd34","https:\/\/naijamatta.com\/iwellguard","https:\/\/www.goodreads.com\/iwellguard","https:\/\/profile.hatena.ne.jp\/iwellguard\/","https:\/\/experiment.com\/users\/iwellguard","https:\/\/wakelet.com\/@iWellGuard82270","https:\/\/www.chordie.com\/forum\/profile.php?id=2555664","https:\/\/www.instapaper.com\/p\/17757966","https:\/\/www.mapleprimes.com\/users\/iwellguard","https:\/\/businesslistingplus.com\/profile\/iwell-guard\/","https:\/\/telegra.ph\/iWell-Guard-06-06","https:\/\/pbase.com\/iwellguard\/iwellguard","https:\/\/b.hatena.ne.jp\/iwellguard\/20260607#bookmark-4788405196491818882","https:\/\/fliphtml5.com\/home\/iwellguard","https:\/\/anyflip.com\/homepage\/cmiwl#About","https:\/\/transfur.com\/Users\/iwellguard","http:\/\/delphi.larsbo.org\/user\/iwellguard","https:\/\/jobs.lajobsportal.org\/profiles\/8380803-iwell-guard","https:\/\/md.chaosdorf.de\/s\/jfbe5SBdJD","https:\/\/www.lingvolive.com\/en-us\/profile\/9ecaeaca-ce11-4e51-9e71-01d55e2bff36\/translations","https:\/\/www.fitday.com\/fitness\/forums\/members\/iwellguard.html","https:\/\/www.mymeetbook.com\/iwellguard","https:\/\/pxhere.com\/en\/photographer-me\/5040798","https:\/\/disqus.com\/by\/iwellguard\/about\/","https:\/\/pastelink.net\/hjwciqwq","https:\/\/pubhtml5.com\/homepage\/scjhn\/","https:\/\/www.bitchute.com\/channel\/2O2eOKzNqujT","https:\/\/audiomack.com\/iwellguard"]}]}},"_links":{"self":[{"href":"https:\/\/iwell-guard.com\/is\/wp-json\/wp\/v2\/pages\/168685","targetHints":{"allow":["GET"]}}],"collection":[{"href":"https:\/\/iwell-guard.com\/is\/wp-json\/wp\/v2\/pages"}],"about":[{"href":"https:\/\/iwell-guard.com\/is\/wp-json\/wp\/v2\/types\/page"}],"author":[{"embeddable":true,"href":"https:\/\/iwell-guard.com\/is\/wp-json\/wp\/v2\/users\/3"}],"replies":[{"embeddable":true,"href":"https:\/\/iwell-guard.com\/is\/wp-json\/wp\/v2\/comments?post=168685"}],"version-history":[{"count":0,"href":"https:\/\/iwell-guard.com\/is\/wp-json\/wp\/v2\/pages\/168685\/revisions"}],"wp:featuredmedia":[{"embeddable":true,"href":"https:\/\/iwell-guard.com\/is\/wp-json\/wp\/v2\/media\/1630"}],"wp:attachment":[{"href":"https:\/\/iwell-guard.com\/is\/wp-json\/wp\/v2\/media?parent=168685"}],"wp:term":[{"taxonomy":"category","embeddable":true,"href":"https:\/\/iwell-guard.com\/is\/wp-json\/wp\/v2\/categories?post=168685"}],"curies":[{"name":"wp","href":"https:\/\/api.w.org\/{rel}","templated":true}]}}