{"id":168682,"date":"2026-09-05T14:02:08","date_gmt":"2026-09-05T14:02:08","guid":{"rendered":"https:\/\/iwell-guard.com\/?page_id=168682"},"modified":"2026-09-05T14:16:46","modified_gmt":"2026-09-05T14:16:46","slug":"reynslusogur-og-raddir","status":"publish","type":"page","link":"https:\/\/iwell-guard.com\/is\/reynslusogur-og-raddir\/","title":{"rendered":"Reynslus\u00f6gur og raddir"},"content":{"rendered":"\t\t<div data-elementor-type=\"wp-page\" data-elementor-id=\"168682\" class=\"elementor elementor-168682 elementor-1795 elementor-bc-flex-widget\" data-elementor-post-type=\"page\">\n\t\t\t\t<div class=\"elementor-element elementor-element-am-erfhub-hero e-flex e-con-boxed e-con e-parent\" data-id=\"am-erfhub-hero\" data-element_type=\"container\" data-e-type=\"container\" data-settings=\"{&quot;background_background&quot;:&quot;classic&quot;}\">\n\t\t\t\t\t<div class=\"e-con-inner\">\n\t\t<div class=\"elementor-element elementor-element-am-erfhub-herohl e-flex e-con-boxed e-con e-child\" data-id=\"am-erfhub-herohl\" data-element_type=\"container\" data-e-type=\"container\">\n\t\t\t\t\t<div class=\"e-con-inner\">\n\t\t<div class=\"elementor-element elementor-element-am-erfhub-h1lead e-con-full e-flex e-con e-child\" data-id=\"am-erfhub-h1lead\" data-element_type=\"container\" data-e-type=\"container\">\n\t\t\t\t<div class=\"elementor-element elementor-element-am-erfhub-h1w elementor-widget elementor-widget-heading\" data-id=\"am-erfhub-h1w\" data-element_type=\"widget\" data-e-type=\"widget\" data-widget_type=\"heading.default\">\n\t\t\t\t\t<h1 class=\"elementor-heading-title elementor-size-default\">Reynslus\u00f6gur og raddir<\/h1>\t\t\t\t<\/div>\n\t\t\t\t<div class=\"elementor-element elementor-element-am-erfhub-lead elementor-widget elementor-widget-text-editor\" data-id=\"am-erfhub-lead\" data-element_type=\"widget\" data-e-type=\"widget\" data-widget_type=\"text-editor.default\">\n\t\t\t\t\t\t\t\t\t<p>Reynslus\u00f6gur um iWell Guard fr\u00e1 \u00feeim sem bera hann, s\u00e9\u00f0ar fr\u00e1 \u00fdmsum sj\u00f3narhornum skynjunar. \u00deetta yfirlit kynnir a\u00f0fer\u00f0afr\u00e6\u00f0ilega sta\u00f0setningu sagnanna, pers\u00f3nuverndarreglurnar sem gilda og m\u00f6guleikann \u00e1 a\u00f0 senda inn eigin s\u00f6gu.<\/p>\t\t\t\t\t\t\t\t<\/div>\n\t\t\t\t<\/div>\n\t\t<div class=\"elementor-element elementor-element-am-erfhub-klsbdg e-con-full e-flex e-con e-parent\" data-id=\"am-erfhub-klsbdg\" data-element_type=\"container\" data-e-type=\"container\">\n\t\t\t\t<div class=\"elementor-element elementor-element-am-erfhub-klshtm elementor-widget elementor-widget-html\" data-id=\"am-erfhub-klshtm\" data-element_type=\"widget\" data-e-type=\"widget\" data-widget_type=\"html.default\">\n\t\t\t\t\t<div class=\"iwg-pill-row\"><span class=\"iwg-klasse-badge\" tabindex=\"0\" data-tooltip=\"S\u00f6fn radda: reynslus\u00f6gur einstakra notenda um skynjun \u00e1 iWell Guard, a\u00f0fer\u00f0afr\u00e6\u00f0ilega flokka\u00f0ar eftir tegund h\u00f6fundar.\">Raddir<\/span><span class=\"iwg-kultur-badge\" tabindex=\"0\" data-tooltip=\"Sj\u00e1lfst\u00e6\u00f0ur heimildaflokkur \u00e1samt tr\u00faars\u00f6gulegum heimildum, uppl\u00fdsingum fr\u00e1 mi\u00f0lum og innri fr\u00e6\u00f0um iWell Guard-hef\u00f0arins.\">Eigin fr\u00e1sagnir<\/span><\/div>\t\t\t\t<\/div>\n\t\t\t\t<\/div>\n\t\t<div class=\"elementor-element elementor-element-am-erfhub-tocbox e-con-full e-flex e-con e-child\" data-id=\"am-erfhub-tocbox\" data-element_type=\"container\" data-e-type=\"container\">\n\t\t\t\t<div class=\"elementor-element elementor-element-am-erfhub-toc elementor-toc--minimized-on-tablet elementor-widget elementor-widget-table-of-contents\" data-id=\"am-erfhub-toc\" data-element_type=\"widget\" data-e-type=\"widget\" data-settings=\"{&quot;exclude_headings_by_selector&quot;:[],&quot;no_headings_message&quot;:&quot;Engar undirfyrirsagnir fundust \\u00e1 \\u00feessari s\\u00ed\\u00f0u.&quot;,&quot;headings_by_tags&quot;:[&quot;h2&quot;,&quot;h3&quot;],&quot;marker_view&quot;:&quot;bullets&quot;,&quot;minimize_box&quot;:&quot;yes&quot;,&quot;icon&quot;:{&quot;value&quot;:&quot;fas fa-circle&quot;,&quot;library&quot;:&quot;fa-solid&quot;,&quot;rendered_tag&quot;:&quot;&lt;svg class=\\&quot;e-font-icon-svg e-fas-circle\\&quot; viewBox=\\&quot;0 0 512 512\\&quot; xmlns=\\&quot;http:\\\/\\\/www.w3.org\\\/2000\\\/svg\\&quot;&gt;&lt;path d=\\&quot;M256 8C119 8 8 119 8 256s111 248 248 248 248-111 248-248S393 8 256 8z\\&quot;&gt;&lt;\\\/path&gt;&lt;\\\/svg&gt;&quot;},&quot;minimized_on&quot;:&quot;tablet&quot;,&quot;hierarchical_view&quot;:&quot;yes&quot;,&quot;min_height&quot;:{&quot;unit&quot;:&quot;px&quot;,&quot;size&quot;:&quot;&quot;,&quot;sizes&quot;:[]},&quot;min_height_tablet&quot;:{&quot;unit&quot;:&quot;px&quot;,&quot;size&quot;:&quot;&quot;,&quot;sizes&quot;:[]},&quot;min_height_mobile&quot;:{&quot;unit&quot;:&quot;px&quot;,&quot;size&quot;:&quot;&quot;,&quot;sizes&quot;:[]}}\" data-widget_type=\"table-of-contents.default\">\n\t\t\t\t\t\t\t\t\t<div class=\"elementor-toc__header\">\n\t\t\t\t\t\t<h2 class=\"elementor-toc__header-title\">\n\t\t\t\tEfnisyfirlit\t\t\t<\/h2>\n\t\t\t\t\t\t\t\t\t\t<div class=\"elementor-toc__toggle-button elementor-toc__toggle-button--expand\" role=\"button\" tabindex=\"0\" aria-controls=\"elementor-toc__am-erfhub-toc\" aria-expanded=\"true\" aria-label=\"Open table of contents\"><svg aria-hidden=\"true\" class=\"e-font-icon-svg e-fas-chevron-down\" viewBox=\"0 0 448 512\" xmlns=\"http:\/\/www.w3.org\/2000\/svg\"><path d=\"M207.029 381.476L12.686 187.132c-9.373-9.373-9.373-24.569 0-33.941l22.667-22.667c9.357-9.357 24.522-9.375 33.901-.04L224 284.505l154.745-154.021c9.379-9.335 24.544-9.317 33.901.04l22.667 22.667c9.373 9.373 9.373 24.569 0 33.941L240.971 381.476c-9.373 9.372-24.569 9.372-33.942 0z\"><\/path><\/svg><\/div>\n\t\t\t\t<div class=\"elementor-toc__toggle-button elementor-toc__toggle-button--collapse\" role=\"button\" tabindex=\"0\" aria-controls=\"elementor-toc__am-erfhub-toc\" aria-expanded=\"true\" aria-label=\"Close table of contents\"><svg aria-hidden=\"true\" class=\"e-font-icon-svg e-fas-chevron-up\" viewBox=\"0 0 448 512\" xmlns=\"http:\/\/www.w3.org\/2000\/svg\"><path d=\"M240.971 130.524l194.343 194.343c9.373 9.373 9.373 24.569 0 33.941l-22.667 22.667c-9.357 9.357-24.522 9.375-33.901.04L224 227.495 69.255 381.516c-9.379 9.335-24.544 9.317-33.901-.04l-22.667-22.667c-9.373-9.373-9.373-24.569 0-33.941L207.03 130.525c9.372-9.373 24.568-9.373 33.941-.001z\"><\/path><\/svg><\/div>\n\t\t\t\t\t<\/div>\n\t\t\t\t<div id=\"elementor-toc__am-erfhub-toc\" class=\"elementor-toc__body\">\n\t\t\t<div class=\"elementor-toc__spinner-container\">\n\t\t\t\t<svg class=\"elementor-toc__spinner eicon-animation-spin e-font-icon-svg e-eicon-loading\" aria-hidden=\"true\" viewBox=\"0 0 1000 1000\" xmlns=\"http:\/\/www.w3.org\/2000\/svg\"><path d=\"M500 975V858C696 858 858 696 858 500S696 142 500 142 142 304 142 500H25C25 237 238 25 500 25S975 237 975 500 763 975 500 975Z\"><\/path><\/svg>\t\t\t<\/div>\n\t\t<\/div>\n\t\t\t\t\t\t<\/div>\n\t\t\t\t<\/div>\n\t\t\t\t\t<\/div>\n\t\t\t\t<\/div>\n\t\t<div class=\"elementor-element elementor-element-am-erfhub-herorg e-flex e-con-boxed e-con e-child\" data-id=\"am-erfhub-herorg\" data-element_type=\"container\" data-e-type=\"container\">\n\t\t\t\t\t<div class=\"e-con-inner\">\n\t\t\t\t<div class=\"elementor-element elementor-element-am-erfhub-heroim iwg-hero-image elementor-widget elementor-widget-image\" data-id=\"am-erfhub-heroim\" data-element_type=\"widget\" data-e-type=\"widget\" data-widget_type=\"image.default\">\n\t\t\t\t\t\t\t\t\t\t\t\t\t\t\t<img fetchpriority=\"high\" decoding=\"async\" width=\"800\" height=\"441\" src=\"https:\/\/iwell-guard.com\/wp-content\/uploads\/2026\/05\/Lava-1200x661-Hintergrund-sym-1024x564.webp\" class=\"attachment-large size-large wp-image-170912\" alt=\"iWell Guard verndargripur, svart kolefnistrefja-fl\u00eds me\u00f0 gullitu\u00f0um \u00e1herslum\" srcset=\"https:\/\/iwell-guard.com\/wp-content\/uploads\/2026\/05\/Lava-1200x661-Hintergrund-sym-1024x564.webp 1024w, https:\/\/iwell-guard.com\/wp-content\/uploads\/2026\/05\/Lava-1200x661-Hintergrund-sym-300x165.webp 300w, https:\/\/iwell-guard.com\/wp-content\/uploads\/2026\/05\/Lava-1200x661-Hintergrund-sym-768x423.webp 768w, https:\/\/iwell-guard.com\/wp-content\/uploads\/2026\/05\/Lava-1200x661-Hintergrund-sym.webp 1200w\" sizes=\"(max-width: 800px) 100vw, 800px\" \/>\t\t\t\t\t\t\t\t\t\t\t\t\t\t\t<\/div>\n\t\t\t\t\t<\/div>\n\t\t\t\t<\/div>\n\t\t\t\t\t<\/div>\n\t\t\t\t<\/div>\n\t\t<div class=\"elementor-element elementor-element-klaerung1777529180 e-con-boxed e-flex e-con e-parent\" data-id=\"klaerung1777529180\" data-element_type=\"container\" data-e-type=\"container\">\n\t\t\t\t\t<div class=\"e-con-inner\">\n\t\t\t\t<div class=\"elementor-element elementor-element-klar1777529180 elementor-widget elementor-widget-text-editor\" data-id=\"klar1777529180\" data-element_type=\"widget\" data-e-type=\"widget\" data-widget_type=\"text-editor.default\">\n\t\t\t\t\t\t\t\t\t\n<p data-nosnippet=\"true\"><em>\u00c1 \u00feessari s\u00ed\u00f0u s\u00f6fnum vi\u00f0 <strong>reynslus\u00f6gum<\/strong> fr\u00e1 \u00feeim sem bera verndargripinn, menntu\u00f0um skyggnum einstaklingum, orkul\u00e6knum og f\u00ednger\u00f0um einstaklingum. S\u00e9rhver <strong>r\u00f6dd<\/strong> er nafngreind, a\u00f0fer\u00f0afr\u00e6\u00f0ilega sta\u00f0sett og or\u00f0u\u00f0 \u00e1n nokkurra heilsulofor\u00f0a.<\/em><\/p><p>\u00cd mi\u00f0ju \u00feessara reynslusagna er iWell Guard-<strong>verndargripurinn<\/strong> sem prakt\u00edskt verkf\u00e6ri, en me\u00f0 honum var \u00feeirra \u00e1hrif sem h\u00e9r er l\u00fdst upplifa\u00f0.<\/p>\t\t\t\t\t\t\t\t<\/div>\n\t\t\t\t\t<\/div>\n\t\t\t\t<\/div>\n\t\t<div class=\"elementor-element elementor-element-clstrsec1777543109 e-con-boxed e-flex e-con e-parent\" data-id=\"clstrsec1777543109\" data-element_type=\"container\" data-e-type=\"container\">\n\t\t\t\t\t<div class=\"e-con-inner\">\n\t\t\t\t<div class=\"elementor-element elementor-element-h21777543109 elementor-widget elementor-widget-heading\" data-id=\"h21777543109\" data-element_type=\"widget\" data-e-type=\"widget\" data-widget_type=\"heading.default\">\n\t\t\t\t\t<h2 class=\"elementor-heading-title elementor-size-default\">Reynslus\u00f6gur: raddir mennta\u00f0ra skyggnra einstaklinga<\/h2>\t\t\t\t<\/div>\n\t\t\t\t<div class=\"elementor-element elementor-element-txt1777543109 elementor-widget elementor-widget-text-editor\" data-id=\"txt1777543109\" data-element_type=\"widget\" data-e-type=\"widget\" data-widget_type=\"text-editor.default\">\n\t\t\t\t\t\t\t\t\t\n<p>\u00c1 \u00feessari s\u00ed\u00f0u eru reynslus\u00f6gur \u00ed forgrunni, yfirl\u00fdsingar fr\u00e1 menntu\u00f0um skyggnum einstaklingum, orkul\u00e6knum og f\u00ednger\u00f0um einstaklingum sem bera hlutinn \u00ed daglegu l\u00edfi. S\u00e9rhver r\u00f6dd er nafngreind.<\/p><p data-nosnippet=\"true\">Vi\u00f0 birtum reynslus\u00f6gur a\u00f0eins me\u00f0 sk\u00fdru sam\u00feykki og me\u00f0 greinilegri \u00e1bendingu um a\u00f0 \u00fe\u00e6r s\u00e9u pers\u00f3nulegar skynjanir, hvorki heilsulofor\u00f0 n\u00e9 v\u00edsindalegar sannanir.<\/p><p>A\u00f0fer\u00f0afr\u00e6\u00f0ilega sta\u00f0setningu hverrar raddar er a\u00f0 finna undir <a href=\"https:\/\/iwell-guard.com\/is\/?page_id=168680\">A\u00f0fer\u00f0afr\u00e6\u00f0i<\/a>; verkf\u00e6ri orkugreiningarinnar undir <a href=\"https:\/\/iwell-guard.com\/is\/?page_id=168726\">Sko\u00f0un \u00ed hinu kosm\u00edska uppl\u00fdsingasvi\u00f0i<\/a>.<\/p>\t\t\t\t\t\t\t\t<\/div>\n\t\t\t\t\t<\/div>\n\t\t\t\t<\/div>\n\t\t<div class=\"elementor-element elementor-element-x404-s0 e-con-boxed e-flex e-con e-parent\" data-id=\"x404-s0\" data-element_type=\"container\" data-e-type=\"container\">\n\t\t\t\t\t<div class=\"e-con-inner\">\n\t\t\t\t<div class=\"elementor-element elementor-element-x404-h0 elementor-widget elementor-widget-heading\" data-id=\"x404-h0\" data-element_type=\"widget\" data-e-type=\"widget\" data-widget_type=\"heading.default\">\n\t\t\t\t\t<h2 class=\"elementor-heading-title elementor-size-default\">Inngangur<\/h2>\t\t\t\t<\/div>\n\t\t<div class=\"elementor-element elementor-element-x404-s0-bw e-flex e-con-boxed e-con e-parent\" data-id=\"x404-s0-bw\" data-element_type=\"container\" data-e-type=\"container\" data-settings=\"{&quot;background_background&quot;:&quot;classic&quot;}\">\n\t\t\t\t\t<div class=\"e-con-inner\">\n\t\t\t\t<div class=\"elementor-element elementor-element-x404-t0 elementor-widget elementor-widget-text-editor\" data-id=\"x404-t0\" data-element_type=\"widget\" data-e-type=\"widget\" data-widget_type=\"text-editor.default\">\n\t\t\t\t\t\t\t\t\t<p>H\u00e9r s\u00f6fnum vi\u00f0 reynslus\u00f6gum fr\u00e1 f\u00f3lki sem notar hlutinn. \u00deeir h\u00f3par sem vi\u00f0 f\u00e1um s\u00e9rstaklega m\u00f6rg vi\u00f0br\u00f6g\u00f0 fr\u00e1 eru mennta\u00f0ir skyggnir einstaklingar og f\u00ednger\u00f0ir einstaklingar, \u00fea\u00f0 er f\u00f3lk sem getur, vegna skynjunarg\u00e1fu sinnar e\u00f0a orkulegrar f\u00ednleika, greint s\u00e9rstaklega vel hva\u00f0 \u00feau upplifa.<\/p><p>Allar fr\u00e1sagnir birtast h\u00e9r me\u00f0 sk\u00fdru sam\u00feykki h\u00f6funda. Ef h\u00f6fundur dregur sam\u00feykki sitt til baka er fr\u00e1s\u00f6gnin fjarl\u00e6g\u00f0 tafarlaust. Nafnlausar fr\u00e1sagnir bera hlutverksmerkingu (&#8222;skyggn einstaklingur&#8220;, &#8222;f\u00ednger\u00f0 manneskja&#8220;, &#8222;n\u00e1tt\u00farul\u00e6kningafr\u00e6\u00f0ingur&#8220;) svo lesandinn geti sta\u00f0sett sj\u00f3narhorni\u00f0. Vi\u00f0 breytum efnisinnihaldi fr\u00e1sagna aldrei, sl\u00e9ttum ekki or\u00f0alag og styttum a\u00f0eins me\u00f0 sam\u00feykki h\u00f6fundar.<\/p><div><h3>Sta\u00f0a reynslusagna \u00ed a\u00f0fer\u00f0afr\u00e6\u00f0i iWell Guard<\/h3><p>Reynslus\u00f6gur eru \u00e1 iWell Guard sj\u00e1lfst\u00e6\u00f0ur, a\u00f0fer\u00f0afr\u00e6\u00f0ilega vel merktur heimildaflokkur. \u00de\u00e6r eru til hli\u00f0ar vi\u00f0 hina \u00ferj\u00e1 heimildaflokka sem vi\u00f0 notum \u00e1 s\u00ed\u00f0unni: tr\u00faars\u00f6gulegar\/fr\u00e6\u00f0ilegar heimildir (vitna\u00f0 me\u00f0 h\u00f6fundi, verki og \u00e1ri), uppl\u00fdsingar fr\u00e1 mi\u00f0lum \u00far hinu kosm\u00edska uppl\u00fdsingasvi\u00f0i (sj\u00e1 <a href=\"https:\/\/iwell-guard.com\/is\/?page_id=168680\">A\u00f0fer\u00f0afr\u00e6\u00f0i<\/a>) og innri fr\u00e6\u00f0i iWell Guard-hef\u00f0arins.<\/p><p>Reynslus\u00f6gur eru ekki v\u00edsindalegar sannanir heldur pers\u00f3nulegar yfirl\u00fdsingar einstakra notenda um skynjun s\u00edna \u00e1 hlutnum.<\/p><p>Vi\u00f0 vegum s\u00f6gurnar eftir skynjunarst\u00f6\u00f0u h\u00f6funda: mennta\u00f0ir skyggnir einstaklingar og f\u00f3lk me\u00f0 mikla orkulega n\u00e6mni gefa yfirleitt \u00edtarlegri athuganir, \u00fev\u00ed \u00feau geta greint orkul\u00f6g sem \u00f6\u00f0rum eru \u00f3s\u00fdnileg.<\/p><p>Fr\u00e1sagnir einkaa\u00f0ila eru ekki minna ver\u00f0m\u00e6tar, en l\u00fdsa fremur daglegri \u00e1hrifav\u00eddd en dj\u00fapri orkulegri byggingu. B\u00e1\u00f0ar sj\u00f3narhorn heyra saman \u00ed yfirlitss\u00ed\u00f0u sem skjalfestir hlutinn \u00ed allri sinni breidd.<\/p><\/div>\t\t\t\t\t\t\t\t<\/div>\n\t\t\t\t\t<\/div>\n\t\t\t\t<\/div>\n\t\t\t\t\t<\/div>\n\t\t\t\t<\/div>\n\t\t<div class=\"elementor-element elementor-element-x404-s1 e-con-boxed e-flex e-con e-parent\" data-id=\"x404-s1\" data-element_type=\"container\" data-e-type=\"container\">\n\t\t\t\t\t<div class=\"e-con-inner\">\n\t\t\t\t<div class=\"elementor-element elementor-element-x404-h1 elementor-widget elementor-widget-heading\" data-id=\"x404-h1\" data-element_type=\"widget\" data-e-type=\"widget\" data-widget_type=\"heading.default\">\n\t\t\t\t\t<h2 class=\"elementor-heading-title elementor-size-default\">Sam\u00feykki og gagns\u00e6i<\/h2>\t\t\t\t<\/div>\n\t\t<div class=\"elementor-element elementor-element-x404-s1-bw e-flex e-con-boxed e-con e-parent\" data-id=\"x404-s1-bw\" data-element_type=\"container\" data-e-type=\"container\" data-settings=\"{&quot;background_background&quot;:&quot;classic&quot;}\">\n\t\t\t\t\t<div class=\"e-con-inner\">\n\t\t\t\t<div class=\"elementor-element elementor-element-x404-t1 elementor-widget elementor-widget-text-editor\" data-id=\"x404-t1\" data-element_type=\"widget\" data-e-type=\"widget\" data-widget_type=\"text-editor.default\">\n\t\t\t\t\t\t\t\t\t<p>Vi\u00f0 birtum h\u00e9r a\u00f0eins \u00fea\u00f0 sem vi\u00f0 getum sta\u00f0fest: s\u00e9rhvert sam\u00feykki er skjalfest skriflega (t\u00f6lvup\u00f3stur, br\u00e9f e\u00f0a vefey\u00f0ubla\u00f0 me\u00f0 sam\u00feykkisreit). Sk\u00fdrar pers\u00f3nuuppl\u00fdsingar h\u00f6funda eru a\u00f0eins haf\u00f0ar innanh\u00fass, \u00e1 vefs\u00ed\u00f0unni birtist a\u00f0eins birtingarnafn samkv\u00e6mt ums\u00f6mdu nafnleyndarstigi.<\/p><p>Dragi h\u00f6fundur sam\u00feykki sitt til baka, fjarl\u00e6gjum vi\u00f0 f\u00e6rsluna tafarlaust (GDPR 7. gr. 3. mgr., afturk\u00f6llunarr\u00e9ttur). Vi\u00f0 sv\u00f6rum vi\u00f0br\u00f6g\u00f0um vi\u00f0 einst\u00f6kum s\u00f6gum \u00e1 gagns\u00e6jan h\u00e1tt.<\/p><div><h3>Pers\u00f3nuverndarlegur rammi<\/h3><p>Vi\u00f0 birtum reynslus\u00f6gur eing\u00f6ngu me\u00f0 skriflegu sam\u00feykki h\u00f6funda samkv\u00e6mt 7. gr. pers\u00f3nuverndarregluger\u00f0arinnar (GDPR). Sk\u00fdrar pers\u00f3nuuppl\u00fdsingar h\u00f6funda eru a\u00f0eins haf\u00f0ar innanh\u00fass og eru ekki afhentar \u00feri\u00f0ja a\u00f0ila.<\/p><p>\u00c1 vefs\u00ed\u00f0unni birtist a\u00f0eins birtingarnafn samkv\u00e6mt \u00fev\u00ed nafnleyndarstigi sem sami\u00f0 var um vi\u00f0 h\u00f6fundinn (fullt nafn, fornafn og upphafsstafur, hlutverksheiti eins og \u201eskyggn einstaklingur&#8220; e\u00f0a \u201ef\u00ednger\u00f0 manneskja&#8220;, e\u00f0a fullkomlega nafnlaust). Vali\u00f0 stig er s\u00fdnilegt \u00ed fr\u00e1s\u00f6gninni sj\u00e1lfri.<\/p><p>S\u00e9rhvert sam\u00feykki m\u00e1 afturkalla hven\u00e6r sem er (7. gr. 3. mgr. GDPR). Vi\u00f0 afturk\u00f6llun fjarl\u00e6gjum vi\u00f0 f\u00e6rsluna innan t\u00edu virkra daga. N\u00e1kv\u00e6ma pers\u00f3nuverndarlega umfj\u00f6llun er a\u00f0 finna \u00ed <a href=\"https:\/\/iwell-guard.com\/is\/?page_id=168723\">pers\u00f3nuverndarstefnu<\/a> okkar; fyrirspurnir um a\u00f0gang a\u00f0 \u00fe\u00ednum vistu\u00f0u g\u00f6gnum sendist \u00e1 \u00fea\u00f0 netfang sem tilgreint er \u00ed <a href=\"https:\/\/iwell-guard.com\/is\/?page_id=168722\">kennit\u00f6lus\u00ed\u00f0unni<\/a>.<\/p><\/div><div><h3>Hva\u00f0 reynslus\u00f6gur eru ekki<\/h3><p data-nosnippet=\"true\">Reynslus\u00f6gur \u00e1 iWell Guard eru ekki v\u00edsindalegar virkniranns\u00f3knir, ekki l\u00e6knisfr\u00e6\u00f0ileg heilsulofor\u00f0 og engin trygging fyrir pers\u00f3nulegri upplifun. \u00de\u00e6r eru pers\u00f3nulegar skynjanir einstakra manneskja sem hafa sam\u00feykkt birtingu athugana sinna. A\u00f0rir notendur geta upplifa\u00f0 anna\u00f0; \u00fea\u00f0 er a\u00f0fer\u00f0afr\u00e6\u00f0ilega e\u00f0lilegt og ekki m\u00f3tsagnakennt.<\/p><p data-nosnippet=\"true\">Af l\u00f6gfr\u00e6\u00f0ilegum \u00e1st\u00e6\u00f0um bendum vi\u00f0 einnig \u00e1: reynslus\u00f6gur koma ekki \u00ed sta\u00f0inn fyrir l\u00e6knisfr\u00e6\u00f0ilega, s\u00e1lfr\u00e6\u00f0ilega e\u00f0a l\u00f6gfr\u00e6\u00f0ilega r\u00e1\u00f0gj\u00f6f. \u00deeir sem eiga vi\u00f0 heilsufarsleg einkenni e\u00f0a br\u00e1\u00f0ar kreppur a\u00f0 str\u00ed\u00f0a \u00e6ttu a\u00f0 leita til faga\u00f0ila. iWell Guard er verndarsvi\u00f0shlutur, ekki l\u00e6kningat\u00e6ki \u00ed skilningi laga um l\u00e6kningat\u00e6ki. Fullkomna l\u00f6gfr\u00e6\u00f0ilega umfj\u00f6llun er a\u00f0 finna \u00e1 s\u00ed\u00f0unni <a href=\"https:\/\/iwell-guard.com\/is\/?page_id=168875\">L\u00f6gfr\u00e6\u00f0ilegar uppl\u00fdsingar<\/a>.<\/p><\/div>\t\t\t\t\t\t\t\t<\/div>\n\t\t\t\t\t<\/div>\n\t\t\t\t<\/div>\n\t\t\t\t\t<\/div>\n\t\t\t\t<\/div>\n\t\t<div class=\"elementor-element elementor-element-x404-s2 e-con-boxed e-flex e-con e-parent\" data-id=\"x404-s2\" data-element_type=\"container\" data-e-type=\"container\">\n\t\t\t\t\t<div class=\"e-con-inner\">\n\t\t\t\t<div class=\"elementor-element elementor-element-x404-h2 elementor-widget elementor-widget-heading\" data-id=\"x404-h2\" data-element_type=\"widget\" data-e-type=\"widget\" data-widget_type=\"heading.default\">\n\t\t\t\t\t<h2 class=\"elementor-heading-title elementor-size-default\">Raddir skyggnra einstaklinga<\/h2>\t\t\t\t<\/div>\n\t\t<div class=\"elementor-element elementor-element-x404-s2-bw e-flex e-con-boxed e-con e-parent\" data-id=\"x404-s2-bw\" data-element_type=\"container\" data-e-type=\"container\" data-settings=\"{&quot;background_background&quot;:&quot;classic&quot;}\">\n\t\t\t\t\t<div class=\"e-con-inner\">\n\t\t\t\t<div class=\"elementor-element elementor-element-x404-t2 elementor-widget elementor-widget-text-editor\" data-id=\"x404-t2\" data-element_type=\"widget\" data-e-type=\"widget\" data-widget_type=\"text-editor.default\">\n\t\t\t\t\t\t\t\t\t<p>\u00dej\u00e1lfa\u00f0ir mi\u00f0lar, sem vinna me\u00f0 hinu heimska uppl\u00fdsingasvi\u00f0i, og me\u00f0fer\u00f0ara\u00f0ilar greina h\u00e9r fr\u00e1 reynslu sinni og notkun sinni af verndargripnum. \u00deessar skr\u00e1\u00f0u raddir eru samt\u00edmavitnisbur\u00f0ir einstaklinga, en fr\u00e1sagnir \u00feeirra eru pers\u00f3nulegar og fela ekki \u00ed s\u00e9r v\u00edsindalega sta\u00f0festingu, \u00fe\u00f3tt \u00fe\u00e6r megi skr\u00e1 innan ramma eigindlegra ranns\u00f3knara\u00f0fer\u00f0a.<\/p>\t\t\t\t\t\t\t\t<\/div>\n\t\t\t\t\t<\/div>\n\t\t\t\t<\/div>\n\t\t\t\t\t<\/div>\n\t\t\t\t<\/div>\n\t\t<div class=\"elementor-element elementor-element-x404-s3 e-con-boxed e-flex e-con e-parent\" data-id=\"x404-s3\" data-element_type=\"container\" data-e-type=\"container\">\n\t\t\t\t\t<div class=\"e-con-inner\">\n\t\t\t\t<div class=\"elementor-element elementor-element-x404-h3 elementor-widget elementor-widget-heading\" data-id=\"x404-h3\" data-element_type=\"widget\" data-e-type=\"widget\" data-widget_type=\"heading.default\">\n\t\t\t\t\t<h2 class=\"elementor-heading-title elementor-size-default\">Raddir n\u00e6mra einstaklinga<\/h2>\t\t\t\t<\/div>\n\t\t<div class=\"elementor-element elementor-element-x404-s3-bw e-flex e-con-boxed e-con e-parent\" data-id=\"x404-s3-bw\" data-element_type=\"container\" data-e-type=\"container\" data-settings=\"{&quot;background_background&quot;:&quot;classic&quot;}\">\n\t\t\t\t\t<div class=\"e-con-inner\">\n\t\t\t\t<div class=\"elementor-element elementor-element-x404-t3 elementor-widget elementor-widget-text-editor\" data-id=\"x404-t3\" data-element_type=\"widget\" data-e-type=\"widget\" data-widget_type=\"text-editor.default\">\n\t\t\t\t\t\t\t\t\t<p>F\u00f3lk sem er orkulega ofurn\u00e6mt e\u00f0a s\u00e9rstaklega m\u00f3tt\u00e6kilegt fyrir umhverfi s\u00ednu deilir h\u00e9r reynslu sinni.<\/p><h3>Nafnlaust, n\u00e6mur einstaklingur \u00b7 Notkunart\u00edmi: 3 vikur<\/h3><p>&#8222;Fr\u00e1 \u00fev\u00ed \u00e9g f\u00f3r a\u00f0 bera hengi\u00f0 hefur \u00fer\u00fdstingurinn \u00ed h\u00f6f\u00f0inu vi\u00f0 langa skj\u00e1t\u00edma minnka\u00f0 verulega. Engin augl\u00fdsing, einfaldlega m\u00edn reynsla.&#8220;<\/p>\n\n<div class=\"iwg-experiences-grid\">\n <article class=\"iwg-experience-card\">\n <blockquote>\u00c9g finn fyrir alveg umlykjandi verndarskildi, eins konar hj\u00fap. Eina tengingin sem kemst \u00ed gegn er fr\u00e1 k\u00f3r\u00f3nunni til mi\u00f0s\u00f3larins (frumuppsprettunnar) og fr\u00e1 r\u00f3tarorkumi\u00f0junni til jar\u00f0armi\u00f0ju (Gaiu) sem jar\u00f0tenging. A\u00f0skotaorka er algj\u00f6rlega \u00fatiloku\u00f0. Ekkert <span class=\"iwg-fachbegriff\" data-tooltip=\"\u00datbreidd hugmynd um a\u00f0 \u00f6fundsj\u00fakt augnar\u00e1\u00f0 annars manns geti valdi\u00f0 ska\u00f0a.\" tabindex=\"0\">illt auga<\/span> e\u00f0a \u00f6nnur sv\u00f6rt <span class=\"iwg-fachbegriff\" data-tooltip=\"Athafnir sem reyna a\u00f0 hafa \u00e1hrif \u00e1 gang hlutanna me\u00f0 s\u00e9rst\u00f6kum verkum e\u00f0a form\u00falum.\" tabindex=\"0\">galdur<\/span> kemst \u00ed gegn. \u00c9g finn fyrir \u00f6flugum orkuhring. Hann virkar allt ni\u00f0ur \u00e1 7. stjarnneter\u00edska svi\u00f0i\u00f0. Andar og dj\u00f6flar komast a\u00f0eins upp \u00e1 6. svi\u00f0i\u00f0.<\/blockquote>\n <cite>Holger G. Seehausen Altmark<\/cite>\n <\/article>\n <article class=\"iwg-experience-card\">\n <blockquote>\u00c9g fann hvernig eitthva\u00f0 \u00feyrla\u00f0ist \u00fat \u00far hjartaorkumi\u00f0junni. \u00c9g fann \u00fea\u00f0 \u00ed h\u00f6f\u00f0inu og t\u00f6nnunum, eins konar sog eins og \u00ed p\u00fdram\u00edda. \u00dea\u00f0 dr\u00f3 sig upp \u00ed h\u00f6fu\u00f0i\u00f0, sem hreinsa\u00f0ist, f\u00f3r svo ni\u00f0ur alveg \u00ed f\u00e6turna. \u00c9g fann fyrir tengingu b\u00e6\u00f0i ni\u00f0ur og upp.<\/blockquote>\n <cite>Sabine v. L. fr\u00e1 L.<\/cite>\n <\/article>\n <article class=\"iwg-experience-card\">\n <blockquote>\u00c1\u00f0ur voru \u201e\u00e1r\u00e1sir&#8220; n\u00e1l\u00e6gt hjartanu, \u00ed gegnum her\u00f0abla\u00f0i\u00f0 og inn \u00ed brj\u00f3sti\u00f0. \u00deyngsli \u00ed brj\u00f3sti. Eftir a\u00f0 hengi\u00f0 var sett \u00e1 st\u00f6\u00f0vu\u00f0ust \u00e1r\u00e1sirnar. Fyrstu n\u00f3ttina var svefninn \u00f3reglulegur og erfitt a\u00f0 sofna vegna skyndilega meiri orku. \u00c1 morgnana engar \u00e1r\u00e1sir um n\u00f3ttina, meiri orka, frj\u00e1lsari <span class=\"iwg-fachbegriff\" data-tooltip=\"L\u00edkamslaus vera sem talin er hafa \u00e1hrif \u00ed heiminum.\" tabindex=\"0\">andi<\/span>.<\/blockquote>\n <cite>Silvia R. fr\u00e1 N.<\/cite>\n <\/article>\n <article class=\"iwg-experience-card\">\n <blockquote>\u00cd fyrstu vikunni virtist allt sem \u00e1\u00f0ur haf\u00f0i gerst af \u00e1r\u00e1sum endurtaka sig, en \u00e1n neikv\u00e6\u00f0ra \u00e1hrifa. Svo hvarf \u00fea\u00f0. Tilfinningin um a\u00f0 vera skotinn \u00ed gegn, \u00fer\u00fdstingurinn \u00e1 hjarta\u00f0, var \u00fe\u00f3 \u00e1n \u00f3tta og beinna verkja. Eftir \u00fea\u00f0 var allt horfi\u00f0 og allt virtist l\u00e9ttara. H\u00f6fu\u00f0i\u00f0 er frj\u00e1lsara. Fr\u00e1 \u00fev\u00ed hengi\u00f0 var sett \u00e1 hafa engar svartgaldurs\u00e1r\u00e1sir or\u00f0i\u00f0.<\/blockquote>\n <cite>Rosemarie I. fr\u00e1 G.<\/cite>\n <\/article>\n <article class=\"iwg-experience-card\">\n <blockquote>\u00c9g finn fyrir verndarhj\u00fap umhverfis mig. Hjarta\u00f0 og enni\u00f0 brug\u00f0ust fyrst vi\u00f0. Ekkert er lengur svona dramat\u00edskt eins og \u00e1\u00f0ur hj\u00e1 m\u00e9r. \u00c9g er sk\u00fdrt afm\u00f6rku\u00f0. \u00c9g f\u00e6 ekki lengur martra\u00f0ir. K\u00f6tturinn minn svaf alltaf vi\u00f0 h\u00f6fu\u00f0i\u00f0 mitt \u00ed r\u00faminu. Fr\u00e1 \u00fev\u00ed \u00e9g f\u00e9kk hengi\u00f0 sefur h\u00fan \u00ed k\u00f6rfunni sinni. H\u00fan \u00fearf ekki lengur a\u00f0 vernda mig.<\/blockquote>\n <cite>Anja fr\u00e1 F.<\/cite>\n <\/article>\n<\/div>\n<aside class=\"iwg-experiences-disclaimer\">\n <strong>Pers\u00f3nuleg upplifun.<\/strong> Fr\u00e1sagnirnar h\u00e9r eru einstaklingsbundin upplifun einstakra notenda. \u00de\u00e6r eru ekki heilunarlofor\u00f0, ekki v\u00edsindaleg sta\u00f0festing \u00e1 verkun og ekki trygging fyrir samb\u00e6rilegri upplifun annarra. iWell Guard er ekki l\u00e6kningat\u00e6ki og kemur ekki \u00ed sta\u00f0 l\u00e6knis- e\u00f0a s\u00e1lfr\u00e6\u00f0ime\u00f0fer\u00f0ar.\n<\/aside>\n\t\t\t\t\t\t\t\t<\/div>\n\t\t\t\t\t<\/div>\n\t\t\t\t<\/div>\n\t\t\t\t\t<\/div>\n\t\t\t\t<\/div>\n\t\t<div class=\"elementor-element elementor-element-x404-s4 e-con-boxed e-flex e-con e-parent\" data-id=\"x404-s4\" data-element_type=\"container\" data-e-type=\"container\">\n\t\t\t\t\t<div class=\"e-con-inner\">\n\t\t\t\t<div class=\"elementor-element elementor-element-x404-h4 elementor-widget elementor-widget-heading\" data-id=\"x404-h4\" data-element_type=\"widget\" data-e-type=\"widget\" data-widget_type=\"heading.default\">\n\t\t\t\t\t<h2 class=\"elementor-heading-title elementor-size-default\">Raddir s\u00e9rfr\u00e6\u00f0inga<\/h2>\t\t\t\t<\/div>\n\t\t<div class=\"elementor-element elementor-element-x404-s4-bw e-flex e-con-boxed e-con e-parent\" data-id=\"x404-s4-bw\" data-element_type=\"container\" data-e-type=\"container\" data-settings=\"{&quot;background_background&quot;:&quot;classic&quot;}\">\n\t\t\t\t\t<div class=\"e-con-inner\">\n\t\t\t\t<div class=\"elementor-element elementor-element-x404-t4 elementor-widget elementor-widget-text-editor\" data-id=\"x404-t4\" data-element_type=\"widget\" data-e-type=\"widget\" data-widget_type=\"text-editor.default\">\n\t\t\t\t\t\t\t\t\t<h3>Senda inn reynslus\u00f6gur<\/h3><p>Hefur \u00fe\u00fa sj\u00e1lf\/ur upplifa\u00f0 einhvers konar samskipti vi\u00f0 veru sem l\u00fdst er \u00e1 \u00feessum vef, birting anda, \u00f3\u00fatsk\u00fdranlegan draum, atvik sem \u00fe\u00fa tengir samstillingu (synkronisitet), sjamanska s\u00fdn e\u00f0a mynd sem \u00fe\u00fa hlaust \u00ed gegnum mi\u00f0lun? iwell-guard.com hefur fr\u00e1 2024 safna\u00f0 sl\u00edkum fr\u00e1s\u00f6gnum me\u00f0 kerfisbundnum h\u00e6tti til a\u00f0 skr\u00e1, samhli\u00f0a tr\u00faarfr\u00e6\u00f0ilegu og fr\u00e6\u00f0ilegu efni, vi\u00f0b\u00f3tarv\u00eddd bygg\u00f0a \u00e1 reynslu.<\/p><p>Senda m\u00e1 inn reynslus\u00f6gur \u00e1 \u00fe\u00fdsku, a\u00f0 minnsta kosti 200 or\u00f0 og a\u00f0 h\u00e1marki 3000 or\u00f0.<\/p><p>Mikilv\u00e6gt er: eins n\u00e1kv\u00e6m t\u00edmasetning og sta\u00f0setning og unnt er, l\u00fdsing \u00e1 fyrra \u00e1standi (v\u00f6ku\u00e1stand, <span class=\"iwg-fachbegriff\" tabindex=\"0\" data-tooltip=\"Breytt vitundar\u00e1stand me\u00f0 afmarka\u00f0ri athygli; \u00ed sjamanskri og mi\u00f0ilslegri i\u00f0kun oft kalla\u00f0 fram af \u00e1setningi.\">trans<\/span>, h\u00e1lfsvefn o.s.frv.), n\u00e1kv\u00e6m l\u00fdsing \u00e1 skynjun (sj\u00f3n, heyrn, tilfinning, lykt) og, eftir \u00fev\u00ed sem h\u00e6gt er, mat \u00e1 upplifuninni eftir \u00e1. Pers\u00f3nuuppl\u00fdsingum er breytt \u00ed nafnleynd ef \u00feess er \u00f3ska\u00f0; sta\u00f0festanlegar fr\u00e1sagnir (t.d. me\u00f0 \u00f3h\u00e1\u00f0um vottum e\u00f0a skjalfestum s\u00f6nnunum) eru teknar fram yfir a\u00f0rar. Sendingar fara fram \u00ed gegnum tengili\u00f0aform \u00ed f\u00f3tr\u00fdmi s\u00ed\u00f0unnar.<\/p>\t\t\t\t\t\t\t\t<\/div>\n\t\t\t\t\t<\/div>\n\t\t\t\t<\/div>\n\t\t\t\t\t<\/div>\n\t\t\t\t<\/div>\n\t\t<div class=\"elementor-element elementor-element-x404-s5 e-con-boxed e-flex e-con e-parent\" data-id=\"x404-s5\" data-element_type=\"container\" data-e-type=\"container\">\n\t\t\t\t\t<div class=\"e-con-inner\">\n\t\t\t\t<div class=\"elementor-element elementor-element-x404-h5 elementor-widget elementor-widget-heading\" data-id=\"x404-h5\" data-element_type=\"widget\" data-e-type=\"widget\" data-widget_type=\"heading.default\">\n\t\t\t\t\t<h2 class=\"elementor-heading-title elementor-size-default\">Raddir einstaklinga<\/h2>\t\t\t\t<\/div>\n\t\t<div class=\"elementor-element elementor-element-x404-s5-bw e-flex e-con-boxed e-con e-parent\" data-id=\"x404-s5-bw\" data-element_type=\"container\" data-e-type=\"container\" data-settings=\"{&quot;background_background&quot;:&quot;classic&quot;}\">\n\t\t\t\t\t<div class=\"e-con-inner\">\n\t\t\t\t<div class=\"elementor-element elementor-element-x404-t5 elementor-widget elementor-widget-text-editor\" data-id=\"x404-t5\" data-element_type=\"widget\" data-e-type=\"widget\" data-widget_type=\"text-editor.default\">\n\t\t\t\t\t\t\t\t\t<h3>Ritstj\u00f3rnarleg yfirfer\u00f0 og flokkun<\/h3><p>Innsendar fr\u00e1sagnir fara \u00ed gegnum \u00ferj\u00fa \u00ferepa ritstj\u00f3rnarferli. <strong>Fyrsta \u00ferep:<\/strong> Formleg yfirfer\u00f0, heild uppl\u00fdsinga, l\u00e1gmarkslengd, samfelld uppbygging.<\/p><p><strong>Anna\u00f0 \u00ferep:<\/strong> Efnislegt mat, hva\u00f0a veruflokki (<span class=\"iwg-fachbegriff\" data-tooltip=\"L\u00edkamslaus vera sem talin er hafa \u00e1hrif \u00ed heiminum.\" tabindex=\"0\">andi<\/span>, <span class=\"iwg-fachbegriff\" data-tooltip=\"Vera sem er d\u00fdrku\u00f0 sem gu\u00f0leg innan tr\u00faarbrag\u00f0a.\" tabindex=\"0\">gu\u00f0d\u00f3mur<\/span>, <span class=\"iwg-fachbegriff\" data-tooltip=\"Andleg vera sem talin er hafa ska\u00f0leg e\u00f0a tv\u00edbent \u00e1hrif.\" tabindex=\"0\">dj\u00f6full<\/span>, lj\u00f3svera, n\u00e1tt\u00faruandi) og hva\u00f0a menningarhef\u00f0 tilheyrir l\u00fdst fyrirb\u00e6ri fremst? H\u00e9r er einnig kanna\u00f0 hvort s\u00e1lfr\u00e6\u00f0ileg, taugafr\u00e6\u00f0ileg e\u00f0a f\u00e9lagsleg \u00fatsk\u00fdring (dvalarofskynjun, <span class=\"iwg-fachbegriff\" tabindex=\"0\" data-tooltip=\"Tilhneiging til a\u00f0 sj\u00e1 andlit e\u00f0a form \u00ed handah\u00f3fskenndum \u00e1reitum (sk\u00fdjum, skuggum).\">pareidol\u00eda<\/span>, samf\u00e9lagsleg m\u00f3tun) s\u00e9 l\u00edklegri en veruleg tilvist.<\/p><p><strong>\u00deri\u00f0ja \u00ferep:<\/strong> Samanbur\u00f0ur, passar fr\u00e1s\u00f6gnin vi\u00f0 skipulagslega svipa\u00f0ar fr\u00e1sagnir \u00far \u00f6\u00f0rum menningarheimum e\u00f0a s\u00f6guskei\u00f0um? Vi\u00f0 fylgjum \u00feeirri meginreglu: fyrirb\u00e6rafr\u00e6\u00f0i \u00e1 undan tilverufr\u00e6\u00f0i.<\/p><p>\u00dea\u00f0 \u00fe\u00fd\u00f0ir: vi\u00f0 skr\u00e1um hvernig eitthva\u00f0 var upplifa\u00f0, \u00e1n \u00feess a\u00f0 taka nau\u00f0synlega afst\u00f6\u00f0u til \u00feess hva\u00f0 \u00fea\u00f0 \u201evar \u00ed raun&#8220;. Reynslus\u00f6gurnar birtast \u00ed nafnleynd \u00ed s\u00e9rst\u00f6kum flokki og eru tengdar samsvarandi \u00edtars\u00ed\u00f0um vera sem krosstilv\u00edsun.<\/p>\t\t\t\t\t\t\t\t<\/div>\n\t\t\t\t\t<\/div>\n\t\t\t\t<\/div>\n\t\t\t\t\t<\/div>\n\t\t\t\t<\/div>\n\t\t<div class=\"elementor-element elementor-element-x404-s6 e-con-boxed e-flex e-con e-parent\" data-id=\"x404-s6\" data-element_type=\"container\" data-e-type=\"container\">\n\t\t\t\t\t<div class=\"e-con-inner\">\n\t\t\t\t<div class=\"elementor-element elementor-element-x404-h6 elementor-widget elementor-widget-heading\" data-id=\"x404-h6\" data-element_type=\"widget\" data-e-type=\"widget\" data-widget_type=\"heading.default\">\n\t\t\t\t\t<h2 class=\"elementor-heading-title elementor-size-default\">Senda inn eigin fr\u00e1s\u00f6gn<\/h2>\t\t\t\t<\/div>\n\t\t<div class=\"elementor-element elementor-element-x404-s6-bw e-flex e-con-boxed e-con e-parent\" data-id=\"x404-s6-bw\" data-element_type=\"container\" data-e-type=\"container\" data-settings=\"{&quot;background_background&quot;:&quot;classic&quot;}\">\n\t\t\t\t\t<div class=\"e-con-inner\">\n\t\t\t\t<div class=\"elementor-element elementor-element-x404-t6 elementor-widget elementor-widget-text-editor\" data-id=\"x404-t6\" data-element_type=\"widget\" data-e-type=\"widget\" data-widget_type=\"text-editor.default\">\n\t\t\t\t\t\t\t\t\t<p>Ef \u00fe\u00fa notar hengi\u00f0 og vilt deila fr\u00e1s\u00f6gn \u00feinni h\u00e9r, nota\u00f0u vinsamlegast <a href=\"https:\/\/iwell-guard.com\/is\/?page_id=168731\">tengili\u00f0aformi\u00f0<\/a> okkar. Vi\u00f0 viljum vera gagns\u00e6: \u00fe\u00fa sta\u00f0festir sam\u00feykki fyrir birtingu me\u00f0 sk\u00fdrum h\u00e6tti, \u00e1kve\u00f0ur sj\u00e1lf\/ur hva\u00f0a nafnleyndarstig er nota\u00f0 og getur afturkalla\u00f0 sam\u00feykki\u00f0 hven\u00e6r sem er.<\/p><p>\u00dea\u00f0 sem vi\u00f0 \u00f3skum eftir:<\/p><ul><li>Sk\u00fdrt samhengi (hversu lengi, \u00ed hva\u00f0a a\u00f0st\u00e6\u00f0um)<\/li><li>Eigin upplifun \u00e1n lofor\u00f0a um l\u00e6kningu fyrir a\u00f0ra<\/li><li>Undirskrift e\u00f0a sta\u00f0festing \u00e1 fullu nafni \u00ed t\u00f6lvup\u00f3sti (vi\u00f0 birtum a\u00f0eins birtingarnafni\u00f0)<\/li><li>Uppl\u00fdsingar um hva\u00f0a tegund h\u00f6fundar \u00fe\u00fa telst (mi\u00f0ill, vi\u00f0kv\u00e6m manneskja, s\u00e9rfr\u00e6\u00f0ingur, einkaa\u00f0ili)<\/li><\/ul>\t\t\t\t\t\t\t\t<\/div>\n\t\t\t\t\t<\/div>\n\t\t\t\t<\/div>\n\t\t\t\t\t<\/div>\n\t\t\t\t<\/div>\n\t\t<div class=\"elementor-element elementor-element-x404-s7 e-con-boxed e-flex e-con e-parent\" data-id=\"x404-s7\" data-element_type=\"container\" data-e-type=\"container\">\n\t\t\t\t\t<div class=\"e-con-inner\">\n\t\t\t\t<div class=\"elementor-element elementor-element-x404-h7 elementor-widget elementor-widget-heading\" data-id=\"x404-h7\" data-element_type=\"widget\" data-e-type=\"widget\" data-widget_type=\"heading.default\">\n\t\t\t\t\t<h2 class=\"elementor-heading-title elementor-size-default\">Fyrirvari<\/h2>\t\t\t\t<\/div>\n\t\t<div class=\"elementor-element elementor-element-x404-s7-bw e-flex e-con-boxed e-con e-parent\" data-id=\"x404-s7-bw\" data-element_type=\"container\" data-e-type=\"container\" data-settings=\"{&quot;background_background&quot;:&quot;classic&quot;}\">\n\t\t\t\t\t<div class=\"e-con-inner\">\n\t\t\t\t<div class=\"elementor-element elementor-element-x404-t7 elementor-widget elementor-widget-text-editor\" data-id=\"x404-t7\" data-element_type=\"widget\" data-e-type=\"widget\" data-widget_type=\"text-editor.default\">\n\t\t\t\t\t\t\t\t\t<footer class=\"iwg-literatur\"><p data-nosnippet=\"true\"><em>Fr\u00e1sagnir eru pers\u00f3nulegar, hlutl\u00e6gar yfirl\u00fdsingar einstakra notenda. \u00de\u00e6r eru ekki v\u00edsindalegar sannanir, engin lofor\u00f0 um l\u00e6kningu og engin trygging fyrir upplifun einstaklinga. Allar fr\u00e1sagnir sem h\u00e9r birtast eru gefnar \u00fat me\u00f0 sam\u00feykki h\u00f6funda.<\/em><\/p><p><em>N\u00e1nar um vinnua\u00f0fer\u00f0 okkar vi\u00f0 fr\u00e1sagnir: <a href=\"https:\/\/iwell-guard.com\/is\/?page_id=168680#benutzerkommentare\">\/methodik\/#benutzerkommentare<\/a><\/em><\/p><h3>A\u00f0fer\u00f0afr\u00e6\u00f0ileg flokkun fr\u00e1sagna<\/h3><p>Vi\u00f0 flokkum fr\u00e1sagnirnar eftir einfaldri skiptingu: \u00dej\u00e1lfa\u00f0ir mi\u00f0lar eru einstaklingar me\u00f0 skjalfesta reynslu og \u00fej\u00e1lfun \u00ed mi\u00f0ilsstarfsemi, fr\u00e1sagnir \u00feeirra eru a\u00f0 jafna\u00f0i a\u00f0fer\u00f0afr\u00e6\u00f0ilega \u00edgrunda\u00f0ar og me\u00f0 \u00e1kve\u00f0num pr\u00f3funara\u00f0fer\u00f0um.<\/p><p>Vi\u00f0kv\u00e6mar manneskjur eru orkulega ofurn\u00e6mar, \u00e1n formlegrar \u00fej\u00e1lfunar, fr\u00e1sagnir \u00feeirra endurspegla hlutl\u00e6ga upplifun \u00e1n a\u00f0fer\u00f0afr\u00e6\u00f0ilegra krafna. S\u00e9rfr\u00e6\u00f0ingar eru heilsur\u00e1\u00f0gjafar, me\u00f0fer\u00f0ara\u00f0ilar og orkuvinnuf\u00f3lk sem starfa me\u00f0 hengi\u00f0 \u00ed fagumhverfi. Einkaa\u00f0ilar eru a\u00f0 lokum notendur \u00e1n mi\u00f0ilslegs e\u00f0a faglegs bakgrunns.<\/p><h3>Hva\u00f0 vi\u00f0 fullyr\u00f0um ekki<\/h3><p>Me\u00f0 fr\u00e1s\u00f6gnunum fullyr\u00f0um vi\u00f0 ekkert um virkni \u00ed n\u00e1tt\u00faruv\u00edsindalegum skilningi. Fr\u00e1sagnirnar eru hlutl\u00e6g upplifun einstakra manneskja; \u00fe\u00e6r eru ekki d\u00e6miger\u00f0ar, ekki endurgeranlegar og ekki kl\u00edn\u00edskt sta\u00f0festar.<\/p><p>Hvort upplifanirnar sem l\u00fdst er byggjast \u00e1 raunverulegri orkulegri virkni, lyfleysu\u00e1hrifum, sta\u00f0festandi skynjunarvali e\u00f0a samspili \u00feessara \u00fe\u00e1tta er v\u00edsindalegt og s\u00e1lfr\u00e6\u00f0ilegt ranns\u00f3knarefni sem vi\u00f0 t\u00f6kum ekki afst\u00f6\u00f0u til h\u00e9r.<\/p><h3>Til hvers vi\u00f0 birtum fr\u00e1sagnirnar \u00fer\u00e1tt fyrir \u00feetta<\/h3><p>Fr\u00e1sagnirnar hafa heimildargildi. \u00de\u00e6r s\u00fdna fj\u00f6lbreytileika notkunara\u00f0st\u00e6\u00f0na, gefa \u00f6\u00f0rum notendum samanbur\u00f0arefni og eru hluti af \u00fer\u00f3un \u00edgrunda\u00f0rar hef\u00f0ar \u00ed notkun.<\/p><p>Vefs\u00ed\u00f0a um hl\u00edf\u00f0arhengi sem inniheldi a\u00f0eins fr\u00e6\u00f0ilegar \u00fatsk\u00fdringar \u00e1n notkunarfr\u00e1sagna v\u00e6ri \u00f3fullkomin. Vi\u00f0 viljum gefa notkunarupplifunum \u00feann sess sem \u00feeim ber, \u00e1n \u00feess a\u00f0 t\u00falka \u00fe\u00e6r umfram \u00fea\u00f0 sem \u00fe\u00e6r eru.<\/p><h3>Pers\u00f3nuvernd og sam\u00feykki<\/h3><p>Allar birtar fr\u00e1sagnir innihalda a\u00f0eins uppl\u00fdsingar sem vi\u00f0 hafa fengi\u00f0 sk\u00fdrt sam\u00feykki vi\u00f0komandi einstaklings fyrir. N\u00f6fn einstaklinga eru a\u00f0eins birt \u00ed fullri mynd me\u00f0 s\u00e9rst\u00f6ku leyfi; annars notum vi\u00f0 skammst\u00f6fun fornafns e\u00f0a nafnlausar tilv\u00edsanir.<\/p><p>Faglegur bakgrunnur og sv\u00e6\u00f0isbundnar uppl\u00fdsingar eru a\u00f0eins nefndar \u00feegar \u00fe\u00e6r eru vi\u00f0eigandi fyrir mat \u00e1 fr\u00e1s\u00f6gninni og me\u00f0 sam\u00feykki vi\u00f0komandi. Fr\u00e1sagnir m\u00e1 fjarl\u00e6gja hven\u00e6r sem er samkv\u00e6mt bei\u00f0ni; engin skylda er til a\u00f0 vi\u00f0halda fr\u00e1s\u00f6gn sem \u00e1\u00f0ur hefur veri\u00f0 gefin.<\/p><div data-nosnippet=\"true\" class=\"iwg-litliste\"><p><strong>Grunnb\u00f3kmenntir (samanbur\u00f0ar<span class=\"iwg-fachbegriff\" data-tooltip=\"Fr\u00e6\u00f0igreinin sem rannsakar tr\u00faarbr\u00f6g\u00f0 me\u00f0 samanbur\u00f0i og \u00e1n tr\u00faarlegrar skuldbindingar.\" tabindex=\"0\">tr\u00faarbrag\u00f0afr\u00e6\u00f0i<\/span>):<\/strong><\/p><ul><li><span data-nosnippet><strong>Hanegraaff, Wouter J. (Ed.)<\/strong>: <em>Dictionary of <span class=\"iwg-fachbegriff\" data-tooltip=\"Tr\u00faarleg hreyfing fr\u00e1 s\u00ed\u00f0forn\u00f6ld sem kenndi hj\u00e1lpr\u00e6\u00f0i me\u00f0 s\u00e9rstakri heilsuvitneskju.\" tabindex=\"0\">Gnosis<\/span> and Western Esotericism. Brill, Leiden 2005.<\/em><\/span><\/li><li><span data-nosnippet><strong>Smith, Jonathan Z.<\/strong>: <em>Map Is Not Territory. Studies in the History of Religions. Brill, Leiden 1978.<\/em><\/span><\/li><\/ul><\/div><\/footer>\n<p class=\"iwg-bib-more\"><span data-nosnippet>Fleiri grunnrit \u00ed <a href=\"https:\/\/iwell-guard.com\/is\/?page_id=168730\">heimildaskr\u00e1nni<\/a>.<\/span><\/p>\t\t\t\t\t\t\t\t<\/div>\n\t\t\t\t\t<\/div>\n\t\t\t\t<\/div>\n\t\t\t\t\t<\/div>\n\t\t\t\t<\/div>\n\t\t\t\t<\/div>\n\t\t","protected":false},"excerpt":{"rendered":"","protected":false},"author":3,"featured_media":3412,"parent":0,"menu_order":0,"comment_status":"closed","ping_status":"closed","template":"elementor_header_footer","meta":{"_yoast_wpseo_focuskw":"Reynslus\u00f6gur um verndargripinn","_yoast_wpseo_title":"Reynslus\u00f6gur og raddir \u00far framkv\u00e6md","_yoast_wpseo_metadesc":"Reynslus\u00f6gur mennta\u00f0ra skyggnra einstaklinga og f\u00ednger\u00f0ra manneskja af iWell Guard. Sk\u00fdrt a\u00f0fer\u00f0afr\u00e6\u00f0ilega sta\u00f0sett og sett \u00ed samhengi.","_yoast_wpseo_meta-robots-noindex":"","_yoast_wpseo_canonical":"","_angie_page":false,"gefaehrdungsstufe":"","wesen_kultur":"","wesen_klasse":"","footnotes":""},"categories":[],"class_list":["post-168682","page","type-page","status-publish","has-post-thumbnail","hentry"],"yoast_head":"<!-- This site is optimized with the Yoast SEO Premium plugin v27.7 (Yoast SEO v28.3) - https:\/\/yoast.com\/product\/yoast-seo-premium-wordpress\/ -->\n<title>Reynslus\u00f6gur og raddir \u00far framkv\u00e6md<\/title>\n<meta name=\"description\" content=\"Reynslus\u00f6gur mennta\u00f0ra skyggnra einstaklinga og f\u00ednger\u00f0ra manneskja af iWell Guard. Sk\u00fdrt a\u00f0fer\u00f0afr\u00e6\u00f0ilega sta\u00f0sett og sett \u00ed samhengi.\" \/>\n<meta name=\"robots\" content=\"index, follow, max-snippet:-1, max-image-preview:large, max-video-preview:-1\" \/>\n<link rel=\"canonical\" href=\"https:\/\/iwell-guard.com\/is\/reynslusogur-og-raddir\/\" \/>\n<meta property=\"og:locale\" content=\"is_IS\" \/>\n<meta property=\"og:type\" content=\"article\" \/>\n<meta property=\"og:title\" content=\"Reynslus\u00f6gur og raddir\" \/>\n<meta property=\"og:description\" content=\"Reynslus\u00f6gur mennta\u00f0ra skyggnra einstaklinga og f\u00ednger\u00f0ra manneskja af iWell Guard. Sk\u00fdrt a\u00f0fer\u00f0afr\u00e6\u00f0ilega sta\u00f0sett og sett \u00ed samhengi.\" \/>\n<meta property=\"og:url\" content=\"https:\/\/iwell-guard.com\/is\/reynslusogur-og-raddir\/\" \/>\n<meta property=\"og:site_name\" content=\"iWell Guard\" \/>\n<meta property=\"article:modified_time\" content=\"2026-09-05T14:16:46+00:00\" \/>\n<meta property=\"og:image\" content=\"https:\/\/iwell-guard.com\/wp-content\/uploads\/2026\/05\/service_erfahrungen.webp\" \/>\n\t<meta property=\"og:image:width\" content=\"1024\" \/>\n\t<meta property=\"og:image:height\" content=\"1536\" \/>\n\t<meta property=\"og:image:type\" content=\"image\/webp\" \/>\n<meta name=\"twitter:card\" content=\"summary_large_image\" \/>\n<script type=\"application\/ld+json\" class=\"yoast-schema-graph\">{\"@context\":\"https:\\\/\\\/schema.org\",\"@graph\":[{\"@type\":\"WebPage\",\"@id\":\"https:\\\/\\\/iwell-guard.com\\\/is\\\/reynslusogur-og-raddir\\\/\",\"url\":\"https:\\\/\\\/iwell-guard.com\\\/is\\\/reynslusogur-og-raddir\\\/\",\"name\":\"Reynslus\u00f6gur og raddir \u00far framkv\u00e6md\",\"isPartOf\":{\"@id\":\"https:\\\/\\\/iwell-guard.com\\\/is\\\/#website\"},\"primaryImageOfPage\":{\"@id\":\"https:\\\/\\\/iwell-guard.com\\\/is\\\/reynslusogur-og-raddir\\\/#primaryimage\"},\"image\":{\"@id\":\"https:\\\/\\\/iwell-guard.com\\\/is\\\/reynslusogur-og-raddir\\\/#primaryimage\"},\"thumbnailUrl\":\"https:\\\/\\\/iwell-guard.com\\\/wp-content\\\/uploads\\\/2026\\\/05\\\/service_erfahrungen.webp\",\"datePublished\":\"2026-09-05T14:02:08+00:00\",\"dateModified\":\"2026-09-05T14:16:46+00:00\",\"description\":\"Reynslus\u00f6gur mennta\u00f0ra skyggnra einstaklinga og f\u00ednger\u00f0ra manneskja af iWell Guard. Sk\u00fdrt a\u00f0fer\u00f0afr\u00e6\u00f0ilega sta\u00f0sett og sett \u00ed samhengi.\",\"breadcrumb\":{\"@id\":\"https:\\\/\\\/iwell-guard.com\\\/is\\\/reynslusogur-og-raddir\\\/#breadcrumb\"},\"inLanguage\":\"is\",\"potentialAction\":[{\"@type\":\"ReadAction\",\"target\":[\"https:\\\/\\\/iwell-guard.com\\\/is\\\/reynslusogur-og-raddir\\\/\"]}]},{\"@type\":\"ImageObject\",\"inLanguage\":\"is\",\"@id\":\"https:\\\/\\\/iwell-guard.com\\\/is\\\/reynslusogur-og-raddir\\\/#primaryimage\",\"url\":\"https:\\\/\\\/iwell-guard.com\\\/wp-content\\\/uploads\\\/2026\\\/05\\\/service_erfahrungen.webp\",\"contentUrl\":\"https:\\\/\\\/iwell-guard.com\\\/wp-content\\\/uploads\\\/2026\\\/05\\\/service_erfahrungen.webp\",\"width\":1024,\"height\":1536,\"caption\":\"Myndskreytt framsetning.\"},{\"@type\":\"BreadcrumbList\",\"@id\":\"https:\\\/\\\/iwell-guard.com\\\/is\\\/reynslusogur-og-raddir\\\/#breadcrumb\",\"itemListElement\":[{\"@type\":\"ListItem\",\"position\":1,\"name\":\"Start\",\"item\":\"https:\\\/\\\/iwell-guard.com\\\/is\\\/?page_id=168580\"},{\"@type\":\"ListItem\",\"position\":2,\"name\":\"Reynslus\u00f6gur og raddir\"}]},{\"@type\":\"WebSite\",\"@id\":\"https:\\\/\\\/iwell-guard.com\\\/is\\\/#website\",\"url\":\"https:\\\/\\\/iwell-guard.com\\\/is\\\/\",\"name\":\"iWell Guard\",\"description\":\"Schutz vor dunklen Einfl\u00fcssen\",\"publisher\":{\"@id\":\"https:\\\/\\\/iwell-guard.com\\\/is\\\/#organization\"},\"potentialAction\":[{\"@type\":\"SearchAction\",\"target\":{\"@type\":\"EntryPoint\",\"urlTemplate\":\"https:\\\/\\\/iwell-guard.com\\\/is\\\/?s={search_term_string}\"},\"query-input\":{\"@type\":\"PropertyValueSpecification\",\"valueRequired\":true,\"valueName\":\"search_term_string\"}}],\"inLanguage\":\"is\"},{\"@type\":\"Organization\",\"@id\":\"https:\\\/\\\/iwell-guard.com\\\/is\\\/#organization\",\"name\":\"Ittermann electronic GmbH\",\"url\":\"https:\\\/\\\/iwell-guard.com\\\/is\\\/\",\"logo\":{\"@type\":\"ImageObject\",\"inLanguage\":\"is\",\"@id\":\"https:\\\/\\\/iwell-guard.com\\\/is\\\/#\\\/schema\\\/logo\\\/image\\\/\",\"url\":\"https:\\\/\\\/iwell-guard.com\\\/wp-content\\\/uploads\\\/2026\\\/05\\\/Ittermann-Logo-1182x237-1.png\",\"contentUrl\":\"https:\\\/\\\/iwell-guard.com\\\/wp-content\\\/uploads\\\/2026\\\/05\\\/Ittermann-Logo-1182x237-1.png\",\"width\":1182,\"height\":237,\"caption\":\"Ittermann electronic GmbH\"},\"image\":{\"@id\":\"https:\\\/\\\/iwell-guard.com\\\/is\\\/#\\\/schema\\\/logo\\\/image\\\/\"},\"sameAs\":[\"https:\\\/\\\/pantip.com\\\/profile\\\/9367242\",\"https:\\\/\\\/micro.blog\\\/iwellguard\",\"https:\\\/\\\/www.diggerslist.com\\\/iwellguard\\\/about\",\"https:\\\/\\\/skitterphoto.com\\\/photographers\\\/2870314\\\/iwell-guard\",\"https:\\\/\\\/iwellguard.wordpress.com\\\/2026\\\/06\\\/06\\\/iwell-guard\\\/\",\"https:\\\/\\\/hub.docker.com\\\/u\\\/iwellguard\",\"https:\\\/\\\/www.pinterest.com\\\/iwellguard\\\/\",\"https:\\\/\\\/bit.ly\\\/m\\\/iwellguard\",\"https:\\\/\\\/entre-vos-mains.alsace.eu\\\/profiles\\\/iwellguard\\\/activity\",\"https:\\\/\\\/gravatar.com\\\/reallybeded8fd34\",\"https:\\\/\\\/naijamatta.com\\\/iwellguard\",\"https:\\\/\\\/www.goodreads.com\\\/iwellguard\",\"https:\\\/\\\/profile.hatena.ne.jp\\\/iwellguard\\\/\",\"https:\\\/\\\/experiment.com\\\/users\\\/iwellguard\",\"https:\\\/\\\/wakelet.com\\\/@iWellGuard82270\",\"https:\\\/\\\/www.chordie.com\\\/forum\\\/profile.php?id=2555664\",\"https:\\\/\\\/www.instapaper.com\\\/p\\\/17757966\",\"https:\\\/\\\/www.mapleprimes.com\\\/users\\\/iwellguard\",\"https:\\\/\\\/businesslistingplus.com\\\/profile\\\/iwell-guard\\\/\",\"https:\\\/\\\/telegra.ph\\\/iWell-Guard-06-06\",\"https:\\\/\\\/pbase.com\\\/iwellguard\\\/iwellguard\",\"https:\\\/\\\/b.hatena.ne.jp\\\/iwellguard\\\/20260607#bookmark-4788405196491818882\",\"https:\\\/\\\/fliphtml5.com\\\/home\\\/iwellguard\",\"https:\\\/\\\/anyflip.com\\\/homepage\\\/cmiwl#About\",\"https:\\\/\\\/transfur.com\\\/Users\\\/iwellguard\",\"http:\\\/\\\/delphi.larsbo.org\\\/user\\\/iwellguard\",\"https:\\\/\\\/jobs.lajobsportal.org\\\/profiles\\\/8380803-iwell-guard\",\"https:\\\/\\\/md.chaosdorf.de\\\/s\\\/jfbe5SBdJD\",\"https:\\\/\\\/www.lingvolive.com\\\/en-us\\\/profile\\\/9ecaeaca-ce11-4e51-9e71-01d55e2bff36\\\/translations\",\"https:\\\/\\\/www.fitday.com\\\/fitness\\\/forums\\\/members\\\/iwellguard.html\",\"https:\\\/\\\/www.mymeetbook.com\\\/iwellguard\",\"https:\\\/\\\/pxhere.com\\\/en\\\/photographer-me\\\/5040798\",\"https:\\\/\\\/disqus.com\\\/by\\\/iwellguard\\\/about\\\/\",\"https:\\\/\\\/pastelink.net\\\/hjwciqwq\",\"https:\\\/\\\/pubhtml5.com\\\/homepage\\\/scjhn\\\/\",\"https:\\\/\\\/www.bitchute.com\\\/channel\\\/2O2eOKzNqujT\",\"https:\\\/\\\/audiomack.com\\\/iwellguard\"]}]}<\/script>\n<!-- \/ Yoast SEO Premium plugin. -->","yoast_head_json":{"title":"Reynslus\u00f6gur og raddir \u00far framkv\u00e6md","description":"Reynslus\u00f6gur mennta\u00f0ra skyggnra einstaklinga og f\u00ednger\u00f0ra manneskja af iWell Guard. Sk\u00fdrt a\u00f0fer\u00f0afr\u00e6\u00f0ilega sta\u00f0sett og sett \u00ed samhengi.","robots":{"index":"index","follow":"follow","max-snippet":"max-snippet:-1","max-image-preview":"max-image-preview:large","max-video-preview":"max-video-preview:-1"},"canonical":"https:\/\/iwell-guard.com\/is\/reynslusogur-og-raddir\/","og_locale":"is_IS","og_type":"article","og_title":"Reynslus\u00f6gur og raddir","og_description":"Reynslus\u00f6gur mennta\u00f0ra skyggnra einstaklinga og f\u00ednger\u00f0ra manneskja af iWell Guard. Sk\u00fdrt a\u00f0fer\u00f0afr\u00e6\u00f0ilega sta\u00f0sett og sett \u00ed samhengi.","og_url":"https:\/\/iwell-guard.com\/is\/reynslusogur-og-raddir\/","og_site_name":"iWell Guard","article_modified_time":"2026-09-05T14:16:46+00:00","og_image":[{"width":1024,"height":1536,"url":"https:\/\/iwell-guard.com\/wp-content\/uploads\/2026\/05\/service_erfahrungen.webp","type":"image\/webp"}],"twitter_card":"summary_large_image","schema":{"@context":"https:\/\/schema.org","@graph":[{"@type":"WebPage","@id":"https:\/\/iwell-guard.com\/is\/reynslusogur-og-raddir\/","url":"https:\/\/iwell-guard.com\/is\/reynslusogur-og-raddir\/","name":"Reynslus\u00f6gur og raddir \u00far framkv\u00e6md","isPartOf":{"@id":"https:\/\/iwell-guard.com\/is\/#website"},"primaryImageOfPage":{"@id":"https:\/\/iwell-guard.com\/is\/reynslusogur-og-raddir\/#primaryimage"},"image":{"@id":"https:\/\/iwell-guard.com\/is\/reynslusogur-og-raddir\/#primaryimage"},"thumbnailUrl":"https:\/\/iwell-guard.com\/wp-content\/uploads\/2026\/05\/service_erfahrungen.webp","datePublished":"2026-09-05T14:02:08+00:00","dateModified":"2026-09-05T14:16:46+00:00","description":"Reynslus\u00f6gur mennta\u00f0ra skyggnra einstaklinga og f\u00ednger\u00f0ra manneskja af iWell Guard. Sk\u00fdrt a\u00f0fer\u00f0afr\u00e6\u00f0ilega sta\u00f0sett og sett \u00ed samhengi.","breadcrumb":{"@id":"https:\/\/iwell-guard.com\/is\/reynslusogur-og-raddir\/#breadcrumb"},"inLanguage":"is","potentialAction":[{"@type":"ReadAction","target":["https:\/\/iwell-guard.com\/is\/reynslusogur-og-raddir\/"]}]},{"@type":"ImageObject","inLanguage":"is","@id":"https:\/\/iwell-guard.com\/is\/reynslusogur-og-raddir\/#primaryimage","url":"https:\/\/iwell-guard.com\/wp-content\/uploads\/2026\/05\/service_erfahrungen.webp","contentUrl":"https:\/\/iwell-guard.com\/wp-content\/uploads\/2026\/05\/service_erfahrungen.webp","width":1024,"height":1536,"caption":"Myndskreytt framsetning."},{"@type":"BreadcrumbList","@id":"https:\/\/iwell-guard.com\/is\/reynslusogur-og-raddir\/#breadcrumb","itemListElement":[{"@type":"ListItem","position":1,"name":"Start","item":"https:\/\/iwell-guard.com\/is\/?page_id=168580"},{"@type":"ListItem","position":2,"name":"Reynslus\u00f6gur og raddir"}]},{"@type":"WebSite","@id":"https:\/\/iwell-guard.com\/is\/#website","url":"https:\/\/iwell-guard.com\/is\/","name":"iWell Guard","description":"Schutz vor dunklen Einfl\u00fcssen","publisher":{"@id":"https:\/\/iwell-guard.com\/is\/#organization"},"potentialAction":[{"@type":"SearchAction","target":{"@type":"EntryPoint","urlTemplate":"https:\/\/iwell-guard.com\/is\/?s={search_term_string}"},"query-input":{"@type":"PropertyValueSpecification","valueRequired":true,"valueName":"search_term_string"}}],"inLanguage":"is"},{"@type":"Organization","@id":"https:\/\/iwell-guard.com\/is\/#organization","name":"Ittermann electronic GmbH","url":"https:\/\/iwell-guard.com\/is\/","logo":{"@type":"ImageObject","inLanguage":"is","@id":"https:\/\/iwell-guard.com\/is\/#\/schema\/logo\/image\/","url":"https:\/\/iwell-guard.com\/wp-content\/uploads\/2026\/05\/Ittermann-Logo-1182x237-1.png","contentUrl":"https:\/\/iwell-guard.com\/wp-content\/uploads\/2026\/05\/Ittermann-Logo-1182x237-1.png","width":1182,"height":237,"caption":"Ittermann electronic GmbH"},"image":{"@id":"https:\/\/iwell-guard.com\/is\/#\/schema\/logo\/image\/"},"sameAs":["https:\/\/pantip.com\/profile\/9367242","https:\/\/micro.blog\/iwellguard","https:\/\/www.diggerslist.com\/iwellguard\/about","https:\/\/skitterphoto.com\/photographers\/2870314\/iwell-guard","https:\/\/iwellguard.wordpress.com\/2026\/06\/06\/iwell-guard\/","https:\/\/hub.docker.com\/u\/iwellguard","https:\/\/www.pinterest.com\/iwellguard\/","https:\/\/bit.ly\/m\/iwellguard","https:\/\/entre-vos-mains.alsace.eu\/profiles\/iwellguard\/activity","https:\/\/gravatar.com\/reallybeded8fd34","https:\/\/naijamatta.com\/iwellguard","https:\/\/www.goodreads.com\/iwellguard","https:\/\/profile.hatena.ne.jp\/iwellguard\/","https:\/\/experiment.com\/users\/iwellguard","https:\/\/wakelet.com\/@iWellGuard82270","https:\/\/www.chordie.com\/forum\/profile.php?id=2555664","https:\/\/www.instapaper.com\/p\/17757966","https:\/\/www.mapleprimes.com\/users\/iwellguard","https:\/\/businesslistingplus.com\/profile\/iwell-guard\/","https:\/\/telegra.ph\/iWell-Guard-06-06","https:\/\/pbase.com\/iwellguard\/iwellguard","https:\/\/b.hatena.ne.jp\/iwellguard\/20260607#bookmark-4788405196491818882","https:\/\/fliphtml5.com\/home\/iwellguard","https:\/\/anyflip.com\/homepage\/cmiwl#About","https:\/\/transfur.com\/Users\/iwellguard","http:\/\/delphi.larsbo.org\/user\/iwellguard","https:\/\/jobs.lajobsportal.org\/profiles\/8380803-iwell-guard","https:\/\/md.chaosdorf.de\/s\/jfbe5SBdJD","https:\/\/www.lingvolive.com\/en-us\/profile\/9ecaeaca-ce11-4e51-9e71-01d55e2bff36\/translations","https:\/\/www.fitday.com\/fitness\/forums\/members\/iwellguard.html","https:\/\/www.mymeetbook.com\/iwellguard","https:\/\/pxhere.com\/en\/photographer-me\/5040798","https:\/\/disqus.com\/by\/iwellguard\/about\/","https:\/\/pastelink.net\/hjwciqwq","https:\/\/pubhtml5.com\/homepage\/scjhn\/","https:\/\/www.bitchute.com\/channel\/2O2eOKzNqujT","https:\/\/audiomack.com\/iwellguard"]}]}},"_links":{"self":[{"href":"https:\/\/iwell-guard.com\/is\/wp-json\/wp\/v2\/pages\/168682","targetHints":{"allow":["GET"]}}],"collection":[{"href":"https:\/\/iwell-guard.com\/is\/wp-json\/wp\/v2\/pages"}],"about":[{"href":"https:\/\/iwell-guard.com\/is\/wp-json\/wp\/v2\/types\/page"}],"author":[{"embeddable":true,"href":"https:\/\/iwell-guard.com\/is\/wp-json\/wp\/v2\/users\/3"}],"replies":[{"embeddable":true,"href":"https:\/\/iwell-guard.com\/is\/wp-json\/wp\/v2\/comments?post=168682"}],"version-history":[{"count":0,"href":"https:\/\/iwell-guard.com\/is\/wp-json\/wp\/v2\/pages\/168682\/revisions"}],"wp:featuredmedia":[{"embeddable":true,"href":"https:\/\/iwell-guard.com\/is\/wp-json\/wp\/v2\/media\/3412"}],"wp:attachment":[{"href":"https:\/\/iwell-guard.com\/is\/wp-json\/wp\/v2\/media?parent=168682"}],"wp:term":[{"taxonomy":"category","embeddable":true,"href":"https:\/\/iwell-guard.com\/is\/wp-json\/wp\/v2\/categories?post=168682"}],"curies":[{"name":"wp","href":"https:\/\/api.w.org\/{rel}","templated":true}]}}