{"id":168680,"date":"2026-09-05T14:02:07","date_gmt":"2026-09-05T14:02:07","guid":{"rendered":"https:\/\/iwell-guard.com\/?page_id=168680"},"modified":"2026-09-05T14:16:43","modified_gmt":"2026-09-05T14:16:43","slug":"adferdafraedi","status":"publish","type":"page","link":"https:\/\/iwell-guard.com\/is\/adferdafraedi\/","title":{"rendered":"A\u00f0fer\u00f0afr\u00e6\u00f0i"},"content":{"rendered":"\t\t<div data-elementor-type=\"wp-page\" data-elementor-id=\"168680\" class=\"elementor elementor-168680 elementor-1793 elementor-bc-flex-widget\" data-elementor-post-type=\"page\">\n\t\t\t\t<div class=\"elementor-element elementor-element-k-hero-rebuilt-method iwg-kultur-hero e-flex e-con-boxed e-con e-parent\" data-id=\"k-hero-rebuilt-method\" data-element_type=\"container\" data-e-type=\"container\">\n\t\t\t\t\t<div class=\"e-con-inner\">\n\t\t<div class=\"elementor-element elementor-element-khleft-method iwg-kultur-hero-left e-flex e-con-boxed e-con e-parent\" data-id=\"khleft-method\" data-element_type=\"container\" data-e-type=\"container\">\n\t\t\t\t\t<div class=\"e-con-inner\">\n\t\t\t\t<div class=\"elementor-element elementor-element-k-h1-method elementor-widget elementor-widget-heading\" data-id=\"k-h1-method\" data-element_type=\"widget\" data-e-type=\"widget\" data-widget_type=\"heading.default\">\n\t\t\t\t\t<h1 class=\"elementor-heading-title elementor-size-default\">A\u00f0fer\u00f0afr\u00e6\u00f0i mi\u00f0ilslegrar i\u00f0kunar &#8211; heimildir og pr&uuml;fun<\/h1>\t\t\t\t<\/div>\n\t\t<div class=\"elementor-element elementor-element-aj11-hero-lead-method e-con-full e-flex e-con e-parent\" data-id=\"aj11-hero-lead-method\" data-element_type=\"container\" data-e-type=\"container\">\n\t\t\t\t<div class=\"elementor-element elementor-element-k-lead-method elementor-widget elementor-widget-text-editor\" data-id=\"k-lead-method\" data-element_type=\"widget\" data-e-type=\"widget\" data-widget_type=\"text-editor.default\">\n\t\t\t\t\t\t\t\t\t<p><em><strong>A\u00f0fer\u00f0afr\u00e6\u00f0in<\/strong> \u00e1 iWell Guard sameinar v\u00edsindalegar heimildir og <strong>mi\u00f0ilslegar uppl\u00fdsingar<\/strong>. Vi\u00f0 merkjum s\u00e9rstaklega hverja fullyr\u00f0ingu, heimildavinna, mi\u00f0ilsleg pr\u00f3fun \u00ed hinu kosm\u00edska uppl\u00fdsingasvi\u00f0i og upplifunars\u00f6gur eru sk\u00fdrt a\u00f0skilin.<\/em><\/p><p><strong>Mi\u00f0ilsleg sj\u00fakd\u00f3msgreining<\/strong> myndar a\u00f0fer\u00f0afr\u00e6\u00f0ilegan grunn iWell Guard-starfsins, h\u00fan gerir kleift a\u00f0 n\u00e1lgast uppl\u00fdsingar sem eru handan hins skynjanlega heims og b\u00e6tir vi\u00f0 n\u00e1tt\u00faruv\u00edsindalegar ni\u00f0urst\u00f6\u00f0ur sj\u00e1lfst\u00e6\u00f0u, skipulega \u00e1rei\u00f0anlegu gagnastigi.<\/p>\t\t\t\t\t\t\t\t<\/div>\n\t\t\t\t<\/div>\n\t\t<div class=\"elementor-element elementor-element-aj11-hero-toc-method e-con-full e-flex e-con e-parent\" data-id=\"aj11-hero-toc-method\" data-element_type=\"container\" data-e-type=\"container\">\n\t\t\t\t<div class=\"elementor-element elementor-element-k-toc-method elementor-widget elementor-widget-text-editor\" data-id=\"k-toc-method\" data-element_type=\"widget\" data-e-type=\"widget\" data-widget_type=\"text-editor.default\">\n\t\t\t\t\t\t\t\t\t<p><strong>Efni \u00feessarar s\u00ed\u00f0u:<\/strong><\/p><ul><li><a href=\"#h21777543115\">Mi\u00f0ilslegar uppl\u00fdsingar og merking heimilda<\/a><\/li><li><a href=\"#x404-h0\">1. Inngangur<\/a><\/li><li><a href=\"#x404-h1\">2. Hva\u00f0 vi\u00f0 skiljum me\u00f0 &#8222;kosm\u00edskt uppl\u00fdsingasvi\u00f0&#8220;<\/a><\/li><li><a href=\"#x404-h2\">3. Pr&uuml;fun \u00ed hinu kosm\u00edska uppl\u00fdsingasvi\u00f0i<\/a><\/li><li><a href=\"#x404-h3\">4. Mi\u00f0ilslegar uppl\u00fdsingar \u00far andaheiminum<\/a><\/li><li><a href=\"#x404-h4\">5. Tv\u00e6r fyrirvarayfirl\u00fdsingarnar<\/a><\/li><li><a href=\"#x404-h5\">6. Hvers vegna vi\u00f0 gerum \u00feetta<\/a><\/li><li><a href=\"#x404-h6\">7. Vi\u00f0br\u00f6g\u00f0<\/a><\/li><\/ul>\t\t\t\t\t\t\t\t<\/div>\n\t\t\t\t<\/div>\n\t\t\t\t\t<\/div>\n\t\t\t\t<\/div>\n\t\t<div class=\"elementor-element elementor-element-khrght-method iwg-kultur-hero-right e-flex e-con-boxed e-con e-parent\" data-id=\"khrght-method\" data-element_type=\"container\" data-e-type=\"container\">\n\t\t\t\t\t<div class=\"e-con-inner\">\n\t\t\t\t<div class=\"elementor-element elementor-element-k-img-method elementor-widget elementor-widget-image\" data-id=\"k-img-method\" data-element_type=\"widget\" data-e-type=\"widget\" data-widget_type=\"image.default\">\n\t\t\t\t\t\t\t\t\t\t\t\t\t\t\t<img fetchpriority=\"high\" decoding=\"async\" width=\"683\" height=\"1024\" src=\"https:\/\/iwell-guard.com\/wp-content\/uploads\/2026\/05\/themen_methodik-683x1024.webp\" class=\"attachment-large size-large wp-image-170901\" alt=\"Kyrrumynd af skrifbor\u00f0i me\u00f0 b\u00f3kum, st\u00e6kkunargleri, skriffj\u00f6\u00f0ur og heimildarkorti\" srcset=\"https:\/\/iwell-guard.com\/wp-content\/uploads\/2026\/05\/themen_methodik-683x1024.webp 683w, https:\/\/iwell-guard.com\/wp-content\/uploads\/2026\/05\/themen_methodik-200x300.webp 200w, https:\/\/iwell-guard.com\/wp-content\/uploads\/2026\/05\/themen_methodik-768x1152.webp 768w, https:\/\/iwell-guard.com\/wp-content\/uploads\/2026\/05\/themen_methodik.webp 1024w\" sizes=\"(max-width: 683px) 100vw, 683px\" \/>\t\t\t\t\t\t\t\t\t\t\t\t\t\t\t<\/div>\n\t\t\t\t\t<\/div>\n\t\t\t\t<\/div>\n\t\t\t\t\t<\/div>\n\t\t\t\t<\/div>\n\t\t<div class=\"elementor-element elementor-element-clstrsec1777543115 e-con-boxed e-flex e-con e-parent\" data-id=\"clstrsec1777543115\" data-element_type=\"container\" data-e-type=\"container\">\n\t\t\t\t\t<div class=\"e-con-inner\">\n\t\t\t\t<div class=\"elementor-element elementor-element-h21777543115 elementor-widget elementor-widget-heading\" data-id=\"h21777543115\" data-element_type=\"widget\" data-e-type=\"widget\" data-widget_type=\"heading.default\">\n\t\t\t\t\t<h2 class=\"elementor-heading-title elementor-size-default\">Mi\u00f0ilslegar uppl\u00fdsingar og merking heimilda<\/h2>\t\t\t\t<\/div>\n\t\t<div class=\"elementor-element elementor-element-aj11-inner-b674b0 e-con-full e-flex e-con e-parent\" data-id=\"aj11-inner-b674b0\" data-element_type=\"container\" data-e-type=\"container\">\n\t\t\t\t<div class=\"elementor-element elementor-element-txt1777543115 elementor-widget elementor-widget-text-editor\" data-id=\"txt1777543115\" data-element_type=\"widget\" data-e-type=\"widget\" data-widget_type=\"text-editor.default\">\n\t\t\t\t\t\t\t\t\t\n<p>\u00deessi a\u00f0fer\u00f0afr\u00e6\u00f0i sameinar \u00ferj\u00e1r tegundir heimilda: v\u00edsindalega texta, <strong>mi\u00f0ilslegar uppl\u00fdsingar<\/strong> \u00far hinu kosm\u00edska uppl\u00fdsingasvi\u00f0i og pers\u00f3nulegar upplifunars\u00f6gur. Hver \u00feessara heimilda er merkt greinilega \u00e1 \u00edtarlegum undirs\u00ed\u00f0um, vi\u00f0 bl\u00f6ndum \u00feeim ekki saman.<\/p><p>Mi\u00f0ilslegar uppl\u00fdsingar eru fullyr\u00f0ingar sem vi\u00f0 f\u00e1um me\u00f0 orkumi\u00f0a\u00f0ri pr\u00f3fun \u00ed hinu kosm\u00edska uppl\u00fdsingasvi\u00f0i. \u00de\u00e6r eru ekki v\u00edsindalega sta\u00f0festar heldur hluti af sj\u00e1lfst\u00e6\u00f0ri \u00feekkingarlei\u00f0.<\/p><p><strong>Merking heimilda<\/strong> \u00e1 hverri \u00edtarlegri s\u00ed\u00f0u s\u00fdnir hva\u00f0an fullyr\u00f0ing kemur, v\u00edsindalega (Burkert, Toynbee o.s.frv.), mi\u00f0ilslega (pr\u00f3fun \u00ed hinu kosm\u00edska uppl\u00fdsingasvi\u00f0i) e\u00f0a bygg\u00f0 \u00e1 upplifun.<\/p>\t\t\t\t\t\t\t\t<\/div>\n\t\t\t\t<\/div>\n\t\t\t\t\t<\/div>\n\t\t\t\t<\/div>\n\t\t<div class=\"elementor-element elementor-element-x404-s0 e-con-boxed e-flex e-con e-parent\" data-id=\"x404-s0\" data-element_type=\"container\" data-e-type=\"container\">\n\t\t\t\t\t<div class=\"e-con-inner\">\n\t\t\t\t<div class=\"elementor-element elementor-element-x404-h0 elementor-widget elementor-widget-heading\" data-id=\"x404-h0\" data-element_type=\"widget\" data-e-type=\"widget\" data-widget_type=\"heading.default\">\n\t\t\t\t\t<h2 class=\"elementor-heading-title elementor-size-default\">Inngangur<\/h2>\t\t\t\t<\/div>\n\t\t<div class=\"elementor-element elementor-element-aj11-inner-d1ca6c e-con-full e-flex e-con e-parent\" data-id=\"aj11-inner-d1ca6c\" data-element_type=\"container\" data-e-type=\"container\">\n\t\t\t\t<div class=\"elementor-element elementor-element-x404-t0 elementor-widget elementor-widget-text-editor\" data-id=\"x404-t0\" data-element_type=\"widget\" data-e-type=\"widget\" data-widget_type=\"text-editor.default\">\n\t\t\t\t\t\t\t\t\t<p>\u00deessi s\u00ed\u00f0a \u00fatsk\u00fdrir hvernig vi\u00f0 \u00e1 iwell-guard.com fj\u00f6llum um tv\u00e6r s\u00e9rstakar uppl\u00fdsingauppsprettur: <strong>pr\u00f3fun \u00ed hinu kosm\u00edska uppl\u00fdsingasvi\u00f0i<\/strong> og mi\u00f0ilslegar uppl\u00fdsingar \u00far andaheiminum.<\/p><p>B\u00e6\u00f0i eru mikilv\u00e6g fyrir vinnu okkar, b\u00e6\u00f0i eru s\u00e9rstaklega ekki v\u00edsindalega sta\u00f0festanleg &#8211; og \u00fev\u00ed eru \u00feau \u00e1 s\u00ed\u00f0um okkar sk\u00fdrt merkt og haldi\u00f0 a\u00f0skildum fr\u00e1 s\u00f6guritunarlegum og tr\u00faarbrag\u00f0afr\u00e6\u00f0ilegum heimildum.<\/p><p>\u00c1st\u00e6\u00f0an fyrir \u00feessum a\u00f0skilna\u00f0i er einf\u00f6ld: Vi\u00f0 viljum ekki blekkja lesendur okkar. \u00deeir sem leita uppl\u00fdsinga h\u00e9r eiga a\u00f0 geta s\u00e9\u00f0 \u00ed flj\u00f3tu brag\u00f0i \u00e1 hva\u00f0a \u00feekkingargrunni fullyr\u00f0ing byggir.<\/p>\t\t\t\t\t\t\t\t<\/div>\n\t\t\t\t<\/div>\n\t\t\t\t\t<\/div>\n\t\t\t\t<\/div>\n\t\t<div class=\"elementor-element elementor-element-x404-s1 e-con-boxed e-flex e-con e-parent\" data-id=\"x404-s1\" data-element_type=\"container\" data-e-type=\"container\">\n\t\t\t\t\t<div class=\"e-con-inner\">\n\t\t\t\t<div class=\"elementor-element elementor-element-x404-h1 elementor-widget elementor-widget-heading\" data-id=\"x404-h1\" data-element_type=\"widget\" data-e-type=\"widget\" data-widget_type=\"heading.default\">\n\t\t\t\t\t<h2 class=\"elementor-heading-title elementor-size-default\">Hva\u00f0 vi\u00f0 skiljum me\u00f0 \"kosm\u00edskt uppl\u00fdsingasvi\u00f0\"<\/h2>\t\t\t\t<\/div>\n\t\t<div class=\"elementor-element elementor-element-aj11-inner-957345 e-con-full e-flex e-con e-parent\" data-id=\"aj11-inner-957345\" data-element_type=\"container\" data-e-type=\"container\">\n\t\t\t\t<div class=\"elementor-element elementor-element-x404-t1 elementor-widget elementor-widget-text-editor\" data-id=\"x404-t1\" data-element_type=\"widget\" data-e-type=\"widget\" data-widget_type=\"text-editor.default\">\n\t\t\t\t\t\t\t\t\t<p>\u00cd skilningi \u00feeirrar andlegu hef\u00f0ar sem \u00feessi vefs\u00ed\u00f0a byggir \u00e1 er hi\u00f0 kosm\u00edska uppl\u00fdsingasvi\u00f0 hinn sanni raunveruleiki. Efnisheimurinn okkar er \u00ed \u00feessu sj\u00f3narhorni talinn vera birtingarmynd d\u00fdpra gagnalags \u00ed vitundarsvi\u00f0inu. Verur, orkur og ferli sem eru \u00fear \u201etil sta\u00f0ar og virk&#8220; geta haft \u00e1hrif \u00e1 hi\u00f0 efnislega l\u00edf, jafnvel \u00fe\u00f3tt \u00feau s\u00e9u ekki e\u00f0lisfr\u00e6\u00f0ilega m\u00e6lanleg.<\/p><p>\u00deetta er ekki e\u00f0lisfr\u00e6\u00f0ileg kenning og ekki v\u00edsindaleg fullyr\u00f0ing. \u00deetta er innri s\u00fdn hef\u00f0ar sem hefur veri\u00f0 m\u00f3tu\u00f0 innan <span class=\"iwg-fachbegriff\" tabindex=\"0\" data-tooltip=\"Dulspekileg kenning, stofnu\u00f0 1875 af Helenu Petrovnu Blavatsky; samsl\u00e1ttur austurlenskrar visku, sp\u00edritisma og hulinshyggju.\">gu\u00f0speki<\/span>, <span class=\"iwg-fachbegriff\" tabindex=\"0\" data-tooltip=\"Grein \u00far gu\u00f0speki, \u00fer\u00f3u\u00f0 af Rudolf Steiner fr\u00e1 1912, me\u00f0 \u00e1herslu \u00e1 uppeldisfr\u00e6\u00f0i, l\u00e6knisfr\u00e6\u00f0i og kristnifr\u00e6\u00f0i.\">antr\u00f3p\u00f3s\u00f3f\u00edu<\/span>, n\u00fdaldarhreyfingar og lj\u00f3svinnu. Hvort \u00feetta sj\u00f3narhorn l\u00fdsi raunveruleikanum me\u00f0 r\u00e9ttum h\u00e6tti getur hver og einn svara\u00f0 fyrir sig. Vi\u00f0 setjum \u00fea\u00f0 fram \u00e1n \u00fatsk\u00fdringa, \u00e1n \u00feess a\u00f0 reyna a\u00f0 sanna \u00fea\u00f0 e\u00f0a draga \u00fea\u00f0 \u00ed efa.<\/p><div><h3>Tr\u00faars\u00f6gulegur bakgrunnur mi\u00f0lunarstarfsemi<\/h3><p>Mi\u00f0lunara\u00f0fer\u00f0ir, \u00fea\u00f0 er a\u00f0 segja vinna me\u00f0 skynjunarlei\u00f0ir umfram hin fimm skynf\u00e6ri, eru ekki uppfinning 19. aldar s\u00e9\u00f0 fr\u00e1 tr\u00faars\u00f6gulegu sj\u00f3narhorni, heldur eiga s\u00e9r forvera \u00ed hinni jes\u00fasku Merkava-<span class=\"iwg-fachbegriff\" data-tooltip=\"Tr\u00faarleg hreyfing me\u00f0 \u00e1herslu \u00e1 beina Gu\u00f0sreynslu.\" tabindex=\"0\">dulhyggju<\/span> (Hekhalot-b\u00f3kmenntir, 3.\u20137. \u00f6ld), \u00ed kristnum s\u00fdnab\u00f3kmenntum (Hildegard fr\u00e1 Bingen, 12. \u00f6ld; Mechthild fr\u00e1 Magdeburg, 13. \u00f6ld; Teresa fr\u00e1 \u00c1vila, 16. \u00f6ld), \u00ed \u00edsl\u00f6mskum s\u00faf\u00ed-<span class=\"iwg-fachbegriff\" data-tooltip=\"Tr\u00faarleg hreyfing me\u00f0 \u00e1herslu \u00e1 beina Gu\u00f0sreynslu.\" tabindex=\"0\">dulhyggju<\/span> (al-Ghazali, Ibn Arabi) og \u00ed sjaman\u00edskum hef\u00f0um n\u00e1nast allra frumbyggjatr\u00faarbrag\u00f0a.<\/p><p>N\u00fat\u00edma <a class=\"iwg-fachbegriff\" href=\"https:\/\/iwell-guard.com\/is\/?page_id=168892\" tabindex=\"0\" data-tooltip=\"Kenning og i\u00f0kun samskipta vi\u00f0 hina framli\u00f0nu \u00ed gegnum mi\u00f0la; upprunnin 1848 \u00ed Hydesville \u00ed Bandar\u00edkjunum, kerfisbundin af Allan Kardec.\" style=\"color:inherit;text-decoration:none\">sp\u00edritismi<\/a> fr\u00e1 Allan Kardec (<em>Le Livre des Esprits<\/em>, 1857) hefur kerfisbundi\u00f0 \u00feessar a\u00f0fer\u00f0ir og sett \u00fe\u00e6r \u00ed mannfr\u00e6\u00f0ilegt samhengi; <span class=\"iwg-fachbegriff\" tabindex=\"0\" data-tooltip=\"Dulspekileg kenning, stofnu\u00f0 1875 af Helenu Petrovnu Blavatsky; samsl\u00e1ttur austurlenskrar visku, sp\u00edritisma og hulinshyggju.\">gu\u00f0speki<\/span> (Helena Petrovna Blavatsky, fr\u00e1 1875) og <span class=\"iwg-fachbegriff\" tabindex=\"0\" data-tooltip=\"Grein \u00far gu\u00f0speki, \u00fer\u00f3u\u00f0 af Rudolf Steiner fr\u00e1 1912, me\u00f0 \u00e1herslu \u00e1 uppeldisfr\u00e6\u00f0i og kristnifr\u00e6\u00f0i.\">antr\u00f3p\u00f3s\u00f3f\u00eda<\/span> (<span class=\"iwg-fachbegriff\" tabindex=\"0\" data-tooltip=\"Austurr\u00edskur dulspekingur (1861\u20131925); stofnandi antr\u00f3p\u00f3s\u00f3f\u00edu og Waldorf-uppeldisfr\u00e6\u00f0i.\">Rudolf Steiner<\/span>, fr\u00e1 1900) hafa fellt \u00fe\u00e6r inn \u00ed evr\u00f3pska menntaumr\u00e6\u00f0u.<\/p><p><span class=\"iwg-fachbegriff\" data-tooltip=\"V\u00edsindagrein sem rannsakar tr\u00faarbr\u00f6g\u00f0 samanbur\u00f0arlega og \u00e1n tr\u00faarlegrar hlutdr\u00e6gni.\" tabindex=\"0\">Fr\u00e6\u00f0ileg tr\u00faarbrag\u00f0afr\u00e6\u00f0i<\/span> hefur v\u00edsvitandi l\u00e1ti\u00f0 \u00f3\u00fatklj\u00e1\u00f0a spurninguna um hvort mi\u00f0lunara\u00f0fer\u00f0ir opni raunveruleikann e\u00f0a skapi einungis skynjanir, og hefur einbeitt s\u00e9r a\u00f0 fyrirb\u00e6rafr\u00e6\u00f0ilegri og f\u00e9lagss\u00f6gulegri l\u00fdsingu (<span class=\"iwg-fachbegriff\" tabindex=\"0\" data-tooltip=\"R\u00famenskur tr\u00faarbrag\u00f0afr\u00e6\u00f0ingur (1907\u20131986); m\u00f3ta\u00f0i fyrirb\u00e6rafr\u00e6\u00f0ilega a\u00f0fer\u00f0 \u00ed tr\u00faarbrag\u00f0afr\u00e6\u00f0i.\">Mircea Eliade<\/span>, <em><span class=\"iwg-fachbegriff\" data-tooltip=\"Tr\u00faarlegt kerfi \u00fear sem s\u00e9rfr\u00e6\u00f0ingar hafa samskipti vi\u00f0 andaheiminn.\" tabindex=\"0\">sjamanismi<\/span><\/em>, 1951; Ioan Couliano, <em>Out of this World<\/em>, 1991; Jeffrey Kripal, <em>Authors of the Impossible<\/em>, 2010).<\/p><p>\u00deetta er einnig okkar afsta\u00f0a: Vi\u00f0 mi\u00f0lum uppl\u00fdsingum af mi\u00f0lunarlegum toga \u00e1 gagns\u00e6jan h\u00e1tt, \u00e1n \u00feess a\u00f0 gera kr\u00f6fu um sannleiksgildi e\u00f0a \u00f3sannindi.<\/p><\/div>\t\t\t\t\t\t\t\t<\/div>\n\t\t\t\t<\/div>\n\t\t\t\t\t<\/div>\n\t\t\t\t<\/div>\n\t\t<div class=\"elementor-element elementor-element-x404-s2 e-con-boxed e-flex e-con e-parent\" data-id=\"x404-s2\" data-element_type=\"container\" data-e-type=\"container\">\n\t\t\t\t\t<div class=\"e-con-inner\">\n\t\t\t\t<div class=\"elementor-element elementor-element-x404-h2 elementor-widget elementor-widget-heading\" data-id=\"x404-h2\" data-element_type=\"widget\" data-e-type=\"widget\" data-widget_type=\"heading.default\">\n\t\t\t\t\t<h2 class=\"elementor-heading-title elementor-size-default\">Sko\u00f0un \u00e1 kosm\u00edska uppl\u00fdsingasvi\u00f0inu<\/h2>\t\t\t\t<\/div>\n\t\t<div class=\"elementor-element elementor-element-aj11-inner-0c9bd0 e-con-full e-flex e-con e-parent\" data-id=\"aj11-inner-0c9bd0\" data-element_type=\"container\" data-e-type=\"container\">\n\t\t\t\t<div class=\"elementor-element elementor-element-x404-t2 elementor-widget elementor-widget-text-editor\" data-id=\"x404-t2\" data-element_type=\"widget\" data-e-type=\"widget\" data-widget_type=\"text-editor.default\">\n\t\t\t\t\t\t\t\t\t<h3>3.1 Hva\u00f0 er \u00feetta?<\/h3><p>Pr\u00f3funin \u00ed kosm\u00edska uppl\u00fdsingasvi\u00f0inu er tv\u00edundar (b\u00ednar) tilraun um vi\u00f0n\u00e1m: Vi\u00f0 spyrjum hvort \u00e1kve\u00f0in vera, i\u00f0kun e\u00f0a orka s\u00e9 <strong>til sta\u00f0ar og virk \u00ed kosm\u00edska uppl\u00fdsingasvi\u00f0inu<\/strong>. Ni\u00f0ursta\u00f0an er flokkun \u00ed eitt af fimm stigum (sj\u00e1 3.2). \u00deessi pr\u00f3fun er afm\u00f6rku\u00f0 me\u00f0 sk\u00fdrum h\u00e6tti \u00ed a\u00f0fer\u00f0afr\u00e6\u00f0i: h\u00fan svarar j\u00e1\/nei- e\u00f0a tilhneigingar-spurningu, ekki efnislegri spurningu.<\/p><h3>3.2 Leyfileg ni\u00f0urst\u00f6\u00f0ustig<\/h3><p>Pr\u00f3funarni\u00f0ursta\u00f0a hefur n\u00e1kv\u00e6mlega eitt af \u00feessum sex gildum:<\/p><ul><li>enn \u00f3pr\u00f3fa\u00f0 &#8211; upphafssta\u00f0a allra n\u00fdstofna\u00f0ra s\u00ed\u00f0na<\/li><li>til sta\u00f0ar og virk &#8211; veran\/i\u00f0kunin er greinilega til sta\u00f0ar \u00ed kosm\u00edska uppl\u00fdsingasvi\u00f0inu<\/li><li>hneig\u00f0 til a\u00f0 vera til sta\u00f0ar &#8211; pr\u00f3funin bendir til n\u00e6rveru, \u00e1n afdr\u00e1ttarlausrar samhlj\u00f3munar<\/li><li>hneig\u00f0 til a\u00f0 vera ekki til sta\u00f0ar &#8211; pr\u00f3funin bendir til fjarveru, \u00e1n fullna\u00f0arsk\u00fdringar<\/li><li>ekki til sta\u00f0ar &#8211; greinilega ekki til sta\u00f0ar \u00ed kosm\u00edska uppl\u00fdsingasvi\u00f0inu<\/li><li>ekki pr\u00f3fanlegt &#8211; spurningin var ekki unnt a\u00f0 sk\u00fdra me\u00f0 \u00feeirri a\u00f0fer\u00f0 sem beitt var (t.d. of \u00f3lj\u00f3s, of \u00f3n\u00e1kv\u00e6m, ytri truflun)<\/li><\/ul><h3>3.3 Framkv\u00e6md<\/h3><p>Pr\u00f3fun er framkv\u00e6md af mi\u00f0li sem hefur \u00fej\u00e1lfun \u00ed vinnu me\u00f0 kosm\u00edska uppl\u00fdsingasvi\u00f0i\u00f0. Algengustu a\u00f0fer\u00f0irnar eru mi\u00f0lungs vi\u00f0n\u00e1mspr\u00f3fun, tensor- e\u00f0a sveifluspurningar og spilal\u00f6gn.<\/p><p>A\u00f0fer\u00f0in sem notu\u00f0 er, mi\u00f0illinn (me\u00f0 nafni e\u00f0a nafnleynd), dagsetning og \u00e1\u00e6tlu\u00f0 t\u00edmalengd eru skr\u00e1\u00f0 &#8211; s\u00fdnileg \u00e1 vi\u00f0komandi \u00edtars\u00ed\u00f0u og a\u00f0 auki \u00ed mi\u00f0l\u00e6gri s\u00f6gu.<\/p><p>Margar pr\u00f3fanir \u00e1 s\u00f6mu veru af mismunandi mi\u00f0lum eru skr\u00e1\u00f0ar hver fyrir sig. Fr\u00e1vik eru l\u00e1tin standa &#8211; vi\u00f0 sl\u00e9ttum ekki yfir m\u00f3tsagnir til a\u00f0 fela \u00fe\u00e6r.<\/p><h3>3.4 Hva\u00f0 pr\u00f3funin er ekki<\/h3><ul><li>Engin v\u00edsindaleg s\u00f6nnun \u00e1 tilvist veru sem pr\u00f3fu\u00f0 er.<\/li><li>Ekki sta\u00f0gengill fyrir l\u00e6knisfr\u00e6\u00f0ilega, s\u00e1lfr\u00e6\u00f0ilega e\u00f0a l\u00f6gfr\u00e6\u00f0ilega r\u00e1\u00f0gj\u00f6f.<\/li><li>Engin sp\u00e1 um einstaklingsbundna reynslu e\u00f0a \u00e1hrif.<\/li><li>Engin fullyr\u00f0ing um si\u00f0fer\u00f0ilegt e\u00f0a andlegt e\u00f0li verunnar.<\/li><\/ul><div><h3>A\u00f0fer\u00f0afr\u00e6\u00f0ileg verkf\u00e6ri \u00ed sm\u00e1atri\u00f0um<\/h3><p>Vi\u00f0n\u00e1mspr\u00f3funin \u00ed kosm\u00edska uppl\u00fdsingasvi\u00f0inu byggir \u00e1 \u00feremur sta\u00f0festum verkf\u00e6rum sem hafa veri\u00f0 skjalfest \u00ed mi\u00f0lungslegri i\u00f0kun fr\u00e1 19. \u00f6ld. <em>Sveiflaspurningin<\/em> (rad\u00edes\u00fees\u00eda) var \u00fer\u00f3u\u00f0 me\u00f0 kerfisbundnum h\u00e6tti af Abb\u00e9 Alexis Bouly, Jules Regnault og Abb\u00e9 Alexis Mermet \u00e1 1920 og 1930 \u00e1ratugunum; Christopher Bird (<em>Divining Hand<\/em>, 1979) hefur teki\u00f0 saman ranns\u00f3knars\u00f6guna.<\/p><p><em>Tensor<\/em> (e\u00f0a Bovis-tensor, kenndur vi\u00f0 Andr\u00e9 Bovis) er \u00fatg\u00e1fa af sveiflunni me\u00f0 \u00f6\u00f0rum vogarstangarb\u00fana\u00f0i. <em>K\u00ednes\u00edolog\u00edsk sj\u00e1lfspr\u00f3fun<\/em> byggir \u00e1 vi\u00f0br\u00f6g\u00f0um eigin v\u00f6\u00f0vaspennu vi\u00f0 spurningum sem lag\u00f0ar eru fram og var innleidd af George Goodheart (1964).<\/p><p>Allar \u00ferj\u00e1r a\u00f0fer\u00f0irnar virka \u00ed gegnum \u00edde\u00f3m\u00f3tor\u00edsk \u00e1hrif: H\u00f6nd mi\u00f0ilsins svarar undirvitundarlegum vi\u00f0n\u00e1msmerkjum me\u00f0 \u00f6rsm\u00e1um v\u00f6\u00f0vahreyfingum sem verkf\u00e6ri\u00f0 magnar upp.<\/p><p>Spurningin um hvort \u00feessi vi\u00f0n\u00e1m s\u00e9 a\u00f0eins spegilmynd undirvitundarins e\u00f0a t\u00e1kni samband vi\u00f0 raunverulegt uppl\u00fdsingalag ver\u00f0ur ekki afgreidd me\u00f0 a\u00f0fer\u00f0afr\u00e6\u00f0ilegum h\u00e6tti til fullnustu. Vi\u00f0 skiljum ni\u00f0urst\u00f6\u00f0una sem v\u00edsbendingu, ekki s\u00f6nnun, og fer me\u00f0 hana samkv\u00e6mt \u00fev\u00ed.<\/p><\/div>\t\t\t\t\t\t\t\t<\/div>\n\t\t\t\t<\/div>\n\t\t\t\t\t<\/div>\n\t\t\t\t<\/div>\n\t\t<div class=\"elementor-element elementor-element-x404-s3 e-con-boxed e-flex e-con e-parent\" data-id=\"x404-s3\" data-element_type=\"container\" data-e-type=\"container\">\n\t\t\t\t\t<div class=\"e-con-inner\">\n\t\t\t\t<div class=\"elementor-element elementor-element-x404-h3 elementor-widget elementor-widget-heading\" data-id=\"x404-h3\" data-element_type=\"widget\" data-e-type=\"widget\" data-widget_type=\"heading.default\">\n\t\t\t\t\t<h2 class=\"elementor-heading-title elementor-size-default\">Mi\u00f0lungslegar uppl\u00fdsingar \u00far andlega heiminum<\/h2>\t\t\t\t<\/div>\n\t\t<div class=\"elementor-element elementor-element-aj11-inner-140876 e-con-full e-flex e-con e-parent\" data-id=\"aj11-inner-140876\" data-element_type=\"container\" data-e-type=\"container\">\n\t\t\t\t<div class=\"elementor-element elementor-element-x404-t3 elementor-widget elementor-widget-text-editor\" data-id=\"x404-t3\" data-element_type=\"widget\" data-e-type=\"widget\" data-widget_type=\"text-editor.default\">\n\t\t\t\t\t\t\t\t\t<h3>4.1 Hva\u00f0 er \u00feetta?<\/h3><p>\u00c1 me\u00f0an pr\u00f3funin \u00ed kosm\u00edska uppl\u00fdsingasvi\u00f0inu svarar a\u00f0eins tv\u00edundar vi\u00f0n\u00e1msspurningu, hafa mi\u00f0lungslegar uppl\u00fdsingar a\u00f0 geyma efnislegar fullyr\u00f0ingar um veru, orku e\u00f0a atbur\u00f0. \u00deessar fullyr\u00f0ingar koma fr\u00e1 channeling, <span class=\"iwg-fachbegriff\" tabindex=\"0\" data-tooltip=\"Breytt vitundar\u00e1stand me\u00f0 \u00ferengdri athygli; \u00ed sjaman\u00edskri og mi\u00f0lungslegri i\u00f0kun kalla\u00f0 fram af \u00e1setningi.\">trans<\/span>-lotum, s\u00fdnr\u00e6nni reynslu e\u00f0a \u00f6\u00f0rum mi\u00f0lungslegum vinnuformum. \u00de\u00e6r geta b\u00e6tt vi\u00f0 sm\u00e1atri\u00f0um, \u00fatlista\u00f0 eiginleika e\u00f0a varpa\u00f0 lj\u00f3si \u00e1 samhengi sem koma ekki fram \u00ed hinum s\u00f6gulegu heimildum.<\/p><h3>4.2 Hvernig \u00feekki\u00f0 \u00fei\u00f0 mi\u00f0lungslegar uppl\u00fdsingar \u00e1 s\u00ed\u00f0um okkar?<\/h3><p>Mi\u00f0lungslegar uppl\u00fdsingar eru \u00e1 hverri \u00edtars\u00ed\u00f0u \u00ed s\u00e9rst\u00f6kum, sk\u00fdrt a\u00f0greindum kafla (bakgrunnur: lj\u00f3slila) merktum &#8222;Mi\u00f0lungsleg uppl\u00fdsing&#8220;. \u00dear undir standa mi\u00f0ill (e\u00f0a nafnleynd), dagsetning og a\u00f0fer\u00f0. \u00cd lok hvers sl\u00edks kafla finni\u00f0 \u00fei\u00f0 fyrirvarasetningu og hlekk \u00e1 \u00feessa a\u00f0fer\u00f0afr\u00e6\u00f0is\u00ed\u00f0u.<\/p><h3>4.3 Hva\u00f0 mi\u00f0lungslegar uppl\u00fdsingar eru ekki<\/h3><ul><li>Ekki v\u00edsindalega sannreynanlegar sta\u00f0reyndir.<\/li><li>Engin tr\u00faarleg kennisetning.<\/li><li>Engar lei\u00f0beiningar um \u00e1\u00fereifanlegar a\u00f0ger\u00f0ir \u00ed heilsu-, fj\u00e1rm\u00e1la- e\u00f0a l\u00f6gfr\u00e6\u00f0ilegum m\u00e1lum.<\/li><li>Engar opinberanir me\u00f0 alt\u00e6kt gildi.<\/li><\/ul><p>\u00de\u00e6r eru <strong>vi\u00f0b\u00f3tar sj\u00f3narhorn<\/strong> sem vi\u00f0 bj\u00f3\u00f0um upp \u00e1 vegna \u00feess a\u00f0 \u00fea\u00f0 er vi\u00f0eigandi fyrir vinnu \u00ed lj\u00f3svera- og iWell Guard-hef\u00f0inni.<\/p><div><h3>Mi\u00f0lungsleg uppl\u00fdsing og fr\u00e6\u00f0ileg aukaritefni<\/h3><p>Fr\u00e6\u00f0ileg umfj\u00f6llun um mi\u00f0lungslega uppl\u00fdsingu er v\u00ed\u00f0t\u00e6kari en algeng or\u00f0r\u00e6\u00f0a gefur til kynna. <span class=\"iwg-fachbegriff\" tabindex=\"0\" data-tooltip=\"Hollenskur fr\u00e6\u00f0ima\u00f0ur \u00e1 svi\u00f0i es\u00f3terisma (f. 1961); h\u00f6fu\u00f0verk New Age Religion and Western Culture (1996).\">Wouter Hanegraaff<\/span> hefur \u00ed <em>New Age Religion and Western Culture<\/em> (1996) og <em>Esotericism and the Academy<\/em> (2012) lagt fram v\u00edsindalega umgj\u00f6r\u00f0 mi\u00f0lungslegrar hef\u00f0ar.<\/p><p><span class=\"iwg-fachbegriff\" tabindex=\"0\" data-tooltip=\"Norskur fr\u00e6\u00f0ima\u00f0ur \u00e1 svi\u00f0i es\u00f3terisma (f. 1981); h\u00f6fu\u00f0verk The Problem of Disenchantment (2014).\">Egil Asprem<\/span> (<em>Arguing with Angels<\/em>, 2012) hefur rannsaka\u00f0 enok\u00edska hef\u00f0 John Dees me\u00f0 a\u00f0fer\u00f0um n\u00fat\u00edma tr\u00faarbrag\u00f0afr\u00e6\u00f0i.<\/p><p>Jeffrey Kripal (<em>Mutants and Mystics<\/em>, 2011) tengir mi\u00f0lungslega reynslu vi\u00f0 tr\u00faarbrag\u00f0as\u00f6gu bandar\u00edskrar d\u00e6gurmenningar.<\/p><p>Vi\u00f0 t\u00f6kum mi\u00f0 af \u00feessari hef\u00f0: Mi\u00f0lungsleg uppl\u00fdsing er s\u00e9rstakur heimildaflokkur sem vi\u00f0 merkjum me\u00f0 sk\u00fdrum h\u00e6tti, setjum fram samhli\u00f0a hinum s\u00f6gulegu, v\u00edsindalegu og n\u00e1tt\u00faruv\u00edsindalegu heimildum og upphefjum ekki sem algj\u00f6ra sannleiksuppsprettu.<\/p><p>\u00deeir sem vinna me\u00f0 mi\u00f0lungslega uppl\u00fdsingu \u00e6ttu a\u00f0 kynna s\u00e9r a\u00f0fer\u00f0afr\u00e6\u00f0ilega sta\u00f0la <span class=\"iwg-fachbegriff\" data-tooltip=\"Fr\u00e6\u00f0igreinin sem rannsakar tr\u00faarbr\u00f6g\u00f0 \u00e1 samanbur\u00f0arlegan h\u00e1tt og \u00e1n tr\u00faarlegrar bindingar.\" tabindex=\"0\">tr\u00faarbrag\u00f0afr\u00e6\u00f0innar<\/span> og geta sett eigin skynjun \u00ed samhengi vi\u00f0 hana. N\u00e1nari umfj\u00f6llun um \u00feetta efni er a\u00f0 finna \u00ed \u00edtarkaflanum \u00e1 <a href=\"https:\/\/iwell-guard.com\/is\/?page_id=168724\">\/kosmisches-informationsfeld\/<\/a>.<\/p><\/div>\t\t\t\t\t\t\t\t<\/div>\n\t\t\t\t<\/div>\n\t\t\t\t\t<\/div>\n\t\t\t\t<\/div>\n\t\t<div class=\"elementor-element elementor-element-x404-s4 e-con-boxed e-flex e-con e-parent\" data-id=\"x404-s4\" data-element_type=\"container\" data-e-type=\"container\">\n\t\t\t\t\t<div class=\"e-con-inner\">\n\t\t\t\t<div class=\"elementor-element elementor-element-x404-h4 elementor-widget elementor-widget-heading\" data-id=\"x404-h4\" data-element_type=\"widget\" data-e-type=\"widget\" data-widget_type=\"heading.default\">\n\t\t\t\t\t<h2 class=\"elementor-heading-title elementor-size-default\">Hinar tv\u00e6r fyrirvaraform\u00falur (or\u00f0alag)<\/h2>\t\t\t\t<\/div>\n\t\t<div class=\"elementor-element elementor-element-aj11-inner-819113 e-con-full e-flex e-con e-parent\" data-id=\"aj11-inner-819113\" data-element_type=\"container\" data-e-type=\"container\">\n\t\t\t\t<div class=\"elementor-element elementor-element-x404-t4 elementor-widget elementor-widget-text-editor\" data-id=\"x404-t4\" data-element_type=\"widget\" data-e-type=\"widget\" data-widget_type=\"text-editor.default\">\n\t\t\t\t\t\t\t\t\t<h3>5.1 Fyrirvari fyrir k\u00f6nnun \u00ed hinu kosm\u00edska uppl\u00fdsingasvi\u00f0i<\/h3><p>> \u00deessar uppl\u00fdsingar koma fr\u00e1 mi\u00f0ilslegri k\u00f6nnun \u00ed hinu kosm\u00edska uppl\u00fdsingasvi\u00f0i. \u00de\u00e6r eru ekki v\u00edsindaleg sta\u00f0festing og ekki empir\u00edsk s\u00f6nnun. Vi\u00f0 skr\u00e1um \u00fe\u00e6r \u00fev\u00ed a\u00f0 \u00fe\u00e6r eru mikilv\u00e6gar fyrir starf innan hef\u00f0ar lj\u00f3svera. Myndi\u00f0 y\u00f0ur eigin sko\u00f0un. > > Meira um a\u00f0fer\u00f0afr\u00e6\u00f0ina: \/methodik\/<\/p><p>\u00deessi setning stendur beint undir k\u00f6nnunarreitnum \u00e1 hverri kanna\u00f0ri undirs\u00ed\u00f0u, \u00ed n\u00e1kv\u00e6mlega s\u00f6mu mynd.<\/p><h3>5.2 Fyrirvari fyrir mi\u00f0ilslegar uppl\u00fdsingar<\/h3><p>> \u00deessar uppl\u00fdsingar koma fr\u00e1 uppl\u00fdsingum sem m\u00f3tteknar voru gegnum mi\u00f0ilslegar lei\u00f0ir \u00far andaheiminum. \u00de\u00e6r eru ekki v\u00edsindaleg heimild og ekki hlutl\u00e6gt sannreynanlegar. Vi\u00f0 h\u00f6ldum \u00feeim sk\u00fdrt a\u00f0greindum fr\u00e1 hinum s\u00f6guleg\u00adu og tr\u00faarbrag\u00f0afr\u00e6\u00f0ilegu heimildum, \u00fev\u00ed \u00fe\u00e6r eru af \u00f6\u00f0ru tagi \u00feekkingar. > > Meira um a\u00f0fer\u00f0afr\u00e6\u00f0ina: \/methodik\/<\/p><p>\u00deessi setning stendur \u00ed lok hvers mi\u00f0ilsuppl\u00fdsingahluta, einnig \u00ed n\u00e1kv\u00e6mlega s\u00f6mu mynd.<\/p>\t\t\t\t\t\t\t\t<\/div>\n\t\t\t\t<\/div>\n\t\t\t\t\t<\/div>\n\t\t\t\t<\/div>\n\t\t<div class=\"elementor-element elementor-element-x404-s5 e-con-boxed e-flex e-con e-parent\" data-id=\"x404-s5\" data-element_type=\"container\" data-e-type=\"container\">\n\t\t\t\t\t<div class=\"e-con-inner\">\n\t\t\t\t<div class=\"elementor-element elementor-element-x404-h5 elementor-widget elementor-widget-heading\" data-id=\"x404-h5\" data-element_type=\"widget\" data-e-type=\"widget\" data-widget_type=\"heading.default\">\n\t\t\t\t\t<h2 class=\"elementor-heading-title elementor-size-default\">Hvers vegna vi\u00f0 gerum \u00feetta<\/h2>\t\t\t\t<\/div>\n\t\t<div class=\"elementor-element elementor-element-aj11-inner-e83c87 e-con-full e-flex e-con e-parent\" data-id=\"aj11-inner-e83c87\" data-element_type=\"container\" data-e-type=\"container\">\n\t\t\t\t<div class=\"elementor-element elementor-element-x404-t5 elementor-widget elementor-widget-text-editor\" data-id=\"x404-t5\" data-element_type=\"widget\" data-e-type=\"widget\" data-widget_type=\"text-editor.default\">\n\t\t\t\t\t\t\t\t\t<p>Vefs\u00ed\u00f0an okkar \u00fej\u00f3nar markh\u00f3pi sem telur yfirn\u00e1tt\u00farulega fyrirb\u00e6ri m\u00f6guleg. \u00dei\u00f0 eru\u00f0 ekki upp \u00e1 okkur komin til a\u00f0 l\u00e6ra a\u00f0 mi\u00f0ilslegar yfirl\u00fdsingar eru af \u00f6\u00f0ru tagi en Wikipedia-greinar, \u00fei\u00f0 viti\u00f0 \u00fea\u00f0 hvort sem er.<\/p><p>\u00dea\u00f0 sem vi\u00f0 viljum tryggja er hreinleiki \u00ed framsetningu: \u00deeir sem lesa s\u00ed\u00f0ur okkar skulu \u00e1 hverjum t\u00edma vita \u00e1 hva\u00f0a grundvelli \u00feeir standa. S\u00f6guleg heimild er s\u00f6guleg heimild. V\u00edsindaleg t\u00falkun er merkt sem sl\u00edk. Es\u00f3ter\u00edsk inns\u00fdn er inns\u00fdn. Og mi\u00f0ilslegar kannanir og uppl\u00fdsingar eru mi\u00f0ilslegar kannanir og uppl\u00fdsingar.<\/p><p>\u00deetta gagns\u00e6i er okkar v\u00f6rn gegn \u00e1s\u00f6kunum um a\u00f0 vi\u00f0 s\u00e9um a\u00f0 blekkja vi\u00f0skiptavini. Og \u00fea\u00f0 er ykkar verkf\u00e6ri til a\u00f0 halda sk\u00fdrri hugsun.<\/p>\t\t\t\t\t\t\t\t<\/div>\n\t\t\t\t<\/div>\n\t\t\t\t\t<\/div>\n\t\t\t\t<\/div>\n\t\t<div class=\"elementor-element elementor-element-bbMethGrund e-flex e-con-boxed e-con e-parent\" data-id=\"bbMethGrund\" data-element_type=\"container\" data-e-type=\"container\">\n\t\t\t\t\t<div class=\"e-con-inner\">\n\t\t\t\t<div class=\"elementor-element elementor-element-bbMGH elementor-widget elementor-widget-heading\" data-id=\"bbMGH\" data-element_type=\"widget\" data-e-type=\"widget\" data-widget_type=\"heading.default\">\n\t\t\t\t\t<h2 class=\"elementor-heading-title elementor-size-default\">Fj\u00f3rar grundvallarforsendur iWell-t\u00e6kninnar<\/h2>\t\t\t\t<\/div>\n\t\t<div class=\"elementor-element elementor-element-bbMGB e-con-full e-flex e-con e-parent\" data-id=\"bbMGB\" data-element_type=\"container\" data-e-type=\"container\">\n\t\t\t\t<div class=\"elementor-element elementor-element-bbMGT elementor-widget elementor-widget-html\" data-id=\"bbMGT\" data-element_type=\"widget\" data-e-type=\"widget\" data-widget_type=\"html.default\">\n\t\t\t\t\t<p>Forsenda fyrir skilningi \u00e1 iWell-t\u00e6kninni er hugmynd um alheiminn sem n\u00e6r \u00fat fyrir hi\u00f0 hreint e\u00f0lisfr\u00e6\u00f0ilega. Fj\u00f3rar grundvallarforsendur bera a\u00f0fer\u00f0afr\u00e6\u00f0ina:<\/p><ol class=\"iwg-grundannahmen\" style=\"counter-reset:item;list-style:none;padding-left:0;margin:16px 0;\"><li style=\"display:flex;gap:18px;align-items:flex-start;padding:18px 22px;margin-bottom:14px;border:1px solid var(--e-global-color-f443515,#e6c45a);border-radius:8px;background:rgba(0,0,0,0.22);\"><span style=\"flex-shrink:0;width:42px;height:42px;border-radius:50%;background:var(--e-global-color-accent,#e6c45a);color:#1a1a1a;font-weight:700;font-size:20px;display:inline-flex;align-items:center;justify-content:center;\">1<\/span><div><strong style=\"color:var(--e-global-color-accent,#e6c45a);\">\u00dea\u00f0 er st\u00fdring \u00ed alheiminum.<\/strong><br><span style=\"font-size:14px;line-height:1.55;color:#e8e8e8;\">Allt l\u00fdtur skipulagi. \u00c1n \u00feess r\u00edkti glundro\u00f0i. Tilvist \u00feessa skipulags er fyrsta forsendan fyrir \u00f6llum frekari huglei\u00f0ingum.<\/span><\/div><\/li><li style=\"display:flex;gap:18px;align-items:flex-start;padding:18px 22px;margin-bottom:14px;border:1px solid var(--e-global-color-f443515,#e6c45a);border-radius:8px;background:rgba(0,0,0,0.22);\"><span style=\"flex-shrink:0;width:42px;height:42px;border-radius:50%;background:var(--e-global-color-accent,#e6c45a);color:#1a1a1a;font-weight:700;font-size:20px;display:inline-flex;align-items:center;justify-content:center;\">2<\/span><div><strong style=\"color:var(--e-global-color-accent,#e6c45a);\">St\u00fdringin vinnur eftir forgangsr\u00f6\u00f0un.<\/strong><br><span style=\"font-size:14px;line-height:1.55;color:#e8e8e8;\">Ferlar ganga fram \u00ed samr\u00e6mi vi\u00f0 mikilv\u00e6gi sitt, ekki samhli\u00f0a og ekki af tilviljun. \u00deeir sem leita \u00e1rangurs ver\u00f0a a\u00f0 auka forgang m\u00e1lefnis s\u00edns.<\/span><\/div><\/li><li style=\"display:flex;gap:18px;align-items:flex-start;padding:18px 22px;margin-bottom:14px;border:1px solid var(--e-global-color-f443515,#e6c45a);border-radius:8px;background:rgba(0,0,0,0.22);\"><span style=\"flex-shrink:0;width:42px;height:42px;border-radius:50%;background:var(--e-global-color-accent,#e6c45a);color:#1a1a1a;font-weight:700;font-size:20px;display:inline-flex;align-items:center;justify-content:center;\">3<\/span><div><strong style=\"color:var(--e-global-color-accent,#e6c45a);\">St\u00fdringin er ekki beint skynjanleg me\u00f0 skynf\u00e6runum.<\/strong><br><span style=\"font-size:14px;line-height:1.55;color:#e8e8e8;\">H\u00fan er ekki \u00e1 hreinu e\u00f0lisfr\u00e6\u00f0ilegu svi\u00f0i. Vi\u00f0 kallum sv\u00e6\u00f0i\u00f0 \u00fear sem h\u00fan starfar vitundarsvi\u00f0i\u00f0 e\u00f0a hi\u00f0 \u00f3efnislega uppl\u00fdsingasvi\u00f0.<\/span><\/div><\/li><li style=\"display:flex;gap:18px;align-items:flex-start;padding:18px 22px;margin-bottom:0;border:1px solid var(--e-global-color-f443515,#e6c45a);border-radius:8px;background:rgba(0,0,0,0.22);\"><span style=\"flex-shrink:0;width:42px;height:42px;border-radius:50%;background:var(--e-global-color-accent,#e6c45a);color:#1a1a1a;font-weight:700;font-size:20px;display:inline-flex;align-items:center;justify-content:center;\">4<\/span><div><strong style=\"color:var(--e-global-color-accent,#e6c45a);\">\u00dea\u00f0 eru lei\u00f0ir til a\u00f0 hafa samskipti vi\u00f0 vitundarsvi\u00f0i\u00f0.<\/strong><br><span style=\"font-size:14px;line-height:1.55;color:#e8e8e8;\">Hugr\u00e6nt, til d\u00e6mis me\u00f0 huglei\u00f0slu, t\u00e6knilega, til d\u00e6mis me\u00f0 t\u00e6kjum eins og <a href=\"https:\/\/iwell-guard.com\/is\/?page_id=168903\" style=\"color:var(--e-global-color-accent,#e6c45a);\">Kozyrev-speglinum<\/a>. iWell-t\u00e6knin n\u00fdtir t\u00e6knilegu lei\u00f0ina, samfellt og \u00e1n truflunar.<\/span><\/div><\/li><\/ol><p>\u00dar \u00feessum fj\u00f3rum forsendum \u00fer\u00f3a\u00f0ist iWell-t\u00e6knin hj\u00e1 okkur. H\u00fan er efnis- og uppl\u00fdsingaarkitekt\u00farinn sem er eing\u00f6ngu innbygg\u00f0ur \u00ed iWell Guard.<\/p>\t\t\t\t<\/div>\n\t\t\t\t<\/div>\n\t\t\t\t\t<\/div>\n\t\t\t\t<\/div>\n\t\t<div class=\"elementor-element elementor-element-x404-s6 e-con-boxed e-flex e-con e-parent\" data-id=\"x404-s6\" data-element_type=\"container\" data-e-type=\"container\">\n\t\t\t\t\t<div class=\"e-con-inner\">\n\t\t\t\t<div class=\"elementor-element elementor-element-x404-h6 elementor-widget elementor-widget-heading\" data-id=\"x404-h6\" data-element_type=\"widget\" data-e-type=\"widget\" data-widget_type=\"heading.default\">\n\t\t\t\t\t<h2 class=\"elementor-heading-title elementor-size-default\">\u00c1bending<\/h2>\t\t\t\t<\/div>\n\t\t<div class=\"elementor-element elementor-element-aj11-inner-2d0a81 e-con-full e-flex e-con e-parent\" data-id=\"aj11-inner-2d0a81\" data-element_type=\"container\" data-e-type=\"container\">\n\t\t\t\t<div class=\"elementor-element elementor-element-x404-t6 elementor-widget elementor-widget-text-editor\" data-id=\"x404-t6\" data-element_type=\"widget\" data-e-type=\"widget\" data-widget_type=\"text-editor.default\">\n\t\t\t\t\t\t\t\t\t<footer class=\"iwg-literatur\" data-nosnippet=\"true\"><p>Ef \u00fei\u00f0 hafi\u00f0 spurningar um \u00e1kve\u00f0na k\u00f6nnun e\u00f0a mi\u00f0ilslegar uppl\u00fdsingar sem eru skr\u00e1\u00f0ar \u00e1 s\u00ed\u00f0um okkar, geti\u00f0 \u00fei\u00f0 haft samband vi\u00f0 okkur \u00ed gegnum tengili\u00f0aey\u00f0ubla\u00f0i\u00f0. Vi\u00f0 t\u00f6kum \u00e1 a\u00f0fer\u00f0afr\u00e6\u00f0ilegum fyrirspurnum af s\u00f6mu gagns\u00e6i og vi\u00f0 flokkum uppl\u00fdsingarnar sj\u00e1lfar.<\/p><\/footer>\t\t\t\t\t\t\t\t<\/div>\n\t\t\t\t<\/div>\n\t\t\t\t\t<\/div>\n\t\t\t\t<\/div>\n\t\t\t\t<\/div>\n\t\t","protected":false},"excerpt":{"rendered":"","protected":false},"author":3,"featured_media":2285,"parent":0,"menu_order":0,"comment_status":"closed","ping_status":"closed","template":"elementor_header_footer","meta":{"_yoast_wpseo_focuskw":"orkumi\u00f0u\u00f0 sj\u00fakd\u00f3msgreining","_yoast_wpseo_title":"A\u00f0fer\u00f0afr\u00e6\u00f0i mi\u00f0ilslegrar i\u00f0kunar \u2013 heimildir og pr\u00f3fun","_yoast_wpseo_metadesc":"Heimildir, mi\u00f0ilsleg uppl\u00fdsingagj\u00f6f, pr\u00f3fanir \u00ed hinu kosm\u00edska uppl\u00fdsingasvi\u00f0i, upplifunars\u00f6gur: hvernig vi\u00f0 vinnum ranns\u00f3knarvinnu og merkjum hana \u00e1 iWell Guard.","_yoast_wpseo_meta-robots-noindex":"","_yoast_wpseo_canonical":"","_angie_page":false,"gefaehrdungsstufe":"","wesen_kultur":"","wesen_klasse":"","footnotes":""},"categories":[],"class_list":["post-168680","page","type-page","status-publish","has-post-thumbnail","hentry"],"yoast_head":"<!-- This site is optimized with the Yoast SEO Premium plugin v27.7 (Yoast SEO v28.3) - https:\/\/yoast.com\/product\/yoast-seo-premium-wordpress\/ -->\n<title>A\u00f0fer\u00f0afr\u00e6\u00f0i mi\u00f0ilslegrar i\u00f0kunar \u2013 heimildir og pr\u00f3fun<\/title>\n<meta name=\"description\" content=\"Heimildir, mi\u00f0ilsleg uppl\u00fdsingagj\u00f6f, pr\u00f3fanir \u00ed hinu kosm\u00edska uppl\u00fdsingasvi\u00f0i, upplifunars\u00f6gur: hvernig vi\u00f0 vinnum ranns\u00f3knarvinnu og merkjum hana \u00e1 iWell Guard.\" \/>\n<meta name=\"robots\" content=\"index, follow, max-snippet:-1, max-image-preview:large, max-video-preview:-1\" \/>\n<link rel=\"canonical\" href=\"https:\/\/iwell-guard.com\/is\/adferdafraedi\/\" \/>\n<meta property=\"og:locale\" content=\"is_IS\" \/>\n<meta property=\"og:type\" content=\"article\" \/>\n<meta property=\"og:title\" content=\"A\u00f0fer\u00f0afr\u00e6\u00f0i\" \/>\n<meta property=\"og:description\" content=\"Heimildir, mi\u00f0ilsleg uppl\u00fdsingagj\u00f6f, pr\u00f3fanir \u00ed hinu kosm\u00edska uppl\u00fdsingasvi\u00f0i, upplifunars\u00f6gur: hvernig vi\u00f0 vinnum ranns\u00f3knarvinnu og merkjum hana \u00e1 iWell Guard.\" \/>\n<meta property=\"og:url\" content=\"https:\/\/iwell-guard.com\/is\/adferdafraedi\/\" \/>\n<meta property=\"og:site_name\" content=\"iWell Guard\" \/>\n<meta property=\"article:modified_time\" content=\"2026-09-05T14:16:43+00:00\" \/>\n<meta property=\"og:image\" content=\"https:\/\/iwell-guard.com\/wp-content\/uploads\/2026\/05\/themen_methodik.webp\" \/>\n\t<meta property=\"og:image:width\" content=\"1024\" \/>\n\t<meta property=\"og:image:height\" content=\"1536\" \/>\n\t<meta property=\"og:image:type\" content=\"image\/webp\" \/>\n<meta name=\"twitter:card\" content=\"summary_large_image\" \/>\n<script type=\"application\/ld+json\" class=\"yoast-schema-graph\">{\"@context\":\"https:\\\/\\\/schema.org\",\"@graph\":[{\"@type\":\"WebPage\",\"@id\":\"https:\\\/\\\/iwell-guard.com\\\/is\\\/adferdafraedi\\\/\",\"url\":\"https:\\\/\\\/iwell-guard.com\\\/is\\\/adferdafraedi\\\/\",\"name\":\"A\u00f0fer\u00f0afr\u00e6\u00f0i mi\u00f0ilslegrar i\u00f0kunar \u2013 heimildir og pr\u00f3fun\",\"isPartOf\":{\"@id\":\"https:\\\/\\\/iwell-guard.com\\\/is\\\/#website\"},\"primaryImageOfPage\":{\"@id\":\"https:\\\/\\\/iwell-guard.com\\\/is\\\/adferdafraedi\\\/#primaryimage\"},\"image\":{\"@id\":\"https:\\\/\\\/iwell-guard.com\\\/is\\\/adferdafraedi\\\/#primaryimage\"},\"thumbnailUrl\":\"https:\\\/\\\/iwell-guard.com\\\/wp-content\\\/uploads\\\/2026\\\/05\\\/themen_methodik.webp\",\"datePublished\":\"2026-09-05T14:02:07+00:00\",\"dateModified\":\"2026-09-05T14:16:43+00:00\",\"description\":\"Heimildir, mi\u00f0ilsleg uppl\u00fdsingagj\u00f6f, pr\u00f3fanir \u00ed hinu kosm\u00edska uppl\u00fdsingasvi\u00f0i, upplifunars\u00f6gur: hvernig vi\u00f0 vinnum ranns\u00f3knarvinnu og merkjum hana \u00e1 iWell Guard.\",\"breadcrumb\":{\"@id\":\"https:\\\/\\\/iwell-guard.com\\\/is\\\/adferdafraedi\\\/#breadcrumb\"},\"inLanguage\":\"is\",\"potentialAction\":[{\"@type\":\"ReadAction\",\"target\":[\"https:\\\/\\\/iwell-guard.com\\\/is\\\/adferdafraedi\\\/\"]}]},{\"@type\":\"ImageObject\",\"inLanguage\":\"is\",\"@id\":\"https:\\\/\\\/iwell-guard.com\\\/is\\\/adferdafraedi\\\/#primaryimage\",\"url\":\"https:\\\/\\\/iwell-guard.com\\\/wp-content\\\/uploads\\\/2026\\\/05\\\/themen_methodik.webp\",\"contentUrl\":\"https:\\\/\\\/iwell-guard.com\\\/wp-content\\\/uploads\\\/2026\\\/05\\\/themen_methodik.webp\",\"width\":1024,\"height\":1536,\"caption\":\"Kyrrumynd af skrifbor\u00f0i me\u00f0 b\u00f3kum, st\u00e6kkunargleri, skriffj\u00f6\u00f0ur og heimildarkorti\"},{\"@type\":\"BreadcrumbList\",\"@id\":\"https:\\\/\\\/iwell-guard.com\\\/is\\\/adferdafraedi\\\/#breadcrumb\",\"itemListElement\":[{\"@type\":\"ListItem\",\"position\":1,\"name\":\"Start\",\"item\":\"https:\\\/\\\/iwell-guard.com\\\/is\\\/?page_id=168580\"},{\"@type\":\"ListItem\",\"position\":2,\"name\":\"A\u00f0fer\u00f0afr\u00e6\u00f0i\"}]},{\"@type\":\"WebSite\",\"@id\":\"https:\\\/\\\/iwell-guard.com\\\/is\\\/#website\",\"url\":\"https:\\\/\\\/iwell-guard.com\\\/is\\\/\",\"name\":\"iWell Guard\",\"description\":\"Schutz vor dunklen Einfl\u00fcssen\",\"publisher\":{\"@id\":\"https:\\\/\\\/iwell-guard.com\\\/is\\\/#organization\"},\"potentialAction\":[{\"@type\":\"SearchAction\",\"target\":{\"@type\":\"EntryPoint\",\"urlTemplate\":\"https:\\\/\\\/iwell-guard.com\\\/is\\\/?s={search_term_string}\"},\"query-input\":{\"@type\":\"PropertyValueSpecification\",\"valueRequired\":true,\"valueName\":\"search_term_string\"}}],\"inLanguage\":\"is\"},{\"@type\":\"Organization\",\"@id\":\"https:\\\/\\\/iwell-guard.com\\\/is\\\/#organization\",\"name\":\"Ittermann electronic GmbH\",\"url\":\"https:\\\/\\\/iwell-guard.com\\\/is\\\/\",\"logo\":{\"@type\":\"ImageObject\",\"inLanguage\":\"is\",\"@id\":\"https:\\\/\\\/iwell-guard.com\\\/is\\\/#\\\/schema\\\/logo\\\/image\\\/\",\"url\":\"https:\\\/\\\/iwell-guard.com\\\/wp-content\\\/uploads\\\/2026\\\/05\\\/Ittermann-Logo-1182x237-1.png\",\"contentUrl\":\"https:\\\/\\\/iwell-guard.com\\\/wp-content\\\/uploads\\\/2026\\\/05\\\/Ittermann-Logo-1182x237-1.png\",\"width\":1182,\"height\":237,\"caption\":\"Ittermann electronic GmbH\"},\"image\":{\"@id\":\"https:\\\/\\\/iwell-guard.com\\\/is\\\/#\\\/schema\\\/logo\\\/image\\\/\"},\"sameAs\":[\"https:\\\/\\\/pantip.com\\\/profile\\\/9367242\",\"https:\\\/\\\/micro.blog\\\/iwellguard\",\"https:\\\/\\\/www.diggerslist.com\\\/iwellguard\\\/about\",\"https:\\\/\\\/skitterphoto.com\\\/photographers\\\/2870314\\\/iwell-guard\",\"https:\\\/\\\/iwellguard.wordpress.com\\\/2026\\\/06\\\/06\\\/iwell-guard\\\/\",\"https:\\\/\\\/hub.docker.com\\\/u\\\/iwellguard\",\"https:\\\/\\\/www.pinterest.com\\\/iwellguard\\\/\",\"https:\\\/\\\/bit.ly\\\/m\\\/iwellguard\",\"https:\\\/\\\/entre-vos-mains.alsace.eu\\\/profiles\\\/iwellguard\\\/activity\",\"https:\\\/\\\/gravatar.com\\\/reallybeded8fd34\",\"https:\\\/\\\/naijamatta.com\\\/iwellguard\",\"https:\\\/\\\/www.goodreads.com\\\/iwellguard\",\"https:\\\/\\\/profile.hatena.ne.jp\\\/iwellguard\\\/\",\"https:\\\/\\\/experiment.com\\\/users\\\/iwellguard\",\"https:\\\/\\\/wakelet.com\\\/@iWellGuard82270\",\"https:\\\/\\\/www.chordie.com\\\/forum\\\/profile.php?id=2555664\",\"https:\\\/\\\/www.instapaper.com\\\/p\\\/17757966\",\"https:\\\/\\\/www.mapleprimes.com\\\/users\\\/iwellguard\",\"https:\\\/\\\/businesslistingplus.com\\\/profile\\\/iwell-guard\\\/\",\"https:\\\/\\\/telegra.ph\\\/iWell-Guard-06-06\",\"https:\\\/\\\/pbase.com\\\/iwellguard\\\/iwellguard\",\"https:\\\/\\\/b.hatena.ne.jp\\\/iwellguard\\\/20260607#bookmark-4788405196491818882\",\"https:\\\/\\\/fliphtml5.com\\\/home\\\/iwellguard\",\"https:\\\/\\\/anyflip.com\\\/homepage\\\/cmiwl#About\",\"https:\\\/\\\/transfur.com\\\/Users\\\/iwellguard\",\"http:\\\/\\\/delphi.larsbo.org\\\/user\\\/iwellguard\",\"https:\\\/\\\/jobs.lajobsportal.org\\\/profiles\\\/8380803-iwell-guard\",\"https:\\\/\\\/md.chaosdorf.de\\\/s\\\/jfbe5SBdJD\",\"https:\\\/\\\/www.lingvolive.com\\\/en-us\\\/profile\\\/9ecaeaca-ce11-4e51-9e71-01d55e2bff36\\\/translations\",\"https:\\\/\\\/www.fitday.com\\\/fitness\\\/forums\\\/members\\\/iwellguard.html\",\"https:\\\/\\\/www.mymeetbook.com\\\/iwellguard\",\"https:\\\/\\\/pxhere.com\\\/en\\\/photographer-me\\\/5040798\",\"https:\\\/\\\/disqus.com\\\/by\\\/iwellguard\\\/about\\\/\",\"https:\\\/\\\/pastelink.net\\\/hjwciqwq\",\"https:\\\/\\\/pubhtml5.com\\\/homepage\\\/scjhn\\\/\",\"https:\\\/\\\/www.bitchute.com\\\/channel\\\/2O2eOKzNqujT\",\"https:\\\/\\\/audiomack.com\\\/iwellguard\"]}]}<\/script>\n<!-- \/ Yoast SEO Premium plugin. -->","yoast_head_json":{"title":"A\u00f0fer\u00f0afr\u00e6\u00f0i mi\u00f0ilslegrar i\u00f0kunar \u2013 heimildir og pr\u00f3fun","description":"Heimildir, mi\u00f0ilsleg uppl\u00fdsingagj\u00f6f, pr\u00f3fanir \u00ed hinu kosm\u00edska uppl\u00fdsingasvi\u00f0i, upplifunars\u00f6gur: hvernig vi\u00f0 vinnum ranns\u00f3knarvinnu og merkjum hana \u00e1 iWell Guard.","robots":{"index":"index","follow":"follow","max-snippet":"max-snippet:-1","max-image-preview":"max-image-preview:large","max-video-preview":"max-video-preview:-1"},"canonical":"https:\/\/iwell-guard.com\/is\/adferdafraedi\/","og_locale":"is_IS","og_type":"article","og_title":"A\u00f0fer\u00f0afr\u00e6\u00f0i","og_description":"Heimildir, mi\u00f0ilsleg uppl\u00fdsingagj\u00f6f, pr\u00f3fanir \u00ed hinu kosm\u00edska uppl\u00fdsingasvi\u00f0i, upplifunars\u00f6gur: hvernig vi\u00f0 vinnum ranns\u00f3knarvinnu og merkjum hana \u00e1 iWell Guard.","og_url":"https:\/\/iwell-guard.com\/is\/adferdafraedi\/","og_site_name":"iWell Guard","article_modified_time":"2026-09-05T14:16:43+00:00","og_image":[{"width":1024,"height":1536,"url":"https:\/\/iwell-guard.com\/wp-content\/uploads\/2026\/05\/themen_methodik.webp","type":"image\/webp"}],"twitter_card":"summary_large_image","schema":{"@context":"https:\/\/schema.org","@graph":[{"@type":"WebPage","@id":"https:\/\/iwell-guard.com\/is\/adferdafraedi\/","url":"https:\/\/iwell-guard.com\/is\/adferdafraedi\/","name":"A\u00f0fer\u00f0afr\u00e6\u00f0i mi\u00f0ilslegrar i\u00f0kunar \u2013 heimildir og pr\u00f3fun","isPartOf":{"@id":"https:\/\/iwell-guard.com\/is\/#website"},"primaryImageOfPage":{"@id":"https:\/\/iwell-guard.com\/is\/adferdafraedi\/#primaryimage"},"image":{"@id":"https:\/\/iwell-guard.com\/is\/adferdafraedi\/#primaryimage"},"thumbnailUrl":"https:\/\/iwell-guard.com\/wp-content\/uploads\/2026\/05\/themen_methodik.webp","datePublished":"2026-09-05T14:02:07+00:00","dateModified":"2026-09-05T14:16:43+00:00","description":"Heimildir, mi\u00f0ilsleg uppl\u00fdsingagj\u00f6f, pr\u00f3fanir \u00ed hinu kosm\u00edska uppl\u00fdsingasvi\u00f0i, upplifunars\u00f6gur: hvernig vi\u00f0 vinnum ranns\u00f3knarvinnu og merkjum hana \u00e1 iWell Guard.","breadcrumb":{"@id":"https:\/\/iwell-guard.com\/is\/adferdafraedi\/#breadcrumb"},"inLanguage":"is","potentialAction":[{"@type":"ReadAction","target":["https:\/\/iwell-guard.com\/is\/adferdafraedi\/"]}]},{"@type":"ImageObject","inLanguage":"is","@id":"https:\/\/iwell-guard.com\/is\/adferdafraedi\/#primaryimage","url":"https:\/\/iwell-guard.com\/wp-content\/uploads\/2026\/05\/themen_methodik.webp","contentUrl":"https:\/\/iwell-guard.com\/wp-content\/uploads\/2026\/05\/themen_methodik.webp","width":1024,"height":1536,"caption":"Kyrrumynd af skrifbor\u00f0i me\u00f0 b\u00f3kum, st\u00e6kkunargleri, skriffj\u00f6\u00f0ur og heimildarkorti"},{"@type":"BreadcrumbList","@id":"https:\/\/iwell-guard.com\/is\/adferdafraedi\/#breadcrumb","itemListElement":[{"@type":"ListItem","position":1,"name":"Start","item":"https:\/\/iwell-guard.com\/is\/?page_id=168580"},{"@type":"ListItem","position":2,"name":"A\u00f0fer\u00f0afr\u00e6\u00f0i"}]},{"@type":"WebSite","@id":"https:\/\/iwell-guard.com\/is\/#website","url":"https:\/\/iwell-guard.com\/is\/","name":"iWell Guard","description":"Schutz vor dunklen Einfl\u00fcssen","publisher":{"@id":"https:\/\/iwell-guard.com\/is\/#organization"},"potentialAction":[{"@type":"SearchAction","target":{"@type":"EntryPoint","urlTemplate":"https:\/\/iwell-guard.com\/is\/?s={search_term_string}"},"query-input":{"@type":"PropertyValueSpecification","valueRequired":true,"valueName":"search_term_string"}}],"inLanguage":"is"},{"@type":"Organization","@id":"https:\/\/iwell-guard.com\/is\/#organization","name":"Ittermann electronic GmbH","url":"https:\/\/iwell-guard.com\/is\/","logo":{"@type":"ImageObject","inLanguage":"is","@id":"https:\/\/iwell-guard.com\/is\/#\/schema\/logo\/image\/","url":"https:\/\/iwell-guard.com\/wp-content\/uploads\/2026\/05\/Ittermann-Logo-1182x237-1.png","contentUrl":"https:\/\/iwell-guard.com\/wp-content\/uploads\/2026\/05\/Ittermann-Logo-1182x237-1.png","width":1182,"height":237,"caption":"Ittermann electronic GmbH"},"image":{"@id":"https:\/\/iwell-guard.com\/is\/#\/schema\/logo\/image\/"},"sameAs":["https:\/\/pantip.com\/profile\/9367242","https:\/\/micro.blog\/iwellguard","https:\/\/www.diggerslist.com\/iwellguard\/about","https:\/\/skitterphoto.com\/photographers\/2870314\/iwell-guard","https:\/\/iwellguard.wordpress.com\/2026\/06\/06\/iwell-guard\/","https:\/\/hub.docker.com\/u\/iwellguard","https:\/\/www.pinterest.com\/iwellguard\/","https:\/\/bit.ly\/m\/iwellguard","https:\/\/entre-vos-mains.alsace.eu\/profiles\/iwellguard\/activity","https:\/\/gravatar.com\/reallybeded8fd34","https:\/\/naijamatta.com\/iwellguard","https:\/\/www.goodreads.com\/iwellguard","https:\/\/profile.hatena.ne.jp\/iwellguard\/","https:\/\/experiment.com\/users\/iwellguard","https:\/\/wakelet.com\/@iWellGuard82270","https:\/\/www.chordie.com\/forum\/profile.php?id=2555664","https:\/\/www.instapaper.com\/p\/17757966","https:\/\/www.mapleprimes.com\/users\/iwellguard","https:\/\/businesslistingplus.com\/profile\/iwell-guard\/","https:\/\/telegra.ph\/iWell-Guard-06-06","https:\/\/pbase.com\/iwellguard\/iwellguard","https:\/\/b.hatena.ne.jp\/iwellguard\/20260607#bookmark-4788405196491818882","https:\/\/fliphtml5.com\/home\/iwellguard","https:\/\/anyflip.com\/homepage\/cmiwl#About","https:\/\/transfur.com\/Users\/iwellguard","http:\/\/delphi.larsbo.org\/user\/iwellguard","https:\/\/jobs.lajobsportal.org\/profiles\/8380803-iwell-guard","https:\/\/md.chaosdorf.de\/s\/jfbe5SBdJD","https:\/\/www.lingvolive.com\/en-us\/profile\/9ecaeaca-ce11-4e51-9e71-01d55e2bff36\/translations","https:\/\/www.fitday.com\/fitness\/forums\/members\/iwellguard.html","https:\/\/www.mymeetbook.com\/iwellguard","https:\/\/pxhere.com\/en\/photographer-me\/5040798","https:\/\/disqus.com\/by\/iwellguard\/about\/","https:\/\/pastelink.net\/hjwciqwq","https:\/\/pubhtml5.com\/homepage\/scjhn\/","https:\/\/www.bitchute.com\/channel\/2O2eOKzNqujT","https:\/\/audiomack.com\/iwellguard"]}]}},"_links":{"self":[{"href":"https:\/\/iwell-guard.com\/is\/wp-json\/wp\/v2\/pages\/168680","targetHints":{"allow":["GET"]}}],"collection":[{"href":"https:\/\/iwell-guard.com\/is\/wp-json\/wp\/v2\/pages"}],"about":[{"href":"https:\/\/iwell-guard.com\/is\/wp-json\/wp\/v2\/types\/page"}],"author":[{"embeddable":true,"href":"https:\/\/iwell-guard.com\/is\/wp-json\/wp\/v2\/users\/3"}],"replies":[{"embeddable":true,"href":"https:\/\/iwell-guard.com\/is\/wp-json\/wp\/v2\/comments?post=168680"}],"version-history":[{"count":0,"href":"https:\/\/iwell-guard.com\/is\/wp-json\/wp\/v2\/pages\/168680\/revisions"}],"wp:featuredmedia":[{"embeddable":true,"href":"https:\/\/iwell-guard.com\/is\/wp-json\/wp\/v2\/media\/2285"}],"wp:attachment":[{"href":"https:\/\/iwell-guard.com\/is\/wp-json\/wp\/v2\/media?parent=168680"}],"wp:term":[{"taxonomy":"category","embeddable":true,"href":"https:\/\/iwell-guard.com\/is\/wp-json\/wp\/v2\/categories?post=168680"}],"curies":[{"name":"wp","href":"https:\/\/api.w.org\/{rel}","templated":true}]}}