{"id":168676,"date":"2026-09-05T14:02:05","date_gmt":"2026-09-05T14:02:05","guid":{"rendered":"https:\/\/iwell-guard.com\/?page_id=168676"},"modified":"2026-09-05T14:16:37","modified_gmt":"2026-09-05T14:16:37","slug":"mamo","status":"publish","type":"page","link":"https:\/\/iwell-guard.com\/is\/mamo\/","title":{"rendered":"Mamo"},"content":{"rendered":"\t\t<div data-elementor-type=\"wp-page\" data-elementor-id=\"168676\" class=\"elementor elementor-168676 elementor-1339\" data-elementor-post-type=\"page\">\n\t\t\t\t<div class=\"elementor-element elementor-element-10fdade e-flex e-con-boxed e-con e-parent\" data-id=\"10fdade\" data-element_type=\"container\" data-e-type=\"container\" data-settings=\"{&quot;background_background&quot;:&quot;classic&quot;}\">\n\t\t\t\t\t<div class=\"e-con-inner\">\n\t\t<div class=\"elementor-element elementor-element-herohlft0 e-flex e-con-boxed e-con e-child\" data-id=\"herohlft0\" data-element_type=\"container\" data-e-type=\"container\">\n\t\t\t\t\t<div class=\"e-con-inner\">\n\t\t<div class=\"elementor-element elementor-element-c3ceb64 e-con-full e-flex e-con e-child\" data-id=\"c3ceb64\" data-element_type=\"container\" data-e-type=\"container\">\n\t\t\t\t<div class=\"elementor-element elementor-element-96ae5e1 elementor-widget elementor-widget-heading\" data-id=\"96ae5e1\" data-element_type=\"widget\" data-e-type=\"widget\" data-widget_type=\"heading.default\">\n\t\t\t\t\t<h1 class=\"elementor-heading-title elementor-size-default\">Mamo, andi \u00far t\u00edbeskri hef\u00f0<\/h1>\t\t\t\t<\/div>\n\t\t\t\t<div class=\"elementor-element elementor-element-e45238a elementor-widget elementor-widget-text-editor\" data-id=\"e45238a\" data-element_type=\"widget\" data-e-type=\"widget\" data-widget_type=\"text-editor.default\">\n\t\t\t\t\t\t\t\t\t<p>Mamo er <span class=\"iwg-fachbegriff\" data-tooltip=\"L\u00edkamslaus vera sem talin er hafa \u00e1hrif \u00ed heiminum.\" tabindex=\"0\">andi<\/span> \u00far t\u00edbeskri hef\u00f0.<\/p><p>Kvenkyns, d\u00f6kkar m\u00e6\u00f0rav\u00e6ttir t\u00edbeskrar hef\u00f0ar, \u00e1 milli verndar og fars\u00f3tta.<\/p><p>Mamo eru dakini-verur t\u00edbeskrar hef\u00f0ar og standa fyrir \u00f3tamda n\u00e1tt\u00farukraft.<\/p>\t\t\t\t\t\t\t\t<\/div>\n\t\t\t\t<\/div>\n\t\t<div class=\"elementor-element elementor-element-klsbdg01 e-con-full e-flex e-con e-parent\" data-id=\"klsbdg01\" data-element_type=\"container\" data-e-type=\"container\">\n\t\t\t\t<div class=\"elementor-element elementor-element-klshtm01 elementor-widget elementor-widget-html\" data-id=\"klshtm01\" data-element_type=\"widget\" data-e-type=\"widget\" data-widget_type=\"html.default\">\n\t\t\t\t\t<div class=\"iwg-pill-row\"><span class=\"iwg-klasse-badge\" tabindex=\"0\" data-tooltip=\"Andi: L\u00edkamslaus e\u00f0a h\u00e1lf-l\u00edkamleg vera, hinir d\u00e1nu, n\u00e1tt\u00faruvera, h\u00fasandi e\u00f0a v\u00f6r\u00f0ur \u00fer\u00f6skulda. Verkar \u00ed daglegu l\u00edfi, oft bundin st\u00f6\u00f0um e\u00f0a fj\u00f6lskyldum.\">Andi<\/span><a href=\"https:\/\/iwell-guard.com\/is\/?page_id=168661\" class=\"iwg-kultur-badge\" tabindex=\"0\" data-tooltip=\"T\u00edbetsk-b\u00fadd\u00edsk og B\u00f6n-hef\u00f0, Yidam, Dharmap\u0101la, naga-heimur.\">T\u00edbet<\/a><\/div>\t\t\t\t<\/div>\n\t\t\t\t<\/div>\n\t\t<div class=\"elementor-element elementor-element-3f74855 e-con-full e-flex e-con e-child\" data-id=\"3f74855\" data-element_type=\"container\" data-e-type=\"container\">\n\t\t\t\t<div class=\"elementor-element elementor-element-1c30362 elementor-toc--minimized-on-tablet elementor-widget elementor-widget-table-of-contents\" data-id=\"1c30362\" data-element_type=\"widget\" data-e-type=\"widget\" data-settings=\"{&quot;exclude_headings_by_selector&quot;:[],&quot;no_headings_message&quot;:&quot;Engar undirfyrirsagnir fundust \\u00e1 \\u00feessari s\\u00ed\\u00f0u.&quot;,&quot;headings_by_tags&quot;:[&quot;h2&quot;,&quot;h3&quot;],&quot;marker_view&quot;:&quot;bullets&quot;,&quot;icon&quot;:{&quot;value&quot;:&quot;fas fa-circle&quot;,&quot;library&quot;:&quot;fa-solid&quot;,&quot;rendered_tag&quot;:&quot;&lt;svg class=\\&quot;e-font-icon-svg e-fas-circle\\&quot; viewBox=\\&quot;0 0 512 512\\&quot; xmlns=\\&quot;http:\\\/\\\/www.w3.org\\\/2000\\\/svg\\&quot;&gt;&lt;path d=\\&quot;M256 8C119 8 8 119 8 256s111 248 248 248 248-111 248-248S393 8 256 8z\\&quot;&gt;&lt;\\\/path&gt;&lt;\\\/svg&gt;&quot;},&quot;minimize_box&quot;:&quot;yes&quot;,&quot;minimized_on&quot;:&quot;tablet&quot;,&quot;hierarchical_view&quot;:&quot;yes&quot;,&quot;min_height&quot;:{&quot;unit&quot;:&quot;px&quot;,&quot;size&quot;:&quot;&quot;,&quot;sizes&quot;:[]},&quot;min_height_tablet&quot;:{&quot;unit&quot;:&quot;px&quot;,&quot;size&quot;:&quot;&quot;,&quot;sizes&quot;:[]},&quot;min_height_mobile&quot;:{&quot;unit&quot;:&quot;px&quot;,&quot;size&quot;:&quot;&quot;,&quot;sizes&quot;:[]}}\" data-widget_type=\"table-of-contents.default\">\n\t\t\t\t\t\t\t\t\t<div class=\"elementor-toc__header\">\n\t\t\t\t\t\t<h2 class=\"elementor-toc__header-title\">\n\t\t\t\tEfnisyfirlit\t\t\t<\/h2>\n\t\t\t\t\t\t\t\t\t\t<div class=\"elementor-toc__toggle-button elementor-toc__toggle-button--expand\" role=\"button\" tabindex=\"0\" aria-controls=\"elementor-toc__1c30362\" aria-expanded=\"true\" aria-label=\"Open table of contents\"><svg aria-hidden=\"true\" class=\"e-font-icon-svg e-fas-chevron-down\" viewBox=\"0 0 448 512\" xmlns=\"http:\/\/www.w3.org\/2000\/svg\"><path d=\"M207.029 381.476L12.686 187.132c-9.373-9.373-9.373-24.569 0-33.941l22.667-22.667c9.357-9.357 24.522-9.375 33.901-.04L224 284.505l154.745-154.021c9.379-9.335 24.544-9.317 33.901.04l22.667 22.667c9.373 9.373 9.373 24.569 0 33.941L240.971 381.476c-9.373 9.372-24.569 9.372-33.942 0z\"><\/path><\/svg><\/div>\n\t\t\t\t<div class=\"elementor-toc__toggle-button elementor-toc__toggle-button--collapse\" role=\"button\" tabindex=\"0\" aria-controls=\"elementor-toc__1c30362\" aria-expanded=\"true\" aria-label=\"Close table of contents\"><svg aria-hidden=\"true\" class=\"e-font-icon-svg e-fas-chevron-up\" viewBox=\"0 0 448 512\" xmlns=\"http:\/\/www.w3.org\/2000\/svg\"><path d=\"M240.971 130.524l194.343 194.343c9.373 9.373 9.373 24.569 0 33.941l-22.667 22.667c-9.357 9.357-24.522 9.375-33.901.04L224 227.495 69.255 381.516c-9.379 9.335-24.544 9.317-33.901-.04l-22.667-22.667c-9.373-9.373-9.373-24.569 0-33.941L207.03 130.525c9.372-9.373 24.568-9.373 33.941-.001z\"><\/path><\/svg><\/div>\n\t\t\t\t\t<\/div>\n\t\t\t\t<div id=\"elementor-toc__1c30362\" class=\"elementor-toc__body\">\n\t\t\t<div class=\"elementor-toc__spinner-container\">\n\t\t\t\t<svg class=\"elementor-toc__spinner eicon-animation-spin e-font-icon-svg e-eicon-loading\" aria-hidden=\"true\" viewBox=\"0 0 1000 1000\" xmlns=\"http:\/\/www.w3.org\/2000\/svg\"><path d=\"M500 975V858C696 858 858 696 858 500S696 142 500 142 142 304 142 500H25C25 237 238 25 500 25S975 237 975 500 763 975 500 975Z\"><\/path><\/svg>\t\t\t<\/div>\n\t\t<\/div>\n\t\t\t\t\t\t<\/div>\n\t\t\t\t<\/div>\n\t\t\t\t\t<\/div>\n\t\t\t\t<\/div>\n\t\t<div class=\"elementor-element elementor-element-herorght0 e-con-full e-flex e-con e-child\" data-id=\"herorght0\" data-element_type=\"container\" data-e-type=\"container\">\n\t\t\t\t<div class=\"elementor-element elementor-element-heroimg00 iwg-hero-image elementor-widget elementor-widget-image\" data-id=\"heroimg00\" data-element_type=\"widget\" data-e-type=\"widget\" data-widget_type=\"image.default\">\n\t\t\t\t\t\t\t\t\t\t\t\t\t\t\t<img fetchpriority=\"high\" decoding=\"async\" width=\"683\" height=\"1024\" src=\"https:\/\/iwell-guard.com\/wp-content\/uploads\/2026\/04\/geister_tibet_mamo-683x1024.webp\" class=\"attachment-large size-large wp-image-171006\" alt=\"Mamo - andar \u00far T\u00edbet-hef\u00f0inni, s\u00f6gulega-myndr\u00e6nt\" srcset=\"https:\/\/iwell-guard.com\/wp-content\/uploads\/2026\/04\/geister_tibet_mamo-683x1024.webp 683w, https:\/\/iwell-guard.com\/wp-content\/uploads\/2026\/04\/geister_tibet_mamo-200x300.webp 200w, https:\/\/iwell-guard.com\/wp-content\/uploads\/2026\/04\/geister_tibet_mamo-768x1152.webp 768w, https:\/\/iwell-guard.com\/wp-content\/uploads\/2026\/04\/geister_tibet_mamo.webp 1024w\" sizes=\"(max-width: 683px) 100vw, 683px\" \/>\t\t\t\t\t\t\t\t\t\t\t\t\t\t\t<\/div>\n\t\t\t\t<\/div>\n\t\t\t\t\t<\/div>\n\t\t\t\t<\/div>\n\t\t<div class=\"elementor-element elementor-element-32917199 e-flex e-con-boxed e-con e-parent\" data-id=\"32917199\" data-element_type=\"container\" data-e-type=\"container\">\n\t\t\t\t\t<div class=\"e-con-inner\">\n\t\t<div class=\"elementor-element elementor-element-26e916cb e-flex e-con-boxed e-con e-child\" data-id=\"26e916cb\" data-element_type=\"container\" data-e-type=\"container\">\n\t\t\t\t\t<div class=\"e-con-inner\">\n\t\t<div class=\"elementor-element elementor-element-253a40d4 e-flex e-con-boxed e-con e-child\" data-id=\"253a40d4\" data-element_type=\"container\" data-e-type=\"container\">\n\t\t\t\t\t<div class=\"e-con-inner\">\n\t\t\t\t<div class=\"elementor-element elementor-element-1200c304 elementor-widget elementor-widget-heading\" data-id=\"1200c304\" data-element_type=\"widget\" data-e-type=\"widget\" data-widget_type=\"heading.default\">\n\t\t\t\t\t<h2 class=\"elementor-heading-title elementor-size-default\">Mamo (ma mo)<\/h2>\t\t\t\t<\/div>\n\t\t\t\t<div class=\"elementor-element elementor-element-11758e7f elementor-widget elementor-widget-text-editor\" data-id=\"11758e7f\" data-element_type=\"widget\" data-e-type=\"widget\" data-widget_type=\"text-editor.default\">\n\t\t\t\t\t\t\t\t\t<p>Mamo (t\u00edb. <em>ma mo<\/em>, \u201em\u00e6\u00f0ur\u201c) er s\u00e9rstakur flokkur kvenkyns v\u00e6tta sem er v\u00ed\u00f0a til sta\u00f0ar \u00ed t\u00edbeska <span class=\"iwg-fachbegriff\" data-tooltip=\"Heild gu\u00f0a tr\u00faarbrag\u00f0a e\u00f0a menningar.\" tabindex=\"0\">pantheoninu<\/span>. \u00de\u00e6r standa \u00e1 milli verndarandsa, jar\u00f0m\u00e6\u00f0ra og h\u00e6ttulegra kvendj\u00f6fla. Sem tv\u00edr\u00e6\u00f0ar m\u00e6\u00f0rav\u00e6ttir geta \u00fe\u00e6r f\u00e6rt vels\u00e6ld, heilsu og regn, e\u00f0a \u00feegar reglu er brotin, leyst \u00far l\u00e6\u00f0ingi fars\u00f3ttir, str\u00ed\u00f0, n\u00e1tt\u00faruhamfarir og f\u00e9lagslega \u00f3lgu.<\/p><p>Mamo eru n\u00e1i\u00f0 tengdar hugmyndinni um trufla\u00f0 jafnv\u00e6gi milli manns og n\u00e1tt\u00faru. T\u00edbesk hef\u00f0 t\u00falkar oft heimsfaraldra, ve\u00f0urfarsbreytingar og p\u00f3lit\u00edskar h\u00f6rmungar sem birtingarmynd <em>ma mo&#8217;i gtor chen<\/em>, \u201emikils Mamo-\u00fatkasts-t\u00edma\u201c, \u00feegar m\u00e6\u00f0rav\u00e6ttirnir sn\u00faast gegn afskr\u00e6mdum heiminum.<\/p>\t\t\t\t\t\t\t\t<\/div>\n\t\t\t\t\t<\/div>\n\t\t\t\t<\/div>\n\t\t<div class=\"elementor-element elementor-element-159dcf9a e-flex e-con-boxed e-con e-child\" data-id=\"159dcf9a\" data-element_type=\"container\" data-e-type=\"container\">\n\t\t\t\t\t<div class=\"e-con-inner\">\n\t\t\t\t<div class=\"elementor-element elementor-element-48cee66f elementor-widget elementor-widget-heading\" data-id=\"48cee66f\" data-element_type=\"widget\" data-e-type=\"widget\" data-widget_type=\"heading.default\">\n\t\t\t\t\t<h2 class=\"elementor-heading-title elementor-size-default\">Skj\u00f3t yfirs\u00fdn: Mamo<\/h2>\t\t\t\t<\/div>\n\t\t\t\t<div class=\"elementor-element elementor-element-3f50d82c elementor-widget elementor-widget-text-editor\" data-id=\"3f50d82c\" data-element_type=\"widget\" data-e-type=\"widget\" data-widget_type=\"text-editor.default\">\n\t\t\t\t\t\t\t\t\t<p><strong>Tegund:<\/strong> Kvenkyns dj\u00f6fla-\/m\u00e6\u00f0rav\u00e6ttaflokkur<br>Uppruni: Fyrirb\u00fadd\u00edskar jar\u00f0m\u00f3\u00f0urhugmyndir; indversk-b\u00fadd\u00edskar <em>dakini<\/em>&#8211; og <em>matrika<\/em>-hef\u00f0ir<br>Textar: <span class=\"iwg-fachbegriff\" tabindex=\"0\" data-tooltip=\"Go\u00f0sagnakenndur indverskur tantr\u00edsti (8. \u00f6ld); flutti b\u00faddisma til T\u00edbets.\">Padmasambhava<\/span>-hringr\u00e1sir, Kangyur\/Tengyur, rit\u00faalhandb\u00e6kur verndargu\u00f0a<br>\u00c1hrif: Fars\u00f3ttir, uppskerubrestir, str\u00ed\u00f0, s\u00e1lraskanir; j\u00e1kv\u00e6\u00f0: frj\u00f3semi og vels\u00e6ld<br>V\u00f6rn: Ma-mo-torma, reykf\u00f3rnir, rit\u00faalframkv\u00e6md dharmapala<\/p>\t\t\t\t\t\t\t\t<\/div>\n\t\t\t\t\t<\/div>\n\t\t\t\t<\/div>\n\t\t\t\t\t<\/div>\n\t\t\t\t<\/div>\n\t\t\t\t\t<\/div>\n\t\t\t\t<\/div>\n\t\t<div class=\"elementor-element elementor-element-klaerung1777529073 e-con-boxed e-flex e-con e-parent\" data-id=\"klaerung1777529073\" data-element_type=\"container\" data-e-type=\"container\">\n\t\t\t\t\t<div class=\"e-con-inner\">\n\t\t\t\t<div class=\"elementor-element elementor-element-klar1777529073 elementor-widget elementor-widget-text-editor\" data-id=\"klar1777529073\" data-element_type=\"widget\" data-e-type=\"widget\" data-widget_type=\"text-editor.default\">\n\t\t\t\t\t\t\t\t\t\n<p><em><strong>A\u00f0greining fr\u00e1 Gyalpo:<\/strong> \u00d3l\u00edkt <a href=\"https:\/\/iwell-guard.com\/is\/?page_id=168675\">Gyalpo<\/a>, karlkyns konungadj\u00f6flunum, eru Mamo kvenkyns, d\u00f6kkar m\u00e6\u00f0rav\u00e6ttir, ekki fallnir munkar, heldur birtingarmyndir hins villta, \u00f3tamda kvenkyns e\u00f0lis \u00ed t\u00edbeskri hef\u00f0.<\/em><\/p>\t\t\t\t\t\t\t\t<\/div>\n\t\t\t\t\t<\/div>\n\t\t\t\t<\/div>\n\t\t<div class=\"elementor-element elementor-element-18613602 e-flex e-con-boxed e-con e-parent\" data-id=\"18613602\" data-element_type=\"container\" data-e-type=\"container\">\n\t\t\t\t\t<div class=\"e-con-inner\">\n\t\t\t\t<div class=\"elementor-element elementor-element-262b8a9f elementor-widget elementor-widget-heading\" data-id=\"262b8a9f\" data-element_type=\"widget\" data-e-type=\"widget\" data-widget_type=\"heading.default\">\n\t\t\t\t\t<h2 class=\"elementor-heading-title elementor-size-default\">S\u00f6guleg sta\u00f0setning<\/h2>\t\t\t\t<\/div>\n\t\t<div class=\"elementor-element elementor-element-46dcb7d e-con-full e-flex e-con e-child\" data-id=\"46dcb7d\" data-element_type=\"container\" data-e-type=\"container\">\n\t\t<div class=\"elementor-element elementor-element-61d3ab3 e-flex e-con-boxed e-con e-child\" data-id=\"61d3ab3\" data-element_type=\"container\" data-e-type=\"container\">\n\t\t\t\t\t<div class=\"e-con-inner\">\n\t\t\t\t<div class=\"elementor-element elementor-element-117c166 elementor-widget elementor-widget-heading\" data-id=\"117c166\" data-element_type=\"widget\" data-e-type=\"widget\" data-widget_type=\"heading.default\">\n\t\t\t\t\t<h3 class=\"elementor-heading-title elementor-size-default\">T\u00edmabil textanna<\/h3>\t\t\t\t<\/div>\n\t\t\t\t<div class=\"elementor-element elementor-element-73997a0 elementor-widget elementor-widget-text-editor\" data-id=\"73997a0\" data-element_type=\"widget\" data-e-type=\"widget\" data-widget_type=\"text-editor.default\">\n\t\t\t\t\t\t\t\t\t<p>Mamo-hef\u00f0in hefur tv\u00e6r meginr\u00e6tur: annars vegar fyrirb\u00fadd\u00edskar t\u00edbesk-mi\u00f0-as\u00edskar hugmyndir um jar\u00f0m\u00f3\u00f0urgo\u00f0 og h\u00fasfreyjur \u00f3bygg\u00f0anna, hins vegar indversk-b\u00fadd\u00edskan arf <em>matrika<\/em> (m\u00f3\u00f0urgo\u00f0) og <em>dakini<\/em> (himinvandra). \u00cd t\u00edbeskri a\u00f0l\u00f6gun \u00feessara \u00fe\u00e1tta myndast Mamo-svi\u00f0i\u00f0 me\u00f0 s\u00ednum tv\u00edr\u00e6\u00f0u, d\u00f6kku einkennum.<\/p><p>\u00deekkt er sagan um a\u00f0 Padmasambhava hafi, vi\u00f0 innlei\u00f0ingu b\u00faddisma \u00e1 t\u00edbeska h\u00e1sl\u00e9ttuna, bundi\u00f0 fj\u00f6lmargar Mamo og fellt \u00fe\u00e6r inn \u00ed hring verndarandsa. \u00cd Gelug-ritum s\u00ed\u00f0ari alda er Mamo-flokkurinn kerfisbundinn.<\/p><h3>Go\u00f0s\u00f6guleg \u00fattekt<\/h3><p><em>Mamo<\/em> eru kvenkyns andar e\u00f0a gy\u00f0jur \u00ed t\u00edbeskum b\u00faddisma og \u00ed fyrirb\u00fadd\u00edskri <span class=\"iwg-fachbegriff\" tabindex=\"0\" data-tooltip=\"Fyrirb\u00fadd\u00edsk tr\u00faarhef\u00f0 T\u00edbets; vinnur me\u00f0 Tsen, Nyen, Lu og D\u00fc sem flokkun \u00f3mannlegra v\u00e6tta.\">B\u00f6n<\/span>-tr\u00fa. \u00de\u00e6r koma fram sem sameiginlegur h\u00f3pur, ekki sem einstaklingsverur, til eru Mamo-gu\u00f0ir sem eru fjallaverndarandar, og a\u00f0rir sem koma fram sem ey\u00f0ingardj\u00f6flar. \u00c6ttfr\u00e6\u00f0i \u00feeirra n\u00e6r aftur til fyrirb\u00fadd\u00edskrar t\u00edbeskrar tr\u00faari\u00f0kunar.<\/p>\t\t\t\t\t\t\t\t<\/div>\n\t\t\t\t\t<\/div>\n\t\t\t\t<\/div>\n\t\t<div class=\"elementor-element elementor-element-d47b156 e-flex e-con-boxed e-con e-child\" data-id=\"d47b156\" data-element_type=\"container\" data-e-type=\"container\">\n\t\t\t\t\t<div class=\"e-con-inner\">\n\t\t\t\t<div class=\"elementor-element elementor-element-ff38c2b elementor-widget elementor-widget-heading\" data-id=\"ff38c2b\" data-element_type=\"widget\" data-e-type=\"widget\" data-widget_type=\"heading.default\">\n\t\t\t\t\t<h3 class=\"elementor-heading-title elementor-size-default\">\u00datbrei\u00f0slusv\u00e6\u00f0i<\/h3>\t\t\t\t<\/div>\n\t\t\t\t<div class=\"elementor-element elementor-element-4e49fcc elementor-widget elementor-widget-text-editor\" data-id=\"4e49fcc\" data-element_type=\"widget\" data-e-type=\"widget\" data-widget_type=\"text-editor.default\">\n\t\t\t\t\t\t\t\t\t<p>Mamo er d\u00fdrku\u00f0 og \u00f3ttu\u00f0 um allt hi\u00f0 t\u00edbesk-b\u00fadd\u00edska menningarsv\u00e6\u00f0i. Einstakar sta\u00f0bundnar Mamo eru tengdar \u00e1kve\u00f0num fj\u00f6llum, sk\u00f6r\u00f0um og klaustrum (t.d. Palden Lhamo vi\u00f0 Lhamo Latso sunnan Lhasa). Pers\u00f3nan Palden Lhamo (skt. Shri Devi) er \u00feekktasta stofnanabundna Mamo, verndargo\u00f0 Dalai Lama og Gelug-sk\u00f3lans.<\/p>\t\t\t\t\t\t\t\t<\/div>\n\t\t\t\t\t<\/div>\n\t\t\t\t<\/div>\n\t\t\t\t<\/div>\n\t\t<div class=\"elementor-element elementor-element-db03c39 e-con-full e-flex e-con e-child\" data-id=\"db03c39\" data-element_type=\"container\" data-e-type=\"container\">\n\t\t<div class=\"elementor-element elementor-element-229a87b e-flex e-con-boxed e-con e-child\" data-id=\"229a87b\" data-element_type=\"container\" data-e-type=\"container\">\n\t\t\t\t\t<div class=\"e-con-inner\">\n\t\t\t\t<div class=\"elementor-element elementor-element-1f471fc elementor-widget elementor-widget-heading\" data-id=\"1f471fc\" data-element_type=\"widget\" data-e-type=\"widget\" data-widget_type=\"heading.default\">\n\t\t\t\t\t<h3 class=\"elementor-heading-title elementor-size-default\">Heimildasta\u00f0a<\/h3>\t\t\t\t<\/div>\n\t\t\t\t<div class=\"elementor-element elementor-element-36b1201 elementor-widget elementor-widget-text-editor\" data-id=\"36b1201\" data-element_type=\"widget\" data-e-type=\"widget\" data-widget_type=\"text-editor.default\">\n\t\t\t\t\t\t\t\t\t<p><span data-nosnippet>Meginheimildir: Padmasambhava-hringr\u00e1sir og terma-textar Nyingma-sk\u00f3lans; Kangyur\/Tengyur me\u00f0 dakini- og matrika-b\u00f3kmenntum; rit\u00faalhandb\u00e6kur um Palden Lhamo. Grunnrit: Nebesky-Wojkowitz (1956); Willis, Janice D. (1987) \u201eDakini: Some Comments on Its Nature and Meaning\u201c; Simmer-Brown, Judith (2001) Dakini&#8217;s Warm Breath.<\/span><\/p>\t\t\t\t\t\t\t\t<\/div>\n\t\t\t\t\t<\/div>\n\t\t\t\t<\/div>\n\t\t\t\t<\/div>\n\t\t\t\t\t<\/div>\n\t\t\t\t<\/div>\n\t\t<div class=\"elementor-element elementor-element-3ae0637c e-flex e-con-boxed e-con e-parent\" data-id=\"3ae0637c\" data-element_type=\"container\" data-e-type=\"container\">\n\t\t\t\t\t<div class=\"e-con-inner\">\n\t\t\t\t<div class=\"elementor-element elementor-element-31d07739 elementor-widget elementor-widget-heading\" data-id=\"31d07739\" data-element_type=\"widget\" data-e-type=\"widget\" data-widget_type=\"heading.default\">\n\t\t\t\t\t<h2 class=\"elementor-heading-title elementor-size-default\">Nafn og afbrig\u00f0i<\/h2>\t\t\t\t<\/div>\n\t\t<div class=\"elementor-element elementor-element-b7642947 e-con-full e-flex e-con e-child\" data-id=\"b7642947\" data-element_type=\"container\" data-e-type=\"container\">\n\t\t\t\t<div class=\"elementor-element elementor-element-a086266 elementor-widget elementor-widget-text-editor\" data-id=\"a086266\" data-element_type=\"widget\" data-e-type=\"widget\" data-widget_type=\"text-editor.default\">\n\t\t\t\t\t\t\t\t\t<p>T\u00edbeska <em>ma mo<\/em>, or\u00f0sins hlj\u00f3\u00f0an \u201em\u00e6\u00f0ur\u201c stendur h\u00e9r fyrir flokk, ekki l\u00edffr\u00e6\u00f0ilegt m\u00f3\u00f0urhlutverk.<\/p><ul><li><strong>D\u00fc mo<\/strong>, \u201eMara-m\u00e6\u00f0ur\u201c, s\u00e9rstaklega d\u00f6kk undirmynd.<\/li><li>Gya mo, samheiti fyrir \u00fdmsa Mamo-undirflokka.<\/li><li>Palden Lhamo (dpal ldan lha mo), \u201egl\u00e6sileg gy\u00f0ja\u201c; \u00feekktasta stofnanabundna Mamo, skt. Shri Devi.<\/li><li>Ekajati, eint\u00f6nn, eineyg\u00f0, e\u00ednbrj\u00f3sta Mamo; verndari hinna leyndu terma-l\u00e6rd\u00f3ma.<\/li><\/ul>\t\t\t\t\t\t\t\t<\/div>\n\t\t\t\t<\/div>\n\t\t\t\t\t<\/div>\n\t\t\t\t<\/div>\n\t\t<div class=\"elementor-element elementor-element-709a44a8 e-flex e-con-boxed e-con e-parent\" data-id=\"709a44a8\" data-element_type=\"container\" data-e-type=\"container\">\n\t\t\t\t\t<div class=\"e-con-inner\">\n\t\t\t\t<div class=\"elementor-element elementor-element-2f585873 elementor-widget elementor-widget-heading\" data-id=\"2f585873\" data-element_type=\"widget\" data-e-type=\"widget\" data-widget_type=\"heading.default\">\n\t\t\t\t\t<h2 class=\"elementor-heading-title elementor-size-default\">L\u00fdsing<\/h2>\t\t\t\t<\/div>\n\t\t<div class=\"elementor-element elementor-element-70621c12 e-con-full e-flex e-con e-child\" data-id=\"70621c12\" data-element_type=\"container\" data-e-type=\"container\">\n\t\t\t\t<div class=\"elementor-element elementor-element-4296eb49 elementor-widget elementor-widget-text-editor\" data-id=\"4296eb49\" data-element_type=\"widget\" data-e-type=\"widget\" data-widget_type=\"text-editor.default\">\n\t\t\t\t\t\t\t\t\t<p><strong>\u00c1s\u00fdnd.<\/strong> Mamo eru s\u00fdndar sem d\u00f6kkh\u00fa\u00f0a\u00f0ar e\u00f0a bl\u00e1svartar kvenpers\u00f3nur, oft naktar e\u00f0a me\u00f0 t\u00edgrisd\u00fdrsfeld, \u00f3rei\u00f0ukennt h\u00e1r, beinaskart, hausk\u00fapuh\u00e1lsfestar og villt fas. Palden Lhamo r\u00ed\u00f0ur m\u00falasna me\u00f0 hnakk kl\u00e6ddum mannsh\u00fa\u00f0um, Ekajati er eineyg\u00f0 me\u00f0 einn t\u00f6nn og eitt brj\u00f3st.<\/p><p>Heg\u00f0un. Mamo brug\u00f0ast harkalega vi\u00f0 si\u00f0fer\u00f0islegum og vistfr\u00e6\u00f0ilegum truflunum: samningsrofum, vanvir\u00f0ingu heilagra sta\u00f0a, miklu misjafnv\u00e6gi. \u00de\u00e6r geta \u00fe\u00e1 hrundi\u00f0 af sta\u00f0 fars\u00f3ttum, str\u00ed\u00f0um, hungursney\u00f0um og s\u00e1lr\u00e6num sj\u00fakd\u00f3mum. \u00cd bundnu \u00e1standi eru \u00fe\u00e6r m\u00e1ttugir verndarar <span class=\"iwg-fachbegriff\" tabindex=\"0\" data-tooltip=\"\u00cd hind\u00faisma skylda og heimsskipan; \u00ed b\u00faddisma l\u00e6rd\u00f3mur B\u00fadda.\">dharma<\/span>.<\/p><p>T\u00edmahugtak. \u201eMa-mo-t\u00edmar\u201c eru t\u00edmabil sameiginlegra kreppna; \u00e1 sl\u00edkum t\u00edmum eru framkv\u00e6md st\u00f3r Ma-mo-torma- og ch\u00f6pa-rit\u00fa\u00f6l.<\/p><h3>\u00c1s\u00fdnd og t\u00e1knm\u00e1l<\/h3><p><em>Mamo<\/em> eru s\u00fdndar sem kvenkyns andar me\u00f0 rau\u00f0gullnum eldi e\u00f0a sem bl\u00e1svartar hamfarir. \u00de\u00e6r bera vopn og valdat\u00e1kn. Oft eru \u00fe\u00e6r s\u00fdndar \u00ed h\u00f3pum af \u00feremur e\u00f0a fimm, hver me\u00f0 sinn lit og eiginleika. T\u00e1knm\u00e1li\u00f0 er breytilegt eftir \u00fev\u00ed hvort \u00fe\u00e6r eru skildar sem verndar- e\u00f0a hindrunarandar.<\/p>\t\t\t\t\t\t\t\t<\/div>\n\t\t\t\t<\/div>\n\t\t\t\t\t<\/div>\n\t\t\t\t<\/div>\n\t\t<div class=\"elementor-element elementor-element-44e71476 e-flex e-con-boxed e-con e-parent\" data-id=\"44e71476\" data-element_type=\"container\" data-e-type=\"container\">\n\t\t\t\t\t<div class=\"e-con-inner\">\n\t\t\t\t<div class=\"elementor-element elementor-element-3c1fc3f0 elementor-widget elementor-widget-heading\" data-id=\"3c1fc3f0\" data-element_type=\"widget\" data-e-type=\"widget\" data-widget_type=\"heading.default\">\n\t\t\t\t\t<h2 class=\"elementor-heading-title elementor-size-default\">\u00c1grip: Mamo<\/h2>\t\t\t\t<\/div>\n\t\t<div class=\"elementor-element elementor-element-84f33b8e e-con-full e-flex e-con e-child\" data-id=\"84f33b8e\" data-element_type=\"container\" data-e-type=\"container\">\n\t\t\t\t<div class=\"elementor-element elementor-element-hqkdc67p elementor-widget elementor-widget-text-editor\" data-id=\"hqkdc67p\" data-element_type=\"widget\" data-e-type=\"widget\" data-widget_type=\"text-editor.default\">\n\t\t\t\t\t\t\t\t\t<p>Mikilv\u00e6gustu \u00fe\u00e6ttir Mamo \u00ed hnotskurn.<\/p>\t\t\t\t\t\t\t\t<\/div>\n\t\t\t\t<\/div>\n\t\t<div class=\"elementor-element elementor-element-pemmx7c5 e-con-full e-flex e-con e-child\" data-id=\"pemmx7c5\" data-element_type=\"container\" data-e-type=\"container\">\n\t\t<div class=\"elementor-element elementor-element-pemmx7c1 e-con-full e-flex e-con e-child\" data-id=\"pemmx7c1\" data-element_type=\"container\" data-e-type=\"container\">\n\t\t<div class=\"elementor-element elementor-element-qh9oavvu iwg-steckbrief-card e-flex e-con-boxed e-con e-child\" data-id=\"qh9oavvu\" data-element_type=\"container\" data-e-type=\"container\">\n\t\t\t\t\t<div class=\"e-con-inner\">\n\t\t\t\t<div class=\"elementor-element elementor-element-awzx8k2k elementor-widget elementor-widget-heading\" data-id=\"awzx8k2k\" data-element_type=\"widget\" data-e-type=\"widget\" data-widget_type=\"heading.default\">\n\t\t\t\t\t<div class=\"elementor-heading-title elementor-size-default\">Menningarsamhengi<\/div>\t\t\t\t<\/div>\n\t\t\t\t<div class=\"elementor-element elementor-element-x6rowhv0 elementor-widget elementor-widget-text-editor\" data-id=\"x6rowhv0\" data-element_type=\"widget\" data-e-type=\"widget\" data-widget_type=\"text-editor.default\">\n\t\t\t\t\t\t\t\t\t<p>Fyrirb\u00fadd\u00edsk jar\u00f0m\u00f3\u00f0urgo\u00f0, indversk-b\u00fadd\u00edskar <em>matrika<\/em>&#8211; og <em>dakini<\/em>-hef\u00f0ir; kerfisbundnar af Padmasambhava.<\/p>\t\t\t\t\t\t\t\t<\/div>\n\t\t\t\t\t<\/div>\n\t\t\t\t<\/div>\n\t\t<div class=\"elementor-element elementor-element-8e3o4kxs iwg-steckbrief-card e-flex e-con-boxed e-con e-child\" data-id=\"8e3o4kxs\" data-element_type=\"container\" data-e-type=\"container\">\n\t\t\t\t\t<div class=\"e-con-inner\">\n\t\t\t\t<div class=\"elementor-element elementor-element-08rkdgov elementor-widget elementor-widget-heading\" data-id=\"08rkdgov\" data-element_type=\"widget\" data-e-type=\"widget\" data-widget_type=\"heading.default\">\n\t\t\t\t\t<div class=\"elementor-heading-title elementor-size-default\">Tengt vi\u00f0<\/div>\t\t\t\t<\/div>\n\t\t\t\t<div class=\"elementor-element elementor-element-uwjelx8s elementor-widget elementor-widget-text-editor\" data-id=\"uwjelx8s\" data-element_type=\"widget\" data-e-type=\"widget\" data-widget_type=\"text-editor.default\">\n\t\t\t\t\t\t\t\t\t<p>Samf\u00e9l\u00f6g \u00e1 t\u00edmum sameiginlegra kreppna; \u00feeir sem brj\u00f3ta gegn heil\u00f6gum st\u00f6\u00f0um; sj\u00fakir og s\u00e1lr\u00e6nt \u00f3st\u00f6\u00f0ugir; \u00ed j\u00e1kv\u00e6\u00f0um skilningi: tantr\u00edkar og klaustur undir verndarhendi \u00feeirra.<\/p>\t\t\t\t\t\t\t\t<\/div>\n\t\t\t\t\t<\/div>\n\t\t\t\t<\/div>\n\t\t<div class=\"elementor-element elementor-element-jm2n74ec iwg-steckbrief-card e-flex e-con-boxed e-con e-child\" data-id=\"jm2n74ec\" data-element_type=\"container\" data-e-type=\"container\">\n\t\t\t\t\t<div class=\"e-con-inner\">\n\t\t\t\t<div class=\"elementor-element elementor-element-8vufse4c elementor-widget elementor-widget-heading\" data-id=\"8vufse4c\" data-element_type=\"widget\" data-e-type=\"widget\" data-widget_type=\"heading.default\">\n\t\t\t\t\t<div class=\"elementor-heading-title elementor-size-default\">\u00c1s\u00fdnd Mamo<\/div>\t\t\t\t<\/div>\n\t\t\t\t<div class=\"elementor-element elementor-element-mwb9u015 elementor-widget elementor-widget-text-editor\" data-id=\"mwb9u015\" data-element_type=\"widget\" data-e-type=\"widget\" data-widget_type=\"text-editor.default\">\n\t\t\t\t\t\t\t\t\t<p>D\u00f6kkh\u00fa\u00f0u\u00f0 e\u00f0a bl\u00e1sv\u00f6rt kvenvera me\u00f0 \u00f3rei\u00f0ukenndu h\u00e1ri, beinaskarti og t\u00edgrisd\u00fdrsfeldi; oft me\u00f0 vopn (sver\u00f0, hausk\u00fapusk\u00e1l, \u00fer\u00edforka).<\/p>\t\t\t\t\t\t\t\t<\/div>\n\t\t\t\t\t<\/div>\n\t\t\t\t<\/div>\n\t\t\t\t<\/div>\n\t\t<div class=\"elementor-element elementor-element-pemmx7c2 e-con-full e-flex e-con e-child\" data-id=\"pemmx7c2\" data-element_type=\"container\" data-e-type=\"container\">\n\t\t<div class=\"elementor-element elementor-element-37ss2yr6 iwg-steckbrief-card e-flex e-con-boxed e-con e-child\" data-id=\"37ss2yr6\" data-element_type=\"container\" data-e-type=\"container\">\n\t\t\t\t\t<div class=\"e-con-inner\">\n\t\t\t\t<div class=\"elementor-element elementor-element-3v0wp3wx elementor-widget elementor-widget-heading\" data-id=\"3v0wp3wx\" data-element_type=\"widget\" data-e-type=\"widget\" data-widget_type=\"heading.default\">\n\t\t\t\t\t<div class=\"elementor-heading-title elementor-size-default\">Verkunarsvi\u00f0<\/div>\t\t\t\t<\/div>\n\t\t\t\t<div class=\"elementor-element elementor-element-w3247g2m elementor-widget elementor-widget-text-editor\" data-id=\"w3247g2m\" data-element_type=\"widget\" data-e-type=\"widget\" data-widget_type=\"text-editor.default\">\n\t\t\t\t\t\t\t\t\t<p>Fars\u00f3ttir, uppskerubrestir, str\u00ed\u00f0, s\u00e1lr\u00e6n \u00f3st\u00f6\u00f0ugleiki, martra\u00f0ir; j\u00e1kv\u00e6\u00f0: frj\u00f3semi, regn, \u00e1kve\u00f0in vernd.<\/p>\t\t\t\t\t\t\t\t<\/div>\n\t\t\t\t\t<\/div>\n\t\t\t\t<\/div>\n\t\t<div class=\"elementor-element elementor-element-0qpjal9w iwg-steckbrief-card e-flex e-con-boxed e-con e-child\" data-id=\"0qpjal9w\" data-element_type=\"container\" data-e-type=\"container\">\n\t\t\t\t\t<div class=\"e-con-inner\">\n\t\t\t\t<div class=\"elementor-element elementor-element-6ndoih0o elementor-widget elementor-widget-heading\" data-id=\"6ndoih0o\" data-element_type=\"widget\" data-e-type=\"widget\" data-widget_type=\"heading.default\">\n\t\t\t\t\t<div class=\"elementor-heading-title elementor-size-default\">Varnarform<\/div>\t\t\t\t<\/div>\n\t\t\t\t<div class=\"elementor-element elementor-element-6684tyh9 elementor-widget elementor-widget-text-editor\" data-id=\"6684tyh9\" data-element_type=\"widget\" data-e-type=\"widget\" data-widget_type=\"text-editor.default\">\n\t\t\t\t\t\t\t\t\t<p>Ma-mo-Torma-<span class=\"iwg-fachbegriff\" data-tooltip=\"Gj\u00f6f til gu\u00f0legrar veru til a\u00f0 tj\u00e1 \u00feakkl\u00e6ti, b\u00e6n e\u00f0a lotningu.\" tabindex=\"0\">f\u00f3rn<\/span>, sang-reykf\u00f3rn, athafnahef\u00f0 verndargo\u00f0anna (Palden Lhamo, Ekajati), Ch\u00f6dpa-<span class=\"iwg-fachbegriff\" data-tooltip=\"\u00c1kve\u00f0in runa t\u00e1knr\u00e6nna athafna me\u00f0 tr\u00faarlegri e\u00f0a menningarlegri merkingu.\" tabindex=\"0\">ath\u00f6fn<\/span>, tantr\u00edsk sj\u00f3nhuglei\u00f0ing.<\/p>\t\t\t\t\t\t\t\t<\/div>\n\t\t\t\t\t<\/div>\n\t\t\t\t<\/div>\n\t\t<div class=\"elementor-element elementor-element-3lfi7x32 iwg-steckbrief-card e-flex e-con-boxed e-con e-child\" data-id=\"3lfi7x32\" data-element_type=\"container\" data-e-type=\"container\">\n\t\t\t\t\t<div class=\"e-con-inner\">\n\t\t\t\t<div class=\"elementor-element elementor-element-0kg99ga1 elementor-widget elementor-widget-heading\" data-id=\"0kg99ga1\" data-element_type=\"widget\" data-e-type=\"widget\" data-widget_type=\"heading.default\">\n\t\t\t\t\t<div class=\"elementor-heading-title elementor-size-default\">Tengdar verur<\/div>\t\t\t\t<\/div>\n\t\t\t\t<div class=\"elementor-element elementor-element-n0fum6kp elementor-widget elementor-widget-text-editor\" data-id=\"n0fum6kp\" data-element_type=\"widget\" data-e-type=\"widget\" data-widget_type=\"text-editor.default\">\n\t\t\t\t\t\t\t\t\t<p>\u00deessar verur eru hli\u00f0st\u00e6\u00f0ar hind\u00fa\u00edsku matrikunum og Kali-birtingarmyndunum, b\u00e1\u00f0ar koma fram sem sameiginlegar rei\u00f0ar m\u00e6\u00f0ur. \u00cd v\u00ed\u00f0t\u00e6kari mahayana-b\u00fadd\u00edskri hef\u00f0 standa <em>dakini<\/em>-verurnar, l\u00edkt og Empusa, \u00e1 \u00fer\u00f6skuldinum milli skelfilegs og frelsandi hlutverks. T\u00edbetskar hli\u00f0st\u00e6\u00f0ur eru <a href=\"https:\/\/iwell-guard.com\/is\/?page_id=168778\">Palden Lhamo<\/a> sem rei\u00f0 verndargy\u00f0ja, Ekajati sem rei\u00f0 verndarvera tantranna og <a href=\"https:\/\/iwell-guard.com\/is\/?page_id=168720\">Yamaraja<\/a> sem d\u00f3mari dau\u00f0ans.<\/p>\t\t\t\t\t\t\t\t<\/div>\n\t\t\t\t\t<\/div>\n\t\t\t\t<\/div>\n\t\t\t\t<\/div>\n\t\t\t\t<\/div>\n\t\t\t\t\t<\/div>\n\t\t\t\t<\/div>\n\t\t<div class=\"elementor-element elementor-element-7533bc7a e-flex e-con-boxed e-con e-parent\" data-id=\"7533bc7a\" data-element_type=\"container\" data-e-type=\"container\">\n\t\t\t\t\t<div class=\"e-con-inner\">\n\t\t\t\t<div class=\"elementor-element elementor-element-2447d18d elementor-widget elementor-widget-heading\" data-id=\"2447d18d\" data-element_type=\"widget\" data-e-type=\"widget\" data-widget_type=\"heading.default\">\n\t\t\t\t\t<h2 class=\"elementor-heading-title elementor-size-default\">Varnir \u00ed daglegu l\u00edfi<\/h2>\t\t\t\t<\/div>\n\t\t<div class=\"elementor-element elementor-element-d5d0260c e-con-full e-flex e-con e-child\" data-id=\"d5d0260c\" data-element_type=\"container\" data-e-type=\"container\">\n\t\t\t\t<div class=\"elementor-element elementor-element-341be2ac elementor-widget elementor-widget-text-editor\" data-id=\"341be2ac\" data-element_type=\"widget\" data-e-type=\"widget\" data-widget_type=\"text-editor.default\">\n\t\t\t\t\t\t\t\t\t<p><strong>Ma-mo-Torma-h\u00e1t\u00ed\u00f0ir.<\/strong> \u00c1 t\u00edmum sameiginlegrar kreppu e\u00f0a sem hluti af reglulegri klausturhef\u00f0 eru haldnar st\u00f3rar torma-h\u00e1t\u00ed\u00f0ir \u00fear sem margar mamo-verur eru sefa\u00f0ar \u00ed senn.<\/p><p>Palden Lhamo-<span class=\"iwg-fachbegriff\" data-tooltip=\"\u00c1kve\u00f0in runa t\u00e1knr\u00e6nna athafna me\u00f0 tr\u00faarlegri e\u00f0a menningarlegri merkingu.\" tabindex=\"0\">ath\u00f6fn<\/span>. \u00deessi mikla verndargo\u00f0veru er d\u00fdrku\u00f0 daglega \u00ed m\u00f6rgum klaustrum, s\u00e9rstaklega innan Gelug-sk\u00f3lans; vi\u00f0 Lhamo Latso, \u201evatn <span class=\"iwg-fachbegriff\" data-tooltip=\"Vera sem er d\u00fdrku\u00f0 sem gu\u00f0leg innan tr\u00faarbrag\u00f0a.\" tabindex=\"0\">gu\u00f0veru<\/span>\u201c, hafa s\u00fdnir veri\u00f0 leita\u00f0ar um aldir.<\/p><p>Ch\u00f6dpa-i\u00f0kun. Tantr\u00edska Ch\u00f6d-<span class=\"iwg-fachbegriff\" data-tooltip=\"\u00c1kve\u00f0in runa t\u00e1knr\u00e6nna athafna me\u00f0 tr\u00faarlegri e\u00f0a menningarlegri merkingu.\" tabindex=\"0\">ath\u00f6fnin<\/span>, \u00fear sem i\u00f0kandinn framrei\u00f0ir l\u00edkama sinn hungru\u00f0um verum, er s\u00e9rlega \u00e1hrifar\u00edk til a\u00f0 f\u00e1st vi\u00f0 mamo-krafta.<\/p><p>Vistkerfi og si\u00f0fer\u00f0i. \u00cd hef\u00f0inni er verndar gegn mamo-rei\u00f0i einnig n\u00e1\u00f0 me\u00f0 var\u00f0veislu heilagra sta\u00f0a, vir\u00f0ingu fyrir kvenkennurum og \u00fev\u00ed a\u00f0 halda sameiginlega s\u00e1ttm\u00e1la.<\/p><h3><span class=\"iwg-fachbegriff\" data-tooltip=\"Heild tr\u00faarlegra d\u00fdrkunarathafna fyrir gu\u00f0veru e\u00f0a heilaga pers\u00f3nu.\" tabindex=\"0\">D\u00fdrkun<\/span> og lotning<\/h3><p><em>Mamo<\/em> eru \u00ed T\u00edbet sefa\u00f0ar til a\u00f0 milda ey\u00f0ingarkraft \u00feeirra. Athafnir tengdar mamo eru hluti af verndarhef\u00f0um klaustranna. \u00de\u00e6r eru \u00e1kalla\u00f0ar til verndar gegn n\u00e1tt\u00faruhamf\u00f6rum og til varnar gegn kvenkyns illsku.<\/p>\t\t\t\t\t\t\t\t<\/div>\n\t\t\t\t<\/div>\n\t\t\t\t\t<\/div>\n\t\t\t\t<\/div>\n\t\t<div class=\"elementor-element elementor-element-5a584676 e-flex e-con-boxed e-con e-parent\" data-id=\"5a584676\" data-element_type=\"container\" data-e-type=\"container\">\n\t\t\t\t\t<div class=\"e-con-inner\">\n\t\t\t\t<div class=\"elementor-element elementor-element-6d0757bf elementor-widget elementor-widget-heading\" data-id=\"6d0757bf\" data-element_type=\"widget\" data-e-type=\"widget\" data-widget_type=\"heading.default\">\n\t\t\t\t\t<h2 class=\"elementor-heading-title elementor-size-default\">Mamo, hli\u00f0st\u00e6\u00f0ur \u00ed \u00f6\u00f0rum menningarheimum<\/h2>\t\t\t\t<\/div>\n\t\t<div class=\"elementor-element elementor-element-60563f68 e-con-full e-flex e-con e-child\" data-id=\"60563f68\" data-element_type=\"container\" data-e-type=\"container\">\n\t\t\t\t<div class=\"elementor-element elementor-element-5a93fdd6 elementor-widget elementor-widget-text-editor\" data-id=\"5a93fdd6\" data-element_type=\"widget\" data-e-type=\"widget\" data-widget_type=\"text-editor.default\">\n\t\t\t\t\t\t\t\t\t<p><strong>Indland\/Hind\u00faismi.<\/strong> <em>Matrika<\/em>-gu\u00f0veruruna (m\u00f3\u00f0urgy\u00f0jur) og <em>Kali<\/em> eru n\u00e1nustu \u00e6ttingjarnir; <span class=\"iwg-fachbegriff\" data-tooltip=\"Fr\u00e6\u00f0i um innihald mynda og merkingu \u00feeirra.\" tabindex=\"0\">myndm\u00e1l<\/span> me\u00f0 beinaskrauti og d\u00f6kkri h\u00fa\u00f0 er sameiginlegt.<\/p><p>B\u00faddismi. <em>Dakini<\/em>-verur eru myndr\u00e6nt n\u00e1in mamo; \u00ed vestr\u00e6nni t\u00falkun eru hugt\u00f6kin oft ruglu\u00f0 saman, dakini v\u00edsar til himneskra sendibo\u00f0akvenna, mamo til dekkri jar\u00f0m\u00f3\u00f0ur-flokksins.<\/p><p>Evr\u00f3pa. Baba Jaga og tengdar slavneskar sk\u00f3garm\u00e6\u00f0ur, gr\u00edska <em>mormo<\/em>: al\u00fej\u00f3\u00f0legt endurteki\u00f0 <span class=\"iwg-fachbegriff\" data-tooltip=\"Endurteki\u00f0 innihaldsatri\u00f0i \u00ed list e\u00f0a fr\u00e1s\u00f6gn.\" tabindex=\"0\">minni<\/span> tv\u00edr\u00e6\u00f0ra mikilla m\u00e6\u00f0ra.<\/p>\t\t\t\t\t\t\t\t<\/div>\n\t\t\t\t<\/div>\n\t\t\t\t\t<\/div>\n\t\t\t\t<\/div>\n\t\t<div class=\"elementor-element elementor-element-cpa6f829c e-flex e-con-boxed e-con e-parent\" data-id=\"cpa6f829c\" data-element_type=\"container\" data-e-type=\"container\">\n\t\t\t\t\t<div class=\"e-con-inner\">\n\t\t\t\t<div class=\"elementor-element elementor-element-cp1e9e62d elementor-widget elementor-widget-heading\" data-id=\"cp1e9e62d\" data-element_type=\"widget\" data-e-type=\"widget\" data-widget_type=\"heading.default\">\n\t\t\t\t\t<h2 class=\"elementor-heading-title elementor-size-default\">Mamo \u00ed t\u00edbet-b\u00fadd\u00edsku go\u00f0aheiminum<\/h2>\t\t\t\t<\/div>\n\t\t<div class=\"elementor-element elementor-element-cp9717e61 e-con-full e-flex e-con e-child\" data-id=\"cp9717e61\" data-element_type=\"container\" data-e-type=\"container\">\n\t\t\t\t<div class=\"elementor-element elementor-element-cp6793fb2 elementor-widget elementor-widget-text-editor\" data-id=\"cp6793fb2\" data-element_type=\"widget\" data-e-type=\"widget\" data-widget_type=\"text-editor.default\">\n\t\t\t\t\t\t\t\t\t<p><em>Mamo<\/em>, \u00e1 t\u00edbetsku oft skrifa\u00f0 <em>ma mo<\/em>, myndar s\u00e9rstakan flokk kvenkyns vera innan hins fl\u00f3kna andaheims t\u00edbetsks b\u00faddisma. \u00de\u00e6r eru \u00e1litnar rei\u00f0ar m\u00e1ttarveldi, tengdar sj\u00fakd\u00f3mum, str\u00ed\u00f0i og \u00f3g\u00e6fu.<\/p><p>\u00cd flokkunarkerfum t\u00edbetskrar hef\u00f0ar eru \u00fe\u00e6r oft taldar til verndargo\u00f0veranna, en sta\u00f0a \u00feeirra er tv\u00edr\u00e6\u00f0: eftir samhengi koma \u00fe\u00e6r fram sem \u00f3heftar, h\u00e6ttulegar m\u00e1tsveitir e\u00f0a sem verndarar l\u00e6runnar, bundnar <span class=\"iwg-fachbegriff\" data-tooltip=\"\u00cd indverskum tr\u00faarbr\u00f6g\u00f0um l\u00e6rd\u00f3murinn og hin r\u00e9tta regla athafna.\" tabindex=\"0\">dharma<\/span>.<\/p><p>\u00deessi tv\u00f6falda n\u00e1tt\u00fara er ekki m\u00f3ts\u00f6gn heldur samsvarar grunnr\u00f6kfr\u00e6\u00f0i t\u00edbetskra tr\u00faarbrag\u00f0a. Margar mikilv\u00e6gustu verndargo\u00f0verurnar eru taldar hafa upphaflega veri\u00f0 villtar, fyrirb\u00fadd\u00edskar e\u00f0a dj\u00f6fullegar verur sem miklir meistarar, oft Padmasambhava samkv\u00e6mt <span class=\"iwg-fachbegriff\" data-tooltip=\"Mi\u00f0lun \u00feekkingar og fr\u00e1sagna kynsl\u00f3\u00f0 eftir kynsl\u00f3\u00f0.\" tabindex=\"0\">munnm\u00e6lum<\/span>, k\u00fagu\u00f0u og bundu b\u00faddisma me\u00f0 ei\u00f0i.<\/p><p>Mamo tilheyra \u00feessum h\u00f3pi bundinna en a\u00f0 e\u00f0li h\u00e6ttulegra m\u00e1tsveita. K\u00fagun \u00feeirra er aldrei fullna\u00f0ar trygg\u00f0, hana \u00fearf s\u00edfellt a\u00f0 endurn\u00fdja <span class=\"iwg-fachbegriff\" data-tooltip=\"Sem tilheyrir fastm\u00f3tu\u00f0u tr\u00faarlegu athafnaferli.\" tabindex=\"0\">athafnalega<\/span>.<\/p><p>Ranns\u00f3knir \u00e1 t\u00edbetskum tr\u00faarbr\u00f6g\u00f0um, me\u00f0al annars grundvallarverk Ren\u00e9 de Nebesky-Wojkowitz um verndargo\u00f0verur T\u00edbets, hafa dregi\u00f0 fram mamo sem d\u00e6mi um lagskiptingu t\u00edbetska go\u00f0aheimsins.<\/p><p>\u00cd \u00feeim renna saman \u00fe\u00e6ttir fyrirb\u00fadd\u00edskra innlendra tr\u00faarbrag\u00f0a, \u00e1hrif fr\u00e1 indverskri tantrahef\u00f0 og hin skipandi kerfisfr\u00e6\u00f0i full\u00fer\u00f3a\u00f0s t\u00edbetsks b\u00faddisma. Mamo ver\u00f0a \u00fev\u00ed ekki raktar til einnar uppsprettu. \u00de\u00e6r eru afur\u00f0 langrar tr\u00faars\u00f6gulegrar samruna sem einkennir T\u00edbet.<\/p>\t\t\t\t\t\t\t\t<\/div>\n\t\t\t\t<\/div>\n\t\t\t\t\t<\/div>\n\t\t\t\t<\/div>\n\t\t<div class=\"elementor-element elementor-element-cp47e7baa e-flex e-con-boxed e-con e-parent\" data-id=\"cp47e7baa\" data-element_type=\"container\" data-e-type=\"container\">\n\t\t\t\t\t<div class=\"e-con-inner\">\n\t\t\t\t<div class=\"elementor-element elementor-element-cpf0966a8 elementor-widget elementor-widget-heading\" data-id=\"cpf0966a8\" data-element_type=\"widget\" data-e-type=\"widget\" data-widget_type=\"heading.default\">\n\t\t\t\t\t<h2 class=\"elementor-heading-title elementor-size-default\">Mamo, sj\u00fakd\u00f3mar og \u00f3jafnv\u00e6gi heimsins<\/h2>\t\t\t\t<\/div>\n\t\t<div class=\"elementor-element elementor-element-cp6942b21 e-con-full e-flex e-con e-child\" data-id=\"cp6942b21\" data-element_type=\"container\" data-e-type=\"container\">\n\t\t\t\t<div class=\"elementor-element elementor-element-cp6bc54c7 elementor-widget elementor-widget-text-editor\" data-id=\"cp6bc54c7\" data-element_type=\"widget\" data-e-type=\"widget\" data-widget_type=\"text-editor.default\">\n\t\t\t\t\t\t\t\t\t<p>\u00cd t\u00edbetskri hugmyndafr\u00e6\u00f0i eru mamo (Mamo) n\u00e1tengdar fars\u00f3ttum, sj\u00fakd\u00f3mum og f\u00e9lagslegri upplausn. \u00de\u00e6r eru taldar \u00feau \u00f6fl sem brei\u00f0a \u00fat smitsj\u00fakd\u00f3ma og sem styrkjast \u00e1 t\u00edmum si\u00f0fer\u00f0islegrar ni\u00f0url\u00e6gingar.<\/p><p>\u00deessi tengsl eru engin tilviljun: T\u00edbetsk tr\u00faarhugsun \u00fatsk\u00fdrir sameiginlegar \u00f3g\u00e6fur oft sem aflei\u00f0ingu r\u00f6skunar \u00e1 reglu, \u00f3jafnv\u00e6gis milli manna og hinna \u00f3s\u00fdnilegu afla umhverfis \u00feeirra.<\/p><p>Mamo eru \u00ed \u00feessu samhengi l\u00fdst sem s\u00e9rlega vi\u00f0kv\u00e6mar fyrir mengun og ei\u00f0rofi. \u00deegar heit eru rofin, \u00feegar helgisi\u00f0abundnar skyldur eru vanr\u00e6ktar, \u00feegar heimurinn sn\u00fdr baki vi\u00f0 l\u00e6rd\u00f3mnum, segir sagan a\u00f0 mamo rei\u00f0ist og senda fr\u00e1 s\u00e9r sj\u00fakd\u00f3ma og str\u00ed\u00f0.<\/p><p>Verk \u00feeirra er \u00feannig m\u00e6likvar\u00f0i \u00e1 st\u00f6\u00f0u si\u00f0fer\u00f0islegrar og helgisi\u00f0abundinnar reglu. \u00de\u00e6r eru s\u00ed\u00f0ur handah\u00f3fskenndar pl\u00e1gur en eins konar framkv\u00e6mdarvald sem brug\u00f0ist er vi\u00f0 r\u00f6skun me\u00f0.<\/p><p>\u00deessi t\u00falkun haf\u00f0i \u00e1\u00fereifanlegar aflei\u00f0ingar fyrir helgisi\u00f0aframkv\u00e6md. \u00c1 t\u00edmum fars\u00f3tta e\u00f0a str\u00ed\u00f0s framkv\u00e6mdu klaustur s\u00e9rstakar athafnir sem beindust a\u00f0 mamo og \u00e1tti a\u00f0 milda rei\u00f0i \u00feeirra. Sl\u00edkar athafnir f\u00f3lu \u00ed s\u00e9r f\u00f3rnargjafir, j\u00e1tningar \u00e1 misgj\u00f6r\u00f0um og helgisi\u00f0abundna endurn\u00fdjun \u00e1 bindingu mamo vi\u00f0 l\u00e6rd\u00f3minn.<\/p><p>Tr\u00faarbrag\u00f0afr\u00e6\u00f0ilegar ranns\u00f3knir sj\u00e1 \u00ed \u00feessu sk\u00fdrt d\u00e6mi um hvernig t\u00edbetsk tr\u00faarhugsun felldi sameiginlegar kreppur inn \u00ed heimsfr\u00e6\u00f0ilegan t\u00falkunarramma og br\u00e1st vi\u00f0 \u00feeim me\u00f0 helgisi\u00f0abundinni vi\u00f0ger\u00f0arvinnu. Mamo voru \u00fear ekki bara ors\u00f6k \u00f3g\u00e6funnar, heldur einnig vi\u00f0takandi hennar: A\u00f0 \u00feeim beindist hin helgisi\u00f0abundna vi\u00f0leitni sem \u00e1tti a\u00f0 koma jafnv\u00e6ginu \u00e1 a\u00f0 n\u00fdju.<\/p>\t\t\t\t\t\t\t\t<\/div>\n\t\t\t\t<\/div>\n\t\t\t\t\t<\/div>\n\t\t\t\t<\/div>\n\t\t<div class=\"elementor-element elementor-element-36dd7469 e-flex e-con-boxed e-con e-parent\" data-id=\"36dd7469\" data-element_type=\"container\" data-e-type=\"container\">\n\t\t\t\t\t<div class=\"e-con-inner\">\n\t\t\t\t<div class=\"elementor-element elementor-element-13760ab4 elementor-widget elementor-widget-heading\" data-id=\"13760ab4\" data-element_type=\"widget\" data-e-type=\"widget\" data-widget_type=\"heading.default\">\n\t\t\t\t\t<h3 class=\"elementor-heading-title elementor-size-default\">\u00cdtarefni og tenglar<\/h3>\t\t\t\t<\/div>\n\t\t<div class=\"elementor-element elementor-element-28c87796 e-con-full e-flex e-con e-child\" data-id=\"28c87796\" data-element_type=\"container\" data-e-type=\"container\">\n\t\t\t\t<div class=\"elementor-element elementor-element-5d6538df elementor-widget elementor-widget-text-editor\" data-id=\"5d6538df\" data-element_type=\"widget\" data-e-type=\"widget\" data-widget_type=\"text-editor.default\">\n\t\t\t\t\t\t\t\t\t<p>R\u00e1\u00f0lag\u00f0ir innri hlekkir:<\/p><ul><li>Menningars\u00ed\u00f0an <strong>T\u00edbet<\/strong>.<\/li><li>Fleiri einstakar sni\u00f0myndir fr\u00e1 T\u00edbet: <a href=\"https:\/\/iwell-guard.com\/is\/?page_id=168672\">Lu<\/a>, <a href=\"https:\/\/iwell-guard.com\/is\/?page_id=168673\">Tsen<\/a>, <a href=\"https:\/\/iwell-guard.com\/is\/?page_id=168674\">Nyen<\/a>, <a href=\"https:\/\/iwell-guard.com\/is\/?page_id=168675\">Gyalpo<\/a>.<\/li><li>N\u00e1nari uppl\u00fdsingar um Mamo koma s\u00ed\u00f0ar<\/li><\/ul>\t\t\t\t\t\t\t\t<\/div>\n\t\t\t\t<\/div>\n\t\t\t\t\t<\/div>\n\t\t\t\t<\/div>\n\t\t<div class=\"elementor-element elementor-element-grl4kl40 e-flex e-con-boxed e-con e-parent\" data-id=\"grl4kl40\" data-element_type=\"container\" data-e-type=\"container\">\n\t\t\t\t\t<div class=\"e-con-inner\">\n\t\t\t\t<div class=\"elementor-element elementor-element-bzsbfrmh elementor-widget elementor-widget-heading\" data-id=\"bzsbfrmh\" data-element_type=\"widget\" data-e-type=\"widget\" data-widget_type=\"heading.default\">\n\t\t\t\t\t<h2 class=\"elementor-heading-title elementor-size-default\">Fr\u00e6\u00f0irit<\/h2>\t\t\t\t<\/div>\n\t\t<div class=\"elementor-element elementor-element-2c13224a e-con-full e-flex e-con e-child\" data-id=\"2c13224a\" data-element_type=\"container\" data-e-type=\"container\">\n\t\t\t\t<div class=\"elementor-element elementor-element-0eymh9ub elementor-widget elementor-widget-text-editor\" data-id=\"0eymh9ub\" data-element_type=\"widget\" data-e-type=\"widget\" data-widget_type=\"text-editor.default\">\n\t\t\t\t\t\t\t\t\t<footer class=\"iwg-literatur\" data-nosnippet=\"true\"><p>Nokkur helstu heimildarrit um Mamo \u00ed sam\u00fej\u00f6ppu\u00f0u \u00farvali:<\/p><ul><li><span data-nosnippet>Simmer-Brown, Judith: <em>Dakini\u2019s Warm Breath: The Feminine Principle in Tibetan Buddhism.<\/em> Shambhala, Boston 2001.<\/span><\/li><li><span data-nosnippet>Willis, Janice D.: <em>Dakini: Some Comments on Its Nature and Meaning.<\/em> In: Feminine Ground: Essays on Women and Tibet, Ithaca 1987.<\/span><\/li><\/ul><\/footer>\n<p class=\"iwg-bib-more\"><span data-nosnippet>Fleiri undirst\u00f6\u00f0urit \u00ed <a href=\"https:\/\/iwell-guard.com\/is\/?page_id=168730\">heimildaskr\u00e1nni<\/a>.<\/span><\/p>\t\t\t\t\t\t\t\t<\/div>\n\t\t\t\t<\/div>\n\t\t\t\t\t<\/div>\n\t\t\t\t<\/div>\n\t\t<div class=\"elementor-element elementor-element-iwgca-mamo-sec e-flex e-con-boxed e-con e-parent\" data-id=\"iwgca-mamo-sec\" data-element_type=\"container\" data-e-type=\"container\" id=\"iwg-ca-mamo\">\n\t\t\t\t\t<div class=\"e-con-inner\">\n\t\t\t\t<div class=\"elementor-element elementor-element-iwgca-mamo-te iwg-ca-textwrap elementor-widget elementor-widget-text-editor\" data-id=\"iwgca-mamo-te\" data-element_type=\"widget\" data-e-type=\"widget\" data-widget_type=\"text-editor.default\">\n\t\t\t\t\t\t\t\t\t<div data-nosnippet=\"true\"><p class=\"iwg-ca-bridge\">Verndarhef\u00f0in sem h\u00e9r er l\u00fdst er v\u00edsindaleg \u00fattekt \u00e1 s\u00f6guhef\u00f0um. iWell Guard tengist \u00feessari menningars\u00f6gulegu hef\u00f0 verndargripa sem borin eru \u00e1 l\u00edkamanum og er n\u00fat\u00edmaleg \u00fatf\u00e6rsla \u00e1 henni. <a href=\"\/ueber-iwell-guard\/?utm_source=iwell-guard.com&#038;utm_medium=text-link&#038;utm_campaign=schadwesen-tradition\">Meira um iWell Guard \u2192<\/a><\/p><\/div>\t\t\t\t\t\t\t\t<\/div>\n\t\t\t\t\t<\/div>\n\t\t\t\t<\/div>\n\t\t\t\t<\/div>\n\t\t","protected":false},"excerpt":{"rendered":"","protected":false},"author":3,"featured_media":1696,"parent":0,"menu_order":0,"comment_status":"closed","ping_status":"closed","template":"elementor_header_footer","meta":{"_yoast_wpseo_focuskw":"Mamo Dakini","_yoast_wpseo_title":"Mamo \u2013 dakini-vera og n\u00e1tt\u00farukraftur","_yoast_wpseo_metadesc":"Mamo, kvenkyns og d\u00f6kkar m\u00e6\u00f0rav\u00e6ttir t\u00edbeskrar hef\u00f0ar: verur n\u00e1l\u00e6gt dakini \u00e1 milli verndar og fars\u00f3tta. Tr\u00faarbrag\u00f0afr\u00e6\u00f0ileg \u00fattekt.","_yoast_wpseo_meta-robots-noindex":"","_yoast_wpseo_canonical":"","_angie_page":false,"gefaehrdungsstufe":"4","wesen_kultur":"tibet","wesen_klasse":"geister","footnotes":""},"categories":[],"class_list":["post-168676","page","type-page","status-publish","has-post-thumbnail","hentry"],"yoast_head":"<!-- This site is optimized with the Yoast SEO Premium plugin v27.7 (Yoast SEO v28.3) - https:\/\/yoast.com\/product\/yoast-seo-premium-wordpress\/ -->\n<title>Mamo \u2013 dakini-vera og n\u00e1tt\u00farukraftur<\/title>\n<meta name=\"description\" content=\"Mamo, kvenkyns og d\u00f6kkar m\u00e6\u00f0rav\u00e6ttir t\u00edbeskrar hef\u00f0ar: verur n\u00e1l\u00e6gt dakini \u00e1 milli verndar og fars\u00f3tta. Tr\u00faarbrag\u00f0afr\u00e6\u00f0ileg \u00fattekt.\" \/>\n<meta name=\"robots\" content=\"index, follow, max-snippet:-1, max-image-preview:large, max-video-preview:-1\" \/>\n<link rel=\"canonical\" href=\"https:\/\/iwell-guard.com\/is\/mamo\/\" \/>\n<meta property=\"og:locale\" content=\"is_IS\" \/>\n<meta property=\"og:type\" content=\"article\" \/>\n<meta property=\"og:title\" content=\"Mamo\" \/>\n<meta property=\"og:description\" content=\"Mamo, kvenkyns og d\u00f6kkar m\u00e6\u00f0rav\u00e6ttir t\u00edbeskrar hef\u00f0ar: verur n\u00e1l\u00e6gt dakini \u00e1 milli verndar og fars\u00f3tta. Tr\u00faarbrag\u00f0afr\u00e6\u00f0ileg \u00fattekt.\" \/>\n<meta property=\"og:url\" content=\"https:\/\/iwell-guard.com\/is\/mamo\/\" \/>\n<meta property=\"og:site_name\" content=\"iWell Guard\" \/>\n<meta property=\"article:modified_time\" content=\"2026-09-05T14:16:37+00:00\" \/>\n<meta property=\"og:image\" content=\"https:\/\/iwell-guard.com\/wp-content\/uploads\/2026\/04\/geister_tibet_mamo.webp\" \/>\n\t<meta property=\"og:image:width\" content=\"1024\" \/>\n\t<meta property=\"og:image:height\" content=\"1536\" \/>\n\t<meta property=\"og:image:type\" content=\"image\/webp\" \/>\n<meta name=\"twitter:card\" content=\"summary_large_image\" \/>\n<script type=\"application\/ld+json\" class=\"yoast-schema-graph\">{\"@context\":\"https:\\\/\\\/schema.org\",\"@graph\":[{\"@type\":\"WebPage\",\"@id\":\"https:\\\/\\\/iwell-guard.com\\\/is\\\/mamo\\\/\",\"url\":\"https:\\\/\\\/iwell-guard.com\\\/is\\\/mamo\\\/\",\"name\":\"Mamo \u2013 dakini-vera og n\u00e1tt\u00farukraftur\",\"isPartOf\":{\"@id\":\"https:\\\/\\\/iwell-guard.com\\\/is\\\/#website\"},\"primaryImageOfPage\":{\"@id\":\"https:\\\/\\\/iwell-guard.com\\\/is\\\/mamo\\\/#primaryimage\"},\"image\":{\"@id\":\"https:\\\/\\\/iwell-guard.com\\\/is\\\/mamo\\\/#primaryimage\"},\"thumbnailUrl\":\"https:\\\/\\\/iwell-guard.com\\\/wp-content\\\/uploads\\\/2026\\\/04\\\/geister_tibet_mamo.webp\",\"datePublished\":\"2026-09-05T14:02:05+00:00\",\"dateModified\":\"2026-09-05T14:16:37+00:00\",\"description\":\"Mamo, kvenkyns og d\u00f6kkar m\u00e6\u00f0rav\u00e6ttir t\u00edbeskrar hef\u00f0ar: verur n\u00e1l\u00e6gt dakini \u00e1 milli verndar og fars\u00f3tta. Tr\u00faarbrag\u00f0afr\u00e6\u00f0ileg \u00fattekt.\",\"breadcrumb\":{\"@id\":\"https:\\\/\\\/iwell-guard.com\\\/is\\\/mamo\\\/#breadcrumb\"},\"inLanguage\":\"is\",\"potentialAction\":[{\"@type\":\"ReadAction\",\"target\":[\"https:\\\/\\\/iwell-guard.com\\\/is\\\/mamo\\\/\"]}]},{\"@type\":\"ImageObject\",\"inLanguage\":\"is\",\"@id\":\"https:\\\/\\\/iwell-guard.com\\\/is\\\/mamo\\\/#primaryimage\",\"url\":\"https:\\\/\\\/iwell-guard.com\\\/wp-content\\\/uploads\\\/2026\\\/04\\\/geister_tibet_mamo.webp\",\"contentUrl\":\"https:\\\/\\\/iwell-guard.com\\\/wp-content\\\/uploads\\\/2026\\\/04\\\/geister_tibet_mamo.webp\",\"width\":1024,\"height\":1536,\"caption\":\"Andar \u00far T\u00edbet-hef\u00f0inni.\"},{\"@type\":\"BreadcrumbList\",\"@id\":\"https:\\\/\\\/iwell-guard.com\\\/is\\\/mamo\\\/#breadcrumb\",\"itemListElement\":[{\"@type\":\"ListItem\",\"position\":1,\"name\":\"Start\",\"item\":\"https:\\\/\\\/iwell-guard.com\\\/is\\\/?page_id=168580\"},{\"@type\":\"ListItem\",\"position\":2,\"name\":\"Mamo\"}]},{\"@type\":\"WebSite\",\"@id\":\"https:\\\/\\\/iwell-guard.com\\\/is\\\/#website\",\"url\":\"https:\\\/\\\/iwell-guard.com\\\/is\\\/\",\"name\":\"iWell Guard\",\"description\":\"Schutz vor dunklen Einfl\u00fcssen\",\"publisher\":{\"@id\":\"https:\\\/\\\/iwell-guard.com\\\/is\\\/#organization\"},\"potentialAction\":[{\"@type\":\"SearchAction\",\"target\":{\"@type\":\"EntryPoint\",\"urlTemplate\":\"https:\\\/\\\/iwell-guard.com\\\/is\\\/?s={search_term_string}\"},\"query-input\":{\"@type\":\"PropertyValueSpecification\",\"valueRequired\":true,\"valueName\":\"search_term_string\"}}],\"inLanguage\":\"is\"},{\"@type\":\"Organization\",\"@id\":\"https:\\\/\\\/iwell-guard.com\\\/is\\\/#organization\",\"name\":\"Ittermann electronic GmbH\",\"url\":\"https:\\\/\\\/iwell-guard.com\\\/is\\\/\",\"logo\":{\"@type\":\"ImageObject\",\"inLanguage\":\"is\",\"@id\":\"https:\\\/\\\/iwell-guard.com\\\/is\\\/#\\\/schema\\\/logo\\\/image\\\/\",\"url\":\"https:\\\/\\\/iwell-guard.com\\\/wp-content\\\/uploads\\\/2026\\\/05\\\/Ittermann-Logo-1182x237-1.png\",\"contentUrl\":\"https:\\\/\\\/iwell-guard.com\\\/wp-content\\\/uploads\\\/2026\\\/05\\\/Ittermann-Logo-1182x237-1.png\",\"width\":1182,\"height\":237,\"caption\":\"Ittermann electronic GmbH\"},\"image\":{\"@id\":\"https:\\\/\\\/iwell-guard.com\\\/is\\\/#\\\/schema\\\/logo\\\/image\\\/\"},\"sameAs\":[\"https:\\\/\\\/pantip.com\\\/profile\\\/9367242\",\"https:\\\/\\\/micro.blog\\\/iwellguard\",\"https:\\\/\\\/www.diggerslist.com\\\/iwellguard\\\/about\",\"https:\\\/\\\/skitterphoto.com\\\/photographers\\\/2870314\\\/iwell-guard\",\"https:\\\/\\\/iwellguard.wordpress.com\\\/2026\\\/06\\\/06\\\/iwell-guard\\\/\",\"https:\\\/\\\/hub.docker.com\\\/u\\\/iwellguard\",\"https:\\\/\\\/www.pinterest.com\\\/iwellguard\\\/\",\"https:\\\/\\\/bit.ly\\\/m\\\/iwellguard\",\"https:\\\/\\\/entre-vos-mains.alsace.eu\\\/profiles\\\/iwellguard\\\/activity\",\"https:\\\/\\\/gravatar.com\\\/reallybeded8fd34\",\"https:\\\/\\\/naijamatta.com\\\/iwellguard\",\"https:\\\/\\\/www.goodreads.com\\\/iwellguard\",\"https:\\\/\\\/profile.hatena.ne.jp\\\/iwellguard\\\/\",\"https:\\\/\\\/experiment.com\\\/users\\\/iwellguard\",\"https:\\\/\\\/wakelet.com\\\/@iWellGuard82270\",\"https:\\\/\\\/www.chordie.com\\\/forum\\\/profile.php?id=2555664\",\"https:\\\/\\\/www.instapaper.com\\\/p\\\/17757966\",\"https:\\\/\\\/www.mapleprimes.com\\\/users\\\/iwellguard\",\"https:\\\/\\\/businesslistingplus.com\\\/profile\\\/iwell-guard\\\/\",\"https:\\\/\\\/telegra.ph\\\/iWell-Guard-06-06\",\"https:\\\/\\\/pbase.com\\\/iwellguard\\\/iwellguard\",\"https:\\\/\\\/b.hatena.ne.jp\\\/iwellguard\\\/20260607#bookmark-4788405196491818882\",\"https:\\\/\\\/fliphtml5.com\\\/home\\\/iwellguard\",\"https:\\\/\\\/anyflip.com\\\/homepage\\\/cmiwl#About\",\"https:\\\/\\\/transfur.com\\\/Users\\\/iwellguard\",\"http:\\\/\\\/delphi.larsbo.org\\\/user\\\/iwellguard\",\"https:\\\/\\\/jobs.lajobsportal.org\\\/profiles\\\/8380803-iwell-guard\",\"https:\\\/\\\/md.chaosdorf.de\\\/s\\\/jfbe5SBdJD\",\"https:\\\/\\\/www.lingvolive.com\\\/en-us\\\/profile\\\/9ecaeaca-ce11-4e51-9e71-01d55e2bff36\\\/translations\",\"https:\\\/\\\/www.fitday.com\\\/fitness\\\/forums\\\/members\\\/iwellguard.html\",\"https:\\\/\\\/www.mymeetbook.com\\\/iwellguard\",\"https:\\\/\\\/pxhere.com\\\/en\\\/photographer-me\\\/5040798\",\"https:\\\/\\\/disqus.com\\\/by\\\/iwellguard\\\/about\\\/\",\"https:\\\/\\\/pastelink.net\\\/hjwciqwq\",\"https:\\\/\\\/pubhtml5.com\\\/homepage\\\/scjhn\\\/\",\"https:\\\/\\\/www.bitchute.com\\\/channel\\\/2O2eOKzNqujT\",\"https:\\\/\\\/audiomack.com\\\/iwellguard\"]},{\"@type\":\"Article\",\"@id\":\"https:\\\/\\\/iwell-guard.com\\\/is\\\/mamo\\\/#article\",\"isPartOf\":{\"@id\":\"https:\\\/\\\/iwell-guard.com\\\/is\\\/mamo\\\/\"},\"author\":{\"name\":\"Ralf Ittermann\",\"@id\":\"https:\\\/\\\/iwell-guard.com\\\/is\\\/#\\\/schema\\\/person\\\/ee2a27f1cac3406c7c6fb5820cb7349f\"},\"headline\":\"Mamo\",\"datePublished\":\"2026-09-05T14:02:05+00:00\",\"dateModified\":\"2026-09-05T14:16:37+00:00\",\"mainEntityOfPage\":{\"@id\":\"https:\\\/\\\/iwell-guard.com\\\/is\\\/mamo\\\/\"},\"publisher\":{\"@id\":\"https:\\\/\\\/iwell-guard.com\\\/is\\\/#organization\"},\"image\":{\"@id\":\"https:\\\/\\\/iwell-guard.com\\\/is\\\/mamo\\\/#primaryimage\"},\"thumbnailUrl\":\"https:\\\/\\\/iwell-guard.com\\\/wp-content\\\/uploads\\\/2026\\\/04\\\/geister_tibet_mamo.webp\",\"inLanguage\":\"is\",\"description\":\"Mamo, kvenkyns og d\u00f6kkar m\u00e6\u00f0rav\u00e6ttir t\u00edbeskrar hef\u00f0ar: verur n\u00e1l\u00e6gt dakini \u00e1 milli verndar og fars\u00f3tta. Tr\u00faarbrag\u00f0afr\u00e6\u00f0ileg \u00fattekt.\"}]}<\/script>\n<!-- \/ Yoast SEO Premium plugin. -->","yoast_head_json":{"title":"Mamo \u2013 dakini-vera og n\u00e1tt\u00farukraftur","description":"Mamo, kvenkyns og d\u00f6kkar m\u00e6\u00f0rav\u00e6ttir t\u00edbeskrar hef\u00f0ar: verur n\u00e1l\u00e6gt dakini \u00e1 milli verndar og fars\u00f3tta. Tr\u00faarbrag\u00f0afr\u00e6\u00f0ileg \u00fattekt.","robots":{"index":"index","follow":"follow","max-snippet":"max-snippet:-1","max-image-preview":"max-image-preview:large","max-video-preview":"max-video-preview:-1"},"canonical":"https:\/\/iwell-guard.com\/is\/mamo\/","og_locale":"is_IS","og_type":"article","og_title":"Mamo","og_description":"Mamo, kvenkyns og d\u00f6kkar m\u00e6\u00f0rav\u00e6ttir t\u00edbeskrar hef\u00f0ar: verur n\u00e1l\u00e6gt dakini \u00e1 milli verndar og fars\u00f3tta. Tr\u00faarbrag\u00f0afr\u00e6\u00f0ileg \u00fattekt.","og_url":"https:\/\/iwell-guard.com\/is\/mamo\/","og_site_name":"iWell Guard","article_modified_time":"2026-09-05T14:16:37+00:00","og_image":[{"width":1024,"height":1536,"url":"https:\/\/iwell-guard.com\/wp-content\/uploads\/2026\/04\/geister_tibet_mamo.webp","type":"image\/webp"}],"twitter_card":"summary_large_image","schema":{"@context":"https:\/\/schema.org","@graph":[{"@type":"Article","@id":"https:\/\/iwell-guard.com\/is\/mamo\/#article","isPartOf":{"@id":"https:\/\/iwell-guard.com\/is\/mamo\/"},"author":{"name":"Ralf Ittermann","@id":"https:\/\/iwell-guard.com\/is\/#\/schema\/person\/ee2a27f1cac3406c7c6fb5820cb7349f"},"headline":"Mamo","datePublished":"2026-09-05T14:02:05+00:00","dateModified":"2026-09-05T14:16:37+00:00","mainEntityOfPage":{"@id":"https:\/\/iwell-guard.com\/is\/mamo\/"},"publisher":{"@id":"https:\/\/iwell-guard.com\/is\/#organization"},"image":{"@id":"https:\/\/iwell-guard.com\/is\/mamo\/#primaryimage"},"thumbnailUrl":"https:\/\/iwell-guard.com\/wp-content\/uploads\/2026\/04\/geister_tibet_mamo.webp","inLanguage":"is","description":"Mamo, kvenkyns og d\u00f6kkar m\u00e6\u00f0rav\u00e6ttir t\u00edbeskrar hef\u00f0ar: verur n\u00e1l\u00e6gt dakini \u00e1 milli verndar og fars\u00f3tta. Tr\u00faarbrag\u00f0afr\u00e6\u00f0ileg \u00fattekt."},{"@type":"WebPage","@id":"https:\/\/iwell-guard.com\/is\/mamo\/","url":"https:\/\/iwell-guard.com\/is\/mamo\/","name":"Mamo \u2013 dakini-vera og n\u00e1tt\u00farukraftur","isPartOf":{"@id":"https:\/\/iwell-guard.com\/is\/#website"},"primaryImageOfPage":{"@id":"https:\/\/iwell-guard.com\/is\/mamo\/#primaryimage"},"image":{"@id":"https:\/\/iwell-guard.com\/is\/mamo\/#primaryimage"},"thumbnailUrl":"https:\/\/iwell-guard.com\/wp-content\/uploads\/2026\/04\/geister_tibet_mamo.webp","datePublished":"2026-09-05T14:02:05+00:00","dateModified":"2026-09-05T14:16:37+00:00","description":"Mamo, kvenkyns og d\u00f6kkar m\u00e6\u00f0rav\u00e6ttir t\u00edbeskrar hef\u00f0ar: verur n\u00e1l\u00e6gt dakini \u00e1 milli verndar og fars\u00f3tta. Tr\u00faarbrag\u00f0afr\u00e6\u00f0ileg \u00fattekt.","breadcrumb":{"@id":"https:\/\/iwell-guard.com\/is\/mamo\/#breadcrumb"},"inLanguage":"is","potentialAction":[{"@type":"ReadAction","target":["https:\/\/iwell-guard.com\/is\/mamo\/"]}]},{"@type":"ImageObject","inLanguage":"is","@id":"https:\/\/iwell-guard.com\/is\/mamo\/#primaryimage","url":"https:\/\/iwell-guard.com\/wp-content\/uploads\/2026\/04\/geister_tibet_mamo.webp","contentUrl":"https:\/\/iwell-guard.com\/wp-content\/uploads\/2026\/04\/geister_tibet_mamo.webp","width":1024,"height":1536,"caption":"Andar \u00far T\u00edbet-hef\u00f0inni."},{"@type":"BreadcrumbList","@id":"https:\/\/iwell-guard.com\/is\/mamo\/#breadcrumb","itemListElement":[{"@type":"ListItem","position":1,"name":"Start","item":"https:\/\/iwell-guard.com\/is\/?page_id=168580"},{"@type":"ListItem","position":2,"name":"Mamo"}]},{"@type":"WebSite","@id":"https:\/\/iwell-guard.com\/is\/#website","url":"https:\/\/iwell-guard.com\/is\/","name":"iWell Guard","description":"Schutz vor dunklen Einfl\u00fcssen","publisher":{"@id":"https:\/\/iwell-guard.com\/is\/#organization"},"potentialAction":[{"@type":"SearchAction","target":{"@type":"EntryPoint","urlTemplate":"https:\/\/iwell-guard.com\/is\/?s={search_term_string}"},"query-input":{"@type":"PropertyValueSpecification","valueRequired":true,"valueName":"search_term_string"}}],"inLanguage":"is"},{"@type":"Organization","@id":"https:\/\/iwell-guard.com\/is\/#organization","name":"Ittermann electronic GmbH","url":"https:\/\/iwell-guard.com\/is\/","logo":{"@type":"ImageObject","inLanguage":"is","@id":"https:\/\/iwell-guard.com\/is\/#\/schema\/logo\/image\/","url":"https:\/\/iwell-guard.com\/wp-content\/uploads\/2026\/05\/Ittermann-Logo-1182x237-1.png","contentUrl":"https:\/\/iwell-guard.com\/wp-content\/uploads\/2026\/05\/Ittermann-Logo-1182x237-1.png","width":1182,"height":237,"caption":"Ittermann electronic GmbH"},"image":{"@id":"https:\/\/iwell-guard.com\/is\/#\/schema\/logo\/image\/"},"sameAs":["https:\/\/pantip.com\/profile\/9367242","https:\/\/micro.blog\/iwellguard","https:\/\/www.diggerslist.com\/iwellguard\/about","https:\/\/skitterphoto.com\/photographers\/2870314\/iwell-guard","https:\/\/iwellguard.wordpress.com\/2026\/06\/06\/iwell-guard\/","https:\/\/hub.docker.com\/u\/iwellguard","https:\/\/www.pinterest.com\/iwellguard\/","https:\/\/bit.ly\/m\/iwellguard","https:\/\/entre-vos-mains.alsace.eu\/profiles\/iwellguard\/activity","https:\/\/gravatar.com\/reallybeded8fd34","https:\/\/naijamatta.com\/iwellguard","https:\/\/www.goodreads.com\/iwellguard","https:\/\/profile.hatena.ne.jp\/iwellguard\/","https:\/\/experiment.com\/users\/iwellguard","https:\/\/wakelet.com\/@iWellGuard82270","https:\/\/www.chordie.com\/forum\/profile.php?id=2555664","https:\/\/www.instapaper.com\/p\/17757966","https:\/\/www.mapleprimes.com\/users\/iwellguard","https:\/\/businesslistingplus.com\/profile\/iwell-guard\/","https:\/\/telegra.ph\/iWell-Guard-06-06","https:\/\/pbase.com\/iwellguard\/iwellguard","https:\/\/b.hatena.ne.jp\/iwellguard\/20260607#bookmark-4788405196491818882","https:\/\/fliphtml5.com\/home\/iwellguard","https:\/\/anyflip.com\/homepage\/cmiwl#About","https:\/\/transfur.com\/Users\/iwellguard","http:\/\/delphi.larsbo.org\/user\/iwellguard","https:\/\/jobs.lajobsportal.org\/profiles\/8380803-iwell-guard","https:\/\/md.chaosdorf.de\/s\/jfbe5SBdJD","https:\/\/www.lingvolive.com\/en-us\/profile\/9ecaeaca-ce11-4e51-9e71-01d55e2bff36\/translations","https:\/\/www.fitday.com\/fitness\/forums\/members\/iwellguard.html","https:\/\/www.mymeetbook.com\/iwellguard","https:\/\/pxhere.com\/en\/photographer-me\/5040798","https:\/\/disqus.com\/by\/iwellguard\/about\/","https:\/\/pastelink.net\/hjwciqwq","https:\/\/pubhtml5.com\/homepage\/scjhn\/","https:\/\/www.bitchute.com\/channel\/2O2eOKzNqujT","https:\/\/audiomack.com\/iwellguard"]},{"@type":"Person","@id":"https:\/\/iwell-guard.com\/is\/#\/schema\/person\/ee2a27f1cac3406c7c6fb5820cb7349f","name":"Ralf Ittermann","image":{"@type":"ImageObject","inLanguage":"is","@id":"https:\/\/secure.gravatar.com\/avatar\/073c0153e350a5005b68eb752b445fea71f6b24a26da9449ad7e155e6b446c9d?s=96&d=mm&r=g","url":"https:\/\/secure.gravatar.com\/avatar\/073c0153e350a5005b68eb752b445fea71f6b24a26da9449ad7e155e6b446c9d?s=96&d=mm&r=g","contentUrl":"https:\/\/secure.gravatar.com\/avatar\/073c0153e350a5005b68eb752b445fea71f6b24a26da9449ad7e155e6b446c9d?s=96&d=mm&r=g","caption":"Ralf Ittermann"},"givenName":"Ralf","familyName":"Ittermann","jobTitle":"Gesch\u00e4ftsf\u00fchrer und redaktioneller Verantwortlicher","url":"https:\/\/iwell-guard.com\/is\/author\/claude\/","description":"Ralf Ittermann ist Gesch\u00e4ftsf\u00fchrer der Ittermann electronic GmbH und redaktioneller Verantwortlicher des iWell-Guard-Lexikons. Er verbindet langj\u00e4hrige Erfahrung in der Pr\u00e4zisionsfertigung mit medialer Praxis und religionsgeschichtlicher Quellenarbeit.","worksFor":{"@type":"Organization","name":"Ittermann electronic GmbH","url":"https:\/\/ittermann.de\/","address":{"@type":"PostalAddress","streetAddress":"K\u00f6hlergasse 16-18","postalCode":"99842","addressLocality":"Ruhla","addressCountry":"DE"}},"knowsAbout":["Religionsgeschichte","Mythologie","Mediale Praxis","Energetische Diagnostik","Schutzpraxis","Volksglauben","Westliche Esoterik"]},{"@type":"Article","@id":"https:\/\/iwell-guard.com\/is\/mamo\/#article","isPartOf":{"@id":"https:\/\/iwell-guard.com\/is\/mamo\/"},"author":{"name":"Ralf Ittermann","@id":"https:\/\/iwell-guard.com\/is\/#\/schema\/person\/ee2a27f1cac3406c7c6fb5820cb7349f"},"headline":"Mamo","datePublished":"2026-09-05T14:02:05+00:00","dateModified":"2026-09-05T14:16:37+00:00","mainEntityOfPage":{"@id":"https:\/\/iwell-guard.com\/is\/mamo\/"},"publisher":{"@id":"https:\/\/iwell-guard.com\/is\/#organization"},"image":{"@id":"https:\/\/iwell-guard.com\/is\/mamo\/#primaryimage"},"thumbnailUrl":"https:\/\/iwell-guard.com\/wp-content\/uploads\/2026\/04\/geister_tibet_mamo.webp","inLanguage":"is","description":"Mamo, kvenkyns og d\u00f6kkar m\u00e6\u00f0rav\u00e6ttir t\u00edbeskrar hef\u00f0ar: verur n\u00e1l\u00e6gt dakini \u00e1 milli verndar og fars\u00f3tta. Tr\u00faarbrag\u00f0afr\u00e6\u00f0ileg \u00fattekt."}]}},"_links":{"self":[{"href":"https:\/\/iwell-guard.com\/is\/wp-json\/wp\/v2\/pages\/168676","targetHints":{"allow":["GET"]}}],"collection":[{"href":"https:\/\/iwell-guard.com\/is\/wp-json\/wp\/v2\/pages"}],"about":[{"href":"https:\/\/iwell-guard.com\/is\/wp-json\/wp\/v2\/types\/page"}],"author":[{"embeddable":true,"href":"https:\/\/iwell-guard.com\/is\/wp-json\/wp\/v2\/users\/3"}],"replies":[{"embeddable":true,"href":"https:\/\/iwell-guard.com\/is\/wp-json\/wp\/v2\/comments?post=168676"}],"version-history":[{"count":0,"href":"https:\/\/iwell-guard.com\/is\/wp-json\/wp\/v2\/pages\/168676\/revisions"}],"wp:featuredmedia":[{"embeddable":true,"href":"https:\/\/iwell-guard.com\/is\/wp-json\/wp\/v2\/media\/1696"}],"wp:attachment":[{"href":"https:\/\/iwell-guard.com\/is\/wp-json\/wp\/v2\/media?parent=168676"}],"wp:term":[{"taxonomy":"category","embeddable":true,"href":"https:\/\/iwell-guard.com\/is\/wp-json\/wp\/v2\/categories?post=168676"}],"curies":[{"name":"wp","href":"https:\/\/api.w.org\/{rel}","templated":true}]}}