{"id":168675,"date":"2026-09-05T14:02:04","date_gmt":"2026-09-05T14:02:04","guid":{"rendered":"https:\/\/iwell-guard.com\/?page_id=168675"},"modified":"2026-09-05T14:16:34","modified_gmt":"2026-09-05T14:16:34","slug":"gyalpo","status":"publish","type":"page","link":"https:\/\/iwell-guard.com\/is\/gyalpo\/","title":{"rendered":"Gyalpo"},"content":{"rendered":"\t\t<div data-elementor-type=\"wp-page\" data-elementor-id=\"168675\" class=\"elementor elementor-168675 elementor-1338\" data-elementor-post-type=\"page\">\n\t\t\t\t<div class=\"elementor-element elementor-element-10fdade e-flex e-con-boxed e-con e-parent\" data-id=\"10fdade\" data-element_type=\"container\" data-e-type=\"container\" data-settings=\"{&quot;background_background&quot;:&quot;classic&quot;}\">\n\t\t\t\t\t<div class=\"e-con-inner\">\n\t\t<div class=\"elementor-element elementor-element-herohlft0 e-flex e-con-boxed e-con e-child\" data-id=\"herohlft0\" data-element_type=\"container\" data-e-type=\"container\">\n\t\t\t\t\t<div class=\"e-con-inner\">\n\t\t<div class=\"elementor-element elementor-element-c3ceb64 e-con-full e-flex e-con e-child\" data-id=\"c3ceb64\" data-element_type=\"container\" data-e-type=\"container\">\n\t\t\t\t<div class=\"elementor-element elementor-element-96ae5e1 elementor-widget elementor-widget-heading\" data-id=\"96ae5e1\" data-element_type=\"widget\" data-e-type=\"widget\" data-widget_type=\"heading.default\">\n\t\t\t\t\t<h1 class=\"elementor-heading-title elementor-size-default\">Gyalpo, andi rNying-ma-sk\u00f3lans<\/h1>\t\t\t\t<\/div>\n\t\t\t\t<div class=\"elementor-element elementor-element-e45238a elementor-widget elementor-widget-text-editor\" data-id=\"e45238a\" data-element_type=\"widget\" data-e-type=\"widget\" data-widget_type=\"text-editor.default\">\n\t\t\t\t\t\t\t\t\t<p>Gyalpo er <span class=\"iwg-fachbegriff\" data-tooltip=\"L\u00edkamslaus vera sem talin er hafa \u00e1hrif \u00ed heiminum.\" tabindex=\"0\">andi<\/span> rNying-ma-sk\u00f3lans.<\/p><p>Konungsdj\u00f6flar t\u00edbetskrar hef\u00f0ar, fallnir munkar, valdsviptir stj\u00f3rnendur, hefnigjarnir andar.<\/p>\t\t\t\t\t\t\t\t<\/div>\n\t\t\t\t<\/div>\n\t\t<div class=\"elementor-element elementor-element-klsbdg01 e-con-full e-flex e-con e-parent\" data-id=\"klsbdg01\" data-element_type=\"container\" data-e-type=\"container\">\n\t\t\t\t<div class=\"elementor-element elementor-element-klshtm01 elementor-widget elementor-widget-html\" data-id=\"klshtm01\" data-element_type=\"widget\" data-e-type=\"widget\" data-widget_type=\"html.default\">\n\t\t\t\t\t<div class=\"iwg-pill-row\"><span class=\"iwg-klasse-badge\" tabindex=\"0\" data-tooltip=\"Andi: \u00d3l\u00edkamleg e\u00f0a h\u00e1lfl\u00edkamleg vera, framli\u00f0nir, n\u00e1tt\u00faruv\u00e6ttir, heimilisandar e\u00f0a \u00fer\u00f6skuldsver\u00f0ir. Hefur \u00e1hrif \u00ed daglegu l\u00edfi, oft bundinn st\u00f6\u00f0um e\u00f0a fj\u00f6lskyldum.\">Andi<\/span><a href=\"https:\/\/iwell-guard.com\/is\/?page_id=168661\" class=\"iwg-kultur-badge\" tabindex=\"0\" data-tooltip=\"T\u00edbetsk-b\u00fadd\u00edsk og b\u00f6n-hef\u00f0, yidam, dharmap\u0101la, naga-heimur.\">T\u00edbet<\/a><span class=\"iwg-tradition-badge\" tabindex=\"0\" data-tooltip=\"Flokkur verndargu\u00f0a \u00ed t\u00edbetskum b\u00faddisma.\">Dharmap\u0101la<\/span><\/div>\t\t\t\t<\/div>\n\t\t\t\t<\/div>\n\t\t<div class=\"elementor-element elementor-element-3f74855 e-con-full e-flex e-con e-child\" data-id=\"3f74855\" data-element_type=\"container\" data-e-type=\"container\">\n\t\t\t\t<div class=\"elementor-element elementor-element-1c30362 elementor-toc--minimized-on-tablet elementor-widget elementor-widget-table-of-contents\" data-id=\"1c30362\" data-element_type=\"widget\" data-e-type=\"widget\" data-settings=\"{&quot;exclude_headings_by_selector&quot;:[],&quot;no_headings_message&quot;:&quot;Engar undirfyrirsagnir fundust \\u00e1 \\u00feessari s\\u00ed\\u00f0u.&quot;,&quot;headings_by_tags&quot;:[&quot;h2&quot;,&quot;h3&quot;],&quot;marker_view&quot;:&quot;bullets&quot;,&quot;icon&quot;:{&quot;value&quot;:&quot;fas fa-circle&quot;,&quot;library&quot;:&quot;fa-solid&quot;,&quot;rendered_tag&quot;:&quot;&lt;svg class=\\&quot;e-font-icon-svg e-fas-circle\\&quot; viewBox=\\&quot;0 0 512 512\\&quot; xmlns=\\&quot;http:\\\/\\\/www.w3.org\\\/2000\\\/svg\\&quot;&gt;&lt;path d=\\&quot;M256 8C119 8 8 119 8 256s111 248 248 248 248-111 248-248S393 8 256 8z\\&quot;&gt;&lt;\\\/path&gt;&lt;\\\/svg&gt;&quot;},&quot;minimize_box&quot;:&quot;yes&quot;,&quot;minimized_on&quot;:&quot;tablet&quot;,&quot;hierarchical_view&quot;:&quot;yes&quot;,&quot;min_height&quot;:{&quot;unit&quot;:&quot;px&quot;,&quot;size&quot;:&quot;&quot;,&quot;sizes&quot;:[]},&quot;min_height_tablet&quot;:{&quot;unit&quot;:&quot;px&quot;,&quot;size&quot;:&quot;&quot;,&quot;sizes&quot;:[]},&quot;min_height_mobile&quot;:{&quot;unit&quot;:&quot;px&quot;,&quot;size&quot;:&quot;&quot;,&quot;sizes&quot;:[]}}\" data-widget_type=\"table-of-contents.default\">\n\t\t\t\t\t\t\t\t\t<div class=\"elementor-toc__header\">\n\t\t\t\t\t\t<h2 class=\"elementor-toc__header-title\">\n\t\t\t\tEfnisyfirlit\t\t\t<\/h2>\n\t\t\t\t\t\t\t\t\t\t<div class=\"elementor-toc__toggle-button elementor-toc__toggle-button--expand\" role=\"button\" tabindex=\"0\" aria-controls=\"elementor-toc__1c30362\" aria-expanded=\"true\" aria-label=\"Open table of contents\"><svg aria-hidden=\"true\" class=\"e-font-icon-svg e-fas-chevron-down\" viewBox=\"0 0 448 512\" xmlns=\"http:\/\/www.w3.org\/2000\/svg\"><path d=\"M207.029 381.476L12.686 187.132c-9.373-9.373-9.373-24.569 0-33.941l22.667-22.667c9.357-9.357 24.522-9.375 33.901-.04L224 284.505l154.745-154.021c9.379-9.335 24.544-9.317 33.901.04l22.667 22.667c9.373 9.373 9.373 24.569 0 33.941L240.971 381.476c-9.373 9.372-24.569 9.372-33.942 0z\"><\/path><\/svg><\/div>\n\t\t\t\t<div class=\"elementor-toc__toggle-button elementor-toc__toggle-button--collapse\" role=\"button\" tabindex=\"0\" aria-controls=\"elementor-toc__1c30362\" aria-expanded=\"true\" aria-label=\"Close table of contents\"><svg aria-hidden=\"true\" class=\"e-font-icon-svg e-fas-chevron-up\" viewBox=\"0 0 448 512\" xmlns=\"http:\/\/www.w3.org\/2000\/svg\"><path d=\"M240.971 130.524l194.343 194.343c9.373 9.373 9.373 24.569 0 33.941l-22.667 22.667c-9.357 9.357-24.522 9.375-33.901.04L224 227.495 69.255 381.516c-9.379 9.335-24.544 9.317-33.901-.04l-22.667-22.667c-9.373-9.373-9.373-24.569 0-33.941L207.03 130.525c9.372-9.373 24.568-9.373 33.941-.001z\"><\/path><\/svg><\/div>\n\t\t\t\t\t<\/div>\n\t\t\t\t<div id=\"elementor-toc__1c30362\" class=\"elementor-toc__body\">\n\t\t\t<div class=\"elementor-toc__spinner-container\">\n\t\t\t\t<svg class=\"elementor-toc__spinner eicon-animation-spin e-font-icon-svg e-eicon-loading\" aria-hidden=\"true\" viewBox=\"0 0 1000 1000\" xmlns=\"http:\/\/www.w3.org\/2000\/svg\"><path d=\"M500 975V858C696 858 858 696 858 500S696 142 500 142 142 304 142 500H25C25 237 238 25 500 25S975 237 975 500 763 975 500 975Z\"><\/path><\/svg>\t\t\t<\/div>\n\t\t<\/div>\n\t\t\t\t\t\t<\/div>\n\t\t\t\t<\/div>\n\t\t\t\t\t<\/div>\n\t\t\t\t<\/div>\n\t\t<div class=\"elementor-element elementor-element-herorght0 e-con-full e-flex e-con e-child\" data-id=\"herorght0\" data-element_type=\"container\" data-e-type=\"container\">\n\t\t\t\t<div class=\"elementor-element elementor-element-heroimg00 iwg-hero-image elementor-widget elementor-widget-image\" data-id=\"heroimg00\" data-element_type=\"widget\" data-e-type=\"widget\" data-widget_type=\"image.default\">\n\t\t\t\t\t\t\t\t\t\t\t\t\t\t\t<img fetchpriority=\"high\" decoding=\"async\" width=\"683\" height=\"1024\" src=\"https:\/\/iwell-guard.com\/wp-content\/uploads\/2026\/04\/geister_tibet_gyalpo-683x1024.webp\" class=\"attachment-large size-large wp-image-171027\" alt=\"Gyalpo - andar \u00far T\u00edbet-hef\u00f0inni, s\u00f6guleg-myndskreytt\" srcset=\"https:\/\/iwell-guard.com\/wp-content\/uploads\/2026\/04\/geister_tibet_gyalpo-683x1024.webp 683w, https:\/\/iwell-guard.com\/wp-content\/uploads\/2026\/04\/geister_tibet_gyalpo-200x300.webp 200w, https:\/\/iwell-guard.com\/wp-content\/uploads\/2026\/04\/geister_tibet_gyalpo-768x1152.webp 768w, https:\/\/iwell-guard.com\/wp-content\/uploads\/2026\/04\/geister_tibet_gyalpo.webp 1024w\" sizes=\"(max-width: 683px) 100vw, 683px\" \/>\t\t\t\t\t\t\t\t\t\t\t\t\t\t\t<\/div>\n\t\t\t\t<\/div>\n\t\t\t\t\t<\/div>\n\t\t\t\t<\/div>\n\t\t<div class=\"elementor-element elementor-element-32917199 e-flex e-con-boxed e-con e-parent\" data-id=\"32917199\" data-element_type=\"container\" data-e-type=\"container\">\n\t\t\t\t\t<div class=\"e-con-inner\">\n\t\t<div class=\"elementor-element elementor-element-26e916cb e-flex e-con-boxed e-con e-child\" data-id=\"26e916cb\" data-element_type=\"container\" data-e-type=\"container\">\n\t\t\t\t\t<div class=\"e-con-inner\">\n\t\t<div class=\"elementor-element elementor-element-253a40d4 e-flex e-con-boxed e-con e-child\" data-id=\"253a40d4\" data-element_type=\"container\" data-e-type=\"container\">\n\t\t\t\t\t<div class=\"e-con-inner\">\n\t\t\t\t<div class=\"elementor-element elementor-element-1200c304 elementor-widget elementor-widget-heading\" data-id=\"1200c304\" data-element_type=\"widget\" data-e-type=\"widget\" data-widget_type=\"heading.default\">\n\t\t\t\t\t<h2 class=\"elementor-heading-title elementor-size-default\">Gyalpo (rgyal po)<\/h2>\t\t\t\t<\/div>\n\t\t\t\t<div class=\"elementor-element elementor-element-11758e7f elementor-widget elementor-widget-text-editor\" data-id=\"11758e7f\" data-element_type=\"widget\" data-e-type=\"widget\" data-widget_type=\"text-editor.default\">\n\t\t\t\t\t\t\t\t\t<p>Gyalpo (t\u00edb. <em>rgyal po<\/em>, \u201ekonungur\u201c) myndar s\u00e9rstaklega illr\u00e6mdan flokk t\u00edbetskra andavera.<\/p><p>Hugtaki\u00f0 \u201ekonungsdj\u00f6flar\u201c v\u00edsar til anda f\u00f3lks sem \u00e1 l\u00edfslei\u00f0inni gegndi h\u00e1um st\u00f6\u00f0um, munkar, \u00e1b\u00f3tar, fursta, l\u00e6r\u00f0ra manna, og sem eftir dau\u00f0ann sn\u00faa aftur sem hefnigjarnir andar vegna vonbrig\u00f0a, rei\u00f0i e\u00f0a valdaf\u00edknar. Mikil vitsmunaleg og andleg \u00fej\u00e1lfun \u00feeirra gerir \u00fe\u00e1 h\u00e6ttulegri en venjulega \u00f3r\u00f3asama framli\u00f0na.<\/p><p>Gyalpo r\u00e6\u00f0st sjaldan beint l\u00edkamlega \u00e1 f\u00f3lk; \u00feeir hafa \u00e1hrif me\u00f0 gerningum, \u00f3s\u00e6tti, efasemdum, tr\u00faarfr\u00e1hvarfi, deilum \u00ed klaustrum og fj\u00f6lskyldum. \u00cd tantr\u00edsku i\u00f0kuninni eru \u00feeir bundnir, hneppttir \u00ed fj\u00f6tra e\u00f0a, \u00ed bestu tilfellum, samlaga\u00f0ir <span class=\"iwg-fachbegriff\" tabindex=\"0\" data-tooltip=\"\u00cd hind\u00faisma skylda og heimsskipan; \u00ed b\u00faddisma l\u00e6rd\u00f3mur B\u00fadda.\">dharma<\/span> sem bundnir verndarandar.<\/p><div><h3>Padmasambhava-binding og landsv\u00e6\u00f0abundin konungsd\u00e6mi<\/h3><p>Meginhluti <em>Gyalpo<\/em>-hef\u00f0anna er n\u00e1tengdur verkum meistarans <span class=\"iwg-fachbegriff\" tabindex=\"0\" data-tooltip=\"Go\u00f0sagnakenndur indverskur tantr\u00eduma\u00f0ur (8. \u00f6ld); flutti b\u00faddisma til T\u00edbet.\">Padmasambhava<\/span>, sem \u00e1 8. \u00f6ld \u00e1tti hlut \u00ed b\u00faddav\u00e6\u00f0ingu T\u00edbet. Samkv\u00e6mt s\u00f6gnum kalla\u00f0i Padmasambhava fram valdamikla sta\u00f0aranda, me\u00f0al \u00feeirra marga Gyalpo, og taminn \u00fe\u00e1 me\u00f0 t\u00f6frasamningum. \u00deessir Gyalpo voru skuldbundnir til a\u00f0 verja <span class=\"iwg-fachbegriff\" data-tooltip=\"\u00cd indverskum tr\u00faarbr\u00f6g\u00f0um l\u00e6rd\u00f3murinn og r\u00e9tt skipan athafna.\" tabindex=\"0\">dharma<\/span> og ska\u00f0a f\u00f3lk ekki lengur.<\/p><p>Binding Gyalpo af Padmasambhava er ekki ey\u00f0ing valds \u00feeirra, heldur endurstefna: \u00deeir eru \u00e1fram bundnir landsv\u00e6\u00f0um, valdamiklir og h\u00e6ttulegir, en \u00e1r\u00e1sargirni \u00feeirra er sett \u00ed \u00fej\u00f3nustu b\u00faddismans. \u00deessi umbreyting s\u00fdnir hvernig sta\u00f0bundi\u00f0 var ekki b\u00e6lt ni\u00f0ur, heldur samlagast.<\/p><\/div>\t\t\t\t\t\t\t\t<\/div>\n\t\t\t\t\t<\/div>\n\t\t\t\t<\/div>\n\t\t<div class=\"elementor-element elementor-element-159dcf9a e-flex e-con-boxed e-con e-child\" data-id=\"159dcf9a\" data-element_type=\"container\" data-e-type=\"container\">\n\t\t\t\t\t<div class=\"e-con-inner\">\n\t\t\t\t<div class=\"elementor-element elementor-element-48cee66f elementor-widget elementor-widget-heading\" data-id=\"48cee66f\" data-element_type=\"widget\" data-e-type=\"widget\" data-widget_type=\"heading.default\">\n\t\t\t\t\t<h3 class=\"elementor-heading-title elementor-size-default\">Skj\u00f3tt yfirlit: Gyalpo<\/h3>\t\t\t\t<\/div>\n\t\t\t\t<div class=\"elementor-element elementor-element-3f50d82c elementor-widget elementor-widget-text-editor\" data-id=\"3f50d82c\" data-element_type=\"widget\" data-e-type=\"widget\" data-widget_type=\"text-editor.default\">\n\t\t\t\t\t\t\t\t\t<p><strong>Tegund:<\/strong> Konungsdj\u00f6flar, hefnigjarnir andar h\u00e1ttsettra framli\u00f0inna<br>Uppruni: Fallnir munkar, valdsviptir stj\u00f3rnendur, metna\u00f0argjarnir l\u00e6rd\u00f3msmenn<br>Textar: Padmasambhava-hringr\u00e1sir, terma-textar Nyingma-sk\u00f3lans, si\u00f0ahandb\u00e6kur bundinna verndaranda<br>\u00c1hrif: Andaseta, \u00f3s\u00e6tti, efasemdir, tr\u00faarfr\u00e1hvarf, deilur \u00ed klaustrum<br>V\u00f6rn: Tantr\u00edsk bindingar\u00e1th\u00f6fn, torma-athafnir, <span class=\"iwg-fachbegriff\" data-tooltip=\"Bei\u00f0ni e\u00f0a kall til gu\u00f0s e\u00f0a m\u00e1ttar.\" tabindex=\"0\">\u00e1kall<\/span> til verndargu\u00f0a<\/p>\t\t\t\t\t\t\t\t<\/div>\n\t\t\t\t\t<\/div>\n\t\t\t\t<\/div>\n\t\t\t\t\t<\/div>\n\t\t\t\t<\/div>\n\t\t\t\t\t<\/div>\n\t\t\t\t<\/div>\n\t\t<div class=\"elementor-element elementor-element-klaerung1777534985 e-con-boxed e-flex e-con e-parent\" data-id=\"klaerung1777534985\" data-element_type=\"container\" data-e-type=\"container\">\n\t\t\t\t\t<div class=\"e-con-inner\">\n\t\t\t\t<div class=\"elementor-element elementor-element-klar1777534985 elementor-widget elementor-widget-text-editor\" data-id=\"klar1777534985\" data-element_type=\"widget\" data-e-type=\"widget\" data-widget_type=\"text-editor.default\">\n\t\t\t\t\t\t\t\t\t\n<p><em><strong>Afm\u00f6rkun gagnvart Mamo:<\/strong> \u00d3l\u00edkt <a href=\"https:\/\/iwell-guard.com\/is\/?page_id=168676\">Mamo<\/a>, hinum kvenkyns d\u00f6kku m\u00f3\u00f0urandar, eru Gyalpo karlkyns <strong>konungsdj\u00f6flar<\/strong>, fallnir munkar og valdsviptir konungar t\u00edbetskrar hef\u00f0ar, sem hatur og \u00f6fund rekur til \u00f3spekta.<\/em><\/p>\t\t\t\t\t\t\t\t<\/div>\n\t\t\t\t\t<\/div>\n\t\t\t\t<\/div>\n\t\t<div class=\"elementor-element elementor-element-18613602 e-flex e-con-boxed e-con e-parent\" data-id=\"18613602\" data-element_type=\"container\" data-e-type=\"container\">\n\t\t\t\t\t<div class=\"e-con-inner\">\n\t\t\t\t<div class=\"elementor-element elementor-element-262b8a9f elementor-widget elementor-widget-heading\" data-id=\"262b8a9f\" data-element_type=\"widget\" data-e-type=\"widget\" data-widget_type=\"heading.default\">\n\t\t\t\t\t<h2 class=\"elementor-heading-title elementor-size-default\">Samhengi<\/h2>\t\t\t\t<\/div>\n\t\t<div class=\"elementor-element elementor-element-46dcb7d e-con-full e-flex e-con e-child\" data-id=\"46dcb7d\" data-element_type=\"container\" data-e-type=\"container\">\n\t\t<div class=\"elementor-element elementor-element-61d3ab3 e-flex e-con-boxed e-con e-child\" data-id=\"61d3ab3\" data-element_type=\"container\" data-e-type=\"container\">\n\t\t\t\t\t<div class=\"e-con-inner\">\n\t\t\t\t<div class=\"elementor-element elementor-element-117c166 elementor-widget elementor-widget-heading\" data-id=\"117c166\" data-element_type=\"widget\" data-e-type=\"widget\" data-widget_type=\"heading.default\">\n\t\t\t\t\t<h3 class=\"elementor-heading-title elementor-size-default\">T\u00edmabil textanna<\/h3>\t\t\t\t<\/div>\n\t\t\t\t<div class=\"elementor-element elementor-element-73997a0 elementor-widget elementor-widget-text-editor\" data-id=\"73997a0\" data-element_type=\"widget\" data-e-type=\"widget\" data-widget_type=\"text-editor.default\">\n\t\t\t\t\t\t\t\t\t<p>Flokkur Gyalpo ver\u00f0ur til \u00ed \u00fe\u00e9ttingu t\u00edbetskrar klausturs\u00f6gu, \u00fear sem endurteki\u00f0 hnigu \u00e1t\u00f6k milli valdamikilla munka og yfirvalda \u00feeirra reglu. S\u00f6gulega er hann tengdur pers\u00f3num sem eftir ofbeldisfullan dau\u00f0a e\u00f0a vonbrig\u00f0i eiga a\u00f0 sn\u00faa aftur sem andar.<\/p><p>S\u00e9rstaklega fr\u00e6gur Gyalpo er <em>Dorje Shugden<\/em>, pers\u00f3na sem birtist \u00e1 17. \u00f6ld og er allt til dagsins uppspretta gu\u00f0fr\u00e6\u00f0ilegra \u00e1greininga innan Gelug-sk\u00f3lans. A\u00f0rir Gyalpo voru bundnir \u00ed Padmasambhava-hringr\u00e1sunum og samlaga\u00f0ir <span class=\"iwg-fachbegriff\" data-tooltip=\"\u00d6ll go\u00f0in \u00ed tr\u00faarbr\u00f6g\u00f0um e\u00f0a menningu.\" tabindex=\"0\">go\u00f0heiminum<\/span>.<\/p>\t\t\t\t\t\t\t\t<\/div>\n\t\t\t\t\t<\/div>\n\t\t\t\t<\/div>\n\t\t<div class=\"elementor-element elementor-element-d47b156 e-flex e-con-boxed e-con e-child\" data-id=\"d47b156\" data-element_type=\"container\" data-e-type=\"container\">\n\t\t\t\t\t<div class=\"e-con-inner\">\n\t\t\t\t<div class=\"elementor-element elementor-element-ff38c2b elementor-widget elementor-widget-heading\" data-id=\"ff38c2b\" data-element_type=\"widget\" data-e-type=\"widget\" data-widget_type=\"heading.default\">\n\t\t\t\t\t<h3 class=\"elementor-heading-title elementor-size-default\">\u00datbrei\u00f0slusv\u00e6\u00f0i<\/h3>\t\t\t\t<\/div>\n\t\t\t\t<div class=\"elementor-element elementor-element-4e49fcc elementor-widget elementor-widget-text-editor\" data-id=\"4e49fcc\" data-element_type=\"widget\" data-e-type=\"widget\" data-widget_type=\"text-editor.default\">\n\t\t\t\t\t\t\t\t\t<p>Gyalpo eru bundnir klaustrum, fyrrverandi a\u00f0setrum h\u00e1ttsettra lama, s\u00f6gulegum v\u00edgv\u00f6llum og st\u00f6\u00f0um p\u00f3lit\u00edskra \u00e1taka. Klaustur \u00ed Amdo- og Kham-sv\u00e6\u00f0unum hafa s\u00ednar eigin, sta\u00f0bundnar Gyalpo-sagnir; einnig \u00ed kjarnasv\u00e6\u00f0um Mi\u00f0-T\u00edbet eru fr\u00e6g Gyalpo-hof.<\/p><p>N\u00fat\u00edma Gyalpo-d\u00fdrkun hefur greinst enn frekar me\u00f0al T\u00edbeta \u00ed \u00fatleg\u00f0; deilurnar um Dorje Shugden hafa fengi\u00f0 \u00fatbrei\u00f0slu um allan heim.<\/p>\t\t\t\t\t\t\t\t<\/div>\n\t\t\t\t\t<\/div>\n\t\t\t\t<\/div>\n\t\t\t\t<\/div>\n\t\t<div class=\"elementor-element elementor-element-db03c39 e-con-full e-flex e-con e-child\" data-id=\"db03c39\" data-element_type=\"container\" data-e-type=\"container\">\n\t\t<div class=\"elementor-element elementor-element-229a87b e-flex e-con-boxed e-con e-child\" data-id=\"229a87b\" data-element_type=\"container\" data-e-type=\"container\">\n\t\t\t\t\t<div class=\"e-con-inner\">\n\t\t\t\t<div class=\"elementor-element elementor-element-1f471fc elementor-widget elementor-widget-heading\" data-id=\"1f471fc\" data-element_type=\"widget\" data-e-type=\"widget\" data-widget_type=\"heading.default\">\n\t\t\t\t\t<h3 class=\"elementor-heading-title elementor-size-default\">Heimildasta\u00f0a<\/h3>\t\t\t\t<\/div>\n\t\t\t\t<div class=\"elementor-element elementor-element-36b1201 elementor-widget elementor-widget-text-editor\" data-id=\"36b1201\" data-element_type=\"widget\" data-e-type=\"widget\" data-widget_type=\"text-editor.default\">\n\t\t\t\t\t\t\t\t\t<p><span data-nosnippet>Meginheimildir: Padmasambhava-hringr\u00e1sir me\u00f0 undirokunars\u00f6gnum s\u00ednum; terma-textar Nyingma-sk\u00f3lans; si\u00f0ahandb\u00e6kur einstakra klaustra. Um Dorje-Shugden-m\u00e1li\u00f0 er til miki\u00f0 af n\u00fat\u00edma fr\u00e6\u00f0iritum. Sta\u00f0alrit: Nebesky-Wojkowitz (1956); Dreyfus, Georges (1998) \u201eThe Shuk-den Affair\u201c; Cabez\u00f3n, Jos\u00e9 Ignacio (ritstj. 1997) Buddhism and Language.<\/span><\/p>\t\t\t\t\t\t\t\t<\/div>\n\t\t\t\t\t<\/div>\n\t\t\t\t<\/div>\n\t\t\t\t<\/div>\n\t\t\t\t\t<\/div>\n\t\t\t\t<\/div>\n\t\t<div class=\"elementor-element elementor-element-3ae0637c e-flex e-con-boxed e-con e-parent\" data-id=\"3ae0637c\" data-element_type=\"container\" data-e-type=\"container\">\n\t\t\t\t\t<div class=\"e-con-inner\">\n\t\t\t\t<div class=\"elementor-element elementor-element-31d07739 elementor-widget elementor-widget-heading\" data-id=\"31d07739\" data-element_type=\"widget\" data-e-type=\"widget\" data-widget_type=\"heading.default\">\n\t\t\t\t\t<h2 class=\"elementor-heading-title elementor-size-default\">Nafn og heiti<\/h2>\t\t\t\t<\/div>\n\t\t<div class=\"elementor-element elementor-element-b7642947 e-con-full e-flex e-con e-child\" data-id=\"b7642947\" data-element_type=\"container\" data-e-type=\"container\">\n\t\t\t\t<div class=\"elementor-element elementor-element-a086266 elementor-widget elementor-widget-text-editor\" data-id=\"a086266\" data-element_type=\"widget\" data-e-type=\"widget\" data-widget_type=\"text-editor.default\">\n\t\t\t\t\t\t\t\t\t<p>T\u00edbetska <em>rgyal po<\/em> \u00fe\u00fd\u00f0ir b\u00f3kstaflega \u201ekonungur, stj\u00f3rnandi\u201c.<\/p><ul><li><strong>Rgyal chen<\/strong>, \u201est\u00f3rkonungur\u201c; h\u00e6stu Gyalpo.<\/li><li>Pehar rgyal po, Pehar; s\u00f6gulega \u00e1berandi, stofnanabundinn \u00ed Nechung-<span class=\"iwg-fachbegriff\" data-tooltip=\"Sta\u00f0ur e\u00f0a stofnun \u00fear sem leita\u00f0 er svars fr\u00e1 gu\u00f0i.\" tabindex=\"0\">v\u00e9fr\u00e9tt<\/span>inni.<\/li><li>Dorje Shugden, umdeildur Gyalpo Gelug-hef\u00f0arins.<\/li><li>Tsiu Marpo, annar \u00e1berandi Gyalpo, tengdur Samye-klaustri.<\/li><\/ul>\t\t\t\t\t\t\t\t<\/div>\n\t\t\t\t<\/div>\n\t\t\t\t\t<\/div>\n\t\t\t\t<\/div>\n\t\t<div class=\"elementor-element elementor-element-709a44a8 e-flex e-con-boxed e-con e-parent\" data-id=\"709a44a8\" data-element_type=\"container\" data-e-type=\"container\">\n\t\t\t\t\t<div class=\"e-con-inner\">\n\t\t\t\t<div class=\"elementor-element elementor-element-2f585873 elementor-widget elementor-widget-heading\" data-id=\"2f585873\" data-element_type=\"widget\" data-e-type=\"widget\" data-widget_type=\"heading.default\">\n\t\t\t\t\t<h2 class=\"elementor-heading-title elementor-size-default\">Einkenni<\/h2>\t\t\t\t<\/div>\n\t\t<div class=\"elementor-element elementor-element-70621c12 e-con-full e-flex e-con e-child\" data-id=\"70621c12\" data-element_type=\"container\" data-e-type=\"container\">\n\t\t\t\t<div class=\"elementor-element elementor-element-4296eb49 elementor-widget elementor-widget-text-editor\" data-id=\"4296eb49\" data-element_type=\"widget\" data-e-type=\"widget\" data-widget_type=\"text-editor.default\">\n\t\t\t\t\t\t\t\t\t<p><strong>\u00datlit.<\/strong> Myndr\u00e6nar birtingarmyndir eru margv\u00edslegar. Oft er hann s\u00fdndur sem hv\u00edtleit e\u00f0a f\u00f6lgul karlmannsvera me\u00f0 fursta h\u00f6fu\u00f0fat, gullskart og rei\u00f0hest. Sumir gyalpo (eins og Tsiu Marpo) eru rau\u00f0ir; Dorje Shugden er s\u00fdndur sem \u00f3gnvekjandi gulur str\u00ed\u00f0sma\u00f0ur \u00e1 snj\u00f3lj\u00f3ni.<\/p><p>Heg\u00f0un. Gyalpo hafa l\u00famsk \u00e1hrif. \u00deeir s\u00e6kja inn \u00ed drauma, s\u00e1 efasemdum, valda misskilningi milli klausturbr\u00e6\u00f0ra og kveikja deilur \u00ed fj\u00f6lskyldum. \u00cd \u00f6flugri tilfellum draga \u00feeir f\u00f3lk inn \u00ed helt\u00f6ku, valda ranghugmyndum og tr\u00faarafneitun.<\/p><p>Bindingar. Me\u00f0 tantr\u00edskum rit\u00fa\u00f6lum er h\u00e6gt a\u00f0 binda gyalpo, og \u00feeir geta \u00fe\u00e1 or\u00f0i\u00f0 \u00f6flugar verndarverur, en halda \u00e1vallt s\u00ednu h\u00e6ttulega e\u00f0li, sem ver\u00f0ur a\u00f0 halda \u00ed skefjum me\u00f0 r\u00e9ttri um\u00f6nnun.<\/p><div><h3>Pehar sem \u00e1berandi fulltr\u00fai gyalpo<\/h3><p>Af \u00f6llum gyalpo er <em>Pehar<\/em> mikilv\u00e6gastur. Samkv\u00e6mt <span class=\"iwg-fachbegriff\" data-tooltip=\"\u00deekkingu og s\u00f6gum sem berast milli kynsl\u00f3\u00f0a.\" tabindex=\"0\">munnm\u00e6lum<\/span> var Pehar upphaflega str\u00ed\u00f0skonungur sem var\u00f0 \u00f6flugur gyalpo eftir dau\u00f0a sinn. Hann var settur \u00ed s\u00e9rstakt <span class=\"iwg-fachbegriff\" data-tooltip=\"L\u00edtinn heilagan var\u00f0veislu- e\u00f0a b\u00e6nasta\u00f0.\" tabindex=\"0\">skr\u00edn<\/span> \u00ed Samye-klaustrinu. Pehar er oft s\u00fdndur sem str\u00ed\u00f0sgu\u00f0 me\u00f0 herkl\u00e6\u00f0i og vopn.<\/p><p>Samband hans vi\u00f0 t\u00edbetska r\u00edki\u00f0 og klausturvaldi\u00f0 hefur alltaf veri\u00f0 tv\u00edbent: Annars vegar var hann ger\u00f0ur a\u00f0 verndara <span class=\"iwg-fachbegriff\" data-tooltip=\"\u00cd indverskum tr\u00faarbr\u00f6g\u00f0um l\u00e6rd\u00f3murinn og r\u00e9tt breytniregla.\" tabindex=\"0\">dharma<\/span> og \u00fej\u00f3\u00f0arinnar, hins vegar var hans \u00f3ttast sem vera er straffa\u00f0i \u00f3hl\u00fd\u00f0ni me\u00f0 pl\u00e1gu og stj\u00f3rnm\u00e1lalegri \u00f3lgu.<\/p><p>N\u00fdrri hef\u00f0ir t\u00falka Pehar sem t\u00e1kn stj\u00f3rnm\u00e1lalegrar togstreitu: sta\u00f0bundinn str\u00ed\u00f0skonungur sem var ger\u00f0ur a\u00f0 r\u00edkisverndarveru en h\u00e9lt upprunalegu e\u00f0li s\u00ednu.<\/p><\/div>\t\t\t\t\t\t\t\t<\/div>\n\t\t\t\t<\/div>\n\t\t\t\t\t<\/div>\n\t\t\t\t<\/div>\n\t\t<div class=\"elementor-element elementor-element-44e71476 e-flex e-con-boxed e-con e-parent\" data-id=\"44e71476\" data-element_type=\"container\" data-e-type=\"container\">\n\t\t\t\t\t<div class=\"e-con-inner\">\n\t\t\t\t<div class=\"elementor-element elementor-element-3c1fc3f0 elementor-widget elementor-widget-heading\" data-id=\"3c1fc3f0\" data-element_type=\"widget\" data-e-type=\"widget\" data-widget_type=\"heading.default\">\n\t\t\t\t\t<h2 class=\"elementor-heading-title elementor-size-default\">Yfirlit: Gyalpo<\/h2>\t\t\t\t<\/div>\n\t\t<div class=\"elementor-element elementor-element-84f33b8e e-con-full e-flex e-con e-child\" data-id=\"84f33b8e\" data-element_type=\"container\" data-e-type=\"container\">\n\t\t\t\t<div class=\"elementor-element elementor-element-hqkdc67p elementor-widget elementor-widget-text-editor\" data-id=\"hqkdc67p\" data-element_type=\"widget\" data-e-type=\"widget\" data-widget_type=\"text-editor.default\">\n\t\t\t\t\t\t\t\t\t<p>Mikilv\u00e6gustu einkenni gyalpo \u00ed flj\u00f3tu brag\u00f0i.<\/p>\t\t\t\t\t\t\t\t<\/div>\n\t\t\t\t<\/div>\n\t\t<div class=\"elementor-element elementor-element-pemmx7c5 e-con-full e-flex e-con e-child\" data-id=\"pemmx7c5\" data-element_type=\"container\" data-e-type=\"container\">\n\t\t<div class=\"elementor-element elementor-element-pemmx7c1 e-con-full e-flex e-con e-child\" data-id=\"pemmx7c1\" data-element_type=\"container\" data-e-type=\"container\">\n\t\t<div class=\"elementor-element elementor-element-qh9oavvu iwg-steckbrief-card e-flex e-con-boxed e-con e-child\" data-id=\"qh9oavvu\" data-element_type=\"container\" data-e-type=\"container\">\n\t\t\t\t\t<div class=\"e-con-inner\">\n\t\t\t\t<div class=\"elementor-element elementor-element-awzx8k2k elementor-widget elementor-widget-heading\" data-id=\"awzx8k2k\" data-element_type=\"widget\" data-e-type=\"widget\" data-widget_type=\"heading.default\">\n\t\t\t\t\t<div class=\"elementor-heading-title elementor-size-default\">Uppruni<\/div>\t\t\t\t<\/div>\n\t\t\t\t<div class=\"elementor-element elementor-element-x6rowhv0 elementor-widget elementor-widget-text-editor\" data-id=\"x6rowhv0\" data-element_type=\"widget\" data-e-type=\"widget\" data-widget_type=\"text-editor.default\">\n\t\t\t\t\t\t\t\t\t<p>Fallnir munkar, valdaf\u00edknir \u00e1b\u00f3tar, hraki\u00f0ir furstar sem sn\u00faa aftur sem hefnigjarnir andar eftir \u00e1takamikinn dau\u00f0daga.<\/p>\t\t\t\t\t\t\t\t<\/div>\n\t\t\t\t\t<\/div>\n\t\t\t\t<\/div>\n\t\t<div class=\"elementor-element elementor-element-8e3o4kxs iwg-steckbrief-card e-flex e-con-boxed e-con e-child\" data-id=\"8e3o4kxs\" data-element_type=\"container\" data-e-type=\"container\">\n\t\t\t\t\t<div class=\"e-con-inner\">\n\t\t\t\t<div class=\"elementor-element elementor-element-08rkdgov elementor-widget elementor-widget-heading\" data-id=\"08rkdgov\" data-element_type=\"widget\" data-e-type=\"widget\" data-widget_type=\"heading.default\">\n\t\t\t\t\t<div class=\"elementor-heading-title elementor-size-default\">Vi\u00f0takendur<\/div>\t\t\t\t<\/div>\n\t\t\t\t<div class=\"elementor-element elementor-element-uwjelx8s elementor-widget elementor-widget-text-editor\" data-id=\"uwjelx8s\" data-element_type=\"widget\" data-e-type=\"widget\" data-widget_type=\"text-editor.default\">\n\t\t\t\t\t\t\t\t\t<p>Munkar og lamar, s\u00e9rstaklega \u00ed deilum milli klausturl\u00edna; fj\u00f6lskyldur h\u00e1ttsettra l\u00e1tinna; stj\u00f3rnm\u00e1lalegir andst\u00e6\u00f0ingar hinna s\u00f6gulegu gyalpo-pers\u00f3na.<\/p>\t\t\t\t\t\t\t\t<\/div>\n\t\t\t\t\t<\/div>\n\t\t\t\t<\/div>\n\t\t<div class=\"elementor-element elementor-element-jm2n74ec iwg-steckbrief-card e-flex e-con-boxed e-con e-child\" data-id=\"jm2n74ec\" data-element_type=\"container\" data-e-type=\"container\">\n\t\t\t\t\t<div class=\"e-con-inner\">\n\t\t\t\t<div class=\"elementor-element elementor-element-8vufse4c elementor-widget elementor-widget-heading\" data-id=\"8vufse4c\" data-element_type=\"widget\" data-e-type=\"widget\" data-widget_type=\"heading.default\">\n\t\t\t\t\t<div class=\"elementor-heading-title elementor-size-default\">\u00c1s\u00fdnd<\/div>\t\t\t\t<\/div>\n\t\t\t\t<div class=\"elementor-element elementor-element-mwb9u015 elementor-widget elementor-widget-text-editor\" data-id=\"mwb9u015\" data-element_type=\"widget\" data-e-type=\"widget\" data-widget_type=\"text-editor.default\">\n\t\t\t\t\t\t\t\t\t<p>Furstaleg karlmannsvera me\u00f0 h\u00f6fu\u00f0fat og gullskart, \u00e1 rei\u00f0hesti e\u00f0a snj\u00f3lj\u00f3ni; hv\u00edt, gul e\u00f0a rau\u00f0 eftir pers\u00f3nu.<\/p>\t\t\t\t\t\t\t\t<\/div>\n\t\t\t\t\t<\/div>\n\t\t\t\t<\/div>\n\t\t\t\t<\/div>\n\t\t<div class=\"elementor-element elementor-element-pemmx7c2 e-con-full e-flex e-con e-child\" data-id=\"pemmx7c2\" data-element_type=\"container\" data-e-type=\"container\">\n\t\t<div class=\"elementor-element elementor-element-37ss2yr6 iwg-steckbrief-card e-flex e-con-boxed e-con e-child\" data-id=\"37ss2yr6\" data-element_type=\"container\" data-e-type=\"container\">\n\t\t\t\t\t<div class=\"e-con-inner\">\n\t\t\t\t<div class=\"elementor-element elementor-element-3v0wp3wx elementor-widget elementor-widget-heading\" data-id=\"3v0wp3wx\" data-element_type=\"widget\" data-e-type=\"widget\" data-widget_type=\"heading.default\">\n\t\t\t\t\t<div class=\"elementor-heading-title elementor-size-default\">Verkunarsvi\u00f0<\/div>\t\t\t\t<\/div>\n\t\t\t\t<div class=\"elementor-element elementor-element-w3247g2m elementor-widget elementor-widget-text-editor\" data-id=\"w3247g2m\" data-element_type=\"widget\" data-e-type=\"widget\" data-widget_type=\"text-editor.default\">\n\t\t\t\t\t\t\t\t\t<p>Heltaka, efasemdir, tr\u00faarafneitun, sviksemi, deilur milli klerka, upplausn klaustursamf\u00e9laga.<\/p>\t\t\t\t\t\t\t\t<\/div>\n\t\t\t\t\t<\/div>\n\t\t\t\t<\/div>\n\t\t<div class=\"elementor-element elementor-element-0qpjal9w iwg-steckbrief-card e-flex e-con-boxed e-con e-child\" data-id=\"0qpjal9w\" data-element_type=\"container\" data-e-type=\"container\">\n\t\t\t\t\t<div class=\"e-con-inner\">\n\t\t\t\t<div class=\"elementor-element elementor-element-6ndoih0o elementor-widget elementor-widget-heading\" data-id=\"6ndoih0o\" data-element_type=\"widget\" data-e-type=\"widget\" data-widget_type=\"heading.default\">\n\t\t\t\t\t<div class=\"elementor-heading-title elementor-size-default\">Varnarform<\/div>\t\t\t\t<\/div>\n\t\t\t\t<div class=\"elementor-element elementor-element-6684tyh9 elementor-widget elementor-widget-text-editor\" data-id=\"6684tyh9\" data-element_type=\"widget\" data-e-type=\"widget\" data-widget_type=\"text-editor.default\">\n\t\t\t\t\t\t\t\t\t<p>Tantr\u00edsk bindingarrit\u00fa\u00f6l eftir fyrirmynd Padmasambhava; torma-athafnir; <span class=\"iwg-fachbegriff\" data-tooltip=\"B\u00e6narleg e\u00f0a \u00e1k\u00f6llu\u00f0 \u00e1varp til gu\u00f0s e\u00f0a m\u00e1ttar.\" tabindex=\"0\">\u00e1k\u00f6llun<\/span> hinna miklu verndargu\u00f0d\u00f3ma (Mahakala, Palden Lhamo); stranghald hollustu vi\u00f0 l\u00e6rd\u00f3msl\u00ednuna.<\/p>\t\t\t\t\t\t\t\t<\/div>\n\t\t\t\t\t<\/div>\n\t\t\t\t<\/div>\n\t\t<div class=\"elementor-element elementor-element-3lfi7x32 iwg-steckbrief-card e-flex e-con-boxed e-con e-child\" data-id=\"3lfi7x32\" data-element_type=\"container\" data-e-type=\"container\">\n\t\t\t\t\t<div class=\"e-con-inner\">\n\t\t\t\t<div class=\"elementor-element elementor-element-0kg99ga1 elementor-widget elementor-widget-heading\" data-id=\"0kg99ga1\" data-element_type=\"widget\" data-e-type=\"widget\" data-widget_type=\"heading.default\">\n\t\t\t\t\t<div class=\"elementor-heading-title elementor-size-default\">Samb\u00e6rilegt<\/div>\t\t\t\t<\/div>\n\t\t\t\t<div class=\"elementor-element elementor-element-n0fum6kp elementor-widget elementor-widget-text-editor\" data-id=\"n0fum6kp\" data-element_type=\"widget\" data-e-type=\"widget\" data-widget_type=\"text-editor.default\">\n\t\t\t\t\t\t\t\t\t<p>Jap\u00f6nsk <em>gory\u014d<\/em> (hefnigjarnir andar h\u00e1ttsettra pers\u00f3na); evr\u00f3pskir \u201eb\u00f6lva\u00f0ir furstar\u201c; indverskar <em>bh\u016bta<\/em> og <em>preta<\/em> h\u00e1ttsettra l\u00e1tinna.<\/p>\t\t\t\t\t\t\t\t<\/div>\n\t\t\t\t\t<\/div>\n\t\t\t\t<\/div>\n\t\t\t\t<\/div>\n\t\t\t\t<\/div>\n\t\t\t\t\t<\/div>\n\t\t\t\t<\/div>\n\t\t<div class=\"elementor-element elementor-element-7533bc7a e-flex e-con-boxed e-con e-parent\" data-id=\"7533bc7a\" data-element_type=\"container\" data-e-type=\"container\">\n\t\t\t\t\t<div class=\"e-con-inner\">\n\t\t\t\t<div class=\"elementor-element elementor-element-2447d18d elementor-widget elementor-widget-heading\" data-id=\"2447d18d\" data-element_type=\"widget\" data-e-type=\"widget\" data-widget_type=\"heading.default\">\n\t\t\t\t\t<h2 class=\"elementor-heading-title elementor-size-default\">Varnir \u00ed daglegu l\u00edfi<\/h2>\t\t\t\t<\/div>\n\t\t<div class=\"elementor-element elementor-element-d5d0260c e-con-full e-flex e-con e-child\" data-id=\"d5d0260c\" data-element_type=\"container\" data-e-type=\"container\">\n\t\t\t\t<div class=\"elementor-element elementor-element-341be2ac elementor-widget elementor-widget-text-editor\" data-id=\"341be2ac\" data-element_type=\"widget\" data-e-type=\"widget\" data-widget_type=\"text-editor.default\">\n\t\t\t\t\t\t\t\t\t<p><strong>Tantr\u00edsk bindingarrit\u00fa\u00f6l.<\/strong> St\u00f3r rit\u00fa\u00f6l eins og Drak-p\u00f6-Ngagpa-athafnirnar binda einstaka gyalpo me\u00f0 ei\u00f0i vi\u00f0 \u00e1kve\u00f0in skr\u00edn. <span class=\"iwg-fachbegriff\" data-tooltip=\"Skipulag\u00f0a atbur\u00f0ar\u00f6\u00f0 t\u00e1knger\u00f0ra athafna me\u00f0 tr\u00faarlega e\u00f0a menningarlega merkingu.\" tabindex=\"0\">Rit\u00faalinu<\/span> er fl\u00f3ki\u00f0 og ver\u00f0ur a\u00f0 vera st\u00fdrt af f\u00e6rum lama.<\/p><p>Torma-athafnir. Regluleg torma-<span class=\"iwg-fachbegriff\" data-tooltip=\"Gj\u00f6f til gu\u00f0s til a\u00f0 tj\u00e1 \u00feakkl\u00e6ti, b\u00f3n e\u00f0a lotningu.\" tabindex=\"0\">f\u00f3rn<\/span> \u00ed klaustrum halda bundnum gyalpo g\u00f3\u00f0vilju\u00f0um; a\u00f0 sleppa \u00fev\u00ed getur haft neikv\u00e6\u00f0ar aflei\u00f0ingar.<\/p><p><span class=\"iwg-fachbegriff\" data-tooltip=\"B\u00e6narleg e\u00f0a \u00e1k\u00f6llu\u00f0 \u00e1varp til gu\u00f0s e\u00f0a m\u00e1ttar.\" tabindex=\"0\">\u00c1k\u00f6llun<\/span> st\u00f3rra verndargu\u00f0d\u00f3ma. Mahakala og Palden Lhamo, sem eru h\u00e1ttsettir dharmapalar, eru kalla\u00f0ir til \u00feegar \u00e1hrifa gyalpo er grunur um.<\/p><p>Hollusta vi\u00f0 l\u00e6rd\u00f3msl\u00ednuna. Hef\u00f0bundi\u00f0 er tali\u00f0 a\u00f0 r\u00e9tt um\u00f6nnun kennsluhef\u00f0ar, vir\u00f0ing fyrir l\u00e6rimeisturum og a\u00f0 for\u00f0ast stj\u00f3rnm\u00e1laleg kl\u00e6kjabr\u00f6g\u00f0 \u00ed klaustrinu s\u00e9u bestu v\u00f6rnin gegn \u00e1r\u00e1sum gyalpo.<\/p>\t\t\t\t\t\t\t\t<\/div>\n\t\t\t\t<\/div>\n\t\t\t\t\t<\/div>\n\t\t\t\t<\/div>\n\t\t<div class=\"elementor-element elementor-element-5a584676 e-flex e-con-boxed e-con e-parent\" data-id=\"5a584676\" data-element_type=\"container\" data-e-type=\"container\">\n\t\t\t\t\t<div class=\"e-con-inner\">\n\t\t\t\t<div class=\"elementor-element elementor-element-6d0757bf elementor-widget elementor-widget-heading\" data-id=\"6d0757bf\" data-element_type=\"widget\" data-e-type=\"widget\" data-widget_type=\"heading.default\">\n\t\t\t\t\t<h2 class=\"elementor-heading-title elementor-size-default\">Gyalpo, samsv\u00f6run \u00ed \u00f6\u00f0rum menningarheimum<\/h2>\t\t\t\t<\/div>\n\t\t<div class=\"elementor-element elementor-element-60563f68 e-con-full e-flex e-con e-child\" data-id=\"60563f68\" data-element_type=\"container\" data-e-type=\"container\">\n\t\t\t\t<div class=\"elementor-element elementor-element-5a93fdd6 elementor-widget elementor-widget-text-editor\" data-id=\"5a93fdd6\" data-element_type=\"widget\" data-e-type=\"widget\" data-widget_type=\"text-editor.default\">\n\t\t\t\t\t\t\t\t\t<p><strong>Japan.<\/strong> <em>Gory\u014d<\/em>, hefnigjarnir andar h\u00e1ttsettra pers\u00f3na (Sugawara no Michizane, Taira no Masakado), deila grunnstefi \u00feessarar veru, \u00fear \u00e1 me\u00f0al s\u00ed\u00f0ari innlimun sem verndargu\u00f0d\u00f3mur.<\/p><p>Indland. <em>Bh\u016bta<\/em> og <em>preta<\/em> h\u00e1ttsettra l\u00e1tinna \u00ed indverskri hef\u00f0 eiga s\u00e9r svipa\u00f0a \u00fer\u00f3un; tantr\u00edska bindingara\u00f0fer\u00f0in er sameiginleg arfleif\u00f0.<\/p><p>Evr\u00f3pa. Minni um b\u00f6lva\u00f0a fursta sem sn\u00faa aftur sem vofur finnast \u00ed enskri, skoskri og \u00fe\u00fdskum\u00e6landi sagnahef\u00f0.<\/p><p>Mong\u00f3l\u00eda. Vegna b\u00fadd\u00edskra \u00e1hrifa tekur mong\u00f3lsk hef\u00f0 upp gyalpo-l\u00edkar verur og hina rit\u00faal\u00edsku me\u00f0fer\u00f0 \u00feeirra.<\/p><div><h3>Verndarhlutverk og endursko\u00f0un valdsins<\/h3><p>Verndarhlutverk gyalpo s\u00fdnir l\u00famskt gu\u00f0fr\u00e6\u00f0ilegt hugtak: <span class=\"iwg-fachbegriff\" data-tooltip=\"L\u00edkamalausa veru sem talin er hafa \u00e1hrif \u00ed heiminum.\" tabindex=\"0\">Andi<\/span> me\u00f0 tilhneigingu til ska\u00f0a er breytt \u00ed verndara me\u00f0 samningi. \u00deetta er hagn\u00fdtt fyrirkomulag, ekki si\u00f0fer\u00f0ileg hreinsun. Gyalpo verndar af skyldu, me\u00f0aumkun kemur \u00fear ekki vi\u00f0 s\u00f6gu.<\/p><p>\u00cd n\u00fat\u00edma T\u00edbet er tilbei\u00f0sla gyalpo oft stj\u00f3rnm\u00e1lalega litu\u00f0: \u00feeir eru t\u00falka\u00f0ir sem verndarar t\u00edbetsks sj\u00e1lfst\u00e6\u00f0is og sj\u00e1lfsmyndar. Andlegir i\u00f0kendur vinna me\u00f0 gyalpo-huglei\u00f0slum til a\u00f0 verja sta\u00f0bundin valdami\u00f0st\u00f6\u00f0var. \u00deetta s\u00fdnir hvernig fornb\u00fadd\u00edsk anda-tr\u00faarbr\u00f6g\u00f0 eru virkju\u00f0 a\u00f0 n\u00fdju \u00ed samt\u00edmalegu samhengi.<\/p><\/div>\t\t\t\t\t\t\t\t<\/div>\n\t\t\t\t<\/div>\n\t\t\t\t\t<\/div>\n\t\t\t\t<\/div>\n\t\t<div class=\"elementor-element elementor-element-cp3a7ccf9 e-flex e-con-boxed e-con e-parent\" data-id=\"cp3a7ccf9\" data-element_type=\"container\" data-e-type=\"container\">\n\t\t\t\t\t<div class=\"e-con-inner\">\n\t\t\t\t<div class=\"elementor-element elementor-element-cpfc9e285 elementor-widget elementor-widget-heading\" data-id=\"cpfc9e285\" data-element_type=\"widget\" data-e-type=\"widget\" data-widget_type=\"heading.default\">\n\t\t\t\t\t<h2 class=\"elementor-heading-title elementor-size-default\">Rgyal po sem flokkur konungsandanna<\/h2>\t\t\t\t<\/div>\n\t\t<div class=\"elementor-element elementor-element-cp628c37c e-con-full e-flex e-con e-child\" data-id=\"cp628c37c\" data-element_type=\"container\" data-e-type=\"container\">\n\t\t\t\t<div class=\"elementor-element elementor-element-cpcce5532 elementor-widget elementor-widget-text-editor\" data-id=\"cpcce5532\" data-element_type=\"widget\" data-e-type=\"widget\" data-widget_type=\"text-editor.default\">\n\t\t\t\t\t\t\t\t\t<p><em>rgyal po<\/em> (bori\u00f0 fram gyalpo) eru \u00ed t\u00edbetskri andafr\u00e6\u00f0i flokkur konungsanda.<\/p><p>Hugtaki\u00f0 <em>rgyal po<\/em> merkir einfaldlega konungur, og einmitt \u00fear liggur lykillinn a\u00f0 uppruna\u00adhugmyndinni um \u00fe\u00e1: Samkv\u00e6mt hef\u00f0bundinni sko\u00f0un eru \u00feetta oft \u00f3r\u00f3legir andar l\u00e1tinna konunga, h\u00e1tt settra lama e\u00f0a valdamikilla pers\u00f3na, en dau\u00f0a \u00feeirra fylgdi skuggi hroka, rofinna heita e\u00f0a ofbeldis.<\/p><p>Sterkur pers\u00f3nuleiki sem f\u00e9kk ekki fri\u00f0 gat \u00feannig or\u00f0i\u00f0 a\u00f0 s\u00e9rlega m\u00e1ttugum og h\u00e6ttulegum <span class=\"iwg-fachbegriff\" data-tooltip=\"L\u00edkamalaus vera sem talin er hafa \u00e1hrif \u00ed heiminum.\" tabindex=\"0\">anda<\/span>.<\/p><p>Ren\u00e9 de Nebesky-Wojkowitz fjallar um <em>rgyal po<\/em> \u00ed <em>Oracles and Demons of Tibet<\/em> sem einn af mikilv\u00e6gustu andaflokkunum. \u00cd myndr\u00e6nni framsetningu birtast \u00feeir oft hv\u00edtir, \u00ed konunglegum e\u00f0a herna\u00f0arlegum b\u00faningi, r\u00ed\u00f0andi hesti.<\/p><p>\u00deeim er einkum eigna\u00f0 a\u00f0 valda sj\u00fakd\u00f3mum og truflunum sem tengjast brj\u00e1l\u00e6\u00f0i, ringulrei\u00f0 og skyndilegum hugarr\u00f6skunum. \u00c1r\u00e1s <em>rgyal po<\/em> \u00fe\u00f3tti s\u00e9rlega alvarleg \u00fev\u00ed h\u00fan n\u00e1\u00f0i ekki a\u00f0eins til l\u00edkamans heldur einnig hugans.<\/p><p>Flokkurinn er n\u00e1tengdur \u00e6\u00f0stu verndargo\u00f0um T\u00edbets.<\/p><p>R\u00edkisverndarinn <a href=\"https:\/\/iwell-guard.com\/is\/?page_id=168783\">Pehar<\/a> er talinn tilheyra <em>rgyal po<\/em>-flokknum og er sag\u00f0ur h\u00f6fu\u00f0 h\u00f3ps fimm konungsanda, <em>rgyal po sku lnga<\/em>. H\u00e9r birtist sama tv\u00ede\u00f0li og hj\u00e1 \u00f6\u00f0rum t\u00edbetskum andaflokkum: \u00d3bundinn <em>rgyal po<\/em> er h\u00e6tta, en <em>rgyal po<\/em> sem bundinn er ei\u00f0i getur or\u00f0i\u00f0 m\u00e1ttugur verndari klaustra og kennsluhef\u00f0a.<\/p><p>M\u00f6rkin milli <span class=\"iwg-fachbegriff\" data-tooltip=\"Andleg vera sem talin er hafa ska\u00f0leg e\u00f0a tv\u00edr\u00e6\u00f0 \u00e1hrif.\" tabindex=\"0\">d\u00e6mons<\/span> og verndargo\u00f0s r\u00e1\u00f0ast af \u00fev\u00ed sambandi sem <span class=\"iwg-fachbegriff\" data-tooltip=\"L\u00edkamalaus vera sem talin er hafa \u00e1hrif \u00ed heiminum.\" tabindex=\"0\">andinn<\/span> er settur \u00ed, en ekki af e\u00f0li hans sj\u00e1lfs.<\/p>\t\t\t\t\t\t\t\t<\/div>\n\t\t\t\t<\/div>\n\t\t\t\t\t<\/div>\n\t\t\t\t<\/div>\n\t\t<div class=\"elementor-element elementor-element-cpe8cdb53 e-flex e-con-boxed e-con e-parent\" data-id=\"cpe8cdb53\" data-element_type=\"container\" data-e-type=\"container\">\n\t\t\t\t\t<div class=\"e-con-inner\">\n\t\t\t\t<div class=\"elementor-element elementor-element-cp056653d elementor-widget elementor-widget-heading\" data-id=\"cp056653d\" data-element_type=\"widget\" data-e-type=\"widget\" data-widget_type=\"heading.default\">\n\t\t\t\t\t<h2 class=\"elementor-heading-title elementor-size-default\">T\u00e1knmyndin um rofin heit og h\u00e6ttulegan dau\u00f0a<\/h2>\t\t\t\t<\/div>\n\t\t<div class=\"elementor-element elementor-element-cpdde2c39 e-con-full e-flex e-con e-child\" data-id=\"cpdde2c39\" data-element_type=\"container\" data-e-type=\"container\">\n\t\t\t\t<div class=\"elementor-element elementor-element-cpf77fe73 elementor-widget elementor-widget-text-editor\" data-id=\"cpf77fe73\" data-element_type=\"widget\" data-e-type=\"widget\" data-widget_type=\"text-editor.default\">\n\t\t\t\t\t\t\t\t\t<p>Einkennandi fyrir uppruna\u00ads\u00f6gur <em>rgyal po<\/em> er <span class=\"iwg-fachbegriff\" data-tooltip=\"Endurteki\u00f0 efnisatri\u00f0i \u00ed list e\u00f0a fr\u00e1s\u00f6gn.\" tabindex=\"0\">stef<\/span> hins rofna lofor\u00f0s. Algengt fr\u00e1sagnarmynstur er \u00feetta: Manneskja af h\u00e1um stigum, lami e\u00f0a munkur, deyr \u00ed \u00e1standi gremju, s\u00e6r\u00f0s stolts, rofins <span class=\"iwg-fachbegriff\" data-tooltip=\"H\u00e1t\u00ed\u00f0legt tr\u00faarlegt heit gagnvart gu\u00f0d\u00f3mi.\" tabindex=\"0\">heits<\/span> e\u00f0a me\u00f0 hefndar\u00fer\u00e1.<\/p><p>\u00cd sta\u00f0 g\u00f3\u00f0rar endurf\u00e6\u00f0ingar ver\u00f0ur til <em>rgyal po<\/em>, sem heldur upprunalegum andlegum m\u00e6tti s\u00ednum en beinir honum n\u00fa \u00ed ey\u00f0ileggjandi \u00e1tt. Einmitt vegna \u00feess a\u00f0 vi\u00f0komandi pers\u00f3na var tr\u00faarlega e\u00f0a p\u00f3lit\u00edskt valdamikil \u00ed lifanda l\u00edfi, er <span class=\"iwg-fachbegriff\" data-tooltip=\"L\u00edkamalaus vera sem talin er hafa \u00e1hrif \u00ed heiminum.\" tabindex=\"0\">andinn<\/span> sem \u00far \u00fev\u00ed ver\u00f0ur s\u00e9rlega h\u00e6ttulegur.<\/p><p>\u00deetta mynstur tengir <em>rgyal po<\/em>-hugmyndina vi\u00f0 sj\u00e1lfa tr\u00faars\u00f6gu T\u00edbets. Nokkur t\u00edbetsk verndar- og deilugo\u00f0 eiga uppruna\u00ads\u00f6gur \u00fear sem tr\u00faarleg \u00e1t\u00f6k, rof milli kennara og nemanda e\u00f0a s\u00e6r\u00f0 <span class=\"iwg-fachbegriff\" data-tooltip=\"H\u00e1t\u00ed\u00f0legt tr\u00faarlegt heit gagnvart gu\u00f0d\u00f3mi.\" tabindex=\"0\">heit<\/span> standa \u00ed upphafi.<\/p><p>Hinn umdeildi <span class=\"iwg-fachbegriff\" data-tooltip=\"Vera sem d\u00fdrku\u00f0 er sem gu\u00f0d\u00f3mleg innan tr\u00faarbrag\u00f0a.\" tabindex=\"0\">gu\u00f0d\u00f3mur<\/span>, sem \u00ed yngri s\u00f6gu t\u00edbetsks b\u00faddisma undir nafninu Dorje Shugden var\u00f0 efni har\u00f0ra deilna, er samkv\u00e6mt sumum flokkunum talinn til \u00feessa h\u00f3ps konunglegra anda sem ur\u00f0u til vi\u00f0 dramat\u00edskan dau\u00f0daga. Fr\u00e6\u00f0imenn deila um sl\u00edkar flokkanir og setja \u00fe\u00e6r \u00ed samhengi vi\u00f0 vi\u00f0komandi s\u00e9rtr\u00faardeilur.<\/p><p>Helgisi\u00f0abundin me\u00f0fer\u00f0 fylgdi \u00feekktu r\u00f6kferli: <em>rgyal po<\/em> var\u00f0 anna\u00f0hvort a\u00f0 reka burt og b\u00e6la ni\u00f0ur, e\u00f0a, ef hann var n\u00f3gu sterkur og bundinn kenningunni, a\u00f0 d\u00fdrka sem verndara og halda \u00ed \u00fev\u00ed hlutverki me\u00f0 reglubundnum f\u00f3rnargj\u00f6fum og ei\u00f0a\u00feulum.<\/p><p>\u00deessi binding var talin varanlega \u00f3trygg. Vanr\u00e6ktur <em>rgyal po<\/em>-verndari gat sn\u00faist gegn eigin samf\u00e9lagi. \u00dear me\u00f0 er \u00feessi flokkur s\u00e9rlega sk\u00fdrt d\u00e6mi um \u00fe\u00e1 t\u00edbetsku hugmynd a\u00f0 vald s\u00e9 hvorki gott n\u00e9 illt, heldur \u00feurfi a\u00f0 stj\u00f3rna \u00fev\u00ed.<\/p>\t\t\t\t\t\t\t\t<\/div>\n\t\t\t\t<\/div>\n\t\t\t\t\t<\/div>\n\t\t\t\t<\/div>\n\t\t<div class=\"elementor-element elementor-element-36dd7469 e-flex e-con-boxed e-con e-parent\" data-id=\"36dd7469\" data-element_type=\"container\" data-e-type=\"container\">\n\t\t\t\t\t<div class=\"e-con-inner\">\n\t\t\t\t<div class=\"elementor-element elementor-element-13760ab4 elementor-widget elementor-widget-heading\" data-id=\"13760ab4\" data-element_type=\"widget\" data-e-type=\"widget\" data-widget_type=\"heading.default\">\n\t\t\t\t\t<h2 class=\"elementor-heading-title elementor-size-default\">\u00cdtarefni og tenglar<\/h2>\t\t\t\t<\/div>\n\t\t<div class=\"elementor-element elementor-element-28c87796 e-con-full e-flex e-con e-child\" data-id=\"28c87796\" data-element_type=\"container\" data-e-type=\"container\">\n\t\t\t\t<div class=\"elementor-element elementor-element-5d6538df elementor-widget elementor-widget-text-editor\" data-id=\"5d6538df\" data-element_type=\"widget\" data-e-type=\"widget\" data-widget_type=\"text-editor.default\">\n\t\t\t\t\t\t\t\t\t<p>R\u00e1\u00f0lag\u00f0ar innri tenglar:<\/p><ul><li>Menningars\u00ed\u00f0a <strong>T\u00edbet<\/strong>.<\/li><li>Fleiri einstakar pr\u00f3f\u00edls\u00ed\u00f0ur fr\u00e1 T\u00edbet: <a href=\"https:\/\/iwell-guard.com\/is\/?page_id=168672\">Lu<\/a>, <a href=\"https:\/\/iwell-guard.com\/is\/?page_id=168673\">Tsen<\/a>, <a href=\"https:\/\/iwell-guard.com\/is\/?page_id=168674\">Nyen<\/a>, <a href=\"https:\/\/iwell-guard.com\/is\/?page_id=168676\">Mamo<\/a>.<\/li><li>Hli\u00f0st\u00e6\u00f0ur: <a href=\"https:\/\/iwell-guard.com\/is\/?page_id=168659\">Japan<\/a> (Y\u016brei\/<a href=\"https:\/\/iwell-guard.com\/is\/?page_id=168665\">Gory\u014d<\/a>), <a href=\"https:\/\/iwell-guard.com\/is\/?page_id=168642\">B\u00faddismi<\/a>.<\/li><\/ul>\t\t\t\t\t\t\t\t<\/div>\n\t\t\t\t<\/div>\n\t\t\t\t\t<\/div>\n\t\t\t\t<\/div>\n\t\t<div class=\"elementor-element elementor-element-grl4kl40 e-flex e-con-boxed e-con e-parent\" data-id=\"grl4kl40\" data-element_type=\"container\" data-e-type=\"container\">\n\t\t\t\t\t<div class=\"e-con-inner\">\n\t\t\t\t<div class=\"elementor-element elementor-element-bzsbfrmh elementor-widget elementor-widget-heading\" data-id=\"bzsbfrmh\" data-element_type=\"widget\" data-e-type=\"widget\" data-widget_type=\"heading.default\">\n\t\t\t\t\t<h2 class=\"elementor-heading-title elementor-size-default\">Heimildir (\u00farval)<\/h2>\t\t\t\t<\/div>\n\t\t<div class=\"elementor-element elementor-element-2c13224a e-con-full e-flex e-con e-child\" data-id=\"2c13224a\" data-element_type=\"container\" data-e-type=\"container\">\n\t\t\t\t<div class=\"elementor-element elementor-element-0eymh9ub elementor-widget elementor-widget-text-editor\" data-id=\"0eymh9ub\" data-element_type=\"widget\" data-e-type=\"widget\" data-widget_type=\"text-editor.default\">\n\t\t\t\t\t\t\t\t\t<footer class=\"iwg-literatur\"><p>Stutt \u00farval helstu verka um Gyalpo:<\/p><ul><li><span data-nosnippet>Dreyfus, Georges: <em>The Shuk-den Affair: Origins of a Controversy.<\/em> In: Journal of the International Association of Buddhist Studies 21\/2 (1998), S. 227, 270.<\/span><\/li><li><span data-nosnippet>Cabez\u00f3n, Jos\u00e9 Ignacio (Hrsg.): <em>Buddhism and Language.<\/em> SUNY Press, Albany 1994.<\/span><\/li><\/ul><div data-nosnippet=\"true\" class=\"iwg-litliste\"><p><strong>Grunnrit (T\u00edbet):<\/strong><\/p><ul><li><span data-nosnippet><strong>Blondeau, Anne-Marie (Hg.)<\/strong>: <em>Tibetan Mountain Deities. Verlag der \u00d6sterreichischen Akademie der Wissenschaften, Wien 1998.<\/em><\/span><\/li><li><span data-nosnippet><strong>de Nebesky-Wojkowitz, Ren\u00e9<\/strong>: <em>Oracles and Demons of Tibet. Mouton, The Hague 1956.<\/em><\/span><\/li><\/ul><\/div><\/footer>\n<p class=\"iwg-bib-more\"><span data-nosnippet>Fleiri grunnrit \u00ed <a href=\"https:\/\/iwell-guard.com\/is\/?page_id=168730\">heimildaskr\u00e1nni<\/a>.<\/span><\/p>\t\t\t\t\t\t\t\t<\/div>\n\t\t\t\t<\/div>\n\t\t\t\t\t<\/div>\n\t\t\t\t<\/div>\n\t\t<div class=\"elementor-element elementor-element-iwgca-gyalpo-sec e-flex e-con-boxed e-con e-parent\" data-id=\"iwgca-gyalpo-sec\" data-element_type=\"container\" data-e-type=\"container\" id=\"iwg-ca-gyalpo\">\n\t\t\t\t\t<div class=\"e-con-inner\">\n\t\t\t\t<div class=\"elementor-element elementor-element-iwgca-gyalpo-te iwg-ca-textwrap elementor-widget elementor-widget-text-editor\" data-id=\"iwgca-gyalpo-te\" data-element_type=\"widget\" data-e-type=\"widget\" data-widget_type=\"text-editor.default\">\n\t\t\t\t\t\t\t\t\t<div data-nosnippet=\"true\"><p class=\"iwg-ca-bridge\">Verndarhef\u00f0in sem h\u00e9r er l\u00fdst er tr\u00faars\u00f6gulegt yfirlit yfir s\u00f6guleg fyrirb\u00e6ri. iWell Guard tengist \u00feessari menningars\u00f6gulegu hef\u00f0 verndargripa sem bornir eru \u00e1 l\u00edkamanum og er samt\u00edma\u00fatg\u00e1fa af henni. <a href=\"\/ueber-iwell-guard\/?utm_source=iwell-guard.com&#038;utm_medium=text-link&#038;utm_campaign=schadwesen-tradition\">Meira um iWell Guard \u2192<\/a><\/p><\/div>\t\t\t\t\t\t\t\t<\/div>\n\t\t\t\t\t<\/div>\n\t\t\t\t<\/div>\n\t\t\t\t<\/div>\n\t\t","protected":false},"excerpt":{"rendered":"","protected":false},"author":3,"featured_media":1675,"parent":0,"menu_order":0,"comment_status":"closed","ping_status":"closed","template":"elementor_header_footer","meta":{"_yoast_wpseo_focuskw":"Gyalpo-andi","_yoast_wpseo_title":"Gyalpo - Andi rNying-ma-sk\u00f3lans","_yoast_wpseo_metadesc":"Konungsdj\u00f6flar t\u00edbetskrar hef\u00f0ar: fallnir munkar, valdsviptir stj\u00f3rnendur, hefnigjarnir andar. Tr\u00faarv\u00edsindaleg t\u00falkun.","_yoast_wpseo_meta-robots-noindex":"","_yoast_wpseo_canonical":"","_angie_page":false,"gefaehrdungsstufe":"3","wesen_kultur":"tibet","wesen_klasse":"geister","footnotes":""},"categories":[],"class_list":["post-168675","page","type-page","status-publish","has-post-thumbnail","hentry"],"yoast_head":"<!-- This site is optimized with the Yoast SEO Premium plugin v27.7 (Yoast SEO v28.3) - https:\/\/yoast.com\/product\/yoast-seo-premium-wordpress\/ -->\n<title>Gyalpo - Andi rNying-ma-sk\u00f3lans<\/title>\n<meta name=\"description\" content=\"Konungsdj\u00f6flar t\u00edbetskrar hef\u00f0ar: fallnir munkar, valdsviptir stj\u00f3rnendur, hefnigjarnir andar. Tr\u00faarv\u00edsindaleg t\u00falkun.\" \/>\n<meta name=\"robots\" content=\"index, follow, max-snippet:-1, max-image-preview:large, max-video-preview:-1\" \/>\n<link rel=\"canonical\" href=\"https:\/\/iwell-guard.com\/is\/gyalpo\/\" \/>\n<meta property=\"og:locale\" content=\"is_IS\" \/>\n<meta property=\"og:type\" content=\"article\" \/>\n<meta property=\"og:title\" content=\"Gyalpo\" \/>\n<meta property=\"og:description\" content=\"Konungsdj\u00f6flar t\u00edbetskrar hef\u00f0ar: fallnir munkar, valdsviptir stj\u00f3rnendur, hefnigjarnir andar. Tr\u00faarv\u00edsindaleg t\u00falkun.\" \/>\n<meta property=\"og:url\" content=\"https:\/\/iwell-guard.com\/is\/gyalpo\/\" \/>\n<meta property=\"og:site_name\" content=\"iWell Guard\" \/>\n<meta property=\"article:modified_time\" content=\"2026-09-05T14:16:34+00:00\" \/>\n<meta property=\"og:image\" content=\"https:\/\/iwell-guard.com\/wp-content\/uploads\/2026\/04\/geister_tibet_gyalpo.webp\" \/>\n\t<meta property=\"og:image:width\" content=\"1024\" \/>\n\t<meta property=\"og:image:height\" content=\"1536\" \/>\n\t<meta property=\"og:image:type\" content=\"image\/webp\" \/>\n<meta name=\"twitter:card\" content=\"summary_large_image\" \/>\n<script type=\"application\/ld+json\" class=\"yoast-schema-graph\">{\"@context\":\"https:\\\/\\\/schema.org\",\"@graph\":[{\"@type\":\"WebPage\",\"@id\":\"https:\\\/\\\/iwell-guard.com\\\/is\\\/gyalpo\\\/\",\"url\":\"https:\\\/\\\/iwell-guard.com\\\/is\\\/gyalpo\\\/\",\"name\":\"Gyalpo - Andi rNying-ma-sk\u00f3lans\",\"isPartOf\":{\"@id\":\"https:\\\/\\\/iwell-guard.com\\\/is\\\/#website\"},\"primaryImageOfPage\":{\"@id\":\"https:\\\/\\\/iwell-guard.com\\\/is\\\/gyalpo\\\/#primaryimage\"},\"image\":{\"@id\":\"https:\\\/\\\/iwell-guard.com\\\/is\\\/gyalpo\\\/#primaryimage\"},\"thumbnailUrl\":\"https:\\\/\\\/iwell-guard.com\\\/wp-content\\\/uploads\\\/2026\\\/04\\\/geister_tibet_gyalpo.webp\",\"datePublished\":\"2026-09-05T14:02:04+00:00\",\"dateModified\":\"2026-09-05T14:16:34+00:00\",\"description\":\"Konungsdj\u00f6flar t\u00edbetskrar hef\u00f0ar: fallnir munkar, valdsviptir stj\u00f3rnendur, hefnigjarnir andar. Tr\u00faarv\u00edsindaleg t\u00falkun.\",\"breadcrumb\":{\"@id\":\"https:\\\/\\\/iwell-guard.com\\\/is\\\/gyalpo\\\/#breadcrumb\"},\"inLanguage\":\"is\",\"potentialAction\":[{\"@type\":\"ReadAction\",\"target\":[\"https:\\\/\\\/iwell-guard.com\\\/is\\\/gyalpo\\\/\"]}]},{\"@type\":\"ImageObject\",\"inLanguage\":\"is\",\"@id\":\"https:\\\/\\\/iwell-guard.com\\\/is\\\/gyalpo\\\/#primaryimage\",\"url\":\"https:\\\/\\\/iwell-guard.com\\\/wp-content\\\/uploads\\\/2026\\\/04\\\/geister_tibet_gyalpo.webp\",\"contentUrl\":\"https:\\\/\\\/iwell-guard.com\\\/wp-content\\\/uploads\\\/2026\\\/04\\\/geister_tibet_gyalpo.webp\",\"width\":1024,\"height\":1536,\"caption\":\"Andar \u00far T\u00edbet-hef\u00f0inni.\"},{\"@type\":\"BreadcrumbList\",\"@id\":\"https:\\\/\\\/iwell-guard.com\\\/is\\\/gyalpo\\\/#breadcrumb\",\"itemListElement\":[{\"@type\":\"ListItem\",\"position\":1,\"name\":\"Start\",\"item\":\"https:\\\/\\\/iwell-guard.com\\\/is\\\/?page_id=168580\"},{\"@type\":\"ListItem\",\"position\":2,\"name\":\"Gyalpo\"}]},{\"@type\":\"WebSite\",\"@id\":\"https:\\\/\\\/iwell-guard.com\\\/is\\\/#website\",\"url\":\"https:\\\/\\\/iwell-guard.com\\\/is\\\/\",\"name\":\"iWell Guard\",\"description\":\"Schutz vor dunklen Einfl\u00fcssen\",\"publisher\":{\"@id\":\"https:\\\/\\\/iwell-guard.com\\\/is\\\/#organization\"},\"potentialAction\":[{\"@type\":\"SearchAction\",\"target\":{\"@type\":\"EntryPoint\",\"urlTemplate\":\"https:\\\/\\\/iwell-guard.com\\\/is\\\/?s={search_term_string}\"},\"query-input\":{\"@type\":\"PropertyValueSpecification\",\"valueRequired\":true,\"valueName\":\"search_term_string\"}}],\"inLanguage\":\"is\"},{\"@type\":\"Organization\",\"@id\":\"https:\\\/\\\/iwell-guard.com\\\/is\\\/#organization\",\"name\":\"Ittermann electronic GmbH\",\"url\":\"https:\\\/\\\/iwell-guard.com\\\/is\\\/\",\"logo\":{\"@type\":\"ImageObject\",\"inLanguage\":\"is\",\"@id\":\"https:\\\/\\\/iwell-guard.com\\\/is\\\/#\\\/schema\\\/logo\\\/image\\\/\",\"url\":\"https:\\\/\\\/iwell-guard.com\\\/wp-content\\\/uploads\\\/2026\\\/05\\\/Ittermann-Logo-1182x237-1.png\",\"contentUrl\":\"https:\\\/\\\/iwell-guard.com\\\/wp-content\\\/uploads\\\/2026\\\/05\\\/Ittermann-Logo-1182x237-1.png\",\"width\":1182,\"height\":237,\"caption\":\"Ittermann electronic GmbH\"},\"image\":{\"@id\":\"https:\\\/\\\/iwell-guard.com\\\/is\\\/#\\\/schema\\\/logo\\\/image\\\/\"},\"sameAs\":[\"https:\\\/\\\/pantip.com\\\/profile\\\/9367242\",\"https:\\\/\\\/micro.blog\\\/iwellguard\",\"https:\\\/\\\/www.diggerslist.com\\\/iwellguard\\\/about\",\"https:\\\/\\\/skitterphoto.com\\\/photographers\\\/2870314\\\/iwell-guard\",\"https:\\\/\\\/iwellguard.wordpress.com\\\/2026\\\/06\\\/06\\\/iwell-guard\\\/\",\"https:\\\/\\\/hub.docker.com\\\/u\\\/iwellguard\",\"https:\\\/\\\/www.pinterest.com\\\/iwellguard\\\/\",\"https:\\\/\\\/bit.ly\\\/m\\\/iwellguard\",\"https:\\\/\\\/entre-vos-mains.alsace.eu\\\/profiles\\\/iwellguard\\\/activity\",\"https:\\\/\\\/gravatar.com\\\/reallybeded8fd34\",\"https:\\\/\\\/naijamatta.com\\\/iwellguard\",\"https:\\\/\\\/www.goodreads.com\\\/iwellguard\",\"https:\\\/\\\/profile.hatena.ne.jp\\\/iwellguard\\\/\",\"https:\\\/\\\/experiment.com\\\/users\\\/iwellguard\",\"https:\\\/\\\/wakelet.com\\\/@iWellGuard82270\",\"https:\\\/\\\/www.chordie.com\\\/forum\\\/profile.php?id=2555664\",\"https:\\\/\\\/www.instapaper.com\\\/p\\\/17757966\",\"https:\\\/\\\/www.mapleprimes.com\\\/users\\\/iwellguard\",\"https:\\\/\\\/businesslistingplus.com\\\/profile\\\/iwell-guard\\\/\",\"https:\\\/\\\/telegra.ph\\\/iWell-Guard-06-06\",\"https:\\\/\\\/pbase.com\\\/iwellguard\\\/iwellguard\",\"https:\\\/\\\/b.hatena.ne.jp\\\/iwellguard\\\/20260607#bookmark-4788405196491818882\",\"https:\\\/\\\/fliphtml5.com\\\/home\\\/iwellguard\",\"https:\\\/\\\/anyflip.com\\\/homepage\\\/cmiwl#About\",\"https:\\\/\\\/transfur.com\\\/Users\\\/iwellguard\",\"http:\\\/\\\/delphi.larsbo.org\\\/user\\\/iwellguard\",\"https:\\\/\\\/jobs.lajobsportal.org\\\/profiles\\\/8380803-iwell-guard\",\"https:\\\/\\\/md.chaosdorf.de\\\/s\\\/jfbe5SBdJD\",\"https:\\\/\\\/www.lingvolive.com\\\/en-us\\\/profile\\\/9ecaeaca-ce11-4e51-9e71-01d55e2bff36\\\/translations\",\"https:\\\/\\\/www.fitday.com\\\/fitness\\\/forums\\\/members\\\/iwellguard.html\",\"https:\\\/\\\/www.mymeetbook.com\\\/iwellguard\",\"https:\\\/\\\/pxhere.com\\\/en\\\/photographer-me\\\/5040798\",\"https:\\\/\\\/disqus.com\\\/by\\\/iwellguard\\\/about\\\/\",\"https:\\\/\\\/pastelink.net\\\/hjwciqwq\",\"https:\\\/\\\/pubhtml5.com\\\/homepage\\\/scjhn\\\/\",\"https:\\\/\\\/www.bitchute.com\\\/channel\\\/2O2eOKzNqujT\",\"https:\\\/\\\/audiomack.com\\\/iwellguard\"]},{\"@type\":\"Article\",\"@id\":\"https:\\\/\\\/iwell-guard.com\\\/is\\\/gyalpo\\\/#article\",\"isPartOf\":{\"@id\":\"https:\\\/\\\/iwell-guard.com\\\/is\\\/gyalpo\\\/\"},\"author\":{\"name\":\"Ralf Ittermann\",\"@id\":\"https:\\\/\\\/iwell-guard.com\\\/is\\\/#\\\/schema\\\/person\\\/ee2a27f1cac3406c7c6fb5820cb7349f\"},\"headline\":\"Gyalpo\",\"datePublished\":\"2026-09-05T14:02:04+00:00\",\"dateModified\":\"2026-09-05T14:16:34+00:00\",\"mainEntityOfPage\":{\"@id\":\"https:\\\/\\\/iwell-guard.com\\\/is\\\/gyalpo\\\/\"},\"publisher\":{\"@id\":\"https:\\\/\\\/iwell-guard.com\\\/is\\\/#organization\"},\"image\":{\"@id\":\"https:\\\/\\\/iwell-guard.com\\\/is\\\/gyalpo\\\/#primaryimage\"},\"thumbnailUrl\":\"https:\\\/\\\/iwell-guard.com\\\/wp-content\\\/uploads\\\/2026\\\/04\\\/geister_tibet_gyalpo.webp\",\"inLanguage\":\"is\",\"description\":\"Konungsdj\u00f6flar t\u00edbetskrar hef\u00f0ar: fallnir munkar, valdsviptir stj\u00f3rnendur, hefnigjarnir andar. Tr\u00faarv\u00edsindaleg t\u00falkun.\"}]}<\/script>\n<!-- \/ Yoast SEO Premium plugin. -->","yoast_head_json":{"title":"Gyalpo - Andi rNying-ma-sk\u00f3lans","description":"Konungsdj\u00f6flar t\u00edbetskrar hef\u00f0ar: fallnir munkar, valdsviptir stj\u00f3rnendur, hefnigjarnir andar. Tr\u00faarv\u00edsindaleg t\u00falkun.","robots":{"index":"index","follow":"follow","max-snippet":"max-snippet:-1","max-image-preview":"max-image-preview:large","max-video-preview":"max-video-preview:-1"},"canonical":"https:\/\/iwell-guard.com\/is\/gyalpo\/","og_locale":"is_IS","og_type":"article","og_title":"Gyalpo","og_description":"Konungsdj\u00f6flar t\u00edbetskrar hef\u00f0ar: fallnir munkar, valdsviptir stj\u00f3rnendur, hefnigjarnir andar. Tr\u00faarv\u00edsindaleg t\u00falkun.","og_url":"https:\/\/iwell-guard.com\/is\/gyalpo\/","og_site_name":"iWell Guard","article_modified_time":"2026-09-05T14:16:34+00:00","og_image":[{"width":1024,"height":1536,"url":"https:\/\/iwell-guard.com\/wp-content\/uploads\/2026\/04\/geister_tibet_gyalpo.webp","type":"image\/webp"}],"twitter_card":"summary_large_image","schema":{"@context":"https:\/\/schema.org","@graph":[{"@type":"Article","@id":"https:\/\/iwell-guard.com\/is\/gyalpo\/#article","isPartOf":{"@id":"https:\/\/iwell-guard.com\/is\/gyalpo\/"},"author":{"name":"Ralf Ittermann","@id":"https:\/\/iwell-guard.com\/is\/#\/schema\/person\/ee2a27f1cac3406c7c6fb5820cb7349f"},"headline":"Gyalpo","datePublished":"2026-09-05T14:02:04+00:00","dateModified":"2026-09-05T14:16:34+00:00","mainEntityOfPage":{"@id":"https:\/\/iwell-guard.com\/is\/gyalpo\/"},"publisher":{"@id":"https:\/\/iwell-guard.com\/is\/#organization"},"image":{"@id":"https:\/\/iwell-guard.com\/is\/gyalpo\/#primaryimage"},"thumbnailUrl":"https:\/\/iwell-guard.com\/wp-content\/uploads\/2026\/04\/geister_tibet_gyalpo.webp","inLanguage":"is","description":"Konungsdj\u00f6flar t\u00edbetskrar hef\u00f0ar: fallnir munkar, valdsviptir stj\u00f3rnendur, hefnigjarnir andar. Tr\u00faarv\u00edsindaleg t\u00falkun."},{"@type":"WebPage","@id":"https:\/\/iwell-guard.com\/is\/gyalpo\/","url":"https:\/\/iwell-guard.com\/is\/gyalpo\/","name":"Gyalpo - Andi rNying-ma-sk\u00f3lans","isPartOf":{"@id":"https:\/\/iwell-guard.com\/is\/#website"},"primaryImageOfPage":{"@id":"https:\/\/iwell-guard.com\/is\/gyalpo\/#primaryimage"},"image":{"@id":"https:\/\/iwell-guard.com\/is\/gyalpo\/#primaryimage"},"thumbnailUrl":"https:\/\/iwell-guard.com\/wp-content\/uploads\/2026\/04\/geister_tibet_gyalpo.webp","datePublished":"2026-09-05T14:02:04+00:00","dateModified":"2026-09-05T14:16:34+00:00","description":"Konungsdj\u00f6flar t\u00edbetskrar hef\u00f0ar: fallnir munkar, valdsviptir stj\u00f3rnendur, hefnigjarnir andar. Tr\u00faarv\u00edsindaleg t\u00falkun.","breadcrumb":{"@id":"https:\/\/iwell-guard.com\/is\/gyalpo\/#breadcrumb"},"inLanguage":"is","potentialAction":[{"@type":"ReadAction","target":["https:\/\/iwell-guard.com\/is\/gyalpo\/"]}]},{"@type":"ImageObject","inLanguage":"is","@id":"https:\/\/iwell-guard.com\/is\/gyalpo\/#primaryimage","url":"https:\/\/iwell-guard.com\/wp-content\/uploads\/2026\/04\/geister_tibet_gyalpo.webp","contentUrl":"https:\/\/iwell-guard.com\/wp-content\/uploads\/2026\/04\/geister_tibet_gyalpo.webp","width":1024,"height":1536,"caption":"Andar \u00far T\u00edbet-hef\u00f0inni."},{"@type":"BreadcrumbList","@id":"https:\/\/iwell-guard.com\/is\/gyalpo\/#breadcrumb","itemListElement":[{"@type":"ListItem","position":1,"name":"Start","item":"https:\/\/iwell-guard.com\/is\/?page_id=168580"},{"@type":"ListItem","position":2,"name":"Gyalpo"}]},{"@type":"WebSite","@id":"https:\/\/iwell-guard.com\/is\/#website","url":"https:\/\/iwell-guard.com\/is\/","name":"iWell Guard","description":"Schutz vor dunklen Einfl\u00fcssen","publisher":{"@id":"https:\/\/iwell-guard.com\/is\/#organization"},"potentialAction":[{"@type":"SearchAction","target":{"@type":"EntryPoint","urlTemplate":"https:\/\/iwell-guard.com\/is\/?s={search_term_string}"},"query-input":{"@type":"PropertyValueSpecification","valueRequired":true,"valueName":"search_term_string"}}],"inLanguage":"is"},{"@type":"Organization","@id":"https:\/\/iwell-guard.com\/is\/#organization","name":"Ittermann electronic GmbH","url":"https:\/\/iwell-guard.com\/is\/","logo":{"@type":"ImageObject","inLanguage":"is","@id":"https:\/\/iwell-guard.com\/is\/#\/schema\/logo\/image\/","url":"https:\/\/iwell-guard.com\/wp-content\/uploads\/2026\/05\/Ittermann-Logo-1182x237-1.png","contentUrl":"https:\/\/iwell-guard.com\/wp-content\/uploads\/2026\/05\/Ittermann-Logo-1182x237-1.png","width":1182,"height":237,"caption":"Ittermann electronic GmbH"},"image":{"@id":"https:\/\/iwell-guard.com\/is\/#\/schema\/logo\/image\/"},"sameAs":["https:\/\/pantip.com\/profile\/9367242","https:\/\/micro.blog\/iwellguard","https:\/\/www.diggerslist.com\/iwellguard\/about","https:\/\/skitterphoto.com\/photographers\/2870314\/iwell-guard","https:\/\/iwellguard.wordpress.com\/2026\/06\/06\/iwell-guard\/","https:\/\/hub.docker.com\/u\/iwellguard","https:\/\/www.pinterest.com\/iwellguard\/","https:\/\/bit.ly\/m\/iwellguard","https:\/\/entre-vos-mains.alsace.eu\/profiles\/iwellguard\/activity","https:\/\/gravatar.com\/reallybeded8fd34","https:\/\/naijamatta.com\/iwellguard","https:\/\/www.goodreads.com\/iwellguard","https:\/\/profile.hatena.ne.jp\/iwellguard\/","https:\/\/experiment.com\/users\/iwellguard","https:\/\/wakelet.com\/@iWellGuard82270","https:\/\/www.chordie.com\/forum\/profile.php?id=2555664","https:\/\/www.instapaper.com\/p\/17757966","https:\/\/www.mapleprimes.com\/users\/iwellguard","https:\/\/businesslistingplus.com\/profile\/iwell-guard\/","https:\/\/telegra.ph\/iWell-Guard-06-06","https:\/\/pbase.com\/iwellguard\/iwellguard","https:\/\/b.hatena.ne.jp\/iwellguard\/20260607#bookmark-4788405196491818882","https:\/\/fliphtml5.com\/home\/iwellguard","https:\/\/anyflip.com\/homepage\/cmiwl#About","https:\/\/transfur.com\/Users\/iwellguard","http:\/\/delphi.larsbo.org\/user\/iwellguard","https:\/\/jobs.lajobsportal.org\/profiles\/8380803-iwell-guard","https:\/\/md.chaosdorf.de\/s\/jfbe5SBdJD","https:\/\/www.lingvolive.com\/en-us\/profile\/9ecaeaca-ce11-4e51-9e71-01d55e2bff36\/translations","https:\/\/www.fitday.com\/fitness\/forums\/members\/iwellguard.html","https:\/\/www.mymeetbook.com\/iwellguard","https:\/\/pxhere.com\/en\/photographer-me\/5040798","https:\/\/disqus.com\/by\/iwellguard\/about\/","https:\/\/pastelink.net\/hjwciqwq","https:\/\/pubhtml5.com\/homepage\/scjhn\/","https:\/\/www.bitchute.com\/channel\/2O2eOKzNqujT","https:\/\/audiomack.com\/iwellguard"]},{"@type":"Person","@id":"https:\/\/iwell-guard.com\/is\/#\/schema\/person\/ee2a27f1cac3406c7c6fb5820cb7349f","name":"Ralf Ittermann","image":{"@type":"ImageObject","inLanguage":"is","@id":"https:\/\/secure.gravatar.com\/avatar\/073c0153e350a5005b68eb752b445fea71f6b24a26da9449ad7e155e6b446c9d?s=96&d=mm&r=g","url":"https:\/\/secure.gravatar.com\/avatar\/073c0153e350a5005b68eb752b445fea71f6b24a26da9449ad7e155e6b446c9d?s=96&d=mm&r=g","contentUrl":"https:\/\/secure.gravatar.com\/avatar\/073c0153e350a5005b68eb752b445fea71f6b24a26da9449ad7e155e6b446c9d?s=96&d=mm&r=g","caption":"Ralf Ittermann"},"givenName":"Ralf","familyName":"Ittermann","jobTitle":"Gesch\u00e4ftsf\u00fchrer und redaktioneller Verantwortlicher","url":"https:\/\/iwell-guard.com\/is\/author\/claude\/","description":"Ralf Ittermann ist Gesch\u00e4ftsf\u00fchrer der Ittermann electronic GmbH und redaktioneller Verantwortlicher des iWell-Guard-Lexikons. Er verbindet langj\u00e4hrige Erfahrung in der Pr\u00e4zisionsfertigung mit medialer Praxis und religionsgeschichtlicher Quellenarbeit.","worksFor":{"@type":"Organization","name":"Ittermann electronic GmbH","url":"https:\/\/ittermann.de\/","address":{"@type":"PostalAddress","streetAddress":"K\u00f6hlergasse 16-18","postalCode":"99842","addressLocality":"Ruhla","addressCountry":"DE"}},"knowsAbout":["Religionsgeschichte","Mythologie","Mediale Praxis","Energetische Diagnostik","Schutzpraxis","Volksglauben","Westliche Esoterik"]},{"@type":"Article","@id":"https:\/\/iwell-guard.com\/is\/gyalpo\/#article","isPartOf":{"@id":"https:\/\/iwell-guard.com\/is\/gyalpo\/"},"author":{"name":"Ralf Ittermann","@id":"https:\/\/iwell-guard.com\/is\/#\/schema\/person\/ee2a27f1cac3406c7c6fb5820cb7349f"},"headline":"Gyalpo","datePublished":"2026-09-05T14:02:04+00:00","dateModified":"2026-09-05T14:16:34+00:00","mainEntityOfPage":{"@id":"https:\/\/iwell-guard.com\/is\/gyalpo\/"},"publisher":{"@id":"https:\/\/iwell-guard.com\/is\/#organization"},"image":{"@id":"https:\/\/iwell-guard.com\/is\/gyalpo\/#primaryimage"},"thumbnailUrl":"https:\/\/iwell-guard.com\/wp-content\/uploads\/2026\/04\/geister_tibet_gyalpo.webp","inLanguage":"is","description":"Konungsdj\u00f6flar t\u00edbetskrar hef\u00f0ar: fallnir munkar, valdsviptir stj\u00f3rnendur, hefnigjarnir andar. Tr\u00faarv\u00edsindaleg t\u00falkun."}]}},"_links":{"self":[{"href":"https:\/\/iwell-guard.com\/is\/wp-json\/wp\/v2\/pages\/168675","targetHints":{"allow":["GET"]}}],"collection":[{"href":"https:\/\/iwell-guard.com\/is\/wp-json\/wp\/v2\/pages"}],"about":[{"href":"https:\/\/iwell-guard.com\/is\/wp-json\/wp\/v2\/types\/page"}],"author":[{"embeddable":true,"href":"https:\/\/iwell-guard.com\/is\/wp-json\/wp\/v2\/users\/3"}],"replies":[{"embeddable":true,"href":"https:\/\/iwell-guard.com\/is\/wp-json\/wp\/v2\/comments?post=168675"}],"version-history":[{"count":0,"href":"https:\/\/iwell-guard.com\/is\/wp-json\/wp\/v2\/pages\/168675\/revisions"}],"wp:featuredmedia":[{"embeddable":true,"href":"https:\/\/iwell-guard.com\/is\/wp-json\/wp\/v2\/media\/1675"}],"wp:attachment":[{"href":"https:\/\/iwell-guard.com\/is\/wp-json\/wp\/v2\/media?parent=168675"}],"wp:term":[{"taxonomy":"category","embeddable":true,"href":"https:\/\/iwell-guard.com\/is\/wp-json\/wp\/v2\/categories?post=168675"}],"curies":[{"name":"wp","href":"https:\/\/api.w.org\/{rel}","templated":true}]}}