{"id":168674,"date":"2026-09-05T14:02:04","date_gmt":"2026-09-05T14:02:04","guid":{"rendered":"https:\/\/iwell-guard.com\/?page_id=168674"},"modified":"2026-09-05T14:16:34","modified_gmt":"2026-09-05T14:16:34","slug":"nyen","status":"publish","type":"page","link":"https:\/\/iwell-guard.com\/is\/nyen\/","title":{"rendered":"Nyen"},"content":{"rendered":"\t\t<div data-elementor-type=\"wp-page\" data-elementor-id=\"168674\" class=\"elementor elementor-168674 elementor-1337\" data-elementor-post-type=\"page\">\n\t\t\t\t<div class=\"elementor-element elementor-element-10fdade e-flex e-con-boxed e-con e-parent\" data-id=\"10fdade\" data-element_type=\"container\" data-e-type=\"container\" data-settings=\"{&quot;background_background&quot;:&quot;classic&quot;}\">\n\t\t\t\t\t<div class=\"e-con-inner\">\n\t\t<div class=\"elementor-element elementor-element-herohlft0 e-flex e-con-boxed e-con e-child\" data-id=\"herohlft0\" data-element_type=\"container\" data-e-type=\"container\">\n\t\t\t\t\t<div class=\"e-con-inner\">\n\t\t<div class=\"elementor-element elementor-element-c3ceb64 e-con-full e-flex e-con e-child\" data-id=\"c3ceb64\" data-element_type=\"container\" data-e-type=\"container\">\n\t\t\t\t<div class=\"elementor-element elementor-element-96ae5e1 elementor-widget elementor-widget-heading\" data-id=\"96ae5e1\" data-element_type=\"widget\" data-e-type=\"widget\" data-widget_type=\"heading.default\">\n\t\t\t\t\t<h1 class=\"elementor-heading-title elementor-size-default\">Nyen, andi t\u00edbetskrar hef\u00f0ar<\/h1>\t\t\t\t<\/div>\n\t\t\t\t<div class=\"elementor-element elementor-element-e45238a elementor-widget elementor-widget-text-editor\" data-id=\"e45238a\" data-element_type=\"widget\" data-e-type=\"widget\" data-widget_type=\"text-editor.default\">\n\t\t\t\t\t\t\t\t\t<p>Nyen er <span class=\"iwg-fachbegriff\" data-tooltip=\"L\u00edkamslaus vera sem talin er hafa \u00e1hrif \u00ed heiminum.\" tabindex=\"0\">andi<\/span> t\u00edbetskrar hef\u00f0ar.<\/p><p>Loft- og b\u00fasta\u00f0aandar t\u00edbetskrar hef\u00f0ar, landam\u00e6rav\u00f6r\u00f0ur milli heima.<\/p>\t\t\t\t\t\t\t\t<\/div>\n\t\t\t\t<\/div>\n\t\t<div class=\"elementor-element elementor-element-klsbdg01 e-con-full e-flex e-con e-parent\" data-id=\"klsbdg01\" data-element_type=\"container\" data-e-type=\"container\">\n\t\t\t\t<div class=\"elementor-element elementor-element-klshtm01 elementor-widget elementor-widget-html\" data-id=\"klshtm01\" data-element_type=\"widget\" data-e-type=\"widget\" data-widget_type=\"html.default\">\n\t\t\t\t\t<div class=\"iwg-pill-row\"><span class=\"iwg-klasse-badge\" tabindex=\"0\" data-tooltip=\"Andi: L\u00edkamslaus e\u00f0a h\u00e1lf-l\u00edkamleg vera, hinir d\u00e1nu, n\u00e1tt\u00faruvera, h\u00fasandi e\u00f0a v\u00f6r\u00f0ur \u00fer\u00f6skulda. Verkar \u00ed daglegu l\u00edfi, oft bundin st\u00f6\u00f0um e\u00f0a fj\u00f6lskyldum.\">Andi<\/span><a href=\"https:\/\/iwell-guard.com\/is\/?page_id=168661\" class=\"iwg-kultur-badge\" tabindex=\"0\" data-tooltip=\"T\u00edbetsk-b\u00fadd\u00edsk og B\u00f6n-hef\u00f0, Yidam, Dharmap\u0101la, naga-heimur.\">T\u00edbet<\/a><\/div>\t\t\t\t<\/div>\n\t\t\t\t<\/div>\n\t\t<div class=\"elementor-element elementor-element-3f74855 e-con-full e-flex e-con e-child\" data-id=\"3f74855\" data-element_type=\"container\" data-e-type=\"container\">\n\t\t\t\t<div class=\"elementor-element elementor-element-1c30362 elementor-toc--minimized-on-tablet elementor-widget elementor-widget-table-of-contents\" data-id=\"1c30362\" data-element_type=\"widget\" data-e-type=\"widget\" data-settings=\"{&quot;exclude_headings_by_selector&quot;:[],&quot;no_headings_message&quot;:&quot;Engar undirfyrirsagnir fundust \\u00e1 \\u00feessari s\\u00ed\\u00f0u.&quot;,&quot;headings_by_tags&quot;:[&quot;h2&quot;,&quot;h3&quot;],&quot;marker_view&quot;:&quot;bullets&quot;,&quot;icon&quot;:{&quot;value&quot;:&quot;fas fa-circle&quot;,&quot;library&quot;:&quot;fa-solid&quot;,&quot;rendered_tag&quot;:&quot;&lt;svg class=\\&quot;e-font-icon-svg e-fas-circle\\&quot; viewBox=\\&quot;0 0 512 512\\&quot; xmlns=\\&quot;http:\\\/\\\/www.w3.org\\\/2000\\\/svg\\&quot;&gt;&lt;path d=\\&quot;M256 8C119 8 8 119 8 256s111 248 248 248 248-111 248-248S393 8 256 8z\\&quot;&gt;&lt;\\\/path&gt;&lt;\\\/svg&gt;&quot;},&quot;minimize_box&quot;:&quot;yes&quot;,&quot;minimized_on&quot;:&quot;tablet&quot;,&quot;hierarchical_view&quot;:&quot;yes&quot;,&quot;min_height&quot;:{&quot;unit&quot;:&quot;px&quot;,&quot;size&quot;:&quot;&quot;,&quot;sizes&quot;:[]},&quot;min_height_tablet&quot;:{&quot;unit&quot;:&quot;px&quot;,&quot;size&quot;:&quot;&quot;,&quot;sizes&quot;:[]},&quot;min_height_mobile&quot;:{&quot;unit&quot;:&quot;px&quot;,&quot;size&quot;:&quot;&quot;,&quot;sizes&quot;:[]}}\" data-widget_type=\"table-of-contents.default\">\n\t\t\t\t\t\t\t\t\t<div class=\"elementor-toc__header\">\n\t\t\t\t\t\t<h2 class=\"elementor-toc__header-title\">\n\t\t\t\tEfnisyfirlit\t\t\t<\/h2>\n\t\t\t\t\t\t\t\t\t\t<div class=\"elementor-toc__toggle-button elementor-toc__toggle-button--expand\" role=\"button\" tabindex=\"0\" aria-controls=\"elementor-toc__1c30362\" aria-expanded=\"true\" aria-label=\"Open table of contents\"><svg aria-hidden=\"true\" class=\"e-font-icon-svg e-fas-chevron-down\" viewBox=\"0 0 448 512\" xmlns=\"http:\/\/www.w3.org\/2000\/svg\"><path d=\"M207.029 381.476L12.686 187.132c-9.373-9.373-9.373-24.569 0-33.941l22.667-22.667c9.357-9.357 24.522-9.375 33.901-.04L224 284.505l154.745-154.021c9.379-9.335 24.544-9.317 33.901.04l22.667 22.667c9.373 9.373 9.373 24.569 0 33.941L240.971 381.476c-9.373 9.372-24.569 9.372-33.942 0z\"><\/path><\/svg><\/div>\n\t\t\t\t<div class=\"elementor-toc__toggle-button elementor-toc__toggle-button--collapse\" role=\"button\" tabindex=\"0\" aria-controls=\"elementor-toc__1c30362\" aria-expanded=\"true\" aria-label=\"Close table of contents\"><svg aria-hidden=\"true\" class=\"e-font-icon-svg e-fas-chevron-up\" viewBox=\"0 0 448 512\" xmlns=\"http:\/\/www.w3.org\/2000\/svg\"><path d=\"M240.971 130.524l194.343 194.343c9.373 9.373 9.373 24.569 0 33.941l-22.667 22.667c-9.357 9.357-24.522 9.375-33.901.04L224 227.495 69.255 381.516c-9.379 9.335-24.544 9.317-33.901-.04l-22.667-22.667c-9.373-9.373-9.373-24.569 0-33.941L207.03 130.525c9.372-9.373 24.568-9.373 33.941-.001z\"><\/path><\/svg><\/div>\n\t\t\t\t\t<\/div>\n\t\t\t\t<div id=\"elementor-toc__1c30362\" class=\"elementor-toc__body\">\n\t\t\t<div class=\"elementor-toc__spinner-container\">\n\t\t\t\t<svg class=\"elementor-toc__spinner eicon-animation-spin e-font-icon-svg e-eicon-loading\" aria-hidden=\"true\" viewBox=\"0 0 1000 1000\" xmlns=\"http:\/\/www.w3.org\/2000\/svg\"><path d=\"M500 975V858C696 858 858 696 858 500S696 142 500 142 142 304 142 500H25C25 237 238 25 500 25S975 237 975 500 763 975 500 975Z\"><\/path><\/svg>\t\t\t<\/div>\n\t\t<\/div>\n\t\t\t\t\t\t<\/div>\n\t\t\t\t<\/div>\n\t\t\t\t\t<\/div>\n\t\t\t\t<\/div>\n\t\t<div class=\"elementor-element elementor-element-herorght0 e-con-full e-flex e-con e-child\" data-id=\"herorght0\" data-element_type=\"container\" data-e-type=\"container\">\n\t\t\t\t<div class=\"elementor-element elementor-element-heroimg00 iwg-hero-image elementor-widget elementor-widget-image\" data-id=\"heroimg00\" data-element_type=\"widget\" data-e-type=\"widget\" data-widget_type=\"image.default\">\n\t\t\t\t\t\t\t\t\t\t\t\t\t\t\t<img fetchpriority=\"high\" decoding=\"async\" width=\"683\" height=\"1024\" src=\"https:\/\/iwell-guard.com\/wp-content\/uploads\/2026\/04\/geister_tibet_nyen-683x1024.webp\" class=\"attachment-large size-large wp-image-170986\" alt=\"Nyen - andar \u00far T\u00edbet-hef\u00f0inni, s\u00f6guleg myndskreyting\" srcset=\"https:\/\/iwell-guard.com\/wp-content\/uploads\/2026\/04\/geister_tibet_nyen-683x1024.webp 683w, https:\/\/iwell-guard.com\/wp-content\/uploads\/2026\/04\/geister_tibet_nyen-200x300.webp 200w, https:\/\/iwell-guard.com\/wp-content\/uploads\/2026\/04\/geister_tibet_nyen-768x1152.webp 768w, https:\/\/iwell-guard.com\/wp-content\/uploads\/2026\/04\/geister_tibet_nyen.webp 1024w\" sizes=\"(max-width: 683px) 100vw, 683px\" \/>\t\t\t\t\t\t\t\t\t\t\t\t\t\t\t<\/div>\n\t\t\t\t<\/div>\n\t\t\t\t\t<\/div>\n\t\t\t\t<\/div>\n\t\t<div class=\"elementor-element elementor-element-32917199 e-flex e-con-boxed e-con e-parent\" data-id=\"32917199\" data-element_type=\"container\" data-e-type=\"container\">\n\t\t\t\t\t<div class=\"e-con-inner\">\n\t\t<div class=\"elementor-element elementor-element-26e916cb e-flex e-con-boxed e-con e-child\" data-id=\"26e916cb\" data-element_type=\"container\" data-e-type=\"container\">\n\t\t\t\t\t<div class=\"e-con-inner\">\n\t\t<div class=\"elementor-element elementor-element-253a40d4 e-flex e-con-boxed e-con e-child\" data-id=\"253a40d4\" data-element_type=\"container\" data-e-type=\"container\">\n\t\t\t\t\t<div class=\"e-con-inner\">\n\t\t\t\t<div class=\"elementor-element elementor-element-1200c304 elementor-widget elementor-widget-heading\" data-id=\"1200c304\" data-element_type=\"widget\" data-e-type=\"widget\" data-widget_type=\"heading.default\">\n\t\t\t\t\t<h2 class=\"elementor-heading-title elementor-size-default\">Nyen (gnyan)<\/h2>\t\t\t\t<\/div>\n\t\t\t\t<div class=\"elementor-element elementor-element-11758e7f elementor-widget elementor-widget-text-editor\" data-id=\"11758e7f\" data-element_type=\"widget\" data-e-type=\"widget\" data-widget_type=\"text-editor.default\">\n\t\t\t\t\t\t\t\t\t<p>Nyen (t\u00edb. <em>gnyan<\/em>) er brei\u00f0ur og \u00ed sm\u00e1atri\u00f0um torgreinanlegur flokkur t\u00edbetskra andavera. \u00cd hef\u00f0inni eru \u00feeir skildir sem andar loftsins og millheimsins, \u00f3l\u00edkt Lu \u00ed undirheiminum og Lha \u00ed yfirheiminum. \u00cd reynd b\u00faa Nyen \u00ed fjallshl\u00ed\u00f0um, \u00e1 afr\u00e9ttum, \u00ed tilteknum trj\u00e1m, steinum og \u00ed mannab\u00fast\u00f6\u00f0um.<\/p><p>Nyen eru oft \u00f3s\u00fdnilegir og eru venjulega greindir \u00e1 \u00e1hrifum s\u00ednum, skyndilegum b\u00f3lum, li\u00f0verkjum, k\u00fdlum e\u00f0a langvarandi vanl\u00ed\u00f0an. \u00deeir eru ekki illir \u00ed e\u00f0li s\u00ednu, heldur vi\u00f0kv\u00e6mir fyrir \u00e1gangi \u00e1 landsv\u00e6\u00f0i s\u00edn og fyrir \u00f3hreinum ath\u00f6fnum.<\/p><div><h3>Nyen \u00ed <span class=\"iwg-fachbegriff\" data-tooltip=\"Hugmyndir menningarheims um uppbyggingu og skipulag heimsins.\" tabindex=\"0\">heimsmynd<\/span> B\u00f6n og lagskipt l\u00edkan<\/h3><p>\u00cd heimsmynd <span class=\"iwg-fachbegriff\" tabindex=\"0\" data-tooltip=\"Fyrirb\u00fadd\u00edsk tr\u00faarhef\u00f0 T\u00edbets; notar Tsen, Nyen, Lu og D\u00fc sem flokkun \u00e1 \u00f3manneskjulegum verum.\">B\u00f6n<\/span> er l\u00fdst \u00fev\u00ed hvernig <em>Nyen<\/em> tilheyra millilagi milli himins Tsen og jar\u00f0arins. \u00deeir b\u00faa \u00ed klettum, fjallask\u00f3gum og fossum. Samkv\u00e6mt B\u00f6n-heimildum ur\u00f0u Nyen til \u00e1 fyrra skei\u00f0i alheimsins, \u00feegar heimurinn var enn \u00f3st\u00f6\u00f0ugur. \u00deess vegna eru \u00feeir ekki illir, heldur \u00f3hefla\u00f0ir \u00ed hv\u00f6tum s\u00ednum.<\/p><p>S\u00e1ttf\u00fas Nyen getur veri\u00f0 d\u00fdrm\u00e6tur; reittur Nyen getur ey\u00f0ilagt fj\u00f6lskyldur og akra. \u00d3l\u00edkt Tsen, sem eru bardagamenn, eru Nyen verndarar \u00f3bygg\u00f0arins.<\/p><p>\u00deeir g\u00e6ta landam\u00e6ranna milli mannlegs r\u00fdmis (akurs, h\u00fass, \u00feorps) og villtrar n\u00e1tt\u00faru (fjalls, sk\u00f3gar, glj\u00fafurs). St\u00f3r flokkur Nyen-sj\u00fakd\u00f3ma er svok\u00f6llu\u00f0 landam\u00e6rabrot: \u00feegar menn ganga of langt inn \u00e1 landsv\u00e6\u00f0i Nyen e\u00f0a ey\u00f0ileggja b\u00fasv\u00e6\u00f0i \u00feeirra.<\/p><\/div>\t\t\t\t\t\t\t\t<\/div>\n\t\t\t\t\t<\/div>\n\t\t\t\t<\/div>\n\t\t<div class=\"elementor-element elementor-element-159dcf9a e-flex e-con-boxed e-con e-child\" data-id=\"159dcf9a\" data-element_type=\"container\" data-e-type=\"container\">\n\t\t\t\t\t<div class=\"e-con-inner\">\n\t\t\t\t<div class=\"elementor-element elementor-element-48cee66f elementor-widget elementor-widget-heading\" data-id=\"48cee66f\" data-element_type=\"widget\" data-e-type=\"widget\" data-widget_type=\"heading.default\">\n\t\t\t\t\t<h3 class=\"elementor-heading-title elementor-size-default\">\u00cd hnotskurn: Nyen<\/h3>\t\t\t\t<\/div>\n\t\t\t\t<div class=\"elementor-element elementor-element-3f50d82c elementor-widget elementor-widget-text-editor\" data-id=\"3f50d82c\" data-element_type=\"widget\" data-e-type=\"widget\" data-widget_type=\"text-editor.default\">\n\t\t\t\t\t\t\t\t\t<p><strong>Tegund:<\/strong> loft- og b\u00fasta\u00f0aandar<br>Uppruni: fyrirb\u00fadd\u00edskt B\u00f6n; n\u00e1in tengsl vi\u00f0 Sa-Dag jar\u00f0aranda<br>Textar: Padmasambhava-textar, sta\u00f0bundnar athafnahandb\u00e6kur, al\u00fe\u00fd\u00f0leg \u00e1kallanir<br>\u00c1hrif: \u00fatbrot, li\u00f0verkir, k\u00fdli, b\u00f3lur<br>V\u00f6rn: Sang-<span class=\"iwg-fachbegriff\" data-tooltip=\"Gj\u00f6f til go\u00f0magns til a\u00f0 tj\u00e1 \u00feakkl\u00e6ti, b\u00f3n e\u00f0a lotningu.\" tabindex=\"0\">f\u00f3rn<\/span>, Nyen-\u00e1kallanir, a\u00f0 for\u00f0ast \u00f3hreinar athafnir<\/p>\t\t\t\t\t\t\t\t<\/div>\n\t\t\t\t\t<\/div>\n\t\t\t\t<\/div>\n\t\t\t\t\t<\/div>\n\t\t\t\t<\/div>\n\t\t\t\t\t<\/div>\n\t\t\t\t<\/div>\n\t\t<div class=\"elementor-element elementor-element-18613602 e-flex e-con-boxed e-con e-parent\" data-id=\"18613602\" data-element_type=\"container\" data-e-type=\"container\">\n\t\t\t\t\t<div class=\"e-con-inner\">\n\t\t\t\t<div class=\"elementor-element elementor-element-262b8a9f elementor-widget elementor-widget-heading\" data-id=\"262b8a9f\" data-element_type=\"widget\" data-e-type=\"widget\" data-widget_type=\"heading.default\">\n\t\t\t\t\t<h2 class=\"elementor-heading-title elementor-size-default\">S\u00f6guleg sta\u00f0setning<\/h2>\t\t\t\t<\/div>\n\t\t<div class=\"elementor-element elementor-element-46dcb7d e-con-full e-flex e-con e-child\" data-id=\"46dcb7d\" data-element_type=\"container\" data-e-type=\"container\">\n\t\t<div class=\"elementor-element elementor-element-61d3ab3 e-flex e-con-boxed e-con e-child\" data-id=\"61d3ab3\" data-element_type=\"container\" data-e-type=\"container\">\n\t\t\t\t\t<div class=\"e-con-inner\">\n\t\t\t\t<div class=\"elementor-element elementor-element-117c166 elementor-widget elementor-widget-heading\" data-id=\"117c166\" data-element_type=\"widget\" data-e-type=\"widget\" data-widget_type=\"heading.default\">\n\t\t\t\t\t<h3 class=\"elementor-heading-title elementor-size-default\">T\u00edmabil textanna<\/h3>\t\t\t\t<\/div>\n\t\t\t\t<div class=\"elementor-element elementor-element-73997a0 elementor-widget elementor-widget-text-editor\" data-id=\"73997a0\" data-element_type=\"widget\" data-e-type=\"widget\" data-widget_type=\"text-editor.default\">\n\t\t\t\t\t\t\t\t\t<p>Flokkur Nyen er me\u00f0al elstu laga t\u00edbetskrar tr\u00faarhugsunar; hann er tengdur hugmyndum um \u00ferj\u00e1 heima (efri\/mi\u00f0ju\/ne\u00f0ri) og tilheyrandi verutegundum. B\u00f6n-textar fjalla \u00edtarlega um Nyen, s\u00e9rstaklega \u00ed \u00e1kallahandb\u00f3kum gegn Nyen-sj\u00fakd\u00f3mum.<\/p><p>Me\u00f0 innlei\u00f0ingu b\u00faddisma ver\u00f0ur Nyen-flokkurinn einnig felldur inn \u00ed hina n\u00fdju heimsmynd; Padmasambhava-hringr\u00e1sir var\u00f0veita fr\u00e1s\u00f6gur af helgisi\u00f0abundinni undirokun einstakra Nyen og skipun \u00feeirra sem verndaranda.<\/p>\t\t\t\t\t\t\t\t<\/div>\n\t\t\t\t\t<\/div>\n\t\t\t\t<\/div>\n\t\t<div class=\"elementor-element elementor-element-d47b156 e-flex e-con-boxed e-con e-child\" data-id=\"d47b156\" data-element_type=\"container\" data-e-type=\"container\">\n\t\t\t\t\t<div class=\"e-con-inner\">\n\t\t\t\t<div class=\"elementor-element elementor-element-ff38c2b elementor-widget elementor-widget-heading\" data-id=\"ff38c2b\" data-element_type=\"widget\" data-e-type=\"widget\" data-widget_type=\"heading.default\">\n\t\t\t\t\t<h3 class=\"elementor-heading-title elementor-size-default\">\u00datbrei\u00f0slusv\u00e6\u00f0i<\/h3>\t\t\t\t<\/div>\n\t\t\t\t<div class=\"elementor-element elementor-element-4e49fcc elementor-widget elementor-widget-text-editor\" data-id=\"4e49fcc\" data-element_type=\"widget\" data-e-type=\"widget\" data-widget_type=\"text-editor.default\">\n\t\t\t\t\t\t\t\t\t<p>Nyen eru \u00e1kalla\u00f0ir og sefa\u00f0ir um allan t\u00edbetska menningarsv\u00e6\u00f0i\u00f0. Algengir sta\u00f0ir: fjallshl\u00ed\u00f0ar milli h\u00e1dals og tindasv\u00e6\u00f0is, afr\u00e9ttir me\u00f0 b\u00fafj\u00e1rbeit, tiltekin g\u00f6mul trj\u00e1tegund (s\u00e9rstaklega einir og \u00f6sp), stakir klettar, \u00fe\u00f6k og bitast\u00e6\u00f0i \u00edb\u00fa\u00f0arh\u00fasa, eldst\u00e6\u00f0i.<\/p><p>Sumir Nyen eru bundnir tilteknum \u00e6ttum og fj\u00f6lskyldum (<em>nyen rus<\/em>) og eru vi\u00f0haldnir sem uppruna-verndarandar innan \u00e1kve\u00f0inna \u00e6ttb\u00e1lka.<\/p>\t\t\t\t\t\t\t\t<\/div>\n\t\t\t\t\t<\/div>\n\t\t\t\t<\/div>\n\t\t\t\t<\/div>\n\t\t<div class=\"elementor-element elementor-element-db03c39 e-con-full e-flex e-con e-child\" data-id=\"db03c39\" data-element_type=\"container\" data-e-type=\"container\">\n\t\t<div class=\"elementor-element elementor-element-229a87b e-flex e-con-boxed e-con e-child\" data-id=\"229a87b\" data-element_type=\"container\" data-e-type=\"container\">\n\t\t\t\t\t<div class=\"e-con-inner\">\n\t\t\t\t<div class=\"elementor-element elementor-element-1f471fc elementor-widget elementor-widget-heading\" data-id=\"1f471fc\" data-element_type=\"widget\" data-e-type=\"widget\" data-widget_type=\"heading.default\">\n\t\t\t\t\t<h3 class=\"elementor-heading-title elementor-size-default\">Heimildasta\u00f0a<\/h3>\t\t\t\t<\/div>\n\t\t\t\t<div class=\"elementor-element elementor-element-36b1201 elementor-widget elementor-widget-text-editor\" data-id=\"36b1201\" data-element_type=\"widget\" data-e-type=\"widget\" data-widget_type=\"text-editor.default\">\n\t\t\t\t\t\t\t\t\t<p>Meginheimildir: B\u00f6n-athafnahandb\u00e6kur og \u00e1kallatextar; Padmasambhava-hringr\u00e1sir; s\u00fatra-b\u00f3kmenntir b\u00fadd\u00edskrar endurm\u00f3tunar; sta\u00f0bundnir helgisi\u00f0atextar einstakra klaustra og fj\u00f6lskyldna.<\/p><p><span data-nosnippet>N\u00fat\u00edma heimildarrit: Nebesky-Wojkowitz (1956); Samuel (1993); Karmay (1998); Bellezza, John Vincent (2005) Spirit-Mediums, Sacred Mountains and Related Bon Textual Traditions in Upper Tibet.<\/span><\/p>\t\t\t\t\t\t\t\t<\/div>\n\t\t\t\t\t<\/div>\n\t\t\t\t<\/div>\n\t\t\t\t<\/div>\n\t\t\t\t\t<\/div>\n\t\t\t\t<\/div>\n\t\t<div class=\"elementor-element elementor-element-3ae0637c e-flex e-con-boxed e-con e-parent\" data-id=\"3ae0637c\" data-element_type=\"container\" data-e-type=\"container\">\n\t\t\t\t\t<div class=\"e-con-inner\">\n\t\t\t\t<div class=\"elementor-element elementor-element-31d07739 elementor-widget elementor-widget-heading\" data-id=\"31d07739\" data-element_type=\"widget\" data-e-type=\"widget\" data-widget_type=\"heading.default\">\n\t\t\t\t\t<h2 class=\"elementor-heading-title elementor-size-default\">Nafn og afbrig\u00f0i<\/h2>\t\t\t\t<\/div>\n\t\t<div class=\"elementor-element elementor-element-b7642947 e-con-full e-flex e-con e-child\" data-id=\"b7642947\" data-element_type=\"container\" data-e-type=\"container\">\n\t\t\t\t<div class=\"elementor-element elementor-element-a086266 elementor-widget elementor-widget-text-editor\" data-id=\"a086266\" data-element_type=\"widget\" data-e-type=\"widget\" data-widget_type=\"text-editor.default\">\n\t\t\t\t\t\t\t\t\t<p>T\u00edbetskt <em>gnyan<\/em>, bori\u00f0 fram Nyen e\u00f0a Ny\u00e4n. Stundum \u00e1samt klu sem <em>klu gnyan<\/em>, s\u00e9rlega m\u00e1ttugir Lu-Nyen andar.<\/p><ul><li><strong>Nyen chen<\/strong>, \u201emiklir Nyen\u201c; einstakar mikilv\u00e6gar verur, t.d. Nyen Chen Tanglha (fjallgu\u00f0 vi\u00f0 Namtso-vatn).<\/li><li>Nyen gyi rgyal po, \u201ekonungur Nyen\u201c.<\/li><li>Khyab \u2018jug, a\u00f0 hluta tengt Nyen-l\u00edkum verum; \u00ed s\u00ed\u00f0ari hef\u00f0 \u00fatlagt sem reikistj\u00f6rnu-<span class=\"iwg-fachbegriff\" data-tooltip=\"Vera sem er tilbe\u00f0in sem gu\u00f0leg innan tr\u00faarbrag\u00f0a.\" tabindex=\"0\">go\u00f0magn<\/span> Rahula.<\/li><\/ul>\t\t\t\t\t\t\t\t<\/div>\n\t\t\t\t<\/div>\n\t\t\t\t\t<\/div>\n\t\t\t\t<\/div>\n\t\t<div class=\"elementor-element elementor-element-709a44a8 e-flex e-con-boxed e-con e-parent\" data-id=\"709a44a8\" data-element_type=\"container\" data-e-type=\"container\">\n\t\t\t\t\t<div class=\"e-con-inner\">\n\t\t\t\t<div class=\"elementor-element elementor-element-2f585873 elementor-widget elementor-widget-heading\" data-id=\"2f585873\" data-element_type=\"widget\" data-e-type=\"widget\" data-widget_type=\"heading.default\">\n\t\t\t\t\t<h2 class=\"elementor-heading-title elementor-size-default\">Einkenni<\/h2>\t\t\t\t<\/div>\n\t\t<div class=\"elementor-element elementor-element-70621c12 e-con-full e-flex e-con e-child\" data-id=\"70621c12\" data-element_type=\"container\" data-e-type=\"container\">\n\t\t\t\t<div class=\"elementor-element elementor-element-4296eb49 elementor-widget elementor-widget-text-editor\" data-id=\"4296eb49\" data-element_type=\"widget\" data-e-type=\"widget\" data-widget_type=\"text-editor.default\">\n\t\t\t\t\t\t\t\t\t<p><strong>\u00datlit.<\/strong> Nyen eru a\u00f0 mestu \u00f3s\u00fdnilegir. \u00deegar \u00feeir s\u00fdna sig, gera \u00feeir \u00fea\u00f0 \u00ed gr\u00e1um e\u00f0a gulleitum litum, sem skuggamyndir \u00ed loftinu, sem skuggar vi\u00f0 b\u00fasta\u00f0i, sem flj\u00fagandi \u00feokur. Einstakir mikilv\u00e6gir nyen, eins og Nyen Chen Tanglha, hafa fastar myndr\u00e6nar birtingarmyndir (hv\u00edtur riddari \u00e1 hv\u00edtum hesti, sver\u00f0 \u00ed hendi).<\/p><p>Heg\u00f0un. Nyen brug\u00f0ast vi\u00f0 \u00f3hreinindum og landam\u00e6rabrotum: \u00feegar heimili er stj\u00f3rna\u00f0 \u00e1 \u00f3hreinan h\u00e1tt, \u00feegar reykur berst \u00ed rangan farveg, \u00feegar rask ver\u00f0ur \u00e1 helgum st\u00f6\u00f0um. \u00deeir straffa me\u00f0 sj\u00fakd\u00f3mum \u00ed h\u00fa\u00f0 og hreyfikerfi.<\/p><p>Hlutverk. \u00c1 bundnu formi eru nyen mikilv\u00e6gir landam\u00e6raver\u00f0ir, milli reglu og \u00f3bygg\u00f0a, milli bygg\u00f0ar og h\u00e1lendis.<\/p><div><h3>Rei\u00f0ihli\u00f0ar og fri\u00f0\u00fe\u00e6ging me\u00f0 <span class=\"iwg-fachbegriff\" data-tooltip=\"Regluleg atbur\u00f0ar\u00f6\u00f0 t\u00e1knger\u00f0ra athafna me\u00f0 tr\u00faarlegri e\u00f0a menningarlegri \u00fe\u00fd\u00f0ingu.\" tabindex=\"0\">helgisi\u00f0um<\/span><\/h3><p>Meginkennimark nyen er rei\u00f0i \u00feeirra. \u00d3l\u00edkt dj\u00f6flum, \u00fear sem rei\u00f0in er illur \u00e1setningur, er rei\u00f0i nyen n\u00e1tt\u00farulegt vi\u00f0brag\u00f0 s\u00e1rsins m\u00e1ttar. A\u00f0 fri\u00f0\u00fe\u00e6gja rei\u00f0i nyen krefst skilnings, ekki bara <span class=\"iwg-fachbegriff\" data-tooltip=\"I\u00f0kun sem reynir a\u00f0 hafa \u00e1hrif \u00e1 framgang hlutanna me\u00f0 s\u00e9rst\u00f6kum ath\u00f6fnum e\u00f0a form\u00falum.\" tabindex=\"0\">galdurs<\/span>. Hin helgisi\u00f0abundna fri\u00f0\u00fe\u00e6ging er fl\u00f3kin: h\u00fan felur \u00ed s\u00e9r <span class=\"iwg-fachbegriff\" data-tooltip=\"Gj\u00f6f til gu\u00f0s til a\u00f0 tj\u00e1 \u00feakkl\u00e6ti, b\u00f3n e\u00f0a lotningu.\" tabindex=\"0\">f\u00f3rnir<\/span> (smj\u00f6r, bl\u00f3\u00f0, \u00feurrka\u00f0an fisk), <span class=\"iwg-fachbegriff\" data-tooltip=\"\u00d3sk um heill og skj\u00f3l, oft \u00ed f\u00f6stu m\u00e1lformi.\" tabindex=\"0\">blessunar<\/span>vatn, s\u00e9rstakar b\u00e6nir og stundum sjamanadans.<\/p><p><span class=\"iwg-fachbegriff\" data-tooltip=\"Regluleg atbur\u00f0ar\u00f6\u00f0 t\u00e1knger\u00f0ra athafna me\u00f0 tr\u00faarlegri e\u00f0a menningarlegri \u00fe\u00fd\u00f0ingu.\" tabindex=\"0\">Helgisi\u00f0urinn<\/span> vi\u00f0urkennir a\u00f0 nyen eigi r\u00e9tt \u00e1 lotningu. Mistekst fri\u00f0\u00fe\u00e6ging, hrj\u00e1ir oft l\u00f6mun, blinda e\u00f0a minnisleysi vi\u00f0komandi. \u00deessi l\u00edkamlega einkennamynd greinir ska\u00f0a af v\u00f6ldum nyen fr\u00e1 \u00f6\u00f0rum yfirn\u00e1tt\u00farulegum sj\u00fakd\u00f3mum og segir miki\u00f0 til um sj\u00fakd\u00f3msgreiningu.<\/p><\/div>\t\t\t\t\t\t\t\t<\/div>\n\t\t\t\t<\/div>\n\t\t\t\t\t<\/div>\n\t\t\t\t<\/div>\n\t\t<div class=\"elementor-element elementor-element-44e71476 e-flex e-con-boxed e-con e-parent\" data-id=\"44e71476\" data-element_type=\"container\" data-e-type=\"container\">\n\t\t\t\t\t<div class=\"e-con-inner\">\n\t\t\t\t<div class=\"elementor-element elementor-element-3c1fc3f0 elementor-widget elementor-widget-heading\" data-id=\"3c1fc3f0\" data-element_type=\"widget\" data-e-type=\"widget\" data-widget_type=\"heading.default\">\n\t\t\t\t\t<h2 class=\"elementor-heading-title elementor-size-default\">Yfirlit: Nyen<\/h2>\t\t\t\t<\/div>\n\t\t<div class=\"elementor-element elementor-element-84f33b8e e-con-full e-flex e-con e-child\" data-id=\"84f33b8e\" data-element_type=\"container\" data-e-type=\"container\">\n\t\t\t\t<div class=\"elementor-element elementor-element-hqkdc67p elementor-widget elementor-widget-text-editor\" data-id=\"hqkdc67p\" data-element_type=\"widget\" data-e-type=\"widget\" data-widget_type=\"text-editor.default\">\n\t\t\t\t\t\t\t\t\t<p>Mikilv\u00e6gustu einkenni nyen \u00ed hnotskurn.<\/p>\t\t\t\t\t\t\t\t<\/div>\n\t\t\t\t<\/div>\n\t\t<div class=\"elementor-element elementor-element-pemmx7c5 e-con-full e-flex e-con e-child\" data-id=\"pemmx7c5\" data-element_type=\"container\" data-e-type=\"container\">\n\t\t<div class=\"elementor-element elementor-element-pemmx7c1 e-con-full e-flex e-con e-child\" data-id=\"pemmx7c1\" data-element_type=\"container\" data-e-type=\"container\">\n\t\t<div class=\"elementor-element elementor-element-qh9oavvu iwg-steckbrief-card e-flex e-con-boxed e-con e-child\" data-id=\"qh9oavvu\" data-element_type=\"container\" data-e-type=\"container\">\n\t\t\t\t\t<div class=\"e-con-inner\">\n\t\t\t\t<div class=\"elementor-element elementor-element-awzx8k2k elementor-widget elementor-widget-heading\" data-id=\"awzx8k2k\" data-element_type=\"widget\" data-e-type=\"widget\" data-widget_type=\"heading.default\">\n\t\t\t\t\t<div class=\"elementor-heading-title elementor-size-default\">Menningarsamhengi<\/div>\t\t\t\t<\/div>\n\t\t\t\t<div class=\"elementor-element elementor-element-x6rowhv0 elementor-widget elementor-widget-text-editor\" data-id=\"x6rowhv0\" data-element_type=\"widget\" data-e-type=\"widget\" data-widget_type=\"text-editor.default\">\n\t\t\t\t\t\t\t\t\t<p>For-b\u00fadd\u00edsk b\u00f6n-hef\u00f0; flokkur mi\u00f0heimsins milli lha himinsins og lu vatnsins.<\/p>\t\t\t\t\t\t\t\t<\/div>\n\t\t\t\t\t<\/div>\n\t\t\t\t<\/div>\n\t\t<div class=\"elementor-element elementor-element-8e3o4kxs iwg-steckbrief-card e-flex e-con-boxed e-con e-child\" data-id=\"8e3o4kxs\" data-element_type=\"container\" data-e-type=\"container\">\n\t\t\t\t\t<div class=\"e-con-inner\">\n\t\t\t\t<div class=\"elementor-element elementor-element-08rkdgov elementor-widget elementor-widget-heading\" data-id=\"08rkdgov\" data-element_type=\"widget\" data-e-type=\"widget\" data-widget_type=\"heading.default\">\n\t\t\t\t\t<div class=\"elementor-heading-title elementor-size-default\">Vi\u00f0takendur<\/div>\t\t\t\t<\/div>\n\t\t\t\t<div class=\"elementor-element elementor-element-uwjelx8s elementor-widget elementor-widget-text-editor\" data-id=\"uwjelx8s\" data-element_type=\"widget\" data-e-type=\"widget\" data-widget_type=\"text-editor.default\">\n\t\t\t\t\t\t\t\t\t<p>Hjar\u00f0menn, heimili me\u00f0 \u00f3hreina stj\u00f3rnun, f\u00f3lk \u00e1 fjallsengjum og fjallahl\u00ed\u00f0um, verkamenn \u00e1 helgum st\u00f6\u00f0um; \u00e1kve\u00f0nir nyen eru tengdir fj\u00f6lskyldum.<\/p>\t\t\t\t\t\t\t\t<\/div>\n\t\t\t\t\t<\/div>\n\t\t\t\t<\/div>\n\t\t<div class=\"elementor-element elementor-element-jm2n74ec iwg-steckbrief-card e-flex e-con-boxed e-con e-child\" data-id=\"jm2n74ec\" data-element_type=\"container\" data-e-type=\"container\">\n\t\t\t\t\t<div class=\"e-con-inner\">\n\t\t\t\t<div class=\"elementor-element elementor-element-8vufse4c elementor-widget elementor-widget-heading\" data-id=\"8vufse4c\" data-element_type=\"widget\" data-e-type=\"widget\" data-widget_type=\"heading.default\">\n\t\t\t\t\t<div class=\"elementor-heading-title elementor-size-default\">Form<\/div>\t\t\t\t<\/div>\n\t\t\t\t<div class=\"elementor-element elementor-element-mwb9u015 elementor-widget elementor-widget-text-editor\" data-id=\"mwb9u015\" data-element_type=\"widget\" data-e-type=\"widget\" data-widget_type=\"text-editor.default\">\n\t\t\t\t\t\t\t\t\t<p>A\u00f0 mestu \u00f3s\u00fdnilegir; sem \u00feoka, skuggi e\u00f0a hverfandi skuggamynd; einstakir st\u00f3rir nyen me\u00f0 \u00e1\u00fereifanlega thangka-<span class=\"iwg-fachbegriff\" data-tooltip=\"Fr\u00e6\u00f0i um myndefni og merkingu \u00feeirra.\" tabindex=\"0\">helgimyndafr\u00e6\u00f0i<\/span>.<\/p>\t\t\t\t\t\t\t\t<\/div>\n\t\t\t\t\t<\/div>\n\t\t\t\t<\/div>\n\t\t\t\t<\/div>\n\t\t<div class=\"elementor-element elementor-element-pemmx7c2 e-con-full e-flex e-con e-child\" data-id=\"pemmx7c2\" data-element_type=\"container\" data-e-type=\"container\">\n\t\t<div class=\"elementor-element elementor-element-37ss2yr6 iwg-steckbrief-card e-flex e-con-boxed e-con e-child\" data-id=\"37ss2yr6\" data-element_type=\"container\" data-e-type=\"container\">\n\t\t\t\t\t<div class=\"e-con-inner\">\n\t\t\t\t<div class=\"elementor-element elementor-element-3v0wp3wx elementor-widget elementor-widget-heading\" data-id=\"3v0wp3wx\" data-element_type=\"widget\" data-e-type=\"widget\" data-widget_type=\"heading.default\">\n\t\t\t\t\t<div class=\"elementor-heading-title elementor-size-default\">\u00c1hrif nyen<\/div>\t\t\t\t<\/div>\n\t\t\t\t<div class=\"elementor-element elementor-element-w3247g2m elementor-widget elementor-widget-text-editor\" data-id=\"w3247g2m\" data-element_type=\"widget\" data-e-type=\"widget\" data-widget_type=\"text-editor.default\">\n\t\t\t\t\t\t\t\t\t<p>B\u00f3lur, s\u00e1r, h\u00fa\u00f0\u00fatbrot, li\u00f0amein, \u00edger\u00f0 s\u00e1r, langvinnar li\u00f0b\u00f3lgur, \u00f3frj\u00f3semi beitard\u00fdra.<\/p>\t\t\t\t\t\t\t\t<\/div>\n\t\t\t\t\t<\/div>\n\t\t\t\t<\/div>\n\t\t<div class=\"elementor-element elementor-element-0qpjal9w iwg-steckbrief-card e-flex e-con-boxed e-con e-child\" data-id=\"0qpjal9w\" data-element_type=\"container\" data-e-type=\"container\">\n\t\t\t\t\t<div class=\"e-con-inner\">\n\t\t\t\t<div class=\"elementor-element elementor-element-6ndoih0o elementor-widget elementor-widget-heading\" data-id=\"6ndoih0o\" data-element_type=\"widget\" data-e-type=\"widget\" data-widget_type=\"heading.default\">\n\t\t\t\t\t<div class=\"elementor-heading-title elementor-size-default\">Verndargripir<\/div>\t\t\t\t<\/div>\n\t\t\t\t<div class=\"elementor-element elementor-element-6684tyh9 elementor-widget elementor-widget-text-editor\" data-id=\"6684tyh9\" data-element_type=\"widget\" data-e-type=\"widget\" data-widget_type=\"text-editor.default\">\n\t\t\t\t\t\t\t\t\t<p>Nyen-torma \u00far tsampa og mj\u00f3lk; s\u00e9rt\u00e6kar galdram\u00f6gnunarathafnir; hreinsunarathafnir \u00e1 heimilum; for\u00f0ast skemmdir \u00e1 helgum trj\u00e1m og jar\u00f0vegi.<\/p>\t\t\t\t\t\t\t\t<\/div>\n\t\t\t\t\t<\/div>\n\t\t\t\t<\/div>\n\t\t<div class=\"elementor-element elementor-element-3lfi7x32 iwg-steckbrief-card e-flex e-con-boxed e-con e-child\" data-id=\"3lfi7x32\" data-element_type=\"container\" data-e-type=\"container\">\n\t\t\t\t\t<div class=\"e-con-inner\">\n\t\t\t\t<div class=\"elementor-element elementor-element-0kg99ga1 elementor-widget elementor-widget-heading\" data-id=\"0kg99ga1\" data-element_type=\"widget\" data-e-type=\"widget\" data-widget_type=\"heading.default\">\n\t\t\t\t\t<div class=\"elementor-heading-title elementor-size-default\">Hli\u00f0st\u00e6\u00f0ur<\/div>\t\t\t\t<\/div>\n\t\t\t\t<div class=\"elementor-element elementor-element-n0fum6kp elementor-widget elementor-widget-text-editor\" data-id=\"n0fum6kp\" data-element_type=\"widget\" data-e-type=\"widget\" data-widget_type=\"text-editor.default\">\n\t\t\t\t\t\t\t\t\t<p>Indverskir <em>yaksha<\/em>; k\u00ednverskir loft- og h\u00fasandar; s\u00edber\u00edskir sjaman\u00edskir b\u00fasta\u00f0aandar.<\/p>\t\t\t\t\t\t\t\t<\/div>\n\t\t\t\t\t<\/div>\n\t\t\t\t<\/div>\n\t\t\t\t<\/div>\n\t\t\t\t<\/div>\n\t\t\t\t\t<\/div>\n\t\t\t\t<\/div>\n\t\t<div class=\"elementor-element elementor-element-7533bc7a e-flex e-con-boxed e-con e-parent\" data-id=\"7533bc7a\" data-element_type=\"container\" data-e-type=\"container\">\n\t\t\t\t\t<div class=\"e-con-inner\">\n\t\t\t\t<div class=\"elementor-element elementor-element-2447d18d elementor-widget elementor-widget-heading\" data-id=\"2447d18d\" data-element_type=\"widget\" data-e-type=\"widget\" data-widget_type=\"heading.default\">\n\t\t\t\t\t<h2 class=\"elementor-heading-title elementor-size-default\">Verndarr\u00e1\u00f0 \u00ed framkv\u00e6md<\/h2>\t\t\t\t<\/div>\n\t\t<div class=\"elementor-element elementor-element-d5d0260c e-con-full e-flex e-con e-child\" data-id=\"d5d0260c\" data-element_type=\"container\" data-e-type=\"container\">\n\t\t\t\t<div class=\"elementor-element elementor-element-341be2ac elementor-widget elementor-widget-text-editor\" data-id=\"341be2ac\" data-element_type=\"widget\" data-e-type=\"widget\" data-widget_type=\"text-editor.default\">\n\t\t\t\t\t\t\t\t\t<p><strong>Sang-<span class=\"iwg-fachbegriff\" data-tooltip=\"Gj\u00f6f til gu\u00f0s til a\u00f0 tj\u00e1 \u00feakkl\u00e6ti, b\u00f3n e\u00f0a lotningu.\" tabindex=\"0\">f\u00f3rnir<\/span> og nyen-torma.<\/strong> Litlar f\u00f3rnargjafir \u00far tsampa, mj\u00f3lk, smj\u00f6ri og hunangi eru lag\u00f0ar \u00e1 sta\u00f0i nyen; daglegar reykf\u00f3rnir \u00e1 \u00feaki halda h\u00fasnyen lj\u00fafum.<\/p><p>Hreinsunarathafnir. B\u00fasta\u00f0ir eru hreinsa\u00f0ir \u00e1rlega af lama e\u00f0a h\u00fasr\u00e1\u00f0anda me\u00f0 blessunartextum; s\u00f3pun fyrir \u00fatidyrum, a\u00f0 halda \u00f3hreinum efnum \u00ed fjarl\u00e6g\u00f0 og r\u00e9ttri stefnu eldst\u00e6\u00f0is eru hluti af daglegri vernd.<\/p><p>Beitarreglur. \u00c1 fjallsengjum eru haldnar athafnir fyrir sta\u00f0bundna nyen \u00e1\u00f0ur en fyrst er beitt; hjar\u00f0menn for\u00f0ast \u00e1kve\u00f0na sta\u00f0i \u00e1 \u00e1kve\u00f0num t\u00edmum.<\/p><p><strong>L\u00e6knar (<em>dpa&#8217; bo<\/em>) og galdram\u00f6gnun.<\/strong> Fyrir tiltekna nyen-sj\u00fakd\u00f3ma eru sta\u00f0bundnir l\u00e6knar e\u00f0a lamar kalla\u00f0ir til, sem sameina s\u00e9rt\u00e6kar athafnir og jurtal\u00e6kningar.<\/p>\t\t\t\t\t\t\t\t<\/div>\n\t\t\t\t<\/div>\n\t\t\t\t\t<\/div>\n\t\t\t\t<\/div>\n\t\t<div class=\"elementor-element elementor-element-5a584676 e-flex e-con-boxed e-con e-parent\" data-id=\"5a584676\" data-element_type=\"container\" data-e-type=\"container\">\n\t\t\t\t\t<div class=\"e-con-inner\">\n\t\t\t\t<div class=\"elementor-element elementor-element-6d0757bf elementor-widget elementor-widget-heading\" data-id=\"6d0757bf\" data-element_type=\"widget\" data-e-type=\"widget\" data-widget_type=\"heading.default\">\n\t\t\t\t\t<h2 class=\"elementor-heading-title elementor-size-default\">Nyen, hli\u00f0st\u00e6\u00f0ur \u00ed \u00f6\u00f0rum menningarheimum<\/h2>\t\t\t\t<\/div>\n\t\t<div class=\"elementor-element elementor-element-60563f68 e-con-full e-flex e-con e-child\" data-id=\"60563f68\" data-element_type=\"container\" data-e-type=\"container\">\n\t\t\t\t<div class=\"elementor-element elementor-element-5a93fdd6 elementor-widget elementor-widget-text-editor\" data-id=\"5a93fdd6\" data-element_type=\"widget\" data-e-type=\"widget\" data-widget_type=\"text-editor.default\">\n\t\t\t\t\t\t\t\t\t<p><strong>Indland.<\/strong> <em>Yaksha<\/em> sem tv\u00edr\u00e6\u00f0ir var\u00f0verur deila m\u00f6rgum einkennum; hin t\u00edbeska nyen-flokkun hefur \u00fe\u00f3 eigin, sta\u00f0bundna \u00fer\u00f3un.<\/p><p>Mong\u00f3l\u00eda. Eftir b\u00fadd\u00edska innrei\u00f0 tekur mong\u00f3lsk hef\u00f0 upp nyen-l\u00edk verur sem b\u00fasta\u00f0a- og vegaver\u00f0i.<\/p><p>S\u00edber\u00eda. Sjaman\u00edskar hugmyndir um h\u00fasa- og sta\u00f0aranda deila grunneinkennum.<\/p><p>Evr\u00f3pa. H\u00fasandar og b\u00e6jar\u00e1lfar \u00ed alpaskri, \u00fe\u00fdskum\u00e6landi og slavneskri hef\u00f0 s\u00fdna byggingarlega l\u00edka eiginleika.<\/p><div><h3>Nyen og b\u00fadd\u00edsk saml\u00f6gun sem verndarm\u00e1ttur<\/h3><p>Me\u00f0 b\u00faddav\u00e6\u00f0ingu T\u00edbets voru margir sv\u00e6\u00f0isbundnir d\u00fdrka\u00f0ir nyen teknir upp \u00ed b\u00fadd\u00edska gu\u00f0aver\u00f6ld. \u00deeir ur\u00f0u oft a\u00f0 verndargu\u00f0um (<em>chos-skyong<\/em>). D\u00e6mi er nyen Kailash-fjallsins, sem er d\u00fdrka\u00f0ur innan mismunandi b\u00fadd\u00edskra stefna.<\/p><p>\u00deessi saml\u00f6gun ger\u00f0i saml\u00edf m\u00f6guleg milli b\u00f6n-i\u00f0kunar og b\u00fadd\u00edsks <span class=\"iwg-fachbegriff\" data-tooltip=\"S\u00fa tr\u00faarsko\u00f0un sem vi\u00f0urkennd er sem r\u00e9tttr\u00fana\u00f0ur.\" tabindex=\"0\">r\u00e9tttr\u00fana\u00f0ar<\/span>: tr\u00faa\u00f0ur ma\u00f0ur gat f\u00e6rt sta\u00f0bundnum nyen s\u00ednum <span class=\"iwg-fachbegriff\" data-tooltip=\"Gj\u00f6f til gu\u00f0s til a\u00f0 tj\u00e1 \u00feakkl\u00e6ti, b\u00f3n e\u00f0a lotningu.\" tabindex=\"0\">f\u00f3rnir<\/span> og d\u00fdrka\u00f0 B\u00fadda \u00e1 sama t\u00edma.<\/p><p>\u00cd n\u00fat\u00edma T\u00edbet er d\u00fdrkun nyen mj\u00f6g litu\u00f0 af \u00fej\u00f3\u00f0ernislegum tilfinningum: fjallaandinn er lesinn sem verndari t\u00edbeskrar sj\u00e1lfsmyndar. Umhverfisverndarhreyfingar hafa einnig f\u00e6rt d\u00fdrkun nyen til n\u00fat\u00edmans me\u00f0 \u00fev\u00ed a\u00f0 taka nyen upp sem <span class=\"iwg-fachbegriff\" data-tooltip=\"T\u00e1kn sem stendur fyrir hugmynd e\u00f0a merkingu.\" tabindex=\"0\">t\u00e1kn<\/span> sk\u00f3garins og l\u00edfr\u00e6nnar heildar.<\/p><\/div>\t\t\t\t\t\t\t\t<\/div>\n\t\t\t\t<\/div>\n\t\t\t\t\t<\/div>\n\t\t\t\t<\/div>\n\t\t<div class=\"elementor-element elementor-element-cp55797be e-flex e-con-boxed e-con e-parent\" data-id=\"cp55797be\" data-element_type=\"container\" data-e-type=\"container\">\n\t\t\t\t\t<div class=\"e-con-inner\">\n\t\t\t\t<div class=\"elementor-element elementor-element-cp6351edd elementor-widget elementor-widget-heading\" data-id=\"cp6351edd\" data-element_type=\"widget\" data-e-type=\"widget\" data-widget_type=\"heading.default\">\n\t\t\t\t\t<h2 class=\"elementor-heading-title elementor-size-default\">Gnyan \u00ed \u00fer\u00ed\u00fe\u00e6ttu r\u00faml\u00edkani T\u00edbets<\/h2>\t\t\t\t<\/div>\n\t\t<div class=\"elementor-element elementor-element-cp802e271 e-con-full e-flex e-con e-child\" data-id=\"cp802e271\" data-element_type=\"container\" data-e-type=\"container\">\n\t\t\t\t<div class=\"elementor-element elementor-element-cp4357c0e elementor-widget elementor-widget-text-editor\" data-id=\"cp4357c0e\" data-element_type=\"widget\" data-e-type=\"widget\" data-widget_type=\"text-editor.default\">\n\t\t\t\t\t\t\t\t\t<p>\u00cd t\u00edbetskri andafr\u00e6\u00f0i myndar <em>gnyan<\/em> (bori\u00f0 fram nyen) s\u00e9rstakan flokk sem hefur sinn fasta sta\u00f0 \u00ed heimsmynd sem er bygg\u00f0 upp \u00ed l\u00e1r\u00e9ttum l\u00f6gum.<\/p><p>Hin heimafengna t\u00edbetska <span class=\"iwg-fachbegriff\" data-tooltip=\"Hugmyndin um uppbyggingu og skipan heimsins innan menningar.\" tabindex=\"0\">heimsfr\u00e6\u00f0i<\/span>, eins og Ren\u00e9 de Nebesky-Wojkowitz endurger\u00f0i hana \u00ed <em>Oracles and Demons of Tibet<\/em>, greinir \u00ed gr\u00f3fum dr\u00e1ttum \u00ferj\u00fa svi\u00f0: h\u00e6\u00f0ir himins me\u00f0 <em>lha<\/em>, dj\u00fap vatna og jar\u00f0ar me\u00f0 <a href=\"https:\/\/iwell-guard.com\/is\/?page_id=168672\">klu<\/a>, og milliliggjandi svi\u00f0 yfirbor\u00f0s jar\u00f0arins, halla, trj\u00e1a og kletta. \u00deetta mi\u00f0l\u00e6ga svi\u00f0 byggja <em>gnyan<\/em>.<\/p><p>\u00deau eru \u00fev\u00ed andar \u00feess sv\u00e6\u00f0is \u00fear sem mannlegt ath\u00e6fi fer fram me\u00f0 beinustum h\u00e6tti: sk\u00f3garh\u00f6gg, klettabrot, pl\u00e6ging jar\u00f0ar, rask \u00e1 yfirbor\u00f0i jar\u00f0ar. \u00cd \u00feessu felst n\u00e1kv\u00e6mlega h\u00e6ttan sem af \u00feeim stafar.<\/p><p><em>Gnyan<\/em> eru \u00e1litin vi\u00f0kv\u00e6m og hefna s\u00e9r \u00e1 innr\u00e1s \u00ed sv\u00e6\u00f0i sitt me\u00f0 sj\u00fakd\u00f3mum. \u00deeim er s\u00e9rstaklega eignu\u00f0 graftrark\u00fdli, k\u00fdli, \u00e6xlisv\u00f6xtur og pl\u00e1gul\u00edkir sj\u00fakd\u00f3mar, \u00fea\u00f0 er sj\u00fakd\u00f3mar sem birtast s\u00fdnilega \u00e1 l\u00edkamanum. Nafni\u00f0 sj\u00e1lft ber merkingu hins h\u00e6ttulega og \u00f3gnvekjandi.<\/p><p>\u00d6fugt vi\u00f0 flesta sk\u00fdrt illkvitnislega dj\u00f6flaflokka eru <em>gnyan<\/em> tv\u00edr\u00e6\u00f0. \u00deau leita ekki ska\u00f0a af sj\u00e1lfsd\u00e1\u00f0um heldur breg\u00f0ast vi\u00f0 r\u00f6skun \u00e1 yfirr\u00e1\u00f0asv\u00e6\u00f0i s\u00ednu. \u00deessi r\u00f6kfr\u00e6\u00f0i um raska\u00f0 jafnv\u00e6gi er einkennandi fyrir hina sta\u00f0bundnu andaflokka T\u00edbets.<\/p><p>S\u00e1 sem fellir tr\u00e9 e\u00f0a losar stein \u00far fjalli \u00e1n \u00feess a\u00f0 taka tillit til vi\u00f0komandi anda heg\u00f0ar s\u00e9r, samkv\u00e6mt hef\u00f0bundnum skilningi, g\u00e1lauslega. <em>Gnyan<\/em> birtast \u00feannig s\u00ed\u00f0ur sem fjendur mannsins en sem ver\u00f0ir skipulags sem hefur aflei\u00f0ingar \u00ed f\u00f6r me\u00f0 s\u00e9r ef vanvirt er.<\/p>\t\t\t\t\t\t\t\t<\/div>\n\t\t\t\t<\/div>\n\t\t\t\t\t<\/div>\n\t\t\t\t<\/div>\n\t\t<div class=\"elementor-element elementor-element-cpc672d17 e-flex e-con-boxed e-con e-parent\" data-id=\"cpc672d17\" data-element_type=\"container\" data-e-type=\"container\">\n\t\t\t\t\t<div class=\"e-con-inner\">\n\t\t\t\t<div class=\"elementor-element elementor-element-cp270cc54 elementor-widget elementor-widget-heading\" data-id=\"cp270cc54\" data-element_type=\"widget\" data-e-type=\"widget\" data-widget_type=\"heading.default\">\n\t\t\t\t\t<h2 class=\"elementor-heading-title elementor-size-default\">Helgisi\u00f0abundin umgengni og forvarnir gegn sj\u00fakd\u00f3mum<\/h2>\t\t\t\t<\/div>\n\t\t<div class=\"elementor-element elementor-element-cp3826cd5 e-con-full e-flex e-con e-child\" data-id=\"cp3826cd5\" data-element_type=\"container\" data-e-type=\"container\">\n\t\t\t\t<div class=\"elementor-element elementor-element-cp86f8ed8 elementor-widget elementor-widget-text-editor\" data-id=\"cp86f8ed8\" data-element_type=\"widget\" data-e-type=\"widget\" data-widget_type=\"text-editor.default\">\n\t\t\t\t\t\t\t\t\t<p>\u00dear sem <em>gnyan<\/em> breg\u00f0ast vi\u00f0 inngripum \u00ed j\u00f6r\u00f0, stein og vi\u00f0, beindist hef\u00f0bundin umgengni vi\u00f0 \u00feau a\u00f0 \u00fev\u00ed a\u00f0 for\u00f0ast \u00e1rekstra og fri\u00f0\u00fe\u00e6gja. \u00c1\u00f0ur en umfangsmeiri byggingarframkv\u00e6mdir h\u00f3fust, \u00e1\u00f0ur en akrar voru lag\u00f0ir e\u00f0a tr\u00e9 felld, voru f\u00e6r\u00f0ar f\u00f3rnir og be\u00f0i\u00f0 um leyfi.<\/p><p>\u00cd reynd bl\u00f6ndu\u00f0ust h\u00e9r saman fyrirb\u00fadd\u00edskar hugmyndir, b\u00faddisma og \u00fe\u00e6ttir \u00far B\u00f6n-hef\u00f0inni. Lamar e\u00f0a sta\u00f0bundnir s\u00e9rfr\u00e6\u00f0ingar \u00ed helgisi\u00f0um framkv\u00e6mdu athafnir sem \u00e6tla\u00f0 var a\u00f0 milda hinn vi\u00f0komandi <span class=\"iwg-fachbegriff\" data-tooltip=\"L\u00edkamslaus vera sem er eignu\u00f0 \u00e1hrif \u00ed heiminum.\" tabindex=\"0\">anda<\/span> og afst\u00fdra yfirvofandi ska\u00f0a.<\/p><p>Hef\u00f0i sj\u00fakd\u00f3mur \u00feegar komi\u00f0 fram, var hann t\u00falka\u00f0ur eftir einkennum s\u00ednum. Graftrark\u00fdli og h\u00fa\u00f0\u00e6xli voru talin d\u00e6miger\u00f0ir <em>gnyan<\/em>-sj\u00fakd\u00f3mar og k\u00f6llu\u00f0u \u00e1 s\u00e9rt\u00e6ka l\u00e6kningaath\u00f6fn sem \u00e1varpa\u00f0i ors\u00f6kina, \u00fea\u00f0 er hinn ska\u00f0a\u00f0a <span class=\"iwg-fachbegriff\" data-tooltip=\"L\u00edkamslaus vera sem er eignu\u00f0 \u00e1hrif \u00ed heiminum.\" tabindex=\"0\">anda<\/span>.<\/p><p>H\u00e9r birtist n\u00e1in tengsl t\u00edbetskrar l\u00e6knisfr\u00e6\u00f0i og andafr\u00e6\u00f0i: Me\u00f0fer\u00f0 \u00feurfti ekki a\u00f0eins a\u00f0 taka \u00e1 l\u00edkamlegu einkenninu, heldur einnig a\u00f0 endurreisa raska\u00f0 samband vi\u00f0 andaheiminn. Ranns\u00f3knir benda \u00e1 a\u00f0 \u00feessi samtvinnun l\u00e6knisfr\u00e6\u00f0ilegrar og helgisi\u00f0abundinnar greiningar s\u00e9 vi\u00f0varandi einkenni hins hef\u00f0bundna t\u00edbetska l\u00e6kningakerfis.<\/p><p>Mikilv\u00e6gt er a\u00f0 greina \u00e1 milli n\u00e6rliggjandi flokka. <em>Gnyan<\/em> voru \u00f6\u00f0ru hverju nefnd samhli\u00f0a <a href=\"https:\/\/iwell-guard.com\/is\/?page_id=168672\">klu<\/a> og <a href=\"https:\/\/iwell-guard.com\/is\/?page_id=168673\">btsan<\/a>, og \u00ed sumum textum koma fram bl\u00f6ndu\u00f0 heiti. De Nebesky-Wojkowitz benti \u00e1 a\u00f0 m\u00f6rkin milli andaflokkanna s\u00e9u \u00ed heimildunum ekki alltaf sk\u00fdrt dregin og s\u00e9u breytileg eftir sv\u00e6\u00f0um.<\/p><p>Fyrir skilning m\u00e1lsins er kjarninn \u00fe\u00f3 st\u00f6\u00f0ugur: <em>Gnyan<\/em> eru andar hins beinl\u00ednis bygg\u00f0a og r\u00e6kta\u00f0a lands, og samband \u00feeirra vi\u00f0 manninn er samband gagnkv\u00e6mrar tillitssemi, sem birtist \u00e1 l\u00edkamanum \u00feegar \u00fea\u00f0 er rofi\u00f0.<\/p>\t\t\t\t\t\t\t\t<\/div>\n\t\t\t\t<\/div>\n\t\t\t\t\t<\/div>\n\t\t\t\t<\/div>\n\t\t<div class=\"elementor-element elementor-element-36dd7469 e-flex e-con-boxed e-con e-parent\" data-id=\"36dd7469\" data-element_type=\"container\" data-e-type=\"container\">\n\t\t\t\t\t<div class=\"e-con-inner\">\n\t\t\t\t<div class=\"elementor-element elementor-element-13760ab4 elementor-widget elementor-widget-heading\" data-id=\"13760ab4\" data-element_type=\"widget\" data-e-type=\"widget\" data-widget_type=\"heading.default\">\n\t\t\t\t\t<h2 class=\"elementor-heading-title elementor-size-default\">\u00cdtarefni og tenglar<\/h2>\t\t\t\t<\/div>\n\t\t<div class=\"elementor-element elementor-element-28c87796 e-con-full e-flex e-con e-child\" data-id=\"28c87796\" data-element_type=\"container\" data-e-type=\"container\">\n\t\t\t\t<div class=\"elementor-element elementor-element-5d6538df elementor-widget elementor-widget-text-editor\" data-id=\"5d6538df\" data-element_type=\"widget\" data-e-type=\"widget\" data-widget_type=\"text-editor.default\">\n\t\t\t\t\t\t\t\t\t<p>R\u00e1\u00f0lag\u00f0ir innri hlekkir:<\/p><ul><li>Menningars\u00ed\u00f0a <strong>T\u00edbet<\/strong>.<\/li><li>Fleiri einstakar pr\u00f3f\u00edls\u00ed\u00f0ur T\u00edbets: <a href=\"https:\/\/iwell-guard.com\/is\/?page_id=168672\">Lu<\/a>, <a href=\"https:\/\/iwell-guard.com\/is\/?page_id=168673\">Tsen<\/a>, <a href=\"https:\/\/iwell-guard.com\/is\/?page_id=168675\">Gyalpo<\/a>, <a href=\"https:\/\/iwell-guard.com\/is\/?page_id=168676\">Mamo<\/a>.<\/li><li>Hli\u00f0st\u00e6\u00f0ur: <a href=\"https:\/\/iwell-guard.com\/is\/?page_id=168641\">hind\u00faisma<\/a> (Yaksha), <a href=\"https:\/\/iwell-guard.com\/is\/?page_id=168616\">slavneskrar menningar<\/a> (heimilisandar).<\/li><\/ul>\t\t\t\t\t\t\t\t<\/div>\n\t\t\t\t<\/div>\n\t\t\t\t\t<\/div>\n\t\t\t\t<\/div>\n\t\t<div class=\"elementor-element elementor-element-grl4kl40 e-flex e-con-boxed e-con e-parent\" data-id=\"grl4kl40\" data-element_type=\"container\" data-e-type=\"container\">\n\t\t\t\t\t<div class=\"e-con-inner\">\n\t\t\t\t<div class=\"elementor-element elementor-element-bzsbfrmh elementor-widget elementor-widget-heading\" data-id=\"bzsbfrmh\" data-element_type=\"widget\" data-e-type=\"widget\" data-widget_type=\"heading.default\">\n\t\t\t\t\t<h2 class=\"elementor-heading-title elementor-size-default\">Heimildir og fr\u00e6\u00f0irit<\/h2>\t\t\t\t<\/div>\n\t\t<div class=\"elementor-element elementor-element-2c13224a e-con-full e-flex e-con e-child\" data-id=\"2c13224a\" data-element_type=\"container\" data-e-type=\"container\">\n\t\t\t\t<div class=\"elementor-element elementor-element-0eymh9ub elementor-widget elementor-widget-text-editor\" data-id=\"0eymh9ub\" data-element_type=\"widget\" data-e-type=\"widget\" data-widget_type=\"text-editor.default\">\n\t\t\t\t\t\t\t\t\t<footer class=\"iwg-literatur\"><p>\u00de\u00e9ttvali\u00f0 \u00farval helstu rita um Nyen:<\/p><ul><li><span data-nosnippet>Bellezza, John Vincent: <em>Spirit-Mediums, Sacred Mountains and Related Bon Textual Traditions in Upper Tibet.<\/em> Brill, Leiden 2005.<\/span><\/li><li><span data-nosnippet>Blondeau, Anne-Marie (Hrsg.): <em>Tibetan Mountain Deities.<\/em> Verlag der \u00d6sterreichischen Akademie der Wissenschaften, Wien 1998.<\/span><\/li><\/ul><div data-nosnippet=\"true\" class=\"iwg-litliste\"><p><strong>Grunnrit (T\u00edbet):<\/strong><\/p><ul><li><span data-nosnippet><strong>Blondeau, Anne-Marie (Hg.)<\/strong>: <em>Tibetan Mountain Deities. Verlag der \u00d6sterreichischen Akademie der Wissenschaften, Wien 1998.<\/em><\/span><\/li><li><span data-nosnippet><strong>de Nebesky-Wojkowitz, Ren\u00e9<\/strong>: <em>Oracles and Demons of Tibet. Mouton, The Hague 1956.<\/em><\/span><\/li><\/ul><\/div><\/footer>\n<p class=\"iwg-bib-more\"><span data-nosnippet>Fleiri grunnrit \u00ed <a href=\"https:\/\/iwell-guard.com\/is\/?page_id=168730\">heimildaskr\u00e1nni<\/a>.<\/span><\/p>\t\t\t\t\t\t\t\t<\/div>\n\t\t\t\t<\/div>\n\t\t\t\t\t<\/div>\n\t\t\t\t<\/div>\n\t\t<div class=\"elementor-element elementor-element-iwgca-nyen-sec e-flex e-con-boxed e-con e-parent\" data-id=\"iwgca-nyen-sec\" data-element_type=\"container\" data-e-type=\"container\" id=\"iwg-ca-nyen\">\n\t\t\t\t\t<div class=\"e-con-inner\">\n\t\t\t\t<div class=\"elementor-element elementor-element-iwgca-nyen-te iwg-ca-textwrap elementor-widget elementor-widget-text-editor\" data-id=\"iwgca-nyen-te\" data-element_type=\"widget\" data-e-type=\"widget\" data-widget_type=\"text-editor.default\">\n\t\t\t\t\t\t\t\t\t<div data-nosnippet=\"true\"><p class=\"iwg-ca-bridge\">Verndarhef\u00f0in sem h\u00e9r er l\u00fdst er tr\u00faars\u00f6gulegt yfirlit yfir s\u00f6guleg fyrirb\u00e6ri. iWell Guard tengist \u00feessari menningars\u00f6gulegu hef\u00f0 verndargripa sem bornir eru \u00e1 l\u00edkamanum og er samt\u00edma\u00fatg\u00e1fa af henni. <a href=\"\/ueber-iwell-guard\/?utm_source=iwell-guard.com&#038;utm_medium=text-link&#038;utm_campaign=schadwesen-tradition\">Meira um iWell Guard \u2192<\/a><\/p><\/div>\t\t\t\t\t\t\t\t<\/div>\n\t\t\t\t\t<\/div>\n\t\t\t\t<\/div>\n\t\t\t\t<\/div>\n\t\t","protected":false},"excerpt":{"rendered":"","protected":false},"author":3,"featured_media":1716,"parent":0,"menu_order":0,"comment_status":"closed","ping_status":"closed","template":"elementor_header_footer","meta":{"_yoast_wpseo_focuskw":"Nyen","_yoast_wpseo_title":"Nyen - loft- og b\u00fasta\u00f0aandar t\u00edbetskrar hef\u00f0ar","_yoast_wpseo_metadesc":"Nyen, loft- og b\u00fasta\u00f0aandar t\u00edbetskrar hef\u00f0ar. Landam\u00e6rav\u00f6r\u00f0ur milli heima: flokkar, athafnir og sta\u00f0a innan B\u00f6n.","_yoast_wpseo_meta-robots-noindex":"","_yoast_wpseo_canonical":"","_angie_page":false,"gefaehrdungsstufe":"3","wesen_kultur":"tibet","wesen_klasse":"geister","footnotes":""},"categories":[],"class_list":["post-168674","page","type-page","status-publish","has-post-thumbnail","hentry"],"yoast_head":"<!-- This site is optimized with the Yoast SEO Premium plugin v27.7 (Yoast SEO v28.3) - https:\/\/yoast.com\/product\/yoast-seo-premium-wordpress\/ -->\n<title>Nyen - loft- og b\u00fasta\u00f0aandar t\u00edbetskrar hef\u00f0ar<\/title>\n<meta name=\"description\" content=\"Nyen, loft- og b\u00fasta\u00f0aandar t\u00edbetskrar hef\u00f0ar. Landam\u00e6rav\u00f6r\u00f0ur milli heima: flokkar, athafnir og sta\u00f0a innan B\u00f6n.\" \/>\n<meta name=\"robots\" content=\"index, follow, max-snippet:-1, max-image-preview:large, max-video-preview:-1\" \/>\n<link rel=\"canonical\" href=\"https:\/\/iwell-guard.com\/is\/nyen\/\" \/>\n<meta property=\"og:locale\" content=\"is_IS\" \/>\n<meta property=\"og:type\" content=\"article\" \/>\n<meta property=\"og:title\" content=\"Nyen\" \/>\n<meta property=\"og:description\" content=\"Nyen, loft- og b\u00fasta\u00f0aandar t\u00edbetskrar hef\u00f0ar. Landam\u00e6rav\u00f6r\u00f0ur milli heima: flokkar, athafnir og sta\u00f0a innan B\u00f6n.\" \/>\n<meta property=\"og:url\" content=\"https:\/\/iwell-guard.com\/is\/nyen\/\" \/>\n<meta property=\"og:site_name\" content=\"iWell Guard\" \/>\n<meta property=\"article:modified_time\" content=\"2026-09-05T14:16:34+00:00\" \/>\n<meta property=\"og:image\" content=\"https:\/\/iwell-guard.com\/wp-content\/uploads\/2026\/04\/geister_tibet_nyen.webp\" \/>\n\t<meta property=\"og:image:width\" content=\"1024\" \/>\n\t<meta property=\"og:image:height\" content=\"1536\" \/>\n\t<meta property=\"og:image:type\" content=\"image\/webp\" \/>\n<meta name=\"twitter:card\" content=\"summary_large_image\" \/>\n<script type=\"application\/ld+json\" class=\"yoast-schema-graph\">{\"@context\":\"https:\\\/\\\/schema.org\",\"@graph\":[{\"@type\":\"WebPage\",\"@id\":\"https:\\\/\\\/iwell-guard.com\\\/is\\\/nyen\\\/\",\"url\":\"https:\\\/\\\/iwell-guard.com\\\/is\\\/nyen\\\/\",\"name\":\"Nyen - loft- og b\u00fasta\u00f0aandar t\u00edbetskrar hef\u00f0ar\",\"isPartOf\":{\"@id\":\"https:\\\/\\\/iwell-guard.com\\\/is\\\/#website\"},\"primaryImageOfPage\":{\"@id\":\"https:\\\/\\\/iwell-guard.com\\\/is\\\/nyen\\\/#primaryimage\"},\"image\":{\"@id\":\"https:\\\/\\\/iwell-guard.com\\\/is\\\/nyen\\\/#primaryimage\"},\"thumbnailUrl\":\"https:\\\/\\\/iwell-guard.com\\\/wp-content\\\/uploads\\\/2026\\\/04\\\/geister_tibet_nyen.webp\",\"datePublished\":\"2026-09-05T14:02:04+00:00\",\"dateModified\":\"2026-09-05T14:16:34+00:00\",\"description\":\"Nyen, loft- og b\u00fasta\u00f0aandar t\u00edbetskrar hef\u00f0ar. Landam\u00e6rav\u00f6r\u00f0ur milli heima: flokkar, athafnir og sta\u00f0a innan B\u00f6n.\",\"breadcrumb\":{\"@id\":\"https:\\\/\\\/iwell-guard.com\\\/is\\\/nyen\\\/#breadcrumb\"},\"inLanguage\":\"is\",\"potentialAction\":[{\"@type\":\"ReadAction\",\"target\":[\"https:\\\/\\\/iwell-guard.com\\\/is\\\/nyen\\\/\"]}]},{\"@type\":\"ImageObject\",\"inLanguage\":\"is\",\"@id\":\"https:\\\/\\\/iwell-guard.com\\\/is\\\/nyen\\\/#primaryimage\",\"url\":\"https:\\\/\\\/iwell-guard.com\\\/wp-content\\\/uploads\\\/2026\\\/04\\\/geister_tibet_nyen.webp\",\"contentUrl\":\"https:\\\/\\\/iwell-guard.com\\\/wp-content\\\/uploads\\\/2026\\\/04\\\/geister_tibet_nyen.webp\",\"width\":1024,\"height\":1536,\"caption\":\"Andar \u00far T\u00edbet-hef\u00f0inni.\"},{\"@type\":\"BreadcrumbList\",\"@id\":\"https:\\\/\\\/iwell-guard.com\\\/is\\\/nyen\\\/#breadcrumb\",\"itemListElement\":[{\"@type\":\"ListItem\",\"position\":1,\"name\":\"Start\",\"item\":\"https:\\\/\\\/iwell-guard.com\\\/is\\\/?page_id=168580\"},{\"@type\":\"ListItem\",\"position\":2,\"name\":\"Nyen\"}]},{\"@type\":\"WebSite\",\"@id\":\"https:\\\/\\\/iwell-guard.com\\\/is\\\/#website\",\"url\":\"https:\\\/\\\/iwell-guard.com\\\/is\\\/\",\"name\":\"iWell Guard\",\"description\":\"Schutz vor dunklen Einfl\u00fcssen\",\"publisher\":{\"@id\":\"https:\\\/\\\/iwell-guard.com\\\/is\\\/#organization\"},\"potentialAction\":[{\"@type\":\"SearchAction\",\"target\":{\"@type\":\"EntryPoint\",\"urlTemplate\":\"https:\\\/\\\/iwell-guard.com\\\/is\\\/?s={search_term_string}\"},\"query-input\":{\"@type\":\"PropertyValueSpecification\",\"valueRequired\":true,\"valueName\":\"search_term_string\"}}],\"inLanguage\":\"is\"},{\"@type\":\"Organization\",\"@id\":\"https:\\\/\\\/iwell-guard.com\\\/is\\\/#organization\",\"name\":\"Ittermann electronic GmbH\",\"url\":\"https:\\\/\\\/iwell-guard.com\\\/is\\\/\",\"logo\":{\"@type\":\"ImageObject\",\"inLanguage\":\"is\",\"@id\":\"https:\\\/\\\/iwell-guard.com\\\/is\\\/#\\\/schema\\\/logo\\\/image\\\/\",\"url\":\"https:\\\/\\\/iwell-guard.com\\\/wp-content\\\/uploads\\\/2026\\\/05\\\/Ittermann-Logo-1182x237-1.png\",\"contentUrl\":\"https:\\\/\\\/iwell-guard.com\\\/wp-content\\\/uploads\\\/2026\\\/05\\\/Ittermann-Logo-1182x237-1.png\",\"width\":1182,\"height\":237,\"caption\":\"Ittermann electronic GmbH\"},\"image\":{\"@id\":\"https:\\\/\\\/iwell-guard.com\\\/is\\\/#\\\/schema\\\/logo\\\/image\\\/\"},\"sameAs\":[\"https:\\\/\\\/pantip.com\\\/profile\\\/9367242\",\"https:\\\/\\\/micro.blog\\\/iwellguard\",\"https:\\\/\\\/www.diggerslist.com\\\/iwellguard\\\/about\",\"https:\\\/\\\/skitterphoto.com\\\/photographers\\\/2870314\\\/iwell-guard\",\"https:\\\/\\\/iwellguard.wordpress.com\\\/2026\\\/06\\\/06\\\/iwell-guard\\\/\",\"https:\\\/\\\/hub.docker.com\\\/u\\\/iwellguard\",\"https:\\\/\\\/www.pinterest.com\\\/iwellguard\\\/\",\"https:\\\/\\\/bit.ly\\\/m\\\/iwellguard\",\"https:\\\/\\\/entre-vos-mains.alsace.eu\\\/profiles\\\/iwellguard\\\/activity\",\"https:\\\/\\\/gravatar.com\\\/reallybeded8fd34\",\"https:\\\/\\\/naijamatta.com\\\/iwellguard\",\"https:\\\/\\\/www.goodreads.com\\\/iwellguard\",\"https:\\\/\\\/profile.hatena.ne.jp\\\/iwellguard\\\/\",\"https:\\\/\\\/experiment.com\\\/users\\\/iwellguard\",\"https:\\\/\\\/wakelet.com\\\/@iWellGuard82270\",\"https:\\\/\\\/www.chordie.com\\\/forum\\\/profile.php?id=2555664\",\"https:\\\/\\\/www.instapaper.com\\\/p\\\/17757966\",\"https:\\\/\\\/www.mapleprimes.com\\\/users\\\/iwellguard\",\"https:\\\/\\\/businesslistingplus.com\\\/profile\\\/iwell-guard\\\/\",\"https:\\\/\\\/telegra.ph\\\/iWell-Guard-06-06\",\"https:\\\/\\\/pbase.com\\\/iwellguard\\\/iwellguard\",\"https:\\\/\\\/b.hatena.ne.jp\\\/iwellguard\\\/20260607#bookmark-4788405196491818882\",\"https:\\\/\\\/fliphtml5.com\\\/home\\\/iwellguard\",\"https:\\\/\\\/anyflip.com\\\/homepage\\\/cmiwl#About\",\"https:\\\/\\\/transfur.com\\\/Users\\\/iwellguard\",\"http:\\\/\\\/delphi.larsbo.org\\\/user\\\/iwellguard\",\"https:\\\/\\\/jobs.lajobsportal.org\\\/profiles\\\/8380803-iwell-guard\",\"https:\\\/\\\/md.chaosdorf.de\\\/s\\\/jfbe5SBdJD\",\"https:\\\/\\\/www.lingvolive.com\\\/en-us\\\/profile\\\/9ecaeaca-ce11-4e51-9e71-01d55e2bff36\\\/translations\",\"https:\\\/\\\/www.fitday.com\\\/fitness\\\/forums\\\/members\\\/iwellguard.html\",\"https:\\\/\\\/www.mymeetbook.com\\\/iwellguard\",\"https:\\\/\\\/pxhere.com\\\/en\\\/photographer-me\\\/5040798\",\"https:\\\/\\\/disqus.com\\\/by\\\/iwellguard\\\/about\\\/\",\"https:\\\/\\\/pastelink.net\\\/hjwciqwq\",\"https:\\\/\\\/pubhtml5.com\\\/homepage\\\/scjhn\\\/\",\"https:\\\/\\\/www.bitchute.com\\\/channel\\\/2O2eOKzNqujT\",\"https:\\\/\\\/audiomack.com\\\/iwellguard\"]},{\"@type\":\"Article\",\"@id\":\"https:\\\/\\\/iwell-guard.com\\\/is\\\/nyen\\\/#article\",\"isPartOf\":{\"@id\":\"https:\\\/\\\/iwell-guard.com\\\/is\\\/nyen\\\/\"},\"author\":{\"name\":\"Ralf Ittermann\",\"@id\":\"https:\\\/\\\/iwell-guard.com\\\/is\\\/#\\\/schema\\\/person\\\/ee2a27f1cac3406c7c6fb5820cb7349f\"},\"headline\":\"Nyen\",\"datePublished\":\"2026-09-05T14:02:04+00:00\",\"dateModified\":\"2026-09-05T14:16:34+00:00\",\"mainEntityOfPage\":{\"@id\":\"https:\\\/\\\/iwell-guard.com\\\/is\\\/nyen\\\/\"},\"publisher\":{\"@id\":\"https:\\\/\\\/iwell-guard.com\\\/is\\\/#organization\"},\"image\":{\"@id\":\"https:\\\/\\\/iwell-guard.com\\\/is\\\/nyen\\\/#primaryimage\"},\"thumbnailUrl\":\"https:\\\/\\\/iwell-guard.com\\\/wp-content\\\/uploads\\\/2026\\\/04\\\/geister_tibet_nyen.webp\",\"inLanguage\":\"is\",\"description\":\"Nyen, loft- og b\u00fasta\u00f0aandar t\u00edbetskrar hef\u00f0ar. Landam\u00e6rav\u00f6r\u00f0ur milli heima: flokkar, athafnir og sta\u00f0a innan B\u00f6n.\"}]}<\/script>\n<!-- \/ Yoast SEO Premium plugin. -->","yoast_head_json":{"title":"Nyen - loft- og b\u00fasta\u00f0aandar t\u00edbetskrar hef\u00f0ar","description":"Nyen, loft- og b\u00fasta\u00f0aandar t\u00edbetskrar hef\u00f0ar. Landam\u00e6rav\u00f6r\u00f0ur milli heima: flokkar, athafnir og sta\u00f0a innan B\u00f6n.","robots":{"index":"index","follow":"follow","max-snippet":"max-snippet:-1","max-image-preview":"max-image-preview:large","max-video-preview":"max-video-preview:-1"},"canonical":"https:\/\/iwell-guard.com\/is\/nyen\/","og_locale":"is_IS","og_type":"article","og_title":"Nyen","og_description":"Nyen, loft- og b\u00fasta\u00f0aandar t\u00edbetskrar hef\u00f0ar. Landam\u00e6rav\u00f6r\u00f0ur milli heima: flokkar, athafnir og sta\u00f0a innan B\u00f6n.","og_url":"https:\/\/iwell-guard.com\/is\/nyen\/","og_site_name":"iWell Guard","article_modified_time":"2026-09-05T14:16:34+00:00","og_image":[{"width":1024,"height":1536,"url":"https:\/\/iwell-guard.com\/wp-content\/uploads\/2026\/04\/geister_tibet_nyen.webp","type":"image\/webp"}],"twitter_card":"summary_large_image","schema":{"@context":"https:\/\/schema.org","@graph":[{"@type":"Article","@id":"https:\/\/iwell-guard.com\/is\/nyen\/#article","isPartOf":{"@id":"https:\/\/iwell-guard.com\/is\/nyen\/"},"author":{"name":"Ralf Ittermann","@id":"https:\/\/iwell-guard.com\/is\/#\/schema\/person\/ee2a27f1cac3406c7c6fb5820cb7349f"},"headline":"Nyen","datePublished":"2026-09-05T14:02:04+00:00","dateModified":"2026-09-05T14:16:34+00:00","mainEntityOfPage":{"@id":"https:\/\/iwell-guard.com\/is\/nyen\/"},"publisher":{"@id":"https:\/\/iwell-guard.com\/is\/#organization"},"image":{"@id":"https:\/\/iwell-guard.com\/is\/nyen\/#primaryimage"},"thumbnailUrl":"https:\/\/iwell-guard.com\/wp-content\/uploads\/2026\/04\/geister_tibet_nyen.webp","inLanguage":"is","description":"Nyen, loft- og b\u00fasta\u00f0aandar t\u00edbetskrar hef\u00f0ar. Landam\u00e6rav\u00f6r\u00f0ur milli heima: flokkar, athafnir og sta\u00f0a innan B\u00f6n."},{"@type":"WebPage","@id":"https:\/\/iwell-guard.com\/is\/nyen\/","url":"https:\/\/iwell-guard.com\/is\/nyen\/","name":"Nyen - loft- og b\u00fasta\u00f0aandar t\u00edbetskrar hef\u00f0ar","isPartOf":{"@id":"https:\/\/iwell-guard.com\/is\/#website"},"primaryImageOfPage":{"@id":"https:\/\/iwell-guard.com\/is\/nyen\/#primaryimage"},"image":{"@id":"https:\/\/iwell-guard.com\/is\/nyen\/#primaryimage"},"thumbnailUrl":"https:\/\/iwell-guard.com\/wp-content\/uploads\/2026\/04\/geister_tibet_nyen.webp","datePublished":"2026-09-05T14:02:04+00:00","dateModified":"2026-09-05T14:16:34+00:00","description":"Nyen, loft- og b\u00fasta\u00f0aandar t\u00edbetskrar hef\u00f0ar. Landam\u00e6rav\u00f6r\u00f0ur milli heima: flokkar, athafnir og sta\u00f0a innan B\u00f6n.","breadcrumb":{"@id":"https:\/\/iwell-guard.com\/is\/nyen\/#breadcrumb"},"inLanguage":"is","potentialAction":[{"@type":"ReadAction","target":["https:\/\/iwell-guard.com\/is\/nyen\/"]}]},{"@type":"ImageObject","inLanguage":"is","@id":"https:\/\/iwell-guard.com\/is\/nyen\/#primaryimage","url":"https:\/\/iwell-guard.com\/wp-content\/uploads\/2026\/04\/geister_tibet_nyen.webp","contentUrl":"https:\/\/iwell-guard.com\/wp-content\/uploads\/2026\/04\/geister_tibet_nyen.webp","width":1024,"height":1536,"caption":"Andar \u00far T\u00edbet-hef\u00f0inni."},{"@type":"BreadcrumbList","@id":"https:\/\/iwell-guard.com\/is\/nyen\/#breadcrumb","itemListElement":[{"@type":"ListItem","position":1,"name":"Start","item":"https:\/\/iwell-guard.com\/is\/?page_id=168580"},{"@type":"ListItem","position":2,"name":"Nyen"}]},{"@type":"WebSite","@id":"https:\/\/iwell-guard.com\/is\/#website","url":"https:\/\/iwell-guard.com\/is\/","name":"iWell Guard","description":"Schutz vor dunklen Einfl\u00fcssen","publisher":{"@id":"https:\/\/iwell-guard.com\/is\/#organization"},"potentialAction":[{"@type":"SearchAction","target":{"@type":"EntryPoint","urlTemplate":"https:\/\/iwell-guard.com\/is\/?s={search_term_string}"},"query-input":{"@type":"PropertyValueSpecification","valueRequired":true,"valueName":"search_term_string"}}],"inLanguage":"is"},{"@type":"Organization","@id":"https:\/\/iwell-guard.com\/is\/#organization","name":"Ittermann electronic GmbH","url":"https:\/\/iwell-guard.com\/is\/","logo":{"@type":"ImageObject","inLanguage":"is","@id":"https:\/\/iwell-guard.com\/is\/#\/schema\/logo\/image\/","url":"https:\/\/iwell-guard.com\/wp-content\/uploads\/2026\/05\/Ittermann-Logo-1182x237-1.png","contentUrl":"https:\/\/iwell-guard.com\/wp-content\/uploads\/2026\/05\/Ittermann-Logo-1182x237-1.png","width":1182,"height":237,"caption":"Ittermann electronic GmbH"},"image":{"@id":"https:\/\/iwell-guard.com\/is\/#\/schema\/logo\/image\/"},"sameAs":["https:\/\/pantip.com\/profile\/9367242","https:\/\/micro.blog\/iwellguard","https:\/\/www.diggerslist.com\/iwellguard\/about","https:\/\/skitterphoto.com\/photographers\/2870314\/iwell-guard","https:\/\/iwellguard.wordpress.com\/2026\/06\/06\/iwell-guard\/","https:\/\/hub.docker.com\/u\/iwellguard","https:\/\/www.pinterest.com\/iwellguard\/","https:\/\/bit.ly\/m\/iwellguard","https:\/\/entre-vos-mains.alsace.eu\/profiles\/iwellguard\/activity","https:\/\/gravatar.com\/reallybeded8fd34","https:\/\/naijamatta.com\/iwellguard","https:\/\/www.goodreads.com\/iwellguard","https:\/\/profile.hatena.ne.jp\/iwellguard\/","https:\/\/experiment.com\/users\/iwellguard","https:\/\/wakelet.com\/@iWellGuard82270","https:\/\/www.chordie.com\/forum\/profile.php?id=2555664","https:\/\/www.instapaper.com\/p\/17757966","https:\/\/www.mapleprimes.com\/users\/iwellguard","https:\/\/businesslistingplus.com\/profile\/iwell-guard\/","https:\/\/telegra.ph\/iWell-Guard-06-06","https:\/\/pbase.com\/iwellguard\/iwellguard","https:\/\/b.hatena.ne.jp\/iwellguard\/20260607#bookmark-4788405196491818882","https:\/\/fliphtml5.com\/home\/iwellguard","https:\/\/anyflip.com\/homepage\/cmiwl#About","https:\/\/transfur.com\/Users\/iwellguard","http:\/\/delphi.larsbo.org\/user\/iwellguard","https:\/\/jobs.lajobsportal.org\/profiles\/8380803-iwell-guard","https:\/\/md.chaosdorf.de\/s\/jfbe5SBdJD","https:\/\/www.lingvolive.com\/en-us\/profile\/9ecaeaca-ce11-4e51-9e71-01d55e2bff36\/translations","https:\/\/www.fitday.com\/fitness\/forums\/members\/iwellguard.html","https:\/\/www.mymeetbook.com\/iwellguard","https:\/\/pxhere.com\/en\/photographer-me\/5040798","https:\/\/disqus.com\/by\/iwellguard\/about\/","https:\/\/pastelink.net\/hjwciqwq","https:\/\/pubhtml5.com\/homepage\/scjhn\/","https:\/\/www.bitchute.com\/channel\/2O2eOKzNqujT","https:\/\/audiomack.com\/iwellguard"]},{"@type":"Person","@id":"https:\/\/iwell-guard.com\/is\/#\/schema\/person\/ee2a27f1cac3406c7c6fb5820cb7349f","name":"Ralf Ittermann","image":{"@type":"ImageObject","inLanguage":"is","@id":"https:\/\/secure.gravatar.com\/avatar\/073c0153e350a5005b68eb752b445fea71f6b24a26da9449ad7e155e6b446c9d?s=96&d=mm&r=g","url":"https:\/\/secure.gravatar.com\/avatar\/073c0153e350a5005b68eb752b445fea71f6b24a26da9449ad7e155e6b446c9d?s=96&d=mm&r=g","contentUrl":"https:\/\/secure.gravatar.com\/avatar\/073c0153e350a5005b68eb752b445fea71f6b24a26da9449ad7e155e6b446c9d?s=96&d=mm&r=g","caption":"Ralf Ittermann"},"givenName":"Ralf","familyName":"Ittermann","jobTitle":"Gesch\u00e4ftsf\u00fchrer und redaktioneller Verantwortlicher","url":"https:\/\/iwell-guard.com\/is\/author\/claude\/","description":"Ralf Ittermann ist Gesch\u00e4ftsf\u00fchrer der Ittermann electronic GmbH und redaktioneller Verantwortlicher des iWell-Guard-Lexikons. Er verbindet langj\u00e4hrige Erfahrung in der Pr\u00e4zisionsfertigung mit medialer Praxis und religionsgeschichtlicher Quellenarbeit.","worksFor":{"@type":"Organization","name":"Ittermann electronic GmbH","url":"https:\/\/ittermann.de\/","address":{"@type":"PostalAddress","streetAddress":"K\u00f6hlergasse 16-18","postalCode":"99842","addressLocality":"Ruhla","addressCountry":"DE"}},"knowsAbout":["Religionsgeschichte","Mythologie","Mediale Praxis","Energetische Diagnostik","Schutzpraxis","Volksglauben","Westliche Esoterik"]},{"@type":"Article","@id":"https:\/\/iwell-guard.com\/is\/nyen\/#article","isPartOf":{"@id":"https:\/\/iwell-guard.com\/is\/nyen\/"},"author":{"name":"Ralf Ittermann","@id":"https:\/\/iwell-guard.com\/is\/#\/schema\/person\/ee2a27f1cac3406c7c6fb5820cb7349f"},"headline":"Nyen","datePublished":"2026-09-05T14:02:04+00:00","dateModified":"2026-09-05T14:16:34+00:00","mainEntityOfPage":{"@id":"https:\/\/iwell-guard.com\/is\/nyen\/"},"publisher":{"@id":"https:\/\/iwell-guard.com\/is\/#organization"},"image":{"@id":"https:\/\/iwell-guard.com\/is\/nyen\/#primaryimage"},"thumbnailUrl":"https:\/\/iwell-guard.com\/wp-content\/uploads\/2026\/04\/geister_tibet_nyen.webp","inLanguage":"is","description":"Nyen, loft- og b\u00fasta\u00f0aandar t\u00edbetskrar hef\u00f0ar. Landam\u00e6rav\u00f6r\u00f0ur milli heima: flokkar, athafnir og sta\u00f0a innan B\u00f6n."}]}},"_links":{"self":[{"href":"https:\/\/iwell-guard.com\/is\/wp-json\/wp\/v2\/pages\/168674","targetHints":{"allow":["GET"]}}],"collection":[{"href":"https:\/\/iwell-guard.com\/is\/wp-json\/wp\/v2\/pages"}],"about":[{"href":"https:\/\/iwell-guard.com\/is\/wp-json\/wp\/v2\/types\/page"}],"author":[{"embeddable":true,"href":"https:\/\/iwell-guard.com\/is\/wp-json\/wp\/v2\/users\/3"}],"replies":[{"embeddable":true,"href":"https:\/\/iwell-guard.com\/is\/wp-json\/wp\/v2\/comments?post=168674"}],"version-history":[{"count":0,"href":"https:\/\/iwell-guard.com\/is\/wp-json\/wp\/v2\/pages\/168674\/revisions"}],"wp:featuredmedia":[{"embeddable":true,"href":"https:\/\/iwell-guard.com\/is\/wp-json\/wp\/v2\/media\/1716"}],"wp:attachment":[{"href":"https:\/\/iwell-guard.com\/is\/wp-json\/wp\/v2\/media?parent=168674"}],"wp:term":[{"taxonomy":"category","embeddable":true,"href":"https:\/\/iwell-guard.com\/is\/wp-json\/wp\/v2\/categories?post=168674"}],"curies":[{"name":"wp","href":"https:\/\/api.w.org\/{rel}","templated":true}]}}