{"id":168663,"date":"2026-09-05T14:01:59","date_gmt":"2026-09-05T14:01:59","guid":{"rendered":"https:\/\/iwell-guard.com\/?page_id=168663"},"modified":"2026-09-05T14:16:16","modified_gmt":"2026-09-05T14:16:16","slug":"tengu","status":"publish","type":"page","link":"https:\/\/iwell-guard.com\/is\/tengu\/","title":{"rendered":"Tengu"},"content":{"rendered":"\t\t<div data-elementor-type=\"wp-page\" data-elementor-id=\"168663\" class=\"elementor elementor-168663 elementor-1326\" data-elementor-post-type=\"page\">\n\t\t\t\t<div class=\"elementor-element elementor-element-10fdade e-flex e-con-boxed e-con e-parent\" data-id=\"10fdade\" data-element_type=\"container\" data-e-type=\"container\" data-settings=\"{&quot;background_background&quot;:&quot;classic&quot;}\">\n\t\t\t\t\t<div class=\"e-con-inner\">\n\t\t<div class=\"elementor-element elementor-element-herohlft0 e-flex e-con-boxed e-con e-child\" data-id=\"herohlft0\" data-element_type=\"container\" data-e-type=\"container\">\n\t\t\t\t\t<div class=\"e-con-inner\">\n\t\t<div class=\"elementor-element elementor-element-c3ceb64 e-con-full e-flex e-con e-child\" data-id=\"c3ceb64\" data-element_type=\"container\" data-e-type=\"container\">\n\t\t\t\t<div class=\"elementor-element elementor-element-96ae5e1 elementor-widget elementor-widget-heading\" data-id=\"96ae5e1\" data-element_type=\"widget\" data-e-type=\"widget\" data-widget_type=\"heading.default\">\n\t\t\t\t\t<h1 class=\"elementor-heading-title elementor-size-default\">Tengu, andi \u00far japanskri hef\u00f0<\/h1>\t\t\t\t<\/div>\n\t\t\t\t<div class=\"elementor-element elementor-element-e45238a elementor-widget elementor-widget-text-editor\" data-id=\"e45238a\" data-element_type=\"widget\" data-e-type=\"widget\" data-widget_type=\"text-editor.default\">\n\t\t\t\t\t\t\t\t\t<p>Tengu er <span class=\"iwg-fachbegriff\" data-tooltip=\"\u00d3l\u00edkamleg vera sem talin er hafa \u00e1hrif \u00ed heiminum.\" tabindex=\"0\">andi<\/span> \u00far japanskri hef\u00f0.<\/p><p>V\u00e6ngju\u00f0 fjallavera \u00e1 milli <span class=\"iwg-fachbegriff\" data-tooltip=\"Vera sem tilbe\u00f0in er sem gu\u00f0leg innan tr\u00faarbrag\u00f0a.\" tabindex=\"0\">gu\u00f0s<\/span> og <span class=\"iwg-fachbegriff\" data-tooltip=\"Andleg vera sem talin er hafa ska\u00f0leg e\u00f0a tv\u00edr\u00e6\u00f0 \u00e1hrif.\" tabindex=\"0\">dj\u00f6fuls<\/span>, pr\u00f3fari yamabushi-munkanna.<\/p>\t\t\t\t\t\t\t\t<\/div>\n\t\t\t\t<\/div>\n\t\t<div class=\"elementor-element elementor-element-klsbdg01 e-con-full e-flex e-con e-parent\" data-id=\"klsbdg01\" data-element_type=\"container\" data-e-type=\"container\">\n\t\t\t\t<div class=\"elementor-element elementor-element-klshtm01 elementor-widget elementor-widget-html\" data-id=\"klshtm01\" data-element_type=\"widget\" data-e-type=\"widget\" data-widget_type=\"html.default\">\n\t\t\t\t\t<div class=\"iwg-pill-row\"><span class=\"iwg-klasse-badge\" tabindex=\"0\" data-tooltip=\"Andi: \u00d3l\u00edkamleg e\u00f0a h\u00e1lf-l\u00edkamleg vera, framli\u00f0nir, n\u00e1tt\u00faruv\u00e6ttir, heimilisandar e\u00f0a \u00fer\u00f6skuldsver\u00f0ir. Virkar \u00ed daglegu l\u00edfi, oft bundin st\u00f6\u00f0um e\u00f0a fj\u00f6lskyldum.\">Andi<\/span><a href=\"https:\/\/iwell-guard.com\/is\/?page_id=168659\" class=\"iwg-kultur-badge\" tabindex=\"0\" data-tooltip=\"Japanskir sjint\u00f3-kami og b\u00fadd\u00edsk-yokai heimar.\">Japan<\/a><a href=\"https:\/\/iwell-guard.com\/is\/?page_id=168701\" class=\"iwg-tradition-badge\" tabindex=\"0\" data-tooltip=\"Andar sk\u00f3ga og \u00f3bygg\u00f0a, verndarar og t\u00e1larar \u00ed \u00f3snortnu landi.\">Sk\u00f3garandi<\/a><\/div>\t\t\t\t<\/div>\n\t\t\t\t<\/div>\n\t\t<div class=\"elementor-element elementor-element-3f74855 e-con-full e-flex e-con e-child\" data-id=\"3f74855\" data-element_type=\"container\" data-e-type=\"container\">\n\t\t\t\t<div class=\"elementor-element elementor-element-1c30362 elementor-toc--minimized-on-tablet elementor-widget elementor-widget-table-of-contents\" data-id=\"1c30362\" data-element_type=\"widget\" data-e-type=\"widget\" data-settings=\"{&quot;exclude_headings_by_selector&quot;:[],&quot;no_headings_message&quot;:&quot;Engar undirfyrirsagnir fundust \\u00e1 \\u00feessari s\\u00ed\\u00f0u.&quot;,&quot;headings_by_tags&quot;:[&quot;h2&quot;,&quot;h3&quot;],&quot;marker_view&quot;:&quot;bullets&quot;,&quot;icon&quot;:{&quot;value&quot;:&quot;fas fa-circle&quot;,&quot;library&quot;:&quot;fa-solid&quot;,&quot;rendered_tag&quot;:&quot;&lt;svg class=\\&quot;e-font-icon-svg e-fas-circle\\&quot; viewBox=\\&quot;0 0 512 512\\&quot; xmlns=\\&quot;http:\\\/\\\/www.w3.org\\\/2000\\\/svg\\&quot;&gt;&lt;path d=\\&quot;M256 8C119 8 8 119 8 256s111 248 248 248 248-111 248-248S393 8 256 8z\\&quot;&gt;&lt;\\\/path&gt;&lt;\\\/svg&gt;&quot;},&quot;minimize_box&quot;:&quot;yes&quot;,&quot;minimized_on&quot;:&quot;tablet&quot;,&quot;hierarchical_view&quot;:&quot;yes&quot;,&quot;min_height&quot;:{&quot;unit&quot;:&quot;px&quot;,&quot;size&quot;:&quot;&quot;,&quot;sizes&quot;:[]},&quot;min_height_tablet&quot;:{&quot;unit&quot;:&quot;px&quot;,&quot;size&quot;:&quot;&quot;,&quot;sizes&quot;:[]},&quot;min_height_mobile&quot;:{&quot;unit&quot;:&quot;px&quot;,&quot;size&quot;:&quot;&quot;,&quot;sizes&quot;:[]}}\" data-widget_type=\"table-of-contents.default\">\n\t\t\t\t\t\t\t\t\t<div class=\"elementor-toc__header\">\n\t\t\t\t\t\t<h2 class=\"elementor-toc__header-title\">\n\t\t\t\tEfnisyfirlit\t\t\t<\/h2>\n\t\t\t\t\t\t\t\t\t\t<div class=\"elementor-toc__toggle-button elementor-toc__toggle-button--expand\" role=\"button\" tabindex=\"0\" aria-controls=\"elementor-toc__1c30362\" aria-expanded=\"true\" aria-label=\"Open table of contents\"><svg aria-hidden=\"true\" class=\"e-font-icon-svg e-fas-chevron-down\" viewBox=\"0 0 448 512\" xmlns=\"http:\/\/www.w3.org\/2000\/svg\"><path d=\"M207.029 381.476L12.686 187.132c-9.373-9.373-9.373-24.569 0-33.941l22.667-22.667c9.357-9.357 24.522-9.375 33.901-.04L224 284.505l154.745-154.021c9.379-9.335 24.544-9.317 33.901.04l22.667 22.667c9.373 9.373 9.373 24.569 0 33.941L240.971 381.476c-9.373 9.372-24.569 9.372-33.942 0z\"><\/path><\/svg><\/div>\n\t\t\t\t<div class=\"elementor-toc__toggle-button elementor-toc__toggle-button--collapse\" role=\"button\" tabindex=\"0\" aria-controls=\"elementor-toc__1c30362\" aria-expanded=\"true\" aria-label=\"Close table of contents\"><svg aria-hidden=\"true\" class=\"e-font-icon-svg e-fas-chevron-up\" viewBox=\"0 0 448 512\" xmlns=\"http:\/\/www.w3.org\/2000\/svg\"><path d=\"M240.971 130.524l194.343 194.343c9.373 9.373 9.373 24.569 0 33.941l-22.667 22.667c-9.357 9.357-24.522 9.375-33.901.04L224 227.495 69.255 381.516c-9.379 9.335-24.544 9.317-33.901-.04l-22.667-22.667c-9.373-9.373-9.373-24.569 0-33.941L207.03 130.525c9.372-9.373 24.568-9.373 33.941-.001z\"><\/path><\/svg><\/div>\n\t\t\t\t\t<\/div>\n\t\t\t\t<div id=\"elementor-toc__1c30362\" class=\"elementor-toc__body\">\n\t\t\t<div class=\"elementor-toc__spinner-container\">\n\t\t\t\t<svg class=\"elementor-toc__spinner eicon-animation-spin e-font-icon-svg e-eicon-loading\" aria-hidden=\"true\" viewBox=\"0 0 1000 1000\" xmlns=\"http:\/\/www.w3.org\/2000\/svg\"><path d=\"M500 975V858C696 858 858 696 858 500S696 142 500 142 142 304 142 500H25C25 237 238 25 500 25S975 237 975 500 763 975 500 975Z\"><\/path><\/svg>\t\t\t<\/div>\n\t\t<\/div>\n\t\t\t\t\t\t<\/div>\n\t\t\t\t<\/div>\n\t\t\t\t\t<\/div>\n\t\t\t\t<\/div>\n\t\t<div class=\"elementor-element elementor-element-herorght0 e-con-full e-flex e-con e-child\" data-id=\"herorght0\" data-element_type=\"container\" data-e-type=\"container\">\n\t\t\t\t<div class=\"elementor-element elementor-element-heroimg00 iwg-hero-image elementor-widget elementor-widget-image\" data-id=\"heroimg00\" data-element_type=\"widget\" data-e-type=\"widget\" data-widget_type=\"image.default\">\n\t\t\t\t\t\t\t\t\t\t\t\t\t\t\t<img fetchpriority=\"high\" decoding=\"async\" width=\"683\" height=\"1024\" src=\"https:\/\/iwell-guard.com\/wp-content\/uploads\/2026\/04\/geister_japan_tengu-683x1024.webp\" class=\"attachment-large size-large wp-image-171035\" alt=\"Tengu - andar \u00far jap\u00f6nskri hef\u00f0, s\u00f6guleg mynd til sk\u00fdringar\" srcset=\"https:\/\/iwell-guard.com\/wp-content\/uploads\/2026\/04\/geister_japan_tengu-683x1024.webp 683w, https:\/\/iwell-guard.com\/wp-content\/uploads\/2026\/04\/geister_japan_tengu-200x300.webp 200w, https:\/\/iwell-guard.com\/wp-content\/uploads\/2026\/04\/geister_japan_tengu-768x1152.webp 768w, https:\/\/iwell-guard.com\/wp-content\/uploads\/2026\/04\/geister_japan_tengu.webp 1024w\" sizes=\"(max-width: 683px) 100vw, 683px\" \/>\t\t\t\t\t\t\t\t\t\t\t\t\t\t\t<\/div>\n\t\t\t\t<\/div>\n\t\t\t\t\t<\/div>\n\t\t\t\t<\/div>\n\t\t<div class=\"elementor-element elementor-element-32917199 e-flex e-con-boxed e-con e-parent\" data-id=\"32917199\" data-element_type=\"container\" data-e-type=\"container\">\n\t\t\t\t\t<div class=\"e-con-inner\">\n\t\t<div class=\"elementor-element elementor-element-26e916cb e-flex e-con-boxed e-con e-child\" data-id=\"26e916cb\" data-element_type=\"container\" data-e-type=\"container\">\n\t\t\t\t\t<div class=\"e-con-inner\">\n\t\t<div class=\"elementor-element elementor-element-253a40d4 e-flex e-con-boxed e-con e-child\" data-id=\"253a40d4\" data-element_type=\"container\" data-e-type=\"container\">\n\t\t\t\t\t<div class=\"e-con-inner\">\n\t\t\t\t<div class=\"elementor-element elementor-element-1200c304 elementor-widget elementor-widget-heading\" data-id=\"1200c304\" data-element_type=\"widget\" data-e-type=\"widget\" data-widget_type=\"heading.default\">\n\t\t\t\t\t<h2 class=\"elementor-heading-title elementor-size-default\">Tengu<\/h2>\t\t\t\t<\/div>\n\t\t\t\t<div class=\"elementor-element elementor-element-11758e7f elementor-widget elementor-widget-text-editor\" data-id=\"11758e7f\" data-element_type=\"widget\" data-e-type=\"widget\" data-widget_type=\"text-editor.default\">\n\t\t\t\t\t\t\t\t\t<p>Tengu (\u5929\u72d7, \u201ehimnahundur\u201c) eru me\u00f0al tv\u00edr\u00e6\u00f0ustu gerviverna \u00ed japanskri dj\u00f6flafr\u00e6\u00f0i. \u00cd senn fjallavera, fjallagu\u00f0 og <span class=\"iwg-fachbegriff\" data-tooltip=\"Andleg vera sem talin er hafa ska\u00f0leg e\u00f0a tv\u00edr\u00e6\u00f0 \u00e1hrif.\" tabindex=\"0\">dj\u00f6full<\/span>, standa \u00feeir \u00e1 m\u00f3tum sjint\u00f3, b\u00faddisma og asket\u00edskrar fjallahef\u00f0ar. \u00cd gegnum aldirnar breytist \u00e1s\u00fdnd \u00feeirra, fr\u00e1 upphaflegri l\u00fdsingu sem \u00f3gnvekjandi r\u00e1nfuglar, yfir \u00ed munkat\u00e1ldr\u00e1ttarveru \u00e1 Muromachi-t\u00edmanum, til verndaranda skylminga\u00ed\u00fer\u00f3ttarins \u00e1 Edo-t\u00edmanum.<\/p><p>Tv\u00e6r meginger\u00f0ir hafa fest sig \u00ed sessi: <em>karasu-tengu<\/em> me\u00f0 kr\u00e1ku- e\u00f0a r\u00e1nfuglshaus og <em>\u014d-tengu<\/em> e\u00f0a <em>yamabushi-tengu<\/em> me\u00f0 rautt andlit og langt nef, kl\u00e6ddur b\u00faningi fjallaasketans.<\/p><div><h3>Konjaku Monogatari og hinar tv\u00e6r tengu-formger\u00f0ir<\/h3><p>Safnriti\u00f0 <em>Konjaku Monogatari<\/em> (S\u00f6gur af n\u00fat\u00ed\u00f0 og fyrri t\u00ed\u00f0, 12. \u00f6ld) skr\u00e1ir <em>tengu<\/em> \u00ed sinni elstu vi\u00f0urkenndu mynd og festir \u00feegar \u00ed sessi a\u00f0greiningu milli <em>daitengu<\/em> (st\u00f3rra tengu) og <em>kotengu<\/em> (minni tengu). Daitengu birtast \u00ed \u00feessum fr\u00e1s\u00f6gnum sem h\u00e1vaxnar, langl\u00edfar verur me\u00f0 mannlega greind og ger\u00f0, oft b\u00fanar yfirn\u00e1tt\u00farulegri getu til skuggamyndunar og eftirl\u00edkinga \u00e1 mannlegri mynd.<\/p><p>Kotengu birtast sem l\u00e6gri, fuglslegri ger\u00f0ir, ey\u00f0ileggjandi og minna skynsamar. \u00deessi flokkun tengist f\u00e9lags-tr\u00faarlegri st\u00f6\u00f0u: daitengu eru oft fl\u00f6kkumenn e\u00f0a einsetumenn sem hafa n\u00e1\u00f0 yfirmannlegri sj\u00e1lfsafneitun, me\u00f0an kotengu lifa villtu, fjallabundnu l\u00edfi.<\/p><p>Konjaku-s\u00f6fnin skr\u00e1 einnig fyrstu tengu-brottn\u00e1mss\u00f6gurnar, \u00fear sem prestar e\u00f0a a\u00f0alsmenn hverfa \u00e1 dularfullan h\u00e1tt og sn\u00faa s\u00ed\u00f0ar aftur me\u00f0 yfirn\u00e1tt\u00farulega inns\u00fdn, <span class=\"iwg-fachbegriff\" data-tooltip=\"Endurteki\u00f0 efnisatri\u00f0i \u00ed list e\u00f0a fr\u00e1s\u00f6gn.\" tabindex=\"0\">stef<\/span> sem lifir \u00e1fram \u00ed n\u00fat\u00edma jap\u00f6nskum yokai-b\u00f3kmenntum.<\/p><\/div>\t\t\t\t\t\t\t\t<\/div>\n\t\t\t\t\t<\/div>\n\t\t\t\t<\/div>\n\t\t<div class=\"elementor-element elementor-element-159dcf9a e-flex e-con-boxed e-con e-child\" data-id=\"159dcf9a\" data-element_type=\"container\" data-e-type=\"container\">\n\t\t\t\t\t<div class=\"e-con-inner\">\n\t\t\t\t<div class=\"elementor-element elementor-element-48cee66f elementor-widget elementor-widget-heading\" data-id=\"48cee66f\" data-element_type=\"widget\" data-e-type=\"widget\" data-widget_type=\"heading.default\">\n\t\t\t\t\t<h3 class=\"elementor-heading-title elementor-size-default\">Skj\u00f3tt yfirlit: Tengu<\/h3>\t\t\t\t<\/div>\n\t\t\t\t<div class=\"elementor-element elementor-element-3f50d82c elementor-widget elementor-widget-text-editor\" data-id=\"3f50d82c\" data-element_type=\"widget\" data-e-type=\"widget\" data-widget_type=\"text-editor.default\">\n\t\t\t\t\t\t\t\t\t<p><strong>Ger\u00f0:<\/strong> Fjallagu\u00f0, <span class=\"iwg-fachbegriff\" data-tooltip=\"Andleg vera sem talin er hafa ska\u00f0leg e\u00f0a tv\u00edr\u00e6\u00f0 \u00e1hrif.\" tabindex=\"0\">dj\u00f6full<\/span>, pr\u00f3faravera<br>Uppruni: \u00dar k\u00ednverskum stj\u00f6rnuveru-hef\u00f0um (<em>ti\u0101ng\u01d2u<\/em>) samruna vi\u00f0 japanska fjallad\u00fdrkun<br>Textar: Nihon Ry\u014diki, Konjaku Monogatarish\u016b, Heike Monogatari, Tengu-S\u014dshi<br>T\u00edmabil: Skr\u00e1\u00f0 fr\u00e1 8. \u00f6ld; d\u00e6miger\u00f0 <span class=\"iwg-fachbegriff\" data-tooltip=\"Fr\u00e6\u00f0i um myndefni og merkingu \u00feess.\" tabindex=\"0\">myndhef\u00f0<\/span> fr\u00e1 14. \u00f6ld<br>A\u00f0setur: Heil\u00f6g fj\u00f6ll, me\u00f0al annars Kurama (Ky\u014dto) og Takao<\/p>\t\t\t\t\t\t\t\t<\/div>\n\t\t\t\t\t<\/div>\n\t\t\t\t<\/div>\n\t\t\t\t\t<\/div>\n\t\t\t\t<\/div>\n\t\t\t\t\t<\/div>\n\t\t\t\t<\/div>\n\t\t<div class=\"elementor-element elementor-element-18613602 e-flex e-con-boxed e-con e-parent\" data-id=\"18613602\" data-element_type=\"container\" data-e-type=\"container\">\n\t\t\t\t\t<div class=\"e-con-inner\">\n\t\t\t\t<div class=\"elementor-element elementor-element-262b8a9f elementor-widget elementor-widget-heading\" data-id=\"262b8a9f\" data-element_type=\"widget\" data-e-type=\"widget\" data-widget_type=\"heading.default\">\n\t\t\t\t\t<h2 class=\"elementor-heading-title elementor-size-default\">Samhengi<\/h2>\t\t\t\t<\/div>\n\t\t<div class=\"elementor-element elementor-element-46dcb7d e-con-full e-flex e-con e-child\" data-id=\"46dcb7d\" data-element_type=\"container\" data-e-type=\"container\">\n\t\t<div class=\"elementor-element elementor-element-61d3ab3 e-flex e-con-boxed e-con e-child\" data-id=\"61d3ab3\" data-element_type=\"container\" data-e-type=\"container\">\n\t\t\t\t\t<div class=\"e-con-inner\">\n\t\t\t\t<div class=\"elementor-element elementor-element-117c166 elementor-widget elementor-widget-heading\" data-id=\"117c166\" data-element_type=\"widget\" data-e-type=\"widget\" data-widget_type=\"heading.default\">\n\t\t\t\t\t<h3 class=\"elementor-heading-title elementor-size-default\">T\u00edmabil textanna<\/h3>\t\t\t\t<\/div>\n\t\t\t\t<div class=\"elementor-element elementor-element-73997a0 elementor-widget elementor-widget-text-editor\" data-id=\"73997a0\" data-element_type=\"widget\" data-e-type=\"widget\" data-widget_type=\"text-editor.default\">\n\t\t\t\t\t\t\t\t\t<p>Or\u00f0i\u00f0 tengu kemur fr\u00e1 k\u00ednversku <em>ti\u0101ng\u01d2u<\/em> (\u201ehimnahundur\u201c), sem er heiti \u00e1 stj\u00f6rnuhrapi og \u00f3menslegum lj\u00f3sfyrirb\u00e6rum. Or\u00f0i\u00f0 berst til jap\u00f6nsku \u00e1 8. \u00f6ld \u00ed gegnum b\u00fadd\u00edska texta. \u00cd fyrstu japanskri <span class=\"iwg-fachbegriff\" data-tooltip=\"Mi\u00f0lun \u00feekkingar og fr\u00e1sagna milli kynsl\u00f3\u00f0a.\" tabindex=\"0\">munnm\u00e6lahef\u00f0<\/span> eru tengu upphaflega \u00f3gnvekjandi verur; fr\u00e1s\u00f6gn \u00ed Nihon Shoki (720) segir af flj\u00fagandi \u201ehundi\u201c \u00e1 himni sem munkur greinir sem tengu.<\/p><p>Milli 12. og 14. aldar breytist myndin: tengu ver\u00f0a fjallaverur me\u00f0 fuglshaus sem reyna a\u00f0 lei\u00f0a asket\u00edska munka \u00ed fall. Fr\u00e1 Muromachi-t\u00edmanum ver\u00f0ur yamabushi-tengu til, kl\u00e6ddur munkab\u00faningi me\u00f0 kr\u00f3kanef.<\/p>\t\t\t\t\t\t\t\t<\/div>\n\t\t\t\t\t<\/div>\n\t\t\t\t<\/div>\n\t\t<div class=\"elementor-element elementor-element-d47b156 e-flex e-con-boxed e-con e-child\" data-id=\"d47b156\" data-element_type=\"container\" data-e-type=\"container\">\n\t\t\t\t\t<div class=\"e-con-inner\">\n\t\t\t\t<div class=\"elementor-element elementor-element-ff38c2b elementor-widget elementor-widget-heading\" data-id=\"ff38c2b\" data-element_type=\"widget\" data-e-type=\"widget\" data-widget_type=\"heading.default\">\n\t\t\t\t\t<h3 class=\"elementor-heading-title elementor-size-default\">\u00datbrei\u00f0slusv\u00e6\u00f0i<\/h3>\t\t\t\t<\/div>\n\t\t\t\t<div class=\"elementor-element elementor-element-4e49fcc elementor-widget elementor-widget-text-editor\" data-id=\"4e49fcc\" data-element_type=\"widget\" data-e-type=\"widget\" data-widget_type=\"text-editor.default\">\n\t\t\t\t\t\t\t\t\t<p>Tengu-hef\u00f0ir eru bundnar heil\u00f6gum fj\u00f6llum. S\u00e9rstaklega \u00feekkt eru fjalli\u00f0 Kurama nor\u00f0ur af Ky\u014dto (b\u00fasta\u00f0ur hins go\u00f0sagnakennda S\u014dj\u014db\u014d, \u201eyfirtengu\u201c), fjalli\u00f0 Takao vestur af T\u014dky\u014d og fjalli\u00f0 \u014cmine \u00ed Nara, mi\u00f0l\u00e6gir sta\u00f0ir shugend\u014d fjallaasketisma.<\/p><p>Um allan skja\u00e1lendinn eru sta\u00f0bundnir tengu-gu\u00f0ir; m\u00f6rg sm\u00e6rri fjallahelgid\u00f3mar hafa tengu-gr\u00edmur \u00ed fj\u00e1rsj\u00f3\u00f0um s\u00ednum og halda \u00e1rlegar h\u00e1t\u00ed\u00f0ir.<\/p>\t\t\t\t\t\t\t\t<\/div>\n\t\t\t\t\t<\/div>\n\t\t\t\t<\/div>\n\t\t\t\t<\/div>\n\t\t<div class=\"elementor-element elementor-element-db03c39 e-con-full e-flex e-con e-child\" data-id=\"db03c39\" data-element_type=\"container\" data-e-type=\"container\">\n\t\t<div class=\"elementor-element elementor-element-229a87b e-flex e-con-boxed e-con e-child\" data-id=\"229a87b\" data-element_type=\"container\" data-e-type=\"container\">\n\t\t\t\t\t<div class=\"e-con-inner\">\n\t\t\t\t<div class=\"elementor-element elementor-element-1f471fc elementor-widget elementor-widget-heading\" data-id=\"1f471fc\" data-element_type=\"widget\" data-e-type=\"widget\" data-widget_type=\"heading.default\">\n\t\t\t\t\t<h3 class=\"elementor-heading-title elementor-size-default\">Heimildasta\u00f0a<\/h3>\t\t\t\t<\/div>\n\t\t\t\t<div class=\"elementor-element elementor-element-36b1201 elementor-widget elementor-widget-text-editor\" data-id=\"36b1201\" data-element_type=\"widget\" data-e-type=\"widget\" data-widget_type=\"text-editor.default\">\n\t\t\t\t\t\t\t\t\t<p>Meginheimildir eru setsuwa-s\u00f6fnin (Konjaku Monogatarish\u016b, Uji Sh\u016bi Monogatari) og Tengu-S\u014dshi, myndskreytt handrit fr\u00e1 lokum 13. aldar. \u00cd Heike Monogatari koma tengu fram \u00ed nokkrum k\u00f6flum.<\/p><p><span data-nosnippet>Hin klass\u00edska <span class=\"iwg-fachbegriff\" data-tooltip=\"Fr\u00e6\u00f0i um myndefni og merkingu \u00feess.\" tabindex=\"0\">myndhef\u00f0<\/span> festist \u00ed sessi \u00ed myndskreyttum verkum Edo-t\u00edmans, me\u00f0al annars hj\u00e1 Toriyama Sekien. N\u00fat\u00edma grunnrit: De Visser, M. W. (1908) \u201eThe Tengu\u201c; Wakabayashi Haruko (2012) \u201eThe Seven Tengu Scrolls\u201c.<\/span><\/p>\t\t\t\t\t\t\t\t<\/div>\n\t\t\t\t\t<\/div>\n\t\t\t\t<\/div>\n\t\t\t\t<\/div>\n\t\t\t\t\t<\/div>\n\t\t\t\t<\/div>\n\t\t<div class=\"elementor-element elementor-element-3ae0637c e-flex e-con-boxed e-con e-parent\" data-id=\"3ae0637c\" data-element_type=\"container\" data-e-type=\"container\">\n\t\t\t\t\t<div class=\"e-con-inner\">\n\t\t\t\t<div class=\"elementor-element elementor-element-31d07739 elementor-widget elementor-widget-heading\" data-id=\"31d07739\" data-element_type=\"widget\" data-e-type=\"widget\" data-widget_type=\"heading.default\">\n\t\t\t\t\t<h2 class=\"elementor-heading-title elementor-size-default\">Nafn og afbrig\u00f0i<\/h2>\t\t\t\t<\/div>\n\t\t<div class=\"elementor-element elementor-element-b7642947 e-con-full e-flex e-con e-child\" data-id=\"b7642947\" data-element_type=\"container\" data-e-type=\"container\">\n\t\t\t\t<div class=\"elementor-element elementor-element-a086266 elementor-widget elementor-widget-text-editor\" data-id=\"a086266\" data-element_type=\"widget\" data-e-type=\"widget\" data-widget_type=\"text-editor.default\">\n\t\t\t\t\t\t\t\t\t<p>Nafni\u00f0 er samsett \u00far \u5929 (\u201ehiminn\u201c) og \u72d7 (\u201ehundur\u201c), v\u00edsar \u00fev\u00ed upphaflega til himneskrar stj\u00f6rnuveru.<\/p><ul><li><strong>Karasu-tengu<\/strong>, kr\u00e1ku-tengu, fuglshausa\u00f0ur, me\u00f0 v\u00e6ngi; eldri ger\u00f0.<\/li><li>Yamabushi-tengu \/ \u014d-tengu, fjallaaskete-tengu, rautt andlit, langt nef; s\u00ed\u00f0ari ger\u00f0.<\/li><li>Kotengu, minni, l\u00e6gra sett tengu-fylgdarli\u00f0.<\/li><li>S\u014dj\u014db\u014d, hinn go\u00f0sagnakenndi konungur allra tengu \u00e1 fjallinu Kurama.<\/li><\/ul>\t\t\t\t\t\t\t\t<\/div>\n\t\t\t\t<\/div>\n\t\t\t\t\t<\/div>\n\t\t\t\t<\/div>\n\t\t<div class=\"elementor-element elementor-element-709a44a8 e-flex e-con-boxed e-con e-parent\" data-id=\"709a44a8\" data-element_type=\"container\" data-e-type=\"container\">\n\t\t\t\t\t<div class=\"e-con-inner\">\n\t\t\t\t<div class=\"elementor-element elementor-element-2f585873 elementor-widget elementor-widget-heading\" data-id=\"2f585873\" data-element_type=\"widget\" data-e-type=\"widget\" data-widget_type=\"heading.default\">\n\t\t\t\t\t<h2 class=\"elementor-heading-title elementor-size-default\">L\u00fdsing<\/h2>\t\t\t\t<\/div>\n\t\t<div class=\"elementor-element elementor-element-70621c12 e-con-full e-flex e-con e-child\" data-id=\"70621c12\" data-element_type=\"container\" data-e-type=\"container\">\n\t\t\t\t<div class=\"elementor-element elementor-element-4296eb49 elementor-widget elementor-widget-text-editor\" data-id=\"4296eb49\" data-element_type=\"widget\" data-e-type=\"widget\" data-widget_type=\"text-editor.default\">\n\t\t\t\t\t\t\t\t\t<p><strong>\u00datlit.<\/strong> Karasu-tengu hefur h\u00f6fu\u00f0 kr\u00e1kufugls e\u00f0a r\u00e1nfugls, kl\u00e6r \u00ed sta\u00f0 handa og v\u00e6ngi; hann kl\u00e6\u00f0ist b\u00faningi yamabushi (litlum kassalaga h\u00f6fu\u00f0kl\u00fat, skeljal\u00fa\u00f0ri, sver\u00f0i). Yamabushi-tengu er manneskjulegur, me\u00f0 rautt andlit, \u00feykkar augabr\u00fanir og hi\u00f0 einkennandi langa nef; hann kl\u00e6\u00f0ist einnig yamabushi-b\u00faningi og me\u00f0 fja\u00f0raviftu.<\/p><p>B\u00fana\u00f0ur. Fja\u00f0ravifta (<em>hauchiwa<\/em>) til a\u00f0 vekja upp storma, langt sver\u00f0, skeljal\u00fa\u00f0ur (<em>horagai<\/em>), geta-sk\u00f3r me\u00f0 h\u00e1um einum tanni.<\/p><p>H\u00e1tterni. Tengu b\u00faa \u00ed fjallaklaustrum og sk\u00f3gum, hrekja burt innr\u00e1sarmenn, r\u00e6na asket\u00edskum munkum, pr\u00f3fa hugpr\u00fd\u00f0i str\u00ed\u00f0smanna. Ein <span class=\"iwg-fachbegriff\" data-tooltip=\"Mi\u00f0lun \u00feekkingar og sagna milli kynsl\u00f3\u00f0a.\" tabindex=\"0\">munnm\u00e6lahef\u00f0<\/span> segir a\u00f0 Minamoto no Yoshitsune hafi l\u00e6rt sver\u00f0fimi hj\u00e1 S\u014dj\u014db\u014d \u00e1 Kurama-fjalli.<\/p><div><h3>Formfr\u00e6\u00f0ileg fj\u00f6lbreytni: langt nef \u00e1 m\u00f3ti fuglsh\u00f6f\u00f0i<\/h3><p>Sj\u00f3nr\u00e6n framsetning tengu s\u00fdnir einkennandi formfr\u00e6\u00f0ilegan mismun milli tveggja frummynda. <em>Karasu-tengu<\/em> (kr\u00e1ku-tengu) birtist \u00ed fuglsl\u00edkri mynd me\u00f0 fj\u00f6\u00f0rum og kl\u00f3m, oft svartleitur og me\u00f0 odddregi\u00f0 nef. <em>Yamabushi-tengu<\/em>, e\u00f0a Daitengu, er hins vegar oft s\u00fdndur me\u00f0 langt, rautt e\u00f0a gulli\u00f0 nef, manneskjulegan l\u00edkama og oft \u00ed kl\u00e6\u00f0um yamabushi-munks.<\/p><p>\u00deessi munur endurspeglar gu\u00f0fr\u00e6\u00f0ilegan og sv\u00e6\u00f0isbundinn mismun: Kr\u00e1ku-tengu tengjast \u00f3rei\u00f0ukenndum n\u00e1tt\u00faru\u00f6flum fjallanna, en nefst\u00f3ru tengurnir standa \u00ed vitsmunalegri og menningarlegri andst\u00f6\u00f0u vi\u00f0 menn, oft l\u00fdst sem l\u00e6r\u00f0um asketum. <span class=\"iwg-fachbegriff\" data-tooltip=\"Fr\u00e6\u00f0igrein um myndefni og merkingu \u00feess.\" tabindex=\"0\">T\u00e1knfr\u00e6\u00f0i<\/span> Edo-t\u00edmabilsins samr\u00e6mdi \u00feessa formfj\u00f6lbreytni \u00ed vi\u00f0urkennd tr\u00e9skur\u00f0arm\u00f3t\u00edf sem enn \u00ed dag m\u00f3ta hina almennu <span class=\"iwg-fachbegriff\" data-tooltip=\"Fr\u00e6\u00f0igrein um myndefni og merkingu \u00feess.\" tabindex=\"0\">t\u00e1knfr\u00e6\u00f0i<\/span> tengu.<\/p><\/div>\t\t\t\t\t\t\t\t<\/div>\n\t\t\t\t<\/div>\n\t\t\t\t\t<\/div>\n\t\t\t\t<\/div>\n\t\t<div class=\"elementor-element elementor-element-44e71476 e-flex e-con-boxed e-con e-parent\" data-id=\"44e71476\" data-element_type=\"container\" data-e-type=\"container\">\n\t\t\t\t\t<div class=\"e-con-inner\">\n\t\t\t\t<div class=\"elementor-element elementor-element-3c1fc3f0 elementor-widget elementor-widget-heading\" data-id=\"3c1fc3f0\" data-element_type=\"widget\" data-e-type=\"widget\" data-widget_type=\"heading.default\">\n\t\t\t\t\t<h2 class=\"elementor-heading-title elementor-size-default\">Yfirlit: Tengu<\/h2>\t\t\t\t<\/div>\n\t\t<div class=\"elementor-element elementor-element-84f33b8e e-con-full e-flex e-con e-child\" data-id=\"84f33b8e\" data-element_type=\"container\" data-e-type=\"container\">\n\t\t\t\t<div class=\"elementor-element elementor-element-hqkdc67p elementor-widget elementor-widget-text-editor\" data-id=\"hqkdc67p\" data-element_type=\"widget\" data-e-type=\"widget\" data-widget_type=\"text-editor.default\">\n\t\t\t\t\t\t\t\t\t<p>Mikilv\u00e6gustu einkenni tengu \u00ed hnotskurn.<\/p>\t\t\t\t\t\t\t\t<\/div>\n\t\t\t\t<\/div>\n\t\t<div class=\"elementor-element elementor-element-pemmx7c5 e-con-full e-flex e-con e-child\" data-id=\"pemmx7c5\" data-element_type=\"container\" data-e-type=\"container\">\n\t\t<div class=\"elementor-element elementor-element-pemmx7c1 e-con-full e-flex e-con e-child\" data-id=\"pemmx7c1\" data-element_type=\"container\" data-e-type=\"container\">\n\t\t<div class=\"elementor-element elementor-element-qh9oavvu iwg-steckbrief-card e-flex e-con-boxed e-con e-child\" data-id=\"qh9oavvu\" data-element_type=\"container\" data-e-type=\"container\">\n\t\t\t\t\t<div class=\"e-con-inner\">\n\t\t\t\t<div class=\"elementor-element elementor-element-awzx8k2k elementor-widget elementor-widget-heading\" data-id=\"awzx8k2k\" data-element_type=\"widget\" data-e-type=\"widget\" data-widget_type=\"heading.default\">\n\t\t\t\t\t<div class=\"elementor-heading-title elementor-size-default\">Menningarsamhengi<\/div>\t\t\t\t<\/div>\n\t\t\t\t<div class=\"elementor-element elementor-element-x6rowhv0 elementor-widget elementor-widget-text-editor\" data-id=\"x6rowhv0\" data-element_type=\"widget\" data-e-type=\"widget\" data-widget_type=\"text-editor.default\">\n\t\t\t\t\t\t\t\t\t<p>K\u00ednverskt hugtak um \u201ehimnahund\u201c, samrunni\u00f0 jap\u00f6nskri fjallatr\u00fa og shugend\u014d-asketisma.<\/p>\t\t\t\t\t\t\t\t<\/div>\n\t\t\t\t\t<\/div>\n\t\t\t\t<\/div>\n\t\t<div class=\"elementor-element elementor-element-8e3o4kxs iwg-steckbrief-card e-flex e-con-boxed e-con e-child\" data-id=\"8e3o4kxs\" data-element_type=\"container\" data-e-type=\"container\">\n\t\t\t\t\t<div class=\"e-con-inner\">\n\t\t\t\t<div class=\"elementor-element elementor-element-08rkdgov elementor-widget elementor-widget-heading\" data-id=\"08rkdgov\" data-element_type=\"widget\" data-e-type=\"widget\" data-widget_type=\"heading.default\">\n\t\t\t\t\t<div class=\"elementor-heading-title elementor-size-default\">Vi\u00f0takendur<\/div>\t\t\t\t<\/div>\n\t\t\t\t<div class=\"elementor-element elementor-element-uwjelx8s elementor-widget elementor-widget-text-editor\" data-id=\"uwjelx8s\" data-element_type=\"widget\" data-e-type=\"widget\" data-widget_type=\"text-editor.default\">\n\t\t\t\t\t\t\t\t\t<p>Asket\u00edskir munkar (yamabushi), stoltir b\u00fadd\u00edskir tignarmenn, str\u00ed\u00f0smenn \u00e1 lei\u00f0 til meistaraskapar.<\/p>\t\t\t\t\t\t\t\t<\/div>\n\t\t\t\t\t<\/div>\n\t\t\t\t<\/div>\n\t\t<div class=\"elementor-element elementor-element-jm2n74ec iwg-steckbrief-card e-flex e-con-boxed e-con e-child\" data-id=\"jm2n74ec\" data-element_type=\"container\" data-e-type=\"container\">\n\t\t\t\t\t<div class=\"e-con-inner\">\n\t\t\t\t<div class=\"elementor-element elementor-element-8vufse4c elementor-widget elementor-widget-heading\" data-id=\"8vufse4c\" data-element_type=\"widget\" data-e-type=\"widget\" data-widget_type=\"heading.default\">\n\t\t\t\t\t<div class=\"elementor-heading-title elementor-size-default\">\u00datlit tengu<\/div>\t\t\t\t<\/div>\n\t\t\t\t<div class=\"elementor-element elementor-element-mwb9u015 elementor-widget elementor-widget-text-editor\" data-id=\"mwb9u015\" data-element_type=\"widget\" data-e-type=\"widget\" data-widget_type=\"text-editor.default\">\n\t\t\t\t\t\t\t\t\t<p>Kr\u00e1ku- e\u00f0a rau\u00f0leit mannsmynd me\u00f0 v\u00e6ngi; yamabushi-b\u00faningur, fja\u00f0ravifta, langt sver\u00f0.<\/p>\t\t\t\t\t\t\t\t<\/div>\n\t\t\t\t\t<\/div>\n\t\t\t\t<\/div>\n\t\t\t\t<\/div>\n\t\t<div class=\"elementor-element elementor-element-pemmx7c2 e-con-full e-flex e-con e-child\" data-id=\"pemmx7c2\" data-element_type=\"container\" data-e-type=\"container\">\n\t\t<div class=\"elementor-element elementor-element-37ss2yr6 iwg-steckbrief-card e-flex e-con-boxed e-con e-child\" data-id=\"37ss2yr6\" data-element_type=\"container\" data-e-type=\"container\">\n\t\t\t\t\t<div class=\"e-con-inner\">\n\t\t\t\t<div class=\"elementor-element elementor-element-3v0wp3wx elementor-widget elementor-widget-heading\" data-id=\"3v0wp3wx\" data-element_type=\"widget\" data-e-type=\"widget\" data-widget_type=\"heading.default\">\n\t\t\t\t\t<div class=\"elementor-heading-title elementor-size-default\">I\u00f0ja<\/div>\t\t\t\t<\/div>\n\t\t\t\t<div class=\"elementor-element elementor-element-w3247g2m elementor-widget elementor-widget-text-editor\" data-id=\"w3247g2m\" data-element_type=\"widget\" data-e-type=\"widget\" data-widget_type=\"text-editor.default\">\n\t\t\t\t\t\t\t\t\t<p>Barnar\u00e1n, freisting munka til h\u00e9g\u00f3ma, tilkomu vindstorma, skyndilegt hvarf f\u00f3lks (<em>kamikakushi<\/em>).<\/p>\t\t\t\t\t\t\t\t<\/div>\n\t\t\t\t\t<\/div>\n\t\t\t\t<\/div>\n\t\t<div class=\"elementor-element elementor-element-0qpjal9w iwg-steckbrief-card e-flex e-con-boxed e-con e-child\" data-id=\"0qpjal9w\" data-element_type=\"container\" data-e-type=\"container\">\n\t\t\t\t\t<div class=\"e-con-inner\">\n\t\t\t\t<div class=\"elementor-element elementor-element-6ndoih0o elementor-widget elementor-widget-heading\" data-id=\"6ndoih0o\" data-element_type=\"widget\" data-e-type=\"widget\" data-widget_type=\"heading.default\">\n\t\t\t\t\t<div class=\"elementor-heading-title elementor-size-default\">Vernd<\/div>\t\t\t\t<\/div>\n\t\t\t\t<div class=\"elementor-element elementor-element-6684tyh9 elementor-widget elementor-widget-text-editor\" data-id=\"6684tyh9\" data-element_type=\"widget\" data-e-type=\"widget\" data-widget_type=\"text-editor.default\">\n\t\t\t\t\t\t\t\t\t<p>Upplestur s\u00fatra, l\u00edtill\u00e6ti og for\u00f0ast hroka, vir\u00f0ing fyrir fjallahelgid\u00f3mum, a\u00f0 for\u00f0ast tiltekna fjallask\u00f6r\u00f0 eftir a\u00f0 r\u00f6kkur skellur \u00e1.<\/p>\t\t\t\t\t\t\t\t<\/div>\n\t\t\t\t\t<\/div>\n\t\t\t\t<\/div>\n\t\t<div class=\"elementor-element elementor-element-3lfi7x32 iwg-steckbrief-card e-flex e-con-boxed e-con e-child\" data-id=\"3lfi7x32\" data-element_type=\"container\" data-e-type=\"container\">\n\t\t\t\t\t<div class=\"e-con-inner\">\n\t\t\t\t<div class=\"elementor-element elementor-element-0kg99ga1 elementor-widget elementor-widget-heading\" data-id=\"0kg99ga1\" data-element_type=\"widget\" data-e-type=\"widget\" data-widget_type=\"heading.default\">\n\t\t\t\t\t<div class=\"elementor-heading-title elementor-size-default\">Samb\u00e6rilegt<\/div>\t\t\t\t<\/div>\n\t\t\t\t<div class=\"elementor-element elementor-element-n0fum6kp elementor-widget elementor-widget-text-editor\" data-id=\"n0fum6kp\" data-element_type=\"widget\" data-e-type=\"widget\" data-widget_type=\"text-editor.default\">\n\t\t\t\t\t\t\t\t\t<p>K\u00ednverski <em>ti\u0101ng\u01d2u<\/em>, k\u00f3reski <em>kkachi-horangi<\/em> (go\u00f0sagnakennd r\u00e1nfuglsmynd); Garuda \u00far indversk-b\u00fadd\u00edskri hef\u00f0.<\/p>\t\t\t\t\t\t\t\t<\/div>\n\t\t\t\t\t<\/div>\n\t\t\t\t<\/div>\n\t\t\t\t<\/div>\n\t\t\t\t<\/div>\n\t\t\t\t\t<\/div>\n\t\t\t\t<\/div>\n\t\t<div class=\"elementor-element elementor-element-7533bc7a e-flex e-con-boxed e-con e-parent\" data-id=\"7533bc7a\" data-element_type=\"container\" data-e-type=\"container\">\n\t\t\t\t\t<div class=\"e-con-inner\">\n\t\t\t\t<div class=\"elementor-element elementor-element-2447d18d elementor-widget elementor-widget-heading\" data-id=\"2447d18d\" data-element_type=\"widget\" data-e-type=\"widget\" data-widget_type=\"heading.default\">\n\t\t\t\t\t<h2 class=\"elementor-heading-title elementor-size-default\">Verndarr\u00e1\u00f0 \u00ed framkv\u00e6md<\/h2>\t\t\t\t<\/div>\n\t\t<div class=\"elementor-element elementor-element-d5d0260c e-con-full e-flex e-con e-child\" data-id=\"d5d0260c\" data-element_type=\"container\" data-e-type=\"container\">\n\t\t\t\t<div class=\"elementor-element elementor-element-341be2ac elementor-widget elementor-widget-text-editor\" data-id=\"341be2ac\" data-element_type=\"widget\" data-e-type=\"widget\" data-widget_type=\"text-editor.default\">\n\t\t\t\t\t\t\t\t\t<p><strong>A\u00f0 for\u00f0ast stolta framg\u00f6ngu.<\/strong> \u00cd setsuwa-b\u00f3kmenntum lei\u00f0a tengu s\u00e9rstaklega stolta munka afvega, klass\u00edsk m\u00f3tv\u00f6rn er innra l\u00edtill\u00e6ti og strangur asketismi.<\/p><p>S\u00fatrur og <span class=\"iwg-fachbegriff\" tabindex=\"0\" data-tooltip=\"Form\u00fala \u00far endurteknum atkv\u00e6\u00f0um e\u00f0a or\u00f0um me\u00f0 umbreytandi m\u00e1tt; mi\u00f0l\u00e6g \u00ed indverskum hef\u00f0um, a\u00f0l\u00f6gu\u00f0 \u00e1 Vesturl\u00f6ndum sem yfirl\u00fdsinga\u00e6fing.\">mantra<\/span>. Upplestur Hjartas\u00fatrunnar og mantra Fud\u014d My\u014d\u014d og Sh\u014dten \u00fe\u00f3tti duga til a\u00f0 hafna \u00e1hrifum tengu.<\/p><p>Fjallahelgid\u00f3mar. \u00c1 m\u00f6rgum heil\u00f6gum fj\u00f6llum eru tengu tigna\u00f0ir sem verndargu\u00f0ir; gestir f\u00e6ra sake, fer\u00f0ast me\u00f0 lotningu og for\u00f0ast sl\u00f3\u00f0irnar eftir a\u00f0 myrkur skellur \u00e1.<\/p><p>Tengu-gr\u00edmur. Rau\u00f0leitar gr\u00edmur me\u00f0 l\u00f6ngu nefi hanga \u00e1 m\u00f6rgum heimilum sem varnart\u00e1kn, \u00fear sem <span class=\"iwg-fachbegriff\" data-tooltip=\"T\u00e1kn sem stendur fyrir hugmynd e\u00f0a merkingu.\" tabindex=\"0\">t\u00e1kni\u00f0<\/span> veitir vernd me\u00f0 n\u00e6rveru verndarv\u00e6ttarins sj\u00e1lfs.<\/p>\t\t\t\t\t\t\t\t<\/div>\n\t\t\t\t<\/div>\n\t\t\t\t\t<\/div>\n\t\t\t\t<\/div>\n\t\t<div class=\"elementor-element elementor-element-5a584676 e-flex e-con-boxed e-con e-parent\" data-id=\"5a584676\" data-element_type=\"container\" data-e-type=\"container\">\n\t\t\t\t\t<div class=\"e-con-inner\">\n\t\t\t\t<div class=\"elementor-element elementor-element-6d0757bf elementor-widget elementor-widget-heading\" data-id=\"6d0757bf\" data-element_type=\"widget\" data-e-type=\"widget\" data-widget_type=\"heading.default\">\n\t\t\t\t\t<h2 class=\"elementor-heading-title elementor-size-default\">Tengu, hli\u00f0st\u00e6\u00f0ur \u00ed \u00f6\u00f0rum menningarheimum<\/h2>\t\t\t\t<\/div>\n\t\t<div class=\"elementor-element elementor-element-60563f68 e-con-full e-flex e-con e-child\" data-id=\"60563f68\" data-element_type=\"container\" data-e-type=\"container\">\n\t\t\t\t<div class=\"elementor-element elementor-element-5a93fdd6 elementor-widget elementor-widget-text-editor\" data-id=\"5a93fdd6\" data-element_type=\"widget\" data-e-type=\"widget\" data-widget_type=\"text-editor.default\">\n\t\t\t\t\t\t\t\t\t<p><strong>K\u00edna.<\/strong> <em>Ti\u0101ng\u01d2u<\/em> sem fyrirbo\u00f0i stj\u00f6rnuhraps og himneskur hundur er hin beina or\u00f0fyrirmynd; <span class=\"iwg-fachbegriff\" data-tooltip=\"Fr\u00e6\u00f0igrein um myndefni og merkingu \u00feess.\" tabindex=\"0\">t\u00e1knfr\u00e6\u00f0in<\/span> \u00fer\u00f3ast s\u00ed\u00f0an sj\u00e1lfst\u00e6tt \u00ed Japan.<\/p><p>Indland\/b\u00faddismi. Garuda sem fugll\u00edk <span class=\"iwg-fachbegriff\" data-tooltip=\"Vera sem er tignu\u00f0 sem gu\u00f0leg innan tr\u00faarbrag\u00f0a.\" tabindex=\"0\">gu\u00f0vera<\/span> er fyrirmynd fyrir <span class=\"iwg-fachbegriff\" data-tooltip=\"Fr\u00e6\u00f0igrein um myndefni og merkingu \u00feess.\" tabindex=\"0\">t\u00e1knfr\u00e6\u00f0i<\/span> karasu-tengu.<\/p><p>K\u00f3rea. Beina samsv\u00f6run skortir; go\u00f0sagnakenndir r\u00e1nfuglar og fjallagu\u00f0ir eru til, en me\u00f0 \u00f6\u00f0rum bl\u00e6.<\/p><p>Evr\u00f3pa. Hli\u00f0st\u00e6\u00f0ur vi\u00f0 v\u00e6ngja\u00f0a fjalla- og vindav\u00e6tti (harp\u00edur, norr\u00e6nir fjallatr\u00f6ll) eru til \u00ed ger\u00f0, en ekki \u00ed uppruna.<\/p><div><h3>Shugendo og tengsl vi\u00f0 yamabushi<\/h3><p>Shugendo (lei\u00f0 fjallaasketismans) m\u00f3ta\u00f0i bein tr\u00faarleg tengsl milli tengu og yamabushi (fjallamunka), sem lifa enn \u00ed dag \u00ed helgisi\u00f0aframkv\u00e6md. Shugendo-textar flokka tengu ekki fyrst og fremst sem illar verur, heldur sem h\u00e6ttulegt yfirn\u00e1tt\u00farulegt afl sem a\u00f0eins er stj\u00f3rna\u00f0 e\u00f0a umbreytt me\u00f0 s\u00e9rst\u00f6kum asket\u00edskum \u00e6fingum.<\/p><p>Yamabushi-reglan \u00fer\u00f3a\u00f0i varnara\u00f0fer\u00f0ir gegn \u00e1hrifum tengu, sem sameinu\u00f0u shinto-hreinsun og upplestur b\u00fadd\u00edsks <span class=\"iwg-fachbegriff\" tabindex=\"0\" data-tooltip=\"Form\u00fala \u00far endurteknum atkv\u00e6\u00f0um e\u00f0a or\u00f0um me\u00f0 umbreytandi m\u00e1tt; mi\u00f0l\u00e6g \u00ed indverskum hef\u00f0um.\">mantra<\/span>. S\u00f6guleg g\u00f6gn greina fr\u00e1 tilvikum \u00fear sem yamabushi-meistarar beittu yfirn\u00e1tt\u00farulegum krafti opinberlega gegn birtingum tengu. \u00deessi tengsl ger\u00f0u tengu a\u00f0 tr\u00faarlegri pr\u00f3fraun: s\u00e1 sem gat sta\u00f0ist \u00e1hrif tengu s\u00fdndi andlegan \u00feroska og r\u00e9tt til h\u00e6rri <span class=\"iwg-fachbegriff\" data-tooltip=\"Tr\u00faarleg ath\u00f6fn \u00fear sem hlutur, sta\u00f0ur e\u00f0a manneskja er v\u00edg\u00f0 tr\u00faarlegu hlutverki.\" tabindex=\"0\">v\u00edgslu<\/span> innan shugendo-kerfisins.<\/p><\/div>\t\t\t\t\t\t\t\t<\/div>\n\t\t\t\t<\/div>\n\t\t\t\t\t<\/div>\n\t\t\t\t<\/div>\n\t\t<div class=\"elementor-element elementor-element-cp1b0c3bc e-flex e-con-boxed e-con e-parent\" data-id=\"cp1b0c3bc\" data-element_type=\"container\" data-e-type=\"container\">\n\t\t\t\t\t<div class=\"e-con-inner\">\n\t\t\t\t<div class=\"elementor-element elementor-element-cpd32c755 elementor-widget elementor-widget-heading\" data-id=\"cpd32c755\" data-element_type=\"widget\" data-e-type=\"widget\" data-widget_type=\"heading.default\">\n\t\t\t\t\t<h2 class=\"elementor-heading-title elementor-size-default\">Fr\u00e1 \u00f3heillafugli til fjalladj\u00f6fuls<\/h2>\t\t\t\t<\/div>\n\t\t<div class=\"elementor-element elementor-element-cp7a80dab e-con-full e-flex e-con e-child\" data-id=\"cp7a80dab\" data-element_type=\"container\" data-e-type=\"container\">\n\t\t\t\t<div class=\"elementor-element elementor-element-cpb1eb88c elementor-widget elementor-widget-text-editor\" data-id=\"cpb1eb88c\" data-element_type=\"widget\" data-e-type=\"widget\" data-widget_type=\"text-editor.default\">\n\t\t\t\t\t\t\t\t\t<p>Tengu \u00e1 s\u00e9r langa og mj\u00f6g breytilega s\u00f6gu \u00ed Japan. T\u00e1kni\u00f0 sem nafn hans er skrifa\u00f0 me\u00f0 \u00fe\u00fd\u00f0ir b\u00f3kstaflega himinhundur og er upprunni\u00f0 \u00ed K\u00edna, \u00fear sem \u00fea\u00f0 tilgreindi eins konar \u00f3heillaveru e\u00f0a halastj\u00f6rnuveru.<\/p><p>\u00cd Japan var nafni\u00f0 \u00fe\u00f3 f\u00e6rt yfir \u00e1 allt a\u00f0ra ger\u00f0, og elsta greinilega japanska tengu-hugmyndin er af fuglsl\u00edkri veru vopna\u00f0ri goggi.<\/p><p>\u00cd mi\u00f0aldab\u00f3kmenntum, s\u00e9rstaklega \u00ed b\u00fadd\u00edskum sagnas\u00f6fnum eins og <em>Konjaku monogatari<\/em> fr\u00e1 t\u00f3lftu \u00f6ld, er tengu fyrst og fremst truflandi og h\u00e6ttulegur m\u00e1ttur. Hann er talinn endurf\u00e6\u00f0ingarform manna sem voru of stoltir, of rei\u00f0ir e\u00f0a tr\u00faarlega blinda\u00f0ir, s\u00e9rstaklega hrokafullra munka.<\/p><p>Tengu t\u00e6lir asketa af r\u00e9ttri lei\u00f0, r\u00e6nir f\u00f3lki, veldur eldsvo\u00f0um og l\u00e6tur falskar tr\u00faarlegar birtingar l\u00edta \u00fat sem sannar. \u00c1 \u00feessu t\u00edmabili er hann andst\u00e6\u00f0ingur hins sanna b\u00faddisma.<\/p><p>Hin s\u00ed\u00f0ari, kunnuglegri ger\u00f0 me\u00f0 langt nef, rautt andlit og mannlegri l\u00edkama \u00fer\u00f3ast sm\u00e1m saman \u00far fuglsl\u00edku tengu.<\/p><p>Ranns\u00f3knir, me\u00f0al annars verk Haruko Wakabayashi, hafa s\u00fdnt a\u00f0 tengu breyttist \u00ed gegnum mi\u00f0aldirnar \u00far algj\u00f6rlega neikv\u00e6\u00f0ri veru \u00ed tv\u00edr\u00e6\u00f0a pers\u00f3nu. \u00deessi breyting er n\u00e1tengd s\u00f6gu jap\u00f6nsku fjallamenningarins og asket\u00edsks b\u00faddisma.<\/p>\t\t\t\t\t\t\t\t<\/div>\n\t\t\t\t<\/div>\n\t\t\t\t\t<\/div>\n\t\t\t\t<\/div>\n\t\t<div class=\"elementor-element elementor-element-cpde34944 e-flex e-con-boxed e-con e-parent\" data-id=\"cpde34944\" data-element_type=\"container\" data-e-type=\"container\">\n\t\t\t\t\t<div class=\"e-con-inner\">\n\t\t\t\t<div class=\"elementor-element elementor-element-cp2bbaa5b elementor-widget elementor-widget-heading\" data-id=\"cp2bbaa5b\" data-element_type=\"widget\" data-e-type=\"widget\" data-widget_type=\"heading.default\">\n\t\t\t\t\t<h2 class=\"elementor-heading-title elementor-size-default\">Karasu-tengu og yamabushi-tengu<\/h2>\t\t\t\t<\/div>\n\t\t<div class=\"elementor-element elementor-element-cp1793f6d e-con-full e-flex e-con e-child\" data-id=\"cp1793f6d\" data-element_type=\"container\" data-e-type=\"container\">\n\t\t\t\t<div class=\"elementor-element elementor-element-cp7ffdc80 elementor-widget elementor-widget-text-editor\" data-id=\"cp7ffdc80\" data-element_type=\"widget\" data-e-type=\"widget\" data-widget_type=\"text-editor.default\">\n\t\t\t\t\t\t\t\t\t<p>Hef\u00f0in greinir \u00e1 milli tveggja meginafbrig\u00f0a tengu, sem endurspegla mismunandi \u00fer\u00f3unarstig. <em>Karasu-tengu<\/em>, kr\u00e1kutengu, er eldri, d\u00fdrslegri ger\u00f0in: vera me\u00f0 fuglsh\u00f6fu\u00f0, gogg, v\u00e6ngi og kl\u00e6r. <em>Konoha-tengu<\/em> e\u00f0a <em>yamabushi-tengu<\/em> er yngri, mannlegri ger\u00f0in me\u00f0 langt rautt nef, rautt andlit og kl\u00e6\u00f0na\u00f0 fjallaasketa.<\/p><p>Kl\u00e6\u00f0na\u00f0urinn er s\u00e9rstaklega uppl\u00fdsandi. Hi\u00f0 h\u00e1nefja\u00f0a tengu kl\u00e6\u00f0ist venjulega b\u00faningi <em>yamabushi<\/em>, fjallaasketa Shugendo, hreyfingar sem tengir b\u00fadd\u00edska, da\u00f3\u00edska og innlenda \u00fe\u00e6tti og s\u00e6kir i\u00f0kun s\u00edna \u00ed fj\u00f6llunum.<\/p><p>Hann heldur oft \u00e1 fja\u00f0urbl\u00e6v\u00e6ng, <em>hauchiwa<\/em>, sem hann getur me\u00f0 framkalla\u00f0 storma, og stundum litlu <span class=\"iwg-fachbegriff\" data-tooltip=\"L\u00edtill helgur var\u00f0veislusta\u00f0ur e\u00f0a b\u00e6nasta\u00f0ur.\" tabindex=\"0\">skr\u00edni<\/span> e\u00f0a staf. \u00deessi <span class=\"iwg-fachbegriff\" data-tooltip=\"Fr\u00e6\u00f0i um myndefni og merkingu \u00feeirra.\" tabindex=\"0\">helgimyndafr\u00e6\u00f0i<\/span> tengir tengu n\u00e1i\u00f0 vi\u00f0 hin helgu fj\u00f6ll Japans.<\/p><p>\u00c1kve\u00f0in fj\u00f6ll eru talin b\u00fasta\u00f0ir tengu, fremst \u00feeirra fjalli\u00f0 Kurama n\u00e1l\u00e6gt Kyoto og fjalli\u00f0 Takao. Fjallinu Kurama er tengd s\u00e9rlega vel kunn fr\u00e1sagnarhef\u00f0: Tengu <em>Sojobo<\/em>, konungur me\u00f0al tengu, er sag\u00f0ur hafa kennt unga str\u00ed\u00f0smanninum Minamoto no Yoshitsune sver\u00f0list og bardagat\u00e6kni \u00fear.<\/p><p>\u00cd \u00feessari s\u00f6gu birtist tengu ekki lengur sem fjandma\u00f0ur tr\u00faarins, heldur sem l\u00e6rimeistari sem veitir \u00fatv\u00f6ldum manni \u00f3venjulega getu. Breytingin fr\u00e1 t\u00e6lara til l\u00e6rimeistara er eitt af \u00e1berandi einkennum s\u00f6gu tengu.<\/p>\t\t\t\t\t\t\t\t<\/div>\n\t\t\t\t<\/div>\n\t\t\t\t\t<\/div>\n\t\t\t\t<\/div>\n\t\t<div class=\"elementor-element elementor-element-cpa440175 e-flex e-con-boxed e-con e-parent\" data-id=\"cpa440175\" data-element_type=\"container\" data-e-type=\"container\">\n\t\t\t\t\t<div class=\"e-con-inner\">\n\t\t\t\t<div class=\"elementor-element elementor-element-cp1065b48 elementor-widget elementor-widget-heading\" data-id=\"cp1065b48\" data-element_type=\"widget\" data-e-type=\"widget\" data-widget_type=\"heading.default\">\n\t\t\t\t\t<h2 class=\"elementor-heading-title elementor-size-default\">Tengu milli skr\u00edns, gr\u00edmu og leikh\u00fass<\/h2>\t\t\t\t<\/div>\n\t\t<div class=\"elementor-element elementor-element-cp783b666 e-con-full e-flex e-con e-child\" data-id=\"cp783b666\" data-element_type=\"container\" data-e-type=\"container\">\n\t\t\t\t<div class=\"elementor-element elementor-element-cp7218654 elementor-widget elementor-widget-text-editor\" data-id=\"cp7218654\" data-element_type=\"widget\" data-e-type=\"widget\" data-widget_type=\"text-editor.default\">\n\t\t\t\t\t\t\t\t\t<p>Tengu er r\u00f3tfastur \u00ed jap\u00f6nskri hlutmenningu. Rautt, langnefja\u00f0 andlit hans er me\u00f0al kunnustu gr\u00edma landsins og birtist \u00e1 h\u00e1t\u00ed\u00f0um, vi\u00f0 skr\u00edn og \u00ed h\u00fasum sem varnargripur.<\/p><p>Gr\u00edman er talin v\u00f6rn, h\u00fan \u00e1 a\u00f0 halda \u00f3l\u00e1ni fjarri, og hi\u00f0 yfirst\u00f3ra nef hefur a\u00f0 hluta veri\u00f0 t\u00falka\u00f0 sem heilla- og frj\u00f3semist\u00e1kn. Sum skr\u00edn, s\u00e9rstaklega \u00feau sem sta\u00f0sett eru \u00e1 tengu-fj\u00f6llum, var\u00f0veita st\u00f3rar tengu-gr\u00edmur sem helgigripi.<\/p><p>\u00cd leikh\u00fasi kemur tengu fram b\u00e6\u00f0i \u00ed <em>N\u014d<\/em> og \u00ed <em>Kabuki<\/em>. \u00cd N\u014d-leikritinu <em>Kurama tengu<\/em> er fundur tengu og hins unga Yoshitsune dramat\u00edser\u00f0ur. H\u00e9r birtist hin tv\u00edr\u00e6\u00f0a n\u00e1tt\u00fara hans s\u00e9rstaklega vel: Tengu er \u00f3gnvekjandi og yfirn\u00e1tt\u00farulegur, en einnig hj\u00e1lpsamur l\u00e6rimeistari.<\/p><p>\u00cd \u00fej\u00f3\u00f0tr\u00fa lif\u00f0i hugmyndin \u00e1fram um a\u00f0 tengu geti r\u00e6nt b\u00f6rnum, hi\u00f0 svokalla\u00f0a <em>tengu kakushi<\/em>, felunin af v\u00f6ldum tengu, var algeng sk\u00fdring \u00e1 sporlausu horfi barna.<\/p><p>Tr\u00faarbrag\u00f0afr\u00e6\u00f0ilega er tengu \u00e1hugaver\u00f0ur vegna \u00feess a\u00f0 \u00ed honum m\u00e1 greina breytingar \u00e1 mati \u00e1 fjallaasketisma. Me\u00f0an Shugendo var grunsamlegt \u00ed augum hins hef\u00f0bundna klausturb\u00faddisma, virtust i\u00f0kendur \u00feess og tengu sem tengdist \u00feeim vafasamir og h\u00e6ttulegir.<\/p><p>Me\u00f0 aukinni vi\u00f0urkenningu fjallatr\u00faarbrag\u00f0anna h\u00e6kka\u00f0i einnig sta\u00f0a tengu, fr\u00e1 hrokafullum <span class=\"iwg-fachbegriff\" data-tooltip=\"Andleg vera sem eignu\u00f0 er ska\u00f0leg e\u00f0a tv\u00edr\u00e6\u00f0 \u00e1hrif.\" tabindex=\"0\">dj\u00f6fli<\/span> til var\u00f0manns fjallanna og var\u00f0veislumanns leyndrar visku. \u00cd dag er tengu a\u00f0 mestu velvildarleg, en \u00fe\u00f3 vir\u00f0ingarvekjandi vera \u00fej\u00f3\u00f0tr\u00faarins, \u00e1n \u00feess a\u00f0 myrkari l\u00f6g s\u00f6gu hans hafi horfi\u00f0 a\u00f0 fullu.<\/p>\t\t\t\t\t\t\t\t<\/div>\n\t\t\t\t<\/div>\n\t\t\t\t\t<\/div>\n\t\t\t\t<\/div>\n\t\t<div class=\"elementor-element elementor-element-36dd7469 e-flex e-con-boxed e-con e-parent\" data-id=\"36dd7469\" data-element_type=\"container\" data-e-type=\"container\">\n\t\t\t\t\t<div class=\"e-con-inner\">\n\t\t\t\t<div class=\"elementor-element elementor-element-13760ab4 elementor-widget elementor-widget-heading\" data-id=\"13760ab4\" data-element_type=\"widget\" data-e-type=\"widget\" data-widget_type=\"heading.default\">\n\t\t\t\t\t<h2 class=\"elementor-heading-title elementor-size-default\">\u00cdtarefni og tenglar<\/h2>\t\t\t\t<\/div>\n\t\t<div class=\"elementor-element elementor-element-28c87796 e-con-full e-flex e-con e-child\" data-id=\"28c87796\" data-element_type=\"container\" data-e-type=\"container\">\n\t\t\t\t<div class=\"elementor-element elementor-element-5d6538df elementor-widget elementor-widget-text-editor\" data-id=\"5d6538df\" data-element_type=\"widget\" data-e-type=\"widget\" data-widget_type=\"text-editor.default\">\n\t\t\t\t\t\t\t\t\t<p>R\u00e1\u00f0lag\u00f0ar innri tenglar:<\/p><ul><li>Menningars\u00ed\u00f0a <strong>Japan<\/strong>.<\/li><li>Fleiri einstakar pr\u00f3f\u00edls\u00ed\u00f0ur fr\u00e1 Japan: <a href=\"https:\/\/iwell-guard.com\/is\/?page_id=168662\">Oni<\/a>, <a href=\"https:\/\/iwell-guard.com\/is\/?page_id=168664\">Kappa<\/a>, <a href=\"https:\/\/iwell-guard.com\/is\/?page_id=168665\">Y\u016brei<\/a>, <a href=\"https:\/\/iwell-guard.com\/is\/?page_id=168666\">Yuki-onna<\/a>.<\/li><li>Hli\u00f0st\u00e6\u00f0ur: <a href=\"https:\/\/iwell-guard.com\/is\/?page_id=168642\">B\u00faddismi<\/a> (Mara og hellisver\u00f0ir), <a href=\"https:\/\/iwell-guard.com\/is\/?page_id=168643\">K\u00edna<\/a>.<\/li><\/ul>\t\t\t\t\t\t\t\t<\/div>\n\t\t\t\t<\/div>\n\t\t\t\t\t<\/div>\n\t\t\t\t<\/div>\n\t\t<div class=\"elementor-element elementor-element-grl4kl40 e-flex e-con-boxed e-con e-parent\" data-id=\"grl4kl40\" data-element_type=\"container\" data-e-type=\"container\">\n\t\t\t\t\t<div class=\"e-con-inner\">\n\t\t\t\t<div class=\"elementor-element elementor-element-bzsbfrmh elementor-widget elementor-widget-heading\" data-id=\"bzsbfrmh\" data-element_type=\"widget\" data-e-type=\"widget\" data-widget_type=\"heading.default\">\n\t\t\t\t\t<h2 class=\"elementor-heading-title elementor-size-default\">Fr\u00e6\u00f0irit<\/h2>\t\t\t\t<\/div>\n\t\t<div class=\"elementor-element elementor-element-2c13224a e-con-full e-flex e-con e-child\" data-id=\"2c13224a\" data-element_type=\"container\" data-e-type=\"container\">\n\t\t\t\t<div class=\"elementor-element elementor-element-0eymh9ub elementor-widget elementor-widget-text-editor\" data-id=\"0eymh9ub\" data-element_type=\"widget\" data-e-type=\"widget\" data-widget_type=\"text-editor.default\">\n\t\t\t\t\t\t\t\t\t<footer class=\"iwg-literatur\" data-nosnippet=\"true\"><p>\u00de\u00e9ttofi\u00f0 \u00farval helstu verka um tengu:<\/p><ul><li><span data-nosnippet>De Visser, Marinus Willem: <em>The Tengu.<\/em> In: Transactions of the Asiatic Society of Japan 36\/2 (1908), S. 25, 99.<\/span><\/li><li><span data-nosnippet>Wakabayashi, Haruko: <em>The Seven Tengu Scrolls: Evil and the Rhetoric of Legitimacy in Medieval Japanese Buddhism.<\/em> University of Hawai\u02bbi Press, Honolulu 2012.<\/span><\/li><li><span data-nosnippet>Foster, Michael Dylan: <em><a href=\"https:\/\/www.ucpress.edu\/books\/the-book-of-yokai-expanded-second-edition\/paper\" target=\"_blank\" rel=\"noopener noreferrer\">The Book of Y\u014dkai: Mysterious Creatures of Japanese Folklore.<\/a><\/em> University of California Press, Berkeley 2015.<\/span><\/li><li><span data-nosnippet>Komatsu Kazuhiko: <em><a href=\"https:\/\/en.wikipedia.org\/wiki\/Y%C5%8Dkai\" target=\"_blank\" rel=\"noopener noreferrer\">An Introduction to Y\u014dkai Culture.<\/a><\/em> Japan Publishing Industry Foundation for Culture, Tokyo 2017.<\/span><\/li><li><span data-nosnippet>Reider, Noriko T.: <em><a href=\"https:\/\/digitalcommons.usu.edu\/usupress_pubs\/59\/\" target=\"_blank\" rel=\"noopener noreferrer\">Japanese Demon Lore: Oni from Ancient Times to the Present.<\/a><\/em> Utah State University Press, Logan 2010.<\/span><\/li><\/ul><\/footer>\t\t\t\t\t\t\t\t<\/div>\n\t\t\t\t<\/div>\n\t\t\t\t\t<\/div>\n\t\t\t\t<\/div>\n\t\t<div class=\"elementor-element elementor-element-iwgca-tengu-sec e-flex e-con-boxed e-con e-parent\" data-id=\"iwgca-tengu-sec\" data-element_type=\"container\" data-e-type=\"container\" id=\"iwg-ca-tengu\">\n\t\t\t\t\t<div class=\"e-con-inner\">\n\t\t\t\t<div class=\"elementor-element elementor-element-iwgca-tengu-te iwg-ca-textwrap elementor-widget elementor-widget-text-editor\" data-id=\"iwgca-tengu-te\" data-element_type=\"widget\" data-e-type=\"widget\" data-widget_type=\"text-editor.default\">\n\t\t\t\t\t\t\t\t\t<div data-nosnippet=\"true\"><p class=\"iwg-ca-bridge\">Verndarhef\u00f0in sem h\u00e9r er l\u00fdst er tr\u00faars\u00f6gulegt yfirlit yfir s\u00f6guleg fyrirb\u00e6ri. iWell Guard tengist \u00feessari menningars\u00f6gulegu hef\u00f0 verndargripa sem bornir eru \u00e1 l\u00edkamanum og er samt\u00edma\u00fatg\u00e1fa af henni. <a href=\"\/ueber-iwell-guard\/?utm_source=iwell-guard.com&#038;utm_medium=text-link&#038;utm_campaign=schadwesen-tradition\">Meira um iWell Guard \u2192<\/a><\/p><\/div>\t\t\t\t\t\t\t\t<\/div>\n\t\t\t\t\t<\/div>\n\t\t\t\t<\/div>\n\t\t<div class=\"elementor-element elementor-element-649007b e-con-boxed e-flex e-con e-parent\" data-id=\"649007b\" data-element_type=\"container\" data-e-type=\"container\">\n\t\t\t\t\t<div class=\"e-con-inner\">\n\t\t\t\t<div class=\"elementor-element elementor-element-f3bc65a elementor-widget elementor-widget-text-editor\" data-id=\"f3bc65a\" data-element_type=\"widget\" data-e-type=\"widget\" data-widget_type=\"text-editor.default\">\n\t\t\t\t\t\t\t\t\t\n<h2>Algengar spurningar um Tengu<\/h2>\n<div class=\"iwg-faq-q\"><h3>Hva\u00f0 er Tengu \u00ed jap\u00f6nskri <span class=\"iwg-fachbegriff\" data-tooltip=\"Heildarsafn arfleiddra gu\u00f0asagna \u00ed tiltekinni menningu.\" tabindex=\"0\">go\u00f0afr\u00e6\u00f0i<\/span>?<\/h3><p>Tengu eru fjallav\u00e6ttir \u00far jap\u00f6nskri <span class=\"iwg-fachbegriff\" data-tooltip=\"Frumbyggjatr\u00fa Japans, m\u00f3tu\u00f0 af tilbei\u00f0slu kami-anda.\" tabindex=\"0\">Shinto<\/span>-b\u00fadd\u00edskri hef\u00f0, oftast s\u00fdndir sem str\u00ed\u00f0slegar, fuglsl\u00edkar v\u00e6ttir me\u00f0 langt rautt nef e\u00f0a goggi. \u00deeir eru taldir meistarar \u00ed sver\u00f0list og herk\u00e6nsku; margar sam\u00far\u00e6kar go\u00f0s\u00f6gur segja fr\u00e1 sver\u00f0nemum sem l\u00e6r\u00f0u af Tengu \u00ed fjallask\u00f3gum. Tengu eru tv\u00edr\u00e6\u00f0ir a\u00f0 e\u00f0li, \u00fdmist verndarar fjallahelgid\u00f3ma e\u00f0a prakkarar sem straffa hrokafulla munka.<\/p><\/div>\n<div class=\"iwg-faq-q\"><h3>Hva\u00f0 er munurinn \u00e1 Karasu-Tengu og Yamabushi-Tengu?<\/h3><p>Karasu-Tengu (Kr\u00e1ku-Tengu) er eldra formi\u00f0, fuglsl\u00edk v\u00e6ttur me\u00f0 gogg, sv\u00f6rtum fj\u00f6\u00f0rum og kr\u00e1kuv\u00e6ngjum. Yamabushi-Tengu (Fjallaprests-Tengu) er s\u00ed\u00f0ara formi\u00f0, mannlegt \u00ed \u00fatliti, me\u00f0 langt rautt nef, kl\u00e6tt eins og fjalla\u00e1setuma\u00f0ur (Yamabushi-munkur). \u00deessi breyting endurspeglar samruna Tengu-tr\u00faarins og b\u00fadd\u00edskrar \u00e1setuhef\u00f0ar Yamabushi.<\/p><\/div>\n<script type=\"application\/ld+json\">{\"@context\":\"https:\/\/schema.org\",\"@type\":\"FAQPage\",\"mainEntity\":[{\"@type\":\"Question\",\"name\":\"Hva\u00f0 er Tengu \u00ed jap\u00f6nskri go\u00f0afr\u00e6\u00f0i?\",\"acceptedAnswer\":{\"@type\":\"Answer\",\"text\":\"Tengu eru fjallav\u00e6ttir \u00far jap\u00f6nskri Shinto-b\u00fadd\u00edskri hef\u00f0, oftast s\u00fdndir sem str\u00ed\u00f0slegar, fuglsl\u00edkar v\u00e6ttir me\u00f0 langt rautt nef e\u00f0a goggi. \u00deeir eru taldir meistarar \u00ed sver\u00f0list og herk\u00e6nsku; margar sam\u00far\u00e6kar go\u00f0s\u00f6gur segja fr\u00e1 sver\u00f0nemum sem l\u00e6r\u00f0u af Tengu \u00ed fjallask\u00f3gum. Tengu eru tv\u00edr\u00e6\u00f0ir a\u00f0 e\u00f0li, \u00fdmist verndarar fjallahelgid\u00f3ma e\u00f0a prakkarar sem straffa hrokafulla munka.\"}},{\"@type\":\"Question\",\"name\":\"Hva\u00f0 er munurinn \u00e1 Karasu-Tengu og Yamabushi-Tengu?\",\"acceptedAnswer\":{\"@type\":\"Answer\",\"text\":\"Karasu-Tengu (Kr\u00e1ku-Tengu) er eldra formi\u00f0, fuglsl\u00edk v\u00e6ttur me\u00f0 gogg, sv\u00f6rtum fj\u00f6\u00f0rum og kr\u00e1kuv\u00e6ngjum. Yamabushi-Tengu (Fjallaprests-Tengu) er s\u00ed\u00f0ara formi\u00f0, mannlegt \u00ed \u00fatliti, me\u00f0 langt rautt nef, kl\u00e6tt eins og fjalla\u00e1setuma\u00f0ur (Yamabushi-munkur). \u00deessi breyting endurspeglar samruna Tengu-tr\u00faarins og b\u00fadd\u00edskrar \u00e1setuhef\u00f0ar Yamabushi.\"}}]}<\/script>\t\t\t\t\t\t\t\t<\/div>\n\t\t\t\t\t<\/div>\n\t\t\t\t<\/div>\n\t\t\t\t<\/div>\n\t\t","protected":false},"excerpt":{"rendered":"","protected":false},"author":3,"featured_media":1666,"parent":0,"menu_order":0,"comment_status":"closed","ping_status":"closed","template":"elementor_header_footer","meta":{"_yoast_wpseo_focuskw":"Tengu","_yoast_wpseo_title":"Tengu - V\u00e6ngju\u00f0 fjallavera \u00e1 milli go\u00f0s og dj\u00f6fuls","_yoast_wpseo_metadesc":"Tengu, v\u00e6ngju\u00f0 fjallavera \u00e1 milli go\u00f0s og dj\u00f6fuls. Pr\u00f3fari yamabushi-munkanna, langt nef og sta\u00f0a \u00feess innan japanskrar b\u00faddisma.","_yoast_wpseo_meta-robots-noindex":"","_yoast_wpseo_canonical":"","_angie_page":false,"gefaehrdungsstufe":"3","wesen_kultur":"japan","wesen_klasse":"geister","footnotes":""},"categories":[],"class_list":["post-168663","page","type-page","status-publish","has-post-thumbnail","hentry"],"yoast_head":"<!-- This site is optimized with the Yoast SEO Premium plugin v27.7 (Yoast SEO v28.3) - https:\/\/yoast.com\/product\/yoast-seo-premium-wordpress\/ -->\n<title>Tengu - V\u00e6ngju\u00f0 fjallavera \u00e1 milli go\u00f0s og dj\u00f6fuls<\/title>\n<meta name=\"description\" content=\"Tengu, v\u00e6ngju\u00f0 fjallavera \u00e1 milli go\u00f0s og dj\u00f6fuls. Pr\u00f3fari yamabushi-munkanna, langt nef og sta\u00f0a \u00feess innan japanskrar b\u00faddisma.\" \/>\n<meta name=\"robots\" content=\"index, follow, max-snippet:-1, max-image-preview:large, max-video-preview:-1\" \/>\n<link rel=\"canonical\" href=\"https:\/\/iwell-guard.com\/is\/tengu\/\" \/>\n<meta property=\"og:locale\" content=\"is_IS\" \/>\n<meta property=\"og:type\" content=\"article\" \/>\n<meta property=\"og:title\" content=\"Tengu\" \/>\n<meta property=\"og:description\" content=\"Tengu, v\u00e6ngju\u00f0 fjallavera \u00e1 milli go\u00f0s og dj\u00f6fuls. Pr\u00f3fari yamabushi-munkanna, langt nef og sta\u00f0a \u00feess innan japanskrar b\u00faddisma.\" \/>\n<meta property=\"og:url\" content=\"https:\/\/iwell-guard.com\/is\/tengu\/\" \/>\n<meta property=\"og:site_name\" content=\"iWell Guard\" \/>\n<meta property=\"article:modified_time\" content=\"2026-09-05T14:16:16+00:00\" \/>\n<meta property=\"og:image\" content=\"https:\/\/iwell-guard.com\/wp-content\/uploads\/2026\/04\/geister_japan_tengu.webp\" \/>\n\t<meta property=\"og:image:width\" content=\"1024\" \/>\n\t<meta property=\"og:image:height\" content=\"1536\" \/>\n\t<meta property=\"og:image:type\" content=\"image\/webp\" \/>\n<meta name=\"twitter:card\" content=\"summary_large_image\" \/>\n<script type=\"application\/ld+json\" class=\"yoast-schema-graph\">{\"@context\":\"https:\\\/\\\/schema.org\",\"@graph\":[{\"@type\":\"WebPage\",\"@id\":\"https:\\\/\\\/iwell-guard.com\\\/is\\\/tengu\\\/\",\"url\":\"https:\\\/\\\/iwell-guard.com\\\/is\\\/tengu\\\/\",\"name\":\"Tengu - V\u00e6ngju\u00f0 fjallavera \u00e1 milli go\u00f0s og dj\u00f6fuls\",\"isPartOf\":{\"@id\":\"https:\\\/\\\/iwell-guard.com\\\/is\\\/#website\"},\"primaryImageOfPage\":{\"@id\":\"https:\\\/\\\/iwell-guard.com\\\/is\\\/tengu\\\/#primaryimage\"},\"image\":{\"@id\":\"https:\\\/\\\/iwell-guard.com\\\/is\\\/tengu\\\/#primaryimage\"},\"thumbnailUrl\":\"https:\\\/\\\/iwell-guard.com\\\/wp-content\\\/uploads\\\/2026\\\/04\\\/geister_japan_tengu.webp\",\"datePublished\":\"2026-09-05T14:01:59+00:00\",\"dateModified\":\"2026-09-05T14:16:16+00:00\",\"description\":\"Tengu, v\u00e6ngju\u00f0 fjallavera \u00e1 milli go\u00f0s og dj\u00f6fuls. Pr\u00f3fari yamabushi-munkanna, langt nef og sta\u00f0a \u00feess innan japanskrar b\u00faddisma.\",\"breadcrumb\":{\"@id\":\"https:\\\/\\\/iwell-guard.com\\\/is\\\/tengu\\\/#breadcrumb\"},\"inLanguage\":\"is\",\"potentialAction\":[{\"@type\":\"ReadAction\",\"target\":[\"https:\\\/\\\/iwell-guard.com\\\/is\\\/tengu\\\/\"]}]},{\"@type\":\"ImageObject\",\"inLanguage\":\"is\",\"@id\":\"https:\\\/\\\/iwell-guard.com\\\/is\\\/tengu\\\/#primaryimage\",\"url\":\"https:\\\/\\\/iwell-guard.com\\\/wp-content\\\/uploads\\\/2026\\\/04\\\/geister_japan_tengu.webp\",\"contentUrl\":\"https:\\\/\\\/iwell-guard.com\\\/wp-content\\\/uploads\\\/2026\\\/04\\\/geister_japan_tengu.webp\",\"width\":1024,\"height\":1536,\"caption\":\"Andar \u00far jap\u00f6nskri hef\u00f0.\"},{\"@type\":\"BreadcrumbList\",\"@id\":\"https:\\\/\\\/iwell-guard.com\\\/is\\\/tengu\\\/#breadcrumb\",\"itemListElement\":[{\"@type\":\"ListItem\",\"position\":1,\"name\":\"Start\",\"item\":\"https:\\\/\\\/iwell-guard.com\\\/is\\\/?page_id=168580\"},{\"@type\":\"ListItem\",\"position\":2,\"name\":\"Tengu\"}]},{\"@type\":\"WebSite\",\"@id\":\"https:\\\/\\\/iwell-guard.com\\\/is\\\/#website\",\"url\":\"https:\\\/\\\/iwell-guard.com\\\/is\\\/\",\"name\":\"iWell Guard\",\"description\":\"Schutz vor dunklen Einfl\u00fcssen\",\"publisher\":{\"@id\":\"https:\\\/\\\/iwell-guard.com\\\/is\\\/#organization\"},\"potentialAction\":[{\"@type\":\"SearchAction\",\"target\":{\"@type\":\"EntryPoint\",\"urlTemplate\":\"https:\\\/\\\/iwell-guard.com\\\/is\\\/?s={search_term_string}\"},\"query-input\":{\"@type\":\"PropertyValueSpecification\",\"valueRequired\":true,\"valueName\":\"search_term_string\"}}],\"inLanguage\":\"is\"},{\"@type\":\"Organization\",\"@id\":\"https:\\\/\\\/iwell-guard.com\\\/is\\\/#organization\",\"name\":\"Ittermann electronic GmbH\",\"url\":\"https:\\\/\\\/iwell-guard.com\\\/is\\\/\",\"logo\":{\"@type\":\"ImageObject\",\"inLanguage\":\"is\",\"@id\":\"https:\\\/\\\/iwell-guard.com\\\/is\\\/#\\\/schema\\\/logo\\\/image\\\/\",\"url\":\"https:\\\/\\\/iwell-guard.com\\\/wp-content\\\/uploads\\\/2026\\\/05\\\/Ittermann-Logo-1182x237-1.png\",\"contentUrl\":\"https:\\\/\\\/iwell-guard.com\\\/wp-content\\\/uploads\\\/2026\\\/05\\\/Ittermann-Logo-1182x237-1.png\",\"width\":1182,\"height\":237,\"caption\":\"Ittermann electronic GmbH\"},\"image\":{\"@id\":\"https:\\\/\\\/iwell-guard.com\\\/is\\\/#\\\/schema\\\/logo\\\/image\\\/\"},\"sameAs\":[\"https:\\\/\\\/pantip.com\\\/profile\\\/9367242\",\"https:\\\/\\\/micro.blog\\\/iwellguard\",\"https:\\\/\\\/www.diggerslist.com\\\/iwellguard\\\/about\",\"https:\\\/\\\/skitterphoto.com\\\/photographers\\\/2870314\\\/iwell-guard\",\"https:\\\/\\\/iwellguard.wordpress.com\\\/2026\\\/06\\\/06\\\/iwell-guard\\\/\",\"https:\\\/\\\/hub.docker.com\\\/u\\\/iwellguard\",\"https:\\\/\\\/www.pinterest.com\\\/iwellguard\\\/\",\"https:\\\/\\\/bit.ly\\\/m\\\/iwellguard\",\"https:\\\/\\\/entre-vos-mains.alsace.eu\\\/profiles\\\/iwellguard\\\/activity\",\"https:\\\/\\\/gravatar.com\\\/reallybeded8fd34\",\"https:\\\/\\\/naijamatta.com\\\/iwellguard\",\"https:\\\/\\\/www.goodreads.com\\\/iwellguard\",\"https:\\\/\\\/profile.hatena.ne.jp\\\/iwellguard\\\/\",\"https:\\\/\\\/experiment.com\\\/users\\\/iwellguard\",\"https:\\\/\\\/wakelet.com\\\/@iWellGuard82270\",\"https:\\\/\\\/www.chordie.com\\\/forum\\\/profile.php?id=2555664\",\"https:\\\/\\\/www.instapaper.com\\\/p\\\/17757966\",\"https:\\\/\\\/www.mapleprimes.com\\\/users\\\/iwellguard\",\"https:\\\/\\\/businesslistingplus.com\\\/profile\\\/iwell-guard\\\/\",\"https:\\\/\\\/telegra.ph\\\/iWell-Guard-06-06\",\"https:\\\/\\\/pbase.com\\\/iwellguard\\\/iwellguard\",\"https:\\\/\\\/b.hatena.ne.jp\\\/iwellguard\\\/20260607#bookmark-4788405196491818882\",\"https:\\\/\\\/fliphtml5.com\\\/home\\\/iwellguard\",\"https:\\\/\\\/anyflip.com\\\/homepage\\\/cmiwl#About\",\"https:\\\/\\\/transfur.com\\\/Users\\\/iwellguard\",\"http:\\\/\\\/delphi.larsbo.org\\\/user\\\/iwellguard\",\"https:\\\/\\\/jobs.lajobsportal.org\\\/profiles\\\/8380803-iwell-guard\",\"https:\\\/\\\/md.chaosdorf.de\\\/s\\\/jfbe5SBdJD\",\"https:\\\/\\\/www.lingvolive.com\\\/en-us\\\/profile\\\/9ecaeaca-ce11-4e51-9e71-01d55e2bff36\\\/translations\",\"https:\\\/\\\/www.fitday.com\\\/fitness\\\/forums\\\/members\\\/iwellguard.html\",\"https:\\\/\\\/www.mymeetbook.com\\\/iwellguard\",\"https:\\\/\\\/pxhere.com\\\/en\\\/photographer-me\\\/5040798\",\"https:\\\/\\\/disqus.com\\\/by\\\/iwellguard\\\/about\\\/\",\"https:\\\/\\\/pastelink.net\\\/hjwciqwq\",\"https:\\\/\\\/pubhtml5.com\\\/homepage\\\/scjhn\\\/\",\"https:\\\/\\\/www.bitchute.com\\\/channel\\\/2O2eOKzNqujT\",\"https:\\\/\\\/audiomack.com\\\/iwellguard\"]},{\"@type\":\"Article\",\"@id\":\"https:\\\/\\\/iwell-guard.com\\\/is\\\/tengu\\\/#article\",\"isPartOf\":{\"@id\":\"https:\\\/\\\/iwell-guard.com\\\/is\\\/tengu\\\/\"},\"author\":{\"name\":\"Ralf Ittermann\",\"@id\":\"https:\\\/\\\/iwell-guard.com\\\/is\\\/#\\\/schema\\\/person\\\/ee2a27f1cac3406c7c6fb5820cb7349f\"},\"headline\":\"Tengu\",\"datePublished\":\"2026-09-05T14:01:59+00:00\",\"dateModified\":\"2026-09-05T14:16:16+00:00\",\"mainEntityOfPage\":{\"@id\":\"https:\\\/\\\/iwell-guard.com\\\/is\\\/tengu\\\/\"},\"publisher\":{\"@id\":\"https:\\\/\\\/iwell-guard.com\\\/is\\\/#organization\"},\"image\":{\"@id\":\"https:\\\/\\\/iwell-guard.com\\\/is\\\/tengu\\\/#primaryimage\"},\"thumbnailUrl\":\"https:\\\/\\\/iwell-guard.com\\\/wp-content\\\/uploads\\\/2026\\\/04\\\/geister_japan_tengu.webp\",\"inLanguage\":\"is\",\"description\":\"Tengu, v\u00e6ngju\u00f0 fjallavera \u00e1 milli go\u00f0s og dj\u00f6fuls. Pr\u00f3fari yamabushi-munkanna, langt nef og sta\u00f0a \u00feess innan japanskrar b\u00faddisma.\"}]}<\/script>\n<!-- \/ Yoast SEO Premium plugin. -->","yoast_head_json":{"title":"Tengu - V\u00e6ngju\u00f0 fjallavera \u00e1 milli go\u00f0s og dj\u00f6fuls","description":"Tengu, v\u00e6ngju\u00f0 fjallavera \u00e1 milli go\u00f0s og dj\u00f6fuls. Pr\u00f3fari yamabushi-munkanna, langt nef og sta\u00f0a \u00feess innan japanskrar b\u00faddisma.","robots":{"index":"index","follow":"follow","max-snippet":"max-snippet:-1","max-image-preview":"max-image-preview:large","max-video-preview":"max-video-preview:-1"},"canonical":"https:\/\/iwell-guard.com\/is\/tengu\/","og_locale":"is_IS","og_type":"article","og_title":"Tengu","og_description":"Tengu, v\u00e6ngju\u00f0 fjallavera \u00e1 milli go\u00f0s og dj\u00f6fuls. Pr\u00f3fari yamabushi-munkanna, langt nef og sta\u00f0a \u00feess innan japanskrar b\u00faddisma.","og_url":"https:\/\/iwell-guard.com\/is\/tengu\/","og_site_name":"iWell Guard","article_modified_time":"2026-09-05T14:16:16+00:00","og_image":[{"width":1024,"height":1536,"url":"https:\/\/iwell-guard.com\/wp-content\/uploads\/2026\/04\/geister_japan_tengu.webp","type":"image\/webp"}],"twitter_card":"summary_large_image","schema":{"@context":"https:\/\/schema.org","@graph":[{"@type":"Article","@id":"https:\/\/iwell-guard.com\/is\/tengu\/#article","isPartOf":{"@id":"https:\/\/iwell-guard.com\/is\/tengu\/"},"author":{"name":"Ralf Ittermann","@id":"https:\/\/iwell-guard.com\/is\/#\/schema\/person\/ee2a27f1cac3406c7c6fb5820cb7349f"},"headline":"Tengu","datePublished":"2026-09-05T14:01:59+00:00","dateModified":"2026-09-05T14:16:16+00:00","mainEntityOfPage":{"@id":"https:\/\/iwell-guard.com\/is\/tengu\/"},"publisher":{"@id":"https:\/\/iwell-guard.com\/is\/#organization"},"image":{"@id":"https:\/\/iwell-guard.com\/is\/tengu\/#primaryimage"},"thumbnailUrl":"https:\/\/iwell-guard.com\/wp-content\/uploads\/2026\/04\/geister_japan_tengu.webp","inLanguage":"is","description":"Tengu, v\u00e6ngju\u00f0 fjallavera \u00e1 milli go\u00f0s og dj\u00f6fuls. Pr\u00f3fari yamabushi-munkanna, langt nef og sta\u00f0a \u00feess innan japanskrar b\u00faddisma."},{"@type":"WebPage","@id":"https:\/\/iwell-guard.com\/is\/tengu\/","url":"https:\/\/iwell-guard.com\/is\/tengu\/","name":"Tengu - V\u00e6ngju\u00f0 fjallavera \u00e1 milli go\u00f0s og dj\u00f6fuls","isPartOf":{"@id":"https:\/\/iwell-guard.com\/is\/#website"},"primaryImageOfPage":{"@id":"https:\/\/iwell-guard.com\/is\/tengu\/#primaryimage"},"image":{"@id":"https:\/\/iwell-guard.com\/is\/tengu\/#primaryimage"},"thumbnailUrl":"https:\/\/iwell-guard.com\/wp-content\/uploads\/2026\/04\/geister_japan_tengu.webp","datePublished":"2026-09-05T14:01:59+00:00","dateModified":"2026-09-05T14:16:16+00:00","description":"Tengu, v\u00e6ngju\u00f0 fjallavera \u00e1 milli go\u00f0s og dj\u00f6fuls. Pr\u00f3fari yamabushi-munkanna, langt nef og sta\u00f0a \u00feess innan japanskrar b\u00faddisma.","breadcrumb":{"@id":"https:\/\/iwell-guard.com\/is\/tengu\/#breadcrumb"},"inLanguage":"is","potentialAction":[{"@type":"ReadAction","target":["https:\/\/iwell-guard.com\/is\/tengu\/"]}]},{"@type":"ImageObject","inLanguage":"is","@id":"https:\/\/iwell-guard.com\/is\/tengu\/#primaryimage","url":"https:\/\/iwell-guard.com\/wp-content\/uploads\/2026\/04\/geister_japan_tengu.webp","contentUrl":"https:\/\/iwell-guard.com\/wp-content\/uploads\/2026\/04\/geister_japan_tengu.webp","width":1024,"height":1536,"caption":"Andar \u00far jap\u00f6nskri hef\u00f0."},{"@type":"BreadcrumbList","@id":"https:\/\/iwell-guard.com\/is\/tengu\/#breadcrumb","itemListElement":[{"@type":"ListItem","position":1,"name":"Start","item":"https:\/\/iwell-guard.com\/is\/?page_id=168580"},{"@type":"ListItem","position":2,"name":"Tengu"}]},{"@type":"WebSite","@id":"https:\/\/iwell-guard.com\/is\/#website","url":"https:\/\/iwell-guard.com\/is\/","name":"iWell Guard","description":"Schutz vor dunklen Einfl\u00fcssen","publisher":{"@id":"https:\/\/iwell-guard.com\/is\/#organization"},"potentialAction":[{"@type":"SearchAction","target":{"@type":"EntryPoint","urlTemplate":"https:\/\/iwell-guard.com\/is\/?s={search_term_string}"},"query-input":{"@type":"PropertyValueSpecification","valueRequired":true,"valueName":"search_term_string"}}],"inLanguage":"is"},{"@type":"Organization","@id":"https:\/\/iwell-guard.com\/is\/#organization","name":"Ittermann electronic GmbH","url":"https:\/\/iwell-guard.com\/is\/","logo":{"@type":"ImageObject","inLanguage":"is","@id":"https:\/\/iwell-guard.com\/is\/#\/schema\/logo\/image\/","url":"https:\/\/iwell-guard.com\/wp-content\/uploads\/2026\/05\/Ittermann-Logo-1182x237-1.png","contentUrl":"https:\/\/iwell-guard.com\/wp-content\/uploads\/2026\/05\/Ittermann-Logo-1182x237-1.png","width":1182,"height":237,"caption":"Ittermann electronic GmbH"},"image":{"@id":"https:\/\/iwell-guard.com\/is\/#\/schema\/logo\/image\/"},"sameAs":["https:\/\/pantip.com\/profile\/9367242","https:\/\/micro.blog\/iwellguard","https:\/\/www.diggerslist.com\/iwellguard\/about","https:\/\/skitterphoto.com\/photographers\/2870314\/iwell-guard","https:\/\/iwellguard.wordpress.com\/2026\/06\/06\/iwell-guard\/","https:\/\/hub.docker.com\/u\/iwellguard","https:\/\/www.pinterest.com\/iwellguard\/","https:\/\/bit.ly\/m\/iwellguard","https:\/\/entre-vos-mains.alsace.eu\/profiles\/iwellguard\/activity","https:\/\/gravatar.com\/reallybeded8fd34","https:\/\/naijamatta.com\/iwellguard","https:\/\/www.goodreads.com\/iwellguard","https:\/\/profile.hatena.ne.jp\/iwellguard\/","https:\/\/experiment.com\/users\/iwellguard","https:\/\/wakelet.com\/@iWellGuard82270","https:\/\/www.chordie.com\/forum\/profile.php?id=2555664","https:\/\/www.instapaper.com\/p\/17757966","https:\/\/www.mapleprimes.com\/users\/iwellguard","https:\/\/businesslistingplus.com\/profile\/iwell-guard\/","https:\/\/telegra.ph\/iWell-Guard-06-06","https:\/\/pbase.com\/iwellguard\/iwellguard","https:\/\/b.hatena.ne.jp\/iwellguard\/20260607#bookmark-4788405196491818882","https:\/\/fliphtml5.com\/home\/iwellguard","https:\/\/anyflip.com\/homepage\/cmiwl#About","https:\/\/transfur.com\/Users\/iwellguard","http:\/\/delphi.larsbo.org\/user\/iwellguard","https:\/\/jobs.lajobsportal.org\/profiles\/8380803-iwell-guard","https:\/\/md.chaosdorf.de\/s\/jfbe5SBdJD","https:\/\/www.lingvolive.com\/en-us\/profile\/9ecaeaca-ce11-4e51-9e71-01d55e2bff36\/translations","https:\/\/www.fitday.com\/fitness\/forums\/members\/iwellguard.html","https:\/\/www.mymeetbook.com\/iwellguard","https:\/\/pxhere.com\/en\/photographer-me\/5040798","https:\/\/disqus.com\/by\/iwellguard\/about\/","https:\/\/pastelink.net\/hjwciqwq","https:\/\/pubhtml5.com\/homepage\/scjhn\/","https:\/\/www.bitchute.com\/channel\/2O2eOKzNqujT","https:\/\/audiomack.com\/iwellguard"]},{"@type":"Person","@id":"https:\/\/iwell-guard.com\/is\/#\/schema\/person\/ee2a27f1cac3406c7c6fb5820cb7349f","name":"Ralf Ittermann","image":{"@type":"ImageObject","inLanguage":"is","@id":"https:\/\/secure.gravatar.com\/avatar\/073c0153e350a5005b68eb752b445fea71f6b24a26da9449ad7e155e6b446c9d?s=96&d=mm&r=g","url":"https:\/\/secure.gravatar.com\/avatar\/073c0153e350a5005b68eb752b445fea71f6b24a26da9449ad7e155e6b446c9d?s=96&d=mm&r=g","contentUrl":"https:\/\/secure.gravatar.com\/avatar\/073c0153e350a5005b68eb752b445fea71f6b24a26da9449ad7e155e6b446c9d?s=96&d=mm&r=g","caption":"Ralf Ittermann"},"givenName":"Ralf","familyName":"Ittermann","jobTitle":"Gesch\u00e4ftsf\u00fchrer und redaktioneller Verantwortlicher","url":"https:\/\/iwell-guard.com\/is\/author\/claude\/","description":"Ralf Ittermann ist Gesch\u00e4ftsf\u00fchrer der Ittermann electronic GmbH und redaktioneller Verantwortlicher des iWell-Guard-Lexikons. Er verbindet langj\u00e4hrige Erfahrung in der Pr\u00e4zisionsfertigung mit medialer Praxis und religionsgeschichtlicher Quellenarbeit.","worksFor":{"@type":"Organization","name":"Ittermann electronic GmbH","url":"https:\/\/ittermann.de\/","address":{"@type":"PostalAddress","streetAddress":"K\u00f6hlergasse 16-18","postalCode":"99842","addressLocality":"Ruhla","addressCountry":"DE"}},"knowsAbout":["Religionsgeschichte","Mythologie","Mediale Praxis","Energetische Diagnostik","Schutzpraxis","Volksglauben","Westliche Esoterik"]},{"@type":"Article","@id":"https:\/\/iwell-guard.com\/is\/tengu\/#article","isPartOf":{"@id":"https:\/\/iwell-guard.com\/is\/tengu\/"},"author":{"name":"Ralf Ittermann","@id":"https:\/\/iwell-guard.com\/is\/#\/schema\/person\/ee2a27f1cac3406c7c6fb5820cb7349f"},"headline":"Tengu","datePublished":"2026-09-05T14:01:59+00:00","dateModified":"2026-09-05T14:16:16+00:00","mainEntityOfPage":{"@id":"https:\/\/iwell-guard.com\/is\/tengu\/"},"publisher":{"@id":"https:\/\/iwell-guard.com\/is\/#organization"},"image":{"@id":"https:\/\/iwell-guard.com\/is\/tengu\/#primaryimage"},"thumbnailUrl":"https:\/\/iwell-guard.com\/wp-content\/uploads\/2026\/04\/geister_japan_tengu.webp","inLanguage":"is","description":"Tengu, v\u00e6ngju\u00f0 fjallavera \u00e1 milli go\u00f0s og dj\u00f6fuls. Pr\u00f3fari yamabushi-munkanna, langt nef og sta\u00f0a \u00feess innan japanskrar b\u00faddisma."}]}},"_links":{"self":[{"href":"https:\/\/iwell-guard.com\/is\/wp-json\/wp\/v2\/pages\/168663","targetHints":{"allow":["GET"]}}],"collection":[{"href":"https:\/\/iwell-guard.com\/is\/wp-json\/wp\/v2\/pages"}],"about":[{"href":"https:\/\/iwell-guard.com\/is\/wp-json\/wp\/v2\/types\/page"}],"author":[{"embeddable":true,"href":"https:\/\/iwell-guard.com\/is\/wp-json\/wp\/v2\/users\/3"}],"replies":[{"embeddable":true,"href":"https:\/\/iwell-guard.com\/is\/wp-json\/wp\/v2\/comments?post=168663"}],"version-history":[{"count":0,"href":"https:\/\/iwell-guard.com\/is\/wp-json\/wp\/v2\/pages\/168663\/revisions"}],"wp:featuredmedia":[{"embeddable":true,"href":"https:\/\/iwell-guard.com\/is\/wp-json\/wp\/v2\/media\/1666"}],"wp:attachment":[{"href":"https:\/\/iwell-guard.com\/is\/wp-json\/wp\/v2\/media?parent=168663"}],"wp:term":[{"taxonomy":"category","embeddable":true,"href":"https:\/\/iwell-guard.com\/is\/wp-json\/wp\/v2\/categories?post=168663"}],"curies":[{"name":"wp","href":"https:\/\/api.w.org\/{rel}","templated":true}]}}