{"id":168640,"date":"2026-09-05T14:01:47","date_gmt":"2026-09-05T14:01:47","guid":{"rendered":"https:\/\/iwell-guard.com\/?page_id=168640"},"modified":"2026-09-05T14:15:43","modified_gmt":"2026-09-05T14:15:43","slug":"upyr","status":"publish","type":"page","link":"https:\/\/iwell-guard.com\/is\/upyr\/","title":{"rendered":"Upyr"},"content":{"rendered":"\t\t<div data-elementor-type=\"wp-page\" data-elementor-id=\"168640\" class=\"elementor elementor-168640 elementor-1042\" data-elementor-post-type=\"page\">\n\t\t\t\t<div class=\"elementor-element elementor-element-10fdade e-flex e-con-boxed e-con e-parent\" data-id=\"10fdade\" data-element_type=\"container\" data-e-type=\"container\" data-settings=\"{&quot;background_background&quot;:&quot;classic&quot;}\">\n\t\t\t\t\t<div class=\"e-con-inner\">\n\t\t<div class=\"elementor-element elementor-element-herohlft0 e-flex e-con-boxed e-con e-child\" data-id=\"herohlft0\" data-element_type=\"container\" data-e-type=\"container\">\n\t\t\t\t\t<div class=\"e-con-inner\">\n\t\t<div class=\"elementor-element elementor-element-c3ceb64 e-con-full e-flex e-con e-child\" data-id=\"c3ceb64\" data-element_type=\"container\" data-e-type=\"container\">\n\t\t\t\t<div class=\"elementor-element elementor-element-96ae5e1 elementor-widget elementor-widget-heading\" data-id=\"96ae5e1\" data-element_type=\"widget\" data-e-type=\"widget\" data-widget_type=\"heading.default\">\n\t\t\t\t\t<h1 class=\"elementor-heading-title elementor-size-default\">Upyr, dj\u00f6full \u00far slavneskri hef\u00f0<\/h1>\t\t\t\t<\/div>\n\t\t\t\t<div class=\"elementor-element elementor-element-e45238a elementor-widget elementor-widget-text-editor\" data-id=\"e45238a\" data-element_type=\"widget\" data-e-type=\"widget\" data-widget_type=\"text-editor.default\">\n\t\t\t\t\t\t\t\t\t<p>Upyr er <span class=\"iwg-fachbegriff\" data-tooltip=\"Andlegt vera sem er eignu\u00f0 ska\u00f0leg e\u00f0a tv\u00edbent \u00e1hrif.\" tabindex=\"0\">dj\u00f6full<\/span> \u00far slavneskri hef\u00f0.<\/p><p><strong>Hinn slavneski afturg\u00f6nguma\u00f0ur, forfa\u00f0ir hinnar n\u00fat\u00edmalegu vamp\u00edruger\u00f0ar.<\/strong><\/p>\t\t\t\t\t\t\t\t<\/div>\n\t\t\t\t<\/div>\n\t\t<div class=\"elementor-element elementor-element-klsbdg01 e-con-full e-flex e-con e-parent\" data-id=\"klsbdg01\" data-element_type=\"container\" data-e-type=\"container\">\n\t\t\t\t<div class=\"elementor-element elementor-element-klshtm01 elementor-widget elementor-widget-html\" data-id=\"klshtm01\" data-element_type=\"widget\" data-e-type=\"widget\" data-widget_type=\"html.default\">\n\t\t\t\t\t<div class=\"iwg-pill-row\"><span class=\"iwg-klasse-badge\" tabindex=\"0\" data-tooltip=\"Dj\u00f6full \/ dj\u00f6flynja: Yfirn\u00e1tt\u00farleg vera sem oftast hefur ska\u00f0leg e\u00f0a tv\u00edbent \u00e1hrif. Stendur milli gu\u00f0a og manna, veldur sj\u00fakd\u00f3mum, t\u00e6lingu e\u00f0a \u00f3l\u00e1ni og er hrakin \u00e1 brott me\u00f0 \u00e1kalli, verndargripum og si\u00f0um.\">Dj\u00f6full<\/span><a href=\"https:\/\/iwell-guard.com\/is\/?page_id=168616\" class=\"iwg-kultur-badge\" tabindex=\"0\" data-tooltip=\"Slavnesk go\u00f0afr\u00e6\u00f0i og \u00fej\u00f3\u00f0tr\u00fa, kristnu\u00f0 fr\u00e1 10. \u00f6ld.\">Slavneskt<\/a><\/div>\t\t\t\t<\/div>\n\t\t\t\t<\/div>\n\t\t<div class=\"elementor-element elementor-element-3f74855 e-con-full e-flex e-con e-child\" data-id=\"3f74855\" data-element_type=\"container\" data-e-type=\"container\">\n\t\t\t\t<div class=\"elementor-element elementor-element-1c30362 elementor-toc--minimized-on-tablet elementor-widget elementor-widget-table-of-contents\" data-id=\"1c30362\" data-element_type=\"widget\" data-e-type=\"widget\" data-settings=\"{&quot;exclude_headings_by_selector&quot;:[],&quot;no_headings_message&quot;:&quot;Engar undirfyrirsagnir fundust \\u00e1 \\u00feessari s\\u00ed\\u00f0u.&quot;,&quot;headings_by_tags&quot;:[&quot;h2&quot;,&quot;h3&quot;],&quot;marker_view&quot;:&quot;bullets&quot;,&quot;icon&quot;:{&quot;value&quot;:&quot;fas fa-circle&quot;,&quot;library&quot;:&quot;fa-solid&quot;,&quot;rendered_tag&quot;:&quot;&lt;svg class=\\&quot;e-font-icon-svg e-fas-circle\\&quot; viewBox=\\&quot;0 0 512 512\\&quot; xmlns=\\&quot;http:\\\/\\\/www.w3.org\\\/2000\\\/svg\\&quot;&gt;&lt;path d=\\&quot;M256 8C119 8 8 119 8 256s111 248 248 248 248-111 248-248S393 8 256 8z\\&quot;&gt;&lt;\\\/path&gt;&lt;\\\/svg&gt;&quot;},&quot;minimize_box&quot;:&quot;yes&quot;,&quot;minimized_on&quot;:&quot;tablet&quot;,&quot;hierarchical_view&quot;:&quot;yes&quot;,&quot;min_height&quot;:{&quot;unit&quot;:&quot;px&quot;,&quot;size&quot;:&quot;&quot;,&quot;sizes&quot;:[]},&quot;min_height_tablet&quot;:{&quot;unit&quot;:&quot;px&quot;,&quot;size&quot;:&quot;&quot;,&quot;sizes&quot;:[]},&quot;min_height_mobile&quot;:{&quot;unit&quot;:&quot;px&quot;,&quot;size&quot;:&quot;&quot;,&quot;sizes&quot;:[]}}\" data-widget_type=\"table-of-contents.default\">\n\t\t\t\t\t\t\t\t\t<div class=\"elementor-toc__header\">\n\t\t\t\t\t\t<h2 class=\"elementor-toc__header-title\">\n\t\t\t\tEfnisyfirlit\t\t\t<\/h2>\n\t\t\t\t\t\t\t\t\t\t<div class=\"elementor-toc__toggle-button elementor-toc__toggle-button--expand\" role=\"button\" tabindex=\"0\" aria-controls=\"elementor-toc__1c30362\" aria-expanded=\"true\" aria-label=\"Open table of contents\"><svg aria-hidden=\"true\" class=\"e-font-icon-svg e-fas-chevron-down\" viewBox=\"0 0 448 512\" xmlns=\"http:\/\/www.w3.org\/2000\/svg\"><path d=\"M207.029 381.476L12.686 187.132c-9.373-9.373-9.373-24.569 0-33.941l22.667-22.667c9.357-9.357 24.522-9.375 33.901-.04L224 284.505l154.745-154.021c9.379-9.335 24.544-9.317 33.901.04l22.667 22.667c9.373 9.373 9.373 24.569 0 33.941L240.971 381.476c-9.373 9.372-24.569 9.372-33.942 0z\"><\/path><\/svg><\/div>\n\t\t\t\t<div class=\"elementor-toc__toggle-button elementor-toc__toggle-button--collapse\" role=\"button\" tabindex=\"0\" aria-controls=\"elementor-toc__1c30362\" aria-expanded=\"true\" aria-label=\"Close table of contents\"><svg aria-hidden=\"true\" class=\"e-font-icon-svg e-fas-chevron-up\" viewBox=\"0 0 448 512\" xmlns=\"http:\/\/www.w3.org\/2000\/svg\"><path d=\"M240.971 130.524l194.343 194.343c9.373 9.373 9.373 24.569 0 33.941l-22.667 22.667c-9.357 9.357-24.522 9.375-33.901.04L224 227.495 69.255 381.516c-9.379 9.335-24.544 9.317-33.901-.04l-22.667-22.667c-9.373-9.373-9.373-24.569 0-33.941L207.03 130.525c9.372-9.373 24.568-9.373 33.941-.001z\"><\/path><\/svg><\/div>\n\t\t\t\t\t<\/div>\n\t\t\t\t<div id=\"elementor-toc__1c30362\" class=\"elementor-toc__body\">\n\t\t\t<div class=\"elementor-toc__spinner-container\">\n\t\t\t\t<svg class=\"elementor-toc__spinner eicon-animation-spin e-font-icon-svg e-eicon-loading\" aria-hidden=\"true\" viewBox=\"0 0 1000 1000\" xmlns=\"http:\/\/www.w3.org\/2000\/svg\"><path d=\"M500 975V858C696 858 858 696 858 500S696 142 500 142 142 304 142 500H25C25 237 238 25 500 25S975 237 975 500 763 975 500 975Z\"><\/path><\/svg>\t\t\t<\/div>\n\t\t<\/div>\n\t\t\t\t\t\t<\/div>\n\t\t\t\t<\/div>\n\t\t\t\t\t<\/div>\n\t\t\t\t<\/div>\n\t\t<div class=\"elementor-element elementor-element-herorght0 e-con-full e-flex e-con e-child\" data-id=\"herorght0\" data-element_type=\"container\" data-e-type=\"container\">\n\t\t\t\t<div class=\"elementor-element elementor-element-heroimg00 iwg-hero-image elementor-widget elementor-widget-image\" data-id=\"heroimg00\" data-element_type=\"widget\" data-e-type=\"widget\" data-widget_type=\"image.default\">\n\t\t\t\t\t\t\t\t\t\t\t\t\t\t\t<img fetchpriority=\"high\" decoding=\"async\" width=\"683\" height=\"1024\" src=\"https:\/\/iwell-guard.com\/wp-content\/uploads\/2026\/04\/daemonen_slawisch_upyr-683x1024.webp\" class=\"attachment-large size-large wp-image-170988\" alt=\"Upyr - Dj\u00f6flar \u00far slavneskri hef\u00f0, s\u00f6guleg myndskreyting\" srcset=\"https:\/\/iwell-guard.com\/wp-content\/uploads\/2026\/04\/daemonen_slawisch_upyr-683x1024.webp 683w, https:\/\/iwell-guard.com\/wp-content\/uploads\/2026\/04\/daemonen_slawisch_upyr-200x300.webp 200w, https:\/\/iwell-guard.com\/wp-content\/uploads\/2026\/04\/daemonen_slawisch_upyr-768x1152.webp 768w, https:\/\/iwell-guard.com\/wp-content\/uploads\/2026\/04\/daemonen_slawisch_upyr.webp 1024w\" sizes=\"(max-width: 683px) 100vw, 683px\" \/>\t\t\t\t\t\t\t\t\t\t\t\t\t\t\t<\/div>\n\t\t\t\t<\/div>\n\t\t\t\t\t<\/div>\n\t\t\t\t<\/div>\n\t\t<div class=\"elementor-element elementor-element-32917199 e-flex e-con-boxed e-con e-parent\" data-id=\"32917199\" data-element_type=\"container\" data-e-type=\"container\">\n\t\t\t\t\t<div class=\"e-con-inner\">\n\t\t<div class=\"elementor-element elementor-element-26e916cb e-flex e-con-boxed e-con e-child\" data-id=\"26e916cb\" data-element_type=\"container\" data-e-type=\"container\">\n\t\t\t\t\t<div class=\"e-con-inner\">\n\t\t<div class=\"elementor-element elementor-element-253a40d4 e-flex e-con-boxed e-con e-child\" data-id=\"253a40d4\" data-element_type=\"container\" data-e-type=\"container\">\n\t\t\t\t\t<div class=\"e-con-inner\">\n\t\t\t\t<div class=\"elementor-element elementor-element-1200c304 elementor-widget elementor-widget-heading\" data-id=\"1200c304\" data-element_type=\"widget\" data-e-type=\"widget\" data-widget_type=\"heading.default\">\n\t\t\t\t\t<h2 class=\"elementor-heading-title elementor-size-default\">Upyr<\/h2>\t\t\t\t<\/div>\n\t\t\t\t<div class=\"elementor-element elementor-element-11758e7f elementor-widget elementor-widget-text-editor\" data-id=\"11758e7f\" data-element_type=\"widget\" data-e-type=\"widget\" data-widget_type=\"text-editor.default\">\n\t\t\t\t\t\t\t\t\t<p>Upyr er hin mi\u00f0l\u00e6ga afturg\u00f6ngumynd slavneskrar <span class=\"iwg-fachbegriff\" data-tooltip=\"Arfleidd \u00fej\u00f3\u00f0menning me\u00f0 si\u00f0um, s\u00f6gum og s\u00f6ngvum.\" tabindex=\"0\">\u00fej\u00f3\u00f0tr\u00fa<\/span>, og bein s\u00f6guleg forsenda n\u00fat\u00edmalegrar vamp\u00edruger\u00f0ar. Hinn l\u00e1tni sem r\u00eds \u00far gr\u00f6f sinni, s\u00fdgur bl\u00f3\u00f0 hinna lifandi, gengur fyrst \u00e1 s\u00edna eigin fj\u00f6lskyldu og s\u00ed\u00f0an \u00e1 \u00feorpi\u00f0, og ver\u00f0ur a\u00f0eins jar\u00f0a\u00f0ur endanlega me\u00f0 s\u00e9rst\u00f6kum si\u00f0um.<\/p><p>\u00d3l\u00edkt norr\u00e6num draugi er upyr hreyfanlegri, r\u00e6\u00f0st \u00e1 n\u00e6turnar og getur fari\u00f0 frj\u00e1lst um utan kirkjugar\u00f0sins.<\/p><p>Slavneska upyr-hef\u00f0in er mi\u00f0l\u00e6g fyrir evr\u00f3pska vamp\u00edrus\u00f6gu. \u00cd gegnum fer\u00f0afr\u00e1sagnir fr\u00e1 Balkanskaga \u00e1 18. \u00f6ld (Johann Fl\u00fcckinger 1732, austurr\u00edska Arnod Paole-m\u00e1li\u00f0) ver\u00f0ur fyrirb\u00e6ri\u00f0 kunnugt \u00ed Vestur-Evr\u00f3pu.<\/p><p>\u00dar \u00fev\u00ed \u00fer\u00f3ast n\u00fat\u00edma vamp\u00edrub\u00f3kmenntir \u00ed gegnum Polidori, Le Fanu og Bram Stoker. Sv\u00e6\u00f0isbundin afbrig\u00f0i: austurslavneskt <em>Upyr<\/em>, p\u00f3lskt <em>Upi\u00f3r<\/em>, r\u00famenskt <em>Strigoi<\/em>, su\u00f0urslavneskt <em>Vukodlak<\/em>, <em>Vlkodlak<\/em>.<\/p>\t\t\t\t\t\t\t\t<\/div>\n\t\t\t\t\t<\/div>\n\t\t\t\t<\/div>\n\t\t<div class=\"elementor-element elementor-element-159dcf9a e-flex e-con-boxed e-con e-child\" data-id=\"159dcf9a\" data-element_type=\"container\" data-e-type=\"container\">\n\t\t\t\t\t<div class=\"e-con-inner\">\n\t\t\t\t<div class=\"elementor-element elementor-element-48cee66f elementor-widget elementor-widget-heading\" data-id=\"48cee66f\" data-element_type=\"widget\" data-e-type=\"widget\" data-widget_type=\"heading.default\">\n\t\t\t\t\t<h2 class=\"elementor-heading-title elementor-size-default\">Flj\u00f3tlegt yfirlit: Upyr<\/h2>\t\t\t\t<\/div>\n\t\t\t\t<div class=\"elementor-element elementor-element-3f50d82c elementor-widget elementor-widget-text-editor\" data-id=\"3f50d82c\" data-element_type=\"widget\" data-e-type=\"widget\" data-widget_type=\"text-editor.default\">\n\t\t\t\t\t\t\t\t\t<p><strong>Tegund:<\/strong> Slavneskur afturg\u00f6nguma\u00f0ur, forveri vamp\u00edru<br>Uppruni: \u00d3sk\u00edr\u00f0ir, \u00feeir sem d\u00f3u af eigin hendi, form\u00e6lt, \u00fatsk\u00fafu\u00f0 dau\u00f0<br>Textar: slavnesk kirkjuskj\u00f6l (fr\u00e1 11. \u00f6ld), Balkanskagafr\u00e1sagnir 18. \u00f6ld, Karad\u017ei\u0107<br>T\u00edmabil: mi\u00f0aldir til n\u00fat\u00ed\u00f0ar<br>V\u00f6rn: espistafur, afhausun, brennsla<\/p>\t\t\t\t\t\t\t\t<\/div>\n\t\t\t\t\t<\/div>\n\t\t\t\t<\/div>\n\t\t\t\t\t<\/div>\n\t\t\t\t<\/div>\n\t\t\t\t\t<\/div>\n\t\t\t\t<\/div>\n\t\t<div class=\"elementor-element elementor-element-18613602 e-flex e-con-boxed e-con e-parent\" data-id=\"18613602\" data-element_type=\"container\" data-e-type=\"container\">\n\t\t\t\t\t<div class=\"e-con-inner\">\n\t\t\t\t<div class=\"elementor-element elementor-element-262b8a9f elementor-widget elementor-widget-heading\" data-id=\"262b8a9f\" data-element_type=\"widget\" data-e-type=\"widget\" data-widget_type=\"heading.default\">\n\t\t\t\t\t<h2 class=\"elementor-heading-title elementor-size-default\">Samhengi<\/h2>\t\t\t\t<\/div>\n\t\t<div class=\"elementor-element elementor-element-46dcb7d e-con-full e-flex e-con e-child\" data-id=\"46dcb7d\" data-element_type=\"container\" data-e-type=\"container\">\n\t\t<div class=\"elementor-element elementor-element-61d3ab3 e-flex e-con-boxed e-con e-child\" data-id=\"61d3ab3\" data-element_type=\"container\" data-e-type=\"container\">\n\t\t\t\t\t<div class=\"e-con-inner\">\n\t\t\t\t<div class=\"elementor-element elementor-element-117c166 elementor-widget elementor-widget-heading\" data-id=\"117c166\" data-element_type=\"widget\" data-e-type=\"widget\" data-widget_type=\"heading.default\">\n\t\t\t\t\t<div class=\"elementor-heading-title elementor-size-default\">T\u00edmabil textanna<\/div>\t\t\t\t<\/div>\n\t\t\t\t<div class=\"elementor-element elementor-element-73997a0 elementor-widget elementor-widget-text-editor\" data-id=\"73997a0\" data-element_type=\"widget\" data-e-type=\"widget\" data-widget_type=\"text-editor.default\">\n\t\t\t\t\t\t\t\t\t<p><span data-nosnippet>Fyrstu skriflegu v\u00edsbendingar \u00ed slavneskum kirkjuskj\u00f6lum fr\u00e1 11. \u00f6ld. R\u00edkar fr\u00e1sagnir \u00e1 18. \u00f6ld (Fl\u00fcckinger 1732 um Arnod Paole; frekari habsborgarranns\u00f3knir). B\u00f3kmenntaleg vi\u00f0taka: Polidori 1819, Le Fanu 1872, Stoker 1897. N\u00fat\u00edmaranns\u00f3knir: Paul Barber, Agnes Murgoci.<\/span><\/p>\t\t\t\t\t\t\t\t<\/div>\n\t\t\t\t\t<\/div>\n\t\t\t\t<\/div>\n\t\t<div class=\"elementor-element elementor-element-d47b156 e-flex e-con-boxed e-con e-child\" data-id=\"d47b156\" data-element_type=\"container\" data-e-type=\"container\">\n\t\t\t\t\t<div class=\"e-con-inner\">\n\t\t\t\t<div class=\"elementor-element elementor-element-ff38c2b elementor-widget elementor-widget-heading\" data-id=\"ff38c2b\" data-element_type=\"widget\" data-e-type=\"widget\" data-widget_type=\"heading.default\">\n\t\t\t\t\t<div class=\"elementor-heading-title elementor-size-default\">\u00datbrei\u00f0slusv\u00e6\u00f0i<\/div>\t\t\t\t<\/div>\n\t\t\t\t<div class=\"elementor-element elementor-element-4e49fcc elementor-widget elementor-widget-text-editor\" data-id=\"4e49fcc\" data-element_type=\"widget\" data-e-type=\"widget\" data-widget_type=\"text-editor.default\">\n\t\t\t\t\t\t\t\t\t<p>Slavneskt menningarsv\u00e6\u00f0i fr\u00e1 R\u00fasslandi til Balkanskaga, me\u00f0 s\u00e9rstaklega r\u00edka <span class=\"iwg-fachbegriff\" data-tooltip=\"Mi\u00f0lun \u00feekkingar og sagna kynsl\u00f3\u00f0 fram af kynsl\u00f3\u00f0.\" tabindex=\"0\">munnlega arfleif\u00f0<\/span> \u00ed Serb\u00edu, B\u00falgar\u00edu, R\u00famen\u00edu (Strigoi), P\u00f3llandi. \u00cd gegnum habsborgarlega n\u00fdlendustefnu og b\u00f3kmenntalega vi\u00f0t\u00f6ku barst h\u00fan til Vestur-Evr\u00f3pu og v\u00ed\u00f0ar um heim.<\/p>\t\t\t\t\t\t\t\t<\/div>\n\t\t\t\t\t<\/div>\n\t\t\t\t<\/div>\n\t\t\t\t<\/div>\n\t\t<div class=\"elementor-element elementor-element-db03c39 e-con-full e-flex e-con e-child\" data-id=\"db03c39\" data-element_type=\"container\" data-e-type=\"container\">\n\t\t<div class=\"elementor-element elementor-element-229a87b e-flex e-con-boxed e-con e-child\" data-id=\"229a87b\" data-element_type=\"container\" data-e-type=\"container\">\n\t\t\t\t\t<div class=\"e-con-inner\">\n\t\t\t\t<div class=\"elementor-element elementor-element-1f471fc elementor-widget elementor-widget-heading\" data-id=\"1f471fc\" data-element_type=\"widget\" data-e-type=\"widget\" data-widget_type=\"heading.default\">\n\t\t\t\t\t<div class=\"elementor-heading-title elementor-size-default\">Heimildasta\u00f0a<\/div>\t\t\t\t<\/div>\n\t\t\t\t<div class=\"elementor-element elementor-element-36b1201 elementor-widget elementor-widget-text-editor\" data-id=\"36b1201\" data-element_type=\"widget\" data-e-type=\"widget\" data-widget_type=\"text-editor.default\">\n\t\t\t\t\t\t\t\t\t<p><span data-nosnippet>Slavnesk kirkjuskj\u00f6l, habsborgarleg uppgr\u00f6ftur- og sko\u00f0unarskj\u00f6l (18. \u00f6ld), Vuk Karad\u017ei\u0107 <em>Srpski rje\u010dnik<\/em> (1818), Agnes Murgoci \u201eThe Vampire in Roumania&#8220; (1926), Paul Barber <em>Vampires, Burial, and Death<\/em> (1988), n\u00fat\u00edma balkanskur og slavneskur \u00fej\u00f3\u00f0fr\u00e6\u00f0iranns\u00f3knir.<\/span><\/p>\t\t\t\t\t\t\t\t<\/div>\n\t\t\t\t\t<\/div>\n\t\t\t\t<\/div>\n\t\t\t\t<\/div>\n\t\t\t\t\t<\/div>\n\t\t\t\t<\/div>\n\t\t<div class=\"elementor-element elementor-element-3ae0637c e-flex e-con-boxed e-con e-parent\" data-id=\"3ae0637c\" data-element_type=\"container\" data-e-type=\"container\">\n\t\t\t\t\t<div class=\"e-con-inner\">\n\t\t\t\t<div class=\"elementor-element elementor-element-31d07739 elementor-widget elementor-widget-heading\" data-id=\"31d07739\" data-element_type=\"widget\" data-e-type=\"widget\" data-widget_type=\"heading.default\">\n\t\t\t\t\t<h2 class=\"elementor-heading-title elementor-size-default\">Nafn og afbrig\u00f0i<\/h2>\t\t\t\t<\/div>\n\t\t<div class=\"elementor-element elementor-element-b7642947 e-con-full e-flex e-con e-child\" data-id=\"b7642947\" data-element_type=\"container\" data-e-type=\"container\">\n\t\t\t\t<div class=\"elementor-element elementor-element-a086266 elementor-widget elementor-widget-text-editor\" data-id=\"a086266\" data-element_type=\"widget\" data-e-type=\"widget\" data-widget_type=\"text-editor.default\">\n\t\t\t\t\t\t\t\t\t<p><strong>R\u00fassneska:<\/strong> <em>Upyr<\/em> (\u0423\u043f\u044b\u0440\u044c).<br>P\u00f3lska: <em>Upi\u00f3r<\/em>, <em>W\u0105pierz<\/em>.<br>T\u00e9kkneska\/sl\u00f3vak\u00edska: <em>Up\u00edr<\/em>.<br>R\u00famenska: <em>Strigoi<\/em> (\u00far lat\u00ednu <em>strix<\/em>, ekki slavneskt en \u00ed sama merkingarsvi\u00f0i).<br>Su\u00f0urslavneskt: <em>Vukodlak<\/em>, <em>Vlkodlak<\/em>; serbneska einnig <em>Vampir<\/em>, upprunaor\u00f0 hins al\u00fej\u00f3\u00f0lega kunna hugtaks.<br>\u00dakra\u00ednska: <em>Upyr<\/em>.<\/p><p>Serbneska formi\u00f0 <em>Vampir<\/em> kemur fram \u00ed habsborgarlegum skj\u00f6lum 18. aldar og brei\u00f0ist \u00fea\u00f0an \u00fat um heiminn \u00ed gegnum austurr\u00edska og \u00fe\u00fdska fj\u00f6lmi\u00f0la. Greinin \u201eVampyr&#8220; \u00ed franska Tr\u00e9voux-or\u00f0ab\u00f3kinni (1721) er fyrsta heimild um or\u00f0i\u00f0 sem s\u00ed\u00f0ar festist \u00ed al\u00fej\u00f3\u00f0am\u00e1li.<\/p>\t\t\t\t\t\t\t\t<\/div>\n\t\t\t\t<\/div>\n\t\t\t\t\t<\/div>\n\t\t\t\t<\/div>\n\t\t<div class=\"elementor-element elementor-element-709a44a8 e-flex e-con-boxed e-con e-parent\" data-id=\"709a44a8\" data-element_type=\"container\" data-e-type=\"container\">\n\t\t\t\t\t<div class=\"e-con-inner\">\n\t\t\t\t<div class=\"elementor-element elementor-element-2f585873 elementor-widget elementor-widget-heading\" data-id=\"2f585873\" data-element_type=\"widget\" data-e-type=\"widget\" data-widget_type=\"heading.default\">\n\t\t\t\t\t<h2 class=\"elementor-heading-title elementor-size-default\">L\u00fdsing<\/h2>\t\t\t\t<\/div>\n\t\t<div class=\"elementor-element elementor-element-70621c12 e-con-full e-flex e-con e-child\" data-id=\"70621c12\" data-element_type=\"container\" data-e-type=\"container\">\n\t\t\t\t<div class=\"elementor-element elementor-element-4296eb49 elementor-widget elementor-widget-text-editor\" data-id=\"4296eb49\" data-element_type=\"widget\" data-e-type=\"widget\" data-widget_type=\"text-editor.default\">\n\t\t\t\t\t\t\t\t\t<p><strong>\u00c1s\u00fdnd<\/strong><\/p><p>Eftir uppgr\u00f6ft \u00e1berandi ferskur: rautt andlit, \u00f3klofna\u00f0 bl\u00f3\u00f0 \u00ed hjartanu, vaxnar neglur og h\u00e1r, munnur smur\u00f0ur bl\u00f3\u00f0i. \u00dej\u00f3\u00f0fr\u00e6\u00f0ilega au\u00f0skiljanlegt \u00fat fr\u00e1 n\u00e1tt\u00farlegum rotnunarferlum; fyrir samt\u00edmamenn s\u00f6nnun um vamp\u00edruvirkni. \u00cd n\u00e6turvirkni: d\u00f6kk vera, sums sta\u00f0ar \u00ed d\u00fdrsl\u00edki (\u00falfur, hundur), sums sta\u00f0ar sem \u00feoka.<\/p><p><strong>Heg\u00f0un<\/strong><\/p><p>Yfirgefur gr\u00f6f s\u00edna \u00e1 n\u00f3ttunni, r\u00e6\u00f0st fyrst \u00e1 fj\u00f6lskyldume\u00f0limi (\u00feess vegna \u201efyrst \u00e1 s\u00edna eigin fj\u00f6lskyldu\u201c), s\u00ed\u00f0an \u00e1 \u00feorpi\u00f0. S\u00fdgur bl\u00f3\u00f0, veldur \u00f6rm\u00f6gnun, sj\u00fakd\u00f3mum, dau\u00f0a. S\u00e1 sem deyr af biti upyr ver\u00f0ur sj\u00e1lfur upyr. \u00deorp sem lenda \u00ed upyr-hremmingum \u00fej\u00e1st af hreinum dau\u00f0abylgjum.<\/p><p><strong>Verkunarsvi\u00f0<\/strong><\/p><p>Eigi\u00f0 \u00feorp og n\u00e1l\u00e6g sv\u00e6\u00f0i. Getur sums sta\u00f0ar fari\u00f0 lengra, \u00feegar sv\u00e6\u00f0i\u00f0 t\u00e6mist. S\u00e9rstaklega virkur \u00e1 ja\u00f0ard\u00f6gum (Jurjevden, j\u00f3lum, \u00ferett\u00e1ndanum).<\/p><p><strong>Go\u00f0fr\u00e6\u00f0ileg skilgreining<\/strong><\/p><p>Samkv\u00e6mt \u00fej\u00f3\u00f0tr\u00fa ver\u00f0ur ma\u00f0ur upyr sem deyr \u00f3sk\u00edr\u00f0ur, af eigin hendi, \u00fatsk\u00fafa\u00f0ur, form\u00e6ltur e\u00f0a sem galdranorn. Einnig taldir \u00ed h\u00e6ttu \u00feeir sem f\u00e6\u00f0ast me\u00f0 \u201etv\u00f6 hj\u00f6rtu\u201c e\u00f0a \u201etv\u00e6r s\u00e1lir\u201c. \u00der\u00f3unin fr\u00e1 slavneskum afturg\u00f6ngumanni til n\u00fat\u00edma vamp\u00edru gerist \u00e1 \u00f6ldum.<\/p>\t\t\t\t\t\t\t\t<\/div>\n\t\t\t\t<\/div>\n\t\t\t\t\t<\/div>\n\t\t\t\t<\/div>\n\t\t<div class=\"elementor-element elementor-element-44e71476 e-flex e-con-boxed e-con e-parent\" data-id=\"44e71476\" data-element_type=\"container\" data-e-type=\"container\">\n\t\t\t\t\t<div class=\"e-con-inner\">\n\t\t\t\t<div class=\"elementor-element elementor-element-3c1fc3f0 elementor-widget elementor-widget-heading\" data-id=\"3c1fc3f0\" data-element_type=\"widget\" data-e-type=\"widget\" data-widget_type=\"heading.default\">\n\t\t\t\t\t<h2 class=\"elementor-heading-title elementor-size-default\">Pers\u00f3nuspjald: Upyr<\/h2>\t\t\t\t<\/div>\n\t\t<div class=\"elementor-element elementor-element-84f33b8e e-con-full e-flex e-con e-child\" data-id=\"84f33b8e\" data-element_type=\"container\" data-e-type=\"container\">\n\t\t\t\t<div class=\"elementor-element elementor-element-hqkdc67p elementor-widget elementor-widget-text-editor\" data-id=\"hqkdc67p\" data-element_type=\"widget\" data-e-type=\"widget\" data-widget_type=\"text-editor.default\">\n\t\t\t\t\t\t\t\t\t<p>Mikilv\u00e6gustu atri\u00f0i um upyr \u00ed hnotskurn.<\/p>\t\t\t\t\t\t\t\t<\/div>\n\t\t\t\t<\/div>\n\t\t<div class=\"elementor-element elementor-element-pemmx7c5 e-con-full e-flex e-con e-child\" data-id=\"pemmx7c5\" data-element_type=\"container\" data-e-type=\"container\">\n\t\t<div class=\"elementor-element elementor-element-pemmx7c1 e-con-full e-flex e-con e-child\" data-id=\"pemmx7c1\" data-element_type=\"container\" data-e-type=\"container\">\n\t\t<div class=\"elementor-element elementor-element-qh9oavvu iwg-steckbrief-card e-flex e-con-boxed e-con e-child\" data-id=\"qh9oavvu\" data-element_type=\"container\" data-e-type=\"container\">\n\t\t\t\t\t<div class=\"e-con-inner\">\n\t\t\t\t<div class=\"elementor-element elementor-element-awzx8k2k elementor-widget elementor-widget-heading\" data-id=\"awzx8k2k\" data-element_type=\"widget\" data-e-type=\"widget\" data-widget_type=\"heading.default\">\n\t\t\t\t\t<div class=\"elementor-heading-title elementor-size-default\">Menningarsamhengi<\/div>\t\t\t\t<\/div>\n\t\t\t\t<div class=\"elementor-element elementor-element-x6rowhv0 elementor-widget elementor-widget-text-editor\" data-id=\"x6rowhv0\" data-element_type=\"widget\" data-e-type=\"widget\" data-widget_type=\"text-editor.default\">\n\t\t\t\t\t\t\t\t\t<p>\u00d3sk\u00edr\u00f0ir, \u00feeir sem d\u00f3u af eigin hendi, form\u00e6ltir, \u00fatsk\u00fafa\u00f0ir e\u00f0a \u00feeir sem d\u00f3u sem galdranorn. Myndast vi\u00f0 ranga greftrun e\u00f0a si\u00f0fer\u00f0ilegan bilun \u00ed l\u00edfinu.<\/p>\t\t\t\t\t\t\t\t<\/div>\n\t\t\t\t\t<\/div>\n\t\t\t\t<\/div>\n\t\t<div class=\"elementor-element elementor-element-8e3o4kxs iwg-steckbrief-card e-flex e-con-boxed e-con e-child\" data-id=\"8e3o4kxs\" data-element_type=\"container\" data-e-type=\"container\">\n\t\t\t\t\t<div class=\"e-con-inner\">\n\t\t\t\t<div class=\"elementor-element elementor-element-08rkdgov elementor-widget elementor-widget-heading\" data-id=\"08rkdgov\" data-element_type=\"widget\" data-e-type=\"widget\" data-widget_type=\"heading.default\">\n\t\t\t\t\t<div class=\"elementor-heading-title elementor-size-default\">Tengt vi\u00f0<\/div>\t\t\t\t<\/div>\n\t\t\t\t<div class=\"elementor-element elementor-element-uwjelx8s elementor-widget elementor-widget-text-editor\" data-id=\"uwjelx8s\" data-element_type=\"widget\" data-e-type=\"widget\" data-widget_type=\"text-editor.default\">\n\t\t\t\t\t\t\t\t\t<p>Fyrst eigin fj\u00f6lskylda, s\u00ed\u00f0an \u00feorpi\u00f0. Hver sem deyr af biti upyr ver\u00f0ur sj\u00e1lfur upyr, \u00fatbrei\u00f0sla eins og fars\u00f3tt.<\/p>\t\t\t\t\t\t\t\t<\/div>\n\t\t\t\t\t<\/div>\n\t\t\t\t<\/div>\n\t\t<div class=\"elementor-element elementor-element-jm2n74ec iwg-steckbrief-card e-flex e-con-boxed e-con e-child\" data-id=\"jm2n74ec\" data-element_type=\"container\" data-e-type=\"container\">\n\t\t\t\t\t<div class=\"e-con-inner\">\n\t\t\t\t<div class=\"elementor-element elementor-element-8vufse4c elementor-widget elementor-widget-heading\" data-id=\"8vufse4c\" data-element_type=\"widget\" data-e-type=\"widget\" data-widget_type=\"heading.default\">\n\t\t\t\t\t<div class=\"elementor-heading-title elementor-size-default\">Form<\/div>\t\t\t\t<\/div>\n\t\t\t\t<div class=\"elementor-element elementor-element-mwb9u015 elementor-widget elementor-widget-text-editor\" data-id=\"mwb9u015\" data-element_type=\"widget\" data-e-type=\"widget\" data-widget_type=\"text-editor.default\">\n\t\t\t\t\t\t\t\t\t<p>Eftir uppgr\u00f6ft: rau\u00f0ur, \u00fer\u00fatinn, me\u00f0 \u00f3klofnu bl\u00f3\u00f0i og v\u00f6xnum n\u00f6glum. \u00c1 n\u00f3ttunni: d\u00f6kk vera, \u00ed d\u00fdrsl\u00edki (\u00falfur, hundur) e\u00f0a sem \u00feoka.<\/p>\t\t\t\t\t\t\t\t<\/div>\n\t\t\t\t\t<\/div>\n\t\t\t\t<\/div>\n\t\t\t\t<\/div>\n\t\t<div class=\"elementor-element elementor-element-pemmx7c2 e-con-full e-flex e-con e-child\" data-id=\"pemmx7c2\" data-element_type=\"container\" data-e-type=\"container\">\n\t\t<div class=\"elementor-element elementor-element-37ss2yr6 iwg-steckbrief-card e-flex e-con-boxed e-con e-child\" data-id=\"37ss2yr6\" data-element_type=\"container\" data-e-type=\"container\">\n\t\t\t\t\t<div class=\"e-con-inner\">\n\t\t\t\t<div class=\"elementor-element elementor-element-3v0wp3wx elementor-widget elementor-widget-heading\" data-id=\"3v0wp3wx\" data-element_type=\"widget\" data-e-type=\"widget\" data-widget_type=\"heading.default\">\n\t\t\t\t\t<div class=\"elementor-heading-title elementor-size-default\">Hlutverk<\/div>\t\t\t\t<\/div>\n\t\t\t\t<div class=\"elementor-element elementor-element-w3247g2m elementor-widget elementor-widget-text-editor\" data-id=\"w3247g2m\" data-element_type=\"widget\" data-e-type=\"widget\" data-widget_type=\"text-editor.default\">\n\t\t\t\t\t\t\t\t\t<p>S\u00fdgur bl\u00f3\u00f0 hinna lifandi, veldur \u00f6rm\u00f6gnun, sj\u00fakd\u00f3mum, dau\u00f0a. \u00deorpsbundnar dau\u00f0abylgjur. \u00datbrei\u00f0sla me\u00f0 bitsmiti.<\/p>\t\t\t\t\t\t\t\t<\/div>\n\t\t\t\t\t<\/div>\n\t\t\t\t<\/div>\n\t\t<div class=\"elementor-element elementor-element-0qpjal9w iwg-steckbrief-card e-flex e-con-boxed e-con e-child\" data-id=\"0qpjal9w\" data-element_type=\"container\" data-e-type=\"container\">\n\t\t\t\t\t<div class=\"e-con-inner\">\n\t\t\t\t<div class=\"elementor-element elementor-element-6ndoih0o elementor-widget elementor-widget-heading\" data-id=\"6ndoih0o\" data-element_type=\"widget\" data-e-type=\"widget\" data-widget_type=\"heading.default\">\n\t\t\t\t\t<div class=\"elementor-heading-title elementor-size-default\">V\u00f6rn gegn upyr<\/div>\t\t\t\t<\/div>\n\t\t\t\t<div class=\"elementor-element elementor-element-6684tyh9 elementor-widget elementor-widget-text-editor\" data-id=\"6684tyh9\" data-element_type=\"widget\" data-e-type=\"widget\" data-widget_type=\"text-editor.default\">\n\t\t\t\t\t\t\t\t\t<p>Uppgr\u00f6ftur og gegnumstungun me\u00f0 espistaf, h\u00e1lsh\u00f6gg, brennsla, endurjar\u00f0setning \u00e1 gr\u00fafu. Hv\u00edtlaukur, reykelsi, krossar; verndandi greftrunarh\u00e6ttir.<\/p>\t\t\t\t\t\t\t\t<\/div>\n\t\t\t\t\t<\/div>\n\t\t\t\t<\/div>\n\t\t<div class=\"elementor-element elementor-element-3lfi7x32 iwg-steckbrief-card e-flex e-con-boxed e-con e-child\" data-id=\"3lfi7x32\" data-element_type=\"container\" data-e-type=\"container\">\n\t\t\t\t\t<div class=\"e-con-inner\">\n\t\t\t\t<div class=\"elementor-element elementor-element-0kg99ga1 elementor-widget elementor-widget-heading\" data-id=\"0kg99ga1\" data-element_type=\"widget\" data-e-type=\"widget\" data-widget_type=\"heading.default\">\n\t\t\t\t\t<div class=\"elementor-heading-title elementor-size-default\">Tengdar verur<\/div>\t\t\t\t<\/div>\n\t\t\t\t<div class=\"elementor-element elementor-element-n0fum6kp elementor-widget elementor-widget-text-editor\" data-id=\"n0fum6kp\" data-element_type=\"widget\" data-e-type=\"widget\" data-widget_type=\"text-editor.default\">\n\t\t\t\t\t\t\t\t\t<p><a href=\"https:\/\/iwell-guard.com\/is\/?page_id=168585\">Edimmu<\/a>, <a href=\"https:\/\/iwell-guard.com\/is\/?page_id=168604\">Striga<\/a>, draugur (germanskur), n\u00fat\u00edma vamp\u00edrupers\u00f3nan (Stoker), r\u00famenskur strigoi, gr\u00edskur vrykolakas.<\/p>\t\t\t\t\t\t\t\t<\/div>\n\t\t\t\t\t<\/div>\n\t\t\t\t<\/div>\n\t\t\t\t<\/div>\n\t\t\t\t<\/div>\n\t\t\t\t\t<\/div>\n\t\t\t\t<\/div>\n\t\t<div class=\"elementor-element elementor-element-7533bc7a e-flex e-con-boxed e-con e-parent\" data-id=\"7533bc7a\" data-element_type=\"container\" data-e-type=\"container\">\n\t\t\t\t\t<div class=\"e-con-inner\">\n\t\t\t\t<div class=\"elementor-element elementor-element-2447d18d elementor-widget elementor-widget-heading\" data-id=\"2447d18d\" data-element_type=\"widget\" data-e-type=\"widget\" data-widget_type=\"heading.default\">\n\t\t\t\t\t<h2 class=\"elementor-heading-title elementor-size-default\">V\u00f6rn og vamp\u00edrubar\u00e1tta<\/h2>\t\t\t\t<\/div>\n\t\t<div class=\"elementor-element elementor-element-d5d0260c e-con-full e-flex e-con e-child\" data-id=\"d5d0260c\" data-element_type=\"container\" data-e-type=\"container\">\n\t\t\t\t<div class=\"elementor-element elementor-element-341be2ac elementor-widget elementor-widget-text-editor\" data-id=\"341be2ac\" data-element_type=\"widget\" data-e-type=\"widget\" data-widget_type=\"text-editor.default\">\n\t\t\t\t\t\t\t\t\t<p><strong>Fyrirbyggjandi greftrun<\/strong><\/p><p>\u00deeim sem tali\u00f0 er a\u00f0 s\u00e9u \u00ed h\u00e6ttu \u00e1 a\u00f0 ver\u00f0a upyr (sj\u00e1lfsv\u00edg, \u00f3sk\u00edr\u00f0ir, bannf\u00e6r\u00f0ir) er komi\u00f0 fyrir \u00ed gr\u00f6f me\u00f0 s\u00e9rstakri var\u00fa\u00f0: andlit ni\u00f0ur, st\u00f3rut\u00e6r bundnar saman, munnur fylltur me\u00f0 steini, gr\u00f6fin \u00feakin sig\u00f0 (draugurinn \u00e1tti a\u00f0 h\u00e1lsh\u00f6ggva sig sj\u00e1lfan reyndi hann a\u00f0 standa upp).<\/p><p><strong>\u00deegar grunur vaknar<\/strong><\/p><p>Dau\u00f0sf\u00f6ll \u00ed \u00feorpi kalla fram vamp\u00edruvei\u00f0ar. \u00deorpsb\u00faar grafa upp grafir sem taldar eru grunsamlegar. Merki um vamp\u00edrustarfsemi: n\u00fdlegt l\u00edk, rau\u00f0ur munnur, \u00f3storki\u00f0 bl\u00f3\u00f0, vaxnar neglur. \u00de\u00e1 er gripi\u00f0 til a\u00f0ger\u00f0a: f\u00f6lur af asparvi\u00f0i rekinn \u00ed gegn, h\u00f6fu\u00f0i\u00f0 h\u00f6ggvi\u00f0 af, l\u00edki\u00f0 brennt \u00e1 opnum eldi og \u00f6skunni fleygt \u00ed \u00e1na. \u00c1 sumum sv\u00e6\u00f0um var hjarta\u00f0 brennt s\u00e9rstaklega.<\/p><p><strong>Verndargripir og h\u00fasvernd<\/strong><\/p><p>Hv\u00edtlaukur \u00ed gluggum og hur\u00f0um. Reykelsi inni \u00ed h\u00fasinu. Silfurkross vi\u00f0 r\u00fami\u00f0. B\u00f6rn verndu\u00f0 me\u00f0 rau\u00f0um \u00fer\u00e1\u00f0um um \u00falnli\u00f0ina. \u00c1 s\u00e9rstaklega vi\u00f0kv\u00e6mum t\u00edmum (eftir dau\u00f0sf\u00f6ll \u00ed \u00feorpinu) sv\u00e1fu fj\u00f6lskyldume\u00f0limir saman, me\u00f0 verndargripum.<\/p>\t\t\t\t\t\t\t\t<\/div>\n\t\t\t\t<\/div>\n\t\t\t\t\t<\/div>\n\t\t\t\t<\/div>\n\t\t<div class=\"elementor-element elementor-element-5a584676 e-flex e-con-boxed e-con e-parent\" data-id=\"5a584676\" data-element_type=\"container\" data-e-type=\"container\">\n\t\t\t\t\t<div class=\"e-con-inner\">\n\t\t\t\t<div class=\"elementor-element elementor-element-6d0757bf elementor-widget elementor-widget-heading\" data-id=\"6d0757bf\" data-element_type=\"widget\" data-e-type=\"widget\" data-widget_type=\"heading.default\">\n\t\t\t\t\t<h2 class=\"elementor-heading-title elementor-size-default\">Fr\u00e1 upyr til vamp\u00edru<\/h2>\t\t\t\t<\/div>\n\t\t<div class=\"elementor-element elementor-element-60563f68 e-con-full e-flex e-con e-child\" data-id=\"60563f68\" data-element_type=\"container\" data-e-type=\"container\">\n\t\t\t\t<div class=\"elementor-element elementor-element-5a93fdd6 elementor-widget elementor-widget-text-editor\" data-id=\"5a93fdd6\" data-element_type=\"widget\" data-e-type=\"widget\" data-widget_type=\"text-editor.default\">\n\t\t\t\t\t\t\t\t\t<p><strong>Habsborgarafregnir fr\u00e1 18. \u00f6ld<\/strong><\/p><p>\u00c1ri\u00f0 1732 rannsaka\u00f0i Johann Fl\u00fcckinger, \u00e1 vegum austurr\u00edska hersins, m\u00e1li\u00f0 um Arnod Paole \u00ed Serb\u00edu og skrifa\u00f0i sk\u00fdrsluna <em>Visum et Repertum<\/em>. Skjali\u00f0 ger\u00f0i vamp\u00edrufyrirb\u00e6ri\u00f0 kunnugt \u00ed V\u00ednarborg, Par\u00eds og London. Vamp\u00edrudeilan sk\u00f3k hinn uppl\u00fdsta fr\u00e6\u00f0aheim.<\/p><p><strong>F\u00e6\u00f0ing b\u00f3kmenntapers\u00f3nunnar<\/strong><\/p><p>John Polidori <em>The Vampyre<\/em> (1819) f\u00e6rir pers\u00f3nuna inn \u00ed samkv\u00e6misb\u00f3kmenntirnar. Sheridan Le Fanus <em>Carmilla<\/em> (1872) festir kvenvamp\u00edruna \u00ed sessi. Bram Stokers <em>Dracula<\/em> (1897) ver\u00f0ur mi\u00f0l\u00e6g pers\u00f3na n\u00fat\u00edma vamp\u00edrub\u00f3kmennta, me\u00f0 sk\u00fdrri sta\u00f0setningu \u00e1 r\u00famensk-slavneskum ja\u00f0arsv\u00e6\u00f0um.<\/p><p><strong>\u00c1framhaldandi \u00fer\u00f3un \u00ed n\u00fat\u00edmanum<\/strong><\/p><p>Upyr-<span class=\"iwg-fachbegriff\" data-tooltip=\"Endurteki\u00f0 efnisatri\u00f0i \u00ed list e\u00f0a fr\u00e1s\u00f6gn.\" tabindex=\"0\">stefi\u00f0<\/span> er \u00e1fram virkt \u00ed r\u00famenskum, p\u00f3lskum og slavneskum b\u00f3kmenntum (Olga Tokarczuk, <em>Die Jakobsb\u00fccher<\/em>). Twilight, True Blood, What We Do in the Shadows og fj\u00f6ldi annarra a\u00f0lagana byggja beint e\u00f0a \u00f3beint \u00e1 slavnesku upprunapers\u00f3nunni, oft \u00e1n \u00feess a\u00f0 vi\u00f0urkenna \u00feennan uppruna.<\/p>\t\t\t\t\t\t\t\t<\/div>\n\t\t\t\t<\/div>\n\t\t\t\t\t<\/div>\n\t\t\t\t<\/div>\n\t\t<div class=\"elementor-element elementor-element-cp094dae0 e-flex e-con-boxed e-con e-parent\" data-id=\"cp094dae0\" data-element_type=\"container\" data-e-type=\"container\">\n\t\t\t\t\t<div class=\"e-con-inner\">\n\t\t\t\t<div class=\"elementor-element elementor-element-cp78d8347 elementor-widget elementor-widget-heading\" data-id=\"cp78d8347\" data-element_type=\"widget\" data-e-type=\"widget\" data-widget_type=\"heading.default\">\n\t\t\t\t\t<h2 class=\"elementor-heading-title elementor-size-default\">Upyr \u00ed elstu ritu\u00f0u heimildunum<\/h2>\t\t\t\t<\/div>\n\t\t<div class=\"elementor-element elementor-element-cp475e843 e-con-full e-flex e-con e-child\" data-id=\"cp475e843\" data-element_type=\"container\" data-e-type=\"container\">\n\t\t\t\t<div class=\"elementor-element elementor-element-cp3b0d5be elementor-widget elementor-widget-text-editor\" data-id=\"cp3b0d5be\" data-element_type=\"widget\" data-e-type=\"widget\" data-widget_type=\"text-editor.default\">\n\t\t\t\t\t\t\t\t\t<p>Or\u00f0i\u00f0 <em>upyr<\/em> er me\u00f0al elstu skjalfestu or\u00f0a slavneskrar vamp\u00edrutr\u00faar. Oft er vitna\u00f0 \u00ed heimild \u00ed fornr\u00fassnesku handriti \u00fear sem skrifari ber vi\u00f0urnefni\u00f0 e\u00f0a g\u00e6lunafni\u00f0 <em>Upir Lichyj<\/em>, sem \u00fe\u00fd\u00f0ir nokkurn veginn &#8222;hinn illi upyr&#8220;.<\/p><p>Um t\u00edmasetningu \u00feessarar heimildar til 11. aldar er deilt \u00ed fr\u00e6\u00f0unum, en h\u00fan er talin ein elsta v\u00edsbendingin um a\u00f0 or\u00f0i\u00f0 hafi veri\u00f0 \u00ed almennri notkun \u00e1 austurslavneska sv\u00e6\u00f0inu \u00feegar \u00e1 fyrri t\u00edmum.<\/p><p>\u00d6nnur mikilv\u00e6g heimild er fornkirkjuslavneskur predikunartexti gegn hei\u00f0num si\u00f0um, sem ford\u00e6mir f\u00f3rnir til <em>upyri<\/em> og <em>beregini<\/em>. S\u00e1 texti setur upyr \u00ed flokk me\u00f0 \u00f6\u00f0rum andaverum sem almenningur f\u00e6r\u00f0i <span class=\"iwg-fachbegriff\" data-tooltip=\"Gj\u00f6f til gu\u00f0s e\u00f0a anda til a\u00f0 tj\u00e1 \u00feakkl\u00e6ti, b\u00f3n e\u00f0a lotningu.\" tabindex=\"0\">f\u00f3rnir<\/span>.<\/p><p>Af \u00feessu m\u00e1 draga \u00fe\u00e1 \u00e1lyktun a\u00f0 upyr hafi upphaflega ekki veri\u00f0 a\u00f0eins bl\u00f3\u00f0sj\u00fagandi afturgangan sem s\u00ed\u00f0ari <span class=\"iwg-fachbegriff\" data-tooltip=\"Mi\u00f0lun \u00feekkingar og fr\u00e1sagna milli kynsl\u00f3\u00f0a.\" tabindex=\"0\">munnm\u00e6lahef\u00f0<\/span> l\u00fdsir, heldur hluti af v\u00ed\u00f0ara safni andavera sem naut helgihalds.<\/p><p>\u00deessar fyrstu heimildir eru m\u00e1lfr\u00e6\u00f0ilega uppl\u00fdsandi en efnislega r\u00fdrar. \u00de\u00e6r nefna or\u00f0i\u00f0 en l\u00fdsa v\u00e6ttinni sj\u00e1lfri l\u00edtt. Hin \u00edtarlega mynd af upyr sem afturg\u00f6ngu sem gengur \u00far gr\u00f6f sinni \u00e1 n\u00f3ttunni kemur \u00far mun yngri heimildum, fyrst og fremst fr\u00e1 upphafi n\u00fdaldar og \u00fej\u00f3\u00f0fr\u00e6\u00f0ilegum skr\u00e1ningum 19. aldar.<\/p><p>Fr\u00e6\u00f0imenn vara \u00fev\u00ed vi\u00f0 var\u00fa\u00f0: ekki m\u00e1 varpa hinni s\u00ed\u00f0ari, full\u00fer\u00f3u\u00f0u vamp\u00edrumynd \u00f3pr\u00f3fa\u00f0ri aftur \u00e1 mi\u00f0aldaheimildirnar. \u00d6ruggt er einungis a\u00f0 or\u00f0i\u00f0 er gamalt og a\u00f0 \u00fea\u00f0 v\u00edsa\u00f0i fr\u00e1 upphafi til \u00f3ttalegrar v\u00e6ttar tengdrar dau\u00f0ad\u00fdrkun.<\/p>\t\t\t\t\t\t\t\t<\/div>\n\t\t\t\t<\/div>\n\t\t\t\t\t<\/div>\n\t\t\t\t<\/div>\n\t\t<div class=\"elementor-element elementor-element-cpd98e378 e-flex e-con-boxed e-con e-parent\" data-id=\"cpd98e378\" data-element_type=\"container\" data-e-type=\"container\">\n\t\t\t\t\t<div class=\"e-con-inner\">\n\t\t\t\t<div class=\"elementor-element elementor-element-cp9a79b75 elementor-widget elementor-widget-heading\" data-id=\"cp9a79b75\" data-element_type=\"widget\" data-e-type=\"widget\" data-widget_type=\"heading.default\">\n\t\t\t\t\t<h2 class=\"elementor-heading-title elementor-size-default\">Or\u00f0sifjar deiluor\u00f0sins<\/h2>\t\t\t\t<\/div>\n\t\t<div class=\"elementor-element elementor-element-cpb04776b e-con-full e-flex e-con e-child\" data-id=\"cpb04776b\" data-element_type=\"container\" data-e-type=\"container\">\n\t\t\t\t<div class=\"elementor-element elementor-element-cp465a732 elementor-widget elementor-widget-text-editor\" data-id=\"cp465a732\" data-element_type=\"widget\" data-e-type=\"widget\" data-widget_type=\"text-editor.default\">\n\t\t\t\t\t\t\t\t\t<p>Uppruni or\u00f0sins <em>upyr<\/em> er me\u00f0al \u00f3leystra spurninga slavneskra m\u00e1lv\u00edsinda. Nokkrar t\u00falkanir eru til hli\u00f0ar hver vi\u00f0 a\u00f0ra \u00e1n \u00feess a\u00f0 nein hafi n\u00e1\u00f0 fullri s\u00e1tt.<\/p><p>Algeng tillaga greinir or\u00f0i\u00f0 \u00ed neitandi e\u00f0a \u00e1hersluforskeyti og stofn sem tengist \u00fev\u00ed a\u00f0 flj\u00faga e\u00f0a fj\u00f6\u00f0rum, sem myndi t\u00falka upyr sem flugf\u00e6ra e\u00f0a fl\u00f6ktandi v\u00e6ttu.<\/p><p>\u00d6nnur tillaga tengir stofninn vi\u00f0 or\u00f0 fyrir upp\u00feembu e\u00f0a \u00ferota, sem myndi samr\u00e6mast hinni vel skjalfestu \u00fej\u00f3\u00f0tr\u00faarmynd af upp\u00feembdu, \u00f3rotnu vamp\u00edrul\u00edki.<\/p><p>Sk\u00fdring m\u00e1lsins er torveldari vegna \u00feess a\u00f0 or\u00f0i\u00f0 kemur fyrir \u00ed n\u00e6r \u00f6llum slavneskum tungum\u00e1lum, \u00ed hlj\u00f3\u00f0fr\u00e6\u00f0ilega breyttri mynd hverju sinni.<\/p><p>Su\u00f0urslavneska myndin <em>vampir<\/em> er s\u00fa sem barst gegnum \u00fe\u00fdsku og fr\u00f6nsku \u00e1 18. \u00f6ld inn \u00ed vesturevr\u00f3psk tungum\u00e1l og var\u00f0 \u00fear al\u00fej\u00f3\u00f0legt or\u00f0 fyrir alla \u00feessa v\u00e6ttaflokk. P\u00f3lska <em>upi\u00f3r<\/em>, \u00fakra\u00ednska <em>upyr<\/em>, r\u00fassneska <em>upyr<\/em> og fleiri myndir eru af sama or\u00f0stofni.<\/p><p>M\u00e1lv\u00edsindin sj\u00e1 \u00ed \u00feessari v\u00ed\u00f0u dreifingu r\u00f6k fyrir \u00fev\u00ed a\u00f0 or\u00f0i\u00f0 og hugtaki\u00f0 sem \u00fea\u00f0 v\u00edsar til hafi veri\u00f0 til \u00ed frumslavneskum t\u00edma. Hva\u00f0a af tilgreindum or\u00f0sifjum s\u00e9 r\u00e9ttust er \u00f3lj\u00f3st, og sumir fr\u00e6\u00f0imenn telja or\u00f0i\u00f0 jafnvel vera t\u00f6kuor\u00f0 \u00far \u00f3m\u00e1lslavneskri tungu, sem gerir m\u00e1li\u00f0 enn fl\u00f3knara.<\/p><p>Mikilv\u00e6gt fyrir tr\u00faarfr\u00e6\u00f0ilega sko\u00f0un er inns\u00e6i\u00f0 a\u00f0 nafni\u00f0 sj\u00e1lft er g\u00f6mul og torskilin arfleif\u00f0, ekki n\u00fdleg skapan n\u00fat\u00edma <span class=\"iwg-fachbegriff\" data-tooltip=\"Hef\u00f0bundin \u00fej\u00f3\u00f0menning me\u00f0 si\u00f0um, fr\u00e1s\u00f6gnum og s\u00f6ngvum.\" tabindex=\"0\">\u00fej\u00f3\u00f0tr\u00faar<\/span>.<\/p>\t\t\t\t\t\t\t\t<\/div>\n\t\t\t\t<\/div>\n\t\t\t\t\t<\/div>\n\t\t\t\t<\/div>\n\t\t<div class=\"elementor-element elementor-element-cp9f5edd9 e-flex e-con-boxed e-con e-parent\" data-id=\"cp9f5edd9\" data-element_type=\"container\" data-e-type=\"container\">\n\t\t\t\t\t<div class=\"e-con-inner\">\n\t\t\t\t<div class=\"elementor-element elementor-element-cpec88e96 elementor-widget elementor-widget-heading\" data-id=\"cpec88e96\" data-element_type=\"widget\" data-e-type=\"widget\" data-widget_type=\"heading.default\">\n\t\t\t\t\t<h2 class=\"elementor-heading-title elementor-size-default\">Upyr og evr\u00f3pska vamp\u00edrudeilan \u00e1 18. \u00f6ld<\/h2>\t\t\t\t<\/div>\n\t\t<div class=\"elementor-element elementor-element-cp489167d e-con-full e-flex e-con e-child\" data-id=\"cp489167d\" data-element_type=\"container\" data-e-type=\"container\">\n\t\t\t\t<div class=\"elementor-element elementor-element-cpa361136 elementor-widget elementor-widget-text-editor\" data-id=\"cpa361136\" data-element_type=\"widget\" data-e-type=\"widget\" data-widget_type=\"text-editor.default\">\n\t\t\t\t\t\t\t\t\t<p>Slavnesk tr\u00fa \u00e1 vamp\u00edrur komst \u00ed sj\u00f3nm\u00e1l vestur-evr\u00f3pskra fr\u00e6\u00f0imanna \u00e1 18. \u00f6ld, og upyr og su\u00f0urslavneskir \u00e6ttingjar hans voru \u00fear \u00ed brennidepli. \u00c1st\u00e6\u00f0an voru nokkur athyglisver\u00f0 m\u00e1l fr\u00e1 landam\u00e6rasv\u00e6\u00f0um Habsborgara \u00e1 Balkanskaga.<\/p><p>S\u00e9rstaklega \u00feekkt var\u00f0 m\u00e1l Arnolds Paole og m\u00e1l Petars Blagojevi\u0107 \u00e1 1720 og 1730, \u00fear sem austurr\u00edsk yfirv\u00f6ld og herl\u00e6knar ritu\u00f0u opinberar ranns\u00f3knarsk\u00fdrslur um meinta vamp\u00edrutilbur\u00f0i.<\/p><p>\u00deessar sk\u00fdrslur voru prenta\u00f0ar \u00ed Evr\u00f3pu og hleyptu af sta\u00f0 v\u00ed\u00f0t\u00e6kri fr\u00e6\u00f0ilegri umr\u00e6\u00f0u. L\u00e6knar, gu\u00f0fr\u00e6\u00f0ingar og heimspekingar veltu \u00fev\u00ed fyrir s\u00e9r hvort vamp\u00edrur v\u00e6ru til, hvernig \u00fatsk\u00fdra b\u00e6ri fyrirb\u00e6rin sem greint var fr\u00e1 og hva\u00f0a afst\u00f6\u00f0u kirkja og r\u00edki \u00e6ttu a\u00f0 taka.<\/p><p><span data-nosnippet>Benediktsmunkurinn Augustin Calmet gaf 1746 \u00fat miki\u00f0 lesna ritger\u00f0 \u00fear sem hann t\u00f3k saman efni\u00f0 og fjalla\u00f0i um \u00fea\u00f0 \u00e1 gagnr\u00fdninn h\u00e1tt \u00e1n \u00feess a\u00f0 komast a\u00f0 sk\u00fdrri ni\u00f0urst\u00f6\u00f0u. Uppl\u00fdsingarheimspekin br\u00e1st har\u00f0ar vi\u00f0 og nota\u00f0i vamp\u00edrutr\u00fana sem d\u00e6mi um hj\u00e1tr\u00fa og h\u00e9giljutr\u00fa kirkjunnar.<\/span><\/p><p>Fyrir tr\u00faarbrag\u00f0afr\u00e6\u00f0ilega umfj\u00f6llun er \u00feessi \u00fe\u00e1ttur mikilv\u00e6gur \u00e1 tvennan h\u00e1tt. \u00cd fyrsta lagi l\u00e9t hann eftir sig nokkrar af \u00edtarlegustu og elstu n\u00e1kv\u00e6mu l\u00fdsingunum \u00e1 slavneskri vamp\u00edruhugmynd, \u00fear \u00e1 me\u00f0al grafaruppt\u00f6ku og gegnumstungu.<\/p><p>\u00cd \u00f6\u00f0ru lagi s\u00fdnir hann \u00feau t\u00edmam\u00f3t \u00feegar sta\u00f0bundin <span class=\"iwg-fachbegriff\" data-tooltip=\"Tr\u00faarhugmyndir og si\u00f0ir sem eru \u00fatbreiddir \u00ed daglegu l\u00edfi.\" tabindex=\"0\">al\u00fe\u00fd\u00f0utr\u00fa<\/span> var\u00f0 a\u00f0 umfj\u00f6llunarefni um alla Evr\u00f3pu og feta\u00f0i \u00feannig veginn inn \u00ed b\u00f3kmenntir og a\u00f0 lokum inn \u00ed n\u00fat\u00edma d\u00e6gurmenningu. B\u00f3kmenntavamp\u00edra 19. aldar, fr\u00e1 s\u00f6gu Johns Polidori til <em>Dracula<\/em> Brams Stoker, v\u00e6ri \u00f3hugsandi \u00e1n \u00feessarar umr\u00e6\u00f0u 18. aldar.<\/p>\t\t\t\t\t\t\t\t<\/div>\n\t\t\t\t<\/div>\n\t\t\t\t\t<\/div>\n\t\t\t\t<\/div>\n\t\t<div class=\"elementor-element elementor-element-36dd7469 e-flex e-con-boxed e-con e-parent\" data-id=\"36dd7469\" data-element_type=\"container\" data-e-type=\"container\">\n\t\t\t\t\t<div class=\"e-con-inner\">\n\t\t\t\t<div class=\"elementor-element elementor-element-13760ab4 elementor-widget elementor-widget-heading\" data-id=\"13760ab4\" data-element_type=\"widget\" data-e-type=\"widget\" data-widget_type=\"heading.default\">\n\t\t\t\t\t<h2 class=\"elementor-heading-title elementor-size-default\">\u00cdtarefni og tenglar<\/h2>\t\t\t\t<\/div>\n\t\t<div class=\"elementor-element elementor-element-28c87796 e-con-full e-flex e-con e-child\" data-id=\"28c87796\" data-element_type=\"container\" data-e-type=\"container\">\n\t\t\t\t<div class=\"elementor-element elementor-element-5d6538df elementor-widget elementor-widget-text-editor\" data-id=\"5d6538df\" data-element_type=\"widget\" data-e-type=\"widget\" data-widget_type=\"text-editor.default\">\n\t\t\t\t\t\t\t\t\t<p>R\u00e1\u00f0lag\u00f0ir innri hlekkir:<\/p><ul><li><a href=\"https:\/\/iwell-guard.com\/is\/?page_id=168616\">Slavneskt<\/a><\/li><li><a href=\"https:\/\/iwell-guard.com\/is\/?page_id=168637\">Baba Jaga<\/a>, <a href=\"https:\/\/iwell-guard.com\/is\/?page_id=168638\">Rusalka<\/a>, <a href=\"https:\/\/iwell-guard.com\/is\/?page_id=169092\">Leshy<\/a>, <a href=\"https:\/\/iwell-guard.com\/is\/?page_id=168639\">Kikimora<\/a><\/li><li><a href=\"https:\/\/iwell-guard.com\/is\/?page_id=168585\">Edimmu<\/a>, <a href=\"https:\/\/iwell-guard.com\/is\/?page_id=168604\">Striga<\/a> (fyrirrennarar)<\/li><li><a href=\"https:\/\/iwell-guard.com\/is\/?page_id=168628\">Draugr<\/a> (germanskur afturg\u00f6nguma\u00f0ur)<\/li><li>N\u00fat\u00edmalegt: Bram Stoker, vamp\u00edruv\u00e6ddar b\u00f3kmenntir<\/li><\/ul>\t\t\t\t\t\t\t\t<\/div>\n\t\t\t\t<\/div>\n\t\t\t\t\t<\/div>\n\t\t\t\t<\/div>\n\t\t<div class=\"elementor-element elementor-element-grl4kl40 e-flex e-con-boxed e-con e-parent\" data-id=\"grl4kl40\" data-element_type=\"container\" data-e-type=\"container\">\n\t\t\t\t\t<div class=\"e-con-inner\">\n\t\t\t\t<div class=\"elementor-element elementor-element-bzsbfrmh elementor-widget elementor-widget-heading\" data-id=\"bzsbfrmh\" data-element_type=\"widget\" data-e-type=\"widget\" data-widget_type=\"heading.default\">\n\t\t\t\t\t<h2 class=\"elementor-heading-title elementor-size-default\">Fr\u00e6\u00f0irit<\/h2>\t\t\t\t<\/div>\n\t\t<div class=\"elementor-element elementor-element-2c13224a e-con-full e-flex e-con e-child\" data-id=\"2c13224a\" data-element_type=\"container\" data-e-type=\"container\">\n\t\t\t\t<div class=\"elementor-element elementor-element-0eymh9ub elementor-widget elementor-widget-text-editor\" data-id=\"0eymh9ub\" data-element_type=\"widget\" data-e-type=\"widget\" data-widget_type=\"text-editor.default\">\n\t\t\t\t\t\t\t\t\t<footer class=\"iwg-literatur\"><p>\u00darval mikilv\u00e6gra verka um upyr\/vamp\u00edruna:<\/p><ul><li><span data-nosnippet>Barber, Paul: <em>Vampires, Burial, and Death. <span class=\"iwg-fachbegriff\" data-tooltip=\"Hin var\u00f0veitta al\u00fe\u00fd\u00f0umenning me\u00f0 si\u00f0um, s\u00f6gum og l\u00f6gum.\" tabindex=\"0\">Folklore<\/span> and Reality<\/em>. New Haven 1988.<\/span><\/li><li><span data-nosnippet>Murgoci, Agnes: \u201eThe Vampire in Roumania.&#8220; \u00cd: <em><span class=\"iwg-fachbegriff\" data-tooltip=\"Hin var\u00f0veitta al\u00fe\u00fd\u00f0umenning me\u00f0 si\u00f0um, s\u00f6gum og l\u00f6gum.\" tabindex=\"0\">Folklore<\/span><\/em> 37 (1926).<\/span><\/li><li><span data-nosnippet>Hamberger, Klaus: <em>Mortuus non mordet. Kommentierte Dokumentation zum Vampirismus 1689, 1791<\/em>. Wien 1992.<\/span><\/li><li><span data-nosnippet>Perkowski, Jan: <em>Vampires of the Slavs<\/em>. Cambridge, MA 1976.<\/span><\/li><li><span data-nosnippet>Karad\u017ei\u0107, Vuk Stefanovi\u0107: <em>Srpski rje\u010dnik<\/em>. Wien 1818.<\/span><\/li><\/ul><div data-nosnippet=\"true\" class=\"iwg-litliste\"><\/div><\/footer>\n<p class=\"iwg-bib-more\"><span data-nosnippet>Fleiri grunnrit \u00ed <a href=\"https:\/\/iwell-guard.com\/is\/?page_id=168730\">heimildaskr\u00e1nni<\/a>.<\/span><\/p>\t\t\t\t\t\t\t\t<\/div>\n\t\t\t\t<\/div>\n\t\t\t\t\t<\/div>\n\t\t\t\t<\/div>\n\t\t<div class=\"elementor-element elementor-element-iwgca-upyr-sec e-flex e-con-boxed e-con e-parent\" data-id=\"iwgca-upyr-sec\" data-element_type=\"container\" data-e-type=\"container\" id=\"iwg-ca-upyr\">\n\t\t\t\t\t<div class=\"e-con-inner\">\n\t\t\t\t<div class=\"elementor-element elementor-element-iwgca-upyr-te iwg-ca-textwrap elementor-widget elementor-widget-text-editor\" data-id=\"iwgca-upyr-te\" data-element_type=\"widget\" data-e-type=\"widget\" data-widget_type=\"text-editor.default\">\n\t\t\t\t\t\t\t\t\t<div data-nosnippet=\"true\"><p class=\"iwg-ca-bridge\">Verndarhef\u00f0in sem h\u00e9r er l\u00fdst er v\u00edsindaleg \u00fattekt \u00e1 s\u00f6guhef\u00f0um. iWell Guard tengist \u00feessari menningars\u00f6gulegu hef\u00f0 verndargripa sem borin eru \u00e1 l\u00edkamanum og er n\u00fat\u00edmaleg \u00fatf\u00e6rsla \u00e1 henni. <a href=\"\/ueber-iwell-guard\/?utm_source=iwell-guard.com&#038;utm_medium=text-link&#038;utm_campaign=schadwesen-tradition\">Meira um iWell Guard \u2192<\/a><\/p><\/div>\t\t\t\t\t\t\t\t<\/div>\n\t\t\t\t\t<\/div>\n\t\t\t\t<\/div>\n\t\t\t\t<\/div>\n\t\t","protected":false},"excerpt":{"rendered":"","protected":false},"author":3,"featured_media":1714,"parent":0,"menu_order":0,"comment_status":"closed","ping_status":"closed","template":"elementor_header_footer","meta":{"_yoast_wpseo_focuskw":"Upyr","_yoast_wpseo_title":"Upyr - Hinn slavneski afturg\u00f6nguma\u00f0ur","_yoast_wpseo_metadesc":"Upyr, slavneskur afturg\u00f6nguma\u00f0ur og forfa\u00f0ir hinnar n\u00fat\u00edmalegu vamp\u00edruger\u00f0ar: greftrunarsi\u00f0ir, varnarr\u00e1\u00f0 og saga vamp\u00edruhugmyndarinnar.","_yoast_wpseo_meta-robots-noindex":"","_yoast_wpseo_canonical":"","_angie_page":false,"gefaehrdungsstufe":"4","wesen_kultur":"slawisch","wesen_klasse":"daemonen","footnotes":""},"categories":[],"class_list":["post-168640","page","type-page","status-publish","has-post-thumbnail","hentry"],"yoast_head":"<!-- This site is optimized with the Yoast SEO Premium plugin v27.7 (Yoast SEO v28.3) - https:\/\/yoast.com\/product\/yoast-seo-premium-wordpress\/ -->\n<title>Upyr - Hinn slavneski afturg\u00f6nguma\u00f0ur<\/title>\n<meta name=\"description\" content=\"Upyr, slavneskur afturg\u00f6nguma\u00f0ur og forfa\u00f0ir hinnar n\u00fat\u00edmalegu vamp\u00edruger\u00f0ar: greftrunarsi\u00f0ir, varnarr\u00e1\u00f0 og saga vamp\u00edruhugmyndarinnar.\" \/>\n<meta name=\"robots\" content=\"index, follow, max-snippet:-1, max-image-preview:large, max-video-preview:-1\" \/>\n<link rel=\"canonical\" href=\"https:\/\/iwell-guard.com\/is\/upyr\/\" \/>\n<meta property=\"og:locale\" content=\"is_IS\" \/>\n<meta property=\"og:type\" content=\"article\" \/>\n<meta property=\"og:title\" content=\"Upyr\" \/>\n<meta property=\"og:description\" content=\"Upyr, slavneskur afturg\u00f6nguma\u00f0ur og forfa\u00f0ir hinnar n\u00fat\u00edmalegu vamp\u00edruger\u00f0ar: greftrunarsi\u00f0ir, varnarr\u00e1\u00f0 og saga vamp\u00edruhugmyndarinnar.\" \/>\n<meta property=\"og:url\" content=\"https:\/\/iwell-guard.com\/is\/upyr\/\" \/>\n<meta property=\"og:site_name\" content=\"iWell Guard\" \/>\n<meta property=\"article:modified_time\" content=\"2026-09-05T14:15:43+00:00\" \/>\n<meta property=\"og:image\" content=\"https:\/\/iwell-guard.com\/wp-content\/uploads\/2026\/04\/daemonen_slawisch_upyr.webp\" \/>\n\t<meta property=\"og:image:width\" content=\"1024\" \/>\n\t<meta property=\"og:image:height\" content=\"1536\" \/>\n\t<meta property=\"og:image:type\" content=\"image\/webp\" \/>\n<meta name=\"twitter:card\" content=\"summary_large_image\" \/>\n<script type=\"application\/ld+json\" class=\"yoast-schema-graph\">{\"@context\":\"https:\\\/\\\/schema.org\",\"@graph\":[{\"@type\":\"WebPage\",\"@id\":\"https:\\\/\\\/iwell-guard.com\\\/is\\\/upyr\\\/\",\"url\":\"https:\\\/\\\/iwell-guard.com\\\/is\\\/upyr\\\/\",\"name\":\"Upyr - Hinn slavneski afturg\u00f6nguma\u00f0ur\",\"isPartOf\":{\"@id\":\"https:\\\/\\\/iwell-guard.com\\\/is\\\/#website\"},\"primaryImageOfPage\":{\"@id\":\"https:\\\/\\\/iwell-guard.com\\\/is\\\/upyr\\\/#primaryimage\"},\"image\":{\"@id\":\"https:\\\/\\\/iwell-guard.com\\\/is\\\/upyr\\\/#primaryimage\"},\"thumbnailUrl\":\"https:\\\/\\\/iwell-guard.com\\\/wp-content\\\/uploads\\\/2026\\\/04\\\/daemonen_slawisch_upyr.webp\",\"datePublished\":\"2026-09-05T14:01:47+00:00\",\"dateModified\":\"2026-09-05T14:15:43+00:00\",\"description\":\"Upyr, slavneskur afturg\u00f6nguma\u00f0ur og forfa\u00f0ir hinnar n\u00fat\u00edmalegu vamp\u00edruger\u00f0ar: greftrunarsi\u00f0ir, varnarr\u00e1\u00f0 og saga vamp\u00edruhugmyndarinnar.\",\"breadcrumb\":{\"@id\":\"https:\\\/\\\/iwell-guard.com\\\/is\\\/upyr\\\/#breadcrumb\"},\"inLanguage\":\"is\",\"potentialAction\":[{\"@type\":\"ReadAction\",\"target\":[\"https:\\\/\\\/iwell-guard.com\\\/is\\\/upyr\\\/\"]}]},{\"@type\":\"ImageObject\",\"inLanguage\":\"is\",\"@id\":\"https:\\\/\\\/iwell-guard.com\\\/is\\\/upyr\\\/#primaryimage\",\"url\":\"https:\\\/\\\/iwell-guard.com\\\/wp-content\\\/uploads\\\/2026\\\/04\\\/daemonen_slawisch_upyr.webp\",\"contentUrl\":\"https:\\\/\\\/iwell-guard.com\\\/wp-content\\\/uploads\\\/2026\\\/04\\\/daemonen_slawisch_upyr.webp\",\"width\":1024,\"height\":1536,\"caption\":\"Dj\u00f6flar \u00far slavneskri hef\u00f0.\"},{\"@type\":\"BreadcrumbList\",\"@id\":\"https:\\\/\\\/iwell-guard.com\\\/is\\\/upyr\\\/#breadcrumb\",\"itemListElement\":[{\"@type\":\"ListItem\",\"position\":1,\"name\":\"Start\",\"item\":\"https:\\\/\\\/iwell-guard.com\\\/is\\\/?page_id=168580\"},{\"@type\":\"ListItem\",\"position\":2,\"name\":\"Upyr\"}]},{\"@type\":\"WebSite\",\"@id\":\"https:\\\/\\\/iwell-guard.com\\\/is\\\/#website\",\"url\":\"https:\\\/\\\/iwell-guard.com\\\/is\\\/\",\"name\":\"iWell Guard\",\"description\":\"Schutz vor dunklen Einfl\u00fcssen\",\"publisher\":{\"@id\":\"https:\\\/\\\/iwell-guard.com\\\/is\\\/#organization\"},\"potentialAction\":[{\"@type\":\"SearchAction\",\"target\":{\"@type\":\"EntryPoint\",\"urlTemplate\":\"https:\\\/\\\/iwell-guard.com\\\/is\\\/?s={search_term_string}\"},\"query-input\":{\"@type\":\"PropertyValueSpecification\",\"valueRequired\":true,\"valueName\":\"search_term_string\"}}],\"inLanguage\":\"is\"},{\"@type\":\"Organization\",\"@id\":\"https:\\\/\\\/iwell-guard.com\\\/is\\\/#organization\",\"name\":\"Ittermann electronic GmbH\",\"url\":\"https:\\\/\\\/iwell-guard.com\\\/is\\\/\",\"logo\":{\"@type\":\"ImageObject\",\"inLanguage\":\"is\",\"@id\":\"https:\\\/\\\/iwell-guard.com\\\/is\\\/#\\\/schema\\\/logo\\\/image\\\/\",\"url\":\"https:\\\/\\\/iwell-guard.com\\\/wp-content\\\/uploads\\\/2026\\\/05\\\/Ittermann-Logo-1182x237-1.png\",\"contentUrl\":\"https:\\\/\\\/iwell-guard.com\\\/wp-content\\\/uploads\\\/2026\\\/05\\\/Ittermann-Logo-1182x237-1.png\",\"width\":1182,\"height\":237,\"caption\":\"Ittermann electronic GmbH\"},\"image\":{\"@id\":\"https:\\\/\\\/iwell-guard.com\\\/is\\\/#\\\/schema\\\/logo\\\/image\\\/\"},\"sameAs\":[\"https:\\\/\\\/pantip.com\\\/profile\\\/9367242\",\"https:\\\/\\\/micro.blog\\\/iwellguard\",\"https:\\\/\\\/www.diggerslist.com\\\/iwellguard\\\/about\",\"https:\\\/\\\/skitterphoto.com\\\/photographers\\\/2870314\\\/iwell-guard\",\"https:\\\/\\\/iwellguard.wordpress.com\\\/2026\\\/06\\\/06\\\/iwell-guard\\\/\",\"https:\\\/\\\/hub.docker.com\\\/u\\\/iwellguard\",\"https:\\\/\\\/www.pinterest.com\\\/iwellguard\\\/\",\"https:\\\/\\\/bit.ly\\\/m\\\/iwellguard\",\"https:\\\/\\\/entre-vos-mains.alsace.eu\\\/profiles\\\/iwellguard\\\/activity\",\"https:\\\/\\\/gravatar.com\\\/reallybeded8fd34\",\"https:\\\/\\\/naijamatta.com\\\/iwellguard\",\"https:\\\/\\\/www.goodreads.com\\\/iwellguard\",\"https:\\\/\\\/profile.hatena.ne.jp\\\/iwellguard\\\/\",\"https:\\\/\\\/experiment.com\\\/users\\\/iwellguard\",\"https:\\\/\\\/wakelet.com\\\/@iWellGuard82270\",\"https:\\\/\\\/www.chordie.com\\\/forum\\\/profile.php?id=2555664\",\"https:\\\/\\\/www.instapaper.com\\\/p\\\/17757966\",\"https:\\\/\\\/www.mapleprimes.com\\\/users\\\/iwellguard\",\"https:\\\/\\\/businesslistingplus.com\\\/profile\\\/iwell-guard\\\/\",\"https:\\\/\\\/telegra.ph\\\/iWell-Guard-06-06\",\"https:\\\/\\\/pbase.com\\\/iwellguard\\\/iwellguard\",\"https:\\\/\\\/b.hatena.ne.jp\\\/iwellguard\\\/20260607#bookmark-4788405196491818882\",\"https:\\\/\\\/fliphtml5.com\\\/home\\\/iwellguard\",\"https:\\\/\\\/anyflip.com\\\/homepage\\\/cmiwl#About\",\"https:\\\/\\\/transfur.com\\\/Users\\\/iwellguard\",\"http:\\\/\\\/delphi.larsbo.org\\\/user\\\/iwellguard\",\"https:\\\/\\\/jobs.lajobsportal.org\\\/profiles\\\/8380803-iwell-guard\",\"https:\\\/\\\/md.chaosdorf.de\\\/s\\\/jfbe5SBdJD\",\"https:\\\/\\\/www.lingvolive.com\\\/en-us\\\/profile\\\/9ecaeaca-ce11-4e51-9e71-01d55e2bff36\\\/translations\",\"https:\\\/\\\/www.fitday.com\\\/fitness\\\/forums\\\/members\\\/iwellguard.html\",\"https:\\\/\\\/www.mymeetbook.com\\\/iwellguard\",\"https:\\\/\\\/pxhere.com\\\/en\\\/photographer-me\\\/5040798\",\"https:\\\/\\\/disqus.com\\\/by\\\/iwellguard\\\/about\\\/\",\"https:\\\/\\\/pastelink.net\\\/hjwciqwq\",\"https:\\\/\\\/pubhtml5.com\\\/homepage\\\/scjhn\\\/\",\"https:\\\/\\\/www.bitchute.com\\\/channel\\\/2O2eOKzNqujT\",\"https:\\\/\\\/audiomack.com\\\/iwellguard\"]},{\"@type\":\"Article\",\"@id\":\"https:\\\/\\\/iwell-guard.com\\\/is\\\/upyr\\\/#article\",\"isPartOf\":{\"@id\":\"https:\\\/\\\/iwell-guard.com\\\/is\\\/upyr\\\/\"},\"author\":{\"name\":\"Ralf Ittermann\",\"@id\":\"https:\\\/\\\/iwell-guard.com\\\/is\\\/#\\\/schema\\\/person\\\/ee2a27f1cac3406c7c6fb5820cb7349f\"},\"headline\":\"Upyr\",\"datePublished\":\"2026-09-05T14:01:47+00:00\",\"dateModified\":\"2026-09-05T14:15:43+00:00\",\"mainEntityOfPage\":{\"@id\":\"https:\\\/\\\/iwell-guard.com\\\/is\\\/upyr\\\/\"},\"publisher\":{\"@id\":\"https:\\\/\\\/iwell-guard.com\\\/is\\\/#organization\"},\"image\":{\"@id\":\"https:\\\/\\\/iwell-guard.com\\\/is\\\/upyr\\\/#primaryimage\"},\"thumbnailUrl\":\"https:\\\/\\\/iwell-guard.com\\\/wp-content\\\/uploads\\\/2026\\\/04\\\/daemonen_slawisch_upyr.webp\",\"inLanguage\":\"is\",\"description\":\"Upyr, slavneskur afturg\u00f6nguma\u00f0ur og forfa\u00f0ir hinnar n\u00fat\u00edmalegu vamp\u00edruger\u00f0ar: greftrunarsi\u00f0ir, varnarr\u00e1\u00f0 og saga vamp\u00edruhugmyndarinnar.\"}]}<\/script>\n<!-- \/ Yoast SEO Premium plugin. -->","yoast_head_json":{"title":"Upyr - Hinn slavneski afturg\u00f6nguma\u00f0ur","description":"Upyr, slavneskur afturg\u00f6nguma\u00f0ur og forfa\u00f0ir hinnar n\u00fat\u00edmalegu vamp\u00edruger\u00f0ar: greftrunarsi\u00f0ir, varnarr\u00e1\u00f0 og saga vamp\u00edruhugmyndarinnar.","robots":{"index":"index","follow":"follow","max-snippet":"max-snippet:-1","max-image-preview":"max-image-preview:large","max-video-preview":"max-video-preview:-1"},"canonical":"https:\/\/iwell-guard.com\/is\/upyr\/","og_locale":"is_IS","og_type":"article","og_title":"Upyr","og_description":"Upyr, slavneskur afturg\u00f6nguma\u00f0ur og forfa\u00f0ir hinnar n\u00fat\u00edmalegu vamp\u00edruger\u00f0ar: greftrunarsi\u00f0ir, varnarr\u00e1\u00f0 og saga vamp\u00edruhugmyndarinnar.","og_url":"https:\/\/iwell-guard.com\/is\/upyr\/","og_site_name":"iWell Guard","article_modified_time":"2026-09-05T14:15:43+00:00","og_image":[{"width":1024,"height":1536,"url":"https:\/\/iwell-guard.com\/wp-content\/uploads\/2026\/04\/daemonen_slawisch_upyr.webp","type":"image\/webp"}],"twitter_card":"summary_large_image","schema":{"@context":"https:\/\/schema.org","@graph":[{"@type":"Article","@id":"https:\/\/iwell-guard.com\/is\/upyr\/#article","isPartOf":{"@id":"https:\/\/iwell-guard.com\/is\/upyr\/"},"author":{"name":"Ralf Ittermann","@id":"https:\/\/iwell-guard.com\/is\/#\/schema\/person\/ee2a27f1cac3406c7c6fb5820cb7349f"},"headline":"Upyr","datePublished":"2026-09-05T14:01:47+00:00","dateModified":"2026-09-05T14:15:43+00:00","mainEntityOfPage":{"@id":"https:\/\/iwell-guard.com\/is\/upyr\/"},"publisher":{"@id":"https:\/\/iwell-guard.com\/is\/#organization"},"image":{"@id":"https:\/\/iwell-guard.com\/is\/upyr\/#primaryimage"},"thumbnailUrl":"https:\/\/iwell-guard.com\/wp-content\/uploads\/2026\/04\/daemonen_slawisch_upyr.webp","inLanguage":"is","description":"Upyr, slavneskur afturg\u00f6nguma\u00f0ur og forfa\u00f0ir hinnar n\u00fat\u00edmalegu vamp\u00edruger\u00f0ar: greftrunarsi\u00f0ir, varnarr\u00e1\u00f0 og saga vamp\u00edruhugmyndarinnar."},{"@type":"WebPage","@id":"https:\/\/iwell-guard.com\/is\/upyr\/","url":"https:\/\/iwell-guard.com\/is\/upyr\/","name":"Upyr - Hinn slavneski afturg\u00f6nguma\u00f0ur","isPartOf":{"@id":"https:\/\/iwell-guard.com\/is\/#website"},"primaryImageOfPage":{"@id":"https:\/\/iwell-guard.com\/is\/upyr\/#primaryimage"},"image":{"@id":"https:\/\/iwell-guard.com\/is\/upyr\/#primaryimage"},"thumbnailUrl":"https:\/\/iwell-guard.com\/wp-content\/uploads\/2026\/04\/daemonen_slawisch_upyr.webp","datePublished":"2026-09-05T14:01:47+00:00","dateModified":"2026-09-05T14:15:43+00:00","description":"Upyr, slavneskur afturg\u00f6nguma\u00f0ur og forfa\u00f0ir hinnar n\u00fat\u00edmalegu vamp\u00edruger\u00f0ar: greftrunarsi\u00f0ir, varnarr\u00e1\u00f0 og saga vamp\u00edruhugmyndarinnar.","breadcrumb":{"@id":"https:\/\/iwell-guard.com\/is\/upyr\/#breadcrumb"},"inLanguage":"is","potentialAction":[{"@type":"ReadAction","target":["https:\/\/iwell-guard.com\/is\/upyr\/"]}]},{"@type":"ImageObject","inLanguage":"is","@id":"https:\/\/iwell-guard.com\/is\/upyr\/#primaryimage","url":"https:\/\/iwell-guard.com\/wp-content\/uploads\/2026\/04\/daemonen_slawisch_upyr.webp","contentUrl":"https:\/\/iwell-guard.com\/wp-content\/uploads\/2026\/04\/daemonen_slawisch_upyr.webp","width":1024,"height":1536,"caption":"Dj\u00f6flar \u00far slavneskri hef\u00f0."},{"@type":"BreadcrumbList","@id":"https:\/\/iwell-guard.com\/is\/upyr\/#breadcrumb","itemListElement":[{"@type":"ListItem","position":1,"name":"Start","item":"https:\/\/iwell-guard.com\/is\/?page_id=168580"},{"@type":"ListItem","position":2,"name":"Upyr"}]},{"@type":"WebSite","@id":"https:\/\/iwell-guard.com\/is\/#website","url":"https:\/\/iwell-guard.com\/is\/","name":"iWell Guard","description":"Schutz vor dunklen Einfl\u00fcssen","publisher":{"@id":"https:\/\/iwell-guard.com\/is\/#organization"},"potentialAction":[{"@type":"SearchAction","target":{"@type":"EntryPoint","urlTemplate":"https:\/\/iwell-guard.com\/is\/?s={search_term_string}"},"query-input":{"@type":"PropertyValueSpecification","valueRequired":true,"valueName":"search_term_string"}}],"inLanguage":"is"},{"@type":"Organization","@id":"https:\/\/iwell-guard.com\/is\/#organization","name":"Ittermann electronic GmbH","url":"https:\/\/iwell-guard.com\/is\/","logo":{"@type":"ImageObject","inLanguage":"is","@id":"https:\/\/iwell-guard.com\/is\/#\/schema\/logo\/image\/","url":"https:\/\/iwell-guard.com\/wp-content\/uploads\/2026\/05\/Ittermann-Logo-1182x237-1.png","contentUrl":"https:\/\/iwell-guard.com\/wp-content\/uploads\/2026\/05\/Ittermann-Logo-1182x237-1.png","width":1182,"height":237,"caption":"Ittermann electronic GmbH"},"image":{"@id":"https:\/\/iwell-guard.com\/is\/#\/schema\/logo\/image\/"},"sameAs":["https:\/\/pantip.com\/profile\/9367242","https:\/\/micro.blog\/iwellguard","https:\/\/www.diggerslist.com\/iwellguard\/about","https:\/\/skitterphoto.com\/photographers\/2870314\/iwell-guard","https:\/\/iwellguard.wordpress.com\/2026\/06\/06\/iwell-guard\/","https:\/\/hub.docker.com\/u\/iwellguard","https:\/\/www.pinterest.com\/iwellguard\/","https:\/\/bit.ly\/m\/iwellguard","https:\/\/entre-vos-mains.alsace.eu\/profiles\/iwellguard\/activity","https:\/\/gravatar.com\/reallybeded8fd34","https:\/\/naijamatta.com\/iwellguard","https:\/\/www.goodreads.com\/iwellguard","https:\/\/profile.hatena.ne.jp\/iwellguard\/","https:\/\/experiment.com\/users\/iwellguard","https:\/\/wakelet.com\/@iWellGuard82270","https:\/\/www.chordie.com\/forum\/profile.php?id=2555664","https:\/\/www.instapaper.com\/p\/17757966","https:\/\/www.mapleprimes.com\/users\/iwellguard","https:\/\/businesslistingplus.com\/profile\/iwell-guard\/","https:\/\/telegra.ph\/iWell-Guard-06-06","https:\/\/pbase.com\/iwellguard\/iwellguard","https:\/\/b.hatena.ne.jp\/iwellguard\/20260607#bookmark-4788405196491818882","https:\/\/fliphtml5.com\/home\/iwellguard","https:\/\/anyflip.com\/homepage\/cmiwl#About","https:\/\/transfur.com\/Users\/iwellguard","http:\/\/delphi.larsbo.org\/user\/iwellguard","https:\/\/jobs.lajobsportal.org\/profiles\/8380803-iwell-guard","https:\/\/md.chaosdorf.de\/s\/jfbe5SBdJD","https:\/\/www.lingvolive.com\/en-us\/profile\/9ecaeaca-ce11-4e51-9e71-01d55e2bff36\/translations","https:\/\/www.fitday.com\/fitness\/forums\/members\/iwellguard.html","https:\/\/www.mymeetbook.com\/iwellguard","https:\/\/pxhere.com\/en\/photographer-me\/5040798","https:\/\/disqus.com\/by\/iwellguard\/about\/","https:\/\/pastelink.net\/hjwciqwq","https:\/\/pubhtml5.com\/homepage\/scjhn\/","https:\/\/www.bitchute.com\/channel\/2O2eOKzNqujT","https:\/\/audiomack.com\/iwellguard"]},{"@type":"Person","@id":"https:\/\/iwell-guard.com\/is\/#\/schema\/person\/ee2a27f1cac3406c7c6fb5820cb7349f","name":"Ralf Ittermann","image":{"@type":"ImageObject","inLanguage":"is","@id":"https:\/\/secure.gravatar.com\/avatar\/073c0153e350a5005b68eb752b445fea71f6b24a26da9449ad7e155e6b446c9d?s=96&d=mm&r=g","url":"https:\/\/secure.gravatar.com\/avatar\/073c0153e350a5005b68eb752b445fea71f6b24a26da9449ad7e155e6b446c9d?s=96&d=mm&r=g","contentUrl":"https:\/\/secure.gravatar.com\/avatar\/073c0153e350a5005b68eb752b445fea71f6b24a26da9449ad7e155e6b446c9d?s=96&d=mm&r=g","caption":"Ralf Ittermann"},"givenName":"Ralf","familyName":"Ittermann","jobTitle":"Gesch\u00e4ftsf\u00fchrer und redaktioneller Verantwortlicher","url":"https:\/\/iwell-guard.com\/is\/author\/claude\/","description":"Ralf Ittermann ist Gesch\u00e4ftsf\u00fchrer der Ittermann electronic GmbH und redaktioneller Verantwortlicher des iWell-Guard-Lexikons. Er verbindet langj\u00e4hrige Erfahrung in der Pr\u00e4zisionsfertigung mit medialer Praxis und religionsgeschichtlicher Quellenarbeit.","worksFor":{"@type":"Organization","name":"Ittermann electronic GmbH","url":"https:\/\/ittermann.de\/","address":{"@type":"PostalAddress","streetAddress":"K\u00f6hlergasse 16-18","postalCode":"99842","addressLocality":"Ruhla","addressCountry":"DE"}},"knowsAbout":["Religionsgeschichte","Mythologie","Mediale Praxis","Energetische Diagnostik","Schutzpraxis","Volksglauben","Westliche Esoterik"]},{"@type":"Article","@id":"https:\/\/iwell-guard.com\/is\/upyr\/#article","isPartOf":{"@id":"https:\/\/iwell-guard.com\/is\/upyr\/"},"author":{"name":"Ralf Ittermann","@id":"https:\/\/iwell-guard.com\/is\/#\/schema\/person\/ee2a27f1cac3406c7c6fb5820cb7349f"},"headline":"Upyr","datePublished":"2026-09-05T14:01:47+00:00","dateModified":"2026-09-05T14:15:43+00:00","mainEntityOfPage":{"@id":"https:\/\/iwell-guard.com\/is\/upyr\/"},"publisher":{"@id":"https:\/\/iwell-guard.com\/is\/#organization"},"image":{"@id":"https:\/\/iwell-guard.com\/is\/upyr\/#primaryimage"},"thumbnailUrl":"https:\/\/iwell-guard.com\/wp-content\/uploads\/2026\/04\/daemonen_slawisch_upyr.webp","inLanguage":"is","description":"Upyr, slavneskur afturg\u00f6nguma\u00f0ur og forfa\u00f0ir hinnar n\u00fat\u00edmalegu vamp\u00edruger\u00f0ar: greftrunarsi\u00f0ir, varnarr\u00e1\u00f0 og saga vamp\u00edruhugmyndarinnar."}]}},"_links":{"self":[{"href":"https:\/\/iwell-guard.com\/is\/wp-json\/wp\/v2\/pages\/168640","targetHints":{"allow":["GET"]}}],"collection":[{"href":"https:\/\/iwell-guard.com\/is\/wp-json\/wp\/v2\/pages"}],"about":[{"href":"https:\/\/iwell-guard.com\/is\/wp-json\/wp\/v2\/types\/page"}],"author":[{"embeddable":true,"href":"https:\/\/iwell-guard.com\/is\/wp-json\/wp\/v2\/users\/3"}],"replies":[{"embeddable":true,"href":"https:\/\/iwell-guard.com\/is\/wp-json\/wp\/v2\/comments?post=168640"}],"version-history":[{"count":0,"href":"https:\/\/iwell-guard.com\/is\/wp-json\/wp\/v2\/pages\/168640\/revisions"}],"wp:featuredmedia":[{"embeddable":true,"href":"https:\/\/iwell-guard.com\/is\/wp-json\/wp\/v2\/media\/1714"}],"wp:attachment":[{"href":"https:\/\/iwell-guard.com\/is\/wp-json\/wp\/v2\/media?parent=168640"}],"wp:term":[{"taxonomy":"category","embeddable":true,"href":"https:\/\/iwell-guard.com\/is\/wp-json\/wp\/v2\/categories?post=168640"}],"curies":[{"name":"wp","href":"https:\/\/api.w.org\/{rel}","templated":true}]}}