{"id":168634,"date":"2026-09-05T14:01:45","date_gmt":"2026-09-05T14:01:45","guid":{"rendered":"https:\/\/iwell-guard.com\/?page_id=168634"},"modified":"2026-09-05T14:15:34","modified_gmt":"2026-09-05T14:15:34","slug":"cailleach","status":"publish","type":"page","link":"https:\/\/iwell-guard.com\/is\/cailleach\/","title":{"rendered":"Cailleach"},"content":{"rendered":"\t\t<div data-elementor-type=\"wp-page\" data-elementor-id=\"168634\" class=\"elementor elementor-168634 elementor-1035\" data-elementor-post-type=\"page\">\n\t\t\t\t<div class=\"elementor-element elementor-element-10fdade e-flex e-con-boxed e-con e-parent\" data-id=\"10fdade\" data-element_type=\"container\" data-e-type=\"container\" data-settings=\"{&quot;background_background&quot;:&quot;classic&quot;}\">\n\t\t\t\t\t<div class=\"e-con-inner\">\n\t\t<div class=\"elementor-element elementor-element-herohlft0 e-flex e-con-boxed e-con e-child\" data-id=\"herohlft0\" data-element_type=\"container\" data-e-type=\"container\">\n\t\t\t\t\t<div class=\"e-con-inner\">\n\t\t<div class=\"elementor-element elementor-element-c3ceb64 e-con-full e-flex e-con e-child\" data-id=\"c3ceb64\" data-element_type=\"container\" data-e-type=\"container\">\n\t\t\t\t<div class=\"elementor-element elementor-element-96ae5e1 elementor-widget elementor-widget-heading\" data-id=\"96ae5e1\" data-element_type=\"widget\" data-e-type=\"widget\" data-widget_type=\"heading.default\">\n\t\t\t\t\t<h1 class=\"elementor-heading-title elementor-size-default\">Cailleach, gy\u00f0ja \u00ed keltneskri hef\u00f0<\/h1>\t\t\t\t<\/div>\n\t\t\t\t<div class=\"elementor-element elementor-element-e45238a elementor-widget elementor-widget-text-editor\" data-id=\"e45238a\" data-element_type=\"widget\" data-e-type=\"widget\" data-widget_type=\"text-editor.default\">\n\t\t\t\t\t\t\t\t\t<p>Cailleach er gy\u00f0ja \u00ed keltneskri hef\u00f0.<\/p><p><strong>Hin gamla, vetrargy\u00f0ja og klettaformari keltneska heimsins.<\/strong><\/p>\t\t\t\t\t\t\t\t<\/div>\n\t\t\t\t<\/div>\n\t\t<div class=\"elementor-element elementor-element-klsbdg01 e-con-full e-flex e-con e-parent\" data-id=\"klsbdg01\" data-element_type=\"container\" data-e-type=\"container\">\n\t\t\t\t<div class=\"elementor-element elementor-element-klshtm01 elementor-widget elementor-widget-html\" data-id=\"klshtm01\" data-element_type=\"widget\" data-e-type=\"widget\" data-widget_type=\"html.default\">\n\t\t\t\t\t<div class=\"iwg-pill-row\"><span class=\"iwg-klasse-badge\" tabindex=\"0\" data-tooltip=\"Gu\u00f0 \/ gy\u00f0ja: Pers\u00f3nuger\u00f0ur h\u00e6sti m\u00e1ttur \u00ed go\u00f0aheimi menningar, me\u00f0 sk\u00fdr hlutverk, n\u00e1tt\u00faru\u00f6fl, \u00f6rl\u00f6g, str\u00ed\u00f0, frj\u00f3semi. Tilbe\u00f0in me\u00f0 helgisi\u00f0um, f\u00f3rnum og musterisstofnunum.\">Gy\u00f0ja<\/span><a href=\"https:\/\/iwell-guard.com\/is\/?page_id=168615\" class=\"iwg-kultur-badge\" tabindex=\"0\" data-tooltip=\"Keltnesk tr\u00fa Vestur-Evr\u00f3pu og bresku eyjanna, var\u00f0veitt go\u00f0s\u00f6gulega \u00ed \u00edrskum og velskum textum.\">Keltneskt<\/a><a href=\"https:\/\/iwell-guard.com\/is\/?page_id=168708\" class=\"iwg-tradition-badge\" tabindex=\"0\" data-tooltip=\"Verndargu\u00f0ir, verndarar heimilis, borgar, f\u00e6\u00f0inga, fer\u00f0alaga e\u00f0a l\u00edfsskei\u00f0a.\">Verndargu\u00f0<\/a><\/div>\t\t\t\t<\/div>\n\t\t\t\t<\/div>\n\t\t<div class=\"elementor-element elementor-element-3f74855 e-con-full e-flex e-con e-child\" data-id=\"3f74855\" data-element_type=\"container\" data-e-type=\"container\">\n\t\t\t\t<div class=\"elementor-element elementor-element-1c30362 elementor-toc--minimized-on-tablet elementor-widget elementor-widget-table-of-contents\" data-id=\"1c30362\" data-element_type=\"widget\" data-e-type=\"widget\" data-settings=\"{&quot;exclude_headings_by_selector&quot;:[],&quot;no_headings_message&quot;:&quot;Engar undirfyrirsagnir fundust \\u00e1 \\u00feessari s\\u00ed\\u00f0u.&quot;,&quot;headings_by_tags&quot;:[&quot;h2&quot;,&quot;h3&quot;],&quot;marker_view&quot;:&quot;bullets&quot;,&quot;icon&quot;:{&quot;value&quot;:&quot;fas fa-circle&quot;,&quot;library&quot;:&quot;fa-solid&quot;,&quot;rendered_tag&quot;:&quot;&lt;svg class=\\&quot;e-font-icon-svg e-fas-circle\\&quot; viewBox=\\&quot;0 0 512 512\\&quot; xmlns=\\&quot;http:\\\/\\\/www.w3.org\\\/2000\\\/svg\\&quot;&gt;&lt;path d=\\&quot;M256 8C119 8 8 119 8 256s111 248 248 248 248-111 248-248S393 8 256 8z\\&quot;&gt;&lt;\\\/path&gt;&lt;\\\/svg&gt;&quot;},&quot;minimize_box&quot;:&quot;yes&quot;,&quot;minimized_on&quot;:&quot;tablet&quot;,&quot;hierarchical_view&quot;:&quot;yes&quot;,&quot;min_height&quot;:{&quot;unit&quot;:&quot;px&quot;,&quot;size&quot;:&quot;&quot;,&quot;sizes&quot;:[]},&quot;min_height_tablet&quot;:{&quot;unit&quot;:&quot;px&quot;,&quot;size&quot;:&quot;&quot;,&quot;sizes&quot;:[]},&quot;min_height_mobile&quot;:{&quot;unit&quot;:&quot;px&quot;,&quot;size&quot;:&quot;&quot;,&quot;sizes&quot;:[]}}\" data-widget_type=\"table-of-contents.default\">\n\t\t\t\t\t\t\t\t\t<div class=\"elementor-toc__header\">\n\t\t\t\t\t\t<h2 class=\"elementor-toc__header-title\">\n\t\t\t\tEfnisyfirlit\t\t\t<\/h2>\n\t\t\t\t\t\t\t\t\t\t<div class=\"elementor-toc__toggle-button elementor-toc__toggle-button--expand\" role=\"button\" tabindex=\"0\" aria-controls=\"elementor-toc__1c30362\" aria-expanded=\"true\" aria-label=\"Open table of contents\"><svg aria-hidden=\"true\" class=\"e-font-icon-svg e-fas-chevron-down\" viewBox=\"0 0 448 512\" xmlns=\"http:\/\/www.w3.org\/2000\/svg\"><path d=\"M207.029 381.476L12.686 187.132c-9.373-9.373-9.373-24.569 0-33.941l22.667-22.667c9.357-9.357 24.522-9.375 33.901-.04L224 284.505l154.745-154.021c9.379-9.335 24.544-9.317 33.901.04l22.667 22.667c9.373 9.373 9.373 24.569 0 33.941L240.971 381.476c-9.373 9.372-24.569 9.372-33.942 0z\"><\/path><\/svg><\/div>\n\t\t\t\t<div class=\"elementor-toc__toggle-button elementor-toc__toggle-button--collapse\" role=\"button\" tabindex=\"0\" aria-controls=\"elementor-toc__1c30362\" aria-expanded=\"true\" aria-label=\"Close table of contents\"><svg aria-hidden=\"true\" class=\"e-font-icon-svg e-fas-chevron-up\" viewBox=\"0 0 448 512\" xmlns=\"http:\/\/www.w3.org\/2000\/svg\"><path d=\"M240.971 130.524l194.343 194.343c9.373 9.373 9.373 24.569 0 33.941l-22.667 22.667c-9.357 9.357-24.522 9.375-33.901.04L224 227.495 69.255 381.516c-9.379 9.335-24.544 9.317-33.901-.04l-22.667-22.667c-9.373-9.373-9.373-24.569 0-33.941L207.03 130.525c9.372-9.373 24.568-9.373 33.941-.001z\"><\/path><\/svg><\/div>\n\t\t\t\t\t<\/div>\n\t\t\t\t<div id=\"elementor-toc__1c30362\" class=\"elementor-toc__body\">\n\t\t\t<div class=\"elementor-toc__spinner-container\">\n\t\t\t\t<svg class=\"elementor-toc__spinner eicon-animation-spin e-font-icon-svg e-eicon-loading\" aria-hidden=\"true\" viewBox=\"0 0 1000 1000\" xmlns=\"http:\/\/www.w3.org\/2000\/svg\"><path d=\"M500 975V858C696 858 858 696 858 500S696 142 500 142 142 304 142 500H25C25 237 238 25 500 25S975 237 975 500 763 975 500 975Z\"><\/path><\/svg>\t\t\t<\/div>\n\t\t<\/div>\n\t\t\t\t\t\t<\/div>\n\t\t\t\t<\/div>\n\t\t\t\t\t<\/div>\n\t\t\t\t<\/div>\n\t\t<div class=\"elementor-element elementor-element-herorght0 e-con-full e-flex e-con e-child\" data-id=\"herorght0\" data-element_type=\"container\" data-e-type=\"container\">\n\t\t\t\t<div class=\"elementor-element elementor-element-heroimg00 iwg-hero-image elementor-widget elementor-widget-image\" data-id=\"heroimg00\" data-element_type=\"widget\" data-e-type=\"widget\" data-widget_type=\"image.default\">\n\t\t\t\t\t\t\t\t\t\t\t\t\t\t\t<img fetchpriority=\"high\" decoding=\"async\" width=\"683\" height=\"1024\" src=\"https:\/\/iwell-guard.com\/wp-content\/uploads\/2026\/04\/goetter_keltisch_cailleach-683x1024.webp\" class=\"attachment-large size-large wp-image-171087\" alt=\"Cailleach - Gu\u00f0ir \u00far keltneskri hef\u00f0, s\u00f6guleg-myndskreytt\" srcset=\"https:\/\/iwell-guard.com\/wp-content\/uploads\/2026\/04\/goetter_keltisch_cailleach-683x1024.webp 683w, https:\/\/iwell-guard.com\/wp-content\/uploads\/2026\/04\/goetter_keltisch_cailleach-200x300.webp 200w, https:\/\/iwell-guard.com\/wp-content\/uploads\/2026\/04\/goetter_keltisch_cailleach-768x1152.webp 768w, https:\/\/iwell-guard.com\/wp-content\/uploads\/2026\/04\/goetter_keltisch_cailleach.webp 1024w\" sizes=\"(max-width: 683px) 100vw, 683px\" \/>\t\t\t\t\t\t\t\t\t\t\t\t\t\t\t<\/div>\n\t\t\t\t<\/div>\n\t\t\t\t\t<\/div>\n\t\t\t\t<\/div>\n\t\t<div class=\"elementor-element elementor-element-32917199 e-flex e-con-boxed e-con e-parent\" data-id=\"32917199\" data-element_type=\"container\" data-e-type=\"container\">\n\t\t\t\t\t<div class=\"e-con-inner\">\n\t\t<div class=\"elementor-element elementor-element-26e916cb e-flex e-con-boxed e-con e-child\" data-id=\"26e916cb\" data-element_type=\"container\" data-e-type=\"container\">\n\t\t\t\t\t<div class=\"e-con-inner\">\n\t\t<div class=\"elementor-element elementor-element-253a40d4 e-flex e-con-boxed e-con e-child\" data-id=\"253a40d4\" data-element_type=\"container\" data-e-type=\"container\">\n\t\t\t\t\t<div class=\"e-con-inner\">\n\t\t\t\t<div class=\"elementor-element elementor-element-1200c304 elementor-widget elementor-widget-heading\" data-id=\"1200c304\" data-element_type=\"widget\" data-e-type=\"widget\" data-widget_type=\"heading.default\">\n\t\t\t\t\t<h2 class=\"elementor-heading-title elementor-size-default\">Cailleach<\/h2>\t\t\t\t<\/div>\n\t\t\t\t<div class=\"elementor-element elementor-element-11758e7f elementor-widget elementor-widget-text-editor\" data-id=\"11758e7f\" data-element_type=\"widget\" data-e-type=\"widget\" data-widget_type=\"text-editor.default\">\n\t\t\t\t\t\t\t\t\t<p>Cailleach er eitt af elstu go\u00f0m\u00f6gnum keltneskrar <span class=\"iwg-fachbegriff\" data-tooltip=\"Mi\u00f0lun \u00feekkingar og fr\u00e1sagna milli kynsl\u00f3\u00f0a.\" tabindex=\"0\">munnm\u00e6lahef\u00f0ar<\/span>. Nafn hennar (\u201es\u00fa me\u00f0 bl\u00e6juna\u201c, \u201ehuldu gamla konan\u201c) v\u00edsar til margr\u00e6\u00f0s kvenl\u00e6gs frumm\u00e1ttar, vetrargy\u00f0ju, fjalla- og klettaformara, frumm\u00f3\u00f0ur landslagsins, og \u00ed s\u00ed\u00f0ari hef\u00f0 einnig \u00f3gnvekjandi norna\u00edmyndar. H\u00fan stendur \u00e1 m\u00f6rkum gy\u00f0ju og dj\u00f6fulger\u00f0ar, milli heimssk\u00f6punar og d\u00f6kks vetrar\u00f6fls.<\/p><p>\u00cd \u00edrskri og skoskri-gel\u00edskri hef\u00f0 er Cailleach tengd \u00e1kve\u00f0num fj\u00f6llum, eyjum og \u00e1rst\u00ed\u00f0askiptum. H\u00fan r\u00e6\u00f0ur fr\u00e1 Samhain til Beltane; \u00e1 vorin breytist h\u00fan \u00ed stein e\u00f0a yngist. Umfangsmikil landfr\u00e6\u00f0i hennar, hundru\u00f0 sta\u00f0arnafna, klettaformana og fjallstinda, gerir hana a\u00f0 einni sterkustu pers\u00f3nu keltneskrar <span class=\"iwg-fachbegriff\" data-tooltip=\"Heild var\u00f0veittra go\u00f0sagna um gu\u00f0i \u00ed tiltekinni menningu.\" tabindex=\"0\">go\u00f0afr\u00e6\u00f0i<\/span> sem er bundin landslaginu.<\/p>\t\t\t\t\t\t\t\t<\/div>\n\t\t\t\t\t<\/div>\n\t\t\t\t<\/div>\n\t\t<div class=\"elementor-element elementor-element-159dcf9a e-flex e-con-boxed e-con e-child\" data-id=\"159dcf9a\" data-element_type=\"container\" data-e-type=\"container\">\n\t\t\t\t\t<div class=\"e-con-inner\">\n\t\t\t\t<div class=\"elementor-element elementor-element-48cee66f elementor-widget elementor-widget-heading\" data-id=\"48cee66f\" data-element_type=\"widget\" data-e-type=\"widget\" data-widget_type=\"heading.default\">\n\t\t\t\t\t<h2 class=\"elementor-heading-title elementor-size-default\">Flj\u00f3tlegt yfirlit: Cailleach<\/h2>\t\t\t\t<\/div>\n\t\t\t\t<div class=\"elementor-element elementor-element-3f50d82c elementor-widget elementor-widget-text-editor\" data-id=\"3f50d82c\" data-element_type=\"widget\" data-e-type=\"widget\" data-widget_type=\"text-editor.default\">\n\t\t\t\t\t\t\t\t\t<p><strong>Ger\u00f0:<\/strong> Margr\u00e6\u00f0 frumm\u00f3\u00f0ir, vetrargy\u00f0ja, landslagsformari<br>Uppruni: Fornkeltnesk hef\u00f0 fr\u00e1 t\u00edmum fyrir kristni<br>Textar: Dindsenchas, sta\u00f0arnafnasagnir, munnm\u00e6lahef\u00f0<br>T\u00edmabil: fornt til n\u00fat\u00ed\u00f0ar<br>\u00datbrei\u00f0sla: \u00cdrland, Skotland, Manarey<\/p>\t\t\t\t\t\t\t\t<\/div>\n\t\t\t\t\t<\/div>\n\t\t\t\t<\/div>\n\t\t\t\t\t<\/div>\n\t\t\t\t<\/div>\n\t\t\t\t\t<\/div>\n\t\t\t\t<\/div>\n\t\t<div class=\"elementor-element elementor-element-18613602 e-flex e-con-boxed e-con e-parent\" data-id=\"18613602\" data-element_type=\"container\" data-e-type=\"container\">\n\t\t\t\t\t<div class=\"e-con-inner\">\n\t\t\t\t<div class=\"elementor-element elementor-element-262b8a9f elementor-widget elementor-widget-heading\" data-id=\"262b8a9f\" data-element_type=\"widget\" data-e-type=\"widget\" data-widget_type=\"heading.default\">\n\t\t\t\t\t<h2 class=\"elementor-heading-title elementor-size-default\">Samhengi<\/h2>\t\t\t\t<\/div>\n\t\t<div class=\"elementor-element elementor-element-46dcb7d e-con-full e-flex e-con e-child\" data-id=\"46dcb7d\" data-element_type=\"container\" data-e-type=\"container\">\n\t\t<div class=\"elementor-element elementor-element-61d3ab3 e-flex e-con-boxed e-con e-child\" data-id=\"61d3ab3\" data-element_type=\"container\" data-e-type=\"container\">\n\t\t\t\t\t<div class=\"e-con-inner\">\n\t\t\t\t<div class=\"elementor-element elementor-element-117c166 elementor-widget elementor-widget-heading\" data-id=\"117c166\" data-element_type=\"widget\" data-e-type=\"widget\" data-widget_type=\"heading.default\">\n\t\t\t\t\t<div class=\"elementor-heading-title elementor-size-default\">T\u00edmabil textanna<\/div>\t\t\t\t<\/div>\n\t\t\t\t<div class=\"elementor-element elementor-element-73997a0 elementor-widget elementor-widget-text-editor\" data-id=\"73997a0\" data-element_type=\"widget\" data-e-type=\"widget\" data-widget_type=\"text-editor.default\">\n\t\t\t\t\t\t\t\t\t<p>Fornleifafr\u00e6\u00f0ilega tengd fornkeltneskri hef\u00f0 fr\u00e1 t\u00edmum fyrir kristni. Fyrstu b\u00f3kmenntaheimildir \u00ed \u00edrskum Dindsenchas (sta\u00f0arnafnas\u00f6gnum, 10. 11. \u00f6ld). R\u00edk <span class=\"iwg-fachbegriff\" data-tooltip=\"Mi\u00f0lun \u00feekkingar og fr\u00e1sagna milli kynsl\u00f3\u00f0a.\" tabindex=\"0\">munnm\u00e6lahef\u00f0<\/span> \u00ed skoskri-gel\u00edskri <span class=\"iwg-fachbegriff\" data-tooltip=\"Fr\u00e6\u00f0igrein sem rannsakar hversdagsmenningu, si\u00f0i og var\u00f0veittar hugmyndir.\" tabindex=\"0\">\u00fej\u00f3\u00f0fr\u00e6\u00f0i<\/span> 19. og 20. aldar (Campbell, Carmichael, McNeill). N\u00fdleg endurvakning \u00ed n\u00fdhei\u00f0ni.<\/p>\t\t\t\t\t\t\t\t<\/div>\n\t\t\t\t\t<\/div>\n\t\t\t\t<\/div>\n\t\t<div class=\"elementor-element elementor-element-d47b156 e-flex e-con-boxed e-con e-child\" data-id=\"d47b156\" data-element_type=\"container\" data-e-type=\"container\">\n\t\t\t\t\t<div class=\"e-con-inner\">\n\t\t\t\t<div class=\"elementor-element elementor-element-ff38c2b elementor-widget elementor-widget-heading\" data-id=\"ff38c2b\" data-element_type=\"widget\" data-e-type=\"widget\" data-widget_type=\"heading.default\">\n\t\t\t\t\t<div class=\"elementor-heading-title elementor-size-default\">\u00datbrei\u00f0slusv\u00e6\u00f0i<\/div>\t\t\t\t<\/div>\n\t\t\t\t<div class=\"elementor-element elementor-element-4e49fcc elementor-widget elementor-widget-text-editor\" data-id=\"4e49fcc\" data-element_type=\"widget\" data-e-type=\"widget\" data-widget_type=\"text-editor.default\">\n\t\t\t\t\t\t\t\t\t<p>\u00cdrland (Cailleach Bh\u00e9ara, Cailleach Beara), Skotland (Cailleach Bheur, Cailleach nan Cruachan), Manarey (Caillagh ny Groamagh). Hundru\u00f0 sta\u00f0a bera nafn hennar, fjallstindar, klettar, eyjar. S\u00e9rstaklega \u00fe\u00e9tt vi\u00f0 Atlantshafsstr\u00f6nd Vestur-Skotlands og Vestur-\u00cdrlands.<\/p>\t\t\t\t\t\t\t\t<\/div>\n\t\t\t\t\t<\/div>\n\t\t\t\t<\/div>\n\t\t\t\t<\/div>\n\t\t<div class=\"elementor-element elementor-element-db03c39 e-con-full e-flex e-con e-child\" data-id=\"db03c39\" data-element_type=\"container\" data-e-type=\"container\">\n\t\t<div class=\"elementor-element elementor-element-229a87b e-flex e-con-boxed e-con e-child\" data-id=\"229a87b\" data-element_type=\"container\" data-e-type=\"container\">\n\t\t\t\t\t<div class=\"e-con-inner\">\n\t\t\t\t<div class=\"elementor-element elementor-element-1f471fc elementor-widget elementor-widget-heading\" data-id=\"1f471fc\" data-element_type=\"widget\" data-e-type=\"widget\" data-widget_type=\"heading.default\">\n\t\t\t\t\t<div class=\"elementor-heading-title elementor-size-default\">Heimildasta\u00f0a<\/div>\t\t\t\t<\/div>\n\t\t\t\t<div class=\"elementor-element elementor-element-36b1201 elementor-widget elementor-widget-text-editor\" data-id=\"36b1201\" data-element_type=\"widget\" data-e-type=\"widget\" data-widget_type=\"text-editor.default\">\n\t\t\t\t\t\t\t\t\t<p><span data-nosnippet>Dindsenchas, sta\u00f0arnafnab\u00f3k, safnrit Campbells fr\u00e1 Vestur-H\u00e1l\u00f6ndum, F. Marian McNeills <em>The Silver Bough<\/em> (1957, 68), n\u00fdleg <span class=\"iwg-fachbegriff\" data-tooltip=\"Fr\u00e6\u00f0igrein sem rannsakar menningarsamf\u00e9l\u00f6g \u00e1 samanbur\u00f0arh\u00e1tt.\" tabindex=\"0\">\u00fej\u00f3\u00f0fr\u00e6\u00f0i<\/span> gel\u00edskra strandsv\u00e6\u00f0a.<\/span><\/p>\t\t\t\t\t\t\t\t<\/div>\n\t\t\t\t\t<\/div>\n\t\t\t\t<\/div>\n\t\t\t\t<\/div>\n\t\t\t\t\t<\/div>\n\t\t\t\t<\/div>\n\t\t<div class=\"elementor-element elementor-element-3ae0637c e-flex e-con-boxed e-con e-parent\" data-id=\"3ae0637c\" data-element_type=\"container\" data-e-type=\"container\">\n\t\t\t\t\t<div class=\"e-con-inner\">\n\t\t\t\t<div class=\"elementor-element elementor-element-31d07739 elementor-widget elementor-widget-heading\" data-id=\"31d07739\" data-element_type=\"widget\" data-e-type=\"widget\" data-widget_type=\"heading.default\">\n\t\t\t\t\t<h2 class=\"elementor-heading-title elementor-size-default\">Nafn og afbrig\u00f0i<\/h2>\t\t\t\t<\/div>\n\t\t<div class=\"elementor-element elementor-element-b7642947 e-con-full e-flex e-con e-child\" data-id=\"b7642947\" data-element_type=\"container\" data-e-type=\"container\">\n\t\t\t\t<div class=\"elementor-element elementor-element-a086266 elementor-widget elementor-widget-text-editor\" data-id=\"a086266\" data-element_type=\"widget\" data-e-type=\"widget\" data-widget_type=\"text-editor.default\">\n\t\t\t\t\t\t\t\t\t<p><strong>\u00cdrska:<\/strong> <em>cailleach<\/em>, or\u00f0r\u00e9tt \u201es\u00fa me\u00f0 bl\u00e6juna\u201c (\u00far lat. <em>pallium<\/em>, bl\u00e6ja), v\u00edkka\u00f0 \u00fat til \u201eg\u00f6mul kona, nunna, norn\u201c.<br>Skosk-gel\u00edska: <em>cailleach<\/em>; s\u00e9rstaklega <em>Cailleach Bheur<\/em>, \u201ehin hvassa gamla\u201c.<br>Vi\u00f0urnefni: Cailleach Bh\u00e9ara (Kerry-sv\u00e6\u00f0i\u00f0), Cailleach nan Cruachan (H\u00e1l\u00f6nd Skotlands), Caillagh ny Groamagh (Manarey).<br>Tengdar gy\u00f0jur: Morr\u00edgan (str\u00ed\u00f0sgy\u00f0ja), Danu (frumm\u00f3\u00f0ir Tuatha D\u00e9 Danann).<\/p><p>Nafni\u00f0 hefur \u00ferj\u00fa merkingarl\u00f6g: l\u00edkamlega g\u00f6mul kona, tr\u00faarlega bl\u00e6jukl\u00e6dd nunna (undir kristnum \u00e1hrifum), go\u00f0s\u00f6gulega frumm\u00f3\u00f0ir\/vetrardrottning. \u00d6ll \u00ferj\u00fa l\u00f6gin eru virk samt\u00edmis \u00ed munnm\u00e6lahef\u00f0inni.<\/p>\t\t\t\t\t\t\t\t<\/div>\n\t\t\t\t<\/div>\n\t\t\t\t\t<\/div>\n\t\t\t\t<\/div>\n\t\t<div class=\"elementor-element elementor-element-709a44a8 e-flex e-con-boxed e-con e-parent\" data-id=\"709a44a8\" data-element_type=\"container\" data-e-type=\"container\">\n\t\t\t\t\t<div class=\"e-con-inner\">\n\t\t\t\t<div class=\"elementor-element elementor-element-2f585873 elementor-widget elementor-widget-heading\" data-id=\"2f585873\" data-element_type=\"widget\" data-e-type=\"widget\" data-widget_type=\"heading.default\">\n\t\t\t\t\t<h2 class=\"elementor-heading-title elementor-size-default\">L\u00fdsing<\/h2>\t\t\t\t<\/div>\n\t\t<div class=\"elementor-element elementor-element-70621c12 e-con-full e-flex e-con e-child\" data-id=\"70621c12\" data-element_type=\"container\" data-e-type=\"container\">\n\t\t\t\t<div class=\"elementor-element elementor-element-4296eb49 elementor-widget elementor-widget-text-editor\" data-id=\"4296eb49\" data-element_type=\"widget\" data-e-type=\"widget\" data-widget_type=\"text-editor.default\">\n\t\t\t\t\t\t\t\t\t<p><strong>\u00c1s\u00fdnd<\/strong><\/p><p>G\u00f6mul kona, h\u00e1vaxin, sums sta\u00f0ar me\u00f0 bl\u00e1a h\u00fa\u00f0, br\u00fanar tennur, a\u00f0eins eitt auga. Bogin, me\u00f0 staf. Vi\u00f0 umbreytingu: ung kona, f\u00f6gur drottning, e\u00f0a klettur. \u00cd vetrarhef\u00f0: \u00ed fylgd hv\u00edts hjartard\u00fdrs e\u00f0a k\u00fdr.<\/p><p><strong>Heg\u00f0un<\/strong><\/p><p>Formar landslagi\u00f0, kastar steinum sem ver\u00f0a fj\u00f6ll, ber j\u00f6r\u00f0 \u00ed svuntu sinni sem ver\u00f0ur eyjar. R\u00e6\u00f0ur yfir vetrinum: sl\u00e6r staf s\u00ednum \u00ed j\u00f6r\u00f0ina og frystir j\u00f6r\u00f0ina. \u00c1 Beltane (1. ma\u00ed) breytist h\u00fan \u00ed stein e\u00f0a yngist.<\/p><p><strong>\u00c1hrifasvi\u00f0<\/strong><\/p><p>\u00d3spillt n\u00e1tt\u00fara, fj\u00f6ll, klettar, eyjar, hafi\u00f0. Ve\u00f0ur, s\u00e9rstaklega vetur og stormar. Aldursskipti og umskipti. \u00cd sumum hef\u00f0um einnig verndari villtra d\u00fdra (hjartard\u00fdra, \u00falfa).<\/p><p><strong>Go\u00f0afr\u00e6\u00f0ileg sta\u00f0setning<\/strong><\/p><p>Ekki klass\u00edsk gy\u00f0ja \u00ed r\u00f3mverskum skilningi, heldur frumm\u00e1ttur fr\u00e1 t\u00edmum fyrir kristni. Eftir kristnit\u00f6ku endurt\u00falku\u00f0 sem norn e\u00f0a d\u00fdrlingur (tengsl vi\u00f0 Sheela-na-Gig), \u00e1n \u00feess a\u00f0 glata go\u00f0s\u00f6gulegri v\u00eddd sinni. Endurvakin d\u00fdrkun \u00ed n\u00fat\u00edma n\u00fdhei\u00f0ni.<\/p><p><strong>\u00c1s\u00fdnd og t\u00e1knm\u00e1l<\/strong><\/p><p>Cailleach er s\u00fdnd sem risavaxin, forn kona me\u00f0 ve\u00f0urbari\u00f0 andlit. Sums sta\u00f0ar hefur h\u00fan a\u00f0eins eitt auga. H\u00fan kl\u00e6\u00f0ist bl\u00e1rri e\u00f0a gr\u00e6nni skikkju og ber staf. Skref hennar m\u00f3tu\u00f0u fj\u00f6ll og dali. Steinninn og veturinn eru t\u00e1kn hennar.<\/p>\t\t\t\t\t\t\t\t<\/div>\n\t\t\t\t<\/div>\n\t\t\t\t\t<\/div>\n\t\t\t\t<\/div>\n\t\t<div class=\"elementor-element elementor-element-44e71476 e-flex e-con-boxed e-con e-parent\" data-id=\"44e71476\" data-element_type=\"container\" data-e-type=\"container\">\n\t\t\t\t\t<div class=\"e-con-inner\">\n\t\t\t\t<div class=\"elementor-element elementor-element-3c1fc3f0 elementor-widget elementor-widget-heading\" data-id=\"3c1fc3f0\" data-element_type=\"widget\" data-e-type=\"widget\" data-widget_type=\"heading.default\">\n\t\t\t\t\t<h2 class=\"elementor-heading-title elementor-size-default\">Pers\u00f3nul\u00fdsing: Cailleach<\/h2>\t\t\t\t<\/div>\n\t\t<div class=\"elementor-element elementor-element-84f33b8e e-con-full e-flex e-con e-child\" data-id=\"84f33b8e\" data-element_type=\"container\" data-e-type=\"container\">\n\t\t\t\t<div class=\"elementor-element elementor-element-hqkdc67p elementor-widget elementor-widget-text-editor\" data-id=\"hqkdc67p\" data-element_type=\"widget\" data-e-type=\"widget\" data-widget_type=\"text-editor.default\">\n\t\t\t\t\t\t\t\t\t<p>Mikilv\u00e6gustu \u00fe\u00e6ttir Cailleach \u00ed hnotskurn.<\/p>\t\t\t\t\t\t\t\t<\/div>\n\t\t\t\t<\/div>\n\t\t<div class=\"elementor-element elementor-element-pemmx7c5 e-con-full e-flex e-con e-child\" data-id=\"pemmx7c5\" data-element_type=\"container\" data-e-type=\"container\">\n\t\t<div class=\"elementor-element elementor-element-pemmx7c1 e-con-full e-flex e-con e-child\" data-id=\"pemmx7c1\" data-element_type=\"container\" data-e-type=\"container\">\n\t\t<div class=\"elementor-element elementor-element-qh9oavvu iwg-steckbrief-card e-flex e-con-boxed e-con e-child\" data-id=\"qh9oavvu\" data-element_type=\"container\" data-e-type=\"container\">\n\t\t\t\t\t<div class=\"e-con-inner\">\n\t\t\t\t<div class=\"elementor-element elementor-element-awzx8k2k elementor-widget elementor-widget-heading\" data-id=\"awzx8k2k\" data-element_type=\"widget\" data-e-type=\"widget\" data-widget_type=\"heading.default\">\n\t\t\t\t\t<div class=\"elementor-heading-title elementor-size-default\">Uppruni<\/div>\t\t\t\t<\/div>\n\t\t\t\t<div class=\"elementor-element elementor-element-x6rowhv0 elementor-widget elementor-widget-text-editor\" data-id=\"x6rowhv0\" data-element_type=\"widget\" data-e-type=\"widget\" data-widget_type=\"text-editor.default\">\n\t\t\t\t\t\t\t\t\t<p>Frumm\u00e1ttur fr\u00e1 t\u00edmum fyrir kristni; hugsanlegur forveri keltneskra gy\u00f0ja. Landslagsformari, vetrargy\u00f0ja, verndari \u00f3spilltrar n\u00e1tt\u00faru.<\/p>\t\t\t\t\t\t\t\t<\/div>\n\t\t\t\t\t<\/div>\n\t\t\t\t<\/div>\n\t\t<div class=\"elementor-element elementor-element-8e3o4kxs iwg-steckbrief-card e-flex e-con-boxed e-con e-child\" data-id=\"8e3o4kxs\" data-element_type=\"container\" data-e-type=\"container\">\n\t\t\t\t\t<div class=\"e-con-inner\">\n\t\t\t\t<div class=\"elementor-element elementor-element-08rkdgov elementor-widget elementor-widget-heading\" data-id=\"08rkdgov\" data-element_type=\"widget\" data-e-type=\"widget\" data-widget_type=\"heading.default\">\n\t\t\t\t\t<div class=\"elementor-heading-title elementor-size-default\">Tengt vi\u00f0<\/div>\t\t\t\t<\/div>\n\t\t\t\t<div class=\"elementor-element elementor-element-uwjelx8s elementor-widget elementor-widget-text-editor\" data-id=\"uwjelx8s\" data-element_type=\"widget\" data-e-type=\"widget\" data-widget_type=\"text-editor.default\">\n\t\t\t\t\t\t\t\t\t<p>Allt samf\u00e9lagi\u00f0 \u00ed \u00e1rshringnum, s\u00e9rstaklega hjar\u00f0menn og landsbygg\u00f0arf\u00f3lk sem er h\u00e1\u00f0 ve\u00f0ri og vetri.<\/p>\t\t\t\t\t\t\t\t<\/div>\n\t\t\t\t\t<\/div>\n\t\t\t\t<\/div>\n\t\t<div class=\"elementor-element elementor-element-jm2n74ec iwg-steckbrief-card e-flex e-con-boxed e-con e-child\" data-id=\"jm2n74ec\" data-element_type=\"container\" data-e-type=\"container\">\n\t\t\t\t\t<div class=\"e-con-inner\">\n\t\t\t\t<div class=\"elementor-element elementor-element-8vufse4c elementor-widget elementor-widget-heading\" data-id=\"8vufse4c\" data-element_type=\"widget\" data-e-type=\"widget\" data-widget_type=\"heading.default\">\n\t\t\t\t\t<div class=\"elementor-heading-title elementor-size-default\">\u00c1s\u00fdnd<\/div>\t\t\t\t<\/div>\n\t\t\t\t<div class=\"elementor-element elementor-element-mwb9u015 elementor-widget elementor-widget-text-editor\" data-id=\"mwb9u015\" data-element_type=\"widget\" data-e-type=\"widget\" data-widget_type=\"text-editor.default\">\n\t\t\t\t\t\t\t\t\t<p>G\u00f6mul kona me\u00f0 staf, sums sta\u00f0ar bl\u00e1h\u00fa\u00f0u\u00f0, br\u00fantennt, eineyg\u00f0. Getur umbreytt s\u00e9r: ung drottning, f\u00f6gur kona, e\u00f0a klettur. Me\u00f0 hjartard\u00fdr e\u00f0a k\u00fa sem fylgd.<\/p>\t\t\t\t\t\t\t\t<\/div>\n\t\t\t\t\t<\/div>\n\t\t\t\t<\/div>\n\t\t\t\t<\/div>\n\t\t<div class=\"elementor-element elementor-element-pemmx7c2 e-con-full e-flex e-con e-child\" data-id=\"pemmx7c2\" data-element_type=\"container\" data-e-type=\"container\">\n\t\t<div class=\"elementor-element elementor-element-37ss2yr6 iwg-steckbrief-card e-flex e-con-boxed e-con e-child\" data-id=\"37ss2yr6\" data-element_type=\"container\" data-e-type=\"container\">\n\t\t\t\t\t<div class=\"e-con-inner\">\n\t\t\t\t<div class=\"elementor-element elementor-element-3v0wp3wx elementor-widget elementor-widget-heading\" data-id=\"3v0wp3wx\" data-element_type=\"widget\" data-e-type=\"widget\" data-widget_type=\"heading.default\">\n\t\t\t\t\t<div class=\"elementor-heading-title elementor-size-default\">Hlutverk<\/div>\t\t\t\t<\/div>\n\t\t\t\t<div class=\"elementor-element elementor-element-w3247g2m elementor-widget elementor-widget-text-editor\" data-id=\"w3247g2m\" data-element_type=\"widget\" data-e-type=\"widget\" data-widget_type=\"text-editor.default\">\n\t\t\t\t\t\t\t\t\t<p>Formar landslag, kemur me\u00f0 vetur, frystir j\u00f6r\u00f0ina. Margr\u00e6\u00f0: b\u00e6\u00f0i ey\u00f0andi og l\u00edfvi\u00f0haldandi \u00ed senn. \u00c1 vorin ummyndast \u00ed stein e\u00f0a yngist.<\/p>\t\t\t\t\t\t\t\t<\/div>\n\t\t\t\t\t<\/div>\n\t\t\t\t<\/div>\n\t\t<div class=\"elementor-element elementor-element-0qpjal9w iwg-steckbrief-card e-flex e-con-boxed e-con e-child\" data-id=\"0qpjal9w\" data-element_type=\"container\" data-e-type=\"container\">\n\t\t\t\t\t<div class=\"e-con-inner\">\n\t\t\t\t<div class=\"elementor-element elementor-element-6ndoih0o elementor-widget elementor-widget-heading\" data-id=\"6ndoih0o\" data-element_type=\"widget\" data-e-type=\"widget\" data-widget_type=\"heading.default\">\n\t\t\t\t\t<div class=\"elementor-heading-title elementor-size-default\">V\u00f6rn gegn Cailleach<\/div>\t\t\t\t<\/div>\n\t\t\t\t<div class=\"elementor-element elementor-element-6684tyh9 elementor-widget elementor-widget-text-editor\" data-id=\"6684tyh9\" data-element_type=\"widget\" data-e-type=\"widget\" data-widget_type=\"text-editor.default\">\n\t\t\t\t\t\t\t\t\t<p>Engin v\u00f6rn, heldur vir\u00f0ing og helgisi\u00f0avi\u00f0urkenning. \u00c1kve\u00f0nar pl\u00f6ntur (reynivi\u00f0ur, gullbr\u00edsla) og sta\u00f0ir (Cailleach-steinar) eru hei\u00f0ra\u00f0ir me\u00f0 gj\u00f6fum.<\/p>\t\t\t\t\t\t\t\t<\/div>\n\t\t\t\t\t<\/div>\n\t\t\t\t<\/div>\n\t\t<div class=\"elementor-element elementor-element-3lfi7x32 iwg-steckbrief-card e-flex e-con-boxed e-con e-child\" data-id=\"3lfi7x32\" data-element_type=\"container\" data-e-type=\"container\">\n\t\t\t\t\t<div class=\"e-con-inner\">\n\t\t\t\t<div class=\"elementor-element elementor-element-0kg99ga1 elementor-widget elementor-widget-heading\" data-id=\"0kg99ga1\" data-element_type=\"widget\" data-e-type=\"widget\" data-widget_type=\"heading.default\">\n\t\t\t\t\t<div class=\"elementor-heading-title elementor-size-default\">Hli\u00f0st\u00e6\u00f0ur<\/div>\t\t\t\t<\/div>\n\t\t\t\t<div class=\"elementor-element elementor-element-n0fum6kp elementor-widget elementor-widget-text-editor\" data-id=\"n0fum6kp\" data-element_type=\"widget\" data-e-type=\"widget\" data-widget_type=\"text-editor.default\">\n\t\t\t\t\t\t\t\t\t<p>Cailleach \u00e1 s\u00e9r virkni sameiginlega me\u00f0 \u00edrsku M\u00f3rr\u00edgan og B\u00e9find sem \u00f6ldru\u00f0um \u00f6rlaganornum; me\u00f0 <a href=\"https:\/\/iwell-guard.com\/is\/?page_id=168637\">Baba Jaga<\/a> (slavneskri) sem sk\u00f3gar- og innv\u00edgsluhefiskonu; me\u00f0 germ\u00f6nsku Frau Holle\/Holda; og me\u00f0 nor\u00f0ur-amer\u00edsku \u00f6mmuk\u00f6ngul\u00f3nni (hj\u00e1 Hopi\/Cherokee). \u00c1 keltnesk-skoskum sv\u00e6\u00f0um rennur Cailleach saman vi\u00f0 sta\u00f0bundnar fjallav\u00e6ttir; Hekate sem hli\u00f0st\u00e6\u00f0a \u00far gr\u00edskri hef\u00f0 deilir s\u00f6mu einkennum n\u00e6turbundinnar m\u00e1ttar vi\u00f0 \u00fer\u00f6skuldinn.<\/p>\t\t\t\t\t\t\t\t<\/div>\n\t\t\t\t\t<\/div>\n\t\t\t\t<\/div>\n\t\t\t\t<\/div>\n\t\t\t\t<\/div>\n\t\t\t\t\t<\/div>\n\t\t\t\t<\/div>\n\t\t<div class=\"elementor-element elementor-element-7533bc7a e-flex e-con-boxed e-con e-parent\" data-id=\"7533bc7a\" data-element_type=\"container\" data-e-type=\"container\">\n\t\t\t\t\t<div class=\"e-con-inner\">\n\t\t\t\t<div class=\"elementor-element elementor-element-2447d18d elementor-widget elementor-widget-heading\" data-id=\"2447d18d\" data-element_type=\"widget\" data-e-type=\"widget\" data-widget_type=\"heading.default\">\n\t\t\t\t\t<h2 class=\"elementor-heading-title elementor-size-default\">D\u00fdrkun og \u00fej\u00f3\u00f0si\u00f0ir<\/h2>\t\t\t\t<\/div>\n\t\t<div class=\"elementor-element elementor-element-d5d0260c e-con-full e-flex e-con e-child\" data-id=\"d5d0260c\" data-element_type=\"container\" data-e-type=\"container\">\n\t\t\t\t<div class=\"elementor-element elementor-element-341be2ac elementor-widget elementor-widget-text-editor\" data-id=\"341be2ac\" data-element_type=\"widget\" data-e-type=\"widget\" data-widget_type=\"text-editor.default\">\n\t\t\t\t\t\t\t\t\t<p><strong>\u00c1rst\u00ed\u00f0abundnar athafnir<\/strong><\/p><p>Samhain (31. okt\u00f3ber\/1. n\u00f3vember) markar upphaf valdat\u00edma hennar, Beltane (1. ma\u00ed) endalok hans. \u00c1 sumum sv\u00e6\u00f0um var fundur hennar vi\u00f0 ungu Brigid svi\u00f0settur \u00e1 Imbolc (1. febr\u00faar, Brigid-dag): gamla konan safnar eldivi\u00f0 fyrir langan e\u00f0a skammann vetur, allt eftir ve\u00f0ri.<\/p><p><strong>Sta\u00f0bundin d\u00fdrkun<\/strong><\/p><p>Hundru\u00f0 Cailleach-sta\u00f0a finnast \u00e1 \u00cdrlandi og \u00ed Skotlandi. Cailleach-steinar, Cailleach-tindar og Cailleach-hellar eru virt fram \u00e1 \u00feennan dag. Sumir b\u00e6ndur l\u00e1ta kornr\u00f6nd stand \u00e1 \u00f6krum s\u00ednum sem \u201ehlut Cailleach\u201c.<\/p><p><strong>Ve\u00f0ursp\u00e1r<\/strong><\/p><p>Skoski febr\u00faarm\u00e1nu\u00f0ur ber s\u00ed\u00f0ustu storma hennar; \u201eCailleach-storminn\u201c hefur \u00e1kve\u00f0in ve\u00f0urfarseinkenni. Ve\u00f0ri\u00f0 \u00e1 t\u00f3lf d\u00f6gunum eftir j\u00f3l, \u201eCailleach-d\u00f6gunum\u201c, er tali\u00f0 sp\u00e1 fyrir um komandi t\u00f3lf m\u00e1nu\u00f0i.<\/p>\t\t\t\t\t\t\t\t<\/div>\n\t\t\t\t<\/div>\n\t\t\t\t\t<\/div>\n\t\t\t\t<\/div>\n\t\t<div class=\"elementor-element elementor-element-5a584676 e-flex e-con-boxed e-con e-parent\" data-id=\"5a584676\" data-element_type=\"container\" data-e-type=\"container\">\n\t\t\t\t\t<div class=\"e-con-inner\">\n\t\t\t\t<div class=\"elementor-element elementor-element-6d0757bf elementor-widget elementor-widget-heading\" data-id=\"6d0757bf\" data-element_type=\"widget\" data-e-type=\"widget\" data-widget_type=\"heading.default\">\n\t\t\t\t\t<h2 class=\"elementor-heading-title elementor-size-default\">Hli\u00f0st\u00e6\u00f0ur og n\u00fat\u00edminn<\/h2>\t\t\t\t<\/div>\n\t\t<div class=\"elementor-element elementor-element-60563f68 e-con-full e-flex e-con e-child\" data-id=\"60563f68\" data-element_type=\"container\" data-e-type=\"container\">\n\t\t\t\t<div class=\"elementor-element elementor-element-5a93fdd6 elementor-widget elementor-widget-text-editor\" data-id=\"5a93fdd6\" data-element_type=\"widget\" data-e-type=\"widget\" data-widget_type=\"text-editor.default\">\n\t\t\t\t\t\t\t\t\t<p><strong>Evr\u00f3pskar hli\u00f0st\u00e6\u00f0ur:<\/strong> Perchta og Hulda \u00ed germanskri hef\u00f0 eru n\u00e1in \u00ed virkni, gamlar konur me\u00f0 tengsl vi\u00f0 veturinn, tv\u00edr\u00e6\u00f0ar og h\u00e6ttulegar. Baba Jaga \u00e1 slavneskum sv\u00e6\u00f0um deilir einkennum, \u00f6ldru\u00f0 kona, eigin heimur, millista\u00f0a milli verndara og h\u00f3tunar.<\/p><p><strong>N\u00fdhei\u00f0in t\u00falkun:<\/strong> \u00cd n\u00fat\u00edma Wicca og keltneskri n\u00fdhei\u00f0ni er Cailleach d\u00fdrku\u00f0 sem \u201ekr\u00f3nu\u201c-\u00fe\u00e1ttur hinnar \u201e\u00fer\u00edgreindu gy\u00f0ju\u201c (mey-m\u00f3\u00f0ir-kr\u00f3n). \u00deessi t\u00falkun er n\u00fat\u00edma-samr\u00e6\u00f0ukennd, ekki s\u00f6guleg-keltnesk, en hefur sitt eigi\u00f0 gildi.<\/p><p><strong>B\u00f3kmenntir og menning:<\/strong> \u00cdrskar samt\u00edmab\u00f3kmenntir (Nuala N\u00ed Dhomhnaill) nota Cailleach sem <span class=\"iwg-fachbegriff\" data-tooltip=\"T\u00e1kn sem stendur fyrir \u00e1kve\u00f0na hugmynd e\u00f0a merkingu.\" tabindex=\"0\">t\u00e1kn<\/span> kvenlegrar tv\u00edr\u00e6\u00f0ni. Skosk menningarhreyfing v\u00edsar til hennar sem sj\u00e1lfsmyndarskapandi pers\u00f3nu.<\/p>\t\t\t\t\t\t\t\t<\/div>\n\t\t\t\t<\/div>\n\t\t\t\t\t<\/div>\n\t\t\t\t<\/div>\n\t\t<div class=\"elementor-element elementor-element-cp39ff509 e-flex e-con-boxed e-con e-parent\" data-id=\"cp39ff509\" data-element_type=\"container\" data-e-type=\"container\">\n\t\t\t\t\t<div class=\"e-con-inner\">\n\t\t\t\t<div class=\"elementor-element elementor-element-cp9063709 elementor-widget elementor-widget-heading\" data-id=\"cp9063709\" data-element_type=\"widget\" data-e-type=\"widget\" data-widget_type=\"heading.default\">\n\t\t\t\t\t<h2 class=\"elementor-heading-title elementor-size-default\">Cailleach sem skapari landslagsins<\/h2>\t\t\t\t<\/div>\n\t\t<div class=\"elementor-element elementor-element-cpa62624f e-con-full e-flex e-con e-child\" data-id=\"cpa62624f\" data-element_type=\"container\" data-e-type=\"container\">\n\t\t\t\t<div class=\"elementor-element elementor-element-cpc3026f6 elementor-widget elementor-widget-text-editor\" data-id=\"cpc3026f6\" data-element_type=\"widget\" data-e-type=\"widget\" data-widget_type=\"text-editor.default\">\n\t\t\t\t\t\t\t\t\t<p>\u00cd gael\u00edskri <span class=\"iwg-fachbegriff\" data-tooltip=\"Mi\u00f0lun \u00feekkingar og sagna milli kynsl\u00f3\u00f0a.\" tabindex=\"0\">munnm\u00e6lahef\u00f0<\/span> Skotlands og \u00cdrlands er Cailleach ekki a\u00f0eins pers\u00f3na \u00ed s\u00f6gnum, heldur sj\u00e1lft sk\u00fdringarafl landslagsins. Fj\u00f6lm\u00f6rg fj\u00f6ll, h\u00e6\u00f0ir, klettamyndanir og eyjar eru \u00ed sta\u00f0bundnum s\u00f6gnum \u00fatsk\u00fdr\u00f0ar sem verk hennar.<\/p><p>Sagt er a\u00f0 h\u00fan hafi l\u00e1ti\u00f0 steina falla \u00far svuntu sinni og \u00feannig mynda\u00f0 fjallgar\u00f0a, e\u00f0a m\u00f3ta\u00f0 dali me\u00f0 hamri. Sl\u00edkar orsakask\u00fdringarsagnir eru \u00fatbreiddar um skosku h\u00e1l\u00f6ndin, Su\u00f0ureyjar og v\u00ed\u00f0a um \u00cdrland.<\/p><p>S\u00e9rlega vel skjalfest d\u00e6mi er hringstraumurinn vi\u00f0 Corryvreckan milli eyjanna Jura og Scarba.<\/p><p>\u00datbreidd <span class=\"iwg-fachbegriff\" data-tooltip=\"Munnm\u00e6lasaga me\u00f0 oft s\u00f6gulegum kjarna og undraver\u00f0um einkennum.\" tabindex=\"0\">\u00fej\u00f3\u00f0saga<\/span> \u00fatsk\u00fdrir hi\u00f0 \u00f6skrandi vatn me\u00f0 \u00fev\u00ed a\u00f0 Cailleach \u00fevoi \u00fear plaid-skikkju s\u00edna \u00e1 haustin, og \u00feegar h\u00fan er \u00fevegin ver\u00f0i h\u00fan hv\u00edt og fyrsti snj\u00f3rinn \u00feeki landi\u00f0. \u00deessi saga tengir Cailleach vi\u00f0 \u00e1rst\u00ed\u00f0askiptin yfir \u00ed veturinn.<\/p><p>\u00dej\u00f3\u00f0fr\u00e6\u00f0iranns\u00f3knir, me\u00f0al annars verk Donald Mackenzie \u00e1 fyrri hluta 20. aldar og gagnr\u00fdnni ranns\u00f3knir s\u00ed\u00f0ar, hafa \u00fev\u00ed lesi\u00f0 Cailleach sem pers\u00f3nugervingu villtrar, fyrirmennskrar n\u00e1tt\u00faru. H\u00fan er eldri en mennirnir, a\u00f0 hluta eldri en hinir nafngreindu gu\u00f0ir, og h\u00fan birtir fj\u00f6llin, storminn og kalda \u00e1rst\u00ed\u00f0ina.<\/p><p>Mikilv\u00e6gt er a\u00f0 g\u00e6ta fr\u00e6\u00f0ilegrar var\u00fa\u00f0ar: Margt af \u00fev\u00ed sem \u00ed dag birtist sem samfelld Cailleach-<span class=\"iwg-fachbegriff\" data-tooltip=\"Heild go\u00f0sagna sem var\u00f0veist hafa innan tiltekinnar menningar.\" tabindex=\"0\">go\u00f0afr\u00e6\u00f0i<\/span> var fyrst tengt saman \u00ed heildst\u00e6tt kerfi af s\u00f6fnurum 19. og 20. aldar.<\/p>\t\t\t\t\t\t\t\t<\/div>\n\t\t\t\t<\/div>\n\t\t\t\t\t<\/div>\n\t\t\t\t<\/div>\n\t\t<div class=\"elementor-element elementor-element-cp4708569 e-flex e-con-boxed e-con e-parent\" data-id=\"cp4708569\" data-element_type=\"container\" data-e-type=\"container\">\n\t\t\t\t\t<div class=\"e-con-inner\">\n\t\t\t\t<div class=\"elementor-element elementor-element-cp2629f04 elementor-widget elementor-widget-heading\" data-id=\"cp2629f04\" data-element_type=\"widget\" data-e-type=\"widget\" data-widget_type=\"heading.default\">\n\t\t\t\t\t<h2 class=\"elementor-heading-title elementor-size-default\">Cailleach og Brigid: \u00e1t\u00f6kin um \u00e1ri\u00f0<\/h2>\t\t\t\t<\/div>\n\t\t<div class=\"elementor-element elementor-element-cp2e76df6 e-con-full e-flex e-con e-child\" data-id=\"cp2e76df6\" data-element_type=\"container\" data-e-type=\"container\">\n\t\t\t\t<div class=\"elementor-element elementor-element-cpcdcc72e elementor-widget elementor-widget-text-editor\" data-id=\"cpcdcc72e\" data-element_type=\"widget\" data-e-type=\"widget\" data-widget_type=\"text-editor.default\">\n\t\t\t\t\t\t\t\t\t<p>\u00datbreidd hugmynd \u00ed Skotlandi og \u00e1 \u00cdrlandi setur Cailleach \u00ed m\u00f3tsetningu vi\u00f0 vorpers\u00f3nuna, oft nefnda Brigid.<\/p><p>Samkv\u00e6mt \u00feessari sagnahef\u00f0 r\u00e6\u00f0ur Cailleach vetrarm\u00e1nu\u00f0unum, fr\u00e1 <em>Samhain<\/em> \u00ed byrjun n\u00f3vember til <em>Bealtaine<\/em> \u00ed byrjun ma\u00ed. Me\u00f0 komu vorsins tekur m\u00e1ttur hennar enda, og \u00ed sumum \u00fatg\u00e1fum breytist Cailleach \u00ed stein e\u00f0a fer til \u00e6skubrunns, \u00fea\u00f0an sem h\u00fan kemur ung aftur.<\/p><p>Oft er v\u00edsa\u00f0 til sm\u00e1atri\u00f0is var\u00f0andi h\u00e1t\u00ed\u00f0ina <em>L\u00e0 Fh\u00e8ill Br\u00ecghde<\/em>, Brigid-daginn \u00ed byrjun febr\u00faar. Ef \u00feessi dagur er s\u00f3lr\u00edkur og bjartur, segir sagan, er Cailleach \u00e1 fer\u00f0 til a\u00f0 safna eldivi\u00f0 fyrir langan og har\u00f0an vetrarhluta sem eftir er, og \u00fev\u00ed s\u00e9 gott ve\u00f0ur \u00feennan dag illur fyrirbo\u00f0i.<\/p><p>S\u00e9 dagurinn d\u00f6kkur og drungalegur \u00e1 m\u00f3ti, hafi Cailleach sofi\u00f0 yfir sig, vi\u00f0arfor\u00f0i hennar ver\u00f0i l\u00edtill og veturinn taki flj\u00f3tt enda. \u00deessi ve\u00f0urregla er \u00ed e\u00f0li s\u00ednu tengd meginlandssi\u00f0num um murmeld\u00fdr og kyndilmessu.<\/p><p>Tr\u00faarbrag\u00f0afr\u00e6\u00f0ileg t\u00falkun er h\u00e9r varf\u00e6rnari en vins\u00e6lar fr\u00e1sagnir. Hvort Cailleach og Brigid voru \u00ed raun taldar tveir \u00fe\u00e6ttir einnar s\u00f6mu gy\u00f0ju \u00e1 fort\u00edmum kristni, e\u00f0a keppinautar, ver\u00f0ur ekki \u00e1kve\u00f0i\u00f0 me\u00f0 vissu \u00fat fr\u00e1 heimildunum.<\/p><p>Samanbur\u00f0urinn er a\u00f0 mestu leyti endurger\u00f0ur \u00far yngri <span class=\"iwg-fachbegriff\" data-tooltip=\"Var\u00f0veitt \u00fej\u00f3\u00f0menning me\u00f0 si\u00f0um, s\u00f6gnum og s\u00f6ngvum.\" tabindex=\"0\">\u00fej\u00f3\u00f0h\u00e1ttafr\u00e6\u00f0i<\/span>. \u00dea\u00f0 eina sem er sta\u00f0fest er a\u00f0 Cailleach var \u00ed lifandi munnm\u00e6lahef\u00f0 fast tengd vi\u00f0 vetrarmisseri\u00f0.<\/p>\t\t\t\t\t\t\t\t<\/div>\n\t\t\t\t<\/div>\n\t\t\t\t\t<\/div>\n\t\t\t\t<\/div>\n\t\t<div class=\"elementor-element elementor-element-cpdb538b3 e-flex e-con-boxed e-con e-parent\" data-id=\"cpdb538b3\" data-element_type=\"container\" data-e-type=\"container\">\n\t\t\t\t\t<div class=\"e-con-inner\">\n\t\t\t\t<div class=\"elementor-element elementor-element-cpca8ff2a elementor-widget elementor-widget-heading\" data-id=\"cpca8ff2a\" data-element_type=\"widget\" data-e-type=\"widget\" data-widget_type=\"heading.default\">\n\t\t\t\t\t<h2 class=\"elementor-heading-title elementor-size-default\">S\u00ed\u00f0asti kornbindisbandinu og uppskeruhef\u00f0in<\/h2>\t\t\t\t<\/div>\n\t\t<div class=\"elementor-element elementor-element-cp62132ee e-con-full e-flex e-con e-child\" data-id=\"cp62132ee\" data-element_type=\"container\" data-e-type=\"container\">\n\t\t\t\t<div class=\"elementor-element elementor-element-cpd835c69 elementor-widget elementor-widget-text-editor\" data-id=\"cpd835c69\" data-element_type=\"widget\" data-e-type=\"widget\" data-widget_type=\"text-editor.default\">\n\t\t\t\t\t\t\t\t\t<p>Auk landslagsgo\u00f0sagnanna var Cailleach tengd \u00e1kve\u00f0num uppskeruvenjum \u00ed skoskum h\u00e1l\u00f6ndum og \u00e1 Su\u00f0ureyjum allt fram \u00e1 19. og a\u00f0 hluta 20. \u00f6ld. S\u00ed\u00f0asta kornbindan sem skorin var af akri h\u00e9t \u00e1 m\u00f6rgum sv\u00e6\u00f0um einnig <em>Cailleach<\/em>, hin gamla.<\/p><p>\u00deeim sem var\u00f0 s\u00ed\u00f0astur til a\u00f0 lj\u00faka sl\u00e6tti f\u00e9ll Cailleach \u00ed skaut, og v\u00ed\u00f0a var \u00fea\u00f0 talin sk\u00f6mm, \u00fev\u00ed \u00fe\u00e1 var\u00f0 vi\u00f0komandi a\u00f0 h\u00fdsa hinn \u00f3frj\u00f3a munn yfir veturinn.<\/p><p>\u00ddmsar a\u00f0fer\u00f0ir voru nota\u00f0ar til a\u00f0 komast hj\u00e1 Cailleach. Sl\u00e1ttumenn kastu\u00f0u sig\u00f0um s\u00ednum \u00ed s\u00ed\u00f0ustu kornbr\u00faskana e\u00f0a bundu \u00fe\u00e1 \u00ed fl\u00fdti til a\u00f0 koma \u00feeim yfir \u00e1 hinn h\u00e6gari n\u00e1granna.<\/p><p>S\u00ed\u00f0asta bindan var v\u00ed\u00f0a listilega ofin \u00ed mannsl\u00edki, geymd \u00ed h\u00fasinu og var svo \u00e1 n\u00e6sta vori gefin fyrstu s\u00e1ningunni e\u00f0a b\u00faf\u00e9nu. \u00deannig var kraftur kornsins, sem talinn var b\u00faa \u00ed \u00fev\u00ed, var\u00f0veittur yfir veturinn og fluttur inn \u00ed n\u00fdjan hring.<\/p><p>James George Frazer nefndi \u00feennan <span class=\"iwg-fachbegriff\" data-tooltip=\"Yfirf\u00e6r\u00f0, \u00ed samf\u00e9lagi endurtekin ath\u00f6fn.\" tabindex=\"0\">si\u00f0<\/span> \u00ed <em>The Golden Bough<\/em> sem d\u00e6mi um kornandann, m\u00e1tt sem b\u00fai \u00ed korninu og s\u00e9 handsama\u00f0ur me\u00f0 s\u00ed\u00f0ustu bindunni.<\/p><p>N\u00fdrri fr\u00e6\u00f0imenn eru gagnr\u00fdnir \u00e1 hi\u00f0 st\u00f3ra kerfi Frazers, en benda \u00e1 a\u00f0 uppskeruhef\u00f0in um Cailleach s\u00e9 \u00f3h\u00e1\u00f0 \u00fev\u00ed vel skjalfest. H\u00fan s\u00fdnir Cailleach \u00ed allt annarri mynd en hina voldugu landslagsm\u00f3tandi veru: sem hversdagslega, h\u00e1lf\u00f3gnvekjandi og h\u00e1lfhl\u00e6gilega pers\u00f3nu \u00ed heimi b\u00f3ndans.<\/p>\t\t\t\t\t\t\t\t<\/div>\n\t\t\t\t<\/div>\n\t\t\t\t\t<\/div>\n\t\t\t\t<\/div>\n\t\t<div class=\"elementor-element elementor-element-cp7788a48 e-flex e-con-boxed e-con e-parent\" data-id=\"cp7788a48\" data-element_type=\"container\" data-e-type=\"container\">\n\t\t\t\t\t<div class=\"e-con-inner\">\n\t\t\t\t<div class=\"elementor-element elementor-element-cpbf6b671 elementor-widget elementor-widget-heading\" data-id=\"cpbf6b671\" data-element_type=\"widget\" data-e-type=\"widget\" data-widget_type=\"heading.default\">\n\t\t\t\t\t<h2 class=\"elementor-heading-title elementor-size-default\">Or\u00f0sifjar og vandinn me\u00f0 heimildirnir<\/h2>\t\t\t\t<\/div>\n\t\t<div class=\"elementor-element elementor-element-cp36c0b44 e-con-full e-flex e-con e-child\" data-id=\"cp36c0b44\" data-element_type=\"container\" data-e-type=\"container\">\n\t\t\t\t<div class=\"elementor-element elementor-element-cpe9589af elementor-widget elementor-widget-text-editor\" data-id=\"cpe9589af\" data-element_type=\"widget\" data-e-type=\"widget\" data-widget_type=\"text-editor.default\">\n\t\t\t\t\t\t\t\t\t<p>Nafni\u00f0 <em>Cailleach<\/em> \u00fe\u00fd\u00f0ir or\u00f0r\u00e9tt \u00e1 skosku gel\u00edsku og \u00edrsku \u201ehin hulda&#8220; e\u00f0a \u201ehin gamla, g\u00f6mul kona&#8220;. Or\u00f0i\u00f0 er leitt af <em>caille<\/em>, \u201ebl\u00e6ja&#8220;, sem sj\u00e1lft er t\u00f6kuor\u00f0 \u00far lat\u00ednu, <em>pallium<\/em>.<\/p><p>M\u00e1lfr\u00e6\u00f0ilega er hugtaki\u00f0 \u00fev\u00ed tilt\u00f6lulega ungt og bar upprunalega merkingu sem v\u00edsa\u00f0i til huldrar nunnu e\u00f0a gamallar konu almennt. Af \u00fev\u00ed lei\u00f0ir mikilv\u00e6g fr\u00e6\u00f0ileg \u00e1lyktun: nafni\u00f0 sj\u00e1lft sannar ekki tilvist forkristinnar gy\u00f0ju, heldur er \u00fea\u00f0 samheiti sem var nota\u00f0 um \u00fdmsar verur.<\/p><p>Mi\u00f0aldakv\u00e6\u00f0i\u00f0 \u00edrska um <em>Cailleach Bh\u00e9arra<\/em>, hina g\u00f6mlu af Beara, er ein elsta b\u00f3kmenntaheimildin. \u00dea\u00f0 er harmlj\u00f3\u00f0 gamallar konu um horfna \u00e6sku og fegur\u00f0, tali\u00f0 stafa fr\u00e1 \u00e1ttundu e\u00f0a n\u00edundu \u00f6ld.<\/p><p>Hvort veran sem talar \u00ed kv\u00e6\u00f0inu er go\u00f0sagnapers\u00f3na e\u00f0a b\u00f3kmenntaleg pers\u00f3nugerving ellinnar er umdeilt me\u00f0al keltnesku fr\u00e6\u00f0imanna. Sumir fr\u00e6\u00f0imenn sj\u00e1 \u00ed henni brot \u00far fullveldisgy\u00f0ju, a\u00f0rir lesa kv\u00e6\u00f0i\u00f0 fyrst og fremst sem kristna huglei\u00f0ingu um forgengileika.<\/p><p>\u00deessi heimildasta\u00f0a \u00fatsk\u00fdrir hvers vegna Cailleach n\u00fat\u00edmans er svo margbreytileg. \u00dea\u00f0 er engin ein vi\u00f0urkennd <span class=\"iwg-fachbegriff\" data-tooltip=\"Yfirf\u00e6r\u00f0 fr\u00e1s\u00f6gn um gu\u00f0i, uppruna og skipan heimsins.\" tabindex=\"0\">go\u00f0s\u00f6gn<\/span>. \u00deess \u00ed sta\u00f0 var or\u00f0i\u00f0 um aldir nota\u00f0 um sta\u00f0bundna fjallav\u00e6tti, ve\u00f0urm\u00e1tt, uppskeru- og n\u00e1tt\u00farupers\u00f3nugervingar, og fyrst \u00fej\u00f3\u00f0fr\u00e6\u00f0ingar 19. og 20. aldar tengdu \u00feessa \u00fer\u00e6\u00f0i saman \u00ed eina veru.<\/p><p>\u00deeir sem stunda fr\u00e6\u00f0ilega ranns\u00f3kn \u00e1 Cailleach ver\u00f0a \u00fev\u00ed a\u00f0 gera sk\u00fdran greinarmun \u00e1 mi\u00f0aldatextunum, sta\u00f0bundnu sagnahef\u00f0inni og n\u00fat\u00edmalegri samsetningu.<\/p>\t\t\t\t\t\t\t\t<\/div>\n\t\t\t\t<\/div>\n\t\t\t\t\t<\/div>\n\t\t\t\t<\/div>\n\t\t<div class=\"elementor-element elementor-element-36dd7469 e-flex e-con-boxed e-con e-parent\" data-id=\"36dd7469\" data-element_type=\"container\" data-e-type=\"container\">\n\t\t\t\t\t<div class=\"e-con-inner\">\n\t\t\t\t<div class=\"elementor-element elementor-element-13760ab4 elementor-widget elementor-widget-heading\" data-id=\"13760ab4\" data-element_type=\"widget\" data-e-type=\"widget\" data-widget_type=\"heading.default\">\n\t\t\t\t\t<h2 class=\"elementor-heading-title elementor-size-default\">\u00cdtarefni og tenglar<\/h2>\t\t\t\t<\/div>\n\t\t<div class=\"elementor-element elementor-element-28c87796 e-con-full e-flex e-con e-child\" data-id=\"28c87796\" data-element_type=\"container\" data-e-type=\"container\">\n\t\t\t\t<div class=\"elementor-element elementor-element-5d6538df elementor-widget elementor-widget-text-editor\" data-id=\"5d6538df\" data-element_type=\"widget\" data-e-type=\"widget\" data-widget_type=\"text-editor.default\">\n\t\t\t\t\t\t\t\t\t<p>R\u00e1\u00f0lag\u00f0ir innri tenglar:<\/p><ul><li><a href=\"https:\/\/iwell-guard.com\/is\/?page_id=168615\">Keltneskt<\/a><\/li><li><a href=\"https:\/\/iwell-guard.com\/is\/?page_id=168632\">Banshee<\/a>, <a href=\"https:\/\/iwell-guard.com\/is\/?page_id=168633\">Sluagh<\/a>, P\u00faca, <a href=\"https:\/\/iwell-guard.com\/is\/?page_id=168636\">Dullahan<\/a><\/li><li>Morr\u00edgan, <a href=\"https:\/\/iwell-guard.com\/is\/?page_id=168828\">Brigid<\/a> (keltneskar gy\u00f0jur)<\/li><li><a href=\"https:\/\/iwell-guard.com\/is\/?page_id=168637\">Baba Jaga<\/a> (slav\u00edsk hli\u00f0st\u00e6\u00f0a, n\u00e1nari s\u00ed\u00f0a fylgir)<\/li><li>Perchta\/Hulda (germanskar hli\u00f0st\u00e6\u00f0ur)<\/li><\/ul>\t\t\t\t\t\t\t\t<\/div>\n\t\t\t\t<\/div>\n\t\t\t\t\t<\/div>\n\t\t\t\t<\/div>\n\t\t<div class=\"elementor-element elementor-element-grl4kl40 e-flex e-con-boxed e-con e-parent\" data-id=\"grl4kl40\" data-element_type=\"container\" data-e-type=\"container\">\n\t\t\t\t\t<div class=\"e-con-inner\">\n\t\t\t\t<div class=\"elementor-element elementor-element-bzsbfrmh elementor-widget elementor-widget-heading\" data-id=\"bzsbfrmh\" data-element_type=\"widget\" data-e-type=\"widget\" data-widget_type=\"heading.default\">\n\t\t\t\t\t<h2 class=\"elementor-heading-title elementor-size-default\">Heimildir (\u00farval)<\/h2>\t\t\t\t<\/div>\n\t\t<div class=\"elementor-element elementor-element-2c13224a e-con-full e-flex e-con e-child\" data-id=\"2c13224a\" data-element_type=\"container\" data-e-type=\"container\">\n\t\t\t\t<div class=\"elementor-element elementor-element-0eymh9ub elementor-widget elementor-widget-text-editor\" data-id=\"0eymh9ub\" data-element_type=\"widget\" data-e-type=\"widget\" data-widget_type=\"text-editor.default\">\n\t\t\t\t\t\t\t\t\t<footer class=\"iwg-literatur\" data-nosnippet=\"true\"><p>\u00darval helstu verka um Cailleach:<\/p><ul><li><span data-nosnippet>McNeill, F. Marian: <em>The Silver Bough<\/em>. 4 bindi. Glasgow 1957, 68.<\/span><\/li><li><span data-nosnippet>\u00d3 h\u00d3g\u00e1in, D\u00e1ith\u00ed: <em>Myth, Legend and Romance<\/em>. New York 1991.<\/span><\/li><li><span data-nosnippet>Hull, Eleanor: \u201eLegends and Traditions of the Cailleach Bheara.&#8220; \u00cd: <em><span class=\"iwg-fachbegriff\" data-tooltip=\"Yfirf\u00e6r\u00f0 \u00fej\u00f3\u00f0menning me\u00f0 si\u00f0um, s\u00f6gum og s\u00f6ngvum.\" tabindex=\"0\">Folklore<\/span><\/em> 38 (1927).<\/span><\/li><li><span data-nosnippet>Monaghan, Patricia: <em>The Encyclopedia of Celtic Mythology and <span class=\"iwg-fachbegriff\" data-tooltip=\"Yfirf\u00e6r\u00f0 \u00fej\u00f3\u00f0menning me\u00f0 si\u00f0um, s\u00f6gum og s\u00f6ngvum.\" tabindex=\"0\">Folklore<\/span><\/em>. New York 2004.<\/span><\/li><\/ul><\/footer>\n<p class=\"iwg-bib-more\"><span data-nosnippet>Fleiri grunnverk \u00ed <a href=\"https:\/\/iwell-guard.com\/is\/?page_id=168730\">heimildaskr\u00e1nni<\/a>.<\/span><\/p>\t\t\t\t\t\t\t\t<\/div>\n\t\t\t\t<\/div>\n\t\t\t\t\t<\/div>\n\t\t\t\t<\/div>\n\t\t<div class=\"elementor-element elementor-element-iwgkw-add-cailleach e-flex e-con-boxed e-con e-parent\" data-id=\"iwgkw-add-cailleach\" data-element_type=\"container\" data-e-type=\"container\">\n\t\t\t\t\t<div class=\"e-con-inner\">\n\t\t\t\t<div class=\"elementor-element elementor-element-iwgkw-add-cailleach-t elementor-widget elementor-widget-text-editor\" data-id=\"iwgkw-add-cailleach-t\" data-element_type=\"widget\" data-e-type=\"widget\" data-widget_type=\"text-editor.default\">\n\t\t\t\t\t\t\t\t\t<p>\u00cd samanbur\u00f0i vi\u00f0 hinar karlkyns gu\u00f0averur \u00ed keltneska go\u00f0aheiminum kemur Cailleach fram sem sj\u00e1lfst\u00e6\u00f0 h\u00e1gu\u00f0ja sem birtir vetur, storm og fj\u00f6ll.<\/p><p>\u00dear sem d\u00e6miger\u00f0ur gu\u00f0 Kelta t\u00e1knar \u00e6ttb\u00e1lk, str\u00ed\u00f0 e\u00f0a handverk, birtir h\u00fan eldra, landslagsbundi\u00f0 lag: fj\u00f6ll, klettamyndir og \u00e1rst\u00ed\u00f0askipti eru \u00ed Skotlandi, \u00cdrlandi og \u00e1 M\u00f6n tengd veru hennar.<\/p>\t\t\t\t\t\t\t\t<\/div>\n\t\t\t\t\t<\/div>\n\t\t\t\t<\/div>\n\t\t\t\t<\/div>\n\t\t","protected":false},"excerpt":{"rendered":"","protected":false},"author":3,"featured_media":1614,"parent":0,"menu_order":0,"comment_status":"closed","ping_status":"closed","template":"elementor_header_footer","meta":{"_yoast_wpseo_focuskw":"Cailleach","_yoast_wpseo_title":"Cailleach - Hin gamla, vetrargy\u00f0ja og klettaformari","_yoast_wpseo_metadesc":"Cailleach, hin gamla, er vetrargy\u00f0ja og klettaformari keltneska heimsins. Skotland, \u00cdrland, Manarey: go\u00f0s\u00f6gn landslagsins og Imbolc-dagsetningin.","_yoast_wpseo_meta-robots-noindex":"","_yoast_wpseo_canonical":"","_angie_page":false,"gefaehrdungsstufe":"3","wesen_kultur":"keltisch","wesen_klasse":"goetter","footnotes":""},"categories":[],"class_list":["post-168634","page","type-page","status-publish","has-post-thumbnail","hentry"],"yoast_head":"<!-- This site is optimized with the Yoast SEO Premium plugin v27.7 (Yoast SEO v28.3) - https:\/\/yoast.com\/product\/yoast-seo-premium-wordpress\/ -->\n<title>Cailleach - Hin gamla, vetrargy\u00f0ja og klettaformari<\/title>\n<meta name=\"description\" content=\"Cailleach, hin gamla, er vetrargy\u00f0ja og klettaformari keltneska heimsins. Skotland, \u00cdrland, Manarey: go\u00f0s\u00f6gn landslagsins og Imbolc-dagsetningin.\" \/>\n<meta name=\"robots\" content=\"index, follow, max-snippet:-1, max-image-preview:large, max-video-preview:-1\" \/>\n<link rel=\"canonical\" href=\"https:\/\/iwell-guard.com\/is\/cailleach\/\" \/>\n<meta property=\"og:locale\" content=\"is_IS\" \/>\n<meta property=\"og:type\" content=\"article\" \/>\n<meta property=\"og:title\" content=\"Cailleach\" \/>\n<meta property=\"og:description\" content=\"Cailleach, hin gamla, er vetrargy\u00f0ja og klettaformari keltneska heimsins. Skotland, \u00cdrland, Manarey: go\u00f0s\u00f6gn landslagsins og Imbolc-dagsetningin.\" \/>\n<meta property=\"og:url\" content=\"https:\/\/iwell-guard.com\/is\/cailleach\/\" \/>\n<meta property=\"og:site_name\" content=\"iWell Guard\" \/>\n<meta property=\"article:modified_time\" content=\"2026-09-05T14:15:34+00:00\" \/>\n<meta property=\"og:image\" content=\"https:\/\/iwell-guard.com\/wp-content\/uploads\/2026\/04\/goetter_keltisch_cailleach.webp\" \/>\n\t<meta property=\"og:image:width\" content=\"1024\" \/>\n\t<meta property=\"og:image:height\" content=\"1536\" \/>\n\t<meta property=\"og:image:type\" content=\"image\/webp\" \/>\n<meta name=\"twitter:card\" content=\"summary_large_image\" \/>\n<script type=\"application\/ld+json\" class=\"yoast-schema-graph\">{\"@context\":\"https:\\\/\\\/schema.org\",\"@graph\":[{\"@type\":\"WebPage\",\"@id\":\"https:\\\/\\\/iwell-guard.com\\\/is\\\/cailleach\\\/\",\"url\":\"https:\\\/\\\/iwell-guard.com\\\/is\\\/cailleach\\\/\",\"name\":\"Cailleach - Hin gamla, vetrargy\u00f0ja og klettaformari\",\"isPartOf\":{\"@id\":\"https:\\\/\\\/iwell-guard.com\\\/is\\\/#website\"},\"primaryImageOfPage\":{\"@id\":\"https:\\\/\\\/iwell-guard.com\\\/is\\\/cailleach\\\/#primaryimage\"},\"image\":{\"@id\":\"https:\\\/\\\/iwell-guard.com\\\/is\\\/cailleach\\\/#primaryimage\"},\"thumbnailUrl\":\"https:\\\/\\\/iwell-guard.com\\\/wp-content\\\/uploads\\\/2026\\\/04\\\/goetter_keltisch_cailleach.webp\",\"datePublished\":\"2026-09-05T14:01:45+00:00\",\"dateModified\":\"2026-09-05T14:15:34+00:00\",\"description\":\"Cailleach, hin gamla, er vetrargy\u00f0ja og klettaformari keltneska heimsins. Skotland, \u00cdrland, Manarey: go\u00f0s\u00f6gn landslagsins og Imbolc-dagsetningin.\",\"breadcrumb\":{\"@id\":\"https:\\\/\\\/iwell-guard.com\\\/is\\\/cailleach\\\/#breadcrumb\"},\"inLanguage\":\"is\",\"potentialAction\":[{\"@type\":\"ReadAction\",\"target\":[\"https:\\\/\\\/iwell-guard.com\\\/is\\\/cailleach\\\/\"]}]},{\"@type\":\"ImageObject\",\"inLanguage\":\"is\",\"@id\":\"https:\\\/\\\/iwell-guard.com\\\/is\\\/cailleach\\\/#primaryimage\",\"url\":\"https:\\\/\\\/iwell-guard.com\\\/wp-content\\\/uploads\\\/2026\\\/04\\\/goetter_keltisch_cailleach.webp\",\"contentUrl\":\"https:\\\/\\\/iwell-guard.com\\\/wp-content\\\/uploads\\\/2026\\\/04\\\/goetter_keltisch_cailleach.webp\",\"width\":1024,\"height\":1536,\"caption\":\"Gu\u00f0ir \u00far keltneskri hef\u00f0.\"},{\"@type\":\"BreadcrumbList\",\"@id\":\"https:\\\/\\\/iwell-guard.com\\\/is\\\/cailleach\\\/#breadcrumb\",\"itemListElement\":[{\"@type\":\"ListItem\",\"position\":1,\"name\":\"Start\",\"item\":\"https:\\\/\\\/iwell-guard.com\\\/is\\\/?page_id=168580\"},{\"@type\":\"ListItem\",\"position\":2,\"name\":\"Cailleach\"}]},{\"@type\":\"WebSite\",\"@id\":\"https:\\\/\\\/iwell-guard.com\\\/is\\\/#website\",\"url\":\"https:\\\/\\\/iwell-guard.com\\\/is\\\/\",\"name\":\"iWell Guard\",\"description\":\"Schutz vor dunklen Einfl\u00fcssen\",\"publisher\":{\"@id\":\"https:\\\/\\\/iwell-guard.com\\\/is\\\/#organization\"},\"potentialAction\":[{\"@type\":\"SearchAction\",\"target\":{\"@type\":\"EntryPoint\",\"urlTemplate\":\"https:\\\/\\\/iwell-guard.com\\\/is\\\/?s={search_term_string}\"},\"query-input\":{\"@type\":\"PropertyValueSpecification\",\"valueRequired\":true,\"valueName\":\"search_term_string\"}}],\"inLanguage\":\"is\"},{\"@type\":\"Organization\",\"@id\":\"https:\\\/\\\/iwell-guard.com\\\/is\\\/#organization\",\"name\":\"Ittermann electronic GmbH\",\"url\":\"https:\\\/\\\/iwell-guard.com\\\/is\\\/\",\"logo\":{\"@type\":\"ImageObject\",\"inLanguage\":\"is\",\"@id\":\"https:\\\/\\\/iwell-guard.com\\\/is\\\/#\\\/schema\\\/logo\\\/image\\\/\",\"url\":\"https:\\\/\\\/iwell-guard.com\\\/wp-content\\\/uploads\\\/2026\\\/05\\\/Ittermann-Logo-1182x237-1.png\",\"contentUrl\":\"https:\\\/\\\/iwell-guard.com\\\/wp-content\\\/uploads\\\/2026\\\/05\\\/Ittermann-Logo-1182x237-1.png\",\"width\":1182,\"height\":237,\"caption\":\"Ittermann electronic GmbH\"},\"image\":{\"@id\":\"https:\\\/\\\/iwell-guard.com\\\/is\\\/#\\\/schema\\\/logo\\\/image\\\/\"},\"sameAs\":[\"https:\\\/\\\/pantip.com\\\/profile\\\/9367242\",\"https:\\\/\\\/micro.blog\\\/iwellguard\",\"https:\\\/\\\/www.diggerslist.com\\\/iwellguard\\\/about\",\"https:\\\/\\\/skitterphoto.com\\\/photographers\\\/2870314\\\/iwell-guard\",\"https:\\\/\\\/iwellguard.wordpress.com\\\/2026\\\/06\\\/06\\\/iwell-guard\\\/\",\"https:\\\/\\\/hub.docker.com\\\/u\\\/iwellguard\",\"https:\\\/\\\/www.pinterest.com\\\/iwellguard\\\/\",\"https:\\\/\\\/bit.ly\\\/m\\\/iwellguard\",\"https:\\\/\\\/entre-vos-mains.alsace.eu\\\/profiles\\\/iwellguard\\\/activity\",\"https:\\\/\\\/gravatar.com\\\/reallybeded8fd34\",\"https:\\\/\\\/naijamatta.com\\\/iwellguard\",\"https:\\\/\\\/www.goodreads.com\\\/iwellguard\",\"https:\\\/\\\/profile.hatena.ne.jp\\\/iwellguard\\\/\",\"https:\\\/\\\/experiment.com\\\/users\\\/iwellguard\",\"https:\\\/\\\/wakelet.com\\\/@iWellGuard82270\",\"https:\\\/\\\/www.chordie.com\\\/forum\\\/profile.php?id=2555664\",\"https:\\\/\\\/www.instapaper.com\\\/p\\\/17757966\",\"https:\\\/\\\/www.mapleprimes.com\\\/users\\\/iwellguard\",\"https:\\\/\\\/businesslistingplus.com\\\/profile\\\/iwell-guard\\\/\",\"https:\\\/\\\/telegra.ph\\\/iWell-Guard-06-06\",\"https:\\\/\\\/pbase.com\\\/iwellguard\\\/iwellguard\",\"https:\\\/\\\/b.hatena.ne.jp\\\/iwellguard\\\/20260607#bookmark-4788405196491818882\",\"https:\\\/\\\/fliphtml5.com\\\/home\\\/iwellguard\",\"https:\\\/\\\/anyflip.com\\\/homepage\\\/cmiwl#About\",\"https:\\\/\\\/transfur.com\\\/Users\\\/iwellguard\",\"http:\\\/\\\/delphi.larsbo.org\\\/user\\\/iwellguard\",\"https:\\\/\\\/jobs.lajobsportal.org\\\/profiles\\\/8380803-iwell-guard\",\"https:\\\/\\\/md.chaosdorf.de\\\/s\\\/jfbe5SBdJD\",\"https:\\\/\\\/www.lingvolive.com\\\/en-us\\\/profile\\\/9ecaeaca-ce11-4e51-9e71-01d55e2bff36\\\/translations\",\"https:\\\/\\\/www.fitday.com\\\/fitness\\\/forums\\\/members\\\/iwellguard.html\",\"https:\\\/\\\/www.mymeetbook.com\\\/iwellguard\",\"https:\\\/\\\/pxhere.com\\\/en\\\/photographer-me\\\/5040798\",\"https:\\\/\\\/disqus.com\\\/by\\\/iwellguard\\\/about\\\/\",\"https:\\\/\\\/pastelink.net\\\/hjwciqwq\",\"https:\\\/\\\/pubhtml5.com\\\/homepage\\\/scjhn\\\/\",\"https:\\\/\\\/www.bitchute.com\\\/channel\\\/2O2eOKzNqujT\",\"https:\\\/\\\/audiomack.com\\\/iwellguard\"]},{\"@type\":\"Article\",\"@id\":\"https:\\\/\\\/iwell-guard.com\\\/is\\\/cailleach\\\/#article\",\"isPartOf\":{\"@id\":\"https:\\\/\\\/iwell-guard.com\\\/is\\\/cailleach\\\/\"},\"author\":{\"name\":\"Ralf Ittermann\",\"@id\":\"https:\\\/\\\/iwell-guard.com\\\/is\\\/#\\\/schema\\\/person\\\/ee2a27f1cac3406c7c6fb5820cb7349f\"},\"headline\":\"Cailleach\",\"datePublished\":\"2026-09-05T14:01:45+00:00\",\"dateModified\":\"2026-09-05T14:15:34+00:00\",\"mainEntityOfPage\":{\"@id\":\"https:\\\/\\\/iwell-guard.com\\\/is\\\/cailleach\\\/\"},\"publisher\":{\"@id\":\"https:\\\/\\\/iwell-guard.com\\\/is\\\/#organization\"},\"image\":{\"@id\":\"https:\\\/\\\/iwell-guard.com\\\/is\\\/cailleach\\\/#primaryimage\"},\"thumbnailUrl\":\"https:\\\/\\\/iwell-guard.com\\\/wp-content\\\/uploads\\\/2026\\\/04\\\/goetter_keltisch_cailleach.webp\",\"inLanguage\":\"is\",\"description\":\"Cailleach, hin gamla, er vetrargy\u00f0ja og klettaformari keltneska heimsins. Skotland, \u00cdrland, Manarey: go\u00f0s\u00f6gn landslagsins og Imbolc-dagsetningin.\"}]}<\/script>\n<!-- \/ Yoast SEO Premium plugin. -->","yoast_head_json":{"title":"Cailleach - Hin gamla, vetrargy\u00f0ja og klettaformari","description":"Cailleach, hin gamla, er vetrargy\u00f0ja og klettaformari keltneska heimsins. Skotland, \u00cdrland, Manarey: go\u00f0s\u00f6gn landslagsins og Imbolc-dagsetningin.","robots":{"index":"index","follow":"follow","max-snippet":"max-snippet:-1","max-image-preview":"max-image-preview:large","max-video-preview":"max-video-preview:-1"},"canonical":"https:\/\/iwell-guard.com\/is\/cailleach\/","og_locale":"is_IS","og_type":"article","og_title":"Cailleach","og_description":"Cailleach, hin gamla, er vetrargy\u00f0ja og klettaformari keltneska heimsins. Skotland, \u00cdrland, Manarey: go\u00f0s\u00f6gn landslagsins og Imbolc-dagsetningin.","og_url":"https:\/\/iwell-guard.com\/is\/cailleach\/","og_site_name":"iWell Guard","article_modified_time":"2026-09-05T14:15:34+00:00","og_image":[{"width":1024,"height":1536,"url":"https:\/\/iwell-guard.com\/wp-content\/uploads\/2026\/04\/goetter_keltisch_cailleach.webp","type":"image\/webp"}],"twitter_card":"summary_large_image","schema":{"@context":"https:\/\/schema.org","@graph":[{"@type":"Article","@id":"https:\/\/iwell-guard.com\/is\/cailleach\/#article","isPartOf":{"@id":"https:\/\/iwell-guard.com\/is\/cailleach\/"},"author":{"name":"Ralf Ittermann","@id":"https:\/\/iwell-guard.com\/is\/#\/schema\/person\/ee2a27f1cac3406c7c6fb5820cb7349f"},"headline":"Cailleach","datePublished":"2026-09-05T14:01:45+00:00","dateModified":"2026-09-05T14:15:34+00:00","mainEntityOfPage":{"@id":"https:\/\/iwell-guard.com\/is\/cailleach\/"},"publisher":{"@id":"https:\/\/iwell-guard.com\/is\/#organization"},"image":{"@id":"https:\/\/iwell-guard.com\/is\/cailleach\/#primaryimage"},"thumbnailUrl":"https:\/\/iwell-guard.com\/wp-content\/uploads\/2026\/04\/goetter_keltisch_cailleach.webp","inLanguage":"is","description":"Cailleach, hin gamla, er vetrargy\u00f0ja og klettaformari keltneska heimsins. Skotland, \u00cdrland, Manarey: go\u00f0s\u00f6gn landslagsins og Imbolc-dagsetningin."},{"@type":"WebPage","@id":"https:\/\/iwell-guard.com\/is\/cailleach\/","url":"https:\/\/iwell-guard.com\/is\/cailleach\/","name":"Cailleach - Hin gamla, vetrargy\u00f0ja og klettaformari","isPartOf":{"@id":"https:\/\/iwell-guard.com\/is\/#website"},"primaryImageOfPage":{"@id":"https:\/\/iwell-guard.com\/is\/cailleach\/#primaryimage"},"image":{"@id":"https:\/\/iwell-guard.com\/is\/cailleach\/#primaryimage"},"thumbnailUrl":"https:\/\/iwell-guard.com\/wp-content\/uploads\/2026\/04\/goetter_keltisch_cailleach.webp","datePublished":"2026-09-05T14:01:45+00:00","dateModified":"2026-09-05T14:15:34+00:00","description":"Cailleach, hin gamla, er vetrargy\u00f0ja og klettaformari keltneska heimsins. Skotland, \u00cdrland, Manarey: go\u00f0s\u00f6gn landslagsins og Imbolc-dagsetningin.","breadcrumb":{"@id":"https:\/\/iwell-guard.com\/is\/cailleach\/#breadcrumb"},"inLanguage":"is","potentialAction":[{"@type":"ReadAction","target":["https:\/\/iwell-guard.com\/is\/cailleach\/"]}]},{"@type":"ImageObject","inLanguage":"is","@id":"https:\/\/iwell-guard.com\/is\/cailleach\/#primaryimage","url":"https:\/\/iwell-guard.com\/wp-content\/uploads\/2026\/04\/goetter_keltisch_cailleach.webp","contentUrl":"https:\/\/iwell-guard.com\/wp-content\/uploads\/2026\/04\/goetter_keltisch_cailleach.webp","width":1024,"height":1536,"caption":"Gu\u00f0ir \u00far keltneskri hef\u00f0."},{"@type":"BreadcrumbList","@id":"https:\/\/iwell-guard.com\/is\/cailleach\/#breadcrumb","itemListElement":[{"@type":"ListItem","position":1,"name":"Start","item":"https:\/\/iwell-guard.com\/is\/?page_id=168580"},{"@type":"ListItem","position":2,"name":"Cailleach"}]},{"@type":"WebSite","@id":"https:\/\/iwell-guard.com\/is\/#website","url":"https:\/\/iwell-guard.com\/is\/","name":"iWell Guard","description":"Schutz vor dunklen Einfl\u00fcssen","publisher":{"@id":"https:\/\/iwell-guard.com\/is\/#organization"},"potentialAction":[{"@type":"SearchAction","target":{"@type":"EntryPoint","urlTemplate":"https:\/\/iwell-guard.com\/is\/?s={search_term_string}"},"query-input":{"@type":"PropertyValueSpecification","valueRequired":true,"valueName":"search_term_string"}}],"inLanguage":"is"},{"@type":"Organization","@id":"https:\/\/iwell-guard.com\/is\/#organization","name":"Ittermann electronic GmbH","url":"https:\/\/iwell-guard.com\/is\/","logo":{"@type":"ImageObject","inLanguage":"is","@id":"https:\/\/iwell-guard.com\/is\/#\/schema\/logo\/image\/","url":"https:\/\/iwell-guard.com\/wp-content\/uploads\/2026\/05\/Ittermann-Logo-1182x237-1.png","contentUrl":"https:\/\/iwell-guard.com\/wp-content\/uploads\/2026\/05\/Ittermann-Logo-1182x237-1.png","width":1182,"height":237,"caption":"Ittermann electronic GmbH"},"image":{"@id":"https:\/\/iwell-guard.com\/is\/#\/schema\/logo\/image\/"},"sameAs":["https:\/\/pantip.com\/profile\/9367242","https:\/\/micro.blog\/iwellguard","https:\/\/www.diggerslist.com\/iwellguard\/about","https:\/\/skitterphoto.com\/photographers\/2870314\/iwell-guard","https:\/\/iwellguard.wordpress.com\/2026\/06\/06\/iwell-guard\/","https:\/\/hub.docker.com\/u\/iwellguard","https:\/\/www.pinterest.com\/iwellguard\/","https:\/\/bit.ly\/m\/iwellguard","https:\/\/entre-vos-mains.alsace.eu\/profiles\/iwellguard\/activity","https:\/\/gravatar.com\/reallybeded8fd34","https:\/\/naijamatta.com\/iwellguard","https:\/\/www.goodreads.com\/iwellguard","https:\/\/profile.hatena.ne.jp\/iwellguard\/","https:\/\/experiment.com\/users\/iwellguard","https:\/\/wakelet.com\/@iWellGuard82270","https:\/\/www.chordie.com\/forum\/profile.php?id=2555664","https:\/\/www.instapaper.com\/p\/17757966","https:\/\/www.mapleprimes.com\/users\/iwellguard","https:\/\/businesslistingplus.com\/profile\/iwell-guard\/","https:\/\/telegra.ph\/iWell-Guard-06-06","https:\/\/pbase.com\/iwellguard\/iwellguard","https:\/\/b.hatena.ne.jp\/iwellguard\/20260607#bookmark-4788405196491818882","https:\/\/fliphtml5.com\/home\/iwellguard","https:\/\/anyflip.com\/homepage\/cmiwl#About","https:\/\/transfur.com\/Users\/iwellguard","http:\/\/delphi.larsbo.org\/user\/iwellguard","https:\/\/jobs.lajobsportal.org\/profiles\/8380803-iwell-guard","https:\/\/md.chaosdorf.de\/s\/jfbe5SBdJD","https:\/\/www.lingvolive.com\/en-us\/profile\/9ecaeaca-ce11-4e51-9e71-01d55e2bff36\/translations","https:\/\/www.fitday.com\/fitness\/forums\/members\/iwellguard.html","https:\/\/www.mymeetbook.com\/iwellguard","https:\/\/pxhere.com\/en\/photographer-me\/5040798","https:\/\/disqus.com\/by\/iwellguard\/about\/","https:\/\/pastelink.net\/hjwciqwq","https:\/\/pubhtml5.com\/homepage\/scjhn\/","https:\/\/www.bitchute.com\/channel\/2O2eOKzNqujT","https:\/\/audiomack.com\/iwellguard"]},{"@type":"Person","@id":"https:\/\/iwell-guard.com\/is\/#\/schema\/person\/ee2a27f1cac3406c7c6fb5820cb7349f","name":"Ralf Ittermann","image":{"@type":"ImageObject","inLanguage":"is","@id":"https:\/\/secure.gravatar.com\/avatar\/073c0153e350a5005b68eb752b445fea71f6b24a26da9449ad7e155e6b446c9d?s=96&d=mm&r=g","url":"https:\/\/secure.gravatar.com\/avatar\/073c0153e350a5005b68eb752b445fea71f6b24a26da9449ad7e155e6b446c9d?s=96&d=mm&r=g","contentUrl":"https:\/\/secure.gravatar.com\/avatar\/073c0153e350a5005b68eb752b445fea71f6b24a26da9449ad7e155e6b446c9d?s=96&d=mm&r=g","caption":"Ralf Ittermann"},"givenName":"Ralf","familyName":"Ittermann","jobTitle":"Gesch\u00e4ftsf\u00fchrer und redaktioneller Verantwortlicher","url":"https:\/\/iwell-guard.com\/is\/author\/claude\/","description":"Ralf Ittermann ist Gesch\u00e4ftsf\u00fchrer der Ittermann electronic GmbH und redaktioneller Verantwortlicher des iWell-Guard-Lexikons. Er verbindet langj\u00e4hrige Erfahrung in der Pr\u00e4zisionsfertigung mit medialer Praxis und religionsgeschichtlicher Quellenarbeit.","worksFor":{"@type":"Organization","name":"Ittermann electronic GmbH","url":"https:\/\/ittermann.de\/","address":{"@type":"PostalAddress","streetAddress":"K\u00f6hlergasse 16-18","postalCode":"99842","addressLocality":"Ruhla","addressCountry":"DE"}},"knowsAbout":["Religionsgeschichte","Mythologie","Mediale Praxis","Energetische Diagnostik","Schutzpraxis","Volksglauben","Westliche Esoterik"]},{"@type":"Article","@id":"https:\/\/iwell-guard.com\/is\/cailleach\/#article","isPartOf":{"@id":"https:\/\/iwell-guard.com\/is\/cailleach\/"},"author":{"name":"Ralf Ittermann","@id":"https:\/\/iwell-guard.com\/is\/#\/schema\/person\/ee2a27f1cac3406c7c6fb5820cb7349f"},"headline":"Cailleach","datePublished":"2026-09-05T14:01:45+00:00","dateModified":"2026-09-05T14:15:34+00:00","mainEntityOfPage":{"@id":"https:\/\/iwell-guard.com\/is\/cailleach\/"},"publisher":{"@id":"https:\/\/iwell-guard.com\/is\/#organization"},"image":{"@id":"https:\/\/iwell-guard.com\/is\/cailleach\/#primaryimage"},"thumbnailUrl":"https:\/\/iwell-guard.com\/wp-content\/uploads\/2026\/04\/goetter_keltisch_cailleach.webp","inLanguage":"is","description":"Cailleach, hin gamla, er vetrargy\u00f0ja og klettaformari keltneska heimsins. Skotland, \u00cdrland, Manarey: go\u00f0s\u00f6gn landslagsins og Imbolc-dagsetningin."}]}},"_links":{"self":[{"href":"https:\/\/iwell-guard.com\/is\/wp-json\/wp\/v2\/pages\/168634","targetHints":{"allow":["GET"]}}],"collection":[{"href":"https:\/\/iwell-guard.com\/is\/wp-json\/wp\/v2\/pages"}],"about":[{"href":"https:\/\/iwell-guard.com\/is\/wp-json\/wp\/v2\/types\/page"}],"author":[{"embeddable":true,"href":"https:\/\/iwell-guard.com\/is\/wp-json\/wp\/v2\/users\/3"}],"replies":[{"embeddable":true,"href":"https:\/\/iwell-guard.com\/is\/wp-json\/wp\/v2\/comments?post=168634"}],"version-history":[{"count":0,"href":"https:\/\/iwell-guard.com\/is\/wp-json\/wp\/v2\/pages\/168634\/revisions"}],"wp:featuredmedia":[{"embeddable":true,"href":"https:\/\/iwell-guard.com\/is\/wp-json\/wp\/v2\/media\/1614"}],"wp:attachment":[{"href":"https:\/\/iwell-guard.com\/is\/wp-json\/wp\/v2\/media?parent=168634"}],"wp:term":[{"taxonomy":"category","embeddable":true,"href":"https:\/\/iwell-guard.com\/is\/wp-json\/wp\/v2\/categories?post=168634"}],"curies":[{"name":"wp","href":"https:\/\/api.w.org\/{rel}","templated":true}]}}