{"id":168633,"date":"2026-09-05T14:01:44","date_gmt":"2026-09-05T14:01:44","guid":{"rendered":"https:\/\/iwell-guard.com\/?page_id=168633"},"modified":"2026-09-05T14:15:31","modified_gmt":"2026-09-05T14:15:31","slug":"sluagh","status":"publish","type":"page","link":"https:\/\/iwell-guard.com\/is\/sluagh\/","title":{"rendered":"Sluagh"},"content":{"rendered":"\t\t<div data-elementor-type=\"wp-page\" data-elementor-id=\"168633\" class=\"elementor elementor-168633 elementor-1034\" data-elementor-post-type=\"page\">\n\t\t\t\t<div class=\"elementor-element elementor-element-10fdade e-flex e-con-boxed e-con e-parent\" data-id=\"10fdade\" data-element_type=\"container\" data-e-type=\"container\" data-settings=\"{&quot;background_background&quot;:&quot;classic&quot;}\">\n\t\t\t\t\t<div class=\"e-con-inner\">\n\t\t<div class=\"elementor-element elementor-element-herohlft0 e-flex e-con-boxed e-con e-child\" data-id=\"herohlft0\" data-element_type=\"container\" data-e-type=\"container\">\n\t\t\t\t\t<div class=\"e-con-inner\">\n\t\t<div class=\"elementor-element elementor-element-c3ceb64 e-con-full e-flex e-con e-child\" data-id=\"c3ceb64\" data-element_type=\"container\" data-e-type=\"container\">\n\t\t\t\t<div class=\"elementor-element elementor-element-96ae5e1 elementor-widget elementor-widget-heading\" data-id=\"96ae5e1\" data-element_type=\"widget\" data-e-type=\"widget\" data-widget_type=\"heading.default\">\n\t\t\t\t\t<h1 class=\"elementor-heading-title elementor-size-default\">Sluagh, v\u00e6ttur \u00far keltneskri hef\u00f0<\/h1>\t\t\t\t<\/div>\n\t\t\t\t<div class=\"elementor-element elementor-element-e45238a elementor-widget elementor-widget-text-editor\" data-id=\"e45238a\" data-element_type=\"widget\" data-e-type=\"widget\" data-widget_type=\"text-editor.default\">\n\t\t\t\t\t\t\t\t\t<p><strong>\u00d3heilagi dau\u00f0aherinn, flj\u00fagandi s\u00e1lir \u00e1n heimkynna.<\/strong><\/p>\t\t\t\t\t\t\t\t<\/div>\n\t\t\t\t<\/div>\n\t\t<div class=\"elementor-element elementor-element-klsbdg01 e-con-full e-flex e-con e-parent\" data-id=\"klsbdg01\" data-element_type=\"container\" data-e-type=\"container\">\n\t\t\t\t<div class=\"elementor-element elementor-element-klshtm01 elementor-widget elementor-widget-html\" data-id=\"klshtm01\" data-element_type=\"widget\" data-e-type=\"widget\" data-widget_type=\"html.default\">\n\t\t\t\t\t<div class=\"iwg-pill-row\"><span class=\"iwg-klasse-badge\" tabindex=\"0\" data-tooltip=\"Andi: \u00d3l\u00edkamleg e\u00f0a h\u00e1lfl\u00edkamleg vera, framli\u00f0nir, n\u00e1tt\u00faruv\u00e6ttir, heimilisandar e\u00f0a \u00fer\u00f6skuldsver\u00f0ir. Hefur \u00e1hrif \u00ed daglegu l\u00edfi, oft bundin st\u00f6\u00f0um e\u00f0a fj\u00f6lskyldum.\">Andi<\/span><a href=\"https:\/\/iwell-guard.com\/is\/?page_id=168615\" class=\"iwg-kultur-badge\" tabindex=\"0\" data-tooltip=\"Keltnesk tr\u00faarbr\u00f6g\u00f0 Vestur-Evr\u00f3pu og Bretlandseyja, var\u00f0veitt go\u00f0sagnafr\u00e6\u00f0ilega \u00ed \u00edrsk-velskum textum.\">Keltneskt<\/a><\/div>\t\t\t\t<\/div>\n\t\t\t\t<\/div>\n\t\t<div class=\"elementor-element elementor-element-3f74855 e-con-full e-flex e-con e-child\" data-id=\"3f74855\" data-element_type=\"container\" data-e-type=\"container\">\n\t\t\t\t<div class=\"elementor-element elementor-element-1c30362 elementor-toc--minimized-on-tablet elementor-widget elementor-widget-table-of-contents\" data-id=\"1c30362\" data-element_type=\"widget\" data-e-type=\"widget\" data-settings=\"{&quot;exclude_headings_by_selector&quot;:[],&quot;no_headings_message&quot;:&quot;Engar undirfyrirsagnir fundust \\u00e1 \\u00feessari s\\u00ed\\u00f0u.&quot;,&quot;headings_by_tags&quot;:[&quot;h2&quot;,&quot;h3&quot;],&quot;marker_view&quot;:&quot;bullets&quot;,&quot;icon&quot;:{&quot;value&quot;:&quot;fas fa-circle&quot;,&quot;library&quot;:&quot;fa-solid&quot;,&quot;rendered_tag&quot;:&quot;&lt;svg class=\\&quot;e-font-icon-svg e-fas-circle\\&quot; viewBox=\\&quot;0 0 512 512\\&quot; xmlns=\\&quot;http:\\\/\\\/www.w3.org\\\/2000\\\/svg\\&quot;&gt;&lt;path d=\\&quot;M256 8C119 8 8 119 8 256s111 248 248 248 248-111 248-248S393 8 256 8z\\&quot;&gt;&lt;\\\/path&gt;&lt;\\\/svg&gt;&quot;},&quot;minimize_box&quot;:&quot;yes&quot;,&quot;minimized_on&quot;:&quot;tablet&quot;,&quot;hierarchical_view&quot;:&quot;yes&quot;,&quot;min_height&quot;:{&quot;unit&quot;:&quot;px&quot;,&quot;size&quot;:&quot;&quot;,&quot;sizes&quot;:[]},&quot;min_height_tablet&quot;:{&quot;unit&quot;:&quot;px&quot;,&quot;size&quot;:&quot;&quot;,&quot;sizes&quot;:[]},&quot;min_height_mobile&quot;:{&quot;unit&quot;:&quot;px&quot;,&quot;size&quot;:&quot;&quot;,&quot;sizes&quot;:[]}}\" data-widget_type=\"table-of-contents.default\">\n\t\t\t\t\t\t\t\t\t<div class=\"elementor-toc__header\">\n\t\t\t\t\t\t<h2 class=\"elementor-toc__header-title\">\n\t\t\t\tEfnisyfirlit\t\t\t<\/h2>\n\t\t\t\t\t\t\t\t\t\t<div class=\"elementor-toc__toggle-button elementor-toc__toggle-button--expand\" role=\"button\" tabindex=\"0\" aria-controls=\"elementor-toc__1c30362\" aria-expanded=\"true\" aria-label=\"Open table of contents\"><svg aria-hidden=\"true\" class=\"e-font-icon-svg e-fas-chevron-down\" viewBox=\"0 0 448 512\" xmlns=\"http:\/\/www.w3.org\/2000\/svg\"><path d=\"M207.029 381.476L12.686 187.132c-9.373-9.373-9.373-24.569 0-33.941l22.667-22.667c9.357-9.357 24.522-9.375 33.901-.04L224 284.505l154.745-154.021c9.379-9.335 24.544-9.317 33.901.04l22.667 22.667c9.373 9.373 9.373 24.569 0 33.941L240.971 381.476c-9.373 9.372-24.569 9.372-33.942 0z\"><\/path><\/svg><\/div>\n\t\t\t\t<div class=\"elementor-toc__toggle-button elementor-toc__toggle-button--collapse\" role=\"button\" tabindex=\"0\" aria-controls=\"elementor-toc__1c30362\" aria-expanded=\"true\" aria-label=\"Close table of contents\"><svg aria-hidden=\"true\" class=\"e-font-icon-svg e-fas-chevron-up\" viewBox=\"0 0 448 512\" xmlns=\"http:\/\/www.w3.org\/2000\/svg\"><path d=\"M240.971 130.524l194.343 194.343c9.373 9.373 9.373 24.569 0 33.941l-22.667 22.667c-9.357 9.357-24.522 9.375-33.901.04L224 227.495 69.255 381.516c-9.379 9.335-24.544 9.317-33.901-.04l-22.667-22.667c-9.373-9.373-9.373-24.569 0-33.941L207.03 130.525c9.372-9.373 24.568-9.373 33.941-.001z\"><\/path><\/svg><\/div>\n\t\t\t\t\t<\/div>\n\t\t\t\t<div id=\"elementor-toc__1c30362\" class=\"elementor-toc__body\">\n\t\t\t<div class=\"elementor-toc__spinner-container\">\n\t\t\t\t<svg class=\"elementor-toc__spinner eicon-animation-spin e-font-icon-svg e-eicon-loading\" aria-hidden=\"true\" viewBox=\"0 0 1000 1000\" xmlns=\"http:\/\/www.w3.org\/2000\/svg\"><path d=\"M500 975V858C696 858 858 696 858 500S696 142 500 142 142 304 142 500H25C25 237 238 25 500 25S975 237 975 500 763 975 500 975Z\"><\/path><\/svg>\t\t\t<\/div>\n\t\t<\/div>\n\t\t\t\t\t\t<\/div>\n\t\t\t\t<\/div>\n\t\t\t\t\t<\/div>\n\t\t\t\t<\/div>\n\t\t<div class=\"elementor-element elementor-element-herorght0 e-con-full e-flex e-con e-child\" data-id=\"herorght0\" data-element_type=\"container\" data-e-type=\"container\">\n\t\t\t\t<div class=\"elementor-element elementor-element-heroimg00 iwg-hero-image elementor-widget elementor-widget-image\" data-id=\"heroimg00\" data-element_type=\"widget\" data-e-type=\"widget\" data-widget_type=\"image.default\">\n\t\t\t\t\t\t\t\t\t\t\t\t\t\t\t<img fetchpriority=\"high\" decoding=\"async\" width=\"683\" height=\"1024\" src=\"https:\/\/iwell-guard.com\/wp-content\/uploads\/2026\/04\/geister_keltisch_sluagh-683x1024.webp\" class=\"attachment-large size-large wp-image-170999\" alt=\"Sluagh - andar \u00far keltnesku hef\u00f0inni, s\u00f6gulega myndskreytt\" srcset=\"https:\/\/iwell-guard.com\/wp-content\/uploads\/2026\/04\/geister_keltisch_sluagh-683x1024.webp 683w, https:\/\/iwell-guard.com\/wp-content\/uploads\/2026\/04\/geister_keltisch_sluagh-200x300.webp 200w, https:\/\/iwell-guard.com\/wp-content\/uploads\/2026\/04\/geister_keltisch_sluagh-768x1152.webp 768w, https:\/\/iwell-guard.com\/wp-content\/uploads\/2026\/04\/geister_keltisch_sluagh.webp 1024w\" sizes=\"(max-width: 683px) 100vw, 683px\" \/>\t\t\t\t\t\t\t\t\t\t\t\t\t\t\t<\/div>\n\t\t\t\t<\/div>\n\t\t\t\t\t<\/div>\n\t\t\t\t<\/div>\n\t\t<div class=\"elementor-element elementor-element-32917199 e-flex e-con-boxed e-con e-parent\" data-id=\"32917199\" data-element_type=\"container\" data-e-type=\"container\">\n\t\t\t\t\t<div class=\"e-con-inner\">\n\t\t<div class=\"elementor-element elementor-element-26e916cb e-flex e-con-boxed e-con e-child\" data-id=\"26e916cb\" data-element_type=\"container\" data-e-type=\"container\">\n\t\t\t\t\t<div class=\"e-con-inner\">\n\t\t<div class=\"elementor-element elementor-element-253a40d4 e-flex e-con-boxed e-con e-child\" data-id=\"253a40d4\" data-element_type=\"container\" data-e-type=\"container\">\n\t\t\t\t\t<div class=\"e-con-inner\">\n\t\t\t\t<div class=\"elementor-element elementor-element-1200c304 elementor-widget elementor-widget-heading\" data-id=\"1200c304\" data-element_type=\"widget\" data-e-type=\"widget\" data-widget_type=\"heading.default\">\n\t\t\t\t\t<div class=\"elementor-heading-title elementor-size-default\">Sluagh<\/div>\t\t\t\t<\/div>\n\t\t\t\t<div class=\"elementor-element elementor-element-11758e7f elementor-widget elementor-widget-text-editor\" data-id=\"11758e7f\" data-element_type=\"widget\" data-e-type=\"widget\" data-widget_type=\"text-editor.default\">\n\t\t\t\t\t\t\t\t\t<p>Sluagh er <span class=\"iwg-fachbegriff\" data-tooltip=\"L\u00edkamslaus vera sem talin er hafa \u00e1hrif \u00ed heiminum.\" tabindex=\"0\">andi<\/span> \u00far keltneskri hef\u00f0.<\/p><p>Sluagh, gel\u00edsk or\u00f0 fyrir \u201eher&#8220;, eru samsafn fri\u00f0lausra s\u00e1lna \u00ed keltneskri (a\u00f0allega skoskri gel\u00edskri og \u00edrskri) <span class=\"iwg-fachbegriff\" data-tooltip=\"Var\u00f0veitt \u00fej\u00f3\u00f0menning me\u00f0 si\u00f0um, s\u00f6gum og lj\u00f3\u00f0um.\" tabindex=\"0\">\u00fej\u00f3\u00f0tr\u00fa<\/span>. \u00deau myndast \u00ed flj\u00fagandi sveim \u00e1 n\u00e6turhimninum, \u00fej\u00f3ta framhj\u00e1 me\u00f0 miklum h\u00e1va\u00f0a og geta hrifsa\u00f0 deyjandi f\u00f3lk \u00far r\u00famum s\u00ednum.<\/p><p>Tali\u00f0 er a\u00f0 \u00feau ry\u00f0jist s\u00e9rstaklega inn um vesturgluggann; \u00e1 m\u00f6rgum sv\u00e6\u00f0um vi\u00f0 vesturstr\u00f6nd Skotlands var vesturhli\u00f0 d\u00e1narh\u00fassins \u00feess vegna h\u00f6f\u00f0 loku\u00f0 og hulin allt fram \u00e1 20. \u00f6ld.<\/p><p>Sem safnmynd \u00f3endurleystra framli\u00f0inna standa Sluagh vi\u00f0 hli\u00f0 <a href=\"https:\/\/iwell-guard.com\/is\/?page_id=168632\">Banshee<\/a> og <a href=\"https:\/\/iwell-guard.com\/is\/?page_id=168636\">Dullahan<\/a> fyrir keltneskt samband vi\u00f0 dau\u00f0ann: ekki einn einstakur andst\u00e6\u00f0ingur, heldur samf\u00e9lag \u00feeirra sem ekki hafa fengi\u00f0 hv\u00edld. Myndin \u00e1 s\u00e9r hli\u00f0st\u00e6\u00f0ur \u00ed germ\u00f6nsku \u201eWilde Jagd&#8220; (Villta vei\u00f0in), gr\u00edsku <a href=\"https:\/\/iwell-guard.com\/is\/?page_id=168599\">Keres<\/a> og mes\u00f3p\u00f3tam\u00edsku <a href=\"https:\/\/iwell-guard.com\/is\/?page_id=168587\">Gallu<\/a>. \u00cd n\u00fat\u00edma fantas\u00eduheimi lifir h\u00fan enn g\u00f3\u00f0u l\u00edfi.<\/p><div><p><strong>Skosk-\u00edrsk hef\u00f0 dau\u00f0ahersins<\/strong><\/p><p><em>Sluagh<\/em> (\u00edrska \u201efj\u00f6ldi&#8220; e\u00f0a \u201eher&#8220;) kemur fram \u00ed skoskum og \u00edrskum \u00fej\u00f3\u00f0s\u00f6gum sem fj\u00f6ldi framli\u00f0inna sem fer um landi\u00f0 \u00e1 n\u00f3ttunni. \u00cd skosku gel\u00edsku er veran oft nefnd <em>sluagh s\u00eddhe<\/em> (her \u00e1lfah\u00f3lanna) e\u00f0a <em>sluagh gaoithe<\/em> (her vindsins).<\/p><p>\u00deetta bendir til tv\u00edr\u00e6\u00f0ni: Sluagh g\u00e6ti veri\u00f0 samsett \u00far fallnum \u00e1lfum e\u00f0a fri\u00f0lausum manss\u00e1lum; heimildir sk\u00fdra \u00feetta ekki me\u00f0 fullri vissu.<\/p><p>John Gregorson Campbell, skoskur \u00fej\u00f3\u00f0h\u00e1ttafr\u00e6\u00f0ingur \u00e1 19. \u00f6ld, skr\u00e1\u00f0i \u00ed s\u00f6fnum s\u00ednum Sluagh sem n\u00e6turfyrirb\u00e6ri \u00fear sem f\u00f3lk \u00feurfti a\u00f0 hafa glugga loka\u00f0a til a\u00f0 herinn k\u00e6mist ekki inn \u00ed h\u00fasi\u00f0. \u00deessar var\u00fa\u00f0arr\u00e1\u00f0stafanir voru sta\u00f0f\u00e6r\u00f0ar \u00ed f\u00f6st mynstur \u00e1 sv\u00e6\u00f0inu, sem bendir til a\u00f0 tr\u00fain hafi ekki veri\u00f0 einstaklingsbundin hugarbur\u00f0ur heldur samf\u00e9lagslega r\u00f3tfest.<\/p><\/div>\t\t\t\t\t\t\t\t<\/div>\n\t\t\t\t\t<\/div>\n\t\t\t\t<\/div>\n\t\t<div class=\"elementor-element elementor-element-159dcf9a e-flex e-con-boxed e-con e-child\" data-id=\"159dcf9a\" data-element_type=\"container\" data-e-type=\"container\">\n\t\t\t\t\t<div class=\"e-con-inner\">\n\t\t\t\t<div class=\"elementor-element elementor-element-48cee66f elementor-widget elementor-widget-heading\" data-id=\"48cee66f\" data-element_type=\"widget\" data-e-type=\"widget\" data-widget_type=\"heading.default\">\n\t\t\t\t\t<h2 class=\"elementor-heading-title elementor-size-default\">\u00cd hnotskurn: Sluagh<\/h2>\t\t\t\t<\/div>\n\t\t\t\t<div class=\"elementor-element elementor-element-3f50d82c elementor-widget elementor-widget-text-editor\" data-id=\"3f50d82c\" data-element_type=\"widget\" data-e-type=\"widget\" data-widget_type=\"text-editor.default\">\n\t\t\t\t\t\t\t\t\t<p><strong>Tegund:<\/strong> Samsafn fri\u00f0lausra s\u00e1lna, flj\u00fagandi dau\u00f0aher<br>Uppruni: \u00d3endurleystir, syndugir, vanr\u00e6ktir framli\u00f0nir<br>Textar: skosk og \u00edrsk \u00fej\u00f3\u00f0sagnaarfleif\u00f0, Evans-Wentz<br>T\u00edmabil: fr\u00e1 mi\u00f0\u00f6ldum til n\u00fat\u00edmans<br>V\u00f6rn: vesturgluggi loka\u00f0ur, krossar, salt, j\u00e1rn<\/p>\t\t\t\t\t\t\t\t<\/div>\n\t\t\t\t\t<\/div>\n\t\t\t\t<\/div>\n\t\t\t\t\t<\/div>\n\t\t\t\t<\/div>\n\t\t\t\t\t<\/div>\n\t\t\t\t<\/div>\n\t\t<div class=\"elementor-element elementor-element-18613602 e-flex e-con-boxed e-con e-parent\" data-id=\"18613602\" data-element_type=\"container\" data-e-type=\"container\">\n\t\t\t\t\t<div class=\"e-con-inner\">\n\t\t\t\t<div class=\"elementor-element elementor-element-262b8a9f elementor-widget elementor-widget-heading\" data-id=\"262b8a9f\" data-element_type=\"widget\" data-e-type=\"widget\" data-widget_type=\"heading.default\">\n\t\t\t\t\t<h2 class=\"elementor-heading-title elementor-size-default\">S\u00f6guleg sta\u00f0setning<\/h2>\t\t\t\t<\/div>\n\t\t<div class=\"elementor-element elementor-element-46dcb7d e-con-full e-flex e-con e-child\" data-id=\"46dcb7d\" data-element_type=\"container\" data-e-type=\"container\">\n\t\t<div class=\"elementor-element elementor-element-61d3ab3 e-flex e-con-boxed e-con e-child\" data-id=\"61d3ab3\" data-element_type=\"container\" data-e-type=\"container\">\n\t\t\t\t\t<div class=\"e-con-inner\">\n\t\t\t\t<div class=\"elementor-element elementor-element-117c166 elementor-widget elementor-widget-heading\" data-id=\"117c166\" data-element_type=\"widget\" data-e-type=\"widget\" data-widget_type=\"heading.default\">\n\t\t\t\t\t<div class=\"elementor-heading-title elementor-size-default\">T\u00edmabil textanna<\/div>\t\t\t\t<\/div>\n\t\t\t\t<div class=\"elementor-element elementor-element-73997a0 elementor-widget elementor-widget-text-editor\" data-id=\"73997a0\" data-element_type=\"widget\" data-e-type=\"widget\" data-widget_type=\"text-editor.default\">\n\t\t\t\t\t\t\t\t\t<p><span data-nosnippet>Mi\u00f0aldalegar gel\u00edskar heimildir, r\u00edkuleg tilvist \u00ed skoskum og \u00edrskum \u00fej\u00f3\u00f0sagnab\u00f3kmenntum, vandlega skr\u00e1\u00f0 \u00ed b\u00f3k Evans-Wentz <em>Fairy-Faith in Celtic Countries<\/em> (1911) og \u00ed s\u00f6fnum Lady Gregory og J. F. Campbell.<\/span><\/p>\t\t\t\t\t\t\t\t<\/div>\n\t\t\t\t\t<\/div>\n\t\t\t\t<\/div>\n\t\t<div class=\"elementor-element elementor-element-d47b156 e-flex e-con-boxed e-con e-child\" data-id=\"d47b156\" data-element_type=\"container\" data-e-type=\"container\">\n\t\t\t\t\t<div class=\"e-con-inner\">\n\t\t\t\t<div class=\"elementor-element elementor-element-ff38c2b elementor-widget elementor-widget-heading\" data-id=\"ff38c2b\" data-element_type=\"widget\" data-e-type=\"widget\" data-widget_type=\"heading.default\">\n\t\t\t\t\t<div class=\"elementor-heading-title elementor-size-default\">\u00datbrei\u00f0slusv\u00e6\u00f0i<\/div>\t\t\t\t<\/div>\n\t\t\t\t<div class=\"elementor-element elementor-element-4e49fcc elementor-widget elementor-widget-text-editor\" data-id=\"4e49fcc\" data-element_type=\"widget\" data-e-type=\"widget\" data-widget_type=\"text-editor.default\">\n\t\t\t\t\t\t\t\t\t<p>A\u00f0allega gel\u00edska Skotland (Su\u00f0ureyjar, h\u00e1l\u00f6ndin) og \u00cdrland. Svipu\u00f0 stef \u00ed bret\u00f3nskri hef\u00f0 (<em>anaon<\/em>, hinir framli\u00f0nu). Germanska \u201eWilde Jagd&#8220; (Villta vei\u00f0in) er uppbyggilega tengd.<\/p>\t\t\t\t\t\t\t\t<\/div>\n\t\t\t\t\t<\/div>\n\t\t\t\t<\/div>\n\t\t\t\t<\/div>\n\t\t<div class=\"elementor-element elementor-element-db03c39 e-con-full e-flex e-con e-child\" data-id=\"db03c39\" data-element_type=\"container\" data-e-type=\"container\">\n\t\t<div class=\"elementor-element elementor-element-229a87b e-flex e-con-boxed e-con e-child\" data-id=\"229a87b\" data-element_type=\"container\" data-e-type=\"container\">\n\t\t\t\t\t<div class=\"e-con-inner\">\n\t\t\t\t<div class=\"elementor-element elementor-element-1f471fc elementor-widget elementor-widget-heading\" data-id=\"1f471fc\" data-element_type=\"widget\" data-e-type=\"widget\" data-widget_type=\"heading.default\">\n\t\t\t\t\t<div class=\"elementor-heading-title elementor-size-default\">Heimildasta\u00f0a<\/div>\t\t\t\t<\/div>\n\t\t\t\t<div class=\"elementor-element elementor-element-36b1201 elementor-widget elementor-widget-text-editor\" data-id=\"36b1201\" data-element_type=\"widget\" data-e-type=\"widget\" data-widget_type=\"text-editor.default\">\n\t\t\t\t\t\t\t\t\t<p><span data-nosnippet><em>Popular Tales of the West Highlands<\/em> (1860, 62) eftir J. F. Campbell, Evans-Wentz, <em>Carmina Gadelica<\/em> (1900) eftir Alexander Carmichael, <span class=\"iwg-fachbegriff\" data-tooltip=\"Fr\u00e6\u00f0igrein sem rannsakar hversdagsmenningu, si\u00f0i og var\u00f0veittar hugmyndir.\" tabindex=\"0\">\u00fej\u00f3\u00f0h\u00e1ttafr\u00e6\u00f0i<\/span>-s\u00f6fn Su\u00f0ureyja, n\u00fat\u00edma \u00fej\u00f3\u00f0fr\u00e6\u00f0irit um vestanver\u00f0a Skotland.<\/span><\/p>\t\t\t\t\t\t\t\t<\/div>\n\t\t\t\t\t<\/div>\n\t\t\t\t<\/div>\n\t\t\t\t<\/div>\n\t\t\t\t\t<\/div>\n\t\t\t\t<\/div>\n\t\t<div class=\"elementor-element elementor-element-3ae0637c e-flex e-con-boxed e-con e-parent\" data-id=\"3ae0637c\" data-element_type=\"container\" data-e-type=\"container\">\n\t\t\t\t\t<div class=\"e-con-inner\">\n\t\t\t\t<div class=\"elementor-element elementor-element-31d07739 elementor-widget elementor-widget-heading\" data-id=\"31d07739\" data-element_type=\"widget\" data-e-type=\"widget\" data-widget_type=\"heading.default\">\n\t\t\t\t\t<h2 class=\"elementor-heading-title elementor-size-default\">Nafn og heiti<\/h2>\t\t\t\t<\/div>\n\t\t<div class=\"elementor-element elementor-element-b7642947 e-con-full e-flex e-con e-child\" data-id=\"b7642947\" data-element_type=\"container\" data-e-type=\"container\">\n\t\t\t\t<div class=\"elementor-element elementor-element-a086266 elementor-widget elementor-widget-text-editor\" data-id=\"a086266\" data-element_type=\"widget\" data-e-type=\"widget\" data-widget_type=\"text-editor.default\">\n\t\t\t\t\t\t\t\t\t<p><strong>Skosk gel\u00edska:<\/strong> <em>sluagh<\/em>; <em>sluagh na marbh<\/em>, \u201eher hinna framli\u00f0nu&#8220;; <em>sluagh s\u00ecth<\/em>, \u201eher h\u00f3lanna&#8220;.<br>\u00cdrska: <em>slua<\/em>, <em>sluagh<\/em>, l\u00edti\u00f0 nota\u00f0 sem s\u00e9rstakt or\u00f0; frekar sem samheiti fyrir fri\u00f0lausa framli\u00f0na.<br>Tengt: bret\u00f3nskt <em>anaon<\/em>; germanska Villta vei\u00f0in; nor\u00f0urfranska <em>Mesnie Hellequin<\/em>.<\/p><p>Gel\u00edska or\u00f0i\u00f0 <em>sluagh<\/em> \u00fe\u00fd\u00f0ir upphaflega einfaldlega \u201eher&#8220;, hva\u00f0a mannfj\u00f6lda sem er. \u00cd \u00fej\u00f3\u00f0tr\u00fanni \u00ferengist merkingin ni\u00f0ur \u00ed dau\u00f0aherinn.<\/p>\t\t\t\t\t\t\t\t<\/div>\n\t\t\t\t<\/div>\n\t\t\t\t\t<\/div>\n\t\t\t\t<\/div>\n\t\t<div class=\"elementor-element elementor-element-709a44a8 e-flex e-con-boxed e-con e-parent\" data-id=\"709a44a8\" data-element_type=\"container\" data-e-type=\"container\">\n\t\t\t\t\t<div class=\"e-con-inner\">\n\t\t\t\t<div class=\"elementor-element elementor-element-2f585873 elementor-widget elementor-widget-heading\" data-id=\"2f585873\" data-element_type=\"widget\" data-e-type=\"widget\" data-widget_type=\"heading.default\">\n\t\t\t\t\t<h2 class=\"elementor-heading-title elementor-size-default\">L\u00fdsing<\/h2>\t\t\t\t<\/div>\n\t\t<div class=\"elementor-element elementor-element-70621c12 e-con-full e-flex e-con e-child\" data-id=\"70621c12\" data-element_type=\"container\" data-e-type=\"container\">\n\t\t\t\t<div class=\"elementor-element elementor-element-4296eb49 elementor-widget elementor-widget-text-editor\" data-id=\"4296eb49\" data-element_type=\"widget\" data-e-type=\"widget\" data-widget_type=\"text-editor.default\">\n\t\t\t\t\t\t\t\t\t<p><strong>\u00c1s\u00fdnd<\/strong><\/p><p>Sveimur d\u00f6kkra fugla \u00e1 kv\u00f6ldhimninum, me\u00f0 \u00f3venju h\u00e1va\u00f0as\u00f6mum v\u00e6ngjasl\u00e6tti. E\u00f0a sveimur svartra skugga sem l\u00ed\u00f0a \u00e1fram eins og sk\u00fd. Einstakir Sluagh eru sums sta\u00f0ar einstaklingsger\u00f0ir (me\u00f0 andlit, kveinandi raddir), en oftast er \u00feeim l\u00fdst sem h\u00f3ps\u00e1l.<\/p><p><strong>H\u00e1tterni<\/strong><\/p><p>\u00deeir fer\u00f0ast um n\u00f3ttina, s\u00e9rstaklega \u00ed vestur. \u00deeir geta rifi\u00f0 deyjandi f\u00f3lk \u00far r\u00famum s\u00ednum og teki\u00f0 \u00fea\u00f0 me\u00f0 s\u00e9r \u00ed fylgd s\u00edna, \u00fe\u00e1 ver\u00f0ur s\u00e1lin hluti af hersveitinni. Sums sta\u00f0ar setjast \u00feeir \u00e1 h\u00edb\u00fdli; kveinandi hlj\u00f3\u00f0 \u00far strompi \u00feykir merki um a\u00f0 einhver \u00ed h\u00fasinu muni fylgja \u00feeim.<\/p><p><strong>Verkunarsvi\u00f0<\/strong><\/p><p>Lofti\u00f0 yfir h\u00fasum, s\u00e9rstaklega a\u00f0 kv\u00f6ldi og n\u00f3ttu. Sj\u00fakraherbergi \u00fear sem f\u00f3lk er a\u00f0 deyja, s\u00e9rstaklega ef vesturglugginn stendur opinn. Kirkjugar\u00f0ar og n\u00e1nasta umhverfi \u00feeirra \u00e1 tilteknum ja\u00f0arn\u00f3ttum.<\/p><p><strong>Go\u00f0fr\u00e6\u00f0ileg sta\u00f0setning<\/strong><\/p><p>Hluti af heimi Aes S\u00eddhe, en \u00e1 myrkari ja\u00f0ri hans, Sluagh eru ekki h\u00e6\u00f0ab\u00faarnir, heldur \u00feeir sem fundu enga h\u00e6\u00f0. \u00cd kristna\u00f0ri t\u00falkun eru \u00feeir s\u00e1lir sem n\u00e1 hvorki himnar\u00edki n\u00e9 helv\u00edti.<\/p><div><p><strong>James Macpherson og m\u00f3ttaka Oss\u00edans<\/strong><\/p><p><span data-nosnippet>James <span class=\"iwg-fachbegriff\" tabindex=\"0\" data-tooltip=\"James Macpherson (1736\u20131796); skoskt sk\u00e1ld; h\u00f6fundur Oss\u00edan-brotanna (fr\u00e1 1760).\">Macpherson<\/span> gaf \u00fat \u00e1ri\u00f0 1760 <em>Fragments of Ancient Poetry<\/em>, sem s\u00f6g\u00f0 voru komin fr\u00e1 gel\u00edska sk\u00e1ldinu Oss\u00edan. Macpherson kynnti \u00feessi verk sem \u00e1rei\u00f0anlega mi\u00f0aldatexta, en s\u00ed\u00f0ar kom \u00ed lj\u00f3s a\u00f0 um f\u00f6lsun var a\u00f0 r\u00e6\u00f0a.<\/span><\/p><p>\u00der\u00e1tt fyrir \u00fea\u00f0 h\u00f6f\u00f0u \u00feessir textar mikil menningarleg \u00e1hrif. \u00cd Oss\u00edan-kv\u00e6\u00f0unum kemur Sluagh-hugmyndin fram, aukin af r\u00f3mant\u00edskri t\u00falkun Macphersons \u00e1 \u00feeim sem harmr\u00e6nni hersveit hinna dau\u00f0u, lestur sem \u00e1\u00f0ur haf\u00f0i ekki veri\u00f0 svo mi\u00f0l\u00e6gur.<\/p><p>Sk\u00e1ldskapur Macphersons um Oss\u00edan haf\u00f0i varanleg \u00e1hrif \u00e1 menningarlega skynjun skoskra og \u00edrskra hef\u00f0a. Sluagh ur\u00f0u \u00ed gegnum \u00feessa b\u00f3kmenntalegu mi\u00f0lun r\u00f3mant\u00edseru\u00f0 og b\u00e1rust til brei\u00f0ari evr\u00f3pskra \u00e1heyrenda. Sagnfr\u00e6\u00f0ingar deila enn um hve miki\u00f0 af n\u00fat\u00edmahugmyndinni um Sluagh megi rekja til ekta hef\u00f0ar og hve miki\u00f0 til sk\u00e1ldskapar Macphersons.<\/p><\/div>\t\t\t\t\t\t\t\t<\/div>\n\t\t\t\t<\/div>\n\t\t\t\t\t<\/div>\n\t\t\t\t<\/div>\n\t\t<div class=\"elementor-element elementor-element-44e71476 e-flex e-con-boxed e-con e-parent\" data-id=\"44e71476\" data-element_type=\"container\" data-e-type=\"container\">\n\t\t\t\t\t<div class=\"e-con-inner\">\n\t\t\t\t<div class=\"elementor-element elementor-element-3c1fc3f0 elementor-widget elementor-widget-heading\" data-id=\"3c1fc3f0\" data-element_type=\"widget\" data-e-type=\"widget\" data-widget_type=\"heading.default\">\n\t\t\t\t\t<h2 class=\"elementor-heading-title elementor-size-default\">Yfirlit: Sluagh<\/h2>\t\t\t\t<\/div>\n\t\t<div class=\"elementor-element elementor-element-84f33b8e e-con-full e-flex e-con e-child\" data-id=\"84f33b8e\" data-element_type=\"container\" data-e-type=\"container\">\n\t\t\t\t<div class=\"elementor-element elementor-element-hqkdc67p elementor-widget elementor-widget-text-editor\" data-id=\"hqkdc67p\" data-element_type=\"widget\" data-e-type=\"widget\" data-widget_type=\"text-editor.default\">\n\t\t\t\t\t\t\t\t\t<p>Mikilv\u00e6gustu atri\u00f0in um Sluagh \u00ed hnotskurn.<\/p>\t\t\t\t\t\t\t\t<\/div>\n\t\t\t\t<\/div>\n\t\t<div class=\"elementor-element elementor-element-pemmx7c5 e-con-full e-flex e-con e-child\" data-id=\"pemmx7c5\" data-element_type=\"container\" data-e-type=\"container\">\n\t\t<div class=\"elementor-element elementor-element-pemmx7c1 e-con-full e-flex e-con e-child\" data-id=\"pemmx7c1\" data-element_type=\"container\" data-e-type=\"container\">\n\t\t<div class=\"elementor-element elementor-element-qh9oavvu iwg-steckbrief-card e-flex e-con-boxed e-con e-child\" data-id=\"qh9oavvu\" data-element_type=\"container\" data-e-type=\"container\">\n\t\t\t\t\t<div class=\"e-con-inner\">\n\t\t\t\t<div class=\"elementor-element elementor-element-awzx8k2k elementor-widget elementor-widget-heading\" data-id=\"awzx8k2k\" data-element_type=\"widget\" data-e-type=\"widget\" data-widget_type=\"heading.default\">\n\t\t\t\t\t<div class=\"elementor-heading-title elementor-size-default\">Hef\u00f0<\/div>\t\t\t\t<\/div>\n\t\t\t\t<div class=\"elementor-element elementor-element-x6rowhv0 elementor-widget elementor-widget-text-editor\" data-id=\"x6rowhv0\" data-element_type=\"widget\" data-e-type=\"widget\" data-widget_type=\"text-editor.default\">\n\t\t\t\t\t\t\t\t\t<p>H\u00f3ps\u00e1l \u00f3frelsa\u00f0ra s\u00e1lna, syndugra, gleymdra, vanr\u00e6ktra dau\u00f0ra. Ekki einstakar pers\u00f3nur, heldur sveimur.<\/p>\t\t\t\t\t\t\t\t<\/div>\n\t\t\t\t\t<\/div>\n\t\t\t\t<\/div>\n\t\t<div class=\"elementor-element elementor-element-8e3o4kxs iwg-steckbrief-card e-flex e-con-boxed e-con e-child\" data-id=\"8e3o4kxs\" data-element_type=\"container\" data-e-type=\"container\">\n\t\t\t\t\t<div class=\"e-con-inner\">\n\t\t\t\t<div class=\"elementor-element elementor-element-08rkdgov elementor-widget elementor-widget-heading\" data-id=\"08rkdgov\" data-element_type=\"widget\" data-e-type=\"widget\" data-widget_type=\"heading.default\">\n\t\t\t\t\t<div class=\"elementor-heading-title elementor-size-default\">Skotmark Sluagh<\/div>\t\t\t\t<\/div>\n\t\t\t\t<div class=\"elementor-element elementor-element-uwjelx8s elementor-widget elementor-widget-text-editor\" data-id=\"uwjelx8s\" data-element_type=\"widget\" data-e-type=\"widget\" data-widget_type=\"text-editor.default\">\n\t\t\t\t\t\t\t\t\t<p>Deyjandi f\u00f3lk \u00ed r\u00famum s\u00ednum, s\u00e9rstaklega \u00feegar vesturglugginn er opinn. \u00cd v\u00ed\u00f0ari t\u00falkun: f\u00f3lk \u00ed ja\u00f0ar\u00e1standi milli l\u00edfs og dau\u00f0a.<\/p>\t\t\t\t\t\t\t\t<\/div>\n\t\t\t\t\t<\/div>\n\t\t\t\t<\/div>\n\t\t<div class=\"elementor-element elementor-element-jm2n74ec iwg-steckbrief-card e-flex e-con-boxed e-con e-child\" data-id=\"jm2n74ec\" data-element_type=\"container\" data-e-type=\"container\">\n\t\t\t\t\t<div class=\"e-con-inner\">\n\t\t\t\t<div class=\"elementor-element elementor-element-8vufse4c elementor-widget elementor-widget-heading\" data-id=\"8vufse4c\" data-element_type=\"widget\" data-e-type=\"widget\" data-widget_type=\"heading.default\">\n\t\t\t\t\t<div class=\"elementor-heading-title elementor-size-default\">Form<\/div>\t\t\t\t<\/div>\n\t\t\t\t<div class=\"elementor-element elementor-element-mwb9u015 elementor-widget elementor-widget-text-editor\" data-id=\"mwb9u015\" data-element_type=\"widget\" data-e-type=\"widget\" data-widget_type=\"text-editor.default\">\n\t\t\t\t\t\t\t\t\t<p>Sveimur d\u00f6kkra fugla e\u00f0a skugga, h\u00e1va\u00f0asamur v\u00e6ngjasl\u00e1ttur. Einst\u00f6k andlit sj\u00e1st st\u00f6ku sinnum, en oftast birtast \u00feeir sem h\u00f3ps\u00e1l.<\/p>\t\t\t\t\t\t\t\t<\/div>\n\t\t\t\t\t<\/div>\n\t\t\t\t<\/div>\n\t\t\t\t<\/div>\n\t\t<div class=\"elementor-element elementor-element-pemmx7c2 e-con-full e-flex e-con e-child\" data-id=\"pemmx7c2\" data-element_type=\"container\" data-e-type=\"container\">\n\t\t<div class=\"elementor-element elementor-element-37ss2yr6 iwg-steckbrief-card e-flex e-con-boxed e-con e-child\" data-id=\"37ss2yr6\" data-element_type=\"container\" data-e-type=\"container\">\n\t\t\t\t\t<div class=\"e-con-inner\">\n\t\t\t\t<div class=\"elementor-element elementor-element-3v0wp3wx elementor-widget elementor-widget-heading\" data-id=\"3v0wp3wx\" data-element_type=\"widget\" data-e-type=\"widget\" data-widget_type=\"heading.default\">\n\t\t\t\t\t<div class=\"elementor-heading-title elementor-size-default\">Verkunarsvi\u00f0<\/div>\t\t\t\t<\/div>\n\t\t\t\t<div class=\"elementor-element elementor-element-w3247g2m elementor-widget elementor-widget-text-editor\" data-id=\"w3247g2m\" data-element_type=\"widget\" data-e-type=\"widget\" data-widget_type=\"text-editor.default\">\n\t\t\t\t\t\t\t\t\t<p>R\u00edfur deyjandi f\u00f3lk me\u00f0 s\u00e9r, ber s\u00e1lir ni\u00f0ur \u00ed undirheima. Sj\u00e1lf fylgdin ber \u00f3g\u00e6fu yfir h\u00fasin sem h\u00fan fer fram hj\u00e1.<\/p>\t\t\t\t\t\t\t\t<\/div>\n\t\t\t\t\t<\/div>\n\t\t\t\t<\/div>\n\t\t<div class=\"elementor-element elementor-element-0qpjal9w iwg-steckbrief-card e-flex e-con-boxed e-con e-child\" data-id=\"0qpjal9w\" data-element_type=\"container\" data-e-type=\"container\">\n\t\t\t\t\t<div class=\"e-con-inner\">\n\t\t\t\t<div class=\"elementor-element elementor-element-6ndoih0o elementor-widget elementor-widget-heading\" data-id=\"6ndoih0o\" data-element_type=\"widget\" data-e-type=\"widget\" data-widget_type=\"heading.default\">\n\t\t\t\t\t<div class=\"elementor-heading-title elementor-size-default\">Vernd<\/div>\t\t\t\t<\/div>\n\t\t\t\t<div class=\"elementor-element elementor-element-6684tyh9 elementor-widget elementor-widget-text-editor\" data-id=\"6684tyh9\" data-element_type=\"widget\" data-e-type=\"widget\" data-widget_type=\"text-editor.default\">\n\t\t\t\t\t\t\t\t\t<p>Vesturglugginn loka\u00f0ur og hulinn tjaldi \u00feegar dau\u00f0sfall er \u00ed n\u00e1nd; krossar og heilagar myndir \u00ed sj\u00fakraherberginu; salt \u00e1 \u00fer\u00f6skuldum; j\u00e1rn \u00e1 gluggak\u00f6rmum. \u00deegar fylgd Sluagh fer hj\u00e1: fl\u00fdja inn \u00ed h\u00fas, ekki fara \u00fat \u00e1 v\u00ed\u00f0avang.<\/p>\t\t\t\t\t\t\t\t<\/div>\n\t\t\t\t\t<\/div>\n\t\t\t\t<\/div>\n\t\t<div class=\"elementor-element elementor-element-3lfi7x32 iwg-steckbrief-card e-flex e-con-boxed e-con e-child\" data-id=\"3lfi7x32\" data-element_type=\"container\" data-e-type=\"container\">\n\t\t\t\t\t<div class=\"e-con-inner\">\n\t\t\t\t<div class=\"elementor-element elementor-element-0kg99ga1 elementor-widget elementor-widget-heading\" data-id=\"0kg99ga1\" data-element_type=\"widget\" data-e-type=\"widget\" data-widget_type=\"heading.default\">\n\t\t\t\t\t<div class=\"elementor-heading-title elementor-size-default\">Hli\u00f0st\u00e6\u00f0ur Sluagh<\/div>\t\t\t\t<\/div>\n\t\t\t\t<div class=\"elementor-element elementor-element-n0fum6kp elementor-widget elementor-widget-text-editor\" data-id=\"n0fum6kp\" data-element_type=\"widget\" data-e-type=\"widget\" data-widget_type=\"text-editor.default\">\n\t\t\t\t\t\t\t\t\t<p>Villta vei\u00f0in (germ\u00f6nsk), <a href=\"https:\/\/iwell-guard.com\/is\/?page_id=168599\">Keres<\/a>, Mesnie Hellequin (fr\u00f6nsk), <a href=\"https:\/\/iwell-guard.com\/is\/?page_id=168587\">Gallu<\/a>, bret\u00f3nsku anaon.<\/p>\t\t\t\t\t\t\t\t<\/div>\n\t\t\t\t\t<\/div>\n\t\t\t\t<\/div>\n\t\t\t\t<\/div>\n\t\t\t\t<\/div>\n\t\t\t\t\t<\/div>\n\t\t\t\t<\/div>\n\t\t<div class=\"elementor-element elementor-element-7533bc7a e-flex e-con-boxed e-con e-parent\" data-id=\"7533bc7a\" data-element_type=\"container\" data-e-type=\"container\">\n\t\t\t\t\t<div class=\"e-con-inner\">\n\t\t\t\t<div class=\"elementor-element elementor-element-2447d18d elementor-widget elementor-widget-heading\" data-id=\"2447d18d\" data-element_type=\"widget\" data-e-type=\"widget\" data-widget_type=\"heading.default\">\n\t\t\t\t\t<h2 class=\"elementor-heading-title elementor-size-default\">Verndarh\u00e6ttir<\/h2>\t\t\t\t<\/div>\n\t\t<div class=\"elementor-element elementor-element-d5d0260c e-con-full e-flex e-con e-child\" data-id=\"d5d0260c\" data-element_type=\"container\" data-e-type=\"container\">\n\t\t\t\t<div class=\"elementor-element elementor-element-341be2ac elementor-widget elementor-widget-text-editor\" data-id=\"341be2ac\" data-element_type=\"widget\" data-e-type=\"widget\" data-widget_type=\"text-editor.default\">\n\t\t\t\t\t\t\t\t\t<p><strong>Si\u00f0venjur vi\u00f0 d\u00e1narbe\u00f0<\/strong><\/p><p>\u00cd vestur-skoskri \u00fej\u00f3\u00f0tr\u00fa var vesturglugginn l\u00e6stur og hulinn tjaldi \u00feegar einhver l\u00e1 fyrir dau\u00f0anum. Sumar fj\u00f6lskyldur l\u00e9tu glugga \u00e1 nor\u00f0urhli\u00f0inni standa opinn, svo s\u00e1lin g\u00e6ti fari\u00f0 \u00fat um nor\u00f0urgluggann, en aldrei \u00ed vestur, \u00fear sem Sluagh b\u00ed\u00f0a.<\/p><p><strong>Verndun h\u00edb\u00fdlisins<\/strong><\/p><p>Saltf\u00f6r fyrir vesturgluggum og vi\u00f0 h\u00fasdyr. J\u00e1rnnaglar \u00e1 gluggak\u00f6rmum. Logandi kertalj\u00f3s sem m\u00e1ttu ekki slokkna. B\u00e6nir \u00far Carmina Gadelica (safni Alexanders Carmichaels) hafa eigin varnartexta gegn Sluagh.<\/p><p><strong>H\u00e1tterni \u00feegar Sluagh birtast<\/strong><\/p><p>\u00deegar Sluagh fara hj\u00e1: f\u00f3lk fl\u00fdr inn \u00ed h\u00fasin. Fer aldrei \u00fat \u00e1 v\u00ed\u00f0avang, horfir ekki til himins. \u00cd sumum hef\u00f0um kastar f\u00f3lk s\u00e9r til jar\u00f0ar og hylur andlit og eyru \u00fear til fylgdin er li\u00f0in hj\u00e1.<\/p>\t\t\t\t\t\t\t\t<\/div>\n\t\t\t\t<\/div>\n\t\t\t\t\t<\/div>\n\t\t\t\t<\/div>\n\t\t<div class=\"elementor-element elementor-element-5a584676 e-flex e-con-boxed e-con e-parent\" data-id=\"5a584676\" data-element_type=\"container\" data-e-type=\"container\">\n\t\t\t\t\t<div class=\"e-con-inner\">\n\t\t\t\t<div class=\"elementor-element elementor-element-6d0757bf elementor-widget elementor-widget-heading\" data-id=\"6d0757bf\" data-element_type=\"widget\" data-e-type=\"widget\" data-widget_type=\"heading.default\">\n\t\t\t\t\t<h2 class=\"elementor-heading-title elementor-size-default\">Hli\u00f0st\u00e6\u00f0ur og merking<\/h2>\t\t\t\t<\/div>\n\t\t<div class=\"elementor-element elementor-element-60563f68 e-con-full e-flex e-con e-child\" data-id=\"60563f68\" data-element_type=\"container\" data-e-type=\"container\">\n\t\t\t\t<div class=\"elementor-element elementor-element-5a93fdd6 elementor-widget elementor-widget-text-editor\" data-id=\"5a93fdd6\" data-element_type=\"widget\" data-e-type=\"widget\" data-widget_type=\"text-editor.default\">\n\t\t\t\t\t\t\t\t\t<p><strong>Evr\u00f3pskar hli\u00f0st\u00e6\u00f0ur:<\/strong> Germanska \u201eVillta vei\u00f0in&#8220;, \u00d3\u00f0inn e\u00f0a m\u00fdt\u00f3l\u00f3giskur vei\u00f0ima\u00f0ur me\u00f0 fylgd hinna dau\u00f0u, er byggingarlega n\u00e1nasta hli\u00f0st\u00e6\u00f0an. Mesnie Hellequin \u00ed Frakklandi, Rei\u00f0uherinn v\u00ed\u00f0a \u00ed \u00de\u00fdskalandi, bret\u00f3nsku anaon, \u00f6ll deila \u00feau <span class=\"iwg-fachbegriff\" data-tooltip=\"Endurteki\u00f0 innihaldsatri\u00f0i \u00ed list e\u00f0a fr\u00e1s\u00f6gn.\" tabindex=\"0\">stefi<\/span> hins flj\u00fagandi h\u00f3ps hinna dau\u00f0u.<\/p><p><strong><span class=\"iwg-fachbegriff\" data-tooltip=\"T\u00edmabil gr\u00edsk-r\u00f3mverskrar menningar, um 800 f.Kr. til 600 e.Kr.\" tabindex=\"0\">Forn\u00f6ld<\/span> hli\u00f0st\u00e6\u00f0ur<\/strong><\/p><p><a href=\"https:\/\/iwell-guard.com\/is\/?page_id=168599\">Keres<\/a> yfir v\u00edgvellinum og <a href=\"https:\/\/iwell-guard.com\/is\/?page_id=168587\">Gallu<\/a> sem framkv\u00e6mdarvald undirheimanna s\u00fdna byggingarlega \u00e1\u00feekk h\u00f3pmyndir dau\u00f0ans.<\/p><p><strong>Menningarlegt samhengi:<\/strong> Sluagh-hugmyndin endurspeglar keltneska spennu milli dau\u00f0a og annarheima: ekki er allt teki\u00f0 \u00e1 m\u00f3ti, sumt ver\u00f0ur \u00f3hugnanlegt \u00e1 m\u00f6rkunum. <span class=\"iwg-fachbegriff\" data-tooltip=\"Endurteki\u00f0 innihaldsatri\u00f0i \u00ed list e\u00f0a fr\u00e1s\u00f6gn.\" tabindex=\"0\">Stefi\u00f0<\/span> hefur fengi\u00f0 auki\u00f0 v\u00e6gi vi\u00f0 n\u00fdlendur og Miklu hungursney\u00f0ina, sem mynd s\u00f6gulegra \u00e1falla.<\/p><div><p><strong>Heimsmyndarleg virkni og m\u00f6rk l\u00edfs og dau\u00f0a<\/strong><\/p><p>Sluagh markar \u00ed keltneskum hugmyndum m\u00f6rk milli heims lifandi manna og annarheima. \u00deeir eru ekki ford\u00e6mdir \u00ed kristnum skilningi, heldur eru \u00feeir \u00ed millibils\u00e1standi, verur sem reika milli heima.<\/p><p>\u00deessi heimsmyndarlega sta\u00f0setning a\u00f0greinir Sluagh fr\u00e1 dj\u00f6fullegum verum sem eru til fyrir sig sj\u00e1lfar. Sluagh er fremur birting sameiginlegs \u00f3fri\u00f0ar, umbreytingar sem er \u00f3loki\u00f0.<\/p><p>N\u00fat\u00edma tr\u00faarbrag\u00f0afr\u00e6\u00f0ilegar ranns\u00f3knir fjalla um Sluagh sem menningarlega \u00fatvarps\u00fatg\u00e1fu sorgar og missis, form sem samf\u00e9l\u00f6g nota til a\u00f0 takast \u00e1 vi\u00f0 hina dau\u00f0u og veita \u00feeim fr\u00e1sagnarlegt r\u00fdmi. \u00deessi s\u00e1lfr\u00e6\u00f0ilega e\u00f0a f\u00e9lagslega t\u00falkun kemur ekki \u00ed sta\u00f0 hinnar yfirn\u00e1tt\u00farulegu t\u00falkunar, heldur b\u00e6tir hana upp.<\/p><\/div>\t\t\t\t\t\t\t\t<\/div>\n\t\t\t\t<\/div>\n\t\t\t\t\t<\/div>\n\t\t\t\t<\/div>\n\t\t<div class=\"elementor-element elementor-element-cp11d2237 e-flex e-con-boxed e-con e-parent\" data-id=\"cp11d2237\" data-element_type=\"container\" data-e-type=\"container\">\n\t\t\t\t\t<div class=\"e-con-inner\">\n\t\t\t\t<div class=\"elementor-element elementor-element-cpe310340 elementor-widget elementor-widget-heading\" data-id=\"cpe310340\" data-element_type=\"widget\" data-e-type=\"widget\" data-widget_type=\"heading.default\">\n\t\t\t\t\t<h2 class=\"elementor-heading-title elementor-size-default\">Herfylking hinna dau\u00f0u \u00ed gel\u00edskri arfleif\u00f0<\/h2>\t\t\t\t<\/div>\n\t\t<div class=\"elementor-element elementor-element-cp3533826 e-con-full e-flex e-con e-child\" data-id=\"cp3533826\" data-element_type=\"container\" data-e-type=\"container\">\n\t\t\t\t<div class=\"elementor-element elementor-element-cpffc10cc elementor-widget elementor-widget-text-editor\" data-id=\"cpffc10cc\" data-element_type=\"widget\" data-e-type=\"widget\" data-widget_type=\"text-editor.default\">\n\t\t\t\t\t\t\t\t\t<p><em>Sluagh<\/em> (gel\u00edsk fyrir her, flokk, mannfj\u00f6lda), \u00ed <span class=\"iwg-fachbegriff\" data-tooltip=\"Hin hef\u00f0bundna \u00fej\u00f3\u00f0menning me\u00f0 si\u00f0um, s\u00f6gnum og s\u00f6ngvum.\" tabindex=\"0\">\u00fej\u00f3\u00f0h\u00e1ttum<\/span> oft kalla\u00f0 <em>sluagh sidhe<\/em>, her hinnar handanheimsins, er ein af hrollvekjandi verum skoskrar og \u00edrskrar gel\u00edskrar <span class=\"iwg-fachbegriff\" data-tooltip=\"Mi\u00f0lun \u00feekkingar og sagna kynsl\u00f3\u00f0 fram af kynsl\u00f3\u00f0.\" tabindex=\"0\">munnm\u00e6lahef\u00f0ar<\/span>. \u00d3l\u00edkt einst\u00f6kum <span class=\"iwg-fachbegriff\" data-tooltip=\"L\u00edkamslaus vera sem s\u00f6g\u00f0 er hafa \u00e1hrif \u00ed heiminum.\" tabindex=\"0\">draugi<\/span> er <em>sluagh<\/em> h\u00f3pvera: flj\u00fagandi flokkur anda sem berst um n\u00e6turlofti\u00f0.<\/p><p>\u00cd almennri tr\u00fa er tali\u00f0 a\u00f0 um s\u00e9 a\u00f0 r\u00e6\u00f0a anda hinna \u00f3r\u00f3u framli\u00f0nu, oft s\u00e9rstaklega s\u00e1lir syndara, \u00f3sk\u00edr\u00f0ra e\u00f0a f\u00f3lks sem hvorki himinn, j\u00f6r\u00f0 n\u00e9 skipul\u00f6g\u00f0 handanheimur stendur opinn.<\/p><p>Mikilv\u00e6gar v\u00edsbendingar um <em>sluagh<\/em> koma fr\u00e1 st\u00f3rum s\u00f6fnum skoskra <span class=\"iwg-fachbegriff\" data-tooltip=\"Hin hef\u00f0bundna \u00fej\u00f3\u00f0menning me\u00f0 si\u00f0um, s\u00f6gnum og s\u00f6ngvum.\" tabindex=\"0\">\u00fej\u00f3\u00f0h\u00e1tta<\/span>, fyrst og fremst fr\u00e1 <em>Carmina Gadelica<\/em> eftir Alexander Carmichael, sem seint \u00e1 19. \u00f6ld skr\u00e1\u00f0i b\u00e6nir, blessunaror\u00f0 og \u00fej\u00f3\u00f0tr\u00faarsagnir \u00e1 skosku eyjunum og h\u00e1l\u00f6ndunum.<\/p><p>\u00dear birtist <em>sluagh<\/em> sem flokkur er berst \u00ed loftinu, og a\u00f0 ummerki hans megi sj\u00e1 a\u00f0 morgni sem bl\u00f3\u00f0bletti \u00e1 klettum, og a\u00f0 hann komi \u00far vestri.<\/p><p>Tr\u00faarbrag\u00f0afr\u00e6\u00f0ileg t\u00falkun leggur \u00e1herslu \u00e1 bl\u00f6ndun laga. \u00cd <em>sluagh<\/em> tengjast forkristnar hugmyndir um farandi andaher kristinni umhyggju fyrir \u00f6rl\u00f6gum s\u00e1larins eftir dau\u00f0ann, s\u00e9rstaklega s\u00e1lna sem ekki n\u00e1 fri\u00f0i.<\/p><p>Her hinna framli\u00f0nu er \u00feannig ekki eins sk\u00fdrt afmarka\u00f0ar go\u00f0sagnapers\u00f3na heldur su\u00f0upunktur \u00fear sem <span class=\"iwg-fachbegriff\" data-tooltip=\"Tr\u00faarlegar hugmyndir og si\u00f0ir sem eru almennir \u00ed daglegu l\u00edfi.\" tabindex=\"0\">\u00fej\u00f3\u00f0tr\u00fa<\/span>, kristin hugmynd um framhaldsl\u00edf og reynsla af stormi og n\u00e6turhlj\u00f3\u00f0um \u00fe\u00e9ttast saman.<\/p>\t\t\t\t\t\t\t\t<\/div>\n\t\t\t\t<\/div>\n\t\t\t\t\t<\/div>\n\t\t\t\t<\/div>\n\t\t<div class=\"elementor-element elementor-element-cp02db394 e-flex e-con-boxed e-con e-parent\" data-id=\"cp02db394\" data-element_type=\"container\" data-e-type=\"container\">\n\t\t\t\t\t<div class=\"e-con-inner\">\n\t\t\t\t<div class=\"elementor-element elementor-element-cpfddb6fa elementor-widget elementor-widget-heading\" data-id=\"cpfddb6fa\" data-element_type=\"widget\" data-e-type=\"widget\" data-widget_type=\"heading.default\">\n\t\t\t\t\t<h2 class=\"elementor-heading-title elementor-size-default\">\u00c1tt, gluggar og verndin gegn sluagh<\/h2>\t\t\t\t<\/div>\n\t\t<div class=\"elementor-element elementor-element-cp060deeb e-con-full e-flex e-con e-child\" data-id=\"cp060deeb\" data-element_type=\"container\" data-e-type=\"container\">\n\t\t\t\t<div class=\"elementor-element elementor-element-cp8b7ac6d elementor-widget elementor-widget-text-editor\" data-id=\"cp8b7ac6d\" data-element_type=\"widget\" data-e-type=\"widget\" data-widget_type=\"text-editor.default\">\n\t\t\t\t\t\t\t\t\t<p>\u00cd lifandi \u00fej\u00f3\u00f0tr\u00fa var <em>sluagh<\/em> tengt \u00e1kve\u00f0num var\u00fa\u00f0arreglum. Algeng hugmynd sneri a\u00f0 \u00e1tt: Vestri\u00f0 var tali\u00f0 hin h\u00e6ttulega hli\u00f0, \u00fea\u00f0an sem her hinna framli\u00f0nu kom, vestri\u00f0 var einnig \u00e1tt s\u00f3larlagsins og \u00ed gel\u00edskri hef\u00f0 tengt landi hinna dau\u00f0u.<\/p><p>Af \u00feessu leiddi venjan a\u00f0 halda gluggum sem sneru til vesturs loku\u00f0um n\u00e1l\u00e6gt deyjandi f\u00f3lki e\u00f0a \u00e1 n\u00f3ttunni, svo <em>sluagh<\/em> g\u00e6ti ekki komist inn og hrifsa\u00f0 s\u00e1l deyjandi manns.<\/p><p>\u00dev\u00ed var sagt a\u00f0 <em>sluagh<\/em> r\u00edfi f\u00f3lk me\u00f0 s\u00e9r. \u00deeir sem voru \u00fati undir berum himni \u00e1 n\u00f3ttunni, s\u00e9rstaklega veikla\u00f0, deyjandi e\u00f0a \u00f3vark\u00e1rt f\u00f3lk, voru \u00ed h\u00e6ttu \u00e1 a\u00f0 ver\u00f0a gripnir af flokknum og bornir burt.<\/p><p>\u00cd sumum s\u00f6gnum ney\u00f0ir <em>sluagh<\/em> \u00feann sem gripinn er til a\u00f0 taka \u00fe\u00e1tt \u00ed illvirkjum hans, til d\u00e6mis a\u00f0 skj\u00f3ta \u00f6r \u00e1 b\u00faf\u00e9na\u00f0 e\u00f0a \u00e1 anna\u00f0 f\u00f3lk. Herinn er \u00fev\u00ed ekki a\u00f0eins h\u00e6tta utan fr\u00e1, heldur getur dregi\u00f0 manninn inn \u00ed eigin ey\u00f0ileggjandi ath\u00e6fi.<\/p><p>Verndin gegn <em>sluagh<\/em> l\u00e1 \u00feannig fyrst og fremst \u00ed \u00fev\u00ed a\u00f0 for\u00f0ast og sk\u00fdla s\u00e9r: vera inni \u00e1 n\u00f3ttunni, tryggja glugga og hur\u00f0ir sem sneru \u00ed hina h\u00e6ttulegu \u00e1tt, og skilja deyjandi f\u00f3lk ekki eftir eitt og \u00f3vari\u00f0. Carmichael var\u00f0veitti einnig blessunar- og verndarb\u00e6nir sem tilheyra \u00feessu samhengi.<\/p><p>V\u00edsindalega s\u00e9\u00f0 virkar <em>sluagh<\/em> sem sk\u00fdring \u00e1 skyndilegum dau\u00f0sf\u00f6llum, \u00e1 n\u00e6turkv\u00ed\u00f0a og \u00e1 horfnu f\u00f3lki, og er \u00e1 sama t\u00edma \u00e1minning um a\u00f0 fara ekki g\u00e1leysislega yfir \u00fer\u00f6skuldinn milli dags og n\u00e6tur, innan og utan, l\u00edfs og dau\u00f0a.<\/p>\t\t\t\t\t\t\t\t<\/div>\n\t\t\t\t<\/div>\n\t\t\t\t\t<\/div>\n\t\t\t\t<\/div>\n\t\t<div class=\"elementor-element elementor-element-36dd7469 e-flex e-con-boxed e-con e-parent\" data-id=\"36dd7469\" data-element_type=\"container\" data-e-type=\"container\">\n\t\t\t\t\t<div class=\"e-con-inner\">\n\t\t\t\t<div class=\"elementor-element elementor-element-13760ab4 elementor-widget elementor-widget-heading\" data-id=\"13760ab4\" data-element_type=\"widget\" data-e-type=\"widget\" data-widget_type=\"heading.default\">\n\t\t\t\t\t<div class=\"elementor-heading-title elementor-size-default\">\u00cdtarefni og tenglar<\/div>\t\t\t\t<\/div>\n\t\t<div class=\"elementor-element elementor-element-28c87796 e-con-full e-flex e-con e-child\" data-id=\"28c87796\" data-element_type=\"container\" data-e-type=\"container\">\n\t\t\t\t<div class=\"elementor-element elementor-element-5d6538df elementor-widget elementor-widget-text-editor\" data-id=\"5d6538df\" data-element_type=\"widget\" data-e-type=\"widget\" data-widget_type=\"text-editor.default\">\n\t\t\t\t\t\t\t\t\t<p>R\u00e1\u00f0lag\u00f0ir innri hlekkir:<\/p><ul><li><a href=\"https:\/\/iwell-guard.com\/is\/?page_id=168615\">Keltneskt<\/a><\/li><li><a href=\"https:\/\/iwell-guard.com\/is\/?page_id=168632\">Banshee<\/a>, <a href=\"https:\/\/iwell-guard.com\/is\/?page_id=168634\">Cailleach<\/a>, P\u00faca, <a href=\"https:\/\/iwell-guard.com\/is\/?page_id=168636\">Dullahan<\/a><\/li><li><a href=\"https:\/\/iwell-guard.com\/is\/?page_id=168599\">Keres<\/a>, <a href=\"https:\/\/iwell-guard.com\/is\/?page_id=168587\">Gallu<\/a> (hli\u00f0st\u00e6\u00f0ur)<\/li><li>Villta vei\u00f0in (germ\u00f6nsk)<\/li><li>Carmina Gadelica<\/li><\/ul>\t\t\t\t\t\t\t\t<\/div>\n\t\t\t\t<\/div>\n\t\t\t\t\t<\/div>\n\t\t\t\t<\/div>\n\t\t<div class=\"elementor-element elementor-element-grl4kl40 e-flex e-con-boxed e-con e-parent\" data-id=\"grl4kl40\" data-element_type=\"container\" data-e-type=\"container\">\n\t\t\t\t\t<div class=\"e-con-inner\">\n\t\t\t\t<div class=\"elementor-element elementor-element-bzsbfrmh elementor-widget elementor-widget-heading\" data-id=\"bzsbfrmh\" data-element_type=\"widget\" data-e-type=\"widget\" data-widget_type=\"heading.default\">\n\t\t\t\t\t<h2 class=\"elementor-heading-title elementor-size-default\">Heimildir (\u00farval)<\/h2>\t\t\t\t<\/div>\n\t\t<div class=\"elementor-element elementor-element-2c13224a e-con-full e-flex e-con e-child\" data-id=\"2c13224a\" data-element_type=\"container\" data-e-type=\"container\">\n\t\t\t\t<div class=\"elementor-element elementor-element-0eymh9ub elementor-widget elementor-widget-text-editor\" data-id=\"0eymh9ub\" data-element_type=\"widget\" data-e-type=\"widget\" data-widget_type=\"text-editor.default\">\n\t\t\t\t\t\t\t\t\t<footer class=\"iwg-literatur\"><p>\u00darval helstu verka um Sluagh:<\/p><ul><li><span data-nosnippet>Carmichael, Alexander: <em>Carmina Gadelica<\/em>. 6 bindi. Edinburgh 1900, 71.<\/span><\/li><li><span data-nosnippet>Evans-Wentz, W. Y.: <em>The Fairy-Faith in Celtic Countries<\/em>. Oxford 1911.<\/span><\/li><li><span data-nosnippet>Campbell, J. F.: <em>Popular Tales of the West Highlands<\/em>. Edinburgh 1860, 62.<\/span><\/li><li><span data-nosnippet>MacInnes, John: <em>D\u00f9thchas nan G\u00e0idheal<\/em>. Edinburgh 2006.<\/span><\/li><li><span data-nosnippet>Black, Ronald: <em>The Gaelic Otherworld<\/em>. Edinburgh 2005.<\/span><\/li><\/ul><div data-nosnippet=\"true\" class=\"iwg-litliste\"><\/div><\/footer>\n<p class=\"iwg-bib-more\"><span data-nosnippet>Fleiri grunnrit \u00ed <a href=\"https:\/\/iwell-guard.com\/is\/?page_id=168730\">heimildaskr\u00e1nni<\/a>.<\/span><\/p>\t\t\t\t\t\t\t\t<\/div>\n\t\t\t\t<\/div>\n\t\t\t\t\t<\/div>\n\t\t\t\t<\/div>\n\t\t<div class=\"elementor-element elementor-element-iwgca-sluagh-sec e-flex e-con-boxed e-con e-parent\" data-id=\"iwgca-sluagh-sec\" data-element_type=\"container\" data-e-type=\"container\" id=\"iwg-ca-sluagh\">\n\t\t\t\t\t<div class=\"e-con-inner\">\n\t\t\t\t<div class=\"elementor-element elementor-element-iwgca-sluagh-te iwg-ca-textwrap elementor-widget elementor-widget-text-editor\" data-id=\"iwgca-sluagh-te\" data-element_type=\"widget\" data-e-type=\"widget\" data-widget_type=\"text-editor.default\">\n\t\t\t\t\t\t\t\t\t<div data-nosnippet=\"true\"><p class=\"iwg-ca-bridge\">Verndarhef\u00f0in sem h\u00e9r er l\u00fdst er v\u00edsindaleg \u00fattekt \u00e1 s\u00f6guhef\u00f0um. iWell Guard tengist \u00feessari menningars\u00f6gulegu hef\u00f0 verndargripa sem borin eru \u00e1 l\u00edkamanum og er n\u00fat\u00edmaleg \u00fatf\u00e6rsla \u00e1 henni. <a href=\"\/ueber-iwell-guard\/?utm_source=iwell-guard.com&#038;utm_medium=text-link&#038;utm_campaign=schadwesen-tradition\">Meira um iWell Guard \u2192<\/a><\/p><\/div>\t\t\t\t\t\t\t\t<\/div>\n\t\t\t\t\t<\/div>\n\t\t\t\t<\/div>\n\t\t\t\t<\/div>\n\t\t","protected":false},"excerpt":{"rendered":"","protected":false},"author":3,"featured_media":1703,"parent":0,"menu_order":0,"comment_status":"closed","ping_status":"closed","template":"elementor_header_footer","meta":{"_yoast_wpseo_focuskw":"Sluagh","_yoast_wpseo_title":"Sluagh - \u00d3heilagi dau\u00f0aherinn, flj\u00fagandi s\u00e1lir \u00e1n heimkynna","_yoast_wpseo_metadesc":"Sluagh, gel\u00edsk or\u00f0 fyrir \u201eher\", eru samsafn fri\u00f0lausra s\u00e1lna \u00ed keltneskri (a\u00f0allega skoskri gel\u00edskri og \u00edrskri) \u00fej\u00f3\u00f0tr\u00fa.","_yoast_wpseo_meta-robots-noindex":"","_yoast_wpseo_canonical":"","_angie_page":false,"gefaehrdungsstufe":"4","wesen_kultur":"keltisch","wesen_klasse":"geister","footnotes":""},"categories":[],"class_list":["post-168633","page","type-page","status-publish","has-post-thumbnail","hentry"],"yoast_head":"<!-- This site is optimized with the Yoast SEO Premium plugin v27.7 (Yoast SEO v28.3) - https:\/\/yoast.com\/product\/yoast-seo-premium-wordpress\/ -->\n<title>Sluagh - \u00d3heilagi dau\u00f0aherinn, flj\u00fagandi s\u00e1lir \u00e1n heimkynna<\/title>\n<meta name=\"description\" content=\"Sluagh, gel\u00edsk or\u00f0 fyrir \u201eher&quot;, eru samsafn fri\u00f0lausra s\u00e1lna \u00ed keltneskri (a\u00f0allega skoskri gel\u00edskri og \u00edrskri) \u00fej\u00f3\u00f0tr\u00fa.\" \/>\n<meta name=\"robots\" content=\"index, follow, max-snippet:-1, max-image-preview:large, max-video-preview:-1\" \/>\n<link rel=\"canonical\" href=\"https:\/\/iwell-guard.com\/is\/sluagh\/\" \/>\n<meta property=\"og:locale\" content=\"is_IS\" \/>\n<meta property=\"og:type\" content=\"article\" \/>\n<meta property=\"og:title\" content=\"Sluagh\" \/>\n<meta property=\"og:description\" content=\"Sluagh, gel\u00edsk or\u00f0 fyrir \u201eher&quot;, eru samsafn fri\u00f0lausra s\u00e1lna \u00ed keltneskri (a\u00f0allega skoskri gel\u00edskri og \u00edrskri) \u00fej\u00f3\u00f0tr\u00fa.\" \/>\n<meta property=\"og:url\" content=\"https:\/\/iwell-guard.com\/is\/sluagh\/\" \/>\n<meta property=\"og:site_name\" content=\"iWell Guard\" \/>\n<meta property=\"article:modified_time\" content=\"2026-09-05T14:15:31+00:00\" \/>\n<meta property=\"og:image\" content=\"https:\/\/iwell-guard.com\/wp-content\/uploads\/2026\/04\/geister_keltisch_sluagh.webp\" \/>\n\t<meta property=\"og:image:width\" content=\"1024\" \/>\n\t<meta property=\"og:image:height\" content=\"1536\" \/>\n\t<meta property=\"og:image:type\" content=\"image\/webp\" \/>\n<meta name=\"twitter:card\" content=\"summary_large_image\" \/>\n<script type=\"application\/ld+json\" class=\"yoast-schema-graph\">{\"@context\":\"https:\\\/\\\/schema.org\",\"@graph\":[{\"@type\":\"WebPage\",\"@id\":\"https:\\\/\\\/iwell-guard.com\\\/is\\\/sluagh\\\/\",\"url\":\"https:\\\/\\\/iwell-guard.com\\\/is\\\/sluagh\\\/\",\"name\":\"Sluagh - \u00d3heilagi dau\u00f0aherinn, flj\u00fagandi s\u00e1lir \u00e1n heimkynna\",\"isPartOf\":{\"@id\":\"https:\\\/\\\/iwell-guard.com\\\/is\\\/#website\"},\"primaryImageOfPage\":{\"@id\":\"https:\\\/\\\/iwell-guard.com\\\/is\\\/sluagh\\\/#primaryimage\"},\"image\":{\"@id\":\"https:\\\/\\\/iwell-guard.com\\\/is\\\/sluagh\\\/#primaryimage\"},\"thumbnailUrl\":\"https:\\\/\\\/iwell-guard.com\\\/wp-content\\\/uploads\\\/2026\\\/04\\\/geister_keltisch_sluagh.webp\",\"datePublished\":\"2026-09-05T14:01:44+00:00\",\"dateModified\":\"2026-09-05T14:15:31+00:00\",\"description\":\"Sluagh, gel\u00edsk or\u00f0 fyrir \u201eher\\\", eru samsafn fri\u00f0lausra s\u00e1lna \u00ed keltneskri (a\u00f0allega skoskri gel\u00edskri og \u00edrskri) \u00fej\u00f3\u00f0tr\u00fa.\",\"breadcrumb\":{\"@id\":\"https:\\\/\\\/iwell-guard.com\\\/is\\\/sluagh\\\/#breadcrumb\"},\"inLanguage\":\"is\",\"potentialAction\":[{\"@type\":\"ReadAction\",\"target\":[\"https:\\\/\\\/iwell-guard.com\\\/is\\\/sluagh\\\/\"]}]},{\"@type\":\"ImageObject\",\"inLanguage\":\"is\",\"@id\":\"https:\\\/\\\/iwell-guard.com\\\/is\\\/sluagh\\\/#primaryimage\",\"url\":\"https:\\\/\\\/iwell-guard.com\\\/wp-content\\\/uploads\\\/2026\\\/04\\\/geister_keltisch_sluagh.webp\",\"contentUrl\":\"https:\\\/\\\/iwell-guard.com\\\/wp-content\\\/uploads\\\/2026\\\/04\\\/geister_keltisch_sluagh.webp\",\"width\":1024,\"height\":1536,\"caption\":\"Andar \u00far keltneskri hef\u00f0.\"},{\"@type\":\"BreadcrumbList\",\"@id\":\"https:\\\/\\\/iwell-guard.com\\\/is\\\/sluagh\\\/#breadcrumb\",\"itemListElement\":[{\"@type\":\"ListItem\",\"position\":1,\"name\":\"Start\",\"item\":\"https:\\\/\\\/iwell-guard.com\\\/is\\\/?page_id=168580\"},{\"@type\":\"ListItem\",\"position\":2,\"name\":\"Sluagh\"}]},{\"@type\":\"WebSite\",\"@id\":\"https:\\\/\\\/iwell-guard.com\\\/is\\\/#website\",\"url\":\"https:\\\/\\\/iwell-guard.com\\\/is\\\/\",\"name\":\"iWell Guard\",\"description\":\"Schutz vor dunklen Einfl\u00fcssen\",\"publisher\":{\"@id\":\"https:\\\/\\\/iwell-guard.com\\\/is\\\/#organization\"},\"potentialAction\":[{\"@type\":\"SearchAction\",\"target\":{\"@type\":\"EntryPoint\",\"urlTemplate\":\"https:\\\/\\\/iwell-guard.com\\\/is\\\/?s={search_term_string}\"},\"query-input\":{\"@type\":\"PropertyValueSpecification\",\"valueRequired\":true,\"valueName\":\"search_term_string\"}}],\"inLanguage\":\"is\"},{\"@type\":\"Organization\",\"@id\":\"https:\\\/\\\/iwell-guard.com\\\/is\\\/#organization\",\"name\":\"Ittermann electronic GmbH\",\"url\":\"https:\\\/\\\/iwell-guard.com\\\/is\\\/\",\"logo\":{\"@type\":\"ImageObject\",\"inLanguage\":\"is\",\"@id\":\"https:\\\/\\\/iwell-guard.com\\\/is\\\/#\\\/schema\\\/logo\\\/image\\\/\",\"url\":\"https:\\\/\\\/iwell-guard.com\\\/wp-content\\\/uploads\\\/2026\\\/05\\\/Ittermann-Logo-1182x237-1.png\",\"contentUrl\":\"https:\\\/\\\/iwell-guard.com\\\/wp-content\\\/uploads\\\/2026\\\/05\\\/Ittermann-Logo-1182x237-1.png\",\"width\":1182,\"height\":237,\"caption\":\"Ittermann electronic GmbH\"},\"image\":{\"@id\":\"https:\\\/\\\/iwell-guard.com\\\/is\\\/#\\\/schema\\\/logo\\\/image\\\/\"},\"sameAs\":[\"https:\\\/\\\/pantip.com\\\/profile\\\/9367242\",\"https:\\\/\\\/micro.blog\\\/iwellguard\",\"https:\\\/\\\/www.diggerslist.com\\\/iwellguard\\\/about\",\"https:\\\/\\\/skitterphoto.com\\\/photographers\\\/2870314\\\/iwell-guard\",\"https:\\\/\\\/iwellguard.wordpress.com\\\/2026\\\/06\\\/06\\\/iwell-guard\\\/\",\"https:\\\/\\\/hub.docker.com\\\/u\\\/iwellguard\",\"https:\\\/\\\/www.pinterest.com\\\/iwellguard\\\/\",\"https:\\\/\\\/bit.ly\\\/m\\\/iwellguard\",\"https:\\\/\\\/entre-vos-mains.alsace.eu\\\/profiles\\\/iwellguard\\\/activity\",\"https:\\\/\\\/gravatar.com\\\/reallybeded8fd34\",\"https:\\\/\\\/naijamatta.com\\\/iwellguard\",\"https:\\\/\\\/www.goodreads.com\\\/iwellguard\",\"https:\\\/\\\/profile.hatena.ne.jp\\\/iwellguard\\\/\",\"https:\\\/\\\/experiment.com\\\/users\\\/iwellguard\",\"https:\\\/\\\/wakelet.com\\\/@iWellGuard82270\",\"https:\\\/\\\/www.chordie.com\\\/forum\\\/profile.php?id=2555664\",\"https:\\\/\\\/www.instapaper.com\\\/p\\\/17757966\",\"https:\\\/\\\/www.mapleprimes.com\\\/users\\\/iwellguard\",\"https:\\\/\\\/businesslistingplus.com\\\/profile\\\/iwell-guard\\\/\",\"https:\\\/\\\/telegra.ph\\\/iWell-Guard-06-06\",\"https:\\\/\\\/pbase.com\\\/iwellguard\\\/iwellguard\",\"https:\\\/\\\/b.hatena.ne.jp\\\/iwellguard\\\/20260607#bookmark-4788405196491818882\",\"https:\\\/\\\/fliphtml5.com\\\/home\\\/iwellguard\",\"https:\\\/\\\/anyflip.com\\\/homepage\\\/cmiwl#About\",\"https:\\\/\\\/transfur.com\\\/Users\\\/iwellguard\",\"http:\\\/\\\/delphi.larsbo.org\\\/user\\\/iwellguard\",\"https:\\\/\\\/jobs.lajobsportal.org\\\/profiles\\\/8380803-iwell-guard\",\"https:\\\/\\\/md.chaosdorf.de\\\/s\\\/jfbe5SBdJD\",\"https:\\\/\\\/www.lingvolive.com\\\/en-us\\\/profile\\\/9ecaeaca-ce11-4e51-9e71-01d55e2bff36\\\/translations\",\"https:\\\/\\\/www.fitday.com\\\/fitness\\\/forums\\\/members\\\/iwellguard.html\",\"https:\\\/\\\/www.mymeetbook.com\\\/iwellguard\",\"https:\\\/\\\/pxhere.com\\\/en\\\/photographer-me\\\/5040798\",\"https:\\\/\\\/disqus.com\\\/by\\\/iwellguard\\\/about\\\/\",\"https:\\\/\\\/pastelink.net\\\/hjwciqwq\",\"https:\\\/\\\/pubhtml5.com\\\/homepage\\\/scjhn\\\/\",\"https:\\\/\\\/www.bitchute.com\\\/channel\\\/2O2eOKzNqujT\",\"https:\\\/\\\/audiomack.com\\\/iwellguard\"]},{\"@type\":\"Article\",\"@id\":\"https:\\\/\\\/iwell-guard.com\\\/is\\\/sluagh\\\/#article\",\"isPartOf\":{\"@id\":\"https:\\\/\\\/iwell-guard.com\\\/is\\\/sluagh\\\/\"},\"author\":{\"name\":\"Ralf Ittermann\",\"@id\":\"https:\\\/\\\/iwell-guard.com\\\/is\\\/#\\\/schema\\\/person\\\/ee2a27f1cac3406c7c6fb5820cb7349f\"},\"headline\":\"Sluagh\",\"datePublished\":\"2026-09-05T14:01:44+00:00\",\"dateModified\":\"2026-09-05T14:15:31+00:00\",\"mainEntityOfPage\":{\"@id\":\"https:\\\/\\\/iwell-guard.com\\\/is\\\/sluagh\\\/\"},\"publisher\":{\"@id\":\"https:\\\/\\\/iwell-guard.com\\\/is\\\/#organization\"},\"image\":{\"@id\":\"https:\\\/\\\/iwell-guard.com\\\/is\\\/sluagh\\\/#primaryimage\"},\"thumbnailUrl\":\"https:\\\/\\\/iwell-guard.com\\\/wp-content\\\/uploads\\\/2026\\\/04\\\/geister_keltisch_sluagh.webp\",\"inLanguage\":\"is\",\"description\":\"Sluagh, gel\u00edsk or\u00f0 fyrir \u201eher\\\", eru samsafn fri\u00f0lausra s\u00e1lna \u00ed keltneskri (a\u00f0allega skoskri gel\u00edskri og \u00edrskri) \u00fej\u00f3\u00f0tr\u00fa.\"}]}<\/script>\n<!-- \/ Yoast SEO Premium plugin. -->","yoast_head_json":{"title":"Sluagh - \u00d3heilagi dau\u00f0aherinn, flj\u00fagandi s\u00e1lir \u00e1n heimkynna","description":"Sluagh, gel\u00edsk or\u00f0 fyrir \u201eher\", eru samsafn fri\u00f0lausra s\u00e1lna \u00ed keltneskri (a\u00f0allega skoskri gel\u00edskri og \u00edrskri) \u00fej\u00f3\u00f0tr\u00fa.","robots":{"index":"index","follow":"follow","max-snippet":"max-snippet:-1","max-image-preview":"max-image-preview:large","max-video-preview":"max-video-preview:-1"},"canonical":"https:\/\/iwell-guard.com\/is\/sluagh\/","og_locale":"is_IS","og_type":"article","og_title":"Sluagh","og_description":"Sluagh, gel\u00edsk or\u00f0 fyrir \u201eher\", eru samsafn fri\u00f0lausra s\u00e1lna \u00ed keltneskri (a\u00f0allega skoskri gel\u00edskri og \u00edrskri) \u00fej\u00f3\u00f0tr\u00fa.","og_url":"https:\/\/iwell-guard.com\/is\/sluagh\/","og_site_name":"iWell Guard","article_modified_time":"2026-09-05T14:15:31+00:00","og_image":[{"width":1024,"height":1536,"url":"https:\/\/iwell-guard.com\/wp-content\/uploads\/2026\/04\/geister_keltisch_sluagh.webp","type":"image\/webp"}],"twitter_card":"summary_large_image","schema":{"@context":"https:\/\/schema.org","@graph":[{"@type":"Article","@id":"https:\/\/iwell-guard.com\/is\/sluagh\/#article","isPartOf":{"@id":"https:\/\/iwell-guard.com\/is\/sluagh\/"},"author":{"name":"Ralf Ittermann","@id":"https:\/\/iwell-guard.com\/is\/#\/schema\/person\/ee2a27f1cac3406c7c6fb5820cb7349f"},"headline":"Sluagh","datePublished":"2026-09-05T14:01:44+00:00","dateModified":"2026-09-05T14:15:31+00:00","mainEntityOfPage":{"@id":"https:\/\/iwell-guard.com\/is\/sluagh\/"},"publisher":{"@id":"https:\/\/iwell-guard.com\/is\/#organization"},"image":{"@id":"https:\/\/iwell-guard.com\/is\/sluagh\/#primaryimage"},"thumbnailUrl":"https:\/\/iwell-guard.com\/wp-content\/uploads\/2026\/04\/geister_keltisch_sluagh.webp","inLanguage":"is","description":"Sluagh, gel\u00edsk or\u00f0 fyrir \u201eher\", eru samsafn fri\u00f0lausra s\u00e1lna \u00ed keltneskri (a\u00f0allega skoskri gel\u00edskri og \u00edrskri) \u00fej\u00f3\u00f0tr\u00fa."},{"@type":"WebPage","@id":"https:\/\/iwell-guard.com\/is\/sluagh\/","url":"https:\/\/iwell-guard.com\/is\/sluagh\/","name":"Sluagh - \u00d3heilagi dau\u00f0aherinn, flj\u00fagandi s\u00e1lir \u00e1n heimkynna","isPartOf":{"@id":"https:\/\/iwell-guard.com\/is\/#website"},"primaryImageOfPage":{"@id":"https:\/\/iwell-guard.com\/is\/sluagh\/#primaryimage"},"image":{"@id":"https:\/\/iwell-guard.com\/is\/sluagh\/#primaryimage"},"thumbnailUrl":"https:\/\/iwell-guard.com\/wp-content\/uploads\/2026\/04\/geister_keltisch_sluagh.webp","datePublished":"2026-09-05T14:01:44+00:00","dateModified":"2026-09-05T14:15:31+00:00","description":"Sluagh, gel\u00edsk or\u00f0 fyrir \u201eher\", eru samsafn fri\u00f0lausra s\u00e1lna \u00ed keltneskri (a\u00f0allega skoskri gel\u00edskri og \u00edrskri) \u00fej\u00f3\u00f0tr\u00fa.","breadcrumb":{"@id":"https:\/\/iwell-guard.com\/is\/sluagh\/#breadcrumb"},"inLanguage":"is","potentialAction":[{"@type":"ReadAction","target":["https:\/\/iwell-guard.com\/is\/sluagh\/"]}]},{"@type":"ImageObject","inLanguage":"is","@id":"https:\/\/iwell-guard.com\/is\/sluagh\/#primaryimage","url":"https:\/\/iwell-guard.com\/wp-content\/uploads\/2026\/04\/geister_keltisch_sluagh.webp","contentUrl":"https:\/\/iwell-guard.com\/wp-content\/uploads\/2026\/04\/geister_keltisch_sluagh.webp","width":1024,"height":1536,"caption":"Andar \u00far keltneskri hef\u00f0."},{"@type":"BreadcrumbList","@id":"https:\/\/iwell-guard.com\/is\/sluagh\/#breadcrumb","itemListElement":[{"@type":"ListItem","position":1,"name":"Start","item":"https:\/\/iwell-guard.com\/is\/?page_id=168580"},{"@type":"ListItem","position":2,"name":"Sluagh"}]},{"@type":"WebSite","@id":"https:\/\/iwell-guard.com\/is\/#website","url":"https:\/\/iwell-guard.com\/is\/","name":"iWell Guard","description":"Schutz vor dunklen Einfl\u00fcssen","publisher":{"@id":"https:\/\/iwell-guard.com\/is\/#organization"},"potentialAction":[{"@type":"SearchAction","target":{"@type":"EntryPoint","urlTemplate":"https:\/\/iwell-guard.com\/is\/?s={search_term_string}"},"query-input":{"@type":"PropertyValueSpecification","valueRequired":true,"valueName":"search_term_string"}}],"inLanguage":"is"},{"@type":"Organization","@id":"https:\/\/iwell-guard.com\/is\/#organization","name":"Ittermann electronic GmbH","url":"https:\/\/iwell-guard.com\/is\/","logo":{"@type":"ImageObject","inLanguage":"is","@id":"https:\/\/iwell-guard.com\/is\/#\/schema\/logo\/image\/","url":"https:\/\/iwell-guard.com\/wp-content\/uploads\/2026\/05\/Ittermann-Logo-1182x237-1.png","contentUrl":"https:\/\/iwell-guard.com\/wp-content\/uploads\/2026\/05\/Ittermann-Logo-1182x237-1.png","width":1182,"height":237,"caption":"Ittermann electronic GmbH"},"image":{"@id":"https:\/\/iwell-guard.com\/is\/#\/schema\/logo\/image\/"},"sameAs":["https:\/\/pantip.com\/profile\/9367242","https:\/\/micro.blog\/iwellguard","https:\/\/www.diggerslist.com\/iwellguard\/about","https:\/\/skitterphoto.com\/photographers\/2870314\/iwell-guard","https:\/\/iwellguard.wordpress.com\/2026\/06\/06\/iwell-guard\/","https:\/\/hub.docker.com\/u\/iwellguard","https:\/\/www.pinterest.com\/iwellguard\/","https:\/\/bit.ly\/m\/iwellguard","https:\/\/entre-vos-mains.alsace.eu\/profiles\/iwellguard\/activity","https:\/\/gravatar.com\/reallybeded8fd34","https:\/\/naijamatta.com\/iwellguard","https:\/\/www.goodreads.com\/iwellguard","https:\/\/profile.hatena.ne.jp\/iwellguard\/","https:\/\/experiment.com\/users\/iwellguard","https:\/\/wakelet.com\/@iWellGuard82270","https:\/\/www.chordie.com\/forum\/profile.php?id=2555664","https:\/\/www.instapaper.com\/p\/17757966","https:\/\/www.mapleprimes.com\/users\/iwellguard","https:\/\/businesslistingplus.com\/profile\/iwell-guard\/","https:\/\/telegra.ph\/iWell-Guard-06-06","https:\/\/pbase.com\/iwellguard\/iwellguard","https:\/\/b.hatena.ne.jp\/iwellguard\/20260607#bookmark-4788405196491818882","https:\/\/fliphtml5.com\/home\/iwellguard","https:\/\/anyflip.com\/homepage\/cmiwl#About","https:\/\/transfur.com\/Users\/iwellguard","http:\/\/delphi.larsbo.org\/user\/iwellguard","https:\/\/jobs.lajobsportal.org\/profiles\/8380803-iwell-guard","https:\/\/md.chaosdorf.de\/s\/jfbe5SBdJD","https:\/\/www.lingvolive.com\/en-us\/profile\/9ecaeaca-ce11-4e51-9e71-01d55e2bff36\/translations","https:\/\/www.fitday.com\/fitness\/forums\/members\/iwellguard.html","https:\/\/www.mymeetbook.com\/iwellguard","https:\/\/pxhere.com\/en\/photographer-me\/5040798","https:\/\/disqus.com\/by\/iwellguard\/about\/","https:\/\/pastelink.net\/hjwciqwq","https:\/\/pubhtml5.com\/homepage\/scjhn\/","https:\/\/www.bitchute.com\/channel\/2O2eOKzNqujT","https:\/\/audiomack.com\/iwellguard"]},{"@type":"Person","@id":"https:\/\/iwell-guard.com\/is\/#\/schema\/person\/ee2a27f1cac3406c7c6fb5820cb7349f","name":"Ralf Ittermann","image":{"@type":"ImageObject","inLanguage":"is","@id":"https:\/\/secure.gravatar.com\/avatar\/073c0153e350a5005b68eb752b445fea71f6b24a26da9449ad7e155e6b446c9d?s=96&d=mm&r=g","url":"https:\/\/secure.gravatar.com\/avatar\/073c0153e350a5005b68eb752b445fea71f6b24a26da9449ad7e155e6b446c9d?s=96&d=mm&r=g","contentUrl":"https:\/\/secure.gravatar.com\/avatar\/073c0153e350a5005b68eb752b445fea71f6b24a26da9449ad7e155e6b446c9d?s=96&d=mm&r=g","caption":"Ralf Ittermann"},"givenName":"Ralf","familyName":"Ittermann","jobTitle":"Gesch\u00e4ftsf\u00fchrer und redaktioneller Verantwortlicher","url":"https:\/\/iwell-guard.com\/is\/author\/claude\/","description":"Ralf Ittermann ist Gesch\u00e4ftsf\u00fchrer der Ittermann electronic GmbH und redaktioneller Verantwortlicher des iWell-Guard-Lexikons. Er verbindet langj\u00e4hrige Erfahrung in der Pr\u00e4zisionsfertigung mit medialer Praxis und religionsgeschichtlicher Quellenarbeit.","worksFor":{"@type":"Organization","name":"Ittermann electronic GmbH","url":"https:\/\/ittermann.de\/","address":{"@type":"PostalAddress","streetAddress":"K\u00f6hlergasse 16-18","postalCode":"99842","addressLocality":"Ruhla","addressCountry":"DE"}},"knowsAbout":["Religionsgeschichte","Mythologie","Mediale Praxis","Energetische Diagnostik","Schutzpraxis","Volksglauben","Westliche Esoterik"]},{"@type":"Article","@id":"https:\/\/iwell-guard.com\/is\/sluagh\/#article","isPartOf":{"@id":"https:\/\/iwell-guard.com\/is\/sluagh\/"},"author":{"name":"Ralf Ittermann","@id":"https:\/\/iwell-guard.com\/is\/#\/schema\/person\/ee2a27f1cac3406c7c6fb5820cb7349f"},"headline":"Sluagh","datePublished":"2026-09-05T14:01:44+00:00","dateModified":"2026-09-05T14:15:31+00:00","mainEntityOfPage":{"@id":"https:\/\/iwell-guard.com\/is\/sluagh\/"},"publisher":{"@id":"https:\/\/iwell-guard.com\/is\/#organization"},"image":{"@id":"https:\/\/iwell-guard.com\/is\/sluagh\/#primaryimage"},"thumbnailUrl":"https:\/\/iwell-guard.com\/wp-content\/uploads\/2026\/04\/geister_keltisch_sluagh.webp","inLanguage":"is","description":"Sluagh, gel\u00edsk or\u00f0 fyrir \u201eher\", eru samsafn fri\u00f0lausra s\u00e1lna \u00ed keltneskri (a\u00f0allega skoskri gel\u00edskri og \u00edrskri) \u00fej\u00f3\u00f0tr\u00fa."}]}},"_links":{"self":[{"href":"https:\/\/iwell-guard.com\/is\/wp-json\/wp\/v2\/pages\/168633","targetHints":{"allow":["GET"]}}],"collection":[{"href":"https:\/\/iwell-guard.com\/is\/wp-json\/wp\/v2\/pages"}],"about":[{"href":"https:\/\/iwell-guard.com\/is\/wp-json\/wp\/v2\/types\/page"}],"author":[{"embeddable":true,"href":"https:\/\/iwell-guard.com\/is\/wp-json\/wp\/v2\/users\/3"}],"replies":[{"embeddable":true,"href":"https:\/\/iwell-guard.com\/is\/wp-json\/wp\/v2\/comments?post=168633"}],"version-history":[{"count":0,"href":"https:\/\/iwell-guard.com\/is\/wp-json\/wp\/v2\/pages\/168633\/revisions"}],"wp:featuredmedia":[{"embeddable":true,"href":"https:\/\/iwell-guard.com\/is\/wp-json\/wp\/v2\/media\/1703"}],"wp:attachment":[{"href":"https:\/\/iwell-guard.com\/is\/wp-json\/wp\/v2\/media?parent=168633"}],"wp:term":[{"taxonomy":"category","embeddable":true,"href":"https:\/\/iwell-guard.com\/is\/wp-json\/wp\/v2\/categories?post=168633"}],"curies":[{"name":"wp","href":"https:\/\/api.w.org\/{rel}","templated":true}]}}