{"id":168630,"date":"2026-09-05T14:01:43","date_gmt":"2026-09-05T14:01:43","guid":{"rendered":"https:\/\/iwell-guard.com\/?page_id=168630"},"modified":"2026-09-05T14:15:27","modified_gmt":"2026-09-05T14:15:27","slug":"troll","status":"publish","type":"page","link":"https:\/\/iwell-guard.com\/is\/troll\/","title":{"rendered":"Tr\u00f6ll"},"content":{"rendered":"\t\t<div data-elementor-type=\"wp-page\" data-elementor-id=\"168630\" class=\"elementor elementor-168630 elementor-1031\" data-elementor-post-type=\"page\">\n\t\t\t\t<div class=\"elementor-element elementor-element-10fdade e-flex e-con-boxed e-con e-parent\" data-id=\"10fdade\" data-element_type=\"container\" data-e-type=\"container\" data-settings=\"{&quot;background_background&quot;:&quot;classic&quot;}\">\n\t\t\t\t\t<div class=\"e-con-inner\">\n\t\t<div class=\"elementor-element elementor-element-herohlft0 e-flex e-con-boxed e-con e-child\" data-id=\"herohlft0\" data-element_type=\"container\" data-e-type=\"container\">\n\t\t\t\t\t<div class=\"e-con-inner\">\n\t\t<div class=\"elementor-element elementor-element-c3ceb64 e-con-full e-flex e-con e-child\" data-id=\"c3ceb64\" data-element_type=\"container\" data-e-type=\"container\">\n\t\t\t\t<div class=\"elementor-element elementor-element-96ae5e1 elementor-widget elementor-widget-heading\" data-id=\"96ae5e1\" data-element_type=\"widget\" data-e-type=\"widget\" data-widget_type=\"heading.default\">\n\t\t\t\t\t<h1 class=\"elementor-heading-title elementor-size-default\">Tr\u00f6ll, andi \u00far germanskri hef\u00f0<\/h1>\t\t\t\t<\/div>\n\t\t\t\t<div class=\"elementor-element elementor-element-e45238a elementor-widget elementor-widget-text-editor\" data-id=\"e45238a\" data-element_type=\"widget\" data-e-type=\"widget\" data-widget_type=\"text-editor.default\">\n\t\t\t\t\t\t\t\t\t<p>Tr\u00f6ll er <span class=\"iwg-fachbegriff\" data-tooltip=\"Vera \u00e1n l\u00edkama sem talin er hafa \u00e1hrif \u00ed heiminum.\" tabindex=\"0\">andi<\/span> \u00far germanskri hef\u00f0.<\/p><p><strong>Risavaxin bergvera, \u00e1 milli Eddu-\u00feursa og \u00fej\u00f3\u00f0sagna-\u00f3v\u00e6tta.<\/strong><\/p>\t\t\t\t\t\t\t\t<\/div>\n\t\t\t\t<\/div>\n\t\t<div class=\"elementor-element elementor-element-klsbdg01 e-con-full e-flex e-con e-parent\" data-id=\"klsbdg01\" data-element_type=\"container\" data-e-type=\"container\">\n\t\t\t\t<div class=\"elementor-element elementor-element-klshtm01 elementor-widget elementor-widget-html\" data-id=\"klshtm01\" data-element_type=\"widget\" data-e-type=\"widget\" data-widget_type=\"html.default\">\n\t\t\t\t\t<div class=\"iwg-pill-row\"><span class=\"iwg-klasse-badge\" tabindex=\"0\" data-tooltip=\"Andi: \u00d3l\u00edkamleg e\u00f0a h\u00e1lfl\u00edkamleg vera, framli\u00f0nir, n\u00e1tt\u00faruverur, heimilisandar e\u00f0a var\u00f0menn \u00fer\u00f6skulda. Hefur \u00e1hrif \u00ed daglegu l\u00edfi, oft bundin vi\u00f0 sta\u00f0i e\u00f0a fj\u00f6lskyldur.\">Andi<\/span><a href=\"https:\/\/iwell-guard.com\/is\/?page_id=168614\" class=\"iwg-kultur-badge\" tabindex=\"0\" data-tooltip=\"Hei\u00f0inn gu\u00f0a- og andaheimur Nor\u00f0ur- og Mi\u00f0-Evr\u00f3pu.\">Germanskt<\/a><a href=\"https:\/\/iwell-guard.com\/is\/?page_id=168702\" class=\"iwg-tradition-badge\" tabindex=\"0\" data-tooltip=\"D\u00fdra-manns-verur me\u00f0 hamskiptah\u00e6fni, var\u00falfslegar, refa-, fugla- e\u00f0a sl\u00f6ngulaga.\">Hamskiptingar<\/a><\/div>\t\t\t\t<\/div>\n\t\t\t\t<\/div>\n\t\t<div class=\"elementor-element elementor-element-3f74855 e-con-full e-flex e-con e-child\" data-id=\"3f74855\" data-element_type=\"container\" data-e-type=\"container\">\n\t\t\t\t<div class=\"elementor-element elementor-element-1c30362 elementor-toc--minimized-on-tablet elementor-widget elementor-widget-table-of-contents\" data-id=\"1c30362\" data-element_type=\"widget\" data-e-type=\"widget\" data-settings=\"{&quot;exclude_headings_by_selector&quot;:[],&quot;no_headings_message&quot;:&quot;Engar undirfyrirsagnir fundust \\u00e1 \\u00feessari s\\u00ed\\u00f0u.&quot;,&quot;headings_by_tags&quot;:[&quot;h2&quot;,&quot;h3&quot;],&quot;marker_view&quot;:&quot;bullets&quot;,&quot;icon&quot;:{&quot;value&quot;:&quot;fas fa-circle&quot;,&quot;library&quot;:&quot;fa-solid&quot;,&quot;rendered_tag&quot;:&quot;&lt;svg class=\\&quot;e-font-icon-svg e-fas-circle\\&quot; viewBox=\\&quot;0 0 512 512\\&quot; xmlns=\\&quot;http:\\\/\\\/www.w3.org\\\/2000\\\/svg\\&quot;&gt;&lt;path d=\\&quot;M256 8C119 8 8 119 8 256s111 248 248 248 248-111 248-248S393 8 256 8z\\&quot;&gt;&lt;\\\/path&gt;&lt;\\\/svg&gt;&quot;},&quot;minimize_box&quot;:&quot;yes&quot;,&quot;minimized_on&quot;:&quot;tablet&quot;,&quot;hierarchical_view&quot;:&quot;yes&quot;,&quot;min_height&quot;:{&quot;unit&quot;:&quot;px&quot;,&quot;size&quot;:&quot;&quot;,&quot;sizes&quot;:[]},&quot;min_height_tablet&quot;:{&quot;unit&quot;:&quot;px&quot;,&quot;size&quot;:&quot;&quot;,&quot;sizes&quot;:[]},&quot;min_height_mobile&quot;:{&quot;unit&quot;:&quot;px&quot;,&quot;size&quot;:&quot;&quot;,&quot;sizes&quot;:[]}}\" data-widget_type=\"table-of-contents.default\">\n\t\t\t\t\t\t\t\t\t<div class=\"elementor-toc__header\">\n\t\t\t\t\t\t<h2 class=\"elementor-toc__header-title\">\n\t\t\t\tEfnisyfirlit\t\t\t<\/h2>\n\t\t\t\t\t\t\t\t\t\t<div class=\"elementor-toc__toggle-button elementor-toc__toggle-button--expand\" role=\"button\" tabindex=\"0\" aria-controls=\"elementor-toc__1c30362\" aria-expanded=\"true\" aria-label=\"Open table of contents\"><svg aria-hidden=\"true\" class=\"e-font-icon-svg e-fas-chevron-down\" viewBox=\"0 0 448 512\" xmlns=\"http:\/\/www.w3.org\/2000\/svg\"><path d=\"M207.029 381.476L12.686 187.132c-9.373-9.373-9.373-24.569 0-33.941l22.667-22.667c9.357-9.357 24.522-9.375 33.901-.04L224 284.505l154.745-154.021c9.379-9.335 24.544-9.317 33.901.04l22.667 22.667c9.373 9.373 9.373 24.569 0 33.941L240.971 381.476c-9.373 9.372-24.569 9.372-33.942 0z\"><\/path><\/svg><\/div>\n\t\t\t\t<div class=\"elementor-toc__toggle-button elementor-toc__toggle-button--collapse\" role=\"button\" tabindex=\"0\" aria-controls=\"elementor-toc__1c30362\" aria-expanded=\"true\" aria-label=\"Close table of contents\"><svg aria-hidden=\"true\" class=\"e-font-icon-svg e-fas-chevron-up\" viewBox=\"0 0 448 512\" xmlns=\"http:\/\/www.w3.org\/2000\/svg\"><path d=\"M240.971 130.524l194.343 194.343c9.373 9.373 9.373 24.569 0 33.941l-22.667 22.667c-9.357 9.357-24.522 9.375-33.901.04L224 227.495 69.255 381.516c-9.379 9.335-24.544 9.317-33.901-.04l-22.667-22.667c-9.373-9.373-9.373-24.569 0-33.941L207.03 130.525c9.372-9.373 24.568-9.373 33.941-.001z\"><\/path><\/svg><\/div>\n\t\t\t\t\t<\/div>\n\t\t\t\t<div id=\"elementor-toc__1c30362\" class=\"elementor-toc__body\">\n\t\t\t<div class=\"elementor-toc__spinner-container\">\n\t\t\t\t<svg class=\"elementor-toc__spinner eicon-animation-spin e-font-icon-svg e-eicon-loading\" aria-hidden=\"true\" viewBox=\"0 0 1000 1000\" xmlns=\"http:\/\/www.w3.org\/2000\/svg\"><path d=\"M500 975V858C696 858 858 696 858 500S696 142 500 142 142 304 142 500H25C25 237 238 25 500 25S975 237 975 500 763 975 500 975Z\"><\/path><\/svg>\t\t\t<\/div>\n\t\t<\/div>\n\t\t\t\t\t\t<\/div>\n\t\t\t\t<\/div>\n\t\t\t\t\t<\/div>\n\t\t\t\t<\/div>\n\t\t<div class=\"elementor-element elementor-element-herorght0 e-con-full e-flex e-con e-child\" data-id=\"herorght0\" data-element_type=\"container\" data-e-type=\"container\">\n\t\t\t\t<div class=\"elementor-element elementor-element-heroimg00 iwg-hero-image elementor-widget elementor-widget-image\" data-id=\"heroimg00\" data-element_type=\"widget\" data-e-type=\"widget\" data-widget_type=\"image.default\">\n\t\t\t\t\t\t\t\t\t\t\t\t\t\t\t<img fetchpriority=\"high\" decoding=\"async\" width=\"683\" height=\"1024\" src=\"https:\/\/iwell-guard.com\/wp-content\/uploads\/2026\/04\/geister_germanisch_troll-683x1024.webp\" class=\"attachment-large size-large wp-image-171130\" alt=\"Tr\u00f6ll - Andar \u00far germ\u00f6nskri hef\u00f0, s\u00f6gulega myndr\u00e6nt\" srcset=\"https:\/\/iwell-guard.com\/wp-content\/uploads\/2026\/04\/geister_germanisch_troll-683x1024.webp 683w, https:\/\/iwell-guard.com\/wp-content\/uploads\/2026\/04\/geister_germanisch_troll-200x300.webp 200w, https:\/\/iwell-guard.com\/wp-content\/uploads\/2026\/04\/geister_germanisch_troll-768x1152.webp 768w, https:\/\/iwell-guard.com\/wp-content\/uploads\/2026\/04\/geister_germanisch_troll.webp 1024w\" sizes=\"(max-width: 683px) 100vw, 683px\" \/>\t\t\t\t\t\t\t\t\t\t\t\t\t\t\t<\/div>\n\t\t\t\t<\/div>\n\t\t\t\t\t<\/div>\n\t\t\t\t<\/div>\n\t\t<div class=\"elementor-element elementor-element-32917199 e-flex e-con-boxed e-con e-parent\" data-id=\"32917199\" data-element_type=\"container\" data-e-type=\"container\">\n\t\t\t\t\t<div class=\"e-con-inner\">\n\t\t<div class=\"elementor-element elementor-element-26e916cb e-flex e-con-boxed e-con e-child\" data-id=\"26e916cb\" data-element_type=\"container\" data-e-type=\"container\">\n\t\t\t\t\t<div class=\"e-con-inner\">\n\t\t<div class=\"elementor-element elementor-element-253a40d4 e-flex e-con-boxed e-con e-child\" data-id=\"253a40d4\" data-element_type=\"container\" data-e-type=\"container\">\n\t\t\t\t\t<div class=\"e-con-inner\">\n\t\t\t\t<div class=\"elementor-element elementor-element-1200c304 elementor-widget elementor-widget-heading\" data-id=\"1200c304\" data-element_type=\"widget\" data-e-type=\"widget\" data-widget_type=\"heading.default\">\n\t\t\t\t\t<div class=\"elementor-heading-title elementor-size-default\">Tr\u00f6ll<\/div>\t\t\t\t<\/div>\n\t\t\t\t<div class=\"elementor-element elementor-element-11758e7f elementor-widget elementor-widget-text-editor\" data-id=\"11758e7f\" data-element_type=\"widget\" data-e-type=\"widget\" data-widget_type=\"text-editor.default\">\n\t\t\t\t\t\t\t\t\t<p>Tr\u00f6lli\u00f0 er ein margbrotnasta gervan \u00far norr\u00e6nni hef\u00f0. Upphaflega mj\u00f6g v\u00ed\u00f0t\u00e6kt hugtak (fornnorr\u00e6na <em>troll<\/em> getur \u00e1tt vi\u00f0 \u201et\u00f6fravera&#8220; \u00ed almennum skilningi), \u00ferengist hugtaki\u00f0 \u00ed \u00fej\u00f3\u00f0s\u00f6gum og b\u00f3kmenntum \u00ed risavaxinn fjalla- og sk\u00f3garb\u00faa: heimskan e\u00f0a sl\u00e6gan, oftast h\u00e6ttulegan, stundum skoplegan.<\/p><p>\u00dea\u00f0 b\u00fdr \u00ed hellum, fj\u00f6llum, afskekktum sk\u00f3gum, r\u00e6nir f\u00f3lki, stelur br\u00fa\u00f0um, g\u00e6tir fj\u00e1rsj\u00f3\u00f0a og ver\u00f0ur a\u00f0 steini \u00ed s\u00f3lskini.<\/p><p>Bakgrunnurinn eru j\u00f6tnar og \u00feursar Eddunnar, go\u00f0s\u00f6gulegir risar sem standa gegn go\u00f0unum. \u00cd skandinav\u00edskri \u00fej\u00f3\u00f0hef\u00f0 renna \u00feeir saman vi\u00f0 sv\u00e6\u00f0isbundna fjalla- og sk\u00f3garanda og ver\u00f0a a\u00f0 tr\u00f6llinu \u00fej\u00f3\u00f0sagnanna, var\u00f0veitt \u00ed norskum sagnas\u00f6fnum Asbj\u00f8rnsens og Moes, \u00ed \u00edslenskri <span class=\"iwg-fachbegriff\" data-tooltip=\"Hin var\u00f0veitta \u00fej\u00f3\u00f0menning me\u00f0 si\u00f0um, s\u00f6gum og s\u00f6ngvum.\" tabindex=\"0\">\u00fej\u00f3\u00f0fr\u00e6\u00f0i<\/span>, \u00ed finnskum \u00e6vint\u00fdrum. N\u00fat\u00edma fantas\u00edub\u00f3kmenntir (Tolkien, Rowling, Pratchett) hafa gert mynd tr\u00f6llsins heims\u00feekkta.<\/p><div><p><strong>Tr\u00f6llab\u00f6rn og bergtr\u00f6ll \u00ed Eddu og s\u00f6gu<\/strong><\/p><p>Snorri Sturluson l\u00fdsir \u00ed <em>Snorra-Eddu<\/em> (um 1220), s\u00e9rstaklega \u00ed <em>Sk\u00e1ldskaparm\u00e1lum<\/em> (sk\u00e1ldam\u00e1li), tveimur \u00f3l\u00edkum flokkum tr\u00f6lla. Annar h\u00f3purinn er s\u00fdndur sem fjallab\u00faar, st\u00f3rir, \u00f6flugir og heimskir, fjendur manna og gu\u00f0a. Hinn h\u00f3purinn, sm\u00e6rri og slyngari, kemur fram \u00ed t\u00f6fra- og hamskiptasamhengi.<\/p><p>\u00deessi a\u00f0greining ger\u00f0i m\u00f6nnum s\u00ed\u00f0ar kleift a\u00f0 flokka mismunandi tr\u00f6llasj\u00f3nir og sagnir \u00ed mismunandi flokka. Sk\u00e1ldskaparm\u00e1l fjallar einnig um tr\u00f6ll sem sk\u00e1ldlega myndhverfingu, sem bendir til l\u00e6r\u00f0rar umfj\u00f6llunar, ekki a\u00f0eins hreinnar \u00fej\u00f3\u00f0hef\u00f0ar.<\/p><p>\u00cd \u00cdslendingas\u00f6gunum (Heimskringlu, Egils s\u00f6gu, Grettis s\u00f6gu) koma tr\u00f6ll fram sem \u00f3rei\u00f0ukraftur sem kemst \u00ed \u00e1t\u00f6k vi\u00f0 menn og gu\u00f0i, en bera sjaldan uppi megins\u00f6gu\u00fer\u00e1\u00f0inn. N\u00e6rvera \u00feeirra virkar sem birtingarmynd villimennsku e\u00f0a annars heims, meira sem merki \u00ed sagnaheiminum en full\u00fer\u00f3u\u00f0 pers\u00f3nuger\u00f0.<\/p><\/div>\t\t\t\t\t\t\t\t<\/div>\n\t\t\t\t\t<\/div>\n\t\t\t\t<\/div>\n\t\t<div class=\"elementor-element elementor-element-159dcf9a e-flex e-con-boxed e-con e-child\" data-id=\"159dcf9a\" data-element_type=\"container\" data-e-type=\"container\">\n\t\t\t\t\t<div class=\"e-con-inner\">\n\t\t\t\t<div class=\"elementor-element elementor-element-48cee66f elementor-widget elementor-widget-heading\" data-id=\"48cee66f\" data-element_type=\"widget\" data-e-type=\"widget\" data-widget_type=\"heading.default\">\n\t\t\t\t\t<h2 class=\"elementor-heading-title elementor-size-default\">\u00cd yfirliti: Tr\u00f6ll<\/h2>\t\t\t\t<\/div>\n\t\t\t\t<div class=\"elementor-element elementor-element-3f50d82c elementor-widget elementor-widget-text-editor\" data-id=\"3f50d82c\" data-element_type=\"widget\" data-e-type=\"widget\" data-widget_type=\"text-editor.default\">\n\t\t\t\t\t\t\t\t\t<p><strong>Tegund:<\/strong> Risavaxin fjalla-\/sk\u00f3garvera<br>Uppruni: Eddu-j\u00f6tnar og \u00feursar, sv\u00e6\u00f0isbundnir fjallaandar<br>Textar: Edda, \u00cdslendingas\u00f6gur, Asbj\u00f8rnsen &amp; Moe, Grimm, n\u00fat\u00edma fantas\u00eda<br>T\u00edmabil: V\u00edkinga\u00f6ld til n\u00fat\u00ed\u00f0ar<br>V\u00f6rn: S\u00f3lskin, kirkjuklukkur, st\u00e1l, salt<\/p>\t\t\t\t\t\t\t\t<\/div>\n\t\t\t\t\t<\/div>\n\t\t\t\t<\/div>\n\t\t\t\t\t<\/div>\n\t\t\t\t<\/div>\n\t\t\t\t\t<\/div>\n\t\t\t\t<\/div>\n\t\t<div class=\"elementor-element elementor-element-18613602 e-flex e-con-boxed e-con e-parent\" data-id=\"18613602\" data-element_type=\"container\" data-e-type=\"container\">\n\t\t\t\t\t<div class=\"e-con-inner\">\n\t\t\t\t<div class=\"elementor-element elementor-element-262b8a9f elementor-widget elementor-widget-heading\" data-id=\"262b8a9f\" data-element_type=\"widget\" data-e-type=\"widget\" data-widget_type=\"heading.default\">\n\t\t\t\t\t<h2 class=\"elementor-heading-title elementor-size-default\">Yfirlit<\/h2>\t\t\t\t<\/div>\n\t\t<div class=\"elementor-element elementor-element-46dcb7d e-con-full e-flex e-con e-child\" data-id=\"46dcb7d\" data-element_type=\"container\" data-e-type=\"container\">\n\t\t<div class=\"elementor-element elementor-element-61d3ab3 e-flex e-con-boxed e-con e-child\" data-id=\"61d3ab3\" data-element_type=\"container\" data-e-type=\"container\">\n\t\t\t\t\t<div class=\"e-con-inner\">\n\t\t\t\t<div class=\"elementor-element elementor-element-117c166 elementor-widget elementor-widget-heading\" data-id=\"117c166\" data-element_type=\"widget\" data-e-type=\"widget\" data-widget_type=\"heading.default\">\n\t\t\t\t\t<div class=\"elementor-heading-title elementor-size-default\">T\u00edmabil textanna<\/div>\t\t\t\t<\/div>\n\t\t\t\t<div class=\"elementor-element elementor-element-73997a0 elementor-widget elementor-widget-text-editor\" data-id=\"73997a0\" data-element_type=\"widget\" data-e-type=\"widget\" data-widget_type=\"text-editor.default\">\n\t\t\t\t\t\t\t\t\t<p>Go\u00f0s\u00f6gulega r\u00f3tfest \u00ed Eddu-j\u00f6tnum. B\u00f3kmenntalega bl\u00f3mstrandi \u00ed \u00cdslendingas\u00f6gum (Grettis saga, B\u00e1r\u00f0ar saga). \u00dej\u00f3\u00f0sagnapers\u00f3na \u00ed skandinav\u00edskri hef\u00f0 fr\u00e1 mi\u00f0\u00f6ldum, r\u00edkulega safna\u00f0 \u00e1 19. \u00f6ld (Asbj\u00f8rnsen &amp; Moe). N\u00fat\u00edma poppmenningarpers\u00f3na fr\u00e1 Tolkien.<\/p>\t\t\t\t\t\t\t\t<\/div>\n\t\t\t\t\t<\/div>\n\t\t\t\t<\/div>\n\t\t<div class=\"elementor-element elementor-element-d47b156 e-flex e-con-boxed e-con e-child\" data-id=\"d47b156\" data-element_type=\"container\" data-e-type=\"container\">\n\t\t\t\t\t<div class=\"e-con-inner\">\n\t\t\t\t<div class=\"elementor-element elementor-element-ff38c2b elementor-widget elementor-widget-heading\" data-id=\"ff38c2b\" data-element_type=\"widget\" data-e-type=\"widget\" data-widget_type=\"heading.default\">\n\t\t\t\t\t<div class=\"elementor-heading-title elementor-size-default\">\u00datbrei\u00f0slusv\u00e6\u00f0i<\/div>\t\t\t\t<\/div>\n\t\t\t\t<div class=\"elementor-element elementor-element-4e49fcc elementor-widget elementor-widget-text-editor\" data-id=\"4e49fcc\" data-element_type=\"widget\" data-e-type=\"widget\" data-widget_type=\"text-editor.default\">\n\t\t\t\t\t\t\t\t\t<p>Skandinav\u00eda, Noregur, Sv\u00ed\u00fej\u00f3\u00f0, \u00cdsland, sem kjarnasv\u00e6\u00f0i. Finnsk og s\u00f6m\u00edsk tilbrig\u00f0i. \u00de\u00fdskaland \u00feekkir \u201etr\u00f6ll&#8220; fyrst og fremst gegnum skandinav\u00edskar innfluttar \u00fe\u00fd\u00f0ingar; eigin fjalla- og sk\u00f3garrisar hafa \u00f6nnur n\u00f6fn.<\/p>\t\t\t\t\t\t\t\t<\/div>\n\t\t\t\t\t<\/div>\n\t\t\t\t<\/div>\n\t\t\t\t<\/div>\n\t\t<div class=\"elementor-element elementor-element-db03c39 e-con-full e-flex e-con e-child\" data-id=\"db03c39\" data-element_type=\"container\" data-e-type=\"container\">\n\t\t<div class=\"elementor-element elementor-element-229a87b e-flex e-con-boxed e-con e-child\" data-id=\"229a87b\" data-element_type=\"container\" data-e-type=\"container\">\n\t\t\t\t\t<div class=\"e-con-inner\">\n\t\t\t\t<div class=\"elementor-element elementor-element-1f471fc elementor-widget elementor-widget-heading\" data-id=\"1f471fc\" data-element_type=\"widget\" data-e-type=\"widget\" data-widget_type=\"heading.default\">\n\t\t\t\t\t<div class=\"elementor-heading-title elementor-size-default\">Heimildasta\u00f0a<\/div>\t\t\t\t<\/div>\n\t\t\t\t<div class=\"elementor-element elementor-element-36b1201 elementor-widget elementor-widget-text-editor\" data-id=\"36b1201\" data-element_type=\"widget\" data-e-type=\"widget\" data-widget_type=\"text-editor.default\">\n\t\t\t\t\t\t\t\t\t<p>Edda (V\u00f6lusp\u00e1, Gr\u00edmnism\u00e1l), \u00cdslendingas\u00f6gur, <em>Norske Folkeeventyr<\/em> Asbj\u00f8rnsens og Moes, skandinav\u00edsk og finnsk <span class=\"iwg-fachbegriff\" data-tooltip=\"Fr\u00e6\u00f0igrein sem rannsakar hversdagsmenningu, si\u00f0i og var\u00f0veittar hugmyndir.\" tabindex=\"0\">\u00fej\u00f3\u00f0fr\u00e6\u00f0i<\/span>, n\u00fat\u00edma fantas\u00edub\u00f3kmenntir.<\/p>\t\t\t\t\t\t\t\t<\/div>\n\t\t\t\t\t<\/div>\n\t\t\t\t<\/div>\n\t\t\t\t<\/div>\n\t\t\t\t\t<\/div>\n\t\t\t\t<\/div>\n\t\t<div class=\"elementor-element elementor-element-3ae0637c e-flex e-con-boxed e-con e-parent\" data-id=\"3ae0637c\" data-element_type=\"container\" data-e-type=\"container\">\n\t\t\t\t\t<div class=\"e-con-inner\">\n\t\t\t\t<div class=\"elementor-element elementor-element-31d07739 elementor-widget elementor-widget-heading\" data-id=\"31d07739\" data-element_type=\"widget\" data-e-type=\"widget\" data-widget_type=\"heading.default\">\n\t\t\t\t\t<h2 class=\"elementor-heading-title elementor-size-default\">Nafn<\/h2>\t\t\t\t<\/div>\n\t\t<div class=\"elementor-element elementor-element-b7642947 e-con-full e-flex e-con e-child\" data-id=\"b7642947\" data-element_type=\"container\" data-e-type=\"container\">\n\t\t\t\t<div class=\"elementor-element elementor-element-a086266 elementor-widget elementor-widget-text-editor\" data-id=\"a086266\" data-element_type=\"widget\" data-e-type=\"widget\" data-widget_type=\"text-editor.default\">\n\t\t\t\t\t\t\t\t\t<p><strong>Fornnorr\u00e6na:<\/strong> <em>troll<\/em>, v\u00ed\u00f0t\u00e6kt heiti fyrir \u201et\u00f6fra, \u00f3freskju, magna\u00f0a veru&#8220;.<br>Eddu-hugt\u00f6k: <em>j\u00f6tunn<\/em> (fleirtala j\u00f6tnar), \u201erisi&#8220;; <em>\u00feurs<\/em>, \u201e\u00f3v\u00e6ttur&#8220;.<br>N\u00fat\u00edmaheiti: bergtr\u00f6ll, sk\u00f3gartr\u00f6ll, tr\u00f6llkona (tr\u00f6ll-kona), tr\u00f6llkunig (\u00edslenskt).<br>Tolkien: tr\u00f6ll sem undirtegund \u00ed orkaheiminum, sem grj\u00f3tnema \u00ed dagslj\u00f3si.<\/p><p>Merkingar\u00ferengingin fr\u00e1 almennri t\u00f6fraveru \u00ed \u00e1\u00fereifanlegan bergrisa gerist \u00e1 s\u00ed\u00f0mi\u00f0\u00f6ldum og \u00e1 fyrri hluta n\u00fdaldar. \u00cd sumum \u00edslenskum textum er hugtaki\u00f0 enn v\u00ed\u00f0t\u00e6kt, \u00fear getur <em>tr\u00f6ll<\/em> einnig \u00e1tt vi\u00f0 nornu.<\/p>\t\t\t\t\t\t\t\t<\/div>\n\t\t\t\t<\/div>\n\t\t\t\t\t<\/div>\n\t\t\t\t<\/div>\n\t\t<div class=\"elementor-element elementor-element-709a44a8 e-flex e-con-boxed e-con e-parent\" data-id=\"709a44a8\" data-element_type=\"container\" data-e-type=\"container\">\n\t\t\t\t\t<div class=\"e-con-inner\">\n\t\t\t\t<div class=\"elementor-element elementor-element-2f585873 elementor-widget elementor-widget-heading\" data-id=\"2f585873\" data-element_type=\"widget\" data-e-type=\"widget\" data-widget_type=\"heading.default\">\n\t\t\t\t\t<h2 class=\"elementor-heading-title elementor-size-default\">Einkenni<\/h2>\t\t\t\t<\/div>\n\t\t<div class=\"elementor-element elementor-element-70621c12 e-con-full e-flex e-con e-child\" data-id=\"70621c12\" data-element_type=\"container\" data-e-type=\"container\">\n\t\t\t\t<div class=\"elementor-element elementor-element-4296eb49 elementor-widget elementor-widget-text-editor\" data-id=\"4296eb49\" data-element_type=\"widget\" data-e-type=\"widget\" data-widget_type=\"text-editor.default\">\n\t\t\t\t\t\t\t\t\t<p><strong>\u00datlit<\/strong><\/p><p>Risavaxinn, oft margir metrar \u00e1 h\u00e6\u00f0. \u00d3fr\u00fdnilegur, me\u00f0 \u00feykkt nef, v\u00f6rtur, fl\u00f3ki\u00f0 h\u00e1r. \u00cd sumum hef\u00f0um me\u00f0 m\u00f6rgum h\u00f6f\u00f0um. H\u00fa\u00f0in oft gr\u00e1 e\u00f0a mosavaxin, minnir \u00e1 klettabj\u00f6rg. \u00cd norskum \u00fej\u00f3\u00f0s\u00f6gum oft me\u00f0 skott.<\/p><p><strong>H\u00e1tterni<\/strong><\/p><p>B\u00fdr \u00ed hellum og fj\u00f6llum. H\u00e6ttulegur fer\u00f0am\u00f6nnum, r\u00e6nir br\u00fa\u00f0um, r\u00e6nir b\u00f6rnum, g\u00e6tir fj\u00e1rsj\u00f3\u00f0a. Heimskari en menn; \u00ed \u00fej\u00f3\u00f0s\u00f6gum er honum oft att me\u00f0 k\u00e6nsku. Sumir tr\u00f6llar fara \u00ed leyni til bygg\u00f0a eftir a\u00f0 dimmt er or\u00f0i\u00f0, og ver\u00f0a \u00feeir s\u00f3lin kemur upp a\u00f0 steini.<\/p><p><strong>Verkunarsvi\u00f0<\/strong><\/p><p>Fjallasv\u00e6\u00f0i, v\u00ed\u00f0ir sk\u00f3gar, einmana hellar og klettagj\u00e1r. Nokkrar \u00feekktar bergmyndanir \u00ed Noregi eru enn \u00ed dag t\u00falka\u00f0ar sem steinger\u00f0 tr\u00f6ll (Trolltunga, Trollveggen).<\/p><p><strong>Go\u00f0fr\u00e6\u00f0ileg sta\u00f0setning<\/strong><\/p><p>\u00cd Eddu-<span class=\"iwg-fachbegriff\" data-tooltip=\"Heild \u00feeirra go\u00f0sagna sem var\u00f0veist hafa innan tiltekinnar menningar.\" tabindex=\"0\">go\u00f0afr\u00e6\u00f0i<\/span> teljast j\u00f6tnar til frumveldanna \u00e1 undan gu\u00f0unum. \u00de\u00f3r er \u00feeirra h\u00f6fu\u00f0andst\u00e6\u00f0ingur. \u00cd \u00fej\u00f3\u00f0tr\u00fanni dofnar \u00feessi kosm\u00edska v\u00eddd; tr\u00f6lli\u00f0 ver\u00f0ur a\u00f0 hversdagsveru fjalla og sk\u00f3ga.<\/p><div><p><strong>S\u00f6fnun Asbj\u00f8rnsens og Moes og norr\u00e6nn m\u00f3dernismi<\/strong><\/p><p><span data-nosnippet>Norsku \u00fej\u00f3\u00f0fr\u00e6\u00f0ingarnir Peter Christen Asbj\u00f8rnsen og J\u00f8rgen Moe g\u00e1fu fr\u00e1 1841 \u00fat <em>Norske Folkeeventyr<\/em> (Norsk \u00fej\u00f3\u00f0s\u00f6gur). Safn \u00feeirra innih\u00e9lt fj\u00f6lmargar tr\u00f6llas\u00f6gur: tr\u00f6ll sem g\u00e6ta br\u00faa, t\u00e6la menn e\u00f0a deila vi\u00f0 gu\u00f0ina.<\/span><\/p><p>Asbj\u00f8rnsen og Moe f\u00ednp\u00fassu\u00f0u l\u00fdsingar \u00e1 tr\u00f6llum og ger\u00f0u \u00fe\u00e6r a\u00f0gengilegri \u00ed fr\u00e1s\u00f6gn. \u00deeir skr\u00e1\u00f0u einnig sv\u00e6\u00f0isbundinn mun (fjar\u00f0atr\u00f6ll, fjallatr\u00f6ll, sj\u00e1vartr\u00f6ll), sem styrkti s\u00e9rh\u00e6fingu tr\u00f6llahef\u00f0arins.<\/p><p>\u00deetta safn, endurprenta\u00f0 margsinnis og \u00fe\u00fdtt \u00e1 fj\u00f6lm\u00f6rg tungum\u00e1l, var\u00f0 a\u00f0 klass\u00edsku verki fyrir evr\u00f3pska r\u00f3mant\u00edkina og setti sta\u00f0alinn fyrir hvernig norr\u00e6n tr\u00f6ll eru skilin \u00ed n\u00fat\u00edma b\u00f3kmenntum og \u00fej\u00f3\u00f0fr\u00e6\u00f0i.<\/p><\/div>\t\t\t\t\t\t\t\t<\/div>\n\t\t\t\t<\/div>\n\t\t\t\t\t<\/div>\n\t\t\t\t<\/div>\n\t\t<div class=\"elementor-element elementor-element-44e71476 e-flex e-con-boxed e-con e-parent\" data-id=\"44e71476\" data-element_type=\"container\" data-e-type=\"container\">\n\t\t\t\t\t<div class=\"e-con-inner\">\n\t\t\t\t<div class=\"elementor-element elementor-element-3c1fc3f0 elementor-widget elementor-widget-heading\" data-id=\"3c1fc3f0\" data-element_type=\"widget\" data-e-type=\"widget\" data-widget_type=\"heading.default\">\n\t\t\t\t\t<h2 class=\"elementor-heading-title elementor-size-default\">Uppl\u00fdsingabla\u00f0: Tr\u00f6ll<\/h2>\t\t\t\t<\/div>\n\t\t<div class=\"elementor-element elementor-element-84f33b8e e-con-full e-flex e-con e-child\" data-id=\"84f33b8e\" data-element_type=\"container\" data-e-type=\"container\">\n\t\t\t\t<div class=\"elementor-element elementor-element-hqkdc67p elementor-widget elementor-widget-text-editor\" data-id=\"hqkdc67p\" data-element_type=\"widget\" data-e-type=\"widget\" data-widget_type=\"text-editor.default\">\n\t\t\t\t\t\t\t\t\t<p>Helstu einkenni tr\u00f6llsins \u00ed hnotskurn.<\/p>\t\t\t\t\t\t\t\t<\/div>\n\t\t\t\t<\/div>\n\t\t<div class=\"elementor-element elementor-element-pemmx7c5 e-con-full e-flex e-con e-child\" data-id=\"pemmx7c5\" data-element_type=\"container\" data-e-type=\"container\">\n\t\t<div class=\"elementor-element elementor-element-pemmx7c1 e-con-full e-flex e-con e-child\" data-id=\"pemmx7c1\" data-element_type=\"container\" data-e-type=\"container\">\n\t\t<div class=\"elementor-element elementor-element-qh9oavvu iwg-steckbrief-card e-flex e-con-boxed e-con e-child\" data-id=\"qh9oavvu\" data-element_type=\"container\" data-e-type=\"container\">\n\t\t\t\t\t<div class=\"e-con-inner\">\n\t\t\t\t<div class=\"elementor-element elementor-element-awzx8k2k elementor-widget elementor-widget-heading\" data-id=\"awzx8k2k\" data-element_type=\"widget\" data-e-type=\"widget\" data-widget_type=\"heading.default\">\n\t\t\t\t\t<div class=\"elementor-heading-title elementor-size-default\">Menningarsamhengi<\/div>\t\t\t\t<\/div>\n\t\t\t\t<div class=\"elementor-element elementor-element-x6rowhv0 elementor-widget elementor-widget-text-editor\" data-id=\"x6rowhv0\" data-element_type=\"widget\" data-e-type=\"widget\" data-widget_type=\"text-editor.default\">\n\t\t\t\t\t\t\t\t\t<p>J\u00f6tnar og \u00feursar Eddunnar sem go\u00f0fr\u00e6\u00f0ilegur uppruni. \u00cd \u00fej\u00f3\u00f0tr\u00fa blanda\u00f0ir sv\u00e6\u00f0isbundnum fjalla- og sk\u00f3garv\u00e6ttum.<\/p>\t\t\t\t\t\t\t\t<\/div>\n\t\t\t\t\t<\/div>\n\t\t\t\t<\/div>\n\t\t<div class=\"elementor-element elementor-element-8e3o4kxs iwg-steckbrief-card e-flex e-con-boxed e-con e-child\" data-id=\"8e3o4kxs\" data-element_type=\"container\" data-e-type=\"container\">\n\t\t\t\t\t<div class=\"e-con-inner\">\n\t\t\t\t<div class=\"elementor-element elementor-element-08rkdgov elementor-widget elementor-widget-heading\" data-id=\"08rkdgov\" data-element_type=\"widget\" data-e-type=\"widget\" data-widget_type=\"heading.default\">\n\t\t\t\t\t<div class=\"elementor-heading-title elementor-size-default\">Verkunarsvi\u00f0<\/div>\t\t\t\t<\/div>\n\t\t\t\t<div class=\"elementor-element elementor-element-uwjelx8s elementor-widget elementor-widget-text-editor\" data-id=\"uwjelx8s\" data-element_type=\"widget\" data-e-type=\"widget\" data-widget_type=\"text-editor.default\">\n\t\t\t\t\t\t\t\t\t<p>Fer\u00f0amenn, hjar\u00f0menn, b\u00f6rn. Br\u00fa\u00f0ir \u00ed \u00fej\u00f3\u00f0s\u00f6gum. Hetjur sem leita fj\u00e1rsj\u00f3\u00f0sins.<\/p>\t\t\t\t\t\t\t\t<\/div>\n\t\t\t\t\t<\/div>\n\t\t\t\t<\/div>\n\t\t<div class=\"elementor-element elementor-element-jm2n74ec iwg-steckbrief-card e-flex e-con-boxed e-con e-child\" data-id=\"jm2n74ec\" data-element_type=\"container\" data-e-type=\"container\">\n\t\t\t\t\t<div class=\"e-con-inner\">\n\t\t\t\t<div class=\"elementor-element elementor-element-8vufse4c elementor-widget elementor-widget-heading\" data-id=\"8vufse4c\" data-element_type=\"widget\" data-e-type=\"widget\" data-widget_type=\"heading.default\">\n\t\t\t\t\t<div class=\"elementor-heading-title elementor-size-default\">\u00datlit tr\u00f6llsins<\/div>\t\t\t\t<\/div>\n\t\t\t\t<div class=\"elementor-element elementor-element-mwb9u015 elementor-widget elementor-widget-text-editor\" data-id=\"mwb9u015\" data-element_type=\"widget\" data-e-type=\"widget\" data-widget_type=\"text-editor.default\">\n\t\t\t\t\t\t\t\t\t<p>Risavaxi\u00f0, \u00f3fr\u00fdnilegt, \u00feykkt nef, fl\u00f3ki\u00f0 h\u00e1r, sums sta\u00f0ar me\u00f0 m\u00f6rgum h\u00f6f\u00f0um. H\u00fa\u00f0litur gr\u00e1r e\u00f0a mosavaxinn. \u00d6\u00f0ru hvoru me\u00f0 skott.<\/p>\t\t\t\t\t\t\t\t<\/div>\n\t\t\t\t\t<\/div>\n\t\t\t\t<\/div>\n\t\t\t\t<\/div>\n\t\t<div class=\"elementor-element elementor-element-pemmx7c2 e-con-full e-flex e-con e-child\" data-id=\"pemmx7c2\" data-element_type=\"container\" data-e-type=\"container\">\n\t\t<div class=\"elementor-element elementor-element-37ss2yr6 iwg-steckbrief-card e-flex e-con-boxed e-con e-child\" data-id=\"37ss2yr6\" data-element_type=\"container\" data-e-type=\"container\">\n\t\t\t\t\t<div class=\"e-con-inner\">\n\t\t\t\t<div class=\"elementor-element elementor-element-3v0wp3wx elementor-widget elementor-widget-heading\" data-id=\"3v0wp3wx\" data-element_type=\"widget\" data-e-type=\"widget\" data-widget_type=\"heading.default\">\n\t\t\t\t\t<div class=\"elementor-heading-title elementor-size-default\">Hlutverk<\/div>\t\t\t\t<\/div>\n\t\t\t\t<div class=\"elementor-element elementor-element-w3247g2m elementor-widget elementor-widget-text-editor\" data-id=\"w3247g2m\" data-element_type=\"widget\" data-e-type=\"widget\" data-widget_type=\"text-editor.default\">\n\t\t\t\t\t\t\t\t\t<p>R\u00e6nir, r\u00e6\u00f0ur b\u00f6rnum, g\u00e6tir fj\u00e1rsj\u00f3\u00f0a, m\u00f6lbr\u00fdtur. \u00cd \u00fej\u00f3\u00f0s\u00f6gum unni\u00f0 me\u00f0 k\u00e6nsku. Missir l\u00edfi\u00f0 vi\u00f0 s\u00f3laruppr\u00e1s og ver\u00f0ur a\u00f0 steini.<\/p>\t\t\t\t\t\t\t\t<\/div>\n\t\t\t\t\t<\/div>\n\t\t\t\t<\/div>\n\t\t<div class=\"elementor-element elementor-element-0qpjal9w iwg-steckbrief-card e-flex e-con-boxed e-con e-child\" data-id=\"0qpjal9w\" data-element_type=\"container\" data-e-type=\"container\">\n\t\t\t\t\t<div class=\"e-con-inner\">\n\t\t\t\t<div class=\"elementor-element elementor-element-6ndoih0o elementor-widget elementor-widget-heading\" data-id=\"6ndoih0o\" data-element_type=\"widget\" data-e-type=\"widget\" data-widget_type=\"heading.default\">\n\t\t\t\t\t<div class=\"elementor-heading-title elementor-size-default\">V\u00f6rn gegn tr\u00f6llum<\/div>\t\t\t\t<\/div>\n\t\t\t\t<div class=\"elementor-element elementor-element-6684tyh9 elementor-widget elementor-widget-text-editor\" data-id=\"6684tyh9\" data-element_type=\"widget\" data-e-type=\"widget\" data-widget_type=\"text-editor.default\">\n\t\t\t\t\t\t\t\t\t<p>Dagslj\u00f3s (helsta v\u00f6rnin), kirkjuklukkur, st\u00e1l. K\u00e6nska og \u00feolinm\u00e6\u00f0i; \u00fej\u00f3\u00f0s\u00f6gur s\u00fdna hetjur sem tefja tr\u00f6lli\u00f0 fram \u00e1 morgun.<\/p>\t\t\t\t\t\t\t\t<\/div>\n\t\t\t\t\t<\/div>\n\t\t\t\t<\/div>\n\t\t<div class=\"elementor-element elementor-element-3lfi7x32 iwg-steckbrief-card e-flex e-con-boxed e-con e-child\" data-id=\"3lfi7x32\" data-element_type=\"container\" data-e-type=\"container\">\n\t\t\t\t\t<div class=\"e-con-inner\">\n\t\t\t\t<div class=\"elementor-element elementor-element-0kg99ga1 elementor-widget elementor-widget-heading\" data-id=\"0kg99ga1\" data-element_type=\"widget\" data-e-type=\"widget\" data-widget_type=\"heading.default\">\n\t\t\t\t\t<div class=\"elementor-heading-title elementor-size-default\">Tengdar verur<\/div>\t\t\t\t<\/div>\n\t\t\t\t<div class=\"elementor-element elementor-element-n0fum6kp elementor-widget elementor-widget-text-editor\" data-id=\"n0fum6kp\" data-element_type=\"widget\" data-e-type=\"widget\" data-widget_type=\"text-editor.default\">\n\t\t\t\t\t\t\t\t\t<p>Risar gr\u00edskrar <span class=\"iwg-fachbegriff\" data-tooltip=\"Heild \u00feeirra go\u00f0sagna sem var\u00f0veist hafa innan tiltekinnar menningar.\" tabindex=\"0\">go\u00f0afr\u00e6\u00f0i<\/span>, \u00f3grar (franskar s\u00f6gur), K\u00fdkl\u00f3pinn, germanskir bergrisar, \u00f3grar \u00ed n\u00fat\u00edma fantas\u00edu.<\/p>\t\t\t\t\t\t\t\t<\/div>\n\t\t\t\t\t<\/div>\n\t\t\t\t<\/div>\n\t\t\t\t<\/div>\n\t\t\t\t<\/div>\n\t\t\t\t\t<\/div>\n\t\t\t\t<\/div>\n\t\t<div class=\"elementor-element elementor-element-7533bc7a e-flex e-con-boxed e-con e-parent\" data-id=\"7533bc7a\" data-element_type=\"container\" data-e-type=\"container\">\n\t\t\t\t\t<div class=\"e-con-inner\">\n\t\t\t\t<div class=\"elementor-element elementor-element-2447d18d elementor-widget elementor-widget-heading\" data-id=\"2447d18d\" data-element_type=\"widget\" data-e-type=\"widget\" data-widget_type=\"heading.default\">\n\t\t\t\t\t<h2 class=\"elementor-heading-title elementor-size-default\">Fundur og v\u00f6rn<\/h2>\t\t\t\t<\/div>\n\t\t<div class=\"elementor-element elementor-element-d5d0260c e-con-full e-flex e-con e-child\" data-id=\"d5d0260c\" data-element_type=\"container\" data-e-type=\"container\">\n\t\t\t\t<div class=\"elementor-element elementor-element-341be2ac elementor-widget elementor-widget-text-editor\" data-id=\"341be2ac\" data-element_type=\"widget\" data-e-type=\"widget\" data-widget_type=\"text-editor.default\">\n\t\t\t\t\t\t\t\t\t<p><strong>Dagslj\u00f3sreglan<\/strong><\/p><p>Mikilv\u00e6gasta v\u00f6rnin er einf\u00f6ld: halda tr\u00f6llinu uppteknu fram a\u00f0 s\u00f3laruppr\u00e1s. \u00cd fj\u00f6lm\u00f6rgum norskum \u00fej\u00f3\u00f0s\u00f6gum notar hetjan t\u00edma, \u00ferautir, k\u00e6nsku e\u00f0a l\u00f6ng samt\u00f6l til a\u00f0 tefja tr\u00f6lli\u00f0 fram a\u00f0 fyrstu s\u00f3largeislunum, \u00fe\u00e1 ver\u00f0ur \u00fea\u00f0 a\u00f0 steini.<\/p><p><strong>Klukkur, st\u00e1l, salt<\/strong><\/p><p>Kirkjuklukkur hrekja tr\u00f6ll \u00e1 brott, \u00feess vegna var venja a\u00f0 hringja klukkum vi\u00f0 byggingu n\u00fdrra sveitakirkna. St\u00e1l (hn\u00edfur, \u00f6xi, hesthj\u00e1rn) er brennandi heitt fyrir tr\u00f6ll. Salti er kasta\u00f0 \u00e1 eldinn \u00feegar grunur er um a\u00f0 tr\u00f6ll s\u00e9u n\u00e1l\u00e6gt.<\/p><p><strong>Samningar<\/strong><\/p><p>Ekki eru \u00f6ll tr\u00f6ll bara fjendur. \u00cd sumum s\u00f6gum m\u00e1 semja vi\u00f0 \u00feau, eiga vi\u00f0skipti, gerast \u00feeim til \u00fej\u00f3nustu, \u00feiggja l\u00e6rd\u00f3m. \u00c1h\u00e6ttan er mikil, en ver\u00f0launin (fj\u00e1rsj\u00f3\u00f0ir, leyndarm\u00e1l) s\u00f6mulei\u00f0is.<\/p>\t\t\t\t\t\t\t\t<\/div>\n\t\t\t\t<\/div>\n\t\t\t\t\t<\/div>\n\t\t\t\t<\/div>\n\t\t<div class=\"elementor-element elementor-element-5a584676 e-flex e-con-boxed e-con e-parent\" data-id=\"5a584676\" data-element_type=\"container\" data-e-type=\"container\">\n\t\t\t\t\t<div class=\"e-con-inner\">\n\t\t\t\t<div class=\"elementor-element elementor-element-6d0757bf elementor-widget elementor-widget-heading\" data-id=\"6d0757bf\" data-element_type=\"widget\" data-e-type=\"widget\" data-widget_type=\"heading.default\">\n\t\t\t\t\t<h2 class=\"elementor-heading-title elementor-size-default\">Hli\u00f0st\u00e6\u00f0ur og m\u00f3ttaka<\/h2>\t\t\t\t<\/div>\n\t\t<div class=\"elementor-element elementor-element-60563f68 e-con-full e-flex e-con e-child\" data-id=\"60563f68\" data-element_type=\"container\" data-e-type=\"container\">\n\t\t\t\t<div class=\"elementor-element elementor-element-5a93fdd6 elementor-widget elementor-widget-text-editor\" data-id=\"5a93fdd6\" data-element_type=\"widget\" data-e-type=\"widget\" data-widget_type=\"text-editor.default\">\n\t\t\t\t\t\t\t\t\t<p><strong>Germ\u00f6nsk og \u00f6nnur hli\u00f0st\u00e6\u00f0 fyrirb\u00e6ri:<\/strong> Risar, \u00f3grar, k\u00fdkl\u00f3par, alls sta\u00f0ar m\u00e1 finna <span class=\"iwg-fachbegriff\" data-tooltip=\"Endurteki\u00f0 efnislegt st\u00edlbrag\u00f0 \u00ed list e\u00f0a fr\u00e1s\u00f6gn.\" tabindex=\"0\">minni<\/span> hinnar risast\u00f3ru, heimskulega h\u00e6ttulegu veru sem skorar \u00e1 hetjur. J\u00f6tnar Eddunnar eru go\u00f0fr\u00e6\u00f0ilegir, tr\u00f6ll \u00fej\u00f3\u00f0sagna hversdagslegri.<\/p><p><strong>Tolkien og fantas\u00edan<\/strong><\/p><p><span data-nosnippet>Tolkien (1937, <em>The Hobbit<\/em>) f\u00e6rir norsku dagslj\u00f3sregluna inn \u00ed n\u00fat\u00edma fantas\u00edu. \u00dear af lei\u00f0andi ver\u00f0ur tr\u00f6lli\u00f0 a\u00f0 sta\u00f0alandst\u00e6\u00f0ingi \u00ed hlutverkaleikjum, fantas\u00edusk\u00e1lds\u00f6gum og t\u00f6lvuleikjum.<\/span><\/p><p><strong>Skandinav\u00edskur m\u00f3dernismi<\/strong><\/p><p><span data-nosnippet>\u00cd Noregi er tr\u00f6lli\u00f0 enn menningarlega \u00e1berandi pers\u00f3na, \u00ed fer\u00f0a\u00fej\u00f3nustu (tr\u00f6llaminjagripir, Trollveggen), kvikmyndum (<em>Troll Hunter<\/em>, 2010; <em>Troll<\/em>, 2022), b\u00f3kmenntum. Tilfinningin \u201e\u00f3gnvekjandi og heillandi \u00ed senn\u201c setur mark sitt \u00e1 skandinav\u00edska sj\u00e1lfsmyndarsk\u00f6pun.<\/span><\/p><div><p><strong>F\u00e9lagslegt og heimsfr\u00e6\u00f0ilegt hlutverk \u00ed norr\u00e6nni heimsmynd<\/strong><\/p><p>\u00cd hugmyndaheimi norr\u00e6nna menningarsamf\u00e9laga voru tr\u00f6ll ekki einungis skr\u00edmsli, heldur \u00f3a\u00f0skiljanlegur hluti heimsskipulagsins. \u00deau bjuggu utan mannlegrar bygg\u00f0ar og st\u00f3\u00f0u fyrir kraft sem ekki m\u00e1tti tileinka s\u00e9r, heldur vir\u00f0a e\u00f0a \u00f3ttast.<\/p><p>Landam\u00e6rin milli mannheims (Mi\u00f0gar\u00f0s) og dj\u00f6fullegs sv\u00e6\u00f0is (J\u00f6tunheims) voru oft m\u00f6rku\u00f0 af tr\u00f6llum. \u00deessi hlutverkaskipun greindi tr\u00f6ll fr\u00e1 einf\u00f6ldum illum dj\u00f6flum sem g\u00e1tu veri\u00f0 til \u00e1n heimsfr\u00e6\u00f0ilegrar sta\u00f0setningar.<\/p><p>Tr\u00f6llahef\u00f0in lif\u00f0i \u00e1fram \u00ed Skandinav\u00edu me\u00f0an h\u00fan dofna\u00f0i v\u00ed\u00f0a annars sta\u00f0ar \u00ed Evr\u00f3pu. \u00deetta \u00fatsk\u00fdrir a\u00f0 hluta hvers vegna n\u00fat\u00edma fantas\u00eda og norr\u00e6n menningarendurvakning gera svo miki\u00f0 \u00far tr\u00f6llinu; \u00fea\u00f0 er ekki uppfinning 19. aldar, heldur s\u00f6guleg framhalds\u00fer\u00f3un hef\u00f0ar sem hefur haldist samfelld um margar aldir.<\/p><\/div>\t\t\t\t\t\t\t\t<\/div>\n\t\t\t\t<\/div>\n\t\t\t\t\t<\/div>\n\t\t\t\t<\/div>\n\t\t<div class=\"elementor-element elementor-element-cp8484c62 e-flex e-con-boxed e-con e-parent\" data-id=\"cp8484c62\" data-element_type=\"container\" data-e-type=\"container\">\n\t\t\t\t\t<div class=\"e-con-inner\">\n\t\t\t\t<div class=\"elementor-element elementor-element-cp925f628 elementor-widget elementor-widget-heading\" data-id=\"cp925f628\" data-element_type=\"widget\" data-e-type=\"widget\" data-widget_type=\"heading.default\">\n\t\t\t\t\t<h2 class=\"elementor-heading-title elementor-size-default\">Tr\u00f6lli\u00f0 \u00ed fornnorr\u00e6nni arfleif\u00f0<\/h2>\t\t\t\t<\/div>\n\t\t<div class=\"elementor-element elementor-element-cp0b5733e e-con-full e-flex e-con e-child\" data-id=\"cp0b5733e\" data-element_type=\"container\" data-e-type=\"container\">\n\t\t\t\t<div class=\"elementor-element elementor-element-cpf977c07 elementor-widget elementor-widget-text-editor\" data-id=\"cpf977c07\" data-element_type=\"widget\" data-e-type=\"widget\" data-widget_type=\"text-editor.default\">\n\t\t\t\t\t\t\t\t\t<p>Fornnorr\u00e6na or\u00f0i\u00f0 <em>troll<\/em> er vel \u00feekkt \u00ed mi\u00f0aldab\u00f3kmenntum \u00cdslands og Skandinav\u00edu, en merking \u00feess er \u00fear v\u00ed\u00f0t\u00e6kari og \u00f3lj\u00f3sari en \u00ed n\u00fat\u00edmam\u00e1li.<\/p><p>\u00cd s\u00f6gunum og \u00ed eddukv\u00e6\u00f0um v\u00edsar <em>troll<\/em> ekki til sk\u00fdrt afmarka\u00f0rar tegundar veru, heldur til brei\u00f0s svi\u00f0s h\u00e6ttulegra, yfirn\u00e1tt\u00farlegra vera. Or\u00f0i\u00f0 getur \u00e1tt vi\u00f0 j\u00f6tun, \u00f3v\u00e6tt, uppvakning e\u00f0a illkynja t\u00f6fraveru almennt. Hi\u00f0 tengda or\u00f0 <em>trolld\u00f3mr<\/em> \u00fe\u00fd\u00f0ir einfaldlega galdur e\u00f0a sei\u00f0ur.<\/p><p>\u00cd <em>\u00cdslendingas\u00f6gum<\/em> koma tr\u00f6lll\u00edkar verur oftast fram sem \u00f3gn \u00e1 ja\u00f0ri hins bygg\u00f0a heims, \u00ed fj\u00f6llum, \u00e1 \u00f3grei\u00f0f\u00e6rum d\u00f6lum, vi\u00f0 str\u00f6ndina.<\/p><p>S\u00e9rstakan h\u00f3p myndar <em>tr\u00f6llkonur<\/em>, sem koma fyrir \u00ed m\u00f6rgum s\u00f6gum og \u00ed sk\u00e1ldav\u00edsum. <em>Grettis saga<\/em> hefur a\u00f0 geyma fr\u00e6gan \u00fe\u00e1tt \u00fear sem hinn \u00fatl\u00e6gi Grettir berst vi\u00f0 sl\u00edka tr\u00f6llkonu og annan \u00f3v\u00e6tt.<\/p><p>Ranns\u00f3knir \u00e1 fornnorr\u00e6num b\u00f3kmenntum leggja \u00e1herslu \u00e1 a\u00f0 mi\u00f0aldatextarnir bj\u00f3\u00f0i enga kerfisbundna <span class=\"iwg-fachbegriff\" data-tooltip=\"Heildarsafn hef\u00f0bundinna gu\u00f0asagna \u00ed tiltekinni menningu.\" tabindex=\"0\">go\u00f0afr\u00e6\u00f0i<\/span> um tr\u00f6ll. <em>Troll<\/em> er fremur samheiti fyrir hi\u00f0 a\u00f0ra, hi\u00f0 \u00f3hugnanlega, \u00fea\u00f0 sem stendur utan hinnar mannlegu og hinnar gu\u00f0legu skipanar.<\/p><p>Hin heilst\u00e6\u00f0a, sk\u00fdra tr\u00f6llamynd s\u00ed\u00f0ari \u00fej\u00f3\u00f0sagna, og fyllilega n\u00fat\u00edma barnab\u00f3kmennta, er s\u00ed\u00f0ari t\u00edma \u00fer\u00f3un. S\u00e1 sem vill skilja tr\u00f6lli\u00f0 \u00ed tr\u00faars\u00f6gulegu lj\u00f3si ver\u00f0ur a\u00f0 \u00feola \u00feessa \u00f3sk\u00fdrleika elstu heimildanna og m\u00e1 ekki lesa n\u00fat\u00edmamyndina aftur inn \u00ed s\u00f6gurnar.<\/p>\t\t\t\t\t\t\t\t<\/div>\n\t\t\t\t<\/div>\n\t\t\t\t\t<\/div>\n\t\t\t\t<\/div>\n\t\t<div class=\"elementor-element elementor-element-cp8ba61c4 e-flex e-con-boxed e-con e-parent\" data-id=\"cp8ba61c4\" data-element_type=\"container\" data-e-type=\"container\">\n\t\t\t\t\t<div class=\"e-con-inner\">\n\t\t\t\t<div class=\"elementor-element elementor-element-cpec6ae86 elementor-widget elementor-widget-heading\" data-id=\"cpec6ae86\" data-element_type=\"widget\" data-e-type=\"widget\" data-widget_type=\"heading.default\">\n\t\t\t\t\t<h2 class=\"elementor-heading-title elementor-size-default\">Tr\u00f6ll \u00ed skandinav\u00edskum \u00fej\u00f3\u00f0s\u00f6gum<\/h2>\t\t\t\t<\/div>\n\t\t<div class=\"elementor-element elementor-element-cp48dcc90 e-con-full e-flex e-con e-child\" data-id=\"cp48dcc90\" data-element_type=\"container\" data-e-type=\"container\">\n\t\t\t\t<div class=\"elementor-element elementor-element-cp07b663b elementor-widget elementor-widget-text-editor\" data-id=\"cp07b663b\" data-element_type=\"widget\" data-e-type=\"widget\" data-widget_type=\"text-editor.default\">\n\t\t\t\t\t\t\t\t\t<p>S\u00fa myndr\u00e6na tr\u00f6lluppspretta sem vi\u00f0 \u00feekkjum \u00ed dag m\u00f3ta\u00f0ist einkum \u00ed \u00fej\u00f3\u00f0s\u00f6gum eftirmi\u00f0alda og var skr\u00e1\u00f0 af safnendum \u00e1 19. \u00f6ld. \u00cd Noregi unnu Peter Christen Asbj\u00f8rnsen og J\u00f8rgen Moe mikilv\u00e6gt safnstarf me\u00f0 ritverkinu <em>Norske Folkeeventyr<\/em>, en \u00ed Sv\u00ed\u00fej\u00f3\u00f0 t\u00f3ku \u00fdmsir \u00fej\u00f3\u00f0fr\u00e6\u00f0ingar saman samb\u00e6rilegt efni. \u00cd \u00feessari yngri <span class=\"iwg-fachbegriff\" data-tooltip=\"Mi\u00f0lun \u00feekkingar og fr\u00e1sagna kynsl\u00f3\u00f0 fram af kynsl\u00f3\u00f0.\" tabindex=\"0\">munnm\u00e6lahef\u00f0<\/span> f\u00e6r tr\u00f6lli\u00f0 sk\u00fdrari dr\u00e6tti.<\/p><p>\u00dea\u00f0 er n\u00fa oftast l\u00fdst sem veru sem b\u00fdr \u00ed fj\u00f6llum, klettum e\u00f0a h\u00e6\u00f0um, klunnaleg, sterkbygg\u00f0, oft heimsk og au\u00f0veld fyrir menn a\u00f0 leika \u00e1. Endurtekin stef eru and\u00fa\u00f0 \u00feess \u00e1 h\u00e1va\u00f0a, einkum kirkjuklukkum, b\u00faseta undir br\u00fam, r\u00edkid\u00e6mi \u00feess af b\u00faf\u00e9 og fj\u00e1rsj\u00f3\u00f0um, og \u00ed sumum hef\u00f0um s\u00fa hugmynd a\u00f0 s\u00f3larlj\u00f3s geri \u00fea\u00f0 a\u00f0 steini.<\/p><p>\u00deetta s\u00ed\u00f0astnefnda <span class=\"iwg-fachbegriff\" data-tooltip=\"Endurteki\u00f0 efnisatri\u00f0i \u00ed listum e\u00f0a fr\u00e1s\u00f6gnum.\" tabindex=\"0\">stef<\/span> \u00e1 s\u00e9r gamlar r\u00e6tur: \u00deegar \u00ed eddukv\u00e6\u00f0um ver\u00f0ur dvergurinn Alv\u00edss a\u00f0 steini \u00feegar h\u00e6kkandi s\u00f3lin kemur honum a\u00f0 \u00f3v\u00f6rum.<\/p><p>\u00cd \u00fej\u00f3\u00f0fr\u00e6\u00f0ilegu tilliti gegndu tr\u00f6llu\u00f0um s\u00f6gnum \u00fdmsum hlutverkum. \u00de\u00e6r \u00fatsk\u00fdr\u00f0u \u00e1berandi landslagsform, til d\u00e6mis s\u00e9rkennilega laga\u00f0a kletta sem taldir voru steinrunnin tr\u00f6ll. \u00de\u00e6r m\u00f6rku\u00f0u m\u00f6rkin milli r\u00e6kta\u00f0s lands og villtrar n\u00e1tt\u00faru og v\u00f6ru\u00f0u vi\u00f0 h\u00e6ttum \u00f3bygg\u00f0anna. Og \u00fe\u00e6r fj\u00f6llu\u00f0u \u00ed fr\u00e1sagnarformi um m\u00e6tingu vi\u00f0 hi\u00f0 framandi.<\/p><p>Algeng fr\u00e1sagnarger\u00f0 er s\u00fa um f\u00f3lk sem tr\u00f6ll draga inn \u00ed fjalli\u00f0, <span class=\"iwg-fachbegriff\" data-tooltip=\"Endurteki\u00f0 efnisatri\u00f0i \u00ed listum e\u00f0a fr\u00e1s\u00f6gnum.\" tabindex=\"0\">stef<\/span> sem er n\u00e1skylt hugmyndum um hi\u00f0 undirjar\u00f0neska og n\u00e1tt\u00faruverur. Tr\u00faarbrag\u00f0afr\u00e6\u00f0ileg ranns\u00f3kn telur \u00feetta sagnaefni fremur sveigjanlegt safn fr\u00e1sagna en heilst\u00e6tt tr\u00faarkerfi, safn sem sveitasamf\u00e9l\u00f6g notu\u00f0u til a\u00f0 t\u00falka umhverfi sitt og \u00f3tta sinn.<\/p>\t\t\t\t\t\t\t\t<\/div>\n\t\t\t\t<\/div>\n\t\t\t\t\t<\/div>\n\t\t\t\t<\/div>\n\t\t<div class=\"elementor-element elementor-element-cpd5d270c e-flex e-con-boxed e-con e-parent\" data-id=\"cpd5d270c\" data-element_type=\"container\" data-e-type=\"container\">\n\t\t\t\t\t<div class=\"e-con-inner\">\n\t\t\t\t<div class=\"elementor-element elementor-element-cp9000042 elementor-widget elementor-widget-heading\" data-id=\"cp9000042\" data-element_type=\"widget\" data-e-type=\"widget\" data-widget_type=\"heading.default\">\n\t\t\t\t\t<h2 class=\"elementor-heading-title elementor-size-default\">Fr\u00e1 hr\u00e6\u00f0sluveru til barnab\u00f3kapers\u00f3nu<\/h2>\t\t\t\t<\/div>\n\t\t<div class=\"elementor-element elementor-element-cpa6e0daa e-con-full e-flex e-con e-child\" data-id=\"cpa6e0daa\" data-element_type=\"container\" data-e-type=\"container\">\n\t\t\t\t<div class=\"elementor-element elementor-element-cpa7f65d7 elementor-widget elementor-widget-text-editor\" data-id=\"cpa7f65d7\" data-element_type=\"widget\" data-e-type=\"widget\" data-widget_type=\"text-editor.default\">\n\t\t\t\t\t\t\t\t\t<p>M\u00f3tt\u00f6kusaga tr\u00f6llsins \u00e1 19. og 20. \u00f6ld er kennslustund \u00ed merkingarbreytingu andaveru. Upphafspunkturinn var \u00fej\u00f3\u00f0ernisr\u00f3mant\u00edsk upphef\u00f0 \u00fej\u00f3\u00f0sagnahef\u00f0arins \u00ed Skandinav\u00edu. Tr\u00f6lli\u00f0 breyttist \u00far hreinni hr\u00e6\u00f0sluveru \u00ed \u00fe\u00e1tt \u00ed \u00fej\u00f3\u00f0ar\u00edmynd og listr\u00e6nan innbl\u00e1stur.<\/p><p>S\u00e6nski m\u00e1larinn John Bauer m\u00f3ta\u00f0i me\u00f0 myndskreytingum s\u00ednum vi\u00f0 safnriti\u00f0 <em>Bland tomtar och troll<\/em> \u00ed upphafi 20. aldar \u00e1hrifamikla mynd af \u00feunglamalegu, hn\u00fdttu tr\u00f6llinu sem b\u00fdr \u00ed sk\u00f3ginum.<\/p><p>Eftir \u00fev\u00ed sem 20. \u00f6ldin lei\u00f0 breyttist myndin enn sk\u00fdrar \u00ed \u00e1tt til hins vinalega og barnv\u00e6na. Finnlandss\u00e6nski h\u00f6fundurinn Tove Jansson skapa\u00f0i me\u00f0 <em>M\u00fam\u00edn\u00e1lfunum<\/em> hn\u00f6ttlaga, g\u00f3\u00f0lynda tr\u00f6llverur sem eiga f\u00e1tt sameiginlegt me\u00f0 hinu h\u00e6ttulega sagnatr\u00f6lli.<\/p><p>\u00cd leikfanga- og skemmtii\u00f0na\u00f0inum var\u00f0 tr\u00f6lli\u00f0 a\u00f0 meinlausri, oft kr\u00fattlegri pers\u00f3nu. Samhli\u00f0a \u00feessu lif\u00f0i \u00ed fantas\u00edub\u00f3kmenntum, undir \u00e1hrifum verka J. R. R. Tolkiens, \u00e1fram mynd hins st\u00f3ra, heimska, h\u00e6ttulega tr\u00f6lls.<\/p><p>Fyrir fr\u00e6\u00f0ilega sko\u00f0un er \u00feessi breyting fr\u00f3\u00f0leg \u00fev\u00ed h\u00fan s\u00fdnir hvernig vera getur glata\u00f0 hlutverki s\u00ednu og fengi\u00f0 n\u00fdtt. Sagnatr\u00f6lli\u00f0 var bundi\u00f0 \u00e1kve\u00f0num kv\u00ed\u00f0a og tilteknu landslagi.<\/p><p>N\u00fat\u00edmatr\u00f6lli\u00f0 er losa\u00f0 \u00far \u00feessari festingu og getur, eftir \u00fe\u00f6rfum, birt hi\u00f0 kr\u00fattlega, hi\u00f0 k\u00f3m\u00edska e\u00f0a hi\u00f0 \u00f3gnvekjandi. S\u00e6nska or\u00f0i\u00f0 <em>troll<\/em> hefur \u00feannig endurheimt s\u00edna fornu merkingarbreidd \u00e1 n\u00fdjan h\u00e1tt: \u00fea\u00f0 v\u00edsar n\u00fa til n\u00e1nast alls \u00feess sem sagan krefst af \u00fev\u00ed hverju sinni.<\/p>\t\t\t\t\t\t\t\t<\/div>\n\t\t\t\t<\/div>\n\t\t\t\t\t<\/div>\n\t\t\t\t<\/div>\n\t\t<div class=\"elementor-element elementor-element-36dd7469 e-flex e-con-boxed e-con e-parent\" data-id=\"36dd7469\" data-element_type=\"container\" data-e-type=\"container\">\n\t\t\t\t\t<div class=\"e-con-inner\">\n\t\t\t\t<div class=\"elementor-element elementor-element-13760ab4 elementor-widget elementor-widget-heading\" data-id=\"13760ab4\" data-element_type=\"widget\" data-e-type=\"widget\" data-widget_type=\"heading.default\">\n\t\t\t\t\t<div class=\"elementor-heading-title elementor-size-default\">\u00cdtarefni og tenglar<\/div>\t\t\t\t<\/div>\n\t\t<div class=\"elementor-element elementor-element-28c87796 e-con-full e-flex e-con e-child\" data-id=\"28c87796\" data-element_type=\"container\" data-e-type=\"container\">\n\t\t\t\t<div class=\"elementor-element elementor-element-5d6538df elementor-widget elementor-widget-text-editor\" data-id=\"5d6538df\" data-element_type=\"widget\" data-e-type=\"widget\" data-widget_type=\"text-editor.default\">\n\t\t\t\t\t\t\t\t\t<footer class=\"iwg-literatur\" data-nosnippet=\"true\"><p>R\u00e1\u00f0lag\u00f0ir innri tenglar:<\/p><ul><li><a href=\"https:\/\/iwell-guard.com\/is\/?page_id=168614\">Germanskt<\/a><\/li><li><a href=\"https:\/\/iwell-guard.com\/is\/?page_id=168627\">Alp<\/a>, <a href=\"https:\/\/iwell-guard.com\/is\/?page_id=168628\">Draugr<\/a>, <a href=\"https:\/\/iwell-guard.com\/is\/?page_id=168629\">Nix<\/a>, <a href=\"https:\/\/iwell-guard.com\/is\/?page_id=168631\">Mara<\/a><\/li><li>Edduj\u00f6tnar og norr\u00e6n <span class=\"iwg-fachbegriff\" data-tooltip=\"Heildarsafn hef\u00f0bundinna gu\u00f0asagna \u00ed tiltekinni menningu.\" tabindex=\"0\">go\u00f0afr\u00e6\u00f0i<\/span><\/li><li>Tolkien og n\u00fat\u00edma fantas\u00eda<\/li><li>Hli\u00f0st\u00e6\u00f0ur: \u00d3gnar\u00feurs, K\u00fdkl\u00f3pi, Risi<\/li><\/ul><\/footer>\t\t\t\t\t\t\t\t<\/div>\n\t\t\t\t<\/div>\n\t\t\t\t\t<\/div>\n\t\t\t\t<\/div>\n\t\t<div class=\"elementor-element elementor-element-grl4kl40 e-flex e-con-boxed e-con e-parent\" data-id=\"grl4kl40\" data-element_type=\"container\" data-e-type=\"container\">\n\t\t\t\t\t<div class=\"e-con-inner\">\n\t\t\t\t<div class=\"elementor-element elementor-element-bzsbfrmh elementor-widget elementor-widget-heading\" data-id=\"bzsbfrmh\" data-element_type=\"widget\" data-e-type=\"widget\" data-widget_type=\"heading.default\">\n\t\t\t\t\t<h2 class=\"elementor-heading-title elementor-size-default\">Heimildir og fr\u00e6\u00f0irit<\/h2>\t\t\t\t<\/div>\n\t\t<div class=\"elementor-element elementor-element-2c13224a e-con-full e-flex e-con e-child\" data-id=\"2c13224a\" data-element_type=\"container\" data-e-type=\"container\">\n\t\t\t\t<div class=\"elementor-element elementor-element-0eymh9ub elementor-widget elementor-widget-text-editor\" data-id=\"0eymh9ub\" data-element_type=\"widget\" data-e-type=\"widget\" data-widget_type=\"text-editor.default\">\n\t\t\t\t\t\t\t\t\t<footer class=\"iwg-literatur\"><p>\u00darval helstu fr\u00e6\u00f0irita um tr\u00f6lli:<\/p><ul><li><span data-nosnippet>Lindow, John: <em>Trolls. An Unnatural History<\/em>. London 2014.<\/span><\/li><li><span data-nosnippet>Simpson, Jacqueline: <em>Scandinavian Folktales<\/em>. Harmondsworth 1988.<\/span><\/li><li><span data-nosnippet>Kvideland, Reimund \/ Sehmsdorf, Henning: <em>Scandinavian Folk Belief and Legend<\/em>. Minneapolis 1988.<\/span><\/li><li><span data-nosnippet>Tangherlini, Timothy R.: <em>Interpreting Legend<\/em>. New York 1994.<\/span><\/li><li><span data-nosnippet>L\u00f6nnroth, Lars: <em>Den dubbla scenen<\/em>. Stockholm 1978.<\/span><\/li><\/ul><div data-nosnippet=\"true\" class=\"iwg-litliste\"><\/div><\/footer>\n<p class=\"iwg-bib-more\"><span data-nosnippet>Fleiri sta\u00f0alrit \u00ed <a href=\"https:\/\/iwell-guard.com\/is\/?page_id=168730\">heimildaskr\u00e1nni<\/a>.<\/span><\/p>\t\t\t\t\t\t\t\t<\/div>\n\t\t\t\t<\/div>\n\t\t\t\t\t<\/div>\n\t\t\t\t<\/div>\n\t\t<div class=\"elementor-element elementor-element-iwgca-troll-sec e-flex e-con-boxed e-con e-parent\" data-id=\"iwgca-troll-sec\" data-element_type=\"container\" data-e-type=\"container\" id=\"iwg-ca-troll\">\n\t\t\t\t\t<div class=\"e-con-inner\">\n\t\t\t\t<div class=\"elementor-element elementor-element-iwgca-troll-te iwg-ca-textwrap elementor-widget elementor-widget-text-editor\" data-id=\"iwgca-troll-te\" data-element_type=\"widget\" data-e-type=\"widget\" data-widget_type=\"text-editor.default\">\n\t\t\t\t\t\t\t\t\t<div data-nosnippet=\"true\"><p class=\"iwg-ca-bridge\">Verndarhef\u00f0in sem h\u00e9r er l\u00fdst er v\u00edsindaleg \u00fattekt \u00e1 s\u00f6guhef\u00f0um. iWell Guard tengist \u00feessari menningars\u00f6gulegu hef\u00f0 verndargripa sem borin eru \u00e1 l\u00edkamanum og er n\u00fat\u00edmaleg \u00fatf\u00e6rsla \u00e1 henni. <a href=\"\/ueber-iwell-guard\/?utm_source=iwell-guard.com&#038;utm_medium=text-link&#038;utm_campaign=schadwesen-tradition\">Meira um iWell Guard \u2192<\/a><\/p><\/div>\t\t\t\t\t\t\t\t<\/div>\n\t\t\t\t\t<\/div>\n\t\t\t\t<\/div>\n\t\t\t\t<section class=\"elementor-section elementor-top-section elementor-element elementor-element-wv-troll-faq-eb1ce4 elementor-section-boxed elementor-section-height-default elementor-section-height-default\" data-id=\"wv-troll-faq-eb1ce4\" data-element_type=\"section\" data-e-type=\"section\">\n\t\t\t\t\t\t<div class=\"elementor-container elementor-column-gap-default\">\n\t\t\t\t\t<div class=\"elementor-column elementor-col-100 elementor-top-column elementor-element elementor-element-wv-troll-faq-col-d45809\" data-id=\"wv-troll-faq-col-d45809\" data-element_type=\"column\" data-e-type=\"column\">\n\t\t\t<div class=\"elementor-widget-wrap elementor-element-populated\">\n\t\t\t\t\t\t<div class=\"elementor-element elementor-element-wv-troll-h elementor-widget elementor-widget-heading\" data-id=\"wv-troll-h\" data-element_type=\"widget\" data-e-type=\"widget\" data-widget_type=\"heading.default\">\n\t\t\t\t\t<h2 class=\"elementor-heading-title elementor-size-default\">Algengar spurningar um tr\u00f6ll<\/h2>\t\t\t\t<\/div>\n\t\t\t\t<div class=\"elementor-element elementor-element-wv-troll-t elementor-widget elementor-widget-text-editor\" data-id=\"wv-troll-t\" data-element_type=\"widget\" data-e-type=\"widget\" data-widget_type=\"text-editor.default\">\n\t\t\t\t\t\t\t\t\t\n<details class=\"iwg-faq-item\">\n  <summary><strong>Hva\u00f0 er tr\u00f6ll \u00ed <span class=\"iwg-fachbegriff\" data-tooltip=\"Heild \u00feeirra go\u00f0sagna sem var\u00f0veist hafa innan tiltekinnar menningar.\" tabindex=\"0\">go\u00f0afr\u00e6\u00f0inni<\/span>?<\/strong><\/summary>\n  <p>Tr\u00f6ll er vera \u00far norr\u00e6nni og germanskri <span class=\"iwg-fachbegriff\" data-tooltip=\"Heild \u00feeirra go\u00f0sagna sem var\u00f0veist hafa innan tiltekinnar menningar.\" tabindex=\"0\">go\u00f0afr\u00e6\u00f0i<\/span> sem lifir \u00ed fj\u00f6llum, sk\u00f3gum og undir br\u00fam. Tr\u00f6ll eru talin st\u00f3r, klunnalega ger\u00f0, oft treg til hugsunar en h\u00e6ttulega sterk. \u00cd fornnorr\u00e6nni hef\u00f0 (Eddu, s\u00f6gum) eru tr\u00f6ll l\u00fdst sem risakyni, \u00e6ttingjar j\u00f6tna. N\u00fat\u00edma fantas\u00eduhef\u00f0 hefur breytt \u00feessari mynd verulega.<\/p>\n<\/details>\n\n<details class=\"iwg-faq-item\">\n  <summary><strong>Hva\u00f0a tegundir tr\u00f6lla eru til?<\/strong><\/summary>\n  <p>Fornnorr\u00e6n hef\u00f0 \u00feekkir nokkrar ger\u00f0ir tr\u00f6lla: bergtr\u00f6ll (\u00edb\u00faa klettabelta), vatnatr\u00f6ll (\u00ed \u00e1m og v\u00f6tnum), h\u00f3ltr\u00f6ll og hina sm\u00e6rri h\u00fastomta \u00far s\u00e6nskri <span class=\"iwg-fachbegriff\" data-tooltip=\"Var\u00f0veitt \u00fej\u00f3\u00f0menning me\u00f0 si\u00f0um, s\u00f6gum og s\u00f6ngvum.\" tabindex=\"0\">\u00fej\u00f3\u00f0menningu<\/span>. Tr\u00f6ll steinrenna \u00ed s\u00f3larlj\u00f3si, <span class=\"iwg-fachbegriff\" data-tooltip=\"Endurteki\u00f0 efnisatri\u00f0i \u00ed list e\u00f0a fr\u00e1s\u00f6gn.\" tabindex=\"0\">minni<\/span> sem kemur v\u00ed\u00f0a fyrir \u00ed norskum s\u00f6gum um klettamyndanir.<\/p>\n<\/details>\t\t\t\t\t\t\t\t<\/div>\n\t\t\t\t<div class=\"elementor-element elementor-element-wv-troll-s elementor-widget elementor-widget-html\" data-id=\"wv-troll-s\" data-element_type=\"widget\" data-e-type=\"widget\" data-widget_type=\"html.default\">\n\t\t\t\t\t<script type=\"application\/ld+json\">{\"@context\": \"https:\/\/schema.org\", \"@type\": \"FAQPage\", \"mainEntity\": [{\"@type\": \"Question\", \"name\": \"Hva\u00f0 er tr\u00f6ll \u00ed go\u00f0afr\u00e6\u00f0inni?\", \"acceptedAnswer\": {\"@type\": \"Answer\", \"text\": \"Tr\u00f6ll er vera \u00far norr\u00e6nni og germanskri go\u00f0afr\u00e6\u00f0i sem lifir \u00ed fj\u00f6llum, sk\u00f3gum og undir br\u00fam. Tr\u00f6ll eru talin st\u00f3r, klunnalega ger\u00f0, oft treg til hugsunar en h\u00e6ttulega sterk. \u00cd fornnorr\u00e6nni hef\u00f0 (Eddu, s\u00f6gum) eru tr\u00f6ll l\u00fdst sem risakyni, \u00e6ttingjar j\u00f6tna. N\u00fat\u00edma fantas\u00eduhef\u00f0 hefur breytt \u00feessari mynd verulega.\"}}, {\"@type\": \"Question\", \"name\": \"Hva\u00f0a tegundir tr\u00f6lla eru til?\", \"acceptedAnswer\": {\"@type\": \"Answer\", \"text\": \"Fornnorr\u00e6n hef\u00f0 \u00feekkir nokkrar ger\u00f0ir tr\u00f6lla: bergtr\u00f6ll (\u00edb\u00faa klettabelta), vatnatr\u00f6ll (\u00ed \u00e1m og v\u00f6tnum), h\u00f3ltr\u00f6ll og hina sm\u00e6rri h\u00fastomta \u00far s\u00e6nskri \u00fej\u00f3\u00f0menningu. Tr\u00f6ll steinrenna \u00ed s\u00f3larlj\u00f3si, minni sem kemur v\u00ed\u00f0a fyrir \u00ed norskum s\u00f6gum um klettamyndanir.\"}}]}<\/script>\t\t\t\t<\/div>\n\t\t\t\t\t<\/div>\n\t\t<\/div>\n\t\t\t\t\t<\/div>\n\t\t<\/section>\n\t\t\t\t<\/div>\n\t\t","protected":false},"excerpt":{"rendered":"","protected":false},"author":3,"featured_media":1570,"parent":0,"menu_order":0,"comment_status":"closed","ping_status":"closed","template":"elementor_header_footer","meta":{"_yoast_wpseo_focuskw":"Tr\u00f6ll","_yoast_wpseo_title":"Tr\u00f6ll \u2013 risavaxin bergvera \u00far Eddu og s\u00f6gum","_yoast_wpseo_metadesc":"Tr\u00f6ll, risavaxin bergvera \u00far germanskri hef\u00f0. \u00c1 milli Eddu-\u00feursa og \u00fej\u00f3\u00f0sagna-\u00f3v\u00e6tta, tengd steini og j\u00f6tnum.","_yoast_wpseo_meta-robots-noindex":"","_yoast_wpseo_canonical":"","_angie_page":false,"gefaehrdungsstufe":"3","wesen_kultur":"germanisch","wesen_klasse":"geister","footnotes":""},"categories":[],"class_list":["post-168630","page","type-page","status-publish","has-post-thumbnail","hentry"],"yoast_head":"<!-- This site is optimized with the Yoast SEO Premium plugin v27.7 (Yoast SEO v28.3) - https:\/\/yoast.com\/product\/yoast-seo-premium-wordpress\/ -->\n<title>Tr\u00f6ll \u2013 risavaxin bergvera \u00far Eddu og s\u00f6gum<\/title>\n<meta name=\"description\" content=\"Tr\u00f6ll, risavaxin bergvera \u00far germanskri hef\u00f0. \u00c1 milli Eddu-\u00feursa og \u00fej\u00f3\u00f0sagna-\u00f3v\u00e6tta, tengd steini og j\u00f6tnum.\" \/>\n<meta name=\"robots\" content=\"index, follow, max-snippet:-1, max-image-preview:large, max-video-preview:-1\" \/>\n<link rel=\"canonical\" href=\"https:\/\/iwell-guard.com\/is\/troll\/\" \/>\n<meta property=\"og:locale\" content=\"is_IS\" \/>\n<meta property=\"og:type\" content=\"article\" \/>\n<meta property=\"og:title\" content=\"Tr\u00f6ll\" \/>\n<meta property=\"og:description\" content=\"Tr\u00f6ll, risavaxin bergvera \u00far germanskri hef\u00f0. \u00c1 milli Eddu-\u00feursa og \u00fej\u00f3\u00f0sagna-\u00f3v\u00e6tta, tengd steini og j\u00f6tnum.\" \/>\n<meta property=\"og:url\" content=\"https:\/\/iwell-guard.com\/is\/troll\/\" \/>\n<meta property=\"og:site_name\" content=\"iWell Guard\" \/>\n<meta property=\"article:modified_time\" content=\"2026-09-05T14:15:27+00:00\" \/>\n<meta property=\"og:image\" content=\"https:\/\/iwell-guard.com\/wp-content\/uploads\/2026\/04\/geister_germanisch_troll.webp\" \/>\n\t<meta property=\"og:image:width\" content=\"1024\" \/>\n\t<meta property=\"og:image:height\" content=\"1536\" \/>\n\t<meta property=\"og:image:type\" content=\"image\/webp\" \/>\n<meta name=\"twitter:card\" content=\"summary_large_image\" \/>\n<script type=\"application\/ld+json\" class=\"yoast-schema-graph\">{\"@context\":\"https:\\\/\\\/schema.org\",\"@graph\":[{\"@type\":\"WebPage\",\"@id\":\"https:\\\/\\\/iwell-guard.com\\\/is\\\/troll\\\/\",\"url\":\"https:\\\/\\\/iwell-guard.com\\\/is\\\/troll\\\/\",\"name\":\"Tr\u00f6ll \u2013 risavaxin bergvera \u00far Eddu og s\u00f6gum\",\"isPartOf\":{\"@id\":\"https:\\\/\\\/iwell-guard.com\\\/is\\\/#website\"},\"primaryImageOfPage\":{\"@id\":\"https:\\\/\\\/iwell-guard.com\\\/is\\\/troll\\\/#primaryimage\"},\"image\":{\"@id\":\"https:\\\/\\\/iwell-guard.com\\\/is\\\/troll\\\/#primaryimage\"},\"thumbnailUrl\":\"https:\\\/\\\/iwell-guard.com\\\/wp-content\\\/uploads\\\/2026\\\/04\\\/geister_germanisch_troll.webp\",\"datePublished\":\"2026-09-05T14:01:43+00:00\",\"dateModified\":\"2026-09-05T14:15:27+00:00\",\"description\":\"Tr\u00f6ll, risavaxin bergvera \u00far germanskri hef\u00f0. \u00c1 milli Eddu-\u00feursa og \u00fej\u00f3\u00f0sagna-\u00f3v\u00e6tta, tengd steini og j\u00f6tnum.\",\"breadcrumb\":{\"@id\":\"https:\\\/\\\/iwell-guard.com\\\/is\\\/troll\\\/#breadcrumb\"},\"inLanguage\":\"is\",\"potentialAction\":[{\"@type\":\"ReadAction\",\"target\":[\"https:\\\/\\\/iwell-guard.com\\\/is\\\/troll\\\/\"]}]},{\"@type\":\"ImageObject\",\"inLanguage\":\"is\",\"@id\":\"https:\\\/\\\/iwell-guard.com\\\/is\\\/troll\\\/#primaryimage\",\"url\":\"https:\\\/\\\/iwell-guard.com\\\/wp-content\\\/uploads\\\/2026\\\/04\\\/geister_germanisch_troll.webp\",\"contentUrl\":\"https:\\\/\\\/iwell-guard.com\\\/wp-content\\\/uploads\\\/2026\\\/04\\\/geister_germanisch_troll.webp\",\"width\":1024,\"height\":1536,\"caption\":\"Andar \u00far germanskri hef\u00f0.\"},{\"@type\":\"BreadcrumbList\",\"@id\":\"https:\\\/\\\/iwell-guard.com\\\/is\\\/troll\\\/#breadcrumb\",\"itemListElement\":[{\"@type\":\"ListItem\",\"position\":1,\"name\":\"Start\",\"item\":\"https:\\\/\\\/iwell-guard.com\\\/is\\\/?page_id=168580\"},{\"@type\":\"ListItem\",\"position\":2,\"name\":\"Tr\u00f6ll\"}]},{\"@type\":\"WebSite\",\"@id\":\"https:\\\/\\\/iwell-guard.com\\\/is\\\/#website\",\"url\":\"https:\\\/\\\/iwell-guard.com\\\/is\\\/\",\"name\":\"iWell Guard\",\"description\":\"Schutz vor dunklen Einfl\u00fcssen\",\"publisher\":{\"@id\":\"https:\\\/\\\/iwell-guard.com\\\/is\\\/#organization\"},\"potentialAction\":[{\"@type\":\"SearchAction\",\"target\":{\"@type\":\"EntryPoint\",\"urlTemplate\":\"https:\\\/\\\/iwell-guard.com\\\/is\\\/?s={search_term_string}\"},\"query-input\":{\"@type\":\"PropertyValueSpecification\",\"valueRequired\":true,\"valueName\":\"search_term_string\"}}],\"inLanguage\":\"is\"},{\"@type\":\"Organization\",\"@id\":\"https:\\\/\\\/iwell-guard.com\\\/is\\\/#organization\",\"name\":\"Ittermann electronic GmbH\",\"url\":\"https:\\\/\\\/iwell-guard.com\\\/is\\\/\",\"logo\":{\"@type\":\"ImageObject\",\"inLanguage\":\"is\",\"@id\":\"https:\\\/\\\/iwell-guard.com\\\/is\\\/#\\\/schema\\\/logo\\\/image\\\/\",\"url\":\"https:\\\/\\\/iwell-guard.com\\\/wp-content\\\/uploads\\\/2026\\\/05\\\/Ittermann-Logo-1182x237-1.png\",\"contentUrl\":\"https:\\\/\\\/iwell-guard.com\\\/wp-content\\\/uploads\\\/2026\\\/05\\\/Ittermann-Logo-1182x237-1.png\",\"width\":1182,\"height\":237,\"caption\":\"Ittermann electronic GmbH\"},\"image\":{\"@id\":\"https:\\\/\\\/iwell-guard.com\\\/is\\\/#\\\/schema\\\/logo\\\/image\\\/\"},\"sameAs\":[\"https:\\\/\\\/pantip.com\\\/profile\\\/9367242\",\"https:\\\/\\\/micro.blog\\\/iwellguard\",\"https:\\\/\\\/www.diggerslist.com\\\/iwellguard\\\/about\",\"https:\\\/\\\/skitterphoto.com\\\/photographers\\\/2870314\\\/iwell-guard\",\"https:\\\/\\\/iwellguard.wordpress.com\\\/2026\\\/06\\\/06\\\/iwell-guard\\\/\",\"https:\\\/\\\/hub.docker.com\\\/u\\\/iwellguard\",\"https:\\\/\\\/www.pinterest.com\\\/iwellguard\\\/\",\"https:\\\/\\\/bit.ly\\\/m\\\/iwellguard\",\"https:\\\/\\\/entre-vos-mains.alsace.eu\\\/profiles\\\/iwellguard\\\/activity\",\"https:\\\/\\\/gravatar.com\\\/reallybeded8fd34\",\"https:\\\/\\\/naijamatta.com\\\/iwellguard\",\"https:\\\/\\\/www.goodreads.com\\\/iwellguard\",\"https:\\\/\\\/profile.hatena.ne.jp\\\/iwellguard\\\/\",\"https:\\\/\\\/experiment.com\\\/users\\\/iwellguard\",\"https:\\\/\\\/wakelet.com\\\/@iWellGuard82270\",\"https:\\\/\\\/www.chordie.com\\\/forum\\\/profile.php?id=2555664\",\"https:\\\/\\\/www.instapaper.com\\\/p\\\/17757966\",\"https:\\\/\\\/www.mapleprimes.com\\\/users\\\/iwellguard\",\"https:\\\/\\\/businesslistingplus.com\\\/profile\\\/iwell-guard\\\/\",\"https:\\\/\\\/telegra.ph\\\/iWell-Guard-06-06\",\"https:\\\/\\\/pbase.com\\\/iwellguard\\\/iwellguard\",\"https:\\\/\\\/b.hatena.ne.jp\\\/iwellguard\\\/20260607#bookmark-4788405196491818882\",\"https:\\\/\\\/fliphtml5.com\\\/home\\\/iwellguard\",\"https:\\\/\\\/anyflip.com\\\/homepage\\\/cmiwl#About\",\"https:\\\/\\\/transfur.com\\\/Users\\\/iwellguard\",\"http:\\\/\\\/delphi.larsbo.org\\\/user\\\/iwellguard\",\"https:\\\/\\\/jobs.lajobsportal.org\\\/profiles\\\/8380803-iwell-guard\",\"https:\\\/\\\/md.chaosdorf.de\\\/s\\\/jfbe5SBdJD\",\"https:\\\/\\\/www.lingvolive.com\\\/en-us\\\/profile\\\/9ecaeaca-ce11-4e51-9e71-01d55e2bff36\\\/translations\",\"https:\\\/\\\/www.fitday.com\\\/fitness\\\/forums\\\/members\\\/iwellguard.html\",\"https:\\\/\\\/www.mymeetbook.com\\\/iwellguard\",\"https:\\\/\\\/pxhere.com\\\/en\\\/photographer-me\\\/5040798\",\"https:\\\/\\\/disqus.com\\\/by\\\/iwellguard\\\/about\\\/\",\"https:\\\/\\\/pastelink.net\\\/hjwciqwq\",\"https:\\\/\\\/pubhtml5.com\\\/homepage\\\/scjhn\\\/\",\"https:\\\/\\\/www.bitchute.com\\\/channel\\\/2O2eOKzNqujT\",\"https:\\\/\\\/audiomack.com\\\/iwellguard\"]},{\"@type\":\"Article\",\"@id\":\"https:\\\/\\\/iwell-guard.com\\\/is\\\/troll\\\/#article\",\"isPartOf\":{\"@id\":\"https:\\\/\\\/iwell-guard.com\\\/is\\\/troll\\\/\"},\"author\":{\"name\":\"Ralf Ittermann\",\"@id\":\"https:\\\/\\\/iwell-guard.com\\\/is\\\/#\\\/schema\\\/person\\\/ee2a27f1cac3406c7c6fb5820cb7349f\"},\"headline\":\"Tr\u00f6ll\",\"datePublished\":\"2026-09-05T14:01:43+00:00\",\"dateModified\":\"2026-09-05T14:15:27+00:00\",\"mainEntityOfPage\":{\"@id\":\"https:\\\/\\\/iwell-guard.com\\\/is\\\/troll\\\/\"},\"publisher\":{\"@id\":\"https:\\\/\\\/iwell-guard.com\\\/is\\\/#organization\"},\"image\":{\"@id\":\"https:\\\/\\\/iwell-guard.com\\\/is\\\/troll\\\/#primaryimage\"},\"thumbnailUrl\":\"https:\\\/\\\/iwell-guard.com\\\/wp-content\\\/uploads\\\/2026\\\/04\\\/geister_germanisch_troll.webp\",\"inLanguage\":\"is\",\"description\":\"Tr\u00f6ll, risavaxin bergvera \u00far germanskri hef\u00f0. \u00c1 milli Eddu-\u00feursa og \u00fej\u00f3\u00f0sagna-\u00f3v\u00e6tta, tengd steini og j\u00f6tnum.\"}]}<\/script>\n<!-- \/ Yoast SEO Premium plugin. -->","yoast_head_json":{"title":"Tr\u00f6ll \u2013 risavaxin bergvera \u00far Eddu og s\u00f6gum","description":"Tr\u00f6ll, risavaxin bergvera \u00far germanskri hef\u00f0. \u00c1 milli Eddu-\u00feursa og \u00fej\u00f3\u00f0sagna-\u00f3v\u00e6tta, tengd steini og j\u00f6tnum.","robots":{"index":"index","follow":"follow","max-snippet":"max-snippet:-1","max-image-preview":"max-image-preview:large","max-video-preview":"max-video-preview:-1"},"canonical":"https:\/\/iwell-guard.com\/is\/troll\/","og_locale":"is_IS","og_type":"article","og_title":"Tr\u00f6ll","og_description":"Tr\u00f6ll, risavaxin bergvera \u00far germanskri hef\u00f0. \u00c1 milli Eddu-\u00feursa og \u00fej\u00f3\u00f0sagna-\u00f3v\u00e6tta, tengd steini og j\u00f6tnum.","og_url":"https:\/\/iwell-guard.com\/is\/troll\/","og_site_name":"iWell Guard","article_modified_time":"2026-09-05T14:15:27+00:00","og_image":[{"width":1024,"height":1536,"url":"https:\/\/iwell-guard.com\/wp-content\/uploads\/2026\/04\/geister_germanisch_troll.webp","type":"image\/webp"}],"twitter_card":"summary_large_image","schema":{"@context":"https:\/\/schema.org","@graph":[{"@type":"Article","@id":"https:\/\/iwell-guard.com\/is\/troll\/#article","isPartOf":{"@id":"https:\/\/iwell-guard.com\/is\/troll\/"},"author":{"name":"Ralf Ittermann","@id":"https:\/\/iwell-guard.com\/is\/#\/schema\/person\/ee2a27f1cac3406c7c6fb5820cb7349f"},"headline":"Tr\u00f6ll","datePublished":"2026-09-05T14:01:43+00:00","dateModified":"2026-09-05T14:15:27+00:00","mainEntityOfPage":{"@id":"https:\/\/iwell-guard.com\/is\/troll\/"},"publisher":{"@id":"https:\/\/iwell-guard.com\/is\/#organization"},"image":{"@id":"https:\/\/iwell-guard.com\/is\/troll\/#primaryimage"},"thumbnailUrl":"https:\/\/iwell-guard.com\/wp-content\/uploads\/2026\/04\/geister_germanisch_troll.webp","inLanguage":"is","description":"Tr\u00f6ll, risavaxin bergvera \u00far germanskri hef\u00f0. \u00c1 milli Eddu-\u00feursa og \u00fej\u00f3\u00f0sagna-\u00f3v\u00e6tta, tengd steini og j\u00f6tnum."},{"@type":"WebPage","@id":"https:\/\/iwell-guard.com\/is\/troll\/","url":"https:\/\/iwell-guard.com\/is\/troll\/","name":"Tr\u00f6ll \u2013 risavaxin bergvera \u00far Eddu og s\u00f6gum","isPartOf":{"@id":"https:\/\/iwell-guard.com\/is\/#website"},"primaryImageOfPage":{"@id":"https:\/\/iwell-guard.com\/is\/troll\/#primaryimage"},"image":{"@id":"https:\/\/iwell-guard.com\/is\/troll\/#primaryimage"},"thumbnailUrl":"https:\/\/iwell-guard.com\/wp-content\/uploads\/2026\/04\/geister_germanisch_troll.webp","datePublished":"2026-09-05T14:01:43+00:00","dateModified":"2026-09-05T14:15:27+00:00","description":"Tr\u00f6ll, risavaxin bergvera \u00far germanskri hef\u00f0. \u00c1 milli Eddu-\u00feursa og \u00fej\u00f3\u00f0sagna-\u00f3v\u00e6tta, tengd steini og j\u00f6tnum.","breadcrumb":{"@id":"https:\/\/iwell-guard.com\/is\/troll\/#breadcrumb"},"inLanguage":"is","potentialAction":[{"@type":"ReadAction","target":["https:\/\/iwell-guard.com\/is\/troll\/"]}]},{"@type":"ImageObject","inLanguage":"is","@id":"https:\/\/iwell-guard.com\/is\/troll\/#primaryimage","url":"https:\/\/iwell-guard.com\/wp-content\/uploads\/2026\/04\/geister_germanisch_troll.webp","contentUrl":"https:\/\/iwell-guard.com\/wp-content\/uploads\/2026\/04\/geister_germanisch_troll.webp","width":1024,"height":1536,"caption":"Andar \u00far germanskri hef\u00f0."},{"@type":"BreadcrumbList","@id":"https:\/\/iwell-guard.com\/is\/troll\/#breadcrumb","itemListElement":[{"@type":"ListItem","position":1,"name":"Start","item":"https:\/\/iwell-guard.com\/is\/?page_id=168580"},{"@type":"ListItem","position":2,"name":"Tr\u00f6ll"}]},{"@type":"WebSite","@id":"https:\/\/iwell-guard.com\/is\/#website","url":"https:\/\/iwell-guard.com\/is\/","name":"iWell Guard","description":"Schutz vor dunklen Einfl\u00fcssen","publisher":{"@id":"https:\/\/iwell-guard.com\/is\/#organization"},"potentialAction":[{"@type":"SearchAction","target":{"@type":"EntryPoint","urlTemplate":"https:\/\/iwell-guard.com\/is\/?s={search_term_string}"},"query-input":{"@type":"PropertyValueSpecification","valueRequired":true,"valueName":"search_term_string"}}],"inLanguage":"is"},{"@type":"Organization","@id":"https:\/\/iwell-guard.com\/is\/#organization","name":"Ittermann electronic GmbH","url":"https:\/\/iwell-guard.com\/is\/","logo":{"@type":"ImageObject","inLanguage":"is","@id":"https:\/\/iwell-guard.com\/is\/#\/schema\/logo\/image\/","url":"https:\/\/iwell-guard.com\/wp-content\/uploads\/2026\/05\/Ittermann-Logo-1182x237-1.png","contentUrl":"https:\/\/iwell-guard.com\/wp-content\/uploads\/2026\/05\/Ittermann-Logo-1182x237-1.png","width":1182,"height":237,"caption":"Ittermann electronic GmbH"},"image":{"@id":"https:\/\/iwell-guard.com\/is\/#\/schema\/logo\/image\/"},"sameAs":["https:\/\/pantip.com\/profile\/9367242","https:\/\/micro.blog\/iwellguard","https:\/\/www.diggerslist.com\/iwellguard\/about","https:\/\/skitterphoto.com\/photographers\/2870314\/iwell-guard","https:\/\/iwellguard.wordpress.com\/2026\/06\/06\/iwell-guard\/","https:\/\/hub.docker.com\/u\/iwellguard","https:\/\/www.pinterest.com\/iwellguard\/","https:\/\/bit.ly\/m\/iwellguard","https:\/\/entre-vos-mains.alsace.eu\/profiles\/iwellguard\/activity","https:\/\/gravatar.com\/reallybeded8fd34","https:\/\/naijamatta.com\/iwellguard","https:\/\/www.goodreads.com\/iwellguard","https:\/\/profile.hatena.ne.jp\/iwellguard\/","https:\/\/experiment.com\/users\/iwellguard","https:\/\/wakelet.com\/@iWellGuard82270","https:\/\/www.chordie.com\/forum\/profile.php?id=2555664","https:\/\/www.instapaper.com\/p\/17757966","https:\/\/www.mapleprimes.com\/users\/iwellguard","https:\/\/businesslistingplus.com\/profile\/iwell-guard\/","https:\/\/telegra.ph\/iWell-Guard-06-06","https:\/\/pbase.com\/iwellguard\/iwellguard","https:\/\/b.hatena.ne.jp\/iwellguard\/20260607#bookmark-4788405196491818882","https:\/\/fliphtml5.com\/home\/iwellguard","https:\/\/anyflip.com\/homepage\/cmiwl#About","https:\/\/transfur.com\/Users\/iwellguard","http:\/\/delphi.larsbo.org\/user\/iwellguard","https:\/\/jobs.lajobsportal.org\/profiles\/8380803-iwell-guard","https:\/\/md.chaosdorf.de\/s\/jfbe5SBdJD","https:\/\/www.lingvolive.com\/en-us\/profile\/9ecaeaca-ce11-4e51-9e71-01d55e2bff36\/translations","https:\/\/www.fitday.com\/fitness\/forums\/members\/iwellguard.html","https:\/\/www.mymeetbook.com\/iwellguard","https:\/\/pxhere.com\/en\/photographer-me\/5040798","https:\/\/disqus.com\/by\/iwellguard\/about\/","https:\/\/pastelink.net\/hjwciqwq","https:\/\/pubhtml5.com\/homepage\/scjhn\/","https:\/\/www.bitchute.com\/channel\/2O2eOKzNqujT","https:\/\/audiomack.com\/iwellguard"]},{"@type":"Person","@id":"https:\/\/iwell-guard.com\/is\/#\/schema\/person\/ee2a27f1cac3406c7c6fb5820cb7349f","name":"Ralf Ittermann","image":{"@type":"ImageObject","inLanguage":"is","@id":"https:\/\/secure.gravatar.com\/avatar\/073c0153e350a5005b68eb752b445fea71f6b24a26da9449ad7e155e6b446c9d?s=96&d=mm&r=g","url":"https:\/\/secure.gravatar.com\/avatar\/073c0153e350a5005b68eb752b445fea71f6b24a26da9449ad7e155e6b446c9d?s=96&d=mm&r=g","contentUrl":"https:\/\/secure.gravatar.com\/avatar\/073c0153e350a5005b68eb752b445fea71f6b24a26da9449ad7e155e6b446c9d?s=96&d=mm&r=g","caption":"Ralf Ittermann"},"givenName":"Ralf","familyName":"Ittermann","jobTitle":"Gesch\u00e4ftsf\u00fchrer und redaktioneller Verantwortlicher","url":"https:\/\/iwell-guard.com\/is\/author\/claude\/","description":"Ralf Ittermann ist Gesch\u00e4ftsf\u00fchrer der Ittermann electronic GmbH und redaktioneller Verantwortlicher des iWell-Guard-Lexikons. Er verbindet langj\u00e4hrige Erfahrung in der Pr\u00e4zisionsfertigung mit medialer Praxis und religionsgeschichtlicher Quellenarbeit.","worksFor":{"@type":"Organization","name":"Ittermann electronic GmbH","url":"https:\/\/ittermann.de\/","address":{"@type":"PostalAddress","streetAddress":"K\u00f6hlergasse 16-18","postalCode":"99842","addressLocality":"Ruhla","addressCountry":"DE"}},"knowsAbout":["Religionsgeschichte","Mythologie","Mediale Praxis","Energetische Diagnostik","Schutzpraxis","Volksglauben","Westliche Esoterik"]},{"@type":"Article","@id":"https:\/\/iwell-guard.com\/is\/troll\/#article","isPartOf":{"@id":"https:\/\/iwell-guard.com\/is\/troll\/"},"author":{"name":"Ralf Ittermann","@id":"https:\/\/iwell-guard.com\/is\/#\/schema\/person\/ee2a27f1cac3406c7c6fb5820cb7349f"},"headline":"Tr\u00f6ll","datePublished":"2026-09-05T14:01:43+00:00","dateModified":"2026-09-05T14:15:27+00:00","mainEntityOfPage":{"@id":"https:\/\/iwell-guard.com\/is\/troll\/"},"publisher":{"@id":"https:\/\/iwell-guard.com\/is\/#organization"},"image":{"@id":"https:\/\/iwell-guard.com\/is\/troll\/#primaryimage"},"thumbnailUrl":"https:\/\/iwell-guard.com\/wp-content\/uploads\/2026\/04\/geister_germanisch_troll.webp","inLanguage":"is","description":"Tr\u00f6ll, risavaxin bergvera \u00far germanskri hef\u00f0. \u00c1 milli Eddu-\u00feursa og \u00fej\u00f3\u00f0sagna-\u00f3v\u00e6tta, tengd steini og j\u00f6tnum."}]}},"_links":{"self":[{"href":"https:\/\/iwell-guard.com\/is\/wp-json\/wp\/v2\/pages\/168630","targetHints":{"allow":["GET"]}}],"collection":[{"href":"https:\/\/iwell-guard.com\/is\/wp-json\/wp\/v2\/pages"}],"about":[{"href":"https:\/\/iwell-guard.com\/is\/wp-json\/wp\/v2\/types\/page"}],"author":[{"embeddable":true,"href":"https:\/\/iwell-guard.com\/is\/wp-json\/wp\/v2\/users\/3"}],"replies":[{"embeddable":true,"href":"https:\/\/iwell-guard.com\/is\/wp-json\/wp\/v2\/comments?post=168630"}],"version-history":[{"count":0,"href":"https:\/\/iwell-guard.com\/is\/wp-json\/wp\/v2\/pages\/168630\/revisions"}],"wp:featuredmedia":[{"embeddable":true,"href":"https:\/\/iwell-guard.com\/is\/wp-json\/wp\/v2\/media\/1570"}],"wp:attachment":[{"href":"https:\/\/iwell-guard.com\/is\/wp-json\/wp\/v2\/media?parent=168630"}],"wp:term":[{"taxonomy":"category","embeddable":true,"href":"https:\/\/iwell-guard.com\/is\/wp-json\/wp\/v2\/categories?post=168630"}],"curies":[{"name":"wp","href":"https:\/\/api.w.org\/{rel}","templated":true}]}}