{"id":168625,"date":"2026-09-05T14:01:40","date_gmt":"2026-09-05T14:01:40","guid":{"rendered":"https:\/\/iwell-guard.com\/?page_id=168625"},"modified":"2026-09-05T14:15:20","modified_gmt":"2026-09-05T14:15:20","slug":"ifrit","status":"publish","type":"page","link":"https:\/\/iwell-guard.com\/is\/ifrit\/","title":{"rendered":"Ifrit"},"content":{"rendered":"\t\t<div data-elementor-type=\"wp-page\" data-elementor-id=\"168625\" class=\"elementor elementor-168625 elementor-1026\" data-elementor-post-type=\"page\">\n\t\t\t\t<div class=\"elementor-element elementor-element-10fdade e-flex e-con-boxed e-con e-parent\" data-id=\"10fdade\" data-element_type=\"container\" data-e-type=\"container\" data-settings=\"{&quot;background_background&quot;:&quot;classic&quot;}\">\n\t\t\t\t\t<div class=\"e-con-inner\">\n\t\t<div class=\"elementor-element elementor-element-herohlft0 e-flex e-con-boxed e-con e-child\" data-id=\"herohlft0\" data-element_type=\"container\" data-e-type=\"container\">\n\t\t\t\t\t<div class=\"e-con-inner\">\n\t\t<div class=\"elementor-element elementor-element-c3ceb64 e-con-full e-flex e-con e-child\" data-id=\"c3ceb64\" data-element_type=\"container\" data-e-type=\"container\">\n\t\t\t\t<div class=\"elementor-element elementor-element-96ae5e1 elementor-widget elementor-widget-heading\" data-id=\"96ae5e1\" data-element_type=\"widget\" data-e-type=\"widget\" data-widget_type=\"heading.default\">\n\t\t\t\t\t<h1 class=\"elementor-heading-title elementor-size-default\">Ifrit, dj\u00f6full \u00edslamskrar hef\u00f0ar<\/h1>\t\t\t\t<\/div>\n\t\t\t\t<div class=\"elementor-element elementor-element-e45238a elementor-widget elementor-widget-text-editor\" data-id=\"e45238a\" data-element_type=\"widget\" data-e-type=\"widget\" data-widget_type=\"text-editor.default\">\n\t\t\t\t\t\t\t\t\t<p>Ifrit er <span class=\"iwg-fachbegriff\" data-tooltip=\"Andleg vera sem eignu\u00f0 er ska\u00f0leg e\u00f0a tv\u00edr\u00e6\u00f0 \u00e1hrif.\" tabindex=\"0\">dj\u00f6full<\/span> \u00edslamskrar hef\u00f0ar.<\/p><p>Hinir voldugu <span class=\"iwg-fachbegriff\" tabindex=\"0\" data-tooltip=\"\u00cd K\u00f3raninum verur \u00far reyklausum eldi me\u00f0 frj\u00e1lsan vilja, hvorki englar n\u00e9 dj\u00f6flar, heldur sj\u00e1lfst\u00e6\u00f0 sk\u00f6pun me\u00f0 eigin si\u00f0fer\u00f0i.\">jinnar<\/span>, eldverur \u00e1 milli Sal\u00f3mons-<span class=\"iwg-fachbegriff\" data-tooltip=\"Hef\u00f0bundin fr\u00e1s\u00f6gn um gu\u00f0i, uppruna og heimsskipan.\" tabindex=\"0\">go\u00f0sagnarinnar<\/span> og \u00de\u00fasund og einnar n\u00e6tur.<\/p>\t\t\t\t\t\t\t\t<\/div>\n\t\t\t\t<\/div>\n\t\t<div class=\"elementor-element elementor-element-klsbdg01 e-con-full e-flex e-con e-parent\" data-id=\"klsbdg01\" data-element_type=\"container\" data-e-type=\"container\">\n\t\t\t\t<div class=\"elementor-element elementor-element-klshtm01 elementor-widget elementor-widget-html\" data-id=\"klshtm01\" data-element_type=\"widget\" data-e-type=\"widget\" data-widget_type=\"html.default\">\n\t\t\t\t\t<div class=\"iwg-pill-row\"><span class=\"iwg-klasse-badge\" tabindex=\"0\" data-tooltip=\"Dj\u00f6full: Yfirn\u00e1tt\u00faruleg vera me\u00f0 a\u00f0 mestu ska\u00f0leg e\u00f0a tv\u00edr\u00e6\u00f0 \u00e1hrif. Stendur milli gu\u00f0a og manna, veldur sj\u00fakd\u00f3mum, freistingum e\u00f0a \u00f3h\u00f6ppum og er hrakin \u00e1 brott me\u00f0 \u00e1kalli, verjum og ath\u00f6fnum.\">Dj\u00f6full<\/span><a href=\"https:\/\/iwell-guard.com\/is\/?page_id=168613\" class=\"iwg-kultur-badge\" tabindex=\"0\" data-tooltip=\"\u00cdslamskur tr\u00faarheimur me\u00f0 erkienglum, jinn og tr\u00faarlegum verum.\">\u00cdslam<\/a><\/div>\t\t\t\t<\/div>\n\t\t\t\t<\/div>\n\t\t<div class=\"elementor-element elementor-element-3f74855 e-con-full e-flex e-con e-child\" data-id=\"3f74855\" data-element_type=\"container\" data-e-type=\"container\">\n\t\t\t\t<div class=\"elementor-element elementor-element-1c30362 elementor-toc--minimized-on-tablet elementor-widget elementor-widget-table-of-contents\" data-id=\"1c30362\" data-element_type=\"widget\" data-e-type=\"widget\" data-settings=\"{&quot;exclude_headings_by_selector&quot;:[],&quot;no_headings_message&quot;:&quot;Engar undirfyrirsagnir fundust \\u00e1 \\u00feessari s\\u00ed\\u00f0u.&quot;,&quot;headings_by_tags&quot;:[&quot;h2&quot;,&quot;h3&quot;],&quot;marker_view&quot;:&quot;bullets&quot;,&quot;icon&quot;:{&quot;value&quot;:&quot;fas fa-circle&quot;,&quot;library&quot;:&quot;fa-solid&quot;,&quot;rendered_tag&quot;:&quot;&lt;svg class=\\&quot;e-font-icon-svg e-fas-circle\\&quot; viewBox=\\&quot;0 0 512 512\\&quot; xmlns=\\&quot;http:\\\/\\\/www.w3.org\\\/2000\\\/svg\\&quot;&gt;&lt;path d=\\&quot;M256 8C119 8 8 119 8 256s111 248 248 248 248-111 248-248S393 8 256 8z\\&quot;&gt;&lt;\\\/path&gt;&lt;\\\/svg&gt;&quot;},&quot;minimize_box&quot;:&quot;yes&quot;,&quot;minimized_on&quot;:&quot;tablet&quot;,&quot;hierarchical_view&quot;:&quot;yes&quot;,&quot;min_height&quot;:{&quot;unit&quot;:&quot;px&quot;,&quot;size&quot;:&quot;&quot;,&quot;sizes&quot;:[]},&quot;min_height_tablet&quot;:{&quot;unit&quot;:&quot;px&quot;,&quot;size&quot;:&quot;&quot;,&quot;sizes&quot;:[]},&quot;min_height_mobile&quot;:{&quot;unit&quot;:&quot;px&quot;,&quot;size&quot;:&quot;&quot;,&quot;sizes&quot;:[]}}\" data-widget_type=\"table-of-contents.default\">\n\t\t\t\t\t\t\t\t\t<div class=\"elementor-toc__header\">\n\t\t\t\t\t\t<h2 class=\"elementor-toc__header-title\">\n\t\t\t\tEfnisyfirlit\t\t\t<\/h2>\n\t\t\t\t\t\t\t\t\t\t<div class=\"elementor-toc__toggle-button elementor-toc__toggle-button--expand\" role=\"button\" tabindex=\"0\" aria-controls=\"elementor-toc__1c30362\" aria-expanded=\"true\" aria-label=\"Open table of contents\"><svg aria-hidden=\"true\" class=\"e-font-icon-svg e-fas-chevron-down\" viewBox=\"0 0 448 512\" xmlns=\"http:\/\/www.w3.org\/2000\/svg\"><path d=\"M207.029 381.476L12.686 187.132c-9.373-9.373-9.373-24.569 0-33.941l22.667-22.667c9.357-9.357 24.522-9.375 33.901-.04L224 284.505l154.745-154.021c9.379-9.335 24.544-9.317 33.901.04l22.667 22.667c9.373 9.373 9.373 24.569 0 33.941L240.971 381.476c-9.373 9.372-24.569 9.372-33.942 0z\"><\/path><\/svg><\/div>\n\t\t\t\t<div class=\"elementor-toc__toggle-button elementor-toc__toggle-button--collapse\" role=\"button\" tabindex=\"0\" aria-controls=\"elementor-toc__1c30362\" aria-expanded=\"true\" aria-label=\"Close table of contents\"><svg aria-hidden=\"true\" class=\"e-font-icon-svg e-fas-chevron-up\" viewBox=\"0 0 448 512\" xmlns=\"http:\/\/www.w3.org\/2000\/svg\"><path d=\"M240.971 130.524l194.343 194.343c9.373 9.373 9.373 24.569 0 33.941l-22.667 22.667c-9.357 9.357-24.522 9.375-33.901.04L224 227.495 69.255 381.516c-9.379 9.335-24.544 9.317-33.901-.04l-22.667-22.667c-9.373-9.373-9.373-24.569 0-33.941L207.03 130.525c9.372-9.373 24.568-9.373 33.941-.001z\"><\/path><\/svg><\/div>\n\t\t\t\t\t<\/div>\n\t\t\t\t<div id=\"elementor-toc__1c30362\" class=\"elementor-toc__body\">\n\t\t\t<div class=\"elementor-toc__spinner-container\">\n\t\t\t\t<svg class=\"elementor-toc__spinner eicon-animation-spin e-font-icon-svg e-eicon-loading\" aria-hidden=\"true\" viewBox=\"0 0 1000 1000\" xmlns=\"http:\/\/www.w3.org\/2000\/svg\"><path d=\"M500 975V858C696 858 858 696 858 500S696 142 500 142 142 304 142 500H25C25 237 238 25 500 25S975 237 975 500 763 975 500 975Z\"><\/path><\/svg>\t\t\t<\/div>\n\t\t<\/div>\n\t\t\t\t\t\t<\/div>\n\t\t\t\t<\/div>\n\t\t\t\t\t<\/div>\n\t\t\t\t<\/div>\n\t\t<div class=\"elementor-element elementor-element-herorght0 e-con-full e-flex e-con e-child\" data-id=\"herorght0\" data-element_type=\"container\" data-e-type=\"container\">\n\t\t\t\t<div class=\"elementor-element elementor-element-heroimg00 iwg-hero-image elementor-widget elementor-widget-image\" data-id=\"heroimg00\" data-element_type=\"widget\" data-e-type=\"widget\" data-widget_type=\"image.default\">\n\t\t\t\t\t\t\t\t\t\t\t\t\t\t\t<img fetchpriority=\"high\" decoding=\"async\" width=\"683\" height=\"1024\" src=\"https:\/\/iwell-guard.com\/wp-content\/uploads\/2026\/04\/daemonen_islam_ifrit-683x1024.webp\" class=\"attachment-large size-large wp-image-171037\" alt=\"Ifr\u00edt - Dj\u00f6full \u00far \u00edslamskri hef\u00f0, s\u00f6guleg myndskreyting\" srcset=\"https:\/\/iwell-guard.com\/wp-content\/uploads\/2026\/04\/daemonen_islam_ifrit-683x1024.webp 683w, https:\/\/iwell-guard.com\/wp-content\/uploads\/2026\/04\/daemonen_islam_ifrit-200x300.webp 200w, https:\/\/iwell-guard.com\/wp-content\/uploads\/2026\/04\/daemonen_islam_ifrit-768x1152.webp 768w, https:\/\/iwell-guard.com\/wp-content\/uploads\/2026\/04\/daemonen_islam_ifrit.webp 1024w\" sizes=\"(max-width: 683px) 100vw, 683px\" \/>\t\t\t\t\t\t\t\t\t\t\t\t\t\t\t<\/div>\n\t\t\t\t<\/div>\n\t\t\t\t\t<\/div>\n\t\t\t\t<\/div>\n\t\t<div class=\"elementor-element elementor-element-32917199 e-flex e-con-boxed e-con e-parent\" data-id=\"32917199\" data-element_type=\"container\" data-e-type=\"container\">\n\t\t\t\t\t<div class=\"e-con-inner\">\n\t\t<div class=\"elementor-element elementor-element-26e916cb e-flex e-con-boxed e-con e-child\" data-id=\"26e916cb\" data-element_type=\"container\" data-e-type=\"container\">\n\t\t\t\t\t<div class=\"e-con-inner\">\n\t\t<div class=\"elementor-element elementor-element-253a40d4 e-flex e-con-boxed e-con e-child\" data-id=\"253a40d4\" data-element_type=\"container\" data-e-type=\"container\">\n\t\t\t\t\t<div class=\"e-con-inner\">\n\t\t\t\t<div class=\"elementor-element elementor-element-1200c304 elementor-widget elementor-widget-heading\" data-id=\"1200c304\" data-element_type=\"widget\" data-e-type=\"widget\" data-widget_type=\"heading.default\">\n\t\t\t\t\t<h2 class=\"elementor-heading-title elementor-size-default\">Ifrit<\/h2>\t\t\t\t<\/div>\n\t\t\t\t<div class=\"elementor-element elementor-element-11758e7f elementor-widget elementor-widget-text-editor\" data-id=\"11758e7f\" data-element_type=\"widget\" data-e-type=\"widget\" data-widget_type=\"text-editor.default\">\n\t\t\t\t\t\t\t\t\t<p>Ifrit er s\u00e9rlega voldug tegund jinna. K\u00f3raninn nefnir gestalt hans einu sinni (s\u00fara 27,39): Ifrit b\u00fd\u00f0st til a\u00f0 f\u00e6ra konungi Sal\u00f3mon h\u00e1s\u00e6ti drottningarinnar af Saba \u00e1 augabrag\u00f0i.<\/p><p>\u00deessi eina umfj\u00f6llun skilgreinir Ifrit n\u00fa \u00feegar: risavaxinn, sterkur, hra\u00f0ur, f\u00e6r um mikla <span class=\"iwg-fachbegriff\" data-tooltip=\"A\u00f0fer\u00f0ir sem reyna a\u00f0 hafa \u00e1hrif \u00e1 framvindu hlutanna me\u00f0 s\u00e9rst\u00f6kum ath\u00f6fnum e\u00f0a form\u00falum.\" tabindex=\"0\">galdra<\/span>. S\u00ed\u00f0ari hef\u00f0, s\u00e9rstaklega \u00de\u00fasund og eina n\u00f3tt, \u00fer\u00f3ar \u00far \u00feessu sj\u00e1lfst\u00e6\u00f0a pers\u00f3nu.<\/p><p>\u00d3l\u00edkt venjulegum jinnum eru Ifritar oft fjandsamlegir. \u00deeir vakta fj\u00e1rsj\u00f3\u00f0i, r\u00e6na prinsessum, berjast gegn hetjum, geta veri\u00f0 bundnir og \u00fevinga\u00f0ir, en geta einnig fl\u00fai\u00f0 og hefnt s\u00edn. \u00cd \u00fej\u00f3\u00f0tr\u00faarhugmyndum eru \u00feeir oft tengdir kirkjug\u00f6r\u00f0um, st\u00f6\u00f0um ofbeldisfulls dau\u00f0daga og hrj\u00f3strugum ey\u00f0im\u00f6rkum. Litur \u00feeirra er rau\u00f0ur e\u00f0a svartur, frumefni \u00feeirra eldur, st\u00e6r\u00f0 \u00feeirra ofurmannleg.<\/p><div><p><strong>Ifrit \u00ed K\u00f3raninum: Ofurm\u00e1ttugur jinn Sal\u00f3mons<\/strong><\/p><p>S\u00fara 27,39 nefnir Ifrit \u00far jinnaflokknum sem b\u00fd\u00f0st til a\u00f0 s\u00e6kja h\u00e1s\u00e6ti fyrir Sal\u00f3mon \u00e1\u00f0ur en hann getur blikka\u00f0 augunum. \u00deetta s\u00fdnir Ifrit sem sterkustu tegund jinna; \u00e1 sek\u00fandum geta \u00feeir framkv\u00e6mt kraftaverk sem myndi taka mannlega handverksmenn marga m\u00e1nu\u00f0i.<\/p><p>K\u00f3raninn notar \u00feetta sem myndl\u00edkingu fyrir alm\u00e6tti Gu\u00f0s: Ef Ifrit er svona voldugur, hversu miklu voldugri er \u00fe\u00e1 Allah? \u00deetta festir Ifrit \u00ed sessi sem heimsfr\u00e6\u00f0ilegan vi\u00f0mi\u00f0unarpunkt, sk\u00f6punarveru m\u00e1ttar sem l\u00fdtur enn vilja hreins mennsks konungs, svo fremi sem hann hafi hylli Allah.<\/p><p>Ifrit er si\u00f0fer\u00f0ilega hlutlaus \u00ed \u00feessari senu: hann uppfyllir verkefni \u00ed samr\u00e6mi vi\u00f0 yfirn\u00e1tt\u00farulega h\u00e6fileika s\u00edna. A\u00f0rir kaflar K\u00f3ransins leggja aftur \u00e1 m\u00f3ti \u00e1herslu \u00e1 a\u00f0 Ifritar geti einnig veri\u00f0 ey\u00f0andi og \u00ferj\u00f3skir; Ifrit sem \u00f3hl\u00fd\u00f0nast sp\u00e1manninum g\u00e6ti fari\u00f0 illa.<\/p><\/div>\t\t\t\t\t\t\t\t<\/div>\n\t\t\t\t\t<\/div>\n\t\t\t\t<\/div>\n\t\t<div class=\"elementor-element elementor-element-159dcf9a e-flex e-con-boxed e-con e-child\" data-id=\"159dcf9a\" data-element_type=\"container\" data-e-type=\"container\">\n\t\t\t\t\t<div class=\"e-con-inner\">\n\t\t\t\t<div class=\"elementor-element elementor-element-48cee66f elementor-widget elementor-widget-heading\" data-id=\"48cee66f\" data-element_type=\"widget\" data-e-type=\"widget\" data-widget_type=\"heading.default\">\n\t\t\t\t\t<h2 class=\"elementor-heading-title elementor-size-default\">\u00cd hnotskurn: Ifrit<\/h2>\t\t\t\t<\/div>\n\t\t\t\t<div class=\"elementor-element elementor-element-3f50d82c elementor-widget elementor-widget-text-editor\" data-id=\"3f50d82c\" data-element_type=\"widget\" data-e-type=\"widget\" data-widget_type=\"text-editor.default\">\n\t\t\t\t\t\t\t\t\t<p><strong>Ger\u00f0:<\/strong> Voldug jinna-undirtegund<br>Uppruni: eldur, ey\u00f0im\u00f6rk, sta\u00f0ir ofbeldisfulls dau\u00f0daga<br>Textar: K\u00f3raninn (s\u00fara 27,39), had\u00ed\u00fear, \u00de\u00fasund og ein n\u00f3tt<br>T\u00edmabil: 7. \u00f6ld til n\u00fat\u00edmans<br>A\u00f0aleinkenni: styrkur, st\u00e6r\u00f0, elde\u00f0li, oft fjandsamlegir<\/p>\t\t\t\t\t\t\t\t<\/div>\n\t\t\t\t\t<\/div>\n\t\t\t\t<\/div>\n\t\t\t\t\t<\/div>\n\t\t\t\t<\/div>\n\t\t\t\t\t<\/div>\n\t\t\t\t<\/div>\n\t\t<div class=\"elementor-element elementor-element-18613602 e-flex e-con-boxed e-con e-parent\" data-id=\"18613602\" data-element_type=\"container\" data-e-type=\"container\">\n\t\t\t\t\t<div class=\"e-con-inner\">\n\t\t\t\t<div class=\"elementor-element elementor-element-262b8a9f elementor-widget elementor-widget-heading\" data-id=\"262b8a9f\" data-element_type=\"widget\" data-e-type=\"widget\" data-widget_type=\"heading.default\">\n\t\t\t\t\t<h2 class=\"elementor-heading-title elementor-size-default\">Samhengi<\/h2>\t\t\t\t<\/div>\n\t\t<div class=\"elementor-element elementor-element-46dcb7d e-con-full e-flex e-con e-child\" data-id=\"46dcb7d\" data-element_type=\"container\" data-e-type=\"container\">\n\t\t<div class=\"elementor-element elementor-element-61d3ab3 e-flex e-con-boxed e-con e-child\" data-id=\"61d3ab3\" data-element_type=\"container\" data-e-type=\"container\">\n\t\t\t\t\t<div class=\"e-con-inner\">\n\t\t\t\t<div class=\"elementor-element elementor-element-117c166 elementor-widget elementor-widget-heading\" data-id=\"117c166\" data-element_type=\"widget\" data-e-type=\"widget\" data-widget_type=\"heading.default\">\n\t\t\t\t\t<div class=\"elementor-heading-title elementor-size-default\">T\u00edmabil textanna<\/div>\t\t\t\t<\/div>\n\t\t\t\t<div class=\"elementor-element elementor-element-73997a0 elementor-widget elementor-widget-text-editor\" data-id=\"73997a0\" data-element_type=\"widget\" data-e-type=\"widget\" data-widget_type=\"text-editor.default\">\n\t\t\t\t\t\t\t\t\t<p>K\u00f3ran\u00edsk umfj\u00f6llun \u00e1 7. \u00f6ld, \u00fatf\u00e6r\u00f0 b\u00f3kmenntapers\u00f3na \u00ed \u00de\u00fasund og einni n\u00f3tt (samantekt 9.\u201314. \u00f6ld), vi\u00f0staddur \u00ed mi\u00f0aldara\u00fej\u00f3\u00f0legri arab\u00edskri b\u00f3kmennt, n\u00fat\u00edma d\u00e6gurmenningu og fantas\u00eduhef\u00f0.<\/p>\t\t\t\t\t\t\t\t<\/div>\n\t\t\t\t\t<\/div>\n\t\t\t\t<\/div>\n\t\t<div class=\"elementor-element elementor-element-d47b156 e-flex e-con-boxed e-con e-child\" data-id=\"d47b156\" data-element_type=\"container\" data-e-type=\"container\">\n\t\t\t\t\t<div class=\"e-con-inner\">\n\t\t\t\t<div class=\"elementor-element elementor-element-ff38c2b elementor-widget elementor-widget-heading\" data-id=\"ff38c2b\" data-element_type=\"widget\" data-e-type=\"widget\" data-widget_type=\"heading.default\">\n\t\t\t\t\t<div class=\"elementor-heading-title elementor-size-default\">\u00datbrei\u00f0slusv\u00e6\u00f0i<\/div>\t\t\t\t<\/div>\n\t\t\t\t<div class=\"elementor-element elementor-element-4e49fcc elementor-widget elementor-widget-text-editor\" data-id=\"4e49fcc\" data-element_type=\"widget\" data-e-type=\"widget\" data-widget_type=\"text-editor.default\">\n\t\t\t\t\t\t\t\t\t<p>Arab\u00edska menningarsv\u00e6\u00f0i\u00f0 er upprunasta\u00f0urinn, \u00fatbreiddist um hinn \u00edslamska heim. N\u00fat\u00edma al\u00fej\u00f3\u00f0leg vi\u00f0vera \u00ed gegnum \u00fe\u00fd\u00f0ingar \u00de\u00fasund og einnar n\u00e6tur og fantas\u00edub\u00f3kmenntir.<\/p>\t\t\t\t\t\t\t\t<\/div>\n\t\t\t\t\t<\/div>\n\t\t\t\t<\/div>\n\t\t\t\t<\/div>\n\t\t<div class=\"elementor-element elementor-element-db03c39 e-con-full e-flex e-con e-child\" data-id=\"db03c39\" data-element_type=\"container\" data-e-type=\"container\">\n\t\t<div class=\"elementor-element elementor-element-229a87b e-flex e-con-boxed e-con e-child\" data-id=\"229a87b\" data-element_type=\"container\" data-e-type=\"container\">\n\t\t\t\t\t<div class=\"e-con-inner\">\n\t\t\t\t<div class=\"elementor-element elementor-element-1f471fc elementor-widget elementor-widget-heading\" data-id=\"1f471fc\" data-element_type=\"widget\" data-e-type=\"widget\" data-widget_type=\"heading.default\">\n\t\t\t\t\t<div class=\"elementor-heading-title elementor-size-default\">Heimildasta\u00f0a<\/div>\t\t\t\t<\/div>\n\t\t\t\t<div class=\"elementor-element elementor-element-36b1201 elementor-widget elementor-widget-text-editor\" data-id=\"36b1201\" data-element_type=\"widget\" data-e-type=\"widget\" data-widget_type=\"text-editor.default\">\n\t\t\t\t\t\t\t\t\t<p>K\u00f3raninn (s\u00fara 27,39), klass\u00edsk tafs\u00edr-sk\u00fdringarrit, \u00de\u00fasund og ein n\u00f3tt, al-Damiri, al-Qazwini <em>&#8216;Aja&#8217;ib al-Makhluqat<\/em>, n\u00fat\u00edma \u00fej\u00f3\u00f0fr\u00e6\u00f0irit.<\/p>\t\t\t\t\t\t\t\t<\/div>\n\t\t\t\t\t<\/div>\n\t\t\t\t<\/div>\n\t\t\t\t<\/div>\n\t\t\t\t\t<\/div>\n\t\t\t\t<\/div>\n\t\t<div class=\"elementor-element elementor-element-3ae0637c e-flex e-con-boxed e-con e-parent\" data-id=\"3ae0637c\" data-element_type=\"container\" data-e-type=\"container\">\n\t\t\t\t\t<div class=\"e-con-inner\">\n\t\t\t\t<div class=\"elementor-element elementor-element-31d07739 elementor-widget elementor-widget-heading\" data-id=\"31d07739\" data-element_type=\"widget\" data-e-type=\"widget\" data-widget_type=\"heading.default\">\n\t\t\t\t\t<h2 class=\"elementor-heading-title elementor-size-default\">Nafn<\/h2>\t\t\t\t<\/div>\n\t\t<div class=\"elementor-element elementor-element-b7642947 e-con-full e-flex e-con e-child\" data-id=\"b7642947\" data-element_type=\"container\" data-e-type=\"container\">\n\t\t\t\t<div class=\"elementor-element elementor-element-a086266 elementor-widget elementor-widget-text-editor\" data-id=\"a086266\" data-element_type=\"widget\" data-e-type=\"widget\" data-widget_type=\"text-editor.default\">\n\t\t\t\t\t\t\t\t\t<p><strong>Arab\u00edska:<\/strong> <em>\u02bfifr\u012bt<\/em> (eintala), <em>\u02bfaf\u0101r\u012bt<\/em> (fleirtala). Uppruni or\u00f0sins er \u00f3sk\u00fdr, m\u00f6gulega tengt \u201eryki&#8220; e\u00f0a \u201ekrafti&#8220;.<br>Enska: afrit, afreet.<br>Tengsl vi\u00f0 jinn: eigin voldug tegund, ofar venjulegum jinnum.<br>Ofar honum: <em>Marid<\/em>, enn m\u00e1ttugri, oft tengdur vatni.<\/p><p>Flokkunin jann &lt; jinn &lt; shaitan &lt; ifrit &lt; marid er ekki fastsett \u00ed K\u00f3raninum e\u00f0a had\u00ed\u00feunum, heldur afrakstur klass\u00edskra dj\u00f6flafr\u00e6\u00f0inga. \u00cd framkv\u00e6md er henni fylgt lauslega; \u00ed \u00fej\u00f3\u00f0tr\u00faarhef\u00f0 eru Ifritar oft tengdir s\u00e9rstaklega g\u00f6mlum e\u00f0a ofbeldisfullum framli\u00f0num.<\/p>\t\t\t\t\t\t\t\t<\/div>\n\t\t\t\t<\/div>\n\t\t\t\t\t<\/div>\n\t\t\t\t<\/div>\n\t\t<div class=\"elementor-element elementor-element-709a44a8 e-flex e-con-boxed e-con e-parent\" data-id=\"709a44a8\" data-element_type=\"container\" data-e-type=\"container\">\n\t\t\t\t\t<div class=\"e-con-inner\">\n\t\t\t\t<div class=\"elementor-element elementor-element-2f585873 elementor-widget elementor-widget-heading\" data-id=\"2f585873\" data-element_type=\"widget\" data-e-type=\"widget\" data-widget_type=\"heading.default\">\n\t\t\t\t\t<h2 class=\"elementor-heading-title elementor-size-default\">Einkenni<\/h2>\t\t\t\t<\/div>\n\t\t<div class=\"elementor-element elementor-element-70621c12 e-con-full e-flex e-con e-child\" data-id=\"70621c12\" data-element_type=\"container\" data-e-type=\"container\">\n\t\t\t\t<div class=\"elementor-element elementor-element-4296eb49 elementor-widget elementor-widget-text-editor\" data-id=\"4296eb49\" data-element_type=\"widget\" data-e-type=\"widget\" data-widget_type=\"text-editor.default\">\n\t\t\t\t\t\t\t\t\t<p><strong>\u00datlit<\/strong><\/p><p>Risavaxinn, oft l\u00fdst sem s\u00falur af reyk og eldi sem \u00fe\u00e9ttast \u00ed mannl\u00edka mynd. Hyrndur, me\u00f0 eldlegum augum og kl\u00f3al\u00edkum h\u00f6ndum. Rau\u00f0ur e\u00f0a svartur \u00e1 lit. \u00cd b\u00f3kmenntalegri \u00fdkjumynd n\u00e6r hann fr\u00e1 j\u00f6r\u00f0u til himins.<\/p><p><strong>Heg\u00f0un<\/strong><\/p><p>Stoltur, ofbeldishneig\u00f0ur, oft \u00f3a\u00f0gengilegur. \u00cd s\u00f6gum \u00de\u00fasund og einnar n\u00e6tur er hann oft bundinn (\u00ed fl\u00f6skum, innsiglum, verndargripum Sal\u00f3mons) og s\u00ed\u00f0an leystur \u00far l\u00e6\u00f0ingi, en \u00fe\u00e1 vill hann anna\u00f0hvort umbuna frelsara s\u00ednum e\u00f0a drepa hann. G\u00e6ddur g\u00f6ldrum, langl\u00edfur og erfitt a\u00f0 drepa.<\/p><p><strong>Verkunarsvi\u00f0<\/strong><\/p><p>Ey\u00f0im\u00f6rk, r\u00fastir, hellar, sta\u00f0ir \u00fear sem ofbeldisfullur dau\u00f0i hefur \u00e1tt s\u00e9r sta\u00f0. \u00cd \u00fej\u00f3\u00f0tr\u00fanni er hann oft bundinn \u00e1kve\u00f0num st\u00f6\u00f0um. Sumir Ifrit-verur eiga s\u00e9r pers\u00f3nulega s\u00f6gu (uppruna \u00far myrtri manneskju, <span class=\"iwg-fachbegriff\" data-tooltip=\"M\u00e1lform\u00fala sem \u00e1 a\u00f0 valda \u00f3g\u00e6fu hj\u00e1 pers\u00f3nu e\u00f0a hlut.\" tabindex=\"0\">b\u00f6lvun<\/span> og \u00feess h\u00e1ttar).<\/p><p><strong>Go\u00f0afr\u00e6\u00f0ileg flokkun<\/strong><\/p><p>Ekki einst\u00f6k skapa\u00f0ur pers\u00f3nuleiki, heldur \u00f6flug undirtegund djinna. \u00cd Sal\u00f3mons-hef\u00f0inni er Sal\u00f3mon s\u00fdndur sem drottnari yfir djinnunum og \u00fear me\u00f0 einnig yfir Ifrit-verunum; innsigli hans eru talin binda \u00fe\u00e6r.<\/p><div><p><strong>Ifrit \u00ed \u00edslamskri dj\u00f6flafr\u00e6\u00f0i og flokkun<\/strong><\/p><p>\u00cdslamskir dj\u00f6flafr\u00e6\u00f0ingar og gu\u00f0fr\u00e6\u00f0ingar, s\u00e9rstaklega fr\u00e1 10. \u00f6ld, flokku\u00f0u Ifrit sem \u00e6\u00f0stu e\u00f0a n\u00e6r \u00e6\u00f0stu tegund djinnanna. Al-Ghazali og s\u00ed\u00f0ari dulspekingar greindu \u00e1 milli g\u00f6fugra (tr\u00faa\u00f0ra) og illra Ifrit-vera. Illur Ifrit var \u00ed raun <span class=\"iwg-fachbegriff\" data-tooltip=\"Andleg vera sem eignu\u00f0 er ska\u00f0leg e\u00f0a tv\u00edr\u00e6\u00f0 \u00e1hrif.\" tabindex=\"0\">dj\u00f6full<\/span> \u00ed vestr\u00e6num skilningi: m\u00e1ttugur, g\u00e1fa\u00f0ur, hrekkj\u00f3ttur og hneig\u00f0ur til a\u00f0 t\u00e6la e\u00f0a ska\u00f0a menn.<\/p><p>\u00cdsl\u00f6msk <span class=\"iwg-fachbegriff\" data-tooltip=\"Athafnir sem reyna a\u00f0 hafa \u00e1hrif \u00e1 gang m\u00e1la me\u00f0 s\u00e9rst\u00f6kum verkum e\u00f0a form\u00falum.\" tabindex=\"0\">galdur<\/span> (<em>sihr<\/em>) nota\u00f0i Ifrit sem verkf\u00e6ri, sem var gu\u00f0fr\u00e6\u00f0ilega afar umdeilt: Var \u00fea\u00f0 villutr\u00fa e\u00f0a vi\u00f0urkennd galdralist a\u00f0 \u00e1kalla Ifrit? \u00deessi deila st\u00f3\u00f0 \u00ed gegnum aldir \u00edslamskrar fr\u00e6\u00f0imennsku. Ifrit g\u00e6ti ef til vill veri\u00f0 bundinn me\u00f0 k\u00f3ranlestri e\u00f0a yfirn\u00e1tt\u00farulegum samningum, en aldrei einfaldlega tort\u00edmt.<\/p><\/div>\t\t\t\t\t\t\t\t<\/div>\n\t\t\t\t<\/div>\n\t\t\t\t\t<\/div>\n\t\t\t\t<\/div>\n\t\t<div class=\"elementor-element elementor-element-44e71476 e-flex e-con-boxed e-con e-parent\" data-id=\"44e71476\" data-element_type=\"container\" data-e-type=\"container\">\n\t\t\t\t\t<div class=\"e-con-inner\">\n\t\t\t\t<div class=\"elementor-element elementor-element-3c1fc3f0 elementor-widget elementor-widget-heading\" data-id=\"3c1fc3f0\" data-element_type=\"widget\" data-e-type=\"widget\" data-widget_type=\"heading.default\">\n\t\t\t\t\t<h2 class=\"elementor-heading-title elementor-size-default\">Skyndikynning: Ifrit<\/h2>\t\t\t\t<\/div>\n\t\t<div class=\"elementor-element elementor-element-84f33b8e e-con-full e-flex e-con e-child\" data-id=\"84f33b8e\" data-element_type=\"container\" data-e-type=\"container\">\n\t\t\t\t<div class=\"elementor-element elementor-element-hqkdc67p elementor-widget elementor-widget-text-editor\" data-id=\"hqkdc67p\" data-element_type=\"widget\" data-e-type=\"widget\" data-widget_type=\"text-editor.default\">\n\t\t\t\t\t\t\t\t\t<p>Mikilv\u00e6gustu atri\u00f0in um Ifrit \u00ed hnotskurn.<\/p>\t\t\t\t\t\t\t\t<\/div>\n\t\t\t\t<\/div>\n\t\t<div class=\"elementor-element elementor-element-pemmx7c5 e-con-full e-flex e-con e-child\" data-id=\"pemmx7c5\" data-element_type=\"container\" data-e-type=\"container\">\n\t\t<div class=\"elementor-element elementor-element-pemmx7c1 e-con-full e-flex e-con e-child\" data-id=\"pemmx7c1\" data-element_type=\"container\" data-e-type=\"container\">\n\t\t<div class=\"elementor-element elementor-element-qh9oavvu iwg-steckbrief-card e-flex e-con-boxed e-con e-child\" data-id=\"qh9oavvu\" data-element_type=\"container\" data-e-type=\"container\">\n\t\t\t\t\t<div class=\"e-con-inner\">\n\t\t\t\t<div class=\"elementor-element elementor-element-awzx8k2k elementor-widget elementor-widget-heading\" data-id=\"awzx8k2k\" data-element_type=\"widget\" data-e-type=\"widget\" data-widget_type=\"heading.default\">\n\t\t\t\t\t<div class=\"elementor-heading-title elementor-size-default\">Uppruni<\/div>\t\t\t\t<\/div>\n\t\t\t\t<div class=\"elementor-element elementor-element-x6rowhv0 elementor-widget elementor-widget-text-editor\" data-id=\"x6rowhv0\" data-element_type=\"widget\" data-e-type=\"widget\" data-widget_type=\"text-editor.default\">\n\t\t\t\t\t\t\t\t\t<p>Voldug jinna-undirtegund \u00far eldi. \u00cd \u00fej\u00f3\u00f0tr\u00fa oft tengd ofbeldisfullum framli\u00f0num e\u00f0a fornum st\u00f6\u00f0um.<\/p>\t\t\t\t\t\t\t\t<\/div>\n\t\t\t\t\t<\/div>\n\t\t\t\t<\/div>\n\t\t<div class=\"elementor-element elementor-element-8e3o4kxs iwg-steckbrief-card e-flex e-con-boxed e-con e-child\" data-id=\"8e3o4kxs\" data-element_type=\"container\" data-e-type=\"container\">\n\t\t\t\t\t<div class=\"e-con-inner\">\n\t\t\t\t<div class=\"elementor-element elementor-element-08rkdgov elementor-widget elementor-widget-heading\" data-id=\"08rkdgov\" data-element_type=\"widget\" data-e-type=\"widget\" data-widget_type=\"heading.default\">\n\t\t\t\t\t<div class=\"elementor-heading-title elementor-size-default\">Verkunarsvi\u00f0<\/div>\t\t\t\t<\/div>\n\t\t\t\t<div class=\"elementor-element elementor-element-uwjelx8s elementor-widget elementor-widget-text-editor\" data-id=\"uwjelx8s\" data-element_type=\"widget\" data-e-type=\"widget\" data-widget_type=\"text-editor.default\">\n\t\t\t\t\t\t\t\t\t<p>Hetjur, fj\u00e1rsj\u00f3\u00f0aleitendur, grafarr\u00e6ningjar. \u00cd \u00fej\u00f3\u00f0tr\u00faarhugmyndum: f\u00f3lk sem gengur \u00f3varlega inn \u00ed r\u00fastir e\u00f0a ey\u00f0imerkursta\u00f0i.<\/p>\t\t\t\t\t\t\t\t<\/div>\n\t\t\t\t\t<\/div>\n\t\t\t\t<\/div>\n\t\t<div class=\"elementor-element elementor-element-jm2n74ec iwg-steckbrief-card e-flex e-con-boxed e-con e-child\" data-id=\"jm2n74ec\" data-element_type=\"container\" data-e-type=\"container\">\n\t\t\t\t\t<div class=\"e-con-inner\">\n\t\t\t\t<div class=\"elementor-element elementor-element-8vufse4c elementor-widget elementor-widget-heading\" data-id=\"8vufse4c\" data-element_type=\"widget\" data-e-type=\"widget\" data-widget_type=\"heading.default\">\n\t\t\t\t\t<div class=\"elementor-heading-title elementor-size-default\">Framsetning<\/div>\t\t\t\t<\/div>\n\t\t\t\t<div class=\"elementor-element elementor-element-mwb9u015 elementor-widget elementor-widget-text-editor\" data-id=\"mwb9u015\" data-element_type=\"widget\" data-e-type=\"widget\" data-widget_type=\"text-editor.default\">\n\t\t\t\t\t\t\t\t\t<p>Risavaxinn, eldheitur, hyrndur, me\u00f0 rau\u00f0a e\u00f0a svarta h\u00fa\u00f0. Birtist oft sem reyk- og elds\u00fala sem tekur \u00e1 sig mannlega mynd.<\/p>\t\t\t\t\t\t\t\t<\/div>\n\t\t\t\t\t<\/div>\n\t\t\t\t<\/div>\n\t\t\t\t<\/div>\n\t\t<div class=\"elementor-element elementor-element-pemmx7c2 e-con-full e-flex e-con e-child\" data-id=\"pemmx7c2\" data-element_type=\"container\" data-e-type=\"container\">\n\t\t<div class=\"elementor-element elementor-element-37ss2yr6 iwg-steckbrief-card e-flex e-con-boxed e-con e-child\" data-id=\"37ss2yr6\" data-element_type=\"container\" data-e-type=\"container\">\n\t\t\t\t\t<div class=\"e-con-inner\">\n\t\t\t\t<div class=\"elementor-element elementor-element-3v0wp3wx elementor-widget elementor-widget-heading\" data-id=\"3v0wp3wx\" data-element_type=\"widget\" data-e-type=\"widget\" data-widget_type=\"heading.default\">\n\t\t\t\t\t<div class=\"elementor-heading-title elementor-size-default\">Hlutverk<\/div>\t\t\t\t<\/div>\n\t\t\t\t<div class=\"elementor-element elementor-element-w3247g2m elementor-widget elementor-widget-text-editor\" data-id=\"w3247g2m\" data-element_type=\"widget\" data-e-type=\"widget\" data-widget_type=\"text-editor.default\">\n\t\t\t\t\t\t\t\t\t<p>Verndar fj\u00e1rsj\u00f3\u00f0i, r\u00e6nir f\u00f3lki, berst gegn hetjum. Magn\u00ferungin vera sem getur breytt um form, fer\u00f0ast \u00ed hvelli og or\u00f0i\u00f0 \u00f3s\u00fdnileg.<\/p>\t\t\t\t\t\t\t\t<\/div>\n\t\t\t\t\t<\/div>\n\t\t\t\t<\/div>\n\t\t<div class=\"elementor-element elementor-element-0qpjal9w iwg-steckbrief-card e-flex e-con-boxed e-con e-child\" data-id=\"0qpjal9w\" data-element_type=\"container\" data-e-type=\"container\">\n\t\t\t\t\t<div class=\"e-con-inner\">\n\t\t\t\t<div class=\"elementor-element elementor-element-6ndoih0o elementor-widget elementor-widget-heading\" data-id=\"6ndoih0o\" data-element_type=\"widget\" data-e-type=\"widget\" data-widget_type=\"heading.default\">\n\t\t\t\t\t<div class=\"elementor-heading-title elementor-size-default\">V\u00f6rn gegn Ifrit<\/div>\t\t\t\t<\/div>\n\t\t\t\t<div class=\"elementor-element elementor-element-6684tyh9 elementor-widget elementor-widget-text-editor\" data-id=\"6684tyh9\" data-element_type=\"widget\" data-e-type=\"widget\" data-widget_type=\"text-editor.default\">\n\t\t\t\t\t\t\t\t\t<p>K\u00f3ran\u00edskar verndarform\u00falur, innsigli Sal\u00f3mons (Dav\u00ed\u00f0sstjarnan, hexagram), markviss ruqya. \u00cd \u00de\u00fasund og einni n\u00f3tt: hyggindi og bindandi form\u00falur galdramanna.<\/p>\t\t\t\t\t\t\t\t<\/div>\n\t\t\t\t\t<\/div>\n\t\t\t\t<\/div>\n\t\t<div class=\"elementor-element elementor-element-3lfi7x32 iwg-steckbrief-card e-flex e-con-boxed e-con e-child\" data-id=\"3lfi7x32\" data-element_type=\"container\" data-e-type=\"container\">\n\t\t\t\t\t<div class=\"e-con-inner\">\n\t\t\t\t<div class=\"elementor-element elementor-element-0kg99ga1 elementor-widget elementor-widget-heading\" data-id=\"0kg99ga1\" data-element_type=\"widget\" data-e-type=\"widget\" data-widget_type=\"heading.default\">\n\t\t\t\t\t<div class=\"elementor-heading-title elementor-size-default\">Samb\u00e6rilegt<\/div>\t\t\t\t<\/div>\n\t\t\t\t<div class=\"elementor-element elementor-element-n0fum6kp elementor-widget elementor-widget-text-editor\" data-id=\"n0fum6kp\" data-element_type=\"widget\" data-e-type=\"widget\" data-widget_type=\"text-editor.default\">\n\t\t\t\t\t\t\t\t\t<p>Gr\u00edskir T\u00edtanar, risar (J\u00f6tnar, germanskir), mi\u00f0alda\u00f3v\u00e6ttir, d\u00e6migert n\u00fat\u00edma fantas\u00edufantas\u00edu-illvirki.<\/p>\t\t\t\t\t\t\t\t<\/div>\n\t\t\t\t\t<\/div>\n\t\t\t\t<\/div>\n\t\t\t\t<\/div>\n\t\t\t\t<\/div>\n\t\t\t\t\t<\/div>\n\t\t\t\t<\/div>\n\t\t<div class=\"elementor-element elementor-element-7533bc7a e-flex e-con-boxed e-con e-parent\" data-id=\"7533bc7a\" data-element_type=\"container\" data-e-type=\"container\">\n\t\t\t\t\t<div class=\"e-con-inner\">\n\t\t\t\t<div class=\"elementor-element elementor-element-2447d18d elementor-widget elementor-widget-heading\" data-id=\"2447d18d\" data-element_type=\"widget\" data-e-type=\"widget\" data-widget_type=\"heading.default\">\n\t\t\t\t\t<h2 class=\"elementor-heading-title elementor-size-default\">Umgengni og \u00fej\u00f3\u00f0tr\u00fa<\/h2>\t\t\t\t<\/div>\n\t\t<div class=\"elementor-element elementor-element-d5d0260c e-con-full e-flex e-con e-child\" data-id=\"d5d0260c\" data-element_type=\"container\" data-e-type=\"container\">\n\t\t\t\t<div class=\"elementor-element elementor-element-341be2ac elementor-widget elementor-widget-text-editor\" data-id=\"341be2ac\" data-element_type=\"widget\" data-e-type=\"widget\" data-widget_type=\"text-editor.default\">\n\t\t\t\t\t\t\t\t\t<p><strong>V\u00f6rn \u00e1 h\u00e6ttulegum st\u00f6\u00f0um<\/strong><\/p><p>\u00c1\u00f0ur en gengi\u00f0 er inn \u00ed r\u00fastir, ey\u00f0imerkursv\u00e6\u00f0i e\u00f0a g\u00f6mul virki: basmala, upplestur Ayat al-Kursi. Sal\u00f3m\u00f3n\u00edsk t\u00e1kn (hexagram, pentagram) eru algeng verndart\u00e1kn \u00ed \u00fej\u00f3\u00f0tr\u00faarlegum verndargripum.<\/p><p><strong>Ruqya vi\u00f0 m\u00e6tingu<\/strong><\/p><p>\u00deegar \u00e1hrifa Ifrit er tali\u00f0 vart, er ruqya framkv\u00e6md. \u00cd sumum nor\u00f0ur-afr\u00edskum hef\u00f0um eru heilu athafnirnar haldnar til a\u00f0 \u201efri\u00f0a&#8220; Ifrit, \u00fej\u00f3\u00f0tr\u00faarleg framkv\u00e6md sem r\u00e9tttr\u00fana\u00f0argu\u00f0fr\u00e6\u00f0ingar gagnr\u00fdna oft.<\/p><p><strong>B\u00f6nd \u00ed b\u00f3kmenntum<\/strong><\/p><p>\u00cd \u00de\u00fasund og einni n\u00f3tt er Ifrit bundinn me\u00f0 innsigli, fl\u00f6sku e\u00f0a t\u00f6fraform\u00falu. <span class=\"iwg-fachbegriff\" data-tooltip=\"Endurteki\u00f0 innihaldsstef \u00ed list e\u00f0a fr\u00e1s\u00f6gn.\" tabindex=\"0\">Myndefni\u00f0<\/span> er b\u00f3kmenntalegt, ekki gu\u00f0fr\u00e6\u00f0ilegt, en hefur m\u00f3ta\u00f0 vestr\u00e6na hugmynd um \u201e<span class=\"iwg-fachbegriff\" data-tooltip=\"L\u00edkamslaus vera sem eignu\u00f0 er \u00e1hrif \u00ed heiminum.\" tabindex=\"0\">anda<\/span> \u00far fl\u00f6skunni&#8220;.<\/p>\t\t\t\t\t\t\t\t<\/div>\n\t\t\t\t<\/div>\n\t\t\t\t\t<\/div>\n\t\t\t\t<\/div>\n\t\t<div class=\"elementor-element elementor-element-5a584676 e-flex e-con-boxed e-con e-parent\" data-id=\"5a584676\" data-element_type=\"container\" data-e-type=\"container\">\n\t\t\t\t\t<div class=\"e-con-inner\">\n\t\t\t\t<div class=\"elementor-element elementor-element-6d0757bf elementor-widget elementor-widget-heading\" data-id=\"6d0757bf\" data-element_type=\"widget\" data-e-type=\"widget\" data-widget_type=\"heading.default\">\n\t\t\t\t\t<h2 class=\"elementor-heading-title elementor-size-default\">Hli\u00f0st\u00e6\u00f0ur og m\u00f3ttaka<\/h2>\t\t\t\t<\/div>\n\t\t<div class=\"elementor-element elementor-element-60563f68 e-con-full e-flex e-con e-child\" data-id=\"60563f68\" data-element_type=\"container\" data-e-type=\"container\">\n\t\t\t\t<div class=\"elementor-element elementor-element-5a93fdd6 elementor-widget elementor-widget-text-editor\" data-id=\"5a93fdd6\" data-element_type=\"widget\" data-e-type=\"widget\" data-widget_type=\"text-editor.default\">\n\t\t\t\t\t\t\t\t\t<p><strong>Klass\u00edskar hli\u00f0st\u00e6\u00f0ur:<\/strong> Gr\u00edskir risar og j\u00f6tnar, germanskir j\u00f6tnar, egyptskir st\u00f3rdem\u00f3nar, \u00f6ll deila \u00feau ofurst\u00e6r\u00f0 og go\u00f0sagnakenndum krafti. Persneska peri-hef\u00f0in \u00feekkir svipa\u00f0ar verur.<\/p><p><strong>\u00de\u00fasund og ein n\u00f3tt:<\/strong> Ifrit-myndin \u00ed \u00de\u00fasund og einni n\u00f3tt (konungur Shahryar, fiskima\u00f0urinn og Ifrit, Aladd\u00edn) er hin mi\u00f0l\u00e6ga b\u00f3kmenntalega \u00fatf\u00e6rsla. \u00dea\u00f0an m\u00f3tar h\u00fan einnig vestr\u00e6na hugmynd um \u201eandann&#8220; (genie).<\/p><p><span data-nosnippet><strong>N\u00fat\u00edmad\u00e6gurmenning:<\/strong> Fantas\u00eduhlutverkaleikir (Dungeons &amp; Dragons, Final Fantasy) taka upp Ifrit sem s\u00e9rstaka pers\u00f3nu. Aladd\u00edn Disneys (1992) gerir milda\u00f0a \u00fatg\u00e1fu vins\u00e6la.<\/span><\/p><div><p><strong>Ifrit \u00ed \u00de\u00fasund og einni n\u00f3tt og arab\u00edskri <span class=\"iwg-fachbegriff\" data-tooltip=\"Hin var\u00f0veitta \u00fej\u00f3\u00f0menning me\u00f0 si\u00f0um, s\u00f6gum og s\u00f6ngvum.\" tabindex=\"0\">\u00fej\u00f3\u00f0menningu<\/span><\/strong><\/p><p>\u00cd <em>\u00de\u00fasund og einni n\u00f3tt<\/em> eru Ifrit s\u00fdndir sem frumger\u00f0ir m\u00e1ttugra og oft ey\u00f0ingarhneig\u00f0ra vera. \u00deeir lifa langa \u00e6vi (sumir eru aldagamlir), \u00feeir bera langr\u00e6kni, og \u00feeir geta gagnteki\u00f0 menn e\u00f0a breytt gervi s\u00ednu. Ifrit g\u00e6ti ey\u00f0ilagt heila borg, en getur einnig hj\u00e1lpa\u00f0 manni sem bindur hann e\u00f0a blekkir hann af hyggindum.<\/p><p>S\u00f6gurnar s\u00fdna oft a\u00f0 Ifrit eru bundnir st\u00f6\u00f0um e\u00f0a hlutum: t\u00f6frafl\u00f6skum, g\u00f6mlum r\u00fastum, heil\u00f6gum v\u00f6tnum. \u00deetta er arab\u00edsk \u00fatg\u00e1fa af almennum hugmyndum um bindingu <span class=\"iwg-fachbegriff\" data-tooltip=\"L\u00edkamslaus vera sem eignu\u00f0 er \u00e1hrif \u00ed heiminum.\" tabindex=\"0\">anda<\/span>.<\/p><p>\u00cd egypskri-arab\u00edskri \u00fej\u00f3\u00f0tr\u00fa bl\u00f6ndu\u00f0ust Ifrit-hef\u00f0ir eldri fara\u00f3skum og gr\u00edsk-r\u00f3mverskum <span class=\"iwg-fachbegriff\" data-tooltip=\"Andlega vera sem eignu\u00f0 er ska\u00f0leg e\u00f0a tv\u00edbent \u00e1hrif.\" tabindex=\"0\">dj\u00f6fla<\/span>-hugmyndum: Ifrit var stundum talinn b\u00f6lva\u00f0ur prestur, stundum n\u00e1tt\u00faruafl. \u00deessi bl\u00f6ndun er d\u00e6miger\u00f0 fyrir nor\u00f0ur-afr\u00edskar og austurlenskar tr\u00faarmenningar me\u00f0 dj\u00fapum s\u00f6gufl\u00f6gum.<\/p><\/div>\t\t\t\t\t\t\t\t<\/div>\n\t\t\t\t<\/div>\n\t\t\t\t\t<\/div>\n\t\t\t\t<\/div>\n\t\t<div class=\"elementor-element elementor-element-cpc540ace e-flex e-con-boxed e-con e-parent\" data-id=\"cpc540ace\" data-element_type=\"container\" data-e-type=\"container\">\n\t\t\t\t\t<div class=\"e-con-inner\">\n\t\t\t\t<div class=\"elementor-element elementor-element-cpf5f6f1b elementor-widget elementor-widget-heading\" data-id=\"cpf5f6f1b\" data-element_type=\"widget\" data-e-type=\"widget\" data-widget_type=\"heading.default\">\n\t\t\t\t\t<h2 class=\"elementor-heading-title elementor-size-default\">Ifrit \u00ed K\u00f3raninum og \u00ed frum\u00edslamskri t\u00falkun<\/h2>\t\t\t\t<\/div>\n\t\t<div class=\"elementor-element elementor-element-cp8e1d1fe e-con-full e-flex e-con e-child\" data-id=\"cp8e1d1fe\" data-element_type=\"container\" data-e-type=\"container\">\n\t\t\t\t<div class=\"elementor-element elementor-element-cp0b9b6a1 elementor-widget elementor-widget-text-editor\" data-id=\"cp0b9b6a1\" data-element_type=\"widget\" data-e-type=\"widget\" data-widget_type=\"text-editor.default\">\n\t\t\t\t\t\t\t\t\t<p>Or\u00f0i\u00f0 <em>ifrit<\/em> kemur fyrir \u00ed K\u00f3raninum a\u00f0eins einu sinni, nefnilega \u00ed s\u00faru 27, s\u00faru Maurans. \u00cd samhengi fr\u00e1sagnarins um Sal\u00f3mon og drottninguna af Saba spyr Sal\u00f3mon \u00feing sitt hver geti komi\u00f0 h\u00e1s\u00e6ti drottningarins til hans.<\/p><p>\u00de\u00e1 gefur sig fram Ifrit me\u00f0al Djinnanna og segist geta komi\u00f0 me\u00f0 h\u00e1s\u00e6ti\u00f0 \u00e1\u00f0ur en Sal\u00f3mon r\u00eds \u00far s\u00e6ti s\u00ednu. \u00c1\u00f0ur en hann framkv\u00e6mir \u00fea\u00f0 kemur \u00fe\u00f3 annar, sem hefur \u00feekkingu \u00far ritinu, me\u00f0 h\u00e1s\u00e6ti\u00f0 \u00e1 enn skemmri t\u00edma.<\/p><p>Af \u00feessum eina sta\u00f0 draga klass\u00edskir K\u00f3ransk\u00fdrendur mikilv\u00e6ga eiginleika Ifrit. Ifrit tilheyrir tegund Djinna, hann er af \u00f3venjulegum krafti og hra\u00f0a, og hann er h\u00e9r \u00ed \u00fej\u00f3nustu Sal\u00f3mons, sem samkv\u00e6mt K\u00f3ranfr\u00e1s\u00f6gninni haf\u00f0i veri\u00f0 gefi\u00f0 vald yfir Djinnunum.<\/p><p>\u00c1 sama t\u00edma s\u00fdnir fr\u00e1s\u00f6gnin takm\u00f6rkun, \u00fev\u00ed kraftur Ifrit er yfirstiginn af \u00feekkingu hins ritfr\u00f3\u00f0a.<\/p><p>Frum\u00edslamskir fr\u00e6\u00f0imenn hafa skili\u00f0 hugtaki\u00f0 \u00e1 mismunandi vegu. Sumir sk\u00fdrendur skildu <em>ifrit<\/em> sem heiti \u00e1 s\u00e9rstaklega sterkri e\u00f0a s\u00e9rstaklega illgjarnri tegund Djinna, a\u00f0rir t\u00f6ldu \u00fea\u00f0 frekar vera stigsmyndun sem tj\u00e1ir styrk og sl\u00e6g\u00f0.<\/p><p>\u00deessi \u00f3vissa hefur haldist gegnum alla hef\u00f0ina. Lj\u00f3st er a\u00f0 Ifrit er \u00ed k\u00f3ran\u00edska efninu ekki \u00f3tv\u00edr\u00e6tt illur, heldur m\u00e1ttugur Djinn, en e\u00f0li hans f\u00e6rist s\u00ed\u00f0ar meir yfir \u00ed meira \u00f3gnvekjandi \u00e1tt \u00ed s\u00ed\u00f0ari b\u00f3kmenntum.<\/p>\t\t\t\t\t\t\t\t<\/div>\n\t\t\t\t<\/div>\n\t\t\t\t\t<\/div>\n\t\t\t\t<\/div>\n\t\t<div class=\"elementor-element elementor-element-cpd83f22f e-flex e-con-boxed e-con e-parent\" data-id=\"cpd83f22f\" data-element_type=\"container\" data-e-type=\"container\">\n\t\t\t\t\t<div class=\"e-con-inner\">\n\t\t\t\t<div class=\"elementor-element elementor-element-cpd1f7362 elementor-widget elementor-widget-heading\" data-id=\"cpd1f7362\" data-element_type=\"widget\" data-e-type=\"widget\" data-widget_type=\"heading.default\">\n\t\t\t\t\t<h2 class=\"elementor-heading-title elementor-size-default\">Ifrit, Djinn og stigveldi hinna \u00f3s\u00fdnilegu vera<\/h2>\t\t\t\t<\/div>\n\t\t<div class=\"elementor-element elementor-element-cp8c87063 e-con-full e-flex e-con e-child\" data-id=\"cp8c87063\" data-element_type=\"container\" data-e-type=\"container\">\n\t\t\t\t<div class=\"elementor-element elementor-element-cp1170b80 elementor-widget elementor-widget-text-editor\" data-id=\"cp1170b80\" data-element_type=\"widget\" data-e-type=\"widget\" data-widget_type=\"text-editor.default\">\n\t\t\t\t\t\t\t\t\t<p>Ifrit ver\u00f0ur a\u00f0eins skilinn \u00ed samhengi vi\u00f0 alla \u00edslamska kenningu um djinna. Samkv\u00e6mt \u00edslamskri tr\u00fa eru djinn sj\u00e1lfst\u00e6\u00f0 sk\u00f6punartegund, sk\u00f6pu\u00f0 \u00far reyklausum eldi, \u00e1 me\u00f0an ma\u00f0urinn er skapa\u00f0ur \u00far leir.<\/p><p>\u00deeir eru dau\u00f0legir, fj\u00f6lga s\u00e9r, hafa tr\u00faarbr\u00f6g\u00f0 og \u00e1byrg\u00f0 og geta veri\u00f0 tr\u00faa\u00f0ir e\u00f0a vantr\u00faa\u00f0ir. Innan \u00feessarar tegundar \u00feekkir hef\u00f0in \u00fdmsar ger\u00f0ir og stigveldi, og Ifrit er venjulega flokka\u00f0ur sem s\u00e9rlega \u00f6flug tegund, oft fjandsamleg m\u00f6nnum.<\/p><p>S\u00ed\u00f0ari \u00fej\u00f3\u00f0leg og l\u00e6r\u00f0 b\u00f3kmenntahef\u00f0 hefur reynt a\u00f0 setja upp stigveldi djinnanna.<\/p><p>\u00cd sumum upptalningum birtast, fr\u00e1 veikara til sterkara, venjulegir djinn, s\u00ed\u00f0an <em>ifrit<\/em> sem sterkara og h\u00e6ttulegra stig, og loks <em>marid<\/em> sem m\u00e1ttugasta og \u00ferj\u00f3skasta tegundin. \u00deessi stigveldi eru \u00fe\u00f3 ekki samr\u00e6md \u00ed heimildum og eru breytileg eftir uppruna. \u00deau eru fremur tilraunir sagnahef\u00f0arinnar til a\u00f0 skapa reglu en fastm\u00f3tu\u00f0 gu\u00f0fr\u00e6\u00f0ileg kenning.<\/p><p>Tr\u00faarbrag\u00f0afr\u00e6\u00f0ilega er mikilv\u00e6gt a\u00f0 Ifrit er \u00fear me\u00f0 ekki <span class=\"iwg-fachbegriff\" data-tooltip=\"Andleg vera sem eignu\u00f0 er ska\u00f0leg e\u00f0a tv\u00edr\u00e6\u00f0 \u00e1hrif.\" tabindex=\"0\">dj\u00f6full<\/span> \u00ed kristnum skilningi. Hann er ekki fallinn <span class=\"iwg-fachbegriff\" data-tooltip=\"\u00cd abraham\u00edskum tr\u00faarbr\u00f6g\u00f0um himneskur sendibo\u00f0i Gu\u00f0s.\" tabindex=\"0\">engill<\/span> og er ekki \u00ed grundvallaratri\u00f0um bundinn hinu illa. Hann tilheyrir skapa\u00f0ri tegund sem, l\u00edkt og mennirnir, er undirorpin si\u00f0fer\u00f0ilegri pr\u00f3fraun.<\/p><p>A\u00f0 Ifrit birtist engu a\u00f0 s\u00ed\u00f0ur \u00ed m\u00f6rgum s\u00f6gum sem h\u00e6ttulegur og illvilja\u00f0ur tilheyrir fr\u00e1sagnarlegri \u00fatf\u00e6rslu, ekki gu\u00f0fr\u00e6\u00f0ilegri skilgreiningu. \u00cdsl\u00f6msk kenning \u00feekkir vissulega tr\u00faa\u00f0a djinna, og \u00ed grundvallaratri\u00f0um getur einnig Ifrit talist til hinna tr\u00fau\u00f0u.<\/p>\t\t\t\t\t\t\t\t<\/div>\n\t\t\t\t<\/div>\n\t\t\t\t\t<\/div>\n\t\t\t\t<\/div>\n\t\t<div class=\"elementor-element elementor-element-cp379a2cc e-flex e-con-boxed e-con e-parent\" data-id=\"cp379a2cc\" data-element_type=\"container\" data-e-type=\"container\">\n\t\t\t\t\t<div class=\"e-con-inner\">\n\t\t\t\t<div class=\"elementor-element elementor-element-cpdfc0db2 elementor-widget elementor-widget-heading\" data-id=\"cpdfc0db2\" data-element_type=\"widget\" data-e-type=\"widget\" data-widget_type=\"heading.default\">\n\t\t\t\t\t<h2 class=\"elementor-heading-title elementor-size-default\">Ifritinn \u00ed \u00de\u00fasund og einni n\u00f3tt og \u00ed n\u00fat\u00edmavi\u00f0t\u00f6kum<\/h2>\t\t\t\t<\/div>\n\t\t<div class=\"elementor-element elementor-element-cp4a5f1d5 e-con-full e-flex e-con e-child\" data-id=\"cp4a5f1d5\" data-element_type=\"container\" data-e-type=\"container\">\n\t\t\t\t<div class=\"elementor-element elementor-element-cpe9f941d elementor-widget elementor-widget-text-editor\" data-id=\"cpe9f941d\" data-element_type=\"widget\" data-e-type=\"widget\" data-widget_type=\"text-editor.default\">\n\t\t\t\t\t\t\t\t\t<p>Myndin sem flestir hafa af ifritnum \u00ed dag kemur ekki fyrst og fremst fr\u00e1 K\u00f3raninum heldur fr\u00e1 sagnasafninu <em>\u00de\u00fasund og einni n\u00f3tt<\/em> og \u00far n\u00fat\u00edmapoppmenningu.<\/p><p>\u00cd arab\u00edskum s\u00f6gum er ifritinn endurtekin pers\u00f3na, gr\u00ed\u00f0arst\u00f3r, oft \u00f3gnvekjandi <span class=\"iwg-fachbegriff\" data-tooltip=\"L\u00edkamslaus vera sem s\u00f6g\u00f0 er hafa \u00e1hrif \u00ed heiminum.\" tabindex=\"0\">andi<\/span>, sem getur veri\u00f0 loka\u00f0ur inni \u00ed fl\u00f6skum e\u00f0a \u00edl\u00e1tum, uppfyllir \u00f3skir e\u00f0a hefnir s\u00edn og hefur yfir a\u00f0 r\u00e1\u00f0a miklum t\u00f6fram\u00e6tti.<\/p><p>Einkennandi fyrir s\u00f6gurnar er tv\u00edbendni ifritsins. \u00cd sumum s\u00f6gum er hann hefnigjarn og dey\u00f0ir, \u00ed \u00f6\u00f0rum er hann bundinn ei\u00f0i e\u00f0a fangelsun og \u00fej\u00f3nar nau\u00f0ugur.<\/p><p>Evr\u00f3psk vi\u00f0taka fr\u00e1 \u00fe\u00fd\u00f0ingu Antoine Gallands \u00ed upphafi \u00e1tj\u00e1ndu aldar hefur tengt ifritinn \u00fe\u00e9tt vi\u00f0 hugmyndina um fl\u00f6skuandann, \u00fe\u00f3tt \u00feessi tengsl s\u00e9u \u00ed hinni brei\u00f0ari \u00edsl\u00f6msku <span class=\"iwg-fachbegriff\" data-tooltip=\"Mi\u00f0lun \u00feekkingar og sagna milli kynsl\u00f3\u00f0a.\" tabindex=\"0\">munnm\u00e6lahef\u00f0<\/span> a\u00f0eins eitt <span class=\"iwg-fachbegriff\" data-tooltip=\"Endurteki\u00f0 efnislegt stef \u00ed list e\u00f0a fr\u00e1s\u00f6gn.\" tabindex=\"0\">minni<\/span> af m\u00f6rgum.<\/p><p>\u00cd n\u00fat\u00edmapoppmenningu, \u00ed fantas\u00edub\u00f3kmenntum, kvikmyndum og t\u00f6lvuleikjum, hefur ifritinn oft or\u00f0i\u00f0 a\u00f0 hreinni eldveru, birtingarmynd eldsins. \u00deessi \u00ferenging er skiljanleg \u00fear sem jinn eru sk\u00f6pu\u00f0 \u00far eldi, en h\u00fan einfaldar upprunalegu hugmyndina verulega.<\/p><p>Tr\u00faarbrag\u00f0afr\u00e6\u00f0ileg athugun greinir \u00fev\u00ed vandlega \u00ferj\u00fa l\u00f6g: hinn knappa k\u00f3ranska vitnisbur\u00f0 um sterkan jinn \u00ed \u00fej\u00f3nustu Sal\u00f3mons, gu\u00f0fr\u00e6\u00f0ilega flokkun innan l\u00e6rd\u00f3msins um jinn, og hina r\u00edku en aukaatri\u00f0islegu sagnahef\u00f0 sem hefur gert ifritinn a\u00f0 litr\u00edkri s\u00f6gupers\u00f3nu. S\u00e1 sem vill skilja ifritinn \u00e6tti ekki a\u00f0 blanda \u00feessum l\u00f6gum saman.<\/p>\t\t\t\t\t\t\t\t<\/div>\n\t\t\t\t<\/div>\n\t\t\t\t\t<\/div>\n\t\t\t\t<\/div>\n\t\t<div class=\"elementor-element elementor-element-36dd7469 e-flex e-con-boxed e-con e-parent\" data-id=\"36dd7469\" data-element_type=\"container\" data-e-type=\"container\">\n\t\t\t\t\t<div class=\"e-con-inner\">\n\t\t\t\t<div class=\"elementor-element elementor-element-13760ab4 elementor-widget elementor-widget-heading\" data-id=\"13760ab4\" data-element_type=\"widget\" data-e-type=\"widget\" data-widget_type=\"heading.default\">\n\t\t\t\t\t<h2 class=\"elementor-heading-title elementor-size-default\">\u00cdtarefni og tenglar<\/h2>\t\t\t\t<\/div>\n\t\t<div class=\"elementor-element elementor-element-28c87796 e-con-full e-flex e-con e-child\" data-id=\"28c87796\" data-element_type=\"container\" data-e-type=\"container\">\n\t\t\t\t<div class=\"elementor-element elementor-element-5d6538df elementor-widget elementor-widget-text-editor\" data-id=\"5d6538df\" data-element_type=\"widget\" data-e-type=\"widget\" data-widget_type=\"text-editor.default\">\n\t\t\t\t\t\t\t\t\t<p>R\u00e1\u00f0lag\u00f0ar innri tenglar:<\/p><ul><li><a href=\"https:\/\/iwell-guard.com\/is\/?page_id=168613\">\u00cdslam<\/a><\/li><li>Iblis, Jinn, Shayatin, Ghul<\/li><li>\u00de\u00fasund og ein n\u00f3tt (b\u00f3kmenntaleg heimild)<\/li><li>Sal\u00f3mons-hef\u00f0 og innsigli<\/li><li>Fantas\u00eduvi\u00f0taka og popmenning<\/li><\/ul>\t\t\t\t\t\t\t\t<\/div>\n\t\t\t\t<\/div>\n\t\t\t\t\t<\/div>\n\t\t\t\t<\/div>\n\t\t<div class=\"elementor-element elementor-element-grl4kl40 e-flex e-con-boxed e-con e-parent\" data-id=\"grl4kl40\" data-element_type=\"container\" data-e-type=\"container\">\n\t\t\t\t\t<div class=\"e-con-inner\">\n\t\t\t\t<div class=\"elementor-element elementor-element-bzsbfrmh elementor-widget elementor-widget-heading\" data-id=\"bzsbfrmh\" data-element_type=\"widget\" data-e-type=\"widget\" data-widget_type=\"heading.default\">\n\t\t\t\t\t<h2 class=\"elementor-heading-title elementor-size-default\">Heimildir og fr\u00e6\u00f0irit<\/h2>\t\t\t\t<\/div>\n\t\t<div class=\"elementor-element elementor-element-2c13224a e-con-full e-flex e-con e-child\" data-id=\"2c13224a\" data-element_type=\"container\" data-e-type=\"container\">\n\t\t\t\t<div class=\"elementor-element elementor-element-0eymh9ub elementor-widget elementor-widget-text-editor\" data-id=\"0eymh9ub\" data-element_type=\"widget\" data-e-type=\"widget\" data-widget_type=\"text-editor.default\">\n\t\t\t\t\t\t\t\t\t<footer class=\"iwg-literatur\"><p>\u00darval mikilv\u00e6gra rita um ifrit og tengdar verur:<\/p><ul><li><span data-nosnippet>Marzolph, Ulrich \/ van Leeuwen, Richard: <em><a href=\"https:\/\/archive.org\/details\/arabiannightsenc0000unse\" target=\"_blank\" rel=\"noopener noreferrer\">The Arabian Nights Encyclopedia<\/a><\/em>. 2 Bde. Santa Barbara 2004.<\/span><\/li><li><span data-nosnippet>Irwin, Robert: <em>The Arabian Nights. A Companion<\/em>. London 1994.<\/span><\/li><li><span data-nosnippet>N\u00fcnlist, Tobias: <em>D\u00e4monenglaube im Islam<\/em>. Berlin 2015.<\/span><\/li><\/ul><div data-nosnippet=\"true\" class=\"iwg-litliste\"><\/div><\/footer>\n<p class=\"iwg-bib-more\"><span data-nosnippet>Fleiri lykilrit \u00ed <a href=\"https:\/\/iwell-guard.com\/is\/?page_id=168730\">heimildaskr\u00e1nni<\/a>.<\/span><\/p>\t\t\t\t\t\t\t\t<\/div>\n\t\t\t\t<\/div>\n\t\t\t\t\t<\/div>\n\t\t\t\t<\/div>\n\t\t<div class=\"elementor-element elementor-element-iwgca-ifrit-sec e-flex e-con-boxed e-con e-parent\" data-id=\"iwgca-ifrit-sec\" data-element_type=\"container\" data-e-type=\"container\" id=\"iwg-ca-ifrit\">\n\t\t\t\t\t<div class=\"e-con-inner\">\n\t\t\t\t<div class=\"elementor-element elementor-element-iwgca-ifrit-te iwg-ca-textwrap elementor-widget elementor-widget-text-editor\" data-id=\"iwgca-ifrit-te\" data-element_type=\"widget\" data-e-type=\"widget\" data-widget_type=\"text-editor.default\">\n\t\t\t\t\t\t\t\t\t<div data-nosnippet=\"true\"><p class=\"iwg-ca-bridge\">Verndarhef\u00f0in sem h\u00e9r er l\u00fdst er v\u00edsindaleg \u00fattekt \u00e1 s\u00f6guhef\u00f0um. iWell Guard tengist \u00feessari menningars\u00f6gulegu hef\u00f0 verndargripa sem borin eru \u00e1 l\u00edkamanum og er n\u00fat\u00edmaleg \u00fatf\u00e6rsla \u00e1 henni. <a href=\"\/ueber-iwell-guard\/?utm_source=iwell-guard.com&#038;utm_medium=text-link&#038;utm_campaign=schadwesen-tradition\">Meira um iWell Guard \u2192<\/a><\/p><\/div>\t\t\t\t\t\t\t\t<\/div>\n\t\t\t\t\t<\/div>\n\t\t\t\t<\/div>\n\t\t<div class=\"elementor-element elementor-element-db42ae3 e-con-boxed e-flex e-con e-parent\" data-id=\"db42ae3\" data-element_type=\"container\" data-e-type=\"container\">\n\t\t\t\t\t<div class=\"e-con-inner\">\n\t\t\t\t<div class=\"elementor-element elementor-element-a34157e elementor-widget elementor-widget-text-editor\" data-id=\"a34157e\" data-element_type=\"widget\" data-e-type=\"widget\" data-widget_type=\"text-editor.default\">\n\t\t\t\t\t\t\t\t\t\n<h2>Algengar spurningar um Ifrit<\/h2>\n<div class=\"iwg-faq-q\"><h3>Hva\u00f0 er Ifrit \u00ed \u00edslam?<\/h3><p>Ifrit (arab\u00edska \u02bfifr\u012bt, einnig Efreet, Afrit) er \u00ed \u00edslam s\u00e9rlega \u00f6flug og h\u00e6ttuleg tegund djinna, veranna sem skapa\u00f0ar eru \u00far reyklausum eldi. K\u00f3raninn nefnir Ifrit sem \u00fej\u00f3n Sal\u00f3mons, sem gat s\u00f3tt h\u00e1s\u00e6ti drottningarinnar af Saba \u00e1 einu andartaki (s\u00fara 27,39).<\/p><p>Ifrit-ar eru taldir sterkastir djinna, oft langl\u00edfir, g\u00e6ddir skynsemi, vilja og h\u00e6fileikanum til a\u00f0 skipta um gervi. \u00cd \u00fej\u00f3\u00f0tr\u00fanni eru \u00feeir oftast illgjarnir og ver\u00f0ur a\u00f0 hafa stj\u00f3rn \u00e1 \u00feeim me\u00f0 s\u00e9rst\u00f6kum \u00e1kv\u00e6\u00f0um.<\/p><\/div>\n<div class=\"iwg-faq-q\"><h3>Hver er munurinn \u00e1 Ifrit, djinni og Shaitan?<\/h3><p>Djinn er yfirheiti fyrir allar verur skapa\u00f0ar \u00far reyklausum eldi, s\u00e9rstakur sk\u00f6punarflokkur vi\u00f0 hli\u00f0 engla og manna, me\u00f0 frj\u00e1lsan vilja og \u00fev\u00ed frj\u00e1lst val milli g\u00f3\u00f0s og ills. Ifrit er s\u00e9rlega \u00f6flugur undirflokkur djinna, oft l\u00fdst sem illum e\u00f0a vantr\u00fau\u00f0um.<\/p><p>Shaitan (arab\u00edska fyrir Satan) er samheiti yfir allar verur sem sn\u00faast gegn Gu\u00f0i, b\u00e6\u00f0i me\u00f0al djinna og a\u00f0rar t\u00e1lvera. Iblis, fr\u00e6gasti Shaitan, er sj\u00e1lfur djinn.<\/p><\/div>\n<script type=\"application\/ld+json\">{\"@context\":\"https:\/\/schema.org\",\"@type\":\"FAQPage\",\"mainEntity\":[{\"@type\":\"Question\",\"name\":\"Hva\u00f0 er Ifrit \u00ed \u00edslam?\",\"acceptedAnswer\":{\"@type\":\"Answer\",\"text\":\"Ifrit (arab\u00edska \\u02bfifr\\u012bt, einnig Efreet, Afrit) er \u00ed \u00edslam s\u00e9rlega \u00f6flug og h\u00e6ttuleg tegund djinna \\u2014 veranna sem skapa\u00f0ar eru \u00far reyklausum eldi. K\u00f3raninn nefnir Ifrit sem \u00fej\u00f3n Sal\u00f3mons, sem gat s\u00f3tt h\u00e1s\u00e6ti drottningarinnar af Saba \u00e1 einu andartaki (s\u00fara 27,39). Ifrit-ar eru taldir sterkastir djinna, oft langl\u00edfir, g\u00e6ddir skynsemi, vilja og h\u00e6fileikanum til a\u00f0 skipta um gervi. \u00cd \u00fej\u00f3\u00f0tr\u00fanni eru \u00feeir oftast illgjarnir og ver\u00f0ur a\u00f0 hafa stj\u00f3rn \u00e1 \u00feeim me\u00f0 s\u00e9rst\u00f6kum \u00e1kv\u00e6\u00f0um.\"}},{\"@type\":\"Question\",\"name\":\"Hver er munurinn \u00e1 Ifrit, djinni og Shaitan?\",\"acceptedAnswer\":{\"@type\":\"Answer\",\"text\":\"Djinn er yfirheiti fyrir allar verur skapa\u00f0ar \u00far reyklausum eldi \\u2014 s\u00e9rstakur sk\u00f6punarflokkur vi\u00f0 hli\u00f0 engla og manna, me\u00f0 frj\u00e1lsan vilja og \u00fev\u00ed frj\u00e1lst val milli g\u00f3\u00f0s og ills. Ifrit er s\u00e9rlega \u00f6flugur undirflokkur djinna, oft l\u00fdst sem illum e\u00f0a vantr\u00fau\u00f0um. Shaitan (arab\u00edska fyrir Satan) er samheiti yfir allar verur sem sn\u00faast gegn Gu\u00f0i \\u2014 b\u00e6\u00f0i me\u00f0al djinna og a\u00f0rar t\u00e1lvera. Iblis, fr\u00e6gasti Shaitan, er sj\u00e1lfur djinn.\"}}]}<\/script>\t\t\t\t\t\t\t\t<\/div>\n\t\t\t\t\t<\/div>\n\t\t\t\t<\/div>\n\t\t\t\t<\/div>\n\t\t","protected":false},"excerpt":{"rendered":"","protected":false},"author":3,"featured_media":1664,"parent":0,"menu_order":0,"comment_status":"closed","ping_status":"closed","template":"elementor_header_footer","meta":{"_yoast_wpseo_focuskw":"Ifrit","_yoast_wpseo_title":"Ifrit \u2013 hinir voldugu eldjinnar \u00edslams","_yoast_wpseo_metadesc":"Ifrit, hinir voldugu jinnar \u00edslamskrar hef\u00f0ar. Eldverur \u00e1 milli Sal\u00f3mons-go\u00f0sagnarinnar, \u00de\u00fasund og einnar n\u00e6tur og hinnar k\u00f3ran\u00edsku flokkunar.","_yoast_wpseo_meta-robots-noindex":"","_yoast_wpseo_canonical":"","_angie_page":false,"gefaehrdungsstufe":"4","wesen_kultur":"islam","wesen_klasse":"daemonen","footnotes":""},"categories":[],"class_list":["post-168625","page","type-page","status-publish","has-post-thumbnail","hentry"],"yoast_head":"<!-- This site is optimized with the Yoast SEO Premium plugin v27.7 (Yoast SEO v28.3) - https:\/\/yoast.com\/product\/yoast-seo-premium-wordpress\/ -->\n<title>Ifrit \u2013 hinir voldugu eldjinnar \u00edslams<\/title>\n<meta name=\"description\" content=\"Ifrit, hinir voldugu jinnar \u00edslamskrar hef\u00f0ar. Eldverur \u00e1 milli Sal\u00f3mons-go\u00f0sagnarinnar, \u00de\u00fasund og einnar n\u00e6tur og hinnar k\u00f3ran\u00edsku flokkunar.\" \/>\n<meta name=\"robots\" content=\"index, follow, max-snippet:-1, max-image-preview:large, max-video-preview:-1\" \/>\n<link rel=\"canonical\" href=\"https:\/\/iwell-guard.com\/is\/ifrit\/\" \/>\n<meta property=\"og:locale\" content=\"is_IS\" \/>\n<meta property=\"og:type\" content=\"article\" \/>\n<meta property=\"og:title\" content=\"Ifrit\" \/>\n<meta property=\"og:description\" content=\"Ifrit, hinir voldugu jinnar \u00edslamskrar hef\u00f0ar. Eldverur \u00e1 milli Sal\u00f3mons-go\u00f0sagnarinnar, \u00de\u00fasund og einnar n\u00e6tur og hinnar k\u00f3ran\u00edsku flokkunar.\" \/>\n<meta property=\"og:url\" content=\"https:\/\/iwell-guard.com\/is\/ifrit\/\" \/>\n<meta property=\"og:site_name\" content=\"iWell Guard\" \/>\n<meta property=\"article:modified_time\" content=\"2026-09-05T14:15:20+00:00\" \/>\n<meta property=\"og:image\" content=\"https:\/\/iwell-guard.com\/wp-content\/uploads\/2026\/04\/daemonen_islam_ifrit.webp\" \/>\n\t<meta property=\"og:image:width\" content=\"1024\" \/>\n\t<meta property=\"og:image:height\" content=\"1536\" \/>\n\t<meta property=\"og:image:type\" content=\"image\/webp\" \/>\n<meta name=\"twitter:card\" content=\"summary_large_image\" \/>\n<script type=\"application\/ld+json\" class=\"yoast-schema-graph\">{\"@context\":\"https:\\\/\\\/schema.org\",\"@graph\":[{\"@type\":\"WebPage\",\"@id\":\"https:\\\/\\\/iwell-guard.com\\\/is\\\/ifrit\\\/\",\"url\":\"https:\\\/\\\/iwell-guard.com\\\/is\\\/ifrit\\\/\",\"name\":\"Ifrit \u2013 hinir voldugu eldjinnar \u00edslams\",\"isPartOf\":{\"@id\":\"https:\\\/\\\/iwell-guard.com\\\/is\\\/#website\"},\"primaryImageOfPage\":{\"@id\":\"https:\\\/\\\/iwell-guard.com\\\/is\\\/ifrit\\\/#primaryimage\"},\"image\":{\"@id\":\"https:\\\/\\\/iwell-guard.com\\\/is\\\/ifrit\\\/#primaryimage\"},\"thumbnailUrl\":\"https:\\\/\\\/iwell-guard.com\\\/wp-content\\\/uploads\\\/2026\\\/04\\\/daemonen_islam_ifrit.webp\",\"datePublished\":\"2026-09-05T14:01:40+00:00\",\"dateModified\":\"2026-09-05T14:15:20+00:00\",\"description\":\"Ifrit, hinir voldugu jinnar \u00edslamskrar hef\u00f0ar. Eldverur \u00e1 milli Sal\u00f3mons-go\u00f0sagnarinnar, \u00de\u00fasund og einnar n\u00e6tur og hinnar k\u00f3ran\u00edsku flokkunar.\",\"breadcrumb\":{\"@id\":\"https:\\\/\\\/iwell-guard.com\\\/is\\\/ifrit\\\/#breadcrumb\"},\"inLanguage\":\"is\",\"potentialAction\":[{\"@type\":\"ReadAction\",\"target\":[\"https:\\\/\\\/iwell-guard.com\\\/is\\\/ifrit\\\/\"]}]},{\"@type\":\"ImageObject\",\"inLanguage\":\"is\",\"@id\":\"https:\\\/\\\/iwell-guard.com\\\/is\\\/ifrit\\\/#primaryimage\",\"url\":\"https:\\\/\\\/iwell-guard.com\\\/wp-content\\\/uploads\\\/2026\\\/04\\\/daemonen_islam_ifrit.webp\",\"contentUrl\":\"https:\\\/\\\/iwell-guard.com\\\/wp-content\\\/uploads\\\/2026\\\/04\\\/daemonen_islam_ifrit.webp\",\"width\":1024,\"height\":1536,\"caption\":\"Dj\u00f6flar \u00far \u00edslamskri hef\u00f0.\"},{\"@type\":\"BreadcrumbList\",\"@id\":\"https:\\\/\\\/iwell-guard.com\\\/is\\\/ifrit\\\/#breadcrumb\",\"itemListElement\":[{\"@type\":\"ListItem\",\"position\":1,\"name\":\"Start\",\"item\":\"https:\\\/\\\/iwell-guard.com\\\/is\\\/?page_id=168580\"},{\"@type\":\"ListItem\",\"position\":2,\"name\":\"Ifrit\"}]},{\"@type\":\"WebSite\",\"@id\":\"https:\\\/\\\/iwell-guard.com\\\/is\\\/#website\",\"url\":\"https:\\\/\\\/iwell-guard.com\\\/is\\\/\",\"name\":\"iWell Guard\",\"description\":\"Schutz vor dunklen Einfl\u00fcssen\",\"publisher\":{\"@id\":\"https:\\\/\\\/iwell-guard.com\\\/is\\\/#organization\"},\"potentialAction\":[{\"@type\":\"SearchAction\",\"target\":{\"@type\":\"EntryPoint\",\"urlTemplate\":\"https:\\\/\\\/iwell-guard.com\\\/is\\\/?s={search_term_string}\"},\"query-input\":{\"@type\":\"PropertyValueSpecification\",\"valueRequired\":true,\"valueName\":\"search_term_string\"}}],\"inLanguage\":\"is\"},{\"@type\":\"Organization\",\"@id\":\"https:\\\/\\\/iwell-guard.com\\\/is\\\/#organization\",\"name\":\"Ittermann electronic GmbH\",\"url\":\"https:\\\/\\\/iwell-guard.com\\\/is\\\/\",\"logo\":{\"@type\":\"ImageObject\",\"inLanguage\":\"is\",\"@id\":\"https:\\\/\\\/iwell-guard.com\\\/is\\\/#\\\/schema\\\/logo\\\/image\\\/\",\"url\":\"https:\\\/\\\/iwell-guard.com\\\/wp-content\\\/uploads\\\/2026\\\/05\\\/Ittermann-Logo-1182x237-1.png\",\"contentUrl\":\"https:\\\/\\\/iwell-guard.com\\\/wp-content\\\/uploads\\\/2026\\\/05\\\/Ittermann-Logo-1182x237-1.png\",\"width\":1182,\"height\":237,\"caption\":\"Ittermann electronic GmbH\"},\"image\":{\"@id\":\"https:\\\/\\\/iwell-guard.com\\\/is\\\/#\\\/schema\\\/logo\\\/image\\\/\"},\"sameAs\":[\"https:\\\/\\\/pantip.com\\\/profile\\\/9367242\",\"https:\\\/\\\/micro.blog\\\/iwellguard\",\"https:\\\/\\\/www.diggerslist.com\\\/iwellguard\\\/about\",\"https:\\\/\\\/skitterphoto.com\\\/photographers\\\/2870314\\\/iwell-guard\",\"https:\\\/\\\/iwellguard.wordpress.com\\\/2026\\\/06\\\/06\\\/iwell-guard\\\/\",\"https:\\\/\\\/hub.docker.com\\\/u\\\/iwellguard\",\"https:\\\/\\\/www.pinterest.com\\\/iwellguard\\\/\",\"https:\\\/\\\/bit.ly\\\/m\\\/iwellguard\",\"https:\\\/\\\/entre-vos-mains.alsace.eu\\\/profiles\\\/iwellguard\\\/activity\",\"https:\\\/\\\/gravatar.com\\\/reallybeded8fd34\",\"https:\\\/\\\/naijamatta.com\\\/iwellguard\",\"https:\\\/\\\/www.goodreads.com\\\/iwellguard\",\"https:\\\/\\\/profile.hatena.ne.jp\\\/iwellguard\\\/\",\"https:\\\/\\\/experiment.com\\\/users\\\/iwellguard\",\"https:\\\/\\\/wakelet.com\\\/@iWellGuard82270\",\"https:\\\/\\\/www.chordie.com\\\/forum\\\/profile.php?id=2555664\",\"https:\\\/\\\/www.instapaper.com\\\/p\\\/17757966\",\"https:\\\/\\\/www.mapleprimes.com\\\/users\\\/iwellguard\",\"https:\\\/\\\/businesslistingplus.com\\\/profile\\\/iwell-guard\\\/\",\"https:\\\/\\\/telegra.ph\\\/iWell-Guard-06-06\",\"https:\\\/\\\/pbase.com\\\/iwellguard\\\/iwellguard\",\"https:\\\/\\\/b.hatena.ne.jp\\\/iwellguard\\\/20260607#bookmark-4788405196491818882\",\"https:\\\/\\\/fliphtml5.com\\\/home\\\/iwellguard\",\"https:\\\/\\\/anyflip.com\\\/homepage\\\/cmiwl#About\",\"https:\\\/\\\/transfur.com\\\/Users\\\/iwellguard\",\"http:\\\/\\\/delphi.larsbo.org\\\/user\\\/iwellguard\",\"https:\\\/\\\/jobs.lajobsportal.org\\\/profiles\\\/8380803-iwell-guard\",\"https:\\\/\\\/md.chaosdorf.de\\\/s\\\/jfbe5SBdJD\",\"https:\\\/\\\/www.lingvolive.com\\\/en-us\\\/profile\\\/9ecaeaca-ce11-4e51-9e71-01d55e2bff36\\\/translations\",\"https:\\\/\\\/www.fitday.com\\\/fitness\\\/forums\\\/members\\\/iwellguard.html\",\"https:\\\/\\\/www.mymeetbook.com\\\/iwellguard\",\"https:\\\/\\\/pxhere.com\\\/en\\\/photographer-me\\\/5040798\",\"https:\\\/\\\/disqus.com\\\/by\\\/iwellguard\\\/about\\\/\",\"https:\\\/\\\/pastelink.net\\\/hjwciqwq\",\"https:\\\/\\\/pubhtml5.com\\\/homepage\\\/scjhn\\\/\",\"https:\\\/\\\/www.bitchute.com\\\/channel\\\/2O2eOKzNqujT\",\"https:\\\/\\\/audiomack.com\\\/iwellguard\"]},{\"@type\":\"Article\",\"@id\":\"https:\\\/\\\/iwell-guard.com\\\/is\\\/ifrit\\\/#article\",\"isPartOf\":{\"@id\":\"https:\\\/\\\/iwell-guard.com\\\/is\\\/ifrit\\\/\"},\"author\":{\"name\":\"Ralf Ittermann\",\"@id\":\"https:\\\/\\\/iwell-guard.com\\\/is\\\/#\\\/schema\\\/person\\\/ee2a27f1cac3406c7c6fb5820cb7349f\"},\"headline\":\"Ifrit\",\"datePublished\":\"2026-09-05T14:01:40+00:00\",\"dateModified\":\"2026-09-05T14:15:20+00:00\",\"mainEntityOfPage\":{\"@id\":\"https:\\\/\\\/iwell-guard.com\\\/is\\\/ifrit\\\/\"},\"publisher\":{\"@id\":\"https:\\\/\\\/iwell-guard.com\\\/is\\\/#organization\"},\"image\":{\"@id\":\"https:\\\/\\\/iwell-guard.com\\\/is\\\/ifrit\\\/#primaryimage\"},\"thumbnailUrl\":\"https:\\\/\\\/iwell-guard.com\\\/wp-content\\\/uploads\\\/2026\\\/04\\\/daemonen_islam_ifrit.webp\",\"inLanguage\":\"is\",\"description\":\"Ifrit, hinir voldugu jinnar \u00edslamskrar hef\u00f0ar. Eldverur \u00e1 milli Sal\u00f3mons-go\u00f0sagnarinnar, \u00de\u00fasund og einnar n\u00e6tur og hinnar k\u00f3ran\u00edsku flokkunar.\"}]}<\/script>\n<!-- \/ Yoast SEO Premium plugin. -->","yoast_head_json":{"title":"Ifrit \u2013 hinir voldugu eldjinnar \u00edslams","description":"Ifrit, hinir voldugu jinnar \u00edslamskrar hef\u00f0ar. Eldverur \u00e1 milli Sal\u00f3mons-go\u00f0sagnarinnar, \u00de\u00fasund og einnar n\u00e6tur og hinnar k\u00f3ran\u00edsku flokkunar.","robots":{"index":"index","follow":"follow","max-snippet":"max-snippet:-1","max-image-preview":"max-image-preview:large","max-video-preview":"max-video-preview:-1"},"canonical":"https:\/\/iwell-guard.com\/is\/ifrit\/","og_locale":"is_IS","og_type":"article","og_title":"Ifrit","og_description":"Ifrit, hinir voldugu jinnar \u00edslamskrar hef\u00f0ar. Eldverur \u00e1 milli Sal\u00f3mons-go\u00f0sagnarinnar, \u00de\u00fasund og einnar n\u00e6tur og hinnar k\u00f3ran\u00edsku flokkunar.","og_url":"https:\/\/iwell-guard.com\/is\/ifrit\/","og_site_name":"iWell Guard","article_modified_time":"2026-09-05T14:15:20+00:00","og_image":[{"width":1024,"height":1536,"url":"https:\/\/iwell-guard.com\/wp-content\/uploads\/2026\/04\/daemonen_islam_ifrit.webp","type":"image\/webp"}],"twitter_card":"summary_large_image","schema":{"@context":"https:\/\/schema.org","@graph":[{"@type":"Article","@id":"https:\/\/iwell-guard.com\/is\/ifrit\/#article","isPartOf":{"@id":"https:\/\/iwell-guard.com\/is\/ifrit\/"},"author":{"name":"Ralf Ittermann","@id":"https:\/\/iwell-guard.com\/is\/#\/schema\/person\/ee2a27f1cac3406c7c6fb5820cb7349f"},"headline":"Ifrit","datePublished":"2026-09-05T14:01:40+00:00","dateModified":"2026-09-05T14:15:20+00:00","mainEntityOfPage":{"@id":"https:\/\/iwell-guard.com\/is\/ifrit\/"},"publisher":{"@id":"https:\/\/iwell-guard.com\/is\/#organization"},"image":{"@id":"https:\/\/iwell-guard.com\/is\/ifrit\/#primaryimage"},"thumbnailUrl":"https:\/\/iwell-guard.com\/wp-content\/uploads\/2026\/04\/daemonen_islam_ifrit.webp","inLanguage":"is","description":"Ifrit, hinir voldugu jinnar \u00edslamskrar hef\u00f0ar. Eldverur \u00e1 milli Sal\u00f3mons-go\u00f0sagnarinnar, \u00de\u00fasund og einnar n\u00e6tur og hinnar k\u00f3ran\u00edsku flokkunar."},{"@type":"WebPage","@id":"https:\/\/iwell-guard.com\/is\/ifrit\/","url":"https:\/\/iwell-guard.com\/is\/ifrit\/","name":"Ifrit \u2013 hinir voldugu eldjinnar \u00edslams","isPartOf":{"@id":"https:\/\/iwell-guard.com\/is\/#website"},"primaryImageOfPage":{"@id":"https:\/\/iwell-guard.com\/is\/ifrit\/#primaryimage"},"image":{"@id":"https:\/\/iwell-guard.com\/is\/ifrit\/#primaryimage"},"thumbnailUrl":"https:\/\/iwell-guard.com\/wp-content\/uploads\/2026\/04\/daemonen_islam_ifrit.webp","datePublished":"2026-09-05T14:01:40+00:00","dateModified":"2026-09-05T14:15:20+00:00","description":"Ifrit, hinir voldugu jinnar \u00edslamskrar hef\u00f0ar. Eldverur \u00e1 milli Sal\u00f3mons-go\u00f0sagnarinnar, \u00de\u00fasund og einnar n\u00e6tur og hinnar k\u00f3ran\u00edsku flokkunar.","breadcrumb":{"@id":"https:\/\/iwell-guard.com\/is\/ifrit\/#breadcrumb"},"inLanguage":"is","potentialAction":[{"@type":"ReadAction","target":["https:\/\/iwell-guard.com\/is\/ifrit\/"]}]},{"@type":"ImageObject","inLanguage":"is","@id":"https:\/\/iwell-guard.com\/is\/ifrit\/#primaryimage","url":"https:\/\/iwell-guard.com\/wp-content\/uploads\/2026\/04\/daemonen_islam_ifrit.webp","contentUrl":"https:\/\/iwell-guard.com\/wp-content\/uploads\/2026\/04\/daemonen_islam_ifrit.webp","width":1024,"height":1536,"caption":"Dj\u00f6flar \u00far \u00edslamskri hef\u00f0."},{"@type":"BreadcrumbList","@id":"https:\/\/iwell-guard.com\/is\/ifrit\/#breadcrumb","itemListElement":[{"@type":"ListItem","position":1,"name":"Start","item":"https:\/\/iwell-guard.com\/is\/?page_id=168580"},{"@type":"ListItem","position":2,"name":"Ifrit"}]},{"@type":"WebSite","@id":"https:\/\/iwell-guard.com\/is\/#website","url":"https:\/\/iwell-guard.com\/is\/","name":"iWell Guard","description":"Schutz vor dunklen Einfl\u00fcssen","publisher":{"@id":"https:\/\/iwell-guard.com\/is\/#organization"},"potentialAction":[{"@type":"SearchAction","target":{"@type":"EntryPoint","urlTemplate":"https:\/\/iwell-guard.com\/is\/?s={search_term_string}"},"query-input":{"@type":"PropertyValueSpecification","valueRequired":true,"valueName":"search_term_string"}}],"inLanguage":"is"},{"@type":"Organization","@id":"https:\/\/iwell-guard.com\/is\/#organization","name":"Ittermann electronic GmbH","url":"https:\/\/iwell-guard.com\/is\/","logo":{"@type":"ImageObject","inLanguage":"is","@id":"https:\/\/iwell-guard.com\/is\/#\/schema\/logo\/image\/","url":"https:\/\/iwell-guard.com\/wp-content\/uploads\/2026\/05\/Ittermann-Logo-1182x237-1.png","contentUrl":"https:\/\/iwell-guard.com\/wp-content\/uploads\/2026\/05\/Ittermann-Logo-1182x237-1.png","width":1182,"height":237,"caption":"Ittermann electronic GmbH"},"image":{"@id":"https:\/\/iwell-guard.com\/is\/#\/schema\/logo\/image\/"},"sameAs":["https:\/\/pantip.com\/profile\/9367242","https:\/\/micro.blog\/iwellguard","https:\/\/www.diggerslist.com\/iwellguard\/about","https:\/\/skitterphoto.com\/photographers\/2870314\/iwell-guard","https:\/\/iwellguard.wordpress.com\/2026\/06\/06\/iwell-guard\/","https:\/\/hub.docker.com\/u\/iwellguard","https:\/\/www.pinterest.com\/iwellguard\/","https:\/\/bit.ly\/m\/iwellguard","https:\/\/entre-vos-mains.alsace.eu\/profiles\/iwellguard\/activity","https:\/\/gravatar.com\/reallybeded8fd34","https:\/\/naijamatta.com\/iwellguard","https:\/\/www.goodreads.com\/iwellguard","https:\/\/profile.hatena.ne.jp\/iwellguard\/","https:\/\/experiment.com\/users\/iwellguard","https:\/\/wakelet.com\/@iWellGuard82270","https:\/\/www.chordie.com\/forum\/profile.php?id=2555664","https:\/\/www.instapaper.com\/p\/17757966","https:\/\/www.mapleprimes.com\/users\/iwellguard","https:\/\/businesslistingplus.com\/profile\/iwell-guard\/","https:\/\/telegra.ph\/iWell-Guard-06-06","https:\/\/pbase.com\/iwellguard\/iwellguard","https:\/\/b.hatena.ne.jp\/iwellguard\/20260607#bookmark-4788405196491818882","https:\/\/fliphtml5.com\/home\/iwellguard","https:\/\/anyflip.com\/homepage\/cmiwl#About","https:\/\/transfur.com\/Users\/iwellguard","http:\/\/delphi.larsbo.org\/user\/iwellguard","https:\/\/jobs.lajobsportal.org\/profiles\/8380803-iwell-guard","https:\/\/md.chaosdorf.de\/s\/jfbe5SBdJD","https:\/\/www.lingvolive.com\/en-us\/profile\/9ecaeaca-ce11-4e51-9e71-01d55e2bff36\/translations","https:\/\/www.fitday.com\/fitness\/forums\/members\/iwellguard.html","https:\/\/www.mymeetbook.com\/iwellguard","https:\/\/pxhere.com\/en\/photographer-me\/5040798","https:\/\/disqus.com\/by\/iwellguard\/about\/","https:\/\/pastelink.net\/hjwciqwq","https:\/\/pubhtml5.com\/homepage\/scjhn\/","https:\/\/www.bitchute.com\/channel\/2O2eOKzNqujT","https:\/\/audiomack.com\/iwellguard"]},{"@type":"Person","@id":"https:\/\/iwell-guard.com\/is\/#\/schema\/person\/ee2a27f1cac3406c7c6fb5820cb7349f","name":"Ralf Ittermann","image":{"@type":"ImageObject","inLanguage":"is","@id":"https:\/\/secure.gravatar.com\/avatar\/073c0153e350a5005b68eb752b445fea71f6b24a26da9449ad7e155e6b446c9d?s=96&d=mm&r=g","url":"https:\/\/secure.gravatar.com\/avatar\/073c0153e350a5005b68eb752b445fea71f6b24a26da9449ad7e155e6b446c9d?s=96&d=mm&r=g","contentUrl":"https:\/\/secure.gravatar.com\/avatar\/073c0153e350a5005b68eb752b445fea71f6b24a26da9449ad7e155e6b446c9d?s=96&d=mm&r=g","caption":"Ralf Ittermann"},"givenName":"Ralf","familyName":"Ittermann","jobTitle":"Gesch\u00e4ftsf\u00fchrer und redaktioneller Verantwortlicher","url":"https:\/\/iwell-guard.com\/is\/author\/claude\/","description":"Ralf Ittermann ist Gesch\u00e4ftsf\u00fchrer der Ittermann electronic GmbH und redaktioneller Verantwortlicher des iWell-Guard-Lexikons. Er verbindet langj\u00e4hrige Erfahrung in der Pr\u00e4zisionsfertigung mit medialer Praxis und religionsgeschichtlicher Quellenarbeit.","worksFor":{"@type":"Organization","name":"Ittermann electronic GmbH","url":"https:\/\/ittermann.de\/","address":{"@type":"PostalAddress","streetAddress":"K\u00f6hlergasse 16-18","postalCode":"99842","addressLocality":"Ruhla","addressCountry":"DE"}},"knowsAbout":["Religionsgeschichte","Mythologie","Mediale Praxis","Energetische Diagnostik","Schutzpraxis","Volksglauben","Westliche Esoterik"]},{"@type":"Article","@id":"https:\/\/iwell-guard.com\/is\/ifrit\/#article","isPartOf":{"@id":"https:\/\/iwell-guard.com\/is\/ifrit\/"},"author":{"name":"Ralf Ittermann","@id":"https:\/\/iwell-guard.com\/is\/#\/schema\/person\/ee2a27f1cac3406c7c6fb5820cb7349f"},"headline":"Ifrit","datePublished":"2026-09-05T14:01:40+00:00","dateModified":"2026-09-05T14:15:20+00:00","mainEntityOfPage":{"@id":"https:\/\/iwell-guard.com\/is\/ifrit\/"},"publisher":{"@id":"https:\/\/iwell-guard.com\/is\/#organization"},"image":{"@id":"https:\/\/iwell-guard.com\/is\/ifrit\/#primaryimage"},"thumbnailUrl":"https:\/\/iwell-guard.com\/wp-content\/uploads\/2026\/04\/daemonen_islam_ifrit.webp","inLanguage":"is","description":"Ifrit, hinir voldugu jinnar \u00edslamskrar hef\u00f0ar. Eldverur \u00e1 milli Sal\u00f3mons-go\u00f0sagnarinnar, \u00de\u00fasund og einnar n\u00e6tur og hinnar k\u00f3ran\u00edsku flokkunar."}]}},"_links":{"self":[{"href":"https:\/\/iwell-guard.com\/is\/wp-json\/wp\/v2\/pages\/168625","targetHints":{"allow":["GET"]}}],"collection":[{"href":"https:\/\/iwell-guard.com\/is\/wp-json\/wp\/v2\/pages"}],"about":[{"href":"https:\/\/iwell-guard.com\/is\/wp-json\/wp\/v2\/types\/page"}],"author":[{"embeddable":true,"href":"https:\/\/iwell-guard.com\/is\/wp-json\/wp\/v2\/users\/3"}],"replies":[{"embeddable":true,"href":"https:\/\/iwell-guard.com\/is\/wp-json\/wp\/v2\/comments?post=168625"}],"version-history":[{"count":0,"href":"https:\/\/iwell-guard.com\/is\/wp-json\/wp\/v2\/pages\/168625\/revisions"}],"wp:featuredmedia":[{"embeddable":true,"href":"https:\/\/iwell-guard.com\/is\/wp-json\/wp\/v2\/media\/1664"}],"wp:attachment":[{"href":"https:\/\/iwell-guard.com\/is\/wp-json\/wp\/v2\/media?parent=168625"}],"wp:term":[{"taxonomy":"category","embeddable":true,"href":"https:\/\/iwell-guard.com\/is\/wp-json\/wp\/v2\/categories?post=168625"}],"curies":[{"name":"wp","href":"https:\/\/api.w.org\/{rel}","templated":true}]}}