{"id":168623,"date":"2026-09-05T14:01:39","date_gmt":"2026-09-05T14:01:39","guid":{"rendered":"https:\/\/iwell-guard.com\/?page_id=168623"},"modified":"2026-09-05T14:15:16","modified_gmt":"2026-09-05T14:15:16","slug":"jinn","status":"publish","type":"page","link":"https:\/\/iwell-guard.com\/is\/jinn\/","title":{"rendered":"Jinn"},"content":{"rendered":"\t\t<div data-elementor-type=\"wp-page\" data-elementor-id=\"168623\" class=\"elementor elementor-168623 elementor-1024\" data-elementor-post-type=\"page\">\n\t\t\t\t<div class=\"elementor-element elementor-element-10fdade e-flex e-con-boxed e-con e-parent\" data-id=\"10fdade\" data-element_type=\"container\" data-e-type=\"container\" data-settings=\"{&quot;background_background&quot;:&quot;classic&quot;}\">\n\t\t\t\t\t<div class=\"e-con-inner\">\n\t\t<div class=\"elementor-element elementor-element-herohlft0 e-flex e-con-boxed e-con e-child\" data-id=\"herohlft0\" data-element_type=\"container\" data-e-type=\"container\">\n\t\t\t\t\t<div class=\"e-con-inner\">\n\t\t<div class=\"elementor-element elementor-element-c3ceb64 e-con-full e-flex e-con e-child\" data-id=\"c3ceb64\" data-element_type=\"container\" data-e-type=\"container\">\n\t\t\t\t<div class=\"elementor-element elementor-element-96ae5e1 elementor-widget elementor-widget-heading\" data-id=\"96ae5e1\" data-element_type=\"widget\" data-e-type=\"widget\" data-widget_type=\"heading.default\">\n\t\t\t\t\t<h1 class=\"elementor-heading-title elementor-size-default\">Jinn, andi \u00far \u00edslamskri hef\u00f0<\/h1>\t\t\t\t<\/div>\n\t\t\t\t<div class=\"elementor-element elementor-element-e45238a elementor-widget elementor-widget-text-editor\" data-id=\"e45238a\" data-element_type=\"widget\" data-e-type=\"widget\" data-widget_type=\"text-editor.default\">\n\t\t\t\t\t\t\t\t\t<p><strong>Hin huldu verur af reyklausum eldi.<\/strong><\/p>\n<h2 id=\"dif-jinn\">Jinn sem sj\u00e1lfst\u00e6\u00f0 tegund vera<\/h2>\n<p>Jinn (eintala <em>jinn\u012b<\/em>) eru \u00ed \u00edslamskri hef\u00f0 <strong>\u00feri\u00f0ja tegund vera<\/strong> vi\u00f0 hli\u00f0 engla og manna. S\u00fara 55 nefnir \u00feau \u201eMarg-verur&#8220;, sk\u00f6pu\u00f0 \u00far reyklausum eldi (<em>n\u0101r-as-sam\u016bm<\/em>).<\/p><p>\u00deau hafa <strong>tr\u00faarlegar skyldur, kyn, fj\u00f6lgun, dau\u00f0leika<\/strong> og eru sum m\u00faslimsk, sum \u00f3tr\u00fau\u00f0. S\u00fara 72 (al-Jinn) segir fr\u00e1 h\u00f3pi jinna sem hlustu\u00f0u \u00ed leyni \u00e1 K\u00f3ranlestur M\u00fahame\u00f0s og t\u00f3ku tr\u00fa.<\/p><p>\u00cd \u00fej\u00f3\u00f0tr\u00fa Nor\u00f0ur-Afr\u00edku og Levantsv\u00e6\u00f0isins eru s\u00e9rstakar undirtegundir: <strong>Marid<\/strong> (voldugir vatns-jinn), <strong>Ifr\u012bt<\/strong> (eldheitir, oft illvilja\u00f0ir), <strong>Ghul<\/strong> (kirkjugar\u00f0s-jinn), <strong>Si-lat<\/strong> (kvenkyns, k\u00e6nir). Sal\u00f3mon (<em>Sulaiman<\/em>) er talinn hafa s\u00f6gulega buga\u00f0 \u00feau; innsiglishringur hans stj\u00f3rnar \u00feeim. Verndara\u00f0fer\u00f0ir: K\u00f3ranvers (Mu-awwidhatayn 113 og 114), salt, j\u00e1rn, <span class=\"iwg-fachbegriff\" data-tooltip=\"Hlutur sem eignu\u00f0 er s\u00fa verkun a\u00f0 hann veiti heppni e\u00f0a velgengni.\" tabindex=\"0\">talisman<\/span>-\u00e1letranir.<\/p>\n\t\t\t\t\t\t\t\t<\/div>\n\t\t\t\t<\/div>\n\t\t<div class=\"elementor-element elementor-element-klsbdg01 e-con-full e-flex e-con e-parent\" data-id=\"klsbdg01\" data-element_type=\"container\" data-e-type=\"container\">\n\t\t\t\t<div class=\"elementor-element elementor-element-klshtm01 elementor-widget elementor-widget-html\" data-id=\"klshtm01\" data-element_type=\"widget\" data-e-type=\"widget\" data-widget_type=\"html.default\">\n\t\t\t\t\t<div class=\"iwg-pill-row\"><span class=\"iwg-klasse-badge\" tabindex=\"0\" data-tooltip=\"Andi: \u00d3l\u00edkamleg e\u00f0a h\u00e1lfefnisleg verund, framli\u00f0nir, n\u00e1tt\u00faruverur, h\u00fasandar e\u00f0a \u00fer\u00f6skuldsver\u00f0ir. Verkar \u00ed daglegu l\u00edfi, oft bundin st\u00f6\u00f0um e\u00f0a fj\u00f6lskyldum.\">Andi<\/span><a href=\"https:\/\/iwell-guard.com\/is\/?page_id=168613\" class=\"iwg-kultur-badge\" tabindex=\"0\" data-tooltip=\"\u00cdslamskur tr\u00faarheimur me\u00f0 erkienglum, jinnum og tr\u00faarlegum verum.\">\u00cdslam<\/a><\/div>\t\t\t\t<\/div>\n\t\t\t\t<\/div>\n\t\t<div class=\"elementor-element elementor-element-3f74855 e-con-full e-flex e-con e-child\" data-id=\"3f74855\" data-element_type=\"container\" data-e-type=\"container\">\n\t\t\t\t<div class=\"elementor-element elementor-element-1c30362 elementor-toc--minimized-on-tablet elementor-widget elementor-widget-table-of-contents\" data-id=\"1c30362\" data-element_type=\"widget\" data-e-type=\"widget\" data-settings=\"{&quot;exclude_headings_by_selector&quot;:[],&quot;no_headings_message&quot;:&quot;Engar undirfyrirsagnir fundust \\u00e1 \\u00feessari s\\u00ed\\u00f0u.&quot;,&quot;headings_by_tags&quot;:[&quot;h2&quot;,&quot;h3&quot;],&quot;marker_view&quot;:&quot;bullets&quot;,&quot;icon&quot;:{&quot;value&quot;:&quot;fas fa-circle&quot;,&quot;library&quot;:&quot;fa-solid&quot;,&quot;rendered_tag&quot;:&quot;&lt;svg class=\\&quot;e-font-icon-svg e-fas-circle\\&quot; viewBox=\\&quot;0 0 512 512\\&quot; xmlns=\\&quot;http:\\\/\\\/www.w3.org\\\/2000\\\/svg\\&quot;&gt;&lt;path d=\\&quot;M256 8C119 8 8 119 8 256s111 248 248 248 248-111 248-248S393 8 256 8z\\&quot;&gt;&lt;\\\/path&gt;&lt;\\\/svg&gt;&quot;},&quot;minimize_box&quot;:&quot;yes&quot;,&quot;minimized_on&quot;:&quot;tablet&quot;,&quot;hierarchical_view&quot;:&quot;yes&quot;,&quot;min_height&quot;:{&quot;unit&quot;:&quot;px&quot;,&quot;size&quot;:&quot;&quot;,&quot;sizes&quot;:[]},&quot;min_height_tablet&quot;:{&quot;unit&quot;:&quot;px&quot;,&quot;size&quot;:&quot;&quot;,&quot;sizes&quot;:[]},&quot;min_height_mobile&quot;:{&quot;unit&quot;:&quot;px&quot;,&quot;size&quot;:&quot;&quot;,&quot;sizes&quot;:[]}}\" data-widget_type=\"table-of-contents.default\">\n\t\t\t\t\t\t\t\t\t<div class=\"elementor-toc__header\">\n\t\t\t\t\t\t<h2 class=\"elementor-toc__header-title\">\n\t\t\t\tEfnisyfirlit\t\t\t<\/h2>\n\t\t\t\t\t\t\t\t\t\t<div class=\"elementor-toc__toggle-button elementor-toc__toggle-button--expand\" role=\"button\" tabindex=\"0\" aria-controls=\"elementor-toc__1c30362\" aria-expanded=\"true\" aria-label=\"Open table of contents\"><svg aria-hidden=\"true\" class=\"e-font-icon-svg e-fas-chevron-down\" viewBox=\"0 0 448 512\" xmlns=\"http:\/\/www.w3.org\/2000\/svg\"><path d=\"M207.029 381.476L12.686 187.132c-9.373-9.373-9.373-24.569 0-33.941l22.667-22.667c9.357-9.357 24.522-9.375 33.901-.04L224 284.505l154.745-154.021c9.379-9.335 24.544-9.317 33.901.04l22.667 22.667c9.373 9.373 9.373 24.569 0 33.941L240.971 381.476c-9.373 9.372-24.569 9.372-33.942 0z\"><\/path><\/svg><\/div>\n\t\t\t\t<div class=\"elementor-toc__toggle-button elementor-toc__toggle-button--collapse\" role=\"button\" tabindex=\"0\" aria-controls=\"elementor-toc__1c30362\" aria-expanded=\"true\" aria-label=\"Close table of contents\"><svg aria-hidden=\"true\" class=\"e-font-icon-svg e-fas-chevron-up\" viewBox=\"0 0 448 512\" xmlns=\"http:\/\/www.w3.org\/2000\/svg\"><path d=\"M240.971 130.524l194.343 194.343c9.373 9.373 9.373 24.569 0 33.941l-22.667 22.667c-9.357 9.357-24.522 9.375-33.901.04L224 227.495 69.255 381.516c-9.379 9.335-24.544 9.317-33.901-.04l-22.667-22.667c-9.373-9.373-9.373-24.569 0-33.941L207.03 130.525c9.372-9.373 24.568-9.373 33.941-.001z\"><\/path><\/svg><\/div>\n\t\t\t\t\t<\/div>\n\t\t\t\t<div id=\"elementor-toc__1c30362\" class=\"elementor-toc__body\">\n\t\t\t<div class=\"elementor-toc__spinner-container\">\n\t\t\t\t<svg class=\"elementor-toc__spinner eicon-animation-spin e-font-icon-svg e-eicon-loading\" aria-hidden=\"true\" viewBox=\"0 0 1000 1000\" xmlns=\"http:\/\/www.w3.org\/2000\/svg\"><path d=\"M500 975V858C696 858 858 696 858 500S696 142 500 142 142 304 142 500H25C25 237 238 25 500 25S975 237 975 500 763 975 500 975Z\"><\/path><\/svg>\t\t\t<\/div>\n\t\t<\/div>\n\t\t\t\t\t\t<\/div>\n\t\t\t\t<\/div>\n\t\t\t\t\t<\/div>\n\t\t\t\t<\/div>\n\t\t<div class=\"elementor-element elementor-element-herorght0 e-con-full e-flex e-con e-child\" data-id=\"herorght0\" data-element_type=\"container\" data-e-type=\"container\">\n\t\t\t\t<div class=\"elementor-element elementor-element-heroimg00 iwg-hero-image elementor-widget elementor-widget-image\" data-id=\"heroimg00\" data-element_type=\"widget\" data-e-type=\"widget\" data-widget_type=\"image.default\">\n\t\t\t\t\t\t\t\t\t\t\t\t\t\t\t<img fetchpriority=\"high\" decoding=\"async\" width=\"683\" height=\"1024\" src=\"https:\/\/iwell-guard.com\/wp-content\/uploads\/2026\/04\/geister_islam_jinn-683x1024.webp\" class=\"attachment-large size-large wp-image-171036\" alt=\"Jinn - andar \u00far \u00edslamskri hef\u00f0, s\u00f6guleg mynd\" srcset=\"https:\/\/iwell-guard.com\/wp-content\/uploads\/2026\/04\/geister_islam_jinn-683x1024.webp 683w, https:\/\/iwell-guard.com\/wp-content\/uploads\/2026\/04\/geister_islam_jinn-200x300.webp 200w, https:\/\/iwell-guard.com\/wp-content\/uploads\/2026\/04\/geister_islam_jinn-768x1152.webp 768w, https:\/\/iwell-guard.com\/wp-content\/uploads\/2026\/04\/geister_islam_jinn.webp 1024w\" sizes=\"(max-width: 683px) 100vw, 683px\" \/>\t\t\t\t\t\t\t\t\t\t\t\t\t\t\t<\/div>\n\t\t\t\t<\/div>\n\t\t\t\t\t<\/div>\n\t\t\t\t<\/div>\n\t\t<div class=\"elementor-element elementor-element-32917199 e-flex e-con-boxed e-con e-parent\" data-id=\"32917199\" data-element_type=\"container\" data-e-type=\"container\">\n\t\t\t\t\t<div class=\"e-con-inner\">\n\t\t<div class=\"elementor-element elementor-element-26e916cb e-flex e-con-boxed e-con e-child\" data-id=\"26e916cb\" data-element_type=\"container\" data-e-type=\"container\">\n\t\t\t\t\t<div class=\"e-con-inner\">\n\t\t<div class=\"elementor-element elementor-element-253a40d4 e-flex e-con-boxed e-con e-child\" data-id=\"253a40d4\" data-element_type=\"container\" data-e-type=\"container\">\n\t\t\t\t\t<div class=\"e-con-inner\">\n\t\t\t\t<div class=\"elementor-element elementor-element-1200c304 elementor-widget elementor-widget-heading\" data-id=\"1200c304\" data-element_type=\"widget\" data-e-type=\"widget\" data-widget_type=\"heading.default\">\n\t\t\t\t\t<div class=\"elementor-heading-title elementor-size-default\">Jinn<\/div>\t\t\t\t<\/div>\n\t\t\t\t<div class=\"elementor-element elementor-element-11758e7f elementor-widget elementor-widget-text-editor\" data-id=\"11758e7f\" data-element_type=\"widget\" data-e-type=\"widget\" data-widget_type=\"text-editor.default\">\n\t\t\t\t\t\t\t\t\t<p><span class=\"iwg-fachbegriff\" tabindex=\"0\" data-tooltip=\"\u00cd K\u00f3raninum verur af reyklausum eldi me\u00f0 frj\u00e1lsan vilja, hvorki englar n\u00e9 dj\u00f6flar, heldur sj\u00e1lfst\u00e6\u00f0 sk\u00f6pun me\u00f0 eigin si\u00f0fer\u00f0i.\">Jinn<\/span> eru \u00ed \u00edslamskri hef\u00f0 sj\u00e1lfst\u00e6\u00f0 tegund vera, hvorki <span class=\"iwg-fachbegriff\" data-tooltip=\"\u00cd abraham\u00edsku tr\u00faarbr\u00f6g\u00f0unum himneskur sendibo\u00f0i Gu\u00f0s.\" tabindex=\"0\">englar<\/span> n\u00e9 menn, heldur sk\u00f6pu\u00f0 \u00far \u201ereyklausum eldi&#8220; (s\u00fara 55,15). \u00deau hafa frj\u00e1lsan vilja, deyja, fj\u00f6lga s\u00e9r og geta veri\u00f0 tr\u00fau\u00f0 e\u00f0a \u00f3tr\u00fau\u00f0.<\/p><p>Heil s\u00fara (s\u00fara 72, <em>al-Jinn<\/em>) er \u00feeim helgu\u00f0 og segir fr\u00e1 h\u00f3pi jinna sem heyr\u00f0u K\u00f3raninn og t\u00f3ku tr\u00fa.<\/p><p>Utan K\u00f3ranlegrar grundvallar hefur \u00edslamski heimurinn \u00fer\u00f3a\u00f0 r\u00edka jinna-hef\u00f0: \u00ed klass\u00edskum b\u00f3kmenntum (\u00de\u00fasund og einni n\u00f3tt), \u00ed \u00fej\u00f3\u00f0tr\u00fa og ruqya-i\u00f0kun, \u00ed list og n\u00fat\u00edma d\u00e6gurmenningu. Jinn eru \u00ed daglegu l\u00edfi \u00edslamska heimsins engin fjarl\u00e6g kenning, heldur n\u00e1l\u00e6g raunveruleiki me\u00f0 eigin f\u00e9lagslegum reglum.<\/p><div><p><strong>Jinn \u00ed K\u00f3raninum: verur af reyklausum eldi<\/strong><\/p><p>S\u00faran Al-Jinn (s\u00fara 72) skilgreinir jinn sem verur skapa\u00f0ar \u00far reyklausum eldi (s\u00fara 55,15).<\/p><p>\u00deau hafa frj\u00e1lsan vilja eins og menn, geta veri\u00f0 tr\u00fau\u00f0 e\u00f0a \u00f3tr\u00fau\u00f0, og eru ekki \u00f3s\u00fdnileg \u00ed e\u00f0li s\u00ednu, heldur geta \u00feau fali\u00f0 sig e\u00f0a s\u00fdnt sig a\u00f0 vild. K\u00f3raninn fjallar um jinn sem si\u00f0fer\u00f0ilega gerendur: \u00feau geta skili\u00f0 skipanir, form\u00e6lt e\u00f0a teki\u00f0 sannleikanum.<\/p><p>Vald Sal\u00f3mons yfir jinnum er nefnt \u00ed nokkrum s\u00farum (s\u00fara 27, 34, 38); jinnin voru verkf\u00e6ri hans til a\u00f0 sm\u00ed\u00f0a gullkertastjaka og vatnsker. S\u00fara 51,56 nefnir a\u00f0 jinn s\u00e9u, eins og menn, skapa\u00f0ir til a\u00f0 \u00fej\u00f3na Allah.<\/p><p>\u00deessi k\u00f3ranska framsetning er ger\u00f3l\u00edk t\u00f6fra- e\u00f0a dj\u00f6flafr\u00e6\u00f0ilegum hugmyndum: jinn eru heimsfr\u00e6\u00f0ilegar verur, ekki dj\u00f6flar e\u00f0a <span class=\"iwg-fachbegriff\" data-tooltip=\"\u00cd abraham\u00edsku tr\u00faarbr\u00f6g\u00f0unum himneskur sendibo\u00f0i Gu\u00f0s.\" tabindex=\"0\">englar<\/span>, heldur sj\u00e1lfst\u00e6\u00f0 sk\u00f6pun me\u00f0 si\u00f0fer\u00f0i og gerningagetu.<\/p><\/div>\t\t\t\t\t\t\t\t<\/div>\n\t\t\t\t\t<\/div>\n\t\t\t\t<\/div>\n\t\t<div class=\"elementor-element elementor-element-159dcf9a e-flex e-con-boxed e-con e-child\" data-id=\"159dcf9a\" data-element_type=\"container\" data-e-type=\"container\">\n\t\t\t\t\t<div class=\"e-con-inner\">\n\t\t\t\t<div class=\"elementor-element elementor-element-48cee66f elementor-widget elementor-widget-heading\" data-id=\"48cee66f\" data-element_type=\"widget\" data-e-type=\"widget\" data-widget_type=\"heading.default\">\n\t\t\t\t\t<h2 class=\"elementor-heading-title elementor-size-default\">\u00cd yfirliti: Jinn<\/h2>\t\t\t\t<\/div>\n\t\t\t\t<div class=\"elementor-element elementor-element-3f50d82c elementor-widget elementor-widget-text-editor\" data-id=\"3f50d82c\" data-element_type=\"widget\" data-e-type=\"widget\" data-widget_type=\"text-editor.default\">\n\t\t\t\t\t\t\t\t\t<p><strong>Tegund:<\/strong> Sj\u00e1lfst\u00e6\u00f0 tegund vera milli <span class=\"iwg-fachbegriff\" data-tooltip=\"\u00cd abraham\u00edsku tr\u00faarbr\u00f6g\u00f0unum himneskur sendibo\u00f0i Gu\u00f0s.\" tabindex=\"0\">engils<\/span> og manns<br>Uppruni: Reyklaus eldur (s\u00fara 55,15)<br>Textar: K\u00f3raninn (s\u00e9rstaklega s\u00fara 72), hadith, klass\u00edskar b\u00f3kmenntir<br>T\u00edmabil: 7. \u00f6ld til n\u00fat\u00edmans<br>Eiginleikar: \u00f3s\u00fdnileg, dau\u00f0leg, me\u00f0 frj\u00e1lsan vilja<\/p>\t\t\t\t\t\t\t\t<\/div>\n\t\t\t\t\t<\/div>\n\t\t\t\t<\/div>\n\t\t\t\t\t<\/div>\n\t\t\t\t<\/div>\n\t\t\t\t\t<\/div>\n\t\t\t\t<\/div>\n\t\t<div class=\"elementor-element elementor-element-18613602 e-flex e-con-boxed e-con e-parent\" data-id=\"18613602\" data-element_type=\"container\" data-e-type=\"container\">\n\t\t\t\t\t<div class=\"e-con-inner\">\n\t\t\t\t<div class=\"elementor-element elementor-element-262b8a9f elementor-widget elementor-widget-heading\" data-id=\"262b8a9f\" data-element_type=\"widget\" data-e-type=\"widget\" data-widget_type=\"heading.default\">\n\t\t\t\t\t<h2 class=\"elementor-heading-title elementor-size-default\">Samhengi<\/h2>\t\t\t\t<\/div>\n\t\t<div class=\"elementor-element elementor-element-46dcb7d e-con-full e-flex e-con e-child\" data-id=\"46dcb7d\" data-element_type=\"container\" data-e-type=\"container\">\n\t\t<div class=\"elementor-element elementor-element-61d3ab3 e-flex e-con-boxed e-con e-child\" data-id=\"61d3ab3\" data-element_type=\"container\" data-e-type=\"container\">\n\t\t\t\t\t<div class=\"e-con-inner\">\n\t\t\t\t<div class=\"elementor-element elementor-element-117c166 elementor-widget elementor-widget-heading\" data-id=\"117c166\" data-element_type=\"widget\" data-e-type=\"widget\" data-widget_type=\"heading.default\">\n\t\t\t\t\t<div class=\"elementor-heading-title elementor-size-default\">T\u00edmabil textanna<\/div>\t\t\t\t<\/div>\n\t\t\t\t<div class=\"elementor-element elementor-element-73997a0 elementor-widget elementor-widget-text-editor\" data-id=\"73997a0\" data-element_type=\"widget\" data-e-type=\"widget\" data-widget_type=\"text-editor.default\">\n\t\t\t\t\t\t\t\t\t<p>K\u00f3raninn og hadith (7. 8. \u00f6ld e.Kr.) eru grundv\u00f6llurinn; klass\u00edskir fr\u00e6\u00f0imenn (al-Damiri, al-Suyuti) kerfisbinda \u00e1 9. 15. \u00f6ld; \u00de\u00fasund og ein n\u00f3tt (samsett \u00e1 9. 14. \u00f6ld) gerir \u00feau vins\u00e6l \u00ed b\u00f3kmenntum; n\u00fat\u00edma ruqya-i\u00f0kun er enn virk.<\/p>\t\t\t\t\t\t\t\t<\/div>\n\t\t\t\t\t<\/div>\n\t\t\t\t<\/div>\n\t\t<div class=\"elementor-element elementor-element-d47b156 e-flex e-con-boxed e-con e-child\" data-id=\"d47b156\" data-element_type=\"container\" data-e-type=\"container\">\n\t\t\t\t\t<div class=\"e-con-inner\">\n\t\t\t\t<div class=\"elementor-element elementor-element-ff38c2b elementor-widget elementor-widget-heading\" data-id=\"ff38c2b\" data-element_type=\"widget\" data-e-type=\"widget\" data-widget_type=\"heading.default\">\n\t\t\t\t\t<div class=\"elementor-heading-title elementor-size-default\">\u00datbrei\u00f0slusv\u00e6\u00f0i<\/div>\t\t\t\t<\/div>\n\t\t\t\t<div class=\"elementor-element elementor-element-4e49fcc elementor-widget elementor-widget-text-editor\" data-id=\"4e49fcc\" data-element_type=\"widget\" data-e-type=\"widget\" data-widget_type=\"text-editor.default\">\n\t\t\t\t\t\t\t\t\t<p>Arab\u00eduskaginn er upprunasv\u00e6\u00f0i\u00f0; me\u00f0 \u00edslam breiddist tr\u00fain \u00fat um \u00f6ll m\u00faslimsk sv\u00e6\u00f0i. Sta\u00f0bundin sk\u00f6run vi\u00f0 frumbyggja-andahef\u00f0ir (berb\u00edska, tyrkneska, persneska, su\u00f0austur-as\u00edska).<\/p>\t\t\t\t\t\t\t\t<\/div>\n\t\t\t\t\t<\/div>\n\t\t\t\t<\/div>\n\t\t\t\t<\/div>\n\t\t<div class=\"elementor-element elementor-element-db03c39 e-con-full e-flex e-con e-child\" data-id=\"db03c39\" data-element_type=\"container\" data-e-type=\"container\">\n\t\t<div class=\"elementor-element elementor-element-229a87b e-flex e-con-boxed e-con e-child\" data-id=\"229a87b\" data-element_type=\"container\" data-e-type=\"container\">\n\t\t\t\t\t<div class=\"e-con-inner\">\n\t\t\t\t<div class=\"elementor-element elementor-element-1f471fc elementor-widget elementor-widget-heading\" data-id=\"1f471fc\" data-element_type=\"widget\" data-e-type=\"widget\" data-widget_type=\"heading.default\">\n\t\t\t\t\t<div class=\"elementor-heading-title elementor-size-default\">Heimildasta\u00f0a<\/div>\t\t\t\t<\/div>\n\t\t\t\t<div class=\"elementor-element elementor-element-36b1201 elementor-widget elementor-widget-text-editor\" data-id=\"36b1201\" data-element_type=\"widget\" data-e-type=\"widget\" data-widget_type=\"text-editor.default\">\n\t\t\t\t\t\t\t\t\t<p>K\u00f3raninn (fj\u00f6lmargir sta\u00f0ir, eigin s\u00fara 72), hadith, al-Damiri <em>Hayat al-Hayawan<\/em>, al-Suyuti <em>Kitab al-Marjan<\/em>, \u00de\u00fasund og ein n\u00f3tt, \u00fej\u00f3\u00f0fr\u00e6\u00f0ilegar ranns\u00f3knir \u00e1 n\u00fat\u00edma jinna-hugmyndinni.<\/p>\t\t\t\t\t\t\t\t<\/div>\n\t\t\t\t\t<\/div>\n\t\t\t\t<\/div>\n\t\t\t\t<\/div>\n\t\t\t\t\t<\/div>\n\t\t\t\t<\/div>\n\t\t<div class=\"elementor-element elementor-element-3ae0637c e-flex e-con-boxed e-con e-parent\" data-id=\"3ae0637c\" data-element_type=\"container\" data-e-type=\"container\">\n\t\t\t\t\t<div class=\"e-con-inner\">\n\t\t\t\t<div class=\"elementor-element elementor-element-31d07739 elementor-widget elementor-widget-heading\" data-id=\"31d07739\" data-element_type=\"widget\" data-e-type=\"widget\" data-widget_type=\"heading.default\">\n\t\t\t\t\t<h2 class=\"elementor-heading-title elementor-size-default\">Nafn og afbrig\u00f0i<\/h2>\t\t\t\t<\/div>\n\t\t<div class=\"elementor-element elementor-element-b7642947 e-con-full e-flex e-con e-child\" data-id=\"b7642947\" data-element_type=\"container\" data-e-type=\"container\">\n\t\t\t\t<div class=\"elementor-element elementor-element-a086266 elementor-widget elementor-widget-text-editor\" data-id=\"a086266\" data-element_type=\"widget\" data-e-type=\"widget\" data-widget_type=\"text-editor.default\">\n\t\t\t\t\t\t\t\t\t<p><strong>Arab\u00edska:<\/strong> <em>jinn<\/em> (fleirtala), <em>jinni<\/em> (eintala).<br>Or\u00f0sifjar: r\u00f3tin j-n-n (\u201ea\u00f0 vera huli\u00f0, hj\u00fapa\u00f0&#8220;).<br>Undirtegundir: Jann (elsta jinna-tegundin), Jinn (mi\u00f0lungs), Shaitan (illur), Ifrit (voldugur), Marid (enn voldugri).<br>Evr\u00f3psk mynd: Genie (gegnum fr\u00f6nsku <em>g\u00e9nie<\/em>).<\/p><p>R\u00f3tin tengir jinn vi\u00f0 hugmyndina um hi\u00f0 hulda. <em>Majnun<\/em>, \u201esetinn af jinnum&#8220;, \u00fe\u00fd\u00f0ir jafnframt \u201ege\u00f0veikur&#8220;, sem er tungum\u00e1laleg v\u00edsbending um n\u00e1in tengsl vi\u00f0 s\u00e1lar\u00e1stand.<\/p>\t\t\t\t\t\t\t\t<\/div>\n\t\t\t\t<\/div>\n\t\t\t\t\t<\/div>\n\t\t\t\t<\/div>\n\t\t<div class=\"elementor-element elementor-element-709a44a8 e-flex e-con-boxed e-con e-parent\" data-id=\"709a44a8\" data-element_type=\"container\" data-e-type=\"container\">\n\t\t\t\t\t<div class=\"e-con-inner\">\n\t\t\t\t<div class=\"elementor-element elementor-element-2f585873 elementor-widget elementor-widget-heading\" data-id=\"2f585873\" data-element_type=\"widget\" data-e-type=\"widget\" data-widget_type=\"heading.default\">\n\t\t\t\t\t<h2 class=\"elementor-heading-title elementor-size-default\">Einkenni<\/h2>\t\t\t\t<\/div>\n\t\t<div class=\"elementor-element elementor-element-70621c12 e-con-full e-flex e-con e-child\" data-id=\"70621c12\" data-element_type=\"container\" data-e-type=\"container\">\n\t\t\t\t<div class=\"elementor-element elementor-element-4296eb49 elementor-widget elementor-widget-text-editor\" data-id=\"4296eb49\" data-element_type=\"widget\" data-e-type=\"widget\" data-widget_type=\"text-editor.default\">\n\t\t\t\t\t\t\t\t\t<p><strong>\u00datlit<\/strong><\/p><p>A\u00f0 mestu \u00f3s\u00fdnilegir. Geta teki\u00f0 \u00e1 sig hva\u00f0a mynd sem er, mann, d\u00fdr, reyk, eld. Vins\u00e6l form \u00ed hef\u00f0inni: svartir hundar, sn\u00e1kar, kettir, spor\u00f0drekar, \u00e1kve\u00f0nir fuglar.<\/p><p><strong>Heg\u00f0un<\/strong><\/p><p>Si\u00f0fer\u00f0ilega tv\u00edr\u00e6\u00f0ir. Til eru tr\u00faa\u00f0ir og tr\u00falausir djinnar, vinveittir og fjandsamlegir. \u00deeir b\u00faa \u00ed ey\u00f0im\u00f6rkum, r\u00fastum, f\u00e1f\u00f6rnum st\u00f6\u00f0um, en einnig \u00ed mannab\u00fast\u00f6\u00f0um. \u00cd samf\u00e9lagi \u00feeirra eru fj\u00f6lskyldur, konungsr\u00edki og verslun.<\/p><p><strong>Verkunarsvi\u00f0<\/strong><\/p><p>Allur heimurinn, me\u00f0 \u00e1herslu \u00e1 m\u00e6rasta\u00f0i, \u00fer\u00f6skulda, vatn, kirkjugar\u00f0a og r\u00fastir. \u00c1kve\u00f0nar stundir (h\u00e1degi, s\u00f3lsetur, mi\u00f0n\u00e6tti) taldar vera t\u00edmi djinnanna.<\/p><p><strong>Go\u00f0sagnalegur uppruni<\/strong><\/p><p>Skapa\u00f0ir \u00far reyklausum eldi (s\u00fara 55,15), \u00e1 undan manninum. Fyrsti djinninn var Jann; Iblis heyrir til \u00feessarar tegundar. N\u00fat\u00edma \u00fej\u00f3\u00f0tr\u00fa var\u00f0veitir forna arab\u00edska m\u00f3t\u00edf um ey\u00f0imerkurdem\u00f3na fr\u00e1 t\u00edmum \u00e1\u00f0ur en \u00edslam kom til, innfellt \u00ed k\u00f3ran\u00edskan ramma.<\/p><div><p><strong>Djinnar \u00ed arab\u00edskri tr\u00faari\u00f0kun fyrir t\u00edma \u00edslams<\/strong><\/p><p>Fornleifafr\u00e6\u00f0ilegar og b\u00f3kmenntalegar v\u00edsbendingar benda til \u00feess a\u00f0 djinn-l\u00edkar verur hafi veri\u00f0 til sta\u00f0ar \u00ed arab\u00edskri <span class=\"iwg-fachbegriff\" data-tooltip=\"Heildarsafn arfleiddra go\u00f0sagna \u00ed tiltekinni menningu.\" tabindex=\"0\">go\u00f0afr\u00e6\u00f0i<\/span> fyrir t\u00edma \u00edslams, l\u00edklega sem sta\u00f0bundnir andar linda, ey\u00f0imarka og r\u00fasta.<\/p><p>Frumarab\u00edsk lj\u00f3\u00f0list nefnir <em>jinn<\/em> sem yfirn\u00e1tt\u00farulega innbl\u00e1sara, s\u00e9rstaklega fyrir sk\u00e1ld. Arabar fyrir \u00edslam d\u00fdrku\u00f0u e\u00f0a s\u00f6mdu vi\u00f0 djinna, og \u00feeir voru oft bundnir tilteknum st\u00f6\u00f0um: brunnum, fj\u00f6llum, yfirgefnum borgum.<\/p><p>\u00cdslam endurm\u00f3ta\u00f0i \u00feessa hugmynd: \u00ed sta\u00f0 sta\u00f0bundinna anda ur\u00f0u djinnar a\u00f0 heimsslitaverum me\u00f0 \u00e1byrg\u00f0 gagnvart Allah. Upptaka djinn-hugtaksins \u00ed K\u00f3raninn ger\u00f0i \u00fea\u00f0 l\u00f6gm\u00e6tt innan gu\u00f0fr\u00e6\u00f0ilegs ramma en breytti \u00e1 sama t\u00edma merkingu \u00feess. \u00deetta er d\u00e6migert munstur: \u00cdslam felldi sta\u00f0bundnar arab\u00edskar go\u00f0sagnaminningar inn \u00ed sig og t\u00falka\u00f0i \u00fe\u00e6r \u00ed lj\u00f3si <span class=\"iwg-fachbegriff\" data-tooltip=\"Tr\u00fain \u00e1 einn einan gu\u00f0.\" tabindex=\"0\">eingu\u00f0str\u00faar<\/span>&#8211;<span class=\"iwg-fachbegriff\" data-tooltip=\"V\u00edsindaleg fr\u00e6\u00f0i um gu\u00f0 og tr\u00fa \u00ed tiltekinni tr\u00faarbr\u00f6g\u00f0um.\" tabindex=\"0\">gu\u00f0fr\u00e6\u00f0i<\/span>.<\/p><\/div>\t\t\t\t\t\t\t\t<\/div>\n\t\t\t\t<\/div>\n\t\t\t\t\t<\/div>\n\t\t\t\t<\/div>\n\t\t<div class=\"elementor-element elementor-element-44e71476 e-flex e-con-boxed e-con e-parent\" data-id=\"44e71476\" data-element_type=\"container\" data-e-type=\"container\">\n\t\t\t\t\t<div class=\"e-con-inner\">\n\t\t\t\t<div class=\"elementor-element elementor-element-3c1fc3f0 elementor-widget elementor-widget-heading\" data-id=\"3c1fc3f0\" data-element_type=\"widget\" data-e-type=\"widget\" data-widget_type=\"heading.default\">\n\t\t\t\t\t<h2 class=\"elementor-heading-title elementor-size-default\">Yfirlit: Djinnar<\/h2>\t\t\t\t<\/div>\n\t\t<div class=\"elementor-element elementor-element-84f33b8e e-con-full e-flex e-con e-child\" data-id=\"84f33b8e\" data-element_type=\"container\" data-e-type=\"container\">\n\t\t\t\t<div class=\"elementor-element elementor-element-hqkdc67p elementor-widget elementor-widget-text-editor\" data-id=\"hqkdc67p\" data-element_type=\"widget\" data-e-type=\"widget\" data-widget_type=\"text-editor.default\">\n\t\t\t\t\t\t\t\t\t<p>Mikilv\u00e6gustu atri\u00f0in um djinnana \u00ed hnotskurn.<\/p>\t\t\t\t\t\t\t\t<\/div>\n\t\t\t\t<\/div>\n\t\t<div class=\"elementor-element elementor-element-pemmx7c5 e-con-full e-flex e-con e-child\" data-id=\"pemmx7c5\" data-element_type=\"container\" data-e-type=\"container\">\n\t\t<div class=\"elementor-element elementor-element-pemmx7c1 e-con-full e-flex e-con e-child\" data-id=\"pemmx7c1\" data-element_type=\"container\" data-e-type=\"container\">\n\t\t<div class=\"elementor-element elementor-element-qh9oavvu iwg-steckbrief-card e-flex e-con-boxed e-con e-child\" data-id=\"qh9oavvu\" data-element_type=\"container\" data-e-type=\"container\">\n\t\t\t\t\t<div class=\"e-con-inner\">\n\t\t\t\t<div class=\"elementor-element elementor-element-awzx8k2k elementor-widget elementor-widget-heading\" data-id=\"awzx8k2k\" data-element_type=\"widget\" data-e-type=\"widget\" data-widget_type=\"heading.default\">\n\t\t\t\t\t<div class=\"elementor-heading-title elementor-size-default\">Uppruni<\/div>\t\t\t\t<\/div>\n\t\t\t\t<div class=\"elementor-element elementor-element-x6rowhv0 elementor-widget elementor-widget-text-editor\" data-id=\"x6rowhv0\" data-element_type=\"widget\" data-e-type=\"widget\" data-widget_type=\"text-editor.default\">\n\t\t\t\t\t\t\t\t\t<p>Skapa\u00f0ir \u00far reyklausum eldi (s\u00fara 55,15), \u00e1 undan manninum. S\u00e9rst\u00f6k tegund vera \u00e1 milli <span class=\"iwg-fachbegriff\" data-tooltip=\"\u00cd eingy\u00f0istr\u00faarbr\u00f6g\u00f0unum himneskt sendibo\u00f0averur Gu\u00f0s.\" tabindex=\"0\">engla<\/span> og manns.<\/p>\t\t\t\t\t\t\t\t<\/div>\n\t\t\t\t\t<\/div>\n\t\t\t\t<\/div>\n\t\t<div class=\"elementor-element elementor-element-8e3o4kxs iwg-steckbrief-card e-flex e-con-boxed e-con e-child\" data-id=\"8e3o4kxs\" data-element_type=\"container\" data-e-type=\"container\">\n\t\t\t\t\t<div class=\"e-con-inner\">\n\t\t\t\t<div class=\"elementor-element elementor-element-08rkdgov elementor-widget elementor-widget-heading\" data-id=\"08rkdgov\" data-element_type=\"widget\" data-e-type=\"widget\" data-widget_type=\"heading.default\">\n\t\t\t\t\t<div class=\"elementor-heading-title elementor-size-default\">Verkunarsvi\u00f0<\/div>\t\t\t\t<\/div>\n\t\t\t\t<div class=\"elementor-element elementor-element-uwjelx8s elementor-widget elementor-widget-text-editor\" data-id=\"uwjelx8s\" data-element_type=\"widget\" data-e-type=\"widget\" data-widget_type=\"text-editor.default\">\n\t\t\t\t\t\t\t\t\t<p>Allir menn; s\u00e9rlega berskjalda\u00f0ir \u00e1 m\u00e6rast\u00f6\u00f0um, \u00ed r\u00fastum, vi\u00f0 vatnsb\u00f3l, \u00e1 \u00e1kve\u00f0num stundum dags.<\/p>\t\t\t\t\t\t\t\t<\/div>\n\t\t\t\t\t<\/div>\n\t\t\t\t<\/div>\n\t\t<div class=\"elementor-element elementor-element-jm2n74ec iwg-steckbrief-card e-flex e-con-boxed e-con e-child\" data-id=\"jm2n74ec\" data-element_type=\"container\" data-e-type=\"container\">\n\t\t\t\t\t<div class=\"e-con-inner\">\n\t\t\t\t<div class=\"elementor-element elementor-element-8vufse4c elementor-widget elementor-widget-heading\" data-id=\"8vufse4c\" data-element_type=\"widget\" data-e-type=\"widget\" data-widget_type=\"heading.default\">\n\t\t\t\t\t<div class=\"elementor-heading-title elementor-size-default\">\u00c1s\u00fdnd<\/div>\t\t\t\t<\/div>\n\t\t\t\t<div class=\"elementor-element elementor-element-mwb9u015 elementor-widget elementor-widget-text-editor\" data-id=\"mwb9u015\" data-element_type=\"widget\" data-e-type=\"widget\" data-widget_type=\"text-editor.default\">\n\t\t\t\t\t\t\t\t\t<p>A\u00f0 mestu \u00f3s\u00fdnilegir; geta breytt gervi. Vins\u00e6l form: svartir hundar, sn\u00e1kar, kettir, \u00e1kve\u00f0nir fuglar, reykur.<\/p>\t\t\t\t\t\t\t\t<\/div>\n\t\t\t\t\t<\/div>\n\t\t\t\t<\/div>\n\t\t\t\t<\/div>\n\t\t<div class=\"elementor-element elementor-element-pemmx7c2 e-con-full e-flex e-con e-child\" data-id=\"pemmx7c2\" data-element_type=\"container\" data-e-type=\"container\">\n\t\t<div class=\"elementor-element elementor-element-37ss2yr6 iwg-steckbrief-card e-flex e-con-boxed e-con e-child\" data-id=\"37ss2yr6\" data-element_type=\"container\" data-e-type=\"container\">\n\t\t\t\t\t<div class=\"e-con-inner\">\n\t\t\t\t<div class=\"elementor-element elementor-element-3v0wp3wx elementor-widget elementor-widget-heading\" data-id=\"3v0wp3wx\" data-element_type=\"widget\" data-e-type=\"widget\" data-widget_type=\"heading.default\">\n\t\t\t\t\t<div class=\"elementor-heading-title elementor-size-default\">Hlutverk<\/div>\t\t\t\t<\/div>\n\t\t\t\t<div class=\"elementor-element elementor-element-w3247g2m elementor-widget elementor-widget-text-editor\" data-id=\"w3247g2m\" data-element_type=\"widget\" data-e-type=\"widget\" data-widget_type=\"text-editor.default\">\n\t\t\t\t\t\t\t\t\t<p>Tv\u00edr\u00e6\u00f0ir, geta hj\u00e1lpa\u00f0 e\u00f0a ska\u00f0a\u00f0. Vi\u00f0 fjandsamlega verkun: sj\u00fakd\u00f3mar, andsetning (majnun), \u00f3h\u00f6pp, hv\u00edsl.<\/p>\t\t\t\t\t\t\t\t<\/div>\n\t\t\t\t\t<\/div>\n\t\t\t\t<\/div>\n\t\t<div class=\"elementor-element elementor-element-0qpjal9w iwg-steckbrief-card e-flex e-con-boxed e-con e-child\" data-id=\"0qpjal9w\" data-element_type=\"container\" data-e-type=\"container\">\n\t\t\t\t\t<div class=\"e-con-inner\">\n\t\t\t\t<div class=\"elementor-element elementor-element-6ndoih0o elementor-widget elementor-widget-heading\" data-id=\"6ndoih0o\" data-element_type=\"widget\" data-e-type=\"widget\" data-widget_type=\"heading.default\">\n\t\t\t\t\t<div class=\"elementor-heading-title elementor-size-default\">Varnarform<\/div>\t\t\t\t<\/div>\n\t\t\t\t<div class=\"elementor-element elementor-element-6684tyh9 elementor-widget elementor-widget-text-editor\" data-id=\"6684tyh9\" data-element_type=\"widget\" data-e-type=\"widget\" data-widget_type=\"text-editor.default\">\n\t\t\t\t\t\t\t\t\t<p>Basmala fyrir athafnir, Ta&#8217;awudh, daglegar verndars\u00farur, Ayat al-Kursi. Ruqya vi\u00f0 andsetningu. Vir\u00f0ingarfull framkoma vi\u00f0 m\u00e6rasta\u00f0i.<\/p>\t\t\t\t\t\t\t\t<\/div>\n\t\t\t\t\t<\/div>\n\t\t\t\t<\/div>\n\t\t<div class=\"elementor-element elementor-element-3lfi7x32 iwg-steckbrief-card e-flex e-con-boxed e-con e-child\" data-id=\"3lfi7x32\" data-element_type=\"container\" data-e-type=\"container\">\n\t\t\t\t\t<div class=\"e-con-inner\">\n\t\t\t\t<div class=\"elementor-element elementor-element-0kg99ga1 elementor-widget elementor-widget-heading\" data-id=\"0kg99ga1\" data-element_type=\"widget\" data-e-type=\"widget\" data-widget_type=\"heading.default\">\n\t\t\t\t\t<div class=\"elementor-heading-title elementor-size-default\">Tengdar verur<\/div>\t\t\t\t<\/div>\n\t\t\t\t<div class=\"elementor-element elementor-element-n0fum6kp elementor-widget elementor-widget-text-editor\" data-id=\"n0fum6kp\" data-element_type=\"widget\" data-e-type=\"widget\" data-widget_type=\"text-editor.default\">\n\t\t\t\t\t\t\t\t\t<p><a href=\"https:\/\/iwell-guard.com\/is\/?page_id=168608\">Shedim<\/a> (skylt b\u00e6\u00f0i or\u00f0fr\u00e6\u00f0ilega og a\u00f0 ger\u00f0), gr\u00edskar <em>daimones<\/em>, kristnir dj\u00f6flar almennt, persneskar <em>peri<\/em>.<\/p>\t\t\t\t\t\t\t\t<\/div>\n\t\t\t\t\t<\/div>\n\t\t\t\t<\/div>\n\t\t\t\t<\/div>\n\t\t\t\t<\/div>\n\t\t\t\t\t<\/div>\n\t\t\t\t<\/div>\n\t\t<div class=\"elementor-element elementor-element-7533bc7a e-flex e-con-boxed e-con e-parent\" data-id=\"7533bc7a\" data-element_type=\"container\" data-e-type=\"container\">\n\t\t\t\t\t<div class=\"e-con-inner\">\n\t\t\t\t<div class=\"elementor-element elementor-element-2447d18d elementor-widget elementor-widget-heading\" data-id=\"2447d18d\" data-element_type=\"widget\" data-e-type=\"widget\" data-widget_type=\"heading.default\">\n\t\t\t\t\t<h2 class=\"elementor-heading-title elementor-size-default\">Umgengni \u00ed daglegu l\u00edfi<\/h2>\t\t\t\t<\/div>\n\t\t<div class=\"elementor-element elementor-element-d5d0260c e-con-full e-flex e-con e-child\" data-id=\"d5d0260c\" data-element_type=\"container\" data-e-type=\"container\">\n\t\t\t\t<div class=\"elementor-element elementor-element-341be2ac elementor-widget elementor-widget-text-editor\" data-id=\"341be2ac\" data-element_type=\"widget\" data-e-type=\"widget\" data-widget_type=\"text-editor.default\">\n\t\t\t\t\t\t\t\t\t<p><strong>Verndari\u00f0kun<\/strong><\/p><p>Basmala fyrir hverja ath\u00f6fn, upplestur Ayat al-Kursi vi\u00f0 svefn, Ta\u02bfawudh vi\u00f0 inng\u00f6ngu \u00e1 \u00f3hreina sta\u00f0i (salerni, kirkjugar\u00f0). A\u00f0 morgni og kv\u00f6ldi \u201everndars\u00farurnar&#8220; (Falaq, Nas, Ikhlas). Ekki skal bl\u00edstra innan h\u00fass, en \u00ed m\u00f6rgum menningarheimum er \u00fea\u00f0 tali\u00f0 kalla djinna til.<\/p><p><strong>Ruqya<\/strong><\/p><p>\u00deegar grunur er um \u00e1hrif djinna (sj\u00fakd\u00f3mar, martra\u00f0ir, andsetning) er beitt ruqya, skipulegum upplestri k\u00f3ranversa af <em>raqi<\/em>. R\u00e9tttr\u00fana\u00f0ari\u00f0kun greinir sig fr\u00e1 dulspekilegri galdrastarfsemi sem s\u00e6kist eftir svipu\u00f0um \u00e1hrifum en er gu\u00f0fr\u00e6\u00f0ilega ford\u00e6md.<\/p><p><strong>Verndargripir<\/strong><\/p><p>Hirz \/ Ta\u02bfwidh, k\u00f3ranvers \u00ed le\u00f0urhulstrum, borin \u00e1 l\u00edkamanum. Bl\u00e1tt Nazar-<span class=\"iwg-fachbegriff\" data-tooltip=\"Hlutur sem talinn er hafa \u00e1hrif til a\u00f0 la\u00f0a fram g\u00e6fu e\u00f0a \u00e1rangur.\" tabindex=\"0\">talisman<\/span> og Hamsa-h\u00f6nd eru mj\u00f6g \u00fatbreidd \u00ed \u00fej\u00f3\u00f0tr\u00fa, \u00fe\u00f3tt r\u00e9tttr\u00fana\u00f0argu\u00f0fr\u00e6\u00f0ingar l\u00edti \u00feau gagnr\u00fdnu augnar\u00e1\u00f0i.<\/p>\t\t\t\t\t\t\t\t<\/div>\n\t\t\t\t<\/div>\n\t\t\t\t\t<\/div>\n\t\t\t\t<\/div>\n\t\t<div class=\"elementor-element elementor-element-5a584676 e-flex e-con-boxed e-con e-parent\" data-id=\"5a584676\" data-element_type=\"container\" data-e-type=\"container\">\n\t\t\t\t\t<div class=\"e-con-inner\">\n\t\t\t\t<div class=\"elementor-element elementor-element-6d0757bf elementor-widget elementor-widget-heading\" data-id=\"6d0757bf\" data-element_type=\"widget\" data-e-type=\"widget\" data-widget_type=\"heading.default\">\n\t\t\t\t\t<h2 class=\"elementor-heading-title elementor-size-default\">Menningarleg m\u00f3ttaka<\/h2>\t\t\t\t<\/div>\n\t\t<div class=\"elementor-element elementor-element-60563f68 e-con-full e-flex e-con e-child\" data-id=\"60563f68\" data-element_type=\"container\" data-e-type=\"container\">\n\t\t\t\t<div class=\"elementor-element elementor-element-5a93fdd6 elementor-widget elementor-widget-text-editor\" data-id=\"5a93fdd6\" data-element_type=\"widget\" data-e-type=\"widget\" data-widget_type=\"text-editor.default\">\n\t\t\t\t\t\t\t\t\t<p><strong>Klass\u00edskar b\u00f3kmenntir:<\/strong> \u00de\u00fasund og ein n\u00f3tt me\u00f0 djinn-s\u00f6gum s\u00ednum (Lampi Alad\u00edns, Sjeherasade, sagan um fiskimanninn) hefur m\u00f3ta\u00f0 heimsmyndina. \u201e<span class=\"iwg-fachbegriff\" data-tooltip=\"L\u00edkamalaus vera sem talin er hafa \u00e1hrif \u00ed heiminum.\" tabindex=\"0\">Andinn<\/span> \u00far lampanum&#8220; er b\u00f3kmenntapers\u00f3na, ekki gu\u00f0fr\u00e6\u00f0ileg djinn-hugmynd.<\/p><p><strong>N\u00fat\u00edma <span class=\"iwg-fachbegriff\" data-tooltip=\"Tr\u00faarl\u00edf sem lifa\u00f0 er \u00ed daglegu l\u00edfi, oft samhli\u00f0a opinberri kenningu.\" tabindex=\"0\">\u00fej\u00f3\u00f0tr\u00fa<\/span>:<\/strong> \u00cd st\u00f3rum hlutum hins m\u00faslimska heims er djinn-tr\u00fa \u00e1fram lifandi. \u00dej\u00f3\u00f0fr\u00e6\u00f0iranns\u00f3knir s\u00fdna r\u00edkar sta\u00f0bundnar hef\u00f0ir, marokk\u00f3sk-berb\u00edska, tyrkneska, persneska, mala\u00edska, ind\u00f3nes\u00edska. \u00cd borgarsamf\u00e9l\u00f6gum breytist \u00e1herslan en hverfur ekki.<\/p><p><strong>Vestr\u00e6n m\u00f3ttaka<\/strong><\/p><p>\u201eSnillingurinn&#8220; (Genie) \u00ed ensku og fr\u00f6nsku \u00fe\u00fd\u00f0ingunum \u00e1 \u00de\u00fasund og einni n\u00f3tt er mildaru\u00f0 vestr\u00e6n endurt\u00falkun. N\u00fat\u00edma d\u00e6gurmenning (Aladdin fr\u00e1 Disney, <em>American Gods<\/em> eftir Neil Gaiman, n\u00fdjar kvikmyndager\u00f0ir \u00de\u00fasund og einnar n\u00e6tur) sta\u00f0nar vi\u00f0 hina gl\u00e6silegu \u00edmynd.<\/p><div><p><strong>Flokkun djinna<\/strong> \u00ed \u00edslamskri <span class=\"iwg-fachbegriff\" data-tooltip=\"V\u00edsindaleg fr\u00e6\u00f0i um gu\u00f0 og tr\u00fa \u00ed tiltekinni tr\u00faarbr\u00f6g\u00f0um.\" tabindex=\"0\">gu\u00f0fr\u00e6\u00f0i<\/span> og \u00de\u00fasund og einni n\u00f3tt<\/p><p>S\u00ed\u00f0ari \u00edslamskir gu\u00f0fr\u00e6\u00f0ingar flokku\u00f0u djinna eftir m\u00e6tti, uppruna og e\u00f0li. \u00c6\u00f0sta flokkinn mynda\u00f0i <em>Ifrit<\/em> (einnig <em>Efreet<\/em>), voldugir djinnar, oft illv\u00edgir e\u00f0a \u00f3rei\u00f0ukenndir. \u00dear undir r\u00f6\u00f0u\u00f0ust <em>Marid<\/em>, <em>Jann<\/em> og venjulegir djinnar. \u00deessi stigveldisflokkun bau\u00f0 upp \u00e1 ramma til skilnings \u00e1 yfirn\u00e1tt\u00farulegum m\u00e1ttarv\u00f6ldum.<\/p><p>\u00cd safninu <em>\u00de\u00fasund og eina n\u00f3tt<\/em> (safna\u00f0 fr\u00e1 9. \u00f6ld, ritst\u00fdrt til 15. aldar) eru djinnar felldir inn sem pers\u00f3nur \u00ed fr\u00e1sagnarramma: \u00feeir eru voldugir en ekki \u00f3vi\u00f0bjargandi, geta t\u00f6fra\u00f0 e\u00f0a b\u00f6lva\u00f0, en einnig blekkt.<\/p><p><span data-nosnippet>\u00deeir starfa eftir eigin hv\u00f6tum, \u00e1n\u00e6gju, hefnd, forvitni. \u00deessi b\u00f3kmenntahef\u00f0 m\u00f3ta\u00f0i vestr\u00e6nan skilning \u00e1 djinnum meira en gu\u00f0fr\u00e6\u00f0ilegir textar, s\u00e9rstaklega eftir evr\u00f3pskar \u00fe\u00fd\u00f0ingar \u00e1 bor\u00f0 vi\u00f0 \u00fe\u00fd\u00f0ingu Antoine Gallands (1701-1721).<\/span><\/p><\/div>\t\t\t\t\t\t\t\t<\/div>\n\t\t\t\t<\/div>\n\t\t\t\t\t<\/div>\n\t\t\t\t<\/div>\n\t\t<div class=\"elementor-element elementor-element-cpe956b9d e-flex e-con-boxed e-con e-parent\" data-id=\"cpe956b9d\" data-element_type=\"container\" data-e-type=\"container\">\n\t\t\t\t\t<div class=\"e-con-inner\">\n\t\t\t\t<div class=\"elementor-element elementor-element-cpf6f2d2c elementor-widget elementor-widget-heading\" data-id=\"cpf6f2d2c\" data-element_type=\"widget\" data-e-type=\"widget\" data-widget_type=\"heading.default\">\n\t\t\t\t\t<h2 class=\"elementor-heading-title elementor-size-default\">Djinnarnir \u00ed K\u00f3raninum<\/h2>\t\t\t\t<\/div>\n\t\t<div class=\"elementor-element elementor-element-cpa620cbf e-con-full e-flex e-con e-child\" data-id=\"cpa620cbf\" data-element_type=\"container\" data-e-type=\"container\">\n\t\t\t\t<div class=\"elementor-element elementor-element-cpf4c10dd elementor-widget elementor-widget-text-editor\" data-id=\"cpf4c10dd\" data-element_type=\"widget\" data-e-type=\"widget\" data-widget_type=\"text-editor.default\">\n\t\t\t\t\t\t\t\t\t<p>Jinnarnir eru r\u00f3tfastir \u00ed K\u00f3raninum og eru ekki ja\u00f0arfyrirb\u00e6ri \u00fej\u00f3\u00f0tr\u00faar. Heil sura, 72. s\u00faran, ber titilinn <em>al-Jinn<\/em> og l\u00fdsir \u00fev\u00ed hvernig h\u00f3pur jinna hlustar \u00e1 K\u00f3raninn, hr\u00edfst af honum og ver\u00f0ur tr\u00faa\u00f0ur.<\/p><p>Af \u00feessu lei\u00f0ir grundvallar\u00e1lyktun: Jinnarnir eru, eins og mennirnir, verur sem geta teki\u00f0 tr\u00faarlega afst\u00f6\u00f0u. \u00deeir geta veri\u00f0 tr\u00faa\u00f0ir e\u00f0a vantr\u00faa\u00f0ir, g\u00f3\u00f0ir e\u00f0a illir, og \u00feeir eru undirorpnir d\u00f3msdegi.<\/p><p>K\u00f3raninn \u00fatsk\u00fdrir a\u00f0 jinnarnir hafi veri\u00f0 skapa\u00f0ir \u00far reyklausum eldi e\u00f0a eldsloga, \u00e1 me\u00f0an ma\u00f0urinn er skapa\u00f0ur \u00far leir. \u00deessi eldsuppruni a\u00f0greinir \u00fe\u00e1 b\u00e6\u00f0i fr\u00e1 englum, sem samkv\u00e6mt s\u00ed\u00f0ari kenningum eru ger\u00f0ir \u00far lj\u00f3si, og fr\u00e1 manninum.<\/p><p>\u00cd 51. s\u00faru, 56. versi, segir a\u00f0 Gu\u00f0 hafi skapa\u00f0 jinna og menn a\u00f0eins til a\u00f0 \u00fej\u00f3na s\u00e9r. \u00dear me\u00f0 hafa b\u00e1\u00f0ar tegundirnar sama tilgang tilverunnar.<\/p><p>K\u00f3raninn \u00feekkir jinnana einnig \u00ed neikv\u00e6\u00f0u hlutverki. \u00deeir geta t\u00e6lt menn, og sumir \u00feeirra fylgja \u00cdbl\u00eds. \u00c1 sama t\u00edma gerir K\u00f3raninn lj\u00f3st a\u00f0 jinnarnir hafa ekki yfirmannlegan alm\u00e6tti.<\/p><p>Fr\u00e1s\u00f6gn af sp\u00e1manninum og konunginum Sal\u00f3mon segir a\u00f0 jinnar hafi veri\u00f0 settir \u00ed \u00fej\u00f3nustu hans og unni\u00f0 fyrir hann, me\u00f0al annars vi\u00f0 byggingarframkv\u00e6mdir. \u00deegar Sal\u00f3mon d\u00f3, t\u00f3ku vinnandi jinnarnir langan t\u00edma a\u00f0 taka eftir \u00fev\u00ed, sem s\u00fdnir a\u00f0 \u00feeir vita ekki um hi\u00f0 hulda.<\/p><p>K\u00f3ran\u00edsk kenning afmarkar \u00feannig jinnana sk\u00fdrt: \u00feeir eru skapa\u00f0ar, dau\u00f0legar, \u00e1byrgar verur, ekki gu\u00f0ir og ekki h\u00e1lfgu\u00f0ir.<\/p>\t\t\t\t\t\t\t\t<\/div>\n\t\t\t\t<\/div>\n\t\t\t\t\t<\/div>\n\t\t\t\t<\/div>\n\t\t<div class=\"elementor-element elementor-element-cp126a4fa e-flex e-con-boxed e-con e-parent\" data-id=\"cp126a4fa\" data-element_type=\"container\" data-e-type=\"container\">\n\t\t\t\t\t<div class=\"e-con-inner\">\n\t\t\t\t<div class=\"elementor-element elementor-element-cp5f5e683 elementor-widget elementor-widget-heading\" data-id=\"cp5f5e683\" data-element_type=\"widget\" data-e-type=\"widget\" data-widget_type=\"heading.default\">\n\t\t\t\t\t<h2 class=\"elementor-heading-title elementor-size-default\">Fyririslamskar r\u00e6tur og breytingar \u00e1 jinna-tr\u00fanni<\/h2>\t\t\t\t<\/div>\n\t\t<div class=\"elementor-element elementor-element-cp12ff229 e-con-full e-flex e-con e-child\" data-id=\"cp12ff229\" data-element_type=\"container\" data-e-type=\"container\">\n\t\t\t\t<div class=\"elementor-element elementor-element-cp6328315 elementor-widget elementor-widget-text-editor\" data-id=\"cp6328315\" data-element_type=\"widget\" data-e-type=\"widget\" data-widget_type=\"text-editor.default\">\n\t\t\t\t\t\t\t\t\t<p>Tr\u00fain \u00e1 jinna er eldri en \u00edslam. \u00cd fyririslamskri Arab\u00edu voru jinnarnir fastur hluti af hugmyndaheiminum. \u00deeir voru taldir b\u00faa \u00e1 ey\u00f0imerkursv\u00e6\u00f0um, \u00e1 hrj\u00f3strugum og h\u00e6ttulegum st\u00f6\u00f0um, og voru tengdir \u00e1kve\u00f0num st\u00f6\u00f0um, steinum, trj\u00e1m og lindum.<\/p><p>Fornarab\u00edsk sk\u00e1ldskaparlist nefnir \u00fe\u00e1 oft, og til voru hugmyndir um a\u00f0 jinnarnir veittu sk\u00e1ldunum innbl\u00e1stur, sem \u00fatsk\u00fdrir hi\u00f0 n\u00e1na samband milli sk\u00e1ldskapar og ekki alveg hreinlegrar innbl\u00e1sturs.<\/p><p>Me\u00f0 \u00edslam voru jinnarnir ekki afnumdir, heldur felldir inn \u00ed n\u00fdtt tr\u00faarkerfi og endurt\u00falka\u00f0ir. K\u00f3raninn sta\u00f0festir tilvist \u00feeirra en setur \u00fe\u00e1 undir hinn eina Gu\u00f0 og gerir lj\u00f3st a\u00f0 \u00f3heimilt er a\u00f0 tilbi\u00f0ja \u00fe\u00e1 e\u00f0a leita skj\u00f3ls hj\u00e1 \u00feeim.<\/p><p>\u00cd 72. s\u00faru, 6. versi, er beinl\u00ednis gagnr\u00fdnt a\u00f0 menn hafi \u00e1\u00f0ur leita\u00f0 skj\u00f3ls hj\u00e1 jinnum og \u00feannig a\u00f0eins auki\u00f0 yfirgang \u00feeirra. \u00dar verum sem a\u00f0 nokkru leyti var fari\u00f0 me\u00f0 sem h\u00e1lfgu\u00f0legar \u00e1 fyririslamskri t\u00ed\u00f0 ur\u00f0u skapa\u00f0ar me\u00f0skepnur.<\/p><p>\u00deessi endurt\u00falkun er gott d\u00e6mi um hvernig n\u00fd tr\u00faarbr\u00f6g\u00f0 ry\u00f0ja ekki einfaldlega burt fyrirliggjandi hugmyndum, heldur setja \u00fe\u00e6r \u00ed breyttan ramma. Ranns\u00f3knir, me\u00f0al annars verk Toufic Fahd um fornarab\u00edsk tr\u00faarbr\u00f6g\u00f0 e\u00f0a n\u00fdrri ranns\u00f3knir \u00e1 \u00edslamskri dj\u00f6flafr\u00e6\u00f0i, hafa varpa\u00f0 lj\u00f3si \u00e1 \u00feessa samfellu og \u00e1 sama t\u00edma \u00e1 rofi\u00f0.<\/p><p>Tr\u00fain \u00e1 jinna h\u00e9lst lifandi \u00ed gegnum aldirnar, einmitt vegna \u00feess a\u00f0 h\u00fan var studd af K\u00f3raninum. \u00d3l\u00edkt sumum fyririsl\u00f6mskum hugmyndum, sem var hafna\u00f0 sem skur\u00f0go\u00f0ad\u00fdrkun, h\u00e9lt jinna-tr\u00fain l\u00f6gm\u00e6tum sess innan \u00edslamskrar heimsmyndar.<\/p>\t\t\t\t\t\t\t\t<\/div>\n\t\t\t\t<\/div>\n\t\t\t\t\t<\/div>\n\t\t\t\t<\/div>\n\t\t<div class=\"elementor-element elementor-element-cpb2ae6ec e-flex e-con-boxed e-con e-parent\" data-id=\"cpb2ae6ec\" data-element_type=\"container\" data-e-type=\"container\">\n\t\t\t\t\t<div class=\"e-con-inner\">\n\t\t\t\t<div class=\"elementor-element elementor-element-cp7981135 elementor-widget elementor-widget-heading\" data-id=\"cp7981135\" data-element_type=\"widget\" data-e-type=\"widget\" data-widget_type=\"heading.default\">\n\t\t\t\t\t<h2 class=\"elementor-heading-title elementor-size-default\">Tegundir, stigveldi og l\u00edfsh\u00e6ttir jinna<\/h2>\t\t\t\t<\/div>\n\t\t<div class=\"elementor-element elementor-element-cp65438ff e-con-full e-flex e-con e-child\" data-id=\"cp65438ff\" data-element_type=\"container\" data-e-type=\"container\">\n\t\t\t\t<div class=\"elementor-element elementor-element-cp0a065f5 elementor-widget elementor-widget-text-editor\" data-id=\"cp0a065f5\" data-element_type=\"widget\" data-e-type=\"widget\" data-widget_type=\"text-editor.default\">\n\t\t\t\t\t\t\t\t\t<p>\u00cdsl\u00f6msk hef\u00f0, s\u00e9rstaklega sk\u00fdringarritin og verk <span class=\"iwg-fachbegriff\" data-tooltip=\"Tr\u00faarl\u00edf sem lifa\u00f0 er \u00ed daglegu l\u00edfi, oft samhli\u00f0a opinberri kenningu.\" tabindex=\"0\">al\u00fe\u00fd\u00f0utr\u00faar<\/span>, hefur \u00fatf\u00e6rt hinar kn\u00f6ppu k\u00f3ran\u00edsku fullyr\u00f0ingar \u00ed fj\u00f6lbreytta mynd. Fram kom skipting jinna \u00ed \u00fdmsa flokka.<\/p><p>Oft eru nefndir <em>\u02bfifrit<\/em>, s\u00e9rstaklega m\u00e1ttugir og h\u00e6ttulegir jinnar, <em>marid<\/em>, sem taldir eru \u00ferj\u00f3skir og sterkir, og hi\u00f0 almenna hugtak <em>schaitan<\/em> fyrir illgjarnan jinna. Auk \u00feess \u00feekkir <span class=\"iwg-fachbegriff\" data-tooltip=\"Mi\u00f0lun \u00feekkingar og fr\u00e1sagna milli kynsl\u00f3\u00f0a.\" tabindex=\"0\">munnm\u00e6lahef\u00f0in<\/span> <em>ghul<\/em>, verndarhamskiptaveru \u00f6r\u00e6fanna. \u00deessi flokkun er ekki samr\u00e6md og er breytileg milli heimilda.<\/p><p>Samkv\u00e6mt \u00feessari \u00fatf\u00e6r\u00f0u hugmynd lifa jinnarnir \u00ed samf\u00e9l\u00f6gum sem l\u00edkjast samf\u00e9l\u00f6gum manna. \u00deeir hafa kynfer\u00f0i, fj\u00f6lga s\u00e9r, \u00e9ta og drekka, myndu \u00e6ttb\u00e1lka og konungsr\u00edki og deyja, \u00fe\u00f3 samkv\u00e6mt sumum munnm\u00e6lum ekki fyrr en eftir mj\u00f6g langan t\u00edma.<\/p><p>\u00deeir geta teki\u00f0 \u00e1 sig \u00fdmsar myndir, svo sem d\u00fdra \u00e1 bor\u00f0 vi\u00f0 sl\u00f6ngur e\u00f0a hunda, e\u00f0a manna. \u00deeir b\u00faa gjarnan \u00e1 yfirgefnum, \u00f3hreinum e\u00f0a afskekktum st\u00f6\u00f0um, \u00ed r\u00fastum, hellum, kirkjug\u00f6r\u00f0um og svipu\u00f0um st\u00f6\u00f0um.<\/p><p><span class=\"iwg-fachbegriff\" data-tooltip=\"Tr\u00faarl\u00edf sem lifa\u00f0 er \u00ed daglegu l\u00edfi, oft samhli\u00f0a opinberri kenningu.\" tabindex=\"0\">Al\u00fe\u00fd\u00f0utr\u00fain<\/span> \u00feekkir fj\u00f6lda heg\u00f0unarreglna var\u00f0andi umgengni vi\u00f0 jinna, svo sem var\u00fa\u00f0arr\u00e1\u00f0stafanir \u00feegar h\u00e6ttulegir sta\u00f0ir eru s\u00f3ttir, vi\u00f0 a\u00f0 hella vatni \u00e1 n\u00f3ttunni e\u00f0a vi\u00f0 \u00e1kve\u00f0in verk.<\/p><p>\u00deessar reglur eru mj\u00f6g mismunandi eftir sv\u00e6\u00f0um og heyra frekar til al\u00fe\u00fd\u00f0umenningar en til hinnar sta\u00f0la\u00f0u <span class=\"iwg-fachbegriff\" data-tooltip=\"V\u00edsindaleg fr\u00e6\u00f0i um Gu\u00f0 og tr\u00fa innan tr\u00faarbrag\u00f0a.\" tabindex=\"0\">gu\u00f0fr\u00e6\u00f0i<\/span>, sem takmarkast vi\u00f0 k\u00f3ran\u00edskar grunnfullyr\u00f0ingar. Ranns\u00f3knir gera \u00fev\u00ed vandlegan greinarmun \u00e1 k\u00f3ran\u00edsk-gu\u00f0fr\u00e6\u00f0ilegri kenningu og hinni r\u00edkulega \u00fatf\u00e6r\u00f0u al\u00fe\u00fd\u00f0legu jinna-tr\u00fa, sem er mj\u00f6g breytileg eftir sv\u00e6\u00f0i og t\u00edma.<\/p>\t\t\t\t\t\t\t\t<\/div>\n\t\t\t\t<\/div>\n\t\t\t\t\t<\/div>\n\t\t\t\t<\/div>\n\t\t<div class=\"elementor-element elementor-element-cpf27ae05 e-flex e-con-boxed e-con e-parent\" data-id=\"cpf27ae05\" data-element_type=\"container\" data-e-type=\"container\">\n\t\t\t\t\t<div class=\"e-con-inner\">\n\t\t\t\t<div class=\"elementor-element elementor-element-cp0a4a002 elementor-widget elementor-widget-heading\" data-id=\"cp0a4a002\" data-element_type=\"widget\" data-e-type=\"widget\" data-widget_type=\"heading.default\">\n\t\t\t\t\t<h2 class=\"elementor-heading-title elementor-size-default\">Andsetning, l\u00e6kning og umgengni vi\u00f0 jinna<\/h2>\t\t\t\t<\/div>\n\t\t<div class=\"elementor-element elementor-element-cp8c3f326 e-con-full e-flex e-con e-child\" data-id=\"cp8c3f326\" data-element_type=\"container\" data-e-type=\"container\">\n\t\t\t\t<div class=\"elementor-element elementor-element-cpd70ed5f elementor-widget elementor-widget-text-editor\" data-id=\"cpd70ed5f\" data-element_type=\"widget\" data-e-type=\"widget\" data-widget_type=\"text-editor.default\">\n\t\t\t\t\t\t\t\t\t<p>Einn hagn\u00fdtur og mikilv\u00e6gur \u00fe\u00e1ttur \u00ed tr\u00fanni \u00e1 djinn sn\u00fdst um \u00fe\u00e1 hugmynd a\u00f0 djinn geti komist inn \u00ed l\u00edkama manns og haft \u00e1hrif \u00e1 hann. K\u00f3raninn sj\u00e1lfur gefur veika v\u00edsbendingu um \u00feetta \u00feegar \u00ed s\u00faru 2, versi 275 er tala\u00f0 um menn sem r\u00edsa upp \u00e1 sama h\u00e1tt og \u00feann sem shaitan hefur rugla\u00f0 me\u00f0 snertingu.<\/p><p>\u00c1 sl\u00edkum v\u00edsum byggist hugmyndin um djinn-\u00e1hrif e\u00f0a djinn-fj\u00f6trun, \u00e1 arab\u00edsku tengd hugt\u00f6kum sem eru dregin af r\u00f3tinni <em>dsch-n-n<\/em>, s\u00f6mu r\u00f3t og or\u00f0i\u00f0 yfir ge\u00f0veiki er sprotti\u00f0 af.<\/p><p>\u00dat fr\u00e1 \u00feessari tr\u00fa \u00fer\u00f3a\u00f0ist s\u00e9rst\u00f6k l\u00e6kningaa\u00f0fer\u00f0. Me\u00f0fer\u00f0in, k\u00f6llu\u00f0 <em>ruqya<\/em>, felst \u00ed grunninn \u00ed \u00fev\u00ed a\u00f0 fara me\u00f0 k\u00f3ranvers yfir hinum sj\u00faka, s\u00e9rstaklega \u00e1kve\u00f0nar s\u00farur og vers sem talin eru \u00f6flug, svo sem h\u00e1s\u00e6tisversi\u00f0 og verndars\u00farurnar tv\u00e6r.<\/p><p>\u00deessi framkv\u00e6md er \u00ed grundvallaratri\u00f0um vi\u00f0urkennd af r\u00e9tttr\u00fana\u00f0arkenningunni, svo lengi sem h\u00fan byggist einungis \u00e1 k\u00f3ran\u00edskum \u00farr\u00e6\u00f0um og fer ekki yfir \u00ed <span class=\"iwg-fachbegriff\" data-tooltip=\"I\u00f0kun sem reynir a\u00f0 hafa \u00e1hrif \u00e1 atbur\u00f0ar\u00e1s me\u00f0 s\u00e9rst\u00f6kum ath\u00f6fnum e\u00f0a form\u00falum.\" tabindex=\"0\">galdur<\/span>, <span class=\"iwg-fachbegriff\" data-tooltip=\"B\u00e6nr\u00edk e\u00f0a \u00e1k\u00f6ll \u00e1varp til go\u00f0magns e\u00f0a \u00e6\u00f0ri m\u00e1ttar.\" tabindex=\"0\">\u00e1kall<\/span> til djinn e\u00f0a ska\u00f0agaldur. M\u00f6rkin milli leyfilegrar verndar- og l\u00e6kningai\u00f0ju og banna\u00f0s <span class=\"iwg-fachbegriff\" data-tooltip=\"I\u00f0kun sem reynir a\u00f0 hafa \u00e1hrif \u00e1 atbur\u00f0ar\u00e1s me\u00f0 s\u00e9rst\u00f6kum ath\u00f6fnum e\u00f0a form\u00falum.\" tabindex=\"0\">galdurs<\/span> eru endurteki\u00f0 umfj\u00f6llunarefni \u00ed fr\u00e6\u00f0iritum l\u00e6rimeistara.<\/p><p>Meginatri\u00f0i\u00f0 \u00ed tr\u00fafr\u00e6\u00f0ilegu tilliti er a\u00f0 \u00f6ll vernd og \u00f6ll l\u00e6kning er be\u00f0in fr\u00e1 Gu\u00f0i, ekki fr\u00e1 djinn sj\u00e1lfum. Samkv\u00e6mt \u00edslamskri kenningu er \u00f3heimilt a\u00f0 gera bandalag vi\u00f0 djinn e\u00f0a leita hj\u00e1lpar \u00feeirra.<\/p><p>Hugmyndin um djinn-\u00e1hrif og me\u00f0fer\u00f0 \u00feeirra er enn \u00ed dag lifandi \u00ed m\u00f6rgum sv\u00e6\u00f0um \u00edslamska heimsins, en er einnig gagnr\u00fdnd af n\u00fat\u00edmar\u00f6ddum, me\u00f0al annars \u00ed samhengi vi\u00f0 l\u00e6knisfr\u00e6\u00f0ilegar og s\u00e1lfr\u00e6\u00f0ilegar sk\u00fdringar. Fr\u00e6\u00f0imenn rannsaka \u00feetta svi\u00f0 sem vettvang \u00fear sem tr\u00fa, <span class=\"iwg-fachbegriff\" data-tooltip=\"Tr\u00faarlegar hugmyndir og si\u00f0ir sem eru \u00fatbreiddir \u00ed daglegu l\u00edfi.\" tabindex=\"0\">\u00fej\u00f3\u00f0tr\u00fa<\/span>, l\u00e6knisfr\u00e6\u00f0i og samf\u00e9lagsleg i\u00f0kun renna saman.<\/p>\t\t\t\t\t\t\t\t<\/div>\n\t\t\t\t<\/div>\n\t\t\t\t\t<\/div>\n\t\t\t\t<\/div>\n\t\t<div class=\"elementor-element elementor-element-cp2eaf3bd e-flex e-con-boxed e-con e-parent\" data-id=\"cp2eaf3bd\" data-element_type=\"container\" data-e-type=\"container\">\n\t\t\t\t\t<div class=\"e-con-inner\">\n\t\t\t\t<div class=\"elementor-element elementor-element-cpb35b360 elementor-widget elementor-widget-heading\" data-id=\"cpb35b360\" data-element_type=\"widget\" data-e-type=\"widget\" data-widget_type=\"heading.default\">\n\t\t\t\t\t<h2 class=\"elementor-heading-title elementor-size-default\">Djinn \u00ed b\u00f3kmenntum og n\u00fat\u00edmamenningu<\/h2>\t\t\t\t<\/div>\n\t\t<div class=\"elementor-element elementor-element-cpaed7749 e-con-full e-flex e-con e-child\" data-id=\"cpaed7749\" data-element_type=\"container\" data-e-type=\"container\">\n\t\t\t\t<div class=\"elementor-element elementor-element-cpd5e6c3e elementor-widget elementor-widget-text-editor\" data-id=\"cpd5e6c3e\" data-element_type=\"widget\" data-e-type=\"widget\" data-widget_type=\"text-editor.default\">\n\t\t\t\t\t\t\t\t\t<p>Djinn hafa haft \u00e1hrif \u00e1 b\u00f3kmenntir og menningu langt umfram tr\u00faarlegt svi\u00f0 sitt. \u00deekktasta b\u00f3kmenntalega birtingarmynd \u00feeirra er \u00ed safnritinu <em>\u00de\u00fasund og einni n\u00f3tt<\/em>, sagnasafni sem var\u00f0 til \u00e1 m\u00f6rgum \u00f6ldum.<\/p><p>\u00cd m\u00f6rgum \u00feessara sagna koma djinn fram, oft sem m\u00e1ttug verur sem eru bundnar \u00ed \u00edl\u00e1tum, fl\u00f6skum e\u00f0a hringjum og veita \u00feeim sem frelsar \u00feau \u00f3skir e\u00f0a h\u00f3ta honum.<\/p><p>\u00deetta <span class=\"iwg-fachbegriff\" data-tooltip=\"Endurteki\u00f0 efnisatri\u00f0i \u00ed list e\u00f0a fr\u00e1s\u00f6gn.\" tabindex=\"0\">minni<\/span> um djinn sem er l\u00e6st inni \u00ed \u00edl\u00e1ti og veitir \u00f3skir m\u00f3ta\u00f0i \u00fe\u00e1 mynd sem Vesturl\u00f6nd fengu af djinn.<\/p><p>\u00cd gegnum evr\u00f3pskar \u00fe\u00fd\u00f0ingar \u00e1 <em>\u00de\u00fasund og einni n\u00f3tt<\/em> fr\u00e1 18. \u00f6ld barst \u00feessi pers\u00f3na inn \u00ed vestr\u00e6nar b\u00f3kmenntir og s\u00ed\u00f0ar \u00ed kvikmyndir, myndas\u00f6gur og teiknimyndir. \u00cd \u00feessari m\u00f3tt\u00f6ku rann djinn a\u00f0 miklu leyti saman vi\u00f0 hugmyndina um \u00f3skaveitandi fl\u00f6skuandann og glata\u00f0i tr\u00faarlegu v\u00e6gi s\u00ednu.<\/p><p>\u00dea\u00f0 er tr\u00faarfr\u00e6\u00f0ilega mikilv\u00e6gt a\u00f0 greina \u00e1 milli \u00feessarar d\u00e6gurmenningarlegu pers\u00f3nu og djinn hinnar \u00edsl\u00f6msku hef\u00f0ar. \u00cd lifandi \u00edsl\u00f6mskum tr\u00faarheimi eru djinn ekki \u00e6vint\u00fdralegir \u00f3skaveitendur, heldur raunverulegar, skapa\u00f0ar me\u00f0verur sem hafa fastan sta\u00f0 \u00ed <span class=\"iwg-fachbegriff\" data-tooltip=\"Hugmynd um uppbyggingu og skipan heimsins innan tiltekinnar menningar.\" tabindex=\"0\">heimsmynd<\/span> og hafa tilvist s\u00edna r\u00f6kstudda \u00ed K\u00f3raninum.<\/p><p>\u00c1 m\u00f6rgum sv\u00e6\u00f0um \u00edslamska heimsins, fr\u00e1 Nor\u00f0ur-Afr\u00edku yfir Mi\u00f0austurl\u00f6nd til Su\u00f0ur-As\u00edu, er tr\u00fain \u00e1 djinn enn \u00ed dag hluti af daglegu l\u00edfi og hefur \u00e1hrif \u00e1 hugmyndir um sj\u00fakd\u00f3ma, \u00f3g\u00e6fu og vernd.<\/p><p>Auk \u00feess hafa n\u00fat\u00edma arab\u00edskar og al\u00fej\u00f3\u00f0legar b\u00f3kmenntir og kvikmyndir teki\u00f0 djinn upp \u00e1 n\u00fd \u00ed alv\u00f6ru samhengi, me\u00f0al annars \u00ed hryllingsmyndum sem s\u00e6kja \u00ed \u00fej\u00f3\u00f0tr\u00fana. Svi\u00f0i\u00f0 spannar \u00feannig allt fr\u00e1 tr\u00fafr\u00e6\u00f0ilegri kennslub\u00f3k yfir lifandi \u00fej\u00f3\u00f0tr\u00fa til al\u00fej\u00f3\u00f0legrar af\u00fereyingarmenningar.<\/p>\t\t\t\t\t\t\t\t<\/div>\n\t\t\t\t<\/div>\n\t\t\t\t\t<\/div>\n\t\t\t\t<\/div>\n\t\t<div class=\"elementor-element elementor-element-36dd7469 e-flex e-con-boxed e-con e-parent\" data-id=\"36dd7469\" data-element_type=\"container\" data-e-type=\"container\">\n\t\t\t\t\t<div class=\"e-con-inner\">\n\t\t\t\t<div class=\"elementor-element elementor-element-13760ab4 elementor-widget elementor-widget-heading\" data-id=\"13760ab4\" data-element_type=\"widget\" data-e-type=\"widget\" data-widget_type=\"heading.default\">\n\t\t\t\t\t<div class=\"elementor-heading-title elementor-size-default\">\u00cdtarefni og tenglar<\/div>\t\t\t\t<\/div>\n\t\t<div class=\"elementor-element elementor-element-28c87796 e-con-full e-flex e-con e-child\" data-id=\"28c87796\" data-element_type=\"container\" data-e-type=\"container\">\n\t\t\t\t<div class=\"elementor-element elementor-element-5d6538df elementor-widget elementor-widget-text-editor\" data-id=\"5d6538df\" data-element_type=\"widget\" data-e-type=\"widget\" data-widget_type=\"text-editor.default\">\n\t\t\t\t\t\t\t\t\t<p>R\u00e1\u00f0lag\u00f0ir innri tenglar:<\/p><ul><li><a href=\"https:\/\/iwell-guard.com\/is\/?page_id=168613\">\u00cdslam<\/a><\/li><li><a href=\"https:\/\/iwell-guard.com\/is\/?page_id=168622\">Iblis<\/a>, <a href=\"https:\/\/iwell-guard.com\/is\/?page_id=168624\">Shayatin<\/a>, <a href=\"https:\/\/iwell-guard.com\/is\/?page_id=168625\">Ifrit<\/a>, <a href=\"https:\/\/iwell-guard.com\/is\/?page_id=168626\">Ghul<\/a><\/li><li><a href=\"https:\/\/iwell-guard.com\/is\/?page_id=168608\">Shedim<\/a> (skyld or\u00f0sifjalega)<\/li><li>Ruqya og k\u00f3ran\u00edsk verndara\u00f0fer\u00f0<\/li><li>\u00de\u00fasund og ein n\u00f3tt<\/li><\/ul>\t\t\t\t\t\t\t\t<\/div>\n\t\t\t\t<\/div>\n\t\t\t\t\t<\/div>\n\t\t\t\t<\/div>\n\t\t<div class=\"elementor-element elementor-element-grl4kl40 e-flex e-con-boxed e-con e-parent\" data-id=\"grl4kl40\" data-element_type=\"container\" data-e-type=\"container\">\n\t\t\t\t\t<div class=\"e-con-inner\">\n\t\t\t\t<div class=\"elementor-element elementor-element-bzsbfrmh elementor-widget elementor-widget-heading\" data-id=\"bzsbfrmh\" data-element_type=\"widget\" data-e-type=\"widget\" data-widget_type=\"heading.default\">\n\t\t\t\t\t<h2 class=\"elementor-heading-title elementor-size-default\">Heimildir og fr\u00e6\u00f0irit<\/h2>\t\t\t\t<\/div>\n\t\t<div class=\"elementor-element elementor-element-2c13224a e-con-full e-flex e-con e-child\" data-id=\"2c13224a\" data-element_type=\"container\" data-e-type=\"container\">\n\t\t\t\t<div class=\"elementor-element elementor-element-0eymh9ub elementor-widget elementor-widget-text-editor\" data-id=\"0eymh9ub\" data-element_type=\"widget\" data-e-type=\"widget\" data-widget_type=\"text-editor.default\">\n\t\t\t\t\t\t\t\t\t<footer class=\"iwg-literatur\"><p>\u00darval mikilv\u00e6gra verka um Jinn:<\/p><ul><li><span data-nosnippet>Westermarck, Edward: <em><span class=\"iwg-fachbegriff\" data-tooltip=\"Skipul\u00f6g\u00f0 atbur\u00f0ar\u00f6\u00f0 t\u00e1kngj\u00f6rninga me\u00f0 tr\u00faarlegri e\u00f0a menningarlegri merkingu.\" tabindex=\"0\">Ritual<\/span> and Belief in Morocco<\/em>. London 1926.<\/span><\/li><li><span data-nosnippet>Crapanzano, Vincent: <em>The Hamadsha<\/em>. Berkeley 1973 (\u00fej\u00f3\u00f0h\u00e1ttafr\u00e6\u00f0i).<\/span><\/li><li><span data-nosnippet>Henninger, Joseph: <em>Arabica Sacra<\/em>. Freiburg 1981.<\/span><\/li><\/ul><div data-nosnippet=\"true\" class=\"iwg-litliste\"><\/div><\/footer>\n<p class=\"iwg-bib-more\"><span data-nosnippet>Fleiri lykilverk \u00ed <a href=\"https:\/\/iwell-guard.com\/is\/?page_id=168730\">heimildaskr\u00e1nni<\/a>.<\/span><\/p>\t\t\t\t\t\t\t\t<\/div>\n\t\t\t\t<\/div>\n\t\t\t\t\t<\/div>\n\t\t\t\t<\/div>\n\t\t<div class=\"elementor-element elementor-element-iwgca-jinn-sec e-flex e-con-boxed e-con e-parent\" data-id=\"iwgca-jinn-sec\" data-element_type=\"container\" data-e-type=\"container\" id=\"iwg-ca-jinn\">\n\t\t\t\t\t<div class=\"e-con-inner\">\n\t\t\t\t<div class=\"elementor-element elementor-element-iwgca-jinn-te iwg-ca-textwrap elementor-widget elementor-widget-text-editor\" data-id=\"iwgca-jinn-te\" data-element_type=\"widget\" data-e-type=\"widget\" data-widget_type=\"text-editor.default\">\n\t\t\t\t\t\t\t\t\t<div data-nosnippet=\"true\"><p class=\"iwg-ca-bridge\">Verndarhef\u00f0in sem h\u00e9r er l\u00fdst er tr\u00faars\u00f6gulegt yfirlit yfir s\u00f6guleg fyrirb\u00e6ri. iWell Guard tengist \u00feessari menningars\u00f6gulegu hef\u00f0 verndargripa sem bornir eru \u00e1 l\u00edkamanum og er samt\u00edma\u00fatg\u00e1fa af henni. <a href=\"\/ueber-iwell-guard\/?utm_source=iwell-guard.com&#038;utm_medium=text-link&#038;utm_campaign=schadwesen-tradition\">Meira um iWell Guard \u2192<\/a><\/p><\/div>\t\t\t\t\t\t\t\t<\/div>\n\t\t\t\t\t<\/div>\n\t\t\t\t<\/div>\n\t\t<div class=\"elementor-element elementor-element-c9eefd9 e-con-boxed e-flex e-con e-parent\" data-id=\"c9eefd9\" data-element_type=\"container\" data-e-type=\"container\">\n\t\t\t\t\t<div class=\"e-con-inner\">\n\t\t\t\t<div class=\"elementor-element elementor-element-5ae32e3 elementor-widget elementor-widget-text-editor\" data-id=\"5ae32e3\" data-element_type=\"widget\" data-e-type=\"widget\" data-widget_type=\"text-editor.default\">\n\t\t\t\t\t\t\t\t\t\n<h2>Algengar spurningar um Ghul<\/h2>\n<div class=\"iwg-faq-q\"><h3>Hva\u00f0 er Ghul \u00ed \u00edslam og \u00fej\u00f3\u00f0tr\u00fa?<\/h3><p>Ghul (arab\u00edska \u0121\u016bl, \u00e1 ensku ghoul) er <span class=\"iwg-fachbegriff\" data-tooltip=\"Andleg vera sem eignu\u00f0 er ska\u00f0leg e\u00f0a tv\u00edbent \u00e1hrif.\" tabindex=\"0\">dj\u00f6full<\/span> sem heldur til \u00ed ey\u00f0im\u00f6rkum og kirkjug\u00f6r\u00f0um \u00ed arab\u00edskri og \u00edslamskri \u00fej\u00f3\u00f0tr\u00fa. Hann er talinn undirtegund djinna, en er \u00e1 k\u00f6flum flokka\u00f0ur s\u00e9rstaklega.<\/p><p>Ghular geta skipt um mynd, \u00feeir birtast oft sem fagrar konur e\u00f0a fer\u00f0alangar til a\u00f0 lei\u00f0a vegfarendur afvega og dey\u00f0a \u00fe\u00e1. S\u00e9rgrein \u00feeirra er a\u00f0 \u00e9ta hina d\u00e1nu, \u00feeir grafa upp fersk gr\u00f6f og eta l\u00edkin. N\u00fat\u00edma enska or\u00f0i\u00f0 ghoul (l\u00edk\u00e6tandi vera) er dregi\u00f0 beint af \u00feessu.<\/p><\/div>\n<div class=\"iwg-faq-q\"><h3>Hvernig verst ma\u00f0ur Ghul?<\/h3><p>Hef\u00f0bundnar varnara\u00f0fer\u00f0ir \u00ed arab\u00edskri \u00fej\u00f3\u00f0tr\u00fa eru me\u00f0al annars a\u00f0 fara me\u00f0 k\u00f3ranvers (s\u00e9rstaklega s\u00faru 2,255, Ayat al-Kursi, h\u00e1s\u00e6tisversi\u00f0), a\u00f0 bera verndargrip me\u00f0 Hamsa-<span class=\"iwg-fachbegriff\" data-tooltip=\"T\u00e1kn sem stendur fyrir hugmynd e\u00f0a merkingu.\" tabindex=\"0\">t\u00e1kninu<\/span> e\u00f0a nafni Allah, a\u00f0 for\u00f0ast einmana lei\u00f0ir a\u00f0 n\u00f3ttu og a\u00f0 kynda eld \u00e1 \u00e1ningarst\u00f6\u00f0um.<\/p><p>\u00cd \u00de\u00fasund og einni n\u00f3tt er Ghul oft yfirbuga\u00f0ur me\u00f0 k\u00e6nsku, me\u00f0 beinni \u00e1t\u00f6kum og me\u00f0 \u00fev\u00ed a\u00f0 \u00feekkja hi\u00f0 sanna nafn hans.<\/p><\/div>\n<script type=\"application\/ld+json\">{\"@context\":\"https:\/\/schema.org\",\"@type\":\"FAQPage\",\"mainEntity\":[{\"@type\":\"Question\",\"name\":\"Hva\u00f0 er Ghul \u00ed \u00edslam og \u00fej\u00f3\u00f0tr\u00fa?\",\"acceptedAnswer\":{\"@type\":\"Answer\",\"text\":\"Ghul (arab\u00edska \u0121\u016bl, \u00e1 ensku ghoul) er dj\u00f6full sem heldur til \u00ed ey\u00f0im\u00f6rkum og kirkjug\u00f6r\u00f0um \u00ed arab\u00edskri og \u00edslamskri \u00fej\u00f3\u00f0tr\u00fa. Hann er talinn undirtegund djinna, en er \u00e1 k\u00f6flum flokka\u00f0ur s\u00e9rstaklega.Ghular geta skipt um mynd, \u00feeir birtast oft sem fagrar konur e\u00f0a fer\u00f0alangar til a\u00f0 lei\u00f0a vegfarendur afvega og dey\u00f0a \u00fe\u00e1. S\u00e9rgrein \u00feeirra er a\u00f0 \u00e9ta hina d\u00e1nu, \u00feeir grafa upp fersk gr\u00f6f og eta l\u00edkin. N\u00fat\u00edma enska or\u00f0i\u00f0 ghoul (l\u00edk\u00e6tandi vera) er dregi\u00f0 beint af \u00feessu.\"}},{\"@type\":\"Question\",\"name\":\"Hvernig verst ma\u00f0ur Ghul?\",\"acceptedAnswer\":{\"@type\":\"Answer\",\"text\":\"Hef\u00f0bundnar varnara\u00f0fer\u00f0ir \u00ed arab\u00edskri \u00fej\u00f3\u00f0tr\u00fa eru me\u00f0al annars a\u00f0 fara me\u00f0 k\u00f3ranvers (s\u00e9rstaklega s\u00faru 2,255, Ayat al-Kursi, h\u00e1s\u00e6tisversi\u00f0), a\u00f0 bera verndargrip me\u00f0 Hamsa-t\u00e1kninu e\u00f0a nafni Allah, a\u00f0 for\u00f0ast einmana lei\u00f0ir a\u00f0 n\u00f3ttu og a\u00f0 kynda eld \u00e1 \u00e1ningarst\u00f6\u00f0um.\u00cd \u00de\u00fasund og einni n\u00f3tt er Ghul oft yfirbuga\u00f0ur me\u00f0 k\u00e6nsku, me\u00f0 beinni \u00e1t\u00f6kum og me\u00f0 \u00fev\u00ed a\u00f0 \u00feekkja hi\u00f0 sanna nafn hans.\"}}]}<\/script>\t\t\t\t\t\t\t\t<\/div>\n\t\t\t\t\t<\/div>\n\t\t\t\t<\/div>\n\t\t\t\t<\/div>\n\t\t","protected":false},"excerpt":{"rendered":"","protected":false},"author":3,"featured_media":1665,"parent":0,"menu_order":0,"comment_status":"closed","ping_status":"closed","template":"elementor_header_footer","meta":{"_yoast_wpseo_focuskw":"Jinn \u00edslamskar andaverur","_yoast_wpseo_title":"Jinn - hin huldu verur af reyklausum eldi","_yoast_wpseo_metadesc":"Jinn eru \u00ed \u00edslamskri hef\u00f0 sj\u00e1lfst\u00e6\u00f0 tegund vera: hvorki englar n\u00e9 menn, heldur sk\u00f6pu\u00f0 \u00far \u201ereyklausum eldi\" (s\u00fara 55,15).","_yoast_wpseo_meta-robots-noindex":"","_yoast_wpseo_canonical":"","_angie_page":false,"gefaehrdungsstufe":"3","wesen_kultur":"islam","wesen_klasse":"geister","footnotes":""},"categories":[],"class_list":["post-168623","page","type-page","status-publish","has-post-thumbnail","hentry"],"yoast_head":"<!-- This site is optimized with the Yoast SEO Premium plugin v27.7 (Yoast SEO v28.3) - https:\/\/yoast.com\/product\/yoast-seo-premium-wordpress\/ -->\n<title>Jinn - hin huldu verur af reyklausum eldi<\/title>\n<meta name=\"description\" content=\"Jinn eru \u00ed \u00edslamskri hef\u00f0 sj\u00e1lfst\u00e6\u00f0 tegund vera: hvorki englar n\u00e9 menn, heldur sk\u00f6pu\u00f0 \u00far \u201ereyklausum eldi&quot; (s\u00fara 55,15).\" \/>\n<meta name=\"robots\" content=\"index, follow, max-snippet:-1, max-image-preview:large, max-video-preview:-1\" \/>\n<link rel=\"canonical\" href=\"https:\/\/iwell-guard.com\/is\/jinn\/\" \/>\n<meta property=\"og:locale\" content=\"is_IS\" \/>\n<meta property=\"og:type\" content=\"article\" \/>\n<meta property=\"og:title\" content=\"Jinn\" \/>\n<meta property=\"og:description\" content=\"Jinn eru \u00ed \u00edslamskri hef\u00f0 sj\u00e1lfst\u00e6\u00f0 tegund vera: hvorki englar n\u00e9 menn, heldur sk\u00f6pu\u00f0 \u00far \u201ereyklausum eldi&quot; (s\u00fara 55,15).\" \/>\n<meta property=\"og:url\" content=\"https:\/\/iwell-guard.com\/is\/jinn\/\" \/>\n<meta property=\"og:site_name\" content=\"iWell Guard\" \/>\n<meta property=\"article:modified_time\" content=\"2026-09-05T14:15:16+00:00\" \/>\n<meta property=\"og:image\" content=\"https:\/\/iwell-guard.com\/wp-content\/uploads\/2026\/04\/geister_islam_jinn.webp\" \/>\n\t<meta property=\"og:image:width\" content=\"1024\" \/>\n\t<meta property=\"og:image:height\" content=\"1536\" \/>\n\t<meta property=\"og:image:type\" content=\"image\/webp\" \/>\n<meta name=\"twitter:card\" content=\"summary_large_image\" \/>\n<script type=\"application\/ld+json\" class=\"yoast-schema-graph\">{\"@context\":\"https:\\\/\\\/schema.org\",\"@graph\":[{\"@type\":\"WebPage\",\"@id\":\"https:\\\/\\\/iwell-guard.com\\\/is\\\/jinn\\\/\",\"url\":\"https:\\\/\\\/iwell-guard.com\\\/is\\\/jinn\\\/\",\"name\":\"Jinn - hin huldu verur af reyklausum eldi\",\"isPartOf\":{\"@id\":\"https:\\\/\\\/iwell-guard.com\\\/is\\\/#website\"},\"primaryImageOfPage\":{\"@id\":\"https:\\\/\\\/iwell-guard.com\\\/is\\\/jinn\\\/#primaryimage\"},\"image\":{\"@id\":\"https:\\\/\\\/iwell-guard.com\\\/is\\\/jinn\\\/#primaryimage\"},\"thumbnailUrl\":\"https:\\\/\\\/iwell-guard.com\\\/wp-content\\\/uploads\\\/2026\\\/04\\\/geister_islam_jinn.webp\",\"datePublished\":\"2026-09-05T14:01:39+00:00\",\"dateModified\":\"2026-09-05T14:15:16+00:00\",\"description\":\"Jinn eru \u00ed \u00edslamskri hef\u00f0 sj\u00e1lfst\u00e6\u00f0 tegund vera: hvorki englar n\u00e9 menn, heldur sk\u00f6pu\u00f0 \u00far \u201ereyklausum eldi\\\" (s\u00fara 55,15).\",\"breadcrumb\":{\"@id\":\"https:\\\/\\\/iwell-guard.com\\\/is\\\/jinn\\\/#breadcrumb\"},\"inLanguage\":\"is\",\"potentialAction\":[{\"@type\":\"ReadAction\",\"target\":[\"https:\\\/\\\/iwell-guard.com\\\/is\\\/jinn\\\/\"]}]},{\"@type\":\"ImageObject\",\"inLanguage\":\"is\",\"@id\":\"https:\\\/\\\/iwell-guard.com\\\/is\\\/jinn\\\/#primaryimage\",\"url\":\"https:\\\/\\\/iwell-guard.com\\\/wp-content\\\/uploads\\\/2026\\\/04\\\/geister_islam_jinn.webp\",\"contentUrl\":\"https:\\\/\\\/iwell-guard.com\\\/wp-content\\\/uploads\\\/2026\\\/04\\\/geister_islam_jinn.webp\",\"width\":1024,\"height\":1536,\"caption\":\"Andar \u00far \u00edslamskri hef\u00f0.\"},{\"@type\":\"BreadcrumbList\",\"@id\":\"https:\\\/\\\/iwell-guard.com\\\/is\\\/jinn\\\/#breadcrumb\",\"itemListElement\":[{\"@type\":\"ListItem\",\"position\":1,\"name\":\"Start\",\"item\":\"https:\\\/\\\/iwell-guard.com\\\/is\\\/?page_id=168580\"},{\"@type\":\"ListItem\",\"position\":2,\"name\":\"Jinn\"}]},{\"@type\":\"WebSite\",\"@id\":\"https:\\\/\\\/iwell-guard.com\\\/is\\\/#website\",\"url\":\"https:\\\/\\\/iwell-guard.com\\\/is\\\/\",\"name\":\"iWell Guard\",\"description\":\"Schutz vor dunklen Einfl\u00fcssen\",\"publisher\":{\"@id\":\"https:\\\/\\\/iwell-guard.com\\\/is\\\/#organization\"},\"potentialAction\":[{\"@type\":\"SearchAction\",\"target\":{\"@type\":\"EntryPoint\",\"urlTemplate\":\"https:\\\/\\\/iwell-guard.com\\\/is\\\/?s={search_term_string}\"},\"query-input\":{\"@type\":\"PropertyValueSpecification\",\"valueRequired\":true,\"valueName\":\"search_term_string\"}}],\"inLanguage\":\"is\"},{\"@type\":\"Organization\",\"@id\":\"https:\\\/\\\/iwell-guard.com\\\/is\\\/#organization\",\"name\":\"Ittermann electronic GmbH\",\"url\":\"https:\\\/\\\/iwell-guard.com\\\/is\\\/\",\"logo\":{\"@type\":\"ImageObject\",\"inLanguage\":\"is\",\"@id\":\"https:\\\/\\\/iwell-guard.com\\\/is\\\/#\\\/schema\\\/logo\\\/image\\\/\",\"url\":\"https:\\\/\\\/iwell-guard.com\\\/wp-content\\\/uploads\\\/2026\\\/05\\\/Ittermann-Logo-1182x237-1.png\",\"contentUrl\":\"https:\\\/\\\/iwell-guard.com\\\/wp-content\\\/uploads\\\/2026\\\/05\\\/Ittermann-Logo-1182x237-1.png\",\"width\":1182,\"height\":237,\"caption\":\"Ittermann electronic GmbH\"},\"image\":{\"@id\":\"https:\\\/\\\/iwell-guard.com\\\/is\\\/#\\\/schema\\\/logo\\\/image\\\/\"},\"sameAs\":[\"https:\\\/\\\/pantip.com\\\/profile\\\/9367242\",\"https:\\\/\\\/micro.blog\\\/iwellguard\",\"https:\\\/\\\/www.diggerslist.com\\\/iwellguard\\\/about\",\"https:\\\/\\\/skitterphoto.com\\\/photographers\\\/2870314\\\/iwell-guard\",\"https:\\\/\\\/iwellguard.wordpress.com\\\/2026\\\/06\\\/06\\\/iwell-guard\\\/\",\"https:\\\/\\\/hub.docker.com\\\/u\\\/iwellguard\",\"https:\\\/\\\/www.pinterest.com\\\/iwellguard\\\/\",\"https:\\\/\\\/bit.ly\\\/m\\\/iwellguard\",\"https:\\\/\\\/entre-vos-mains.alsace.eu\\\/profiles\\\/iwellguard\\\/activity\",\"https:\\\/\\\/gravatar.com\\\/reallybeded8fd34\",\"https:\\\/\\\/naijamatta.com\\\/iwellguard\",\"https:\\\/\\\/www.goodreads.com\\\/iwellguard\",\"https:\\\/\\\/profile.hatena.ne.jp\\\/iwellguard\\\/\",\"https:\\\/\\\/experiment.com\\\/users\\\/iwellguard\",\"https:\\\/\\\/wakelet.com\\\/@iWellGuard82270\",\"https:\\\/\\\/www.chordie.com\\\/forum\\\/profile.php?id=2555664\",\"https:\\\/\\\/www.instapaper.com\\\/p\\\/17757966\",\"https:\\\/\\\/www.mapleprimes.com\\\/users\\\/iwellguard\",\"https:\\\/\\\/businesslistingplus.com\\\/profile\\\/iwell-guard\\\/\",\"https:\\\/\\\/telegra.ph\\\/iWell-Guard-06-06\",\"https:\\\/\\\/pbase.com\\\/iwellguard\\\/iwellguard\",\"https:\\\/\\\/b.hatena.ne.jp\\\/iwellguard\\\/20260607#bookmark-4788405196491818882\",\"https:\\\/\\\/fliphtml5.com\\\/home\\\/iwellguard\",\"https:\\\/\\\/anyflip.com\\\/homepage\\\/cmiwl#About\",\"https:\\\/\\\/transfur.com\\\/Users\\\/iwellguard\",\"http:\\\/\\\/delphi.larsbo.org\\\/user\\\/iwellguard\",\"https:\\\/\\\/jobs.lajobsportal.org\\\/profiles\\\/8380803-iwell-guard\",\"https:\\\/\\\/md.chaosdorf.de\\\/s\\\/jfbe5SBdJD\",\"https:\\\/\\\/www.lingvolive.com\\\/en-us\\\/profile\\\/9ecaeaca-ce11-4e51-9e71-01d55e2bff36\\\/translations\",\"https:\\\/\\\/www.fitday.com\\\/fitness\\\/forums\\\/members\\\/iwellguard.html\",\"https:\\\/\\\/www.mymeetbook.com\\\/iwellguard\",\"https:\\\/\\\/pxhere.com\\\/en\\\/photographer-me\\\/5040798\",\"https:\\\/\\\/disqus.com\\\/by\\\/iwellguard\\\/about\\\/\",\"https:\\\/\\\/pastelink.net\\\/hjwciqwq\",\"https:\\\/\\\/pubhtml5.com\\\/homepage\\\/scjhn\\\/\",\"https:\\\/\\\/www.bitchute.com\\\/channel\\\/2O2eOKzNqujT\",\"https:\\\/\\\/audiomack.com\\\/iwellguard\"]},{\"@type\":\"Article\",\"@id\":\"https:\\\/\\\/iwell-guard.com\\\/is\\\/jinn\\\/#article\",\"isPartOf\":{\"@id\":\"https:\\\/\\\/iwell-guard.com\\\/is\\\/jinn\\\/\"},\"author\":{\"name\":\"Ralf Ittermann\",\"@id\":\"https:\\\/\\\/iwell-guard.com\\\/is\\\/#\\\/schema\\\/person\\\/ee2a27f1cac3406c7c6fb5820cb7349f\"},\"headline\":\"Jinn\",\"datePublished\":\"2026-09-05T14:01:39+00:00\",\"dateModified\":\"2026-09-05T14:15:16+00:00\",\"mainEntityOfPage\":{\"@id\":\"https:\\\/\\\/iwell-guard.com\\\/is\\\/jinn\\\/\"},\"publisher\":{\"@id\":\"https:\\\/\\\/iwell-guard.com\\\/is\\\/#organization\"},\"image\":{\"@id\":\"https:\\\/\\\/iwell-guard.com\\\/is\\\/jinn\\\/#primaryimage\"},\"thumbnailUrl\":\"https:\\\/\\\/iwell-guard.com\\\/wp-content\\\/uploads\\\/2026\\\/04\\\/geister_islam_jinn.webp\",\"inLanguage\":\"is\",\"description\":\"Jinn eru \u00ed \u00edslamskri hef\u00f0 sj\u00e1lfst\u00e6\u00f0 tegund vera: hvorki englar n\u00e9 menn, heldur sk\u00f6pu\u00f0 \u00far \u201ereyklausum eldi\\\" (s\u00fara 55,15).\"}]}<\/script>\n<!-- \/ Yoast SEO Premium plugin. -->","yoast_head_json":{"title":"Jinn - hin huldu verur af reyklausum eldi","description":"Jinn eru \u00ed \u00edslamskri hef\u00f0 sj\u00e1lfst\u00e6\u00f0 tegund vera: hvorki englar n\u00e9 menn, heldur sk\u00f6pu\u00f0 \u00far \u201ereyklausum eldi\" (s\u00fara 55,15).","robots":{"index":"index","follow":"follow","max-snippet":"max-snippet:-1","max-image-preview":"max-image-preview:large","max-video-preview":"max-video-preview:-1"},"canonical":"https:\/\/iwell-guard.com\/is\/jinn\/","og_locale":"is_IS","og_type":"article","og_title":"Jinn","og_description":"Jinn eru \u00ed \u00edslamskri hef\u00f0 sj\u00e1lfst\u00e6\u00f0 tegund vera: hvorki englar n\u00e9 menn, heldur sk\u00f6pu\u00f0 \u00far \u201ereyklausum eldi\" (s\u00fara 55,15).","og_url":"https:\/\/iwell-guard.com\/is\/jinn\/","og_site_name":"iWell Guard","article_modified_time":"2026-09-05T14:15:16+00:00","og_image":[{"width":1024,"height":1536,"url":"https:\/\/iwell-guard.com\/wp-content\/uploads\/2026\/04\/geister_islam_jinn.webp","type":"image\/webp"}],"twitter_card":"summary_large_image","schema":{"@context":"https:\/\/schema.org","@graph":[{"@type":"Article","@id":"https:\/\/iwell-guard.com\/is\/jinn\/#article","isPartOf":{"@id":"https:\/\/iwell-guard.com\/is\/jinn\/"},"author":{"name":"Ralf Ittermann","@id":"https:\/\/iwell-guard.com\/is\/#\/schema\/person\/ee2a27f1cac3406c7c6fb5820cb7349f"},"headline":"Jinn","datePublished":"2026-09-05T14:01:39+00:00","dateModified":"2026-09-05T14:15:16+00:00","mainEntityOfPage":{"@id":"https:\/\/iwell-guard.com\/is\/jinn\/"},"publisher":{"@id":"https:\/\/iwell-guard.com\/is\/#organization"},"image":{"@id":"https:\/\/iwell-guard.com\/is\/jinn\/#primaryimage"},"thumbnailUrl":"https:\/\/iwell-guard.com\/wp-content\/uploads\/2026\/04\/geister_islam_jinn.webp","inLanguage":"is","description":"Jinn eru \u00ed \u00edslamskri hef\u00f0 sj\u00e1lfst\u00e6\u00f0 tegund vera: hvorki englar n\u00e9 menn, heldur sk\u00f6pu\u00f0 \u00far \u201ereyklausum eldi\" (s\u00fara 55,15)."},{"@type":"WebPage","@id":"https:\/\/iwell-guard.com\/is\/jinn\/","url":"https:\/\/iwell-guard.com\/is\/jinn\/","name":"Jinn - hin huldu verur af reyklausum eldi","isPartOf":{"@id":"https:\/\/iwell-guard.com\/is\/#website"},"primaryImageOfPage":{"@id":"https:\/\/iwell-guard.com\/is\/jinn\/#primaryimage"},"image":{"@id":"https:\/\/iwell-guard.com\/is\/jinn\/#primaryimage"},"thumbnailUrl":"https:\/\/iwell-guard.com\/wp-content\/uploads\/2026\/04\/geister_islam_jinn.webp","datePublished":"2026-09-05T14:01:39+00:00","dateModified":"2026-09-05T14:15:16+00:00","description":"Jinn eru \u00ed \u00edslamskri hef\u00f0 sj\u00e1lfst\u00e6\u00f0 tegund vera: hvorki englar n\u00e9 menn, heldur sk\u00f6pu\u00f0 \u00far \u201ereyklausum eldi\" (s\u00fara 55,15).","breadcrumb":{"@id":"https:\/\/iwell-guard.com\/is\/jinn\/#breadcrumb"},"inLanguage":"is","potentialAction":[{"@type":"ReadAction","target":["https:\/\/iwell-guard.com\/is\/jinn\/"]}]},{"@type":"ImageObject","inLanguage":"is","@id":"https:\/\/iwell-guard.com\/is\/jinn\/#primaryimage","url":"https:\/\/iwell-guard.com\/wp-content\/uploads\/2026\/04\/geister_islam_jinn.webp","contentUrl":"https:\/\/iwell-guard.com\/wp-content\/uploads\/2026\/04\/geister_islam_jinn.webp","width":1024,"height":1536,"caption":"Andar \u00far \u00edslamskri hef\u00f0."},{"@type":"BreadcrumbList","@id":"https:\/\/iwell-guard.com\/is\/jinn\/#breadcrumb","itemListElement":[{"@type":"ListItem","position":1,"name":"Start","item":"https:\/\/iwell-guard.com\/is\/?page_id=168580"},{"@type":"ListItem","position":2,"name":"Jinn"}]},{"@type":"WebSite","@id":"https:\/\/iwell-guard.com\/is\/#website","url":"https:\/\/iwell-guard.com\/is\/","name":"iWell Guard","description":"Schutz vor dunklen Einfl\u00fcssen","publisher":{"@id":"https:\/\/iwell-guard.com\/is\/#organization"},"potentialAction":[{"@type":"SearchAction","target":{"@type":"EntryPoint","urlTemplate":"https:\/\/iwell-guard.com\/is\/?s={search_term_string}"},"query-input":{"@type":"PropertyValueSpecification","valueRequired":true,"valueName":"search_term_string"}}],"inLanguage":"is"},{"@type":"Organization","@id":"https:\/\/iwell-guard.com\/is\/#organization","name":"Ittermann electronic GmbH","url":"https:\/\/iwell-guard.com\/is\/","logo":{"@type":"ImageObject","inLanguage":"is","@id":"https:\/\/iwell-guard.com\/is\/#\/schema\/logo\/image\/","url":"https:\/\/iwell-guard.com\/wp-content\/uploads\/2026\/05\/Ittermann-Logo-1182x237-1.png","contentUrl":"https:\/\/iwell-guard.com\/wp-content\/uploads\/2026\/05\/Ittermann-Logo-1182x237-1.png","width":1182,"height":237,"caption":"Ittermann electronic GmbH"},"image":{"@id":"https:\/\/iwell-guard.com\/is\/#\/schema\/logo\/image\/"},"sameAs":["https:\/\/pantip.com\/profile\/9367242","https:\/\/micro.blog\/iwellguard","https:\/\/www.diggerslist.com\/iwellguard\/about","https:\/\/skitterphoto.com\/photographers\/2870314\/iwell-guard","https:\/\/iwellguard.wordpress.com\/2026\/06\/06\/iwell-guard\/","https:\/\/hub.docker.com\/u\/iwellguard","https:\/\/www.pinterest.com\/iwellguard\/","https:\/\/bit.ly\/m\/iwellguard","https:\/\/entre-vos-mains.alsace.eu\/profiles\/iwellguard\/activity","https:\/\/gravatar.com\/reallybeded8fd34","https:\/\/naijamatta.com\/iwellguard","https:\/\/www.goodreads.com\/iwellguard","https:\/\/profile.hatena.ne.jp\/iwellguard\/","https:\/\/experiment.com\/users\/iwellguard","https:\/\/wakelet.com\/@iWellGuard82270","https:\/\/www.chordie.com\/forum\/profile.php?id=2555664","https:\/\/www.instapaper.com\/p\/17757966","https:\/\/www.mapleprimes.com\/users\/iwellguard","https:\/\/businesslistingplus.com\/profile\/iwell-guard\/","https:\/\/telegra.ph\/iWell-Guard-06-06","https:\/\/pbase.com\/iwellguard\/iwellguard","https:\/\/b.hatena.ne.jp\/iwellguard\/20260607#bookmark-4788405196491818882","https:\/\/fliphtml5.com\/home\/iwellguard","https:\/\/anyflip.com\/homepage\/cmiwl#About","https:\/\/transfur.com\/Users\/iwellguard","http:\/\/delphi.larsbo.org\/user\/iwellguard","https:\/\/jobs.lajobsportal.org\/profiles\/8380803-iwell-guard","https:\/\/md.chaosdorf.de\/s\/jfbe5SBdJD","https:\/\/www.lingvolive.com\/en-us\/profile\/9ecaeaca-ce11-4e51-9e71-01d55e2bff36\/translations","https:\/\/www.fitday.com\/fitness\/forums\/members\/iwellguard.html","https:\/\/www.mymeetbook.com\/iwellguard","https:\/\/pxhere.com\/en\/photographer-me\/5040798","https:\/\/disqus.com\/by\/iwellguard\/about\/","https:\/\/pastelink.net\/hjwciqwq","https:\/\/pubhtml5.com\/homepage\/scjhn\/","https:\/\/www.bitchute.com\/channel\/2O2eOKzNqujT","https:\/\/audiomack.com\/iwellguard"]},{"@type":"Person","@id":"https:\/\/iwell-guard.com\/is\/#\/schema\/person\/ee2a27f1cac3406c7c6fb5820cb7349f","name":"Ralf Ittermann","image":{"@type":"ImageObject","inLanguage":"is","@id":"https:\/\/secure.gravatar.com\/avatar\/073c0153e350a5005b68eb752b445fea71f6b24a26da9449ad7e155e6b446c9d?s=96&d=mm&r=g","url":"https:\/\/secure.gravatar.com\/avatar\/073c0153e350a5005b68eb752b445fea71f6b24a26da9449ad7e155e6b446c9d?s=96&d=mm&r=g","contentUrl":"https:\/\/secure.gravatar.com\/avatar\/073c0153e350a5005b68eb752b445fea71f6b24a26da9449ad7e155e6b446c9d?s=96&d=mm&r=g","caption":"Ralf Ittermann"},"givenName":"Ralf","familyName":"Ittermann","jobTitle":"Gesch\u00e4ftsf\u00fchrer und redaktioneller Verantwortlicher","url":"https:\/\/iwell-guard.com\/is\/author\/claude\/","description":"Ralf Ittermann ist Gesch\u00e4ftsf\u00fchrer der Ittermann electronic GmbH und redaktioneller Verantwortlicher des iWell-Guard-Lexikons. Er verbindet langj\u00e4hrige Erfahrung in der Pr\u00e4zisionsfertigung mit medialer Praxis und religionsgeschichtlicher Quellenarbeit.","worksFor":{"@type":"Organization","name":"Ittermann electronic GmbH","url":"https:\/\/ittermann.de\/","address":{"@type":"PostalAddress","streetAddress":"K\u00f6hlergasse 16-18","postalCode":"99842","addressLocality":"Ruhla","addressCountry":"DE"}},"knowsAbout":["Religionsgeschichte","Mythologie","Mediale Praxis","Energetische Diagnostik","Schutzpraxis","Volksglauben","Westliche Esoterik"]},{"@type":"Article","@id":"https:\/\/iwell-guard.com\/is\/jinn\/#article","isPartOf":{"@id":"https:\/\/iwell-guard.com\/is\/jinn\/"},"author":{"name":"Ralf Ittermann","@id":"https:\/\/iwell-guard.com\/is\/#\/schema\/person\/ee2a27f1cac3406c7c6fb5820cb7349f"},"headline":"Jinn","datePublished":"2026-09-05T14:01:39+00:00","dateModified":"2026-09-05T14:15:16+00:00","mainEntityOfPage":{"@id":"https:\/\/iwell-guard.com\/is\/jinn\/"},"publisher":{"@id":"https:\/\/iwell-guard.com\/is\/#organization"},"image":{"@id":"https:\/\/iwell-guard.com\/is\/jinn\/#primaryimage"},"thumbnailUrl":"https:\/\/iwell-guard.com\/wp-content\/uploads\/2026\/04\/geister_islam_jinn.webp","inLanguage":"is","description":"Jinn eru \u00ed \u00edslamskri hef\u00f0 sj\u00e1lfst\u00e6\u00f0 tegund vera: hvorki englar n\u00e9 menn, heldur sk\u00f6pu\u00f0 \u00far \u201ereyklausum eldi\" (s\u00fara 55,15)."}]}},"_links":{"self":[{"href":"https:\/\/iwell-guard.com\/is\/wp-json\/wp\/v2\/pages\/168623","targetHints":{"allow":["GET"]}}],"collection":[{"href":"https:\/\/iwell-guard.com\/is\/wp-json\/wp\/v2\/pages"}],"about":[{"href":"https:\/\/iwell-guard.com\/is\/wp-json\/wp\/v2\/types\/page"}],"author":[{"embeddable":true,"href":"https:\/\/iwell-guard.com\/is\/wp-json\/wp\/v2\/users\/3"}],"replies":[{"embeddable":true,"href":"https:\/\/iwell-guard.com\/is\/wp-json\/wp\/v2\/comments?post=168623"}],"version-history":[{"count":0,"href":"https:\/\/iwell-guard.com\/is\/wp-json\/wp\/v2\/pages\/168623\/revisions"}],"wp:featuredmedia":[{"embeddable":true,"href":"https:\/\/iwell-guard.com\/is\/wp-json\/wp\/v2\/media\/1665"}],"wp:attachment":[{"href":"https:\/\/iwell-guard.com\/is\/wp-json\/wp\/v2\/media?parent=168623"}],"wp:term":[{"taxonomy":"category","embeddable":true,"href":"https:\/\/iwell-guard.com\/is\/wp-json\/wp\/v2\/categories?post=168623"}],"curies":[{"name":"wp","href":"https:\/\/api.w.org\/{rel}","templated":true}]}}