{"id":168622,"date":"2026-09-05T14:01:39","date_gmt":"2026-09-05T14:01:39","guid":{"rendered":"https:\/\/iwell-guard.com\/?page_id=168622"},"modified":"2026-09-05T14:15:16","modified_gmt":"2026-09-05T14:15:16","slug":"iblis","status":"publish","type":"page","link":"https:\/\/iwell-guard.com\/is\/iblis\/","title":{"rendered":"Iblis"},"content":{"rendered":"\t\t<div data-elementor-type=\"wp-page\" data-elementor-id=\"168622\" class=\"elementor elementor-168622 elementor-1023\" data-elementor-post-type=\"page\">\n\t\t\t\t<div class=\"elementor-element elementor-element-10fdade e-flex e-con-boxed e-con e-parent\" data-id=\"10fdade\" data-element_type=\"container\" data-e-type=\"container\" data-settings=\"{&quot;background_background&quot;:&quot;classic&quot;}\">\n\t\t\t\t\t<div class=\"e-con-inner\">\n\t\t<div class=\"elementor-element elementor-element-herohlft0 e-flex e-con-boxed e-con e-child\" data-id=\"herohlft0\" data-element_type=\"container\" data-e-type=\"container\">\n\t\t\t\t\t<div class=\"e-con-inner\">\n\t\t<div class=\"elementor-element elementor-element-c3ceb64 e-con-full e-flex e-con e-child\" data-id=\"c3ceb64\" data-element_type=\"container\" data-e-type=\"container\">\n\t\t\t\t<div class=\"elementor-element elementor-element-96ae5e1 elementor-widget elementor-widget-heading\" data-id=\"96ae5e1\" data-element_type=\"widget\" data-e-type=\"widget\" data-widget_type=\"heading.default\">\n\t\t\t\t\t<h1 class=\"elementor-heading-title elementor-size-default\">Iblis, gu\u00f0 \u00edslamskrar tr\u00faarhef\u00f0ar<\/h1>\t\t\t\t<\/div>\n\t\t\t\t<div class=\"elementor-element elementor-element-e45238a elementor-widget elementor-widget-text-editor\" data-id=\"e45238a\" data-element_type=\"widget\" data-e-type=\"widget\" data-widget_type=\"text-editor.default\">\n\t\t\t\t\t\t\t\t\t<p><strong>S\u00e1 sem afneitar, andst\u00e6\u00f0ingur \u00edslams.<\/strong><\/p>\n<h2 id=\"dif-iblis\">Iblis \u00ed fr\u00e1s\u00f6gninni um englafalli\u00f0<\/h2>\n<p>Iblis er fyrst og fremst <strong>pers\u00f3na englafallsins<\/strong> \u00ed \u00edslamskri tr\u00faarhef\u00f0. Sj\u00f6 s\u00farur (Q 2:34; 7:11-18; 15:28-43; 17:61-65; 18:50; 20:116-123; 38:71-85) segja samhlj\u00f3\u00f0a fr\u00e1: Allah skapar <strong>Adam \u00far leir<\/strong> og skipar \u00f6llum englum og Iblis a\u00f0 falla fram fyrir honum; Iblis neitar me\u00f0 \u00feeim r\u00f6kum a\u00f0 hann s\u00e9 skapa\u00f0ur \u00far <strong>eldi<\/strong>, g\u00f6fugri en leir. \u00deessi dr\u00fdgindasynd (<em>kibr<\/em>) lei\u00f0ir til b\u00f6lb\u00e6na yfir honum.<\/p><p>Iblis bi\u00f0ur um frest allt til d\u00f3msdags og f\u00e6r hann, sem <strong>t\u00e6lari mannkyns<\/strong>. \u00cd \u00fev\u00ed hlutverki er hann einnig kalla\u00f0ur <em>al-Schaitan<\/em> (\u201eandst\u00e6\u00f0ingurinn\u201c) e\u00f0a <em>al-raj\u012bm<\/em> (\u201ehinn steina\u00f0i\u201c).<\/p><p><strong>S\u00faf\u00edsk t\u00falkun<\/strong> (Hallaj, \u02bfAttar) \u00fatsk\u00fdrir h\u00f6fnun hans \u00e1 \u00feverst\u00e6\u00f0ukenndan h\u00e1tt: af \u00e1st til Allah vildi hann falla fram fyrir Gu\u00f0 einan; \u00feessi t\u00falkun telst villutr\u00fa \u00ed meginstraumnum en er gu\u00f0fr\u00e6\u00f0ilega \u00fatf\u00e6r\u00f0.<\/p>\n\t\t\t\t\t\t\t\t<\/div>\n\t\t\t\t<\/div>\n\t\t<div class=\"elementor-element elementor-element-klsbdg01 e-con-full e-flex e-con e-parent\" data-id=\"klsbdg01\" data-element_type=\"container\" data-e-type=\"container\">\n\t\t\t\t<div class=\"elementor-element elementor-element-klshtm01 elementor-widget elementor-widget-html\" data-id=\"klshtm01\" data-element_type=\"widget\" data-e-type=\"widget\" data-widget_type=\"html.default\">\n\t\t\t\t\t<div class=\"iwg-pill-row\"><span class=\"iwg-klasse-badge\" tabindex=\"0\" data-tooltip=\"Gu\u00f0 \/ gy\u00f0ja: Pers\u00f3nuger\u00f0ur h\u00e6sti m\u00e1ttur \u00ed go\u00f0aveldi menningar, me\u00f0 sk\u00fdrum valdsvi\u00f0um, n\u00e1tt\u00faru\u00f6flum, \u00f6rl\u00f6gum, str\u00ed\u00f0i, frj\u00f3semi. Tilbe\u00f0inn me\u00f0 d\u00fdrkun, f\u00f3rnum og hofastofnunum.\">Gu\u00f0<\/span><a href=\"https:\/\/iwell-guard.com\/is\/?page_id=168613\" class=\"iwg-kultur-badge\" tabindex=\"0\" data-tooltip=\"\u00cdslamskur tr\u00faarheimur me\u00f0 erkienglum, jinnum og tr\u00faarlegum verum.\">\u00cdslam<\/a><a href=\"https:\/\/iwell-guard.com\/is\/?page_id=168706\" class=\"iwg-tradition-badge\" tabindex=\"0\" data-tooltip=\"\u00d3rei\u00f0u\u00f6fl og heimsleg andst\u00e6\u00f0ings\u00f6fl, m\u00f3tleikarar \u00ed tr\u00faars\u00f6gulegri tv\u00edhyggju.\">Andst\u00e6\u00f0ingur Gu\u00f0s<\/a><\/div>\t\t\t\t<\/div>\n\t\t\t\t<\/div>\n\t\t<div class=\"elementor-element elementor-element-3f74855 e-con-full e-flex e-con e-child\" data-id=\"3f74855\" data-element_type=\"container\" data-e-type=\"container\">\n\t\t\t\t<div class=\"elementor-element elementor-element-1c30362 elementor-toc--minimized-on-tablet elementor-widget elementor-widget-table-of-contents\" data-id=\"1c30362\" data-element_type=\"widget\" data-e-type=\"widget\" data-settings=\"{&quot;exclude_headings_by_selector&quot;:[],&quot;no_headings_message&quot;:&quot;Engar undirfyrirsagnir fundust \\u00e1 \\u00feessari s\\u00ed\\u00f0u.&quot;,&quot;headings_by_tags&quot;:[&quot;h2&quot;,&quot;h3&quot;],&quot;marker_view&quot;:&quot;bullets&quot;,&quot;icon&quot;:{&quot;value&quot;:&quot;fas fa-circle&quot;,&quot;library&quot;:&quot;fa-solid&quot;,&quot;rendered_tag&quot;:&quot;&lt;svg class=\\&quot;e-font-icon-svg e-fas-circle\\&quot; viewBox=\\&quot;0 0 512 512\\&quot; xmlns=\\&quot;http:\\\/\\\/www.w3.org\\\/2000\\\/svg\\&quot;&gt;&lt;path d=\\&quot;M256 8C119 8 8 119 8 256s111 248 248 248 248-111 248-248S393 8 256 8z\\&quot;&gt;&lt;\\\/path&gt;&lt;\\\/svg&gt;&quot;},&quot;minimize_box&quot;:&quot;yes&quot;,&quot;minimized_on&quot;:&quot;tablet&quot;,&quot;hierarchical_view&quot;:&quot;yes&quot;,&quot;min_height&quot;:{&quot;unit&quot;:&quot;px&quot;,&quot;size&quot;:&quot;&quot;,&quot;sizes&quot;:[]},&quot;min_height_tablet&quot;:{&quot;unit&quot;:&quot;px&quot;,&quot;size&quot;:&quot;&quot;,&quot;sizes&quot;:[]},&quot;min_height_mobile&quot;:{&quot;unit&quot;:&quot;px&quot;,&quot;size&quot;:&quot;&quot;,&quot;sizes&quot;:[]}}\" data-widget_type=\"table-of-contents.default\">\n\t\t\t\t\t\t\t\t\t<div class=\"elementor-toc__header\">\n\t\t\t\t\t\t<h2 class=\"elementor-toc__header-title\">\n\t\t\t\tEfnisyfirlit\t\t\t<\/h2>\n\t\t\t\t\t\t\t\t\t\t<div class=\"elementor-toc__toggle-button elementor-toc__toggle-button--expand\" role=\"button\" tabindex=\"0\" aria-controls=\"elementor-toc__1c30362\" aria-expanded=\"true\" aria-label=\"Open table of contents\"><svg aria-hidden=\"true\" class=\"e-font-icon-svg e-fas-chevron-down\" viewBox=\"0 0 448 512\" xmlns=\"http:\/\/www.w3.org\/2000\/svg\"><path d=\"M207.029 381.476L12.686 187.132c-9.373-9.373-9.373-24.569 0-33.941l22.667-22.667c9.357-9.357 24.522-9.375 33.901-.04L224 284.505l154.745-154.021c9.379-9.335 24.544-9.317 33.901.04l22.667 22.667c9.373 9.373 9.373 24.569 0 33.941L240.971 381.476c-9.373 9.372-24.569 9.372-33.942 0z\"><\/path><\/svg><\/div>\n\t\t\t\t<div class=\"elementor-toc__toggle-button elementor-toc__toggle-button--collapse\" role=\"button\" tabindex=\"0\" aria-controls=\"elementor-toc__1c30362\" aria-expanded=\"true\" aria-label=\"Close table of contents\"><svg aria-hidden=\"true\" class=\"e-font-icon-svg e-fas-chevron-up\" viewBox=\"0 0 448 512\" xmlns=\"http:\/\/www.w3.org\/2000\/svg\"><path d=\"M240.971 130.524l194.343 194.343c9.373 9.373 9.373 24.569 0 33.941l-22.667 22.667c-9.357 9.357-24.522 9.375-33.901.04L224 227.495 69.255 381.516c-9.379 9.335-24.544 9.317-33.901-.04l-22.667-22.667c-9.373-9.373-9.373-24.569 0-33.941L207.03 130.525c9.372-9.373 24.568-9.373 33.941-.001z\"><\/path><\/svg><\/div>\n\t\t\t\t\t<\/div>\n\t\t\t\t<div id=\"elementor-toc__1c30362\" class=\"elementor-toc__body\">\n\t\t\t<div class=\"elementor-toc__spinner-container\">\n\t\t\t\t<svg class=\"elementor-toc__spinner eicon-animation-spin e-font-icon-svg e-eicon-loading\" aria-hidden=\"true\" viewBox=\"0 0 1000 1000\" xmlns=\"http:\/\/www.w3.org\/2000\/svg\"><path d=\"M500 975V858C696 858 858 696 858 500S696 142 500 142 142 304 142 500H25C25 237 238 25 500 25S975 237 975 500 763 975 500 975Z\"><\/path><\/svg>\t\t\t<\/div>\n\t\t<\/div>\n\t\t\t\t\t\t<\/div>\n\t\t\t\t<\/div>\n\t\t\t\t\t<\/div>\n\t\t\t\t<\/div>\n\t\t<div class=\"elementor-element elementor-element-herorght0 e-con-full e-flex e-con e-child\" data-id=\"herorght0\" data-element_type=\"container\" data-e-type=\"container\">\n\t\t\t\t<div class=\"elementor-element elementor-element-heroimg00 iwg-hero-image elementor-widget elementor-widget-image\" data-id=\"heroimg00\" data-element_type=\"widget\" data-e-type=\"widget\" data-widget_type=\"image.default\">\n\t\t\t\t\t\t\t\t\t\t\t\t\t\t\t<img fetchpriority=\"high\" decoding=\"async\" width=\"683\" height=\"1024\" src=\"https:\/\/iwell-guard.com\/wp-content\/uploads\/2026\/04\/goetter_islam_iblis-683x1024.webp\" class=\"attachment-large size-large wp-image-171106\" alt=\"Iblis - Gu\u00f0ir \u00far \u00edslamskri hef\u00f0, s\u00f6guleg myndskreyting\" srcset=\"https:\/\/iwell-guard.com\/wp-content\/uploads\/2026\/04\/goetter_islam_iblis-683x1024.webp 683w, https:\/\/iwell-guard.com\/wp-content\/uploads\/2026\/04\/goetter_islam_iblis-200x300.webp 200w, https:\/\/iwell-guard.com\/wp-content\/uploads\/2026\/04\/goetter_islam_iblis-768x1152.webp 768w, https:\/\/iwell-guard.com\/wp-content\/uploads\/2026\/04\/goetter_islam_iblis.webp 1024w\" sizes=\"(max-width: 683px) 100vw, 683px\" \/>\t\t\t\t\t\t\t\t\t\t\t\t\t\t\t<\/div>\n\t\t\t\t<\/div>\n\t\t\t\t\t<\/div>\n\t\t\t\t<\/div>\n\t\t<div class=\"elementor-element elementor-element-32917199 e-flex e-con-boxed e-con e-parent\" data-id=\"32917199\" data-element_type=\"container\" data-e-type=\"container\">\n\t\t\t\t\t<div class=\"e-con-inner\">\n\t\t<div class=\"elementor-element elementor-element-26e916cb e-flex e-con-boxed e-con e-child\" data-id=\"26e916cb\" data-element_type=\"container\" data-e-type=\"container\">\n\t\t\t\t\t<div class=\"e-con-inner\">\n\t\t<div class=\"elementor-element elementor-element-253a40d4 e-flex e-con-boxed e-con e-child\" data-id=\"253a40d4\" data-element_type=\"container\" data-e-type=\"container\">\n\t\t\t\t\t<div class=\"e-con-inner\">\n\t\t\t\t<div class=\"elementor-element elementor-element-1200c304 elementor-widget elementor-widget-heading\" data-id=\"1200c304\" data-element_type=\"widget\" data-e-type=\"widget\" data-widget_type=\"heading.default\">\n\t\t\t\t\t<div class=\"elementor-heading-title elementor-size-default\">Iblis<\/div>\t\t\t\t<\/div>\n\t\t\t\t<div class=\"elementor-element elementor-element-11758e7f elementor-widget elementor-widget-text-editor\" data-id=\"11758e7f\" data-element_type=\"widget\" data-e-type=\"widget\" data-widget_type=\"text-editor.default\">\n\t\t\t\t\t\t\t\t\t<p>Iblis er h\u00f6fu\u00f0andst\u00e6\u00f0ingur \u00edslamskrar tr\u00faarhef\u00f0ar. Lykilatri\u00f0i hans, sem er sagt \u00e1 nokkrum st\u00f6\u00f0um \u00ed K\u00f3raninum (me\u00f0al annars s\u00faru 2,34; 7,11, 18; 15,28, 35; 38,71, 85), er neitun hans \u00e1 a\u00f0 falla fram fyrir Adam.<\/p><p>\u00deegar Gu\u00f0 skapar manninn \u00far leir og skipar <span class=\"iwg-fachbegriff\" data-tooltip=\"\u00cd abraham\u00edsku tr\u00faarbr\u00f6g\u00f0unum himnesk sendivera Gu\u00f0s.\" tabindex=\"0\">englunum<\/span> a\u00f0 hylla hann, m\u00f3tm\u00e6lir Iblis: hann s\u00e9 ger\u00f0ur \u00far eldi, Adam bara \u00far leir. \u00deessi eina h\u00f6fnun gerir hann a\u00f0 h\u00f6f\u00f0ingja Shayatin.<\/p><p>\u00cd e\u00f0li s\u00ednu er hann fr\u00e1brug\u00f0inn Satan: Samkv\u00e6mt s\u00faru 18,50 er Iblis ekki <span class=\"iwg-fachbegriff\" data-tooltip=\"\u00cd abraham\u00edsku tr\u00faarbr\u00f6g\u00f0unum himnesk sendivera Gu\u00f0s.\" tabindex=\"0\">engill<\/span>, heldur <span class=\"iwg-fachbegriff\" tabindex=\"0\" data-tooltip=\"\u00cd K\u00f3raninum verur \u00far reyklausum eldi me\u00f0 frj\u00e1lsan vilja, hvorki englar n\u00e9 dj\u00f6flar, heldur sj\u00e1lfst\u00e6\u00f0 sk\u00f6pun me\u00f0 eigin si\u00f0fer\u00f0i.\">jinn<\/span>, en var \u00fe\u00f3 me\u00f0al englanna, svo mikil var sta\u00f0a hans. Fall hans er ekki valdabar\u00e1tta heldur \u00f3hl\u00fd\u00f0ni. Starf hans allt til d\u00f3msdags er Gu\u00f0i leyft: hann m\u00e1 t\u00e6la manninn en ekki \u00fevinga hann.<\/p><div><p><strong>Lykiltextar K\u00f3ransins<\/strong><\/p><p>Iblis kemur fram \u00ed m\u00f6rgum s\u00farum K\u00f3ransins. Meginfr\u00e1s\u00f6gnin er neitun hans \u00e1 a\u00f0 falla fram fyrir Adam: <em>Og er v\u00e9r s\u00f6g\u00f0um englunum, \u201efalli\u00f0 fram fyrir Adam\u201c, \u00fe\u00e1 f\u00e9llu \u00feeir fram, nema Iblis<\/em> (s\u00fara 2,34; svipa\u00f0 7,11, 12; 15,28, 32; 17,61; 18,50; 20,116; 38,71, 74).<\/p><p>\u00deessi h\u00f6fnun er frumsynd K\u00f3ransins og sta\u00f0festir Iblis sem h\u00f6fu\u00f0andst\u00e6\u00f0ing hj\u00e1lpr\u00e6\u00f0is mannkyns.<\/p><p>\u00cd tengdum versum \u00fatsk\u00fdrir Iblis r\u00f6ksemd s\u00edna: hann s\u00e9 skapa\u00f0ur \u00far reyklausum eldi (<em>marij min nar<\/em>), Adam \u00far leir; a\u00f0 falla fram fyrir veru sem er skapa\u00f0ri af l\u00e6gri toga s\u00e9 \u00f3vi\u00f0unandi fyrir hann. \u00deessi framsetning \u00ed s\u00faru 38,76 gerir dr\u00fdgindin a\u00f0 skipulagslegri ors\u00f6k fallsins, sams\u00ed\u00f0a kristilega-l\u00fas\u00edfersku <em>superbia<\/em>-hef\u00f0inni.<\/p><\/div>\t\t\t\t\t\t\t\t<\/div>\n\t\t\t\t\t<\/div>\n\t\t\t\t<\/div>\n\t\t<div class=\"elementor-element elementor-element-159dcf9a e-flex e-con-boxed e-con e-child\" data-id=\"159dcf9a\" data-element_type=\"container\" data-e-type=\"container\">\n\t\t\t\t\t<div class=\"e-con-inner\">\n\t\t\t\t<div class=\"elementor-element elementor-element-48cee66f elementor-widget elementor-widget-heading\" data-id=\"48cee66f\" data-element_type=\"widget\" data-e-type=\"widget\" data-widget_type=\"heading.default\">\n\t\t\t\t\t<h2 class=\"elementor-heading-title elementor-size-default\">\u00cd hnotskurn: Iblis<\/h2>\t\t\t\t<\/div>\n\t\t\t\t<div class=\"elementor-element elementor-element-3f50d82c elementor-widget elementor-widget-text-editor\" data-id=\"3f50d82c\" data-element_type=\"widget\" data-e-type=\"widget\" data-widget_type=\"text-editor.default\">\n\t\t\t\t\t\t\t\t\t<p><strong>Tegund:<\/strong> Andst\u00e6\u00f0ingur, lei\u00f0togi Shayatin<br>Uppruni: Jinn \u00far reyklausum eldi (s\u00fara 18,50)<br>N\u00f6fn: Iblis, Azazil (fyrir t\u00edma \u00edslams), ash-Shaytan al-Rajim<br>Textar: K\u00f3raninn (margir sta\u00f0ir), hadith, qisas al-anbiya<br>Hlutverk: T\u00e6lari, kennari \u00f3sannindanna, andst\u00e6\u00f0ingur \u00e1 endat\u00edmum<\/p>\t\t\t\t\t\t\t\t<\/div>\n\t\t\t\t\t<\/div>\n\t\t\t\t<\/div>\n\t\t\t\t\t<\/div>\n\t\t\t\t<\/div>\n\t\t\t\t\t<\/div>\n\t\t\t\t<\/div>\n\t\t<div class=\"elementor-element elementor-element-18613602 e-flex e-con-boxed e-con e-parent\" data-id=\"18613602\" data-element_type=\"container\" data-e-type=\"container\">\n\t\t\t\t\t<div class=\"e-con-inner\">\n\t\t\t\t<div class=\"elementor-element elementor-element-262b8a9f elementor-widget elementor-widget-heading\" data-id=\"262b8a9f\" data-element_type=\"widget\" data-e-type=\"widget\" data-widget_type=\"heading.default\">\n\t\t\t\t\t<h2 class=\"elementor-heading-title elementor-size-default\">Yfirlit<\/h2>\t\t\t\t<\/div>\n\t\t<div class=\"elementor-element elementor-element-46dcb7d e-con-full e-flex e-con e-child\" data-id=\"46dcb7d\" data-element_type=\"container\" data-e-type=\"container\">\n\t\t<div class=\"elementor-element elementor-element-61d3ab3 e-flex e-con-boxed e-con e-child\" data-id=\"61d3ab3\" data-element_type=\"container\" data-e-type=\"container\">\n\t\t\t\t\t<div class=\"e-con-inner\">\n\t\t\t\t<div class=\"elementor-element elementor-element-117c166 elementor-widget elementor-widget-heading\" data-id=\"117c166\" data-element_type=\"widget\" data-e-type=\"widget\" data-widget_type=\"heading.default\">\n\t\t\t\t\t<div class=\"elementor-heading-title elementor-size-default\">T\u00edmabil textanna<\/div>\t\t\t\t<\/div>\n\t\t\t\t<div class=\"elementor-element elementor-element-73997a0 elementor-widget elementor-widget-text-editor\" data-id=\"73997a0\" data-element_type=\"widget\" data-e-type=\"widget\" data-widget_type=\"text-editor.default\">\n\t\t\t\t\t\t\t\t\t<p>K\u00f3ran\u00edskur grundv\u00f6llur \u00e1 7. \u00f6ld e.Kr. \u00cdtarleg vi\u00f0taka \u00ed klass\u00edskri K\u00f3ran-\u00fatlegging (Tafsir), qisas al-anbiya (\u201es\u00f6gur sp\u00e1mannanna\u201c), s\u00faf\u00edskum b\u00f3kmenntum (s\u00e9rstaklega al-Hallaj, Ibn Arabi me\u00f0 s\u00e9rst\u00e6\u00f0um t\u00falkunum). N\u00fat\u00edmaleg vi\u00f0taka \u00ed \u00edslamskri <span class=\"iwg-fachbegriff\" data-tooltip=\"V\u00edsindaleg fr\u00e6\u00f0i um Gu\u00f0 og tr\u00fa tiltekinnar tr\u00faarbrag\u00f0a.\" tabindex=\"0\">gu\u00f0fr\u00e6\u00f0i<\/span> og <span class=\"iwg-fachbegriff\" data-tooltip=\"Tr\u00faarl\u00edf sem lifa\u00f0 er \u00ed daglegu l\u00edfi, oft samhli\u00f0a hinni opinberu kenningu.\" tabindex=\"0\">al\u00fe\u00fd\u00f0utr\u00fa<\/span>.<\/p>\t\t\t\t\t\t\t\t<\/div>\n\t\t\t\t\t<\/div>\n\t\t\t\t<\/div>\n\t\t<div class=\"elementor-element elementor-element-d47b156 e-flex e-con-boxed e-con e-child\" data-id=\"d47b156\" data-element_type=\"container\" data-e-type=\"container\">\n\t\t\t\t\t<div class=\"e-con-inner\">\n\t\t\t\t<div class=\"elementor-element elementor-element-ff38c2b elementor-widget elementor-widget-heading\" data-id=\"ff38c2b\" data-element_type=\"widget\" data-e-type=\"widget\" data-widget_type=\"heading.default\">\n\t\t\t\t\t<div class=\"elementor-heading-title elementor-size-default\">\u00datbrei\u00f0slusv\u00e6\u00f0i<\/div>\t\t\t\t<\/div>\n\t\t\t\t<div class=\"elementor-element elementor-element-4e49fcc elementor-widget elementor-widget-text-editor\" data-id=\"4e49fcc\" data-element_type=\"widget\" data-e-type=\"widget\" data-widget_type=\"text-editor.default\">\n\t\t\t\t\t\t\t\t\t<p>\u00cdslamski heimurinn \u00ed heild. Sta\u00f0bundin <span class=\"iwg-fachbegriff\" data-tooltip=\"Tr\u00faarl\u00edf sem lifa\u00f0 er \u00ed daglegu l\u00edfi, oft samhli\u00f0a hinni opinberu kenningu.\" tabindex=\"0\">al\u00fe\u00fd\u00f0utr\u00fa<\/span> tengir Iblis-s\u00f6gur vi\u00f0 sv\u00e6\u00f0isbundin dj\u00f6flaminni, nor\u00f0urafr\u00edsk, tyrknesk-mi\u00f0-as\u00edsk, su\u00f0austur-as\u00edsk.<\/p>\t\t\t\t\t\t\t\t<\/div>\n\t\t\t\t\t<\/div>\n\t\t\t\t<\/div>\n\t\t\t\t<\/div>\n\t\t<div class=\"elementor-element elementor-element-db03c39 e-con-full e-flex e-con e-child\" data-id=\"db03c39\" data-element_type=\"container\" data-e-type=\"container\">\n\t\t<div class=\"elementor-element elementor-element-229a87b e-flex e-con-boxed e-con e-child\" data-id=\"229a87b\" data-element_type=\"container\" data-e-type=\"container\">\n\t\t\t\t\t<div class=\"e-con-inner\">\n\t\t\t\t<div class=\"elementor-element elementor-element-1f471fc elementor-widget elementor-widget-heading\" data-id=\"1f471fc\" data-element_type=\"widget\" data-e-type=\"widget\" data-widget_type=\"heading.default\">\n\t\t\t\t\t<div class=\"elementor-heading-title elementor-size-default\">Heimildasta\u00f0a<\/div>\t\t\t\t<\/div>\n\t\t\t\t<div class=\"elementor-element elementor-element-36b1201 elementor-widget elementor-widget-text-editor\" data-id=\"36b1201\" data-element_type=\"widget\" data-e-type=\"widget\" data-widget_type=\"text-editor.default\">\n\t\t\t\t\t\t\t\t\t<p>K\u00f3raninn (s\u00fara 2, 7, 15, 17, 18, 20, 38 og fleiri), hadith-safnrit (Bukhari, Muslim), qisas al-anbiya (al-Kisa&#8217;i, al-Tha&#8217;labi), s\u00faf\u00edsk b\u00f3kmenntir (al-Hallaj, Ibn Arabi, Rumi), n\u00fat\u00edmaleg gu\u00f0fr\u00e6\u00f0ileg framsetning.<\/p>\t\t\t\t\t\t\t\t<\/div>\n\t\t\t\t\t<\/div>\n\t\t\t\t<\/div>\n\t\t\t\t<\/div>\n\t\t\t\t\t<\/div>\n\t\t\t\t<\/div>\n\t\t<div class=\"elementor-element elementor-element-3ae0637c e-flex e-con-boxed e-con e-parent\" data-id=\"3ae0637c\" data-element_type=\"container\" data-e-type=\"container\">\n\t\t\t\t\t<div class=\"e-con-inner\">\n\t\t\t\t<div class=\"elementor-element elementor-element-31d07739 elementor-widget elementor-widget-heading\" data-id=\"31d07739\" data-element_type=\"widget\" data-e-type=\"widget\" data-widget_type=\"heading.default\">\n\t\t\t\t\t<h2 class=\"elementor-heading-title elementor-size-default\">Nafn og heiti<\/h2>\t\t\t\t<\/div>\n\t\t<div class=\"elementor-element elementor-element-b7642947 e-con-full e-flex e-con e-child\" data-id=\"b7642947\" data-element_type=\"container\" data-e-type=\"container\">\n\t\t\t\t<div class=\"elementor-element elementor-element-a086266 elementor-widget elementor-widget-text-editor\" data-id=\"a086266\" data-element_type=\"widget\" data-e-type=\"widget\" data-widget_type=\"text-editor.default\">\n\t\t\t\t\t\t\t\t\t<p><strong>Arab\u00edska:<\/strong> <em>Iblis<\/em>, sennilega dregi\u00f0 af gr\u00edsku <em>diabolos<\/em>.<br>Fyrir t\u00edma \u00edslams\/ap\u00f3kal\u00fdpt\u00edskt: <em>Azazil<\/em> (\u00ed sumum hef\u00f0um nafn Iblis fyrir syndafalli\u00f0).<br>Auknefni: <em>ash-Shaytan al-Rajim<\/em>, \u201ehinn steina\u00f0i dj\u00f6full\u201c; <em>al-Khannas<\/em>, \u201ehinn sem hverfur \u00e1 braut\u201c; <em>&#8216;Aduw&#8217; Allah<\/em>, \u201efjandma\u00f0ur Gu\u00f0s\u201c.<\/p><p>Or\u00f0sifjafr\u00e6\u00f0in \u00far <em>diabolos<\/em> v\u00edsar til tengsla vi\u00f0 kristilega-j\u00fa\u00f0\u00edska hef\u00f0 fyrir t\u00edma \u00edslams. Auknefnin dreifa \u00e1 sig mismunandi hli\u00f0um: \u00fatsk\u00fafun hans \u00far n\u00e1l\u00e6g\u00f0 Gu\u00f0s, fl\u00f3tta hans vi\u00f0 a\u00f0 nafn Allah er nefnt, og fjandskap hans.<\/p>\t\t\t\t\t\t\t\t<\/div>\n\t\t\t\t<\/div>\n\t\t\t\t\t<\/div>\n\t\t\t\t<\/div>\n\t\t<div class=\"elementor-element elementor-element-709a44a8 e-flex e-con-boxed e-con e-parent\" data-id=\"709a44a8\" data-element_type=\"container\" data-e-type=\"container\">\n\t\t\t\t\t<div class=\"e-con-inner\">\n\t\t\t\t<div class=\"elementor-element elementor-element-2f585873 elementor-widget elementor-widget-heading\" data-id=\"2f585873\" data-element_type=\"widget\" data-e-type=\"widget\" data-widget_type=\"heading.default\">\n\t\t\t\t\t<h2 class=\"elementor-heading-title elementor-size-default\">Einkenni<\/h2>\t\t\t\t<\/div>\n\t\t<div class=\"elementor-element elementor-element-70621c12 e-con-full e-flex e-con e-child\" data-id=\"70621c12\" data-element_type=\"container\" data-e-type=\"container\">\n\t\t\t\t<div class=\"elementor-element elementor-element-4296eb49 elementor-widget elementor-widget-text-editor\" data-id=\"4296eb49\" data-element_type=\"widget\" data-e-type=\"widget\" data-widget_type=\"text-editor.default\">\n\t\t\t\t\t\t\t\t\t<p><strong>\u00c1s\u00fdnd<\/strong><\/p><p>K\u00f3raninn gefur enga myndl\u00fdsingu. S\u00faf\u00ed-b\u00f3kmenntir leggja \u00e1herslu \u00e1 eldse\u00f0li hans. \u00dej\u00f3\u00f0tr\u00fain s\u00fdnir hann skelfilegan, horn\u00f3ttan, eldslegan. Engin <span class=\"iwg-fachbegriff\" tabindex=\"0\" data-tooltip=\"Tilheyrandi fastm\u00f3tu\u00f0um helgum ritasafni tr\u00faarbrag\u00f0a; ritverk utan \u00feess telja ap\u00f3kr\u00fdf.\">kan\u00f3n\u00edsk<\/span>-myndbundin \u00edsl\u00f6msk hef\u00f0 \u00ed strangri merkingu.<\/p><p><strong>Heg\u00f0un<\/strong><\/p><p>Neitar a\u00f0 l\u00fata Adam. Bi\u00f0ur Allah um frest til d\u00f3msdags til a\u00f0 freista mannkyns. Allah veitir \u00fea\u00f0, Iblis ver\u00f0ur a\u00f0 pr\u00f3fsteini, ekki a\u00f0 heimsveldi gegn Allah.<\/p><p><strong>Verksvi\u00f0<\/strong><\/p><p>Allt mannkyn. Upp\u00e1haldsverkf\u00e6ri hans er <em>waswasa<\/em> (hv\u00edsling). Hann beitir ekki ofbeldi heldur hv\u00edslar efasemdum og villandi hugsunum.<\/p><p><strong>Go\u00f0sagnafr\u00e6\u00f0ileg sta\u00f0setning<\/strong><\/p><p>Samkv\u00e6mt s\u00faru 18,50 er hann jinn, skapa\u00f0ur \u00far reyklausum eldi. \u00dear me\u00f0 er hann grundvallarlega fr\u00e1brug\u00f0inn hinum kristna-gy\u00f0ing-lega \u201efallna <span class=\"iwg-fachbegriff\" data-tooltip=\"\u00cd abraham\u00edsku tr\u00faarbr\u00f6g\u00f0unum himneskur sendibo\u00f0i Gu\u00f0s.\" tabindex=\"0\">engli<\/span>\u201c. S\u00faf\u00ed-t\u00falkanir (s\u00e9rstaklega al-Hallaj) lesa neitun Iblis einnig sem tj\u00e1ningu hreinnar tawhid-<span class=\"iwg-fachbegriff\" data-tooltip=\"Tr\u00fain \u00e1 einn Gu\u00f0.\" tabindex=\"0\">eingy\u00f0istr\u00faar<\/span>: Hann vildi a\u00f0eins hneigja sig fyrir Gu\u00f0i, ekki fyrir skepnu.<\/p><div><p><strong>S\u00faf\u00ed-hef\u00f0 og tv\u00edr\u00e6\u00f0ar t\u00falkanir<\/strong><\/p><p>S\u00e9rstakt og tr\u00faars\u00f6gulega heillandi lag myndar s\u00faf\u00ed-hef\u00f0in um Iblis. Mansur al-Hallaj (d. 922) \u00fer\u00f3a\u00f0i \u00ed riti s\u00ednu <em>Kitab al-Tawasin<\/em> \u00feverst\u00e6\u00f0ukennda t\u00falkun: Iblis er hinn sanni eingy\u00f0istr\u00faarma\u00f0ur, sem me\u00f0 neitun sinni j\u00e1tar sig algerlega fyrir Gu\u00f0i, \u00fev\u00ed hann hneigir sig fyrir engri annarri skepnu.<\/p><p>\u00deessi t\u00falkun var ford\u00e6md af r\u00e9tttr\u00fana\u00f0ar \u00edslamskri hef\u00f0 sem <span class=\"iwg-fachbegriff\" tabindex=\"0\" data-tooltip=\"\u00cd kristinni hef\u00f0 l\u00e6rd\u00f3mur sem v\u00edkur fr\u00e1 r\u00e9tttr\u00fana\u00f0arst\u00f6\u00f0u; \u00e1 forn\u00f6ld og mi\u00f0\u00f6ldum var sl\u00edkt beitt vi\u00f0url\u00f6gum.\">villutr\u00fa<\/span> og leiddi til aft\u00f6ku al-Hallajs, en h\u00fan lif\u00f0i \u00e1fram innan s\u00faf\u00ed-hef\u00f0arins. Farid ud-Din Attar (d. 1221) \u00fer\u00f3a\u00f0i hana \u00e1fram \u00ed riti s\u00ednu <em>Mantiq at-Tair<\/em>; Ibn Arabi (d. 1240) sam\u00fe\u00e6tti hana \u00ed sp\u00e1kenninga <span class=\"iwg-fachbegriff\" tabindex=\"0\" data-tooltip=\"Dulspekileg l\u00e6rd\u00f3mur, stofna\u00f0ur 1875 af Helenu Petrovnu Blavatsky; samruni austurlenskrar visku, sp\u00edritisma og vestr\u00e6nnar dulhyggju.\">gu\u00f0speki<\/span> s\u00edna.<\/p><p><span data-nosnippet>N\u00fat\u00edma fr\u00e6\u00f0ilega umfj\u00f6llun um \u00feessa hef\u00f0 m\u00e1 finna \u00ed Peter J. Awn, <em>Satan&#8217;s Tragedy and Redemption. Iblis in Sufi Psychology<\/em> (Brill, Leiden 1983), og \u00ed <span class=\"iwg-fachbegriff\" tabindex=\"0\" data-tooltip=\"\u00de\u00fdsk \u00edslamfr\u00e6\u00f0ingur (1922\u20132003); h\u00f6fu\u00f0rit Mystische Dimensionen des Islam (1985).\">Annemarie Schimmel<\/span>, <em>Mystische Dimensionen des Islam<\/em> (Diederichs, K\u00f6ln 1985).<\/span><\/p><\/div>\t\t\t\t\t\t\t\t<\/div>\n\t\t\t\t<\/div>\n\t\t\t\t\t<\/div>\n\t\t\t\t<\/div>\n\t\t<div class=\"elementor-element elementor-element-44e71476 e-flex e-con-boxed e-con e-parent\" data-id=\"44e71476\" data-element_type=\"container\" data-e-type=\"container\">\n\t\t\t\t\t<div class=\"e-con-inner\">\n\t\t\t\t<div class=\"elementor-element elementor-element-3c1fc3f0 elementor-widget elementor-widget-heading\" data-id=\"3c1fc3f0\" data-element_type=\"widget\" data-e-type=\"widget\" data-widget_type=\"heading.default\">\n\t\t\t\t\t<h2 class=\"elementor-heading-title elementor-size-default\">Uppl\u00fdsingabla\u00f0: Iblis<\/h2>\t\t\t\t<\/div>\n\t\t<div class=\"elementor-element elementor-element-84f33b8e e-con-full e-flex e-con e-child\" data-id=\"84f33b8e\" data-element_type=\"container\" data-e-type=\"container\">\n\t\t\t\t<div class=\"elementor-element elementor-element-hqkdc67p elementor-widget elementor-widget-text-editor\" data-id=\"hqkdc67p\" data-element_type=\"widget\" data-e-type=\"widget\" data-widget_type=\"text-editor.default\">\n\t\t\t\t\t\t\t\t\t<p>Mikilv\u00e6gustu atri\u00f0i Iblis \u00ed hnotskurn.<\/p>\t\t\t\t\t\t\t\t<\/div>\n\t\t\t\t<\/div>\n\t\t<div class=\"elementor-element elementor-element-pemmx7c5 e-con-full e-flex e-con e-child\" data-id=\"pemmx7c5\" data-element_type=\"container\" data-e-type=\"container\">\n\t\t<div class=\"elementor-element elementor-element-pemmx7c1 e-con-full e-flex e-con e-child\" data-id=\"pemmx7c1\" data-element_type=\"container\" data-e-type=\"container\">\n\t\t<div class=\"elementor-element elementor-element-qh9oavvu iwg-steckbrief-card e-flex e-con-boxed e-con e-child\" data-id=\"qh9oavvu\" data-element_type=\"container\" data-e-type=\"container\">\n\t\t\t\t\t<div class=\"e-con-inner\">\n\t\t\t\t<div class=\"elementor-element elementor-element-awzx8k2k elementor-widget elementor-widget-heading\" data-id=\"awzx8k2k\" data-element_type=\"widget\" data-e-type=\"widget\" data-widget_type=\"heading.default\">\n\t\t\t\t\t<div class=\"elementor-heading-title elementor-size-default\">Uppruni Iblis<\/div>\t\t\t\t<\/div>\n\t\t\t\t<div class=\"elementor-element elementor-element-x6rowhv0 elementor-widget elementor-widget-text-editor\" data-id=\"x6rowhv0\" data-element_type=\"widget\" data-e-type=\"widget\" data-widget_type=\"text-editor.default\">\n\t\t\t\t\t\t\t\t\t<p>Jinn skapa\u00f0ur \u00far reyklausum eldi, \u00ed h\u00e1rri st\u00f6\u00f0u me\u00f0al englanna. Neita\u00f0i a\u00f0 hneigja sig fyrir Adam og hefur fr\u00e1 \u00feeim t\u00edma veri\u00f0 t\u00e6landi mannkyns.<\/p>\t\t\t\t\t\t\t\t<\/div>\n\t\t\t\t\t<\/div>\n\t\t\t\t<\/div>\n\t\t<div class=\"elementor-element elementor-element-8e3o4kxs iwg-steckbrief-card e-flex e-con-boxed e-con e-child\" data-id=\"8e3o4kxs\" data-element_type=\"container\" data-e-type=\"container\">\n\t\t\t\t\t<div class=\"e-con-inner\">\n\t\t\t\t<div class=\"elementor-element elementor-element-08rkdgov elementor-widget elementor-widget-heading\" data-id=\"08rkdgov\" data-element_type=\"widget\" data-e-type=\"widget\" data-widget_type=\"heading.default\">\n\t\t\t\t\t<div class=\"elementor-heading-title elementor-size-default\">Skotm\u00f6rk Iblis<\/div>\t\t\t\t<\/div>\n\t\t\t\t<div class=\"elementor-element elementor-element-uwjelx8s elementor-widget elementor-widget-text-editor\" data-id=\"uwjelx8s\" data-element_type=\"widget\" data-e-type=\"widget\" data-widget_type=\"text-editor.default\">\n\t\t\t\t\t\t\t\t\t<p>Allt mannkyn, s\u00e9rstaklega hinir tr\u00fau\u00f0u. Hv\u00edsling hans (waswasa) mi\u00f0ar a\u00f0 efasemdum, \u00f3hl\u00fd\u00f0ni og hroka.<\/p>\t\t\t\t\t\t\t\t<\/div>\n\t\t\t\t\t<\/div>\n\t\t\t\t<\/div>\n\t\t<div class=\"elementor-element elementor-element-jm2n74ec iwg-steckbrief-card e-flex e-con-boxed e-con e-child\" data-id=\"jm2n74ec\" data-element_type=\"container\" data-e-type=\"container\">\n\t\t\t\t\t<div class=\"e-con-inner\">\n\t\t\t\t<div class=\"elementor-element elementor-element-8vufse4c elementor-widget elementor-widget-heading\" data-id=\"8vufse4c\" data-element_type=\"widget\" data-e-type=\"widget\" data-widget_type=\"heading.default\">\n\t\t\t\t\t<div class=\"elementor-heading-title elementor-size-default\">\u00c1s\u00fdnd Iblis<\/div>\t\t\t\t<\/div>\n\t\t\t\t<div class=\"elementor-element elementor-element-mwb9u015 elementor-widget elementor-widget-text-editor\" data-id=\"mwb9u015\" data-element_type=\"widget\" data-e-type=\"widget\" data-widget_type=\"text-editor.default\">\n\t\t\t\t\t\t\t\t\t<p>Engin kan\u00f3n\u00edsk <span class=\"iwg-fachbegriff\" data-tooltip=\"Fr\u00e6\u00f0igrein um myndefni og merkingu \u00feeirra.\" tabindex=\"0\">helgimyndafr\u00e6\u00f0i<\/span>. S\u00faf\u00ed-hef\u00f0 leggur \u00e1herslu \u00e1 eldslegt e\u00f0li hans. \u00dej\u00f3\u00f0leg myndhef\u00f0 s\u00fdnir hann horn\u00f3ttan og skelfilegan.<\/p>\t\t\t\t\t\t\t\t<\/div>\n\t\t\t\t\t<\/div>\n\t\t\t\t<\/div>\n\t\t\t\t<\/div>\n\t\t<div class=\"elementor-element elementor-element-pemmx7c2 e-con-full e-flex e-con e-child\" data-id=\"pemmx7c2\" data-element_type=\"container\" data-e-type=\"container\">\n\t\t<div class=\"elementor-element elementor-element-37ss2yr6 iwg-steckbrief-card e-flex e-con-boxed e-con e-child\" data-id=\"37ss2yr6\" data-element_type=\"container\" data-e-type=\"container\">\n\t\t\t\t\t<div class=\"e-con-inner\">\n\t\t\t\t<div class=\"elementor-element elementor-element-3v0wp3wx elementor-widget elementor-widget-heading\" data-id=\"3v0wp3wx\" data-element_type=\"widget\" data-e-type=\"widget\" data-widget_type=\"heading.default\">\n\t\t\t\t\t<div class=\"elementor-heading-title elementor-size-default\">\u00c1hrif Iblis<\/div>\t\t\t\t<\/div>\n\t\t\t\t<div class=\"elementor-element elementor-element-w3247g2m elementor-widget elementor-widget-text-editor\" data-id=\"w3247g2m\" data-element_type=\"widget\" data-e-type=\"widget\" data-widget_type=\"text-editor.default\">\n\t\t\t\t\t\t\t\t\t<p>T\u00e6ling me\u00f0 hv\u00edslingu, ekki nau\u00f0ung. Verk hans er heimila\u00f0 af Gu\u00f0i sem pr\u00f3fraun, ma\u00f0urinn hefur vali\u00f0.<\/p>\t\t\t\t\t\t\t\t<\/div>\n\t\t\t\t\t<\/div>\n\t\t\t\t<\/div>\n\t\t<div class=\"elementor-element elementor-element-0qpjal9w iwg-steckbrief-card e-flex e-con-boxed e-con e-child\" data-id=\"0qpjal9w\" data-element_type=\"container\" data-e-type=\"container\">\n\t\t\t\t\t<div class=\"e-con-inner\">\n\t\t\t\t<div class=\"elementor-element elementor-element-6ndoih0o elementor-widget elementor-widget-heading\" data-id=\"6ndoih0o\" data-element_type=\"widget\" data-e-type=\"widget\" data-widget_type=\"heading.default\">\n\t\t\t\t\t<div class=\"elementor-heading-title elementor-size-default\">V\u00f6rn gegn Iblis<\/div>\t\t\t\t<\/div>\n\t\t\t\t<div class=\"elementor-element elementor-element-6684tyh9 elementor-widget elementor-widget-text-editor\" data-id=\"6684tyh9\" data-element_type=\"widget\" data-e-type=\"widget\" data-widget_type=\"text-editor.default\">\n\t\t\t\t\t\t\t\t\t<p>Ta&#8217;awudh-form\u00fala (\u201e\u00c9g leita skj\u00f3ls hj\u00e1 Allah fr\u00e1 hinum steinda Satan\u201c), Basmala, upplestur \u00feriggja verndars\u00fara (Ikhlas, Falaq, Nas), Ruqya.<\/p>\t\t\t\t\t\t\t\t<\/div>\n\t\t\t\t\t<\/div>\n\t\t\t\t<\/div>\n\t\t<div class=\"elementor-element elementor-element-3lfi7x32 iwg-steckbrief-card e-flex e-con-boxed e-con e-child\" data-id=\"3lfi7x32\" data-element_type=\"container\" data-e-type=\"container\">\n\t\t\t\t\t<div class=\"e-con-inner\">\n\t\t\t\t<div class=\"elementor-element elementor-element-0kg99ga1 elementor-widget elementor-widget-heading\" data-id=\"0kg99ga1\" data-element_type=\"widget\" data-e-type=\"widget\" data-widget_type=\"heading.default\">\n\t\t\t\t\t<div class=\"elementor-heading-title elementor-size-default\">Hli\u00f0st\u00e6\u00f0ur Iblis<\/div>\t\t\t\t<\/div>\n\t\t\t\t<div class=\"elementor-element elementor-element-n0fum6kp elementor-widget elementor-widget-text-editor\" data-id=\"n0fum6kp\" data-element_type=\"widget\" data-e-type=\"widget\" data-widget_type=\"text-editor.default\">\n\t\t\t\t\t\t\t\t\t<p>Satan, L\u00fasifer (kristin hef\u00f0), <a href=\"https:\/\/iwell-guard.com\/is\/?page_id=168611\">Azazel<\/a> (gy\u00f0ingleg hef\u00f0), Ahriman (zoroastr\u00edsk hef\u00f0), Mara (b\u00fadd\u00edsk hef\u00f0).<\/p>\t\t\t\t\t\t\t\t<\/div>\n\t\t\t\t\t<\/div>\n\t\t\t\t<\/div>\n\t\t\t\t<\/div>\n\t\t\t\t<\/div>\n\t\t\t\t\t<\/div>\n\t\t\t\t<\/div>\n\t\t<div class=\"elementor-element elementor-element-7533bc7a e-flex e-con-boxed e-con e-parent\" data-id=\"7533bc7a\" data-element_type=\"container\" data-e-type=\"container\">\n\t\t\t\t\t<div class=\"e-con-inner\">\n\t\t\t\t<div class=\"elementor-element elementor-element-2447d18d elementor-widget elementor-widget-heading\" data-id=\"2447d18d\" data-element_type=\"widget\" data-e-type=\"widget\" data-widget_type=\"heading.default\">\n\t\t\t\t\t<h2 class=\"elementor-heading-title elementor-size-default\">V\u00f6rn og umgengni<\/h2>\t\t\t\t<\/div>\n\t\t<div class=\"elementor-element elementor-element-d5d0260c e-con-full e-flex e-con e-child\" data-id=\"d5d0260c\" data-element_type=\"container\" data-e-type=\"container\">\n\t\t\t\t<div class=\"elementor-element elementor-element-341be2ac elementor-widget elementor-widget-text-editor\" data-id=\"341be2ac\" data-element_type=\"widget\" data-e-type=\"widget\" data-widget_type=\"text-editor.default\">\n\t\t\t\t\t\t\t\t\t<p><strong>Verndarathafnir<\/strong><\/p><p>Ta&#8217;awudh fyrir <span class=\"iwg-fachbegriff\" data-tooltip=\"M\u00e1lleg \u00e1varp manns til gu\u00f0s.\" tabindex=\"0\">b\u00e6n<\/span> og k\u00f3ranlestur. Basmala fyrir hverja ath\u00f6fn. Daglegur upplestur \u00feriggja verndars\u00fara og h\u00e1s\u00e6tisversins (Ayat al-Kursi). Ruqya vi\u00f0 grunsamleg \u00e1hrif.<\/p><p><strong>Gu\u00f0fr\u00e6\u00f0ileg afsta\u00f0a<\/strong><\/p><p>Ekki ber a\u00f0 \u00f3ttast Iblis eins og heimsveldi gegn Gu\u00f0i, hann er skepna, takm\u00f6rku\u00f0 af Gu\u00f0i. Mikilv\u00e6gasta v\u00f6rnin er markviss gu\u00f0sminning (<em>dhikr<\/em>). Waswasa hefur einungis \u00e1hrif \u00ed hir\u00f0uleysi.<\/p><p><strong>Verndargripir<\/strong><\/p><p>K\u00f3ranversar \u00ed hengjum (Hirz, Ta\u02bfwidh), s\u00e9rstaklega Ayat al-Kursi og \u00ferj\u00e1r verndars\u00farur. Hamsa-h\u00f6nd og bl\u00e1r auga-<span class=\"iwg-fachbegriff\" data-tooltip=\"Hlutur sem talinn er hafa \u00e1hrif til g\u00e6fu e\u00f0a \u00e1rangurs.\" tabindex=\"0\">talismani<\/span> (nazar) sem \u00fej\u00f3\u00f0tr\u00faarleg vi\u00f0b\u00f3t, gu\u00f0fr\u00e6\u00f0ilega umdeilt.<\/p>\t\t\t\t\t\t\t\t<\/div>\n\t\t\t\t<\/div>\n\t\t\t\t\t<\/div>\n\t\t\t\t<\/div>\n\t\t<div class=\"elementor-element elementor-element-5a584676 e-flex e-con-boxed e-con e-parent\" data-id=\"5a584676\" data-element_type=\"container\" data-e-type=\"container\">\n\t\t\t\t\t<div class=\"e-con-inner\">\n\t\t\t\t<div class=\"elementor-element elementor-element-6d0757bf elementor-widget elementor-widget-heading\" data-id=\"6d0757bf\" data-element_type=\"widget\" data-e-type=\"widget\" data-widget_type=\"heading.default\">\n\t\t\t\t\t<h2 class=\"elementor-heading-title elementor-size-default\">Hli\u00f0st\u00e6\u00f0ur og s\u00faf\u00ed-t\u00falkun<\/h2>\t\t\t\t<\/div>\n\t\t<div class=\"elementor-element elementor-element-60563f68 e-con-full e-flex e-con e-child\" data-id=\"60563f68\" data-element_type=\"container\" data-e-type=\"container\">\n\t\t\t\t<div class=\"elementor-element elementor-element-5a93fdd6 elementor-widget elementor-widget-text-editor\" data-id=\"5a93fdd6\" data-element_type=\"widget\" data-e-type=\"widget\" data-widget_type=\"text-editor.default\">\n\t\t\t\t\t\t\t\t\t<p><strong>Kristnar og gy\u00f0inglegar hli\u00f0st\u00e6\u00f0ur:<\/strong> Satan og Azazel eru n\u00e1nustu hli\u00f0st\u00e6\u00f0urnar. Munurinn er s\u00e1 a\u00f0 Iblis er jinn, ekki fallinn <span class=\"iwg-fachbegriff\" data-tooltip=\"\u00cd abraham\u00edsku tr\u00faarbr\u00f6g\u00f0unum himneskur sendibo\u00f0i Gu\u00f0s.\" tabindex=\"0\">engill<\/span>. Neitun hans er \u00f3hl\u00fd\u00f0ni, ekki valdakrafa.<\/p><p><strong>\u00cd zoroastrisma:<\/strong> Ahriman sem frumandst\u00e6\u00f0ingur er bygg\u00f0ur \u00f6\u00f0ruv\u00edsi: tv\u00edhyggjulegur gagngu\u00f0, ekki sk\u00f6punarvera. \u00de\u00f3 m\u00e1 greina hugmyndalega n\u00e1l\u00e6g\u00f0 \u00ed eldlegu e\u00f0li \u00feeirra.<\/p><p><strong>S\u00faf\u00ed-<span class=\"iwg-fachbegriff\" data-tooltip=\"Tr\u00faarhreyfing sem leggur \u00e1herslu \u00e1 beina reynslu af Gu\u00f0i.\" tabindex=\"0\">dulhyggju<\/span>:<\/strong> Al-Hallaj (10. \u00f6ld) og Ibn Arabi t\u00falka neitun Iblis \u00e1 \u00feverst\u00e6\u00f0ukenndan h\u00e1tt: hann hafi neita\u00f0 a\u00f0 falla fram fyrir Adam n\u00e1kv\u00e6mlega vegna fullkomins <span class=\"iwg-fachbegriff\" data-tooltip=\"Tr\u00fain \u00e1 einn einan Gu\u00f0.\" tabindex=\"0\">eingy\u00f0istr\u00faar<\/span>. R\u00e9tttr\u00fana\u00f0ar<span class=\"iwg-fachbegriff\" data-tooltip=\"V\u00edsindaleg fr\u00e6\u00f0igrein um Gu\u00f0 og tr\u00fa tiltekinna tr\u00faarbrag\u00f0a.\" tabindex=\"0\">gu\u00f0fr\u00e6\u00f0in<\/span> hafnar \u00feessari t\u00falkun, en dulhyggjub\u00f3kmenntirnar var\u00f0veita hana.<\/p><div><p><strong>Samanbur\u00f0ur vi\u00f0 Satan og L\u00fas\u00edfer<\/strong><\/p><p>Iblis er \u00ed byggingarlegri hli\u00f0st\u00e6\u00f0u vi\u00f0 Satan og L\u00fas\u00edfer \u00far gy\u00f0ing-kristinni hef\u00f0, en er ekki sami veruleiki og \u00feeir.<\/p><p>\u00der\u00edr munir eru tr\u00faars\u00f6gulega mikilv\u00e6gir: \u00cd fyrsta lagi er Iblis \u00ed K\u00f3raninum ekki \u00f3tv\u00edr\u00e6tt <span class=\"iwg-fachbegriff\" data-tooltip=\"\u00cd abraham\u00edsku tr\u00faarbr\u00f6g\u00f0unum himneskur sendibo\u00f0i Gu\u00f0s.\" tabindex=\"0\">engill<\/span> \u00ed strangri merkingu, heldur jinn sem haf\u00f0i sta\u00f0i\u00f0 me\u00f0al englanna (s\u00fara 18,50). \u00cd \u00f6\u00f0ru lagi er Iblis ekki fallinn frumbur\u00f0ur eins og L\u00fas\u00edfer, heldur vera af s\u00ednum eigin flokki (<em>jinn<\/em>).<\/p><p>\u00cd \u00feri\u00f0ja lagi er t\u00e1l Iblis \u00ed K\u00f3raninum s\u00e9rstaklega l\u00fdst sem <em>waswasa<\/em> (hv\u00edsl), \u00fea\u00f0 er sem \u00f3bindandi \u00e1eggjun sem ma\u00f0urinn getur sta\u00f0ist.<\/p><p>\u00deessi gu\u00f0fr\u00e6\u00f0ilega bygging dregur minna \u00far \u00e1byrg\u00f0 mannsins en hin p\u00e1ls-\u00e1g\u00fast\u00ednska syndar<span class=\"iwg-fachbegriff\" data-tooltip=\"V\u00edsindaleg fr\u00e6\u00f0igrein um Gu\u00f0 og tr\u00fa tiltekinna tr\u00faarbrag\u00f0a.\" tabindex=\"0\">gu\u00f0fr\u00e6\u00f0i<\/span> og var\u00f0veitir sterkari \u00e1herslu \u00e1 frj\u00e1lst val (<em>ikhtiyar<\/em>). \u00cdtarlega umfj\u00f6llun um \u00edslamska dj\u00f6flafr\u00e6\u00f0i m\u00e1 finna \u00ed kaflanum <a href=\"https:\/\/iwell-guard.com\/is\/?page_id=168623\">\/jinn\/<\/a>.<\/p><\/div>\t\t\t\t\t\t\t\t<\/div>\n\t\t\t\t<\/div>\n\t\t\t\t\t<\/div>\n\t\t\t\t<\/div>\n\t\t<div class=\"elementor-element elementor-element-cpc3fab93 e-flex e-con-boxed e-con e-parent\" data-id=\"cpc3fab93\" data-element_type=\"container\" data-e-type=\"container\">\n\t\t\t\t\t<div class=\"e-con-inner\">\n\t\t\t\t<div class=\"elementor-element elementor-element-cp8e25925 elementor-widget elementor-widget-heading\" data-id=\"cp8e25925\" data-element_type=\"widget\" data-e-type=\"widget\" data-widget_type=\"heading.default\">\n\t\t\t\t\t<h2 class=\"elementor-heading-title elementor-size-default\">Sagan af hinni neitu\u00f0u framfalli \u00ed K\u00f3raninum<\/h2>\t\t\t\t<\/div>\n\t\t<div class=\"elementor-element elementor-element-cp5fb623a e-con-full e-flex e-con e-child\" data-id=\"cp5fb623a\" data-element_type=\"container\" data-e-type=\"container\">\n\t\t\t\t<div class=\"elementor-element elementor-element-cpe68d8e4 elementor-widget elementor-widget-text-editor\" data-id=\"cpe68d8e4\" data-element_type=\"widget\" data-e-type=\"widget\" data-widget_type=\"text-editor.default\">\n\t\t\t\t\t\t\t\t\t<p>Meginvi\u00f0mi\u00f0unarpunktur K\u00f3ransins var\u00f0andi Iblis er sagan um sk\u00f6pun Adams og skipunina til <span class=\"iwg-fachbegriff\" data-tooltip=\"\u00cd abraham\u00edsku tr\u00faarbr\u00f6g\u00f0unum himneskur sendibo\u00f0i Gu\u00f0s.\" tabindex=\"0\">englanna<\/span> um a\u00f0 falla fram fyrir honum.<\/p><p>\u00deessi atbur\u00f0ar\u00e1s er s\u00f6g\u00f0 \u00e1 nokkrum st\u00f6\u00f0um \u00ed K\u00f3raninum, me\u00f0al annars \u00ed s\u00farum 2, 7, 15, 17, 18, 20 og 38. Gu\u00f0 skapar Adam og skipar englunum a\u00f0 falla fram fyrir honum. Allir hl\u00fd\u00f0a, nema Iblis sem neitar.<\/p><p>R\u00f6kin sem K\u00f3raninn leggur Iblis \u00ed munn eru athyglisver\u00f0. \u00cd s\u00faru 7 og s\u00faru 38 segir hann a\u00f0 hann s\u00e9 betri en Adam, \u00fev\u00ed hann s\u00e9 skapa\u00f0ur \u00far eldi en Adam \u00far leir.<\/p><p>Iblis setur \u00feannig fram eigin vir\u00f0ingarr\u00f6\u00f0 gegn sk\u00fdrri skipun Gu\u00f0s. \u00cdslamsk <span class=\"iwg-fachbegriff\" data-tooltip=\"V\u00edsindaleg fr\u00e6\u00f0igrein um Gu\u00f0 og tr\u00fa tiltekinna tr\u00faarbrag\u00f0a.\" tabindex=\"0\">gu\u00f0fr\u00e6\u00f0i<\/span> hefur um aldir t\u00falka\u00f0 \u00feessa afst\u00f6\u00f0u sem frumsynd hroka, <em>kibr<\/em> e\u00f0a <em>istikbar<\/em>. Iblis hl\u00fd\u00f0ir ekki, \u00fev\u00ed hann setur eigin d\u00f3mgreind ofar sk\u00fdrri skipun Gu\u00f0s.<\/p><p>\u00cd kj\u00f6lfari\u00f0 er Iblis \u00fatiloka\u00f0ur \u00far n\u00e1l\u00e6g\u00f0 Gu\u00f0s og b\u00f6lva\u00f0ur. Hann fer \u00fe\u00f3 fram \u00e1 frest til upprisudags, og Gu\u00f0 veitir honum hann. Iblis bo\u00f0ar \u00fe\u00e1 a\u00f0 hann muni lei\u00f0a mennina afvega, a\u00f0 undanskildum tr\u00faf\u00f6stum \u00fej\u00f3num Gu\u00f0s.<\/p><p>\u00dear me\u00f0 er \u00ed K\u00f3raninum m\u00f6rku\u00f0 s\u00fa sta\u00f0a sem Iblis leikur til endalokans: hlutverk t\u00e6landans sem sv\u00edkur manninn en getur ekki \u00fevinga\u00f0 hann. Mikilv\u00e6gt er gu\u00f0fr\u00e6\u00f0ilegt atri\u00f0i a\u00f0 Iblis er ekki gagngu\u00f0. Hann starfar innan \u00feeirra takmarka sem Gu\u00f0 heimilar, og frestur hans er sj\u00e1lfur gu\u00f0leg heimild.<\/p>\t\t\t\t\t\t\t\t<\/div>\n\t\t\t\t<\/div>\n\t\t\t\t\t<\/div>\n\t\t\t\t<\/div>\n\t\t<div class=\"elementor-element elementor-element-cp6630484 e-flex e-con-boxed e-con e-parent\" data-id=\"cp6630484\" data-element_type=\"container\" data-e-type=\"container\">\n\t\t\t\t\t<div class=\"e-con-inner\">\n\t\t\t\t<div class=\"elementor-element elementor-element-cp9386f49 elementor-widget elementor-widget-heading\" data-id=\"cp9386f49\" data-element_type=\"widget\" data-e-type=\"widget\" data-widget_type=\"heading.default\">\n\t\t\t\t\t<h2 class=\"elementor-heading-title elementor-size-default\">Engill e\u00f0a jinn? G\u00f6mul gu\u00f0fr\u00e6\u00f0ileg deila<\/h2>\t\t\t\t<\/div>\n\t\t<div class=\"elementor-element elementor-element-cp00bddc3 e-con-full e-flex e-con e-child\" data-id=\"cp00bddc3\" data-element_type=\"container\" data-e-type=\"container\">\n\t\t\t\t<div class=\"elementor-element elementor-element-cpa58846b elementor-widget elementor-widget-text-editor\" data-id=\"cpa58846b\" data-element_type=\"widget\" data-e-type=\"widget\" data-widget_type=\"text-editor.default\">\n\t\t\t\t\t\t\t\t\t<p>Ein af elstu og heitast r\u00e6dda deiluefnum \u00ed \u00edslamskri <span class=\"iwg-fachbegriff\" data-tooltip=\"Hin fr\u00e6\u00f0ilega kenning um Gu\u00f0 og tr\u00fa tiltekinna tr\u00faarbrag\u00f0a.\" tabindex=\"0\">gu\u00f0fr\u00e6\u00f0i<\/span> sn\u00fdst um e\u00f0li Iblis. K\u00f3raninn nefnir hann \u00e1 einum sta\u00f0, \u00ed s\u00faru 18, versi 50, berum or\u00f0um sem einn af djinnunum.<\/p><p>A\u00f0rir sta\u00f0ir segja fr\u00e1 neitun hans \u00ed samhengi vi\u00f0 skipunina sem gefin var <span class=\"iwg-fachbegriff\" data-tooltip=\"\u00cd abraham\u00edskum tr\u00faarbr\u00f6g\u00f0um himneskur sendibo\u00f0i Gu\u00f0s.\" tabindex=\"0\">englunum<\/span>, sem vekur spurninguna um hvort hann hafi talist til englanna.<\/p><p>\u00dat fr\u00e1 \u00feessari auglj\u00f3su m\u00f3ts\u00f6gn \u00fer\u00f3u\u00f0u fr\u00e6\u00f0imenn \u00fdmsar lausnir. Ein stefna h\u00e9lt \u00fev\u00ed fram a\u00f0 Iblis hafi veri\u00f0 <span class=\"iwg-fachbegriff\" data-tooltip=\"\u00cd abraham\u00edskum tr\u00faarbr\u00f6g\u00f0um himneskur sendibo\u00f0i Gu\u00f0s.\" tabindex=\"0\">engill<\/span>, \u00fev\u00ed skipunin hafi a\u00f0eins veri\u00f0 gefin <span class=\"iwg-fachbegriff\" data-tooltip=\"\u00cd abraham\u00edskum tr\u00faarbr\u00f6g\u00f0um himneskur sendibo\u00f0i Gu\u00f0s.\" tabindex=\"0\">englunum<\/span> og a\u00f0eins vi\u00f0takandi skipunarinnar geti broti\u00f0 gegn henni. Iblis hef\u00f0i \u00fe\u00e1 breytt e\u00f0li s\u00ednu me\u00f0 \u00f3hl\u00fd\u00f0ni sinni.<\/p><p>\u00d6nnur stefna, sem s\u00ed\u00f0ar var\u00f0 yfirgn\u00e6fandi, taldi hann vera djinn sem haf\u00f0ist vi\u00f0 \u00e1 me\u00f0al englanna e\u00f0a haf\u00f0i n\u00e1\u00f0 st\u00f6\u00f0u \u00feeirra, og \u00feess vegna hafi skipunin einnig n\u00e1\u00f0 til hans.<\/p><p>\u00deessi lausn hefur \u00feann kost a\u00f0 h\u00fan var\u00f0veitir hina berum or\u00f0um s\u00f6g\u00f0u fullyr\u00f0ingu s\u00faru 18 og \u00fatsk\u00fdrir samt\u00edmis hvers vegna Iblis, \u00f3l\u00edkt hinum syndlausu <span class=\"iwg-fachbegriff\" data-tooltip=\"\u00cd abraham\u00edskum tr\u00faarbr\u00f6g\u00f0um himneskur sendibo\u00f0i Gu\u00f0s.\" tabindex=\"0\">englum<\/span>, gat veri\u00f0 \u00f3hl\u00fd\u00f0inn og eignast afkomendur, \u00fev\u00ed K\u00f3raninn nefnir afkv\u00e6mi hans.<\/p><p>\u00c1 bak vi\u00f0 \u00feessa deilu liggja st\u00e6rri gu\u00f0fr\u00e6\u00f0ilegar spurningar. Ef <span class=\"iwg-fachbegriff\" data-tooltip=\"\u00cd abraham\u00edskum tr\u00faarbr\u00f6g\u00f0um himneskur sendibo\u00f0i Gu\u00f0s.\" tabindex=\"0\">englar<\/span> geta \u00ed grunninn ekki veri\u00f0 \u00f3hl\u00fd\u00f0nir, \u00fe\u00e1 ver\u00f0ur Iblis a\u00f0 vera anna\u00f0 hvort undantekning e\u00f0a ekki <span class=\"iwg-fachbegriff\" data-tooltip=\"\u00cd abraham\u00edskum tr\u00faarbr\u00f6g\u00f0um himneskur sendibo\u00f0i Gu\u00f0s.\" tabindex=\"0\">engill<\/span>. \u00darlausnin snertir \u00feannig kenninguna um syndleysi <span class=\"iwg-fachbegriff\" data-tooltip=\"\u00cd abraham\u00edskum tr\u00faarbr\u00f6g\u00f0um himneskur sendibo\u00f0i Gu\u00f0s.\" tabindex=\"0\">englanna<\/span> og spurninguna um frj\u00e1lsan vilja.<\/p><p>Sk\u00fdringarritin, me\u00f0al annars hj\u00e1 at-Tabari, az-Zamachschari og ar-Razi, fjalla \u00edtarlega um \u00feessa umr\u00e6\u00f0u og tilgreina \u00fdmsar var\u00f0veittar sko\u00f0anir. Engin algj\u00f6rlega samr\u00e6md lausn hefur n\u00e1\u00f0 fram a\u00f0 ganga, en flokkunin sem djinn er r\u00edkjandi \u00ed s\u00ed\u00f0ari hef\u00f0. Um e\u00f0li \u00feessara vera, sj\u00e1 einnig <a href=\"https:\/\/iwell-guard.com\/is\/?page_id=168623\">Djinn<\/a>.<\/p>\t\t\t\t\t\t\t\t<\/div>\n\t\t\t\t<\/div>\n\t\t\t\t\t<\/div>\n\t\t\t\t<\/div>\n\t\t<div class=\"elementor-element elementor-element-cpa44f227 e-flex e-con-boxed e-con e-parent\" data-id=\"cpa44f227\" data-element_type=\"container\" data-e-type=\"container\">\n\t\t\t\t\t<div class=\"e-con-inner\">\n\t\t\t\t<div class=\"elementor-element elementor-element-cp55be4bd elementor-widget elementor-widget-heading\" data-id=\"cp55be4bd\" data-element_type=\"widget\" data-e-type=\"widget\" data-widget_type=\"heading.default\">\n\t\t\t\t\t<h2 class=\"elementor-heading-title elementor-size-default\">Iblis og Shaitan: n\u00f6fn og hugt\u00f6k<\/h2>\t\t\t\t<\/div>\n\t\t<div class=\"elementor-element elementor-element-cp9393169 e-con-full e-flex e-con e-child\" data-id=\"cp9393169\" data-element_type=\"container\" data-e-type=\"container\">\n\t\t\t\t<div class=\"elementor-element elementor-element-cpca292ef elementor-widget elementor-widget-text-editor\" data-id=\"cpca292ef\" data-element_type=\"widget\" data-e-type=\"widget\" data-widget_type=\"text-editor.default\">\n\t\t\t\t\t\t\t\t\t<p>\u00c1 arab\u00edsku eru notu\u00f0 tv\u00f6 hugt\u00f6k sem \u00e1 \u00edslensku eru oft b\u00e6\u00f0i \u00fe\u00fddd sem dj\u00f6full e\u00f0a Satan, en \u00feau eiga s\u00e9r mismunandi uppruna og notkun. <em>Iblis<\/em> er \u00ed K\u00f3raninum eiginnafn og t\u00e1knar \u00e1kve\u00f0na veru sem hneig\u00f0i sig ekki fyrir Adam.<\/p><p><em>Shaitan<\/em> er aftur \u00e1 m\u00f3ti fremur hlutverkstengt hugtak. \u00dea\u00f0 getur \u00e1tt vi\u00f0 Iblis, en \u00ed K\u00f3raninum er \u00fea\u00f0 einnig nota\u00f0 \u00ed fleirt\u00f6lu, <em>shayatin<\/em>, og getur almennt \u00e1tt vi\u00f0 gu\u00f0fjandsamlegt, t\u00e6landi vald, hvort sem \u00fea\u00f0 er af mannlegum e\u00f0a djinnalegum uppruna.<\/p><p>Uppruni nafnsins Iblis er tungum\u00e1lalega umdeildur. \u00datbreidd sk\u00fdring, sem \u00feegar var haldi\u00f0 fram af m\u00faslimskum fr\u00e6\u00f0im\u00f6nnum, rekur \u00fea\u00f0 til arab\u00edska r\u00f3tarins <em>b-l-s<\/em>, sem tengist \u00f6rv\u00e6ntingu og vonleysi.<\/p><p>Iblis v\u00e6ri \u00fe\u00e1 s\u00e1 sem \u00f6rv\u00e6nti e\u00f0a ney\u00f0ist til a\u00f0 \u00f6rv\u00e6nta um n\u00e1\u00f0 Gu\u00f0s. N\u00fat\u00edmaranns\u00f3knir telja aftur \u00e1 m\u00f3ti l\u00edklegra a\u00f0 nafni\u00f0 s\u00e9 dregi\u00f0 af gr\u00edska or\u00f0inu <em>diabolos<\/em>, r\u00f3gberinn, og hafi hugsanlega borist \u00ed gegnum s\u00fdrlensku e\u00f0a a\u00f0ra kristna hef\u00f0arlei\u00f0ir \u00e1 Arab\u00eduskaganum fyrir daga \u00edslams.<\/p><p><em>Shaitan<\/em> er aftur \u00e1 m\u00f3ti fornsem\u00edskt or\u00f0, sem er \u00e6tta\u00f0 \u00far s\u00f6mu r\u00f3t og hebreska or\u00f0i\u00f0 <em>satan<\/em>, andst\u00e6\u00f0ingur. Hugt\u00f6kin tv\u00f6 v\u00edsa \u00fev\u00ed til tveggja mismunandi hef\u00f0arl\u00edna sem eru sameina\u00f0ar \u00ed K\u00f3raninum.<\/p><p>N\u00e1kv\u00e6m \u00fatsk\u00fdring \u00e1 \u00feessum or\u00f0sifjum er mikilv\u00e6g fyrir tr\u00faarbrag\u00f0as\u00f6gu, \u00fev\u00ed h\u00fan s\u00fdnir hvernig hin \u00edslamska hugmynd um dj\u00f6fulinn er sett saman \u00far eldri, j\u00f3\u00f0skum, kristnum og arab\u00edskum \u00fe\u00e1ttum, \u00e1n \u00feess a\u00f0 vera einfaldlega samsvarandi neinum \u00feeirra. Iblis er sj\u00e1lfst\u00e6\u00f0 k\u00f3ran\u00edsk vera sem tekur upp eldri minni og skipar \u00feeim \u00e1 n\u00fdjan h\u00e1tt.<\/p>\t\t\t\t\t\t\t\t<\/div>\n\t\t\t\t<\/div>\n\t\t\t\t\t<\/div>\n\t\t\t\t<\/div>\n\t\t<div class=\"elementor-element elementor-element-cpe37b786 e-flex e-con-boxed e-con e-parent\" data-id=\"cpe37b786\" data-element_type=\"container\" data-e-type=\"container\">\n\t\t\t\t\t<div class=\"e-con-inner\">\n\t\t\t\t<div class=\"elementor-element elementor-element-cpd8b5b57 elementor-widget elementor-widget-heading\" data-id=\"cpd8b5b57\" data-element_type=\"widget\" data-e-type=\"widget\" data-widget_type=\"heading.default\">\n\t\t\t\t\t<h2 class=\"elementor-heading-title elementor-size-default\">Iblis \u00ed \u00edslamskri hugspeki<\/h2>\t\t\t\t<\/div>\n\t\t<div class=\"elementor-element elementor-element-cp5c3c139 e-con-full e-flex e-con e-child\" data-id=\"cp5c3c139\" data-element_type=\"container\" data-e-type=\"container\">\n\t\t\t\t<div class=\"elementor-element elementor-element-cp5c89634 elementor-widget elementor-widget-text-editor\" data-id=\"cp5c89634\" data-element_type=\"widget\" data-e-type=\"widget\" data-widget_type=\"text-editor.default\">\n\t\t\t\t\t\t\t\t\t<p>S\u00e9rst\u00f6k og oft \u00f3v\u00e6nt t\u00falkun \u00e1 Iblis kom fram \u00ed hluta \u00edslamskrar <span class=\"iwg-fachbegriff\" data-tooltip=\"Tr\u00faarleg stefna sem leggur \u00e1herslu \u00e1 beina Gu\u00f0supplifun.\" tabindex=\"0\">hugspeki<\/span>, s\u00fafismans. Me\u00f0an meirihluti hef\u00f0arinnar ford\u00e6mir Iblis \u00f3tv\u00edr\u00e6tt sem stolta, \u00f3hl\u00fd\u00f0na veru, \u00fer\u00f3u\u00f0u einstakir hugspekingar f\u00e1ga\u00f0ri, \u00ed sumum \u00fatg\u00e1fum n\u00e1nast \u00feversagnakennda s\u00fdn.<\/p><p>\u00deekktastur er al-Hallaj, sem var tekinn af l\u00edfi \u00ed upphafi 10. aldar. \u00cd riti s\u00ednu <em>Kitab at-Tawasin<\/em> l\u00fdsir hann Iblis sem veru sem neita\u00f0i n\u00e1kv\u00e6mlega af k\u00e6rleika og hreinum <span class=\"iwg-fachbegriff\" data-tooltip=\"Tr\u00fain \u00e1 einn Gu\u00f0.\" tabindex=\"0\">eingu\u00f0str\u00fa<\/span> a\u00f0 hneigja sig fyrir \u00f6\u00f0rum en Gu\u00f0i.<\/p><p>Samkv\u00e6mt \u00feessari lestrarlei\u00f0 st\u00f3\u00f0 Iblis frammi fyrir \u00f3rj\u00fafanlegri togstreitu: Gu\u00f0 skipa\u00f0i honum a\u00f0 hneigja sig fyrir Adam, en Iblis vildi einungis hneigja sig fyrir Gu\u00f0i. \u00d3hl\u00fd\u00f0ni hans v\u00e6ri \u00fe\u00e1 tj\u00e1ning \u00e1 \u00f6fgafullri, \u00fe\u00f3tt villandi, trygg\u00f0 vi\u00f0 einingu Gu\u00f0s.<\/p><p>S\u00ed\u00f0ari persneska sk\u00e1ldi\u00f0 og hugspekingurinn Ahmad al-Ghazali, br\u00f3\u00f0ir hins \u00feekktari gu\u00f0fr\u00e6\u00f0ings, h\u00e9lt fram tengdum hugmyndum og s\u00e1 \u00ed Iblis kennara algj\u00f6rrar undirgefni.<\/p><p>\u00deessi t\u00falkun var alltaf minnihlutasj\u00f3narmi\u00f0 og var afdr\u00e1ttarlaust hafna\u00f0 af r\u00e9tttr\u00fana\u00f0ar-<span class=\"iwg-fachbegriff\" data-tooltip=\"Hin fr\u00e6\u00f0ilega kenning um Gu\u00f0 og tr\u00fa tiltekinna tr\u00faarbrag\u00f0a.\" tabindex=\"0\">gu\u00f0fr\u00e6\u00f0i<\/span>. H\u00fan er tr\u00faarbrag\u00f0as\u00f6gulega mikilv\u00e6g \u00fer\u00e1tt fyrir \u00fea\u00f0, \u00fev\u00ed h\u00fan s\u00fdnir a\u00f0 Iblis-sagan \u00ed \u00edslamskri hef\u00f0 haf\u00f0i ekki a\u00f0eins eina fastm\u00f3ta\u00f0a merkingu.<\/p><p>Meirihlutasko\u00f0unin var alltaf s\u00fa a\u00f0 Iblis hafi sett eigin d\u00f3mgreind ofar hinni berum or\u00f0um gefnu gu\u00f0legu skipun og \u00fear me\u00f0 birt kjarna hrokans.<\/p><p>En hin hugspekilega gagnlestrarlei\u00f0 ger\u00f0i Iblis a\u00f0 pers\u00f3nu \u00fear sem grundvallarspurningar um hl\u00fd\u00f0ni, k\u00e6rleika og samband gu\u00f0legs vilja og gu\u00f0legrar skipunar voru r\u00e6ddar. H\u00fan var s\u00ed\u00f0ar ranns\u00f6ku\u00f0 n\u00e1i\u00f0 af vestr\u00e6num austurlandafr\u00e6\u00f0ingum, s\u00e9rstaklega af Louis Massignon \u00ed Hallaj-ranns\u00f3knum s\u00ednum.<\/p>\t\t\t\t\t\t\t\t<\/div>\n\t\t\t\t<\/div>\n\t\t\t\t\t<\/div>\n\t\t\t\t<\/div>\n\t\t<div class=\"elementor-element elementor-element-cpf9199fe e-flex e-con-boxed e-con e-parent\" data-id=\"cpf9199fe\" data-element_type=\"container\" data-e-type=\"container\">\n\t\t\t\t\t<div class=\"e-con-inner\">\n\t\t\t\t<div class=\"elementor-element elementor-element-cp37696b3 elementor-widget elementor-widget-heading\" data-id=\"cp37696b3\" data-element_type=\"widget\" data-e-type=\"widget\" data-widget_type=\"heading.default\">\n\t\t\t\t\t<h2 class=\"elementor-heading-title elementor-size-default\">Verk Iblis og spurningin um frj\u00e1lsan vilja<\/h2>\t\t\t\t<\/div>\n\t\t<div class=\"elementor-element elementor-element-cp34c6267 e-con-full e-flex e-con e-child\" data-id=\"cp34c6267\" data-element_type=\"container\" data-e-type=\"container\">\n\t\t\t\t<div class=\"elementor-element elementor-element-cp9559d8a elementor-widget elementor-widget-text-editor\" data-id=\"cp9559d8a\" data-element_type=\"widget\" data-e-type=\"widget\" data-widget_type=\"text-editor.default\">\n\t\t\t\t\t\t\t\t\t<p>Mikilv\u00e6g gu\u00f0fr\u00e6\u00f0ileg spurning sn\u00fdst um hva\u00f0 Iblis geti \u00ed raun og veru. K\u00f3raninn er sk\u00fdr um \u00feetta: Iblis hv\u00edslar, m\u00e1lar hi\u00f0 illa f\u00f6grum litum, vekur falskar vonir og lei\u00f0ir \u00ed villu, en hann hefur engan bindandi m\u00e1tt yfir m\u00f6nnum.<\/p><p>\u00cd s\u00faru 14, versi 22 l\u00e6tur K\u00f3raninn hann sj\u00e1lfan segja \u00e1 d\u00f3msdegi a\u00f0 hann hafi a\u00f0eins kalla\u00f0 til mannanna og \u00feeir hafi fylgt honum, og \u00fev\u00ed eigi \u00feeir ekki a\u00f0 \u00e1saka hann heldur sj\u00e1lfa sig. \u00c1byrg\u00f0in \u00e1 syndinni hv\u00edlir \u00feannig \u00e1 manninum.<\/p><p>Af \u00feessari sta\u00f0h\u00e6fingu dr\u00f3gu gu\u00f0fr\u00e6\u00f0ingar \u00fe\u00e1 \u00e1lyktun a\u00f0 verk Iblis afnemi ekki frj\u00e1lsan vilja mannsins. Iblis skapar freistingu, en hann \u00fevingar ekkert fram. \u00deessi l\u00e6rd\u00f3mur var mikilv\u00e6gur til a\u00f0 var\u00f0veita r\u00e9ttl\u00e6ti Gu\u00f0s: v\u00e6ri ma\u00f0urinn Iblis varnarlaust \u00e1 valdi hans g\u00e6ti hann ekki bori\u00f0 \u00e1byrg\u00f0 \u00e1 gj\u00f6r\u00f0um s\u00ednum.<\/p><p>Hinar \u00fdmsu gu\u00f0fr\u00e6\u00f0ilegu sk\u00f3lar, svo sem M\u00fatasil\u00edtar og Ashar\u00edtar, v\u00f3gu sambandi\u00f0 milli alm\u00e6tti Gu\u00f0s og \u00e1byrg\u00f0ar mannsins me\u00f0 mismunandi h\u00e6tti, en h\u00e9ldu allir fast vi\u00f0 \u00fe\u00e1 grundvallarreglu a\u00f0 m\u00e1ttur Iblis v\u00e6ri takmarka\u00f0ur.<\/p><p>\u00cd framkv\u00e6md fylgir \u00feessu l\u00e6rd\u00f3murinn um <em>waswasa<\/em>, hv\u00edslinguna. Tr\u00faarhef\u00f0in geymir fj\u00f6lmargar lei\u00f0beiningar um hvernig hinn tr\u00faa\u00f0i ver sig gegn \u00feessum hv\u00edslingum, me\u00f0al annars me\u00f0 \u00fev\u00ed a\u00f0 m\u00e6la varnarform\u00falur sem bi\u00f0ja Gu\u00f0 um vernd gegn hinum bannf\u00e6r\u00f0a Iblis, me\u00f0 <span class=\"iwg-fachbegriff\" data-tooltip=\"\u00c1varp mannsins til gu\u00f0s \u00ed or\u00f0um.\" tabindex=\"0\">b\u00e6n<\/span> og me\u00f0 \u00fev\u00ed a\u00f0 minnast Gu\u00f0s.<\/p><p>S\u00ed\u00f0ustu tv\u00e6r s\u00farur K\u00f3ransins, hinar svok\u00f6llu\u00f0u varnars\u00farur, eru \u00ed \u00feessu sambandi lesnar s\u00e9rstaklega oft. Iblis er \u00ed \u00feessari s\u00fdn raunverulegur en takmarka\u00f0ur andst\u00e6\u00f0ingur, sem m\u00e1tt hans n\u00e6r a\u00f0eins svo langt sem ma\u00f0urinn veitir honum r\u00fam. Me\u00f0 endalokum t\u00edmans, segir K\u00f3raninn, rennur \u00fat frestur hans.<\/p>\t\t\t\t\t\t\t\t<\/div>\n\t\t\t\t<\/div>\n\t\t\t\t\t<\/div>\n\t\t\t\t<\/div>\n\t\t<div class=\"elementor-element elementor-element-36dd7469 e-flex e-con-boxed e-con e-parent\" data-id=\"36dd7469\" data-element_type=\"container\" data-e-type=\"container\">\n\t\t\t\t\t<div class=\"e-con-inner\">\n\t\t\t\t<div class=\"elementor-element elementor-element-13760ab4 elementor-widget elementor-widget-heading\" data-id=\"13760ab4\" data-element_type=\"widget\" data-e-type=\"widget\" data-widget_type=\"heading.default\">\n\t\t\t\t\t<div class=\"elementor-heading-title elementor-size-default\">\u00cdtarefni og tenglar<\/div>\t\t\t\t<\/div>\n\t\t<div class=\"elementor-element elementor-element-28c87796 e-con-full e-flex e-con e-child\" data-id=\"28c87796\" data-element_type=\"container\" data-e-type=\"container\">\n\t\t\t\t<div class=\"elementor-element elementor-element-5d6538df elementor-widget elementor-widget-text-editor\" data-id=\"5d6538df\" data-element_type=\"widget\" data-e-type=\"widget\" data-widget_type=\"text-editor.default\">\n\t\t\t\t\t\t\t\t\t<p>R\u00e1\u00f0lag\u00f0ir innri tenglar:<\/p><ul><li><a href=\"https:\/\/iwell-guard.com\/is\/?page_id=168613\">\u00cdslam<\/a><\/li><li><a href=\"https:\/\/iwell-guard.com\/is\/?page_id=168623\">Jinn<\/a>, <a href=\"https:\/\/iwell-guard.com\/is\/?page_id=168624\">Shayatin<\/a>, <a href=\"https:\/\/iwell-guard.com\/is\/?page_id=168625\">Ifrit<\/a>, <a href=\"https:\/\/iwell-guard.com\/is\/?page_id=168626\">Ghul<\/a><\/li><li><a href=\"https:\/\/iwell-guard.com\/is\/?page_id=168611\">Azazel<\/a> (forsaga)<\/li><li><a href=\"https:\/\/iwell-guard.com\/is\/?page_id=168617\">Satan<\/a> (kristin hli\u00f0st\u00e6\u00f0a)<\/li><li>S\u00faf\u00edsk t\u00falkun \u00e1 Iblis<\/li><\/ul>\t\t\t\t\t\t\t\t<\/div>\n\t\t\t\t<\/div>\n\t\t\t\t\t<\/div>\n\t\t\t\t<\/div>\n\t\t<div class=\"elementor-element elementor-element-grl4kl40 e-flex e-con-boxed e-con e-parent\" data-id=\"grl4kl40\" data-element_type=\"container\" data-e-type=\"container\">\n\t\t\t\t\t<div class=\"e-con-inner\">\n\t\t\t\t<div class=\"elementor-element elementor-element-bzsbfrmh elementor-widget elementor-widget-heading\" data-id=\"bzsbfrmh\" data-element_type=\"widget\" data-e-type=\"widget\" data-widget_type=\"heading.default\">\n\t\t\t\t\t<h2 class=\"elementor-heading-title elementor-size-default\">Heimildir (\u00farval)<\/h2>\t\t\t\t<\/div>\n\t\t<div class=\"elementor-element elementor-element-2c13224a e-con-full e-flex e-con e-child\" data-id=\"2c13224a\" data-element_type=\"container\" data-e-type=\"container\">\n\t\t\t\t<div class=\"elementor-element elementor-element-0eymh9ub elementor-widget elementor-widget-text-editor\" data-id=\"0eymh9ub\" data-element_type=\"widget\" data-e-type=\"widget\" data-widget_type=\"text-editor.default\">\n\t\t\t\t\t\t\t\t\t<footer class=\"iwg-literatur\"><p>\u00darval helstu verka um Iblis:<\/p><ul><li><span data-nosnippet>Awn, Peter J.: <em>Satan&#8217;s Tragedy and Redemption. Ibl\u012bs in Sufi Psychology<\/em>. Leiden 1983.<\/span><\/li><li><span data-nosnippet>Bodman, Whitney: <em>The Poetics of Iblis<\/em>. Cambridge 2011.<\/span><\/li><li><span data-nosnippet>Awad, Najib George: <em>Orthodoxy in Arabic Terms<\/em>. Berlin 2018.<\/span><\/li><li><span data-nosnippet>Khalidi, Tarif: <em>Images of Muhammad<\/em>. New York 2009 (\u00ed samhengi qisas).<\/span><\/li><li><span data-nosnippet>Smith, Jane I. \/ Haddad, Yvonne Yazbeck: <em>The Islamic Understanding of Death and Resurrection<\/em>. Oxford 2002.<\/span><\/li><\/ul><div data-nosnippet=\"true\" class=\"iwg-litliste\"><\/div><\/footer>\n<p class=\"iwg-bib-more\"><span data-nosnippet>Fleiri grunnrit \u00ed <a href=\"https:\/\/iwell-guard.com\/is\/?page_id=168730\">heimildaskr\u00e1nni<\/a>.<\/span><\/p>\t\t\t\t\t\t\t\t<\/div>\n\t\t\t\t<\/div>\n\t\t\t\t\t<\/div>\n\t\t\t\t<\/div>\n\t\t<div class=\"elementor-element elementor-element-ec1ed6e e-con-boxed e-flex e-con e-parent\" data-id=\"ec1ed6e\" data-element_type=\"container\" data-e-type=\"container\">\n\t\t\t\t\t<div class=\"e-con-inner\">\n\t\t\t\t<div class=\"elementor-element elementor-element-b6065a8 elementor-widget elementor-widget-text-editor\" data-id=\"b6065a8\" data-element_type=\"widget\" data-e-type=\"widget\" data-widget_type=\"text-editor.default\">\n\t\t\t\t\t\t\t\t\t\n<h2>Algengar spurningar um Iblis<\/h2>\n<div class=\"iwg-faq-q\"><h3>Hver er Iblis \u00ed \u00edslam?<\/h3><p>Iblis er \u00ed \u00edslam pers\u00f3nan sem svarar til kristnu Satans-verunnar. Samkv\u00e6mt K\u00f3raninum (s\u00fara 7,11 o.\u00e1fr.) neita\u00f0i Iblis a\u00f0 falla fram fyrir hinum n\u00fdskapa\u00f0a Adam, af hroka, \u00fev\u00ed hann var skapa\u00f0ur \u00far reyklausum eldi en Adam a\u00f0eins \u00far leiri.<\/p><p>Fyrir viki\u00f0 var hann bannf\u00e6r\u00f0ur. Iblis er \u00ed \u00edslamskri skilningi ekki fallinn <span class=\"iwg-fachbegriff\" data-tooltip=\"\u00cd abraham\u00edskum tr\u00faarbr\u00f6g\u00f0um himneskur sendibo\u00f0i Gu\u00f0s.\" tabindex=\"0\">engill<\/span>, heldur jinn, vera \u00far reyklausum eldi.<\/p><\/div>\n<div class=\"iwg-faq-q\"><h3>Hver er munurinn \u00e1 Iblis og Shaitan?<\/h3><p>Iblis er s\u00e9rnafn \u00feeirrar tilteknu pers\u00f3nu sem risti sig upp \u00e1 m\u00f3ti Allah. Shaitan (arab\u00edska yfir Satan) er samheiti yfir alla illa anda sem freista manna, og Iblis er \u00feeirra \u00e6\u00f0stur.<\/p><p>\u00cd sumum t\u00falkunum er Iblis lei\u00f0togi shaitan-hersveitarins, \u00ed \u00f6\u00f0rum eru Iblis og Shaitan \u00ed reynd sami hluturinn. K\u00f3raninn notar b\u00e1\u00f0a hugt\u00f6kin \u00ed mismunandi samhengi.<\/p><\/div>\n<script type=\"application\/ld+json\">{\"@context\":\"https:\/\/schema.org\",\"@type\":\"FAQPage\",\"mainEntity\":[{\"@type\":\"Question\",\"name\":\"Hver er Iblis \u00ed \u00edslam?\",\"acceptedAnswer\":{\"@type\":\"Answer\",\"text\":\"Iblis er \u00ed \u00edslam pers\u00f3nan sem svarar til kristnu Satans-verunnar. Samkv\u00e6mt K\u00f3raninum (s\u00fara 7,11 o.\u00e1fr.) neita\u00f0i Iblis a\u00f0 falla fram fyrir hinum n\u00fdskapa\u00f0a Adam, af hroka, \u00fev\u00ed hann var skapa\u00f0ur \u00far reyklausum eldi en Adam a\u00f0eins \u00far leiri.Fyrir viki\u00f0 var hann bannf\u00e6r\u00f0ur. Iblis er \u00ed \u00edslamskri skilningi ekki fallinn engill, heldur jinn, vera \u00far reyklausum eldi.\"}},{\"@type\":\"Question\",\"name\":\"Hver er munurinn \u00e1 Iblis og Shaitan?\",\"acceptedAnswer\":{\"@type\":\"Answer\",\"text\":\"Iblis er s\u00e9rnafn \u00feeirrar tilteknu pers\u00f3nu sem risti sig upp \u00e1 m\u00f3ti Allah. Shaitan (arab\u00edska yfir Satan) er samheiti yfir alla illa anda sem freista manna, og Iblis er \u00feeirra \u00e6\u00f0stur.\u00cd sumum t\u00falkunum er Iblis lei\u00f0togi shaitan-hersveitarins, \u00ed \u00f6\u00f0rum eru Iblis og Shaitan \u00ed reynd sami hluturinn. K\u00f3raninn notar b\u00e1\u00f0a hugt\u00f6kin \u00ed mismunandi samhengi.\"}}]}<\/script>\t\t\t\t\t\t\t\t<\/div>\n\t\t\t\t\t<\/div>\n\t\t\t\t<\/div>\n\t\t\t\t<\/div>\n\t\t","protected":false},"excerpt":{"rendered":"","protected":false},"author":3,"featured_media":1595,"parent":0,"menu_order":0,"comment_status":"closed","ping_status":"closed","template":"elementor_header_footer","meta":{"_yoast_wpseo_focuskw":"Iblis Shaitan englafall","_yoast_wpseo_title":"Iblis - S\u00e1 sem afneitar, andst\u00e6\u00f0ingur \u00edslams","_yoast_wpseo_metadesc":"Iblis er h\u00f6fu\u00f0andst\u00e6\u00f0ingur \u00edslamskrar tr\u00faarhef\u00f0ar. Lykilatri\u00f0i\u00f0 er sagt \u00e1 nokkrum st\u00f6\u00f0um \u00ed K\u00f3raninum, me\u00f0al annars \u00ed s\u00faru 2,34.","_yoast_wpseo_meta-robots-noindex":"","_yoast_wpseo_canonical":"","_angie_page":false,"gefaehrdungsstufe":"5","wesen_kultur":"islam","wesen_klasse":"goetter","footnotes":""},"categories":[],"class_list":["post-168622","page","type-page","status-publish","has-post-thumbnail","hentry"],"yoast_head":"<!-- This site is optimized with the Yoast SEO Premium plugin v27.7 (Yoast SEO v28.3) - https:\/\/yoast.com\/product\/yoast-seo-premium-wordpress\/ -->\n<title>Iblis - S\u00e1 sem afneitar, andst\u00e6\u00f0ingur \u00edslams<\/title>\n<meta name=\"description\" content=\"Iblis er h\u00f6fu\u00f0andst\u00e6\u00f0ingur \u00edslamskrar tr\u00faarhef\u00f0ar. Lykilatri\u00f0i\u00f0 er sagt \u00e1 nokkrum st\u00f6\u00f0um \u00ed K\u00f3raninum, me\u00f0al annars \u00ed s\u00faru 2,34.\" \/>\n<meta name=\"robots\" content=\"index, follow, max-snippet:-1, max-image-preview:large, max-video-preview:-1\" \/>\n<link rel=\"canonical\" href=\"https:\/\/iwell-guard.com\/is\/iblis\/\" \/>\n<meta property=\"og:locale\" content=\"is_IS\" \/>\n<meta property=\"og:type\" content=\"article\" \/>\n<meta property=\"og:title\" content=\"Iblis\" \/>\n<meta property=\"og:description\" content=\"Iblis er h\u00f6fu\u00f0andst\u00e6\u00f0ingur \u00edslamskrar tr\u00faarhef\u00f0ar. Lykilatri\u00f0i\u00f0 er sagt \u00e1 nokkrum st\u00f6\u00f0um \u00ed K\u00f3raninum, me\u00f0al annars \u00ed s\u00faru 2,34.\" \/>\n<meta property=\"og:url\" content=\"https:\/\/iwell-guard.com\/is\/iblis\/\" \/>\n<meta property=\"og:site_name\" content=\"iWell Guard\" \/>\n<meta property=\"article:modified_time\" content=\"2026-09-05T14:15:16+00:00\" \/>\n<meta property=\"og:image\" content=\"https:\/\/iwell-guard.com\/wp-content\/uploads\/2026\/04\/goetter_islam_iblis.webp\" \/>\n\t<meta property=\"og:image:width\" content=\"1024\" \/>\n\t<meta property=\"og:image:height\" content=\"1536\" \/>\n\t<meta property=\"og:image:type\" content=\"image\/webp\" \/>\n<meta name=\"twitter:card\" content=\"summary_large_image\" \/>\n<script type=\"application\/ld+json\" class=\"yoast-schema-graph\">{\"@context\":\"https:\\\/\\\/schema.org\",\"@graph\":[{\"@type\":\"WebPage\",\"@id\":\"https:\\\/\\\/iwell-guard.com\\\/is\\\/iblis\\\/\",\"url\":\"https:\\\/\\\/iwell-guard.com\\\/is\\\/iblis\\\/\",\"name\":\"Iblis - S\u00e1 sem afneitar, andst\u00e6\u00f0ingur \u00edslams\",\"isPartOf\":{\"@id\":\"https:\\\/\\\/iwell-guard.com\\\/is\\\/#website\"},\"primaryImageOfPage\":{\"@id\":\"https:\\\/\\\/iwell-guard.com\\\/is\\\/iblis\\\/#primaryimage\"},\"image\":{\"@id\":\"https:\\\/\\\/iwell-guard.com\\\/is\\\/iblis\\\/#primaryimage\"},\"thumbnailUrl\":\"https:\\\/\\\/iwell-guard.com\\\/wp-content\\\/uploads\\\/2026\\\/04\\\/goetter_islam_iblis.webp\",\"datePublished\":\"2026-09-05T14:01:39+00:00\",\"dateModified\":\"2026-09-05T14:15:16+00:00\",\"description\":\"Iblis er h\u00f6fu\u00f0andst\u00e6\u00f0ingur \u00edslamskrar tr\u00faarhef\u00f0ar. Lykilatri\u00f0i\u00f0 er sagt \u00e1 nokkrum st\u00f6\u00f0um \u00ed K\u00f3raninum, me\u00f0al annars \u00ed s\u00faru 2,34.\",\"breadcrumb\":{\"@id\":\"https:\\\/\\\/iwell-guard.com\\\/is\\\/iblis\\\/#breadcrumb\"},\"inLanguage\":\"is\",\"potentialAction\":[{\"@type\":\"ReadAction\",\"target\":[\"https:\\\/\\\/iwell-guard.com\\\/is\\\/iblis\\\/\"]}]},{\"@type\":\"ImageObject\",\"inLanguage\":\"is\",\"@id\":\"https:\\\/\\\/iwell-guard.com\\\/is\\\/iblis\\\/#primaryimage\",\"url\":\"https:\\\/\\\/iwell-guard.com\\\/wp-content\\\/uploads\\\/2026\\\/04\\\/goetter_islam_iblis.webp\",\"contentUrl\":\"https:\\\/\\\/iwell-guard.com\\\/wp-content\\\/uploads\\\/2026\\\/04\\\/goetter_islam_iblis.webp\",\"width\":1024,\"height\":1536,\"caption\":\"Gu\u00f0ir \u00far \u00edslamskri hef\u00f0.\"},{\"@type\":\"BreadcrumbList\",\"@id\":\"https:\\\/\\\/iwell-guard.com\\\/is\\\/iblis\\\/#breadcrumb\",\"itemListElement\":[{\"@type\":\"ListItem\",\"position\":1,\"name\":\"Start\",\"item\":\"https:\\\/\\\/iwell-guard.com\\\/is\\\/?page_id=168580\"},{\"@type\":\"ListItem\",\"position\":2,\"name\":\"Iblis\"}]},{\"@type\":\"WebSite\",\"@id\":\"https:\\\/\\\/iwell-guard.com\\\/is\\\/#website\",\"url\":\"https:\\\/\\\/iwell-guard.com\\\/is\\\/\",\"name\":\"iWell Guard\",\"description\":\"Schutz vor dunklen Einfl\u00fcssen\",\"publisher\":{\"@id\":\"https:\\\/\\\/iwell-guard.com\\\/is\\\/#organization\"},\"potentialAction\":[{\"@type\":\"SearchAction\",\"target\":{\"@type\":\"EntryPoint\",\"urlTemplate\":\"https:\\\/\\\/iwell-guard.com\\\/is\\\/?s={search_term_string}\"},\"query-input\":{\"@type\":\"PropertyValueSpecification\",\"valueRequired\":true,\"valueName\":\"search_term_string\"}}],\"inLanguage\":\"is\"},{\"@type\":\"Organization\",\"@id\":\"https:\\\/\\\/iwell-guard.com\\\/is\\\/#organization\",\"name\":\"Ittermann electronic GmbH\",\"url\":\"https:\\\/\\\/iwell-guard.com\\\/is\\\/\",\"logo\":{\"@type\":\"ImageObject\",\"inLanguage\":\"is\",\"@id\":\"https:\\\/\\\/iwell-guard.com\\\/is\\\/#\\\/schema\\\/logo\\\/image\\\/\",\"url\":\"https:\\\/\\\/iwell-guard.com\\\/wp-content\\\/uploads\\\/2026\\\/05\\\/Ittermann-Logo-1182x237-1.png\",\"contentUrl\":\"https:\\\/\\\/iwell-guard.com\\\/wp-content\\\/uploads\\\/2026\\\/05\\\/Ittermann-Logo-1182x237-1.png\",\"width\":1182,\"height\":237,\"caption\":\"Ittermann electronic GmbH\"},\"image\":{\"@id\":\"https:\\\/\\\/iwell-guard.com\\\/is\\\/#\\\/schema\\\/logo\\\/image\\\/\"},\"sameAs\":[\"https:\\\/\\\/pantip.com\\\/profile\\\/9367242\",\"https:\\\/\\\/micro.blog\\\/iwellguard\",\"https:\\\/\\\/www.diggerslist.com\\\/iwellguard\\\/about\",\"https:\\\/\\\/skitterphoto.com\\\/photographers\\\/2870314\\\/iwell-guard\",\"https:\\\/\\\/iwellguard.wordpress.com\\\/2026\\\/06\\\/06\\\/iwell-guard\\\/\",\"https:\\\/\\\/hub.docker.com\\\/u\\\/iwellguard\",\"https:\\\/\\\/www.pinterest.com\\\/iwellguard\\\/\",\"https:\\\/\\\/bit.ly\\\/m\\\/iwellguard\",\"https:\\\/\\\/entre-vos-mains.alsace.eu\\\/profiles\\\/iwellguard\\\/activity\",\"https:\\\/\\\/gravatar.com\\\/reallybeded8fd34\",\"https:\\\/\\\/naijamatta.com\\\/iwellguard\",\"https:\\\/\\\/www.goodreads.com\\\/iwellguard\",\"https:\\\/\\\/profile.hatena.ne.jp\\\/iwellguard\\\/\",\"https:\\\/\\\/experiment.com\\\/users\\\/iwellguard\",\"https:\\\/\\\/wakelet.com\\\/@iWellGuard82270\",\"https:\\\/\\\/www.chordie.com\\\/forum\\\/profile.php?id=2555664\",\"https:\\\/\\\/www.instapaper.com\\\/p\\\/17757966\",\"https:\\\/\\\/www.mapleprimes.com\\\/users\\\/iwellguard\",\"https:\\\/\\\/businesslistingplus.com\\\/profile\\\/iwell-guard\\\/\",\"https:\\\/\\\/telegra.ph\\\/iWell-Guard-06-06\",\"https:\\\/\\\/pbase.com\\\/iwellguard\\\/iwellguard\",\"https:\\\/\\\/b.hatena.ne.jp\\\/iwellguard\\\/20260607#bookmark-4788405196491818882\",\"https:\\\/\\\/fliphtml5.com\\\/home\\\/iwellguard\",\"https:\\\/\\\/anyflip.com\\\/homepage\\\/cmiwl#About\",\"https:\\\/\\\/transfur.com\\\/Users\\\/iwellguard\",\"http:\\\/\\\/delphi.larsbo.org\\\/user\\\/iwellguard\",\"https:\\\/\\\/jobs.lajobsportal.org\\\/profiles\\\/8380803-iwell-guard\",\"https:\\\/\\\/md.chaosdorf.de\\\/s\\\/jfbe5SBdJD\",\"https:\\\/\\\/www.lingvolive.com\\\/en-us\\\/profile\\\/9ecaeaca-ce11-4e51-9e71-01d55e2bff36\\\/translations\",\"https:\\\/\\\/www.fitday.com\\\/fitness\\\/forums\\\/members\\\/iwellguard.html\",\"https:\\\/\\\/www.mymeetbook.com\\\/iwellguard\",\"https:\\\/\\\/pxhere.com\\\/en\\\/photographer-me\\\/5040798\",\"https:\\\/\\\/disqus.com\\\/by\\\/iwellguard\\\/about\\\/\",\"https:\\\/\\\/pastelink.net\\\/hjwciqwq\",\"https:\\\/\\\/pubhtml5.com\\\/homepage\\\/scjhn\\\/\",\"https:\\\/\\\/www.bitchute.com\\\/channel\\\/2O2eOKzNqujT\",\"https:\\\/\\\/audiomack.com\\\/iwellguard\"]},{\"@type\":\"Article\",\"@id\":\"https:\\\/\\\/iwell-guard.com\\\/is\\\/iblis\\\/#article\",\"isPartOf\":{\"@id\":\"https:\\\/\\\/iwell-guard.com\\\/is\\\/iblis\\\/\"},\"author\":{\"name\":\"Ralf Ittermann\",\"@id\":\"https:\\\/\\\/iwell-guard.com\\\/is\\\/#\\\/schema\\\/person\\\/ee2a27f1cac3406c7c6fb5820cb7349f\"},\"headline\":\"Iblis\",\"datePublished\":\"2026-09-05T14:01:39+00:00\",\"dateModified\":\"2026-09-05T14:15:16+00:00\",\"mainEntityOfPage\":{\"@id\":\"https:\\\/\\\/iwell-guard.com\\\/is\\\/iblis\\\/\"},\"publisher\":{\"@id\":\"https:\\\/\\\/iwell-guard.com\\\/is\\\/#organization\"},\"image\":{\"@id\":\"https:\\\/\\\/iwell-guard.com\\\/is\\\/iblis\\\/#primaryimage\"},\"thumbnailUrl\":\"https:\\\/\\\/iwell-guard.com\\\/wp-content\\\/uploads\\\/2026\\\/04\\\/goetter_islam_iblis.webp\",\"inLanguage\":\"is\",\"description\":\"Iblis er h\u00f6fu\u00f0andst\u00e6\u00f0ingur \u00edslamskrar tr\u00faarhef\u00f0ar. Lykilatri\u00f0i\u00f0 er sagt \u00e1 nokkrum st\u00f6\u00f0um \u00ed K\u00f3raninum, me\u00f0al annars \u00ed s\u00faru 2,34.\"}]}<\/script>\n<!-- \/ Yoast SEO Premium plugin. -->","yoast_head_json":{"title":"Iblis - S\u00e1 sem afneitar, andst\u00e6\u00f0ingur \u00edslams","description":"Iblis er h\u00f6fu\u00f0andst\u00e6\u00f0ingur \u00edslamskrar tr\u00faarhef\u00f0ar. Lykilatri\u00f0i\u00f0 er sagt \u00e1 nokkrum st\u00f6\u00f0um \u00ed K\u00f3raninum, me\u00f0al annars \u00ed s\u00faru 2,34.","robots":{"index":"index","follow":"follow","max-snippet":"max-snippet:-1","max-image-preview":"max-image-preview:large","max-video-preview":"max-video-preview:-1"},"canonical":"https:\/\/iwell-guard.com\/is\/iblis\/","og_locale":"is_IS","og_type":"article","og_title":"Iblis","og_description":"Iblis er h\u00f6fu\u00f0andst\u00e6\u00f0ingur \u00edslamskrar tr\u00faarhef\u00f0ar. Lykilatri\u00f0i\u00f0 er sagt \u00e1 nokkrum st\u00f6\u00f0um \u00ed K\u00f3raninum, me\u00f0al annars \u00ed s\u00faru 2,34.","og_url":"https:\/\/iwell-guard.com\/is\/iblis\/","og_site_name":"iWell Guard","article_modified_time":"2026-09-05T14:15:16+00:00","og_image":[{"width":1024,"height":1536,"url":"https:\/\/iwell-guard.com\/wp-content\/uploads\/2026\/04\/goetter_islam_iblis.webp","type":"image\/webp"}],"twitter_card":"summary_large_image","schema":{"@context":"https:\/\/schema.org","@graph":[{"@type":"Article","@id":"https:\/\/iwell-guard.com\/is\/iblis\/#article","isPartOf":{"@id":"https:\/\/iwell-guard.com\/is\/iblis\/"},"author":{"name":"Ralf Ittermann","@id":"https:\/\/iwell-guard.com\/is\/#\/schema\/person\/ee2a27f1cac3406c7c6fb5820cb7349f"},"headline":"Iblis","datePublished":"2026-09-05T14:01:39+00:00","dateModified":"2026-09-05T14:15:16+00:00","mainEntityOfPage":{"@id":"https:\/\/iwell-guard.com\/is\/iblis\/"},"publisher":{"@id":"https:\/\/iwell-guard.com\/is\/#organization"},"image":{"@id":"https:\/\/iwell-guard.com\/is\/iblis\/#primaryimage"},"thumbnailUrl":"https:\/\/iwell-guard.com\/wp-content\/uploads\/2026\/04\/goetter_islam_iblis.webp","inLanguage":"is","description":"Iblis er h\u00f6fu\u00f0andst\u00e6\u00f0ingur \u00edslamskrar tr\u00faarhef\u00f0ar. Lykilatri\u00f0i\u00f0 er sagt \u00e1 nokkrum st\u00f6\u00f0um \u00ed K\u00f3raninum, me\u00f0al annars \u00ed s\u00faru 2,34."},{"@type":"WebPage","@id":"https:\/\/iwell-guard.com\/is\/iblis\/","url":"https:\/\/iwell-guard.com\/is\/iblis\/","name":"Iblis - S\u00e1 sem afneitar, andst\u00e6\u00f0ingur \u00edslams","isPartOf":{"@id":"https:\/\/iwell-guard.com\/is\/#website"},"primaryImageOfPage":{"@id":"https:\/\/iwell-guard.com\/is\/iblis\/#primaryimage"},"image":{"@id":"https:\/\/iwell-guard.com\/is\/iblis\/#primaryimage"},"thumbnailUrl":"https:\/\/iwell-guard.com\/wp-content\/uploads\/2026\/04\/goetter_islam_iblis.webp","datePublished":"2026-09-05T14:01:39+00:00","dateModified":"2026-09-05T14:15:16+00:00","description":"Iblis er h\u00f6fu\u00f0andst\u00e6\u00f0ingur \u00edslamskrar tr\u00faarhef\u00f0ar. Lykilatri\u00f0i\u00f0 er sagt \u00e1 nokkrum st\u00f6\u00f0um \u00ed K\u00f3raninum, me\u00f0al annars \u00ed s\u00faru 2,34.","breadcrumb":{"@id":"https:\/\/iwell-guard.com\/is\/iblis\/#breadcrumb"},"inLanguage":"is","potentialAction":[{"@type":"ReadAction","target":["https:\/\/iwell-guard.com\/is\/iblis\/"]}]},{"@type":"ImageObject","inLanguage":"is","@id":"https:\/\/iwell-guard.com\/is\/iblis\/#primaryimage","url":"https:\/\/iwell-guard.com\/wp-content\/uploads\/2026\/04\/goetter_islam_iblis.webp","contentUrl":"https:\/\/iwell-guard.com\/wp-content\/uploads\/2026\/04\/goetter_islam_iblis.webp","width":1024,"height":1536,"caption":"Gu\u00f0ir \u00far \u00edslamskri hef\u00f0."},{"@type":"BreadcrumbList","@id":"https:\/\/iwell-guard.com\/is\/iblis\/#breadcrumb","itemListElement":[{"@type":"ListItem","position":1,"name":"Start","item":"https:\/\/iwell-guard.com\/is\/?page_id=168580"},{"@type":"ListItem","position":2,"name":"Iblis"}]},{"@type":"WebSite","@id":"https:\/\/iwell-guard.com\/is\/#website","url":"https:\/\/iwell-guard.com\/is\/","name":"iWell Guard","description":"Schutz vor dunklen Einfl\u00fcssen","publisher":{"@id":"https:\/\/iwell-guard.com\/is\/#organization"},"potentialAction":[{"@type":"SearchAction","target":{"@type":"EntryPoint","urlTemplate":"https:\/\/iwell-guard.com\/is\/?s={search_term_string}"},"query-input":{"@type":"PropertyValueSpecification","valueRequired":true,"valueName":"search_term_string"}}],"inLanguage":"is"},{"@type":"Organization","@id":"https:\/\/iwell-guard.com\/is\/#organization","name":"Ittermann electronic GmbH","url":"https:\/\/iwell-guard.com\/is\/","logo":{"@type":"ImageObject","inLanguage":"is","@id":"https:\/\/iwell-guard.com\/is\/#\/schema\/logo\/image\/","url":"https:\/\/iwell-guard.com\/wp-content\/uploads\/2026\/05\/Ittermann-Logo-1182x237-1.png","contentUrl":"https:\/\/iwell-guard.com\/wp-content\/uploads\/2026\/05\/Ittermann-Logo-1182x237-1.png","width":1182,"height":237,"caption":"Ittermann electronic GmbH"},"image":{"@id":"https:\/\/iwell-guard.com\/is\/#\/schema\/logo\/image\/"},"sameAs":["https:\/\/pantip.com\/profile\/9367242","https:\/\/micro.blog\/iwellguard","https:\/\/www.diggerslist.com\/iwellguard\/about","https:\/\/skitterphoto.com\/photographers\/2870314\/iwell-guard","https:\/\/iwellguard.wordpress.com\/2026\/06\/06\/iwell-guard\/","https:\/\/hub.docker.com\/u\/iwellguard","https:\/\/www.pinterest.com\/iwellguard\/","https:\/\/bit.ly\/m\/iwellguard","https:\/\/entre-vos-mains.alsace.eu\/profiles\/iwellguard\/activity","https:\/\/gravatar.com\/reallybeded8fd34","https:\/\/naijamatta.com\/iwellguard","https:\/\/www.goodreads.com\/iwellguard","https:\/\/profile.hatena.ne.jp\/iwellguard\/","https:\/\/experiment.com\/users\/iwellguard","https:\/\/wakelet.com\/@iWellGuard82270","https:\/\/www.chordie.com\/forum\/profile.php?id=2555664","https:\/\/www.instapaper.com\/p\/17757966","https:\/\/www.mapleprimes.com\/users\/iwellguard","https:\/\/businesslistingplus.com\/profile\/iwell-guard\/","https:\/\/telegra.ph\/iWell-Guard-06-06","https:\/\/pbase.com\/iwellguard\/iwellguard","https:\/\/b.hatena.ne.jp\/iwellguard\/20260607#bookmark-4788405196491818882","https:\/\/fliphtml5.com\/home\/iwellguard","https:\/\/anyflip.com\/homepage\/cmiwl#About","https:\/\/transfur.com\/Users\/iwellguard","http:\/\/delphi.larsbo.org\/user\/iwellguard","https:\/\/jobs.lajobsportal.org\/profiles\/8380803-iwell-guard","https:\/\/md.chaosdorf.de\/s\/jfbe5SBdJD","https:\/\/www.lingvolive.com\/en-us\/profile\/9ecaeaca-ce11-4e51-9e71-01d55e2bff36\/translations","https:\/\/www.fitday.com\/fitness\/forums\/members\/iwellguard.html","https:\/\/www.mymeetbook.com\/iwellguard","https:\/\/pxhere.com\/en\/photographer-me\/5040798","https:\/\/disqus.com\/by\/iwellguard\/about\/","https:\/\/pastelink.net\/hjwciqwq","https:\/\/pubhtml5.com\/homepage\/scjhn\/","https:\/\/www.bitchute.com\/channel\/2O2eOKzNqujT","https:\/\/audiomack.com\/iwellguard"]},{"@type":"Person","@id":"https:\/\/iwell-guard.com\/is\/#\/schema\/person\/ee2a27f1cac3406c7c6fb5820cb7349f","name":"Ralf Ittermann","image":{"@type":"ImageObject","inLanguage":"is","@id":"https:\/\/secure.gravatar.com\/avatar\/073c0153e350a5005b68eb752b445fea71f6b24a26da9449ad7e155e6b446c9d?s=96&d=mm&r=g","url":"https:\/\/secure.gravatar.com\/avatar\/073c0153e350a5005b68eb752b445fea71f6b24a26da9449ad7e155e6b446c9d?s=96&d=mm&r=g","contentUrl":"https:\/\/secure.gravatar.com\/avatar\/073c0153e350a5005b68eb752b445fea71f6b24a26da9449ad7e155e6b446c9d?s=96&d=mm&r=g","caption":"Ralf Ittermann"},"givenName":"Ralf","familyName":"Ittermann","jobTitle":"Gesch\u00e4ftsf\u00fchrer und redaktioneller Verantwortlicher","url":"https:\/\/iwell-guard.com\/is\/author\/claude\/","description":"Ralf Ittermann ist Gesch\u00e4ftsf\u00fchrer der Ittermann electronic GmbH und redaktioneller Verantwortlicher des iWell-Guard-Lexikons. Er verbindet langj\u00e4hrige Erfahrung in der Pr\u00e4zisionsfertigung mit medialer Praxis und religionsgeschichtlicher Quellenarbeit.","worksFor":{"@type":"Organization","name":"Ittermann electronic GmbH","url":"https:\/\/ittermann.de\/","address":{"@type":"PostalAddress","streetAddress":"K\u00f6hlergasse 16-18","postalCode":"99842","addressLocality":"Ruhla","addressCountry":"DE"}},"knowsAbout":["Religionsgeschichte","Mythologie","Mediale Praxis","Energetische Diagnostik","Schutzpraxis","Volksglauben","Westliche Esoterik"]},{"@type":"Article","@id":"https:\/\/iwell-guard.com\/is\/iblis\/#article","isPartOf":{"@id":"https:\/\/iwell-guard.com\/is\/iblis\/"},"author":{"name":"Ralf Ittermann","@id":"https:\/\/iwell-guard.com\/is\/#\/schema\/person\/ee2a27f1cac3406c7c6fb5820cb7349f"},"headline":"Iblis","datePublished":"2026-09-05T14:01:39+00:00","dateModified":"2026-09-05T14:15:16+00:00","mainEntityOfPage":{"@id":"https:\/\/iwell-guard.com\/is\/iblis\/"},"publisher":{"@id":"https:\/\/iwell-guard.com\/is\/#organization"},"image":{"@id":"https:\/\/iwell-guard.com\/is\/iblis\/#primaryimage"},"thumbnailUrl":"https:\/\/iwell-guard.com\/wp-content\/uploads\/2026\/04\/goetter_islam_iblis.webp","inLanguage":"is","description":"Iblis er h\u00f6fu\u00f0andst\u00e6\u00f0ingur \u00edslamskrar tr\u00faarhef\u00f0ar. Lykilatri\u00f0i\u00f0 er sagt \u00e1 nokkrum st\u00f6\u00f0um \u00ed K\u00f3raninum, me\u00f0al annars \u00ed s\u00faru 2,34."}]}},"_links":{"self":[{"href":"https:\/\/iwell-guard.com\/is\/wp-json\/wp\/v2\/pages\/168622","targetHints":{"allow":["GET"]}}],"collection":[{"href":"https:\/\/iwell-guard.com\/is\/wp-json\/wp\/v2\/pages"}],"about":[{"href":"https:\/\/iwell-guard.com\/is\/wp-json\/wp\/v2\/types\/page"}],"author":[{"embeddable":true,"href":"https:\/\/iwell-guard.com\/is\/wp-json\/wp\/v2\/users\/3"}],"replies":[{"embeddable":true,"href":"https:\/\/iwell-guard.com\/is\/wp-json\/wp\/v2\/comments?post=168622"}],"version-history":[{"count":0,"href":"https:\/\/iwell-guard.com\/is\/wp-json\/wp\/v2\/pages\/168622\/revisions"}],"wp:featuredmedia":[{"embeddable":true,"href":"https:\/\/iwell-guard.com\/is\/wp-json\/wp\/v2\/media\/1595"}],"wp:attachment":[{"href":"https:\/\/iwell-guard.com\/is\/wp-json\/wp\/v2\/media?parent=168622"}],"wp:term":[{"taxonomy":"category","embeddable":true,"href":"https:\/\/iwell-guard.com\/is\/wp-json\/wp\/v2\/categories?post=168622"}],"curies":[{"name":"wp","href":"https:\/\/api.w.org\/{rel}","templated":true}]}}