{"id":168621,"date":"2026-09-05T14:01:38","date_gmt":"2026-09-05T14:01:38","guid":{"rendered":"https:\/\/iwell-guard.com\/?page_id=168621"},"modified":"2026-09-05T14:15:14","modified_gmt":"2026-09-05T14:15:14","slug":"legion-andsetning-og-djoflar","status":"publish","type":"page","link":"https:\/\/iwell-guard.com\/is\/legion-andsetning-og-djoflar\/","title":{"rendered":"Legion \u2013 Andsetning og sameiginlegir dj\u00f6flar"},"content":{"rendered":"\t\t<div data-elementor-type=\"wp-page\" data-elementor-id=\"168621\" class=\"elementor elementor-168621 elementor-1022\" data-elementor-post-type=\"page\">\n\t\t\t\t<div class=\"elementor-element elementor-element-10fdade e-flex e-con-boxed e-con e-parent\" data-id=\"10fdade\" data-element_type=\"container\" data-e-type=\"container\" data-settings=\"{&quot;background_background&quot;:&quot;classic&quot;}\">\n\t\t\t\t\t<div class=\"e-con-inner\">\n\t\t<div class=\"elementor-element elementor-element-herohlft0 e-flex e-con-boxed e-con e-child\" data-id=\"herohlft0\" data-element_type=\"container\" data-e-type=\"container\">\n\t\t\t\t\t<div class=\"e-con-inner\">\n\t\t<div class=\"elementor-element elementor-element-c3ceb64 e-con-full e-flex e-con e-child\" data-id=\"c3ceb64\" data-element_type=\"container\" data-e-type=\"container\">\n\t\t\t\t<div class=\"elementor-element elementor-element-96ae5e1 elementor-widget elementor-widget-heading\" data-id=\"96ae5e1\" data-element_type=\"widget\" data-e-type=\"widget\" data-widget_type=\"heading.default\">\n\t\t\t\t\t<h1 class=\"elementor-heading-title elementor-size-default\">Legion, dj\u00f6full kristinnar hef\u00f0ar<\/h1>\t\t\t\t<\/div>\n\t\t\t\t<div class=\"elementor-element elementor-element-e45238a elementor-widget elementor-widget-text-editor\" data-id=\"e45238a\" data-element_type=\"widget\" data-e-type=\"widget\" data-widget_type=\"text-editor.default\">\n\t\t\t\t\t\t\t\t\t<p>Legion er <span class=\"iwg-fachbegriff\" data-tooltip=\"Andleg vera sem eignu\u00f0 er ska\u00f0leg e\u00f0a tv\u00edbent verkun.\" tabindex=\"0\">dj\u00f6full<\/span> kristinnar hef\u00f0ar.<\/p><p><strong>\u201e\u00dev\u00ed v\u00e9r erum margir&#8220;, sameiginleg andsetning \u00ed Gerasa.<\/strong><\/p>\t\t\t\t\t\t\t\t<\/div>\n\t\t\t\t<\/div>\n\t\t<div class=\"elementor-element elementor-element-klsbdg01 e-con-full e-flex e-con e-parent\" data-id=\"klsbdg01\" data-element_type=\"container\" data-e-type=\"container\">\n\t\t\t\t<div class=\"elementor-element elementor-element-klshtm01 elementor-widget elementor-widget-html\" data-id=\"klshtm01\" data-element_type=\"widget\" data-e-type=\"widget\" data-widget_type=\"html.default\">\n\t\t\t\t\t<div class=\"iwg-pill-row\"><span class=\"iwg-klasse-badge\" tabindex=\"0\" data-tooltip=\"Dj\u00f6full \/ dj\u00f6flynja: Yfirn\u00e1tt\u00farleg vera sem a\u00f0 jafna\u00f0i hefur ska\u00f0lega e\u00f0a tv\u00edbenta verkun. Stendur milli gu\u00f0a og manna, veldur sj\u00fakd\u00f3mum, freistingum e\u00f0a \u00f3h\u00f6ppum og er hrakin \u00e1 brott me\u00f0 \u00e1kalli, verndargripum og ath\u00f6fnum.\">Dj\u00f6full<\/span><a href=\"https:\/\/iwell-guard.com\/is\/?page_id=168612\" class=\"iwg-kultur-badge\" tabindex=\"0\" data-tooltip=\"Kristin hef\u00f0 me\u00f0 englum s\u00ednum, dj\u00f6flum og dul\u00fa\u00f0legum verum.\">Kristni<\/a><\/div>\t\t\t\t<\/div>\n\t\t\t\t<\/div>\n\t\t<div class=\"elementor-element elementor-element-3f74855 e-con-full e-flex e-con e-child\" data-id=\"3f74855\" data-element_type=\"container\" data-e-type=\"container\">\n\t\t\t\t<div class=\"elementor-element elementor-element-1c30362 elementor-toc--minimized-on-tablet elementor-widget elementor-widget-table-of-contents\" data-id=\"1c30362\" data-element_type=\"widget\" data-e-type=\"widget\" data-settings=\"{&quot;exclude_headings_by_selector&quot;:[],&quot;no_headings_message&quot;:&quot;Engar undirfyrirsagnir fundust \\u00e1 \\u00feessari s\\u00ed\\u00f0u.&quot;,&quot;headings_by_tags&quot;:[&quot;h2&quot;,&quot;h3&quot;],&quot;marker_view&quot;:&quot;bullets&quot;,&quot;icon&quot;:{&quot;value&quot;:&quot;fas fa-circle&quot;,&quot;library&quot;:&quot;fa-solid&quot;,&quot;rendered_tag&quot;:&quot;&lt;svg class=\\&quot;e-font-icon-svg e-fas-circle\\&quot; viewBox=\\&quot;0 0 512 512\\&quot; xmlns=\\&quot;http:\\\/\\\/www.w3.org\\\/2000\\\/svg\\&quot;&gt;&lt;path d=\\&quot;M256 8C119 8 8 119 8 256s111 248 248 248 248-111 248-248S393 8 256 8z\\&quot;&gt;&lt;\\\/path&gt;&lt;\\\/svg&gt;&quot;},&quot;minimize_box&quot;:&quot;yes&quot;,&quot;minimized_on&quot;:&quot;tablet&quot;,&quot;hierarchical_view&quot;:&quot;yes&quot;,&quot;min_height&quot;:{&quot;unit&quot;:&quot;px&quot;,&quot;size&quot;:&quot;&quot;,&quot;sizes&quot;:[]},&quot;min_height_tablet&quot;:{&quot;unit&quot;:&quot;px&quot;,&quot;size&quot;:&quot;&quot;,&quot;sizes&quot;:[]},&quot;min_height_mobile&quot;:{&quot;unit&quot;:&quot;px&quot;,&quot;size&quot;:&quot;&quot;,&quot;sizes&quot;:[]}}\" data-widget_type=\"table-of-contents.default\">\n\t\t\t\t\t\t\t\t\t<div class=\"elementor-toc__header\">\n\t\t\t\t\t\t<h2 class=\"elementor-toc__header-title\">\n\t\t\t\tEfnisyfirlit\t\t\t<\/h2>\n\t\t\t\t\t\t\t\t\t\t<div class=\"elementor-toc__toggle-button elementor-toc__toggle-button--expand\" role=\"button\" tabindex=\"0\" aria-controls=\"elementor-toc__1c30362\" aria-expanded=\"true\" aria-label=\"Open table of contents\"><svg aria-hidden=\"true\" class=\"e-font-icon-svg e-fas-chevron-down\" viewBox=\"0 0 448 512\" xmlns=\"http:\/\/www.w3.org\/2000\/svg\"><path d=\"M207.029 381.476L12.686 187.132c-9.373-9.373-9.373-24.569 0-33.941l22.667-22.667c9.357-9.357 24.522-9.375 33.901-.04L224 284.505l154.745-154.021c9.379-9.335 24.544-9.317 33.901.04l22.667 22.667c9.373 9.373 9.373 24.569 0 33.941L240.971 381.476c-9.373 9.372-24.569 9.372-33.942 0z\"><\/path><\/svg><\/div>\n\t\t\t\t<div class=\"elementor-toc__toggle-button elementor-toc__toggle-button--collapse\" role=\"button\" tabindex=\"0\" aria-controls=\"elementor-toc__1c30362\" aria-expanded=\"true\" aria-label=\"Close table of contents\"><svg aria-hidden=\"true\" class=\"e-font-icon-svg e-fas-chevron-up\" viewBox=\"0 0 448 512\" xmlns=\"http:\/\/www.w3.org\/2000\/svg\"><path d=\"M240.971 130.524l194.343 194.343c9.373 9.373 9.373 24.569 0 33.941l-22.667 22.667c-9.357 9.357-24.522 9.375-33.901.04L224 227.495 69.255 381.516c-9.379 9.335-24.544 9.317-33.901-.04l-22.667-22.667c-9.373-9.373-9.373-24.569 0-33.941L207.03 130.525c9.372-9.373 24.568-9.373 33.941-.001z\"><\/path><\/svg><\/div>\n\t\t\t\t\t<\/div>\n\t\t\t\t<div id=\"elementor-toc__1c30362\" class=\"elementor-toc__body\">\n\t\t\t<div class=\"elementor-toc__spinner-container\">\n\t\t\t\t<svg class=\"elementor-toc__spinner eicon-animation-spin e-font-icon-svg e-eicon-loading\" aria-hidden=\"true\" viewBox=\"0 0 1000 1000\" xmlns=\"http:\/\/www.w3.org\/2000\/svg\"><path d=\"M500 975V858C696 858 858 696 858 500S696 142 500 142 142 304 142 500H25C25 237 238 25 500 25S975 237 975 500 763 975 500 975Z\"><\/path><\/svg>\t\t\t<\/div>\n\t\t<\/div>\n\t\t\t\t\t\t<\/div>\n\t\t\t\t<\/div>\n\t\t\t\t\t<\/div>\n\t\t\t\t<\/div>\n\t\t<div class=\"elementor-element elementor-element-herorght0 e-con-full e-flex e-con e-child\" data-id=\"herorght0\" data-element_type=\"container\" data-e-type=\"container\">\n\t\t\t\t<div class=\"elementor-element elementor-element-heroimg00 iwg-hero-image elementor-widget elementor-widget-image\" data-id=\"heroimg00\" data-element_type=\"widget\" data-e-type=\"widget\" data-widget_type=\"image.default\">\n\t\t\t\t\t\t\t\t\t\t\t\t\t\t\t<img fetchpriority=\"high\" decoding=\"async\" width=\"683\" height=\"1024\" src=\"https:\/\/iwell-guard.com\/wp-content\/uploads\/2026\/04\/daemonen_christentum_legion-683x1024.webp\" class=\"attachment-large size-large wp-image-171138\" alt=\"Leg\u00ed\u00f3n - Dj\u00f6flar \u00far kristinni hef\u00f0, s\u00f6guleg-myndr\u00e6n framsetning\" srcset=\"https:\/\/iwell-guard.com\/wp-content\/uploads\/2026\/04\/daemonen_christentum_legion-683x1024.webp 683w, https:\/\/iwell-guard.com\/wp-content\/uploads\/2026\/04\/daemonen_christentum_legion-200x300.webp 200w, https:\/\/iwell-guard.com\/wp-content\/uploads\/2026\/04\/daemonen_christentum_legion-768x1152.webp 768w, https:\/\/iwell-guard.com\/wp-content\/uploads\/2026\/04\/daemonen_christentum_legion.webp 1024w\" sizes=\"(max-width: 683px) 100vw, 683px\" \/>\t\t\t\t\t\t\t\t\t\t\t\t\t\t\t<\/div>\n\t\t\t\t<\/div>\n\t\t\t\t\t<\/div>\n\t\t\t\t<\/div>\n\t\t<div class=\"elementor-element elementor-element-32917199 e-flex e-con-boxed e-con e-parent\" data-id=\"32917199\" data-element_type=\"container\" data-e-type=\"container\">\n\t\t\t\t\t<div class=\"e-con-inner\">\n\t\t<div class=\"elementor-element elementor-element-26e916cb e-flex e-con-boxed e-con e-child\" data-id=\"26e916cb\" data-element_type=\"container\" data-e-type=\"container\">\n\t\t\t\t\t<div class=\"e-con-inner\">\n\t\t<div class=\"elementor-element elementor-element-253a40d4 e-flex e-con-boxed e-con e-child\" data-id=\"253a40d4\" data-element_type=\"container\" data-e-type=\"container\">\n\t\t\t\t\t<div class=\"e-con-inner\">\n\t\t\t\t<div class=\"elementor-element elementor-element-1200c304 elementor-widget elementor-widget-heading\" data-id=\"1200c304\" data-element_type=\"widget\" data-e-type=\"widget\" data-widget_type=\"heading.default\">\n\t\t\t\t\t<div class=\"elementor-heading-title elementor-size-default\">Legion<\/div>\t\t\t\t<\/div>\n\t\t\t\t<div class=\"elementor-element elementor-element-11758e7f elementor-widget elementor-widget-text-editor\" data-id=\"11758e7f\" data-element_type=\"widget\" data-e-type=\"widget\" data-widget_type=\"text-editor.default\">\n\t\t\t\t\t\t\t\t\t<p>Legion er nafn \u00e1 h\u00f3pi dj\u00f6fla sem er tilgreindur sem heild \u00ed fr\u00e1s\u00f6gn N\u00fdja testamentisins um hinn andsetna mann fr\u00e1 Gerasa (Mk 5,1\u201320; Lk 8,26\u201339; Mt 8,28\u201334).<\/p><p>\u00deeir fara a\u00f0 skipan Jes\u00fa inn \u00ed sv\u00ednahj\u00f6r\u00f0, sem \u00fe\u00fdtur samstundis fram af og drukknar \u00ed hafinu. Atbur\u00f0urinn hefur or\u00f0i\u00f0 a\u00f0 fyrirmynd kristinnar dj\u00f6fla\u00fatdrifar og m\u00f3ta\u00f0 hugmyndina um sameiginlega andsetningu.<\/p><p>Nafni\u00f0 \u201eLegion&#8220; v\u00edsar til r\u00f3mverskrar hersveitar, allt a\u00f0 6.000 hermanna. \u00dear me\u00f0 er h\u00f3p- og fj\u00f6ldav\u00edddin \u00e1 fyrirb\u00e6rinu sk\u00fdrt sett fram. \u00cd s\u00ed\u00f0ari gu\u00f0fr\u00e6\u00f0ilegri og s\u00e1lfr\u00e6\u00f0ilegri t\u00falkun \u00fej\u00f3nar Legion sem fyrirmyndartilvik: andsetning sem margfeldi lagskiptra \u00e1taka, innri sundrung, upplausn pers\u00f3nuleikans. N\u00fat\u00edmas\u00e1lfr\u00e6\u00f0i um sundurgreiningarraskanir (dissociative disorders) n\u00fdtir fr\u00e1s\u00f6gnina \u00e1 stundum sem lei\u00f0arstef.<\/p><div><p><strong>Sams\u00f6guleg hef\u00f0 og p\u00f3lit\u00edsk merking<\/strong><\/p><p>Legion-fr\u00e1s\u00f6gnin kemur fyrir \u00ed \u00f6llum \u00feremur samstofna gu\u00f0spj\u00f6llunum (Mark\u00fasi 5,1\u201320; Matteusi 8,28\u201334; L\u00fakasi 8,26\u201339) og l\u00fdsir l\u00e6kningu andsetins manns \u00e1 sv\u00e6\u00f0i Gerasena (e\u00f0a Gadarena) \u00e1 austurstr\u00f6nd Genesaretvatns.<\/p><p>Meginatri\u00f0i\u00f0 er samtal Jes\u00fa og hins andsetna: Jes\u00fas spyr um nafn og svari\u00f0 er <em>Legion, \u00fev\u00ed v\u00e9r erum margir<\/em>. Or\u00f0i\u00f0 <em>Legion<\/em> (gr\u00edsku <em>legi\u014dn<\/em>, lat\u00ednu <em>legio<\/em>) \u00e1tti \u00e1 1. \u00f6ld vi\u00f0 um r\u00f3mverska hersveit me\u00f0 um 5.000 til 6.000 herm\u00f6nnum.<\/p><p><span data-nosnippet>S\u00fa sta\u00f0reynd a\u00f0 dj\u00f6fullinn nefnir sig sj\u00e1lfur me\u00f0 \u00feessu tiltekna or\u00f0i hefur \u00ed fr\u00e6\u00f0unum (Paul W. Hollenbach, <em>Jesus, Demoniacs, and Public Authorities<\/em>, 1981) leitt til p\u00f3lit\u00edskrar t\u00falkunar: fr\u00e1s\u00f6gnin geymi and-r\u00f3mverskan undirt\u00f3n, \u00fear sem r\u00f3mverska hervaldi\u00f0 er t\u00e1knr\u00e6nt hraki\u00f0 \u00e1 brott.<\/span><\/p><p>\u00deessa t\u00falkun taka Ched Myers (<em>Binding the Strong Man<\/em>, 1988) og John Dominic Crossan upp \u00ed s\u00ed\u00f0ari Jes\u00faranns\u00f3knum.<\/p><\/div>\t\t\t\t\t\t\t\t<\/div>\n\t\t\t\t\t<\/div>\n\t\t\t\t<\/div>\n\t\t<div class=\"elementor-element elementor-element-159dcf9a e-flex e-con-boxed e-con e-child\" data-id=\"159dcf9a\" data-element_type=\"container\" data-e-type=\"container\">\n\t\t\t\t\t<div class=\"e-con-inner\">\n\t\t\t\t<div class=\"elementor-element elementor-element-48cee66f elementor-widget elementor-widget-heading\" data-id=\"48cee66f\" data-element_type=\"widget\" data-e-type=\"widget\" data-widget_type=\"heading.default\">\n\t\t\t\t\t<h2 class=\"elementor-heading-title elementor-size-default\">\u00cd hnotskurn: Legion<\/h2>\t\t\t\t<\/div>\n\t\t\t\t<div class=\"elementor-element elementor-element-3f50d82c elementor-widget elementor-widget-text-editor\" data-id=\"3f50d82c\" data-element_type=\"widget\" data-e-type=\"widget\" data-widget_type=\"text-editor.default\">\n\t\t\t\t\t\t\t\t\t<p><strong>Tegund:<\/strong> Sameiginlegur <span class=\"iwg-fachbegriff\" data-tooltip=\"Andleg vera sem eignu\u00f0 er ska\u00f0leg e\u00f0a tv\u00edbent verkun.\" tabindex=\"0\">dj\u00f6full<\/span> (h\u00f3pur undir einu nafni)<br>Uppruni: Andsetni ma\u00f0urinn fr\u00e1 Gerasa<br>Textar: Mk 5, Mt 8, Lk 8, sk\u00fdringar kirkjufe\u00f0ra<br>T\u00edmabil: 1. \u00f6ld til n\u00fat\u00edmans<br><span class=\"iwg-fachbegriff\" data-tooltip=\"Endurteki\u00f0 innihaldslegt stef \u00ed list e\u00f0a fr\u00e1s\u00f6gn.\" tabindex=\"0\">Stef<\/span>: fyrirmynd margfaldrar andsetningar og kristinnar \u00fatdrifar<\/p>\t\t\t\t\t\t\t\t<\/div>\n\t\t\t\t\t<\/div>\n\t\t\t\t<\/div>\n\t\t\t\t\t<\/div>\n\t\t\t\t<\/div>\n\t\t\t\t\t<\/div>\n\t\t\t\t<\/div>\n\t\t<div class=\"elementor-element elementor-element-18613602 e-flex e-con-boxed e-con e-parent\" data-id=\"18613602\" data-element_type=\"container\" data-e-type=\"container\">\n\t\t\t\t\t<div class=\"e-con-inner\">\n\t\t\t\t<div class=\"elementor-element elementor-element-262b8a9f elementor-widget elementor-widget-heading\" data-id=\"262b8a9f\" data-element_type=\"widget\" data-e-type=\"widget\" data-widget_type=\"heading.default\">\n\t\t\t\t\t<h2 class=\"elementor-heading-title elementor-size-default\">Samhengi<\/h2>\t\t\t\t<\/div>\n\t\t<div class=\"elementor-element elementor-element-46dcb7d e-con-full e-flex e-con e-child\" data-id=\"46dcb7d\" data-element_type=\"container\" data-e-type=\"container\">\n\t\t<div class=\"elementor-element elementor-element-61d3ab3 e-flex e-con-boxed e-con e-child\" data-id=\"61d3ab3\" data-element_type=\"container\" data-e-type=\"container\">\n\t\t\t\t\t<div class=\"e-con-inner\">\n\t\t\t\t<div class=\"elementor-element elementor-element-117c166 elementor-widget elementor-widget-heading\" data-id=\"117c166\" data-element_type=\"widget\" data-e-type=\"widget\" data-widget_type=\"heading.default\">\n\t\t\t\t\t<div class=\"elementor-heading-title elementor-size-default\">T\u00edmabil textanna<\/div>\t\t\t\t<\/div>\n\t\t\t\t<div class=\"elementor-element elementor-element-73997a0 elementor-widget elementor-widget-text-editor\" data-id=\"73997a0\" data-element_type=\"widget\" data-e-type=\"widget\" data-widget_type=\"text-editor.default\">\n\t\t\t\t\t\t\t\t\t<p>Samstofna gu\u00f0spj\u00f6llin (Mk, Mt, Lk) greina fr\u00e1 atbur\u00f0inum; Mk 5 er talin elsta \u00fatg\u00e1fan. Sk\u00fdringar kirkjufe\u00f0ra (\u00d3r\u00edgenes, <span class=\"iwg-fachbegriff\" tabindex=\"0\" data-tooltip=\"\u00c1g\u00fast\u00ednus fr\u00e1 Hipp\u00f3 (354\u2013430); kirkjufa\u00f0ir, a\u00f0alverk J\u00e1tningar og Um borg Gu\u00f0s.\">\u00c1g\u00fast\u00ednus<\/span>) \u00fer\u00f3a t\u00falkunina \u00e1fram. N\u00fat\u00edma <span class=\"iwg-fachbegriff\" tabindex=\"0\" data-tooltip=\"V\u00edsindaleg sk\u00fdring tr\u00faarlegra texta me\u00f0 m\u00e1lfr\u00e6\u00f0ilegum, s\u00f6gulegum og gu\u00f0fr\u00e6\u00f0ilegum a\u00f0fer\u00f0um.\">textask\u00fdring<\/span> og s\u00e1lfr\u00e6\u00f0i v\u00edsa reglulega til Legion sem fyrirmyndartilvik.<\/p>\t\t\t\t\t\t\t\t<\/div>\n\t\t\t\t\t<\/div>\n\t\t\t\t<\/div>\n\t\t<div class=\"elementor-element elementor-element-d47b156 e-flex e-con-boxed e-con e-child\" data-id=\"d47b156\" data-element_type=\"container\" data-e-type=\"container\">\n\t\t\t\t\t<div class=\"e-con-inner\">\n\t\t\t\t<div class=\"elementor-element elementor-element-ff38c2b elementor-widget elementor-widget-heading\" data-id=\"ff38c2b\" data-element_type=\"widget\" data-e-type=\"widget\" data-widget_type=\"heading.default\">\n\t\t\t\t\t<div class=\"elementor-heading-title elementor-size-default\">\u00datbrei\u00f0slusv\u00e6\u00f0i<\/div>\t\t\t\t<\/div>\n\t\t\t\t<div class=\"elementor-element elementor-element-4e49fcc elementor-widget elementor-widget-text-editor\" data-id=\"4e49fcc\" data-element_type=\"widget\" data-e-type=\"widget\" data-widget_type=\"text-editor.default\">\n\t\t\t\t\t\t\t\t\t<p>Gerasa \u00e1 austurstr\u00f6nd Genesaretvatns (n\u00fa \u00ed J\u00f3rdan\u00edu) er s\u00f6gusvi\u00f0i\u00f0. \u00cd kristnu tr\u00fabo\u00f0i og <span class=\"iwg-fachbegriff\" data-tooltip=\"Tr\u00faari\u00f0kun sem lifir \u00ed daglegu l\u00edfi, oft samhli\u00f0a opinberri kenningu.\" tabindex=\"0\">al\u00fe\u00fd\u00f0utr\u00fa<\/span> um allan heim er sagan vi\u00f0h\u00f6f\u00f0 sem d\u00e6misaga.<\/p>\t\t\t\t\t\t\t\t<\/div>\n\t\t\t\t\t<\/div>\n\t\t\t\t<\/div>\n\t\t\t\t<\/div>\n\t\t<div class=\"elementor-element elementor-element-db03c39 e-con-full e-flex e-con e-child\" data-id=\"db03c39\" data-element_type=\"container\" data-e-type=\"container\">\n\t\t<div class=\"elementor-element elementor-element-229a87b e-flex e-con-boxed e-con e-child\" data-id=\"229a87b\" data-element_type=\"container\" data-e-type=\"container\">\n\t\t\t\t\t<div class=\"e-con-inner\">\n\t\t\t\t<div class=\"elementor-element elementor-element-1f471fc elementor-widget elementor-widget-heading\" data-id=\"1f471fc\" data-element_type=\"widget\" data-e-type=\"widget\" data-widget_type=\"heading.default\">\n\t\t\t\t\t<div class=\"elementor-heading-title elementor-size-default\">Heimildasta\u00f0a<\/div>\t\t\t\t<\/div>\n\t\t\t\t<div class=\"elementor-element elementor-element-36b1201 elementor-widget elementor-widget-text-editor\" data-id=\"36b1201\" data-element_type=\"widget\" data-e-type=\"widget\" data-widget_type=\"text-editor.default\">\n\t\t\t\t\t\t\t\t\t<p>Samstofna gu\u00f0spj\u00f6ll, r\u00e6\u00f0ur kirkjufe\u00f0ra, d\u00e6mis\u00f6gur mi\u00f0alda, myndl\u00fdsingar, n\u00fat\u00edma textask\u00fdring, s\u00e1lgreinandi-s\u00e1lfr\u00e6\u00f0ilegar t\u00falkanir (Jung o.fl.).<\/p>\t\t\t\t\t\t\t\t<\/div>\n\t\t\t\t\t<\/div>\n\t\t\t\t<\/div>\n\t\t\t\t<\/div>\n\t\t\t\t\t<\/div>\n\t\t\t\t<\/div>\n\t\t<div class=\"elementor-element elementor-element-3ae0637c e-flex e-con-boxed e-con e-parent\" data-id=\"3ae0637c\" data-element_type=\"container\" data-e-type=\"container\">\n\t\t\t\t\t<div class=\"e-con-inner\">\n\t\t\t\t<div class=\"elementor-element elementor-element-31d07739 elementor-widget elementor-widget-heading\" data-id=\"31d07739\" data-element_type=\"widget\" data-e-type=\"widget\" data-widget_type=\"heading.default\">\n\t\t\t\t\t<h2 class=\"elementor-heading-title elementor-size-default\">Nafn og merking<\/h2>\t\t\t\t<\/div>\n\t\t<div class=\"elementor-element elementor-element-b7642947 e-con-full e-flex e-con e-child\" data-id=\"b7642947\" data-element_type=\"container\" data-e-type=\"container\">\n\t\t\t\t<div class=\"elementor-element elementor-element-a086266 elementor-widget elementor-widget-text-editor\" data-id=\"a086266\" data-element_type=\"widget\" data-e-type=\"widget\" data-widget_type=\"text-editor.default\">\n\t\t\t\t\t\t\t\t\t<p><strong>Gr\u00edska:<\/strong> <em>Legi\u014dn<\/em>, af lat\u00ednu <em>legio<\/em>.<br>Samhengi: Hinn andsetni var ekki einn dj\u00f6full, heldur heild, \u201e\u00fev\u00ed v\u00e9r erum margir&#8220; (Mk 5,9). Nafni\u00f0 er \u00fev\u00ed starfsheiti, ekki eiginnafn einstaks dj\u00f6fuls.<\/p><p>Talan \u201eLegion&#8220; v\u00edsar samt\u00edmis til r\u00f3mverska hervaldsins. \u00cd n\u00fat\u00edma p\u00f3stk\u00f3l\u00f3n\u00edskri textask\u00fdringu er dregi\u00f0 fram hi\u00f0 p\u00f3lit\u00edska sj\u00f3narhorn, \u00fear sem Legion er <span class=\"iwg-fachbegriff\" data-tooltip=\"T\u00e1kn sem stendur fyrir hugmynd e\u00f0a merkingu.\" tabindex=\"0\">t\u00e1kn<\/span> fyrir r\u00f3mverska yfirr\u00e1\u00f0i\u00f0 sem \u201ehersat&#8220; landi\u00f0.<\/p>\t\t\t\t\t\t\t\t<\/div>\n\t\t\t\t<\/div>\n\t\t\t\t\t<\/div>\n\t\t\t\t<\/div>\n\t\t<div class=\"elementor-element elementor-element-709a44a8 e-flex e-con-boxed e-con e-parent\" data-id=\"709a44a8\" data-element_type=\"container\" data-e-type=\"container\">\n\t\t\t\t\t<div class=\"e-con-inner\">\n\t\t\t\t<div class=\"elementor-element elementor-element-2f585873 elementor-widget elementor-widget-heading\" data-id=\"2f585873\" data-element_type=\"widget\" data-e-type=\"widget\" data-widget_type=\"heading.default\">\n\t\t\t\t\t<h2 class=\"elementor-heading-title elementor-size-default\">Einkenni<\/h2>\t\t\t\t<\/div>\n\t\t<div class=\"elementor-element elementor-element-70621c12 e-con-full e-flex e-con e-child\" data-id=\"70621c12\" data-element_type=\"container\" data-e-type=\"container\">\n\t\t\t\t<div class=\"elementor-element elementor-element-4296eb49 elementor-widget elementor-widget-text-editor\" data-id=\"4296eb49\" data-element_type=\"widget\" data-e-type=\"widget\" data-widget_type=\"text-editor.default\">\n\t\t\t\t\t\t\t\t\t<p><strong>\u00c1s\u00fdnd<\/strong><\/p><p>Engin s\u00e9rst\u00f6k myndhef\u00f0 er tengd Legion. \u00c1vallt er svi\u00f0i\u00f0 sj\u00e1lft s\u00fdnt: Jes\u00fas \u00e1 str\u00f6ndinni, hinn andsetni innan um grafirnar, sv\u00ednahj\u00f6r\u00f0in sem hleypur \u00fat \u00ed hafi\u00f0.<\/p><p><strong>Heg\u00f0un<\/strong><\/p><p>Hinn andsetni b\u00fdr \u00ed klettagr\u00f6fum, er ekki lengur unnt a\u00f0 binda, hr\u00f3par n\u00f3tt og dag og sker sig me\u00f0 steinum. Eftir andsetningarreksturinn: heilbrig\u00f0ur, kl\u00e6ddur, me\u00f0 fullu r\u00e1\u00f0i.<\/p><p><strong>Verkunarsvi\u00f0<\/strong><\/p><p>Einstaklingur sem ver\u00f0ur bur\u00f0arberi sameiginlegrar andsetningar. T\u00e1knr\u00e6nt fyrir ey\u00f0ingu samf\u00e9lagslegra tengsla (l\u00edf \u00ed gr\u00f6fum), l\u00edkamlegt sj\u00e1lfsska\u00f0aath\u00e6fi, einangrun.<\/p><p><strong>Fr\u00e1sagnarhlutverk<\/strong><\/p><p>Fyrsti sk\u00fdrt m\u00f3ta\u00f0i <span class=\"iwg-fachbegriff\" data-tooltip=\"Rit\u00faal\u00edsk brottrekstur anda e\u00f0a d\u00e6mons sem talinn er ska\u00f0legur.\" tabindex=\"0\">exorsismi<\/span> Jes\u00fa \u00ed Mark\u00fasargu\u00f0spjalli og \u00fear me\u00f0 grunnur kristinnar exorsismuhef\u00f0ar. Sv\u00ednahj\u00f6r\u00f0in undirstrikar raunveruleika d\u00e6m\u00f3nanna (\u00feeir halda \u00e1fram a\u00f0 verka, jafnvel eftir brottreksturinn) og a\u00f0 \u00feeim megi \u00fatr\u00fdma.<\/p><div><p><strong>Umfj\u00f6llun kirkjufe\u00f0ra og mi\u00f0alda<\/strong><\/p><p>\u00d3rigenes t\u00falkar Legion-fr\u00e1s\u00f6gnina \u00ed Mark\u00fasarumfj\u00f6llun sinni \u00e1 l\u00edkingam\u00e1li: fj\u00f6ldi d\u00e6m\u00f3nanna svarar til hinna m\u00f6rgu synda sem gera einn mann a\u00f0 m\u00f6rgum, me\u00f0an l\u00e6knunin merkir endursameiningu pers\u00f3nunnar \u00ed Kristi. \u00deessi l\u00edkingask\u00fdring er sta\u00f0alvenja \u00ed hef\u00f0 kirkjufe\u00f0ranna.<\/p><p><span data-nosnippet>\u00cd mi\u00f0aldalegri <span class=\"iwg-fachbegriff\" tabindex=\"0\" data-tooltip=\"Tr\u00faarhugmyndir utan hinnar opinberu gu\u00f0fr\u00e6\u00f0i, oft me\u00f0 samruna \u00fdmissa hef\u00f0a.\">\u00fej\u00f3\u00f0gu\u00f0fr\u00e6\u00f0i<\/span> ver\u00f0ur Legion frumger\u00f0 marg\u00fe\u00e6ttrar andsetningar, \u00fear sem margir d\u00e6m\u00f3nar taka s\u00e9r b\u00f3lfestu \u00ed einum manni. <span class=\"iwg-fachbegriff\" data-tooltip=\"Rit\u00faal\u00edsk brottrekstur anda e\u00f0a d\u00e6mons sem talinn er ska\u00f0legur.\" tabindex=\"0\">Exorsismi<\/span>-kerfi <em>Rituale Romanum<\/em> (1614) m\u00e6lir fyrir um s\u00e9rstaka spurningara\u00f0fer\u00f0 \u00ed sl\u00edkum tilvikum, \u00fear sem fj\u00f6ldi, n\u00f6fn og a\u00f0st\u00e6\u00f0ur innkomu d\u00e6m\u00f3nanna skulu k\u00f6nnu\u00f0.<\/span><\/p><\/div>\t\t\t\t\t\t\t\t<\/div>\n\t\t\t\t<\/div>\n\t\t\t\t\t<\/div>\n\t\t\t\t<\/div>\n\t\t<div class=\"elementor-element elementor-element-44e71476 e-flex e-con-boxed e-con e-parent\" data-id=\"44e71476\" data-element_type=\"container\" data-e-type=\"container\">\n\t\t\t\t\t<div class=\"e-con-inner\">\n\t\t\t\t<div class=\"elementor-element elementor-element-3c1fc3f0 elementor-widget elementor-widget-heading\" data-id=\"3c1fc3f0\" data-element_type=\"widget\" data-e-type=\"widget\" data-widget_type=\"heading.default\">\n\t\t\t\t\t<h2 class=\"elementor-heading-title elementor-size-default\">Yfirlit: Legion<\/h2>\t\t\t\t<\/div>\n\t\t<div class=\"elementor-element elementor-element-84f33b8e e-con-full e-flex e-con e-child\" data-id=\"84f33b8e\" data-element_type=\"container\" data-e-type=\"container\">\n\t\t\t\t<div class=\"elementor-element elementor-element-hqkdc67p elementor-widget elementor-widget-text-editor\" data-id=\"hqkdc67p\" data-element_type=\"widget\" data-e-type=\"widget\" data-widget_type=\"text-editor.default\">\n\t\t\t\t\t\t\t\t\t<p>Mikilv\u00e6gustu einkenni Legion \u00ed hnotskurn.<\/p>\t\t\t\t\t\t\t\t<\/div>\n\t\t\t\t<\/div>\n\t\t<div class=\"elementor-element elementor-element-pemmx7c5 e-con-full e-flex e-con e-child\" data-id=\"pemmx7c5\" data-element_type=\"container\" data-e-type=\"container\">\n\t\t<div class=\"elementor-element elementor-element-pemmx7c1 e-con-full e-flex e-con e-child\" data-id=\"pemmx7c1\" data-element_type=\"container\" data-e-type=\"container\">\n\t\t<div class=\"elementor-element elementor-element-qh9oavvu iwg-steckbrief-card e-flex e-con-boxed e-con e-child\" data-id=\"qh9oavvu\" data-element_type=\"container\" data-e-type=\"container\">\n\t\t\t\t\t<div class=\"e-con-inner\">\n\t\t\t\t<div class=\"elementor-element elementor-element-awzx8k2k elementor-widget elementor-widget-heading\" data-id=\"awzx8k2k\" data-element_type=\"widget\" data-e-type=\"widget\" data-widget_type=\"heading.default\">\n\t\t\t\t\t<div class=\"elementor-heading-title elementor-size-default\">Hef\u00f0<\/div>\t\t\t\t<\/div>\n\t\t\t\t<div class=\"elementor-element elementor-element-x6rowhv0 elementor-widget elementor-widget-text-editor\" data-id=\"x6rowhv0\" data-element_type=\"widget\" data-e-type=\"widget\" data-widget_type=\"text-editor.default\">\n\t\t\t\t\t\t\t\t\t<p>Ekki einn d\u00e6mon heldur heild (&#8222;\u00fev\u00ed v\u00e9r erum margir&#8220;). Nafni\u00f0 \u201eLegion\u201c er dregi\u00f0 af r\u00f3mverska hernum, sem gat tali\u00f0 upp \u00ed 6.000 hermenn.<\/p>\t\t\t\t\t\t\t\t<\/div>\n\t\t\t\t\t<\/div>\n\t\t\t\t<\/div>\n\t\t<div class=\"elementor-element elementor-element-8e3o4kxs iwg-steckbrief-card e-flex e-con-boxed e-con e-child\" data-id=\"8e3o4kxs\" data-element_type=\"container\" data-e-type=\"container\">\n\t\t\t\t\t<div class=\"e-con-inner\">\n\t\t\t\t<div class=\"elementor-element elementor-element-08rkdgov elementor-widget elementor-widget-heading\" data-id=\"08rkdgov\" data-element_type=\"widget\" data-e-type=\"widget\" data-widget_type=\"heading.default\">\n\t\t\t\t\t<div class=\"elementor-heading-title elementor-size-default\">Skotmark Legion<\/div>\t\t\t\t<\/div>\n\t\t\t\t<div class=\"elementor-element elementor-element-uwjelx8s elementor-widget elementor-widget-text-editor\" data-id=\"uwjelx8s\" data-element_type=\"widget\" data-e-type=\"widget\" data-widget_type=\"text-editor.default\">\n\t\t\t\t\t\t\t\t\t<p>Einstaklingar sem ver\u00f0a bur\u00f0arberar marg\u00fe\u00e6ttrar andsetningar. \u00cd s\u00ed\u00f0ari s\u00e1lfr\u00e6\u00f0ilegri t\u00falkun: samhengisleysis\u00e1stand og pers\u00f3nuklofningur.<\/p>\t\t\t\t\t\t\t\t<\/div>\n\t\t\t\t\t<\/div>\n\t\t\t\t<\/div>\n\t\t<div class=\"elementor-element elementor-element-jm2n74ec iwg-steckbrief-card e-flex e-con-boxed e-con e-child\" data-id=\"jm2n74ec\" data-element_type=\"container\" data-e-type=\"container\">\n\t\t\t\t\t<div class=\"e-con-inner\">\n\t\t\t\t<div class=\"elementor-element elementor-element-8vufse4c elementor-widget elementor-widget-heading\" data-id=\"8vufse4c\" data-element_type=\"widget\" data-e-type=\"widget\" data-widget_type=\"heading.default\">\n\t\t\t\t\t<div class=\"elementor-heading-title elementor-size-default\">Form<\/div>\t\t\t\t<\/div>\n\t\t\t\t<div class=\"elementor-element elementor-element-mwb9u015 elementor-widget elementor-widget-text-editor\" data-id=\"mwb9u015\" data-element_type=\"widget\" data-e-type=\"widget\" data-widget_type=\"text-editor.default\">\n\t\t\t\t\t\t\t\t\t<p>Engin s\u00e9rst\u00f6k <span class=\"iwg-fachbegriff\" data-tooltip=\"Fr\u00e6\u00f0igrein um myndefni og merkingu \u00feess.\" tabindex=\"0\">helgimyndafr\u00e6\u00f0i<\/span>; \u00e1vallt er svi\u00f0i\u00f0 s\u00fdnt, Jes\u00fas, hinn andsetni, sv\u00ednahj\u00f6r\u00f0in sem hleypur \u00fat \u00ed hafi\u00f0.<\/p>\t\t\t\t\t\t\t\t<\/div>\n\t\t\t\t\t<\/div>\n\t\t\t\t<\/div>\n\t\t\t\t<\/div>\n\t\t<div class=\"elementor-element elementor-element-pemmx7c2 e-con-full e-flex e-con e-child\" data-id=\"pemmx7c2\" data-element_type=\"container\" data-e-type=\"container\">\n\t\t<div class=\"elementor-element elementor-element-37ss2yr6 iwg-steckbrief-card e-flex e-con-boxed e-con e-child\" data-id=\"37ss2yr6\" data-element_type=\"container\" data-e-type=\"container\">\n\t\t\t\t\t<div class=\"e-con-inner\">\n\t\t\t\t<div class=\"elementor-element elementor-element-3v0wp3wx elementor-widget elementor-widget-heading\" data-id=\"3v0wp3wx\" data-element_type=\"widget\" data-e-type=\"widget\" data-widget_type=\"heading.default\">\n\t\t\t\t\t<div class=\"elementor-heading-title elementor-size-default\">Hlutverk<\/div>\t\t\t\t<\/div>\n\t\t\t\t<div class=\"elementor-element elementor-element-w3247g2m elementor-widget elementor-widget-text-editor\" data-id=\"w3247g2m\" data-element_type=\"widget\" data-e-type=\"widget\" data-widget_type=\"text-editor.default\">\n\t\t\t\t\t\t\t\t\t<p>Veldur r\u00f3tt\u00e6kri f\u00e9lagslegri og l\u00edkamlegri einangrun: l\u00edf \u00ed gr\u00f6fum, sj\u00e1lfsska\u00f0aath\u00e6fi, vanh\u00e6fni til a\u00f0 tala e\u00f0a sofa.<\/p>\t\t\t\t\t\t\t\t<\/div>\n\t\t\t\t\t<\/div>\n\t\t\t\t<\/div>\n\t\t<div class=\"elementor-element elementor-element-0qpjal9w iwg-steckbrief-card e-flex e-con-boxed e-con e-child\" data-id=\"0qpjal9w\" data-element_type=\"container\" data-e-type=\"container\">\n\t\t\t\t\t<div class=\"e-con-inner\">\n\t\t\t\t<div class=\"elementor-element elementor-element-6ndoih0o elementor-widget elementor-widget-heading\" data-id=\"6ndoih0o\" data-element_type=\"widget\" data-e-type=\"widget\" data-widget_type=\"heading.default\">\n\t\t\t\t\t<div class=\"elementor-heading-title elementor-size-default\">Verndargripir<\/div>\t\t\t\t<\/div>\n\t\t\t\t<div class=\"elementor-element elementor-element-6684tyh9 elementor-widget elementor-widget-text-editor\" data-id=\"6684tyh9\" data-element_type=\"widget\" data-e-type=\"widget\" data-widget_type=\"text-editor.default\">\n\t\t\t\t\t\t\t\t\t<p>Bein exors\u00edsk skipun Jes\u00fa. \u00cd kirkjulegri hef\u00f0 fyrirmyndartilvik fyrir exorsisma-rit\u00faal: \u00e1kall, spurning um nafn, skipun um brottrekstur.<\/p>\t\t\t\t\t\t\t\t<\/div>\n\t\t\t\t\t<\/div>\n\t\t\t\t<\/div>\n\t\t<div class=\"elementor-element elementor-element-3lfi7x32 iwg-steckbrief-card e-flex e-con-boxed e-con e-child\" data-id=\"3lfi7x32\" data-element_type=\"container\" data-e-type=\"container\">\n\t\t\t\t\t<div class=\"e-con-inner\">\n\t\t\t\t<div class=\"elementor-element elementor-element-0kg99ga1 elementor-widget elementor-widget-heading\" data-id=\"0kg99ga1\" data-element_type=\"widget\" data-e-type=\"widget\" data-widget_type=\"heading.default\">\n\t\t\t\t\t<div class=\"elementor-heading-title elementor-size-default\">Hli\u00f0st\u00e6\u00f0ur<\/div>\t\t\t\t<\/div>\n\t\t\t\t<div class=\"elementor-element elementor-element-n0fum6kp elementor-widget elementor-widget-text-editor\" data-id=\"n0fum6kp\" data-element_type=\"widget\" data-e-type=\"widget\" data-widget_type=\"text-editor.default\">\n\t\t\t\t\t\t\t\t\t<p><a href=\"https:\/\/iwell-guard.com\/is\/?page_id=168610\">Dybbuk<\/a> (j\u00f3\u00f0\u00edsk andsetning), Jinn-andsetning (\u00edslamsk), b\u00fadd\u00edsk andsetningarhugt\u00f6k, n\u00fat\u00edma samhengisleysisraskanir.<\/p>\t\t\t\t\t\t\t\t<\/div>\n\t\t\t\t\t<\/div>\n\t\t\t\t<\/div>\n\t\t\t\t<\/div>\n\t\t\t\t<\/div>\n\t\t\t\t\t<\/div>\n\t\t\t\t<\/div>\n\t\t<div class=\"elementor-element elementor-element-7533bc7a e-flex e-con-boxed e-con e-parent\" data-id=\"7533bc7a\" data-element_type=\"container\" data-e-type=\"container\">\n\t\t\t\t\t<div class=\"e-con-inner\">\n\t\t\t\t<div class=\"elementor-element elementor-element-2447d18d elementor-widget elementor-widget-heading\" data-id=\"2447d18d\" data-element_type=\"widget\" data-e-type=\"widget\" data-widget_type=\"heading.default\">\n\t\t\t\t\t<h2 class=\"elementor-heading-title elementor-size-default\">M\u00f3ttaka<\/h2>\t\t\t\t<\/div>\n\t\t<div class=\"elementor-element elementor-element-d5d0260c e-con-full e-flex e-con e-child\" data-id=\"d5d0260c\" data-element_type=\"container\" data-e-type=\"container\">\n\t\t\t\t<div class=\"elementor-element elementor-element-341be2ac elementor-widget elementor-widget-text-editor\" data-id=\"341be2ac\" data-element_type=\"widget\" data-e-type=\"widget\" data-widget_type=\"text-editor.default\">\n\t\t\t\t\t\t\t\t\t<p><strong>Kirkjufe\u00f0ur og mi\u00f0aldir<\/strong><\/p><p>\u00d3rigenes t\u00falkar Legion l\u00edkingalega sem fj\u00f6lda syndavana; \u00c1g\u00fast\u00ednus telur atbur\u00f0inn sanna raunverulegt vald Krists yfir d\u00e6m\u00f3num. Mi\u00f0aldad\u00e6mis\u00f6gur nota svi\u00f0i\u00f0 sem fyrirmyndartilvik andlegrar frelsunar.<\/p><p><strong>N\u00fat\u00edminn<\/strong><\/p><p>S\u00e1lgreining og dj\u00faps\u00e1larfr\u00e6\u00f0i t\u00falka Legion sem mynd innri sundrungar. N\u00fdlendup\u00f3stkristin t\u00falkun s\u00e9r \u00ed t\u00f6lunni r\u00f3mverska hersetuvaldi\u00f0. Kvikmyndatitillinn <em>Legion<\/em> (1998) er a\u00f0eins eitt af m\u00f6rgum poppk\u00falt\u00farlegum eftirm\u00e1lum.<\/p><p><strong>Exorsisma-framkv\u00e6md<\/strong><\/p><p>Spurningin \u201eHva\u00f0 er nafn \u00feitt?\u201c (Mark. 5,9) er enn \u00ed dag notu\u00f0 sem mi\u00f0l\u00e6gur \u00fe\u00e1ttur \u00ed Rituale Romanum. Krafan um nafn er talin klass\u00edskt t\u00e6ki til a\u00f0 \u00feekkja og reka d\u00e6m\u00f3na \u00e1 brott.<\/p>\t\t\t\t\t\t\t\t<\/div>\n\t\t\t\t<\/div>\n\t\t\t\t\t<\/div>\n\t\t\t\t<\/div>\n\t\t<div class=\"elementor-element elementor-element-5a584676 e-flex e-con-boxed e-con e-parent\" data-id=\"5a584676\" data-element_type=\"container\" data-e-type=\"container\">\n\t\t\t\t\t<div class=\"e-con-inner\">\n\t\t\t\t<div class=\"elementor-element elementor-element-6d0757bf elementor-widget elementor-widget-heading\" data-id=\"6d0757bf\" data-element_type=\"widget\" data-e-type=\"widget\" data-widget_type=\"heading.default\">\n\t\t\t\t\t<h2 class=\"elementor-heading-title elementor-size-default\">Hli\u00f0st\u00e6\u00f0ur<\/h2>\t\t\t\t<\/div>\n\t\t<div class=\"elementor-element elementor-element-60563f68 e-con-full e-flex e-con e-child\" data-id=\"60563f68\" data-element_type=\"container\" data-e-type=\"container\">\n\t\t\t\t<div class=\"elementor-element elementor-element-5a93fdd6 elementor-widget elementor-widget-text-editor\" data-id=\"5a93fdd6\" data-element_type=\"widget\" data-e-type=\"widget\" data-widget_type=\"text-editor.default\">\n\t\t\t\t\t\t\t\t\t<p><strong>J\u00f3\u00f0\u00edsk hef\u00f0<\/strong><\/p><p><a href=\"https:\/\/iwell-guard.com\/is\/?page_id=168610\">Dybbuk<\/a> sem andsetningarandi er n\u00e1nasta byggingarlega hli\u00f0st\u00e6\u00f0an. B\u00e6\u00f0i hef\u00f0irnar \u00feekkja spurninguna um nafni\u00f0 sem mi\u00f0l\u00e6gt t\u00e6ki <span class=\"iwg-fachbegriff\" data-tooltip=\"Rit\u00faal\u00edsk brottrekstur anda e\u00f0a d\u00e6mons sem talinn er ska\u00f0legur.\" tabindex=\"0\">exorsisma<\/span>.<\/p><p><strong>\u00cdsl\u00f6msk hef\u00f0:<\/strong> Andsetning af Jinn, me\u00f0 Ruqya sem brottreksturrit\u00faal. Hagn\u00fdtt hli\u00f0st\u00e6\u00f0, gu\u00f0fr\u00e6\u00f0ilega sj\u00e1lfst\u00e6\u00f0.<\/p><p><strong>Veraldlegar t\u00falkanir:<\/strong> Samhengisleysispers\u00f3nur\u00f6skun (\u201efj\u00f6lpers\u00f3nuleiki\u201c) n\u00fat\u00edma ge\u00f0l\u00e6knisfr\u00e6\u00f0i er hin veraldlega arftaki. Grunnhugmyndin um innri margbreytileika lifir \u00e1fram.<\/p><div><p><strong>Samanbur\u00f0ar-<span class=\"iwg-fachbegriff\" data-tooltip=\"Fr\u00e6\u00f0igreinin sem rannsakar tr\u00faarbr\u00f6g\u00f0 samanbur\u00f0arlega og \u00e1n tr\u00faarlegrar bindingar.\" tabindex=\"0\">tr\u00faarbrag\u00f0afr\u00e6\u00f0i<\/span><\/strong><\/p><p><span data-nosnippet>Byggingarlega tengd eru j\u00f3\u00f0\u00edska Dybbuk-hef\u00f0in (\u00fatf\u00e6r\u00f0 \u00ed kabbal\u00edskum ritum fr\u00e1 16. \u00f6ld, me\u00f0 h\u00f6fu\u00f0ritinu eftir <span class=\"iwg-fachbegriff\" tabindex=\"0\" data-tooltip=\"\u00cdsraelskur tr\u00faarbrag\u00f0asagnfr\u00e6\u00f0ingur (1897\u20131982); frumkv\u00f6\u00f0ull n\u00fat\u00edma kabbalaranns\u00f3kna.\">Gershom Scholem<\/span>, <em>\u00dcber einige Grundbegriffe des Judentums<\/em>, 1970) og \u00edsl\u00f6msk hef\u00f0 Jinn-andsetningar. B\u00e6\u00f0i \u00feekkja fyrirb\u00e6ri marg\u00fe\u00e6ttrar andsetningar, \u00e1n \u00feess a\u00f0 nota s\u00e9rstakt Legion-hugtak.<\/span><\/p><p>Ha\u00edt\u00edsk vodou-hef\u00f0 \u00feekkir fyrirb\u00e6ri\u00f0 \u201emont\u00e9\u201c, \u00fear sem margir Lwa r\u00ed\u00f0a manni hver eftir annan. Afr\u00f3-brasil\u00edska Candombl\u00e9-hef\u00f0in \u00feekkir hli\u00f0st\u00e6tt hald \u00fdmissa Orix\u00e1. \u00cd heildarmynd tr\u00faarbrag\u00f0as\u00f6gunnar er fyrirb\u00e6ri marg\u00fe\u00e6ttrar andsetningar skjalfest \u00ed n\u00e6r \u00f6llum \u00fer\u00f3u\u00f0um menningarheimum, hvert me\u00f0 s\u00edna eigin hugtakanotkun og rit\u00faalme\u00f0fer\u00f0. Kristin-evangel\u00edsk Legion-fr\u00e1s\u00f6gnin er einstakt tilvik \u00ed v\u00ed\u00f0u tr\u00faarbrag\u00f0afyrirb\u00e6rasvi\u00f0i.<\/p><\/div>\t\t\t\t\t\t\t\t<\/div>\n\t\t\t\t<\/div>\n\t\t\t\t\t<\/div>\n\t\t\t\t<\/div>\n\t\t<div class=\"elementor-element elementor-element-cp66b8cee e-flex e-con-boxed e-con e-parent\" data-id=\"cp66b8cee\" data-element_type=\"container\" data-e-type=\"container\">\n\t\t\t\t\t<div class=\"e-con-inner\">\n\t\t\t\t<div class=\"elementor-element elementor-element-cp7f10273 elementor-widget elementor-widget-heading\" data-id=\"cp7f10273\" data-element_type=\"widget\" data-e-type=\"widget\" data-widget_type=\"heading.default\">\n\t\t\t\t\t<h2 class=\"elementor-heading-title elementor-size-default\">Hinn andsetni fr\u00e1 Gerasa \u00ed sm\u00e1atri\u00f0um<\/h2>\t\t\t\t<\/div>\n\t\t<div class=\"elementor-element elementor-element-cp15be3db e-con-full e-flex e-con e-child\" data-id=\"cp15be3db\" data-element_type=\"container\" data-e-type=\"container\">\n\t\t\t\t<div class=\"elementor-element elementor-element-cpf697bcc elementor-widget elementor-widget-text-editor\" data-id=\"cpf697bcc\" data-element_type=\"widget\" data-e-type=\"widget\" data-widget_type=\"text-editor.default\">\n\t\t\t\t\t\t\t\t\t<p>Eini sta\u00f0urinn \u00ed N\u00fdja testamentinu \u00fear sem nafni\u00f0 Leg\u00ed\u00f3n kemur fyrir er fr\u00e1s\u00f6gnin af hinum haldna manni \u00ed landi Gerasena.<\/p><p>H\u00fan er a\u00f0 finna hj\u00e1 <em>Mark\u00fasi<\/em> 5,1 til 20, \u00ed styttri mynd hj\u00e1 <em>L\u00fakasi<\/em> 8,26 til 39 og mj\u00f6g stytt hj\u00e1 <em>Matteusi<\/em> 8,28 til 34, \u00fear sem um tvo haldna menn er a\u00f0 r\u00e6\u00f0a. Mark\u00fas gefur \u00edtarlegustu \u00fatg\u00e1funa og meirihluti fr\u00e6\u00f0imanna telur hana elsta.<\/p><p>Mark\u00fas l\u00fdsir manninum sem einhverjum sem b\u00fdr \u00e1 me\u00f0al grafhella, sem enginn fj\u00f6tur getur haldi\u00f0 og sem berst grj\u00f3ti \u00e1 sj\u00e1lfan sig dag og n\u00f3tt. \u00deegar Jes\u00fas spyr hann a\u00f0 nafni svarar hinn \u00f3hreini <span class=\"iwg-fachbegriff\" data-tooltip=\"L\u00edkamalaus vera sem talin er hafa \u00e1hrif \u00ed heiminum.\" tabindex=\"0\">andi<\/span>: Leg\u00ed\u00f3n er nafn mitt, \u00fev\u00ed vi\u00f0 erum margir.<\/p><p><span class=\"iwg-fachbegriff\" data-tooltip=\"L\u00edkamalaus vera sem talin er hafa \u00e1hrif \u00ed heiminum.\" tabindex=\"0\">Andinn<\/span> bi\u00f0ur um a\u00f0 f\u00e1 ekki a\u00f0 vera rekinn burt \u00far h\u00e9ra\u00f0inu, heldur a\u00f0 f\u00e1 a\u00f0 fara \u00ed sv\u00ednahj\u00f6r\u00f0. Jes\u00fas leyfir \u00fea\u00f0 og um \u00fea\u00f0 bil tv\u00f6 \u00fe\u00fasund sv\u00edn steypa s\u00e9r ni\u00f0ur hl\u00ed\u00f0ina \u00ed hafi\u00f0 og drukkna. Hinn l\u00e6kna\u00f0i ma\u00f0ur situr eftir \u00feetta kl\u00e6ddur og me\u00f0 fulla r\u00e6nu vi\u00f0 f\u00e6tur Jes\u00fa.<\/p><p>Athygli vekur n\u00e1kv\u00e6mt or\u00f0aval. <em>Leg\u00ed\u00f3n<\/em> er hvorki hebreskt n\u00e9 arameiskt or\u00f0, heldur latneskt t\u00f6kuor\u00f0 yfir st\u00e6rstu herdeild r\u00f3mverska hersins, nokkur \u00fe\u00fasund manns. Fj\u00f6ldi sv\u00ednanna samsvarar nokkurn veginn li\u00f0sstyrk einnar leg\u00ed\u00f3nar.<\/p><p>Margir t\u00falkendur, me\u00f0al annars \u00ed hef\u00f0 Gerd Thei\u00dfen, lesa \u00feetta m\u00e1lfar sem me\u00f0vita\u00f0a v\u00edsun til r\u00f3mverska hern\u00e1msli\u00f0sins. \u00deannig f\u00e6r fr\u00e1s\u00f6gnin, auk l\u00e6kningar\u00fe\u00e1ttarins, p\u00f3lit\u00edska merkingu \u00e1n \u00feess a\u00f0 textinn geri \u00fea\u00f0 berum or\u00f0um.<\/p>\t\t\t\t\t\t\t\t<\/div>\n\t\t\t\t<\/div>\n\t\t\t\t\t<\/div>\n\t\t\t\t<\/div>\n\t\t<div class=\"elementor-element elementor-element-cp3467d26 e-flex e-con-boxed e-con e-parent\" data-id=\"cp3467d26\" data-element_type=\"container\" data-e-type=\"container\">\n\t\t\t\t\t<div class=\"e-con-inner\">\n\t\t\t\t<div class=\"elementor-element elementor-element-cp9237c3c elementor-widget elementor-widget-heading\" data-id=\"cp9237c3c\" data-element_type=\"widget\" data-e-type=\"widget\" data-widget_type=\"heading.default\">\n\t\t\t\t\t<h2 class=\"elementor-heading-title elementor-size-default\">Legion sem fj\u00f6lhyggja: gu\u00f0fr\u00e6\u00f0i og t\u00falkunarsaga<\/h2>\t\t\t\t<\/div>\n\t\t<div class=\"elementor-element elementor-element-cpd98ca11 e-con-full e-flex e-con e-child\" data-id=\"cpd98ca11\" data-element_type=\"container\" data-e-type=\"container\">\n\t\t\t\t<div class=\"elementor-element elementor-element-cp9269ef5 elementor-widget elementor-widget-text-editor\" data-id=\"cp9269ef5\" data-element_type=\"widget\" data-e-type=\"widget\" data-widget_type=\"text-editor.default\">\n\t\t\t\t\t\t\t\t\t<p>Legion er \u00ed str\u00f6ngum skilningi ekki eiginnafn eins einstaks dj\u00f6fuls, heldur sj\u00e1lfsheiti fj\u00f6lda. \u00deetta hefur t\u00falkunarsagan tekist \u00e1 vi\u00f0 fr\u00e1 upphafi.<\/p><p>Kirkjufe\u00f0urnir, me\u00f0al \u00feeirra \u00d3rigenes og s\u00ed\u00f0ar \u00c1g\u00fast\u00ednus, t\u00falku\u00f0u fj\u00f6lda andanna sem t\u00e1kn fyrir innri sundrung mannsins, sem syndin l\u00e6tur ekki stj\u00f3rnast af einu valdi heldur \u00f3tal \u00f6flum.<\/p><p>L\u00e6knunin ver\u00f0ur \u00feannig mynd af endurreisn heildst\u00e6\u00f0rar, gu\u00f0skipa\u00f0rar pers\u00f3nu, sem textinn sty\u00f0ur me\u00f0 sm\u00e1atri\u00f0inu um a\u00f0 vera me\u00f0 fullu r\u00e1\u00f0i.<\/p><p><span data-nosnippet>\u00cd dj\u00f6flafr\u00e6\u00f0i mi\u00f0alda og \u00e1rn\u00fdaldar var Legion st\u00f6ku sinnum skilinn sem sj\u00e1lfst\u00e6\u00f0ur h\u00f6f\u00f0ingi \u00ed helv\u00edti, en \u00fea\u00f0 er s\u00ed\u00f0ari t\u00edma \u00fer\u00f3un andst\u00e6\u00f0 or\u00f0anotkun bibl\u00edutextans. Miklir dj\u00f6flalistar \u00e1rn\u00fdaldar, svo sem <em>Pseudomonarchia daemonum<\/em> Johanns Weyer fr\u00e1 1577, telja Legion ekki upp sem sj\u00e1lfst\u00e6\u00f0an <span class=\"iwg-fachbegriff\" data-tooltip=\"L\u00edkamslaus vera sem talin er hafa \u00e1hrif \u00ed heiminum.\" tabindex=\"0\">anda<\/span>, \u00fev\u00ed nafni\u00f0 sj\u00e1lft merkir fj\u00f6lhyggjuna.<\/span><\/p><p>S\u00f6gulega-kr\u00edt\u00edsk sk\u00fdring 20. aldar hefur f\u00e6rt \u00e1herslu til. H\u00fan spyr minna um sj\u00e1lfsmynd dj\u00f6fulsins og meira um hlutverk fr\u00e1sagnarins \u00ed frumkristnu samf\u00e9lagi.<\/p><p>R\u00e6dd er landfr\u00e6\u00f0ileg vandkv\u00e6\u00f0i \u00feess a\u00f0 Gerasa liggur langt fr\u00e1 vatninu, hlutverk sv\u00ednanna sem \u00f3hreinna d\u00fdra fyrir Gy\u00f0inga og spurningin um hvort \u00ed fr\u00e1s\u00f6gninni felist dulin von um frelsun undan R\u00f3mverjum.<\/p><p>\u00deessar umr\u00e6\u00f0ur eru ekki til lykta leiddar. Mikilv\u00e6gt er a\u00f0 hafa \u00ed huga a\u00f0 Legion er \u00ed Bibl\u00edunni sj\u00e1lfri ekki sj\u00e1lfst\u00e6\u00f0 vera me\u00f0 \u00e6vis\u00f6gu, heldur dulnefni fyrir yfir\u00feyrmandi, margfalda\u00f0 vald.<\/p>\t\t\t\t\t\t\t\t<\/div>\n\t\t\t\t<\/div>\n\t\t\t\t\t<\/div>\n\t\t\t\t<\/div>\n\t\t<div class=\"elementor-element elementor-element-cp2b460b3 e-flex e-con-boxed e-con e-parent\" data-id=\"cp2b460b3\" data-element_type=\"container\" data-e-type=\"container\">\n\t\t\t\t\t<div class=\"e-con-inner\">\n\t\t\t\t<div class=\"elementor-element elementor-element-cpd1dd0d6 elementor-widget elementor-widget-heading\" data-id=\"cpd1dd0d6\" data-element_type=\"widget\" data-e-type=\"widget\" data-widget_type=\"heading.default\">\n\t\t\t\t\t<h2 class=\"elementor-heading-title elementor-size-default\">Sv\u00edn, grafh\u00fdsi og \u00f3hreint land<\/h2>\t\t\t\t<\/div>\n\t\t<div class=\"elementor-element elementor-element-cp95352cb e-con-full e-flex e-con e-child\" data-id=\"cp95352cb\" data-element_type=\"container\" data-e-type=\"container\">\n\t\t\t\t<div class=\"elementor-element elementor-element-cp08853ad elementor-widget elementor-widget-text-editor\" data-id=\"cp08853ad\" data-element_type=\"widget\" data-e-type=\"widget\" data-widget_type=\"text-editor.default\">\n\t\t\t\t\t\t\t\t\t<p>Fr\u00e1s\u00f6gnin af Legion er \u00fe\u00e9ttofin t\u00e1knum um tr\u00faarlega \u00f3hreinleika, og \u00fea\u00f0 er ekki tilviljun. Hinn haldni ma\u00f0ur lifir me\u00f0al grafh\u00fdsa, \u00e1 sta\u00f0 sem samkv\u00e6mt hreinleikaskilningi Gy\u00f0inga mi\u00f0lar \u00f3hreinleika.<\/p><p>Hann er staddur \u00e1 austurstr\u00f6nd vatnsins, \u00e1 sv\u00e6\u00f0i sem er a\u00f0 mestu hei\u00f0i\u00f0, hinni svonefndu Dekap\u00f3lis. Og andarnir fara \u00ed sv\u00ednahj\u00f6r\u00f0, sem Gy\u00f0ingum \u00fe\u00f3tti \u00f3hrein og hef\u00f0i ekki veri\u00f0 haldin \u00ed gy\u00f0ingaumhverfi.<\/p><p>\u00deessi sams\u00f6fnun gefur fornum lesanda til kynna a\u00f0 atbur\u00f0urinn gerist \u00e1 sta\u00f0 \u00fdtrustu \u00f3hreinleika, fjarri hinum skipulega, hreina heimi. Sk\u00fdrendur sj\u00e1 \u00ed \u00feessu v\u00edsvitandi fr\u00e1sagnarbrag.<\/p><p>Jes\u00fas yfirst\u00edgur h\u00e9r m\u00f6rk \u00e1 fleiri en einn h\u00e1tt: landfr\u00e6\u00f0ileg m\u00f6rk vatnsins, \u00fej\u00f3\u00f0ernisleg m\u00f6rk til hei\u00f0ins lands, tr\u00faarleg m\u00f6rk til hins \u00f3hreina. Mark\u00fasarfr\u00e6\u00f0ingar gefa l\u00e6knuninni \u00feannig aukna merkingu, h\u00fan ver\u00f0ur t\u00e1kn \u00feess a\u00f0 vald Gu\u00f0sr\u00edkis n\u00e1i einnig \u00fat fyrir m\u00f6rk \u00cdsraels.<\/p><p>Endirinn er s\u00e9rstakur. \u00dear sem Jes\u00fas bi\u00f0ur v\u00ed\u00f0a \u00ed Mark\u00fasargu\u00f0spjalli um \u00fe\u00f6gn, hvetur hann h\u00e9r hinn l\u00e6kna\u00f0a Gerasena berlega til a\u00f0 kunngera \u00ed borg sinni \u00fea\u00f0 sem gerst hafi. S\u00e1 sem \u00e1\u00f0ur var haldinn Legion ver\u00f0ur \u00feannig fyrsti bo\u00f0berinn \u00e1 hei\u00f0nu landi.<\/p><p>Einnig framfer\u00f0i \u00edb\u00faanna, sem bi\u00f0ja Jes\u00fa af \u00f3tta a\u00f0 fara \u00e1 brott, tilheyrir tilgangi fr\u00e1sagnarins. Atbur\u00f0urinn er ekki einfaldlega fr\u00e1s\u00f6gn af anda\u00fatrekstri, heldur fr\u00e6\u00f0ilega samsett atri\u00f0i um hreinleika, m\u00f6rk og umfang gu\u00f0legs valds.<\/p>\t\t\t\t\t\t\t\t<\/div>\n\t\t\t\t<\/div>\n\t\t\t\t\t<\/div>\n\t\t\t\t<\/div>\n\t\t<div class=\"elementor-element elementor-element-36dd7469 e-flex e-con-boxed e-con e-parent\" data-id=\"36dd7469\" data-element_type=\"container\" data-e-type=\"container\">\n\t\t\t\t\t<div class=\"e-con-inner\">\n\t\t\t\t<div class=\"elementor-element elementor-element-13760ab4 elementor-widget elementor-widget-heading\" data-id=\"13760ab4\" data-element_type=\"widget\" data-e-type=\"widget\" data-widget_type=\"heading.default\">\n\t\t\t\t\t<div class=\"elementor-heading-title elementor-size-default\">\u00cdtarefni og tenglar<\/div>\t\t\t\t<\/div>\n\t\t<div class=\"elementor-element elementor-element-28c87796 e-con-full e-flex e-con e-child\" data-id=\"28c87796\" data-element_type=\"container\" data-e-type=\"container\">\n\t\t\t\t<div class=\"elementor-element elementor-element-5d6538df elementor-widget elementor-widget-text-editor\" data-id=\"5d6538df\" data-element_type=\"widget\" data-e-type=\"widget\" data-widget_type=\"text-editor.default\">\n\t\t\t\t\t\t\t\t\t<p>R\u00e1\u00f0lag\u00f0ir innri tenglar:<\/p><ul><li><a href=\"https:\/\/iwell-guard.com\/is\/?page_id=168612\">Kristni<\/a><\/li><li><a href=\"https:\/\/iwell-guard.com\/is\/?page_id=168617\">Satan<\/a>, <a href=\"https:\/\/iwell-guard.com\/is\/?page_id=168618\">L\u00fas\u00edfer<\/a>, <a href=\"https:\/\/iwell-guard.com\/is\/?page_id=168619\">Beelseb\u00fab<\/a>, <a href=\"https:\/\/iwell-guard.com\/is\/?page_id=168620\">Lev\u00edatan<\/a><\/li><li><a href=\"https:\/\/iwell-guard.com\/is\/?page_id=168610\">Dybbuk<\/a> (samsvarandi \u00e1t\u00f6kuform)<\/li><li><span class=\"iwg-fachbegriff\" data-tooltip=\"Tr\u00faarleg \u00fatrekstur anda e\u00f0a dj\u00f6fuls sem talinn er ska\u00f0legur.\" tabindex=\"0\">Anda\u00fatrekstur<\/span> og Rituale Romanum<\/li><li>Diss\u00f3s\u00edat\u00edfar ge\u00f0raskanir (s\u00e1lfr\u00e6\u00f0ileg t\u00falkun)<\/li><\/ul>\t\t\t\t\t\t\t\t<\/div>\n\t\t\t\t<\/div>\n\t\t\t\t\t<\/div>\n\t\t\t\t<\/div>\n\t\t<div class=\"elementor-element elementor-element-grl4kl40 e-flex e-con-boxed e-con e-parent\" data-id=\"grl4kl40\" data-element_type=\"container\" data-e-type=\"container\">\n\t\t\t\t\t<div class=\"e-con-inner\">\n\t\t\t\t<div class=\"elementor-element elementor-element-bzsbfrmh elementor-widget elementor-widget-heading\" data-id=\"bzsbfrmh\" data-element_type=\"widget\" data-e-type=\"widget\" data-widget_type=\"heading.default\">\n\t\t\t\t\t<h2 class=\"elementor-heading-title elementor-size-default\">Fr\u00e6\u00f0irit<\/h2>\t\t\t\t<\/div>\n\t\t<div class=\"elementor-element elementor-element-2c13224a e-con-full e-flex e-con e-child\" data-id=\"2c13224a\" data-element_type=\"container\" data-e-type=\"container\">\n\t\t\t\t<div class=\"elementor-element elementor-element-0eymh9ub elementor-widget elementor-widget-text-editor\" data-id=\"0eymh9ub\" data-element_type=\"widget\" data-e-type=\"widget\" data-widget_type=\"text-editor.default\">\n\t\t\t\t\t\t\t\t\t<footer class=\"iwg-literatur\"><p>\u00darval mikilv\u00e6gra verka um Leg\u00ed\u00f3n og hina n\u00fdtestamentislegu hugmynd um dj\u00f6flaheltekni:<\/p><ul><li><span data-nosnippet>Pesch, Rudolf: <em>Der Besessene von Gerasa<\/em>. Stuttgart 1972.<\/span><\/li><li><span data-nosnippet>Twelftree, Graham H.: <em>In the Name of Jesus. Exorcism among Early Christians<\/em>. Grand Rapids 2007.<\/span><\/li><li><span data-nosnippet>Ferguson, Everett: <em>Demonology of the Early Christian World<\/em>. Lewiston 1984.<\/span><\/li><li><span data-nosnippet>Horsley, Richard A.: <em>Jesus and Empire<\/em>. Minneapolis 2003 (n\u00fdlendugagnr\u00fdnin t\u00falkun).<\/span><\/li><li><span data-nosnippet>Sorensen, Eric: <em>Possession and Exorcism in the New Testament and Early Christianity<\/em>. T\u00fcbingen 2002.<\/span><\/li><\/ul><div data-nosnippet=\"true\" class=\"iwg-litliste\"><p><strong>Grunnrit (kristni):<\/strong><\/p><ul><li><span data-nosnippet><strong>Markschies, Christoph<\/strong>: <em>Das <span class=\"iwg-fachbegriff\" data-tooltip=\"T\u00edmabil gr\u00edskrar og r\u00f3mverskrar menningar, u.\u00fe.b. 800 f.Kr. til 600 e.Kr.\" tabindex=\"0\">antike<\/span> Christentum. <span class=\"iwg-fachbegriff\" data-tooltip=\"Hin lifa\u00f0a tr\u00faarlega afsta\u00f0a og i\u00f0kun einstaklings.\" tabindex=\"0\">Fr\u00f6mmigkeit<\/span>, Lebensformen, Institutionen. Beck, M\u00fcnchen 2006.<\/em><\/span><\/li><\/ul><\/div><\/footer>\n<p class=\"iwg-bib-more\"><span data-nosnippet>Fleiri grunnrit \u00ed <a href=\"https:\/\/iwell-guard.com\/is\/?page_id=168730\">heimildaskr\u00e1nni<\/a>.<\/span><\/p>\t\t\t\t\t\t\t\t<\/div>\n\t\t\t\t<\/div>\n\t\t\t\t\t<\/div>\n\t\t\t\t<\/div>\n\t\t<div class=\"elementor-element elementor-element-iwgca-legion-sec e-flex e-con-boxed e-con e-parent\" data-id=\"iwgca-legion-sec\" data-element_type=\"container\" data-e-type=\"container\" id=\"iwg-ca-legion\">\n\t\t\t\t\t<div class=\"e-con-inner\">\n\t\t\t\t<div class=\"elementor-element elementor-element-iwgca-legion-te iwg-ca-textwrap elementor-widget elementor-widget-text-editor\" data-id=\"iwgca-legion-te\" data-element_type=\"widget\" data-e-type=\"widget\" data-widget_type=\"text-editor.default\">\n\t\t\t\t\t\t\t\t\t<div data-nosnippet=\"true\"><p class=\"iwg-ca-bridge\">Verndarhef\u00f0in sem h\u00e9r er l\u00fdst er tr\u00faars\u00f6gulegt yfirlit yfir s\u00f6guleg fyrirb\u00e6ri. iWell Guard tengist \u00feessari menningars\u00f6gulegu hef\u00f0 verndargripa sem bornir eru \u00e1 l\u00edkamanum og er samt\u00edma\u00fatg\u00e1fa af henni. <a href=\"\/ueber-iwell-guard\/?utm_source=iwell-guard.com&#038;utm_medium=text-link&#038;utm_campaign=schadwesen-tradition\">Meira um iWell Guard \u2192<\/a><\/p><\/div>\t\t\t\t\t\t\t\t<\/div>\n\t\t\t\t\t<\/div>\n\t\t\t\t<\/div>\n\t\t<div class=\"elementor-element elementor-element-61be43b e-con-boxed e-flex e-con e-parent\" data-id=\"61be43b\" data-element_type=\"container\" data-e-type=\"container\">\n\t\t\t\t\t<div class=\"e-con-inner\">\n\t\t\t\t<div class=\"elementor-element elementor-element-7f86082 elementor-widget elementor-widget-text-editor\" data-id=\"7f86082\" data-element_type=\"widget\" data-e-type=\"widget\" data-widget_type=\"text-editor.default\">\n\t\t\t\t\t\t\t\t\t\n<h2>Algengar spurningar um Leg\u00ed\u00f3n<\/h2>\n<div class=\"iwg-faq-q\"><h3>Hver e\u00f0a hva\u00f0 er Leg\u00ed\u00f3n \u00ed N\u00fdja testamentinu?<\/h3><p>Leg\u00ed\u00f3n er \u00ed Mark\u00fasargu\u00f0spjalli (5,9) nafn dj\u00f6fuls e\u00f0a h\u00f3ps dj\u00f6fla sem hefur mann \u00ed Gerasa heltekinn. \u00deegar Jes\u00fas spyr um nafn hans svarar <span class=\"iwg-fachbegriff\" data-tooltip=\"Andlegur vera sem talin er hafa ska\u00f0leg e\u00f0a tv\u00edbent \u00e1hrif.\" tabindex=\"0\">dj\u00f6fullinn<\/span>: Leg\u00ed\u00f3n, \u00fev\u00ed vi\u00f0 erum margir.<\/p><p>R\u00f3mversk hersveit (leg\u00ed\u00f3n) taldi um 6000 hermenn, og nafni\u00f0 undirstrikar \u00feannig hina sameiginlegu e\u00f0lishv\u00f6t helt\u00f6kunnar. Jes\u00fas rekur dj\u00f6flana \u00fat og sendir \u00fe\u00e1 \u00ed sv\u00ednahj\u00f6r\u00f0 sem stekkur \u00ed vatni\u00f0.<\/p><\/div>\n<div class=\"iwg-faq-q\"><h3>Hvernig er Leg\u00ed\u00f3n t\u00falku\u00f0 \u00ed n\u00fat\u00edma dj\u00f6flafr\u00e6\u00f0i og d\u00e6gurmenningu?<\/h3><p>\u00cd n\u00fat\u00edma <span class=\"iwg-fachbegriff\" data-tooltip=\"Hin v\u00edsindalega fr\u00e6\u00f0igrein um Gu\u00f0 og tr\u00fa tiltekinna tr\u00faarbrag\u00f0a.\" tabindex=\"0\">gu\u00f0fr\u00e6\u00f0i<\/span> er Leg\u00ed\u00f3n oft lesin sem mynd fyrir s\u00e1larlegan margfeldi, f\u00edkn e\u00f0a sameiginlega heltekni, ekki nau\u00f0synlega b\u00f3kstaflega.<\/p><p>\u00cd d\u00e6gurmenningu (hryllingsmyndum, \u00feungarokksl\u00f6gum) er Leg\u00ed\u00f3n vins\u00e6lt nafn \u00e1 \u00f6flugum safndj\u00f6flum, \u00fev\u00ed bibl\u00eduversi\u00f0 b\u00fd\u00f0ur upp \u00e1 beinskeytta sameiginlega andst\u00e6\u00f0ingsmynd. Gu\u00f0fr\u00e6\u00f0ilega er mikilv\u00e6gt a\u00f0 sagan um hinn heltekna mann \u00ed Gerasa s\u00fdnir fyrst og fremst m\u00e1tt Jes\u00fa, ekki m\u00e1tt dj\u00f6fulsins.<\/p><\/div>\n<script type=\"application\/ld+json\">{\"@context\":\"https:\/\/schema.org\",\"@type\":\"FAQPage\",\"mainEntity\":[{\"@type\":\"Question\",\"name\":\"Hver e\u00f0a hva\u00f0 er Leg\u00ed\u00f3n \u00ed N\u00fdja testamentinu?\",\"acceptedAnswer\":{\"@type\":\"Answer\",\"text\":\"Leg\u00ed\u00f3n er \u00ed Mark\u00fasargu\u00f0spjalli (5,9) nafn dj\u00f6fuls e\u00f0a h\u00f3ps dj\u00f6fla sem hefur mann \u00ed Gerasa heltekinn. \u00deegar Jes\u00fas spyr um nafn hans svarar dj\u00f6fullinn: Leg\u00ed\u00f3n, \u00fev\u00ed vi\u00f0 erum margir.R\u00f3mversk hersveit (leg\u00ed\u00f3n) taldi um 6000 hermenn, og nafni\u00f0 undirstrikar \u00feannig hina sameiginlegu e\u00f0lishv\u00f6t helt\u00f6kunnar. Jes\u00fas rekur dj\u00f6flana \u00fat og sendir \u00fe\u00e1 \u00ed sv\u00ednahj\u00f6r\u00f0 sem stekkur \u00ed vatni\u00f0.\"}},{\"@type\":\"Question\",\"name\":\"Hvernig er Leg\u00ed\u00f3n t\u00falku\u00f0 \u00ed n\u00fat\u00edma dj\u00f6flafr\u00e6\u00f0i og d\u00e6gurmenningu?\",\"acceptedAnswer\":{\"@type\":\"Answer\",\"text\":\"\u00cd n\u00fat\u00edma gu\u00f0fr\u00e6\u00f0i er Leg\u00ed\u00f3n oft lesin sem mynd fyrir s\u00e1larlegan margfeldi, f\u00edkn e\u00f0a sameiginlega heltekni, ekki nau\u00f0synlega b\u00f3kstaflega.\u00cd d\u00e6gurmenningu (hryllingsmyndum, \u00feungarokksl\u00f6gum) er Leg\u00ed\u00f3n vins\u00e6lt nafn \u00e1 \u00f6flugum safndj\u00f6flum, \u00fev\u00ed bibl\u00eduversi\u00f0 b\u00fd\u00f0ur upp \u00e1 beinskeytta sameiginlega andst\u00e6\u00f0ingsmynd. Gu\u00f0fr\u00e6\u00f0ilega er mikilv\u00e6gt a\u00f0 sagan um hinn heltekna mann \u00ed Gerasa s\u00fdnir fyrst og fremst m\u00e1tt Jes\u00fa, ekki m\u00e1tt dj\u00f6fulsins.\"}}]}<\/script>\t\t\t\t\t\t\t\t<\/div>\n\t\t\t\t\t<\/div>\n\t\t\t\t<\/div>\n\t\t\t\t<\/div>\n\t\t","protected":false},"excerpt":{"rendered":"","protected":false},"author":3,"featured_media":1562,"parent":0,"menu_order":0,"comment_status":"closed","ping_status":"closed","template":"elementor_header_footer","meta":{"_yoast_wpseo_focuskw":"Legion andsetinn ma\u00f0ur fr\u00e1 Gerasa","_yoast_wpseo_title":"Legion \u2013 Andsetning og sameiginlegir dj\u00f6flar","_yoast_wpseo_metadesc":"Legion v\u00edsar til h\u00f3ps dj\u00f6fla \u00ed fr\u00e1s\u00f6gninni um hinn andsetna mann fr\u00e1 Gerasa (Mk 5,1\u201320). Fj\u00f6lmenni \u00ed einni manneskju.","_yoast_wpseo_meta-robots-noindex":"","_yoast_wpseo_canonical":"","_angie_page":false,"gefaehrdungsstufe":"5","wesen_kultur":"christentum","wesen_klasse":"daemonen","footnotes":""},"categories":[],"class_list":["post-168621","page","type-page","status-publish","has-post-thumbnail","hentry"],"yoast_head":"<!-- This site is optimized with the Yoast SEO Premium plugin v27.7 (Yoast SEO v28.3) - https:\/\/yoast.com\/product\/yoast-seo-premium-wordpress\/ -->\n<title>Legion \u2013 Andsetning og sameiginlegir dj\u00f6flar<\/title>\n<meta name=\"description\" content=\"Legion v\u00edsar til h\u00f3ps dj\u00f6fla \u00ed fr\u00e1s\u00f6gninni um hinn andsetna mann fr\u00e1 Gerasa (Mk 5,1\u201320). Fj\u00f6lmenni \u00ed einni manneskju.\" \/>\n<meta name=\"robots\" content=\"index, follow, max-snippet:-1, max-image-preview:large, max-video-preview:-1\" \/>\n<link rel=\"canonical\" href=\"https:\/\/iwell-guard.com\/is\/legion-andsetning-og-djoflar\/\" \/>\n<meta property=\"og:locale\" content=\"is_IS\" \/>\n<meta property=\"og:type\" content=\"article\" \/>\n<meta property=\"og:title\" content=\"Legion \u2013 Andsetning og sameiginlegir dj\u00f6flar\" \/>\n<meta property=\"og:description\" content=\"Legion v\u00edsar til h\u00f3ps dj\u00f6fla \u00ed fr\u00e1s\u00f6gninni um hinn andsetna mann fr\u00e1 Gerasa (Mk 5,1\u201320). Fj\u00f6lmenni \u00ed einni manneskju.\" \/>\n<meta property=\"og:url\" content=\"https:\/\/iwell-guard.com\/is\/legion-andsetning-og-djoflar\/\" \/>\n<meta property=\"og:site_name\" content=\"iWell Guard\" \/>\n<meta property=\"article:modified_time\" content=\"2026-09-05T14:15:14+00:00\" \/>\n<meta property=\"og:image\" content=\"https:\/\/iwell-guard.com\/wp-content\/uploads\/2026\/04\/daemonen_christentum_legion.webp\" \/>\n\t<meta property=\"og:image:width\" content=\"1024\" \/>\n\t<meta property=\"og:image:height\" content=\"1536\" \/>\n\t<meta property=\"og:image:type\" content=\"image\/webp\" \/>\n<meta name=\"twitter:card\" content=\"summary_large_image\" \/>\n<script type=\"application\/ld+json\" class=\"yoast-schema-graph\">{\"@context\":\"https:\\\/\\\/schema.org\",\"@graph\":[{\"@type\":\"WebPage\",\"@id\":\"https:\\\/\\\/iwell-guard.com\\\/is\\\/legion-andsetning-og-djoflar\\\/\",\"url\":\"https:\\\/\\\/iwell-guard.com\\\/is\\\/legion-andsetning-og-djoflar\\\/\",\"name\":\"Legion \u2013 Andsetning og sameiginlegir dj\u00f6flar\",\"isPartOf\":{\"@id\":\"https:\\\/\\\/iwell-guard.com\\\/is\\\/#website\"},\"primaryImageOfPage\":{\"@id\":\"https:\\\/\\\/iwell-guard.com\\\/is\\\/legion-andsetning-og-djoflar\\\/#primaryimage\"},\"image\":{\"@id\":\"https:\\\/\\\/iwell-guard.com\\\/is\\\/legion-andsetning-og-djoflar\\\/#primaryimage\"},\"thumbnailUrl\":\"https:\\\/\\\/iwell-guard.com\\\/wp-content\\\/uploads\\\/2026\\\/04\\\/daemonen_christentum_legion.webp\",\"datePublished\":\"2026-09-05T14:01:38+00:00\",\"dateModified\":\"2026-09-05T14:15:14+00:00\",\"description\":\"Legion v\u00edsar til h\u00f3ps dj\u00f6fla \u00ed fr\u00e1s\u00f6gninni um hinn andsetna mann fr\u00e1 Gerasa (Mk 5,1\u201320). Fj\u00f6lmenni \u00ed einni manneskju.\",\"breadcrumb\":{\"@id\":\"https:\\\/\\\/iwell-guard.com\\\/is\\\/legion-andsetning-og-djoflar\\\/#breadcrumb\"},\"inLanguage\":\"is\",\"potentialAction\":[{\"@type\":\"ReadAction\",\"target\":[\"https:\\\/\\\/iwell-guard.com\\\/is\\\/legion-andsetning-og-djoflar\\\/\"]}]},{\"@type\":\"ImageObject\",\"inLanguage\":\"is\",\"@id\":\"https:\\\/\\\/iwell-guard.com\\\/is\\\/legion-andsetning-og-djoflar\\\/#primaryimage\",\"url\":\"https:\\\/\\\/iwell-guard.com\\\/wp-content\\\/uploads\\\/2026\\\/04\\\/daemonen_christentum_legion.webp\",\"contentUrl\":\"https:\\\/\\\/iwell-guard.com\\\/wp-content\\\/uploads\\\/2026\\\/04\\\/daemonen_christentum_legion.webp\",\"width\":1024,\"height\":1536,\"caption\":\"Dj\u00f6flar \u00far kristinni hef\u00f0.\"},{\"@type\":\"BreadcrumbList\",\"@id\":\"https:\\\/\\\/iwell-guard.com\\\/is\\\/legion-andsetning-og-djoflar\\\/#breadcrumb\",\"itemListElement\":[{\"@type\":\"ListItem\",\"position\":1,\"name\":\"Start\",\"item\":\"https:\\\/\\\/iwell-guard.com\\\/is\\\/?page_id=168580\"},{\"@type\":\"ListItem\",\"position\":2,\"name\":\"Legion \u2013 Andsetning og sameiginlegir dj\u00f6flar\"}]},{\"@type\":\"WebSite\",\"@id\":\"https:\\\/\\\/iwell-guard.com\\\/is\\\/#website\",\"url\":\"https:\\\/\\\/iwell-guard.com\\\/is\\\/\",\"name\":\"iWell Guard\",\"description\":\"Schutz vor dunklen Einfl\u00fcssen\",\"publisher\":{\"@id\":\"https:\\\/\\\/iwell-guard.com\\\/is\\\/#organization\"},\"potentialAction\":[{\"@type\":\"SearchAction\",\"target\":{\"@type\":\"EntryPoint\",\"urlTemplate\":\"https:\\\/\\\/iwell-guard.com\\\/is\\\/?s={search_term_string}\"},\"query-input\":{\"@type\":\"PropertyValueSpecification\",\"valueRequired\":true,\"valueName\":\"search_term_string\"}}],\"inLanguage\":\"is\"},{\"@type\":\"Organization\",\"@id\":\"https:\\\/\\\/iwell-guard.com\\\/is\\\/#organization\",\"name\":\"Ittermann electronic GmbH\",\"url\":\"https:\\\/\\\/iwell-guard.com\\\/is\\\/\",\"logo\":{\"@type\":\"ImageObject\",\"inLanguage\":\"is\",\"@id\":\"https:\\\/\\\/iwell-guard.com\\\/is\\\/#\\\/schema\\\/logo\\\/image\\\/\",\"url\":\"https:\\\/\\\/iwell-guard.com\\\/wp-content\\\/uploads\\\/2026\\\/05\\\/Ittermann-Logo-1182x237-1.png\",\"contentUrl\":\"https:\\\/\\\/iwell-guard.com\\\/wp-content\\\/uploads\\\/2026\\\/05\\\/Ittermann-Logo-1182x237-1.png\",\"width\":1182,\"height\":237,\"caption\":\"Ittermann electronic GmbH\"},\"image\":{\"@id\":\"https:\\\/\\\/iwell-guard.com\\\/is\\\/#\\\/schema\\\/logo\\\/image\\\/\"},\"sameAs\":[\"https:\\\/\\\/pantip.com\\\/profile\\\/9367242\",\"https:\\\/\\\/micro.blog\\\/iwellguard\",\"https:\\\/\\\/www.diggerslist.com\\\/iwellguard\\\/about\",\"https:\\\/\\\/skitterphoto.com\\\/photographers\\\/2870314\\\/iwell-guard\",\"https:\\\/\\\/iwellguard.wordpress.com\\\/2026\\\/06\\\/06\\\/iwell-guard\\\/\",\"https:\\\/\\\/hub.docker.com\\\/u\\\/iwellguard\",\"https:\\\/\\\/www.pinterest.com\\\/iwellguard\\\/\",\"https:\\\/\\\/bit.ly\\\/m\\\/iwellguard\",\"https:\\\/\\\/entre-vos-mains.alsace.eu\\\/profiles\\\/iwellguard\\\/activity\",\"https:\\\/\\\/gravatar.com\\\/reallybeded8fd34\",\"https:\\\/\\\/naijamatta.com\\\/iwellguard\",\"https:\\\/\\\/www.goodreads.com\\\/iwellguard\",\"https:\\\/\\\/profile.hatena.ne.jp\\\/iwellguard\\\/\",\"https:\\\/\\\/experiment.com\\\/users\\\/iwellguard\",\"https:\\\/\\\/wakelet.com\\\/@iWellGuard82270\",\"https:\\\/\\\/www.chordie.com\\\/forum\\\/profile.php?id=2555664\",\"https:\\\/\\\/www.instapaper.com\\\/p\\\/17757966\",\"https:\\\/\\\/www.mapleprimes.com\\\/users\\\/iwellguard\",\"https:\\\/\\\/businesslistingplus.com\\\/profile\\\/iwell-guard\\\/\",\"https:\\\/\\\/telegra.ph\\\/iWell-Guard-06-06\",\"https:\\\/\\\/pbase.com\\\/iwellguard\\\/iwellguard\",\"https:\\\/\\\/b.hatena.ne.jp\\\/iwellguard\\\/20260607#bookmark-4788405196491818882\",\"https:\\\/\\\/fliphtml5.com\\\/home\\\/iwellguard\",\"https:\\\/\\\/anyflip.com\\\/homepage\\\/cmiwl#About\",\"https:\\\/\\\/transfur.com\\\/Users\\\/iwellguard\",\"http:\\\/\\\/delphi.larsbo.org\\\/user\\\/iwellguard\",\"https:\\\/\\\/jobs.lajobsportal.org\\\/profiles\\\/8380803-iwell-guard\",\"https:\\\/\\\/md.chaosdorf.de\\\/s\\\/jfbe5SBdJD\",\"https:\\\/\\\/www.lingvolive.com\\\/en-us\\\/profile\\\/9ecaeaca-ce11-4e51-9e71-01d55e2bff36\\\/translations\",\"https:\\\/\\\/www.fitday.com\\\/fitness\\\/forums\\\/members\\\/iwellguard.html\",\"https:\\\/\\\/www.mymeetbook.com\\\/iwellguard\",\"https:\\\/\\\/pxhere.com\\\/en\\\/photographer-me\\\/5040798\",\"https:\\\/\\\/disqus.com\\\/by\\\/iwellguard\\\/about\\\/\",\"https:\\\/\\\/pastelink.net\\\/hjwciqwq\",\"https:\\\/\\\/pubhtml5.com\\\/homepage\\\/scjhn\\\/\",\"https:\\\/\\\/www.bitchute.com\\\/channel\\\/2O2eOKzNqujT\",\"https:\\\/\\\/audiomack.com\\\/iwellguard\"]},{\"@type\":\"Article\",\"@id\":\"https:\\\/\\\/iwell-guard.com\\\/is\\\/legion-andsetning-og-djoflar\\\/#article\",\"isPartOf\":{\"@id\":\"https:\\\/\\\/iwell-guard.com\\\/is\\\/legion-andsetning-og-djoflar\\\/\"},\"author\":{\"name\":\"Ralf Ittermann\",\"@id\":\"https:\\\/\\\/iwell-guard.com\\\/is\\\/#\\\/schema\\\/person\\\/ee2a27f1cac3406c7c6fb5820cb7349f\"},\"headline\":\"Legion \u2013 Andsetning og sameiginlegir dj\u00f6flar\",\"datePublished\":\"2026-09-05T14:01:38+00:00\",\"dateModified\":\"2026-09-05T14:15:14+00:00\",\"mainEntityOfPage\":{\"@id\":\"https:\\\/\\\/iwell-guard.com\\\/is\\\/legion-andsetning-og-djoflar\\\/\"},\"publisher\":{\"@id\":\"https:\\\/\\\/iwell-guard.com\\\/is\\\/#organization\"},\"image\":{\"@id\":\"https:\\\/\\\/iwell-guard.com\\\/is\\\/legion-andsetning-og-djoflar\\\/#primaryimage\"},\"thumbnailUrl\":\"https:\\\/\\\/iwell-guard.com\\\/wp-content\\\/uploads\\\/2026\\\/04\\\/daemonen_christentum_legion.webp\",\"inLanguage\":\"is\",\"description\":\"Legion v\u00edsar til h\u00f3ps dj\u00f6fla \u00ed fr\u00e1s\u00f6gninni um hinn andsetna mann fr\u00e1 Gerasa (Mk 5,1\u201320). Fj\u00f6lmenni \u00ed einni manneskju.\"}]}<\/script>\n<!-- \/ Yoast SEO Premium plugin. -->","yoast_head_json":{"title":"Legion \u2013 Andsetning og sameiginlegir dj\u00f6flar","description":"Legion v\u00edsar til h\u00f3ps dj\u00f6fla \u00ed fr\u00e1s\u00f6gninni um hinn andsetna mann fr\u00e1 Gerasa (Mk 5,1\u201320). Fj\u00f6lmenni \u00ed einni manneskju.","robots":{"index":"index","follow":"follow","max-snippet":"max-snippet:-1","max-image-preview":"max-image-preview:large","max-video-preview":"max-video-preview:-1"},"canonical":"https:\/\/iwell-guard.com\/is\/legion-andsetning-og-djoflar\/","og_locale":"is_IS","og_type":"article","og_title":"Legion \u2013 Andsetning og sameiginlegir dj\u00f6flar","og_description":"Legion v\u00edsar til h\u00f3ps dj\u00f6fla \u00ed fr\u00e1s\u00f6gninni um hinn andsetna mann fr\u00e1 Gerasa (Mk 5,1\u201320). Fj\u00f6lmenni \u00ed einni manneskju.","og_url":"https:\/\/iwell-guard.com\/is\/legion-andsetning-og-djoflar\/","og_site_name":"iWell Guard","article_modified_time":"2026-09-05T14:15:14+00:00","og_image":[{"width":1024,"height":1536,"url":"https:\/\/iwell-guard.com\/wp-content\/uploads\/2026\/04\/daemonen_christentum_legion.webp","type":"image\/webp"}],"twitter_card":"summary_large_image","schema":{"@context":"https:\/\/schema.org","@graph":[{"@type":"Article","@id":"https:\/\/iwell-guard.com\/is\/legion-andsetning-og-djoflar\/#article","isPartOf":{"@id":"https:\/\/iwell-guard.com\/is\/legion-andsetning-og-djoflar\/"},"author":{"name":"Ralf Ittermann","@id":"https:\/\/iwell-guard.com\/is\/#\/schema\/person\/ee2a27f1cac3406c7c6fb5820cb7349f"},"headline":"Legion \u2013 Andsetning og sameiginlegir dj\u00f6flar","datePublished":"2026-09-05T14:01:38+00:00","dateModified":"2026-09-05T14:15:14+00:00","mainEntityOfPage":{"@id":"https:\/\/iwell-guard.com\/is\/legion-andsetning-og-djoflar\/"},"publisher":{"@id":"https:\/\/iwell-guard.com\/is\/#organization"},"image":{"@id":"https:\/\/iwell-guard.com\/is\/legion-andsetning-og-djoflar\/#primaryimage"},"thumbnailUrl":"https:\/\/iwell-guard.com\/wp-content\/uploads\/2026\/04\/daemonen_christentum_legion.webp","inLanguage":"is","description":"Legion v\u00edsar til h\u00f3ps dj\u00f6fla \u00ed fr\u00e1s\u00f6gninni um hinn andsetna mann fr\u00e1 Gerasa (Mk 5,1\u201320). Fj\u00f6lmenni \u00ed einni manneskju."},{"@type":"WebPage","@id":"https:\/\/iwell-guard.com\/is\/legion-andsetning-og-djoflar\/","url":"https:\/\/iwell-guard.com\/is\/legion-andsetning-og-djoflar\/","name":"Legion \u2013 Andsetning og sameiginlegir dj\u00f6flar","isPartOf":{"@id":"https:\/\/iwell-guard.com\/is\/#website"},"primaryImageOfPage":{"@id":"https:\/\/iwell-guard.com\/is\/legion-andsetning-og-djoflar\/#primaryimage"},"image":{"@id":"https:\/\/iwell-guard.com\/is\/legion-andsetning-og-djoflar\/#primaryimage"},"thumbnailUrl":"https:\/\/iwell-guard.com\/wp-content\/uploads\/2026\/04\/daemonen_christentum_legion.webp","datePublished":"2026-09-05T14:01:38+00:00","dateModified":"2026-09-05T14:15:14+00:00","description":"Legion v\u00edsar til h\u00f3ps dj\u00f6fla \u00ed fr\u00e1s\u00f6gninni um hinn andsetna mann fr\u00e1 Gerasa (Mk 5,1\u201320). Fj\u00f6lmenni \u00ed einni manneskju.","breadcrumb":{"@id":"https:\/\/iwell-guard.com\/is\/legion-andsetning-og-djoflar\/#breadcrumb"},"inLanguage":"is","potentialAction":[{"@type":"ReadAction","target":["https:\/\/iwell-guard.com\/is\/legion-andsetning-og-djoflar\/"]}]},{"@type":"ImageObject","inLanguage":"is","@id":"https:\/\/iwell-guard.com\/is\/legion-andsetning-og-djoflar\/#primaryimage","url":"https:\/\/iwell-guard.com\/wp-content\/uploads\/2026\/04\/daemonen_christentum_legion.webp","contentUrl":"https:\/\/iwell-guard.com\/wp-content\/uploads\/2026\/04\/daemonen_christentum_legion.webp","width":1024,"height":1536,"caption":"Dj\u00f6flar \u00far kristinni hef\u00f0."},{"@type":"BreadcrumbList","@id":"https:\/\/iwell-guard.com\/is\/legion-andsetning-og-djoflar\/#breadcrumb","itemListElement":[{"@type":"ListItem","position":1,"name":"Start","item":"https:\/\/iwell-guard.com\/is\/?page_id=168580"},{"@type":"ListItem","position":2,"name":"Legion \u2013 Andsetning og sameiginlegir dj\u00f6flar"}]},{"@type":"WebSite","@id":"https:\/\/iwell-guard.com\/is\/#website","url":"https:\/\/iwell-guard.com\/is\/","name":"iWell Guard","description":"Schutz vor dunklen Einfl\u00fcssen","publisher":{"@id":"https:\/\/iwell-guard.com\/is\/#organization"},"potentialAction":[{"@type":"SearchAction","target":{"@type":"EntryPoint","urlTemplate":"https:\/\/iwell-guard.com\/is\/?s={search_term_string}"},"query-input":{"@type":"PropertyValueSpecification","valueRequired":true,"valueName":"search_term_string"}}],"inLanguage":"is"},{"@type":"Organization","@id":"https:\/\/iwell-guard.com\/is\/#organization","name":"Ittermann electronic GmbH","url":"https:\/\/iwell-guard.com\/is\/","logo":{"@type":"ImageObject","inLanguage":"is","@id":"https:\/\/iwell-guard.com\/is\/#\/schema\/logo\/image\/","url":"https:\/\/iwell-guard.com\/wp-content\/uploads\/2026\/05\/Ittermann-Logo-1182x237-1.png","contentUrl":"https:\/\/iwell-guard.com\/wp-content\/uploads\/2026\/05\/Ittermann-Logo-1182x237-1.png","width":1182,"height":237,"caption":"Ittermann electronic GmbH"},"image":{"@id":"https:\/\/iwell-guard.com\/is\/#\/schema\/logo\/image\/"},"sameAs":["https:\/\/pantip.com\/profile\/9367242","https:\/\/micro.blog\/iwellguard","https:\/\/www.diggerslist.com\/iwellguard\/about","https:\/\/skitterphoto.com\/photographers\/2870314\/iwell-guard","https:\/\/iwellguard.wordpress.com\/2026\/06\/06\/iwell-guard\/","https:\/\/hub.docker.com\/u\/iwellguard","https:\/\/www.pinterest.com\/iwellguard\/","https:\/\/bit.ly\/m\/iwellguard","https:\/\/entre-vos-mains.alsace.eu\/profiles\/iwellguard\/activity","https:\/\/gravatar.com\/reallybeded8fd34","https:\/\/naijamatta.com\/iwellguard","https:\/\/www.goodreads.com\/iwellguard","https:\/\/profile.hatena.ne.jp\/iwellguard\/","https:\/\/experiment.com\/users\/iwellguard","https:\/\/wakelet.com\/@iWellGuard82270","https:\/\/www.chordie.com\/forum\/profile.php?id=2555664","https:\/\/www.instapaper.com\/p\/17757966","https:\/\/www.mapleprimes.com\/users\/iwellguard","https:\/\/businesslistingplus.com\/profile\/iwell-guard\/","https:\/\/telegra.ph\/iWell-Guard-06-06","https:\/\/pbase.com\/iwellguard\/iwellguard","https:\/\/b.hatena.ne.jp\/iwellguard\/20260607#bookmark-4788405196491818882","https:\/\/fliphtml5.com\/home\/iwellguard","https:\/\/anyflip.com\/homepage\/cmiwl#About","https:\/\/transfur.com\/Users\/iwellguard","http:\/\/delphi.larsbo.org\/user\/iwellguard","https:\/\/jobs.lajobsportal.org\/profiles\/8380803-iwell-guard","https:\/\/md.chaosdorf.de\/s\/jfbe5SBdJD","https:\/\/www.lingvolive.com\/en-us\/profile\/9ecaeaca-ce11-4e51-9e71-01d55e2bff36\/translations","https:\/\/www.fitday.com\/fitness\/forums\/members\/iwellguard.html","https:\/\/www.mymeetbook.com\/iwellguard","https:\/\/pxhere.com\/en\/photographer-me\/5040798","https:\/\/disqus.com\/by\/iwellguard\/about\/","https:\/\/pastelink.net\/hjwciqwq","https:\/\/pubhtml5.com\/homepage\/scjhn\/","https:\/\/www.bitchute.com\/channel\/2O2eOKzNqujT","https:\/\/audiomack.com\/iwellguard"]},{"@type":"Person","@id":"https:\/\/iwell-guard.com\/is\/#\/schema\/person\/ee2a27f1cac3406c7c6fb5820cb7349f","name":"Ralf Ittermann","image":{"@type":"ImageObject","inLanguage":"is","@id":"https:\/\/secure.gravatar.com\/avatar\/073c0153e350a5005b68eb752b445fea71f6b24a26da9449ad7e155e6b446c9d?s=96&d=mm&r=g","url":"https:\/\/secure.gravatar.com\/avatar\/073c0153e350a5005b68eb752b445fea71f6b24a26da9449ad7e155e6b446c9d?s=96&d=mm&r=g","contentUrl":"https:\/\/secure.gravatar.com\/avatar\/073c0153e350a5005b68eb752b445fea71f6b24a26da9449ad7e155e6b446c9d?s=96&d=mm&r=g","caption":"Ralf Ittermann"},"givenName":"Ralf","familyName":"Ittermann","jobTitle":"Gesch\u00e4ftsf\u00fchrer und redaktioneller Verantwortlicher","url":"https:\/\/iwell-guard.com\/is\/author\/claude\/","description":"Ralf Ittermann ist Gesch\u00e4ftsf\u00fchrer der Ittermann electronic GmbH und redaktioneller Verantwortlicher des iWell-Guard-Lexikons. Er verbindet langj\u00e4hrige Erfahrung in der Pr\u00e4zisionsfertigung mit medialer Praxis und religionsgeschichtlicher Quellenarbeit.","worksFor":{"@type":"Organization","name":"Ittermann electronic GmbH","url":"https:\/\/ittermann.de\/","address":{"@type":"PostalAddress","streetAddress":"K\u00f6hlergasse 16-18","postalCode":"99842","addressLocality":"Ruhla","addressCountry":"DE"}},"knowsAbout":["Religionsgeschichte","Mythologie","Mediale Praxis","Energetische Diagnostik","Schutzpraxis","Volksglauben","Westliche Esoterik"]},{"@type":"Article","@id":"https:\/\/iwell-guard.com\/is\/legion-andsetning-og-djoflar\/#article","isPartOf":{"@id":"https:\/\/iwell-guard.com\/is\/legion-andsetning-og-djoflar\/"},"author":{"name":"Ralf Ittermann","@id":"https:\/\/iwell-guard.com\/is\/#\/schema\/person\/ee2a27f1cac3406c7c6fb5820cb7349f"},"headline":"Legion \u2013 Andsetning og sameiginlegir dj\u00f6flar","datePublished":"2026-09-05T14:01:38+00:00","dateModified":"2026-09-05T14:15:14+00:00","mainEntityOfPage":{"@id":"https:\/\/iwell-guard.com\/is\/legion-andsetning-og-djoflar\/"},"publisher":{"@id":"https:\/\/iwell-guard.com\/is\/#organization"},"image":{"@id":"https:\/\/iwell-guard.com\/is\/legion-andsetning-og-djoflar\/#primaryimage"},"thumbnailUrl":"https:\/\/iwell-guard.com\/wp-content\/uploads\/2026\/04\/daemonen_christentum_legion.webp","inLanguage":"is","description":"Legion v\u00edsar til h\u00f3ps dj\u00f6fla \u00ed fr\u00e1s\u00f6gninni um hinn andsetna mann fr\u00e1 Gerasa (Mk 5,1\u201320). Fj\u00f6lmenni \u00ed einni manneskju."}]}},"_links":{"self":[{"href":"https:\/\/iwell-guard.com\/is\/wp-json\/wp\/v2\/pages\/168621","targetHints":{"allow":["GET"]}}],"collection":[{"href":"https:\/\/iwell-guard.com\/is\/wp-json\/wp\/v2\/pages"}],"about":[{"href":"https:\/\/iwell-guard.com\/is\/wp-json\/wp\/v2\/types\/page"}],"author":[{"embeddable":true,"href":"https:\/\/iwell-guard.com\/is\/wp-json\/wp\/v2\/users\/3"}],"replies":[{"embeddable":true,"href":"https:\/\/iwell-guard.com\/is\/wp-json\/wp\/v2\/comments?post=168621"}],"version-history":[{"count":0,"href":"https:\/\/iwell-guard.com\/is\/wp-json\/wp\/v2\/pages\/168621\/revisions"}],"wp:featuredmedia":[{"embeddable":true,"href":"https:\/\/iwell-guard.com\/is\/wp-json\/wp\/v2\/media\/1562"}],"wp:attachment":[{"href":"https:\/\/iwell-guard.com\/is\/wp-json\/wp\/v2\/media?parent=168621"}],"wp:term":[{"taxonomy":"category","embeddable":true,"href":"https:\/\/iwell-guard.com\/is\/wp-json\/wp\/v2\/categories?post=168621"}],"curies":[{"name":"wp","href":"https:\/\/api.w.org\/{rel}","templated":true}]}}