{"id":168616,"date":"2026-09-05T14:01:36","date_gmt":"2026-09-05T14:01:36","guid":{"rendered":"https:\/\/iwell-guard.com\/?page_id=168616"},"modified":"2026-09-05T14:15:01","modified_gmt":"2026-09-05T14:15:01","slug":"slavnesk","status":"publish","type":"page","link":"https:\/\/iwell-guard.com\/is\/slavnesk\/","title":{"rendered":"Slavneskt"},"content":{"rendered":"\t\t<div data-elementor-type=\"wp-page\" data-elementor-id=\"168616\" class=\"elementor elementor-168616 elementor-1017\" data-elementor-post-type=\"page\">\n\t\t\t\t<div class=\"elementor-element elementor-element-k-hero-rebuilt-slawis iwg-kultur-hero e-flex e-con-boxed e-con e-parent\" data-id=\"k-hero-rebuilt-slawis\" data-element_type=\"container\" data-e-type=\"container\">\n\t\t\t\t\t<div class=\"e-con-inner\">\n\t\t<div class=\"elementor-element elementor-element-khleft-slawis iwg-kultur-hero-left e-flex e-con-boxed e-con e-child\" data-id=\"khleft-slawis\" data-element_type=\"container\" data-e-type=\"container\">\n\t\t\t\t\t<div class=\"e-con-inner\">\n\t\t\t\t<div class=\"elementor-element elementor-element-k-h1-slawisch elementor-widget elementor-widget-heading\" data-id=\"k-h1-slawisch\" data-element_type=\"widget\" data-e-type=\"widget\" data-widget_type=\"heading.default\">\n\t\t\t\t\t<h1 class=\"elementor-heading-title elementor-size-default\">Slavneskir gu\u00f0ir, Perun, Veles og hi\u00f0 forkristna go\u00f0aheimur<\/h1>\t\t\t\t<\/div>\n\t\t<div class=\"elementor-element elementor-element-aj11-hero-lead-slawis e-con-full e-flex e-con e-child\" data-id=\"aj11-hero-lead-slawis\" data-element_type=\"container\" data-e-type=\"container\">\n\t\t\t\t<div class=\"elementor-element elementor-element-k-lead-slawisch elementor-widget elementor-widget-text-editor\" data-id=\"k-lead-slawisch\" data-element_type=\"widget\" data-e-type=\"widget\" data-widget_type=\"text-editor.default\">\n\t\t\t\t\t\t\t\t\t<p><strong>Verur \u00far slavneskri hef\u00f0<\/strong> \u00e1 iWell Guard. Slavnesk <span class=\"iwg-fachbegriff\" data-tooltip=\"Heildarsafn hef\u00f0bundinna go\u00f0sagna innan menningarheims.\" tabindex=\"0\">go\u00f0afr\u00e6\u00f0i<\/span> Austur- og Mi\u00f0-Evr\u00f3pu. Meginheimildir: Hypat\u00edu-ann\u00e1linn, Slowo o pl&#8217;ku Igorewi, munnleg \u00fej\u00f3\u00f0hef\u00f0.<\/p><p>Slavnesk \u00fej\u00f3\u00f0tr\u00fa \u00feekkir nornir, h\u00fasv\u00e6ttir og verndarform \u00ed \u00fdmsum myndum. \u00cd brennidepli \u00feessa kafla er hi\u00f0 forkristna go\u00f0aheimur Slava, fr\u00e1 Perun til Veles.<\/p>\t\t\t\t\t\t\t\t<\/div>\n\t\t\t\t<\/div>\n\t\t<div class=\"elementor-element elementor-element-aj11-hero-toc-slawis e-con-full e-flex e-con e-child\" data-id=\"aj11-hero-toc-slawis\" data-element_type=\"container\" data-e-type=\"container\">\n\t\t\t\t<div class=\"elementor-element elementor-element-k-toc-slawisch elementor-widget elementor-widget-text-editor\" data-id=\"k-toc-slawisch\" data-element_type=\"widget\" data-e-type=\"widget\" data-widget_type=\"text-editor.default\">\n\t\t\t\t\t\t\t\t\t<p><strong>Efni \u00feessarar s\u00ed\u00f0u:<\/strong><\/p><ul><li><a href=\"#h21777543229\">Munnleg \u00fej\u00f3\u00f0hef\u00f0 og \u00fej\u00f3\u00f0h\u00e1ttas\u00f6fnun<\/a><\/li><li><a href=\"#k-slawisch-h1\">Yfirlit<\/a><\/li><li><a href=\"#x-slawisch-h100\">Saga og go\u00f0aheimur<\/a><\/li><li><a href=\"#x-slawisch-h101\">Verur \u00ed daglegu l\u00edfi<\/a><\/li><li><a href=\"#x-slawisch-h102\">\u00de\u00fd\u00f0ing n\u00fa \u00e1 d\u00f6gum<\/a><\/li><li><a href=\"#k-slawisch-h2\">Gu\u00f0ir (5)<\/a><\/li><li><a href=\"#k-slawisch-h3\">Dj\u00f6flar (2)<\/a><\/li><li><a href=\"#k-slawisch-h4\">Andar (5)<\/a><\/li><\/ul>\t\t\t\t\t\t\t\t<\/div>\n\t\t\t\t<\/div>\n\t\t\t\t\t<\/div>\n\t\t\t\t<\/div>\n\t\t<div class=\"elementor-element elementor-element-khrght-slawis iwg-kultur-hero-right e-flex e-con-boxed e-con e-child\" data-id=\"khrght-slawis\" data-element_type=\"container\" data-e-type=\"container\">\n\t\t\t\t\t<div class=\"e-con-inner\">\n\t\t\t\t<div class=\"elementor-element elementor-element-k-img-slawisch iwg-hero-image elementor-widget elementor-widget-image\" data-id=\"k-img-slawisch\" data-element_type=\"widget\" data-e-type=\"widget\" data-widget_type=\"image.default\">\n\t\t\t\t\t\t\t\t\t\t\t\t\t\t\t<img fetchpriority=\"high\" decoding=\"async\" width=\"683\" height=\"1024\" src=\"https:\/\/iwell-guard.com\/wp-content\/uploads\/2026\/04\/daemonen_slawisch_baba-jaga-683x1024.webp\" class=\"attachment-large size-large wp-image-171029\" alt=\"Baba Jaga - Dj\u00f6full \u00far slavneskri hef\u00f0, s\u00f6guleg-myndr\u00e6n framsetning\" srcset=\"https:\/\/iwell-guard.com\/wp-content\/uploads\/2026\/04\/daemonen_slawisch_baba-jaga-683x1024.webp 683w, https:\/\/iwell-guard.com\/wp-content\/uploads\/2026\/04\/daemonen_slawisch_baba-jaga-200x300.webp 200w, https:\/\/iwell-guard.com\/wp-content\/uploads\/2026\/04\/daemonen_slawisch_baba-jaga-768x1152.webp 768w, https:\/\/iwell-guard.com\/wp-content\/uploads\/2026\/04\/daemonen_slawisch_baba-jaga.webp 1024w\" sizes=\"(max-width: 683px) 100vw, 683px\" \/>\t\t\t\t\t\t\t\t\t\t\t\t\t\t\t<\/div>\n\t\t\t\t\t<\/div>\n\t\t\t\t<\/div>\n\t\t\t\t\t<\/div>\n\t\t\t\t<\/div>\n\t\t\t\t<section class=\"elementor-section elementor-top-section elementor-element elementor-element-sec-iwgcomp2-slawisch elementor-section-boxed elementor-section-height-default elementor-section-height-default\" data-id=\"sec-iwgcomp2-slawisch\" data-element_type=\"section\" data-e-type=\"section\">\n\t\t\t\t\t\t<div class=\"elementor-container elementor-column-gap-default\">\n\t\t\t\t\t<div class=\"elementor-column elementor-col-100 elementor-top-column elementor-element elementor-element-col-iwgcomp2-slawisch\" data-id=\"col-iwgcomp2-slawisch\" data-element_type=\"column\" data-e-type=\"column\">\n\t\t\t<div class=\"elementor-widget-wrap elementor-element-populated\">\n\t\t\t\t\t\t<div class=\"elementor-element elementor-element-iwgcomp2-slawisch elementor-widget elementor-widget-text-editor\" data-id=\"iwgcomp2-slawisch\" data-element_type=\"widget\" data-e-type=\"widget\" data-widget_type=\"text-editor.default\">\n\t\t\t\t\t\t\t\t\t<p>\u00deessi s\u00ed\u00f0a fjallar um <strong>slavnesk<\/strong>a tr\u00fa forkristinna Austurslava.<\/p>\t\t\t\t\t\t\t\t<\/div>\n\t\t\t\t\t<\/div>\n\t\t<\/div>\n\t\t\t\t\t<\/div>\n\t\t<\/section>\n\t\t<div class=\"elementor-element elementor-element-klaerung1777529150 e-con-boxed e-flex e-con e-parent\" data-id=\"klaerung1777529150\" data-element_type=\"container\" data-e-type=\"container\">\n\t\t\t\t\t<div class=\"e-con-inner\">\n\t\t<div class=\"elementor-element elementor-element-aj11-inner-0003 e-con-full e-flex e-con e-child\" data-id=\"aj11-inner-0003\" data-element_type=\"container\" data-e-type=\"container\">\n\t\t\t\t<div class=\"elementor-element elementor-element-klar1777529150 elementor-widget elementor-widget-text-editor\" data-id=\"klar1777529150\" data-element_type=\"widget\" data-e-type=\"widget\" data-widget_type=\"text-editor.default\">\n\t\t\t\t\t\t\t\t\t\n<p><em>Hin <strong>slavneska <span class=\"iwg-fachbegriff\" data-tooltip=\"Heildarsafn hef\u00f0bundinna go\u00f0sagna innan menningarheims.\" tabindex=\"0\">go\u00f0afr\u00e6\u00f0i<\/span><\/strong> er a\u00f0 mestu var\u00f0veitt munnlega, rita\u00f0ar heimildir fr\u00e1 forkristnum t\u00edma (fyrir 988 hj\u00e1 K\u00e6nugar\u00f0sr\u00edkinu) eru f\u00e1g\u00e6tar. Fyrst me\u00f0 \u00fej\u00f3\u00f0h\u00e1ttas\u00f6fnun 19. aldar voru h\u00fasv\u00e6ttir, vatnav\u00e6ttir og sk\u00f3gardj\u00f6flar skr\u00e1\u00f0ir kerfisbundi\u00f0.<\/em><\/p>\t\t\t\t\t\t\t\t<\/div>\n\t\t\t\t<\/div>\n\t\t\t\t\t<\/div>\n\t\t\t\t<\/div>\n\t\t<div class=\"elementor-element elementor-element-clstrsec1777543229 e-con-boxed e-flex e-con e-parent\" data-id=\"clstrsec1777543229\" data-element_type=\"container\" data-e-type=\"container\">\n\t\t\t\t\t<div class=\"e-con-inner\">\n\t\t\t\t<div class=\"elementor-element elementor-element-h21777543229 elementor-widget elementor-widget-heading\" data-id=\"h21777543229\" data-element_type=\"widget\" data-e-type=\"widget\" data-widget_type=\"heading.default\">\n\t\t\t\t\t<h2 class=\"elementor-heading-title elementor-size-default\">Munnleg \u00fej\u00f3\u00f0hef\u00f0 og \u00fej\u00f3\u00f0h\u00e1ttas\u00f6fnun<\/h2>\t\t\t\t<\/div>\n\t\t<div class=\"elementor-element elementor-element-aj12-cluster-text-slawisch e-con-full e-flex e-con e-child\" data-id=\"aj12-cluster-text-slawisch\" data-element_type=\"container\" data-e-type=\"container\">\n\t\t\t\t<div class=\"elementor-element elementor-element-aj12-cluster-text-slawis-t elementor-widget elementor-widget-text-editor\" data-id=\"aj12-cluster-text-slawis-t\" data-element_type=\"widget\" data-e-type=\"widget\" data-widget_type=\"text-editor.default\">\n\t\t\t\t\t\t\t\t\t<p>Slavnesk tr\u00fa er a\u00f0 mestu endurger\u00f0 \u00far \u00fej\u00f3\u00f0hef\u00f0. Forkristnir Slavar \u00feekktu ekki skrift; \u00fea\u00f0 sem vi\u00f0 vitum um gu\u00f0i \u00feeirra kemur \u00far b\u00fds\u00f6nskum og arab\u00edskum fer\u00f0ask\u00fdrslum, kristnum predikunum gegn skur\u00f0go\u00f0ad\u00fdrkun og \u00fej\u00f3\u00f0h\u00e1ttas\u00f6fnun 18. og 19. aldar.<\/p><p>Gu\u00f0irnir Perun, Veles og Mokosch ver\u00f0a a\u00f0eins endurger\u00f0ir \u00ed gr\u00f3fum dr\u00e1ttum.<\/p>\n<p>Hinn eiginlegi r\u00edkid\u00f3mur felst \u00ed \u00fej\u00f3\u00f0tr\u00fanni: h\u00fasv\u00e6ttir (Domovoi, Domovik), sta\u00f0bundnir andar (Lesij \u00ed sk\u00f3ginum, Vodjanoi \u00ed vatninu), sj\u00fakd\u00f3madj\u00f6flar (Kikimora, Mara) auk vera tengdra dau\u00f0a og forfe\u00f0rum.<\/p><p>\u00deessi hef\u00f0arlag lif\u00f0i kristnit\u00f6kuna af og blanda\u00f0ist d\u00fdrkun heilagra: heilagur El\u00eda t\u00f3k s\u00e6ti Peruns, gu\u00f0sm\u00f3\u00f0irin t\u00f3k yfir hlutverk Mokosch.<\/p>\n<p>Hin <strong>fr\u00e6\u00f0ilega ranns\u00f3kn<\/strong> (Gieysztor, Ma\u0144czak, Jakobson) hefur s\u00e9rstaklega n\u00fdtt samanbur\u00f0 vi\u00f0 balt\u00edska og ind\u00f3evr\u00f3pska <span class=\"iwg-fachbegriff\" data-tooltip=\"Heildarsafn hef\u00f0bundinna go\u00f0sagna innan menningarheims.\" tabindex=\"0\">go\u00f0afr\u00e6\u00f0i<\/span>. Margt er \u00f3v\u00edst, og \u00feess vegna er slavnesk hef\u00f0 s\u00e9rstaklega \u00e1hugavert ja\u00f0artilvik \u00ed tr\u00faarbrag\u00f0afr\u00e6\u00f0ilegri umr\u00e6\u00f0u, milli endurger\u00f0anlegrar h\u00e1gu\u00f0atr\u00faar og \u00fej\u00f3\u00f0h\u00e1ttafr\u00e6\u00f0ilega greinanlegrar al\u00fe\u00fd\u00f0umenningar.<\/p>\t\t\t\t\t\t\t\t<\/div>\n\t\t\t\t<\/div>\n\t\t\t\t\t<\/div>\n\t\t\t\t<\/div>\n\t\t<div class=\"elementor-element elementor-element-k-slawisch-s1 e-con-boxed e-flex e-con e-parent\" data-id=\"k-slawisch-s1\" data-element_type=\"container\" data-e-type=\"container\">\n\t\t\t\t\t<div class=\"e-con-inner\">\n\t\t\t\t<div class=\"elementor-element elementor-element-k-slawisch-h1 elementor-widget elementor-widget-heading\" data-id=\"k-slawisch-h1\" data-element_type=\"widget\" data-e-type=\"widget\" data-widget_type=\"heading.default\">\n\t\t\t\t\t<h2 class=\"elementor-heading-title elementor-size-default\">Yfirlit<\/h2>\t\t\t\t<\/div>\n\t\t<div class=\"elementor-element elementor-element-aj11-inner-0004 e-con-full e-flex e-con e-child\" data-id=\"aj11-inner-0004\" data-element_type=\"container\" data-e-type=\"container\">\n\t\t\t\t<div class=\"elementor-element elementor-element-k-slawisch-t1 elementor-widget elementor-widget-text-editor\" data-id=\"k-slawisch-t1\" data-element_type=\"widget\" data-e-type=\"widget\" data-widget_type=\"text-editor.default\">\n\t\t\t\t\t\t\t\t\t<p><strong>T\u00edmabil:<\/strong> Fors\u00f6gulegur og frums\u00f6gulegur t\u00edmi (\u00fej\u00f3\u00f0flutningar Slava \u00e1 5.-7. \u00f6ld) til kristnit\u00f6ku (10.-13. \u00f6ld) og al\u00fe\u00fd\u00f0uhef\u00f0 fram \u00e1 okkar daga.<\/p><p>\u00datbrei\u00f0sla: Austur- og Mi\u00f0-Evr\u00f3pa, Balkanskagi.<\/p><p>Heimildir: Hypat\u00edu-ann\u00e1linn, Slowo o pl&#8217;ku Igorewi, Nestors-ann\u00e1linn, \u00fej\u00f3\u00f0s\u00f6gur, \u00fej\u00f3\u00f0h\u00e1ttas\u00f6fn.<\/p><p><span class=\"iwg-fachbegriff\" data-tooltip=\"Heildarsafn gu\u00f0a innan tr\u00faarbrag\u00f0a e\u00f0a menningarheims.\" tabindex=\"0\">Go\u00f0aheimur<\/span> og verutegundir: Perun (\u00feruma), Veles (undirheimar\/b\u00faf\u00e9), Mokosch (j\u00f6r\u00f0, kona), Marena (dau\u00f0i), Svarog (sm\u00ed\u00f0ar), Domovoi og Bannik (h\u00fasv\u00e6ttir).<\/p>\t\t\t\t\t\t\t\t<\/div>\n\t\t\t\t<\/div>\n\t\t\t\t\t<\/div>\n\t\t\t\t<\/div>\n\t\t<div class=\"elementor-element elementor-element-x-slawisch-s100 e-con-boxed e-flex e-con e-parent\" data-id=\"x-slawisch-s100\" data-element_type=\"container\" data-e-type=\"container\">\n\t\t\t\t\t<div class=\"e-con-inner\">\n\t\t\t\t<div class=\"elementor-element elementor-element-x-slawisch-h100 elementor-widget elementor-widget-heading\" data-id=\"x-slawisch-h100\" data-element_type=\"widget\" data-e-type=\"widget\" data-widget_type=\"heading.default\">\n\t\t\t\t\t<h2 class=\"elementor-heading-title elementor-size-default\">Saga og go\u00f0aveldi<\/h2>\t\t\t\t<\/div>\n\t\t<div class=\"elementor-element elementor-element-aj11-inner-0005 e-con-full e-flex e-con e-child\" data-id=\"aj11-inner-0005\" data-element_type=\"container\" data-e-type=\"container\">\n\t\t\t\t<div class=\"elementor-element elementor-element-x-slawisch-t100 elementor-widget elementor-widget-text-editor\" data-id=\"x-slawisch-t100\" data-element_type=\"widget\" data-e-type=\"widget\" data-widget_type=\"text-editor.default\">\n\t\t\t\t\t\t\t\t\t<p>Slavnesk tr\u00fa er var\u00f0veitt a\u00f0eins a\u00f0 hluta, \u00ed munnlegri hef\u00f0 og seinni ritheimildum (Hypat\u00edu-ann\u00e1linn, 12. \u00f6ld, Saxo Grammaticus). Upprunalegur <span class=\"iwg-fachbegriff\" data-tooltip=\"Heildarsafn gu\u00f0a innan tr\u00faarbrag\u00f0a e\u00f0a menningarheims.\" tabindex=\"0\">go\u00f0aheimur<\/span> n\u00e1\u00f0i yfir gu\u00f0i \u00e1 bor\u00f0 vi\u00f0 Perun (\u00ferumu, str\u00ed\u00f0), Veles (undirheima, vels\u00e6ld), Mokosch (j\u00f6r\u00f0, frj\u00f3semi) og Stribog (vind).<\/p><p>Kristnitakan \u00e1 9.-12. \u00f6ld var \u00f6flug og b\u00e6ldi hef\u00f0ina ni\u00f0ur, en \u00ed <span class=\"iwg-fachbegriff\" data-tooltip=\"Var\u00f0veitt \u00fej\u00f3\u00f0menning me\u00f0 si\u00f0um, s\u00f6gum og lj\u00f3\u00f0um.\" tabindex=\"0\">\u00fej\u00f3\u00f0h\u00e1ttum<\/span> lif\u00f0i h\u00fan \u00e1fram me\u00f0 h\u00fasv\u00e6ttum, sk\u00f3gardj\u00f6flum og vatnav\u00e6ttum. Kerfi\u00f0 var mun s\u00ed\u00f0ur skjalfest en tr\u00faarbr\u00f6g\u00f0 Vestur-Evr\u00f3pu og heimildir sem ur\u00f0u til eftir kristnit\u00f6ku eru hugmyndafr\u00e6\u00f0ilega litu\u00f0.<\/p><p>Sv\u00e6\u00f0isbundinn munur var mikill (Austur-, Vestur- og Su\u00f0urslavar), og n\u00fat\u00edma endurger\u00f0ir eru enn \u00e1giskanir. Slavneskir \u00fej\u00f3\u00f0ernissinnar r\u00f3mant\u00edseru\u00f0u og ger\u00f0u hef\u00f0ina a\u00f0 stj\u00f3rnm\u00e1laefni \u00e1 19. og 20. \u00f6ld.<\/p>\t\t\t\t\t\t\t\t<\/div>\n\t\t\t\t<\/div>\n\t\t\t\t\t<\/div>\n\t\t\t\t<\/div>\n\t\t<div class=\"elementor-element elementor-element-x-slawisch-s101 e-con-boxed e-flex e-con e-parent\" data-id=\"x-slawisch-s101\" data-element_type=\"container\" data-e-type=\"container\">\n\t\t\t\t\t<div class=\"e-con-inner\">\n\t\t\t\t<div class=\"elementor-element elementor-element-x-slawisch-h101 elementor-widget elementor-widget-heading\" data-id=\"x-slawisch-h101\" data-element_type=\"widget\" data-e-type=\"widget\" data-widget_type=\"heading.default\">\n\t\t\t\t\t<h2 class=\"elementor-heading-title elementor-size-default\">Verur \u00ed daglegu l\u00edfi<\/h2>\t\t\t\t<\/div>\n\t\t<div class=\"elementor-element elementor-element-aj11-inner-0006 e-con-full e-flex e-con e-child\" data-id=\"aj11-inner-0006\" data-element_type=\"container\" data-e-type=\"container\">\n\t\t\t\t<div class=\"elementor-element elementor-element-x-slawisch-t101 elementor-widget elementor-widget-text-editor\" data-id=\"x-slawisch-t101\" data-element_type=\"widget\" data-e-type=\"widget\" data-widget_type=\"text-editor.default\">\n\t\t\t\t\t\t\t\t\t<p>Slavnesk framkv\u00e6md er f\u00e1t\u00e6klega skjalfest, en var l\u00edklega mj\u00f6g ritu\u00f0: f\u00f3rnarathafnir fyrir gu\u00f0i og anda, verndarathafnir gegn illum \u00f6ndum og yfirn\u00e1tt\u00farulegum h\u00e6ttum. Domovoi (h\u00fasv\u00e6ttir) voru vins\u00e6lir og kr\u00f6f\u00f0ust vir\u00f0ingar, Leshy (sk\u00f3garv\u00e6ttir) og Rusalka (vatnad\u00edsir) voru hluti af hversdagstr\u00fa.<\/p><p>\u00dej\u00f3\u00f0l\u00e6knislist me\u00f0 jurtum og form\u00falum er skjalfest. Sjamanar og vitringar (sem oft ur\u00f0u prestar me\u00f0 kristnit\u00f6kunni) s\u00e1u um samband vi\u00f0 andaheiminn, prestar st\u00fdr\u00f0u opinberum <span class=\"iwg-fachbegriff\" data-tooltip=\"Gj\u00f6f til gu\u00f0s til a\u00f0 tj\u00e1 \u00feakkl\u00e6ti, b\u00e6n e\u00f0a d\u00fdrkun.\" tabindex=\"0\">f\u00f3rnum<\/span>.<\/p><p>Me\u00f0 kristnit\u00f6kunni voru margar athafnir felldar inn \u00ed kristi\u00f0 form (j\u00f3lin komu \u00ed sta\u00f0 eldh\u00e1t\u00ed\u00f0ar). <span class=\"iwg-fachbegriff\" data-tooltip=\"Tr\u00faarheg\u00f0un sem lifa\u00f0 er \u00ed daglegu l\u00edfi, oft samhli\u00f0a opinberri kenningu.\" tabindex=\"0\">Al\u00fe\u00fd\u00f0utr\u00fa<\/span> h\u00e9lt \u00e1fram andatr\u00fanni, og hei\u00f0nar athafnir sem taldar voru syndsamlegar h\u00e9ldu \u00e1fram \u00e1 laun.<\/p>\t\t\t\t\t\t\t\t<\/div>\n\t\t\t\t<\/div>\n\t\t\t\t\t<\/div>\n\t\t\t\t<\/div>\n\t\t<div class=\"elementor-element elementor-element-x-slawisch-s102 e-con-boxed e-flex e-con e-parent\" data-id=\"x-slawisch-s102\" data-element_type=\"container\" data-e-type=\"container\">\n\t\t\t\t\t<div class=\"e-con-inner\">\n\t\t\t\t<div class=\"elementor-element elementor-element-x-slawisch-h102 elementor-widget elementor-widget-heading\" data-id=\"x-slawisch-h102\" data-element_type=\"widget\" data-e-type=\"widget\" data-widget_type=\"heading.default\">\n\t\t\t\t\t<h2 class=\"elementor-heading-title elementor-size-default\">Mikilv\u00e6gi \u00ed dag<\/h2>\t\t\t\t<\/div>\n\t\t<div class=\"elementor-element elementor-element-aj11-inner-0007 e-con-full e-flex e-con e-child\" data-id=\"aj11-inner-0007\" data-element_type=\"container\" data-e-type=\"container\">\n\t\t\t\t<div class=\"elementor-element elementor-element-x-slawisch-t102 elementor-widget elementor-widget-text-editor\" data-id=\"x-slawisch-t102\" data-element_type=\"widget\" data-e-type=\"widget\" data-widget_type=\"text-editor.default\">\n\t\t\t\t\t\t\t\t\t<p>Slavnesk tr\u00fa er ekki lengur til sem lifandi tr\u00faarhef\u00f0 og er fr\u00e6\u00f0ilega verr skjalfest en vestur- e\u00f0a austur-evr\u00f3psk tr\u00faarbr\u00f6g\u00f0. <span class=\"iwg-fachbegriff\" data-tooltip=\"Hin var\u00f0veitta \u00fej\u00f3\u00f0menning me\u00f0 si\u00f0um, s\u00f6gum og s\u00f6ngvum.\" tabindex=\"0\">\u00dej\u00f3\u00f0fr\u00e6\u00f0i<\/span> og \u00e6vint\u00fdri var\u00f0veita brotakennd minjar.<\/p><p>N\u00fat\u00edmahreyfingin Rodn\u00f3ver\u00eda hefur fr\u00e1 1980 reynt a\u00f0 endurgera hana, en er hugmyndafr\u00e6\u00f0ilega hall\u00e6rislega h\u00e6grisinnu\u00f0 og a\u00f0 miklu leyti tilg\u00e1tukennd. Poppmenning (slavnesk fantas\u00eda, t\u00f6lvuleikir) n\u00fdtir slavneska <span class=\"iwg-fachbegriff\" data-tooltip=\"Heild \u00feeirra gu\u00f0asagna sem var\u00f0veist hafa \u00ed tiltekinni menningu.\" tabindex=\"0\">go\u00f0afr\u00e6\u00f0i<\/span> sem fagurfr\u00e6\u00f0i, \u00e1 me\u00f0an es\u00f3ter\u00edskir vestr\u00e6nir h\u00f3par hafa a\u00f0 mestu leitt hana hj\u00e1 s\u00e9r.<\/p><p>B\u00f3kmenntir og \u00fej\u00f3\u00f0legar hef\u00f0ir (r\u00fassnesk \u00e6vint\u00fdri, Baba Jaga) eru menningarlegir fj\u00e1rsj\u00f3\u00f0ir. \u00dej\u00f3\u00f0ernissinnu\u00f0 p\u00f3lit\u00edsk misnotkun hefur ska\u00f0a\u00f0 hef\u00f0ina, og fr\u00e6\u00f0ilega m\u00f3ttakan er \u00fev\u00ed vark\u00e1r og brotakennd.<\/p>\t\t\t\t\t\t\t\t<\/div>\n\t\t\t\t<\/div>\n\t\t\t\t\t<\/div>\n\t\t\t\t<\/div>\n\t\t<div class=\"elementor-element elementor-element-k-slawisch-s2 e-con-boxed e-flex e-con e-parent\" data-id=\"k-slawisch-s2\" data-element_type=\"container\" data-e-type=\"container\">\n\t\t\t\t\t<div class=\"e-con-inner\">\n\t\t\t\t<div class=\"elementor-element elementor-element-k-slawisch-h2 elementor-widget elementor-widget-heading\" data-id=\"k-slawisch-h2\" data-element_type=\"widget\" data-e-type=\"widget\" data-widget_type=\"heading.default\">\n\t\t\t\t\t<h2 class=\"elementor-heading-title elementor-size-default\">Gu\u00f0ir (11)<\/h2>\t\t\t\t<\/div>\n\t\t<div class=\"elementor-element elementor-element-aj11-inner-0008 e-con-full e-flex e-con e-child\" data-id=\"aj11-inner-0008\" data-element_type=\"container\" data-e-type=\"container\">\n\t\t\t\t<div class=\"elementor-element elementor-element-k-slawisch-t2 elementor-widget elementor-widget-text-editor\" data-id=\"k-slawisch-t2\" data-element_type=\"widget\" data-e-type=\"widget\" data-widget_type=\"text-editor.default\">\n\t\t\t\t\t\t\t\t\t<div class=\"iwg-wesen-grid\"><a class=\"iwg-wesen-card\" href=\"https:\/\/iwell-guard.com\/is\/marena\/\" aria-label=\"Marena\"><div class=\"iwg-wesen-card-imgwrap\"><img decoding=\"async\" src=\"https:\/\/iwell-guard.com\/wp-content\/uploads\/2026\/04\/goetter_slawisch_marena-200x300.webp\" alt=\"Marena\" loading=\"lazy\"><\/div><div class=\"iwg-wesen-card-body\"><div class=\"iwg-wesen-card-name\">Marena<\/div><div class=\"iwg-wesen-card-arrow\">\u2192 \u00c1 v\u00e6ttina<\/div><\/div><\/a><a class=\"iwg-wesen-card\" href=\"https:\/\/iwell-guard.com\/is\/mokosch\/\" aria-label=\"Mokosch\"><div class=\"iwg-wesen-card-imgwrap\"><img decoding=\"async\" src=\"https:\/\/iwell-guard.com\/wp-content\/uploads\/2026\/04\/goetter_slawisch_mokosch-200x300.webp\" alt=\"Mokosch\" loading=\"lazy\"><\/div><div class=\"iwg-wesen-card-body\"><div class=\"iwg-wesen-card-name\">Mokosch<\/div><div class=\"iwg-wesen-card-arrow\">\u2192 \u00c1 v\u00e6ttina<\/div><\/div><\/a><a class=\"iwg-wesen-card\" href=\"https:\/\/iwell-guard.com\/is\/perun\/\" aria-label=\"Perun\"><div class=\"iwg-wesen-card-imgwrap\"><img decoding=\"async\" src=\"https:\/\/iwell-guard.com\/wp-content\/uploads\/2026\/04\/goetter_slawisch_perun-200x300.webp\" alt=\"Perun\" loading=\"lazy\"><\/div><div class=\"iwg-wesen-card-body\"><div class=\"iwg-wesen-card-name\">Perun<\/div><div class=\"iwg-wesen-card-arrow\">\u2192 \u00c1 v\u00e6ttina<\/div><\/div><\/a><a class=\"iwg-wesen-card\" href=\"https:\/\/iwell-guard.com\/is\/svarog\/\" aria-label=\"Svarog\"><div class=\"iwg-wesen-card-imgwrap\"><img decoding=\"async\" src=\"https:\/\/iwell-guard.com\/wp-content\/uploads\/2026\/04\/goetter_slawisch_svarog-200x300.webp\" alt=\"Svarog\" loading=\"lazy\"><\/div><div class=\"iwg-wesen-card-body\"><div class=\"iwg-wesen-card-name\">Svarog<\/div><div class=\"iwg-wesen-card-arrow\">\u2192 \u00c1 v\u00e6ttina<\/div><\/div><\/a><a class=\"iwg-wesen-card\" href=\"https:\/\/iwell-guard.com\/is\/veles\/\" aria-label=\"Veles\"><div class=\"iwg-wesen-card-imgwrap\"><img decoding=\"async\" src=\"https:\/\/iwell-guard.com\/wp-content\/uploads\/2026\/04\/goetter_slawisch_veles-1-200x300.webp\" alt=\"Veles\" loading=\"lazy\"><\/div><div class=\"iwg-wesen-card-body\"><div class=\"iwg-wesen-card-name\">Veles<\/div><div class=\"iwg-wesen-card-arrow\">\u2192 \u00c1 v\u00e6ttina<\/div><\/div><\/a><a class=\"iwg-wesen-card\" href=\"https:\/\/iwell-guard.com\/is\/dazhbog\/\" aria-label=\"Dazhbog\"><div class=\"iwg-wesen-card-imgwrap\"><img decoding=\"async\" src=\"https:\/\/iwell-guard.com\/wp-content\/uploads\/2026\/05\/goetter_slawisch_dazhbog-200x300.webp\" alt=\"Dazhbog\" loading=\"lazy\"><\/div><div class=\"iwg-wesen-card-body\"><div class=\"iwg-wesen-card-name\">Dazhbog<\/div><div class=\"iwg-wesen-card-arrow\">\u2192 \u00c1 v\u00e6ttina<\/div><\/div><\/a><a class=\"iwg-wesen-card\" href=\"https:\/\/iwell-guard.com\/is\/stribog\/\" aria-label=\"Stribog\"><div class=\"iwg-wesen-card-imgwrap\"><img decoding=\"async\" src=\"https:\/\/iwell-guard.com\/wp-content\/uploads\/2026\/05\/goetter_slawisch_stribog-200x300.webp\" alt=\"Stribog\" loading=\"lazy\"><\/div><div class=\"iwg-wesen-card-body\"><div class=\"iwg-wesen-card-name\">Stribog<\/div><div class=\"iwg-wesen-card-arrow\">\u2192 \u00c1 v\u00e6ttina<\/div><\/div><\/a><a class=\"iwg-wesen-card\" href=\"https:\/\/iwell-guard.com\/is\/lada\/\" aria-label=\"Lada\"><div class=\"iwg-wesen-card-imgwrap\"><img decoding=\"async\" src=\"https:\/\/iwell-guard.com\/wp-content\/uploads\/2026\/05\/goetter_slawisch_lada-200x300.webp\" alt=\"Lada\" loading=\"lazy\"><\/div><div class=\"iwg-wesen-card-body\"><div class=\"iwg-wesen-card-name\">Lada<\/div><div class=\"iwg-wesen-card-arrow\">\u2192 \u00c1 v\u00e6ttina<\/div><\/div><\/a><a class=\"iwg-wesen-card\" href=\"https:\/\/iwell-guard.com\/is\/jarilo\/\" aria-label=\"Jarilo\"><div class=\"iwg-wesen-card-imgwrap\"><img decoding=\"async\" src=\"https:\/\/iwell-guard.com\/wp-content\/uploads\/2026\/05\/goetter_slawisch_jarilo-200x300.webp\" alt=\"Jarilo\" loading=\"lazy\"><\/div><div class=\"iwg-wesen-card-body\"><div class=\"iwg-wesen-card-name\">Jarilo<\/div><div class=\"iwg-wesen-card-arrow\">\u2192 \u00c1 v\u00e6ttina<\/div><\/div><\/a><a class=\"iwg-wesen-card\" href=\"https:\/\/iwell-guard.com\/is\/leshy\/\" aria-label=\"Leshy\"><div class=\"iwg-wesen-card-imgwrap\"><img decoding=\"async\" src=\"https:\/\/iwell-guard.com\/wp-content\/uploads\/2026\/05\/goetter_slawisch_leshy-200x300.webp\" alt=\"Leshy\" loading=\"lazy\"><\/div><div class=\"iwg-wesen-card-body\"><div class=\"iwg-wesen-card-name\">Leshy<\/div><div class=\"iwg-wesen-card-arrow\">\u2192 \u00c1 v\u00e6ttina<\/div><\/div><\/a><a class=\"iwg-wesen-card\" href=\"https:\/\/iwell-guard.com\/is\/sventovid\/\" aria-label=\"Sventovid\"><div class=\"iwg-wesen-card-imgwrap\"><img decoding=\"async\" src=\"https:\/\/iwell-guard.com\/wp-content\/uploads\/2026\/05\/goetter_slawisch_sventovid-1-200x300.webp\" alt=\"Sventovid\" loading=\"lazy\"><\/div><div class=\"iwg-wesen-card-body\"><div class=\"iwg-wesen-card-name\">Sventovid<\/div><div class=\"iwg-wesen-card-arrow\">\u2192 \u00c1 v\u00e6ttina<\/div><\/div><\/a><\/div>\t\t\t\t\t\t\t\t<\/div>\n\t\t\t\t<\/div>\n\t\t\t\t\t<\/div>\n\t\t\t\t<\/div>\n\t\t<div class=\"elementor-element elementor-element-k-slawisch-s3 e-con-boxed e-flex e-con e-parent\" data-id=\"k-slawisch-s3\" data-element_type=\"container\" data-e-type=\"container\">\n\t\t\t\t\t<div class=\"e-con-inner\">\n\t\t\t\t<div class=\"elementor-element elementor-element-k-slawisch-h3 elementor-widget elementor-widget-heading\" data-id=\"k-slawisch-h3\" data-element_type=\"widget\" data-e-type=\"widget\" data-widget_type=\"heading.default\">\n\t\t\t\t\t<h2 class=\"elementor-heading-title elementor-size-default\">Dj\u00f6flar (2)<\/h2>\t\t\t\t<\/div>\n\t\t<div class=\"elementor-element elementor-element-aj11-inner-0009 e-con-full e-flex e-con e-child\" data-id=\"aj11-inner-0009\" data-element_type=\"container\" data-e-type=\"container\">\n\t\t\t\t<div class=\"elementor-element elementor-element-k-slawisch-t3 elementor-widget elementor-widget-text-editor\" data-id=\"k-slawisch-t3\" data-element_type=\"widget\" data-e-type=\"widget\" data-widget_type=\"text-editor.default\">\n\t\t\t\t\t\t\t\t\t<div class=\"iwg-wesen-grid\"><a class=\"iwg-wesen-card\" href=\"https:\/\/iwell-guard.com\/is\/baba-jaga\/\" aria-label=\"Baba Jaga\"><div class=\"iwg-wesen-card-imgwrap\"><img decoding=\"async\" src=\"https:\/\/iwell-guard.com\/wp-content\/uploads\/2026\/04\/daemonen_slawisch_baba-jaga-200x300.webp\" alt=\"Baba Jaga\" loading=\"lazy\"><\/div><div class=\"iwg-wesen-card-body\"><div class=\"iwg-wesen-card-name\">Baba Jaga<\/div><div class=\"iwg-wesen-card-arrow\">\u2192 \u00c1 v\u00e6ttina<\/div><\/div><\/a><a class=\"iwg-wesen-card\" href=\"https:\/\/iwell-guard.com\/is\/upyr\/\" aria-label=\"Upyr\"><div class=\"iwg-wesen-card-imgwrap\"><img decoding=\"async\" src=\"https:\/\/iwell-guard.com\/wp-content\/uploads\/2026\/04\/daemonen_slawisch_upyr-200x300.webp\" alt=\"Upyr\" loading=\"lazy\"><\/div><div class=\"iwg-wesen-card-body\"><div class=\"iwg-wesen-card-name\">Upyr<\/div><div class=\"iwg-wesen-card-arrow\">\u2192 \u00c1 v\u00e6ttina<\/div><\/div><\/a><\/div>\t\t\t\t\t\t\t\t<\/div>\n\t\t\t\t<\/div>\n\t\t\t\t\t<\/div>\n\t\t\t\t<\/div>\n\t\t<div class=\"elementor-element elementor-element-k-slawisch-s4 e-con-boxed e-flex e-con e-parent\" data-id=\"k-slawisch-s4\" data-element_type=\"container\" data-e-type=\"container\">\n\t\t\t\t\t<div class=\"e-con-inner\">\n\t\t\t\t<div class=\"elementor-element elementor-element-k-slawisch-h4 elementor-widget elementor-widget-heading\" data-id=\"k-slawisch-h4\" data-element_type=\"widget\" data-e-type=\"widget\" data-widget_type=\"heading.default\">\n\t\t\t\t\t<h2 class=\"elementor-heading-title elementor-size-default\">Andar (7)<\/h2>\t\t\t\t<\/div>\n\t\t<div class=\"elementor-element elementor-element-aj11-inner-000a e-con-full e-flex e-con e-child\" data-id=\"aj11-inner-000a\" data-element_type=\"container\" data-e-type=\"container\">\n\t\t\t\t<div class=\"elementor-element elementor-element-k-slawisch-t4 elementor-widget elementor-widget-text-editor\" data-id=\"k-slawisch-t4\" data-element_type=\"widget\" data-e-type=\"widget\" data-widget_type=\"text-editor.default\">\n\t\t\t\t\t\t\t\t\t<div class=\"iwg-wesen-grid\"><a class=\"iwg-wesen-card\" href=\"https:\/\/iwell-guard.com\/is\/bannik\/\" aria-label=\"Bannik\"><div class=\"iwg-wesen-card-imgwrap\"><img decoding=\"async\" src=\"https:\/\/iwell-guard.com\/wp-content\/uploads\/2026\/04\/geister_slawisch_bannik-200x300.webp\" alt=\"Bannik\" loading=\"lazy\"><\/div><div class=\"iwg-wesen-card-body\"><div class=\"iwg-wesen-card-name\">Bannik<\/div><div class=\"iwg-wesen-card-arrow\">\u2192 \u00c1 v\u00e6ttina<\/div><\/div><\/a><a class=\"iwg-wesen-card\" href=\"https:\/\/iwell-guard.com\/is\/domovoi\/\" aria-label=\"Domovoi\"><div class=\"iwg-wesen-card-imgwrap\"><img decoding=\"async\" src=\"https:\/\/iwell-guard.com\/wp-content\/uploads\/2026\/04\/geister_slawisch_domovoi-200x300.webp\" alt=\"Domovoi\" loading=\"lazy\"><\/div><div class=\"iwg-wesen-card-body\"><div class=\"iwg-wesen-card-name\">Domovoi<\/div><div class=\"iwg-wesen-card-arrow\">\u2192 \u00c1 v\u00e6ttina<\/div><\/div><\/a><a class=\"iwg-wesen-card\" href=\"https:\/\/iwell-guard.com\/is\/kikimora\/\" aria-label=\"Kikimora\"><div class=\"iwg-wesen-card-imgwrap\"><img decoding=\"async\" src=\"https:\/\/iwell-guard.com\/wp-content\/uploads\/2026\/04\/geister_slawisch_kikimora-200x300.webp\" alt=\"Kikimora\" loading=\"lazy\"><\/div><div class=\"iwg-wesen-card-body\"><div class=\"iwg-wesen-card-name\">Kikimora<\/div><div class=\"iwg-wesen-card-arrow\">\u2192 \u00c1 v\u00e6ttina<\/div><\/div><\/a><a class=\"iwg-wesen-card\" href=\"https:\/\/iwell-guard.com\/is\/leshy\/\" aria-label=\"Leshy\"><div class=\"iwg-wesen-card-imgwrap\"><img decoding=\"async\" src=\"https:\/\/iwell-guard.com\/wp-content\/uploads\/2026\/05\/goetter_slawisch_leshy-200x300.webp\" alt=\"Leshy\" loading=\"lazy\"><\/div><div class=\"iwg-wesen-card-body\"><div class=\"iwg-wesen-card-name\">Leshy<\/div><div class=\"iwg-wesen-card-arrow\">\u2192 \u00c1 v\u00e6ttina<\/div><\/div><\/a><a class=\"iwg-wesen-card\" href=\"https:\/\/iwell-guard.com\/is\/rusalka\/\" aria-label=\"Rusalka\"><div class=\"iwg-wesen-card-imgwrap\"><img decoding=\"async\" src=\"https:\/\/iwell-guard.com\/wp-content\/uploads\/2026\/04\/geister_slawisch_rusalka-200x300.webp\" alt=\"Rusalka\" loading=\"lazy\"><\/div><div class=\"iwg-wesen-card-body\"><div class=\"iwg-wesen-card-name\">Rusalka<\/div><div class=\"iwg-wesen-card-arrow\">\u2192 \u00c1 v\u00e6ttina<\/div><\/div><\/a><a class=\"iwg-wesen-card\" href=\"https:\/\/iwell-guard.com\/is\/wodjanoi-vatnavaettur-slavneskrar-hefdar\/\" aria-label=\"Wodjanoi \u2013 vatnav\u00e6ttur slavneskrar hef\u00f0ar\"><div class=\"iwg-wesen-card-imgwrap\"><img decoding=\"async\" src=\"https:\/\/iwell-guard.com\/wp-content\/uploads\/2026\/05\/geister_slawisch_wodjanoi-200x300.webp\" alt=\"Wodjanoi \u2013 vatnav\u00e6ttur slavneskrar hef\u00f0ar\" loading=\"lazy\"><\/div><div class=\"iwg-wesen-card-body\"><div class=\"iwg-wesen-card-name\">Wodjanoi \u2013 vatnav\u00e6ttur slavneskrar hef\u00f0ar<\/div><div class=\"iwg-wesen-card-arrow\">\u2192 \u00c1 v\u00e6ttina<\/div><\/div><\/a><a class=\"iwg-wesen-card\" href=\"https:\/\/iwell-guard.com\/is\/wila-natturuvaettur-sudurslavneskrar-hefdar\/\" aria-label=\"Wila \u2013 n\u00e1tt\u00faruv\u00e6ttur su\u00f0urslavneskrar hef\u00f0ar\"><div class=\"iwg-wesen-card-imgwrap\"><img decoding=\"async\" src=\"https:\/\/iwell-guard.com\/wp-content\/uploads\/2026\/05\/geister_slawisch_wila-200x300.webp\" alt=\"Wila \u2013 n\u00e1tt\u00faruv\u00e6ttur su\u00f0urslavneskrar hef\u00f0ar\" loading=\"lazy\"><\/div><div class=\"iwg-wesen-card-body\"><div class=\"iwg-wesen-card-name\">Wila \u2013 n\u00e1tt\u00faruv\u00e6ttur su\u00f0urslavneskrar hef\u00f0ar<\/div><div class=\"iwg-wesen-card-arrow\">\u2192 \u00c1 v\u00e6ttina<\/div><\/div><\/a><\/div>\t\t\t\t\t\t\t\t<\/div>\n\t\t\t\t<\/div>\n\t\t\t\t\t<\/div>\n\t\t\t\t<\/div>\n\t\t<div class=\"elementor-element elementor-element-x-slawisch-s-faq e-con-boxed e-flex e-con e-parent\" data-id=\"x-slawisch-s-faq\" data-element_type=\"container\" data-e-type=\"container\">\n\t\t\t\t\t<div class=\"e-con-inner\">\n\t\t\t\t<div class=\"elementor-element elementor-element-x-slawisch-h-faq elementor-widget elementor-widget-heading\" data-id=\"x-slawisch-h-faq\" data-element_type=\"widget\" data-e-type=\"widget\" data-widget_type=\"heading.default\">\n\t\t\t\t\t<h2 class=\"elementor-heading-title elementor-size-default\">Algengar spurningar um slavnesku gu\u00f0ina<\/h2>\t\t\t\t<\/div>\n\t\t<div class=\"elementor-element elementor-element-aj11-inner-0007 e-con-full e-flex e-con e-child\" data-id=\"aj11-inner-0007\" data-element_type=\"container\" data-e-type=\"container\">\n\t\t\t\t<div class=\"elementor-element elementor-element-x-slawisch-t-faq elementor-widget elementor-widget-text-editor\" data-id=\"x-slawisch-t-faq\" data-element_type=\"widget\" data-e-type=\"widget\" data-widget_type=\"text-editor.default\">\n\t\t\t\t\t\t\t\t\t<h3>Hversu m\u00f6rg slavnesk go\u00f0 eru til?<\/h3>\n<p>Slavneska <span class=\"iwg-fachbegriff\" data-tooltip=\"Heildarsafn gu\u00f0a \u00ed tr\u00faarbr\u00f6g\u00f0um e\u00f0a menningu.\" tabindex=\"0\">go\u00f0aveldi\u00f0<\/span> (pantheon) er var\u00f0veitt \u00ed heimildum me\u00f0 minni kerfisbundnum h\u00e6tti en \u00fea\u00f0 gr\u00edska e\u00f0a germanska, enda ur\u00f0u rita\u00f0ar heimildir fyrst til eftir kristnit\u00f6ku. Kunnug eru um 30 h\u00f6fu\u00f0gu\u00f0 (Perun, Veles, Svarog, Dazhbog, Stribog, Mokosch, Khors, Simargl, Lada, Jarilo, Marena, Triglav, Sventovid og fleiri).<\/p><p>\u00dear vi\u00f0 b\u00e6tast hundru\u00f0 sta\u00f0bundinna v\u00e6tta og n\u00e1tt\u00faruv\u00e6tta (Leshy, Domovoi, Rusalka, Wila), samtals um 100 til 150 nafngreind go\u00f0.<\/p>\n<h3>Hver er \u00e6\u00f0sta slavneska go\u00f0i\u00f0?<\/h3>\n<p>Perun er h\u00f6fu\u00f0go\u00f0 Austur-slava, \u00ferumugu\u00f0, verndari str\u00ed\u00f0smanna og v\u00f6r\u00f0ur ei\u00f0a, samb\u00e6rilegur vi\u00f0 Seif e\u00f0a \u00de\u00f3r. Me\u00f0al Vestur-slava (R\u00fag\u00edumanna \u00e1 R\u00fcgen) var Sventovid mikilv\u00e6gasta go\u00f0i\u00f0.<\/p><p>Hj\u00e1 \u00f6llum slavneskum \u00fej\u00f3\u00f0flokkum kemur fram \u00ferenningin Perun (himinn, \u00feruma), Veles (j\u00f6r\u00f0, b\u00faf\u00e9, undirheimar) og Mokosch (m\u00f3\u00f0ir, vatn, konur) sem kjarnasamband. Go\u00f0asamkoma Vladim\u00edrs \u00ed K\u00e6nugar\u00f0i (980) setti Perun \u00ed fremstu r\u00f6\u00f0.<\/p>\n<h3>Hva\u00f0 er Vladim\u00edr-<span class=\"iwg-fachbegriff\" data-tooltip=\"Heildarsafn gu\u00f0a \u00ed tr\u00faarbr\u00f6g\u00f0um e\u00f0a menningu.\" tabindex=\"0\">go\u00f0aveldi\u00f0<\/span>?<\/h3>\n<p>Vladim\u00edr-<span class=\"iwg-fachbegriff\" data-tooltip=\"Heildarsafn gu\u00f0a \u00ed tr\u00faarbr\u00f6g\u00f0um e\u00f0a menningu.\" tabindex=\"0\">go\u00f0aveldi\u00f0<\/span> (980\u2013988) var s\u00ed\u00f0asta hei\u00f0na go\u00f0asamkoma K\u00e6nugar\u00f0sr\u00edkis R\u00fassa. St\u00f3rfurstinn Vladim\u00edr Svjatoslav\u00edtsj l\u00e9t reisa sex skur\u00f0go\u00f0 fyrir h\u00f6ll s\u00edna \u00ed K\u00e6nugar\u00f0i \u00e1\u00f0ur en hann t\u00f3k kristna tr\u00fa: Perun (me\u00f0 silfurh\u00f6fu\u00f0 og gulli\u00f0 yfirvaraskegg), Khors (s\u00f3l), Dazhbog (gjafagu\u00f0), Stribog (vindur), Simargl (r\u00e1\u00f0g\u00e1tufull vera) og Mokosch (m\u00f3\u00f0ir).<\/p><p>\u00c1ri\u00f0 988 l\u00e9t hann ey\u00f0a \u00f6llum skur\u00f0go\u00f0unum eftir sk\u00edrn s\u00edna, og Perun var kasta\u00f0 \u00ed Dnjepr-flj\u00f3t. Nestorsann\u00e1ll var\u00f0veitir fr\u00e1s\u00f6gnina.<\/p>\n<h3>Hver er munurinn \u00e1 go\u00f0um og v\u00e6ttum \u00ed slavneskri tr\u00faarhef\u00f0?<\/h3>\n<p>Go\u00f0 (bog) voru tignu\u00f0 \u00ed st\u00e6rri helgist\u00f6\u00f0um og h\u00f6f\u00f0u heimsfr\u00e6\u00f0ileg hlutverk: \u00feruma (Perun), s\u00f3l (Dazhbog), j\u00f6r\u00f0 (Mokosch). V\u00e6ttir (duhi, demoni) eru aftur \u00e1 m\u00f3ti hversdagslegar v\u00e6ttir: Domovoi (heimilisandi), Leshy (sk\u00f3garv\u00e6ttur), Wodjanoi (vatnsv\u00e6ttur), Bannik (ba\u00f0stofuv\u00e6ttur), Polevoi (akurv\u00e6ttur) og Rusalka (l\u00e1tin ung kona vi\u00f0 vatn).<\/p><p>V\u00e6ttirnir eru tv\u00edbentir, \u00feeir geta hj\u00e1lpa\u00f0 e\u00f0a ska\u00f0a\u00f0, og allt fram \u00e1 20. \u00f6ld voru \u00feeir sefa\u00f0ir me\u00f0 matf\u00f3rnum \u00ed hef\u00f0um b\u00e6nda.<\/p>\n<h3>Hva\u00f0 er tv\u00edgo\u00f0i\u00f0 Belobog-Crnobog?<\/h3>\n<p>Belobog (hv\u00edta go\u00f0i\u00f0) og Crnobog (svarta go\u00f0i\u00f0) myndast \u00ed nokkrum vestur-slavneskum heimildum sem go\u00f0apar, lj\u00f3s og g\u00e6ska \u00e1 m\u00f3ti myrkri og illsku. \u00deessi tv\u00edhyggjuhugmynd er hugsanlega undir \u00e1hrifum fr\u00e1 \u00edr\u00f6nskum si\u00f0 (zoroastrisma) e\u00f0a kristni; Helmold fr\u00e1 Bosau (12. \u00f6ld) greinir fr\u00e1 <span class=\"iwg-fachbegriff\" data-tooltip=\"Heild tr\u00faarlegra tignunarathafna fyrir go\u00f0 e\u00f0a heilaga veru.\" tabindex=\"0\">Crnobog-si\u00f0<\/span> hj\u00e1 Vestur-sl\u00f6vum.<\/p><p>\u00cd tr\u00faarbrag\u00f0afr\u00e6\u00f0um er tilvist Belobogs deiluefni, hann g\u00e6ti veri\u00f0 afleidd hugmynd sem sprottin er af hinum vel sta\u00f0festa Crnobog, l\u00edkt og dj\u00f6fullinn er \u00e1n sk\u00fdrrar hli\u00f0st\u00e6\u00f0u hv\u00edts go\u00f0s.<\/p>\n<h3>Hva\u00f0 var\u00f0 um slavnesk go\u00f0 eftir kristnit\u00f6ku?<\/h3>\n<p>Eftir \u00e1ri\u00f0 988 (sk\u00edrn K\u00e6nugar\u00f0s) var opinber go\u00f0ad\u00fdrkun b\u00f6nnu\u00f0, skur\u00f0go\u00f0um eytt og <span class=\"iwg-fachbegriff\" data-tooltip=\"Byggingarmannvirki sem er tignun eins e\u00f0a fleiri gu\u00f0a helga\u00f0.\" tabindex=\"0\">hofum<\/span> r\u00fasta\u00f0. \u00cd almennri tr\u00fa lif\u00f0u go\u00f0in \u00fe\u00f3 \u00e1fram: Perun var\u00f0 heilagur El\u00eda (sem ekur um sk\u00fdin \u00e1 \u00ferumuvagni), Veles var\u00f0 heilagur Blas\u00edus (verndard\u00fdrlingur b\u00faf\u00e9na\u00f0ar, vegna atkv\u00e6\u00f0afr\u00e6\u00f0ilegs l\u00edkindis Veles-Vlas), og Mokosch rann saman vi\u00f0 d\u00fdrkun gu\u00f0sm\u00f3\u00f0ur.<\/p><p>\u00deessi samruni, slavneska tv\u00edtr\u00fain (dvoeverie), h\u00e9lst \u00ed sveitum allt fram \u00e1 19. \u00f6ld.<\/p>\n<script type=\"application\/ld+json\">{\"@context\": \"https:\/\/schema.org\", \"@type\": \"FAQPage\", \"mainEntity\": [{\"@type\": \"Question\", \"name\": \"Hversu m\u00f6rg slavnesk go\u00f0 eru til?\", \"acceptedAnswer\": {\"@type\": \"Answer\", \"text\": \"Slavneska go\u00f0aveldi\u00f0 er var\u00f0veitt \u00ed heimildum me\u00f0 minni kerfisbundnum h\u00e6tti en \u00fea\u00f0 gr\u00edska e\u00f0a germanska, enda ur\u00f0u rita\u00f0ar heimildir fyrst til eftir kristnit\u00f6ku. Kunnug eru um 30 h\u00f6fu\u00f0gu\u00f0 (Perun, Veles, Svarog, Dazhbog, Stribog, Mokosch, Khors, Simargl, Lada, Jarilo, Marena, Triglav, Sventovid og fleiri). \u00dear vi\u00f0 b\u00e6tast hundru\u00f0 sta\u00f0bundinna v\u00e6tta og n\u00e1tt\u00faruv\u00e6tta (Leshy, Domovoi, Rusalka, Wila), samtals um 100 til 150 nafngreind go\u00f0.\"}}, {\"@type\": \"Question\", \"name\": \"Hver er \u00e6\u00f0sta slavneska go\u00f0i\u00f0?\", \"acceptedAnswer\": {\"@type\": \"Answer\", \"text\": \"Perun er h\u00f6fu\u00f0go\u00f0 Austur-slava, \u00ferumugu\u00f0, verndari str\u00ed\u00f0smanna og v\u00f6r\u00f0ur ei\u00f0a, samb\u00e6rilegur vi\u00f0 Seif e\u00f0a \u00de\u00f3r. Me\u00f0al Vestur-slava (R\u00fag\u00edumanna \u00e1 R\u00fcgen) var Sventovid mikilv\u00e6gasta go\u00f0i\u00f0. Hj\u00e1 \u00f6llum slavneskum \u00fej\u00f3\u00f0flokkum kemur fram \u00ferenningin Perun (himinn, \u00feruma), Veles (j\u00f6r\u00f0, b\u00faf\u00e9, undirheimar) og Mokosch (m\u00f3\u00f0ir, vatn, konur) sem kjarnasamband. Go\u00f0asamkoma Vladim\u00edrs \u00ed K\u00e6nugar\u00f0i (980) setti Perun \u00ed fremstu r\u00f6\u00f0.\"}}, {\"@type\": \"Question\", \"name\": \"Hva\u00f0 er Vladim\u00edr-go\u00f0aveldi\u00f0?\", \"acceptedAnswer\": {\"@type\": \"Answer\", \"text\": \"Vladim\u00edr-go\u00f0aveldi\u00f0 (980\u2013988) var s\u00ed\u00f0asta hei\u00f0na go\u00f0asamkoma K\u00e6nugar\u00f0sr\u00edkis R\u00fassa. St\u00f3rfurstinn Vladim\u00edr Svjatoslav\u00edtsj l\u00e9t reisa sex skur\u00f0go\u00f0 fyrir h\u00f6ll s\u00edna \u00ed K\u00e6nugar\u00f0i \u00e1\u00f0ur en hann t\u00f3k kristna tr\u00fa: Perun (me\u00f0 silfurh\u00f6fu\u00f0 og gulli\u00f0 yfirvaraskegg), Khors (s\u00f3l), Dazhbog (gjafagu\u00f0), Stribog (vindur), Simargl (r\u00e1\u00f0g\u00e1tufull vera) og Mokosch (m\u00f3\u00f0ir). \u00c1ri\u00f0 988 l\u00e9t hann ey\u00f0a \u00f6llum skur\u00f0go\u00f0unum eftir sk\u00edrn s\u00edna, og Perun var kasta\u00f0 \u00ed Dnjepr-flj\u00f3t. Nestorsann\u00e1ll var\u00f0veitir fr\u00e1s\u00f6gnina.\"}}, {\"@type\": \"Question\", \"name\": \"Hver er munurinn \u00e1 go\u00f0um og v\u00e6ttum \u00ed slavneskri tr\u00faarhef\u00f0?\", \"acceptedAnswer\": {\"@type\": \"Answer\", \"text\": \"Go\u00f0 (bog) voru tignu\u00f0 \u00ed st\u00e6rri helgist\u00f6\u00f0um og h\u00f6f\u00f0u heimsfr\u00e6\u00f0ileg hlutverk: \u00feruma (Perun), s\u00f3l (Dazhbog), j\u00f6r\u00f0 (Mokosch). V\u00e6ttir (duhi, demoni) eru aftur \u00e1 m\u00f3ti hversdagslegar v\u00e6ttir: Domovoi (heimilisandi), Leshy (sk\u00f3garv\u00e6ttur), Wodjanoi (vatnsv\u00e6ttur), Bannik (ba\u00f0stofuv\u00e6ttur), Polevoi (akurv\u00e6ttur) og Rusalka (l\u00e1tin ung kona vi\u00f0 vatn). V\u00e6ttirnir eru tv\u00edbentir, \u00feeir geta hj\u00e1lpa\u00f0 e\u00f0a ska\u00f0a\u00f0, og allt fram \u00e1 20. \u00f6ld voru \u00feeir sefa\u00f0ir me\u00f0 matf\u00f3rnum \u00ed hef\u00f0um b\u00e6nda.\"}}, {\"@type\": \"Question\", \"name\": \"Hva\u00f0 er tv\u00edgo\u00f0i\u00f0 Belobog-Crnobog?\", \"acceptedAnswer\": {\"@type\": \"Answer\", \"text\": \"Belobog (hv\u00edta go\u00f0i\u00f0) og Crnobog (svarta go\u00f0i\u00f0) myndast \u00ed nokkrum vestur-slavneskum heimildum sem go\u00f0apar, lj\u00f3s og g\u00e6ska \u00e1 m\u00f3ti myrkri og illsku. \u00deessi tv\u00edhyggjuhugmynd er hugsanlega undir \u00e1hrifum fr\u00e1 \u00edr\u00f6nskum si\u00f0 (zoroastrisma) e\u00f0a kristni; Helmold fr\u00e1 Bosau (12. \u00f6ld) greinir fr\u00e1 Crnobog-si\u00f0 hj\u00e1 Vestur-sl\u00f6vum. V\u00edsindalega er tilvist Belobogs deiluefni, hann g\u00e6ti veri\u00f0 afleidd hugmynd sem sprottin er af hinum vel sta\u00f0festa Crnobog, l\u00edkt og dj\u00f6fullinn er \u00e1n sk\u00fdrrar hli\u00f0st\u00e6\u00f0u hv\u00edts go\u00f0s.\"}}, {\"@type\": \"Question\", \"name\": \"Hva\u00f0 var\u00f0 um slavnesk go\u00f0 eftir kristnit\u00f6ku?\", \"acceptedAnswer\": {\"@type\": \"Answer\", \"text\": \"Eftir \u00e1ri\u00f0 988 (sk\u00edrn K\u00e6nugar\u00f0s) var opinber go\u00f0ad\u00fdrkun b\u00f6nnu\u00f0, skur\u00f0go\u00f0um eytt og hofum r\u00fasta\u00f0. \u00cd almennri tr\u00fa lif\u00f0u go\u00f0in \u00fe\u00f3 \u00e1fram: Perun var\u00f0 heilagur El\u00eda (sem ekur um sk\u00fdin \u00e1 \u00ferumuvagni), Veles var\u00f0 heilagur Blas\u00edus (verndard\u00fdrlingur b\u00faf\u00e9na\u00f0ar, vegna atkv\u00e6\u00f0afr\u00e6\u00f0ilegs l\u00edkindis Veles-Vlas), og Mokosch rann saman vi\u00f0 d\u00fdrkun gu\u00f0sm\u00f3\u00f0ur. \u00deessi samruni, slavneska tv\u00edtr\u00fain (dvoeverie), h\u00e9lst \u00ed sveitum allt fram \u00e1 19. \u00f6ld.\"}}]}<\/script>\t\t\t\t\t\t\t\t<\/div>\n\t\t\t\t<\/div>\n\t\t\t\t\t<\/div>\n\t\t\t\t<\/div>\n\t\t<div class=\"elementor-element elementor-element-9cbb9f4 e-con-boxed e-flex e-con e-parent\" data-id=\"9cbb9f4\" data-element_type=\"container\" data-e-type=\"container\">\n\t\t\t\t\t<div class=\"e-con-inner\">\n\t\t\t\t<div class=\"elementor-element elementor-element-4571370 elementor-widget elementor-widget-heading\" data-id=\"4571370\" data-element_type=\"widget\" data-e-type=\"widget\" data-widget_type=\"heading.default\">\n\t\t\t\t\t<h2 class=\"elementor-heading-title elementor-size-default\">\u00cdtarefni<\/h2>\t\t\t\t<\/div>\n\t\t\t\t<div class=\"elementor-element elementor-element-1b3dbac elementor-widget elementor-widget-heading\" data-id=\"1b3dbac\" data-element_type=\"widget\" data-e-type=\"widget\" data-widget_type=\"heading.default\">\n\t\t\t\t\t<h3 class=\"elementor-heading-title elementor-size-default\">F\u00e1t\u00e6klegar heimildir<\/h3>\t\t\t\t<\/div>\n\t\t<div class=\"elementor-element elementor-element-aj11-inner-000b e-con-full e-flex e-con e-child\" data-id=\"aj11-inner-000b\" data-element_type=\"container\" data-e-type=\"container\">\n\t\t\t\t<div class=\"elementor-element elementor-element-5605afe elementor-widget elementor-widget-text-editor\" data-id=\"5605afe\" data-element_type=\"widget\" data-e-type=\"widget\" data-widget_type=\"text-editor.default\">\n\t\t\t\t\t\t\t\t\t<p>Slavnesk tr\u00fa er go\u00f0fr\u00e6\u00f0ilega ein af verst var\u00f0veittu tr\u00faarbr\u00f6g\u00f0um Evr\u00f3pu. Engar slavneskar Eddur eru til, engar go\u00f0sagnas\u00f6gur, engar kerfisbundnar gu\u00f0askr\u00e1r.<\/p><p>\u00dea\u00f0 sem vi\u00f0 h\u00f6fum eru b\u00fdsanskar og vesturevr\u00f3pskar fr\u00e1sagnir utana\u00f0komandi manna, kron\u00edkur fr\u00e1 kristnit\u00f6kut\u00edmanum (Nestorskron\u00edkan, l\u00fdsing Saxo Grammaticus \u00e1 hofinu \u00ed Arkona), fornleifafundir og fyrst og fremst \u00fej\u00f3\u00f0sagnaarfleif\u00f0 \u00ed lj\u00f3\u00f0um, si\u00f0um og \u00e6vint\u00fdrum.<\/p>\t\t\t\t\t\t\t\t<\/div>\n\t\t\t\t<\/div>\n\t\t\t\t<div class=\"elementor-element elementor-element-83ce9df elementor-widget elementor-widget-heading\" data-id=\"83ce9df\" data-element_type=\"widget\" data-e-type=\"widget\" data-widget_type=\"heading.default\">\n\t\t\t\t\t<h3 class=\"elementor-heading-title elementor-size-default\">H\u00f6fu\u00f0gu\u00f0ir og \u00fej\u00f3\u00f0aranda<\/h3>\t\t\t\t<\/div>\n\t\t<div class=\"elementor-element elementor-element-bw-80b2b1d-4ee697d e-flex e-con-boxed e-con e-parent\" data-id=\"bw-80b2b1d-4ee697d\" data-element_type=\"container\" data-e-type=\"container\" data-settings=\"{&quot;background_background&quot;:&quot;classic&quot;}\">\n\t\t\t\t\t<div class=\"e-con-inner\">\n\t\t\t\t<div class=\"elementor-element elementor-element-80b2b1d elementor-widget elementor-widget-text-editor\" data-id=\"80b2b1d\" data-element_type=\"widget\" data-e-type=\"widget\" data-widget_type=\"text-editor.default\">\n\t\t\t\t\t\t\t\t\t<p>Fremstir \u00ed hinu \u00feekkta go\u00f0aheimi eru Perun (\u00ferumu- og eikargu\u00f0, h\u00f6fu\u00f0gu\u00f0), Veles (gu\u00f0 b\u00faf\u00e9na\u00f0ar, undirheima og galdurs, andst\u00e6\u00f0ingur Peruns), Svarog (himin- og sm\u00ed\u00f0agu\u00f0) og Mokosch (m\u00f3\u00f0ir j\u00f6r\u00f0).<\/p><p>Vi\u00f0 hli\u00f0 \u00feeirra stendur l\u00e6gri <span class=\"iwg-fachbegriff\" data-tooltip=\"Heildarsafn var\u00f0veittra go\u00f0sagna \u00ed tiltekinni menningu.\" tabindex=\"0\">go\u00f0afr\u00e6\u00f0i<\/span>: Domovoi, Leshy, Wodjanoi, Rusalka, Bannik og Kikimora. \u00deessar v\u00e6ttir m\u00f3tu\u00f0u daglegt l\u00edf sveitaf\u00f3lks um margar aldir.<\/p>\t\t\t\t\t\t\t\t<\/div>\n\t\t\t\t\t<\/div>\n\t\t\t\t<\/div>\n\t\t\t\t<div class=\"elementor-element elementor-element-fb27fed elementor-widget elementor-widget-heading\" data-id=\"fb27fed\" data-element_type=\"widget\" data-e-type=\"widget\" data-widget_type=\"heading.default\">\n\t\t\t\t\t<h3 class=\"elementor-heading-title elementor-size-default\">Kristnitaka og samruni tr\u00faarbrag\u00f0a<\/h3>\t\t\t\t<\/div>\n\t\t<div class=\"elementor-element elementor-element-bw-d6e4802-3c664d4 e-flex e-con-boxed e-con e-parent\" data-id=\"bw-d6e4802-3c664d4\" data-element_type=\"container\" data-e-type=\"container\" data-settings=\"{&quot;background_background&quot;:&quot;classic&quot;}\">\n\t\t\t\t\t<div class=\"e-con-inner\">\n\t\t\t\t<div class=\"elementor-element elementor-element-d6e4802 elementor-widget elementor-widget-text-editor\" data-id=\"d6e4802\" data-element_type=\"widget\" data-e-type=\"widget\" data-widget_type=\"text-editor.default\">\n\t\t\t\t\t\t\t\t\t<p>Kristnitaka Slava \u00e1tti s\u00e9r sta\u00f0 \u00e1 mj\u00f6g mismunandi t\u00edmum eftir sv\u00e6\u00f0um (B\u00falgar\u00eda 864, R\u00fassland 988). \u00cd sta\u00f0 fullkominnar \u00fatr\u00fdmingar var\u00f0 samruni: Perun var\u00f0 heilagur El\u00eda, Veles var\u00f0 heilagur Blas\u00edus, Mokosch var\u00f0 Pjatnitsa. \u00dej\u00f3\u00f0legir si\u00f0ir eins og Maslenitsa-h\u00e1t\u00ed\u00f0in og Iwan Kupala lif\u00f0u \u00e1fram undir kristnu yfirbrag\u00f0i fram \u00e1 okkar daga.<\/p>\t\t\t\t\t\t\t\t<\/div>\n\t\t\t\t\t<\/div>\n\t\t\t\t<\/div>\n\t\t\t\t<div class=\"elementor-element elementor-element-ee7014d elementor-widget elementor-widget-heading\" data-id=\"ee7014d\" data-element_type=\"widget\" data-e-type=\"widget\" data-widget_type=\"heading.default\">\n\t\t\t\t\t<h3 class=\"elementor-heading-title elementor-size-default\">Endurfundur og ranns\u00f3knir<\/h3>\t\t\t\t<\/div>\n\t\t<div class=\"elementor-element elementor-element-bw-6ac26ee-52aed7c e-flex e-con-boxed e-con e-parent\" data-id=\"bw-6ac26ee-52aed7c\" data-element_type=\"container\" data-e-type=\"container\" data-settings=\"{&quot;background_background&quot;:&quot;classic&quot;}\">\n\t\t\t\t\t<div class=\"e-con-inner\">\n\t\t\t\t<div class=\"elementor-element elementor-element-6ac26ee elementor-widget elementor-widget-text-editor\" data-id=\"6ac26ee\" data-element_type=\"widget\" data-e-type=\"widget\" data-widget_type=\"text-editor.default\">\n\t\t\t\t\t\t\t\t\t<p>\u00c1 19. \u00f6ld h\u00f3fst v\u00edsindaleg skr\u00e1ning: Aleksandr Afanasjew safna\u00f0i \u00e6vint\u00fdrum, s\u00ed\u00f0ar greindi Wladimir Propp ger\u00f0 \u00feeirra. Endurger\u00f0 \u00fej\u00f3\u00f0tr\u00fa eftirsov\u00e9ska t\u00edmans (Rodnoverie) er n\u00fat\u00edmahreyfing, ekki vitnisbur\u00f0ur um s\u00f6guleg vinnubr\u00f6g\u00f0.<\/p><p>\u00c1 iWell Guard vinnum vi\u00f0 varlega me\u00f0 heimildirnar, enda er h\u00e6ttan \u00e1 \u00fej\u00f3\u00f0ernislegri go\u00f0sagnasm\u00ed\u00f0 h\u00e9r b\u00e6\u00f0i s\u00f6guleg og \u00e1\u00fereifanleg \u00ed dag.<\/p><div data-nosnippet=\"true\" class=\"iwg-litliste\"><p><strong>Grunnrit (slavnesk):<\/strong><\/p><ul><li><span data-nosnippet><strong>Gieysztor, Aleksander<\/strong>: <em>Mitologia S\u0142owian. Warszawa 1982.<\/em><\/span><\/li><li><span data-nosnippet><strong>Ma\u0144czak, Witold<\/strong>: <em>Slawische <span class=\"iwg-fachbegriff\" data-tooltip=\"Heildarsafn var\u00f0veittra go\u00f0sagna \u00ed tiltekinni menningu.\" tabindex=\"0\">go\u00f0afr\u00e6\u00f0i<\/span>. In: Encyclopedia of Religion 13, Macmillan 1987.<\/em><\/span><\/li><\/ul><\/div>\n<p class=\"iwg-bib-more\"><span data-nosnippet>Fleiri grunnrit \u00ed <a href=\"https:\/\/iwell-guard.com\/is\/?page_id=168730\">heimildaskr\u00e1nni<\/a>.<\/span><\/p>\t\t\t\t\t\t\t\t<\/div>\n\t\t\t\t\t<\/div>\n\t\t\t\t<\/div>\n\t\t\t\t\t<\/div>\n\t\t\t\t<\/div>\n\t\t<div class=\"elementor-element elementor-element-iwgcc-slawisch-sec e-flex e-con-boxed e-con e-parent\" data-id=\"iwgcc-slawisch-sec\" data-element_type=\"container\" data-e-type=\"container\" id=\"iwg-cc-slawisch\">\n\t\t\t\t\t<div class=\"e-con-inner\">\n\t\t<div class=\"elementor-element elementor-element-iwgcc-slawisch-inner e-flex e-con-boxed e-con e-parent\" data-id=\"iwgcc-slawisch-inner\" data-element_type=\"container\" data-e-type=\"container\" data-settings=\"{&quot;background_background&quot;:&quot;classic&quot;}\">\n\t\t\t\t\t<div class=\"e-con-inner\">\n\t\t\t\t<div class=\"elementor-element elementor-element-iwgcc-slawisch-h elementor-widget elementor-widget-heading\" data-id=\"iwgcc-slawisch-h\" data-element_type=\"widget\" data-e-type=\"widget\" data-widget_type=\"heading.default\">\n\t\t\t\t\t<h2 class=\"elementor-heading-title elementor-size-default\">Verndargripir \u00ed \u00feessari menningarhef\u00f0<\/h2>\t\t\t\t<\/div>\n\t\t\t\t<div class=\"elementor-element elementor-element-iwgcc-slawisch-t elementor-widget elementor-widget-text-editor\" data-id=\"iwgcc-slawisch-t\" data-element_type=\"widget\" data-e-type=\"widget\" data-widget_type=\"text-editor.default\">\n\t\t\t\t\t\t\t\t\t<p>Slavnesk \u00fej\u00f3\u00f0hef\u00f0 tengdi saman heimilis- og l\u00edkamsvernd: Domowoi-<span class=\"iwg-fachbegriff\" data-tooltip=\"Heildarsafn var\u00f0veittra si\u00f0a \u00ed tilteknu samf\u00e9lagi.\" tabindex=\"0\">si\u00f0venjur<\/span>, <span class=\"iwg-fachbegriff\" data-tooltip=\"T\u00e1kn sem stendur fyrir hugmynd e\u00f0a merkingu.\" tabindex=\"0\">t\u00e1kn<\/span>-\u00fatsaum \u00e1 fatna\u00f0i og veggtj\u00f6ldum, \u00fer\u00e1\u00f0averndargripi gegn illu auga.<\/p><div data-nosnippet=\"true\"><p>iWell Guard fellur inn \u00ed \u00feessa menningars\u00f6gulegu hef\u00f0 kl\u00e6\u00f0ilegra verndargripa, \u00ed n\u00fat\u00edmalegri efnis\u00fatf\u00e6rslu, framleitt \u00ed \u00de\u00fdskalandi. 41 lag, alv\u00f6ru gull, plat\u00edna, silfur. 30 daga skilar\u00e9tt.<\/p><\/div>\t\t\t\t\t\t\t\t<\/div>\n\t\t\t\t<div class=\"elementor-element elementor-element-iwgcc-slawisch-b iwg-cc-button iwg-cc-cta-2026-05-13 elementor-widget elementor-widget-jet-button\" data-id=\"iwgcc-slawisch-b\" data-element_type=\"widget\" data-e-type=\"widget\" data-widget_type=\"jet-button.default\">\n\t\t\t\t<div class=\"elementor-widget-container\">\n\t\t\t\t\t<div class=\"elementor-jet-button jet-elements\"><div class=\"jet-button__container\"><a class=\"jet-button__instance jet-button__instance--icon-left hover-effect-1\" href=\"\/ueber-iwell-guard\/?utm_source=iwell-guard.com&amp;utm_medium=info-box&amp;utm_campaign=kultur-tradition\"><div class=\"jet-button__plane jet-button__plane-normal\"><\/div><div class=\"jet-button__plane jet-button__plane-hover\"><\/div><div class=\"jet-button__state jet-button__state-normal\"><span class=\"jet-button__label\">Meira um iWell Guard<\/span><\/div><div class=\"jet-button__state jet-button__state-hover\"><span class=\"jet-button__label\">Meira um iWell Guard<\/span><\/div><\/a><\/div><\/div><style>.elementor-element.elementor-element-iwgcc-slawisch-b .jet-button__instance{width:320px;height:56px;}.elementor-element.elementor-element-iwgcc-slawisch-b .jet-button__state-normal .jet-button__label{text-align:center;margin:0px 0px 0px 0px;color:#1a1b20;font-family:Montserrat,sans-serif;font-size:13px;font-weight:400;letter-spacing:4px;line-height:1.714em;text-transform:uppercase;}.elementor-element.elementor-element-iwgcc-slawisch-b .jet-button__state-hover .jet-button__label{text-align:center;margin:0px 0px 0px 0px;color:#FECC76;font-family:Montserrat,sans-serif;font-size:13px;font-weight:400;letter-spacing:4px;line-height:1.714em;text-transform:uppercase;}.elementor-element.elementor-element-iwgcc-slawisch-b .jet-button__plane-normal{background-color:#FECC76;border-style:solid;border-color:#C99540;border-width:2px 2px 2px 2px;}.elementor-element.elementor-element-iwgcc-slawisch-b .jet-button__plane-hover{background-color:rgba(0,0,0,0.55);border-style:solid;border-color:#FECC76;border-width:2px 2px 2px 2px;}<\/style>\t\t\t\t<\/div>\n\t\t\t\t<\/div>\n\t\t\t\t<div class=\"elementor-element elementor-element-iwgcc-slawisch-d elementor-widget elementor-widget-text-editor\" data-id=\"iwgcc-slawisch-d\" data-element_type=\"widget\" data-e-type=\"widget\" data-widget_type=\"text-editor.default\">\n\t\t\t\t\t\t\t\t\t<div data-nosnippet=\"true\"><p style=\"text-align:center;font-size:13px;opacity:0.7;margin-top:14px\" data-nosnippet=\"true\">Pers\u00f3nuleg reynsla getur veri\u00f0 mismunandi. Ekki l\u00e6kningat\u00e6ki. Engin lofor\u00f0 um l\u00e6kningu.<\/p><\/div>\t\t\t\t\t\t\t\t<\/div>\n\t\t\t\t\t<\/div>\n\t\t\t\t<\/div>\n\t\t\t\t\t<\/div>\n\t\t\t\t<\/div>\n\t\t<div class=\"elementor-element elementor-element-iwgssrev-slawisch e-flex e-con-boxed e-con e-parent\" data-id=\"iwgssrev-slawisch\" data-element_type=\"container\" data-e-type=\"container\">\n\t\t\t\t\t<div class=\"e-con-inner\">\n\t\t\t\t<div class=\"elementor-element elementor-element-iwgssrev-slawisch-h elementor-widget elementor-widget-heading\" data-id=\"iwgssrev-slawisch-h\" data-element_type=\"widget\" data-e-type=\"widget\" data-widget_type=\"heading.default\">\n\t\t\t\t\t<h2 class=\"elementor-heading-title elementor-size-default\">Verndart\u00e1kn \u00far slavneska heiminum<\/h2>\t\t\t\t<\/div>\n\t\t\t\t<div class=\"elementor-element elementor-element-iwgssrev-slawisch-t elementor-widget elementor-widget-text-editor\" data-id=\"iwgssrev-slawisch-t\" data-element_type=\"widget\" data-e-type=\"widget\" data-widget_type=\"text-editor.default\">\n\t\t\t\t\t\t\t\t\t<p>Uppflettiriti\u00f0 um verndart\u00e1kn fjallar um nokkur t\u00e1kn og hluti \u00far slavneska heiminum \u00e1 eigin s\u00ed\u00f0um: <a href=\"https:\/\/iwell-guard.com\/is\/?page_id=169176\">\u00derumut\u00e1kn<\/a>, <a href=\"https:\/\/iwell-guard.com\/is\/?page_id=169214\">H\u00f6nd Gu\u00f0s<\/a>, <a href=\"https:\/\/iwell-guard.com\/is\/?page_id=169155\">Kolowrat<\/a>, <a href=\"https:\/\/iwell-guard.com\/is\/?page_id=169215\">Obereg<\/a> og <a href=\"https:\/\/iwell-guard.com\/is\/?page_id=169216\">Slavneska lunulan<\/a>. Yfirlit yfir menningarheima \u00ed heild veitir s\u00ed\u00f0an um <a href=\"https:\/\/iwell-guard.com\/is\/?page_id=168902\">verndart\u00e1kn<\/a>.<\/p>\t\t\t\t\t\t\t\t<\/div>\n\t\t\t\t\t<\/div>\n\t\t\t\t<\/div>\n\t\t\t\t<\/div>\n\t\t","protected":false},"excerpt":{"rendered":"","protected":false},"author":3,"featured_media":1673,"parent":0,"menu_order":0,"comment_status":"closed","ping_status":"closed","template":"elementor_header_footer","meta":{"_yoast_wpseo_focuskw":"slavneskir gu\u00f0ir","_yoast_wpseo_title":"Slavneskir gu\u00f0ir \u2013 fr\u00e1 Perun til Veles","_yoast_wpseo_metadesc":"Gu\u00f0ir Slava: Perun, Veles, Svarog, Mokosch, Dazhbog. Go\u00f0aheimur Vestur-, Austur- og Su\u00f0urslava, go\u00f0sagnir, d\u00fdrkun og t\u00e1knm\u00e1l.","_yoast_wpseo_meta-robots-noindex":"","_yoast_wpseo_canonical":"","_angie_page":false,"gefaehrdungsstufe":"","wesen_kultur":"","wesen_klasse":"","footnotes":""},"categories":[],"class_list":["post-168616","page","type-page","status-publish","has-post-thumbnail","hentry"],"yoast_head":"<!-- This site is optimized with the Yoast SEO Premium plugin v27.7 (Yoast SEO v28.3) - https:\/\/yoast.com\/product\/yoast-seo-premium-wordpress\/ -->\n<title>Slavneskir gu\u00f0ir \u2013 fr\u00e1 Perun til Veles<\/title>\n<meta name=\"description\" content=\"Gu\u00f0ir Slava: Perun, Veles, Svarog, Mokosch, Dazhbog. Go\u00f0aheimur Vestur-, Austur- og Su\u00f0urslava, go\u00f0sagnir, d\u00fdrkun og t\u00e1knm\u00e1l.\" \/>\n<meta name=\"robots\" content=\"index, follow, max-snippet:-1, max-image-preview:large, max-video-preview:-1\" \/>\n<link rel=\"canonical\" href=\"https:\/\/iwell-guard.com\/is\/slavnesk\/\" \/>\n<meta property=\"og:locale\" content=\"is_IS\" \/>\n<meta property=\"og:type\" content=\"article\" \/>\n<meta property=\"og:title\" content=\"Slavneskt\" \/>\n<meta property=\"og:description\" content=\"Gu\u00f0ir Slava: Perun, Veles, Svarog, Mokosch, Dazhbog. Go\u00f0aheimur Vestur-, Austur- og Su\u00f0urslava, go\u00f0sagnir, d\u00fdrkun og t\u00e1knm\u00e1l.\" \/>\n<meta property=\"og:url\" content=\"https:\/\/iwell-guard.com\/is\/slavnesk\/\" \/>\n<meta property=\"og:site_name\" content=\"iWell Guard\" \/>\n<meta property=\"article:modified_time\" content=\"2026-09-05T14:15:01+00:00\" \/>\n<meta property=\"og:image\" content=\"https:\/\/iwell-guard.com\/wp-content\/uploads\/2026\/04\/daemonen_slawisch_baba-jaga.webp\" \/>\n\t<meta property=\"og:image:width\" content=\"1024\" \/>\n\t<meta property=\"og:image:height\" content=\"1536\" \/>\n\t<meta property=\"og:image:type\" content=\"image\/webp\" \/>\n<meta name=\"twitter:card\" content=\"summary_large_image\" \/>\n<script type=\"application\/ld+json\" class=\"yoast-schema-graph\">{\"@context\":\"https:\\\/\\\/schema.org\",\"@graph\":[{\"@type\":\"WebPage\",\"@id\":\"https:\\\/\\\/iwell-guard.com\\\/is\\\/slavnesk\\\/\",\"url\":\"https:\\\/\\\/iwell-guard.com\\\/is\\\/slavnesk\\\/\",\"name\":\"Slavneskir gu\u00f0ir \u2013 fr\u00e1 Perun til Veles\",\"isPartOf\":{\"@id\":\"https:\\\/\\\/iwell-guard.com\\\/is\\\/#website\"},\"primaryImageOfPage\":{\"@id\":\"https:\\\/\\\/iwell-guard.com\\\/is\\\/slavnesk\\\/#primaryimage\"},\"image\":{\"@id\":\"https:\\\/\\\/iwell-guard.com\\\/is\\\/slavnesk\\\/#primaryimage\"},\"thumbnailUrl\":\"https:\\\/\\\/iwell-guard.com\\\/wp-content\\\/uploads\\\/2026\\\/04\\\/daemonen_slawisch_baba-jaga.webp\",\"datePublished\":\"2026-09-05T14:01:36+00:00\",\"dateModified\":\"2026-09-05T14:15:01+00:00\",\"description\":\"Gu\u00f0ir Slava: Perun, Veles, Svarog, Mokosch, Dazhbog. Go\u00f0aheimur Vestur-, Austur- og Su\u00f0urslava, go\u00f0sagnir, d\u00fdrkun og t\u00e1knm\u00e1l.\",\"breadcrumb\":{\"@id\":\"https:\\\/\\\/iwell-guard.com\\\/is\\\/slavnesk\\\/#breadcrumb\"},\"inLanguage\":\"is\",\"potentialAction\":[{\"@type\":\"ReadAction\",\"target\":[\"https:\\\/\\\/iwell-guard.com\\\/is\\\/slavnesk\\\/\"]}]},{\"@type\":\"ImageObject\",\"inLanguage\":\"is\",\"@id\":\"https:\\\/\\\/iwell-guard.com\\\/is\\\/slavnesk\\\/#primaryimage\",\"url\":\"https:\\\/\\\/iwell-guard.com\\\/wp-content\\\/uploads\\\/2026\\\/04\\\/daemonen_slawisch_baba-jaga.webp\",\"contentUrl\":\"https:\\\/\\\/iwell-guard.com\\\/wp-content\\\/uploads\\\/2026\\\/04\\\/daemonen_slawisch_baba-jaga.webp\",\"width\":1024,\"height\":1536,\"caption\":\"Dj\u00f6flar \u00far slavneskri hef\u00f0.\"},{\"@type\":\"BreadcrumbList\",\"@id\":\"https:\\\/\\\/iwell-guard.com\\\/is\\\/slavnesk\\\/#breadcrumb\",\"itemListElement\":[{\"@type\":\"ListItem\",\"position\":1,\"name\":\"Start\",\"item\":\"https:\\\/\\\/iwell-guard.com\\\/is\\\/?page_id=168580\"},{\"@type\":\"ListItem\",\"position\":2,\"name\":\"Slavneskt\"}]},{\"@type\":\"WebSite\",\"@id\":\"https:\\\/\\\/iwell-guard.com\\\/is\\\/#website\",\"url\":\"https:\\\/\\\/iwell-guard.com\\\/is\\\/\",\"name\":\"iWell Guard\",\"description\":\"Schutz vor dunklen Einfl\u00fcssen\",\"publisher\":{\"@id\":\"https:\\\/\\\/iwell-guard.com\\\/is\\\/#organization\"},\"potentialAction\":[{\"@type\":\"SearchAction\",\"target\":{\"@type\":\"EntryPoint\",\"urlTemplate\":\"https:\\\/\\\/iwell-guard.com\\\/is\\\/?s={search_term_string}\"},\"query-input\":{\"@type\":\"PropertyValueSpecification\",\"valueRequired\":true,\"valueName\":\"search_term_string\"}}],\"inLanguage\":\"is\"},{\"@type\":\"Organization\",\"@id\":\"https:\\\/\\\/iwell-guard.com\\\/is\\\/#organization\",\"name\":\"Ittermann electronic GmbH\",\"url\":\"https:\\\/\\\/iwell-guard.com\\\/is\\\/\",\"logo\":{\"@type\":\"ImageObject\",\"inLanguage\":\"is\",\"@id\":\"https:\\\/\\\/iwell-guard.com\\\/is\\\/#\\\/schema\\\/logo\\\/image\\\/\",\"url\":\"https:\\\/\\\/iwell-guard.com\\\/wp-content\\\/uploads\\\/2026\\\/05\\\/Ittermann-Logo-1182x237-1.png\",\"contentUrl\":\"https:\\\/\\\/iwell-guard.com\\\/wp-content\\\/uploads\\\/2026\\\/05\\\/Ittermann-Logo-1182x237-1.png\",\"width\":1182,\"height\":237,\"caption\":\"Ittermann electronic GmbH\"},\"image\":{\"@id\":\"https:\\\/\\\/iwell-guard.com\\\/is\\\/#\\\/schema\\\/logo\\\/image\\\/\"},\"sameAs\":[\"https:\\\/\\\/pantip.com\\\/profile\\\/9367242\",\"https:\\\/\\\/micro.blog\\\/iwellguard\",\"https:\\\/\\\/www.diggerslist.com\\\/iwellguard\\\/about\",\"https:\\\/\\\/skitterphoto.com\\\/photographers\\\/2870314\\\/iwell-guard\",\"https:\\\/\\\/iwellguard.wordpress.com\\\/2026\\\/06\\\/06\\\/iwell-guard\\\/\",\"https:\\\/\\\/hub.docker.com\\\/u\\\/iwellguard\",\"https:\\\/\\\/www.pinterest.com\\\/iwellguard\\\/\",\"https:\\\/\\\/bit.ly\\\/m\\\/iwellguard\",\"https:\\\/\\\/entre-vos-mains.alsace.eu\\\/profiles\\\/iwellguard\\\/activity\",\"https:\\\/\\\/gravatar.com\\\/reallybeded8fd34\",\"https:\\\/\\\/naijamatta.com\\\/iwellguard\",\"https:\\\/\\\/www.goodreads.com\\\/iwellguard\",\"https:\\\/\\\/profile.hatena.ne.jp\\\/iwellguard\\\/\",\"https:\\\/\\\/experiment.com\\\/users\\\/iwellguard\",\"https:\\\/\\\/wakelet.com\\\/@iWellGuard82270\",\"https:\\\/\\\/www.chordie.com\\\/forum\\\/profile.php?id=2555664\",\"https:\\\/\\\/www.instapaper.com\\\/p\\\/17757966\",\"https:\\\/\\\/www.mapleprimes.com\\\/users\\\/iwellguard\",\"https:\\\/\\\/businesslistingplus.com\\\/profile\\\/iwell-guard\\\/\",\"https:\\\/\\\/telegra.ph\\\/iWell-Guard-06-06\",\"https:\\\/\\\/pbase.com\\\/iwellguard\\\/iwellguard\",\"https:\\\/\\\/b.hatena.ne.jp\\\/iwellguard\\\/20260607#bookmark-4788405196491818882\",\"https:\\\/\\\/fliphtml5.com\\\/home\\\/iwellguard\",\"https:\\\/\\\/anyflip.com\\\/homepage\\\/cmiwl#About\",\"https:\\\/\\\/transfur.com\\\/Users\\\/iwellguard\",\"http:\\\/\\\/delphi.larsbo.org\\\/user\\\/iwellguard\",\"https:\\\/\\\/jobs.lajobsportal.org\\\/profiles\\\/8380803-iwell-guard\",\"https:\\\/\\\/md.chaosdorf.de\\\/s\\\/jfbe5SBdJD\",\"https:\\\/\\\/www.lingvolive.com\\\/en-us\\\/profile\\\/9ecaeaca-ce11-4e51-9e71-01d55e2bff36\\\/translations\",\"https:\\\/\\\/www.fitday.com\\\/fitness\\\/forums\\\/members\\\/iwellguard.html\",\"https:\\\/\\\/www.mymeetbook.com\\\/iwellguard\",\"https:\\\/\\\/pxhere.com\\\/en\\\/photographer-me\\\/5040798\",\"https:\\\/\\\/disqus.com\\\/by\\\/iwellguard\\\/about\\\/\",\"https:\\\/\\\/pastelink.net\\\/hjwciqwq\",\"https:\\\/\\\/pubhtml5.com\\\/homepage\\\/scjhn\\\/\",\"https:\\\/\\\/www.bitchute.com\\\/channel\\\/2O2eOKzNqujT\",\"https:\\\/\\\/audiomack.com\\\/iwellguard\"]}]}<\/script>\n<!-- \/ Yoast SEO Premium plugin. -->","yoast_head_json":{"title":"Slavneskir gu\u00f0ir \u2013 fr\u00e1 Perun til Veles","description":"Gu\u00f0ir Slava: Perun, Veles, Svarog, Mokosch, Dazhbog. Go\u00f0aheimur Vestur-, Austur- og Su\u00f0urslava, go\u00f0sagnir, d\u00fdrkun og t\u00e1knm\u00e1l.","robots":{"index":"index","follow":"follow","max-snippet":"max-snippet:-1","max-image-preview":"max-image-preview:large","max-video-preview":"max-video-preview:-1"},"canonical":"https:\/\/iwell-guard.com\/is\/slavnesk\/","og_locale":"is_IS","og_type":"article","og_title":"Slavneskt","og_description":"Gu\u00f0ir Slava: Perun, Veles, Svarog, Mokosch, Dazhbog. Go\u00f0aheimur Vestur-, Austur- og Su\u00f0urslava, go\u00f0sagnir, d\u00fdrkun og t\u00e1knm\u00e1l.","og_url":"https:\/\/iwell-guard.com\/is\/slavnesk\/","og_site_name":"iWell Guard","article_modified_time":"2026-09-05T14:15:01+00:00","og_image":[{"width":1024,"height":1536,"url":"https:\/\/iwell-guard.com\/wp-content\/uploads\/2026\/04\/daemonen_slawisch_baba-jaga.webp","type":"image\/webp"}],"twitter_card":"summary_large_image","schema":{"@context":"https:\/\/schema.org","@graph":[{"@type":"WebPage","@id":"https:\/\/iwell-guard.com\/is\/slavnesk\/","url":"https:\/\/iwell-guard.com\/is\/slavnesk\/","name":"Slavneskir gu\u00f0ir \u2013 fr\u00e1 Perun til Veles","isPartOf":{"@id":"https:\/\/iwell-guard.com\/is\/#website"},"primaryImageOfPage":{"@id":"https:\/\/iwell-guard.com\/is\/slavnesk\/#primaryimage"},"image":{"@id":"https:\/\/iwell-guard.com\/is\/slavnesk\/#primaryimage"},"thumbnailUrl":"https:\/\/iwell-guard.com\/wp-content\/uploads\/2026\/04\/daemonen_slawisch_baba-jaga.webp","datePublished":"2026-09-05T14:01:36+00:00","dateModified":"2026-09-05T14:15:01+00:00","description":"Gu\u00f0ir Slava: Perun, Veles, Svarog, Mokosch, Dazhbog. Go\u00f0aheimur Vestur-, Austur- og Su\u00f0urslava, go\u00f0sagnir, d\u00fdrkun og t\u00e1knm\u00e1l.","breadcrumb":{"@id":"https:\/\/iwell-guard.com\/is\/slavnesk\/#breadcrumb"},"inLanguage":"is","potentialAction":[{"@type":"ReadAction","target":["https:\/\/iwell-guard.com\/is\/slavnesk\/"]}]},{"@type":"ImageObject","inLanguage":"is","@id":"https:\/\/iwell-guard.com\/is\/slavnesk\/#primaryimage","url":"https:\/\/iwell-guard.com\/wp-content\/uploads\/2026\/04\/daemonen_slawisch_baba-jaga.webp","contentUrl":"https:\/\/iwell-guard.com\/wp-content\/uploads\/2026\/04\/daemonen_slawisch_baba-jaga.webp","width":1024,"height":1536,"caption":"Dj\u00f6flar \u00far slavneskri hef\u00f0."},{"@type":"BreadcrumbList","@id":"https:\/\/iwell-guard.com\/is\/slavnesk\/#breadcrumb","itemListElement":[{"@type":"ListItem","position":1,"name":"Start","item":"https:\/\/iwell-guard.com\/is\/?page_id=168580"},{"@type":"ListItem","position":2,"name":"Slavneskt"}]},{"@type":"WebSite","@id":"https:\/\/iwell-guard.com\/is\/#website","url":"https:\/\/iwell-guard.com\/is\/","name":"iWell Guard","description":"Schutz vor dunklen Einfl\u00fcssen","publisher":{"@id":"https:\/\/iwell-guard.com\/is\/#organization"},"potentialAction":[{"@type":"SearchAction","target":{"@type":"EntryPoint","urlTemplate":"https:\/\/iwell-guard.com\/is\/?s={search_term_string}"},"query-input":{"@type":"PropertyValueSpecification","valueRequired":true,"valueName":"search_term_string"}}],"inLanguage":"is"},{"@type":"Organization","@id":"https:\/\/iwell-guard.com\/is\/#organization","name":"Ittermann electronic GmbH","url":"https:\/\/iwell-guard.com\/is\/","logo":{"@type":"ImageObject","inLanguage":"is","@id":"https:\/\/iwell-guard.com\/is\/#\/schema\/logo\/image\/","url":"https:\/\/iwell-guard.com\/wp-content\/uploads\/2026\/05\/Ittermann-Logo-1182x237-1.png","contentUrl":"https:\/\/iwell-guard.com\/wp-content\/uploads\/2026\/05\/Ittermann-Logo-1182x237-1.png","width":1182,"height":237,"caption":"Ittermann electronic GmbH"},"image":{"@id":"https:\/\/iwell-guard.com\/is\/#\/schema\/logo\/image\/"},"sameAs":["https:\/\/pantip.com\/profile\/9367242","https:\/\/micro.blog\/iwellguard","https:\/\/www.diggerslist.com\/iwellguard\/about","https:\/\/skitterphoto.com\/photographers\/2870314\/iwell-guard","https:\/\/iwellguard.wordpress.com\/2026\/06\/06\/iwell-guard\/","https:\/\/hub.docker.com\/u\/iwellguard","https:\/\/www.pinterest.com\/iwellguard\/","https:\/\/bit.ly\/m\/iwellguard","https:\/\/entre-vos-mains.alsace.eu\/profiles\/iwellguard\/activity","https:\/\/gravatar.com\/reallybeded8fd34","https:\/\/naijamatta.com\/iwellguard","https:\/\/www.goodreads.com\/iwellguard","https:\/\/profile.hatena.ne.jp\/iwellguard\/","https:\/\/experiment.com\/users\/iwellguard","https:\/\/wakelet.com\/@iWellGuard82270","https:\/\/www.chordie.com\/forum\/profile.php?id=2555664","https:\/\/www.instapaper.com\/p\/17757966","https:\/\/www.mapleprimes.com\/users\/iwellguard","https:\/\/businesslistingplus.com\/profile\/iwell-guard\/","https:\/\/telegra.ph\/iWell-Guard-06-06","https:\/\/pbase.com\/iwellguard\/iwellguard","https:\/\/b.hatena.ne.jp\/iwellguard\/20260607#bookmark-4788405196491818882","https:\/\/fliphtml5.com\/home\/iwellguard","https:\/\/anyflip.com\/homepage\/cmiwl#About","https:\/\/transfur.com\/Users\/iwellguard","http:\/\/delphi.larsbo.org\/user\/iwellguard","https:\/\/jobs.lajobsportal.org\/profiles\/8380803-iwell-guard","https:\/\/md.chaosdorf.de\/s\/jfbe5SBdJD","https:\/\/www.lingvolive.com\/en-us\/profile\/9ecaeaca-ce11-4e51-9e71-01d55e2bff36\/translations","https:\/\/www.fitday.com\/fitness\/forums\/members\/iwellguard.html","https:\/\/www.mymeetbook.com\/iwellguard","https:\/\/pxhere.com\/en\/photographer-me\/5040798","https:\/\/disqus.com\/by\/iwellguard\/about\/","https:\/\/pastelink.net\/hjwciqwq","https:\/\/pubhtml5.com\/homepage\/scjhn\/","https:\/\/www.bitchute.com\/channel\/2O2eOKzNqujT","https:\/\/audiomack.com\/iwellguard"]}]}},"_links":{"self":[{"href":"https:\/\/iwell-guard.com\/is\/wp-json\/wp\/v2\/pages\/168616","targetHints":{"allow":["GET"]}}],"collection":[{"href":"https:\/\/iwell-guard.com\/is\/wp-json\/wp\/v2\/pages"}],"about":[{"href":"https:\/\/iwell-guard.com\/is\/wp-json\/wp\/v2\/types\/page"}],"author":[{"embeddable":true,"href":"https:\/\/iwell-guard.com\/is\/wp-json\/wp\/v2\/users\/3"}],"replies":[{"embeddable":true,"href":"https:\/\/iwell-guard.com\/is\/wp-json\/wp\/v2\/comments?post=168616"}],"version-history":[{"count":0,"href":"https:\/\/iwell-guard.com\/is\/wp-json\/wp\/v2\/pages\/168616\/revisions"}],"wp:featuredmedia":[{"embeddable":true,"href":"https:\/\/iwell-guard.com\/is\/wp-json\/wp\/v2\/media\/1673"}],"wp:attachment":[{"href":"https:\/\/iwell-guard.com\/is\/wp-json\/wp\/v2\/media?parent=168616"}],"wp:term":[{"taxonomy":"category","embeddable":true,"href":"https:\/\/iwell-guard.com\/is\/wp-json\/wp\/v2\/categories?post=168616"}],"curies":[{"name":"wp","href":"https:\/\/api.w.org\/{rel}","templated":true}]}}