{"id":168615,"date":"2026-09-05T14:01:35","date_gmt":"2026-09-05T14:01:35","guid":{"rendered":"https:\/\/iwell-guard.com\/?page_id=168615"},"modified":"2026-09-05T14:15:00","modified_gmt":"2026-09-05T14:15:00","slug":"keltneskt","status":"publish","type":"page","link":"https:\/\/iwell-guard.com\/is\/keltneskt\/","title":{"rendered":"Keltneskt"},"content":{"rendered":"\t\t<div data-elementor-type=\"wp-page\" data-elementor-id=\"168615\" class=\"elementor elementor-168615 elementor-1016\" data-elementor-post-type=\"page\">\n\t\t\t\t<div class=\"elementor-element elementor-element-k-hero-rebuilt-keltis iwg-kultur-hero e-flex e-con-boxed e-con e-parent\" data-id=\"k-hero-rebuilt-keltis\" data-element_type=\"container\" data-e-type=\"container\">\n\t\t\t\t\t<div class=\"e-con-inner\">\n\t\t<div class=\"elementor-element elementor-element-khleft-keltis iwg-kultur-hero-left e-flex e-con-boxed e-con e-child\" data-id=\"khleft-keltis\" data-element_type=\"container\" data-e-type=\"container\">\n\t\t\t\t\t<div class=\"e-con-inner\">\n\t\t\t\t<div class=\"elementor-element elementor-element-k-h1-keltisch elementor-widget elementor-widget-heading\" data-id=\"k-h1-keltisch\" data-element_type=\"widget\" data-e-type=\"widget\" data-widget_type=\"heading.default\">\n\t\t\t\t\t<h1 class=\"elementor-heading-title elementor-size-default\">Keltneskir gu\u00f0ir, Tuatha D\u00e9 Danann og dru\u00eddafr\u00e6\u00f0i<\/h1>\t\t\t\t<\/div>\n\t\t<div class=\"elementor-element elementor-element-aj11-hero-lead-keltis e-con-full e-flex e-con e-child\" data-id=\"aj11-hero-lead-keltis\" data-element_type=\"container\" data-e-type=\"container\">\n\t\t\t\t<div class=\"elementor-element elementor-element-k-lead-keltisch elementor-widget elementor-widget-text-editor\" data-id=\"k-lead-keltisch\" data-element_type=\"widget\" data-e-type=\"widget\" data-widget_type=\"text-editor.default\">\n\t\t\t\t\t\t\t\t\t<p><strong>Verur \u00far keltnesku hef\u00f0inni<\/strong> \u00e1 iWell Guard. Keltnesk-\u00edrsk og gall\u00edsk hef\u00f0. Meginheimildir: \u00edrskir sagnab\u00e1lkar (Ulster-b\u00e1lkur, Go\u00f0sagnab\u00e1lkur), Lebor Gabala Erenn, fornleifafundir fr\u00e1 Gall\u00edu. H\u00e9r m\u00e1 finna keltnesku gu\u00f0ina \u00far Tuatha D\u00e9 Danann og fr\u00f3\u00f0leik dru\u00eddafr\u00e6\u00f0innar, prestlegra var\u00f0manna go\u00f0sagna og reglu.<\/p>\t\t\t\t\t\t\t\t<\/div>\n\t\t\t\t<\/div>\n\t\t<div class=\"elementor-element elementor-element-aj11-hero-toc-keltis e-con-full e-flex e-con e-child\" data-id=\"aj11-hero-toc-keltis\" data-element_type=\"container\" data-e-type=\"container\">\n\t\t\t\t<div class=\"elementor-element elementor-element-k-toc-keltisch elementor-widget elementor-widget-text-editor\" data-id=\"k-toc-keltisch\" data-element_type=\"widget\" data-e-type=\"widget\" data-widget_type=\"text-editor.default\">\n\t\t\t\t\t\t\t\t\t<p><strong>Efni \u00feessarar s\u00ed\u00f0u:<\/strong><\/p><ul><li><a href=\"#k-keltisch-h1\">Yfirlit<\/a><\/li><li><a href=\"#x-keltisch-h100\">Saga og go\u00f0aheimur<\/a><\/li><li><a href=\"#x-keltisch-h101\">Verur \u00ed daglegu l\u00edfi<\/a><\/li><li><a href=\"#x-keltisch-h102\">Merking \u00ed dag<\/a><\/li><li><a href=\"#k-keltisch-h2\">Gu\u00f0ir (7)<\/a><\/li><li><a href=\"#k-keltisch-h3\">Andar (6)<\/a><\/li><li><a href=\"#458e611\">Frekari umfj\u00f6llun<\/a><\/li><\/ul>\t\t\t\t\t\t\t\t<\/div>\n\t\t\t\t<\/div>\n\t\t\t\t\t<\/div>\n\t\t\t\t<\/div>\n\t\t<div class=\"elementor-element elementor-element-khrght-keltis iwg-kultur-hero-right e-flex e-con-boxed e-con e-child\" data-id=\"khrght-keltis\" data-element_type=\"container\" data-e-type=\"container\">\n\t\t\t\t\t<div class=\"e-con-inner\">\n\t\t\t\t<div class=\"elementor-element elementor-element-k-img-keltisch iwg-hero-image elementor-widget elementor-widget-image\" data-id=\"k-img-keltisch\" data-element_type=\"widget\" data-e-type=\"widget\" data-widget_type=\"image.default\">\n\t\t\t\t\t\t\t\t\t\t\t\t\t\t\t<img fetchpriority=\"high\" decoding=\"async\" width=\"683\" height=\"1024\" src=\"https:\/\/iwell-guard.com\/wp-content\/uploads\/2026\/04\/goetter_keltisch_cailleach-683x1024.webp\" class=\"attachment-large size-large wp-image-171087\" alt=\"Cailleach - Gu\u00f0ir \u00far keltneskri hef\u00f0, s\u00f6guleg-myndskreytt\" srcset=\"https:\/\/iwell-guard.com\/wp-content\/uploads\/2026\/04\/goetter_keltisch_cailleach-683x1024.webp 683w, https:\/\/iwell-guard.com\/wp-content\/uploads\/2026\/04\/goetter_keltisch_cailleach-200x300.webp 200w, https:\/\/iwell-guard.com\/wp-content\/uploads\/2026\/04\/goetter_keltisch_cailleach-768x1152.webp 768w, https:\/\/iwell-guard.com\/wp-content\/uploads\/2026\/04\/goetter_keltisch_cailleach.webp 1024w\" sizes=\"(max-width: 683px) 100vw, 683px\" \/>\t\t\t\t\t\t\t\t\t\t\t\t\t\t\t<\/div>\n\t\t\t\t\t<\/div>\n\t\t\t\t<\/div>\n\t\t\t\t\t<\/div>\n\t\t\t\t<\/div>\n\t\t\t\t<section class=\"elementor-section elementor-top-section elementor-element elementor-element-sec-iwgcomp2-keltisch elementor-section-boxed elementor-section-height-default elementor-section-height-default\" data-id=\"sec-iwgcomp2-keltisch\" data-element_type=\"section\" data-e-type=\"section\">\n\t\t\t\t\t\t<div class=\"elementor-container elementor-column-gap-default\">\n\t\t\t\t\t<div class=\"elementor-column elementor-col-100 elementor-top-column elementor-element elementor-element-col-iwgcomp2-keltisch\" data-id=\"col-iwgcomp2-keltisch\" data-element_type=\"column\" data-e-type=\"column\">\n\t\t\t<div class=\"elementor-widget-wrap elementor-element-populated\">\n\t\t\t\t\t\t<div class=\"elementor-element elementor-element-iwgcomp2-keltisch elementor-widget elementor-widget-text-editor\" data-id=\"iwgcomp2-keltisch\" data-element_type=\"widget\" data-e-type=\"widget\" data-widget_type=\"text-editor.default\">\n\t\t\t\t\t\t\t\t\t<p>\u00deessi s\u00ed\u00f0a skr\u00e1ir <strong>keltnesk<\/strong>a tr\u00faarbr\u00f6g\u00f0 fr\u00e1 Gall\u00edu til \u00cdrlands.<\/p>\t\t\t\t\t\t\t\t<\/div>\n\t\t\t\t\t<\/div>\n\t\t<\/div>\n\t\t\t\t\t<\/div>\n\t\t<\/section>\n\t\t<div class=\"elementor-element elementor-element-clstrsec-aj12-keltisch e-con-boxed e-flex e-con e-parent\" data-id=\"clstrsec-aj12-keltisch\" data-element_type=\"container\" data-e-type=\"container\">\n\t\t\t\t\t<div class=\"e-con-inner\">\n\t\t\t\t<div class=\"elementor-element elementor-element-clstrh2-aj12-keltis elementor-widget elementor-widget-heading\" data-id=\"clstrh2-aj12-keltis\" data-element_type=\"widget\" data-e-type=\"widget\" data-widget_type=\"heading.default\">\n\t\t\t\t\t<h2 class=\"elementor-heading-title elementor-size-default\">Dru\u00eddar, eyjar og munnleg hef\u00f0<\/h2>\t\t\t\t<\/div>\n\t\t<div class=\"elementor-element elementor-element-aj12-cluster-text-keltisch e-con-full e-flex e-con e-child\" data-id=\"aj12-cluster-text-keltisch\" data-element_type=\"container\" data-e-type=\"container\">\n\t\t\t\t<div class=\"elementor-element elementor-element-aj12-cluster-text-keltis-t elementor-widget elementor-widget-text-editor\" data-id=\"aj12-cluster-text-keltis-t\" data-element_type=\"widget\" data-e-type=\"widget\" data-widget_type=\"text-editor.default\">\n\t\t\t\t\t\t\t\t\t<p>Keltnesk tr\u00faarbr\u00f6g\u00f0 eru <strong>verst skjalfestu<\/strong> af st\u00f3ru evr\u00f3psku hef\u00f0unum. Dru\u00eddar mi\u00f0lu\u00f0u tr\u00faarlegri \u00feekkingu a\u00f0eins munnlega, og skriflegar heimildir koma fyrst \u00ed gegnum r\u00f3mverska og mi\u00f0alda\u00edrska mi\u00f0lun. Caesar og a\u00f0rir <span class=\"iwg-fachbegriff\" data-tooltip=\"T\u00edmabil gr\u00edskrar og r\u00f3mverskrar menningar, um 800 f.Kr. til 600 e.Kr.\" tabindex=\"0\">fornaldar<\/span> h\u00f6fundar l\u00fdsa ath\u00f6fnunum fr\u00e1 utana\u00f0komandi sj\u00f3narhorni, oft me\u00f0 p\u00f3lit\u00edskum bl\u00e6.<\/p>\n<p><strong>\u00cdrskar og velskar mi\u00f0aldab\u00f3kmenntir<\/strong> var\u00f0veita go\u00f0sagnalegt efni, Lebor Gab\u00e1la, Ulster-<span class=\"iwg-fachbegriff\" data-tooltip=\"Munnm\u00e6lasaga sem oft hefur s\u00f6gulegan kjarna og undursamleg einkenni.\" tabindex=\"0\">s\u00f6gn<\/span>, Mabinogi-sagnirnar, en \u00ed gegnum kristi\u00f0 yfirlagningars\u00edu. Gu\u00f0ir birtast h\u00faman\u00edsera\u00f0ir sem fyrrverandi konungar e\u00f0a hetjur. Tuatha D\u00e9 Danann eru gu\u00f0ir sem hafa dregi\u00f0 sig \u00ed hl\u00e9 \u00ed Sidh-h\u00f3la.<\/p>\n<p>Einkennandi er <strong>tengingin vi\u00f0 landslagi\u00f0<\/strong>: helgar lindir, tr\u00e9n, h\u00f3lar og ja\u00f0arsta\u00f0ir (milli lands og hafs, sk\u00f3gar og t\u00fans) bera tr\u00faarlega merkingu. H\u00e1t\u00ed\u00f0ir eins og Samhain, Imbolc, Beltane og Lughnasa skipul\u00f6g\u00f0u \u00e1ri\u00f0. \u00deessi l\u00f6g hafa langa framhaldsl\u00edf \u00ed keltneskri \u00fej\u00f3\u00f0tr\u00fa og n\u00fdhei\u00f0num stefnum.<\/p>\t\t\t\t\t\t\t\t<\/div>\n\t\t\t\t<\/div>\n\t\t\t\t\t<\/div>\n\t\t\t\t<\/div>\n\t\t<div class=\"elementor-element elementor-element-k-keltisch-s1 e-con-boxed e-flex e-con e-parent\" data-id=\"k-keltisch-s1\" data-element_type=\"container\" data-e-type=\"container\">\n\t\t\t\t\t<div class=\"e-con-inner\">\n\t\t\t\t<div class=\"elementor-element elementor-element-k-keltisch-h1 elementor-widget elementor-widget-heading\" data-id=\"k-keltisch-h1\" data-element_type=\"widget\" data-e-type=\"widget\" data-widget_type=\"heading.default\">\n\t\t\t\t\t<h2 class=\"elementor-heading-title elementor-size-default\">Yfirlit<\/h2>\t\t\t\t<\/div>\n\t\t<div class=\"elementor-element elementor-element-aj11-inner-0003 e-con-full e-flex e-con e-child\" data-id=\"aj11-inner-0003\" data-element_type=\"container\" data-e-type=\"container\">\n\t\t\t\t<div class=\"elementor-element elementor-element-k-keltisch-t1 elementor-widget elementor-widget-text-editor\" data-id=\"k-keltisch-t1\" data-element_type=\"widget\" data-e-type=\"widget\" data-widget_type=\"text-editor.default\">\n\t\t\t\t\t\t\t\t\t<p><strong>T\u00edmabil:<\/strong> <span class=\"iwg-fachbegriff\" data-tooltip=\"Fors\u00f6gulegt t\u00edmabil eftir brons\u00f6ld, einkennt af j\u00e1rnvinnslu.\" tabindex=\"0\">J\u00e1rn\u00f6ld<\/span> (800 f.Kr.) til kristnit\u00f6ku (5.-9. \u00f6ld e.Kr.).<\/p><p>\u00datbrei\u00f0sla: Bresku eyjarnar, Gall\u00eda, Hispania, D\u00f3n\u00e1rsv\u00e6\u00f0i\u00f0 til Galat\u00edu (Litlu-As\u00edu).<\/p><p>Heimildir: \u00cdrskar sagnir (Ulster-b\u00e1lkur, Go\u00f0sagnab\u00e1lkur), Lebor Gabala Erenn, Tain Bo Cuailnge, Mabinogion (velskt), gallo-r\u00f3mverskar \u00e1letranir.<\/p><p><span class=\"iwg-fachbegriff\" data-tooltip=\"Heild gu\u00f0a \u00ed tr\u00faarbr\u00f6g\u00f0um e\u00f0a menningu.\" tabindex=\"0\">Go\u00f0aheimur<\/span> og verutegundir: Tuatha De Danann (Dagda, Lugh, Brigid, Morrigan), Cernunnos, Manannan, Sidhe, Banshee, Leprechauns.<\/p>\t\t\t\t\t\t\t\t<\/div>\n\t\t\t\t<\/div>\n\t\t\t\t\t<\/div>\n\t\t\t\t<\/div>\n\t\t<div class=\"elementor-element elementor-element-x-keltisch-s100 e-con-boxed e-flex e-con e-parent\" data-id=\"x-keltisch-s100\" data-element_type=\"container\" data-e-type=\"container\">\n\t\t\t\t\t<div class=\"e-con-inner\">\n\t\t\t\t<div class=\"elementor-element elementor-element-x-keltisch-h100 elementor-widget elementor-widget-heading\" data-id=\"x-keltisch-h100\" data-element_type=\"widget\" data-e-type=\"widget\" data-widget_type=\"heading.default\">\n\t\t\t\t\t<h2 class=\"elementor-heading-title elementor-size-default\">Saga og go\u00f0aveldi<\/h2>\t\t\t\t<\/div>\n\t\t<div class=\"elementor-element elementor-element-aj11-inner-0004 e-con-full e-flex e-con e-child\" data-id=\"aj11-inner-0004\" data-element_type=\"container\" data-e-type=\"container\">\n\t\t\t\t<div class=\"elementor-element elementor-element-x-keltisch-t100 elementor-widget elementor-widget-text-editor\" data-id=\"x-keltisch-t100\" data-element_type=\"widget\" data-e-type=\"widget\" data-widget_type=\"text-editor.default\">\n\t\t\t\t\t\t\t\t\t<p>Keltnesk tr\u00faarbr\u00f6g\u00f0 eru var\u00f0veitt a\u00f0eins \u00ed brotum vegna munnlegrar hef\u00f0ar og seinni skriflegra heimilda (R\u00f3mverjar, s\u00ed\u00f0ar kristnir munkar). Upprunalegt skipulag \u00feeirra var dreift: hver \u00e6ttb\u00e1lkur haf\u00f0i sta\u00f0bundnar gu\u00f0ir samhli\u00f0a sv\u00e6\u00f0isbundnum <span class=\"iwg-fachbegriff\" data-tooltip=\"Heild gu\u00f0a \u00ed tr\u00faarbr\u00f6g\u00f0um e\u00f0a menningu.\" tabindex=\"0\">go\u00f0aheims<\/span>pers\u00f3num, og dru\u00eddaprestast\u00e9ttin var\u00f0veitti \u00feekkinguna munnlega, sem tapa\u00f0ist vi\u00f0 yfirf\u00e6rslu til skriftmenningar.<\/p><p>Megingu\u00f0ir eru Dagda (allsherjarfa\u00f0ir), Lugh (handverk, herna\u00f0ur), Brigid (l\u00e6knislist, eldur, sk\u00e1ldskapur) og Morrigan (herna\u00f0ur, \u00f6rl\u00f6g). Sidhe-hugtaki\u00f0 l\u00fdsir yfirn\u00e1tt\u00farulegum verum sem b\u00faa \u00ed h\u00f3lum og hulnum sv\u00e6\u00f0um.<\/p><p>Kristnitakan fr\u00e1 5. til 12. \u00f6ld b\u00e6ldi ni\u00f0ur \u00feessar i\u00f0kanir; sumar gy\u00f0jur voru breyttar \u00ed d\u00fdrlinga (\u00far Brigid var\u00f0 hin heilaga Brigid). Keltneska endurvakningin \u00e1 19. \u00f6ld reyndi r\u00f3mant\u00edska endursk\u00f6pun, og n\u00fat\u00edmaheimildir eru enn \u00e1giskun.<\/p>\t\t\t\t\t\t\t\t<\/div>\n\t\t\t\t<\/div>\n\t\t\t\t\t<\/div>\n\t\t\t\t<\/div>\n\t\t<div class=\"elementor-element elementor-element-x-keltisch-s101 e-con-boxed e-flex e-con e-parent\" data-id=\"x-keltisch-s101\" data-element_type=\"container\" data-e-type=\"container\">\n\t\t\t\t\t<div class=\"e-con-inner\">\n\t\t\t\t<div class=\"elementor-element elementor-element-x-keltisch-h101 elementor-widget elementor-widget-heading\" data-id=\"x-keltisch-h101\" data-element_type=\"widget\" data-e-type=\"widget\" data-widget_type=\"heading.default\">\n\t\t\t\t\t<h2 class=\"elementor-heading-title elementor-size-default\">Verur \u00ed daglegu l\u00edfi<\/h2>\t\t\t\t<\/div>\n\t\t<div class=\"elementor-element elementor-element-aj11-inner-0005 e-con-full e-flex e-con e-child\" data-id=\"aj11-inner-0005\" data-element_type=\"container\" data-e-type=\"container\">\n\t\t\t\t<div class=\"elementor-element elementor-element-x-keltisch-t101 elementor-widget elementor-widget-text-editor\" data-id=\"x-keltisch-t101\" data-element_type=\"widget\" data-e-type=\"widget\" data-widget_type=\"text-editor.default\">\n\t\t\t\t\t\t\t\t\t<p>Dru\u00eddaprestar st\u00fdr\u00f0u f\u00f3rnarath\u00f6fnum (mannf\u00f3rnir eru sta\u00f0festar af <span class=\"iwg-fachbegriff\" data-tooltip=\"T\u00edmabil gr\u00edskrar og r\u00f3mverskrar menningar, um 800 f.Kr. til 600 e.Kr.\" tabindex=\"0\">fornaldar<\/span> h\u00f6fundum) og <span class=\"iwg-fachbegriff\" data-tooltip=\"Samheiti yfir a\u00f0fer\u00f0ir til a\u00f0 kanna gu\u00f0legan vilja.\" tabindex=\"0\">v\u00e9fr\u00e9tt<\/span>. Samhain (\u00e1rslok) og a\u00f0rar h\u00e1t\u00ed\u00f0ir m\u00f6rku\u00f0u andlega mikilv\u00e6g t\u00edmabil, l\u00e6knislist og <span class=\"iwg-fachbegriff\" data-tooltip=\"A\u00f0 lesa t\u00e1kn til a\u00f0 skynja hi\u00f0 hulda e\u00f0a komandi.\" tabindex=\"0\">frams\u00fdni<\/span> voru s\u00e9rh\u00e6f\u00f0 hlutverk.<\/p><p>Andaverur og Sidhe voru ekki taldar dj\u00f6fullegar heldur tv\u00edr\u00e6\u00f0ar: h\u00e6ttulegar \u00f3vi\u00f0komandi, en virtar af innv\u00edg\u00f0um. Verndarathafnir gegn illu auga og hinu yfirn\u00e1tt\u00farulega voru algengar, s\u00f6mulei\u00f0is \u00e6ttb\u00e1lkst\u00f3tem og d\u00fdratengsl (dru\u00eddar sem formbreytar).<\/p><p><span class=\"iwg-fachbegriff\" data-tooltip=\"Tr\u00faarlegar hugmyndir og si\u00f0ir sem eru \u00fatbreiddir \u00ed daglegu l\u00edfi.\" tabindex=\"0\">\u00dej\u00f3\u00f0tr\u00fa<\/span> \u00e1 \u00e1lfa, anda og t\u00f6frat\u00e6kni lif\u00f0i \u00e1fram \u00ed \u00fej\u00f3\u00f0hef\u00f0inni, s\u00e9rstaklega \u00e1 \u00cdrlandi, \u00ed Skotlandi og Wales. Helgar lindir og lundar voru d\u00fdrkunarsta\u00f0ir.<\/p>\t\t\t\t\t\t\t\t<\/div>\n\t\t\t\t<\/div>\n\t\t\t\t\t<\/div>\n\t\t\t\t<\/div>\n\t\t<div class=\"elementor-element elementor-element-x-keltisch-s102 e-con-boxed e-flex e-con e-parent\" data-id=\"x-keltisch-s102\" data-element_type=\"container\" data-e-type=\"container\">\n\t\t\t\t\t<div class=\"e-con-inner\">\n\t\t\t\t<div class=\"elementor-element elementor-element-x-keltisch-h102 elementor-widget elementor-widget-heading\" data-id=\"x-keltisch-h102\" data-element_type=\"widget\" data-e-type=\"widget\" data-widget_type=\"heading.default\">\n\t\t\t\t\t<h2 class=\"elementor-heading-title elementor-size-default\">Mikilv\u00e6gi \u00ed dag<\/h2>\t\t\t\t<\/div>\n\t\t<div class=\"elementor-element elementor-element-aj11-inner-0006 e-con-full e-flex e-con e-child\" data-id=\"aj11-inner-0006\" data-element_type=\"container\" data-e-type=\"container\">\n\t\t\t\t<div class=\"elementor-element elementor-element-x-keltisch-t102 elementor-widget elementor-widget-text-editor\" data-id=\"x-keltisch-t102\" data-element_type=\"widget\" data-e-type=\"widget\" data-widget_type=\"text-editor.default\">\n\t\t\t\t\t\t\t\t\t<p>Lifandi keltnesk tr\u00faarbr\u00f6g\u00f0 eru ekki til lengur; kristnitakan \u00feurrka\u00f0i hef\u00f0ina \u00fat. \u00dej\u00f3\u00f0hef\u00f0in (\u00edrska og skoska tr\u00fain \u00e1 \u00e1lfa, self\u00f3lk og banshee) var\u00f0veitir brotakenndar minjar, og keltneska endurvakningin \u00e1 19. og 20. \u00f6ld (Yeats, Synge, Celtic Twilight) r\u00f3mant\u00edsera\u00f0i heimildirnar \u00ed b\u00f3kmenntalegum tilgangi.<\/p><p>N\u00fat\u00edma n\u00fdhei\u00f0nar hreyfingar reyna endursk\u00f6pun, en eru \u00e1fram \u00e1giskun og hugmyndafr\u00e6\u00f0ilega blanda\u00f0ar. D\u00e6gurmenning (fantas\u00edub\u00f3kmenntir, Harry Potter, t\u00f6lvuleikir) notar keltneska fagurfr\u00e6\u00f0i.<\/p><p>Fr\u00e6\u00f0ilega s\u00e9\u00f0 eru keltnesk tr\u00faarbr\u00f6g\u00f0 \u00e1fram \u00f3viss og brotakennd. \u00c1 \u00cdrlandi og \u00ed Skotlandi \u00fej\u00f3na keltnesk t\u00e1kn sem merki um menningarlega sj\u00e1lfsmynd, s\u00ed\u00f0ur sem lifandi tr\u00faarhef\u00f0.<\/p>\t\t\t\t\t\t\t\t<\/div>\n\t\t\t\t<\/div>\n\t\t\t\t\t<\/div>\n\t\t\t\t<\/div>\n\t\t<div class=\"elementor-element elementor-element-k-keltisch-s2 e-con-boxed e-flex e-con e-parent\" data-id=\"k-keltisch-s2\" data-element_type=\"container\" data-e-type=\"container\">\n\t\t\t\t\t<div class=\"e-con-inner\">\n\t\t\t\t<div class=\"elementor-element elementor-element-k-keltisch-h2 elementor-widget elementor-widget-heading\" data-id=\"k-keltisch-h2\" data-element_type=\"widget\" data-e-type=\"widget\" data-widget_type=\"heading.default\">\n\t\t\t\t\t<h2 class=\"elementor-heading-title elementor-size-default\">Gu\u00f0ir (11)<\/h2>\t\t\t\t<\/div>\n\t\t<div class=\"elementor-element elementor-element-aj11-inner-0007 e-con-full e-flex e-con e-child\" data-id=\"aj11-inner-0007\" data-element_type=\"container\" data-e-type=\"container\">\n\t\t\t\t<div class=\"elementor-element elementor-element-k-keltisch-t2 elementor-widget elementor-widget-text-editor\" data-id=\"k-keltisch-t2\" data-element_type=\"widget\" data-e-type=\"widget\" data-widget_type=\"text-editor.default\">\n\t\t\t\t\t\t\t\t\t<div class=\"iwg-wesen-grid\"><a class=\"iwg-wesen-card\" href=\"https:\/\/iwell-guard.com\/is\/brigid\/\" aria-label=\"Brigid\"><div class=\"iwg-wesen-card-imgwrap\"><img decoding=\"async\" src=\"https:\/\/iwell-guard.com\/wp-content\/uploads\/2026\/04\/goetter_keltisch_brigid-200x300.webp\" alt=\"Brigid\" loading=\"lazy\"><\/div><div class=\"iwg-wesen-card-body\"><div class=\"iwg-wesen-card-name\">Brigid<\/div><div class=\"iwg-wesen-card-arrow\">\u2192 \u00c1 v\u00e6ttina<\/div><\/div><\/a><a class=\"iwg-wesen-card\" href=\"https:\/\/iwell-guard.com\/is\/cailleach\/\" aria-label=\"Cailleach\"><div class=\"iwg-wesen-card-imgwrap\"><img decoding=\"async\" src=\"https:\/\/iwell-guard.com\/wp-content\/uploads\/2026\/04\/goetter_keltisch_cailleach-200x300.webp\" alt=\"Cailleach\" loading=\"lazy\"><\/div><div class=\"iwg-wesen-card-body\"><div class=\"iwg-wesen-card-name\">Cailleach<\/div><div class=\"iwg-wesen-card-arrow\">\u2192 \u00c1 v\u00e6ttina<\/div><\/div><\/a><a class=\"iwg-wesen-card\" href=\"https:\/\/iwell-guard.com\/is\/cernunnos\/\" aria-label=\"Cernunnos\"><div class=\"iwg-wesen-card-imgwrap\"><img decoding=\"async\" src=\"https:\/\/iwell-guard.com\/wp-content\/uploads\/2026\/04\/goetter_keltisch_cernunnos-200x300.webp\" alt=\"Cernunnos\" loading=\"lazy\"><\/div><div class=\"iwg-wesen-card-body\"><div class=\"iwg-wesen-card-name\">Cernunnos<\/div><div class=\"iwg-wesen-card-arrow\">\u2192 \u00c1 v\u00e6ttina<\/div><\/div><\/a><a class=\"iwg-wesen-card\" href=\"https:\/\/iwell-guard.com\/is\/dagda\/\" aria-label=\"Dagda\"><div class=\"iwg-wesen-card-imgwrap\"><img decoding=\"async\" src=\"https:\/\/iwell-guard.com\/wp-content\/uploads\/2026\/04\/goetter_keltisch_dagda-200x300.webp\" alt=\"Dagda\" loading=\"lazy\"><\/div><div class=\"iwg-wesen-card-body\"><div class=\"iwg-wesen-card-name\">Dagda<\/div><div class=\"iwg-wesen-card-arrow\">\u2192 \u00c1 v\u00e6ttina<\/div><\/div><\/a><a class=\"iwg-wesen-card\" href=\"https:\/\/iwell-guard.com\/is\/lugh\/\" aria-label=\"Lugh\"><div class=\"iwg-wesen-card-imgwrap\"><img decoding=\"async\" src=\"https:\/\/iwell-guard.com\/wp-content\/uploads\/2026\/04\/goetter_keltisch_lugh-200x300.webp\" alt=\"Lugh\" loading=\"lazy\"><\/div><div class=\"iwg-wesen-card-body\"><div class=\"iwg-wesen-card-name\">Lugh<\/div><div class=\"iwg-wesen-card-arrow\">\u2192 \u00c1 v\u00e6ttina<\/div><\/div><\/a><a class=\"iwg-wesen-card\" href=\"https:\/\/iwell-guard.com\/is\/manannan-mac-lir\/\" aria-label=\"Manannan mac Lir\"><div class=\"iwg-wesen-card-imgwrap\"><img decoding=\"async\" src=\"https:\/\/iwell-guard.com\/wp-content\/uploads\/2026\/04\/goetter_keltisch_manannan-mac-lir-200x300.webp\" alt=\"Manannan mac Lir\" loading=\"lazy\"><\/div><div class=\"iwg-wesen-card-body\"><div class=\"iwg-wesen-card-name\">Manannan mac Lir<\/div><div class=\"iwg-wesen-card-arrow\">\u2192 \u00c1 v\u00e6ttina<\/div><\/div><\/a><a class=\"iwg-wesen-card\" href=\"https:\/\/iwell-guard.com\/is\/morrigan\/\" aria-label=\"Morrigan\"><div class=\"iwg-wesen-card-imgwrap\"><img decoding=\"async\" src=\"https:\/\/iwell-guard.com\/wp-content\/uploads\/2026\/04\/goetter_keltisch_morrigan-200x300.webp\" alt=\"Morrigan\" loading=\"lazy\"><\/div><div class=\"iwg-wesen-card-body\"><div class=\"iwg-wesen-card-name\">Morrigan<\/div><div class=\"iwg-wesen-card-arrow\">\u2192 \u00c1 v\u00e6ttina<\/div><\/div><\/a><a class=\"iwg-wesen-card\" href=\"https:\/\/iwell-guard.com\/is\/danu\/\" aria-label=\"Danu\"><div class=\"iwg-wesen-card-imgwrap\"><img decoding=\"async\" src=\"https:\/\/iwell-guard.com\/wp-content\/uploads\/2026\/05\/goetter_keltisch_danu-200x300.webp\" alt=\"Danu\" loading=\"lazy\"><\/div><div class=\"iwg-wesen-card-body\"><div class=\"iwg-wesen-card-name\">Danu<\/div><div class=\"iwg-wesen-card-arrow\">\u2192 \u00c1 v\u00e6ttina<\/div><\/div><\/a><a class=\"iwg-wesen-card\" href=\"https:\/\/iwell-guard.com\/is\/epona\/\" aria-label=\"Epona\"><div class=\"iwg-wesen-card-imgwrap\"><img decoding=\"async\" src=\"https:\/\/iwell-guard.com\/wp-content\/uploads\/2026\/05\/goetter_keltisch_epona-200x300.webp\" alt=\"Epona\" loading=\"lazy\"><\/div><div class=\"iwg-wesen-card-body\"><div class=\"iwg-wesen-card-name\">Epona<\/div><div class=\"iwg-wesen-card-arrow\">\u2192 \u00c1 v\u00e6ttina<\/div><\/div><\/a><a class=\"iwg-wesen-card\" href=\"https:\/\/iwell-guard.com\/is\/aengus\/\" aria-label=\"Aengus\"><div class=\"iwg-wesen-card-imgwrap\"><img decoding=\"async\" src=\"https:\/\/iwell-guard.com\/wp-content\/uploads\/2026\/05\/goetter_keltisch_aengus-200x300.webp\" alt=\"Aengus\" loading=\"lazy\"><\/div><div class=\"iwg-wesen-card-body\"><div class=\"iwg-wesen-card-name\">Aengus<\/div><div class=\"iwg-wesen-card-arrow\">\u2192 \u00c1 v\u00e6ttina<\/div><\/div><\/a><a class=\"iwg-wesen-card\" href=\"https:\/\/iwell-guard.com\/is\/ceridwen\/\" aria-label=\"Ceridwen\"><div class=\"iwg-wesen-card-imgwrap\"><img decoding=\"async\" src=\"https:\/\/iwell-guard.com\/wp-content\/uploads\/2026\/05\/goetter_keltisch_ceridwen-200x300.webp\" alt=\"Ceridwen\" loading=\"lazy\"><\/div><div class=\"iwg-wesen-card-body\"><div class=\"iwg-wesen-card-name\">Ceridwen<\/div><div class=\"iwg-wesen-card-arrow\">\u2192 \u00c1 v\u00e6ttina<\/div><\/div><\/a><\/div>\t\t\t\t\t\t\t\t<\/div>\n\t\t\t\t<\/div>\n\t\t\t\t\t<\/div>\n\t\t\t\t<\/div>\n\t\t<div class=\"elementor-element elementor-element-k-keltisch-s3 e-con-boxed e-flex e-con e-parent\" data-id=\"k-keltisch-s3\" data-element_type=\"container\" data-e-type=\"container\">\n\t\t\t\t\t<div class=\"e-con-inner\">\n\t\t\t\t<div class=\"elementor-element elementor-element-k-keltisch-h3 elementor-widget elementor-widget-heading\" data-id=\"k-keltisch-h3\" data-element_type=\"widget\" data-e-type=\"widget\" data-widget_type=\"heading.default\">\n\t\t\t\t\t<h2 class=\"elementor-heading-title elementor-size-default\">Andar (6)<\/h2>\t\t\t\t<\/div>\n\t\t<div class=\"elementor-element elementor-element-aj11-inner-0008 e-con-full e-flex e-con e-child\" data-id=\"aj11-inner-0008\" data-element_type=\"container\" data-e-type=\"container\">\n\t\t\t\t<div class=\"elementor-element elementor-element-k-keltisch-t3 elementor-widget elementor-widget-text-editor\" data-id=\"k-keltisch-t3\" data-element_type=\"widget\" data-e-type=\"widget\" data-widget_type=\"text-editor.default\">\n\t\t\t\t\t\t\t\t\t<div class=\"iwg-wesen-grid\"><a class=\"iwg-wesen-card\" href=\"https:\/\/iwell-guard.com\/is\/banshee\/\" aria-label=\"Banshee\"><div class=\"iwg-wesen-card-imgwrap\"><img decoding=\"async\" src=\"https:\/\/iwell-guard.com\/wp-content\/uploads\/2026\/04\/geister_keltisch_banshee-200x300.webp\" alt=\"Banshee\" loading=\"lazy\"><\/div><div class=\"iwg-wesen-card-body\"><div class=\"iwg-wesen-card-name\">Banshee<\/div><div class=\"iwg-wesen-card-arrow\">\u2192 \u00c1 v\u00e6ttina<\/div><\/div><\/a><a class=\"iwg-wesen-card\" href=\"https:\/\/iwell-guard.com\/is\/dullahan\/\" aria-label=\"Dullahan\"><div class=\"iwg-wesen-card-imgwrap\"><img decoding=\"async\" src=\"https:\/\/iwell-guard.com\/wp-content\/uploads\/2026\/04\/geister_keltisch_dullahan-200x300.webp\" alt=\"Dullahan\" loading=\"lazy\"><\/div><div class=\"iwg-wesen-card-body\"><div class=\"iwg-wesen-card-name\">Dullahan<\/div><div class=\"iwg-wesen-card-arrow\">\u2192 \u00c1 v\u00e6ttina<\/div><\/div><\/a><a class=\"iwg-wesen-card\" href=\"https:\/\/iwell-guard.com\/is\/leanan-sidhe\/\" aria-label=\"Leanan Sidhe\"><div class=\"iwg-wesen-card-imgwrap\"><img decoding=\"async\" src=\"https:\/\/iwell-guard.com\/wp-content\/uploads\/2026\/04\/geister_keltisch_leanan-sidhe-200x300.webp\" alt=\"Leanan Sidhe\" loading=\"lazy\"><\/div><div class=\"iwg-wesen-card-body\"><div class=\"iwg-wesen-card-name\">Leanan Sidhe<\/div><div class=\"iwg-wesen-card-arrow\">\u2192 \u00c1 v\u00e6ttina<\/div><\/div><\/a><a class=\"iwg-wesen-card\" href=\"https:\/\/iwell-guard.com\/is\/puca\/\" aria-label=\"P\u00faca\"><div class=\"iwg-wesen-card-imgwrap\"><img decoding=\"async\" src=\"https:\/\/iwell-guard.com\/wp-content\/uploads\/2026\/04\/geister_keltisch_puca-200x300.webp\" alt=\"P\u00faca\" loading=\"lazy\"><\/div><div class=\"iwg-wesen-card-body\"><div class=\"iwg-wesen-card-name\">P\u00faca<\/div><div class=\"iwg-wesen-card-arrow\">\u2192 \u00c1 v\u00e6ttina<\/div><\/div><\/a><a class=\"iwg-wesen-card\" href=\"https:\/\/iwell-guard.com\/is\/sluagh\/\" aria-label=\"Sluagh\"><div class=\"iwg-wesen-card-imgwrap\"><img decoding=\"async\" src=\"https:\/\/iwell-guard.com\/wp-content\/uploads\/2026\/04\/geister_keltisch_sluagh-200x300.webp\" alt=\"Sluagh\" loading=\"lazy\"><\/div><div class=\"iwg-wesen-card-body\"><div class=\"iwg-wesen-card-name\">Sluagh<\/div><div class=\"iwg-wesen-card-arrow\">\u2192 \u00c1 v\u00e6ttina<\/div><\/div><\/a><a class=\"iwg-wesen-card\" href=\"https:\/\/iwell-guard.com\/is\/aos-si-thjod-holanna\/\" aria-label=\"Aos S\u00ed \u2013 \u00dej\u00f3\u00f0 h\u00f3lanna \u00ed \u00edrskri handanheimsmynd\"><div class=\"iwg-wesen-card-imgwrap\"><img decoding=\"async\" src=\"https:\/\/iwell-guard.com\/wp-content\/uploads\/2026\/05\/geister_keltisch_aos-si-200x300.webp\" alt=\"Aos S\u00ed \u2013 \u00dej\u00f3\u00f0 h\u00f3lanna \u00ed \u00edrskri handanheimsmynd\" loading=\"lazy\"><\/div><div class=\"iwg-wesen-card-body\"><div class=\"iwg-wesen-card-name\">Aos S\u00ed \u2013 \u00dej\u00f3\u00f0 h\u00f3lanna \u00ed \u00edrskri handanheimsmynd<\/div><div class=\"iwg-wesen-card-arrow\">\u2192 \u00c1 v\u00e6ttina<\/div><\/div><\/a><\/div>\t\t\t\t\t\t\t\t<\/div>\n\t\t\t\t<\/div>\n\t\t\t\t\t<\/div>\n\t\t\t\t<\/div>\n\t\t<div class=\"elementor-element elementor-element-x-keltisch-s-faq e-con-boxed e-flex e-con e-parent\" data-id=\"x-keltisch-s-faq\" data-element_type=\"container\" data-e-type=\"container\">\n\t\t\t\t\t<div class=\"e-con-inner\">\n\t\t\t\t<div class=\"elementor-element elementor-element-x-keltisch-h-faq elementor-widget elementor-widget-heading\" data-id=\"x-keltisch-h-faq\" data-element_type=\"widget\" data-e-type=\"widget\" data-widget_type=\"heading.default\">\n\t\t\t\t\t<h2 class=\"elementor-heading-title elementor-size-default\">Algengar spurningar um keltnesku gu\u00f0ina<\/h2>\t\t\t\t<\/div>\n\t\t<div class=\"elementor-element elementor-element-aj11-inner-0006 e-con-full e-flex e-con e-child\" data-id=\"aj11-inner-0006\" data-element_type=\"container\" data-e-type=\"container\">\n\t\t\t\t<div class=\"elementor-element elementor-element-x-keltisch-t-faq elementor-widget elementor-widget-text-editor\" data-id=\"x-keltisch-t-faq\" data-element_type=\"widget\" data-e-type=\"widget\" data-widget_type=\"text-editor.default\">\n\t\t\t\t\t\t\t\t\t<h3>Hversu margir keltneskir gu\u00f0ir eru til?<\/h3>\n<p>Keltneska <span class=\"iwg-fachbegriff\" data-tooltip=\"Heildarsafn gu\u00f0a \u00ed tr\u00faarbr\u00f6g\u00f0um e\u00f0a menningu.\" tabindex=\"0\">go\u00f0aveldi\u00f0<\/span> er mj\u00f6g misjafnt eftir sv\u00e6\u00f0um. \u00c1 \u00cdrlandi myndar Tuatha D\u00e9 Danann um 50 til 100 nafngreinda gu\u00f0i (Dagda, Lugh, Brigid, Morrigan, Manann\u00e1n, Aengus o.fl.). \u00cd Wales veitir Mabinogion samhli\u00f0a <span class=\"iwg-fachbegriff\" data-tooltip=\"Heildarsafn gu\u00f0a \u00ed tr\u00faarbr\u00f6g\u00f0um e\u00f0a menningu.\" tabindex=\"0\">go\u00f0aveldi<\/span> (Rhiannon, Math, Arianrhod, Lleu Llaw Gyffes).<\/p><p>\u00cd Gall\u00edu voru yfir 400 skjalfestir gu\u00f0ir \u00e1\u00f0ur en R\u00f3mverjar l\u00f6g\u00f0u landi\u00f0 undir sig, oft mj\u00f6g sta\u00f0bundnir. \u00c1letrun og styttur s\u00fdna \u00f3venjulega fj\u00f6lbreytni: keltnesk tr\u00fa var marggu\u00f0atr\u00fa og mj\u00f6g sv\u00e6\u00f0isbundin.<\/p>\n<h3>Hver er \u00e6\u00f0sti keltneski gu\u00f0inn?<\/h3>\n<p>Enginn einn h\u00f6fu\u00f0gu\u00f0 er til, keltnesk tr\u00fa er margmi\u00f0ju\u00f0. \u00c1 \u00cdrlandi er Dagda talinn lei\u00f0togi Tuatha D\u00e9 Danann (g\u00f3\u00f0lyndur, me\u00f0 ketil og kylfu), Lugh er gu\u00f0 lj\u00f3ssins og fj\u00f6lh\u00e6fasta hetjan.<\/p><p>Me\u00f0al Gallanna var Lugus (Lugh) h\u00f6fu\u00f0gu\u00f0; Caesar (De Bello Gallico) samsama\u00f0i hann Merk\u00far\u00edusi. \u00cd Wales er ekkert sk\u00fdrt yfirh\u00f6fu\u00f0. Dru\u00eddarnir mi\u00f0lu\u00f0u milli gu\u00f0anna.<\/p>\n<h3>Hverjir eru Tuatha D\u00e9 Danann?<\/h3>\n<p>Tuatha D\u00e9 Danann (kynstofn gy\u00f0junnar Danu) er go\u00f0sagnakennda gu\u00f0a\u00fej\u00f3\u00f0in \u00e1 \u00cdrlandi. \u00deau komu eftir fj\u00f3rar undanfarnar kynsl\u00f3\u00f0ir (Cessair, Partholon, Nemed, Firbolg) og komu me\u00f0 fj\u00f3ra magna\u00f0a d\u00fdrgripi: sver\u00f0 Nuada, spj\u00f3t Lughs, ketil Dagda og Lia F\u00e1il (kr\u00fdningarsteininn).<\/p><p>S\u00ed\u00f0ar voru \u00feau sigru\u00f0 af Miles\u00edum\u00f6nnum (forfe\u00f0rum n\u00faverandi \u00cdra) og h\u00f6rfu\u00f0u inn \u00ed handanheiminn (Sidhe-h\u00f3lana), \u00fear sem \u00feau lifa samkv\u00e6mt <span class=\"iwg-fachbegriff\" data-tooltip=\"Munnleg mi\u00f0lun \u00feekkingar og sagna milli kynsl\u00f3\u00f0a.\" tabindex=\"0\">munnm\u00e6lum<\/span> sem \u00e1lfar allt til \u00feessa dags.<\/p>\n<h3>Hverjir eru dru\u00eddarnir?<\/h3>\n<p>Dru\u00eddar voru keltneskir prestar, d\u00f3marar, kennarar og l\u00e6knar, \u00farvalsst\u00e9tt menntamanna me\u00f0 tuttugu \u00e1ra \u00fej\u00e1lfun. \u00deeir mi\u00f0lu\u00f0u \u00f6llu munnlega, \u00e1n \u00feess a\u00f0 skrifa ni\u00f0ur heilaga texta, \u00feess vegna var\u00f0 miki\u00f0 \u00feekkingartap eftir yfirt\u00f6ku R\u00f3mverja og kristnit\u00f6ku.<\/p><p><span data-nosnippet>Caesar greinir fr\u00e1 \u00fev\u00ed a\u00f0 \u00feeir hafi tr\u00faa\u00f0 \u00e1 s\u00e1lnaflakk. N\u00fat\u00edma dru\u00eddahyggja, sem Iolo Morganwg stofna\u00f0i 1792 sem velskt bardae\u00f0li og breiddist s\u00ed\u00f0ar \u00fat \u00e1 al\u00fej\u00f3\u00f0av\u00edsu, er endursk\u00f6pun \u00e1n beinnar samfellu.<\/span><\/p>\n<h3>Hva\u00f0 merkja Samhain, Imbolc, Beltane og Lughnasadh?<\/h3>\n<p>Fj\u00f3rar helstu keltneskar h\u00e1t\u00ed\u00f0ir marka landb\u00fana\u00f0arumskiptin: Samhain (1. n\u00f3vember), upphaf vetrar og hli\u00f0 a\u00f0 handanheiminum, uppruni Halloween; Imbolc (1. febr\u00faar), upphaf vors og dagur Brigid; Beltane (1. ma\u00ed), upphaf sumars, dagur Belenos me\u00f0 eldsath\u00f6fnum; og Lughnasadh (1. \u00e1g\u00fast), upphaf uppskerut\u00edmans me\u00f0 leikjum Lughs.<\/p><p>\u00deessir dagar liggja hver um sig um sex vikum fyrir s\u00f3lst\u00f6\u00f0ur og jafnd\u00e6gur; keltneska \u00e1ri\u00f0 var skipulagt \u00f6\u00f0ruv\u00edsi en \u00fea\u00f0 r\u00f3mverska.<\/p>\n<h3>Hva\u00f0 skilur \u00e1 milli keltnesks, gall\u00edsks og velsks?<\/h3>\n<p>\u201eKeltneskt&#8220; er hugtak yfir tungum\u00e1lah\u00f3p: \u00cdrar, Skotar, Walesb\u00faar, Bret\u00f3nar, Galatar og fornir Gallar t\u00f6lu\u00f0u e\u00f0a tala tengd tungum\u00e1l. Efnislega skarast go\u00f0afr\u00e6\u00f0in, en hvert sv\u00e6\u00f0i hefur sitt eigi\u00f0 <span class=\"iwg-fachbegriff\" data-tooltip=\"Heildarsafn gu\u00f0a \u00ed tr\u00faarbr\u00f6g\u00f0um e\u00f0a menningu.\" tabindex=\"0\">go\u00f0aveldi<\/span>.<\/p><p>\u00cdrsk-gel\u00edska hef\u00f0in \u00feekkir Tuatha D\u00e9 Danann (Dagda, Lugh, Morrigan, Brigid), velska hef\u00f0in gu\u00f0i Mabinogion (Rhiannon, Pwyll, Math, Arianrhod), gall\u00edska hef\u00f0in (fyrir t\u00edma R\u00f3mverja \u00ed Frakklandi) Belenos, Cernunnos og Epona, \u00ed dag a\u00f0eins brotakennt kunn af \u00e1letrunum. Pan-keltnesk tr\u00faarbr\u00f6g\u00f0 eru umdeilt efni \u00ed tr\u00faarbrag\u00f0afr\u00e6\u00f0um.<\/p>\n<script type=\"application\/ld+json\">{\"@context\": \"https:\/\/schema.org\", \"@type\": \"FAQPage\", \"mainEntity\": [{\"@type\": \"Question\", \"name\": \"Hversu margir keltneskir gu\u00f0ir eru til?\", \"acceptedAnswer\": {\"@type\": \"Answer\", \"text\": \"Keltneska go\u00f0aveldi\u00f0 er mj\u00f6g misjafnt eftir sv\u00e6\u00f0um. \u00c1 \u00cdrlandi myndar Tuatha D\u00e9 Danann um 50 til 100 nafngreinda gu\u00f0i (Dagda, Lugh, Brigid, Morrigan, Manann\u00e1n, Aengus o.fl.). \u00cd Wales veitir Mabinogion samhli\u00f0a go\u00f0aveldi (Rhiannon, Math, Arianrhod, Lleu Llaw Gyffes). \u00cd Gall\u00edu voru yfir 400 skjalfestir gu\u00f0ir \u00e1\u00f0ur en R\u00f3mverjar l\u00f6g\u00f0u landi\u00f0 undir sig, oft mj\u00f6g sta\u00f0bundnir. \u00c1letrun og styttur s\u00fdna \u00f3venjulega fj\u00f6lbreytni: keltnesk tr\u00fa var marggu\u00f0atr\u00fa og mj\u00f6g sv\u00e6\u00f0isbundin.\"}}, {\"@type\": \"Question\", \"name\": \"Hver er \u00e6\u00f0sti keltneski gu\u00f0inn?\", \"acceptedAnswer\": {\"@type\": \"Answer\", \"text\": \"Enginn einn h\u00f6fu\u00f0gu\u00f0 er til, keltnesk tr\u00fa er margmi\u00f0ju\u00f0. \u00c1 \u00cdrlandi er Dagda talinn lei\u00f0togi Tuatha D\u00e9 Danann (g\u00f3\u00f0lyndur, me\u00f0 ketil og kylfu), Lugh er gu\u00f0 lj\u00f3ssins og fj\u00f6lh\u00e6fasta hetjan. Me\u00f0al Gallanna var Lugus (Lugh) h\u00f6fu\u00f0gu\u00f0; Caesar (De Bello Gallico) samsama\u00f0i hann Merk\u00far\u00edusi. \u00cd Wales er ekkert sk\u00fdrt yfirh\u00f6fu\u00f0. Dru\u00eddarnir mi\u00f0lu\u00f0u milli gu\u00f0anna.\"}}, {\"@type\": \"Question\", \"name\": \"Hverjir eru Tuatha D\u00e9 Danann?\", \"acceptedAnswer\": {\"@type\": \"Answer\", \"text\": \"Tuatha D\u00e9 Danann (kynstofn gy\u00f0junnar Danu) er go\u00f0sagnakennda gu\u00f0a\u00fej\u00f3\u00f0in \u00e1 \u00cdrlandi. \u00deau komu eftir fj\u00f3rar undanfarnar kynsl\u00f3\u00f0ir (Cessair, Partholon, Nemed, Firbolg) og komu me\u00f0 fj\u00f3ra magna\u00f0a d\u00fdrgripi: sver\u00f0 Nuada, spj\u00f3t Lughs, ketil Dagda og Lia F\u00e1il (kr\u00fdningarsteininn). S\u00ed\u00f0ar voru \u00feau sigru\u00f0 af Miles\u00edum\u00f6nnum (forfe\u00f0rum n\u00faverandi \u00cdra) og h\u00f6rfu\u00f0u inn \u00ed handanheiminn (Sidhe-h\u00f3lana), \u00fear sem \u00feau lifa samkv\u00e6mt munnm\u00e6lum sem \u00e1lfar allt til \u00feessa dags.\"}}, {\"@type\": \"Question\", \"name\": \"Hverjir eru dru\u00eddarnir?\", \"acceptedAnswer\": {\"@type\": \"Answer\", \"text\": \"Dru\u00eddar voru keltneskir prestar, d\u00f3marar, kennarar og l\u00e6knar, \u00farvalsst\u00e9tt menntamanna me\u00f0 tuttugu \u00e1ra \u00fej\u00e1lfun. \u00deeir mi\u00f0lu\u00f0u \u00f6llu munnlega, \u00e1n \u00feess a\u00f0 skrifa ni\u00f0ur heilaga texta, \u00feess vegna var\u00f0 miki\u00f0 \u00feekkingartap eftir yfirt\u00f6ku R\u00f3mverja og kristnit\u00f6ku. Caesar greinir fr\u00e1 \u00fev\u00ed a\u00f0 \u00feeir hafi tr\u00faa\u00f0 \u00e1 s\u00e1lnaflakk. N\u00fat\u00edma dru\u00eddahyggja, sem Iolo Morganwg stofna\u00f0i 1792 sem velskt bardae\u00f0li og breiddist s\u00ed\u00f0ar \u00fat \u00e1 al\u00fej\u00f3\u00f0av\u00edsu, er endursk\u00f6pun \u00e1n beinnar samfellu.\"}}, {\"@type\": \"Question\", \"name\": \"Hva\u00f0 merkja Samhain, Imbolc, Beltane og Lughnasadh?\", \"acceptedAnswer\": {\"@type\": \"Answer\", \"text\": \"Fj\u00f3rar helstu keltneskar h\u00e1t\u00ed\u00f0ir marka landb\u00fana\u00f0arumskiptin: Samhain (1. n\u00f3vember), upphaf vetrar og hli\u00f0 a\u00f0 handanheiminum, uppruni Halloween; Imbolc (1. febr\u00faar), upphaf vors og dagur Brigid; Beltane (1. ma\u00ed), upphaf sumars, dagur Belenos me\u00f0 eldsath\u00f6fnum; og Lughnasadh (1. \u00e1g\u00fast), upphaf uppskerut\u00edmans me\u00f0 leikjum Lughs. \u00deessir dagar liggja hver um sig um sex vikum fyrir s\u00f3lst\u00f6\u00f0ur og jafnd\u00e6gur; keltneska \u00e1ri\u00f0 var skipulagt \u00f6\u00f0ruv\u00edsi en \u00fea\u00f0 r\u00f3mverska.\"}}, {\"@type\": \"Question\", \"name\": \"Hva\u00f0 skilur \u00e1 milli keltnesks, gall\u00edsks og velsks?\", \"acceptedAnswer\": {\"@type\": \"Answer\", \"text\": \"\u201eKeltneskt\\\" er hugtak yfir tungum\u00e1lah\u00f3p: \u00cdrar, Skotar, Walesb\u00faar, Bret\u00f3nar, Galatar og fornir Gallar t\u00f6lu\u00f0u e\u00f0a tala tengd tungum\u00e1l. Efnislega skarast go\u00f0afr\u00e6\u00f0in, en hvert sv\u00e6\u00f0i hefur sitt eigi\u00f0 go\u00f0aveldi. \u00cdrsk-gel\u00edska hef\u00f0in \u00feekkir Tuatha D\u00e9 Danann (Dagda, Lugh, Morrigan, Brigid), velska hef\u00f0in gu\u00f0i Mabinogion (Rhiannon, Pwyll, Math, Arianrhod), gall\u00edska hef\u00f0in (fyrir t\u00edma R\u00f3mverja \u00ed Frakklandi) Belenos, Cernunnos og Epona, \u00ed dag a\u00f0eins brotakennt kunn af \u00e1letrunum. Pan-keltnesk tr\u00faarbr\u00f6g\u00f0 eru umdeilt efni \u00ed tr\u00faarbrag\u00f0afr\u00e6\u00f0um.\"}}]}<\/script>\t\t\t\t\t\t\t\t<\/div>\n\t\t\t\t<\/div>\n\t\t\t\t\t<\/div>\n\t\t\t\t<\/div>\n\t\t<div class=\"elementor-element elementor-element-178deea e-con-boxed e-flex e-con e-parent\" data-id=\"178deea\" data-element_type=\"container\" data-e-type=\"container\">\n\t\t\t\t\t<div class=\"e-con-inner\">\n\t\t\t\t<div class=\"elementor-element elementor-element-458e611 elementor-widget elementor-widget-heading\" data-id=\"458e611\" data-element_type=\"widget\" data-e-type=\"widget\" data-widget_type=\"heading.default\">\n\t\t\t\t\t<h2 class=\"elementor-heading-title elementor-size-default\">\u00cdtarefni<\/h2>\t\t\t\t<\/div>\n\t\t\t\t<div class=\"elementor-element elementor-element-cc6fa0f elementor-widget elementor-widget-heading\" data-id=\"cc6fa0f\" data-element_type=\"widget\" data-e-type=\"widget\" data-widget_type=\"heading.default\">\n\t\t\t\t\t<h3 class=\"elementor-heading-title elementor-size-default\">Eyja- og meginlandskeltar<\/h3>\t\t\t\t<\/div>\n\t\t<div class=\"elementor-element elementor-element-aj11-inner-0009 e-con-full e-flex e-con e-child\" data-id=\"aj11-inner-0009\" data-element_type=\"container\" data-e-type=\"container\">\n\t\t\t\t<div class=\"elementor-element elementor-element-f113f05 elementor-widget elementor-widget-text-editor\" data-id=\"f113f05\" data-element_type=\"widget\" data-e-type=\"widget\" data-widget_type=\"text-editor.default\">\n\t\t\t\t\t\t\t\t\t<p>Keltnesk tr\u00faarbr\u00f6g\u00f0 spanna tv\u00f6 menningarlega tengd en mj\u00f6g misjafnlega var\u00f0veitt sv\u00e6\u00f0i: eyjakeltar (\u00cdrland, Wales, Skotland) og meginlandskeltar (Gall\u00eda, Bretland, Galat\u00eda).<\/p><p>Fr\u00e1 meginlandskeltum h\u00f6fum vi\u00f0 n\u00e6r a\u00f0eins r\u00f3mversk-gr\u00edska fr\u00e1sagnir utan a\u00f0 (Caesar, Strabo, Lucan) og \u00e1letranir. Eyjakeltar hafa var\u00f0veitt go\u00f0sagnir s\u00ednar, Lebor Gab\u00e1la, Ulster-hringr\u00e1sina, Mabinogi, \u00e1 ritu\u00f0u formi, mi\u00f0la\u00f0 \u00ed gegnum kristni.<\/p>\t\t\t\t\t\t\t\t<\/div>\n\t\t\t\t<\/div>\n\t\t\t\t<div class=\"elementor-element elementor-element-6c4c201 elementor-widget elementor-widget-heading\" data-id=\"6c4c201\" data-element_type=\"widget\" data-e-type=\"widget\" data-widget_type=\"heading.default\">\n\t\t\t\t\t<h3 class=\"elementor-heading-title elementor-size-default\">Dru\u00eddar og v\u00f6ld \u00feeirra<\/h3>\t\t\t\t<\/div>\n\t\t<div class=\"elementor-element elementor-element-bw-460bec3-48f99b5 e-flex e-con-boxed e-con e-parent\" data-id=\"bw-460bec3-48f99b5\" data-element_type=\"container\" data-e-type=\"container\" data-settings=\"{&quot;background_background&quot;:&quot;classic&quot;}\">\n\t\t\t\t\t<div class=\"e-con-inner\">\n\t\t\t\t<div class=\"elementor-element elementor-element-460bec3 elementor-widget elementor-widget-text-editor\" data-id=\"460bec3\" data-element_type=\"widget\" data-e-type=\"widget\" data-widget_type=\"text-editor.default\">\n\t\t\t\t\t\t\t\t\t<p>Dru\u00eddar voru \u00ed keltnesku samf\u00e9lagi \u00ed senn prestar, d\u00f3marar, kennarar, l\u00e6knar og stj\u00f6rnufr\u00e6\u00f0ingar. Caesar segir fr\u00e1 \u00fev\u00ed a\u00f0 \u00feeir hafi veri\u00f0 \u00fej\u00e1lfa\u00f0ir \u00ed tuttugu \u00e1r og var\u00f0veitt allt \u00ed munnlegri geymd.<\/p><p>R\u00f3mverska landvinningin b\u00e6ldi dru\u00edda ni\u00f0ur me\u00f0 kerfisbundnum h\u00e6tti \u00ed Gall\u00edu; \u00e1 \u00cdrlandi lif\u00f0u \u00feeir af allt til kristnit\u00f6ku \u00e1 5. \u00f6ld. Sk\u00e1ldast\u00e9ttin (filid) t\u00f3k vi\u00f0 hluta af hlutverkum \u00feeirra.<\/p>\t\t\t\t\t\t\t\t<\/div>\n\t\t\t\t\t<\/div>\n\t\t\t\t<\/div>\n\t\t\t\t<div class=\"elementor-element elementor-element-62c7d18 elementor-widget elementor-widget-heading\" data-id=\"62c7d18\" data-element_type=\"widget\" data-e-type=\"widget\" data-widget_type=\"heading.default\">\n\t\t\t\t\t<h3 class=\"elementor-heading-title elementor-size-default\">Hugmyndin um Handanheiminn<\/h3>\t\t\t\t<\/div>\n\t\t<div class=\"elementor-element elementor-element-bw-bb1548a-e17aa76 e-flex e-con-boxed e-con e-parent\" data-id=\"bw-bb1548a-e17aa76\" data-element_type=\"container\" data-e-type=\"container\" data-settings=\"{&quot;background_background&quot;:&quot;classic&quot;}\">\n\t\t\t\t\t<div class=\"e-con-inner\">\n\t\t\t\t<div class=\"elementor-element elementor-element-bb1548a elementor-widget elementor-widget-text-editor\" data-id=\"bb1548a\" data-element_type=\"widget\" data-e-type=\"widget\" data-widget_type=\"text-editor.default\">\n\t\t\t\t\t\t\t\t\t<p>Mi\u00f0l\u00e6gt \u00ed keltnesku heimsmyndinni er Handanheimurinn (T\u00edr na n\u00d3g, Annwn), ekki l\u00edf eftir dau\u00f0ann \u00ed kristnum skilningi heldur samhli\u00f0a veruleikasvi\u00f0 sem ver\u00f0ur gagns\u00e6tt \u00e1 tilteknum st\u00f6\u00f0um og t\u00edmum (Samhain, Beltane).<\/p><p>S\u00eddhe, verur h\u00f3lksf\u00f3lksins, b\u00faa \u00fear og eiga samskipti vi\u00f0 mennina, allt fr\u00e1 velvild til h\u00e6ttu.<\/p>\t\t\t\t\t\t\t\t<\/div>\n\t\t\t\t\t<\/div>\n\t\t\t\t<\/div>\n\t\t\t\t<div class=\"elementor-element elementor-element-9ba661e elementor-widget elementor-widget-heading\" data-id=\"9ba661e\" data-element_type=\"widget\" data-e-type=\"widget\" data-widget_type=\"heading.default\">\n\t\t\t\t\t<h3 class=\"elementor-heading-title elementor-size-default\">Endurvakning og n\u00fdhei\u00f0ni<\/h3>\t\t\t\t<\/div>\n\t\t<div class=\"elementor-element elementor-element-bw-c5aa179-f455a4f e-flex e-con-boxed e-con e-parent\" data-id=\"bw-c5aa179-f455a4f\" data-element_type=\"container\" data-e-type=\"container\" data-settings=\"{&quot;background_background&quot;:&quot;classic&quot;}\">\n\t\t\t\t\t<div class=\"e-con-inner\">\n\t\t\t\t<div class=\"elementor-element elementor-element-c5aa179 elementor-widget elementor-widget-text-editor\" data-id=\"c5aa179\" data-element_type=\"widget\" data-e-type=\"widget\" data-widget_type=\"text-editor.default\">\n\t\t\t\t\t\t\t\t\t<footer class=\"iwg-literatur\"><p>\u00c1 18. og 19. \u00f6ld var keltnesk tr\u00fa endurskapu\u00f0 fr\u00e1 grunni, fr\u00e1 Iolo Morganwg, sem samdi falsa\u00f0a dru\u00edd\u00edska helgisi\u00f0i, til W. B. Yeats og \u00edrskrar b\u00f3kmenntavakningar.<\/p><p>N\u00fat\u00edma n\u00fddru\u00eddahreyfingin og wicca-stefnan s\u00e6kja efni sitt \u00ed \u00feetta s\u00ed\u00f0ara, r\u00f3mant\u00edska lag. \u00c1 iWell Guard gerum vi\u00f0 sk\u00fdran greinarmun \u00e1 s\u00f6gulega sta\u00f0festu keltnesku efni og r\u00f3mant\u00edskri m\u00f3tt\u00f6ku \u00feess.<\/p><h3>Sta\u00f0a ranns\u00f3kna<\/h3><p><span data-nosnippet>Erfitt er a\u00f0 rannsaka keltnesk tr\u00faarbr\u00f6g\u00f0 me\u00f0 \u00e1rei\u00f0anlegum h\u00e6tti, \u00fev\u00ed rita\u00f0ar heimildir voru fyrst skrifa\u00f0ar eftir kristnit\u00f6ku. Grundvallarrit eru Miranda Green (<em>The Celtic World<\/em>, 1995) og Bernhard Maier (<em>Die Religion der Kelten<\/em>, 2001).<\/span><\/p><p>Gagnr\u00fdna umfj\u00f6llun um n\u00fat\u00edma \u201ekeltnesku endurvakninguna&#8220; og fr\u00e6\u00f0ilegt gildi hennar veitir Marion Bowman \u00ed fj\u00f6lda greina um n\u00fat\u00edma keltneska hreyfingu.<\/p><div data-nosnippet=\"true\" class=\"iwg-litliste\"><\/div><\/footer>\n<p class=\"iwg-bib-more\"><span data-nosnippet>Fleiri grundvallarrit \u00ed <a href=\"https:\/\/iwell-guard.com\/is\/?page_id=168730\">heimildaskr\u00e1nni<\/a>.<\/span><\/p>\t\t\t\t\t\t\t\t<\/div>\n\t\t\t\t\t<\/div>\n\t\t\t\t<\/div>\n\t\t\t\t\t<\/div>\n\t\t\t\t<\/div>\n\t\t<div class=\"elementor-element elementor-element-iwgcc-keltisch-sec e-flex e-con-boxed e-con e-parent\" data-id=\"iwgcc-keltisch-sec\" data-element_type=\"container\" data-e-type=\"container\" id=\"iwg-cc-keltisch\">\n\t\t\t\t\t<div class=\"e-con-inner\">\n\t\t<div class=\"elementor-element elementor-element-iwgcc-keltisch-inner e-flex e-con-boxed e-con e-parent\" data-id=\"iwgcc-keltisch-inner\" data-element_type=\"container\" data-e-type=\"container\" data-settings=\"{&quot;background_background&quot;:&quot;classic&quot;}\">\n\t\t\t\t\t<div class=\"e-con-inner\">\n\t\t\t\t<div class=\"elementor-element elementor-element-iwgcc-keltisch-h elementor-widget elementor-widget-heading\" data-id=\"iwgcc-keltisch-h\" data-element_type=\"widget\" data-e-type=\"widget\" data-widget_type=\"heading.default\">\n\t\t\t\t\t<h2 class=\"elementor-heading-title elementor-size-default\">Verndargripir \u00ed \u00feessari menningarhef\u00f0<\/h2>\t\t\t\t<\/div>\n\t\t\t\t<div class=\"elementor-element elementor-element-iwgcc-keltisch-t elementor-widget elementor-widget-text-editor\" data-id=\"iwgcc-keltisch-t\" data-element_type=\"widget\" data-e-type=\"widget\" data-widget_type=\"text-editor.default\">\n\t\t\t\t\t\t\t\t\t<p>Keltnesk verndari\u00f0ja \u00feekkti \u00fer\u00edbeygjur (triskele), hn\u00fataskraut og dru\u00edd\u00edsk verndargripi; brons- og gullhlutir me\u00f0 d\u00fdra- og sp\u00edralmynstri fylgdu str\u00ed\u00f0sm\u00f6nnum og fer\u00f0al\u00f6ngum.<\/p><div data-nosnippet=\"true\"><p>iWell Guard fellur inn \u00ed \u00feessa menningars\u00f6gulegu hef\u00f0 handb\u00e6rra verndargripa, \u00ed n\u00fat\u00edmalegri efnish\u00f6nnun, framleitt \u00ed \u00de\u00fdskalandi. 41 lag, ekta gull, plat\u00edna, silfur. 30 daga skilar\u00e9ttur.<\/p><\/div>\t\t\t\t\t\t\t\t<\/div>\n\t\t\t\t<div class=\"elementor-element elementor-element-iwgcc-keltisch-b iwg-cc-button iwg-cc-cta-2026-05-13 elementor-widget elementor-widget-jet-button\" data-id=\"iwgcc-keltisch-b\" data-element_type=\"widget\" data-e-type=\"widget\" data-widget_type=\"jet-button.default\">\n\t\t\t\t<div class=\"elementor-widget-container\">\n\t\t\t\t\t<div class=\"elementor-jet-button jet-elements\"><div class=\"jet-button__container\"><a class=\"jet-button__instance jet-button__instance--icon-left hover-effect-1\" href=\"\/ueber-iwell-guard\/?utm_source=iwell-guard.com&amp;utm_medium=info-box&amp;utm_campaign=kultur-tradition\"><div class=\"jet-button__plane jet-button__plane-normal\"><\/div><div class=\"jet-button__plane jet-button__plane-hover\"><\/div><div class=\"jet-button__state jet-button__state-normal\"><span class=\"jet-button__label\">Meira um iWell Guard<\/span><\/div><div class=\"jet-button__state jet-button__state-hover\"><span class=\"jet-button__label\">Meira um iWell Guard<\/span><\/div><\/a><\/div><\/div><style>.elementor-element.elementor-element-iwgcc-keltisch-b .jet-button__instance{width:320px;height:56px;}.elementor-element.elementor-element-iwgcc-keltisch-b .jet-button__state-normal .jet-button__label{text-align:center;margin:0px 0px 0px 0px;color:#1a1b20;font-family:Montserrat,sans-serif;font-size:13px;font-weight:400;letter-spacing:4px;line-height:1.714em;text-transform:uppercase;}.elementor-element.elementor-element-iwgcc-keltisch-b .jet-button__state-hover .jet-button__label{text-align:center;margin:0px 0px 0px 0px;color:#FECC76;font-family:Montserrat,sans-serif;font-size:13px;font-weight:400;letter-spacing:4px;line-height:1.714em;text-transform:uppercase;}.elementor-element.elementor-element-iwgcc-keltisch-b .jet-button__plane-normal{background-color:#FECC76;border-style:solid;border-color:#C99540;border-width:2px 2px 2px 2px;}.elementor-element.elementor-element-iwgcc-keltisch-b .jet-button__plane-hover{background-color:rgba(0,0,0,0.55);border-style:solid;border-color:#FECC76;border-width:2px 2px 2px 2px;}<\/style>\t\t\t\t<\/div>\n\t\t\t\t<\/div>\n\t\t\t\t<div class=\"elementor-element elementor-element-iwgcc-keltisch-d elementor-widget elementor-widget-text-editor\" data-id=\"iwgcc-keltisch-d\" data-element_type=\"widget\" data-e-type=\"widget\" data-widget_type=\"text-editor.default\">\n\t\t\t\t\t\t\t\t\t<div data-nosnippet=\"true\"><p style=\"text-align:center;font-size:13px;opacity:0.7;margin-top:14px\" data-nosnippet=\"true\">Pers\u00f3nuleg reynsla getur veri\u00f0 mismunandi. Ekki l\u00e6kningat\u00e6ki. Engin lofor\u00f0 um l\u00e6kningu.<\/p><\/div>\t\t\t\t\t\t\t\t<\/div>\n\t\t\t\t\t<\/div>\n\t\t\t\t<\/div>\n\t\t\t\t\t<\/div>\n\t\t\t\t<\/div>\n\t\t<div class=\"elementor-element elementor-element-iwgkw2-add-keltisch e-flex e-con-boxed e-con e-parent\" data-id=\"iwgkw2-add-keltisch\" data-element_type=\"container\" data-e-type=\"container\">\n\t\t\t\t\t<div class=\"e-con-inner\">\n\t\t\t\t<div class=\"elementor-element elementor-element-iwgkw2-add-keltisch-t elementor-widget elementor-widget-text-editor\" data-id=\"iwgkw2-add-keltisch-t\" data-element_type=\"widget\" data-e-type=\"widget\" data-widget_type=\"text-editor.default\">\n\t\t\t\t\t\t\t\t\t<p>Keltnesk <strong><span class=\"iwg-fachbegriff\" data-tooltip=\"Heildarsafn go\u00f0sagna sem var\u00f0veist hafa um gu\u00f0i \u00e1kve\u00f0innar menningar.\" tabindex=\"0\">go\u00f0afr\u00e6\u00f0i<\/span><\/strong> er ekki var\u00f0veitt \u00ed einni heildst\u00e6\u00f0ri heimild, heldur ver\u00f0ur h\u00fan endurger\u00f0 \u00far eyjakeltneskum sagnahringjum, meginlandskeltneskum \u00e1letrunum og r\u00f3mverskum fr\u00e1s\u00f6gnum.<\/p>\t\t\t\t\t\t\t\t<\/div>\n\t\t\t\t\t<\/div>\n\t\t\t\t<\/div>\n\t\t<div class=\"elementor-element elementor-element-iwgssrev-keltisch e-flex e-con-boxed e-con e-parent\" data-id=\"iwgssrev-keltisch\" data-element_type=\"container\" data-e-type=\"container\">\n\t\t\t\t\t<div class=\"e-con-inner\">\n\t\t\t\t<div class=\"elementor-element elementor-element-iwgssrev-keltisch-h elementor-widget elementor-widget-heading\" data-id=\"iwgssrev-keltisch-h\" data-element_type=\"widget\" data-e-type=\"widget\" data-widget_type=\"heading.default\">\n\t\t\t\t\t<h2 class=\"elementor-heading-title elementor-size-default\">Verndart\u00e1kn \u00far keltneska heiminum<\/h2>\t\t\t\t<\/div>\n\t\t\t\t<div class=\"elementor-element elementor-element-iwgssrev-keltisch-t elementor-widget elementor-widget-text-editor\" data-id=\"iwgssrev-keltisch-t\" data-element_type=\"widget\" data-e-type=\"widget\" data-widget_type=\"text-editor.default\">\n\t\t\t\t\t\t\t\t\t<p>T\u00e1knasafni\u00f0 fjallar um nokkur t\u00e1kn og gripi \u00far keltneska heiminum \u00e1 eigin s\u00ed\u00f0um: <a href=\"https:\/\/iwell-guard.com\/is\/?page_id=169175\">Awen<\/a>, <a href=\"https:\/\/iwell-guard.com\/is\/?page_id=169173\">Brigidarkross<\/a>, <a href=\"https:\/\/iwell-guard.com\/is\/?page_id=169213\">Keltneskan hn\u00fat<\/a>, <a href=\"https:\/\/iwell-guard.com\/is\/?page_id=169141\">Keltneskan kross<\/a>, <a href=\"https:\/\/iwell-guard.com\/is\/?page_id=169139\">Triquetra<\/a> og <a href=\"https:\/\/iwell-guard.com\/is\/?page_id=169174\">Triskele<\/a>. Yfirlit yfir menningarheima \u00ed heild m\u00e1 finna \u00e1 s\u00ed\u00f0unni um <a href=\"https:\/\/iwell-guard.com\/is\/?page_id=168902\">verndart\u00e1kn<\/a>.<\/p>\t\t\t\t\t\t\t\t<\/div>\n\t\t\t\t\t<\/div>\n\t\t\t\t<\/div>\n\t\t\t\t<\/div>\n\t\t","protected":false},"excerpt":{"rendered":"","protected":false},"author":3,"featured_media":1614,"parent":0,"menu_order":0,"comment_status":"closed","ping_status":"closed","template":"elementor_header_footer","meta":{"_yoast_wpseo_focuskw":"keltneskir gu\u00f0ir","_yoast_wpseo_title":"Keltneskir gu\u00f0ir \u2013 Tuatha D\u00e9 Danann, dru\u00eddar | iWell Guard","_yoast_wpseo_metadesc":"Gu\u00f0ir Kelta: Dagda, Lugh, Morrigan, Brigid, Cernunnos, Manann\u00e1n. Go\u00f0afr\u00e6\u00f0i \u00cdrlands, Wales og Gall\u00edu, hef\u00f0ir dru\u00edda.","_yoast_wpseo_meta-robots-noindex":"","_yoast_wpseo_canonical":"","_angie_page":false,"gefaehrdungsstufe":"","wesen_kultur":"","wesen_klasse":"","footnotes":""},"categories":[],"class_list":["post-168615","page","type-page","status-publish","has-post-thumbnail","hentry"],"yoast_head":"<!-- This site is optimized with the Yoast SEO Premium plugin v27.7 (Yoast SEO v28.3) - https:\/\/yoast.com\/product\/yoast-seo-premium-wordpress\/ -->\n<title>Keltneskir gu\u00f0ir \u2013 Tuatha D\u00e9 Danann, dru\u00eddar | iWell Guard<\/title>\n<meta name=\"description\" content=\"Gu\u00f0ir Kelta: Dagda, Lugh, Morrigan, Brigid, Cernunnos, Manann\u00e1n. Go\u00f0afr\u00e6\u00f0i \u00cdrlands, Wales og Gall\u00edu, hef\u00f0ir dru\u00edda.\" \/>\n<meta name=\"robots\" content=\"index, follow, max-snippet:-1, max-image-preview:large, max-video-preview:-1\" \/>\n<link rel=\"canonical\" href=\"https:\/\/iwell-guard.com\/is\/keltneskt\/\" \/>\n<meta property=\"og:locale\" content=\"is_IS\" \/>\n<meta property=\"og:type\" content=\"article\" \/>\n<meta property=\"og:title\" content=\"Keltneskt\" \/>\n<meta property=\"og:description\" content=\"Gu\u00f0ir Kelta: Dagda, Lugh, Morrigan, Brigid, Cernunnos, Manann\u00e1n. Go\u00f0afr\u00e6\u00f0i \u00cdrlands, Wales og Gall\u00edu, hef\u00f0ir dru\u00edda.\" \/>\n<meta property=\"og:url\" content=\"https:\/\/iwell-guard.com\/is\/keltneskt\/\" \/>\n<meta property=\"og:site_name\" content=\"iWell Guard\" \/>\n<meta property=\"article:modified_time\" content=\"2026-09-05T14:15:00+00:00\" \/>\n<meta property=\"og:image\" content=\"https:\/\/iwell-guard.com\/wp-content\/uploads\/2026\/04\/goetter_keltisch_cailleach.webp\" \/>\n\t<meta property=\"og:image:width\" content=\"1024\" \/>\n\t<meta property=\"og:image:height\" content=\"1536\" \/>\n\t<meta property=\"og:image:type\" content=\"image\/webp\" \/>\n<meta name=\"twitter:card\" content=\"summary_large_image\" \/>\n<script type=\"application\/ld+json\" class=\"yoast-schema-graph\">{\"@context\":\"https:\\\/\\\/schema.org\",\"@graph\":[{\"@type\":\"WebPage\",\"@id\":\"https:\\\/\\\/iwell-guard.com\\\/is\\\/keltneskt\\\/\",\"url\":\"https:\\\/\\\/iwell-guard.com\\\/is\\\/keltneskt\\\/\",\"name\":\"Keltneskir gu\u00f0ir \u2013 Tuatha D\u00e9 Danann, dru\u00eddar | iWell Guard\",\"isPartOf\":{\"@id\":\"https:\\\/\\\/iwell-guard.com\\\/is\\\/#website\"},\"primaryImageOfPage\":{\"@id\":\"https:\\\/\\\/iwell-guard.com\\\/is\\\/keltneskt\\\/#primaryimage\"},\"image\":{\"@id\":\"https:\\\/\\\/iwell-guard.com\\\/is\\\/keltneskt\\\/#primaryimage\"},\"thumbnailUrl\":\"https:\\\/\\\/iwell-guard.com\\\/wp-content\\\/uploads\\\/2026\\\/04\\\/goetter_keltisch_cailleach.webp\",\"datePublished\":\"2026-09-05T14:01:35+00:00\",\"dateModified\":\"2026-09-05T14:15:00+00:00\",\"description\":\"Gu\u00f0ir Kelta: Dagda, Lugh, Morrigan, Brigid, Cernunnos, Manann\u00e1n. Go\u00f0afr\u00e6\u00f0i \u00cdrlands, Wales og Gall\u00edu, hef\u00f0ir dru\u00edda.\",\"breadcrumb\":{\"@id\":\"https:\\\/\\\/iwell-guard.com\\\/is\\\/keltneskt\\\/#breadcrumb\"},\"inLanguage\":\"is\",\"potentialAction\":[{\"@type\":\"ReadAction\",\"target\":[\"https:\\\/\\\/iwell-guard.com\\\/is\\\/keltneskt\\\/\"]}]},{\"@type\":\"ImageObject\",\"inLanguage\":\"is\",\"@id\":\"https:\\\/\\\/iwell-guard.com\\\/is\\\/keltneskt\\\/#primaryimage\",\"url\":\"https:\\\/\\\/iwell-guard.com\\\/wp-content\\\/uploads\\\/2026\\\/04\\\/goetter_keltisch_cailleach.webp\",\"contentUrl\":\"https:\\\/\\\/iwell-guard.com\\\/wp-content\\\/uploads\\\/2026\\\/04\\\/goetter_keltisch_cailleach.webp\",\"width\":1024,\"height\":1536,\"caption\":\"Gu\u00f0ir \u00far keltneskri hef\u00f0.\"},{\"@type\":\"BreadcrumbList\",\"@id\":\"https:\\\/\\\/iwell-guard.com\\\/is\\\/keltneskt\\\/#breadcrumb\",\"itemListElement\":[{\"@type\":\"ListItem\",\"position\":1,\"name\":\"Start\",\"item\":\"https:\\\/\\\/iwell-guard.com\\\/is\\\/?page_id=168580\"},{\"@type\":\"ListItem\",\"position\":2,\"name\":\"Keltneskt\"}]},{\"@type\":\"WebSite\",\"@id\":\"https:\\\/\\\/iwell-guard.com\\\/is\\\/#website\",\"url\":\"https:\\\/\\\/iwell-guard.com\\\/is\\\/\",\"name\":\"iWell Guard\",\"description\":\"Schutz vor dunklen Einfl\u00fcssen\",\"publisher\":{\"@id\":\"https:\\\/\\\/iwell-guard.com\\\/is\\\/#organization\"},\"potentialAction\":[{\"@type\":\"SearchAction\",\"target\":{\"@type\":\"EntryPoint\",\"urlTemplate\":\"https:\\\/\\\/iwell-guard.com\\\/is\\\/?s={search_term_string}\"},\"query-input\":{\"@type\":\"PropertyValueSpecification\",\"valueRequired\":true,\"valueName\":\"search_term_string\"}}],\"inLanguage\":\"is\"},{\"@type\":\"Organization\",\"@id\":\"https:\\\/\\\/iwell-guard.com\\\/is\\\/#organization\",\"name\":\"Ittermann electronic GmbH\",\"url\":\"https:\\\/\\\/iwell-guard.com\\\/is\\\/\",\"logo\":{\"@type\":\"ImageObject\",\"inLanguage\":\"is\",\"@id\":\"https:\\\/\\\/iwell-guard.com\\\/is\\\/#\\\/schema\\\/logo\\\/image\\\/\",\"url\":\"https:\\\/\\\/iwell-guard.com\\\/wp-content\\\/uploads\\\/2026\\\/05\\\/Ittermann-Logo-1182x237-1.png\",\"contentUrl\":\"https:\\\/\\\/iwell-guard.com\\\/wp-content\\\/uploads\\\/2026\\\/05\\\/Ittermann-Logo-1182x237-1.png\",\"width\":1182,\"height\":237,\"caption\":\"Ittermann electronic GmbH\"},\"image\":{\"@id\":\"https:\\\/\\\/iwell-guard.com\\\/is\\\/#\\\/schema\\\/logo\\\/image\\\/\"},\"sameAs\":[\"https:\\\/\\\/pantip.com\\\/profile\\\/9367242\",\"https:\\\/\\\/micro.blog\\\/iwellguard\",\"https:\\\/\\\/www.diggerslist.com\\\/iwellguard\\\/about\",\"https:\\\/\\\/skitterphoto.com\\\/photographers\\\/2870314\\\/iwell-guard\",\"https:\\\/\\\/iwellguard.wordpress.com\\\/2026\\\/06\\\/06\\\/iwell-guard\\\/\",\"https:\\\/\\\/hub.docker.com\\\/u\\\/iwellguard\",\"https:\\\/\\\/www.pinterest.com\\\/iwellguard\\\/\",\"https:\\\/\\\/bit.ly\\\/m\\\/iwellguard\",\"https:\\\/\\\/entre-vos-mains.alsace.eu\\\/profiles\\\/iwellguard\\\/activity\",\"https:\\\/\\\/gravatar.com\\\/reallybeded8fd34\",\"https:\\\/\\\/naijamatta.com\\\/iwellguard\",\"https:\\\/\\\/www.goodreads.com\\\/iwellguard\",\"https:\\\/\\\/profile.hatena.ne.jp\\\/iwellguard\\\/\",\"https:\\\/\\\/experiment.com\\\/users\\\/iwellguard\",\"https:\\\/\\\/wakelet.com\\\/@iWellGuard82270\",\"https:\\\/\\\/www.chordie.com\\\/forum\\\/profile.php?id=2555664\",\"https:\\\/\\\/www.instapaper.com\\\/p\\\/17757966\",\"https:\\\/\\\/www.mapleprimes.com\\\/users\\\/iwellguard\",\"https:\\\/\\\/businesslistingplus.com\\\/profile\\\/iwell-guard\\\/\",\"https:\\\/\\\/telegra.ph\\\/iWell-Guard-06-06\",\"https:\\\/\\\/pbase.com\\\/iwellguard\\\/iwellguard\",\"https:\\\/\\\/b.hatena.ne.jp\\\/iwellguard\\\/20260607#bookmark-4788405196491818882\",\"https:\\\/\\\/fliphtml5.com\\\/home\\\/iwellguard\",\"https:\\\/\\\/anyflip.com\\\/homepage\\\/cmiwl#About\",\"https:\\\/\\\/transfur.com\\\/Users\\\/iwellguard\",\"http:\\\/\\\/delphi.larsbo.org\\\/user\\\/iwellguard\",\"https:\\\/\\\/jobs.lajobsportal.org\\\/profiles\\\/8380803-iwell-guard\",\"https:\\\/\\\/md.chaosdorf.de\\\/s\\\/jfbe5SBdJD\",\"https:\\\/\\\/www.lingvolive.com\\\/en-us\\\/profile\\\/9ecaeaca-ce11-4e51-9e71-01d55e2bff36\\\/translations\",\"https:\\\/\\\/www.fitday.com\\\/fitness\\\/forums\\\/members\\\/iwellguard.html\",\"https:\\\/\\\/www.mymeetbook.com\\\/iwellguard\",\"https:\\\/\\\/pxhere.com\\\/en\\\/photographer-me\\\/5040798\",\"https:\\\/\\\/disqus.com\\\/by\\\/iwellguard\\\/about\\\/\",\"https:\\\/\\\/pastelink.net\\\/hjwciqwq\",\"https:\\\/\\\/pubhtml5.com\\\/homepage\\\/scjhn\\\/\",\"https:\\\/\\\/www.bitchute.com\\\/channel\\\/2O2eOKzNqujT\",\"https:\\\/\\\/audiomack.com\\\/iwellguard\"]}]}<\/script>\n<!-- \/ Yoast SEO Premium plugin. -->","yoast_head_json":{"title":"Keltneskir gu\u00f0ir \u2013 Tuatha D\u00e9 Danann, dru\u00eddar | iWell Guard","description":"Gu\u00f0ir Kelta: Dagda, Lugh, Morrigan, Brigid, Cernunnos, Manann\u00e1n. Go\u00f0afr\u00e6\u00f0i \u00cdrlands, Wales og Gall\u00edu, hef\u00f0ir dru\u00edda.","robots":{"index":"index","follow":"follow","max-snippet":"max-snippet:-1","max-image-preview":"max-image-preview:large","max-video-preview":"max-video-preview:-1"},"canonical":"https:\/\/iwell-guard.com\/is\/keltneskt\/","og_locale":"is_IS","og_type":"article","og_title":"Keltneskt","og_description":"Gu\u00f0ir Kelta: Dagda, Lugh, Morrigan, Brigid, Cernunnos, Manann\u00e1n. Go\u00f0afr\u00e6\u00f0i \u00cdrlands, Wales og Gall\u00edu, hef\u00f0ir dru\u00edda.","og_url":"https:\/\/iwell-guard.com\/is\/keltneskt\/","og_site_name":"iWell Guard","article_modified_time":"2026-09-05T14:15:00+00:00","og_image":[{"width":1024,"height":1536,"url":"https:\/\/iwell-guard.com\/wp-content\/uploads\/2026\/04\/goetter_keltisch_cailleach.webp","type":"image\/webp"}],"twitter_card":"summary_large_image","schema":{"@context":"https:\/\/schema.org","@graph":[{"@type":"WebPage","@id":"https:\/\/iwell-guard.com\/is\/keltneskt\/","url":"https:\/\/iwell-guard.com\/is\/keltneskt\/","name":"Keltneskir gu\u00f0ir \u2013 Tuatha D\u00e9 Danann, dru\u00eddar | iWell Guard","isPartOf":{"@id":"https:\/\/iwell-guard.com\/is\/#website"},"primaryImageOfPage":{"@id":"https:\/\/iwell-guard.com\/is\/keltneskt\/#primaryimage"},"image":{"@id":"https:\/\/iwell-guard.com\/is\/keltneskt\/#primaryimage"},"thumbnailUrl":"https:\/\/iwell-guard.com\/wp-content\/uploads\/2026\/04\/goetter_keltisch_cailleach.webp","datePublished":"2026-09-05T14:01:35+00:00","dateModified":"2026-09-05T14:15:00+00:00","description":"Gu\u00f0ir Kelta: Dagda, Lugh, Morrigan, Brigid, Cernunnos, Manann\u00e1n. Go\u00f0afr\u00e6\u00f0i \u00cdrlands, Wales og Gall\u00edu, hef\u00f0ir dru\u00edda.","breadcrumb":{"@id":"https:\/\/iwell-guard.com\/is\/keltneskt\/#breadcrumb"},"inLanguage":"is","potentialAction":[{"@type":"ReadAction","target":["https:\/\/iwell-guard.com\/is\/keltneskt\/"]}]},{"@type":"ImageObject","inLanguage":"is","@id":"https:\/\/iwell-guard.com\/is\/keltneskt\/#primaryimage","url":"https:\/\/iwell-guard.com\/wp-content\/uploads\/2026\/04\/goetter_keltisch_cailleach.webp","contentUrl":"https:\/\/iwell-guard.com\/wp-content\/uploads\/2026\/04\/goetter_keltisch_cailleach.webp","width":1024,"height":1536,"caption":"Gu\u00f0ir \u00far keltneskri hef\u00f0."},{"@type":"BreadcrumbList","@id":"https:\/\/iwell-guard.com\/is\/keltneskt\/#breadcrumb","itemListElement":[{"@type":"ListItem","position":1,"name":"Start","item":"https:\/\/iwell-guard.com\/is\/?page_id=168580"},{"@type":"ListItem","position":2,"name":"Keltneskt"}]},{"@type":"WebSite","@id":"https:\/\/iwell-guard.com\/is\/#website","url":"https:\/\/iwell-guard.com\/is\/","name":"iWell Guard","description":"Schutz vor dunklen Einfl\u00fcssen","publisher":{"@id":"https:\/\/iwell-guard.com\/is\/#organization"},"potentialAction":[{"@type":"SearchAction","target":{"@type":"EntryPoint","urlTemplate":"https:\/\/iwell-guard.com\/is\/?s={search_term_string}"},"query-input":{"@type":"PropertyValueSpecification","valueRequired":true,"valueName":"search_term_string"}}],"inLanguage":"is"},{"@type":"Organization","@id":"https:\/\/iwell-guard.com\/is\/#organization","name":"Ittermann electronic GmbH","url":"https:\/\/iwell-guard.com\/is\/","logo":{"@type":"ImageObject","inLanguage":"is","@id":"https:\/\/iwell-guard.com\/is\/#\/schema\/logo\/image\/","url":"https:\/\/iwell-guard.com\/wp-content\/uploads\/2026\/05\/Ittermann-Logo-1182x237-1.png","contentUrl":"https:\/\/iwell-guard.com\/wp-content\/uploads\/2026\/05\/Ittermann-Logo-1182x237-1.png","width":1182,"height":237,"caption":"Ittermann electronic GmbH"},"image":{"@id":"https:\/\/iwell-guard.com\/is\/#\/schema\/logo\/image\/"},"sameAs":["https:\/\/pantip.com\/profile\/9367242","https:\/\/micro.blog\/iwellguard","https:\/\/www.diggerslist.com\/iwellguard\/about","https:\/\/skitterphoto.com\/photographers\/2870314\/iwell-guard","https:\/\/iwellguard.wordpress.com\/2026\/06\/06\/iwell-guard\/","https:\/\/hub.docker.com\/u\/iwellguard","https:\/\/www.pinterest.com\/iwellguard\/","https:\/\/bit.ly\/m\/iwellguard","https:\/\/entre-vos-mains.alsace.eu\/profiles\/iwellguard\/activity","https:\/\/gravatar.com\/reallybeded8fd34","https:\/\/naijamatta.com\/iwellguard","https:\/\/www.goodreads.com\/iwellguard","https:\/\/profile.hatena.ne.jp\/iwellguard\/","https:\/\/experiment.com\/users\/iwellguard","https:\/\/wakelet.com\/@iWellGuard82270","https:\/\/www.chordie.com\/forum\/profile.php?id=2555664","https:\/\/www.instapaper.com\/p\/17757966","https:\/\/www.mapleprimes.com\/users\/iwellguard","https:\/\/businesslistingplus.com\/profile\/iwell-guard\/","https:\/\/telegra.ph\/iWell-Guard-06-06","https:\/\/pbase.com\/iwellguard\/iwellguard","https:\/\/b.hatena.ne.jp\/iwellguard\/20260607#bookmark-4788405196491818882","https:\/\/fliphtml5.com\/home\/iwellguard","https:\/\/anyflip.com\/homepage\/cmiwl#About","https:\/\/transfur.com\/Users\/iwellguard","http:\/\/delphi.larsbo.org\/user\/iwellguard","https:\/\/jobs.lajobsportal.org\/profiles\/8380803-iwell-guard","https:\/\/md.chaosdorf.de\/s\/jfbe5SBdJD","https:\/\/www.lingvolive.com\/en-us\/profile\/9ecaeaca-ce11-4e51-9e71-01d55e2bff36\/translations","https:\/\/www.fitday.com\/fitness\/forums\/members\/iwellguard.html","https:\/\/www.mymeetbook.com\/iwellguard","https:\/\/pxhere.com\/en\/photographer-me\/5040798","https:\/\/disqus.com\/by\/iwellguard\/about\/","https:\/\/pastelink.net\/hjwciqwq","https:\/\/pubhtml5.com\/homepage\/scjhn\/","https:\/\/www.bitchute.com\/channel\/2O2eOKzNqujT","https:\/\/audiomack.com\/iwellguard"]}]}},"_links":{"self":[{"href":"https:\/\/iwell-guard.com\/is\/wp-json\/wp\/v2\/pages\/168615","targetHints":{"allow":["GET"]}}],"collection":[{"href":"https:\/\/iwell-guard.com\/is\/wp-json\/wp\/v2\/pages"}],"about":[{"href":"https:\/\/iwell-guard.com\/is\/wp-json\/wp\/v2\/types\/page"}],"author":[{"embeddable":true,"href":"https:\/\/iwell-guard.com\/is\/wp-json\/wp\/v2\/users\/3"}],"replies":[{"embeddable":true,"href":"https:\/\/iwell-guard.com\/is\/wp-json\/wp\/v2\/comments?post=168615"}],"version-history":[{"count":0,"href":"https:\/\/iwell-guard.com\/is\/wp-json\/wp\/v2\/pages\/168615\/revisions"}],"wp:featuredmedia":[{"embeddable":true,"href":"https:\/\/iwell-guard.com\/is\/wp-json\/wp\/v2\/media\/1614"}],"wp:attachment":[{"href":"https:\/\/iwell-guard.com\/is\/wp-json\/wp\/v2\/media?parent=168615"}],"wp:term":[{"taxonomy":"category","embeddable":true,"href":"https:\/\/iwell-guard.com\/is\/wp-json\/wp\/v2\/categories?post=168615"}],"curies":[{"name":"wp","href":"https:\/\/api.w.org\/{rel}","templated":true}]}}