{"id":168614,"date":"2026-09-05T14:01:34","date_gmt":"2026-09-05T14:01:34","guid":{"rendered":"https:\/\/iwell-guard.com\/?page_id=168614"},"modified":"2026-09-05T14:14:59","modified_gmt":"2026-09-05T14:14:59","slug":"germonsk","status":"publish","type":"page","link":"https:\/\/iwell-guard.com\/is\/germonsk\/","title":{"rendered":"Germanskt"},"content":{"rendered":"\t\t<div data-elementor-type=\"wp-page\" data-elementor-id=\"168614\" class=\"elementor elementor-168614 elementor-1015\" data-elementor-post-type=\"page\">\n\t\t\t\t<div class=\"elementor-element elementor-element-k-hero-rebuilt-german iwg-kultur-hero e-flex e-con-boxed e-con e-parent\" data-id=\"k-hero-rebuilt-german\" data-element_type=\"container\" data-e-type=\"container\">\n\t\t\t\t\t<div class=\"e-con-inner\">\n\t\t<div class=\"elementor-element elementor-element-khleft-german iwg-kultur-hero-left e-flex e-con-boxed e-con e-child\" data-id=\"khleft-german\" data-element_type=\"container\" data-e-type=\"container\">\n\t\t\t\t\t<div class=\"e-con-inner\">\n\t\t\t\t<div class=\"elementor-element elementor-element-k-h1-germanisch elementor-widget elementor-widget-heading\" data-id=\"k-h1-germanisch\" data-element_type=\"widget\" data-e-type=\"widget\" data-widget_type=\"heading.default\">\n\t\t\t\t\t<h1 class=\"elementor-heading-title elementor-size-default\">Norr\u00e6nir gu\u00f0ir, \u00c6sir, Vanir og germ\u00f6nsk go\u00f0afr\u00e6\u00f0i<\/h1>\t\t\t\t<\/div>\n\t\t<div class=\"elementor-element elementor-element-aj11-hero-lead-german e-con-full e-flex e-con e-child\" data-id=\"aj11-hero-lead-german\" data-element_type=\"container\" data-e-type=\"container\">\n\t\t\t\t<div class=\"elementor-element elementor-element-k-lead-germanisch elementor-widget elementor-widget-text-editor\" data-id=\"k-lead-germanisch\" data-element_type=\"widget\" data-e-type=\"widget\" data-widget_type=\"text-editor.default\">\n\t\t\t\t\t\t\t\t\t<p><strong>Verur \u00far germ\u00f6nsku hef\u00f0inni<\/strong> \u00e1 iWell Guard. Forkristinn heimur gu\u00f0a og anda \u00ed Nor\u00f0ur- og Mi\u00f0-Evr\u00f3pu. A\u00f0alheimildir: Snorra-Edda, Eddukv\u00e6\u00f0i, dr\u00f3ttkv\u00e6\u00f0i, fornleifafundir.<\/p>\t\t\t\t\t\t\t\t<\/div>\n\t\t\t\t<\/div>\n\t\t<div class=\"elementor-element elementor-element-aj11-hero-toc-german e-con-full e-flex e-con e-child\" data-id=\"aj11-hero-toc-german\" data-element_type=\"container\" data-e-type=\"container\">\n\t\t\t\t<div class=\"elementor-element elementor-element-k-toc-germanisch elementor-widget elementor-widget-text-editor\" data-id=\"k-toc-germanisch\" data-element_type=\"widget\" data-e-type=\"widget\" data-widget_type=\"text-editor.default\">\n\t\t\t\t\t\t\t\t\t<p><strong>Efni \u00feessarar s\u00ed\u00f0u:<\/strong><\/p><ul><li><a href=\"#k-germanisch-h1\">Yfirlit<\/a><\/li><li><a href=\"#x-germanisch-h100\">Saga og go\u00f0aver\u00f6ld<\/a><\/li><li><a href=\"#x-germanisch-h101\">Verur \u00ed daglegu l\u00edfi<\/a><\/li><li><a href=\"#x-germanisch-h102\">\u00de\u00fd\u00f0ing n\u00fa \u00e1 d\u00f6gum<\/a><\/li><li><a href=\"#k-germanisch-h2\">Gu\u00f0ir (6)<\/a><\/li><li><a href=\"#k-germanisch-h3\">Andar (6)<\/a><\/li><li><a href=\"#72d1854\">N\u00e1nari umfj\u00f6llun<\/a><\/li><\/ul>\t\t\t\t\t\t\t\t<\/div>\n\t\t\t\t<\/div>\n\t\t\t\t\t<\/div>\n\t\t\t\t<\/div>\n\t\t<div class=\"elementor-element elementor-element-khrght-german iwg-kultur-hero-right e-flex e-con-boxed e-con e-child\" data-id=\"khrght-german\" data-element_type=\"container\" data-e-type=\"container\">\n\t\t\t\t\t<div class=\"e-con-inner\">\n\t\t\t\t<div class=\"elementor-element elementor-element-k-img-germanisch iwg-hero-image elementor-widget elementor-widget-image\" data-id=\"k-img-germanisch\" data-element_type=\"widget\" data-e-type=\"widget\" data-widget_type=\"image.default\">\n\t\t\t\t\t\t\t\t\t\t\t\t\t\t\t<img fetchpriority=\"high\" decoding=\"async\" width=\"683\" height=\"1024\" src=\"https:\/\/iwell-guard.com\/wp-content\/uploads\/2026\/04\/goetter_germanisch_odin-683x1024.webp\" class=\"attachment-large size-large wp-image-170979\" alt=\"\u00d3\u00f0inn - gu\u00f0 \u00far germ\u00f6nskri hef\u00f0, s\u00f6guleg myndskreyting\" srcset=\"https:\/\/iwell-guard.com\/wp-content\/uploads\/2026\/04\/goetter_germanisch_odin-683x1024.webp 683w, https:\/\/iwell-guard.com\/wp-content\/uploads\/2026\/04\/goetter_germanisch_odin-200x300.webp 200w, https:\/\/iwell-guard.com\/wp-content\/uploads\/2026\/04\/goetter_germanisch_odin-768x1152.webp 768w, https:\/\/iwell-guard.com\/wp-content\/uploads\/2026\/04\/goetter_germanisch_odin.webp 1024w\" sizes=\"(max-width: 683px) 100vw, 683px\" \/>\t\t\t\t\t\t\t\t\t\t\t\t\t\t\t<\/div>\n\t\t\t\t\t<\/div>\n\t\t\t\t<\/div>\n\t\t\t\t\t<\/div>\n\t\t\t\t<\/div>\n\t\t\t\t<section class=\"elementor-section elementor-top-section elementor-element elementor-element-sec-iwgcomp2-germanisch elementor-section-boxed elementor-section-height-default elementor-section-height-default\" data-id=\"sec-iwgcomp2-germanisch\" data-element_type=\"section\" data-e-type=\"section\">\n\t\t\t\t\t\t<div class=\"elementor-container elementor-column-gap-default\">\n\t\t\t\t\t<div class=\"elementor-column elementor-col-100 elementor-top-column elementor-element elementor-element-col-iwgcomp2-germanisch\" data-id=\"col-iwgcomp2-germanisch\" data-element_type=\"column\" data-e-type=\"column\">\n\t\t\t<div class=\"elementor-widget-wrap elementor-element-populated\">\n\t\t\t\t\t\t<div class=\"elementor-element elementor-element-iwgcomp2-germanisch elementor-widget elementor-widget-text-editor\" data-id=\"iwgcomp2-germanisch\" data-element_type=\"widget\" data-e-type=\"widget\" data-widget_type=\"text-editor.default\">\n\t\t\t\t\t\t\t\t\t<p>\u00deessi s\u00ed\u00f0a fjallar um <strong>germ\u00f6nsk<\/strong>u tr\u00faarbr\u00f6g\u00f0in fr\u00e1 <span class=\"iwg-fachbegriff\" data-tooltip=\"Fors\u00f6gulegt t\u00edmabil eftir brons\u00f6ld, einkennt af j\u00e1rnvinnslu.\" tabindex=\"0\">j\u00e1rn\u00f6ld<\/span>ar-<span class=\"iwg-fachbegriff\" data-tooltip=\"Heild gu\u00f0a \u00ed tr\u00faarbr\u00f6g\u00f0um e\u00f0a menningu.\" tabindex=\"0\">go\u00f0aver\u00f6ldinni<\/span> til Eddu-t\u00edmans.<\/p>\t\t\t\t\t\t\t\t<\/div>\n\t\t\t\t\t<\/div>\n\t\t<\/div>\n\t\t\t\t\t<\/div>\n\t\t<\/section>\n\t\t<div class=\"elementor-element elementor-element-clstrsec-aj12-germanis e-con-boxed e-flex e-con e-parent\" data-id=\"clstrsec-aj12-germanis\" data-element_type=\"container\" data-e-type=\"container\">\n\t\t\t\t\t<div class=\"e-con-inner\">\n\t\t\t\t<div class=\"elementor-element elementor-element-clstrh2-aj12-german elementor-widget elementor-widget-heading\" data-id=\"clstrh2-aj12-german\" data-element_type=\"widget\" data-e-type=\"widget\" data-widget_type=\"heading.default\">\n\t\t\t\t\t<h2 class=\"elementor-heading-title elementor-size-default\">Edda, go\u00f0ahir\u00f0 og norr\u00e6nar sagnir<\/h2>\t\t\t\t<\/div>\n\t\t<div class=\"elementor-element elementor-element-aj12-cluster-text-germanis e-con-full e-flex e-con e-child\" data-id=\"aj12-cluster-text-germanis\" data-element_type=\"container\" data-e-type=\"container\">\n\t\t\t\t<div class=\"elementor-element elementor-element-aj12-cluster-text-german-t elementor-widget elementor-widget-text-editor\" data-id=\"aj12-cluster-text-german-t\" data-element_type=\"widget\" data-e-type=\"widget\" data-widget_type=\"text-editor.default\">\n\t\t\t\t\t\t\t\t\t<p>Germ\u00f6nsk tr\u00fa er \u00fat fr\u00e1 heimildagagnr\u00fdni erfi\u00f0 hef\u00f0. \u00dea\u00f0 sem vi\u00f0 vitum kemur n\u00e1nast eing\u00f6ngu \u00far kristnum, \u00edslenskum s\u00ed\u00f0heimildum: Lj\u00f3\u00f0a-Edda og Snorra-Edda voru teknar saman \u00e1 13. \u00f6ld, l\u00f6ngu eftir a\u00f0 norr\u00e6nn hei\u00f0ni haf\u00f0i h\u00e6tt a\u00f0 vera lifandi tr\u00fa.<\/p><p>Forkristnar \u00e1letranir, r\u00fanir og \u00f6rnefni b\u00e6ta myndina \u00fat en koma ekki \u00ed sta\u00f0 hennar.<\/p>\n<p>\u00cd mi\u00f0junni standa tv\u00e6r go\u00f0a\u00e6ttir: hinir str\u00ed\u00f0sgl\u00f6\u00f0u \u00c6sir \u00ed kringum \u00d3\u00f0inn, \u00de\u00f3r, T\u00fdr og Frigg, og hin frj\u00f3semistengdu Vanir \u00ed kringum Frey, Freyju og Nj\u00f6r\u00f0.<\/p><p>Go\u00f0afr\u00e6\u00f0ilega er kerfi\u00f0 kvikt: \u00dea\u00f0 endar \u00ed Ragnar\u00f6k, tort\u00edmingu go\u00f0anna, og f\u00e6r \u00fear me\u00f0 eskat\u00f3l\u00f3g\u00edska d\u00fdpt sem \u00f6nnur fj\u00f6lgy\u00f0istr\u00faarkerfi \u00feekkja ekki.<\/p>\n<p><strong>Al\u00fe\u00fd\u00f0utr\u00fain<\/strong> snerist um verndarv\u00e6ttir: h\u00fasv\u00e6ttir, landv\u00e6ttir, fylgjur (pers\u00f3nulegir \u00f6rlagav\u00e6ttir) og d\u00edsir (kvenkyns forfe\u00f0rav\u00e6ttir). \u00deetta lag er tr\u00faars\u00f6gulega oft d\u00fdpra og eldra en <span class=\"iwg-fachbegriff\" data-tooltip=\"Heildarsafn \u00feeirra go\u00f0sagna sem var\u00f0veist hafa \u00far einni menningu.\" tabindex=\"0\">go\u00f0afr\u00e6\u00f0i<\/span> \u00c1sanna og hefur lifa\u00f0 \u00e1fram \u00ed skandinav\u00edskum \u00fej\u00f3\u00f0si\u00f0um allt fram \u00e1 19. \u00f6ld.<\/p>\t\t\t\t\t\t\t\t<\/div>\n\t\t\t\t<\/div>\n\t\t\t\t\t<\/div>\n\t\t\t\t<\/div>\n\t\t<div class=\"elementor-element elementor-element-k-germanisch-s1 e-con-boxed e-flex e-con e-parent\" data-id=\"k-germanisch-s1\" data-element_type=\"container\" data-e-type=\"container\">\n\t\t\t\t\t<div class=\"e-con-inner\">\n\t\t\t\t<div class=\"elementor-element elementor-element-k-germanisch-h1 elementor-widget elementor-widget-heading\" data-id=\"k-germanisch-h1\" data-element_type=\"widget\" data-e-type=\"widget\" data-widget_type=\"heading.default\">\n\t\t\t\t\t<h2 class=\"elementor-heading-title elementor-size-default\">Yfirlit<\/h2>\t\t\t\t<\/div>\n\t\t<div class=\"elementor-element elementor-element-aj11-inner-0003 e-con-full e-flex e-con e-child\" data-id=\"aj11-inner-0003\" data-element_type=\"container\" data-e-type=\"container\">\n\t\t\t\t<div class=\"elementor-element elementor-element-k-germanisch-t1 elementor-widget elementor-widget-text-editor\" data-id=\"k-germanisch-t1\" data-element_type=\"widget\" data-e-type=\"widget\" data-widget_type=\"text-editor.default\">\n\t\t\t\t\t\t\t\t\t<p><strong>T\u00edmabil:<\/strong> <span class=\"iwg-fachbegriff\" data-tooltip=\"Fors\u00f6gulegt t\u00edmabil \u00fear sem brons var mikilv\u00e6gasti m\u00e1lmurinn \u00ed \u00e1h\u00f6ld.\" tabindex=\"0\">brons\u00f6ld<\/span> (1500 f.Kr.) til kristnit\u00f6ku (10.-12. \u00f6ld). Textar: Snorra-Edda (1220), Eddukv\u00e6\u00f0i.<\/p><p>\u00datbrei\u00f0sla: Skandinav\u00eda, meginland German\u00edu, Bretlandseyjar. \u00dat\u00feensla v\u00edkingaaldar til R\u00fasslands og Nor\u00f0ur-Amer\u00edku.<\/p><p>Heimildir: Snorra-Edda, Eddukv\u00e6\u00f0i, dr\u00f3ttkv\u00e6\u00f0i, Saxo Grammaticus, German\u00eda Tacitusar, r\u00fana\u00e1letranir.<\/p><p><span class=\"iwg-fachbegriff\" data-tooltip=\"Heild gu\u00f0a \u00ed tr\u00faarbr\u00f6g\u00f0um e\u00f0a menningu.\" tabindex=\"0\">Go\u00f0aver\u00f6ld<\/span> og verutegundir: \u00c6sir (\u00d3\u00f0inn, \u00de\u00f3r, Frigg), Vanir (Freyr, Freyja), j\u00f6tnar, dvergar, \u00e1lfar, nornir.<\/p>\t\t\t\t\t\t\t\t<\/div>\n\t\t\t\t<\/div>\n\t\t\t\t\t<\/div>\n\t\t\t\t<\/div>\n\t\t<div class=\"elementor-element elementor-element-x-germanisch-s100 e-con-boxed e-flex e-con e-parent\" data-id=\"x-germanisch-s100\" data-element_type=\"container\" data-e-type=\"container\">\n\t\t\t\t\t<div class=\"e-con-inner\">\n\t\t\t\t<div class=\"elementor-element elementor-element-x-germanisch-h100 elementor-widget elementor-widget-heading\" data-id=\"x-germanisch-h100\" data-element_type=\"widget\" data-e-type=\"widget\" data-widget_type=\"heading.default\">\n\t\t\t\t\t<h2 class=\"elementor-heading-title elementor-size-default\">Saga og go\u00f0aveldi<\/h2>\t\t\t\t<\/div>\n\t\t<div class=\"elementor-element elementor-element-aj11-inner-0004 e-con-full e-flex e-con e-child\" data-id=\"aj11-inner-0004\" data-element_type=\"container\" data-e-type=\"container\">\n\t\t\t\t<div class=\"elementor-element elementor-element-x-germanisch-t100 elementor-widget elementor-widget-text-editor\" data-id=\"x-germanisch-t100\" data-element_type=\"widget\" data-e-type=\"widget\" data-widget_type=\"text-editor.default\">\n\t\t\t\t\t\t\t\t\t<p>Germ\u00f6nsk tr\u00faarbr\u00f6g\u00f0 fyrir kristnit\u00f6ku eru a\u00f0eins kunn af fornleifavottum, s\u00ed\u00f0heimildum \u00e1 ritu\u00f0u m\u00e1li (Eddukv\u00e6\u00f0um) og <span class=\"iwg-fachbegriff\" data-tooltip=\"T\u00edmabil gr\u00edskrar og r\u00f3mverskrar menningar, um 800 f.Kr. til 600 e.Kr.\" tabindex=\"0\">fornaldar<\/span>heimildum (Tacitus). Endurger\u00f0 <span class=\"iwg-fachbegriff\" data-tooltip=\"Heild gu\u00f0a \u00ed tr\u00faarbr\u00f6g\u00f0um e\u00f0a menningu.\" tabindex=\"0\">go\u00f0aver\u00f6ldin<\/span> skiptist \u00ed tv\u00e6r heims\u00e6tti: \u00c1su (gu\u00f0i reglu og herna\u00f0ar, undir forystu \u00d3\u00f0ins og \u00de\u00f3rs) og Vani (gu\u00f0i frj\u00f3semi og <span class=\"iwg-fachbegriff\" data-tooltip=\"Athafnir sem eiga a\u00f0 hafa \u00e1hrif \u00e1 atbur\u00f0ar\u00e1s me\u00f0 s\u00e9rst\u00f6kum gj\u00f6r\u00f0um e\u00f0a form\u00falum.\" tabindex=\"0\">galdurs<\/span>). Go\u00f0afr\u00e6\u00f0ilega er \u00feetta var\u00f0veitt sem fyrra str\u00ed\u00f0 milli \u00e6ttanna.<\/p><p>Hi\u00f0 heimsfarslega lokastig Ragnar\u00f6k l\u00fdsir hringr\u00e1s ey\u00f0ingar og endurf\u00e6\u00f0ingar heimsins. Mikilv\u00e6gar pers\u00f3nur eru \u00d3\u00f0inn (viska, herna\u00f0ur, <span class=\"iwg-fachbegriff\" data-tooltip=\"Athafnir sem eiga a\u00f0 hafa \u00e1hrif \u00e1 atbur\u00f0ar\u00e1s me\u00f0 s\u00e9rst\u00f6kum gj\u00f6r\u00f0um e\u00f0a form\u00falum.\" tabindex=\"0\">galdur<\/span>), \u00de\u00f3r (\u00feruma, regla), Freyja (\u00e1st, herna\u00f0ur, <span class=\"iwg-fachbegriff\" data-tooltip=\"Athafnir sem eiga a\u00f0 hafa \u00e1hrif \u00e1 atbur\u00f0ar\u00e1s me\u00f0 s\u00e9rst\u00f6kum gj\u00f6r\u00f0um e\u00f0a form\u00falum.\" tabindex=\"0\">galdur<\/span>) og Loki (\u00f3rei\u00f0a, m\u00f6rkabrot).<\/p><p>Ritheimildirnar koma fr\u00e1 h\u00f6fundum kristins t\u00edma og eru \u00fev\u00ed hugmyndafr\u00e6\u00f0ilega lita\u00f0ar; upprunalegar athafnir eru glata\u00f0ar.<\/p>\t\t\t\t\t\t\t\t<\/div>\n\t\t\t\t<\/div>\n\t\t\t\t\t<\/div>\n\t\t\t\t<\/div>\n\t\t<div class=\"elementor-element elementor-element-x-germanisch-s101 e-con-boxed e-flex e-con e-parent\" data-id=\"x-germanisch-s101\" data-element_type=\"container\" data-e-type=\"container\">\n\t\t\t\t\t<div class=\"e-con-inner\">\n\t\t\t\t<div class=\"elementor-element elementor-element-x-germanisch-h101 elementor-widget elementor-widget-heading\" data-id=\"x-germanisch-h101\" data-element_type=\"widget\" data-e-type=\"widget\" data-widget_type=\"heading.default\">\n\t\t\t\t\t<h2 class=\"elementor-heading-title elementor-size-default\">Verur \u00ed daglegu l\u00edfi<\/h2>\t\t\t\t<\/div>\n\t\t<div class=\"elementor-element elementor-element-aj11-inner-0005 e-con-full e-flex e-con e-child\" data-id=\"aj11-inner-0005\" data-element_type=\"container\" data-e-type=\"container\">\n\t\t\t\t<div class=\"elementor-element elementor-element-x-germanisch-t101 elementor-widget elementor-widget-text-editor\" data-id=\"x-germanisch-t101\" data-element_type=\"widget\" data-e-type=\"widget\" data-widget_type=\"text-editor.default\">\n\t\t\t\t\t\t\t\t\t<p>Endurger\u00f0ar athafnir n\u00e1 yfir bl\u00f3tf\u00f3rnir, r\u00fanasp\u00e1d\u00f3ma og athafnir fyrir uppskeru og herna\u00f0. Helgir lundir og lindir voru tr\u00faarleg mi\u00f0st\u00f6\u00f0var, sk\u00e1ld og prestar g\u00e6ttu go\u00f0afr\u00e6\u00f0ilegrar \u00feekkingar, og verndarathafnir og r\u00fanaskrift \u00fej\u00f3nu\u00f0u andlegri v\u00f6rn.<\/p><p>Kristnitakan \u00e1 8. til 12. \u00f6ld \u00fdtti \u00feessum ath\u00f6fnum til hli\u00f0ar; \u00fe\u00e6r lif\u00f0u \u00fe\u00f3 \u00e1fram \u00ed \u00fej\u00f3\u00f0hef\u00f0um (Valborgarn\u00f3tt, ma\u00edh\u00e1t\u00ed\u00f0ir) og \u00ed sv\u00e6\u00f0isbundinni andatr\u00fa. Andaverur \u00e1 bor\u00f0 vi\u00f0 \u00e1lfa og d\u00edsir (verndaranda) h\u00e9ldust \u00e1fram \u00ed \u00fej\u00f3\u00f0hef\u00f0inni, og v\u00f6lvur voru s\u00e9rfr\u00e6\u00f0ingar \u00ed andasambandi.<\/p>\t\t\t\t\t\t\t\t<\/div>\n\t\t\t\t<\/div>\n\t\t\t\t\t<\/div>\n\t\t\t\t<\/div>\n\t\t<div class=\"elementor-element elementor-element-x-germanisch-s102 e-con-boxed e-flex e-con e-parent\" data-id=\"x-germanisch-s102\" data-element_type=\"container\" data-e-type=\"container\">\n\t\t\t\t\t<div class=\"e-con-inner\">\n\t\t\t\t<div class=\"elementor-element elementor-element-x-germanisch-h102 elementor-widget elementor-widget-heading\" data-id=\"x-germanisch-h102\" data-element_type=\"widget\" data-e-type=\"widget\" data-widget_type=\"heading.default\">\n\t\t\t\t\t<h2 class=\"elementor-heading-title elementor-size-default\">Mikilv\u00e6gi \u00ed dag<\/h2>\t\t\t\t<\/div>\n\t\t<div class=\"elementor-element elementor-element-aj11-inner-0006 e-con-full e-flex e-con e-child\" data-id=\"aj11-inner-0006\" data-element_type=\"container\" data-e-type=\"container\">\n\t\t\t\t<div class=\"elementor-element elementor-element-x-germanisch-t102 elementor-widget elementor-widget-text-editor\" data-id=\"x-germanisch-t102\" data-element_type=\"widget\" data-e-type=\"widget\" data-widget_type=\"text-editor.default\">\n\t\t\t\t\t\t\t\t\t<p>Germ\u00f6nsk tr\u00faarbr\u00f6g\u00f0 eru ekki lengur lifandi hef\u00f0. Fornleifafr\u00e6\u00f0ileg og b\u00f3kmenntaleg endurger\u00f0 \u00feeirra er fr\u00e6\u00f0ilega str\u00f6ng en ver\u00f0ur alltaf \u00e1giskun a\u00f0 hluta. N\u00fat\u00edma Asatr\u00fa-hreyfingin hefur reynt endurvakningu fr\u00e1 20. \u00f6ld, en er hugmyndafr\u00e6\u00f0ilega \u00f3samst\u00e6\u00f0 og hefur veri\u00f0 misnotu\u00f0 af h\u00e6gri-\u00f6fgah\u00f3pum.<\/p><p>Fj\u00f6lmi\u00f0lamenning (Tolkien, Marvel-\u00de\u00f3r, t\u00f6lvuleikir) hefur f\u00e1ga\u00f0 norr\u00e6na <span class=\"iwg-fachbegriff\" data-tooltip=\"Heild \u00feeirra go\u00f0sagna sem var\u00f0veist hafa um gu\u00f0i einnar menningar.\" tabindex=\"0\">go\u00f0afr\u00e6\u00f0i<\/span> og gert hana a\u00f0gengilega fj\u00f6ldamenningu. Go\u00f0sagnirnar \u00fej\u00f3na n\u00fa sem myndhverfingar fyrir s\u00e1lfr\u00e6\u00f0ileg og tilvistarleg \u00feemu, ekki sem lifandi tr\u00faarkerfi.<\/p>\t\t\t\t\t\t\t\t<\/div>\n\t\t\t\t<\/div>\n\t\t\t\t\t<\/div>\n\t\t\t\t<\/div>\n\t\t<div class=\"elementor-element elementor-element-k-germanisch-s2 e-con-boxed e-flex e-con e-parent\" data-id=\"k-germanisch-s2\" data-element_type=\"container\" data-e-type=\"container\">\n\t\t\t\t\t<div class=\"e-con-inner\">\n\t\t\t\t<div class=\"elementor-element elementor-element-k-germanisch-h2 elementor-widget elementor-widget-heading\" data-id=\"k-germanisch-h2\" data-element_type=\"widget\" data-e-type=\"widget\" data-widget_type=\"heading.default\">\n\t\t\t\t\t<h2 class=\"elementor-heading-title elementor-size-default\">Gu\u00f0ir (12)<\/h2>\t\t\t\t<\/div>\n\t\t<div class=\"elementor-element elementor-element-aj11-inner-0007 e-con-full e-flex e-con e-child\" data-id=\"aj11-inner-0007\" data-element_type=\"container\" data-e-type=\"container\">\n\t\t\t\t<div class=\"elementor-element elementor-element-k-germanisch-t2 elementor-widget elementor-widget-text-editor\" data-id=\"k-germanisch-t2\" data-element_type=\"widget\" data-e-type=\"widget\" data-widget_type=\"text-editor.default\">\n\t\t\t\t\t\t\t\t\t<div class=\"iwg-wesen-grid\"><a class=\"iwg-wesen-card\" href=\"https:\/\/iwell-guard.com\/is\/freyja\/\" aria-label=\"Freyja\"><div class=\"iwg-wesen-card-imgwrap\"><img decoding=\"async\" src=\"https:\/\/iwell-guard.com\/wp-content\/uploads\/2026\/04\/goetter_germanisch_freyja-200x300.webp\" alt=\"Freyja\" loading=\"lazy\"><\/div><div class=\"iwg-wesen-card-body\"><div class=\"iwg-wesen-card-name\">Freyja<\/div><div class=\"iwg-wesen-card-arrow\">\u2192 \u00c1 v\u00e6ttina<\/div><\/div><\/a><a class=\"iwg-wesen-card\" href=\"https:\/\/iwell-guard.com\/is\/frigg\/\" aria-label=\"Frigg\"><div class=\"iwg-wesen-card-imgwrap\"><img decoding=\"async\" src=\"https:\/\/iwell-guard.com\/wp-content\/uploads\/2026\/04\/goetter_germanisch_frigg-200x300.webp\" alt=\"Frigg\" loading=\"lazy\"><\/div><div class=\"iwg-wesen-card-body\"><div class=\"iwg-wesen-card-name\">Frigg<\/div><div class=\"iwg-wesen-card-arrow\">\u2192 \u00c1 v\u00e6ttina<\/div><\/div><\/a><a class=\"iwg-wesen-card\" href=\"https:\/\/iwell-guard.com\/is\/hel\/\" aria-label=\"Hel\"><div class=\"iwg-wesen-card-imgwrap\"><img decoding=\"async\" src=\"https:\/\/iwell-guard.com\/wp-content\/uploads\/2026\/04\/goetter_germanisch_hel-200x300.webp\" alt=\"Hel\" loading=\"lazy\"><\/div><div class=\"iwg-wesen-card-body\"><div class=\"iwg-wesen-card-name\">Hel<\/div><div class=\"iwg-wesen-card-arrow\">\u2192 \u00c1 v\u00e6ttina<\/div><\/div><\/a><a class=\"iwg-wesen-card\" href=\"https:\/\/iwell-guard.com\/is\/loki\/\" aria-label=\"Loki\"><div class=\"iwg-wesen-card-imgwrap\"><img decoding=\"async\" src=\"https:\/\/iwell-guard.com\/wp-content\/uploads\/2026\/04\/goetter_germanisch_loki-200x300.webp\" alt=\"Loki\" loading=\"lazy\"><\/div><div class=\"iwg-wesen-card-body\"><div class=\"iwg-wesen-card-name\">Loki<\/div><div class=\"iwg-wesen-card-arrow\">\u2192 \u00c1 v\u00e6ttina<\/div><\/div><\/a><a class=\"iwg-wesen-card\" href=\"https:\/\/iwell-guard.com\/is\/odin\/\" aria-label=\"\u00d3\u00f0inn\"><div class=\"iwg-wesen-card-imgwrap\"><img decoding=\"async\" src=\"https:\/\/iwell-guard.com\/wp-content\/uploads\/2026\/04\/goetter_germanisch_odin-200x300.webp\" alt=\"\u00d3\u00f0inn\" loading=\"lazy\"><\/div><div class=\"iwg-wesen-card-body\"><div class=\"iwg-wesen-card-name\">\u00d3\u00f0inn<\/div><div class=\"iwg-wesen-card-arrow\">\u2192 \u00c1 v\u00e6ttina<\/div><\/div><\/a><a class=\"iwg-wesen-card\" href=\"https:\/\/iwell-guard.com\/is\/thor\/\" aria-label=\"\u00de\u00f3r\"><div class=\"iwg-wesen-card-imgwrap\"><img decoding=\"async\" src=\"https:\/\/iwell-guard.com\/wp-content\/uploads\/2026\/04\/goetter_germanisch_thor-200x300.webp\" alt=\"\u00de\u00f3r\" loading=\"lazy\"><\/div><div class=\"iwg-wesen-card-body\"><div class=\"iwg-wesen-card-name\">\u00de\u00f3r<\/div><div class=\"iwg-wesen-card-arrow\">\u2192 \u00c1 v\u00e6ttina<\/div><\/div><\/a><a class=\"iwg-wesen-card\" href=\"https:\/\/iwell-guard.com\/is\/tyr\/\" aria-label=\"T\u00fdr\"><div class=\"iwg-wesen-card-imgwrap\"><img decoding=\"async\" src=\"https:\/\/iwell-guard.com\/wp-content\/uploads\/2026\/05\/goetter_germanisch_tyr-1-200x300.webp\" alt=\"T\u00fdr\" loading=\"lazy\"><\/div><div class=\"iwg-wesen-card-body\"><div class=\"iwg-wesen-card-name\">T\u00fdr<\/div><div class=\"iwg-wesen-card-arrow\">\u2192 \u00c1 v\u00e6ttina<\/div><\/div><\/a><a class=\"iwg-wesen-card\" href=\"https:\/\/iwell-guard.com\/is\/heimdallur\/\" aria-label=\"Heimdallur\"><div class=\"iwg-wesen-card-imgwrap\"><img decoding=\"async\" src=\"https:\/\/iwell-guard.com\/wp-content\/uploads\/2026\/05\/goetter_germanisch_heimdall-200x300.webp\" alt=\"Heimdallur\" loading=\"lazy\"><\/div><div class=\"iwg-wesen-card-body\"><div class=\"iwg-wesen-card-name\">Heimdallur<\/div><div class=\"iwg-wesen-card-arrow\">\u2192 \u00c1 v\u00e6ttina<\/div><\/div><\/a><a class=\"iwg-wesen-card\" href=\"https:\/\/iwell-guard.com\/is\/baldur\/\" aria-label=\"Baldur\"><div class=\"iwg-wesen-card-imgwrap\"><img decoding=\"async\" src=\"https:\/\/iwell-guard.com\/wp-content\/uploads\/2026\/05\/goetter_germanisch_baldur-200x300.webp\" alt=\"Baldur\" loading=\"lazy\"><\/div><div class=\"iwg-wesen-card-body\"><div class=\"iwg-wesen-card-name\">Baldur<\/div><div class=\"iwg-wesen-card-arrow\">\u2192 \u00c1 v\u00e6ttina<\/div><\/div><\/a><a class=\"iwg-wesen-card\" href=\"https:\/\/iwell-guard.com\/is\/idun\/\" aria-label=\"Idun\"><div class=\"iwg-wesen-card-imgwrap\"><img decoding=\"async\" src=\"https:\/\/iwell-guard.com\/wp-content\/uploads\/2026\/05\/goetter_germanisch_idun-200x300.webp\" alt=\"Idun\" loading=\"lazy\"><\/div><div class=\"iwg-wesen-card-body\"><div class=\"iwg-wesen-card-name\">Idun<\/div><div class=\"iwg-wesen-card-arrow\">\u2192 \u00c1 v\u00e6ttina<\/div><\/div><\/a><a class=\"iwg-wesen-card\" href=\"https:\/\/iwell-guard.com\/is\/njordur\/\" aria-label=\"Nj\u00f6r\u00f0ur\"><div class=\"iwg-wesen-card-imgwrap\"><img decoding=\"async\" src=\"https:\/\/iwell-guard.com\/wp-content\/uploads\/2026\/05\/goetter_germanisch_njord-200x300.webp\" alt=\"Nj\u00f6r\u00f0ur\" loading=\"lazy\"><\/div><div class=\"iwg-wesen-card-body\"><div class=\"iwg-wesen-card-name\">Nj\u00f6r\u00f0ur<\/div><div class=\"iwg-wesen-card-arrow\">\u2192 \u00c1 v\u00e6ttina<\/div><\/div><\/a><a class=\"iwg-wesen-card\" href=\"https:\/\/iwell-guard.com\/is\/freyr\/\" aria-label=\"Freyr\"><div class=\"iwg-wesen-card-imgwrap\"><img decoding=\"async\" src=\"https:\/\/iwell-guard.com\/wp-content\/uploads\/2026\/05\/goetter_germanisch_freyr-200x300.webp\" alt=\"Freyr\" loading=\"lazy\"><\/div><div class=\"iwg-wesen-card-body\"><div class=\"iwg-wesen-card-name\">Freyr<\/div><div class=\"iwg-wesen-card-arrow\">\u2192 \u00c1 v\u00e6ttina<\/div><\/div><\/a><\/div>\t\t\t\t\t\t\t\t<\/div>\n\t\t\t\t<\/div>\n\t\t\t\t\t<\/div>\n\t\t\t\t<\/div>\n\t\t<div class=\"elementor-element elementor-element-k-germanisch-s3 e-con-boxed e-flex e-con e-parent\" data-id=\"k-germanisch-s3\" data-element_type=\"container\" data-e-type=\"container\">\n\t\t\t\t\t<div class=\"e-con-inner\">\n\t\t\t\t<div class=\"elementor-element elementor-element-k-germanisch-h3 elementor-widget elementor-widget-heading\" data-id=\"k-germanisch-h3\" data-element_type=\"widget\" data-e-type=\"widget\" data-widget_type=\"heading.default\">\n\t\t\t\t\t<h2 class=\"elementor-heading-title elementor-size-default\">Andar (6)<\/h2>\t\t\t\t<\/div>\n\t\t<div class=\"elementor-element elementor-element-aj11-inner-0008 e-con-full e-flex e-con e-child\" data-id=\"aj11-inner-0008\" data-element_type=\"container\" data-e-type=\"container\">\n\t\t\t\t<div class=\"elementor-element elementor-element-k-germanisch-t3 elementor-widget elementor-widget-text-editor\" data-id=\"k-germanisch-t3\" data-element_type=\"widget\" data-e-type=\"widget\" data-widget_type=\"text-editor.default\">\n\t\t\t\t\t\t\t\t\t<div class=\"iwg-wesen-grid\"><a class=\"iwg-wesen-card\" href=\"https:\/\/iwell-guard.com\/is\/alp\/\" aria-label=\"Alp\"><div class=\"iwg-wesen-card-imgwrap\"><img decoding=\"async\" src=\"https:\/\/iwell-guard.com\/wp-content\/uploads\/2026\/04\/geister_germanisch_alp-200x300.webp\" alt=\"Alp\" loading=\"lazy\"><\/div><div class=\"iwg-wesen-card-body\"><div class=\"iwg-wesen-card-name\">Alp<\/div><div class=\"iwg-wesen-card-arrow\">\u2192 \u00c1 v\u00e6ttina<\/div><\/div><\/a><a class=\"iwg-wesen-card\" href=\"https:\/\/iwell-guard.com\/is\/draugr\/\" aria-label=\"Draugr\"><div class=\"iwg-wesen-card-imgwrap\"><img decoding=\"async\" src=\"https:\/\/iwell-guard.com\/wp-content\/uploads\/2026\/04\/geister_germanisch_draugr-200x300.webp\" alt=\"Draugr\" loading=\"lazy\"><\/div><div class=\"iwg-wesen-card-body\"><div class=\"iwg-wesen-card-name\">Draugr<\/div><div class=\"iwg-wesen-card-arrow\">\u2192 \u00c1 v\u00e6ttina<\/div><\/div><\/a><a class=\"iwg-wesen-card\" href=\"https:\/\/iwell-guard.com\/is\/mara-mahr\/\" aria-label=\"Mara\"><div class=\"iwg-wesen-card-imgwrap\"><img decoding=\"async\" src=\"https:\/\/iwell-guard.com\/wp-content\/uploads\/2026\/04\/geister_germanisch_mahr-200x300.webp\" alt=\"Mara\" loading=\"lazy\"><\/div><div class=\"iwg-wesen-card-body\"><div class=\"iwg-wesen-card-name\">Mara<\/div><div class=\"iwg-wesen-card-arrow\">\u2192 \u00c1 v\u00e6ttina<\/div><\/div><\/a><a class=\"iwg-wesen-card\" href=\"https:\/\/iwell-guard.com\/is\/nix\/\" aria-label=\"Nix\"><div class=\"iwg-wesen-card-imgwrap\"><img decoding=\"async\" src=\"https:\/\/iwell-guard.com\/wp-content\/uploads\/2026\/04\/geister_germanisch_nix-200x300.webp\" alt=\"Nix\" loading=\"lazy\"><\/div><div class=\"iwg-wesen-card-body\"><div class=\"iwg-wesen-card-name\">Nix<\/div><div class=\"iwg-wesen-card-arrow\">\u2192 \u00c1 v\u00e6ttina<\/div><\/div><\/a><a class=\"iwg-wesen-card\" href=\"https:\/\/iwell-guard.com\/is\/troll\/\" aria-label=\"Tr\u00f6ll\"><div class=\"iwg-wesen-card-imgwrap\"><img decoding=\"async\" src=\"https:\/\/iwell-guard.com\/wp-content\/uploads\/2026\/04\/geister_germanisch_troll-200x300.webp\" alt=\"Tr\u00f6ll\" loading=\"lazy\"><\/div><div class=\"iwg-wesen-card-body\"><div class=\"iwg-wesen-card-name\">Tr\u00f6ll<\/div><div class=\"iwg-wesen-card-arrow\">\u2192 \u00c1 v\u00e6ttina<\/div><\/div><\/a><a class=\"iwg-wesen-card\" href=\"https:\/\/iwell-guard.com\/is\/ragnarok-heimsendir-norraen-godafraedi\/\" aria-label=\"Ragnar\u00f6k \u2013 heimsendir \u00ed norr\u00e6nni go\u00f0afr\u00e6\u00f0i\"><div class=\"iwg-wesen-card-imgwrap\"><img decoding=\"async\" src=\"https:\/\/iwell-guard.com\/wp-content\/uploads\/2026\/05\/phaenomene_germanisch_ragnaroek-200x300.webp\" alt=\"Ragnar\u00f6k \u2013 heimsendir \u00ed norr\u00e6nni go\u00f0afr\u00e6\u00f0i\" loading=\"lazy\"><\/div><div class=\"iwg-wesen-card-body\"><div class=\"iwg-wesen-card-name\">Ragnar\u00f6k \u2013 heimsendir \u00ed norr\u00e6nni go\u00f0afr\u00e6\u00f0i<\/div><div class=\"iwg-wesen-card-arrow\">\u2192 \u00c1 v\u00e6ttina<\/div><\/div><\/a><\/div>\t\t\t\t\t\t\t\t<\/div>\n\t\t\t\t<\/div>\n\t\t\t\t\t<\/div>\n\t\t\t\t<\/div>\n\t\t<div class=\"elementor-element elementor-element-x-germanisch-s-faq e-con-boxed e-flex e-con e-parent\" data-id=\"x-germanisch-s-faq\" data-element_type=\"container\" data-e-type=\"container\">\n\t\t\t\t\t<div class=\"e-con-inner\">\n\t\t\t\t<div class=\"elementor-element elementor-element-x-germanisch-h-faq elementor-widget elementor-widget-heading\" data-id=\"x-germanisch-h-faq\" data-element_type=\"widget\" data-e-type=\"widget\" data-widget_type=\"heading.default\">\n\t\t\t\t\t<h2 class=\"elementor-heading-title elementor-size-default\">Algengar spurningar um norr\u00e6nu gu\u00f0ina<\/h2>\t\t\t\t<\/div>\n\t\t<div class=\"elementor-element elementor-element-aj11-inner-0006 e-con-full e-flex e-con e-child\" data-id=\"aj11-inner-0006\" data-element_type=\"container\" data-e-type=\"container\">\n\t\t\t\t<div class=\"elementor-element elementor-element-x-germanisch-t-faq elementor-widget elementor-widget-text-editor\" data-id=\"x-germanisch-t-faq\" data-element_type=\"widget\" data-e-type=\"widget\" data-widget_type=\"text-editor.default\">\n\t\t\t\t\t\t\t\t\t<h3>Hversu margir norr\u00e6nir gu\u00f0ir eru til?<\/h3>\n<p>Norr\u00e6na <span class=\"iwg-fachbegriff\" data-tooltip=\"Heildarsafn gu\u00f0a \u00ed tr\u00faarbr\u00f6g\u00f0um e\u00f0a menningu.\" tabindex=\"0\">go\u00f0aveldi\u00f0<\/span> (pantheon) samanstendur af tveimur gu\u00f0a\u00e6ttum: \u00c6sir me\u00f0 um 13 h\u00f6fu\u00f0gu\u00f0um (\u00d3\u00f0inn, \u00de\u00f3r, T\u00fdr, Heimdallur, Baldur, Bragi, Forseti, H\u00f6\u00f0ur, V\u00ed\u00f0ar, V\u00e1li, Ullur o.fl.) og Vanir me\u00f0 Nj\u00f6r\u00f0, Frey og Freyju sem mi\u00f0l\u00e6gar verur.<\/p><p>\u00dear a\u00f0 auki koma \u00e1synjurnar (Frigg, I\u00f0unn, Sif, Ska\u00f0i, Saga) og \u00f3teljandi n\u00e1tt\u00faruverur, j\u00f6tnar, dvergar, \u00e1lfar og valkyrjur. Alls nefnir Eddan um 50 til 60 gu\u00f0i og gy\u00f0jur me\u00f0 nafni.<\/p>\n<h3>Hver er \u00e6\u00f0sti norr\u00e6ni gu\u00f0inn?<\/h3>\n<p>\u00d3\u00f0inn (einnig kalla\u00f0ur Wodan e\u00f0a Woden) er h\u00f6fu\u00f0gu\u00f0 \u00c1saveldisins, gu\u00f0 visku, sk\u00e1ldskapar, <span class=\"iwg-fachbegriff\" data-tooltip=\"I\u00f0kanir sem reyna a\u00f0 hafa \u00e1hrif \u00e1 gang m\u00e1la me\u00f0 s\u00e9rst\u00f6kum ath\u00f6fnum e\u00f0a form\u00falum.\" tabindex=\"0\">galdurs<\/span>, herna\u00f0ar og hinna d\u00e1nu. Hann gaf auga sitt fyrir sopa \u00far brunni M\u00edmis og h\u00e9kk n\u00edu n\u00e6tur \u00ed heimstr\u00e9nu Yggdrasil til a\u00f0 \u00f6\u00f0last r\u00fanirnar.<\/p><p>\u00de\u00f3r er sonur hans og vins\u00e6lli \u00ed al\u00fe\u00fd\u00f0utr\u00fa, einkum me\u00f0al b\u00e6nda og sj\u00f3manna, en \u00d3\u00f0inn hefur \u00fe\u00f3 \u00e6\u00f0sta sess \u00ed heimsmyndinni.<\/p>\n<h3>Hver er munurinn \u00e1 \u00c1sum og V\u00f6num?<\/h3>\n<p>\u00c6sir og Vanir eru tv\u00e6r gu\u00f0a\u00e6ttir. \u00c6sir (\u00d3\u00f0inn, \u00de\u00f3r, T\u00fdr, Heimdallur, Baldur) standa fyrir str\u00ed\u00f0, r\u00e9tt, konungd\u00f3m og \u00f6rl\u00f6g; Vanir (Nj\u00f6r\u00f0ur, Freyr, Freyja) fyrir frj\u00f3semi, fri\u00f0 og au\u00f0leg\u00f0.<\/p><p>Eftir Vanastr\u00ed\u00f0i\u00f0 skiptust \u00e6ttirnar \u00e1 g\u00edslum, og Nj\u00f6r\u00f0ur, Freyr og Freyja komu til \u00c1sanna. \u00cd tr\u00faarbrag\u00f0afr\u00e6\u00f0um er \u00feessi skipting talin endurspegla samruna tveggja forgermanskra tr\u00faarlaga.<\/p>\n<h3>Hva\u00f0 er Ragnar\u00f6k og hven\u00e6r \u00e1 \u00fea\u00f0 s\u00e9r sta\u00f0?<\/h3>\n<p>Ragnar\u00f6k er gu\u00f0ahr\u00ed\u00f0in, endalok n\u00faverandi heimsskipulags. Fyrirbo\u00f0ar eru \u00fer\u00edr vetur \u00e1n sumars (Fimbulvetur), br\u00e6\u00f0rav\u00edg og hrun si\u00f0fer\u00f0isreglna.<\/p><p>\u00cd Ragnar\u00f6kum br\u00fdst Loki \u00far fj\u00f6trum s\u00ednum, Fenris\u00falfur gleypir \u00d3\u00f0in, \u00de\u00f3r drepur Mi\u00f0gar\u00f0sorminn en deyr af eitri hans, Freyr fellur fyrir Surti og Heimdallur bl\u00e6s \u00ed Gjallarhorn. Eftir h\u00f6rmungarnar r\u00eds n\u00fdr, hreinsa\u00f0ur heimur vi\u00f0 endurkomu Baldurs.<\/p>\n<h3>Hva\u00f0 er Yggdrasil?<\/h3>\n<p>Yggdrasil er heimstr\u00e9\u00f0, s\u00edgr\u00e6nt askur sem ber uppi alheiminn. \u00derj\u00e1r r\u00e6tur n\u00e1 til \u00c1sgar\u00f0s (til gu\u00f0anna), til J\u00f6tunheims (til j\u00f6tna) og til Niflheims (til undirheima Heljar); vi\u00f0 \u00fe\u00e6r liggja brunnarnir \u00fer\u00edr, Ur\u00f0arbrunnur (\u00f6rl\u00f6g), M\u00edmisbrunnur (viska) og Hvergelmir (frumuppspretta).<\/p><p>Stofninn tengir n\u00edu heimana saman. \u00cdkorninn Ratatoskur hleypur milli arnarins \u00ed kr\u00f3nunni og drekans N\u00ed\u00f0h\u00f6ggs vi\u00f0 r\u00e6turnar og ber m\u00f3\u00f0gunaryr\u00f0i fram og til baka.<\/p>\n<h3>Hva\u00f0a vikudagur er helga\u00f0ur hva\u00f0a norr\u00e6na gu\u00f0i?<\/h3>\n<p>Germ\u00f6nsku vikudagarnir endurspegla <span class=\"iwg-fachbegriff\" data-tooltip=\"Heildarsafn gu\u00f0a \u00ed tr\u00faarbr\u00f6g\u00f0um e\u00f0a menningu.\" tabindex=\"0\">go\u00f0aveldi\u00f0<\/span>: \u00deri\u00f0judagurinn (enska Tuesday) tilheyrir T\u00fd (Tiwaz, Tiu), mi\u00f0vikudagurinn (Wednesday) \u00d3\u00f0ni\/Wodan, sem \u00e1 ensku s\u00e9st beint sem \u201eWoden&#8217;s day\u201c.<\/p><p>Fimmtudagurinn (Thursday) er dagur \u00de\u00f3rs; \u00fe\u00fdska heiti\u00f0 s\u00fdnir Donar, eldri mynd \u00de\u00f3rs. F\u00f6studagurinn (Friday) tilheyrir Freyju e\u00f0a Frigg, sem fr\u00e6\u00f0imenn deila um. \u00deessi dagaheiti komu \u00ed sta\u00f0 r\u00f3mverska pl\u00e1netuvikunnar \u00e1 germ\u00f6nsku m\u00e1lsv\u00e6\u00f0i.<\/p>\n<script type=\"application\/ld+json\">{\"@context\": \"https:\/\/schema.org\", \"@type\": \"FAQPage\", \"mainEntity\": [{\"@type\": \"Question\", \"name\": \"Hversu margir norr\u00e6nir gu\u00f0ir eru til?\", \"acceptedAnswer\": {\"@type\": \"Answer\", \"text\": \"Norr\u00e6na go\u00f0aveldi\u00f0 samanstendur af tveimur gu\u00f0a\u00e6ttum: \u00c6sir me\u00f0 um 13 h\u00f6fu\u00f0gu\u00f0um (\u00d3\u00f0inn, \u00de\u00f3r, T\u00fdr, Heimdallur, Baldur, Bragi, Forseti, H\u00f6\u00f0ur, V\u00ed\u00f0ar, V\u00e1li, Ullur o.fl.) og Vanir me\u00f0 Nj\u00f6r\u00f0, Frey og Freyju sem mi\u00f0l\u00e6gar verur. \u00dear a\u00f0 auki koma \u00e1synjurnar (Frigg, I\u00f0unn, Sif, Ska\u00f0i, Saga) og \u00f3teljandi n\u00e1tt\u00faruverur, j\u00f6tnar, dvergar, \u00e1lfar og valkyrjur. Alls nefnir Eddan um 50 til 60 gu\u00f0i og gy\u00f0jur me\u00f0 nafni.\"}}, {\"@type\": \"Question\", \"name\": \"Hver er \u00e6\u00f0sti norr\u00e6ni gu\u00f0inn?\", \"acceptedAnswer\": {\"@type\": \"Answer\", \"text\": \"\u00d3\u00f0inn (einnig kalla\u00f0ur Wodan e\u00f0a Woden) er h\u00f6fu\u00f0gu\u00f0 \u00c1saveldisins, gu\u00f0 visku, sk\u00e1ldskapar, galdurs, herna\u00f0ar og hinna d\u00e1nu. Hann gaf auga sitt fyrir sopa \u00far brunni M\u00edmis og h\u00e9kk n\u00edu n\u00e6tur \u00ed heimstr\u00e9nu Yggdrasil til a\u00f0 \u00f6\u00f0last r\u00fanirnar. \u00de\u00f3r er sonur hans og vins\u00e6lli \u00ed al\u00fe\u00fd\u00f0utr\u00fa, einkum me\u00f0al b\u00e6nda og sj\u00f3manna, en \u00d3\u00f0inn hefur \u00fe\u00f3 \u00e6\u00f0sta sess \u00ed heimsmyndinni.\"}}, {\"@type\": \"Question\", \"name\": \"Hver er munurinn \u00e1 \u00c1sum og V\u00f6num?\", \"acceptedAnswer\": {\"@type\": \"Answer\", \"text\": \"\u00c6sir og Vanir eru tv\u00e6r gu\u00f0a\u00e6ttir. \u00c6sir (\u00d3\u00f0inn, \u00de\u00f3r, T\u00fdr, Heimdallur, Baldur) standa fyrir str\u00ed\u00f0, r\u00e9tt, konungd\u00f3m og \u00f6rl\u00f6g; Vanir (Nj\u00f6r\u00f0ur, Freyr, Freyja) fyrir frj\u00f3semi, fri\u00f0 og au\u00f0leg\u00f0. Eftir Vanastr\u00ed\u00f0i\u00f0 skiptust \u00e6ttirnar \u00e1 g\u00edslum, og Nj\u00f6r\u00f0ur, Freyr og Freyja komu til \u00c1sanna. V\u00edsindalega er \u00feessi skipting talin endurspegla samruna tveggja forgermanskra tr\u00faarlaga.\"}}, {\"@type\": \"Question\", \"name\": \"Hva\u00f0 er Ragnar\u00f6k og hven\u00e6r \u00e1 \u00fea\u00f0 s\u00e9r sta\u00f0?\", \"acceptedAnswer\": {\"@type\": \"Answer\", \"text\": \"Ragnar\u00f6k er gu\u00f0ahr\u00ed\u00f0in, endalok n\u00faverandi heimsskipulags. Fyrirbo\u00f0ar eru \u00fer\u00edr vetur \u00e1n sumars (Fimbulvetur), br\u00e6\u00f0rav\u00edg og hrun si\u00f0fer\u00f0isreglna. \u00cd Ragnar\u00f6kum br\u00fdst Loki \u00far fj\u00f6trum s\u00ednum, Fenris\u00falfur gleypir \u00d3\u00f0in, \u00de\u00f3r drepur Mi\u00f0gar\u00f0sorminn en deyr af eitri hans, Freyr fellur fyrir Surti og Heimdallur bl\u00e6s \u00ed Gjallarhorn. Eftir h\u00f6rmungarnar r\u00eds n\u00fdr, hreinsa\u00f0ur heimur vi\u00f0 endurkomu Baldurs.\"}}, {\"@type\": \"Question\", \"name\": \"Hva\u00f0 er Yggdrasil?\", \"acceptedAnswer\": {\"@type\": \"Answer\", \"text\": \"Yggdrasil er heimstr\u00e9\u00f0, s\u00edgr\u00e6nt askur sem ber uppi alheiminn. \u00derj\u00e1r r\u00e6tur n\u00e1 til \u00c1sgar\u00f0s (til gu\u00f0anna), til J\u00f6tunheims (til j\u00f6tna) og til Niflheims (til undirheima Heljar); vi\u00f0 \u00fe\u00e6r liggja brunnarnir \u00fer\u00edr, Ur\u00f0arbrunnur (\u00f6rl\u00f6g), M\u00edmisbrunnur (viska) og Hvergelmir (frumuppspretta). Stofninn tengir n\u00edu heimana saman. \u00cdkorninn Ratatoskur hleypur milli arnarins \u00ed kr\u00f3nunni og drekans N\u00ed\u00f0h\u00f6ggs vi\u00f0 r\u00e6turnar og ber m\u00f3\u00f0gunaryr\u00f0i fram og til baka.\"}}, {\"@type\": \"Question\", \"name\": \"Hva\u00f0a vikudagur er helga\u00f0ur hva\u00f0a norr\u00e6na gu\u00f0i?\", \"acceptedAnswer\": {\"@type\": \"Answer\", \"text\": \"Germ\u00f6nsku vikudagarnir endurspegla go\u00f0aveldi\u00f0: \u00deri\u00f0judagurinn (enska Tuesday) tilheyrir T\u00fd (Tiwaz, Tiu), mi\u00f0vikudagurinn (Wednesday) \u00d3\u00f0ni\/Wodan, sem \u00e1 ensku s\u00e9st beint sem \u201eWoden's day\\\" . Fimmtudagurinn (Thursday) er dagur \u00de\u00f3rs; \u00fe\u00fdska heiti\u00f0 s\u00fdnir Donar, eldri mynd \u00de\u00f3rs. F\u00f6studagurinn (Friday) tilheyrir Freyju e\u00f0a Frigg, sem fr\u00e6\u00f0imenn deila um. \u00deessi dagaheiti komu \u00ed sta\u00f0 r\u00f3mverska pl\u00e1netuvikunnar \u00e1 germ\u00f6nsku m\u00e1lsv\u00e6\u00f0i.\"}}]}<\/script>\t\t\t\t\t\t\t\t<\/div>\n\t\t\t\t<\/div>\n\t\t\t\t\t<\/div>\n\t\t\t\t<\/div>\n\t\t<div class=\"elementor-element elementor-element-9f85551 e-con-boxed e-flex e-con e-parent\" data-id=\"9f85551\" data-element_type=\"container\" data-e-type=\"container\">\n\t\t\t\t\t<div class=\"e-con-inner\">\n\t\t\t\t<div class=\"elementor-element elementor-element-72d1854 elementor-widget elementor-widget-heading\" data-id=\"72d1854\" data-element_type=\"widget\" data-e-type=\"widget\" data-widget_type=\"heading.default\">\n\t\t\t\t\t<h2 class=\"elementor-heading-title elementor-size-default\">\u00cdtarefni<\/h2>\t\t\t\t<\/div>\n\t\t\t\t<div class=\"elementor-element elementor-element-1421b68 elementor-widget elementor-widget-heading\" data-id=\"1421b68\" data-element_type=\"widget\" data-e-type=\"widget\" data-widget_type=\"heading.default\">\n\t\t\t\t\t<h3 class=\"elementor-heading-title elementor-size-default\">Vandam\u00e1l var\u00f0andi heimildir<\/h3>\t\t\t\t<\/div>\n\t\t<div class=\"elementor-element elementor-element-aj11-inner-0009 e-con-full e-flex e-con e-child\" data-id=\"aj11-inner-0009\" data-element_type=\"container\" data-e-type=\"container\">\n\t\t\t\t<div class=\"elementor-element elementor-element-1faa1dd elementor-widget elementor-widget-text-editor\" data-id=\"1faa1dd\" data-element_type=\"widget\" data-e-type=\"widget\" data-widget_type=\"text-editor.default\">\n\t\t\t\t\t\t\t\t\t<p>Germ\u00f6nsk tr\u00faarbr\u00f6g\u00f0 eru okkur talsvert lakar var\u00f0veitt en gr\u00edsk e\u00f0a mes\u00f3p\u00f3tam\u00edsk tr\u00faarbr\u00f6g\u00f0. Mikilv\u00e6gustu heimildirnar, Snorra-Edda Snorra Sturlusonar og hin nafnlausa Eddukv\u00e6\u00f0i, voru skr\u00e1\u00f0ar \u00e1 \u00cdslandi \u00e1 13. \u00f6ld, \u00f6ldum eftir kristnit\u00f6ku.<\/p><p>\u00dear vi\u00f0 b\u00e6tast German\u00eda Tacitusar, \u00edslenskar s\u00f6gur og fornleifafundir. Hin meginlandsgermanska tr\u00faarhef\u00f0 er n\u00e6r alfari\u00f0 kunn af annarri hendi.<\/p>\t\t\t\t\t\t\t\t<\/div>\n\t\t\t\t<\/div>\n\t\t\t\t<div class=\"elementor-element elementor-element-4f78a30 elementor-widget elementor-widget-heading\" data-id=\"4f78a30\" data-element_type=\"widget\" data-e-type=\"widget\" data-widget_type=\"heading.default\">\n\t\t\t\t\t<h3 class=\"elementor-heading-title elementor-size-default\">\u00c6sir, vanir og j\u00f6tnar<\/h3>\t\t\t\t<\/div>\n\t\t<div class=\"elementor-element elementor-element-bw-90dac6c-19472f9 e-flex e-con-boxed e-con e-parent\" data-id=\"bw-90dac6c-19472f9\" data-element_type=\"container\" data-e-type=\"container\" data-settings=\"{&quot;background_background&quot;:&quot;classic&quot;}\">\n\t\t\t\t\t<div class=\"e-con-inner\">\n\t\t\t\t<div class=\"elementor-element elementor-element-90dac6c elementor-widget elementor-widget-text-editor\" data-id=\"90dac6c\" data-element_type=\"widget\" data-e-type=\"widget\" data-widget_type=\"text-editor.default\">\n\t\t\t\t\t\t\t\t\t<p>Germanska <span class=\"iwg-fachbegriff\" data-tooltip=\"Heild gu\u00f0a \u00ed tr\u00faarbr\u00f6g\u00f0um e\u00f0a menningu.\" tabindex=\"0\">go\u00f0aveldi\u00f0<\/span> (pantheon) \u00feekkir tv\u00e6r go\u00f0a\u00e6ttir: \u00e1su (\u00d3\u00f0inn, \u00de\u00f3r, T\u00fdr, Frigg, Loki) og hina eldri, frj\u00f3semistengdu vani (Nj\u00f6r\u00f0ur, Freyr, Freyja).<\/p><p>B\u00e1\u00f0ar \u00e6ttir h\u00e1\u00f0u str\u00ed\u00f0 sem lauk me\u00f0 g\u00edslaskiptum, go\u00f0sagnamynstur sem tali\u00f0 er endurspegla s\u00f6guleg tengsl tveggja tr\u00faarlaga. Vi\u00f0 hli\u00f0 \u00feeirra standa j\u00f6tnar sem frumkraftar heimsins.<\/p>\t\t\t\t\t\t\t\t<\/div>\n\t\t\t\t\t<\/div>\n\t\t\t\t<\/div>\n\t\t\t\t<div class=\"elementor-element elementor-element-7034308 elementor-widget elementor-widget-heading\" data-id=\"7034308\" data-element_type=\"widget\" data-e-type=\"widget\" data-widget_type=\"heading.default\">\n\t\t\t\t\t<h3 class=\"elementor-heading-title elementor-size-default\">Ragnar\u00f6k og hringlaga t\u00edmi<\/h3>\t\t\t\t<\/div>\n\t\t<div class=\"elementor-element elementor-element-bw-4c66308-86a31f7 e-flex e-con-boxed e-con e-parent\" data-id=\"bw-4c66308-86a31f7\" data-element_type=\"container\" data-e-type=\"container\" data-settings=\"{&quot;background_background&quot;:&quot;classic&quot;}\">\n\t\t\t\t\t<div class=\"e-con-inner\">\n\t\t\t\t<div class=\"elementor-element elementor-element-4c66308 elementor-widget elementor-widget-text-editor\" data-id=\"4c66308\" data-element_type=\"widget\" data-e-type=\"widget\" data-widget_type=\"text-editor.default\">\n\t\t\t\t\t\t\t\t\t<p>\u00d3l\u00edkt flestum fornum go\u00f0afr\u00e6\u00f0um \u00feekkir germ\u00f6nsk hef\u00f0 \u00e1kve\u00f0inn endapunkt: Ragnar\u00f6k, \u00f6rl\u00f6g gu\u00f0anna. V\u00f6lusp\u00e1 l\u00fdsir lokaorrustunni \u00ed sm\u00e1atri\u00f0um, \u00de\u00f3r fellur \u00ed bar\u00e1ttu vi\u00f0 Mi\u00f0gar\u00f0sorm, \u00d3\u00f0inn \u00ed gini \u00falfsins Fenris.<\/p><p>En eftir \u00fea\u00f0 r\u00eds n\u00fd j\u00f6r\u00f0 \u00far hafinu og nokkrir gu\u00f0ir sn\u00faa aftur.<\/p>\t\t\t\t\t\t\t\t<\/div>\n\t\t\t\t\t<\/div>\n\t\t\t\t<\/div>\n\t\t\t\t<div class=\"elementor-element elementor-element-5a0ae0b elementor-widget elementor-widget-heading\" data-id=\"5a0ae0b\" data-element_type=\"widget\" data-e-type=\"widget\" data-widget_type=\"heading.default\">\n\t\t\t\t\t<h3 class=\"elementor-heading-title elementor-size-default\">T\u00f6frai\u00f0kun og r\u00fanir<\/h3>\t\t\t\t<\/div>\n\t\t<div class=\"elementor-element elementor-element-bw-874aa76-27ff3bf e-flex e-con-boxed e-con e-parent\" data-id=\"bw-874aa76-27ff3bf\" data-element_type=\"container\" data-e-type=\"container\" data-settings=\"{&quot;background_background&quot;:&quot;classic&quot;}\">\n\t\t\t\t\t<div class=\"e-con-inner\">\n\t\t\t\t<div class=\"elementor-element elementor-element-874aa76 elementor-widget elementor-widget-text-editor\" data-id=\"874aa76\" data-element_type=\"widget\" data-e-type=\"widget\" data-widget_type=\"text-editor.default\">\n\t\t\t\t\t\t\t\t\t<p>R\u00fanirnar, eldra <span class=\"iwg-fachbegriff\" data-tooltip=\"R\u00f6\u00f0 germanska r\u00fanaletursins, nefnd eftir fyrstu t\u00e1knum \u00feess.\" tabindex=\"0\">Fu\u00feark<\/span>, hi\u00f0 yngra og hi\u00f0 engilsaxneska, voru meira en ritm\u00e1l. \u00c1letranir \u00e1 vopnum, verndargripum og legsteinum s\u00fdna helgisi\u00f0anotkun \u00feeirra, og f\u00f3rnf\u00e6ring \u00d3\u00f0ins \u00e1 Yggdrasil er talin vera go\u00f0sagnalegur grundv\u00f6llur r\u00fanagaldurs.<\/p><p>Auk \u00feess \u00feekkja heimildirnar galdur (sungna t\u00f6frai\u00f0kun) og sei\u00f0, sjamanska trans-i\u00f0kun.<\/p><h3>Sta\u00f0a ranns\u00f3kna<\/h3><p>Germ\u00f6nsk tr\u00faarbr\u00f6g\u00f0 eru fr\u00e6\u00f0ilega erfi\u00f0 vi\u00f0fangs, \u00fev\u00ed st\u00f3r hluti heimildanna, Snorra-Edda og Gylfaginning, var ekki f\u00e6r\u00f0ur \u00ed letur fyrr en \u00e1 13. \u00f6ld \u00e1 \u00feegar kristnu\u00f0u \u00cdslandi.<\/p><p>Me\u00f0al grundvallarrita eru verk Hildu Ellis Davidson (<em>Gods and Myths of Northern Europe<\/em>, 1964), Rudolfs Simek (<em>Lexikon der germanischen <span class=\"iwg-fachbegriff\" data-tooltip=\"Heild var\u00f0veittra go\u00f0sagna \u00ed menningu.\" tabindex=\"0\">Mythologie<\/span><\/em>, 1995) og Anders Hultg\u00e5rd me\u00f0 \u00fdmsum framl\u00f6gum um ind\u00f3evr\u00f3pska tr\u00faarbrag\u00f0as\u00f6gu.<\/p>\t\t\t\t\t\t\t\t<\/div>\n\t\t\t\t\t<\/div>\n\t\t\t\t<\/div>\n\t\t\t\t\t<\/div>\n\t\t\t\t<\/div>\n\t\t<div class=\"elementor-element elementor-element-iwgcc-germanis-sec e-flex e-con-boxed e-con e-parent\" data-id=\"iwgcc-germanis-sec\" data-element_type=\"container\" data-e-type=\"container\" id=\"iwg-cc-germanisch\">\n\t\t\t\t\t<div class=\"e-con-inner\">\n\t\t<div class=\"elementor-element elementor-element-iwgcc-germanis-inner e-flex e-con-boxed e-con e-parent\" data-id=\"iwgcc-germanis-inner\" data-element_type=\"container\" data-e-type=\"container\" data-settings=\"{&quot;background_background&quot;:&quot;classic&quot;}\">\n\t\t\t\t\t<div class=\"e-con-inner\">\n\t\t\t\t<div class=\"elementor-element elementor-element-iwgcc-germanis-h elementor-widget elementor-widget-heading\" data-id=\"iwgcc-germanis-h\" data-element_type=\"widget\" data-e-type=\"widget\" data-widget_type=\"heading.default\">\n\t\t\t\t\t<h2 class=\"elementor-heading-title elementor-size-default\">Verndargripir \u00ed \u00feessari menningarhef\u00f0<\/h2>\t\t\t\t<\/div>\n\t\t\t\t<div class=\"elementor-element elementor-element-iwgcc-germanis-t elementor-widget elementor-widget-text-editor\" data-id=\"iwgcc-germanis-t\" data-element_type=\"widget\" data-e-type=\"widget\" data-widget_type=\"text-editor.default\">\n\t\t\t\t\t\t\t\t\t<div data-nosnippet=\"true\"><p>\u00cd germansk-norr\u00e6nni hef\u00f0 voru \u00de\u00f3rshamar-hengi (Mj\u00f6lnir) og r\u00fanasteinar algengustu b\u00e6rilegu verndart\u00e1knin.<\/p><div data-nosnippet=\"true\"><p>iWell Guard fellur inn \u00ed \u00feessa menningars\u00f6gulegu hef\u00f0 b\u00e6rilegra verndargripa, \u00ed n\u00fat\u00edmalegri efnis\u00fatf\u00e6rslu, framleitt \u00ed \u00de\u00fdskalandi. 41 lag, alv\u00f6ru gull, plat\u00edna, silfur. 30 daga skilar\u00e9ttur.<\/p><\/div><\/div>\t\t\t\t\t\t\t\t<\/div>\n\t\t\t\t<div class=\"elementor-element elementor-element-iwgcc-germanis-b iwg-cc-button iwg-cc-cta-2026-05-13 elementor-widget elementor-widget-jet-button\" data-id=\"iwgcc-germanis-b\" data-element_type=\"widget\" data-e-type=\"widget\" data-widget_type=\"jet-button.default\">\n\t\t\t\t<div class=\"elementor-widget-container\">\n\t\t\t\t\t<div class=\"elementor-jet-button jet-elements\"><div class=\"jet-button__container\"><a class=\"jet-button__instance jet-button__instance--icon-left hover-effect-1\" href=\"\/ueber-iwell-guard\/?utm_source=iwell-guard.com&amp;utm_medium=info-box&amp;utm_campaign=kultur-tradition\"><div class=\"jet-button__plane jet-button__plane-normal\"><\/div><div class=\"jet-button__plane jet-button__plane-hover\"><\/div><div class=\"jet-button__state jet-button__state-normal\"><span class=\"jet-button__label\">Meira um iWell Guard<\/span><\/div><div class=\"jet-button__state jet-button__state-hover\"><span class=\"jet-button__label\">Meira um iWell Guard<\/span><\/div><\/a><\/div><\/div><style>.elementor-element.elementor-element-iwgcc-germanis-b .jet-button__instance{width:320px;height:56px;}.elementor-element.elementor-element-iwgcc-germanis-b .jet-button__state-normal .jet-button__label{text-align:center;margin:0px 0px 0px 0px;color:#1a1b20;font-family:Montserrat,sans-serif;font-size:13px;font-weight:400;letter-spacing:4px;line-height:1.714em;text-transform:uppercase;}.elementor-element.elementor-element-iwgcc-germanis-b .jet-button__state-hover .jet-button__label{text-align:center;margin:0px 0px 0px 0px;color:#FECC76;font-family:Montserrat,sans-serif;font-size:13px;font-weight:400;letter-spacing:4px;line-height:1.714em;text-transform:uppercase;}.elementor-element.elementor-element-iwgcc-germanis-b .jet-button__plane-normal{background-color:#FECC76;border-style:solid;border-color:#C99540;border-width:2px 2px 2px 2px;}.elementor-element.elementor-element-iwgcc-germanis-b .jet-button__plane-hover{background-color:rgba(0,0,0,0.55);border-style:solid;border-color:#FECC76;border-width:2px 2px 2px 2px;}<\/style>\t\t\t\t<\/div>\n\t\t\t\t<\/div>\n\t\t\t\t<div class=\"elementor-element elementor-element-iwgcc-germanis-d elementor-widget elementor-widget-text-editor\" data-id=\"iwgcc-germanis-d\" data-element_type=\"widget\" data-e-type=\"widget\" data-widget_type=\"text-editor.default\">\n\t\t\t\t\t\t\t\t\t<div data-nosnippet=\"true\"><p style=\"text-align:center;font-size:13px;opacity:0.7;margin-top:14px\" data-nosnippet=\"true\">Pers\u00f3nuleg reynsla getur veri\u00f0 mismunandi. Ekki l\u00e6kningat\u00e6ki. Engin lofor\u00f0 um l\u00e6kningu.<\/p><\/div>\t\t\t\t\t\t\t\t<\/div>\n\t\t\t\t\t<\/div>\n\t\t\t\t<\/div>\n\t\t\t\t\t<\/div>\n\t\t\t\t<\/div>\n\t\t<div class=\"elementor-element elementor-element-iwgssrev-germanisch e-flex e-con-boxed e-con e-parent\" data-id=\"iwgssrev-germanisch\" data-element_type=\"container\" data-e-type=\"container\">\n\t\t\t\t\t<div class=\"e-con-inner\">\n\t\t\t\t<div class=\"elementor-element elementor-element-iwgssrev-germanisch-h elementor-widget elementor-widget-heading\" data-id=\"iwgssrev-germanisch-h\" data-element_type=\"widget\" data-e-type=\"widget\" data-widget_type=\"heading.default\">\n\t\t\t\t\t<h2 class=\"elementor-heading-title elementor-size-default\">Verndart\u00e1kn \u00far germanska heiminum<\/h2>\t\t\t\t<\/div>\n\t\t\t\t<div class=\"elementor-element elementor-element-iwgssrev-germanisch-t elementor-widget elementor-widget-text-editor\" data-id=\"iwgssrev-germanisch-t\" data-element_type=\"widget\" data-e-type=\"widget\" data-widget_type=\"text-editor.default\">\n\t\t\t\t\t\t\t\t\t<p>Lex\u00edkon verndart\u00e1kna fjallar um nokkur t\u00e1kn og hluti \u00far germanska heiminum \u00e1 eigin s\u00ed\u00f0um: <a href=\"https:\/\/iwell-guard.com\/is\/?page_id=169171\">brakteat<\/a>, <a href=\"https:\/\/iwell-guard.com\/is\/?page_id=169170\">verndarr\u00fanir<\/a>, <a href=\"https:\/\/iwell-guard.com\/is\/?page_id=169124\">\u00de\u00f3rshamar<\/a>, <a href=\"https:\/\/iwell-guard.com\/is\/?page_id=169172\">trollakross<\/a>, <a href=\"https:\/\/iwell-guard.com\/is\/?page_id=169138\">valkn\u00fat<\/a>, <a href=\"https:\/\/iwell-guard.com\/is\/?page_id=169140\">vegv\u00edsi<\/a> og <a href=\"https:\/\/iwell-guard.com\/is\/?page_id=169169\">\u00c6gishj\u00e1lm<\/a>. Yfirlit yfir \u00f6ll menningarsvi\u00f0 m\u00e1 finna \u00e1 s\u00ed\u00f0unni um <a href=\"https:\/\/iwell-guard.com\/is\/?page_id=168902\">verndart\u00e1kn<\/a>.<\/p>\t\t\t\t\t\t\t\t<\/div>\n\t\t\t\t\t<\/div>\n\t\t\t\t<\/div>\n\t\t\t\t<\/div>\n\t\t","protected":false},"excerpt":{"rendered":"","protected":false},"author":3,"featured_media":1723,"parent":0,"menu_order":0,"comment_status":"closed","ping_status":"closed","template":"elementor_header_footer","meta":{"_yoast_wpseo_focuskw":"norr\u00e6nir gu\u00f0ir","_yoast_wpseo_title":"Norr\u00e6nir gu\u00f0ir \u2013 \u00c6sir, Vanir, Edda | iWell Guard","_yoast_wpseo_metadesc":"Norr\u00e6nir gu\u00f0ir og germ\u00f6nsk go\u00f0afr\u00e6\u00f0i: \u00d3\u00f0inn, \u00de\u00f3r, Freyja, Loki, Hel. Edda-hef\u00f0in, Yggdrasill, Ragnar\u00f6k. Go\u00f0aver\u00f6ld \u00c1sa og Vana.","_yoast_wpseo_meta-robots-noindex":"","_yoast_wpseo_canonical":"","_angie_page":false,"gefaehrdungsstufe":"","wesen_kultur":"","wesen_klasse":"","footnotes":""},"categories":[],"class_list":["post-168614","page","type-page","status-publish","has-post-thumbnail","hentry"],"yoast_head":"<!-- This site is optimized with the Yoast SEO Premium plugin v27.7 (Yoast SEO v28.3) - https:\/\/yoast.com\/product\/yoast-seo-premium-wordpress\/ -->\n<title>Norr\u00e6nir gu\u00f0ir \u2013 \u00c6sir, Vanir, Edda | iWell Guard<\/title>\n<meta name=\"description\" content=\"Norr\u00e6nir gu\u00f0ir og germ\u00f6nsk go\u00f0afr\u00e6\u00f0i: \u00d3\u00f0inn, \u00de\u00f3r, Freyja, Loki, Hel. Edda-hef\u00f0in, Yggdrasill, Ragnar\u00f6k. Go\u00f0aver\u00f6ld \u00c1sa og Vana.\" \/>\n<meta name=\"robots\" content=\"index, follow, max-snippet:-1, max-image-preview:large, max-video-preview:-1\" \/>\n<link rel=\"canonical\" href=\"https:\/\/iwell-guard.com\/is\/germonsk\/\" \/>\n<meta property=\"og:locale\" content=\"is_IS\" \/>\n<meta property=\"og:type\" content=\"article\" \/>\n<meta property=\"og:title\" content=\"Germanskt\" \/>\n<meta property=\"og:description\" content=\"Norr\u00e6nir gu\u00f0ir og germ\u00f6nsk go\u00f0afr\u00e6\u00f0i: \u00d3\u00f0inn, \u00de\u00f3r, Freyja, Loki, Hel. Edda-hef\u00f0in, Yggdrasill, Ragnar\u00f6k. Go\u00f0aver\u00f6ld \u00c1sa og Vana.\" \/>\n<meta property=\"og:url\" content=\"https:\/\/iwell-guard.com\/is\/germonsk\/\" \/>\n<meta property=\"og:site_name\" content=\"iWell Guard\" \/>\n<meta property=\"article:modified_time\" content=\"2026-09-05T14:14:59+00:00\" \/>\n<meta property=\"og:image\" content=\"https:\/\/iwell-guard.com\/wp-content\/uploads\/2026\/04\/goetter_germanisch_odin.webp\" \/>\n\t<meta property=\"og:image:width\" content=\"1024\" \/>\n\t<meta property=\"og:image:height\" content=\"1536\" \/>\n\t<meta property=\"og:image:type\" content=\"image\/webp\" \/>\n<meta name=\"twitter:card\" content=\"summary_large_image\" \/>\n<script type=\"application\/ld+json\" class=\"yoast-schema-graph\">{\"@context\":\"https:\\\/\\\/schema.org\",\"@graph\":[{\"@type\":\"WebPage\",\"@id\":\"https:\\\/\\\/iwell-guard.com\\\/is\\\/germonsk\\\/\",\"url\":\"https:\\\/\\\/iwell-guard.com\\\/is\\\/germonsk\\\/\",\"name\":\"Norr\u00e6nir gu\u00f0ir \u2013 \u00c6sir, Vanir, Edda | iWell Guard\",\"isPartOf\":{\"@id\":\"https:\\\/\\\/iwell-guard.com\\\/is\\\/#website\"},\"primaryImageOfPage\":{\"@id\":\"https:\\\/\\\/iwell-guard.com\\\/is\\\/germonsk\\\/#primaryimage\"},\"image\":{\"@id\":\"https:\\\/\\\/iwell-guard.com\\\/is\\\/germonsk\\\/#primaryimage\"},\"thumbnailUrl\":\"https:\\\/\\\/iwell-guard.com\\\/wp-content\\\/uploads\\\/2026\\\/04\\\/goetter_germanisch_odin.webp\",\"datePublished\":\"2026-09-05T14:01:34+00:00\",\"dateModified\":\"2026-09-05T14:14:59+00:00\",\"description\":\"Norr\u00e6nir gu\u00f0ir og germ\u00f6nsk go\u00f0afr\u00e6\u00f0i: \u00d3\u00f0inn, \u00de\u00f3r, Freyja, Loki, Hel. Edda-hef\u00f0in, Yggdrasill, Ragnar\u00f6k. Go\u00f0aver\u00f6ld \u00c1sa og Vana.\",\"breadcrumb\":{\"@id\":\"https:\\\/\\\/iwell-guard.com\\\/is\\\/germonsk\\\/#breadcrumb\"},\"inLanguage\":\"is\",\"potentialAction\":[{\"@type\":\"ReadAction\",\"target\":[\"https:\\\/\\\/iwell-guard.com\\\/is\\\/germonsk\\\/\"]}]},{\"@type\":\"ImageObject\",\"inLanguage\":\"is\",\"@id\":\"https:\\\/\\\/iwell-guard.com\\\/is\\\/germonsk\\\/#primaryimage\",\"url\":\"https:\\\/\\\/iwell-guard.com\\\/wp-content\\\/uploads\\\/2026\\\/04\\\/goetter_germanisch_odin.webp\",\"contentUrl\":\"https:\\\/\\\/iwell-guard.com\\\/wp-content\\\/uploads\\\/2026\\\/04\\\/goetter_germanisch_odin.webp\",\"width\":1024,\"height\":1536,\"caption\":\"Gu\u00f0ir \u00far germanskri hef\u00f0.\"},{\"@type\":\"BreadcrumbList\",\"@id\":\"https:\\\/\\\/iwell-guard.com\\\/is\\\/germonsk\\\/#breadcrumb\",\"itemListElement\":[{\"@type\":\"ListItem\",\"position\":1,\"name\":\"Start\",\"item\":\"https:\\\/\\\/iwell-guard.com\\\/is\\\/?page_id=168580\"},{\"@type\":\"ListItem\",\"position\":2,\"name\":\"Germanskt\"}]},{\"@type\":\"WebSite\",\"@id\":\"https:\\\/\\\/iwell-guard.com\\\/is\\\/#website\",\"url\":\"https:\\\/\\\/iwell-guard.com\\\/is\\\/\",\"name\":\"iWell Guard\",\"description\":\"Schutz vor dunklen Einfl\u00fcssen\",\"publisher\":{\"@id\":\"https:\\\/\\\/iwell-guard.com\\\/is\\\/#organization\"},\"potentialAction\":[{\"@type\":\"SearchAction\",\"target\":{\"@type\":\"EntryPoint\",\"urlTemplate\":\"https:\\\/\\\/iwell-guard.com\\\/is\\\/?s={search_term_string}\"},\"query-input\":{\"@type\":\"PropertyValueSpecification\",\"valueRequired\":true,\"valueName\":\"search_term_string\"}}],\"inLanguage\":\"is\"},{\"@type\":\"Organization\",\"@id\":\"https:\\\/\\\/iwell-guard.com\\\/is\\\/#organization\",\"name\":\"Ittermann electronic GmbH\",\"url\":\"https:\\\/\\\/iwell-guard.com\\\/is\\\/\",\"logo\":{\"@type\":\"ImageObject\",\"inLanguage\":\"is\",\"@id\":\"https:\\\/\\\/iwell-guard.com\\\/is\\\/#\\\/schema\\\/logo\\\/image\\\/\",\"url\":\"https:\\\/\\\/iwell-guard.com\\\/wp-content\\\/uploads\\\/2026\\\/05\\\/Ittermann-Logo-1182x237-1.png\",\"contentUrl\":\"https:\\\/\\\/iwell-guard.com\\\/wp-content\\\/uploads\\\/2026\\\/05\\\/Ittermann-Logo-1182x237-1.png\",\"width\":1182,\"height\":237,\"caption\":\"Ittermann electronic GmbH\"},\"image\":{\"@id\":\"https:\\\/\\\/iwell-guard.com\\\/is\\\/#\\\/schema\\\/logo\\\/image\\\/\"},\"sameAs\":[\"https:\\\/\\\/pantip.com\\\/profile\\\/9367242\",\"https:\\\/\\\/micro.blog\\\/iwellguard\",\"https:\\\/\\\/www.diggerslist.com\\\/iwellguard\\\/about\",\"https:\\\/\\\/skitterphoto.com\\\/photographers\\\/2870314\\\/iwell-guard\",\"https:\\\/\\\/iwellguard.wordpress.com\\\/2026\\\/06\\\/06\\\/iwell-guard\\\/\",\"https:\\\/\\\/hub.docker.com\\\/u\\\/iwellguard\",\"https:\\\/\\\/www.pinterest.com\\\/iwellguard\\\/\",\"https:\\\/\\\/bit.ly\\\/m\\\/iwellguard\",\"https:\\\/\\\/entre-vos-mains.alsace.eu\\\/profiles\\\/iwellguard\\\/activity\",\"https:\\\/\\\/gravatar.com\\\/reallybeded8fd34\",\"https:\\\/\\\/naijamatta.com\\\/iwellguard\",\"https:\\\/\\\/www.goodreads.com\\\/iwellguard\",\"https:\\\/\\\/profile.hatena.ne.jp\\\/iwellguard\\\/\",\"https:\\\/\\\/experiment.com\\\/users\\\/iwellguard\",\"https:\\\/\\\/wakelet.com\\\/@iWellGuard82270\",\"https:\\\/\\\/www.chordie.com\\\/forum\\\/profile.php?id=2555664\",\"https:\\\/\\\/www.instapaper.com\\\/p\\\/17757966\",\"https:\\\/\\\/www.mapleprimes.com\\\/users\\\/iwellguard\",\"https:\\\/\\\/businesslistingplus.com\\\/profile\\\/iwell-guard\\\/\",\"https:\\\/\\\/telegra.ph\\\/iWell-Guard-06-06\",\"https:\\\/\\\/pbase.com\\\/iwellguard\\\/iwellguard\",\"https:\\\/\\\/b.hatena.ne.jp\\\/iwellguard\\\/20260607#bookmark-4788405196491818882\",\"https:\\\/\\\/fliphtml5.com\\\/home\\\/iwellguard\",\"https:\\\/\\\/anyflip.com\\\/homepage\\\/cmiwl#About\",\"https:\\\/\\\/transfur.com\\\/Users\\\/iwellguard\",\"http:\\\/\\\/delphi.larsbo.org\\\/user\\\/iwellguard\",\"https:\\\/\\\/jobs.lajobsportal.org\\\/profiles\\\/8380803-iwell-guard\",\"https:\\\/\\\/md.chaosdorf.de\\\/s\\\/jfbe5SBdJD\",\"https:\\\/\\\/www.lingvolive.com\\\/en-us\\\/profile\\\/9ecaeaca-ce11-4e51-9e71-01d55e2bff36\\\/translations\",\"https:\\\/\\\/www.fitday.com\\\/fitness\\\/forums\\\/members\\\/iwellguard.html\",\"https:\\\/\\\/www.mymeetbook.com\\\/iwellguard\",\"https:\\\/\\\/pxhere.com\\\/en\\\/photographer-me\\\/5040798\",\"https:\\\/\\\/disqus.com\\\/by\\\/iwellguard\\\/about\\\/\",\"https:\\\/\\\/pastelink.net\\\/hjwciqwq\",\"https:\\\/\\\/pubhtml5.com\\\/homepage\\\/scjhn\\\/\",\"https:\\\/\\\/www.bitchute.com\\\/channel\\\/2O2eOKzNqujT\",\"https:\\\/\\\/audiomack.com\\\/iwellguard\"]}]}<\/script>\n<!-- \/ Yoast SEO Premium plugin. -->","yoast_head_json":{"title":"Norr\u00e6nir gu\u00f0ir \u2013 \u00c6sir, Vanir, Edda | iWell Guard","description":"Norr\u00e6nir gu\u00f0ir og germ\u00f6nsk go\u00f0afr\u00e6\u00f0i: \u00d3\u00f0inn, \u00de\u00f3r, Freyja, Loki, Hel. Edda-hef\u00f0in, Yggdrasill, Ragnar\u00f6k. Go\u00f0aver\u00f6ld \u00c1sa og Vana.","robots":{"index":"index","follow":"follow","max-snippet":"max-snippet:-1","max-image-preview":"max-image-preview:large","max-video-preview":"max-video-preview:-1"},"canonical":"https:\/\/iwell-guard.com\/is\/germonsk\/","og_locale":"is_IS","og_type":"article","og_title":"Germanskt","og_description":"Norr\u00e6nir gu\u00f0ir og germ\u00f6nsk go\u00f0afr\u00e6\u00f0i: \u00d3\u00f0inn, \u00de\u00f3r, Freyja, Loki, Hel. Edda-hef\u00f0in, Yggdrasill, Ragnar\u00f6k. Go\u00f0aver\u00f6ld \u00c1sa og Vana.","og_url":"https:\/\/iwell-guard.com\/is\/germonsk\/","og_site_name":"iWell Guard","article_modified_time":"2026-09-05T14:14:59+00:00","og_image":[{"width":1024,"height":1536,"url":"https:\/\/iwell-guard.com\/wp-content\/uploads\/2026\/04\/goetter_germanisch_odin.webp","type":"image\/webp"}],"twitter_card":"summary_large_image","schema":{"@context":"https:\/\/schema.org","@graph":[{"@type":"WebPage","@id":"https:\/\/iwell-guard.com\/is\/germonsk\/","url":"https:\/\/iwell-guard.com\/is\/germonsk\/","name":"Norr\u00e6nir gu\u00f0ir \u2013 \u00c6sir, Vanir, Edda | iWell Guard","isPartOf":{"@id":"https:\/\/iwell-guard.com\/is\/#website"},"primaryImageOfPage":{"@id":"https:\/\/iwell-guard.com\/is\/germonsk\/#primaryimage"},"image":{"@id":"https:\/\/iwell-guard.com\/is\/germonsk\/#primaryimage"},"thumbnailUrl":"https:\/\/iwell-guard.com\/wp-content\/uploads\/2026\/04\/goetter_germanisch_odin.webp","datePublished":"2026-09-05T14:01:34+00:00","dateModified":"2026-09-05T14:14:59+00:00","description":"Norr\u00e6nir gu\u00f0ir og germ\u00f6nsk go\u00f0afr\u00e6\u00f0i: \u00d3\u00f0inn, \u00de\u00f3r, Freyja, Loki, Hel. Edda-hef\u00f0in, Yggdrasill, Ragnar\u00f6k. Go\u00f0aver\u00f6ld \u00c1sa og Vana.","breadcrumb":{"@id":"https:\/\/iwell-guard.com\/is\/germonsk\/#breadcrumb"},"inLanguage":"is","potentialAction":[{"@type":"ReadAction","target":["https:\/\/iwell-guard.com\/is\/germonsk\/"]}]},{"@type":"ImageObject","inLanguage":"is","@id":"https:\/\/iwell-guard.com\/is\/germonsk\/#primaryimage","url":"https:\/\/iwell-guard.com\/wp-content\/uploads\/2026\/04\/goetter_germanisch_odin.webp","contentUrl":"https:\/\/iwell-guard.com\/wp-content\/uploads\/2026\/04\/goetter_germanisch_odin.webp","width":1024,"height":1536,"caption":"Gu\u00f0ir \u00far germanskri hef\u00f0."},{"@type":"BreadcrumbList","@id":"https:\/\/iwell-guard.com\/is\/germonsk\/#breadcrumb","itemListElement":[{"@type":"ListItem","position":1,"name":"Start","item":"https:\/\/iwell-guard.com\/is\/?page_id=168580"},{"@type":"ListItem","position":2,"name":"Germanskt"}]},{"@type":"WebSite","@id":"https:\/\/iwell-guard.com\/is\/#website","url":"https:\/\/iwell-guard.com\/is\/","name":"iWell Guard","description":"Schutz vor dunklen Einfl\u00fcssen","publisher":{"@id":"https:\/\/iwell-guard.com\/is\/#organization"},"potentialAction":[{"@type":"SearchAction","target":{"@type":"EntryPoint","urlTemplate":"https:\/\/iwell-guard.com\/is\/?s={search_term_string}"},"query-input":{"@type":"PropertyValueSpecification","valueRequired":true,"valueName":"search_term_string"}}],"inLanguage":"is"},{"@type":"Organization","@id":"https:\/\/iwell-guard.com\/is\/#organization","name":"Ittermann electronic GmbH","url":"https:\/\/iwell-guard.com\/is\/","logo":{"@type":"ImageObject","inLanguage":"is","@id":"https:\/\/iwell-guard.com\/is\/#\/schema\/logo\/image\/","url":"https:\/\/iwell-guard.com\/wp-content\/uploads\/2026\/05\/Ittermann-Logo-1182x237-1.png","contentUrl":"https:\/\/iwell-guard.com\/wp-content\/uploads\/2026\/05\/Ittermann-Logo-1182x237-1.png","width":1182,"height":237,"caption":"Ittermann electronic GmbH"},"image":{"@id":"https:\/\/iwell-guard.com\/is\/#\/schema\/logo\/image\/"},"sameAs":["https:\/\/pantip.com\/profile\/9367242","https:\/\/micro.blog\/iwellguard","https:\/\/www.diggerslist.com\/iwellguard\/about","https:\/\/skitterphoto.com\/photographers\/2870314\/iwell-guard","https:\/\/iwellguard.wordpress.com\/2026\/06\/06\/iwell-guard\/","https:\/\/hub.docker.com\/u\/iwellguard","https:\/\/www.pinterest.com\/iwellguard\/","https:\/\/bit.ly\/m\/iwellguard","https:\/\/entre-vos-mains.alsace.eu\/profiles\/iwellguard\/activity","https:\/\/gravatar.com\/reallybeded8fd34","https:\/\/naijamatta.com\/iwellguard","https:\/\/www.goodreads.com\/iwellguard","https:\/\/profile.hatena.ne.jp\/iwellguard\/","https:\/\/experiment.com\/users\/iwellguard","https:\/\/wakelet.com\/@iWellGuard82270","https:\/\/www.chordie.com\/forum\/profile.php?id=2555664","https:\/\/www.instapaper.com\/p\/17757966","https:\/\/www.mapleprimes.com\/users\/iwellguard","https:\/\/businesslistingplus.com\/profile\/iwell-guard\/","https:\/\/telegra.ph\/iWell-Guard-06-06","https:\/\/pbase.com\/iwellguard\/iwellguard","https:\/\/b.hatena.ne.jp\/iwellguard\/20260607#bookmark-4788405196491818882","https:\/\/fliphtml5.com\/home\/iwellguard","https:\/\/anyflip.com\/homepage\/cmiwl#About","https:\/\/transfur.com\/Users\/iwellguard","http:\/\/delphi.larsbo.org\/user\/iwellguard","https:\/\/jobs.lajobsportal.org\/profiles\/8380803-iwell-guard","https:\/\/md.chaosdorf.de\/s\/jfbe5SBdJD","https:\/\/www.lingvolive.com\/en-us\/profile\/9ecaeaca-ce11-4e51-9e71-01d55e2bff36\/translations","https:\/\/www.fitday.com\/fitness\/forums\/members\/iwellguard.html","https:\/\/www.mymeetbook.com\/iwellguard","https:\/\/pxhere.com\/en\/photographer-me\/5040798","https:\/\/disqus.com\/by\/iwellguard\/about\/","https:\/\/pastelink.net\/hjwciqwq","https:\/\/pubhtml5.com\/homepage\/scjhn\/","https:\/\/www.bitchute.com\/channel\/2O2eOKzNqujT","https:\/\/audiomack.com\/iwellguard"]}]}},"_links":{"self":[{"href":"https:\/\/iwell-guard.com\/is\/wp-json\/wp\/v2\/pages\/168614","targetHints":{"allow":["GET"]}}],"collection":[{"href":"https:\/\/iwell-guard.com\/is\/wp-json\/wp\/v2\/pages"}],"about":[{"href":"https:\/\/iwell-guard.com\/is\/wp-json\/wp\/v2\/types\/page"}],"author":[{"embeddable":true,"href":"https:\/\/iwell-guard.com\/is\/wp-json\/wp\/v2\/users\/3"}],"replies":[{"embeddable":true,"href":"https:\/\/iwell-guard.com\/is\/wp-json\/wp\/v2\/comments?post=168614"}],"version-history":[{"count":0,"href":"https:\/\/iwell-guard.com\/is\/wp-json\/wp\/v2\/pages\/168614\/revisions"}],"wp:featuredmedia":[{"embeddable":true,"href":"https:\/\/iwell-guard.com\/is\/wp-json\/wp\/v2\/media\/1723"}],"wp:attachment":[{"href":"https:\/\/iwell-guard.com\/is\/wp-json\/wp\/v2\/media?parent=168614"}],"wp:term":[{"taxonomy":"category","embeddable":true,"href":"https:\/\/iwell-guard.com\/is\/wp-json\/wp\/v2\/categories?post=168614"}],"curies":[{"name":"wp","href":"https:\/\/api.w.org\/{rel}","templated":true}]}}