{"id":168610,"date":"2026-09-05T14:01:33","date_gmt":"2026-09-05T14:01:33","guid":{"rendered":"https:\/\/iwell-guard.com\/?page_id=168610"},"modified":"2026-09-05T14:14:52","modified_gmt":"2026-09-05T14:14:52","slug":"dybbuk","status":"publish","type":"page","link":"https:\/\/iwell-guard.com\/is\/dybbuk\/","title":{"rendered":"Dybbuk"},"content":{"rendered":"\t\t<div data-elementor-type=\"wp-page\" data-elementor-id=\"168610\" class=\"elementor elementor-168610 elementor-852\" data-elementor-post-type=\"page\">\n\t\t\t\t<div class=\"elementor-element elementor-element-10fdade e-flex e-con-boxed e-con e-parent\" data-id=\"10fdade\" data-element_type=\"container\" data-e-type=\"container\" data-settings=\"{&quot;background_background&quot;:&quot;classic&quot;}\">\n\t\t\t\t\t<div class=\"e-con-inner\">\n\t\t<div class=\"elementor-element elementor-element-herohlft0 e-flex e-con-boxed e-con e-child\" data-id=\"herohlft0\" data-element_type=\"container\" data-e-type=\"container\">\n\t\t\t\t\t<div class=\"e-con-inner\">\n\t\t<div class=\"elementor-element elementor-element-c3ceb64 e-con-full e-flex e-con e-child\" data-id=\"c3ceb64\" data-element_type=\"container\" data-e-type=\"container\">\n\t\t\t\t<div class=\"elementor-element elementor-element-96ae5e1 elementor-widget elementor-widget-heading\" data-id=\"96ae5e1\" data-element_type=\"widget\" data-e-type=\"widget\" data-widget_type=\"heading.default\">\n\t\t\t\t\t<h1 class=\"elementor-heading-title elementor-size-default\">Dybbuk, andi \u00far hef\u00f0 gy\u00f0ingd\u00f3ms<\/h1>\t\t\t\t<\/div>\n\t\t\t\t<div class=\"elementor-element elementor-element-e45238a elementor-widget elementor-widget-text-editor\" data-id=\"e45238a\" data-element_type=\"widget\" data-e-type=\"widget\" data-widget_type=\"text-editor.default\">\n\t\t\t\t\t\t\t\t\t<p>Dybbuk er <span class=\"iwg-fachbegriff\" data-tooltip=\"L\u00edkamslaus vera sem talin er hafa \u00e1hrif \u00ed heiminum.\" tabindex=\"0\">andi<\/span> \u00far gy\u00f0inglegri hef\u00f0.<\/p><p><strong>Lo\u00f0andi <span class=\"iwg-fachbegriff\" data-tooltip=\"L\u00edkamslaus vera sem talin er hafa \u00e1hrif \u00ed heiminum.\" tabindex=\"0\">andinn<\/span>, andsetning \u00ed l\u00far\u00ed\u00f6nsku <span class=\"iwg-fachbegriff\" data-tooltip=\"Straumur innan gy\u00f0inglegrar dulspeki me\u00f0 h\u00f6fu\u00f0ritum eins og Sefer Jezira og S\u00f3har.\" tabindex=\"0\">kabbala<\/span>.<\/strong><\/p>\t\t\t\t\t\t\t\t<\/div>\n\t\t\t\t<\/div>\n\t\t<div class=\"elementor-element elementor-element-klsbdg01 e-con-full e-flex e-con e-parent\" data-id=\"klsbdg01\" data-element_type=\"container\" data-e-type=\"container\">\n\t\t\t\t<div class=\"elementor-element elementor-element-klshtm01 elementor-widget elementor-widget-html\" data-id=\"klshtm01\" data-element_type=\"widget\" data-e-type=\"widget\" data-widget_type=\"html.default\">\n\t\t\t\t\t<div class=\"iwg-pill-row\"><span class=\"iwg-klasse-badge\" tabindex=\"0\" data-tooltip=\"Andi: L\u00edkamslaus e\u00f0a h\u00e1lfl\u00edkamlegt vera, framli\u00f0nir, n\u00e1tt\u00faruv\u00e6ttir, heimilisv\u00e6ttir e\u00f0a v\u00f6rslumenn \u00fer\u00f6skulda. Verkar \u00ed daglegu l\u00edfi, oft bundinn \u00e1kve\u00f0num st\u00f6\u00f0um e\u00f0a fj\u00f6lskyldum.\">Andi<\/span><a href=\"https:\/\/iwell-guard.com\/is\/?page_id=168596\" class=\"iwg-kultur-badge\" tabindex=\"0\" data-tooltip=\"Tr\u00faarhef\u00f0 gy\u00f0inga fr\u00e1 Tanak til kabbala og dulspeki n\u00fat\u00edmans.\">Gy\u00f0ingd\u00f3mur<\/a><a href=\"https:\/\/iwell-guard.com\/is\/?page_id=168699\" class=\"iwg-tradition-badge\" tabindex=\"0\" data-tooltip=\"Framli\u00f0nir sem andar \u00feeirra halda \u00e1fram a\u00f0 hafa \u00e1hrif \u00ed \u00feessum heimi, heimilisv\u00e6ttir, forfe\u00f0ur, \u00f3r\u00f3ir hinir d\u00e1nu.\">S\u00e1larandi hinna d\u00e1nu<\/a><\/div>\t\t\t\t<\/div>\n\t\t\t\t<\/div>\n\t\t<div class=\"elementor-element elementor-element-3f74855 e-con-full e-flex e-con e-child\" data-id=\"3f74855\" data-element_type=\"container\" data-e-type=\"container\">\n\t\t\t\t<div class=\"elementor-element elementor-element-1c30362 elementor-toc--minimized-on-tablet elementor-widget elementor-widget-table-of-contents\" data-id=\"1c30362\" data-element_type=\"widget\" data-e-type=\"widget\" data-settings=\"{&quot;exclude_headings_by_selector&quot;:[],&quot;no_headings_message&quot;:&quot;Engar undirfyrirsagnir fundust \\u00e1 \\u00feessari s\\u00ed\\u00f0u.&quot;,&quot;headings_by_tags&quot;:[&quot;h2&quot;,&quot;h3&quot;],&quot;marker_view&quot;:&quot;bullets&quot;,&quot;icon&quot;:{&quot;value&quot;:&quot;fas fa-circle&quot;,&quot;library&quot;:&quot;fa-solid&quot;,&quot;rendered_tag&quot;:&quot;&lt;svg class=\\&quot;e-font-icon-svg e-fas-circle\\&quot; viewBox=\\&quot;0 0 512 512\\&quot; xmlns=\\&quot;http:\\\/\\\/www.w3.org\\\/2000\\\/svg\\&quot;&gt;&lt;path d=\\&quot;M256 8C119 8 8 119 8 256s111 248 248 248 248-111 248-248S393 8 256 8z\\&quot;&gt;&lt;\\\/path&gt;&lt;\\\/svg&gt;&quot;},&quot;minimize_box&quot;:&quot;yes&quot;,&quot;minimized_on&quot;:&quot;tablet&quot;,&quot;hierarchical_view&quot;:&quot;yes&quot;,&quot;min_height&quot;:{&quot;unit&quot;:&quot;px&quot;,&quot;size&quot;:&quot;&quot;,&quot;sizes&quot;:[]},&quot;min_height_tablet&quot;:{&quot;unit&quot;:&quot;px&quot;,&quot;size&quot;:&quot;&quot;,&quot;sizes&quot;:[]},&quot;min_height_mobile&quot;:{&quot;unit&quot;:&quot;px&quot;,&quot;size&quot;:&quot;&quot;,&quot;sizes&quot;:[]}}\" data-widget_type=\"table-of-contents.default\">\n\t\t\t\t\t\t\t\t\t<div class=\"elementor-toc__header\">\n\t\t\t\t\t\t<h2 class=\"elementor-toc__header-title\">\n\t\t\t\tEfnisyfirlit\t\t\t<\/h2>\n\t\t\t\t\t\t\t\t\t\t<div class=\"elementor-toc__toggle-button elementor-toc__toggle-button--expand\" role=\"button\" tabindex=\"0\" aria-controls=\"elementor-toc__1c30362\" aria-expanded=\"true\" aria-label=\"Open table of contents\"><svg aria-hidden=\"true\" class=\"e-font-icon-svg e-fas-chevron-down\" viewBox=\"0 0 448 512\" xmlns=\"http:\/\/www.w3.org\/2000\/svg\"><path d=\"M207.029 381.476L12.686 187.132c-9.373-9.373-9.373-24.569 0-33.941l22.667-22.667c9.357-9.357 24.522-9.375 33.901-.04L224 284.505l154.745-154.021c9.379-9.335 24.544-9.317 33.901.04l22.667 22.667c9.373 9.373 9.373 24.569 0 33.941L240.971 381.476c-9.373 9.372-24.569 9.372-33.942 0z\"><\/path><\/svg><\/div>\n\t\t\t\t<div class=\"elementor-toc__toggle-button elementor-toc__toggle-button--collapse\" role=\"button\" tabindex=\"0\" aria-controls=\"elementor-toc__1c30362\" aria-expanded=\"true\" aria-label=\"Close table of contents\"><svg aria-hidden=\"true\" class=\"e-font-icon-svg e-fas-chevron-up\" viewBox=\"0 0 448 512\" xmlns=\"http:\/\/www.w3.org\/2000\/svg\"><path d=\"M240.971 130.524l194.343 194.343c9.373 9.373 9.373 24.569 0 33.941l-22.667 22.667c-9.357 9.357-24.522 9.375-33.901.04L224 227.495 69.255 381.516c-9.379 9.335-24.544 9.317-33.901-.04l-22.667-22.667c-9.373-9.373-9.373-24.569 0-33.941L207.03 130.525c9.372-9.373 24.568-9.373 33.941-.001z\"><\/path><\/svg><\/div>\n\t\t\t\t\t<\/div>\n\t\t\t\t<div id=\"elementor-toc__1c30362\" class=\"elementor-toc__body\">\n\t\t\t<div class=\"elementor-toc__spinner-container\">\n\t\t\t\t<svg class=\"elementor-toc__spinner eicon-animation-spin e-font-icon-svg e-eicon-loading\" aria-hidden=\"true\" viewBox=\"0 0 1000 1000\" xmlns=\"http:\/\/www.w3.org\/2000\/svg\"><path d=\"M500 975V858C696 858 858 696 858 500S696 142 500 142 142 304 142 500H25C25 237 238 25 500 25S975 237 975 500 763 975 500 975Z\"><\/path><\/svg>\t\t\t<\/div>\n\t\t<\/div>\n\t\t\t\t\t\t<\/div>\n\t\t\t\t<\/div>\n\t\t\t\t\t<\/div>\n\t\t\t\t<\/div>\n\t\t<div class=\"elementor-element elementor-element-herorght0 e-con-full e-flex e-con e-child\" data-id=\"herorght0\" data-element_type=\"container\" data-e-type=\"container\">\n\t\t\t\t<div class=\"elementor-element elementor-element-heroimg00 iwg-hero-image elementor-widget elementor-widget-image\" data-id=\"heroimg00\" data-element_type=\"widget\" data-e-type=\"widget\" data-widget_type=\"image.default\">\n\t\t\t\t\t\t\t\t\t\t\t\t\t\t\t<img fetchpriority=\"high\" decoding=\"async\" width=\"683\" height=\"1024\" src=\"https:\/\/iwell-guard.com\/wp-content\/uploads\/2026\/04\/geister_judentum_dybbuk-1-683x1024.webp\" class=\"attachment-large size-large wp-image-171032\" alt=\"Dybbuk - Andar \u00far hef\u00f0 Judaisma, s\u00f6guleg-myndr\u00e6n framsetning\" srcset=\"https:\/\/iwell-guard.com\/wp-content\/uploads\/2026\/04\/geister_judentum_dybbuk-1-683x1024.webp 683w, https:\/\/iwell-guard.com\/wp-content\/uploads\/2026\/04\/geister_judentum_dybbuk-1-200x300.webp 200w, https:\/\/iwell-guard.com\/wp-content\/uploads\/2026\/04\/geister_judentum_dybbuk-1-768x1152.webp 768w, https:\/\/iwell-guard.com\/wp-content\/uploads\/2026\/04\/geister_judentum_dybbuk-1.webp 1024w\" sizes=\"(max-width: 683px) 100vw, 683px\" \/>\t\t\t\t\t\t\t\t\t\t\t\t\t\t\t<\/div>\n\t\t\t\t<\/div>\n\t\t\t\t\t<\/div>\n\t\t\t\t<\/div>\n\t\t<div class=\"elementor-element elementor-element-32917199 e-flex e-con-boxed e-con e-parent\" data-id=\"32917199\" data-element_type=\"container\" data-e-type=\"container\">\n\t\t\t\t\t<div class=\"e-con-inner\">\n\t\t<div class=\"elementor-element elementor-element-26e916cb e-flex e-con-boxed e-con e-child\" data-id=\"26e916cb\" data-element_type=\"container\" data-e-type=\"container\">\n\t\t\t\t\t<div class=\"e-con-inner\">\n\t\t<div class=\"elementor-element elementor-element-253a40d4 e-flex e-con-boxed e-con e-child\" data-id=\"253a40d4\" data-element_type=\"container\" data-e-type=\"container\">\n\t\t\t\t\t<div class=\"e-con-inner\">\n\t\t\t\t<div class=\"elementor-element elementor-element-1200c304 elementor-widget elementor-widget-heading\" data-id=\"1200c304\" data-element_type=\"widget\" data-e-type=\"widget\" data-widget_type=\"heading.default\">\n\t\t\t\t\t<h2 class=\"elementor-heading-title elementor-size-default\">Dybbuk<\/h2>\t\t\t\t<\/div>\n\t\t\t\t<div class=\"elementor-element elementor-element-11758e7f elementor-widget elementor-widget-text-editor\" data-id=\"11758e7f\" data-element_type=\"widget\" data-e-type=\"widget\" data-widget_type=\"text-editor.default\">\n\t\t\t\t\t\t\t\t\t<p>Dybbuk er einkennandi hugmyndin um andsetningu \u00ed gy\u00f0ingd\u00f3mi \u00e1 fyrri hluta n\u00fat\u00edmans. \u00d3l\u00edkt Asmodai e\u00f0a Lilith er hann ekki sk\u00f6pu\u00f0 dj\u00f6fulsvera, heldur s\u00e1l framli\u00f0ins sem finnur ekki fri\u00f0 og skr\u00ed\u00f0ur inn \u00ed lifandi manneskju (\u201eheftist vi\u00f0&#8220;, hebr. <em>dawak<\/em>).<\/p><p>Hinn andsetni talar me\u00f0 r\u00f6dd innr\u00e1sara\u00f0ilans; pers\u00f3nuleiki hans er yfirlag\u00f0ur; heilsu hans hnignar.<\/p><p>Hugtaki\u00f0 kemur fram \u00ed fullri mynd me\u00f0 l\u00far\u00edanskri <span class=\"iwg-fachbegriff\" data-tooltip=\"Stefna innan gy\u00f0inglegrar dulspeki me\u00f0 h\u00f6fu\u00f0ritum eins og Sefer Jezira og Sohar.\" tabindex=\"0\">kabbala<\/span> \u00e1 16. \u00f6ld. S\u00e1larflakk (<em>gilgul<\/em>) og \u00f3fullger\u00f0 endurf\u00e6\u00f0ing eru bakgrunnurinn: Dybbuk er s\u00e1l sem jar\u00f0nesku hlutverki hennar var ekki loki\u00f0 e\u00f0a sem syndir hennar hindra reglulega framhald.<\/p><p>Has\u00edd\u00edski rebbinn e\u00f0a l\u00e6r\u00f0ur kabbalisti rekur hann \u00fat me\u00f0 helgisi\u00f0abundinni <span class=\"iwg-fachbegriff\" data-tooltip=\"Helgisi\u00f0abundin \u00fatreksun anda e\u00f0a dj\u00f6fuls sem talinn er ska\u00f0legur.\" tabindex=\"0\">andarreksun<\/span>. Leikrit S. An-Skis \u201eDybbuk&#8220; (1920) ger\u00f0i <span class=\"iwg-fachbegriff\" data-tooltip=\"Endurteki\u00f0 efnisatri\u00f0i \u00ed list e\u00f0a fr\u00e1s\u00f6gn.\" tabindex=\"0\">minni\u00f0<\/span> heimsfr\u00e6gt.<\/p>\t\t\t\t\t\t\t\t<\/div>\n\t\t\t\t\t<\/div>\n\t\t\t\t<\/div>\n\t\t<div class=\"elementor-element elementor-element-159dcf9a e-flex e-con-boxed e-con e-child\" data-id=\"159dcf9a\" data-element_type=\"container\" data-e-type=\"container\">\n\t\t\t\t\t<div class=\"e-con-inner\">\n\t\t\t\t<div class=\"elementor-element elementor-element-48cee66f elementor-widget elementor-widget-heading\" data-id=\"48cee66f\" data-element_type=\"widget\" data-e-type=\"widget\" data-widget_type=\"heading.default\">\n\t\t\t\t\t<h2 class=\"elementor-heading-title elementor-size-default\">\u00cd hnotskurn: Dybbuk<\/h2>\t\t\t\t<\/div>\n\t\t\t\t<div class=\"elementor-element elementor-element-3f50d82c elementor-widget elementor-widget-text-editor\" data-id=\"3f50d82c\" data-element_type=\"widget\" data-e-type=\"widget\" data-widget_type=\"text-editor.default\">\n\t\t\t\t\t\t\t\t\t<p><strong>Tegund:<\/strong> Andsetningarandi (s\u00e1l framli\u00f0ins)<br>Uppruni: \u00d3endurleystir framli\u00f0nir; s\u00e1lir me\u00f0 \u00f3loknum verkefnum e\u00f0a \u00feungri sekt<br>Textar: L\u00far\u00ed\u00f6nsk <span class=\"iwg-fachbegriff\" data-tooltip=\"Stefna innan gy\u00f0inglegrar dulspeki me\u00f0 h\u00f6fu\u00f0ritum eins og Sefer Jezira og Sohar.\" tabindex=\"0\">kabbala<\/span>; <em>Shivchei ha-Ari<\/em>; has\u00edd\u00edskar sagnir; leikrit An-Skis<br>T\u00edmabil: 16. \u00f6ld til n\u00fat\u00edmans<br>\u00datbrei\u00f0sla: Palest\u00edna, austur-evr\u00f3psk gy\u00f0ingahef\u00f0, \u00fatbrei\u00f0sla um allan heim<br>V\u00f6rn: <span class=\"iwg-fachbegriff\" data-tooltip=\"Helgisi\u00f0abundin \u00fatreksun anda e\u00f0a dj\u00f6fuls sem talinn er ska\u00f0legur.\" tabindex=\"0\">Andarreksun<\/span> (<em>tikkun<\/em>) af rebbi e\u00f0a kabbalista; nafnagaldur; b\u00e6nasi\u00f0ir<\/p>\t\t\t\t\t\t\t\t<\/div>\n\t\t\t\t\t<\/div>\n\t\t\t\t<\/div>\n\t\t\t\t\t<\/div>\n\t\t\t\t<\/div>\n\t\t\t\t\t<\/div>\n\t\t\t\t<\/div>\n\t\t<div class=\"elementor-element elementor-element-18613602 e-flex e-con-boxed e-con e-parent\" data-id=\"18613602\" data-element_type=\"container\" data-e-type=\"container\">\n\t\t\t\t\t<div class=\"e-con-inner\">\n\t\t\t\t<div class=\"elementor-element elementor-element-262b8a9f elementor-widget elementor-widget-heading\" data-id=\"262b8a9f\" data-element_type=\"widget\" data-e-type=\"widget\" data-widget_type=\"heading.default\">\n\t\t\t\t\t<h2 class=\"elementor-heading-title elementor-size-default\">Yfirlit<\/h2>\t\t\t\t<\/div>\n\t\t<div class=\"elementor-element elementor-element-46dcb7d e-con-full e-flex e-con e-child\" data-id=\"46dcb7d\" data-element_type=\"container\" data-e-type=\"container\">\n\t\t<div class=\"elementor-element elementor-element-61d3ab3 e-flex e-con-boxed e-con e-child\" data-id=\"61d3ab3\" data-element_type=\"container\" data-e-type=\"container\">\n\t\t\t\t\t<div class=\"e-con-inner\">\n\t\t\t\t<div class=\"elementor-element elementor-element-117c166 elementor-widget elementor-widget-heading\" data-id=\"117c166\" data-element_type=\"widget\" data-e-type=\"widget\" data-widget_type=\"heading.default\">\n\t\t\t\t\t<div class=\"elementor-heading-title elementor-size-default\">T\u00edmabil textanna<\/div>\t\t\t\t<\/div>\n\t\t\t\t<div class=\"elementor-element elementor-element-73997a0 elementor-widget elementor-widget-text-editor\" data-id=\"73997a0\" data-element_type=\"widget\" data-e-type=\"widget\" data-widget_type=\"text-editor.default\">\n\t\t\t\t\t\t\t\t\t<p>Fyrstu v\u00edsbendingar um andsetningu koma fram \u00ed rabb\u00ednskum ritum, en hugtaki\u00f0 dybbuk \u00ed sinni s\u00e9rt\u00e6ku merkingu festist ekki \u00ed sessi fyrr en \u00e1 16. \u00f6ld.<\/p><p>Sk\u00f3li \u00cdsaks L\u00far\u00eda \u00ed Safed (Tzfat) \u00fer\u00f3ar kenninguna; has\u00edd\u00edskir hir\u00f0ir fr\u00e1 18. \u00f6ld halda henni \u00e1fram \u00ed austur-evr\u00f3pskri hef\u00f0. Leikrit Shmuel An-Skis \u201eDybbuk e\u00f0a Milli tveggja heima&#8220; (1920) f\u00e6rir <span class=\"iwg-fachbegriff\" data-tooltip=\"Endurteki\u00f0 efnisatri\u00f0i \u00ed list e\u00f0a fr\u00e1s\u00f6gn.\" tabindex=\"0\">minni\u00f0<\/span> inn \u00ed heimsb\u00f3kmenntirnar.<\/p>\t\t\t\t\t\t\t\t<\/div>\n\t\t\t\t\t<\/div>\n\t\t\t\t<\/div>\n\t\t<div class=\"elementor-element elementor-element-d47b156 e-flex e-con-boxed e-con e-child\" data-id=\"d47b156\" data-element_type=\"container\" data-e-type=\"container\">\n\t\t\t\t\t<div class=\"e-con-inner\">\n\t\t\t\t<div class=\"elementor-element elementor-element-ff38c2b elementor-widget elementor-widget-heading\" data-id=\"ff38c2b\" data-element_type=\"widget\" data-e-type=\"widget\" data-widget_type=\"heading.default\">\n\t\t\t\t\t<div class=\"elementor-heading-title elementor-size-default\">\u00datbrei\u00f0slusv\u00e6\u00f0i<\/div>\t\t\t\t<\/div>\n\t\t\t\t<div class=\"elementor-element elementor-element-4e49fcc elementor-widget elementor-widget-text-editor\" data-id=\"4e49fcc\" data-element_type=\"widget\" data-e-type=\"widget\" data-widget_type=\"text-editor.default\">\n\t\t\t\t\t\t\t\t\t<p>Kjarnasv\u00e6\u00f0i: Palest\u00edna (Safed) og austur-evr\u00f3pskur gy\u00f0ingd\u00f3mur (Galis\u00eda, Lith\u00e1en, P\u00f3lland, \u00dakra\u00edna). Frekari \u00fatbrei\u00f0sla me\u00f0al nor\u00f0ur-afr\u00edskra sefard\u00edskra h\u00f3pa. \u00cd gegnum b\u00f3kmenntir og kvikmyndir \u00e1 20. \u00f6ld hlaut fyrirb\u00e6ri\u00f0 \u00fatbrei\u00f0slu um allan heim, oft sem t\u00e1knmynd fyrir gy\u00f0inglega <span class=\"iwg-fachbegriff\" data-tooltip=\"Tr\u00faarstefna sem leggur \u00e1herslu \u00e1 beina reynslu af gu\u00f0i.\" tabindex=\"0\">dulspeki<\/span>.<\/p>\t\t\t\t\t\t\t\t<\/div>\n\t\t\t\t\t<\/div>\n\t\t\t\t<\/div>\n\t\t\t\t<\/div>\n\t\t<div class=\"elementor-element elementor-element-db03c39 e-con-full e-flex e-con e-child\" data-id=\"db03c39\" data-element_type=\"container\" data-e-type=\"container\">\n\t\t<div class=\"elementor-element elementor-element-229a87b e-flex e-con-boxed e-con e-child\" data-id=\"229a87b\" data-element_type=\"container\" data-e-type=\"container\">\n\t\t\t\t\t<div class=\"e-con-inner\">\n\t\t\t\t<div class=\"elementor-element elementor-element-1f471fc elementor-widget elementor-widget-heading\" data-id=\"1f471fc\" data-element_type=\"widget\" data-e-type=\"widget\" data-widget_type=\"heading.default\">\n\t\t\t\t\t<div class=\"elementor-heading-title elementor-size-default\">Heimildasta\u00f0a<\/div>\t\t\t\t<\/div>\n\t\t\t\t<div class=\"elementor-element elementor-element-36b1201 elementor-widget elementor-widget-text-editor\" data-id=\"36b1201\" data-element_type=\"widget\" data-e-type=\"widget\" data-widget_type=\"text-editor.default\">\n\t\t\t\t\t\t\t\t\t<p>Meginheimildir: <em>Shivchei ha-Ari<\/em> (Lofgj\u00f6r\u00f0 \u00cdsaks L\u00far\u00eda), <em>Sefer ha-Gilgulim<\/em> (Chaim Vital), has\u00edd\u00edsk s\u00f6fn (Shivchei ha-Besht). Skr\u00e1r um andarreksanir fr\u00e1 \u00fdmsum rabb\u00ednskum d\u00f3mst\u00f3lum. \u00cd b\u00f3kmenntum eru einkum leikrit An-Skis, s\u00f6gur \u00cdsaks Bashevis Singer og safnrit gy\u00f0inglegra \u00fej\u00f3\u00f0sagna.<\/p>\t\t\t\t\t\t\t\t<\/div>\n\t\t\t\t\t<\/div>\n\t\t\t\t<\/div>\n\t\t\t\t<\/div>\n\t\t\t\t\t<\/div>\n\t\t\t\t<\/div>\n\t\t<div class=\"elementor-element elementor-element-3ae0637c e-flex e-con-boxed e-con e-parent\" data-id=\"3ae0637c\" data-element_type=\"container\" data-e-type=\"container\">\n\t\t\t\t\t<div class=\"e-con-inner\">\n\t\t\t\t<div class=\"elementor-element elementor-element-31d07739 elementor-widget elementor-widget-heading\" data-id=\"31d07739\" data-element_type=\"widget\" data-e-type=\"widget\" data-widget_type=\"heading.default\">\n\t\t\t\t\t<h2 class=\"elementor-heading-title elementor-size-default\">Nafn og afbrig\u00f0i<\/h2>\t\t\t\t<\/div>\n\t\t<div class=\"elementor-element elementor-element-b7642947 e-con-full e-flex e-con e-child\" data-id=\"b7642947\" data-element_type=\"container\" data-e-type=\"container\">\n\t\t\t\t<div class=\"elementor-element elementor-element-a086266 elementor-widget elementor-widget-text-editor\" data-id=\"a086266\" data-element_type=\"widget\" data-e-type=\"widget\" data-widget_type=\"text-editor.default\">\n\t\t\t\t\t\t\t\t\t<p><strong>Hebreska:<\/strong> <em>Dibbuk<\/em> (\u05d3\u05b4\u05bc\u05d1\u05bc\u05d5\u05bc\u05e7), af <em>davak<\/em> \u201ea\u00f0 heftast vi\u00f0, l\u00edma&#8220;.<br>Fullt form: <em>dibbuk me-ruach ra&#8217;ah<\/em>, \u201eheftun ills anda&#8220;.<br>Tengd hugt\u00f6k: <em>gilgul<\/em> (s\u00e1larflakk), <em>ibbur<\/em> (\u201e\u00feungun&#8220;, j\u00e1kv\u00e6\u00f0 mynd s\u00e1larsamvistar).<\/p><p>Munurinn \u00e1 <em>ibbur<\/em> og <em>dibbuk<\/em> er mikilv\u00e6gur: B\u00e6\u00f0i t\u00e1kna samvist framandi s\u00e1lar \u00ed lifandi manneskju. <em>Ibbur<\/em> er sj\u00e1lfvalin og heilsusamleg, \u00e6\u00f0ri s\u00e1l sty\u00f0ur lifandi mann. <em>Dibbuk<\/em> er \u00f3sj\u00e1lfr\u00e1\u00f0 og ska\u00f0leg, \u00f3r\u00f3lg s\u00e1l notar manninn sem skj\u00f3l.<\/p>\t\t\t\t\t\t\t\t<\/div>\n\t\t\t\t<\/div>\n\t\t\t\t\t<\/div>\n\t\t\t\t<\/div>\n\t\t<div class=\"elementor-element elementor-element-709a44a8 e-flex e-con-boxed e-con e-parent\" data-id=\"709a44a8\" data-element_type=\"container\" data-e-type=\"container\">\n\t\t\t\t\t<div class=\"e-con-inner\">\n\t\t\t\t<div class=\"elementor-element elementor-element-2f585873 elementor-widget elementor-widget-heading\" data-id=\"2f585873\" data-element_type=\"widget\" data-e-type=\"widget\" data-widget_type=\"heading.default\">\n\t\t\t\t\t<h2 class=\"elementor-heading-title elementor-size-default\">Einkenni<\/h2>\t\t\t\t<\/div>\n\t\t<div class=\"elementor-element elementor-element-70621c12 e-con-full e-flex e-con e-child\" data-id=\"70621c12\" data-element_type=\"container\" data-e-type=\"container\">\n\t\t\t\t<div class=\"elementor-element elementor-element-4296eb49 elementor-widget elementor-widget-text-editor\" data-id=\"4296eb49\" data-element_type=\"widget\" data-e-type=\"widget\" data-widget_type=\"text-editor.default\">\n\t\t\t\t\t\t\t\t\t<p><strong>\u00c1s\u00fdnd<\/strong><\/p><p>Engin sj\u00e1lfst\u00e6\u00f0 myndhef\u00f0 til. Dybbukinn ver\u00f0ur s\u00fdnilegur \u00ed gegnum l\u00edkama hins andsetna: raddbreyting (oft d\u00fdpri, framandi), breytt tal (stundum \u00e1 \u00f6\u00f0ru tungum\u00e1li e\u00f0a m\u00e1ll\u00fdsku), l\u00edkamleg einkenni (krampar, yfirli\u00f0, \u00f3venjulegur styrkur).<\/p><p><strong>Heg\u00f0un<\/strong><\/p><p>Dybbukinn notar l\u00edkama h\u00fdsilsins til a\u00f0 tala. Hann segir s\u00f6gu s\u00edna, kvartar, krefst. \u00cd m\u00f6rgum var\u00f0veittum tilvikum er um beiskja anda me\u00f0 \u00f3leyst sekt a\u00f0 r\u00e6\u00f0a; <span class=\"iwg-fachbegriff\" data-tooltip=\"Ath\u00f6fn til a\u00f0 reka \u00fat anda e\u00f0a p\u00faka sem talinn er ska\u00f0legur.\" tabindex=\"0\">andarekstur<\/span> ver\u00f0ur eins miki\u00f0 s\u00e1lg\u00e6sla fyrir hinn l\u00e1tna og vernd fyrir hinn lifandi.<\/p><p><strong>Verkunarsvi\u00f0<\/strong><\/p><p>Einstaklingsbundin andsetning; s\u00e9rstaklega oft greint fr\u00e1 henni hj\u00e1 einstaklingum \u00e1 ja\u00f0arstundum l\u00edfsins, fyrir br\u00fa\u00f0kaup, \u00e1 sorgar\u00e1ri, \u00ed tr\u00faarlegri kreppu. Dybbukinn velur ekki af handah\u00f3fi, heldur \u00fat fr\u00e1 innri veikleika e\u00f0a sekt h\u00fdsilsins.<\/p><p><strong>Go\u00f0sagnafr\u00e6\u00f0ilegur uppruni<\/strong><\/p><p>Kabbal\u00edsk hugmyndin er innfelld \u00ed kenningar um endurf\u00e6\u00f0ingu s\u00e1lna. S\u00e1lin leitar hreinsunar (<em>tikkun<\/em>) me\u00f0 endurf\u00e6\u00f0ingu; takist \u00fea\u00f0 ekki, finnur h\u00fan skj\u00f3l \u00ed lifandi l\u00edkama. Markmi\u00f0 <span class=\"iwg-fachbegriff\" data-tooltip=\"Ath\u00f6fn til a\u00f0 reka \u00fat anda e\u00f0a p\u00faka sem talinn er ska\u00f0legur.\" tabindex=\"0\">andarekstursins<\/span> er frelsun h\u00fdsilsins og samt\u00edmis lausn dybbuksins sj\u00e1lfs.<\/p>\t\t\t\t\t\t\t\t<\/div>\n\t\t\t\t<\/div>\n\t\t\t\t\t<\/div>\n\t\t\t\t<\/div>\n\t\t<div class=\"elementor-element elementor-element-44e71476 e-flex e-con-boxed e-con e-parent\" data-id=\"44e71476\" data-element_type=\"container\" data-e-type=\"container\">\n\t\t\t\t\t<div class=\"e-con-inner\">\n\t\t\t\t<div class=\"elementor-element elementor-element-3c1fc3f0 elementor-widget elementor-widget-heading\" data-id=\"3c1fc3f0\" data-element_type=\"widget\" data-e-type=\"widget\" data-widget_type=\"heading.default\">\n\t\t\t\t\t<h2 class=\"elementor-heading-title elementor-size-default\">Skyndiyfirlit: Dybbuk<\/h2>\t\t\t\t<\/div>\n\t\t<div class=\"elementor-element elementor-element-84f33b8e e-con-full e-flex e-con e-child\" data-id=\"84f33b8e\" data-element_type=\"container\" data-e-type=\"container\">\n\t\t\t\t<div class=\"elementor-element elementor-element-hqkdc67p elementor-widget elementor-widget-text-editor\" data-id=\"hqkdc67p\" data-element_type=\"widget\" data-e-type=\"widget\" data-widget_type=\"text-editor.default\">\n\t\t\t\t\t\t\t\t\t<p>Mikilv\u00e6gustu atri\u00f0in um dybbukinn \u00ed hnotskurn. N\u00e1nari umfj\u00f6llun um nafn, l\u00fdsingu, v\u00f6rn og hli\u00f0st\u00e6\u00f0ur er a\u00f0 finna \u00ed eftirfarandi k\u00f6flum.<\/p>\t\t\t\t\t\t\t\t<\/div>\n\t\t\t\t<\/div>\n\t\t<div class=\"elementor-element elementor-element-pemmx7c5 e-con-full e-flex e-con e-child\" data-id=\"pemmx7c5\" data-element_type=\"container\" data-e-type=\"container\">\n\t\t<div class=\"elementor-element elementor-element-pemmx7c1 e-con-full e-flex e-con e-child\" data-id=\"pemmx7c1\" data-element_type=\"container\" data-e-type=\"container\">\n\t\t<div class=\"elementor-element elementor-element-qh9oavvu iwg-steckbrief-card e-flex e-con-boxed e-con e-child\" data-id=\"qh9oavvu\" data-element_type=\"container\" data-e-type=\"container\">\n\t\t\t\t\t<div class=\"e-con-inner\">\n\t\t\t\t<div class=\"elementor-element elementor-element-awzx8k2k elementor-widget elementor-widget-heading\" data-id=\"awzx8k2k\" data-element_type=\"widget\" data-e-type=\"widget\" data-widget_type=\"heading.default\">\n\t\t\t\t\t<div class=\"elementor-heading-title elementor-size-default\">Uppruni dybbuksins<\/div>\t\t\t\t<\/div>\n\t\t\t\t<div class=\"elementor-element elementor-element-x6rowhv0 elementor-widget elementor-widget-text-editor\" data-id=\"x6rowhv0\" data-element_type=\"widget\" data-e-type=\"widget\" data-widget_type=\"text-editor.default\">\n\t\t\t\t\t\t\t\t\t<p>\u00dar s\u00e1l l\u00e1tins manns sem finnur ekki fri\u00f0. Ekki skapa\u00f0 p\u00fakaverur, heldur \u00f3frelsu\u00f0 mannss\u00e1l.<\/p>\t\t\t\t\t\t\t\t<\/div>\n\t\t\t\t\t<\/div>\n\t\t\t\t<\/div>\n\t\t<div class=\"elementor-element elementor-element-8e3o4kxs iwg-steckbrief-card e-flex e-con-boxed e-con e-child\" data-id=\"8e3o4kxs\" data-element_type=\"container\" data-e-type=\"container\">\n\t\t\t\t\t<div class=\"e-con-inner\">\n\t\t\t\t<div class=\"elementor-element elementor-element-08rkdgov elementor-widget elementor-widget-heading\" data-id=\"08rkdgov\" data-element_type=\"widget\" data-e-type=\"widget\" data-widget_type=\"heading.default\">\n\t\t\t\t\t<div class=\"elementor-heading-title elementor-size-default\">Skotmark dybbuksins<\/div>\t\t\t\t<\/div>\n\t\t\t\t<div class=\"elementor-element elementor-element-uwjelx8s elementor-widget elementor-widget-text-editor\" data-id=\"uwjelx8s\" data-element_type=\"widget\" data-e-type=\"widget\" data-widget_type=\"text-editor.default\">\n\t\t\t\t\t\t\t\t\t<p>Lifandi f\u00f3lk \u00ed innri kreppu e\u00f0a si\u00f0fer\u00f0ilegri sekt. S\u00e9rstaklega oft greint fr\u00e1 \u00fev\u00ed hj\u00e1 ungu, \u00f3giftu f\u00f3lki e\u00f0a syrgjendum.<\/p>\t\t\t\t\t\t\t\t<\/div>\n\t\t\t\t\t<\/div>\n\t\t\t\t<\/div>\n\t\t<div class=\"elementor-element elementor-element-jm2n74ec iwg-steckbrief-card e-flex e-con-boxed e-con e-child\" data-id=\"jm2n74ec\" data-element_type=\"container\" data-e-type=\"container\">\n\t\t\t\t\t<div class=\"e-con-inner\">\n\t\t\t\t<div class=\"elementor-element elementor-element-8vufse4c elementor-widget elementor-widget-heading\" data-id=\"8vufse4c\" data-element_type=\"widget\" data-e-type=\"widget\" data-widget_type=\"heading.default\">\n\t\t\t\t\t<div class=\"elementor-heading-title elementor-size-default\">Form<\/div>\t\t\t\t<\/div>\n\t\t\t\t<div class=\"elementor-element elementor-element-mwb9u015 elementor-widget elementor-widget-text-editor\" data-id=\"mwb9u015\" data-element_type=\"widget\" data-e-type=\"widget\" data-widget_type=\"text-editor.default\">\n\t\t\t\t\t\t\t\t\t<p>Engin eigin <span class=\"iwg-fachbegriff\" data-tooltip=\"Fr\u00e6\u00f0i um myndefni og merkingu \u00feess.\" tabindex=\"0\">helgimyndafr\u00e6\u00f0i<\/span>. S\u00fdnilegt a\u00f0eins \u00e1 l\u00edkama hins andsetna: raddbreyting, framandi tunga, l\u00edkamleg einkenni.<\/p>\t\t\t\t\t\t\t\t<\/div>\n\t\t\t\t\t<\/div>\n\t\t\t\t<\/div>\n\t\t\t\t<\/div>\n\t\t<div class=\"elementor-element elementor-element-pemmx7c2 e-con-full e-flex e-con e-child\" data-id=\"pemmx7c2\" data-element_type=\"container\" data-e-type=\"container\">\n\t\t<div class=\"elementor-element elementor-element-37ss2yr6 iwg-steckbrief-card e-flex e-con-boxed e-con e-child\" data-id=\"37ss2yr6\" data-element_type=\"container\" data-e-type=\"container\">\n\t\t\t\t\t<div class=\"e-con-inner\">\n\t\t\t\t<div class=\"elementor-element elementor-element-3v0wp3wx elementor-widget elementor-widget-heading\" data-id=\"3v0wp3wx\" data-element_type=\"widget\" data-e-type=\"widget\" data-widget_type=\"heading.default\">\n\t\t\t\t\t<div class=\"elementor-heading-title elementor-size-default\">\u00c1hrif dybbuksins<\/div>\t\t\t\t<\/div>\n\t\t\t\t<div class=\"elementor-element elementor-element-w3247g2m elementor-widget elementor-widget-text-editor\" data-id=\"w3247g2m\" data-element_type=\"widget\" data-e-type=\"widget\" data-widget_type=\"text-editor.default\">\n\t\t\t\t\t\t\t\t\t<p>Andsetning, heilsubrestur, algj\u00f6r pers\u00f3nuleikabreyting. T\u00edmalengd fr\u00e1 d\u00f6gum til \u00e1ra, eftir tilviki.<\/p>\t\t\t\t\t\t\t\t<\/div>\n\t\t\t\t\t<\/div>\n\t\t\t\t<\/div>\n\t\t<div class=\"elementor-element elementor-element-0qpjal9w iwg-steckbrief-card e-flex e-con-boxed e-con e-child\" data-id=\"0qpjal9w\" data-element_type=\"container\" data-e-type=\"container\">\n\t\t\t\t\t<div class=\"e-con-inner\">\n\t\t\t\t<div class=\"elementor-element elementor-element-6ndoih0o elementor-widget elementor-widget-heading\" data-id=\"6ndoih0o\" data-element_type=\"widget\" data-e-type=\"widget\" data-widget_type=\"heading.default\">\n\t\t\t\t\t<div class=\"elementor-heading-title elementor-size-default\">V\u00f6rn gegn dybbuknum<\/div>\t\t\t\t<\/div>\n\t\t\t\t<div class=\"elementor-element elementor-element-6684tyh9 elementor-widget elementor-widget-text-editor\" data-id=\"6684tyh9\" data-element_type=\"widget\" data-e-type=\"widget\" data-widget_type=\"text-editor.default\">\n\t\t\t\t\t\t\t\t\t<p><span class=\"iwg-fachbegriff\" data-tooltip=\"Ath\u00f6fn til a\u00f0 reka \u00fat anda e\u00f0a p\u00faka sem talinn er ska\u00f0legur.\" tabindex=\"0\">Andarekstur<\/span> framkv\u00e6mdur af rebbe e\u00f0a kabbalista: <span class=\"iwg-fachbegriff\" data-tooltip=\"\u00c1kallandi e\u00f0a bei\u00f0andi \u00e1varp til gu\u00f0s e\u00f0a valds.\" tabindex=\"0\">\u00e1kall<\/span> dybbuksins me\u00f0 fullu nafni, samningavi\u00f0r\u00e6\u00f0ur, yfirb\u00f3t, \u00fatrekstur um litlu t\u00e1na. Til fylgdar: <span class=\"iwg-fachbegriff\" data-tooltip=\"\u00c1varp manns til gu\u00f0s \u00ed or\u00f0um.\" tabindex=\"0\">b\u00e6n<\/span>, <em>tikkun<\/em>&#8211;<span class=\"iwg-fachbegriff\" data-tooltip=\"Fastm\u00f3tu\u00f0 r\u00f6\u00f0 t\u00e1kr\u00e6nna athafna me\u00f0 tr\u00faarlega e\u00f0a menningarlega merkingu.\" tabindex=\"0\">ath\u00f6fn<\/span>, hreinsun.<\/p>\t\t\t\t\t\t\t\t<\/div>\n\t\t\t\t\t<\/div>\n\t\t\t\t<\/div>\n\t\t<div class=\"elementor-element elementor-element-3lfi7x32 iwg-steckbrief-card e-flex e-con-boxed e-con e-child\" data-id=\"3lfi7x32\" data-element_type=\"container\" data-e-type=\"container\">\n\t\t\t\t\t<div class=\"e-con-inner\">\n\t\t\t\t<div class=\"elementor-element elementor-element-0kg99ga1 elementor-widget elementor-widget-heading\" data-id=\"0kg99ga1\" data-element_type=\"widget\" data-e-type=\"widget\" data-widget_type=\"heading.default\">\n\t\t\t\t\t<div class=\"elementor-heading-title elementor-size-default\">Samb\u00e6rilegt<\/div>\t\t\t\t<\/div>\n\t\t\t\t<div class=\"elementor-element elementor-element-n0fum6kp elementor-widget elementor-widget-text-editor\" data-id=\"n0fum6kp\" data-element_type=\"widget\" data-e-type=\"widget\" data-widget_type=\"text-editor.default\">\n\t\t\t\t\t\t\t\t\t<p>Kristin dj\u00f6flaandsetning, <a href=\"https:\/\/iwell-guard.com\/is\/?page_id=168585\">Edimmu<\/a> (fri\u00f0lausir d\u00e1nir), hungra\u00f0ir andar (hungry ghosts), \u00edsl\u00f6msk <em>jinn<\/em>-andsetning, n\u00fat\u00edma ge\u00f0l\u00e6knisfr\u00e6\u00f0ilegar sk\u00fdringar \u00e1 sundurgreiningar\u00e1standi.<\/p>\t\t\t\t\t\t\t\t<\/div>\n\t\t\t\t\t<\/div>\n\t\t\t\t<\/div>\n\t\t\t\t<\/div>\n\t\t\t\t<\/div>\n\t\t\t\t\t<\/div>\n\t\t\t\t<\/div>\n\t\t<div class=\"elementor-element elementor-element-7533bc7a e-flex e-con-boxed e-con e-parent\" data-id=\"7533bc7a\" data-element_type=\"container\" data-e-type=\"container\">\n\t\t\t\t\t<div class=\"e-con-inner\">\n\t\t\t\t<div class=\"elementor-element elementor-element-2447d18d elementor-widget elementor-widget-heading\" data-id=\"2447d18d\" data-element_type=\"widget\" data-e-type=\"widget\" data-widget_type=\"heading.default\">\n\t\t\t\t\t<h2 class=\"elementor-heading-title elementor-size-default\">V\u00f6rn og andarekstur<\/h2>\t\t\t\t<\/div>\n\t\t<div class=\"elementor-element elementor-element-d5d0260c e-con-full e-flex e-con e-child\" data-id=\"d5d0260c\" data-element_type=\"container\" data-e-type=\"container\">\n\t\t\t\t<div class=\"elementor-element elementor-element-341be2ac elementor-widget elementor-widget-text-editor\" data-id=\"341be2ac\" data-element_type=\"widget\" data-e-type=\"widget\" data-widget_type=\"text-editor.default\">\n\t\t\t\t\t\t\t\t\t<p><strong>Athafnir til varnar<\/strong><\/p><p><span class=\"iwg-fachbegriff\" data-tooltip=\"Ath\u00f6fn til a\u00f0 reka \u00fat anda e\u00f0a p\u00faka sem talinn er ska\u00f0legur.\" tabindex=\"0\">Andarekstur<\/span> fylgir fastri a\u00f0fer\u00f0: <span class=\"iwg-fachbegriff\" data-tooltip=\"\u00c1kallandi e\u00f0a bei\u00f0andi \u00e1varp til gu\u00f0s e\u00f0a valds.\" tabindex=\"0\">\u00e1kall<\/span> dybbuksins me\u00f0 nafni, yfirheyrsla (hver hann var, hvernig hann d\u00f3, hva\u00f0 bindur hann), t\u00e1knr\u00e6n yfirb\u00f3t fyrir hinn l\u00e1tna, og a\u00f0 lokum skipun um \u00fatrekstur. \u00datgangur er venjulega um litlu t\u00e1na, oft me\u00f0 l\u00edkamlega skynjanlegu t\u00e1kni (bl\u00f3\u00f0dropi, svimi).<\/p><p><strong>\u00c1kallanir<\/strong><\/p><p>Form\u00falurnar eru bygg\u00f0ar \u00e1 kabbal\u00edskum grunni, me\u00f0 gu\u00f0sn\u00f6fnum, englan\u00f6fnum og tilvitnunum \u00ed <span class=\"iwg-fachbegriff\" data-tooltip=\"Fimm b\u00e6kur M\u00f3se, grunnritsafn J\u00fadatr\u00faar.\" tabindex=\"0\">Torah<\/span>. \u00de\u00e6r binda dybbukinn fyrst, yfirheyra hann s\u00ed\u00f0an og leysa hann a\u00f0 lokum me\u00f0 h\u00f3tun um har\u00f0ari refsingu. B\u00e6nahorn (shofar) eru oft notu\u00f0 til a\u00f0 styrkja hina t\u00e1knr\u00e6nu n\u00e6rveru.<\/p><p><strong>Verndargripir og verndart\u00e1kn<\/strong><\/p><p>S\u00e9rstakir dybbuk-verndargripir eru f\u00e1t\u00ed\u00f0ir, <span class=\"iwg-fachbegriff\" data-tooltip=\"Endurteki\u00f0 efnislegt stef \u00ed list e\u00f0a fr\u00e1s\u00f6gn.\" tabindex=\"0\">stefi\u00f0<\/span> er br\u00e1tt vi\u00f0fangsefni, ekki fyrirbyggjandi. Almenn j\u00fad\u00edsk verndart\u00e1kn (mes\u00fasa, tefill\u00edn, S\u00e1lmur 91) hafa \u00f3bein \u00e1hrif. Eftir fars\u00e6lan <span class=\"iwg-fachbegriff\" data-tooltip=\"Ath\u00f6fn til a\u00f0 reka \u00fat anda e\u00f0a p\u00faka sem talinn er ska\u00f0legur.\" tabindex=\"0\">andarekstur<\/span> f\u00e6r h\u00fdsillinn oft verndargrip svo hann ver\u00f0i ekki aftur m\u00f3tt\u00e6kilegur.<\/p>\t\t\t\t\t\t\t\t<\/div>\n\t\t\t\t<\/div>\n\t\t\t\t\t<\/div>\n\t\t\t\t<\/div>\n\t\t<div class=\"elementor-element elementor-element-5a584676 e-flex e-con-boxed e-con e-parent\" data-id=\"5a584676\" data-element_type=\"container\" data-e-type=\"container\">\n\t\t\t\t\t<div class=\"e-con-inner\">\n\t\t\t\t<div class=\"elementor-element elementor-element-6d0757bf elementor-widget elementor-widget-heading\" data-id=\"6d0757bf\" data-element_type=\"widget\" data-e-type=\"widget\" data-widget_type=\"heading.default\">\n\t\t\t\t\t<h2 class=\"elementor-heading-title elementor-size-default\">Hli\u00f0st\u00e6\u00f0ur og \u00e1framhaldandi \u00e1hrif<\/h2>\t\t\t\t<\/div>\n\t\t<div class=\"elementor-element elementor-element-60563f68 e-con-full e-flex e-con e-child\" data-id=\"60563f68\" data-element_type=\"container\" data-e-type=\"container\">\n\t\t\t\t<div class=\"elementor-element elementor-element-5a93fdd6 elementor-widget elementor-widget-text-editor\" data-id=\"5a93fdd6\" data-element_type=\"widget\" data-e-type=\"widget\" data-widget_type=\"text-editor.default\">\n\t\t\t\t\t\t\t\t\t<p><strong>Tengd tr\u00faarhef\u00f0ir<\/strong><\/p><p>Kristin dj\u00f6flaandsetning og <span class=\"iwg-fachbegriff\" data-tooltip=\"Ath\u00f6fn til a\u00f0 reka \u00fat anda e\u00f0a p\u00faka sem talinn er ska\u00f0legur.\" tabindex=\"0\">andarekstur<\/span> fylgja skipulagslega \u00e1\u00feekku mynstri. \u00cdslamskar hef\u00f0ir kannast vi\u00f0 andsetning af <em>jinn<\/em>. Mes\u00f3p\u00f3tam\u00edska Edimmu-<span class=\"iwg-fachbegriff\" data-tooltip=\"Endurteki\u00f0 efnislegt stef \u00ed list e\u00f0a fr\u00e1s\u00f6gn.\" tabindex=\"0\">stefi\u00f0<\/span> er fjarl\u00e6gur en skipulagslega samb\u00e6rilegur forveri.<\/p><p><strong>An-Skis Dybbuk:<\/strong> Leikrit Shmuel An-Skis \u201eDer Dybbuk&#8220; (1920) er or\u00f0i\u00f0 a\u00f0 menningarlegu einkennisverki j\u00fad\u00edskrar <span class=\"iwg-fachbegriff\" data-tooltip=\"Tr\u00faarhreyfing me\u00f0 \u00e1herslu \u00e1 beina gu\u00f0supplifun.\" tabindex=\"0\">myst\u00edkur<\/span>. Kvikmyndin fr\u00e1 1937 og fj\u00f6lmargar \u00fatg\u00e1fur allt til dagsins \u00ed dag halda <span class=\"iwg-fachbegriff\" data-tooltip=\"Endurteki\u00f0 efnislegt stef \u00ed list e\u00f0a fr\u00e1s\u00f6gn.\" tabindex=\"0\">stefinu<\/span> lifandi um allan heim.<\/p><p><strong>N\u00fat\u00edmavi\u00f0t\u00f6kur:<\/strong> Hryllingsmyndir, \u00fe\u00e1ttara\u00f0ir og b\u00f3kmenntir taka upp dybbuk-<span class=\"iwg-fachbegriff\" data-tooltip=\"Endurteki\u00f0 efnislegt stef \u00ed list e\u00f0a fr\u00e1s\u00f6gn.\" tabindex=\"0\">stefi\u00f0<\/span> (me\u00f0al annars \u201eThe Dybbuk Box&#8220;, \u201eA Serious Man&#8220;). \u00cd samt\u00edma \u00cdsraels blandast hef\u00f0in a\u00f0 nokkru leyti ge\u00f0l\u00e6knisfr\u00e6\u00f0ilegum og ge\u00f0me\u00f0fer\u00f0arlegum sk\u00fdringum, dybbukinn sem myndl\u00edking fyrir \u00f3unni\u00f0 \u00e1fall.<\/p>\t\t\t\t\t\t\t\t<\/div>\n\t\t\t\t<\/div>\n\t\t\t\t\t<\/div>\n\t\t\t\t<\/div>\n\t\t<div class=\"elementor-element elementor-element-cp0eb98d2 e-flex e-con-boxed e-con e-parent\" data-id=\"cp0eb98d2\" data-element_type=\"container\" data-e-type=\"container\">\n\t\t\t\t\t<div class=\"e-con-inner\">\n\t\t\t\t<div class=\"elementor-element elementor-element-cp2400814 elementor-widget elementor-widget-heading\" data-id=\"cp2400814\" data-element_type=\"widget\" data-e-type=\"widget\" data-widget_type=\"heading.default\">\n\t\t\t\t\t<h2 class=\"elementor-heading-title elementor-size-default\">Uppruni hugmyndarinnar \u00ed l\u00far\u00edanskri kabbala<\/h2>\t\t\t\t<\/div>\n\t\t<div class=\"elementor-element elementor-element-cp20db8ee e-con-full e-flex e-con e-child\" data-id=\"cp20db8ee\" data-element_type=\"container\" data-e-type=\"container\">\n\t\t\t\t<div class=\"elementor-element elementor-element-cpc3309bf elementor-widget elementor-widget-text-editor\" data-id=\"cpc3309bf\" data-element_type=\"widget\" data-e-type=\"widget\" data-widget_type=\"text-editor.default\">\n\t\t\t\t\t\t\t\t\t<p>Dybbuk \u00ed sinni fullm\u00f3tu\u00f0u mynd er ekki fornt bibl\u00edulegt hugtak, heldur sprettur hann fram \u00ed tr\u00faarlegri hugsun frumn\u00fdaldar. \u00dear skiptir mestu <span class=\"iwg-fachbegriff\" data-tooltip=\"Stefna \u00ed gy\u00f0ingd\u00f3msspeki me\u00f0 h\u00f6fu\u00f0ritum eins og Sefer Jezira og Sohar.\" tabindex=\"0\">kabbala<\/span> fr\u00e1 Safed \u00e1 16. \u00f6ld, og \u00fe\u00e1 fyrst og fremst kenningar \u00cdsaks Luria og l\u00e6risveina hans.<\/p><p>Mi\u00f0l\u00e6g var\u00f0 kenningin um <em>Gilgul<\/em>, s\u00e1lnaflakki\u00f0, og um <em>Ibbur<\/em>, t\u00edmabundna b\u00fasetu framandi s\u00e1lar \u00ed l\u00edkama lifandi manns.<\/p><p>\u00cd upphafi var <em>Ibbur<\/em> hugsa\u00f0 \u00e1 j\u00e1kv\u00e6\u00f0an h\u00e1tt: s\u00e1l r\u00e9ttl\u00e1ts manns getur fest sig vi\u00f0 lifandi mann til a\u00f0 hj\u00e1lpa honum e\u00f0a til a\u00f0 lj\u00faka sj\u00e1lf einhverju bo\u00f0or\u00f0i sem enn var \u00f3uppfyllt. Dybbuk er \u00e1 sinn h\u00e1tt hin d\u00f6kka andst\u00e6\u00f0a \u00feessarar hugmyndar.<\/p><p>Um er a\u00f0 r\u00e6\u00f0a s\u00e1l l\u00e1tins manns sem, vegna alvarlegra synda, kemst hvorki \u00ed n\u00fdja endurf\u00e6\u00f0ingu n\u00e9 hl\u00fdtur r\u00f3, og sem \u00fev\u00ed ry\u00f0st me\u00f0 valdi inn \u00ed l\u00edkama lifandi manns.<\/p><p>Or\u00f0i\u00f0 <em>Dybbuk<\/em> er dregi\u00f0 af hebreska stofninum <em>dbq<\/em>, sem merkir a\u00f0 festast, kl\u00edstrast, hengja sig fast vi\u00f0. Or\u00f0i\u00f0 er stytting eldri or\u00f0asambandsins <em>dibbuk me-ruach raah<\/em>, sem \u00fe\u00fd\u00f0ir nokkurn veginn festing ills anda.<\/p><p>Sem fast hugtak festist <em>Dybbuk<\/em> ekki \u00ed sessi fyrr en \u00e1 17. og 18. \u00f6ld; eldri textar tala um illan <span class=\"iwg-fachbegriff\" data-tooltip=\"L\u00edkamslaus vera sem talin er hafa \u00e1hrif \u00ed heiminum.\" tabindex=\"0\">anda<\/span> e\u00f0a einfaldlega um <em>ruach<\/em>.<\/p><p>Ranns\u00f3knir, me\u00f0al annars verk Gershoms Scholem og s\u00ed\u00f0ar Yorams Bilu og J. H. Chajes, hafa s\u00fdnt a\u00f0 hugmyndin um dybbuk stendur \u00e1 m\u00f6rkum \u00fej\u00f3\u00f0tr\u00faar og l\u00e6r\u00f0rar <span class=\"iwg-fachbegriff\" data-tooltip=\"Stefna \u00ed gy\u00f0ingd\u00f3msspeki me\u00f0 h\u00f6fu\u00f0ritum eins og Sefer Jezira og Sohar.\" tabindex=\"0\">kabbala<\/span>. H\u00fan tengir eldri hugmyndir um \u00f3r\u00f3leg framli\u00f0in vi\u00f0 hi\u00f0 \u00fatf\u00e6r\u00f0a kabbal\u00edska kerfi syndar, hegningar og s\u00e1larb\u00f3ta.<\/p>\t\t\t\t\t\t\t\t<\/div>\n\t\t\t\t<\/div>\n\t\t\t\t\t<\/div>\n\t\t\t\t<\/div>\n\t\t<div class=\"elementor-element elementor-element-cp21bb865 e-flex e-con-boxed e-con e-parent\" data-id=\"cp21bb865\" data-element_type=\"container\" data-e-type=\"container\">\n\t\t\t\t\t<div class=\"e-con-inner\">\n\t\t\t\t<div class=\"elementor-element elementor-element-cp3028d65 elementor-widget elementor-widget-heading\" data-id=\"cp3028d65\" data-element_type=\"widget\" data-e-type=\"widget\" data-widget_type=\"heading.default\">\n\t\t\t\t\t<h2 class=\"elementor-heading-title elementor-size-default\">Anda\u00fatdrifningin: framvinda og \u00fe\u00e1tttakendur<\/h2>\t\t\t\t<\/div>\n\t\t<div class=\"elementor-element elementor-element-cp8937cda e-con-full e-flex e-con e-child\" data-id=\"cp8937cda\" data-element_type=\"container\" data-e-type=\"container\">\n\t\t\t\t<div class=\"elementor-element elementor-element-cp8bea0f2 elementor-widget elementor-widget-text-editor\" data-id=\"cp8bea0f2\" data-element_type=\"widget\" data-e-type=\"widget\" data-widget_type=\"text-editor.default\">\n\t\t\t\t\t\t\t\t\t<p>\u00cd hef\u00f0 gy\u00f0inga er til nokku\u00f0 fastm\u00f3ta\u00f0 verklag vi\u00f0 a\u00f0 reka dybbuk \u00far manni, og er \u00fev\u00ed l\u00fdst \u00ed fj\u00f6lda fr\u00e1sagna fr\u00e1 16. til 19. aldar.<\/p><p>Verki\u00f0 var ekki framkv\u00e6mt af hverjum sem er, heldur af <em>Baal Schem<\/em>, meistara hins gu\u00f0lega nafns, e\u00f0a virtum rabb\u00eda me\u00f0 kabbal\u00edska menntun, sem naut a\u00f0sto\u00f0ar h\u00f3ps sem kalla\u00f0ur var <em>Minjan<\/em>, a\u00f0 minnsta kosti t\u00edu manna.<\/p><p>Fyrsta skrefi\u00f0 var yfirheyrslan. S\u00e1 sem st\u00fdr\u00f0i \u00fatdrifningunni spur\u00f0i <span class=\"iwg-fachbegriff\" data-tooltip=\"L\u00edkamslaus vera sem talin er hafa \u00e1hrif \u00ed heiminum.\" tabindex=\"0\">andann<\/span> gegnum munn hins haldna um deili hans, nafn, uppruna og fyrst og fremst um syndirnar sem h\u00e9ldu honum fr\u00e1 r\u00f3.<\/p><p>\u00deessi yfirheyrsla \u00fej\u00f3na\u00f0i \u00fev\u00ed a\u00f0 sk\u00fdra m\u00e1li\u00f0, \u00fev\u00ed ekki var unnt a\u00f0 reka dybbuk burt \u00e1n n\u00e1nari sk\u00fdringa; menn \u00feurftu a\u00f0 skilja hvers vegna s\u00e1lin var f\u00f6st.<\/p><p>\u00dear \u00e1 eftir fylgdu \u00e1kallanir undir <span class=\"iwg-fachbegriff\" data-tooltip=\"B\u00e6narlegt e\u00f0a \u00e1kallandi tal til gu\u00f0legrar veru e\u00f0a m\u00e1ttar.\" tabindex=\"0\">\u00e1k\u00f6llun<\/span> gu\u00f0legra nafna, upplestur \u00e1kve\u00f0inna s\u00e1lma, s\u00e9rstaklega 91. s\u00e1lms, og notkun rit\u00faal\u00edskra hluta \u00e1 bor\u00f0 vi\u00f0 shofar, hr\u00fatshorni\u00f0, en hlj\u00f3mur \u00feess \u00e1tti a\u00f0 hr\u00e6\u00f0a <span class=\"iwg-fachbegriff\" data-tooltip=\"L\u00edkamslaus vera sem talin er hafa \u00e1hrif \u00ed heiminum.\" tabindex=\"0\">andann<\/span>.<\/p><p>Oft var <span class=\"iwg-fachbegriff\" data-tooltip=\"L\u00edkamslaus vera sem talin er hafa \u00e1hrif \u00ed heiminum.\" tabindex=\"0\">andanum<\/span> h\u00f3ta\u00f0 <span class=\"iwg-fachbegriff\" data-tooltip=\"Tr\u00faarlegt e\u00f0a kirkjulegt bann; einnig binding m\u00e1ttar me\u00f0 form\u00falu.\" tabindex=\"0\">banni<\/span>, <em>Cherem<\/em>. Markmi\u00f0i\u00f0 var a\u00f0 f\u00e1 dybbukinn til a\u00f0 yfirgefa l\u00edkamann, og a\u00f0 \u00fev\u00ed er kostur var, gegnum n\u00e1kv\u00e6mlega tiltekinn sta\u00f0, oft litlut\u00e1, svo a\u00f0 \u00fatgangan ska\u00f0a\u00f0i ekki hinn haldna.<\/p><p>Fr\u00e1sagnir greina fr\u00e1 \u00fev\u00ed a\u00f0 \u00e1 \u00feeim sta\u00f0 sem andinn f\u00f3r \u00fat hafi stundum fundist bl\u00f3\u00f0ugur blettur e\u00f0a sprungin r\u00fa\u00f0a.<\/p><p>Ekki var \u00f3algengt a\u00f0 dybbuknum v\u00e6ri \u00ed lei\u00f0inni heiti\u00f0 <em>Tikkun<\/em>, a\u00f0ger\u00f0 til yfirb\u00f3tar og s\u00e1larb\u00f3ta, svo a\u00f0 hann fyndi r\u00f3 eftir \u00fatg\u00f6nguna. <span class=\"iwg-fachbegriff\" data-tooltip=\"Rit\u00faal\u00edsk \u00fatdrifning anda e\u00f0a dj\u00f6fuls sem talinn er ska\u00f0legur.\" tabindex=\"0\">Anda\u00fatdrifningin<\/span> var \u00fev\u00ed ekki a\u00f0eins frelsun hins lifandi, heldur einnig s\u00e1lusorgunargj\u00f6r\u00f0 gagnvart hinum l\u00e1tna.<\/p>\t\t\t\t\t\t\t\t<\/div>\n\t\t\t\t<\/div>\n\t\t\t\t\t<\/div>\n\t\t\t\t<\/div>\n\t\t<div class=\"elementor-element elementor-element-cp5f2602f e-flex e-con-boxed e-con e-parent\" data-id=\"cp5f2602f\" data-element_type=\"container\" data-e-type=\"container\">\n\t\t\t\t\t<div class=\"e-con-inner\">\n\t\t\t\t<div class=\"elementor-element elementor-element-cp4f4fcb9 elementor-widget elementor-widget-heading\" data-id=\"cp4f4fcb9\" data-element_type=\"widget\" data-e-type=\"widget\" data-widget_type=\"heading.default\">\n\t\t\t\t\t<h2 class=\"elementor-heading-title elementor-size-default\">Var\u00f0veisla heimilda: Maaseh-b\u00e6kur og m\u00e1las\u00f6fn<\/h2>\t\t\t\t<\/div>\n\t\t<div class=\"elementor-element elementor-element-cp82d7e89 e-con-full e-flex e-con e-child\" data-id=\"cp82d7e89\" data-element_type=\"container\" data-e-type=\"container\">\n\t\t\t\t<div class=\"elementor-element elementor-element-cp348b8bf elementor-widget elementor-widget-text-editor\" data-id=\"cp348b8bf\" data-element_type=\"widget\" data-e-type=\"widget\" data-widget_type=\"text-editor.default\">\n\t\t\t\t\t\t\t\t\t<p>\u00dea\u00f0 sem vi\u00f0 vitum um dybbukinn kemur a\u00f0 mestu leyti \u00far s\u00e9rstakri textagrein, fr\u00e1s\u00f6gnum af raunverulegum e\u00f0a \u00feeim sem taldar voru raunverulegar helt\u00f6kum. \u00deessar <em>Maasim<\/em>, fr\u00e1sagnir af atbur\u00f0um, voru safna\u00f0ar, afrita\u00f0ar og prenta\u00f0ar og b\u00e1rust b\u00e6\u00f0i um heim Ashkenasa og Sefarda.<\/p><p>Eitt fyrsta og \u00e1hrifamesta safni\u00f0 er tengt l\u00far\u00edanska hringnum \u00ed Safed. Fr\u00e6gasta einstaka tilfelli\u00f0 er heltakan sem Chaim Vital, mikilv\u00e6gasti l\u00e6risveinn Luria, skr\u00e1\u00f0i.<\/p><p>S\u00ed\u00f0ari s\u00f6fn, me\u00f0al annars efni sem breiddist \u00fat \u00e1 17. \u00f6ld og s\u00f6gub\u00e6kur prenta\u00f0ar \u00ed Austur-Evr\u00f3pu \u00e1 19. \u00f6ld, greina oft fr\u00e1 sta\u00f0, \u00e1ri og n\u00f6fnum vi\u00f0komandi, sem gefur fr\u00e1s\u00f6gnunum yfirbrag\u00f0 sk\u00fdrsluforma.<\/p><p>Sagnfr\u00e6\u00f0ingar sem rannsaka \u00feessa texta l\u00edta ekki \u00e1 \u00fe\u00e1 sem sta\u00f0reyndal\u00fdsingar \u00e1 \u00f6ndum, heldur sem heimildir um hugarfar, <span class=\"iwg-fachbegriff\" data-tooltip=\"Lifandi tr\u00faarleg afsta\u00f0a og i\u00f0kun einstaklings.\" tabindex=\"0\">tr\u00far\u00e6kni<\/span> og f\u00e9lagsleg \u00e1t\u00f6k.<\/p><p>J. H. Chajes s\u00fdndi \u00ed ranns\u00f3kn sinni <em>Between Worlds<\/em> a\u00f0 m\u00f6rg tilfelli var\u00f0a unga konur og a\u00f0 heltakan gaf \u00feeim r\u00f6dd sem \u00feeim var annars neita\u00f0 um. S\u00e1 sem tala\u00f0i fyrir munn dybbuksins gat sagt hluti, bori\u00f0 fram \u00e1sakanir og gert kr\u00f6fur sem hin haldna kona hef\u00f0i annars ekki fengi\u00f0 a\u00f0 gera.<\/p><p>Fr\u00e1sagnirnar eru auk \u00feess fr\u00f3\u00f0legar fr\u00e1 sj\u00f3narh\u00f3li tr\u00faars\u00f6gu, \u00fev\u00ed \u00ed \u00feeim er oft sagt hva\u00f0a synd h\u00e9lt hinum l\u00e1tna f\u00f6stum. Oft eru \u00fea\u00f0 \u00feungar syndir eins og svikin ei\u00f0or\u00f0, saurlifna\u00f0ur e\u00f0a, \u00ed sumum s\u00f6gum, tr\u00faskipti til kristni. \u00deannig ver\u00f0ur dybbukinn fr\u00e1sagnarlegt t\u00e6ki sem s\u00fdnir si\u00f0fer\u00f0islega skipan samf\u00e9lagsins.<\/p>\t\t\t\t\t\t\t\t<\/div>\n\t\t\t\t<\/div>\n\t\t\t\t\t<\/div>\n\t\t\t\t<\/div>\n\t\t<div class=\"elementor-element elementor-element-cpfd35d6f e-flex e-con-boxed e-con e-parent\" data-id=\"cpfd35d6f\" data-element_type=\"container\" data-e-type=\"container\">\n\t\t\t\t\t<div class=\"e-con-inner\">\n\t\t\t\t<div class=\"elementor-element elementor-element-cp7fdca9e elementor-widget elementor-widget-heading\" data-id=\"cp7fdca9e\" data-element_type=\"widget\" data-e-type=\"widget\" data-widget_type=\"heading.default\">\n\t\t\t\t\t<h2 class=\"elementor-heading-title elementor-size-default\">Dybbuk \u00e1 svi\u00f0inu: leikrit An-skis og \u00e1hrif \u00feess<\/h2>\t\t\t\t<\/div>\n\t\t<div class=\"elementor-element elementor-element-cpf7554f7 e-con-full e-flex e-con e-child\" data-id=\"cpf7554f7\" data-element_type=\"container\" data-e-type=\"container\">\n\t\t\t\t<div class=\"elementor-element elementor-element-cp5e1b238 elementor-widget elementor-widget-text-editor\" data-id=\"cp5e1b238\" data-element_type=\"widget\" data-e-type=\"widget\" data-widget_type=\"text-editor.default\">\n\t\t\t\t\t\t\t\t\t<p>V\u00ed\u00f0t\u00e6k \u00feekking hugtaksins utan hins j\u00fad\u00edska heims m\u00e1 rekja til eins einstaks verks: leikritsins <em>Der Dibbuk oder Zwischen zwei Welten<\/em> eftir rith\u00f6fundinn og \u00fej\u00f3\u00f0fr\u00e6\u00f0inginn S. An-ski, sem h\u00e9t r\u00e9ttu nafni Schloime Salman Rapoport.<\/p><p><span data-nosnippet>\u00c1 \u00e1runum 1912 til 1914 f\u00f3r An-ski \u00ed \u00fej\u00f3\u00f0fr\u00e6\u00f0ilega lei\u00f0angra um j\u00fad\u00edsku bygg\u00f0asv\u00e6\u00f0in \u00ed Volh\u00fdn\u00edu og Pod\u00f3l\u00edu og safna\u00f0i \u00fear \u00fej\u00f3\u00f0tr\u00fa, s\u00f6ngvum og s\u00f6gnum, \u00fear \u00e1 me\u00f0al efni um andsetningu.<\/span><\/p><p>Leikriti\u00f0 var upphaflega sami\u00f0 \u00e1 r\u00fassnesku, s\u00ed\u00f0ar \u00fe\u00fdtt \u00e1 jidd\u00edsku af An-ski sj\u00e1lfum og frums\u00fdnt \u00ed Varsj\u00e1 \u00e1ri\u00f0 1920, eftir dau\u00f0a hans, af jidd\u00edsku leikflokknum Vilnaer Truppe.<\/p><p>Hebreska \u00fe\u00fd\u00f0ing sk\u00e1ldsins Chaim Nachman Bialik ger\u00f0i verki\u00f0 einnig \u00feekkt \u00ed Palest\u00ednu; s\u00fdning Habima-leikh\u00fassins \u00ed leikstj\u00f3rn Jewgeni Wachtangow \u00ed Moskvu \u00e1ri\u00f0 1922 er talin t\u00edmam\u00f3taverk \u00ed s\u00f6gu n\u00fat\u00edma hebreska leikh\u00fassins.<\/p><p>S\u00f6gu\u00fer\u00e1\u00f0ur An-skis tengir saman hugmyndina um dybbuk og \u00e1stars\u00f6gu: Ungi talm\u00fadnemandinn Chanan deyr \u00feegar unnusta hans Lea er heitin \u00f6\u00f0rum manni, og sn\u00fdr aftur sem dybbuk inn \u00ed l\u00edkama hennar.<\/p><p><span data-nosnippet><span class=\"iwg-fachbegriff\" data-tooltip=\"Tr\u00faarleg \u00fatrekstur anda e\u00f0a dj\u00f6fuls sem talinn er ska\u00f0legur.\" tabindex=\"0\">Andsetnings\u00fatrekstur (exorcismi)<\/span> framkv\u00e6mdur af rabb\u00eda er hi\u00f0 dramat\u00edska mi\u00f0ja verksins. \u00c1ri\u00f0 1937 var efni\u00f0 kvikmynda\u00f0 \u00ed P\u00f3llandi \u00e1 jidd\u00edsku, verk sem \u00ed dag er tali\u00f0 mikilv\u00e6g heimild um horfna, austurevr\u00f3pska j\u00fad\u00edska menningu.<\/span><\/p><p><span data-nosnippet>Fyrir tilstilli An-skis var\u00f0 dybbuk a\u00f0 menningarlegri t\u00e1knmynd. \u00c1 s\u00ed\u00f0ari hluta 20. aldar birtist pers\u00f3nan \u00ed b\u00f3kmenntum, kvikmyndum og myndlist, oft a\u00f0skilin fr\u00e1 tr\u00faarlegum uppruna s\u00ednum, sem <span class=\"iwg-fachbegriff\" data-tooltip=\"Merki sem stendur fyrir hugmynd e\u00f0a merkingu.\" tabindex=\"0\">t\u00e1kn<\/span> fyrir \u00f3uppger\u00f0a fort\u00ed\u00f0, fyrir eftirk\u00f6st hinna d\u00e1nu og eftir 1945 einnig fyrir hina \u00f3b\u00e6ttu byr\u00f0i \u00fatr\u00fdmingarins.<\/span><\/p>\t\t\t\t\t\t\t\t<\/div>\n\t\t\t\t<\/div>\n\t\t\t\t\t<\/div>\n\t\t\t\t<\/div>\n\t\t<div class=\"elementor-element elementor-element-36dd7469 e-flex e-con-boxed e-con e-parent\" data-id=\"36dd7469\" data-element_type=\"container\" data-e-type=\"container\">\n\t\t\t\t\t<div class=\"e-con-inner\">\n\t\t\t\t<div class=\"elementor-element elementor-element-13760ab4 elementor-widget elementor-widget-heading\" data-id=\"13760ab4\" data-element_type=\"widget\" data-e-type=\"widget\" data-widget_type=\"heading.default\">\n\t\t\t\t\t<h2 class=\"elementor-heading-title elementor-size-default\">\u00cdtarefni og tenglar<\/h2>\t\t\t\t<\/div>\n\t\t<div class=\"elementor-element elementor-element-28c87796 e-con-full e-flex e-con e-child\" data-id=\"28c87796\" data-element_type=\"container\" data-e-type=\"container\">\n\t\t\t\t<div class=\"elementor-element elementor-element-5d6538df elementor-widget elementor-widget-text-editor\" data-id=\"5d6538df\" data-element_type=\"widget\" data-e-type=\"widget\" data-widget_type=\"text-editor.default\">\n\t\t\t\t\t\t\t\t\t<p>R\u00e1\u00f0lag\u00f0ir innri tenglar:<\/p><ul><li><a href=\"https:\/\/iwell-guard.com\/is\/?page_id=168596\">Judaism<\/a><\/li><li><a href=\"https:\/\/iwell-guard.com\/is\/?page_id=168607\">Lilith<\/a>, <a href=\"https:\/\/iwell-guard.com\/is\/?page_id=168609\">Asmodai<\/a>, <a href=\"https:\/\/iwell-guard.com\/is\/?page_id=168608\">Shedim<\/a>, <a href=\"https:\/\/iwell-guard.com\/is\/?page_id=168611\">Azazel<\/a> (fleiri lykilpers\u00f3nur)<\/li><li><a href=\"https:\/\/iwell-guard.com\/is\/?page_id=168585\">Edimmu<\/a> (byggingarleg hli\u00f0st\u00e6\u00f0a)<\/li><li>L\u00far\u00ed\u00f6nsk <span class=\"iwg-fachbegriff\" data-tooltip=\"Stefna innan j\u00fad\u00edskrar dulspeki me\u00f0 a\u00f0alverkum eins og Sefer Jezira og Sohar.\" tabindex=\"0\">kabbala<\/span><\/li><li>Has\u00edd\u00edsk hef\u00f0<\/li><li>Andsetningarhugmyndir v\u00ed\u00f0a um heim<\/li><\/ul>\t\t\t\t\t\t\t\t<\/div>\n\t\t\t\t<\/div>\n\t\t\t\t\t<\/div>\n\t\t\t\t<\/div>\n\t\t<div class=\"elementor-element elementor-element-grl4kl40 e-flex e-con-boxed e-con e-parent\" data-id=\"grl4kl40\" data-element_type=\"container\" data-e-type=\"container\">\n\t\t\t\t\t<div class=\"e-con-inner\">\n\t\t\t\t<div class=\"elementor-element elementor-element-bzsbfrmh elementor-widget elementor-widget-heading\" data-id=\"bzsbfrmh\" data-element_type=\"widget\" data-e-type=\"widget\" data-widget_type=\"heading.default\">\n\t\t\t\t\t<h2 class=\"elementor-heading-title elementor-size-default\">Heimildir og fr\u00e6\u00f0irit<\/h2>\t\t\t\t<\/div>\n\t\t<div class=\"elementor-element elementor-element-2c13224a e-con-full e-flex e-con e-child\" data-id=\"2c13224a\" data-element_type=\"container\" data-e-type=\"container\">\n\t\t\t\t<div class=\"elementor-element elementor-element-0eymh9ub elementor-widget elementor-widget-text-editor\" data-id=\"0eymh9ub\" data-element_type=\"widget\" data-e-type=\"widget\" data-widget_type=\"text-editor.default\">\n\t\t\t\t\t\t\t\t\t<footer class=\"iwg-literatur\"><p>\u00darval helstu verka um dybbuk og j\u00fad\u00edskan <span class=\"iwg-fachbegriff\" data-tooltip=\"Tr\u00faarleg \u00fatrekstur anda e\u00f0a dj\u00f6fuls sem talinn er ska\u00f0legur.\" tabindex=\"0\">exorcismi<\/span>:<\/p><ul><li><span data-nosnippet>Chajes, Yehuda: <em>Between Worlds. Dybbuks, Exorcists, and Early Modern Judaism<\/em>. Philadelphia 2003.<\/span><\/li><li><span data-nosnippet>Bilu, Yoram: \u201eDybbuk and Maggid. Two Cultural Patterns of Altered Consciousness in Judaism.&#8220; \u00cd: <em>AJS Review<\/em> 21 (1996).<\/span><\/li><li><span data-nosnippet>Scholem, Gershom: <em>Major Trends in Jewish Mysticism<\/em>. New York 1941.<\/span><\/li><li><span data-nosnippet>Nigal, Gedalyah: <em>Magic, Mysticism, and Hasidism<\/em>. Northvale 1994.<\/span><\/li><li><span data-nosnippet>An-Ski, S.: <em>The Dybbuk and Other Writings<\/em>. Ritstj. David G. Roskies. New Haven 2002.<\/span><\/li><\/ul><div data-nosnippet=\"true\" class=\"iwg-litliste\"><p><strong>Sta\u00f0alrit (J\u00fadatr\u00fa):<\/strong><\/p><ul><li><span data-nosnippet><strong>Hutter, Manfred<\/strong>: <em>Lilith. In: Dictionary of Deities and Demons in the Bible. 2. Aufl. Leiden 1999.<\/em><\/span><\/li><\/ul><\/div><\/footer>\n<p class=\"iwg-bib-more\"><span data-nosnippet>Fleiri sta\u00f0alrit \u00ed <a href=\"https:\/\/iwell-guard.com\/is\/?page_id=168730\">heimildaskr\u00e1nni<\/a>.<\/span><\/p>\t\t\t\t\t\t\t\t<\/div>\n\t\t\t\t<\/div>\n\t\t\t\t\t<\/div>\n\t\t\t\t<\/div>\n\t\t<div class=\"elementor-element elementor-element-qv852qv e-flex e-con-boxed e-con e-parent\" data-id=\"qv852qv\" data-element_type=\"container\" data-e-type=\"container\">\n\t\t\t\t\t<div class=\"e-con-inner\">\n\t\t\t\t<div class=\"elementor-element elementor-element-qv852qvh elementor-widget elementor-widget-heading\" data-id=\"qv852qvh\" data-element_type=\"widget\" data-e-type=\"widget\" data-widget_type=\"heading.default\">\n\t\t\t\t\t<h2 class=\"elementor-heading-title elementor-size-default\">Tengd verndart\u00e1kn<\/h2>\t\t\t\t<\/div>\n\t\t<div class=\"elementor-element elementor-element-qv852qvb e-con-full e-flex e-con e-parent\" data-id=\"qv852qvb\" data-element_type=\"container\" data-e-type=\"container\">\n\t\t\t\t<div class=\"elementor-element elementor-element-qv852qvt elementor-widget elementor-widget-html\" data-id=\"qv852qvt\" data-element_type=\"widget\" data-e-type=\"widget\" data-widget_type=\"html.default\">\n\t\t\t\t\t<div class=\"iwg-querverweis-grid\" style=\"display:grid;grid-template-columns:repeat(auto-fit,minmax(220px,1fr));gap:16px;margin:16px 0;\"><div class=\"iwg-querverweis-card\"><a href=\"https:\/\/iwell-guard.com\/is\/?page_id=168900\" class=\"iwg-querverweis-link\"><strong>Mezuzah<\/strong><br><span class=\"iwg-querverweis-teaser\">J\u00fad\u00edsk skinnhandritsr\u00falla \u00e1 dyrastafi, me\u00f0 Shma \u00cdsrael-texta<\/span><\/a><\/div><\/div><style>.iwg-querverweis-card{padding:16px;border:1px solid var(--e-global-color-f443515,#e6c45a);border-radius:8px;background:rgba(0,0,0,0.22);}.iwg-querverweis-link{color:var(--e-global-color-accent,#e6c45a);text-decoration:none;}.iwg-querverweis-teaser{color:#e8e8e8;font-size:13px;line-height:1.4;}<\/style>\t\t\t\t<\/div>\n\t\t\t\t<\/div>\n\t\t\t\t\t<\/div>\n\t\t\t\t<\/div>\n\t\t<div class=\"elementor-element elementor-element-iwgca-dybbuk-sec e-flex e-con-boxed e-con e-parent\" data-id=\"iwgca-dybbuk-sec\" data-element_type=\"container\" data-e-type=\"container\" id=\"iwg-ca-dybbuk\">\n\t\t\t\t\t<div class=\"e-con-inner\">\n\t\t\t\t<div class=\"elementor-element elementor-element-iwgca-dybbuk-te iwg-ca-textwrap elementor-widget elementor-widget-text-editor\" data-id=\"iwgca-dybbuk-te\" data-element_type=\"widget\" data-e-type=\"widget\" data-widget_type=\"text-editor.default\">\n\t\t\t\t\t\t\t\t\t<div data-nosnippet=\"true\"><p class=\"iwg-ca-bridge\">Verndarhef\u00f0in sem h\u00e9r er l\u00fdst er tr\u00faars\u00f6gulegt yfirlit yfir s\u00f6guleg fyrirb\u00e6ri. iWell Guard tengist \u00feessari menningars\u00f6gulegu hef\u00f0 verndargripa sem bornir eru \u00e1 l\u00edkamanum og er samt\u00edma\u00fatg\u00e1fa af henni. <a href=\"\/ueber-iwell-guard\/?utm_source=iwell-guard.com&#038;utm_medium=text-link&#038;utm_campaign=schadwesen-tradition\">Meira um iWell Guard \u2192<\/a><\/p><\/div>\t\t\t\t\t\t\t\t<\/div>\n\t\t\t\t\t<\/div>\n\t\t\t\t<\/div>\n\t\t\t\t<\/div>\n\t\t","protected":false},"excerpt":{"rendered":"","protected":false},"author":3,"featured_media":1670,"parent":0,"menu_order":0,"comment_status":"closed","ping_status":"closed","template":"elementor_header_footer","meta":{"_yoast_wpseo_focuskw":"Dybbuk","_yoast_wpseo_title":"Dybbuk - Andinn sem heftist vi\u00f0, andsetning","_yoast_wpseo_metadesc":"Dybbuk, andi sem heftist vi\u00f0 \u00ed hef\u00f0um gy\u00f0ingd\u00f3ms: andsetning \u00ed l\u00far\u00edanskri kabbala. Uppruni, t\u00falkun og tr\u00faarfr\u00e6\u00f0ileg sta\u00f0setning.","_yoast_wpseo_meta-robots-noindex":"","_yoast_wpseo_canonical":"","_angie_page":false,"gefaehrdungsstufe":"3","wesen_kultur":"judentum","wesen_klasse":"geister","footnotes":""},"categories":[],"class_list":["post-168610","page","type-page","status-publish","has-post-thumbnail","hentry"],"yoast_head":"<!-- This site is optimized with the Yoast SEO Premium plugin v27.7 (Yoast SEO v28.3) - https:\/\/yoast.com\/product\/yoast-seo-premium-wordpress\/ -->\n<title>Dybbuk - Andinn sem heftist vi\u00f0, andsetning<\/title>\n<meta name=\"description\" content=\"Dybbuk, andi sem heftist vi\u00f0 \u00ed hef\u00f0um gy\u00f0ingd\u00f3ms: andsetning \u00ed l\u00far\u00edanskri kabbala. Uppruni, t\u00falkun og tr\u00faarfr\u00e6\u00f0ileg sta\u00f0setning.\" \/>\n<meta name=\"robots\" content=\"index, follow, max-snippet:-1, max-image-preview:large, max-video-preview:-1\" \/>\n<link rel=\"canonical\" href=\"https:\/\/iwell-guard.com\/is\/dybbuk\/\" \/>\n<meta property=\"og:locale\" content=\"is_IS\" \/>\n<meta property=\"og:type\" content=\"article\" \/>\n<meta property=\"og:title\" content=\"Dybbuk\" \/>\n<meta property=\"og:description\" content=\"Dybbuk, andi sem heftist vi\u00f0 \u00ed hef\u00f0um gy\u00f0ingd\u00f3ms: andsetning \u00ed l\u00far\u00edanskri kabbala. Uppruni, t\u00falkun og tr\u00faarfr\u00e6\u00f0ileg sta\u00f0setning.\" \/>\n<meta property=\"og:url\" content=\"https:\/\/iwell-guard.com\/is\/dybbuk\/\" \/>\n<meta property=\"og:site_name\" content=\"iWell Guard\" \/>\n<meta property=\"article:modified_time\" content=\"2026-09-05T14:14:52+00:00\" \/>\n<meta property=\"og:image\" content=\"https:\/\/iwell-guard.com\/wp-content\/uploads\/2026\/04\/geister_judentum_dybbuk-1.webp\" \/>\n\t<meta property=\"og:image:width\" content=\"1024\" \/>\n\t<meta property=\"og:image:height\" content=\"1536\" \/>\n\t<meta property=\"og:image:type\" content=\"image\/webp\" \/>\n<meta name=\"twitter:card\" content=\"summary_large_image\" \/>\n<script type=\"application\/ld+json\" class=\"yoast-schema-graph\">{\"@context\":\"https:\\\/\\\/schema.org\",\"@graph\":[{\"@type\":\"WebPage\",\"@id\":\"https:\\\/\\\/iwell-guard.com\\\/is\\\/dybbuk\\\/\",\"url\":\"https:\\\/\\\/iwell-guard.com\\\/is\\\/dybbuk\\\/\",\"name\":\"Dybbuk - Andinn sem heftist vi\u00f0, andsetning\",\"isPartOf\":{\"@id\":\"https:\\\/\\\/iwell-guard.com\\\/is\\\/#website\"},\"primaryImageOfPage\":{\"@id\":\"https:\\\/\\\/iwell-guard.com\\\/is\\\/dybbuk\\\/#primaryimage\"},\"image\":{\"@id\":\"https:\\\/\\\/iwell-guard.com\\\/is\\\/dybbuk\\\/#primaryimage\"},\"thumbnailUrl\":\"https:\\\/\\\/iwell-guard.com\\\/wp-content\\\/uploads\\\/2026\\\/04\\\/geister_judentum_dybbuk-1.webp\",\"datePublished\":\"2026-09-05T14:01:33+00:00\",\"dateModified\":\"2026-09-05T14:14:52+00:00\",\"description\":\"Dybbuk, andi sem heftist vi\u00f0 \u00ed hef\u00f0um gy\u00f0ingd\u00f3ms: andsetning \u00ed l\u00far\u00edanskri kabbala. Uppruni, t\u00falkun og tr\u00faarfr\u00e6\u00f0ileg sta\u00f0setning.\",\"breadcrumb\":{\"@id\":\"https:\\\/\\\/iwell-guard.com\\\/is\\\/dybbuk\\\/#breadcrumb\"},\"inLanguage\":\"is\",\"potentialAction\":[{\"@type\":\"ReadAction\",\"target\":[\"https:\\\/\\\/iwell-guard.com\\\/is\\\/dybbuk\\\/\"]}]},{\"@type\":\"ImageObject\",\"inLanguage\":\"is\",\"@id\":\"https:\\\/\\\/iwell-guard.com\\\/is\\\/dybbuk\\\/#primaryimage\",\"url\":\"https:\\\/\\\/iwell-guard.com\\\/wp-content\\\/uploads\\\/2026\\\/04\\\/geister_judentum_dybbuk-1.webp\",\"contentUrl\":\"https:\\\/\\\/iwell-guard.com\\\/wp-content\\\/uploads\\\/2026\\\/04\\\/geister_judentum_dybbuk-1.webp\",\"width\":1024,\"height\":1536,\"caption\":\"Andar \u00far hef\u00f0 Judaisma.\"},{\"@type\":\"BreadcrumbList\",\"@id\":\"https:\\\/\\\/iwell-guard.com\\\/is\\\/dybbuk\\\/#breadcrumb\",\"itemListElement\":[{\"@type\":\"ListItem\",\"position\":1,\"name\":\"Start\",\"item\":\"https:\\\/\\\/iwell-guard.com\\\/is\\\/?page_id=168580\"},{\"@type\":\"ListItem\",\"position\":2,\"name\":\"Dybbuk\"}]},{\"@type\":\"WebSite\",\"@id\":\"https:\\\/\\\/iwell-guard.com\\\/is\\\/#website\",\"url\":\"https:\\\/\\\/iwell-guard.com\\\/is\\\/\",\"name\":\"iWell Guard\",\"description\":\"Schutz vor dunklen Einfl\u00fcssen\",\"publisher\":{\"@id\":\"https:\\\/\\\/iwell-guard.com\\\/is\\\/#organization\"},\"potentialAction\":[{\"@type\":\"SearchAction\",\"target\":{\"@type\":\"EntryPoint\",\"urlTemplate\":\"https:\\\/\\\/iwell-guard.com\\\/is\\\/?s={search_term_string}\"},\"query-input\":{\"@type\":\"PropertyValueSpecification\",\"valueRequired\":true,\"valueName\":\"search_term_string\"}}],\"inLanguage\":\"is\"},{\"@type\":\"Organization\",\"@id\":\"https:\\\/\\\/iwell-guard.com\\\/is\\\/#organization\",\"name\":\"Ittermann electronic GmbH\",\"url\":\"https:\\\/\\\/iwell-guard.com\\\/is\\\/\",\"logo\":{\"@type\":\"ImageObject\",\"inLanguage\":\"is\",\"@id\":\"https:\\\/\\\/iwell-guard.com\\\/is\\\/#\\\/schema\\\/logo\\\/image\\\/\",\"url\":\"https:\\\/\\\/iwell-guard.com\\\/wp-content\\\/uploads\\\/2026\\\/05\\\/Ittermann-Logo-1182x237-1.png\",\"contentUrl\":\"https:\\\/\\\/iwell-guard.com\\\/wp-content\\\/uploads\\\/2026\\\/05\\\/Ittermann-Logo-1182x237-1.png\",\"width\":1182,\"height\":237,\"caption\":\"Ittermann electronic GmbH\"},\"image\":{\"@id\":\"https:\\\/\\\/iwell-guard.com\\\/is\\\/#\\\/schema\\\/logo\\\/image\\\/\"},\"sameAs\":[\"https:\\\/\\\/pantip.com\\\/profile\\\/9367242\",\"https:\\\/\\\/micro.blog\\\/iwellguard\",\"https:\\\/\\\/www.diggerslist.com\\\/iwellguard\\\/about\",\"https:\\\/\\\/skitterphoto.com\\\/photographers\\\/2870314\\\/iwell-guard\",\"https:\\\/\\\/iwellguard.wordpress.com\\\/2026\\\/06\\\/06\\\/iwell-guard\\\/\",\"https:\\\/\\\/hub.docker.com\\\/u\\\/iwellguard\",\"https:\\\/\\\/www.pinterest.com\\\/iwellguard\\\/\",\"https:\\\/\\\/bit.ly\\\/m\\\/iwellguard\",\"https:\\\/\\\/entre-vos-mains.alsace.eu\\\/profiles\\\/iwellguard\\\/activity\",\"https:\\\/\\\/gravatar.com\\\/reallybeded8fd34\",\"https:\\\/\\\/naijamatta.com\\\/iwellguard\",\"https:\\\/\\\/www.goodreads.com\\\/iwellguard\",\"https:\\\/\\\/profile.hatena.ne.jp\\\/iwellguard\\\/\",\"https:\\\/\\\/experiment.com\\\/users\\\/iwellguard\",\"https:\\\/\\\/wakelet.com\\\/@iWellGuard82270\",\"https:\\\/\\\/www.chordie.com\\\/forum\\\/profile.php?id=2555664\",\"https:\\\/\\\/www.instapaper.com\\\/p\\\/17757966\",\"https:\\\/\\\/www.mapleprimes.com\\\/users\\\/iwellguard\",\"https:\\\/\\\/businesslistingplus.com\\\/profile\\\/iwell-guard\\\/\",\"https:\\\/\\\/telegra.ph\\\/iWell-Guard-06-06\",\"https:\\\/\\\/pbase.com\\\/iwellguard\\\/iwellguard\",\"https:\\\/\\\/b.hatena.ne.jp\\\/iwellguard\\\/20260607#bookmark-4788405196491818882\",\"https:\\\/\\\/fliphtml5.com\\\/home\\\/iwellguard\",\"https:\\\/\\\/anyflip.com\\\/homepage\\\/cmiwl#About\",\"https:\\\/\\\/transfur.com\\\/Users\\\/iwellguard\",\"http:\\\/\\\/delphi.larsbo.org\\\/user\\\/iwellguard\",\"https:\\\/\\\/jobs.lajobsportal.org\\\/profiles\\\/8380803-iwell-guard\",\"https:\\\/\\\/md.chaosdorf.de\\\/s\\\/jfbe5SBdJD\",\"https:\\\/\\\/www.lingvolive.com\\\/en-us\\\/profile\\\/9ecaeaca-ce11-4e51-9e71-01d55e2bff36\\\/translations\",\"https:\\\/\\\/www.fitday.com\\\/fitness\\\/forums\\\/members\\\/iwellguard.html\",\"https:\\\/\\\/www.mymeetbook.com\\\/iwellguard\",\"https:\\\/\\\/pxhere.com\\\/en\\\/photographer-me\\\/5040798\",\"https:\\\/\\\/disqus.com\\\/by\\\/iwellguard\\\/about\\\/\",\"https:\\\/\\\/pastelink.net\\\/hjwciqwq\",\"https:\\\/\\\/pubhtml5.com\\\/homepage\\\/scjhn\\\/\",\"https:\\\/\\\/www.bitchute.com\\\/channel\\\/2O2eOKzNqujT\",\"https:\\\/\\\/audiomack.com\\\/iwellguard\"]},{\"@type\":\"Article\",\"@id\":\"https:\\\/\\\/iwell-guard.com\\\/is\\\/dybbuk\\\/#article\",\"isPartOf\":{\"@id\":\"https:\\\/\\\/iwell-guard.com\\\/is\\\/dybbuk\\\/\"},\"author\":{\"name\":\"Ralf Ittermann\",\"@id\":\"https:\\\/\\\/iwell-guard.com\\\/is\\\/#\\\/schema\\\/person\\\/ee2a27f1cac3406c7c6fb5820cb7349f\"},\"headline\":\"Dybbuk\",\"datePublished\":\"2026-09-05T14:01:33+00:00\",\"dateModified\":\"2026-09-05T14:14:52+00:00\",\"mainEntityOfPage\":{\"@id\":\"https:\\\/\\\/iwell-guard.com\\\/is\\\/dybbuk\\\/\"},\"publisher\":{\"@id\":\"https:\\\/\\\/iwell-guard.com\\\/is\\\/#organization\"},\"image\":{\"@id\":\"https:\\\/\\\/iwell-guard.com\\\/is\\\/dybbuk\\\/#primaryimage\"},\"thumbnailUrl\":\"https:\\\/\\\/iwell-guard.com\\\/wp-content\\\/uploads\\\/2026\\\/04\\\/geister_judentum_dybbuk-1.webp\",\"inLanguage\":\"is\",\"description\":\"Dybbuk, andi sem heftist vi\u00f0 \u00ed hef\u00f0um gy\u00f0ingd\u00f3ms: andsetning \u00ed l\u00far\u00edanskri kabbala. Uppruni, t\u00falkun og tr\u00faarfr\u00e6\u00f0ileg sta\u00f0setning.\"}]}<\/script>\n<!-- \/ Yoast SEO Premium plugin. -->","yoast_head_json":{"title":"Dybbuk - Andinn sem heftist vi\u00f0, andsetning","description":"Dybbuk, andi sem heftist vi\u00f0 \u00ed hef\u00f0um gy\u00f0ingd\u00f3ms: andsetning \u00ed l\u00far\u00edanskri kabbala. Uppruni, t\u00falkun og tr\u00faarfr\u00e6\u00f0ileg sta\u00f0setning.","robots":{"index":"index","follow":"follow","max-snippet":"max-snippet:-1","max-image-preview":"max-image-preview:large","max-video-preview":"max-video-preview:-1"},"canonical":"https:\/\/iwell-guard.com\/is\/dybbuk\/","og_locale":"is_IS","og_type":"article","og_title":"Dybbuk","og_description":"Dybbuk, andi sem heftist vi\u00f0 \u00ed hef\u00f0um gy\u00f0ingd\u00f3ms: andsetning \u00ed l\u00far\u00edanskri kabbala. Uppruni, t\u00falkun og tr\u00faarfr\u00e6\u00f0ileg sta\u00f0setning.","og_url":"https:\/\/iwell-guard.com\/is\/dybbuk\/","og_site_name":"iWell Guard","article_modified_time":"2026-09-05T14:14:52+00:00","og_image":[{"width":1024,"height":1536,"url":"https:\/\/iwell-guard.com\/wp-content\/uploads\/2026\/04\/geister_judentum_dybbuk-1.webp","type":"image\/webp"}],"twitter_card":"summary_large_image","schema":{"@context":"https:\/\/schema.org","@graph":[{"@type":"Article","@id":"https:\/\/iwell-guard.com\/is\/dybbuk\/#article","isPartOf":{"@id":"https:\/\/iwell-guard.com\/is\/dybbuk\/"},"author":{"name":"Ralf Ittermann","@id":"https:\/\/iwell-guard.com\/is\/#\/schema\/person\/ee2a27f1cac3406c7c6fb5820cb7349f"},"headline":"Dybbuk","datePublished":"2026-09-05T14:01:33+00:00","dateModified":"2026-09-05T14:14:52+00:00","mainEntityOfPage":{"@id":"https:\/\/iwell-guard.com\/is\/dybbuk\/"},"publisher":{"@id":"https:\/\/iwell-guard.com\/is\/#organization"},"image":{"@id":"https:\/\/iwell-guard.com\/is\/dybbuk\/#primaryimage"},"thumbnailUrl":"https:\/\/iwell-guard.com\/wp-content\/uploads\/2026\/04\/geister_judentum_dybbuk-1.webp","inLanguage":"is","description":"Dybbuk, andi sem heftist vi\u00f0 \u00ed hef\u00f0um gy\u00f0ingd\u00f3ms: andsetning \u00ed l\u00far\u00edanskri kabbala. Uppruni, t\u00falkun og tr\u00faarfr\u00e6\u00f0ileg sta\u00f0setning."},{"@type":"WebPage","@id":"https:\/\/iwell-guard.com\/is\/dybbuk\/","url":"https:\/\/iwell-guard.com\/is\/dybbuk\/","name":"Dybbuk - Andinn sem heftist vi\u00f0, andsetning","isPartOf":{"@id":"https:\/\/iwell-guard.com\/is\/#website"},"primaryImageOfPage":{"@id":"https:\/\/iwell-guard.com\/is\/dybbuk\/#primaryimage"},"image":{"@id":"https:\/\/iwell-guard.com\/is\/dybbuk\/#primaryimage"},"thumbnailUrl":"https:\/\/iwell-guard.com\/wp-content\/uploads\/2026\/04\/geister_judentum_dybbuk-1.webp","datePublished":"2026-09-05T14:01:33+00:00","dateModified":"2026-09-05T14:14:52+00:00","description":"Dybbuk, andi sem heftist vi\u00f0 \u00ed hef\u00f0um gy\u00f0ingd\u00f3ms: andsetning \u00ed l\u00far\u00edanskri kabbala. Uppruni, t\u00falkun og tr\u00faarfr\u00e6\u00f0ileg sta\u00f0setning.","breadcrumb":{"@id":"https:\/\/iwell-guard.com\/is\/dybbuk\/#breadcrumb"},"inLanguage":"is","potentialAction":[{"@type":"ReadAction","target":["https:\/\/iwell-guard.com\/is\/dybbuk\/"]}]},{"@type":"ImageObject","inLanguage":"is","@id":"https:\/\/iwell-guard.com\/is\/dybbuk\/#primaryimage","url":"https:\/\/iwell-guard.com\/wp-content\/uploads\/2026\/04\/geister_judentum_dybbuk-1.webp","contentUrl":"https:\/\/iwell-guard.com\/wp-content\/uploads\/2026\/04\/geister_judentum_dybbuk-1.webp","width":1024,"height":1536,"caption":"Andar \u00far hef\u00f0 Judaisma."},{"@type":"BreadcrumbList","@id":"https:\/\/iwell-guard.com\/is\/dybbuk\/#breadcrumb","itemListElement":[{"@type":"ListItem","position":1,"name":"Start","item":"https:\/\/iwell-guard.com\/is\/?page_id=168580"},{"@type":"ListItem","position":2,"name":"Dybbuk"}]},{"@type":"WebSite","@id":"https:\/\/iwell-guard.com\/is\/#website","url":"https:\/\/iwell-guard.com\/is\/","name":"iWell Guard","description":"Schutz vor dunklen Einfl\u00fcssen","publisher":{"@id":"https:\/\/iwell-guard.com\/is\/#organization"},"potentialAction":[{"@type":"SearchAction","target":{"@type":"EntryPoint","urlTemplate":"https:\/\/iwell-guard.com\/is\/?s={search_term_string}"},"query-input":{"@type":"PropertyValueSpecification","valueRequired":true,"valueName":"search_term_string"}}],"inLanguage":"is"},{"@type":"Organization","@id":"https:\/\/iwell-guard.com\/is\/#organization","name":"Ittermann electronic GmbH","url":"https:\/\/iwell-guard.com\/is\/","logo":{"@type":"ImageObject","inLanguage":"is","@id":"https:\/\/iwell-guard.com\/is\/#\/schema\/logo\/image\/","url":"https:\/\/iwell-guard.com\/wp-content\/uploads\/2026\/05\/Ittermann-Logo-1182x237-1.png","contentUrl":"https:\/\/iwell-guard.com\/wp-content\/uploads\/2026\/05\/Ittermann-Logo-1182x237-1.png","width":1182,"height":237,"caption":"Ittermann electronic GmbH"},"image":{"@id":"https:\/\/iwell-guard.com\/is\/#\/schema\/logo\/image\/"},"sameAs":["https:\/\/pantip.com\/profile\/9367242","https:\/\/micro.blog\/iwellguard","https:\/\/www.diggerslist.com\/iwellguard\/about","https:\/\/skitterphoto.com\/photographers\/2870314\/iwell-guard","https:\/\/iwellguard.wordpress.com\/2026\/06\/06\/iwell-guard\/","https:\/\/hub.docker.com\/u\/iwellguard","https:\/\/www.pinterest.com\/iwellguard\/","https:\/\/bit.ly\/m\/iwellguard","https:\/\/entre-vos-mains.alsace.eu\/profiles\/iwellguard\/activity","https:\/\/gravatar.com\/reallybeded8fd34","https:\/\/naijamatta.com\/iwellguard","https:\/\/www.goodreads.com\/iwellguard","https:\/\/profile.hatena.ne.jp\/iwellguard\/","https:\/\/experiment.com\/users\/iwellguard","https:\/\/wakelet.com\/@iWellGuard82270","https:\/\/www.chordie.com\/forum\/profile.php?id=2555664","https:\/\/www.instapaper.com\/p\/17757966","https:\/\/www.mapleprimes.com\/users\/iwellguard","https:\/\/businesslistingplus.com\/profile\/iwell-guard\/","https:\/\/telegra.ph\/iWell-Guard-06-06","https:\/\/pbase.com\/iwellguard\/iwellguard","https:\/\/b.hatena.ne.jp\/iwellguard\/20260607#bookmark-4788405196491818882","https:\/\/fliphtml5.com\/home\/iwellguard","https:\/\/anyflip.com\/homepage\/cmiwl#About","https:\/\/transfur.com\/Users\/iwellguard","http:\/\/delphi.larsbo.org\/user\/iwellguard","https:\/\/jobs.lajobsportal.org\/profiles\/8380803-iwell-guard","https:\/\/md.chaosdorf.de\/s\/jfbe5SBdJD","https:\/\/www.lingvolive.com\/en-us\/profile\/9ecaeaca-ce11-4e51-9e71-01d55e2bff36\/translations","https:\/\/www.fitday.com\/fitness\/forums\/members\/iwellguard.html","https:\/\/www.mymeetbook.com\/iwellguard","https:\/\/pxhere.com\/en\/photographer-me\/5040798","https:\/\/disqus.com\/by\/iwellguard\/about\/","https:\/\/pastelink.net\/hjwciqwq","https:\/\/pubhtml5.com\/homepage\/scjhn\/","https:\/\/www.bitchute.com\/channel\/2O2eOKzNqujT","https:\/\/audiomack.com\/iwellguard"]},{"@type":"Person","@id":"https:\/\/iwell-guard.com\/is\/#\/schema\/person\/ee2a27f1cac3406c7c6fb5820cb7349f","name":"Ralf Ittermann","image":{"@type":"ImageObject","inLanguage":"is","@id":"https:\/\/secure.gravatar.com\/avatar\/073c0153e350a5005b68eb752b445fea71f6b24a26da9449ad7e155e6b446c9d?s=96&d=mm&r=g","url":"https:\/\/secure.gravatar.com\/avatar\/073c0153e350a5005b68eb752b445fea71f6b24a26da9449ad7e155e6b446c9d?s=96&d=mm&r=g","contentUrl":"https:\/\/secure.gravatar.com\/avatar\/073c0153e350a5005b68eb752b445fea71f6b24a26da9449ad7e155e6b446c9d?s=96&d=mm&r=g","caption":"Ralf Ittermann"},"givenName":"Ralf","familyName":"Ittermann","jobTitle":"Gesch\u00e4ftsf\u00fchrer und redaktioneller Verantwortlicher","url":"https:\/\/iwell-guard.com\/is\/author\/claude\/","description":"Ralf Ittermann ist Gesch\u00e4ftsf\u00fchrer der Ittermann electronic GmbH und redaktioneller Verantwortlicher des iWell-Guard-Lexikons. Er verbindet langj\u00e4hrige Erfahrung in der Pr\u00e4zisionsfertigung mit medialer Praxis und religionsgeschichtlicher Quellenarbeit.","worksFor":{"@type":"Organization","name":"Ittermann electronic GmbH","url":"https:\/\/ittermann.de\/","address":{"@type":"PostalAddress","streetAddress":"K\u00f6hlergasse 16-18","postalCode":"99842","addressLocality":"Ruhla","addressCountry":"DE"}},"knowsAbout":["Religionsgeschichte","Mythologie","Mediale Praxis","Energetische Diagnostik","Schutzpraxis","Volksglauben","Westliche Esoterik"]},{"@type":"Article","@id":"https:\/\/iwell-guard.com\/is\/dybbuk\/#article","isPartOf":{"@id":"https:\/\/iwell-guard.com\/is\/dybbuk\/"},"author":{"name":"Ralf Ittermann","@id":"https:\/\/iwell-guard.com\/is\/#\/schema\/person\/ee2a27f1cac3406c7c6fb5820cb7349f"},"headline":"Dybbuk","datePublished":"2026-09-05T14:01:33+00:00","dateModified":"2026-09-05T14:14:52+00:00","mainEntityOfPage":{"@id":"https:\/\/iwell-guard.com\/is\/dybbuk\/"},"publisher":{"@id":"https:\/\/iwell-guard.com\/is\/#organization"},"image":{"@id":"https:\/\/iwell-guard.com\/is\/dybbuk\/#primaryimage"},"thumbnailUrl":"https:\/\/iwell-guard.com\/wp-content\/uploads\/2026\/04\/geister_judentum_dybbuk-1.webp","inLanguage":"is","description":"Dybbuk, andi sem heftist vi\u00f0 \u00ed hef\u00f0um gy\u00f0ingd\u00f3ms: andsetning \u00ed l\u00far\u00edanskri kabbala. Uppruni, t\u00falkun og tr\u00faarfr\u00e6\u00f0ileg sta\u00f0setning."}]}},"_links":{"self":[{"href":"https:\/\/iwell-guard.com\/is\/wp-json\/wp\/v2\/pages\/168610","targetHints":{"allow":["GET"]}}],"collection":[{"href":"https:\/\/iwell-guard.com\/is\/wp-json\/wp\/v2\/pages"}],"about":[{"href":"https:\/\/iwell-guard.com\/is\/wp-json\/wp\/v2\/types\/page"}],"author":[{"embeddable":true,"href":"https:\/\/iwell-guard.com\/is\/wp-json\/wp\/v2\/users\/3"}],"replies":[{"embeddable":true,"href":"https:\/\/iwell-guard.com\/is\/wp-json\/wp\/v2\/comments?post=168610"}],"version-history":[{"count":0,"href":"https:\/\/iwell-guard.com\/is\/wp-json\/wp\/v2\/pages\/168610\/revisions"}],"wp:featuredmedia":[{"embeddable":true,"href":"https:\/\/iwell-guard.com\/is\/wp-json\/wp\/v2\/media\/1670"}],"wp:attachment":[{"href":"https:\/\/iwell-guard.com\/is\/wp-json\/wp\/v2\/media?parent=168610"}],"wp:term":[{"taxonomy":"category","embeddable":true,"href":"https:\/\/iwell-guard.com\/is\/wp-json\/wp\/v2\/categories?post=168610"}],"curies":[{"name":"wp","href":"https:\/\/api.w.org\/{rel}","templated":true}]}}