{"id":168609,"date":"2026-09-05T14:01:33","date_gmt":"2026-09-05T14:01:33","guid":{"rendered":"https:\/\/iwell-guard.com\/?page_id=168609"},"modified":"2026-09-05T14:14:51","modified_gmt":"2026-09-05T14:14:51","slug":"asmodai","status":"publish","type":"page","link":"https:\/\/iwell-guard.com\/is\/asmodai\/","title":{"rendered":"Asmodai"},"content":{"rendered":"\t\t<div data-elementor-type=\"wp-page\" data-elementor-id=\"168609\" class=\"elementor elementor-168609 elementor-851\" data-elementor-post-type=\"page\">\n\t\t\t\t<div class=\"elementor-element elementor-element-10fdade e-flex e-con-boxed e-con e-parent\" data-id=\"10fdade\" data-element_type=\"container\" data-e-type=\"container\" data-settings=\"{&quot;background_background&quot;:&quot;classic&quot;}\">\n\t\t\t\t\t<div class=\"e-con-inner\">\n\t\t<div class=\"elementor-element elementor-element-herohlft0 e-flex e-con-boxed e-con e-child\" data-id=\"herohlft0\" data-element_type=\"container\" data-e-type=\"container\">\n\t\t\t\t\t<div class=\"e-con-inner\">\n\t\t<div class=\"elementor-element elementor-element-c3ceb64 e-con-full e-flex e-con e-child\" data-id=\"c3ceb64\" data-element_type=\"container\" data-e-type=\"container\">\n\t\t\t\t<div class=\"elementor-element elementor-element-96ae5e1 elementor-widget elementor-widget-heading\" data-id=\"96ae5e1\" data-element_type=\"widget\" data-e-type=\"widget\" data-widget_type=\"heading.default\">\n\t\t\t\t\t<h1 class=\"elementor-heading-title elementor-size-default\">Asmodai, dj\u00f6full \u00far gy\u00f0inglegri hef\u00f0<\/h1>\t\t\t\t<\/div>\n\t\t\t\t<div class=\"elementor-element elementor-element-e45238a elementor-widget elementor-widget-text-editor\" data-id=\"e45238a\" data-element_type=\"widget\" data-e-type=\"widget\" data-widget_type=\"text-editor.default\">\n\t\t\t\t\t\t\t\t\t\nAsmodai (enska: Asmodai demon, hebreska: Aschmedai) er <span class=\"iwg-fachbegriff\" data-tooltip=\"Andlegt vera sem eignu\u00f0 er ska\u00f0leg e\u00f0a tv\u00edr\u00e6\u00f0 \u00e1hrif.\" tabindex=\"0\">dj\u00f6full<\/span> \u00far gy\u00f0inglegri hef\u00f0.\nKonungur dj\u00f6flanna, valdhafi milli Tob\u00edts, <span class=\"iwg-fachbegriff\" data-tooltip=\"H\u00f6fu\u00f0rit rabb\u00ednskrar gy\u00f0ingd\u00f3ms me\u00f0 \u00fatlegging \u00e1 tr\u00faarlegri arfleif\u00f0.\" tabindex=\"0\">Talm\u00fa\u00f0s<\/span> og galdrab\u00f3ka.\t\t\t\t\t\t\t\t<\/div>\n\t\t\t\t<\/div>\n\t\t<div class=\"elementor-element elementor-element-klsbdg01 e-con-full e-flex e-con e-parent\" data-id=\"klsbdg01\" data-element_type=\"container\" data-e-type=\"container\">\n\t\t\t\t<div class=\"elementor-element elementor-element-klshtm01 elementor-widget elementor-widget-html\" data-id=\"klshtm01\" data-element_type=\"widget\" data-e-type=\"widget\" data-widget_type=\"html.default\">\n\t\t\t\t\t<div class=\"iwg-pill-row\"><span class=\"iwg-klasse-badge\" tabindex=\"0\" data-tooltip=\"Dj\u00f6full \/ dj\u00f6fulynja: Yfirn\u00e1tt\u00faruleg vera me\u00f0 a\u00f0 mestu ska\u00f0leg e\u00f0a tv\u00edbent \u00e1hrif. Stendur milli gu\u00f0a og manna, veldur sj\u00fakd\u00f3mum, t\u00e6lingu e\u00f0a \u00f3l\u00e1ni og er hrakin \u00e1 brott me\u00f0 \u00e1kalli, verndargripum og ath\u00f6fnum.\">Dj\u00f6full<\/span><a href=\"https:\/\/iwell-guard.com\/is\/?page_id=168596\" class=\"iwg-kultur-badge\" tabindex=\"0\" data-tooltip=\"Tr\u00faarhef\u00f0 Judaismans fr\u00e1 Tanakh til Kabbalah og n\u00fdaldarleyndarfr\u00e6\u00f0i.\">Judaismi<\/a><\/div>\t\t\t\t<\/div>\n\t\t\t\t<\/div>\n\t\t<div class=\"elementor-element elementor-element-3f74855 e-con-full e-flex e-con e-child\" data-id=\"3f74855\" data-element_type=\"container\" data-e-type=\"container\">\n\t\t\t\t<div class=\"elementor-element elementor-element-1c30362 elementor-toc--minimized-on-tablet elementor-widget elementor-widget-table-of-contents\" data-id=\"1c30362\" data-element_type=\"widget\" data-e-type=\"widget\" data-settings=\"{&quot;exclude_headings_by_selector&quot;:[],&quot;no_headings_message&quot;:&quot;Engar undirfyrirsagnir fundust \\u00e1 \\u00feessari s\\u00ed\\u00f0u.&quot;,&quot;headings_by_tags&quot;:[&quot;h2&quot;,&quot;h3&quot;],&quot;marker_view&quot;:&quot;bullets&quot;,&quot;icon&quot;:{&quot;value&quot;:&quot;fas fa-circle&quot;,&quot;library&quot;:&quot;fa-solid&quot;,&quot;rendered_tag&quot;:&quot;&lt;svg class=\\&quot;e-font-icon-svg e-fas-circle\\&quot; viewBox=\\&quot;0 0 512 512\\&quot; xmlns=\\&quot;http:\\\/\\\/www.w3.org\\\/2000\\\/svg\\&quot;&gt;&lt;path d=\\&quot;M256 8C119 8 8 119 8 256s111 248 248 248 248-111 248-248S393 8 256 8z\\&quot;&gt;&lt;\\\/path&gt;&lt;\\\/svg&gt;&quot;},&quot;minimize_box&quot;:&quot;yes&quot;,&quot;minimized_on&quot;:&quot;tablet&quot;,&quot;hierarchical_view&quot;:&quot;yes&quot;,&quot;min_height&quot;:{&quot;unit&quot;:&quot;px&quot;,&quot;size&quot;:&quot;&quot;,&quot;sizes&quot;:[]},&quot;min_height_tablet&quot;:{&quot;unit&quot;:&quot;px&quot;,&quot;size&quot;:&quot;&quot;,&quot;sizes&quot;:[]},&quot;min_height_mobile&quot;:{&quot;unit&quot;:&quot;px&quot;,&quot;size&quot;:&quot;&quot;,&quot;sizes&quot;:[]}}\" data-widget_type=\"table-of-contents.default\">\n\t\t\t\t\t\t\t\t\t<div class=\"elementor-toc__header\">\n\t\t\t\t\t\t<h2 class=\"elementor-toc__header-title\">\n\t\t\t\tEfnisyfirlit\t\t\t<\/h2>\n\t\t\t\t\t\t\t\t\t\t<div class=\"elementor-toc__toggle-button elementor-toc__toggle-button--expand\" role=\"button\" tabindex=\"0\" aria-controls=\"elementor-toc__1c30362\" aria-expanded=\"true\" aria-label=\"Open table of contents\"><svg aria-hidden=\"true\" class=\"e-font-icon-svg e-fas-chevron-down\" viewBox=\"0 0 448 512\" xmlns=\"http:\/\/www.w3.org\/2000\/svg\"><path d=\"M207.029 381.476L12.686 187.132c-9.373-9.373-9.373-24.569 0-33.941l22.667-22.667c9.357-9.357 24.522-9.375 33.901-.04L224 284.505l154.745-154.021c9.379-9.335 24.544-9.317 33.901.04l22.667 22.667c9.373 9.373 9.373 24.569 0 33.941L240.971 381.476c-9.373 9.372-24.569 9.372-33.942 0z\"><\/path><\/svg><\/div>\n\t\t\t\t<div class=\"elementor-toc__toggle-button elementor-toc__toggle-button--collapse\" role=\"button\" tabindex=\"0\" aria-controls=\"elementor-toc__1c30362\" aria-expanded=\"true\" aria-label=\"Close table of contents\"><svg aria-hidden=\"true\" class=\"e-font-icon-svg e-fas-chevron-up\" viewBox=\"0 0 448 512\" xmlns=\"http:\/\/www.w3.org\/2000\/svg\"><path d=\"M240.971 130.524l194.343 194.343c9.373 9.373 9.373 24.569 0 33.941l-22.667 22.667c-9.357 9.357-24.522 9.375-33.901.04L224 227.495 69.255 381.516c-9.379 9.335-24.544 9.317-33.901-.04l-22.667-22.667c-9.373-9.373-9.373-24.569 0-33.941L207.03 130.525c9.372-9.373 24.568-9.373 33.941-.001z\"><\/path><\/svg><\/div>\n\t\t\t\t\t<\/div>\n\t\t\t\t<div id=\"elementor-toc__1c30362\" class=\"elementor-toc__body\">\n\t\t\t<div class=\"elementor-toc__spinner-container\">\n\t\t\t\t<svg class=\"elementor-toc__spinner eicon-animation-spin e-font-icon-svg e-eicon-loading\" aria-hidden=\"true\" viewBox=\"0 0 1000 1000\" xmlns=\"http:\/\/www.w3.org\/2000\/svg\"><path d=\"M500 975V858C696 858 858 696 858 500S696 142 500 142 142 304 142 500H25C25 237 238 25 500 25S975 237 975 500 763 975 500 975Z\"><\/path><\/svg>\t\t\t<\/div>\n\t\t<\/div>\n\t\t\t\t\t\t<\/div>\n\t\t\t\t<\/div>\n\t\t\t\t\t<\/div>\n\t\t\t\t<\/div>\n\t\t<div class=\"elementor-element elementor-element-herorght0 e-con-full e-flex e-con e-child\" data-id=\"herorght0\" data-element_type=\"container\" data-e-type=\"container\">\n\t\t\t\t<div class=\"elementor-element elementor-element-heroimg00 iwg-hero-image elementor-widget elementor-widget-image\" data-id=\"heroimg00\" data-element_type=\"widget\" data-e-type=\"widget\" data-widget_type=\"image.default\">\n\t\t\t\t\t\t\t\t\t\t\t\t\t\t\t<img fetchpriority=\"high\" decoding=\"async\" width=\"683\" height=\"1024\" src=\"https:\/\/iwell-guard.com\/wp-content\/uploads\/2026\/04\/daemonen_judentum_asmodai-683x1024.webp\" class=\"attachment-large size-large wp-image-171033\" alt=\"Asmodai - Dj\u00f6flar \u00far hef\u00f0 Gy\u00f0ingd\u00f3ms, s\u00f6guleg og myndskreytandi\" srcset=\"https:\/\/iwell-guard.com\/wp-content\/uploads\/2026\/04\/daemonen_judentum_asmodai-683x1024.webp 683w, https:\/\/iwell-guard.com\/wp-content\/uploads\/2026\/04\/daemonen_judentum_asmodai-200x300.webp 200w, https:\/\/iwell-guard.com\/wp-content\/uploads\/2026\/04\/daemonen_judentum_asmodai-768x1152.webp 768w, https:\/\/iwell-guard.com\/wp-content\/uploads\/2026\/04\/daemonen_judentum_asmodai.webp 1024w\" sizes=\"(max-width: 683px) 100vw, 683px\" \/>\t\t\t\t\t\t\t\t\t\t\t\t\t\t\t<\/div>\n\t\t\t\t<\/div>\n\t\t\t\t\t<\/div>\n\t\t\t\t<\/div>\n\t\t<div class=\"elementor-element elementor-element-32917199 e-flex e-con-boxed e-con e-parent\" data-id=\"32917199\" data-element_type=\"container\" data-e-type=\"container\">\n\t\t\t\t\t<div class=\"e-con-inner\">\n\t\t<div class=\"elementor-element elementor-element-26e916cb e-flex e-con-boxed e-con e-child\" data-id=\"26e916cb\" data-element_type=\"container\" data-e-type=\"container\">\n\t\t\t\t\t<div class=\"e-con-inner\">\n\t\t<div class=\"elementor-element elementor-element-253a40d4 e-flex e-con-boxed e-con e-child\" data-id=\"253a40d4\" data-element_type=\"container\" data-e-type=\"container\">\n\t\t\t\t\t<div class=\"e-con-inner\">\n\t\t\t\t<div class=\"elementor-element elementor-element-1200c304 elementor-widget elementor-widget-heading\" data-id=\"1200c304\" data-element_type=\"widget\" data-e-type=\"widget\" data-widget_type=\"heading.default\">\n\t\t\t\t\t<div class=\"elementor-heading-title elementor-size-default\">Asmodai<\/div>\t\t\t\t<\/div>\n\t\t\t\t<div class=\"elementor-element elementor-element-11758e7f elementor-widget elementor-widget-text-editor\" data-id=\"11758e7f\" data-element_type=\"widget\" data-e-type=\"widget\" data-widget_type=\"text-editor.default\">\n\t\t\t\t\t\t\t\t\t<p>Asmodai (gr.-lat. Asmodeus) er mikilv\u00e6gasta karlkyns dj\u00f6flaf\u00edg\u00fara hef\u00f0ar gy\u00f0ingd\u00f3ms eftir bibl\u00edut\u00edmann. Hann kemur fyrst fyrir \u00ed T\u00f3b\u00edtarb\u00f3k (3. \u00f6ld f.Kr.) sem \u00f3vinur \u00e1starinnar, s\u00e1 sem drepur sj\u00f6 br\u00fa\u00f0guma S\u00f6ru, \u00fear til <span class=\"iwg-fachbegriff\" data-tooltip=\"\u00cd abraham\u00edsku tr\u00faarbr\u00f6g\u00f0unum himneskur bo\u00f0beri Gu\u00f0s.\" tabindex=\"0\">engillinn<\/span> Rafael hrekur hann \u00e1 brott.<\/p><p>\u00cd <span class=\"iwg-fachbegriff\" data-tooltip=\"H\u00f6fu\u00f0rit rabb\u00ednsks gy\u00f0ingd\u00f3ms me\u00f0 \u00fatlistun \u00e1 tr\u00faarlegri hef\u00f0.\" tabindex=\"0\">Talm\u00fad<\/span> kemur hann fram sem sl\u00e6gur h\u00f6f\u00f0ingi dj\u00f6flanna sem tekur s\u00e9r meira a\u00f0 segja s\u00e6ti \u00ed h\u00e1s\u00e6ti Sal\u00f3mons. \u00cd mi\u00f0aldakabbala og kristnum galdrab\u00f3kmenntum (gr\u00edm\u00f3r\u00edum) ver\u00f0ur hann ein af \u00feekktustu einst\u00f6kum f\u00edg\u00farum vestr\u00e6nnar dj\u00f6flafr\u00e6\u00f0i.<\/p><p>Uppruni hans v\u00edsar til hins z\u00f3r\u00f3astr\u00edska <em>A\u0113\u0161ma da\u0113va<\/em>, \u201eda\u00e9va rei\u00f0innar&#8220; \u00ed persneskri tr\u00fa. \u00c1 t\u00edmum hellen\u00edsks gy\u00f0ingd\u00f3ms flyst \u00feessi vera inn \u00ed gy\u00f0ingd\u00f3minn og rennur saman vi\u00f0 innlendar hef\u00f0ir \u00ed \u00fe\u00e1 f\u00edg\u00faru sem vi\u00f0 \u00feekkjum \u00ed dag: konungur, sl\u00e6g\u00f0armeistari, b\u00e6\u00f0i rei\u00f0i- og losta-<span class=\"iwg-fachbegriff\" data-tooltip=\"Andleg vera sem eignu\u00f0 er ska\u00f0leg e\u00f0a tv\u00edbent \u00e1hrif.\" tabindex=\"0\">dj\u00f6full<\/span>.<\/p>\t\t\t\t\t\t\t\t<\/div>\n\t\t\t\t\t<\/div>\n\t\t\t\t<\/div>\n\t\t<div class=\"elementor-element elementor-element-159dcf9a e-flex e-con-boxed e-con e-child\" data-id=\"159dcf9a\" data-element_type=\"container\" data-e-type=\"container\">\n\t\t\t\t\t<div class=\"e-con-inner\">\n\t\t\t\t<div class=\"elementor-element elementor-element-48cee66f elementor-widget elementor-widget-heading\" data-id=\"48cee66f\" data-element_type=\"widget\" data-e-type=\"widget\" data-widget_type=\"heading.default\">\n\t\t\t\t\t<h2 class=\"elementor-heading-title elementor-size-default\">\u00cd hnotskurn: Asmodai<\/h2>\t\t\t\t<\/div>\n\t\t\t\t<div class=\"elementor-element elementor-element-3f50d82c elementor-widget elementor-widget-text-editor\" data-id=\"3f50d82c\" data-element_type=\"widget\" data-e-type=\"widget\" data-widget_type=\"text-editor.default\">\n\t\t\t\t\t\t\t\t\t<p><strong>Tegund:<\/strong> Valdhafa<span class=\"iwg-fachbegriff\" data-tooltip=\"Andlegt vera sem eignu\u00f0 er ska\u00f0leg e\u00f0a tv\u00edr\u00e6\u00f0 \u00e1hrif.\" tabindex=\"0\">dj\u00f6full<\/span>, dj\u00f6flakonungur<br>Uppruni: Z\u00f3r\u00f3astr\u00edskt A\u0113\u0161ma da\u0113va, teki\u00f0 upp \u00ed gy\u00f0inglega hef\u00f0<br>Textar: Tob\u00edt, Testament Sal\u00f3mons, <span class=\"iwg-fachbegriff\" data-tooltip=\"H\u00f6fu\u00f0rit rabb\u00ednskrar gy\u00f0ingd\u00f3ms me\u00f0 \u00fatlegging \u00e1 tr\u00faarlegri arfleif\u00f0.\" tabindex=\"0\">Talm\u00fa\u00f0<\/span> (Gittin 68), Z\u00f3har, galdrab\u00e6kur<br>T\u00edmabil: Hellen\u00edskur t\u00edmi til n\u00fat\u00ed\u00f0ar<br>\u00datbrei\u00f0sla: Gy\u00f0inglegt dreifb\u00fdli, kristin vi\u00f0taka um alla Evr\u00f3pu<br>V\u00f6rn: <span class=\"iwg-fachbegriff\" data-tooltip=\"\u00cd tr\u00faarbr\u00f6g\u00f0um Abrahams himneskt sendibo\u00f0avera Gu\u00f0s.\" tabindex=\"0\">Engillinn<\/span> Rafael (\u00ed Tob\u00edt-l\u00edkani), nafnagaldur, kabbal\u00edsk binding<\/p>\t\t\t\t\t\t\t\t<\/div>\n\t\t\t\t\t<\/div>\n\t\t\t\t<\/div>\n\t\t\t\t\t<\/div>\n\t\t\t\t<\/div>\n\t\t\t\t\t<\/div>\n\t\t\t\t<\/div>\n\t\t<div class=\"elementor-element elementor-element-18613602 e-flex e-con-boxed e-con e-parent\" data-id=\"18613602\" data-element_type=\"container\" data-e-type=\"container\">\n\t\t\t\t\t<div class=\"e-con-inner\">\n\t\t\t\t<div class=\"elementor-element elementor-element-262b8a9f elementor-widget elementor-widget-heading\" data-id=\"262b8a9f\" data-element_type=\"widget\" data-e-type=\"widget\" data-widget_type=\"heading.default\">\n\t\t\t\t\t<h2 class=\"elementor-heading-title elementor-size-default\">S\u00f6guleg sta\u00f0setning<\/h2>\t\t\t\t<\/div>\n\t\t<div class=\"elementor-element elementor-element-46dcb7d e-con-full e-flex e-con e-child\" data-id=\"46dcb7d\" data-element_type=\"container\" data-e-type=\"container\">\n\t\t<div class=\"elementor-element elementor-element-61d3ab3 e-flex e-con-boxed e-con e-child\" data-id=\"61d3ab3\" data-element_type=\"container\" data-e-type=\"container\">\n\t\t\t\t\t<div class=\"e-con-inner\">\n\t\t\t\t<div class=\"elementor-element elementor-element-117c166 elementor-widget elementor-widget-heading\" data-id=\"117c166\" data-element_type=\"widget\" data-e-type=\"widget\" data-widget_type=\"heading.default\">\n\t\t\t\t\t<div class=\"elementor-heading-title elementor-size-default\">T\u00edmabil textanna<\/div>\t\t\t\t<\/div>\n\t\t\t\t<div class=\"elementor-element elementor-element-73997a0 elementor-widget elementor-widget-text-editor\" data-id=\"73997a0\" data-element_type=\"widget\" data-e-type=\"widget\" data-widget_type=\"text-editor.default\">\n\t\t\t\t\t\t\t\t\t<p>Fyrstu heimildir \u00ed hellen\u00edsk-gy\u00f0inglegri Tob\u00edtsb\u00f3k (3. \u00f6ld f.Kr.). N\u00e1nari \u00farvinnsla \u00ed s\u00ed\u00f0fornri kristinni Testamenti Sal\u00f3mons og \u00ed bab\u00fdlonska <span class=\"iwg-fachbegriff\" data-tooltip=\"H\u00f6fu\u00f0rit rabb\u00ednskrar gy\u00f0ingd\u00f3ms me\u00f0 \u00fatlegging \u00e1 tr\u00faarlegri arfleif\u00f0.\" tabindex=\"0\">Talm\u00fa\u00f0num<\/span>. \u00c1berandi \u00e1 mi\u00f0\u00f6ldum \u00ed Z\u00f3har, kristnum galdrab\u00f3kum, endurreisnar<span class=\"iwg-fachbegriff\" data-tooltip=\"Athafnir sem reyna me\u00f0 s\u00e9rst\u00f6kum gj\u00f6r\u00f0um e\u00f0a form\u00falum a\u00f0 hafa \u00e1hrif \u00e1 gang atbur\u00f0a.\" tabindex=\"0\">galdri<\/span>. Til sta\u00f0ar allt fram \u00ed n\u00fat\u00edma<span class=\"iwg-fachbegriff\" data-tooltip=\"Samheiti fyrir kenningar sem gera kr\u00f6fu um dulda \u00feekkingu a\u00f0eins f\u00e1anlega innv\u00edg\u00f0um.\" tabindex=\"0\">dulspeki<\/span> og d\u00e6gurmenningu.<\/p><p><strong>Go\u00f0afr\u00e6\u00f0ileg sta\u00f0setning<\/strong><\/p><p>Asmodai er voldugur <span class=\"iwg-fachbegriff\" data-tooltip=\"Andlegt vera sem eignu\u00f0 er ska\u00f0leg e\u00f0a tv\u00edr\u00e6\u00f0 \u00e1hrif.\" tabindex=\"0\">dj\u00f6full<\/span> \u00ed gy\u00f0inglegri, \u00edslamskri og kristin-yfirn\u00e1tt\u00farulegri hef\u00f0. \u00cd Tob\u00edtsb\u00f3k drepur hann unga konur. \u00cd s\u00ed\u00f0ari hef\u00f0um var\u00f0 hann konungur dj\u00f6flanna. M\u00e1ttur hans er tv\u00edbendur, jafnt t\u00e6landi og d\u00f3mandi. Hann er v\u00f6r\u00f0ur h\u00e6ttulegrar \u00feekkingar.<\/p>\t\t\t\t\t\t\t\t<\/div>\n\t\t\t\t\t<\/div>\n\t\t\t\t<\/div>\n\t\t<div class=\"elementor-element elementor-element-d47b156 e-flex e-con-boxed e-con e-child\" data-id=\"d47b156\" data-element_type=\"container\" data-e-type=\"container\">\n\t\t\t\t\t<div class=\"e-con-inner\">\n\t\t\t\t<div class=\"elementor-element elementor-element-ff38c2b elementor-widget elementor-widget-heading\" data-id=\"ff38c2b\" data-element_type=\"widget\" data-e-type=\"widget\" data-widget_type=\"heading.default\">\n\t\t\t\t\t<div class=\"elementor-heading-title elementor-size-default\">\u00datbrei\u00f0slusv\u00e6\u00f0i<\/div>\t\t\t\t<\/div>\n\t\t\t\t<div class=\"elementor-element elementor-element-4e49fcc elementor-widget elementor-widget-text-editor\" data-id=\"4e49fcc\" data-element_type=\"widget\" data-e-type=\"widget\" data-widget_type=\"text-editor.default\">\n\t\t\t\t\t\t\t\t\t<p>\u00datbreiddur um Tob\u00edt og s\u00ed\u00f0ari rit \u00ed \u00f6llum gy\u00f0inglegum og kristnum hef\u00f0um. S\u00e9rst\u00f6k vi\u00f0vera \u00ed \u00fe\u00fdskri, franskri og \u00edtalskri galdrab\u00f3kahef\u00f0 mi\u00f0alda og \u00e1rn\u00fdaldar. N\u00fat\u00edmavi\u00f0taka \u00fatbreidd um allan heim \u00ed fur\u00f0usagnab\u00f3kmenntum.<\/p>\t\t\t\t\t\t\t\t<\/div>\n\t\t\t\t\t<\/div>\n\t\t\t\t<\/div>\n\t\t\t\t<\/div>\n\t\t<div class=\"elementor-element elementor-element-db03c39 e-con-full e-flex e-con e-child\" data-id=\"db03c39\" data-element_type=\"container\" data-e-type=\"container\">\n\t\t<div class=\"elementor-element elementor-element-229a87b e-flex e-con-boxed e-con e-child\" data-id=\"229a87b\" data-element_type=\"container\" data-e-type=\"container\">\n\t\t\t\t\t<div class=\"e-con-inner\">\n\t\t\t\t<div class=\"elementor-element elementor-element-1f471fc elementor-widget elementor-widget-heading\" data-id=\"1f471fc\" data-element_type=\"widget\" data-e-type=\"widget\" data-widget_type=\"heading.default\">\n\t\t\t\t\t<div class=\"elementor-heading-title elementor-size-default\">Heimildasta\u00f0a<\/div>\t\t\t\t<\/div>\n\t\t\t\t<div class=\"elementor-element elementor-element-36b1201 elementor-widget elementor-widget-text-editor\" data-id=\"36b1201\" data-element_type=\"widget\" data-e-type=\"widget\" data-widget_type=\"text-editor.default\">\n\t\t\t\t\t\t\t\t\t<p>Tob\u00edtsb\u00f3k (<span class=\"iwg-fachbegriff\" data-tooltip=\"Tilheyrir vi\u00f0urkenndum ritasafni tr\u00faarbrag\u00f0a.\" tabindex=\"0\">kan\u00f3n\u00edsk<\/span> \u00ed ka\u00fe\u00f3lskri og or\u00fe\u00f3doxri Bibl\u00edu, deuterokan\u00f3n\u00edsk \u00ed gy\u00f0inglegri hef\u00f0), <span class=\"iwg-fachbegriff\" data-tooltip=\"H\u00f6fu\u00f0rit rabb\u00ednskrar gy\u00f0ingd\u00f3ms me\u00f0 \u00fatlegging \u00e1 tr\u00faarlegri arfleif\u00f0.\" tabindex=\"0\">Talm\u00fa\u00f0<\/span> Gittin 68a, b me\u00f0 \u00edtarlegri fr\u00e1s\u00f6gn, Testament Sal\u00f3mons, Z\u00f3har, fj\u00f6lmargar mi\u00f0aldagaldrab\u00e6kur (Lemegeton, Clavicula Salomonis), endurreisnar<span class=\"iwg-fachbegriff\" data-tooltip=\"Athafnir sem reyna me\u00f0 s\u00e9rst\u00f6kum gj\u00f6r\u00f0um e\u00f0a form\u00falum a\u00f0 hafa \u00e1hrif \u00e1 gang atbur\u00f0a.\" tabindex=\"0\">galdur<\/span> (Agrippa, Weyer).<\/p>\t\t\t\t\t\t\t\t<\/div>\n\t\t\t\t\t<\/div>\n\t\t\t\t<\/div>\n\t\t\t\t<\/div>\n\t\t\t\t\t<\/div>\n\t\t\t\t<\/div>\n\t\t<div class=\"elementor-element elementor-element-3ae0637c e-flex e-con-boxed e-con e-parent\" data-id=\"3ae0637c\" data-element_type=\"container\" data-e-type=\"container\">\n\t\t\t\t\t<div class=\"e-con-inner\">\n\t\t\t\t<div class=\"elementor-element elementor-element-31d07739 elementor-widget elementor-widget-heading\" data-id=\"31d07739\" data-element_type=\"widget\" data-e-type=\"widget\" data-widget_type=\"heading.default\">\n\t\t\t\t\t<h2 class=\"elementor-heading-title elementor-size-default\">Nafn<\/h2>\t\t\t\t<\/div>\n\t\t<div class=\"elementor-element elementor-element-b7642947 e-con-full e-flex e-con e-child\" data-id=\"b7642947\" data-element_type=\"container\" data-e-type=\"container\">\n\t\t\t\t<div class=\"elementor-element elementor-element-a086266 elementor-widget elementor-widget-text-editor\" data-id=\"a086266\" data-element_type=\"widget\" data-e-type=\"widget\" data-widget_type=\"text-editor.default\">\n\t\t\t\t\t\t\t\t\t<p><strong>Hebreska:<\/strong> <em>Aschmedai<\/em> (\u05d0\u05b7\u05e9\u05b0\u05c1\u05de\u05b0\u05d3\u05b7\u05d0\u05d9).<br>Gr\u00edsk-latneska: <em>Asmodaios<\/em>, <em>Asmodeus<\/em>.<br>\u00cdran-avestneska: <em>A\u0113\u0161ma da\u0113va<\/em>, \u201edaeva rei\u00f0innar&#8220;, sta\u00f0alf\u00edg\u00fara \u00ed z\u00f3r\u00f3astrisma.<\/p><p>\u00cdranski uppruninn gerir Asmodai a\u00f0 einu af f\u00e1um tilvikum \u00fear sem gy\u00f0ingleg dj\u00f6flaf\u00edg\u00fara m\u00e1 rekja greinilega til utangy\u00f0inglegrar fyrirmyndar. \u00dar <em>a\u0113\u0161ma<\/em> (rei\u00f0i) og <em>da\u0113va<\/em> (<span class=\"iwg-fachbegriff\" data-tooltip=\"Andlegt vera sem eignu\u00f0 er ska\u00f0leg e\u00f0a tv\u00edr\u00e6\u00f0 \u00e1hrif.\" tabindex=\"0\">dj\u00f6full<\/span>) ver\u00f0ur <em>Asmodaios<\/em>; bibl\u00eduleg nafnahef\u00f0 b\u00e6tir vi\u00f0 eigin or\u00f0sifjafr\u00e6\u00f0i sem v\u00edsar til <em>shamad<\/em> (\u201eey\u00f0a&#8220;).<\/p>\t\t\t\t\t\t\t\t<\/div>\n\t\t\t\t<\/div>\n\t\t\t\t\t<\/div>\n\t\t\t\t<\/div>\n\t\t<div class=\"elementor-element elementor-element-709a44a8 e-flex e-con-boxed e-con e-parent\" data-id=\"709a44a8\" data-element_type=\"container\" data-e-type=\"container\">\n\t\t\t\t\t<div class=\"e-con-inner\">\n\t\t\t\t<div class=\"elementor-element elementor-element-2f585873 elementor-widget elementor-widget-heading\" data-id=\"2f585873\" data-element_type=\"widget\" data-e-type=\"widget\" data-widget_type=\"heading.default\">\n\t\t\t\t\t<h2 class=\"elementor-heading-title elementor-size-default\">Einkenni<\/h2>\t\t\t\t<\/div>\n\t\t<div class=\"elementor-element elementor-element-70621c12 e-con-full e-flex e-con e-child\" data-id=\"70621c12\" data-element_type=\"container\" data-e-type=\"container\">\n\t\t\t\t<div class=\"elementor-element elementor-element-4296eb49 elementor-widget elementor-widget-text-editor\" data-id=\"4296eb49\" data-element_type=\"widget\" data-e-type=\"widget\" data-widget_type=\"text-editor.default\">\n\t\t\t\t\t\t\t\t\t<p><strong>\u00datlit<\/strong><\/p><p>Ekki l\u00fdst \u00ed T\u00f3b\u00edtarb\u00f3k. \u00cd Testamentum Sal\u00f3mons me\u00f0 \u00ferj\u00fa h\u00f6fu\u00f0 (mann, hr\u00fat, naut), v\u00e6ngi og fiskstirtla. \u00cd s\u00ed\u00f0ari galdrab\u00f3kum (grimoires) sem konungleg vera me\u00f0 k\u00f3r\u00f3nu, oft r\u00ed\u00f0andi \u00e1 dreka. Kabbal\u00edsk myndm\u00e1l s\u00fdnir hann \u00ed \u00fej\u00f3nustu Lilith.<\/p><p><strong>Heg\u00f0un<\/strong><\/p><p>Sl\u00e6gur, valdaf\u00edkinn, br\u00e1\u00f0rei\u00f0ur. \u00cd T\u00f3b\u00edtarb\u00f3k dey\u00f0ir hann menn sem koma \u00ed veg fyrir a\u00f0 hann f\u00e1i S\u00f6ru, sem hann girnist. \u00cd <span class=\"iwg-fachbegriff\" data-tooltip=\"H\u00f6fu\u00f0rit rabb\u00ednskrar j\u00fadatr\u00faar me\u00f0 \u00fatlistun \u00e1 tr\u00faarlegri arfleif\u00f0.\" tabindex=\"0\">Talm\u00fad<\/span> tekur hann h\u00e1s\u00e6ti Sal\u00f3mons, \u00fear til konungurinn rekur hann brott me\u00f0 k\u00e6nsku. Hann er ekki heimskur andst\u00e6\u00f0ingur, heldur vitsmunalega sterkur m\u00f3therji.<\/p><p><strong>Verksvi\u00f0<\/strong><\/p><p>Hj\u00f3naband og girnd, v\u00f6ld og stj\u00f3rnm\u00e1laleg yfirr\u00e1\u00f0, <span class=\"iwg-fachbegriff\" data-tooltip=\"Athafnir sem \u00e6tla\u00f0 er a\u00f0 hafa \u00e1hrif \u00e1 atbur\u00f0ar\u00e1s me\u00f0 s\u00e9rst\u00f6kum gj\u00f6r\u00f0um e\u00f0a form\u00falum.\" tabindex=\"0\">galdur<\/span> og leynileg \u00feekking. Hann er ekki <span class=\"iwg-fachbegriff\" data-tooltip=\"Andleg vera sem eignu\u00f0 er ska\u00f0leg e\u00f0a tv\u00edr\u00e6\u00f0 \u00e1hrif.\" tabindex=\"0\">dj\u00f6full<\/span> hversdagsleikans, heldur hins mikla umr\u00f3ts.<\/p><p><strong>Go\u00f0sagnalegur uppruni<\/strong><\/p><p>\u00cd Enoksarfleif\u00f0inni tengdur f\u00f6llnum englum. \u00cd <span class=\"iwg-fachbegriff\" data-tooltip=\"H\u00f6fu\u00f0rit rabb\u00ednskrar j\u00fadatr\u00faar me\u00f0 \u00fatlistun \u00e1 tr\u00faarlegri arfleif\u00f0.\" tabindex=\"0\">Talm\u00fad<\/span> berum or\u00f0um nefndur konungur dj\u00f6flanna. \u00cd kabbala skipa\u00f0 saman vi\u00f0 Lilith og Samael \u00ed \u00fer\u00edeina byggingu, Samael, Lilith og Asmodai sem dj\u00f6fullegur m\u00f3tp\u00f3l hinnar gu\u00f0legu Shekh\u00edna-byggingar.<\/p><p><strong>\u00datlit og einkennist\u00e1kn<\/strong><\/p><p>Asmodai er l\u00fdst sem \u00f3hugnanlega f\u00f6gur vera, sumsta\u00f0ar me\u00f0 \u00ferj\u00fa h\u00f6fu\u00f0, logandi augu og hala. A\u00f0rar l\u00fdsingar s\u00fdna hann sem t\u00e6landi <span class=\"iwg-fachbegriff\" data-tooltip=\"Andleg vera sem eignu\u00f0 er ska\u00f0leg e\u00f0a tv\u00edr\u00e6\u00f0 \u00e1hrif.\" tabindex=\"0\">dj\u00f6ful<\/span>. Sumsta\u00f0ar hefur hann v\u00e6ngi. Ke\u00f0jur og innsigli halda honum bundnum. Eldur og losti eru einkennismerki hans.<\/p>\t\t\t\t\t\t\t\t<\/div>\n\t\t\t\t<\/div>\n\t\t\t\t\t<\/div>\n\t\t\t\t<\/div>\n\t\t<div class=\"elementor-element elementor-element-44e71476 e-flex e-con-boxed e-con e-parent\" data-id=\"44e71476\" data-element_type=\"container\" data-e-type=\"container\">\n\t\t\t\t\t<div class=\"e-con-inner\">\n\t\t\t\t<div class=\"elementor-element elementor-element-3c1fc3f0 elementor-widget elementor-widget-heading\" data-id=\"3c1fc3f0\" data-element_type=\"widget\" data-e-type=\"widget\" data-widget_type=\"heading.default\">\n\t\t\t\t\t<h2 class=\"elementor-heading-title elementor-size-default\">Stutt kynning: Asmodai<\/h2>\t\t\t\t<\/div>\n\t\t<div class=\"elementor-element elementor-element-84f33b8e e-con-full e-flex e-con e-child\" data-id=\"84f33b8e\" data-element_type=\"container\" data-e-type=\"container\">\n\t\t\t\t<div class=\"elementor-element elementor-element-hqkdc67p elementor-widget elementor-widget-text-editor\" data-id=\"hqkdc67p\" data-element_type=\"widget\" data-e-type=\"widget\" data-widget_type=\"text-editor.default\">\n\t\t\t\t\t\t\t\t\t<p>Helstu atri\u00f0i um Asmodai \u00ed hnotskurn. N\u00e1nari umfj\u00f6llun um nafn, l\u00fdsingu, v\u00f6rn og hli\u00f0st\u00e6\u00f0ur er a\u00f0 finna \u00ed k\u00f6flunum h\u00e9r a\u00f0 ne\u00f0an.<\/p>\t\t\t\t\t\t\t\t<\/div>\n\t\t\t\t<\/div>\n\t\t<div class=\"elementor-element elementor-element-pemmx7c5 e-con-full e-flex e-con e-child\" data-id=\"pemmx7c5\" data-element_type=\"container\" data-e-type=\"container\">\n\t\t<div class=\"elementor-element elementor-element-pemmx7c1 e-con-full e-flex e-con e-child\" data-id=\"pemmx7c1\" data-element_type=\"container\" data-e-type=\"container\">\n\t\t<div class=\"elementor-element elementor-element-qh9oavvu iwg-steckbrief-card e-flex e-con-boxed e-con e-child\" data-id=\"qh9oavvu\" data-element_type=\"container\" data-e-type=\"container\">\n\t\t\t\t\t<div class=\"e-con-inner\">\n\t\t\t\t<div class=\"elementor-element elementor-element-awzx8k2k elementor-widget elementor-widget-heading\" data-id=\"awzx8k2k\" data-element_type=\"widget\" data-e-type=\"widget\" data-widget_type=\"heading.default\">\n\t\t\t\t\t<div class=\"elementor-heading-title elementor-size-default\">Hef\u00f0<\/div>\t\t\t\t<\/div>\n\t\t\t\t<div class=\"elementor-element elementor-element-x6rowhv0 elementor-widget elementor-widget-text-editor\" data-id=\"x6rowhv0\" data-element_type=\"widget\" data-e-type=\"widget\" data-widget_type=\"text-editor.default\">\n\t\t\t\t\t\t\t\t\t<p>Fr\u00e1 \u00edr\u00f6nsku <em>A\u0113\u0161ma da\u0113va<\/em>, daeva heiftarinnar. \u00cd kristinni og gy\u00f0inglegri hef\u00f0 h\u00f3fst hann upp \u00ed konung dj\u00f6flanna, \u00ed kabbala tengdur Samael og Lilith.<\/p>\t\t\t\t\t\t\t\t<\/div>\n\t\t\t\t\t<\/div>\n\t\t\t\t<\/div>\n\t\t<div class=\"elementor-element elementor-element-8e3o4kxs iwg-steckbrief-card e-flex e-con-boxed e-con e-child\" data-id=\"8e3o4kxs\" data-element_type=\"container\" data-e-type=\"container\">\n\t\t\t\t\t<div class=\"e-con-inner\">\n\t\t\t\t<div class=\"elementor-element elementor-element-08rkdgov elementor-widget elementor-widget-heading\" data-id=\"08rkdgov\" data-element_type=\"widget\" data-e-type=\"widget\" data-widget_type=\"heading.default\">\n\t\t\t\t\t<div class=\"elementor-heading-title elementor-size-default\">Tengt vi\u00f0<\/div>\t\t\t\t<\/div>\n\t\t\t\t<div class=\"elementor-element elementor-element-uwjelx8s elementor-widget elementor-widget-text-editor\" data-id=\"uwjelx8s\" data-element_type=\"widget\" data-e-type=\"widget\" data-widget_type=\"text-editor.default\">\n\t\t\t\t\t\t\t\t\t<p>Hj\u00f3n (T\u00f3b\u00edt-<span class=\"iwg-fachbegriff\" data-tooltip=\"Endurteki\u00f0 efnislegt stef \u00ed list e\u00f0a fr\u00e1s\u00f6gn.\" tabindex=\"0\">stef<\/span>), valdhafar (Sal\u00f3mon-<span class=\"iwg-fachbegriff\" data-tooltip=\"Endurteki\u00f0 efnislegt stef \u00ed list e\u00f0a fr\u00e1s\u00f6gn.\" tabindex=\"0\">stef<\/span>), galdramenn og \u00feeir sem leita \u00ed galdrab\u00f3kum. Verkar \u00e1 st\u00f3rum krossg\u00f6tum, ekki \u00ed hversdagsl\u00edfinu.<\/p>\t\t\t\t\t\t\t\t<\/div>\n\t\t\t\t\t<\/div>\n\t\t\t\t<\/div>\n\t\t<div class=\"elementor-element elementor-element-jm2n74ec iwg-steckbrief-card e-flex e-con-boxed e-con e-child\" data-id=\"jm2n74ec\" data-element_type=\"container\" data-e-type=\"container\">\n\t\t\t\t\t<div class=\"e-con-inner\">\n\t\t\t\t<div class=\"elementor-element elementor-element-8vufse4c elementor-widget elementor-widget-heading\" data-id=\"8vufse4c\" data-element_type=\"widget\" data-e-type=\"widget\" data-widget_type=\"heading.default\">\n\t\t\t\t\t<div class=\"elementor-heading-title elementor-size-default\">Framsetning<\/div>\t\t\t\t<\/div>\n\t\t\t\t<div class=\"elementor-element elementor-element-mwb9u015 elementor-widget elementor-widget-text-editor\" data-id=\"mwb9u015\" data-element_type=\"widget\" data-e-type=\"widget\" data-widget_type=\"text-editor.default\">\n\t\t\t\t\t\t\t\t\t<p>\u00cd Testamentum Sal\u00f3mons \u00fer\u00edh\u00f6f\u00f0a\u00f0ur (ma\u00f0ur, hr\u00fatur, naut), v\u00e6ngja\u00f0ur, me\u00f0 fiskstirtla. \u00cd galdrab\u00f3kum konunglega kr\u00fdndur, oft r\u00ed\u00f0andi \u00e1 dreka.<\/p>\t\t\t\t\t\t\t\t<\/div>\n\t\t\t\t\t<\/div>\n\t\t\t\t<\/div>\n\t\t\t\t<\/div>\n\t\t<div class=\"elementor-element elementor-element-pemmx7c2 e-con-full e-flex e-con e-child\" data-id=\"pemmx7c2\" data-element_type=\"container\" data-e-type=\"container\">\n\t\t<div class=\"elementor-element elementor-element-37ss2yr6 iwg-steckbrief-card e-flex e-con-boxed e-con e-child\" data-id=\"37ss2yr6\" data-element_type=\"container\" data-e-type=\"container\">\n\t\t\t\t\t<div class=\"e-con-inner\">\n\t\t\t\t<div class=\"elementor-element elementor-element-3v0wp3wx elementor-widget elementor-widget-heading\" data-id=\"3v0wp3wx\" data-element_type=\"widget\" data-e-type=\"widget\" data-widget_type=\"heading.default\">\n\t\t\t\t\t<div class=\"elementor-heading-title elementor-size-default\">Hlutverk<\/div>\t\t\t\t<\/div>\n\t\t\t\t<div class=\"elementor-element elementor-element-w3247g2m elementor-widget elementor-widget-text-editor\" data-id=\"w3247g2m\" data-element_type=\"widget\" data-e-type=\"widget\" data-widget_type=\"text-editor.default\">\n\t\t\t\t\t\t\t\t\t<p>Dau\u00f0i br\u00fa\u00f0guma, valdar\u00e1n, hj\u00f3naband rofi\u00f0 og heift kynnt til s\u00f6gu. \u00c1hrif hans \u00e1 einstaklinga eru sterkari en dreif\u00f0 h\u00e6tta Shedim.<\/p>\t\t\t\t\t\t\t\t<\/div>\n\t\t\t\t\t<\/div>\n\t\t\t\t<\/div>\n\t\t<div class=\"elementor-element elementor-element-0qpjal9w iwg-steckbrief-card e-flex e-con-boxed e-con e-child\" data-id=\"0qpjal9w\" data-element_type=\"container\" data-e-type=\"container\">\n\t\t\t\t\t<div class=\"e-con-inner\">\n\t\t\t\t<div class=\"elementor-element elementor-element-6ndoih0o elementor-widget elementor-widget-heading\" data-id=\"6ndoih0o\" data-element_type=\"widget\" data-e-type=\"widget\" data-widget_type=\"heading.default\">\n\t\t\t\t\t<div class=\"elementor-heading-title elementor-size-default\">Vernd<\/div>\t\t\t\t<\/div>\n\t\t\t\t<div class=\"elementor-element elementor-element-6684tyh9 elementor-widget elementor-widget-text-editor\" data-id=\"6684tyh9\" data-element_type=\"widget\" data-e-type=\"widget\" data-widget_type=\"text-editor.default\">\n\t\t\t\t\t\t\t\t\t<div><p>\u00c1kall engla (Rafael \u00ed T\u00f3b\u00edtarb\u00f3k), reykelsi (fiskhjarta og lifur), nafnagaldur, kabbal\u00edskar bindiform\u00falur. \u00cd galdrab\u00f3kum talinn me\u00f0al \u00feeirra dj\u00f6fla sem \u00fearf a\u00f0 binda.<\/p><\/div>\t\t\t\t\t\t\t\t<\/div>\n\t\t\t\t\t<\/div>\n\t\t\t\t<\/div>\n\t\t<div class=\"elementor-element elementor-element-3lfi7x32 iwg-steckbrief-card e-flex e-con-boxed e-con e-child\" data-id=\"3lfi7x32\" data-element_type=\"container\" data-e-type=\"container\">\n\t\t\t\t\t<div class=\"e-con-inner\">\n\t\t\t\t<div class=\"elementor-element elementor-element-0kg99ga1 elementor-widget elementor-widget-heading\" data-id=\"0kg99ga1\" data-element_type=\"widget\" data-e-type=\"widget\" data-widget_type=\"heading.default\">\n\t\t\t\t\t<div class=\"elementor-heading-title elementor-size-default\">Tengdar verur<\/div>\t\t\t\t<\/div>\n\t\t\t\t<div class=\"elementor-element elementor-element-n0fum6kp elementor-widget elementor-widget-text-editor\" data-id=\"n0fum6kp\" data-element_type=\"widget\" data-e-type=\"widget\" data-widget_type=\"text-editor.default\">\n\t\t\t\t\t\t\t\t\t<p>A\u0113\u0161ma da\u0113va (z\u00f3r\u00f3astr\u00edsk, bein fyrirmynd), L\u00fas\u00edfer\/Satan (kristin, s\u00ed\u00f0ar oft samsama\u00f0ur), Ahriman (\u00edr\u00f6nsk sem \u00e6\u00f0sti m\u00f3tgu\u00f0), \u00cdbl\u00eds (\u00edsl\u00f6msk).<\/p>\t\t\t\t\t\t\t\t<\/div>\n\t\t\t\t\t<\/div>\n\t\t\t\t<\/div>\n\t\t\t\t<\/div>\n\t\t\t\t<\/div>\n\t\t\t\t\t<\/div>\n\t\t\t\t<\/div>\n\t\t<div class=\"elementor-element elementor-element-7533bc7a e-flex e-con-boxed e-con e-parent\" data-id=\"7533bc7a\" data-element_type=\"container\" data-e-type=\"container\">\n\t\t\t\t\t<div class=\"e-con-inner\">\n\t\t\t\t<div class=\"elementor-element elementor-element-2447d18d elementor-widget elementor-widget-heading\" data-id=\"2447d18d\" data-element_type=\"widget\" data-e-type=\"widget\" data-widget_type=\"heading.default\">\n\t\t\t\t\t<h2 class=\"elementor-heading-title elementor-size-default\">Verndarh\u00e6ttir<\/h2>\t\t\t\t<\/div>\n\t\t<div class=\"elementor-element elementor-element-d5d0260c e-con-full e-flex e-con e-child\" data-id=\"d5d0260c\" data-element_type=\"container\" data-e-type=\"container\">\n\t\t\t\t<div class=\"elementor-element elementor-element-341be2ac elementor-widget elementor-widget-text-editor\" data-id=\"341be2ac\" data-element_type=\"widget\" data-e-type=\"widget\" data-widget_type=\"text-editor.default\">\n\t\t\t\t\t\t\t\t\t<p><strong>Athafnir til varnar<\/strong><\/p><p>T\u00f3b\u00edtarb\u00f3k var\u00f0veitir \u00e1kve\u00f0i\u00f0 <span class=\"iwg-fachbegriff\" data-tooltip=\"Skipul\u00f6g\u00f0 r\u00f6\u00f0 t\u00e1kngj\u00f6r\u00f0a me\u00f0 tr\u00faarlega e\u00f0a menningarlega merkingu.\" tabindex=\"0\">ath\u00f6fn<\/span>: <span class=\"iwg-fachbegriff\" data-tooltip=\"\u00cd abraham\u00edskum tr\u00faarbr\u00f6g\u00f0um himneskt sendibo\u00f0avald Gu\u00f0s.\" tabindex=\"0\">engillinn<\/span> Rafael l\u00e6tur T\u00f3b\u00edas brenna fiskhjarta og lifur; reykurinn hrekur Asmodai burt allt til fjarl\u00e6gustu ey\u00f0imerkur. \u00cd s\u00ed\u00f0ari hef\u00f0 ver\u00f0ur <span class=\"iwg-fachbegriff\" data-tooltip=\"Endurteki\u00f0 efnislegt stef \u00ed list e\u00f0a fr\u00e1s\u00f6gn.\" tabindex=\"0\">stef<\/span> engilsins sem sigurvegara mikilv\u00e6gt, Rafael, M\u00edkael e\u00f0a s\u00e9rst\u00f6k englan\u00f6fn eru \u00e1k\u00f6llu\u00f0.<\/p><p><strong>\u00c1kallanir<\/strong><\/p><p><span class=\"iwg-fachbegriff\" data-tooltip=\"H\u00f6fu\u00f0rit rabb\u00ednskrar j\u00fadatr\u00faar me\u00f0 \u00fatlistun \u00e1 tr\u00faarlegri arfleif\u00f0.\" tabindex=\"0\">Talm\u00fad<\/span> var\u00f0veitir fl\u00f3kna fr\u00e1s\u00f6gn \u00fear sem Sal\u00f3mon bindur Asmodai me\u00f0 galdrainnsigli. Kabbal\u00edskar og s\u00ed\u00f0ari galdrab\u00f3kahef\u00f0ir \u00fer\u00f3a \u00fat fr\u00e1 \u00feessu sj\u00e1lfst\u00e6\u00f0ar bindiform\u00falur. Innsigli Sal\u00f3mons ver\u00f0ur lykilstef.<\/p><p><strong>Verndargripir og t\u00e1knmyndir<\/strong><\/p><p>Innsigli Sal\u00f3mons (sexoddastjarna, s\u00ed\u00f0ar tekin upp sem Dav\u00ed\u00f0sstjarna). Verndargripir me\u00f0 nafni englsins Rafaels. \u00cd kabbal\u00edskum handb\u00f3kum langar verndarform\u00falur sem binda Asmodai me\u00f0 nafni.<\/p><p><strong><span class=\"iwg-fachbegriff\" data-tooltip=\"\u00d6ll tr\u00faarleg tilbei\u00f0sluath\u00f6fn helgu\u00f0 gu\u00f0i e\u00f0a heilagri veru.\" tabindex=\"0\">Tilbei\u00f0sla<\/span> og vir\u00f0ing<\/strong><\/p><p>Asmodai er ekki tilbe\u00f0inn, heldur bundinn e\u00f0a fri\u00f0a\u00f0ur me\u00f0 g\u00f6ldrum. \u00cd kaosgaldrastarfsemi er hann \u00e1kalla\u00f0ur til \u00feekkingar \u00e1 t\u00e6lingu. Kabbal\u00edsk og dj\u00f6fulleg kerfi n\u00fdta kraft hans. A\u00f0g\u00e1t vegna m\u00e1ttar hans er nau\u00f0synleg.<\/p>\t\t\t\t\t\t\t\t<\/div>\n\t\t\t\t<\/div>\n\t\t\t\t\t<\/div>\n\t\t\t\t<\/div>\n\t\t<div class=\"elementor-element elementor-element-5a584676 e-flex e-con-boxed e-con e-parent\" data-id=\"5a584676\" data-element_type=\"container\" data-e-type=\"container\">\n\t\t\t\t\t<div class=\"e-con-inner\">\n\t\t\t\t<div class=\"elementor-element elementor-element-6d0757bf elementor-widget elementor-widget-heading\" data-id=\"6d0757bf\" data-element_type=\"widget\" data-e-type=\"widget\" data-widget_type=\"heading.default\">\n\t\t\t\t\t<h2 class=\"elementor-heading-title elementor-size-default\">Hli\u00f0st\u00e6\u00f0ur og \u00e1framhaldandi \u00e1hrif<\/h2>\t\t\t\t<\/div>\n\t\t<div class=\"elementor-element elementor-element-60563f68 e-con-full e-flex e-con e-child\" data-id=\"60563f68\" data-element_type=\"container\" data-e-type=\"container\">\n\t\t\t\t<div class=\"elementor-element elementor-element-5a93fdd6 elementor-widget elementor-widget-text-editor\" data-id=\"5a93fdd6\" data-element_type=\"widget\" data-e-type=\"widget\" data-widget_type=\"text-editor.default\">\n\t\t\t\t\t\t\t\t\t<p><strong>\u00cdr\u00f6nskur bakgrunnur:<\/strong> A\u0113\u0161ma da\u0113va er beina uppruna nafnsins. \u00cd z\u00f3r\u00f3astrisma er \u00feessi vera \u00e1fram innan <span class=\"iwg-fachbegriff\" data-tooltip=\"Heild gu\u00f0a \u00ed tr\u00faarbr\u00f6g\u00f0um e\u00f0a menningu.\" tabindex=\"0\">go\u00f0heimsins<\/span> daevanna; \u00ed gy\u00f0inglegri \u00fatf\u00e6rslu ver\u00f0ur h\u00fan einn konungur.<\/p><p><strong>Kristin og \u00edsl\u00f6msk hef\u00f0:<\/strong> \u00cd kristni er Asmodeus felldur inn \u00ed hina sj\u00f6 dau\u00f0asyndaskipan, oftast sem <span class=\"iwg-fachbegriff\" data-tooltip=\"Andleg vera sem eignu\u00f0 er ska\u00f0leg e\u00f0a tv\u00edr\u00e6\u00f0 \u00e1hrif.\" tabindex=\"0\">dj\u00f6full<\/span> losta. \u00cd \u00edslamskri hef\u00f0 er hann ekki tekinn upp beint; hlutverk hans taka \u00cdbl\u00eds og Shayatin yfir.<\/p><p><strong>Galdrab\u00e6kur og n\u00fat\u00ed\u00f0:<\/strong> Lemegeton og Pseudomonarchia Daemonum telja Asmodeus me\u00f0al voldugra h\u00f6f\u00f0ingja helv\u00edtis me\u00f0 72 herdeildir. \u00deessir listar lifa \u00e1fram \u00ed n\u00fat\u00edma hlutverkaleikjum, fantas\u00edub\u00f3kmenntum og d\u00e6gurmenningu (Supernatural, Sandman).<\/p>\t\t\t\t\t\t\t\t<\/div>\n\t\t\t\t<\/div>\n\t\t\t\t\t<\/div>\n\t\t\t\t<\/div>\n\t\t<div class=\"elementor-element elementor-element-cp9f3cef7 e-flex e-con-boxed e-con e-parent\" data-id=\"cp9f3cef7\" data-element_type=\"container\" data-e-type=\"container\">\n\t\t\t\t\t<div class=\"e-con-inner\">\n\t\t\t\t<div class=\"elementor-element elementor-element-cp376c482 elementor-widget elementor-widget-heading\" data-id=\"cp376c482\" data-element_type=\"widget\" data-e-type=\"widget\" data-widget_type=\"heading.default\">\n\t\t\t\t\t<h2 class=\"elementor-heading-title elementor-size-default\">Asm\u00f3deus \u00ed T\u00f3b\u00edtarb\u00f3k<\/h2>\t\t\t\t<\/div>\n\t\t<div class=\"elementor-element elementor-element-cp351750d e-con-full e-flex e-con e-child\" data-id=\"cp351750d\" data-element_type=\"container\" data-e-type=\"container\">\n\t\t\t\t<div class=\"elementor-element elementor-element-cp707039e elementor-widget elementor-widget-text-editor\" data-id=\"cp707039e\" data-element_type=\"widget\" data-e-type=\"widget\" data-widget_type=\"text-editor.default\">\n\t\t\t\t\t\t\t\t\t<p>Elsti samhangandi textinn \u00fear sem Asm\u00f3deus kemur fram sem virkur gerandi er T\u00f3b\u00edtarb\u00f3k, fr\u00e1s\u00f6gn sem var\u00f0 a\u00f0 \u00f6llum l\u00edkindum til \u00e1 3. e\u00f0a 2. \u00f6ld f.Kr. og heyrir til <span class=\"iwg-fachbegriff\" data-tooltip=\"S\u00fa safn helgra rita tr\u00faarbrag\u00f0a sem vi\u00f0urkennt er sem bindandi.\" tabindex=\"0\">kan\u00f3nunnar<\/span> \u00ed gr\u00edsku bibl\u00edunni og \u00ed ka\u00fe\u00f3lskri og r\u00e9tttr\u00fana\u00f0arhef\u00f0, en er \u00ed hinni gy\u00f0inglegu og m\u00f3tm\u00e6lendahef\u00f0 talin til ap\u00f3kr\u00fdfra rita.<\/p><p>Brot \u00far b\u00f3kinni \u00e1 arame\u00edsku og hebresku fundust me\u00f0al Dau\u00f0ahafshandritanna.<\/p><p>\u00cd T\u00f3b\u00edtarb\u00f3k er Asm\u00f3deus, \u00e1 gr\u00edsku <em>Asmodaios<\/em>, illur <span class=\"iwg-fachbegriff\" data-tooltip=\"L\u00edkamslaus vera sem talin er hafa \u00e1hrif \u00ed heiminum.\" tabindex=\"0\">andi<\/span> sem elskar, e\u00f0a frekar girnist, hina unga S\u00f6ru. Sj\u00f6 menn haf\u00f0i Sara giftst hvern eftir annan, og hvern \u00feeirra myrti Asm\u00f3deus \u00e1 br\u00fa\u00f0kaupsn\u00f3ttina \u00e1\u00f0ur en hj\u00f3nabandi\u00f0 yr\u00f0i fullkomna\u00f0. Sara er \u00feess vegna \u00ed \u00f6rv\u00e6ntingu og er h\u00f6f\u00f0 a\u00f0 h\u00e1\u00f0i.<\/p><p>Lausnin kemur fr\u00e1 hinum unga T\u00f3b\u00edasi, syni T\u00f3b\u00edts, sem er leiddur af <span class=\"iwg-fachbegriff\" data-tooltip=\"\u00cd abraham\u00edsku tr\u00faarbr\u00f6g\u00f0unum himnesk sendibo\u00f0avera Gu\u00f0s.\" tabindex=\"0\">englinum<\/span> Rafael, sem kemur fram sem fer\u00f0af\u00e9lagi hans. Rafael segir T\u00f3b\u00edasi a\u00f0 var\u00f0veita hjarta og lifur \u00far fiski. \u00c1 br\u00fa\u00f0kaupsn\u00f3ttina brennir T\u00f3b\u00edas \u00feessa hluta \u00e1 gl\u00f3\u00f0 reykelsis; reykurinn sem st\u00edgur upp rekur Asm\u00f3deus \u00e1 fl\u00f3tta, en hann fl\u00fdr til Efra-Egyptalands \u00fear sem Rafael fj\u00f6trar hann.<\/p><p>\u00deessi fr\u00e1s\u00f6gn er tr\u00faars\u00f6gulega uppl\u00fdsandi. H\u00fan s\u00fdnir <span class=\"iwg-fachbegriff\" data-tooltip=\"Andleg vera sem talin er hafa ska\u00f0leg e\u00f0a tv\u00edr\u00e6\u00f0 \u00e1hrif.\" tabindex=\"0\">dj\u00f6ful<\/span> sem er ekki \u00f3hlutbundin \u00edmynd hins illa, heldur hefur \u00e1kve\u00f0i\u00f0 hlutverk: hann er h\u00f3tun vi\u00f0 hj\u00f3naband og barneignir.<\/p><p>\u00c1 sama t\u00edma gefur textinn eitt af elstu d\u00e6mum um skipulag\u00f0a v\u00f6rn, reykelsisath\u00f6fn me\u00f0 n\u00e1kv\u00e6mlega tilgreindu efni, sem er skipu\u00f0 af <span class=\"iwg-fachbegriff\" data-tooltip=\"\u00cd abraham\u00edsku tr\u00faarbr\u00f6g\u00f0unum himnesk sendibo\u00f0avera Gu\u00f0s.\" tabindex=\"0\">engli<\/span>. Fr\u00e6\u00f0imenn l\u00edta \u00e1 \u00feetta sem vitnisbur\u00f0 um n\u00e1i\u00f0 samband fr\u00e1sagnar, dj\u00f6flafr\u00e6\u00f0i og tr\u00faarlegra athafna \u00ed gy\u00f0ingd\u00f3mi hellenska t\u00edmans.<\/p>\t\t\t\t\t\t\t\t<\/div>\n\t\t\t\t<\/div>\n\t\t\t\t\t<\/div>\n\t\t\t\t<\/div>\n\t\t<div class=\"elementor-element elementor-element-cp0e4ffc1 e-flex e-con-boxed e-con e-parent\" data-id=\"cp0e4ffc1\" data-element_type=\"container\" data-e-type=\"container\">\n\t\t\t\t\t<div class=\"e-con-inner\">\n\t\t\t\t<div class=\"elementor-element elementor-element-cpd1402fb elementor-widget elementor-widget-heading\" data-id=\"cpd1402fb\" data-element_type=\"widget\" data-e-type=\"widget\" data-widget_type=\"heading.default\">\n\t\t\t\t\t<h2 class=\"elementor-heading-title elementor-size-default\">Asm\u00f3da\u00ed \u00ed Talm\u00fad og bygging musterisins<\/h2>\t\t\t\t<\/div>\n\t\t<div class=\"elementor-element elementor-element-cp5da735b e-con-full e-flex e-con e-child\" data-id=\"cp5da735b\" data-element_type=\"container\" data-e-type=\"container\">\n\t\t\t\t<div class=\"elementor-element elementor-element-cp26e1219 elementor-widget elementor-widget-text-editor\" data-id=\"cp26e1219\" data-element_type=\"widget\" data-e-type=\"widget\" data-widget_type=\"text-editor.default\">\n\t\t\t\t\t\t\t\t\t<p>\u00cd rabb\u00ednskum ritum kemur \u00feessi pers\u00f3na fram undir nafninu <em>Asm\u00f3da\u00ed<\/em> og f\u00e6r \u00fear sj\u00e1lfst\u00e6\u00f0a, \u00fatf\u00e6r\u00f0a mynd. Hann er ekki talinn einfaldlega venjulegur <span class=\"iwg-fachbegriff\" data-tooltip=\"Andleg vera sem talin er hafa ska\u00f0leg e\u00f0a tv\u00edr\u00e6\u00f0 \u00e1hrif.\" tabindex=\"0\">dj\u00f6full<\/span>, heldur konungur dj\u00f6flanna, <em>Schedim<\/em>. Mikilv\u00e6gasta fr\u00e1s\u00f6gnin er \u00ed bab\u00fdlonska <span class=\"iwg-fachbegriff\" data-tooltip=\"Meginrit rabb\u00ednsks gy\u00f0ingd\u00f3ms me\u00f0 \u00fatlegging \u00e1 tr\u00faarlegri hef\u00f0.\" tabindex=\"0\">Talm\u00fadinum<\/span>, \u00ed ritinu Gittin.<\/p><p>\u00dear er sagt fr\u00e1 \u00fev\u00ed hvernig konungur Sal\u00f3mon \u00fearf \u00e1 Asm\u00f3da\u00ed a\u00f0 halda til a\u00f0 byggja <span class=\"iwg-fachbegriff\" data-tooltip=\"Bygging sem er notu\u00f0 til tilbei\u00f0slu einnar e\u00f0a fleiri gu\u00f0a.\" tabindex=\"0\">musteri\u00f0<\/span> \u00ed Jer\u00fasalem. \u00dear sem <span class=\"iwg-fachbegriff\" data-tooltip=\"Bygging sem er notu\u00f0 til tilbei\u00f0slu einnar e\u00f0a fleiri gu\u00f0a.\" tabindex=\"0\">musteri\u00f0<\/span> \u00e1tti a\u00f0 byggja \u00e1n j\u00e1rnverkf\u00e6ra, \u00fearf Sal\u00f3mon \u00e1 <em>Schamir<\/em> a\u00f0 halda, undursamlegri veru e\u00f0a ormi sem getur klofi\u00f0 stein, og a\u00f0eins Asm\u00f3da\u00ed veit hvar hann er a\u00f0 finna.<\/p><p>Sendibo\u00f0i Sal\u00f3mons finnur <span class=\"iwg-fachbegriff\" data-tooltip=\"Andleg vera sem talin er hafa ska\u00f0leg e\u00f0a tv\u00edr\u00e6\u00f0 \u00e1hrif.\" tabindex=\"0\">dj\u00f6fulinn<\/span>, sem kemur daglega ni\u00f0ur af fjalli s\u00ednu, og sv\u00edkur hann me\u00f0 v\u00edni sem hellt er \u00ed vatns\u00fer\u00f3 hans, svo hann s\u00e9 handtekinn drukkinn.<\/p><p>\u00cd framhaldinu er Asm\u00f3da\u00ed f\u00e6r\u00f0ur til hir\u00f0arins og \u00fevinga\u00f0ur til a\u00f0 hj\u00e1lpa vi\u00f0 byggingarframkv\u00e6mdirnar. Athyglisver\u00f0 er lokahnykkur fr\u00e1s\u00f6gunnar: Asm\u00f3da\u00ed tekst a\u00f0 lokum a\u00f0 hrekja Sal\u00f3mon fr\u00e1 h\u00e1s\u00e6ti s\u00ednu og tekur \u00e1 sig hans mynd, svo a\u00f0 konungurinn r\u00e1far um sem heimilislaus beiningama\u00f0ur um t\u00edma, \u00fear til hann endurheimtir v\u00f6ld s\u00edn.<\/p><p>Sagan tengir \u00feannig <span class=\"iwg-fachbegriff\" data-tooltip=\"Endurteki\u00f0 innihaldsatri\u00f0i \u00ed list e\u00f0a fr\u00e1s\u00f6gn.\" tabindex=\"0\">myndefni\u00f0<\/span> um hinn k\u00e6nan en h\u00e6ttulega dj\u00f6flakonung vi\u00f0 \u00e1minningu um takm\u00f6rk konunglegs valds.<\/p><p><span class=\"iwg-fachbegriff\" data-tooltip=\"Meginrit rabb\u00ednsks gy\u00f0ingd\u00f3ms me\u00f0 \u00fatlegging \u00e1 tr\u00faarlegri hef\u00f0.\" tabindex=\"0\">Talm\u00fadinn<\/span> s\u00fdnir Asm\u00f3da\u00ed \u00e1 nokkrum st\u00f6\u00f0um sem tv\u00edbenta pers\u00f3nu. Hann er h\u00e6ttulegur og svikull, en einnig g\u00e6ddur eigin visku og ekki \u00e1n nokkurs r\u00e9ttar. \u00deessi margbreytileiki a\u00f0greinir hina rabb\u00ednsku pers\u00f3nu greinilega fr\u00e1 \u00feeirri einfalda\u00f0ri mynd sem s\u00ed\u00f0ar birtist \u00ed kristinni dj\u00f6flafr\u00e6\u00f0i.<\/p>\t\t\t\t\t\t\t\t<\/div>\n\t\t\t\t<\/div>\n\t\t\t\t\t<\/div>\n\t\t\t\t<\/div>\n\t\t<div class=\"elementor-element elementor-element-cpa710211 e-flex e-con-boxed e-con e-parent\" data-id=\"cpa710211\" data-element_type=\"container\" data-e-type=\"container\">\n\t\t\t\t\t<div class=\"e-con-inner\">\n\t\t\t\t<div class=\"elementor-element elementor-element-cp0cbe61b elementor-widget elementor-widget-heading\" data-id=\"cp0cbe61b\" data-element_type=\"widget\" data-e-type=\"widget\" data-widget_type=\"heading.default\">\n\t\t\t\t\t<h2 class=\"elementor-heading-title elementor-size-default\">Asm\u00f3deus \u00ed seinmi\u00f0aldalegri og fyrri n\u00fdaldar dj\u00f6flafr\u00e6\u00f0i<\/h2>\t\t\t\t<\/div>\n\t\t<div class=\"elementor-element elementor-element-cp447cf34 e-con-full e-flex e-con e-child\" data-id=\"cp447cf34\" data-element_type=\"container\" data-e-type=\"container\">\n\t\t\t\t<div class=\"elementor-element elementor-element-cpb6e2adc elementor-widget elementor-widget-text-editor\" data-id=\"cpb6e2adc\" data-element_type=\"widget\" data-e-type=\"widget\" data-widget_type=\"text-editor.default\">\n\t\t\t\t\t\t\t\t\t<p>\u00cd kristinni dj\u00f6flafr\u00e6\u00f0i s\u00ed\u00f0mi\u00f0alda og \u00e1rn\u00fdaldar var\u00f0 Asm\u00f3da\u00ed fastur hluti af stigveldi helv\u00edtis. T\u00f6frahandb\u00e6kur og dj\u00f6flaskr\u00e1r \u00feess t\u00edma settu hann oftast \u00ed flokk me\u00f0 dau\u00f0asyndinni girnd, \u00ed samr\u00e6mi vi\u00f0 hlutverk hans \u00ed Tob\u00edasarb\u00f3k sem fjandmanns hj\u00f3nabandsins og t\u00e6lara.<\/p><p><span data-nosnippet>\u00cd hinni \u00e1hrifamiklu <em>Pseudomonarchia Daemonum<\/em>, sem Johann Weyer gaf \u00fat 1577 sem vi\u00f0auka vi\u00f0 rit sitt gegn norna\u00e6\u00f0inu, og \u00ed <em>Lemegeton<\/em> e\u00f0a <em>Goetia<\/em> sem byggir \u00e1 henni, kemur Asm\u00f3da\u00ed fram, \u00fear oftast skrifa\u00f0ur <em>Asmoday<\/em>, sem voldugur konungur me\u00f0 fj\u00f6lda undirs\u00e1ta anda.<\/span><\/p><p>Honum er l\u00fdst sem verund me\u00f0 \u00ferj\u00fa h\u00f6fu\u00f0, r\u00ed\u00f0andi \u00e1 helv\u00edtisdreka, og honum er eignu\u00f0 kunn\u00e1tta \u00ed r\u00famfr\u00e6\u00f0i, handverki og \u00feekking \u00e1 f\u00f3lgnum fj\u00e1rsj\u00f3\u00f0um.<\/p><p>\u00deessar l\u00fdsingar eru ekki fornar arfsagnir heldur l\u00e6r\u00f0ar sm\u00ed\u00f0ar fr\u00e1 endurreisnart\u00edmanum, sem t\u00f3ku upp eldri n\u00f6fn og felldu \u00feau inn \u00ed kerfisbundi\u00f0 skema. Ranns\u00f3knir \u00e1 s\u00f6gu <span class=\"iwg-fachbegriff\" data-tooltip=\"I\u00f0kun sem reynir a\u00f0 hafa \u00e1hrif \u00e1 gang hlutanna me\u00f0 s\u00e9rst\u00f6kum ath\u00f6fnum e\u00f0a form\u00falum.\" tabindex=\"0\">t\u00f6fra<\/span>, me\u00f0al annars vinna um <span class=\"iwg-fachbegriff\" data-tooltip=\"Mi\u00f0lun \u00feekkingar og fr\u00e1sagna milli kynsl\u00f3\u00f0a.\" tabindex=\"0\">munnm\u00e6li<\/span> <em>Goetia<\/em>, hefur s\u00fdnt a\u00f0 sl\u00edkar skr\u00e1r afritu\u00f0u hver a\u00f0ra miki\u00f0 og endursamsettu einkenni \u00ed lei\u00f0inni.<\/p><p>\u00deekkt b\u00f3kmenntaleg \u00farvinnsla er fr\u00e1 18. \u00f6ld. \u00cd sk\u00e1lds\u00f6gunni El diablo cojuelo eftir Luis V\u00e9lez de Guevara kemur fram haltur dj\u00f6full sem er samsama\u00f0ur Asm\u00f3da\u00ed. \u00dea\u00f0 \u00e1 enn frekar vi\u00f0 um fr\u00f6nsku \u00fatg\u00e1funa Le Diable boiteux eftir Alain-Ren\u00e9 Lesage. Dj\u00f6fullinn lyftir \u00fe\u00f6kum borgarinnar fyrir mannlegan f\u00f6runaut sinn til a\u00f0 s\u00fdna f\u00f3lgin lesti \u00edb\u00faanna.<\/p><p>Me\u00f0 \u00feessum sk\u00e1lds\u00f6gum breiddist nafn Asm\u00f3da\u00ed einnig \u00fat \u00ed veraldlegum b\u00f3kmenntum.<\/p>\t\t\t\t\t\t\t\t<\/div>\n\t\t\t\t<\/div>\n\t\t\t\t\t<\/div>\n\t\t\t\t<\/div>\n\t\t<div class=\"elementor-element elementor-element-36dd7469 e-flex e-con-boxed e-con e-parent\" data-id=\"36dd7469\" data-element_type=\"container\" data-e-type=\"container\">\n\t\t\t\t\t<div class=\"e-con-inner\">\n\t\t\t\t<div class=\"elementor-element elementor-element-13760ab4 elementor-widget elementor-widget-heading\" data-id=\"13760ab4\" data-element_type=\"widget\" data-e-type=\"widget\" data-widget_type=\"heading.default\">\n\t\t\t\t\t<div class=\"elementor-heading-title elementor-size-default\">\u00cdtarefni og tenglar<\/div>\t\t\t\t<\/div>\n\t\t<div class=\"elementor-element elementor-element-28c87796 e-con-full e-flex e-con e-child\" data-id=\"28c87796\" data-element_type=\"container\" data-e-type=\"container\">\n\t\t\t\t<div class=\"elementor-element elementor-element-5d6538df elementor-widget elementor-widget-text-editor\" data-id=\"5d6538df\" data-element_type=\"widget\" data-e-type=\"widget\" data-widget_type=\"text-editor.default\">\n\t\t\t\t\t\t\t\t\t<p>R\u00e1\u00f0lag\u00f0ir innri tenglar:<\/p><ul><li><a href=\"https:\/\/iwell-guard.com\/is\/?page_id=168596\">Judaismi<\/a><\/li><li><a href=\"https:\/\/iwell-guard.com\/is\/?page_id=168608\">Shedim<\/a> (Asm\u00f3da\u00ed sem konungur \u00feeirra)<\/li><li><a href=\"https:\/\/iwell-guard.com\/is\/?page_id=168607\">Lilith<\/a> (tengd \u00ed kabbalisma)<\/li><li><a href=\"https:\/\/iwell-guard.com\/is\/?page_id=168611\">Azazel<\/a> (\u00f6nnur lykilpers\u00f3na)<\/li><li><a href=\"https:\/\/iwell-guard.com\/is\/?page_id=168610\">Dybbuk<\/a> (<span class=\"iwg-fachbegriff\" data-tooltip=\"Endurteki\u00f0 innihaldsatri\u00f0i \u00ed list e\u00f0a fr\u00e1s\u00f6gn.\" tabindex=\"0\">stef<\/span> haldins \u00e1stands)<\/li><li>Zoroastr\u00edsk hef\u00f0 (A\u0113\u0161ma da\u0113va)<\/li><li>Grimoire-b\u00f3kmenntir og dj\u00f6flastigveldi<\/li><\/ul>\t\t\t\t\t\t\t\t<\/div>\n\t\t\t\t<\/div>\n\t\t\t\t\t<\/div>\n\t\t\t\t<\/div>\n\t\t<div class=\"elementor-element elementor-element-grl4kl40 e-flex e-con-boxed e-con e-parent\" data-id=\"grl4kl40\" data-element_type=\"container\" data-e-type=\"container\">\n\t\t\t\t\t<div class=\"e-con-inner\">\n\t\t\t\t<div class=\"elementor-element elementor-element-bzsbfrmh elementor-widget elementor-widget-heading\" data-id=\"bzsbfrmh\" data-element_type=\"widget\" data-e-type=\"widget\" data-widget_type=\"heading.default\">\n\t\t\t\t\t<h2 class=\"elementor-heading-title elementor-size-default\">Heimildir (\u00farval)<\/h2>\t\t\t\t<\/div>\n\t\t<div class=\"elementor-element elementor-element-2c13224a e-con-full e-flex e-con e-child\" data-id=\"2c13224a\" data-element_type=\"container\" data-e-type=\"container\">\n\t\t\t\t<div class=\"elementor-element elementor-element-0eymh9ub elementor-widget elementor-widget-text-editor\" data-id=\"0eymh9ub\" data-element_type=\"widget\" data-e-type=\"widget\" data-widget_type=\"text-editor.default\">\n\t\t\t\t\t\t\t\t\t<p>\u00darval mikilv\u00e6gra verka um Asm\u00f3da\u00ed:<\/p><div data-nosnippet=\"true\"><ul><li><span data-nosnippet>Moore, Carey A.: <em>Tobit. A New Translation with Introduction and Commentary<\/em>. New York 1996.<\/span><\/li><li><span data-nosnippet>Duling, Dennis C.: \u201eTestament of Solomon.&#8220; \u00cd: James Charlesworth (ritstj.): <em>Old Testament Pseudepigrapha<\/em>, 1. bindi. New York 1983.<\/span><\/li><li><span data-nosnippet>Scholem, Gershom: <em>Kabbalah<\/em>. Jer\u00fasalem 1974.<\/span><\/li><li><span data-nosnippet>Trachtenberg, Joshua: <em><a href=\"https:\/\/archive.org\/details\/jewishmagicsuper0000josh\" target=\"_blank\" rel=\"noopener noreferrer\">Jewish Magic and Superstition<\/a><\/em>. New York 1939.<\/span><\/li><li><span data-nosnippet>R\u00fcpke, J\u00f6rg \/ Spickermann, Wolfgang (ritstj.): <em>Reflections on Magic<\/em>. T\u00fcbingen 2012.<\/span><\/li><\/ul><\/div>\t\t\t\t\t\t\t\t<\/div>\n\t\t\t\t<\/div>\n\t\t\t\t\t<\/div>\n\t\t\t\t<\/div>\n\t\t<div class=\"elementor-element elementor-element-qv851qv e-flex e-con-boxed e-con e-parent\" data-id=\"qv851qv\" data-element_type=\"container\" data-e-type=\"container\">\n\t\t\t\t\t<div class=\"e-con-inner\">\n\t\t\t\t<div class=\"elementor-element elementor-element-qv851qvh elementor-widget elementor-widget-heading\" data-id=\"qv851qvh\" data-element_type=\"widget\" data-e-type=\"widget\" data-widget_type=\"heading.default\">\n\t\t\t\t\t<h2 class=\"elementor-heading-title elementor-size-default\">Tengd verndart\u00e1kn<\/h2>\t\t\t\t<\/div>\n\t\t<div class=\"elementor-element elementor-element-qv851qvb e-con-full e-flex e-con e-parent\" data-id=\"qv851qvb\" data-element_type=\"container\" data-e-type=\"container\">\n\t\t\t\t<div class=\"elementor-element elementor-element-qv851qvt elementor-widget elementor-widget-html\" data-id=\"qv851qvt\" data-element_type=\"widget\" data-e-type=\"widget\" data-widget_type=\"html.default\">\n\t\t\t\t\t<div class=\"iwg-querverweis-grid\" style=\"display:grid;grid-template-columns:repeat(auto-fit,minmax(220px,1fr));gap:16px;margin:16px 0;\"><div class=\"iwg-querverweis-card\"><a href=\"https:\/\/iwell-guard.com\/is\/?page_id=168900\" class=\"iwg-querverweis-link\"><strong>Mezuza<\/strong><br><span class=\"iwg-querverweis-teaser\">Gy\u00f0ingleg skriflungr\u00falla \u00e1 dyrastafnum, me\u00f0 Shma \u00cdsrael-texta<\/span><\/a><\/div><div class=\"iwg-querverweis-card\"><a href=\"https:\/\/iwell-guard.com\/is\/?page_id=168899\" class=\"iwg-querverweis-link\"><strong>Hamsa<\/strong><br><span class=\"iwg-querverweis-teaser\">H\u00f6nd Fat\u00edmu, gy\u00f0ing-arab\u00edskt verndart\u00e1kn me\u00f0 fimm fingrum og auga<\/span><\/a><\/div><\/div><style>.iwg-querverweis-card{padding:16px;border:1px solid var(--e-global-color-f443515,#e6c45a);border-radius:8px;background:rgba(0,0,0,0.22);}.iwg-querverweis-link{color:var(--e-global-color-accent,#e6c45a);text-decoration:none;}.iwg-querverweis-teaser{color:#e8e8e8;font-size:13px;line-height:1.4;}<\/style>\t\t\t\t<\/div>\n\t\t\t\t<\/div>\n\t\t\t\t\t<\/div>\n\t\t\t\t<\/div>\n\t\t<div class=\"elementor-element elementor-element-iwgca-asmodai-sec e-flex e-con-boxed e-con e-parent\" data-id=\"iwgca-asmodai-sec\" data-element_type=\"container\" data-e-type=\"container\" id=\"iwg-ca-asmodai\">\n\t\t\t\t\t<div class=\"e-con-inner\">\n\t\t\t\t<div class=\"elementor-element elementor-element-iwgca-asmodai-te iwg-ca-textwrap elementor-widget elementor-widget-text-editor\" data-id=\"iwgca-asmodai-te\" data-element_type=\"widget\" data-e-type=\"widget\" data-widget_type=\"text-editor.default\">\n\t\t\t\t\t\t\t\t\t<div data-nosnippet=\"true\"><p class=\"iwg-ca-bridge\">Verndarhef\u00f0in sem h\u00e9r er l\u00fdst er tr\u00faars\u00f6gulegt yfirlit yfir s\u00f6guleg fyrirb\u00e6ri. iWell Guard tengist \u00feessari menningars\u00f6gulegu hef\u00f0 verndargripa sem bornir eru \u00e1 l\u00edkamanum og er samt\u00edma\u00fatg\u00e1fa af henni. <a href=\"\/ueber-iwell-guard\/?utm_source=iwell-guard.com&#038;utm_medium=text-link&#038;utm_campaign=schadwesen-tradition\">Meira um iWell Guard \u2192<\/a><\/p><\/div>\t\t\t\t\t\t\t\t<\/div>\n\t\t\t\t\t<\/div>\n\t\t\t\t<\/div>\n\t\t<div class=\"elementor-element elementor-element-fe5be41 e-con-boxed e-flex e-con e-parent\" data-id=\"fe5be41\" data-element_type=\"container\" data-e-type=\"container\">\n\t\t\t\t\t<div class=\"e-con-inner\">\n\t\t\t\t<div class=\"elementor-element elementor-element-eb14c5f elementor-widget elementor-widget-text-editor\" data-id=\"eb14c5f\" data-element_type=\"widget\" data-e-type=\"widget\" data-widget_type=\"text-editor.default\">\n\t\t\t\t\t\t\t\t\t\n<h2>Algengar spurningar um Asm\u00f3da\u00ed<\/h2>\n<div class=\"iwg-faq-q\"><h3>Hver er Asm\u00f3da\u00ed \u00ed gy\u00f0ing-kristinni dj\u00f6flafr\u00e6\u00f0i?<\/h3><p>Asm\u00f3da\u00ed (einnig Asm\u00f3deus, Aschmeda\u00ed, hebreska \u05d0\u05b7\u05e9\u05b0\u05c1\u05de\u05b0\u05d3\u05b7\u05d0\u05d9) er einn valdamesti dj\u00f6fullinn \u00ed gy\u00f0inglegri og mi\u00f0aldakristinni hef\u00f0. Hann birtist fyrst \u00ed deuter\u00f3kan\u00f3n\u00edsku T\u00f3b\u00edtarb\u00f3kinni sem <span class=\"iwg-fachbegriff\" data-tooltip=\"Andleg vera sem eignu\u00f0 er ska\u00f0leg e\u00f0a tv\u00edr\u00e6\u00f0 \u00e1hrif.\" tabindex=\"0\">dj\u00f6full<\/span>, sem drepur br\u00fa\u00f0guma ungu S\u00f6ru \u00e1 br\u00fa\u00f0kaupsn\u00f3ttina \u00fear til T\u00f3b\u00edas rekur hann \u00e1 brott me\u00f0 hj\u00e1lp erkiengilsins Rafaels.<\/p><p>\u00cd bab\u00fdlonska <span class=\"iwg-fachbegriff\" data-tooltip=\"H\u00f6fu\u00f0rit rabb\u00ednskrar gy\u00f0ingd\u00f3ms me\u00f0 \u00fatlistun tr\u00faarlegrar arfleif\u00f0ar.\" tabindex=\"0\">Talm\u00fad<\/span> ver\u00f0ur Asm\u00f3da\u00ed konungur sh\u00e9d\u00edm (ska\u00f0vera). \u00cd mi\u00f0alda galdrab\u00f3kakerfinu er hann einn af sj\u00f6 furstum helv\u00edtis, \u00e1byrgur fyrir muna\u00f0arlosta.<\/p><\/div>\n<div class=\"iwg-faq-q\"><h3>Hva\u00f0a hlutverki gegnir Asm\u00f3da\u00ed \u00ed hef\u00f0inni um Sal\u00f3mon?<\/h3><p>\u00cd Testamenti Sal\u00f3mons (kristin-gy\u00f0inglegt rit, 1.-3. \u00f6ld) og \u00ed gy\u00f0inglegum <span class=\"iwg-fachbegriff\" data-tooltip=\"H\u00f6fu\u00f0rit rabb\u00ednskrar gy\u00f0ingd\u00f3ms me\u00f0 \u00fatlistun tr\u00faarlegrar arfleif\u00f0ar.\" tabindex=\"0\">Talm\u00fad<\/span> (Gittin 68a-b) er Asm\u00f3da\u00ed lykilpers\u00f3na. Sal\u00f3mon \u00e1 a\u00f0 hafa fj\u00f6tra\u00f0 hann me\u00f0 hj\u00e1lp erkiengilsins M\u00edkaels til a\u00f0 nota hann vi\u00f0 byggingu musterisins \u00ed Jer\u00fasalem, \u00fear sem Sham\u00edr-steinninn, sem sker steina \u00e1n j\u00e1rns, kom vi\u00f0 s\u00f6gu.<\/p><p>\u00cd Lemegeton (Goetia, 17. \u00f6ld) er Asm\u00f3da\u00ed 32. <span class=\"iwg-fachbegriff\" data-tooltip=\"L\u00edkamslaus vera sem talin er hafa \u00e1hrif \u00ed heiminum.\" tabindex=\"0\">andinn<\/span>, konungur sem stj\u00f3rnar 72 herdeildum og getur veitt uppl\u00fdsingar um st\u00e6r\u00f0fr\u00e6\u00f0i, stj\u00f6rnuspeki og v\u00e9lr\u00e6na list.<\/p><\/div>\n<script type=\"application\/ld+json\">{\"@context\":\"https:\/\/schema.org\",\"@type\":\"FAQPage\",\"mainEntity\":[{\"@type\":\"Question\",\"name\":\"Hver er Asm\u00f3da\u00ed \u00ed gy\u00f0ing-kristinni dj\u00f6flafr\u00e6\u00f0i?\",\"acceptedAnswer\":{\"@type\":\"Answer\",\"text\":\"Asm\u00f3da\u00ed (einnig Asm\u00f3deus, Aschmeda\u00ed, hebreska \u05d0\u05b7\u05e9\u05b0\u05c1\u05de\u05b0\u05d3\u05b7\u05d0\u05d9) er einn valdamesti dj\u00f6fullinn \u00ed gy\u00f0inglegri og mi\u00f0aldakristinni hef\u00f0. Hann birtist fyrst \u00ed deuter\u00f3kan\u00f3n\u00edsku T\u00f3b\u00edtarb\u00f3kinni sem dj\u00f6full, sem drepur br\u00fa\u00f0guma ungu S\u00f6ru \u00e1 br\u00fa\u00f0kaupsn\u00f3ttina \u00fear til T\u00f3b\u00edas rekur hann \u00e1 brott me\u00f0 hj\u00e1lp erkiengilsins Rafaels.\u00cd bab\u00fdlonska Talm\u00fad ver\u00f0ur Asm\u00f3da\u00ed konungur sh\u00e9d\u00edm (ska\u00f0vera). \u00cd mi\u00f0alda galdrab\u00f3kakerfinu er hann einn af sj\u00f6 furstum helv\u00edtis, \u00e1byrgur fyrir muna\u00f0arlosta.\"}},{\"@type\":\"Question\",\"name\":\"Hva\u00f0a hlutverki gegnir Asm\u00f3da\u00ed \u00ed hef\u00f0inni um Sal\u00f3mon?\",\"acceptedAnswer\":{\"@type\":\"Answer\",\"text\":\"\u00cd Testamenti Sal\u00f3mons (kristin-gy\u00f0inglegt rit, 1.-3. \u00f6ld) og \u00ed gy\u00f0inglegum Talm\u00fad (Gittin 68a-b) er Asm\u00f3da\u00ed lykilpers\u00f3na. Sal\u00f3mon \u00e1 a\u00f0 hafa fj\u00f6tra\u00f0 hann me\u00f0 hj\u00e1lp erkiengilsins M\u00edkaels til a\u00f0 nota hann vi\u00f0 byggingu musterisins \u00ed Jer\u00fasalem, \u00fear sem Sham\u00edr-steinninn, sem sker steina \u00e1n j\u00e1rns, kom vi\u00f0 s\u00f6gu.\u00cd Lemegeton (Goetia, 17. \u00f6ld) er Asm\u00f3da\u00ed 32. andinn, konungur sem stj\u00f3rnar 72 herdeildum og getur veitt uppl\u00fdsingar um st\u00e6r\u00f0fr\u00e6\u00f0i, stj\u00f6rnuspeki og v\u00e9lr\u00e6na list.\"}}]}<\/script>\t\t\t\t\t\t\t\t<\/div>\n\t\t\t\t\t<\/div>\n\t\t\t\t<\/div>\n\t\t\t\t<\/div>\n\t\t","protected":false},"excerpt":{"rendered":"","protected":false},"author":3,"featured_media":1668,"parent":0,"menu_order":0,"comment_status":"closed","ping_status":"closed","template":"elementor_header_footer","meta":{"_yoast_wpseo_focuskw":"Asmodai","_yoast_wpseo_title":"Asmodai \u2013 dj\u00f6flakonungur \u00far Tob\u00edt og Testamenti Sal\u00f3mons","_yoast_wpseo_metadesc":"Asmodai, konungur dj\u00f6flanna: valdhafi milli Tob\u00edts, Talm\u00fa\u00f0s og galdrab\u00f3ka. Sefer Raziel, Pseudo-Sal\u00f3mon og kristin vi\u00f0taka hans.","_yoast_wpseo_meta-robots-noindex":"","_yoast_wpseo_canonical":"","_angie_page":false,"gefaehrdungsstufe":"4","wesen_kultur":"judentum","wesen_klasse":"daemonen","footnotes":""},"categories":[],"class_list":["post-168609","page","type-page","status-publish","has-post-thumbnail","hentry"],"yoast_head":"<!-- This site is optimized with the Yoast SEO Premium plugin v27.7 (Yoast SEO v28.3) - https:\/\/yoast.com\/product\/yoast-seo-premium-wordpress\/ -->\n<title>Asmodai \u2013 dj\u00f6flakonungur \u00far Tob\u00edt og Testamenti Sal\u00f3mons<\/title>\n<meta name=\"description\" content=\"Asmodai, konungur dj\u00f6flanna: valdhafi milli Tob\u00edts, Talm\u00fa\u00f0s og galdrab\u00f3ka. Sefer Raziel, Pseudo-Sal\u00f3mon og kristin vi\u00f0taka hans.\" \/>\n<meta name=\"robots\" content=\"index, follow, max-snippet:-1, max-image-preview:large, max-video-preview:-1\" \/>\n<link rel=\"canonical\" href=\"https:\/\/iwell-guard.com\/is\/asmodai\/\" \/>\n<meta property=\"og:locale\" content=\"is_IS\" \/>\n<meta property=\"og:type\" content=\"article\" \/>\n<meta property=\"og:title\" content=\"Asmodai\" \/>\n<meta property=\"og:description\" content=\"Asmodai, konungur dj\u00f6flanna: valdhafi milli Tob\u00edts, Talm\u00fa\u00f0s og galdrab\u00f3ka. Sefer Raziel, Pseudo-Sal\u00f3mon og kristin vi\u00f0taka hans.\" \/>\n<meta property=\"og:url\" content=\"https:\/\/iwell-guard.com\/is\/asmodai\/\" \/>\n<meta property=\"og:site_name\" content=\"iWell Guard\" \/>\n<meta property=\"article:modified_time\" content=\"2026-09-05T14:14:51+00:00\" \/>\n<meta property=\"og:image\" content=\"https:\/\/iwell-guard.com\/wp-content\/uploads\/2026\/04\/daemonen_judentum_asmodai.webp\" \/>\n\t<meta property=\"og:image:width\" content=\"1024\" \/>\n\t<meta property=\"og:image:height\" content=\"1536\" \/>\n\t<meta property=\"og:image:type\" content=\"image\/webp\" \/>\n<meta name=\"twitter:card\" content=\"summary_large_image\" \/>\n<script type=\"application\/ld+json\" class=\"yoast-schema-graph\">{\"@context\":\"https:\\\/\\\/schema.org\",\"@graph\":[{\"@type\":\"WebPage\",\"@id\":\"https:\\\/\\\/iwell-guard.com\\\/is\\\/asmodai\\\/\",\"url\":\"https:\\\/\\\/iwell-guard.com\\\/is\\\/asmodai\\\/\",\"name\":\"Asmodai \u2013 dj\u00f6flakonungur \u00far Tob\u00edt og Testamenti Sal\u00f3mons\",\"isPartOf\":{\"@id\":\"https:\\\/\\\/iwell-guard.com\\\/is\\\/#website\"},\"primaryImageOfPage\":{\"@id\":\"https:\\\/\\\/iwell-guard.com\\\/is\\\/asmodai\\\/#primaryimage\"},\"image\":{\"@id\":\"https:\\\/\\\/iwell-guard.com\\\/is\\\/asmodai\\\/#primaryimage\"},\"thumbnailUrl\":\"https:\\\/\\\/iwell-guard.com\\\/wp-content\\\/uploads\\\/2026\\\/04\\\/daemonen_judentum_asmodai.webp\",\"datePublished\":\"2026-09-05T14:01:33+00:00\",\"dateModified\":\"2026-09-05T14:14:51+00:00\",\"description\":\"Asmodai, konungur dj\u00f6flanna: valdhafi milli Tob\u00edts, Talm\u00fa\u00f0s og galdrab\u00f3ka. Sefer Raziel, Pseudo-Sal\u00f3mon og kristin vi\u00f0taka hans.\",\"breadcrumb\":{\"@id\":\"https:\\\/\\\/iwell-guard.com\\\/is\\\/asmodai\\\/#breadcrumb\"},\"inLanguage\":\"is\",\"potentialAction\":[{\"@type\":\"ReadAction\",\"target\":[\"https:\\\/\\\/iwell-guard.com\\\/is\\\/asmodai\\\/\"]}]},{\"@type\":\"ImageObject\",\"inLanguage\":\"is\",\"@id\":\"https:\\\/\\\/iwell-guard.com\\\/is\\\/asmodai\\\/#primaryimage\",\"url\":\"https:\\\/\\\/iwell-guard.com\\\/wp-content\\\/uploads\\\/2026\\\/04\\\/daemonen_judentum_asmodai.webp\",\"contentUrl\":\"https:\\\/\\\/iwell-guard.com\\\/wp-content\\\/uploads\\\/2026\\\/04\\\/daemonen_judentum_asmodai.webp\",\"width\":1024,\"height\":1536,\"caption\":\"Dem\u00f3nar \u00far hef\u00f0 j\u00fadaisma.\"},{\"@type\":\"BreadcrumbList\",\"@id\":\"https:\\\/\\\/iwell-guard.com\\\/is\\\/asmodai\\\/#breadcrumb\",\"itemListElement\":[{\"@type\":\"ListItem\",\"position\":1,\"name\":\"Start\",\"item\":\"https:\\\/\\\/iwell-guard.com\\\/is\\\/?page_id=168580\"},{\"@type\":\"ListItem\",\"position\":2,\"name\":\"Asmodai\"}]},{\"@type\":\"WebSite\",\"@id\":\"https:\\\/\\\/iwell-guard.com\\\/is\\\/#website\",\"url\":\"https:\\\/\\\/iwell-guard.com\\\/is\\\/\",\"name\":\"iWell Guard\",\"description\":\"Schutz vor dunklen Einfl\u00fcssen\",\"publisher\":{\"@id\":\"https:\\\/\\\/iwell-guard.com\\\/is\\\/#organization\"},\"potentialAction\":[{\"@type\":\"SearchAction\",\"target\":{\"@type\":\"EntryPoint\",\"urlTemplate\":\"https:\\\/\\\/iwell-guard.com\\\/is\\\/?s={search_term_string}\"},\"query-input\":{\"@type\":\"PropertyValueSpecification\",\"valueRequired\":true,\"valueName\":\"search_term_string\"}}],\"inLanguage\":\"is\"},{\"@type\":\"Organization\",\"@id\":\"https:\\\/\\\/iwell-guard.com\\\/is\\\/#organization\",\"name\":\"Ittermann electronic GmbH\",\"url\":\"https:\\\/\\\/iwell-guard.com\\\/is\\\/\",\"logo\":{\"@type\":\"ImageObject\",\"inLanguage\":\"is\",\"@id\":\"https:\\\/\\\/iwell-guard.com\\\/is\\\/#\\\/schema\\\/logo\\\/image\\\/\",\"url\":\"https:\\\/\\\/iwell-guard.com\\\/wp-content\\\/uploads\\\/2026\\\/05\\\/Ittermann-Logo-1182x237-1.png\",\"contentUrl\":\"https:\\\/\\\/iwell-guard.com\\\/wp-content\\\/uploads\\\/2026\\\/05\\\/Ittermann-Logo-1182x237-1.png\",\"width\":1182,\"height\":237,\"caption\":\"Ittermann electronic GmbH\"},\"image\":{\"@id\":\"https:\\\/\\\/iwell-guard.com\\\/is\\\/#\\\/schema\\\/logo\\\/image\\\/\"},\"sameAs\":[\"https:\\\/\\\/pantip.com\\\/profile\\\/9367242\",\"https:\\\/\\\/micro.blog\\\/iwellguard\",\"https:\\\/\\\/www.diggerslist.com\\\/iwellguard\\\/about\",\"https:\\\/\\\/skitterphoto.com\\\/photographers\\\/2870314\\\/iwell-guard\",\"https:\\\/\\\/iwellguard.wordpress.com\\\/2026\\\/06\\\/06\\\/iwell-guard\\\/\",\"https:\\\/\\\/hub.docker.com\\\/u\\\/iwellguard\",\"https:\\\/\\\/www.pinterest.com\\\/iwellguard\\\/\",\"https:\\\/\\\/bit.ly\\\/m\\\/iwellguard\",\"https:\\\/\\\/entre-vos-mains.alsace.eu\\\/profiles\\\/iwellguard\\\/activity\",\"https:\\\/\\\/gravatar.com\\\/reallybeded8fd34\",\"https:\\\/\\\/naijamatta.com\\\/iwellguard\",\"https:\\\/\\\/www.goodreads.com\\\/iwellguard\",\"https:\\\/\\\/profile.hatena.ne.jp\\\/iwellguard\\\/\",\"https:\\\/\\\/experiment.com\\\/users\\\/iwellguard\",\"https:\\\/\\\/wakelet.com\\\/@iWellGuard82270\",\"https:\\\/\\\/www.chordie.com\\\/forum\\\/profile.php?id=2555664\",\"https:\\\/\\\/www.instapaper.com\\\/p\\\/17757966\",\"https:\\\/\\\/www.mapleprimes.com\\\/users\\\/iwellguard\",\"https:\\\/\\\/businesslistingplus.com\\\/profile\\\/iwell-guard\\\/\",\"https:\\\/\\\/telegra.ph\\\/iWell-Guard-06-06\",\"https:\\\/\\\/pbase.com\\\/iwellguard\\\/iwellguard\",\"https:\\\/\\\/b.hatena.ne.jp\\\/iwellguard\\\/20260607#bookmark-4788405196491818882\",\"https:\\\/\\\/fliphtml5.com\\\/home\\\/iwellguard\",\"https:\\\/\\\/anyflip.com\\\/homepage\\\/cmiwl#About\",\"https:\\\/\\\/transfur.com\\\/Users\\\/iwellguard\",\"http:\\\/\\\/delphi.larsbo.org\\\/user\\\/iwellguard\",\"https:\\\/\\\/jobs.lajobsportal.org\\\/profiles\\\/8380803-iwell-guard\",\"https:\\\/\\\/md.chaosdorf.de\\\/s\\\/jfbe5SBdJD\",\"https:\\\/\\\/www.lingvolive.com\\\/en-us\\\/profile\\\/9ecaeaca-ce11-4e51-9e71-01d55e2bff36\\\/translations\",\"https:\\\/\\\/www.fitday.com\\\/fitness\\\/forums\\\/members\\\/iwellguard.html\",\"https:\\\/\\\/www.mymeetbook.com\\\/iwellguard\",\"https:\\\/\\\/pxhere.com\\\/en\\\/photographer-me\\\/5040798\",\"https:\\\/\\\/disqus.com\\\/by\\\/iwellguard\\\/about\\\/\",\"https:\\\/\\\/pastelink.net\\\/hjwciqwq\",\"https:\\\/\\\/pubhtml5.com\\\/homepage\\\/scjhn\\\/\",\"https:\\\/\\\/www.bitchute.com\\\/channel\\\/2O2eOKzNqujT\",\"https:\\\/\\\/audiomack.com\\\/iwellguard\"]},{\"@type\":\"Article\",\"@id\":\"https:\\\/\\\/iwell-guard.com\\\/is\\\/asmodai\\\/#article\",\"isPartOf\":{\"@id\":\"https:\\\/\\\/iwell-guard.com\\\/is\\\/asmodai\\\/\"},\"author\":{\"name\":\"Ralf Ittermann\",\"@id\":\"https:\\\/\\\/iwell-guard.com\\\/is\\\/#\\\/schema\\\/person\\\/ee2a27f1cac3406c7c6fb5820cb7349f\"},\"headline\":\"Asmodai\",\"datePublished\":\"2026-09-05T14:01:33+00:00\",\"dateModified\":\"2026-09-05T14:14:51+00:00\",\"mainEntityOfPage\":{\"@id\":\"https:\\\/\\\/iwell-guard.com\\\/is\\\/asmodai\\\/\"},\"publisher\":{\"@id\":\"https:\\\/\\\/iwell-guard.com\\\/is\\\/#organization\"},\"image\":{\"@id\":\"https:\\\/\\\/iwell-guard.com\\\/is\\\/asmodai\\\/#primaryimage\"},\"thumbnailUrl\":\"https:\\\/\\\/iwell-guard.com\\\/wp-content\\\/uploads\\\/2026\\\/04\\\/daemonen_judentum_asmodai.webp\",\"inLanguage\":\"is\",\"description\":\"Asmodai, konungur dj\u00f6flanna: valdhafi milli Tob\u00edts, Talm\u00fa\u00f0s og galdrab\u00f3ka. Sefer Raziel, Pseudo-Sal\u00f3mon og kristin vi\u00f0taka hans.\"}]}<\/script>\n<!-- \/ Yoast SEO Premium plugin. -->","yoast_head_json":{"title":"Asmodai \u2013 dj\u00f6flakonungur \u00far Tob\u00edt og Testamenti Sal\u00f3mons","description":"Asmodai, konungur dj\u00f6flanna: valdhafi milli Tob\u00edts, Talm\u00fa\u00f0s og galdrab\u00f3ka. Sefer Raziel, Pseudo-Sal\u00f3mon og kristin vi\u00f0taka hans.","robots":{"index":"index","follow":"follow","max-snippet":"max-snippet:-1","max-image-preview":"max-image-preview:large","max-video-preview":"max-video-preview:-1"},"canonical":"https:\/\/iwell-guard.com\/is\/asmodai\/","og_locale":"is_IS","og_type":"article","og_title":"Asmodai","og_description":"Asmodai, konungur dj\u00f6flanna: valdhafi milli Tob\u00edts, Talm\u00fa\u00f0s og galdrab\u00f3ka. Sefer Raziel, Pseudo-Sal\u00f3mon og kristin vi\u00f0taka hans.","og_url":"https:\/\/iwell-guard.com\/is\/asmodai\/","og_site_name":"iWell Guard","article_modified_time":"2026-09-05T14:14:51+00:00","og_image":[{"width":1024,"height":1536,"url":"https:\/\/iwell-guard.com\/wp-content\/uploads\/2026\/04\/daemonen_judentum_asmodai.webp","type":"image\/webp"}],"twitter_card":"summary_large_image","schema":{"@context":"https:\/\/schema.org","@graph":[{"@type":"Article","@id":"https:\/\/iwell-guard.com\/is\/asmodai\/#article","isPartOf":{"@id":"https:\/\/iwell-guard.com\/is\/asmodai\/"},"author":{"name":"Ralf Ittermann","@id":"https:\/\/iwell-guard.com\/is\/#\/schema\/person\/ee2a27f1cac3406c7c6fb5820cb7349f"},"headline":"Asmodai","datePublished":"2026-09-05T14:01:33+00:00","dateModified":"2026-09-05T14:14:51+00:00","mainEntityOfPage":{"@id":"https:\/\/iwell-guard.com\/is\/asmodai\/"},"publisher":{"@id":"https:\/\/iwell-guard.com\/is\/#organization"},"image":{"@id":"https:\/\/iwell-guard.com\/is\/asmodai\/#primaryimage"},"thumbnailUrl":"https:\/\/iwell-guard.com\/wp-content\/uploads\/2026\/04\/daemonen_judentum_asmodai.webp","inLanguage":"is","description":"Asmodai, konungur dj\u00f6flanna: valdhafi milli Tob\u00edts, Talm\u00fa\u00f0s og galdrab\u00f3ka. Sefer Raziel, Pseudo-Sal\u00f3mon og kristin vi\u00f0taka hans."},{"@type":"WebPage","@id":"https:\/\/iwell-guard.com\/is\/asmodai\/","url":"https:\/\/iwell-guard.com\/is\/asmodai\/","name":"Asmodai \u2013 dj\u00f6flakonungur \u00far Tob\u00edt og Testamenti Sal\u00f3mons","isPartOf":{"@id":"https:\/\/iwell-guard.com\/is\/#website"},"primaryImageOfPage":{"@id":"https:\/\/iwell-guard.com\/is\/asmodai\/#primaryimage"},"image":{"@id":"https:\/\/iwell-guard.com\/is\/asmodai\/#primaryimage"},"thumbnailUrl":"https:\/\/iwell-guard.com\/wp-content\/uploads\/2026\/04\/daemonen_judentum_asmodai.webp","datePublished":"2026-09-05T14:01:33+00:00","dateModified":"2026-09-05T14:14:51+00:00","description":"Asmodai, konungur dj\u00f6flanna: valdhafi milli Tob\u00edts, Talm\u00fa\u00f0s og galdrab\u00f3ka. Sefer Raziel, Pseudo-Sal\u00f3mon og kristin vi\u00f0taka hans.","breadcrumb":{"@id":"https:\/\/iwell-guard.com\/is\/asmodai\/#breadcrumb"},"inLanguage":"is","potentialAction":[{"@type":"ReadAction","target":["https:\/\/iwell-guard.com\/is\/asmodai\/"]}]},{"@type":"ImageObject","inLanguage":"is","@id":"https:\/\/iwell-guard.com\/is\/asmodai\/#primaryimage","url":"https:\/\/iwell-guard.com\/wp-content\/uploads\/2026\/04\/daemonen_judentum_asmodai.webp","contentUrl":"https:\/\/iwell-guard.com\/wp-content\/uploads\/2026\/04\/daemonen_judentum_asmodai.webp","width":1024,"height":1536,"caption":"Dem\u00f3nar \u00far hef\u00f0 j\u00fadaisma."},{"@type":"BreadcrumbList","@id":"https:\/\/iwell-guard.com\/is\/asmodai\/#breadcrumb","itemListElement":[{"@type":"ListItem","position":1,"name":"Start","item":"https:\/\/iwell-guard.com\/is\/?page_id=168580"},{"@type":"ListItem","position":2,"name":"Asmodai"}]},{"@type":"WebSite","@id":"https:\/\/iwell-guard.com\/is\/#website","url":"https:\/\/iwell-guard.com\/is\/","name":"iWell Guard","description":"Schutz vor dunklen Einfl\u00fcssen","publisher":{"@id":"https:\/\/iwell-guard.com\/is\/#organization"},"potentialAction":[{"@type":"SearchAction","target":{"@type":"EntryPoint","urlTemplate":"https:\/\/iwell-guard.com\/is\/?s={search_term_string}"},"query-input":{"@type":"PropertyValueSpecification","valueRequired":true,"valueName":"search_term_string"}}],"inLanguage":"is"},{"@type":"Organization","@id":"https:\/\/iwell-guard.com\/is\/#organization","name":"Ittermann electronic GmbH","url":"https:\/\/iwell-guard.com\/is\/","logo":{"@type":"ImageObject","inLanguage":"is","@id":"https:\/\/iwell-guard.com\/is\/#\/schema\/logo\/image\/","url":"https:\/\/iwell-guard.com\/wp-content\/uploads\/2026\/05\/Ittermann-Logo-1182x237-1.png","contentUrl":"https:\/\/iwell-guard.com\/wp-content\/uploads\/2026\/05\/Ittermann-Logo-1182x237-1.png","width":1182,"height":237,"caption":"Ittermann electronic GmbH"},"image":{"@id":"https:\/\/iwell-guard.com\/is\/#\/schema\/logo\/image\/"},"sameAs":["https:\/\/pantip.com\/profile\/9367242","https:\/\/micro.blog\/iwellguard","https:\/\/www.diggerslist.com\/iwellguard\/about","https:\/\/skitterphoto.com\/photographers\/2870314\/iwell-guard","https:\/\/iwellguard.wordpress.com\/2026\/06\/06\/iwell-guard\/","https:\/\/hub.docker.com\/u\/iwellguard","https:\/\/www.pinterest.com\/iwellguard\/","https:\/\/bit.ly\/m\/iwellguard","https:\/\/entre-vos-mains.alsace.eu\/profiles\/iwellguard\/activity","https:\/\/gravatar.com\/reallybeded8fd34","https:\/\/naijamatta.com\/iwellguard","https:\/\/www.goodreads.com\/iwellguard","https:\/\/profile.hatena.ne.jp\/iwellguard\/","https:\/\/experiment.com\/users\/iwellguard","https:\/\/wakelet.com\/@iWellGuard82270","https:\/\/www.chordie.com\/forum\/profile.php?id=2555664","https:\/\/www.instapaper.com\/p\/17757966","https:\/\/www.mapleprimes.com\/users\/iwellguard","https:\/\/businesslistingplus.com\/profile\/iwell-guard\/","https:\/\/telegra.ph\/iWell-Guard-06-06","https:\/\/pbase.com\/iwellguard\/iwellguard","https:\/\/b.hatena.ne.jp\/iwellguard\/20260607#bookmark-4788405196491818882","https:\/\/fliphtml5.com\/home\/iwellguard","https:\/\/anyflip.com\/homepage\/cmiwl#About","https:\/\/transfur.com\/Users\/iwellguard","http:\/\/delphi.larsbo.org\/user\/iwellguard","https:\/\/jobs.lajobsportal.org\/profiles\/8380803-iwell-guard","https:\/\/md.chaosdorf.de\/s\/jfbe5SBdJD","https:\/\/www.lingvolive.com\/en-us\/profile\/9ecaeaca-ce11-4e51-9e71-01d55e2bff36\/translations","https:\/\/www.fitday.com\/fitness\/forums\/members\/iwellguard.html","https:\/\/www.mymeetbook.com\/iwellguard","https:\/\/pxhere.com\/en\/photographer-me\/5040798","https:\/\/disqus.com\/by\/iwellguard\/about\/","https:\/\/pastelink.net\/hjwciqwq","https:\/\/pubhtml5.com\/homepage\/scjhn\/","https:\/\/www.bitchute.com\/channel\/2O2eOKzNqujT","https:\/\/audiomack.com\/iwellguard"]},{"@type":"Person","@id":"https:\/\/iwell-guard.com\/is\/#\/schema\/person\/ee2a27f1cac3406c7c6fb5820cb7349f","name":"Ralf Ittermann","image":{"@type":"ImageObject","inLanguage":"is","@id":"https:\/\/secure.gravatar.com\/avatar\/073c0153e350a5005b68eb752b445fea71f6b24a26da9449ad7e155e6b446c9d?s=96&d=mm&r=g","url":"https:\/\/secure.gravatar.com\/avatar\/073c0153e350a5005b68eb752b445fea71f6b24a26da9449ad7e155e6b446c9d?s=96&d=mm&r=g","contentUrl":"https:\/\/secure.gravatar.com\/avatar\/073c0153e350a5005b68eb752b445fea71f6b24a26da9449ad7e155e6b446c9d?s=96&d=mm&r=g","caption":"Ralf Ittermann"},"givenName":"Ralf","familyName":"Ittermann","jobTitle":"Gesch\u00e4ftsf\u00fchrer und redaktioneller Verantwortlicher","url":"https:\/\/iwell-guard.com\/is\/author\/claude\/","description":"Ralf Ittermann ist Gesch\u00e4ftsf\u00fchrer der Ittermann electronic GmbH und redaktioneller Verantwortlicher des iWell-Guard-Lexikons. Er verbindet langj\u00e4hrige Erfahrung in der Pr\u00e4zisionsfertigung mit medialer Praxis und religionsgeschichtlicher Quellenarbeit.","worksFor":{"@type":"Organization","name":"Ittermann electronic GmbH","url":"https:\/\/ittermann.de\/","address":{"@type":"PostalAddress","streetAddress":"K\u00f6hlergasse 16-18","postalCode":"99842","addressLocality":"Ruhla","addressCountry":"DE"}},"knowsAbout":["Religionsgeschichte","Mythologie","Mediale Praxis","Energetische Diagnostik","Schutzpraxis","Volksglauben","Westliche Esoterik"]},{"@type":"Article","@id":"https:\/\/iwell-guard.com\/is\/asmodai\/#article","isPartOf":{"@id":"https:\/\/iwell-guard.com\/is\/asmodai\/"},"author":{"name":"Ralf Ittermann","@id":"https:\/\/iwell-guard.com\/is\/#\/schema\/person\/ee2a27f1cac3406c7c6fb5820cb7349f"},"headline":"Asmodai","datePublished":"2026-09-05T14:01:33+00:00","dateModified":"2026-09-05T14:14:51+00:00","mainEntityOfPage":{"@id":"https:\/\/iwell-guard.com\/is\/asmodai\/"},"publisher":{"@id":"https:\/\/iwell-guard.com\/is\/#organization"},"image":{"@id":"https:\/\/iwell-guard.com\/is\/asmodai\/#primaryimage"},"thumbnailUrl":"https:\/\/iwell-guard.com\/wp-content\/uploads\/2026\/04\/daemonen_judentum_asmodai.webp","inLanguage":"is","description":"Asmodai, konungur dj\u00f6flanna: valdhafi milli Tob\u00edts, Talm\u00fa\u00f0s og galdrab\u00f3ka. Sefer Raziel, Pseudo-Sal\u00f3mon og kristin vi\u00f0taka hans."}]}},"_links":{"self":[{"href":"https:\/\/iwell-guard.com\/is\/wp-json\/wp\/v2\/pages\/168609","targetHints":{"allow":["GET"]}}],"collection":[{"href":"https:\/\/iwell-guard.com\/is\/wp-json\/wp\/v2\/pages"}],"about":[{"href":"https:\/\/iwell-guard.com\/is\/wp-json\/wp\/v2\/types\/page"}],"author":[{"embeddable":true,"href":"https:\/\/iwell-guard.com\/is\/wp-json\/wp\/v2\/users\/3"}],"replies":[{"embeddable":true,"href":"https:\/\/iwell-guard.com\/is\/wp-json\/wp\/v2\/comments?post=168609"}],"version-history":[{"count":0,"href":"https:\/\/iwell-guard.com\/is\/wp-json\/wp\/v2\/pages\/168609\/revisions"}],"wp:featuredmedia":[{"embeddable":true,"href":"https:\/\/iwell-guard.com\/is\/wp-json\/wp\/v2\/media\/1668"}],"wp:attachment":[{"href":"https:\/\/iwell-guard.com\/is\/wp-json\/wp\/v2\/media?parent=168609"}],"wp:term":[{"taxonomy":"category","embeddable":true,"href":"https:\/\/iwell-guard.com\/is\/wp-json\/wp\/v2\/categories?post=168609"}],"curies":[{"name":"wp","href":"https:\/\/api.w.org\/{rel}","templated":true}]}}