{"id":168608,"date":"2026-09-05T14:01:32","date_gmt":"2026-09-05T14:01:32","guid":{"rendered":"https:\/\/iwell-guard.com\/?page_id=168608"},"modified":"2026-09-05T14:14:50","modified_gmt":"2026-09-05T14:14:50","slug":"shedim","status":"publish","type":"page","link":"https:\/\/iwell-guard.com\/is\/shedim\/","title":{"rendered":"Shedim"},"content":{"rendered":"\t\t<div data-elementor-type=\"wp-page\" data-elementor-id=\"168608\" class=\"elementor elementor-168608 elementor-850\" data-elementor-post-type=\"page\">\n\t\t\t\t<div class=\"elementor-element elementor-element-10fdade e-flex e-con-boxed e-con e-parent\" data-id=\"10fdade\" data-element_type=\"container\" data-e-type=\"container\" data-settings=\"{&quot;background_background&quot;:&quot;classic&quot;}\">\n\t\t\t\t\t<div class=\"e-con-inner\">\n\t\t<div class=\"elementor-element elementor-element-herohlft0 e-flex e-con-boxed e-con e-child\" data-id=\"herohlft0\" data-element_type=\"container\" data-e-type=\"container\">\n\t\t\t\t\t<div class=\"e-con-inner\">\n\t\t<div class=\"elementor-element elementor-element-c3ceb64 e-con-full e-flex e-con e-child\" data-id=\"c3ceb64\" data-element_type=\"container\" data-e-type=\"container\">\n\t\t\t\t<div class=\"elementor-element elementor-element-96ae5e1 elementor-widget elementor-widget-heading\" data-id=\"96ae5e1\" data-element_type=\"widget\" data-e-type=\"widget\" data-widget_type=\"heading.default\">\n\t\t\t\t\t<h1 class=\"elementor-heading-title elementor-size-default\">Shedim, dj\u00f6full \u00ed hef\u00f0 Judaismans<\/h1>\t\t\t\t<\/div>\n\t\t\t\t<div class=\"elementor-element elementor-element-e45238a elementor-widget elementor-widget-text-editor\" data-id=\"e45238a\" data-element_type=\"widget\" data-e-type=\"widget\" data-widget_type=\"text-editor.default\">\n\t\t\t\t\t\t\t\t\t<p>Shedim er <span class=\"iwg-fachbegriff\" data-tooltip=\"Andleg vera sem eigna\u00f0ar eru ska\u00f0leg e\u00f0a tv\u00edbent \u00e1hrif.\" tabindex=\"0\">dj\u00f6full<\/span> \u00ed hef\u00f0 Judaismans.<\/p><p>Hi\u00f0 klass\u00edska dj\u00f6flahugtak Judaismans, milli <span class=\"iwg-fachbegriff\" data-tooltip=\"Meginrit hins rabb\u00edn\u00edska Judaisma me\u00f0 \u00fatlegging \u00e1 tr\u00faarlegri arfleif\u00f0.\" tabindex=\"0\">Talm\u00fa\u00f0sins<\/span> og verndarsk\u00e1lar.<\/p>\t\t\t\t\t\t\t\t<\/div>\n\t\t\t\t<\/div>\n\t\t<div class=\"elementor-element elementor-element-klsbdg01 e-con-full e-flex e-con e-parent\" data-id=\"klsbdg01\" data-element_type=\"container\" data-e-type=\"container\">\n\t\t\t\t<div class=\"elementor-element elementor-element-klshtm01 elementor-widget elementor-widget-html\" data-id=\"klshtm01\" data-element_type=\"widget\" data-e-type=\"widget\" data-widget_type=\"html.default\">\n\t\t\t\t\t<div class=\"iwg-pill-row\"><span class=\"iwg-klasse-badge\" tabindex=\"0\" data-tooltip=\"Dj\u00f6full \/ dj\u00f6fulynja: Yfirn\u00e1tt\u00faruleg vera me\u00f0 a\u00f0 mestu ska\u00f0leg e\u00f0a tv\u00edbent \u00e1hrif. Stendur milli gu\u00f0a og manna, veldur sj\u00fakd\u00f3mum, t\u00e6lingu e\u00f0a \u00f3l\u00e1ni og er hrakin \u00e1 brott me\u00f0 \u00e1kalli, verndargripum og ath\u00f6fnum.\">Dj\u00f6full<\/span><a href=\"https:\/\/iwell-guard.com\/is\/?page_id=168596\" class=\"iwg-kultur-badge\" tabindex=\"0\" data-tooltip=\"Tr\u00faarhef\u00f0 Judaismans fr\u00e1 Tanakh til Kabbalah og n\u00fdaldarleyndarfr\u00e6\u00f0i.\">Judaismi<\/a><\/div>\t\t\t\t<\/div>\n\t\t\t\t<\/div>\n\t\t<div class=\"elementor-element elementor-element-3f74855 e-con-full e-flex e-con e-child\" data-id=\"3f74855\" data-element_type=\"container\" data-e-type=\"container\">\n\t\t\t\t<div class=\"elementor-element elementor-element-1c30362 elementor-toc--minimized-on-tablet elementor-widget elementor-widget-table-of-contents\" data-id=\"1c30362\" data-element_type=\"widget\" data-e-type=\"widget\" data-settings=\"{&quot;exclude_headings_by_selector&quot;:[],&quot;no_headings_message&quot;:&quot;Engar undirfyrirsagnir fundust \\u00e1 \\u00feessari s\\u00ed\\u00f0u.&quot;,&quot;headings_by_tags&quot;:[&quot;h2&quot;,&quot;h3&quot;],&quot;marker_view&quot;:&quot;bullets&quot;,&quot;icon&quot;:{&quot;value&quot;:&quot;fas fa-circle&quot;,&quot;library&quot;:&quot;fa-solid&quot;,&quot;rendered_tag&quot;:&quot;&lt;svg class=\\&quot;e-font-icon-svg e-fas-circle\\&quot; viewBox=\\&quot;0 0 512 512\\&quot; xmlns=\\&quot;http:\\\/\\\/www.w3.org\\\/2000\\\/svg\\&quot;&gt;&lt;path d=\\&quot;M256 8C119 8 8 119 8 256s111 248 248 248 248-111 248-248S393 8 256 8z\\&quot;&gt;&lt;\\\/path&gt;&lt;\\\/svg&gt;&quot;},&quot;minimize_box&quot;:&quot;yes&quot;,&quot;minimized_on&quot;:&quot;tablet&quot;,&quot;hierarchical_view&quot;:&quot;yes&quot;,&quot;min_height&quot;:{&quot;unit&quot;:&quot;px&quot;,&quot;size&quot;:&quot;&quot;,&quot;sizes&quot;:[]},&quot;min_height_tablet&quot;:{&quot;unit&quot;:&quot;px&quot;,&quot;size&quot;:&quot;&quot;,&quot;sizes&quot;:[]},&quot;min_height_mobile&quot;:{&quot;unit&quot;:&quot;px&quot;,&quot;size&quot;:&quot;&quot;,&quot;sizes&quot;:[]}}\" data-widget_type=\"table-of-contents.default\">\n\t\t\t\t\t\t\t\t\t<div class=\"elementor-toc__header\">\n\t\t\t\t\t\t<h2 class=\"elementor-toc__header-title\">\n\t\t\t\tEfnisyfirlit\t\t\t<\/h2>\n\t\t\t\t\t\t\t\t\t\t<div class=\"elementor-toc__toggle-button elementor-toc__toggle-button--expand\" role=\"button\" tabindex=\"0\" aria-controls=\"elementor-toc__1c30362\" aria-expanded=\"true\" aria-label=\"Open table of contents\"><svg aria-hidden=\"true\" class=\"e-font-icon-svg e-fas-chevron-down\" viewBox=\"0 0 448 512\" xmlns=\"http:\/\/www.w3.org\/2000\/svg\"><path d=\"M207.029 381.476L12.686 187.132c-9.373-9.373-9.373-24.569 0-33.941l22.667-22.667c9.357-9.357 24.522-9.375 33.901-.04L224 284.505l154.745-154.021c9.379-9.335 24.544-9.317 33.901.04l22.667 22.667c9.373 9.373 9.373 24.569 0 33.941L240.971 381.476c-9.373 9.372-24.569 9.372-33.942 0z\"><\/path><\/svg><\/div>\n\t\t\t\t<div class=\"elementor-toc__toggle-button elementor-toc__toggle-button--collapse\" role=\"button\" tabindex=\"0\" aria-controls=\"elementor-toc__1c30362\" aria-expanded=\"true\" aria-label=\"Close table of contents\"><svg aria-hidden=\"true\" class=\"e-font-icon-svg e-fas-chevron-up\" viewBox=\"0 0 448 512\" xmlns=\"http:\/\/www.w3.org\/2000\/svg\"><path d=\"M240.971 130.524l194.343 194.343c9.373 9.373 9.373 24.569 0 33.941l-22.667 22.667c-9.357 9.357-24.522 9.375-33.901.04L224 227.495 69.255 381.516c-9.379 9.335-24.544 9.317-33.901-.04l-22.667-22.667c-9.373-9.373-9.373-24.569 0-33.941L207.03 130.525c9.372-9.373 24.568-9.373 33.941-.001z\"><\/path><\/svg><\/div>\n\t\t\t\t\t<\/div>\n\t\t\t\t<div id=\"elementor-toc__1c30362\" class=\"elementor-toc__body\">\n\t\t\t<div class=\"elementor-toc__spinner-container\">\n\t\t\t\t<svg class=\"elementor-toc__spinner eicon-animation-spin e-font-icon-svg e-eicon-loading\" aria-hidden=\"true\" viewBox=\"0 0 1000 1000\" xmlns=\"http:\/\/www.w3.org\/2000\/svg\"><path d=\"M500 975V858C696 858 858 696 858 500S696 142 500 142 142 304 142 500H25C25 237 238 25 500 25S975 237 975 500 763 975 500 975Z\"><\/path><\/svg>\t\t\t<\/div>\n\t\t<\/div>\n\t\t\t\t\t\t<\/div>\n\t\t\t\t<\/div>\n\t\t\t\t\t<\/div>\n\t\t\t\t<\/div>\n\t\t<div class=\"elementor-element elementor-element-herorght0 e-con-full e-flex e-con e-child\" data-id=\"herorght0\" data-element_type=\"container\" data-e-type=\"container\">\n\t\t\t\t<div class=\"elementor-element elementor-element-heroimg00 iwg-hero-image elementor-widget elementor-widget-image\" data-id=\"heroimg00\" data-element_type=\"widget\" data-e-type=\"widget\" data-widget_type=\"image.default\">\n\t\t\t\t\t\t\t\t\t\t\t\t\t\t\t<img fetchpriority=\"high\" decoding=\"async\" width=\"683\" height=\"1024\" src=\"https:\/\/iwell-guard.com\/wp-content\/uploads\/2026\/04\/daemonen_judentum_shedim-683x1024.webp\" class=\"attachment-large size-large wp-image-171012\" alt=\"Shedim \u2013 dem\u00f3nar \u00far hef\u00f0 j\u00fadaisma, s\u00f6gulega myndskreytt\" srcset=\"https:\/\/iwell-guard.com\/wp-content\/uploads\/2026\/04\/daemonen_judentum_shedim-683x1024.webp 683w, https:\/\/iwell-guard.com\/wp-content\/uploads\/2026\/04\/daemonen_judentum_shedim-200x300.webp 200w, https:\/\/iwell-guard.com\/wp-content\/uploads\/2026\/04\/daemonen_judentum_shedim-768x1152.webp 768w, https:\/\/iwell-guard.com\/wp-content\/uploads\/2026\/04\/daemonen_judentum_shedim.webp 1024w\" sizes=\"(max-width: 683px) 100vw, 683px\" \/>\t\t\t\t\t\t\t\t\t\t\t\t\t\t\t<\/div>\n\t\t\t\t<\/div>\n\t\t\t\t\t<\/div>\n\t\t\t\t<\/div>\n\t\t<div class=\"elementor-element elementor-element-32917199 e-flex e-con-boxed e-con e-parent\" data-id=\"32917199\" data-element_type=\"container\" data-e-type=\"container\">\n\t\t\t\t\t<div class=\"e-con-inner\">\n\t\t<div class=\"elementor-element elementor-element-26e916cb e-flex e-con-boxed e-con e-child\" data-id=\"26e916cb\" data-element_type=\"container\" data-e-type=\"container\">\n\t\t\t\t\t<div class=\"e-con-inner\">\n\t\t<div class=\"elementor-element elementor-element-253a40d4 e-flex e-con-boxed e-con e-child\" data-id=\"253a40d4\" data-element_type=\"container\" data-e-type=\"container\">\n\t\t\t\t\t<div class=\"e-con-inner\">\n\t\t\t\t<div class=\"elementor-element elementor-element-1200c304 elementor-widget elementor-widget-heading\" data-id=\"1200c304\" data-element_type=\"widget\" data-e-type=\"widget\" data-widget_type=\"heading.default\">\n\t\t\t\t\t<h2 class=\"elementor-heading-title elementor-size-default\">Shedim<\/h2>\t\t\t\t<\/div>\n\t\t\t\t<div class=\"elementor-element elementor-element-11758e7f elementor-widget elementor-widget-text-editor\" data-id=\"11758e7f\" data-element_type=\"widget\" data-e-type=\"widget\" data-widget_type=\"text-editor.default\">\n\t\t\t\t\t\t\t\t\t<p><em>Shedim<\/em> er algengasta samheiti\u00f0 yfir dj\u00f6fla \u00ed hef\u00f0 Judaismans. \u00d3l\u00edkt Lilith, Asmodai e\u00f0a Azazel v\u00edsar or\u00f0i\u00f0 ekki til einstakrar veru, heldur flokks \u00f3s\u00fdnilegra, oft h\u00e6ttulegra vera sem standa milli engla og manna.<\/p><p>\u00cd bibl\u00eduhebresku kemur or\u00f0i\u00f0 a\u00f0eins fyrir tvisvar (5M\u00f3s 32,17; S\u00e1lm 106,37), en \u00ed rabb\u00ednskum b\u00f3kmenntum ver\u00f0ur <em>shedim<\/em> sta\u00f0alor\u00f0 yfir alla dj\u00f6fla yfirleitt.<\/p><p>Heimildirnar eru mj\u00f6g umfangsmiklar. <span class=\"iwg-fachbegriff\" data-tooltip=\"Meginrit hins rabb\u00edn\u00edska Judaisma me\u00f0 \u00fatlegging \u00e1 tr\u00faarlegri arfleif\u00f0.\" tabindex=\"0\">Talm\u00fa\u00f0urinn<\/span> hefur a\u00f0 geyma fj\u00f6lmargar s\u00f6gur og l\u00f6gfr\u00e6\u00f0ilegar \u00e1kvar\u00f0anir sem gera r\u00e1\u00f0 fyrir tilvist Shedim; hinar arame\u00edsku verndarsk\u00e1lar reka \u00fe\u00e1 \u00e1 brott me\u00f0 nafni; mi\u00f0aldakabbalistar skipa \u00feeim \u00ed stigveldi \u201ehinnar hli\u00f0arinnar\u201c.<\/p><p>Fram \u00e1 n\u00fat\u00edma al\u00fe\u00fd\u00f0utr\u00fa has\u00edd\u00edskra samf\u00e9laga er hugtaki\u00f0 enn \u00ed notkun. Uppruni \u00feess tengir \u00fea\u00f0 vi\u00f0 hi\u00f0 mes\u00f3p\u00f3tam\u00edska <em>shedu<\/em> (verndarv\u00e6ttur, a\u00f0 hluta til \u00f3gnvekjandi), einn \u00fe\u00e9ttasta m\u00e1lfr\u00e6\u00f0ilega og tr\u00faarlega tengibogann milli Mes\u00f3p\u00f3tam\u00edu og Judaisma.<\/p>\t\t\t\t\t\t\t\t<\/div>\n\t\t\t\t\t<\/div>\n\t\t\t\t<\/div>\n\t\t<div class=\"elementor-element elementor-element-159dcf9a e-flex e-con-boxed e-con e-child\" data-id=\"159dcf9a\" data-element_type=\"container\" data-e-type=\"container\">\n\t\t\t\t\t<div class=\"e-con-inner\">\n\t\t\t\t<div class=\"elementor-element elementor-element-48cee66f elementor-widget elementor-widget-heading\" data-id=\"48cee66f\" data-element_type=\"widget\" data-e-type=\"widget\" data-widget_type=\"heading.default\">\n\t\t\t\t\t<h2 class=\"elementor-heading-title elementor-size-default\">\u00cd hnotskurn: Shedim<\/h2>\t\t\t\t<\/div>\n\t\t\t\t<div class=\"elementor-element elementor-element-3f50d82c elementor-widget elementor-widget-text-editor\" data-id=\"3f50d82c\" data-element_type=\"widget\" data-e-type=\"widget\" data-widget_type=\"text-editor.default\">\n\t\t\t\t\t\t\t\t\t<p><strong>Tegund:<\/strong> Samheiti yfir dj\u00f6fla og \u00f3s\u00fdnilegar ska\u00f0av\u00e6ttir<br>Uppruni: A\u00f0 \u00f6llum l\u00edkindum mes\u00f3p\u00f3tam\u00edskur (<em>shedu<\/em>), teki\u00f0 upp \u00ed bibl\u00eduhebresku<br>Textir: 5M\u00f3s 32,17; S\u00e1lm 106,37; <span class=\"iwg-fachbegriff\" data-tooltip=\"Meginrit hins rabb\u00edn\u00edska Judaisma me\u00f0 \u00fatlegging \u00e1 tr\u00faarlegri arfleif\u00f0.\" tabindex=\"0\">Talm\u00fa\u00f0urinn<\/span> (m.a. Pesachim 110, 112); arame\u00edskar verndarsk\u00e1lar; <span class=\"iwg-fachbegriff\" data-tooltip=\"Stefna innan dulspeki Judaisma me\u00f0 meginritum eins og Sefer Jets\u00edrah og S\u00f3har.\" tabindex=\"0\">Kabbala<\/span><br>T\u00edmabil: Fr\u00e1 t\u00edma fyrir \u00fatleg\u00f0 til n\u00fat\u00edmans<br>\u00datbrei\u00f0sla: Bab\u00fdlon\u00eda, Palest\u00edna, dreifing um heim allan<br>V\u00f6rn: <span class=\"iwg-fachbegriff\" data-tooltip=\"M\u00e1lleg \u00e1varp manns til gu\u00f0d\u00f3ms.\" tabindex=\"0\">B\u00e6n<\/span>, nafnagaldur, verndargripir, mes\u00fasa, rabb\u00ednskt skipulag\u00f0ar verndara\u00f0ger\u00f0ir<\/p>\t\t\t\t\t\t\t\t<\/div>\n\t\t\t\t\t<\/div>\n\t\t\t\t<\/div>\n\t\t\t\t\t<\/div>\n\t\t\t\t<\/div>\n\t\t\t\t\t<\/div>\n\t\t\t\t<\/div>\n\t\t<div class=\"elementor-element elementor-element-18613602 e-flex e-con-boxed e-con e-parent\" data-id=\"18613602\" data-element_type=\"container\" data-e-type=\"container\">\n\t\t\t\t\t<div class=\"e-con-inner\">\n\t\t\t\t<div class=\"elementor-element elementor-element-262b8a9f elementor-widget elementor-widget-heading\" data-id=\"262b8a9f\" data-element_type=\"widget\" data-e-type=\"widget\" data-widget_type=\"heading.default\">\n\t\t\t\t\t<h2 class=\"elementor-heading-title elementor-size-default\">Yfirlit<\/h2>\t\t\t\t<\/div>\n\t\t<div class=\"elementor-element elementor-element-46dcb7d e-con-full e-flex e-con e-child\" data-id=\"46dcb7d\" data-element_type=\"container\" data-e-type=\"container\">\n\t\t<div class=\"elementor-element elementor-element-61d3ab3 e-flex e-con-boxed e-con e-child\" data-id=\"61d3ab3\" data-element_type=\"container\" data-e-type=\"container\">\n\t\t\t\t\t<div class=\"e-con-inner\">\n\t\t\t\t<div class=\"elementor-element elementor-element-117c166 elementor-widget elementor-widget-heading\" data-id=\"117c166\" data-element_type=\"widget\" data-e-type=\"widget\" data-widget_type=\"heading.default\">\n\t\t\t\t\t<div class=\"elementor-heading-title elementor-size-default\">T\u00edmabil textanna<\/div>\t\t\t\t<\/div>\n\t\t\t\t<div class=\"elementor-element elementor-element-73997a0 elementor-widget elementor-widget-text-editor\" data-id=\"73997a0\" data-element_type=\"widget\" data-e-type=\"widget\" data-widget_type=\"text-editor.default\">\n\t\t\t\t\t\t\t\t\t<p>B\u00e1\u00f0ar bibl\u00edutilv\u00edsanirnar koma fyrir \u00ed samhengi gu\u00f0amyndad\u00fdrkunar; shedim eru h\u00e9r hin \u201eframandi \u00f6fl&#8220; sem \u00cdsrael f\u00e6rir <span class=\"iwg-fachbegriff\" data-tooltip=\"Gj\u00f6f til gu\u00f0d\u00f3ms til a\u00f0 tj\u00e1 \u00feakkl\u00e6ti, b\u00e6n e\u00f0a lotningu.\" tabindex=\"0\">f\u00f3rnir<\/span> me\u00f0 \u00f3l\u00f6gm\u00e6tum h\u00e6tti. \u00datf\u00e6rslan \u00e1 s\u00e9r sta\u00f0 \u00ed rabb\u00ednskum b\u00f3kmenntum 3. 6. aldar e.Kr., einkum \u00ed bab\u00fdlonska <span class=\"iwg-fachbegriff\" data-tooltip=\"Meginrit rabb\u00ednskrar gy\u00f0ingd\u00f3ms me\u00f0 \u00fatlistun tr\u00faarlegrar arfleif\u00f0ar.\" tabindex=\"0\">Talm\u00fadinu<\/span>. Arame\u00edsku t\u00f6frask\u00e1larnar (4. 7. \u00f6ld) veita r\u00edkulega inns\u00fdn \u00ed raunverulega i\u00f0kun. Mi\u00f0aldakabbala og al\u00fe\u00fd\u00f0ugaldur halda hef\u00f0inni \u00e1fram.<\/p>\t\t\t\t\t\t\t\t<\/div>\n\t\t\t\t\t<\/div>\n\t\t\t\t<\/div>\n\t\t<div class=\"elementor-element elementor-element-d47b156 e-flex e-con-boxed e-con e-child\" data-id=\"d47b156\" data-element_type=\"container\" data-e-type=\"container\">\n\t\t\t\t\t<div class=\"e-con-inner\">\n\t\t\t\t<div class=\"elementor-element elementor-element-ff38c2b elementor-widget elementor-widget-heading\" data-id=\"ff38c2b\" data-element_type=\"widget\" data-e-type=\"widget\" data-widget_type=\"heading.default\">\n\t\t\t\t\t<div class=\"elementor-heading-title elementor-size-default\">\u00datbrei\u00f0slusv\u00e6\u00f0i<\/div>\t\t\t\t<\/div>\n\t\t\t\t<div class=\"elementor-element elementor-element-4e49fcc elementor-widget elementor-widget-text-editor\" data-id=\"4e49fcc\" data-element_type=\"widget\" data-e-type=\"widget\" data-widget_type=\"text-editor.default\">\n\t\t\t\t\t\t\t\t\t<p>Mi\u00f0st\u00f6\u00f0in er Bab\u00fdlon\u00eda (Sasan\u00eddaveldi), \u00fear sem verndarsk\u00e1larnar eiga uppt\u00f6k s\u00edn. Auk \u00feess Palest\u00edna og \u00f6ll s\u00ed\u00f0ari dreifing um heim allan. \u00cd n\u00fat\u00edma samf\u00e9l\u00f6gum Judaisma um allan heim er \u00feessi tr\u00fa enn til sta\u00f0ar, s\u00e9rstaklega \u00ed r\u00e9tttr\u00fana\u00f0ar- og has\u00edd\u00edsku umhverfi.<\/p>\t\t\t\t\t\t\t\t<\/div>\n\t\t\t\t\t<\/div>\n\t\t\t\t<\/div>\n\t\t\t\t<\/div>\n\t\t<div class=\"elementor-element elementor-element-db03c39 e-con-full e-flex e-con e-child\" data-id=\"db03c39\" data-element_type=\"container\" data-e-type=\"container\">\n\t\t<div class=\"elementor-element elementor-element-229a87b e-flex e-con-boxed e-con e-child\" data-id=\"229a87b\" data-element_type=\"container\" data-e-type=\"container\">\n\t\t\t\t\t<div class=\"e-con-inner\">\n\t\t\t\t<div class=\"elementor-element elementor-element-1f471fc elementor-widget elementor-widget-heading\" data-id=\"1f471fc\" data-element_type=\"widget\" data-e-type=\"widget\" data-widget_type=\"heading.default\">\n\t\t\t\t\t<div class=\"elementor-heading-title elementor-size-default\">Heimildasta\u00f0a<\/div>\t\t\t\t<\/div>\n\t\t\t\t<div class=\"elementor-element elementor-element-36b1201 elementor-widget elementor-widget-text-editor\" data-id=\"36b1201\" data-element_type=\"widget\" data-e-type=\"widget\" data-widget_type=\"text-editor.default\">\n\t\t\t\t\t\t\t\t\t<p>Einstakar bibl\u00edutilv\u00edsanir, rabb\u00ednskar b\u00f3kmenntir (Mishna, Tosefta, <span class=\"iwg-fachbegriff\" data-tooltip=\"Meginrit rabb\u00ednskrar gy\u00f0ingd\u00f3ms me\u00f0 \u00fatlistun tr\u00faarlegrar arfleif\u00f0ar.\" tabindex=\"0\">Talm\u00fad<\/span>), midrash-textar, arame\u00edskar t\u00f6frask\u00e1lar me\u00f0 hundru\u00f0um eintaka, mi\u00f0aldakabbala (Sefer Raziel, Z\u00f3har), verndargripir, n\u00fat\u00edma al\u00fe\u00fd\u00f0utr\u00faarlegar handb\u00e6kur. Ein best sta\u00f0festa dj\u00f6flast\u00e9tt \u00e1 \u00f6llu Mi\u00f0jar\u00f0arhafssv\u00e6\u00f0inu.<\/p>\t\t\t\t\t\t\t\t<\/div>\n\t\t\t\t\t<\/div>\n\t\t\t\t<\/div>\n\t\t\t\t<\/div>\n\t\t\t\t\t<\/div>\n\t\t\t\t<\/div>\n\t\t<div class=\"elementor-element elementor-element-3ae0637c e-flex e-con-boxed e-con e-parent\" data-id=\"3ae0637c\" data-element_type=\"container\" data-e-type=\"container\">\n\t\t\t\t\t<div class=\"e-con-inner\">\n\t\t\t\t<div class=\"elementor-element elementor-element-31d07739 elementor-widget elementor-widget-heading\" data-id=\"31d07739\" data-element_type=\"widget\" data-e-type=\"widget\" data-widget_type=\"heading.default\">\n\t\t\t\t\t<h2 class=\"elementor-heading-title elementor-size-default\">Nafn og heiti<\/h2>\t\t\t\t<\/div>\n\t\t<div class=\"elementor-element elementor-element-b7642947 e-con-full e-flex e-con e-child\" data-id=\"b7642947\" data-element_type=\"container\" data-e-type=\"container\">\n\t\t\t\t<div class=\"elementor-element elementor-element-a086266 elementor-widget elementor-widget-text-editor\" data-id=\"a086266\" data-element_type=\"widget\" data-e-type=\"widget\" data-widget_type=\"text-editor.default\">\n\t\t\t\t\t\t\t\t\t<p><strong>Hebreska:<\/strong> <em>shed<\/em> (\u05e9\u05b5\u05c1\u05d3, eintala), <em>shedim<\/em> (\u05e9\u05b5\u05c1\u05d3\u05b4\u05d9\u05dd, fleirtala).<br>Arame\u00edska: <em>sh\u012bd\u0101<\/em>, fleirtala <em>sh\u012bd\u0113<\/em>.<br>Tengd hugt\u00f6k: <em>mazzikim<\/em> (ska\u00f0valdar), <em>ruchot ra&#8217;ot<\/em> (illir andar), <em>lilin<\/em> (n\u00e1ttv\u00e6ttir). \u00d6ll v\u00edsa til skarast, en ekki samsvarandi, flokka.<\/p><p>Hin l\u00edklega aflei\u00f0sla af mes\u00f3p\u00f3tam\u00edska or\u00f0inu <em>shedu<\/em> (verndarnautav\u00e6ttur vi\u00f0 <span class=\"iwg-fachbegriff\" data-tooltip=\"Bygging sem \u00fej\u00f3nar tilbei\u00f0slu einnar e\u00f0a fleiri gu\u00f0d\u00f3ma.\" tabindex=\"0\">hofa<\/span>&#8211; og hallarhli\u00f0) er m\u00e1lfr\u00e6\u00f0ilega \u00e1hugaver\u00f0: \u00fea\u00f0 sem \u00ed Mes\u00f3p\u00f3tam\u00edu var verndarm\u00e1ttur, ver\u00f0ur \u00ed \u00cdsrael a\u00f0 \u00f3gn. \u00deetta endurspeglar tr\u00faars\u00f6gulega st\u00f6\u00f0u hinnar bibl\u00edulegu <span class=\"iwg-fachbegriff\" data-tooltip=\"Tr\u00fa \u00e1 einn eina gu\u00f0.\" tabindex=\"0\">eingy\u00f0istr\u00faar<\/span>: \u00fea\u00f0 sem a\u00f0rir tilb\u00e1\u00f0u sem verndargu\u00f0i, getur \u00ed \u00edsraelsku kerfinu a\u00f0eins veri\u00f0 <span class=\"iwg-fachbegriff\" data-tooltip=\"Andleg vera sem eigna\u00f0ar eru ska\u00f0leg e\u00f0a tv\u00edbent \u00e1hrif.\" tabindex=\"0\">dj\u00f6full<\/span>.<\/p>\t\t\t\t\t\t\t\t<\/div>\n\t\t\t\t<\/div>\n\t\t\t\t\t<\/div>\n\t\t\t\t<\/div>\n\t\t<div class=\"elementor-element elementor-element-709a44a8 e-flex e-con-boxed e-con e-parent\" data-id=\"709a44a8\" data-element_type=\"container\" data-e-type=\"container\">\n\t\t\t\t\t<div class=\"e-con-inner\">\n\t\t\t\t<div class=\"elementor-element elementor-element-2f585873 elementor-widget elementor-widget-heading\" data-id=\"2f585873\" data-element_type=\"widget\" data-e-type=\"widget\" data-widget_type=\"heading.default\">\n\t\t\t\t\t<h2 class=\"elementor-heading-title elementor-size-default\">L\u00fdsing<\/h2>\t\t\t\t<\/div>\n\t\t<div class=\"elementor-element elementor-element-70621c12 e-con-full e-flex e-con e-child\" data-id=\"70621c12\" data-element_type=\"container\" data-e-type=\"container\">\n\t\t\t\t<div class=\"elementor-element elementor-element-4296eb49 elementor-widget elementor-widget-text-editor\" data-id=\"4296eb49\" data-element_type=\"widget\" data-e-type=\"widget\" data-widget_type=\"text-editor.default\">\n\t\t\t\t\t\t\t\t\t<p><strong>\u00datlit<\/strong><\/p><p>A\u00f0 mestu \u00f3s\u00fdnileg. <span class=\"iwg-fachbegriff\" data-tooltip=\"Meginrit rabb\u00ednskrar hef\u00f0ar gy\u00f0ingd\u00f3ms me\u00f0 \u00fatlegging \u00e1 tr\u00faarlegri arfleif\u00f0.\" tabindex=\"0\">Talm\u00fa\u00f0inn<\/span> l\u00fdsir \u00feeim \u00e1 gamansaman h\u00e1tt: \u201eVilji ma\u00f0ur sj\u00e1 f\u00f6r \u00feeirra, skal hann str\u00e1 \u00f6sku um r\u00fam sitt, a\u00f0 morgni s\u00e9r hann hanaf\u00f3tspor.&#8220; \u00cd einst\u00f6kum textum er \u00feeim gefnir v\u00e6ngir, mannlegt grunnform en \u00f3mannlegir f\u00e6tur. <span class=\"iwg-fachbegriff\" data-tooltip=\"Fr\u00e6\u00f0igrein um myndefni og merkingu \u00feess.\" tabindex=\"0\">Myndfr\u00e6\u00f0in<\/span> \u00e1 t\u00f6frask\u00e1lum s\u00fdnir \u00fe\u00e6r bundnar, a\u00f0 mestu \u00ed mannsmynd.<\/p><p><strong>Heg\u00f0un<\/strong><\/p><p>Shedim b\u00faa \u00e1 \u00f3hreinum st\u00f6\u00f0um (r\u00fastum, kamrum, kirkjug\u00f6r\u00f0um), landam\u00e6rum og skilast\u00f6\u00f0um. \u00deau valda sj\u00fakd\u00f3mum, spilla svefni, kveikja deilur, t\u00e6la. \u00d3l\u00edkt Lilith hafa \u00feau ekkert s\u00e9rstakt hlutverk, \u00feau eru \u201ealmenn&#8220; dj\u00f6fulleg h\u00e6tta hins daglega l\u00edfs.<\/p><p><strong>\u00c1hrifasvi\u00f0<\/strong><\/p><p>\u00d3hreinir sta\u00f0ir, skilast\u00f6\u00f0ur, n\u00e6tura\u00f0st\u00e6\u00f0ur, fer\u00f0al\u00f6g. <span class=\"iwg-fachbegriff\" data-tooltip=\"Meginrit rabb\u00ednskrar hef\u00f0ar gy\u00f0ingd\u00f3ms me\u00f0 \u00fatlegging \u00e1 tr\u00faarlegri arfleif\u00f0.\" tabindex=\"0\">Talm\u00fa\u00f0inn<\/span> nefnir s\u00e9rst\u00f6k \u00e1h\u00e6ttusv\u00e6\u00f0i: br\u00fanir, \u00fer\u00f6skulda, brunna, \u00fatikamra, vegi \u00ed lj\u00f3saskiptum.<\/p><p><strong>Go\u00f0s\u00f6gulegur uppruni<\/strong><\/p><p>Midras\u00edskar hef\u00f0ir kunna \u00fdmsan uppruna: s\u00ed\u00f0ustu verur sk\u00f6punarvikunnar, afkomendur Adams me\u00f0 Lilith, verur m\u00f3ta\u00f0ar \u00far moldu sem sta\u00f0n\u00e6mdust \u00e1\u00f0ur en sk\u00f6punin var fullkomnu\u00f0. Fj\u00f6lbreytni \u00feessara sagna er \u00ed sj\u00e1lfu s\u00e9r vitnisbur\u00f0ur um opinn e\u00f0li flokksins.<\/p>\t\t\t\t\t\t\t\t<\/div>\n\t\t\t\t<\/div>\n\t\t\t\t\t<\/div>\n\t\t\t\t<\/div>\n\t\t<div class=\"elementor-element elementor-element-44e71476 e-flex e-con-boxed e-con e-parent\" data-id=\"44e71476\" data-element_type=\"container\" data-e-type=\"container\">\n\t\t\t\t\t<div class=\"e-con-inner\">\n\t\t\t\t<div class=\"elementor-element elementor-element-3c1fc3f0 elementor-widget elementor-widget-heading\" data-id=\"3c1fc3f0\" data-element_type=\"widget\" data-e-type=\"widget\" data-widget_type=\"heading.default\">\n\t\t\t\t\t<h2 class=\"elementor-heading-title elementor-size-default\">Kynningarspjald: Shedim<\/h2>\t\t\t\t<\/div>\n\t\t<div class=\"elementor-element elementor-element-84f33b8e e-con-full e-flex e-con e-child\" data-id=\"84f33b8e\" data-element_type=\"container\" data-e-type=\"container\">\n\t\t\t\t<div class=\"elementor-element elementor-element-hqkdc67p elementor-widget elementor-widget-text-editor\" data-id=\"hqkdc67p\" data-element_type=\"widget\" data-e-type=\"widget\" data-widget_type=\"text-editor.default\">\n\t\t\t\t\t\t\t\t\t<p>Mikilv\u00e6gustu atri\u00f0in um Shedim \u00ed flj\u00f3tu brag\u00f0i. N\u00e1nari umfj\u00f6llun um nafn, l\u00fdsingu, v\u00f6rn og hli\u00f0st\u00e6\u00f0ur finni\u00f0 \u00fe\u00e9r \u00ed eftirfarandi k\u00f6flum.<\/p>\t\t\t\t\t\t\t\t<\/div>\n\t\t\t\t<\/div>\n\t\t<div class=\"elementor-element elementor-element-pemmx7c5 e-con-full e-flex e-con e-child\" data-id=\"pemmx7c5\" data-element_type=\"container\" data-e-type=\"container\">\n\t\t<div class=\"elementor-element elementor-element-pemmx7c1 e-con-full e-flex e-con e-child\" data-id=\"pemmx7c1\" data-element_type=\"container\" data-e-type=\"container\">\n\t\t<div class=\"elementor-element elementor-element-qh9oavvu iwg-steckbrief-card e-flex e-con-boxed e-con e-child\" data-id=\"qh9oavvu\" data-element_type=\"container\" data-e-type=\"container\">\n\t\t\t\t\t<div class=\"e-con-inner\">\n\t\t\t\t<div class=\"elementor-element elementor-element-awzx8k2k elementor-widget elementor-widget-heading\" data-id=\"awzx8k2k\" data-element_type=\"widget\" data-e-type=\"widget\" data-widget_type=\"heading.default\">\n\t\t\t\t\t<div class=\"elementor-heading-title elementor-size-default\">Uppruni<\/div>\t\t\t\t<\/div>\n\t\t\t\t<div class=\"elementor-element elementor-element-x6rowhv0 elementor-widget elementor-widget-text-editor\" data-id=\"x6rowhv0\" data-element_type=\"widget\" data-e-type=\"widget\" data-widget_type=\"text-editor.default\">\n\t\t\t\t\t\t\t\t\t<p>Samheiti, ekki einst\u00f6k vera. Or\u00f0sifjafr\u00e6\u00f0ilega er nafni\u00f0 sennilega teki\u00f0 \u00far mes\u00f3p\u00f3tam\u00edsku <em>shedu<\/em>, en f\u00e9kk neikv\u00e6\u00f0a merkingu \u00ed bibl\u00edulegri og rabb\u00ednskri hebresku.<\/p>\t\t\t\t\t\t\t\t<\/div>\n\t\t\t\t\t<\/div>\n\t\t\t\t<\/div>\n\t\t<div class=\"elementor-element elementor-element-8e3o4kxs iwg-steckbrief-card e-flex e-con-boxed e-con e-child\" data-id=\"8e3o4kxs\" data-element_type=\"container\" data-e-type=\"container\">\n\t\t\t\t\t<div class=\"e-con-inner\">\n\t\t\t\t<div class=\"elementor-element elementor-element-08rkdgov elementor-widget elementor-widget-heading\" data-id=\"08rkdgov\" data-element_type=\"widget\" data-e-type=\"widget\" data-widget_type=\"heading.default\">\n\t\t\t\t\t<div class=\"elementor-heading-title elementor-size-default\">Skotm\u00f6rk Shedim<\/div>\t\t\t\t<\/div>\n\t\t\t\t<div class=\"elementor-element elementor-element-uwjelx8s elementor-widget elementor-widget-text-editor\" data-id=\"uwjelx8s\" data-element_type=\"widget\" data-e-type=\"widget\" data-widget_type=\"text-editor.default\">\n\t\t\t\t\t\t\t\t\t<p>Almenn h\u00e6tta. F\u00f3lk sem staldrar vi\u00f0 \u00e1 \u00f3hreinum st\u00f6\u00f0um e\u00f0a \u00e1 \u00fer\u00f6skuldum, fer\u00f0amenn \u00ed lj\u00f3saskiptum, sofandi f\u00f3lk \u00e1n varnarform\u00falu.<\/p>\t\t\t\t\t\t\t\t<\/div>\n\t\t\t\t\t<\/div>\n\t\t\t\t<\/div>\n\t\t<div class=\"elementor-element elementor-element-jm2n74ec iwg-steckbrief-card e-flex e-con-boxed e-con e-child\" data-id=\"jm2n74ec\" data-element_type=\"container\" data-e-type=\"container\">\n\t\t\t\t\t<div class=\"e-con-inner\">\n\t\t\t\t<div class=\"elementor-element elementor-element-8vufse4c elementor-widget elementor-widget-heading\" data-id=\"8vufse4c\" data-element_type=\"widget\" data-e-type=\"widget\" data-widget_type=\"heading.default\">\n\t\t\t\t\t<div class=\"elementor-heading-title elementor-size-default\">\u00c1s\u00fdnd<\/div>\t\t\t\t<\/div>\n\t\t\t\t<div class=\"elementor-element elementor-element-mwb9u015 elementor-widget elementor-widget-text-editor\" data-id=\"mwb9u015\" data-element_type=\"widget\" data-e-type=\"widget\" data-widget_type=\"text-editor.default\">\n\t\t\t\t\t\t\t\t\t<p>A\u00f0 mestu \u00f3s\u00fdnileg. Er st\u00f6ku sinnum l\u00fdst me\u00f0 hanaf\u00f3tum, v\u00e6ngjum og mannlegu efra formi. \u00c1 t\u00f6frask\u00e1lum eru \u00feau s\u00fdnd \u00ed mannsmynd og bundin.<\/p>\t\t\t\t\t\t\t\t<\/div>\n\t\t\t\t\t<\/div>\n\t\t\t\t<\/div>\n\t\t\t\t<\/div>\n\t\t<div class=\"elementor-element elementor-element-pemmx7c2 e-con-full e-flex e-con e-child\" data-id=\"pemmx7c2\" data-element_type=\"container\" data-e-type=\"container\">\n\t\t<div class=\"elementor-element elementor-element-37ss2yr6 iwg-steckbrief-card e-flex e-con-boxed e-con e-child\" data-id=\"37ss2yr6\" data-element_type=\"container\" data-e-type=\"container\">\n\t\t\t\t\t<div class=\"e-con-inner\">\n\t\t\t\t<div class=\"elementor-element elementor-element-3v0wp3wx elementor-widget elementor-widget-heading\" data-id=\"3v0wp3wx\" data-element_type=\"widget\" data-e-type=\"widget\" data-widget_type=\"heading.default\">\n\t\t\t\t\t<div class=\"elementor-heading-title elementor-size-default\">Hlutverk<\/div>\t\t\t\t<\/div>\n\t\t\t\t<div class=\"elementor-element elementor-element-w3247g2m elementor-widget elementor-widget-text-editor\" data-id=\"w3247g2m\" data-element_type=\"widget\" data-e-type=\"widget\" data-widget_type=\"text-editor.default\">\n\t\t\t\t\t\t\t\t\t<p>Sj\u00fakd\u00f3mar, n\u00e6turlegar truflanir, deilur, skyndilegur \u00f3tti. Ska\u00f0leg \u00e1hrif \u00e1n s\u00e9rstakrar \u00feemat\u00edskrar \u00e1herslu.<\/p>\t\t\t\t\t\t\t\t<\/div>\n\t\t\t\t\t<\/div>\n\t\t\t\t<\/div>\n\t\t<div class=\"elementor-element elementor-element-0qpjal9w iwg-steckbrief-card e-flex e-con-boxed e-con e-child\" data-id=\"0qpjal9w\" data-element_type=\"container\" data-e-type=\"container\">\n\t\t\t\t\t<div class=\"e-con-inner\">\n\t\t\t\t<div class=\"elementor-element elementor-element-6ndoih0o elementor-widget elementor-widget-heading\" data-id=\"6ndoih0o\" data-element_type=\"widget\" data-e-type=\"widget\" data-widget_type=\"heading.default\">\n\t\t\t\t\t<div class=\"elementor-heading-title elementor-size-default\">Vernd<\/div>\t\t\t\t<\/div>\n\t\t\t\t<div class=\"elementor-element elementor-element-6684tyh9 elementor-widget elementor-widget-text-editor\" data-id=\"6684tyh9\" data-element_type=\"widget\" data-e-type=\"widget\" data-widget_type=\"text-editor.default\">\n\t\t\t\t\t\t\t\t\t<p><span class=\"iwg-fachbegriff\" data-tooltip=\"M\u00e1lleg \u00e1varp mannsins til gu\u00f0d\u00f3ms.\" tabindex=\"0\">B\u00e6n<\/span>, nafnagaldur, verndargripir, mes\u00fasa \u00e1 hur\u00f0, varnarform\u00falur vi\u00f0 a\u00f0 ganga inn \u00e1 \u00f3hreina sta\u00f0i. <span class=\"iwg-fachbegriff\" data-tooltip=\"Meginrit rabb\u00ednskrar hef\u00f0ar gy\u00f0ingd\u00f3ms me\u00f0 \u00fatlegging \u00e1 tr\u00faarlegri arfleif\u00f0.\" tabindex=\"0\">Talm\u00fa\u00f0inn<\/span> gefur n\u00e1kv\u00e6mar heg\u00f0unarreglur (t.d. vi\u00f0 gang \u00e1 kamar).<\/p>\t\t\t\t\t\t\t\t<\/div>\n\t\t\t\t\t<\/div>\n\t\t\t\t<\/div>\n\t\t<div class=\"elementor-element elementor-element-3lfi7x32 iwg-steckbrief-card e-flex e-con-boxed e-con e-child\" data-id=\"3lfi7x32\" data-element_type=\"container\" data-e-type=\"container\">\n\t\t\t\t\t<div class=\"e-con-inner\">\n\t\t\t\t<div class=\"elementor-element elementor-element-0kg99ga1 elementor-widget elementor-widget-heading\" data-id=\"0kg99ga1\" data-element_type=\"widget\" data-e-type=\"widget\" data-widget_type=\"heading.default\">\n\t\t\t\t\t<div class=\"elementor-heading-title elementor-size-default\">Tengdar verur<\/div>\t\t\t\t<\/div>\n\t\t\t\t<div class=\"elementor-element elementor-element-n0fum6kp elementor-widget elementor-widget-text-editor\" data-id=\"n0fum6kp\" data-element_type=\"widget\" data-e-type=\"widget\" data-widget_type=\"text-editor.default\">\n\t\t\t\t\t\t\t\t\t<p>Mes\u00f3p\u00f3tam\u00edsk <em>shedu<\/em>\/<em>lamassu<\/em> (or\u00f0sifjafr\u00e6\u00f0ilega tengd), gr\u00edskir <em>daimones<\/em> (samb\u00e6rilegur samheitisflokkur), kristnir dj\u00f6flar almennt, arab\u00edskir <em>jinn<\/em>.<\/p>\t\t\t\t\t\t\t\t<\/div>\n\t\t\t\t\t<\/div>\n\t\t\t\t<\/div>\n\t\t\t\t<\/div>\n\t\t\t\t<\/div>\n\t\t\t\t\t<\/div>\n\t\t\t\t<\/div>\n\t\t<div class=\"elementor-element elementor-element-7533bc7a e-flex e-con-boxed e-con e-parent\" data-id=\"7533bc7a\" data-element_type=\"container\" data-e-type=\"container\">\n\t\t\t\t\t<div class=\"e-con-inner\">\n\t\t\t\t<div class=\"elementor-element elementor-element-2447d18d elementor-widget elementor-widget-heading\" data-id=\"2447d18d\" data-element_type=\"widget\" data-e-type=\"widget\" data-widget_type=\"heading.default\">\n\t\t\t\t\t<h2 class=\"elementor-heading-title elementor-size-default\">Verndarr\u00e1\u00f0 \u00ed framkv\u00e6md<\/h2>\t\t\t\t<\/div>\n\t\t<div class=\"elementor-element elementor-element-d5d0260c e-con-full e-flex e-con e-child\" data-id=\"d5d0260c\" data-element_type=\"container\" data-e-type=\"container\">\n\t\t\t\t<div class=\"elementor-element elementor-element-341be2ac elementor-widget elementor-widget-text-editor\" data-id=\"341be2ac\" data-element_type=\"widget\" data-e-type=\"widget\" data-widget_type=\"text-editor.default\">\n\t\t\t\t\t\t\t\t\t<p><strong>Varnarathafnir<\/strong><\/p><p><span class=\"iwg-fachbegriff\" data-tooltip=\"Meginrit rabb\u00ednskrar hef\u00f0ar gy\u00f0ingd\u00f3ms me\u00f0 \u00fatlegging \u00e1 tr\u00faarlegri arfleif\u00f0.\" tabindex=\"0\">Talm\u00fa\u00f0inn<\/span> gefur n\u00e1kv\u00e6mar lei\u00f0beiningar: varnarform\u00falur vi\u00f0 a\u00f0 ganga inn \u00e1 kamar, a\u00f0 sp\u00fdta \u00ferisvar vi\u00f0 tilteknar a\u00f0st\u00e6\u00f0ur, hand\u00fevott eftir a\u00f0 vakna. \u00deessar sm\u00e1u daglegu athafnir halda Shedim \u00ed fjarl\u00e6g\u00f0 \u00e1n \u00feess a\u00f0 semja beint vi\u00f0 \u00feau.<\/p><p><strong>\u00c1kallanir<\/strong><\/p><p>Arame\u00edsku t\u00f6frask\u00e1larnir eru r\u00edkasta heimildin. Textar \u00feeirra \u00e1kalla einstakar Shedim me\u00f0 nafni, binda \u00fe\u00e6r me\u00f0 gu\u00f0sn\u00f6fnum og englan\u00f6fnum og senda \u00fe\u00e6r aftur til \u00f3hreinna sta\u00f0a. Kjarnal\u00f6gm\u00e1li\u00f0: s\u00e1 sem \u00feekkir nafn Shed hefur vald yfir honum.<\/p><p><strong>Verndargripir og t\u00e1knmyndir<\/strong><\/p><p>Mes\u00fasa \u00e1 hverjum dyrastafi, gu\u00f0snafni\u00f0 <em>Shaddai<\/em> \u00e1 henni telst v\u00f6r\u00f0ur. Kimpetsettlar fyrir s\u00e6ngurlegu og ungb\u00f6rn. Verndargripir me\u00f0 s\u00e1lmav\u00edsum og englan\u00f6fnum. Chamsa-h\u00f6nd gegn hinu illa auga.<\/p>\t\t\t\t\t\t\t\t<\/div>\n\t\t\t\t<\/div>\n\t\t\t\t\t<\/div>\n\t\t\t\t<\/div>\n\t\t<div class=\"elementor-element elementor-element-5a584676 e-flex e-con-boxed e-con e-parent\" data-id=\"5a584676\" data-element_type=\"container\" data-e-type=\"container\">\n\t\t\t\t\t<div class=\"e-con-inner\">\n\t\t\t\t<div class=\"elementor-element elementor-element-6d0757bf elementor-widget elementor-widget-heading\" data-id=\"6d0757bf\" data-element_type=\"widget\" data-e-type=\"widget\" data-widget_type=\"heading.default\">\n\t\t\t\t\t<h2 class=\"elementor-heading-title elementor-size-default\">Hli\u00f0st\u00e6\u00f0ur og \u00e1framhaldandi \u00e1hrif<\/h2>\t\t\t\t<\/div>\n\t\t<div class=\"elementor-element elementor-element-60563f68 e-con-full e-flex e-con e-child\" data-id=\"60563f68\" data-element_type=\"container\" data-e-type=\"container\">\n\t\t\t\t<div class=\"elementor-element elementor-element-5a93fdd6 elementor-widget elementor-widget-text-editor\" data-id=\"5a93fdd6\" data-element_type=\"widget\" data-e-type=\"widget\" data-widget_type=\"text-editor.default\">\n\t\t\t\t\t\t\t\t\t<p><strong>Mes\u00f3p\u00f3tam\u00eda<\/strong><\/p><p>Nafni\u00f0 er sennilega dregi\u00f0 af <em>shedu<\/em>, \u00fear verndartarfur, h\u00e9r <span class=\"iwg-fachbegriff\" data-tooltip=\"Andleg vera sem eignu\u00f0 er ska\u00f0leg e\u00f0a tv\u00edr\u00e6\u00f0 \u00e1hrif.\" tabindex=\"0\">dj\u00f6full<\/span>. \u00deessi endurmat er d\u00e6migert fyrirb\u00e6ri tr\u00faars\u00f6gulegrar breytingar.<\/p><p><strong>\u00cdslamsk hef\u00f0<\/strong><\/p><p>Arab\u00edsku <em>jinn<\/em> taka upp \u00e1 kerfisbundinn h\u00e1tt m\u00f6rg einkenni Shedim: flokkur \u00f3s\u00fdnilegra millivera, tv\u00edr\u00e6\u00f0, milli manns og <span class=\"iwg-fachbegriff\" data-tooltip=\"\u00cd abraham\u00edskum tr\u00faarbr\u00f6g\u00f0um himnesk sendivera Gu\u00f0s.\" tabindex=\"0\">engils<\/span>. Hli\u00f0st\u00e6\u00f0urnar eru miklar, \u00e1n \u00feess a\u00f0 bein tengsl s\u00e9u sannanleg.<\/p><p><strong>N\u00fat\u00edmaleg gy\u00f0ingleg <span class=\"iwg-fachbegriff\" data-tooltip=\"Hin arfleidda \u00fej\u00f3\u00f0menning me\u00f0 si\u00f0um, s\u00f6gnum og lj\u00f3\u00f0um.\" tabindex=\"0\">\u00fej\u00f3\u00f0fr\u00e6\u00f0i<\/span><\/strong><\/p><p>\u00cd austur-evr\u00f3pskum has\u00edd\u00edskum hef\u00f0um lifir Shedim-hugmyndin \u00e1fram. N\u00fat\u00edmab\u00f3kmenntir (I. B. Singer, Dybbuk-s\u00f6gur) s\u00e6kja \u00ed hana. \u00cd n\u00fat\u00edma \u00edsraelsku m\u00e1li er <em>shed<\/em> nota\u00f0 \u00ed daglegu tali um \u201e\u00f3\u00feekktarorm&#8220; e\u00f0a \u201ep\u00faki&#8220;, tv\u00edr\u00e6\u00f0 og mildari merking.<\/p>\t\t\t\t\t\t\t\t<\/div>\n\t\t\t\t<\/div>\n\t\t\t\t\t<\/div>\n\t\t\t\t<\/div>\n\t\t<div class=\"elementor-element elementor-element-cp0ac5bb5 e-flex e-con-boxed e-con e-parent\" data-id=\"cp0ac5bb5\" data-element_type=\"container\" data-e-type=\"container\">\n\t\t\t\t\t<div class=\"e-con-inner\">\n\t\t\t\t<div class=\"elementor-element elementor-element-cp56528b4 elementor-widget elementor-widget-heading\" data-id=\"cp56528b4\" data-element_type=\"widget\" data-e-type=\"widget\" data-widget_type=\"heading.default\">\n\t\t\t\t\t<h2 class=\"elementor-heading-title elementor-size-default\">F\u00e1ar bibl\u00edulegar v\u00edsanir og \u00fe\u00fd\u00f0ingarvandinn<\/h2>\t\t\t\t<\/div>\n\t\t<div class=\"elementor-element elementor-element-cpc36c61c e-con-full e-flex e-con e-child\" data-id=\"cpc36c61c\" data-element_type=\"container\" data-e-type=\"container\">\n\t\t\t\t<div class=\"elementor-element elementor-element-cpc2c0977 elementor-widget elementor-widget-text-editor\" data-id=\"cpc2c0977\" data-element_type=\"widget\" data-e-type=\"widget\" data-widget_type=\"text-editor.default\">\n\t\t\t\t\t\t\t\t\t<p>Hebreska or\u00f0i\u00f0 <em>schedim<\/em> kemur fyrir \u00ed \u00f6llum Tanakh a\u00f0eins \u00e1 tveimur st\u00f6\u00f0um, \u00ed b\u00e1\u00f0um tilvikum \u00ed fleirt\u00f6lu. \u00cd Deuteronom\u00edum er \u00cdsrael saka\u00f0 um a\u00f0 hafa f\u00e6rt <em>schedim<\/em> f\u00f3rnir, sem ekki voru neinir <span class=\"iwg-fachbegriff\" data-tooltip=\"Vera sem d\u00fdrku\u00f0 er sem gu\u00f0leg innan tr\u00faarbrag\u00f0a.\" tabindex=\"0\">gu\u00f0ir<\/span>, heldur n\u00fdir gu\u00f0ir sem fe\u00f0urnir h\u00f6f\u00f0u ekki \u00feekkt.<\/p><p>\u00cd einum Dav\u00ed\u00f0ss\u00e1lmi segir a\u00f0 \u00fej\u00f3\u00f0in hafi f\u00e6rt synir og d\u00e6tur til <em>schedim<\/em> a\u00f0 f\u00f3rnargj\u00f6f og \u00fear me\u00f0 \u00fathellt saklausu bl\u00f3\u00f0i. B\u00e1\u00f0ar tilv\u00edsanirnar tengja or\u00f0i\u00f0 n\u00e1i\u00f0 vi\u00f0 banna\u00f0an f\u00f3rnarsi\u00f0, s\u00e9rstaklega barnaf\u00f3rnir sem f\u00e6r\u00f0ar voru framandi m\u00e1ttarv\u00f6ldum.<\/p><p>\u00deessi r\u00fdra s\u00f6nnunargagnafl\u00f3ra s\u00fdnir a\u00f0 hi\u00f0 bibl\u00edulega efni segir varla nokku\u00f0 um e\u00f0li \u00feessara vera. Textarnir eru or\u00f0r\u00e6\u00f0ulegir og deilugla\u00f0ir, \u00feeir vilja ni\u00f0url\u00e6gja framandi tr\u00faard\u00fdrkun, ekki byggja upp dj\u00f6flafr\u00e6\u00f0i. <em>Schedim<\/em> kemur h\u00e9r fram sem samheiti yfir vi\u00f0takendur d\u00fdrkunar sem bibl\u00eduh\u00f6fundarnir stimpla sem skur\u00f0go\u00f0ad\u00fdrkun og bl\u00f3\u00f0s\u00fathellingu.<\/p><p>Ranns\u00f3knir telja mj\u00f6g l\u00edklegt a\u00f0 or\u00f0i\u00f0 tengist akkad\u00edska or\u00f0inu <em>schedu<\/em>. \u00cd Mes\u00f3p\u00f3tam\u00edu t\u00e1kna\u00f0i \u00fea\u00f0 verndaranda, oft \u00ed mynd v\u00e6ngja\u00f0s nautmennis, sem g\u00e6tti hli\u00f0a halla og hofa.<\/p><p>\u00dea\u00f0 sem \u00ed Mes\u00f3p\u00f3tam\u00edu var velvilja\u00f0ur verndarandi var\u00f0 \u00ed hebresku bibl\u00edunni framandi og \u00f3l\u00f6gm\u00e6tt vald, sem ekki m\u00e1tti f\u00e6ra f\u00f3rnir.<\/p><p>\u00deessi endurt\u00falkun er gott d\u00e6mi um algengt mynstur. Gu\u00f0ir og andar n\u00e1granna\u00fej\u00f3\u00f0a eru \u00ed bibl\u00edulegri <span class=\"iwg-fachbegriff\" data-tooltip=\"Tr\u00fain \u00e1 einn gu\u00f0.\" tabindex=\"0\">eingu\u00f0str\u00fa<\/span> ekki afneita\u00f0ir, heldur ni\u00f0url\u00e6g\u00f0ir, \u00feeir eru ekki sannir gu\u00f0ir heldur einungis <em>schedim<\/em>, sem engin l\u00f6gm\u00e6t <span class=\"iwg-fachbegriff\" data-tooltip=\"Heildarsafn tr\u00faarlegra d\u00fdrkunarathafna fyrir gu\u00f0 e\u00f0a heilaga veru.\" tabindex=\"0\">d\u00fdrkun<\/span> m\u00e1 sn\u00faa s\u00e9r til.<\/p><p>S\u00ed\u00f0ari t\u00edma gy\u00f0ingleg dj\u00f6flafr\u00e6\u00f0i haf\u00f0i \u00fev\u00ed vart neinn bibl\u00edulegan grundv\u00f6ll a\u00f0 byggja \u00e1 og var\u00f0 a\u00f0 \u00fer\u00f3a mynd \u00feessara vera a\u00f0 mestu upp \u00e1 n\u00fdtt.<\/p>\t\t\t\t\t\t\t\t<\/div>\n\t\t\t\t<\/div>\n\t\t\t\t\t<\/div>\n\t\t\t\t<\/div>\n\t\t<div class=\"elementor-element elementor-element-cp01ffe67 e-flex e-con-boxed e-con e-parent\" data-id=\"cp01ffe67\" data-element_type=\"container\" data-e-type=\"container\">\n\t\t\t\t\t<div class=\"e-con-inner\">\n\t\t\t\t<div class=\"elementor-element elementor-element-cp4c67ed9 elementor-widget elementor-widget-heading\" data-id=\"cp4c67ed9\" data-element_type=\"widget\" data-e-type=\"widget\" data-widget_type=\"heading.default\">\n\t\t\t\t\t<h2 class=\"elementor-heading-title elementor-size-default\">\u00der\u00f3un Shedim \u00ed ritum rabb\u00edna<\/h2>\t\t\t\t<\/div>\n\t\t<div class=\"elementor-element elementor-element-cpeb7801e e-con-full e-flex e-con e-child\" data-id=\"cpeb7801e\" data-element_type=\"container\" data-e-type=\"container\">\n\t\t\t\t<div class=\"elementor-element elementor-element-cp75df800 elementor-widget elementor-widget-text-editor\" data-id=\"cp75df800\" data-element_type=\"widget\" data-e-type=\"widget\" data-widget_type=\"text-editor.default\">\n\t\t\t\t\t\t\t\t\t<p>\u00dea\u00f0 var ekki fyrr en \u00ed ritum rabb\u00edna, s\u00e9rstaklega \u00ed bab\u00fdlonska <span class=\"iwg-fachbegriff\" data-tooltip=\"Meginrit rabb\u00edn\u00edsks gy\u00f0ingd\u00f3ms me\u00f0 \u00fatlegging \u00e1 tr\u00faarlegri arfleif\u00f0.\" tabindex=\"0\">Talm\u00fadinu<\/span> og fylgiritum \u00feess, a\u00f0 \u00feetta r\u00fdra bibl\u00edulega or\u00f0 var\u00f0 a\u00f0 full\u00fatf\u00e6r\u00f0um dj\u00f6flaflokki. H\u00e9r birtast <em>schedim<\/em> sem fj\u00f6lmenn og alls sta\u00f0ar n\u00e1l\u00e6g tegund vera.<\/p><p>Oft er vitna\u00f0 \u00ed kafla \u00far Talm\u00fadritinu Berakhot sem l\u00fdsir \u00fev\u00ed a\u00f0 Shedim umkringi menn \u00ed \u00f3gnarfj\u00f6lda, a\u00f0 hver \u00feeirra hafi \u00fe\u00fasundir s\u00e9r til vinstri og h\u00e6gri, og a\u00f0 \u00f6sin \u00ed l\u00e6rd\u00f3msh\u00fasinu og \u00fereyta hnj\u00e1nna stafi af verkum \u00feeirra.<\/p><p>Rabb\u00ednarnir skipu\u00f0u Shedim \u00ed millist\u00f6\u00f0u.<\/p><p>Vel \u00feekktur texti telur upp \u00ferj\u00e1 eiginleika sem l\u00edkja \u00feeim vi\u00f0 \u00fej\u00f3nustuengla, \u00feeir hafa v\u00e6ngi, \u00feeir flj\u00faga fr\u00e1 einum enda heimsins til hins og \u00feeir vita hva\u00f0 koma skal, og \u00ferj\u00e1 eiginleika sem l\u00edkja \u00feeim vi\u00f0 menn, \u00feeir eta og drekka, \u00feeir fj\u00f6lga s\u00e9r og \u00feeir deyja.<\/p><p>Shedim standa \u00fev\u00ed \u00e1 milli <span class=\"iwg-fachbegriff\" data-tooltip=\"\u00cd abraham\u00edskum tr\u00faarbr\u00f6g\u00f0um himneskur sendibo\u00f0i Gu\u00f0s.\" tabindex=\"0\">engla<\/span> og manna, \u00feeir eru n\u00f3gu l\u00edkamlegir til a\u00f0 deyja og n\u00f3gu andlegir til a\u00f0 hafa dulda vitneskju.<\/p><p>Um uppruna \u00feeirra voru \u00fdmsar hugmyndir \u00e1 kreiki. \u00datbreidd <span class=\"iwg-fachbegriff\" data-tooltip=\"Mi\u00f0lun \u00feekkingar og fr\u00e1sagna milli kynsl\u00f3\u00f0a.\" tabindex=\"0\">arfs\u00f6gn<\/span> tengir \u00fe\u00e1 vi\u00f0 r\u00f6kkri\u00f0 \u00e1 sj\u00f6tta sk\u00f6punardegi, \u00feegar Gu\u00f0 haf\u00f0i skapa\u00f0 s\u00e1lir \u00feeirra en n\u00e1\u00f0i ekki a\u00f0 fullgera l\u00edkama \u00feeirra vegna \u00feess a\u00f0 hv\u00edldardagurinn var a\u00f0 ganga \u00ed gar\u00f0, svo a\u00f0 \u00feeir ur\u00f0u \u00f3fullger\u00f0ir milli heima. A\u00f0rir textar rekja tilteknar dj\u00f6flategundir til Adams.<\/p><p>Rit rabb\u00edna \u00fer\u00f3u\u00f0u einnig n\u00f6fn einstakra lei\u00f0toga, gefa v\u00edsbendingar um upp\u00e1haldsdvalarsta\u00f0i \u00feeirra, svo sem r\u00fastir, kamra, skugga trj\u00e1a og einmana vegi a\u00f0 n\u00f3ttu, og nefna s\u00e9rstaklega h\u00e6ttulega t\u00edma. \u00deannig var\u00f0 \u00far bibl\u00edulegu samheiti n\u00e1kv\u00e6mt fr\u00e6\u00f0ikerfi sem gegns\u00fdr\u00f0i daglegt l\u00edf.<\/p>\t\t\t\t\t\t\t\t<\/div>\n\t\t\t\t<\/div>\n\t\t\t\t\t<\/div>\n\t\t\t\t<\/div>\n\t\t<div class=\"elementor-element elementor-element-cp5910d47 e-flex e-con-boxed e-con e-parent\" data-id=\"cp5910d47\" data-element_type=\"container\" data-e-type=\"container\">\n\t\t\t\t\t<div class=\"e-con-inner\">\n\t\t\t\t<div class=\"elementor-element elementor-element-cpf11b154 elementor-widget elementor-widget-heading\" data-id=\"cpf11b154\" data-element_type=\"widget\" data-e-type=\"widget\" data-widget_type=\"heading.default\">\n\t\t\t\t\t<h2 class=\"elementor-heading-title elementor-size-default\">Vernd og fr\u00e1hrindun \u00ed daglegu l\u00edfi gy\u00f0inga<\/h2>\t\t\t\t<\/div>\n\t\t<div class=\"elementor-element elementor-element-cpe1b0a3d e-con-full e-flex e-con e-child\" data-id=\"cpe1b0a3d\" data-element_type=\"container\" data-e-type=\"container\">\n\t\t\t\t<div class=\"elementor-element elementor-element-cp1bd9a61 elementor-widget elementor-widget-text-editor\" data-id=\"cp1bd9a61\" data-element_type=\"widget\" data-e-type=\"widget\" data-widget_type=\"text-editor.default\">\n\t\t\t\t\t\t\t\t\t<p>\u00deegar heimurinn er, samkv\u00e6mt rabb\u00ednskri hugmyndafr\u00e6\u00f0i, \u00fe\u00e9ttsetinn <em>shedim<\/em>, \u00fearf hversdagsl\u00edfi\u00f0 \u00e1 var\u00fa\u00f0arr\u00e1\u00f0st\u00f6funum a\u00f0 halda. Hin gy\u00f0inglega hef\u00f0 \u00fer\u00f3a\u00f0i \u00ed aldanna r\u00e1s fj\u00f6lbreytt safn af v\u00f6rnum og var\u00fa\u00f0arreglum, sprottnum \u00far <span class=\"iwg-fachbegriff\" data-tooltip=\"Meginrit rabb\u00ednskrar gy\u00f0ingd\u00f3ms me\u00f0 \u00fatleggingu \u00e1 tr\u00faarhef\u00f0inni.\" tabindex=\"0\">Talm\u00fad<\/span>, s\u00ed\u00f0ari l\u00f6gfr\u00e6\u00f0iritum og al\u00fe\u00fd\u00f0legri tr\u00faari\u00f0kun.<\/p><p>\u00cd brennidepli er or\u00f0i\u00f0. \u00dea\u00f0 a\u00f0 fara me\u00f0 blessunaror\u00f0, n\u00e1m \u00ed <span class=\"iwg-fachbegriff\" data-tooltip=\"Fimm b\u00e6kur M\u00f3se, grundv\u00f6llur rita gy\u00f0ingd\u00f3msins.\" tabindex=\"0\">Torah<\/span>, og s\u00e9rstaklega upplestur \u00e1kve\u00f0inna s\u00e1lma, \u00fear \u00e1 me\u00f0al hins svokalla\u00f0a s\u00e1lms gegn pl\u00e1gum, var tali\u00f0 \u00f6flug v\u00f6rn.<\/p><p>Einnig var Shma, j\u00e1tningaryr\u00f0i gy\u00f0ingd\u00f3msins sem fari\u00f0 er me\u00f0 vi\u00f0 h\u00e1ttat\u00edma, skili\u00f0 sem v\u00f6rn gegn skelfingum n\u00e6tur. Mes\u00fasa \u00e1 dyrastafnum, sem hefur \u00e1 s\u00e9r vers \u00far <span class=\"iwg-fachbegriff\" data-tooltip=\"Fimm b\u00e6kur M\u00f3se, grundv\u00f6llur rita gy\u00f0ingd\u00f3msins.\" tabindex=\"0\">Torah<\/span>, verndar samkv\u00e6mt algengri sko\u00f0un jafnframt h\u00fasi\u00f0 gegn ska\u00f0legum m\u00e1ttarv\u00f6ldum.<\/p><p>Auk \u00feess voru til \u00e1kve\u00f0nar heg\u00f0unarreglur. <span class=\"iwg-fachbegriff\" data-tooltip=\"Meginrit rabb\u00ednskrar gy\u00f0ingd\u00f3ms me\u00f0 \u00fatleggingu \u00e1 tr\u00faarhef\u00f0inni.\" tabindex=\"0\">Talm\u00fad<\/span> r\u00e1\u00f0leggur a\u00f0 for\u00f0ast \u00e1kve\u00f0na h\u00e6ttusta\u00f0i, ganga ekki einn og a\u00f0 n\u00f3ttu til um r\u00fastir, drekka ekki vatn sem sta\u00f0i\u00f0 hefur opi\u00f0 yfir n\u00f3tt, og ganga ekki \u00e1 h\u00e6ttulegum st\u00f6\u00f0um \u00e1 milli tveggja manna e\u00f0a tveggja trj\u00e1a.<\/p><p>A\u00f0 framkv\u00e6ma \u00e1kve\u00f0nar athafnir \u00ed p\u00f6rum, og a\u00f0 for\u00f0ast sl\u00e9tta t\u00f6lu \u00ed tilteknu samhengi, tilheyr\u00f0i einnig \u00feessum reglum.<\/p><p>\u00cd al\u00fe\u00fd\u00f0legri <span class=\"iwg-fachbegriff\" data-tooltip=\"Lifu\u00f0 tr\u00faarleg afsta\u00f0a og i\u00f0kun einstaklings.\" tabindex=\"0\">tr\u00far\u00e6kni<\/span>, s\u00e9rstaklega \u00ed umhverfi l\u00far\u00ed\u00f6nsku <span class=\"iwg-fachbegriff\" data-tooltip=\"Stefna innan gy\u00f0inglegrar dulspeki me\u00f0 meginritum eins og Sefer Jezira og S\u00f3har.\" tabindex=\"0\">Kabbala<\/span> og austurevr\u00f3psks gy\u00f0ingd\u00f3ms, b\u00e6ttust vi\u00f0 verndargripir, skrifu\u00f0 skinnhandrit me\u00f0 gu\u00f0sn\u00f6fnum, englan\u00f6fnum og bibl\u00eduversum, sem borin voru \u00e1 l\u00edkamanum e\u00f0a fest upp \u00ed h\u00fasinu.<\/p><p>S\u00e9rlega algeng var notkun \u00feeirra til a\u00f0 vernda s\u00e6ngurkonur og n\u00fdf\u00e6dd b\u00f6rn, sem voru talin s\u00e9rstaklega \u00ed h\u00e6ttu. \u00deessar venjur s\u00fdna a\u00f0 Shedim voru ekki einungis fr\u00e6\u00f0ilegt hugtak, heldur st\u00e6r\u00f0 sem hin lifa\u00f0a tr\u00fa t\u00f3k daglega tillit til.<\/p>\t\t\t\t\t\t\t\t<\/div>\n\t\t\t\t<\/div>\n\t\t\t\t\t<\/div>\n\t\t\t\t<\/div>\n\t\t<div class=\"elementor-element elementor-element-cp50c27ba e-flex e-con-boxed e-con e-parent\" data-id=\"cp50c27ba\" data-element_type=\"container\" data-e-type=\"container\">\n\t\t\t\t\t<div class=\"e-con-inner\">\n\t\t\t\t<div class=\"elementor-element elementor-element-cp3772d2d elementor-widget elementor-widget-heading\" data-id=\"cp3772d2d\" data-element_type=\"widget\" data-e-type=\"widget\" data-widget_type=\"heading.default\">\n\t\t\t\t\t<h2 class=\"elementor-heading-title elementor-size-default\">Sal\u00f3mon, valdi\u00f0 yfir dj\u00f6flunum og s\u00ed\u00f0ari go\u00f0sagnamyndun<\/h2>\t\t\t\t<\/div>\n\t\t<div class=\"elementor-element elementor-element-cp466c7cf e-con-full e-flex e-con e-child\" data-id=\"cp466c7cf\" data-element_type=\"container\" data-e-type=\"container\">\n\t\t\t\t<div class=\"elementor-element elementor-element-cp24567e8 elementor-widget elementor-widget-text-editor\" data-id=\"cp24567e8\" data-element_type=\"widget\" data-e-type=\"widget\" data-widget_type=\"text-editor.default\">\n\t\t\t\t\t\t\t\t\t<p>S\u00e9rst\u00f6k hef\u00f0arl\u00edna tengir <em>shedim<\/em> vi\u00f0 Sal\u00f3mon konung. H\u00fan byggir \u00e1 bibl\u00edulegri fr\u00e1s\u00f6gn sem eignar Sal\u00f3mon yfirbur\u00f0a v\u00edsd\u00f3m og v\u00f6ld yfir allri sk\u00f6puninni, og \u00fer\u00f3ar \u00fat fr\u00e1 \u00fev\u00ed hugmyndina um a\u00f0 konungurinn hafi einnig r\u00e1\u00f0i\u00f0 yfir \u00f6ndum og dj\u00f6flum.<\/p><p>\u00cd bab\u00fdlonska <span class=\"iwg-fachbegriff\" data-tooltip=\"Meginrit rabb\u00ednskrar gy\u00f0ingd\u00f3ms me\u00f0 \u00fatleggingu \u00e1 tr\u00faarhef\u00f0inni.\" tabindex=\"0\">Talm\u00fad<\/span> er \u00feegar a\u00f0 finna \u00edtarlega fr\u00e1s\u00f6gn \u00fear sem Sal\u00f3mon fangar lei\u00f0toga dj\u00f6flanna me\u00f0 hj\u00e1lp innsiglishrings sem \u00e1 er grafi\u00f0 gu\u00f0snafn, og ney\u00f0ir hann til a\u00f0 \u00fej\u00f3na s\u00e9r vi\u00f0 byggingu musterisins. \u00cd fr\u00e1s\u00f6gninni tapar Sal\u00f3mon um t\u00edma valdinu yfir <span class=\"iwg-fachbegriff\" data-tooltip=\"Andlegt vera sem eignu\u00f0 er ska\u00f0leg e\u00f0a tv\u00edbent \u00e1hrif.\" tabindex=\"0\">dj\u00f6flinum<\/span> vegna eigin hroka.<\/p><p>\u00deessi talm\u00fad\u00edska fr\u00e1s\u00f6gn var\u00f0 kjarninn \u00ed \u00f6rt vaxandi eftirbibl\u00edulegri go\u00f0sagnahef\u00f0. \u00cd s\u00ed\u00f0ari textum, sem sumir ur\u00f0u til utan rabb\u00ednsks gy\u00f0ingd\u00f3ms, ver\u00f0ur Sal\u00f3mon hinn mikli meistari dj\u00f6flanna, s\u00e1 sem kann n\u00f6fn \u00feeirra, \u00e1byrg\u00f0arsvi\u00f0 og lei\u00f0ir til a\u00f0 beygja \u00fe\u00e1 undir sig.<\/p><p>\u00c1 \u00feessari hugmynd byggir hluti gy\u00f0inglegra og af henni \u00e1hrifa\u00f0ra galdrarita mi\u00f0aldanna.<\/p><p>Fr\u00e6\u00f0ilega er \u00feessi l\u00edna \u00e1hugaver\u00f0 \u00fev\u00ed h\u00fan s\u00fdnir hvernig heil b\u00f3kmenntategund vex upp \u00far f\u00e1or\u00f0u\u00f0um bibl\u00edulegum v\u00edsbendingum og st\u00f6kum talm\u00fad\u00edskum fr\u00e1s\u00f6gnum. Innsiglishringurinn, listinn yfir dj\u00f6flana me\u00f0 einkennum \u00feeirra, hugmyndin um a\u00f0 \u00feekking \u00e1 nafni veiti vald yfir verunni, allt \u00feetta var\u00f0 a\u00f0 fastri byggingareiningu.<\/p><p>\u00c1 sama t\u00edma var hi\u00f0 hef\u00f0bundna rabb\u00ednska gy\u00f0ingd\u00f3m tortryggi\u00f0 til fr\u00e1hverft gagnvart hagn\u00fdtri <span class=\"iwg-fachbegriff\" data-tooltip=\"Munnleg ath\u00f6fn sem \u00e6tla\u00f0 er a\u00f0 kalla fram e\u00f0a binda m\u00e1tt.\" tabindex=\"0\">s\u00e6ringu<\/span> dj\u00f6fla. Sal\u00f3monshef\u00f0in hreyf\u00f0ist \u00fev\u00ed oft \u00e1 ja\u00f0ri hinnar vi\u00f0urkenndu tr\u00faari\u00f0kunar e\u00f0a handan hans.<\/p><p>H\u00fan s\u00fdnir \u00fe\u00f3 a\u00f0 <em>shedim<\/em> voru ekki a\u00f0eins hugsu\u00f0 sem h\u00f3tun, heldur einnig sem m\u00e1ttarv\u00f6ld sem h\u00e6gt var a\u00f0 r\u00e1\u00f0a yfir, og hvers kraft n\u00e6gilega vitur og gu\u00f0r\u00e6kinn ma\u00f0ur g\u00e6ti n\u00fdtt s\u00e9r. \u00deessi togstreita milli varnar og valds gengur eins og rau\u00f0ur \u00fer\u00e1\u00f0ur \u00ed allri gy\u00f0inglegri umfj\u00f6llun um Shedim.<\/p>\t\t\t\t\t\t\t\t<\/div>\n\t\t\t\t<\/div>\n\t\t\t\t\t<\/div>\n\t\t\t\t<\/div>\n\t\t<div class=\"elementor-element elementor-element-36dd7469 e-flex e-con-boxed e-con e-parent\" data-id=\"36dd7469\" data-element_type=\"container\" data-e-type=\"container\">\n\t\t\t\t\t<div class=\"e-con-inner\">\n\t\t\t\t<div class=\"elementor-element elementor-element-13760ab4 elementor-widget elementor-widget-heading\" data-id=\"13760ab4\" data-element_type=\"widget\" data-e-type=\"widget\" data-widget_type=\"heading.default\">\n\t\t\t\t\t<h2 class=\"elementor-heading-title elementor-size-default\">\u00cdtarefni og tenglar<\/h2>\t\t\t\t<\/div>\n\t\t<div class=\"elementor-element elementor-element-28c87796 e-con-full e-flex e-con e-child\" data-id=\"28c87796\" data-element_type=\"container\" data-e-type=\"container\">\n\t\t\t\t<div class=\"elementor-element elementor-element-5d6538df elementor-widget elementor-widget-text-editor\" data-id=\"5d6538df\" data-element_type=\"widget\" data-e-type=\"widget\" data-widget_type=\"text-editor.default\">\n\t\t\t\t\t\t\t\t\t<p>R\u00e1\u00f0lag\u00f0ir innri hlekkir:<\/p><ul><li><a href=\"https:\/\/iwell-guard.com\/is\/?page_id=168596\">Gy\u00f0ingd\u00f3mur<\/a><\/li><li><a href=\"https:\/\/iwell-guard.com\/is\/?page_id=168607\">Lilith<\/a> (\u00e1\u00fereifanlegur fulltr\u00fai flokksins)<\/li><li><a href=\"https:\/\/iwell-guard.com\/is\/?page_id=168609\">Asmodai<\/a> (konungur Shedim-stigveldisins)<\/li><li><a href=\"https:\/\/iwell-guard.com\/is\/?page_id=168583\">Mes\u00f3p\u00f3tam\u00eda<\/a> (shedu-or\u00f0sifjar)<\/li><li>Arama\u00edskar galdrask\u00e1lar<\/li><li>Mes\u00fasa og gy\u00f0inglegir verndargripir<\/li><\/ul>\t\t\t\t\t\t\t\t<\/div>\n\t\t\t\t<\/div>\n\t\t\t\t\t<\/div>\n\t\t\t\t<\/div>\n\t\t<div class=\"elementor-element elementor-element-grl4kl40 e-flex e-con-boxed e-con e-parent\" data-id=\"grl4kl40\" data-element_type=\"container\" data-e-type=\"container\">\n\t\t\t\t\t<div class=\"e-con-inner\">\n\t\t\t\t<div class=\"elementor-element elementor-element-bzsbfrmh elementor-widget elementor-widget-heading\" data-id=\"bzsbfrmh\" data-element_type=\"widget\" data-e-type=\"widget\" data-widget_type=\"heading.default\">\n\t\t\t\t\t<h2 class=\"elementor-heading-title elementor-size-default\">Fr\u00e6\u00f0irit<\/h2>\t\t\t\t<\/div>\n\t\t<div class=\"elementor-element elementor-element-2c13224a e-con-full e-flex e-con e-child\" data-id=\"2c13224a\" data-element_type=\"container\" data-e-type=\"container\">\n\t\t\t\t<div class=\"elementor-element elementor-element-0eymh9ub elementor-widget elementor-widget-text-editor\" data-id=\"0eymh9ub\" data-element_type=\"widget\" data-e-type=\"widget\" data-widget_type=\"text-editor.default\">\n\t\t\t\t\t\t\t\t\t<footer class=\"iwg-literatur\"><p>\u00darval helstu rita um Shedim og gy\u00f0inglega dj\u00f6flafr\u00e6\u00f0i:<\/p><ul><li><span data-nosnippet>Naveh, Joseph \/ Shaked, Shaul: <em>Amulets and Magic Bowls<\/em>. Jerusalem 1985.<\/span><\/li><li><span data-nosnippet>Schrire, Theodore: <em>Hebrew Magic Amulets<\/em>. London 1966.<\/span><\/li><li><span data-nosnippet>Bar-Ilan, Meir: \u201eBetween Magic and Religion. Sympathetic Magic in the World of the Sages.&#8220; In: <em>Review of Rabbinic Judaism<\/em> 5 (2002).<\/span><\/li><li><span data-nosnippet>Harari, Yuval: <em>Jewish Magic before the Rise of Kabbalah<\/em>. Detroit 2017.<\/span><\/li><li><span data-nosnippet>Trachtenberg, Joshua: <em><a href=\"https:\/\/archive.org\/details\/jewishmagicsuper0000josh\" target=\"_blank\" rel=\"noopener noreferrer\">Jewish Magic and Superstition<\/a><\/em>. New York 1939 (endur\u00fatg\u00e1fa Philadelphia 2004).<\/span><\/li><\/ul><div data-nosnippet=\"true\" class=\"iwg-litliste\"><p><strong>Grunnrit (gy\u00f0ingd\u00f3mur):<\/strong><\/p><ul><li><span data-nosnippet><strong>Hutter, Manfred<\/strong>: <em>Lilith. In: Dictionary of Deities and Demons in the Bible. 2. Aufl. Leiden 1999.<\/em><\/span><\/li><\/ul><\/div><\/footer>\n<p class=\"iwg-bib-more\"><span data-nosnippet>Fleiri grunnrit \u00ed <a href=\"https:\/\/iwell-guard.com\/is\/?page_id=168730\">heimildaskr\u00e1nni<\/a>.<\/span><\/p>\t\t\t\t\t\t\t\t<\/div>\n\t\t\t\t<\/div>\n\t\t\t\t\t<\/div>\n\t\t\t\t<\/div>\n\t\t<div class=\"elementor-element elementor-element-iwgca-shedim-sec e-flex e-con-boxed e-con e-parent\" data-id=\"iwgca-shedim-sec\" data-element_type=\"container\" data-e-type=\"container\" id=\"iwg-ca-shedim\">\n\t\t\t\t\t<div class=\"e-con-inner\">\n\t\t\t\t<div class=\"elementor-element elementor-element-iwgca-shedim-te iwg-ca-textwrap elementor-widget elementor-widget-text-editor\" data-id=\"iwgca-shedim-te\" data-element_type=\"widget\" data-e-type=\"widget\" data-widget_type=\"text-editor.default\">\n\t\t\t\t\t\t\t\t\t<div data-nosnippet=\"true\"><p class=\"iwg-ca-bridge\">Verndarhef\u00f0in sem h\u00e9r er l\u00fdst er v\u00edsindaleg \u00fattekt \u00e1 s\u00f6guhef\u00f0um. iWell Guard tengist \u00feessari menningars\u00f6gulegu hef\u00f0 verndargripa sem borin eru \u00e1 l\u00edkamanum og er n\u00fat\u00edmaleg \u00fatf\u00e6rsla \u00e1 henni. <a href=\"\/ueber-iwell-guard\/?utm_source=iwell-guard.com&#038;utm_medium=text-link&#038;utm_campaign=schadwesen-tradition\">Meira um iWell Guard \u2192<\/a><\/p><\/div>\t\t\t\t\t\t\t\t<\/div>\n\t\t\t\t\t<\/div>\n\t\t\t\t<\/div>\n\t\t<div class=\"elementor-element elementor-element-69c47af e-con-boxed e-flex e-con e-parent\" data-id=\"69c47af\" data-element_type=\"container\" data-e-type=\"container\">\n\t\t\t\t\t<div class=\"e-con-inner\">\n\t\t\t\t<div class=\"elementor-element elementor-element-e92870b elementor-widget elementor-widget-text-editor\" data-id=\"e92870b\" data-element_type=\"widget\" data-e-type=\"widget\" data-widget_type=\"text-editor.default\">\n\t\t\t\t\t\t\t\t\t\n<h2>Algengar spurningar um Shedim<\/h2>\n<div class=\"iwg-faq-q\"><h3>Hva\u00f0 eru Shedim \u00ed hef\u00f0 J\u00fadaismans?<\/h3><p>Shedim (fleirtala af Shed, hebreska \u05e9\u05d3\u05d9\u05dd) eru \u00ed hef\u00f0 J\u00fadaismans flokkur <span class=\"iwg-fachbegriff\" data-tooltip=\"Vera \u00e1n l\u00edkama sem talin er hafa \u00e1hrif \u00ed heiminum.\" tabindex=\"0\">anda<\/span>vera, oftast l\u00fdst sem ey\u00f0andi e\u00f0a a\u00f0 minnsta kosti si\u00f0fer\u00f0islega tv\u00edr\u00e6\u00f0ar.<\/p><p>\u00cd Tanak kemur hugtaki\u00f0 sjaldan fyrir (5. M\u00f3seb\u00f3k 32,17; S\u00e1lmur 106,37), \u00fear sem \u00fea\u00f0 er nota\u00f0 um hei\u00f0in go\u00f0 sem \u00cdsraelsmenn f\u00e6r\u00f0u syni s\u00edna a\u00f0 f\u00f3rn. \u00cd <span class=\"iwg-fachbegriff\" data-tooltip=\"Meginverk rabb\u00ednskrar J\u00fadaismans me\u00f0 \u00fatlistun tr\u00faarlegrar arfleif\u00f0ar.\" tabindex=\"0\">Talm\u00fad<\/span> (s\u00e9rstaklega Pesachim 110a-112b) eru Shedim \u00e1litin raunveruleg, yfirn\u00e1tt\u00farleg vera sem b\u00faa \u00ed salernum, \u00e1 gatnam\u00f3tum, \u00ed \u00feorpum og \u00ed br\u00f3mberja\u00feyrpingum.<\/p><\/div>\n<div class=\"iwg-faq-q\"><h3>Hvernig eru Shedim fr\u00e1brug\u00f0in Mazzikim og Lilin?<\/h3><p>Dj\u00f6flafr\u00e6\u00f0i J\u00fadaismans \u00feekkir nokkra flokka: Shedim eru almennasti flokkurinn, l\u00edkamsl\u00edkar, greindar verur me\u00f0 frj\u00e1lsan vilja. Mazzikim (ska\u00f0valdar) eru s\u00e9rstaklega bundnir vi\u00f0 a\u00f0 valda ska\u00f0a. Lilin eru afkomendur Lilith, n\u00e1ttdj\u00f6flar.<\/p><p>Ruchot eru hreinar andaverur, sums sta\u00f0ar a\u00f0skildar s\u00e1lir. \u00cd <span class=\"iwg-fachbegriff\" data-tooltip=\"Meginverk rabb\u00ednskrar J\u00fadaismans me\u00f0 \u00fatlistun tr\u00faarlegrar arfleif\u00f0ar.\" tabindex=\"0\">Talm\u00fad<\/span> (Chagiga 16a) er teki\u00f0 fram a\u00f0 Shedim deili \u00feremur eiginleikum me\u00f0 m\u00f6nnum (\u00e1tu, fj\u00f6lgun, dau\u00f0leika) og \u00feremur me\u00f0 englum (v\u00e6ngi, alvitund, \u00f3s\u00fdnileika), \u00feau eru millivera.<\/p><\/div>\n<script type=\"application\/ld+json\">{\"@context\":\"https:\/\/schema.org\",\"@type\":\"FAQPage\",\"mainEntity\":[{\"@type\":\"Question\",\"name\":\"Hva\u00f0 eru Shedim \u00ed hef\u00f0 J\u00fadaismans?\",\"acceptedAnswer\":{\"@type\":\"Answer\",\"text\":\"Shedim (fleirtala af Shed, hebreska \u05e9\u05d3\u05d9\u05dd) eru \u00ed hef\u00f0 J\u00fadaismans flokkur andavera, oftast l\u00fdst sem ey\u00f0andi e\u00f0a a\u00f0 minnsta kosti si\u00f0fer\u00f0islega tv\u00edr\u00e6\u00f0ar.\u00cd Tanak kemur hugtaki\u00f0 sjaldan fyrir (5. M\u00f3seb\u00f3k 32,17; S\u00e1lmur 106,37), \u00fear sem \u00fea\u00f0 er nota\u00f0 um hei\u00f0in go\u00f0 sem \u00cdsraelsmenn f\u00e6r\u00f0u syni s\u00edna a\u00f0 f\u00f3rn. \u00cd Talm\u00fad (s\u00e9rstaklega Pesachim 110a-112b) eru Shedim \u00e1litin raunveruleg, yfirn\u00e1tt\u00farleg vera sem b\u00faa \u00ed salernum, \u00e1 gatnam\u00f3tum, \u00ed \u00feorpum og \u00ed br\u00f3mberja\u00feyrpingum.\"}},{\"@type\":\"Question\",\"name\":\"Hvernig eru Shedim fr\u00e1brug\u00f0in Mazzikim og Lilin?\",\"acceptedAnswer\":{\"@type\":\"Answer\",\"text\":\"Dj\u00f6flafr\u00e6\u00f0i J\u00fadaismans \u00feekkir nokkra flokka: Shedim eru almennasti flokkurinn, l\u00edkamsl\u00edkar, greindar verur me\u00f0 frj\u00e1lsan vilja. Mazzikim (ska\u00f0valdar) eru s\u00e9rstaklega bundnir vi\u00f0 a\u00f0 valda ska\u00f0a. Lilin eru afkomendur Lilith, n\u00e1ttdj\u00f6flar.Ruchot eru hreinar andaverur, sums sta\u00f0ar a\u00f0skildar s\u00e1lir. \u00cd Talm\u00fad (Chagiga 16a) er teki\u00f0 fram a\u00f0 Shedim deili \u00feremur eiginleikum me\u00f0 m\u00f6nnum (\u00e1tu, fj\u00f6lgun, dau\u00f0leika) og \u00feremur me\u00f0 englum (v\u00e6ngi, alvitund, \u00f3s\u00fdnileika), \u00feau eru millivera.\"}}]}<\/script>\t\t\t\t\t\t\t\t<\/div>\n\t\t\t\t\t<\/div>\n\t\t\t\t<\/div>\n\t\t\t\t<\/div>\n\t\t","protected":false},"excerpt":{"rendered":"","protected":false},"author":3,"featured_media":1690,"parent":0,"menu_order":0,"comment_status":"closed","ping_status":"closed","template":"elementor_header_footer","meta":{"_yoast_wpseo_focuskw":"Shedim","_yoast_wpseo_title":"Shedim - Hi\u00f0 klass\u00edska dj\u00f6flahugtak Judaismans","_yoast_wpseo_metadesc":"Shedim, hi\u00f0 klass\u00edska dj\u00f6flahugtak Judaismans: milli Talm\u00fa\u00f0sins og verndarsk\u00e1lar, me\u00f0 mes\u00f3p\u00f3tam\u00edskum r\u00f3tum. Tr\u00faarfr\u00e6\u00f0ileg greining.","_yoast_wpseo_meta-robots-noindex":"","_yoast_wpseo_canonical":"","_angie_page":false,"gefaehrdungsstufe":"3","wesen_kultur":"judentum","wesen_klasse":"daemonen","footnotes":""},"categories":[],"class_list":["post-168608","page","type-page","status-publish","has-post-thumbnail","hentry"],"yoast_head":"<!-- This site is optimized with the Yoast SEO Premium plugin v27.7 (Yoast SEO v28.3) - https:\/\/yoast.com\/product\/yoast-seo-premium-wordpress\/ -->\n<title>Shedim - Hi\u00f0 klass\u00edska dj\u00f6flahugtak Judaismans<\/title>\n<meta name=\"description\" content=\"Shedim, hi\u00f0 klass\u00edska dj\u00f6flahugtak Judaismans: milli Talm\u00fa\u00f0sins og verndarsk\u00e1lar, me\u00f0 mes\u00f3p\u00f3tam\u00edskum r\u00f3tum. Tr\u00faarfr\u00e6\u00f0ileg greining.\" \/>\n<meta name=\"robots\" content=\"index, follow, max-snippet:-1, max-image-preview:large, max-video-preview:-1\" \/>\n<link rel=\"canonical\" href=\"https:\/\/iwell-guard.com\/is\/shedim\/\" \/>\n<meta property=\"og:locale\" content=\"is_IS\" \/>\n<meta property=\"og:type\" content=\"article\" \/>\n<meta property=\"og:title\" content=\"Shedim\" \/>\n<meta property=\"og:description\" content=\"Shedim, hi\u00f0 klass\u00edska dj\u00f6flahugtak Judaismans: milli Talm\u00fa\u00f0sins og verndarsk\u00e1lar, me\u00f0 mes\u00f3p\u00f3tam\u00edskum r\u00f3tum. Tr\u00faarfr\u00e6\u00f0ileg greining.\" \/>\n<meta property=\"og:url\" content=\"https:\/\/iwell-guard.com\/is\/shedim\/\" \/>\n<meta property=\"og:site_name\" content=\"iWell Guard\" \/>\n<meta property=\"article:modified_time\" content=\"2026-09-05T14:14:50+00:00\" \/>\n<meta property=\"og:image\" content=\"https:\/\/iwell-guard.com\/wp-content\/uploads\/2026\/04\/daemonen_judentum_shedim.webp\" \/>\n\t<meta property=\"og:image:width\" content=\"1024\" \/>\n\t<meta property=\"og:image:height\" content=\"1536\" \/>\n\t<meta property=\"og:image:type\" content=\"image\/webp\" \/>\n<meta name=\"twitter:card\" content=\"summary_large_image\" \/>\n<script type=\"application\/ld+json\" class=\"yoast-schema-graph\">{\"@context\":\"https:\\\/\\\/schema.org\",\"@graph\":[{\"@type\":\"WebPage\",\"@id\":\"https:\\\/\\\/iwell-guard.com\\\/is\\\/shedim\\\/\",\"url\":\"https:\\\/\\\/iwell-guard.com\\\/is\\\/shedim\\\/\",\"name\":\"Shedim - Hi\u00f0 klass\u00edska dj\u00f6flahugtak Judaismans\",\"isPartOf\":{\"@id\":\"https:\\\/\\\/iwell-guard.com\\\/is\\\/#website\"},\"primaryImageOfPage\":{\"@id\":\"https:\\\/\\\/iwell-guard.com\\\/is\\\/shedim\\\/#primaryimage\"},\"image\":{\"@id\":\"https:\\\/\\\/iwell-guard.com\\\/is\\\/shedim\\\/#primaryimage\"},\"thumbnailUrl\":\"https:\\\/\\\/iwell-guard.com\\\/wp-content\\\/uploads\\\/2026\\\/04\\\/daemonen_judentum_shedim.webp\",\"datePublished\":\"2026-09-05T14:01:32+00:00\",\"dateModified\":\"2026-09-05T14:14:50+00:00\",\"description\":\"Shedim, hi\u00f0 klass\u00edska dj\u00f6flahugtak Judaismans: milli Talm\u00fa\u00f0sins og verndarsk\u00e1lar, me\u00f0 mes\u00f3p\u00f3tam\u00edskum r\u00f3tum. Tr\u00faarfr\u00e6\u00f0ileg greining.\",\"breadcrumb\":{\"@id\":\"https:\\\/\\\/iwell-guard.com\\\/is\\\/shedim\\\/#breadcrumb\"},\"inLanguage\":\"is\",\"potentialAction\":[{\"@type\":\"ReadAction\",\"target\":[\"https:\\\/\\\/iwell-guard.com\\\/is\\\/shedim\\\/\"]}]},{\"@type\":\"ImageObject\",\"inLanguage\":\"is\",\"@id\":\"https:\\\/\\\/iwell-guard.com\\\/is\\\/shedim\\\/#primaryimage\",\"url\":\"https:\\\/\\\/iwell-guard.com\\\/wp-content\\\/uploads\\\/2026\\\/04\\\/daemonen_judentum_shedim.webp\",\"contentUrl\":\"https:\\\/\\\/iwell-guard.com\\\/wp-content\\\/uploads\\\/2026\\\/04\\\/daemonen_judentum_shedim.webp\",\"width\":1024,\"height\":1536,\"caption\":\"Dem\u00f3nar \u00far hef\u00f0 j\u00fadaisma.\"},{\"@type\":\"BreadcrumbList\",\"@id\":\"https:\\\/\\\/iwell-guard.com\\\/is\\\/shedim\\\/#breadcrumb\",\"itemListElement\":[{\"@type\":\"ListItem\",\"position\":1,\"name\":\"Start\",\"item\":\"https:\\\/\\\/iwell-guard.com\\\/is\\\/?page_id=168580\"},{\"@type\":\"ListItem\",\"position\":2,\"name\":\"Shedim\"}]},{\"@type\":\"WebSite\",\"@id\":\"https:\\\/\\\/iwell-guard.com\\\/is\\\/#website\",\"url\":\"https:\\\/\\\/iwell-guard.com\\\/is\\\/\",\"name\":\"iWell Guard\",\"description\":\"Schutz vor dunklen Einfl\u00fcssen\",\"publisher\":{\"@id\":\"https:\\\/\\\/iwell-guard.com\\\/is\\\/#organization\"},\"potentialAction\":[{\"@type\":\"SearchAction\",\"target\":{\"@type\":\"EntryPoint\",\"urlTemplate\":\"https:\\\/\\\/iwell-guard.com\\\/is\\\/?s={search_term_string}\"},\"query-input\":{\"@type\":\"PropertyValueSpecification\",\"valueRequired\":true,\"valueName\":\"search_term_string\"}}],\"inLanguage\":\"is\"},{\"@type\":\"Organization\",\"@id\":\"https:\\\/\\\/iwell-guard.com\\\/is\\\/#organization\",\"name\":\"Ittermann electronic GmbH\",\"url\":\"https:\\\/\\\/iwell-guard.com\\\/is\\\/\",\"logo\":{\"@type\":\"ImageObject\",\"inLanguage\":\"is\",\"@id\":\"https:\\\/\\\/iwell-guard.com\\\/is\\\/#\\\/schema\\\/logo\\\/image\\\/\",\"url\":\"https:\\\/\\\/iwell-guard.com\\\/wp-content\\\/uploads\\\/2026\\\/05\\\/Ittermann-Logo-1182x237-1.png\",\"contentUrl\":\"https:\\\/\\\/iwell-guard.com\\\/wp-content\\\/uploads\\\/2026\\\/05\\\/Ittermann-Logo-1182x237-1.png\",\"width\":1182,\"height\":237,\"caption\":\"Ittermann electronic GmbH\"},\"image\":{\"@id\":\"https:\\\/\\\/iwell-guard.com\\\/is\\\/#\\\/schema\\\/logo\\\/image\\\/\"},\"sameAs\":[\"https:\\\/\\\/pantip.com\\\/profile\\\/9367242\",\"https:\\\/\\\/micro.blog\\\/iwellguard\",\"https:\\\/\\\/www.diggerslist.com\\\/iwellguard\\\/about\",\"https:\\\/\\\/skitterphoto.com\\\/photographers\\\/2870314\\\/iwell-guard\",\"https:\\\/\\\/iwellguard.wordpress.com\\\/2026\\\/06\\\/06\\\/iwell-guard\\\/\",\"https:\\\/\\\/hub.docker.com\\\/u\\\/iwellguard\",\"https:\\\/\\\/www.pinterest.com\\\/iwellguard\\\/\",\"https:\\\/\\\/bit.ly\\\/m\\\/iwellguard\",\"https:\\\/\\\/entre-vos-mains.alsace.eu\\\/profiles\\\/iwellguard\\\/activity\",\"https:\\\/\\\/gravatar.com\\\/reallybeded8fd34\",\"https:\\\/\\\/naijamatta.com\\\/iwellguard\",\"https:\\\/\\\/www.goodreads.com\\\/iwellguard\",\"https:\\\/\\\/profile.hatena.ne.jp\\\/iwellguard\\\/\",\"https:\\\/\\\/experiment.com\\\/users\\\/iwellguard\",\"https:\\\/\\\/wakelet.com\\\/@iWellGuard82270\",\"https:\\\/\\\/www.chordie.com\\\/forum\\\/profile.php?id=2555664\",\"https:\\\/\\\/www.instapaper.com\\\/p\\\/17757966\",\"https:\\\/\\\/www.mapleprimes.com\\\/users\\\/iwellguard\",\"https:\\\/\\\/businesslistingplus.com\\\/profile\\\/iwell-guard\\\/\",\"https:\\\/\\\/telegra.ph\\\/iWell-Guard-06-06\",\"https:\\\/\\\/pbase.com\\\/iwellguard\\\/iwellguard\",\"https:\\\/\\\/b.hatena.ne.jp\\\/iwellguard\\\/20260607#bookmark-4788405196491818882\",\"https:\\\/\\\/fliphtml5.com\\\/home\\\/iwellguard\",\"https:\\\/\\\/anyflip.com\\\/homepage\\\/cmiwl#About\",\"https:\\\/\\\/transfur.com\\\/Users\\\/iwellguard\",\"http:\\\/\\\/delphi.larsbo.org\\\/user\\\/iwellguard\",\"https:\\\/\\\/jobs.lajobsportal.org\\\/profiles\\\/8380803-iwell-guard\",\"https:\\\/\\\/md.chaosdorf.de\\\/s\\\/jfbe5SBdJD\",\"https:\\\/\\\/www.lingvolive.com\\\/en-us\\\/profile\\\/9ecaeaca-ce11-4e51-9e71-01d55e2bff36\\\/translations\",\"https:\\\/\\\/www.fitday.com\\\/fitness\\\/forums\\\/members\\\/iwellguard.html\",\"https:\\\/\\\/www.mymeetbook.com\\\/iwellguard\",\"https:\\\/\\\/pxhere.com\\\/en\\\/photographer-me\\\/5040798\",\"https:\\\/\\\/disqus.com\\\/by\\\/iwellguard\\\/about\\\/\",\"https:\\\/\\\/pastelink.net\\\/hjwciqwq\",\"https:\\\/\\\/pubhtml5.com\\\/homepage\\\/scjhn\\\/\",\"https:\\\/\\\/www.bitchute.com\\\/channel\\\/2O2eOKzNqujT\",\"https:\\\/\\\/audiomack.com\\\/iwellguard\"]},{\"@type\":\"Article\",\"@id\":\"https:\\\/\\\/iwell-guard.com\\\/is\\\/shedim\\\/#article\",\"isPartOf\":{\"@id\":\"https:\\\/\\\/iwell-guard.com\\\/is\\\/shedim\\\/\"},\"author\":{\"name\":\"Ralf Ittermann\",\"@id\":\"https:\\\/\\\/iwell-guard.com\\\/is\\\/#\\\/schema\\\/person\\\/ee2a27f1cac3406c7c6fb5820cb7349f\"},\"headline\":\"Shedim\",\"datePublished\":\"2026-09-05T14:01:32+00:00\",\"dateModified\":\"2026-09-05T14:14:50+00:00\",\"mainEntityOfPage\":{\"@id\":\"https:\\\/\\\/iwell-guard.com\\\/is\\\/shedim\\\/\"},\"publisher\":{\"@id\":\"https:\\\/\\\/iwell-guard.com\\\/is\\\/#organization\"},\"image\":{\"@id\":\"https:\\\/\\\/iwell-guard.com\\\/is\\\/shedim\\\/#primaryimage\"},\"thumbnailUrl\":\"https:\\\/\\\/iwell-guard.com\\\/wp-content\\\/uploads\\\/2026\\\/04\\\/daemonen_judentum_shedim.webp\",\"inLanguage\":\"is\",\"description\":\"Shedim, hi\u00f0 klass\u00edska dj\u00f6flahugtak Judaismans: milli Talm\u00fa\u00f0sins og verndarsk\u00e1lar, me\u00f0 mes\u00f3p\u00f3tam\u00edskum r\u00f3tum. Tr\u00faarfr\u00e6\u00f0ileg greining.\"}]}<\/script>\n<!-- \/ Yoast SEO Premium plugin. -->","yoast_head_json":{"title":"Shedim - Hi\u00f0 klass\u00edska dj\u00f6flahugtak Judaismans","description":"Shedim, hi\u00f0 klass\u00edska dj\u00f6flahugtak Judaismans: milli Talm\u00fa\u00f0sins og verndarsk\u00e1lar, me\u00f0 mes\u00f3p\u00f3tam\u00edskum r\u00f3tum. Tr\u00faarfr\u00e6\u00f0ileg greining.","robots":{"index":"index","follow":"follow","max-snippet":"max-snippet:-1","max-image-preview":"max-image-preview:large","max-video-preview":"max-video-preview:-1"},"canonical":"https:\/\/iwell-guard.com\/is\/shedim\/","og_locale":"is_IS","og_type":"article","og_title":"Shedim","og_description":"Shedim, hi\u00f0 klass\u00edska dj\u00f6flahugtak Judaismans: milli Talm\u00fa\u00f0sins og verndarsk\u00e1lar, me\u00f0 mes\u00f3p\u00f3tam\u00edskum r\u00f3tum. Tr\u00faarfr\u00e6\u00f0ileg greining.","og_url":"https:\/\/iwell-guard.com\/is\/shedim\/","og_site_name":"iWell Guard","article_modified_time":"2026-09-05T14:14:50+00:00","og_image":[{"width":1024,"height":1536,"url":"https:\/\/iwell-guard.com\/wp-content\/uploads\/2026\/04\/daemonen_judentum_shedim.webp","type":"image\/webp"}],"twitter_card":"summary_large_image","schema":{"@context":"https:\/\/schema.org","@graph":[{"@type":"Article","@id":"https:\/\/iwell-guard.com\/is\/shedim\/#article","isPartOf":{"@id":"https:\/\/iwell-guard.com\/is\/shedim\/"},"author":{"name":"Ralf Ittermann","@id":"https:\/\/iwell-guard.com\/is\/#\/schema\/person\/ee2a27f1cac3406c7c6fb5820cb7349f"},"headline":"Shedim","datePublished":"2026-09-05T14:01:32+00:00","dateModified":"2026-09-05T14:14:50+00:00","mainEntityOfPage":{"@id":"https:\/\/iwell-guard.com\/is\/shedim\/"},"publisher":{"@id":"https:\/\/iwell-guard.com\/is\/#organization"},"image":{"@id":"https:\/\/iwell-guard.com\/is\/shedim\/#primaryimage"},"thumbnailUrl":"https:\/\/iwell-guard.com\/wp-content\/uploads\/2026\/04\/daemonen_judentum_shedim.webp","inLanguage":"is","description":"Shedim, hi\u00f0 klass\u00edska dj\u00f6flahugtak Judaismans: milli Talm\u00fa\u00f0sins og verndarsk\u00e1lar, me\u00f0 mes\u00f3p\u00f3tam\u00edskum r\u00f3tum. Tr\u00faarfr\u00e6\u00f0ileg greining."},{"@type":"WebPage","@id":"https:\/\/iwell-guard.com\/is\/shedim\/","url":"https:\/\/iwell-guard.com\/is\/shedim\/","name":"Shedim - Hi\u00f0 klass\u00edska dj\u00f6flahugtak Judaismans","isPartOf":{"@id":"https:\/\/iwell-guard.com\/is\/#website"},"primaryImageOfPage":{"@id":"https:\/\/iwell-guard.com\/is\/shedim\/#primaryimage"},"image":{"@id":"https:\/\/iwell-guard.com\/is\/shedim\/#primaryimage"},"thumbnailUrl":"https:\/\/iwell-guard.com\/wp-content\/uploads\/2026\/04\/daemonen_judentum_shedim.webp","datePublished":"2026-09-05T14:01:32+00:00","dateModified":"2026-09-05T14:14:50+00:00","description":"Shedim, hi\u00f0 klass\u00edska dj\u00f6flahugtak Judaismans: milli Talm\u00fa\u00f0sins og verndarsk\u00e1lar, me\u00f0 mes\u00f3p\u00f3tam\u00edskum r\u00f3tum. Tr\u00faarfr\u00e6\u00f0ileg greining.","breadcrumb":{"@id":"https:\/\/iwell-guard.com\/is\/shedim\/#breadcrumb"},"inLanguage":"is","potentialAction":[{"@type":"ReadAction","target":["https:\/\/iwell-guard.com\/is\/shedim\/"]}]},{"@type":"ImageObject","inLanguage":"is","@id":"https:\/\/iwell-guard.com\/is\/shedim\/#primaryimage","url":"https:\/\/iwell-guard.com\/wp-content\/uploads\/2026\/04\/daemonen_judentum_shedim.webp","contentUrl":"https:\/\/iwell-guard.com\/wp-content\/uploads\/2026\/04\/daemonen_judentum_shedim.webp","width":1024,"height":1536,"caption":"Dem\u00f3nar \u00far hef\u00f0 j\u00fadaisma."},{"@type":"BreadcrumbList","@id":"https:\/\/iwell-guard.com\/is\/shedim\/#breadcrumb","itemListElement":[{"@type":"ListItem","position":1,"name":"Start","item":"https:\/\/iwell-guard.com\/is\/?page_id=168580"},{"@type":"ListItem","position":2,"name":"Shedim"}]},{"@type":"WebSite","@id":"https:\/\/iwell-guard.com\/is\/#website","url":"https:\/\/iwell-guard.com\/is\/","name":"iWell Guard","description":"Schutz vor dunklen Einfl\u00fcssen","publisher":{"@id":"https:\/\/iwell-guard.com\/is\/#organization"},"potentialAction":[{"@type":"SearchAction","target":{"@type":"EntryPoint","urlTemplate":"https:\/\/iwell-guard.com\/is\/?s={search_term_string}"},"query-input":{"@type":"PropertyValueSpecification","valueRequired":true,"valueName":"search_term_string"}}],"inLanguage":"is"},{"@type":"Organization","@id":"https:\/\/iwell-guard.com\/is\/#organization","name":"Ittermann electronic GmbH","url":"https:\/\/iwell-guard.com\/is\/","logo":{"@type":"ImageObject","inLanguage":"is","@id":"https:\/\/iwell-guard.com\/is\/#\/schema\/logo\/image\/","url":"https:\/\/iwell-guard.com\/wp-content\/uploads\/2026\/05\/Ittermann-Logo-1182x237-1.png","contentUrl":"https:\/\/iwell-guard.com\/wp-content\/uploads\/2026\/05\/Ittermann-Logo-1182x237-1.png","width":1182,"height":237,"caption":"Ittermann electronic GmbH"},"image":{"@id":"https:\/\/iwell-guard.com\/is\/#\/schema\/logo\/image\/"},"sameAs":["https:\/\/pantip.com\/profile\/9367242","https:\/\/micro.blog\/iwellguard","https:\/\/www.diggerslist.com\/iwellguard\/about","https:\/\/skitterphoto.com\/photographers\/2870314\/iwell-guard","https:\/\/iwellguard.wordpress.com\/2026\/06\/06\/iwell-guard\/","https:\/\/hub.docker.com\/u\/iwellguard","https:\/\/www.pinterest.com\/iwellguard\/","https:\/\/bit.ly\/m\/iwellguard","https:\/\/entre-vos-mains.alsace.eu\/profiles\/iwellguard\/activity","https:\/\/gravatar.com\/reallybeded8fd34","https:\/\/naijamatta.com\/iwellguard","https:\/\/www.goodreads.com\/iwellguard","https:\/\/profile.hatena.ne.jp\/iwellguard\/","https:\/\/experiment.com\/users\/iwellguard","https:\/\/wakelet.com\/@iWellGuard82270","https:\/\/www.chordie.com\/forum\/profile.php?id=2555664","https:\/\/www.instapaper.com\/p\/17757966","https:\/\/www.mapleprimes.com\/users\/iwellguard","https:\/\/businesslistingplus.com\/profile\/iwell-guard\/","https:\/\/telegra.ph\/iWell-Guard-06-06","https:\/\/pbase.com\/iwellguard\/iwellguard","https:\/\/b.hatena.ne.jp\/iwellguard\/20260607#bookmark-4788405196491818882","https:\/\/fliphtml5.com\/home\/iwellguard","https:\/\/anyflip.com\/homepage\/cmiwl#About","https:\/\/transfur.com\/Users\/iwellguard","http:\/\/delphi.larsbo.org\/user\/iwellguard","https:\/\/jobs.lajobsportal.org\/profiles\/8380803-iwell-guard","https:\/\/md.chaosdorf.de\/s\/jfbe5SBdJD","https:\/\/www.lingvolive.com\/en-us\/profile\/9ecaeaca-ce11-4e51-9e71-01d55e2bff36\/translations","https:\/\/www.fitday.com\/fitness\/forums\/members\/iwellguard.html","https:\/\/www.mymeetbook.com\/iwellguard","https:\/\/pxhere.com\/en\/photographer-me\/5040798","https:\/\/disqus.com\/by\/iwellguard\/about\/","https:\/\/pastelink.net\/hjwciqwq","https:\/\/pubhtml5.com\/homepage\/scjhn\/","https:\/\/www.bitchute.com\/channel\/2O2eOKzNqujT","https:\/\/audiomack.com\/iwellguard"]},{"@type":"Person","@id":"https:\/\/iwell-guard.com\/is\/#\/schema\/person\/ee2a27f1cac3406c7c6fb5820cb7349f","name":"Ralf Ittermann","image":{"@type":"ImageObject","inLanguage":"is","@id":"https:\/\/secure.gravatar.com\/avatar\/073c0153e350a5005b68eb752b445fea71f6b24a26da9449ad7e155e6b446c9d?s=96&d=mm&r=g","url":"https:\/\/secure.gravatar.com\/avatar\/073c0153e350a5005b68eb752b445fea71f6b24a26da9449ad7e155e6b446c9d?s=96&d=mm&r=g","contentUrl":"https:\/\/secure.gravatar.com\/avatar\/073c0153e350a5005b68eb752b445fea71f6b24a26da9449ad7e155e6b446c9d?s=96&d=mm&r=g","caption":"Ralf Ittermann"},"givenName":"Ralf","familyName":"Ittermann","jobTitle":"Gesch\u00e4ftsf\u00fchrer und redaktioneller Verantwortlicher","url":"https:\/\/iwell-guard.com\/is\/author\/claude\/","description":"Ralf Ittermann ist Gesch\u00e4ftsf\u00fchrer der Ittermann electronic GmbH und redaktioneller Verantwortlicher des iWell-Guard-Lexikons. Er verbindet langj\u00e4hrige Erfahrung in der Pr\u00e4zisionsfertigung mit medialer Praxis und religionsgeschichtlicher Quellenarbeit.","worksFor":{"@type":"Organization","name":"Ittermann electronic GmbH","url":"https:\/\/ittermann.de\/","address":{"@type":"PostalAddress","streetAddress":"K\u00f6hlergasse 16-18","postalCode":"99842","addressLocality":"Ruhla","addressCountry":"DE"}},"knowsAbout":["Religionsgeschichte","Mythologie","Mediale Praxis","Energetische Diagnostik","Schutzpraxis","Volksglauben","Westliche Esoterik"]},{"@type":"Article","@id":"https:\/\/iwell-guard.com\/is\/shedim\/#article","isPartOf":{"@id":"https:\/\/iwell-guard.com\/is\/shedim\/"},"author":{"name":"Ralf Ittermann","@id":"https:\/\/iwell-guard.com\/is\/#\/schema\/person\/ee2a27f1cac3406c7c6fb5820cb7349f"},"headline":"Shedim","datePublished":"2026-09-05T14:01:32+00:00","dateModified":"2026-09-05T14:14:50+00:00","mainEntityOfPage":{"@id":"https:\/\/iwell-guard.com\/is\/shedim\/"},"publisher":{"@id":"https:\/\/iwell-guard.com\/is\/#organization"},"image":{"@id":"https:\/\/iwell-guard.com\/is\/shedim\/#primaryimage"},"thumbnailUrl":"https:\/\/iwell-guard.com\/wp-content\/uploads\/2026\/04\/daemonen_judentum_shedim.webp","inLanguage":"is","description":"Shedim, hi\u00f0 klass\u00edska dj\u00f6flahugtak Judaismans: milli Talm\u00fa\u00f0sins og verndarsk\u00e1lar, me\u00f0 mes\u00f3p\u00f3tam\u00edskum r\u00f3tum. Tr\u00faarfr\u00e6\u00f0ileg greining."}]}},"_links":{"self":[{"href":"https:\/\/iwell-guard.com\/is\/wp-json\/wp\/v2\/pages\/168608","targetHints":{"allow":["GET"]}}],"collection":[{"href":"https:\/\/iwell-guard.com\/is\/wp-json\/wp\/v2\/pages"}],"about":[{"href":"https:\/\/iwell-guard.com\/is\/wp-json\/wp\/v2\/types\/page"}],"author":[{"embeddable":true,"href":"https:\/\/iwell-guard.com\/is\/wp-json\/wp\/v2\/users\/3"}],"replies":[{"embeddable":true,"href":"https:\/\/iwell-guard.com\/is\/wp-json\/wp\/v2\/comments?post=168608"}],"version-history":[{"count":0,"href":"https:\/\/iwell-guard.com\/is\/wp-json\/wp\/v2\/pages\/168608\/revisions"}],"wp:featuredmedia":[{"embeddable":true,"href":"https:\/\/iwell-guard.com\/is\/wp-json\/wp\/v2\/media\/1690"}],"wp:attachment":[{"href":"https:\/\/iwell-guard.com\/is\/wp-json\/wp\/v2\/media?parent=168608"}],"wp:term":[{"taxonomy":"category","embeddable":true,"href":"https:\/\/iwell-guard.com\/is\/wp-json\/wp\/v2\/categories?post=168608"}],"curies":[{"name":"wp","href":"https:\/\/api.w.org\/{rel}","templated":true}]}}