{"id":168607,"date":"2026-09-05T14:01:31","date_gmt":"2026-09-05T14:01:31","guid":{"rendered":"https:\/\/iwell-guard.com\/?page_id=168607"},"modified":"2026-09-05T14:14:47","modified_gmt":"2026-09-05T14:14:47","slug":"lilith","status":"publish","type":"page","link":"https:\/\/iwell-guard.com\/is\/lilith\/","title":{"rendered":"Lilith"},"content":{"rendered":"\t\t<div data-elementor-type=\"wp-page\" data-elementor-id=\"168607\" class=\"elementor elementor-168607 elementor-849\" data-elementor-post-type=\"page\">\n\t\t\t\t<div class=\"elementor-element elementor-element-10fdade e-flex e-con-boxed e-con e-parent\" data-id=\"10fdade\" data-element_type=\"container\" data-e-type=\"container\" data-settings=\"{&quot;background_background&quot;:&quot;classic&quot;}\">\n\t\t\t\t\t<div class=\"e-con-inner\">\n\t\t<div class=\"elementor-element elementor-element-herohlft0 e-flex e-con-boxed e-con e-child\" data-id=\"herohlft0\" data-element_type=\"container\" data-e-type=\"container\">\n\t\t\t\t\t<div class=\"e-con-inner\">\n\t\t<div class=\"elementor-element elementor-element-c3ceb64 e-con-full e-flex e-con e-child\" data-id=\"c3ceb64\" data-element_type=\"container\" data-e-type=\"container\">\n\t\t\t\t<div class=\"elementor-element elementor-element-96ae5e1 elementor-widget elementor-widget-heading\" data-id=\"96ae5e1\" data-element_type=\"widget\" data-e-type=\"widget\" data-widget_type=\"heading.default\">\n\t\t\t\t\t<h1 class=\"elementor-heading-title elementor-size-default\">Lilith, dj\u00f6fyngja \u00far gy\u00f0inglegri hef\u00f0<\/h1>\t\t\t\t<\/div>\n\t\t\t\t<div class=\"elementor-element elementor-element-e45238a elementor-widget elementor-widget-text-editor\" data-id=\"e45238a\" data-element_type=\"widget\" data-e-type=\"widget\" data-widget_type=\"text-editor.default\">\n\t\t\t\t\t\t\t\t\t<p><strong>N\u00e6turvera milli ey\u00f0imerkur, s\u00e6ngurlegu og <span class=\"iwg-fachbegriff\" tabindex=\"0\" data-tooltip=\"Gy\u00f0ingleg dulspeki me\u00f0 h\u00f6fu\u00f0ritum Sefer Yetzira, Z\u00f3har og l\u00far\u00ed\u00f6nsku sk\u00f3lanum; kenning um sef\u00edr\u00f3t, tetragrammat\u00f3n og tikk\u00fan.\">kabbala<\/span>.<\/strong><\/p>\t\t\t\t\t\t\t\t<\/div>\n\t\t\t\t<\/div>\n\t\t<div class=\"elementor-element elementor-element-klsbdg01 e-con-full e-flex e-con e-parent\" data-id=\"klsbdg01\" data-element_type=\"container\" data-e-type=\"container\">\n\t\t\t\t<div class=\"elementor-element elementor-element-klshtm01 elementor-widget elementor-widget-html\" data-id=\"klshtm01\" data-element_type=\"widget\" data-e-type=\"widget\" data-widget_type=\"html.default\">\n\t\t\t\t\t<div class=\"iwg-pill-row\"><span class=\"iwg-klasse-badge\" tabindex=\"0\" data-tooltip=\"Dj\u00f6full \/ dj\u00f6fyngja: Yfirn\u00e1tt\u00faruleg vera me\u00f0 a\u00f0 mestu ska\u00f0legum e\u00f0a tv\u00edr\u00e6\u00f0um \u00e1hrifum. Stendur milli gu\u00f0a og manna, veldur sj\u00fakd\u00f3mum, freistingum e\u00f0a \u00f3hamingju og er hrakin \u00e1 brott me\u00f0 \u00e1kalli, verndargripum og ath\u00f6fnum.\">Dj\u00f6fyngja<\/span><a href=\"https:\/\/iwell-guard.com\/is\/?page_id=168596\" class=\"iwg-kultur-badge\" tabindex=\"0\" data-tooltip=\"Gy\u00f0ingleg tr\u00faarhef\u00f0 fr\u00e1 Tanak til kabbala og n\u00fat\u00edma dulspeki.\">Judaismi<\/a><\/div>\t\t\t\t<\/div>\n\t\t\t\t<\/div>\n\t\t<div class=\"elementor-element elementor-element-3f74855 e-con-full e-flex e-con e-child\" data-id=\"3f74855\" data-element_type=\"container\" data-e-type=\"container\">\n\t\t\t\t<div class=\"elementor-element elementor-element-1c30362 elementor-toc--minimized-on-tablet elementor-widget elementor-widget-table-of-contents\" data-id=\"1c30362\" data-element_type=\"widget\" data-e-type=\"widget\" data-settings=\"{&quot;exclude_headings_by_selector&quot;:[],&quot;no_headings_message&quot;:&quot;Engar undirfyrirsagnir fundust \\u00e1 \\u00feessari s\\u00ed\\u00f0u.&quot;,&quot;headings_by_tags&quot;:[&quot;h2&quot;,&quot;h3&quot;],&quot;marker_view&quot;:&quot;bullets&quot;,&quot;icon&quot;:{&quot;value&quot;:&quot;fas fa-circle&quot;,&quot;library&quot;:&quot;fa-solid&quot;,&quot;rendered_tag&quot;:&quot;&lt;svg class=\\&quot;e-font-icon-svg e-fas-circle\\&quot; viewBox=\\&quot;0 0 512 512\\&quot; xmlns=\\&quot;http:\\\/\\\/www.w3.org\\\/2000\\\/svg\\&quot;&gt;&lt;path d=\\&quot;M256 8C119 8 8 119 8 256s111 248 248 248 248-111 248-248S393 8 256 8z\\&quot;&gt;&lt;\\\/path&gt;&lt;\\\/svg&gt;&quot;},&quot;minimize_box&quot;:&quot;yes&quot;,&quot;minimized_on&quot;:&quot;tablet&quot;,&quot;hierarchical_view&quot;:&quot;yes&quot;,&quot;min_height&quot;:{&quot;unit&quot;:&quot;px&quot;,&quot;size&quot;:&quot;&quot;,&quot;sizes&quot;:[]},&quot;min_height_tablet&quot;:{&quot;unit&quot;:&quot;px&quot;,&quot;size&quot;:&quot;&quot;,&quot;sizes&quot;:[]},&quot;min_height_mobile&quot;:{&quot;unit&quot;:&quot;px&quot;,&quot;size&quot;:&quot;&quot;,&quot;sizes&quot;:[]}}\" data-widget_type=\"table-of-contents.default\">\n\t\t\t\t\t\t\t\t\t<div class=\"elementor-toc__header\">\n\t\t\t\t\t\t<h2 class=\"elementor-toc__header-title\">\n\t\t\t\tEfnisyfirlit\t\t\t<\/h2>\n\t\t\t\t\t\t\t\t\t\t<div class=\"elementor-toc__toggle-button elementor-toc__toggle-button--expand\" role=\"button\" tabindex=\"0\" aria-controls=\"elementor-toc__1c30362\" aria-expanded=\"true\" aria-label=\"Open table of contents\"><svg aria-hidden=\"true\" class=\"e-font-icon-svg e-fas-chevron-down\" viewBox=\"0 0 448 512\" xmlns=\"http:\/\/www.w3.org\/2000\/svg\"><path d=\"M207.029 381.476L12.686 187.132c-9.373-9.373-9.373-24.569 0-33.941l22.667-22.667c9.357-9.357 24.522-9.375 33.901-.04L224 284.505l154.745-154.021c9.379-9.335 24.544-9.317 33.901.04l22.667 22.667c9.373 9.373 9.373 24.569 0 33.941L240.971 381.476c-9.373 9.372-24.569 9.372-33.942 0z\"><\/path><\/svg><\/div>\n\t\t\t\t<div class=\"elementor-toc__toggle-button elementor-toc__toggle-button--collapse\" role=\"button\" tabindex=\"0\" aria-controls=\"elementor-toc__1c30362\" aria-expanded=\"true\" aria-label=\"Close table of contents\"><svg aria-hidden=\"true\" class=\"e-font-icon-svg e-fas-chevron-up\" viewBox=\"0 0 448 512\" xmlns=\"http:\/\/www.w3.org\/2000\/svg\"><path d=\"M240.971 130.524l194.343 194.343c9.373 9.373 9.373 24.569 0 33.941l-22.667 22.667c-9.357 9.357-24.522 9.375-33.901.04L224 227.495 69.255 381.516c-9.379 9.335-24.544 9.317-33.901-.04l-22.667-22.667c-9.373-9.373-9.373-24.569 0-33.941L207.03 130.525c9.372-9.373 24.568-9.373 33.941-.001z\"><\/path><\/svg><\/div>\n\t\t\t\t\t<\/div>\n\t\t\t\t<div id=\"elementor-toc__1c30362\" class=\"elementor-toc__body\">\n\t\t\t<div class=\"elementor-toc__spinner-container\">\n\t\t\t\t<svg class=\"elementor-toc__spinner eicon-animation-spin e-font-icon-svg e-eicon-loading\" aria-hidden=\"true\" viewBox=\"0 0 1000 1000\" xmlns=\"http:\/\/www.w3.org\/2000\/svg\"><path d=\"M500 975V858C696 858 858 696 858 500S696 142 500 142 142 304 142 500H25C25 237 238 25 500 25S975 237 975 500 763 975 500 975Z\"><\/path><\/svg>\t\t\t<\/div>\n\t\t<\/div>\n\t\t\t\t\t\t<\/div>\n\t\t\t\t<\/div>\n\t\t\t\t\t<\/div>\n\t\t\t\t<\/div>\n\t\t<div class=\"elementor-element elementor-element-herorght0 e-con-full e-flex e-con e-child\" data-id=\"herorght0\" data-element_type=\"container\" data-e-type=\"container\">\n\t\t\t\t<div class=\"elementor-element elementor-element-heroimg00 iwg-hero-image elementor-widget elementor-widget-image\" data-id=\"heroimg00\" data-element_type=\"widget\" data-e-type=\"widget\" data-widget_type=\"image.default\">\n\t\t\t\t\t\t\t\t\t\t\t\t\t\t\t<img fetchpriority=\"high\" decoding=\"async\" width=\"683\" height=\"1024\" src=\"https:\/\/iwell-guard.com\/wp-content\/uploads\/2026\/04\/daemonen_judentum_lilith-683x1024.webp\" class=\"attachment-large size-large wp-image-171094\" alt=\"Lilith - Dj\u00f6full \u00far hef\u00f0 Judentum, s\u00f6guleg myndskreyting&quot;}\n\nAthugasemd: H\u00e9r \u00fearf a\u00f0 huga a\u00f0 \u00fev\u00ed a\u00f0 \u201eJudentum&quot; er \u00fe\u00fdskt or\u00f0 fyrir \u201eJudaism&quot; og \u00e6tti a\u00f0 \u00fe\u00fd\u00f0ast \u00e1 \u00edslensku sem \u201ej\u00fadatr\u00fa&quot;. R\u00e9ttari \u00fe\u00fd\u00f0ing v\u00e6ri:\n\n{&quot;86036a4d61c492c5&quot;: &quot;Lilith - Dj\u00f6full \u00far hef\u00f0 j\u00fadatr\u00faar, s\u00f6guleg myndskreyting\" srcset=\"https:\/\/iwell-guard.com\/wp-content\/uploads\/2026\/04\/daemonen_judentum_lilith-683x1024.webp 683w, https:\/\/iwell-guard.com\/wp-content\/uploads\/2026\/04\/daemonen_judentum_lilith-200x300.webp 200w, https:\/\/iwell-guard.com\/wp-content\/uploads\/2026\/04\/daemonen_judentum_lilith-768x1152.webp 768w, https:\/\/iwell-guard.com\/wp-content\/uploads\/2026\/04\/daemonen_judentum_lilith.webp 1024w\" sizes=\"(max-width: 683px) 100vw, 683px\" \/>\t\t\t\t\t\t\t\t\t\t\t\t\t\t\t<\/div>\n\t\t\t\t<\/div>\n\t\t\t\t\t<\/div>\n\t\t\t\t<\/div>\n\t\t<div class=\"elementor-element elementor-element-32917199 e-flex e-con-boxed e-con e-parent\" data-id=\"32917199\" data-element_type=\"container\" data-e-type=\"container\">\n\t\t\t\t\t<div class=\"e-con-inner\">\n\t\t<div class=\"elementor-element elementor-element-26e916cb e-flex e-con-boxed e-con e-child\" data-id=\"26e916cb\" data-element_type=\"container\" data-e-type=\"container\">\n\t\t\t\t\t<div class=\"e-con-inner\">\n\t\t<div class=\"elementor-element elementor-element-253a40d4 e-flex e-con-boxed e-con e-child\" data-id=\"253a40d4\" data-element_type=\"container\" data-e-type=\"container\">\n\t\t\t\t\t<div class=\"e-con-inner\">\n\t\t\t\t<div class=\"elementor-element elementor-element-1200c304 elementor-widget elementor-widget-heading\" data-id=\"1200c304\" data-element_type=\"widget\" data-e-type=\"widget\" data-widget_type=\"heading.default\">\n\t\t\t\t\t<div class=\"elementor-heading-title elementor-size-default\">Lilith<\/div>\t\t\t\t<\/div>\n\t\t\t\t<div class=\"elementor-element elementor-element-11758e7f elementor-widget elementor-widget-text-editor\" data-id=\"11758e7f\" data-element_type=\"widget\" data-e-type=\"widget\" data-widget_type=\"text-editor.default\">\n\t\t\t\t\t\t\t\t\t<p>Lilith er \u00e1hrifamesta n\u00e6turdj\u00f6fyngja gy\u00f0ing-rabb\u00ednskra ritverka og \u00e1 s\u00e9r r\u00e6tur \u00ed akkad\u00edsku vinddj\u00f6flunum <a href=\"https:\/\/iwell-guard.com\/is\/?page_id=168586\">Lil\u00fb og Lil\u012btu<\/a>. Fr\u00e1 einst\u00f6ku bibl\u00eduversi \u00ed Jesaja 34,14, gegnum nokkrar tilv\u00edsanir \u00ed <span class=\"iwg-fachbegriff\" tabindex=\"0\" data-tooltip=\"H\u00f6fu\u00f0rit rabb\u00ednsks j\u00fadaisma, til \u00ed bab\u00fdlonskri og jer\u00fasalemskri ger\u00f0; innihalda Mishna og Gemara.\">Talm\u00fa\u00f0<\/span> og mi\u00f0aldariti\u00f0 Alphabet Ben Sira, allt til kabbal\u00edsku Adam-Lilith fr\u00e1sagnarinnar, breytist h\u00fan \u00ed fyrstu konu Adams sem neitar a\u00f0 l\u00fata undirokun.<\/p><p>\u00cd \u00fej\u00f3\u00f0tr\u00fa var h\u00fan allt fram \u00e1 n\u00fdaldart\u00edma talin h\u00e6tta fyrir s\u00e6ngurkonur og ungb\u00f6rn; \u00ed n\u00fat\u00edma <span class=\"iwg-fachbegriff\" data-tooltip=\"V\u00edsindaleg fr\u00e6\u00f0igrein um Gu\u00f0 og tr\u00fa tiltekinnar tr\u00faarbrag\u00f0a.\" tabindex=\"0\">gu\u00f0fr\u00e6\u00f0i<\/span> hefur h\u00fan fr\u00e1 1970 veri\u00f0 endurt\u00falku\u00f0 sem fem\u00edn\u00edsk m\u00f3tmynd Evu.<\/p>\t\t\t\t\t\t\t\t<\/div>\n\t\t\t\t\t<\/div>\n\t\t\t\t<\/div>\n\t\t<div class=\"elementor-element elementor-element-159dcf9a e-flex e-con-boxed e-con e-child\" data-id=\"159dcf9a\" data-element_type=\"container\" data-e-type=\"container\">\n\t\t\t\t\t<div class=\"e-con-inner\">\n\t\t\t\t<div class=\"elementor-element elementor-element-48cee66f elementor-widget elementor-widget-heading\" data-id=\"48cee66f\" data-element_type=\"widget\" data-e-type=\"widget\" data-widget_type=\"heading.default\">\n\t\t\t\t\t<h2 class=\"elementor-heading-title elementor-size-default\">Skammyfirlit: Lilith<\/h2>\t\t\t\t<\/div>\n\t\t\t\t<div class=\"elementor-element elementor-element-3f50d82c elementor-widget elementor-widget-text-editor\" data-id=\"3f50d82c\" data-element_type=\"widget\" data-e-type=\"widget\" data-widget_type=\"text-editor.default\">\n\t\t\t\t\t\t\t\t\t<p><strong>Tegund:<\/strong> N\u00e6turdj\u00f6fyngja, s\u00e6ngurlegu-m\u00f3tvera, kabbal\u00edsk skuggavera<br>Uppruni: Bab\u00fdlonsk-arame\u00edsk hef\u00f0, rabb\u00ednsk-kabbal\u00edsk \u00fatf\u00e6rsla<br>Textar: Jes 34,14; <span class=\"iwg-fachbegriff\" tabindex=\"0\" data-tooltip=\"H\u00f6fu\u00f0rit rabb\u00ednsks j\u00fadaisma, til \u00ed bab\u00fdlonskri og jer\u00fasalemskri ger\u00f0; innihalda Mishna og Gemara.\">Talm\u00fa\u00f0<\/span>; arame\u00edskar t\u00f6frask\u00e1lar; Alphabet Ben Sira; Z\u00f3har<br>T\u00edmabil: Fr\u00e1 t\u00edma fyrir \u00fatleg\u00f0 til n\u00fat\u00ed\u00f0ar<br>\u00datbrei\u00f0sla: Bab\u00fdlon\u00eda, Palest\u00edna, dreifb\u00fdli v\u00ed\u00f0a um heim<br>V\u00f6rn: Kimpetzettel-verndargripir me\u00f0 englan\u00f6fnum, nafnagaldur, athafnir til verndar vi\u00f0 f\u00e6\u00f0ingu<\/p>\t\t\t\t\t\t\t\t<\/div>\n\t\t\t\t\t<\/div>\n\t\t\t\t<\/div>\n\t\t\t\t\t<\/div>\n\t\t\t\t<\/div>\n\t\t\t\t\t<\/div>\n\t\t\t\t<\/div>\n\t\t<div class=\"elementor-element elementor-element-18613602 e-flex e-con-boxed e-con e-parent\" data-id=\"18613602\" data-element_type=\"container\" data-e-type=\"container\">\n\t\t\t\t\t<div class=\"e-con-inner\">\n\t\t\t\t<div class=\"elementor-element elementor-element-262b8a9f elementor-widget elementor-widget-heading\" data-id=\"262b8a9f\" data-element_type=\"widget\" data-e-type=\"widget\" data-widget_type=\"heading.default\">\n\t\t\t\t\t<h2 class=\"elementor-heading-title elementor-size-default\">S\u00f6guleg sta\u00f0setning<\/h2>\t\t\t\t<\/div>\n\t\t<div class=\"elementor-element elementor-element-46dcb7d e-con-full e-flex e-con e-child\" data-id=\"46dcb7d\" data-element_type=\"container\" data-e-type=\"container\">\n\t\t<div class=\"elementor-element elementor-element-61d3ab3 e-flex e-con-boxed e-con e-child\" data-id=\"61d3ab3\" data-element_type=\"container\" data-e-type=\"container\">\n\t\t\t\t\t<div class=\"e-con-inner\">\n\t\t\t\t<div class=\"elementor-element elementor-element-117c166 elementor-widget elementor-widget-heading\" data-id=\"117c166\" data-element_type=\"widget\" data-e-type=\"widget\" data-widget_type=\"heading.default\">\n\t\t\t\t\t<div class=\"elementor-heading-title elementor-size-default\">T\u00edmabil textanna<\/div>\t\t\t\t<\/div>\n\t\t\t\t<div class=\"elementor-element elementor-element-73997a0 elementor-widget elementor-widget-text-editor\" data-id=\"73997a0\" data-element_type=\"widget\" data-e-type=\"widget\" data-widget_type=\"text-editor.default\">\n\t\t\t\t\t\t\t\t\t<p>Nafni\u00f0 kemur fyrir \u00ed Tanak a\u00f0eins einu sinni (Jes 34,14). \u00cd <span class=\"iwg-fachbegriff\" data-tooltip=\"H\u00f6fu\u00f0rit rabb\u00ednsks j\u00fadaisma me\u00f0 \u00fatlegging tr\u00faarlegrar arfleif\u00f0ar.\" tabindex=\"0\">Talm\u00fa\u00f0<\/span> kemur Lilith fram \u00e1 nokkrum st\u00f6\u00f0um sem dj\u00f6fyngja (Eruvin 100b, Niddah 24b, Shabbat 151b).<\/p><p>Arame\u00edsku t\u00f6frask\u00e1larnar (4. 7. \u00f6ld e.Kr.) eru mikilv\u00e6g frumheimild. <em>Alphabet Ben Sira<\/em> (8. 10. \u00f6ld) m\u00f3tar fr\u00e1sagnarform hennar. Z\u00f3har (13. \u00f6ld) kerfisbindur Lilith innan <span class=\"iwg-fachbegriff\" tabindex=\"0\" data-tooltip=\"Gy\u00f0ingleg dulspeki me\u00f0 h\u00f6fu\u00f0ritum Sefer Yetzira, Z\u00f3har og l\u00far\u00ed\u00f6nsku sk\u00f3lanum.\">kabbala<\/span>.<\/p><p><strong>Go\u00f0fr\u00e6\u00f0ileg sta\u00f0setning<\/strong><\/p><p>Lilith er \u00ed gy\u00f0inglegri <span class=\"iwg-fachbegriff\" tabindex=\"0\" data-tooltip=\"Tr\u00faarhreyfing me\u00f0 \u00e1herslu \u00e1 beina gu\u00f0supplifun; mi\u00f0l\u00e6g \u00ed gy\u00f0inglegri, kristinni og \u00edslamskri hef\u00f0.\">dulspeki<\/span> og \u00ed dulhyggjuhef\u00f0um dj\u00f6fulleg e\u00f0a gu\u00f0leg kvenkyns vera. H\u00fan er oft l\u00fdst sem fyrsta kona Adams e\u00f0a dj\u00f6fulleg fylgikona hans. H\u00fan er t\u00e1kn uppreisnar gegn fe\u00f0raveldisskipan. Lilith er margslungin pers\u00f3na, endurt\u00falku\u00f0 sem sj\u00e1lfst\u00e6\u00f0 kona.<\/p>\t\t\t\t\t\t\t\t<\/div>\n\t\t\t\t\t<\/div>\n\t\t\t\t<\/div>\n\t\t<div class=\"elementor-element elementor-element-d47b156 e-flex e-con-boxed e-con e-child\" data-id=\"d47b156\" data-element_type=\"container\" data-e-type=\"container\">\n\t\t\t\t\t<div class=\"e-con-inner\">\n\t\t\t\t<div class=\"elementor-element elementor-element-ff38c2b elementor-widget elementor-widget-heading\" data-id=\"ff38c2b\" data-element_type=\"widget\" data-e-type=\"widget\" data-widget_type=\"heading.default\">\n\t\t\t\t\t<div class=\"elementor-heading-title elementor-size-default\">\u00datbrei\u00f0slusv\u00e6\u00f0i<\/div>\t\t\t\t<\/div>\n\t\t\t\t<div class=\"elementor-element elementor-element-4e49fcc elementor-widget elementor-widget-text-editor\" data-id=\"4e49fcc\" data-element_type=\"widget\" data-e-type=\"widget\" data-widget_type=\"text-editor.default\">\n\t\t\t\t\t\t\t\t\t<p>Bab\u00fdlon\u00eda (sassan\u00eddaveldi\u00f0) sem mi\u00f0st\u00f6\u00f0 t\u00f6frask\u00e1lahef\u00f0arins; Palest\u00edna og hin s\u00ed\u00f0ari rabb\u00ednska menningarheild; mi\u00f0alda dreifb\u00fdli \u00ed Evr\u00f3pu, Nor\u00f0ur-Afr\u00edku og Austurl\u00f6ndum n\u00e6r. N\u00fat\u00edma t\u00falkun n\u00e6r fr\u00e1 Austur-Evr\u00f3pu yfir \u00cdsrael og til enskum\u00e6landi fem\u00edn\u00edskra og b\u00f3kmenntalegra hef\u00f0a.<\/p>\t\t\t\t\t\t\t\t<\/div>\n\t\t\t\t\t<\/div>\n\t\t\t\t<\/div>\n\t\t\t\t<\/div>\n\t\t<div class=\"elementor-element elementor-element-db03c39 e-con-full e-flex e-con e-child\" data-id=\"db03c39\" data-element_type=\"container\" data-e-type=\"container\">\n\t\t<div class=\"elementor-element elementor-element-229a87b e-flex e-con-boxed e-con e-child\" data-id=\"229a87b\" data-element_type=\"container\" data-e-type=\"container\">\n\t\t\t\t\t<div class=\"e-con-inner\">\n\t\t\t\t<div class=\"elementor-element elementor-element-1f471fc elementor-widget elementor-widget-heading\" data-id=\"1f471fc\" data-element_type=\"widget\" data-e-type=\"widget\" data-widget_type=\"heading.default\">\n\t\t\t\t\t<div class=\"elementor-heading-title elementor-size-default\">Heimildasta\u00f0a<\/div>\t\t\t\t<\/div>\n\t\t\t\t<div class=\"elementor-element elementor-element-36b1201 elementor-widget elementor-widget-text-editor\" data-id=\"36b1201\" data-element_type=\"widget\" data-e-type=\"widget\" data-widget_type=\"text-editor.default\">\n\t\t\t\t\t\t\t\t\t<p>Einstaklega r\u00edk og marg\u00fe\u00e6tt: eitt tilvik \u00ed Bibl\u00edunni, rabb\u00ednsk ritverk, arame\u00edskar t\u00f6frask\u00e1lar (fj\u00f6ldi \u00e1letrunartexta), mi\u00f0alda verndargripir, kabbal\u00edskir textar, \u00fej\u00f3\u00f0legar galdrahandb\u00e6kur, n\u00fat\u00edma b\u00f3kmennta- og dulspekileg t\u00falkun. A\u00f0 \u00f6llum l\u00edkindum best skjalfesta einstaka veran \u00ed allri dj\u00f6flas\u00f6gu Mi\u00f0jar\u00f0arhafssv\u00e6\u00f0isins.<\/p>\t\t\t\t\t\t\t\t<\/div>\n\t\t\t\t\t<\/div>\n\t\t\t\t<\/div>\n\t\t\t\t<\/div>\n\t\t\t\t\t<\/div>\n\t\t\t\t<\/div>\n\t\t<div class=\"elementor-element elementor-element-3ae0637c e-flex e-con-boxed e-con e-parent\" data-id=\"3ae0637c\" data-element_type=\"container\" data-e-type=\"container\">\n\t\t\t\t\t<div class=\"e-con-inner\">\n\t\t\t\t<div class=\"elementor-element elementor-element-31d07739 elementor-widget elementor-widget-heading\" data-id=\"31d07739\" data-element_type=\"widget\" data-e-type=\"widget\" data-widget_type=\"heading.default\">\n\t\t\t\t\t<h2 class=\"elementor-heading-title elementor-size-default\">Nafn<\/h2>\t\t\t\t<\/div>\n\t\t<div class=\"elementor-element elementor-element-b7642947 e-con-full e-flex e-con e-child\" data-id=\"b7642947\" data-element_type=\"container\" data-e-type=\"container\">\n\t\t\t\t<div class=\"elementor-element elementor-element-a086266 elementor-widget elementor-widget-text-editor\" data-id=\"a086266\" data-element_type=\"widget\" data-e-type=\"widget\" data-widget_type=\"text-editor.default\">\n\t\t\t\t\t\t\t\t\t<p><strong>Hebreska:<\/strong> <em>Lilith<\/em> (\u05dc\u05d9\u05dc\u05d9\u05ea), leidd af <em>layil<\/em> \u201en\u00f3tt&#8220; \u00ed \u00fej\u00f3\u00f0fr\u00e6\u00f0ilegri or\u00f0sk\u00fdringu; v\u00edsindalega talin frekar rekja til bab\u00fdlonskrar undanfara (<em>lil\u012btu<\/em>).<br>Arame\u00edska: <em>Lil\u012bt<\/em>, stundum notu\u00f0 sem heiti flokks, <em>Liliyot<\/em>.<br>Gr\u00edsk-lat\u00edna: <em>Lilith<\/em> (\u00ed gy\u00f0ing-hellen\u00edskum textum); V\u00falgata \u00ed Jes 34,14: <em>lamia<\/em>.<\/p><p>Sams\u00f6mun V\u00falg\u00f6tu vi\u00f0 Lam\u00edu hefur haft v\u00ed\u00f0t\u00e6k \u00e1hrif \u00e1 s\u00ed\u00f0ari t\u00falkun, h\u00fan f\u00e6rir gy\u00f0inglegu Lilith \u00ed n\u00e1na tengingu vi\u00f0 gr\u00edsk-r\u00f3mverskar s\u00e6ngurlegu-dj\u00f6fyngjur. Bab\u00fdlonska <em>lil\u012btu<\/em> deilir nafnr\u00f3t og hlutverki me\u00f0 Lilith, en er ekki bein forvera hennar heldur hli\u00f0st\u00e6\u00f0 systurvera.<\/p>\t\t\t\t\t\t\t\t<\/div>\n\t\t\t\t<\/div>\n\t\t\t\t\t<\/div>\n\t\t\t\t<\/div>\n\t\t<div class=\"elementor-element elementor-element-709a44a8 e-flex e-con-boxed e-con e-parent\" data-id=\"709a44a8\" data-element_type=\"container\" data-e-type=\"container\">\n\t\t\t\t\t<div class=\"e-con-inner\">\n\t\t\t\t<div class=\"elementor-element elementor-element-2f585873 elementor-widget elementor-widget-heading\" data-id=\"2f585873\" data-element_type=\"widget\" data-e-type=\"widget\" data-widget_type=\"heading.default\">\n\t\t\t\t\t<h2 class=\"elementor-heading-title elementor-size-default\">Einkenni<\/h2>\t\t\t\t<\/div>\n\t\t<div class=\"elementor-element elementor-element-70621c12 e-con-full e-flex e-con e-child\" data-id=\"70621c12\" data-element_type=\"container\" data-e-type=\"container\">\n\t\t\t\t<div class=\"elementor-element elementor-element-4296eb49 elementor-widget elementor-widget-text-editor\" data-id=\"4296eb49\" data-element_type=\"widget\" data-e-type=\"widget\" data-widget_type=\"text-editor.default\">\n\t\t\t\t\t\t\t\t\t<p><strong>\u00c1s\u00fdnd<\/strong><\/p><p>Oft s\u00fdnd sem v\u00e6ngju\u00f0 kona me\u00f0 langt h\u00e1r. \u00c1 arame\u00edskum galdrask\u00e1lum er h\u00fan s\u00fdnd bundin, sem \u00feegar sigru\u00f0 vera. \u00cd mi\u00f0aldaverndargripum er h\u00fan s\u00fdnd me\u00f0 hlekki; \u00ed kabbal\u00edskri myndhef\u00f0 sem d\u00f6kk vera \u00far Sitra Achra.<\/p><p><strong>Heg\u00f0un<\/strong><\/p><p>H\u00fan fer\u00f0ast um n\u00e6tur inn \u00ed h\u00fas, h\u00f3tar \u00feungu\u00f0um konum, r\u00e6nir e\u00f0a dey\u00f0ir n\u00fdf\u00e6dd b\u00f6rn. \u00cd kynfer\u00f0islegri v\u00eddd: h\u00fan t\u00e6lir sofandi menn, hefur samfarir vi\u00f0 \u00fe\u00e1 og getur af s\u00e9r \u00f3frj\u00f3ar \u201en\u00e6tur\u00feungirnar\u201c. \u00cd samhengi <span class=\"iwg-fachbegriff\" tabindex=\"0\" data-tooltip=\"Tr\u00faarleg dulspeki Gy\u00f0inga me\u00f0 h\u00f6fu\u00f0ritum eins og Sefer Yetzira, S\u00f3har og l\u00far\u00ed\u00f6nsku sk\u00f3lanum.\">Kabbala<\/span>: h\u00fan er andst\u00e6\u00f0ingur Shekhinu, eiginkona Samaels, drottning \u201ehinnar hli\u00f0arinnar\u201c.<\/p><p><strong>Verkunarsvi\u00f0<\/strong><\/p><p>N\u00f3tt, sofnherbergi, s\u00e6ngurlega, afskekktir ey\u00f0imerkursta\u00f0ir. \u00cd kabbal\u00edskri \u00fatv\u00edkkun: allt svi\u00f0 <em>Sitra Achra<\/em>, hin d\u00f6kka spegilmynd hins gu\u00f0lega heims.<\/p><p><strong>Go\u00f0sagnalegur uppruni<\/strong><\/p><p>Samkv\u00e6mt Stafr\u00f3fi Ben Sira er h\u00fan fyrsta konan Adams, sk\u00f6pu\u00f0 \u00far s\u00f6mu j\u00f6r\u00f0. H\u00fan neitar a\u00f0 l\u00fata honum, m\u00e6lir nafn Gu\u00f0s og fl\u00fdr.<\/p><p>\u00der\u00edr <span class=\"iwg-fachbegriff\" data-tooltip=\"\u00cd abraham\u00edskum tr\u00faarbr\u00f6g\u00f0um himnesk sendibo\u00f0avera Gu\u00f0s.\" tabindex=\"0\">englar<\/span>, Sanoi, Sansanoi, Semangelof, eru sendir eftir henni, en f\u00e1 a\u00f0eins \u00fea\u00f0 fram a\u00f0 h\u00fan missir hundra\u00f0 af eigin b\u00f6rnum \u00e1 dag. \u00cd sta\u00f0inn heitir h\u00fan \u00fev\u00ed a\u00f0 snerta ekki b\u00f6rn sem bera <span class=\"iwg-fachbegriff\" data-tooltip=\"Hlutur sem borinn er \u00e1 s\u00e9r og sag\u00f0ur hafa verndandi, \u00f3g\u00e6fuvarnandi m\u00e1tt.\" tabindex=\"0\">verndargrip<\/span> me\u00f0 n\u00f6fnum \u00feriggja englanna.<\/p><p><strong>\u00c1s\u00fdnd og t\u00e1knm\u00e1l<\/strong><\/p><p>Lilith er oft s\u00fdnd sem f\u00f6gur og t\u00e6landi me\u00f0 l\u00f6ngu sv\u00f6rtu h\u00e1ri. Sumar myndir s\u00fdna v\u00e6ngi e\u00f0a fuglsl\u00edkama. H\u00fan ber sig me\u00f0 gl\u00e6sileika. \u00cd nokkrum hef\u00f0um er h\u00fan s\u00fdnd me\u00f0 horn. Svart r\u00f3s, ugla og m\u00e1ni eru t\u00e1kn hennar. Kynfer\u00f0islegur kraftur streymir fr\u00e1 henni.<\/p>\t\t\t\t\t\t\t\t<\/div>\n\t\t\t\t<\/div>\n\t\t\t\t\t<\/div>\n\t\t\t\t<\/div>\n\t\t<div class=\"elementor-element elementor-element-44e71476 e-flex e-con-boxed e-con e-parent\" data-id=\"44e71476\" data-element_type=\"container\" data-e-type=\"container\">\n\t\t\t\t\t<div class=\"e-con-inner\">\n\t\t\t\t<div class=\"elementor-element elementor-element-3c1fc3f0 elementor-widget elementor-widget-heading\" data-id=\"3c1fc3f0\" data-element_type=\"widget\" data-e-type=\"widget\" data-widget_type=\"heading.default\">\n\t\t\t\t\t<h2 class=\"elementor-heading-title elementor-size-default\">Kynningarbla\u00f0: Lilith<\/h2>\t\t\t\t<\/div>\n\t\t<div class=\"elementor-element elementor-element-84f33b8e e-con-full e-flex e-con e-child\" data-id=\"84f33b8e\" data-element_type=\"container\" data-e-type=\"container\">\n\t\t\t\t<div class=\"elementor-element elementor-element-hqkdc67p elementor-widget elementor-widget-text-editor\" data-id=\"hqkdc67p\" data-element_type=\"widget\" data-e-type=\"widget\" data-widget_type=\"text-editor.default\">\n\t\t\t\t\t\t\t\t\t<p>Mikilv\u00e6gustu atri\u00f0in um Lilith \u00ed hnotskurn. \u00cdtarlegri umfj\u00f6llun um nafn, l\u00fdsingu, varnir og hli\u00f0st\u00e6\u00f0ur finnur \u00fe\u00fa \u00ed n\u00e6stu k\u00f6flum.<\/p>\t\t\t\t\t\t\t\t<\/div>\n\t\t\t\t<\/div>\n\t\t<div class=\"elementor-element elementor-element-pemmx7c5 e-con-full e-flex e-con e-child\" data-id=\"pemmx7c5\" data-element_type=\"container\" data-e-type=\"container\">\n\t\t<div class=\"elementor-element elementor-element-pemmx7c1 e-con-full e-flex e-con e-child\" data-id=\"pemmx7c1\" data-element_type=\"container\" data-e-type=\"container\">\n\t\t<div class=\"elementor-element elementor-element-qh9oavvu iwg-steckbrief-card e-flex e-con-boxed e-con e-child\" data-id=\"qh9oavvu\" data-element_type=\"container\" data-e-type=\"container\">\n\t\t\t\t\t<div class=\"e-con-inner\">\n\t\t\t\t<div class=\"elementor-element elementor-element-awzx8k2k elementor-widget elementor-widget-heading\" data-id=\"awzx8k2k\" data-element_type=\"widget\" data-e-type=\"widget\" data-widget_type=\"heading.default\">\n\t\t\t\t\t<div class=\"elementor-heading-title elementor-size-default\">Uppruni Lilith<\/div>\t\t\t\t<\/div>\n\t\t\t\t<div class=\"elementor-element elementor-element-x6rowhv0 elementor-widget elementor-widget-text-editor\" data-id=\"x6rowhv0\" data-element_type=\"widget\" data-e-type=\"widget\" data-widget_type=\"text-editor.default\">\n\t\t\t\t\t\t\t\t\t<p>Ey\u00f0im\u00f6rk og n\u00f3tt sem upprunalegt heimkynni. \u00cd Stafr\u00f3fi Ben Sira: fyrsta kona Adams, fl\u00fain. \u00cd <span class=\"iwg-fachbegriff\" data-tooltip=\"Straumur innan tr\u00faarlegrar dulspeki Gy\u00f0inga me\u00f0 h\u00f6fu\u00f0ritum eins og Sefer Jezira og S\u00f3har.\" tabindex=\"0\">Kabbala<\/span>: eiginkona Samaels, drottning Sitra Achra.<\/p>\t\t\t\t\t\t\t\t<\/div>\n\t\t\t\t\t<\/div>\n\t\t\t\t<\/div>\n\t\t<div class=\"elementor-element elementor-element-8e3o4kxs iwg-steckbrief-card e-flex e-con-boxed e-con e-child\" data-id=\"8e3o4kxs\" data-element_type=\"container\" data-e-type=\"container\">\n\t\t\t\t\t<div class=\"e-con-inner\">\n\t\t\t\t<div class=\"elementor-element elementor-element-08rkdgov elementor-widget elementor-widget-heading\" data-id=\"08rkdgov\" data-element_type=\"widget\" data-e-type=\"widget\" data-widget_type=\"heading.default\">\n\t\t\t\t\t<div class=\"elementor-heading-title elementor-size-default\">Verkunarsvi\u00f0<\/div>\t\t\t\t<\/div>\n\t\t\t\t<div class=\"elementor-element elementor-element-uwjelx8s elementor-widget elementor-widget-text-editor\" data-id=\"uwjelx8s\" data-element_type=\"widget\" data-e-type=\"widget\" data-widget_type=\"text-editor.default\">\n\t\t\t\t\t\t\t\t\t<p>S\u00e6ngurkonur og n\u00fdf\u00e6dd b\u00f6rn, s\u00e9rstaklega \u00e1 fyrstu \u00e1tta d\u00f6gunum eftir f\u00e6\u00f0ingu. \u00deunga\u00f0ar konur me\u00f0 fylgikvilla. Sofandi karlmenn \u00ed skilningi hinnar hef\u00f0ar Gy\u00f0inga um n\u00e6turt\u00e6lingu. \u00c1 <span class=\"iwg-fachbegriff\" data-tooltip=\"T\u00edmabil \u00e1 m\u00f3tum fornaldar og mi\u00f0alda, um \u00fea\u00f0 bil 3. til 7. \u00f6ld.\" tabindex=\"0\">s\u00ed\u00f0forn\u00f6ld<\/span> einnig fer\u00f0amenn \u00ed ey\u00f0im\u00f6rkinni, \u00fear sem h\u00fan var talin dvalarsta\u00f0ur Lilith.<\/p>\t\t\t\t\t\t\t\t<\/div>\n\t\t\t\t\t<\/div>\n\t\t\t\t<\/div>\n\t\t<div class=\"elementor-element elementor-element-jm2n74ec iwg-steckbrief-card e-flex e-con-boxed e-con e-child\" data-id=\"jm2n74ec\" data-element_type=\"container\" data-e-type=\"container\">\n\t\t\t\t\t<div class=\"e-con-inner\">\n\t\t\t\t<div class=\"elementor-element elementor-element-8vufse4c elementor-widget elementor-widget-heading\" data-id=\"8vufse4c\" data-element_type=\"widget\" data-e-type=\"widget\" data-widget_type=\"heading.default\">\n\t\t\t\t\t<div class=\"elementor-heading-title elementor-size-default\">\u00c1s\u00fdnd<\/div>\t\t\t\t<\/div>\n\t\t\t\t<div class=\"elementor-element elementor-element-mwb9u015 elementor-widget elementor-widget-text-editor\" data-id=\"mwb9u015\" data-element_type=\"widget\" data-e-type=\"widget\" data-widget_type=\"text-editor.default\">\n\t\t\t\t\t\t\t\t\t<p>V\u00e6ngju\u00f0 kona me\u00f0 langt h\u00e1r; s\u00fdnd bundin \u00e1 arame\u00edskum galdrask\u00e1lum, \u00ed mi\u00f0aldamyndhef\u00f0 me\u00f0 hlekki.<\/p>\t\t\t\t\t\t\t\t<\/div>\n\t\t\t\t\t<\/div>\n\t\t\t\t<\/div>\n\t\t\t\t<\/div>\n\t\t<div class=\"elementor-element elementor-element-pemmx7c2 e-con-full e-flex e-con e-child\" data-id=\"pemmx7c2\" data-element_type=\"container\" data-e-type=\"container\">\n\t\t<div class=\"elementor-element elementor-element-37ss2yr6 iwg-steckbrief-card e-flex e-con-boxed e-con e-child\" data-id=\"37ss2yr6\" data-element_type=\"container\" data-e-type=\"container\">\n\t\t\t\t\t<div class=\"e-con-inner\">\n\t\t\t\t<div class=\"elementor-element elementor-element-3v0wp3wx elementor-widget elementor-widget-heading\" data-id=\"3v0wp3wx\" data-element_type=\"widget\" data-e-type=\"widget\" data-widget_type=\"heading.default\">\n\t\t\t\t\t<div class=\"elementor-heading-title elementor-size-default\">Hlutverk<\/div>\t\t\t\t<\/div>\n\t\t\t\t<div class=\"elementor-element elementor-element-w3247g2m elementor-widget elementor-widget-text-editor\" data-id=\"w3247g2m\" data-element_type=\"widget\" data-e-type=\"widget\" data-widget_type=\"text-editor.default\">\n\t\t\t\t\t\t\t\t\t<p>Ungbarnadau\u00f0i, fylgikvillar \u00ed s\u00e6ngurlegu, f\u00f3sturl\u00e1t og andvana f\u00e6\u00f0ingar, martra\u00f0ir, \u00f3velkomin kynfer\u00f0isleg reynsla \u00ed svefni, og \u00ed s\u00ed\u00f0fornri rabb\u00ednskri hef\u00f0 einnig missir karlmannss\u00e6\u00f0is. \u00cd kabbal\u00edskum ritum auk \u00feess neikv\u00e6\u00f0 andleg \u00e1hrif, \u00f3hreinleiki og a\u00f0skilna\u00f0ur mannsins fr\u00e1 hinum gu\u00f0lega neista.<\/p>\t\t\t\t\t\t\t\t<\/div>\n\t\t\t\t\t<\/div>\n\t\t\t\t<\/div>\n\t\t<div class=\"elementor-element elementor-element-0qpjal9w iwg-steckbrief-card e-flex e-con-boxed e-con e-child\" data-id=\"0qpjal9w\" data-element_type=\"container\" data-e-type=\"container\">\n\t\t\t\t\t<div class=\"e-con-inner\">\n\t\t\t\t<div class=\"elementor-element elementor-element-6ndoih0o elementor-widget elementor-widget-heading\" data-id=\"6ndoih0o\" data-element_type=\"widget\" data-e-type=\"widget\" data-widget_type=\"heading.default\">\n\t\t\t\t\t<div class=\"elementor-heading-title elementor-size-default\">Vernd<\/div>\t\t\t\t<\/div>\n\t\t\t\t<div class=\"elementor-element elementor-element-6684tyh9 elementor-widget elementor-widget-text-editor\" data-id=\"6684tyh9\" data-element_type=\"widget\" data-e-type=\"widget\" data-widget_type=\"text-editor.default\">\n\t\t\t\t\t\t\t\t\t<p><span class=\"iwg-fachbegriff\" data-tooltip=\"Hlutur sem borinn er \u00e1 s\u00e9r og sag\u00f0ur hafa verndandi, \u00f3g\u00e6fuvarnandi m\u00e1tt.\" tabindex=\"0\">Verndargripur<\/span> til s\u00e6ngurlegu me\u00f0 n\u00f6fnum \u00feriggja englanna Sanoi, Sansanoi, Semangelof. Tr\u00faarlegar verndar\u00feulur \u00ed <span class=\"iwg-fachbegriff\" data-tooltip=\"Straumur innan tr\u00faarlegrar dulspeki Gy\u00f0inga me\u00f0 h\u00f6fu\u00f0ritum eins og Sefer Jezira og S\u00f3har.\" tabindex=\"0\">Kabbala<\/span> og al\u00fe\u00fd\u00f0ugaldri. Arame\u00edskar galdrask\u00e1lar undir dyra\u00fer\u00f6skuldum. Mes\u00fasa \u00e1 dyrastafnum.<\/p>\t\t\t\t\t\t\t\t<\/div>\n\t\t\t\t\t<\/div>\n\t\t\t\t<\/div>\n\t\t<div class=\"elementor-element elementor-element-3lfi7x32 iwg-steckbrief-card e-flex e-con-boxed e-con e-child\" data-id=\"3lfi7x32\" data-element_type=\"container\" data-e-type=\"container\">\n\t\t\t\t\t<div class=\"e-con-inner\">\n\t\t\t\t<div class=\"elementor-element elementor-element-0kg99ga1 elementor-widget elementor-widget-heading\" data-id=\"0kg99ga1\" data-element_type=\"widget\" data-e-type=\"widget\" data-widget_type=\"heading.default\">\n\t\t\t\t\t<div class=\"elementor-heading-title elementor-size-default\">Hli\u00f0st\u00e6\u00f0ur Lilith<\/div>\t\t\t\t<\/div>\n\t\t\t\t<div class=\"elementor-element elementor-element-n0fum6kp elementor-widget elementor-widget-text-editor\" data-id=\"n0fum6kp\" data-element_type=\"widget\" data-e-type=\"widget\" data-widget_type=\"text-editor.default\">\n\t\t\t\t\t\t\t\t\t<p>Beinir forverar: <a href=\"https:\/\/iwell-guard.com\/is\/?page_id=168586\">Lil\u00fb og Lil\u012btu<\/a> (akkad\u00edsk), <a href=\"https:\/\/iwell-guard.com\/is\/?page_id=168582\">Lamashtu<\/a> (mes\u00f3p\u00f3tam\u00edsk). Skyldar a\u00f0 hlutverki: <a href=\"https:\/\/iwell-guard.com\/is\/?page_id=168597\">Lamia<\/a> og <a href=\"https:\/\/iwell-guard.com\/is\/?page_id=168598\">Empusa<\/a> (Grikkland), <a href=\"https:\/\/iwell-guard.com\/is\/?page_id=168604\">Striga<\/a> og <a href=\"https:\/\/iwell-guard.com\/is\/?page_id=168606\">Lamiae<\/a> (R\u00f3m), <a href=\"https:\/\/iwell-guard.com\/is\/?page_id=168871\">Sukkubus<\/a> (mi\u00f0aldakristin hef\u00f0). \u00cd skilningi n\u00fat\u00edma fr\u00e1sagnar um fyrstu konuna er h\u00fan einnig ger\u00f0arlega skyld <a href=\"https:\/\/iwell-guard.com\/is\/?page_id=168601\">Hekate<\/a> sem n\u00e6turm\u00e6tti.<\/p>\t\t\t\t\t\t\t\t<\/div>\n\t\t\t\t\t<\/div>\n\t\t\t\t<\/div>\n\t\t\t\t<\/div>\n\t\t\t\t<\/div>\n\t\t\t\t\t<\/div>\n\t\t\t\t<\/div>\n\t\t<div class=\"elementor-element elementor-element-7533bc7a e-flex e-con-boxed e-con e-parent\" data-id=\"7533bc7a\" data-element_type=\"container\" data-e-type=\"container\">\n\t\t\t\t\t<div class=\"e-con-inner\">\n\t\t\t\t<div class=\"elementor-element elementor-element-2447d18d elementor-widget elementor-widget-heading\" data-id=\"2447d18d\" data-element_type=\"widget\" data-e-type=\"widget\" data-widget_type=\"heading.default\">\n\t\t\t\t\t<h2 class=\"elementor-heading-title elementor-size-default\">Varnir \u00ed daglegu l\u00edfi<\/h2>\t\t\t\t<\/div>\n\t\t<div class=\"elementor-element elementor-element-d5d0260c e-con-full e-flex e-con e-child\" data-id=\"d5d0260c\" data-element_type=\"container\" data-e-type=\"container\">\n\t\t\t\t<div class=\"elementor-element elementor-element-341be2ac elementor-widget elementor-widget-text-editor\" data-id=\"341be2ac\" data-element_type=\"widget\" data-e-type=\"widget\" data-widget_type=\"text-editor.default\">\n\t\t\t\t\t\t\t\t\t<div><p><strong>Varnarathafnir<\/strong><\/p><p>Meginv\u00f6rnin er <em>Kimpetzettel<\/em>&#8211;<span class=\"iwg-fachbegriff\" data-tooltip=\"Hlutur sem borinn er \u00e1 s\u00e9r og sag\u00f0ur hafa verndandi, \u00f3g\u00e6fuvarnandi m\u00e1tt.\" tabindex=\"0\">verndargripurinn<\/span> me\u00f0 n\u00f6fnum \u00feriggja <span class=\"iwg-fachbegriff\" data-tooltip=\"\u00cd abraham\u00edskum tr\u00faarbr\u00f6g\u00f0um himnesk sendibo\u00f0avera Gu\u00f0s.\" tabindex=\"0\">engla<\/span>, Sanoi, Sansanoi og Semangelof, sem var\u00f0veitt er \u00ed Stafr\u00f3fi Ben Sira (10. \u00f6ld) og var \u00ed notkun allt til n\u00fat\u00edmans me\u00f0al austur-evr\u00f3pskra gy\u00f0ingafj\u00f6lskyldna. <span class=\"iwg-fachbegriff\" data-tooltip=\"Hlutur sem borinn er \u00e1 s\u00e9r og sag\u00f0ur hafa verndandi, \u00f3g\u00e6fuvarnandi m\u00e1tt.\" tabindex=\"0\">Verndargripurinn<\/span> er hengdur yfir r\u00fam s\u00e6ngurkonu og n\u00fdf\u00e6dds barns.<\/p><p>Arame\u00edsku galdrask\u00e1larnar fr\u00e1 sassan\u00edd\u00edsku Bab\u00fdlon\u00edu (5.-8. \u00f6ld) eru s\u00fa forngripalei\u00f0in sem sta\u00f0fest er \u00ed fornleifafr\u00e6\u00f0i: \u00ed leirsk\u00e1l sem sett er \u00e1 j\u00f6r\u00f0ina er Lilith bundin me\u00f0 <span class=\"iwg-fachbegriff\" data-tooltip=\"T\u00f6fra- e\u00f0a kirkjuleg \u00fatsk\u00fafun; einnig binding m\u00e1ttar me\u00f0 form\u00falu.\" tabindex=\"0\">banni<\/span> skori\u00f0 \u00ed sk\u00e1lina. Til vi\u00f0b\u00f3tar eru nota\u00f0ar verndarb\u00e6nir, reykelsi \u00far einiberjum og verndarhringir um s\u00e6ngurlegusta\u00f0inn.<\/p><p><strong><span class=\"iwg-fachbegriff\" data-tooltip=\"\u00d6ll tr\u00faarleg tilbei\u00f0sluath\u00f6fn tileinku\u00f0 gu\u00f0i e\u00f0a heilagri veru.\" tabindex=\"0\">D\u00fdrkun<\/span> og vir\u00f0ing<\/strong><\/p><p>Lilith var ekki d\u00fdrku\u00f0 \u00ed r\u00e9tttr\u00fana\u00f0argy\u00f0ingd\u00f3mi, en var vi\u00f0urkennd \u00ed kabbal\u00edskum hringjum. \u00cd n\u00fat\u00edma satanisma er h\u00fan mi\u00f0l\u00e6g. Athafnir leggja \u00e1herslu \u00e1 sj\u00e1lfst\u00e6\u00f0i og uppreisn. H\u00fan er talin verndari kvenna sem segja nei. <span class=\"iwg-fachbegriff\" data-tooltip=\"B\u00e6nar- e\u00f0a galdrakennd \u00e1varpan gu\u00f0s e\u00f0a m\u00e1ttar.\" tabindex=\"0\">\u00c1kall<\/span> hennar felur \u00ed s\u00e9r a\u00f0 taka \u00e1 sig \u00e1byrg\u00f0.<\/p><\/div>\t\t\t\t\t\t\t\t<\/div>\n\t\t\t\t<\/div>\n\t\t\t\t\t<\/div>\n\t\t\t\t<\/div>\n\t\t<div class=\"elementor-element elementor-element-5a584676 e-flex e-con-boxed e-con e-parent\" data-id=\"5a584676\" data-element_type=\"container\" data-e-type=\"container\">\n\t\t\t\t\t<div class=\"e-con-inner\">\n\t\t\t\t<div class=\"elementor-element elementor-element-6d0757bf elementor-widget elementor-widget-heading\" data-id=\"6d0757bf\" data-element_type=\"widget\" data-e-type=\"widget\" data-widget_type=\"heading.default\">\n\t\t\t\t\t<h2 class=\"elementor-heading-title elementor-size-default\">Hli\u00f0st\u00e6\u00f0ur og m\u00f3ttaka<\/h2>\t\t\t\t<\/div>\n\t\t<div class=\"elementor-element elementor-element-60563f68 e-con-full e-flex e-con e-child\" data-id=\"60563f68\" data-element_type=\"container\" data-e-type=\"container\">\n\t\t\t\t<div class=\"elementor-element elementor-element-5a93fdd6 elementor-widget elementor-widget-text-editor\" data-id=\"5a93fdd6\" data-element_type=\"widget\" data-e-type=\"widget\" data-widget_type=\"text-editor.default\">\n\t\t\t\t\t\t\t\t\t<p><strong>Forverar og skyldleikar<\/strong><\/p><p>Hin akkad\u00edska Lil\u012btu, og \u00fe\u00e1 einkum ardat-lil\u00ee, eru hinir beinu m\u00e1lfr\u00e6\u00f0ilegu og hlutverkslegu forverar; hebreska or\u00f0i\u00f0 <em>laylah<\/em> (\u201en\u00f3tt\u201c) tengist nafninu fyrst s\u00ed\u00f0ar. Egypski Bes-flokkurinn og hin mes\u00f3p\u00f3tam\u00edska Lamashtu gefa hlutverkslega fyrirmynd verndara- og \u00f3gnvaldsins gagnvart konum \u00ed barnsbur\u00f0i. Samb\u00e6rileg er einnig gr\u00edska Lamia.<\/p><p><strong>Kristin t\u00falkun<\/strong><\/p><p>\u00cd mi\u00f0aldakristinni <span class=\"iwg-fachbegriff\" data-tooltip=\"V\u00edsindaleg fr\u00e6\u00f0i um Gu\u00f0 og tr\u00fa tiltekinna tr\u00faarbrag\u00f0a.\" tabindex=\"0\">gu\u00f0fr\u00e6\u00f0i<\/span> ver\u00f0ur Lilith holdgervingur s\u00fakk\u00fabunnar. H\u00eder\u00f3n\u00fdmus \u00fe\u00fd\u00f0ir hana \u00ed V\u00falg\u00f6tu sem <em>lamia<\/em>; sk\u00f3laspekileg dj\u00f6flafr\u00e6\u00f0i \u00feekkir hana sem n\u00e6turkennda kynfer\u00f0islega \u00f3gn. Nornagu\u00f0fr\u00e6\u00f0i \u00e1rn\u00fdaldar tengir saman galdra og Lilith-<span class=\"iwg-fachbegriff\" data-tooltip=\"Endurteki\u00f0 efnisatri\u00f0i \u00ed list e\u00f0a fr\u00e1s\u00f6gn.\" tabindex=\"0\">stef<\/span>: nornin sem Lilith-l\u00edkur \u00f3gnvaldur s\u00e6ngurkvenna er hluti af f\u00f6stu efnisfor\u00f0a nornar\u00e9ttarhaldanna.<\/p><p><strong>Kabbal\u00edsk hef\u00f0:<\/strong> \u00cd <span class=\"iwg-fachbegriff\" tabindex=\"0\" data-tooltip=\"H\u00f6fu\u00f0rit mi\u00f0aldadulspeki gy\u00f0inga (Sp\u00e1nn, 13. \u00f6ld); kabbal\u00edsk t\u00falkun T\u00f3ru.\">S\u00f3har<\/span> (13. \u00f6ld) og \u00ed kabbala L\u00far\u00eda (16. \u00f6ld) ver\u00f0ur Lilith drottning dj\u00f6flanna, eiginkona Samaels og m\u00f3\u00f0ir allra illra anda. H\u00fan f\u00e6r gu\u00f0fr\u00e6\u00f0ilegt hlutverk: h\u00fan holdgerir hina \u00f3leystu kvenlegu Sjek\u00ednu og \u00f3gnar sk\u00f6punar\u00e1\u00e6tlun Gu\u00f0s.<\/p><p><strong>N\u00fat\u00edmaleg t\u00falkun<\/strong><\/p><p>\u00cd annarri bylgju fem\u00ednismans er Lilith fr\u00e1 \u00e1ttunda \u00e1ratugnum endurt\u00falku\u00f0 sem m\u00f3tv\u00e6gi vi\u00f0 hina undirgefnu Evu. Lilith Magazine (1976), b\u00f3k Judith Plaskow <em>Standing Again at Sinai<\/em> (1990) og Lilith Fair (1997) gera hana a\u00f0 t\u00e1knmynd bandar\u00edskrar gy\u00f0ingakvennahreyfingar.<\/p><p>\u00cd popp- og tegundab\u00f3kmenntum (Neil Gaiman, World of Darkness, Buffy the Vampire Slayer) birtist h\u00fan sem t\u00e6landi, h\u00e6ttuleg og um lei\u00f0 valdeflandi pers\u00f3na.<\/p><p><strong>\u00c1framhaldandi l\u00edf og t\u00falkun:<\/strong> Lilith er t\u00e1knmynd \u00ed n\u00fat\u00edma fem\u00edn\u00edskri andlegri i\u00f0kun. H\u00fan birtist \u00ed d\u00e6gurmenningu, b\u00f3kmenntum og t\u00f3nlist sem <span class=\"iwg-fachbegriff\" data-tooltip=\"T\u00e1kn sem stendur fyrir hugmynd e\u00f0a merkingu.\" tabindex=\"0\">t\u00e1kn<\/span> frelsis. \u00cd gy\u00f0inglegum fr\u00e6\u00f0um er h\u00fan endurt\u00falku\u00f0. \u00cd fantas\u00edu er h\u00fan gy\u00f0ja n\u00e6turinnar og m\u00e1ttarins. Tv\u00edr\u00e6\u00f0ni hennar gerir hana b\u00e6\u00f0i kraftmikla og umdeilda.<\/p>\t\t\t\t\t\t\t\t<\/div>\n\t\t\t\t<\/div>\n\t\t\t\t\t<\/div>\n\t\t\t\t<\/div>\n\t\t<div class=\"elementor-element elementor-element-cpaa1843b e-flex e-con-boxed e-con e-parent\" data-id=\"cpaa1843b\" data-element_type=\"container\" data-e-type=\"container\">\n\t\t\t\t\t<div class=\"e-con-inner\">\n\t\t\t\t<div class=\"elementor-element elementor-element-cp86c3337 elementor-widget elementor-widget-heading\" data-id=\"cp86c3337\" data-element_type=\"widget\" data-e-type=\"widget\" data-widget_type=\"heading.default\">\n\t\t\t\t\t<h2 class=\"elementor-heading-title elementor-size-default\">Lilith \u00ed Ben Sira-stafr\u00f3finu: fyrsta konan Adams<\/h2>\t\t\t\t<\/div>\n\t\t<div class=\"elementor-element elementor-element-cpdbd06bf e-con-full e-flex e-con e-child\" data-id=\"cpdbd06bf\" data-element_type=\"container\" data-e-type=\"container\">\n\t\t\t\t<div class=\"elementor-element elementor-element-cpc5bfd32 elementor-widget elementor-widget-text-editor\" data-id=\"cpc5bfd32\" data-element_type=\"widget\" data-e-type=\"widget\" data-widget_type=\"text-editor.default\">\n\t\t\t\t\t\t\t\t\t<p>Fr\u00e6gasta sagan um Lilith, sem segir a\u00f0 h\u00fan hafi veri\u00f0 fyrsta konan Adams, er ekki upprunnin \u00far Bibl\u00edunni heldur \u00far einni mi\u00f0aldaheimild: <em>Ben Sira-stafr\u00f3finu<\/em>, nafnlausum texta sem tali\u00f0 er a\u00f0 hafi or\u00f0i\u00f0 til \u00e1 milli 8. og 10. aldar.<\/p><p>\u00deessi texti er s\u00e9rkennilegur, a\u00f0 hluta l\u00e6r\u00f0ur, a\u00f0 hluta \u00e1deilukenndur, og gu\u00f0fr\u00e6\u00f0ileg bindandi gildi hans var \u00feegar deilt um innan gy\u00f0inglegrar hef\u00f0ar.<\/p><p>Samkv\u00e6mt s\u00f6gunni sem \u00fear er s\u00f6g\u00f0 skapa\u00f0i Gu\u00f0 Adam og Lilith saman \u00far j\u00f6r\u00f0inni. Deila kom upp \u00fear sem Lilith vildi ekki l\u00fata Adam. H\u00fan h\u00e9lt \u00fev\u00ed fram a\u00f0 b\u00e6\u00f0i v\u00e6ru sk\u00f6pu\u00f0 \u00far s\u00f6mu j\u00f6r\u00f0inni og \u00fev\u00ed j\u00f6fn. \u00deegar deilan var\u00f0 ekki leyst m\u00e6lti Lilith hi\u00f0 leynda nafn Gu\u00f0s og fl\u00fa\u00f0i.<\/p><p>Gu\u00f0 sendi \u00ferj\u00e1 <span class=\"iwg-fachbegriff\" data-tooltip=\"\u00cd abraham\u00edsku tr\u00faarbr\u00f6g\u00f0unum himneskur sendibo\u00f0i Gu\u00f0s.\" tabindex=\"0\">engla<\/span>, sem nefndir eru \u00ed textanum, til a\u00f0 n\u00e1 henni aftur. \u00deeir fundu Lilith vi\u00f0 hafi\u00f0, en h\u00fan neita\u00f0i a\u00f0 sn\u00faa aftur. Sem hegning, segir sagan, skyldu margir af b\u00f6rnum hennar deyja daglega.<\/p><p>Lilith h\u00e9t \u00fev\u00ed \u00e1 m\u00f3ti a\u00f0 ska\u00f0a n\u00fdf\u00e6dd b\u00f6rn, en lofa\u00f0i a\u00f0 gera engu barni mein sem b\u00e6ri <span class=\"iwg-fachbegriff\" data-tooltip=\"Borinn hlutur sem talinn er hafa verndandi, \u00f3g\u00e6fuvarnandi verkun.\" tabindex=\"0\">verndargrip<\/span> me\u00f0 n\u00f6fnum hinna \u00feriggja <span class=\"iwg-fachbegriff\" data-tooltip=\"\u00cd abraham\u00edsku tr\u00faarbr\u00f6g\u00f0unum himneskur sendibo\u00f0i Gu\u00f0s.\" tabindex=\"0\">engla<\/span>.<\/p><p>\u00deessi fr\u00e1s\u00f6gn tengir saman tvo eldri \u00fer\u00e6\u00f0i: annars vegar hina \u00feegar <span class=\"iwg-fachbegriff\" data-tooltip=\"T\u00edmabil gr\u00edskrar og r\u00f3mverskrar menningar, um 800 f.Kr. til 600 e.Kr.\" tabindex=\"0\">forn\u00f6ld<\/span> tilheyrandi hugmynd um Lilith sem kvenkyns <span class=\"iwg-fachbegriff\" data-tooltip=\"Andlegt vera sem eignu\u00f0 er ska\u00f0leg e\u00f0a tv\u00edr\u00e6\u00f0 verkun.\" tabindex=\"0\">dj\u00f6ful<\/span> sem h\u00e6tta stafar af fyrir b\u00f6rn, hins vegar hina t\u00falkunarfr\u00e6\u00f0ilegu spurningu um hvers vegna bibl\u00edulega sk\u00f6punarsagan \u00ed Fyrstu M\u00f3seb\u00f3k 1 og 2 vir\u00f0ist innihalda tv\u00e6r \u00f3l\u00edkar fr\u00e1sagnir af sk\u00f6pun manns og konu.<\/p><p>Textinn lausn \u00feessa t\u00falkunarvanda me\u00f0 \u00fev\u00ed a\u00f0 gera r\u00e1\u00f0 fyrir fyrstu, misheppna\u00f0ri sk\u00f6pun konunnar. Mikilv\u00e6gt er a\u00f0 \u00feessi vins\u00e6la fr\u00e1s\u00f6gn er a\u00f0eins mi\u00f0aldaleg og myndar ekki upphafspunkt Lilith-hugmyndarins.<\/p>\t\t\t\t\t\t\t\t<\/div>\n\t\t\t\t<\/div>\n\t\t\t\t\t<\/div>\n\t\t\t\t<\/div>\n\t\t<div class=\"elementor-element elementor-element-cpc7f9117 e-flex e-con-boxed e-con e-parent\" data-id=\"cpc7f9117\" data-element_type=\"container\" data-e-type=\"container\">\n\t\t\t\t\t<div class=\"e-con-inner\">\n\t\t\t\t<div class=\"elementor-element elementor-element-cpe97df32 elementor-widget elementor-widget-heading\" data-id=\"cpe97df32\" data-element_type=\"widget\" data-e-type=\"widget\" data-widget_type=\"heading.default\">\n\t\t\t\t\t<h2 class=\"elementor-heading-title elementor-size-default\">Elstu sporin: fr\u00e1 Mes\u00f3p\u00f3tam\u00edu til Bibl\u00edunnar<\/h2>\t\t\t\t<\/div>\n\t\t<div class=\"elementor-element elementor-element-cpd0562a3 e-con-full e-flex e-con e-child\" data-id=\"cpd0562a3\" data-element_type=\"container\" data-e-type=\"container\">\n\t\t\t\t<div class=\"elementor-element elementor-element-cp84e194b elementor-widget elementor-widget-text-editor\" data-id=\"cp84e194b\" data-element_type=\"widget\" data-e-type=\"widget\" data-widget_type=\"text-editor.default\">\n\t\t\t\t\t\t\t\t\t<p>Hugmyndin um Lilith er mun eldri en gy\u00f0ingd\u00f3mur mi\u00f0alda. Ranns\u00f3knir rekja hana aftur til mes\u00f3p\u00f3tam\u00edskra tr\u00faarbrag\u00f0a.<\/p><p>\u00dear er a\u00f0 finna h\u00f3p dj\u00f6flanafna sem eru m\u00e1lfr\u00e6\u00f0ilega skyld Lilith, \u00fear \u00e1 me\u00f0al hinn kvenlega <span class=\"iwg-fachbegriff\" data-tooltip=\"Andavera sem eignu\u00f0 er ska\u00f0leg e\u00f0a tv\u00edr\u00e6\u00f0 \u00e1hrif.\" tabindex=\"0\">dj\u00f6fulinn<\/span> <em>Lilitu<\/em> og skyldar verur \u00e1 bor\u00f0 vi\u00f0 <em>Lilu<\/em> og <em>Ardat lili<\/em>. \u00deessar verur voru tengdar n\u00f3ttinni, stormum, \u00f3fulln\u00e6g\u00f0ri kynhv\u00f6t og h\u00e6ttu sem ste\u00f0ja\u00f0i a\u00f0 \u00feungu\u00f0um konum og b\u00f6rnum.<\/p><p>\u00de\u00f3 er ekki h\u00e6gt a\u00f0 s\u00fdna fram \u00e1 \u00f3rofi\u00f0 og beint samband milli \u00feessara vera og hinnar gy\u00f0inglegu Lilith, og n\u00e1kv\u00e6mur skyldleikinn er enn til umr\u00e6\u00f0u \u00ed fr\u00e6\u00f0unum.<\/p><p>\u00cd hebresku bibl\u00edunni kemur nafni\u00f0 Lilith a\u00f0eins fyrir einu sinni, \u00ed kafla \u00far Jesajab\u00f3k. \u00dear er, \u00ed l\u00fdsingu \u00e1 ey\u00f0ingu Ed\u00f3ms, talin upp r\u00f6\u00f0 \u00f3gnvekjandi d\u00fdra og vera sem byggja hi\u00f0 au\u00f0a landslag, og me\u00f0al \u00feeirra birtist hebreska or\u00f0i\u00f0 sem margar \u00fe\u00fd\u00f0ingar sn\u00faa sem Lilith.<\/p><p>\u00deegar h\u00e9r er komi\u00f0 s\u00f6gu er t\u00falkunin vandas\u00f6m: Sumar \u00fe\u00fd\u00f0ingar skilja or\u00f0i\u00f0 sem s\u00e9rnafn n\u00e6turdj\u00f6fuls, a\u00f0rar sem heiti \u00e1 n\u00e1ttd\u00fdri. Kaflinn s\u00fdnir a\u00f0 minnsta kosti a\u00f0 or\u00f0i\u00f0 var til \u00ed bibl\u00eduhebresku og var tengt ey\u00f0ingu og n\u00f3tt.<\/p><p>Mikilv\u00e6gari en \u00feessi eina bibl\u00edutilv\u00edsun eru heimildir utan Bibl\u00edunnar fr\u00e1 <span class=\"iwg-fachbegriff\" data-tooltip=\"T\u00edmabil gr\u00edskrar og r\u00f3mverskrar menningar, um 800 f.Kr. til 600 e.Kr.\" tabindex=\"0\">forn\u00f6ld<\/span>. \u00cd textum fr\u00e1 Qumran birtist Lilith \u00ed varnartexta gegn dj\u00f6flum.<\/p><p>Af \u00feessu m\u00e1 r\u00e1\u00f0a a\u00f0 hugmyndin um dj\u00f6ful a\u00f0 nafni Lilith var \u00feekkt \u00ed gy\u00f0inglegum heimi <span class=\"iwg-fachbegriff\" data-tooltip=\"T\u00edmabil gr\u00edskrar og r\u00f3mverskrar menningar, um 800 f.Kr. til 600 e.Kr.\" tabindex=\"0\">fornaldar<\/span> l\u00f6ngu \u00e1\u00f0ur en mi\u00f0aldasagan um fyrstu konu Adams var\u00f0 til. Lilith fornaldarinnar er fyrst og fremst <span class=\"iwg-fachbegriff\" data-tooltip=\"Andavera sem eignu\u00f0 er ska\u00f0leg e\u00f0a tv\u00edr\u00e6\u00f0 \u00e1hrif.\" tabindex=\"0\">dj\u00f6full<\/span>, ekki <span class=\"iwg-fachbegriff\" data-tooltip=\"Hef\u00f0bundin fr\u00e1s\u00f6gn um gu\u00f0i, uppruna og skipan heimsins.\" tabindex=\"0\">go\u00f0s\u00f6gn<\/span> um frumm\u00f3\u00f0urina.<\/p>\t\t\t\t\t\t\t\t<\/div>\n\t\t\t\t<\/div>\n\t\t\t\t\t<\/div>\n\t\t\t\t<\/div>\n\t\t<div class=\"elementor-element elementor-element-cp98b3ae0 e-flex e-con-boxed e-con e-parent\" data-id=\"cp98b3ae0\" data-element_type=\"container\" data-e-type=\"container\">\n\t\t\t\t\t<div class=\"e-con-inner\">\n\t\t\t\t<div class=\"elementor-element elementor-element-cpbf4a2f9 elementor-widget elementor-widget-heading\" data-id=\"cpbf4a2f9\" data-element_type=\"widget\" data-e-type=\"widget\" data-widget_type=\"heading.default\">\n\t\t\t\t\t<h2 class=\"elementor-heading-title elementor-size-default\">Lilith \u00e1 galdrask\u00e1lum og verndargripum<\/h2>\t\t\t\t<\/div>\n\t\t<div class=\"elementor-element elementor-element-cpc233c6a e-con-full e-flex e-con e-child\" data-id=\"cpc233c6a\" data-element_type=\"container\" data-e-type=\"container\">\n\t\t\t\t<div class=\"elementor-element elementor-element-cp7789f8a elementor-widget elementor-widget-text-editor\" data-id=\"cp7789f8a\" data-element_type=\"widget\" data-e-type=\"widget\" data-widget_type=\"text-editor.default\">\n\t\t\t\t\t\t\t\t\t<p>Einn af mikilv\u00e6gustu og \u00e1\u00fereifanlegustu heimildaflokkunum fyrir hugmyndina um Lilith \u00e1 <span class=\"iwg-fachbegriff\" data-tooltip=\"T\u00edmabil gr\u00edskrar og r\u00f3mverskrar menningar, um 800 f.Kr. til 600 e.Kr.\" tabindex=\"0\">forn\u00f6ld<\/span> og \u00ed <span class=\"iwg-fachbegriff\" data-tooltip=\"Umbreytingart\u00edmabil milli fornaldar og mi\u00f0alda, um 3. til 7. \u00f6ld.\" tabindex=\"0\">s\u00ed\u00f0forn\u00f6ld<\/span> eru hinar svonefndu bab\u00fdlonsku galdrask\u00e1lar. \u00deetta eru leirsk\u00e1lar, a\u00f0 mestu fr\u00e1 5. til 7. \u00f6ld okkar t\u00edmatals, sem fundist hafa \u00e1 sv\u00e6\u00f0i n\u00faverandi \u00cdraks.<\/p><p>\u00c1 innhli\u00f0 \u00feeirra eru skrifa\u00f0ir s\u00e6ringartextar \u00ed sp\u00edralformi, oft \u00e1 arame\u00edsku, og oft er \u00ed mi\u00f0junni teiknu\u00f0 mynd af bundnum e\u00f0a fj\u00f6tru\u00f0um dem\u00f3ni.<\/p><p>Lilith, sem \u00ed textunum kemur oft fram \u00ed fleirt\u00f6lu sem heil st\u00e9tt Lilith-dem\u00f3na, er me\u00f0al \u00feeirra vera sem oftast eru nefndar \u00e1 \u00feessum sk\u00e1lum. Textarnir hafa \u00fea\u00f0 markmi\u00f0 a\u00f0 halda Lilith fr\u00e1 h\u00fasi, \u00e1kve\u00f0inni pers\u00f3nu e\u00f0a fj\u00f6lskyldu.<\/p><p>\u00deeir l\u00fdsa Lilith sem veru sem br\u00fdst inn \u00ed h\u00fas, \u00e1s\u00e6kir karla og konur, spillir hj\u00f3nabandi og er s\u00e9rstaklega h\u00e6ttuleg \u00feungu\u00f0um konum, s\u00e6ngurkonum og brj\u00f3stmylkingum. Sk\u00e1lunum var stundum sn\u00fai\u00f0 \u00e1 hvolf og grafnar \u00ed j\u00f6r\u00f0u e\u00f0a \u00ed hornum h\u00fasa til a\u00f0 fanga <span class=\"iwg-fachbegriff\" data-tooltip=\"Andleg vera sem talin er valda ska\u00f0a e\u00f0a hafa tv\u00edr\u00e6\u00f0 \u00e1hrif.\" tabindex=\"0\">dem\u00f3ninn<\/span>, svo a\u00f0 segja.<\/p><p>Vi\u00f0 \u00feetta b\u00e6tast verndargripir, oft \u00far m\u00e1lmi, me\u00f0 svipu\u00f0um verndartextum. \u00deessir gripir eru s\u00e9rstaklega mikilv\u00e6gir \u00ed tr\u00faarbrag\u00f0as\u00f6gu, \u00fev\u00ed \u00feeir s\u00fdna ekki hina l\u00e6r\u00f0u <span class=\"iwg-fachbegriff\" data-tooltip=\"Fr\u00e6\u00f0ileg kenning um gu\u00f0 og tr\u00fa innan tiltekinna tr\u00faarbrag\u00f0a.\" tabindex=\"0\">gu\u00f0fr\u00e6\u00f0i<\/span> heldur hinn lifa\u00f0a \u00f3tta og verndarvenjur f\u00f3lksins. \u00deeir s\u00fdna a\u00f0 Lilith var raunveruleg h\u00e6tta fyrir heimili\u00f0, og einkum fyrir l\u00edf barna, \u00ed hugum f\u00f3lks \u00e1 <span class=\"iwg-fachbegriff\" data-tooltip=\"Umbreytingart\u00edmabil milli fornaldar og mi\u00f0alda, um 3. til 7. \u00f6ld.\" tabindex=\"0\">s\u00ed\u00f0forn\u00f6ld<\/span>.<\/p><p>B\u00f3kmenntafr\u00e1s\u00f6gnin um fyrstu konu Adams bygg\u00f0i s\u00ed\u00f0ar \u00e1 \u00feessari mynd af barnavaldandi dem\u00f3ninu sem \u00e1\u00f0ur var til. Hinar \u00e1\u00fereifanlegu leifar menningarinnar var\u00f0veita \u00feannig eldra lag hugmyndarinnar en hinir kunnu textar.<\/p>\t\t\t\t\t\t\t\t<\/div>\n\t\t\t\t<\/div>\n\t\t\t\t\t<\/div>\n\t\t\t\t<\/div>\n\t\t<div class=\"elementor-element elementor-element-cp7edcbce e-flex e-con-boxed e-con e-parent\" data-id=\"cp7edcbce\" data-element_type=\"container\" data-e-type=\"container\">\n\t\t\t\t\t<div class=\"e-con-inner\">\n\t\t\t\t<div class=\"elementor-element elementor-element-cpdc56f00 elementor-widget elementor-widget-heading\" data-id=\"cpdc56f00\" data-element_type=\"widget\" data-e-type=\"widget\" data-widget_type=\"heading.default\">\n\t\t\t\t\t<h2 class=\"elementor-heading-title elementor-size-default\">Lilith \u00ed kabbala<\/h2>\t\t\t\t<\/div>\n\t\t<div class=\"elementor-element elementor-element-cp06cf69c e-con-full e-flex e-con e-child\" data-id=\"cp06cf69c\" data-element_type=\"container\" data-e-type=\"container\">\n\t\t\t\t<div class=\"elementor-element elementor-element-cpcc0a22c elementor-widget elementor-widget-text-editor\" data-id=\"cpcc0a22c\" data-element_type=\"widget\" data-e-type=\"widget\" data-widget_type=\"text-editor.default\">\n\t\t\t\t\t\t\t\t\t<p>Lilith f\u00e9kk s\u00e9rstakt og \u00e1hrifamiki\u00f0 m\u00f3tunarform \u00ed mi\u00f0aldalegri, gy\u00f0inglegri <span class=\"iwg-fachbegriff\" data-tooltip=\"Tr\u00faarleg hreyfing me\u00f0 \u00e1herslu \u00e1 beina gu\u00f0sreynslu.\" tabindex=\"0\">launhelgi (myst\u00edk)<\/span>, <span class=\"iwg-fachbegriff\" data-tooltip=\"Hreyfing innan gy\u00f0inglegrar launhelgi me\u00f0 h\u00f6fu\u00f0ritum eins og Sefer Jezira og Sohar.\" tabindex=\"0\">Kabbala<\/span>. \u00cd kabbal\u00edskum textum, s\u00e9rstaklega \u00ed <em>Sohar<\/em>, h\u00f6fu\u00f0riti \u00feessarar hreyfingar sem var\u00f0 til \u00e1 13. \u00f6ld, ver\u00f0ur Lilith a\u00f0 kosm\u00edskri veru af verulegri \u00fe\u00fd\u00f0ingu.<\/p><p>H\u00fan er \u00fear ekki lengur einfaldur heimilisdem\u00f3n heldur m\u00e1ttur innan hins svokalla\u00f0a <em>Sitra Achra<\/em>, hinnar hli\u00f0arinnar, hins d\u00f6kka gagnheims vi\u00f0 heim gu\u00f0legrar heilagleika.<\/p><p>\u00cd \u00feessari myst\u00edsku kerfismynd ver\u00f0ur Lilith f\u00f6runautur Samaels, a\u00f0alpers\u00f3nu me\u00f0al dem\u00f3na, og \u00fear me\u00f0 nokkurs konar drottning dem\u00f3nahli\u00f0arins. H\u00fan myndar neikv\u00e6\u00f0a m\u00f3tmynd vi\u00f0 Schechina, gu\u00f0lega n\u00e1l\u00e6g\u00f0 sem \u00ed <span class=\"iwg-fachbegriff\" data-tooltip=\"Hreyfing innan gy\u00f0inglegrar launhelgi me\u00f0 h\u00f6fu\u00f0ritum eins og Sefer Jezira og Sohar.\" tabindex=\"0\">Kabbala<\/span> er oft hugsu\u00f0 sem kvenkyns.<\/p><p>Kabbal\u00edsk fr\u00e6\u00f0i \u00fer\u00f3u\u00f0u fl\u00f3knar hugmyndir um hvernig Lilith verkar, hvernig h\u00fan n\u00e6r valdi \u00fat fr\u00e1 misgj\u00f6r\u00f0um mannanna og hva\u00f0a hlutverki h\u00fan gegnir \u00ed drama \u00fatleg\u00f0ar og lausnar.<\/p><p>\u00deessi upphef\u00f0 Lilith til kosm\u00edsks m\u00e1ttar er tr\u00faars\u00f6gulega merkileg. \u00dar \u00fej\u00f3\u00f0legum verndar\u00f3vini var\u00f0 gu\u00f0fr\u00e6\u00f0ilega \u00edgrundu\u00f0 vera sem er felld inn \u00ed v\u00ed\u00f0t\u00e6kt kerfi gu\u00f0legra og andgu\u00f0legra krafta. \u00c1 sama t\u00edma lif\u00f0i eldri hugmyndin \u00e1fram: Kabbal\u00edska Lilith er einnig \u00e1fram tengd h\u00e6ttum fyrir b\u00f6rn, n\u00e6tur \u00f3gn og trufla\u00f0ri kynhneig\u00f0.<\/p><p>Myst\u00edska hef\u00f0in kom ekki \u00ed sta\u00f0 eldri minna heldur felldi \u00feau inn \u00ed st\u00e6rri gu\u00f0fr\u00e6\u00f0ilegan ramma. Fr\u00e6\u00f0imenn, me\u00f0al annars Gershom Scholem \u00ed grundvallarritum s\u00ednum um <span class=\"iwg-fachbegriff\" data-tooltip=\"Hreyfing innan gy\u00f0inglegrar launhelgi me\u00f0 h\u00f6fu\u00f0ritum eins og Sefer Jezira og Sohar.\" tabindex=\"0\">Kabbala<\/span>, hafa l\u00fdst \u00feessari \u00fer\u00f3un \u00edtarlega.<\/p>\t\t\t\t\t\t\t\t<\/div>\n\t\t\t\t<\/div>\n\t\t\t\t\t<\/div>\n\t\t\t\t<\/div>\n\t\t<div class=\"elementor-element elementor-element-cpcf12495 e-flex e-con-boxed e-con e-parent\" data-id=\"cpcf12495\" data-element_type=\"container\" data-e-type=\"container\">\n\t\t\t\t\t<div class=\"e-con-inner\">\n\t\t\t\t<div class=\"elementor-element elementor-element-cpa5cf523 elementor-widget elementor-widget-heading\" data-id=\"cpa5cf523\" data-element_type=\"widget\" data-e-type=\"widget\" data-widget_type=\"heading.default\">\n\t\t\t\t\t<h2 class=\"elementor-heading-title elementor-size-default\">N\u00fat\u00edmaleg vi\u00f0taka Lilith<\/h2>\t\t\t\t<\/div>\n\t\t<div class=\"elementor-element elementor-element-cp5191f5b e-con-full e-flex e-con e-child\" data-id=\"cp5191f5b\" data-element_type=\"container\" data-e-type=\"container\">\n\t\t\t\t<div class=\"elementor-element elementor-element-cpd6dcb65 elementor-widget elementor-widget-text-editor\" data-id=\"cpd6dcb65\" data-element_type=\"widget\" data-e-type=\"widget\" data-widget_type=\"text-editor.default\">\n\t\t\t\t\t\t\t\t\t<p>\u00c1 19. og s\u00e9rstaklega 20. \u00f6ld f\u00e9kk Lilith n\u00fdja t\u00falkun sem f\u00e6rist langt fr\u00e1 upprunalegri merkingu hennar sem dem\u00f3ns. R\u00f3mant\u00edkin og b\u00f3kmenntir 19. aldar uppg\u00f6tvu\u00f0u Lilith sem pers\u00f3nu hinnar t\u00e6landi, h\u00e6ttulegu konu.<\/p><p>H\u00fan kemur fram me\u00f0al annars hj\u00e1 Goethe \u00ed stuttu atri\u00f0i \u00ed <em>Faust<\/em>, \u00fear sem h\u00fan er nefnd fyrsta kona Adams, og hj\u00e1 Dante Gabriel Rossetti, sem tileinka\u00f0i henni lj\u00f3\u00f0 og m\u00e1lverk og s\u00fdndi hana sem \u00edmynd kaldrar, t\u00e6landi fegur\u00f0ar.<\/p><p>Grundvallar \u00f6nnur \u00e1tt t\u00f3k vi\u00f0takan fr\u00e1 1970 \u00ed fem\u00edn\u00edskum samhengjum. H\u00e9r var s\u00e1 \u00fe\u00e1ttur, sem ger\u00f0i Lilith a\u00f0 dem\u00f3ni \u00ed mi\u00f0aldas\u00f6gunni, neitun hennar \u00e1 a\u00f0 l\u00fata Adam, sn\u00fai\u00f0 \u00ed j\u00e1kv\u00e6\u00f0a \u00e1tt.<\/p><p>Lilith var endurt\u00falku\u00f0 sem t\u00e1knmynd kvenlegs sj\u00e1lfsforr\u00e6\u00f0is og andst\u00f6\u00f0u vi\u00f0 fe\u00f0raveldiskerfi. \u00cd \u00feessum lestri er Lilith ekki vandam\u00e1li\u00f0 heldur skipulagi\u00f0 sem h\u00fan gerir uppreisn gegn.<\/p><p>V\u00edsindalega er \u00feessi n\u00fat\u00edmalega vi\u00f0taka l\u00e6rd\u00f3msr\u00edkt tilfelli. H\u00fan s\u00fdnir hvernig arfleif\u00f0 vera getur me\u00f0 endurt\u00falkun fengi\u00f0 n\u00e6r gagnst\u00e6\u00f0a merkingu. Mikilv\u00e6gt er a\u00f0 halda \u00feessum l\u00f6gum a\u00f0greindum.<\/p><p>S\u00f6guleg Lilith fornra galdrask\u00e1la og mi\u00f0aldatexta er \u00f3gnvekjandi <span class=\"iwg-fachbegriff\" data-tooltip=\"Andleg vera sem ska\u00f0leg e\u00f0a tv\u00edbent \u00e1hrif eru eignu\u00f0.\" tabindex=\"0\">dem\u00f3n<\/span>, fyrst og fremst andst\u00e6\u00f0ingur barnal\u00edfs, og \u00ed <span class=\"iwg-fachbegriff\" data-tooltip=\"Hreyfing innan gy\u00f0inglegrar launhelgi me\u00f0 h\u00f6fu\u00f0ritum eins og Sefer Jezira og Sohar.\" tabindex=\"0\">Kabbala<\/span> kosm\u00edskt m\u00f3tv\u00e6gisafl.<\/p><p>N\u00fat\u00edmaleg Lilith sem frelsunart\u00e1kn er frj\u00f3 n\u00fdsk\u00f6pun sem v\u00edsar til fornra texta en spyr \u00fe\u00e1 \u00f6\u00f0rum spurningum. B\u00e6\u00f0i tilheyra \u00e1hrifas\u00f6gu verunnar, en m\u00e1 ekki rugla saman.<\/p>\t\t\t\t\t\t\t\t<\/div>\n\t\t\t\t<\/div>\n\t\t\t\t\t<\/div>\n\t\t\t\t<\/div>\n\t\t<div class=\"elementor-element elementor-element-36dd7469 e-flex e-con-boxed e-con e-parent\" data-id=\"36dd7469\" data-element_type=\"container\" data-e-type=\"container\">\n\t\t\t\t\t<div class=\"e-con-inner\">\n\t\t\t\t<div class=\"elementor-element elementor-element-13760ab4 elementor-widget elementor-widget-heading\" data-id=\"13760ab4\" data-element_type=\"widget\" data-e-type=\"widget\" data-widget_type=\"heading.default\">\n\t\t\t\t\t<div class=\"elementor-heading-title elementor-size-default\">\u00cdtarefni og tenglar<\/div>\t\t\t\t<\/div>\n\t\t<div class=\"elementor-element elementor-element-28c87796 e-con-full e-flex e-con e-child\" data-id=\"28c87796\" data-element_type=\"container\" data-e-type=\"container\">\n\t\t\t\t<div class=\"elementor-element elementor-element-5d6538df elementor-widget elementor-widget-text-editor\" data-id=\"5d6538df\" data-element_type=\"widget\" data-e-type=\"widget\" data-widget_type=\"text-editor.default\">\n\t\t\t\t\t\t\t\t\t<p>R\u00e1\u00f0lag\u00f0ar innri tenglar:<\/p><ul><li><a href=\"https:\/\/iwell-guard.com\/is\/?page_id=168596\">Judaismi<\/a><\/li><li><a href=\"https:\/\/iwell-guard.com\/is\/?page_id=168608\">Shedim<\/a> (gy\u00f0inglegur flokkur)<\/li><li>N\u00e1nari umfj\u00f6llun um Lilith kemur s\u00ed\u00f0ar<\/li><li><a href=\"https:\/\/iwell-guard.com\/is\/?page_id=168586\">Lil\u016b og Lil\u012btu<\/a> (nafnfr\u00e6ndur)<\/li><li><a href=\"https:\/\/iwell-guard.com\/is\/?page_id=168597\">Lamia<\/a>, <a href=\"https:\/\/iwell-guard.com\/is\/?page_id=168604\">Striga<\/a>, <a href=\"https:\/\/iwell-guard.com\/is\/?page_id=168598\">Empusa<\/a> (gr\u00edsk-r\u00f3mverskir fr\u00e6ndur)<\/li><li>Aram\u00edskir galdrask\u00e1lar<\/li><li><span class=\"iwg-fachbegriff\" data-tooltip=\"Hreyfing innan gy\u00f0inglegrar launhelgi me\u00f0 h\u00f6fu\u00f0ritum eins og Sefer Jezira og Sohar.\" tabindex=\"0\">Kabbala<\/span> og Sitra Achra<\/li><\/ul>\t\t\t\t\t\t\t\t<\/div>\n\t\t\t\t<\/div>\n\t\t\t\t\t<\/div>\n\t\t\t\t<\/div>\n\t\t<div class=\"elementor-element elementor-element-grl4kl40 e-flex e-con-boxed e-con e-parent\" data-id=\"grl4kl40\" data-element_type=\"container\" data-e-type=\"container\">\n\t\t\t\t\t<div class=\"e-con-inner\">\n\t\t\t\t<div class=\"elementor-element elementor-element-bzsbfrmh elementor-widget elementor-widget-heading\" data-id=\"bzsbfrmh\" data-element_type=\"widget\" data-e-type=\"widget\" data-widget_type=\"heading.default\">\n\t\t\t\t\t<h2 class=\"elementor-heading-title elementor-size-default\">Fr\u00e6\u00f0irit<\/h2>\t\t\t\t<\/div>\n\t\t<div class=\"elementor-element elementor-element-2c13224a e-con-full e-flex e-con e-child\" data-id=\"2c13224a\" data-element_type=\"container\" data-e-type=\"container\">\n\t\t\t\t<div class=\"elementor-element elementor-element-0eymh9ub elementor-widget elementor-widget-text-editor\" data-id=\"0eymh9ub\" data-element_type=\"widget\" data-e-type=\"widget\" data-widget_type=\"text-editor.default\">\n\t\t\t\t\t\t\t\t\t<p>\u00darval mikilv\u00e6gra rita um Lilith:<\/p><div data-nosnippet=\"true\"><ul><li><span data-nosnippet>Hutter, Manfred: \u201eLilith.&#8220; \u00cd: <em>Dictionary of Deities and Demons in the Bible<\/em>. 2. \u00fatg. Leiden 1999.<\/span><\/li><li><span data-nosnippet>Naveh, Joseph \/ Shaked, Shaul: <em>Amulets and Magic Bowls<\/em>. Jerusalem 1985.<\/span><\/li><li><span data-nosnippet>Scholem, Gershom: <em>Kabbalah<\/em>. Jerusalem 1974 (f\u00e6rslur Lilith, Samael, Sitra Achra).<\/span><\/li><li><span data-nosnippet>Patai, Raphael: <em>The Hebrew Goddess<\/em>. Detroit 1990 (3. \u00fatg.).<\/span><\/li><li><span data-nosnippet>Dan, Joseph: <em>The Ancient Jewish Mysticism<\/em>. Tel Aviv 1993.<\/span><\/li><\/ul><\/div>\t\t\t\t\t\t\t\t<\/div>\n\t\t\t\t<\/div>\n\t\t\t\t\t<\/div>\n\t\t\t\t<\/div>\n\t\t<div class=\"elementor-element elementor-element-qv849qv e-flex e-con-boxed e-con e-parent\" data-id=\"qv849qv\" data-element_type=\"container\" data-e-type=\"container\">\n\t\t\t\t\t<div class=\"e-con-inner\">\n\t\t\t\t<div class=\"elementor-element elementor-element-qv849qvh elementor-widget elementor-widget-heading\" data-id=\"qv849qvh\" data-element_type=\"widget\" data-e-type=\"widget\" data-widget_type=\"heading.default\">\n\t\t\t\t\t<h2 class=\"elementor-heading-title elementor-size-default\">Tengd verndart\u00e1kn<\/h2>\t\t\t\t<\/div>\n\t\t<div class=\"elementor-element elementor-element-qv849qvb e-con-full e-flex e-con e-parent\" data-id=\"qv849qvb\" data-element_type=\"container\" data-e-type=\"container\">\n\t\t\t\t<div class=\"elementor-element elementor-element-qv849qvt elementor-widget elementor-widget-html\" data-id=\"qv849qvt\" data-element_type=\"widget\" data-e-type=\"widget\" data-widget_type=\"html.default\">\n\t\t\t\t\t<div class=\"iwg-querverweis-grid\" style=\"display:grid;grid-template-columns:repeat(auto-fit,minmax(220px,1fr));gap:16px;margin:16px 0;\"><div class=\"iwg-querverweis-card\"><a href=\"https:\/\/iwell-guard.com\/is\/?page_id=168900\" class=\"iwg-querverweis-link\"><strong>Mezuzah<\/strong><br><span class=\"iwg-querverweis-teaser\">Gy\u00f0inglegur skriflegur r\u00falla \u00e1 dyrastafi, me\u00f0 Schma Israel-texta<\/span><\/a><\/div><div class=\"iwg-querverweis-card\"><a href=\"https:\/\/iwell-guard.com\/is\/?page_id=168899\" class=\"iwg-querverweis-link\"><strong>Hamsa<\/strong><br><span class=\"iwg-querverweis-teaser\">H\u00f6nd Fatimu, gy\u00f0ing-arab\u00edskt verndart\u00e1kn me\u00f0 fimm fingrum og auga<\/span><\/a><\/div><div class=\"iwg-querverweis-card\"><a href=\"https:\/\/iwell-guard.com\/is\/?page_id=168901\" class=\"iwg-querverweis-link\"><strong>Illt auga<\/strong><br><span class=\"iwg-querverweis-teaser\">Al\u00fej\u00f3\u00f0leg tj\u00e1ningartr\u00fa um ska\u00f0a, sem nazar boncu\u011fu, mati og malocchio verja gegn<\/span><\/a><\/div><\/div><style>.iwg-querverweis-card{padding:16px;border:1px solid var(--e-global-color-f443515,#e6c45a);border-radius:8px;background:rgba(0,0,0,0.22);}.iwg-querverweis-link{color:var(--e-global-color-accent,#e6c45a);text-decoration:none;}.iwg-querverweis-teaser{color:#e8e8e8;font-size:13px;line-height:1.4;}<\/style>\t\t\t\t<\/div>\n\t\t\t\t<\/div>\n\t\t\t\t\t<\/div>\n\t\t\t\t<\/div>\n\t\t<div class=\"elementor-element elementor-element-iwgca-lilith-sec e-flex e-con-boxed e-con e-parent\" data-id=\"iwgca-lilith-sec\" data-element_type=\"container\" data-e-type=\"container\" id=\"iwg-ca-lilith\">\n\t\t\t\t\t<div class=\"e-con-inner\">\n\t\t\t\t<div class=\"elementor-element elementor-element-iwgca-lilith-te iwg-ca-textwrap elementor-widget elementor-widget-text-editor\" data-id=\"iwgca-lilith-te\" data-element_type=\"widget\" data-e-type=\"widget\" data-widget_type=\"text-editor.default\">\n\t\t\t\t\t\t\t\t\t<div data-nosnippet=\"true\"><p class=\"iwg-ca-bridge\">Verndarhef\u00f0in sem h\u00e9r er l\u00fdst er v\u00edsindaleg \u00fattekt \u00e1 s\u00f6guhef\u00f0um. iWell Guard tengist \u00feessari menningars\u00f6gulegu hef\u00f0 verndargripa sem borin eru \u00e1 l\u00edkamanum og er n\u00fat\u00edmaleg \u00fatf\u00e6rsla \u00e1 henni. <a href=\"\/ueber-iwell-guard\/?utm_source=iwell-guard.com&#038;utm_medium=text-link&#038;utm_campaign=schadwesen-tradition\">Meira um iWell Guard \u2192<\/a><\/p><\/div>\t\t\t\t\t\t\t\t<\/div>\n\t\t\t\t\t<\/div>\n\t\t\t\t<\/div>\n\t\t<div class=\"elementor-element elementor-element-383a86d e-con-boxed e-flex e-con e-parent\" data-id=\"383a86d\" data-element_type=\"container\" data-e-type=\"container\">\n\t\t\t\t\t<div class=\"e-con-inner\">\n\t\t\t\t<div class=\"elementor-element elementor-element-7c63753 elementor-widget elementor-widget-text-editor\" data-id=\"7c63753\" data-element_type=\"widget\" data-e-type=\"widget\" data-widget_type=\"text-editor.default\">\n\t\t\t\t\t\t\t\t\t\n<h2>Algengar spurningar um Lilith<\/h2>\n<div class=\"iwg-faq-q\"><h3>Hver er Lilith \u00ed hef\u00f0 Gy\u00f0inga?<\/h3><p>Lilith er kvenkyns dj\u00f6fulvera \u00far <span class=\"iwg-fachbegriff\" data-tooltip=\"Tr\u00faarleg stefna sem leggur \u00e1herslu \u00e1 beina upplifun af Gu\u00f0i.\" tabindex=\"0\">dulspeki<\/span> Gy\u00f0inga, sem \u00ed s\u00ed\u00f0ari hef\u00f0 er talin fyrsta kona Adams, \u00e1 undan Evu. H\u00fan yfirgaf Adam \u00fev\u00ed h\u00fan vildi ekki l\u00fata honum og var\u00f0 drottning ska\u00f0valda.<\/p><p>Lilith kemur fyrst fram \u00ed bab\u00fdlonskum galdra\u00feulum Mes\u00f3p\u00f3tam\u00edumanna (sem lil\u012btu); hin gy\u00f0inglega \u00fatg\u00e1fa hennar finnst \u00ed Stafr\u00f3fi Ben S\u00edra (um 10. \u00f6ld) og \u00ed S\u00f3har-ritum <span class=\"iwg-fachbegriff\" data-tooltip=\"Stefna \u00ed dulspeki Gy\u00f0inga me\u00f0 h\u00f6fu\u00f0ritum eins og Sefer Jezira og S\u00f3har.\" tabindex=\"0\">kabbala<\/span>.<\/p><\/div>\n<div class=\"iwg-faq-q\"><h3>Hva\u00f0a t\u00e1kn og verndarr\u00e1\u00f0 tengjast Lilith?<\/h3><p>Klass\u00edsk verndargripir gegn Lilith eru amulettur fyrir s\u00e6ngurkonur og n\u00fdbura me\u00f0 n\u00f6fnum \u00feriggja <span class=\"iwg-fachbegriff\" data-tooltip=\"\u00cd eingy\u00f0istr\u00faarbr\u00f6g\u00f0unum himneskur sendibo\u00f0i Gu\u00f0s.\" tabindex=\"0\">engla<\/span>, Senoy, Sansenoy og Semangelof. T\u00e1kn Lilith eru uglan (\u00ed n\u00fat\u00edmalegum myndum), h\u00e1lfm\u00e1ninn, langt laust h\u00e1r og granatepli. \u00cd n\u00fat\u00edma fem\u00edn\u00edskri <span class=\"iwg-fachbegriff\" data-tooltip=\"Fr\u00e6\u00f0igreinin um Gu\u00f0 og tr\u00fa innan \u00e1kve\u00f0inna tr\u00faarbrag\u00f0a.\" tabindex=\"0\">gu\u00f0fr\u00e6\u00f0i<\/span> er Lilith t\u00falku\u00f0 \u00e1 n\u00fdjan h\u00e1tt sem frelsandi t\u00e1knmynd sem neitar a\u00f0 l\u00e1ta undan yfirr\u00e1\u00f0um.<\/p><\/div>\n<script type=\"application\/ld+json\">{\"@context\":\"https:\/\/schema.org\",\"@type\":\"FAQPage\",\"mainEntity\":[{\"@type\":\"Question\",\"name\":\"Hver er Lilith \u00ed hef\u00f0 Gy\u00f0inga?\",\"acceptedAnswer\":{\"@type\":\"Answer\",\"text\":\"Lilith er kvenkyns dj\u00f6fulvera \u00far dulspeki Gy\u00f0inga, sem \u00ed s\u00ed\u00f0ari hef\u00f0 er talin fyrsta kona Adams, \u00e1 undan Evu. H\u00fan yfirgaf Adam \u00fev\u00ed h\u00fan vildi ekki l\u00fata honum og var\u00f0 drottning ska\u00f0valda.Lilith kemur fyrst fram \u00ed bab\u00fdlonskum galdra\u00feulum Mes\u00f3p\u00f3tam\u00edumanna (sem lil\u012btu); hin gy\u00f0inglega \u00fatg\u00e1fa hennar finnst \u00ed Stafr\u00f3fi Ben S\u00edra (um 10. \u00f6ld) og \u00ed S\u00f3har-ritum kabbala.\"}},{\"@type\":\"Question\",\"name\":\"Hva\u00f0a t\u00e1kn og verndarr\u00e1\u00f0 tengjast Lilith?\",\"acceptedAnswer\":{\"@type\":\"Answer\",\"text\":\"Klass\u00edsk verndargripir gegn Lilith eru amulettur fyrir s\u00e6ngurkonur og n\u00fdbura me\u00f0 n\u00f6fnum \u00feriggja engla, Senoy, Sansenoy og Semangelof. T\u00e1kn Lilith eru uglan (\u00ed n\u00fat\u00edmalegum myndum), h\u00e1lfm\u00e1ninn, langt laust h\u00e1r og granatepli. \u00cd n\u00fat\u00edma fem\u00edn\u00edskri gu\u00f0fr\u00e6\u00f0i er Lilith t\u00falku\u00f0 \u00e1 n\u00fdjan h\u00e1tt sem frelsandi t\u00e1knmynd sem neitar a\u00f0 l\u00e1ta undan yfirr\u00e1\u00f0um.\"}}]}<\/script>\t\t\t\t\t\t\t\t<\/div>\n\t\t\t\t\t<\/div>\n\t\t\t\t<\/div>\n\t\t\t\t<\/div>\n\t\t","protected":false},"excerpt":{"rendered":"","protected":false},"author":3,"featured_media":1607,"parent":0,"menu_order":0,"comment_status":"closed","ping_status":"closed","template":"elementor_header_footer","meta":{"_yoast_wpseo_focuskw":"Lilith","_yoast_wpseo_title":"Lilith - n\u00e6turvera milli ey\u00f0imerkur, s\u00e6ngurlegu og kabbala","_yoast_wpseo_metadesc":"Lilith er ein af \u00e1hrifamestu verum \u00ed gy\u00f0inglegri dj\u00f6flafr\u00e6\u00f0i. Sl\u00f3\u00f0 hennar hefst \u00ed Jesajab\u00f3k sem nafnlaus ey\u00f0imerkurb\u00fai (34,14)...","_yoast_wpseo_meta-robots-noindex":"","_yoast_wpseo_canonical":"","_angie_page":false,"gefaehrdungsstufe":"4","wesen_kultur":"judentum","wesen_klasse":"daemonen","footnotes":""},"categories":[],"class_list":["post-168607","page","type-page","status-publish","has-post-thumbnail","hentry"],"yoast_head":"<!-- This site is optimized with the Yoast SEO Premium plugin v27.7 (Yoast SEO v28.3) - https:\/\/yoast.com\/product\/yoast-seo-premium-wordpress\/ -->\n<title>Lilith - n\u00e6turvera milli ey\u00f0imerkur, s\u00e6ngurlegu og kabbala<\/title>\n<meta name=\"description\" content=\"Lilith er ein af \u00e1hrifamestu verum \u00ed gy\u00f0inglegri dj\u00f6flafr\u00e6\u00f0i. Sl\u00f3\u00f0 hennar hefst \u00ed Jesajab\u00f3k sem nafnlaus ey\u00f0imerkurb\u00fai (34,14)...\" \/>\n<meta name=\"robots\" content=\"index, follow, max-snippet:-1, max-image-preview:large, max-video-preview:-1\" \/>\n<link rel=\"canonical\" href=\"https:\/\/iwell-guard.com\/is\/lilith\/\" \/>\n<meta property=\"og:locale\" content=\"is_IS\" \/>\n<meta property=\"og:type\" content=\"article\" \/>\n<meta property=\"og:title\" content=\"Lilith\" \/>\n<meta property=\"og:description\" content=\"Lilith er ein af \u00e1hrifamestu verum \u00ed gy\u00f0inglegri dj\u00f6flafr\u00e6\u00f0i. Sl\u00f3\u00f0 hennar hefst \u00ed Jesajab\u00f3k sem nafnlaus ey\u00f0imerkurb\u00fai (34,14)...\" \/>\n<meta property=\"og:url\" content=\"https:\/\/iwell-guard.com\/is\/lilith\/\" \/>\n<meta property=\"og:site_name\" content=\"iWell Guard\" \/>\n<meta property=\"article:modified_time\" content=\"2026-09-05T14:14:47+00:00\" \/>\n<meta property=\"og:image\" content=\"https:\/\/iwell-guard.com\/wp-content\/uploads\/2026\/04\/daemonen_judentum_lilith.webp\" \/>\n\t<meta property=\"og:image:width\" content=\"1024\" \/>\n\t<meta property=\"og:image:height\" content=\"1536\" \/>\n\t<meta property=\"og:image:type\" content=\"image\/webp\" \/>\n<meta name=\"twitter:card\" content=\"summary_large_image\" \/>\n<script type=\"application\/ld+json\" class=\"yoast-schema-graph\">{\"@context\":\"https:\\\/\\\/schema.org\",\"@graph\":[{\"@type\":\"WebPage\",\"@id\":\"https:\\\/\\\/iwell-guard.com\\\/is\\\/lilith\\\/\",\"url\":\"https:\\\/\\\/iwell-guard.com\\\/is\\\/lilith\\\/\",\"name\":\"Lilith - n\u00e6turvera milli ey\u00f0imerkur, s\u00e6ngurlegu og kabbala\",\"isPartOf\":{\"@id\":\"https:\\\/\\\/iwell-guard.com\\\/is\\\/#website\"},\"primaryImageOfPage\":{\"@id\":\"https:\\\/\\\/iwell-guard.com\\\/is\\\/lilith\\\/#primaryimage\"},\"image\":{\"@id\":\"https:\\\/\\\/iwell-guard.com\\\/is\\\/lilith\\\/#primaryimage\"},\"thumbnailUrl\":\"https:\\\/\\\/iwell-guard.com\\\/wp-content\\\/uploads\\\/2026\\\/04\\\/daemonen_judentum_lilith.webp\",\"datePublished\":\"2026-09-05T14:01:31+00:00\",\"dateModified\":\"2026-09-05T14:14:47+00:00\",\"description\":\"Lilith er ein af \u00e1hrifamestu verum \u00ed gy\u00f0inglegri dj\u00f6flafr\u00e6\u00f0i. Sl\u00f3\u00f0 hennar hefst \u00ed Jesajab\u00f3k sem nafnlaus ey\u00f0imerkurb\u00fai (34,14)...\",\"breadcrumb\":{\"@id\":\"https:\\\/\\\/iwell-guard.com\\\/is\\\/lilith\\\/#breadcrumb\"},\"inLanguage\":\"is\",\"potentialAction\":[{\"@type\":\"ReadAction\",\"target\":[\"https:\\\/\\\/iwell-guard.com\\\/is\\\/lilith\\\/\"]}]},{\"@type\":\"ImageObject\",\"inLanguage\":\"is\",\"@id\":\"https:\\\/\\\/iwell-guard.com\\\/is\\\/lilith\\\/#primaryimage\",\"url\":\"https:\\\/\\\/iwell-guard.com\\\/wp-content\\\/uploads\\\/2026\\\/04\\\/daemonen_judentum_lilith.webp\",\"contentUrl\":\"https:\\\/\\\/iwell-guard.com\\\/wp-content\\\/uploads\\\/2026\\\/04\\\/daemonen_judentum_lilith.webp\",\"width\":1024,\"height\":1536,\"caption\":\"Dem\u00f3nar \u00far hef\u00f0 j\u00fadaisma.\"},{\"@type\":\"BreadcrumbList\",\"@id\":\"https:\\\/\\\/iwell-guard.com\\\/is\\\/lilith\\\/#breadcrumb\",\"itemListElement\":[{\"@type\":\"ListItem\",\"position\":1,\"name\":\"Start\",\"item\":\"https:\\\/\\\/iwell-guard.com\\\/is\\\/?page_id=168580\"},{\"@type\":\"ListItem\",\"position\":2,\"name\":\"Lilith\"}]},{\"@type\":\"WebSite\",\"@id\":\"https:\\\/\\\/iwell-guard.com\\\/is\\\/#website\",\"url\":\"https:\\\/\\\/iwell-guard.com\\\/is\\\/\",\"name\":\"iWell Guard\",\"description\":\"Schutz vor dunklen Einfl\u00fcssen\",\"publisher\":{\"@id\":\"https:\\\/\\\/iwell-guard.com\\\/is\\\/#organization\"},\"potentialAction\":[{\"@type\":\"SearchAction\",\"target\":{\"@type\":\"EntryPoint\",\"urlTemplate\":\"https:\\\/\\\/iwell-guard.com\\\/is\\\/?s={search_term_string}\"},\"query-input\":{\"@type\":\"PropertyValueSpecification\",\"valueRequired\":true,\"valueName\":\"search_term_string\"}}],\"inLanguage\":\"is\"},{\"@type\":\"Organization\",\"@id\":\"https:\\\/\\\/iwell-guard.com\\\/is\\\/#organization\",\"name\":\"Ittermann electronic GmbH\",\"url\":\"https:\\\/\\\/iwell-guard.com\\\/is\\\/\",\"logo\":{\"@type\":\"ImageObject\",\"inLanguage\":\"is\",\"@id\":\"https:\\\/\\\/iwell-guard.com\\\/is\\\/#\\\/schema\\\/logo\\\/image\\\/\",\"url\":\"https:\\\/\\\/iwell-guard.com\\\/wp-content\\\/uploads\\\/2026\\\/05\\\/Ittermann-Logo-1182x237-1.png\",\"contentUrl\":\"https:\\\/\\\/iwell-guard.com\\\/wp-content\\\/uploads\\\/2026\\\/05\\\/Ittermann-Logo-1182x237-1.png\",\"width\":1182,\"height\":237,\"caption\":\"Ittermann electronic GmbH\"},\"image\":{\"@id\":\"https:\\\/\\\/iwell-guard.com\\\/is\\\/#\\\/schema\\\/logo\\\/image\\\/\"},\"sameAs\":[\"https:\\\/\\\/pantip.com\\\/profile\\\/9367242\",\"https:\\\/\\\/micro.blog\\\/iwellguard\",\"https:\\\/\\\/www.diggerslist.com\\\/iwellguard\\\/about\",\"https:\\\/\\\/skitterphoto.com\\\/photographers\\\/2870314\\\/iwell-guard\",\"https:\\\/\\\/iwellguard.wordpress.com\\\/2026\\\/06\\\/06\\\/iwell-guard\\\/\",\"https:\\\/\\\/hub.docker.com\\\/u\\\/iwellguard\",\"https:\\\/\\\/www.pinterest.com\\\/iwellguard\\\/\",\"https:\\\/\\\/bit.ly\\\/m\\\/iwellguard\",\"https:\\\/\\\/entre-vos-mains.alsace.eu\\\/profiles\\\/iwellguard\\\/activity\",\"https:\\\/\\\/gravatar.com\\\/reallybeded8fd34\",\"https:\\\/\\\/naijamatta.com\\\/iwellguard\",\"https:\\\/\\\/www.goodreads.com\\\/iwellguard\",\"https:\\\/\\\/profile.hatena.ne.jp\\\/iwellguard\\\/\",\"https:\\\/\\\/experiment.com\\\/users\\\/iwellguard\",\"https:\\\/\\\/wakelet.com\\\/@iWellGuard82270\",\"https:\\\/\\\/www.chordie.com\\\/forum\\\/profile.php?id=2555664\",\"https:\\\/\\\/www.instapaper.com\\\/p\\\/17757966\",\"https:\\\/\\\/www.mapleprimes.com\\\/users\\\/iwellguard\",\"https:\\\/\\\/businesslistingplus.com\\\/profile\\\/iwell-guard\\\/\",\"https:\\\/\\\/telegra.ph\\\/iWell-Guard-06-06\",\"https:\\\/\\\/pbase.com\\\/iwellguard\\\/iwellguard\",\"https:\\\/\\\/b.hatena.ne.jp\\\/iwellguard\\\/20260607#bookmark-4788405196491818882\",\"https:\\\/\\\/fliphtml5.com\\\/home\\\/iwellguard\",\"https:\\\/\\\/anyflip.com\\\/homepage\\\/cmiwl#About\",\"https:\\\/\\\/transfur.com\\\/Users\\\/iwellguard\",\"http:\\\/\\\/delphi.larsbo.org\\\/user\\\/iwellguard\",\"https:\\\/\\\/jobs.lajobsportal.org\\\/profiles\\\/8380803-iwell-guard\",\"https:\\\/\\\/md.chaosdorf.de\\\/s\\\/jfbe5SBdJD\",\"https:\\\/\\\/www.lingvolive.com\\\/en-us\\\/profile\\\/9ecaeaca-ce11-4e51-9e71-01d55e2bff36\\\/translations\",\"https:\\\/\\\/www.fitday.com\\\/fitness\\\/forums\\\/members\\\/iwellguard.html\",\"https:\\\/\\\/www.mymeetbook.com\\\/iwellguard\",\"https:\\\/\\\/pxhere.com\\\/en\\\/photographer-me\\\/5040798\",\"https:\\\/\\\/disqus.com\\\/by\\\/iwellguard\\\/about\\\/\",\"https:\\\/\\\/pastelink.net\\\/hjwciqwq\",\"https:\\\/\\\/pubhtml5.com\\\/homepage\\\/scjhn\\\/\",\"https:\\\/\\\/www.bitchute.com\\\/channel\\\/2O2eOKzNqujT\",\"https:\\\/\\\/audiomack.com\\\/iwellguard\"]},{\"@type\":\"Article\",\"@id\":\"https:\\\/\\\/iwell-guard.com\\\/is\\\/lilith\\\/#article\",\"isPartOf\":{\"@id\":\"https:\\\/\\\/iwell-guard.com\\\/is\\\/lilith\\\/\"},\"author\":{\"name\":\"Ralf Ittermann\",\"@id\":\"https:\\\/\\\/iwell-guard.com\\\/is\\\/#\\\/schema\\\/person\\\/ee2a27f1cac3406c7c6fb5820cb7349f\"},\"headline\":\"Lilith\",\"datePublished\":\"2026-09-05T14:01:31+00:00\",\"dateModified\":\"2026-09-05T14:14:47+00:00\",\"mainEntityOfPage\":{\"@id\":\"https:\\\/\\\/iwell-guard.com\\\/is\\\/lilith\\\/\"},\"publisher\":{\"@id\":\"https:\\\/\\\/iwell-guard.com\\\/is\\\/#organization\"},\"image\":{\"@id\":\"https:\\\/\\\/iwell-guard.com\\\/is\\\/lilith\\\/#primaryimage\"},\"thumbnailUrl\":\"https:\\\/\\\/iwell-guard.com\\\/wp-content\\\/uploads\\\/2026\\\/04\\\/daemonen_judentum_lilith.webp\",\"inLanguage\":\"is\",\"description\":\"Lilith er ein af \u00e1hrifamestu verum \u00ed gy\u00f0inglegri dj\u00f6flafr\u00e6\u00f0i. Sl\u00f3\u00f0 hennar hefst \u00ed Jesajab\u00f3k sem nafnlaus ey\u00f0imerkurb\u00fai (34,14)...\"}]}<\/script>\n<!-- \/ Yoast SEO Premium plugin. -->","yoast_head_json":{"title":"Lilith - n\u00e6turvera milli ey\u00f0imerkur, s\u00e6ngurlegu og kabbala","description":"Lilith er ein af \u00e1hrifamestu verum \u00ed gy\u00f0inglegri dj\u00f6flafr\u00e6\u00f0i. Sl\u00f3\u00f0 hennar hefst \u00ed Jesajab\u00f3k sem nafnlaus ey\u00f0imerkurb\u00fai (34,14)...","robots":{"index":"index","follow":"follow","max-snippet":"max-snippet:-1","max-image-preview":"max-image-preview:large","max-video-preview":"max-video-preview:-1"},"canonical":"https:\/\/iwell-guard.com\/is\/lilith\/","og_locale":"is_IS","og_type":"article","og_title":"Lilith","og_description":"Lilith er ein af \u00e1hrifamestu verum \u00ed gy\u00f0inglegri dj\u00f6flafr\u00e6\u00f0i. Sl\u00f3\u00f0 hennar hefst \u00ed Jesajab\u00f3k sem nafnlaus ey\u00f0imerkurb\u00fai (34,14)...","og_url":"https:\/\/iwell-guard.com\/is\/lilith\/","og_site_name":"iWell Guard","article_modified_time":"2026-09-05T14:14:47+00:00","og_image":[{"width":1024,"height":1536,"url":"https:\/\/iwell-guard.com\/wp-content\/uploads\/2026\/04\/daemonen_judentum_lilith.webp","type":"image\/webp"}],"twitter_card":"summary_large_image","schema":{"@context":"https:\/\/schema.org","@graph":[{"@type":"Article","@id":"https:\/\/iwell-guard.com\/is\/lilith\/#article","isPartOf":{"@id":"https:\/\/iwell-guard.com\/is\/lilith\/"},"author":{"name":"Ralf Ittermann","@id":"https:\/\/iwell-guard.com\/is\/#\/schema\/person\/ee2a27f1cac3406c7c6fb5820cb7349f"},"headline":"Lilith","datePublished":"2026-09-05T14:01:31+00:00","dateModified":"2026-09-05T14:14:47+00:00","mainEntityOfPage":{"@id":"https:\/\/iwell-guard.com\/is\/lilith\/"},"publisher":{"@id":"https:\/\/iwell-guard.com\/is\/#organization"},"image":{"@id":"https:\/\/iwell-guard.com\/is\/lilith\/#primaryimage"},"thumbnailUrl":"https:\/\/iwell-guard.com\/wp-content\/uploads\/2026\/04\/daemonen_judentum_lilith.webp","inLanguage":"is","description":"Lilith er ein af \u00e1hrifamestu verum \u00ed gy\u00f0inglegri dj\u00f6flafr\u00e6\u00f0i. Sl\u00f3\u00f0 hennar hefst \u00ed Jesajab\u00f3k sem nafnlaus ey\u00f0imerkurb\u00fai (34,14)..."},{"@type":"WebPage","@id":"https:\/\/iwell-guard.com\/is\/lilith\/","url":"https:\/\/iwell-guard.com\/is\/lilith\/","name":"Lilith - n\u00e6turvera milli ey\u00f0imerkur, s\u00e6ngurlegu og kabbala","isPartOf":{"@id":"https:\/\/iwell-guard.com\/is\/#website"},"primaryImageOfPage":{"@id":"https:\/\/iwell-guard.com\/is\/lilith\/#primaryimage"},"image":{"@id":"https:\/\/iwell-guard.com\/is\/lilith\/#primaryimage"},"thumbnailUrl":"https:\/\/iwell-guard.com\/wp-content\/uploads\/2026\/04\/daemonen_judentum_lilith.webp","datePublished":"2026-09-05T14:01:31+00:00","dateModified":"2026-09-05T14:14:47+00:00","description":"Lilith er ein af \u00e1hrifamestu verum \u00ed gy\u00f0inglegri dj\u00f6flafr\u00e6\u00f0i. Sl\u00f3\u00f0 hennar hefst \u00ed Jesajab\u00f3k sem nafnlaus ey\u00f0imerkurb\u00fai (34,14)...","breadcrumb":{"@id":"https:\/\/iwell-guard.com\/is\/lilith\/#breadcrumb"},"inLanguage":"is","potentialAction":[{"@type":"ReadAction","target":["https:\/\/iwell-guard.com\/is\/lilith\/"]}]},{"@type":"ImageObject","inLanguage":"is","@id":"https:\/\/iwell-guard.com\/is\/lilith\/#primaryimage","url":"https:\/\/iwell-guard.com\/wp-content\/uploads\/2026\/04\/daemonen_judentum_lilith.webp","contentUrl":"https:\/\/iwell-guard.com\/wp-content\/uploads\/2026\/04\/daemonen_judentum_lilith.webp","width":1024,"height":1536,"caption":"Dem\u00f3nar \u00far hef\u00f0 j\u00fadaisma."},{"@type":"BreadcrumbList","@id":"https:\/\/iwell-guard.com\/is\/lilith\/#breadcrumb","itemListElement":[{"@type":"ListItem","position":1,"name":"Start","item":"https:\/\/iwell-guard.com\/is\/?page_id=168580"},{"@type":"ListItem","position":2,"name":"Lilith"}]},{"@type":"WebSite","@id":"https:\/\/iwell-guard.com\/is\/#website","url":"https:\/\/iwell-guard.com\/is\/","name":"iWell Guard","description":"Schutz vor dunklen Einfl\u00fcssen","publisher":{"@id":"https:\/\/iwell-guard.com\/is\/#organization"},"potentialAction":[{"@type":"SearchAction","target":{"@type":"EntryPoint","urlTemplate":"https:\/\/iwell-guard.com\/is\/?s={search_term_string}"},"query-input":{"@type":"PropertyValueSpecification","valueRequired":true,"valueName":"search_term_string"}}],"inLanguage":"is"},{"@type":"Organization","@id":"https:\/\/iwell-guard.com\/is\/#organization","name":"Ittermann electronic GmbH","url":"https:\/\/iwell-guard.com\/is\/","logo":{"@type":"ImageObject","inLanguage":"is","@id":"https:\/\/iwell-guard.com\/is\/#\/schema\/logo\/image\/","url":"https:\/\/iwell-guard.com\/wp-content\/uploads\/2026\/05\/Ittermann-Logo-1182x237-1.png","contentUrl":"https:\/\/iwell-guard.com\/wp-content\/uploads\/2026\/05\/Ittermann-Logo-1182x237-1.png","width":1182,"height":237,"caption":"Ittermann electronic GmbH"},"image":{"@id":"https:\/\/iwell-guard.com\/is\/#\/schema\/logo\/image\/"},"sameAs":["https:\/\/pantip.com\/profile\/9367242","https:\/\/micro.blog\/iwellguard","https:\/\/www.diggerslist.com\/iwellguard\/about","https:\/\/skitterphoto.com\/photographers\/2870314\/iwell-guard","https:\/\/iwellguard.wordpress.com\/2026\/06\/06\/iwell-guard\/","https:\/\/hub.docker.com\/u\/iwellguard","https:\/\/www.pinterest.com\/iwellguard\/","https:\/\/bit.ly\/m\/iwellguard","https:\/\/entre-vos-mains.alsace.eu\/profiles\/iwellguard\/activity","https:\/\/gravatar.com\/reallybeded8fd34","https:\/\/naijamatta.com\/iwellguard","https:\/\/www.goodreads.com\/iwellguard","https:\/\/profile.hatena.ne.jp\/iwellguard\/","https:\/\/experiment.com\/users\/iwellguard","https:\/\/wakelet.com\/@iWellGuard82270","https:\/\/www.chordie.com\/forum\/profile.php?id=2555664","https:\/\/www.instapaper.com\/p\/17757966","https:\/\/www.mapleprimes.com\/users\/iwellguard","https:\/\/businesslistingplus.com\/profile\/iwell-guard\/","https:\/\/telegra.ph\/iWell-Guard-06-06","https:\/\/pbase.com\/iwellguard\/iwellguard","https:\/\/b.hatena.ne.jp\/iwellguard\/20260607#bookmark-4788405196491818882","https:\/\/fliphtml5.com\/home\/iwellguard","https:\/\/anyflip.com\/homepage\/cmiwl#About","https:\/\/transfur.com\/Users\/iwellguard","http:\/\/delphi.larsbo.org\/user\/iwellguard","https:\/\/jobs.lajobsportal.org\/profiles\/8380803-iwell-guard","https:\/\/md.chaosdorf.de\/s\/jfbe5SBdJD","https:\/\/www.lingvolive.com\/en-us\/profile\/9ecaeaca-ce11-4e51-9e71-01d55e2bff36\/translations","https:\/\/www.fitday.com\/fitness\/forums\/members\/iwellguard.html","https:\/\/www.mymeetbook.com\/iwellguard","https:\/\/pxhere.com\/en\/photographer-me\/5040798","https:\/\/disqus.com\/by\/iwellguard\/about\/","https:\/\/pastelink.net\/hjwciqwq","https:\/\/pubhtml5.com\/homepage\/scjhn\/","https:\/\/www.bitchute.com\/channel\/2O2eOKzNqujT","https:\/\/audiomack.com\/iwellguard"]},{"@type":"Person","@id":"https:\/\/iwell-guard.com\/is\/#\/schema\/person\/ee2a27f1cac3406c7c6fb5820cb7349f","name":"Ralf Ittermann","image":{"@type":"ImageObject","inLanguage":"is","@id":"https:\/\/secure.gravatar.com\/avatar\/073c0153e350a5005b68eb752b445fea71f6b24a26da9449ad7e155e6b446c9d?s=96&d=mm&r=g","url":"https:\/\/secure.gravatar.com\/avatar\/073c0153e350a5005b68eb752b445fea71f6b24a26da9449ad7e155e6b446c9d?s=96&d=mm&r=g","contentUrl":"https:\/\/secure.gravatar.com\/avatar\/073c0153e350a5005b68eb752b445fea71f6b24a26da9449ad7e155e6b446c9d?s=96&d=mm&r=g","caption":"Ralf Ittermann"},"givenName":"Ralf","familyName":"Ittermann","jobTitle":"Gesch\u00e4ftsf\u00fchrer und redaktioneller Verantwortlicher","url":"https:\/\/iwell-guard.com\/is\/author\/claude\/","description":"Ralf Ittermann ist Gesch\u00e4ftsf\u00fchrer der Ittermann electronic GmbH und redaktioneller Verantwortlicher des iWell-Guard-Lexikons. Er verbindet langj\u00e4hrige Erfahrung in der Pr\u00e4zisionsfertigung mit medialer Praxis und religionsgeschichtlicher Quellenarbeit.","worksFor":{"@type":"Organization","name":"Ittermann electronic GmbH","url":"https:\/\/ittermann.de\/","address":{"@type":"PostalAddress","streetAddress":"K\u00f6hlergasse 16-18","postalCode":"99842","addressLocality":"Ruhla","addressCountry":"DE"}},"knowsAbout":["Religionsgeschichte","Mythologie","Mediale Praxis","Energetische Diagnostik","Schutzpraxis","Volksglauben","Westliche Esoterik"]},{"@type":"Article","@id":"https:\/\/iwell-guard.com\/is\/lilith\/#article","isPartOf":{"@id":"https:\/\/iwell-guard.com\/is\/lilith\/"},"author":{"name":"Ralf Ittermann","@id":"https:\/\/iwell-guard.com\/is\/#\/schema\/person\/ee2a27f1cac3406c7c6fb5820cb7349f"},"headline":"Lilith","datePublished":"2026-09-05T14:01:31+00:00","dateModified":"2026-09-05T14:14:47+00:00","mainEntityOfPage":{"@id":"https:\/\/iwell-guard.com\/is\/lilith\/"},"publisher":{"@id":"https:\/\/iwell-guard.com\/is\/#organization"},"image":{"@id":"https:\/\/iwell-guard.com\/is\/lilith\/#primaryimage"},"thumbnailUrl":"https:\/\/iwell-guard.com\/wp-content\/uploads\/2026\/04\/daemonen_judentum_lilith.webp","inLanguage":"is","description":"Lilith er ein af \u00e1hrifamestu verum \u00ed gy\u00f0inglegri dj\u00f6flafr\u00e6\u00f0i. Sl\u00f3\u00f0 hennar hefst \u00ed Jesajab\u00f3k sem nafnlaus ey\u00f0imerkurb\u00fai (34,14)..."}]}},"_links":{"self":[{"href":"https:\/\/iwell-guard.com\/is\/wp-json\/wp\/v2\/pages\/168607","targetHints":{"allow":["GET"]}}],"collection":[{"href":"https:\/\/iwell-guard.com\/is\/wp-json\/wp\/v2\/pages"}],"about":[{"href":"https:\/\/iwell-guard.com\/is\/wp-json\/wp\/v2\/types\/page"}],"author":[{"embeddable":true,"href":"https:\/\/iwell-guard.com\/is\/wp-json\/wp\/v2\/users\/3"}],"replies":[{"embeddable":true,"href":"https:\/\/iwell-guard.com\/is\/wp-json\/wp\/v2\/comments?post=168607"}],"version-history":[{"count":0,"href":"https:\/\/iwell-guard.com\/is\/wp-json\/wp\/v2\/pages\/168607\/revisions"}],"wp:featuredmedia":[{"embeddable":true,"href":"https:\/\/iwell-guard.com\/is\/wp-json\/wp\/v2\/media\/1607"}],"wp:attachment":[{"href":"https:\/\/iwell-guard.com\/is\/wp-json\/wp\/v2\/media?parent=168607"}],"wp:term":[{"taxonomy":"category","embeddable":true,"href":"https:\/\/iwell-guard.com\/is\/wp-json\/wp\/v2\/categories?post=168607"}],"curies":[{"name":"wp","href":"https:\/\/api.w.org\/{rel}","templated":true}]}}