{"id":168605,"date":"2026-09-05T14:01:30","date_gmt":"2026-09-05T14:01:30","guid":{"rendered":"https:\/\/iwell-guard.com\/?page_id=168605"},"modified":"2026-09-05T14:14:46","modified_gmt":"2026-09-05T14:14:46","slug":"dirae","status":"publish","type":"page","link":"https:\/\/iwell-guard.com\/is\/dirae\/","title":{"rendered":"Dirae"},"content":{"rendered":"\t\t<div data-elementor-type=\"wp-page\" data-elementor-id=\"168605\" class=\"elementor elementor-168605 elementor-847\" data-elementor-post-type=\"page\">\n\t\t\t\t<div class=\"elementor-element elementor-element-10fdade e-flex e-con-boxed e-con e-parent\" data-id=\"10fdade\" data-element_type=\"container\" data-e-type=\"container\" data-settings=\"{&quot;background_background&quot;:&quot;classic&quot;}\">\n\t\t\t\t\t<div class=\"e-con-inner\">\n\t\t<div class=\"elementor-element elementor-element-herohlft0 e-flex e-con-boxed e-con e-child\" data-id=\"herohlft0\" data-element_type=\"container\" data-e-type=\"container\">\n\t\t\t\t\t<div class=\"e-con-inner\">\n\t\t<div class=\"elementor-element elementor-element-c3ceb64 e-con-full e-flex e-con e-child\" data-id=\"c3ceb64\" data-element_type=\"container\" data-e-type=\"container\">\n\t\t\t\t<div class=\"elementor-element elementor-element-96ae5e1 elementor-widget elementor-widget-heading\" data-id=\"96ae5e1\" data-element_type=\"widget\" data-e-type=\"widget\" data-widget_type=\"heading.default\">\n\t\t\t\t\t<h1 class=\"elementor-heading-title elementor-size-default\">Dirae, andi \u00far r\u00f3mverskri hef\u00f0<\/h1>\t\t\t\t<\/div>\n\t\t\t\t<div class=\"elementor-element elementor-element-e45238a elementor-widget elementor-widget-text-editor\" data-id=\"e45238a\" data-element_type=\"widget\" data-e-type=\"widget\" data-widget_type=\"text-editor.default\">\n\t\t\t\t\t\t\t\t\t<p>Dirae er <span class=\"iwg-fachbegriff\" data-tooltip=\"L\u00edkamalaus vera sem talin er hafa \u00e1hrif \u00ed heiminum.\" tabindex=\"0\">andi<\/span> \u00ed r\u00f3mverskri hef\u00f0.<\/p><p><strong>R\u00f3mversku Fur\u00edurnar, fulln\u00e6gjendur gu\u00f0legrar rei\u00f0i.<\/strong><\/p>\t\t\t\t\t\t\t\t<\/div>\n\t\t\t\t<\/div>\n\t\t<div class=\"elementor-element elementor-element-klsbdg01 e-con-full e-flex e-con e-parent\" data-id=\"klsbdg01\" data-element_type=\"container\" data-e-type=\"container\">\n\t\t\t\t<div class=\"elementor-element elementor-element-klshtm01 elementor-widget elementor-widget-html\" data-id=\"klshtm01\" data-element_type=\"widget\" data-e-type=\"widget\" data-widget_type=\"html.default\">\n\t\t\t\t\t<div class=\"iwg-pill-row\"><span class=\"iwg-klasse-badge\" tabindex=\"0\" data-tooltip=\"Andi: \u00d3l\u00edkamleg e\u00f0a halfl\u00edkamleg vera, framli\u00f0nir, n\u00e1tt\u00faruv\u00e6ttir, h\u00fasandar e\u00f0a var\u00f0menn \u00fer\u00f6skulda. Verkar \u00ed hversdagsl\u00edfi, oft bundin st\u00f6\u00f0um e\u00f0a fj\u00f6lskyldum.\">Andi<\/span><a href=\"https:\/\/iwell-guard.com\/is\/?page_id=168595\" class=\"iwg-kultur-badge\" tabindex=\"0\" data-tooltip=\"R\u00f3mversk tr\u00faarbr\u00f6g\u00f0 fr\u00e1 konungd\u00f3mi til s\u00ed\u00f0fornaldar, samruni gr\u00edskra og etr\u00faskra laga.\">R\u00f3m<\/a><a href=\"https:\/\/iwell-guard.com\/is\/?page_id=168704\" class=\"iwg-tradition-badge\" tabindex=\"0\" data-tooltip=\"Andar sem framkv\u00e6ma hefnd, elta uppi ei\u00f0rof, mor\u00f0 e\u00f0a bl\u00f3\u00f0s\u00f6k.\">Hefndarandi<\/a><\/div>\t\t\t\t<\/div>\n\t\t\t\t<\/div>\n\t\t<div class=\"elementor-element elementor-element-3f74855 e-con-full e-flex e-con e-child\" data-id=\"3f74855\" data-element_type=\"container\" data-e-type=\"container\">\n\t\t\t\t<div class=\"elementor-element elementor-element-1c30362 elementor-toc--minimized-on-tablet elementor-widget elementor-widget-table-of-contents\" data-id=\"1c30362\" data-element_type=\"widget\" data-e-type=\"widget\" data-settings=\"{&quot;exclude_headings_by_selector&quot;:[],&quot;no_headings_message&quot;:&quot;Engar undirfyrirsagnir fundust \\u00e1 \\u00feessari s\\u00ed\\u00f0u.&quot;,&quot;headings_by_tags&quot;:[&quot;h2&quot;,&quot;h3&quot;],&quot;marker_view&quot;:&quot;bullets&quot;,&quot;icon&quot;:{&quot;value&quot;:&quot;fas fa-circle&quot;,&quot;library&quot;:&quot;fa-solid&quot;,&quot;rendered_tag&quot;:&quot;&lt;svg class=\\&quot;e-font-icon-svg e-fas-circle\\&quot; viewBox=\\&quot;0 0 512 512\\&quot; xmlns=\\&quot;http:\\\/\\\/www.w3.org\\\/2000\\\/svg\\&quot;&gt;&lt;path d=\\&quot;M256 8C119 8 8 119 8 256s111 248 248 248 248-111 248-248S393 8 256 8z\\&quot;&gt;&lt;\\\/path&gt;&lt;\\\/svg&gt;&quot;},&quot;minimize_box&quot;:&quot;yes&quot;,&quot;minimized_on&quot;:&quot;tablet&quot;,&quot;hierarchical_view&quot;:&quot;yes&quot;,&quot;min_height&quot;:{&quot;unit&quot;:&quot;px&quot;,&quot;size&quot;:&quot;&quot;,&quot;sizes&quot;:[]},&quot;min_height_tablet&quot;:{&quot;unit&quot;:&quot;px&quot;,&quot;size&quot;:&quot;&quot;,&quot;sizes&quot;:[]},&quot;min_height_mobile&quot;:{&quot;unit&quot;:&quot;px&quot;,&quot;size&quot;:&quot;&quot;,&quot;sizes&quot;:[]}}\" data-widget_type=\"table-of-contents.default\">\n\t\t\t\t\t\t\t\t\t<div class=\"elementor-toc__header\">\n\t\t\t\t\t\t<h2 class=\"elementor-toc__header-title\">\n\t\t\t\tEfnisyfirlit\t\t\t<\/h2>\n\t\t\t\t\t\t\t\t\t\t<div class=\"elementor-toc__toggle-button elementor-toc__toggle-button--expand\" role=\"button\" tabindex=\"0\" aria-controls=\"elementor-toc__1c30362\" aria-expanded=\"true\" aria-label=\"Open table of contents\"><svg aria-hidden=\"true\" class=\"e-font-icon-svg e-fas-chevron-down\" viewBox=\"0 0 448 512\" xmlns=\"http:\/\/www.w3.org\/2000\/svg\"><path d=\"M207.029 381.476L12.686 187.132c-9.373-9.373-9.373-24.569 0-33.941l22.667-22.667c9.357-9.357 24.522-9.375 33.901-.04L224 284.505l154.745-154.021c9.379-9.335 24.544-9.317 33.901.04l22.667 22.667c9.373 9.373 9.373 24.569 0 33.941L240.971 381.476c-9.373 9.372-24.569 9.372-33.942 0z\"><\/path><\/svg><\/div>\n\t\t\t\t<div class=\"elementor-toc__toggle-button elementor-toc__toggle-button--collapse\" role=\"button\" tabindex=\"0\" aria-controls=\"elementor-toc__1c30362\" aria-expanded=\"true\" aria-label=\"Close table of contents\"><svg aria-hidden=\"true\" class=\"e-font-icon-svg e-fas-chevron-up\" viewBox=\"0 0 448 512\" xmlns=\"http:\/\/www.w3.org\/2000\/svg\"><path d=\"M240.971 130.524l194.343 194.343c9.373 9.373 9.373 24.569 0 33.941l-22.667 22.667c-9.357 9.357-24.522 9.375-33.901.04L224 227.495 69.255 381.516c-9.379 9.335-24.544 9.317-33.901-.04l-22.667-22.667c-9.373-9.373-9.373-24.569 0-33.941L207.03 130.525c9.372-9.373 24.568-9.373 33.941-.001z\"><\/path><\/svg><\/div>\n\t\t\t\t\t<\/div>\n\t\t\t\t<div id=\"elementor-toc__1c30362\" class=\"elementor-toc__body\">\n\t\t\t<div class=\"elementor-toc__spinner-container\">\n\t\t\t\t<svg class=\"elementor-toc__spinner eicon-animation-spin e-font-icon-svg e-eicon-loading\" aria-hidden=\"true\" viewBox=\"0 0 1000 1000\" xmlns=\"http:\/\/www.w3.org\/2000\/svg\"><path d=\"M500 975V858C696 858 858 696 858 500S696 142 500 142 142 304 142 500H25C25 237 238 25 500 25S975 237 975 500 763 975 500 975Z\"><\/path><\/svg>\t\t\t<\/div>\n\t\t<\/div>\n\t\t\t\t\t\t<\/div>\n\t\t\t\t<\/div>\n\t\t\t\t\t<\/div>\n\t\t\t\t<\/div>\n\t\t<div class=\"elementor-element elementor-element-herorght0 e-con-full e-flex e-con e-child\" data-id=\"herorght0\" data-element_type=\"container\" data-e-type=\"container\">\n\t\t\t\t<div class=\"elementor-element elementor-element-heroimg00 iwg-hero-image elementor-widget elementor-widget-image\" data-id=\"heroimg00\" data-element_type=\"widget\" data-e-type=\"widget\" data-widget_type=\"image.default\">\n\t\t\t\t\t\t\t\t\t\t\t\t\t\t\t<img fetchpriority=\"high\" decoding=\"async\" width=\"683\" height=\"1024\" src=\"https:\/\/iwell-guard.com\/wp-content\/uploads\/2026\/04\/geister_rom_dirae-683x1024.webp\" class=\"attachment-large size-large wp-image-171008\" alt=\"Dirae \u2013 andar \u00far r\u00f3mverskri hef\u00f0, s\u00f6guleg myndskreyting\" srcset=\"https:\/\/iwell-guard.com\/wp-content\/uploads\/2026\/04\/geister_rom_dirae-683x1024.webp 683w, https:\/\/iwell-guard.com\/wp-content\/uploads\/2026\/04\/geister_rom_dirae-200x300.webp 200w, https:\/\/iwell-guard.com\/wp-content\/uploads\/2026\/04\/geister_rom_dirae-768x1152.webp 768w, https:\/\/iwell-guard.com\/wp-content\/uploads\/2026\/04\/geister_rom_dirae.webp 1024w\" sizes=\"(max-width: 683px) 100vw, 683px\" \/>\t\t\t\t\t\t\t\t\t\t\t\t\t\t\t<\/div>\n\t\t\t\t<\/div>\n\t\t\t\t\t<\/div>\n\t\t\t\t<\/div>\n\t\t<div class=\"elementor-element elementor-element-32917199 e-flex e-con-boxed e-con e-parent\" data-id=\"32917199\" data-element_type=\"container\" data-e-type=\"container\">\n\t\t\t\t\t<div class=\"e-con-inner\">\n\t\t<div class=\"elementor-element elementor-element-26e916cb e-flex e-con-boxed e-con e-child\" data-id=\"26e916cb\" data-element_type=\"container\" data-e-type=\"container\">\n\t\t\t\t\t<div class=\"e-con-inner\">\n\t\t<div class=\"elementor-element elementor-element-253a40d4 e-flex e-con-boxed e-con e-child\" data-id=\"253a40d4\" data-element_type=\"container\" data-e-type=\"container\">\n\t\t\t\t\t<div class=\"e-con-inner\">\n\t\t\t\t<div class=\"elementor-element elementor-element-1200c304 elementor-widget elementor-widget-heading\" data-id=\"1200c304\" data-element_type=\"widget\" data-e-type=\"widget\" data-widget_type=\"heading.default\">\n\t\t\t\t\t<h2 class=\"elementor-heading-title elementor-size-default\">Dirae<\/h2>\t\t\t\t<\/div>\n\t\t\t\t<div class=\"elementor-element elementor-element-11758e7f elementor-widget elementor-widget-text-editor\" data-id=\"11758e7f\" data-element_type=\"widget\" data-e-type=\"widget\" data-widget_type=\"text-editor.default\">\n\t\t\t\t\t\t\t\t\t<p>Dirae, oft nefndar Furiae, eru r\u00f3mversk hli\u00f0st\u00e6\u00f0a gr\u00edsku Erinyanna. \u00de\u00e6r elta uppi bl\u00f3\u00f0s\u00f6k, fulln\u00e6gja gu\u00f0legri rei\u00f0i og bera me\u00f0 s\u00e9r pl\u00e1gu og str\u00ed\u00f0. Virgill, Seneca og Ovid m\u00f3ta b\u00f3kmenntalega mynd \u00feeirra og gera \u00fe\u00e6r a\u00f0 fastri sto\u00f0 \u00ed r\u00f3mverskri hugmynd um hefnd og heimsr\u00e9ttl\u00e6ti.<\/p><p>\u00d6fugt vi\u00f0 Erinyarnar hafa Dirae \u00ed R\u00f3m engan s\u00e9rstakan <span class=\"iwg-fachbegriff\" data-tooltip=\"Heild tr\u00faarlegra d\u00fdrkunarathafna fyrir gu\u00f0 e\u00f0a heilaga veru.\" tabindex=\"0\">helgisi\u00f0ad\u00fdrkun<\/span> samb\u00e6rilega vi\u00f0 a\u00feenska Eumenides-<span class=\"iwg-fachbegriff\" data-tooltip=\"Helgur sta\u00f0ur tileinka\u00f0ur d\u00fdrkun gu\u00f0s e\u00f0a heilagrar veru.\" tabindex=\"0\">helgista\u00f0<\/span>. \u00de\u00e6r eru fyrst og fremst b\u00f3kmenntalegar, go\u00f0sagnakenndar, heima \u00ed harmleiknum. \u00cd b\u00f6lvunart\u00f6flum (defixiones) er \u00feeim \u00e1kalla\u00f0 sem hefndart\u00e6kjum; \u00fear skarast \u00fe\u00e6r vi\u00f0 \u00fe\u00e6r verur sem \u00fe\u00e6r t\u00e1kna \u00ed <span class=\"iwg-fachbegriff\" data-tooltip=\"Yfirlifa\u00f0 fr\u00e1s\u00f6gn um gu\u00f0i, uppruna og skipan heimsins.\" tabindex=\"0\">go\u00f0s\u00f6gunni<\/span>.<\/p>\t\t\t\t\t\t\t\t<\/div>\n\t\t\t\t\t<\/div>\n\t\t\t\t<\/div>\n\t\t<div class=\"elementor-element elementor-element-159dcf9a e-flex e-con-boxed e-con e-child\" data-id=\"159dcf9a\" data-element_type=\"container\" data-e-type=\"container\">\n\t\t\t\t\t<div class=\"e-con-inner\">\n\t\t\t\t<div class=\"elementor-element elementor-element-48cee66f elementor-widget elementor-widget-heading\" data-id=\"48cee66f\" data-element_type=\"widget\" data-e-type=\"widget\" data-widget_type=\"heading.default\">\n\t\t\t\t\t<h2 class=\"elementor-heading-title elementor-size-default\">Skj\u00f3tt yfirlit: Dirae<\/h2>\t\t\t\t<\/div>\n\t\t\t\t<div class=\"elementor-element elementor-element-3f50d82c elementor-widget elementor-widget-text-editor\" data-id=\"3f50d82c\" data-element_type=\"widget\" data-e-type=\"widget\" data-widget_type=\"text-editor.default\">\n\t\t\t\t\t\t\t\t\t<p><strong>Tegund:<\/strong> Hefndargy\u00f0jur, \u00f3g\u00e6fubo\u00f0ar<br>Uppruni: A\u00f0l\u00f6gun gr\u00edsku Erinyanna; auk \u00feess eigin \u00edt\u00f6lsk r\u00f3t<br>N\u00f6fn: Alecto, Megaera, Tisiphone (tekin \u00far gr\u00edsku)<br>Textar: Virgill (<em>Aeneis<\/em>), Ovid, Seneca, H\u00f3rasius<br>T\u00edmabil: Fr\u00e1 s\u00ed\u00f0l\u00fd\u00f0veldi til <span class=\"iwg-fachbegriff\" data-tooltip=\"Umbreytingart\u00edmabil milli fornaldar og mi\u00f0aldar, um 3. til 7. \u00f6ld.\" tabindex=\"0\">s\u00ed\u00f0fornaldar<\/span><br>V\u00f6rn \/ s\u00e1tt: Hreinsunarathafnir, <span class=\"iwg-fachbegriff\" data-tooltip=\"B\u00e6narlegt e\u00f0a \u00e1kallandi \u00e1varp til gu\u00f0s e\u00f0a m\u00e1ttarvalds.\" tabindex=\"0\">\u00e1kall<\/span> til J\u00fap\u00edters og di inferi<\/p>\t\t\t\t\t\t\t\t<\/div>\n\t\t\t\t\t<\/div>\n\t\t\t\t<\/div>\n\t\t\t\t\t<\/div>\n\t\t\t\t<\/div>\n\t\t\t\t\t<\/div>\n\t\t\t\t<\/div>\n\t\t<div class=\"elementor-element elementor-element-18613602 e-flex e-con-boxed e-con e-parent\" data-id=\"18613602\" data-element_type=\"container\" data-e-type=\"container\">\n\t\t\t\t\t<div class=\"e-con-inner\">\n\t\t\t\t<div class=\"elementor-element elementor-element-262b8a9f elementor-widget elementor-widget-heading\" data-id=\"262b8a9f\" data-element_type=\"widget\" data-e-type=\"widget\" data-widget_type=\"heading.default\">\n\t\t\t\t\t<h2 class=\"elementor-heading-title elementor-size-default\">Yfirlit<\/h2>\t\t\t\t<\/div>\n\t\t<div class=\"elementor-element elementor-element-46dcb7d e-con-full e-flex e-con e-child\" data-id=\"46dcb7d\" data-element_type=\"container\" data-e-type=\"container\">\n\t\t<div class=\"elementor-element elementor-element-61d3ab3 e-flex e-con-boxed e-con e-child\" data-id=\"61d3ab3\" data-element_type=\"container\" data-e-type=\"container\">\n\t\t\t\t\t<div class=\"e-con-inner\">\n\t\t\t\t<div class=\"elementor-element elementor-element-117c166 elementor-widget elementor-widget-heading\" data-id=\"117c166\" data-element_type=\"widget\" data-e-type=\"widget\" data-widget_type=\"heading.default\">\n\t\t\t\t\t<h3 class=\"elementor-heading-title elementor-size-default\">T\u00edmabil textanna<\/h3>\t\t\t\t<\/div>\n\t\t\t\t<div class=\"elementor-element elementor-element-73997a0 elementor-widget elementor-widget-text-editor\" data-id=\"73997a0\" data-element_type=\"widget\" data-e-type=\"widget\" data-widget_type=\"text-editor.default\">\n\t\t\t\t\t\t\t\t\t<p>Upptaka gr\u00edsku Erinyanna \u00ed r\u00f3mverskar b\u00f3kmenntir hefst \u00e1 s\u00ed\u00f0u l\u00fd\u00f0veldist\u00edmanum. Virgils <em>Aeneis<\/em> (1. \u00f6ld f.Kr.) gefur Dirae s\u00edna \u00feekktustu mynd. Harmleikir Seneca og <em>Ummyndanir<\/em> Ovids halda \u00e1fram \u00e1 \u00feeirri braut. \u00c1 <span class=\"iwg-fachbegriff\" data-tooltip=\"Umbreytingart\u00edmabil milli fornaldar og mi\u00f0aldar, um 3. til 7. \u00f6ld.\" tabindex=\"0\">s\u00ed\u00f0forn\u00f6ld<\/span> renna \u00fe\u00e6r saman vi\u00f0 kristnar dj\u00f6flahugmyndir.<\/p>\t\t\t\t\t\t\t\t<\/div>\n\t\t\t\t\t<\/div>\n\t\t\t\t<\/div>\n\t\t<div class=\"elementor-element elementor-element-d47b156 e-flex e-con-boxed e-con e-child\" data-id=\"d47b156\" data-element_type=\"container\" data-e-type=\"container\">\n\t\t\t\t\t<div class=\"e-con-inner\">\n\t\t\t\t<div class=\"elementor-element elementor-element-ff38c2b elementor-widget elementor-widget-heading\" data-id=\"ff38c2b\" data-element_type=\"widget\" data-e-type=\"widget\" data-widget_type=\"heading.default\">\n\t\t\t\t\t<h3 class=\"elementor-heading-title elementor-size-default\">\u00datbrei\u00f0slusv\u00e6\u00f0i<\/h3>\t\t\t\t<\/div>\n\t\t\t\t<div class=\"elementor-element elementor-element-4e49fcc elementor-widget elementor-widget-text-editor\" data-id=\"4e49fcc\" data-element_type=\"widget\" data-e-type=\"widget\" data-widget_type=\"text-editor.default\">\n\t\t\t\t\t\t\t\t\t<p>Menningarsv\u00e6\u00f0i\u00f0 er hi\u00f0 latneska vestur. \u00c1 gr\u00edskum sv\u00e6\u00f0um keisaraveldisins h\u00e9lst nafni\u00f0 Erinyar vi\u00f0, \u00e1 latneskum sv\u00e6\u00f0um Dirae e\u00f0a Furiae. Eftir fall keisaraveldisins lifa Dirae \u00e1fram \u00ed mi\u00f0aldab\u00f3kmenntum og myndlist.<\/p>\t\t\t\t\t\t\t\t<\/div>\n\t\t\t\t\t<\/div>\n\t\t\t\t<\/div>\n\t\t\t\t<\/div>\n\t\t<div class=\"elementor-element elementor-element-db03c39 e-con-full e-flex e-con e-child\" data-id=\"db03c39\" data-element_type=\"container\" data-e-type=\"container\">\n\t\t<div class=\"elementor-element elementor-element-229a87b e-flex e-con-boxed e-con e-child\" data-id=\"229a87b\" data-element_type=\"container\" data-e-type=\"container\">\n\t\t\t\t\t<div class=\"e-con-inner\">\n\t\t\t\t<div class=\"elementor-element elementor-element-1f471fc elementor-widget elementor-widget-heading\" data-id=\"1f471fc\" data-element_type=\"widget\" data-e-type=\"widget\" data-widget_type=\"heading.default\">\n\t\t\t\t\t<h3 class=\"elementor-heading-title elementor-size-default\">Heimildasta\u00f0a<\/h3>\t\t\t\t<\/div>\n\t\t\t\t<div class=\"elementor-element elementor-element-36b1201 elementor-widget elementor-widget-text-editor\" data-id=\"36b1201\" data-element_type=\"widget\" data-e-type=\"widget\" data-widget_type=\"text-editor.default\">\n\t\t\t\t\t\t\t\t\t<p>R\u00edkulegar b\u00f3kmenntaheimildir. Frumheimildir: Virgils <em>Aeneis<\/em>, VII. b\u00f3k (Alekto vekur str\u00ed\u00f0i\u00f0 \u00ed Lat\u00edum), harmleikir Seneca, Ovid. Myndlistarlega r\u00f3mverskar veggm\u00e1lverk og sark\u00f3faga sem s\u00fdna verurnar \u00ed gr\u00edskri hef\u00f0armynd.<\/p>\t\t\t\t\t\t\t\t<\/div>\n\t\t\t\t\t<\/div>\n\t\t\t\t<\/div>\n\t\t\t\t<\/div>\n\t\t\t\t\t<\/div>\n\t\t\t\t<\/div>\n\t\t<div class=\"elementor-element elementor-element-3ae0637c e-flex e-con-boxed e-con e-parent\" data-id=\"3ae0637c\" data-element_type=\"container\" data-e-type=\"container\">\n\t\t\t\t\t<div class=\"e-con-inner\">\n\t\t\t\t<div class=\"elementor-element elementor-element-31d07739 elementor-widget elementor-widget-heading\" data-id=\"31d07739\" data-element_type=\"widget\" data-e-type=\"widget\" data-widget_type=\"heading.default\">\n\t\t\t\t\t<h2 class=\"elementor-heading-title elementor-size-default\">Nafn og heiti<\/h2>\t\t\t\t<\/div>\n\t\t<div class=\"elementor-element elementor-element-b7642947 e-con-full e-flex e-con e-child\" data-id=\"b7642947\" data-element_type=\"container\" data-e-type=\"container\">\n\t\t\t\t<div class=\"elementor-element elementor-element-a086266 elementor-widget elementor-widget-text-editor\" data-id=\"a086266\" data-element_type=\"widget\" data-e-type=\"widget\" data-widget_type=\"text-editor.default\">\n\t\t\t\t\t\t\t\t\t<p><strong>Lat\u00edna:<\/strong> <em>Dirae<\/em> (\u201ehinar hr\u00e6\u00f0ilegu&#8220;), <em>Furiae<\/em> (\u201ehinar \u00f3lmu&#8220;).<br>Einstaklingsn\u00f6fn: Alecto, Megaera, Tisiphone (bein latnesk mynd af gr\u00edskum n\u00f6fnum).<br>Eumenides-jafngildi: Semnae Theai e\u00f0a Eumenides er \u00e1fram gr\u00edskt, ekki raunverulega lat\u00ednuv\u00e6tt.<\/p><p><em>Dira<\/em> \u00fe\u00fd\u00f0ir einnig einfaldlega \u201e\u00f3g\u00e6fa&#8220;, fleirtalan t\u00e1knar upphaflega \u00f3pers\u00f3nuleg ill fyrirbo\u00f0, \u00e1\u00f0ur en h\u00fan s\u00e9rh\u00e6fist sem heiti hefndargy\u00f0janna. \u00deessi tv\u00edr\u00e6\u00f0a merking gerir Dirae a\u00f0 fullkominni br\u00fa milli pers\u00f3nulegrar hefndarveru og \u00f3pers\u00f3nulegs \u00f3g\u00e6fuhugtaks.<\/p>\t\t\t\t\t\t\t\t<\/div>\n\t\t\t\t<\/div>\n\t\t\t\t\t<\/div>\n\t\t\t\t<\/div>\n\t\t<div class=\"elementor-element elementor-element-709a44a8 e-flex e-con-boxed e-con e-parent\" data-id=\"709a44a8\" data-element_type=\"container\" data-e-type=\"container\">\n\t\t\t\t\t<div class=\"e-con-inner\">\n\t\t\t\t<div class=\"elementor-element elementor-element-2f585873 elementor-widget elementor-widget-heading\" data-id=\"2f585873\" data-element_type=\"widget\" data-e-type=\"widget\" data-widget_type=\"heading.default\">\n\t\t\t\t\t<h2 class=\"elementor-heading-title elementor-size-default\">L\u00fdsing<\/h2>\t\t\t\t<\/div>\n\t\t<div class=\"elementor-element elementor-element-70621c12 e-con-full e-flex e-con e-child\" data-id=\"70621c12\" data-element_type=\"container\" data-e-type=\"container\">\n\t\t\t\t<div class=\"elementor-element elementor-element-4296eb49 elementor-widget elementor-widget-text-editor\" data-id=\"4296eb49\" data-element_type=\"widget\" data-e-type=\"widget\" data-widget_type=\"text-editor.default\">\n\t\t\t\t\t\t\t\t\t<p><strong>\u00c1s\u00fdnd<\/strong><\/p><p>Eins og Erinyarnar: v\u00e6ngja\u00f0ar, me\u00f0 sl\u00f6ngur \u00ed h\u00e1ri, blys og svipur. D\u00f6kkir kl\u00e6\u00f0na\u00f0ir, bl\u00f3\u00f0ug augu. \u00cd r\u00f3mverskri myndlist eru \u00fe\u00e6r stundum sterkari tengdar str\u00ed\u00f0s- og \u00f3g\u00e6fumerkjum, \u00fe\u00e6r bera me\u00f0 s\u00e9r pers\u00f3nulega hefnd og samt\u00edmis str\u00ed\u00f0 og pl\u00e1gu.<\/p><p><strong>Heg\u00f0un<\/strong><\/p><p>\u00deeim er sent af gu\u00f0um (J\u00fan\u00f3, J\u00fap\u00edter) e\u00f0a \u00ed \u00e1kalli til a\u00f0 fulln\u00e6gja skipunum. \u00cd Aeneis Virgils sendir J\u00fan\u00f3 Alekto til a\u00f0 hindra Eneas \u00e1 lei\u00f0 hans til Lat\u00edum, h\u00fan vekur deilur, ge\u00f0veiki, str\u00ed\u00f0. Dirae eru \u00fev\u00ed ekki a\u00f0eins hefndargy\u00f0jur, heldur virkir gerendur gu\u00f0legs vilja.<\/p><p><strong>Verksvi\u00f0<\/strong><\/p><p>Bl\u00f3\u00f0s\u00f6k, meins\u00e6ri, fj\u00f6lskyldub\u00f6l, str\u00ed\u00f0, pl\u00e1ga, st\u00f3rar stj\u00f3rnm\u00e1lalegar umbreytingar. \u00de\u00e6r starfa \u00ed einst\u00f6kum m\u00e1lum (Orestes-<span class=\"iwg-fachbegriff\" data-tooltip=\"Endurteki\u00f0 innihaldsatri\u00f0i \u00ed list e\u00f0a fr\u00e1s\u00f6gn.\" tabindex=\"0\">minni<\/span>) eins og \u00e1 st\u00f3rum leiksvi\u00f0um.<\/p><p><strong>Go\u00f0sagnalegur uppruni<\/strong><\/p><p>Tekin \u00far gr\u00edskri \u00e6ttfr\u00e6\u00f0i: d\u00e6tur N\u00e6tur e\u00f0a af bl\u00f3\u00f0i geldra \u00daranosar. Hj\u00e1 Virgil styrkist hugmyndin um fulln\u00e6gingu a\u00f0 gu\u00f0legu bo\u00f0i, \u00fe\u00e6r eru verkf\u00e6ri h\u00e6rri skipanar.<\/p>\t\t\t\t\t\t\t\t<\/div>\n\t\t\t\t<\/div>\n\t\t\t\t\t<\/div>\n\t\t\t\t<\/div>\n\t\t<div class=\"elementor-element elementor-element-44e71476 e-flex e-con-boxed e-con e-parent\" data-id=\"44e71476\" data-element_type=\"container\" data-e-type=\"container\">\n\t\t\t\t\t<div class=\"e-con-inner\">\n\t\t\t\t<div class=\"elementor-element elementor-element-3c1fc3f0 elementor-widget elementor-widget-heading\" data-id=\"3c1fc3f0\" data-element_type=\"widget\" data-e-type=\"widget\" data-widget_type=\"heading.default\">\n\t\t\t\t\t<h2 class=\"elementor-heading-title elementor-size-default\">Skyndil\u00fdsing: Dirae<\/h2>\t\t\t\t<\/div>\n\t\t<div class=\"elementor-element elementor-element-84f33b8e e-con-full e-flex e-con e-child\" data-id=\"84f33b8e\" data-element_type=\"container\" data-e-type=\"container\">\n\t\t\t\t<div class=\"elementor-element elementor-element-hqkdc67p elementor-widget elementor-widget-text-editor\" data-id=\"hqkdc67p\" data-element_type=\"widget\" data-e-type=\"widget\" data-widget_type=\"text-editor.default\">\n\t\t\t\t\t\t\t\t\t<p>Mikilv\u00e6gustu atri\u00f0in um Dirae \u00ed hnotskurn. N\u00e1nari umfj\u00f6llun um nafn, l\u00fdsingu, <span class=\"iwg-fachbegriff\" data-tooltip=\"Heild tr\u00faarlegra d\u00fdrkunarathafna fyrir gu\u00f0 e\u00f0a heilaga veru.\" tabindex=\"0\">helgisi\u00f0ad\u00fdrkun<\/span> og hli\u00f0st\u00e6\u00f0ur m\u00e1 finna \u00ed eftirfarandi k\u00f6flum.<\/p>\t\t\t\t\t\t\t\t<\/div>\n\t\t\t\t<\/div>\n\t\t<div class=\"elementor-element elementor-element-pemmx7c5 e-con-full e-flex e-con e-child\" data-id=\"pemmx7c5\" data-element_type=\"container\" data-e-type=\"container\">\n\t\t<div class=\"elementor-element elementor-element-pemmx7c1 e-con-full e-flex e-con e-child\" data-id=\"pemmx7c1\" data-element_type=\"container\" data-e-type=\"container\">\n\t\t<div class=\"elementor-element elementor-element-qh9oavvu iwg-steckbrief-card e-flex e-con-boxed e-con e-child\" data-id=\"qh9oavvu\" data-element_type=\"container\" data-e-type=\"container\">\n\t\t\t\t\t<div class=\"e-con-inner\">\n\t\t\t\t<div class=\"elementor-element elementor-element-awzx8k2k elementor-widget elementor-widget-heading\" data-id=\"awzx8k2k\" data-element_type=\"widget\" data-e-type=\"widget\" data-widget_type=\"heading.default\">\n\t\t\t\t\t<div class=\"elementor-heading-title elementor-size-default\">Uppruni Dirae<\/div>\t\t\t\t<\/div>\n\t\t\t\t<div class=\"elementor-element elementor-element-x6rowhv0 elementor-widget elementor-widget-text-editor\" data-id=\"x6rowhv0\" data-element_type=\"widget\" data-e-type=\"widget\" data-widget_type=\"text-editor.default\">\n\t\t\t\t\t\t\t\t\t<p>A\u00f0l\u00f6gun gr\u00edsku Erinyanna, me\u00f0 eigin \u00edt\u00f6lskum \u00e1herslum. F\u00e6ddar \u00far bl\u00f3\u00f0i \u00daranosar; \u00ed r\u00f3mverskum b\u00f3kmenntum oft fulln\u00e6gjendur skipana J\u00fan\u00f3ar.<\/p>\t\t\t\t\t\t\t\t<\/div>\n\t\t\t\t\t<\/div>\n\t\t\t\t<\/div>\n\t\t<div class=\"elementor-element elementor-element-8e3o4kxs iwg-steckbrief-card e-flex e-con-boxed e-con e-child\" data-id=\"8e3o4kxs\" data-element_type=\"container\" data-e-type=\"container\">\n\t\t\t\t\t<div class=\"e-con-inner\">\n\t\t\t\t<div class=\"elementor-element elementor-element-08rkdgov elementor-widget elementor-widget-heading\" data-id=\"08rkdgov\" data-element_type=\"widget\" data-e-type=\"widget\" data-widget_type=\"heading.default\">\n\t\t\t\t\t<div class=\"elementor-heading-title elementor-size-default\">Vi\u00f0takendur<\/div>\t\t\t\t<\/div>\n\t\t\t\t<div class=\"elementor-element elementor-element-uwjelx8s elementor-widget elementor-widget-text-editor\" data-id=\"uwjelx8s\" data-element_type=\"widget\" data-e-type=\"widget\" data-widget_type=\"text-editor.default\">\n\t\t\t\t\t\t\t\t\t<p>Bl\u00f3\u00f0sekt f\u00f3lk, meins\u00e6rismenn, fj\u00f6lskylduf\u00f6\u00f0ur. Einnig heilu samf\u00e9l\u00f6gin \u00ed str\u00ed\u00f0i og pl\u00e1gu, \u00feegar skipan er brotin.<\/p>\t\t\t\t\t\t\t\t<\/div>\n\t\t\t\t\t<\/div>\n\t\t\t\t<\/div>\n\t\t<div class=\"elementor-element elementor-element-jm2n74ec iwg-steckbrief-card e-flex e-con-boxed e-con e-child\" data-id=\"jm2n74ec\" data-element_type=\"container\" data-e-type=\"container\">\n\t\t\t\t\t<div class=\"e-con-inner\">\n\t\t\t\t<div class=\"elementor-element elementor-element-8vufse4c elementor-widget elementor-widget-heading\" data-id=\"8vufse4c\" data-element_type=\"widget\" data-e-type=\"widget\" data-widget_type=\"heading.default\">\n\t\t\t\t\t<div class=\"elementor-heading-title elementor-size-default\">Framsetning<\/div>\t\t\t\t<\/div>\n\t\t\t\t<div class=\"elementor-element elementor-element-mwb9u015 elementor-widget elementor-widget-text-editor\" data-id=\"mwb9u015\" data-element_type=\"widget\" data-e-type=\"widget\" data-widget_type=\"text-editor.default\">\n\t\t\t\t\t\t\t\t\t<p>V\u00e6ngja\u00f0ar, me\u00f0 sl\u00f6ngur \u00ed h\u00e1ri, blys, svipur. \u00cd r\u00f3mverskri myndlist oft str\u00ed\u00f0slegri og skarpari \u00ed kl\u00e6\u00f0abur\u00f0i en hinar fornlegri Erinyar.<\/p>\t\t\t\t\t\t\t\t<\/div>\n\t\t\t\t\t<\/div>\n\t\t\t\t<\/div>\n\t\t\t\t<\/div>\n\t\t<div class=\"elementor-element elementor-element-pemmx7c2 e-con-full e-flex e-con e-child\" data-id=\"pemmx7c2\" data-element_type=\"container\" data-e-type=\"container\">\n\t\t<div class=\"elementor-element elementor-element-37ss2yr6 iwg-steckbrief-card e-flex e-con-boxed e-con e-child\" data-id=\"37ss2yr6\" data-element_type=\"container\" data-e-type=\"container\">\n\t\t\t\t\t<div class=\"e-con-inner\">\n\t\t\t\t<div class=\"elementor-element elementor-element-3v0wp3wx elementor-widget elementor-widget-heading\" data-id=\"3v0wp3wx\" data-element_type=\"widget\" data-e-type=\"widget\" data-widget_type=\"heading.default\">\n\t\t\t\t\t<div class=\"elementor-heading-title elementor-size-default\">I\u00f0ja<\/div>\t\t\t\t<\/div>\n\t\t\t\t<div class=\"elementor-element elementor-element-w3247g2m elementor-widget elementor-widget-text-editor\" data-id=\"w3247g2m\" data-element_type=\"widget\" data-e-type=\"widget\" data-widget_type=\"text-editor.default\">\n\t\t\t\t\t\t\t\t\t<p>Vekja deilur og ge\u00f0veiki, fulln\u00e6gja gu\u00f0legri rei\u00f0i, bera me\u00f0 s\u00e9r str\u00ed\u00f0 og pl\u00e1gu. Verka \u00f3pers\u00f3nulega jafnvel \u00ed st\u00f3rum stj\u00f3rnm\u00e1lalegum umbrotum.<\/p>\t\t\t\t\t\t\t\t<\/div>\n\t\t\t\t\t<\/div>\n\t\t\t\t<\/div>\n\t\t<div class=\"elementor-element elementor-element-0qpjal9w iwg-steckbrief-card e-flex e-con-boxed e-con e-child\" data-id=\"0qpjal9w\" data-element_type=\"container\" data-e-type=\"container\">\n\t\t\t\t\t<div class=\"e-con-inner\">\n\t\t\t\t<div class=\"elementor-element elementor-element-6ndoih0o elementor-widget elementor-widget-heading\" data-id=\"6ndoih0o\" data-element_type=\"widget\" data-e-type=\"widget\" data-widget_type=\"heading.default\">\n\t\t\t\t\t<div class=\"elementor-heading-title elementor-size-default\">Verndargripir<\/div>\t\t\t\t<\/div>\n\t\t\t\t<div class=\"elementor-element elementor-element-6684tyh9 elementor-widget elementor-widget-text-editor\" data-id=\"6684tyh9\" data-element_type=\"widget\" data-e-type=\"widget\" data-widget_type=\"text-editor.default\">\n\t\t\t\t\t\t\t\t\t<p>Ekki hversdagsam\u00falettur. Hreinsunarathafnir eftir bl\u00f3\u00f0s\u00fathellingar, <span class=\"iwg-fachbegriff\" data-tooltip=\"Gj\u00f6f til gu\u00f0s e\u00f0a gy\u00f0ju til a\u00f0 tj\u00e1 \u00feakkl\u00e6ti, b\u00e6n e\u00f0a lotningu.\" tabindex=\"0\">f\u00f3rn<\/span> til di inferi, b\u00e6nir til J\u00fap\u00edters sem \u00e6\u00f0sta valds. B\u00f6lb\u00e6nat\u00f6flur (defixiones) kalla Dirae fram gegn andst\u00e6\u00f0ingum.<\/p>\t\t\t\t\t\t\t\t<\/div>\n\t\t\t\t\t<\/div>\n\t\t\t\t<\/div>\n\t\t<div class=\"elementor-element elementor-element-3lfi7x32 iwg-steckbrief-card e-flex e-con-boxed e-con e-child\" data-id=\"3lfi7x32\" data-element_type=\"container\" data-e-type=\"container\">\n\t\t\t\t\t<div class=\"e-con-inner\">\n\t\t\t\t<div class=\"elementor-element elementor-element-0kg99ga1 elementor-widget elementor-widget-heading\" data-id=\"0kg99ga1\" data-element_type=\"widget\" data-e-type=\"widget\" data-widget_type=\"heading.default\">\n\t\t\t\t\t<div class=\"elementor-heading-title elementor-size-default\">Samb\u00e6rilegt<\/div>\t\t\t\t<\/div>\n\t\t\t\t<div class=\"elementor-element elementor-element-n0fum6kp elementor-widget elementor-widget-text-editor\" data-id=\"n0fum6kp\" data-element_type=\"widget\" data-e-type=\"widget\" data-widget_type=\"text-editor.default\">\n\t\t\t\t\t\t\t\t\t<p>Erin\u00fdur (gr\u00edsk, bein fyrirmynd), <a href=\"https:\/\/iwell-guard.com\/is\/?page_id=168587\">Gallu<\/a> (Mes\u00f3p\u00f3tam\u00eda), Kerar (<span class=\"iwg-fachbegriff\" data-tooltip=\"Endurteki\u00f0 efnislegt stef \u00ed listum e\u00f0a fr\u00e1s\u00f6gn.\" tabindex=\"0\">minni<\/span> v\u00edgvallarins), sl\u00e1ttumannsverur.<\/p>\t\t\t\t\t\t\t\t<\/div>\n\t\t\t\t\t<\/div>\n\t\t\t\t<\/div>\n\t\t\t\t<\/div>\n\t\t\t\t<\/div>\n\t\t\t\t\t<\/div>\n\t\t\t\t<\/div>\n\t\t<div class=\"elementor-element elementor-element-7533bc7a e-flex e-con-boxed e-con e-parent\" data-id=\"7533bc7a\" data-element_type=\"container\" data-e-type=\"container\">\n\t\t\t\t\t<div class=\"e-con-inner\">\n\t\t\t\t<div class=\"elementor-element elementor-element-2447d18d elementor-widget elementor-widget-heading\" data-id=\"2447d18d\" data-element_type=\"widget\" data-e-type=\"widget\" data-widget_type=\"heading.default\">\n\t\t\t\t\t<h2 class=\"elementor-heading-title elementor-size-default\">Dj\u00f6flafr\u00e6\u00f0i \u00ed daglegu l\u00edfi<\/h2>\t\t\t\t<\/div>\n\t\t<div class=\"elementor-element elementor-element-d5d0260c e-con-full e-flex e-con e-child\" data-id=\"d5d0260c\" data-element_type=\"container\" data-e-type=\"container\">\n\t\t\t\t<div class=\"elementor-element elementor-element-341be2ac elementor-widget elementor-widget-text-editor\" data-id=\"341be2ac\" data-element_type=\"widget\" data-e-type=\"widget\" data-widget_type=\"text-editor.default\">\n\t\t\t\t\t\t\t\t\t<p><strong>Athafnir til s\u00e1ttar<\/strong><\/p><p>Eins og hj\u00e1 Grikkjum: hreinsunarathafnir eftir bl\u00f3\u00f0s\u00fathellingar (<em>lustratio<\/em>), <span class=\"iwg-fachbegriff\" data-tooltip=\"Gj\u00f6f til gu\u00f0s e\u00f0a gy\u00f0ju til a\u00f0 tj\u00e1 \u00feakkl\u00e6ti, b\u00e6n e\u00f0a lotningu.\" tabindex=\"0\">f\u00f3rn<\/span> til undirheimagu\u00f0anna, <span class=\"iwg-fachbegriff\" data-tooltip=\"B\u00e6n e\u00f0a \u00e1kall til gu\u00f0s e\u00f0a m\u00e1ttar.\" tabindex=\"0\">\u00e1kall<\/span> til J\u00fap\u00edters. R\u00edki\u00f0 framkv\u00e6mir opinbera fri\u00f0\u00fe\u00e6gingu vi\u00f0 mikil \u00f3g\u00e6fuatvik, einstakar fj\u00f6lskyldur gera \u00fea\u00f0 me\u00f0 greftrun og f\u00f3rnum til hinna d\u00e1nu.<\/p><p><strong>B\u00f6lvunarform\u00falur<\/strong><\/p><p>B\u00f6lb\u00e6nat\u00f6flur, oftast \u00far bl\u00fdi, kalla Dirae fram gegn andst\u00e6\u00f0ingum: \u201eDirae, elta hann n\u00f3tt og dag \u2026\u201c. Byggingin fylgir gr\u00edskri fyrirmynd en notar latnesk or\u00f0atilt\u00e6ki. \u00cd b\u00f3kmenntahef\u00f0inni hj\u00e1 Virgli og Seneca eru Dirae kalla\u00f0ar fram me\u00f0 or\u00f0r\u00e6\u00f0u.<\/p><p><strong>Am\u00falettur og verndart\u00e1kn<\/strong><\/p><p>Am\u00falettur gegn Dirae eru ekki \u00feekktar; \u00fe\u00e6r teljast til \u00f3umsemjanlegra alheimsm\u00e1tta. Eina verndin er r\u00e9ttl\u00e1tt l\u00edferni og tr\u00faarleg hreinlyndi.<\/p>\t\t\t\t\t\t\t\t<\/div>\n\t\t\t\t<\/div>\n\t\t\t\t\t<\/div>\n\t\t\t\t<\/div>\n\t\t<div class=\"elementor-element elementor-element-5a584676 e-flex e-con-boxed e-con e-parent\" data-id=\"5a584676\" data-element_type=\"container\" data-e-type=\"container\">\n\t\t\t\t\t<div class=\"e-con-inner\">\n\t\t\t\t<div class=\"elementor-element elementor-element-6d0757bf elementor-widget elementor-widget-heading\" data-id=\"6d0757bf\" data-element_type=\"widget\" data-e-type=\"widget\" data-widget_type=\"heading.default\">\n\t\t\t\t\t<h2 class=\"elementor-heading-title elementor-size-default\">Dirae, hli\u00f0st\u00e6\u00f0ur \u00ed \u00f6\u00f0rum menningarheimum<\/h2>\t\t\t\t<\/div>\n\t\t<div class=\"elementor-element elementor-element-60563f68 e-con-full e-flex e-con e-child\" data-id=\"60563f68\" data-element_type=\"container\" data-e-type=\"container\">\n\t\t\t\t<div class=\"elementor-element elementor-element-5a93fdd6 elementor-widget elementor-widget-text-editor\" data-id=\"5a93fdd6\" data-element_type=\"widget\" data-e-type=\"widget\" data-widget_type=\"text-editor.default\">\n\t\t\t\t\t\t\t\t\t<p><strong>Grikkland:<\/strong> Erin\u00fdjurnar eru hin beina fyrirmynd. Uppbygging, n\u00f6fn og hlutverk eru fengin a\u00f0 l\u00e1ni, me\u00f0 r\u00f3mverskum \u00e1herslum (sterkari v\u00edg- og \u00f6rlagav\u00eddd hj\u00e1 Virgli).<\/p><p><strong>Mes\u00f3p\u00f3tam\u00eda:<\/strong> Gallu-verurnar \u00ed undirheimunum framkv\u00e6ma einnig d\u00f3m \u00e6\u00f0ra valds. \u00d3l\u00edkt Dirae eru \u00fe\u00e6r \u00fe\u00f3 sendibo\u00f0ar dau\u00f0ans \u00e1n si\u00f0fer\u00f0islegrar \u00e1herslu.<\/p><p><strong>Kristnileg t\u00falkun:<\/strong> \u00cd rith\u00f6fundum kirkjufe\u00f0ranna eru Dirae oft endurt\u00falka\u00f0ar sem dj\u00f6flar. \u00cd listaverkum mi\u00f0alda birtast myndeinkenni \u00feeirra (sl\u00f6ngur, kyndlar) hj\u00e1 helv\u00edtisverum, lei\u00f0in fr\u00e1 fornri hefndargy\u00f0ju til kristins dj\u00f6fuls.<\/p>\t\t\t\t\t\t\t\t<\/div>\n\t\t\t\t<\/div>\n\t\t\t\t\t<\/div>\n\t\t\t\t<\/div>\n\t\t<div class=\"elementor-element elementor-element-cp928f8be e-flex e-con-boxed e-con e-parent\" data-id=\"cp928f8be\" data-element_type=\"container\" data-e-type=\"container\">\n\t\t\t\t\t<div class=\"e-con-inner\">\n\t\t\t\t<div class=\"elementor-element elementor-element-cp258362f elementor-widget elementor-widget-heading\" data-id=\"cp258362f\" data-element_type=\"widget\" data-e-type=\"widget\" data-widget_type=\"heading.default\">\n\t\t\t\t\t<h2 class=\"elementor-heading-title elementor-size-default\">Dirae milli b\u00f6lvunar og hefndargy\u00f0ju<\/h2>\t\t\t\t<\/div>\n\t\t<div class=\"elementor-element elementor-element-cp36b3392 e-con-full e-flex e-con e-child\" data-id=\"cp36b3392\" data-element_type=\"container\" data-e-type=\"container\">\n\t\t\t\t<div class=\"elementor-element elementor-element-cp1699b42 elementor-widget elementor-widget-text-editor\" data-id=\"cp1699b42\" data-element_type=\"widget\" data-e-type=\"widget\" data-widget_type=\"text-editor.default\">\n\t\t\t\t\t\t\t\t\t<p>Latneska hugtaki\u00f0 <em>dirae<\/em> er margr\u00e6tt, og einmitt \u00feessi margr\u00e6\u00f0ni skiptir m\u00e1li fyrir skilning \u00e1 fyrirb\u00e6rinu. Or\u00f0i\u00f0 er dregi\u00f0 af l\u00fdsingaror\u00f0inu <em>dirus<\/em>, sem merkir \u201e\u00f3g\u00e6fusamur\u201c, \u201ehr\u00e6\u00f0ilegur\u201c, \u201eska\u00f0v\u00e6nlegur\u201c.<\/p><p>Sem nafnor\u00f0 \u00ed fleirt\u00f6lu, <em>dirae<\/em>, v\u00edsar \u00fea\u00f0 fyrst og fremst til fram borinna b\u00f6lb\u00e6na, \u00fea\u00f0 er a\u00f0 segja sj\u00e1lfra form\u00falanna sem b\u00f6lvun og form\u00e6lingar eru or\u00f0a\u00f0ar me\u00f0. \u00cd annarri merkingu stendur \u00fea\u00f0 fyrir pers\u00f3nugerv\u00f0ar m\u00e1ttarv\u00f6ld sem framfylgja sl\u00edkum b\u00f6lvunum.<\/p><p>\u00deessi seinni merking veldur sk\u00f6run vi\u00f0 gr\u00edsku erin\u00fdurnar, hefndargy\u00f0jurnar, sem \u00ed r\u00f3mverskri hugsun voru oft samsama\u00f0ar <em>Dirae<\/em> e\u00f0a <em>Furiae<\/em>.<\/p><p>R\u00f3mversk hugmyndaheimur hefur h\u00e9r ekki m\u00f3ta\u00f0 sk\u00fdrt afmarka\u00f0a, sj\u00e1lfst\u00e6\u00f0a <span class=\"iwg-fachbegriff\" data-tooltip=\"Vera sem d\u00fdrku\u00f0 er sem gu\u00f0leg innan tr\u00faarbrag\u00f0a.\" tabindex=\"0\">go\u00f0veru<\/span> me\u00f0 fasta \u00e6vis\u00f6gu, heldur flj\u00f3tandi h\u00f3p refsim\u00e1ttarvalda \u00fear sem \u00fatl\u00ednurnar breytast eftir h\u00f6fundi og samhengi. Sumir textar tala um tv\u00e6r e\u00f0a \u00ferj\u00e1r <em>Dirae<\/em>, a\u00f0rir l\u00e1ta fj\u00f6ldann standa opinn.<\/p><p>Fyrir fr\u00e6\u00f0imenn er \u00feetta d\u00e6migert tilvik \u00far r\u00f3mverskum tr\u00faarbr\u00f6g\u00f0um, \u00fear sem \u00f3hlutbundin hugt\u00f6k og gu\u00f0leg m\u00e1ttarv\u00f6ld eru oft ekki sk\u00fdrt a\u00f0greind. <span class=\"iwg-fachbegriff\" data-tooltip=\"M\u00e1lform\u00fala sem \u00e6tla\u00f0 er a\u00f0 valda pers\u00f3nu e\u00f0a hlut \u00f3g\u00e6fu.\" tabindex=\"0\">B\u00f6lvunin<\/span> sj\u00e1lf og m\u00e1tturinn sem framkv\u00e6mir hana geta bori\u00f0 sama nafn.<\/p><p><em>Dirae<\/em> eru \u00feannig s\u00ed\u00f0ur vera \u00ed \u00ferengri merkingu en hugmynd sem sv\u00edfur milli m\u00e1lathafnar og gu\u00f0legrar pers\u00f3nu. S\u00e1 sem vill skilja \u00fe\u00e6r ver\u00f0ur a\u00f0 vi\u00f0urkenna \u00feessa \u00f3sk\u00fdrleika sem raunverulegt einkenni \u00feeirra, \u00ed sta\u00f0 \u00feess a\u00f0 reyna a\u00f0 gefa \u00feeim skerpu sem heimildirnar bj\u00f3\u00f0a ekki upp \u00e1.<\/p>\t\t\t\t\t\t\t\t<\/div>\n\t\t\t\t<\/div>\n\t\t\t\t\t<\/div>\n\t\t\t\t<\/div>\n\t\t<div class=\"elementor-element elementor-element-cp92f1dec e-flex e-con-boxed e-con e-parent\" data-id=\"cp92f1dec\" data-element_type=\"container\" data-e-type=\"container\">\n\t\t\t\t\t<div class=\"e-con-inner\">\n\t\t\t\t<div class=\"elementor-element elementor-element-cpe0e59f8 elementor-widget elementor-widget-heading\" data-id=\"cpe0e59f8\" data-element_type=\"widget\" data-e-type=\"widget\" data-widget_type=\"heading.default\">\n\t\t\t\t\t<h2 class=\"elementor-heading-title elementor-size-default\">Dirae \u00ed Eneasarkvi\u00f0u Virgils<\/h2>\t\t\t\t<\/div>\n\t\t<div class=\"elementor-element elementor-element-cpce11a1f e-con-full e-flex e-con e-child\" data-id=\"cpce11a1f\" data-element_type=\"container\" data-e-type=\"container\">\n\t\t\t\t<div class=\"elementor-element elementor-element-cp78bd399 elementor-widget elementor-widget-text-editor\" data-id=\"cp78bd399\" data-element_type=\"widget\" data-e-type=\"widget\" data-widget_type=\"text-editor.default\">\n\t\t\t\t\t\t\t\t\t<p>Mikilv\u00e6gasta b\u00f3kmenntalega \u00fatf\u00e6rslan \u00e1 <em>Dirae<\/em> finnst \u00ed <em>Eneasarkvi\u00f0u<\/em> (Aeneis) Virgils, r\u00f3mverska \u00fej\u00f3\u00f0arkv\u00e6\u00f0inu fr\u00e1 lokum fyrstu aldar fyrir Krist. \u00cd t\u00f3lftu og s\u00ed\u00f0ustu b\u00f3kinni, stutt fyrir \u00farslitaorrustuna milli Eneasar og Turnusar, s\u00e6kir Virgill \u00ed \u00feessar verur til a\u00f0 setja \u00e1 svi\u00f0 afdrifar\u00edkt vendipunkt.<\/p><p>Virgill l\u00fdsir \u00fev\u00ed a\u00f0 J\u00fap\u00edter halda tv\u00e6r <em>Dirae<\/em> hj\u00e1 h\u00e1s\u00e6ti s\u00ednu, f\u00e6ddar af N\u00f3ttinni. \u00de\u00e6r eru verkf\u00e6ri hans sem hann sendir \u00fat \u00feegar hann vill lei\u00f0a skelfingu, sj\u00fakd\u00f3ma e\u00f0a str\u00ed\u00f0 yfir mennina. \u00c1 afdrifar\u00edkri stundu sendir J\u00fap\u00edter eina \u00feessara <em>Dirae<\/em> ni\u00f0ur.<\/p><p>H\u00fan tekur \u00e1 sig mynd l\u00edtils fugls, uglu, og fl\u00f6ktir fyrir andlit Turnusar. Turnus skynjar hi\u00f0 illa fyrirbo\u00f0, kraftur hans dv\u00ednar, kaldur skj\u00e1lfti fer um hann. <em>Dira<\/em>-veran veldur \u00feannig ekki l\u00edkamlegri \u00e1r\u00e1s heldur innri l\u00f6mun sem gerir Turnusi \u00f3m\u00f6gulegt a\u00f0 vinna sigur.<\/p><p>\u00deessi sena er tr\u00faars\u00f6guleg mikilv\u00e6g \u00fev\u00ed h\u00fan s\u00fdnir hvernig Virgill skilur <em>Dirae<\/em>: sem framkv\u00e6mdara\u00f0ila gu\u00f0legs vilja, sendibo\u00f0a \u00f6rlaganna, sem f\u00e6ra \u00fea\u00f0 sem forl\u00f6gin hafa \u00e1kve\u00f0i\u00f0 yfir \u00ed raunveruleikann me\u00f0 skelfingu og fyrirbo\u00f0um. \u00de\u00e6r eru ekki sj\u00e1lfst\u00e6\u00f0ar gu\u00f0veru heldur verkf\u00e6ri J\u00fap\u00edters.<\/p><p>Samt\u00edmis tengir Virgill \u00fe\u00e6r ugluna, d\u00fdr sem \u00ed r\u00f3mverskri fyrirbo\u00f0at\u00falkun \u00fe\u00f3tti bo\u00f0a \u00f3g\u00e6fu. Fr\u00e6\u00f0imenn hafa s\u00e9\u00f0 \u00ed \u00feessum kafla v\u00edsvitandi b\u00f3kmenntalega a\u00f0fer\u00f0: Virgill gefur \u00f3hlutbundnum m\u00e6tti \u00e1\u00fereifanlega, skynjanlega mynd \u00e1n \u00feess a\u00f0 gera hann a\u00f0 fullskapa\u00f0ri pers\u00f3nu.<\/p>\t\t\t\t\t\t\t\t<\/div>\n\t\t\t\t<\/div>\n\t\t\t\t\t<\/div>\n\t\t\t\t<\/div>\n\t\t<div class=\"elementor-element elementor-element-cp79140b4 e-flex e-con-boxed e-con e-parent\" data-id=\"cp79140b4\" data-element_type=\"container\" data-e-type=\"container\">\n\t\t\t\t\t<div class=\"e-con-inner\">\n\t\t\t\t<div class=\"elementor-element elementor-element-cp15f513f elementor-widget elementor-widget-heading\" data-id=\"cp15f513f\" data-element_type=\"widget\" data-e-type=\"widget\" data-widget_type=\"heading.default\">\n\t\t\t\t\t<h2 class=\"elementor-heading-title elementor-size-default\">Tengsl vi\u00f0 Furiae og Erin\u00fdjur<\/h2>\t\t\t\t<\/div>\n\t\t<div class=\"elementor-element elementor-element-cpc7d7fcb e-con-full e-flex e-con e-child\" data-id=\"cpc7d7fcb\" data-element_type=\"container\" data-e-type=\"container\">\n\t\t\t\t<div class=\"elementor-element elementor-element-cpfb489f5 elementor-widget elementor-widget-text-editor\" data-id=\"cpfb489f5\" data-element_type=\"widget\" data-e-type=\"widget\" data-widget_type=\"text-editor.default\">\n\t\t\t\t\t\t\t\t\t<p>Sambandi\u00f0 milli <em>Dirae<\/em> og <em>Furiae<\/em> annars vegar og gr\u00edsku Erin\u00fdanna hins vegar er eitt af fl\u00f3knari spurningum r\u00f3mverskrar tr\u00faars\u00f6gu. \u00d6ll \u00ferj\u00fa hugt\u00f6kin v\u00edsa til m\u00e1ttarvalda sem tengjast <span class=\"iwg-fachbegriff\" data-tooltip=\"M\u00e1lform\u00fala sem \u00e6tla\u00f0 er a\u00f0 valda \u00f3l\u00e1ni fyrir pers\u00f3nu e\u00f0a hlut.\" tabindex=\"0\">b\u00f6lvun<\/span>, hefnd og hegningu, og fornir h\u00f6fundar fjalla um \u00feau \u00e1 \u00f3l\u00edkan h\u00e1tt. Sums sta\u00f0ar eru \u00feau l\u00f6g\u00f0 a\u00f0 j\u00f6fnu, sums sta\u00f0ar a\u00f0greind og sums sta\u00f0ar sett hli\u00f0 vi\u00f0 hli\u00f0.<\/p><p>\u00cd grunninn m\u00e1 segja a\u00f0 <em>Furiae<\/em> s\u00e9u latneska samsv\u00f6run gr\u00edsku <a href=\"https:\/\/iwell-guard.com\/is\/?page_id=168600\">Erin\u00fdanna<\/a>, \u00feeirra hefndaranda sem s\u00e9rstaklega elta uppi gl\u00e6pi innan fj\u00f6lskyldunnar, svo sem mor\u00f0 \u00e1 \u00e6ttingjum.<\/p><p><em>Dirae<\/em> eru aftur \u00e1 m\u00f3ti upphaflega n\u00e1nar tengdar hinni \u00fat\u00f6lu\u00f0u <span class=\"iwg-fachbegriff\" data-tooltip=\"M\u00e1lform\u00fala sem \u00e6tla\u00f0 er a\u00f0 valda \u00f3l\u00e1ni fyrir pers\u00f3nu e\u00f0a hlut.\" tabindex=\"0\">b\u00f6lvun<\/span> og hlutverki hr\u00e6\u00f0slubo\u00f0andi sendibo\u00f0a. \u00cd reynd sk\u00e1lda renna \u00feessi skil saman. Virgill sj\u00e1lfur notar hugt\u00f6kin ekki me\u00f0 str\u00f6ngum a\u00f0skilna\u00f0i, og s\u00ed\u00f0ari h\u00f6fundar taka \u00f3sk\u00fdrleikann upp.<\/p><p>Fr\u00e6\u00f0imenn t\u00falka \u00feetta sem birtingarmynd almenns einkennis r\u00f3mverskrar tr\u00faarbrag\u00f0a. Me\u00f0an gr\u00edska <span class=\"iwg-fachbegriff\" data-tooltip=\"Heildarsafn arfleiddra go\u00f0sagna um gu\u00f0i \u00ed \u00e1kve\u00f0inni menningu.\" tabindex=\"0\">go\u00f0afr\u00e6\u00f0in<\/span> gaf hegningargy\u00f0jum s\u00ednum \u00fatf\u00e6r\u00f0ar \u00e6ttart\u00f6lur og go\u00f0sagnir, voru samsvarandi r\u00f3mverskir m\u00e1ttarv\u00f6ld frekar bundnir hlutverki s\u00ednu og hugtakinu. A\u00f0eins me\u00f0 snertingu vi\u00f0 gr\u00edska b\u00f3kmennt og sk\u00e1ldlega \u00fatf\u00e6rslu fengu \u00feeir skarpari dr\u00e6tti.<\/p><p><em>Dirae<\/em> eru \u00feannig gott d\u00e6mi um samspil r\u00f3mverskrar og gr\u00edskrar hugmyndaveraldar: latneskt hugtak sem undir gr\u00edskum \u00e1hrifum f\u00e9kk \u00ed vaxandi m\u00e6li einkenni hefndargy\u00f0ja, \u00e1n \u00feess a\u00f0 upphaflega merkingin sem form\u00fala b\u00f6lvunar hafi nokkru sinni horfi\u00f0 a\u00f0 fullu. \u00deessi tv\u00f6falda n\u00e1tt\u00fara gerir heimildast\u00f6\u00f0una vandasama og krefst n\u00e1kv\u00e6mrar athugunar \u00e1 samhengi hvers sta\u00f0ar.<\/p>\t\t\t\t\t\t\t\t<\/div>\n\t\t\t\t<\/div>\n\t\t\t\t\t<\/div>\n\t\t\t\t<\/div>\n\t\t<div class=\"elementor-element elementor-element-36dd7469 e-flex e-con-boxed e-con e-parent\" data-id=\"36dd7469\" data-element_type=\"container\" data-e-type=\"container\">\n\t\t\t\t\t<div class=\"e-con-inner\">\n\t\t\t\t<div class=\"elementor-element elementor-element-13760ab4 elementor-widget elementor-widget-heading\" data-id=\"13760ab4\" data-element_type=\"widget\" data-e-type=\"widget\" data-widget_type=\"heading.default\">\n\t\t\t\t\t<h2 class=\"elementor-heading-title elementor-size-default\">\u00cdtarefni og tenglar<\/h2>\t\t\t\t<\/div>\n\t\t<div class=\"elementor-element elementor-element-28c87796 e-con-full e-flex e-con e-child\" data-id=\"28c87796\" data-element_type=\"container\" data-e-type=\"container\">\n\t\t\t\t<div class=\"elementor-element elementor-element-5d6538df elementor-widget elementor-widget-text-editor\" data-id=\"5d6538df\" data-element_type=\"widget\" data-e-type=\"widget\" data-widget_type=\"text-editor.default\">\n\t\t\t\t\t\t\t\t\t<p>R\u00e1\u00f0lag\u00f0ir innri tenglar:<\/p><ul><li><a href=\"https:\/\/iwell-guard.com\/is\/?page_id=168595\">R\u00f3m<\/a><\/li><li><a href=\"https:\/\/iwell-guard.com\/is\/?page_id=168600\">Erin\u00fdur<\/a> (gr\u00edsk fyrirmynd)<\/li><li><a href=\"https:\/\/iwell-guard.com\/is\/?page_id=168587\">Gallu<\/a> (mes\u00f3p\u00f3tam\u00edsk hli\u00f0st\u00e6\u00f0a)<\/li><li><a href=\"https:\/\/iwell-guard.com\/is\/?page_id=168599\">Keres<\/a> (<span class=\"iwg-fachbegriff\" data-tooltip=\"Endurteki\u00f0 innihaldsatri\u00f0i \u00ed list e\u00f0a fr\u00e1s\u00f6gn.\" tabindex=\"0\">stef<\/span> v\u00edgvallar)<\/li><li>R\u00f3mverskar b\u00f6lvanart\u00f6flur (defixiones)<\/li><\/ul>\t\t\t\t\t\t\t\t<\/div>\n\t\t\t\t<\/div>\n\t\t\t\t\t<\/div>\n\t\t\t\t<\/div>\n\t\t<div class=\"elementor-element elementor-element-grl4kl40 e-flex e-con-boxed e-con e-parent\" data-id=\"grl4kl40\" data-element_type=\"container\" data-e-type=\"container\">\n\t\t\t\t\t<div class=\"e-con-inner\">\n\t\t\t\t<div class=\"elementor-element elementor-element-bzsbfrmh elementor-widget elementor-widget-heading\" data-id=\"bzsbfrmh\" data-element_type=\"widget\" data-e-type=\"widget\" data-widget_type=\"heading.default\">\n\t\t\t\t\t<h2 class=\"elementor-heading-title elementor-size-default\">Heimildir og fr\u00e6\u00f0irit<\/h2>\t\t\t\t<\/div>\n\t\t<div class=\"elementor-element elementor-element-2c13224a e-con-full e-flex e-con e-child\" data-id=\"2c13224a\" data-element_type=\"container\" data-e-type=\"container\">\n\t\t\t\t<div class=\"elementor-element elementor-element-0eymh9ub elementor-widget elementor-widget-text-editor\" data-id=\"0eymh9ub\" data-element_type=\"widget\" data-e-type=\"widget\" data-widget_type=\"text-editor.default\">\n\t\t\t\t\t\t\t\t\t<footer class=\"iwg-literatur\"><p>\u00darval helstu rita um Dirae\/Furiae:<\/p><ul><li><span data-nosnippet>Feeney, Denis: <em>The Gods in Epic. Poets and Critics of the Classical Tradition<\/em>. Oxford 1991.<\/span><\/li><li><span data-nosnippet>Hershkowitz, Debra: <em>The Madness of Epic. Reading Insanity from Homer to Statius<\/em>. Oxford 1998.<\/span><\/li><li><span data-nosnippet>Thomas, Richard F.: <em>Reading Virgil and His Texts<\/em>. Ann Arbor 1999.<\/span><\/li><li><span data-nosnippet>Boyle, A. J.: <em>Roman Tragedy<\/em>. London 2006.<\/span><\/li><\/ul><div data-nosnippet=\"true\" class=\"iwg-litliste\"><p><strong>Grunnrit (R\u00f3m):<\/strong><\/p><ul><li><span data-nosnippet><strong>Walde, Christine (Hg.)<\/strong>: <em><span class=\"iwg-fachbegriff\" data-tooltip=\"T\u00edmabil gr\u00edskrar og r\u00f3mverskrar menningar, um 800 f.Kr. til 600 e.Kr.\" tabindex=\"0\">Forn\u00f6ld<\/span> <span class=\"iwg-fachbegriff\" data-tooltip=\"Heildarsafn arfleiddra go\u00f0sagna um gu\u00f0i \u00ed \u00e1kve\u00f0inni menningu.\" tabindex=\"0\">go\u00f0afr\u00e6\u00f0i<\/span>. Pers\u00f3nur, \u00feemu, stef. Stuttgart 2008.<\/em><\/span><\/li><\/ul><\/div><\/footer>\n<p class=\"iwg-bib-more\"><span data-nosnippet>Fleiri grunnrit \u00ed <a href=\"https:\/\/iwell-guard.com\/is\/?page_id=168730\">heimildaskr\u00e1nni<\/a>.<\/span><\/p>\t\t\t\t\t\t\t\t<\/div>\n\t\t\t\t<\/div>\n\t\t\t\t\t<\/div>\n\t\t\t\t<\/div>\n\t\t<div class=\"elementor-element elementor-element-iwgca-dirae-sec e-flex e-con-boxed e-con e-parent\" data-id=\"iwgca-dirae-sec\" data-element_type=\"container\" data-e-type=\"container\" id=\"iwg-ca-dirae\">\n\t\t\t\t\t<div class=\"e-con-inner\">\n\t\t\t\t<div class=\"elementor-element elementor-element-iwgca-dirae-te iwg-ca-textwrap elementor-widget elementor-widget-text-editor\" data-id=\"iwgca-dirae-te\" data-element_type=\"widget\" data-e-type=\"widget\" data-widget_type=\"text-editor.default\">\n\t\t\t\t\t\t\t\t\t<div data-nosnippet=\"true\"><p class=\"iwg-ca-bridge\">Verndarhef\u00f0in sem h\u00e9r er l\u00fdst er tr\u00faars\u00f6gulegt yfirlit yfir s\u00f6guleg fyrirb\u00e6ri. iWell Guard tengist \u00feessari menningars\u00f6gulegu hef\u00f0 verndargripa sem bornir eru \u00e1 l\u00edkamanum og er samt\u00edma\u00fatg\u00e1fa af henni. <a href=\"\/ueber-iwell-guard\/?utm_source=iwell-guard.com&#038;utm_medium=text-link&#038;utm_campaign=schadwesen-tradition\">Meira um iWell Guard \u2192<\/a><\/p><\/div>\t\t\t\t\t\t\t\t<\/div>\n\t\t\t\t\t<\/div>\n\t\t\t\t<\/div>\n\t\t\t\t<\/div>\n\t\t","protected":false},"excerpt":{"rendered":"","protected":false},"author":3,"featured_media":1694,"parent":0,"menu_order":0,"comment_status":"closed","ping_status":"closed","template":"elementor_header_footer","meta":{"_yoast_wpseo_focuskw":"Dirae","_yoast_wpseo_title":"Dirae \u2013 r\u00f3mverskar hefndargy\u00f0jur","_yoast_wpseo_metadesc":"Dirae, oft nefndar Furiae, eru r\u00f3mversk hli\u00f0st\u00e6\u00f0a gr\u00edsku Erinyanna. \u00de\u00e6r elta uppi bl\u00f3\u00f0s\u00f6k og fulln\u00e6gja hefnd gu\u00f0anna.","_yoast_wpseo_meta-robots-noindex":"","_yoast_wpseo_canonical":"","_angie_page":false,"gefaehrdungsstufe":"3","wesen_kultur":"rom","wesen_klasse":"geister","footnotes":""},"categories":[],"class_list":["post-168605","page","type-page","status-publish","has-post-thumbnail","hentry"],"yoast_head":"<!-- This site is optimized with the Yoast SEO Premium plugin v27.7 (Yoast SEO v28.3) - https:\/\/yoast.com\/product\/yoast-seo-premium-wordpress\/ -->\n<title>Dirae \u2013 r\u00f3mverskar hefndargy\u00f0jur<\/title>\n<meta name=\"description\" content=\"Dirae, oft nefndar Furiae, eru r\u00f3mversk hli\u00f0st\u00e6\u00f0a gr\u00edsku Erinyanna. \u00de\u00e6r elta uppi bl\u00f3\u00f0s\u00f6k og fulln\u00e6gja hefnd gu\u00f0anna.\" \/>\n<meta name=\"robots\" content=\"index, follow, max-snippet:-1, max-image-preview:large, max-video-preview:-1\" \/>\n<link rel=\"canonical\" href=\"https:\/\/iwell-guard.com\/is\/dirae\/\" \/>\n<meta property=\"og:locale\" content=\"is_IS\" \/>\n<meta property=\"og:type\" content=\"article\" \/>\n<meta property=\"og:title\" content=\"Dirae\" \/>\n<meta property=\"og:description\" content=\"Dirae, oft nefndar Furiae, eru r\u00f3mversk hli\u00f0st\u00e6\u00f0a gr\u00edsku Erinyanna. \u00de\u00e6r elta uppi bl\u00f3\u00f0s\u00f6k og fulln\u00e6gja hefnd gu\u00f0anna.\" \/>\n<meta property=\"og:url\" content=\"https:\/\/iwell-guard.com\/is\/dirae\/\" \/>\n<meta property=\"og:site_name\" content=\"iWell Guard\" \/>\n<meta property=\"article:modified_time\" content=\"2026-09-05T14:14:46+00:00\" \/>\n<meta property=\"og:image\" content=\"https:\/\/iwell-guard.com\/wp-content\/uploads\/2026\/04\/geister_rom_dirae.webp\" \/>\n\t<meta property=\"og:image:width\" content=\"1024\" \/>\n\t<meta property=\"og:image:height\" content=\"1536\" \/>\n\t<meta property=\"og:image:type\" content=\"image\/webp\" \/>\n<meta name=\"twitter:card\" content=\"summary_large_image\" \/>\n<script type=\"application\/ld+json\" class=\"yoast-schema-graph\">{\"@context\":\"https:\\\/\\\/schema.org\",\"@graph\":[{\"@type\":\"WebPage\",\"@id\":\"https:\\\/\\\/iwell-guard.com\\\/is\\\/dirae\\\/\",\"url\":\"https:\\\/\\\/iwell-guard.com\\\/is\\\/dirae\\\/\",\"name\":\"Dirae \u2013 r\u00f3mverskar hefndargy\u00f0jur\",\"isPartOf\":{\"@id\":\"https:\\\/\\\/iwell-guard.com\\\/is\\\/#website\"},\"primaryImageOfPage\":{\"@id\":\"https:\\\/\\\/iwell-guard.com\\\/is\\\/dirae\\\/#primaryimage\"},\"image\":{\"@id\":\"https:\\\/\\\/iwell-guard.com\\\/is\\\/dirae\\\/#primaryimage\"},\"thumbnailUrl\":\"https:\\\/\\\/iwell-guard.com\\\/wp-content\\\/uploads\\\/2026\\\/04\\\/geister_rom_dirae.webp\",\"datePublished\":\"2026-09-05T14:01:30+00:00\",\"dateModified\":\"2026-09-05T14:14:46+00:00\",\"description\":\"Dirae, oft nefndar Furiae, eru r\u00f3mversk hli\u00f0st\u00e6\u00f0a gr\u00edsku Erinyanna. \u00de\u00e6r elta uppi bl\u00f3\u00f0s\u00f6k og fulln\u00e6gja hefnd gu\u00f0anna.\",\"breadcrumb\":{\"@id\":\"https:\\\/\\\/iwell-guard.com\\\/is\\\/dirae\\\/#breadcrumb\"},\"inLanguage\":\"is\",\"potentialAction\":[{\"@type\":\"ReadAction\",\"target\":[\"https:\\\/\\\/iwell-guard.com\\\/is\\\/dirae\\\/\"]}]},{\"@type\":\"ImageObject\",\"inLanguage\":\"is\",\"@id\":\"https:\\\/\\\/iwell-guard.com\\\/is\\\/dirae\\\/#primaryimage\",\"url\":\"https:\\\/\\\/iwell-guard.com\\\/wp-content\\\/uploads\\\/2026\\\/04\\\/geister_rom_dirae.webp\",\"contentUrl\":\"https:\\\/\\\/iwell-guard.com\\\/wp-content\\\/uploads\\\/2026\\\/04\\\/geister_rom_dirae.webp\",\"width\":1024,\"height\":1536,\"caption\":\"Andar \u00far r\u00f3mverskri hef\u00f0.\"},{\"@type\":\"BreadcrumbList\",\"@id\":\"https:\\\/\\\/iwell-guard.com\\\/is\\\/dirae\\\/#breadcrumb\",\"itemListElement\":[{\"@type\":\"ListItem\",\"position\":1,\"name\":\"Start\",\"item\":\"https:\\\/\\\/iwell-guard.com\\\/is\\\/?page_id=168580\"},{\"@type\":\"ListItem\",\"position\":2,\"name\":\"Dirae\"}]},{\"@type\":\"WebSite\",\"@id\":\"https:\\\/\\\/iwell-guard.com\\\/is\\\/#website\",\"url\":\"https:\\\/\\\/iwell-guard.com\\\/is\\\/\",\"name\":\"iWell Guard\",\"description\":\"Schutz vor dunklen Einfl\u00fcssen\",\"publisher\":{\"@id\":\"https:\\\/\\\/iwell-guard.com\\\/is\\\/#organization\"},\"potentialAction\":[{\"@type\":\"SearchAction\",\"target\":{\"@type\":\"EntryPoint\",\"urlTemplate\":\"https:\\\/\\\/iwell-guard.com\\\/is\\\/?s={search_term_string}\"},\"query-input\":{\"@type\":\"PropertyValueSpecification\",\"valueRequired\":true,\"valueName\":\"search_term_string\"}}],\"inLanguage\":\"is\"},{\"@type\":\"Organization\",\"@id\":\"https:\\\/\\\/iwell-guard.com\\\/is\\\/#organization\",\"name\":\"Ittermann electronic GmbH\",\"url\":\"https:\\\/\\\/iwell-guard.com\\\/is\\\/\",\"logo\":{\"@type\":\"ImageObject\",\"inLanguage\":\"is\",\"@id\":\"https:\\\/\\\/iwell-guard.com\\\/is\\\/#\\\/schema\\\/logo\\\/image\\\/\",\"url\":\"https:\\\/\\\/iwell-guard.com\\\/wp-content\\\/uploads\\\/2026\\\/05\\\/Ittermann-Logo-1182x237-1.png\",\"contentUrl\":\"https:\\\/\\\/iwell-guard.com\\\/wp-content\\\/uploads\\\/2026\\\/05\\\/Ittermann-Logo-1182x237-1.png\",\"width\":1182,\"height\":237,\"caption\":\"Ittermann electronic GmbH\"},\"image\":{\"@id\":\"https:\\\/\\\/iwell-guard.com\\\/is\\\/#\\\/schema\\\/logo\\\/image\\\/\"},\"sameAs\":[\"https:\\\/\\\/pantip.com\\\/profile\\\/9367242\",\"https:\\\/\\\/micro.blog\\\/iwellguard\",\"https:\\\/\\\/www.diggerslist.com\\\/iwellguard\\\/about\",\"https:\\\/\\\/skitterphoto.com\\\/photographers\\\/2870314\\\/iwell-guard\",\"https:\\\/\\\/iwellguard.wordpress.com\\\/2026\\\/06\\\/06\\\/iwell-guard\\\/\",\"https:\\\/\\\/hub.docker.com\\\/u\\\/iwellguard\",\"https:\\\/\\\/www.pinterest.com\\\/iwellguard\\\/\",\"https:\\\/\\\/bit.ly\\\/m\\\/iwellguard\",\"https:\\\/\\\/entre-vos-mains.alsace.eu\\\/profiles\\\/iwellguard\\\/activity\",\"https:\\\/\\\/gravatar.com\\\/reallybeded8fd34\",\"https:\\\/\\\/naijamatta.com\\\/iwellguard\",\"https:\\\/\\\/www.goodreads.com\\\/iwellguard\",\"https:\\\/\\\/profile.hatena.ne.jp\\\/iwellguard\\\/\",\"https:\\\/\\\/experiment.com\\\/users\\\/iwellguard\",\"https:\\\/\\\/wakelet.com\\\/@iWellGuard82270\",\"https:\\\/\\\/www.chordie.com\\\/forum\\\/profile.php?id=2555664\",\"https:\\\/\\\/www.instapaper.com\\\/p\\\/17757966\",\"https:\\\/\\\/www.mapleprimes.com\\\/users\\\/iwellguard\",\"https:\\\/\\\/businesslistingplus.com\\\/profile\\\/iwell-guard\\\/\",\"https:\\\/\\\/telegra.ph\\\/iWell-Guard-06-06\",\"https:\\\/\\\/pbase.com\\\/iwellguard\\\/iwellguard\",\"https:\\\/\\\/b.hatena.ne.jp\\\/iwellguard\\\/20260607#bookmark-4788405196491818882\",\"https:\\\/\\\/fliphtml5.com\\\/home\\\/iwellguard\",\"https:\\\/\\\/anyflip.com\\\/homepage\\\/cmiwl#About\",\"https:\\\/\\\/transfur.com\\\/Users\\\/iwellguard\",\"http:\\\/\\\/delphi.larsbo.org\\\/user\\\/iwellguard\",\"https:\\\/\\\/jobs.lajobsportal.org\\\/profiles\\\/8380803-iwell-guard\",\"https:\\\/\\\/md.chaosdorf.de\\\/s\\\/jfbe5SBdJD\",\"https:\\\/\\\/www.lingvolive.com\\\/en-us\\\/profile\\\/9ecaeaca-ce11-4e51-9e71-01d55e2bff36\\\/translations\",\"https:\\\/\\\/www.fitday.com\\\/fitness\\\/forums\\\/members\\\/iwellguard.html\",\"https:\\\/\\\/www.mymeetbook.com\\\/iwellguard\",\"https:\\\/\\\/pxhere.com\\\/en\\\/photographer-me\\\/5040798\",\"https:\\\/\\\/disqus.com\\\/by\\\/iwellguard\\\/about\\\/\",\"https:\\\/\\\/pastelink.net\\\/hjwciqwq\",\"https:\\\/\\\/pubhtml5.com\\\/homepage\\\/scjhn\\\/\",\"https:\\\/\\\/www.bitchute.com\\\/channel\\\/2O2eOKzNqujT\",\"https:\\\/\\\/audiomack.com\\\/iwellguard\"]},{\"@type\":\"Article\",\"@id\":\"https:\\\/\\\/iwell-guard.com\\\/is\\\/dirae\\\/#article\",\"isPartOf\":{\"@id\":\"https:\\\/\\\/iwell-guard.com\\\/is\\\/dirae\\\/\"},\"author\":{\"name\":\"Ralf Ittermann\",\"@id\":\"https:\\\/\\\/iwell-guard.com\\\/is\\\/#\\\/schema\\\/person\\\/ee2a27f1cac3406c7c6fb5820cb7349f\"},\"headline\":\"Dirae\",\"datePublished\":\"2026-09-05T14:01:30+00:00\",\"dateModified\":\"2026-09-05T14:14:46+00:00\",\"mainEntityOfPage\":{\"@id\":\"https:\\\/\\\/iwell-guard.com\\\/is\\\/dirae\\\/\"},\"publisher\":{\"@id\":\"https:\\\/\\\/iwell-guard.com\\\/is\\\/#organization\"},\"image\":{\"@id\":\"https:\\\/\\\/iwell-guard.com\\\/is\\\/dirae\\\/#primaryimage\"},\"thumbnailUrl\":\"https:\\\/\\\/iwell-guard.com\\\/wp-content\\\/uploads\\\/2026\\\/04\\\/geister_rom_dirae.webp\",\"inLanguage\":\"is\",\"description\":\"Dirae, oft nefndar Furiae, eru r\u00f3mversk hli\u00f0st\u00e6\u00f0a gr\u00edsku Erinyanna. \u00de\u00e6r elta uppi bl\u00f3\u00f0s\u00f6k og fulln\u00e6gja hefnd gu\u00f0anna.\"}]}<\/script>\n<!-- \/ Yoast SEO Premium plugin. -->","yoast_head_json":{"title":"Dirae \u2013 r\u00f3mverskar hefndargy\u00f0jur","description":"Dirae, oft nefndar Furiae, eru r\u00f3mversk hli\u00f0st\u00e6\u00f0a gr\u00edsku Erinyanna. \u00de\u00e6r elta uppi bl\u00f3\u00f0s\u00f6k og fulln\u00e6gja hefnd gu\u00f0anna.","robots":{"index":"index","follow":"follow","max-snippet":"max-snippet:-1","max-image-preview":"max-image-preview:large","max-video-preview":"max-video-preview:-1"},"canonical":"https:\/\/iwell-guard.com\/is\/dirae\/","og_locale":"is_IS","og_type":"article","og_title":"Dirae","og_description":"Dirae, oft nefndar Furiae, eru r\u00f3mversk hli\u00f0st\u00e6\u00f0a gr\u00edsku Erinyanna. \u00de\u00e6r elta uppi bl\u00f3\u00f0s\u00f6k og fulln\u00e6gja hefnd gu\u00f0anna.","og_url":"https:\/\/iwell-guard.com\/is\/dirae\/","og_site_name":"iWell Guard","article_modified_time":"2026-09-05T14:14:46+00:00","og_image":[{"width":1024,"height":1536,"url":"https:\/\/iwell-guard.com\/wp-content\/uploads\/2026\/04\/geister_rom_dirae.webp","type":"image\/webp"}],"twitter_card":"summary_large_image","schema":{"@context":"https:\/\/schema.org","@graph":[{"@type":"Article","@id":"https:\/\/iwell-guard.com\/is\/dirae\/#article","isPartOf":{"@id":"https:\/\/iwell-guard.com\/is\/dirae\/"},"author":{"name":"Ralf Ittermann","@id":"https:\/\/iwell-guard.com\/is\/#\/schema\/person\/ee2a27f1cac3406c7c6fb5820cb7349f"},"headline":"Dirae","datePublished":"2026-09-05T14:01:30+00:00","dateModified":"2026-09-05T14:14:46+00:00","mainEntityOfPage":{"@id":"https:\/\/iwell-guard.com\/is\/dirae\/"},"publisher":{"@id":"https:\/\/iwell-guard.com\/is\/#organization"},"image":{"@id":"https:\/\/iwell-guard.com\/is\/dirae\/#primaryimage"},"thumbnailUrl":"https:\/\/iwell-guard.com\/wp-content\/uploads\/2026\/04\/geister_rom_dirae.webp","inLanguage":"is","description":"Dirae, oft nefndar Furiae, eru r\u00f3mversk hli\u00f0st\u00e6\u00f0a gr\u00edsku Erinyanna. \u00de\u00e6r elta uppi bl\u00f3\u00f0s\u00f6k og fulln\u00e6gja hefnd gu\u00f0anna."},{"@type":"WebPage","@id":"https:\/\/iwell-guard.com\/is\/dirae\/","url":"https:\/\/iwell-guard.com\/is\/dirae\/","name":"Dirae \u2013 r\u00f3mverskar hefndargy\u00f0jur","isPartOf":{"@id":"https:\/\/iwell-guard.com\/is\/#website"},"primaryImageOfPage":{"@id":"https:\/\/iwell-guard.com\/is\/dirae\/#primaryimage"},"image":{"@id":"https:\/\/iwell-guard.com\/is\/dirae\/#primaryimage"},"thumbnailUrl":"https:\/\/iwell-guard.com\/wp-content\/uploads\/2026\/04\/geister_rom_dirae.webp","datePublished":"2026-09-05T14:01:30+00:00","dateModified":"2026-09-05T14:14:46+00:00","description":"Dirae, oft nefndar Furiae, eru r\u00f3mversk hli\u00f0st\u00e6\u00f0a gr\u00edsku Erinyanna. \u00de\u00e6r elta uppi bl\u00f3\u00f0s\u00f6k og fulln\u00e6gja hefnd gu\u00f0anna.","breadcrumb":{"@id":"https:\/\/iwell-guard.com\/is\/dirae\/#breadcrumb"},"inLanguage":"is","potentialAction":[{"@type":"ReadAction","target":["https:\/\/iwell-guard.com\/is\/dirae\/"]}]},{"@type":"ImageObject","inLanguage":"is","@id":"https:\/\/iwell-guard.com\/is\/dirae\/#primaryimage","url":"https:\/\/iwell-guard.com\/wp-content\/uploads\/2026\/04\/geister_rom_dirae.webp","contentUrl":"https:\/\/iwell-guard.com\/wp-content\/uploads\/2026\/04\/geister_rom_dirae.webp","width":1024,"height":1536,"caption":"Andar \u00far r\u00f3mverskri hef\u00f0."},{"@type":"BreadcrumbList","@id":"https:\/\/iwell-guard.com\/is\/dirae\/#breadcrumb","itemListElement":[{"@type":"ListItem","position":1,"name":"Start","item":"https:\/\/iwell-guard.com\/is\/?page_id=168580"},{"@type":"ListItem","position":2,"name":"Dirae"}]},{"@type":"WebSite","@id":"https:\/\/iwell-guard.com\/is\/#website","url":"https:\/\/iwell-guard.com\/is\/","name":"iWell Guard","description":"Schutz vor dunklen Einfl\u00fcssen","publisher":{"@id":"https:\/\/iwell-guard.com\/is\/#organization"},"potentialAction":[{"@type":"SearchAction","target":{"@type":"EntryPoint","urlTemplate":"https:\/\/iwell-guard.com\/is\/?s={search_term_string}"},"query-input":{"@type":"PropertyValueSpecification","valueRequired":true,"valueName":"search_term_string"}}],"inLanguage":"is"},{"@type":"Organization","@id":"https:\/\/iwell-guard.com\/is\/#organization","name":"Ittermann electronic GmbH","url":"https:\/\/iwell-guard.com\/is\/","logo":{"@type":"ImageObject","inLanguage":"is","@id":"https:\/\/iwell-guard.com\/is\/#\/schema\/logo\/image\/","url":"https:\/\/iwell-guard.com\/wp-content\/uploads\/2026\/05\/Ittermann-Logo-1182x237-1.png","contentUrl":"https:\/\/iwell-guard.com\/wp-content\/uploads\/2026\/05\/Ittermann-Logo-1182x237-1.png","width":1182,"height":237,"caption":"Ittermann electronic GmbH"},"image":{"@id":"https:\/\/iwell-guard.com\/is\/#\/schema\/logo\/image\/"},"sameAs":["https:\/\/pantip.com\/profile\/9367242","https:\/\/micro.blog\/iwellguard","https:\/\/www.diggerslist.com\/iwellguard\/about","https:\/\/skitterphoto.com\/photographers\/2870314\/iwell-guard","https:\/\/iwellguard.wordpress.com\/2026\/06\/06\/iwell-guard\/","https:\/\/hub.docker.com\/u\/iwellguard","https:\/\/www.pinterest.com\/iwellguard\/","https:\/\/bit.ly\/m\/iwellguard","https:\/\/entre-vos-mains.alsace.eu\/profiles\/iwellguard\/activity","https:\/\/gravatar.com\/reallybeded8fd34","https:\/\/naijamatta.com\/iwellguard","https:\/\/www.goodreads.com\/iwellguard","https:\/\/profile.hatena.ne.jp\/iwellguard\/","https:\/\/experiment.com\/users\/iwellguard","https:\/\/wakelet.com\/@iWellGuard82270","https:\/\/www.chordie.com\/forum\/profile.php?id=2555664","https:\/\/www.instapaper.com\/p\/17757966","https:\/\/www.mapleprimes.com\/users\/iwellguard","https:\/\/businesslistingplus.com\/profile\/iwell-guard\/","https:\/\/telegra.ph\/iWell-Guard-06-06","https:\/\/pbase.com\/iwellguard\/iwellguard","https:\/\/b.hatena.ne.jp\/iwellguard\/20260607#bookmark-4788405196491818882","https:\/\/fliphtml5.com\/home\/iwellguard","https:\/\/anyflip.com\/homepage\/cmiwl#About","https:\/\/transfur.com\/Users\/iwellguard","http:\/\/delphi.larsbo.org\/user\/iwellguard","https:\/\/jobs.lajobsportal.org\/profiles\/8380803-iwell-guard","https:\/\/md.chaosdorf.de\/s\/jfbe5SBdJD","https:\/\/www.lingvolive.com\/en-us\/profile\/9ecaeaca-ce11-4e51-9e71-01d55e2bff36\/translations","https:\/\/www.fitday.com\/fitness\/forums\/members\/iwellguard.html","https:\/\/www.mymeetbook.com\/iwellguard","https:\/\/pxhere.com\/en\/photographer-me\/5040798","https:\/\/disqus.com\/by\/iwellguard\/about\/","https:\/\/pastelink.net\/hjwciqwq","https:\/\/pubhtml5.com\/homepage\/scjhn\/","https:\/\/www.bitchute.com\/channel\/2O2eOKzNqujT","https:\/\/audiomack.com\/iwellguard"]},{"@type":"Person","@id":"https:\/\/iwell-guard.com\/is\/#\/schema\/person\/ee2a27f1cac3406c7c6fb5820cb7349f","name":"Ralf Ittermann","image":{"@type":"ImageObject","inLanguage":"is","@id":"https:\/\/secure.gravatar.com\/avatar\/073c0153e350a5005b68eb752b445fea71f6b24a26da9449ad7e155e6b446c9d?s=96&d=mm&r=g","url":"https:\/\/secure.gravatar.com\/avatar\/073c0153e350a5005b68eb752b445fea71f6b24a26da9449ad7e155e6b446c9d?s=96&d=mm&r=g","contentUrl":"https:\/\/secure.gravatar.com\/avatar\/073c0153e350a5005b68eb752b445fea71f6b24a26da9449ad7e155e6b446c9d?s=96&d=mm&r=g","caption":"Ralf Ittermann"},"givenName":"Ralf","familyName":"Ittermann","jobTitle":"Gesch\u00e4ftsf\u00fchrer und redaktioneller Verantwortlicher","url":"https:\/\/iwell-guard.com\/is\/author\/claude\/","description":"Ralf Ittermann ist Gesch\u00e4ftsf\u00fchrer der Ittermann electronic GmbH und redaktioneller Verantwortlicher des iWell-Guard-Lexikons. Er verbindet langj\u00e4hrige Erfahrung in der Pr\u00e4zisionsfertigung mit medialer Praxis und religionsgeschichtlicher Quellenarbeit.","worksFor":{"@type":"Organization","name":"Ittermann electronic GmbH","url":"https:\/\/ittermann.de\/","address":{"@type":"PostalAddress","streetAddress":"K\u00f6hlergasse 16-18","postalCode":"99842","addressLocality":"Ruhla","addressCountry":"DE"}},"knowsAbout":["Religionsgeschichte","Mythologie","Mediale Praxis","Energetische Diagnostik","Schutzpraxis","Volksglauben","Westliche Esoterik"]},{"@type":"Article","@id":"https:\/\/iwell-guard.com\/is\/dirae\/#article","isPartOf":{"@id":"https:\/\/iwell-guard.com\/is\/dirae\/"},"author":{"name":"Ralf Ittermann","@id":"https:\/\/iwell-guard.com\/is\/#\/schema\/person\/ee2a27f1cac3406c7c6fb5820cb7349f"},"headline":"Dirae","datePublished":"2026-09-05T14:01:30+00:00","dateModified":"2026-09-05T14:14:46+00:00","mainEntityOfPage":{"@id":"https:\/\/iwell-guard.com\/is\/dirae\/"},"publisher":{"@id":"https:\/\/iwell-guard.com\/is\/#organization"},"image":{"@id":"https:\/\/iwell-guard.com\/is\/dirae\/#primaryimage"},"thumbnailUrl":"https:\/\/iwell-guard.com\/wp-content\/uploads\/2026\/04\/geister_rom_dirae.webp","inLanguage":"is","description":"Dirae, oft nefndar Furiae, eru r\u00f3mversk hli\u00f0st\u00e6\u00f0a gr\u00edsku Erinyanna. \u00de\u00e6r elta uppi bl\u00f3\u00f0s\u00f6k og fulln\u00e6gja hefnd gu\u00f0anna."}]}},"_links":{"self":[{"href":"https:\/\/iwell-guard.com\/is\/wp-json\/wp\/v2\/pages\/168605","targetHints":{"allow":["GET"]}}],"collection":[{"href":"https:\/\/iwell-guard.com\/is\/wp-json\/wp\/v2\/pages"}],"about":[{"href":"https:\/\/iwell-guard.com\/is\/wp-json\/wp\/v2\/types\/page"}],"author":[{"embeddable":true,"href":"https:\/\/iwell-guard.com\/is\/wp-json\/wp\/v2\/users\/3"}],"replies":[{"embeddable":true,"href":"https:\/\/iwell-guard.com\/is\/wp-json\/wp\/v2\/comments?post=168605"}],"version-history":[{"count":0,"href":"https:\/\/iwell-guard.com\/is\/wp-json\/wp\/v2\/pages\/168605\/revisions"}],"wp:featuredmedia":[{"embeddable":true,"href":"https:\/\/iwell-guard.com\/is\/wp-json\/wp\/v2\/media\/1694"}],"wp:attachment":[{"href":"https:\/\/iwell-guard.com\/is\/wp-json\/wp\/v2\/media?parent=168605"}],"wp:term":[{"taxonomy":"category","embeddable":true,"href":"https:\/\/iwell-guard.com\/is\/wp-json\/wp\/v2\/categories?post=168605"}],"curies":[{"name":"wp","href":"https:\/\/api.w.org\/{rel}","templated":true}]}}