{"id":168604,"date":"2026-09-05T14:01:30","date_gmt":"2026-09-05T14:01:30","guid":{"rendered":"https:\/\/iwell-guard.com\/?page_id=168604"},"modified":"2026-09-05T14:14:43","modified_gmt":"2026-09-05T14:14:43","slug":"striga","status":"publish","type":"page","link":"https:\/\/iwell-guard.com\/is\/striga\/","title":{"rendered":"Striga"},"content":{"rendered":"\t\t<div data-elementor-type=\"wp-page\" data-elementor-id=\"168604\" class=\"elementor elementor-168604 elementor-846\" data-elementor-post-type=\"page\">\n\t\t\t\t<div class=\"elementor-element elementor-element-10fdade e-flex e-con-boxed e-con e-parent\" data-id=\"10fdade\" data-element_type=\"container\" data-e-type=\"container\" data-settings=\"{&quot;background_background&quot;:&quot;classic&quot;}\">\n\t\t\t\t\t<div class=\"e-con-inner\">\n\t\t<div class=\"elementor-element elementor-element-herohlft0 e-flex e-con-boxed e-con e-child\" data-id=\"herohlft0\" data-element_type=\"container\" data-e-type=\"container\">\n\t\t\t\t\t<div class=\"e-con-inner\">\n\t\t<div class=\"elementor-element elementor-element-c3ceb64 e-con-full e-flex e-con e-child\" data-id=\"c3ceb64\" data-element_type=\"container\" data-e-type=\"container\">\n\t\t\t\t<div class=\"elementor-element elementor-element-96ae5e1 elementor-widget elementor-widget-heading\" data-id=\"96ae5e1\" data-element_type=\"widget\" data-e-type=\"widget\" data-widget_type=\"heading.default\">\n\t\t\t\t\t<h1 class=\"elementor-heading-title elementor-size-default\">Striga, nornavamp\u00edran \u00far r\u00f3mverskri n\u00f3tt<\/h1>\t\t\t\t<\/div>\n\t\t\t\t<div class=\"elementor-element elementor-element-e45238a elementor-widget elementor-widget-text-editor\" data-id=\"e45238a\" data-element_type=\"widget\" data-e-type=\"widget\" data-widget_type=\"text-editor.default\">\n\t\t\t\t\t\t\t\t\t<p><strong>Nornavamp\u00edra r\u00f3mverskrar n\u00e6tur<\/strong>, bl\u00f3\u00f0sugandi n\u00e1ttfugl og frumger\u00f0 s\u00ed\u00f0ari t\u00edma vamp\u00edru- og nornapers\u00f3na.<\/p>\t\t\t\t\t\t\t\t<\/div>\n\t\t\t\t<\/div>\n\t\t<div class=\"elementor-element elementor-element-klsbdg01 e-con-full e-flex e-con e-parent\" data-id=\"klsbdg01\" data-element_type=\"container\" data-e-type=\"container\">\n\t\t\t\t<div class=\"elementor-element elementor-element-klshtm01 elementor-widget elementor-widget-html\" data-id=\"klshtm01\" data-element_type=\"widget\" data-e-type=\"widget\" data-widget_type=\"html.default\">\n\t\t\t\t\t<div class=\"iwg-pill-row\"><span class=\"iwg-klasse-badge\" tabindex=\"0\" data-tooltip=\"Dj\u00f6full \/ dj\u00f6fulynja: Yfirn\u00e1tt\u00faruleg vera sem oftast hefur ska\u00f0leg e\u00f0a tv\u00edbent \u00e1hrif. Stendur milli gu\u00f0a og manna, veldur sj\u00fakd\u00f3mum, t\u00e6lingu e\u00f0a \u00f3l\u00e1ni og er hrakin \u00e1 brott me\u00f0 \u00e1k\u00f6llu\u00f0um or\u00f0um, verndargripum og ath\u00f6fnum.\">Dj\u00f6fulynja<\/span><a href=\"https:\/\/iwell-guard.com\/is\/?page_id=168595\" class=\"iwg-kultur-badge\" tabindex=\"0\" data-tooltip=\"R\u00f3mversk tr\u00faarbr\u00f6g\u00f0 fr\u00e1 konungd\u00f3mi til s\u00ed\u00f0fornaldar, samofin gr\u00edskum og etr\u00faskum l\u00f6gum.\">R\u00f3m<\/a><\/div>\t\t\t\t<\/div>\n\t\t\t\t<\/div>\n\t\t<div class=\"elementor-element elementor-element-3f74855 e-con-full e-flex e-con e-child\" data-id=\"3f74855\" data-element_type=\"container\" data-e-type=\"container\">\n\t\t\t\t<div class=\"elementor-element elementor-element-1c30362 elementor-toc--minimized-on-tablet elementor-widget elementor-widget-table-of-contents\" data-id=\"1c30362\" data-element_type=\"widget\" data-e-type=\"widget\" data-settings=\"{&quot;exclude_headings_by_selector&quot;:[],&quot;no_headings_message&quot;:&quot;Engar undirfyrirsagnir fundust \\u00e1 \\u00feessari s\\u00ed\\u00f0u.&quot;,&quot;headings_by_tags&quot;:[&quot;h2&quot;,&quot;h3&quot;],&quot;marker_view&quot;:&quot;bullets&quot;,&quot;icon&quot;:{&quot;value&quot;:&quot;fas fa-circle&quot;,&quot;library&quot;:&quot;fa-solid&quot;,&quot;rendered_tag&quot;:&quot;&lt;svg class=\\&quot;e-font-icon-svg e-fas-circle\\&quot; viewBox=\\&quot;0 0 512 512\\&quot; xmlns=\\&quot;http:\\\/\\\/www.w3.org\\\/2000\\\/svg\\&quot;&gt;&lt;path d=\\&quot;M256 8C119 8 8 119 8 256s111 248 248 248 248-111 248-248S393 8 256 8z\\&quot;&gt;&lt;\\\/path&gt;&lt;\\\/svg&gt;&quot;},&quot;minimize_box&quot;:&quot;yes&quot;,&quot;minimized_on&quot;:&quot;tablet&quot;,&quot;hierarchical_view&quot;:&quot;yes&quot;,&quot;min_height&quot;:{&quot;unit&quot;:&quot;px&quot;,&quot;size&quot;:&quot;&quot;,&quot;sizes&quot;:[]},&quot;min_height_tablet&quot;:{&quot;unit&quot;:&quot;px&quot;,&quot;size&quot;:&quot;&quot;,&quot;sizes&quot;:[]},&quot;min_height_mobile&quot;:{&quot;unit&quot;:&quot;px&quot;,&quot;size&quot;:&quot;&quot;,&quot;sizes&quot;:[]}}\" data-widget_type=\"table-of-contents.default\">\n\t\t\t\t\t\t\t\t\t<div class=\"elementor-toc__header\">\n\t\t\t\t\t\t<h2 class=\"elementor-toc__header-title\">\n\t\t\t\tEfnisyfirlit\t\t\t<\/h2>\n\t\t\t\t\t\t\t\t\t\t<div class=\"elementor-toc__toggle-button elementor-toc__toggle-button--expand\" role=\"button\" tabindex=\"0\" aria-controls=\"elementor-toc__1c30362\" aria-expanded=\"true\" aria-label=\"Open table of contents\"><svg aria-hidden=\"true\" class=\"e-font-icon-svg e-fas-chevron-down\" viewBox=\"0 0 448 512\" xmlns=\"http:\/\/www.w3.org\/2000\/svg\"><path d=\"M207.029 381.476L12.686 187.132c-9.373-9.373-9.373-24.569 0-33.941l22.667-22.667c9.357-9.357 24.522-9.375 33.901-.04L224 284.505l154.745-154.021c9.379-9.335 24.544-9.317 33.901.04l22.667 22.667c9.373 9.373 9.373 24.569 0 33.941L240.971 381.476c-9.373 9.372-24.569 9.372-33.942 0z\"><\/path><\/svg><\/div>\n\t\t\t\t<div class=\"elementor-toc__toggle-button elementor-toc__toggle-button--collapse\" role=\"button\" tabindex=\"0\" aria-controls=\"elementor-toc__1c30362\" aria-expanded=\"true\" aria-label=\"Close table of contents\"><svg aria-hidden=\"true\" class=\"e-font-icon-svg e-fas-chevron-up\" viewBox=\"0 0 448 512\" xmlns=\"http:\/\/www.w3.org\/2000\/svg\"><path d=\"M240.971 130.524l194.343 194.343c9.373 9.373 9.373 24.569 0 33.941l-22.667 22.667c-9.357 9.357-24.522 9.375-33.901.04L224 227.495 69.255 381.516c-9.379 9.335-24.544 9.317-33.901-.04l-22.667-22.667c-9.373-9.373-9.373-24.569 0-33.941L207.03 130.525c9.372-9.373 24.568-9.373 33.941-.001z\"><\/path><\/svg><\/div>\n\t\t\t\t\t<\/div>\n\t\t\t\t<div id=\"elementor-toc__1c30362\" class=\"elementor-toc__body\">\n\t\t\t<div class=\"elementor-toc__spinner-container\">\n\t\t\t\t<svg class=\"elementor-toc__spinner eicon-animation-spin e-font-icon-svg e-eicon-loading\" aria-hidden=\"true\" viewBox=\"0 0 1000 1000\" xmlns=\"http:\/\/www.w3.org\/2000\/svg\"><path d=\"M500 975V858C696 858 858 696 858 500S696 142 500 142 142 304 142 500H25C25 237 238 25 500 25S975 237 975 500 763 975 500 975Z\"><\/path><\/svg>\t\t\t<\/div>\n\t\t<\/div>\n\t\t\t\t\t\t<\/div>\n\t\t\t\t<\/div>\n\t\t\t\t\t<\/div>\n\t\t\t\t<\/div>\n\t\t<div class=\"elementor-element elementor-element-herorght0 e-con-full e-flex e-con e-child\" data-id=\"herorght0\" data-element_type=\"container\" data-e-type=\"container\">\n\t\t\t\t<div class=\"elementor-element elementor-element-heroimg00 iwg-hero-image elementor-widget elementor-widget-image\" data-id=\"heroimg00\" data-element_type=\"widget\" data-e-type=\"widget\" data-widget_type=\"image.default\">\n\t\t\t\t\t\t\t\t\t\t\t\t\t\t\t<img fetchpriority=\"high\" decoding=\"async\" width=\"683\" height=\"1024\" src=\"https:\/\/iwell-guard.com\/wp-content\/uploads\/2026\/04\/geister_rom_striga-683x1024.webp\" class=\"attachment-large size-large wp-image-1713\" alt=\"Striga\" srcset=\"https:\/\/iwell-guard.com\/wp-content\/uploads\/2026\/04\/geister_rom_striga-683x1024.webp 683w, https:\/\/iwell-guard.com\/wp-content\/uploads\/2026\/04\/geister_rom_striga-200x300.webp 200w, https:\/\/iwell-guard.com\/wp-content\/uploads\/2026\/04\/geister_rom_striga-768x1152.webp 768w, https:\/\/iwell-guard.com\/wp-content\/uploads\/2026\/04\/geister_rom_striga.webp 1024w\" sizes=\"(max-width: 683px) 100vw, 683px\" \/>\t\t\t\t\t\t\t\t\t\t\t\t\t\t\t<\/div>\n\t\t\t\t<\/div>\n\t\t\t\t\t<\/div>\n\t\t\t\t<\/div>\n\t\t<div class=\"elementor-element elementor-element-32917199 e-flex e-con-boxed e-con e-parent\" data-id=\"32917199\" data-element_type=\"container\" data-e-type=\"container\">\n\t\t\t\t\t<div class=\"e-con-inner\">\n\t\t<div class=\"elementor-element elementor-element-26e916cb e-flex e-con-boxed e-con e-child\" data-id=\"26e916cb\" data-element_type=\"container\" data-e-type=\"container\">\n\t\t\t\t\t<div class=\"e-con-inner\">\n\t\t<div class=\"elementor-element elementor-element-253a40d4 e-flex e-con-boxed e-con e-child\" data-id=\"253a40d4\" data-element_type=\"container\" data-e-type=\"container\">\n\t\t\t\t\t<div class=\"e-con-inner\">\n\t\t\t\t<div class=\"elementor-element elementor-element-1200c304 elementor-widget elementor-widget-heading\" data-id=\"1200c304\" data-element_type=\"widget\" data-e-type=\"widget\" data-widget_type=\"heading.default\">\n\t\t\t\t\t<div class=\"elementor-heading-title elementor-size-default\">Striga<\/div>\t\t\t\t<\/div>\n\t\t\t\t<div class=\"elementor-element elementor-element-11758e7f elementor-widget elementor-widget-text-editor\" data-id=\"11758e7f\" data-element_type=\"widget\" data-e-type=\"widget\" data-widget_type=\"text-editor.default\">\n\t\t\t\t\t\t\t\t\t<p>Striga (lat. <em>strix<\/em>, fleirtala <em>striges<\/em>) er eitt \u00e1hrifamesta minni r\u00f3mverskrar dj\u00f6flafr\u00e6\u00f0i. Upphaflega var h\u00fan skilin sem n\u00e1ttfugl, dj\u00f6fulleg ugla e\u00f0a fuglsl\u00edk blendingsvera sem r\u00e6\u00f0st \u00e1 n\u00fdbura og \u00feunga\u00f0ar konur. H\u00fan s\u00fdgur bl\u00f3\u00f0, skiptir ungb\u00f6rnum \u00fat fyrir str\u00e1 og kemst inn \u00ed h\u00fas gegnum glugga og skr\u00e1arg\u00f6t.<\/p><p>\u00c1 sama t\u00edma rennur Striga saman vi\u00f0 hugmyndina um nornina, konu sem breytist \u00ed fugl \u00e1 n\u00f3ttunni.<\/p><p>\u00deessi tv\u00f6falda n\u00e1tt\u00fara, d\u00fdr og kona, lifir \u00ed gegnum alla <span class=\"iwg-fachbegriff\" data-tooltip=\"T\u00edmabil gr\u00edskrar og r\u00f3mverskrar menningar, um 800 f.Kr. til 600 e.Kr.\" tabindex=\"0\">forn\u00f6ldina<\/span>, ver\u00f0ur \u00e1 mi\u00f0\u00f6ldum grundv\u00f6llur nornahugmyndarinnar og uppruni vamp\u00edruminnisins. Slavneska or\u00f0i\u00f0 <em>strzyga<\/em> og r\u00famenska <em>strigoi<\/em> eru bein aflei\u00f0ing af latneska or\u00f0inu strix.<\/p>\t\t\t\t\t\t\t\t<\/div>\n\t\t\t\t\t<\/div>\n\t\t\t\t<\/div>\n\t\t<div class=\"elementor-element elementor-element-159dcf9a e-flex e-con-boxed e-con e-child\" data-id=\"159dcf9a\" data-element_type=\"container\" data-e-type=\"container\">\n\t\t\t\t\t<div class=\"e-con-inner\">\n\t\t\t\t<div class=\"elementor-element elementor-element-48cee66f elementor-widget elementor-widget-heading\" data-id=\"48cee66f\" data-element_type=\"widget\" data-e-type=\"widget\" data-widget_type=\"heading.default\">\n\t\t\t\t\t<h2 class=\"elementor-heading-title elementor-size-default\">Stutt yfirlit: Striga<\/h2>\t\t\t\t<\/div>\n\t\t\t\t<div class=\"elementor-element elementor-element-3f50d82c elementor-widget elementor-widget-text-editor\" data-id=\"3f50d82c\" data-element_type=\"widget\" data-e-type=\"widget\" data-widget_type=\"text-editor.default\">\n\t\t\t\t\t\t\t\t\t<p><strong>Ger\u00f0:<\/strong> N\u00e1ttlegur fugladj\u00f6full, s\u00ed\u00f0ar einnig norn<br>Uppruni: R\u00f3mverskur <span class=\"iwg-fachbegriff\" data-tooltip=\"Tr\u00faarlegar hugmyndir og si\u00f0ir sem eru \u00fatbreiddir \u00ed daglegu l\u00edfi.\" tabindex=\"0\">\u00fej\u00f3\u00f0tr\u00fa<\/span>, a\u00f0 \u00f6llum l\u00edkindum sprottinn af gr\u00edskum fyrirrennara (Strix)<br>Textar: \u00d3vid\u00edus (<em>Fasti<\/em> VI), Petr\u00f3nius, Ap\u00faleius, Plinius<br>T\u00edmabil: L\u00fd\u00f0veldist\u00edminn til <span class=\"iwg-fachbegriff\" data-tooltip=\"Umbreytingart\u00edmabil milli fornaldar og mi\u00f0alda, um 3. til 7. \u00f6ld.\" tabindex=\"0\">s\u00ed\u00f0forn\u00f6ld<\/span>, me\u00f0 mi\u00f0aldalegri og \u00e1rn\u00fdaldarlegri vi\u00f0t\u00f6ku<br>\u00datbrei\u00f0sla: \u00cdtal\u00eda, keisaraveldi\u00f0, slavneskar og balkanskar \u00fej\u00f3\u00f0traditionir<br>V\u00f6rn: \u00deyrniberjarunni, bulla-<span class=\"iwg-fachbegriff\" data-tooltip=\"Hlutur sem borinn er \u00e1 s\u00e9r og talinn hafa verndandi, \u00f3g\u00e6fuhrekjandi \u00e1hrif.\" tabindex=\"0\">verndargripur<\/span>, athafnir vi\u00f0 dyra\u00fer\u00f6skuld, saltsl\u00f3\u00f0ir<\/p>\t\t\t\t\t\t\t\t<\/div>\n\t\t\t\t\t<\/div>\n\t\t\t\t<\/div>\n\t\t\t\t\t<\/div>\n\t\t\t\t<\/div>\n\t\t\t\t\t<\/div>\n\t\t\t\t<\/div>\n\t\t<div class=\"elementor-element elementor-element-18613602 e-flex e-con-boxed e-con e-parent\" data-id=\"18613602\" data-element_type=\"container\" data-e-type=\"container\">\n\t\t\t\t\t<div class=\"e-con-inner\">\n\t\t\t\t<div class=\"elementor-element elementor-element-262b8a9f elementor-widget elementor-widget-heading\" data-id=\"262b8a9f\" data-element_type=\"widget\" data-e-type=\"widget\" data-widget_type=\"heading.default\">\n\t\t\t\t\t<h2 class=\"elementor-heading-title elementor-size-default\">S\u00f6guleg sta\u00f0setning<\/h2>\t\t\t\t<\/div>\n\t\t<div class=\"elementor-element elementor-element-46dcb7d e-con-full e-flex e-con e-child\" data-id=\"46dcb7d\" data-element_type=\"container\" data-e-type=\"container\">\n\t\t<div class=\"elementor-element elementor-element-61d3ab3 e-flex e-con-boxed e-con e-child\" data-id=\"61d3ab3\" data-element_type=\"container\" data-e-type=\"container\">\n\t\t\t\t\t<div class=\"e-con-inner\">\n\t\t\t\t<div class=\"elementor-element elementor-element-117c166 elementor-widget elementor-widget-heading\" data-id=\"117c166\" data-element_type=\"widget\" data-e-type=\"widget\" data-widget_type=\"heading.default\">\n\t\t\t\t\t<div class=\"elementor-heading-title elementor-size-default\">T\u00edmabil textanna<\/div>\t\t\t\t<\/div>\n\t\t\t\t<div class=\"elementor-element elementor-element-73997a0 elementor-widget elementor-widget-text-editor\" data-id=\"73997a0\" data-element_type=\"widget\" data-e-type=\"widget\" data-widget_type=\"text-editor.default\">\n\t\t\t\t\t\t\t\t\t<p>Fyrstu heimildir eru fr\u00e1 l\u00fd\u00f0veldist\u00edmanum, \u00edtarlega hj\u00e1 \u00d3vid\u00edusi (<em>Fasti<\/em> VI) um \u00e1ri\u00f0 6 e.Kr. Plinius, Petr\u00f3nius og Ap\u00faleius \u00fer\u00f3a pers\u00f3nuna frekar. \u00c1 mi\u00f0\u00f6ldum vex \u00far \u00feessu norna- og vamp\u00edruhugmyndin, \u00e1 slavnesku sv\u00e6\u00f0unum <em>strzyga<\/em> e\u00f0a <em>strigoi<\/em>.<\/p><p><strong>Go\u00f0fr\u00e6\u00f0ileg sta\u00f0setning<\/strong><\/p><p>Striga er \u00ed r\u00f3mverskri og s\u00ed\u00f0ar evr\u00f3pskri <span class=\"iwg-fachbegriff\" data-tooltip=\"Mi\u00f0lun \u00feekkingar og sagna milli kynsl\u00f3\u00f0a.\" tabindex=\"0\">munnm\u00e6lahef\u00f0<\/span> n\u00e1ttdj\u00f6full e\u00f0a norn sem drekkur bl\u00f3\u00f0 og grefur upp l\u00edk. \u00cd austurevr\u00f3pskum hef\u00f0um er h\u00fan uppruni vamp\u00edru-<span class=\"iwg-fachbegriff\" data-tooltip=\"S\u00f6gn sem var\u00f0veitt er um gu\u00f0i, uppruna og skipan heimsins.\" tabindex=\"0\">go\u00f0s\u00f6gunnar<\/span>. Strigae eru formbreytingarverur, \u00e1 ferli \u00e1 n\u00f3ttunni. \u00de\u00e6r eru ekki nau\u00f0synlega dau\u00f0ar, heldur b\u00f6lva\u00f0ar.<\/p>\t\t\t\t\t\t\t\t<\/div>\n\t\t\t\t\t<\/div>\n\t\t\t\t<\/div>\n\t\t<div class=\"elementor-element elementor-element-d47b156 e-flex e-con-boxed e-con e-child\" data-id=\"d47b156\" data-element_type=\"container\" data-e-type=\"container\">\n\t\t\t\t\t<div class=\"e-con-inner\">\n\t\t\t\t<div class=\"elementor-element elementor-element-ff38c2b elementor-widget elementor-widget-heading\" data-id=\"ff38c2b\" data-element_type=\"widget\" data-e-type=\"widget\" data-widget_type=\"heading.default\">\n\t\t\t\t\t<div class=\"elementor-heading-title elementor-size-default\">\u00datbrei\u00f0slusv\u00e6\u00f0i<\/div>\t\t\t\t<\/div>\n\t\t\t\t<div class=\"elementor-element elementor-element-4e49fcc elementor-widget elementor-widget-text-editor\" data-id=\"4e49fcc\" data-element_type=\"widget\" data-e-type=\"widget\" data-widget_type=\"text-editor.default\">\n\t\t\t\t\t\t\t\t\t<p>\u00cdtalskt menningarsv\u00e6\u00f0i er upphafssta\u00f0urinn; me\u00f0 keisaraveldinu festist h\u00fan \u00ed r\u00f3tum \u00ed \u00f6llum skattl\u00f6ndum. \u00c1 mi\u00f0\u00f6ldum og \u00e1 \u00e1rn\u00fd\u00f6ld er sterk n\u00e6rvera \u00e1 slavneskum sv\u00e6\u00f0um, \u00e1 Balkanskaga og \u00ed R\u00famen\u00edu. Strigoi-hef\u00f0in hefur \u00e1hrif allt fram til n\u00fat\u00edma vamp\u00edrub\u00f3kmennta.<\/p>\t\t\t\t\t\t\t\t<\/div>\n\t\t\t\t\t<\/div>\n\t\t\t\t<\/div>\n\t\t\t\t<\/div>\n\t\t<div class=\"elementor-element elementor-element-db03c39 e-con-full e-flex e-con e-child\" data-id=\"db03c39\" data-element_type=\"container\" data-e-type=\"container\">\n\t\t<div class=\"elementor-element elementor-element-229a87b e-flex e-con-boxed e-con e-child\" data-id=\"229a87b\" data-element_type=\"container\" data-e-type=\"container\">\n\t\t\t\t\t<div class=\"e-con-inner\">\n\t\t\t\t<div class=\"elementor-element elementor-element-1f471fc elementor-widget elementor-widget-heading\" data-id=\"1f471fc\" data-element_type=\"widget\" data-e-type=\"widget\" data-widget_type=\"heading.default\">\n\t\t\t\t\t<div class=\"elementor-heading-title elementor-size-default\">Heimildasta\u00f0a<\/div>\t\t\t\t<\/div>\n\t\t\t\t<div class=\"elementor-element elementor-element-36b1201 elementor-widget elementor-widget-text-editor\" data-id=\"36b1201\" data-element_type=\"widget\" data-e-type=\"widget\" data-widget_type=\"text-editor.default\">\n\t\t\t\t\t\t\t\t\t<p>B\u00f3kmenntalega: \u00d3vid\u00edus, Plinius (Naturalis Historia), Petr\u00f3nius, Ap\u00faleius, kirkjufe\u00f0ur. \u00dej\u00f3\u00f0fr\u00e6\u00f0ilega \u00fe\u00e9tt \u00ed slavnesk-balkanskum hef\u00f0um. Algeng \u00ed mi\u00f0aldaheimildum um nornaofs\u00f3knir.<\/p>\t\t\t\t\t\t\t\t<\/div>\n\t\t\t\t\t<\/div>\n\t\t\t\t<\/div>\n\t\t\t\t<\/div>\n\t\t\t\t\t<\/div>\n\t\t\t\t<\/div>\n\t\t<div class=\"elementor-element elementor-element-3ae0637c e-flex e-con-boxed e-con e-parent\" data-id=\"3ae0637c\" data-element_type=\"container\" data-e-type=\"container\">\n\t\t\t\t\t<div class=\"e-con-inner\">\n\t\t\t\t<div class=\"elementor-element elementor-element-31d07739 elementor-widget elementor-widget-heading\" data-id=\"31d07739\" data-element_type=\"widget\" data-e-type=\"widget\" data-widget_type=\"heading.default\">\n\t\t\t\t\t<h2 class=\"elementor-heading-title elementor-size-default\">Nafn<\/h2>\t\t\t\t<\/div>\n\t\t<div class=\"elementor-element elementor-element-b7642947 e-con-full e-flex e-con e-child\" data-id=\"b7642947\" data-element_type=\"container\" data-e-type=\"container\">\n\t\t\t\t<div class=\"elementor-element elementor-element-a086266 elementor-widget elementor-widget-text-editor\" data-id=\"a086266\" data-element_type=\"widget\" data-e-type=\"widget\" data-widget_type=\"text-editor.default\">\n\t\t\t\t\t\t\t\t\t<p><strong>Lat\u00edna:<\/strong> <em>strix<\/em> (eintala), <em>striges<\/em> (fleirtala), s\u00ed\u00f0ar <em>striga<\/em>.<br>Slavneska: <em>strzyga<\/em> (p\u00f3lska), <em>strigoi<\/em> (r\u00famenska).<br>Gr\u00edska: <em>\u03c3\u03c4\u03c1\u03af\u03b3\u03be<\/em> (strinx), n\u00e1ttfugl.<\/p><p>Nafni\u00f0 v\u00edsa\u00f0i upphaflega til n\u00e1ttfugls, l\u00edklega eyruglu e\u00f0a svipa\u00f0rar uglutegundar. \u00cd \u00fej\u00f3\u00f0fr\u00e6\u00f0ilegri or\u00f0sifjask\u00fdringu var \u00fdlfri\u00f0 (\u201estridere&#8220;) tali\u00f0 vera uppruninn. \u00dar d\u00fdranafninu ver\u00f0ur <span class=\"iwg-fachbegriff\" data-tooltip=\"S\u00f6gn sem var\u00f0veitt er um gu\u00f0i, uppruna og skipan heimsins.\" tabindex=\"0\">go\u00f0s\u00f6gnin<\/span>, og \u00far <span class=\"iwg-fachbegriff\" data-tooltip=\"S\u00f6gn sem var\u00f0veitt er um gu\u00f0i, uppruna og skipan heimsins.\" tabindex=\"0\">go\u00f0s\u00f6gninni<\/span> mi\u00f0aldanornin, \u00e1 \u00cdtal\u00edu <em>strega<\/em>.<\/p>\t\t\t\t\t\t\t\t<\/div>\n\t\t\t\t<\/div>\n\t\t\t\t\t<\/div>\n\t\t\t\t<\/div>\n\t\t<div class=\"elementor-element elementor-element-709a44a8 e-flex e-con-boxed e-con e-parent\" data-id=\"709a44a8\" data-element_type=\"container\" data-e-type=\"container\">\n\t\t\t\t\t<div class=\"e-con-inner\">\n\t\t\t\t<div class=\"elementor-element elementor-element-2f585873 elementor-widget elementor-widget-heading\" data-id=\"2f585873\" data-element_type=\"widget\" data-e-type=\"widget\" data-widget_type=\"heading.default\">\n\t\t\t\t\t<h2 class=\"elementor-heading-title elementor-size-default\">Einkenni<\/h2>\t\t\t\t<\/div>\n\t\t<div class=\"elementor-element elementor-element-70621c12 e-con-full e-flex e-con e-child\" data-id=\"70621c12\" data-element_type=\"container\" data-e-type=\"container\">\n\t\t\t\t<div class=\"elementor-element elementor-element-4296eb49 elementor-widget elementor-widget-text-editor\" data-id=\"4296eb49\" data-element_type=\"widget\" data-e-type=\"widget\" data-widget_type=\"text-editor.default\">\n\t\t\t\t\t\t\t\t\t<p><strong>\u00c1s\u00fdnd<\/strong><\/p><p>D\u00fdrsmynd: st\u00f3r n\u00e1ttfugl, uglul\u00edkur, me\u00f0 kr\u00f3kboginn kl\u00e6r og hvassan gogg. \u00cd nornagervi: g\u00f6mul kona sem breytist \u00ed fuglinn \u00e1 n\u00f3ttunni. Bl\u00f6nduform eru til fr\u00e1sagnar, kona me\u00f0 fuglsv\u00e6ngi, fugl me\u00f0 manns andlit.<\/p><p><strong>Heg\u00f0un<\/strong><\/p><p>Striga fl\u00fdgur \u00e1 n\u00f3ttunni, kemst inn \u00ed h\u00fas (gegnum glugga, reykh\u00e1fa, skr\u00e1arg\u00f6t), leitar ungbarna og \u00feunga\u00f0ra kvenna, s\u00fdgur \u00far \u00feeim bl\u00f3\u00f0i\u00f0 e\u00f0a stelur barninu og skiptir \u00fev\u00ed \u00fat fyrir str\u00e1 e\u00f0a d\u00fakkub\u00fant.<\/p><p><strong>Verkunarsvi\u00f0<\/strong><\/p><p>N\u00f3tt, svefnstofa, s\u00e6ngurlega. S\u00e9rstaklega h\u00e6ttuleg fyrstu dagana eftir f\u00e6\u00f0ingu, me\u00f0an barni\u00f0 hefur ekki enn veri\u00f0 \u201ebundi\u00f0 inn&#8220; \u00ed samf\u00e9lagi\u00f0.<\/p><p><strong>Go\u00f0fr\u00e6\u00f0ilegur uppruni<\/strong><\/p><p>Engin sk\u00fdrt formu\u00f0 go\u00f0fr\u00e6\u00f0ileg \u00e6ttartala er til. \u00d3vid\u00edus segir upprunas\u00f6gu \u00fear sem f\u00f3stran Krane hrekur Strix \u00e1 brott fr\u00e1 ungbarni me\u00f0 \u00feyrnirunna, s\u00f6gulega sk\u00fdringars\u00f6gu sem l\u00f6gfestir varnarath\u00f6fnina. \u00cd slavneskri hef\u00f0 sprettur Striga upp af manneskju me\u00f0 tv\u00f6 hj\u00f6rtu e\u00f0a tv\u00e6r s\u00e1lir.<\/p><p><strong>\u00c1s\u00fdnd og t\u00e1knm\u00e1l<\/strong><\/p><p>Strigae eru l\u00fdstar sem hr\u00e6\u00f0ilegar gamlar konur me\u00f0 fugleinkennum, risav\u00f6xnum brj\u00f3stum. \u00de\u00e6r geta teki\u00f0 \u00e1 sig manneskjumynd. Uglur og n\u00e1ttskuggi fylgja \u00feeim. Bl\u00f3\u00f0 og l\u00edkr\u00e6ningja er \u00fer\u00e1 \u00feeirra. Fr\u00e1 \u00feeim leggur andr\u00famsloft elli, hungurs og b\u00f6lvunar.<\/p>\t\t\t\t\t\t\t\t<\/div>\n\t\t\t\t<\/div>\n\t\t\t\t\t<\/div>\n\t\t\t\t<\/div>\n\t\t<div class=\"elementor-element elementor-element-44e71476 e-flex e-con-boxed e-con e-parent\" data-id=\"44e71476\" data-element_type=\"container\" data-e-type=\"container\">\n\t\t\t\t\t<div class=\"e-con-inner\">\n\t\t\t\t<div class=\"elementor-element elementor-element-3c1fc3f0 elementor-widget elementor-widget-heading\" data-id=\"3c1fc3f0\" data-element_type=\"widget\" data-e-type=\"widget\" data-widget_type=\"heading.default\">\n\t\t\t\t\t<h2 class=\"elementor-heading-title elementor-size-default\">Kynningarbla\u00f0: Striga<\/h2>\t\t\t\t<\/div>\n\t\t<div class=\"elementor-element elementor-element-84f33b8e e-con-full e-flex e-con e-child\" data-id=\"84f33b8e\" data-element_type=\"container\" data-e-type=\"container\">\n\t\t\t\t<div class=\"elementor-element elementor-element-hqkdc67p elementor-widget elementor-widget-text-editor\" data-id=\"hqkdc67p\" data-element_type=\"widget\" data-e-type=\"widget\" data-widget_type=\"text-editor.default\">\n\t\t\t\t\t\t\t\t\t<p>Mikilv\u00e6gustu atri\u00f0i um Striga \u00ed hnotskurn. N\u00e1nari umfj\u00f6llun um nafn, l\u00fdsingu, varnir og samsv\u00f6run er a\u00f0 finna \u00ed k\u00f6flunum h\u00e9r a\u00f0 ne\u00f0an.<\/p>\t\t\t\t\t\t\t\t<\/div>\n\t\t\t\t<\/div>\n\t\t<div class=\"elementor-element elementor-element-pemmx7c5 e-con-full e-flex e-con e-child\" data-id=\"pemmx7c5\" data-element_type=\"container\" data-e-type=\"container\">\n\t\t<div class=\"elementor-element elementor-element-pemmx7c1 e-con-full e-flex e-con e-child\" data-id=\"pemmx7c1\" data-element_type=\"container\" data-e-type=\"container\">\n\t\t<div class=\"elementor-element elementor-element-qh9oavvu iwg-steckbrief-card e-flex e-con-boxed e-con e-child\" data-id=\"qh9oavvu\" data-element_type=\"container\" data-e-type=\"container\">\n\t\t\t\t\t<div class=\"e-con-inner\">\n\t\t\t\t<div class=\"elementor-element elementor-element-awzx8k2k elementor-widget elementor-widget-heading\" data-id=\"awzx8k2k\" data-element_type=\"widget\" data-e-type=\"widget\" data-widget_type=\"heading.default\">\n\t\t\t\t\t<div class=\"elementor-heading-title elementor-size-default\">Hef\u00f0<\/div>\t\t\t\t<\/div>\n\t\t\t\t<div class=\"elementor-element elementor-element-x6rowhv0 elementor-widget elementor-widget-text-editor\" data-id=\"x6rowhv0\" data-element_type=\"widget\" data-e-type=\"widget\" data-widget_type=\"text-editor.default\">\n\t\t\t\t\t\t\t\t\t<p>Sprottin af r\u00f3mverskri \u00fej\u00f3\u00f0tr\u00fa, me\u00f0 gr\u00edskum fyrirrennurum. Rennur s\u00ed\u00f0ar saman vi\u00f0 hugmyndina um nornina, konu sem breytist \u00ed fugl.<\/p>\t\t\t\t\t\t\t\t<\/div>\n\t\t\t\t\t<\/div>\n\t\t\t\t<\/div>\n\t\t<div class=\"elementor-element elementor-element-8e3o4kxs iwg-steckbrief-card e-flex e-con-boxed e-con e-child\" data-id=\"8e3o4kxs\" data-element_type=\"container\" data-e-type=\"container\">\n\t\t\t\t\t<div class=\"e-con-inner\">\n\t\t\t\t<div class=\"elementor-element elementor-element-08rkdgov elementor-widget elementor-widget-heading\" data-id=\"08rkdgov\" data-element_type=\"widget\" data-e-type=\"widget\" data-widget_type=\"heading.default\">\n\t\t\t\t\t<div class=\"elementor-heading-title elementor-size-default\">Verkunarsvi\u00f0<\/div>\t\t\t\t<\/div>\n\t\t\t\t<div class=\"elementor-element elementor-element-uwjelx8s elementor-widget elementor-widget-text-editor\" data-id=\"uwjelx8s\" data-element_type=\"widget\" data-e-type=\"widget\" data-widget_type=\"text-editor.default\">\n\t\t\t\t\t\t\t\t\t<p>Fyrst og fremst ungab\u00f6rn og sm\u00e1b\u00f6rn, \u00ed \u00f6\u00f0ru lagi s\u00e6ngurkonur. \u00cd s\u00ed\u00f0ari nornaumr\u00e6\u00f0um v\u00edkkar <span class=\"iwg-fachbegriff\" data-tooltip=\"Gj\u00f6f til go\u00f0magns til a\u00f0 tj\u00e1 \u00feakkl\u00e6ti, b\u00e6n e\u00f0a lotningu.\" tabindex=\"0\">f\u00f3rnar<\/span>-svi\u00f0i\u00f0 \u00fat til alls almennings, sj\u00fakd\u00f3mum, b\u00fafj\u00e1rdau\u00f0a og ve\u00f0urskemmdum er skellt \u00e1 Strigu.<\/p>\t\t\t\t\t\t\t\t<\/div>\n\t\t\t\t\t<\/div>\n\t\t\t\t<\/div>\n\t\t<div class=\"elementor-element elementor-element-jm2n74ec iwg-steckbrief-card e-flex e-con-boxed e-con e-child\" data-id=\"jm2n74ec\" data-element_type=\"container\" data-e-type=\"container\">\n\t\t\t\t\t<div class=\"e-con-inner\">\n\t\t\t\t<div class=\"elementor-element elementor-element-8vufse4c elementor-widget elementor-widget-heading\" data-id=\"8vufse4c\" data-element_type=\"widget\" data-e-type=\"widget\" data-widget_type=\"heading.default\">\n\t\t\t\t\t<div class=\"elementor-heading-title elementor-size-default\">\u00c1s\u00fdnd<\/div>\t\t\t\t<\/div>\n\t\t\t\t<div class=\"elementor-element elementor-element-mwb9u015 elementor-widget elementor-widget-text-editor\" data-id=\"mwb9u015\" data-element_type=\"widget\" data-e-type=\"widget\" data-widget_type=\"text-editor.default\">\n\t\t\t\t\t\t\t\t\t<p>St\u00f3r n\u00e1ttfugl (uglul\u00edkur) e\u00f0a \u00f6ldru\u00f0 kona sem tekur \u00e1 sig gervi. Bl\u00f6ndu\u00f0 form: kona me\u00f0 fuglsv\u00e6ngi, kr\u00f3ka kl\u00e6r, bl\u00f3\u00f0ugt gin.<\/p>\t\t\t\t\t\t\t\t<\/div>\n\t\t\t\t\t<\/div>\n\t\t\t\t<\/div>\n\t\t\t\t<\/div>\n\t\t<div class=\"elementor-element elementor-element-pemmx7c2 e-con-full e-flex e-con e-child\" data-id=\"pemmx7c2\" data-element_type=\"container\" data-e-type=\"container\">\n\t\t<div class=\"elementor-element elementor-element-37ss2yr6 iwg-steckbrief-card e-flex e-con-boxed e-con e-child\" data-id=\"37ss2yr6\" data-element_type=\"container\" data-e-type=\"container\">\n\t\t\t\t\t<div class=\"e-con-inner\">\n\t\t\t\t<div class=\"elementor-element elementor-element-3v0wp3wx elementor-widget elementor-widget-heading\" data-id=\"3v0wp3wx\" data-element_type=\"widget\" data-e-type=\"widget\" data-widget_type=\"heading.default\">\n\t\t\t\t\t<div class=\"elementor-heading-title elementor-size-default\">Verkunarsvi\u00f0<\/div>\t\t\t\t<\/div>\n\t\t\t\t<div class=\"elementor-element elementor-element-w3247g2m elementor-widget elementor-widget-text-editor\" data-id=\"w3247g2m\" data-element_type=\"widget\" data-e-type=\"widget\" data-widget_type=\"text-editor.default\">\n\t\t\t\t\t\t\t\t\t<p>Bl\u00f3\u00f0sog, barnar\u00e1n, skipti fyrir h\u00e1lmv\u00f6ndul. H\u00e6gfara \u00feverran ungabarnsins, oft ekki teki\u00f0 eftir fyrr en eftir daga e\u00f0a vikur.<\/p>\t\t\t\t\t\t\t\t<\/div>\n\t\t\t\t\t<\/div>\n\t\t\t\t<\/div>\n\t\t<div class=\"elementor-element elementor-element-0qpjal9w iwg-steckbrief-card e-flex e-con-boxed e-con e-child\" data-id=\"0qpjal9w\" data-element_type=\"container\" data-e-type=\"container\">\n\t\t\t\t\t<div class=\"e-con-inner\">\n\t\t\t\t<div class=\"elementor-element elementor-element-6ndoih0o elementor-widget elementor-widget-heading\" data-id=\"6ndoih0o\" data-element_type=\"widget\" data-e-type=\"widget\" data-widget_type=\"heading.default\">\n\t\t\t\t\t<div class=\"elementor-heading-title elementor-size-default\">Vernd<\/div>\t\t\t\t<\/div>\n\t\t\t\t<div class=\"elementor-element elementor-element-6684tyh9 elementor-widget elementor-widget-text-editor\" data-id=\"6684tyh9\" data-element_type=\"widget\" data-e-type=\"widget\" data-widget_type=\"text-editor.default\">\n\t\t\t\t\t\t\t\t\t<p>\u00deyrnigreinar \u00e1 gluggum og hur\u00f0um, salt \u00e1 \u00fer\u00f6skuldum, brennandi lampar \u00ed svefnherberginu. Bulla-<span class=\"iwg-fachbegriff\" data-tooltip=\"Hlutur sem borinn er \u00e1 s\u00e9r og talinn hafa verndandi, \u00f3gnaraverandi \u00e1hrif.\" tabindex=\"0\">verndargripur<\/span> fyrir barni\u00f0. Ovidius l\u00fdsir \u00feyrni-<span class=\"iwg-fachbegriff\" data-tooltip=\"F\u00f6st, endurtekin tr\u00faarleg ath\u00f6fn.\" tabindex=\"0\">helgisi\u00f0num<\/span> f\u00f3strunnar Krane.<\/p>\t\t\t\t\t\t\t\t<\/div>\n\t\t\t\t\t<\/div>\n\t\t\t\t<\/div>\n\t\t<div class=\"elementor-element elementor-element-3lfi7x32 iwg-steckbrief-card e-flex e-con-boxed e-con e-child\" data-id=\"3lfi7x32\" data-element_type=\"container\" data-e-type=\"container\">\n\t\t\t\t\t<div class=\"e-con-inner\">\n\t\t\t\t<div class=\"elementor-element elementor-element-0kg99ga1 elementor-widget elementor-widget-heading\" data-id=\"0kg99ga1\" data-element_type=\"widget\" data-e-type=\"widget\" data-widget_type=\"heading.default\">\n\t\t\t\t\t<div class=\"elementor-heading-title elementor-size-default\">Hli\u00f0st\u00e6\u00f0ur Strigu<\/div>\t\t\t\t<\/div>\n\t\t\t\t<div class=\"elementor-element elementor-element-n0fum6kp elementor-widget elementor-widget-text-editor\" data-id=\"n0fum6kp\" data-element_type=\"widget\" data-e-type=\"widget\" data-widget_type=\"text-editor.default\">\n\t\t\t\t\t\t\t\t\t<p>Beinn fyrirrennari: <a href=\"https:\/\/iwell-guard.com\/is\/?page_id=168597\">Lamia<\/a> (gr\u00edsk). \u00cd flokkalegum tengslum: <a href=\"https:\/\/iwell-guard.com\/is\/?page_id=168606\">Lamiae<\/a> (r\u00f3mverskar). \u00cd j\u00fad\u00edskum samhengi: <a href=\"https:\/\/iwell-guard.com\/is\/?page_id=168607\">Lilith<\/a>. Strix-hef\u00f0in lifir \u00e1fram \u00ed \u00edt\u00f6lsku <em>strega<\/em>, r\u00famensku <em>strigoi<\/em> og p\u00f3lsku <em>strzyga<\/em> allt fram \u00e1 n\u00fat\u00ed\u00f0. \u00cd hlutverkslegum tengslum: <a href=\"https:\/\/iwell-guard.com\/is\/?page_id=168598\">Empusa<\/a>, <a href=\"https:\/\/iwell-guard.com\/is\/?page_id=168637\">Baba Jaga<\/a>, \u00fe\u00fdskar Druden.<\/p>\t\t\t\t\t\t\t\t<\/div>\n\t\t\t\t\t<\/div>\n\t\t\t\t<\/div>\n\t\t\t\t<\/div>\n\t\t\t\t<\/div>\n\t\t\t\t\t<\/div>\n\t\t\t\t<\/div>\n\t\t<div class=\"elementor-element elementor-element-7533bc7a e-flex e-con-boxed e-con e-parent\" data-id=\"7533bc7a\" data-element_type=\"container\" data-e-type=\"container\">\n\t\t\t\t\t<div class=\"e-con-inner\">\n\t\t\t\t<div class=\"elementor-element elementor-element-2447d18d elementor-widget elementor-widget-heading\" data-id=\"2447d18d\" data-element_type=\"widget\" data-e-type=\"widget\" data-widget_type=\"heading.default\">\n\t\t\t\t\t<h2 class=\"elementor-heading-title elementor-size-default\">Verndarh\u00e6ttir<\/h2>\t\t\t\t<\/div>\n\t\t<div class=\"elementor-element elementor-element-d5d0260c e-con-full e-flex e-con e-child\" data-id=\"d5d0260c\" data-element_type=\"container\" data-e-type=\"container\">\n\t\t\t\t<div class=\"elementor-element elementor-element-341be2ac elementor-widget elementor-widget-text-editor\" data-id=\"341be2ac\" data-element_type=\"widget\" data-e-type=\"widget\" data-widget_type=\"text-editor.default\">\n\t\t\t\t\t\t\t\t\t<p><strong>Helgisi\u00f0ir til varnar<\/strong><\/p><p>Ovidius l\u00fdsir <span class=\"iwg-fachbegriff\" data-tooltip=\"F\u00f6st, endurtekin tr\u00faarleg ath\u00f6fn.\" tabindex=\"0\">helgisi\u00f0<\/span> f\u00f3strunnar Krane: H\u00fan ber \u00feyrnigrein a\u00f0 dyrastafnum, sprautar vatni um h\u00edb\u00fdli\u00f0, leggur innmat af unggr\u00eds \u00e1 fat og kallar \u00e1 Strigu a\u00f0 r\u00e1\u00f0ast \u00e1 \u00fea\u00f0 \u00ed sta\u00f0inn. Eftir \u00fea\u00f0 er barni\u00f0 vari\u00f0.<\/p><p><strong>\u00c1kve\u00f0ur og form\u00e6lingar<\/strong><\/p><p>Stuttar \u00fej\u00f3\u00f0legar form\u00falur vi\u00f0 \u00fer\u00f6skuldinn, s\u00e9rstaklega \u00e1 n\u00f3ttunni. \u00cd b\u00f6lvunart\u00f6flum er Striga nefnd sem \u00e1r\u00e1sarvopn gegn \u00f3vinum. \u00c1 s\u00ed\u00f0ari t\u00edmum, \u00e1 slavnesku sv\u00e6\u00f0i, ver\u00f0a til langar verndarform\u00falur gegn strigoi.<\/p><p><strong>Verndargripir og t\u00e1knmerki<\/strong><\/p><p>Bulla-<span class=\"iwg-fachbegriff\" data-tooltip=\"Hlutur sem borinn er \u00e1 s\u00e9r og talinn hafa verndandi, \u00f3gnaraverandi \u00e1hrif.\" tabindex=\"0\">verndargripur<\/span> fyrir r\u00f3mversk b\u00f6rn, fylltur me\u00f0 t\u00f6frahlutum. Salt, \u00feyrnir, l\u00e1rvi\u00f0ur, hv\u00edtlaukur. S\u00ed\u00f0ari slavneskar hef\u00f0ir b\u00e6ta vi\u00f0 krossum, helgimyndum og s\u00e9rst\u00f6kum \u00fatfararsi\u00f0um fyrir \u00fe\u00e1 sem gruna\u00f0ir voru um a\u00f0 vera strigoi.<\/p><p><strong><span class=\"iwg-fachbegriff\" data-tooltip=\"Heild tr\u00faarlegra tilbei\u00f0sluathafna fyrir go\u00f0magn e\u00f0a heilaga pers\u00f3nu.\" tabindex=\"0\">D\u00fdrkun<\/span> og lotning<\/strong><\/p><p>Strigae eru ekki d\u00fdrka\u00f0ar, heldur varist \u00feeim. J\u00e1rn undir r\u00faminu, rau\u00f0ir \u00fer\u00e6\u00f0ir og hv\u00edtlaukur voru algengir. Grafir voru vakta\u00f0ar. Prestar og galdramenn g\u00e1tu bundi\u00f0 \u00fe\u00e6r. \u00cd sumum menningarheimum var reynt a\u00f0 umgangast \u00fe\u00e6r af vir\u00f0ingu.<\/p>\t\t\t\t\t\t\t\t<\/div>\n\t\t\t\t<\/div>\n\t\t\t\t\t<\/div>\n\t\t\t\t<\/div>\n\t\t<div class=\"elementor-element elementor-element-5a584676 e-flex e-con-boxed e-con e-parent\" data-id=\"5a584676\" data-element_type=\"container\" data-e-type=\"container\">\n\t\t\t\t\t<div class=\"e-con-inner\">\n\t\t\t\t<div class=\"elementor-element elementor-element-6d0757bf elementor-widget elementor-widget-heading\" data-id=\"6d0757bf\" data-element_type=\"widget\" data-e-type=\"widget\" data-widget_type=\"heading.default\">\n\t\t\t\t\t<h2 class=\"elementor-heading-title elementor-size-default\">Striga, hli\u00f0st\u00e6\u00f0ur \u00ed \u00f6\u00f0rum menningarheimum<\/h2>\t\t\t\t<\/div>\n\t\t<div class=\"elementor-element elementor-element-60563f68 e-con-full e-flex e-con e-child\" data-id=\"60563f68\" data-element_type=\"container\" data-e-type=\"container\">\n\t\t\t\t<div class=\"elementor-element elementor-element-5a93fdd6 elementor-widget elementor-widget-text-editor\" data-id=\"5a93fdd6\" data-element_type=\"widget\" data-e-type=\"widget\" data-widget_type=\"text-editor.default\">\n\t\t\t\t\t\t\t\t\t<p><strong>Fyrirmyndir og skyldleiki:<\/strong> Mes\u00f3p\u00f3tam\u00edsk Lil\u012btu og gy\u00f0ingleg Lilith, barnamor\u00f0s-dj\u00f6fullinn sem \u00fatbreitt <span class=\"iwg-fachbegriff\" data-tooltip=\"Endurteki\u00f0 minni e\u00f0a stef \u00ed list e\u00f0a fr\u00e1s\u00f6gn.\" tabindex=\"0\">stef<\/span> hins forna austurlanda. Gr\u00edsk Lamia og Empusa sem b\u00f3kmenntalega skyldar verur.<\/p><p><strong>Mi\u00f0aldir<\/strong><\/p><p>Mi\u00f0aldanornin erfir m\u00f6rg einkenni striganna: n\u00e6turflug, umbreytingu, \u00e1r\u00e1sir \u00e1 ungb\u00f6rn. \u00cdtalska or\u00f0i\u00f0 <em>strega<\/em> (\u201enorn\u201c) er komi\u00f0 beint af Strix.<\/p><p><strong>N\u00fat\u00edma vamp\u00edrumyndin<\/strong><\/p><p>R\u00famenska <em>strigoi<\/em> er beinn forveri n\u00fat\u00edma vamp\u00edrumyndarinnar. Dracula Bram Stokers og eftirfylgjendur hans bera \u00ed s\u00e9r einkenni striganna, s\u00e9rstaklega innbrot um glugga, bit \u00e1 h\u00e1ls og bl\u00f3\u00f0t\u00e6mingu.<\/p>\t\t\t\t\t\t\t\t<\/div>\n\t\t\t\t<\/div>\n\t\t\t\t\t<\/div>\n\t\t\t\t<\/div>\n\t\t<div class=\"elementor-element elementor-element-cpf0a1835 e-flex e-con-boxed e-con e-parent\" data-id=\"cpf0a1835\" data-element_type=\"container\" data-e-type=\"container\">\n\t\t\t\t\t<div class=\"e-con-inner\">\n\t\t\t\t<div class=\"elementor-element elementor-element-cpbaafb51 elementor-widget elementor-widget-heading\" data-id=\"cpbaafb51\" data-element_type=\"widget\" data-e-type=\"widget\" data-widget_type=\"heading.default\">\n\t\t\t\t\t<h2 class=\"elementor-heading-title elementor-size-default\">Fornar heimildir: Ovidius, Petronius og Plinius<\/h2>\t\t\t\t<\/div>\n\t\t<div class=\"elementor-element elementor-element-cpd54957b e-con-full e-flex e-con e-child\" data-id=\"cpd54957b\" data-element_type=\"container\" data-e-type=\"container\">\n\t\t\t\t<div class=\"elementor-element elementor-element-cp12a0820 elementor-widget elementor-widget-text-editor\" data-id=\"cp12a0820\" data-element_type=\"widget\" data-e-type=\"widget\" data-widget_type=\"text-editor.default\">\n\t\t\t\t\t\t\t\t\t<p><em>Striga<\/em> e\u00f0a <em>strix<\/em> er ein af f\u00e1um r\u00f3mverskum \u00f3g\u00e6fuverum sem margar sj\u00e1lfst\u00e6\u00f0ar <span class=\"iwg-fachbegriff\" data-tooltip=\"T\u00edmabil gr\u00edskrar og r\u00f3mverskrar menningar, um 800 f.Kr. til 600 e.Kr.\" tabindex=\"0\">fornaldar<\/span>heimildir eru til um. \u00cdtarlegustu l\u00fdsinguna gefur Ovidius \u00ed <em>Fasti<\/em>, h\u00e1t\u00ed\u00f0ardagatalinu, \u00ed kaflanum um vi\u00f0bur\u00f0i j\u00fan\u00edm\u00e1na\u00f0ar.<\/p><p>\u00dear l\u00fdsir hann <em>striges<\/em> sem n\u00e1ttfuglum me\u00f0 st\u00f3rt h\u00f6fu\u00f0, stara augu, kr\u00f3kgogg og gr\u00e1 fja\u00f0rafar, sem flj\u00faga \u00ed myrkri og leita ungabarna til a\u00f0 sj\u00faga \u00far \u00feeim innyfli e\u00f0a bl\u00f3\u00f0.<\/p><p>Ovidius segir \u00ed kj\u00f6lfari\u00f0 fr\u00e1 h\u00e6ttunni sem litla konungssoninn Proca stafa\u00f0i af og hvernig gy\u00f0jan Carna e\u00f0a Cardea v\u00edsa\u00f0i fuglinum fr\u00e1 me\u00f0 arb\u00fatusgrein og sv\u00ednsf\u00f3rn.<\/p><p>Petronius l\u00e6tur pers\u00f3nuna Trimalchio og gesti hans \u00ed <em>Satyricon<\/em> segja fr\u00e1 <em>strigae<\/em>: \u00cd einum kafla er l\u00edk drengs skipt \u00fat af nornum og h\u00e1lmv\u00f6ndull lag\u00f0ur \u00ed sta\u00f0inn, ma\u00f0ur sem vill trufla \u00fe\u00e6r er illa leikinn.<\/p><p>H\u00e9r eru <em>strigae<\/em> \u00feegar or\u00f0nar kvenkyns galdrakonur, ekki bara fuglar. Plinius eldri nefnir <em>strix<\/em> \u00ed <em>Naturalis historia<\/em> \u00ed d\u00fdrafr\u00e6\u00f0ilegu samhengi og bendir \u00e1 a\u00f0 um hana gangi <span class=\"iwg-fachbegriff\" data-tooltip=\"S\u00f6g\u00f0 fr\u00e1s\u00f6gn me\u00f0 oft s\u00f6gulegum kjarna og fur\u00f0ulegum einkennum.\" tabindex=\"0\">s\u00f6gn<\/span> um a\u00f0 h\u00fan gefi ungab\u00f6rnum brj\u00f3st me\u00f0 mj\u00f3lk sinni, en l\u00e6tur \u00ed lj\u00f3s efasemdir um a\u00f0 fuglinn s\u00e9 raunverulega til.<\/p><p>\u00deessar heimildir s\u00fdna pers\u00f3nuna \u00ed afgerandi \u00f3vissu milli d\u00fdrs og manns, milli n\u00e1tt\u00farufr\u00e6\u00f0i og hrollvekju. \u00deegar \u00e1 <span class=\"iwg-fachbegriff\" data-tooltip=\"T\u00edmabil gr\u00edskrar og r\u00f3mverskrar menningar, um 800 f.Kr. til 600 e.Kr.\" tabindex=\"0\">forn\u00f6ld<\/span> var \u00f3lj\u00f3st hvort <em>strix<\/em> v\u00e6ri raunverulegur n\u00e1ttfugl me\u00f0 \u00f3gnvekjandi v\u00e6l, <span class=\"iwg-fachbegriff\" data-tooltip=\"Geistlegt vera sem talin er hafa ska\u00f0lega e\u00f0a tv\u00edbenta virkni.\" tabindex=\"0\">dj\u00f6fulleg vera<\/span> e\u00f0a kona sem breytist \u00ed fugl.<\/p><p>\u00deessi tv\u00edr\u00e6\u00f0ni er ekki galli \u00ed <span class=\"iwg-fachbegriff\" data-tooltip=\"Mi\u00f0lun \u00feekkingar og fr\u00e1sagna milli kynsl\u00f3\u00f0a.\" tabindex=\"0\">munnm\u00e6lahef\u00f0inni<\/span>, heldur kjarni hennar: R\u00f3mverjar sj\u00e1lfir deildu um e\u00f0li verunnar.<\/p>\t\t\t\t\t\t\t\t<\/div>\n\t\t\t\t<\/div>\n\t\t\t\t\t<\/div>\n\t\t\t\t<\/div>\n\t\t<div class=\"elementor-element elementor-element-cpca1320f e-flex e-con-boxed e-con e-parent\" data-id=\"cpca1320f\" data-element_type=\"container\" data-e-type=\"container\">\n\t\t\t\t\t<div class=\"e-con-inner\">\n\t\t\t\t<div class=\"elementor-element elementor-element-cp8bd5c6a elementor-widget elementor-widget-heading\" data-id=\"cp8bd5c6a\" data-element_type=\"widget\" data-e-type=\"widget\" data-widget_type=\"heading.default\">\n\t\t\t\t\t<h2 class=\"elementor-heading-title elementor-size-default\">Fuglinn og nornin: \u00f3leyst tv\u00ede\u00f0li<\/h2>\t\t\t\t<\/div>\n\t\t<div class=\"elementor-element elementor-element-cpb8767c3 e-con-full e-flex e-con e-child\" data-id=\"cpb8767c3\" data-element_type=\"container\" data-e-type=\"container\">\n\t\t\t\t<div class=\"elementor-element elementor-element-cpc2cfa9c elementor-widget elementor-widget-text-editor\" data-id=\"cpc2cfa9c\" data-element_type=\"widget\" data-e-type=\"widget\" data-widget_type=\"text-editor.default\">\n\t\t\t\t\t\t\t\t\t<p>Tv\u00edr\u00e6\u00f0ni <em>strix<\/em>-or\u00f0sins hefur langa ranns\u00f3knars\u00f6gu. M\u00e1lfr\u00e6\u00f0ilega er <em>strix<\/em> upphaflega fuglaheiti, tengt gr\u00edska or\u00f0inu <em>strinx<\/em>, og v\u00edsar l\u00edklega til \u00e1kve\u00f0innar uglutegundar; hi\u00f0 hrollvekjandi, gjallandi hlj\u00f3\u00f0 n\u00e1ttfuglanna er tali\u00f0 upphaf hugmyndarins. \u00dar hinum raunverulega n\u00e1ttfugli me\u00f0 s\u00ednu \u00f3gnvekjandi \u00f3pi var\u00f0 \u00f3happafugl, s\u00ed\u00f0ar bl\u00f3\u00f0sj\u00fagandi dj\u00f6fulvera.<\/p><p>Samhli\u00f0a \u00feessu f\u00e6r\u00f0ist merkingin \u00ed \u00e1tt til mannsins. \u00cd latneskum b\u00f3kmenntum keisarat\u00edmans og s\u00e9rstaklega \u00ed s\u00ed\u00f0fornaldar- og mi\u00f0aldalegri <span class=\"iwg-fachbegriff\" data-tooltip=\"Flutningur vitneskju og fr\u00e1sagna milli kynsl\u00f3\u00f0a.\" tabindex=\"0\">munnm\u00e6lahef\u00f0<\/span> v\u00edsar <em>striga<\/em> \u00ed s\u00edauknum m\u00e6li til t\u00f6fram\u00e1ttugrar konu sem fer \u00fat \u00e1 n\u00e6tur til a\u00f0 valda ska\u00f0a.<\/p><p>Hugmyndin um a\u00f0 sl\u00edkar konur geti breytt s\u00e9r e\u00f0a sent <span class=\"iwg-fachbegriff\" data-tooltip=\"L\u00edkamslaus vera sem talin er hafa \u00e1hrif \u00ed heiminum.\" tabindex=\"0\">anda<\/span> sinn af sta\u00f0 tengir \u00feessa tvo \u00fer\u00e6\u00f0i saman: nornin tekur \u00e1 sig mynd e\u00f0a eiginleika fuglsins.<\/p><p>\u00deessa \u00fer\u00f3un er ekki h\u00e6gt a\u00f0 l\u00fdsa sem einfaldri l\u00ednu. \u00cd heimildunum eru hrein d\u00fdratr\u00fa, dj\u00f6flafr\u00e6\u00f0ileg t\u00falkun og hin manneskjulega norn til hli\u00f0 vi\u00f0 hli\u00f0, oft \u00ed sama texta.<\/p><p>Ranns\u00f3knir, me\u00f0al annars \u00e1 r\u00f3mverskri \u00fej\u00f3\u00f0tr\u00fa og fors\u00f6gu evr\u00f3pskrar galdratr\u00faar, l\u00edta \u00fev\u00ed \u00e1 <em>striga<\/em> sem mikilv\u00e6gan tengipunkt: \u00e1 henni m\u00e1 sj\u00e1 hvernig hugmyndin um ska\u00f0valda-nornina \u00f3x \u00e1 m\u00f6rgum \u00f6ldum \u00far fuglafyrirbo\u00f0a.<\/p><p>Mi\u00f0aldalat\u00edna notar <em>striga<\/em> og <em>strix<\/em> oft samheitalega fyrir \u201enorn\u201c, og \u00ed nokkrum r\u00f3m\u00f6nskum m\u00e1lum lifir or\u00f0i\u00f0 \u00e1fram \u00ed n\u00e1kv\u00e6mlega \u00feeirri merkingu.<\/p>\t\t\t\t\t\t\t\t<\/div>\n\t\t\t\t<\/div>\n\t\t\t\t\t<\/div>\n\t\t\t\t<\/div>\n\t\t<div class=\"elementor-element elementor-element-cp043516e e-flex e-con-boxed e-con e-parent\" data-id=\"cp043516e\" data-element_type=\"container\" data-e-type=\"container\">\n\t\t\t\t\t<div class=\"e-con-inner\">\n\t\t\t\t<div class=\"elementor-element elementor-element-cp5d8d185 elementor-widget elementor-widget-heading\" data-id=\"cp5d8d185\" data-element_type=\"widget\" data-e-type=\"widget\" data-widget_type=\"heading.default\">\n\t\t\t\t\t<h2 class=\"elementor-heading-title elementor-size-default\">R\u00e9ttarsaga: striga \u00ed germ\u00f6nskum \u00fej\u00f3\u00f0arr\u00e9tti<\/h2>\t\t\t\t<\/div>\n\t\t<div class=\"elementor-element elementor-element-cp657a03d e-con-full e-flex e-con e-child\" data-id=\"cp657a03d\" data-element_type=\"container\" data-e-type=\"container\">\n\t\t\t\t<div class=\"elementor-element elementor-element-cpb1f0e81 elementor-widget elementor-widget-text-editor\" data-id=\"cpb1f0e81\" data-element_type=\"widget\" data-e-type=\"widget\" data-widget_type=\"text-editor.default\">\n\t\t\t\t\t\t\t\t\t<p>S\u00e9rst\u00f6k sl\u00f3\u00f0 lei\u00f0ir <em>striga<\/em> inn \u00ed r\u00e9ttars\u00f6gu fyrri mi\u00f0alda. \u00cd nokkrum af hinum svok\u00f6llu\u00f0u \u00fej\u00f3\u00f0arr\u00e9ttum, skrifu\u00f0um \u00e6ttb\u00e1lkal\u00f6gum fyrri mi\u00f0alda, kemur or\u00f0i\u00f0 fyrir.<\/p><p>S\u00e9rstaklega \u00feekkt er \u00e1kv\u00e6\u00f0i\u00f0 \u00ed <em>Lex Salica<\/em>, l\u00f6gum Frankanna, sem setur sekt fyrir \u00feann sem sakar annan a\u00f0 \u00f3sekju um a\u00f0 vera <em>stria<\/em> e\u00f0a heldur \u00fev\u00ed fram a\u00f0 hann hafi \u201egleypt\u201c mann. <em>Lex Salica<\/em> refsar \u00fev\u00ed ekki fyrir galdur sj\u00e1lfan, heldur fyrir \u00f3r\u00f6kstudda \u00e1s\u00f6kun.<\/p><p>Enn uppl\u00fdsandi er \u00e1kv\u00e6\u00f0i sem tengt er langbar\u00f0akonunginum Rothari: tilskipun hans fr\u00e1 sj\u00f6undu \u00f6ld bannar s\u00e9rstaklega a\u00f0 drepa amb\u00e1tt e\u00f0a frj\u00e1lsa konu vegna \u00feess a\u00f0 h\u00fan s\u00e9 <em>striga<\/em>, og l\u00fdsir yfir a\u00f0 kristinn ma\u00f0ur megi ekki tr\u00faa \u00fev\u00ed a\u00f0 kona geti eytt manni innan fr\u00e1.<\/p><p>H\u00e9r sn\u00fdst hin veraldlega lagasetning gegn \u00fej\u00f3\u00f0tr\u00fanni og verndar \u00fe\u00e1 sem \u00e1saka\u00f0ir eru.<\/p><p>\u00deessar r\u00e9ttarheimildir hafa miki\u00f0 gildi fyrir ranns\u00f3knir \u00fev\u00ed \u00fe\u00e6r s\u00fdna a\u00f0 tr\u00fain \u00e1 mann\u00e6tunornir var l\u00edfseig og afdrifar\u00edk \u00e1 fyrri mi\u00f0\u00f6ldum, l\u00f6ngu fyrir st\u00f3ru galdraofs\u00f3knir \u00e1rn\u00fdaldar. \u00c1 sama t\u00edma vitna \u00fe\u00e6r um opinbera, a\u00f0 hluta kirkjulega studda tortryggni gagnvart \u00feessari tr\u00fa.<\/p><p>Hinn kunni <em>Canon episcopi<\/em>, kirkjur\u00e9ttarlegur texti, skilgreindi tr\u00fana \u00e1 n\u00e1ttfer\u00f0ir kvenna sem blekkingu. L\u00ednan fr\u00e1 r\u00f3mverskri <em>strix<\/em> yfir \u00fej\u00f3\u00f0arr\u00e9ttinn til \u00feessara kirkjulegu yfirl\u00fdsinga er ein af mikilv\u00e6gustu fors\u00f6gum hinnar s\u00ed\u00f0ari nornarmyndar.<\/p>\t\t\t\t\t\t\t\t<\/div>\n\t\t\t\t<\/div>\n\t\t\t\t\t<\/div>\n\t\t\t\t<\/div>\n\t\t<div class=\"elementor-element elementor-element-cpab64a98 e-flex e-con-boxed e-con e-parent\" data-id=\"cpab64a98\" data-element_type=\"container\" data-e-type=\"container\">\n\t\t\t\t\t<div class=\"e-con-inner\">\n\t\t\t\t<div class=\"elementor-element elementor-element-cpcc7199c elementor-widget elementor-widget-heading\" data-id=\"cpcc7199c\" data-element_type=\"widget\" data-e-type=\"widget\" data-widget_type=\"heading.default\">\n\t\t\t\t\t<h2 class=\"elementor-heading-title elementor-size-default\">\u00c1framhaldandi l\u00edf \u00ed Su\u00f0austur-Evr\u00f3pu: strigoi-hef\u00f0in<\/h2>\t\t\t\t<\/div>\n\t\t<div class=\"elementor-element elementor-element-cp60a32fb e-con-full e-flex e-con e-child\" data-id=\"cp60a32fb\" data-element_type=\"container\" data-e-type=\"container\">\n\t\t\t\t<div class=\"elementor-element elementor-element-cpd8b5efd elementor-widget elementor-widget-text-editor\" data-id=\"cpd8b5efd\" data-element_type=\"widget\" data-e-type=\"widget\" data-widget_type=\"text-editor.default\">\n\t\t\t\t\t\t\t\t\t<p>Or\u00f0i\u00f0 <em>striga<\/em> hefur \u00ed tungum\u00e1lum Su\u00f0austur-Evr\u00f3pu merkilega langa framhaldss\u00f6gu. \u00cd r\u00famensku \u00fer\u00f3a\u00f0ist \u00fea\u00f0 \u00ed <em>strig\u0103<\/em> og fyrst og fremst <em>strigoi<\/em>, heiti \u00e1 afturgengnum dau\u00f0um e\u00f0a lifandi manni me\u00f0 ska\u00f0legan yfirn\u00e1tt\u00farulegan kraft.<\/p><p><em>Strigoi<\/em> r\u00famenskrar \u00fej\u00f3\u00f0tr\u00faar er margslungin vera: til er <em>strigoi viu<\/em>, hinn lifandi, og <em>strigoi mort<\/em>, hinn d\u00e1ni, sem sn\u00fdr aftur \u00far gr\u00f6finni, \u00e1s\u00e6kir b\u00faf\u00e9na\u00f0 og \u00e6ttingja og sviptir \u00fe\u00e1 l\u00edfs\u00fer\u00f3tti.<\/p><p>\u00deessi hef\u00f0 var skr\u00e1\u00f0 af \u00fej\u00f3\u00f0h\u00e1ttafr\u00e6\u00f0ingum \u00e1 n\u00edtj\u00e1ndu og tuttugustu \u00f6ld og hefur s\u00ed\u00f0ar or\u00f0i\u00f0 hluti af al\u00fej\u00f3\u00f0legum vamp\u00edruranns\u00f3knum. <em>Strigoi<\/em> heyrir til austur-mi\u00f0-evr\u00f3pskra afturg\u00f6ngu-hugmynda sem hafa m\u00f3ta\u00f0 hina vestr\u00e6nu vamp\u00edrumynd, jafnvel \u00fe\u00f3tt hin \u00fej\u00f3\u00f0lega vera s\u00e9 mun margslungnari en hin b\u00f3kmenntalega.<\/p><p>M\u00e1lfr\u00e6\u00f0ilega tengd heiti finnast v\u00ed\u00f0ar \u00e1 Balkanskaga, sem bendir til gamals sameiginlegs lags. Tr\u00faarbrag\u00f0afr\u00e6\u00f0ilega er athyglisvert a\u00f0 af \u00feessari or\u00f0as\u00f6gu m\u00e1 lesa langa merkingar\u00fer\u00f3un: fr\u00e1 r\u00f3mverska n\u00e1ttfuglinum yfir mi\u00f0aldanornina til n\u00fat\u00edma afturg\u00f6ngunnar.<\/p><p>Or\u00f0i\u00f0 h\u00e9lst st\u00f6\u00f0ugt me\u00f0an hugmyndin laga\u00f0i sig a\u00f0 r\u00edkjandi \u00f3tta og sk\u00fdringar\u00fe\u00f6rf hverju sinni. S\u00e9 <em>striga<\/em> <span class=\"iwg-fachbegriff\" data-tooltip=\"Skei\u00f0 gr\u00edskrar og r\u00f3mverskrar menningar, um 800 f.Kr. til 600 e.Kr.\" tabindex=\"0\">fornaldar<\/span> l\u00f6g\u00f0 vi\u00f0 hli\u00f0 <em>strigoi<\/em> r\u00famenskra \u00feorpa, s\u00e9st ekki sama veran, heldur samfelld flutningsl\u00edna. Skyldar hugmyndir um bl\u00f3\u00f0sj\u00fagandi dau\u00f0a finnast einnig \u00e1 slavnesku sv\u00e6\u00f0i, me\u00f0al annars \u00ed <a href=\"https:\/\/iwell-guard.com\/is\/?page_id=168640\">Upir<\/a>.<\/p>\t\t\t\t\t\t\t\t<\/div>\n\t\t\t\t<\/div>\n\t\t\t\t\t<\/div>\n\t\t\t\t<\/div>\n\t\t<div class=\"elementor-element elementor-element-36dd7469 e-flex e-con-boxed e-con e-parent\" data-id=\"36dd7469\" data-element_type=\"container\" data-e-type=\"container\">\n\t\t\t\t\t<div class=\"e-con-inner\">\n\t\t\t\t<div class=\"elementor-element elementor-element-13760ab4 elementor-widget elementor-widget-heading\" data-id=\"13760ab4\" data-element_type=\"widget\" data-e-type=\"widget\" data-widget_type=\"heading.default\">\n\t\t\t\t\t<div class=\"elementor-heading-title elementor-size-default\">\u00cdtarefni og tenglar<\/div>\t\t\t\t<\/div>\n\t\t<div class=\"elementor-element elementor-element-28c87796 e-con-full e-flex e-con e-child\" data-id=\"28c87796\" data-element_type=\"container\" data-e-type=\"container\">\n\t\t\t\t<div class=\"elementor-element elementor-element-5d6538df elementor-widget elementor-widget-text-editor\" data-id=\"5d6538df\" data-element_type=\"widget\" data-e-type=\"widget\" data-widget_type=\"text-editor.default\">\n\t\t\t\t\t\t\t\t\t<p>R\u00e1\u00f0lag\u00f0ir innri tenglar:<\/p><ul><li><a href=\"https:\/\/iwell-guard.com\/is\/?page_id=168595\">R\u00f3m<\/a><\/li><li><a href=\"https:\/\/iwell-guard.com\/is\/?page_id=168606\">Lamiae<\/a> (skyldur flokkur)<\/li><li><a href=\"https:\/\/iwell-guard.com\/is\/?page_id=168586\">Lil\u00fb og Lil\u012btu<\/a> (forveri)<\/li><li><a href=\"https:\/\/iwell-guard.com\/is\/?page_id=168607\">Lilith<\/a> (j\u00fad\u00edsk hli\u00f0st\u00e6\u00f0a)<\/li><li>Mi\u00f0aldahugmyndin um nornir<\/li><li>Vamp\u00edruverur og uppruni \u00feeirra<\/li><\/ul>\t\t\t\t\t\t\t\t<\/div>\n\t\t\t\t<\/div>\n\t\t\t\t\t<\/div>\n\t\t\t\t<\/div>\n\t\t<div class=\"elementor-element elementor-element-grl4kl40 e-flex e-con-boxed e-con e-parent\" data-id=\"grl4kl40\" data-element_type=\"container\" data-e-type=\"container\">\n\t\t\t\t\t<div class=\"e-con-inner\">\n\t\t\t\t<div class=\"elementor-element elementor-element-bzsbfrmh elementor-widget elementor-widget-heading\" data-id=\"bzsbfrmh\" data-element_type=\"widget\" data-e-type=\"widget\" data-widget_type=\"heading.default\">\n\t\t\t\t\t<h2 class=\"elementor-heading-title elementor-size-default\">Fr\u00e6\u00f0irit<\/h2>\t\t\t\t<\/div>\n\t\t<div class=\"elementor-element elementor-element-2c13224a e-con-full e-flex e-con e-child\" data-id=\"2c13224a\" data-element_type=\"container\" data-e-type=\"container\">\n\t\t\t\t<div class=\"elementor-element elementor-element-0eymh9ub elementor-widget elementor-widget-text-editor\" data-id=\"0eymh9ub\" data-element_type=\"widget\" data-e-type=\"widget\" data-widget_type=\"text-editor.default\">\n\t\t\t\t\t\t\t\t\t<footer class=\"iwg-literatur\" data-nosnippet=\"true\"><p>\u00darval mikilv\u00e6gra verka um Striga og skyldar verur:<\/p><ul><li><span data-nosnippet>Oliphant, Samuel Grant: \u201eThe Story of the Strix.&#8220; In: <em>Transactions of the American Philological Association<\/em> 44 (1913).<\/span><\/li><li><span data-nosnippet>Burkert, Walter: <em>Structure and History in Greek Mythology and <span class=\"iwg-fachbegriff\" data-tooltip=\"Skipul\u00f6g\u00f0 atbur\u00f0ar\u00e1s t\u00e1kmyndarlegra athafna me\u00f0 tr\u00faarlega e\u00f0a menningarlega merkingu.\" tabindex=\"0\">Ritual<\/span><\/em>. Berkeley 1979.<\/span><\/li><li><span data-nosnippet>Murgoci, Agnes: \u201eThe Vampire in Roumania.&#8220; In: <em><span class=\"iwg-fachbegriff\" data-tooltip=\"Hin var\u00f0veitta \u00fej\u00f3\u00f0menning me\u00f0 si\u00f0um, fr\u00e1s\u00f6gnum og s\u00f6ngvum.\" tabindex=\"0\">Folklore<\/span><\/em> 37 (1926).<\/span><\/li><li><span data-nosnippet>Barber, Paul: <em>Vampires, Burial, and Death<\/em>. New Haven 1988.<\/span><\/li><li><span data-nosnippet>Bl\u00e9court, Willem de \/ Davies, Owen: <em>Witchcraft Continued<\/em>. Manchester 2004.<\/span><\/li><\/ul><\/footer>\t\t\t\t\t\t\t\t<\/div>\n\t\t\t\t<\/div>\n\t\t\t\t\t<\/div>\n\t\t\t\t<\/div>\n\t\t<div class=\"elementor-element elementor-element-qv846qv e-flex e-con-boxed e-con e-parent\" data-id=\"qv846qv\" data-element_type=\"container\" data-e-type=\"container\">\n\t\t\t\t\t<div class=\"e-con-inner\">\n\t\t\t\t<div class=\"elementor-element elementor-element-qv846qvh elementor-widget elementor-widget-heading\" data-id=\"qv846qvh\" data-element_type=\"widget\" data-e-type=\"widget\" data-widget_type=\"heading.default\">\n\t\t\t\t\t<h2 class=\"elementor-heading-title elementor-size-default\">Tengd verndart\u00e1kn<\/h2>\t\t\t\t<\/div>\n\t\t<div class=\"elementor-element elementor-element-qv846qvb e-con-full e-flex e-con e-parent\" data-id=\"qv846qvb\" data-element_type=\"container\" data-e-type=\"container\">\n\t\t\t\t<div class=\"elementor-element elementor-element-qv846qvt elementor-widget elementor-widget-html\" data-id=\"qv846qvt\" data-element_type=\"widget\" data-e-type=\"widget\" data-widget_type=\"html.default\">\n\t\t\t\t\t<div class=\"iwg-querverweis-grid\" style=\"display:grid;grid-template-columns:repeat(auto-fit,minmax(220px,1fr));gap:16px;margin:16px 0;\"><div class=\"iwg-querverweis-card\"><a href=\"https:\/\/iwell-guard.com\/is\/?page_id=168901\" class=\"iwg-querverweis-link\"><strong>Illt auga<\/strong><br><span class=\"iwg-querverweis-teaser\">Al\u00fej\u00f3\u00f0leg tr\u00fa \u00e1 ska\u00f0legt augnar\u00e1\u00f0, sem nazar boncu\u011fu, mati og malocchio veita v\u00f6rn gegn<\/span><\/a><\/div><\/div><style>.iwg-querverweis-card{padding:16px;border:1px solid var(--e-global-color-f443515,#e6c45a);border-radius:8px;background:rgba(0,0,0,0.22);}.iwg-querverweis-link{color:var(--e-global-color-accent,#e6c45a);text-decoration:none;}.iwg-querverweis-teaser{color:#e8e8e8;font-size:13px;line-height:1.4;}<\/style>\t\t\t\t<\/div>\n\t\t\t\t<\/div>\n\t\t\t\t\t<\/div>\n\t\t\t\t<\/div>\n\t\t<div class=\"elementor-element elementor-element-iwgca-striga-sec e-flex e-con-boxed e-con e-parent\" data-id=\"iwgca-striga-sec\" data-element_type=\"container\" data-e-type=\"container\" id=\"iwg-ca-striga\">\n\t\t\t\t\t<div class=\"e-con-inner\">\n\t\t\t\t<div class=\"elementor-element elementor-element-iwgca-striga-te iwg-ca-textwrap elementor-widget elementor-widget-text-editor\" data-id=\"iwgca-striga-te\" data-element_type=\"widget\" data-e-type=\"widget\" data-widget_type=\"text-editor.default\">\n\t\t\t\t\t\t\t\t\t<div data-nosnippet=\"true\"><p class=\"iwg-ca-bridge\">Verndarhef\u00f0in sem h\u00e9r er l\u00fdst er tr\u00faars\u00f6gulegt yfirlit yfir s\u00f6guleg fyrirb\u00e6ri. iWell Guard tengist \u00feessari menningars\u00f6gulegu hef\u00f0 verndargripa sem bornir eru \u00e1 l\u00edkamanum og er samt\u00edma\u00fatg\u00e1fa af henni. <a href=\"\/ueber-iwell-guard\/?utm_source=iwell-guard.com&#038;utm_medium=text-link&#038;utm_campaign=schadwesen-tradition\">Meira um iWell Guard \u2192<\/a><\/p><\/div>\t\t\t\t\t\t\t\t<\/div>\n\t\t\t\t\t<\/div>\n\t\t\t\t<\/div>\n\t\t\t\t<\/div>\n\t\t","protected":false},"excerpt":{"rendered":"","protected":false},"author":3,"featured_media":1713,"parent":0,"menu_order":0,"comment_status":"closed","ping_status":"closed","template":"elementor_header_footer","meta":{"_yoast_wpseo_focuskw":"Striga","_yoast_wpseo_title":"Striga - nornavamp\u00edran \u00far r\u00f3mverskri n\u00f3tt","_yoast_wpseo_metadesc":"Striga, bl\u00f3\u00f0sugandi n\u00e1ttfugl \u00far r\u00f3mverskri hef\u00f0. Frumger\u00f0 s\u00ed\u00f0ari t\u00edma vamp\u00edru- og nornapers\u00f3na","_yoast_wpseo_meta-robots-noindex":"","_yoast_wpseo_canonical":"","_angie_page":false,"gefaehrdungsstufe":"4","wesen_kultur":"rom","wesen_klasse":"daemonen","footnotes":""},"categories":[],"class_list":["post-168604","page","type-page","status-publish","has-post-thumbnail","hentry"],"yoast_head":"<!-- This site is optimized with the Yoast SEO Premium plugin v27.7 (Yoast SEO v28.3) - https:\/\/yoast.com\/product\/yoast-seo-premium-wordpress\/ -->\n<title>Striga - nornavamp\u00edran \u00far r\u00f3mverskri n\u00f3tt<\/title>\n<meta name=\"description\" content=\"Striga, bl\u00f3\u00f0sugandi n\u00e1ttfugl \u00far r\u00f3mverskri hef\u00f0. Frumger\u00f0 s\u00ed\u00f0ari t\u00edma vamp\u00edru- og nornapers\u00f3na\" \/>\n<meta name=\"robots\" content=\"index, follow, max-snippet:-1, max-image-preview:large, max-video-preview:-1\" \/>\n<link rel=\"canonical\" href=\"https:\/\/iwell-guard.com\/is\/striga\/\" \/>\n<meta property=\"og:locale\" content=\"is_IS\" \/>\n<meta property=\"og:type\" content=\"article\" \/>\n<meta property=\"og:title\" content=\"Striga\" \/>\n<meta property=\"og:description\" content=\"Striga, bl\u00f3\u00f0sugandi n\u00e1ttfugl \u00far r\u00f3mverskri hef\u00f0. Frumger\u00f0 s\u00ed\u00f0ari t\u00edma vamp\u00edru- og nornapers\u00f3na\" \/>\n<meta property=\"og:url\" content=\"https:\/\/iwell-guard.com\/is\/striga\/\" \/>\n<meta property=\"og:site_name\" content=\"iWell Guard\" \/>\n<meta property=\"article:modified_time\" content=\"2026-09-05T14:14:43+00:00\" \/>\n<meta property=\"og:image\" content=\"https:\/\/iwell-guard.com\/wp-content\/uploads\/2026\/04\/geister_rom_striga.webp\" \/>\n\t<meta property=\"og:image:width\" content=\"1024\" \/>\n\t<meta property=\"og:image:height\" content=\"1536\" \/>\n\t<meta property=\"og:image:type\" content=\"image\/webp\" \/>\n<meta name=\"twitter:card\" content=\"summary_large_image\" \/>\n<script type=\"application\/ld+json\" class=\"yoast-schema-graph\">{\"@context\":\"https:\\\/\\\/schema.org\",\"@graph\":[{\"@type\":\"WebPage\",\"@id\":\"https:\\\/\\\/iwell-guard.com\\\/is\\\/striga\\\/\",\"url\":\"https:\\\/\\\/iwell-guard.com\\\/is\\\/striga\\\/\",\"name\":\"Striga - nornavamp\u00edran \u00far r\u00f3mverskri n\u00f3tt\",\"isPartOf\":{\"@id\":\"https:\\\/\\\/iwell-guard.com\\\/is\\\/#website\"},\"primaryImageOfPage\":{\"@id\":\"https:\\\/\\\/iwell-guard.com\\\/is\\\/striga\\\/#primaryimage\"},\"image\":{\"@id\":\"https:\\\/\\\/iwell-guard.com\\\/is\\\/striga\\\/#primaryimage\"},\"thumbnailUrl\":\"https:\\\/\\\/iwell-guard.com\\\/wp-content\\\/uploads\\\/2026\\\/04\\\/geister_rom_striga.webp\",\"datePublished\":\"2026-09-05T14:01:30+00:00\",\"dateModified\":\"2026-09-05T14:14:43+00:00\",\"description\":\"Striga, bl\u00f3\u00f0sugandi n\u00e1ttfugl \u00far r\u00f3mverskri hef\u00f0. Frumger\u00f0 s\u00ed\u00f0ari t\u00edma vamp\u00edru- og nornapers\u00f3na\",\"breadcrumb\":{\"@id\":\"https:\\\/\\\/iwell-guard.com\\\/is\\\/striga\\\/#breadcrumb\"},\"inLanguage\":\"is\",\"potentialAction\":[{\"@type\":\"ReadAction\",\"target\":[\"https:\\\/\\\/iwell-guard.com\\\/is\\\/striga\\\/\"]}]},{\"@type\":\"ImageObject\",\"inLanguage\":\"is\",\"@id\":\"https:\\\/\\\/iwell-guard.com\\\/is\\\/striga\\\/#primaryimage\",\"url\":\"https:\\\/\\\/iwell-guard.com\\\/wp-content\\\/uploads\\\/2026\\\/04\\\/geister_rom_striga.webp\",\"contentUrl\":\"https:\\\/\\\/iwell-guard.com\\\/wp-content\\\/uploads\\\/2026\\\/04\\\/geister_rom_striga.webp\",\"width\":1024,\"height\":1536,\"caption\":\"Andar \u00far r\u00f3mverskri hef\u00f0.\"},{\"@type\":\"BreadcrumbList\",\"@id\":\"https:\\\/\\\/iwell-guard.com\\\/is\\\/striga\\\/#breadcrumb\",\"itemListElement\":[{\"@type\":\"ListItem\",\"position\":1,\"name\":\"Start\",\"item\":\"https:\\\/\\\/iwell-guard.com\\\/is\\\/?page_id=168580\"},{\"@type\":\"ListItem\",\"position\":2,\"name\":\"Striga\"}]},{\"@type\":\"WebSite\",\"@id\":\"https:\\\/\\\/iwell-guard.com\\\/is\\\/#website\",\"url\":\"https:\\\/\\\/iwell-guard.com\\\/is\\\/\",\"name\":\"iWell Guard\",\"description\":\"Schutz vor dunklen Einfl\u00fcssen\",\"publisher\":{\"@id\":\"https:\\\/\\\/iwell-guard.com\\\/is\\\/#organization\"},\"potentialAction\":[{\"@type\":\"SearchAction\",\"target\":{\"@type\":\"EntryPoint\",\"urlTemplate\":\"https:\\\/\\\/iwell-guard.com\\\/is\\\/?s={search_term_string}\"},\"query-input\":{\"@type\":\"PropertyValueSpecification\",\"valueRequired\":true,\"valueName\":\"search_term_string\"}}],\"inLanguage\":\"is\"},{\"@type\":\"Organization\",\"@id\":\"https:\\\/\\\/iwell-guard.com\\\/is\\\/#organization\",\"name\":\"Ittermann electronic GmbH\",\"url\":\"https:\\\/\\\/iwell-guard.com\\\/is\\\/\",\"logo\":{\"@type\":\"ImageObject\",\"inLanguage\":\"is\",\"@id\":\"https:\\\/\\\/iwell-guard.com\\\/is\\\/#\\\/schema\\\/logo\\\/image\\\/\",\"url\":\"https:\\\/\\\/iwell-guard.com\\\/wp-content\\\/uploads\\\/2026\\\/05\\\/Ittermann-Logo-1182x237-1.png\",\"contentUrl\":\"https:\\\/\\\/iwell-guard.com\\\/wp-content\\\/uploads\\\/2026\\\/05\\\/Ittermann-Logo-1182x237-1.png\",\"width\":1182,\"height\":237,\"caption\":\"Ittermann electronic GmbH\"},\"image\":{\"@id\":\"https:\\\/\\\/iwell-guard.com\\\/is\\\/#\\\/schema\\\/logo\\\/image\\\/\"},\"sameAs\":[\"https:\\\/\\\/pantip.com\\\/profile\\\/9367242\",\"https:\\\/\\\/micro.blog\\\/iwellguard\",\"https:\\\/\\\/www.diggerslist.com\\\/iwellguard\\\/about\",\"https:\\\/\\\/skitterphoto.com\\\/photographers\\\/2870314\\\/iwell-guard\",\"https:\\\/\\\/iwellguard.wordpress.com\\\/2026\\\/06\\\/06\\\/iwell-guard\\\/\",\"https:\\\/\\\/hub.docker.com\\\/u\\\/iwellguard\",\"https:\\\/\\\/www.pinterest.com\\\/iwellguard\\\/\",\"https:\\\/\\\/bit.ly\\\/m\\\/iwellguard\",\"https:\\\/\\\/entre-vos-mains.alsace.eu\\\/profiles\\\/iwellguard\\\/activity\",\"https:\\\/\\\/gravatar.com\\\/reallybeded8fd34\",\"https:\\\/\\\/naijamatta.com\\\/iwellguard\",\"https:\\\/\\\/www.goodreads.com\\\/iwellguard\",\"https:\\\/\\\/profile.hatena.ne.jp\\\/iwellguard\\\/\",\"https:\\\/\\\/experiment.com\\\/users\\\/iwellguard\",\"https:\\\/\\\/wakelet.com\\\/@iWellGuard82270\",\"https:\\\/\\\/www.chordie.com\\\/forum\\\/profile.php?id=2555664\",\"https:\\\/\\\/www.instapaper.com\\\/p\\\/17757966\",\"https:\\\/\\\/www.mapleprimes.com\\\/users\\\/iwellguard\",\"https:\\\/\\\/businesslistingplus.com\\\/profile\\\/iwell-guard\\\/\",\"https:\\\/\\\/telegra.ph\\\/iWell-Guard-06-06\",\"https:\\\/\\\/pbase.com\\\/iwellguard\\\/iwellguard\",\"https:\\\/\\\/b.hatena.ne.jp\\\/iwellguard\\\/20260607#bookmark-4788405196491818882\",\"https:\\\/\\\/fliphtml5.com\\\/home\\\/iwellguard\",\"https:\\\/\\\/anyflip.com\\\/homepage\\\/cmiwl#About\",\"https:\\\/\\\/transfur.com\\\/Users\\\/iwellguard\",\"http:\\\/\\\/delphi.larsbo.org\\\/user\\\/iwellguard\",\"https:\\\/\\\/jobs.lajobsportal.org\\\/profiles\\\/8380803-iwell-guard\",\"https:\\\/\\\/md.chaosdorf.de\\\/s\\\/jfbe5SBdJD\",\"https:\\\/\\\/www.lingvolive.com\\\/en-us\\\/profile\\\/9ecaeaca-ce11-4e51-9e71-01d55e2bff36\\\/translations\",\"https:\\\/\\\/www.fitday.com\\\/fitness\\\/forums\\\/members\\\/iwellguard.html\",\"https:\\\/\\\/www.mymeetbook.com\\\/iwellguard\",\"https:\\\/\\\/pxhere.com\\\/en\\\/photographer-me\\\/5040798\",\"https:\\\/\\\/disqus.com\\\/by\\\/iwellguard\\\/about\\\/\",\"https:\\\/\\\/pastelink.net\\\/hjwciqwq\",\"https:\\\/\\\/pubhtml5.com\\\/homepage\\\/scjhn\\\/\",\"https:\\\/\\\/www.bitchute.com\\\/channel\\\/2O2eOKzNqujT\",\"https:\\\/\\\/audiomack.com\\\/iwellguard\"]},{\"@type\":\"Article\",\"@id\":\"https:\\\/\\\/iwell-guard.com\\\/is\\\/striga\\\/#article\",\"isPartOf\":{\"@id\":\"https:\\\/\\\/iwell-guard.com\\\/is\\\/striga\\\/\"},\"author\":{\"name\":\"Ralf Ittermann\",\"@id\":\"https:\\\/\\\/iwell-guard.com\\\/is\\\/#\\\/schema\\\/person\\\/ee2a27f1cac3406c7c6fb5820cb7349f\"},\"headline\":\"Striga\",\"datePublished\":\"2026-09-05T14:01:30+00:00\",\"dateModified\":\"2026-09-05T14:14:43+00:00\",\"mainEntityOfPage\":{\"@id\":\"https:\\\/\\\/iwell-guard.com\\\/is\\\/striga\\\/\"},\"publisher\":{\"@id\":\"https:\\\/\\\/iwell-guard.com\\\/is\\\/#organization\"},\"image\":{\"@id\":\"https:\\\/\\\/iwell-guard.com\\\/is\\\/striga\\\/#primaryimage\"},\"thumbnailUrl\":\"https:\\\/\\\/iwell-guard.com\\\/wp-content\\\/uploads\\\/2026\\\/04\\\/geister_rom_striga.webp\",\"inLanguage\":\"is\",\"description\":\"Striga, bl\u00f3\u00f0sugandi n\u00e1ttfugl \u00far r\u00f3mverskri hef\u00f0. Frumger\u00f0 s\u00ed\u00f0ari t\u00edma vamp\u00edru- og nornapers\u00f3na\"}]}<\/script>\n<!-- \/ Yoast SEO Premium plugin. -->","yoast_head_json":{"title":"Striga - nornavamp\u00edran \u00far r\u00f3mverskri n\u00f3tt","description":"Striga, bl\u00f3\u00f0sugandi n\u00e1ttfugl \u00far r\u00f3mverskri hef\u00f0. Frumger\u00f0 s\u00ed\u00f0ari t\u00edma vamp\u00edru- og nornapers\u00f3na","robots":{"index":"index","follow":"follow","max-snippet":"max-snippet:-1","max-image-preview":"max-image-preview:large","max-video-preview":"max-video-preview:-1"},"canonical":"https:\/\/iwell-guard.com\/is\/striga\/","og_locale":"is_IS","og_type":"article","og_title":"Striga","og_description":"Striga, bl\u00f3\u00f0sugandi n\u00e1ttfugl \u00far r\u00f3mverskri hef\u00f0. Frumger\u00f0 s\u00ed\u00f0ari t\u00edma vamp\u00edru- og nornapers\u00f3na","og_url":"https:\/\/iwell-guard.com\/is\/striga\/","og_site_name":"iWell Guard","article_modified_time":"2026-09-05T14:14:43+00:00","og_image":[{"width":1024,"height":1536,"url":"https:\/\/iwell-guard.com\/wp-content\/uploads\/2026\/04\/geister_rom_striga.webp","type":"image\/webp"}],"twitter_card":"summary_large_image","schema":{"@context":"https:\/\/schema.org","@graph":[{"@type":"Article","@id":"https:\/\/iwell-guard.com\/is\/striga\/#article","isPartOf":{"@id":"https:\/\/iwell-guard.com\/is\/striga\/"},"author":{"name":"Ralf Ittermann","@id":"https:\/\/iwell-guard.com\/is\/#\/schema\/person\/ee2a27f1cac3406c7c6fb5820cb7349f"},"headline":"Striga","datePublished":"2026-09-05T14:01:30+00:00","dateModified":"2026-09-05T14:14:43+00:00","mainEntityOfPage":{"@id":"https:\/\/iwell-guard.com\/is\/striga\/"},"publisher":{"@id":"https:\/\/iwell-guard.com\/is\/#organization"},"image":{"@id":"https:\/\/iwell-guard.com\/is\/striga\/#primaryimage"},"thumbnailUrl":"https:\/\/iwell-guard.com\/wp-content\/uploads\/2026\/04\/geister_rom_striga.webp","inLanguage":"is","description":"Striga, bl\u00f3\u00f0sugandi n\u00e1ttfugl \u00far r\u00f3mverskri hef\u00f0. Frumger\u00f0 s\u00ed\u00f0ari t\u00edma vamp\u00edru- og nornapers\u00f3na"},{"@type":"WebPage","@id":"https:\/\/iwell-guard.com\/is\/striga\/","url":"https:\/\/iwell-guard.com\/is\/striga\/","name":"Striga - nornavamp\u00edran \u00far r\u00f3mverskri n\u00f3tt","isPartOf":{"@id":"https:\/\/iwell-guard.com\/is\/#website"},"primaryImageOfPage":{"@id":"https:\/\/iwell-guard.com\/is\/striga\/#primaryimage"},"image":{"@id":"https:\/\/iwell-guard.com\/is\/striga\/#primaryimage"},"thumbnailUrl":"https:\/\/iwell-guard.com\/wp-content\/uploads\/2026\/04\/geister_rom_striga.webp","datePublished":"2026-09-05T14:01:30+00:00","dateModified":"2026-09-05T14:14:43+00:00","description":"Striga, bl\u00f3\u00f0sugandi n\u00e1ttfugl \u00far r\u00f3mverskri hef\u00f0. Frumger\u00f0 s\u00ed\u00f0ari t\u00edma vamp\u00edru- og nornapers\u00f3na","breadcrumb":{"@id":"https:\/\/iwell-guard.com\/is\/striga\/#breadcrumb"},"inLanguage":"is","potentialAction":[{"@type":"ReadAction","target":["https:\/\/iwell-guard.com\/is\/striga\/"]}]},{"@type":"ImageObject","inLanguage":"is","@id":"https:\/\/iwell-guard.com\/is\/striga\/#primaryimage","url":"https:\/\/iwell-guard.com\/wp-content\/uploads\/2026\/04\/geister_rom_striga.webp","contentUrl":"https:\/\/iwell-guard.com\/wp-content\/uploads\/2026\/04\/geister_rom_striga.webp","width":1024,"height":1536,"caption":"Andar \u00far r\u00f3mverskri hef\u00f0."},{"@type":"BreadcrumbList","@id":"https:\/\/iwell-guard.com\/is\/striga\/#breadcrumb","itemListElement":[{"@type":"ListItem","position":1,"name":"Start","item":"https:\/\/iwell-guard.com\/is\/?page_id=168580"},{"@type":"ListItem","position":2,"name":"Striga"}]},{"@type":"WebSite","@id":"https:\/\/iwell-guard.com\/is\/#website","url":"https:\/\/iwell-guard.com\/is\/","name":"iWell Guard","description":"Schutz vor dunklen Einfl\u00fcssen","publisher":{"@id":"https:\/\/iwell-guard.com\/is\/#organization"},"potentialAction":[{"@type":"SearchAction","target":{"@type":"EntryPoint","urlTemplate":"https:\/\/iwell-guard.com\/is\/?s={search_term_string}"},"query-input":{"@type":"PropertyValueSpecification","valueRequired":true,"valueName":"search_term_string"}}],"inLanguage":"is"},{"@type":"Organization","@id":"https:\/\/iwell-guard.com\/is\/#organization","name":"Ittermann electronic GmbH","url":"https:\/\/iwell-guard.com\/is\/","logo":{"@type":"ImageObject","inLanguage":"is","@id":"https:\/\/iwell-guard.com\/is\/#\/schema\/logo\/image\/","url":"https:\/\/iwell-guard.com\/wp-content\/uploads\/2026\/05\/Ittermann-Logo-1182x237-1.png","contentUrl":"https:\/\/iwell-guard.com\/wp-content\/uploads\/2026\/05\/Ittermann-Logo-1182x237-1.png","width":1182,"height":237,"caption":"Ittermann electronic GmbH"},"image":{"@id":"https:\/\/iwell-guard.com\/is\/#\/schema\/logo\/image\/"},"sameAs":["https:\/\/pantip.com\/profile\/9367242","https:\/\/micro.blog\/iwellguard","https:\/\/www.diggerslist.com\/iwellguard\/about","https:\/\/skitterphoto.com\/photographers\/2870314\/iwell-guard","https:\/\/iwellguard.wordpress.com\/2026\/06\/06\/iwell-guard\/","https:\/\/hub.docker.com\/u\/iwellguard","https:\/\/www.pinterest.com\/iwellguard\/","https:\/\/bit.ly\/m\/iwellguard","https:\/\/entre-vos-mains.alsace.eu\/profiles\/iwellguard\/activity","https:\/\/gravatar.com\/reallybeded8fd34","https:\/\/naijamatta.com\/iwellguard","https:\/\/www.goodreads.com\/iwellguard","https:\/\/profile.hatena.ne.jp\/iwellguard\/","https:\/\/experiment.com\/users\/iwellguard","https:\/\/wakelet.com\/@iWellGuard82270","https:\/\/www.chordie.com\/forum\/profile.php?id=2555664","https:\/\/www.instapaper.com\/p\/17757966","https:\/\/www.mapleprimes.com\/users\/iwellguard","https:\/\/businesslistingplus.com\/profile\/iwell-guard\/","https:\/\/telegra.ph\/iWell-Guard-06-06","https:\/\/pbase.com\/iwellguard\/iwellguard","https:\/\/b.hatena.ne.jp\/iwellguard\/20260607#bookmark-4788405196491818882","https:\/\/fliphtml5.com\/home\/iwellguard","https:\/\/anyflip.com\/homepage\/cmiwl#About","https:\/\/transfur.com\/Users\/iwellguard","http:\/\/delphi.larsbo.org\/user\/iwellguard","https:\/\/jobs.lajobsportal.org\/profiles\/8380803-iwell-guard","https:\/\/md.chaosdorf.de\/s\/jfbe5SBdJD","https:\/\/www.lingvolive.com\/en-us\/profile\/9ecaeaca-ce11-4e51-9e71-01d55e2bff36\/translations","https:\/\/www.fitday.com\/fitness\/forums\/members\/iwellguard.html","https:\/\/www.mymeetbook.com\/iwellguard","https:\/\/pxhere.com\/en\/photographer-me\/5040798","https:\/\/disqus.com\/by\/iwellguard\/about\/","https:\/\/pastelink.net\/hjwciqwq","https:\/\/pubhtml5.com\/homepage\/scjhn\/","https:\/\/www.bitchute.com\/channel\/2O2eOKzNqujT","https:\/\/audiomack.com\/iwellguard"]},{"@type":"Person","@id":"https:\/\/iwell-guard.com\/is\/#\/schema\/person\/ee2a27f1cac3406c7c6fb5820cb7349f","name":"Ralf Ittermann","image":{"@type":"ImageObject","inLanguage":"is","@id":"https:\/\/secure.gravatar.com\/avatar\/073c0153e350a5005b68eb752b445fea71f6b24a26da9449ad7e155e6b446c9d?s=96&d=mm&r=g","url":"https:\/\/secure.gravatar.com\/avatar\/073c0153e350a5005b68eb752b445fea71f6b24a26da9449ad7e155e6b446c9d?s=96&d=mm&r=g","contentUrl":"https:\/\/secure.gravatar.com\/avatar\/073c0153e350a5005b68eb752b445fea71f6b24a26da9449ad7e155e6b446c9d?s=96&d=mm&r=g","caption":"Ralf Ittermann"},"givenName":"Ralf","familyName":"Ittermann","jobTitle":"Gesch\u00e4ftsf\u00fchrer und redaktioneller Verantwortlicher","url":"https:\/\/iwell-guard.com\/is\/author\/claude\/","description":"Ralf Ittermann ist Gesch\u00e4ftsf\u00fchrer der Ittermann electronic GmbH und redaktioneller Verantwortlicher des iWell-Guard-Lexikons. Er verbindet langj\u00e4hrige Erfahrung in der Pr\u00e4zisionsfertigung mit medialer Praxis und religionsgeschichtlicher Quellenarbeit.","worksFor":{"@type":"Organization","name":"Ittermann electronic GmbH","url":"https:\/\/ittermann.de\/","address":{"@type":"PostalAddress","streetAddress":"K\u00f6hlergasse 16-18","postalCode":"99842","addressLocality":"Ruhla","addressCountry":"DE"}},"knowsAbout":["Religionsgeschichte","Mythologie","Mediale Praxis","Energetische Diagnostik","Schutzpraxis","Volksglauben","Westliche Esoterik"]},{"@type":"Article","@id":"https:\/\/iwell-guard.com\/is\/striga\/#article","isPartOf":{"@id":"https:\/\/iwell-guard.com\/is\/striga\/"},"author":{"name":"Ralf Ittermann","@id":"https:\/\/iwell-guard.com\/is\/#\/schema\/person\/ee2a27f1cac3406c7c6fb5820cb7349f"},"headline":"Striga","datePublished":"2026-09-05T14:01:30+00:00","dateModified":"2026-09-05T14:14:43+00:00","mainEntityOfPage":{"@id":"https:\/\/iwell-guard.com\/is\/striga\/"},"publisher":{"@id":"https:\/\/iwell-guard.com\/is\/#organization"},"image":{"@id":"https:\/\/iwell-guard.com\/is\/striga\/#primaryimage"},"thumbnailUrl":"https:\/\/iwell-guard.com\/wp-content\/uploads\/2026\/04\/geister_rom_striga.webp","inLanguage":"is","description":"Striga, bl\u00f3\u00f0sugandi n\u00e1ttfugl \u00far r\u00f3mverskri hef\u00f0. Frumger\u00f0 s\u00ed\u00f0ari t\u00edma vamp\u00edru- og nornapers\u00f3na"}]}},"_links":{"self":[{"href":"https:\/\/iwell-guard.com\/is\/wp-json\/wp\/v2\/pages\/168604","targetHints":{"allow":["GET"]}}],"collection":[{"href":"https:\/\/iwell-guard.com\/is\/wp-json\/wp\/v2\/pages"}],"about":[{"href":"https:\/\/iwell-guard.com\/is\/wp-json\/wp\/v2\/types\/page"}],"author":[{"embeddable":true,"href":"https:\/\/iwell-guard.com\/is\/wp-json\/wp\/v2\/users\/3"}],"replies":[{"embeddable":true,"href":"https:\/\/iwell-guard.com\/is\/wp-json\/wp\/v2\/comments?post=168604"}],"version-history":[{"count":0,"href":"https:\/\/iwell-guard.com\/is\/wp-json\/wp\/v2\/pages\/168604\/revisions"}],"wp:featuredmedia":[{"embeddable":true,"href":"https:\/\/iwell-guard.com\/is\/wp-json\/wp\/v2\/media\/1713"}],"wp:attachment":[{"href":"https:\/\/iwell-guard.com\/is\/wp-json\/wp\/v2\/media?parent=168604"}],"wp:term":[{"taxonomy":"category","embeddable":true,"href":"https:\/\/iwell-guard.com\/is\/wp-json\/wp\/v2\/categories?post=168604"}],"curies":[{"name":"wp","href":"https:\/\/api.w.org\/{rel}","templated":true}]}}