{"id":168600,"date":"2026-09-05T14:01:28","date_gmt":"2026-09-05T14:01:28","guid":{"rendered":"https:\/\/iwell-guard.com\/?page_id=168600"},"modified":"2026-09-05T14:14:38","modified_gmt":"2026-09-05T14:14:38","slug":"erinyur","status":"publish","type":"page","link":"https:\/\/iwell-guard.com\/is\/erinyur\/","title":{"rendered":"Erin\u00fdur"},"content":{"rendered":"\t\t<div data-elementor-type=\"wp-page\" data-elementor-id=\"168600\" class=\"elementor elementor-168600 elementor-842\" data-elementor-post-type=\"page\">\n\t\t\t\t<div class=\"elementor-element elementor-element-10fdade e-flex e-con-boxed e-con e-parent\" data-id=\"10fdade\" data-element_type=\"container\" data-e-type=\"container\" data-settings=\"{&quot;background_background&quot;:&quot;classic&quot;}\">\n\t\t\t\t\t<div class=\"e-con-inner\">\n\t\t<div class=\"elementor-element elementor-element-herohlft0 e-flex e-con-boxed e-con e-child\" data-id=\"herohlft0\" data-element_type=\"container\" data-e-type=\"container\">\n\t\t\t\t\t<div class=\"e-con-inner\">\n\t\t<div class=\"elementor-element elementor-element-c3ceb64 e-con-full e-flex e-con e-child\" data-id=\"c3ceb64\" data-element_type=\"container\" data-e-type=\"container\">\n\t\t\t\t<div class=\"elementor-element elementor-element-96ae5e1 elementor-widget elementor-widget-heading\" data-id=\"96ae5e1\" data-element_type=\"widget\" data-e-type=\"widget\" data-widget_type=\"heading.default\">\n\t\t\t\t\t<h1 class=\"elementor-heading-title elementor-size-default\">Erin\u00fdur, andi \u00ed gr\u00edskri hef\u00f0<\/h1>\t\t\t\t<\/div>\n\t\t\t\t<div class=\"elementor-element elementor-element-e45238a elementor-widget elementor-widget-text-editor\" data-id=\"e45238a\" data-element_type=\"widget\" data-e-type=\"widget\" data-widget_type=\"text-editor.default\">\n\t\t\t\t\t\t\t\t\t<p>Erin\u00fdur er <span class=\"iwg-fachbegriff\" data-tooltip=\"L\u00edkamslaus vera sem talin er hafa \u00e1hrif \u00ed heiminum.\" tabindex=\"0\">andi<\/span> \u00ed gr\u00edskri hef\u00f0.<\/p><p><strong>Hefndargy\u00f0jurnar, ofs\u00f3knarar bl\u00f3\u00f0skuldar \u00ed hinum gr\u00edska heimi.<\/strong><\/p>\n<h2 id=\"dif-erinyen\">Erin\u00fdur sem ofs\u00f3knarar m\u00f3\u00f0urmor\u00f0a<\/h2>\n<p>Erin\u00fdurnar (lat. <em>Furiae<\/em>, \u00fe. \u201eRacheg\u00f6ttinnen\u201c, hefndargy\u00f0jur) eru \u00ed gr\u00edskri <span class=\"iwg-fachbegriff\" data-tooltip=\"Heildarsafn var\u00f0veittra go\u00f0sagna um gu\u00f0i \u00ed tiltekinni menningu.\" tabindex=\"0\">go\u00f0afr\u00e6\u00f0i<\/span> pers\u00f3nuger\u00f0ar sem \u00ferj\u00e1r systur, <strong>Alekto, Megaira og Tisif\u00f3ne<\/strong>. \u00de\u00e6r ver\u00f0a til af bl\u00f3\u00f0inu sem dreypir \u00e1 Gaiu \u00feegar hinn geldi \u00daranos er felldur (Hes\u00edodos, Gu\u00f0akynsl\u00f3\u00f0in 183). Verksvi\u00f0 \u00feeirra sn\u00fdr fyrst og fremst a\u00f0 <strong>gl\u00e6pum gegn m\u00f3\u00f0urbl\u00f3\u00f0i<\/strong>, m\u00f3\u00f0urmor\u00f0i, mor\u00f0i \u00e1 \u00e6ttingjum og rofnum heitum vi\u00f0 foreldra.<\/p><p>\u00deeirra \u00feekktasta atri\u00f0i er <strong>ofs\u00f3knin gegn Orestesi<\/strong> eftir mor\u00f0i\u00f0 \u00e1 Kl\u00fdt\u00e6mnestru (\u00c6sk\u00fdlos, Eumen\u00eddur). \u00c1 frumkv\u00e6\u00f0i A\u00feenu kemur d\u00f3mst\u00f3llinn \u00e1 Are\u00f3pagos saman, s\u00fdknar Orestes og tekur erin\u00fdurnar inn \u00ed borgard\u00fdrkun A\u00feenu sem <strong>Eumen\u00eddur<\/strong> (\u201ehinar velvildarfullu\u201c).<\/p><p>T\u00e1knmyndir: svartar skikkjur, sn\u00e1kah\u00e1r, svipuhala, blys. \u00cd r\u00f3mverskri <span class=\"iwg-fachbegriff\" data-tooltip=\"Heildarsafn tr\u00faarlegra d\u00fdrkunarathafna helgu\u00f0um gu\u00f0i e\u00f0a heilagri veru.\" tabindex=\"0\">d\u00fdrkun<\/span> renna \u00fe\u00e6r saman vi\u00f0 Furiae e\u00f0a Dirae, me\u00f0 eigin helgireit \u00e1 Caelius-h\u00e6\u00f0inni.<\/p>\n\t\t\t\t\t\t\t\t<\/div>\n\t\t\t\t<\/div>\n\t\t<div class=\"elementor-element elementor-element-klsbdg01 e-con-full e-flex e-con e-parent\" data-id=\"klsbdg01\" data-element_type=\"container\" data-e-type=\"container\">\n\t\t\t\t<div class=\"elementor-element elementor-element-klshtm01 elementor-widget elementor-widget-html\" data-id=\"klshtm01\" data-element_type=\"widget\" data-e-type=\"widget\" data-widget_type=\"html.default\">\n\t\t\t\t\t<div class=\"iwg-pill-row\"><span class=\"iwg-klasse-badge\" tabindex=\"0\" data-tooltip=\"Andi: \u00d3l\u00edkamleg e\u00f0a h\u00e1lfl\u00edkamleg vera, framli\u00f0nir, n\u00e1tt\u00faruv\u00e6ttir, heimilisandar e\u00f0a \u00fer\u00f6skuldsver\u00f0ir. Verkar \u00ed daglegu l\u00edfi, oft bundin st\u00f6\u00f0um e\u00f0a fj\u00f6lskyldum.\">Andi<\/span><a href=\"https:\/\/iwell-guard.com\/is\/?page_id=168594\" class=\"iwg-kultur-badge\" tabindex=\"0\" data-tooltip=\"Tr\u00fa og go\u00f0afr\u00e6\u00f0i Grikklands hins forna, fr\u00e1 m\u00fdkenskri t\u00ed\u00f0 til s\u00ed\u00f0fornaldar.\">Grikkland<\/a><a href=\"https:\/\/iwell-guard.com\/is\/?page_id=168704\" class=\"iwg-tradition-badge\" tabindex=\"0\" data-tooltip=\"Andar sem framkv\u00e6ma hefnd, ofs\u00f3knarar ei\u00f0rofs, mor\u00f0a e\u00f0a bl\u00f3\u00f0skuldar.\">Hefndarandi<\/a><\/div>\t\t\t\t<\/div>\n\t\t\t\t<\/div>\n\t\t<div class=\"elementor-element elementor-element-3f74855 e-con-full e-flex e-con e-child\" data-id=\"3f74855\" data-element_type=\"container\" data-e-type=\"container\">\n\t\t\t\t<div class=\"elementor-element elementor-element-1c30362 elementor-toc--minimized-on-tablet elementor-widget elementor-widget-table-of-contents\" data-id=\"1c30362\" data-element_type=\"widget\" data-e-type=\"widget\" data-settings=\"{&quot;exclude_headings_by_selector&quot;:[],&quot;no_headings_message&quot;:&quot;Engar undirfyrirsagnir fundust \\u00e1 \\u00feessari s\\u00ed\\u00f0u.&quot;,&quot;headings_by_tags&quot;:[&quot;h2&quot;,&quot;h3&quot;],&quot;marker_view&quot;:&quot;bullets&quot;,&quot;icon&quot;:{&quot;value&quot;:&quot;fas fa-circle&quot;,&quot;library&quot;:&quot;fa-solid&quot;,&quot;rendered_tag&quot;:&quot;&lt;svg class=\\&quot;e-font-icon-svg e-fas-circle\\&quot; viewBox=\\&quot;0 0 512 512\\&quot; xmlns=\\&quot;http:\\\/\\\/www.w3.org\\\/2000\\\/svg\\&quot;&gt;&lt;path d=\\&quot;M256 8C119 8 8 119 8 256s111 248 248 248 248-111 248-248S393 8 256 8z\\&quot;&gt;&lt;\\\/path&gt;&lt;\\\/svg&gt;&quot;},&quot;minimize_box&quot;:&quot;yes&quot;,&quot;minimized_on&quot;:&quot;tablet&quot;,&quot;hierarchical_view&quot;:&quot;yes&quot;,&quot;min_height&quot;:{&quot;unit&quot;:&quot;px&quot;,&quot;size&quot;:&quot;&quot;,&quot;sizes&quot;:[]},&quot;min_height_tablet&quot;:{&quot;unit&quot;:&quot;px&quot;,&quot;size&quot;:&quot;&quot;,&quot;sizes&quot;:[]},&quot;min_height_mobile&quot;:{&quot;unit&quot;:&quot;px&quot;,&quot;size&quot;:&quot;&quot;,&quot;sizes&quot;:[]}}\" data-widget_type=\"table-of-contents.default\">\n\t\t\t\t\t\t\t\t\t<div class=\"elementor-toc__header\">\n\t\t\t\t\t\t<h2 class=\"elementor-toc__header-title\">\n\t\t\t\tEfnisyfirlit\t\t\t<\/h2>\n\t\t\t\t\t\t\t\t\t\t<div class=\"elementor-toc__toggle-button elementor-toc__toggle-button--expand\" role=\"button\" tabindex=\"0\" aria-controls=\"elementor-toc__1c30362\" aria-expanded=\"true\" aria-label=\"Open table of contents\"><svg aria-hidden=\"true\" class=\"e-font-icon-svg e-fas-chevron-down\" viewBox=\"0 0 448 512\" xmlns=\"http:\/\/www.w3.org\/2000\/svg\"><path d=\"M207.029 381.476L12.686 187.132c-9.373-9.373-9.373-24.569 0-33.941l22.667-22.667c9.357-9.357 24.522-9.375 33.901-.04L224 284.505l154.745-154.021c9.379-9.335 24.544-9.317 33.901.04l22.667 22.667c9.373 9.373 9.373 24.569 0 33.941L240.971 381.476c-9.373 9.372-24.569 9.372-33.942 0z\"><\/path><\/svg><\/div>\n\t\t\t\t<div class=\"elementor-toc__toggle-button elementor-toc__toggle-button--collapse\" role=\"button\" tabindex=\"0\" aria-controls=\"elementor-toc__1c30362\" aria-expanded=\"true\" aria-label=\"Close table of contents\"><svg aria-hidden=\"true\" class=\"e-font-icon-svg e-fas-chevron-up\" viewBox=\"0 0 448 512\" xmlns=\"http:\/\/www.w3.org\/2000\/svg\"><path d=\"M240.971 130.524l194.343 194.343c9.373 9.373 9.373 24.569 0 33.941l-22.667 22.667c-9.357 9.357-24.522 9.375-33.901.04L224 227.495 69.255 381.516c-9.379 9.335-24.544 9.317-33.901-.04l-22.667-22.667c-9.373-9.373-9.373-24.569 0-33.941L207.03 130.525c9.372-9.373 24.568-9.373 33.941-.001z\"><\/path><\/svg><\/div>\n\t\t\t\t\t<\/div>\n\t\t\t\t<div id=\"elementor-toc__1c30362\" class=\"elementor-toc__body\">\n\t\t\t<div class=\"elementor-toc__spinner-container\">\n\t\t\t\t<svg class=\"elementor-toc__spinner eicon-animation-spin e-font-icon-svg e-eicon-loading\" aria-hidden=\"true\" viewBox=\"0 0 1000 1000\" xmlns=\"http:\/\/www.w3.org\/2000\/svg\"><path d=\"M500 975V858C696 858 858 696 858 500S696 142 500 142 142 304 142 500H25C25 237 238 25 500 25S975 237 975 500 763 975 500 975Z\"><\/path><\/svg>\t\t\t<\/div>\n\t\t<\/div>\n\t\t\t\t\t\t<\/div>\n\t\t\t\t<\/div>\n\t\t\t\t\t<\/div>\n\t\t\t\t<\/div>\n\t\t<div class=\"elementor-element elementor-element-herorght0 e-con-full e-flex e-con e-child\" data-id=\"herorght0\" data-element_type=\"container\" data-e-type=\"container\">\n\t\t\t\t<div class=\"elementor-element elementor-element-heroimg00 iwg-hero-image elementor-widget elementor-widget-image\" data-id=\"heroimg00\" data-element_type=\"widget\" data-e-type=\"widget\" data-widget_type=\"image.default\">\n\t\t\t\t\t\t\t\t\t\t\t\t\t\t\t<img fetchpriority=\"high\" decoding=\"async\" width=\"683\" height=\"1024\" src=\"https:\/\/iwell-guard.com\/wp-content\/uploads\/2026\/04\/geister_griechenland_erinyen-683x1024.webp\" class=\"attachment-large size-large wp-image-171020\" alt=\"Erin\u00fdur \u2013 andar \u00far gr\u00edskri hef\u00f0, s\u00f6guleg myndskreyting\" srcset=\"https:\/\/iwell-guard.com\/wp-content\/uploads\/2026\/04\/geister_griechenland_erinyen-683x1024.webp 683w, https:\/\/iwell-guard.com\/wp-content\/uploads\/2026\/04\/geister_griechenland_erinyen-200x300.webp 200w, https:\/\/iwell-guard.com\/wp-content\/uploads\/2026\/04\/geister_griechenland_erinyen-768x1152.webp 768w, https:\/\/iwell-guard.com\/wp-content\/uploads\/2026\/04\/geister_griechenland_erinyen.webp 1024w\" sizes=\"(max-width: 683px) 100vw, 683px\" \/>\t\t\t\t\t\t\t\t\t\t\t\t\t\t\t<\/div>\n\t\t\t\t<\/div>\n\t\t\t\t\t<\/div>\n\t\t\t\t<\/div>\n\t\t<div class=\"elementor-element elementor-element-32917199 e-flex e-con-boxed e-con e-parent\" data-id=\"32917199\" data-element_type=\"container\" data-e-type=\"container\">\n\t\t\t\t\t<div class=\"e-con-inner\">\n\t\t<div class=\"elementor-element elementor-element-26e916cb e-flex e-con-boxed e-con e-child\" data-id=\"26e916cb\" data-element_type=\"container\" data-e-type=\"container\">\n\t\t\t\t\t<div class=\"e-con-inner\">\n\t\t<div class=\"elementor-element elementor-element-253a40d4 e-flex e-con-boxed e-con e-child\" data-id=\"253a40d4\" data-element_type=\"container\" data-e-type=\"container\">\n\t\t\t\t\t<div class=\"e-con-inner\">\n\t\t\t\t<div class=\"elementor-element elementor-element-1200c304 elementor-widget elementor-widget-heading\" data-id=\"1200c304\" data-element_type=\"widget\" data-e-type=\"widget\" data-widget_type=\"heading.default\">\n\t\t\t\t\t<div class=\"elementor-heading-title elementor-size-default\">Erin\u00fdur<\/div>\t\t\t\t<\/div>\n\t\t\t\t<div class=\"elementor-element elementor-element-11758e7f elementor-widget elementor-widget-text-editor\" data-id=\"11758e7f\" data-element_type=\"widget\" data-e-type=\"widget\" data-widget_type=\"text-editor.default\">\n\t\t\t\t\t\t\t\t\t<p>Erin\u00fdurnar eru elstu og upprunalegustu verurnar \u00ed gr\u00edskri dj\u00f6flafr\u00e6\u00f0i. \u00derj\u00e1r systur, Alekto, Megaira og Tisif\u00f3ne, f\u00e6ddar af bl\u00f3\u00f0i hins geldna \u00daranosar, ofs\u00e6kja \u00fe\u00e6r bl\u00f3\u00f0skuld, meins\u00e6ri og brot \u00e1 fj\u00f6lskylduskyldum. \u00dear sem \u00fe\u00e6r n\u00e1 f\u00f3rnarlambi s\u00ednu, reka \u00fe\u00e6r \u00fea\u00f0 \u00ed \u00f6rvitni \u00fear til vi\u00f0komandi er d\u00e6mdur e\u00f0a <span class=\"iwg-fachbegriff\" data-tooltip=\"Fylgjandi f\u00f6stum tr\u00faarlegum athafnaferli.\" tabindex=\"0\">helgisi\u00f0alega<\/span> hreinsa\u00f0ur.<\/p><p>\u00deekktasta b\u00f3kmenntalega mynd \u00feeirra er \u00ed \u00d3resteiu \u00c6sk\u00fdlosar, \u00fear sem \u00fe\u00e6r ofs\u00e6kja Orestes eftir m\u00f3\u00f0urmor\u00f0i\u00f0 allt til A\u00feenu. \u00dear breytast \u00fe\u00e6r, me\u00f0 d\u00f3mi gu\u00f0anna og helgisi\u00f0abundinni endurskilgreiningu, \u00ed Eumen\u00eddur, \u201ehinar velvildarfullu\u201c, ein af klass\u00edskustu umbreytingum fornrar <span class=\"iwg-fachbegriff\" data-tooltip=\"Heildarsafn var\u00f0veittra go\u00f0sagna um gu\u00f0i \u00ed tiltekinni menningu.\" tabindex=\"0\">go\u00f0afr\u00e6\u00f0i<\/span>.<\/p><div><p><strong>Erin\u00fdurnar \u00ed \u00d3resteiu \u00c6sk\u00fdlosar<\/strong><\/p><p>Sorgarleikur \u00c6sk\u00fdlosar <em>Eumen\u00eddur<\/em> (458 f.Kr.) s\u00fdnir erin\u00fdurnar \u00ed sinni \u00feekktustu leikr\u00e6nu mynd: hr\u00e6\u00f0ilegar kvenverur me\u00f0 sn\u00e1ka \u00ed sta\u00f0 h\u00e1rs, brennandi augu og bl\u00f3\u00f0 \u00e1 kinnunum.<\/p><p>\u00de\u00e6r ofs\u00e6kja Orestes, sem drap m\u00f3\u00f0ur s\u00edna Kl\u00fdt\u00e6mnestru, \u00e1n miskunnar yfir l\u00f6nd og h\u00f6f. \u00c6sk\u00fdlos l\u00fdsir \u00feeim ekki einfaldlega sem hegningarkrafti, heldur sem forndr\u00faiskum gu\u00f0um me\u00f0 eigin vir\u00f0uleika og r\u00f6kv\u00edsi.<\/p><p>\u00cd leikritinu eru \u00fe\u00e6r a\u00f0 lokum fri\u00f0a\u00f0ar me\u00f0 d\u00f3mi A\u00feenu og teknar inn \u00ed borgarskipulag A\u00feenu; \u00fe\u00e6r ver\u00f0a <em>Eumen\u00eddur<\/em>, hinar velvildarfullu. \u00deessi umbreyting markar skilin milli hr\u00e1rrar, \u00f3skipulag\u00f0rar bl\u00f3\u00f0hefndar og skipulag\u00f0s r\u00e9ttarfars. Erin\u00fdurnar t\u00e1kna hina eldri, \u00feeljunartengdu r\u00e9ttarskipan sem v\u00edkur fyrir skynsemisbundnum, l\u00fd\u00f0r\u00e6\u00f0islegum kerfum.<\/p><\/div>\t\t\t\t\t\t\t\t<\/div>\n\t\t\t\t\t<\/div>\n\t\t\t\t<\/div>\n\t\t<div class=\"elementor-element elementor-element-159dcf9a e-flex e-con-boxed e-con e-child\" data-id=\"159dcf9a\" data-element_type=\"container\" data-e-type=\"container\">\n\t\t\t\t\t<div class=\"e-con-inner\">\n\t\t\t\t<div class=\"elementor-element elementor-element-48cee66f elementor-widget elementor-widget-heading\" data-id=\"48cee66f\" data-element_type=\"widget\" data-e-type=\"widget\" data-widget_type=\"heading.default\">\n\t\t\t\t\t<h2 class=\"elementor-heading-title elementor-size-default\">Skammt yfirlit: Erin\u00fdur<\/h2>\t\t\t\t<\/div>\n\t\t\t\t<div class=\"elementor-element elementor-element-3f50d82c elementor-widget elementor-widget-text-editor\" data-id=\"3f50d82c\" data-element_type=\"widget\" data-e-type=\"widget\" data-widget_type=\"text-editor.default\">\n\t\t\t\t\t\t\t\t\t<p><strong>Tegund:<\/strong> Hefndardj\u00f6flar, verndarar bl\u00f3\u00f0skipanar<br>Uppruni: Bl\u00f3\u00f0 hins geldna \u00daranosar (Hes\u00edodos)<br>N\u00f6fn: Alekto, Megaira, Tisif\u00f3ne<br>Textar: H\u00f3mer, Hes\u00edodos, \u00c6sk\u00fdlos, Evrip\u00eddes, Virgill<br>T\u00edmabil: Forn\u00f6ld til <span class=\"iwg-fachbegriff\" data-tooltip=\"Umskiptat\u00edmabil milli fornaldar og mi\u00f0alda, um 3. til 7. \u00f6ld.\" tabindex=\"0\">s\u00ed\u00f0fornaldar<\/span><br>V\u00f6rn \/ s\u00e1tt: Hreinsunarsi\u00f0ir, umbreyting \u00c6sk\u00fdlosar \u00ed Eumen\u00eddur, d\u00fdrkun \u00ed A\u00feenu<\/p>\t\t\t\t\t\t\t\t<\/div>\n\t\t\t\t\t<\/div>\n\t\t\t\t<\/div>\n\t\t\t\t\t<\/div>\n\t\t\t\t<\/div>\n\t\t\t\t\t<\/div>\n\t\t\t\t<\/div>\n\t\t<div class=\"elementor-element elementor-element-18613602 e-flex e-con-boxed e-con e-parent\" data-id=\"18613602\" data-element_type=\"container\" data-e-type=\"container\">\n\t\t\t\t\t<div class=\"e-con-inner\">\n\t\t\t\t<div class=\"elementor-element elementor-element-262b8a9f elementor-widget elementor-widget-heading\" data-id=\"262b8a9f\" data-element_type=\"widget\" data-e-type=\"widget\" data-widget_type=\"heading.default\">\n\t\t\t\t\t<h2 class=\"elementor-heading-title elementor-size-default\">S\u00f6guleg sta\u00f0setning<\/h2>\t\t\t\t<\/div>\n\t\t<div class=\"elementor-element elementor-element-46dcb7d e-con-full e-flex e-con e-child\" data-id=\"46dcb7d\" data-element_type=\"container\" data-e-type=\"container\">\n\t\t<div class=\"elementor-element elementor-element-61d3ab3 e-flex e-con-boxed e-con e-child\" data-id=\"61d3ab3\" data-element_type=\"container\" data-e-type=\"container\">\n\t\t\t\t\t<div class=\"e-con-inner\">\n\t\t\t\t<div class=\"elementor-element elementor-element-117c166 elementor-widget elementor-widget-heading\" data-id=\"117c166\" data-element_type=\"widget\" data-e-type=\"widget\" data-widget_type=\"heading.default\">\n\t\t\t\t\t<div class=\"elementor-heading-title elementor-size-default\">T\u00edmabil textanna<\/div>\t\t\t\t<\/div>\n\t\t\t\t<div class=\"elementor-element elementor-element-73997a0 elementor-widget elementor-widget-text-editor\" data-id=\"73997a0\" data-element_type=\"widget\" data-e-type=\"widget\" data-widget_type=\"text-editor.default\">\n\t\t\t\t\t\t\t\t\t<p>Fyrstu spor finnast hj\u00e1 H\u00f3mer (Il\u00edonskvi\u00f0u, \u00d3dysseifskvi\u00f0u) sem hefnendur meins\u00e6ris og bl\u00f3\u00f0skuldar. Hes\u00edodos gefur \u00e6ttart\u00f6luna. \u00d3resteia \u00c6sk\u00fdlosar (458 f.Kr.) teiknar upp hina klass\u00edsku mynd. Evrip\u00eddes og r\u00f3mverskir h\u00f6fundar (Virgill, Seneca) \u00fer\u00f3a myndina \u00e1fram.<\/p>\t\t\t\t\t\t\t\t<\/div>\n\t\t\t\t\t<\/div>\n\t\t\t\t<\/div>\n\t\t<div class=\"elementor-element elementor-element-d47b156 e-flex e-con-boxed e-con e-child\" data-id=\"d47b156\" data-element_type=\"container\" data-e-type=\"container\">\n\t\t\t\t\t<div class=\"e-con-inner\">\n\t\t\t\t<div class=\"elementor-element elementor-element-ff38c2b elementor-widget elementor-widget-heading\" data-id=\"ff38c2b\" data-element_type=\"widget\" data-e-type=\"widget\" data-widget_type=\"heading.default\">\n\t\t\t\t\t<div class=\"elementor-heading-title elementor-size-default\">\u00datbrei\u00f0slusv\u00e6\u00f0i<\/div>\t\t\t\t<\/div>\n\t\t\t\t<div class=\"elementor-element elementor-element-4e49fcc elementor-widget elementor-widget-text-editor\" data-id=\"4e49fcc\" data-element_type=\"widget\" data-e-type=\"widget\" data-widget_type=\"text-editor.default\">\n\t\t\t\t\t\t\t\t\t<p>Gr\u00edskt menningarsv\u00e6\u00f0i. Sem Eumen\u00eddur hafa \u00fe\u00e6r mikilv\u00e6gt <span class=\"iwg-fachbegriff\" data-tooltip=\"Heilagur sta\u00f0ur helga\u00f0ur d\u00fdrkun gu\u00f0s.\" tabindex=\"0\">helgista\u00f0<\/span> \u00ed A\u00feenu vi\u00f0 Are\u00f3pagos og annan \u00ed Sikyon. R\u00f3mverska hef\u00f0in tekur \u00fe\u00e6r upp sem Dirae og Furiae \u00ed latneskt safn.<\/p>\t\t\t\t\t\t\t\t<\/div>\n\t\t\t\t\t<\/div>\n\t\t\t\t<\/div>\n\t\t\t\t<\/div>\n\t\t<div class=\"elementor-element elementor-element-db03c39 e-con-full e-flex e-con e-child\" data-id=\"db03c39\" data-element_type=\"container\" data-e-type=\"container\">\n\t\t<div class=\"elementor-element elementor-element-229a87b e-flex e-con-boxed e-con e-child\" data-id=\"229a87b\" data-element_type=\"container\" data-e-type=\"container\">\n\t\t\t\t\t<div class=\"e-con-inner\">\n\t\t\t\t<div class=\"elementor-element elementor-element-1f471fc elementor-widget elementor-widget-heading\" data-id=\"1f471fc\" data-element_type=\"widget\" data-e-type=\"widget\" data-widget_type=\"heading.default\">\n\t\t\t\t\t<div class=\"elementor-heading-title elementor-size-default\">Heimildasta\u00f0a<\/div>\t\t\t\t<\/div>\n\t\t\t\t<div class=\"elementor-element elementor-element-36b1201 elementor-widget elementor-widget-text-editor\" data-id=\"36b1201\" data-element_type=\"widget\" data-e-type=\"widget\" data-widget_type=\"text-editor.default\">\n\t\t\t\t\t\t\t\t\t<p>Meginb\u00f3kmenntaheimild er \u00d3resteia. Auk \u00feess koma til vasam\u00e1lverk (erin\u00fdur me\u00f0 sn\u00e1kah\u00e1r og blys), \u00e1letranir \u00far Eumen\u00edda-<span class=\"iwg-fachbegriff\" data-tooltip=\"Heildarsafn tr\u00faarlegra d\u00fdrkunarathafna helgu\u00f0um gu\u00f0i e\u00f0a heilagri veru.\" tabindex=\"0\">d\u00fdrkuninni<\/span>, m\u00e6lskufr\u00e6\u00f0ilegar og heimspekilegar tilv\u00edsanir hj\u00e1 Platoni og s\u00ed\u00f0ari h\u00f6fundum.<\/p>\t\t\t\t\t\t\t\t<\/div>\n\t\t\t\t\t<\/div>\n\t\t\t\t<\/div>\n\t\t\t\t<\/div>\n\t\t\t\t\t<\/div>\n\t\t\t\t<\/div>\n\t\t<div class=\"elementor-element elementor-element-3ae0637c e-flex e-con-boxed e-con e-parent\" data-id=\"3ae0637c\" data-element_type=\"container\" data-e-type=\"container\">\n\t\t\t\t\t<div class=\"e-con-inner\">\n\t\t\t\t<div class=\"elementor-element elementor-element-31d07739 elementor-widget elementor-widget-heading\" data-id=\"31d07739\" data-element_type=\"widget\" data-e-type=\"widget\" data-widget_type=\"heading.default\">\n\t\t\t\t\t<h2 class=\"elementor-heading-title elementor-size-default\">Nafn og afbrig\u00f0i<\/h2>\t\t\t\t<\/div>\n\t\t<div class=\"elementor-element elementor-element-b7642947 e-con-full e-flex e-con e-child\" data-id=\"b7642947\" data-element_type=\"container\" data-e-type=\"container\">\n\t\t\t\t<div class=\"elementor-element elementor-element-a086266 elementor-widget elementor-widget-text-editor\" data-id=\"a086266\" data-element_type=\"widget\" data-e-type=\"widget\" data-widget_type=\"text-editor.default\">\n\t\t\t\t\t\t\t\t\t<p><strong>Gr\u00edskt:<\/strong> <em>\u1f18\u03c1\u03b9\u03bd\u03cd\u03b5\u03c2<\/em> (Erinyes).<br>Fegrandi heiti: <em>\u0395\u1f50\u03bc\u03b5\u03bd\u03af\u03b4\u03b5\u03c2<\/em> (Eumen\u00eddur, \u201ehinar velvildarfullu\u201c), <em>\u03a3\u03b5\u03bc\u03bd\u03b1\u03af<\/em> (Semnai, \u201ehinar vir\u00f0ulegu\u201c).<br>Einst\u00f6k n\u00f6fn: Alekto (hin s\u00edstarfandi), Megaira (\u00f6fundsj\u00faka), Tisif\u00f3ne (mor\u00f0hefnandinn).<\/p><p>Fegrandi or\u00f0anotkunin er einkennandi: M\u00e1ttur \u00feeirra er svo mikill a\u00f0 menn vilja ekki nefna \u00fe\u00e6r beinum n\u00f6fnum. Umbreytingin \u00ed Eumen\u00eddur \u00ed leikriti \u00c6sk\u00fdlosar er \u00ed senn d\u00fdrkunarstofnun: \u00cd sta\u00f0 \u00feess a\u00f0 vera \u00fatsk\u00fafa\u00f0ar eru \u00fe\u00e6r <span class=\"iwg-fachbegriff\" data-tooltip=\"Fylgjandi f\u00f6stum tr\u00faarlegum athafnaferli.\" tabindex=\"0\">helgisi\u00f0alega<\/span> teknar inn \u00ed skipulag borgr\u00edkisins.<\/p>\t\t\t\t\t\t\t\t<\/div>\n\t\t\t\t<\/div>\n\t\t\t\t\t<\/div>\n\t\t\t\t<\/div>\n\t\t<div class=\"elementor-element elementor-element-709a44a8 e-flex e-con-boxed e-con e-parent\" data-id=\"709a44a8\" data-element_type=\"container\" data-e-type=\"container\">\n\t\t\t\t\t<div class=\"e-con-inner\">\n\t\t\t\t<div class=\"elementor-element elementor-element-2f585873 elementor-widget elementor-widget-heading\" data-id=\"2f585873\" data-element_type=\"widget\" data-e-type=\"widget\" data-widget_type=\"heading.default\">\n\t\t\t\t\t<h2 class=\"elementor-heading-title elementor-size-default\">L\u00fdsing<\/h2>\t\t\t\t<\/div>\n\t\t<div class=\"elementor-element elementor-element-70621c12 e-con-full e-flex e-con e-child\" data-id=\"70621c12\" data-element_type=\"container\" data-e-type=\"container\">\n\t\t\t\t<div class=\"elementor-element elementor-element-4296eb49 elementor-widget elementor-widget-text-editor\" data-id=\"4296eb49\" data-element_type=\"widget\" data-e-type=\"widget\" data-widget_type=\"text-editor.default\">\n\t\t\t\t\t\t\t\t\t<p><strong>\u00datlit<\/strong><\/p><p>V\u00e6ngja\u00f0ar konur me\u00f0 sn\u00e1ka fyrir h\u00e1r, blys og svipur; d\u00f6kkir kl\u00e6\u00f0na\u00f0ir, bl\u00f3\u00f0ug augu. \u00cd klass\u00edskri vasamyndlist eru \u00fe\u00e6r s\u00fdndar framanver\u00f0ar, \u00f3gnvekjandi en me\u00f0 formlegri tign. \u00de\u00e6r eru ekki fagrar n\u00e1ttv\u00e6ttir eins og Empusa, heldur ber Erinyanum a\u00f0 vera opinsk\u00e1tt hr\u00e6\u00f0ilegar.<\/p><p><strong>Heg\u00f0un<\/strong><\/p><p>\u00de\u00e6r elta illvirkjann kerfisbundi\u00f0, oft \u00e1rum saman. \u00de\u00e6r reka hann til ge\u00f0veiki, r\u00e6na hann svefni og lei\u00f0a hann til einangrunar. M\u00e1ttur \u00feeirra endar ekki me\u00f0 dau\u00f0anum: \u00fe\u00e6r elta s\u00e1lirnar allt ni\u00f0ur \u00ed undirheima, \u00fear til fulln\u00e6gingu er n\u00e1\u00f0.<\/p><p><strong>Verksvi\u00f0<\/strong><\/p><p>Bl\u00f3\u00f0s\u00f6k (s\u00e9rstaklega innan fj\u00f6lskyldu), meins\u00e6ri, brot gegn foreldravaldi, gestrisnisr\u00e9tti og gri\u00f0abei\u00f0ni. Svi\u00f0 \u00feeirra er hi\u00f0 \u00f3fyrirgefanlega si\u00f0fer\u00f0isbrot.<\/p><p><strong>Go\u00f0sagnalegur uppruni<\/strong><\/p><p>\u00de\u00e6r ur\u00f0u til \u00far bl\u00f3\u00f0i hins gelda\u00f0a \u00daranosar (Hes\u00edodos, \u00deeog\u00f3n\u00eda), og eru \u00fev\u00ed eldri en \u00d3lympsgu\u00f0irnir. \u00de\u00e6r t\u00e1kna for\u00f3lympska, k\u00fe\u00f3n\u00edska r\u00e9ttl\u00e6tisskipan sem setur einnig gu\u00f0unum takm\u00f6rk.<\/p><div><p><strong>Erinyar og F\u00far\u00edur \u00ed fornri hef\u00f0<\/strong><\/p><p>\u00cd <em>\u00deeog\u00f3n\u00edu<\/em> Hes\u00edodosar er Erinyanna a\u00f0eins geti\u00f0 \u00ed hj\u00e1lei\u00f0, sem d\u00e6tur N\u00f3ttarins e\u00f0a, \u00ed \u00f6\u00f0rum \u00fatg\u00e1fum, sem afsprengi bl\u00f3\u00f0s hins fallna \u00daranosar.<\/p><p>H\u00f3mer nefnir \u00fe\u00e6r \u00ed <em>Il\u00edonskvi\u00f0u<\/em> 9.571 sem \u00f3s\u00fdnilegar hefndarkonur sem fylgja \u00ed kj\u00f6lfar <span class=\"iwg-fachbegriff\" data-tooltip=\"Talform\u00fala sem \u00e6tla\u00f0 er a\u00f0 valda einstaklingi e\u00f0a hlut \u00f3g\u00e6fu.\" tabindex=\"0\">b\u00f6lvunar<\/span>-or\u00f0a og meins\u00e6ris. R\u00f3mverjar t\u00f3ku \u00fe\u00e6r upp sem <em>Dirae<\/em> (hinar hr\u00e6\u00f0ilegu) og l\u00f6g\u00f0u enn meiri \u00e1herslu \u00e1 tengsl \u00feeirra vi\u00f0 ge\u00f0veiki og l\u00edkamlega hr\u00f6rnun.<\/p><p>Virgill hle\u00f0ur F\u00far\u00edurnar \u00ed <em>Eneasarkvi\u00f0u<\/em> dul\u00fa\u00f0legu myrkri: \u00fe\u00e6r g\u00e6ta hli\u00f0a undirheimanna og eru sj\u00e1lf \u00edmynd hefndarl\u00f6gm\u00e1ls alheimsins.<\/p><p>\u00cd helleniskum leyndard\u00f3msk\u00faltum og <span class=\"iwg-fachbegriff\" data-tooltip=\"Athafnir sem me\u00f0 s\u00e9rst\u00f6kum gj\u00f6r\u00f0um e\u00f0a form\u00falum eiga a\u00f0 hafa \u00e1hrif \u00e1 framvindu hlutanna.\" tabindex=\"0\">galdra<\/span>-pap\u00fdrusum eru \u00fe\u00e6r \u00e1kalla\u00f0ar sem m\u00e1ttur til a\u00f0 styrkja b\u00f6lvanir e\u00f0a hj\u00e1lpa til vi\u00f0 a\u00f0 hefna meins\u00e6ris. Notkun \u00feeirra \u00ed t\u00f6fratextum gerir r\u00e1\u00f0 fyrir a\u00f0 s\u00e1 sem b\u00f6lvar hafi r\u00e9tt fyrir s\u00e9r, annars sn\u00faast Erinyarnar gegn b\u00f6lvaranum sj\u00e1lfum.<\/p><\/div>\t\t\t\t\t\t\t\t<\/div>\n\t\t\t\t<\/div>\n\t\t\t\t\t<\/div>\n\t\t\t\t<\/div>\n\t\t<div class=\"elementor-element elementor-element-44e71476 e-flex e-con-boxed e-con e-parent\" data-id=\"44e71476\" data-element_type=\"container\" data-e-type=\"container\">\n\t\t\t\t\t<div class=\"e-con-inner\">\n\t\t\t\t<div class=\"elementor-element elementor-element-3c1fc3f0 elementor-widget elementor-widget-heading\" data-id=\"3c1fc3f0\" data-element_type=\"widget\" data-e-type=\"widget\" data-widget_type=\"heading.default\">\n\t\t\t\t\t<h2 class=\"elementor-heading-title elementor-size-default\">Uppl\u00fdsingas\u00ed\u00f0a: Erinyar<\/h2>\t\t\t\t<\/div>\n\t\t<div class=\"elementor-element elementor-element-84f33b8e e-con-full e-flex e-con e-child\" data-id=\"84f33b8e\" data-element_type=\"container\" data-e-type=\"container\">\n\t\t\t\t<div class=\"elementor-element elementor-element-hqkdc67p elementor-widget elementor-widget-text-editor\" data-id=\"hqkdc67p\" data-element_type=\"widget\" data-e-type=\"widget\" data-widget_type=\"text-editor.default\">\n\t\t\t\t\t\t\t\t\t<p>Mikilv\u00e6gustu einkenni Erinyanna \u00ed hnotskurn. \u00cdtarlegri umfj\u00f6llun um nafn, l\u00fdsingu, varnir og hli\u00f0st\u00e6\u00f0ur m\u00e1 finna \u00ed k\u00f6flunum h\u00e9r a\u00f0 ne\u00f0an.<\/p>\t\t\t\t\t\t\t\t<\/div>\n\t\t\t\t<\/div>\n\t\t<div class=\"elementor-element elementor-element-pemmx7c5 e-con-full e-flex e-con e-child\" data-id=\"pemmx7c5\" data-element_type=\"container\" data-e-type=\"container\">\n\t\t<div class=\"elementor-element elementor-element-pemmx7c1 e-con-full e-flex e-con e-child\" data-id=\"pemmx7c1\" data-element_type=\"container\" data-e-type=\"container\">\n\t\t<div class=\"elementor-element elementor-element-qh9oavvu iwg-steckbrief-card e-flex e-con-boxed e-con e-child\" data-id=\"qh9oavvu\" data-element_type=\"container\" data-e-type=\"container\">\n\t\t\t\t\t<div class=\"e-con-inner\">\n\t\t\t\t<div class=\"elementor-element elementor-element-awzx8k2k elementor-widget elementor-widget-heading\" data-id=\"awzx8k2k\" data-element_type=\"widget\" data-e-type=\"widget\" data-widget_type=\"heading.default\">\n\t\t\t\t\t<div class=\"elementor-heading-title elementor-size-default\">Menningarsamhengi<\/div>\t\t\t\t<\/div>\n\t\t\t\t<div class=\"elementor-element elementor-element-x6rowhv0 elementor-widget elementor-widget-text-editor\" data-id=\"x6rowhv0\" data-element_type=\"widget\" data-e-type=\"widget\" data-widget_type=\"text-editor.default\">\n\t\t\t\t\t\t\t\t\t<p>\u00dar bl\u00f3\u00f0i hins gelda\u00f0a \u00daranosar. For\u00f3lympskar, eldri en \u00d3lympsgu\u00f0irnir, \u00fe\u00e6r standa fyrir fornlega r\u00e9ttl\u00e6tisskipan.<\/p>\t\t\t\t\t\t\t\t<\/div>\n\t\t\t\t\t<\/div>\n\t\t\t\t<\/div>\n\t\t<div class=\"elementor-element elementor-element-8e3o4kxs iwg-steckbrief-card e-flex e-con-boxed e-con e-child\" data-id=\"8e3o4kxs\" data-element_type=\"container\" data-e-type=\"container\">\n\t\t\t\t\t<div class=\"e-con-inner\">\n\t\t\t\t<div class=\"elementor-element elementor-element-08rkdgov elementor-widget elementor-widget-heading\" data-id=\"08rkdgov\" data-element_type=\"widget\" data-e-type=\"widget\" data-widget_type=\"heading.default\">\n\t\t\t\t\t<div class=\"elementor-heading-title elementor-size-default\">Skotm\u00f6rk Erinyanna<\/div>\t\t\t\t<\/div>\n\t\t\t\t<div class=\"elementor-element elementor-element-uwjelx8s elementor-widget elementor-widget-text-editor\" data-id=\"uwjelx8s\" data-element_type=\"widget\" data-e-type=\"widget\" data-widget_type=\"text-editor.default\">\n\t\t\t\t\t\t\t\t\t<p>\u00deeir sem bera bl\u00f3\u00f0s\u00f6k (s\u00e9rstaklega innan fj\u00f6lskyldu), fremja meins\u00e6ri, brj\u00f3ta gegn gestrisnisr\u00e9tti e\u00f0a vanvir\u00f0a foreldravald.<\/p>\t\t\t\t\t\t\t\t<\/div>\n\t\t\t\t\t<\/div>\n\t\t\t\t<\/div>\n\t\t<div class=\"elementor-element elementor-element-jm2n74ec iwg-steckbrief-card e-flex e-con-boxed e-con e-child\" data-id=\"jm2n74ec\" data-element_type=\"container\" data-e-type=\"container\">\n\t\t\t\t\t<div class=\"e-con-inner\">\n\t\t\t\t<div class=\"elementor-element elementor-element-8vufse4c elementor-widget elementor-widget-heading\" data-id=\"8vufse4c\" data-element_type=\"widget\" data-e-type=\"widget\" data-widget_type=\"heading.default\">\n\t\t\t\t\t<div class=\"elementor-heading-title elementor-size-default\">\u00c1s\u00fdnd<\/div>\t\t\t\t<\/div>\n\t\t\t\t<div class=\"elementor-element elementor-element-mwb9u015 elementor-widget elementor-widget-text-editor\" data-id=\"mwb9u015\" data-element_type=\"widget\" data-e-type=\"widget\" data-widget_type=\"text-editor.default\">\n\t\t\t\t\t\t\t\t\t<p>V\u00e6ngja\u00f0ar, me\u00f0 sn\u00e1ka fyrir h\u00e1r, blys, svipur, d\u00f6kkan kl\u00e6\u00f0na\u00f0, bl\u00f3\u00f0ug augu. \u00cd klass\u00edskri myndlistarhef\u00f0 s\u00fdndar framanver\u00f0ar, tignarlegar og hr\u00e6\u00f0ilegar.<\/p>\t\t\t\t\t\t\t\t<\/div>\n\t\t\t\t\t<\/div>\n\t\t\t\t<\/div>\n\t\t\t\t<\/div>\n\t\t<div class=\"elementor-element elementor-element-pemmx7c2 e-con-full e-flex e-con e-child\" data-id=\"pemmx7c2\" data-element_type=\"container\" data-e-type=\"container\">\n\t\t<div class=\"elementor-element elementor-element-37ss2yr6 iwg-steckbrief-card e-flex e-con-boxed e-con e-child\" data-id=\"37ss2yr6\" data-element_type=\"container\" data-e-type=\"container\">\n\t\t\t\t\t<div class=\"e-con-inner\">\n\t\t\t\t<div class=\"elementor-element elementor-element-3v0wp3wx elementor-widget elementor-widget-heading\" data-id=\"3v0wp3wx\" data-element_type=\"widget\" data-e-type=\"widget\" data-widget_type=\"heading.default\">\n\t\t\t\t\t<div class=\"elementor-heading-title elementor-size-default\">I\u00f0ja<\/div>\t\t\t\t<\/div>\n\t\t\t\t<div class=\"elementor-element elementor-element-w3247g2m elementor-widget elementor-widget-text-editor\" data-id=\"w3247g2m\" data-element_type=\"widget\" data-e-type=\"widget\" data-widget_type=\"text-editor.default\">\n\t\t\t\t\t\t\t\t\t<p>Ge\u00f0veiki, svefnleysi, einangrun, eftirf\u00f6r allt ni\u00f0ur \u00ed undirheima. \u00de\u00e6r valda ekki dau\u00f0a heldur \u00f3b\u00e6rilegu framhaldsl\u00edfi \u00fear til s\u00e1tt hefur n\u00e1\u00f0st.<\/p>\t\t\t\t\t\t\t\t<\/div>\n\t\t\t\t\t<\/div>\n\t\t\t\t<\/div>\n\t\t<div class=\"elementor-element elementor-element-0qpjal9w iwg-steckbrief-card e-flex e-con-boxed e-con e-child\" data-id=\"0qpjal9w\" data-element_type=\"container\" data-e-type=\"container\">\n\t\t\t\t\t<div class=\"e-con-inner\">\n\t\t\t\t<div class=\"elementor-element elementor-element-6ndoih0o elementor-widget elementor-widget-heading\" data-id=\"6ndoih0o\" data-element_type=\"widget\" data-e-type=\"widget\" data-widget_type=\"heading.default\">\n\t\t\t\t\t<div class=\"elementor-heading-title elementor-size-default\">Vernd<\/div>\t\t\t\t<\/div>\n\t\t\t\t<div class=\"elementor-element elementor-element-6684tyh9 elementor-widget elementor-widget-text-editor\" data-id=\"6684tyh9\" data-element_type=\"widget\" data-e-type=\"widget\" data-widget_type=\"text-editor.default\">\n\t\t\t\t\t\t\t\t\t<p>Ekki v\u00f6rn, heldur s\u00e1tt: hreinsunarrit (katharmos), opinber d\u00f3mur (Areopagos), afm\u00f6rkun sem Eumen\u00edda-<span class=\"iwg-fachbegriff\" data-tooltip=\"Heild tr\u00faarlegra d\u00fdrkunarathafna helga\u00f0ra gu\u00f0i e\u00f0a heilagri v\u00e6tti.\" tabindex=\"0\">k\u00falt<\/span>. Borgr\u00edki\u00f0 bindur m\u00e1tt \u00feeirra me\u00f0 <span class=\"iwg-fachbegriff\" data-tooltip=\"Heild tr\u00faarlegra d\u00fdrkunarathafna helga\u00f0ra gu\u00f0i e\u00f0a heilagri v\u00e6tti.\" tabindex=\"0\">k\u00falti<\/span> \u00ed sta\u00f0 \u00feess a\u00f0 berjast gegn honum.<\/p>\t\t\t\t\t\t\t\t<\/div>\n\t\t\t\t\t<\/div>\n\t\t\t\t<\/div>\n\t\t<div class=\"elementor-element elementor-element-3lfi7x32 iwg-steckbrief-card e-flex e-con-boxed e-con e-child\" data-id=\"3lfi7x32\" data-element_type=\"container\" data-e-type=\"container\">\n\t\t\t\t\t<div class=\"e-con-inner\">\n\t\t\t\t<div class=\"elementor-element elementor-element-0kg99ga1 elementor-widget elementor-widget-heading\" data-id=\"0kg99ga1\" data-element_type=\"widget\" data-e-type=\"widget\" data-widget_type=\"heading.default\">\n\t\t\t\t\t<div class=\"elementor-heading-title elementor-size-default\">Tengdar verur<\/div>\t\t\t\t<\/div>\n\t\t\t\t<div class=\"elementor-element elementor-element-n0fum6kp elementor-widget elementor-widget-text-editor\" data-id=\"n0fum6kp\" data-element_type=\"widget\" data-e-type=\"widget\" data-widget_type=\"text-editor.default\">\n\t\t\t\t\t\t\t\t\t<p>Dirae\/F\u00far\u00edur (R\u00f3m), Gall\u00fb (Mes\u00f3p\u00f3tam\u00eda), Tzitzimime, myndefni lj\u00e1smannsins; jafnvel valkyrjur sem fullnustua\u00f0ilar \u00e1 v\u00edgvellinum falla a\u00f0 \u00feessu hlutverki.<\/p>\t\t\t\t\t\t\t\t<\/div>\n\t\t\t\t\t<\/div>\n\t\t\t\t<\/div>\n\t\t\t\t<\/div>\n\t\t\t\t<\/div>\n\t\t\t\t\t<\/div>\n\t\t\t\t<\/div>\n\t\t<div class=\"elementor-element elementor-element-7533bc7a e-flex e-con-boxed e-con e-parent\" data-id=\"7533bc7a\" data-element_type=\"container\" data-e-type=\"container\">\n\t\t\t\t\t<div class=\"e-con-inner\">\n\t\t\t\t<div class=\"elementor-element elementor-element-2447d18d elementor-widget elementor-widget-heading\" data-id=\"2447d18d\" data-element_type=\"widget\" data-e-type=\"widget\" data-widget_type=\"heading.default\">\n\t\t\t\t\t<h2 class=\"elementor-heading-title elementor-size-default\">Dj\u00f6flafr\u00e6\u00f0i \u00ed daglegu l\u00edfi<\/h2>\t\t\t\t<\/div>\n\t\t<div class=\"elementor-element elementor-element-d5d0260c e-con-full e-flex e-con e-child\" data-id=\"d5d0260c\" data-element_type=\"container\" data-e-type=\"container\">\n\t\t\t\t<div class=\"elementor-element elementor-element-341be2ac elementor-widget elementor-widget-text-editor\" data-id=\"341be2ac\" data-element_type=\"widget\" data-e-type=\"widget\" data-widget_type=\"text-editor.default\">\n\t\t\t\t\t\t\t\t\t<p><strong>S\u00e1ttarrit<\/strong><\/p><p>Hreinsunarrit eftir bl\u00f3\u00f0s\u00fathellingar (<em>katharmos<\/em>), venjulega me\u00f0 sv\u00ednsbl\u00f3ti og ath\u00f6fnum vi\u00f0 flj\u00f3t e\u00f0a haf. S\u00e1 sem hefur veri\u00f0 hreinsa\u00f0ur m\u00e1 sn\u00faa aftur til borgr\u00edkisins.<\/p><p><strong><span class=\"iwg-fachbegriff\" data-tooltip=\"Heild tr\u00faarlegra d\u00fdrkunarathafna helga\u00f0ra gu\u00f0i e\u00f0a heilagri v\u00e6tti.\" tabindex=\"0\">K\u00faltur<\/span> og <span class=\"iwg-fachbegriff\" data-tooltip=\"M\u00e1lleg ath\u00f6fn sem \u00e6tla\u00f0 er a\u00f0 kalla fram e\u00f0a binda m\u00e1tt.\" tabindex=\"0\">\u00e1kall<\/span><\/strong><\/p><p>\u00cd A\u00feenu, \u00e1 Areopagos (kletti Aresar), var Eumen\u00edda-<span class=\"iwg-fachbegriff\" data-tooltip=\"Helgur sta\u00f0ur tileinka\u00f0ur d\u00fdrkun gu\u00f0s.\" tabindex=\"0\">helgista\u00f0ur<\/span> \u00fear sem hinar ummyndu\u00f0u Erinyar voru d\u00fdrka\u00f0ar. M\u00e1ttur \u00feeirra var b\u00e6\u00f0i bundinn og virtur me\u00f0 k\u00falti. \u00cd b\u00f6lvunart\u00f6flum (defixiones) eru \u00fe\u00e6r \u00e1kalla\u00f0ar sem \u00f3pers\u00f3nulegar hefndarkonur.<\/p><p><strong>Verndargripir og t\u00e1knmyndir<\/strong><\/p><p>Engir hef\u00f0bundnir verndargripir eru til gegn \u00feeim \u00ed daglegu l\u00edfi. S\u00e1 sem vill for\u00f0ast Erinyarnar ver\u00f0ur a\u00f0 for\u00f0ast bl\u00f3\u00f0s\u00f6kina sj\u00e1lfa. M\u00e1tt \u00feeirra m\u00e1 a\u00f0eins takmarka me\u00f0 ritu\u00f0u ath\u00e6fi og d\u00f3ms\u00farskur\u00f0i, gripir hafa engin \u00e1hrif \u00e1 \u00fe\u00e6r.<\/p>\t\t\t\t\t\t\t\t<\/div>\n\t\t\t\t<\/div>\n\t\t\t\t\t<\/div>\n\t\t\t\t<\/div>\n\t\t<div class=\"elementor-element elementor-element-5a584676 e-flex e-con-boxed e-con e-parent\" data-id=\"5a584676\" data-element_type=\"container\" data-e-type=\"container\">\n\t\t\t\t\t<div class=\"e-con-inner\">\n\t\t\t\t<div class=\"elementor-element elementor-element-6d0757bf elementor-widget elementor-widget-heading\" data-id=\"6d0757bf\" data-element_type=\"widget\" data-e-type=\"widget\" data-widget_type=\"heading.default\">\n\t\t\t\t\t<h2 class=\"elementor-heading-title elementor-size-default\">Erinyar, hli\u00f0st\u00e6\u00f0ur \u00ed \u00f6\u00f0rum menningarheimum<\/h2>\t\t\t\t<\/div>\n\t\t<div class=\"elementor-element elementor-element-60563f68 e-con-full e-flex e-con e-child\" data-id=\"60563f68\" data-element_type=\"container\" data-e-type=\"container\">\n\t\t\t\t<div class=\"elementor-element elementor-element-5a93fdd6 elementor-widget elementor-widget-text-editor\" data-id=\"5a93fdd6\" data-element_type=\"widget\" data-e-type=\"widget\" data-widget_type=\"text-editor.default\">\n\t\t\t\t\t\t\t\t\t<p><strong>R\u00f3m:<\/strong> Dirae og Furiae eru bein r\u00f3mversk hli\u00f0st\u00e6\u00f0a \u00feeirra, \u00e1berandi \u00ed Eneasarkvi\u00f0u Virgils og harmleikjum Senecu. <span class=\"iwg-fachbegriff\" data-tooltip=\"Endurteki\u00f0 innihaldsatri\u00f0i \u00ed list e\u00f0a fr\u00e1s\u00f6gn.\" tabindex=\"0\">Myndefni\u00f0<\/span> er byggingarlega \u00f3breytt.<\/p><p><strong>Mes\u00f3p\u00f3tam\u00eda:<\/strong> Gall\u00fb undirheimanna fullnusta einnig kosm\u00edska skipan, en \u00fe\u00f3 sem sendibo\u00f0ar dau\u00f0ans, ekki sem hefndarkonur fyrir si\u00f0fer\u00f0isbrot.<\/p><p><strong>N\u00fat\u00edmavi\u00f0t\u00f6kur:<\/strong> Yfirsj\u00e1lf Freuds s\u00e6kir \u00ed <span class=\"iwg-fachbegriff\" data-tooltip=\"Endurteki\u00f0 innihaldsatri\u00f0i \u00ed list e\u00f0a fr\u00e1s\u00f6gn.\" tabindex=\"0\">myndefni\u00f0<\/span> um hina eltandi innri r\u00f6dd. B\u00f3kmenntir og kvikmyndir nota Erinyarnar s\u00edfellt aftur og aftur sem <span class=\"iwg-fachbegriff\" data-tooltip=\"\u00c1\u00fereifanleg mynd sem t\u00e1knar \u00f3hlutbundna hugsun.\" tabindex=\"0\">t\u00e1kn<\/span> hinnar \u00f3umfl\u00fdjanlegu sektar.<\/p><div><p><strong>Erinyar sem kosm\u00edskt hefndarafl og millig\u00f6ngumenn s\u00e1ttar<\/strong><\/p><p>Hinn <span class=\"iwg-fachbegriff\" data-tooltip=\"T\u00edmabil gr\u00edskrar og r\u00f3mverskrar menningar, um 800 f.Kr. til 600 e.Kr.\" tabindex=\"0\">forna<\/span> skilningur \u00e1 Erinyunum var minna pers\u00f3nuger\u00f0ur en f\u00fanksj\u00f3nalegur: \u00fe\u00e6r t\u00e1kna \u00f3umfl\u00fdjanlega aflei\u00f0ingu \u00f3r\u00e9tts og bl\u00f3\u00f0s\u00f6kar, ekki ge\u00f0\u00fe\u00f3ttafulla grimmd. \u00de\u00e6r eru \u00ed raun b\u00f3khaldarar kosm\u00edskrar sektar, sem alheimurinn sj\u00e1lfur fylgir.<\/p><p>S\u00e9rstaklega \u00ed a\u00feensku r\u00e9ttarfari eftir \u00c6sk\u00fdlos ver\u00f0a \u00fe\u00e6r t\u00e1kn j\u00f6fnunarr\u00e9ttl\u00e6tis: enginn gl\u00e6pur er l\u00e1tinn \u00f3b\u00e6ttur, en enginn illvirki er \u00e1n bjargr\u00e1\u00f0s ef hann leitar s\u00e1ttar og finnur hana.<\/p><p>\u00deetta greindi gr\u00edska hefndargu\u00f0a-hugtaki\u00f0 fr\u00e1 hreinni hefndarrei\u00f0i annarra menningarheima. Erinyarnar krefjast b\u00f3ta, ekki eil\u00edfrar ford\u00e6mingar. \u00cd leyndard\u00f3msk\u00faltum eins og \u00ed Eleusis l\u00e9ku \u00fe\u00e6r hlutverk \u00ed hreinsunarritinu: \u00fe\u00e6r voru vottar ei\u00f0a og mor\u00f0banna, en brot \u00e1 \u00feeim leiddi til ritu\u00f0 vanhelgunar.<\/p><\/div>\t\t\t\t\t\t\t\t<\/div>\n\t\t\t\t<\/div>\n\t\t\t\t\t<\/div>\n\t\t\t\t<\/div>\n\t\t<div class=\"elementor-element elementor-element-cpf03202d e-flex e-con-boxed e-con e-parent\" data-id=\"cpf03202d\" data-element_type=\"container\" data-e-type=\"container\">\n\t\t\t\t\t<div class=\"e-con-inner\">\n\t\t\t\t<div class=\"elementor-element elementor-element-cpf59c0c8 elementor-widget elementor-widget-heading\" data-id=\"cpf59c0c8\" data-element_type=\"widget\" data-e-type=\"widget\" data-widget_type=\"heading.default\">\n\t\t\t\t\t<h2 class=\"elementor-heading-title elementor-size-default\">Erin\u00fdurnar \u00ed \u00d3resteiu \u00c6sk\u00fdlosar<\/h2>\t\t\t\t<\/div>\n\t\t<div class=\"elementor-element elementor-element-cp9db56f4 e-con-full e-flex e-con e-child\" data-id=\"cp9db56f4\" data-element_type=\"container\" data-e-type=\"container\">\n\t\t\t\t<div class=\"elementor-element elementor-element-cpe38e471 elementor-widget elementor-widget-text-editor\" data-id=\"cpe38e471\" data-element_type=\"widget\" data-e-type=\"widget\" data-widget_type=\"text-editor.default\">\n\t\t\t\t\t\t\t\t\t<p>\u00c1hrifamesta og afdrifar\u00edkasta birtingarmynd Erin\u00fda \u00ed fornb\u00f3kmenntum er <em>\u00d3resteia<\/em> \u00c6sk\u00fdlosar, \u00fer\u00edleikur sem var frums\u00fdndur \u00ed A\u00feenu \u00e1ri\u00f0 458 f.Kr. \u00cd honum eru Erin\u00fdurnar ekki bara nefndar m\u00e1ttarv\u00f6ld: \u00fe\u00e6r koma fram \u00ed eigin pers\u00f3nu \u00e1 svi\u00f0inu sem k\u00f3r, s\u00e9rstaklega \u00ed \u00feri\u00f0ja verkinu, <em>Evmen\u00eddunum<\/em>.<\/p><p>Sagan segir fr\u00e1 \u00fev\u00ed a\u00f0 Kl\u00fdtajmnestra myr\u00f0ir eiginmann sinn Agamemnon, s\u00ed\u00f0an hefnist sonur hennar Orestes me\u00f0 \u00fev\u00ed a\u00f0 drepa m\u00f3\u00f0ur s\u00edna, og s\u00ed\u00f0an segir fr\u00e1 aflei\u00f0ingum \u00feessa bl\u00f3\u00f0uga verks. \u00dear sem Orestes hefur myrt eigin m\u00f3\u00f0ur, \u00feannig a\u00f0 bl\u00f3\u00f0i \u00e6ttingja var \u00fathellt, elta Erin\u00fdurnar hann.<\/p><p>\u00de\u00e6r eru hefndargy\u00f0jur m\u00f3\u00f0urbl\u00f3\u00f0sins, \u00fe\u00e6r elta Orestes fr\u00e1 Argos til Delf\u00ed og \u00e1fram til A\u00feenu, \u00fe\u00e6r gera hann brj\u00e1la\u00f0an og l\u00e1ta hann engan fri\u00f0 hafa.<\/p><p>\u00c6sk\u00fdlos l\u00fdsir \u00feeim sem \u00f3gnvekjandi verum. \u00cd leikritinu sj\u00e1lfu er sagt fr\u00e1 \u00fev\u00ed a\u00f0 sj\u00f3n \u00feeirra hafi einni saman fellt prestynju Delf\u00ed til jar\u00f0ar. \u00de\u00e6r sofa, hv\u00e6sa og finna lykt af bl\u00f3\u00f0i l\u00edkt og hundar. Krafa \u00feeirra er fornaldarleg, eldri en yngri \u00f3lymp\u00edsku gu\u00f0irnir, og \u00fe\u00e6r halda fast vi\u00f0 a\u00f0 r\u00e9ttur \u00feeirra, r\u00e9ttur bl\u00f3\u00f0hefndarins, megi ekki hr\u00f3fla vi\u00f0.<\/p><p>Kjarni \u00fer\u00edleiksins er \u00e1t\u00f6kin milli \u00feessa forna r\u00e9ttar og n\u00fdrrar skipunar. Apollon og A\u00feena standa me\u00f0 Orestes, Erin\u00fdurnar me\u00f0 \u00f3skilor\u00f0sbundinni yfirb\u00f3t. <em>\u00d3resteia<\/em> er \u00feannig lykilheimild um \u00fea\u00f0 hvernig Erin\u00fdurnar voru \u00e1 <span class=\"iwg-fachbegriff\" data-tooltip=\"T\u00edmabil gr\u00edskrar og r\u00f3mverskrar menningar, um 800 f.Kr. til 600 e.Kr.\" tabindex=\"0\">forn\u00f6ld<\/span> skildar sem \u00edmynd forr\u00edkislegrar, sj\u00e1lfvirkrar hefndar.<\/p>\t\t\t\t\t\t\t\t<\/div>\n\t\t\t\t<\/div>\n\t\t\t\t\t<\/div>\n\t\t\t\t<\/div>\n\t\t<div class=\"elementor-element elementor-element-cp6f04794 e-flex e-con-boxed e-con e-parent\" data-id=\"cp6f04794\" data-element_type=\"container\" data-e-type=\"container\">\n\t\t\t\t\t<div class=\"e-con-inner\">\n\t\t\t\t<div class=\"elementor-element elementor-element-cp09010be elementor-widget elementor-widget-heading\" data-id=\"cp09010be\" data-element_type=\"widget\" data-e-type=\"widget\" data-widget_type=\"heading.default\">\n\t\t\t\t\t<h2 class=\"elementor-heading-title elementor-size-default\">Fr\u00e1 b\u00f6lvun til blessunar: Umbreytingin \u00ed Evmen\u00eddur<\/h2>\t\t\t\t<\/div>\n\t\t<div class=\"elementor-element elementor-element-cp089b896 e-con-full e-flex e-con e-child\" data-id=\"cp089b896\" data-element_type=\"container\" data-e-type=\"container\">\n\t\t\t\t<div class=\"elementor-element elementor-element-cpc197b86 elementor-widget elementor-widget-text-editor\" data-id=\"cpc197b86\" data-element_type=\"widget\" data-e-type=\"widget\" data-widget_type=\"text-editor.default\">\n\t\t\t\t\t\t\t\t\t<p>Lokaatbur\u00f0ur <em>\u00d3resteiu<\/em> er umbreyting Erin\u00fdanna \u00ed Evmen\u00eddur, \u00fe\u00e6r velvildarfullu. S\u00fa umbreyting er tr\u00faars\u00f6gulega mikilv\u00e6g, \u00fev\u00ed h\u00fan s\u00fdnir hvernig menning innlimar h\u00e6ttulegt vald \u00ed eigin skipulag, \u00ed sta\u00f0 \u00feess a\u00f0 \u00fatr\u00fdma \u00fev\u00ed.<\/p><p>\u00cd <em>Evmen\u00eddunum<\/em> er m\u00e1l Orestesar teki\u00f0 fyrir \u00ed d\u00f3mst\u00f3l \u00e1 Are\u00f3pagos-h\u00e6\u00f0 \u00ed A\u00feenu, sem gy\u00f0jan A\u00feena setur \u00e1 f\u00f3t.<\/p><p>Borgarar A\u00feenu grei\u00f0a atkv\u00e6\u00f0i sem kvi\u00f0d\u00f3mendur, atkv\u00e6\u00f0i standa j\u00f6fn, og A\u00feena r\u00e6\u00f0ur \u00farslitum me\u00f0 s\u00ednu atkv\u00e6\u00f0i til frelsunar Orestesar. \u00dear me\u00f0 kemur skipulag\u00f0ur d\u00f3mst\u00f3ll \u00ed fyrsta sinn \u00ed sta\u00f0 endalausrar bl\u00f3\u00f0hefndar.<\/p><p>Erin\u00fdurnar eru fyrst rei\u00f0ar yfir \u00feessum d\u00f3mi. \u00de\u00e6r finna fornt emb\u00e6tti sitt l\u00edtilsvirt og h\u00f3ta a\u00f0 sl\u00e1 landi\u00f0 me\u00f0 \u00f3frj\u00f3semi og pl\u00e1gu. A\u00feena semur vi\u00f0 \u00fe\u00e6r.<\/p><p>H\u00fan b\u00fd\u00f0ur \u00feeim fastan tilbei\u00f0slusta\u00f0 \u00ed A\u00feenu, varanlega vir\u00f0ing borgaranna og n\u00fdtt, blessunarr\u00edkt hlutverk: \u00fe\u00e6r skulu g\u00e6ta frj\u00f3semi, hj\u00f3nabandss\u00e6lu og velgengni borgarinnar og halda \u00e1fram a\u00f0 refsa illgj\u00f6r\u00f0am\u00f6nnum, en n\u00fa innan r\u00edkisskipulagsins.<\/p><p>Erin\u00fdurnar taka bo\u00f0inu og ganga \u00ed h\u00e1t\u00ed\u00f0legri fylgd a\u00f0 <span class=\"iwg-fachbegriff\" data-tooltip=\"Helgur sta\u00f0ur tileinka\u00f0ur tilbei\u00f0slu gu\u00f0s e\u00f0a gy\u00f0ju.\" tabindex=\"0\">helgista\u00f0<\/span> s\u00ednum \u00ed lok \u00fer\u00edleiksins. \u00dar hefndarandunum sem eltu ur\u00f0u Evmen\u00eddurnar, sem raunar var haldin <span class=\"iwg-fachbegriff\" data-tooltip=\"\u00d6ll tr\u00faarleg tilbei\u00f0sluath\u00f6fn fyrir gu\u00f0 e\u00f0a heilaga veru.\" tabindex=\"0\">d\u00fdrkun<\/span> til \u00ed A\u00feenu og v\u00ed\u00f0ar.<\/p><p>Harmleikurinn sk\u00edrskotar \u00feannig til raunverulegrar <span class=\"iwg-fachbegriff\" data-tooltip=\"\u00d6ll tr\u00faarleg tilbei\u00f0sluath\u00f6fn fyrir gu\u00f0 e\u00f0a heilaga veru.\" tabindex=\"0\">d\u00fdrkunar<\/span> og gefur henni merkingu \u00ed lei\u00f0inni: hi\u00f0 forna hefndarvald var\u00f0veitist en er gert borgr\u00edkinu til \u00fej\u00f3nustu. Tv\u00f6falt nafn veranna, Erin\u00fdur og Evmen\u00eddur, geymir \u00feessar tv\u00e6r hli\u00f0ar til framb\u00fa\u00f0ar.<\/p>\t\t\t\t\t\t\t\t<\/div>\n\t\t\t\t<\/div>\n\t\t\t\t\t<\/div>\n\t\t\t\t<\/div>\n\t\t<div class=\"elementor-element elementor-element-cp91c4cbf e-flex e-con-boxed e-con e-parent\" data-id=\"cp91c4cbf\" data-element_type=\"container\" data-e-type=\"container\">\n\t\t\t\t\t<div class=\"e-con-inner\">\n\t\t\t\t<div class=\"elementor-element elementor-element-cp631815e elementor-widget elementor-widget-heading\" data-id=\"cp631815e\" data-element_type=\"widget\" data-e-type=\"widget\" data-widget_type=\"heading.default\">\n\t\t\t\t\t<h2 class=\"elementor-heading-title elementor-size-default\">Uppruni, fj\u00f6ldi og n\u00f6fn Erin\u00fdanna<\/h2>\t\t\t\t<\/div>\n\t\t<div class=\"elementor-element elementor-element-cpb1f28f8 e-con-full e-flex e-con e-child\" data-id=\"cpb1f28f8\" data-element_type=\"container\" data-e-type=\"container\">\n\t\t\t\t<div class=\"elementor-element elementor-element-cp2460745 elementor-widget elementor-widget-text-editor\" data-id=\"cp2460745\" data-element_type=\"widget\" data-e-type=\"widget\" data-widget_type=\"text-editor.default\">\n\t\t\t\t\t\t\t\t\t<p>Um uppruna Erin\u00fdanna gefa fornar heimildir mismunandi og misv\u00edsandi fr\u00e1sagnir.<\/p><p>\u00c1hrifamesta \u00fatg\u00e1fan kemur fram hj\u00e1 Hes\u00edodosi \u00ed <em>Gu\u00f0akynsl\u00f3\u00f0inni (Theogonia)<\/em>. \u00dear spretta Erin\u00fdurnar \u00far bl\u00f3\u00f0i \u00daranosar: \u00feegar Kronos gerir f\u00f6\u00f0ur sinn \u00daranos geldan og bl\u00f3\u00f0droparnir falla \u00e1 j\u00f6r\u00f0ina, Gaiu, f\u00e6\u00f0ir j\u00f6r\u00f0in Erin\u00fdurnar, \u00e1samt risunum og n\u00fdmfunum.<\/p><p>\u00deessi uppruni bindur Erin\u00fdurnar fr\u00e1 upphafi vi\u00f0 gl\u00e6p gegn \u00e6ttingja, uppreisn sonar gegn f\u00f6\u00f0ur.<\/p><p>A\u00f0rar heimildir nefna Nyx, N\u00f3ttina, sem m\u00f3\u00f0ur, sem f\u00e6rir Erin\u00fdurnar n\u00e6r \u00f6\u00f0rum dimmum m\u00e1ttarv\u00f6ldum, e\u00f0a rekja \u00fe\u00e6r til gy\u00f0ja undirheimanna. \u00deessi margbreytni er einkennandi fyrir gr\u00edskar \u00e6ttart\u00f6lur og s\u00fdnir a\u00f0 Erin\u00fdunum var unnt a\u00f0 skipa \u00ed \u00fdmsa t\u00falkunar\u00fer\u00e6\u00f0i.<\/p><p>Fj\u00f6ldi Erin\u00fdanna var einnig \u00f3\u00e1kve\u00f0inn \u00ed upphafi. \u00cd elstu textunum, hj\u00e1 H\u00f3mer og \u00c6sk\u00fdlosi, koma \u00fe\u00e6r fram sem \u00f3skilgreindur fj\u00f6lh\u00f3pur, hj\u00f6r\u00f0.<\/p><p>\u00dea\u00f0 var ekki fyrr en s\u00ed\u00f0ari, a\u00f0allega hellen\u00edsk og r\u00f3mversk hef\u00f0, a\u00f0 fj\u00f6ldi \u00feeirra var \u00e1kve\u00f0inn \u00fer\u00edr og \u00feeim gefin n\u00f6fn: Alekto, hin \u00f3afl\u00e1tanlega, Tis\u00edf\u00f3ne, hefnandi mor\u00f0sins, og Megaira, hin \u00f6fundsj\u00faka e\u00f0a gremjufulla. \u00cd \u00feessari \u00feref\u00f6ldu, nefndu mynd koma \u00fe\u00e6r s\u00ed\u00f0an fram hj\u00e1 r\u00f3mverskum sk\u00e1ldum eins og Virgli.<\/p><p>Auk \u00feess var algengt a\u00f0 for\u00f0ast a\u00f0 nefna Erin\u00fdurnar beinum or\u00f0um. \u00de\u00e6r voru kalla\u00f0ar hulnum, sefandi n\u00f6fnum, \u00fe\u00e1 sem Evmen\u00eddur, \u00fe\u00e6r velvildarfullu, e\u00f0a Semnai Theai, hinar tignu gy\u00f0jur, en undir \u00fev\u00ed nafni var \u00feeim haldinn <span class=\"iwg-fachbegriff\" data-tooltip=\"Helgur sta\u00f0ur tileinka\u00f0ur tilbei\u00f0slu gu\u00f0s e\u00f0a gy\u00f0ju.\" tabindex=\"0\">helgista\u00f0ur<\/span> \u00e1 Are\u00f3pagos \u00ed A\u00feenu.<\/p><p>\u00deessi tungum\u00e1lalega vark\u00e1rni er sj\u00e1lf til vitnis um \u00feann \u00f3tta sem \u00feessar verur ollu.<\/p>\t\t\t\t\t\t\t\t<\/div>\n\t\t\t\t<\/div>\n\t\t\t\t\t<\/div>\n\t\t\t\t<\/div>\n\t\t<div class=\"elementor-element elementor-element-36dd7469 e-flex e-con-boxed e-con e-parent\" data-id=\"36dd7469\" data-element_type=\"container\" data-e-type=\"container\">\n\t\t\t\t\t<div class=\"e-con-inner\">\n\t\t\t\t<div class=\"elementor-element elementor-element-13760ab4 elementor-widget elementor-widget-heading\" data-id=\"13760ab4\" data-element_type=\"widget\" data-e-type=\"widget\" data-widget_type=\"heading.default\">\n\t\t\t\t\t<div class=\"elementor-heading-title elementor-size-default\">\u00cdtarefni og tenglar<\/div>\t\t\t\t<\/div>\n\t\t<div class=\"elementor-element elementor-element-28c87796 e-con-full e-flex e-con e-child\" data-id=\"28c87796\" data-element_type=\"container\" data-e-type=\"container\">\n\t\t\t\t<div class=\"elementor-element elementor-element-5d6538df elementor-widget elementor-widget-text-editor\" data-id=\"5d6538df\" data-element_type=\"widget\" data-e-type=\"widget\" data-widget_type=\"text-editor.default\">\n\t\t\t\t\t\t\t\t\t<p>R\u00e1\u00f0lag\u00f0ir innri tenglar:<\/p><ul><li><a href=\"https:\/\/iwell-guard.com\/is\/?page_id=168594\">Grikkland<\/a><\/li><li><a href=\"https:\/\/iwell-guard.com\/is\/?page_id=168599\">Keres<\/a> (n\u00e1in \u00e6ttingja)<\/li><li><a href=\"https:\/\/iwell-guard.com\/is\/?page_id=168605\">Dirae<\/a> (r\u00f3mversk hli\u00f0st\u00e6\u00f0a, n\u00e1nari s\u00ed\u00f0a kemur s\u00ed\u00f0ar)<\/li><li><a href=\"https:\/\/iwell-guard.com\/is\/?page_id=168587\">Gallu<\/a> (mes\u00f3p\u00f3tam\u00edsk hli\u00f0st\u00e6\u00f0a)<\/li><li>Hreinsunarsi\u00f0ir og Are\u00f3pagos-<span class=\"iwg-fachbegriff\" data-tooltip=\"\u00d6ll tr\u00faarleg tilbei\u00f0sluath\u00f6fn fyrir gu\u00f0 e\u00f0a heilaga veru.\" tabindex=\"0\">d\u00fdrkun<\/span><\/li><\/ul>\t\t\t\t\t\t\t\t<\/div>\n\t\t\t\t<\/div>\n\t\t\t\t\t<\/div>\n\t\t\t\t<\/div>\n\t\t<div class=\"elementor-element elementor-element-grl4kl40 e-flex e-con-boxed e-con e-parent\" data-id=\"grl4kl40\" data-element_type=\"container\" data-e-type=\"container\">\n\t\t\t\t\t<div class=\"e-con-inner\">\n\t\t\t\t<div class=\"elementor-element elementor-element-bzsbfrmh elementor-widget elementor-widget-heading\" data-id=\"bzsbfrmh\" data-element_type=\"widget\" data-e-type=\"widget\" data-widget_type=\"heading.default\">\n\t\t\t\t\t<h2 class=\"elementor-heading-title elementor-size-default\">Fr\u00e6\u00f0irit<\/h2>\t\t\t\t<\/div>\n\t\t<div class=\"elementor-element elementor-element-2c13224a e-con-full e-flex e-con e-child\" data-id=\"2c13224a\" data-element_type=\"container\" data-e-type=\"container\">\n\t\t\t\t<div class=\"elementor-element elementor-element-0eymh9ub elementor-widget elementor-widget-text-editor\" data-id=\"0eymh9ub\" data-element_type=\"widget\" data-e-type=\"widget\" data-widget_type=\"text-editor.default\">\n\t\t\t\t\t\t\t\t\t<footer class=\"iwg-literatur\"><p>\u00darval helstu verka um Erin\u00fdur og gr\u00edska hefndar-<span class=\"iwg-fachbegriff\" data-tooltip=\"V\u00edsindaleg fr\u00e6\u00f0i um gu\u00f0 og tr\u00fa \u00ed tiltekinni tr\u00faarbr\u00f6g\u00f0um.\" tabindex=\"0\">gu\u00f0fr\u00e6\u00f0i<\/span>:<\/p><ul><li><span data-nosnippet>Zeitlin, Froma I.: <em>Playing the Other. Gender and Society in Classical Greek Literature<\/em>. Chicago 1996.<\/span><\/li><li><span data-nosnippet>Parker, Robert: <em><a href=\"https:\/\/archive.org\/details\/greekreligion0000burk\" target=\"_blank\" rel=\"noopener noreferrer\">Miasma. Pollution and Purification in Early Greek Religion<\/a><\/em>. Oxford 1983.<\/span><\/li><li><span data-nosnippet>Sommerstein, Alan: <em>Aeschylus: Eumenides<\/em>. Cambridge 1989 (sk\u00fdringarrit).<\/span><\/li><li><span data-nosnippet>Lloyd-Jones, Hugh: <em>The Justice of Zeus<\/em>. Berkeley 1971.<\/span><\/li><\/ul><div data-nosnippet=\"true\" class=\"iwg-litliste\"><p><strong>Grunnrit (Grikkland):<\/strong><\/p><ul><li><span data-nosnippet><strong>Bremmer, Jan N.<\/strong>: <em>Greek Religion. Cambridge University Press, Cambridge 1999.<\/em><\/span><\/li><li><span data-nosnippet><strong>Bonnefoy, Yves<\/strong>: <em>Greek and Egyptian Mythologies. University of Chicago Press, Chicago 1992.<\/em><\/span><\/li><\/ul><\/div><\/footer>\n<p class=\"iwg-bib-more\"><span data-nosnippet>Fleiri grunnrit \u00ed <a href=\"https:\/\/iwell-guard.com\/is\/?page_id=168730\">heimildaskr\u00e1nni<\/a>.<\/span><\/p>\t\t\t\t\t\t\t\t<\/div>\n\t\t\t\t<\/div>\n\t\t\t\t\t<\/div>\n\t\t\t\t<\/div>\n\t\t<div class=\"elementor-element elementor-element-iwgca-erinyen-sec e-flex e-con-boxed e-con e-parent\" data-id=\"iwgca-erinyen-sec\" data-element_type=\"container\" data-e-type=\"container\" id=\"iwg-ca-erinyen\">\n\t\t\t\t\t<div class=\"e-con-inner\">\n\t\t\t\t<div class=\"elementor-element elementor-element-iwgca-erinyen-te iwg-ca-textwrap elementor-widget elementor-widget-text-editor\" data-id=\"iwgca-erinyen-te\" data-element_type=\"widget\" data-e-type=\"widget\" data-widget_type=\"text-editor.default\">\n\t\t\t\t\t\t\t\t\t<div data-nosnippet=\"true\"><p class=\"iwg-ca-bridge\">Verndarhef\u00f0in sem h\u00e9r er l\u00fdst er tr\u00faars\u00f6gulegt yfirlit yfir s\u00f6guleg fyrirb\u00e6ri. iWell Guard tengist \u00feessari menningars\u00f6gulegu hef\u00f0 verndargripa sem bornir eru \u00e1 l\u00edkamanum og er samt\u00edma\u00fatg\u00e1fa af henni. <a href=\"\/ueber-iwell-guard\/?utm_source=iwell-guard.com&#038;utm_medium=text-link&#038;utm_campaign=schadwesen-tradition\">Meira um iWell Guard \u2192<\/a><\/p><\/div>\t\t\t\t\t\t\t\t<\/div>\n\t\t\t\t\t<\/div>\n\t\t\t\t<\/div>\n\t\t\t\t<\/div>\n\t\t","protected":false},"excerpt":{"rendered":"","protected":false},"author":3,"featured_media":1682,"parent":0,"menu_order":0,"comment_status":"closed","ping_status":"closed","template":"elementor_header_footer","meta":{"_yoast_wpseo_focuskw":"Erin\u00fdur, hefndargy\u00f0jur","_yoast_wpseo_title":"Erin\u00fdur - Hefndargy\u00f0jurnar, ofs\u00f3knarar bl\u00f3\u00f0skuldar","_yoast_wpseo_metadesc":"Erin\u00fdur, hefndargy\u00f0jur gr\u00edskrar go\u00f0afr\u00e6\u00f0i. Ofs\u00f3knarar bl\u00f3\u00f0skuldar, tengsl vi\u00f0 \u00d3resteiu \u00c6sk\u00fdlosar og umbreyting \u00feeirra \u00ed Eumen\u00eddur.","_yoast_wpseo_meta-robots-noindex":"","_yoast_wpseo_canonical":"","_angie_page":false,"gefaehrdungsstufe":"4","wesen_kultur":"griechenland","wesen_klasse":"geister","footnotes":""},"categories":[],"class_list":["post-168600","page","type-page","status-publish","has-post-thumbnail","hentry"],"yoast_head":"<!-- This site is optimized with the Yoast SEO Premium plugin v27.7 (Yoast SEO v28.3) - https:\/\/yoast.com\/product\/yoast-seo-premium-wordpress\/ -->\n<title>Erin\u00fdur - Hefndargy\u00f0jurnar, ofs\u00f3knarar bl\u00f3\u00f0skuldar<\/title>\n<meta name=\"description\" content=\"Erin\u00fdur, hefndargy\u00f0jur gr\u00edskrar go\u00f0afr\u00e6\u00f0i. Ofs\u00f3knarar bl\u00f3\u00f0skuldar, tengsl vi\u00f0 \u00d3resteiu \u00c6sk\u00fdlosar og umbreyting \u00feeirra \u00ed Eumen\u00eddur.\" \/>\n<meta name=\"robots\" content=\"index, follow, max-snippet:-1, max-image-preview:large, max-video-preview:-1\" \/>\n<link rel=\"canonical\" href=\"https:\/\/iwell-guard.com\/is\/erinyur\/\" \/>\n<meta property=\"og:locale\" content=\"is_IS\" \/>\n<meta property=\"og:type\" content=\"article\" \/>\n<meta property=\"og:title\" content=\"Erin\u00fdur\" \/>\n<meta property=\"og:description\" content=\"Erin\u00fdur, hefndargy\u00f0jur gr\u00edskrar go\u00f0afr\u00e6\u00f0i. Ofs\u00f3knarar bl\u00f3\u00f0skuldar, tengsl vi\u00f0 \u00d3resteiu \u00c6sk\u00fdlosar og umbreyting \u00feeirra \u00ed Eumen\u00eddur.\" \/>\n<meta property=\"og:url\" content=\"https:\/\/iwell-guard.com\/is\/erinyur\/\" \/>\n<meta property=\"og:site_name\" content=\"iWell Guard\" \/>\n<meta property=\"article:modified_time\" content=\"2026-09-05T14:14:38+00:00\" \/>\n<meta property=\"og:image\" content=\"https:\/\/iwell-guard.com\/wp-content\/uploads\/2026\/04\/geister_griechenland_erinyen.webp\" \/>\n\t<meta property=\"og:image:width\" content=\"1024\" \/>\n\t<meta property=\"og:image:height\" content=\"1536\" \/>\n\t<meta property=\"og:image:type\" content=\"image\/webp\" \/>\n<meta name=\"twitter:card\" content=\"summary_large_image\" \/>\n<script type=\"application\/ld+json\" class=\"yoast-schema-graph\">{\"@context\":\"https:\\\/\\\/schema.org\",\"@graph\":[{\"@type\":\"WebPage\",\"@id\":\"https:\\\/\\\/iwell-guard.com\\\/is\\\/erinyur\\\/\",\"url\":\"https:\\\/\\\/iwell-guard.com\\\/is\\\/erinyur\\\/\",\"name\":\"Erin\u00fdur - Hefndargy\u00f0jurnar, ofs\u00f3knarar bl\u00f3\u00f0skuldar\",\"isPartOf\":{\"@id\":\"https:\\\/\\\/iwell-guard.com\\\/is\\\/#website\"},\"primaryImageOfPage\":{\"@id\":\"https:\\\/\\\/iwell-guard.com\\\/is\\\/erinyur\\\/#primaryimage\"},\"image\":{\"@id\":\"https:\\\/\\\/iwell-guard.com\\\/is\\\/erinyur\\\/#primaryimage\"},\"thumbnailUrl\":\"https:\\\/\\\/iwell-guard.com\\\/wp-content\\\/uploads\\\/2026\\\/04\\\/geister_griechenland_erinyen.webp\",\"datePublished\":\"2026-09-05T14:01:28+00:00\",\"dateModified\":\"2026-09-05T14:14:38+00:00\",\"description\":\"Erin\u00fdur, hefndargy\u00f0jur gr\u00edskrar go\u00f0afr\u00e6\u00f0i. Ofs\u00f3knarar bl\u00f3\u00f0skuldar, tengsl vi\u00f0 \u00d3resteiu \u00c6sk\u00fdlosar og umbreyting \u00feeirra \u00ed Eumen\u00eddur.\",\"breadcrumb\":{\"@id\":\"https:\\\/\\\/iwell-guard.com\\\/is\\\/erinyur\\\/#breadcrumb\"},\"inLanguage\":\"is\",\"potentialAction\":[{\"@type\":\"ReadAction\",\"target\":[\"https:\\\/\\\/iwell-guard.com\\\/is\\\/erinyur\\\/\"]}]},{\"@type\":\"ImageObject\",\"inLanguage\":\"is\",\"@id\":\"https:\\\/\\\/iwell-guard.com\\\/is\\\/erinyur\\\/#primaryimage\",\"url\":\"https:\\\/\\\/iwell-guard.com\\\/wp-content\\\/uploads\\\/2026\\\/04\\\/geister_griechenland_erinyen.webp\",\"contentUrl\":\"https:\\\/\\\/iwell-guard.com\\\/wp-content\\\/uploads\\\/2026\\\/04\\\/geister_griechenland_erinyen.webp\",\"width\":1024,\"height\":1536,\"caption\":\"Andar \u00far gr\u00edskri hef\u00f0.\"},{\"@type\":\"BreadcrumbList\",\"@id\":\"https:\\\/\\\/iwell-guard.com\\\/is\\\/erinyur\\\/#breadcrumb\",\"itemListElement\":[{\"@type\":\"ListItem\",\"position\":1,\"name\":\"Start\",\"item\":\"https:\\\/\\\/iwell-guard.com\\\/is\\\/?page_id=168580\"},{\"@type\":\"ListItem\",\"position\":2,\"name\":\"Erin\u00fdur\"}]},{\"@type\":\"WebSite\",\"@id\":\"https:\\\/\\\/iwell-guard.com\\\/is\\\/#website\",\"url\":\"https:\\\/\\\/iwell-guard.com\\\/is\\\/\",\"name\":\"iWell Guard\",\"description\":\"Schutz vor dunklen Einfl\u00fcssen\",\"publisher\":{\"@id\":\"https:\\\/\\\/iwell-guard.com\\\/is\\\/#organization\"},\"potentialAction\":[{\"@type\":\"SearchAction\",\"target\":{\"@type\":\"EntryPoint\",\"urlTemplate\":\"https:\\\/\\\/iwell-guard.com\\\/is\\\/?s={search_term_string}\"},\"query-input\":{\"@type\":\"PropertyValueSpecification\",\"valueRequired\":true,\"valueName\":\"search_term_string\"}}],\"inLanguage\":\"is\"},{\"@type\":\"Organization\",\"@id\":\"https:\\\/\\\/iwell-guard.com\\\/is\\\/#organization\",\"name\":\"Ittermann electronic GmbH\",\"url\":\"https:\\\/\\\/iwell-guard.com\\\/is\\\/\",\"logo\":{\"@type\":\"ImageObject\",\"inLanguage\":\"is\",\"@id\":\"https:\\\/\\\/iwell-guard.com\\\/is\\\/#\\\/schema\\\/logo\\\/image\\\/\",\"url\":\"https:\\\/\\\/iwell-guard.com\\\/wp-content\\\/uploads\\\/2026\\\/05\\\/Ittermann-Logo-1182x237-1.png\",\"contentUrl\":\"https:\\\/\\\/iwell-guard.com\\\/wp-content\\\/uploads\\\/2026\\\/05\\\/Ittermann-Logo-1182x237-1.png\",\"width\":1182,\"height\":237,\"caption\":\"Ittermann electronic GmbH\"},\"image\":{\"@id\":\"https:\\\/\\\/iwell-guard.com\\\/is\\\/#\\\/schema\\\/logo\\\/image\\\/\"},\"sameAs\":[\"https:\\\/\\\/pantip.com\\\/profile\\\/9367242\",\"https:\\\/\\\/micro.blog\\\/iwellguard\",\"https:\\\/\\\/www.diggerslist.com\\\/iwellguard\\\/about\",\"https:\\\/\\\/skitterphoto.com\\\/photographers\\\/2870314\\\/iwell-guard\",\"https:\\\/\\\/iwellguard.wordpress.com\\\/2026\\\/06\\\/06\\\/iwell-guard\\\/\",\"https:\\\/\\\/hub.docker.com\\\/u\\\/iwellguard\",\"https:\\\/\\\/www.pinterest.com\\\/iwellguard\\\/\",\"https:\\\/\\\/bit.ly\\\/m\\\/iwellguard\",\"https:\\\/\\\/entre-vos-mains.alsace.eu\\\/profiles\\\/iwellguard\\\/activity\",\"https:\\\/\\\/gravatar.com\\\/reallybeded8fd34\",\"https:\\\/\\\/naijamatta.com\\\/iwellguard\",\"https:\\\/\\\/www.goodreads.com\\\/iwellguard\",\"https:\\\/\\\/profile.hatena.ne.jp\\\/iwellguard\\\/\",\"https:\\\/\\\/experiment.com\\\/users\\\/iwellguard\",\"https:\\\/\\\/wakelet.com\\\/@iWellGuard82270\",\"https:\\\/\\\/www.chordie.com\\\/forum\\\/profile.php?id=2555664\",\"https:\\\/\\\/www.instapaper.com\\\/p\\\/17757966\",\"https:\\\/\\\/www.mapleprimes.com\\\/users\\\/iwellguard\",\"https:\\\/\\\/businesslistingplus.com\\\/profile\\\/iwell-guard\\\/\",\"https:\\\/\\\/telegra.ph\\\/iWell-Guard-06-06\",\"https:\\\/\\\/pbase.com\\\/iwellguard\\\/iwellguard\",\"https:\\\/\\\/b.hatena.ne.jp\\\/iwellguard\\\/20260607#bookmark-4788405196491818882\",\"https:\\\/\\\/fliphtml5.com\\\/home\\\/iwellguard\",\"https:\\\/\\\/anyflip.com\\\/homepage\\\/cmiwl#About\",\"https:\\\/\\\/transfur.com\\\/Users\\\/iwellguard\",\"http:\\\/\\\/delphi.larsbo.org\\\/user\\\/iwellguard\",\"https:\\\/\\\/jobs.lajobsportal.org\\\/profiles\\\/8380803-iwell-guard\",\"https:\\\/\\\/md.chaosdorf.de\\\/s\\\/jfbe5SBdJD\",\"https:\\\/\\\/www.lingvolive.com\\\/en-us\\\/profile\\\/9ecaeaca-ce11-4e51-9e71-01d55e2bff36\\\/translations\",\"https:\\\/\\\/www.fitday.com\\\/fitness\\\/forums\\\/members\\\/iwellguard.html\",\"https:\\\/\\\/www.mymeetbook.com\\\/iwellguard\",\"https:\\\/\\\/pxhere.com\\\/en\\\/photographer-me\\\/5040798\",\"https:\\\/\\\/disqus.com\\\/by\\\/iwellguard\\\/about\\\/\",\"https:\\\/\\\/pastelink.net\\\/hjwciqwq\",\"https:\\\/\\\/pubhtml5.com\\\/homepage\\\/scjhn\\\/\",\"https:\\\/\\\/www.bitchute.com\\\/channel\\\/2O2eOKzNqujT\",\"https:\\\/\\\/audiomack.com\\\/iwellguard\"]},{\"@type\":\"Article\",\"@id\":\"https:\\\/\\\/iwell-guard.com\\\/is\\\/erinyur\\\/#article\",\"isPartOf\":{\"@id\":\"https:\\\/\\\/iwell-guard.com\\\/is\\\/erinyur\\\/\"},\"author\":{\"name\":\"Ralf Ittermann\",\"@id\":\"https:\\\/\\\/iwell-guard.com\\\/is\\\/#\\\/schema\\\/person\\\/ee2a27f1cac3406c7c6fb5820cb7349f\"},\"headline\":\"Erin\u00fdur\",\"datePublished\":\"2026-09-05T14:01:28+00:00\",\"dateModified\":\"2026-09-05T14:14:38+00:00\",\"mainEntityOfPage\":{\"@id\":\"https:\\\/\\\/iwell-guard.com\\\/is\\\/erinyur\\\/\"},\"publisher\":{\"@id\":\"https:\\\/\\\/iwell-guard.com\\\/is\\\/#organization\"},\"image\":{\"@id\":\"https:\\\/\\\/iwell-guard.com\\\/is\\\/erinyur\\\/#primaryimage\"},\"thumbnailUrl\":\"https:\\\/\\\/iwell-guard.com\\\/wp-content\\\/uploads\\\/2026\\\/04\\\/geister_griechenland_erinyen.webp\",\"inLanguage\":\"is\",\"description\":\"Erin\u00fdur, hefndargy\u00f0jur gr\u00edskrar go\u00f0afr\u00e6\u00f0i. Ofs\u00f3knarar bl\u00f3\u00f0skuldar, tengsl vi\u00f0 \u00d3resteiu \u00c6sk\u00fdlosar og umbreyting \u00feeirra \u00ed Eumen\u00eddur.\"}]}<\/script>\n<!-- \/ Yoast SEO Premium plugin. -->","yoast_head_json":{"title":"Erin\u00fdur - Hefndargy\u00f0jurnar, ofs\u00f3knarar bl\u00f3\u00f0skuldar","description":"Erin\u00fdur, hefndargy\u00f0jur gr\u00edskrar go\u00f0afr\u00e6\u00f0i. Ofs\u00f3knarar bl\u00f3\u00f0skuldar, tengsl vi\u00f0 \u00d3resteiu \u00c6sk\u00fdlosar og umbreyting \u00feeirra \u00ed Eumen\u00eddur.","robots":{"index":"index","follow":"follow","max-snippet":"max-snippet:-1","max-image-preview":"max-image-preview:large","max-video-preview":"max-video-preview:-1"},"canonical":"https:\/\/iwell-guard.com\/is\/erinyur\/","og_locale":"is_IS","og_type":"article","og_title":"Erin\u00fdur","og_description":"Erin\u00fdur, hefndargy\u00f0jur gr\u00edskrar go\u00f0afr\u00e6\u00f0i. Ofs\u00f3knarar bl\u00f3\u00f0skuldar, tengsl vi\u00f0 \u00d3resteiu \u00c6sk\u00fdlosar og umbreyting \u00feeirra \u00ed Eumen\u00eddur.","og_url":"https:\/\/iwell-guard.com\/is\/erinyur\/","og_site_name":"iWell Guard","article_modified_time":"2026-09-05T14:14:38+00:00","og_image":[{"width":1024,"height":1536,"url":"https:\/\/iwell-guard.com\/wp-content\/uploads\/2026\/04\/geister_griechenland_erinyen.webp","type":"image\/webp"}],"twitter_card":"summary_large_image","schema":{"@context":"https:\/\/schema.org","@graph":[{"@type":"Article","@id":"https:\/\/iwell-guard.com\/is\/erinyur\/#article","isPartOf":{"@id":"https:\/\/iwell-guard.com\/is\/erinyur\/"},"author":{"name":"Ralf Ittermann","@id":"https:\/\/iwell-guard.com\/is\/#\/schema\/person\/ee2a27f1cac3406c7c6fb5820cb7349f"},"headline":"Erin\u00fdur","datePublished":"2026-09-05T14:01:28+00:00","dateModified":"2026-09-05T14:14:38+00:00","mainEntityOfPage":{"@id":"https:\/\/iwell-guard.com\/is\/erinyur\/"},"publisher":{"@id":"https:\/\/iwell-guard.com\/is\/#organization"},"image":{"@id":"https:\/\/iwell-guard.com\/is\/erinyur\/#primaryimage"},"thumbnailUrl":"https:\/\/iwell-guard.com\/wp-content\/uploads\/2026\/04\/geister_griechenland_erinyen.webp","inLanguage":"is","description":"Erin\u00fdur, hefndargy\u00f0jur gr\u00edskrar go\u00f0afr\u00e6\u00f0i. Ofs\u00f3knarar bl\u00f3\u00f0skuldar, tengsl vi\u00f0 \u00d3resteiu \u00c6sk\u00fdlosar og umbreyting \u00feeirra \u00ed Eumen\u00eddur."},{"@type":"WebPage","@id":"https:\/\/iwell-guard.com\/is\/erinyur\/","url":"https:\/\/iwell-guard.com\/is\/erinyur\/","name":"Erin\u00fdur - Hefndargy\u00f0jurnar, ofs\u00f3knarar bl\u00f3\u00f0skuldar","isPartOf":{"@id":"https:\/\/iwell-guard.com\/is\/#website"},"primaryImageOfPage":{"@id":"https:\/\/iwell-guard.com\/is\/erinyur\/#primaryimage"},"image":{"@id":"https:\/\/iwell-guard.com\/is\/erinyur\/#primaryimage"},"thumbnailUrl":"https:\/\/iwell-guard.com\/wp-content\/uploads\/2026\/04\/geister_griechenland_erinyen.webp","datePublished":"2026-09-05T14:01:28+00:00","dateModified":"2026-09-05T14:14:38+00:00","description":"Erin\u00fdur, hefndargy\u00f0jur gr\u00edskrar go\u00f0afr\u00e6\u00f0i. Ofs\u00f3knarar bl\u00f3\u00f0skuldar, tengsl vi\u00f0 \u00d3resteiu \u00c6sk\u00fdlosar og umbreyting \u00feeirra \u00ed Eumen\u00eddur.","breadcrumb":{"@id":"https:\/\/iwell-guard.com\/is\/erinyur\/#breadcrumb"},"inLanguage":"is","potentialAction":[{"@type":"ReadAction","target":["https:\/\/iwell-guard.com\/is\/erinyur\/"]}]},{"@type":"ImageObject","inLanguage":"is","@id":"https:\/\/iwell-guard.com\/is\/erinyur\/#primaryimage","url":"https:\/\/iwell-guard.com\/wp-content\/uploads\/2026\/04\/geister_griechenland_erinyen.webp","contentUrl":"https:\/\/iwell-guard.com\/wp-content\/uploads\/2026\/04\/geister_griechenland_erinyen.webp","width":1024,"height":1536,"caption":"Andar \u00far gr\u00edskri hef\u00f0."},{"@type":"BreadcrumbList","@id":"https:\/\/iwell-guard.com\/is\/erinyur\/#breadcrumb","itemListElement":[{"@type":"ListItem","position":1,"name":"Start","item":"https:\/\/iwell-guard.com\/is\/?page_id=168580"},{"@type":"ListItem","position":2,"name":"Erin\u00fdur"}]},{"@type":"WebSite","@id":"https:\/\/iwell-guard.com\/is\/#website","url":"https:\/\/iwell-guard.com\/is\/","name":"iWell Guard","description":"Schutz vor dunklen Einfl\u00fcssen","publisher":{"@id":"https:\/\/iwell-guard.com\/is\/#organization"},"potentialAction":[{"@type":"SearchAction","target":{"@type":"EntryPoint","urlTemplate":"https:\/\/iwell-guard.com\/is\/?s={search_term_string}"},"query-input":{"@type":"PropertyValueSpecification","valueRequired":true,"valueName":"search_term_string"}}],"inLanguage":"is"},{"@type":"Organization","@id":"https:\/\/iwell-guard.com\/is\/#organization","name":"Ittermann electronic GmbH","url":"https:\/\/iwell-guard.com\/is\/","logo":{"@type":"ImageObject","inLanguage":"is","@id":"https:\/\/iwell-guard.com\/is\/#\/schema\/logo\/image\/","url":"https:\/\/iwell-guard.com\/wp-content\/uploads\/2026\/05\/Ittermann-Logo-1182x237-1.png","contentUrl":"https:\/\/iwell-guard.com\/wp-content\/uploads\/2026\/05\/Ittermann-Logo-1182x237-1.png","width":1182,"height":237,"caption":"Ittermann electronic GmbH"},"image":{"@id":"https:\/\/iwell-guard.com\/is\/#\/schema\/logo\/image\/"},"sameAs":["https:\/\/pantip.com\/profile\/9367242","https:\/\/micro.blog\/iwellguard","https:\/\/www.diggerslist.com\/iwellguard\/about","https:\/\/skitterphoto.com\/photographers\/2870314\/iwell-guard","https:\/\/iwellguard.wordpress.com\/2026\/06\/06\/iwell-guard\/","https:\/\/hub.docker.com\/u\/iwellguard","https:\/\/www.pinterest.com\/iwellguard\/","https:\/\/bit.ly\/m\/iwellguard","https:\/\/entre-vos-mains.alsace.eu\/profiles\/iwellguard\/activity","https:\/\/gravatar.com\/reallybeded8fd34","https:\/\/naijamatta.com\/iwellguard","https:\/\/www.goodreads.com\/iwellguard","https:\/\/profile.hatena.ne.jp\/iwellguard\/","https:\/\/experiment.com\/users\/iwellguard","https:\/\/wakelet.com\/@iWellGuard82270","https:\/\/www.chordie.com\/forum\/profile.php?id=2555664","https:\/\/www.instapaper.com\/p\/17757966","https:\/\/www.mapleprimes.com\/users\/iwellguard","https:\/\/businesslistingplus.com\/profile\/iwell-guard\/","https:\/\/telegra.ph\/iWell-Guard-06-06","https:\/\/pbase.com\/iwellguard\/iwellguard","https:\/\/b.hatena.ne.jp\/iwellguard\/20260607#bookmark-4788405196491818882","https:\/\/fliphtml5.com\/home\/iwellguard","https:\/\/anyflip.com\/homepage\/cmiwl#About","https:\/\/transfur.com\/Users\/iwellguard","http:\/\/delphi.larsbo.org\/user\/iwellguard","https:\/\/jobs.lajobsportal.org\/profiles\/8380803-iwell-guard","https:\/\/md.chaosdorf.de\/s\/jfbe5SBdJD","https:\/\/www.lingvolive.com\/en-us\/profile\/9ecaeaca-ce11-4e51-9e71-01d55e2bff36\/translations","https:\/\/www.fitday.com\/fitness\/forums\/members\/iwellguard.html","https:\/\/www.mymeetbook.com\/iwellguard","https:\/\/pxhere.com\/en\/photographer-me\/5040798","https:\/\/disqus.com\/by\/iwellguard\/about\/","https:\/\/pastelink.net\/hjwciqwq","https:\/\/pubhtml5.com\/homepage\/scjhn\/","https:\/\/www.bitchute.com\/channel\/2O2eOKzNqujT","https:\/\/audiomack.com\/iwellguard"]},{"@type":"Person","@id":"https:\/\/iwell-guard.com\/is\/#\/schema\/person\/ee2a27f1cac3406c7c6fb5820cb7349f","name":"Ralf Ittermann","image":{"@type":"ImageObject","inLanguage":"is","@id":"https:\/\/secure.gravatar.com\/avatar\/073c0153e350a5005b68eb752b445fea71f6b24a26da9449ad7e155e6b446c9d?s=96&d=mm&r=g","url":"https:\/\/secure.gravatar.com\/avatar\/073c0153e350a5005b68eb752b445fea71f6b24a26da9449ad7e155e6b446c9d?s=96&d=mm&r=g","contentUrl":"https:\/\/secure.gravatar.com\/avatar\/073c0153e350a5005b68eb752b445fea71f6b24a26da9449ad7e155e6b446c9d?s=96&d=mm&r=g","caption":"Ralf Ittermann"},"givenName":"Ralf","familyName":"Ittermann","jobTitle":"Gesch\u00e4ftsf\u00fchrer und redaktioneller Verantwortlicher","url":"https:\/\/iwell-guard.com\/is\/author\/claude\/","description":"Ralf Ittermann ist Gesch\u00e4ftsf\u00fchrer der Ittermann electronic GmbH und redaktioneller Verantwortlicher des iWell-Guard-Lexikons. Er verbindet langj\u00e4hrige Erfahrung in der Pr\u00e4zisionsfertigung mit medialer Praxis und religionsgeschichtlicher Quellenarbeit.","worksFor":{"@type":"Organization","name":"Ittermann electronic GmbH","url":"https:\/\/ittermann.de\/","address":{"@type":"PostalAddress","streetAddress":"K\u00f6hlergasse 16-18","postalCode":"99842","addressLocality":"Ruhla","addressCountry":"DE"}},"knowsAbout":["Religionsgeschichte","Mythologie","Mediale Praxis","Energetische Diagnostik","Schutzpraxis","Volksglauben","Westliche Esoterik"]},{"@type":"Article","@id":"https:\/\/iwell-guard.com\/is\/erinyur\/#article","isPartOf":{"@id":"https:\/\/iwell-guard.com\/is\/erinyur\/"},"author":{"name":"Ralf Ittermann","@id":"https:\/\/iwell-guard.com\/is\/#\/schema\/person\/ee2a27f1cac3406c7c6fb5820cb7349f"},"headline":"Erin\u00fdur","datePublished":"2026-09-05T14:01:28+00:00","dateModified":"2026-09-05T14:14:38+00:00","mainEntityOfPage":{"@id":"https:\/\/iwell-guard.com\/is\/erinyur\/"},"publisher":{"@id":"https:\/\/iwell-guard.com\/is\/#organization"},"image":{"@id":"https:\/\/iwell-guard.com\/is\/erinyur\/#primaryimage"},"thumbnailUrl":"https:\/\/iwell-guard.com\/wp-content\/uploads\/2026\/04\/geister_griechenland_erinyen.webp","inLanguage":"is","description":"Erin\u00fdur, hefndargy\u00f0jur gr\u00edskrar go\u00f0afr\u00e6\u00f0i. Ofs\u00f3knarar bl\u00f3\u00f0skuldar, tengsl vi\u00f0 \u00d3resteiu \u00c6sk\u00fdlosar og umbreyting \u00feeirra \u00ed Eumen\u00eddur."}]}},"_links":{"self":[{"href":"https:\/\/iwell-guard.com\/is\/wp-json\/wp\/v2\/pages\/168600","targetHints":{"allow":["GET"]}}],"collection":[{"href":"https:\/\/iwell-guard.com\/is\/wp-json\/wp\/v2\/pages"}],"about":[{"href":"https:\/\/iwell-guard.com\/is\/wp-json\/wp\/v2\/types\/page"}],"author":[{"embeddable":true,"href":"https:\/\/iwell-guard.com\/is\/wp-json\/wp\/v2\/users\/3"}],"replies":[{"embeddable":true,"href":"https:\/\/iwell-guard.com\/is\/wp-json\/wp\/v2\/comments?post=168600"}],"version-history":[{"count":0,"href":"https:\/\/iwell-guard.com\/is\/wp-json\/wp\/v2\/pages\/168600\/revisions"}],"wp:featuredmedia":[{"embeddable":true,"href":"https:\/\/iwell-guard.com\/is\/wp-json\/wp\/v2\/media\/1682"}],"wp:attachment":[{"href":"https:\/\/iwell-guard.com\/is\/wp-json\/wp\/v2\/media?parent=168600"}],"wp:term":[{"taxonomy":"category","embeddable":true,"href":"https:\/\/iwell-guard.com\/is\/wp-json\/wp\/v2\/categories?post=168600"}],"curies":[{"name":"wp","href":"https:\/\/api.w.org\/{rel}","templated":true}]}}