{"id":168599,"date":"2026-09-05T14:01:27","date_gmt":"2026-09-05T14:01:27","guid":{"rendered":"https:\/\/iwell-guard.com\/?page_id=168599"},"modified":"2026-09-05T14:14:37","modified_gmt":"2026-09-05T14:14:37","slug":"keres","status":"publish","type":"page","link":"https:\/\/iwell-guard.com\/is\/keres\/","title":{"rendered":"Keres"},"content":{"rendered":"\t\t<div data-elementor-type=\"wp-page\" data-elementor-id=\"168599\" class=\"elementor elementor-168599 elementor-841\" data-elementor-post-type=\"page\">\n\t\t\t\t<div class=\"elementor-element elementor-element-10fdade e-flex e-con-boxed e-con e-parent\" data-id=\"10fdade\" data-element_type=\"container\" data-e-type=\"container\" data-settings=\"{&quot;background_background&quot;:&quot;classic&quot;}\">\n\t\t\t\t\t<div class=\"e-con-inner\">\n\t\t<div class=\"elementor-element elementor-element-herohlft0 e-flex e-con-boxed e-con e-child\" data-id=\"herohlft0\" data-element_type=\"container\" data-e-type=\"container\">\n\t\t\t\t\t<div class=\"e-con-inner\">\n\t\t<div class=\"elementor-element elementor-element-c3ceb64 e-con-full e-flex e-con e-child\" data-id=\"c3ceb64\" data-element_type=\"container\" data-e-type=\"container\">\n\t\t\t\t<div class=\"elementor-element elementor-element-96ae5e1 elementor-widget elementor-widget-heading\" data-id=\"96ae5e1\" data-element_type=\"widget\" data-e-type=\"widget\" data-widget_type=\"heading.default\">\n\t\t\t\t\t<h1 class=\"elementor-heading-title elementor-size-default\">Keres, andi \u00far gr\u00edskri hef\u00f0<\/h1>\t\t\t\t<\/div>\n\t\t\t\t<div class=\"elementor-element elementor-element-e45238a elementor-widget elementor-widget-text-editor\" data-id=\"e45238a\" data-element_type=\"widget\" data-e-type=\"widget\" data-widget_type=\"text-editor.default\">\n\t\t\t\t\t\t\t\t\t<p>Keres er <span class=\"iwg-fachbegriff\" data-tooltip=\"\u00d3l\u00edkamleg vera sem s\u00f6g\u00f0 er hafa \u00e1hrif \u00ed heiminum.\" tabindex=\"0\">andi<\/span> \u00far gr\u00edskri hef\u00f0.<\/p><p><strong>Dj\u00f6flar v\u00edgvallarins, bo\u00f0berar dau\u00f0ans \u00ed gr\u00edskri <span class=\"iwg-fachbegriff\" data-tooltip=\"Heildarsafn arfleiddra go\u00f0sagna innan menningar.\" tabindex=\"0\">go\u00f0afr\u00e6\u00f0i<\/span>.<\/strong><\/p>\n<h2 id=\"dif-keres\">Keres \u00e1 v\u00edgvelli Hes\u00edodosar<\/h2>\n<p>Keres eru <strong>dj\u00f6flar v\u00edgvallarins<\/strong> \u00ed gr\u00edskri <span class=\"iwg-fachbegriff\" data-tooltip=\"Heildarsafn arfleiddra go\u00f0sagna innan menningar.\" tabindex=\"0\">go\u00f0afr\u00e6\u00f0i<\/span>, sem samkv\u00e6mt Hes\u00edodosi (Skj\u00f6ldur Heraklesar 248-257; Gu\u00f0a\u00e6ttartal 211) eru sprottnar \u00far fj\u00f6lskyldu Nyx \u00e1samt \u00deanatosi og Hypnosi. \u00de\u00e6r eru <strong>svartar, me\u00f0 langar kl\u00e6r og v\u00edgtennur, \u00ed bl\u00f3\u00f0votum kl\u00e6\u00f0um<\/strong>, sv\u00edfa yfir v\u00edgv\u00f6llum og hr\u00edfa s\u00e1lir deyjandi hermanna \u00far l\u00edk\u00f6mum \u00feeirra.<\/p><p>\u00d3l\u00edkt Erin\u00fdjunum elta \u00fe\u00e6r ekki si\u00f0fer\u00f0ileg e\u00f0a l\u00f6gleg brot, heldur eru \u00fe\u00e6r \u00edmynd hinnar <strong>t\u00f6lfr\u00e6\u00f0ilegu grimmdar str\u00ed\u00f0sins<\/strong>. \u00cd <em>Skildi Heraklesar<\/em> berjast \u00fe\u00e6r um l\u00edkin eins og hr\u00e6fuglar.<\/p><p>\u00cd <strong>s\u00f6gunni um Pand\u00f3ru<\/strong> sleppa Keres \u00far \u00f6skjunni sem Pand\u00f3ra opna\u00f0i, sem sj\u00fakd\u00f3ms- og \u00f3g\u00e6fuandar samhli\u00f0a \u00fereytu, sorgum og veikindum. Pausan\u00edas segir fr\u00e1 musterismyndum sem s\u00fdna Keres sem beinaberar, sveltandi n\u00e1tt\u00farur. \u00c6tta\u00f0ar verur: Mo\u00edrurnar (\u00f6rlaganornirnir), Eris (deilur), Achlys (dau\u00f0a\u00feoka).<\/p>\n\t\t\t\t\t\t\t\t<\/div>\n\t\t\t\t<\/div>\n\t\t<div class=\"elementor-element elementor-element-klsbdg01 e-con-full e-flex e-con e-parent\" data-id=\"klsbdg01\" data-element_type=\"container\" data-e-type=\"container\">\n\t\t\t\t<div class=\"elementor-element elementor-element-klshtm01 elementor-widget elementor-widget-html\" data-id=\"klshtm01\" data-element_type=\"widget\" data-e-type=\"widget\" data-widget_type=\"html.default\">\n\t\t\t\t\t<div class=\"iwg-pill-row\"><span class=\"iwg-klasse-badge\" tabindex=\"0\" data-tooltip=\"Andi: \u00d3l\u00edkamleg e\u00f0a h\u00e1lfl\u00edkamleg vera, framli\u00f0nir, n\u00e1tt\u00faruverur, heimilisandar e\u00f0a v\u00f6rslumenn \u00fer\u00f6skulda. Hefur \u00e1hrif \u00ed daglegu l\u00edfi, oft bundin st\u00f6\u00f0um e\u00f0a fj\u00f6lskyldum.\">Andi<\/span><a href=\"https:\/\/iwell-guard.com\/is\/?page_id=168594\" class=\"iwg-kultur-badge\" tabindex=\"0\" data-tooltip=\"Tr\u00faarbr\u00f6g\u00f0 og go\u00f0afr\u00e6\u00f0i hins forna Grikklands fr\u00e1 m\u00fdkenskum t\u00edma til s\u00ed\u00f0fornaldar.\">Grikkland<\/a><a href=\"https:\/\/iwell-guard.com\/is\/?page_id=168699\" class=\"iwg-tradition-badge\" tabindex=\"0\" data-tooltip=\"Framli\u00f0nir sem andar \u00feeirra halda \u00e1fram a\u00f0 hafa \u00e1hrif \u00ed \u00feessum heimi, heimilisandar, forfe\u00f0ur, \u00f3r\u00f3leg dau\u00f0ra.\">Framli\u00f0inn andi<\/a><\/div>\t\t\t\t<\/div>\n\t\t\t\t<\/div>\n\t\t<div class=\"elementor-element elementor-element-3f74855 e-con-full e-flex e-con e-child\" data-id=\"3f74855\" data-element_type=\"container\" data-e-type=\"container\">\n\t\t\t\t<div class=\"elementor-element elementor-element-1c30362 elementor-toc--minimized-on-tablet elementor-widget elementor-widget-table-of-contents\" data-id=\"1c30362\" data-element_type=\"widget\" data-e-type=\"widget\" data-settings=\"{&quot;exclude_headings_by_selector&quot;:[],&quot;no_headings_message&quot;:&quot;Engar undirfyrirsagnir fundust \\u00e1 \\u00feessari s\\u00ed\\u00f0u.&quot;,&quot;headings_by_tags&quot;:[&quot;h2&quot;,&quot;h3&quot;],&quot;marker_view&quot;:&quot;bullets&quot;,&quot;icon&quot;:{&quot;value&quot;:&quot;fas fa-circle&quot;,&quot;library&quot;:&quot;fa-solid&quot;,&quot;rendered_tag&quot;:&quot;&lt;svg class=\\&quot;e-font-icon-svg e-fas-circle\\&quot; viewBox=\\&quot;0 0 512 512\\&quot; xmlns=\\&quot;http:\\\/\\\/www.w3.org\\\/2000\\\/svg\\&quot;&gt;&lt;path d=\\&quot;M256 8C119 8 8 119 8 256s111 248 248 248 248-111 248-248S393 8 256 8z\\&quot;&gt;&lt;\\\/path&gt;&lt;\\\/svg&gt;&quot;},&quot;minimize_box&quot;:&quot;yes&quot;,&quot;minimized_on&quot;:&quot;tablet&quot;,&quot;hierarchical_view&quot;:&quot;yes&quot;,&quot;min_height&quot;:{&quot;unit&quot;:&quot;px&quot;,&quot;size&quot;:&quot;&quot;,&quot;sizes&quot;:[]},&quot;min_height_tablet&quot;:{&quot;unit&quot;:&quot;px&quot;,&quot;size&quot;:&quot;&quot;,&quot;sizes&quot;:[]},&quot;min_height_mobile&quot;:{&quot;unit&quot;:&quot;px&quot;,&quot;size&quot;:&quot;&quot;,&quot;sizes&quot;:[]}}\" data-widget_type=\"table-of-contents.default\">\n\t\t\t\t\t\t\t\t\t<div class=\"elementor-toc__header\">\n\t\t\t\t\t\t<h2 class=\"elementor-toc__header-title\">\n\t\t\t\tEfnisyfirlit\t\t\t<\/h2>\n\t\t\t\t\t\t\t\t\t\t<div class=\"elementor-toc__toggle-button elementor-toc__toggle-button--expand\" role=\"button\" tabindex=\"0\" aria-controls=\"elementor-toc__1c30362\" aria-expanded=\"true\" aria-label=\"Open table of contents\"><svg aria-hidden=\"true\" class=\"e-font-icon-svg e-fas-chevron-down\" viewBox=\"0 0 448 512\" xmlns=\"http:\/\/www.w3.org\/2000\/svg\"><path d=\"M207.029 381.476L12.686 187.132c-9.373-9.373-9.373-24.569 0-33.941l22.667-22.667c9.357-9.357 24.522-9.375 33.901-.04L224 284.505l154.745-154.021c9.379-9.335 24.544-9.317 33.901.04l22.667 22.667c9.373 9.373 9.373 24.569 0 33.941L240.971 381.476c-9.373 9.372-24.569 9.372-33.942 0z\"><\/path><\/svg><\/div>\n\t\t\t\t<div class=\"elementor-toc__toggle-button elementor-toc__toggle-button--collapse\" role=\"button\" tabindex=\"0\" aria-controls=\"elementor-toc__1c30362\" aria-expanded=\"true\" aria-label=\"Close table of contents\"><svg aria-hidden=\"true\" class=\"e-font-icon-svg e-fas-chevron-up\" viewBox=\"0 0 448 512\" xmlns=\"http:\/\/www.w3.org\/2000\/svg\"><path d=\"M240.971 130.524l194.343 194.343c9.373 9.373 9.373 24.569 0 33.941l-22.667 22.667c-9.357 9.357-24.522 9.375-33.901.04L224 227.495 69.255 381.516c-9.379 9.335-24.544 9.317-33.901-.04l-22.667-22.667c-9.373-9.373-9.373-24.569 0-33.941L207.03 130.525c9.372-9.373 24.568-9.373 33.941-.001z\"><\/path><\/svg><\/div>\n\t\t\t\t\t<\/div>\n\t\t\t\t<div id=\"elementor-toc__1c30362\" class=\"elementor-toc__body\">\n\t\t\t<div class=\"elementor-toc__spinner-container\">\n\t\t\t\t<svg class=\"elementor-toc__spinner eicon-animation-spin e-font-icon-svg e-eicon-loading\" aria-hidden=\"true\" viewBox=\"0 0 1000 1000\" xmlns=\"http:\/\/www.w3.org\/2000\/svg\"><path d=\"M500 975V858C696 858 858 696 858 500S696 142 500 142 142 304 142 500H25C25 237 238 25 500 25S975 237 975 500 763 975 500 975Z\"><\/path><\/svg>\t\t\t<\/div>\n\t\t<\/div>\n\t\t\t\t\t\t<\/div>\n\t\t\t\t<\/div>\n\t\t\t\t\t<\/div>\n\t\t\t\t<\/div>\n\t\t<div class=\"elementor-element elementor-element-herorght0 e-con-full e-flex e-con e-child\" data-id=\"herorght0\" data-element_type=\"container\" data-e-type=\"container\">\n\t\t\t\t<div class=\"elementor-element elementor-element-heroimg00 iwg-hero-image elementor-widget elementor-widget-image\" data-id=\"heroimg00\" data-element_type=\"widget\" data-e-type=\"widget\" data-widget_type=\"image.default\">\n\t\t\t\t\t\t\t\t\t\t\t\t\t\t\t<img fetchpriority=\"high\" decoding=\"async\" width=\"683\" height=\"1024\" src=\"https:\/\/iwell-guard.com\/wp-content\/uploads\/2026\/04\/geister_griechenland_keres-683x1024.webp\" class=\"attachment-large size-large wp-image-171019\" alt=\"Keres - andar \u00far gr\u00edskri hef\u00f0, s\u00f6guleg myndskreyting\" srcset=\"https:\/\/iwell-guard.com\/wp-content\/uploads\/2026\/04\/geister_griechenland_keres-683x1024.webp 683w, https:\/\/iwell-guard.com\/wp-content\/uploads\/2026\/04\/geister_griechenland_keres-200x300.webp 200w, https:\/\/iwell-guard.com\/wp-content\/uploads\/2026\/04\/geister_griechenland_keres-768x1152.webp 768w, https:\/\/iwell-guard.com\/wp-content\/uploads\/2026\/04\/geister_griechenland_keres.webp 1024w\" sizes=\"(max-width: 683px) 100vw, 683px\" \/>\t\t\t\t\t\t\t\t\t\t\t\t\t\t\t<\/div>\n\t\t\t\t<\/div>\n\t\t\t\t\t<\/div>\n\t\t\t\t<\/div>\n\t\t<div class=\"elementor-element elementor-element-32917199 e-flex e-con-boxed e-con e-parent\" data-id=\"32917199\" data-element_type=\"container\" data-e-type=\"container\">\n\t\t\t\t\t<div class=\"e-con-inner\">\n\t\t<div class=\"elementor-element elementor-element-26e916cb e-flex e-con-boxed e-con e-child\" data-id=\"26e916cb\" data-element_type=\"container\" data-e-type=\"container\">\n\t\t\t\t\t<div class=\"e-con-inner\">\n\t\t<div class=\"elementor-element elementor-element-253a40d4 e-flex e-con-boxed e-con e-child\" data-id=\"253a40d4\" data-element_type=\"container\" data-e-type=\"container\">\n\t\t\t\t\t<div class=\"e-con-inner\">\n\t\t\t\t<div class=\"elementor-element elementor-element-1200c304 elementor-widget elementor-widget-heading\" data-id=\"1200c304\" data-element_type=\"widget\" data-e-type=\"widget\" data-widget_type=\"heading.default\">\n\t\t\t\t\t<div class=\"elementor-heading-title elementor-size-default\">Keres<\/div>\t\t\t\t<\/div>\n\t\t\t\t<div class=\"elementor-element elementor-element-11758e7f elementor-widget elementor-widget-text-editor\" data-id=\"11758e7f\" data-element_type=\"widget\" data-e-type=\"widget\" data-widget_type=\"text-editor.default\">\n\t\t\t\t\t\t\t\t\t<p>Keres eru dau\u00f0agy\u00f0jur (dau\u00f0ad\u00edsir) gr\u00edskrar hef\u00f0ar. \u00de\u00e6r koma oftast fram \u00ed h\u00f3pum, birtast yfir v\u00edgv\u00f6llum og s\u00e6kja s\u00e1lir hinna deyjandi. H\u00f3mer l\u00fdsir \u00feeim \u00feegar \u00ed Il\u00edonskvi\u00f0u, og Hes\u00edod festir <span class=\"iwg-fachbegriff\" data-tooltip=\"Fr\u00e6\u00f0i um myndefni og merkingu \u00feeirra.\" tabindex=\"0\">helgimyndafr\u00e6\u00f0i<\/span> \u00feeirra \u00ed sessi. \u00d3l\u00edkt einst\u00f6kum, nafngreindum verum eru Keres a\u00f0 mestu nafnlausar, \u00fe\u00e6r eru flokkur frekar en ein vera.<\/p><p>\u00dea\u00f0 er d\u00e6migert a\u00f0 \u00fe\u00e6r birtist \u00fear sem dau\u00f0i ber skj\u00f3tt og ofbeldisfullt a\u00f0 h\u00f6ndum: \u00ed str\u00ed\u00f0i, \u00ed fars\u00f3ttum, \u00ed h\u00f6rmulegum slysum. \u00de\u00e6r eru holdgervingar ofbeldisfulls dau\u00f0a sj\u00e1lfs, og fj\u00f6ldi \u00feeirra og \u00e1s\u00fdnd breytist eftir \u00fev\u00ed. \u00cd s\u00ed\u00f0fornri vi\u00f0t\u00f6ku n\u00e1lgast \u00fe\u00e6r Erin\u00fdurnar, og sumir h\u00f6fundar nota hugt\u00f6kin j\u00f6fnum h\u00f6ndum.<\/p><div><p><strong>Keres \u00ed h\u00f3merskri <span class=\"iwg-fachbegriff\" data-tooltip=\"Hugmyndir um uppbyggingu og skipan heimsins innan tiltekinnar menningar.\" tabindex=\"0\">heimsfr\u00e6\u00f0i<\/span><\/strong><\/p><p>\u00cd Il\u00edonskvi\u00f0u H\u00f3mers 18.535 er Keres l\u00fdst sem dj\u00f6fullegum verum sem sv\u00edfa yfir v\u00edgv\u00f6llum og r\u00e6na dau\u00f0lega menn l\u00edfi s\u00ednu. \u00de\u00e6r eru ekki gu\u00f0ir me\u00f0 eigin <span class=\"iwg-fachbegriff\" data-tooltip=\"Heild \u00feeirra tr\u00faarlegu d\u00fdrkunarathafna sem t\u00ed\u00f0kast um gu\u00f0 e\u00f0a heilaga veru.\" tabindex=\"0\">helgisi\u00f0ad\u00fdrkun<\/span>, heldur verkf\u00e6ri, pers\u00f3nugervingar tilhneigingar til dau\u00f0a og gl\u00f6tunar. H\u00f3mer nefnir \u00fe\u00e6r \u00e1vallt \u00ed fleirt\u00f6lu, aldrei \u00ed eint\u00f6lu: \u00fe\u00e6r starfa sem sveimur, og n\u00e6rvera \u00feeirra bo\u00f0ar yfirvofandi dau\u00f0ah\u00e6ttu.<\/p><p>\u00cd <em>Verkum og d\u00f6gum<\/em> og <em>Gu\u00f0a\u00e6ttart\u00f6lu<\/em> Hes\u00edods eru \u00fe\u00e6r taldar d\u00e6tur N\u00e6tur, skyldar Ker (dau\u00f0ahlutverki\u00f0 \u00ed eint\u00f6lu). \u00cd \u00feessari fornu kve\u00f0skaparhef\u00f0 eru \u00fe\u00e6r enn \u00e1n fastrar myndar, fremur hugtak en s\u00fdnileg birting. Hlutverk \u00feeirra er alheimslega nau\u00f0synlegt: \u00fe\u00e6r holdgera m\u00f6rkin milli l\u00edfs og dau\u00f0a.<\/p><\/div>\t\t\t\t\t\t\t\t<\/div>\n\t\t\t\t\t<\/div>\n\t\t\t\t<\/div>\n\t\t<div class=\"elementor-element elementor-element-159dcf9a e-flex e-con-boxed e-con e-child\" data-id=\"159dcf9a\" data-element_type=\"container\" data-e-type=\"container\">\n\t\t\t\t\t<div class=\"e-con-inner\">\n\t\t\t\t<div class=\"elementor-element elementor-element-48cee66f elementor-widget elementor-widget-heading\" data-id=\"48cee66f\" data-element_type=\"widget\" data-e-type=\"widget\" data-widget_type=\"heading.default\">\n\t\t\t\t\t<h2 class=\"elementor-heading-title elementor-size-default\">Stutt yfirlit: Keres<\/h2>\t\t\t\t<\/div>\n\t\t\t\t<div class=\"elementor-element elementor-element-3f50d82c elementor-widget elementor-widget-text-editor\" data-id=\"3f50d82c\" data-element_type=\"widget\" data-e-type=\"widget\" data-widget_type=\"text-editor.default\">\n\t\t\t\t\t\t\t\t\t<p><strong>Tegund:<\/strong> Dau\u00f0adj\u00f6flynjur, s\u00e1lnasafnarar<br>Uppruni: Nyx (N\u00f3tt), Hes\u00edodos; e\u00f0a \u00far frumt\u00edma sk\u00f6punarins<br>Textar: H\u00f3mer, Hes\u00edodos, vasam\u00e1lverk<br>T\u00edmabil: Fr\u00e1 forn\u00f6ld til <span class=\"iwg-fachbegriff\" data-tooltip=\"Umbreytingart\u00edmabil milli fornaldar og mi\u00f0alda, um 3. til 7. \u00f6ld.\" tabindex=\"0\">s\u00ed\u00f0fornaldar<\/span><br>\u00datbrei\u00f0sla: Gr\u00edskt menningarsv\u00e6\u00f0i<br>V\u00f6rn: Greftrunarsi\u00f0ir; engin s\u00e9rst\u00f6k varnargaldur, \u00fear sem Keres birtast \u00fear sem dau\u00f0inn er \u00feegar til sta\u00f0ar<\/p>\t\t\t\t\t\t\t\t<\/div>\n\t\t\t\t\t<\/div>\n\t\t\t\t<\/div>\n\t\t\t\t\t<\/div>\n\t\t\t\t<\/div>\n\t\t\t\t\t<\/div>\n\t\t\t\t<\/div>\n\t\t<div class=\"elementor-element elementor-element-18613602 e-flex e-con-boxed e-con e-parent\" data-id=\"18613602\" data-element_type=\"container\" data-e-type=\"container\">\n\t\t\t\t\t<div class=\"e-con-inner\">\n\t\t\t\t<div class=\"elementor-element elementor-element-262b8a9f elementor-widget elementor-widget-heading\" data-id=\"262b8a9f\" data-element_type=\"widget\" data-e-type=\"widget\" data-widget_type=\"heading.default\">\n\t\t\t\t\t<h2 class=\"elementor-heading-title elementor-size-default\">Samhengi<\/h2>\t\t\t\t<\/div>\n\t\t<div class=\"elementor-element elementor-element-46dcb7d e-con-full e-flex e-con e-child\" data-id=\"46dcb7d\" data-element_type=\"container\" data-e-type=\"container\">\n\t\t<div class=\"elementor-element elementor-element-61d3ab3 e-flex e-con-boxed e-con e-child\" data-id=\"61d3ab3\" data-element_type=\"container\" data-e-type=\"container\">\n\t\t\t\t\t<div class=\"e-con-inner\">\n\t\t\t\t<div class=\"elementor-element elementor-element-117c166 elementor-widget elementor-widget-heading\" data-id=\"117c166\" data-element_type=\"widget\" data-e-type=\"widget\" data-widget_type=\"heading.default\">\n\t\t\t\t\t<div class=\"elementor-heading-title elementor-size-default\">T\u00edmabil textanna<\/div>\t\t\t\t<\/div>\n\t\t\t\t<div class=\"elementor-element elementor-element-73997a0 elementor-widget elementor-widget-text-editor\" data-id=\"73997a0\" data-element_type=\"widget\" data-e-type=\"widget\" data-widget_type=\"text-editor.default\">\n\t\t\t\t\t\t\t\t\t<p>Fyrst nefnd hj\u00e1 H\u00f3mer (Il\u00edonskvi\u00f0a). Hes\u00edodos (Gu\u00f0a\u00e6ttartal, Skj\u00f6ldur Heraklesar) \u00fer\u00f3ar <span class=\"iwg-fachbegriff\" data-tooltip=\"Fr\u00e6\u00f0i um myndefni og merkingu \u00feeirra.\" tabindex=\"0\">myndfr\u00e6\u00f0i<\/span> \u00feeirra. Harmleikjask\u00e1ld nota \u00fe\u00e6r sem myndr\u00e6nar dau\u00f0at\u00e1knmyndir. \u00c1 s\u00ed\u00f0klass\u00edskum og hellen\u00edskum t\u00edma n\u00e1lgast \u00fe\u00e6r \u00ed b\u00f3kmenntum Erin\u00fdjurnar.<\/p>\t\t\t\t\t\t\t\t<\/div>\n\t\t\t\t\t<\/div>\n\t\t\t\t<\/div>\n\t\t<div class=\"elementor-element elementor-element-d47b156 e-flex e-con-boxed e-con e-child\" data-id=\"d47b156\" data-element_type=\"container\" data-e-type=\"container\">\n\t\t\t\t\t<div class=\"e-con-inner\">\n\t\t\t\t<div class=\"elementor-element elementor-element-ff38c2b elementor-widget elementor-widget-heading\" data-id=\"ff38c2b\" data-element_type=\"widget\" data-e-type=\"widget\" data-widget_type=\"heading.default\">\n\t\t\t\t\t<div class=\"elementor-heading-title elementor-size-default\">\u00datbrei\u00f0slusv\u00e6\u00f0i<\/div>\t\t\t\t<\/div>\n\t\t\t\t<div class=\"elementor-element elementor-element-4e49fcc elementor-widget elementor-widget-text-editor\" data-id=\"4e49fcc\" data-element_type=\"widget\" data-e-type=\"widget\" data-widget_type=\"text-editor.default\">\n\t\t\t\t\t\t\t\t\t<p>Kjarnasv\u00e6\u00f0i Grikklands. Engin sj\u00e1lfst\u00e6\u00f0 fl\u00f6kkusaga, <span class=\"iwg-fachbegriff\" data-tooltip=\"Endurteki\u00f0 innihalds\u00fe\u00e1ttur \u00ed list e\u00f0a fr\u00e1s\u00f6gn.\" tabindex=\"0\">minni\u00f0<\/span> er bundi\u00f0 h\u00f3mersk-hes\u00edodskri <span class=\"iwg-fachbegriff\" data-tooltip=\"Framsending \u00feekkingar og fr\u00e1sagna milli kynsl\u00f3\u00f0a.\" tabindex=\"0\">arfleif\u00f0<\/span>, en hefur \u00e1hrif \u00e1fram \u00ed r\u00f3mverskum og b\u00fds\u00f6nskum b\u00f3kmenntum.<\/p>\t\t\t\t\t\t\t\t<\/div>\n\t\t\t\t\t<\/div>\n\t\t\t\t<\/div>\n\t\t\t\t<\/div>\n\t\t<div class=\"elementor-element elementor-element-db03c39 e-con-full e-flex e-con e-child\" data-id=\"db03c39\" data-element_type=\"container\" data-e-type=\"container\">\n\t\t<div class=\"elementor-element elementor-element-229a87b e-flex e-con-boxed e-con e-child\" data-id=\"229a87b\" data-element_type=\"container\" data-e-type=\"container\">\n\t\t\t\t\t<div class=\"e-con-inner\">\n\t\t\t\t<div class=\"elementor-element elementor-element-1f471fc elementor-widget elementor-widget-heading\" data-id=\"1f471fc\" data-element_type=\"widget\" data-e-type=\"widget\" data-widget_type=\"heading.default\">\n\t\t\t\t\t<div class=\"elementor-heading-title elementor-size-default\">Heimildasta\u00f0a<\/div>\t\t\t\t<\/div>\n\t\t\t\t<div class=\"elementor-element elementor-element-36b1201 elementor-widget elementor-widget-text-editor\" data-id=\"36b1201\" data-element_type=\"widget\" data-e-type=\"widget\" data-widget_type=\"text-editor.default\">\n\t\t\t\t\t\t\t\t\t<p>Ep\u00edsk og harmleikjaleg b\u00f3kmennt; l\u00fdsingar \u00e1 \u201eSkildi Heraklesar&#8220; Hes\u00edodosar; myndfr\u00e6\u00f0ilega \u00e1 vasam\u00e1lverkum. \u00d3l\u00edkt Lam\u00edu e\u00f0a Emp\u00fasu skortir h\u00e9r \u00fej\u00f3\u00f0lega verndargripahef\u00f0 gegn \u00feeim.<\/p>\t\t\t\t\t\t\t\t<\/div>\n\t\t\t\t\t<\/div>\n\t\t\t\t<\/div>\n\t\t\t\t<\/div>\n\t\t\t\t\t<\/div>\n\t\t\t\t<\/div>\n\t\t<div class=\"elementor-element elementor-element-3ae0637c e-flex e-con-boxed e-con e-parent\" data-id=\"3ae0637c\" data-element_type=\"container\" data-e-type=\"container\">\n\t\t\t\t\t<div class=\"e-con-inner\">\n\t\t\t\t<div class=\"elementor-element elementor-element-31d07739 elementor-widget elementor-widget-heading\" data-id=\"31d07739\" data-element_type=\"widget\" data-e-type=\"widget\" data-widget_type=\"heading.default\">\n\t\t\t\t\t<h2 class=\"elementor-heading-title elementor-size-default\">Nafn og afbrig\u00f0i<\/h2>\t\t\t\t<\/div>\n\t\t<div class=\"elementor-element elementor-element-b7642947 e-con-full e-flex e-con e-child\" data-id=\"b7642947\" data-element_type=\"container\" data-e-type=\"container\">\n\t\t\t\t<div class=\"elementor-element elementor-element-a086266 elementor-widget elementor-widget-text-editor\" data-id=\"a086266\" data-element_type=\"widget\" data-e-type=\"widget\" data-widget_type=\"text-editor.default\">\n\t\t\t\t\t\t\t\t\t<p><strong>Gr\u00edskt:<\/strong> <em>\u039a\u03ae\u03c1<\/em> (Ker, eintala), <em>\u039a\u1fc6\u03c1\u03b5\u03c2<\/em> (Keres, fj\u00f6ltala).<br>Or\u00f0sifjar: tengt hugt\u00f6kum fyrir \u201egl\u00f6tun&#8220;, \u201e\u00f6rlagaslag&#8220;.<\/p><p>\u00c1 <span class=\"iwg-fachbegriff\" data-tooltip=\"T\u00edmabil gr\u00edskrar og r\u00f3mverskrar menningar, um 800 f.Kr. til 600 e.Kr.\" tabindex=\"0\">forn\u00f6ld<\/span> er fj\u00f6ldinn \u00e1 reiki. Hj\u00e1 Hes\u00edodosi eru \u00fe\u00e6r \u00f3teljandi og formbreytilegar; harmleikjask\u00e1ld nota \u201eKer&#8220; einnig sem myndl\u00edkingu fyrir dau\u00f0ann sj\u00e1lfan. Engin einst\u00f6k pers\u00f3na me\u00f0 nafn og \u00e6viferil er til, Keres er \u00e1fram nafnlaus st\u00e9tt.<\/p>\t\t\t\t\t\t\t\t<\/div>\n\t\t\t\t<\/div>\n\t\t\t\t\t<\/div>\n\t\t\t\t<\/div>\n\t\t<div class=\"elementor-element elementor-element-709a44a8 e-flex e-con-boxed e-con e-parent\" data-id=\"709a44a8\" data-element_type=\"container\" data-e-type=\"container\">\n\t\t\t\t\t<div class=\"e-con-inner\">\n\t\t\t\t<div class=\"elementor-element elementor-element-2f585873 elementor-widget elementor-widget-heading\" data-id=\"2f585873\" data-element_type=\"widget\" data-e-type=\"widget\" data-widget_type=\"heading.default\">\n\t\t\t\t\t<h2 class=\"elementor-heading-title elementor-size-default\">L\u00fdsing<\/h2>\t\t\t\t<\/div>\n\t\t<div class=\"elementor-element elementor-element-70621c12 e-con-full e-flex e-con e-child\" data-id=\"70621c12\" data-element_type=\"container\" data-e-type=\"container\">\n\t\t\t\t<div class=\"elementor-element elementor-element-4296eb49 elementor-widget elementor-widget-text-editor\" data-id=\"4296eb49\" data-element_type=\"widget\" data-e-type=\"widget\" data-widget_type=\"text-editor.default\">\n\t\t\t\t\t\t\t\t\t<p><strong>\u00datlit<\/strong><\/p><p>V\u00e6ngja\u00f0ar konur \u00ed d\u00f6kkum kl\u00e6\u00f0um, me\u00f0 langa v\u00edgtennur og bl\u00f3\u00f0uga kl\u00e6r. Hes\u00edodos l\u00fdsir t\u00f6nnum \u00feeirra sem hv\u00edtum og augum \u00feeirra sem gl\u00f3andi. \u00de\u00e6r koma fram \u00ed h\u00f3pum og sveima oft yfir v\u00edgv\u00f6llum.<\/p><p><strong>Heg\u00f0un<\/strong><\/p><p>\u00de\u00e6r s\u00e6kja s\u00e1lir hinna deyjandi, drekka bl\u00f3\u00f0 \u00feeirra og deila um l\u00edkin. \u00d3l\u00edkt \u00deanatos, sem f\u00e6rir r\u00f3legan dau\u00f0a, eru Keres verur hins ofbeldisfulla, bl\u00f3\u00f0uga og \u00f3rei\u00f0ukennda dau\u00f0daga.<\/p><p><strong>Verksvi\u00f0<\/strong><\/p><p>V\u00edgvellir, pl\u00e1gusl\u00f3\u00f0ir, h\u00f6rmungarsta\u00f0ir. \u00de\u00e6r starfa \u00fear sem f\u00f3lk deyr \u00ed st\u00f3rum st\u00edl og me\u00f0 ofbeldi. \u00c1 fri\u00f0art\u00edmum eru \u00fe\u00e6r a\u00f0 mestu fjarverandi.<\/p><p><strong>Go\u00f0s\u00f6gulegur uppruni<\/strong><\/p><p>Hj\u00e1 Hes\u00edodosi eru \u00fe\u00e6r d\u00e6tur Nyx, systur Moiranna og \u00deanatosar. \u00cd \u00f6\u00f0rum hef\u00f0um eru \u00fe\u00e6r sag\u00f0ar sprottnar \u00far Ginnungagapi (Chaos). \u00cd b\u00e1\u00f0um tilvikum tilheyra \u00fe\u00e6r hinu forna, n\u00e1ttbundna sk\u00f6punarlagi.<\/p><div><p><strong>Keres og hugmyndir um spillingu \u00ed Plat\u00f3ni og hellen\u00edskri <span class=\"iwg-fachbegriff\" data-tooltip=\"V\u00edsindaleg fr\u00e6\u00f0i um gu\u00f0 og tr\u00fa innan tr\u00faarbrag\u00f0a.\" tabindex=\"0\">gu\u00f0fr\u00e6\u00f0i<\/span><\/strong><\/p><p>Plat\u00f3n nefnir Keres ekki beint \u00ed samr\u00e6\u00f0um s\u00ednum, en hugmyndin um k\u00fe\u00f3n\u00edskar spillingarverur m\u00f3tar go\u00f0aveldiskerfi hans. \u00cd <em>Politeia<\/em> eru l\u00e6gri andar flokka\u00f0ir sem framkv\u00e6mdara\u00f0ilar heimsskipulags, \u00e1 sama h\u00e1tt og Keres.<\/p><p>Hellen\u00edsk <span class=\"iwg-fachbegriff\" data-tooltip=\"V\u00edsindaleg fr\u00e6\u00f0i um gu\u00f0 og tr\u00fa innan tr\u00faarbrag\u00f0a.\" tabindex=\"0\">gu\u00f0fr\u00e6\u00f0i<\/span>, s\u00e9rstaklega \u00ed orf\u00edsku og n\u00fdplat\u00f3nsku hef\u00f0inni, greindi \u00e1 milli h\u00e1ttsettra gu\u00f0a og l\u00e6gri, illra m\u00e1ttarvalda, \u00fear sem Keres t\u00f6ldust til dau\u00f0adj\u00f6fla.<\/p><p>\u00de\u00e6r voru ekki lengur skildar sem einf\u00f6ld homersk str\u00ed\u00f0satri\u00f0i, heldur sem eigin verufr\u00e6\u00f0ilegur flokkur: verur sem mi\u00f0lu\u00f0u milli gu\u00f0a og manna, me\u00f0 s\u00e9rh\u00e6ft hlutverk \u00ed hringr\u00e1s l\u00edfs og dau\u00f0a. \u00cd \u00feessu lj\u00f3si ur\u00f0u Keres a\u00f0 t\u00e1kni fyrir hina demi\u00farg\u00edsku skiptingu heimsins: hver kraftur haf\u00f0i s\u00edna heimsfr\u00e6\u00f0ilegu sess.<\/p><\/div>\t\t\t\t\t\t\t\t<\/div>\n\t\t\t\t<\/div>\n\t\t\t\t\t<\/div>\n\t\t\t\t<\/div>\n\t\t<div class=\"elementor-element elementor-element-44e71476 e-flex e-con-boxed e-con e-parent\" data-id=\"44e71476\" data-element_type=\"container\" data-e-type=\"container\">\n\t\t\t\t\t<div class=\"e-con-inner\">\n\t\t\t\t<div class=\"elementor-element elementor-element-3c1fc3f0 elementor-widget elementor-widget-heading\" data-id=\"3c1fc3f0\" data-element_type=\"widget\" data-e-type=\"widget\" data-widget_type=\"heading.default\">\n\t\t\t\t\t<h2 class=\"elementor-heading-title elementor-size-default\">Yfirlit: Keres<\/h2>\t\t\t\t<\/div>\n\t\t<div class=\"elementor-element elementor-element-84f33b8e e-con-full e-flex e-con e-child\" data-id=\"84f33b8e\" data-element_type=\"container\" data-e-type=\"container\">\n\t\t\t\t<div class=\"elementor-element elementor-element-hqkdc67p elementor-widget elementor-widget-text-editor\" data-id=\"hqkdc67p\" data-element_type=\"widget\" data-e-type=\"widget\" data-widget_type=\"text-editor.default\">\n\t\t\t\t\t\t\t\t\t<p>Mikilv\u00e6gustu atri\u00f0in um Keres \u00ed hnotskurn. N\u00e1nari umfj\u00f6llun um nafn, l\u00fdsingu, v\u00f6rn og hli\u00f0st\u00e6\u00f0ur m\u00e1 finna \u00ed eftirfarandi k\u00f6flum.<\/p>\t\t\t\t\t\t\t\t<\/div>\n\t\t\t\t<\/div>\n\t\t<div class=\"elementor-element elementor-element-pemmx7c5 e-con-full e-flex e-con e-child\" data-id=\"pemmx7c5\" data-element_type=\"container\" data-e-type=\"container\">\n\t\t<div class=\"elementor-element elementor-element-pemmx7c1 e-con-full e-flex e-con e-child\" data-id=\"pemmx7c1\" data-element_type=\"container\" data-e-type=\"container\">\n\t\t<div class=\"elementor-element elementor-element-qh9oavvu iwg-steckbrief-card e-flex e-con-boxed e-con e-child\" data-id=\"qh9oavvu\" data-element_type=\"container\" data-e-type=\"container\">\n\t\t\t\t\t<div class=\"e-con-inner\">\n\t\t\t\t<div class=\"elementor-element elementor-element-awzx8k2k elementor-widget elementor-widget-heading\" data-id=\"awzx8k2k\" data-element_type=\"widget\" data-e-type=\"widget\" data-widget_type=\"heading.default\">\n\t\t\t\t\t<div class=\"elementor-heading-title elementor-size-default\">Uppruni Keres<\/div>\t\t\t\t<\/div>\n\t\t\t\t<div class=\"elementor-element elementor-element-x6rowhv0 elementor-widget elementor-widget-text-editor\" data-id=\"x6rowhv0\" data-element_type=\"widget\" data-e-type=\"widget\" data-widget_type=\"text-editor.default\">\n\t\t\t\t\t\t\t\t\t<p>D\u00e6tur Nyx, n\u00e6turinnar. Systur Moiranna og \u00deanatosar, og tilheyra hinu forna, n\u00e1ttbundna sk\u00f6punarlagi.<\/p>\t\t\t\t\t\t\t\t<\/div>\n\t\t\t\t\t<\/div>\n\t\t\t\t<\/div>\n\t\t<div class=\"elementor-element elementor-element-8e3o4kxs iwg-steckbrief-card e-flex e-con-boxed e-con e-child\" data-id=\"8e3o4kxs\" data-element_type=\"container\" data-e-type=\"container\">\n\t\t\t\t\t<div class=\"e-con-inner\">\n\t\t\t\t<div class=\"elementor-element elementor-element-08rkdgov elementor-widget elementor-widget-heading\" data-id=\"08rkdgov\" data-element_type=\"widget\" data-e-type=\"widget\" data-widget_type=\"heading.default\">\n\t\t\t\t\t<div class=\"elementor-heading-title elementor-size-default\">Skotm\u00f6rk Keres<\/div>\t\t\t\t<\/div>\n\t\t\t\t<div class=\"elementor-element elementor-element-uwjelx8s elementor-widget elementor-widget-text-editor\" data-id=\"uwjelx8s\" data-element_type=\"widget\" data-e-type=\"widget\" data-widget_type=\"text-editor.default\">\n\t\t\t\t\t\t\t\t\t<p>Hermenn, sj\u00fakir af pl\u00e1gu, <span class=\"iwg-fachbegriff\" data-tooltip=\"Gj\u00f6f til gu\u00f0s, til a\u00f0 tj\u00e1 \u00feakkl\u00e6ti, b\u00f3n e\u00f0a lotningu.\" tabindex=\"0\">f\u00f3rnarl\u00f6mb<\/span> \u00f3g\u00e6fu og h\u00f6rmunga. \u00de\u00e6r koma fram \u00fear sem dau\u00f0inn er ofbeldisfullur og sn\u00f6ggur.<\/p>\t\t\t\t\t\t\t\t<\/div>\n\t\t\t\t\t<\/div>\n\t\t\t\t<\/div>\n\t\t<div class=\"elementor-element elementor-element-jm2n74ec iwg-steckbrief-card e-flex e-con-boxed e-con e-child\" data-id=\"jm2n74ec\" data-element_type=\"container\" data-e-type=\"container\">\n\t\t\t\t\t<div class=\"e-con-inner\">\n\t\t\t\t<div class=\"elementor-element elementor-element-8vufse4c elementor-widget elementor-widget-heading\" data-id=\"8vufse4c\" data-element_type=\"widget\" data-e-type=\"widget\" data-widget_type=\"heading.default\">\n\t\t\t\t\t<div class=\"elementor-heading-title elementor-size-default\">\u00datlit Keres<\/div>\t\t\t\t<\/div>\n\t\t\t\t<div class=\"elementor-element elementor-element-mwb9u015 elementor-widget elementor-widget-text-editor\" data-id=\"mwb9u015\" data-element_type=\"widget\" data-e-type=\"widget\" data-widget_type=\"text-editor.default\">\n\t\t\t\t\t\t\t\t\t<p>V\u00e6ngja\u00f0ar konur, d\u00f6kkur kl\u00e6\u00f0na\u00f0ur, langar v\u00edgtennur, bl\u00f3\u00f0ugar kl\u00e6r. \u00de\u00e6r koma \u00ed h\u00f3pum og sveima oft yfir v\u00edgv\u00f6llum.<\/p>\t\t\t\t\t\t\t\t<\/div>\n\t\t\t\t\t<\/div>\n\t\t\t\t<\/div>\n\t\t\t\t<\/div>\n\t\t<div class=\"elementor-element elementor-element-pemmx7c2 e-con-full e-flex e-con e-child\" data-id=\"pemmx7c2\" data-element_type=\"container\" data-e-type=\"container\">\n\t\t<div class=\"elementor-element elementor-element-37ss2yr6 iwg-steckbrief-card e-flex e-con-boxed e-con e-child\" data-id=\"37ss2yr6\" data-element_type=\"container\" data-e-type=\"container\">\n\t\t\t\t\t<div class=\"e-con-inner\">\n\t\t\t\t<div class=\"elementor-element elementor-element-3v0wp3wx elementor-widget elementor-widget-heading\" data-id=\"3v0wp3wx\" data-element_type=\"widget\" data-e-type=\"widget\" data-widget_type=\"heading.default\">\n\t\t\t\t\t<div class=\"elementor-heading-title elementor-size-default\">\u00c1hrif Keres<\/div>\t\t\t\t<\/div>\n\t\t\t\t<div class=\"elementor-element elementor-element-w3247g2m elementor-widget elementor-widget-text-editor\" data-id=\"w3247g2m\" data-element_type=\"widget\" data-e-type=\"widget\" data-widget_type=\"text-editor.default\">\n\t\t\t\t\t\t\t\t\t<p>\u00de\u00e6r s\u00e6kja s\u00e1lir, drekka bl\u00f3\u00f0, sl\u00e1st um l\u00edkin. \u00de\u00e6r valda ekki n\u00fdjum dau\u00f0a heldur neyta \u00feess sem \u00feegar hefur gerst.<\/p>\t\t\t\t\t\t\t\t<\/div>\n\t\t\t\t\t<\/div>\n\t\t\t\t<\/div>\n\t\t<div class=\"elementor-element elementor-element-0qpjal9w iwg-steckbrief-card e-flex e-con-boxed e-con e-child\" data-id=\"0qpjal9w\" data-element_type=\"container\" data-e-type=\"container\">\n\t\t\t\t\t<div class=\"e-con-inner\">\n\t\t\t\t<div class=\"elementor-element elementor-element-6ndoih0o elementor-widget elementor-widget-heading\" data-id=\"6ndoih0o\" data-element_type=\"widget\" data-e-type=\"widget\" data-widget_type=\"heading.default\">\n\t\t\t\t\t<div class=\"elementor-heading-title elementor-size-default\">V\u00f6rn gegn Keres<\/div>\t\t\t\t<\/div>\n\t\t\t\t<div class=\"elementor-element elementor-element-6684tyh9 elementor-widget elementor-widget-text-editor\" data-id=\"6684tyh9\" data-element_type=\"widget\" data-e-type=\"widget\" data-widget_type=\"text-editor.default\">\n\t\t\t\t\t\t\t\t\t<p>Engin s\u00e9rt\u00e6k varnarsei\u00f0galdur; Keres eru hluti af dau\u00f0anum sj\u00e1lfum. Eina v\u00f6rnin er a\u00f0 for\u00f0ast v\u00edgvelli, pl\u00e1gusl\u00f3\u00f0ir og ofbeldisfullar a\u00f0st\u00e6\u00f0ur.<\/p>\t\t\t\t\t\t\t\t<\/div>\n\t\t\t\t\t<\/div>\n\t\t\t\t<\/div>\n\t\t<div class=\"elementor-element elementor-element-3lfi7x32 iwg-steckbrief-card e-flex e-con-boxed e-con e-child\" data-id=\"3lfi7x32\" data-element_type=\"container\" data-e-type=\"container\">\n\t\t\t\t\t<div class=\"e-con-inner\">\n\t\t\t\t<div class=\"elementor-element elementor-element-0kg99ga1 elementor-widget elementor-widget-heading\" data-id=\"0kg99ga1\" data-element_type=\"widget\" data-e-type=\"widget\" data-widget_type=\"heading.default\">\n\t\t\t\t\t<div class=\"elementor-heading-title elementor-size-default\">Hli\u00f0st\u00e6\u00f0ur Keres<\/div>\t\t\t\t<\/div>\n\t\t\t\t<div class=\"elementor-element elementor-element-n0fum6kp elementor-widget elementor-widget-text-editor\" data-id=\"n0fum6kp\" data-element_type=\"widget\" data-e-type=\"widget\" data-widget_type=\"text-editor.default\">\n\t\t\t\t\t\t\t\t\t<p>Erin\u00fdur (flj\u00f3tandi skil), valkyrjur (germanskt), Gall\u00fb (mes\u00f3p\u00f3tam\u00edskt), Tzitzimime (aztekst), sl\u00e1ttumannsm\u00f3t\u00edf.<\/p>\t\t\t\t\t\t\t\t<\/div>\n\t\t\t\t\t<\/div>\n\t\t\t\t<\/div>\n\t\t\t\t<\/div>\n\t\t\t\t<\/div>\n\t\t\t\t\t<\/div>\n\t\t\t\t<\/div>\n\t\t<div class=\"elementor-element elementor-element-7533bc7a e-flex e-con-boxed e-con e-parent\" data-id=\"7533bc7a\" data-element_type=\"container\" data-e-type=\"container\">\n\t\t\t\t\t<div class=\"e-con-inner\">\n\t\t\t\t<div class=\"elementor-element elementor-element-2447d18d elementor-widget elementor-widget-heading\" data-id=\"2447d18d\" data-element_type=\"widget\" data-e-type=\"widget\" data-widget_type=\"heading.default\">\n\t\t\t\t\t<h2 class=\"elementor-heading-title elementor-size-default\">Dj\u00f6flafr\u00e6\u00f0i \u00ed daglegu l\u00edfi<\/h2>\t\t\t\t<\/div>\n\t\t<div class=\"elementor-element elementor-element-d5d0260c e-con-full e-flex e-con e-child\" data-id=\"d5d0260c\" data-element_type=\"container\" data-e-type=\"container\">\n\t\t\t\t<div class=\"elementor-element elementor-element-341be2ac elementor-widget elementor-widget-text-editor\" data-id=\"341be2ac\" data-element_type=\"widget\" data-e-type=\"widget\" data-widget_type=\"text-editor.default\">\n\t\t\t\t\t\t\t\t\t<p><strong>Varnarathafnir<\/strong><\/p><p>Einstakar Keres eru ekki \u00e1varpa\u00f0ar e\u00f0a hraktar burt; \u00fe\u00e6r eru hluti af dau\u00f0anum, sem ekki er samningsatri\u00f0i. \u00cd rit\u00faal\u00edskum skilningi eru r\u00e9ttar greftranir og l\u00edkharmagangur mikilv\u00e6g, \u00fear sem \u00feau st\u00fdra \u00fev\u00ed sem Keres st\u00fdra ekki: vir\u00f0ingu kve\u00f0justundarinnar.<\/p><p><strong>\u00c1kallanir<\/strong><\/p><p>Engar s\u00e9rt\u00e6kar \u00e1kallanir eru ger\u00f0ar gegn Keres. \u00cd galdrapapp\u00edrum og b\u00f6lvunart\u00f6flum getur or\u00f0i\u00f0 \u201eKeres&#8220; komi\u00f0 fram sem hugtak fyrir \u00f3g\u00e6fu b\u00f6lvunarforms, en ekki sem einstaklingsbundinn vi\u00f0takandi.<\/p><p><strong>Verndargripir og t\u00e1knmyndir<\/strong><\/p><p>Almenn v\u00f6rn gegn dau\u00f0a me\u00f0 apotropaia (Gorg\u00f3h\u00f6fu\u00f0, fallus, <span class=\"iwg-fachbegriff\" data-tooltip=\"\u00datbreidd tr\u00fa um a\u00f0 \u00f6fundsj\u00fakt augnar\u00e1\u00f0 annarrar manneskju geti valdi\u00f0 ska\u00f0a.\" tabindex=\"0\">illt auga<\/span>). S\u00e9rstakir Keres-verndargripir eru ekki til. V\u00f6rnin felst frekar \u00ed \u00fev\u00ed a\u00f0 for\u00f0ast a\u00f0st\u00e6\u00f0urnar \u00fear sem Keres koma fram.<\/p>\t\t\t\t\t\t\t\t<\/div>\n\t\t\t\t<\/div>\n\t\t\t\t\t<\/div>\n\t\t\t\t<\/div>\n\t\t<div class=\"elementor-element elementor-element-5a584676 e-flex e-con-boxed e-con e-parent\" data-id=\"5a584676\" data-element_type=\"container\" data-e-type=\"container\">\n\t\t\t\t\t<div class=\"e-con-inner\">\n\t\t\t\t<div class=\"elementor-element elementor-element-6d0757bf elementor-widget elementor-widget-heading\" data-id=\"6d0757bf\" data-element_type=\"widget\" data-e-type=\"widget\" data-widget_type=\"heading.default\">\n\t\t\t\t\t<h2 class=\"elementor-heading-title elementor-size-default\">Keres, hli\u00f0st\u00e6\u00f0ur \u00ed \u00f6\u00f0rum menningarheimum<\/h2>\t\t\t\t<\/div>\n\t\t<div class=\"elementor-element elementor-element-60563f68 e-con-full e-flex e-con e-child\" data-id=\"60563f68\" data-element_type=\"container\" data-e-type=\"container\">\n\t\t\t\t<div class=\"elementor-element elementor-element-5a93fdd6 elementor-widget elementor-widget-text-editor\" data-id=\"5a93fdd6\" data-element_type=\"widget\" data-e-type=\"widget\" data-widget_type=\"text-editor.default\">\n\t\t\t\t\t\t\t\t\t<p><strong>R\u00f3m:<\/strong> Dirae\/Furiae taka vi\u00f0 hlutverki hefndargy\u00f0ja, \u00e1 me\u00f0an Keres eru minna til sta\u00f0ar sem hreinar dau\u00f0averur \u00ed r\u00f3mverska <span class=\"iwg-fachbegriff\" data-tooltip=\"Heild gu\u00f0anna \u00ed tr\u00faarbr\u00f6g\u00f0um e\u00f0a menningu.\" tabindex=\"0\">go\u00f0aveldinu<\/span>. \u00deess \u00ed sta\u00f0 tekur Mors (dau\u00f0inn) vi\u00f0 \u00feessu hlutverki einn og s\u00e9r.<\/p><p><strong>Germ\u00f6nsk hef\u00f0:<\/strong> Valkyrjur s\u00e6kja hina fallnu af v\u00edgvellinum. Byggingarlega n\u00e1skylt, en innan annars gu\u00f0fr\u00e6\u00f0ilegs ramma.<\/p><p><strong>Mes\u00f3p\u00f3tam\u00eda og v\u00ed\u00f0ar:<\/strong> Gall\u00fb-framkv\u00e6mdara\u00f0ilar undirheimanna eru starfr\u00e6nt tengdir, \u00fe\u00f3tt \u00ed allt \u00f6\u00f0rum go\u00f0s\u00f6gulegum ramma. \u00cd m\u00f6rgum menningarheimum m\u00e1 finna bo\u00f0bera dau\u00f0ans sem koma fram \u00ed h\u00f3pum og s\u00e6kja s\u00e1lir.<\/p><div><p><strong>Keres \u00ed <span class=\"iwg-fachbegriff\" data-tooltip=\"Athafnir sem \u00e6tla\u00f0 er a\u00f0 hafa \u00e1hrif \u00e1 gang hlutanna me\u00f0 s\u00e9rst\u00f6kum a\u00f0ger\u00f0um e\u00f0a form\u00falum.\" tabindex=\"0\">galdri<\/span>-papp\u00edrum og sei\u00f0framkv\u00e6md<\/strong><\/p><p>\u00cd hellen\u00edskum galdrapapp\u00edrum (PGM) er Keres sjaldan \u00e1kalla\u00f0ar beint, en hugmyndin um dau\u00f0a- og spillingargy\u00f0jur gengur \u00ed gegnum galdra <span class=\"iwg-fachbegriff\" data-tooltip=\"Talform\u00fala sem \u00e6tla\u00f0 er a\u00f0 valda einstaklingi e\u00f0a hlut \u00f3g\u00e6fu.\" tabindex=\"0\">b\u00f6lvunartexta<\/span>. Papp\u00edrar sem innihalda sundur-, \u00feurrkunar- e\u00f0a l\u00f6munarb\u00f6lvanir kalla oft \u00e1 \u00f3nefnda k\u00fe\u00f3n\u00edska m\u00e1tta, sem hafa sama hlutverk og Keres: a\u00f0skilna\u00f0ur, ey\u00f0ing, r\u00e1n \u00e1 l\u00edfs\u00fer\u00f3tti.<\/p><p>Papp\u00edrarnir s\u00fdna a\u00f0 galdramenn <span class=\"iwg-fachbegriff\" data-tooltip=\"Umbreytingart\u00edmabil milli fornaldar og mi\u00f0alda, um \u00fea\u00f0 bil 3. til 7. \u00f6ld.\" tabindex=\"0\">s\u00ed\u00f0fornaldarinnar<\/span> h\u00f6f\u00f0u \u00fer\u00f3a\u00f0a kenningu um l\u00e6gri m\u00e1tta; ekki allir voru illir, en allir voru s\u00e9rh\u00e6f\u00f0ir. Keres tilheyr\u00f0u flokki nau\u00f0synlegra krafta sem \u00feurftu ekki si\u00f0fer\u00f0i, \u00fev\u00ed verkefni \u00feeirra kom fr\u00e1 heimsskipulaginu sj\u00e1lfu.<\/p><p>Galdrama\u00f0ur sem vildi valda sj\u00fakd\u00f3mi e\u00f0a veikja einhvern kalla\u00f0i ekki \u00e1 sl\u00edka m\u00e1tta sem fjandmenn, heldur sem t\u00e6knileg verkf\u00e6ri, en notkun \u00feeirra kraf\u00f0ist si\u00f0fer\u00f0ilegrar r\u00e9ttl\u00e6tingar.<\/p><\/div>\t\t\t\t\t\t\t\t<\/div>\n\t\t\t\t<\/div>\n\t\t\t\t\t<\/div>\n\t\t\t\t<\/div>\n\t\t<div class=\"elementor-element elementor-element-cp8602301 e-flex e-con-boxed e-con e-parent\" data-id=\"cp8602301\" data-element_type=\"container\" data-e-type=\"container\">\n\t\t\t\t\t<div class=\"e-con-inner\">\n\t\t\t\t<div class=\"elementor-element elementor-element-cp7b7edad elementor-widget elementor-widget-heading\" data-id=\"cp7b7edad\" data-element_type=\"widget\" data-e-type=\"widget\" data-widget_type=\"heading.default\">\n\t\t\t\t\t<h2 class=\"elementor-heading-title elementor-size-default\">Keres hj\u00e1 H\u00f3mer: Dau\u00f0inn \u00e1 v\u00edgvellinum<\/h2>\t\t\t\t<\/div>\n\t\t<div class=\"elementor-element elementor-element-cpbfea484 e-con-full e-flex e-con e-child\" data-id=\"cpbfea484\" data-element_type=\"container\" data-e-type=\"container\">\n\t\t\t\t<div class=\"elementor-element elementor-element-cp74cc2f1 elementor-widget elementor-widget-text-editor\" data-id=\"cp74cc2f1\" data-element_type=\"widget\" data-e-type=\"widget\" data-widget_type=\"text-editor.default\">\n\t\t\t\t\t\t\t\t\t<p>Elstu og fj\u00f6lmennustu heimildirnir um Kerarnar (Keres) koma fr\u00e1 h\u00f3mer\u00edsku kvi\u00f0unum, s\u00e9rstaklega \u00far <em>Il\u00edonskvi\u00f0u<\/em>. \u00dear eru Kerarnar ekki \u00f3hlutbundnar pers\u00f3nugervingar, heldur n\u00e1tengdar reynslunni af ofbeldisfullum dau\u00f0a \u00ed str\u00ed\u00f0i.<\/p><p>Gr\u00edska or\u00f0i\u00f0 <em>k\u0113r<\/em> merkir upphaflega dau\u00f0ahlutskipti\u00f0 sem hverjum manni er \u00fathluta\u00f0, tort\u00edmingin sem n\u00e6r honum. \u00cd fleirt\u00f6lu koma Kerarnar fram sem draugslegar gervur sem valda \u00feessum dau\u00f0a e\u00f0a birta hann \u00ed eigin mynd.<\/p><p>Fr\u00e6g er s\u00fa stund \u00feegar dau\u00f0ahlutskiptin eru vegin: \u00cd n\u00edtj\u00e1nda \u00fe\u00e6tti <em>Il\u00edonskvi\u00f0u<\/em> leggur Seifur Ker Akkillesar og Ker Hektors \u00e1 vogarsk\u00e1lar s\u00ednar, og \u00feyngra hlutskipti\u00f0 s\u00edgur ni\u00f0ur til undirheima, og \u00fear me\u00f0 er dau\u00f0i Hektors r\u00e1\u00f0inn.<\/p><p>H\u00e9r er Ker n\u00e1nast samsvarandi pers\u00f3nulegum \u00f6rl\u00f6gum hetjunnar. \u00c1 \u00f6\u00f0rum sta\u00f0, \u00ed \u00e1tj\u00e1nda \u00fe\u00e6tti, birtist \u00e1 skildi Akkillesar hrollvekjandi Ker \u00ed hringi\u00f0u bardagans, kl\u00e6dd bl\u00f3\u00f0flekku\u00f0um kl\u00e6\u00f0um, sem dregur fallna og s\u00e1ra menn \u00e1 f\u00f3tunum \u00fat \u00far \u00e1t\u00f6kunum.<\/p><p>Af \u00feessum st\u00f6\u00f0um m\u00e1 lesa tv\u00f6falda mynd. Annars vegar er Ker hi\u00f0 einstaklingsbundna dau\u00f0ahlutskipti sem \u00e1kve\u00f0i\u00f0 er allt fr\u00e1 f\u00e6\u00f0ingu; Akkilles talar um tv\u00e6r Kerar sem hann geti vali\u00f0 milli, stutt og gl\u00e6silegt l\u00edf e\u00f0a langt og l\u00edtilfj\u00f6rlegt. Hins vegar eru Kerarnar athafnasamar, bl\u00f3\u00f0\u00feyrstar verur sem ganga um v\u00edgv\u00f6llinn.<\/p><p>Fr\u00e6\u00f0imenn hafa lengi r\u00e6tt hvort h\u00e9r s\u00e9 um tv\u00e6r a\u00f0skildar hugmyndir a\u00f0 r\u00e6\u00f0a e\u00f0a a\u00f0eins tv\u00e6r hli\u00f0ar \u00e1 einni og s\u00f6mu hugmynd. Margt bendir til \u00feess a\u00f0 Grikkir hafi geta\u00f0 upplifa\u00f0 dau\u00f0ann b\u00e6\u00f0i sem \u00fathluta\u00f0 m\u00e1l og sem \u00e1r\u00e1sargjarnt vald, \u00e1n \u00feess a\u00f0 sj\u00e1 \u00ed \u00fev\u00ed neina m\u00f3ts\u00f6gn.<\/p>\t\t\t\t\t\t\t\t<\/div>\n\t\t\t\t<\/div>\n\t\t\t\t\t<\/div>\n\t\t\t\t<\/div>\n\t\t<div class=\"elementor-element elementor-element-cpbd673b2 e-flex e-con-boxed e-con e-parent\" data-id=\"cpbd673b2\" data-element_type=\"container\" data-e-type=\"container\">\n\t\t\t\t\t<div class=\"e-con-inner\">\n\t\t\t\t<div class=\"elementor-element elementor-element-cp0a14da8 elementor-widget elementor-widget-heading\" data-id=\"cp0a14da8\" data-element_type=\"widget\" data-e-type=\"widget\" data-widget_type=\"heading.default\">\n\t\t\t\t\t<h2 class=\"elementor-heading-title elementor-size-default\">Kerarnar, Mo\u00edrurnar og \u00deanatos: a\u00f0greining tengdra dau\u00f0am\u00e1tta<\/h2>\t\t\t\t<\/div>\n\t\t<div class=\"elementor-element elementor-element-cp890fc3c e-con-full e-flex e-con e-child\" data-id=\"cp890fc3c\" data-element_type=\"container\" data-e-type=\"container\">\n\t\t\t\t<div class=\"elementor-element elementor-element-cp209632e elementor-widget elementor-widget-text-editor\" data-id=\"cp209632e\" data-element_type=\"widget\" data-e-type=\"widget\" data-widget_type=\"text-editor.default\">\n\t\t\t\t\t\t\t\t\t<p>\u00cd gr\u00edskri hugsun standa Kerarnar (Keres) vi\u00f0 hli\u00f0 nokkurra annarra m\u00e1ttarvalda sem tengjast dau\u00f0a og \u00f6rl\u00f6gum, og sk\u00fdr a\u00f0greining \u00feeirra var ekki alltaf lj\u00f3s jafnvel \u00ed augum fornra h\u00f6funda. Mikilv\u00e6gust er a\u00f0greiningin fr\u00e1 <a href=\"https:\/\/iwell-guard.com\/is\/?page_id=169033\">Mo\u00edrunum<\/a>, \u00feremur \u00f6rlaganornunum.<\/p><p>Me\u00f0an Mo\u00edrurnar hj\u00e1 Hes\u00edodi og \u00ed s\u00ed\u00f0ari hef\u00f0inni \u00fathluta l\u00edfsm\u00e1linu, m\u00e6la \u00fea\u00f0 og skera \u00fea\u00f0 af, og birta \u00feannig hina reglubundnu hli\u00f0 \u00f6rlaganna, standa Kerarnar frekar fyrir hi\u00f0 \u00e1\u00fereifanlega, oft ofbeldisfulla og \u00f3g\u00e6fusamlega dau\u00f0atilvik.<\/p><p>Hes\u00edodos setur b\u00e6\u00f0i \u00ed n\u00e1nd vi\u00f0 Nyx, n\u00f3ttina, sem elur \u00fe\u00e6r \u00e1n f\u00f6\u00f0ur, \u00ed <em>Gu\u00f0a\u00e6ttum<\/em> s\u00ednum; \u00ed upptalningu hans birtast Kerarnar, Mo\u00edrurnar, \u00deanatos, Hypnos og fleiri dimmar gervur sem systkin.<\/p><p>\u00deessi \u00e6ttartala setur Kerarnar \u00ed hi\u00f0 n\u00e6turlega, hrollvekjandi svi\u00f0 alheimsins. Fr\u00e1 \u00deanatosi, hinni r\u00f3legu pers\u00f3nugervingu dau\u00f0ans sj\u00e1lfs, a\u00f0greinast Kerarnar me\u00f0 s\u00ednum virka, r\u00e1nfuglslega e\u00f0li. \u00deanatos s\u00e6kir, Kerarnar r\u00edfa.<\/p><p>\u00cd <em>Aspis<\/em>, skjaldarkv\u00e6\u00f0inu sem var\u00f0veist hefur undir nafni Hes\u00edodosar, er s\u00e9rlega hrottafengin l\u00fdsing: Kerarnar eru \u00fear sag\u00f0ar bl\u00e1svartar me\u00f0 hv\u00edtum, glottandi t\u00f6nnum, \u00fear sem \u00fe\u00e6r berjast um hina fallnu, sl\u00e1 kl\u00f3m s\u00ednum \u00ed l\u00edkama \u00feeirra og drekka hi\u00f0 d\u00f6kka bl\u00f3\u00f0.<\/p><p>\u00deessi vamp\u00edrul\u00edka mynd er me\u00f0al hinna n\u00e1kv\u00e6mustu fr\u00e1 <span class=\"iwg-fachbegriff\" data-tooltip=\"T\u00edmabil gr\u00edskrar og r\u00f3mverskrar menningar, um 800 f.Kr. til 600 e.Kr.\" tabindex=\"0\">forn\u00f6ld<\/span>. Fr\u00e6\u00f0imenn hafa bent \u00e1 a\u00f0 Kerarnar komist h\u00e9r n\u00e6st \u00feeirri mynd sem menn ger\u00f0u s\u00e9r af bl\u00f3\u00f0suguskr\u00edmslum v\u00edgvallarins, og a\u00f0 \u00fe\u00e6r a\u00f0greinist \u00feannig einkar sk\u00fdrt fr\u00e1 hinum tignarlegri hugsu\u00f0u Mo\u00edrunum.<\/p>\t\t\t\t\t\t\t\t<\/div>\n\t\t\t\t<\/div>\n\t\t\t\t\t<\/div>\n\t\t\t\t<\/div>\n\t\t<div class=\"elementor-element elementor-element-cpe357717 e-flex e-con-boxed e-con e-parent\" data-id=\"cpe357717\" data-element_type=\"container\" data-e-type=\"container\">\n\t\t\t\t\t<div class=\"e-con-inner\">\n\t\t\t\t<div class=\"elementor-element elementor-element-cp2d7b0d1 elementor-widget elementor-widget-heading\" data-id=\"cp2d7b0d1\" data-element_type=\"widget\" data-e-type=\"widget\" data-widget_type=\"heading.default\">\n\t\t\t\t\t<h2 class=\"elementor-heading-title elementor-size-default\">Anthesteria-h\u00e1t\u00ed\u00f0 A\u00feenu og brottreksturinn \u00e1 Kerunum<\/h2>\t\t\t\t<\/div>\n\t\t<div class=\"elementor-element elementor-element-cp7d73762 e-con-full e-flex e-con e-child\" data-id=\"cp7d73762\" data-element_type=\"container\" data-e-type=\"container\">\n\t\t\t\t<div class=\"elementor-element elementor-element-cpba9eef3 elementor-widget elementor-widget-text-editor\" data-id=\"cpba9eef3\" data-element_type=\"widget\" data-e-type=\"widget\" data-widget_type=\"text-editor.default\">\n\t\t\t\t\t\t\t\t\t<p>Auk hins ep\u00edska kve\u00f0skapar eru Kerarnar (Keres) tengdar h\u00e1t\u00ed\u00f0ardagatali A\u00feenu, n\u00e1nar tilteki\u00f0 <em>Anthesteria<\/em>, vorh\u00e1t\u00ed\u00f0 til hei\u00f0urs D\u00ed\u00f3n\u00fdsosi \u00ed m\u00e1nu\u00f0inum Anthesterion. Hin \u00feriggja daga h\u00e1t\u00ed\u00f0 haf\u00f0i mj\u00f6g tv\u00edr\u00e6\u00f0an bl\u00e6.<\/p><p>H\u00fan fagna\u00f0i n\u00fdju v\u00edni, en var samt\u00edmis talin t\u00edmi \u00fear sem hinir d\u00e1nu og \u00f3gnvekjandi andar gengu um borgina. S\u00ed\u00f0asti dagurinn, <em>Chytroi<\/em>, var helga\u00f0ur hinum framli\u00f0nu og kth\u00f3n\u00edskum m\u00e1ttarv\u00f6ldum.<\/p><p>\u00dar fornri <span class=\"iwg-fachbegriff\" data-tooltip=\"Mi\u00f0lun \u00feekkingar og sagna milli kynsl\u00f3\u00f0a.\" tabindex=\"0\">munnm\u00e6lahef\u00f0<\/span>, a\u00f0allega fr\u00e1 s\u00ed\u00f0ari or\u00f0ab\u00f3karh\u00f6fundum og sk\u00fdringarritum, er kunn or\u00f0atilt\u00e6ki\u00f0: &#8222;\u00dat, \u00fei\u00f0 Kerar, Anthesteria er \u00e1 enda&#8220;. \u00deetta var greinilega sagt vi\u00f0 lok h\u00e1t\u00ed\u00f0arins til a\u00f0 reka \u00fat \u00fe\u00e1 anda sem hleypt haf\u00f0i veri\u00f0 inn e\u00f0a heimilt var a\u00f0 vera \u00e1 h\u00e1t\u00ed\u00f0art\u00edmanum, \u00fat \u00far h\u00fasunum og borginni.<\/p><p>Sumar heimildir lesa \u00ed sta\u00f0 &#8222;Kerar&#8220; or\u00f0i\u00f0 &#8222;Kares&#8220;, \u00fea\u00f0 er Kar\u00edumenn, sem hefur leitt til mismunandi t\u00falkana. Tr\u00faars\u00f6guleg ranns\u00f3kn, me\u00f0al annars \u00ed klass\u00edskum verkum Erwins Rohde og Jane Harrison, hefur r\u00e6tt \u00feennan sta\u00f0 \u00edtarlega.<\/p><p>Ef lesh\u00e1ttrinn &#8222;Kerar&#8220; er r\u00e9ttur, kemur fram mikilv\u00e6g ni\u00f0ursta\u00f0a: Kerarnar voru ekki a\u00f0eins b\u00f3kmenntalegar gervur \u00ed ep\u00edkinni, heldur hluti af lifandi tr\u00faarath\u00f6fnum. Me\u00f0an \u00e1 Anthesteria st\u00f3\u00f0 var dyrast\u00f6fum smurt me\u00f0 biki og \u00e1kve\u00f0num si\u00f0um haldi\u00f0 sem r\u00f6mmu\u00f0u inn hinn \u00f3gnvekjandi h\u00e1t\u00ed\u00f0art\u00edma.<\/p><p>Kerarnar birtast h\u00e9r sem opinn flokkur framli\u00f0inna anda og \u00f3g\u00e6fum\u00e1ttarvalda sem menn \u00feoldu \u00ed takmarka\u00f0an t\u00edma og reku s\u00ed\u00f0an burt me\u00f0 <span class=\"iwg-fachbegriff\" data-tooltip=\"\u00dea\u00f0 sem tilheyrir fastm\u00f3tu\u00f0u tr\u00faarlegu ath\u00e6fi.\" tabindex=\"0\">helgisi\u00f0abundnum<\/span> h\u00e6tti. \u00deannig tilheyra Kerarnar hinni v\u00ed\u00f0t\u00e6ku gr\u00edsku hugmyndaheild um anda sem \u00e1 \u00fer\u00f6skuldst\u00edmum \u00e1rsins ry\u00f0jast inn \u00ed heim mannanna og ver\u00f0a a\u00f0 vera bannf\u00e6r\u00f0ir a\u00f0 n\u00fdju me\u00f0 \u00e1kve\u00f0nu <span class=\"iwg-fachbegriff\" data-tooltip=\"Regluleg atbur\u00f0ar\u00f6\u00f0 t\u00e1knger\u00f0ra athafna me\u00f0 tr\u00faarlega e\u00f0a menningarlega merkingu.\" tabindex=\"0\">helgisi\u00f0i<\/span>.<\/p>\t\t\t\t\t\t\t\t<\/div>\n\t\t\t\t<\/div>\n\t\t\t\t\t<\/div>\n\t\t\t\t<\/div>\n\t\t<div class=\"elementor-element elementor-element-cpa2f747d e-flex e-con-boxed e-con e-parent\" data-id=\"cpa2f747d\" data-element_type=\"container\" data-e-type=\"container\">\n\t\t\t\t\t<div class=\"e-con-inner\">\n\t\t\t\t<div class=\"elementor-element elementor-element-cpe0b90e8 elementor-widget elementor-widget-heading\" data-id=\"cpe0b90e8\" data-element_type=\"widget\" data-e-type=\"widget\" data-widget_type=\"heading.default\">\n\t\t\t\t\t<h2 class=\"elementor-heading-title elementor-size-default\">\u00datv\u00edkkun hugtaksins: Kerarnar sem sj\u00fakd\u00f3ms- og \u00f3g\u00e6fudj\u00f6flar<\/h2>\t\t\t\t<\/div>\n\t\t<div class=\"elementor-element elementor-element-cp33e1509 e-con-full e-flex e-con e-child\" data-id=\"cp33e1509\" data-element_type=\"container\" data-e-type=\"container\">\n\t\t\t\t<div class=\"elementor-element elementor-element-cp11c849e elementor-widget elementor-widget-text-editor\" data-id=\"cp11c849e\" data-element_type=\"widget\" data-e-type=\"widget\" data-widget_type=\"text-editor.default\">\n\t\t\t\t\t\t\t\t\t<p>\u00cd b\u00f3kmenntum eftir daga H\u00f3mers v\u00edkkar hugtaki\u00f0 Ker \u00fat fyrir dau\u00f0a \u00e1 v\u00edgvelli. Hj\u00e1 Hes\u00ed\u00f3dosi og \u00ed s\u00ed\u00f0ari textum getur <em>k\u0113r<\/em> t\u00e1kna\u00f0 hvers kyns tort\u00edmingu: sj\u00fakd\u00f3ma, elli, hungur, brj\u00e1l\u00e6\u00f0i, hverja \u00fe\u00e1 \u00f3gn sem s\u00e6kir a\u00f0 manninum. Kerarnir ver\u00f0a \u00feannig a\u00f0 safnheiti yfir allt sem styttir, ska\u00f0ar og endar l\u00edfi\u00f0.<\/p><p>\u00deessi merkingarv\u00edkkun kemur s\u00e9rstaklega sk\u00fdrt fram \u00ed s\u00f6gninni um Pand\u00f3ru. \u00dar keri Pand\u00f3ru, sem h\u00fan kemur me\u00f0 samkv\u00e6mt Hes\u00ed\u00f3dosi og opnar, sleppa b\u00f6l \u00fat yfir mannkyni\u00f0; \u00ed fornri t\u00falkun voru \u00feessar pl\u00e1gur oft samsama\u00f0ar Kerunum e\u00f0a tengdar \u00feeim n\u00e1i\u00f0.<\/p><p>\u00cd myndlist koma einnig fram v\u00e6ngja\u00f0ar verur tengdar sj\u00fakd\u00f3mum og dau\u00f0a sem hafa veri\u00f0 tengdar Kerunum, jafnvel \u00fe\u00f3tt myndfr\u00e6\u00f0ileg greining s\u00e9 oft \u00f3viss, \u00fev\u00ed Kerar, <a href=\"https:\/\/iwell-guard.com\/is\/?page_id=168600\">Erin\u00fdur<\/a>, harp\u00edur og s\u00edrenur skarast \u00ed myndr\u00e6nni framsetningu.<\/p><p>\u00deessi hugtakslega opnun er lykilatri\u00f0i til a\u00f0 skilja Kerana. \u00deeir voru aldrei sk\u00fdrt afmarka\u00f0 <span class=\"iwg-fachbegriff\" data-tooltip=\"Heild gu\u00f0a innan tr\u00faarbrag\u00f0a e\u00f0a menningar.\" tabindex=\"0\">go\u00f0aheimur<\/span> (pantheon) me\u00f0 fastnefndum verum og hlutverkum, eins og t.d. hinir t\u00f3lf \u00f3lympsku gu\u00f0ir voru.<\/p><p>Fr\u00e6\u00f0imenn l\u00fdsa Kerunum fremur sem hugtakaflokki: sem pers\u00f3nuger\u00f0um fj\u00f6lbreytileika dau\u00f0daga og l\u00edfsb\u00f6lva. \u00dea\u00f0 var n\u00e1kv\u00e6mlega \u00feessi \u00f3sk\u00fdrleiki sem ger\u00f0i \u00fe\u00e1 nytsamlega gr\u00edskum sk\u00e1ldum og hugsu\u00f0um.<\/p><p>Hvar sem menn \u00feurftu a\u00f0 tj\u00e1 \u00f3g\u00e6funa sem virkt afl \u00e1n \u00feess a\u00f0 veita henni fulla st\u00f6\u00f0u nafngreinds <span class=\"iwg-fachbegriff\" data-tooltip=\"Vera sem er d\u00fdrku\u00f0 sem gu\u00f0leg innan tr\u00faarbrag\u00f0a.\" tabindex=\"0\">go\u00f0magns<\/span>, m\u00e1tti tala um eina Ker e\u00f0a um Kerana. \u00deeir standa \u00fev\u00ed \u00e1 m\u00e6runum milli pers\u00f3nugervingar, \u00f6rlagahugtaks og dj\u00f6flafr\u00e6\u00f0i, og \u00fea\u00f0 er n\u00e1kv\u00e6mlega \u00e1 \u00feeim m\u00e6rum sem tr\u00faars\u00f6gulegt mikilv\u00e6gi \u00feeirra liggur.<\/p>\t\t\t\t\t\t\t\t<\/div>\n\t\t\t\t<\/div>\n\t\t\t\t\t<\/div>\n\t\t\t\t<\/div>\n\t\t<div class=\"elementor-element elementor-element-cpaa4ebda e-flex e-con-boxed e-con e-parent\" data-id=\"cpaa4ebda\" data-element_type=\"container\" data-e-type=\"container\">\n\t\t\t\t\t<div class=\"e-con-inner\">\n\t\t\t\t<div class=\"elementor-element elementor-element-cpf7b01df elementor-widget elementor-widget-heading\" data-id=\"cpf7b01df\" data-element_type=\"widget\" data-e-type=\"widget\" data-widget_type=\"heading.default\">\n\t\t\t\t\t<h2 class=\"elementor-heading-title elementor-size-default\">\u00c1framhaldandi l\u00edf Keranna \u00ed forn\u00f6ld og n\u00fdgr\u00edskri hef\u00f0<\/h2>\t\t\t\t<\/div>\n\t\t<div class=\"elementor-element elementor-element-cp70a8cae e-con-full e-flex e-con e-child\" data-id=\"cp70a8cae\" data-element_type=\"container\" data-e-type=\"container\">\n\t\t\t\t<div class=\"elementor-element elementor-element-cp316af1f elementor-widget elementor-widget-text-editor\" data-id=\"cp316af1f\" data-element_type=\"widget\" data-e-type=\"widget\" data-widget_type=\"text-editor.default\">\n\t\t\t\t\t\t\t\t\t<p>Spurningin um hvort og hvernig Kerarnir lif\u00f0u \u00e1fram eftir a\u00f0 fornaldartr\u00fain lei\u00f0 undir lok hefur veri\u00f0 miki\u00f0 r\u00e6dd \u00ed \u00fej\u00f3\u00f0fr\u00e6\u00f0iranns\u00f3knum. Ein oft tilvitnu\u00f0 kenning tengir fornu Kerana vi\u00f0 n\u00fdgr\u00edska <em>Charos<\/em> e\u00f0a <em>Charontas<\/em> og a\u00f0rar dau\u00f0averur \u00ed gr\u00edskri \u00fej\u00f3\u00f0tr\u00fa.<\/p><p>\u00dea\u00f0 er sta\u00f0reynd a\u00f0 nafn hins forna ferjumanns Karons breyttist \u00ed n\u00fdgr\u00edskri \u00fej\u00f3\u00f0tr\u00fa \u00ed virka, oft r\u00ed\u00f0andi dau\u00f0averu sem s\u00e6kir mannf\u00f3lki\u00f0.<\/p><p>Fr\u00e6\u00f0imenn 19. og upphafs 20. aldar, me\u00f0al annars Bernhard Schmidt \u00ed riti s\u00ednu um \u00fej\u00f3\u00f0l\u00edf n\u00fdgrikkja, reyndu a\u00f0 sj\u00e1 \u00ed sl\u00edkum verum \u00e1framhaldandi \u00e1hrif fornu dau\u00f0adj\u00f6flanna. N\u00fat\u00edmaranns\u00f3knir eru vark\u00e1rari \u00ed \u00feessum efnum.<\/p><p>\u00de\u00e6r benda \u00e1 a\u00f0 engin \u00f3rofa l\u00edna er sannanleg milli fornu Keranna og n\u00fdgr\u00edskra dau\u00f0ahugmynda, og a\u00f0 kristin, b\u00fds\u00f6nsk og \u00fej\u00f3\u00f0menningarleg l\u00f6g liggja \u00fear \u00e1 milli. Bein samsv\u00f6run milli fornrar Keru og n\u00fdgr\u00edsks Charos ver\u00f0ur ekki sta\u00f0fest.<\/p><p>\u00dea\u00f0 sem hins vegar m\u00e1 segja af trausti er a\u00f0 gr\u00edska menningin hefur um aldirnar haldi\u00f0 tilhneigingu til a\u00f0 hugsa dau\u00f0ann sem virka, oft \u00f3gnvekjandi veru, ekki bara sem \u00e1stand.<\/p><p>\u00cd \u00feessari l\u00f6ngu hef\u00f0 stendur Keran vi\u00f0 upphafi\u00f0. \u00cd n\u00fat\u00edmalegri m\u00f3tt\u00f6ku, \u00ed handb\u00f3kum um <span class=\"iwg-fachbegriff\" data-tooltip=\"Heild go\u00f0sagna sem var\u00f0veist hafa innan menningar.\" tabindex=\"0\">go\u00f0afr\u00e6\u00f0i<\/span>, \u00ed fantas\u00edub\u00f3kmenntum og t\u00f6lvuleikjum, hafa Kerarnir birst aftur, oftast sem v\u00e6ngja\u00f0ir dau\u00f0aandar e\u00f0a almennir v\u00edgvallardj\u00f6flar.<\/p><p>\u00deessar birtingarmyndir gr\u00edpa fyrst og fremst hina \u00e1hrifamiklu l\u00fdsingu <em>Aspis<\/em> og sleppa a\u00f0 mestu erfi\u00f0ari hli\u00f0um, \u00f6rlagahugtakinu og hinni helgisi\u00f0alegu innfl\u00e9ttun. Fyrir v\u00edsindalega sko\u00f0un er afgerandi a\u00f0 greina \u00e1 milli hinnar vins\u00e6lu einf\u00f6ldunar og hinnar marg\u00fe\u00e6ttu fornu <span class=\"iwg-fachbegriff\" data-tooltip=\"Mi\u00f0lun \u00feekkingar og sagna fr\u00e1 kynsl\u00f3\u00f0 til kynsl\u00f3\u00f0ar.\" tabindex=\"0\">munnm\u00e6lahef\u00f0ar<\/span>.<\/p>\t\t\t\t\t\t\t\t<\/div>\n\t\t\t\t<\/div>\n\t\t\t\t\t<\/div>\n\t\t\t\t<\/div>\n\t\t<div class=\"elementor-element elementor-element-36dd7469 e-flex e-con-boxed e-con e-parent\" data-id=\"36dd7469\" data-element_type=\"container\" data-e-type=\"container\">\n\t\t\t\t\t<div class=\"e-con-inner\">\n\t\t\t\t<div class=\"elementor-element elementor-element-13760ab4 elementor-widget elementor-widget-heading\" data-id=\"13760ab4\" data-element_type=\"widget\" data-e-type=\"widget\" data-widget_type=\"heading.default\">\n\t\t\t\t\t<div class=\"elementor-heading-title elementor-size-default\">\u00cdtarefni og tenglar<\/div>\t\t\t\t<\/div>\n\t\t<div class=\"elementor-element elementor-element-28c87796 e-con-full e-flex e-con e-child\" data-id=\"28c87796\" data-element_type=\"container\" data-e-type=\"container\">\n\t\t\t\t<div class=\"elementor-element elementor-element-5d6538df elementor-widget elementor-widget-text-editor\" data-id=\"5d6538df\" data-element_type=\"widget\" data-e-type=\"widget\" data-widget_type=\"text-editor.default\">\n\t\t\t\t\t\t\t\t\t<p>R\u00e1\u00f0lag\u00f0ir innri tenglar:<\/p><ul><li><a href=\"https:\/\/iwell-guard.com\/is\/?page_id=168594\">Grikkland<\/a><\/li><li><a href=\"https:\/\/iwell-guard.com\/is\/?page_id=168600\">Erin\u00fdur<\/a> (n\u00e1l\u00e6g yfirf\u00e6rsla)<\/li><li><a href=\"https:\/\/iwell-guard.com\/is\/?page_id=168587\">Gallu<\/a> (mes\u00f3p\u00f3tam\u00edsk hli\u00f0st\u00e6\u00f0a)<\/li><li><a href=\"https:\/\/iwell-guard.com\/is\/?page_id=168751\">\u00deanatos<\/a> og Mo\u00edrurnar (go\u00f0s\u00f6gulegt samhengi)<\/li><li>V\u00edgvallar-<span class=\"iwg-fachbegriff\" data-tooltip=\"Heild go\u00f0sagna sem var\u00f0veist hafa innan menningar.\" tabindex=\"0\">go\u00f0afr\u00e6\u00f0i<\/span> og dau\u00f0ad\u00fdrkun<\/li><\/ul>\t\t\t\t\t\t\t\t<\/div>\n\t\t\t\t<\/div>\n\t\t\t\t\t<\/div>\n\t\t\t\t<\/div>\n\t\t<div class=\"elementor-element elementor-element-grl4kl40 e-flex e-con-boxed e-con e-parent\" data-id=\"grl4kl40\" data-element_type=\"container\" data-e-type=\"container\">\n\t\t\t\t\t<div class=\"e-con-inner\">\n\t\t\t\t<div class=\"elementor-element elementor-element-bzsbfrmh elementor-widget elementor-widget-heading\" data-id=\"bzsbfrmh\" data-element_type=\"widget\" data-e-type=\"widget\" data-widget_type=\"heading.default\">\n\t\t\t\t\t<h2 class=\"elementor-heading-title elementor-size-default\">Heimildir og fr\u00e6\u00f0irit<\/h2>\t\t\t\t<\/div>\n\t\t<div class=\"elementor-element elementor-element-2c13224a e-con-full e-flex e-con e-child\" data-id=\"2c13224a\" data-element_type=\"container\" data-e-type=\"container\">\n\t\t\t\t<div class=\"elementor-element elementor-element-0eymh9ub elementor-widget elementor-widget-text-editor\" data-id=\"0eymh9ub\" data-element_type=\"widget\" data-e-type=\"widget\" data-widget_type=\"text-editor.default\">\n\t\t\t\t\t\t\t\t\t<footer class=\"iwg-literatur\"><p>\u00darval helstu rita um Kerana og gr\u00edskar dau\u00f0ahugmyndir:<\/p><ul><li><span data-nosnippet>Vermeule, Emily: <em>Aspects of Death in Early Greek Art and Poetry<\/em>. Berkeley 1979.<\/span><\/li><li><span data-nosnippet>Burkert, Walter: <em>Griechische Religion der archaischen und klassischen Epoche<\/em>. Stuttgart 1977.<\/span><\/li><li>Wachsmuth, Dietrich: \u201eKeres&#8220;, \u00ed: <em>Der kleine Pauly<\/em>, Bd. 3.<\/li><li><span data-nosnippet>Sourvinou-Inwood, Christiane: <em>&#39;Reading&#39; Greek Death<\/em>. Oxford 1995.<\/span><\/li><\/ul><div data-nosnippet=\"true\" class=\"iwg-litliste\"><p><strong>Grunnrit (Grikkland):<\/strong><\/p><ul><li><span data-nosnippet><strong>Bremmer, Jan N.<\/strong>: <em>Greek Religion. Cambridge University Press, Cambridge 1999.<\/em><\/span><\/li><li><span data-nosnippet><strong>Bonnefoy, Yves<\/strong>: <em>Greek and Egyptian Mythologies. University of Chicago Press, Chicago 1992.<\/em><\/span><\/li><\/ul><\/div><\/footer>\n<p class=\"iwg-bib-more\"><span data-nosnippet>Frekari grunnrit \u00ed <a href=\"https:\/\/iwell-guard.com\/is\/?page_id=168730\">heimildaskr\u00e1nni<\/a>.<\/span><\/p>\t\t\t\t\t\t\t\t<\/div>\n\t\t\t\t<\/div>\n\t\t\t\t\t<\/div>\n\t\t\t\t<\/div>\n\t\t<div class=\"elementor-element elementor-element-iwgca-keres-sec e-flex e-con-boxed e-con e-parent\" data-id=\"iwgca-keres-sec\" data-element_type=\"container\" data-e-type=\"container\" id=\"iwg-ca-keres\">\n\t\t\t\t\t<div class=\"e-con-inner\">\n\t\t\t\t<div class=\"elementor-element elementor-element-iwgca-keres-te iwg-ca-textwrap elementor-widget elementor-widget-text-editor\" data-id=\"iwgca-keres-te\" data-element_type=\"widget\" data-e-type=\"widget\" data-widget_type=\"text-editor.default\">\n\t\t\t\t\t\t\t\t\t<div data-nosnippet=\"true\"><p class=\"iwg-ca-bridge\">Verndarhef\u00f0in sem h\u00e9r er l\u00fdst er v\u00edsindaleg \u00fattekt \u00e1 s\u00f6guhef\u00f0um. iWell Guard tengist \u00feessari menningars\u00f6gulegu hef\u00f0 verndargripa sem borin eru \u00e1 l\u00edkamanum og er n\u00fat\u00edmaleg \u00fatf\u00e6rsla \u00e1 henni. <a href=\"\/ueber-iwell-guard\/?utm_source=iwell-guard.com&#038;utm_medium=text-link&#038;utm_campaign=schadwesen-tradition\">Meira um iWell Guard \u2192<\/a><\/p><\/div>\t\t\t\t\t\t\t\t<\/div>\n\t\t\t\t\t<\/div>\n\t\t\t\t<\/div>\n\t\t\t\t<\/div>\n\t\t","protected":false},"excerpt":{"rendered":"","protected":false},"author":3,"featured_media":1683,"parent":0,"menu_order":0,"comment_status":"closed","ping_status":"closed","template":"elementor_header_footer","meta":{"_yoast_wpseo_focuskw":"Keres, dj\u00f6flar v\u00edgvallarins","_yoast_wpseo_title":"Keres - Dj\u00f6flar v\u00edgvallarins","_yoast_wpseo_metadesc":"Keres, dj\u00f6flar v\u00edgvallarins og bo\u00f0berar dau\u00f0ans \u00ed gr\u00edskri go\u00f0afr\u00e6\u00f0i. Hes\u00edodos og H\u00f3mer, sta\u00f0a \u00feeirra vi\u00f0 hli\u00f0 \u00deanatosar og dau\u00f0aminni\u00f0.","_yoast_wpseo_meta-robots-noindex":"","_yoast_wpseo_canonical":"","_angie_page":false,"gefaehrdungsstufe":"4","wesen_kultur":"griechenland","wesen_klasse":"geister","footnotes":""},"categories":[],"class_list":["post-168599","page","type-page","status-publish","has-post-thumbnail","hentry"],"yoast_head":"<!-- This site is optimized with the Yoast SEO Premium plugin v27.7 (Yoast SEO v28.3) - https:\/\/yoast.com\/product\/yoast-seo-premium-wordpress\/ -->\n<title>Keres - Dj\u00f6flar v\u00edgvallarins<\/title>\n<meta name=\"description\" content=\"Keres, dj\u00f6flar v\u00edgvallarins og bo\u00f0berar dau\u00f0ans \u00ed gr\u00edskri go\u00f0afr\u00e6\u00f0i. Hes\u00edodos og H\u00f3mer, sta\u00f0a \u00feeirra vi\u00f0 hli\u00f0 \u00deanatosar og dau\u00f0aminni\u00f0.\" \/>\n<meta name=\"robots\" content=\"index, follow, max-snippet:-1, max-image-preview:large, max-video-preview:-1\" \/>\n<link rel=\"canonical\" href=\"https:\/\/iwell-guard.com\/is\/keres\/\" \/>\n<meta property=\"og:locale\" content=\"is_IS\" \/>\n<meta property=\"og:type\" content=\"article\" \/>\n<meta property=\"og:title\" content=\"Keres\" \/>\n<meta property=\"og:description\" content=\"Keres, dj\u00f6flar v\u00edgvallarins og bo\u00f0berar dau\u00f0ans \u00ed gr\u00edskri go\u00f0afr\u00e6\u00f0i. Hes\u00edodos og H\u00f3mer, sta\u00f0a \u00feeirra vi\u00f0 hli\u00f0 \u00deanatosar og dau\u00f0aminni\u00f0.\" \/>\n<meta property=\"og:url\" content=\"https:\/\/iwell-guard.com\/is\/keres\/\" \/>\n<meta property=\"og:site_name\" content=\"iWell Guard\" \/>\n<meta property=\"article:modified_time\" content=\"2026-09-05T14:14:37+00:00\" \/>\n<meta property=\"og:image\" content=\"https:\/\/iwell-guard.com\/wp-content\/uploads\/2026\/04\/geister_griechenland_keres.webp\" \/>\n\t<meta property=\"og:image:width\" content=\"1024\" \/>\n\t<meta property=\"og:image:height\" content=\"1536\" \/>\n\t<meta property=\"og:image:type\" content=\"image\/webp\" \/>\n<meta name=\"twitter:card\" content=\"summary_large_image\" \/>\n<script type=\"application\/ld+json\" class=\"yoast-schema-graph\">{\"@context\":\"https:\\\/\\\/schema.org\",\"@graph\":[{\"@type\":\"WebPage\",\"@id\":\"https:\\\/\\\/iwell-guard.com\\\/is\\\/keres\\\/\",\"url\":\"https:\\\/\\\/iwell-guard.com\\\/is\\\/keres\\\/\",\"name\":\"Keres - Dj\u00f6flar v\u00edgvallarins\",\"isPartOf\":{\"@id\":\"https:\\\/\\\/iwell-guard.com\\\/is\\\/#website\"},\"primaryImageOfPage\":{\"@id\":\"https:\\\/\\\/iwell-guard.com\\\/is\\\/keres\\\/#primaryimage\"},\"image\":{\"@id\":\"https:\\\/\\\/iwell-guard.com\\\/is\\\/keres\\\/#primaryimage\"},\"thumbnailUrl\":\"https:\\\/\\\/iwell-guard.com\\\/wp-content\\\/uploads\\\/2026\\\/04\\\/geister_griechenland_keres.webp\",\"datePublished\":\"2026-09-05T14:01:27+00:00\",\"dateModified\":\"2026-09-05T14:14:37+00:00\",\"description\":\"Keres, dj\u00f6flar v\u00edgvallarins og bo\u00f0berar dau\u00f0ans \u00ed gr\u00edskri go\u00f0afr\u00e6\u00f0i. Hes\u00edodos og H\u00f3mer, sta\u00f0a \u00feeirra vi\u00f0 hli\u00f0 \u00deanatosar og dau\u00f0aminni\u00f0.\",\"breadcrumb\":{\"@id\":\"https:\\\/\\\/iwell-guard.com\\\/is\\\/keres\\\/#breadcrumb\"},\"inLanguage\":\"is\",\"potentialAction\":[{\"@type\":\"ReadAction\",\"target\":[\"https:\\\/\\\/iwell-guard.com\\\/is\\\/keres\\\/\"]}]},{\"@type\":\"ImageObject\",\"inLanguage\":\"is\",\"@id\":\"https:\\\/\\\/iwell-guard.com\\\/is\\\/keres\\\/#primaryimage\",\"url\":\"https:\\\/\\\/iwell-guard.com\\\/wp-content\\\/uploads\\\/2026\\\/04\\\/geister_griechenland_keres.webp\",\"contentUrl\":\"https:\\\/\\\/iwell-guard.com\\\/wp-content\\\/uploads\\\/2026\\\/04\\\/geister_griechenland_keres.webp\",\"width\":1024,\"height\":1536,\"caption\":\"Andar \u00far gr\u00edskri hef\u00f0.\"},{\"@type\":\"BreadcrumbList\",\"@id\":\"https:\\\/\\\/iwell-guard.com\\\/is\\\/keres\\\/#breadcrumb\",\"itemListElement\":[{\"@type\":\"ListItem\",\"position\":1,\"name\":\"Start\",\"item\":\"https:\\\/\\\/iwell-guard.com\\\/is\\\/?page_id=168580\"},{\"@type\":\"ListItem\",\"position\":2,\"name\":\"Keres\"}]},{\"@type\":\"WebSite\",\"@id\":\"https:\\\/\\\/iwell-guard.com\\\/is\\\/#website\",\"url\":\"https:\\\/\\\/iwell-guard.com\\\/is\\\/\",\"name\":\"iWell Guard\",\"description\":\"Schutz vor dunklen Einfl\u00fcssen\",\"publisher\":{\"@id\":\"https:\\\/\\\/iwell-guard.com\\\/is\\\/#organization\"},\"potentialAction\":[{\"@type\":\"SearchAction\",\"target\":{\"@type\":\"EntryPoint\",\"urlTemplate\":\"https:\\\/\\\/iwell-guard.com\\\/is\\\/?s={search_term_string}\"},\"query-input\":{\"@type\":\"PropertyValueSpecification\",\"valueRequired\":true,\"valueName\":\"search_term_string\"}}],\"inLanguage\":\"is\"},{\"@type\":\"Organization\",\"@id\":\"https:\\\/\\\/iwell-guard.com\\\/is\\\/#organization\",\"name\":\"Ittermann electronic GmbH\",\"url\":\"https:\\\/\\\/iwell-guard.com\\\/is\\\/\",\"logo\":{\"@type\":\"ImageObject\",\"inLanguage\":\"is\",\"@id\":\"https:\\\/\\\/iwell-guard.com\\\/is\\\/#\\\/schema\\\/logo\\\/image\\\/\",\"url\":\"https:\\\/\\\/iwell-guard.com\\\/wp-content\\\/uploads\\\/2026\\\/05\\\/Ittermann-Logo-1182x237-1.png\",\"contentUrl\":\"https:\\\/\\\/iwell-guard.com\\\/wp-content\\\/uploads\\\/2026\\\/05\\\/Ittermann-Logo-1182x237-1.png\",\"width\":1182,\"height\":237,\"caption\":\"Ittermann electronic GmbH\"},\"image\":{\"@id\":\"https:\\\/\\\/iwell-guard.com\\\/is\\\/#\\\/schema\\\/logo\\\/image\\\/\"},\"sameAs\":[\"https:\\\/\\\/pantip.com\\\/profile\\\/9367242\",\"https:\\\/\\\/micro.blog\\\/iwellguard\",\"https:\\\/\\\/www.diggerslist.com\\\/iwellguard\\\/about\",\"https:\\\/\\\/skitterphoto.com\\\/photographers\\\/2870314\\\/iwell-guard\",\"https:\\\/\\\/iwellguard.wordpress.com\\\/2026\\\/06\\\/06\\\/iwell-guard\\\/\",\"https:\\\/\\\/hub.docker.com\\\/u\\\/iwellguard\",\"https:\\\/\\\/www.pinterest.com\\\/iwellguard\\\/\",\"https:\\\/\\\/bit.ly\\\/m\\\/iwellguard\",\"https:\\\/\\\/entre-vos-mains.alsace.eu\\\/profiles\\\/iwellguard\\\/activity\",\"https:\\\/\\\/gravatar.com\\\/reallybeded8fd34\",\"https:\\\/\\\/naijamatta.com\\\/iwellguard\",\"https:\\\/\\\/www.goodreads.com\\\/iwellguard\",\"https:\\\/\\\/profile.hatena.ne.jp\\\/iwellguard\\\/\",\"https:\\\/\\\/experiment.com\\\/users\\\/iwellguard\",\"https:\\\/\\\/wakelet.com\\\/@iWellGuard82270\",\"https:\\\/\\\/www.chordie.com\\\/forum\\\/profile.php?id=2555664\",\"https:\\\/\\\/www.instapaper.com\\\/p\\\/17757966\",\"https:\\\/\\\/www.mapleprimes.com\\\/users\\\/iwellguard\",\"https:\\\/\\\/businesslistingplus.com\\\/profile\\\/iwell-guard\\\/\",\"https:\\\/\\\/telegra.ph\\\/iWell-Guard-06-06\",\"https:\\\/\\\/pbase.com\\\/iwellguard\\\/iwellguard\",\"https:\\\/\\\/b.hatena.ne.jp\\\/iwellguard\\\/20260607#bookmark-4788405196491818882\",\"https:\\\/\\\/fliphtml5.com\\\/home\\\/iwellguard\",\"https:\\\/\\\/anyflip.com\\\/homepage\\\/cmiwl#About\",\"https:\\\/\\\/transfur.com\\\/Users\\\/iwellguard\",\"http:\\\/\\\/delphi.larsbo.org\\\/user\\\/iwellguard\",\"https:\\\/\\\/jobs.lajobsportal.org\\\/profiles\\\/8380803-iwell-guard\",\"https:\\\/\\\/md.chaosdorf.de\\\/s\\\/jfbe5SBdJD\",\"https:\\\/\\\/www.lingvolive.com\\\/en-us\\\/profile\\\/9ecaeaca-ce11-4e51-9e71-01d55e2bff36\\\/translations\",\"https:\\\/\\\/www.fitday.com\\\/fitness\\\/forums\\\/members\\\/iwellguard.html\",\"https:\\\/\\\/www.mymeetbook.com\\\/iwellguard\",\"https:\\\/\\\/pxhere.com\\\/en\\\/photographer-me\\\/5040798\",\"https:\\\/\\\/disqus.com\\\/by\\\/iwellguard\\\/about\\\/\",\"https:\\\/\\\/pastelink.net\\\/hjwciqwq\",\"https:\\\/\\\/pubhtml5.com\\\/homepage\\\/scjhn\\\/\",\"https:\\\/\\\/www.bitchute.com\\\/channel\\\/2O2eOKzNqujT\",\"https:\\\/\\\/audiomack.com\\\/iwellguard\"]},{\"@type\":\"Article\",\"@id\":\"https:\\\/\\\/iwell-guard.com\\\/is\\\/keres\\\/#article\",\"isPartOf\":{\"@id\":\"https:\\\/\\\/iwell-guard.com\\\/is\\\/keres\\\/\"},\"author\":{\"name\":\"Ralf Ittermann\",\"@id\":\"https:\\\/\\\/iwell-guard.com\\\/is\\\/#\\\/schema\\\/person\\\/ee2a27f1cac3406c7c6fb5820cb7349f\"},\"headline\":\"Keres\",\"datePublished\":\"2026-09-05T14:01:27+00:00\",\"dateModified\":\"2026-09-05T14:14:37+00:00\",\"mainEntityOfPage\":{\"@id\":\"https:\\\/\\\/iwell-guard.com\\\/is\\\/keres\\\/\"},\"publisher\":{\"@id\":\"https:\\\/\\\/iwell-guard.com\\\/is\\\/#organization\"},\"image\":{\"@id\":\"https:\\\/\\\/iwell-guard.com\\\/is\\\/keres\\\/#primaryimage\"},\"thumbnailUrl\":\"https:\\\/\\\/iwell-guard.com\\\/wp-content\\\/uploads\\\/2026\\\/04\\\/geister_griechenland_keres.webp\",\"inLanguage\":\"is\",\"description\":\"Keres, dj\u00f6flar v\u00edgvallarins og bo\u00f0berar dau\u00f0ans \u00ed gr\u00edskri go\u00f0afr\u00e6\u00f0i. Hes\u00edodos og H\u00f3mer, sta\u00f0a \u00feeirra vi\u00f0 hli\u00f0 \u00deanatosar og dau\u00f0aminni\u00f0.\"}]}<\/script>\n<!-- \/ Yoast SEO Premium plugin. -->","yoast_head_json":{"title":"Keres - Dj\u00f6flar v\u00edgvallarins","description":"Keres, dj\u00f6flar v\u00edgvallarins og bo\u00f0berar dau\u00f0ans \u00ed gr\u00edskri go\u00f0afr\u00e6\u00f0i. Hes\u00edodos og H\u00f3mer, sta\u00f0a \u00feeirra vi\u00f0 hli\u00f0 \u00deanatosar og dau\u00f0aminni\u00f0.","robots":{"index":"index","follow":"follow","max-snippet":"max-snippet:-1","max-image-preview":"max-image-preview:large","max-video-preview":"max-video-preview:-1"},"canonical":"https:\/\/iwell-guard.com\/is\/keres\/","og_locale":"is_IS","og_type":"article","og_title":"Keres","og_description":"Keres, dj\u00f6flar v\u00edgvallarins og bo\u00f0berar dau\u00f0ans \u00ed gr\u00edskri go\u00f0afr\u00e6\u00f0i. Hes\u00edodos og H\u00f3mer, sta\u00f0a \u00feeirra vi\u00f0 hli\u00f0 \u00deanatosar og dau\u00f0aminni\u00f0.","og_url":"https:\/\/iwell-guard.com\/is\/keres\/","og_site_name":"iWell Guard","article_modified_time":"2026-09-05T14:14:37+00:00","og_image":[{"width":1024,"height":1536,"url":"https:\/\/iwell-guard.com\/wp-content\/uploads\/2026\/04\/geister_griechenland_keres.webp","type":"image\/webp"}],"twitter_card":"summary_large_image","schema":{"@context":"https:\/\/schema.org","@graph":[{"@type":"Article","@id":"https:\/\/iwell-guard.com\/is\/keres\/#article","isPartOf":{"@id":"https:\/\/iwell-guard.com\/is\/keres\/"},"author":{"name":"Ralf Ittermann","@id":"https:\/\/iwell-guard.com\/is\/#\/schema\/person\/ee2a27f1cac3406c7c6fb5820cb7349f"},"headline":"Keres","datePublished":"2026-09-05T14:01:27+00:00","dateModified":"2026-09-05T14:14:37+00:00","mainEntityOfPage":{"@id":"https:\/\/iwell-guard.com\/is\/keres\/"},"publisher":{"@id":"https:\/\/iwell-guard.com\/is\/#organization"},"image":{"@id":"https:\/\/iwell-guard.com\/is\/keres\/#primaryimage"},"thumbnailUrl":"https:\/\/iwell-guard.com\/wp-content\/uploads\/2026\/04\/geister_griechenland_keres.webp","inLanguage":"is","description":"Keres, dj\u00f6flar v\u00edgvallarins og bo\u00f0berar dau\u00f0ans \u00ed gr\u00edskri go\u00f0afr\u00e6\u00f0i. Hes\u00edodos og H\u00f3mer, sta\u00f0a \u00feeirra vi\u00f0 hli\u00f0 \u00deanatosar og dau\u00f0aminni\u00f0."},{"@type":"WebPage","@id":"https:\/\/iwell-guard.com\/is\/keres\/","url":"https:\/\/iwell-guard.com\/is\/keres\/","name":"Keres - Dj\u00f6flar v\u00edgvallarins","isPartOf":{"@id":"https:\/\/iwell-guard.com\/is\/#website"},"primaryImageOfPage":{"@id":"https:\/\/iwell-guard.com\/is\/keres\/#primaryimage"},"image":{"@id":"https:\/\/iwell-guard.com\/is\/keres\/#primaryimage"},"thumbnailUrl":"https:\/\/iwell-guard.com\/wp-content\/uploads\/2026\/04\/geister_griechenland_keres.webp","datePublished":"2026-09-05T14:01:27+00:00","dateModified":"2026-09-05T14:14:37+00:00","description":"Keres, dj\u00f6flar v\u00edgvallarins og bo\u00f0berar dau\u00f0ans \u00ed gr\u00edskri go\u00f0afr\u00e6\u00f0i. Hes\u00edodos og H\u00f3mer, sta\u00f0a \u00feeirra vi\u00f0 hli\u00f0 \u00deanatosar og dau\u00f0aminni\u00f0.","breadcrumb":{"@id":"https:\/\/iwell-guard.com\/is\/keres\/#breadcrumb"},"inLanguage":"is","potentialAction":[{"@type":"ReadAction","target":["https:\/\/iwell-guard.com\/is\/keres\/"]}]},{"@type":"ImageObject","inLanguage":"is","@id":"https:\/\/iwell-guard.com\/is\/keres\/#primaryimage","url":"https:\/\/iwell-guard.com\/wp-content\/uploads\/2026\/04\/geister_griechenland_keres.webp","contentUrl":"https:\/\/iwell-guard.com\/wp-content\/uploads\/2026\/04\/geister_griechenland_keres.webp","width":1024,"height":1536,"caption":"Andar \u00far gr\u00edskri hef\u00f0."},{"@type":"BreadcrumbList","@id":"https:\/\/iwell-guard.com\/is\/keres\/#breadcrumb","itemListElement":[{"@type":"ListItem","position":1,"name":"Start","item":"https:\/\/iwell-guard.com\/is\/?page_id=168580"},{"@type":"ListItem","position":2,"name":"Keres"}]},{"@type":"WebSite","@id":"https:\/\/iwell-guard.com\/is\/#website","url":"https:\/\/iwell-guard.com\/is\/","name":"iWell Guard","description":"Schutz vor dunklen Einfl\u00fcssen","publisher":{"@id":"https:\/\/iwell-guard.com\/is\/#organization"},"potentialAction":[{"@type":"SearchAction","target":{"@type":"EntryPoint","urlTemplate":"https:\/\/iwell-guard.com\/is\/?s={search_term_string}"},"query-input":{"@type":"PropertyValueSpecification","valueRequired":true,"valueName":"search_term_string"}}],"inLanguage":"is"},{"@type":"Organization","@id":"https:\/\/iwell-guard.com\/is\/#organization","name":"Ittermann electronic GmbH","url":"https:\/\/iwell-guard.com\/is\/","logo":{"@type":"ImageObject","inLanguage":"is","@id":"https:\/\/iwell-guard.com\/is\/#\/schema\/logo\/image\/","url":"https:\/\/iwell-guard.com\/wp-content\/uploads\/2026\/05\/Ittermann-Logo-1182x237-1.png","contentUrl":"https:\/\/iwell-guard.com\/wp-content\/uploads\/2026\/05\/Ittermann-Logo-1182x237-1.png","width":1182,"height":237,"caption":"Ittermann electronic GmbH"},"image":{"@id":"https:\/\/iwell-guard.com\/is\/#\/schema\/logo\/image\/"},"sameAs":["https:\/\/pantip.com\/profile\/9367242","https:\/\/micro.blog\/iwellguard","https:\/\/www.diggerslist.com\/iwellguard\/about","https:\/\/skitterphoto.com\/photographers\/2870314\/iwell-guard","https:\/\/iwellguard.wordpress.com\/2026\/06\/06\/iwell-guard\/","https:\/\/hub.docker.com\/u\/iwellguard","https:\/\/www.pinterest.com\/iwellguard\/","https:\/\/bit.ly\/m\/iwellguard","https:\/\/entre-vos-mains.alsace.eu\/profiles\/iwellguard\/activity","https:\/\/gravatar.com\/reallybeded8fd34","https:\/\/naijamatta.com\/iwellguard","https:\/\/www.goodreads.com\/iwellguard","https:\/\/profile.hatena.ne.jp\/iwellguard\/","https:\/\/experiment.com\/users\/iwellguard","https:\/\/wakelet.com\/@iWellGuard82270","https:\/\/www.chordie.com\/forum\/profile.php?id=2555664","https:\/\/www.instapaper.com\/p\/17757966","https:\/\/www.mapleprimes.com\/users\/iwellguard","https:\/\/businesslistingplus.com\/profile\/iwell-guard\/","https:\/\/telegra.ph\/iWell-Guard-06-06","https:\/\/pbase.com\/iwellguard\/iwellguard","https:\/\/b.hatena.ne.jp\/iwellguard\/20260607#bookmark-4788405196491818882","https:\/\/fliphtml5.com\/home\/iwellguard","https:\/\/anyflip.com\/homepage\/cmiwl#About","https:\/\/transfur.com\/Users\/iwellguard","http:\/\/delphi.larsbo.org\/user\/iwellguard","https:\/\/jobs.lajobsportal.org\/profiles\/8380803-iwell-guard","https:\/\/md.chaosdorf.de\/s\/jfbe5SBdJD","https:\/\/www.lingvolive.com\/en-us\/profile\/9ecaeaca-ce11-4e51-9e71-01d55e2bff36\/translations","https:\/\/www.fitday.com\/fitness\/forums\/members\/iwellguard.html","https:\/\/www.mymeetbook.com\/iwellguard","https:\/\/pxhere.com\/en\/photographer-me\/5040798","https:\/\/disqus.com\/by\/iwellguard\/about\/","https:\/\/pastelink.net\/hjwciqwq","https:\/\/pubhtml5.com\/homepage\/scjhn\/","https:\/\/www.bitchute.com\/channel\/2O2eOKzNqujT","https:\/\/audiomack.com\/iwellguard"]},{"@type":"Person","@id":"https:\/\/iwell-guard.com\/is\/#\/schema\/person\/ee2a27f1cac3406c7c6fb5820cb7349f","name":"Ralf Ittermann","image":{"@type":"ImageObject","inLanguage":"is","@id":"https:\/\/secure.gravatar.com\/avatar\/073c0153e350a5005b68eb752b445fea71f6b24a26da9449ad7e155e6b446c9d?s=96&d=mm&r=g","url":"https:\/\/secure.gravatar.com\/avatar\/073c0153e350a5005b68eb752b445fea71f6b24a26da9449ad7e155e6b446c9d?s=96&d=mm&r=g","contentUrl":"https:\/\/secure.gravatar.com\/avatar\/073c0153e350a5005b68eb752b445fea71f6b24a26da9449ad7e155e6b446c9d?s=96&d=mm&r=g","caption":"Ralf Ittermann"},"givenName":"Ralf","familyName":"Ittermann","jobTitle":"Gesch\u00e4ftsf\u00fchrer und redaktioneller Verantwortlicher","url":"https:\/\/iwell-guard.com\/is\/author\/claude\/","description":"Ralf Ittermann ist Gesch\u00e4ftsf\u00fchrer der Ittermann electronic GmbH und redaktioneller Verantwortlicher des iWell-Guard-Lexikons. Er verbindet langj\u00e4hrige Erfahrung in der Pr\u00e4zisionsfertigung mit medialer Praxis und religionsgeschichtlicher Quellenarbeit.","worksFor":{"@type":"Organization","name":"Ittermann electronic GmbH","url":"https:\/\/ittermann.de\/","address":{"@type":"PostalAddress","streetAddress":"K\u00f6hlergasse 16-18","postalCode":"99842","addressLocality":"Ruhla","addressCountry":"DE"}},"knowsAbout":["Religionsgeschichte","Mythologie","Mediale Praxis","Energetische Diagnostik","Schutzpraxis","Volksglauben","Westliche Esoterik"]},{"@type":"Article","@id":"https:\/\/iwell-guard.com\/is\/keres\/#article","isPartOf":{"@id":"https:\/\/iwell-guard.com\/is\/keres\/"},"author":{"name":"Ralf Ittermann","@id":"https:\/\/iwell-guard.com\/is\/#\/schema\/person\/ee2a27f1cac3406c7c6fb5820cb7349f"},"headline":"Keres","datePublished":"2026-09-05T14:01:27+00:00","dateModified":"2026-09-05T14:14:37+00:00","mainEntityOfPage":{"@id":"https:\/\/iwell-guard.com\/is\/keres\/"},"publisher":{"@id":"https:\/\/iwell-guard.com\/is\/#organization"},"image":{"@id":"https:\/\/iwell-guard.com\/is\/keres\/#primaryimage"},"thumbnailUrl":"https:\/\/iwell-guard.com\/wp-content\/uploads\/2026\/04\/geister_griechenland_keres.webp","inLanguage":"is","description":"Keres, dj\u00f6flar v\u00edgvallarins og bo\u00f0berar dau\u00f0ans \u00ed gr\u00edskri go\u00f0afr\u00e6\u00f0i. Hes\u00edodos og H\u00f3mer, sta\u00f0a \u00feeirra vi\u00f0 hli\u00f0 \u00deanatosar og dau\u00f0aminni\u00f0."}]}},"_links":{"self":[{"href":"https:\/\/iwell-guard.com\/is\/wp-json\/wp\/v2\/pages\/168599","targetHints":{"allow":["GET"]}}],"collection":[{"href":"https:\/\/iwell-guard.com\/is\/wp-json\/wp\/v2\/pages"}],"about":[{"href":"https:\/\/iwell-guard.com\/is\/wp-json\/wp\/v2\/types\/page"}],"author":[{"embeddable":true,"href":"https:\/\/iwell-guard.com\/is\/wp-json\/wp\/v2\/users\/3"}],"replies":[{"embeddable":true,"href":"https:\/\/iwell-guard.com\/is\/wp-json\/wp\/v2\/comments?post=168599"}],"version-history":[{"count":0,"href":"https:\/\/iwell-guard.com\/is\/wp-json\/wp\/v2\/pages\/168599\/revisions"}],"wp:featuredmedia":[{"embeddable":true,"href":"https:\/\/iwell-guard.com\/is\/wp-json\/wp\/v2\/media\/1683"}],"wp:attachment":[{"href":"https:\/\/iwell-guard.com\/is\/wp-json\/wp\/v2\/media?parent=168599"}],"wp:term":[{"taxonomy":"category","embeddable":true,"href":"https:\/\/iwell-guard.com\/is\/wp-json\/wp\/v2\/categories?post=168599"}],"curies":[{"name":"wp","href":"https:\/\/api.w.org\/{rel}","templated":true}]}}