{"id":168596,"date":"2026-09-05T14:01:25","date_gmt":"2026-09-05T14:01:25","guid":{"rendered":"https:\/\/iwell-guard.com\/?page_id=168596"},"modified":"2026-09-05T14:14:32","modified_gmt":"2026-09-05T14:14:32","slug":"judatru","status":"publish","type":"page","link":"https:\/\/iwell-guard.com\/is\/judatru\/","title":{"rendered":"Judaismi"},"content":{"rendered":"\t\t<div data-elementor-type=\"wp-page\" data-elementor-id=\"168596\" class=\"elementor elementor-168596 elementor-838\" data-elementor-post-type=\"page\">\n\t\t\t\t<div class=\"elementor-element elementor-element-k-hero-rebuilt-judent iwg-kultur-hero e-flex e-con-boxed e-con e-parent\" data-id=\"k-hero-rebuilt-judent\" data-element_type=\"container\" data-e-type=\"container\">\n\t\t\t\t\t<div class=\"e-con-inner\">\n\t\t<div class=\"elementor-element elementor-element-khleft-judent iwg-kultur-hero-left e-flex e-con-boxed e-con e-child\" data-id=\"khleft-judent\" data-element_type=\"container\" data-e-type=\"container\">\n\t\t\t\t\t<div class=\"e-con-inner\">\n\t\t\t\t<div class=\"elementor-element elementor-element-k-h1-judentum elementor-widget elementor-widget-heading\" data-id=\"k-h1-judentum\" data-element_type=\"widget\" data-e-type=\"widget\" data-widget_type=\"heading.default\">\n\t\t\t\t\t<h1 class=\"elementor-heading-title elementor-size-default\">J\u00fadatr\u00fa, verur og hef\u00f0<\/h1>\t\t\t\t<\/div>\n\t\t<div class=\"elementor-element elementor-element-aj11-hero-lead-judent e-con-full e-flex e-con e-child\" data-id=\"aj11-hero-lead-judent\" data-element_type=\"container\" data-e-type=\"container\">\n\t\t\t\t<div class=\"elementor-element elementor-element-k-lead-judentum elementor-widget elementor-widget-text-editor\" data-id=\"k-lead-judentum\" data-element_type=\"widget\" data-e-type=\"widget\" data-widget_type=\"text-editor.default\">\n\t\t\t\t\t\t\t\t\t<p><strong>Verur \u00far hef\u00f0 j\u00fadatr\u00faar<\/strong> \u00ed iWell-alfr\u00e6\u00f0iritinu. Hef\u00f0 j\u00fadatr\u00faar fr\u00e1 <span class=\"iwg-fachbegriff\" data-tooltip=\"T\u00edmabil gr\u00edskrar og r\u00f3mverskrar menningar, um 800 f.Kr. til 600 e.Kr.\" tabindex=\"0\">forn\u00f6ld<\/span>. Englafr\u00e6\u00f0i Hekalot-ritanna og kabbala, dj\u00f6flafr\u00e6\u00f0i \u00far <span class=\"iwg-fachbegriff\" data-tooltip=\"Meginrit rabb\u00ednskrar j\u00fadatr\u00faar me\u00f0 \u00fatlistun \u00e1 tr\u00faarlegri arfleif\u00f0.\" tabindex=\"0\">Talm\u00fad<\/span> og Midrash.<\/p>\t\t\t\t\t\t\t\t<\/div>\n\t\t\t\t<\/div>\n\t\t<div class=\"elementor-element elementor-element-aj11-hero-toc-judent e-con-full e-flex e-con e-child\" data-id=\"aj11-hero-toc-judent\" data-element_type=\"container\" data-e-type=\"container\">\n\t\t\t\t<div class=\"elementor-element elementor-element-k-toc-judentum elementor-widget elementor-widget-text-editor\" data-id=\"k-toc-judentum\" data-element_type=\"widget\" data-e-type=\"widget\" data-widget_type=\"text-editor.default\">\n\t\t\t\t\t\t\t\t\t<p><strong>Efni \u00feessarar s\u00ed\u00f0u:<\/strong><\/p><ul><li><a href=\"#k-judentum-h1\">Yfirlit<\/a><\/li><li><a href=\"#x-judentum-h100\">Saga og go\u00f0aheimur<\/a><\/li><li><a href=\"#x-judentum-h101\">Verur \u00ed daglegu l\u00edfi<\/a><\/li><li><a href=\"#x-judentum-h102\">\u00de\u00fd\u00f0ing \u00ed dag<\/a><\/li><li><a href=\"#k-judentum-h2\">Gu\u00f0ir (3)<\/a><\/li><li><a href=\"#k-judentum-h3\">Dj\u00f6flar (4)<\/a><\/li><li><a href=\"#k-judentum-h4\">Andar (2)<\/a><\/li><li><a href=\"#c5e00b2\">N\u00e1nari umfj\u00f6llun<\/a><\/li><\/ul>\t\t\t\t\t\t\t\t<\/div>\n\t\t\t\t<\/div>\n\t\t\t\t\t<\/div>\n\t\t\t\t<\/div>\n\t\t<div class=\"elementor-element elementor-element-khrght-judent iwg-kultur-hero-right e-flex e-con-boxed e-con e-child\" data-id=\"khrght-judent\" data-element_type=\"container\" data-e-type=\"container\">\n\t\t\t\t\t<div class=\"e-con-inner\">\n\t\t\t\t<div class=\"elementor-element elementor-element-k-img-judentum iwg-hero-image elementor-widget elementor-widget-image\" data-id=\"k-img-judentum\" data-element_type=\"widget\" data-e-type=\"widget\" data-widget_type=\"image.default\">\n\t\t\t\t\t\t\t\t\t\t\t\t\t\t\t<img fetchpriority=\"high\" decoding=\"async\" width=\"683\" height=\"1024\" src=\"https:\/\/iwell-guard.com\/wp-content\/uploads\/2026\/04\/daemonen_judentum_asmodai-683x1024.webp\" class=\"attachment-large size-large wp-image-171033\" alt=\"Asmodai - Dj\u00f6flar \u00far hef\u00f0 Gy\u00f0ingd\u00f3ms, s\u00f6guleg og myndskreytandi\" srcset=\"https:\/\/iwell-guard.com\/wp-content\/uploads\/2026\/04\/daemonen_judentum_asmodai-683x1024.webp 683w, https:\/\/iwell-guard.com\/wp-content\/uploads\/2026\/04\/daemonen_judentum_asmodai-200x300.webp 200w, https:\/\/iwell-guard.com\/wp-content\/uploads\/2026\/04\/daemonen_judentum_asmodai-768x1152.webp 768w, https:\/\/iwell-guard.com\/wp-content\/uploads\/2026\/04\/daemonen_judentum_asmodai.webp 1024w\" sizes=\"(max-width: 683px) 100vw, 683px\" \/>\t\t\t\t\t\t\t\t\t\t\t\t\t\t\t<\/div>\n\t\t\t\t\t<\/div>\n\t\t\t\t<\/div>\n\t\t\t\t\t<\/div>\n\t\t\t\t<\/div>\n\t\t<div class=\"elementor-element elementor-element-clstrsec-aj12-judentum e-con-boxed e-flex e-con e-parent\" data-id=\"clstrsec-aj12-judentum\" data-element_type=\"container\" data-e-type=\"container\">\n\t\t\t\t\t<div class=\"e-con-inner\">\n\t\t\t\t<div class=\"elementor-element elementor-element-clstrh2-aj12-judent elementor-widget elementor-widget-heading\" data-id=\"clstrh2-aj12-judent\" data-element_type=\"widget\" data-e-type=\"widget\" data-widget_type=\"heading.default\">\n\t\t\t\t\t<h2 class=\"elementor-heading-title elementor-size-default\">Torah, dulspeki og kabbal\u00edskar verur<\/h2>\t\t\t\t<\/div>\n\t\t<div class=\"elementor-element elementor-element-aj12-cluster-text-judentum e-con-full e-flex e-con e-child\" data-id=\"aj12-cluster-text-judentum\" data-element_type=\"container\" data-e-type=\"container\">\n\t\t\t\t<div class=\"elementor-element elementor-element-aj12-cluster-text-judent-t elementor-widget elementor-widget-text-editor\" data-id=\"aj12-cluster-text-judent-t\" data-element_type=\"widget\" data-e-type=\"widget\" data-widget_type=\"text-editor.default\">\n\t\t\t\t\t\t\t\t\t<p>J\u00fadatr\u00fa er \u00ed e\u00f0li s\u00ednu <strong>eingy\u00f0istr\u00fa<\/strong>, hinn eini gu\u00f0 <span class=\"iwg-fachbegriff\" data-tooltip=\"Fimm b\u00e6kur M\u00f3se, grunnritsafn j\u00fadatr\u00faar.\" tabindex=\"0\">Torah<\/span> er \u00ed mi\u00f0junni, \u00e1n <span class=\"iwg-fachbegriff\" data-tooltip=\"Heild gu\u00f0a \u00ed tr\u00faarbr\u00f6g\u00f0um e\u00f0a menningu.\" tabindex=\"0\">go\u00f0aheims<\/span>. \u00der\u00e1tt fyrir \u00fea\u00f0 hefur hef\u00f0 j\u00fadatr\u00faar a\u00f0 geyma fj\u00f6lbreytt svi\u00f0 andlegra vera: <span class=\"iwg-fachbegriff\" data-tooltip=\"\u00cd abraham\u00edskum tr\u00faarbr\u00f6g\u00f0um himneskt sendibo\u00f0averur Gu\u00f0s.\" tabindex=\"0\">englar<\/span> (malachim), dj\u00f6flar (shedim, mazzikim), og \u00ed dulspekilegri hef\u00f0 fl\u00f3knari stigveldi.<\/p>\n<p>Englafr\u00e6\u00f0in er vel sta\u00f0fest \u00ed bibl\u00edunni: M\u00edkael, Gabr\u00edel, Rafael og \u00dar\u00edel sem fj\u00f3rir erkienglar, serafar og ker\u00fabar sem himneskar verur um h\u00e1s\u00e6ti\u00f0.<\/p><p>S\u00ed\u00f0ari rabb\u00ednsk og kabbal\u00edsk hef\u00f0 bygg\u00f0i \u00e1 \u00feessum stigveldum: Metatron sem \u201eminni JHVH&#8220;, Sandalfon sem hli\u00f0st\u00e6\u00f0a hans, auk <span class=\"iwg-fachbegriff\" data-tooltip=\"\u00cd abraham\u00edskum tr\u00faarbr\u00f6g\u00f0um himneskt sendibo\u00f0averur Gu\u00f0s.\" tabindex=\"0\">engla<\/span> hinna einst\u00f6ku svi\u00f0a (sef\u00edrot).<\/p>\n<p>Dj\u00f6flafr\u00e6\u00f0in er upprunnin \u00ed j\u00fadatr\u00fa eftir \u00fatleg\u00f0ina me\u00f0 bab\u00fdlonskum \u00e1hrifum: Lilith sem n\u00e6turdj\u00f6full, Asm\u00f3deus sem konungur shedim, Azazel sem ey\u00f0imerkurdj\u00f6full.<\/p><p>Mi\u00f0aldaj\u00fadatr\u00fa <span class=\"iwg-fachbegriff\" data-tooltip=\"I\u00f0kanir sem reyna a\u00f0 hafa \u00e1hrif \u00e1 framvindu hlutanna me\u00f0 s\u00e9rst\u00f6kum ath\u00f6fnum e\u00f0a form\u00falum.\" tabindex=\"0\">galdur<\/span> (Sefer Raziel, Sefer Yezirah) og <span class=\"iwg-fachbegriff\" data-tooltip=\"Stefna \u00ed dulspeki j\u00fadatr\u00faar me\u00f0 meginritum eins og Sefer Yezirah og Sohar.\" tabindex=\"0\">kabbala<\/span> (Sohar, l\u00far\u00edanski sk\u00f3linn) \u00fer\u00f3u\u00f0u \u00edtarleg v\u00f6rn- og \u00e1kallskerfi. Trachtenberg og Scholem eru helstu h\u00f6fundar tr\u00faarbrag\u00f0afr\u00e6\u00f0innar \u00e1 \u00feessu svi\u00f0i.<\/p>\t\t\t\t\t\t\t\t<\/div>\n\t\t\t\t<\/div>\n\t\t\t\t\t<\/div>\n\t\t\t\t<\/div>\n\t\t<div class=\"elementor-element elementor-element-k-judentum-s1 e-con-boxed e-flex e-con e-parent\" data-id=\"k-judentum-s1\" data-element_type=\"container\" data-e-type=\"container\">\n\t\t\t\t\t<div class=\"e-con-inner\">\n\t\t\t\t<div class=\"elementor-element elementor-element-k-judentum-h1 elementor-widget elementor-widget-heading\" data-id=\"k-judentum-h1\" data-element_type=\"widget\" data-e-type=\"widget\" data-widget_type=\"heading.default\">\n\t\t\t\t\t<h2 class=\"elementor-heading-title elementor-size-default\">Yfirlit<\/h2>\t\t\t\t<\/div>\n\t\t<div class=\"elementor-element elementor-element-aj11-inner-0003 e-con-full e-flex e-con e-child\" data-id=\"aj11-inner-0003\" data-element_type=\"container\" data-e-type=\"container\">\n\t\t\t\t<div class=\"elementor-element elementor-element-k-judentum-t1 elementor-widget elementor-widget-text-editor\" data-id=\"k-judentum-t1\" data-element_type=\"widget\" data-e-type=\"widget\" data-widget_type=\"text-editor.default\">\n\t\t\t\t\t\t\t\t\t<p><strong>T\u00edmabil:<\/strong> <span class=\"iwg-fachbegriff\" data-tooltip=\"T\u00edmabil gr\u00edskrar og r\u00f3mverskrar menningar, um 800 f.Kr. til 600 e.Kr.\" tabindex=\"0\">forn\u00f6ld<\/span> til n\u00fat\u00edmans, me\u00f0 fornu, talm\u00fad\u00edsku, mi\u00f0aldakabbal\u00edsku og has\u00edd\u00edsku skei\u00f0i.<\/p><p>\u00datbrei\u00f0sla: Mi\u00f0austurl\u00f6nd, Mi\u00f0jar\u00f0arhafssv\u00e6\u00f0i\u00f0, Mi\u00f0- og Austur-Evr\u00f3pa, Nor\u00f0ur-Amer\u00edka, dreifing gy\u00f0inga um allan heim.<\/p><p>Heimildir: Tanak, <span class=\"iwg-fachbegriff\" data-tooltip=\"Meginrit rabb\u00ednskrar j\u00fadatr\u00faar me\u00f0 \u00fatlistun \u00e1 tr\u00faarlegri arfleif\u00f0.\" tabindex=\"0\">Talm\u00fad<\/span> (Bavli, Yerushalmi), Midrash-ritsafn, Sefer Hechalot, Sohar, has\u00edd\u00edskar ritningar.<\/p><p><span class=\"iwg-fachbegriff\" data-tooltip=\"Heild gu\u00f0a \u00ed tr\u00faarbr\u00f6g\u00f0um e\u00f0a menningu.\" tabindex=\"0\">Go\u00f0aheimur<\/span> og verutegundir: erkienglar (M\u00edkael, Gabr\u00edel, \u00dar\u00edel, Rafael, Metatron), dj\u00f6flar (Lilith, Asmodai, Samael, shedim).<\/p>\t\t\t\t\t\t\t\t<\/div>\n\t\t\t\t<\/div>\n\t\t\t\t\t<\/div>\n\t\t\t\t<\/div>\n\t\t<div class=\"elementor-element elementor-element-x-judentum-s100 e-con-boxed e-flex e-con e-parent\" data-id=\"x-judentum-s100\" data-element_type=\"container\" data-e-type=\"container\">\n\t\t\t\t\t<div class=\"e-con-inner\">\n\t\t\t\t<div class=\"elementor-element elementor-element-x-judentum-h100 elementor-widget elementor-widget-heading\" data-id=\"x-judentum-h100\" data-element_type=\"widget\" data-e-type=\"widget\" data-widget_type=\"heading.default\">\n\t\t\t\t\t<h2 class=\"elementor-heading-title elementor-size-default\">Saga og go\u00f0aveldi<\/h2>\t\t\t\t<\/div>\n\t\t<div class=\"elementor-element elementor-element-aj11-inner-0004 e-con-full e-flex e-con e-child\" data-id=\"aj11-inner-0004\" data-element_type=\"container\" data-e-type=\"container\">\n\t\t\t\t<div class=\"elementor-element elementor-element-x-judentum-t100 elementor-widget elementor-widget-text-editor\" data-id=\"x-judentum-t100\" data-element_type=\"widget\" data-e-type=\"widget\" data-widget_type=\"text-editor.default\">\n\t\t\t\t\t\t\t\t\t<p>J\u00fadatr\u00fa er elsta abraham\u00edska eingy\u00f0istr\u00faarbrag\u00f0i\u00f0 og \u00e1tti uppt\u00f6k s\u00edn \u00ed Levant um 2000 f.Kr. Hebreska bibl\u00edan (Tanak) skjalfestir \u00fer\u00f3un fr\u00e1 fyrstu <span class=\"iwg-fachbegriff\" data-tooltip=\"Tr\u00fain \u00e1 marga gu\u00f0i.\" tabindex=\"0\">marggu\u00f0atr\u00fa<\/span> til strangrar <span class=\"iwg-fachbegriff\" data-tooltip=\"Tr\u00fain \u00e1 einn gu\u00f0.\" tabindex=\"0\">eingy\u00f0istr\u00faar<\/span>; <span class=\"iwg-fachbegriff\" data-tooltip=\"\u00cd abraham\u00edskum tr\u00faarbr\u00f6g\u00f0um himneskt sendibo\u00f0averur Gu\u00f0s.\" tabindex=\"0\">englar<\/span> (malachim) eru sendibo\u00f0ar Gu\u00f0s, ekki sj\u00e1lfst\u00e6\u00f0 \u00f6fl.<\/p><p>Me\u00f0 \u00fatleg\u00f0inni \u00ed Bab\u00fdlon (6. \u00f6ld f.Kr.) j\u00f3kst engladulspekilegar getg\u00e1tur. Hekhalot-<span class=\"iwg-fachbegriff\" data-tooltip=\"Tr\u00faarstefna me\u00f0 \u00e1herslu \u00e1 beina gu\u00f0supplifun.\" tabindex=\"0\">dulspeki<\/span> (3. til 6. \u00f6ld) \u00fer\u00f3a\u00f0i a\u00f0fer\u00f0ir fyrir s\u00fdnilega upplifun himneskra h\u00e1s\u00e6ta, <span class=\"iwg-fachbegriff\" data-tooltip=\"Stefna \u00ed dulspeki j\u00fadatr\u00faar me\u00f0 meginritum eins og Sefer Yezirah og Sohar.\" tabindex=\"0\">kabbala<\/span> (fr\u00e1 12. \u00f6ld) kerfisbundu myndhverfar kenningar (sef\u00edrot, gu\u00f0sn\u00f6fn).<\/p><p>S\u00ed\u00f0ari has\u00edd\u00edskar hreyfingar ger\u00f0u dulspekilega upplifun a\u00f0gengilegri fyrir almenning. J\u00fadatr\u00fa er dreifst\u00fdr\u00f0 og hefur ekki haft prestast\u00e9tt fr\u00e1 ey\u00f0ingu musterisins \u00e1ri\u00f0 70 e.Kr.; rabb\u00ednar t\u00f3ku vi\u00f0 hinu andlega valdi.<\/p>\t\t\t\t\t\t\t\t<\/div>\n\t\t\t\t<\/div>\n\t\t\t\t\t<\/div>\n\t\t\t\t<\/div>\n\t\t<div class=\"elementor-element elementor-element-x-judentum-s101 e-con-boxed e-flex e-con e-parent\" data-id=\"x-judentum-s101\" data-element_type=\"container\" data-e-type=\"container\">\n\t\t\t\t\t<div class=\"e-con-inner\">\n\t\t\t\t<div class=\"elementor-element elementor-element-x-judentum-h101 elementor-widget elementor-widget-heading\" data-id=\"x-judentum-h101\" data-element_type=\"widget\" data-e-type=\"widget\" data-widget_type=\"heading.default\">\n\t\t\t\t\t<h2 class=\"elementor-heading-title elementor-size-default\">Verur \u00ed daglegu l\u00edfi<\/h2>\t\t\t\t<\/div>\n\t\t<div class=\"elementor-element elementor-element-aj11-inner-0005 e-con-full e-flex e-con e-child\" data-id=\"aj11-inner-0005\" data-element_type=\"container\" data-e-type=\"container\">\n\t\t\t\t<div class=\"elementor-element elementor-element-x-judentum-t101 elementor-widget elementor-widget-text-editor\" data-id=\"x-judentum-t101\" data-element_type=\"widget\" data-e-type=\"widget\" data-widget_type=\"text-editor.default\">\n\t\t\t\t\t\t\t\t\t<p>Daglegt tr\u00faari\u00f0kun gy\u00f0inga snerist lengi um <span class=\"iwg-fachbegriff\" data-tooltip=\"Fimm b\u00e6kur M\u00f3se, grunnritsafn j\u00fadatr\u00faar.\" tabindex=\"0\">Torah<\/span>-n\u00e1m, <span class=\"iwg-fachbegriff\" data-tooltip=\"M\u00e1lleg tj\u00e1ning manns til gu\u00f0s.\" tabindex=\"0\">b\u00e6n<\/span> og a\u00f0 fylgja hinum 613 bo\u00f0or\u00f0um (mitzvot). Dulspekilegar i\u00f0kanir voru lengi m\u00e1l f\u00e1rra \u00fatvalinna en ur\u00f0u vins\u00e6lli me\u00f0 has\u00eddismanum. Verndargripir og verndarhlutir (tefillin, mezuza) eru taldir tr\u00faarlegir hlutir me\u00f0 verndarm\u00e1tt.<\/p><p>Andas\u00e6fingar hafa veri\u00f0 til fr\u00e1 <span class=\"iwg-fachbegriff\" data-tooltip=\"T\u00edmabil gr\u00edskrar og r\u00f3mverskrar menningar, um 800 f.Kr. til 600 e.Kr.\" tabindex=\"0\">forn\u00f6ld<\/span> og eru skjalfestar \u00e1 mi\u00f0\u00f6ldum og fram \u00e1 s\u00ed\u00f0ari t\u00edma. Sjaman\u00edsk stund (sp\u00e1d\u00f3mar, kraftaverk) eru sta\u00f0fest \u00ed bibl\u00edunni, en ur\u00f0u s\u00ed\u00f0ar gu\u00f0fr\u00e6\u00f0ilega ja\u00f0arsett.<\/p><p>Almenningstr\u00fa gy\u00f0inga \u00ed m\u00f6rgum menningarsv\u00e6\u00f0um t\u00f3k upp sta\u00f0bundna anda- og dj\u00f6flatr\u00fa. Prestleg-mi\u00f0ilshlutverk (prestur me\u00f0 \u00far\u00edm og t\u00fam\u00edm) voru til \u00ed fyrstu, en ur\u00f0u s\u00ed\u00f0ar a\u00f0 hverfa.<\/p>\t\t\t\t\t\t\t\t<\/div>\n\t\t\t\t<\/div>\n\t\t\t\t\t<\/div>\n\t\t\t\t<\/div>\n\t\t<div class=\"elementor-element elementor-element-x-judentum-s102 e-con-boxed e-flex e-con e-parent\" data-id=\"x-judentum-s102\" data-element_type=\"container\" data-e-type=\"container\">\n\t\t\t\t\t<div class=\"e-con-inner\">\n\t\t\t\t<div class=\"elementor-element elementor-element-x-judentum-h102 elementor-widget elementor-widget-heading\" data-id=\"x-judentum-h102\" data-element_type=\"widget\" data-e-type=\"widget\" data-widget_type=\"heading.default\">\n\t\t\t\t\t<h2 class=\"elementor-heading-title elementor-size-default\">Mikilv\u00e6gi \u00ed dag<\/h2>\t\t\t\t<\/div>\n\t\t<div class=\"elementor-element elementor-element-aj11-inner-0006 e-con-full e-flex e-con e-child\" data-id=\"aj11-inner-0006\" data-element_type=\"container\" data-e-type=\"container\">\n\t\t\t\t<div class=\"elementor-element elementor-element-x-judentum-t102 elementor-widget elementor-widget-text-editor\" data-id=\"x-judentum-t102\" data-element_type=\"widget\" data-e-type=\"widget\" data-widget_type=\"text-editor.default\">\n\t\t\t\t\t\t\t\t\t<p>Tr\u00faarbr\u00f6g\u00f0 \u00cdsraels eru enn lifandi tr\u00faarbr\u00f6g\u00f0 me\u00f0 um 15 millj\u00f3nir fylgjenda. \u00cdhaldssamir og strengtr\u00faarsinna\u00f0ir s\u00f6fnu\u00f0ir var\u00f0veita dulspekilegar og kabbal\u00edskar hef\u00f0ir, en frj\u00e1lslynd (reform) grein gy\u00f0ingd\u00f3msins hefur \u00fdmist lagt \u00fe\u00e6r af e\u00f0a veraldarv\u00e6\u00f0ingu \u00feeirra. \u00deekktir einstaklingar \u00e1 bor\u00f0 vi\u00f0 Madonnu hafa gert vins\u00e6la eftirl\u00edkingu af <span class=\"iwg-fachbegriff\" data-tooltip=\"Stefna innan gy\u00f0inglegrar dulhyggju me\u00f0 meginritum eins og Sefer Jets\u00edrah og S\u00f3har.\" tabindex=\"0\">Kabbala<\/span>-dulspeki sem framandgerir hef\u00f0ina og hefur l\u00edti\u00f0 me\u00f0 hina hef\u00f0bundnu i\u00f0kun a\u00f0 gera.<\/p><p>Fr\u00e6\u00f0ilega hefur gy\u00f0ingleg <span class=\"iwg-fachbegriff\" data-tooltip=\"Tr\u00faarstefna sem leggur \u00e1herslu \u00e1 beina gu\u00f0supplifun.\" tabindex=\"0\">dulhyggja<\/span> veri\u00f0 ranns\u00f6ku\u00f0 \u00edtarlega. B\u00f3kmenntir og kvikmyndir nota yfirn\u00e1tt\u00faru gy\u00f0ingd\u00f3msins (Golem, Dybbuk) sem menningarleg minni. S\u00edonistahreyfingar hafa a\u00f0 hluta veraldarv\u00e6\u00f0ingu tr\u00faarhef\u00f0irnar, og \u00e1fall Helf\u00f6rarinnar hefur m\u00f3ta\u00f0 n\u00fat\u00edma gy\u00f0inglega andlega i\u00f0kun.<\/p>\t\t\t\t\t\t\t\t<\/div>\n\t\t\t\t<\/div>\n\t\t\t\t\t<\/div>\n\t\t\t\t<\/div>\n\t\t<div class=\"elementor-element elementor-element-k-judentum-s2 e-con-boxed e-flex e-con e-parent\" data-id=\"k-judentum-s2\" data-element_type=\"container\" data-e-type=\"container\">\n\t\t\t\t\t<div class=\"e-con-inner\">\n\t\t\t\t<div class=\"elementor-element elementor-element-k-judentum-h2 elementor-widget elementor-widget-heading\" data-id=\"k-judentum-h2\" data-element_type=\"widget\" data-e-type=\"widget\" data-widget_type=\"heading.default\">\n\t\t\t\t\t<h2 class=\"elementor-heading-title elementor-size-default\">Gu\u00f0ir (3)<\/h2>\t\t\t\t<\/div>\n\t\t<div class=\"elementor-element elementor-element-aj11-inner-0007 e-con-full e-flex e-con e-child\" data-id=\"aj11-inner-0007\" data-element_type=\"container\" data-e-type=\"container\">\n\t\t\t\t<div class=\"elementor-element elementor-element-k-judentum-t2 elementor-widget elementor-widget-text-editor\" data-id=\"k-judentum-t2\" data-element_type=\"widget\" data-e-type=\"widget\" data-widget_type=\"text-editor.default\">\n\t\t\t\t\t\t\t\t\t<div class=\"iwg-wesen-grid\"><a class=\"iwg-wesen-card\" href=\"https:\/\/iwell-guard.com\/is\/gabriel\/\" aria-label=\"Gabriel\"><div class=\"iwg-wesen-card-imgwrap\"><img decoding=\"async\" src=\"https:\/\/iwell-guard.com\/wp-content\/uploads\/2026\/04\/goetter_judentum_gabriel-200x300.webp\" alt=\"Gabriel\" loading=\"lazy\"><\/div><div class=\"iwg-wesen-card-body\"><div class=\"iwg-wesen-card-name\">Gabriel<\/div><div class=\"iwg-wesen-card-arrow\">\u2192 \u00c1 v\u00e6ttina<\/div><\/div><\/a><a class=\"iwg-wesen-card\" href=\"https:\/\/iwell-guard.com\/is\/samael\/\" aria-label=\"Samael\"><div class=\"iwg-wesen-card-imgwrap\"><img decoding=\"async\" src=\"https:\/\/iwell-guard.com\/wp-content\/uploads\/2026\/04\/goetter_judentum_samael-200x300.webp\" alt=\"Samael\" loading=\"lazy\"><\/div><div class=\"iwg-wesen-card-body\"><div class=\"iwg-wesen-card-name\">Samael<\/div><div class=\"iwg-wesen-card-arrow\">\u2192 \u00c1 v\u00e6ttina<\/div><\/div><\/a><a class=\"iwg-wesen-card\" href=\"https:\/\/iwell-guard.com\/is\/uriel\/\" aria-label=\"\u00dar\u00edel\"><div class=\"iwg-wesen-card-imgwrap\"><img decoding=\"async\" src=\"https:\/\/iwell-guard.com\/wp-content\/uploads\/2026\/04\/goetter_judentum_uriel-200x300.webp\" alt=\"\u00dar\u00edel\" loading=\"lazy\"><\/div><div class=\"iwg-wesen-card-body\"><div class=\"iwg-wesen-card-name\">\u00dar\u00edel<\/div><div class=\"iwg-wesen-card-arrow\">\u2192 \u00c1 v\u00e6ttina<\/div><\/div><\/a><\/div>\t\t\t\t\t\t\t\t<\/div>\n\t\t\t\t<\/div>\n\t\t\t\t\t<\/div>\n\t\t\t\t<\/div>\n\t\t<div class=\"elementor-element elementor-element-k-judentum-s3 e-con-boxed e-flex e-con e-parent\" data-id=\"k-judentum-s3\" data-element_type=\"container\" data-e-type=\"container\">\n\t\t\t\t\t<div class=\"e-con-inner\">\n\t\t\t\t<div class=\"elementor-element elementor-element-k-judentum-h3 elementor-widget elementor-widget-heading\" data-id=\"k-judentum-h3\" data-element_type=\"widget\" data-e-type=\"widget\" data-widget_type=\"heading.default\">\n\t\t\t\t\t<h2 class=\"elementor-heading-title elementor-size-default\">Dj\u00f6flar (4)<\/h2>\t\t\t\t<\/div>\n\t\t<div class=\"elementor-element elementor-element-aj11-inner-0008 e-con-full e-flex e-con e-child\" data-id=\"aj11-inner-0008\" data-element_type=\"container\" data-e-type=\"container\">\n\t\t\t\t<div class=\"elementor-element elementor-element-k-judentum-t3 elementor-widget elementor-widget-text-editor\" data-id=\"k-judentum-t3\" data-element_type=\"widget\" data-e-type=\"widget\" data-widget_type=\"text-editor.default\">\n\t\t\t\t\t\t\t\t\t<div class=\"iwg-wesen-grid\"><a class=\"iwg-wesen-card\" href=\"https:\/\/iwell-guard.com\/is\/asmodai\/\" aria-label=\"Asmodai\"><div class=\"iwg-wesen-card-imgwrap\"><img decoding=\"async\" src=\"https:\/\/iwell-guard.com\/wp-content\/uploads\/2026\/04\/daemonen_judentum_asmodai-200x300.webp\" alt=\"Asmodai\" loading=\"lazy\"><\/div><div class=\"iwg-wesen-card-body\"><div class=\"iwg-wesen-card-name\">Asmodai<\/div><div class=\"iwg-wesen-card-arrow\">\u2192 \u00c1 v\u00e6ttina<\/div><\/div><\/a><a class=\"iwg-wesen-card\" href=\"https:\/\/iwell-guard.com\/is\/azazel\/\" aria-label=\"Azazel\"><div class=\"iwg-wesen-card-imgwrap\"><img decoding=\"async\" src=\"https:\/\/iwell-guard.com\/wp-content\/uploads\/2026\/04\/daemonen_judentum_azazel-200x300.webp\" alt=\"Azazel\" loading=\"lazy\"><\/div><div class=\"iwg-wesen-card-body\"><div class=\"iwg-wesen-card-name\">Azazel<\/div><div class=\"iwg-wesen-card-arrow\">\u2192 \u00c1 v\u00e6ttina<\/div><\/div><\/a><a class=\"iwg-wesen-card\" href=\"https:\/\/iwell-guard.com\/is\/lilith\/\" aria-label=\"Lilith\"><div class=\"iwg-wesen-card-imgwrap\"><img decoding=\"async\" src=\"https:\/\/iwell-guard.com\/wp-content\/uploads\/2026\/04\/daemonen_judentum_lilith-200x300.webp\" alt=\"Lilith\" loading=\"lazy\"><\/div><div class=\"iwg-wesen-card-body\"><div class=\"iwg-wesen-card-name\">Lilith<\/div><div class=\"iwg-wesen-card-arrow\">\u2192 \u00c1 v\u00e6ttina<\/div><\/div><\/a><a class=\"iwg-wesen-card\" href=\"https:\/\/iwell-guard.com\/is\/shedim\/\" aria-label=\"Shedim\"><div class=\"iwg-wesen-card-imgwrap\"><img decoding=\"async\" src=\"https:\/\/iwell-guard.com\/wp-content\/uploads\/2026\/04\/daemonen_judentum_shedim-200x300.webp\" alt=\"Shedim\" loading=\"lazy\"><\/div><div class=\"iwg-wesen-card-body\"><div class=\"iwg-wesen-card-name\">Shedim<\/div><div class=\"iwg-wesen-card-arrow\">\u2192 \u00c1 v\u00e6ttina<\/div><\/div><\/a><\/div>\t\t\t\t\t\t\t\t<\/div>\n\t\t\t\t<\/div>\n\t\t\t\t\t<\/div>\n\t\t\t\t<\/div>\n\t\t<div class=\"elementor-element elementor-element-k-judentum-s4 e-con-boxed e-flex e-con e-parent\" data-id=\"k-judentum-s4\" data-element_type=\"container\" data-e-type=\"container\">\n\t\t\t\t\t<div class=\"e-con-inner\">\n\t\t\t\t<div class=\"elementor-element elementor-element-k-judentum-h4 elementor-widget elementor-widget-heading\" data-id=\"k-judentum-h4\" data-element_type=\"widget\" data-e-type=\"widget\" data-widget_type=\"heading.default\">\n\t\t\t\t\t<h2 class=\"elementor-heading-title elementor-size-default\">Andar (2)<\/h2>\t\t\t\t<\/div>\n\t\t<div class=\"elementor-element elementor-element-aj11-inner-0009 e-con-full e-flex e-con e-child\" data-id=\"aj11-inner-0009\" data-element_type=\"container\" data-e-type=\"container\">\n\t\t\t\t<div class=\"elementor-element elementor-element-k-judentum-t4 elementor-widget elementor-widget-text-editor\" data-id=\"k-judentum-t4\" data-element_type=\"widget\" data-e-type=\"widget\" data-widget_type=\"text-editor.default\">\n\t\t\t\t\t\t\t\t\t<div class=\"iwg-wesen-grid\"><a class=\"iwg-wesen-card\" href=\"https:\/\/iwell-guard.com\/is\/dybbuk\/\" aria-label=\"Dybbuk\"><div class=\"iwg-wesen-card-imgwrap\"><img decoding=\"async\" src=\"https:\/\/iwell-guard.com\/wp-content\/uploads\/2026\/04\/geister_judentum_dybbuk-1-200x300.webp\" alt=\"Dybbuk\" loading=\"lazy\"><\/div><div class=\"iwg-wesen-card-body\"><div class=\"iwg-wesen-card-name\">Dybbuk<\/div><div class=\"iwg-wesen-card-arrow\">\u2192 \u00c1 v\u00e6ttina<\/div><\/div><\/a><a class=\"iwg-wesen-card\" href=\"https:\/\/iwell-guard.com\/is\/golem\/\" aria-label=\"Golem\"><div class=\"iwg-wesen-card-imgwrap\"><img decoding=\"async\" src=\"https:\/\/iwell-guard.com\/wp-content\/uploads\/2026\/04\/geister_judentum_golem-200x300.webp\" alt=\"Golem\" loading=\"lazy\"><\/div><div class=\"iwg-wesen-card-body\"><div class=\"iwg-wesen-card-name\">Golem<\/div><div class=\"iwg-wesen-card-arrow\">\u2192 \u00c1 v\u00e6ttina<\/div><\/div><\/a><\/div>\t\t\t\t\t\t\t\t<\/div>\n\t\t\t\t<\/div>\n\t\t\t\t\t<\/div>\n\t\t\t\t<\/div>\n\t\t<div class=\"elementor-element elementor-element-9290865 e-con-boxed e-flex e-con e-parent\" data-id=\"9290865\" data-element_type=\"container\" data-e-type=\"container\">\n\t\t\t\t\t<div class=\"e-con-inner\">\n\t\t\t\t<div class=\"elementor-element elementor-element-c5e00b2 elementor-widget elementor-widget-heading\" data-id=\"c5e00b2\" data-element_type=\"widget\" data-e-type=\"widget\" data-widget_type=\"heading.default\">\n\t\t\t\t\t<h2 class=\"elementor-heading-title elementor-size-default\">\u00cdtarefni<\/h2>\t\t\t\t<\/div>\n\t\t\t\t<div class=\"elementor-element elementor-element-98ec3d7 elementor-widget elementor-widget-heading\" data-id=\"98ec3d7\" data-element_type=\"widget\" data-e-type=\"widget\" data-widget_type=\"heading.default\">\n\t\t\t\t\t<h3 class=\"elementor-heading-title elementor-size-default\">Tanak og munnleg T\u00f3ra<\/h3>\t\t\t\t<\/div>\n\t\t<div class=\"elementor-element elementor-element-aj11-inner-000a e-con-full e-flex e-con e-child\" data-id=\"aj11-inner-000a\" data-element_type=\"container\" data-e-type=\"container\">\n\t\t\t\t<div class=\"elementor-element elementor-element-d014958 elementor-widget elementor-widget-text-editor\" data-id=\"d014958\" data-element_type=\"widget\" data-e-type=\"widget\" data-widget_type=\"text-editor.default\">\n\t\t\t\t\t\t\t\t\t<p>Gy\u00f0ingleg hef\u00f0 grundvallast \u00e1 hebresku bibl\u00edunni (Tanak) og munnlegri <span class=\"iwg-fachbegriff\" data-tooltip=\"Fimm b\u00e6kur M\u00f3se, grunnritasafn gy\u00f0ingd\u00f3msins.\" tabindex=\"0\">T\u00f3ru<\/span>, sem var fest \u00e1 skrift fr\u00e1 2. \u00f6ld e.Kr. \u00ed Mishnah og fr\u00e1 5. \u00f6ld \u00ed <span class=\"iwg-fachbegriff\" data-tooltip=\"Meginrit rabb\u00edn\u00edsks gy\u00f0ingd\u00f3ms me\u00f0 \u00fatleggingum \u00e1 tr\u00faarlegri arfleif\u00f0.\" tabindex=\"0\">Talm\u00fad<\/span>.<\/p><p><span class=\"iwg-fachbegriff\" data-tooltip=\"Fimm b\u00e6kur M\u00f3se, grunnritasafn gy\u00f0ingd\u00f3msins.\" tabindex=\"0\">T\u00f3ran<\/span> kannast vi\u00f0 einn gu\u00f0 (JHVH) og er samt\u00edmis undarlega opin gagnvart <span class=\"iwg-fachbegriff\" data-tooltip=\"\u00cd abraham\u00edskum tr\u00faarbr\u00f6g\u00f0um himneskur sendibo\u00f0i gu\u00f0s.\" tabindex=\"0\">englum<\/span>, dj\u00f6flum og yfirn\u00e1tt\u00farulegum verum. \u00cd eftirbibl\u00edulegum ritum er \u00feetta kerfi \u00fer\u00f3a\u00f0 frekar.<\/p>\t\t\t\t\t\t\t\t<\/div>\n\t\t\t\t<\/div>\n\t\t\t\t<div class=\"elementor-element elementor-element-f22afaf elementor-widget elementor-widget-heading\" data-id=\"f22afaf\" data-element_type=\"widget\" data-e-type=\"widget\" data-widget_type=\"heading.default\">\n\t\t\t\t\t<h3 class=\"elementor-heading-title elementor-size-default\">Kabbala og Sef\u00edrot<\/h3>\t\t\t\t<\/div>\n\t\t<div class=\"elementor-element elementor-element-bw-82fa29d-1890d7b e-flex e-con-boxed e-con e-parent\" data-id=\"bw-82fa29d-1890d7b\" data-element_type=\"container\" data-e-type=\"container\" data-settings=\"{&quot;background_background&quot;:&quot;classic&quot;}\">\n\t\t\t\t\t<div class=\"e-con-inner\">\n\t\t\t\t<div class=\"elementor-element elementor-element-82fa29d elementor-widget elementor-widget-text-editor\" data-id=\"82fa29d\" data-element_type=\"widget\" data-e-type=\"widget\" data-widget_type=\"text-editor.default\">\n\t\t\t\t\t\t\t\t\t<p>Kabbal\u00edsk hef\u00f0, sem m\u00e1 rekja allt fr\u00e1 12. \u00f6ld \u00ed Provence og \u00e1 Sp\u00e1ni, bygg\u00f0i \u00e1 eldri dulspekilegum stefnum; S\u00f3har (13. \u00f6ld) var\u00f0 meginriti\u00f0.<\/p><p>T\u00edu Sef\u00edrot skipuleggja veruleikann fr\u00e1 Keter (k\u00f3r\u00f3nu) til Malk\u00fat (konungsr\u00edkis). Auk \u00feess kannast <span class=\"iwg-fachbegriff\" data-tooltip=\"Stefna innan gy\u00f0inglegrar dulhyggju me\u00f0 meginritum eins og Sefer Jets\u00edrah og S\u00f3har.\" tabindex=\"0\">Kabbala<\/span> vi\u00f0 Sitra Achra, \u201ehina hli\u00f0ina&#8220;, me\u00f0 Lilith, Samael og Klippot.<\/p>\t\t\t\t\t\t\t\t<\/div>\n\t\t\t\t\t<\/div>\n\t\t\t\t<\/div>\n\t\t\t\t<div class=\"elementor-element elementor-element-dc3079b elementor-widget elementor-widget-heading\" data-id=\"dc3079b\" data-element_type=\"widget\" data-e-type=\"widget\" data-widget_type=\"heading.default\">\n\t\t\t\t\t<h3 class=\"elementor-heading-title elementor-size-default\">Dj\u00f6flafr\u00e6\u00f0i Aggada<\/h3>\t\t\t\t<\/div>\n\t\t<div class=\"elementor-element elementor-element-bw-20c1efe-4e9af79 e-flex e-con-boxed e-con e-parent\" data-id=\"bw-20c1efe-4e9af79\" data-element_type=\"container\" data-e-type=\"container\" data-settings=\"{&quot;background_background&quot;:&quot;classic&quot;}\">\n\t\t\t\t\t<div class=\"e-con-inner\">\n\t\t\t\t<div class=\"elementor-element elementor-element-20c1efe elementor-widget elementor-widget-text-editor\" data-id=\"20c1efe\" data-element_type=\"widget\" data-e-type=\"widget\" data-widget_type=\"text-editor.default\">\n\t\t\t\t\t\t\t\t\t<p>Rabb\u00edn\u00edsk dj\u00f6flafr\u00e6\u00f0i er fur\u00f0u au\u00f0ug. <span class=\"iwg-fachbegriff\" data-tooltip=\"Meginrit rabb\u00edn\u00edsks gy\u00f0ingd\u00f3ms me\u00f0 \u00fatleggingum \u00e1 tr\u00faarlegri arfleif\u00f0.\" tabindex=\"0\">Talm\u00fad<\/span> nefnir \u00fdmsa flokka dj\u00f6fla: Shedim, Mazzikim og Lilin. Lilith, sem er kynnt sem fyrsta eiginkona Adams \u00ed Alfabeti Ben Sira, var\u00f0 \u00feekktasta pers\u00f3nan.<\/p><p>Asmodeus kemur fram \u00ed T\u00f3b\u00edtarb\u00f3k sem <span class=\"iwg-fachbegriff\" data-tooltip=\"Andleg vera sem talin er hafa ska\u00f0lega e\u00f0a tv\u00edbenta virkni.\" tabindex=\"0\">dj\u00f6full<\/span> hj\u00f3nabandsslita, en \u00ed <span class=\"iwg-fachbegriff\" data-tooltip=\"Meginrit rabb\u00edn\u00edsks gy\u00f0ingd\u00f3ms me\u00f0 \u00fatleggingum \u00e1 tr\u00faarlegri arfleif\u00f0.\" tabindex=\"0\">Talm\u00fad<\/span> sem konungur dj\u00f6flanna. \u00deetta efni rann a\u00f0 miklu leyti inn \u00ed kristna og \u00edslamska dj\u00f6flafr\u00e6\u00f0i.<\/p>\t\t\t\t\t\t\t\t<\/div>\n\t\t\t\t\t<\/div>\n\t\t\t\t<\/div>\n\t\t\t\t<div class=\"elementor-element elementor-element-953dcff elementor-widget elementor-widget-heading\" data-id=\"953dcff\" data-element_type=\"widget\" data-e-type=\"widget\" data-widget_type=\"heading.default\">\n\t\t\t\t\t<h3 class=\"elementor-heading-title elementor-size-default\">\u00dej\u00f3\u00f0tr\u00fa og verndargripamenning<\/h3>\t\t\t\t<\/div>\n\t\t<div class=\"elementor-element elementor-element-bw-b01bc9e-fee864c e-flex e-con-boxed e-con e-parent\" data-id=\"bw-b01bc9e-fee864c\" data-element_type=\"container\" data-e-type=\"container\" data-settings=\"{&quot;background_background&quot;:&quot;classic&quot;}\">\n\t\t\t\t\t<div class=\"e-con-inner\">\n\t\t\t\t<div class=\"elementor-element elementor-element-b01bc9e elementor-widget elementor-widget-text-editor\" data-id=\"b01bc9e\" data-element_type=\"widget\" data-e-type=\"widget\" data-widget_type=\"text-editor.default\">\n\t\t\t\t\t\t\t\t\t<footer class=\"iwg-literatur\"><p>Gy\u00f0ingleg \u00fej\u00f3\u00f0tr\u00fa kannast vi\u00f0 verndargripi (kameot) gegn Lilith og hinu illa auga (ayin hara), handart\u00e1kn (Hamsa), Mes\u00fasu \u00e1 dyrastafnum og glerbrot vi\u00f0 br\u00fa\u00f0kaup.<\/p><p>I\u00f0kanir Ba&#8217;al Shem og s\u00ed\u00f0ar Ba&#8217;al Shem Tov tengja saman dulspekilega kenningu og \u00fej\u00f3\u00f0tr\u00fa.<\/p><div data-nosnippet=\"true\" class=\"iwg-litliste\"><p><strong>Grunnritaskr\u00e1 (samanbur\u00f0ar <span class=\"iwg-fachbegriff\" data-tooltip=\"V\u00edsindin sem rannsaka tr\u00faarbr\u00f6g\u00f0 samanbur\u00f0arlega og \u00e1n tr\u00faarlegrar bindingar.\" tabindex=\"0\">tr\u00faarbrag\u00f0afr\u00e6\u00f0i<\/span>):<\/strong><\/p><ul><li><span data-nosnippet><strong>Hanegraaff, Wouter J. (Ed.)<\/strong>: <em>Dictionary of <span class=\"iwg-fachbegriff\" data-tooltip=\"Tr\u00faarstefna s\u00ed\u00f0fornaldar sem kenndi frelsun me\u00f0 s\u00e9rstakri hj\u00e1lpr\u00e6\u00f0is\u00feekkingu.\" tabindex=\"0\">Gnosis<\/span> and Western Esotericism. Brill, Leiden 2005.<\/em><\/span><\/li><li><span data-nosnippet><strong>Smith, Jonathan Z.<\/strong>: <em>Map Is Not Territory. Studies in the History of Religions. Brill, Leiden 1978.<\/em><\/span><\/li><\/ul><\/div><\/footer>\n<p class=\"iwg-bib-more\"><span data-nosnippet>Fleiri grunnrit \u00ed <a href=\"https:\/\/iwell-guard.com\/is\/?page_id=168730\">heimildaskr\u00e1nni<\/a>.<\/span><\/p>\t\t\t\t\t\t\t\t<\/div>\n\t\t\t\t\t<\/div>\n\t\t\t\t<\/div>\n\t\t\t\t\t<\/div>\n\t\t\t\t<\/div>\n\t\t\t\t<section class=\"elementor-section elementor-top-section elementor-element elementor-element-sd-jude-d01eae elementor-section-boxed elementor-section-height-default elementor-section-height-default\" data-id=\"sd-jude-d01eae\" data-element_type=\"section\" data-e-type=\"section\">\n\t\t\t\t\t\t<div class=\"elementor-container elementor-column-gap-default\">\n\t\t\t\t\t<div class=\"elementor-column elementor-col-100 elementor-top-column elementor-element elementor-element-sd-jude-col-08b7f4\" data-id=\"sd-jude-col-08b7f4\" data-element_type=\"column\" data-e-type=\"column\">\n\t\t\t<div class=\"elementor-widget-wrap elementor-element-populated\">\n\t\t\t\t\t\t<div class=\"elementor-element elementor-element-sd-jude-h elementor-widget elementor-widget-heading\" data-id=\"sd-jude-h\" data-element_type=\"widget\" data-e-type=\"widget\" data-widget_type=\"heading.default\">\n\t\t\t\t\t<h2 class=\"elementor-heading-title elementor-size-default\">Algengar spurningar um gy\u00f0inglegt verufyrirkomulag<\/h2>\t\t\t\t<\/div>\n\t\t\t\t<div class=\"elementor-element elementor-element-sd-jude-t elementor-widget elementor-widget-text-editor\" data-id=\"sd-jude-t\" data-element_type=\"widget\" data-e-type=\"widget\" data-widget_type=\"text-editor.default\">\n\t\t\t\t\t\t\t\t\t\n<details class=\"iwg-faq-item\">\n  <summary><strong>Hva\u00f0a dj\u00f6fla \u00feekkir gy\u00f0ingleg <span class=\"iwg-fachbegriff\" data-tooltip=\"Heildarsafn hef\u00f0bundinna gu\u00f0asagna \u00ed tiltekinni menningu.\" tabindex=\"0\">go\u00f0afr\u00e6\u00f0i<\/span>?<\/strong><\/summary>\n  <p>Gy\u00f0ingleg hef\u00f0 \u00feekkir fj\u00f6lda nafngreindra dj\u00f6fla \u00far <span class=\"iwg-fachbegriff\" data-tooltip=\"H\u00f6fu\u00f0rit rabb\u00ednskra gy\u00f0ingd\u00f3ms me\u00f0 \u00fatlistun \u00e1 tr\u00faarlegri arfleif\u00f0.\" tabindex=\"0\">Talm\u00fad<\/span>, midrasj, hekalot-b\u00f3kmenntum og mi\u00f0aldakabbala \u00ed <span class=\"iwg-fachbegriff\" data-tooltip=\"Stefna innan gy\u00f0inglegrar dulspeki me\u00f0 h\u00f6fu\u00f0ritum eins og Sefer Jes\u00edra og S\u00f3har.\" tabindex=\"0\">Kabbala<\/span>. \u00cd hebresku bibl\u00edunni eru dj\u00f6flar sjaldan nefndir beint, a\u00f0eins Asasel (ey\u00f0imerkurdj\u00f6full \u00ed fri\u00f0\u00fe\u00e6gingarath\u00f6fninni) og Lilith (Jesaja 34,14) eru nefnd berum or\u00f0um.<\/p><p>Me\u00f0al s\u00ed\u00f0bibl\u00edulegra dj\u00f6fla eru <a href=\"https:\/\/iwell-guard.com\/is\/?page_id=168607\">Lilith<\/a> (n\u00e6turdj\u00f6full), <a href=\"https:\/\/iwell-guard.com\/is\/?page_id=168609\">Asmoda\u00ed<\/a> (konungur dj\u00f6flanna) og <a href=\"https:\/\/iwell-guard.com\/is\/?page_id=168610\">Dybbuk<\/a> (<span class=\"iwg-fachbegriff\" data-tooltip=\"L\u00edkamslaus vera sem talin er hafa \u00e1hrif \u00ed heiminum.\" tabindex=\"0\">andi<\/span> l\u00e1tins manns sem sest a\u00f0 \u00ed lifandi manneskju) auk almennu flokkanna Shedim og Mazzikim.<\/p>\n<\/details>\n\n<details class=\"iwg-faq-item\">\n  <summary><strong>Hva\u00f0 eru Shedim og Mazzikim?<\/strong><\/summary>\n  <p>Shedim og Mazzikim eru almennu flokkarnir yfir ska\u00f0lega anda \u00ed rabb\u00ednskum b\u00f3kmenntum. \u00deeir starfa \u00ed glufunum milli heims manna og andaheims, helst \u00e1 n\u00e6turnar, \u00e1 \u00f3hreinum st\u00f6\u00f0um og \u00e1 <span class=\"iwg-fachbegriff\" data-tooltip=\"Sem tilheyrir fastm\u00f3tu\u00f0u tr\u00faarlegu athafnaferli.\" tabindex=\"0\">helgisi\u00f0alega<\/span> vi\u00f0kv\u00e6mum t\u00edmam\u00f3tum.<\/p><p><span class=\"iwg-fachbegriff\" data-tooltip=\"H\u00f6fu\u00f0rit rabb\u00ednskra gy\u00f0ingd\u00f3ms me\u00f0 \u00fatlistun \u00e1 tr\u00faarlegri arfleif\u00f0.\" tabindex=\"0\">Talm\u00fad<\/span> fjallar um \u00fe\u00e1 sem raunverulega en ekki \u00f3ttalega tilveru, svo framarlega sem halacha og hreinl\u00e6tisbo\u00f0or\u00f0 eru virt.<\/p>\n<\/details>\n\t\t\t\t\t\t\t\t<\/div>\n\t\t\t\t<div class=\"elementor-element elementor-element-sd-jude-s elementor-widget elementor-widget-html\" data-id=\"sd-jude-s\" data-element_type=\"widget\" data-e-type=\"widget\" data-widget_type=\"html.default\">\n\t\t\t\t\t<script type=\"application\/ld+json\">{\"@context\": \"https:\/\/schema.org\", \"@type\": \"FAQPage\", \"mainEntity\": [{\"@type\": \"Question\", \"name\": \"Hva\u00f0a dj\u00f6fla kannast gy\u00f0ingleg go\u00f0afr\u00e6\u00f0i vi\u00f0?\", \"acceptedAnswer\": {\"@type\": \"Answer\", \"text\": \"Lilith, Asmodai, Dybbuk, Azazel og flokkarnir Shedim og Mazzikim, dj\u00f6flar \u00far Talm\u00fad, Midrash og Kabbala.\"}}, {\"@type\": \"Question\", \"name\": \"Hva\u00f0 eru Shedim og Mazzikim?\", \"acceptedAnswer\": {\"@type\": \"Answer\", \"text\": \"Almennir flokkar ska\u00f0legra anda \u00ed rabb\u00ednskum b\u00f3kmenntum, sem er fjalla\u00f0 um sem raunveruleg \u00f6fl me\u00f0 hli\u00f0sj\u00f3n af halakah.\"}}]}<\/script>\t\t\t\t<\/div>\n\t\t\t\t\t<\/div>\n\t\t<\/div>\n\t\t\t\t\t<\/div>\n\t\t<\/section>\n\t\t<div class=\"elementor-element elementor-element-iwgcc-judentum-sec e-flex e-con-boxed e-con e-parent\" data-id=\"iwgcc-judentum-sec\" data-element_type=\"container\" data-e-type=\"container\" id=\"iwg-cc-judentum\">\n\t\t\t\t\t<div class=\"e-con-inner\">\n\t\t<div class=\"elementor-element elementor-element-iwgcc-judentum-inner e-flex e-con-boxed e-con e-parent\" data-id=\"iwgcc-judentum-inner\" data-element_type=\"container\" data-e-type=\"container\" data-settings=\"{&quot;background_background&quot;:&quot;classic&quot;}\">\n\t\t\t\t\t<div class=\"e-con-inner\">\n\t\t\t\t<div class=\"elementor-element elementor-element-iwgcc-judentum-h elementor-widget elementor-widget-heading\" data-id=\"iwgcc-judentum-h\" data-element_type=\"widget\" data-e-type=\"widget\" data-widget_type=\"heading.default\">\n\t\t\t\t\t<h2 class=\"elementor-heading-title elementor-size-default\">Verndargripir \u00ed \u00feessari menningarhef\u00f0<\/h2>\t\t\t\t<\/div>\n\t\t\t\t<div class=\"elementor-element elementor-element-iwgcc-judentum-t elementor-widget elementor-widget-text-editor\" data-id=\"iwgcc-judentum-t\" data-element_type=\"widget\" data-e-type=\"widget\" data-widget_type=\"text-editor.default\">\n\t\t\t\t\t\t\t\t\t<p>\u00cd hef\u00f0 J\u00fadaisma er veitt vernd me\u00f0 <a href=\"https:\/\/iwell-guard.com\/is\/?page_id=168900\">Mezuzah<\/a> \u00e1 dyrastafnum, <a href=\"https:\/\/iwell-guard.com\/is\/?page_id=168899\">Hamsa<\/a>-hengjum \u00e1 l\u00edkamanum, tefill\u00edn-b\u00f6ndum vi\u00f0 <span class=\"iwg-fachbegriff\" data-tooltip=\"M\u00e1lleg \u00e1v\u00f6rpun manns til gu\u00f0s.\" tabindex=\"0\">b\u00e6n<\/span> og Schemhamphorasch-nafnaform\u00falum.<\/p><div data-nosnippet=\"true\"><p>iWell Guard-hengi\u00f0 tengist \u00feessari menningars\u00f6gulegu hef\u00f0 verndargripa sem bornir eru \u00e1 l\u00edkamanum, hanna\u00f0 \u00ed n\u00fat\u00edmalegri efnisbyggingu og framleitt \u00ed \u00de\u00fdskalandi. 41 lag, ekta gull, plat\u00edna, silfur. 30 daga skilar\u00e9ttur.<\/p><\/div>\t\t\t\t\t\t\t\t<\/div>\n\t\t\t\t<div class=\"elementor-element elementor-element-iwgcc-judentum-b iwg-cc-button iwg-cc-cta-2026-05-13 elementor-widget elementor-widget-jet-button\" data-id=\"iwgcc-judentum-b\" data-element_type=\"widget\" data-e-type=\"widget\" data-widget_type=\"jet-button.default\">\n\t\t\t\t<div class=\"elementor-widget-container\">\n\t\t\t\t\t<div class=\"elementor-jet-button jet-elements\"><div class=\"jet-button__container\"><a class=\"jet-button__instance jet-button__instance--icon-left hover-effect-1\" href=\"\/ueber-iwell-guard\/?utm_source=iwell-guard.com&amp;utm_medium=info-box&amp;utm_campaign=kultur-tradition\"><div class=\"jet-button__plane jet-button__plane-normal\"><\/div><div class=\"jet-button__plane jet-button__plane-hover\"><\/div><div class=\"jet-button__state jet-button__state-normal\"><span class=\"jet-button__label\">Meira um iWell Guard<\/span><\/div><div class=\"jet-button__state jet-button__state-hover\"><span class=\"jet-button__label\">Meira um iWell Guard<\/span><\/div><\/a><\/div><\/div><style>.elementor-element.elementor-element-iwgcc-judentum-b .jet-button__instance{width:320px;height:56px;}.elementor-element.elementor-element-iwgcc-judentum-b .jet-button__state-normal .jet-button__label{text-align:center;margin:0px 0px 0px 0px;color:#1a1b20;font-family:Montserrat,sans-serif;font-size:13px;font-weight:400;letter-spacing:4px;line-height:1.714em;text-transform:uppercase;}.elementor-element.elementor-element-iwgcc-judentum-b .jet-button__state-hover .jet-button__label{text-align:center;margin:0px 0px 0px 0px;color:#FECC76;font-family:Montserrat,sans-serif;font-size:13px;font-weight:400;letter-spacing:4px;line-height:1.714em;text-transform:uppercase;}.elementor-element.elementor-element-iwgcc-judentum-b .jet-button__plane-normal{background-color:#FECC76;border-style:solid;border-color:#C99540;border-width:2px 2px 2px 2px;}.elementor-element.elementor-element-iwgcc-judentum-b .jet-button__plane-hover{background-color:rgba(0,0,0,0.55);border-style:solid;border-color:#FECC76;border-width:2px 2px 2px 2px;}<\/style>\t\t\t\t<\/div>\n\t\t\t\t<\/div>\n\t\t\t\t<div class=\"elementor-element elementor-element-iwgcc-judentum-d elementor-widget elementor-widget-text-editor\" data-id=\"iwgcc-judentum-d\" data-element_type=\"widget\" data-e-type=\"widget\" data-widget_type=\"text-editor.default\">\n\t\t\t\t\t\t\t\t\t<div data-nosnippet=\"true\"><p style=\"text-align:center;font-size:13px;opacity:0.7;margin-top:14px\" data-nosnippet=\"true\">Pers\u00f3nuleg reynsla getur veri\u00f0 mismunandi. Ekki l\u00e6kningat\u00e6ki. Engin lofor\u00f0 um l\u00e6kningu.<\/p><\/div>\t\t\t\t\t\t\t\t<\/div>\n\t\t\t\t\t<\/div>\n\t\t\t\t<\/div>\n\t\t\t\t\t<\/div>\n\t\t\t\t<\/div>\n\t\t<div class=\"elementor-element elementor-element-iwgkw-add-judentum e-flex e-con-boxed e-con e-parent\" data-id=\"iwgkw-add-judentum\" data-element_type=\"container\" data-e-type=\"container\">\n\t\t\t\t\t<div class=\"e-con-inner\">\n\t\t\t\t<div class=\"elementor-element elementor-element-iwgkw-add-judentum-t elementor-widget elementor-widget-text-editor\" data-id=\"iwgkw-add-judentum-t\" data-element_type=\"widget\" data-e-type=\"widget\" data-widget_type=\"text-editor.default\">\n\t\t\t\t\t\t\t\t\t<p><span class=\"iwg-fachbegriff\" data-tooltip=\"Heildarsafn hef\u00f0bundinna sagna um gu\u00f0i \u00ed \u00e1kve\u00f0inni menningu.\" tabindex=\"0\">Go\u00f0afr\u00e6\u00f0i<\/span> J\u00fadaisma samanstendur af bibl\u00edufr\u00e1s\u00f6gnum, rabb\u00ednskum \u00fatlistunum, Aggadah \u00far <span class=\"iwg-fachbegriff\" data-tooltip=\"Meginverk rabb\u00ednsks J\u00fadaisma me\u00f0 \u00fatlistun tr\u00faarlegrar hef\u00f0ar.\" tabindex=\"0\">Talm\u00fadinum<\/span> og kabbal\u00edskum og dulspekilegum arfleif\u00f0um.<\/p><p>Fr\u00e1 tr\u00faarbrag\u00f0afr\u00e6\u00f0ilegu sj\u00f3narhorni felur h\u00fan \u00ed s\u00e9r sk\u00f6punars\u00f6gur, stigveldi engla, dj\u00f6flagervi eins og Lilith og Asmodai, auk heimsslitaminna. \u00deessar hef\u00f0ir eru ekki einsleitar, heldur hafa \u00fe\u00e6r \u00fer\u00f3ast \u00ed aldal\u00f6ngu samtali milli <span class=\"iwg-fachbegriff\" data-tooltip=\"Fimm b\u00e6kur M\u00f3se, grundvallarritsafn J\u00fadaisma.\" tabindex=\"0\">Torah<\/span>, midrash og s\u00ed\u00f0ari <span class=\"iwg-fachbegriff\" data-tooltip=\"Tr\u00faarstefna sem leggur \u00e1herslu \u00e1 beina gu\u00f0supplifun.\" tabindex=\"0\">dulspeki<\/span>.<\/p>\t\t\t\t\t\t\t\t<\/div>\n\t\t\t\t\t<\/div>\n\t\t\t\t<\/div>\n\t\t<div class=\"elementor-element elementor-element-iwgssrev-judentum e-flex e-con-boxed e-con e-parent\" data-id=\"iwgssrev-judentum\" data-element_type=\"container\" data-e-type=\"container\">\n\t\t\t\t\t<div class=\"e-con-inner\">\n\t\t\t\t<div class=\"elementor-element elementor-element-iwgssrev-judentum-h elementor-widget elementor-widget-heading\" data-id=\"iwgssrev-judentum-h\" data-element_type=\"widget\" data-e-type=\"widget\" data-widget_type=\"heading.default\">\n\t\t\t\t\t<h2 class=\"elementor-heading-title elementor-size-default\">Verndart\u00e1kn \u00far J\u00fadaisma<\/h2>\t\t\t\t<\/div>\n\t\t\t\t<div class=\"elementor-element elementor-element-iwgssrev-judentum-t elementor-widget elementor-widget-text-editor\" data-id=\"iwgssrev-judentum-t\" data-element_type=\"widget\" data-e-type=\"widget\" data-widget_type=\"text-editor.default\">\n\t\t\t\t\t\t\t\t\t<p>Lex\u00edkoni\u00f0 um verndart\u00e1kn fjallar um nokkur t\u00e1kn og gripi \u00far J\u00fadaisma \u00e1 s\u00e9rst\u00f6kum s\u00ed\u00f0um: <a href=\"https:\/\/iwell-guard.com\/is\/?page_id=169181\">Chai<\/a>, <a href=\"https:\/\/iwell-guard.com\/is\/?page_id=169142\">Dav\u00ed\u00f0sstj\u00f6rnu<\/a>, <a href=\"https:\/\/iwell-guard.com\/is\/?page_id=169182\">kabbal\u00edskt verndargrip<\/a>, <a href=\"https:\/\/iwell-guard.com\/is\/?page_id=169222\">Lilith-verndargrip<\/a>, <a href=\"https:\/\/iwell-guard.com\/is\/?page_id=169143\">rau\u00f0an \u00fer\u00e1\u00f0<\/a>, <a href=\"https:\/\/iwell-guard.com\/is\/?page_id=169183\">Schiwiti<\/a> og <a href=\"https:\/\/iwell-guard.com\/is\/?page_id=169184\">Innsigli Sal\u00f3mons<\/a>. \u00deverskur\u00f0aryfirlit yfir menningarheima er a\u00f0 finna \u00e1 s\u00ed\u00f0unni um <a href=\"https:\/\/iwell-guard.com\/is\/?page_id=168902\">verndart\u00e1kn<\/a>.<\/p>\t\t\t\t\t\t\t\t<\/div>\n\t\t\t\t\t<\/div>\n\t\t\t\t<\/div>\n\t\t\t\t<\/div>\n\t\t","protected":false},"excerpt":{"rendered":"","protected":false},"author":3,"featured_media":1668,"parent":0,"menu_order":0,"comment_status":"closed","ping_status":"closed","template":"elementor_header_footer","meta":{"_yoast_wpseo_focuskw":"gy\u00f0ingaleg dj\u00f6full","_yoast_wpseo_title":"J\u00fadatr\u00fa - englar og dj\u00f6flar \u00far Talm\u00fad og kabbala","_yoast_wpseo_metadesc":"Verur \u00far hef\u00f0 j\u00fadatr\u00faar \u00e1 iWell Guard. Hef\u00f0 j\u00fadatr\u00faar fr\u00e1 forn\u00f6ld. Englafr\u00e6\u00f0i Hekalot-ritanna og kabbala, dj\u00f6flafr\u00e6\u00f0i fr\u00e1...","_yoast_wpseo_meta-robots-noindex":"","_yoast_wpseo_canonical":"","_angie_page":false,"gefaehrdungsstufe":"","wesen_kultur":"","wesen_klasse":"","footnotes":""},"categories":[],"class_list":["post-168596","page","type-page","status-publish","has-post-thumbnail","hentry"],"yoast_head":"<!-- This site is optimized with the Yoast SEO Premium plugin v27.7 (Yoast SEO v28.3) - https:\/\/yoast.com\/product\/yoast-seo-premium-wordpress\/ -->\n<title>J\u00fadatr\u00fa - englar og dj\u00f6flar \u00far Talm\u00fad og kabbala<\/title>\n<meta name=\"description\" content=\"Verur \u00far hef\u00f0 j\u00fadatr\u00faar \u00e1 iWell Guard. Hef\u00f0 j\u00fadatr\u00faar fr\u00e1 forn\u00f6ld. Englafr\u00e6\u00f0i Hekalot-ritanna og kabbala, dj\u00f6flafr\u00e6\u00f0i fr\u00e1...\" \/>\n<meta name=\"robots\" content=\"index, follow, max-snippet:-1, max-image-preview:large, max-video-preview:-1\" \/>\n<link rel=\"canonical\" href=\"https:\/\/iwell-guard.com\/is\/judatru\/\" \/>\n<meta property=\"og:locale\" content=\"is_IS\" \/>\n<meta property=\"og:type\" content=\"article\" \/>\n<meta property=\"og:title\" content=\"Judaismi\" \/>\n<meta property=\"og:description\" content=\"Verur \u00far hef\u00f0 j\u00fadatr\u00faar \u00e1 iWell Guard. Hef\u00f0 j\u00fadatr\u00faar fr\u00e1 forn\u00f6ld. Englafr\u00e6\u00f0i Hekalot-ritanna og kabbala, dj\u00f6flafr\u00e6\u00f0i fr\u00e1...\" \/>\n<meta property=\"og:url\" content=\"https:\/\/iwell-guard.com\/is\/judatru\/\" \/>\n<meta property=\"og:site_name\" content=\"iWell Guard\" \/>\n<meta property=\"article:modified_time\" content=\"2026-09-05T14:14:32+00:00\" \/>\n<meta property=\"og:image\" content=\"https:\/\/iwell-guard.com\/wp-content\/uploads\/2026\/04\/daemonen_judentum_asmodai.webp\" \/>\n\t<meta property=\"og:image:width\" content=\"1024\" \/>\n\t<meta property=\"og:image:height\" content=\"1536\" \/>\n\t<meta property=\"og:image:type\" content=\"image\/webp\" \/>\n<meta name=\"twitter:card\" content=\"summary_large_image\" \/>\n<script type=\"application\/ld+json\" class=\"yoast-schema-graph\">{\"@context\":\"https:\\\/\\\/schema.org\",\"@graph\":[{\"@type\":\"WebPage\",\"@id\":\"https:\\\/\\\/iwell-guard.com\\\/is\\\/judatru\\\/\",\"url\":\"https:\\\/\\\/iwell-guard.com\\\/is\\\/judatru\\\/\",\"name\":\"J\u00fadatr\u00fa - englar og dj\u00f6flar \u00far Talm\u00fad og kabbala\",\"isPartOf\":{\"@id\":\"https:\\\/\\\/iwell-guard.com\\\/is\\\/#website\"},\"primaryImageOfPage\":{\"@id\":\"https:\\\/\\\/iwell-guard.com\\\/is\\\/judatru\\\/#primaryimage\"},\"image\":{\"@id\":\"https:\\\/\\\/iwell-guard.com\\\/is\\\/judatru\\\/#primaryimage\"},\"thumbnailUrl\":\"https:\\\/\\\/iwell-guard.com\\\/wp-content\\\/uploads\\\/2026\\\/04\\\/daemonen_judentum_asmodai.webp\",\"datePublished\":\"2026-09-05T14:01:25+00:00\",\"dateModified\":\"2026-09-05T14:14:32+00:00\",\"description\":\"Verur \u00far hef\u00f0 j\u00fadatr\u00faar \u00e1 iWell Guard. Hef\u00f0 j\u00fadatr\u00faar fr\u00e1 forn\u00f6ld. Englafr\u00e6\u00f0i Hekalot-ritanna og kabbala, dj\u00f6flafr\u00e6\u00f0i fr\u00e1...\",\"breadcrumb\":{\"@id\":\"https:\\\/\\\/iwell-guard.com\\\/is\\\/judatru\\\/#breadcrumb\"},\"inLanguage\":\"is\",\"potentialAction\":[{\"@type\":\"ReadAction\",\"target\":[\"https:\\\/\\\/iwell-guard.com\\\/is\\\/judatru\\\/\"]}]},{\"@type\":\"ImageObject\",\"inLanguage\":\"is\",\"@id\":\"https:\\\/\\\/iwell-guard.com\\\/is\\\/judatru\\\/#primaryimage\",\"url\":\"https:\\\/\\\/iwell-guard.com\\\/wp-content\\\/uploads\\\/2026\\\/04\\\/daemonen_judentum_asmodai.webp\",\"contentUrl\":\"https:\\\/\\\/iwell-guard.com\\\/wp-content\\\/uploads\\\/2026\\\/04\\\/daemonen_judentum_asmodai.webp\",\"width\":1024,\"height\":1536,\"caption\":\"Dem\u00f3nar \u00far hef\u00f0 j\u00fadaisma.\"},{\"@type\":\"BreadcrumbList\",\"@id\":\"https:\\\/\\\/iwell-guard.com\\\/is\\\/judatru\\\/#breadcrumb\",\"itemListElement\":[{\"@type\":\"ListItem\",\"position\":1,\"name\":\"Start\",\"item\":\"https:\\\/\\\/iwell-guard.com\\\/is\\\/?page_id=168580\"},{\"@type\":\"ListItem\",\"position\":2,\"name\":\"Judaismi\"}]},{\"@type\":\"WebSite\",\"@id\":\"https:\\\/\\\/iwell-guard.com\\\/is\\\/#website\",\"url\":\"https:\\\/\\\/iwell-guard.com\\\/is\\\/\",\"name\":\"iWell Guard\",\"description\":\"Schutz vor dunklen Einfl\u00fcssen\",\"publisher\":{\"@id\":\"https:\\\/\\\/iwell-guard.com\\\/is\\\/#organization\"},\"potentialAction\":[{\"@type\":\"SearchAction\",\"target\":{\"@type\":\"EntryPoint\",\"urlTemplate\":\"https:\\\/\\\/iwell-guard.com\\\/is\\\/?s={search_term_string}\"},\"query-input\":{\"@type\":\"PropertyValueSpecification\",\"valueRequired\":true,\"valueName\":\"search_term_string\"}}],\"inLanguage\":\"is\"},{\"@type\":\"Organization\",\"@id\":\"https:\\\/\\\/iwell-guard.com\\\/is\\\/#organization\",\"name\":\"Ittermann electronic GmbH\",\"url\":\"https:\\\/\\\/iwell-guard.com\\\/is\\\/\",\"logo\":{\"@type\":\"ImageObject\",\"inLanguage\":\"is\",\"@id\":\"https:\\\/\\\/iwell-guard.com\\\/is\\\/#\\\/schema\\\/logo\\\/image\\\/\",\"url\":\"https:\\\/\\\/iwell-guard.com\\\/wp-content\\\/uploads\\\/2026\\\/05\\\/Ittermann-Logo-1182x237-1.png\",\"contentUrl\":\"https:\\\/\\\/iwell-guard.com\\\/wp-content\\\/uploads\\\/2026\\\/05\\\/Ittermann-Logo-1182x237-1.png\",\"width\":1182,\"height\":237,\"caption\":\"Ittermann electronic GmbH\"},\"image\":{\"@id\":\"https:\\\/\\\/iwell-guard.com\\\/is\\\/#\\\/schema\\\/logo\\\/image\\\/\"},\"sameAs\":[\"https:\\\/\\\/pantip.com\\\/profile\\\/9367242\",\"https:\\\/\\\/micro.blog\\\/iwellguard\",\"https:\\\/\\\/www.diggerslist.com\\\/iwellguard\\\/about\",\"https:\\\/\\\/skitterphoto.com\\\/photographers\\\/2870314\\\/iwell-guard\",\"https:\\\/\\\/iwellguard.wordpress.com\\\/2026\\\/06\\\/06\\\/iwell-guard\\\/\",\"https:\\\/\\\/hub.docker.com\\\/u\\\/iwellguard\",\"https:\\\/\\\/www.pinterest.com\\\/iwellguard\\\/\",\"https:\\\/\\\/bit.ly\\\/m\\\/iwellguard\",\"https:\\\/\\\/entre-vos-mains.alsace.eu\\\/profiles\\\/iwellguard\\\/activity\",\"https:\\\/\\\/gravatar.com\\\/reallybeded8fd34\",\"https:\\\/\\\/naijamatta.com\\\/iwellguard\",\"https:\\\/\\\/www.goodreads.com\\\/iwellguard\",\"https:\\\/\\\/profile.hatena.ne.jp\\\/iwellguard\\\/\",\"https:\\\/\\\/experiment.com\\\/users\\\/iwellguard\",\"https:\\\/\\\/wakelet.com\\\/@iWellGuard82270\",\"https:\\\/\\\/www.chordie.com\\\/forum\\\/profile.php?id=2555664\",\"https:\\\/\\\/www.instapaper.com\\\/p\\\/17757966\",\"https:\\\/\\\/www.mapleprimes.com\\\/users\\\/iwellguard\",\"https:\\\/\\\/businesslistingplus.com\\\/profile\\\/iwell-guard\\\/\",\"https:\\\/\\\/telegra.ph\\\/iWell-Guard-06-06\",\"https:\\\/\\\/pbase.com\\\/iwellguard\\\/iwellguard\",\"https:\\\/\\\/b.hatena.ne.jp\\\/iwellguard\\\/20260607#bookmark-4788405196491818882\",\"https:\\\/\\\/fliphtml5.com\\\/home\\\/iwellguard\",\"https:\\\/\\\/anyflip.com\\\/homepage\\\/cmiwl#About\",\"https:\\\/\\\/transfur.com\\\/Users\\\/iwellguard\",\"http:\\\/\\\/delphi.larsbo.org\\\/user\\\/iwellguard\",\"https:\\\/\\\/jobs.lajobsportal.org\\\/profiles\\\/8380803-iwell-guard\",\"https:\\\/\\\/md.chaosdorf.de\\\/s\\\/jfbe5SBdJD\",\"https:\\\/\\\/www.lingvolive.com\\\/en-us\\\/profile\\\/9ecaeaca-ce11-4e51-9e71-01d55e2bff36\\\/translations\",\"https:\\\/\\\/www.fitday.com\\\/fitness\\\/forums\\\/members\\\/iwellguard.html\",\"https:\\\/\\\/www.mymeetbook.com\\\/iwellguard\",\"https:\\\/\\\/pxhere.com\\\/en\\\/photographer-me\\\/5040798\",\"https:\\\/\\\/disqus.com\\\/by\\\/iwellguard\\\/about\\\/\",\"https:\\\/\\\/pastelink.net\\\/hjwciqwq\",\"https:\\\/\\\/pubhtml5.com\\\/homepage\\\/scjhn\\\/\",\"https:\\\/\\\/www.bitchute.com\\\/channel\\\/2O2eOKzNqujT\",\"https:\\\/\\\/audiomack.com\\\/iwellguard\"]}]}<\/script>\n<!-- \/ Yoast SEO Premium plugin. -->","yoast_head_json":{"title":"J\u00fadatr\u00fa - englar og dj\u00f6flar \u00far Talm\u00fad og kabbala","description":"Verur \u00far hef\u00f0 j\u00fadatr\u00faar \u00e1 iWell Guard. Hef\u00f0 j\u00fadatr\u00faar fr\u00e1 forn\u00f6ld. Englafr\u00e6\u00f0i Hekalot-ritanna og kabbala, dj\u00f6flafr\u00e6\u00f0i fr\u00e1...","robots":{"index":"index","follow":"follow","max-snippet":"max-snippet:-1","max-image-preview":"max-image-preview:large","max-video-preview":"max-video-preview:-1"},"canonical":"https:\/\/iwell-guard.com\/is\/judatru\/","og_locale":"is_IS","og_type":"article","og_title":"Judaismi","og_description":"Verur \u00far hef\u00f0 j\u00fadatr\u00faar \u00e1 iWell Guard. Hef\u00f0 j\u00fadatr\u00faar fr\u00e1 forn\u00f6ld. Englafr\u00e6\u00f0i Hekalot-ritanna og kabbala, dj\u00f6flafr\u00e6\u00f0i fr\u00e1...","og_url":"https:\/\/iwell-guard.com\/is\/judatru\/","og_site_name":"iWell Guard","article_modified_time":"2026-09-05T14:14:32+00:00","og_image":[{"width":1024,"height":1536,"url":"https:\/\/iwell-guard.com\/wp-content\/uploads\/2026\/04\/daemonen_judentum_asmodai.webp","type":"image\/webp"}],"twitter_card":"summary_large_image","schema":{"@context":"https:\/\/schema.org","@graph":[{"@type":"WebPage","@id":"https:\/\/iwell-guard.com\/is\/judatru\/","url":"https:\/\/iwell-guard.com\/is\/judatru\/","name":"J\u00fadatr\u00fa - englar og dj\u00f6flar \u00far Talm\u00fad og kabbala","isPartOf":{"@id":"https:\/\/iwell-guard.com\/is\/#website"},"primaryImageOfPage":{"@id":"https:\/\/iwell-guard.com\/is\/judatru\/#primaryimage"},"image":{"@id":"https:\/\/iwell-guard.com\/is\/judatru\/#primaryimage"},"thumbnailUrl":"https:\/\/iwell-guard.com\/wp-content\/uploads\/2026\/04\/daemonen_judentum_asmodai.webp","datePublished":"2026-09-05T14:01:25+00:00","dateModified":"2026-09-05T14:14:32+00:00","description":"Verur \u00far hef\u00f0 j\u00fadatr\u00faar \u00e1 iWell Guard. Hef\u00f0 j\u00fadatr\u00faar fr\u00e1 forn\u00f6ld. Englafr\u00e6\u00f0i Hekalot-ritanna og kabbala, dj\u00f6flafr\u00e6\u00f0i fr\u00e1...","breadcrumb":{"@id":"https:\/\/iwell-guard.com\/is\/judatru\/#breadcrumb"},"inLanguage":"is","potentialAction":[{"@type":"ReadAction","target":["https:\/\/iwell-guard.com\/is\/judatru\/"]}]},{"@type":"ImageObject","inLanguage":"is","@id":"https:\/\/iwell-guard.com\/is\/judatru\/#primaryimage","url":"https:\/\/iwell-guard.com\/wp-content\/uploads\/2026\/04\/daemonen_judentum_asmodai.webp","contentUrl":"https:\/\/iwell-guard.com\/wp-content\/uploads\/2026\/04\/daemonen_judentum_asmodai.webp","width":1024,"height":1536,"caption":"Dem\u00f3nar \u00far hef\u00f0 j\u00fadaisma."},{"@type":"BreadcrumbList","@id":"https:\/\/iwell-guard.com\/is\/judatru\/#breadcrumb","itemListElement":[{"@type":"ListItem","position":1,"name":"Start","item":"https:\/\/iwell-guard.com\/is\/?page_id=168580"},{"@type":"ListItem","position":2,"name":"Judaismi"}]},{"@type":"WebSite","@id":"https:\/\/iwell-guard.com\/is\/#website","url":"https:\/\/iwell-guard.com\/is\/","name":"iWell Guard","description":"Schutz vor dunklen Einfl\u00fcssen","publisher":{"@id":"https:\/\/iwell-guard.com\/is\/#organization"},"potentialAction":[{"@type":"SearchAction","target":{"@type":"EntryPoint","urlTemplate":"https:\/\/iwell-guard.com\/is\/?s={search_term_string}"},"query-input":{"@type":"PropertyValueSpecification","valueRequired":true,"valueName":"search_term_string"}}],"inLanguage":"is"},{"@type":"Organization","@id":"https:\/\/iwell-guard.com\/is\/#organization","name":"Ittermann electronic GmbH","url":"https:\/\/iwell-guard.com\/is\/","logo":{"@type":"ImageObject","inLanguage":"is","@id":"https:\/\/iwell-guard.com\/is\/#\/schema\/logo\/image\/","url":"https:\/\/iwell-guard.com\/wp-content\/uploads\/2026\/05\/Ittermann-Logo-1182x237-1.png","contentUrl":"https:\/\/iwell-guard.com\/wp-content\/uploads\/2026\/05\/Ittermann-Logo-1182x237-1.png","width":1182,"height":237,"caption":"Ittermann electronic GmbH"},"image":{"@id":"https:\/\/iwell-guard.com\/is\/#\/schema\/logo\/image\/"},"sameAs":["https:\/\/pantip.com\/profile\/9367242","https:\/\/micro.blog\/iwellguard","https:\/\/www.diggerslist.com\/iwellguard\/about","https:\/\/skitterphoto.com\/photographers\/2870314\/iwell-guard","https:\/\/iwellguard.wordpress.com\/2026\/06\/06\/iwell-guard\/","https:\/\/hub.docker.com\/u\/iwellguard","https:\/\/www.pinterest.com\/iwellguard\/","https:\/\/bit.ly\/m\/iwellguard","https:\/\/entre-vos-mains.alsace.eu\/profiles\/iwellguard\/activity","https:\/\/gravatar.com\/reallybeded8fd34","https:\/\/naijamatta.com\/iwellguard","https:\/\/www.goodreads.com\/iwellguard","https:\/\/profile.hatena.ne.jp\/iwellguard\/","https:\/\/experiment.com\/users\/iwellguard","https:\/\/wakelet.com\/@iWellGuard82270","https:\/\/www.chordie.com\/forum\/profile.php?id=2555664","https:\/\/www.instapaper.com\/p\/17757966","https:\/\/www.mapleprimes.com\/users\/iwellguard","https:\/\/businesslistingplus.com\/profile\/iwell-guard\/","https:\/\/telegra.ph\/iWell-Guard-06-06","https:\/\/pbase.com\/iwellguard\/iwellguard","https:\/\/b.hatena.ne.jp\/iwellguard\/20260607#bookmark-4788405196491818882","https:\/\/fliphtml5.com\/home\/iwellguard","https:\/\/anyflip.com\/homepage\/cmiwl#About","https:\/\/transfur.com\/Users\/iwellguard","http:\/\/delphi.larsbo.org\/user\/iwellguard","https:\/\/jobs.lajobsportal.org\/profiles\/8380803-iwell-guard","https:\/\/md.chaosdorf.de\/s\/jfbe5SBdJD","https:\/\/www.lingvolive.com\/en-us\/profile\/9ecaeaca-ce11-4e51-9e71-01d55e2bff36\/translations","https:\/\/www.fitday.com\/fitness\/forums\/members\/iwellguard.html","https:\/\/www.mymeetbook.com\/iwellguard","https:\/\/pxhere.com\/en\/photographer-me\/5040798","https:\/\/disqus.com\/by\/iwellguard\/about\/","https:\/\/pastelink.net\/hjwciqwq","https:\/\/pubhtml5.com\/homepage\/scjhn\/","https:\/\/www.bitchute.com\/channel\/2O2eOKzNqujT","https:\/\/audiomack.com\/iwellguard"]}]}},"_links":{"self":[{"href":"https:\/\/iwell-guard.com\/is\/wp-json\/wp\/v2\/pages\/168596","targetHints":{"allow":["GET"]}}],"collection":[{"href":"https:\/\/iwell-guard.com\/is\/wp-json\/wp\/v2\/pages"}],"about":[{"href":"https:\/\/iwell-guard.com\/is\/wp-json\/wp\/v2\/types\/page"}],"author":[{"embeddable":true,"href":"https:\/\/iwell-guard.com\/is\/wp-json\/wp\/v2\/users\/3"}],"replies":[{"embeddable":true,"href":"https:\/\/iwell-guard.com\/is\/wp-json\/wp\/v2\/comments?post=168596"}],"version-history":[{"count":0,"href":"https:\/\/iwell-guard.com\/is\/wp-json\/wp\/v2\/pages\/168596\/revisions"}],"wp:featuredmedia":[{"embeddable":true,"href":"https:\/\/iwell-guard.com\/is\/wp-json\/wp\/v2\/media\/1668"}],"wp:attachment":[{"href":"https:\/\/iwell-guard.com\/is\/wp-json\/wp\/v2\/media?parent=168596"}],"wp:term":[{"taxonomy":"category","embeddable":true,"href":"https:\/\/iwell-guard.com\/is\/wp-json\/wp\/v2\/categories?post=168596"}],"curies":[{"name":"wp","href":"https:\/\/api.w.org\/{rel}","templated":true}]}}