{"id":168587,"date":"2026-09-05T14:01:21","date_gmt":"2026-09-05T14:01:21","guid":{"rendered":"https:\/\/iwell-guard.com\/?page_id=168587"},"modified":"2026-09-05T14:14:19","modified_gmt":"2026-09-05T14:14:19","slug":"gallu","status":"publish","type":"page","link":"https:\/\/iwell-guard.com\/is\/gallu\/","title":{"rendered":"Gallu"},"content":{"rendered":"\t\t<div data-elementor-type=\"wp-page\" data-elementor-id=\"168587\" class=\"elementor elementor-168587 elementor-724\" data-elementor-post-type=\"page\">\n\t\t\t\t<div class=\"elementor-element elementor-element-10fdade e-flex e-con-boxed e-con e-parent\" data-id=\"10fdade\" data-element_type=\"container\" data-e-type=\"container\" data-settings=\"{&quot;background_background&quot;:&quot;classic&quot;}\">\n\t\t\t\t\t<div class=\"e-con-inner\">\n\t\t<div class=\"elementor-element elementor-element-herohlft0 e-flex e-con-boxed e-con e-child\" data-id=\"herohlft0\" data-element_type=\"container\" data-e-type=\"container\">\n\t\t\t\t\t<div class=\"e-con-inner\">\n\t\t<div class=\"elementor-element elementor-element-c3ceb64 e-con-full e-flex e-con e-child\" data-id=\"c3ceb64\" data-element_type=\"container\" data-e-type=\"container\">\n\t\t\t\t<div class=\"elementor-element elementor-element-96ae5e1 elementor-widget elementor-widget-heading\" data-id=\"96ae5e1\" data-element_type=\"widget\" data-e-type=\"widget\" data-widget_type=\"heading.default\">\n\t\t\t\t\t<h1 class=\"elementor-heading-title elementor-size-default\">Gallu, dj\u00f6full \u00far mes\u00f3p\u00f3tam\u00edskri hef\u00f0<\/h1>\t\t\t\t<\/div>\n\t\t\t\t<div class=\"elementor-element elementor-element-e45238a elementor-widget elementor-widget-text-editor\" data-id=\"e45238a\" data-element_type=\"widget\" data-e-type=\"widget\" data-widget_type=\"text-editor.default\">\n\t\t\t\t\t\t\t\t\t<p><strong>Undirheimadj\u00f6flar, sendibo\u00f0ar og fullnustumenn hins framli\u00f0na.<\/strong><\/p>\t\t\t\t\t\t\t\t<\/div>\n\t\t\t\t<\/div>\n\t\t<div class=\"elementor-element elementor-element-klsbdg01 e-con-full e-flex e-con e-parent\" data-id=\"klsbdg01\" data-element_type=\"container\" data-e-type=\"container\">\n\t\t\t\t<div class=\"elementor-element elementor-element-klshtm01 elementor-widget elementor-widget-html\" data-id=\"klshtm01\" data-element_type=\"widget\" data-e-type=\"widget\" data-widget_type=\"html.default\">\n\t\t\t\t\t<div class=\"iwg-pill-row\"><span class=\"iwg-klasse-badge\" tabindex=\"0\" data-tooltip=\"D\u00e6mon: Yfirn\u00e1tt\u00faruleg vera me\u00f0 a\u00f0 mestu ska\u00f0leg e\u00f0a tv\u00edr\u00e6\u00f0 \u00e1hrif. Stendur \u00e1 milli gu\u00f0a og manna, veldur sj\u00fakd\u00f3mum, freistingum e\u00f0a \u00f3l\u00e1ni og er hrakin \u00e1 brott me\u00f0 \u00e1kalli, verndargripum og ath\u00f6fnum.\">D\u00e6mon<\/span><a href=\"https:\/\/iwell-guard.com\/is\/?page_id=168583\" class=\"iwg-kultur-badge\" tabindex=\"0\" data-tooltip=\"Vagga skjalfestra tr\u00faarbrag\u00f0a, S\u00famer, Akkad, Bab\u00fdlon, Ass\u00fdr\u00eda (u.\u00fe.b. 3500 f.Kr. til 330 f.Kr.).\">Mes\u00f3p\u00f3tam\u00eda<\/a><\/div>\t\t\t\t<\/div>\n\t\t\t\t<\/div>\n\t\t<div class=\"elementor-element elementor-element-3f74855 e-con-full e-flex e-con e-child\" data-id=\"3f74855\" data-element_type=\"container\" data-e-type=\"container\">\n\t\t\t\t<div class=\"elementor-element elementor-element-1c30362 elementor-toc--minimized-on-tablet elementor-widget elementor-widget-table-of-contents\" data-id=\"1c30362\" data-element_type=\"widget\" data-e-type=\"widget\" data-settings=\"{&quot;exclude_headings_by_selector&quot;:[],&quot;no_headings_message&quot;:&quot;Engar undirfyrirsagnir fundust \\u00e1 \\u00feessari s\\u00ed\\u00f0u.&quot;,&quot;headings_by_tags&quot;:[&quot;h2&quot;,&quot;h3&quot;],&quot;marker_view&quot;:&quot;bullets&quot;,&quot;icon&quot;:{&quot;value&quot;:&quot;fas fa-circle&quot;,&quot;library&quot;:&quot;fa-solid&quot;,&quot;rendered_tag&quot;:&quot;&lt;svg class=\\&quot;e-font-icon-svg e-fas-circle\\&quot; viewBox=\\&quot;0 0 512 512\\&quot; xmlns=\\&quot;http:\\\/\\\/www.w3.org\\\/2000\\\/svg\\&quot;&gt;&lt;path d=\\&quot;M256 8C119 8 8 119 8 256s111 248 248 248 248-111 248-248S393 8 256 8z\\&quot;&gt;&lt;\\\/path&gt;&lt;\\\/svg&gt;&quot;},&quot;minimize_box&quot;:&quot;yes&quot;,&quot;minimized_on&quot;:&quot;tablet&quot;,&quot;hierarchical_view&quot;:&quot;yes&quot;,&quot;min_height&quot;:{&quot;unit&quot;:&quot;px&quot;,&quot;size&quot;:&quot;&quot;,&quot;sizes&quot;:[]},&quot;min_height_tablet&quot;:{&quot;unit&quot;:&quot;px&quot;,&quot;size&quot;:&quot;&quot;,&quot;sizes&quot;:[]},&quot;min_height_mobile&quot;:{&quot;unit&quot;:&quot;px&quot;,&quot;size&quot;:&quot;&quot;,&quot;sizes&quot;:[]}}\" data-widget_type=\"table-of-contents.default\">\n\t\t\t\t\t\t\t\t\t<div class=\"elementor-toc__header\">\n\t\t\t\t\t\t<h2 class=\"elementor-toc__header-title\">\n\t\t\t\tEfnisyfirlit\t\t\t<\/h2>\n\t\t\t\t\t\t\t\t\t\t<div class=\"elementor-toc__toggle-button elementor-toc__toggle-button--expand\" role=\"button\" tabindex=\"0\" aria-controls=\"elementor-toc__1c30362\" aria-expanded=\"true\" aria-label=\"Open table of contents\"><svg aria-hidden=\"true\" class=\"e-font-icon-svg e-fas-chevron-down\" viewBox=\"0 0 448 512\" xmlns=\"http:\/\/www.w3.org\/2000\/svg\"><path d=\"M207.029 381.476L12.686 187.132c-9.373-9.373-9.373-24.569 0-33.941l22.667-22.667c9.357-9.357 24.522-9.375 33.901-.04L224 284.505l154.745-154.021c9.379-9.335 24.544-9.317 33.901.04l22.667 22.667c9.373 9.373 9.373 24.569 0 33.941L240.971 381.476c-9.373 9.372-24.569 9.372-33.942 0z\"><\/path><\/svg><\/div>\n\t\t\t\t<div class=\"elementor-toc__toggle-button elementor-toc__toggle-button--collapse\" role=\"button\" tabindex=\"0\" aria-controls=\"elementor-toc__1c30362\" aria-expanded=\"true\" aria-label=\"Close table of contents\"><svg aria-hidden=\"true\" class=\"e-font-icon-svg e-fas-chevron-up\" viewBox=\"0 0 448 512\" xmlns=\"http:\/\/www.w3.org\/2000\/svg\"><path d=\"M240.971 130.524l194.343 194.343c9.373 9.373 9.373 24.569 0 33.941l-22.667 22.667c-9.357 9.357-24.522 9.375-33.901.04L224 227.495 69.255 381.516c-9.379 9.335-24.544 9.317-33.901-.04l-22.667-22.667c-9.373-9.373-9.373-24.569 0-33.941L207.03 130.525c9.372-9.373 24.568-9.373 33.941-.001z\"><\/path><\/svg><\/div>\n\t\t\t\t\t<\/div>\n\t\t\t\t<div id=\"elementor-toc__1c30362\" class=\"elementor-toc__body\">\n\t\t\t<div class=\"elementor-toc__spinner-container\">\n\t\t\t\t<svg class=\"elementor-toc__spinner eicon-animation-spin e-font-icon-svg e-eicon-loading\" aria-hidden=\"true\" viewBox=\"0 0 1000 1000\" xmlns=\"http:\/\/www.w3.org\/2000\/svg\"><path d=\"M500 975V858C696 858 858 696 858 500S696 142 500 142 142 304 142 500H25C25 237 238 25 500 25S975 237 975 500 763 975 500 975Z\"><\/path><\/svg>\t\t\t<\/div>\n\t\t<\/div>\n\t\t\t\t\t\t<\/div>\n\t\t\t\t<\/div>\n\t\t\t\t\t<\/div>\n\t\t\t\t<\/div>\n\t\t<div class=\"elementor-element elementor-element-herorght0 e-con-full e-flex e-con e-child\" data-id=\"herorght0\" data-element_type=\"container\" data-e-type=\"container\">\n\t\t\t\t<div class=\"elementor-element elementor-element-heroimg00 iwg-hero-image elementor-widget elementor-widget-image\" data-id=\"heroimg00\" data-element_type=\"widget\" data-e-type=\"widget\" data-widget_type=\"image.default\">\n\t\t\t\t\t\t\t\t\t\t\t\t\t\t\t<img fetchpriority=\"high\" decoding=\"async\" width=\"683\" height=\"1024\" src=\"https:\/\/iwell-guard.com\/wp-content\/uploads\/2026\/04\/daemonen_mesopotamien_gallu-683x1024.webp\" class=\"attachment-large size-large wp-image-170995\" alt=\"Gallu - dj\u00f6flar \u00far mes\u00f3p\u00f3tam\u00edskri hef\u00f0, s\u00f6gulega myndskreytt\" srcset=\"https:\/\/iwell-guard.com\/wp-content\/uploads\/2026\/04\/daemonen_mesopotamien_gallu-683x1024.webp 683w, https:\/\/iwell-guard.com\/wp-content\/uploads\/2026\/04\/daemonen_mesopotamien_gallu-200x300.webp 200w, https:\/\/iwell-guard.com\/wp-content\/uploads\/2026\/04\/daemonen_mesopotamien_gallu-768x1152.webp 768w, https:\/\/iwell-guard.com\/wp-content\/uploads\/2026\/04\/daemonen_mesopotamien_gallu.webp 1024w\" sizes=\"(max-width: 683px) 100vw, 683px\" \/>\t\t\t\t\t\t\t\t\t\t\t\t\t\t\t<\/div>\n\t\t\t\t<\/div>\n\t\t\t\t\t<\/div>\n\t\t\t\t<\/div>\n\t\t<div class=\"elementor-element elementor-element-32917199 e-flex e-con-boxed e-con e-parent\" data-id=\"32917199\" data-element_type=\"container\" data-e-type=\"container\">\n\t\t\t\t\t<div class=\"e-con-inner\">\n\t\t<div class=\"elementor-element elementor-element-26e916cb e-flex e-con-boxed e-con e-child\" data-id=\"26e916cb\" data-element_type=\"container\" data-e-type=\"container\">\n\t\t\t\t\t<div class=\"e-con-inner\">\n\t\t<div class=\"elementor-element elementor-element-253a40d4 e-flex e-con-boxed e-con e-child\" data-id=\"253a40d4\" data-element_type=\"container\" data-e-type=\"container\">\n\t\t\t\t\t<div class=\"e-con-inner\">\n\t\t\t\t<div class=\"elementor-element elementor-element-1200c304 elementor-widget elementor-widget-heading\" data-id=\"1200c304\" data-element_type=\"widget\" data-e-type=\"widget\" data-widget_type=\"heading.default\">\n\t\t\t\t\t<h2 class=\"elementor-heading-title elementor-size-default\">Gallu<\/h2>\t\t\t\t<\/div>\n\t\t\t\t<div class=\"elementor-element elementor-element-11758e7f elementor-widget elementor-widget-text-editor\" data-id=\"11758e7f\" data-element_type=\"widget\" data-e-type=\"widget\" data-widget_type=\"text-editor.default\">\n\t\t\t\t\t\t\t\t\t<p>Gallu er <span class=\"iwg-fachbegriff\" data-tooltip=\"Andleg vera sem talin er hafa ska\u00f0leg e\u00f0a tv\u00edbent \u00e1hrif.\" tabindex=\"0\">dj\u00f6full<\/span> \u00far mes\u00f3p\u00f3tam\u00edskri hef\u00f0.<\/p><p>Gall\u00fb-verurnar teljast til elstu skjalfestu dj\u00f6flagerva Mes\u00f3p\u00f3tam\u00edu. \u00de\u00e6r tengjast undirheimunum og drottningu \u00feeirra, Ere\u0161kigal, n\u00e1i\u00f0 og koma fram \u00ed go\u00f0s\u00f6gnum og \u00ed helgisi\u00f0atextum sem fullnustumenn dau\u00f0ans. Einkennandi fyrir \u00fe\u00e6r er fr\u00e1hvarfi\u00f0: textarnir leggja \u00e1herslu \u00e1 a\u00f0 \u00fe\u00e6r taka ekki vi\u00f0 mat e\u00f0a drykk, kannast ekki vi\u00f0 gjafir e\u00f0a s\u00e6tleika. \u00de\u00e6r eru ekki umsemjanlegar.<\/p><p>\u00cd hinni fr\u00e6gu s\u00f6gu um f\u00f6r Inn\u00f6nu til undirheima eru \u00fea\u00f0 Gall\u00fb-verurnar sem krefjast sta\u00f0gengils fyrir gy\u00f0juna og lei\u00f0a Dumuzi til undirheima. \u00deessi sena hefur m\u00f3ta\u00f0 \u00edmyndina allt til \u00feessa dags: Gall\u00fb eru sendibo\u00f0arnir sem koma \u00feegar t\u00edmi manneskju er \u00e1 enda.<\/p>\t\t\t\t\t\t\t\t<\/div>\n\t\t\t\t\t<\/div>\n\t\t\t\t<\/div>\n\t\t<div class=\"elementor-element elementor-element-159dcf9a e-flex e-con-boxed e-con e-child\" data-id=\"159dcf9a\" data-element_type=\"container\" data-e-type=\"container\">\n\t\t\t\t\t<div class=\"e-con-inner\">\n\t\t\t\t<div class=\"elementor-element elementor-element-48cee66f elementor-widget elementor-widget-heading\" data-id=\"48cee66f\" data-element_type=\"widget\" data-e-type=\"widget\" data-widget_type=\"heading.default\">\n\t\t\t\t\t<div class=\"elementor-heading-title elementor-size-default\">Stutt yfirlit: Gallu<\/div>\t\t\t\t<\/div>\n\t\t\t\t<div class=\"elementor-element elementor-element-3f50d82c elementor-widget elementor-widget-text-editor\" data-id=\"3f50d82c\" data-element_type=\"widget\" data-e-type=\"widget\" data-widget_type=\"text-editor.default\">\n\t\t\t\t\t\t\t\t\t<p>Gallu (akkad\u00edska: gal-lu, \u201ehinn mikli\u201c) eru dj\u00f6fullegar verur e\u00f0a undirheimadj\u00f6flar \u00ed mes\u00f3p\u00f3tam\u00edskri <span class=\"iwg-fachbegriff\" data-tooltip=\"Heild \u00feeirra go\u00f0sagna um gu\u00f0i sem var\u00f0veist hafa \u00ed tiltekinni menningu.\" tabindex=\"0\">go\u00f0afr\u00e6\u00f0i<\/span>. \u00deeirra er geti\u00f0 \u00ed fleygr\u00fanartextum allt fr\u00e1 S\u00famer til Bab\u00fdlon og eru \u00fe\u00e6r oft l\u00fdstar sem undirs\u00e1tar undirheimagy\u00f0junnar Ereshkigal e\u00f0a dau\u00f0agu\u00f0sins Nergal. \u00de\u00e6r pers\u00f3nugera sj\u00fakd\u00f3ma, pl\u00e1gur og skj\u00f3tan dau\u00f0a.<\/p>\t\t\t\t\t\t\t\t<\/div>\n\t\t\t\t\t<\/div>\n\t\t\t\t<\/div>\n\t\t\t\t\t<\/div>\n\t\t\t\t<\/div>\n\t\t\t\t\t<\/div>\n\t\t\t\t<\/div>\n\t\t<div class=\"elementor-element elementor-element-18613602 e-flex e-con-boxed e-con e-parent\" data-id=\"18613602\" data-element_type=\"container\" data-e-type=\"container\">\n\t\t\t\t\t<div class=\"e-con-inner\">\n\t\t\t\t<div class=\"elementor-element elementor-element-262b8a9f elementor-widget elementor-widget-heading\" data-id=\"262b8a9f\" data-element_type=\"widget\" data-e-type=\"widget\" data-widget_type=\"heading.default\">\n\t\t\t\t\t<h2 class=\"elementor-heading-title elementor-size-default\">Samhengi<\/h2>\t\t\t\t<\/div>\n\t\t<div class=\"elementor-element elementor-element-46dcb7d e-con-full e-flex e-con e-child\" data-id=\"46dcb7d\" data-element_type=\"container\" data-e-type=\"container\">\n\t\t<div class=\"elementor-element elementor-element-61d3ab3 e-flex e-con-boxed e-con e-child\" data-id=\"61d3ab3\" data-element_type=\"container\" data-e-type=\"container\">\n\t\t\t\t\t<div class=\"e-con-inner\">\n\t\t\t\t<div class=\"elementor-element elementor-element-117c166 elementor-widget elementor-widget-heading\" data-id=\"117c166\" data-element_type=\"widget\" data-e-type=\"widget\" data-widget_type=\"heading.default\">\n\t\t\t\t\t<div class=\"elementor-heading-title elementor-size-default\">T\u00edmabil textanna<\/div>\t\t\t\t<\/div>\n\t\t\t\t<div class=\"elementor-element elementor-element-73997a0 elementor-widget elementor-widget-text-editor\" data-id=\"73997a0\" data-element_type=\"widget\" data-e-type=\"widget\" data-widget_type=\"text-editor.default\">\n\t\t\t\t\t\t\t\t\t<p>V\u00edsbendingar um Gall\u00fb n\u00e1 fr\u00e1 fornum s\u00famerskum go\u00f0s\u00f6gnum (3. \u00e1r\u00fe\u00fasund f.Kr.) til n\u00fdbab\u00fdlonska og akemen\u00edda t\u00edmans. Enginn annar dj\u00f6flaflokkur er skjalfestur me\u00f0 jafn st\u00f6\u00f0ugum h\u00e6tti \u00ed gegnum menningars\u00f6gu Mes\u00f3p\u00f3tam\u00edu.<\/p><p><strong>Go\u00f0afr\u00e6\u00f0ileg sta\u00f0setning<\/strong><\/p><p><em>Gallu<\/em>, einn af dj\u00f6flum undirheimanna, er vera sem \u00fej\u00f3nar <em>Ereshkigal<\/em>, drottningu undirheimanna. <em>Gallu<\/em> eru ekki nau\u00f0synlega illar \u00ed si\u00f0fer\u00f0ilegum skilningi, heldur eru \u00fe\u00e6r fremur umbo\u00f0smenn vilja <em>Ereshkigal<\/em>, fullnustumenn skipana hennar, s\u00e1lnavei\u00f0arar og fylgdarmenn hinna dau\u00f0u til undirheima.<\/p><p>\u00de\u00e6r eru \u00f3ttast, \u00fev\u00ed komu \u00feeirra fylgir dau\u00f0inn. <em>Gallu<\/em> m\u00e1 einnig skilja sem dj\u00f6fla sj\u00fakd\u00f3ma og skj\u00f3ts dau\u00f0a, sem s\u00e6kja f\u00f3lk af yfirbor\u00f0i jar\u00f0ar. \u00de\u00e6r t\u00e1kna \u00f3hj\u00e1kv\u00e6mni og hlutl\u00e6gni dau\u00f0ans.<\/p>\t\t\t\t\t\t\t\t<\/div>\n\t\t\t\t\t<\/div>\n\t\t\t\t<\/div>\n\t\t<div class=\"elementor-element elementor-element-d47b156 e-flex e-con-boxed e-con e-child\" data-id=\"d47b156\" data-element_type=\"container\" data-e-type=\"container\">\n\t\t\t\t\t<div class=\"e-con-inner\">\n\t\t\t\t<div class=\"elementor-element elementor-element-ff38c2b elementor-widget elementor-widget-heading\" data-id=\"ff38c2b\" data-element_type=\"widget\" data-e-type=\"widget\" data-widget_type=\"heading.default\">\n\t\t\t\t\t<div class=\"elementor-heading-title elementor-size-default\">\u00datbrei\u00f0slusv\u00e6\u00f0i<\/div>\t\t\t\t<\/div>\n\t\t\t\t<div class=\"elementor-element elementor-element-4e49fcc elementor-widget elementor-widget-text-editor\" data-id=\"4e49fcc\" data-element_type=\"widget\" data-e-type=\"widget\" data-widget_type=\"text-editor.default\">\n\t\t\t\t\t\t\t\t\t<p>Gallu eru einkum skjalfestar \u00ed bab\u00fdlonskum og ass\u00fdr\u00edskum leirt\u00f6flum, s\u00e9rstaklega \u00ed umritunum af f\u00f6r til undirheima (Inn\u00f6nu-Ereshkigal-hringr\u00e1sinni, a\u00f0 hluta til \u00ed samhli\u00f0a textum \u00e1 hitt\u00edsku). \u00deeirra var f\u00e6lst \u00ed \u00f6llu Tv\u00edfl\u00e6\u00f0ilandinu, fr\u00e1 S\u00famer til Ass\u00fdr\u00edu, og gegn \u00feeim var beitt s\u00e6ringum og verndarath\u00f6fnum (ap\u00f3tr\u00f3paia).<\/p>\t\t\t\t\t\t\t\t<\/div>\n\t\t\t\t\t<\/div>\n\t\t\t\t<\/div>\n\t\t\t\t<\/div>\n\t\t<div class=\"elementor-element elementor-element-db03c39 e-con-full e-flex e-con e-child\" data-id=\"db03c39\" data-element_type=\"container\" data-e-type=\"container\">\n\t\t<div class=\"elementor-element elementor-element-229a87b e-flex e-con-boxed e-con e-child\" data-id=\"229a87b\" data-element_type=\"container\" data-e-type=\"container\">\n\t\t\t\t\t<div class=\"e-con-inner\">\n\t\t\t\t<div class=\"elementor-element elementor-element-1f471fc elementor-widget elementor-widget-heading\" data-id=\"1f471fc\" data-element_type=\"widget\" data-e-type=\"widget\" data-widget_type=\"heading.default\">\n\t\t\t\t\t<div class=\"elementor-heading-title elementor-size-default\">Heimildasta\u00f0a<\/div>\t\t\t\t<\/div>\n\t\t\t\t<div class=\"elementor-element elementor-element-36b1201 elementor-widget elementor-widget-text-editor\" data-id=\"36b1201\" data-element_type=\"widget\" data-e-type=\"widget\" data-widget_type=\"text-editor.default\">\n\t\t\t\t\t\t\t\t\t<p>Heimildir um Gallu eru brotakenndar. Frumtextar eru fleygr\u00fanargo\u00f0sagnir og skr\u00e1r fr\u00e1 Gamla Bab\u00fdlon (um 1800\u20131600 f.Kr.) auk s\u00ed\u00f0ari samhli\u00f0a ass\u00fdr\u00edskra texta.<\/p><p>Ass\u00fdr\u00edufr\u00e6\u00f0ingarnir Bott\u00e9ro, Wiggermann og Schwemer hafa greint \u00feessar heimildir og fellt \u00fe\u00e6r inn \u00ed samhengi mes\u00f3p\u00f3tam\u00edskrar dj\u00f6flafr\u00e6\u00f0i. \u00d6rugg greining einstakra Gallu-gerva er \u00ed dag erfi\u00f0, \u00fev\u00ed t\u00f6flurnar eru oft a\u00f0 hluta skemmdar og s\u00fdna nafnabreytileika.<\/p>\t\t\t\t\t\t\t\t<\/div>\n\t\t\t\t\t<\/div>\n\t\t\t\t<\/div>\n\t\t\t\t<\/div>\n\t\t\t\t\t<\/div>\n\t\t\t\t<\/div>\n\t\t<div class=\"elementor-element elementor-element-3ae0637c e-flex e-con-boxed e-con e-parent\" data-id=\"3ae0637c\" data-element_type=\"container\" data-e-type=\"container\">\n\t\t\t\t\t<div class=\"e-con-inner\">\n\t\t\t\t<div class=\"elementor-element elementor-element-31d07739 elementor-widget elementor-widget-heading\" data-id=\"31d07739\" data-element_type=\"widget\" data-e-type=\"widget\" data-widget_type=\"heading.default\">\n\t\t\t\t\t<h2 class=\"elementor-heading-title elementor-size-default\">Nafn og heiti<\/h2>\t\t\t\t<\/div>\n\t\t<div class=\"elementor-element elementor-element-b7642947 e-con-full e-flex e-con e-child\" data-id=\"b7642947\" data-element_type=\"container\" data-e-type=\"container\">\n\t\t\t\t<div class=\"elementor-element elementor-element-a086266 elementor-widget elementor-widget-text-editor\" data-id=\"a086266\" data-element_type=\"widget\" data-e-type=\"widget\" data-widget_type=\"text-editor.default\">\n\t\t\t\t\t\t\t\t\t<p><strong>S\u00famerska:<\/strong> <em>gal-l\u00e1<\/em>.<br>Akkad\u00edska: <em>gall\u00fb<\/em>.<br>Algengt \u00ed h\u00f3ptali: oft nefnt \u201esj\u00f6 Gall\u00fb\u201c, d\u00e6migert fullt\u00f6lu-<span class=\"iwg-fachbegriff\" data-tooltip=\"Endurteki\u00f0 innihaldsstef \u00ed list e\u00f0a fr\u00e1s\u00f6gn.\" tabindex=\"0\">stef<\/span> \u00ed mes\u00f3p\u00f3tam\u00edskri dj\u00f6flafr\u00e6\u00f0i.<\/p><p>Uppruni or\u00f0sins er umdeildur; r\u00e6tt hefur veri\u00f0 um tengsl vi\u00f0 hugt\u00f6k fyrir \u201efullnustumann\u201c e\u00f0a \u201eofbeldi\u201c. Mikilv\u00e6gara en or\u00f0sifjafr\u00e6\u00f0in er fastm\u00f3ta\u00f0 hlutverki\u00f0: Gall\u00fb eru alltaf framkv\u00e6mdara\u00f0ilar, sjaldan sj\u00e1lfst\u00e6\u00f0ar pers\u00f3nur. \u00de\u00e6r koma yfirleitt fram \u00ed h\u00f3pum, starfa \u00ed umbo\u00f0i undirheimanna og eru nafnlausar.<\/p>\t\t\t\t\t\t\t\t<\/div>\n\t\t\t\t<\/div>\n\t\t\t\t\t<\/div>\n\t\t\t\t<\/div>\n\t\t<div class=\"elementor-element elementor-element-709a44a8 e-flex e-con-boxed e-con e-parent\" data-id=\"709a44a8\" data-element_type=\"container\" data-e-type=\"container\">\n\t\t\t\t\t<div class=\"e-con-inner\">\n\t\t\t\t<div class=\"elementor-element elementor-element-2f585873 elementor-widget elementor-widget-heading\" data-id=\"2f585873\" data-element_type=\"widget\" data-e-type=\"widget\" data-widget_type=\"heading.default\">\n\t\t\t\t\t<h2 class=\"elementor-heading-title elementor-size-default\">L\u00fdsing<\/h2>\t\t\t\t<\/div>\n\t\t<div class=\"elementor-element elementor-element-70621c12 e-con-full e-flex e-con e-child\" data-id=\"70621c12\" data-element_type=\"container\" data-e-type=\"container\">\n\t\t\t\t<div class=\"elementor-element elementor-element-4296eb49 elementor-widget elementor-widget-text-editor\" data-id=\"4296eb49\" data-element_type=\"widget\" data-e-type=\"widget\" data-widget_type=\"text-editor.default\">\n\t\t\t\t\t\t\t\t\t<p><strong>\u00c1s\u00fdnd<\/strong><\/p><p>Textarnir l\u00fdsa Gall\u00fb-verunum fremur me\u00f0 \u00fev\u00ed sem \u00fe\u00e6r <em>ekki<\/em> eru. \u00de\u00e6r kannast ekki vi\u00f0 mat, \u00feorsta, gjafir e\u00f0a s\u00e6tleika. \u00dear sem myndl\u00fdsingar koma fram eru \u00fe\u00e6r skuggalegar, \u00f3gnvekjandi og erfitt a\u00f0 festa hendur \u00e1. \u00de\u00e6r tilheyra \u00feannig fremur hinum \u00f3\u00e1\u00fereifanlegu dj\u00f6flum Mes\u00f3p\u00f3tam\u00edu.<\/p><p><strong>Heg\u00f0un<\/strong><\/p><p>Gall\u00fb koma til a\u00f0 s\u00e6kja. \u00de\u00e6r flytja s\u00e1lir hinna deyjandi til undirheima, krefjast sta\u00f0gengils \u00feegar reglan hefur veri\u00f0 rofin, og fullnusta d\u00f3ma dau\u00f0ar\u00edkisins. A\u00f0ger\u00f0ir \u00feeirra eru markvissar og ekki umsemjanlegar; gjafir e\u00f0a s\u00e6ringar hafa a\u00f0eins \u00e1hrif innan \u00fer\u00f6ngra helgisi\u00f0amarka.<\/p><p><strong>Verksvi\u00f0<\/strong><\/p><p>Umskiptin milli l\u00edfs og dau\u00f0a, d\u00e1narbe\u00f0i\u00f0, sta\u00f0ir ofbeldisfulls dau\u00f0a, helgisi\u00f0aleg \u00fer\u00f6skulds\u00e1stand. \u00de\u00e6r starfa \u00fear sem \u00e1kv\u00f6r\u00f0un er tekin um l\u00edf e\u00f0a dau\u00f0a, e\u00f0a \u00fear sem hinn heimsfr\u00e6\u00f0ilega skipulagning krefst sta\u00f0gengils.<\/p><p><strong>Go\u00f0afr\u00e6\u00f0ilegur uppruni<\/strong><\/p><p>Gall\u00fb eru \u00fej\u00f3nar undirheimanna, s\u00e9rstaklega Ere\u0161kigal. \u00cd \u201eF\u00f6r Inn\u00f6nu til undirheima\u201c koma \u00fe\u00e6r fram sem h\u00f3pur sem \u00fer\u00fdstir gy\u00f0junni ni\u00f0ur til undirheima og krefst s\u00ed\u00f0ar Dumuzi sem sta\u00f0gengils. Hlutverk \u00feeirra er \u00feannig fast \u00e1kve\u00f0i\u00f0 \u00ed grunnger\u00f0: \u00fe\u00e6r eru \u00fatr\u00e9tt verkf\u00e6ri undirheimanna \u00ed heimi hinna lifandi.<\/p><p><strong>\u00c1s\u00fdnd og t\u00e1kn<\/strong><\/p><p><em>Gallu<\/em> eru oft s\u00fdndar sem \u00f3gnvekjandi, d\u00f6kkar verur me\u00f0 yfirn\u00e1tt\u00farulega eiginleika, hugsanlega me\u00f0 d\u00fdrsl\u00edkama (lj\u00f3n, naut), gl\u00f3andi augu og kl\u00e6r. \u00de\u00e6r m\u00e1 einnig s\u00fdna manneskjulegar me\u00f0 dj\u00f6fullegum einkennum, hornum, s\u00f3tsv\u00f6rtu andliti og hr\u00e6\u00f0ilegum svip.<\/p><p><em>Gallu<\/em> bera oft fj\u00f6tra e\u00f0a ke\u00f0jur, enda eru \u00fe\u00e6r r\u00e6ningjar og bindarar. L\u00edkami \u00feeirra er d\u00f6kkur, oft svartur e\u00f0a d\u00f6kkrau\u00f0ur \u00e1 lit. \u00de\u00e6r hreyfast hratt og \u00f3v\u00e6nt. N\u00e6rvera \u00feeirra er k\u00f6ld og skelfileg.<\/p>\t\t\t\t\t\t\t\t<\/div>\n\t\t\t\t<\/div>\n\t\t\t\t\t<\/div>\n\t\t\t\t<\/div>\n\t\t<div class=\"elementor-element elementor-element-44e71476 e-flex e-con-boxed e-con e-parent\" data-id=\"44e71476\" data-element_type=\"container\" data-e-type=\"container\">\n\t\t\t\t\t<div class=\"e-con-inner\">\n\t\t\t\t<div class=\"elementor-element elementor-element-3c1fc3f0 elementor-widget elementor-widget-heading\" data-id=\"3c1fc3f0\" data-element_type=\"widget\" data-e-type=\"widget\" data-widget_type=\"heading.default\">\n\t\t\t\t\t<h2 class=\"elementor-heading-title elementor-size-default\">Skyndiyfirlit: Gallu<\/h2>\t\t\t\t<\/div>\n\t\t<div class=\"elementor-element elementor-element-84f33b8e e-con-full e-flex e-con e-child\" data-id=\"84f33b8e\" data-element_type=\"container\" data-e-type=\"container\">\n\t\t\t\t<div class=\"elementor-element elementor-element-hqkdc67p elementor-widget elementor-widget-text-editor\" data-id=\"hqkdc67p\" data-element_type=\"widget\" data-e-type=\"widget\" data-widget_type=\"text-editor.default\">\n\t\t\t\t\t\t\t\t\t<p>Mikilv\u00e6gustu atri\u00f0in um Gall\u00fb-verurnar \u00ed hnotskurn. N\u00e1nari umfj\u00f6llun um nafn, l\u00fdsingu, v\u00f6rn og samsvarandi verur er a\u00f0 finna \u00ed k\u00f6flunum h\u00e9r a\u00f0 ne\u00f0an.<\/p>\t\t\t\t\t\t\t\t<\/div>\n\t\t\t\t<\/div>\n\t\t<div class=\"elementor-element elementor-element-pemmx7c5 e-con-full e-flex e-con e-child\" data-id=\"pemmx7c5\" data-element_type=\"container\" data-e-type=\"container\">\n\t\t<div class=\"elementor-element elementor-element-pemmx7c1 e-con-full e-flex e-con e-child\" data-id=\"pemmx7c1\" data-element_type=\"container\" data-e-type=\"container\">\n\t\t<div class=\"elementor-element elementor-element-qh9oavvu e-flex e-con-boxed e-con e-child\" data-id=\"qh9oavvu\" data-element_type=\"container\" data-e-type=\"container\">\n\t\t\t\t\t<div class=\"e-con-inner\">\n\t\t\t\t<div class=\"elementor-element elementor-element-awzx8k2k elementor-widget elementor-widget-heading\" data-id=\"awzx8k2k\" data-element_type=\"widget\" data-e-type=\"widget\" data-widget_type=\"heading.default\">\n\t\t\t\t\t<div class=\"elementor-heading-title elementor-size-default\">Uppruni Gallu<\/div>\t\t\t\t<\/div>\n\t\t\t\t<div class=\"elementor-element elementor-element-x6rowhv0 elementor-widget elementor-widget-text-editor\" data-id=\"x6rowhv0\" data-element_type=\"widget\" data-e-type=\"widget\" data-widget_type=\"text-editor.default\">\n\t\t\t\t\t\t\t\t\t<p>\u00dej\u00f3nar undirheimanna, s\u00e9rstaklega Ere\u0161kigal. Oft nefndar sem h\u00f3pur, \u201esj\u00f6 Gall\u00fb\u201c. Ekki einstaklingsbundnar pers\u00f3nur, heldur sameiginlegir fullnustumenn.<\/p>\t\t\t\t\t\t\t\t<\/div>\n\t\t\t\t\t<\/div>\n\t\t\t\t<\/div>\n\t\t<div class=\"elementor-element elementor-element-8e3o4kxs e-flex e-con-boxed e-con e-child\" data-id=\"8e3o4kxs\" data-element_type=\"container\" data-e-type=\"container\">\n\t\t\t\t\t<div class=\"e-con-inner\">\n\t\t\t\t<div class=\"elementor-element elementor-element-08rkdgov elementor-widget elementor-widget-heading\" data-id=\"08rkdgov\" data-element_type=\"widget\" data-e-type=\"widget\" data-widget_type=\"heading.default\">\n\t\t\t\t\t<div class=\"elementor-heading-title elementor-size-default\">Skotm\u00f6rk Gallu<\/div>\t\t\t\t<\/div>\n\t\t\t\t<div class=\"elementor-element elementor-element-uwjelx8s elementor-widget elementor-widget-text-editor\" data-id=\"uwjelx8s\" data-element_type=\"widget\" data-e-type=\"widget\" data-widget_type=\"text-editor.default\">\n\t\t\t\t\t\t\t\t\t<p>Deyjandi, f\u00f3lk \u00ed helgisi\u00f0alegu \u00fer\u00f6skulds\u00e1standi, tab\u00fabrj\u00f3tar, sekir a\u00f0ilar, sta\u00f0genglar \u00ed skiptum fyrir a\u00f0ra (eins og Dumuzi fyrir Inn\u00f6nu).<\/p>\t\t\t\t\t\t\t\t<\/div>\n\t\t\t\t\t<\/div>\n\t\t\t\t<\/div>\n\t\t<div class=\"elementor-element elementor-element-jm2n74ec e-flex e-con-boxed e-con e-child\" data-id=\"jm2n74ec\" data-element_type=\"container\" data-e-type=\"container\">\n\t\t\t\t\t<div class=\"e-con-inner\">\n\t\t\t\t<div class=\"elementor-element elementor-element-8vufse4c elementor-widget elementor-widget-heading\" data-id=\"8vufse4c\" data-element_type=\"widget\" data-e-type=\"widget\" data-widget_type=\"heading.default\">\n\t\t\t\t\t<div class=\"elementor-heading-title elementor-size-default\">\u00c1s\u00fdnd Gallu<\/div>\t\t\t\t<\/div>\n\t\t\t\t<div class=\"elementor-element elementor-element-mwb9u015 elementor-widget elementor-widget-text-editor\" data-id=\"mwb9u015\" data-element_type=\"widget\" data-e-type=\"widget\" data-widget_type=\"text-editor.default\">\n\t\t\t\t\t\t\t\t\t<p>\u00d3lj\u00f3s, viljandi fr\u00e1hverf: \u201eeta ekki mat, drekka ekki vatn, kannast ekki vi\u00f0 s\u00e6tleika\u201c. Skuggaleg, \u00f3gnvekjandi, ekki fastm\u00f3tu\u00f0.<\/p>\t\t\t\t\t\t\t\t<\/div>\n\t\t\t\t\t<\/div>\n\t\t\t\t<\/div>\n\t\t\t\t<\/div>\n\t\t<div class=\"elementor-element elementor-element-pemmx7c2 e-con-full e-flex e-con e-child\" data-id=\"pemmx7c2\" data-element_type=\"container\" data-e-type=\"container\">\n\t\t<div class=\"elementor-element elementor-element-37ss2yr6 e-flex e-con-boxed e-con e-child\" data-id=\"37ss2yr6\" data-element_type=\"container\" data-e-type=\"container\">\n\t\t\t\t\t<div class=\"e-con-inner\">\n\t\t\t\t<div class=\"elementor-element elementor-element-3v0wp3wx elementor-widget elementor-widget-heading\" data-id=\"3v0wp3wx\" data-element_type=\"widget\" data-e-type=\"widget\" data-widget_type=\"heading.default\">\n\t\t\t\t\t<div class=\"elementor-heading-title elementor-size-default\">Verkunarsvi\u00f0<\/div>\t\t\t\t<\/div>\n\t\t\t\t<div class=\"elementor-element elementor-element-w3247g2m elementor-widget elementor-widget-text-editor\" data-id=\"w3247g2m\" data-element_type=\"widget\" data-e-type=\"widget\" data-widget_type=\"text-editor.default\">\n\t\t\t\t\t\t\t\t\t<p>Skj\u00f3tur dau\u00f0i, s\u00e1lnar\u00e1n, hra\u00f0fara sj\u00fakd\u00f3mur, <span class=\"iwg-fachbegriff\" data-tooltip=\"Tengt f\u00f6stu helgisi\u00f0abundnu athafnaferli.\" tabindex=\"0\">helgisi\u00f0abundin<\/span> \u00edhlutun. Komu \u00feeirra er ekki unnt a\u00f0 semja um, a\u00f0eins fresta e\u00f0a beina \u00ed a\u00f0ra \u00e1tt.<\/p>\t\t\t\t\t\t\t\t<\/div>\n\t\t\t\t\t<\/div>\n\t\t\t\t<\/div>\n\t\t<div class=\"elementor-element elementor-element-0qpjal9w e-flex e-con-boxed e-con e-child\" data-id=\"0qpjal9w\" data-element_type=\"container\" data-e-type=\"container\">\n\t\t\t\t\t<div class=\"e-con-inner\">\n\t\t\t\t<div class=\"elementor-element elementor-element-6ndoih0o elementor-widget elementor-widget-heading\" data-id=\"6ndoih0o\" data-element_type=\"widget\" data-e-type=\"widget\" data-widget_type=\"heading.default\">\n\t\t\t\t\t<div class=\"elementor-heading-title elementor-size-default\">Vernd<\/div>\t\t\t\t<\/div>\n\t\t\t\t<div class=\"elementor-element elementor-element-6684tyh9 elementor-widget elementor-widget-text-editor\" data-id=\"6684tyh9\" data-element_type=\"widget\" data-e-type=\"widget\" data-widget_type=\"text-editor.default\">\n\t\t\t\t\t\t\t\t\t<p>S\u00e6ringar me\u00f0 kr\u00f6fu um a\u00f0 sn\u00faa aftur til undirheima, hreinsunarathafnir, sta\u00f0gengilsf\u00f3rnir (sta\u00f0gengilsmynd sem er tekin \u00ed sta\u00f0 mannsins).<\/p>\t\t\t\t\t\t\t\t<\/div>\n\t\t\t\t\t<\/div>\n\t\t\t\t<\/div>\n\t\t<div class=\"elementor-element elementor-element-3lfi7x32 e-flex e-con-boxed e-con e-child\" data-id=\"3lfi7x32\" data-element_type=\"container\" data-e-type=\"container\">\n\t\t\t\t\t<div class=\"e-con-inner\">\n\t\t\t\t<div class=\"elementor-element elementor-element-0kg99ga1 elementor-widget elementor-widget-heading\" data-id=\"0kg99ga1\" data-element_type=\"widget\" data-e-type=\"widget\" data-widget_type=\"heading.default\">\n\t\t\t\t\t<div class=\"elementor-heading-title elementor-size-default\">Samb\u00e6rilegt<\/div>\t\t\t\t<\/div>\n\t\t\t\t<div class=\"elementor-element elementor-element-n0fum6kp elementor-widget elementor-widget-text-editor\" data-id=\"n0fum6kp\" data-element_type=\"widget\" data-e-type=\"widget\" data-widget_type=\"text-editor.default\">\n\t\t\t\t\t\t\t\t\t<p>Erin\u00fdur og Kerar (gr\u00edskar), \u00deanatos (gr\u00edskur), Tzitzimime (aztekskar), bo\u00f0bera-dau\u00f0ans-minni \u00ed Evr\u00f3pu, sl\u00e1ttumannsf\u00edg\u00faran \u00ed s\u00ed\u00f0ari \u00fej\u00f3\u00f0tr\u00fa.<\/p>\t\t\t\t\t\t\t\t<\/div>\n\t\t\t\t\t<\/div>\n\t\t\t\t<\/div>\n\t\t\t\t<\/div>\n\t\t\t\t<\/div>\n\t\t\t\t\t<\/div>\n\t\t\t\t<\/div>\n\t\t<div class=\"elementor-element elementor-element-7533bc7a e-flex e-con-boxed e-con e-parent\" data-id=\"7533bc7a\" data-element_type=\"container\" data-e-type=\"container\">\n\t\t\t\t\t<div class=\"e-con-inner\">\n\t\t\t\t<div class=\"elementor-element elementor-element-2447d18d elementor-widget elementor-widget-heading\" data-id=\"2447d18d\" data-element_type=\"widget\" data-e-type=\"widget\" data-widget_type=\"heading.default\">\n\t\t\t\t\t<h2 class=\"elementor-heading-title elementor-size-default\">Varnir \u00ed daglegu l\u00edfi<\/h2>\t\t\t\t<\/div>\n\t\t<div class=\"elementor-element elementor-element-d5d0260c e-con-full e-flex e-con e-child\" data-id=\"d5d0260c\" data-element_type=\"container\" data-e-type=\"container\">\n\t\t\t\t<div class=\"elementor-element elementor-element-341be2ac elementor-widget elementor-widget-text-editor\" data-id=\"341be2ac\" data-element_type=\"widget\" data-e-type=\"widget\" data-widget_type=\"text-editor.default\">\n\t\t\t\t\t\t\t\t\t<p><strong>V\u00f6rn gegn Gallu<\/strong><\/p><p>Athafnir gegn Gallu mi\u00f0a ekki a\u00f0 \u00fev\u00ed a\u00f0 \u00fatr\u00fdma \u00feeim, heldur a\u00f0 fresta \u00feeim e\u00f0a beina \u00feeim \u00ed a\u00f0ra \u00e1tt. Kunn er meginreglan um sta\u00f0gengil: T\u00e1knr\u00e6n sta\u00f0gengilsmynd, d\u00fdr e\u00f0a l\u00edtil f\u00edg\u00fara \u00far deigi e\u00f0a leir, er \u201eafhent&#8220; Gallu \u00ed sta\u00f0 mannsins. <span class=\"iwg-fachbegriff\" data-tooltip=\"Endurteki\u00f0 efnisatri\u00f0i \u00ed list e\u00f0a s\u00f6gn.\" tabindex=\"0\">Minni\u00f0<\/span> (motif) f\u00e6r s\u00edna sterkustu go\u00f0sagnalegu birtingarmynd \u00ed \u201eG\u00f6ngu Inn\u00f6nu til undirheima&#8220;.<\/p><p><strong>S\u00e6ringar<\/strong><\/p><p>S\u00e6ringaform\u00falur \u00e1kalla Gallu, nefna uppruna \u00feeirra og v\u00edsa \u00feeim aftur til undirheima. Oft er samt\u00edmis \u00e1kalla\u00f0 gu\u00f0legt vald sem heimilar \u00feessa umlei\u00f0ingu. Uppbyggingin er svipu\u00f0 \u00ed \u00f6llum mes\u00f3p\u00f3tam\u00edskum s\u00e6ringum: a\u00f0 greina, a\u00f0 l\u00f6gfesta, a\u00f0 senda til baka.<\/p><p><strong>Verndargripir og t\u00e1knmerki<\/strong><\/p><p>Verndargripir s\u00e9rstaklega gegn Gallu voru ekki a\u00f0al\u00e1herslan; mikilv\u00e6gari voru hreinl\u00e6tisreglur og sameiginlegar verndarathafnir fyrir h\u00fas, sta\u00f0i e\u00f0a borgir. V\u00f6rnin byggist minna \u00e1 hlut, heldur meira \u00e1 si\u00f0r\u00e6nni aga og r\u00e9ttu sambandi vi\u00f0 gu\u00f0ina.<\/p><p><strong><span class=\"iwg-fachbegriff\" data-tooltip=\"Heild tr\u00faarlegra d\u00fdrkunarathafna fyrir go\u00f0 e\u00f0a heilaga f\u00edg\u00faru.\" tabindex=\"0\">D\u00fdrkun<\/span> og tilbei\u00f0sla<\/strong><\/p><p><em>Gallu<\/em> var ekki d\u00fdrka\u00f0 beint eins og go\u00f0, heldur var \u00feess \u00f3ttast og \u00fev\u00ed var afst\u00fdrt me\u00f0 s\u00e6ringum og verndarg\u00f6ldrum. Verndargripir gegn <em>Gallu<\/em> voru algengir, s\u00e9rstaklega \u00ed h\u00fasum \u00fear sem sj\u00fakir e\u00f0a deyjandi l\u00e1gu.<\/p><p>Galdramenn og prestar framkv\u00e6mdu verndarathafnir til a\u00f0 halda <em>Gallu<\/em> fjarri. \u00de\u00f3 ger\u00f0ist \u00fea\u00f0 a\u00f0 galdramenn s\u00e6r\u00f0u fram <em>Gallu<\/em> me\u00f0 <span class=\"iwg-fachbegriff\" data-tooltip=\"Athafnir sem reyna a\u00f0 gr\u00edpa inn \u00ed gang atbur\u00f0a me\u00f0 s\u00e9rst\u00f6kum gj\u00f6rningum e\u00f0a form\u00falum.\" tabindex=\"0\">t\u00f6frum<\/span> til a\u00f0 ska\u00f0a fjendur e\u00f0a n\u00e1 fram flj\u00f3tum \u00e1rangri. <em>Gallu<\/em> var m\u00e6tt me\u00f0 \u00f3tta og skelfingu, ekki lotningu.<\/p>\t\t\t\t\t\t\t\t<\/div>\n\t\t\t\t<\/div>\n\t\t\t\t\t<\/div>\n\t\t\t\t<\/div>\n\t\t<div class=\"elementor-element elementor-element-5a584676 e-flex e-con-boxed e-con e-parent\" data-id=\"5a584676\" data-element_type=\"container\" data-e-type=\"container\">\n\t\t\t\t\t<div class=\"e-con-inner\">\n\t\t\t\t<div class=\"elementor-element elementor-element-6d0757bf elementor-widget elementor-widget-heading\" data-id=\"6d0757bf\" data-element_type=\"widget\" data-e-type=\"widget\" data-widget_type=\"heading.default\">\n\t\t\t\t\t<h2 class=\"elementor-heading-title elementor-size-default\">Gallu, hli\u00f0st\u00e6\u00f0ur \u00ed \u00f6\u00f0rum menningarheimum<\/h2>\t\t\t\t<\/div>\n\t\t<div class=\"elementor-element elementor-element-60563f68 e-con-full e-flex e-con e-child\" data-id=\"60563f68\" data-element_type=\"container\" data-e-type=\"container\">\n\t\t\t\t<div class=\"elementor-element elementor-element-5a93fdd6 elementor-widget elementor-widget-text-editor\" data-id=\"5a93fdd6\" data-element_type=\"widget\" data-e-type=\"widget\" data-widget_type=\"text-editor.default\">\n\t\t\t\t\t\t\t\t\t<p><strong>Gr\u00edsk-r\u00f3mverski heimurinn<\/strong><\/p><p>Kerar og Erin\u00fdur eru sk\u00fdrustu hli\u00f0st\u00e6\u00f0urnar \u00ed hlutverki. Kerar s\u00e6kja s\u00e1lir hinna fallnu, Erin\u00fdur hefna bl\u00f3\u00f0skuldar. \u00deanatos, pers\u00f3nugerving dau\u00f0ans, tekur a\u00f0 s\u00e9r svipa\u00f0 bo\u00f0berahlutverk og birtist s\u00ed\u00f0ar \u00ed r\u00f3mverskum og hellen\u00edskum myndl\u00fdsingum.<\/p><p><strong>Mi\u00f0-Amer\u00edka:<\/strong> Aztekskar Tzitzimime eru n\u00e1ttmyrkursandar sem \u00e1 mikilv\u00e6gum stundum \u00ed hringr\u00e1s alheimsins h\u00f3ta l\u00edfi mannkyns. Hlutverk \u00feeirra sem framkv\u00e6mendur yfirvofandi endaloka alheimsins l\u00edkist \u00ed uppbyggingu og hlutverki <span class=\"iwg-fachbegriff\" data-tooltip=\"Endurteki\u00f0 efnisatri\u00f0i \u00ed list e\u00f0a s\u00f6gn.\" tabindex=\"0\">minni<\/span> Gallu.<\/p><p><strong>Evr\u00f3pa (s\u00ed\u00f0ari \u00fej\u00f3\u00f0tr\u00fa)<\/strong><\/p><p>Sl\u00e1ttumannsf\u00edg\u00faran \u00ed evr\u00f3pskum mi\u00f0\u00f6ldum og n\u00fat\u00edma sameinar <span class=\"iwg-fachbegriff\" data-tooltip=\"Endurteki\u00f0 efnisatri\u00f0i \u00ed list e\u00f0a s\u00f6gn.\" tabindex=\"0\">minni\u00f0<\/span> um \u00f3pers\u00f3nulegan, \u00f3umsemjanlegan sendibo\u00f0a dau\u00f0ans. \u00de\u00f3tt bein tengsl s\u00e9u ekki sannanleg, birtist grunnmynstri\u00f0: sendibo\u00f0i sem kemur \u00feegar t\u00edminn er \u00fatrunninn.<\/p>\t\t\t\t\t\t\t\t<\/div>\n\t\t\t\t<\/div>\n\t\t\t\t\t<\/div>\n\t\t\t\t<\/div>\n\t\t<div class=\"elementor-element elementor-element-cp6b4c7f2 e-flex e-con-boxed e-con e-parent\" data-id=\"cp6b4c7f2\" data-element_type=\"container\" data-e-type=\"container\">\n\t\t\t\t\t<div class=\"e-con-inner\">\n\t\t\t\t<div class=\"elementor-element elementor-element-cpf63bbd9 elementor-widget elementor-widget-heading\" data-id=\"cpf63bbd9\" data-element_type=\"widget\" data-e-type=\"widget\" data-widget_type=\"heading.default\">\n\t\t\t\t\t<h2 class=\"elementor-heading-title elementor-size-default\">Gallu \u00ed fr\u00e1s\u00f6gninni um g\u00f6ngu Inn\u00f6nu til undirheima<\/h2>\t\t\t\t<\/div>\n\t\t<div class=\"elementor-element elementor-element-cpb2f05e6 e-con-full e-flex e-con e-child\" data-id=\"cpb2f05e6\" data-element_type=\"container\" data-e-type=\"container\">\n\t\t\t\t<div class=\"elementor-element elementor-element-cp090b38f elementor-widget elementor-widget-text-editor\" data-id=\"cp090b38f\" data-element_type=\"widget\" data-e-type=\"widget\" data-widget_type=\"text-editor.default\">\n\t\t\t\t\t\t\t\t\t<p>Mikilv\u00e6gasta b\u00f3kmenntalega birting Gallu er \u00ed s\u00famerska <span class=\"iwg-fachbegriff\" data-tooltip=\"Var\u00f0veitt fr\u00e1s\u00f6gn um go\u00f0, uppruna og skipan heimsins.\" tabindex=\"0\">go\u00f0s\u00f6gninni<\/span> um g\u00f6ngu Inn\u00f6nu til undirheima og \u00ed framhaldi hennar um hjar\u00f0gu\u00f0inn D\u00fam\u00faz\u00ed. Textinn er var\u00f0veittur \u00e1 leirt\u00f6flum og er eitt af \u00feeim verkum s\u00famerskra b\u00f3kmennta sem hefur veri\u00f0 endurgert mest \u00ed sm\u00e1atri\u00f0um.<\/p><p>Gy\u00f0jan Innana st\u00edgur ni\u00f0ur \u00ed undirheima, r\u00edki systur sinnar Eresk\u00edgal, og er \u00fear drepin og hengd \u00e1 staur.<\/p><p>Fyrir inngrip gu\u00f0sins Enk\u00ed er h\u00fan l\u00edfgu\u00f0 aftur, en undirheimar l\u00e1ta engan lausan \u00e1n sta\u00f0gengils. Innana ver\u00f0ur a\u00f0 tilnefna sta\u00f0gengil sem st\u00edgur ni\u00f0ur \u00ed hennar sta\u00f0. \u00c1 lei\u00f0inni upp fylgja henni Gallu, d\u00e6monar undirheimanna.<\/p><p>Textinn l\u00fdsir \u00feessum Gallu af mikilli \u00e1herslu. \u00deeir kannast ekki vi\u00f0 hungur e\u00f0a \u00feorsta, \u00feeir bor\u00f0a ekki f\u00e6\u00f0u og drekka ekki vatn, \u00feeir taka ekki vi\u00f0 f\u00f3rnargj\u00f6fum og ekki m\u00fatum. \u00deeir kannast ekki vi\u00f0 fj\u00f6lskyldu, b\u00f6rn e\u00f0a vin\u00e1ttu.<\/p><p>\u00deeir r\u00edfa konuna \u00far \u00f6rmum mannsins og barni\u00f0 fr\u00e1 brj\u00f3sti f\u00f3strunnar. \u00dear me\u00f0 eru \u00feeir hi\u00f0 algj\u00f6ra andhverfa af mannlegum e\u00f0a gu\u00f0legum vi\u00f0m\u00e6landa sem unnt v\u00e6ri a\u00f0 semja vi\u00f0.<\/p><p>Sem sta\u00f0gengill Inn\u00f6nu er a\u00f0 lokum \u00fatnefndur eiginma\u00f0ur hennar D\u00fam\u00faz\u00ed, sem haf\u00f0i ekki syrgt hana. Gallu elta hann, hann fl\u00fdr og breytir s\u00e9r, en er handsama\u00f0ur og dregin ni\u00f0ur \u00ed undirheima.<\/p><p>A\u00f0eins me\u00f0 <span class=\"iwg-fachbegriff\" data-tooltip=\"Gj\u00f6f til go\u00f0s til a\u00f0 tj\u00e1 \u00feakkl\u00e6ti, b\u00f3n e\u00f0a lotningu.\" tabindex=\"0\">f\u00f3rn<\/span> systur hans Gesht\u00edn\u00f6nu, sem tekur hluta \u00e1rsins hans sta\u00f0, er \u00f6rl\u00f6gum hans mildu\u00f0. Gallu eru \u00ed \u00feessari fr\u00e1s\u00f6gn hinir \u00f3sv\u00edfnu framkv\u00e6mdarmenn skipulags undirheimanna.<\/p>\t\t\t\t\t\t\t\t<\/div>\n\t\t\t\t<\/div>\n\t\t\t\t\t<\/div>\n\t\t\t\t<\/div>\n\t\t<div class=\"elementor-element elementor-element-cpa089d48 e-flex e-con-boxed e-con e-parent\" data-id=\"cpa089d48\" data-element_type=\"container\" data-e-type=\"container\">\n\t\t\t\t\t<div class=\"e-con-inner\">\n\t\t\t\t<div class=\"elementor-element elementor-element-cp08389ff elementor-widget elementor-widget-heading\" data-id=\"cp08389ff\" data-element_type=\"widget\" data-e-type=\"widget\" data-widget_type=\"heading.default\">\n\t\t\t\t\t<h2 class=\"elementor-heading-title elementor-size-default\">Gallu \u00ed s\u00e6ringatextum og v\u00f6rn gegn sj\u00fakd\u00f3mum<\/h2>\t\t\t\t<\/div>\n\t\t<div class=\"elementor-element elementor-element-cp2638a3d e-con-full e-flex e-con e-child\" data-id=\"cp2638a3d\" data-element_type=\"container\" data-e-type=\"container\">\n\t\t\t\t<div class=\"elementor-element elementor-element-cp62342d5 elementor-widget elementor-widget-text-editor\" data-id=\"cp62342d5\" data-element_type=\"widget\" data-e-type=\"widget\" data-widget_type=\"text-editor.default\">\n\t\t\t\t\t\t\t\t\t<p>Utan hinna fr\u00e1sagnarlegu b\u00f3kmennta koma Gallu-verurnar fyrst og fremst fram \u00ed s\u00e6ringar- og fr\u00e1hverfingartextum Mes\u00f3p\u00f3tam\u00edu. \u00deessir textar, sem eru var\u00f0veittir \u00e1 akkad\u00edsku og s\u00famersku \u00e1 fj\u00f6lm\u00f6rgum spjaldt\u00f6flum, \u00fej\u00f3nu\u00f0u til varnar gegn sj\u00fakd\u00f3mum, \u00f3g\u00e6fu og \u00e1r\u00e1sum illra anda.<\/p><p>\u00cd akkad\u00edsku myndinni birtist nafni\u00f0 sem <em>gallu<\/em> e\u00f0a \u00ed samsetningum me\u00f0 \u00f6\u00f0rum dj\u00f6flaheitum. S\u00e9rlega t\u00ed\u00f0ur h\u00f3pur eru Sj\u00f6menningarnir, flokkur illra anda, \u00fear sem Gallu kemur endurteki\u00f0 fyrir \u00ed upptalningum.<\/p><p>\u00deessir textar l\u00fdsa \u00fev\u00ed hvernig dj\u00f6flarnir brj\u00f3tast inn um hur\u00f0ir og lokur, halda sig vi\u00f0 vegi og m\u00fara og leggjast \u00e1 f\u00f3lk \u00e1n \u00feess a\u00f0 \u00fea\u00f0 geti varist.<\/p><p>V\u00f6rnin f\u00f3r fram me\u00f0 a\u00f0sto\u00f0 s\u00e6ringarpresta, sem \u00ed Mes\u00f3p\u00f3tam\u00edu voru kalla\u00f0ir <em>aschipu<\/em>. \u00deeir f\u00f3ru me\u00f0 fastm\u00f3tu\u00f0 form\u00faluor\u00f0, \u00e1k\u00f6llu\u00f0u hina miklu gu\u00f0i, s\u00e9rstaklega Ea, son hans Marduk og eldgu\u00f0inn, gegn dj\u00f6flunum, og framkv\u00e6mdu fylgjandi athafnir, svo sem a\u00f0 s\u00fdna e\u00f0a brenna sta\u00f0gengilsl\u00edkneski, reykhreinsun og vatnsst\u00f6kk.<\/p><p>\u00cd \u00feessari framkv\u00e6md skiptu verndargripir og verndarmyndir miklu m\u00e1li. \u00dar mes\u00f3p\u00f3tam\u00edskum h\u00fasum eru kunnar litlar leirstyttur af verndarverum sem grafnar voru undir \u00fer\u00f6skuldum, auk \u00e1letra\u00f0ra platta.<\/p><p>Ni\u00f0urst\u00f6\u00f0urnar s\u00fdna a\u00f0 Gallu var f\u00f3lki ekki \u00f3hlutbundin go\u00f0sagnavera, heldur raunveruleg \u00f3gn sem haf\u00f0i m\u00f3ta\u00f0 fram fullkomi\u00f0 safn af tr\u00faarlegum v\u00f6rnum. Textarnir tengja \u00feannig dj\u00f6flafr\u00e6\u00f0i og l\u00e6knislist saman \u00ed eina heild, \u00fear sem sj\u00fakd\u00f3mur og \u00e1r\u00e1s dj\u00f6fuls \u00fe\u00fd\u00f0a oft \u00fea\u00f0 sama.<\/p>\t\t\t\t\t\t\t\t<\/div>\n\t\t\t\t<\/div>\n\t\t\t\t\t<\/div>\n\t\t\t\t<\/div>\n\t\t<div class=\"elementor-element elementor-element-cp151a219 e-flex e-con-boxed e-con e-parent\" data-id=\"cp151a219\" data-element_type=\"container\" data-e-type=\"container\">\n\t\t\t\t\t<div class=\"e-con-inner\">\n\t\t\t\t<div class=\"elementor-element elementor-element-cpff1f89a elementor-widget elementor-widget-heading\" data-id=\"cpff1f89a\" data-element_type=\"widget\" data-e-type=\"widget\" data-widget_type=\"heading.default\">\n\t\t\t\t\t<h2 class=\"elementor-heading-title elementor-size-default\">Fr\u00e1 s\u00famersku or\u00f0i til akkad\u00edsks dj\u00f6fuls: Or\u00f0sifjar og flokkun<\/h2>\t\t\t\t<\/div>\n\t\t<div class=\"elementor-element elementor-element-cp762d4d1 e-con-full e-flex e-con e-child\" data-id=\"cp762d4d1\" data-element_type=\"container\" data-e-type=\"container\">\n\t\t\t\t<div class=\"elementor-element elementor-element-cpddc3fe0 elementor-widget elementor-widget-text-editor\" data-id=\"cpddc3fe0\" data-element_type=\"widget\" data-e-type=\"widget\" data-widget_type=\"text-editor.default\">\n\t\t\t\t\t\t\t\t\t<p>Nafni\u00f0 Gallu vekur upp nokkrar spurningar \u00e1 svi\u00f0i tungum\u00e1la- og tr\u00faarbrag\u00f0as\u00f6gu sem eru til umr\u00e6\u00f0u \u00ed ass\u00fdr\u00edufr\u00e6\u00f0um. Or\u00f0i\u00f0 er af s\u00famerskum uppruna og t\u00e1knar \u00ed elstu heimildum undirheimadj\u00f6ful, \u00fej\u00f3n e\u00f0a handt\u00f6kumann dau\u00f0ar\u00edkisins. \u00c1 akkad\u00edsku var \u00fea\u00f0 teki\u00f0 upp sem t\u00f6kuor\u00f0.<\/p><p>Fr\u00e6\u00f0in skipa Gallu inn \u00ed hi\u00f0 st\u00e6rra kerfi mes\u00f3p\u00f3tam\u00edskra l\u00e6gri vera. \u00deetta kerfi \u00feekkir fj\u00f6lda dj\u00f6flaheita, me\u00f0al annars <a href=\"https:\/\/iwell-guard.com\/is\/?page_id=169036\">Utukku<\/a>, Rabisu, Lilu og fleiri, sem t\u00e1kna svi\u00f0 sem eru a\u00f0 hluta sk\u00fdrt afm\u00f6rku\u00f0, a\u00f0 hluta skarast. Gallu heyrir til h\u00f3pi vera sem tengjast undirheimum og valdbeittri brottn\u00e1m f\u00f3lks.<\/p><p>S\u00e9rst\u00f6k spurning sn\u00fdr a\u00f0 m\u00f6gulegu framhaldsl\u00edfi or\u00f0sins. \u00cd s\u00ed\u00f0ari arame\u00edskri og \u00ed hef\u00f0 Gy\u00f0inga eru til dj\u00f6flaheiti sem hlj\u00f3ma l\u00edkt <em>gallu<\/em>, og hefur veri\u00f0 vangaveltur um hvort h\u00e9r s\u00e9 um a\u00f0 r\u00e6\u00f0a arfleif\u00f0arl\u00ednu \u00far mes\u00f3p\u00f3tam\u00edskum menningararfi.<\/p><p>\u00deessi spurning er ekki til fullnustu leyst; hlj\u00f3\u00f0l\u00edking eina saman er ekki s\u00f6nnun, og skilin milli dj\u00f6flafrce\u00f0ilegra kerfa hins forna austurlands eru fl\u00f3kin.<\/p><p>Mikilv\u00e6gt er til skilnings a\u00f0 mes\u00f3p\u00f3tam\u00edsk tr\u00faarbr\u00f6g\u00f0 greindu sk\u00fdrt milli hinna miklu, nafngreindu gu\u00f0a sem tigna\u00f0ir voru \u00ed musterum, og l\u00e6gri vera \u00e1 bor\u00f0 vi\u00f0 Gallu.<\/p><p>Gallu var ekki d\u00fdrka\u00f0ur; \u00feeir voru starfslegar verur \u00ed kosm\u00edskri skipan, og gagnvart \u00feeim var ekki komi\u00f0 fram me\u00f0 <span class=\"iwg-fachbegriff\" data-tooltip=\"Heild tr\u00faarlegra tilbei\u00f0sluathafna fyrir gu\u00f0 e\u00f0a heilaga veru.\" tabindex=\"0\">helgisi\u00f0um<\/span>, heldur me\u00f0 v\u00f6rnum. \u00deessi greinarmunur einkennir alla afst\u00f6\u00f0u Mes\u00f3p\u00f3tam\u00edu til hins dj\u00f6fullega.<\/p>\t\t\t\t\t\t\t\t<\/div>\n\t\t\t\t<\/div>\n\t\t\t\t\t<\/div>\n\t\t\t\t<\/div>\n\t\t<div class=\"elementor-element elementor-element-36dd7469 e-flex e-con-boxed e-con e-parent\" data-id=\"36dd7469\" data-element_type=\"container\" data-e-type=\"container\">\n\t\t\t\t\t<div class=\"e-con-inner\">\n\t\t\t\t<div class=\"elementor-element elementor-element-13760ab4 elementor-widget elementor-widget-heading\" data-id=\"13760ab4\" data-element_type=\"widget\" data-e-type=\"widget\" data-widget_type=\"heading.default\">\n\t\t\t\t\t<h2 class=\"elementor-heading-title elementor-size-default\">\u00cdtarefni og tenglar<\/h2>\t\t\t\t<\/div>\n\t\t<div class=\"elementor-element elementor-element-28c87796 e-con-full e-flex e-con e-child\" data-id=\"28c87796\" data-element_type=\"container\" data-e-type=\"container\">\n\t\t\t\t<div class=\"elementor-element elementor-element-5d6538df elementor-widget elementor-widget-text-editor\" data-id=\"5d6538df\" data-element_type=\"widget\" data-e-type=\"widget\" data-widget_type=\"text-editor.default\">\n\t\t\t\t\t\t\t\t\t<ul><li><a href=\"https:\/\/iwell-guard.com\/is\/?page_id=168585\">Edimmu, tengd mes\u00f3p\u00f3tam\u00edsk vofa<\/a><\/li><li><a href=\"https:\/\/iwell-guard.com\/is\/?page_id=168582\">Lamashtu, tengd mes\u00f3p\u00f3tam\u00edsk dj\u00f6flynja<\/a><\/li><li><a href=\"https:\/\/iwell-guard.com\/is\/?page_id=168584\">Pazuzu, verndargripur gegn Lamashtu og tengdum dj\u00f6flum<\/a><\/li><li><a href=\"https:\/\/iwell-guard.com\/is\/?page_id=168756\">Ereshkigal, drottning undirheima, verkbei\u00f0andi Galla-verunnar<\/a><\/li><li><a href=\"https:\/\/iwell-guard.com\/is\/?page_id=168749\">Nergal, undirheimagu\u00f0, bandama\u00f0ur<\/a><\/li><li><a href=\"https:\/\/iwell-guard.com\/is\/?page_id=168847\">Rabisu, tengdur \u201evarmennskudj\u00f6full&#8220;<\/a><\/li><li><a href=\"https:\/\/iwell-guard.com\/is\/?page_id=168583\">Mes\u00f3p\u00f3tam\u00edsk hef\u00f0, heildarsamhengi<\/a><\/li><\/ul>\t\t\t\t\t\t\t\t<\/div>\n\t\t\t\t<\/div>\n\t\t\t\t\t<\/div>\n\t\t\t\t<\/div>\n\t\t<div class=\"elementor-element elementor-element-grl4kl40 e-flex e-con-boxed e-con e-parent\" data-id=\"grl4kl40\" data-element_type=\"container\" data-e-type=\"container\">\n\t\t\t\t\t<div class=\"e-con-inner\">\n\t\t\t\t<div class=\"elementor-element elementor-element-bzsbfrmh elementor-widget elementor-widget-heading\" data-id=\"bzsbfrmh\" data-element_type=\"widget\" data-e-type=\"widget\" data-widget_type=\"heading.default\">\n\t\t\t\t\t<h2 class=\"elementor-heading-title elementor-size-default\">Heimildir og fr\u00e6\u00f0irit<\/h2>\t\t\t\t<\/div>\n\t\t<div class=\"elementor-element elementor-element-2c13224a e-con-full e-flex e-con e-child\" data-id=\"2c13224a\" data-element_type=\"container\" data-e-type=\"container\">\n\t\t\t\t<div class=\"elementor-element elementor-element-0eymh9ub elementor-widget elementor-widget-text-editor\" data-id=\"0eymh9ub\" data-element_type=\"widget\" data-e-type=\"widget\" data-widget_type=\"text-editor.default\">\n\t\t\t\t\t\t\t\t\t<footer class=\"iwg-literatur\" data-nosnippet=\"true\"><ul><li><span data-nosnippet>Bott\u00e9ro, Jean: <em>Mesopotamia: Writing, Reasoning, and the Gods<\/em>. University of Chicago Press, Chicago 1992.<\/span><\/li><li><span data-nosnippet>Black, Jeremy \/ Green, Anthony: <em>Gods, Demons and Symbols of Ancient Mesopotamia<\/em>. British Museum Press, London 1992.<\/span><\/li><li><span data-nosnippet>Wiggermann, Frans A.M.: <em>Mesopotamian Protective Spirits: The <span class=\"iwg-fachbegriff\" data-tooltip=\"Skipul\u00f6g\u00f0 r\u00f6\u00f0 t\u00e1knger\u00f0ra athafna me\u00f0 tr\u00faarlega e\u00f0a menningarlega merkingu.\" tabindex=\"0\">helgisi\u00f0a<\/span> Texts<\/em>. Styx, Groningen 1992.<\/span><\/li><li><span data-nosnippet>Foster, Benjamin R.: <em>Before the Muses: An Anthology of Akkadian Literature<\/em>. CDL Press, Bethesda 2005.<\/span><\/li><li><span data-nosnippet>Lambert, W. G.: <em>Babylonian Wisdom Literature<\/em>. Clarendon Press, Oxford 1960.<\/span><\/li><li><span data-nosnippet>Hee\u00dfel, Nils P.: <em>Babylonisch-assyrische Diagnostik<\/em>. AOAT 43, M\u00fcnster 2000.<\/span><\/li><\/ul><\/footer>\t\t\t\t\t\t\t\t<\/div>\n\t\t\t\t<\/div>\n\t\t\t\t\t<\/div>\n\t\t\t\t<\/div>\n\t\t<div class=\"elementor-element elementor-element-iwgca-gallu-sec e-flex e-con-boxed e-con e-parent\" data-id=\"iwgca-gallu-sec\" data-element_type=\"container\" data-e-type=\"container\" id=\"iwg-ca-gallu\">\n\t\t\t\t\t<div class=\"e-con-inner\">\n\t\t\t\t<div class=\"elementor-element elementor-element-iwgca-gallu-te iwg-ca-textwrap elementor-widget elementor-widget-text-editor\" data-id=\"iwgca-gallu-te\" data-element_type=\"widget\" data-e-type=\"widget\" data-widget_type=\"text-editor.default\">\n\t\t\t\t\t\t\t\t\t<div data-nosnippet=\"true\"><p class=\"iwg-ca-bridge\">Verndarhef\u00f0in sem h\u00e9r er l\u00fdst er tr\u00faars\u00f6gulegt yfirlit yfir s\u00f6guleg fyrirb\u00e6ri. iWell Guard tengist \u00feessari menningars\u00f6gulegu hef\u00f0 verndargripa sem bornir eru \u00e1 l\u00edkamanum og er samt\u00edma\u00fatg\u00e1fa af henni. <a href=\"\/ueber-iwell-guard\/?utm_source=iwell-guard.com&#038;utm_medium=text-link&#038;utm_campaign=schadwesen-tradition\">Meira um iWell Guard \u2192<\/a><\/p><\/div>\t\t\t\t\t\t\t\t<\/div>\n\t\t\t\t\t<\/div>\n\t\t\t\t<\/div>\n\t\t\t\t<\/div>\n\t\t","protected":false},"excerpt":{"rendered":"","protected":false},"author":3,"featured_media":1707,"parent":0,"menu_order":0,"comment_status":"closed","ping_status":"closed","template":"elementor_header_footer","meta":{"_yoast_wpseo_focuskw":"Gallu","_yoast_wpseo_title":"Gallu - undirheimadj\u00f6flar, sendibo\u00f0ar og fullnustumenn hins framli\u00f0na","_yoast_wpseo_metadesc":"Gall\u00fb-verurnar teljast til elstu skjalfestu dj\u00f6flagerva Mes\u00f3p\u00f3tam\u00edu. \u00de\u00e6r tengjast undirheimunum og drottningu \u00feeirra, Ere\u0161kigal,","_yoast_wpseo_meta-robots-noindex":"","_yoast_wpseo_canonical":"","_angie_page":false,"gefaehrdungsstufe":"4","wesen_kultur":"mesopotamien","wesen_klasse":"daemonen","footnotes":""},"categories":[],"class_list":["post-168587","page","type-page","status-publish","has-post-thumbnail","hentry"],"yoast_head":"<!-- This site is optimized with the Yoast SEO Premium plugin v27.7 (Yoast SEO v28.3) - https:\/\/yoast.com\/product\/yoast-seo-premium-wordpress\/ -->\n<title>Gallu - undirheimadj\u00f6flar, sendibo\u00f0ar og fullnustumenn hins framli\u00f0na<\/title>\n<meta name=\"description\" content=\"Gall\u00fb-verurnar teljast til elstu skjalfestu dj\u00f6flagerva Mes\u00f3p\u00f3tam\u00edu. \u00de\u00e6r tengjast undirheimunum og drottningu \u00feeirra, Ere\u0161kigal,\" \/>\n<meta name=\"robots\" content=\"index, follow, max-snippet:-1, max-image-preview:large, max-video-preview:-1\" \/>\n<link rel=\"canonical\" href=\"https:\/\/iwell-guard.com\/is\/gallu\/\" \/>\n<meta property=\"og:locale\" content=\"is_IS\" \/>\n<meta property=\"og:type\" content=\"article\" \/>\n<meta property=\"og:title\" content=\"Gallu\" \/>\n<meta property=\"og:description\" content=\"Gall\u00fb-verurnar teljast til elstu skjalfestu dj\u00f6flagerva Mes\u00f3p\u00f3tam\u00edu. \u00de\u00e6r tengjast undirheimunum og drottningu \u00feeirra, Ere\u0161kigal,\" \/>\n<meta property=\"og:url\" content=\"https:\/\/iwell-guard.com\/is\/gallu\/\" \/>\n<meta property=\"og:site_name\" content=\"iWell Guard\" \/>\n<meta property=\"article:modified_time\" content=\"2026-09-05T14:14:19+00:00\" \/>\n<meta property=\"og:image\" content=\"https:\/\/iwell-guard.com\/wp-content\/uploads\/2026\/04\/daemonen_mesopotamien_gallu.webp\" \/>\n\t<meta property=\"og:image:width\" content=\"1024\" \/>\n\t<meta property=\"og:image:height\" content=\"1536\" \/>\n\t<meta property=\"og:image:type\" content=\"image\/webp\" \/>\n<meta name=\"twitter:card\" content=\"summary_large_image\" \/>\n<script type=\"application\/ld+json\" class=\"yoast-schema-graph\">{\"@context\":\"https:\\\/\\\/schema.org\",\"@graph\":[{\"@type\":\"WebPage\",\"@id\":\"https:\\\/\\\/iwell-guard.com\\\/is\\\/gallu\\\/\",\"url\":\"https:\\\/\\\/iwell-guard.com\\\/is\\\/gallu\\\/\",\"name\":\"Gallu - undirheimadj\u00f6flar, sendibo\u00f0ar og fullnustumenn hins framli\u00f0na\",\"isPartOf\":{\"@id\":\"https:\\\/\\\/iwell-guard.com\\\/is\\\/#website\"},\"primaryImageOfPage\":{\"@id\":\"https:\\\/\\\/iwell-guard.com\\\/is\\\/gallu\\\/#primaryimage\"},\"image\":{\"@id\":\"https:\\\/\\\/iwell-guard.com\\\/is\\\/gallu\\\/#primaryimage\"},\"thumbnailUrl\":\"https:\\\/\\\/iwell-guard.com\\\/wp-content\\\/uploads\\\/2026\\\/04\\\/daemonen_mesopotamien_gallu.webp\",\"datePublished\":\"2026-09-05T14:01:21+00:00\",\"dateModified\":\"2026-09-05T14:14:19+00:00\",\"description\":\"Gall\u00fb-verurnar teljast til elstu skjalfestu dj\u00f6flagerva Mes\u00f3p\u00f3tam\u00edu. \u00de\u00e6r tengjast undirheimunum og drottningu \u00feeirra, Ere\u0161kigal,\",\"breadcrumb\":{\"@id\":\"https:\\\/\\\/iwell-guard.com\\\/is\\\/gallu\\\/#breadcrumb\"},\"inLanguage\":\"is\",\"potentialAction\":[{\"@type\":\"ReadAction\",\"target\":[\"https:\\\/\\\/iwell-guard.com\\\/is\\\/gallu\\\/\"]}]},{\"@type\":\"ImageObject\",\"inLanguage\":\"is\",\"@id\":\"https:\\\/\\\/iwell-guard.com\\\/is\\\/gallu\\\/#primaryimage\",\"url\":\"https:\\\/\\\/iwell-guard.com\\\/wp-content\\\/uploads\\\/2026\\\/04\\\/daemonen_mesopotamien_gallu.webp\",\"contentUrl\":\"https:\\\/\\\/iwell-guard.com\\\/wp-content\\\/uploads\\\/2026\\\/04\\\/daemonen_mesopotamien_gallu.webp\",\"width\":1024,\"height\":1536,\"caption\":\"Dj\u00f6flar \u00far Mes\u00f3p\u00f3tam\u00edu-hef\u00f0inni.\"},{\"@type\":\"BreadcrumbList\",\"@id\":\"https:\\\/\\\/iwell-guard.com\\\/is\\\/gallu\\\/#breadcrumb\",\"itemListElement\":[{\"@type\":\"ListItem\",\"position\":1,\"name\":\"Start\",\"item\":\"https:\\\/\\\/iwell-guard.com\\\/is\\\/?page_id=168580\"},{\"@type\":\"ListItem\",\"position\":2,\"name\":\"Gallu\"}]},{\"@type\":\"WebSite\",\"@id\":\"https:\\\/\\\/iwell-guard.com\\\/is\\\/#website\",\"url\":\"https:\\\/\\\/iwell-guard.com\\\/is\\\/\",\"name\":\"iWell Guard\",\"description\":\"Schutz vor dunklen Einfl\u00fcssen\",\"publisher\":{\"@id\":\"https:\\\/\\\/iwell-guard.com\\\/is\\\/#organization\"},\"potentialAction\":[{\"@type\":\"SearchAction\",\"target\":{\"@type\":\"EntryPoint\",\"urlTemplate\":\"https:\\\/\\\/iwell-guard.com\\\/is\\\/?s={search_term_string}\"},\"query-input\":{\"@type\":\"PropertyValueSpecification\",\"valueRequired\":true,\"valueName\":\"search_term_string\"}}],\"inLanguage\":\"is\"},{\"@type\":\"Organization\",\"@id\":\"https:\\\/\\\/iwell-guard.com\\\/is\\\/#organization\",\"name\":\"Ittermann electronic GmbH\",\"url\":\"https:\\\/\\\/iwell-guard.com\\\/is\\\/\",\"logo\":{\"@type\":\"ImageObject\",\"inLanguage\":\"is\",\"@id\":\"https:\\\/\\\/iwell-guard.com\\\/is\\\/#\\\/schema\\\/logo\\\/image\\\/\",\"url\":\"https:\\\/\\\/iwell-guard.com\\\/wp-content\\\/uploads\\\/2026\\\/05\\\/Ittermann-Logo-1182x237-1.png\",\"contentUrl\":\"https:\\\/\\\/iwell-guard.com\\\/wp-content\\\/uploads\\\/2026\\\/05\\\/Ittermann-Logo-1182x237-1.png\",\"width\":1182,\"height\":237,\"caption\":\"Ittermann electronic GmbH\"},\"image\":{\"@id\":\"https:\\\/\\\/iwell-guard.com\\\/is\\\/#\\\/schema\\\/logo\\\/image\\\/\"},\"sameAs\":[\"https:\\\/\\\/pantip.com\\\/profile\\\/9367242\",\"https:\\\/\\\/micro.blog\\\/iwellguard\",\"https:\\\/\\\/www.diggerslist.com\\\/iwellguard\\\/about\",\"https:\\\/\\\/skitterphoto.com\\\/photographers\\\/2870314\\\/iwell-guard\",\"https:\\\/\\\/iwellguard.wordpress.com\\\/2026\\\/06\\\/06\\\/iwell-guard\\\/\",\"https:\\\/\\\/hub.docker.com\\\/u\\\/iwellguard\",\"https:\\\/\\\/www.pinterest.com\\\/iwellguard\\\/\",\"https:\\\/\\\/bit.ly\\\/m\\\/iwellguard\",\"https:\\\/\\\/entre-vos-mains.alsace.eu\\\/profiles\\\/iwellguard\\\/activity\",\"https:\\\/\\\/gravatar.com\\\/reallybeded8fd34\",\"https:\\\/\\\/naijamatta.com\\\/iwellguard\",\"https:\\\/\\\/www.goodreads.com\\\/iwellguard\",\"https:\\\/\\\/profile.hatena.ne.jp\\\/iwellguard\\\/\",\"https:\\\/\\\/experiment.com\\\/users\\\/iwellguard\",\"https:\\\/\\\/wakelet.com\\\/@iWellGuard82270\",\"https:\\\/\\\/www.chordie.com\\\/forum\\\/profile.php?id=2555664\",\"https:\\\/\\\/www.instapaper.com\\\/p\\\/17757966\",\"https:\\\/\\\/www.mapleprimes.com\\\/users\\\/iwellguard\",\"https:\\\/\\\/businesslistingplus.com\\\/profile\\\/iwell-guard\\\/\",\"https:\\\/\\\/telegra.ph\\\/iWell-Guard-06-06\",\"https:\\\/\\\/pbase.com\\\/iwellguard\\\/iwellguard\",\"https:\\\/\\\/b.hatena.ne.jp\\\/iwellguard\\\/20260607#bookmark-4788405196491818882\",\"https:\\\/\\\/fliphtml5.com\\\/home\\\/iwellguard\",\"https:\\\/\\\/anyflip.com\\\/homepage\\\/cmiwl#About\",\"https:\\\/\\\/transfur.com\\\/Users\\\/iwellguard\",\"http:\\\/\\\/delphi.larsbo.org\\\/user\\\/iwellguard\",\"https:\\\/\\\/jobs.lajobsportal.org\\\/profiles\\\/8380803-iwell-guard\",\"https:\\\/\\\/md.chaosdorf.de\\\/s\\\/jfbe5SBdJD\",\"https:\\\/\\\/www.lingvolive.com\\\/en-us\\\/profile\\\/9ecaeaca-ce11-4e51-9e71-01d55e2bff36\\\/translations\",\"https:\\\/\\\/www.fitday.com\\\/fitness\\\/forums\\\/members\\\/iwellguard.html\",\"https:\\\/\\\/www.mymeetbook.com\\\/iwellguard\",\"https:\\\/\\\/pxhere.com\\\/en\\\/photographer-me\\\/5040798\",\"https:\\\/\\\/disqus.com\\\/by\\\/iwellguard\\\/about\\\/\",\"https:\\\/\\\/pastelink.net\\\/hjwciqwq\",\"https:\\\/\\\/pubhtml5.com\\\/homepage\\\/scjhn\\\/\",\"https:\\\/\\\/www.bitchute.com\\\/channel\\\/2O2eOKzNqujT\",\"https:\\\/\\\/audiomack.com\\\/iwellguard\"]},{\"@type\":\"Article\",\"@id\":\"https:\\\/\\\/iwell-guard.com\\\/is\\\/gallu\\\/#article\",\"isPartOf\":{\"@id\":\"https:\\\/\\\/iwell-guard.com\\\/is\\\/gallu\\\/\"},\"author\":{\"name\":\"Ralf Ittermann\",\"@id\":\"https:\\\/\\\/iwell-guard.com\\\/is\\\/#\\\/schema\\\/person\\\/ee2a27f1cac3406c7c6fb5820cb7349f\"},\"headline\":\"Gallu\",\"datePublished\":\"2026-09-05T14:01:21+00:00\",\"dateModified\":\"2026-09-05T14:14:19+00:00\",\"mainEntityOfPage\":{\"@id\":\"https:\\\/\\\/iwell-guard.com\\\/is\\\/gallu\\\/\"},\"publisher\":{\"@id\":\"https:\\\/\\\/iwell-guard.com\\\/is\\\/#organization\"},\"image\":{\"@id\":\"https:\\\/\\\/iwell-guard.com\\\/is\\\/gallu\\\/#primaryimage\"},\"thumbnailUrl\":\"https:\\\/\\\/iwell-guard.com\\\/wp-content\\\/uploads\\\/2026\\\/04\\\/daemonen_mesopotamien_gallu.webp\",\"inLanguage\":\"is\",\"description\":\"Gall\u00fb-verurnar teljast til elstu skjalfestu dj\u00f6flagerva Mes\u00f3p\u00f3tam\u00edu. \u00de\u00e6r tengjast undirheimunum og drottningu \u00feeirra, Ere\u0161kigal,\"}]}<\/script>\n<!-- \/ Yoast SEO Premium plugin. -->","yoast_head_json":{"title":"Gallu - undirheimadj\u00f6flar, sendibo\u00f0ar og fullnustumenn hins framli\u00f0na","description":"Gall\u00fb-verurnar teljast til elstu skjalfestu dj\u00f6flagerva Mes\u00f3p\u00f3tam\u00edu. \u00de\u00e6r tengjast undirheimunum og drottningu \u00feeirra, Ere\u0161kigal,","robots":{"index":"index","follow":"follow","max-snippet":"max-snippet:-1","max-image-preview":"max-image-preview:large","max-video-preview":"max-video-preview:-1"},"canonical":"https:\/\/iwell-guard.com\/is\/gallu\/","og_locale":"is_IS","og_type":"article","og_title":"Gallu","og_description":"Gall\u00fb-verurnar teljast til elstu skjalfestu dj\u00f6flagerva Mes\u00f3p\u00f3tam\u00edu. \u00de\u00e6r tengjast undirheimunum og drottningu \u00feeirra, Ere\u0161kigal,","og_url":"https:\/\/iwell-guard.com\/is\/gallu\/","og_site_name":"iWell Guard","article_modified_time":"2026-09-05T14:14:19+00:00","og_image":[{"width":1024,"height":1536,"url":"https:\/\/iwell-guard.com\/wp-content\/uploads\/2026\/04\/daemonen_mesopotamien_gallu.webp","type":"image\/webp"}],"twitter_card":"summary_large_image","schema":{"@context":"https:\/\/schema.org","@graph":[{"@type":"Article","@id":"https:\/\/iwell-guard.com\/is\/gallu\/#article","isPartOf":{"@id":"https:\/\/iwell-guard.com\/is\/gallu\/"},"author":{"name":"Ralf Ittermann","@id":"https:\/\/iwell-guard.com\/is\/#\/schema\/person\/ee2a27f1cac3406c7c6fb5820cb7349f"},"headline":"Gallu","datePublished":"2026-09-05T14:01:21+00:00","dateModified":"2026-09-05T14:14:19+00:00","mainEntityOfPage":{"@id":"https:\/\/iwell-guard.com\/is\/gallu\/"},"publisher":{"@id":"https:\/\/iwell-guard.com\/is\/#organization"},"image":{"@id":"https:\/\/iwell-guard.com\/is\/gallu\/#primaryimage"},"thumbnailUrl":"https:\/\/iwell-guard.com\/wp-content\/uploads\/2026\/04\/daemonen_mesopotamien_gallu.webp","inLanguage":"is","description":"Gall\u00fb-verurnar teljast til elstu skjalfestu dj\u00f6flagerva Mes\u00f3p\u00f3tam\u00edu. \u00de\u00e6r tengjast undirheimunum og drottningu \u00feeirra, Ere\u0161kigal,"},{"@type":"WebPage","@id":"https:\/\/iwell-guard.com\/is\/gallu\/","url":"https:\/\/iwell-guard.com\/is\/gallu\/","name":"Gallu - undirheimadj\u00f6flar, sendibo\u00f0ar og fullnustumenn hins framli\u00f0na","isPartOf":{"@id":"https:\/\/iwell-guard.com\/is\/#website"},"primaryImageOfPage":{"@id":"https:\/\/iwell-guard.com\/is\/gallu\/#primaryimage"},"image":{"@id":"https:\/\/iwell-guard.com\/is\/gallu\/#primaryimage"},"thumbnailUrl":"https:\/\/iwell-guard.com\/wp-content\/uploads\/2026\/04\/daemonen_mesopotamien_gallu.webp","datePublished":"2026-09-05T14:01:21+00:00","dateModified":"2026-09-05T14:14:19+00:00","description":"Gall\u00fb-verurnar teljast til elstu skjalfestu dj\u00f6flagerva Mes\u00f3p\u00f3tam\u00edu. \u00de\u00e6r tengjast undirheimunum og drottningu \u00feeirra, Ere\u0161kigal,","breadcrumb":{"@id":"https:\/\/iwell-guard.com\/is\/gallu\/#breadcrumb"},"inLanguage":"is","potentialAction":[{"@type":"ReadAction","target":["https:\/\/iwell-guard.com\/is\/gallu\/"]}]},{"@type":"ImageObject","inLanguage":"is","@id":"https:\/\/iwell-guard.com\/is\/gallu\/#primaryimage","url":"https:\/\/iwell-guard.com\/wp-content\/uploads\/2026\/04\/daemonen_mesopotamien_gallu.webp","contentUrl":"https:\/\/iwell-guard.com\/wp-content\/uploads\/2026\/04\/daemonen_mesopotamien_gallu.webp","width":1024,"height":1536,"caption":"Dj\u00f6flar \u00far Mes\u00f3p\u00f3tam\u00edu-hef\u00f0inni."},{"@type":"BreadcrumbList","@id":"https:\/\/iwell-guard.com\/is\/gallu\/#breadcrumb","itemListElement":[{"@type":"ListItem","position":1,"name":"Start","item":"https:\/\/iwell-guard.com\/is\/?page_id=168580"},{"@type":"ListItem","position":2,"name":"Gallu"}]},{"@type":"WebSite","@id":"https:\/\/iwell-guard.com\/is\/#website","url":"https:\/\/iwell-guard.com\/is\/","name":"iWell Guard","description":"Schutz vor dunklen Einfl\u00fcssen","publisher":{"@id":"https:\/\/iwell-guard.com\/is\/#organization"},"potentialAction":[{"@type":"SearchAction","target":{"@type":"EntryPoint","urlTemplate":"https:\/\/iwell-guard.com\/is\/?s={search_term_string}"},"query-input":{"@type":"PropertyValueSpecification","valueRequired":true,"valueName":"search_term_string"}}],"inLanguage":"is"},{"@type":"Organization","@id":"https:\/\/iwell-guard.com\/is\/#organization","name":"Ittermann electronic GmbH","url":"https:\/\/iwell-guard.com\/is\/","logo":{"@type":"ImageObject","inLanguage":"is","@id":"https:\/\/iwell-guard.com\/is\/#\/schema\/logo\/image\/","url":"https:\/\/iwell-guard.com\/wp-content\/uploads\/2026\/05\/Ittermann-Logo-1182x237-1.png","contentUrl":"https:\/\/iwell-guard.com\/wp-content\/uploads\/2026\/05\/Ittermann-Logo-1182x237-1.png","width":1182,"height":237,"caption":"Ittermann electronic GmbH"},"image":{"@id":"https:\/\/iwell-guard.com\/is\/#\/schema\/logo\/image\/"},"sameAs":["https:\/\/pantip.com\/profile\/9367242","https:\/\/micro.blog\/iwellguard","https:\/\/www.diggerslist.com\/iwellguard\/about","https:\/\/skitterphoto.com\/photographers\/2870314\/iwell-guard","https:\/\/iwellguard.wordpress.com\/2026\/06\/06\/iwell-guard\/","https:\/\/hub.docker.com\/u\/iwellguard","https:\/\/www.pinterest.com\/iwellguard\/","https:\/\/bit.ly\/m\/iwellguard","https:\/\/entre-vos-mains.alsace.eu\/profiles\/iwellguard\/activity","https:\/\/gravatar.com\/reallybeded8fd34","https:\/\/naijamatta.com\/iwellguard","https:\/\/www.goodreads.com\/iwellguard","https:\/\/profile.hatena.ne.jp\/iwellguard\/","https:\/\/experiment.com\/users\/iwellguard","https:\/\/wakelet.com\/@iWellGuard82270","https:\/\/www.chordie.com\/forum\/profile.php?id=2555664","https:\/\/www.instapaper.com\/p\/17757966","https:\/\/www.mapleprimes.com\/users\/iwellguard","https:\/\/businesslistingplus.com\/profile\/iwell-guard\/","https:\/\/telegra.ph\/iWell-Guard-06-06","https:\/\/pbase.com\/iwellguard\/iwellguard","https:\/\/b.hatena.ne.jp\/iwellguard\/20260607#bookmark-4788405196491818882","https:\/\/fliphtml5.com\/home\/iwellguard","https:\/\/anyflip.com\/homepage\/cmiwl#About","https:\/\/transfur.com\/Users\/iwellguard","http:\/\/delphi.larsbo.org\/user\/iwellguard","https:\/\/jobs.lajobsportal.org\/profiles\/8380803-iwell-guard","https:\/\/md.chaosdorf.de\/s\/jfbe5SBdJD","https:\/\/www.lingvolive.com\/en-us\/profile\/9ecaeaca-ce11-4e51-9e71-01d55e2bff36\/translations","https:\/\/www.fitday.com\/fitness\/forums\/members\/iwellguard.html","https:\/\/www.mymeetbook.com\/iwellguard","https:\/\/pxhere.com\/en\/photographer-me\/5040798","https:\/\/disqus.com\/by\/iwellguard\/about\/","https:\/\/pastelink.net\/hjwciqwq","https:\/\/pubhtml5.com\/homepage\/scjhn\/","https:\/\/www.bitchute.com\/channel\/2O2eOKzNqujT","https:\/\/audiomack.com\/iwellguard"]},{"@type":"Person","@id":"https:\/\/iwell-guard.com\/is\/#\/schema\/person\/ee2a27f1cac3406c7c6fb5820cb7349f","name":"Ralf Ittermann","image":{"@type":"ImageObject","inLanguage":"is","@id":"https:\/\/secure.gravatar.com\/avatar\/073c0153e350a5005b68eb752b445fea71f6b24a26da9449ad7e155e6b446c9d?s=96&d=mm&r=g","url":"https:\/\/secure.gravatar.com\/avatar\/073c0153e350a5005b68eb752b445fea71f6b24a26da9449ad7e155e6b446c9d?s=96&d=mm&r=g","contentUrl":"https:\/\/secure.gravatar.com\/avatar\/073c0153e350a5005b68eb752b445fea71f6b24a26da9449ad7e155e6b446c9d?s=96&d=mm&r=g","caption":"Ralf Ittermann"},"givenName":"Ralf","familyName":"Ittermann","jobTitle":"Gesch\u00e4ftsf\u00fchrer und redaktioneller Verantwortlicher","url":"https:\/\/iwell-guard.com\/is\/author\/claude\/","description":"Ralf Ittermann ist Gesch\u00e4ftsf\u00fchrer der Ittermann electronic GmbH und redaktioneller Verantwortlicher des iWell-Guard-Lexikons. Er verbindet langj\u00e4hrige Erfahrung in der Pr\u00e4zisionsfertigung mit medialer Praxis und religionsgeschichtlicher Quellenarbeit.","worksFor":{"@type":"Organization","name":"Ittermann electronic GmbH","url":"https:\/\/ittermann.de\/","address":{"@type":"PostalAddress","streetAddress":"K\u00f6hlergasse 16-18","postalCode":"99842","addressLocality":"Ruhla","addressCountry":"DE"}},"knowsAbout":["Religionsgeschichte","Mythologie","Mediale Praxis","Energetische Diagnostik","Schutzpraxis","Volksglauben","Westliche Esoterik"]},{"@type":"Article","@id":"https:\/\/iwell-guard.com\/is\/gallu\/#article","isPartOf":{"@id":"https:\/\/iwell-guard.com\/is\/gallu\/"},"author":{"name":"Ralf Ittermann","@id":"https:\/\/iwell-guard.com\/is\/#\/schema\/person\/ee2a27f1cac3406c7c6fb5820cb7349f"},"headline":"Gallu","datePublished":"2026-09-05T14:01:21+00:00","dateModified":"2026-09-05T14:14:19+00:00","mainEntityOfPage":{"@id":"https:\/\/iwell-guard.com\/is\/gallu\/"},"publisher":{"@id":"https:\/\/iwell-guard.com\/is\/#organization"},"image":{"@id":"https:\/\/iwell-guard.com\/is\/gallu\/#primaryimage"},"thumbnailUrl":"https:\/\/iwell-guard.com\/wp-content\/uploads\/2026\/04\/daemonen_mesopotamien_gallu.webp","inLanguage":"is","description":"Gall\u00fb-verurnar teljast til elstu skjalfestu dj\u00f6flagerva Mes\u00f3p\u00f3tam\u00edu. \u00de\u00e6r tengjast undirheimunum og drottningu \u00feeirra, Ere\u0161kigal,"}]}},"_links":{"self":[{"href":"https:\/\/iwell-guard.com\/is\/wp-json\/wp\/v2\/pages\/168587","targetHints":{"allow":["GET"]}}],"collection":[{"href":"https:\/\/iwell-guard.com\/is\/wp-json\/wp\/v2\/pages"}],"about":[{"href":"https:\/\/iwell-guard.com\/is\/wp-json\/wp\/v2\/types\/page"}],"author":[{"embeddable":true,"href":"https:\/\/iwell-guard.com\/is\/wp-json\/wp\/v2\/users\/3"}],"replies":[{"embeddable":true,"href":"https:\/\/iwell-guard.com\/is\/wp-json\/wp\/v2\/comments?post=168587"}],"version-history":[{"count":0,"href":"https:\/\/iwell-guard.com\/is\/wp-json\/wp\/v2\/pages\/168587\/revisions"}],"wp:featuredmedia":[{"embeddable":true,"href":"https:\/\/iwell-guard.com\/is\/wp-json\/wp\/v2\/media\/1707"}],"wp:attachment":[{"href":"https:\/\/iwell-guard.com\/is\/wp-json\/wp\/v2\/media?parent=168587"}],"wp:term":[{"taxonomy":"category","embeddable":true,"href":"https:\/\/iwell-guard.com\/is\/wp-json\/wp\/v2\/categories?post=168587"}],"curies":[{"name":"wp","href":"https:\/\/api.w.org\/{rel}","templated":true}]}}