{"id":168586,"date":"2026-09-05T14:01:21","date_gmt":"2026-09-05T14:01:21","guid":{"rendered":"https:\/\/iwell-guard.com\/?page_id=168586"},"modified":"2026-09-05T14:14:16","modified_gmt":"2026-09-05T14:14:16","slug":"lilu-og-lilitu","status":"publish","type":"page","link":"https:\/\/iwell-guard.com\/is\/lilu-og-lilitu\/","title":{"rendered":"Lil\u00fb og Lil\u012btu"},"content":{"rendered":"\t\t<div data-elementor-type=\"wp-page\" data-elementor-id=\"168586\" class=\"elementor elementor-168586 elementor-722\" data-elementor-post-type=\"page\">\n\t\t\t\t<div class=\"elementor-element elementor-element-10fdade e-flex e-con-boxed e-con e-parent\" data-id=\"10fdade\" data-element_type=\"container\" data-e-type=\"container\" data-settings=\"{&quot;background_background&quot;:&quot;classic&quot;}\">\n\t\t\t\t\t<div class=\"e-con-inner\">\n\t\t<div class=\"elementor-element elementor-element-herohlft0 e-flex e-con-boxed e-con e-child\" data-id=\"herohlft0\" data-element_type=\"container\" data-e-type=\"container\">\n\t\t\t\t\t<div class=\"e-con-inner\">\n\t\t<div class=\"elementor-element elementor-element-c3ceb64 e-con-full e-flex e-con e-child\" data-id=\"c3ceb64\" data-element_type=\"container\" data-e-type=\"container\">\n\t\t\t\t<div class=\"elementor-element elementor-element-96ae5e1 elementor-widget elementor-widget-heading\" data-id=\"96ae5e1\" data-element_type=\"widget\" data-e-type=\"widget\" data-widget_type=\"heading.default\">\n\t\t\t\t\t<h1 class=\"elementor-heading-title elementor-size-default\">Lilu og Lilitu, dj\u00f6fulgy\u00f0ja \u00ed mes\u00f3p\u00f3tam\u00edskri hef\u00f0<\/h1>\t\t\t\t<\/div>\n\t\t\t\t<div class=\"elementor-element elementor-element-e45238a elementor-widget elementor-widget-text-editor\" data-id=\"e45238a\" data-element_type=\"widget\" data-e-type=\"widget\" data-widget_type=\"text-editor.default\">\n\t\t\t\t\t\t\t\t\t<p>Lilu og Lilitu er dj\u00f6fulgy\u00f0ja \u00ed mes\u00f3p\u00f3tam\u00edskri hef\u00f0.<\/p><p><strong>N\u00e6tur- og vindv\u00e6ttir milli svefns, ey\u00f0imerkur og t\u00e6lingar.<\/strong> \u00deessi kynning setur Lilu og Lilitu \u00ed samhengi hinnar mes\u00f3p\u00f3tam\u00edsku heimsmyndar um n\u00f3tt, ey\u00f0im\u00f6rk og t\u00e6lingu.<\/p>\t\t\t\t\t\t\t\t<\/div>\n\t\t\t\t<\/div>\n\t\t<div class=\"elementor-element elementor-element-klsbdg01 e-con-full e-flex e-con e-parent\" data-id=\"klsbdg01\" data-element_type=\"container\" data-e-type=\"container\">\n\t\t\t\t<div class=\"elementor-element elementor-element-klshtm01 elementor-widget elementor-widget-html\" data-id=\"klshtm01\" data-element_type=\"widget\" data-e-type=\"widget\" data-widget_type=\"html.default\">\n\t\t\t\t\t<div class=\"iwg-pill-row\"><span class=\"iwg-klasse-badge\" tabindex=\"0\" data-tooltip=\"Dj\u00f6full \/ d\u00eds: Yfirn\u00e1tt\u00farulegt vera me\u00f0 yfirleitt ska\u00f0lega e\u00f0a tv\u00edr\u00e6\u00f0a virkni. Stendur \u00e1 milli gu\u00f0a og manna, veldur sj\u00fakd\u00f3mum, t\u00e6lingu e\u00f0a \u00f3l\u00e1ni og er varist me\u00f0 \u00e1kv\u00f6r\u00f0unaror\u00f0um, verndargripum og ath\u00f6fnum.\">D\u00eds<\/span><a href=\"https:\/\/iwell-guard.com\/is\/?page_id=168583\" class=\"iwg-kultur-badge\" tabindex=\"0\" data-tooltip=\"Vagga hinna skjalfestu tr\u00faarbrag\u00f0a, S\u00famer, Akkad, Bab\u00fdlon, Ass\u00fdr\u00eda (u.\u00fe.b. 3500 f.Kr. til 330 f.Kr.).\">Mes\u00f3p\u00f3tam\u00eda<\/a><\/div>\t\t\t\t<\/div>\n\t\t\t\t<\/div>\n\t\t<div class=\"elementor-element elementor-element-3f74855 e-con-full e-flex e-con e-child\" data-id=\"3f74855\" data-element_type=\"container\" data-e-type=\"container\">\n\t\t\t\t<div class=\"elementor-element elementor-element-1c30362 elementor-toc--minimized-on-tablet elementor-widget elementor-widget-table-of-contents\" data-id=\"1c30362\" data-element_type=\"widget\" data-e-type=\"widget\" data-settings=\"{&quot;exclude_headings_by_selector&quot;:[],&quot;no_headings_message&quot;:&quot;Engar undirfyrirsagnir fundust \\u00e1 \\u00feessari s\\u00ed\\u00f0u.&quot;,&quot;headings_by_tags&quot;:[&quot;h2&quot;,&quot;h3&quot;],&quot;marker_view&quot;:&quot;bullets&quot;,&quot;icon&quot;:{&quot;value&quot;:&quot;fas fa-circle&quot;,&quot;library&quot;:&quot;fa-solid&quot;,&quot;rendered_tag&quot;:&quot;&lt;svg class=\\&quot;e-font-icon-svg e-fas-circle\\&quot; viewBox=\\&quot;0 0 512 512\\&quot; xmlns=\\&quot;http:\\\/\\\/www.w3.org\\\/2000\\\/svg\\&quot;&gt;&lt;path d=\\&quot;M256 8C119 8 8 119 8 256s111 248 248 248 248-111 248-248S393 8 256 8z\\&quot;&gt;&lt;\\\/path&gt;&lt;\\\/svg&gt;&quot;},&quot;minimize_box&quot;:&quot;yes&quot;,&quot;minimized_on&quot;:&quot;tablet&quot;,&quot;hierarchical_view&quot;:&quot;yes&quot;,&quot;min_height&quot;:{&quot;unit&quot;:&quot;px&quot;,&quot;size&quot;:&quot;&quot;,&quot;sizes&quot;:[]},&quot;min_height_tablet&quot;:{&quot;unit&quot;:&quot;px&quot;,&quot;size&quot;:&quot;&quot;,&quot;sizes&quot;:[]},&quot;min_height_mobile&quot;:{&quot;unit&quot;:&quot;px&quot;,&quot;size&quot;:&quot;&quot;,&quot;sizes&quot;:[]}}\" data-widget_type=\"table-of-contents.default\">\n\t\t\t\t\t\t\t\t\t<div class=\"elementor-toc__header\">\n\t\t\t\t\t\t<h2 class=\"elementor-toc__header-title\">\n\t\t\t\tEfnisyfirlit\t\t\t<\/h2>\n\t\t\t\t\t\t\t\t\t\t<div class=\"elementor-toc__toggle-button elementor-toc__toggle-button--expand\" role=\"button\" tabindex=\"0\" aria-controls=\"elementor-toc__1c30362\" aria-expanded=\"true\" aria-label=\"Open table of contents\"><svg aria-hidden=\"true\" class=\"e-font-icon-svg e-fas-chevron-down\" viewBox=\"0 0 448 512\" xmlns=\"http:\/\/www.w3.org\/2000\/svg\"><path d=\"M207.029 381.476L12.686 187.132c-9.373-9.373-9.373-24.569 0-33.941l22.667-22.667c9.357-9.357 24.522-9.375 33.901-.04L224 284.505l154.745-154.021c9.379-9.335 24.544-9.317 33.901.04l22.667 22.667c9.373 9.373 9.373 24.569 0 33.941L240.971 381.476c-9.373 9.372-24.569 9.372-33.942 0z\"><\/path><\/svg><\/div>\n\t\t\t\t<div class=\"elementor-toc__toggle-button elementor-toc__toggle-button--collapse\" role=\"button\" tabindex=\"0\" aria-controls=\"elementor-toc__1c30362\" aria-expanded=\"true\" aria-label=\"Close table of contents\"><svg aria-hidden=\"true\" class=\"e-font-icon-svg e-fas-chevron-up\" viewBox=\"0 0 448 512\" xmlns=\"http:\/\/www.w3.org\/2000\/svg\"><path d=\"M240.971 130.524l194.343 194.343c9.373 9.373 9.373 24.569 0 33.941l-22.667 22.667c-9.357 9.357-24.522 9.375-33.901.04L224 227.495 69.255 381.516c-9.379 9.335-24.544 9.317-33.901-.04l-22.667-22.667c-9.373-9.373-9.373-24.569 0-33.941L207.03 130.525c9.372-9.373 24.568-9.373 33.941-.001z\"><\/path><\/svg><\/div>\n\t\t\t\t\t<\/div>\n\t\t\t\t<div id=\"elementor-toc__1c30362\" class=\"elementor-toc__body\">\n\t\t\t<div class=\"elementor-toc__spinner-container\">\n\t\t\t\t<svg class=\"elementor-toc__spinner eicon-animation-spin e-font-icon-svg e-eicon-loading\" aria-hidden=\"true\" viewBox=\"0 0 1000 1000\" xmlns=\"http:\/\/www.w3.org\/2000\/svg\"><path d=\"M500 975V858C696 858 858 696 858 500S696 142 500 142 142 304 142 500H25C25 237 238 25 500 25S975 237 975 500 763 975 500 975Z\"><\/path><\/svg>\t\t\t<\/div>\n\t\t<\/div>\n\t\t\t\t\t\t<\/div>\n\t\t\t\t<\/div>\n\t\t\t\t\t<\/div>\n\t\t\t\t<\/div>\n\t\t<div class=\"elementor-element elementor-element-herorght0 e-con-full e-flex e-con e-child\" data-id=\"herorght0\" data-element_type=\"container\" data-e-type=\"container\">\n\t\t\t\t<div class=\"elementor-element elementor-element-heroimg00 iwg-hero-image elementor-widget elementor-widget-image\" data-id=\"heroimg00\" data-element_type=\"widget\" data-e-type=\"widget\" data-widget_type=\"image.default\">\n\t\t\t\t\t\t\t\t\t\t\t\t\t\t\t<img fetchpriority=\"high\" decoding=\"async\" width=\"683\" height=\"1024\" src=\"https:\/\/iwell-guard.com\/wp-content\/uploads\/2026\/04\/daemonen_mesopotamien_lilu-und-lilitu-1-683x1024.webp\" class=\"attachment-large size-large wp-image-170992\" alt=\"Lilu og Lilitu - Illustrunarmynd sem s\u00fdnir illar verur \u00far mes\u00f3p\u00f3tam\u00edskri hef\u00f0\" srcset=\"https:\/\/iwell-guard.com\/wp-content\/uploads\/2026\/04\/daemonen_mesopotamien_lilu-und-lilitu-1-683x1024.webp 683w, https:\/\/iwell-guard.com\/wp-content\/uploads\/2026\/04\/daemonen_mesopotamien_lilu-und-lilitu-1-200x300.webp 200w, https:\/\/iwell-guard.com\/wp-content\/uploads\/2026\/04\/daemonen_mesopotamien_lilu-und-lilitu-1-768x1152.webp 768w, https:\/\/iwell-guard.com\/wp-content\/uploads\/2026\/04\/daemonen_mesopotamien_lilu-und-lilitu-1.webp 1024w\" sizes=\"(max-width: 683px) 100vw, 683px\" \/>\t\t\t\t\t\t\t\t\t\t\t\t\t\t\t<\/div>\n\t\t\t\t<\/div>\n\t\t\t\t\t<\/div>\n\t\t\t\t<\/div>\n\t\t<div class=\"elementor-element elementor-element-32917199 e-flex e-con-boxed e-con e-parent\" data-id=\"32917199\" data-element_type=\"container\" data-e-type=\"container\">\n\t\t\t\t\t<div class=\"e-con-inner\">\n\t\t<div class=\"elementor-element elementor-element-26e916cb e-flex e-con-boxed e-con e-child\" data-id=\"26e916cb\" data-element_type=\"container\" data-e-type=\"container\">\n\t\t\t\t\t<div class=\"e-con-inner\">\n\t\t<div class=\"elementor-element elementor-element-253a40d4 e-flex e-con-boxed e-con e-child\" data-id=\"253a40d4\" data-element_type=\"container\" data-e-type=\"container\">\n\t\t\t\t\t<div class=\"e-con-inner\">\n\t\t\t\t<div class=\"elementor-element elementor-element-1200c304 elementor-widget elementor-widget-heading\" data-id=\"1200c304\" data-element_type=\"widget\" data-e-type=\"widget\" data-widget_type=\"heading.default\">\n\t\t\t\t\t<h3 class=\"elementor-heading-title elementor-size-default\">Lil\u00fb og Lil\u012btu<\/h3>\t\t\t\t<\/div>\n\t\t\t\t<div class=\"elementor-element elementor-element-11758e7f elementor-widget elementor-widget-text-editor\" data-id=\"11758e7f\" data-element_type=\"widget\" data-e-type=\"widget\" data-widget_type=\"text-editor.default\">\n\t\t\t\t\t\t\t\t\t<p>Lil\u00fb (karlkyns) og Lil\u012btu (kvenkyns) myndu akkad\u00edskt dj\u00f6flapar sem er n\u00e1i\u00f0 tengt vindi, n\u00f3tt og \u00f3blessa\u00f0ri kynhneig\u00f0.<\/p><p>S\u00famerska or\u00f0i\u00f0 <em>l\u00edl<\/em> merkir upphaflega hreyf\u00f0an loftr\u00fam; \u00fat fr\u00e1 \u00fev\u00ed \u00fer\u00f3ast \u00ed akkad\u00edsku v\u00e6ttir sem b\u00faa \u00ed \u00feeim r\u00fami, l\u00edkamslausar, \u00f3\u00e1\u00fereifanlegar og h\u00e6ttulegar sofandi f\u00f3lki. Fr\u00e1 \u00feessu lagi stafar einnig yngri kvenkyns afbrig\u00f0i\u00f0 <em>ardat-lil\u00ee<\/em>, sem h\u00f3tar s\u00e9rstaklega ungum m\u00f6nnum og s\u00e6ngurkonum.<\/p>\t\t\t\t\t\t\t\t<\/div>\n\t\t\t\t\t<\/div>\n\t\t\t\t<\/div>\n\t\t<div class=\"elementor-element elementor-element-159dcf9a e-flex e-con-boxed e-con e-child\" data-id=\"159dcf9a\" data-element_type=\"container\" data-e-type=\"container\">\n\t\t\t\t\t<div class=\"e-con-inner\">\n\t\t\t\t<div class=\"elementor-element elementor-element-48cee66f elementor-widget elementor-widget-heading\" data-id=\"48cee66f\" data-element_type=\"widget\" data-e-type=\"widget\" data-widget_type=\"heading.default\">\n\t\t\t\t\t<h2 class=\"elementor-heading-title elementor-size-default\">\u00cd hnotskurn: Lilu og Lilitu<\/h2>\t\t\t\t<\/div>\n\t\t\t\t<div class=\"elementor-element elementor-element-3f50d82c elementor-widget elementor-widget-text-editor\" data-id=\"3f50d82c\" data-element_type=\"widget\" data-e-type=\"widget\" data-widget_type=\"text-editor.default\">\n\t\t\t\t\t\t\t\t\t<p><strong>Tegund:<\/strong> Par vind- og n\u00e6turdj\u00f6fla (akkad\u00edskt)<br>Uppruni: s\u00famerskt <em>l\u00edl<\/em> \u2192 akkad\u00edskt <em>lil\u00fb<\/em> (kk.) og <em>lil\u012btu<\/em> (kvk.); ardat-lil\u00ee sem afbrig\u00f0i sem h\u00f3tar b\u00f6rnum<br>Hlutverk: n\u00e6turt\u00e6ling, svefntruflanir, kynfer\u00f0isleg h\u00f3tun; ardat-lil\u00ee auk \u00feess h\u00f3tun vi\u00f0 s\u00e6ngurkonur og ungb\u00f6rn<br><span class=\"iwg-fachbegriff\" data-tooltip=\"B\u00e6narlegt e\u00f0a \u00e1kallandi \u00e1varp til gu\u00f0s e\u00f0a valds.\" tabindex=\"0\">\u00c1kall<\/span>: s\u00e6ringat\u00f6flur (Maql\u00fb-runan), verndargripir<br>Meginheimildir: akkad\u00edskir s\u00e6ringatextar, or\u00f0alistar, Gilgameskv\u00e6\u00f0i\u00f0<\/p>\t\t\t\t\t\t\t\t<\/div>\n\t\t\t\t\t<\/div>\n\t\t\t\t<\/div>\n\t\t\t\t\t<\/div>\n\t\t\t\t<\/div>\n\t\t\t\t\t<\/div>\n\t\t\t\t<\/div>\n\t\t<div class=\"elementor-element elementor-element-18613602 e-flex e-con-boxed e-con e-parent\" data-id=\"18613602\" data-element_type=\"container\" data-e-type=\"container\">\n\t\t\t\t\t<div class=\"e-con-inner\">\n\t\t\t\t<div class=\"elementor-element elementor-element-262b8a9f elementor-widget elementor-widget-heading\" data-id=\"262b8a9f\" data-element_type=\"widget\" data-e-type=\"widget\" data-widget_type=\"heading.default\">\n\t\t\t\t\t<h2 class=\"elementor-heading-title elementor-size-default\">Samhengi<\/h2>\t\t\t\t<\/div>\n\t\t<div class=\"elementor-element elementor-element-46dcb7d e-con-full e-flex e-con e-child\" data-id=\"46dcb7d\" data-element_type=\"container\" data-e-type=\"container\">\n\t\t<div class=\"elementor-element elementor-element-61d3ab3 e-flex e-con-boxed e-con e-child\" data-id=\"61d3ab3\" data-element_type=\"container\" data-e-type=\"container\">\n\t\t\t\t\t<div class=\"e-con-inner\">\n\t\t\t\t<div class=\"elementor-element elementor-element-117c166 elementor-widget elementor-widget-heading\" data-id=\"117c166\" data-element_type=\"widget\" data-e-type=\"widget\" data-widget_type=\"heading.default\">\n\t\t\t\t\t<h3 class=\"elementor-heading-title elementor-size-default\">T\u00edmabil textanna<\/h3>\t\t\t\t<\/div>\n\t\t\t\t<div class=\"elementor-element elementor-element-73997a0 elementor-widget elementor-widget-text-editor\" data-id=\"73997a0\" data-element_type=\"widget\" data-e-type=\"widget\" data-widget_type=\"text-editor.default\">\n\t\t\t\t\t\t\t\t\t<p>Fyrstu heimildir finnast \u00ed s\u00famersk-akkad\u00edskum textum fr\u00e1 2. \u00e1r\u00fe\u00fasundi f.Kr. H\u00f3purinn er \u00e1fram til sta\u00f0ar \u00e1 1. \u00e1r\u00fe\u00fasundi. Hann hefur haft veruleg \u00e1hrif \u00e1 arameiskar galdrask\u00e1lar fr\u00e1 <span class=\"iwg-fachbegriff\" data-tooltip=\"Umbreytingart\u00edmabil milli fornaldar og mi\u00f0alda, um 3. til 7. \u00f6ld.\" tabindex=\"0\">s\u00ed\u00f0forn\u00f6ld<\/span> og \u00e1 hina hebresku hef\u00f0 um Lilith.<\/p>\t\t\t\t\t\t\t\t<\/div>\n\t\t\t\t\t<\/div>\n\t\t\t\t<\/div>\n\t\t<div class=\"elementor-element elementor-element-d47b156 e-flex e-con-boxed e-con e-child\" data-id=\"d47b156\" data-element_type=\"container\" data-e-type=\"container\">\n\t\t\t\t\t<div class=\"e-con-inner\">\n\t\t\t\t<div class=\"elementor-element elementor-element-ff38c2b elementor-widget elementor-widget-heading\" data-id=\"ff38c2b\" data-element_type=\"widget\" data-e-type=\"widget\" data-widget_type=\"heading.default\">\n\t\t\t\t\t<h3 class=\"elementor-heading-title elementor-size-default\">\u00datbrei\u00f0slusv\u00e6\u00f0i<\/h3>\t\t\t\t<\/div>\n\t\t\t\t<div class=\"elementor-element elementor-element-4e49fcc elementor-widget elementor-widget-text-editor\" data-id=\"4e49fcc\" data-element_type=\"widget\" data-e-type=\"widget\" data-widget_type=\"text-editor.default\">\n\t\t\t\t\t\t\t\t\t<p>Kjarnasv\u00e6\u00f0i\u00f0 er Mes\u00f3p\u00f3tam\u00eda. \u00dea\u00f0an berast minni og n\u00f6fn um Levantah\u00e9ra\u00f0i\u00f0 yfir \u00ed arameiska, hebreska og s\u00ed\u00f0ar kristna \u00fej\u00f3\u00f0tr\u00faarhef\u00f0. S\u00e9rstaklega n\u00e1in er tengingin vi\u00f0 hebreskar s\u00e6ringar og verndargripi fr\u00e1 Bab\u00fdlon og Palest\u00ednu.<\/p>\t\t\t\t\t\t\t\t<\/div>\n\t\t\t\t\t<\/div>\n\t\t\t\t<\/div>\n\t\t\t\t<\/div>\n\t\t<div class=\"elementor-element elementor-element-db03c39 e-con-full e-flex e-con e-child\" data-id=\"db03c39\" data-element_type=\"container\" data-e-type=\"container\">\n\t\t<div class=\"elementor-element elementor-element-229a87b e-flex e-con-boxed e-con e-child\" data-id=\"229a87b\" data-element_type=\"container\" data-e-type=\"container\">\n\t\t\t\t\t<div class=\"e-con-inner\">\n\t\t\t\t<div class=\"elementor-element elementor-element-1f471fc elementor-widget elementor-widget-heading\" data-id=\"1f471fc\" data-element_type=\"widget\" data-e-type=\"widget\" data-widget_type=\"heading.default\">\n\t\t\t\t\t<h3 class=\"elementor-heading-title elementor-size-default\">Heimildasta\u00f0a<\/h3>\t\t\t\t<\/div>\n\t\t\t\t<div class=\"elementor-element elementor-element-36b1201 elementor-widget elementor-widget-text-editor\" data-id=\"36b1201\" data-element_type=\"widget\" data-e-type=\"widget\" data-widget_type=\"text-editor.default\">\n\t\t\t\t\t\t\t\t\t<p><span data-nosnippet>Mi\u00f0l\u00e6gir eru akkad\u00edskir s\u00e6ringatextar gegn Lil\u00fb, Lil\u012btu og ardat-lil\u00ee, sem finnast \u00ed hinum st\u00f3ru s\u00e6ringarunum Maql\u00fb og \u0160urpu. Auk \u00feess einstakar tilv\u00edsanir \u00ed or\u00f0alistum, \u00ed samantektinni Utukk\u016b lemn\u016btu (&#8222;Illir dj\u00f6flar&#8220;) og \u00ed s\u00ed\u00f0bab\u00fdlonskum sk\u00f3latextum. Mikilv\u00e6gasta \u00fatg\u00e1fan er eftir M.J. Geller (2007 og 2016, Brill); eldri undirb\u00faningsvinna eftir R. Borger og F.A.M. Wiggermann.<\/span><\/p>\t\t\t\t\t\t\t\t<\/div>\n\t\t\t\t\t<\/div>\n\t\t\t\t<\/div>\n\t\t\t\t<\/div>\n\t\t\t\t\t<\/div>\n\t\t\t\t<\/div>\n\t\t<div class=\"elementor-element elementor-element-3ae0637c e-flex e-con-boxed e-con e-parent\" data-id=\"3ae0637c\" data-element_type=\"container\" data-e-type=\"container\">\n\t\t\t\t\t<div class=\"e-con-inner\">\n\t\t\t\t<div class=\"elementor-element elementor-element-31d07739 elementor-widget elementor-widget-heading\" data-id=\"31d07739\" data-element_type=\"widget\" data-e-type=\"widget\" data-widget_type=\"heading.default\">\n\t\t\t\t\t<h2 class=\"elementor-heading-title elementor-size-default\">Nafn og afbrig\u00f0i<\/h2>\t\t\t\t<\/div>\n\t\t<div class=\"elementor-element elementor-element-b7642947 e-con-full e-flex e-con e-child\" data-id=\"b7642947\" data-element_type=\"container\" data-e-type=\"container\">\n\t\t\t\t<div class=\"elementor-element elementor-element-a086266 elementor-widget elementor-widget-text-editor\" data-id=\"a086266\" data-element_type=\"widget\" data-e-type=\"widget\" data-widget_type=\"text-editor.default\">\n\t\t\t\t\t\t\t\t\t<p><strong>S\u00famerska:<\/strong> <em>l\u00edl<\/em> (vindur\/hreyf\u00f0 loft) \u2192 <em>l\u00edl-l\u00e1<\/em> (vindv\u00e6ttur). <strong>Akkad\u00edska:<\/strong> <em>lil\u00fb<\/em> (kk.), <em>lil\u012btu<\/em> (kvk.), <em>ardat-lil\u00ee<\/em> (&#8222;ung kona-Lil\u00ee&#8220;, kvenkyns afbrig\u00f0i me\u00f0 \u00e1berandi h\u00f3tun vi\u00f0 b\u00f6rn). Hlj\u00f3\u00f0l\u00edking vi\u00f0 hebreska or\u00f0i\u00f0 <em>laylah<\/em> (n\u00f3tt) er aukaatri\u00f0i; al\u00fe\u00fd\u00f0usk\u00fdring sem tengir or\u00f0i\u00f0 vi\u00f0 &#8222;n\u00f3tt&#8220; birtist fyrst \u00ed arameisk-rabb\u00ednskum ritum og hefur m\u00f3ta\u00f0 s\u00ed\u00f0ari mynd Lilith.<\/p>\t\t\t\t\t\t\t\t<\/div>\n\t\t\t\t<\/div>\n\t\t\t\t\t<\/div>\n\t\t\t\t<\/div>\n\t\t<div class=\"elementor-element elementor-element-709a44a8 e-flex e-con-boxed e-con e-parent\" data-id=\"709a44a8\" data-element_type=\"container\" data-e-type=\"container\">\n\t\t\t\t\t<div class=\"e-con-inner\">\n\t\t\t\t<div class=\"elementor-element elementor-element-2f585873 elementor-widget elementor-widget-heading\" data-id=\"2f585873\" data-element_type=\"widget\" data-e-type=\"widget\" data-widget_type=\"heading.default\">\n\t\t\t\t\t<h2 class=\"elementor-heading-title elementor-size-default\">Einkenni<\/h2>\t\t\t\t<\/div>\n\t\t<div class=\"elementor-element elementor-element-70621c12 e-con-full e-flex e-con e-child\" data-id=\"70621c12\" data-element_type=\"container\" data-e-type=\"container\">\n\t\t\t\t<div class=\"elementor-element elementor-element-4296eb49 elementor-widget elementor-widget-text-editor\" data-id=\"4296eb49\" data-element_type=\"widget\" data-e-type=\"widget\" data-widget_type=\"text-editor.default\">\n\t\t\t\t\t\t\t\t\t<h3>\u00datlit<\/h3><p>Lil\u00fb og Lil\u012btu hafa ekki fasta myndframsetningu. \u00deau eru vindv\u00e6ttir, l\u00edkamslaus, sem stundum m\u00e1 upplifa sem n\u00e6turskugga e\u00f0a drauma. Ardat-lil\u00ee getur birst sem ung kona, oft sem t\u00e6landi vera sem kemur til sofandi karlmanna. Myndr\u00e6nar framsetningar eru f\u00e1ar og ekki afdr\u00e1ttarlausar.<\/p><h3>Heg\u00f0un<\/h3><p>\u00deau koma \u00e1 n\u00f3ttunni, ry\u00f0jast inn \u00ed h\u00fas og svefnherbergi og \u00e1reita sofandi f\u00f3lk. Lil\u00fb t\u00e6lir konur, Lil\u012btu karlmenn. Ardat-lil\u00ee h\u00f3tar einhleypum m\u00f6nnum, s\u00e6ngurkonum og ungb\u00f6rnum. \u00deau hverfa me\u00f0 morgninum en l\u00e1ta eftir sig sj\u00fakd\u00f3ma, martra\u00f0ir e\u00f0a \u00f3\u00e6skilega kynfer\u00f0islega reynslu.<\/p><h3>Verkunarsvi\u00f0<\/h3><p>Svefntruflanir, martra\u00f0ir, <a class=\"iwg-fachbegriff\" href=\"https:\/\/iwell-guard.com\/is\/?page_id=168888\" tabindex=\"0\" data-tooltip=\"Me\u00f0vitundar\u00e1stand \u00fear sem hugurinn vaknar en l\u00edkaminn er enn lama\u00f0ur vegna REM-l\u00f6munar; oft \u00e1samt ofsj\u00f3num.\" style=\"color:inherit;text-decoration:none\">svefnl\u00f6mun<\/a>, kynfer\u00f0islegir draumar, \u00f3\u00fatsk\u00fdrt \u00feungunartap, \u00f3frj\u00f3semi. \u00cd dreifb\u00fdlislegri, fornlegri skynjun einnig \u00f3frj\u00f3tt land og trufla\u00f0ar d\u00fdraf\u00e6\u00f0ingar. Verkunarsvi\u00f0i\u00f0 skarast a\u00f0 hluta vi\u00f0 Lamashtu en er sterkar bundi\u00f0 svefninum.<\/p>\t\t\t\t\t\t\t\t<\/div>\n\t\t\t\t<\/div>\n\t\t\t\t\t<\/div>\n\t\t\t\t<\/div>\n\t\t<div class=\"elementor-element elementor-element-44e71476 e-flex e-con-boxed e-con e-parent\" data-id=\"44e71476\" data-element_type=\"container\" data-e-type=\"container\">\n\t\t\t\t\t<div class=\"e-con-inner\">\n\t\t\t\t<div class=\"elementor-element elementor-element-3c1fc3f0 elementor-widget elementor-widget-heading\" data-id=\"3c1fc3f0\" data-element_type=\"widget\" data-e-type=\"widget\" data-widget_type=\"heading.default\">\n\t\t\t\t\t<h2 class=\"elementor-heading-title elementor-size-default\">Kynningarspjald: Lilu og Lilitu<\/h2>\t\t\t\t<\/div>\n\t\t<div class=\"elementor-element elementor-element-84f33b8e e-con-full e-flex e-con e-child\" data-id=\"84f33b8e\" data-element_type=\"container\" data-e-type=\"container\">\n\t\t\t\t<div class=\"elementor-element elementor-element-hqkdc67p elementor-widget elementor-widget-text-editor\" data-id=\"hqkdc67p\" data-element_type=\"widget\" data-e-type=\"widget\" data-widget_type=\"text-editor.default\">\n\t\t\t\t\t\t\t\t\t<p>Mikilv\u00e6gustu atri\u00f0i um Lil\u00fb og Lil\u012btu \u00ed hnotskurn. N\u00e1nari umfj\u00f6llun um nafn, l\u00fdsingu, varnir og hli\u00f0st\u00e6\u00f0ur m\u00e1 finna \u00ed eftirfarandi k\u00f6flum.<\/p>\t\t\t\t\t\t\t\t<\/div>\n\t\t\t\t<\/div>\n\t\t<div class=\"elementor-element elementor-element-pemmx7c5 e-con-full e-flex e-con e-child\" data-id=\"pemmx7c5\" data-element_type=\"container\" data-e-type=\"container\">\n\t\t<div class=\"elementor-element elementor-element-pemmx7c1 e-con-full e-flex e-con e-child\" data-id=\"pemmx7c1\" data-element_type=\"container\" data-e-type=\"container\">\n\t\t<div class=\"elementor-element elementor-element-qh9oavvu iwg-steckbrief-card e-flex e-con-boxed e-con e-child\" data-id=\"qh9oavvu\" data-element_type=\"container\" data-e-type=\"container\">\n\t\t\t\t\t<div class=\"e-con-inner\">\n\t\t\t\t<div class=\"elementor-element elementor-element-awzx8k2k elementor-widget elementor-widget-heading\" data-id=\"awzx8k2k\" data-element_type=\"widget\" data-e-type=\"widget\" data-widget_type=\"heading.default\">\n\t\t\t\t\t<div class=\"elementor-heading-title elementor-size-default\">Uppruni<\/div>\t\t\t\t<\/div>\n\t\t\t\t<div class=\"elementor-element elementor-element-x6rowhv0 elementor-widget elementor-widget-text-editor\" data-id=\"x6rowhv0\" data-element_type=\"widget\" data-e-type=\"widget\" data-widget_type=\"text-editor.default\">\n\t\t\t\t\t\t\t\t\t<p>S\u00famersk-akkad\u00edsk or\u00f0sifjafr\u00e6\u00f0i: \u00far <em>l\u00edl<\/em> (hreyf\u00f0 loft, vindur, andardr\u00e1ttur) \u00fer\u00f3ast flokkur l\u00edkamslausra vindv\u00e6tta. Lil\u00fb er karlkyns, Lil\u012btu kvenkyns fulltr\u00fai \u00feessa flokks. Ardat-lil\u00ee \u00fer\u00f3ast sem s\u00e9rstakt yngra afbrig\u00f0i me\u00f0 \u00e1berandi kynfer\u00f0islega og barnh\u00f3tandi \u00fe\u00e6tti.<\/p>\t\t\t\t\t\t\t\t<\/div>\n\t\t\t\t\t<\/div>\n\t\t\t\t<\/div>\n\t\t<div class=\"elementor-element elementor-element-8e3o4kxs iwg-steckbrief-card e-flex e-con-boxed e-con e-child\" data-id=\"8e3o4kxs\" data-element_type=\"container\" data-e-type=\"container\">\n\t\t\t\t\t<div class=\"e-con-inner\">\n\t\t\t\t<div class=\"elementor-element elementor-element-08rkdgov elementor-widget elementor-widget-heading\" data-id=\"08rkdgov\" data-element_type=\"widget\" data-e-type=\"widget\" data-widget_type=\"heading.default\">\n\t\t\t\t\t<div class=\"elementor-heading-title elementor-size-default\">Tengt vi\u00f0<\/div>\t\t\t\t<\/div>\n\t\t\t\t<div class=\"elementor-element elementor-element-uwjelx8s elementor-widget elementor-widget-text-editor\" data-id=\"uwjelx8s\" data-element_type=\"widget\" data-e-type=\"widget\" data-widget_type=\"text-editor.default\">\n\t\t\t\t\t\t\t\t\t<p>Sofandi f\u00f3lk, s\u00e9rstaklega \u00f3gift og barnlaust. Fer\u00f0alangar \u00ed ey\u00f0im\u00f6rk og ey\u00f0ilandi. Sta\u00f0ir \u00fear sem f\u00e9lagslegt skj\u00f3l er l\u00edti\u00f0.<\/p>\t\t\t\t\t\t\t\t<\/div>\n\t\t\t\t\t<\/div>\n\t\t\t\t<\/div>\n\t\t<div class=\"elementor-element elementor-element-jm2n74ec iwg-steckbrief-card e-flex e-con-boxed e-con e-child\" data-id=\"jm2n74ec\" data-element_type=\"container\" data-e-type=\"container\">\n\t\t\t\t\t<div class=\"e-con-inner\">\n\t\t\t\t<div class=\"elementor-element elementor-element-8vufse4c elementor-widget elementor-widget-heading\" data-id=\"8vufse4c\" data-element_type=\"widget\" data-e-type=\"widget\" data-widget_type=\"heading.default\">\n\t\t\t\t\t<div class=\"elementor-heading-title elementor-size-default\">Form<\/div>\t\t\t\t<\/div>\n\t\t\t\t<div class=\"elementor-element elementor-element-mwb9u015 elementor-widget elementor-widget-text-editor\" data-id=\"mwb9u015\" data-element_type=\"widget\" data-e-type=\"widget\" data-widget_type=\"text-editor.default\">\n\t\t\t\t\t\t\t\t\t<p>Engin fastm\u00f3tu\u00f0 myndhef\u00f0 er til. Lil\u00fb og Lil\u012btu eru oftast l\u00fdst sem vindur e\u00f0a n\u00e6turskuggi. Ardat-lil\u00ee birtist \u00ed s\u00e6ringatextum st\u00f6ku sinnum sem a\u00f0la\u00f0andi ung kona me\u00f0 langt h\u00e1r. Myndr\u00e6nar framsetningar eru mj\u00f6g f\u00e1ar; nokkrar leirpl\u00f6tur fr\u00e1 fornbab\u00fdlonskum t\u00edma (svok\u00f6llu\u00f0 &#8222;Burney-<span class=\"iwg-fachbegriff\" data-tooltip=\"Framsetning sem er unnin upphleypt \u00far fleti.\" tabindex=\"0\">l\u00e1gmynd<\/span>&#8222;) hafa a\u00f0 hluta veri\u00f0 tengdar Lil\u012btu, en s\u00fa tenging er umdeild.<\/p>\t\t\t\t\t\t\t\t<\/div>\n\t\t\t\t\t<\/div>\n\t\t\t\t<\/div>\n\t\t\t\t<\/div>\n\t\t<div class=\"elementor-element elementor-element-pemmx7c2 e-con-full e-flex e-con e-child\" data-id=\"pemmx7c2\" data-element_type=\"container\" data-e-type=\"container\">\n\t\t<div class=\"elementor-element elementor-element-37ss2yr6 iwg-steckbrief-card e-flex e-con-boxed e-con e-child\" data-id=\"37ss2yr6\" data-element_type=\"container\" data-e-type=\"container\">\n\t\t\t\t\t<div class=\"e-con-inner\">\n\t\t\t\t<div class=\"elementor-element elementor-element-3v0wp3wx elementor-widget elementor-widget-heading\" data-id=\"3v0wp3wx\" data-element_type=\"widget\" data-e-type=\"widget\" data-widget_type=\"heading.default\">\n\t\t\t\t\t<div class=\"elementor-heading-title elementor-size-default\">Verkunarsvi\u00f0<\/div>\t\t\t\t<\/div>\n\t\t\t\t<div class=\"elementor-element elementor-element-w3247g2m elementor-widget elementor-widget-text-editor\" data-id=\"w3247g2m\" data-element_type=\"widget\" data-e-type=\"widget\" data-widget_type=\"text-editor.default\">\n\t\t\t\t\t\t\t\t\t<p>Martra\u00f0ir, <a class=\"iwg-fachbegriff\" href=\"https:\/\/iwell-guard.com\/is\/?page_id=168888\" tabindex=\"0\" data-tooltip=\"Me\u00f0vitundar\u00e1stand \u00fear sem hugurinn vaknar en l\u00edkaminn er enn lama\u00f0ur vegna REM-l\u00f6munar.\" style=\"color:inherit;text-decoration:none\">svefnl\u00f6mun<\/a>, n\u00e6turleg kynfer\u00f0isleg reynsla, \u00feunglyndi, \u00f3frj\u00f3semi. Sk\u00fdringarmynd fyrir \u00fea\u00f0 sem gerist \u00e1 n\u00f3ttunni og \u00e1 ja\u00f0ri f\u00e9lagslega r\u00famsins.<\/p>\t\t\t\t\t\t\t\t<\/div>\n\t\t\t\t\t<\/div>\n\t\t\t\t<\/div>\n\t\t<div class=\"elementor-element elementor-element-0qpjal9w iwg-steckbrief-card e-flex e-con-boxed e-con e-child\" data-id=\"0qpjal9w\" data-element_type=\"container\" data-e-type=\"container\">\n\t\t\t\t\t<div class=\"e-con-inner\">\n\t\t\t\t<div class=\"elementor-element elementor-element-6ndoih0o elementor-widget elementor-widget-heading\" data-id=\"6ndoih0o\" data-element_type=\"widget\" data-e-type=\"widget\" data-widget_type=\"heading.default\">\n\t\t\t\t\t<div class=\"elementor-heading-title elementor-size-default\">Verndargripir<\/div>\t\t\t\t<\/div>\n\t\t\t\t<div class=\"elementor-element elementor-element-6684tyh9 elementor-widget elementor-widget-text-editor\" data-id=\"6684tyh9\" data-element_type=\"widget\" data-e-type=\"widget\" data-widget_type=\"text-editor.default\">\n\t\t\t\t\t\t\t\t\t<p>S\u00e6ringar, verndargripir me\u00f0 \u00e1letrunum, helgisi\u00f0abundnar var\u00fa\u00f0arr\u00e1\u00f0stafanir fyrir svefnherbergi\u00f0. \u00cd s\u00ed\u00f0ari hef\u00f0: galdrask\u00e1lar me\u00f0 verndarform\u00falum gegn Lilith.<\/p>\t\t\t\t\t\t\t\t<\/div>\n\t\t\t\t\t<\/div>\n\t\t\t\t<\/div>\n\t\t<div class=\"elementor-element elementor-element-3lfi7x32 iwg-steckbrief-card e-flex e-con-boxed e-con e-child\" data-id=\"3lfi7x32\" data-element_type=\"container\" data-e-type=\"container\">\n\t\t\t\t\t<div class=\"e-con-inner\">\n\t\t\t\t<div class=\"elementor-element elementor-element-0kg99ga1 elementor-widget elementor-widget-heading\" data-id=\"0kg99ga1\" data-element_type=\"widget\" data-e-type=\"widget\" data-widget_type=\"heading.default\">\n\t\t\t\t\t<div class=\"elementor-heading-title elementor-size-default\">Tengdar verur<\/div>\t\t\t\t<\/div>\n\t\t\t\t<div class=\"elementor-element elementor-element-n0fum6kp elementor-widget elementor-widget-text-editor\" data-id=\"n0fum6kp\" data-element_type=\"widget\" data-e-type=\"widget\" data-widget_type=\"text-editor.default\">\n\t\t\t\t\t\t\t\t\t<p>Beinir eftirmenn: <a href=\"https:\/\/iwell-guard.com\/is\/?page_id=168607\">Lilith<\/a> (j\u00fad\u00edsk-rabb\u00edn\u00edsk hef\u00f0, mi\u00f0aldir). Skyldar a\u00f0 hlutverki: <a href=\"https:\/\/iwell-guard.com\/is\/?page_id=168597\">Lamia<\/a> og <a href=\"https:\/\/iwell-guard.com\/is\/?page_id=168598\">Empusa<\/a> (Grikkland), <a href=\"https:\/\/iwell-guard.com\/is\/?page_id=168871\">s\u00fakk\u00fabus<\/a> og <a href=\"https:\/\/iwell-guard.com\/is\/?page_id=168870\">ink\u00fabus<\/a> (mi\u00f0aldakristni), <a href=\"https:\/\/iwell-guard.com\/is\/?page_id=168665\">Y\u016brei<\/a> \u00ed japanskri hef\u00f0 sem r\u00f3leysar birtingar \u00e1 n\u00e6turnar. Einnig <a href=\"https:\/\/iwell-guard.com\/is\/?page_id=168631\">Mahr<\/a> (germ\u00f6nsk hef\u00f0) og <a href=\"https:\/\/iwell-guard.com\/is\/?page_id=168639\">Kikimora<\/a> (slavnesk hef\u00f0) deila <span class=\"iwg-fachbegriff\" data-tooltip=\"Endurteki\u00f0 efnislegt stef \u00ed list e\u00f0a fr\u00e1s\u00f6gn.\" tabindex=\"0\">stefinu<\/span> um n\u00e6tureind\u00e6mi sem ry\u00f0st inn \u00ed svefnh\u00fasi\u00f0.<\/p>\t\t\t\t\t\t\t\t<\/div>\n\t\t\t\t\t<\/div>\n\t\t\t\t<\/div>\n\t\t\t\t<\/div>\n\t\t\t\t<\/div>\n\t\t\t\t\t<\/div>\n\t\t\t\t<\/div>\n\t\t<div class=\"elementor-element elementor-element-7533bc7a e-flex e-con-boxed e-con e-parent\" data-id=\"7533bc7a\" data-element_type=\"container\" data-e-type=\"container\">\n\t\t\t\t\t<div class=\"e-con-inner\">\n\t\t\t\t<div class=\"elementor-element elementor-element-2447d18d elementor-widget elementor-widget-heading\" data-id=\"2447d18d\" data-element_type=\"widget\" data-e-type=\"widget\" data-widget_type=\"heading.default\">\n\t\t\t\t\t<h2 class=\"elementor-heading-title elementor-size-default\">Verndarr\u00e1\u00f0 \u00ed framkv\u00e6md<\/h2>\t\t\t\t<\/div>\n\t\t<div class=\"elementor-element elementor-element-d5d0260c e-con-full e-flex e-con e-child\" data-id=\"d5d0260c\" data-element_type=\"container\" data-e-type=\"container\">\n\t\t\t\t<div class=\"elementor-element elementor-element-341be2ac elementor-widget elementor-widget-text-editor\" data-id=\"341be2ac\" data-element_type=\"widget\" data-e-type=\"widget\" data-widget_type=\"text-editor.default\">\n\t\t\t\t\t\t\t\t\t<h3>Athafnir til varnar<\/h3><p>Galdrara\u00f0irnar Maql\u00fb (&#8222;brenning&#8220;) og \u0160urpu (&#8222;brenning&#8220;) innihalda \u00edtarlegar <span class=\"iwg-fachbegriff\" data-tooltip=\"Skipul\u00f6g\u00f0 r\u00f6\u00f0 t\u00e1kngj\u00f6r\u00f0ra athafna me\u00f0 tr\u00faarlega e\u00f0a menningarlega merkingu.\" tabindex=\"0\">athafnar<\/span>lei\u00f0beiningar gegn Lil\u00fb, Lil\u012btu og ardat-lil\u00ee. D\u00e6migert er samspil munnlega fluttra galdraform\u00fala me\u00f0 reykelsisf\u00f3rnum (einir, sedrusvi\u00f0ur), verndargripum vi\u00f0 r\u00fami\u00f0 e\u00f0a yfir dyrum, og t\u00e1knr\u00e6num ey\u00f0ingarath\u00f6fnum (bruni leirmynda sem t\u00e1kna v\u00e6ttina). Sj\u00e1lft sofsv\u00e6\u00f0i\u00f0 er vari\u00f0 me\u00f0 verndarhringjum og verndandi \u00e1letrunum.<\/p>\t\t\t\t\t\t\t\t<\/div>\n\t\t\t\t<\/div>\n\t\t\t\t\t<\/div>\n\t\t\t\t<\/div>\n\t\t<div class=\"elementor-element elementor-element-5a584676 e-flex e-con-boxed e-con e-parent\" data-id=\"5a584676\" data-element_type=\"container\" data-e-type=\"container\">\n\t\t\t\t\t<div class=\"e-con-inner\">\n\t\t\t\t<div class=\"elementor-element elementor-element-6d0757bf elementor-widget elementor-widget-heading\" data-id=\"6d0757bf\" data-element_type=\"widget\" data-e-type=\"widget\" data-widget_type=\"heading.default\">\n\t\t\t\t\t<h2 class=\"elementor-heading-title elementor-size-default\">Lilu og Lilitu, hli\u00f0st\u00e6\u00f0ur \u00ed \u00f6\u00f0rum menningarheimum<\/h2>\t\t\t\t<\/div>\n\t\t<div class=\"elementor-element elementor-element-60563f68 e-con-full e-flex e-con e-child\" data-id=\"60563f68\" data-element_type=\"container\" data-e-type=\"container\">\n\t\t\t\t<div class=\"elementor-element elementor-element-5a93fdd6 elementor-widget elementor-widget-text-editor\" data-id=\"5a93fdd6\" data-element_type=\"widget\" data-e-type=\"widget\" data-widget_type=\"text-editor.default\">\n\t\t\t\t\t\t\t\t\t<p><strong>J\u00fad\u00edsk hef\u00f0:<\/strong> Lilith er beinn eftirma\u00f0ur akkad\u00edsku Lil\u012btu\/ardat-lil\u00ee. Fyrst nefnd \u00ed Jesaja 34,14 sem ey\u00f0imerkurdem\u00f3n; \u00fatf\u00e6r\u00f0 \u00ed bab\u00fdlonska <span class=\"iwg-fachbegriff\" tabindex=\"0\" data-tooltip=\"Meginverk rabb\u00edn\u00edska j\u00fadaismans, \u00ed bab\u00fdlonskri og jer\u00fasalemskri ger\u00f0; inniheldur Mishna og Gemara.\">Talm\u00fadinum<\/span> (B. Eruvin 100b, Niddah 24b), s\u00ed\u00f0an \u00fatf\u00e6r\u00f0 til fulls \u00ed mi\u00f0aldaritinu Stafr\u00f3fi Ben Sira (10. \u00f6ld).<\/p><p>Kabbal\u00edsk hef\u00f0 gerir hana a\u00f0 fyrstu konu Adams, sem yfirgefur hann og hefur s\u00ed\u00f0an h\u00f3ta\u00f0 ungb\u00f6rnum. Verndargripir me\u00f0 erkienglunum Sanvi, Sansanvi og Semangelaf eru \u00ed notkun allt fram \u00e1 n\u00fat\u00edma.<\/p><p><strong>Gr\u00edsk-r\u00f3mverski heimurinn:<\/strong> Lamia og Empusa taka vi\u00f0 <span class=\"iwg-fachbegriff\" data-tooltip=\"Endurteki\u00f0 efnislegt stef \u00ed list e\u00f0a fr\u00e1s\u00f6gn.\" tabindex=\"0\">stefinu<\/span> um kvenkyns n\u00e6tur-dem\u00f3ninn. B\u00e1\u00f0ar eru upphaflega einstaka pers\u00f3nur, en ver\u00f0a \u00e1 <span class=\"iwg-fachbegriff\" data-tooltip=\"Umbreytingart\u00edmabil milli fornaldar og mi\u00f0alda, um \u00fea\u00f0 bil 3. til 7. \u00f6ld.\" tabindex=\"0\">s\u00ed\u00f0forn\u00f6ld<\/span> a\u00f0 tegundarheiti. R\u00f3mverska Striga og Gello nota sama efnivi\u00f0inn.<\/p><p><strong>Mi\u00f0aldir og n\u00fat\u00ed\u00f0:<\/strong> S\u00fakk\u00fabus og ink\u00fabus ver\u00f0a \u00ed sk\u00f3laspekilegri <span class=\"iwg-fachbegriff\" data-tooltip=\"V\u00edsindaleg fr\u00e6\u00f0igrein um gu\u00f0 og tr\u00fa \u00ed tiltekinni tr\u00faarbr\u00f6g\u00f0um.\" tabindex=\"0\">gu\u00f0fr\u00e6\u00f0i<\/span> a\u00f0 sj\u00e1lfst\u00e6\u00f0um flokkum kynfer\u00f0islega virkra dem\u00f3na. Nornar\u00e9ttarh\u00f6ld fr\u00e1 upphafi n\u00fat\u00edmans t\u00f3ku \u00feennan efnivi\u00f0 upp og tengdu hann \u00e1s\u00f6kunum um dj\u00f6flasamb\u00fa\u00f0. \u00cd \u00fej\u00f3\u00f0tr\u00fa lifir \u201eMahr\u201c \u00e1fram sem farg-v\u00e6ttur \u00e1 \u00fe\u00fdska m\u00e1lsv\u00e6\u00f0inu allt fram \u00e1 19. \u00f6ld.<\/p><p><strong>N\u00fat\u00edmavi\u00f0taka:<\/strong> Lilith-pers\u00f3nan er \u00e1 20. \u00f6ld endurfundin, s\u00e9rstaklega \u00ed fem\u00edn\u00edskri <span class=\"iwg-fachbegriff\" data-tooltip=\"V\u00edsindaleg fr\u00e6\u00f0igrein um gu\u00f0 og tr\u00fa \u00ed tiltekinni tr\u00faarbr\u00f6g\u00f0um.\" tabindex=\"0\">gu\u00f0fr\u00e6\u00f0i<\/span> og \u00ed j\u00fad\u00edsk-amer\u00edskum b\u00f3kmenntum (Lilith Magazine, Judith Plaskow), og er lesin sem andst\u00e6\u00f0a hinnar undiroku\u00f0u Evu. Pazuzu-Lamashtu-Lil\u00fb-samst\u00e6\u00f0an hefur \u00e1 s\u00ed\u00f0ari t\u00edmum fengi\u00f0 v\u00ed\u00f0t\u00e6ka vi\u00f0t\u00f6ku \u00ed hrylli- og fantas\u00edub\u00f3kmenntum og d\u00e6gurmenningu.<\/p>\t\t\t\t\t\t\t\t<\/div>\n\t\t\t\t<\/div>\n\t\t\t\t\t<\/div>\n\t\t\t\t<\/div>\n\t\t<div class=\"elementor-element elementor-element-cpd2ae5c9 e-flex e-con-boxed e-con e-parent\" data-id=\"cpd2ae5c9\" data-element_type=\"container\" data-e-type=\"container\">\n\t\t\t\t\t<div class=\"e-con-inner\">\n\t\t\t\t<div class=\"elementor-element elementor-element-cpcb748d7 elementor-widget elementor-widget-heading\" data-id=\"cpcb748d7\" data-element_type=\"widget\" data-e-type=\"widget\" data-widget_type=\"heading.default\">\n\t\t\t\t\t<h2 class=\"elementor-heading-title elementor-size-default\">Galdrar\u00f6\u00f0in Maql\u00fb og sta\u00f0a hennar \u00ed henni<\/h2>\t\t\t\t<\/div>\n\t\t<div class=\"elementor-element elementor-element-cp7d03588 e-con-full e-flex e-con e-child\" data-id=\"cp7d03588\" data-element_type=\"container\" data-e-type=\"container\">\n\t\t\t\t<div class=\"elementor-element elementor-element-cp1104060 elementor-widget elementor-widget-text-editor\" data-id=\"cp1104060\" data-element_type=\"widget\" data-e-type=\"widget\" data-widget_type=\"text-editor.default\">\n\t\t\t\t\t\t\t\t\t<p>Mikilv\u00e6gasta fleygr\u00fanaheimildin um n\u00e1ttdem\u00f3na af tegundinni <em>lil\u00fb<\/em> og <em>lil\u012btu<\/em> er ekki einstaka <span class=\"iwg-fachbegriff\" data-tooltip=\"Yfirf\u00e6r\u00f0 fr\u00e1s\u00f6gn um gu\u00f0i, uppruna og skipan heimsins.\" tabindex=\"0\">go\u00f0s\u00f6gn<\/span>, heldur heilt safn af athafnatextum.<\/p><p>S\u00e9rstaklega gagnleg er n\u00fd-ass\u00fdr\u00edska galdrar\u00f6\u00f0in <em>Maql\u00fb<\/em> (&#8222;brenning&#8220;), sem var\u00f0veitt er \u00e1 n\u00edu spj\u00f6ldum auk athafnaspjalds, og sem Tzvi Abusch ger\u00f0i a\u00f0gengilega \u00ed gagnr\u00fdninni \u00fatg\u00e1fu. <em>Maql\u00fb<\/em> sn\u00fdst fyrst og fremst gegn galdri, en nefnir aftur og aftur <em>lil\u00fb<\/em>-v\u00e6ttir \u00ed upptalningum \u00e1 ska\u00f0legum m\u00e1ttarv\u00f6ldum, sem galdraprestinum ber a\u00f0 verja sj\u00faklinginn fr\u00e1.<\/p><p>Auk \u00feess er til st\u00f3r r\u00f6\u00f0 l\u00e6knis-og galdratexta til sj\u00fakd\u00f3msgreiningar. \u00cd hinni svok\u00f6llu\u00f0u Sakikk\u00fb-r\u00f6\u00f0 og \u00ed vi\u00f0eigandi galdra\u00feulum gegn barnasj\u00fakd\u00f3mum kemur <em>lil\u012btu<\/em> fram sem v\u00e6ttur er h\u00f3tar ungb\u00f6rnum og s\u00e6ngurkonum.<\/p><p>N\u00e1i\u00f0 skyld er pers\u00f3na <em>ardat lil\u00ee<\/em>, \u201eLil\u00fb-meyjarinnar\u201c, dem\u00f3nu sem hugsu\u00f0 var hafa d\u00e1i\u00f0 \u00f3gift og barnlaus og \u00f6fundar \u00fev\u00ed lifendur af \u00fev\u00ed sem henni var neita\u00f0.<\/p><p>Walter Farber hefur gefi\u00f0 \u00fat og sk\u00fdrt galdra\u00feulur til verndar m\u00f3\u00f0ur og barni, me\u00f0al annars r\u00f6\u00f0ina <em>Lama\u0161tu<\/em>; \u00ed \u00fev\u00ed umhverfi hreyfist einnig <em>lil\u012btu<\/em>.<\/p><p>A\u00f0fer\u00f0afr\u00e6\u00f0ilega er mikilv\u00e6gt a\u00f0 \u00feessir textar bj\u00f3\u00f0a ekki upp \u00e1 fr\u00e1sagnarlega <span class=\"iwg-fachbegriff\" data-tooltip=\"Heild allra var\u00f0veittra gu\u00f0afr\u00e1sagna tiltekinnar menningar.\" tabindex=\"0\">go\u00f0afr\u00e6\u00f0i<\/span>. \u00deeir l\u00fdsa dem\u00f3nunum me\u00f0 tilliti til virkni, \u00e1hrifa og varnarathafna. \u00dea\u00f0 sem vi\u00f0 vitum um \u00fatlit, uppruna og heg\u00f0un <em>lil\u00fb<\/em>-v\u00e6tta er \u00fev\u00ed n\u00e6r alfari\u00f0 dregi\u00f0 af athafnasamhengi, ekki af go\u00f0s\u00f6gulegum kv\u00e6\u00f0um.<\/p><p>\u00deessi heimildasta\u00f0a \u00fatsk\u00fdrir hvers vegna pers\u00f3na <em>lil\u012btu<\/em> er \u00f3sk\u00fdr \u00ed fleygr\u00fanaheimildunum og \u00fea\u00f0 var ekki fyrr en \u00ed s\u00ed\u00f0ari j\u00fad\u00edskri <span class=\"iwg-fachbegriff\" data-tooltip=\"Mi\u00f0lun \u00feekkingar og fr\u00e1sagna milli kynsl\u00f3\u00f0a.\" tabindex=\"0\">munnm\u00e6lahef\u00f0<\/span> sem h\u00fan var \u00fe\u00e9ttu\u00f0 \u00ed nafngreinda einstaka pers\u00f3nu. S\u00e1 sem les mes\u00f3p\u00f3tam\u00edsku heimildirnar \u00e6tti alltaf a\u00f0 hafa \u00ed huga muninn \u00e1 dem\u00f3naflokki og hinni s\u00ed\u00f0ari <a href=\"https:\/\/iwell-guard.com\/is\/?page_id=168607\">Lilith<\/a> rabb\u00ednsku textanna.<\/p>\t\t\t\t\t\t\t\t<\/div>\n\t\t\t\t<\/div>\n\t\t\t\t\t<\/div>\n\t\t\t\t<\/div>\n\t\t<div class=\"elementor-element elementor-element-cp99f2ecb e-flex e-con-boxed e-con e-parent\" data-id=\"cp99f2ecb\" data-element_type=\"container\" data-e-type=\"container\">\n\t\t\t\t\t<div class=\"e-con-inner\">\n\t\t\t\t<div class=\"elementor-element elementor-element-cp445bb03 elementor-widget elementor-widget-heading\" data-id=\"cp445bb03\" data-element_type=\"widget\" data-e-type=\"widget\" data-widget_type=\"heading.default\">\n\t\t\t\t\t<h2 class=\"elementor-heading-title elementor-size-default\">Fr\u00e1 dem\u00f3nasafni til einstakrar pers\u00f3nu: vi\u00f0t\u00f6kusaga<\/h2>\t\t\t\t<\/div>\n\t\t<div class=\"elementor-element elementor-element-cp1cc05d0 e-con-full e-flex e-con e-child\" data-id=\"cp1cc05d0\" data-element_type=\"container\" data-e-type=\"container\">\n\t\t\t\t<div class=\"elementor-element elementor-element-cp774944b elementor-widget elementor-widget-text-editor\" data-id=\"cp774944b\" data-element_type=\"widget\" data-e-type=\"widget\" data-widget_type=\"text-editor.default\">\n\t\t\t\t\t\t\t\t\t<p>\u00der\u00f3unin fr\u00e1 mes\u00f3p\u00f3tam\u00edskum dj\u00f6flaflokki yfir \u00ed s\u00e9rst\u00e6\u00f0a gy\u00f0inglega go\u00f0sagnapers\u00f3nu m\u00e1 rekja \u00ed \u00e1f\u00f6ngum. \u00cd bab\u00fdlonskum textum fr\u00e1 \u00f6\u00f0ru og fyrsta \u00e1r\u00fe\u00fasundi f.Kr. eru <em>lil\u00fb<\/em>, <em>lil\u012btu<\/em> og <em>ardat lil\u00ee<\/em> \u00ferj\u00e1r tengdar en ekki samsvarandi v\u00e6ttir \u00e1n eigin \u00e6vis\u00f6gu.<\/p><p>Bibl\u00eduv\u00edsunin \u00ed Jesaja 34,14, \u00fear sem or\u00f0i\u00f0 <em>l\u012bl\u012bt<\/em> kemur fyrir me\u00f0al ey\u00f0imerkurd\u00fdra og illra v\u00e6tta \u00ed eyddu Ed\u00f3m, er einst\u00f6k tilv\u00edsun; \u00fe\u00fd\u00f0ingar sveiflast milli &#8222;n\u00e1ttvofu&#8220;, &#8222;Lilith&#8220; og \u00e1kve\u00f0inna d\u00fdraheita, sem s\u00fdnir vel \u00f3vissuna \u00ed ranns\u00f3knum fr\u00e6\u00f0imanna.<\/p><p>\u00dea\u00f0 er ekki fyrr en \u00ed rabb\u00ednskum ritum og arame\u00edskum galdrask\u00e1lum fr\u00e1 s\u00ed\u00f0-forn\u00f6ld Mes\u00f3p\u00f3tam\u00edu a\u00f0 pers\u00f3nan f\u00e6r sk\u00fdrari mynd. Sk\u00e1larnar, en nokkur hundru\u00f0 \u00feeirra hafa veri\u00f0 gefnar \u00fat og m.a. rannsaka\u00f0ar af Joseph Naveh og Shaul Shaked, s\u00ed\u00f0ar af Dan Levene og Christa M\u00fcller-Kessler, nefna Lilith sem \u00f3gn vi\u00f0 hj\u00f3naband, \u00feungun og ungb\u00f6rn.<\/p><p>H\u00e9r er h\u00fan \u00feegar or\u00f0in \u00e1varpanlegt vald sem unnt er a\u00f0 hemja me\u00f0 nafni, oft hugsu\u00f0 \u00ed fleirt\u00f6lu sem heil fj\u00f6lskylda Lilin-v\u00e6tta.<\/p><p>Mi\u00f0aldaskei\u00f0i\u00f0 einkennist af hinu gervi-fornrita\u00f0a verki <em>Stafr\u00f3fi Ben Sira<\/em>, sem kynnir Lilith sem fyrstu konu Adams, sem neitar a\u00f0 l\u00fata valdi hans. \u00deessi texti, sem enn er deilt um hven\u00e6r hann er saminn og hvers e\u00f0lis hann er (hvort hann s\u00e9 meintur \u00ed fullri alv\u00f6ru e\u00f0a sat\u00edra), lag\u00f0i grunninn a\u00f0 \u00feeirri fr\u00e1sagnarger\u00f0 sem s\u00ed\u00f0ari <span class=\"iwg-fachbegriff\" data-tooltip=\"Stefna \u00ed gy\u00f0inglegri dulspeki me\u00f0 h\u00f6fu\u00f0ritum eins og Sefer Jezira og Sohar.\" tabindex=\"0\">Kabbala<\/span> og n\u00fat\u00edmaleg t\u00falkun bygg\u00f0u \u00e1.<\/p><p>\u00dea\u00f0an m\u00e1 rekja langa l\u00ednu \u00ed gegnum r\u00f3mant\u00edkina og allt til fem\u00edn\u00edskrar endurt\u00falkunar \u00e1 tuttugustu \u00f6ld. Fyrir tr\u00faarbrag\u00f0afr\u00e6\u00f0ilegan skilning er lykilatri\u00f0i a\u00f0 halda \u00feessum l\u00f6gum a\u00f0skildum: mes\u00f3p\u00f3tam\u00edsku <em>lil\u00fb<\/em>-v\u00e6ttirnir eru upphafspunkturinn, ekki fullkomnu\u00f0 mynd.<\/p>\t\t\t\t\t\t\t\t<\/div>\n\t\t\t\t<\/div>\n\t\t\t\t\t<\/div>\n\t\t\t\t<\/div>\n\t\t<div class=\"elementor-element elementor-element-cp0b18833 e-flex e-con-boxed e-con e-parent\" data-id=\"cp0b18833\" data-element_type=\"container\" data-e-type=\"container\">\n\t\t\t\t\t<div class=\"e-con-inner\">\n\t\t\t\t<div class=\"elementor-element elementor-element-cp3c8c54d elementor-widget elementor-widget-heading\" data-id=\"cp3c8c54d\" data-element_type=\"widget\" data-e-type=\"widget\" data-widget_type=\"heading.default\">\n\t\t\t\t\t<h2 class=\"elementor-heading-title elementor-size-default\">Or\u00f0sifjar og tengsl vi\u00f0 vindinn<\/h2>\t\t\t\t<\/div>\n\t\t<div class=\"elementor-element elementor-element-cpbfc23ab e-con-full e-flex e-con e-child\" data-id=\"cpbfc23ab\" data-element_type=\"container\" data-e-type=\"container\">\n\t\t\t\t<div class=\"elementor-element elementor-element-cp6b5dd10 elementor-widget elementor-widget-text-editor\" data-id=\"cp6b5dd10\" data-element_type=\"widget\" data-e-type=\"widget\" data-widget_type=\"text-editor.default\">\n\t\t\t\t\t\t\t\t\t<p>Eldri \u00fej\u00f3\u00f0sagnask\u00fdring leiddi <em>lil\u012btu<\/em> af hebreska or\u00f0inu <em>laylah<\/em> (&#8222;n\u00f3tt&#8220;) og s\u00e1 \u00ed v\u00e6ttunum hreina n\u00e1ttdj\u00f6fla. \u00deessi sk\u00fdring stenst ekki tungum\u00e1lalega, jafnvel \u00fe\u00f3tt h\u00fan hafi m\u00f3ta\u00f0 s\u00ed\u00f0ari hugmyndir mj\u00f6g sterkt.<\/p><p>S\u00fa \u00fatlei\u00f0ing sem n\u00fa er r\u00edkjandi me\u00f0al ass\u00fdr\u00edufr\u00e6\u00f0inga tengir <em>lil\u00fb<\/em> vi\u00f0 s\u00famerska or\u00f0i\u00f0 <em>lil<\/em>, hugtak \u00far merkingarsvi\u00f0i &#8222;vindur&#8220;, &#8222;loft&#8220;, &#8222;andi&#8220;, &#8222;stormur&#8220;. <em>Lil\u00fb<\/em>-v\u00e6ttirnir hef\u00f0u \u00fe\u00e1 upphaflega veri\u00f0 vind- og stormdj\u00f6flar, l\u00edkamslaus \u00f6fl sem fara um loftin.<\/p><p>\u00deessi or\u00f0sifjafr\u00e6\u00f0i fellur vel a\u00f0 m\u00f6rgum einkennum <span class=\"iwg-fachbegriff\" data-tooltip=\"Mi\u00f0lun \u00feekkingar og sagna milli kynsl\u00f3\u00f0a.\" tabindex=\"0\">munnm\u00e6lahef\u00f0arinnar<\/span>. <em>Lil\u00fb<\/em>-v\u00e6ttirnir eru taldar fri\u00f0lausar, \u00e1n fastrar b\u00fasta\u00f0ar, \u00fe\u00e6r smj\u00faga inn um glugga og glufur, hafa engan mannlegan f\u00e9laga og ekki afkv\u00e6mi \u00ed venjulegum skilningi.<\/p><p>Vindurinn sem t\u00e1knmynd fyrir hi\u00f0 heimilislausa, \u00f3st\u00f6\u00f0uga og \u00f3vi\u00f0r\u00e1\u00f0anlega liggur \u00fev\u00ed n\u00e6rri. S\u00ed\u00f0ari tenging vi\u00f0 &#8222;n\u00f3tt&#8220; v\u00e6ri \u00fe\u00e1 seinni t\u00edma endurt\u00falkun, \u00fdtt undir af hlj\u00f3\u00f0l\u00edkingu og af \u00fev\u00ed a\u00f0 margir \u00feessara dj\u00f6fla voru einnig taldir virkir a\u00f0 n\u00f3ttu til.<\/p><p>Fr\u00e6\u00f0imenn r\u00e6\u00f0a enn hversu n\u00e1in tengslin eru vi\u00f0 s\u00famersku <span class=\"iwg-fachbegriff\" data-tooltip=\"Vera sem er d\u00fdrku\u00f0 sem gu\u00f0leg innan tr\u00faarbrag\u00f0a.\" tabindex=\"0\">gu\u00f0veruna<\/span> Enlil, en nafn hans inniheldur sama frumhlutann <em>lil<\/em>, \u00e1n \u00feess a\u00f0 af \u00fev\u00ed lei\u00f0i bein \u00e6ttartengsl. \u00dea\u00f0 sem er \u00f6ruggt er a\u00f0 \u00feessi or\u00f0aflokkur er fornn og n\u00e6r dj\u00fapt aftur \u00ed s\u00famerskt m\u00e1lstig.<\/p><p>Fyrir s\u00f6guna \u00e1 bak vi\u00f0 nafni\u00f0 \u00fe\u00fd\u00f0ir \u00feetta: nafni\u00f0 ber me\u00f0 s\u00e9r hugmynd sem er eldri en sj\u00e1lf sagan um v\u00e6ttina. \u00c1\u00f0ur en <em>lil\u012btu<\/em> f\u00e9kk andlit, var h\u00fan andi \u00e1 sveimi.<\/p>\t\t\t\t\t\t\t\t<\/div>\n\t\t\t\t<\/div>\n\t\t\t\t\t<\/div>\n\t\t\t\t<\/div>\n\t\t<div class=\"elementor-element elementor-element-cp474329a e-flex e-con-boxed e-con e-parent\" data-id=\"cp474329a\" data-element_type=\"container\" data-e-type=\"container\">\n\t\t\t\t\t<div class=\"e-con-inner\">\n\t\t\t\t<div class=\"elementor-element elementor-element-cpa117c08 elementor-widget elementor-widget-heading\" data-id=\"cpa117c08\" data-element_type=\"widget\" data-e-type=\"widget\" data-widget_type=\"heading.default\">\n\t\t\t\t\t<h2 class=\"elementor-heading-title elementor-size-default\">Ardat lil\u00ee og r\u00f6kfr\u00e6\u00f0i hins \u00f3lifa\u00f0a l\u00edfs<\/h2>\t\t\t\t<\/div>\n\t\t<div class=\"elementor-element elementor-element-cp73b3a75 e-con-full e-flex e-con e-child\" data-id=\"cp73b3a75\" data-element_type=\"container\" data-e-type=\"container\">\n\t\t\t\t<div class=\"elementor-element elementor-element-cp20036d2 elementor-widget elementor-widget-text-editor\" data-id=\"cp20036d2\" data-element_type=\"widget\" data-e-type=\"widget\" data-widget_type=\"text-editor.default\">\n\t\t\t\t\t\t\t\t\t<p>Me\u00f0al \u00feessara \u00feriggja tengdu v\u00e6tta \u00e1 <em>ardat lil\u00ee<\/em> s\u00e9rstaka athygli skili\u00f0, \u00fev\u00ed \u00ed henni m\u00e1 sj\u00e1 innri r\u00f6kfr\u00e6\u00f0i alls \u00feessa dj\u00f6flaflokks. <em>Ardatu<\/em> merkir \u00e1 akkad\u00edsku ung kona \u00e1 giftingaraldri, sem enn hefur ekki or\u00f0i\u00f0 m\u00f3\u00f0ir.<\/p><p><em>Ardat lil\u00ee<\/em> er dj\u00f6flav\u00e6dd birtingarmynd \u00feessa \u00e1stands \u00feegar \u00fea\u00f0 n\u00e1\u00f0i ekki fullnustu: st\u00falka sem d\u00f3 \u00e1\u00f0ur en h\u00fan giftist og eigna\u00f0ist b\u00f6rn, e\u00f0a sem fann aldrei mann.<\/p><p>Galdratextarnir l\u00fdsa henni sem veru sem f\u00f3r \u00e1 mis vi\u00f0 \u00fe\u00e1 venjulegu l\u00edfsframvindu sem konur \u00e1ttu a\u00f0 ganga \u00ed gegnum. H\u00fan hefur engin brj\u00f3st sem gefa mj\u00f3lk, h\u00fan \u00feekkir engan eiginmann, h\u00fan var aldrei tekin \u00far meyd\u00f3mi.<\/p><p>\u00dar \u00feessum skorti sprettur h\u00e6ttan sem h\u00fan felur \u00ed s\u00e9r: h\u00fan leitar \u00e1 ungra manna \u00e1 n\u00f3ttunni til a\u00f0 n\u00e1 fram \u00fev\u00ed sem hana skorti \u00ed l\u00edfinu, og h\u00fan \u00f3gnar samt\u00edmis \u00feungu\u00f0um konum og s\u00e6ngurkonum, \u00feeim sem lif\u00f0u \u00fev\u00ed fullna\u00f0a l\u00edfi sem h\u00fan f\u00e9kk aldrei sj\u00e1lf. \u00d6fundin gagnvart \u00fev\u00ed l\u00edfi sem t\u00f3kst er drifkraftur \u00feessa endurtekna <span class=\"iwg-fachbegriff\" data-tooltip=\"Endurteki\u00f0 efnisatri\u00f0i \u00ed list e\u00f0a fr\u00e1s\u00f6gn.\" tabindex=\"0\">minnis<\/span>.<\/p><p>\u00deessi uppbygging er tr\u00faarbrag\u00f0afr\u00e6\u00f0ilega \u00e1hugaver\u00f0, \u00fev\u00ed h\u00fan s\u00fdnir hvernig samf\u00e9lag \u00fe\u00fd\u00f0ir eigin f\u00e9lagslega bresti yfir \u00ed dj\u00f6fla.<\/p><p>Fr\u00e1fall unglegrar konu, barnleysi, glata\u00f0 e\u00f0a vanr\u00e6kt hj\u00f3nabandsl\u00e1n: \u00feetta voru raunverulegar \u00e1hyggjur, og tr\u00fain \u00e1 <em>ardat lil\u00ee<\/em> gaf \u00feeim vi\u00f0r\u00e1\u00f0anlegt form. F\u00f3lk gat framkv\u00e6mt <span class=\"iwg-fachbegriff\" data-tooltip=\"Skipul\u00f6g\u00f0 r\u00f6\u00f0 t\u00e1knger\u00f0ra athafna me\u00f0 tr\u00faarlega e\u00f0a menningarlega merkingu.\" tabindex=\"0\">helgisi\u00f0i<\/span> gegn <span class=\"iwg-fachbegriff\" data-tooltip=\"Andleg vera sem s\u00f6g\u00f0 er hafa ska\u00f0leg e\u00f0a tv\u00edr\u00e6\u00f0 \u00e1hrif.\" tabindex=\"0\">dj\u00f6flinum<\/span>, me\u00f0an \u00fea\u00f0 var valdlaust gegn sj\u00e1lfum f\u00e9lagslegum \u00f6rl\u00f6gum.<\/p><p>S\u00f6mu r\u00f6kfr\u00e6\u00f0i bar s\u00ed\u00f0ari Lilith-hugmyndin, sem flutti \u00e1fram \u00ed gegnum aldirnar <span class=\"iwg-fachbegriff\" data-tooltip=\"Endurteki\u00f0 efnisatri\u00f0i \u00ed list e\u00f0a fr\u00e1s\u00f6gn.\" tabindex=\"0\">minni<\/span> hinnar dau\u00f0u e\u00f0a \u00fatsk\u00fafu\u00f0u konu sem hefnir s\u00edn \u00e1 b\u00f6rnum. Skyld ferli m\u00e1 finna \u00ed pers\u00f3nu <a href=\"https:\/\/iwell-guard.com\/is\/?page_id=168582\">Lama\u0161tu<\/a>, sem einnig \u00f3gnar m\u00f3\u00f0ur og barni, en er \u00fear go\u00f0umf\u00e6dd vera og ekki manneskja sem mist\u00f3kst.<\/p>\t\t\t\t\t\t\t\t<\/div>\n\t\t\t\t<\/div>\n\t\t\t\t\t<\/div>\n\t\t\t\t<\/div>\n\t\t<div class=\"elementor-element elementor-element-36dd7469 e-flex e-con-boxed e-con e-parent\" data-id=\"36dd7469\" data-element_type=\"container\" data-e-type=\"container\">\n\t\t\t\t\t<div class=\"e-con-inner\">\n\t\t\t\t<div class=\"elementor-element elementor-element-13760ab4 elementor-widget elementor-widget-heading\" data-id=\"13760ab4\" data-element_type=\"widget\" data-e-type=\"widget\" data-widget_type=\"heading.default\">\n\t\t\t\t\t<h2 class=\"elementor-heading-title elementor-size-default\">\u00cdtarefni og tenglar<\/h2>\t\t\t\t<\/div>\n\t\t<div class=\"elementor-element elementor-element-28c87796 e-con-full e-flex e-con e-child\" data-id=\"28c87796\" data-element_type=\"container\" data-e-type=\"container\">\n\t\t\t\t<div class=\"elementor-element elementor-element-5d6538df elementor-widget elementor-widget-text-editor\" data-id=\"5d6538df\" data-element_type=\"widget\" data-e-type=\"widget\" data-widget_type=\"text-editor.default\">\n\t\t\t\t\t\t\t\t\t<p>R\u00e1\u00f0lag\u00f0ir innri hlekkir fyrir \u00feessa s\u00ed\u00f0u:<\/p><ul><li><a href=\"https:\/\/iwell-guard.com\/is\/?page_id=168583\">Mes\u00f3p\u00f3tam\u00eda<\/a> (yfirs\u00ed\u00f0a menningarsv\u00e6\u00f0is)<\/li><li>N\u00e1nari umfj\u00f6llun um Lilu og Lilitu kemur s\u00ed\u00f0ar<\/li><li>N\u00e1nari umfj\u00f6llun um Lilu og Lilitu kemur s\u00ed\u00f0ar<\/li><li><a href=\"https:\/\/iwell-guard.com\/is\/?page_id=168607\">Lilith<\/a> (s\u00ed\u00f0ari j\u00fad\u00edsk arftaki)<\/li><li><a href=\"https:\/\/iwell-guard.com\/is\/?page_id=168746\">N\u00e1ttv\u00e6ttir<\/a> og <a class=\"iwg-fachbegriff\" href=\"https:\/\/iwell-guard.com\/is\/?page_id=168888\" tabindex=\"0\" data-tooltip=\"V\u00f6ku\u00e1stand me\u00f0 v\u00f6\u00f0val\u00f6mun \u00ed REM-svefni; v\u00ed\u00f0a um heim t\u00falka\u00f0 sem draugareynsla (Mahr, Old Hag, Kanashibari) \u2013 \u00fatsk\u00fdranlegt taugal\u00e6knisfr\u00e6\u00f0ilega.\" style=\"color:inherit;text-decoration:none\">svefnl\u00f6mun<\/a> (n\u00fat\u00edmaleg \u00fatsk\u00fdring)<\/li><li>Kvenkyns dj\u00f6flar (yfirlitss\u00ed\u00f0a)<\/li><li><a href=\"https:\/\/iwell-guard.com\/is\/?page_id=168870\">Incubus<\/a> og <a href=\"https:\/\/iwell-guard.com\/is\/?page_id=168871\">Succubus<\/a> (kristin-mi\u00f0aldahli\u00f0st\u00e6\u00f0ur)<\/li><\/ul>\t\t\t\t\t\t\t\t<\/div>\n\t\t\t\t<\/div>\n\t\t\t\t\t<\/div>\n\t\t\t\t<\/div>\n\t\t<div class=\"elementor-element elementor-element-grl4kl40 e-flex e-con-boxed e-con e-parent\" data-id=\"grl4kl40\" data-element_type=\"container\" data-e-type=\"container\">\n\t\t\t\t\t<div class=\"e-con-inner\">\n\t\t\t\t<div class=\"elementor-element elementor-element-bzsbfrmh elementor-widget elementor-widget-heading\" data-id=\"bzsbfrmh\" data-element_type=\"widget\" data-e-type=\"widget\" data-widget_type=\"heading.default\">\n\t\t\t\t\t<h2 class=\"elementor-heading-title elementor-size-default\">Heimildir og fr\u00e6\u00f0irit<\/h2>\t\t\t\t<\/div>\n\t\t<div class=\"elementor-element elementor-element-2c13224a e-con-full e-flex e-con e-child\" data-id=\"2c13224a\" data-element_type=\"container\" data-e-type=\"container\">\n\t\t\t\t<div class=\"elementor-element elementor-element-0eymh9ub elementor-widget elementor-widget-text-editor\" data-id=\"0eymh9ub\" data-element_type=\"widget\" data-e-type=\"widget\" data-widget_type=\"text-editor.default\">\n\t\t\t\t\t\t\t\t\t<p>Hnitmi\u00f0a\u00f0 \u00farval mikilv\u00e6gra rita um Lil\u00fb, Lil\u012btu og v\u00ed\u00f0ara samhengi n\u00e1ttdj\u00f6fla:<\/p><div data-nosnippet=\"true\"><ul><li><span data-nosnippet>Wiggermann, Frans A. M.: <em><a href=\"https:\/\/archive.org\/details\/mesopotamian-protective-spirits\" target=\"_blank\" rel=\"noopener noreferrer\">Mesopotamian Protective Spirits. The Ritual Texts<\/a><\/em> (Cuneiform Monographs 1). Groningen 1992.<\/span><\/li><li><span data-nosnippet>Hutter, Manfred: \u201eLilith\u201c, \u00ed: <em>Dictionary of Deities and Demons in the Bible.<\/em> 2. \u00fatg. Leiden 1999.<\/span><\/li><li><span data-nosnippet>Naveh, Joseph \/ Shaked, Shaul: <em>Amulets and Magic Bowls. Aramaic Incantations of Late Antiquity.<\/em> Jerusalem 1985.<\/span><\/li><li><span data-nosnippet>Black, Jeremy \/ Green, Anthony: <em><a href=\"https:\/\/www.britishmuseum.org\/collection\/term\/BIB4117\" target=\"_blank\" rel=\"noopener noreferrer\">Gods, Demons and Symbols of Ancient Mesopotamia. An Illustrated Dictionary.<\/a><\/em> London 1992.<\/span><\/li><li><span data-nosnippet>Stol, Marten: <em>Birth in Babylonia and the Bible.<\/em> Groningen 2000.<\/span><\/li><\/ul><\/div>\t\t\t\t\t\t\t\t<\/div>\n\t\t\t\t<\/div>\n\t\t\t\t\t<\/div>\n\t\t\t\t<\/div>\n\t\t<div class=\"elementor-element elementor-element-iwgca-liluund-sec e-flex e-con-boxed e-con e-parent\" data-id=\"iwgca-liluund-sec\" data-element_type=\"container\" data-e-type=\"container\" id=\"iwg-ca-lilu-und-lilitu\">\n\t\t\t\t\t<div class=\"e-con-inner\">\n\t\t\t\t<div class=\"elementor-element elementor-element-iwgca-liluund-te iwg-ca-textwrap elementor-widget elementor-widget-text-editor\" data-id=\"iwgca-liluund-te\" data-element_type=\"widget\" data-e-type=\"widget\" data-widget_type=\"text-editor.default\">\n\t\t\t\t\t\t\t\t\t<div data-nosnippet=\"true\"><p class=\"iwg-ca-bridge\">Verndarhef\u00f0in sem h\u00e9r er l\u00fdst er v\u00edsindaleg \u00fattekt \u00e1 s\u00f6guhef\u00f0um. iWell Guard tengist \u00feessari menningars\u00f6gulegu hef\u00f0 verndargripa sem borin eru \u00e1 l\u00edkamanum og er n\u00fat\u00edmaleg \u00fatf\u00e6rsla \u00e1 henni. <a href=\"\/ueber-iwell-guard\/?utm_source=iwell-guard.com&#038;utm_medium=text-link&#038;utm_campaign=schadwesen-tradition\">Meira um iWell Guard \u2192<\/a><\/p><\/div>\t\t\t\t\t\t\t\t<\/div>\n\t\t\t\t\t<\/div>\n\t\t\t\t<\/div>\n\t\t<div class=\"elementor-element elementor-element-iwgkw2-add-liluundlilitu e-flex e-con-boxed e-con e-parent\" data-id=\"iwgkw2-add-liluundlilitu\" data-element_type=\"container\" data-e-type=\"container\">\n\t\t\t\t\t<div class=\"e-con-inner\">\n\t\t\t\t<div class=\"elementor-element elementor-element-iwgkw2-add-liluundlilitu-t elementor-widget elementor-widget-text-editor\" data-id=\"iwgkw2-add-liluundlilitu-t\" data-element_type=\"widget\" data-e-type=\"widget\" data-widget_type=\"text-editor.default\">\n\t\t\t\t\t\t\t\t\t<p>Lil\u00fb og Lil\u012btu eru me\u00f0al elstu nafngreindra v\u00e6tta \u00ed <strong>mes\u00f3p\u00f3tam\u00edskri<\/strong> dj\u00f6flafr\u00e6\u00f0i og eru \u00feekktar \u00far akkad\u00edskum s\u00e6ringum allt fr\u00e1 \u00f6\u00f0ru \u00e1r\u00fe\u00fasundi fyrir okkar t\u00edmatal.<\/p>\t\t\t\t\t\t\t\t<\/div>\n\t\t\t\t\t<\/div>\n\t\t\t\t<\/div>\n\t\t\t\t<\/div>\n\t\t","protected":false},"excerpt":{"rendered":"","protected":false},"author":3,"featured_media":1710,"parent":0,"menu_order":0,"comment_status":"closed","ping_status":"closed","template":"elementor_header_footer","meta":{"_yoast_wpseo_focuskw":"Lil\u00fb og Lil\u012btu","_yoast_wpseo_title":"Lil\u00fb og Lil\u012btu \u2013 mes\u00f3p\u00f3tam\u00edskir dj\u00f6flar","_yoast_wpseo_metadesc":"Lil\u00fb og Lil\u012btu myndu \u00ed mes\u00f3p\u00f3tam\u00edskri dj\u00f6flafr\u00e6\u00f0i h\u00f3p af \u00f3lj\u00f3sum n\u00e6turv\u00e6ttum: akkad\u00edskt par tengt vindi, n\u00f3tt og t\u00e6lingu.","_yoast_wpseo_meta-robots-noindex":"","_yoast_wpseo_canonical":"","_angie_page":false,"gefaehrdungsstufe":"3","wesen_kultur":"mesopotamien","wesen_klasse":"daemonen","footnotes":""},"categories":[],"class_list":["post-168586","page","type-page","status-publish","has-post-thumbnail","hentry"],"yoast_head":"<!-- This site is optimized with the Yoast SEO Premium plugin v27.7 (Yoast SEO v28.3) - https:\/\/yoast.com\/product\/yoast-seo-premium-wordpress\/ -->\n<title>Lil\u00fb og Lil\u012btu \u2013 mes\u00f3p\u00f3tam\u00edskir dj\u00f6flar<\/title>\n<meta name=\"description\" content=\"Lil\u00fb og Lil\u012btu myndu \u00ed mes\u00f3p\u00f3tam\u00edskri dj\u00f6flafr\u00e6\u00f0i h\u00f3p af \u00f3lj\u00f3sum n\u00e6turv\u00e6ttum: akkad\u00edskt par tengt vindi, n\u00f3tt og t\u00e6lingu.\" \/>\n<meta name=\"robots\" content=\"index, follow, max-snippet:-1, max-image-preview:large, max-video-preview:-1\" \/>\n<link rel=\"canonical\" href=\"https:\/\/iwell-guard.com\/is\/lilu-og-lilitu\/\" \/>\n<meta property=\"og:locale\" content=\"is_IS\" \/>\n<meta property=\"og:type\" content=\"article\" \/>\n<meta property=\"og:title\" content=\"Lil\u00fb og Lil\u012btu\" \/>\n<meta property=\"og:description\" content=\"Lil\u00fb og Lil\u012btu myndu \u00ed mes\u00f3p\u00f3tam\u00edskri dj\u00f6flafr\u00e6\u00f0i h\u00f3p af \u00f3lj\u00f3sum n\u00e6turv\u00e6ttum: akkad\u00edskt par tengt vindi, n\u00f3tt og t\u00e6lingu.\" \/>\n<meta property=\"og:url\" content=\"https:\/\/iwell-guard.com\/is\/lilu-og-lilitu\/\" \/>\n<meta property=\"og:site_name\" content=\"iWell Guard\" \/>\n<meta property=\"article:modified_time\" content=\"2026-09-05T14:14:16+00:00\" \/>\n<meta property=\"og:image\" content=\"https:\/\/iwell-guard.com\/wp-content\/uploads\/2026\/04\/daemonen_mesopotamien_lilu-und-lilitu-1.webp\" \/>\n\t<meta property=\"og:image:width\" content=\"1024\" \/>\n\t<meta property=\"og:image:height\" content=\"1536\" \/>\n\t<meta property=\"og:image:type\" content=\"image\/webp\" \/>\n<meta name=\"twitter:card\" content=\"summary_large_image\" \/>\n<script type=\"application\/ld+json\" class=\"yoast-schema-graph\">{\"@context\":\"https:\\\/\\\/schema.org\",\"@graph\":[{\"@type\":\"WebPage\",\"@id\":\"https:\\\/\\\/iwell-guard.com\\\/is\\\/lilu-og-lilitu\\\/\",\"url\":\"https:\\\/\\\/iwell-guard.com\\\/is\\\/lilu-og-lilitu\\\/\",\"name\":\"Lil\u00fb og Lil\u012btu \u2013 mes\u00f3p\u00f3tam\u00edskir dj\u00f6flar\",\"isPartOf\":{\"@id\":\"https:\\\/\\\/iwell-guard.com\\\/is\\\/#website\"},\"primaryImageOfPage\":{\"@id\":\"https:\\\/\\\/iwell-guard.com\\\/is\\\/lilu-og-lilitu\\\/#primaryimage\"},\"image\":{\"@id\":\"https:\\\/\\\/iwell-guard.com\\\/is\\\/lilu-og-lilitu\\\/#primaryimage\"},\"thumbnailUrl\":\"https:\\\/\\\/iwell-guard.com\\\/wp-content\\\/uploads\\\/2026\\\/04\\\/daemonen_mesopotamien_lilu-und-lilitu-1.webp\",\"datePublished\":\"2026-09-05T14:01:21+00:00\",\"dateModified\":\"2026-09-05T14:14:16+00:00\",\"description\":\"Lil\u00fb og Lil\u012btu myndu \u00ed mes\u00f3p\u00f3tam\u00edskri dj\u00f6flafr\u00e6\u00f0i h\u00f3p af \u00f3lj\u00f3sum n\u00e6turv\u00e6ttum: akkad\u00edskt par tengt vindi, n\u00f3tt og t\u00e6lingu.\",\"breadcrumb\":{\"@id\":\"https:\\\/\\\/iwell-guard.com\\\/is\\\/lilu-og-lilitu\\\/#breadcrumb\"},\"inLanguage\":\"is\",\"potentialAction\":[{\"@type\":\"ReadAction\",\"target\":[\"https:\\\/\\\/iwell-guard.com\\\/is\\\/lilu-og-lilitu\\\/\"]}]},{\"@type\":\"ImageObject\",\"inLanguage\":\"is\",\"@id\":\"https:\\\/\\\/iwell-guard.com\\\/is\\\/lilu-og-lilitu\\\/#primaryimage\",\"url\":\"https:\\\/\\\/iwell-guard.com\\\/wp-content\\\/uploads\\\/2026\\\/04\\\/daemonen_mesopotamien_lilu-und-lilitu-1.webp\",\"contentUrl\":\"https:\\\/\\\/iwell-guard.com\\\/wp-content\\\/uploads\\\/2026\\\/04\\\/daemonen_mesopotamien_lilu-und-lilitu-1.webp\",\"width\":1024,\"height\":1536,\"caption\":\"Dj\u00f6flar \u00far Mes\u00f3p\u00f3tam\u00edu-hef\u00f0inni.\"},{\"@type\":\"BreadcrumbList\",\"@id\":\"https:\\\/\\\/iwell-guard.com\\\/is\\\/lilu-og-lilitu\\\/#breadcrumb\",\"itemListElement\":[{\"@type\":\"ListItem\",\"position\":1,\"name\":\"Start\",\"item\":\"https:\\\/\\\/iwell-guard.com\\\/is\\\/?page_id=168580\"},{\"@type\":\"ListItem\",\"position\":2,\"name\":\"Lil\u00fb og Lil\u012btu\"}]},{\"@type\":\"WebSite\",\"@id\":\"https:\\\/\\\/iwell-guard.com\\\/is\\\/#website\",\"url\":\"https:\\\/\\\/iwell-guard.com\\\/is\\\/\",\"name\":\"iWell Guard\",\"description\":\"Schutz vor dunklen Einfl\u00fcssen\",\"publisher\":{\"@id\":\"https:\\\/\\\/iwell-guard.com\\\/is\\\/#organization\"},\"potentialAction\":[{\"@type\":\"SearchAction\",\"target\":{\"@type\":\"EntryPoint\",\"urlTemplate\":\"https:\\\/\\\/iwell-guard.com\\\/is\\\/?s={search_term_string}\"},\"query-input\":{\"@type\":\"PropertyValueSpecification\",\"valueRequired\":true,\"valueName\":\"search_term_string\"}}],\"inLanguage\":\"is\"},{\"@type\":\"Organization\",\"@id\":\"https:\\\/\\\/iwell-guard.com\\\/is\\\/#organization\",\"name\":\"Ittermann electronic GmbH\",\"url\":\"https:\\\/\\\/iwell-guard.com\\\/is\\\/\",\"logo\":{\"@type\":\"ImageObject\",\"inLanguage\":\"is\",\"@id\":\"https:\\\/\\\/iwell-guard.com\\\/is\\\/#\\\/schema\\\/logo\\\/image\\\/\",\"url\":\"https:\\\/\\\/iwell-guard.com\\\/wp-content\\\/uploads\\\/2026\\\/05\\\/Ittermann-Logo-1182x237-1.png\",\"contentUrl\":\"https:\\\/\\\/iwell-guard.com\\\/wp-content\\\/uploads\\\/2026\\\/05\\\/Ittermann-Logo-1182x237-1.png\",\"width\":1182,\"height\":237,\"caption\":\"Ittermann electronic GmbH\"},\"image\":{\"@id\":\"https:\\\/\\\/iwell-guard.com\\\/is\\\/#\\\/schema\\\/logo\\\/image\\\/\"},\"sameAs\":[\"https:\\\/\\\/pantip.com\\\/profile\\\/9367242\",\"https:\\\/\\\/micro.blog\\\/iwellguard\",\"https:\\\/\\\/www.diggerslist.com\\\/iwellguard\\\/about\",\"https:\\\/\\\/skitterphoto.com\\\/photographers\\\/2870314\\\/iwell-guard\",\"https:\\\/\\\/iwellguard.wordpress.com\\\/2026\\\/06\\\/06\\\/iwell-guard\\\/\",\"https:\\\/\\\/hub.docker.com\\\/u\\\/iwellguard\",\"https:\\\/\\\/www.pinterest.com\\\/iwellguard\\\/\",\"https:\\\/\\\/bit.ly\\\/m\\\/iwellguard\",\"https:\\\/\\\/entre-vos-mains.alsace.eu\\\/profiles\\\/iwellguard\\\/activity\",\"https:\\\/\\\/gravatar.com\\\/reallybeded8fd34\",\"https:\\\/\\\/naijamatta.com\\\/iwellguard\",\"https:\\\/\\\/www.goodreads.com\\\/iwellguard\",\"https:\\\/\\\/profile.hatena.ne.jp\\\/iwellguard\\\/\",\"https:\\\/\\\/experiment.com\\\/users\\\/iwellguard\",\"https:\\\/\\\/wakelet.com\\\/@iWellGuard82270\",\"https:\\\/\\\/www.chordie.com\\\/forum\\\/profile.php?id=2555664\",\"https:\\\/\\\/www.instapaper.com\\\/p\\\/17757966\",\"https:\\\/\\\/www.mapleprimes.com\\\/users\\\/iwellguard\",\"https:\\\/\\\/businesslistingplus.com\\\/profile\\\/iwell-guard\\\/\",\"https:\\\/\\\/telegra.ph\\\/iWell-Guard-06-06\",\"https:\\\/\\\/pbase.com\\\/iwellguard\\\/iwellguard\",\"https:\\\/\\\/b.hatena.ne.jp\\\/iwellguard\\\/20260607#bookmark-4788405196491818882\",\"https:\\\/\\\/fliphtml5.com\\\/home\\\/iwellguard\",\"https:\\\/\\\/anyflip.com\\\/homepage\\\/cmiwl#About\",\"https:\\\/\\\/transfur.com\\\/Users\\\/iwellguard\",\"http:\\\/\\\/delphi.larsbo.org\\\/user\\\/iwellguard\",\"https:\\\/\\\/jobs.lajobsportal.org\\\/profiles\\\/8380803-iwell-guard\",\"https:\\\/\\\/md.chaosdorf.de\\\/s\\\/jfbe5SBdJD\",\"https:\\\/\\\/www.lingvolive.com\\\/en-us\\\/profile\\\/9ecaeaca-ce11-4e51-9e71-01d55e2bff36\\\/translations\",\"https:\\\/\\\/www.fitday.com\\\/fitness\\\/forums\\\/members\\\/iwellguard.html\",\"https:\\\/\\\/www.mymeetbook.com\\\/iwellguard\",\"https:\\\/\\\/pxhere.com\\\/en\\\/photographer-me\\\/5040798\",\"https:\\\/\\\/disqus.com\\\/by\\\/iwellguard\\\/about\\\/\",\"https:\\\/\\\/pastelink.net\\\/hjwciqwq\",\"https:\\\/\\\/pubhtml5.com\\\/homepage\\\/scjhn\\\/\",\"https:\\\/\\\/www.bitchute.com\\\/channel\\\/2O2eOKzNqujT\",\"https:\\\/\\\/audiomack.com\\\/iwellguard\"]},{\"@type\":\"Article\",\"@id\":\"https:\\\/\\\/iwell-guard.com\\\/is\\\/lilu-og-lilitu\\\/#article\",\"isPartOf\":{\"@id\":\"https:\\\/\\\/iwell-guard.com\\\/is\\\/lilu-og-lilitu\\\/\"},\"author\":{\"name\":\"Ralf Ittermann\",\"@id\":\"https:\\\/\\\/iwell-guard.com\\\/is\\\/#\\\/schema\\\/person\\\/ee2a27f1cac3406c7c6fb5820cb7349f\"},\"headline\":\"Lil\u00fb og Lil\u012btu\",\"datePublished\":\"2026-09-05T14:01:21+00:00\",\"dateModified\":\"2026-09-05T14:14:16+00:00\",\"mainEntityOfPage\":{\"@id\":\"https:\\\/\\\/iwell-guard.com\\\/is\\\/lilu-og-lilitu\\\/\"},\"publisher\":{\"@id\":\"https:\\\/\\\/iwell-guard.com\\\/is\\\/#organization\"},\"image\":{\"@id\":\"https:\\\/\\\/iwell-guard.com\\\/is\\\/lilu-og-lilitu\\\/#primaryimage\"},\"thumbnailUrl\":\"https:\\\/\\\/iwell-guard.com\\\/wp-content\\\/uploads\\\/2026\\\/04\\\/daemonen_mesopotamien_lilu-und-lilitu-1.webp\",\"inLanguage\":\"is\",\"description\":\"Lil\u00fb og Lil\u012btu myndu \u00ed mes\u00f3p\u00f3tam\u00edskri dj\u00f6flafr\u00e6\u00f0i h\u00f3p af \u00f3lj\u00f3sum n\u00e6turv\u00e6ttum: akkad\u00edskt par tengt vindi, n\u00f3tt og t\u00e6lingu.\"}]}<\/script>\n<!-- \/ Yoast SEO Premium plugin. -->","yoast_head_json":{"title":"Lil\u00fb og Lil\u012btu \u2013 mes\u00f3p\u00f3tam\u00edskir dj\u00f6flar","description":"Lil\u00fb og Lil\u012btu myndu \u00ed mes\u00f3p\u00f3tam\u00edskri dj\u00f6flafr\u00e6\u00f0i h\u00f3p af \u00f3lj\u00f3sum n\u00e6turv\u00e6ttum: akkad\u00edskt par tengt vindi, n\u00f3tt og t\u00e6lingu.","robots":{"index":"index","follow":"follow","max-snippet":"max-snippet:-1","max-image-preview":"max-image-preview:large","max-video-preview":"max-video-preview:-1"},"canonical":"https:\/\/iwell-guard.com\/is\/lilu-og-lilitu\/","og_locale":"is_IS","og_type":"article","og_title":"Lil\u00fb og Lil\u012btu","og_description":"Lil\u00fb og Lil\u012btu myndu \u00ed mes\u00f3p\u00f3tam\u00edskri dj\u00f6flafr\u00e6\u00f0i h\u00f3p af \u00f3lj\u00f3sum n\u00e6turv\u00e6ttum: akkad\u00edskt par tengt vindi, n\u00f3tt og t\u00e6lingu.","og_url":"https:\/\/iwell-guard.com\/is\/lilu-og-lilitu\/","og_site_name":"iWell Guard","article_modified_time":"2026-09-05T14:14:16+00:00","og_image":[{"width":1024,"height":1536,"url":"https:\/\/iwell-guard.com\/wp-content\/uploads\/2026\/04\/daemonen_mesopotamien_lilu-und-lilitu-1.webp","type":"image\/webp"}],"twitter_card":"summary_large_image","schema":{"@context":"https:\/\/schema.org","@graph":[{"@type":"Article","@id":"https:\/\/iwell-guard.com\/is\/lilu-og-lilitu\/#article","isPartOf":{"@id":"https:\/\/iwell-guard.com\/is\/lilu-og-lilitu\/"},"author":{"name":"Ralf Ittermann","@id":"https:\/\/iwell-guard.com\/is\/#\/schema\/person\/ee2a27f1cac3406c7c6fb5820cb7349f"},"headline":"Lil\u00fb og Lil\u012btu","datePublished":"2026-09-05T14:01:21+00:00","dateModified":"2026-09-05T14:14:16+00:00","mainEntityOfPage":{"@id":"https:\/\/iwell-guard.com\/is\/lilu-og-lilitu\/"},"publisher":{"@id":"https:\/\/iwell-guard.com\/is\/#organization"},"image":{"@id":"https:\/\/iwell-guard.com\/is\/lilu-og-lilitu\/#primaryimage"},"thumbnailUrl":"https:\/\/iwell-guard.com\/wp-content\/uploads\/2026\/04\/daemonen_mesopotamien_lilu-und-lilitu-1.webp","inLanguage":"is","description":"Lil\u00fb og Lil\u012btu myndu \u00ed mes\u00f3p\u00f3tam\u00edskri dj\u00f6flafr\u00e6\u00f0i h\u00f3p af \u00f3lj\u00f3sum n\u00e6turv\u00e6ttum: akkad\u00edskt par tengt vindi, n\u00f3tt og t\u00e6lingu."},{"@type":"WebPage","@id":"https:\/\/iwell-guard.com\/is\/lilu-og-lilitu\/","url":"https:\/\/iwell-guard.com\/is\/lilu-og-lilitu\/","name":"Lil\u00fb og Lil\u012btu \u2013 mes\u00f3p\u00f3tam\u00edskir dj\u00f6flar","isPartOf":{"@id":"https:\/\/iwell-guard.com\/is\/#website"},"primaryImageOfPage":{"@id":"https:\/\/iwell-guard.com\/is\/lilu-og-lilitu\/#primaryimage"},"image":{"@id":"https:\/\/iwell-guard.com\/is\/lilu-og-lilitu\/#primaryimage"},"thumbnailUrl":"https:\/\/iwell-guard.com\/wp-content\/uploads\/2026\/04\/daemonen_mesopotamien_lilu-und-lilitu-1.webp","datePublished":"2026-09-05T14:01:21+00:00","dateModified":"2026-09-05T14:14:16+00:00","description":"Lil\u00fb og Lil\u012btu myndu \u00ed mes\u00f3p\u00f3tam\u00edskri dj\u00f6flafr\u00e6\u00f0i h\u00f3p af \u00f3lj\u00f3sum n\u00e6turv\u00e6ttum: akkad\u00edskt par tengt vindi, n\u00f3tt og t\u00e6lingu.","breadcrumb":{"@id":"https:\/\/iwell-guard.com\/is\/lilu-og-lilitu\/#breadcrumb"},"inLanguage":"is","potentialAction":[{"@type":"ReadAction","target":["https:\/\/iwell-guard.com\/is\/lilu-og-lilitu\/"]}]},{"@type":"ImageObject","inLanguage":"is","@id":"https:\/\/iwell-guard.com\/is\/lilu-og-lilitu\/#primaryimage","url":"https:\/\/iwell-guard.com\/wp-content\/uploads\/2026\/04\/daemonen_mesopotamien_lilu-und-lilitu-1.webp","contentUrl":"https:\/\/iwell-guard.com\/wp-content\/uploads\/2026\/04\/daemonen_mesopotamien_lilu-und-lilitu-1.webp","width":1024,"height":1536,"caption":"Dj\u00f6flar \u00far Mes\u00f3p\u00f3tam\u00edu-hef\u00f0inni."},{"@type":"BreadcrumbList","@id":"https:\/\/iwell-guard.com\/is\/lilu-og-lilitu\/#breadcrumb","itemListElement":[{"@type":"ListItem","position":1,"name":"Start","item":"https:\/\/iwell-guard.com\/is\/?page_id=168580"},{"@type":"ListItem","position":2,"name":"Lil\u00fb og Lil\u012btu"}]},{"@type":"WebSite","@id":"https:\/\/iwell-guard.com\/is\/#website","url":"https:\/\/iwell-guard.com\/is\/","name":"iWell Guard","description":"Schutz vor dunklen Einfl\u00fcssen","publisher":{"@id":"https:\/\/iwell-guard.com\/is\/#organization"},"potentialAction":[{"@type":"SearchAction","target":{"@type":"EntryPoint","urlTemplate":"https:\/\/iwell-guard.com\/is\/?s={search_term_string}"},"query-input":{"@type":"PropertyValueSpecification","valueRequired":true,"valueName":"search_term_string"}}],"inLanguage":"is"},{"@type":"Organization","@id":"https:\/\/iwell-guard.com\/is\/#organization","name":"Ittermann electronic GmbH","url":"https:\/\/iwell-guard.com\/is\/","logo":{"@type":"ImageObject","inLanguage":"is","@id":"https:\/\/iwell-guard.com\/is\/#\/schema\/logo\/image\/","url":"https:\/\/iwell-guard.com\/wp-content\/uploads\/2026\/05\/Ittermann-Logo-1182x237-1.png","contentUrl":"https:\/\/iwell-guard.com\/wp-content\/uploads\/2026\/05\/Ittermann-Logo-1182x237-1.png","width":1182,"height":237,"caption":"Ittermann electronic GmbH"},"image":{"@id":"https:\/\/iwell-guard.com\/is\/#\/schema\/logo\/image\/"},"sameAs":["https:\/\/pantip.com\/profile\/9367242","https:\/\/micro.blog\/iwellguard","https:\/\/www.diggerslist.com\/iwellguard\/about","https:\/\/skitterphoto.com\/photographers\/2870314\/iwell-guard","https:\/\/iwellguard.wordpress.com\/2026\/06\/06\/iwell-guard\/","https:\/\/hub.docker.com\/u\/iwellguard","https:\/\/www.pinterest.com\/iwellguard\/","https:\/\/bit.ly\/m\/iwellguard","https:\/\/entre-vos-mains.alsace.eu\/profiles\/iwellguard\/activity","https:\/\/gravatar.com\/reallybeded8fd34","https:\/\/naijamatta.com\/iwellguard","https:\/\/www.goodreads.com\/iwellguard","https:\/\/profile.hatena.ne.jp\/iwellguard\/","https:\/\/experiment.com\/users\/iwellguard","https:\/\/wakelet.com\/@iWellGuard82270","https:\/\/www.chordie.com\/forum\/profile.php?id=2555664","https:\/\/www.instapaper.com\/p\/17757966","https:\/\/www.mapleprimes.com\/users\/iwellguard","https:\/\/businesslistingplus.com\/profile\/iwell-guard\/","https:\/\/telegra.ph\/iWell-Guard-06-06","https:\/\/pbase.com\/iwellguard\/iwellguard","https:\/\/b.hatena.ne.jp\/iwellguard\/20260607#bookmark-4788405196491818882","https:\/\/fliphtml5.com\/home\/iwellguard","https:\/\/anyflip.com\/homepage\/cmiwl#About","https:\/\/transfur.com\/Users\/iwellguard","http:\/\/delphi.larsbo.org\/user\/iwellguard","https:\/\/jobs.lajobsportal.org\/profiles\/8380803-iwell-guard","https:\/\/md.chaosdorf.de\/s\/jfbe5SBdJD","https:\/\/www.lingvolive.com\/en-us\/profile\/9ecaeaca-ce11-4e51-9e71-01d55e2bff36\/translations","https:\/\/www.fitday.com\/fitness\/forums\/members\/iwellguard.html","https:\/\/www.mymeetbook.com\/iwellguard","https:\/\/pxhere.com\/en\/photographer-me\/5040798","https:\/\/disqus.com\/by\/iwellguard\/about\/","https:\/\/pastelink.net\/hjwciqwq","https:\/\/pubhtml5.com\/homepage\/scjhn\/","https:\/\/www.bitchute.com\/channel\/2O2eOKzNqujT","https:\/\/audiomack.com\/iwellguard"]},{"@type":"Person","@id":"https:\/\/iwell-guard.com\/is\/#\/schema\/person\/ee2a27f1cac3406c7c6fb5820cb7349f","name":"Ralf Ittermann","image":{"@type":"ImageObject","inLanguage":"is","@id":"https:\/\/secure.gravatar.com\/avatar\/073c0153e350a5005b68eb752b445fea71f6b24a26da9449ad7e155e6b446c9d?s=96&d=mm&r=g","url":"https:\/\/secure.gravatar.com\/avatar\/073c0153e350a5005b68eb752b445fea71f6b24a26da9449ad7e155e6b446c9d?s=96&d=mm&r=g","contentUrl":"https:\/\/secure.gravatar.com\/avatar\/073c0153e350a5005b68eb752b445fea71f6b24a26da9449ad7e155e6b446c9d?s=96&d=mm&r=g","caption":"Ralf Ittermann"},"givenName":"Ralf","familyName":"Ittermann","jobTitle":"Gesch\u00e4ftsf\u00fchrer und redaktioneller Verantwortlicher","url":"https:\/\/iwell-guard.com\/is\/author\/claude\/","description":"Ralf Ittermann ist Gesch\u00e4ftsf\u00fchrer der Ittermann electronic GmbH und redaktioneller Verantwortlicher des iWell-Guard-Lexikons. Er verbindet langj\u00e4hrige Erfahrung in der Pr\u00e4zisionsfertigung mit medialer Praxis und religionsgeschichtlicher Quellenarbeit.","worksFor":{"@type":"Organization","name":"Ittermann electronic GmbH","url":"https:\/\/ittermann.de\/","address":{"@type":"PostalAddress","streetAddress":"K\u00f6hlergasse 16-18","postalCode":"99842","addressLocality":"Ruhla","addressCountry":"DE"}},"knowsAbout":["Religionsgeschichte","Mythologie","Mediale Praxis","Energetische Diagnostik","Schutzpraxis","Volksglauben","Westliche Esoterik"]},{"@type":"Article","@id":"https:\/\/iwell-guard.com\/is\/lilu-og-lilitu\/#article","isPartOf":{"@id":"https:\/\/iwell-guard.com\/is\/lilu-og-lilitu\/"},"author":{"name":"Ralf Ittermann","@id":"https:\/\/iwell-guard.com\/is\/#\/schema\/person\/ee2a27f1cac3406c7c6fb5820cb7349f"},"headline":"Lil\u00fb og Lil\u012btu","datePublished":"2026-09-05T14:01:21+00:00","dateModified":"2026-09-05T14:14:16+00:00","mainEntityOfPage":{"@id":"https:\/\/iwell-guard.com\/is\/lilu-og-lilitu\/"},"publisher":{"@id":"https:\/\/iwell-guard.com\/is\/#organization"},"image":{"@id":"https:\/\/iwell-guard.com\/is\/lilu-og-lilitu\/#primaryimage"},"thumbnailUrl":"https:\/\/iwell-guard.com\/wp-content\/uploads\/2026\/04\/daemonen_mesopotamien_lilu-und-lilitu-1.webp","inLanguage":"is","description":"Lil\u00fb og Lil\u012btu myndu \u00ed mes\u00f3p\u00f3tam\u00edskri dj\u00f6flafr\u00e6\u00f0i h\u00f3p af \u00f3lj\u00f3sum n\u00e6turv\u00e6ttum: akkad\u00edskt par tengt vindi, n\u00f3tt og t\u00e6lingu."}]}},"_links":{"self":[{"href":"https:\/\/iwell-guard.com\/is\/wp-json\/wp\/v2\/pages\/168586","targetHints":{"allow":["GET"]}}],"collection":[{"href":"https:\/\/iwell-guard.com\/is\/wp-json\/wp\/v2\/pages"}],"about":[{"href":"https:\/\/iwell-guard.com\/is\/wp-json\/wp\/v2\/types\/page"}],"author":[{"embeddable":true,"href":"https:\/\/iwell-guard.com\/is\/wp-json\/wp\/v2\/users\/3"}],"replies":[{"embeddable":true,"href":"https:\/\/iwell-guard.com\/is\/wp-json\/wp\/v2\/comments?post=168586"}],"version-history":[{"count":0,"href":"https:\/\/iwell-guard.com\/is\/wp-json\/wp\/v2\/pages\/168586\/revisions"}],"wp:featuredmedia":[{"embeddable":true,"href":"https:\/\/iwell-guard.com\/is\/wp-json\/wp\/v2\/media\/1710"}],"wp:attachment":[{"href":"https:\/\/iwell-guard.com\/is\/wp-json\/wp\/v2\/media?parent=168586"}],"wp:term":[{"taxonomy":"category","embeddable":true,"href":"https:\/\/iwell-guard.com\/is\/wp-json\/wp\/v2\/categories?post=168586"}],"curies":[{"name":"wp","href":"https:\/\/api.w.org\/{rel}","templated":true}]}}