{"id":168585,"date":"2026-09-05T14:01:21","date_gmt":"2026-09-05T14:01:21","guid":{"rendered":"https:\/\/iwell-guard.com\/?page_id=168585"},"modified":"2026-09-05T14:14:16","modified_gmt":"2026-09-05T14:14:16","slug":"edimmu","status":"publish","type":"page","link":"https:\/\/iwell-guard.com\/is\/edimmu\/","title":{"rendered":"Edimmu"},"content":{"rendered":"\t\t<div data-elementor-type=\"wp-page\" data-elementor-id=\"168585\" class=\"elementor elementor-168585 elementor-723\" data-elementor-post-type=\"page\">\n\t\t\t\t<div class=\"elementor-element elementor-element-10fdade e-flex e-con-boxed e-con e-parent\" data-id=\"10fdade\" data-element_type=\"container\" data-e-type=\"container\" data-settings=\"{&quot;background_background&quot;:&quot;classic&quot;}\">\n\t\t\t\t\t<div class=\"e-con-inner\">\n\t\t<div class=\"elementor-element elementor-element-herohlft0 e-flex e-con-boxed e-con e-child\" data-id=\"herohlft0\" data-element_type=\"container\" data-e-type=\"container\">\n\t\t\t\t\t<div class=\"e-con-inner\">\n\t\t<div class=\"elementor-element elementor-element-c3ceb64 e-con-full e-flex e-con e-child\" data-id=\"c3ceb64\" data-element_type=\"container\" data-e-type=\"container\">\n\t\t\t\t<div class=\"elementor-element elementor-element-96ae5e1 elementor-widget elementor-widget-heading\" data-id=\"96ae5e1\" data-element_type=\"widget\" data-e-type=\"widget\" data-widget_type=\"heading.default\">\n\t\t\t\t\t<h1 class=\"elementor-heading-title elementor-size-default\">Edimmu, andi \u00far mes\u00f3p\u00f3tam\u00edskri hef\u00f0<\/h1>\t\t\t\t<\/div>\n\t\t\t\t<div class=\"elementor-element elementor-element-e45238a elementor-widget elementor-widget-text-editor\" data-id=\"e45238a\" data-element_type=\"widget\" data-e-type=\"widget\" data-widget_type=\"text-editor.default\">\n\t\t\t\t\t\t\t\t\t<p>Edimmu er <span class=\"iwg-fachbegriff\" data-tooltip=\"L\u00edkamslaus vera sem talin er hafa \u00e1hrif \u00ed heiminum.\" tabindex=\"0\">andi<\/span> \u00far mes\u00f3p\u00f3tam\u00edskri hef\u00f0.<\/p><p><strong>Fri\u00f0laus vofa hins framli\u00f0na, \u00feegar greftrun var vanr\u00e6kt.<\/strong><\/p>\t\t\t\t\t\t\t\t<\/div>\n\t\t\t\t<\/div>\n\t\t<div class=\"elementor-element elementor-element-klsbdg01 e-con-full e-flex e-con e-parent\" data-id=\"klsbdg01\" data-element_type=\"container\" data-e-type=\"container\">\n\t\t\t\t<div class=\"elementor-element elementor-element-klshtm01 elementor-widget elementor-widget-html\" data-id=\"klshtm01\" data-element_type=\"widget\" data-e-type=\"widget\" data-widget_type=\"html.default\">\n\t\t\t\t\t<div class=\"iwg-pill-row\"><span class=\"iwg-klasse-badge\" tabindex=\"0\" data-tooltip=\"Andi: L\u00edkamslaus e\u00f0a h\u00e1lfl\u00edkamlaus vera, framli\u00f0nir, n\u00e1tt\u00faruv\u00e6ttir, h\u00fasandar e\u00f0a v\u00f6rslumenn \u00e1 m\u00e6rum. Verkar \u00ed daglegu l\u00edfi, oft bundinn st\u00f6\u00f0um e\u00f0a fj\u00f6lskyldum.\">Andi<\/span><a href=\"https:\/\/iwell-guard.com\/is\/?page_id=168583\" class=\"iwg-kultur-badge\" tabindex=\"0\" data-tooltip=\"Vagga skjalfestrar tr\u00faarbrag\u00f0a, S\u00famer, Akkad, Bab\u00fdlon, Ass\u00fdr\u00eda (u.\u00fe.b. 3500 f.Kr. til 330 f.Kr.).\">Mes\u00f3p\u00f3tam\u00eda<\/a><a href=\"https:\/\/iwell-guard.com\/is\/?page_id=168699\" class=\"iwg-tradition-badge\" tabindex=\"0\" data-tooltip=\"Framli\u00f0nir sem andar \u00feeirra halda \u00e1fram a\u00f0 hafa \u00e1hrif \u00ed hinum megin, h\u00fasandar, forfe\u00f0ur, fri\u00f0lausir d\u00e1nir.\">Vofa hins framli\u00f0na<\/a><\/div>\t\t\t\t<\/div>\n\t\t\t\t<\/div>\n\t\t<div class=\"elementor-element elementor-element-3f74855 e-con-full e-flex e-con e-child\" data-id=\"3f74855\" data-element_type=\"container\" data-e-type=\"container\">\n\t\t\t\t<div class=\"elementor-element elementor-element-1c30362 elementor-toc--minimized-on-tablet elementor-widget elementor-widget-table-of-contents\" data-id=\"1c30362\" data-element_type=\"widget\" data-e-type=\"widget\" data-settings=\"{&quot;exclude_headings_by_selector&quot;:[],&quot;no_headings_message&quot;:&quot;Engar undirfyrirsagnir fundust \\u00e1 \\u00feessari s\\u00ed\\u00f0u.&quot;,&quot;headings_by_tags&quot;:[&quot;h2&quot;,&quot;h3&quot;],&quot;marker_view&quot;:&quot;bullets&quot;,&quot;icon&quot;:{&quot;value&quot;:&quot;fas fa-circle&quot;,&quot;library&quot;:&quot;fa-solid&quot;,&quot;rendered_tag&quot;:&quot;&lt;svg class=\\&quot;e-font-icon-svg e-fas-circle\\&quot; viewBox=\\&quot;0 0 512 512\\&quot; xmlns=\\&quot;http:\\\/\\\/www.w3.org\\\/2000\\\/svg\\&quot;&gt;&lt;path d=\\&quot;M256 8C119 8 8 119 8 256s111 248 248 248 248-111 248-248S393 8 256 8z\\&quot;&gt;&lt;\\\/path&gt;&lt;\\\/svg&gt;&quot;},&quot;minimize_box&quot;:&quot;yes&quot;,&quot;minimized_on&quot;:&quot;tablet&quot;,&quot;hierarchical_view&quot;:&quot;yes&quot;,&quot;min_height&quot;:{&quot;unit&quot;:&quot;px&quot;,&quot;size&quot;:&quot;&quot;,&quot;sizes&quot;:[]},&quot;min_height_tablet&quot;:{&quot;unit&quot;:&quot;px&quot;,&quot;size&quot;:&quot;&quot;,&quot;sizes&quot;:[]},&quot;min_height_mobile&quot;:{&quot;unit&quot;:&quot;px&quot;,&quot;size&quot;:&quot;&quot;,&quot;sizes&quot;:[]}}\" data-widget_type=\"table-of-contents.default\">\n\t\t\t\t\t\t\t\t\t<div class=\"elementor-toc__header\">\n\t\t\t\t\t\t<h2 class=\"elementor-toc__header-title\">\n\t\t\t\tEfnisyfirlit\t\t\t<\/h2>\n\t\t\t\t\t\t\t\t\t\t<div class=\"elementor-toc__toggle-button elementor-toc__toggle-button--expand\" role=\"button\" tabindex=\"0\" aria-controls=\"elementor-toc__1c30362\" aria-expanded=\"true\" aria-label=\"Open table of contents\"><svg aria-hidden=\"true\" class=\"e-font-icon-svg e-fas-chevron-down\" viewBox=\"0 0 448 512\" xmlns=\"http:\/\/www.w3.org\/2000\/svg\"><path d=\"M207.029 381.476L12.686 187.132c-9.373-9.373-9.373-24.569 0-33.941l22.667-22.667c9.357-9.357 24.522-9.375 33.901-.04L224 284.505l154.745-154.021c9.379-9.335 24.544-9.317 33.901.04l22.667 22.667c9.373 9.373 9.373 24.569 0 33.941L240.971 381.476c-9.373 9.372-24.569 9.372-33.942 0z\"><\/path><\/svg><\/div>\n\t\t\t\t<div class=\"elementor-toc__toggle-button elementor-toc__toggle-button--collapse\" role=\"button\" tabindex=\"0\" aria-controls=\"elementor-toc__1c30362\" aria-expanded=\"true\" aria-label=\"Close table of contents\"><svg aria-hidden=\"true\" class=\"e-font-icon-svg e-fas-chevron-up\" viewBox=\"0 0 448 512\" xmlns=\"http:\/\/www.w3.org\/2000\/svg\"><path d=\"M240.971 130.524l194.343 194.343c9.373 9.373 9.373 24.569 0 33.941l-22.667 22.667c-9.357 9.357-24.522 9.375-33.901.04L224 227.495 69.255 381.516c-9.379 9.335-24.544 9.317-33.901-.04l-22.667-22.667c-9.373-9.373-9.373-24.569 0-33.941L207.03 130.525c9.372-9.373 24.568-9.373 33.941-.001z\"><\/path><\/svg><\/div>\n\t\t\t\t\t<\/div>\n\t\t\t\t<div id=\"elementor-toc__1c30362\" class=\"elementor-toc__body\">\n\t\t\t<div class=\"elementor-toc__spinner-container\">\n\t\t\t\t<svg class=\"elementor-toc__spinner eicon-animation-spin e-font-icon-svg e-eicon-loading\" aria-hidden=\"true\" viewBox=\"0 0 1000 1000\" xmlns=\"http:\/\/www.w3.org\/2000\/svg\"><path d=\"M500 975V858C696 858 858 696 858 500S696 142 500 142 142 304 142 500H25C25 237 238 25 500 25S975 237 975 500 763 975 500 975Z\"><\/path><\/svg>\t\t\t<\/div>\n\t\t<\/div>\n\t\t\t\t\t\t<\/div>\n\t\t\t\t<\/div>\n\t\t\t\t\t<\/div>\n\t\t\t\t<\/div>\n\t\t<div class=\"elementor-element elementor-element-herorght0 e-con-full e-flex e-con e-child\" data-id=\"herorght0\" data-element_type=\"container\" data-e-type=\"container\">\n\t\t\t\t<div class=\"elementor-element elementor-element-heroimg00 iwg-hero-image elementor-widget elementor-widget-image\" data-id=\"heroimg00\" data-element_type=\"widget\" data-e-type=\"widget\" data-widget_type=\"image.default\">\n\t\t\t\t\t\t\t\t\t\t\t\t\t\t\t<img fetchpriority=\"high\" decoding=\"async\" width=\"683\" height=\"1024\" src=\"https:\/\/iwell-guard.com\/wp-content\/uploads\/2026\/04\/geister_mesopotamien_edimmu-683x1024.webp\" class=\"attachment-large size-large wp-image-171009\" alt=\"Edimmu - andar \u00far mes\u00f3p\u00f3tam\u00edskri hef\u00f0, s\u00f6gulega myndskreytt\" srcset=\"https:\/\/iwell-guard.com\/wp-content\/uploads\/2026\/04\/geister_mesopotamien_edimmu-683x1024.webp 683w, https:\/\/iwell-guard.com\/wp-content\/uploads\/2026\/04\/geister_mesopotamien_edimmu-200x300.webp 200w, https:\/\/iwell-guard.com\/wp-content\/uploads\/2026\/04\/geister_mesopotamien_edimmu-768x1152.webp 768w, https:\/\/iwell-guard.com\/wp-content\/uploads\/2026\/04\/geister_mesopotamien_edimmu.webp 1024w\" sizes=\"(max-width: 683px) 100vw, 683px\" \/>\t\t\t\t\t\t\t\t\t\t\t\t\t\t\t<\/div>\n\t\t\t\t<\/div>\n\t\t\t\t\t<\/div>\n\t\t\t\t<\/div>\n\t\t<div class=\"elementor-element elementor-element-32917199 e-flex e-con-boxed e-con e-parent\" data-id=\"32917199\" data-element_type=\"container\" data-e-type=\"container\">\n\t\t\t\t\t<div class=\"e-con-inner\">\n\t\t<div class=\"elementor-element elementor-element-26e916cb e-flex e-con-boxed e-con e-child\" data-id=\"26e916cb\" data-element_type=\"container\" data-e-type=\"container\">\n\t\t\t\t\t<div class=\"e-con-inner\">\n\t\t<div class=\"elementor-element elementor-element-253a40d4 e-flex e-con-boxed e-con e-child\" data-id=\"253a40d4\" data-element_type=\"container\" data-e-type=\"container\">\n\t\t\t\t\t<div class=\"e-con-inner\">\n\t\t\t\t<div class=\"elementor-element elementor-element-1200c304 elementor-widget elementor-widget-heading\" data-id=\"1200c304\" data-element_type=\"widget\" data-e-type=\"widget\" data-widget_type=\"heading.default\">\n\t\t\t\t\t<h2 class=\"elementor-heading-title elementor-size-default\">Edimmu<\/h2>\t\t\t\t<\/div>\n\t\t\t\t<div class=\"elementor-element elementor-element-11758e7f elementor-widget elementor-widget-text-editor\" data-id=\"11758e7f\" data-element_type=\"widget\" data-e-type=\"widget\" data-widget_type=\"text-editor.default\">\n\t\t\t\t\t\t\t\t\t<p>Edimmu er \u00ed mes\u00f3p\u00f3tam\u00edskri dj\u00f6flafr\u00e6\u00f0i ekki skapa\u00f0ur pers\u00f3ni, heldur aflei\u00f0ing af yfirsj\u00f3n manna. Hann ver\u00f0ur til \u00feegar hinn l\u00e1tni er ekki greftra\u00f0ur me\u00f0 r\u00e9ttum h\u00e6tti, ekki f\u00e6r reglulegar d\u00e1narf\u00f3rnir e\u00f0a er hrifinn burt me\u00f0 ofbeldi og gleymdur. \u00dar s\u00e1linni, <em>e\u1e6demmu<\/em>, \u00e1 s\u00famersku <em>gidim<\/em>, ver\u00f0ur \u00fe\u00e1 a\u00f0 h\u00f3tun.<\/p><p>\u00deetta veitir Edimmu s\u00e9rstakt f\u00e9lagslegt hlutverk: hann gerir s\u00fdnilega bresti eftirlifenda. V\u00f6rnin felst \u00fev\u00ed ekki bara \u00ed <span class=\"iwg-fachbegriff\" data-tooltip=\"Skipul\u00f6g\u00f0 atbur\u00f0ar\u00f6\u00f0 t\u00e1knger\u00f0a athafna me\u00f0 tr\u00faarlega e\u00f0a menningarlega merkingu.\" tabindex=\"0\">helgisi\u00f0i<\/span> og <span class=\"iwg-fachbegriff\" data-tooltip=\"Borinn hlutur sem talinn er hafa verndandi, \u00f3g\u00e6fuvarnandi \u00e1hrif.\" tabindex=\"0\">verndargrip<\/span>, heldur fyrst og fremst \u00ed r\u00e9ttri greftrun og \u00e1framhaldandi um\u00f6nnun hinna d\u00e1nu, <em>kispu<\/em>.<\/p>\t\t\t\t\t\t\t\t<\/div>\n\t\t\t\t\t<\/div>\n\t\t\t\t<\/div>\n\t\t<div class=\"elementor-element elementor-element-159dcf9a e-flex e-con-boxed e-con e-child\" data-id=\"159dcf9a\" data-element_type=\"container\" data-e-type=\"container\">\n\t\t\t\t\t<div class=\"e-con-inner\">\n\t\t\t\t<div class=\"elementor-element elementor-element-48cee66f elementor-widget elementor-widget-heading\" data-id=\"48cee66f\" data-element_type=\"widget\" data-e-type=\"widget\" data-widget_type=\"heading.default\">\n\t\t\t\t\t<h2 class=\"elementor-heading-title elementor-size-default\">Skj\u00f3t yfirs\u00fdn: Edimmu<\/h2>\t\t\t\t<\/div>\n\t\t\t\t<div class=\"elementor-element elementor-element-3f50d82c elementor-widget elementor-widget-text-editor\" data-id=\"3f50d82c\" data-element_type=\"widget\" data-e-type=\"widget\" data-widget_type=\"text-editor.default\">\n\t\t\t\t\t\t\t\t\t<p><strong>Tegund:<\/strong> fri\u00f0laus vofa hins framli\u00f0na (mes\u00f3p\u00f3tam\u00edsk)<br>Uppruni: akkad\u00edska <em>edimmu<\/em>, s\u00famerska <em>gidim<\/em><br>Hlutverk: heims\u00e6kir hina lifandi \u00feegar greftrun er vanr\u00e6kt<br><span class=\"iwg-fachbegriff\" data-tooltip=\"A\u00f0 \u00e1kalla e\u00f0a \u00e1skorast \u00e1 gu\u00f0 e\u00f0a \u00e6\u00f0ri m\u00e1tt me\u00f0 b\u00e6n.\" tabindex=\"0\">\u00c1kall<\/span>: <em>kispu<\/em>&#8211;<span class=\"iwg-fachbegriff\" data-tooltip=\"Fastm\u00f3tu\u00f0, endurtekin tr\u00faarleg ath\u00f6fn.\" tabindex=\"0\">si\u00f0venja<\/span>, vatns- og mj\u00f6lf\u00f3rnir fyrir hina d\u00e1nu<br>Meginheimildir: Maql\u00fb-ser\u00edan, Utukk\u016b lemn\u016btu, Gilgamesarkvi\u00f0a tafla XII<\/p>\t\t\t\t\t\t\t\t<\/div>\n\t\t\t\t\t<\/div>\n\t\t\t\t<\/div>\n\t\t\t\t\t<\/div>\n\t\t\t\t<\/div>\n\t\t\t\t\t<\/div>\n\t\t\t\t<\/div>\n\t\t<div class=\"elementor-element elementor-element-18613602 e-flex e-con-boxed e-con e-parent\" data-id=\"18613602\" data-element_type=\"container\" data-e-type=\"container\">\n\t\t\t\t\t<div class=\"e-con-inner\">\n\t\t\t\t<div class=\"elementor-element elementor-element-262b8a9f elementor-widget elementor-widget-heading\" data-id=\"262b8a9f\" data-element_type=\"widget\" data-e-type=\"widget\" data-widget_type=\"heading.default\">\n\t\t\t\t\t<h2 class=\"elementor-heading-title elementor-size-default\">S\u00f6guleg sta\u00f0setning<\/h2>\t\t\t\t<\/div>\n\t\t<div class=\"elementor-element elementor-element-46dcb7d e-con-full e-flex e-con e-child\" data-id=\"46dcb7d\" data-element_type=\"container\" data-e-type=\"container\">\n\t\t<div class=\"elementor-element elementor-element-61d3ab3 e-flex e-con-boxed e-con e-child\" data-id=\"61d3ab3\" data-element_type=\"container\" data-e-type=\"container\">\n\t\t\t\t\t<div class=\"e-con-inner\">\n\t\t\t\t<div class=\"elementor-element elementor-element-117c166 elementor-widget elementor-widget-heading\" data-id=\"117c166\" data-element_type=\"widget\" data-e-type=\"widget\" data-widget_type=\"heading.default\">\n\t\t\t\t\t<div class=\"elementor-heading-title elementor-size-default\">T\u00edmabil textanna<\/div>\t\t\t\t<\/div>\n\t\t\t\t<div class=\"elementor-element elementor-element-73997a0 elementor-widget elementor-widget-text-editor\" data-id=\"73997a0\" data-element_type=\"widget\" data-e-type=\"widget\" data-widget_type=\"text-editor.default\">\n\t\t\t\t\t\t\t\t\t<p>Vitnisbur\u00f0ur um Edimmu n\u00e6r fr\u00e1 elstu s\u00famerskum textum til n\u00fdass\u00fdrska og n\u00fdbab\u00fdlonska t\u00edmans. Samspil um\u00f6nnunar hinna d\u00e1nu, vofu hins framli\u00f0na og tr\u00faar \u00e1 framhaldsl\u00edf er \u00feannig eitt af varanlegustu einkennum mes\u00f3p\u00f3tam\u00edskrar tr\u00faarbrag\u00f0a.<\/p><p><strong>Go\u00f0sagnafr\u00e6\u00f0ileg sta\u00f0setning<\/strong><\/p><p><em>Edimmu<\/em>, <span class=\"iwg-fachbegriff\" data-tooltip=\"L\u00edkamslaus vera sem talin er hafa \u00e1hrif \u00ed heiminum.\" tabindex=\"0\">andi<\/span> e\u00f0a s\u00e1l hinna framli\u00f0nu, er \u00ed mes\u00f3p\u00f3tam\u00edskri <span class=\"iwg-fachbegriff\" data-tooltip=\"Heildarsafn arflei\u00f0ra go\u00f0sagna \u00ed menningu.\" tabindex=\"0\">go\u00f0afr\u00e6\u00f0i<\/span> ekki ein tiltekin vera, heldur flokkur yfirn\u00e1tt\u00farulegra vera, andar hinna d\u00e1nu. <em>Edimmu<\/em> eru l\u00edkamslausar leifar hinna framli\u00f0nu manna sem r\u00e1fa um undirheimana.<\/p><p>\u00deeir geta veri\u00f0 illir e\u00f0a hlutlausir, eftir \u00fev\u00ed hvernig \u00feeir lif\u00f0u og voru greftra\u00f0ir. <em>Edimmu<\/em> eru bundnir hinum efnislega heimi me\u00f0 tilfinningalegum e\u00f0a l\u00edkamlegum b\u00f6ndum, \u00f3\u00fatklj\u00e1\u00f0um m\u00e1lum, illri greftrun e\u00f0a sterkum tilfinningum. \u00deeir eru hvorki gu\u00f0ir n\u00e9 fullkomnir dj\u00f6flar, heldur eitthva\u00f0 \u00fear \u00e1 milli.<\/p>\t\t\t\t\t\t\t\t<\/div>\n\t\t\t\t\t<\/div>\n\t\t\t\t<\/div>\n\t\t<div class=\"elementor-element elementor-element-d47b156 e-flex e-con-boxed e-con e-child\" data-id=\"d47b156\" data-element_type=\"container\" data-e-type=\"container\">\n\t\t\t\t\t<div class=\"e-con-inner\">\n\t\t\t\t<div class=\"elementor-element elementor-element-ff38c2b elementor-widget elementor-widget-heading\" data-id=\"ff38c2b\" data-element_type=\"widget\" data-e-type=\"widget\" data-widget_type=\"heading.default\">\n\t\t\t\t\t<div class=\"elementor-heading-title elementor-size-default\">\u00datbrei\u00f0slusv\u00e6\u00f0i<\/div>\t\t\t\t<\/div>\n\t\t\t\t<div class=\"elementor-element elementor-element-4e49fcc elementor-widget elementor-widget-text-editor\" data-id=\"4e49fcc\" data-element_type=\"widget\" data-e-type=\"widget\" data-widget_type=\"text-editor.default\">\n\t\t\t\t\t\t\t\t\t<p>\u00deessi hugmynd er \u00fatbreidd um allt mes\u00f3p\u00f3tam\u00edskt menningarsv\u00e6\u00f0i. Hli\u00f0st\u00e6\u00f0ur m\u00e1 einnig finna v\u00ed\u00f0a \u00ed fornum menningarheimum vi\u00f0 Mi\u00f0jar\u00f0arhaf, austuras\u00edskum \u00fej\u00f3\u00f0tr\u00faarbr\u00f6g\u00f0um og evr\u00f3pskum \u00fej\u00f3\u00f0s\u00f6gutraditum.<\/p>\t\t\t\t\t\t\t\t<\/div>\n\t\t\t\t\t<\/div>\n\t\t\t\t<\/div>\n\t\t\t\t<\/div>\n\t\t<div class=\"elementor-element elementor-element-db03c39 e-con-full e-flex e-con e-child\" data-id=\"db03c39\" data-element_type=\"container\" data-e-type=\"container\">\n\t\t<div class=\"elementor-element elementor-element-229a87b e-flex e-con-boxed e-con e-child\" data-id=\"229a87b\" data-element_type=\"container\" data-e-type=\"container\">\n\t\t\t\t\t<div class=\"e-con-inner\">\n\t\t\t\t<div class=\"elementor-element elementor-element-1f471fc elementor-widget elementor-widget-heading\" data-id=\"1f471fc\" data-element_type=\"widget\" data-e-type=\"widget\" data-widget_type=\"heading.default\">\n\t\t\t\t\t<div class=\"elementor-heading-title elementor-size-default\">Heimildasta\u00f0a<\/div>\t\t\t\t<\/div>\n\t\t\t\t<div class=\"elementor-element elementor-element-36b1201 elementor-widget elementor-widget-text-editor\" data-id=\"36b1201\" data-element_type=\"widget\" data-e-type=\"widget\" data-widget_type=\"text-editor.default\">\n\t\t\t\t\t\t\t\t\t<p><span data-nosnippet>Meginheimildir eru s\u00e6ringaser\u00edurnar Maql\u00fb og \u0160urpu, tafla XII Gilgamesarkvi\u00f0u me\u00f0 lei\u00f0beiningum um a\u00f0 fri\u00f0\u00fe\u00e6gja hinn \u00f3greftra\u00f0a d\u00e1na, og hi\u00f0 vi\u00f0urkennda safn Utukk\u016b lemn\u016btu (\u201eillir dj\u00f6flar&#8220;). \u00datg\u00e1fa og \u00fe\u00fd\u00f0ing a\u00f0allega unnin af M.J. Geller (Brill, 2007 og 2016) og R. Borger; kispu-si\u00f0venjan hefur veri\u00f0 kerfisbundi\u00f0 ranns\u00f6ku\u00f0 af Akio Tsukimoto (1985).<\/span><\/p>\t\t\t\t\t\t\t\t<\/div>\n\t\t\t\t\t<\/div>\n\t\t\t\t<\/div>\n\t\t\t\t<\/div>\n\t\t\t\t\t<\/div>\n\t\t\t\t<\/div>\n\t\t<div class=\"elementor-element elementor-element-3ae0637c e-flex e-con-boxed e-con e-parent\" data-id=\"3ae0637c\" data-element_type=\"container\" data-e-type=\"container\">\n\t\t\t\t\t<div class=\"e-con-inner\">\n\t\t\t\t<div class=\"elementor-element elementor-element-31d07739 elementor-widget elementor-widget-heading\" data-id=\"31d07739\" data-element_type=\"widget\" data-e-type=\"widget\" data-widget_type=\"heading.default\">\n\t\t\t\t\t<h2 class=\"elementor-heading-title elementor-size-default\">Nafn og afbrig\u00f0i<\/h2>\t\t\t\t<\/div>\n\t\t<div class=\"elementor-element elementor-element-b7642947 e-con-full e-flex e-con e-child\" data-id=\"b7642947\" data-element_type=\"container\" data-e-type=\"container\">\n\t\t\t\t<div class=\"elementor-element elementor-element-a086266 elementor-widget elementor-widget-text-editor\" data-id=\"a086266\" data-element_type=\"widget\" data-e-type=\"widget\" data-widget_type=\"text-editor.default\">\n\t\t\t\t\t\t\t\t\t<p><strong>Akkad\u00edska:<\/strong> <em>e\u1e6demmu<\/em>, \u00ed eldri umritunum einnig <em>edimmu<\/em>, <em>etimmu<\/em>, <em>ekimmu<\/em>.<br>S\u00famerska: <em>gidim<\/em>.<br>B\u00f3kstaflega: \u201e<span class=\"iwg-fachbegriff\" data-tooltip=\"L\u00edkamslaus vera sem talin er hafa \u00e1hrif \u00ed heiminum.\" tabindex=\"0\">andi<\/span>\u201c, \u201es\u00e1l hins d\u00e1na\u201c.<\/p><p>Mikilv\u00e6gur greinarmunur: \u00ed grundvallaratri\u00f0um hefur <em>hver<\/em> framli\u00f0inn s\u00edna <em>e\u1e6demmu<\/em>. H\u00fan ver\u00f0ur \u00fe\u00f3 ekki a\u00f0 h\u00f3tun nema um\u00f6nnun hinna d\u00e1nu s\u00e9 vanr\u00e6kt, dau\u00f0inn hafi veri\u00f0 ofbeldisfullur e\u00f0a l\u00edki\u00f0 hafi veri\u00f0 \u00f3greftra\u00f0. Hugtaki\u00f0 \u201eEdimmu\u201c sem dj\u00f6fulsheiti \u00e1 \u00fev\u00ed vi\u00f0 um afvegaleidda, fri\u00f0lausa vofu hins framli\u00f0na, ekki s\u00e1lina sem sl\u00edka.<\/p>\t\t\t\t\t\t\t\t<\/div>\n\t\t\t\t<\/div>\n\t\t\t\t\t<\/div>\n\t\t\t\t<\/div>\n\t\t<div class=\"elementor-element elementor-element-709a44a8 e-flex e-con-boxed e-con e-parent\" data-id=\"709a44a8\" data-element_type=\"container\" data-e-type=\"container\">\n\t\t\t\t\t<div class=\"e-con-inner\">\n\t\t\t\t<div class=\"elementor-element elementor-element-2f585873 elementor-widget elementor-widget-heading\" data-id=\"2f585873\" data-element_type=\"widget\" data-e-type=\"widget\" data-widget_type=\"heading.default\">\n\t\t\t\t\t<h2 class=\"elementor-heading-title elementor-size-default\">Einkenni<\/h2>\t\t\t\t<\/div>\n\t\t<div class=\"elementor-element elementor-element-70621c12 e-con-full e-flex e-con e-child\" data-id=\"70621c12\" data-element_type=\"container\" data-e-type=\"container\">\n\t\t\t\t<div class=\"elementor-element elementor-element-4296eb49 elementor-widget elementor-widget-text-editor\" data-id=\"4296eb49\" data-element_type=\"widget\" data-e-type=\"widget\" data-widget_type=\"text-editor.default\">\n\t\t\t\t\t\t\t\t\t<p><strong>\u00datlit<\/strong><\/p><p>Sviplaus, \u00e1n fastrar myndar. N\u00e1vist er skynju\u00f0 me\u00f0 hlj\u00f3\u00f0um (kveinst\u00f6fum, andv\u00f6rpum), \u00ed draumum e\u00f0a sem \u00e1\u00fereifanleg n\u00e6rvera \u00ed h\u00fasinu \u00e1 n\u00f3ttunni. Akkad\u00edsk fr\u00e6\u00f0ihef\u00f0 greinir \u00e1 milli Edimmu sem birtast s\u00fdnilega (f\u00e1t\u00edtt) og \u00feeirra sem eru a\u00f0eins skynja\u00f0ir \u00f3beint (algengara).<\/p><p><strong>Heg\u00f0un<\/strong><\/p><p>Edimmu koma \u00e1 n\u00f3ttunni \u00ed h\u00fas eftirlifandi fj\u00f6lskyldu sinnar. \u00deeir krefjast athygli, vanr\u00e6ktra sorgarathafna, \u00f3veittra vatns- og mj\u00f6lf\u00f3rna \u00ed formi <span class=\"iwg-fachbegriff\" data-tooltip=\"Gj\u00f6f til gu\u00f0d\u00f3ms til a\u00f0 tj\u00e1 \u00feakkl\u00e6ti, b\u00e6n e\u00f0a lotningu.\" tabindex=\"0\">f\u00f3rna<\/span>. S\u00e9u \u00feeir ekki bl\u00ed\u00f0ka\u00f0ir valda \u00feeir sj\u00fakd\u00f3mum, martr\u00f6\u00f0um og \u00f3g\u00e6fu. \u00d3gnin er vi\u00f0varandi: einn vanr\u00e6ktur <span class=\"iwg-fachbegriff\" data-tooltip=\"\u00c1kve\u00f0in, endurtekin tr\u00faarleg ath\u00f6fn.\" tabindex=\"0\">helgisi\u00f0ur<\/span> getur leitt til margra \u00e1ra \u00e1s\u00f3knar.<\/p><p><strong>Verkunarsvi\u00f0<\/strong><\/p><p>Svefntruflanir, martra\u00f0ir, h\u00f6fu\u00f0verkur, \u00feunglyndi, sj\u00fakd\u00f3mar \u00ed fj\u00f6lskyldunni, \u00f3frj\u00f3semi, misheppnu\u00f0 vi\u00f0skipti. Mes\u00f3p\u00f3tam\u00edsk sj\u00fakd\u00f3msgreining tengir fj\u00f6lbreytt safn \u00f3lj\u00f3sra kvilla m\u00f6gulega vi\u00f0 Edimmu, samb\u00e6rilegt vi\u00f0 rabb\u00ednska Lilith-greiningu.<\/p><p><strong>\u00datlit og t\u00e1knm\u00e1l<\/strong><\/p><p><em>Edimmu<\/em> eru s\u00fdndir sem manneskjulegar verur, en loftkenndir, gr\u00e1ir e\u00f0a gagns\u00e6ir, me\u00f0 draugalegri birtu. \u00deeir bera me\u00f0 s\u00e9r fatna\u00f0 e\u00f0a einkenni \u00far fyrra l\u00edfi s\u00ednu inn \u00ed undirheimana en f\u00f6lna sm\u00e1m saman \u00ed yfirf\u00e6rslunni. Augu \u00feeirra eru t\u00f3m e\u00f0a full af sorg.<\/p><p>Stundum s\u00e9st a\u00f0eins sv\u00f6rt e\u00f0a gr\u00e1 skuggamynd. <em>Edimmu<\/em> hafa ekki e\u00f0li l\u00edkamlegra l\u00edkama; \u00feeir geta gengi\u00f0 \u00ed gegnum veggi og horfi\u00f0. N\u00e1vist \u00feeirra fylgir oft kuldi e\u00f0a einhvers konar hr\u00e6\u00f0sla.<\/p>\t\t\t\t\t\t\t\t<\/div>\n\t\t\t\t<\/div>\n\t\t\t\t\t<\/div>\n\t\t\t\t<\/div>\n\t\t<div class=\"elementor-element elementor-element-44e71476 e-flex e-con-boxed e-con e-parent\" data-id=\"44e71476\" data-element_type=\"container\" data-e-type=\"container\">\n\t\t\t\t\t<div class=\"e-con-inner\">\n\t\t\t\t<div class=\"elementor-element elementor-element-3c1fc3f0 elementor-widget elementor-widget-heading\" data-id=\"3c1fc3f0\" data-element_type=\"widget\" data-e-type=\"widget\" data-widget_type=\"heading.default\">\n\t\t\t\t\t<h2 class=\"elementor-heading-title elementor-size-default\">Grunnuppl\u00fdsingar: Edimmu<\/h2>\t\t\t\t<\/div>\n\t\t<div class=\"elementor-element elementor-element-84f33b8e e-con-full e-flex e-con e-child\" data-id=\"84f33b8e\" data-element_type=\"container\" data-e-type=\"container\">\n\t\t\t\t<div class=\"elementor-element elementor-element-hqkdc67p elementor-widget elementor-widget-text-editor\" data-id=\"hqkdc67p\" data-element_type=\"widget\" data-e-type=\"widget\" data-widget_type=\"text-editor.default\">\n\t\t\t\t\t\t\t\t\t<p>Mikilv\u00e6gustu atri\u00f0i Edimmu \u00ed hnotskurn. N\u00e1nari umfj\u00f6llun um nafn, l\u00fdsingu, varnir og hli\u00f0st\u00e6\u00f0ur er \u00ed eftirfarandi k\u00f6flum.<\/p>\t\t\t\t\t\t\t\t<\/div>\n\t\t\t\t<\/div>\n\t\t<div class=\"elementor-element elementor-element-pemmx7c5 e-con-full e-flex e-con e-child\" data-id=\"pemmx7c5\" data-element_type=\"container\" data-e-type=\"container\">\n\t\t<div class=\"elementor-element elementor-element-pemmx7c1 e-con-full e-flex e-con e-child\" data-id=\"pemmx7c1\" data-element_type=\"container\" data-e-type=\"container\">\n\t\t<div class=\"elementor-element elementor-element-qh9oavvu iwg-steckbrief-card e-flex e-con-boxed e-con e-child\" data-id=\"qh9oavvu\" data-element_type=\"container\" data-e-type=\"container\">\n\t\t\t\t\t<div class=\"e-con-inner\">\n\t\t\t\t<div class=\"elementor-element elementor-element-awzx8k2k elementor-widget elementor-widget-heading\" data-id=\"awzx8k2k\" data-element_type=\"widget\" data-e-type=\"widget\" data-widget_type=\"heading.default\">\n\t\t\t\t\t<div class=\"elementor-heading-title elementor-size-default\">Hef\u00f0<\/div>\t\t\t\t<\/div>\n\t\t\t\t<div class=\"elementor-element elementor-element-x6rowhv0 elementor-widget elementor-widget-text-editor\" data-id=\"x6rowhv0\" data-element_type=\"widget\" data-e-type=\"widget\" data-widget_type=\"text-editor.default\">\n\t\t\t\t\t\t\t\t\t<p>Fyrrverandi manneskja sem ekki var greftru\u00f0 me\u00f0 r\u00e9ttum h\u00e6tti, en hverrar minningarath\u00f6fn var vanr\u00e6kt, e\u00f0a sem l\u00e9st me\u00f0 ofbeldi og var gleymd. \u00deannig ekki sk\u00f6pu\u00f0 vera heldur aflei\u00f0ing af vanr\u00e6kslu.<\/p>\t\t\t\t\t\t\t\t<\/div>\n\t\t\t\t\t<\/div>\n\t\t\t\t<\/div>\n\t\t<div class=\"elementor-element elementor-element-8e3o4kxs iwg-steckbrief-card e-flex e-con-boxed e-con e-child\" data-id=\"8e3o4kxs\" data-element_type=\"container\" data-e-type=\"container\">\n\t\t\t\t\t<div class=\"e-con-inner\">\n\t\t\t\t<div class=\"elementor-element elementor-element-08rkdgov elementor-widget elementor-widget-heading\" data-id=\"08rkdgov\" data-element_type=\"widget\" data-e-type=\"widget\" data-widget_type=\"heading.default\">\n\t\t\t\t\t<div class=\"elementor-heading-title elementor-size-default\">Skotm\u00f6rk Edimmu<\/div>\t\t\t\t<\/div>\n\t\t\t\t<div class=\"elementor-element elementor-element-uwjelx8s elementor-widget elementor-widget-text-editor\" data-id=\"uwjelx8s\" data-element_type=\"widget\" data-e-type=\"widget\" data-widget_type=\"text-editor.default\">\n\t\t\t\t\t\t\t\t\t<p>Fyrst og fremst a\u00f0standendur sem hafa vanr\u00e6kt greftrun e\u00f0a <em>kispu<\/em>. Auk \u00feess fer\u00f0alangar sem koma vi\u00f0 sta\u00f0i \u00f3l\u00f6gm\u00e6tra greftrana e\u00f0a ofbeldisfulls dau\u00f0daga.<\/p>\t\t\t\t\t\t\t\t<\/div>\n\t\t\t\t\t<\/div>\n\t\t\t\t<\/div>\n\t\t<div class=\"elementor-element elementor-element-jm2n74ec iwg-steckbrief-card e-flex e-con-boxed e-con e-child\" data-id=\"jm2n74ec\" data-element_type=\"container\" data-e-type=\"container\">\n\t\t\t\t\t<div class=\"e-con-inner\">\n\t\t\t\t<div class=\"elementor-element elementor-element-8vufse4c elementor-widget elementor-widget-heading\" data-id=\"8vufse4c\" data-element_type=\"widget\" data-e-type=\"widget\" data-widget_type=\"heading.default\">\n\t\t\t\t\t<div class=\"elementor-heading-title elementor-size-default\">\u00datlit Edimmu<\/div>\t\t\t\t<\/div>\n\t\t\t\t<div class=\"elementor-element elementor-element-mwb9u015 elementor-widget elementor-widget-text-editor\" data-id=\"mwb9u015\" data-element_type=\"widget\" data-e-type=\"widget\" data-widget_type=\"text-editor.default\">\n\t\t\t\t\t\t\t\t\t<p>Skuggakenndur, f\u00f6lur, t\u00e6r\u00f0ur, manneskjulegur. Ekki blendingsvera. N\u00e1vist hans birtist oftar \u00ed einkennum og draumum en \u00ed sk\u00fdrum myndum.<\/p>\t\t\t\t\t\t\t\t<\/div>\n\t\t\t\t\t<\/div>\n\t\t\t\t<\/div>\n\t\t\t\t<\/div>\n\t\t<div class=\"elementor-element elementor-element-pemmx7c2 e-con-full e-flex e-con e-child\" data-id=\"pemmx7c2\" data-element_type=\"container\" data-e-type=\"container\">\n\t\t<div class=\"elementor-element elementor-element-37ss2yr6 iwg-steckbrief-card e-flex e-con-boxed e-con e-child\" data-id=\"37ss2yr6\" data-element_type=\"container\" data-e-type=\"container\">\n\t\t\t\t\t<div class=\"e-con-inner\">\n\t\t\t\t<div class=\"elementor-element elementor-element-3v0wp3wx elementor-widget elementor-widget-heading\" data-id=\"3v0wp3wx\" data-element_type=\"widget\" data-e-type=\"widget\" data-widget_type=\"heading.default\">\n\t\t\t\t\t<div class=\"elementor-heading-title elementor-size-default\">\u00c1hrif Edimmu<\/div>\t\t\t\t<\/div>\n\t\t\t\t<div class=\"elementor-element elementor-element-w3247g2m elementor-widget elementor-widget-text-editor\" data-id=\"w3247g2m\" data-element_type=\"widget\" data-e-type=\"widget\" data-widget_type=\"text-editor.default\">\n\t\t\t\t\t\t\t\t\t<p>\u00d6rv\u00e6nting, langvarandi sj\u00fakd\u00f3mar, martra\u00f0ir, \u00f3\u00fatsk\u00fdr\u00f0 \u00fej\u00e1ning a\u00f0standenda. Fremur langvarandi \u00e1s\u00f3kn en sn\u00f6gg \u00e1r\u00e1s.<\/p>\t\t\t\t\t\t\t\t<\/div>\n\t\t\t\t\t<\/div>\n\t\t\t\t<\/div>\n\t\t<div class=\"elementor-element elementor-element-0qpjal9w iwg-steckbrief-card e-flex e-con-boxed e-con e-child\" data-id=\"0qpjal9w\" data-element_type=\"container\" data-e-type=\"container\">\n\t\t\t\t\t<div class=\"e-con-inner\">\n\t\t\t\t<div class=\"elementor-element elementor-element-6ndoih0o elementor-widget elementor-widget-heading\" data-id=\"6ndoih0o\" data-element_type=\"widget\" data-e-type=\"widget\" data-widget_type=\"heading.default\">\n\t\t\t\t\t<div class=\"elementor-heading-title elementor-size-default\">Vernd<\/div>\t\t\t\t<\/div>\n\t\t\t\t<div class=\"elementor-element elementor-element-6684tyh9 elementor-widget elementor-widget-text-editor\" data-id=\"6684tyh9\" data-element_type=\"widget\" data-e-type=\"widget\" data-widget_type=\"text-editor.default\">\n\t\t\t\t\t\t\t\t\t<p>Eftirfarandi greftrun e\u00f0a sta\u00f0g\u00f6nguath\u00f6fn, regluleg <em>kispu<\/em>-f\u00f3rn til hinna dau\u00f0u, \u00e1kallanir til a\u00f0 bl\u00ed\u00f0ka og senda anda aftur \u00ed undirheima.<\/p>\t\t\t\t\t\t\t\t<\/div>\n\t\t\t\t\t<\/div>\n\t\t\t\t<\/div>\n\t\t<div class=\"elementor-element elementor-element-3lfi7x32 iwg-steckbrief-card e-flex e-con-boxed e-con e-child\" data-id=\"3lfi7x32\" data-element_type=\"container\" data-e-type=\"container\">\n\t\t\t\t\t<div class=\"e-con-inner\">\n\t\t\t\t<div class=\"elementor-element elementor-element-0kg99ga1 elementor-widget elementor-widget-heading\" data-id=\"0kg99ga1\" data-element_type=\"widget\" data-e-type=\"widget\" data-widget_type=\"heading.default\">\n\t\t\t\t\t<div class=\"elementor-heading-title elementor-size-default\">Hli\u00f0st\u00e6\u00f0ur Edimmu<\/div>\t\t\t\t<\/div>\n\t\t\t\t<div class=\"elementor-element elementor-element-n0fum6kp elementor-widget elementor-widget-text-editor\" data-id=\"n0fum6kp\" data-element_type=\"widget\" data-e-type=\"widget\" data-widget_type=\"text-editor.default\">\n\t\t\t\t\t\t\t\t\t<p>Lemures (r\u00f3mverskir), Keres og \u00f3greftra\u00f0ar s\u00e1lir hj\u00e1 H\u00f3mer (gr\u00edskir), hungra\u00f0ir draugar (k\u00ednverskt-b\u00fadd\u00edskt), afturg\u00f6ngur (germanskt), n\u00fat\u00edma fyrirb\u00e6ri \u00e1 bor\u00f0 vi\u00f0 \u00f3l\u00e1taanda.<\/p>\t\t\t\t\t\t\t\t<\/div>\n\t\t\t\t\t<\/div>\n\t\t\t\t<\/div>\n\t\t\t\t<\/div>\n\t\t\t\t<\/div>\n\t\t\t\t\t<\/div>\n\t\t\t\t<\/div>\n\t\t<div class=\"elementor-element elementor-element-7533bc7a e-flex e-con-boxed e-con e-parent\" data-id=\"7533bc7a\" data-element_type=\"container\" data-e-type=\"container\">\n\t\t\t\t\t<div class=\"e-con-inner\">\n\t\t\t\t<div class=\"elementor-element elementor-element-2447d18d elementor-widget elementor-widget-heading\" data-id=\"2447d18d\" data-element_type=\"widget\" data-e-type=\"widget\" data-widget_type=\"heading.default\">\n\t\t\t\t\t<h2 class=\"elementor-heading-title elementor-size-default\">Varnir \u00ed daglegu l\u00edfi<\/h2>\t\t\t\t<\/div>\n\t\t<div class=\"elementor-element elementor-element-d5d0260c e-con-full e-flex e-con e-child\" data-id=\"d5d0260c\" data-element_type=\"container\" data-e-type=\"container\">\n\t\t\t\t<div class=\"elementor-element elementor-element-341be2ac elementor-widget elementor-widget-text-editor\" data-id=\"341be2ac\" data-element_type=\"widget\" data-e-type=\"widget\" data-widget_type=\"text-editor.default\">\n\t\t\t\t\t\t\t\t\t<p><strong>Helgisi\u00f0ir til varnar<\/strong><\/p><p>Meginn <span class=\"iwg-fachbegriff\" data-tooltip=\"F\u00f6st, endurtekin tr\u00faarleg ath\u00f6fn.\" tabindex=\"0\">helgisi\u00f0urinn<\/span> er <em>kispu<\/em>, reglubundin f\u00f3\u00f0run hinna l\u00e1tnu me\u00f0 vatni, brau\u00f0i og mj\u00f6li, m\u00e1na\u00f0arlega \u00e1 n\u00fdju tungli og \u00e1 \u00e1rlegum minningardegi. Auk \u00feess munnleg <span class=\"iwg-fachbegriff\" data-tooltip=\"\u00dea\u00f0 a\u00f0 \u00e1varpa e\u00f0a s\u00e6ra gu\u00f0 e\u00f0a m\u00e1tt me\u00f0 b\u00e6n e\u00f0a \u00e1k\u00f6llun.\" tabindex=\"0\">\u00e1kallan<\/span> hins l\u00e1tna me\u00f0 nafni.<\/p><p>\u00deegar reimleikar voru br\u00e1\u00f0ir voru nota\u00f0ir s\u00e6ringartextar \u00far Maql\u00fb-r\u00f6\u00f0inni: brennsla leirf\u00edg\u00fara, reykelsisf\u00f3rnir \u00far einiberjum, verndarhringir umhverfis h\u00fasi\u00f0. Gilgameskvi\u00f0a, tafla XII, gefur \u00edtarlegar lei\u00f0beiningar um a\u00f0 fri\u00f0a edimmu \u00f3grafins fallins manns.<\/p><p><strong><span class=\"iwg-fachbegriff\" data-tooltip=\"Heild tr\u00faarlegra d\u00fdrkunarathafna fyrir gu\u00f0 e\u00f0a heilaga veru.\" tabindex=\"0\">D\u00fdrkun<\/span> og tilbei\u00f0sla<\/strong><\/p><p>\u201e<span class=\"iwg-fachbegriff\" data-tooltip=\"Heild tr\u00faarlegra d\u00fdrkunarathafna fyrir gu\u00f0 e\u00f0a heilaga veru.\" tabindex=\"0\">D\u00fdrkun<\/span>\u201c <em>edimmu<\/em> f\u00f3lst \u00ed forfe\u00f0rad\u00fdrkun og \u00fatfararsi\u00f0um. Fj\u00f6lskyldur hei\u00f0ru\u00f0u l\u00e1tna \u00e6ttingja s\u00edna me\u00f0 f\u00f3rnargj\u00f6fum og b\u00e6num til a\u00f0 halda edimmu \u00feeirra r\u00f3legum og s\u00e1ttum \u00ed undirheimum.<\/p><p>Prestar framkv\u00e6mdu helgisi\u00f0i til a\u00f0 verjast e\u00f0a fri\u00f0a illvilja\u00f0ar edimmu. Grafir voru \u00fatb\u00fanar f\u00f3rnum til a\u00f0 n\u00e6ra og r\u00f3a edimmu. \u00d3vi\u00f0eigandi grafnar e\u00f0a b\u00f6lva\u00f0ar edimmu voru uppspretta mikils \u00f3tta og k\u00f6llu\u00f0u \u00e1 s\u00e9rstaka krafta til a\u00f0 reka \u00fe\u00e6r \u00e1 brott.<\/p>\t\t\t\t\t\t\t\t<\/div>\n\t\t\t\t<\/div>\n\t\t\t\t\t<\/div>\n\t\t\t\t<\/div>\n\t\t<div class=\"elementor-element elementor-element-5a584676 e-flex e-con-boxed e-con e-parent\" data-id=\"5a584676\" data-element_type=\"container\" data-e-type=\"container\">\n\t\t\t\t\t<div class=\"e-con-inner\">\n\t\t\t\t<div class=\"elementor-element elementor-element-6d0757bf elementor-widget elementor-widget-heading\" data-id=\"6d0757bf\" data-element_type=\"widget\" data-e-type=\"widget\" data-widget_type=\"heading.default\">\n\t\t\t\t\t<h2 class=\"elementor-heading-title elementor-size-default\">Edimmu, hli\u00f0st\u00e6\u00f0ur \u00ed \u00f6\u00f0rum menningarheimum<\/h2>\t\t\t\t<\/div>\n\t\t<div class=\"elementor-element elementor-element-60563f68 e-con-full e-flex e-con e-child\" data-id=\"60563f68\" data-element_type=\"container\" data-e-type=\"container\">\n\t\t\t\t<div class=\"elementor-element elementor-element-5a93fdd6 elementor-widget elementor-widget-text-editor\" data-id=\"5a93fdd6\" data-element_type=\"widget\" data-e-type=\"widget\" data-widget_type=\"text-editor.default\">\n\t\t\t\t\t\t\t\t\t<p><strong>Gr\u00edsk-r\u00f3mverski heimurinn<\/strong><\/p><p>Keres hj\u00e1 H\u00f3mer og s\u00e9rstaklega r\u00f3mversku Lemures, \u00f3r\u00f3as\u00e1lir sem ver\u00f0a til \u00far \u00f3greftru\u00f0um e\u00f0a rei\u00f0um dau\u00f0um, samsvara a\u00f0 miklu leyti hlutverki Edimmu. H\u00e1t\u00ed\u00f0in <em>Lemuria<\/em> \u00ed R\u00f3m er formfest svar vi\u00f0 \u00feessu <span class=\"iwg-fachbegriff\" data-tooltip=\"Endurteki\u00f0 innihaldslegt einkenni \u00ed list e\u00f0a fr\u00e1s\u00f6gn.\" tabindex=\"0\">minni<\/span>.<\/p><p><strong>Austur-As\u00eda:<\/strong> B\u00fadd\u00edsk \u201ehungra\u00f0ir draugar&#8220; (preta, egui) \u00ed k\u00ednverskri, japanskri og k\u00f3reskri hef\u00f0 ver\u00f0a til \u00far \u00f3uppfylltum tengslum og vanr\u00e6ktum ath\u00f6fnum. H\u00e1t\u00ed\u00f0 hungra\u00f0ra drauga endurn\u00fdjar reglulega um\u00f6nnun hinna dau\u00f0u.<\/p><p><strong>Evr\u00f3pa (<span class=\"iwg-fachbegriff\" data-tooltip=\"Tr\u00faarlegar hugmyndir og si\u00f0ir sem eru \u00fatbreiddir \u00ed daglegu l\u00edfi.\" tabindex=\"0\">\u00fej\u00f3\u00f0tr\u00fa<\/span>):<\/strong> Afturg\u00f6ngur og \u00f3l\u00e1taanda-minni \u00ed germanskri og slavneskri \u00fej\u00f3\u00f0tr\u00fa byggja \u00e1 s\u00f6mu grunnhugmynd: Hinn l\u00e1tni sn\u00fdr aftur vegna \u00feess a\u00f0 <span class=\"iwg-fachbegriff\" data-tooltip=\"\u00c1kve\u00f0in, endurtekin tr\u00faarleg ath\u00f6fn.\" tabindex=\"0\">helgisi\u00f0ur<\/span>, r\u00e9ttl\u00e6ti e\u00f0a kve\u00f0ja var \u00f3fulln\u00e6gjandi. V\u00f6rnin er \u00fear me\u00f0 einnig form uppgj\u00f6rs.<\/p>\t\t\t\t\t\t\t\t<\/div>\n\t\t\t\t<\/div>\n\t\t\t\t\t<\/div>\n\t\t\t\t<\/div>\n\t\t<div class=\"elementor-element elementor-element-cp9302b7d e-flex e-con-boxed e-con e-parent\" data-id=\"cp9302b7d\" data-element_type=\"container\" data-e-type=\"container\">\n\t\t\t\t\t<div class=\"e-con-inner\">\n\t\t\t\t<div class=\"elementor-element elementor-element-cp3f157fb elementor-widget elementor-widget-heading\" data-id=\"cp3f157fb\" data-element_type=\"widget\" data-e-type=\"widget\" data-widget_type=\"heading.default\">\n\t\t\t\t\t<h2 class=\"elementor-heading-title elementor-size-default\">Hinn fri\u00f0lausi dau\u00f0i: orsakir og r\u00f6kfr\u00e6\u00f0i<\/h2>\t\t\t\t<\/div>\n\t\t<div class=\"elementor-element elementor-element-cp41008d0 e-con-full e-flex e-con e-child\" data-id=\"cp41008d0\" data-element_type=\"container\" data-e-type=\"container\">\n\t\t\t\t<div class=\"elementor-element elementor-element-cp1c68ab4 elementor-widget elementor-widget-text-editor\" data-id=\"cp1c68ab4\" data-element_type=\"widget\" data-e-type=\"widget\" data-widget_type=\"text-editor.default\">\n\t\t\t\t\t\t\t\t\t<p><em>e\u1e6demmu<\/em> (s\u00famerskt <em>gidim<\/em>, \u00ed eldri fr\u00e6\u00f0iritum oft skrifa\u00f0 <em>edimmu<\/em>) er \u00ed mes\u00f3p\u00f3tam\u00edskri hugsun upphaflega ekkert \u00f3gnvekjandi fyrirb\u00e6ri. Or\u00f0i\u00f0 t\u00e1knar almennt hinn l\u00e1tna, <span class=\"iwg-fachbegriff\" data-tooltip=\"L\u00edkamslaus vera sem talin er hafa \u00e1hrif \u00ed heiminum.\" tabindex=\"0\">anda<\/span> hins framli\u00f0na.<\/p><p>Hver ma\u00f0ur ver\u00f0ur eftir dau\u00f0ann a\u00f0 <em>e\u1e6demmu<\/em>. \u00cd venjulegum tilvikum st\u00edgur \u00feessi <span class=\"iwg-fachbegriff\" data-tooltip=\"L\u00edkamslaus vera sem talin er hafa \u00e1hrif \u00ed heiminum.\" tabindex=\"0\">andi<\/span> ni\u00f0ur til undirheima, finnur \u00fear sinn sta\u00f0 og er \u00fear s\u00e9\u00f0 fyrir honum me\u00f0 reglulegum l\u00edkf\u00f3rnum afkomendanna.<\/p><p><em>e\u1e6demmu<\/em> ver\u00f0ur h\u00e6ttulegur fyrst \u00feegar \u00feessi skipulega yfirfer\u00f0 mistekst. Textarnir tilgreina orsakirnar n\u00e1kv\u00e6mlega: manneskja sem ekki var j\u00f6r\u00f0u\u00f0 me\u00f0 r\u00e9ttum h\u00e6tti, l\u00edk sem l\u00e1 \u00f3jar\u00f0a\u00f0 e\u00f0a flaut \u00ed vatni; manneskja sem l\u00e9t ekki eftir sig afkomendur og f\u00e9kk \u00feess vegna engan um\u00f6nnun hinna l\u00e1tnu; manneskja sem d\u00f3 ofbeldisfullum, \u00f3t\u00edmab\u00e6rum e\u00f0a \u00f3e\u00f0lilegum dau\u00f0daga.<\/p><p>Sl\u00edkir hinir dau\u00f0u f\u00e1 ekki fri\u00f0. <span class=\"iwg-fachbegriff\" data-tooltip=\"L\u00edkamslaus vera sem talin er hafa \u00e1hrif \u00ed heiminum.\" tabindex=\"0\">Andi<\/span> \u00feeirra er \u00e1fram bundinn heimi hinna lifandi og sn\u00fdr aftur.<\/p><p>Hinn fri\u00f0lausi <em>e\u1e6demmu<\/em> leitar \u00fe\u00e1 til hinna lifandi. Hann sest a\u00f0 manneskju, kemst inn \u00ed hana gegnum eyra\u00f0, veldur sj\u00fakd\u00f3mum, h\u00f6fu\u00f0verk, veikleika og hugarrugli.<\/p><p>\u00deessi hugmynd er tr\u00faarfr\u00e6\u00f0ilega samkv\u00e6m: Andi hins l\u00e1tna vill \u00fea\u00f0 sem honum skortir, greftrun og um\u00f6nnun, og hann s\u00e6kir s\u00e9r \u00fea\u00f0 me\u00f0 \u00fev\u00ed a\u00f0 \u00fejaka lifandi mann \u00fear til hann e\u00f0a fj\u00f6lskylda hans s\u00e9r til \u00feess a\u00f0 b\u00e6ta \u00far \u00fev\u00ed.<\/p><p>Tr\u00fain \u00e1 <em>e\u1e6demmu<\/em> ger\u00f0i hina samf\u00e9lagslegu skyldu til r\u00e9ttrar greftrunar og um\u00f6nnunar hinna l\u00e1tnu a\u00f0 spurningu um eigin heilsu. S\u00e1 sem vanr\u00e6kti hina dau\u00f0u, t\u00f3k \u00e1h\u00e6ttu \u00e1 a\u00f0 \u00feeir sneru aftur.<\/p>\t\t\t\t\t\t\t\t<\/div>\n\t\t\t\t<\/div>\n\t\t\t\t\t<\/div>\n\t\t\t\t<\/div>\n\t\t<div class=\"elementor-element elementor-element-cp83df163 e-flex e-con-boxed e-con e-parent\" data-id=\"cp83df163\" data-element_type=\"container\" data-e-type=\"container\">\n\t\t\t\t\t<div class=\"e-con-inner\">\n\t\t\t\t<div class=\"elementor-element elementor-element-cp11c77de elementor-widget elementor-widget-heading\" data-id=\"cp11c77de\" data-element_type=\"widget\" data-e-type=\"widget\" data-widget_type=\"heading.default\">\n\t\t\t\t\t<h2 class=\"elementor-heading-title elementor-size-default\">Me\u00f0fer\u00f0 \u00ed l\u00e6knislistinni: sj\u00fakd\u00f3msgreining og form\u00e6lur<\/h2>\t\t\t\t<\/div>\n\t\t<div class=\"elementor-element elementor-element-cpea16c28 e-con-full e-flex e-con e-child\" data-id=\"cpea16c28\" data-element_type=\"container\" data-e-type=\"container\">\n\t\t\t\t<div class=\"elementor-element elementor-element-cpbdb4429 elementor-widget elementor-widget-text-editor\" data-id=\"cpbdb4429\" data-element_type=\"widget\" data-e-type=\"widget\" data-widget_type=\"text-editor.default\">\n\t\t\t\t\t\t\t\t\t<p><em>e\u1e6demmu<\/em> er \u00ed mes\u00f3p\u00f3tam\u00edskri l\u00e6knisfr\u00e6\u00f0i og <span class=\"iwg-fachbegriff\" data-tooltip=\"I\u00f0kun sem reynir a\u00f0 hafa \u00e1hrif \u00e1 gang hlutanna me\u00f0 s\u00e9rst\u00f6kum ath\u00f6fnum e\u00f0a form\u00falum.\" tabindex=\"0\">t\u00f6frum<\/span> ein algengasta ors\u00f6k sj\u00fakd\u00f3ma. Sj\u00fakd\u00f3msgreiningartextarnir, fremstur me\u00f0al \u00feeirra hin mikla ritr\u00f6\u00f0 <em>Sakikk\u016b<\/em> (&#8222;Einkenni&#8220;), sem \u00ed fr\u00e6\u00f0unum er tengd verkum Nils Hee\u00dfel, telja upp einkennasamsteypur sem t\u00falka\u00f0ar voru sem &#8222;h\u00f6nd anda hins l\u00e1tna&#8220; (<em>q\u0101t e\u1e6demmi<\/em>).<\/p><p>Form\u00e6lendaprestur, <em>\u0101\u0161ipu<\/em>, \u00e1kvar\u00f0a\u00f0i \u00fat fr\u00e1 sj\u00fakd\u00f3mseinkennum hvort <em>e\u1e6demmu<\/em> v\u00e6ri a\u00f0 verki og dr\u00f3 \u00fat fr\u00e1 \u00fev\u00ed \u00e1lyktun um me\u00f0fer\u00f0ina.<\/p><p>S\u00e9rstakur textaflokkur, sem \u00ed \u00fatg\u00e1fu JoAnn Scurlock var settur saman undir titlinum &#8222;Andasj\u00fakd\u00f3mar&#8220;, skjalfestir me\u00f0fer\u00f0ina \u00ed sm\u00e1atri\u00f0um. H\u00fan n\u00e1\u00f0i yfir form\u00e6lur, smyrsl, drykki, verndargripi og tr\u00faarlegar athafnir.<\/p><p>Mikilv\u00e6g a\u00f0fer\u00f0 var a\u00f0 au\u00f0kenna hinn l\u00e1tna anda og fri\u00f0\u00fe\u00e6gja hann s\u00ed\u00f0an me\u00f0 <span class=\"iwg-fachbegriff\" data-tooltip=\"Skipul\u00f6g\u00f0 r\u00f6\u00f0 af t\u00e1knr\u00e6num ath\u00f6fnum me\u00f0 tr\u00faarlegri e\u00f0a menningarlegri merkingu.\" tabindex=\"0\">ath\u00f6fn<\/span> og <span class=\"iwg-fachbegriff\" data-tooltip=\"Gj\u00f6f til gu\u00f0s e\u00f0a gu\u00f0legrar veru til a\u00f0 tj\u00e1 \u00feakkl\u00e6ti, b\u00f3n e\u00f0a d\u00fdrkun.\" tabindex=\"0\">f\u00f3rn<\/span> e\u00f0a senda hann aftur til undirheima. Sumsinnum f\u00e9kk <span class=\"iwg-fachbegriff\" data-tooltip=\"L\u00edkamslaus vera sem talin er hafa \u00e1hrif \u00ed heiminum.\" tabindex=\"0\">andinn<\/span> eftir \u00e1 \u00fe\u00e1 greftrun e\u00f0a um\u00f6nnun sem honum haf\u00f0i skort; sumsinnum var hann bundinn vi\u00f0 sta\u00f0gengil, svo sem l\u00edkneski, og \u00feannig losa\u00f0ur fr\u00e1 sj\u00faklingnum.<\/p><p>\u00deessar heimildir eru tr\u00faars\u00f6gulega s\u00e9rlega ver\u00f0m\u00e6tar \u00fev\u00ed \u00fe\u00e6r s\u00fdna hversu n\u00e1tengd l\u00e6knisfr\u00e6\u00f0i, <span class=\"iwg-fachbegriff\" data-tooltip=\"I\u00f0kun sem reynir a\u00f0 hafa \u00e1hrif \u00e1 gang hlutanna me\u00f0 s\u00e9rst\u00f6kum ath\u00f6fnum e\u00f0a form\u00falum.\" tabindex=\"0\">t\u00f6frar<\/span> og d\u00fdrkun hinna l\u00e1tnu voru \u00ed Mes\u00f3p\u00f3tam\u00edu. Me\u00f0fer\u00f0 sj\u00faklingsins var \u00ed senn me\u00f0fer\u00f0 \u00e1 trufla\u00f0u sambandi milli lifandi og dau\u00f0ra.<\/p><p><em>\u0101\u0161ipu<\/em> var ekki dj\u00f6flav\u00edkjandi ma\u00f0ur \u00ed s\u00ed\u00f0ari merkingu \u00feess or\u00f0s, sem rak burt fjandmann, heldur n\u00e1nar tilteki\u00f0 s\u00e1ttasemjari sem endurreisti broti\u00f0 samf\u00e9lagslegt samband, nema a\u00f0 einn \u00fe\u00e1tttakandinn var \u00feegar l\u00e1tinn. Skyldar sj\u00fakd\u00f3msvaldandi m\u00e1ttarv\u00f6ld, sem s\u00f6mu s\u00e9rfr\u00e6\u00f0ingar b\u00e1ttust vi\u00f0, voru <a href=\"https:\/\/iwell-guard.com\/is\/?page_id=168847\">Rabisu<\/a> og <em>utukku<\/em>-dj\u00f6flarnir.<\/p>\t\t\t\t\t\t\t\t<\/div>\n\t\t\t\t<\/div>\n\t\t\t\t\t<\/div>\n\t\t\t\t<\/div>\n\t\t<div class=\"elementor-element elementor-element-cp80cd23c e-flex e-con-boxed e-con e-parent\" data-id=\"cp80cd23c\" data-element_type=\"container\" data-e-type=\"container\">\n\t\t\t\t\t<div class=\"e-con-inner\">\n\t\t\t\t<div class=\"elementor-element elementor-element-cp5308c81 elementor-widget elementor-widget-heading\" data-id=\"cp5308c81\" data-element_type=\"widget\" data-e-type=\"widget\" data-widget_type=\"heading.default\">\n\t\t\t\t\t<h2 class=\"elementor-heading-title elementor-size-default\">Kispu-f\u00f3rnirnar og um\u00f6nnun hinna l\u00e1tnu<\/h2>\t\t\t\t<\/div>\n\t\t<div class=\"elementor-element elementor-element-cp9eacb7e e-con-full e-flex e-con e-child\" data-id=\"cp9eacb7e\" data-element_type=\"container\" data-e-type=\"container\">\n\t\t\t\t<div class=\"elementor-element elementor-element-cp62f6bcd elementor-widget elementor-widget-text-editor\" data-id=\"cp62f6bcd\" data-element_type=\"widget\" data-e-type=\"widget\" data-widget_type=\"text-editor.default\">\n\t\t\t\t\t\t\t\t\t<p>\u00c1hrifar\u00edkasta forv\u00f6rnin gegn fri\u00f0lausum <em>e\u1e6demmu<\/em> var regluleg og r\u00e9tt um\u00f6nnun hinna l\u00e1tnu, <em>kispu<\/em>. \u00deetta hugtak v\u00edsar til l\u00edkf\u00f3rnanna og minningarathafna sem afkomendum bar a\u00f0 framkv\u00e6ma fyrir framli\u00f0na forfe\u00f0ur s\u00edna.<\/p><p><em>kispu<\/em> samanst\u00f3\u00f0 \u00ed grunninn af \u00fev\u00ed a\u00f0 bj\u00f3\u00f0a fram mat og fyrst og fremst vatn fyrir hina dau\u00f0u, samfara \u00fev\u00ed a\u00f0 n\u00f6fn \u00feeirra voru s\u00f6g\u00f0 upph\u00e1tt.<\/p><p>\u00deessar athafnir h\u00f6f\u00f0u fastan sta\u00f0 \u00ed t\u00edmatalinu. \u00dea\u00f0 voru reglulegir, oft m\u00e1na\u00f0arlegir minningardagar, og m\u00e1nu\u00f0urinn Abu um h\u00e1sumar var talinn s\u00e9rstakur t\u00edmi minningar um hina dau\u00f0u, \u00fear sem tali\u00f0 var a\u00f0 tengingin milli heimanna v\u00e6ri gegns\u00e6.<\/p><p>Um\u00f6nnunin n\u00e1\u00f0i ekki a\u00f0eins til hinna n\u00fdl\u00e1tnu heldur teyg\u00f0i sig aftur um margar kynsl\u00f3\u00f0ir; \u00ed konungsfj\u00f6lskyldum voru langar \u00e6ttart\u00f6lur lesnar upp vi\u00f0 <em>kispu<\/em>.<\/p><p>R\u00f6kin \u00e1 bak vi\u00f0 \u00feetta eru sk\u00fdr: Dau\u00f0ur ma\u00f0ur sem f\u00e6r um\u00f6nnun me\u00f0 <em>kispu<\/em>, sem nafn hans er nefnt og \u00feorsti hans sl\u00f6kktur, er s\u00e1ttur \u00ed undirheimum og sn\u00fdr ekki aftur.<\/p><p>Dau\u00f0ur ma\u00f0ur sem er gleymdur, fj\u00f6lskylda hans \u00fatdau\u00f0 e\u00f0a um\u00f6nnunin vanr\u00e6kt, ver\u00f0ur a\u00f0 hungru\u00f0um, \u00feyrstum og fri\u00f0lausum <em>e\u1e6demmu<\/em>. Um\u00f6nnun hinna l\u00e1tnu var \u00feannig ekki einf\u00f6ld <span class=\"iwg-fachbegriff\" data-tooltip=\"S\u00fa tr\u00faarlega afsta\u00f0a og i\u00f0kun sem einstaklingur lifir eftir.\" tabindex=\"0\">gu\u00f0r\u00e6kni<\/span>, heldur samningur milli kynsl\u00f3\u00f0a me\u00f0 bein aflei\u00f0ingar.<\/p><p>Lifandi menn s\u00e1u hinum dau\u00f0u fyrir og keyptu s\u00e9r \u00feannig fri\u00f0 fr\u00e1 \u00feeim; hinir dau\u00f0u g\u00e1tu \u00e1 m\u00f3ti, \u00feegar \u00feeir voru s\u00e1ttir, veri\u00f0 lifandi m\u00f6nnum velvildir. Tr\u00fain \u00e1 <em>e\u1e6demmu<\/em> og <em>kispu<\/em>&#8211;<span class=\"iwg-fachbegriff\" data-tooltip=\"Skipul\u00f6g\u00f0 r\u00f6\u00f0 af t\u00e1knr\u00e6num ath\u00f6fnum me\u00f0 tr\u00faarlegri e\u00f0a menningarlegri merkingu.\" tabindex=\"0\">ath\u00f6fnin<\/span> eru tv\u00e6r hli\u00f0ar \u00e1 sama sambandinu vi\u00f0 heim hinna framli\u00f0nu.<\/p>\t\t\t\t\t\t\t\t<\/div>\n\t\t\t\t<\/div>\n\t\t\t\t\t<\/div>\n\t\t\t\t<\/div>\n\t\t<div class=\"elementor-element elementor-element-36dd7469 e-flex e-con-boxed e-con e-parent\" data-id=\"36dd7469\" data-element_type=\"container\" data-e-type=\"container\">\n\t\t\t\t\t<div class=\"e-con-inner\">\n\t\t\t\t<div class=\"elementor-element elementor-element-13760ab4 elementor-widget elementor-widget-heading\" data-id=\"13760ab4\" data-element_type=\"widget\" data-e-type=\"widget\" data-widget_type=\"heading.default\">\n\t\t\t\t\t<h2 class=\"elementor-heading-title elementor-size-default\">\u00cdtarefni og tenglar<\/h2>\t\t\t\t<\/div>\n\t\t<div class=\"elementor-element elementor-element-28c87796 e-con-full e-flex e-con e-child\" data-id=\"28c87796\" data-element_type=\"container\" data-e-type=\"container\">\n\t\t\t\t<div class=\"elementor-element elementor-element-5d6538df elementor-widget elementor-widget-text-editor\" data-id=\"5d6538df\" data-element_type=\"widget\" data-e-type=\"widget\" data-widget_type=\"text-editor.default\">\n\t\t\t\t\t\t\t\t\t<ul><li><a href=\"https:\/\/iwell-guard.com\/is\/?page_id=168587\">Gallu, \u00e6tta\u00f0ur mes\u00f3p\u00f3tam\u00edskur vei\u00f0idj\u00f6full<\/a><\/li><li><a href=\"https:\/\/iwell-guard.com\/is\/?page_id=168582\">Lamashtu, tengd dj\u00f6flynja<\/a><\/li><li><a href=\"https:\/\/iwell-guard.com\/is\/?page_id=168584\">Pazuzu, verndandi (apotropa\u00edsk) verndarvera<\/a><\/li><li><a href=\"https:\/\/iwell-guard.com\/is\/?page_id=168756\">Ereshkigal, drottning undirheimanna<\/a><\/li><li><a href=\"https:\/\/iwell-guard.com\/is\/?page_id=168749\">Nergal, gu\u00f0 undirheimanna<\/a><\/li><li><a href=\"https:\/\/iwell-guard.com\/is\/?page_id=168847\">Rabisu, tengdur launs\u00e1tursdj\u00f6full<\/a><\/li><li><a href=\"https:\/\/iwell-guard.com\/is\/?page_id=168583\">Mes\u00f3p\u00f3tam\u00edsk hef\u00f0, heildarsamhengi<\/a><\/li><\/ul>\t\t\t\t\t\t\t\t<\/div>\n\t\t\t\t<\/div>\n\t\t\t\t\t<\/div>\n\t\t\t\t<\/div>\n\t\t<div class=\"elementor-element elementor-element-grl4kl40 e-flex e-con-boxed e-con e-parent\" data-id=\"grl4kl40\" data-element_type=\"container\" data-e-type=\"container\">\n\t\t\t\t\t<div class=\"e-con-inner\">\n\t\t\t\t<div class=\"elementor-element elementor-element-bzsbfrmh elementor-widget elementor-widget-heading\" data-id=\"bzsbfrmh\" data-element_type=\"widget\" data-e-type=\"widget\" data-widget_type=\"heading.default\">\n\t\t\t\t\t<h2 class=\"elementor-heading-title elementor-size-default\">Fr\u00e6\u00f0irit<\/h2>\t\t\t\t<\/div>\n\t\t<div class=\"elementor-element elementor-element-2c13224a e-con-full e-flex e-con e-child\" data-id=\"2c13224a\" data-element_type=\"container\" data-e-type=\"container\">\n\t\t\t\t<div class=\"elementor-element elementor-element-0eymh9ub elementor-widget elementor-widget-text-editor\" data-id=\"0eymh9ub\" data-element_type=\"widget\" data-e-type=\"widget\" data-widget_type=\"text-editor.default\">\n\t\t\t\t\t\t\t\t\t<footer class=\"iwg-literatur\" data-nosnippet=\"true\"><ul><li><span data-nosnippet>Bott\u00e9ro, Jean: <em>Mesopotamia: Writing, Reasoning, and the Gods<\/em>. University of Chicago Press, Chicago 1992.<\/span><\/li><li><span data-nosnippet>Black, Jeremy \/ Green, Anthony: <em>Gods, Demons and Symbols of Ancient Mesopotamia<\/em>. British Museum Press, London 1992.<\/span><\/li><li><span data-nosnippet>Wiggermann, Frans A.M.: <em>Mesopotamian Protective Spirits: The <span class=\"iwg-fachbegriff\" data-tooltip=\"Skipul\u00f6g\u00f0 atbur\u00f0ar\u00f6\u00f0 t\u00e1kngj\u00f6rra athafna me\u00f0 tr\u00faarlega e\u00f0a menningarlega merkingu.\" tabindex=\"0\">Ritual<\/span> Texts<\/em>. Styx, Groningen 1992.<\/span><\/li><li><span data-nosnippet>Scurlock, JoAnn: <em>Magico-Medical Means of Treating Ghost-Induced Illnesses in Ancient Mesopotamia<\/em>. Brill, Leiden 2006.<\/span><\/li><li><span data-nosnippet>Foster, Benjamin R.: <em>Before the Muses: An Anthology of Akkadian Literature<\/em>. CDL Press, Bethesda 2005.<\/span><\/li><li><span data-nosnippet>Hee\u00dfel, Nils P.: <em>Babylonisch-assyrische Diagnostik<\/em>. AOAT 43, M\u00fcnster 2000.<\/span><\/li><\/ul><\/footer>\t\t\t\t\t\t\t\t<\/div>\n\t\t\t\t<\/div>\n\t\t\t\t\t<\/div>\n\t\t\t\t<\/div>\n\t\t<div class=\"elementor-element elementor-element-iwgca-edimmu-sec e-flex e-con-boxed e-con e-parent\" data-id=\"iwgca-edimmu-sec\" data-element_type=\"container\" data-e-type=\"container\" id=\"iwg-ca-edimmu\">\n\t\t\t\t\t<div class=\"e-con-inner\">\n\t\t\t\t<div class=\"elementor-element elementor-element-iwgca-edimmu-te iwg-ca-textwrap elementor-widget elementor-widget-text-editor\" data-id=\"iwgca-edimmu-te\" data-element_type=\"widget\" data-e-type=\"widget\" data-widget_type=\"text-editor.default\">\n\t\t\t\t\t\t\t\t\t<div data-nosnippet=\"true\"><p class=\"iwg-ca-bridge\">Verndarhef\u00f0in sem h\u00e9r er l\u00fdst er tr\u00faars\u00f6gulegt yfirlit yfir s\u00f6guleg fyrirb\u00e6ri. iWell Guard tengist \u00feessari menningars\u00f6gulegu hef\u00f0 verndargripa sem bornir eru \u00e1 l\u00edkamanum og er samt\u00edma\u00fatg\u00e1fa af henni. <a href=\"\/ueber-iwell-guard\/?utm_source=iwell-guard.com&#038;utm_medium=text-link&#038;utm_campaign=schadwesen-tradition\">Meira um iWell Guard \u2192<\/a><\/p><\/div>\t\t\t\t\t\t\t\t<\/div>\n\t\t\t\t\t<\/div>\n\t\t\t\t<\/div>\n\t\t<div class=\"elementor-element elementor-element-1441f2e e-con-boxed e-flex e-con e-parent\" data-id=\"1441f2e\" data-element_type=\"container\" data-e-type=\"container\">\n\t\t\t\t\t<div class=\"e-con-inner\">\n\t\t\t\t<div class=\"elementor-element elementor-element-93e86c5 elementor-widget elementor-widget-text-editor\" data-id=\"93e86c5\" data-element_type=\"widget\" data-e-type=\"widget\" data-widget_type=\"text-editor.default\">\n\t\t\t\t\t\t\t\t\t\n<h2>Algengar spurningar um edimmu<\/h2>\n<div class=\"iwg-faq-q\"><h3>Hva\u00f0 voru edimmu \u00ed mes\u00f3p\u00f3tam\u00edskri tr\u00fa?<\/h3><p>Edimmu (s\u00famerska GIDIM, akkad\u00edska e\u1e6dimmu) voru \u00ed mes\u00f3p\u00f3tam\u00edskri tr\u00fa andar hinna l\u00e1tnu, s\u00e9rstaklega \u00feeirra sem ekki hlutu vi\u00f0eigandi \u00fatf\u00f6r e\u00f0a fj\u00f6lskylda \u00feeirra flutti \u00feeim ekki f\u00f3rnir til hinna d\u00e1nu.<\/p><p>\u00deeir eru mes\u00f3p\u00f3tam\u00edsk hli\u00f0st\u00e6\u00f0a draugum og reimleika\u00f6ndum sem ver\u00f0a eftir \u00ed hinum jar\u00f0neska heimi til a\u00f0 hrj\u00e1 lifendur me\u00f0 veikindum, martr\u00f6\u00f0um, slysum og \u00f3g\u00e6fu. \u00cd Gilgameskvi\u00f0u sn\u00fdr edimmu Enk\u00edd\u00fas aftur \u00far undirheimum og segir Gilgames fr\u00e1 a\u00f0st\u00e6\u00f0um \u00ed r\u00edki hinna d\u00e1nu.<\/p><\/div>\n<div class=\"iwg-faq-q\"><h3>Hvernig var\u00f0ist f\u00f3lk edimmu?<\/h3><p>Mikilv\u00e6gasta a\u00f0fer\u00f0in var vi\u00f0eigandi \u00fatf\u00f6r og reglubundnar f\u00f3rnir til hinna d\u00e1nu (kispum), brau\u00f0, bj\u00f3r og vatn fyrir forfe\u00f0urna. Ef edimmu sneri samt aftur hj\u00e1lpu\u00f0u s\u00e6ringart\u00f6flur, namburbi-<span class=\"iwg-fachbegriff\" data-tooltip=\"Skipul\u00f6g\u00f0 r\u00f6\u00f0 t\u00e1knr\u00e6nna athafna me\u00f0 tr\u00faarlega e\u00f0a menningarlega merkingu.\" tabindex=\"0\">helgisi\u00f0urinn<\/span> (eins konar upplausnar-<span class=\"iwg-fachbegriff\" data-tooltip=\"Skipul\u00f6g\u00f0 r\u00f6\u00f0 t\u00e1knr\u00e6nna athafna me\u00f0 tr\u00faarlega e\u00f0a menningarlega merkingu.\" tabindex=\"0\">helgisi\u00f0ur<\/span>) og \u00e1kall til mes\u00f3p\u00f3tam\u00edskra gu\u00f0a, einkum \u0160ama\u0161 (s\u00f3lgu\u00f0s og d\u00f3mara) og Mard\u00faks.<\/p><p>D\u00e6miger\u00f0ur <span class=\"iwg-fachbegriff\" data-tooltip=\"Skipul\u00f6g\u00f0 r\u00f6\u00f0 t\u00e1knr\u00e6nna athafna me\u00f0 tr\u00faarlega e\u00f0a menningarlega merkingu.\" tabindex=\"0\">helgisi\u00f0ur<\/span> f\u00f3lst \u00ed \u00fev\u00ed a\u00f0 m\u00f3ta leirf\u00edg\u00faru af edimmu, rita nafn andans \u00e1 hana og grafa hana t\u00e1knr\u00e6nt e\u00f0a kasta henni \u00ed vatn.<\/p><\/div>\n<script type=\"application\/ld+json\">{\"@context\":\"https:\/\/schema.org\",\"@type\":\"FAQPage\",\"mainEntity\":[{\"@type\":\"Question\",\"name\":\"Hva\u00f0 voru edimmu \u00ed mes\u00f3p\u00f3tam\u00edskri tr\u00fa?\",\"acceptedAnswer\":{\"@type\":\"Answer\",\"text\":\"Edimmu (s\u00famerska GIDIM, akkad\u00edska e\u1e6dimmu) voru \u00ed mes\u00f3p\u00f3tam\u00edskri tr\u00fa andar hinna l\u00e1tnu, s\u00e9rstaklega \u00feeirra sem ekki hlutu vi\u00f0eigandi \u00fatf\u00f6r e\u00f0a fj\u00f6lskylda \u00feeirra flutti \u00feeim ekki f\u00f3rnir til hinna d\u00e1nu.\u00deeir eru mes\u00f3p\u00f3tam\u00edsk hli\u00f0st\u00e6\u00f0a draugum og reimleika\u00f6ndum sem ver\u00f0a eftir \u00ed hinum jar\u00f0neska heimi til a\u00f0 hrj\u00e1 lifendur me\u00f0 veikindum, martr\u00f6\u00f0um, slysum og \u00f3g\u00e6fu. \u00cd Gilgameskvi\u00f0u sn\u00fdr edimmu Enk\u00edd\u00fas aftur \u00far undirheimum og segir Gilgames fr\u00e1 a\u00f0st\u00e6\u00f0um \u00ed r\u00edki hinna d\u00e1nu.\"}},{\"@type\":\"Question\",\"name\":\"Hvernig var\u00f0ist f\u00f3lk edimmu?\",\"acceptedAnswer\":{\"@type\":\"Answer\",\"text\":\"Mikilv\u00e6gasta a\u00f0fer\u00f0in var vi\u00f0eigandi \u00fatf\u00f6r og reglubundnar f\u00f3rnir til hinna d\u00e1nu (kispum), brau\u00f0, bj\u00f3r og vatn fyrir forfe\u00f0urna. Ef edimmu sneri samt aftur hj\u00e1lpu\u00f0u s\u00e6ringart\u00f6flur, namburbi-helgisi\u00f0urinn (eins konar upplausnar-helgisi\u00f0ur) og \u00e1kall til mes\u00f3p\u00f3tam\u00edskra gu\u00f0a, einkum \u0160ama\u0161 (s\u00f3lgu\u00f0s og d\u00f3mara) og Mard\u00faks.D\u00e6miger\u00f0ur helgisi\u00f0ur f\u00f3lst \u00ed \u00fev\u00ed a\u00f0 m\u00f3ta leirf\u00edg\u00faru af edimmu, rita nafn andans \u00e1 hana og grafa hana t\u00e1knr\u00e6nt e\u00f0a kasta henni \u00ed vatn.\"}}]}<\/script>\t\t\t\t\t\t\t\t<\/div>\n\t\t\t\t\t<\/div>\n\t\t\t\t<\/div>\n\t\t\t\t<\/div>\n\t\t","protected":false},"excerpt":{"rendered":"","protected":false},"author":3,"featured_media":1693,"parent":0,"menu_order":0,"comment_status":"closed","ping_status":"closed","template":"elementor_header_footer","meta":{"_yoast_wpseo_focuskw":"Edimmu","_yoast_wpseo_title":"Edimmu - fri\u00f0laus vofa \u00e1n greftrunar","_yoast_wpseo_metadesc":"Edimmu er \u00ed mes\u00f3p\u00f3tam\u00edskri dj\u00f6flafr\u00e6\u00f0i ekki skapa\u00f0ur pers\u00f3ni, heldur aflei\u00f0ing af yfirsj\u00f3n manna. Hann ver\u00f0ur til \u00feegar ein...","_yoast_wpseo_meta-robots-noindex":"","_yoast_wpseo_canonical":"","_angie_page":false,"gefaehrdungsstufe":"3","wesen_kultur":"mesopotamien","wesen_klasse":"geister","footnotes":""},"categories":[],"class_list":["post-168585","page","type-page","status-publish","has-post-thumbnail","hentry"],"yoast_head":"<!-- This site is optimized with the Yoast SEO Premium plugin v27.7 (Yoast SEO v28.3) - https:\/\/yoast.com\/product\/yoast-seo-premium-wordpress\/ -->\n<title>Edimmu - fri\u00f0laus vofa \u00e1n greftrunar<\/title>\n<meta name=\"description\" content=\"Edimmu er \u00ed mes\u00f3p\u00f3tam\u00edskri dj\u00f6flafr\u00e6\u00f0i ekki skapa\u00f0ur pers\u00f3ni, heldur aflei\u00f0ing af yfirsj\u00f3n manna. Hann ver\u00f0ur til \u00feegar ein...\" \/>\n<meta name=\"robots\" content=\"index, follow, max-snippet:-1, max-image-preview:large, max-video-preview:-1\" \/>\n<link rel=\"canonical\" href=\"https:\/\/iwell-guard.com\/is\/edimmu\/\" \/>\n<meta property=\"og:locale\" content=\"is_IS\" \/>\n<meta property=\"og:type\" content=\"article\" \/>\n<meta property=\"og:title\" content=\"Edimmu\" \/>\n<meta property=\"og:description\" content=\"Edimmu er \u00ed mes\u00f3p\u00f3tam\u00edskri dj\u00f6flafr\u00e6\u00f0i ekki skapa\u00f0ur pers\u00f3ni, heldur aflei\u00f0ing af yfirsj\u00f3n manna. Hann ver\u00f0ur til \u00feegar ein...\" \/>\n<meta property=\"og:url\" content=\"https:\/\/iwell-guard.com\/is\/edimmu\/\" \/>\n<meta property=\"og:site_name\" content=\"iWell Guard\" \/>\n<meta property=\"article:modified_time\" content=\"2026-09-05T14:14:16+00:00\" \/>\n<meta property=\"og:image\" content=\"https:\/\/iwell-guard.com\/wp-content\/uploads\/2026\/04\/geister_mesopotamien_edimmu.webp\" \/>\n\t<meta property=\"og:image:width\" content=\"1024\" \/>\n\t<meta property=\"og:image:height\" content=\"1536\" \/>\n\t<meta property=\"og:image:type\" content=\"image\/webp\" \/>\n<meta name=\"twitter:card\" content=\"summary_large_image\" \/>\n<script type=\"application\/ld+json\" class=\"yoast-schema-graph\">{\"@context\":\"https:\\\/\\\/schema.org\",\"@graph\":[{\"@type\":\"WebPage\",\"@id\":\"https:\\\/\\\/iwell-guard.com\\\/is\\\/edimmu\\\/\",\"url\":\"https:\\\/\\\/iwell-guard.com\\\/is\\\/edimmu\\\/\",\"name\":\"Edimmu - fri\u00f0laus vofa \u00e1n greftrunar\",\"isPartOf\":{\"@id\":\"https:\\\/\\\/iwell-guard.com\\\/is\\\/#website\"},\"primaryImageOfPage\":{\"@id\":\"https:\\\/\\\/iwell-guard.com\\\/is\\\/edimmu\\\/#primaryimage\"},\"image\":{\"@id\":\"https:\\\/\\\/iwell-guard.com\\\/is\\\/edimmu\\\/#primaryimage\"},\"thumbnailUrl\":\"https:\\\/\\\/iwell-guard.com\\\/wp-content\\\/uploads\\\/2026\\\/04\\\/geister_mesopotamien_edimmu.webp\",\"datePublished\":\"2026-09-05T14:01:21+00:00\",\"dateModified\":\"2026-09-05T14:14:16+00:00\",\"description\":\"Edimmu er \u00ed mes\u00f3p\u00f3tam\u00edskri dj\u00f6flafr\u00e6\u00f0i ekki skapa\u00f0ur pers\u00f3ni, heldur aflei\u00f0ing af yfirsj\u00f3n manna. Hann ver\u00f0ur til \u00feegar ein...\",\"breadcrumb\":{\"@id\":\"https:\\\/\\\/iwell-guard.com\\\/is\\\/edimmu\\\/#breadcrumb\"},\"inLanguage\":\"is\",\"potentialAction\":[{\"@type\":\"ReadAction\",\"target\":[\"https:\\\/\\\/iwell-guard.com\\\/is\\\/edimmu\\\/\"]}]},{\"@type\":\"ImageObject\",\"inLanguage\":\"is\",\"@id\":\"https:\\\/\\\/iwell-guard.com\\\/is\\\/edimmu\\\/#primaryimage\",\"url\":\"https:\\\/\\\/iwell-guard.com\\\/wp-content\\\/uploads\\\/2026\\\/04\\\/geister_mesopotamien_edimmu.webp\",\"contentUrl\":\"https:\\\/\\\/iwell-guard.com\\\/wp-content\\\/uploads\\\/2026\\\/04\\\/geister_mesopotamien_edimmu.webp\",\"width\":1024,\"height\":1536,\"caption\":\"Andar \u00far mes\u00f3p\u00f3tam\u00edskri hef\u00f0.\"},{\"@type\":\"BreadcrumbList\",\"@id\":\"https:\\\/\\\/iwell-guard.com\\\/is\\\/edimmu\\\/#breadcrumb\",\"itemListElement\":[{\"@type\":\"ListItem\",\"position\":1,\"name\":\"Start\",\"item\":\"https:\\\/\\\/iwell-guard.com\\\/is\\\/?page_id=168580\"},{\"@type\":\"ListItem\",\"position\":2,\"name\":\"Edimmu\"}]},{\"@type\":\"WebSite\",\"@id\":\"https:\\\/\\\/iwell-guard.com\\\/is\\\/#website\",\"url\":\"https:\\\/\\\/iwell-guard.com\\\/is\\\/\",\"name\":\"iWell Guard\",\"description\":\"Schutz vor dunklen Einfl\u00fcssen\",\"publisher\":{\"@id\":\"https:\\\/\\\/iwell-guard.com\\\/is\\\/#organization\"},\"potentialAction\":[{\"@type\":\"SearchAction\",\"target\":{\"@type\":\"EntryPoint\",\"urlTemplate\":\"https:\\\/\\\/iwell-guard.com\\\/is\\\/?s={search_term_string}\"},\"query-input\":{\"@type\":\"PropertyValueSpecification\",\"valueRequired\":true,\"valueName\":\"search_term_string\"}}],\"inLanguage\":\"is\"},{\"@type\":\"Organization\",\"@id\":\"https:\\\/\\\/iwell-guard.com\\\/is\\\/#organization\",\"name\":\"Ittermann electronic GmbH\",\"url\":\"https:\\\/\\\/iwell-guard.com\\\/is\\\/\",\"logo\":{\"@type\":\"ImageObject\",\"inLanguage\":\"is\",\"@id\":\"https:\\\/\\\/iwell-guard.com\\\/is\\\/#\\\/schema\\\/logo\\\/image\\\/\",\"url\":\"https:\\\/\\\/iwell-guard.com\\\/wp-content\\\/uploads\\\/2026\\\/05\\\/Ittermann-Logo-1182x237-1.png\",\"contentUrl\":\"https:\\\/\\\/iwell-guard.com\\\/wp-content\\\/uploads\\\/2026\\\/05\\\/Ittermann-Logo-1182x237-1.png\",\"width\":1182,\"height\":237,\"caption\":\"Ittermann electronic GmbH\"},\"image\":{\"@id\":\"https:\\\/\\\/iwell-guard.com\\\/is\\\/#\\\/schema\\\/logo\\\/image\\\/\"},\"sameAs\":[\"https:\\\/\\\/pantip.com\\\/profile\\\/9367242\",\"https:\\\/\\\/micro.blog\\\/iwellguard\",\"https:\\\/\\\/www.diggerslist.com\\\/iwellguard\\\/about\",\"https:\\\/\\\/skitterphoto.com\\\/photographers\\\/2870314\\\/iwell-guard\",\"https:\\\/\\\/iwellguard.wordpress.com\\\/2026\\\/06\\\/06\\\/iwell-guard\\\/\",\"https:\\\/\\\/hub.docker.com\\\/u\\\/iwellguard\",\"https:\\\/\\\/www.pinterest.com\\\/iwellguard\\\/\",\"https:\\\/\\\/bit.ly\\\/m\\\/iwellguard\",\"https:\\\/\\\/entre-vos-mains.alsace.eu\\\/profiles\\\/iwellguard\\\/activity\",\"https:\\\/\\\/gravatar.com\\\/reallybeded8fd34\",\"https:\\\/\\\/naijamatta.com\\\/iwellguard\",\"https:\\\/\\\/www.goodreads.com\\\/iwellguard\",\"https:\\\/\\\/profile.hatena.ne.jp\\\/iwellguard\\\/\",\"https:\\\/\\\/experiment.com\\\/users\\\/iwellguard\",\"https:\\\/\\\/wakelet.com\\\/@iWellGuard82270\",\"https:\\\/\\\/www.chordie.com\\\/forum\\\/profile.php?id=2555664\",\"https:\\\/\\\/www.instapaper.com\\\/p\\\/17757966\",\"https:\\\/\\\/www.mapleprimes.com\\\/users\\\/iwellguard\",\"https:\\\/\\\/businesslistingplus.com\\\/profile\\\/iwell-guard\\\/\",\"https:\\\/\\\/telegra.ph\\\/iWell-Guard-06-06\",\"https:\\\/\\\/pbase.com\\\/iwellguard\\\/iwellguard\",\"https:\\\/\\\/b.hatena.ne.jp\\\/iwellguard\\\/20260607#bookmark-4788405196491818882\",\"https:\\\/\\\/fliphtml5.com\\\/home\\\/iwellguard\",\"https:\\\/\\\/anyflip.com\\\/homepage\\\/cmiwl#About\",\"https:\\\/\\\/transfur.com\\\/Users\\\/iwellguard\",\"http:\\\/\\\/delphi.larsbo.org\\\/user\\\/iwellguard\",\"https:\\\/\\\/jobs.lajobsportal.org\\\/profiles\\\/8380803-iwell-guard\",\"https:\\\/\\\/md.chaosdorf.de\\\/s\\\/jfbe5SBdJD\",\"https:\\\/\\\/www.lingvolive.com\\\/en-us\\\/profile\\\/9ecaeaca-ce11-4e51-9e71-01d55e2bff36\\\/translations\",\"https:\\\/\\\/www.fitday.com\\\/fitness\\\/forums\\\/members\\\/iwellguard.html\",\"https:\\\/\\\/www.mymeetbook.com\\\/iwellguard\",\"https:\\\/\\\/pxhere.com\\\/en\\\/photographer-me\\\/5040798\",\"https:\\\/\\\/disqus.com\\\/by\\\/iwellguard\\\/about\\\/\",\"https:\\\/\\\/pastelink.net\\\/hjwciqwq\",\"https:\\\/\\\/pubhtml5.com\\\/homepage\\\/scjhn\\\/\",\"https:\\\/\\\/www.bitchute.com\\\/channel\\\/2O2eOKzNqujT\",\"https:\\\/\\\/audiomack.com\\\/iwellguard\"]},{\"@type\":\"Article\",\"@id\":\"https:\\\/\\\/iwell-guard.com\\\/is\\\/edimmu\\\/#article\",\"isPartOf\":{\"@id\":\"https:\\\/\\\/iwell-guard.com\\\/is\\\/edimmu\\\/\"},\"author\":{\"name\":\"Ralf Ittermann\",\"@id\":\"https:\\\/\\\/iwell-guard.com\\\/is\\\/#\\\/schema\\\/person\\\/ee2a27f1cac3406c7c6fb5820cb7349f\"},\"headline\":\"Edimmu\",\"datePublished\":\"2026-09-05T14:01:21+00:00\",\"dateModified\":\"2026-09-05T14:14:16+00:00\",\"mainEntityOfPage\":{\"@id\":\"https:\\\/\\\/iwell-guard.com\\\/is\\\/edimmu\\\/\"},\"publisher\":{\"@id\":\"https:\\\/\\\/iwell-guard.com\\\/is\\\/#organization\"},\"image\":{\"@id\":\"https:\\\/\\\/iwell-guard.com\\\/is\\\/edimmu\\\/#primaryimage\"},\"thumbnailUrl\":\"https:\\\/\\\/iwell-guard.com\\\/wp-content\\\/uploads\\\/2026\\\/04\\\/geister_mesopotamien_edimmu.webp\",\"inLanguage\":\"is\",\"description\":\"Edimmu er \u00ed mes\u00f3p\u00f3tam\u00edskri dj\u00f6flafr\u00e6\u00f0i ekki skapa\u00f0ur pers\u00f3ni, heldur aflei\u00f0ing af yfirsj\u00f3n manna. Hann ver\u00f0ur til \u00feegar ein...\"}]}<\/script>\n<!-- \/ Yoast SEO Premium plugin. -->","yoast_head_json":{"title":"Edimmu - fri\u00f0laus vofa \u00e1n greftrunar","description":"Edimmu er \u00ed mes\u00f3p\u00f3tam\u00edskri dj\u00f6flafr\u00e6\u00f0i ekki skapa\u00f0ur pers\u00f3ni, heldur aflei\u00f0ing af yfirsj\u00f3n manna. Hann ver\u00f0ur til \u00feegar ein...","robots":{"index":"index","follow":"follow","max-snippet":"max-snippet:-1","max-image-preview":"max-image-preview:large","max-video-preview":"max-video-preview:-1"},"canonical":"https:\/\/iwell-guard.com\/is\/edimmu\/","og_locale":"is_IS","og_type":"article","og_title":"Edimmu","og_description":"Edimmu er \u00ed mes\u00f3p\u00f3tam\u00edskri dj\u00f6flafr\u00e6\u00f0i ekki skapa\u00f0ur pers\u00f3ni, heldur aflei\u00f0ing af yfirsj\u00f3n manna. Hann ver\u00f0ur til \u00feegar ein...","og_url":"https:\/\/iwell-guard.com\/is\/edimmu\/","og_site_name":"iWell Guard","article_modified_time":"2026-09-05T14:14:16+00:00","og_image":[{"width":1024,"height":1536,"url":"https:\/\/iwell-guard.com\/wp-content\/uploads\/2026\/04\/geister_mesopotamien_edimmu.webp","type":"image\/webp"}],"twitter_card":"summary_large_image","schema":{"@context":"https:\/\/schema.org","@graph":[{"@type":"Article","@id":"https:\/\/iwell-guard.com\/is\/edimmu\/#article","isPartOf":{"@id":"https:\/\/iwell-guard.com\/is\/edimmu\/"},"author":{"name":"Ralf Ittermann","@id":"https:\/\/iwell-guard.com\/is\/#\/schema\/person\/ee2a27f1cac3406c7c6fb5820cb7349f"},"headline":"Edimmu","datePublished":"2026-09-05T14:01:21+00:00","dateModified":"2026-09-05T14:14:16+00:00","mainEntityOfPage":{"@id":"https:\/\/iwell-guard.com\/is\/edimmu\/"},"publisher":{"@id":"https:\/\/iwell-guard.com\/is\/#organization"},"image":{"@id":"https:\/\/iwell-guard.com\/is\/edimmu\/#primaryimage"},"thumbnailUrl":"https:\/\/iwell-guard.com\/wp-content\/uploads\/2026\/04\/geister_mesopotamien_edimmu.webp","inLanguage":"is","description":"Edimmu er \u00ed mes\u00f3p\u00f3tam\u00edskri dj\u00f6flafr\u00e6\u00f0i ekki skapa\u00f0ur pers\u00f3ni, heldur aflei\u00f0ing af yfirsj\u00f3n manna. Hann ver\u00f0ur til \u00feegar ein..."},{"@type":"WebPage","@id":"https:\/\/iwell-guard.com\/is\/edimmu\/","url":"https:\/\/iwell-guard.com\/is\/edimmu\/","name":"Edimmu - fri\u00f0laus vofa \u00e1n greftrunar","isPartOf":{"@id":"https:\/\/iwell-guard.com\/is\/#website"},"primaryImageOfPage":{"@id":"https:\/\/iwell-guard.com\/is\/edimmu\/#primaryimage"},"image":{"@id":"https:\/\/iwell-guard.com\/is\/edimmu\/#primaryimage"},"thumbnailUrl":"https:\/\/iwell-guard.com\/wp-content\/uploads\/2026\/04\/geister_mesopotamien_edimmu.webp","datePublished":"2026-09-05T14:01:21+00:00","dateModified":"2026-09-05T14:14:16+00:00","description":"Edimmu er \u00ed mes\u00f3p\u00f3tam\u00edskri dj\u00f6flafr\u00e6\u00f0i ekki skapa\u00f0ur pers\u00f3ni, heldur aflei\u00f0ing af yfirsj\u00f3n manna. Hann ver\u00f0ur til \u00feegar ein...","breadcrumb":{"@id":"https:\/\/iwell-guard.com\/is\/edimmu\/#breadcrumb"},"inLanguage":"is","potentialAction":[{"@type":"ReadAction","target":["https:\/\/iwell-guard.com\/is\/edimmu\/"]}]},{"@type":"ImageObject","inLanguage":"is","@id":"https:\/\/iwell-guard.com\/is\/edimmu\/#primaryimage","url":"https:\/\/iwell-guard.com\/wp-content\/uploads\/2026\/04\/geister_mesopotamien_edimmu.webp","contentUrl":"https:\/\/iwell-guard.com\/wp-content\/uploads\/2026\/04\/geister_mesopotamien_edimmu.webp","width":1024,"height":1536,"caption":"Andar \u00far mes\u00f3p\u00f3tam\u00edskri hef\u00f0."},{"@type":"BreadcrumbList","@id":"https:\/\/iwell-guard.com\/is\/edimmu\/#breadcrumb","itemListElement":[{"@type":"ListItem","position":1,"name":"Start","item":"https:\/\/iwell-guard.com\/is\/?page_id=168580"},{"@type":"ListItem","position":2,"name":"Edimmu"}]},{"@type":"WebSite","@id":"https:\/\/iwell-guard.com\/is\/#website","url":"https:\/\/iwell-guard.com\/is\/","name":"iWell Guard","description":"Schutz vor dunklen Einfl\u00fcssen","publisher":{"@id":"https:\/\/iwell-guard.com\/is\/#organization"},"potentialAction":[{"@type":"SearchAction","target":{"@type":"EntryPoint","urlTemplate":"https:\/\/iwell-guard.com\/is\/?s={search_term_string}"},"query-input":{"@type":"PropertyValueSpecification","valueRequired":true,"valueName":"search_term_string"}}],"inLanguage":"is"},{"@type":"Organization","@id":"https:\/\/iwell-guard.com\/is\/#organization","name":"Ittermann electronic GmbH","url":"https:\/\/iwell-guard.com\/is\/","logo":{"@type":"ImageObject","inLanguage":"is","@id":"https:\/\/iwell-guard.com\/is\/#\/schema\/logo\/image\/","url":"https:\/\/iwell-guard.com\/wp-content\/uploads\/2026\/05\/Ittermann-Logo-1182x237-1.png","contentUrl":"https:\/\/iwell-guard.com\/wp-content\/uploads\/2026\/05\/Ittermann-Logo-1182x237-1.png","width":1182,"height":237,"caption":"Ittermann electronic GmbH"},"image":{"@id":"https:\/\/iwell-guard.com\/is\/#\/schema\/logo\/image\/"},"sameAs":["https:\/\/pantip.com\/profile\/9367242","https:\/\/micro.blog\/iwellguard","https:\/\/www.diggerslist.com\/iwellguard\/about","https:\/\/skitterphoto.com\/photographers\/2870314\/iwell-guard","https:\/\/iwellguard.wordpress.com\/2026\/06\/06\/iwell-guard\/","https:\/\/hub.docker.com\/u\/iwellguard","https:\/\/www.pinterest.com\/iwellguard\/","https:\/\/bit.ly\/m\/iwellguard","https:\/\/entre-vos-mains.alsace.eu\/profiles\/iwellguard\/activity","https:\/\/gravatar.com\/reallybeded8fd34","https:\/\/naijamatta.com\/iwellguard","https:\/\/www.goodreads.com\/iwellguard","https:\/\/profile.hatena.ne.jp\/iwellguard\/","https:\/\/experiment.com\/users\/iwellguard","https:\/\/wakelet.com\/@iWellGuard82270","https:\/\/www.chordie.com\/forum\/profile.php?id=2555664","https:\/\/www.instapaper.com\/p\/17757966","https:\/\/www.mapleprimes.com\/users\/iwellguard","https:\/\/businesslistingplus.com\/profile\/iwell-guard\/","https:\/\/telegra.ph\/iWell-Guard-06-06","https:\/\/pbase.com\/iwellguard\/iwellguard","https:\/\/b.hatena.ne.jp\/iwellguard\/20260607#bookmark-4788405196491818882","https:\/\/fliphtml5.com\/home\/iwellguard","https:\/\/anyflip.com\/homepage\/cmiwl#About","https:\/\/transfur.com\/Users\/iwellguard","http:\/\/delphi.larsbo.org\/user\/iwellguard","https:\/\/jobs.lajobsportal.org\/profiles\/8380803-iwell-guard","https:\/\/md.chaosdorf.de\/s\/jfbe5SBdJD","https:\/\/www.lingvolive.com\/en-us\/profile\/9ecaeaca-ce11-4e51-9e71-01d55e2bff36\/translations","https:\/\/www.fitday.com\/fitness\/forums\/members\/iwellguard.html","https:\/\/www.mymeetbook.com\/iwellguard","https:\/\/pxhere.com\/en\/photographer-me\/5040798","https:\/\/disqus.com\/by\/iwellguard\/about\/","https:\/\/pastelink.net\/hjwciqwq","https:\/\/pubhtml5.com\/homepage\/scjhn\/","https:\/\/www.bitchute.com\/channel\/2O2eOKzNqujT","https:\/\/audiomack.com\/iwellguard"]},{"@type":"Person","@id":"https:\/\/iwell-guard.com\/is\/#\/schema\/person\/ee2a27f1cac3406c7c6fb5820cb7349f","name":"Ralf Ittermann","image":{"@type":"ImageObject","inLanguage":"is","@id":"https:\/\/secure.gravatar.com\/avatar\/073c0153e350a5005b68eb752b445fea71f6b24a26da9449ad7e155e6b446c9d?s=96&d=mm&r=g","url":"https:\/\/secure.gravatar.com\/avatar\/073c0153e350a5005b68eb752b445fea71f6b24a26da9449ad7e155e6b446c9d?s=96&d=mm&r=g","contentUrl":"https:\/\/secure.gravatar.com\/avatar\/073c0153e350a5005b68eb752b445fea71f6b24a26da9449ad7e155e6b446c9d?s=96&d=mm&r=g","caption":"Ralf Ittermann"},"givenName":"Ralf","familyName":"Ittermann","jobTitle":"Gesch\u00e4ftsf\u00fchrer und redaktioneller Verantwortlicher","url":"https:\/\/iwell-guard.com\/is\/author\/claude\/","description":"Ralf Ittermann ist Gesch\u00e4ftsf\u00fchrer der Ittermann electronic GmbH und redaktioneller Verantwortlicher des iWell-Guard-Lexikons. Er verbindet langj\u00e4hrige Erfahrung in der Pr\u00e4zisionsfertigung mit medialer Praxis und religionsgeschichtlicher Quellenarbeit.","worksFor":{"@type":"Organization","name":"Ittermann electronic GmbH","url":"https:\/\/ittermann.de\/","address":{"@type":"PostalAddress","streetAddress":"K\u00f6hlergasse 16-18","postalCode":"99842","addressLocality":"Ruhla","addressCountry":"DE"}},"knowsAbout":["Religionsgeschichte","Mythologie","Mediale Praxis","Energetische Diagnostik","Schutzpraxis","Volksglauben","Westliche Esoterik"]},{"@type":"Article","@id":"https:\/\/iwell-guard.com\/is\/edimmu\/#article","isPartOf":{"@id":"https:\/\/iwell-guard.com\/is\/edimmu\/"},"author":{"name":"Ralf Ittermann","@id":"https:\/\/iwell-guard.com\/is\/#\/schema\/person\/ee2a27f1cac3406c7c6fb5820cb7349f"},"headline":"Edimmu","datePublished":"2026-09-05T14:01:21+00:00","dateModified":"2026-09-05T14:14:16+00:00","mainEntityOfPage":{"@id":"https:\/\/iwell-guard.com\/is\/edimmu\/"},"publisher":{"@id":"https:\/\/iwell-guard.com\/is\/#organization"},"image":{"@id":"https:\/\/iwell-guard.com\/is\/edimmu\/#primaryimage"},"thumbnailUrl":"https:\/\/iwell-guard.com\/wp-content\/uploads\/2026\/04\/geister_mesopotamien_edimmu.webp","inLanguage":"is","description":"Edimmu er \u00ed mes\u00f3p\u00f3tam\u00edskri dj\u00f6flafr\u00e6\u00f0i ekki skapa\u00f0ur pers\u00f3ni, heldur aflei\u00f0ing af yfirsj\u00f3n manna. Hann ver\u00f0ur til \u00feegar ein..."}]}},"_links":{"self":[{"href":"https:\/\/iwell-guard.com\/is\/wp-json\/wp\/v2\/pages\/168585","targetHints":{"allow":["GET"]}}],"collection":[{"href":"https:\/\/iwell-guard.com\/is\/wp-json\/wp\/v2\/pages"}],"about":[{"href":"https:\/\/iwell-guard.com\/is\/wp-json\/wp\/v2\/types\/page"}],"author":[{"embeddable":true,"href":"https:\/\/iwell-guard.com\/is\/wp-json\/wp\/v2\/users\/3"}],"replies":[{"embeddable":true,"href":"https:\/\/iwell-guard.com\/is\/wp-json\/wp\/v2\/comments?post=168585"}],"version-history":[{"count":0,"href":"https:\/\/iwell-guard.com\/is\/wp-json\/wp\/v2\/pages\/168585\/revisions"}],"wp:featuredmedia":[{"embeddable":true,"href":"https:\/\/iwell-guard.com\/is\/wp-json\/wp\/v2\/media\/1693"}],"wp:attachment":[{"href":"https:\/\/iwell-guard.com\/is\/wp-json\/wp\/v2\/media?parent=168585"}],"wp:term":[{"taxonomy":"category","embeddable":true,"href":"https:\/\/iwell-guard.com\/is\/wp-json\/wp\/v2\/categories?post=168585"}],"curies":[{"name":"wp","href":"https:\/\/api.w.org\/{rel}","templated":true}]}}